{"id":107459,"date":"2023-04-11T06:07:48","date_gmt":"2023-04-11T06:07:48","guid":{"rendered":"https:\/\/alj.com\/?post_type=perspective&#038;p=107459"},"modified":"2023-07-05T09:57:54","modified_gmt":"2023-07-05T09:57:54","slug":"el-record-de-las-renovables-refleja-la-nueva-realidad-mundial","status":"publish","type":"perspective","link":"https:\/\/alj.com\/es\/perspective\/el-record-de-las-renovables-refleja-la-nueva-realidad-mundial\/","title":{"rendered":"El r\u00e9cord de las renovables refleja la nueva realidad mundial"},"content":{"rendered":"<p>Para el sector de las energ\u00edas renovables, el futuro es <em>ahora<\/em>.<\/p>\n<p>Tras d\u00e9cadas de debate y desarrollo, salidas en falso y promesas exageradas, las energ\u00edas renovables por fin est\u00e1n preparadas para desbancar a los combustibles f\u00f3siles de la parte superior del \u00e1rbol energ\u00e9tico y convertirse en la fuente de referencia para impulsar nuestras vidas modernas, que cada vez requieren m\u00e1s energ\u00eda.<\/p>\n<p><img decoding=\"async\" loading=\"lazy\" class=\"alignright size-medium wp-image-107408\" src=\"https:\/\/media.alj.com\/app\/uploads\/2023\/04\/IEA-Renewables-2022-Report-211x300.jpg\" alt=\"\" width=\"211\" height=\"300\" srcset=\"https:\/\/media.alj.com\/app\/uploads\/2023\/04\/IEA-Renewables-2022-Report-211x300.jpg 211w, https:\/\/media.alj.com\/app\/uploads\/2023\/04\/IEA-Renewables-2022-Report-106x150.jpg 106w, https:\/\/media.alj.com\/app\/uploads\/2023\/04\/IEA-Renewables-2022-Report.jpg 384w\" sizes=\"(max-width: 211px) 100vw, 211px\" \/>En su informe anual sobre el estado del sector de las energ\u00edas renovables, la Agencia Internacional de la Energ\u00eda (<a href=\"https:\/\/www.iea.org\/\">AIE<\/a>) prev\u00e9 que las energ\u00edas renovables superar\u00e1n al carb\u00f3n como la principal fuente de generaci\u00f3n de electricidad antes de 2025.<a href=\"#_ftn1\" name=\"_ftnref1\">[1]<\/a><\/p>\n<p>En la actualidad, m\u00e1s de un tercio de la capacidad el\u00e9ctrica mundial se deriva de fuentes con bajas emisiones de carbono, las energ\u00edas renovables representan el 26\u00a0% y la energ\u00eda nuclear el 10\u00a0%.<a href=\"#_ftn2\" name=\"_ftnref2\">[2]<\/a> La energ\u00eda e\u00f3lica y solar han alcanzado la marca anual de 2000\u00a0GW, mientras que la hidroelectricidad proporciona otros 1400\u00a0GW.<a href=\"#_ftn3\" name=\"_ftnref3\">[3]<\/a><\/p>\n<p><img decoding=\"async\" loading=\"lazy\" class=\"aligncenter size-full wp-image-107359\" src=\"https:\/\/media.alj.com\/app\/uploads\/2023\/04\/1839-ALJ-Renewables-scaled.jpg\" alt=\"\" width=\"2560\" height=\"1551\" srcset=\"https:\/\/media.alj.com\/app\/uploads\/2023\/04\/1839-ALJ-Renewables-scaled.jpg 2560w, https:\/\/media.alj.com\/app\/uploads\/2023\/04\/1839-ALJ-Renewables-300x182.jpg 300w, https:\/\/media.alj.com\/app\/uploads\/2023\/04\/1839-ALJ-Renewables-1024x621.jpg 1024w, https:\/\/media.alj.com\/app\/uploads\/2023\/04\/1839-ALJ-Renewables-150x91.jpg 150w, https:\/\/media.alj.com\/app\/uploads\/2023\/04\/1839-ALJ-Renewables-768x465.jpg 768w, https:\/\/media.alj.com\/app\/uploads\/2023\/04\/1839-ALJ-Renewables-1536x931.jpg 1536w, https:\/\/media.alj.com\/app\/uploads\/2023\/04\/1839-ALJ-Renewables-2048x1241.jpg 2048w\" sizes=\"(max-width: 2560px) 100vw, 2560px\" \/><\/p>\n<p>El impulso de las energ\u00edas renovables no muestra signos de que vaya a detenerse. Est\u00e1 previsto que la generaci\u00f3n de electricidad con carb\u00f3n, gas natural y petr\u00f3leo disminuya en los pr\u00f3ximos a\u00f1os y se prev\u00e9 que las energ\u00edas renovables (sin contar la nuclear) ocupar\u00e1n el 38\u00a0% de todo el mercado energ\u00e9tico mundial para 2027. Esta tendencia estar\u00e1 liderada por la electricidad de parques e\u00f3licos y solares, cuya producci\u00f3n se duplicar\u00e1 en 2027 y tendr\u00e1 capacidad de satisfacer m\u00e1s de una quinta parte de las necesidades globales.<\/p>\n<p>\u00bfQu\u00e9 est\u00e1 fomentando este impulso de las energ\u00edas renovables? Esta es una pregunta l\u00f3gica.<\/p>\n<p>En noviembre del a\u00f1o pasado, cuando los jefes de estado se reunieron en Egipto para la \u00faltima Conferencia sobre el Cambio Clim\u00e1tico de las Naciones Unidas (<a href=\"https:\/\/cop27.eg\/#\/\">COP27<\/a>), no se demostr\u00f3 esta confianza.<\/p>\n<figure id=\"attachment_107394\" aria-describedby=\"caption-attachment-107394\" style=\"width: 756px\" class=\"wp-caption aligncenter\"><img decoding=\"async\" loading=\"lazy\" class=\" wp-image-107394\" src=\"https:\/\/media.alj.com\/app\/uploads\/2023\/04\/COP28.png\" alt=\"\" width=\"756\" height=\"425\" srcset=\"https:\/\/media.alj.com\/app\/uploads\/2023\/04\/COP28.png 630w, https:\/\/media.alj.com\/app\/uploads\/2023\/04\/COP28-300x169.png 300w, https:\/\/media.alj.com\/app\/uploads\/2023\/04\/COP28-150x84.png 150w, https:\/\/media.alj.com\/app\/uploads\/2023\/04\/COP28-226x126.png 226w\" sizes=\"(max-width: 756px) 100vw, 756px\" \/><figcaption id=\"caption-attachment-107394\" class=\"wp-caption-text\">COP27. Cr\u00e9dito de la fotograf\u00eda: \u00a9 REUTERS\/Mohamed Abd El Ghany<\/figcaption><\/figure>\n<p>Como resultado, los negociadores avivaron la ira de los defensores del medioambiente al continuar favoreciendo los remedios energ\u00e9ticos a corto plazo en lugar de las inversiones ecol\u00f3gicas a largo plazo y, seg\u00fan las cr\u00edticas, renunciar al objetivo de limitar eficazmente el aumento de temperatura global a 1,5\u00a0<sup>o<\/sup>C.<a href=\"#_ftn4\" name=\"_ftnref4\">[4]<\/a>. A los gobiernos se les reproch\u00f3 que se centraran en un fondo conjunto de \u201cp\u00e9rdidas y da\u00f1os\u201d para compensar a los pa\u00edses en v\u00edas de desarrollo por la crisis clim\u00e1tica, en lugar de abordar las causas subyacentes. En particular, se denunci\u00f3 que se acordase simplemente una \u201creducci\u00f3n gradual\u201d del uso de carb\u00f3n, en lugar de un \u201cabandono gradual\u201d.<a href=\"#_ftn5\" name=\"_ftnref5\">[5]<\/a><\/p>\n<p>Una diferencia clave es que ahora todos hemos experimentado un invierno largo y fr\u00edo sin gas ruso barato. Un invierno con enormes aumentos en los costes energ\u00e9ticos. Un invierno con miedo a los apagones de energ\u00eda durante los periodos de m\u00e1xima actividad.<\/p>\n<p>Promover la energ\u00eda verde seguramente no estaba en la lista de prop\u00f3sitos del presidente ruso Vladimir Putin cuando sus fuerzas invadieron Ucrania en febrero del a\u00f1o pasado. Sin embargo, como se\u00f1ala la AIE, las interrupciones resultantes en el suministro de combustibles f\u00f3siles han <em>\u201cpuesto de relevancia los beneficios en t\u00e9rminos de seguridad energ\u00e9tica de la electricidad renovable generada dentro del propio pa\u00eds, lo que ha llevado a muchas naciones a fortalecer las pol\u00edticas que apoyan las energ\u00edas renovables\u201d<\/em>. <a href=\"#_ftn6\" name=\"_ftnref6\">[6]<\/a><\/p>\n<p>Este enfoque que a\u00fana las preocupaciones por el clima y por la seguridad energ\u00e9tica dar\u00e1 lugar a un perfil energ\u00e9tico muy diferente en los pr\u00f3ximos a\u00f1os, no solo dentro de Europa, sino en todo el mundo.<\/p>\n<h2>El mundo se une en la transici\u00f3n hacia las energ\u00edas renovables<\/h2>\n<p>En China, la Administraci\u00f3n Nacional de Energ\u00eda (NEA) registr\u00f3 65,7\u00a0GW de nueva capacidad solar y 22,5\u00a0GW de nueva capacidad e\u00f3lica en los primeros 11 meses de 2022, lo que refuerza la condici\u00f3n del pa\u00eds como el mayor desarrollador de energ\u00eda renovable a escala global.<a href=\"#_ftn7\" name=\"_ftnref7\">[7]<\/a> Combinados, estos 88\u00a0GW m\u00e1s ya suenan impresionantes, pero si todos los planes propuestos dieran sus frutos, podr\u00edan casi duplicarse hasta alcanzar 160\u00a0GW en 2023.<\/p>\n<figure id=\"attachment_107415\" aria-describedby=\"caption-attachment-107415\" style=\"width: 1585px\" class=\"wp-caption aligncenter\"><img decoding=\"async\" loading=\"lazy\" class=\"size-full wp-image-107415\" src=\"https:\/\/media.alj.com\/app\/uploads\/2023\/04\/Panda-Solar-Farms.jpg\" alt=\"\" width=\"1585\" height=\"887\" srcset=\"https:\/\/media.alj.com\/app\/uploads\/2023\/04\/Panda-Solar-Farms.jpg 1585w, https:\/\/media.alj.com\/app\/uploads\/2023\/04\/Panda-Solar-Farms-300x168.jpg 300w, https:\/\/media.alj.com\/app\/uploads\/2023\/04\/Panda-Solar-Farms-1024x573.jpg 1024w, https:\/\/media.alj.com\/app\/uploads\/2023\/04\/Panda-Solar-Farms-150x84.jpg 150w, https:\/\/media.alj.com\/app\/uploads\/2023\/04\/Panda-Solar-Farms-768x430.jpg 768w, https:\/\/media.alj.com\/app\/uploads\/2023\/04\/Panda-Solar-Farms-1536x860.jpg 1536w, https:\/\/media.alj.com\/app\/uploads\/2023\/04\/Panda-Solar-Farms-226x126.jpg 226w\" sizes=\"(max-width: 1585px) 100vw, 1585px\" \/><figcaption id=\"caption-attachment-107415\" class=\"wp-caption-text\">La planta solar en forma de panda en Datong, China, vista desde arriba.<\/figcaption><\/figure>\n<p>En conjunto, para finales de 2023, las capacidades solar y e\u00f3lica del pa\u00eds podr\u00edan alcanzar 490\u00a0GW y 430\u00a0GW, respectivamente, logrando as\u00ed que la energ\u00eda limpia represente casi un tercio de la combinaci\u00f3n energ\u00e9tica del pa\u00eds.<\/p>\n<p>Aunque por ahora el carb\u00f3n sigue siendo la principal fuente de energ\u00eda de China, las alternativas de energ\u00eda limpia est\u00e1n repuntando a gran velocidad. A principios de 2015, la capacidad de las energ\u00edas renovables en China no llegaba a los 100\u00a0TWh (teravatios-hora); a mediados de 2022 ha aumentado hasta aproximadamente 250\u00a0TWh.<a href=\"#_ftn8\" name=\"_ftnref8\">[8]<\/a> En 2022 la generaci\u00f3n de energ\u00eda renovable creci\u00f3 un 10\u00a0%, cinco veces m\u00e1s que la tasa de crecimiento del carb\u00f3n.<\/p>\n<p><img decoding=\"async\" loading=\"lazy\" class=\"aligncenter size-full wp-image-107366\" src=\"https:\/\/media.alj.com\/app\/uploads\/2023\/04\/1839-ALJ-Renewables2-scaled.jpg\" alt=\"\" width=\"2560\" height=\"1638\" srcset=\"https:\/\/media.alj.com\/app\/uploads\/2023\/04\/1839-ALJ-Renewables2-scaled.jpg 2560w, https:\/\/media.alj.com\/app\/uploads\/2023\/04\/1839-ALJ-Renewables2-300x192.jpg 300w, https:\/\/media.alj.com\/app\/uploads\/2023\/04\/1839-ALJ-Renewables2-1024x655.jpg 1024w, https:\/\/media.alj.com\/app\/uploads\/2023\/04\/1839-ALJ-Renewables2-150x96.jpg 150w, https:\/\/media.alj.com\/app\/uploads\/2023\/04\/1839-ALJ-Renewables2-768x491.jpg 768w, https:\/\/media.alj.com\/app\/uploads\/2023\/04\/1839-ALJ-Renewables2-1536x983.jpg 1536w, https:\/\/media.alj.com\/app\/uploads\/2023\/04\/1839-ALJ-Renewables2-2048x1310.jpg 2048w\" sizes=\"(max-width: 2560px) 100vw, 2560px\" \/><\/p>\n<p>En India, se a\u00f1adieron 14,21\u00a0GW de capacidad de energ\u00eda renovable durante los primeros 10\u00a0meses de 2022, una cifra que supera los 11,9\u00a0GW a\u00f1adidos durante el mismo periodo de 2021.<a href=\"#_ftn9\" name=\"_ftnref9\">[9]<\/a> En India se han generado aproximadamente 151,94\u00a0TWh de electricidad a partir de fuentes renovables desde enero hasta septiembre de 2022, un fuerte aumento en comparaci\u00f3n con los 128,95\u00a0TWh de 2021. India est\u00e1 trabajando para alcanzar una capacidad de energ\u00eda renovable instalada de 500\u00a0GW para 2030.<\/p>\n<p>La situaci\u00f3n es similar en Estados Unidos, donde en los primeros ocho meses de 2022 se a\u00f1adieron a la red 7,5\u00a0GW de capacidad e\u00f3lica y 5,7\u00a0GW de capacidad solar. Juntas, la energ\u00eda e\u00f3lica y solar representaron casi el 70\u00a0% de las nuevas capacidades energ\u00e9ticas en EE.\u00a0UU., lo que llev\u00f3 la cuota de suministro el\u00e9ctrico de las energ\u00edas renovables en todo el pa\u00eds a un nuevo m\u00e1ximo del 23\u00a0%.<a href=\"#_ftn10\" name=\"_ftnref10\">[10]<\/a> Las adquisiciones de energ\u00edas renovables corporativas superaron los 11\u00a0GW en 2022, mientras que la inversi\u00f3n privada en energ\u00edas renovables super\u00f3 el hito de los 100\u00a0000 millones de USD.<\/p>\n<p>Al otro lado del Atl\u00e1ntico, en Europa la energ\u00eda solar aument\u00f3 casi un 50\u00a0% en 2022. La UE instal\u00f3 41,4\u00a0GW de nueva capacidad solar, suficiente para abastecer a unos 12,4\u00a0millones de hogares.<a href=\"#_ftn11\" name=\"_ftnref11\">[11]<\/a> Por necesidad, este crecimiento est\u00e1 lejos de terminar, y la AIE calcula que Europa deber\u00eda instalar otros 60\u00a0GW de capacidad solar este a\u00f1o para contrarrestar la disminuci\u00f3n de la oferta de gas de Rusia. Actualmente, hay 10\u00a0pa\u00edses de la UE que a\u00f1aden al menos 1\u00a0GW de capacidad solar al a\u00f1o, liderados por los 8\u00a0GW de Alemania en 2022.<\/p>\n<p>La UE tambi\u00e9n instal\u00f3 15\u00a0GW en nuevos parques e\u00f3licos en 2022, un tercio m\u00e1s que en 2021. M\u00e1s del 90\u00a0% de esta nueva capacidad se produjo en parques terrestres, con Alemania, Suecia, Finlandia, Espa\u00f1a y Francia a la cabeza.<\/p>\n<p>\u201cEficiencia\u201d es la nueva palabra de moda y los parques e\u00f3licos modernos generan m\u00e1s electricidad por MW de la que era posible anteriormente. Los nuevos parques e\u00f3licos terrestres de Europa tienen factores de capacidad promedio (periodos de operaci\u00f3n pico) por encima del 35\u00a0% y suministran 3\u00a0TWh de electricidad al a\u00f1o por cada GW instalado. Sus hom\u00f3logos en alta mar ofrecen factores de capacidad del 50\u00a0%, produciendo 4,4\u00a0TWh anuales por cada GW instalado.<a href=\"#_ftn12\" name=\"_ftnref12\">[12]<\/a><\/p>\n<p>La energ\u00eda nuclear tradicional (fisi\u00f3n), a pesar de su peligroso subproducto, mantiene su popularidad como una opci\u00f3n baja en carbono para producir electricidad en todo el mundo. En 2022, Jap\u00f3n introdujo 4,2\u00a0GW de nueva capacidad de energ\u00eda nuclear.<a href=\"#_ftn13\" name=\"_ftnref13\">[13]<\/a> En el Reino Unido, se est\u00e1n construyendo dos reactores de potencia evolucionaria (EPR) de tercera generaci\u00f3n en Hinkley Point C en Somerset, siguiendo ejemplos similares en Finlandia, Francia y China.<a href=\"#_ftn14\" name=\"_ftnref14\">[14]<\/a> Los planes de descarbonizaci\u00f3n de franjas de Europa del Este y Jap\u00f3n tambi\u00e9n abarcan la energ\u00eda nuclear. A nivel mundial, alrededor del 10\u00a0% de nuestra electricidad ya proviene de la energ\u00eda nuclear tradicional.<a href=\"#_ftn15\" name=\"_ftnref15\">[15]<\/a> Si los prometedores avances realizados en la innovadora tecnolog\u00eda de fusi\u00f3n siguen superando las expectativas (m\u00e1s al respecto a continuaci\u00f3n), un futuro con energ\u00eda nuclear limpia e ilimitada podr\u00eda estar m\u00e1s cerca de lo que imaginamos.<\/p>\n<p>Las sequ\u00edas que obstaculizaron la generaci\u00f3n de hidroelectricidad a gran escala en 2021 (-3\u00a0% de producci\u00f3n desde 2020) continuaron afectando al sector europeo en 2022, y la UE inform\u00f3 de una nueva ca\u00edda del 15\u00a0% en la producci\u00f3n de hidroelectricidad durante los primeros nueve meses del a\u00f1o.<a href=\"#_ftn16\" name=\"_ftnref16\">[16]<\/a> Es probable que el descenso de la hidroelectricidad de la UE solo sea un rev\u00e9s temporal y que los estados europeos contin\u00faen desconect\u00e1ndose del gas natural y estableciendo una mayor independencia energ\u00e9tica.<\/p>\n<p>En cambio, fuera de la Uni\u00f3n Europea, la hidroelectricidad vivi\u00f3 un resurgir en 2022, puesto que Brasil, Estados Unidos y China superaron la producci\u00f3n de 2021. En conjunto, en 2022 las centrales hidroel\u00e9ctricas generaron ~300\u00a0TWh m\u00e1s que en 2021 y para 2023 se prev\u00e9 un crecimiento interanual adicional de ~400\u00a0TWh.<\/p>\n<p><img decoding=\"async\" loading=\"lazy\" class=\"aligncenter size-full wp-image-107373\" src=\"https:\/\/media.alj.com\/app\/uploads\/2023\/04\/1839-ALJ-Renewables3-scaled.jpg\" alt=\"\" width=\"2560\" height=\"1422\" srcset=\"https:\/\/media.alj.com\/app\/uploads\/2023\/04\/1839-ALJ-Renewables3-scaled.jpg 2560w, https:\/\/media.alj.com\/app\/uploads\/2023\/04\/1839-ALJ-Renewables3-300x167.jpg 300w, https:\/\/media.alj.com\/app\/uploads\/2023\/04\/1839-ALJ-Renewables3-1024x569.jpg 1024w, https:\/\/media.alj.com\/app\/uploads\/2023\/04\/1839-ALJ-Renewables3-150x83.jpg 150w, https:\/\/media.alj.com\/app\/uploads\/2023\/04\/1839-ALJ-Renewables3-768x427.jpg 768w, https:\/\/media.alj.com\/app\/uploads\/2023\/04\/1839-ALJ-Renewables3-1536x853.jpg 1536w, https:\/\/media.alj.com\/app\/uploads\/2023\/04\/1839-ALJ-Renewables3-2048x1138.jpg 2048w, https:\/\/media.alj.com\/app\/uploads\/2023\/04\/1839-ALJ-Renewables3-375x208.jpg 375w, https:\/\/media.alj.com\/app\/uploads\/2023\/04\/1839-ALJ-Renewables3-226x126.jpg 226w, https:\/\/media.alj.com\/app\/uploads\/2023\/04\/1839-ALJ-Renewables3-500x277.jpg 500w\" sizes=\"(max-width: 2560px) 100vw, 2560px\" \/><\/p>\n<p>La continua ascensi\u00f3n global de las energ\u00edas renovables en 2022 no es una anomal\u00eda, sino solo la \u00faltima evidencia de un viaje imparable.<\/p>\n<p>Los legisladores de todo el mundo se unen para garantizar que la energ\u00eda ecol\u00f3gica se convierta en la principal fuente de nuestros hogares y negocios en un futuro tentadoramente cercano.<\/p>\n<h2>Cinco a\u00f1os de frenes\u00ed para el sector de las renovables<\/h2>\n<p>De cara al futuro, entre ahora y 2027, se estima que el sector de las energ\u00edas renovables crecer\u00e1 en aproximadamente 2500\u00a0GW a escala global, un avance del 85\u00a0% con respecto a los cinco a\u00f1os anteriores. Dicho de otro modo, el mundo est\u00e1 listo para a\u00f1adir tanta energ\u00eda renovable en los pr\u00f3ximos cinco a\u00f1os como la que se sum\u00f3 en las dos \u00faltimas d\u00e9cadas.<a href=\"#_ftn17\" name=\"_ftnref17\"><sup>[17]<\/sup><\/a><\/p>\n<p>Durante este tiempo, las energ\u00edas renovables representar\u00e1n el 90\u00a0% de la expansi\u00f3n mundial de la electricidad, impulsada por una ola de ambiciosas legislaciones nacionales: la estrategia REPowerEU europea, el 14.<sup>o<\/sup> plan quinquenal de China, la Ley de reducci\u00f3n de la inflaci\u00f3n de EE.\u00a0UU., la Pol\u00edtica de transformaci\u00f3n verde de Jap\u00f3n y el Plan de incentivos vinculados a la producci\u00f3n de India.<\/p>\n<ul>\n<li><strong>Europa:<\/strong> el plan REPowerEU tiene como objetivo aumentar la participaci\u00f3n de las energ\u00edas renovables en la combinaci\u00f3n energ\u00e9tica total hasta el 45\u00a0% para 2030, notablemente por encima del objetivo anterior del 40\u00a0%. Alemania y Espa\u00f1a est\u00e1n liderando la transici\u00f3n. Espa\u00f1a est\u00e1 aumentando la capacidad de la red para proyectos renovables y simplificando su proceso de permisos para el establecimiento de nuevas plantas solares y e\u00f3licas. Por su parte, Alemania est\u00e1 introduciendo mayores vol\u00famenes de subastas y trabajando para mejorar la rentabilidad de los planes solares fotovoltaicos. Ambas pol\u00edticas se alinean con la campa\u00f1a Fit for 55 de la UE, cuyo objetivo es reducir las emisiones de gases de efecto invernadero en todo el continente en un 55\u00a0% para 2030.<\/li>\n<li><strong>China:<\/strong> los ambiciosos objetivos del 14.<sup>o<\/sup> plan quinquenal de China prev\u00e9n que casi la mitad de la nueva capacidad de energ\u00eda renovable mundial que se instale entre ahora y 2027 sea en territorio chino. Las reformas del mercado, junto con el apoyo integral de los gobiernos provinciales, est\u00e1n dise\u00f1adas para a\u00f1adir certeza econ\u00f3mica al sector de las energ\u00edas renovables. Como las energ\u00edas renovables a escala de servicios p\u00fablicos ahora son m\u00e1s baratas que los equivalentes a base de carb\u00f3n, algunos pron\u00f3sticos esperan que China alcance su objetivo de capacidad e\u00f3lica y solar de 1200\u00a0GW cinco a\u00f1os antes de la fecha l\u00edmite original de 2030. Adem\u00e1s, China se ha comprometido a invertir unos 90 millones de USD en la fabricaci\u00f3n de energ\u00eda solar fotovoltaica (Fotovoltaic) a lo largo de los pr\u00f3ximos cinco a\u00f1os, el triple de la cantidad asignada a la inversi\u00f3n por el resto del mundo en conjunto.<\/li>\n<li><strong>UU.:<\/strong> La Ley de reducci\u00f3n de la inflaci\u00f3n (USIRA) de agosto de 2022 garantiz\u00f3 la seguridad financiera de las energ\u00edas renovables mediante la ampliaci\u00f3n del plan de cr\u00e9ditos fiscales hasta 2032. Para 2027, los aumentos anuales en las capacidades de energ\u00eda solar y e\u00f3lica duplicar\u00e1n los registrados a principios de la d\u00e9cada. Este impulso hacia las energ\u00edas renovables no solo se limita a las regiones costeras cosmopolitas, sino que unos 37\u00a0estados ya cuentan con est\u00e1ndares y objetivos que respaldan la expansi\u00f3n de las energ\u00edas renovables. Al favorecer los combustibles m\u00e1s limpios, la USIRA podr\u00eda estimular un aumento del 20\u00a0% en la producci\u00f3n de biocombustibles y di\u00e9sel renovable, lo que desencadenar\u00eda una nueva ola de investigaci\u00f3n sobre aplicaciones pr\u00e1cticas para los residuos.<\/li>\n<\/ul>\n<p>Por otro lado, la Pol\u00edtica de transformaci\u00f3n verde de Jap\u00f3n, aprobada en febrero de este a\u00f1o, revisa la hoja de ruta para la descarbonizaci\u00f3n del pa\u00eds. La nueva estrategia de Jap\u00f3n incorpora energ\u00eda nuclear, una mayor dependencia de las energ\u00edas renovables y un mecanismo de fijaci\u00f3n de precios del carbono revisado.<\/p>\n<p>El Plan de incentivos vinculados a la producci\u00f3n de la India tiene como objetivo estimular una mayor inversi\u00f3n en energ\u00edas renovables al apoyar la fabricaci\u00f3n de m\u00f3dulos solares fotovoltaicos de alta eficiencia y bater\u00edas de c\u00e9lulas qu\u00edmicas avanzadas (Advanced Chemistry Cell, ACC).<\/p>\n<p>Un mundo apto para la vida humana es incompatible con una sociedad que a\u00fan depende de los combustibles f\u00f3siles. Si la energ\u00eda renovable va a heredar realmente nuestras centrales el\u00e9ctricas, redes y carreteras, debe estar respaldada por una nueva ola de tecnolog\u00edas de vanguardia. Echemos un vistazo a algunos de los avances recientes m\u00e1s prometedores de la industria y a los que se avecinan en el horizonte.<\/p>\n<h2>La tecnolog\u00eda respalda el aumento de las energ\u00edas renovables<\/h2>\n<p>La tecnolog\u00eda solo es \u201ccara\u201d en el momento de la inversi\u00f3n. A largo plazo, adoptar tecnolog\u00edas renovables m\u00e1s sofisticadas podr\u00eda ayudar a la econom\u00eda global a ahorrar 12\u00a0billones de USD para 2050.<a href=\"#_ftn18\" name=\"_ftnref18\">[18]<\/a> El Foro Econ\u00f3mico Mundial (<a href=\"https:\/\/www.weforum.org\/\">FEM<\/a>) argumenta que los gobiernos deben centrarse no solo en ampliar las tecnolog\u00edas existentes durante 2023, sino tambi\u00e9n en liderar la b\u00fasqueda de otras nuevas.<\/p>\n<p><img decoding=\"async\" loading=\"lazy\" class=\"aligncenter size-full wp-image-107380\" src=\"https:\/\/media.alj.com\/app\/uploads\/2023\/04\/1839-ALJ-Renewables4-scaled.jpg\" alt=\"\" width=\"2560\" height=\"1508\" srcset=\"https:\/\/media.alj.com\/app\/uploads\/2023\/04\/1839-ALJ-Renewables4-scaled.jpg 2560w, https:\/\/media.alj.com\/app\/uploads\/2023\/04\/1839-ALJ-Renewables4-300x177.jpg 300w, https:\/\/media.alj.com\/app\/uploads\/2023\/04\/1839-ALJ-Renewables4-1024x603.jpg 1024w, https:\/\/media.alj.com\/app\/uploads\/2023\/04\/1839-ALJ-Renewables4-150x88.jpg 150w, https:\/\/media.alj.com\/app\/uploads\/2023\/04\/1839-ALJ-Renewables4-768x453.jpg 768w, https:\/\/media.alj.com\/app\/uploads\/2023\/04\/1839-ALJ-Renewables4-1536x905.jpg 1536w, https:\/\/media.alj.com\/app\/uploads\/2023\/04\/1839-ALJ-Renewables4-2048x1207.jpg 2048w\" sizes=\"(max-width: 2560px) 100vw, 2560px\" \/><\/p>\n<p>Los cient\u00edficos est\u00e1n produciendo <a href=\"https:\/\/alj.com\/es\/perspective\/hydrogen-energy-a-green-revolution-hiding-in-plain-sight\/\">hidr\u00f3geno verde<\/a> cada vez m\u00e1s eficiente (obtenido mediante el uso de agua electrolizada con energ\u00eda limpia), lo que ayuda a abastecer regiones que carecen de recursos e\u00f3licos y solares adecuados. En marzo de 2022, los investigadores australianos patentaron unas c\u00e9lulas de electr\u00f3lisis alimentadas por capilares con una eficiencia del 95\u00a0%, aproximadamente un cuarto m\u00e1s que la de las tecnolog\u00edas actuales.<a href=\"#_ftn19\" name=\"_ftnref19\">[19]<\/a> Esta nueva t\u00e9cnica podr\u00eda reducir el coste del hidr\u00f3geno verde a 2\u00a0AUD\/kilo para 2025.<\/p>\n<p>En septiembre del mismo a\u00f1o, la UE concedi\u00f3 5200\u00a0millones de EUR en subvenciones para proyectos de hidr\u00f3geno verde, y se espera que miles de millones m\u00e1s lleguen al mercado a trav\u00e9s de la USIRA.<a href=\"#_ftn20\" name=\"_ftnref20\"><sup>[20]<\/sup><\/a>Ya era hora, porque seg\u00fan algunas estimaciones, la demanda de hidr\u00f3geno podr\u00eda oscilar entre 150 y 500\u00a0millones de toneladas al a\u00f1o para 2050.<a href=\"#_ftn21\" name=\"_ftnref21\"><sup>[21]<\/sup><\/a><\/p>\n<p>Otro avance potencialmente a\u00fan m\u00e1s revolucionario se anunci\u00f3 en diciembre de 2022, cuando los investigadores afirmaron haber logrado por primera vez la ignici\u00f3n por <a href=\"https:\/\/alj.com\/es\/perspective\/fusionar-el-futuro-de-la-energia\/\">fusi\u00f3n nuclear<\/a>.<a href=\"#_ftn22\" name=\"_ftnref22\"><sup>[22]<\/sup><\/a> Un equipo del National Ignition Facility (NIF) de California utiliz\u00f3 2,05\u00a0MJ de energ\u00eda para calentar combustible con l\u00e1seres, liberando 3,15\u00a0MJ de energ\u00eda en el proceso. El experimento produjo suficiente energ\u00eda para accionar un hervidor de agua, pero su \u00e9xito valida una tecnolog\u00eda que se pas\u00f3 d\u00e9cadas siendo una mera hip\u00f3tesis. Seg\u00fan el FEM, los resultados del NIF <em>\u201cpodr\u00edan estimular m\u00e1s investigaciones para desarrollar la tecnolog\u00eda, acerc\u00e1ndonos a un futuro en el que la fusi\u00f3n nuclear podr\u00eda proporcionar una energ\u00eda segura, limpia y pr\u00e1cticamente ilimitada\u201d. <\/em><a href=\"#_ftn23\" name=\"_ftnref23\"><sup>[23]<\/sup><\/a><\/p>\n<p>Abdul Latif Jameel, a trav\u00e9s de Jameel Investment Management Company (<a href=\"https:\/\/jimco.com\/en\/\">JIMCO<\/a>), ya est\u00e1 ayudando a convertir esta posibilidad en una realidad. Es un inversor clave en dos de los pioneros mundiales en el sector de la <a href=\"https:\/\/alj.com\/es\/perspective\/fusionar-el-futuro-de-la-energia\/\">energ\u00eda de fusi\u00f3n<\/a> en r\u00e1pido desarrollo: <a href=\"https:\/\/cfs.energy\/\">Commonwealth Fusion Systems<\/a> (CFS), una empresa derivada del <a href=\"https:\/\/www.psfc.mit.edu\/\">Plasma Science and Fusion Center del ITM<\/a> con sede en Boston y que cuenta con Jeff Bezos y Bill Gates entre sus financiadores<a href=\"#_ftn24\" name=\"_ftnref24\">[24]<\/a>, y <a href=\"https:\/\/generalfusion.com\/\">General Fusion<\/a>, una empresa con sede en Canad\u00e1 que tambi\u00e9n cuenta con el respaldo de Bezos.<\/p>\n<p>Actualmente, General Fusion est\u00e1 construyendo una planta de demostraci\u00f3n en Culham, cerca de Londres (lugar en el que desde hace d\u00e9cadas se est\u00e1n llevando a cabo las principales investigaciones en torno a la fusi\u00f3n en el Reino Unido) que est\u00e1 previsto que empiece a funcionar en 2025. La empresa tiene como objetivo tener sus primeros reactores en el mercado a principios de la d\u00e9cada de 2030. Commonwealth Fusion Systems, empresa radicada en Boston, est\u00e1 adoptando un enfoque diferente, basado en la tecnolog\u00eda de los tokamak. Bob Mumgaard, director general y cofundador de CFS, afirma que la empresa tiene como objetivo tener un <a href=\"https:\/\/alj.com\/es\/perspective\/the-future-is-fusion\/\">reactor en funcionamiento para 2028<\/a>.<\/p>\n<p>La producci\u00f3n de energ\u00eda, sea cual sea la tecnolog\u00eda utilizada, no se puede considerar aislada del almacenamiento de energ\u00eda, y 2022 fue un a\u00f1o clave para los avances en la <a href=\"https:\/\/alj.com\/es\/perspective\/storing-success-batteries-revolutionizing-global-energy-market\/\">tecnolog\u00eda de bater\u00edas<\/a>. En el verano de 2022 se revel\u00f3 que los ingenieros estaban desarrollando un nuevo tipo de \u201cbater\u00eda de gravedad\u201d, capaz de almacenar grandes cantidades de energ\u00eda potencial para su uso en horas punta.<a href=\"#_ftn25\" name=\"_ftnref25\">[25]<\/a> El sistema utiliza energ\u00eda renovable durante el d\u00eda para cargar pesos pesados en un eje alto, y luego permite que el peso baje por la noche, generando electricidad a partir del movimiento de cables, el mismo principio que los antiguos relojes de p\u00e9ndulo. Las demostraciones de prueba de concepto produjeron alrededor de 250\u00a0kW de energ\u00eda, suficiente para abastecer 750\u00a0hogares, almacenada de una manera m\u00e1s econ\u00f3mica y ecol\u00f3gica que las bater\u00edas de litio, que requieren una gran cantidad de minerales.<\/p>\n<p><img decoding=\"async\" loading=\"lazy\" class=\"aligncenter size-full wp-image-107387\" src=\"https:\/\/media.alj.com\/app\/uploads\/2023\/04\/1839-ALJ-Renewables5.jpg\" alt=\"\" width=\"1949\" height=\"2362\" srcset=\"https:\/\/media.alj.com\/app\/uploads\/2023\/04\/1839-ALJ-Renewables5.jpg 1949w, https:\/\/media.alj.com\/app\/uploads\/2023\/04\/1839-ALJ-Renewables5-248x300.jpg 248w, https:\/\/media.alj.com\/app\/uploads\/2023\/04\/1839-ALJ-Renewables5-845x1024.jpg 845w, https:\/\/media.alj.com\/app\/uploads\/2023\/04\/1839-ALJ-Renewables5-124x150.jpg 124w, https:\/\/media.alj.com\/app\/uploads\/2023\/04\/1839-ALJ-Renewables5-768x931.jpg 768w, https:\/\/media.alj.com\/app\/uploads\/2023\/04\/1839-ALJ-Renewables5-1267x1536.jpg 1267w, https:\/\/media.alj.com\/app\/uploads\/2023\/04\/1839-ALJ-Renewables5-1690x2048.jpg 1690w\" sizes=\"(max-width: 1949px) 100vw, 1949px\" \/><\/p>\n<p>Mientras tanto, en diciembre de ese a\u00f1o, investigadores de la Universidad de S\u00eddney, en Australia anunciaron un avance en las bater\u00edas fabricadas con azufre de sodio, una sal fundida procesada a partir de agua del mar. El proceso utiliza pir\u00f3lisis (materiales descompuestos a altas temperaturas) y electrodos a base de carbono para sobrealimentar la reactividad del azufre, lo que resulta en un medio de almacenamiento cuatro veces m\u00e1s eficiente que las bater\u00edas de litio.<a href=\"#_ftn26\" name=\"_ftnref26\">[26]<\/a><\/p>\n<p>De hecho, ahora el almacenamiento es un componente clave de las pol\u00edticas energ\u00e9ticas en todo el mundo, y pa\u00edses como Alemania, Espa\u00f1a y Portugal subastar\u00e1n proyectos combinados de energ\u00edas renovables y almacenamiento en 2022, un ejemplo que seguir\u00e1n China e India. En M\u00e9xico, <a href=\"https:\/\/frv.com\/\">FRV<\/a>, nuestro negocio insignia de energ\u00eda renovable, que forma parte de Abdul Latif Jameel Energy, est\u00e1 desarrollando e implementando los denominados <a href=\"https:\/\/alj.com\/es\/perspective\/abdul-latif-jameel-energys-frv-charging-ahead-in-mexico\/\">proyectos de almacenamiento de energ\u00eda<\/a> \u201cdetr\u00e1s del medidor\u201d con un innovador modelo de \u201calmacenamiento de energ\u00eda como servicio\u201d (Energy Storage-as-a-Service, EnSaaS) centrado en el sector industrial.<\/p>\n<p>Por ejemplo, FRV y FRV-X, su rama dedicada a la innovaci\u00f3n, tambi\u00e9n est\u00e1n participando en proyectos pioneros de sistemas de almacenamiento de energ\u00eda en bater\u00edas (BESS) en el Reino Unido en <a href=\"https:\/\/alj.com\/en\/news\/abdul-latif-jameel-energys-frv-achieves-financial-close-with-natwest-for-its-holes-bay-battery-project-in-the-uk\/\">Holes Bay<\/a> (Dorset), <a href=\"https:\/\/alj.com\/en\/news\/abdul-latif-jameel-energys-frv-energizes-contego-battery-energy-storage-plant\/\">Contego<\/a> (West Sussex) y <a href=\"https:\/\/alj.com\/en\/news\/abdul-latif-jameel-energys-frv-and-harmony-energy-begin-construction-of-one-the-uks-largest-battery-storage-projects\/\">Clay Tye<\/a> (Essex), adem\u00e1s de en una planta h\u00edbrida de energ\u00eda solar y BESS en <a href=\"https:\/\/alj.com\/en\/news\/abdul-latif-jameel-energys-frv-announces-first-hybrid-pv-solar-storage-project-in-australia\/\">Dalby<\/a> (Queensland), en Australia. Asimismo, en oto\u00f1o de 2022, FRV adquiri\u00f3 dos <a href=\"https:\/\/alj.com\/en\/news\/abdul-latif-jameel-energys-frv-to-acquire-two-new-battery-energy-storage-projects-in-the-uk\/\">proyectos de BESS<\/a> adicionales en el Reino Unido, as\u00ed como una participaci\u00f3n mayoritaria en un proyecto de sistemas de almacenamiento de energ\u00eda en bater\u00edas en <a href=\"https:\/\/alj.com\/en\/news\/abdul-latif-jameel-energys-frv-acquires-majority-stake-in-one-of-the-largest-battery-energy-storage-systems-in-greece\/\">Grecia<\/a>.<\/p>\n<p>De cara al futuro, las nuevas tecnolog\u00edas seguir\u00e1n justificando las inversiones en energ\u00eda renovable en los pr\u00f3ximos a\u00f1os.<\/p>\n<p>Un nuevo tipo de pel\u00edcula transparente que se coloca sobre las ventanas permitir\u00e1 a edificios y veh\u00edculos obtener energ\u00eda de la luz natural del sol. Empresas como <a href=\"https:\/\/ubiquitous.energy\/\">Ubiquitous Energy<\/a>, con sede en Silicon Valley, est\u00e1n desarrollando la tecnolog\u00eda, que permite que la luz visible penetre mientras captura la energ\u00eda de la luz infrarroja y ultravioleta para calefacci\u00f3n, refrigeraci\u00f3n y recarga de bater\u00edas.<a href=\"#_ftn27\" name=\"_ftnref27\">[27]<\/a><\/p>\n<p>Otras empresas tecnol\u00f3gicas est\u00e1n estudiando otra fuente de energ\u00eda limpia y gratuita, en gran medida sin explotar: el oc\u00e9ano.<\/p>\n<p><a href=\"https:\/\/www.waveswell.com\/\">Wave Swell Energy<\/a>, de Australia, acaba de terminar un a\u00f1o de pruebas con un espir\u00e1culo artificial en la costa de King Island. El sistema funciona extrayendo agua hacia una c\u00e1mara central y comprimiendo aire para girar una turbina. La empresa sueca <a href=\"https:\/\/www.ecowavepower.com\/\">Eco Wave Power<\/a> es pionera en dispositivos que flotan en la superficie del agua y dependen de las olas ascendentes para aumentar la presi\u00f3n del fluido, haciendo girar un hidromotor interno. Ya hay unidades frente a las costas de Israel y Gibraltar, y la pr\u00f3xima instalaci\u00f3n est\u00e1 prevista para este a\u00f1o en las aguas de Los \u00c1ngeles. La empresa escocesa <a href=\"https:\/\/awsocean.com\/\">AWS Energy<\/a> tambi\u00e9n apuesta por la energ\u00eda de las olas. Su tecnolog\u00eda implica sujetar una enorme boya submarina, llamada Archimedes Waveswing, al fondo del oc\u00e9ano. Archimedes Waveswing se ondula con las olas para girar un generador, alimentando la red.<\/p>\n<p>Por lo tanto, con el apoyo legislativo reforzado por estos innovadores saltos tecnol\u00f3gicos, \u00bfpor qu\u00e9 la energ\u00eda renovable a\u00fan no est\u00e1 satisfaciendo todas las crecientes necesidades energ\u00e9ticas del planeta?<\/p>\n<h2>El pensamiento conjunto es fundamental para afrontar la emergencia energ\u00e9tica<\/h2>\n<p>Puede que los proyectos de energ\u00eda renovable sean m\u00e1s prol\u00edficos que nunca, pero la AIE estima que deben mantener una tasa de crecimiento del 60\u00a0% durante los pr\u00f3ximos cinco a\u00f1os, que ser\u00e1n cruciales para mantener la esperanza de un escenario de cero emisiones netas para 2050.<a href=\"#_ftn28\" name=\"_ftnref28\">[28]<\/a><\/p>\n<p>En este viaje quedan varios desaf\u00edos, pero ninguno de ellos es insuperable.<\/p>\n<p>El carb\u00f3n sigue ocupando una posici\u00f3n s\u00f3lida, especialmente en China. Incluso cuando sus ciudades luchan a diario contra el smog, las emisiones de di\u00f3xido de carbono de la producci\u00f3n el\u00e9ctrica con carb\u00f3n en China superaron un r\u00e9cord de 4500\u00a0millones de toneladas en 2002, m\u00e1s CO<sub>2<\/sub> que el emitido por todo el sector energ\u00e9tico europeo el a\u00f1o anterior.<a href=\"#_ftn29\" name=\"_ftnref29\">[29]<\/a> A nivel mundial, se espera que el carb\u00f3n sea responsable del 30\u00a0% de la generaci\u00f3n mundial de electricidad hasta al menos 2027.<a href=\"#_ftn30\" name=\"_ftnref30\">[30]<\/a><\/p>\n<p>Para que el carb\u00f3n pierda popularidad, necesitamos hacer que las alternativas sean m\u00e1s atractivas.<\/p>\n<p>Seg\u00fan la AIE, los legisladores deben fomentar la prosperidad de los planes de energ\u00eda renovable mediante la introducci\u00f3n de permisos y procesos de subastas m\u00e1s liberales. Es fundamental aplicar un pensamiento hol\u00edstico, que garantice que la infraestructura de almacenamiento y distribuci\u00f3n de energ\u00eda se expanda en consonancia con la capacidad de producci\u00f3n.<\/p>\n<p>Las econom\u00edas emergentes deben establecer marcos normativos y pol\u00edticas que estimulen la inversi\u00f3n interna y avanzar hacia est\u00e1ndares internacionales m\u00e1s armoniosos. Deben proporcionarse opciones de financiaci\u00f3n integrales para garantizar una financiaci\u00f3n r\u00e1pida de los proyectos propuestos.<\/p>\n<p>Los altos costes iniciales y el escaso apoyo a las pol\u00edticas siguen obstaculizando las tecnolog\u00edas renovables \u201cdistribuibles\u201d (controlables y ajustables), como la hidroelectricidad, la bioenerg\u00eda y la energ\u00eda geot\u00e9rmica. La hidroelectricidad podr\u00eda expandirse en tan solo 17-33\u00a0GW en los pr\u00f3ximos cinco a\u00f1os, frente a su m\u00e1ximo anual de 45\u00a0GW en 2013. El crecimiento global de la bioenerg\u00eda se concentra en China, Turqu\u00eda y Brasil, gracias a las estrategias para crear energ\u00eda a partir de residuos y a las tarifas de alimentaci\u00f3n de estos pa\u00edses, ausentes en otros estados. La energ\u00eda geot\u00e9rmica carece de pol\u00edticas dise\u00f1adas para contrarrestar el alto riesgo financiero de nuevas exploraciones (que a menudo resultan poco rentables), lo que conduce a una previsi\u00f3n de crecimiento de menos del 6\u00a0% en los pr\u00f3ximos cinco a\u00f1os.<\/p>\n<p>Los mercados de energ\u00eda renovable siguen siendo sensibles a las tendencias financieras y geopol\u00edticas m\u00e1s amplias. En EE.\u00a0UU., el crecimiento de las energ\u00edas renovables se ralentiz\u00f3 durante 2022 debido al aumento de los costes, las presiones de las pol\u00edticas comerciales internacionales, la inflaci\u00f3n econ\u00f3mica y los problemas de la cadena de suministro. En China, por ejemplo, los confinamientos por COVID-19 afectaron a la entrega de componentes solares fotovoltaicos y de turbinas e\u00f3licas.<\/p>\n<p>Dados estos problemas de suministro, Europa est\u00e1 bajo presi\u00f3n para realizar mayores inversiones en su propia base de fabricaci\u00f3n y as\u00ed favorecer su transici\u00f3n a la energ\u00eda limpia. Seg\u00fan las previsiones de la AIE, para que Europa cumpla su objetivo de generar electricidad de manera ecol\u00f3gica en un 69\u00a0% para 2030, el aumento anual de la capacidad e\u00f3lica deber\u00eda duplicarse y el de la energ\u00eda solar deber\u00eda aumentar en al menos un 30\u00a0%. Las subastas deben redise\u00f1arse para reflejar tanto el creciente coste de las energ\u00edas renovables como los beneficios para la seguridad energ\u00e9tica que conllevan.<\/p>\n<p>Se espera que muchos de estos desaf\u00edos contin\u00faen en 2023, posiblemente frenando la transici\u00f3n hacia las energ\u00edas renovables justo en un momento donde lo que se necesita es aceleraci\u00f3n.<\/p>\n<p>El sector privado est\u00e1 en posici\u00f3n de ayudar a contrarrestar estos obst\u00e1culos.<\/p>\n<h2>Energ\u00eda para la poblaci\u00f3n: la lucha de nuestras vidas<\/h2>\n<p>La lucha <em>contra<\/em> el cambio clim\u00e1tico es realmente una lucha <em>por<\/em> las energ\u00edas renovables. El <a href=\"https:\/\/alj.com\/en\/spotlight-by-fady-jameel\/commerce-with-a-conscience-the-unstoppable-rise-of-esg\/\">capital privado<\/a> es una herramienta especialmente potente en esta carrera contrarreloj que marca nuestra era.<\/p>\n<p>Por su propia naturaleza, puede estar libre de los caprichos de los inversores que se centran \u00fanicamente en los beneficios o de los caprichos de los calendarios electorales a corto plazo. El capital privado puede adoptar una postura m\u00e1s a largo plazo, dirigiendo sus fondos a estrategias que ofrezcan beneficios despu\u00e9s de d\u00e9cadas, en lugar de simplemente a\u00f1os o meses.<\/p>\n<p>Aqu\u00ed, en Abdul Latif Jameel, desempe\u00f1amos nuestro papel en esta singular misi\u00f3n. FRV ya opera m\u00e1s de 50\u00a0plantas solares y e\u00f3licas en cinco continentes y prev\u00e9 contar con una capacidad de energ\u00eda instalada de 4\u00a0GW para 2024.<a href=\"#_ftn31\" name=\"_ftnref31\"><sup>[31]<\/sup><\/a> En febrero de 2023, abri\u00f3 una <a href=\"https:\/\/frv.com\/en\/frv-inaugura-oficina-en-reino-unido\/\">oficina en el Reino Unido<\/a>, donde actualmente hay m\u00e1s de 80\u00a0MW en proyectos en funcionamiento, 200\u00a0MW en construcci\u00f3n y m\u00e1s de 1\u00a0GW en desarrollo. Adem\u00e1s, en 2022, sus plantas de almacenamiento de energ\u00eda en bater\u00edas en Contego y Holes Bay fueron los dos activos de bater\u00edas con mejor rendimiento del pa\u00eds, seg\u00fan la clasificaci\u00f3n preparada por la herramienta de supervisi\u00f3n MODO Energy. Tambi\u00e9n anunci\u00f3 su intenci\u00f3n de entrar al <a href=\"https:\/\/alj.com\/en\/news\/abdul-latif-jameel-energys-frv-enters-the-german-market-with-plans-to-provide-almost-800000-homes-with-clean-energy\/\">mercado alem\u00e1n<\/a>, con planes de suministrar energ\u00eda limpia a 800\u00a0000\u00a0hogares. La apertura de las oficinas de Londres y Alemania contribuir\u00e1 positivamente al objetivo de FRV de alcanzar una capacidad instalada en Europa de 1\u00a0GW para 2025.<\/p>\n<p>Adem\u00e1s, recientemente confirmaron planes para desarrollar su primera planta solar en <a href=\"https:\/\/alj.com\/en\/news\/frv-australia-and-genesis-energy-commence-operations-in-new-zealand-with-acquisition-of-large-scale-solar-site\/\">Nueva Zelanda<\/a>. Este proyecto de 52\u00a0MW en Lauriston, al norte de Christchurch, generar\u00e1 suficiente energ\u00eda para abastecer a 9800\u00a0hogares una vez est\u00e9 totalmente operativo, algo que se prev\u00e9 para 2024.<\/p>\n<p><iframe loading=\"lazy\" src=\"\/\/www.youtube.com\/embed\/IsnxUuqoVYQ\" width=\"560\" height=\"314\" allowfullscreen=\"allowfullscreen\"><\/iframe><\/p>\n<p>En la vecina Australia, FRV ha alcanzado el cierre financiero de su <a href=\"https:\/\/frv.com\/frv-australia-reaches-financial-close-on-300mwac-walla-walla-solar-farm-in-new-south-wales\/\">desarrollo solar<\/a> en Walla Walla, en Nueva Gales del Sur, su quinta granja solar en el estado y su d\u00e9cima en toda Australia, lo que representa una capacidad de energ\u00eda total de 1\u00a0GW.<\/p>\n<p>Adem\u00e1s de la generaci\u00f3n de energ\u00eda renovable, tambi\u00e9n estamos impulsando el argumento comercial para el uso de energ\u00edas renovables transformadoras en el transporte, a trav\u00e9s de inversiones en pioneros en <a href=\"https:\/\/alj.com\/en\/perspective\/mobility-moving-with-the-times\/\">movilidad el\u00e9ctrica<\/a> como <a href=\"https:\/\/alj.com\/es\/perspective\/partners-in-indias-e-mobility-revolution\/\">Greaves Electric Mobility<\/a>, <a href=\"https:\/\/alj.com\/es\/news\/abdul-latif-jameel-invests-in-joby-aviation\/\">Joby Aviation<\/a> y <a href=\"https:\/\/jimco.com\/en\/portfolio\/rivian\/\">Rivian<\/a>, as\u00ed como de programas piloto para la descarbonizaci\u00f3n del transporte p\u00fablico, con <a href=\"https:\/\/alj.com\/es\/news\/abdul-latif-jameel-energys-frv-contributes-to-decarbonizing-public-mobility-with-green-hydrogen\/\">taxis de hidr\u00f3geno verde en Madrid<\/a> y <a href=\"https:\/\/alj.com\/es\/news\/abdul-latif-jameel-energys-frv-and-vectalia-partner-to-develop-first-green-hydrogen-powered-bus-transport-system-in-spain\/\">autobuses de hidr\u00f3geno en Alicante<\/a>, Espa\u00f1a, de nuevo a trav\u00e9s de FRV.<\/p>\n<p><iframe loading=\"lazy\" src=\"\/\/www.youtube.com\/embed\/2isY3ojT0CE\" width=\"560\" height=\"314\" allowfullscreen=\"allowfullscreen\"><\/iframe><\/p>\n<p><iframe loading=\"lazy\" src=\"\/\/www.youtube.com\/embed\/jPo28GX9gNg\" width=\"560\" height=\"314\" allowfullscreen=\"allowfullscreen\"><\/iframe><\/p>\n<p>Estamos al pie de un nuevo y emocionante panorama energ\u00e9tico que podr\u00eda transformar la prosperidad global: la econom\u00eda ecol\u00f3gica. Si el FEM est\u00e1 en lo cierto, las industrias fundamentales para nuestra transici\u00f3n a las cero emisiones netas podr\u00edan tener un valor de m\u00e1s de 10\u00a0billones de USD para mediados de siglo.<a href=\"#_ftn32\" name=\"_ftnref32\">[32]<\/a><\/p>\n<figure id=\"attachment_107401\" aria-describedby=\"caption-attachment-107401\" style=\"width: 300px\" class=\"wp-caption alignleft\"><img decoding=\"async\" loading=\"lazy\" class=\"size-medium wp-image-107401\" src=\"https:\/\/media.alj.com\/app\/uploads\/2023\/04\/FJ-Green-Planet-300x233.png\" alt=\"\" width=\"300\" height=\"233\" srcset=\"https:\/\/media.alj.com\/app\/uploads\/2023\/04\/FJ-Green-Planet-300x233.png 300w, https:\/\/media.alj.com\/app\/uploads\/2023\/04\/FJ-Green-Planet-150x116.png 150w, https:\/\/media.alj.com\/app\/uploads\/2023\/04\/FJ-Green-Planet-768x595.png 768w, https:\/\/media.alj.com\/app\/uploads\/2023\/04\/FJ-Green-Planet.png 801w\" sizes=\"(max-width: 300px) 100vw, 300px\" \/><figcaption id=\"caption-attachment-107401\" class=\"wp-caption-text\">Fady Jameel<br \/>\nPresidente adjunto y vicepresidente<br \/>\nAbdul Latif Jameel<\/figcaption><\/figure>\n<p><em>\u201cDebemos hacer un esfuerzo conjunto para lograr que haya m\u00e1s trabajos en tierra y menos contaminantes en el aire<\/em>\u201d, dice Fady Jameel, presidente adjunto y vicepresidente de Abdul Latif Jameel.<\/p>\n<p><em>\u201cEl n\u00famero de personas en riesgo de pobreza energ\u00e9tica est\u00e1 creciendo por primera vez en una generaci\u00f3n, lo que acrecentar\u00e1 las desigualdades y los conflictos en nuestras sociedades.<\/em><\/p>\n<p><em>La transici\u00f3n hacia la energ\u00eda verde es una misi\u00f3n que deber\u00eda inspirarnos a todos.<\/em><\/p>\n<p><em>\u201cLas energ\u00edas renovables pueden ayudar a reducir los costes de abastecer nuestros hogares, oficinas y veh\u00edculos. Puede devolver a las personas el control sobre sus vidas, al mismo tiempo que ayuda a preservar nuestros delicados ecosistemas para las generaciones futuras\u201d.<\/em><\/p>\n<p>&nbsp;<\/p>\n<p><a href=\"#_ftnref1\" name=\"_ftn1\">[1]<\/a> <a href=\"https:\/\/www.iea.org\/reports\/renewables-2022\">https:\/\/www.iea.org\/reports\/renewables-2022<\/a><\/p>\n<p><a href=\"#_ftnref2\" name=\"_ftn2\">[2]<\/a> <a href=\"https:\/\/www.weforum.org\/agenda\/2022\/08\/electricity-capacity-power-renewable-energy\/\">https:\/\/www.weforum.org\/agenda\/2022\/08\/electricity-capacity-power-renewable-energy\/<\/a><\/p>\n<p><a href=\"#_ftnref3\" name=\"_ftn3\">[3]<\/a> <a href=\"https:\/\/iea.blob.core.windows.net\/assets\/ada7af90-e280-46c4-a577-df2e4fb44254\/Renewables2022.pdf\">https:\/\/iea.blob.core.windows.net\/assets\/ada7af90-e280-46c4-a577-df2e4fb44254\/Renewables2022.pdf<\/a><\/p>\n<p><a href=\"#_ftnref4\" name=\"_ftn4\">[4]<\/a> <a href=\"https:\/\/www.theguardian.com\/environment\/2022\/nov\/20\/deal-on-loss-and-damage-fund-at-cop27-marks-climbdown-by-rich-countries\">https:\/\/www.theguardian.com\/environment\/2022\/nov\/20\/deal-on-loss-and-damage-fund-at-cop27-marks-climbdown-by-rich-countries<\/a><\/p>\n<p><a href=\"#_ftnref5\" name=\"_ftn5\">[5]<\/a> <a href=\"https:\/\/www.theguardian.com\/environment\/2022\/nov\/17\/draft-cop27-agreement-fails-to-call-for-phase-down-of-all-fossil-fuels\">https:\/\/www.theguardian.com\/environment\/2022\/nov\/17\/draft-cop27-agreement-fails-to-call-for-phase-down-of-all-fossil-fuels<\/a><\/p>\n<p><a href=\"#_ftnref6\" name=\"_ftn6\">[6]<\/a> <a href=\"https:\/\/www.iea.org\/reports\/renewables-2022\">https:\/\/www.iea.org\/reports\/renewables-2022<\/a><\/p>\n<p><a href=\"#_ftnref7\" name=\"_ftn7\">[7]<\/a> <a href=\"https:\/\/www.pv-magazine.com\/2023\/01\/03\/china-aims-to-add-160-gw-of-wind-solar-in-2023\">https:\/\/www.pv-magazine.com\/2023\/01\/03\/china-aims-to-add-160-gw-of-wind-solar-in-2023<\/a><\/p>\n<p><a href=\"#_ftnref8\" name=\"_ftn8\">[8]<\/a> <a href=\"https:\/\/www.reuters.com\/business\/energy\/china-track-hit-new-clean-dirty-power-records-2022-maguire-2022-11-23\/\">https:\/\/www.reuters.com\/business\/energy\/china-track-hit-new-clean-dirty-power-records-2022-maguire-2022-11-23\/<\/a><\/p>\n<p><a href=\"#_ftnref9\" name=\"_ftn9\">[9]<\/a> <a href=\"https:\/\/pib.gov.in\/PressReleasePage.aspx?PRID=1885147\">https:\/\/pib.gov.in\/PressReleasePage.aspx?PRID=1885147<\/a><\/p>\n<p><a href=\"#_ftnref10\" name=\"_ftn10\">[10]<\/a> <a href=\"https:\/\/www2.deloitte.com\/content\/dam\/Deloitte\/us\/Documents\/energy-resources\/us-eri-renewable-energy-outlook-2023.pdf\">https:\/\/www2.deloitte.com\/content\/dam\/Deloitte\/us\/Documents\/energy-resources\/us-eri-renewable-energy-outlook-2023.pdf<\/a><\/p>\n<p><a href=\"#_ftnref11\" name=\"_ftn11\">[11]<\/a> <a href=\"https:\/\/www.euronews.com\/green\/2022\/12\/20\/eu-solar-power-soars-by-almost-50-in-2022-which-country-installed-the-most\">https:\/\/www.euronews.com\/green\/2022\/12\/20\/eu-solar-power-soars-by-almost-50-in-2022-which-country-installed-the-most<\/a><\/p>\n<p><a href=\"#_ftnref12\" name=\"_ftn12\">[12]<\/a> <a href=\"https:\/\/windeurope.org\/newsroom\/press-releases\/eu-wind-installations-up-by-a-third-despite-challenging-year-for-supply-chain\">https:\/\/windeurope.org\/newsroom\/press-releases\/eu-wind-installations-up-by-a-third-despite-challenging-year-for-supply-chain<\/a><\/p>\n<p><a href=\"#_ftnref13\" name=\"_ftn13\">[13]<\/a> <a href=\"https:\/\/www.spglobal.com\/commodityinsights\/en\/ci\/research-analysis\/six-anticipated-trends-in-2022-for-global-power-and-renewable.html\">https:\/\/www.spglobal.com\/commodityinsights\/en\/ci\/research-analysis\/six-anticipated-trends-in-2022-for-global-power-and-renewable.html<\/a><\/p>\n<p><a href=\"#_ftnref14\" name=\"_ftn14\">[14]<\/a> <a href=\"https:\/\/namrc.co.uk\/intelligence\/uk-new-build\">https:\/\/namrc.co.uk\/intelligence\/uk-new-build<\/a><\/p>\n<p><a href=\"#_ftnref15\" name=\"_ftn15\">[15]<\/a> <a href=\"https:\/\/ourworldindata.org\/nuclear-energy\">https:\/\/ourworldindata.org\/nuclear-energy<\/a><\/p>\n<p><a href=\"#_ftnref16\" name=\"_ftn16\">[16]<\/a> <a href=\"https:\/\/iea.blob.core.windows.net\/assets\/ada7af90-e280-46c4-a577-df2e4fb44254\/Renewables2022.pdf\">https:\/\/iea.blob.core.windows.net\/assets\/ada7af90-e280-46c4-a577-df2e4fb44254\/Renewables2022.pdf<\/a><\/p>\n<p><a href=\"#_ftnref17\" name=\"_ftn17\">[17]<\/a> <a href=\"https:\/\/www.iea.org\/news\/renewable-power-s-growth-is-being-turbocharged-as-countries-seek-to-strengthen-energy-security\">https:\/\/www.iea.org\/news\/renewable-power-s-growth-is-being-turbocharged-as-countries-seek-to-strengthen-energy-security<\/a><\/p>\n<p><a href=\"#_ftnref18\" name=\"_ftn18\">[18]<\/a> <a href=\"https:\/\/www.weforum.org\/agenda\/2023\/01\/5-technology-trends-to-watch-in-2023\/\">https:\/\/www.weforum.org\/agenda\/2023\/01\/5-technology-trends-to-watch-in-2023\/<\/a><\/p>\n<p><a href=\"#_ftnref19\" name=\"_ftn19\">[19]<\/a> <a href=\"https:\/\/www.theguardian.com\/australia-news\/2022\/mar\/16\/australian-researchers-claim-giant-leap-in-technology-to-produce-affordable-renewable-hydrogen\">https:\/\/www.theguardian.com\/australia-news\/2022\/mar\/16\/australian-researchers-claim-giant-leap-in-technology-to-produce-affordable-renewable-hydrogen<\/a><\/p>\n<p><a href=\"#_ftnref20\" name=\"_ftn20\">[20]<\/a> <a href=\"https:\/\/www.euronews.com\/green\/2022\/12\/29\/green-hydrogen-fuel-of-the-future-has-big-potential-but-a-worrying-blind-spot-scientists-w\">https:\/\/www.euronews.com\/green\/2022\/12\/29\/green-hydrogen-fuel-of-the-future-has-big-potential-but-a-worrying-blind-spot-scientists-w<\/a><\/p>\n<p><a href=\"#_ftnref21\" name=\"_ftn21\">[21]<\/a> <a href=\"https:\/\/www.pwc.com\/gx\/en\/industries\/energy-utilities-resources\/future-energy\/green-hydrogen-cost.html\">https:\/\/www.pwc.com\/gx\/en\/industries\/energy-utilities-resources\/future-energy\/green-hydrogen-cost.html<\/a><\/p>\n<p><a href=\"#_ftnref22\" name=\"_ftn22\">[22]<\/a> <a href=\"https:\/\/www.theguardian.com\/environment\/2022\/dec\/13\/what-is-nuclear-fusion-what-have-scientists-achieved-ignition\">https:\/\/www.theguardian.com\/environment\/2022\/dec\/13\/what-is-nuclear-fusion-what-have-scientists-achieved-ignition<\/a><\/p>\n<p><a href=\"#_ftnref23\" name=\"_ftn23\">[23]<\/a> <a href=\"https:\/\/www.weforum.org\/agenda\/2023\/01\/5-technology-trends-to-watch-in-2023\/\">https:\/\/www.weforum.org\/agenda\/2023\/01\/5-technology-trends-to-watch-in-2023\/<\/a><\/p>\n<p><a href=\"#_ftnref24\" name=\"_ftn24\">[24]<\/a> <a href=\"https:\/\/www.economist.com\/the-economist-explains\/2022\/02\/09\/what-is-nuclear-fusion\">https:\/\/www.economist.com\/the-economist-explains\/2022\/02\/09\/what-is-nuclear-fusion<\/a><\/p>\n<p><a href=\"#_ftnref25\" name=\"_ftn25\">[25]<\/a> <a href=\"https:\/\/www.weforum.org\/agenda\/2022\/07\/gravity-batteries-store-renewable-energy\/\">https:\/\/www.weforum.org\/agenda\/2022\/07\/gravity-batteries-store-renewable-energy\/<\/a><\/p>\n<p><a href=\"#_ftnref26\" name=\"_ftn26\">[26]<\/a> <a href=\"https:\/\/www.sciencedaily.com\/releases\/2022\/12\/221207101037.htm\">https:\/\/www.sciencedaily.com\/releases\/2022\/12\/221207101037.htm<\/a><\/p>\n<p><a href=\"#_ftnref27\" name=\"_ftn27\">[27]<\/a> <a href=\"https:\/\/www.cnet.com\/science\/green-tech-to-watch-in-2023\/\">https:\/\/www.cnet.com\/science\/green-tech-to-watch-in-2023\/<\/a><\/p>\n<p><a href=\"#_ftnref28\" name=\"_ftn28\">[28]<\/a> <a href=\"https:\/\/iea.blob.core.windows.net\/assets\/ada7af90-e280-46c4-a577-df2e4fb44254\/Renewables2022.pdf\">https:\/\/iea.blob.core.windows.net\/assets\/ada7af90-e280-46c4-a577-df2e4fb44254\/Renewables2022.pdf<\/a><\/p>\n<p><a href=\"#_ftnref29\" name=\"_ftn29\">[29]<\/a> <a href=\"https:\/\/www.reuters.com\/business\/energy\/china-track-hit-new-clean-dirty-power-records-2022-maguire-2022-11-23\/\">https:\/\/www.reuters.com\/business\/energy\/china-track-hit-new-clean-dirty-power-records-2022-maguire-2022-11-23\/<\/a><\/p>\n<p><a href=\"#_ftnref30\" name=\"_ftn30\">[30]<\/a> <a href=\"https:\/\/iea.blob.core.windows.net\/assets\/ada7af90-e280-46c4-a577-df2e4fb44254\/Renewables2022.pdf\">https:\/\/iea.blob.core.windows.net\/assets\/ada7af90-e280-46c4-a577-df2e4fb44254\/Renewables2022.pdf<\/a><\/p>\n<p><a href=\"#_ftnref31\" name=\"_ftn31\">[31]<\/a> <a href=\"https:\/\/frv.com\/en\/\">https:\/\/frv.com\/en\/<\/a><\/p>\n<p><a href=\"#_ftnref32\" name=\"_ftn32\">[32]<\/a> <a href=\"https:\/\/www.weforum.org\/agenda\/2023\/01\/global-energy-outlook-for-2023\/\">https:\/\/www.weforum.org\/agenda\/2023\/01\/global-energy-outlook-for-2023\/<\/a><\/p>\n","protected":false},"author":18,"featured_media":107422,"template":"","tags":[],"acf":[],"yoast_head":"<!-- This site is optimized with the Yoast SEO plugin v21.5 - https:\/\/yoast.com\/wordpress\/plugins\/seo\/ -->\n<title>Futuro de las energ\u00edas renovables | Abdul Latif Jameel\u00ae<\/title>\n<meta name=\"description\" content=\"Tras d\u00e9cadas de desarrollo, las energ\u00edas renovables pueden convertirse en la fuente de energ\u00eda imprescindible para la vida moderna. M\u00e1s informaci\u00f3n.\" \/>\n<meta name=\"robots\" content=\"index, follow, max-snippet:-1, max-image-preview:large, max-video-preview:-1\" \/>\n<link rel=\"canonical\" href=\"https:\/\/alj.com\/es\/perspective\/el-record-de-las-renovables-refleja-la-nueva-realidad-mundial\/\" \/>\n<meta property=\"og:locale\" content=\"es_ES\" \/>\n<meta property=\"og:type\" content=\"article\" \/>\n<meta property=\"og:title\" content=\"Futuro de las energ\u00edas renovables | Abdul Latif Jameel\u00ae\" \/>\n<meta property=\"og:description\" content=\"Tras d\u00e9cadas de desarrollo, las energ\u00edas renovables pueden convertirse en la fuente de energ\u00eda imprescindible para la vida moderna. M\u00e1s informaci\u00f3n.\" \/>\n<meta property=\"og:url\" content=\"https:\/\/alj.com\/es\/perspective\/el-record-de-las-renovables-refleja-la-nueva-realidad-mundial\/\" \/>\n<meta property=\"og:site_name\" content=\"Abdul Latif Jameel\" \/>\n<meta property=\"article:publisher\" content=\"https:\/\/www.facebook.com\/Abdul.Latif.Jameel.Official\" \/>\n<meta property=\"article:modified_time\" content=\"2023-07-05T09:57:54+00:00\" \/>\n<meta property=\"og:image\" content=\"https:\/\/media.alj.com\/app\/uploads\/2023\/04\/shutterstock_2067772025-1-scaled.jpg\" \/>\n\t<meta property=\"og:image:width\" content=\"2560\" \/>\n\t<meta property=\"og:image:height\" content=\"1707\" \/>\n\t<meta property=\"og:image:type\" content=\"image\/jpeg\" \/>\n<meta name=\"twitter:card\" content=\"summary_large_image\" \/>\n<meta name=\"twitter:label1\" content=\"Est. reading time\" \/>\n\t<meta name=\"twitter:data1\" content=\"26 minutes\" \/>\n<script type=\"application\/ld+json\" class=\"yoast-schema-graph\">{\"@context\":\"https:\/\/schema.org\",\"@graph\":[{\"@type\":\"WebPage\",\"@id\":\"https:\/\/alj.com\/es\/perspective\/el-record-de-las-renovables-refleja-la-nueva-realidad-mundial\/\",\"url\":\"https:\/\/alj.com\/es\/perspective\/el-record-de-las-renovables-refleja-la-nueva-realidad-mundial\/\",\"name\":\"Futuro de las energ\u00edas renovables | Abdul Latif Jameel\u00ae\",\"isPartOf\":{\"@id\":\"https:\/\/alj.com\/en\/#website\"},\"datePublished\":\"2023-04-11T06:07:48+00:00\",\"dateModified\":\"2023-07-05T09:57:54+00:00\",\"description\":\"Tras d\u00e9cadas de desarrollo, las energ\u00edas renovables pueden convertirse en la fuente de energ\u00eda imprescindible para la vida moderna. M\u00e1s informaci\u00f3n.\",\"breadcrumb\":{\"@id\":\"https:\/\/alj.com\/es\/perspective\/el-record-de-las-renovables-refleja-la-nueva-realidad-mundial\/#breadcrumb\"},\"inLanguage\":\"es-ES\",\"potentialAction\":[{\"@type\":\"ReadAction\",\"target\":[\"https:\/\/alj.com\/es\/perspective\/el-record-de-las-renovables-refleja-la-nueva-realidad-mundial\/\"]}]},{\"@type\":\"BreadcrumbList\",\"@id\":\"https:\/\/alj.com\/es\/perspective\/el-record-de-las-renovables-refleja-la-nueva-realidad-mundial\/#breadcrumb\",\"itemListElement\":[{\"@type\":\"ListItem\",\"position\":1,\"name\":\"Home\",\"item\":\"https:\/\/alj.com\/es\/\"},{\"@type\":\"ListItem\",\"position\":2,\"name\":\"Perspectives\",\"item\":\"https:\/\/alj.com\/ja\/perspective\/\"},{\"@type\":\"ListItem\",\"position\":3,\"name\":\"El r\u00e9cord de las renovables refleja la nueva realidad mundial\"}]},{\"@type\":\"WebSite\",\"@id\":\"https:\/\/alj.com\/en\/#website\",\"url\":\"https:\/\/alj.com\/en\/\",\"name\":\"Abdul Latif Jameel\",\"description\":\"Abdul Latif Jameel\",\"potentialAction\":[{\"@type\":\"SearchAction\",\"target\":{\"@type\":\"EntryPoint\",\"urlTemplate\":\"https:\/\/alj.com\/en\/?s={search_term_string}\"},\"query-input\":\"required name=search_term_string\"}],\"inLanguage\":\"es-ES\"}]}<\/script>\n<!-- \/ Yoast SEO plugin. -->","yoast_head_json":{"title":"Futuro de las energ\u00edas renovables | Abdul Latif Jameel\u00ae","description":"Tras d\u00e9cadas de desarrollo, las energ\u00edas renovables pueden convertirse en la fuente de energ\u00eda imprescindible para la vida moderna. M\u00e1s informaci\u00f3n.","robots":{"index":"index","follow":"follow","max-snippet":"max-snippet:-1","max-image-preview":"max-image-preview:large","max-video-preview":"max-video-preview:-1"},"canonical":"https:\/\/alj.com\/es\/perspective\/el-record-de-las-renovables-refleja-la-nueva-realidad-mundial\/","og_locale":"es_ES","og_type":"article","og_title":"Futuro de las energ\u00edas renovables | Abdul Latif Jameel\u00ae","og_description":"Tras d\u00e9cadas de desarrollo, las energ\u00edas renovables pueden convertirse en la fuente de energ\u00eda imprescindible para la vida moderna. M\u00e1s informaci\u00f3n.","og_url":"https:\/\/alj.com\/es\/perspective\/el-record-de-las-renovables-refleja-la-nueva-realidad-mundial\/","og_site_name":"Abdul Latif Jameel","article_publisher":"https:\/\/www.facebook.com\/Abdul.Latif.Jameel.Official","article_modified_time":"2023-07-05T09:57:54+00:00","og_image":[{"width":2560,"height":1707,"url":"https:\/\/media.alj.com\/app\/uploads\/2023\/04\/shutterstock_2067772025-1-scaled.jpg","type":"image\/jpeg"}],"twitter_card":"summary_large_image","twitter_misc":{"Est. reading time":"26 minutes"},"schema":{"@context":"https:\/\/schema.org","@graph":[{"@type":"WebPage","@id":"https:\/\/alj.com\/es\/perspective\/el-record-de-las-renovables-refleja-la-nueva-realidad-mundial\/","url":"https:\/\/alj.com\/es\/perspective\/el-record-de-las-renovables-refleja-la-nueva-realidad-mundial\/","name":"Futuro de las energ\u00edas renovables | Abdul Latif Jameel\u00ae","isPartOf":{"@id":"https:\/\/alj.com\/en\/#website"},"datePublished":"2023-04-11T06:07:48+00:00","dateModified":"2023-07-05T09:57:54+00:00","description":"Tras d\u00e9cadas de desarrollo, las energ\u00edas renovables pueden convertirse en la fuente de energ\u00eda imprescindible para la vida moderna. M\u00e1s informaci\u00f3n.","breadcrumb":{"@id":"https:\/\/alj.com\/es\/perspective\/el-record-de-las-renovables-refleja-la-nueva-realidad-mundial\/#breadcrumb"},"inLanguage":"es-ES","potentialAction":[{"@type":"ReadAction","target":["https:\/\/alj.com\/es\/perspective\/el-record-de-las-renovables-refleja-la-nueva-realidad-mundial\/"]}]},{"@type":"BreadcrumbList","@id":"https:\/\/alj.com\/es\/perspective\/el-record-de-las-renovables-refleja-la-nueva-realidad-mundial\/#breadcrumb","itemListElement":[{"@type":"ListItem","position":1,"name":"Home","item":"https:\/\/alj.com\/es\/"},{"@type":"ListItem","position":2,"name":"Perspectives","item":"https:\/\/alj.com\/ja\/perspective\/"},{"@type":"ListItem","position":3,"name":"El r\u00e9cord de las renovables refleja la nueva realidad mundial"}]},{"@type":"WebSite","@id":"https:\/\/alj.com\/en\/#website","url":"https:\/\/alj.com\/en\/","name":"Abdul Latif Jameel","description":"Abdul Latif Jameel","potentialAction":[{"@type":"SearchAction","target":{"@type":"EntryPoint","urlTemplate":"https:\/\/alj.com\/en\/?s={search_term_string}"},"query-input":"required name=search_term_string"}],"inLanguage":"es-ES"}]}},"post-meta-fields":{"push_notification":["no"],"_push_notification":["field_5c3b1fb67034d"],"_wpml_word_count":["{\"total\":3947,\"to_translate\":{\"ar\":3947,\"zh-hans\":3947,\"fr\":3947,\"ja\":3947,\"es\":3947,\"tr\":3947}}"],"_wpml_media_featured":["1"],"_wpml_media_duplicate":["1"],"perspective_short_title":["El r\u00e9cord de las renovables"],"wpcf-featured-news":["0"],"is_latest_news":["0"],"wpcf-show-news-at-homepage":["1"],"publish_mobile":[""],"_publish_mobile":["field_5bfa8eb2e65cf"],"mobile_featured_image":["https:\/\/media.alj.com\/app\/uploads\/2023\/04\/shutterstock_2067772025-1-scaled.jpg"],"_mobile_featured_image":["field_5c3b204983dea"],"featured_on_listing_page":["0"],"_featured_on_listing_page":["field_62458ea7383c3"],"content_series_applied":[""],"_content_series_applied":["field_60f3d3faf82ac"],"wpcf-perspective-downloadable_file":[""],"wpcf-perspective-published-date":["1680652800"],"wpcf-video-description":[""],"wpcf-layoutvideourl":[""],"wpcf-video-thumb":[""],"wpcf-social4-svg":[""],"wpcf-social4-background-image":[""],"wpcf-social4-text":[""],"wpcf-social4-url":[""],"wpcf-social3-svg":[""],"wpcf-social3-background-image":[""],"wpcf-social3-text":[""],"wpcf-social3-url":[""],"wpcf-social-text-svg-square":[""],"wpcf-social-text-image-square":[""],"wpcf-social-text-text-square":[""],"wpcf-social-text-url-square":[""],"wpcf-social2-svg":[""],"wpcf-social2-background-image":[""],"wpcf-social2-text":[""],"wpcf-social2-url":[""],"wpcf-social-svg-square":[""],"wpcf-social-image-square":[""],"wpcf-social-text-square":[""],"wpcf-social-url-square":[""],"wpcf-social1-svg":[""],"wpcf-social1-background-image":[""],"wpcf-social1-text":[""],"wpcf-social1-url":[""],"wpcf-quotes-with-auther-text-1":[""],"wpcf-card_article_with_title_content":[""],"wpcf-card_article_content":["<p>write your content<\/p>"],"wpcf-quotes-with-auther-text":[""],"_bsf_post_type":["0"],"_bsf_item_review_type":["none"],"_yoast_wpseo_title":["Futuro de las energ\u00edas renovables | Abdul Latif Jameel\u00ae"],"_yoast_wpseo_content_score":["30"],"_yoast_wpseo_estimated-reading-time-minutes":[""],"_yoast_wpseo_wordproof_timestamp":[""],"perspective_summury":["<p>Tras d\u00e9cadas de debate y desarrollo, salidas en falso y promesas exageradas, las energ\u00edas renovables por fin est\u00e1n preparadas para desbancar a los combustibles f\u00f3siles de la parte superior del \u00e1rbol energ\u00e9tico y convertirse en la fuente de referencia para impulsar nuestras vidas modernas, que cada vez requieren m\u00e1s energ\u00eda.<\/p>\n"],"perspective_location":["Dubai, EAU"],"_yoast_wpseo_metadesc":["Tras d\u00e9cadas de desarrollo, las energ\u00edas renovables pueden convertirse en la fuente de energ\u00eda imprescindible para la vida moderna. M\u00e1s informaci\u00f3n."],"_thumbnail_id":["107422"],"_edit_lock":["1688550969:25"],"_edit_last":["25"],"_last_translation_edit_mode":["native-editor"],"wpcf-projecttitle":[""],"wpcf-projectdescription":[""],"wpcf-projectimage-video1":["image"],"wpcf-projectimage-1":[""],"wpcf-projectvideo-1":[""],"wpcf-projectdescription-1":[""],"wpcf-projectimage-video2":["image"],"wpcf-projectimage-2":[""],"wpcf-projectvideo-2":[""],"wpcf-projectdescription-2":[""],"wpcf-projectimage-video3":["image"],"wpcf-projectimage-3":[""],"wpcf-projectvideo-3":[""],"wpcf-projectdescription-3":[""],"wpcf-projectimage-video4":["image"],"wpcf-projectimage-4":[""],"wpcf-projectvideo-4":[""],"wpcf-projectdescription-4":[""],"perspective_business_sector":["Energ\u00eda y Servicios Medioambientales"],"wpcf-card-image":[""],"_wpcf-card-image-sort-order":["a:1:{i:0;i:1499139;}"],"amazonS3_cache":["a:22:{s:60:\"\/\/alj.com\/app\/uploads\/2023\/04\/IEA-Renewables-2022-Report.jpg\";a:2:{s:2:\"id\";i:107408;s:11:\"source_type\";s:13:\"media-library\";}s:68:\"\/\/alj.com\/app\/uploads\/2023\/04\/IEA-Renewables-2022-Report-211x300.jpg\";a:2:{s:2:\"id\";i:107408;s:11:\"source_type\";s:13:\"media-library\";}s:66:\"\/\/media.alj.com\/app\/uploads\/2023\/04\/IEA-Renewables-2022-Report.jpg\";a:2:{s:2:\"id\";i:107408;s:11:\"source_type\";s:13:\"media-library\";}s:74:\"\/\/media.alj.com\/app\/uploads\/2023\/04\/IEA-Renewables-2022-Report-211x300.jpg\";a:2:{s:2:\"id\";i:107408;s:11:\"source_type\";s:13:\"media-library\";}s:60:\"\/\/alj.com\/app\/uploads\/2023\/04\/1839-ALJ-Renewables-scaled.jpg\";a:2:{s:2:\"id\";i:107359;s:11:\"source_type\";s:13:\"media-library\";}s:66:\"\/\/media.alj.com\/app\/uploads\/2023\/04\/1839-ALJ-Renewables-scaled.jpg\";a:2:{s:2:\"id\";i:107359;s:11:\"source_type\";s:13:\"media-library\";}s:39:\"\/\/alj.com\/app\/uploads\/2023\/04\/COP28.png\";a:2:{s:2:\"id\";i:107394;s:11:\"source_type\";s:13:\"media-library\";}s:45:\"\/\/media.alj.com\/app\/uploads\/2023\/04\/COP28.png\";a:2:{s:2:\"id\";i:107394;s:11:\"source_type\";s:13:\"media-library\";}s:51:\"\/\/alj.com\/app\/uploads\/2023\/04\/Panda-Solar-Farms.jpg\";a:2:{s:2:\"id\";i:107415;s:11:\"source_type\";s:13:\"media-library\";}s:57:\"\/\/media.alj.com\/app\/uploads\/2023\/04\/Panda-Solar-Farms.jpg\";a:2:{s:2:\"id\";i:107415;s:11:\"source_type\";s:13:\"media-library\";}s:61:\"\/\/alj.com\/app\/uploads\/2023\/04\/1839-ALJ-Renewables2-scaled.jpg\";a:2:{s:2:\"id\";i:107366;s:11:\"source_type\";s:13:\"media-library\";}s:67:\"\/\/media.alj.com\/app\/uploads\/2023\/04\/1839-ALJ-Renewables2-scaled.jpg\";a:2:{s:2:\"id\";i:107366;s:11:\"source_type\";s:13:\"media-library\";}s:61:\"\/\/alj.com\/app\/uploads\/2023\/04\/1839-ALJ-Renewables3-scaled.jpg\";a:2:{s:2:\"id\";i:107373;s:11:\"source_type\";s:13:\"media-library\";}s:67:\"\/\/media.alj.com\/app\/uploads\/2023\/04\/1839-ALJ-Renewables3-scaled.jpg\";a:2:{s:2:\"id\";i:107373;s:11:\"source_type\";s:13:\"media-library\";}s:61:\"\/\/alj.com\/app\/uploads\/2023\/04\/1839-ALJ-Renewables4-scaled.jpg\";a:2:{s:2:\"id\";i:107380;s:11:\"source_type\";s:13:\"media-library\";}s:67:\"\/\/media.alj.com\/app\/uploads\/2023\/04\/1839-ALJ-Renewables4-scaled.jpg\";a:2:{s:2:\"id\";i:107380;s:11:\"source_type\";s:13:\"media-library\";}s:54:\"\/\/alj.com\/app\/uploads\/2023\/04\/1839-ALJ-Renewables5.jpg\";a:2:{s:2:\"id\";i:107387;s:11:\"source_type\";s:13:\"media-library\";}s:60:\"\/\/media.alj.com\/app\/uploads\/2023\/04\/1839-ALJ-Renewables5.jpg\";a:2:{s:2:\"id\";i:107387;s:11:\"source_type\";s:13:\"media-library\";}s:49:\"\/\/alj.com\/app\/uploads\/2023\/04\/FJ-Green-Planet.png\";a:2:{s:2:\"id\";i:107401;s:11:\"source_type\";s:13:\"media-library\";}s:57:\"\/\/alj.com\/app\/uploads\/2023\/04\/FJ-Green-Planet-300x233.png\";a:2:{s:2:\"id\";i:107401;s:11:\"source_type\";s:13:\"media-library\";}s:55:\"\/\/media.alj.com\/app\/uploads\/2023\/04\/FJ-Green-Planet.png\";a:2:{s:2:\"id\";i:107401;s:11:\"source_type\";s:13:\"media-library\";}s:63:\"\/\/media.alj.com\/app\/uploads\/2023\/04\/FJ-Green-Planet-300x233.png\";a:2:{s:2:\"id\";i:107401;s:11:\"source_type\";s:13:\"media-library\";}}"]},"_links":{"self":[{"href":"https:\/\/alj.com\/es\/wp-json\/wp\/v2\/perspective\/107459"}],"collection":[{"href":"https:\/\/alj.com\/es\/wp-json\/wp\/v2\/perspective"}],"about":[{"href":"https:\/\/alj.com\/es\/wp-json\/wp\/v2\/types\/perspective"}],"author":[{"embeddable":true,"href":"https:\/\/alj.com\/es\/wp-json\/wp\/v2\/users\/18"}],"wp:featuredmedia":[{"embeddable":true,"href":"https:\/\/alj.com\/es\/wp-json\/wp\/v2\/media\/107422"}],"wp:attachment":[{"href":"https:\/\/alj.com\/es\/wp-json\/wp\/v2\/media?parent=107459"}],"wp:term":[{"taxonomy":"post_tag","embeddable":true,"href":"https:\/\/alj.com\/es\/wp-json\/wp\/v2\/tags?post=107459"}],"curies":[{"name":"wp","href":"https:\/\/api.w.org\/{rel}","templated":true}]}}