{"id":108348,"date":"2023-05-17T07:00:44","date_gmt":"2023-05-17T07:00:44","guid":{"rendered":"https:\/\/alj.com\/perspective\/order-from-chaos-can-we-de-risk-our-precarious-planet\/"},"modified":"2024-02-13T12:20:46","modified_gmt":"2024-02-13T12:20:46","slug":"order-from-chaos-can-we-de-risk-our-precarious-planet","status":"publish","type":"perspective","link":"https:\/\/alj.com\/es\/perspective\/order-from-chaos-can-we-de-risk-our-precarious-planet\/","title":{"rendered":"Ordenar el caos: \u00bfpodemos eliminar los riesgos de nuestro planeta precario?"},"content":{"rendered":"<p>En un mundo cada vez m\u00e1s impredecible, sacudido por los conflictos, paralizado por las epidemias y acechado por los violentos s\u00edntomas del cambio clim\u00e1tico, una comprensi\u00f3n integral del riesgo es tan valiosa como una antorcha en la oscuridad. Entender la realidad del riesgo permite a las familias planificar sus vidas, a los l\u00edderes empresariales mantener la prosperidad de nuestras industrias y a los gobiernos construir sociedades m\u00e1s fuertes. Seguir ignorando el riesgo, porque es abrumador o desagradable, significa continuar nuestra espiral hacia la autodestrucci\u00f3n.<\/p>\n<p><img decoding=\"async\" loading=\"lazy\" class=\"alignleft size-medium wp-image-108035\" src=\"https:\/\/media.alj.com\/app\/uploads\/2023\/05\/Global-Risks-Report-2023-212x300.jpg\" alt=\"Global Risks Report 2023\" width=\"212\" height=\"300\" srcset=\"https:\/\/media.alj.com\/app\/uploads\/2023\/05\/Global-Risks-Report-2023-212x300.jpg 212w, https:\/\/media.alj.com\/app\/uploads\/2023\/05\/Global-Risks-Report-2023-106x150.jpg 106w, https:\/\/media.alj.com\/app\/uploads\/2023\/05\/Global-Risks-Report-2023.jpg 498w\" sizes=\"(max-width: 212px) 100vw, 212px\" \/>El 18.<sup>o<\/sup> <a href=\"https:\/\/www3.weforum.org\/docs\/WEF_Global_Risks_Report_2023.pdf\">Informe anual de riesgos globales<\/a> del Foro Econ\u00f3mico Mundial (World Economic Forum, WEF) tiene como objetivo recuperar parte del orden de este caos. Su edici\u00f3n de 2023 establece r\u00e1pidamente la magnitud de las crisis a las que se enfrenta el mundo moderno, anclado en lo que describe como \u201cun periodo particularmente disruptivo en la historia humana\u201d.<a href=\"#_ftn1\" name=\"_ftnref1\">[1]<\/a><\/p>\n<p>El WEF retrata un futuro cercano afectado por un bajo crecimiento econ\u00f3mico, una menor cooperaci\u00f3n internacional y una serie de compromisos perjudiciales, tanto para la acci\u00f3n clim\u00e1tica como para el desarrollo social.<\/p>\n<p>El perfil de riesgo global de 2023 es una combinaci\u00f3n complicada de lo familiar y lo nuevo.<\/p>\n<p>Los antiguos desaf\u00edos, como la inflaci\u00f3n, las guerras comerciales, los disturbios sociales y la confrontaci\u00f3n geopol\u00edtica, est\u00e1n avanzando hacia nuevas perturbaciones \u00fanicas de la era moderna: deuda insostenible, desglobalizaci\u00f3n, disminuci\u00f3n de los niveles de vida e imposibilidad de limitar el calentamiento global a 1,5\u00a0<sup>o<\/sup>C por encima de los niveles preindustriales.<\/p>\n<p>En palabras del WEF, esta tormenta perfecta de desaf\u00edos anuncia el inicio de una fase \u201c\u00fanica, incierta y turbulenta\u201d de la historia humana. Un posicionamiento tambi\u00e9n reconocido en el mundo empresarial con el creciente uso del acr\u00f3nimo \u201cVUCA\u201d (volatilidad, incertidumbre, complejidad y ambig\u00fcedad), un concepto acu\u00f1ado originalmente en 1987, que toma como referencia las teor\u00edas de liderazgo de Warren Bennis y Burt Nanus para describir el entorno comercial y pol\u00edtico global actual.<\/p>\n<p>Bas\u00e1ndose en encuestas con expertos en el campo, el informe del WEF examina tanto los riesgos a corto plazo (aquellos a los que nos enfrentaremos a mediados de la d\u00e9cada de 2020) como los riesgos a largo plazo (aquellos que ocupar\u00e1n el primer plano en aproximadamente una d\u00e9cada).<\/p>\n<p>Tal vez no sorprenda que nuestros mayores desaf\u00edos para los pr\u00f3ximos dos a\u00f1os muestren un sesgo econ\u00f3mico, mientras que nuestros desaf\u00edos a largo plazo sean de naturaleza m\u00e1s existencial.<\/p>\n<p><img decoding=\"async\" loading=\"lazy\" class=\"aligncenter size-full wp-image-108000\" src=\"https:\/\/media.alj.com\/app\/uploads\/2023\/05\/ALJ-Risks-Review-scaled.jpg\" alt=\"\" width=\"2560\" height=\"1801\" srcset=\"https:\/\/media.alj.com\/app\/uploads\/2023\/05\/ALJ-Risks-Review-scaled.jpg 2560w, https:\/\/media.alj.com\/app\/uploads\/2023\/05\/ALJ-Risks-Review-300x211.jpg 300w, https:\/\/media.alj.com\/app\/uploads\/2023\/05\/ALJ-Risks-Review-1024x721.jpg 1024w, https:\/\/media.alj.com\/app\/uploads\/2023\/05\/ALJ-Risks-Review-150x106.jpg 150w, https:\/\/media.alj.com\/app\/uploads\/2023\/05\/ALJ-Risks-Review-768x540.jpg 768w, https:\/\/media.alj.com\/app\/uploads\/2023\/05\/ALJ-Risks-Review-1536x1081.jpg 1536w, https:\/\/media.alj.com\/app\/uploads\/2023\/05\/ALJ-Risks-Review-2048x1441.jpg 2048w\" sizes=\"(max-width: 2560px) 100vw, 2560px\" \/><\/p>\n<p>Mitigar estos desaf\u00edos a largo plazo, que amenazan con socavar toda nuestra existencia, requerir\u00e1 cambios sin precedentes en nuestros sistemas y estructuras. Pero antes empezar a abordar sus causas y redise\u00f1ar nuestro mundo, debemos enfrentarnos a la crisis del paralizante coste de vida, considerada la amenaza m\u00e1s incendiaria para la estabilidad global en los pr\u00f3ximos dos a\u00f1os.<\/p>\n<h2>La econom\u00eda sirve como bar\u00f3metro del riesgo futuro<\/h2>\n<p>Entre ahora y 2025 es probable que las presiones econ\u00f3micas aumenten debido a tres factores: la situaci\u00f3n de Rusia\/Ucrania, que mantiene altos los precios del combustible, la continua escasez de componentes tras los cierres de la pandemia y las guerras comerciales que afectan a las cadenas de suministro internacionales.<\/p>\n<p>Las cifras son dignas de preocupaci\u00f3n. El Fondo Monetario Internacional (FMI) predice que el crecimiento mundial caer\u00e1 hasta el 2,9\u00a0% en 2023, muy por debajo de la media hist\u00f3rica del 3,8\u00a0%.<a href=\"#_ftn2\" name=\"_ftnref2\"><sup>[2]<\/sup><\/a> La econom\u00eda estadounidense podr\u00eda entrar en recesi\u00f3n a finales de este a\u00f1o o, en el mejor de los casos, crecer en un escaso 0,5\u00a0% &#8211; 1\u00a0%, un gran descenso en comparaci\u00f3n con el crecimiento del 1,5\u00a0% &#8211; 2\u00a0% de 2022 y el 6\u00a0% alcanzado en 2021.<a href=\"#_ftn3\" name=\"_ftnref3\"><sup>[3]<\/sup><\/a> Los valores de la propiedad, a menudo un bar\u00f3metro de la confianza p\u00fablica, tambi\u00e9n est\u00e1n activando las alarmas. Los precios de las viviendas en el Reino Unido podr\u00edan caer en torno a un 8\u00a0% en 2023, el segundo descenso anual m\u00e1s pronunciado en 70\u00a0a\u00f1os.<a href=\"#_ftn4\" name=\"_ftnref4\"><sup>[4]<\/sup><\/a><\/p>\n<p>Los peligros abundan. Seg\u00fan el WEF, las pol\u00edticas fiscales mal gestionadas ponen en riesgo la liquidez y causan problemas de deuda en toda la sociedad. Un escenario emergente de <em>estanflaci\u00f3n<\/em> (alta inflaci\u00f3n continua combinada con una econom\u00eda estancada) podr\u00eda exacerbar los niveles hist\u00f3ricamente altos de deuda p\u00fablica y desencadenar profundas repercusiones socioecon\u00f3micas.<\/p>\n<p><img decoding=\"async\" loading=\"lazy\" class=\"aligncenter size-full wp-image-108007\" src=\"https:\/\/media.alj.com\/app\/uploads\/2023\/05\/ALJ-Risks-Review2-scaled.jpg\" alt=\"\" width=\"2560\" height=\"1801\" srcset=\"https:\/\/media.alj.com\/app\/uploads\/2023\/05\/ALJ-Risks-Review2-scaled.jpg 2560w, https:\/\/media.alj.com\/app\/uploads\/2023\/05\/ALJ-Risks-Review2-300x211.jpg 300w, https:\/\/media.alj.com\/app\/uploads\/2023\/05\/ALJ-Risks-Review2-1024x721.jpg 1024w, https:\/\/media.alj.com\/app\/uploads\/2023\/05\/ALJ-Risks-Review2-150x106.jpg 150w, https:\/\/media.alj.com\/app\/uploads\/2023\/05\/ALJ-Risks-Review2-768x540.jpg 768w, https:\/\/media.alj.com\/app\/uploads\/2023\/05\/ALJ-Risks-Review2-1536x1081.jpg 1536w, https:\/\/media.alj.com\/app\/uploads\/2023\/05\/ALJ-Risks-Review2-2048x1441.jpg 2048w\" sizes=\"(max-width: 2560px) 100vw, 2560px\" \/><\/p>\n<p>Como es habitual, las secciones m\u00e1s vulnerables de la sociedad son las que m\u00e1s sufrir\u00e1n en esta realineaci\u00f3n econ\u00f3mica.<\/p>\n<p><img decoding=\"async\" loading=\"lazy\" class=\"alignright size-full wp-image-108063\" src=\"https:\/\/media.alj.com\/app\/uploads\/2023\/05\/UN-State-of-Food-Security-Report.jpg\" alt=\"\" width=\"163\" height=\"231\" srcset=\"https:\/\/media.alj.com\/app\/uploads\/2023\/05\/UN-State-of-Food-Security-Report.jpg 163w, https:\/\/media.alj.com\/app\/uploads\/2023\/05\/UN-State-of-Food-Security-Report-106x150.jpg 106w\" sizes=\"(max-width: 163px) 100vw, 163px\" \/>El \u00faltimo informe del Estado de la seguridad alimentaria y la nutrici\u00f3n de la ONU muestra que unos 821\u00a0millones de personas pasaron hambre en 2021, 46\u00a0millones m\u00e1s que el a\u00f1o anterior. El hambre ahora afecta a casi el 10\u00a0% de la poblaci\u00f3n mundial, un fuerte aumento desde el 8\u00a0% de 2019, lo que representa una r\u00e1pida reversi\u00f3n en los esfuerzos por eliminar la desnutrici\u00f3n global.<a href=\"#_ftn5\" name=\"_ftnref5\">[5]<\/a><\/p>\n<p>La creciente pobreza y el fantasma del hambre tienen el potencial latente de estimular los disturbios en las naciones m\u00e1s fr\u00e1giles del mundo en desarrollo, que van desde protestas callejeras hasta el colapso estatal.<\/p>\n<p>A medida que las piezas se asientan y entra en juego una nueva realidad econ\u00f3mica, el WEF advierte de una era de \u201ccreciente divergencia entre pa\u00edses ricos y pobres y del primer retroceso en el desarrollo humano en d\u00e9cadas\u201d.<a href=\"#_ftn6\" name=\"_ftnref6\">[6]<\/a><\/p>\n<p>Los pronosticadores prev\u00e9n un periodo de \u201cmilitarizaci\u00f3n geoecon\u00f3mica\u201d. A medida que aumentan las presiones nacionales, se espera que las naciones endurezcan las pol\u00edticas fiscales para aumentar su soberan\u00eda y limitar el crecimiento de sus rivales, aunque lo \u00fanico que esto podr\u00eda lograr es reafirmar la interdependencia de la econom\u00eda global moderna.<\/p>\n<p>Incluso cuando nos enfrentamos a una tormenta de desaf\u00edos econ\u00f3micos, nos llaman a\u00fan m\u00e1s presiones financieras. Varios de los ejes econ\u00f3micos del mundo tambi\u00e9n se encuentran entre los m\u00e1s propensos a las tensiones entre estados. Cualquier repercusi\u00f3n, desde una guerra econ\u00f3mica hasta una guerra real, podr\u00eda frenar una recuperaci\u00f3n econ\u00f3mica mundial.<\/p>\n<p>Aun as\u00ed, el mundo ha sufrido crisis econ\u00f3micas aparentemente insuperables muchas veces antes y ha surgido m\u00e1s fuerte y en mejores condiciones. Por ejemplo, la Gran Depresi\u00f3n de 1929-1939, la Conmoci\u00f3n del Precio del Petr\u00f3leo de la OPEP de 1973, la Crisis Asi\u00e1tica de 1997 o la Crisis Financiera Global de 2007-2008. Es posible que vuelva a suceder lo mismo, o algo similar. Ya lo hemos hecho antes\u2026 \u00bfqu\u00e9 es tan diferente ahora?<\/p>\n<p>En esta ocasi\u00f3n los peligros a largo plazo que se identifican en el nuevo informe de riesgos del WEF, dominados por la inminente crisis medioambiental, complican las cosas.<\/p>\n<h2>Cambio clim\u00e1tico: una \u201cbomba de riesgo\u201d que nos amenaza a todos<\/h2>\n<p>Si miramos a trav\u00e9s de una lente de una d\u00e9cada, la emergencia ecol\u00f3gica parece destinada a redefinir la noci\u00f3n de riesgo global: una \u201cbomba de riesgo\u201d, cuyos fragmentos podr\u00edan extenderse a todos los \u00e1mbitos de nuestras vidas.<\/p>\n<p>Los expertos consultados por el WEF son tajantes. Volviendo a las listas de riesgos anteriores, siete de los 10\u00a0peligros \u201cm\u00e1s graves\u201d para 2033 est\u00e1n directamente relacionados con el calentamiento global: incapacidad para mitigar el cambio clim\u00e1tico, incapacidad de adaptaci\u00f3n, desastres naturales\/eventos clim\u00e1ticos extremos, p\u00e9rdida de biodiversidad y colapso del ecosistema, migraci\u00f3n involuntaria generalizada, crisis de recursos naturales e incidentes de da\u00f1os ambientales a gran escala. Adem\u00e1s, al menos dos de los 10\u00a0riesgos principales restantes est\u00e1n, como m\u00ednimo, tangencialmente relacionados con el cambio clim\u00e1tico: erosi\u00f3n de la cohesi\u00f3n social y confrontaci\u00f3n geoecon\u00f3mica.<\/p>\n<p>El hasta la fecha lento progreso hacia los objetivos clim\u00e1ticos acordados en la COP21 de 2015, m\u00e1s conocida como el \u201cAcuerdo de Par\u00eds\u201d, ha puesto de manifiesto el abismo entre el idealismo ret\u00f3rico y la realidad pol\u00edtica. Desafortunadamente, esto significa que nuestros ecosistemas naturales seguir\u00e1n sufriendo a medio plazo, a medida que se gasten recursos y energ\u00edas en dificultades econ\u00f3micas a corto plazo.<\/p>\n<p>A pesar de los compromisos repetidos para abordar la cat\u00e1strofe clim\u00e1tica, las emisiones de CO<sub>2<\/sub> han aumentado un 60\u00a0% desde el lanzamiento de la Convenci\u00f3n Marco sobre el Cambio Clim\u00e1tico de la ONU en 1992.<a href=\"#_ftn7\" name=\"_ftnref7\">[7]<\/a> Se prev\u00e9 que el cambio clim\u00e1tico provoque unas 250\u00a0000 muertes adicionales al a\u00f1o entre 2030 y 2050, en gran parte por hambre, estr\u00e9s t\u00e9rmico y enfermedades.<a href=\"#_ftn8\" name=\"_ftnref8\">[8]<\/a><\/p>\n<p>Para 2050 se espera que las ciudades de varios continentes, Asia, Norteam\u00e9rica y Europa, experimenten aumentos de temperatura en el \u201cmes m\u00e1s c\u00e1lido\u201d de entre 1,9\u00a0\u00b0C y 8\u00a0\u00b0C.<a href=\"#_ftn9\" name=\"_ftnref9\">[9]<\/a> En esa misma fecha, los niveles del mar a lo largo de la costa de los Estados Unidos podr\u00edan aumentar hasta 12\u00a0pulgadas (30,48\u00a0cm) por encima de la l\u00ednea de flotaci\u00f3n actual.<a href=\"#_ftn10\" name=\"_ftnref10\">[10]<\/a><\/p>\n<p><img decoding=\"async\" loading=\"lazy\" class=\"aligncenter size-full wp-image-108014\" src=\"https:\/\/media.alj.com\/app\/uploads\/2023\/05\/ALJ-Risks-Review3.jpg\" alt=\"\" width=\"2303\" height=\"2244\" srcset=\"https:\/\/media.alj.com\/app\/uploads\/2023\/05\/ALJ-Risks-Review3.jpg 2303w, https:\/\/media.alj.com\/app\/uploads\/2023\/05\/ALJ-Risks-Review3-300x292.jpg 300w, https:\/\/media.alj.com\/app\/uploads\/2023\/05\/ALJ-Risks-Review3-1024x998.jpg 1024w, https:\/\/media.alj.com\/app\/uploads\/2023\/05\/ALJ-Risks-Review3-150x146.jpg 150w, https:\/\/media.alj.com\/app\/uploads\/2023\/05\/ALJ-Risks-Review3-768x748.jpg 768w, https:\/\/media.alj.com\/app\/uploads\/2023\/05\/ALJ-Risks-Review3-1536x1497.jpg 1536w, https:\/\/media.alj.com\/app\/uploads\/2023\/05\/ALJ-Risks-Review3-2048x1996.jpg 2048w\" sizes=\"(max-width: 2303px) 100vw, 2303px\" \/><\/p>\n<p>En ausencia de pol\u00edticas coordinadas o de una inversi\u00f3n masiva en las industrias ecol\u00f3gicas, los impactos del cambio clim\u00e1tico podr\u00edan descontrolarse. El agotamiento de los recursos naturales, la p\u00e9rdida de biodiversidad y la escasez de alimentos unidos podr\u00edan provocar un colapso acelerado del ecosistema y desastres naturales mucho m\u00e1s devastadores.<\/p>\n<p>La p\u00e9rdida de biodiversidad\/colapso del ecosistema, que no est\u00e1 considerado uno de los 10\u00a0principales riesgos en los pr\u00f3ximos dos a\u00f1os, asciende hasta el cuarto lugar en la agenda de riesgos para 2033. La biodiversidad ya est\u00e1 disminuyendo m\u00e1s r\u00e1pido que en cualquier punto anterior de la historia humana, as\u00ed que se teme que la naturaleza pase por un punto invisible de no retorno.<a href=\"#_ftn11\" name=\"_ftnref11\">[11]<\/a><\/p>\n<p>La p\u00e9rdida de integridad de la biosfera es uno de los nueve \u201cl\u00edmites planetarios\u201d, o puntos de inflexi\u00f3n, desarrollados en 2009 por el cient\u00edfico sueco Johan Rockstr\u00f6m. En su investigaci\u00f3n de referencia, el equipo de Rockstr\u00f6m identific\u00f3 nueve procesos clave que regulan la estabilidad y la resiliencia de la Tierra, dentro de los cuales la humanidad puede continuar desarroll\u00e1ndose y prosperando. Sin embargo, si cruzamos uno o m\u00e1s de estos l\u00edmites corremos el riesgo de causar da\u00f1os ambientales irreversibles y a gran escala.<a href=\"#_ftn12\" name=\"_ftnref12\">[12]<\/a><\/p>\n<p><img decoding=\"async\" loading=\"lazy\" class=\"aligncenter size-full wp-image-108028\" src=\"https:\/\/media.alj.com\/app\/uploads\/2023\/05\/ALJ-Risks-Review5-scaled.jpg\" alt=\"\" width=\"2560\" height=\"2048\" srcset=\"https:\/\/media.alj.com\/app\/uploads\/2023\/05\/ALJ-Risks-Review5-scaled.jpg 2560w, https:\/\/media.alj.com\/app\/uploads\/2023\/05\/ALJ-Risks-Review5-300x240.jpg 300w, https:\/\/media.alj.com\/app\/uploads\/2023\/05\/ALJ-Risks-Review5-1024x819.jpg 1024w, https:\/\/media.alj.com\/app\/uploads\/2023\/05\/ALJ-Risks-Review5-150x120.jpg 150w, https:\/\/media.alj.com\/app\/uploads\/2023\/05\/ALJ-Risks-Review5-768x614.jpg 768w, https:\/\/media.alj.com\/app\/uploads\/2023\/05\/ALJ-Risks-Review5-1536x1229.jpg 1536w, https:\/\/media.alj.com\/app\/uploads\/2023\/05\/ALJ-Risks-Review5-2048x1638.jpg 2048w\" sizes=\"(max-width: 2560px) 100vw, 2560px\" \/><\/p>\n<p>Con m\u00e1s de la mitad de la econom\u00eda global dependiente, al menos en parte, de la naturaleza o los recursos naturales, el colapso de los ecosistemas conducir\u00e1 a fracasos en las cosechas, al deterioro nutricional de los cultivos, a un fallo generalizado de la polinizaci\u00f3n y a inundaciones e <a href=\"https:\/\/alj.com\/es\/spotlight-by-fady-jameel\/wildfires-and-climate-change-todays-burning-issue\/\">incendios forestales<\/a> cada vez m\u00e1s da\u00f1inos. Todos los <a href=\"https:\/\/alj.com\/es\/spotlight-by-fady-jameel\/mantenerse-en-sintonia-con-los-ritmos-de-la-naturaleza\/\">ecosistemas<\/a> se ver\u00e1n afectados, desde las llanuras de hielo del \u00c1rtico hasta los <a href=\"https:\/\/alj.com\/es\/spotlight-by-fady-jameel\/turning-the-tide\/\">arrecifes de coral<\/a>, los bosques y los biomas de hierba marina. No hay refugio ante riesgos de esta magnitud.<\/p>\n<p>Peor a\u00fan, las estrategias de mitigaci\u00f3n para las crisis clim\u00e1ticas enfrentadas a veces tiran en diferentes direcciones y simplemente cambian la carga de un dilema a otro. Por ejemplo, la agricultura de alta intensidad, fundamental para <a href=\"https:\/\/alj.com\/es\/spotlight-by-fady-jameel\/finding-the-food-of-the-future\/\">resolver el hambre mundial<\/a>, puede chocar directamente con las estrategias de conservaci\u00f3n de la tierra. Incluso la infraestructura de energ\u00eda renovable puede tener consecuencias imprevistas como la p\u00e9rdida del h\u00e1bitat, la <a href=\"https:\/\/alj.com\/es\/spotlight-by-fady-jameel\/la-lucha-contra-la-contaminacion-acustica\/\">contaminaci\u00f3n ac\u00fastica<\/a> y la interferencia con los patrones de migraci\u00f3n.<\/p>\n<p>Tambi\u00e9n debemos enfrentarnos a la desafortunada combinaci\u00f3n de la \u201cgravedad del riesgo\u201d con la \u201cpreparaci\u00f3n\u201d, o m\u00e1s bien, la falta de ella. De los 10\u00a0riesgos globales para los que el informe del WEF dice que estamos <em>menos<\/em> <em>preparados<\/em>, m\u00e1s de la mitad est\u00e1n relacionados con el clima. Solo alrededor del 10\u00a0% de los encuestados cree que nuestra preparaci\u00f3n para mitigar el cambio clim\u00e1tico es efectiva o mejor, y alrededor del 70\u00a0% considera que nuestra preparaci\u00f3n es ineficaz o peor.<a href=\"#_ftn13\" name=\"_ftnref13\">[13]<\/a> Un pesimismo similar rodea la percepci\u00f3n de nuestro nivel de preparaci\u00f3n para la p\u00e9rdida de biodiversidad, el colapso de los ecosistemas y las crisis de recursos naturales.<\/p>\n<p>En \u00faltima instancia, cuando pensamos en el riesgo, en el calentamiento global, las cadenas alimentarias y la biodiversidad, lo que realmente estamos contemplando es la experiencia humana: nuestra calidad de vida y nuestra capacidad para sobrevivir como especie.<\/p>\n<p>Entonces, a medida que navegamos por nuestra nueva red de riesgos, \u00bfcu\u00e1les son las perspectivas para la salud humana?<\/p>\n<h2>Estado de los riesgos \u201cpermapand\u00e9micos\u201d del cambio clim\u00e1tico<\/h2>\n<p>Si necesit\u00e1bamos un recordatorio sobre la fragilidad del cuerpo humano, la COVID-19 fue esa alarma. Tras un confinamiento global, m\u00e1s de 5\u00a0millones de muertes y un peaje econ\u00f3mico de 12,5\u00a0billones de USD, la subordinaci\u00f3n de la humanidad al ecosistema se ha (re)establecido con firmeza, \u00a1por si alguna vez hubo dudas al respecto!<a href=\"#_ftn14\" name=\"_ftnref14\">[14]<\/a><\/p>\n<p>M\u00e1s all\u00e1 de sus impactos principales, la pandemia tambi\u00e9n llam\u00f3 la atenci\u00f3n de <a href=\"https:\/\/alj.com\/es\/spotlight-by-fady-jameel\/time-for-climate-action-to-go-viral\/\">desaf\u00edos de salud m\u00e1s amplios<\/a>, como la <a href=\"https:\/\/aljhealth.com\/en\/insights\/resistance-is-not-futile\/\">resistencia antimicrobiana<\/a> (asociada a casi 5\u00a0millones de muertes en 2019<a href=\"#_ftn15\" name=\"_ftnref15\">[15]<\/a>) la reticencia a las vacunas y las enfermedades impulsadas por el clima.<\/p>\n<p>El cambio clim\u00e1tico afectar\u00e1 a toda la flora y fauna; en nuestra susceptibilidad, los seres humanos apenas nos diferenciamos de nuestros compa\u00f1eros animales.<\/p>\n<p>Si no se mitiga el cambio clim\u00e1tico (que est\u00e1 considerado el riesgo n\u00famero uno en t\u00e9rminos de gravedad durante un periodo de 10 a\u00f1os) se desencadenar\u00e1 una cascada de impactos relacionados con la salud para la humanidad. Estos incluyen el <a href=\"https:\/\/alj.com\/es\/spotlight-by-fady-jameel\/no-es-solo-aire-caliente\/\">aumento de la contaminaci\u00f3n del aire<\/a>, un incremento de los contaminantes transmitidos por el agua y m\u00e1s <a href=\"https:\/\/alj.com\/es\/spotlight-by-fady-jameel\/el-calor-letal-es-mas-frio-de-lo-que-se-imagina-la-refrescante-ciencia-de-las-temperaturas-de-bulbo-humedo\/\">eventos mortales de \u201cbulbo h\u00famedo\u201d<\/a> (d\u00edas en los que la combinaci\u00f3n de calor y humedad dificulta la capacidad del cuerpo para enfriarse a s\u00ed mismo). El calentamiento global tambi\u00e9n alargar\u00e1 la \u201ctemporada de peligro\u201d para las enfermedades existentes transmitidas por insectos, como la malaria (619\u00a0000 muertes en 2021<a href=\"#_ftn16\" name=\"_ftnref16\">[16]<\/a>) y la fiebre del dengue.<\/p>\n<p>La constante urbanizaci\u00f3n disminuye los h\u00e1bitats naturales y lleva a los seres humanos a un contacto cada vez m\u00e1s cercano con los animales salvajes. Esto amenaza un aumento incesante de las <a href=\"https:\/\/alj.com\/en\/spotlight-by-fady-jameel\/bold-idea-to-combat-the-rise-of-infectious-diseases\/\">enfermedades zoon\u00f3ticas<\/a>, como el SARS, el MERS y la gripe aviar, y una situaci\u00f3n descrita ominosamente por el WEF como \u201cpermapand\u00e9mica\u201d.<\/p>\n<p><img decoding=\"async\" loading=\"lazy\" class=\"aligncenter size-full wp-image-108056\" src=\"https:\/\/media.alj.com\/app\/uploads\/2023\/05\/shutterstock_1679265442-scaled.jpg\" alt=\"\" width=\"2560\" height=\"1707\" srcset=\"https:\/\/media.alj.com\/app\/uploads\/2023\/05\/shutterstock_1679265442-scaled.jpg 2560w, https:\/\/media.alj.com\/app\/uploads\/2023\/05\/shutterstock_1679265442-300x200.jpg 300w, https:\/\/media.alj.com\/app\/uploads\/2023\/05\/shutterstock_1679265442-1024x683.jpg 1024w, https:\/\/media.alj.com\/app\/uploads\/2023\/05\/shutterstock_1679265442-150x100.jpg 150w, https:\/\/media.alj.com\/app\/uploads\/2023\/05\/shutterstock_1679265442-768x512.jpg 768w, https:\/\/media.alj.com\/app\/uploads\/2023\/05\/shutterstock_1679265442-1536x1024.jpg 1536w, https:\/\/media.alj.com\/app\/uploads\/2023\/05\/shutterstock_1679265442-2048x1365.jpg 2048w\" sizes=\"(max-width: 2560px) 100vw, 2560px\" \/><\/p>\n<p>Los sistemas sanitarios apenas pueden seguir el ritmo de los desaf\u00edos existentes, y mucho menos prepararse para lo desconocido. Por ejemplo, en el Reino Unido en 2022 unos 7\u00a0millones de personas se quedaron a la espera de recibir tratamientos m\u00e9dicos no urgentes, incluso cuando uno de cada diez puestos de trabajo en el Servicio Nacional de Salud estaba vacante. La Organizaci\u00f3n Mundial de la Salud (<a href=\"https:\/\/who.int\">OMS<\/a>) predice un d\u00e9ficit de unos 10\u00a0millones de trabajadores sanitarios en todo el mundo para 2030, principalmente en pa\u00edses de renta baja y media-baja.<a href=\"#_ftn17\" name=\"_ftnref17\">[17]<\/a><\/p>\n<p>Los recortes gubernamentales en el gasto m\u00e9dico podr\u00edan tener un efecto peligroso en la salud humana, y estos escenarios son plausibles incluso en el mundo desarrollado. EE.\u00a0UU. ya gasta alrededor del 20\u00a0% de su PIB en atenci\u00f3n sanitaria, aunque su mayor poblaci\u00f3n demogr\u00e1fica a\u00fan no se ha jubilado.<a href=\"#_ftn18\" name=\"_ftnref18\">[18]<\/a><\/p>\n<p>Podr\u00edamos imaginar que la tecnolog\u00eda florecer\u00e1 en nuestra salvaci\u00f3n. Sin embargo, es aconsejable actuar con precauci\u00f3n, porque la tecnolog\u00eda conlleva un riesgo propio: el de ampliar la desigualdad.<\/p>\n<p>Los pa\u00edses con econom\u00edas desarrolladas y grandes presupuestos est\u00e1n preparados para monopolizar las recompensas de los avances en IA, computaci\u00f3n cu\u00e1ntica y biotecnolog\u00eda en los pr\u00f3ximos a\u00f1os. A menos que puedan salirse del carril lento, las econom\u00edas emergentes se enfrentan a perderse este turbocompresor impulsado por la tecnolog\u00eda, junto con mejoras asociadas en la atenci\u00f3n sanitaria, la mitigaci\u00f3n del clima y la agricultura.<\/p>\n<p>Ni siquiera los pa\u00edses a la vanguardia de la revoluci\u00f3n tecnol\u00f3gica pueden permitirse la complacencia. Inevitablemente, nuestra creciente dependencia de la tecnolog\u00eda supondr\u00e1 nuevos riesgos que tendremos que contrarrestar, desde las invasiones de la privacidad hasta el crimen en l\u00ednea y el ciberterrorismo.<\/p>\n<p><img decoding=\"async\" loading=\"lazy\" class=\"aligncenter size-full wp-image-108042\" src=\"https:\/\/media.alj.com\/app\/uploads\/2023\/05\/shutterstock_418624180-scaled.jpg\" alt=\"\" width=\"2560\" height=\"1707\" srcset=\"https:\/\/media.alj.com\/app\/uploads\/2023\/05\/shutterstock_418624180-scaled.jpg 2560w, https:\/\/media.alj.com\/app\/uploads\/2023\/05\/shutterstock_418624180-300x200.jpg 300w, https:\/\/media.alj.com\/app\/uploads\/2023\/05\/shutterstock_418624180-1024x683.jpg 1024w, https:\/\/media.alj.com\/app\/uploads\/2023\/05\/shutterstock_418624180-150x100.jpg 150w, https:\/\/media.alj.com\/app\/uploads\/2023\/05\/shutterstock_418624180-768x512.jpg 768w, https:\/\/media.alj.com\/app\/uploads\/2023\/05\/shutterstock_418624180-1536x1024.jpg 1536w, https:\/\/media.alj.com\/app\/uploads\/2023\/05\/shutterstock_418624180-2048x1365.jpg 2048w\" sizes=\"(max-width: 2560px) 100vw, 2560px\" \/><\/p>\n<p>Sin embargo\u2026 incluso en el contexto de un an\u00e1lisis de riesgos, sigue habiendo muchas esperanzas.<\/p>\n<p>El WEF describe varias formas en las que, dentro de los silos de nuestras naciones y sociedades, podemos cambiar nuestro comportamiento y contribuir a compensar algunos de los riesgos que se nos presentan.<\/p>\n<h2>Un salvavidas tecnol\u00f3gico: curar las causas del riesgo<\/h2>\n<p>En primer lugar, como <a href=\"https:\/\/alj.com\/es\/our-people\/fady-jameel\/\">Fady Jameel<\/a>, presidente adjunto y vicepresidente de <a href=\"https:\/\/alj.com\/es\/\">Abdul Latif Jameel<\/a>, ha comentado en art\u00edculos anteriores <a href=\"https:\/\/alj.com\/es\/spotlight-by-fady-jameel\/necesitamos-energia-limpia-para-recargar-nuestras-economias\/\">como este<\/a>, no debemos permitir que nuestros problemas econ\u00f3micos inmediatos pongan en peligro nuestro objetivo a largo plazo de combatir el cambio clim\u00e1tico, con diferencia el riesgo m\u00e1s mortal de nuestro futuro colectivo.<\/p>\n<p>Aunque la crisis del coste de vida lidera la lista de riesgos a los que se enfrenta la humanidad en los pr\u00f3ximos dos a\u00f1os, la mayor\u00eda de los expertos la perciben como un peligro temporal; en la lista de riesgos a 10\u00a0a\u00f1os, el coste de vida desaparece completamente de la lista de las 10\u00a0principales preocupaciones. Desde esta perspectiva a una d\u00e9cada, contrarrestar el calentamiento global se considera fundamental para neutralizar otros riesgos fundamentales, como el colapso de los ecosistemas y la migraci\u00f3n involuntaria a gran escala.<\/p>\n<p>Seg\u00fan la ONU, mantener el calentamiento global por debajo de 1,5\u00a0\u00b0C significa reducir las emisiones en un 45\u00a0% para 2030 y alcanzar el cero neto para 2050.<a href=\"#_ftn19\" name=\"_ftnref19\"><sup>[19]<\/sup><\/a> Se necesita una transformaci\u00f3n dentro del <a href=\"https:\/\/alj.com\/es\/spotlight-by-fady-jameel\/necesitamos-energia-limpia-para-recargar-nuestras-economias\/\">sector energ\u00e9tico<\/a>, responsable de alrededor de tres cuartas partes de todas estas emisiones.<\/p>\n<p>Debemos reemplazar r\u00e1pidamente las contaminantes centrales el\u00e9ctricas de carb\u00f3n, gas y petr\u00f3leo por parques e\u00f3licos o solares. La Agencia Internacional de Energ\u00edas Renovables (<a href=\"https:\/\/www.irena.org\/\">IRENA<\/a>) estima que alrededor del 88\u00a0% de la energ\u00eda podr\u00eda ser ecol\u00f3gica para 2050, abarcando una mezcla de plantas e\u00f3licas, solares, hidroel\u00e9ctricas, bioenerg\u00e9ticas y geot\u00e9rmicas.<a href=\"#_ftn20\" name=\"_ftnref20\">[20]<\/a><\/p>\n<p><img decoding=\"async\" loading=\"lazy\" class=\"aligncenter size-full wp-image-102441\" src=\"https:\/\/media.alj.com\/app\/uploads\/2022\/09\/1763-ALJ-Decarbonizing-Energy3-scaled.jpg\" alt=\"\" width=\"2560\" height=\"1600\" srcset=\"https:\/\/media.alj.com\/app\/uploads\/2022\/09\/1763-ALJ-Decarbonizing-Energy3-scaled.jpg 2560w, https:\/\/media.alj.com\/app\/uploads\/2022\/09\/1763-ALJ-Decarbonizing-Energy3-300x188.jpg 300w, https:\/\/media.alj.com\/app\/uploads\/2022\/09\/1763-ALJ-Decarbonizing-Energy3-1024x640.jpg 1024w, https:\/\/media.alj.com\/app\/uploads\/2022\/09\/1763-ALJ-Decarbonizing-Energy3-150x94.jpg 150w, https:\/\/media.alj.com\/app\/uploads\/2022\/09\/1763-ALJ-Decarbonizing-Energy3-768x480.jpg 768w, https:\/\/media.alj.com\/app\/uploads\/2022\/09\/1763-ALJ-Decarbonizing-Energy3-1536x960.jpg 1536w, https:\/\/media.alj.com\/app\/uploads\/2022\/09\/1763-ALJ-Decarbonizing-Energy3-2048x1280.jpg 2048w\" sizes=\"(max-width: 2560px) 100vw, 2560px\" \/><\/p>\n<p>Actuar r\u00e1pido no solo tiene sentido medioambiental, sino tambi\u00e9n econ\u00f3mico.<\/p>\n<p>Adem\u00e1s de reducir los riesgos de nuestro planeta, las investigaciones demuestran que la <a href=\"https:\/\/alj.com\/es\/spotlight-by-fady-jameel\/que-podemos-hacer-para-continuar-con-nuestro-progreso-hacia-la-descarbonizacion\/\">descarbonizaci\u00f3n de nuestros sistemas de energ\u00eda<\/a> ahorrar\u00e1 al mundo al menos 12\u00a0billones de USD para 2050.<a href=\"#_ftn21\" name=\"_ftnref21\">[21]<\/a><\/p>\n<p>El avance de la tecnolog\u00eda, a pesar de nuestra cautela, produce muchos beneficios. Las turbinas e\u00f3licas modernas son m\u00e1s altas que nunca y capturan m\u00e1s energ\u00eda potencial de corrientes de aire m\u00e1s elevadas. La capacidad media de las nuevas turbinas e\u00f3licas en Estados Unidos fue de 3\u00a0MW durante 2021, un aumento del 9\u00a0% con respecto a 2020 y del 319\u00a0% con respecto a 1998\/1999.<a href=\"#_ftn22\" name=\"_ftnref22\">[22]<\/a> <a href=\"#_ftn23\" name=\"_ftnref23\">[23]<\/a><\/p>\n<p>Es la misma historia para la <a href=\"https:\/\/alj.com\/es\/perspective\/un-ejemplo-brillante\/\">energ\u00eda solar<\/a>. Los avances en la tecnolog\u00eda fotovoltaica significan que los paneles solares modernos de alta eficiencia pueden alcanzar una eficiencia del 23\u00a0%, superando con creces el \u00edndice de referencia de eficiencia del 15\u00a0% de los sistemas anteriores.<a href=\"#_ftn24\" name=\"_ftnref24\">[24]<\/a><\/p>\n<p>La tecnolog\u00eda tambi\u00e9n est\u00e1 impulsando el actual aumento en el sector agr\u00edcola vertical global, cuya previsi\u00f3n es alcanzar una tasa de crecimiento anual compuesta (CAGR) del 26\u00a0% para 2033 y una facturaci\u00f3n de 34\u00a0000 millones de USD. Estas t\u00e9cnicas agr\u00edcolas de vanguardia aumentan la producci\u00f3n de alimentos por metro cuadrado, con un menor uso de agua y menos productos qu\u00edmicos.<a href=\"#_ftn25\" name=\"_ftnref25\">[25]<\/a><\/p>\n<p>Si la tecnolog\u00eda es capaz ayudarnos a evitar los nefastos riesgos del cambio clim\u00e1tico, podemos empezar a contemplar c\u00f3mo salvar a la humanidad de nuestro peor enemigo: nosotros mismos.<\/p>\n<h2>Cuatro pasos hacia un futuro con menos riesgo&#8230;<\/h2>\n<p>Si queremos tener \u00e9xito, abordar los riesgos futuros no puede ser un esfuerzo fragmentado pa\u00eds por pa\u00eds. Los l\u00edderes pol\u00edticos deben colaborar, a trav\u00e9s de fronteras y continentes, dise\u00f1ando soluciones conjuntas para los riesgos que nos unen a todos.<\/p>\n<p>\u201cLos enfoques defensivos, fragmentados y orientados a la crisis son ef\u00edmeros y a menudo perpet\u00faan ciclos viciosos\u201d, argumenta el WEF. En su lugar, exige un \u201cenfoque riguroso de la previsi\u00f3n y la preparaci\u00f3n\u201d, con el objetivo de \u201creforzar nuestra resiliencia a los riesgos a largo plazo y trazar un camino hacia un mundo m\u00e1s pr\u00f3spero\u201d.<a href=\"#_ftn26\" name=\"_ftnref26\"><sup>[26]<\/sup><\/a><\/p>\n<p>El WEF ha propuesto un manifiesto de cuatro pasos para mejorar nuestra respuesta global al riesgo:<\/p>\n<ul>\n<li><strong>Mejorar la detecci\u00f3n de riesgos con antelaci\u00f3n:<\/strong> el \u201cescaneado del horizonte\u201d y la \u201cplanificaci\u00f3n de escenarios\u201d se citan como estrategias \u00fatiles para extrapolar indicadores sutiles en los datos. Juntos, podr\u00edan ayudarnos a anticiparnos y prepararnos para futuros eventos a gran escala, como aumentos de temperatura, conflictos fronterizos y pandemias emergentes.<\/li>\n<li><strong>Redefinir lo que significa \u201cfuturo\u201d:<\/strong> las cat\u00e1strofes recientes dictan demasiadas pol\u00edticas p\u00fablicas; de manera similar, demasiadas decisiones empresariales se basan en evitar amenazas inmediatas. Las instituciones, tanto del sector p\u00fablico como del privado, deben trabajar m\u00e1s duro para separar la priorizaci\u00f3n de riesgos de las motivaciones a corto plazo.<\/li>\n<li><strong>Prestar atenci\u00f3n al panorama general:<\/strong> los legisladores deben recordar que muchas crisis est\u00e1n relacionadas. Consideremos c\u00f3mo el cambio clim\u00e1tico y los conflictos armados podr\u00edan influir sobre las cadenas de suministro de alimentos y el hambre. Por lo tanto, abordar el riesgo a menudo requerir\u00e1 una preparaci\u00f3n intersectorial. A veces, una intervenci\u00f3n tiene m\u00faltiples ventajas, como la inversi\u00f3n en educaci\u00f3n, que beneficia simult\u00e1neamente al PIB, a la atenci\u00f3n sanitaria y a los est\u00e1ndares de vida.<\/li>\n<li><strong>Compartir una visi\u00f3n com\u00fan:<\/strong> las intervenciones verdaderamente impactantes suelen proceder de una amplia secci\u00f3n de la sociedad: los gobiernos, las ONG y el sector privado. El intercambio abierto de datos entre naciones ya ha ayudado a salvar vidas en una serie de riesgos, desde desastres naturales hasta ataques terroristas. Dichas colaboraciones son un modelo para el futuro.<\/li>\n<\/ul>\n<p>Hay razones para evitar una actitud derrotista. Aunque la volatilidad aumenta la probabilidad de eventos de riesgo, la estabilidad tiene el efecto opuesto, y los conocimientos de los expertos en el informe del WEF prev\u00e9n menos volatilidad en una d\u00e9cada de la que estamos experimentando actualmente.<\/p>\n<p>Dentro de dos a\u00f1os, el 82\u00a0% de los encuestados espera que estemos en un estado de \u201ccrisis persistente\u201d o \u201cvolatilidad constante\u201d. Sin embargo, para 2033 esta cifra cae hasta el 54\u00a0%, y el resto prev\u00e9 sorpresas localizadas ocasionales, estabilidad relativa o incluso un renacimiento de la resiliencia global.<\/p>\n<h2>&#8230;y cuatro destinos entre los que elegir<\/h2>\n<p>Seg\u00fan el WEF, nuestra prioridad es evitar tropezar ciegamente con una \u201cpolicrisis\u201d, es decir, m\u00faltiples crisis agrupadas en torno a la escasez de recursos naturales para 2030. Una policrisis representa una red de riesgos interconectados que convergen para crear problemas mayores que la suma de sus partes.<\/p>\n<p>La mejor defensa contra una policrisis alarmista es la concienciaci\u00f3n sobre c\u00f3mo los riesgos medioambientales, geopol\u00edticos y socioecon\u00f3micos relacionados podr\u00edan conducir a una mayor competencia por los elementos esenciales de la vida: alimentos, agua, combustible y energ\u00eda.<\/p>\n<p><img decoding=\"async\" loading=\"lazy\" class=\"aligncenter size-full wp-image-108021\" src=\"https:\/\/media.alj.com\/app\/uploads\/2023\/05\/ALJ-Risks-Review4.jpg\" alt=\"\" width=\"2067\" height=\"2244\" srcset=\"https:\/\/media.alj.com\/app\/uploads\/2023\/05\/ALJ-Risks-Review4.jpg 2067w, https:\/\/media.alj.com\/app\/uploads\/2023\/05\/ALJ-Risks-Review4-276x300.jpg 276w, https:\/\/media.alj.com\/app\/uploads\/2023\/05\/ALJ-Risks-Review4-943x1024.jpg 943w, https:\/\/media.alj.com\/app\/uploads\/2023\/05\/ALJ-Risks-Review4-138x150.jpg 138w, https:\/\/media.alj.com\/app\/uploads\/2023\/05\/ALJ-Risks-Review4-768x834.jpg 768w, https:\/\/media.alj.com\/app\/uploads\/2023\/05\/ALJ-Risks-Review4-1415x1536.jpg 1415w, https:\/\/media.alj.com\/app\/uploads\/2023\/05\/ALJ-Risks-Review4-1886x2048.jpg 1886w\" sizes=\"(max-width: 2067px) 100vw, 2067px\" \/><\/p>\n<p>Adoptar una mentalidad internacional a largo plazo nos permitir\u00e1 elegir entre cuatro escenarios futuros muy diferentes.<\/p>\n<ul>\n<li><strong>Colaboraci\u00f3n de recursos:<\/strong> las naciones trabajan juntas para reducir los peores impactos del cambio clim\u00e1tico y mantener una cadena de suministro de alimentos global. La escasez de agua, metales y minerales es inevitable pero manejable, lo que conduce a una crisis humanitaria limitada en las regiones m\u00e1s pobres.<\/li>\n<li><strong>Restricciones de recursos:<\/strong> las crisis globales de la competencia dificultan la acci\u00f3n contra el cambio clim\u00e1tico, lo que provoca hambre y escasez de energ\u00eda en pa\u00edses vulnerables. Se desarrollan crisis humanitarias significativas, agravadas por la inestabilidad pol\u00edtica.<\/li>\n<li><strong>Competencia de recursos:<\/strong> la rivalidad internacional y la desconfianza provocan un impulso insular de autosuficiencia en pa\u00edses m\u00e1s ricos, lo que conduce a una divisi\u00f3n m\u00e1s amplia entre ricos y pobres a nivel mundial. Aunque las necesidades de alimentos y agua se pueden satisfacer a nivel nacional, la falta de <a href=\"https:\/\/alj.com\/es\/spotlight-by-fady-jameel\/mission-critical-we-need-fewer-fossil-fuels-and-more-critical-minerals\/\">minerales y metales cr\u00edticos<\/a> en el mundo desarrollado provoca escasez, guerras de precios y la aparici\u00f3n de nuevos bloques de energ\u00eda, con el creciente peligro de que se produzca un conflicto accidental.<\/li>\n<li><strong>Control de recursos:<\/strong> la fricci\u00f3n geopol\u00edtica exacerba la escasez de alimentos y agua impulsada por el clima, lo que conduce a una crisis mundial de m\u00faltiples recursos, con impactos socioecon\u00f3micos generalizados de una gravedad sin precedentes, refugiados de hambre y sequ\u00eda, as\u00ed como conflictos frecuentes entre estados.<\/li>\n<\/ul>\n<p>Claramente, la colaboraci\u00f3n es el enfoque \u00f3ptimo y el sector privado est\u00e1 en una posici\u00f3n \u00fanica para ayudar a dirigir la sociedad hacia este escenario menos arriesgado.<\/p>\n<h2>Papel del sector privado en la reducci\u00f3n del riesgo<\/h2>\n<p>En <a href=\"https:\/\/alj.com\/es\/\">Abdul Latif Jameel<\/a>, estamos utilizando el <a href=\"https:\/\/jimco.com\/en\/insights\/principled-profits-what-esg-means-for-private-investors\/\">poder de nuestro capital privado<\/a> para ayudar a reducir el riesgo global, combatiendo el cambio clim\u00e1tico y promoviendo una recuperaci\u00f3n ecol\u00f3gica, <a href=\"https:\/\/jameel75.com\/en\/sdg\">en l\u00ednea con la Agenda 2030 de la ONU<\/a> y los <a href=\"https:\/\/sdgs.un.org\/es\/goals\">Objetivos de Desarrollo Sostenible<\/a> (ODS).<\/p>\n<p><iframe loading=\"lazy\" src=\"\/\/www.youtube.com\/embed\/tB0cUgRSUAM\" width=\"560\" height=\"314\" allowfullscreen=\"allowfullscreen\"><\/iframe><\/p>\n<p>Nuestro negocio insignia de energ\u00eda renovable, Fotowatio Renewable Ventures (<a href=\"https:\/\/frv.com\/\">FRV)<\/a>, se esfuerza por garantizar una energ\u00eda limpia y asequible para todos. FRV gestiona una cartera en constante expansi\u00f3n de proyectos de energ\u00eda solar, e\u00f3lica e h\u00edbrida y de almacenamiento de energ\u00eda en todo Oriente Medio, Australia, Europa y Latinoam\u00e9rica.<\/p>\n<p><iframe loading=\"lazy\" src=\"\/\/www.youtube.com\/embed\/K5Su-KjYeXg\" width=\"560\" height=\"314\" allowfullscreen=\"allowfullscreen\"><\/iframe><\/p>\n<p>La secci\u00f3n de innovaci\u00f3n de FRV, <a href=\"https:\/\/frv.com\/services\/frv-x\/\">FRV-X<\/a>, es pionera en plantas de almacenamiento en bater\u00edas a escala de servicios p\u00fablicos (BESS), entre otras <a href=\"https:\/\/alj.com\/es\/perspective\/proxima-parada-transporte-publico-impulsado-por-hidrogeno\/\">tecnolog\u00edas energ\u00e9ticas<\/a> de vanguardia, para garantizar suministros de energ\u00eda las 24\u00a0horas a nuestros hogares y comunidades. Ya participan en proyectos de sistemas de almacenamiento de energ\u00eda en bater\u00edas en el Reino Unido en <a href=\"https:\/\/alj.com\/en\/news\/abdul-latif-jameel-energys-frv-achieves-financial-close-with-natwest-for-its-holes-bay-battery-project-in-the-uk\/\">Holes Bay<\/a> (Dorset), <a href=\"https:\/\/alj.com\/en\/news\/abdul-latif-jameel-energys-frv-energizes-contego-battery-energy-storage-plant\/\">Contego<\/a> (West Sussex) y <a href=\"https:\/\/alj.com\/en\/news\/abdul-latif-jameel-energys-frv-and-harmony-energy-begin-construction-of-one-the-uks-largest-battery-storage-projects\/\">Clay Tye<\/a> (Essex), adem\u00e1s de en una planta h\u00edbrida de energ\u00eda solar y BESS en <a href=\"https:\/\/alj.com\/en\/news\/abdul-latif-jameel-energys-frv-announces-first-hybrid-pv-solar-storage-project-in-australia\/\">Dalby<\/a> (Queensland), en Australia. Asimismo, en oto\u00f1o de 2022, FRV adquiri\u00f3 dos <a href=\"https:\/\/alj.com\/en\/news\/abdul-latif-jameel-energys-frv-to-acquire-two-new-battery-energy-storage-projects-in-the-uk\/\">proyectos de BESS<\/a> adicionales en el Reino Unido, as\u00ed como una participaci\u00f3n mayoritaria en un proyecto de sistemas de almacenamiento de energ\u00eda en bater\u00edas en <a href=\"https:\/\/alj.com\/en\/news\/abdul-latif-jameel-energys-frv-acquires-majority-stake-in-one-of-the-largest-battery-energy-storage-systems-in-greece\/\">Grecia<\/a>.<\/p>\n<p>Recientemente, FRV-X tambi\u00e9n ha invertido 10,6\u00a0millones de USD en <a href=\"https:\/\/ecoligo.com\/es\/?\">ecoligo<\/a>, un proveedor de \u201cenerg\u00eda solar como servicio\u201d con sede en Alemania. Fundada en 2016, ecoligo adopta un enfoque \u201cde abajo hacia arriba\u201d para desarrollar la generaci\u00f3n de energ\u00eda solar, trabajando directamente con clientes comerciales e industriales en mercados emergentes para desarrollar proyectos de energ\u00eda solar que satisfagan sus necesidades energ\u00e9ticas. Cada proyecto est\u00e1 financiado por inversores individuales a trav\u00e9s de una innovadora plataforma de inversi\u00f3n colectiva. ecoligo opera actualmente en 11\u00a0pa\u00edses, incluidos Kenia, Ghana, Costa Rica, Vietnam, Filipinas y Chile.<\/p>\n<p>\u00bfDe qu\u00e9 otra manera contribuimos a reducir el riesgo de un futuro de recursos peligrosamente agotados?<\/p>\n<p>Nuestros compa\u00f1eros de <a href=\"https:\/\/almarwater.com\/\">Almar Water Solutions<\/a>, parte de <a href=\"https:\/\/alj.com\/energy\">Abdul Latif Jameel Energy and Environmental Services<\/a>, muestran c\u00f3mo la tecnolog\u00eda avanzada puede ayudar a fortalecer la calidad y la eficiencia de los sistemas h\u00eddricos. En 2022 <a href=\"https:\/\/alj.com\/en\/news\/datakorum-awarded-an-historic-project-driving-digital-transformation-of-abu-dhabis-water-infrastructure\/\">invirti\u00f3<\/a> en <a href=\"https:\/\/www.datakorum.com\/site\/?lang=en\">Datakorum<\/a>, empresa especialista en soluciones del internet de las cosas (IoT), para conseguir un contrato con <a href=\"https:\/\/eandenterprise.com\/en\/index.jsp\">e&amp; Enterprise<\/a> (anteriormente Etisalat Digital) con el que pretenden poner en marcha un <a href=\"https:\/\/alj.com\/en\/news\/datakorum-awarded-an-historic-project-driving-digital-transformation-of-abu-dhabis-water-infrastructure\/\">proyecto de comunicaci\u00f3n inteligente<\/a> de infraestructuras de agua y energ\u00eda en Abu Dabi. El proyecto tiene como objetivo garantizar una mayor eficiencia para los clientes y contribuir a la digitalizaci\u00f3n de las infraestructuras locales de agua, acelerando las mejoras operativas y la preparaci\u00f3n de la red inteligente.<\/p>\n<p>Mientras tanto, el Jameel Water and Food Systems Lab del ITM (<a href=\"https:\/\/jwafs.mit.edu\/\">J-WAFS)<\/a>, cofundado por <a href=\"https:\/\/communityjameel.org\/\">Community Jameel<\/a> en 2014, investiga t\u00e9cnicas para nutrir y mantener una poblaci\u00f3n mundial en constante crecimiento, mientras que otra colaboraci\u00f3n de Community Jameel\/ITM, el Laboratorio de acci\u00f3n contra la pobreza Abdul Latif Jameel (<a href=\"https:\/\/www.povertyactionlab.org\/\">J-PAL<\/a>), tiene como objetivo contrarrestar la pobreza mundial abogando por la formulaci\u00f3n de pol\u00edticas impulsadas por la ciencia.<\/p>\n<p>&nbsp;<\/p>\n<p><a href=\"#_ftnref1\" name=\"_ftn1\">[1]<\/a> <a href=\"https:\/\/www3.weforum.org\/docs\/WEF_Global_Risks_Report_2023.pdf\">https:\/\/www3.weforum.org\/docs\/WEF_Global_Risks_Report_2023.pdf<\/a><\/p>\n<p><a href=\"#_ftnref2\" name=\"_ftn2\">[2]<\/a> <a href=\"https:\/\/www.imf.org\/en\/Publications\/WEO#:~:text=Description%3A%20The%20January%202023%20World,historical%20average%20of%203.8%20percent\">https:\/\/www.imf.org\/en\/Publications\/WEO#:~:text=Description%3A%20The%20January%202023%20World,historical%20average%20of%203.8%20percent<\/a> .<\/p>\n<p><a href=\"#_ftnref3\" name=\"_ftn3\">[3]<\/a> <a href=\"https:\/\/www.jpmorgan.com\/commercial-banking\/insights\/economic-trends\">https:\/\/www.jpmorgan.com\/commercial-banking\/insights\/economic-trends<\/a><\/p>\n<p><a href=\"#_ftnref4\" name=\"_ftn4\">[4]<\/a> <a href=\"https:\/\/www.pwc.co.uk\/services\/economics\/insights\/uk-key-trends-in-2023.html\">https:\/\/www.pwc.co.uk\/services\/economics\/insights\/uk-key-trends-in-2023.html<\/a><\/p>\n<p><a href=\"#_ftnref5\" name=\"_ftn5\">[5]<\/a> <a href=\"https:\/\/www.fao.org\/newsroom\/detail\/un-report-global-hunger-SOFI-2022-FAO\/en\">https:\/\/www.fao.org\/newsroom\/detail\/un-report-global-hunger-SOFI-2022-FAO\/en<\/a><\/p>\n<p><a href=\"#_ftnref6\" name=\"_ftn6\">[6]<\/a> <a href=\"https:\/\/www3.weforum.org\/docs\/WEF_Global_Risks_Report_2023.pdf\">https:\/\/www3.weforum.org\/docs\/WEF_Global_Risks_Report_2023.pdf<\/a><\/p>\n<p><a href=\"#_ftnref7\" name=\"_ftn7\">[7]<\/a> <a href=\"https:\/\/www.iea.org\/reports\/net-zero-by-2050\">https:\/\/www.iea.org\/reports\/net-zero-by-2050<\/a><\/p>\n<p><a href=\"#_ftnref8\" name=\"_ftn8\">[8]<\/a> <a href=\"https:\/\/www.who.int\/health-topics\/climate-change#tab=tab_1\">https:\/\/www.who.int\/health-topics\/climate-change#tab=tab_1<\/a><\/p>\n<p><a href=\"#_ftnref9\" name=\"_ftn9\">[9]<\/a> <a href=\"https:\/\/www.bbc.co.uk\/news\/newsbeat-48947573\">https:\/\/www.bbc.co.uk\/news\/newsbeat-48947573<\/a><\/p>\n<p><a href=\"#_ftnref10\" name=\"_ftn10\">[10]<\/a> <a href=\"https:\/\/climate.nasa.gov\/news\/3232\/nasa-study-rising-sea-level-could-exceed-estimates-for-us-coasts\/#:~:text=By%202050%2C%20sea%20level%20along,three%20decades%20of%20satellite%20observations\">https:\/\/climate.nasa.gov\/news\/3232\/nasa-study-rising-sea-level-could-exceed-estimates-for-us-coasts\/#:~:text=By%202050%2C%20sea%20level%20along,three%20decades%20of%20satellite%20observations<\/a><\/p>\n<p><a href=\"#_ftnref11\" name=\"_ftn11\">[11]<\/a> <a href=\"https:\/\/www3.weforum.org\/docs\/WEF_Global_Risks_Report_2023.pdf\">https:\/\/www3.weforum.org\/docs\/WEF_Global_Risks_Report_2023.pdf<\/a><\/p>\n<p><a href=\"#_ftnref12\" name=\"_ftn12\">[12]<\/a> <a href=\"https:\/\/www.stockholmresilience.org\/research\/planetary-boundaries.html\">https:\/\/www.stockholmresilience.org\/research\/planetary-boundaries.html<\/a><\/p>\n<p><a href=\"#_ftnref13\" name=\"_ftn13\">[13]<\/a> <a href=\"https:\/\/www3.weforum.org\/docs\/WEF_Global_Risks_Report_2023.pdf\">https:\/\/www3.weforum.org\/docs\/WEF_Global_Risks_Report_2023.pdf<\/a><\/p>\n<p><a href=\"#_ftnref14\" name=\"_ftn14\">[14]<\/a> <a href=\"https:\/\/www.reuters.com\/business\/imf-sees-cost-covid-pandemic-rising-beyond-125-trillion-estimate-2022-01-20\/\">https:\/\/www.reuters.com\/business\/imf-sees-cost-covid-pandemic-rising-beyond-125-trillion-estimate-2022-01-20\/<\/a><\/p>\n<p><a href=\"#_ftnref15\" name=\"_ftn15\">[15]<\/a> <a href=\"https:\/\/www3.weforum.org\/docs\/WEF_Global_Risks_Report_2023.pdf\">https:\/\/www3.weforum.org\/docs\/WEF_Global_Risks_Report_2023.pdf<\/a><\/p>\n<p><a href=\"#_ftnref16\" name=\"_ftn16\">[16]<\/a> <a href=\"https:\/\/www.who.int\/teams\/global-malaria-programme\/reports\/world-malaria-report-2022\">https:\/\/www.who.int\/teams\/global-malaria-programme\/reports\/world-malaria-report-2022<\/a><\/p>\n<p><a href=\"#_ftnref17\" name=\"_ftn17\">[17]<\/a> <a href=\"https:\/\/www.who.int\/health-topics\/health-workforce#tab=tab_1\">https:\/\/www.who.int\/health-topics\/health-workforce#tab=tab_1<\/a><\/p>\n<p><a href=\"#_ftnref18\" name=\"_ftn18\">[18]<\/a> <a href=\"https:\/\/www3.weforum.org\/docs\/WEF_Global_Risks_Report_2023.pdf\">https:\/\/www3.weforum.org\/docs\/WEF_Global_Risks_Report_2023.pdf<\/a><\/p>\n<p><a href=\"#_ftnref19\" name=\"_ftn19\">[19]<\/a> <a href=\"https:\/\/www.un.org\/en\/climatechange\/net-zero-coalition\">https:\/\/www.un.org\/en\/climatechange\/net-zero-coalition<\/a><\/p>\n<p><a href=\"#_ftnref20\" name=\"_ftn20\">[20]<\/a> <a href=\"https:\/\/www.irena.org\/-\/media\/Files\/IRENA\/Agency\/Webinars\/07012020_INSIGHTS_webinar_Wind-and-Solar.pdf?la=en&amp;hash=BC60764A90CC2C4D80B374C1D169A47FB59C3F9D\">https:\/\/www.irena.org\/-\/media\/Files\/IRENA\/Agency\/Webinars\/07012020_INSIGHTS_webinar_Wind-and-Solar.pdf?la=en&amp;hash=BC60764A90CC2C4D80B374C1D169A47FB59C3F9D<\/a><\/p>\n<p><a href=\"#_ftnref21\" name=\"_ftn21\">[21]<\/a> <a href=\"https:\/\/www.oxfordmartin.ox.ac.uk\/news\/decarbonise-energy-to-save-trillions\/\">https:\/\/www.oxfordmartin.ox.ac.uk\/news\/decarbonise-energy-to-save-trillions\/<\/a><\/p>\n<p><a href=\"#_ftnref22\" name=\"_ftn22\">[22]<\/a> <a href=\"https:\/\/windeurope.org\/newsroom\/press-releases\/eu-wind-installations-up-by-a-third-despite-challenging-year-for-supply-chain\/\">https:\/\/windeurope.org\/newsroom\/press-releases\/eu-wind-installations-up-by-a-third-despite-challenging-year-for-supply-chain\/<\/a><\/p>\n<p><a href=\"#_ftnref23\" name=\"_ftn23\">[23]<\/a> <a href=\"https:\/\/www.energy.gov\/eere\/articles\/wind-turbines-bigger-better\">https:\/\/www.energy.gov\/eere\/articles\/wind-turbines-bigger-better<\/a><\/p>\n<p><a href=\"#_ftnref24\" name=\"_ftn24\">[24]<\/a> <a href=\"https:\/\/www.forbes.com\/home-improvement\/solar\/most-efficient-solar-panels\/\">https:\/\/www.forbes.com\/home-improvement\/solar\/most-efficient-solar-panels\/<\/a><\/p>\n<p><a href=\"#_ftnref25\" name=\"_ftn25\">[25]<\/a> <a href=\"https:\/\/www3.weforum.org\/docs\/WEF_Global_Risks_Report_2023.pdf\">https:\/\/www3.weforum.org\/docs\/WEF_Global_Risks_Report_2023.pdf<\/a><\/p>\n<p><a href=\"#_ftnref26\" name=\"_ftn26\">[26]<\/a> <a href=\"https:\/\/www3.weforum.org\/docs\/WEF_Global_Risks_Report_2023.pdf\">https:\/\/www3.weforum.org\/docs\/WEF_Global_Risks_Report_2023.pdf<\/a><\/p>\n","protected":false},"author":18,"featured_media":108049,"template":"","tags":[],"acf":[],"yoast_head":"<!-- This site is optimized with the Yoast SEO plugin v21.5 - https:\/\/yoast.com\/wordpress\/plugins\/seo\/ -->\n<title>Riesgos de un planeta inestable | Abdul Latif Jameel\u00ae<\/title>\n<meta name=\"description\" content=\"En un mundo incierto marcado por conflictos, epidemias y crisis clim\u00e1tica, la comprensi\u00f3n del riesgo se vuelve una antorcha en la oscuridad. Leer m\u00e1s.\" \/>\n<meta name=\"robots\" content=\"index, follow, max-snippet:-1, max-image-preview:large, max-video-preview:-1\" \/>\n<link rel=\"canonical\" href=\"https:\/\/alj.com\/es\/perspective\/order-from-chaos-can-we-de-risk-our-precarious-planet\/\" \/>\n<meta property=\"og:locale\" content=\"es_ES\" \/>\n<meta property=\"og:type\" content=\"article\" \/>\n<meta property=\"og:title\" content=\"Riesgos de un planeta inestable | Abdul Latif Jameel\u00ae\" \/>\n<meta property=\"og:description\" content=\"En un mundo incierto marcado por conflictos, epidemias y crisis clim\u00e1tica, la comprensi\u00f3n del riesgo se vuelve una antorcha en la oscuridad. Leer m\u00e1s.\" \/>\n<meta property=\"og:url\" content=\"https:\/\/alj.com\/es\/perspective\/order-from-chaos-can-we-de-risk-our-precarious-planet\/\" \/>\n<meta property=\"og:site_name\" content=\"Abdul Latif Jameel\" \/>\n<meta property=\"article:publisher\" content=\"https:\/\/www.facebook.com\/Abdul.Latif.Jameel.Official\" \/>\n<meta property=\"article:modified_time\" content=\"2024-02-13T12:20:46+00:00\" \/>\n<meta property=\"og:image\" content=\"https:\/\/media.alj.com\/app\/uploads\/2023\/05\/Risks-LI.jpg\" \/>\n\t<meta property=\"og:image:width\" content=\"1200\" \/>\n\t<meta property=\"og:image:height\" content=\"627\" \/>\n\t<meta property=\"og:image:type\" content=\"image\/jpeg\" \/>\n<meta name=\"twitter:card\" content=\"summary_large_image\" \/>\n<meta name=\"twitter:label1\" content=\"Est. reading time\" \/>\n\t<meta name=\"twitter:data1\" content=\"25 minutes\" \/>\n<script type=\"application\/ld+json\" class=\"yoast-schema-graph\">{\"@context\":\"https:\/\/schema.org\",\"@graph\":[{\"@type\":\"WebPage\",\"@id\":\"https:\/\/alj.com\/es\/perspective\/order-from-chaos-can-we-de-risk-our-precarious-planet\/\",\"url\":\"https:\/\/alj.com\/es\/perspective\/order-from-chaos-can-we-de-risk-our-precarious-planet\/\",\"name\":\"Riesgos de un planeta inestable | Abdul Latif Jameel\u00ae\",\"isPartOf\":{\"@id\":\"https:\/\/alj.com\/en\/#website\"},\"datePublished\":\"2023-05-17T07:00:44+00:00\",\"dateModified\":\"2024-02-13T12:20:46+00:00\",\"description\":\"En un mundo incierto marcado por conflictos, epidemias y crisis clim\u00e1tica, la comprensi\u00f3n del riesgo se vuelve una antorcha en la oscuridad. Leer m\u00e1s.\",\"breadcrumb\":{\"@id\":\"https:\/\/alj.com\/es\/perspective\/order-from-chaos-can-we-de-risk-our-precarious-planet\/#breadcrumb\"},\"inLanguage\":\"es-ES\",\"potentialAction\":[{\"@type\":\"ReadAction\",\"target\":[\"https:\/\/alj.com\/es\/perspective\/order-from-chaos-can-we-de-risk-our-precarious-planet\/\"]}]},{\"@type\":\"BreadcrumbList\",\"@id\":\"https:\/\/alj.com\/es\/perspective\/order-from-chaos-can-we-de-risk-our-precarious-planet\/#breadcrumb\",\"itemListElement\":[{\"@type\":\"ListItem\",\"position\":1,\"name\":\"Home\",\"item\":\"https:\/\/alj.com\/es\/\"},{\"@type\":\"ListItem\",\"position\":2,\"name\":\"Perspectives\",\"item\":\"https:\/\/alj.com\/ja\/perspective\/\"},{\"@type\":\"ListItem\",\"position\":3,\"name\":\"Ordenar el caos: \u00bfpodemos eliminar los riesgos de nuestro planeta precario?\"}]},{\"@type\":\"WebSite\",\"@id\":\"https:\/\/alj.com\/en\/#website\",\"url\":\"https:\/\/alj.com\/en\/\",\"name\":\"Abdul Latif Jameel\",\"description\":\"Abdul Latif Jameel\",\"potentialAction\":[{\"@type\":\"SearchAction\",\"target\":{\"@type\":\"EntryPoint\",\"urlTemplate\":\"https:\/\/alj.com\/en\/?s={search_term_string}\"},\"query-input\":\"required name=search_term_string\"}],\"inLanguage\":\"es-ES\"}]}<\/script>\n<!-- \/ Yoast SEO plugin. -->","yoast_head_json":{"title":"Riesgos de un planeta inestable | Abdul Latif Jameel\u00ae","description":"En un mundo incierto marcado por conflictos, epidemias y crisis clim\u00e1tica, la comprensi\u00f3n del riesgo se vuelve una antorcha en la oscuridad. Leer m\u00e1s.","robots":{"index":"index","follow":"follow","max-snippet":"max-snippet:-1","max-image-preview":"max-image-preview:large","max-video-preview":"max-video-preview:-1"},"canonical":"https:\/\/alj.com\/es\/perspective\/order-from-chaos-can-we-de-risk-our-precarious-planet\/","og_locale":"es_ES","og_type":"article","og_title":"Riesgos de un planeta inestable | Abdul Latif Jameel\u00ae","og_description":"En un mundo incierto marcado por conflictos, epidemias y crisis clim\u00e1tica, la comprensi\u00f3n del riesgo se vuelve una antorcha en la oscuridad. Leer m\u00e1s.","og_url":"https:\/\/alj.com\/es\/perspective\/order-from-chaos-can-we-de-risk-our-precarious-planet\/","og_site_name":"Abdul Latif Jameel","article_publisher":"https:\/\/www.facebook.com\/Abdul.Latif.Jameel.Official","article_modified_time":"2024-02-13T12:20:46+00:00","og_image":[{"width":1200,"height":627,"url":"https:\/\/media.alj.com\/app\/uploads\/2023\/05\/Risks-LI.jpg","type":"image\/jpeg"}],"twitter_card":"summary_large_image","twitter_misc":{"Est. reading time":"25 minutes"},"schema":{"@context":"https:\/\/schema.org","@graph":[{"@type":"WebPage","@id":"https:\/\/alj.com\/es\/perspective\/order-from-chaos-can-we-de-risk-our-precarious-planet\/","url":"https:\/\/alj.com\/es\/perspective\/order-from-chaos-can-we-de-risk-our-precarious-planet\/","name":"Riesgos de un planeta inestable | Abdul Latif Jameel\u00ae","isPartOf":{"@id":"https:\/\/alj.com\/en\/#website"},"datePublished":"2023-05-17T07:00:44+00:00","dateModified":"2024-02-13T12:20:46+00:00","description":"En un mundo incierto marcado por conflictos, epidemias y crisis clim\u00e1tica, la comprensi\u00f3n del riesgo se vuelve una antorcha en la oscuridad. Leer m\u00e1s.","breadcrumb":{"@id":"https:\/\/alj.com\/es\/perspective\/order-from-chaos-can-we-de-risk-our-precarious-planet\/#breadcrumb"},"inLanguage":"es-ES","potentialAction":[{"@type":"ReadAction","target":["https:\/\/alj.com\/es\/perspective\/order-from-chaos-can-we-de-risk-our-precarious-planet\/"]}]},{"@type":"BreadcrumbList","@id":"https:\/\/alj.com\/es\/perspective\/order-from-chaos-can-we-de-risk-our-precarious-planet\/#breadcrumb","itemListElement":[{"@type":"ListItem","position":1,"name":"Home","item":"https:\/\/alj.com\/es\/"},{"@type":"ListItem","position":2,"name":"Perspectives","item":"https:\/\/alj.com\/ja\/perspective\/"},{"@type":"ListItem","position":3,"name":"Ordenar el caos: \u00bfpodemos eliminar los riesgos de nuestro planeta precario?"}]},{"@type":"WebSite","@id":"https:\/\/alj.com\/en\/#website","url":"https:\/\/alj.com\/en\/","name":"Abdul Latif Jameel","description":"Abdul Latif Jameel","potentialAction":[{"@type":"SearchAction","target":{"@type":"EntryPoint","urlTemplate":"https:\/\/alj.com\/en\/?s={search_term_string}"},"query-input":"required name=search_term_string"}],"inLanguage":"es-ES"}]}},"post-meta-fields":{"push_notification":["no"],"_push_notification":["field_5c3b1fb67034d"],"_wpml_word_count":["{\"total\":3755,\"to_translate\":{\"ar\":3755,\"zh-hans\":3755,\"fr\":3755,\"ja\":3755,\"es\":3755,\"tr\":3755}}"],"_wpml_media_featured":["1"],"_wpml_media_duplicate":["1"],"perspective_short_title":["\u00bfPodemos eliminar los riesgos de nuestro planeta precario?"],"perspective_summury":["<p>En un mundo cada vez m\u00e1s impredecible, sacudido por los conflictos, paralizado por las epidemias y acechado por los violentos s\u00edntomas del cambio clim\u00e1tico, una comprensi\u00f3n integral del riesgo es tan valiosa como una antorcha en la oscuridad.<\/p>\n"],"perspective_location":["Dubai, EAU"],"wpcf-featured-news":["0"],"is_latest_news":["0"],"wpcf-show-news-at-homepage":["1"],"publish_mobile":[""],"_publish_mobile":["field_5bfa8eb2e65cf"],"mobile_featured_image":["https:\/\/media.alj.com\/app\/uploads\/2023\/05\/shutterstock_1263331147-scaled.jpg"],"_mobile_featured_image":["field_5c3b204983dea"],"featured_on_listing_page":["0"],"_featured_on_listing_page":["field_62458ea7383c3"],"content_series_applied":[""],"_content_series_applied":["field_60f3d3faf82ac"],"wpcf-perspective-downloadable_file":[""],"wpcf-perspective-published-date":["1684281600"],"wpcf-video-description":[""],"wpcf-layoutvideourl":[""],"wpcf-video-thumb":[""],"wpcf-social4-svg":[""],"wpcf-social4-background-image":[""],"wpcf-social4-text":[""],"wpcf-social4-url":[""],"wpcf-social3-svg":[""],"wpcf-social3-background-image":[""],"wpcf-social3-text":[""],"wpcf-social3-url":[""],"wpcf-social-text-svg-square":[""],"wpcf-social-text-image-square":[""],"wpcf-social-text-text-square":[""],"wpcf-social-text-url-square":[""],"wpcf-social2-svg":[""],"wpcf-social2-background-image":[""],"wpcf-social2-text":[""],"wpcf-social2-url":[""],"wpcf-social-svg-square":[""],"wpcf-social-image-square":[""],"wpcf-social-text-square":[""],"wpcf-social-url-square":[""],"wpcf-social1-svg":[""],"wpcf-social1-background-image":[""],"wpcf-social1-text":[""],"wpcf-social1-url":[""],"wpcf-quotes-with-auther-text-1":[""],"wpcf-card_article_with_title_content":[""],"wpcf-card_article_content":["write your content"],"wpcf-quotes-with-auther-text":[""],"_bsf_post_type":["0"],"_bsf_item_review_type":["none"],"_yoast_wpseo_title":["Riesgos de un planeta inestable | Abdul Latif Jameel\u00ae"],"_yoast_wpseo_metadesc":["En un mundo incierto marcado por conflictos, epidemias y crisis clim\u00e1tica, la comprensi\u00f3n del riesgo se vuelve una antorcha en la oscuridad. Leer m\u00e1s."],"_yoast_wpseo_content_score":["30"],"_yoast_wpseo_estimated-reading-time-minutes":[""],"_yoast_wpseo_wordproof_timestamp":[""],"_yoast_wpseo_opengraph-image":["https:\/\/media.alj.com\/app\/uploads\/2023\/05\/Risks-LI-1024x535.jpg"],"_yoast_wpseo_opengraph-image-id":["108074"],"_thumbnail_id":["108049"],"_edit_lock":["1707826882:25"],"_edit_last":["25"],"wpcf-projecttitle":[""],"wpcf-projectdescription":[""],"wpcf-projectimage-video1":["image"],"wpcf-projectimage-1":[""],"wpcf-projectvideo-1":[""],"wpcf-projectdescription-1":[""],"wpcf-projectimage-video2":["image"],"wpcf-projectimage-2":[""],"wpcf-projectvideo-2":[""],"wpcf-projectdescription-2":[""],"wpcf-projectimage-video3":["image"],"wpcf-projectimage-3":[""],"wpcf-projectvideo-3":[""],"wpcf-projectdescription-3":[""],"wpcf-projectimage-video4":["image"],"wpcf-projectimage-4":[""],"wpcf-projectvideo-4":[""],"wpcf-projectdescription-4":[""],"_last_translation_edit_mode":["native-editor"],"perspective_business_sector":["Energ\u00eda y Servicios Medioambientales"],"wpcf-card-image":[""],"_wpcf-card-image-sort-order":["a:1:{i:0;i:1660132;}"],"amazonS3_cache":["a:22:{s:58:\"\/\/alj.com\/app\/uploads\/2023\/05\/Global-Risks-Report-2023.jpg\";a:2:{s:2:\"id\";i:108035;s:11:\"source_type\";s:13:\"media-library\";}s:66:\"\/\/alj.com\/app\/uploads\/2023\/05\/Global-Risks-Report-2023-212x300.jpg\";a:2:{s:2:\"id\";i:108035;s:11:\"source_type\";s:13:\"media-library\";}s:64:\"\/\/media.alj.com\/app\/uploads\/2023\/05\/Global-Risks-Report-2023.jpg\";a:2:{s:2:\"id\";i:108035;s:11:\"source_type\";s:13:\"media-library\";}s:72:\"\/\/media.alj.com\/app\/uploads\/2023\/05\/Global-Risks-Report-2023-212x300.jpg\";a:2:{s:2:\"id\";i:108035;s:11:\"source_type\";s:13:\"media-library\";}s:57:\"\/\/alj.com\/app\/uploads\/2023\/05\/ALJ-Risks-Review-scaled.jpg\";a:2:{s:2:\"id\";i:108000;s:11:\"source_type\";s:13:\"media-library\";}s:63:\"\/\/media.alj.com\/app\/uploads\/2023\/05\/ALJ-Risks-Review-scaled.jpg\";a:2:{s:2:\"id\";i:108000;s:11:\"source_type\";s:13:\"media-library\";}s:58:\"\/\/alj.com\/app\/uploads\/2023\/05\/ALJ-Risks-Review2-scaled.jpg\";a:2:{s:2:\"id\";i:108007;s:11:\"source_type\";s:13:\"media-library\";}s:64:\"\/\/media.alj.com\/app\/uploads\/2023\/05\/ALJ-Risks-Review2-scaled.jpg\";a:2:{s:2:\"id\";i:108007;s:11:\"source_type\";s:13:\"media-library\";}s:66:\"\/\/alj.com\/app\/uploads\/2023\/05\/UN-State-of-Food-Security-Report.jpg\";a:2:{s:2:\"id\";i:108063;s:11:\"source_type\";s:13:\"media-library\";}s:72:\"\/\/media.alj.com\/app\/uploads\/2023\/05\/UN-State-of-Food-Security-Report.jpg\";a:2:{s:2:\"id\";i:108063;s:11:\"source_type\";s:13:\"media-library\";}s:51:\"\/\/alj.com\/app\/uploads\/2023\/05\/ALJ-Risks-Review3.jpg\";a:2:{s:2:\"id\";i:108014;s:11:\"source_type\";s:13:\"media-library\";}s:57:\"\/\/media.alj.com\/app\/uploads\/2023\/05\/ALJ-Risks-Review3.jpg\";a:2:{s:2:\"id\";i:108014;s:11:\"source_type\";s:13:\"media-library\";}s:58:\"\/\/alj.com\/app\/uploads\/2023\/05\/ALJ-Risks-Review5-scaled.jpg\";a:2:{s:2:\"id\";i:108028;s:11:\"source_type\";s:13:\"media-library\";}s:64:\"\/\/media.alj.com\/app\/uploads\/2023\/05\/ALJ-Risks-Review5-scaled.jpg\";a:2:{s:2:\"id\";i:108028;s:11:\"source_type\";s:13:\"media-library\";}s:64:\"\/\/alj.com\/app\/uploads\/2023\/05\/shutterstock_1679265442-scaled.jpg\";a:2:{s:2:\"id\";i:108056;s:11:\"source_type\";s:13:\"media-library\";}s:70:\"\/\/media.alj.com\/app\/uploads\/2023\/05\/shutterstock_1679265442-scaled.jpg\";a:2:{s:2:\"id\";i:108056;s:11:\"source_type\";s:13:\"media-library\";}s:63:\"\/\/alj.com\/app\/uploads\/2023\/05\/shutterstock_418624180-scaled.jpg\";a:2:{s:2:\"id\";i:108042;s:11:\"source_type\";s:13:\"media-library\";}s:69:\"\/\/media.alj.com\/app\/uploads\/2023\/05\/shutterstock_418624180-scaled.jpg\";a:2:{s:2:\"id\";i:108042;s:11:\"source_type\";s:13:\"media-library\";}s:71:\"\/\/alj.com\/app\/uploads\/2022\/09\/1763-ALJ-Decarbonizing-Energy3-scaled.jpg\";a:2:{s:2:\"id\";i:102441;s:11:\"source_type\";s:13:\"media-library\";}s:77:\"\/\/media.alj.com\/app\/uploads\/2022\/09\/1763-ALJ-Decarbonizing-Energy3-scaled.jpg\";a:2:{s:2:\"id\";i:102441;s:11:\"source_type\";s:13:\"media-library\";}s:51:\"\/\/alj.com\/app\/uploads\/2023\/05\/ALJ-Risks-Review4.jpg\";a:2:{s:2:\"id\";i:108021;s:11:\"source_type\";s:13:\"media-library\";}s:57:\"\/\/media.alj.com\/app\/uploads\/2023\/05\/ALJ-Risks-Review4.jpg\";a:2:{s:2:\"id\";i:108021;s:11:\"source_type\";s:13:\"media-library\";}}"]},"_links":{"self":[{"href":"https:\/\/alj.com\/es\/wp-json\/wp\/v2\/perspective\/108348"}],"collection":[{"href":"https:\/\/alj.com\/es\/wp-json\/wp\/v2\/perspective"}],"about":[{"href":"https:\/\/alj.com\/es\/wp-json\/wp\/v2\/types\/perspective"}],"author":[{"embeddable":true,"href":"https:\/\/alj.com\/es\/wp-json\/wp\/v2\/users\/18"}],"wp:featuredmedia":[{"embeddable":true,"href":"https:\/\/alj.com\/es\/wp-json\/wp\/v2\/media\/108049"}],"wp:attachment":[{"href":"https:\/\/alj.com\/es\/wp-json\/wp\/v2\/media?parent=108348"}],"wp:term":[{"taxonomy":"post_tag","embeddable":true,"href":"https:\/\/alj.com\/es\/wp-json\/wp\/v2\/tags?post=108348"}],"curies":[{"name":"wp","href":"https:\/\/api.w.org\/{rel}","templated":true}]}}