{"id":109141,"date":"2023-08-03T11:08:21","date_gmt":"2023-08-03T11:08:21","guid":{"rendered":"https:\/\/alj.com\/?post_type=perspective&#038;p=109141"},"modified":"2024-04-22T08:28:07","modified_gmt":"2024-04-22T08:28:07","slug":"club-de-cultura-el-papel-de-la-cultura-corporativa-en-el-rendimiento-empresarial","status":"publish","type":"perspective","link":"https:\/\/alj.com\/es\/perspective\/club-de-cultura-el-papel-de-la-cultura-corporativa-en-el-rendimiento-empresarial\/","title":{"rendered":"Club de cultura: el papel de la cultura corporativa en el rendimiento empresarial"},"content":{"rendered":"<p>Desde hace mucho tiempo, la cultura corporativa se considera un pilar importante para construir y mantener el \u00e9xito de una empresa. En las \u00faltimas dos d\u00e9cadas, a medida que la competencia global se ha intensificado, especialmente en el mercado laboral, se ha convertido en un indicador cada vez m\u00e1s importante de intenci\u00f3n, ambici\u00f3n y diferenciaci\u00f3n.<\/p>\n<p>Quiz\u00e1s los esc\u00e9pticos la vean como otro concepto corporativo de moda, pero muchos otros creen que tener una cultura corporativa positiva puede marcar la diferencia entre el \u00e9xito o el fracaso a largo plazo. De hecho, seg\u00fan los expertos de McKinsey &amp; Company<a href=\"#_ftn1\" name=\"_ftnref1\">[1]<\/a>, las empresas con una cultura s\u00f3lida ofrecen a sus accionistas un rendimiento total tres veces mayor.<\/p>\n<p>Como parte de su inversi\u00f3n en la construcci\u00f3n y el mantenimiento de una cultura corporativa s\u00f3lida, a principios de este a\u00f1o Abdul Latif Jameel lanz\u00f3 \u201clos Principios Jameel\u201d.<\/p>\n<figure id=\"attachment_108787\" aria-describedby=\"caption-attachment-108787\" style=\"width: 300px\" class=\"wp-caption alignright\"><img decoding=\"async\" loading=\"lazy\" class=\"size-medium wp-image-108787\" src=\"https:\/\/media.alj.com\/app\/uploads\/2020\/11\/Sheikh-Abdul-Latif-Jameel-with-two-business-associates-1932-680x378-1-300x167.jpg\" alt=\"Sheikh Abdul Latif Jameel with two business associates 1932 680x378\" width=\"300\" height=\"167\" srcset=\"https:\/\/media.alj.com\/app\/uploads\/2020\/11\/Sheikh-Abdul-Latif-Jameel-with-two-business-associates-1932-680x378-1-300x167.jpg 300w, https:\/\/media.alj.com\/app\/uploads\/2020\/11\/Sheikh-Abdul-Latif-Jameel-with-two-business-associates-1932-680x378-1-150x83.jpg 150w, https:\/\/media.alj.com\/app\/uploads\/2020\/11\/Sheikh-Abdul-Latif-Jameel-with-two-business-associates-1932-680x378-1-375x208.jpg 375w, https:\/\/media.alj.com\/app\/uploads\/2020\/11\/Sheikh-Abdul-Latif-Jameel-with-two-business-associates-1932-680x378-1-226x126.jpg 226w, https:\/\/media.alj.com\/app\/uploads\/2020\/11\/Sheikh-Abdul-Latif-Jameel-with-two-business-associates-1932-680x378-1-500x277.jpg 500w, https:\/\/media.alj.com\/app\/uploads\/2020\/11\/Sheikh-Abdul-Latif-Jameel-with-two-business-associates-1932-680x378-1.jpg 680w\" sizes=\"(max-width: 300px) 100vw, 300px\" \/><figcaption id=\"caption-attachment-108787\" class=\"wp-caption-text\">1932: Nuestro fundador, el difunto jeque Abdul Latif Jameel, como joven emprendedor visionario entre dos socios comerciales saud\u00edes. Cr\u00e9dito de la fotograf\u00eda \u00a9 La familia Jameel<\/figcaption><\/figure>\n<p>Inspirados en Toyota Motor Corporation, socio de Abdul Latif Jameel desde hace m\u00e1s de 65\u00a0a\u00f1os, y en casi 8\u00a0d\u00e9cadas de \u00e9xito comercial internacional e intercultural, los Principios Jameel definen y explican los cuatro valores fundamentales del fundador, el difunto jeque Abdul Latif Jameel, que han sustentado la empresa desde 1945 y en los que se basa su cultura corporativa.<\/p>\n<p>Hablamos con <a href=\"https:\/\/alj.com\/en\/our-people\/faisal-a-abdalla\/\">Faisal Abdalla<\/a>, vicepresidente de RR.\u00a0HH. corporativos y Kaizen, sobre los Principios Jameel y el papel de la cultura corporativa en Abdul Latif Jameel.<\/p>\n<h2>\u00bfQu\u00e9 es la cultura corporativa y por qu\u00e9 es importante?<\/h2>\n<p>La mejor forma de definir la cultura corporativa es como una creencia o percepci\u00f3n compartida entre un grupo de personas sobre su lugar de trabajo y la organizaci\u00f3n para la que trabajan.<\/p>\n<p>\u00bfPor qu\u00e9 es importante? Porque una creencia compartida crea un \u201cv\u00ednculo\u201d, una experiencia conjunta que une a las personas. Esta creencia ayuda a definir comportamientos, expectativas y actitudes comunes entre ese grupo de personas. No es un dogma que deba seguirse a ciegas, sino un marco que nos empodera e invita a innovar y a ser pioneros, combinando de manera creativa nuestros talentos con los de los dem\u00e1s.<\/p>\n<h2>\u00bfQu\u00e9 papel desempe\u00f1a la cultura corporativa en el \u00e9xito empresarial?<\/h2>\n<p>La articulaci\u00f3n de la cultura corporativa es de vital importancia, porque codificarla permite que se convierta en una fuente de ventajas competitivas sostenibles para la empresa. Cuando institucionalizamos nuestras formas de trabajar caracter\u00edsticas, aquellas conductas y pr\u00e1cticas que sacan a relucir la magia de nuestra gente, siempre podemos confiar en que nuestros negocios estar\u00e1n en una posici\u00f3n aventajada. Una cultura centrada en las personas act\u00faa como un multiplicador de la estrategia empresarial.<\/p>\n<p>El tama\u00f1o de la empresa no es lo importante, podr\u00eda ser una empresa de dos personas o una organizaci\u00f3n global compleja. Todas tienen una cultura corporativa, ya sea porque se han esforzado para desarrollarla y cultivarla espec\u00edficamente, o porque ha surgido de forma gradual a trav\u00e9s de una peculiar historia de prueba y error. A menudo, la cultura se deriva del \u00e9xito.<\/p>\n<p>A menudo en los negocios se dice que \u201cla cultura se come a la estrategia para desayunar\u201d. B\u00e1sicamente, esto significa que, si su cultura no sustenta su estrategia o no est\u00e1 en l\u00ednea con ella, sea la que sea, le resultar\u00e1 mucho m\u00e1s dif\u00edcil lograrla. Es algo en lo que creo firmemente. Ambas deben ser complementarias. En Abdul Latif Jameel, nuestra filosof\u00eda empresarial fundamental (sobre la que se construye la estrategia) se denomina GI<sup>4<\/sup> (crecimiento sostenible, a trav\u00e9s de la inversi\u00f3n continua en personas, tecnolog\u00eda empresarial y comunidad) y nuestra cultura complementaria se establece en los Principios Jameel.<\/p>\n<p>La combinaci\u00f3n simbi\u00f3tica de estas dos doctrinas, y lo que representan, sienta las bases para nuestro \u00e9xito.<\/p>\n<p><img decoding=\"async\" loading=\"lazy\" class=\"aligncenter size-full wp-image-109134\" src=\"https:\/\/media.alj.com\/app\/uploads\/2023\/08\/The-Jameel-Principles-associates-1.jpg\" alt=\"\" width=\"1155\" height=\"577\" srcset=\"https:\/\/media.alj.com\/app\/uploads\/2023\/08\/The-Jameel-Principles-associates-1.jpg 1155w, https:\/\/media.alj.com\/app\/uploads\/2023\/08\/The-Jameel-Principles-associates-1-300x150.jpg 300w, https:\/\/media.alj.com\/app\/uploads\/2023\/08\/The-Jameel-Principles-associates-1-1024x512.jpg 1024w, https:\/\/media.alj.com\/app\/uploads\/2023\/08\/The-Jameel-Principles-associates-1-150x75.jpg 150w, https:\/\/media.alj.com\/app\/uploads\/2023\/08\/The-Jameel-Principles-associates-1-768x384.jpg 768w\" sizes=\"(max-width: 1155px) 100vw, 1155px\" \/><\/p>\n<h2>\u00bfCu\u00e1les son los riesgos de no tener una cultura corporativa?<\/h2>\n<p>La cultura corporativa no es en absoluto el \u00fanico factor que impulsa el \u00e9xito. Aun as\u00ed, creo que sin una cultura corporativa coherente, consistente y bien gestionada, una empresa limita su potencial a largo plazo. Esto no significa que no vaya a ser capaz de alcanzar sus objetivos, pero lo tendr\u00e1 m\u00e1s dif\u00edcil. Si las personas no est\u00e1n alineadas ni trabajan en conjunto, los resultados no ser\u00e1n tan buenos como lo ser\u00edan si estuvieran respaldados por una cultura corporativa consistente y armonizada. La ejecuci\u00f3n individual es muy importante, pero la ejecuci\u00f3n organizativa es clave para negocio de primer nivel, y esta solo es posible con una cultura corporativa bien pensada.<\/p>\n<h2>\u00bfLa cultura corporativa es fija, o es algo que sigue evolucionando y desarroll\u00e1ndose con el tiempo?<\/h2>\n<p>Por supuesto, las culturas corporativas aut\u00e9nticas no son est\u00e1ticas, sino que est\u00e1n vivas. Deben desempe\u00f1ar un doble papel fundamental: por un lado, proporcionar estabilidad y, por otro, impulsar y guiar los avances necesarios para prosperar en un mundo cambiante sin dejar de ser fieles a nuestros principios. Vivimos en un mundo que se caracteriza cada vez m\u00e1s por el denominado fen\u00f3meno \u201cVUCA\u201d (volatilidad, incertidumbre, complejidad y ambig\u00fcedad, del ingl\u00e9s \u201cvolatility, uncertainty, complexity, and ambiguity\u201d). Las empresas necesitan mantenerse \u00e1giles para poder abordar estos problemas y seguir siendo relevantes en sus mercados. Del mismo modo, sus culturas corporativas deben evolucionar y desarrollarse con el tiempo para respaldar estos objetivos.<\/p>\n<p><img decoding=\"async\" loading=\"lazy\" class=\"aligncenter size-full wp-image-109095\" src=\"https:\/\/media.alj.com\/app\/uploads\/2023\/08\/The-Jameel-Principles-culture.jpg\" alt=\"\" width=\"940\" height=\"398\" srcset=\"https:\/\/media.alj.com\/app\/uploads\/2023\/08\/The-Jameel-Principles-culture.jpg 940w, https:\/\/media.alj.com\/app\/uploads\/2023\/08\/The-Jameel-Principles-culture-300x127.jpg 300w, https:\/\/media.alj.com\/app\/uploads\/2023\/08\/The-Jameel-Principles-culture-150x64.jpg 150w, https:\/\/media.alj.com\/app\/uploads\/2023\/08\/The-Jameel-Principles-culture-768x325.jpg 768w\" sizes=\"(max-width: 940px) 100vw, 940px\" \/><\/p>\n<p>Sin embargo, esto no quiere decir que la cultura corporativa deba cambiar constantemente y tener nuevos matices cada d\u00eda. Deber\u00eda haber algunos principios fundamentales que sean inamovibles y que nunca se pongan en entredicho, como la integridad o el respeto, pero la forma en que se articulan o interpretan puede tener que ajustarse o perfeccionarse para responder a la din\u00e1mica cambiante del mundo VUCA en el que opera.<\/p>\n<h2>\u00bfCu\u00e1l es el enfoque de Abdul Latif Jameel hacia la cultura corporativa?<\/h2>\n<p>Una gran diferencia entre Abdul Latif Jameel y muchas empresas de su tama\u00f1o en que es nosotros somos un negocio familiar que lleva el nombre de su fundador.\u00a0Al contrario que en una gran multinacional que cotiza en bolsa, donde el CEO y el equipo de liderazgo senior cambian cada pocos a\u00f1os, en una empresa familiar la cultura tiene una consistencia y una estabilidad inherentes, con valores que emanan de la \u00e9tica de la familia, forjada a lo largo de los a\u00f1os.<\/p>\n<p>Creo que nosotros, como una red de negocios activa a nivel internacional, tenemos una gran oportunidad para aprovechar esto al m\u00e1ximo en la forma en que desarrollamos nuestra cultura corporativa e interpretamos nuestros valores en toda nuestra amplia y diversa organizaci\u00f3n, en beneficio tanto de nuestro negocio como de nuestra gente.<\/p>\n<p>Aqu\u00ed es donde entran en juego los Principios Jameel. Act\u00faan como un faro gu\u00eda para ayudar a nuestra gente a navegar por nuestro mundo VUCA sin perder de vista nuestros valores y nuestra cultura.<\/p>\n<h2>Entonces, \u00bfcu\u00e1les son los Principios Jameel?<\/h2>\n<p>Los Principios Jameel se basan en cuatro valores fundamentales, que heredamos de nuestro difunto fundador, Abdul Latif Jameel. Tomaron forma bajo su liderazgo y nuestro actual presidente, Mohammed Jameel, lleva defendi\u00e9ndolos m\u00e1s de cuatro d\u00e9cadas. Se manifiestan a lo largo de generaciones de la familia Jameel, as\u00ed como a diario en las prioridades de nuestro negocio y de nuestra gente.<\/p>\n<p><img decoding=\"async\" loading=\"lazy\" class=\"alignright size-medium wp-image-109109\" src=\"https:\/\/media.alj.com\/app\/uploads\/2023\/08\/The-Toyota-Way-217x300.jpg\" alt=\"\" width=\"217\" height=\"300\" srcset=\"https:\/\/media.alj.com\/app\/uploads\/2023\/08\/The-Toyota-Way-217x300.jpg 217w, https:\/\/media.alj.com\/app\/uploads\/2023\/08\/The-Toyota-Way-109x150.jpg 109w, https:\/\/media.alj.com\/app\/uploads\/2023\/08\/The-Toyota-Way.jpg 242w\" sizes=\"(max-width: 217px) 100vw, 217px\" \/>En la elaboraci\u00f3n de los Principios Jameel, nos inspiramos mucho en Toyota, nuestro socio de automoci\u00f3n en Oriente Medio desde 1955, hace casi siete d\u00e9cadas.<\/p>\n<p>Toyota es reconocida mundialmente por sus \u201cPrincipios corporativos Toyota Way\u201d, un conjunto de 10\u00a0principios que sirven como base de la cultura corporativa de Toyota en todo el mundo<a href=\"#_ftn2\" name=\"_ftnref2\">[2]<\/a>.<\/p>\n<p>Nuestro objetivo era hacer algo similar para Abdul Latif Jameel, bas\u00e1ndonos en cuatro valores fundamentales:<\/p>\n<ul>\n<li><strong>Respeto<\/strong>: se trata de respetar a otras personas, ya sean compa\u00f1eros, jefes, clientes u otras partes interesadas, as\u00ed como nuestras expectativas individuales de ser respetados por los dem\u00e1s.<\/li>\n<li><strong>Mejora<\/strong>: queremos animar a las personas a realizar cambios incrementales en la forma en que hacen las cosas para mejorar su rendimiento. Si m\u00e1s de 11\u00a0000\u00a0personas realizan una peque\u00f1a mejora en su forma de actual, el impacto acumulado puede ser enorme.<\/li>\n<li><strong>Innovaci\u00f3n<\/strong>: queremos que nuestra gente piense de forma innovadora y que no tenga miedo de cometer errores en su b\u00fasqueda de mejoras.<\/li>\n<li><strong>Empoderamiento<\/strong>: se trata de darles a las personas la libertad y la potestad de tomar decisiones, as\u00ed como de asumir la responsabilidad de contribuir a dar forma a Abdul Latif Jameel e impulsar nuestro negocio.<\/li>\n<\/ul>\n<p>Debo decir que no estamos en ese punto&#8230; todav\u00eda. Los Principios Jameel no son una declaraci\u00f3n de la situaci\u00f3n actual. Son una combinaci\u00f3n de nuestro pasado y una aspiraci\u00f3n de c\u00f3mo queremos que sea nuestra cultura. Como un faro, nos gu\u00edan en nuestro prop\u00f3sito y proporcionan un marco para el desarrollo personal y colectivo.<\/p>\n<p><img decoding=\"async\" loading=\"lazy\" class=\"aligncenter size-full wp-image-109102\" src=\"https:\/\/media.alj.com\/app\/uploads\/2023\/08\/The-Jameel-Principles-header.jpg\" alt=\"\" width=\"1407\" height=\"339\" srcset=\"https:\/\/media.alj.com\/app\/uploads\/2023\/08\/The-Jameel-Principles-header.jpg 1407w, https:\/\/media.alj.com\/app\/uploads\/2023\/08\/The-Jameel-Principles-header-300x72.jpg 300w, https:\/\/media.alj.com\/app\/uploads\/2023\/08\/The-Jameel-Principles-header-1024x247.jpg 1024w, https:\/\/media.alj.com\/app\/uploads\/2023\/08\/The-Jameel-Principles-header-150x36.jpg 150w, https:\/\/media.alj.com\/app\/uploads\/2023\/08\/The-Jameel-Principles-header-768x185.jpg 768w\" sizes=\"(max-width: 1407px) 100vw, 1407px\" \/><\/p>\n<h2>\u00bfC\u00f3mo se crearon los Principios Jameel?<\/h2>\n<p>Los valores en los que se basan los Principios Jameel no son en absoluto nuevos. Est\u00e1n entre las creencias fundamentales que llevan acompa\u00f1ando a Abdul Latif Jameel casi 80\u00a0a\u00f1os. No obstante, estos principios de comportamiento no se hab\u00edan definido ni codificado previamente, y tampoco se comunicaron en toda la empresa tan bien como podr\u00eda haberse hecho. Nos dimos cuenta de que necesit\u00e1bamos cambiar esto como parte de nuestros esfuerzos para lograr que nuestra cultura corporativa fuera s\u00f3lida y darle la vitalidad necesaria para impulsar nuestras ambiciones comerciales.<\/p>\n<p>Al hacerlo, quer\u00edamos ser inclusivos; darle a nuestra gente la oportunidad de compartir sus puntos de vista sobre la cultura corporativa en Abdul Latif Jameel y sobre los valores que consideraban importantes para nosotros. Nos dirigimos a los empleados, como partes interesadas en todos los niveles de las empresas, para obtener sus aportaciones y opiniones sobre estos valores. Esto fue vital para garantizar que fueran significativos. No deben considerarse una pol\u00edtica de alto nivel que se impone a la plantilla. Es muy importante que nuestro personal y todas las partes interesadas, desde los accionistas de la familia hasta los dem\u00e1s, puedan relacionarse con los Principios Jameel y sientan que han participado en su creaci\u00f3n.<\/p>\n<h2>Los Principios Jameel se lanzaron a principios de este a\u00f1o. \u00bfCu\u00e1les son sus objetivos para los pr\u00f3ximos meses?<\/h2>\n<p>Mi principal objetivo personal es garantizar que los Principios Jameel se transmitan de forma eficaz en toda la empresa, para que todos sepan lo que significan y c\u00f3mo aplicarlos a sus propias circunstancias. \u00a1Pero esto es solo el comienzo! Transmitir nuestra cultura no se trata solo de comunicarla y explicarla, sino tambi\u00e9n de ofrecer una experiencia aut\u00e9ntica de principio a fin, donde nuestras acciones cumplan con nuestras palabras en la forma en que interactuamos con nuestros subordinados directos, nuestros compa\u00f1eros y nuestros gerentes.<\/p>\n<figure id=\"attachment_109074\" aria-describedby=\"caption-attachment-109074\" style=\"width: 779px\" class=\"wp-caption aligncenter\"><img decoding=\"async\" loading=\"lazy\" class=\" wp-image-109074\" src=\"https:\/\/media.alj.com\/app\/uploads\/2023\/08\/Faisal-Abdalla-at-The-Jameel-Principles-launch.jpg\" alt=\"\" width=\"779\" height=\"437\" srcset=\"https:\/\/media.alj.com\/app\/uploads\/2023\/08\/Faisal-Abdalla-at-The-Jameel-Principles-launch.jpg 608w, https:\/\/media.alj.com\/app\/uploads\/2023\/08\/Faisal-Abdalla-at-The-Jameel-Principles-launch-300x168.jpg 300w, https:\/\/media.alj.com\/app\/uploads\/2023\/08\/Faisal-Abdalla-at-The-Jameel-Principles-launch-150x84.jpg 150w, https:\/\/media.alj.com\/app\/uploads\/2023\/08\/Faisal-Abdalla-at-The-Jameel-Principles-launch-226x126.jpg 226w\" sizes=\"(max-width: 779px) 100vw, 779px\" \/><figcaption id=\"caption-attachment-109074\" class=\"wp-caption-text\">Faisal Abdalla, vicepresidente de RR.\u00a0HH. Corporativos y Kaizen, presentando en el evento de lanzamiento de los Principios Jameel, el 29 de marzo de 2023, Hussein Jameel Hall, Abdul Latif Jameel Yeda, Arabia Saud\u00ed.<\/figcaption><\/figure>\n<p>No podemos ser aut\u00e9nticos y cre\u00edbles si nuestros principios y nuestras pr\u00e1cticas no est\u00e1n alineados. Debemos identificar de forma constructiva las brechas entre nuestras intenciones y nuestras acciones, disponer de los conocimientos necesarios para comprender los factores sist\u00e9micos y de comportamiento detr\u00e1s de dichas brechas y tener el coraje para tratarlas con habilidad y decisi\u00f3n. Lo que m\u00e1s debemos temer es el escepticismo y la apat\u00eda. No podemos detenernos y renunciar ante las barreras que podr\u00edan impedir que los Principios Jameel se conviertan en nuestra realidad compartida. El verdadero liderazgo humano, como lo llama nuestro colaborador Bob Chapman, es tener las habilidades, el coraje y la convicci\u00f3n de cuidar de nuestra gente como si fueran nuestra familia, de no sentirse intimidado por las probabilidades y de no desalentarse ante el cinismo. La apat\u00eda es infecciosa, pero tambi\u00e9n lo es la fe. Quiero asegurarme de que nuestros l\u00edderes proyecten fe en nuestra visi\u00f3n cultural y expresen los Principios Jameel de manera aut\u00e9ntica con sus acciones diarias, actuando en todo momento como embajadores de nuestra cultura.<\/p>\n<p>Espero que nuestra historia cultural nos haga sentir orgullosos de estar asociados con ella, ya que esta historia la escribimos nosotros mismos. Algunas organizaciones pueden tomar un atajo y recurrir a una consultor\u00eda externa para que les diga cu\u00e1les deber\u00edan ser sus valores. Me enorgullece decir que en los Principios Jameel no hay ni una sola palabra que provenga de una consultor\u00eda. Todo se ha cultivado en casa. Nuestros mejores consultores son nuestra propia gente, los herederos del legado personal del difunto Abdul Latif Jameel, su familia profesional, por as\u00ed decirlo. Me siento afortunado de estar vinculado con la historia de una empresa con alma, comprometida con vivir fiel a sus valores y con cuidar de su gente, tal y como se refleja en los Principios Jameel. Estoy deseando ver los nuevos cap\u00edtulos de esta historia que escribir\u00e1n nuestros l\u00edderes del futuro.<\/p>\n<p><a href=\"#_ftnref1\" name=\"_ftn1\">[1]<\/a> <a href=\"https:\/\/www.mckinsey.com\/capabilities\/people-and-organizational-performance\/our-insights\/the-organization-blog\/establish-a-performance-culture-as-your-secret-sauce\">https:\/\/www.mckinsey.com\/capabilities\/people-and-organizational-performance\/our-insights\/the-organization-blog\/establish-a-performance-culture-as-your-secret-sauce<\/a><\/p>\n<p><a href=\"#_ftnref2\" name=\"_ftn2\">[2]<\/a> <a href=\"https:\/\/www.toyota-europe.com\/about-us\/toyota-vision-and-philosophy\/the-toyota-way\">https:\/\/www.toyota-europe.com\/about-us\/toyota-vision-and-philosophy\/the-toyota-way<\/a><\/p>\n","protected":false},"author":18,"featured_media":109126,"template":"","tags":[],"acf":[],"yoast_head":"<!-- This site is optimized with the Yoast SEO plugin v21.5 - https:\/\/yoast.com\/wordpress\/plugins\/seo\/ -->\n<title>Cultura corporativa y rendimiento | Abdul Latif Jameel\u00ae<\/title>\n<meta name=\"description\" content=\"La cultura corporativa y los Principios Jameel gu\u00edan el enfoque de Abdul Latif Jameel hacia el \u00e9xito y los valores empresariales. Leer m\u00e1s.\" \/>\n<meta name=\"robots\" content=\"index, follow, max-snippet:-1, max-image-preview:large, max-video-preview:-1\" \/>\n<link rel=\"canonical\" href=\"https:\/\/alj.com\/es\/perspective\/club-de-cultura-el-papel-de-la-cultura-corporativa-en-el-rendimiento-empresarial\/\" \/>\n<meta property=\"og:locale\" content=\"es_ES\" \/>\n<meta property=\"og:type\" content=\"article\" \/>\n<meta property=\"og:title\" content=\"Cultura corporativa y rendimiento | Abdul Latif Jameel\u00ae\" \/>\n<meta property=\"og:description\" content=\"La cultura corporativa y los Principios Jameel gu\u00edan el enfoque de Abdul Latif Jameel hacia el \u00e9xito y los valores empresariales. Leer m\u00e1s.\" \/>\n<meta property=\"og:url\" content=\"https:\/\/alj.com\/es\/perspective\/club-de-cultura-el-papel-de-la-cultura-corporativa-en-el-rendimiento-empresarial\/\" \/>\n<meta property=\"og:site_name\" content=\"Abdul Latif Jameel\" \/>\n<meta property=\"article:publisher\" content=\"https:\/\/www.facebook.com\/Abdul.Latif.Jameel.Official\" \/>\n<meta property=\"article:modified_time\" content=\"2024-04-22T08:28:07+00:00\" \/>\n<meta property=\"og:image\" content=\"https:\/\/media.alj.com\/app\/uploads\/2023\/08\/Faisal-Abdalla-The-Jameel-Principles-2.jpg\" \/>\n\t<meta property=\"og:image:width\" content=\"1630\" \/>\n\t<meta property=\"og:image:height\" content=\"830\" \/>\n\t<meta property=\"og:image:type\" content=\"image\/jpeg\" \/>\n<meta name=\"twitter:card\" content=\"summary_large_image\" \/>\n<meta name=\"twitter:label1\" content=\"Est. reading time\" \/>\n\t<meta name=\"twitter:data1\" content=\"11 minutes\" \/>\n<script type=\"application\/ld+json\" class=\"yoast-schema-graph\">{\"@context\":\"https:\/\/schema.org\",\"@graph\":[{\"@type\":\"WebPage\",\"@id\":\"https:\/\/alj.com\/es\/perspective\/club-de-cultura-el-papel-de-la-cultura-corporativa-en-el-rendimiento-empresarial\/\",\"url\":\"https:\/\/alj.com\/es\/perspective\/club-de-cultura-el-papel-de-la-cultura-corporativa-en-el-rendimiento-empresarial\/\",\"name\":\"Cultura corporativa y rendimiento | Abdul Latif Jameel\u00ae\",\"isPartOf\":{\"@id\":\"https:\/\/alj.com\/en\/#website\"},\"datePublished\":\"2023-08-03T11:08:21+00:00\",\"dateModified\":\"2024-04-22T08:28:07+00:00\",\"description\":\"La cultura corporativa y los Principios Jameel gu\u00edan el enfoque de Abdul Latif Jameel hacia el \u00e9xito y los valores empresariales. Leer m\u00e1s.\",\"breadcrumb\":{\"@id\":\"https:\/\/alj.com\/es\/perspective\/club-de-cultura-el-papel-de-la-cultura-corporativa-en-el-rendimiento-empresarial\/#breadcrumb\"},\"inLanguage\":\"es-ES\",\"potentialAction\":[{\"@type\":\"ReadAction\",\"target\":[\"https:\/\/alj.com\/es\/perspective\/club-de-cultura-el-papel-de-la-cultura-corporativa-en-el-rendimiento-empresarial\/\"]}]},{\"@type\":\"BreadcrumbList\",\"@id\":\"https:\/\/alj.com\/es\/perspective\/club-de-cultura-el-papel-de-la-cultura-corporativa-en-el-rendimiento-empresarial\/#breadcrumb\",\"itemListElement\":[{\"@type\":\"ListItem\",\"position\":1,\"name\":\"Home\",\"item\":\"https:\/\/alj.com\/es\/\"},{\"@type\":\"ListItem\",\"position\":2,\"name\":\"Perspectives\",\"item\":\"https:\/\/alj.com\/ja\/perspective\/\"},{\"@type\":\"ListItem\",\"position\":3,\"name\":\"Club de cultura: el papel de la cultura corporativa en el rendimiento empresarial\"}]},{\"@type\":\"WebSite\",\"@id\":\"https:\/\/alj.com\/en\/#website\",\"url\":\"https:\/\/alj.com\/en\/\",\"name\":\"Abdul Latif Jameel\",\"description\":\"Abdul Latif Jameel\",\"potentialAction\":[{\"@type\":\"SearchAction\",\"target\":{\"@type\":\"EntryPoint\",\"urlTemplate\":\"https:\/\/alj.com\/en\/?s={search_term_string}\"},\"query-input\":\"required name=search_term_string\"}],\"inLanguage\":\"es-ES\"}]}<\/script>\n<!-- \/ Yoast SEO plugin. -->","yoast_head_json":{"title":"Cultura corporativa y rendimiento | Abdul Latif Jameel\u00ae","description":"La cultura corporativa y los Principios Jameel gu\u00edan el enfoque de Abdul Latif Jameel hacia el \u00e9xito y los valores empresariales. Leer m\u00e1s.","robots":{"index":"index","follow":"follow","max-snippet":"max-snippet:-1","max-image-preview":"max-image-preview:large","max-video-preview":"max-video-preview:-1"},"canonical":"https:\/\/alj.com\/es\/perspective\/club-de-cultura-el-papel-de-la-cultura-corporativa-en-el-rendimiento-empresarial\/","og_locale":"es_ES","og_type":"article","og_title":"Cultura corporativa y rendimiento | Abdul Latif Jameel\u00ae","og_description":"La cultura corporativa y los Principios Jameel gu\u00edan el enfoque de Abdul Latif Jameel hacia el \u00e9xito y los valores empresariales. Leer m\u00e1s.","og_url":"https:\/\/alj.com\/es\/perspective\/club-de-cultura-el-papel-de-la-cultura-corporativa-en-el-rendimiento-empresarial\/","og_site_name":"Abdul Latif Jameel","article_publisher":"https:\/\/www.facebook.com\/Abdul.Latif.Jameel.Official","article_modified_time":"2024-04-22T08:28:07+00:00","og_image":[{"width":1630,"height":830,"url":"https:\/\/media.alj.com\/app\/uploads\/2023\/08\/Faisal-Abdalla-The-Jameel-Principles-2.jpg","type":"image\/jpeg"}],"twitter_card":"summary_large_image","twitter_misc":{"Est. reading time":"11 minutes"},"schema":{"@context":"https:\/\/schema.org","@graph":[{"@type":"WebPage","@id":"https:\/\/alj.com\/es\/perspective\/club-de-cultura-el-papel-de-la-cultura-corporativa-en-el-rendimiento-empresarial\/","url":"https:\/\/alj.com\/es\/perspective\/club-de-cultura-el-papel-de-la-cultura-corporativa-en-el-rendimiento-empresarial\/","name":"Cultura corporativa y rendimiento | Abdul Latif Jameel\u00ae","isPartOf":{"@id":"https:\/\/alj.com\/en\/#website"},"datePublished":"2023-08-03T11:08:21+00:00","dateModified":"2024-04-22T08:28:07+00:00","description":"La cultura corporativa y los Principios Jameel gu\u00edan el enfoque de Abdul Latif Jameel hacia el \u00e9xito y los valores empresariales. Leer m\u00e1s.","breadcrumb":{"@id":"https:\/\/alj.com\/es\/perspective\/club-de-cultura-el-papel-de-la-cultura-corporativa-en-el-rendimiento-empresarial\/#breadcrumb"},"inLanguage":"es-ES","potentialAction":[{"@type":"ReadAction","target":["https:\/\/alj.com\/es\/perspective\/club-de-cultura-el-papel-de-la-cultura-corporativa-en-el-rendimiento-empresarial\/"]}]},{"@type":"BreadcrumbList","@id":"https:\/\/alj.com\/es\/perspective\/club-de-cultura-el-papel-de-la-cultura-corporativa-en-el-rendimiento-empresarial\/#breadcrumb","itemListElement":[{"@type":"ListItem","position":1,"name":"Home","item":"https:\/\/alj.com\/es\/"},{"@type":"ListItem","position":2,"name":"Perspectives","item":"https:\/\/alj.com\/ja\/perspective\/"},{"@type":"ListItem","position":3,"name":"Club de cultura: el papel de la cultura corporativa en el rendimiento empresarial"}]},{"@type":"WebSite","@id":"https:\/\/alj.com\/en\/#website","url":"https:\/\/alj.com\/en\/","name":"Abdul Latif Jameel","description":"Abdul Latif Jameel","potentialAction":[{"@type":"SearchAction","target":{"@type":"EntryPoint","urlTemplate":"https:\/\/alj.com\/en\/?s={search_term_string}"},"query-input":"required name=search_term_string"}],"inLanguage":"es-ES"}]}},"post-meta-fields":{"push_notification":["no"],"_push_notification":["field_5c3b1fb67034d"],"_wpml_word_count":["{\"total\":2190,\"to_translate\":{\"ar\":2190,\"zh-hans\":2190,\"fr\":2190,\"ja\":2190,\"es\":2190,\"tr\":2190}}"],"_wpml_media_featured":["1"],"_wpml_media_duplicate":["1"],"perspective_short_title":["Cultura corporativa en el rendimiento empresarial"],"perspective_summury":["<p>Desde hace mucho tiempo, la cultura corporativa se considera un pilar importante para construir y mantener el \u00e9xito de una empresa. En las \u00faltimas dos d\u00e9cadas, a medida que la competencia global se ha intensificado, especialmente en el mercado laboral, se ha convertido en un indicador cada vez m\u00e1s importante de intenci\u00f3n, ambici\u00f3n y diferenciaci\u00f3n.<\/p>\n"],"perspective_location":["Dubai, EAU"],"wpcf-featured-news":["0"],"is_latest_news":["0"],"wpcf-show-news-at-homepage":["1"],"publish_mobile":[""],"_publish_mobile":["field_5bfa8eb2e65cf"],"mobile_featured_image":["https:\/\/media.alj.com\/app\/uploads\/2023\/08\/Faisal-Abdalla-The-Jameel-Principles.jpg"],"_mobile_featured_image":["field_5c3b204983dea"],"featured_on_listing_page":["0"],"_featured_on_listing_page":["field_62458ea7383c3"],"content_series_applied":["a:1:{i:0;s:6:\"109260\";}"],"_content_series_applied":["field_60f3d3faf82ac"],"wpcf-perspective-downloadable_file":[""],"wpcf-perspective-published-date":["1691020800"],"wpcf-video-description":[""],"wpcf-layoutvideourl":[""],"wpcf-video-thumb":[""],"wpcf-social4-svg":[""],"wpcf-social4-background-image":[""],"wpcf-social4-text":[""],"wpcf-social4-url":[""],"wpcf-social3-svg":[""],"wpcf-social3-background-image":[""],"wpcf-social3-text":[""],"wpcf-social3-url":[""],"wpcf-social-text-svg-square":[""],"wpcf-social-text-image-square":[""],"wpcf-social-text-text-square":[""],"wpcf-social-text-url-square":[""],"wpcf-social2-svg":[""],"wpcf-social2-background-image":[""],"wpcf-social2-text":[""],"wpcf-social2-url":[""],"wpcf-social-svg-square":[""],"wpcf-social-image-square":[""],"wpcf-social-text-square":[""],"wpcf-social-url-square":[""],"wpcf-social1-svg":[""],"wpcf-social1-background-image":[""],"wpcf-social1-text":[""],"wpcf-social1-url":[""],"wpcf-quotes-with-auther-text-1":[""],"wpcf-card_article_with_title_content":[""],"wpcf-card_article_content":["write your content"],"wpcf-quotes-with-auther-text":[""],"_bsf_post_type":["0"],"_bsf_item_review_type":["none"],"_yoast_wpseo_title":["Cultura corporativa y rendimiento | Abdul Latif Jameel\u00ae"],"_yoast_wpseo_metadesc":["La cultura corporativa y los Principios Jameel gu\u00edan el enfoque de Abdul Latif Jameel hacia el \u00e9xito y los valores empresariales. Leer m\u00e1s."],"_yoast_wpseo_content_score":["30"],"_yoast_wpseo_estimated-reading-time-minutes":[""],"_yoast_wpseo_wordproof_timestamp":[""],"_thumbnail_id":["109126"],"_edit_lock":["1713774580:25"],"_edit_last":["25"],"_last_translation_edit_mode":["native-editor"],"wpcf-projecttitle":[""],"wpcf-projectdescription":[""],"wpcf-projectimage-video1":["image"],"wpcf-projectimage-1":[""],"wpcf-projectvideo-1":[""],"wpcf-projectdescription-1":[""],"wpcf-projectimage-video2":["image"],"wpcf-projectimage-2":[""],"wpcf-projectvideo-2":[""],"wpcf-projectdescription-2":[""],"wpcf-projectimage-video3":["image"],"wpcf-projectimage-3":[""],"wpcf-projectvideo-3":[""],"wpcf-projectdescription-3":[""],"wpcf-projectimage-video4":["image"],"wpcf-projectimage-4":[""],"wpcf-projectvideo-4":[""],"wpcf-projectdescription-4":[""],"perspective_business_sector":["Corporativa"],"wpcf-card-image":[""],"_wpcf-card-image-sort-order":["a:1:{i:0;i:1755516;}"],"amazonS3_cache":["a:16:{s:103:\"\/\/alj.com\/app\/uploads\/2020\/11\/Sheikh-Abdul-Latif-Jameel-with-two-business-associates-1932-680x378-1.jpg\";a:2:{s:2:\"id\";i:108787;s:11:\"source_type\";s:13:\"media-library\";}s:111:\"\/\/alj.com\/app\/uploads\/2020\/11\/Sheikh-Abdul-Latif-Jameel-with-two-business-associates-1932-680x378-1-300x167.jpg\";a:2:{s:2:\"id\";i:108787;s:11:\"source_type\";s:13:\"media-library\";}s:109:\"\/\/media.alj.com\/app\/uploads\/2020\/11\/Sheikh-Abdul-Latif-Jameel-with-two-business-associates-1932-680x378-1.jpg\";a:2:{s:2:\"id\";i:108787;s:11:\"source_type\";s:13:\"media-library\";}s:117:\"\/\/media.alj.com\/app\/uploads\/2020\/11\/Sheikh-Abdul-Latif-Jameel-with-two-business-associates-1932-680x378-1-300x167.jpg\";a:2:{s:2:\"id\";i:108787;s:11:\"source_type\";s:13:\"media-library\";}s:68:\"\/\/alj.com\/app\/uploads\/2023\/08\/The-Jameel-Principles-associates-1.jpg\";a:2:{s:2:\"id\";i:109134;s:11:\"source_type\";s:13:\"media-library\";}s:74:\"\/\/media.alj.com\/app\/uploads\/2023\/08\/The-Jameel-Principles-associates-1.jpg\";a:2:{s:2:\"id\";i:109134;s:11:\"source_type\";s:13:\"media-library\";}s:63:\"\/\/alj.com\/app\/uploads\/2023\/08\/The-Jameel-Principles-culture.jpg\";a:2:{s:2:\"id\";i:109095;s:11:\"source_type\";s:13:\"media-library\";}s:69:\"\/\/media.alj.com\/app\/uploads\/2023\/08\/The-Jameel-Principles-culture.jpg\";a:2:{s:2:\"id\";i:109095;s:11:\"source_type\";s:13:\"media-library\";}s:48:\"\/\/alj.com\/app\/uploads\/2023\/08\/The-Toyota-Way.jpg\";a:2:{s:2:\"id\";i:109109;s:11:\"source_type\";s:13:\"media-library\";}s:56:\"\/\/alj.com\/app\/uploads\/2023\/08\/The-Toyota-Way-217x300.jpg\";a:2:{s:2:\"id\";i:109109;s:11:\"source_type\";s:13:\"media-library\";}s:54:\"\/\/media.alj.com\/app\/uploads\/2023\/08\/The-Toyota-Way.jpg\";a:2:{s:2:\"id\";i:109109;s:11:\"source_type\";s:13:\"media-library\";}s:62:\"\/\/media.alj.com\/app\/uploads\/2023\/08\/The-Toyota-Way-217x300.jpg\";a:2:{s:2:\"id\";i:109109;s:11:\"source_type\";s:13:\"media-library\";}s:62:\"\/\/alj.com\/app\/uploads\/2023\/08\/The-Jameel-Principles-header.jpg\";a:2:{s:2:\"id\";i:109102;s:11:\"source_type\";s:13:\"media-library\";}s:68:\"\/\/media.alj.com\/app\/uploads\/2023\/08\/The-Jameel-Principles-header.jpg\";a:2:{s:2:\"id\";i:109102;s:11:\"source_type\";s:13:\"media-library\";}s:80:\"\/\/alj.com\/app\/uploads\/2023\/08\/Faisal-Abdalla-at-The-Jameel-Principles-launch.jpg\";a:2:{s:2:\"id\";i:109074;s:11:\"source_type\";s:13:\"media-library\";}s:86:\"\/\/media.alj.com\/app\/uploads\/2023\/08\/Faisal-Abdalla-at-The-Jameel-Principles-launch.jpg\";a:2:{s:2:\"id\";i:109074;s:11:\"source_type\";s:13:\"media-library\";}}"]},"_links":{"self":[{"href":"https:\/\/alj.com\/es\/wp-json\/wp\/v2\/perspective\/109141"}],"collection":[{"href":"https:\/\/alj.com\/es\/wp-json\/wp\/v2\/perspective"}],"about":[{"href":"https:\/\/alj.com\/es\/wp-json\/wp\/v2\/types\/perspective"}],"author":[{"embeddable":true,"href":"https:\/\/alj.com\/es\/wp-json\/wp\/v2\/users\/18"}],"wp:featuredmedia":[{"embeddable":true,"href":"https:\/\/alj.com\/es\/wp-json\/wp\/v2\/media\/109126"}],"wp:attachment":[{"href":"https:\/\/alj.com\/es\/wp-json\/wp\/v2\/media?parent=109141"}],"wp:term":[{"taxonomy":"post_tag","embeddable":true,"href":"https:\/\/alj.com\/es\/wp-json\/wp\/v2\/tags?post=109141"}],"curies":[{"name":"wp","href":"https:\/\/api.w.org\/{rel}","templated":true}]}}