{"id":113311,"date":"2024-04-19T10:54:50","date_gmt":"2024-04-19T10:54:50","guid":{"rendered":"https:\/\/alj.com\/?post_type=perspective&#038;p=113311"},"modified":"2024-06-11T09:11:55","modified_gmt":"2024-06-11T09:11:55","slug":"almacenamiento-de-una-solucion-de-energia-sostenible","status":"publish","type":"perspective","link":"https:\/\/alj.com\/es\/perspective\/almacenamiento-de-una-solucion-de-energia-sostenible\/","title":{"rendered":"Almacenamiento de una soluci\u00f3n de energ\u00eda sostenible"},"content":{"rendered":"<p>La transformaci\u00f3n de la energ\u00eda limpia parece estar en marcha. Con recursos ilimitados de energ\u00eda solar y e\u00f3lica a nuestra disposici\u00f3n, la capacidad mundial de energ\u00eda renovable alcanz\u00f3 los 3372\u00a0GW a finales de 2022, un a\u00f1o en el que un r\u00e9cord del 83\u00a0% de <em>toda<\/em> la nueva capacidad a\u00f1adida fue renovable.<a href=\"#_ftn1\" name=\"_ftnref1\"><sup>[1]<\/sup><\/a> Sin embargo, estos n\u00fameros enmascaran un desaf\u00edo persistente: c\u00f3mo almacenar, distribuir e implementar esa energ\u00eda limpia una vez generada.<\/p>\n<p>La sociedad moderna requiere energ\u00eda las 24\u00a0horas del d\u00eda, los 7\u00a0d\u00edas de la semana: para calentar nuestros hogares, para que funcionen nuestras f\u00e1bricas y para cargar nuestra tecnolog\u00eda. Sin embargo, los rayos de luz solar y las corrientes de aire que circulan a trav\u00e9s de la atm\u00f3sfera no funcionan seg\u00fan los horarios humanos. \u00bfQu\u00e9 ocurre cuando no brilla el sol y cuando las h\u00e9lices de las turbinas permanecen inm\u00f3viles al no haber viento?<\/p>\n<p>La mejor respuesta, o m\u00e1s bien la \u00fanica, es encontrar una forma de almacenar esta energ\u00eda verde, lo que hoy en d\u00eda se hace mediante bater\u00edas.<\/p>\n<p>Sin una tecnolog\u00eda de bater\u00edas adecuada, la sociedad nunca se liberar\u00e1 completamente de los combustibles f\u00f3siles. En su lugar, seguir\u00e1 dependiendo de los generadores de petr\u00f3leo y carb\u00f3n de \u201cm\u00e1xima potencia\u201d para cubrir las pausas en la oferta o para satisfacer los picos en la demanda. Las bater\u00edas son el \u201ceslab\u00f3n perdido\u201d en la cadena entre el suministro de energ\u00eda verde y las demandas de electricidad incoherentes y polifac\u00e9ticas. Son el puente que puede guiarnos hacia un futuro con cero emisiones netas y, potencialmente, evitar los peores efectos del cambio clim\u00e1tico.<\/p>\n<p>Tambi\u00e9n podr\u00edan suponer una esperada reducci\u00f3n en las facturas de energ\u00eda. Solo en el Reino Unido, una sofisticada red de almacenamiento en bater\u00edas que abarque sistemas de transporte, calefacci\u00f3n y energ\u00eda con bajas emisiones de carbono podr\u00eda ahorrar hasta 40\u00a0000 millones de GBP para 2050. Esto ser\u00eda una buena noticia no solo para los ecologistas, sino tambi\u00e9n para las familias con dificultades financieras.<a href=\"#_ftn2\" name=\"_ftnref2\"><sup>[2]<\/sup><\/a><\/p>\n<h2>El litio lidera la trayectoria hacia un futuro m\u00e1s limpio<\/h2>\n<p>Las tecnolog\u00edas que se utilizan para almacenar cantidades significativas de energ\u00eda verde se basan normalmente en bater\u00edas de iones de litio. En la actualidad, las unidades de iones de litio se consideran generalmente el medio predeterminado para dispositivos peque\u00f1os (tel\u00e9fonos m\u00f3viles), medianos (autom\u00f3viles) o extremadamente grandes (redes el\u00e9ctricas).<\/p>\n<p>Sin embargo, es a escala de red donde tienen el mayor potencial para tener un impacto considerable en la huella de carbono del sector energ\u00e9tico, que actualmente representa m\u00e1s del 40\u00a0% de las emisiones globales de CO<sub>2<\/sub>.<a href=\"#_ftn3\" name=\"_ftnref3\"><sup>[3]<\/sup><\/a><\/p>\n<p><img decoding=\"async\" loading=\"lazy\" class=\"size-full wp-image-113264 aligncenter\" src=\"https:\/\/media.alj.com\/app\/uploads\/2024\/01\/ALJ-Sustainable-Storage-scaled.jpg\" alt=\"CO2 emissions by sector\" width=\"2560\" height=\"1595\" srcset=\"https:\/\/media.alj.com\/app\/uploads\/2024\/01\/ALJ-Sustainable-Storage-scaled.jpg 2560w, https:\/\/media.alj.com\/app\/uploads\/2024\/01\/ALJ-Sustainable-Storage-300x187.jpg 300w, https:\/\/media.alj.com\/app\/uploads\/2024\/01\/ALJ-Sustainable-Storage-1024x638.jpg 1024w, https:\/\/media.alj.com\/app\/uploads\/2024\/01\/ALJ-Sustainable-Storage-150x93.jpg 150w, https:\/\/media.alj.com\/app\/uploads\/2024\/01\/ALJ-Sustainable-Storage-768x478.jpg 768w, https:\/\/media.alj.com\/app\/uploads\/2024\/01\/ALJ-Sustainable-Storage-1536x957.jpg 1536w, https:\/\/media.alj.com\/app\/uploads\/2024\/01\/ALJ-Sustainable-Storage-2048x1276.jpg 2048w\" sizes=\"(max-width: 2560px) 100vw, 2560px\" \/><\/p>\n<p>Las bater\u00edas de iones de litio, econ\u00f3micas y duraderas, se pueden utilizar y recargar miles de veces, se pueden fabricar con casi cualquier capacidad y representan una soluci\u00f3n relativamente segura y de bajo coste en casi cualquier escenario. Su superioridad se evidencia por su dominio absoluto: las bater\u00edas de iones de litio representan el 95\u00a0% de los sistemas a escala de red en el mercado actual.<a href=\"#_ftn4\" name=\"_ftnref4\"><sup>[4]<\/sup><\/a><\/p>\n<p>Aunque la tecnolog\u00eda fundamental de iones de litio tiene ahora medio siglo de antig\u00fcedad, las versiones modernas utilizan software basado en algoritmos para coordinar un patr\u00f3n \u00f3ptimo de almacenamiento y liberaci\u00f3n de energ\u00eda en la red.<\/p>\n<p>A nivel t\u00e9cnico, cargan y descargan energ\u00eda transfiriendo iones de litio entre electrodos. Los \u00f3xidos met\u00e1licos l\u00edticos se utilizan com\u00fanmente como c\u00e1todo para el almacenamiento, y el carbono como \u00e1nodo para la extracci\u00f3n.<\/p>\n<p>Los dise\u00f1os y productos qu\u00edmicos precisos var\u00edan de un modelo a otro, pero se considera que los iones de litio tienen una densidad de energ\u00eda y una rentabilidad superiores a las de cualquier otro dispositivo de almacenamiento de energ\u00eda. Las capacidades pueden variar desde varios KW con unos minutos de almacenamiento, hasta variantes multimegavatio adecuadas para subestaciones de servicios p\u00fablicos.<\/p>\n<p>Sin embargo, los iones de litio no son perfectos. Las tasas de descarga e incluso las condiciones clim\u00e1ticas tienen un impacto en los niveles de eficiencia. Por supuesto, la degradaci\u00f3n es inevitable y el gran n\u00famero de componentes de iones de litio exige un sistema de gesti\u00f3n de bater\u00edas m\u00e1s estricto que los equivalentes de zinc h\u00edbrido.<\/p>\n<p>Sin embargo, la confianza en la tecnolog\u00eda sigue siendo elevada y el potencial de inversi\u00f3n es considerable. Con el crecimiento del impulso, se estima que para finales de la d\u00e9cada se necesitar\u00e1n entre 120 y 150\u00a0nuevas f\u00e1bricas de bater\u00edas para satisfacer el apetito de la industria por soluciones de almacenamiento ecol\u00f3gico.<a href=\"#_ftn5\" name=\"_ftnref5\"><sup>[5]<\/sup><\/a> Un estudio del a\u00f1o pasado sugiere que la cadena de bater\u00edas de iones de litio (que cubre todo el viaje desde la miner\u00eda mineral hasta el reciclaje) se ampliar\u00e1 en un 30\u00a0% entre hoy y 2030, alcanzando un tama\u00f1o de mercado de 4,7\u00a0TWh y un valor financiero de m\u00e1s de 400\u00a0millones de USD.<\/p>\n<p>Incluso si las unidades de iones de litio siguen siendo l\u00edderes de la industria, se est\u00e1n investigando alternativas que podr\u00edan impulsar a\u00fan m\u00e1s el sector del almacenamiento de energ\u00eda.<\/p>\n<p><img decoding=\"async\" loading=\"lazy\" class=\"size-full wp-image-113114 aligncenter\" src=\"https:\/\/media.alj.com\/app\/uploads\/2024\/01\/ALJ-Sustainable-Storage2-scaled.jpg\" alt=\"lithium-ion demand\" width=\"2560\" height=\"1810\" srcset=\"https:\/\/media.alj.com\/app\/uploads\/2024\/01\/ALJ-Sustainable-Storage2-scaled.jpg 2560w, https:\/\/media.alj.com\/app\/uploads\/2024\/01\/ALJ-Sustainable-Storage2-300x212.jpg 300w, https:\/\/media.alj.com\/app\/uploads\/2024\/01\/ALJ-Sustainable-Storage2-1024x724.jpg 1024w, https:\/\/media.alj.com\/app\/uploads\/2024\/01\/ALJ-Sustainable-Storage2-150x106.jpg 150w, https:\/\/media.alj.com\/app\/uploads\/2024\/01\/ALJ-Sustainable-Storage2-768x543.jpg 768w, https:\/\/media.alj.com\/app\/uploads\/2024\/01\/ALJ-Sustainable-Storage2-1536x1086.jpg 1536w, https:\/\/media.alj.com\/app\/uploads\/2024\/01\/ALJ-Sustainable-Storage2-2048x1448.jpg 2048w\" sizes=\"(max-width: 2560px) 100vw, 2560px\" \/><\/p>\n<h2>Bater\u00edas alternativas con tecnolog\u00edas revolucionarias<\/h2>\n<p>La investigaci\u00f3n sobre tecnolog\u00edas de bater\u00edas alternativas, que podr\u00edan igualar o incluso superar la eficiencia de los iones de litio, ha producido algunos resultados tentadores.<\/p>\n<ul>\n<li><strong>Bater\u00edas de iones de sodio:<\/strong> si la oferta de litio disminuye o si el mercado necesita diversificarse, el ion de sodio representa una alternativa potente. Las unidades de iones de sodio tienen densidades de energ\u00eda m\u00e1s bajas que los equivalentes de litio (120-160\u00a0vatios-hora por kg frente a 170-190\u00a0vatios-hora por kg) y ciclos de vida m\u00e1s cortos (de 2000 a 4000 recargas frente a 4000 a 8000), pero producirlas cuesta hasta cinco veces menos.<a href=\"#_ftn6\" name=\"_ftnref6\"><sup>[6]<\/sup><\/a> Al ser menos propensas a un \u201cembalamiento t\u00e9rmico\u201d (calentamiento incontrolable de electrolitos inflamables), tambi\u00e9n pueden considerarse potencialmente m\u00e1s seguras. Solo en 2023, al menos seis nuevos fabricantes comenzaron la producci\u00f3n de bater\u00edas de iones de sodio.<\/li>\n<li><strong>Bater\u00edas de flujo:<\/strong> estas celdas de combustible recargables gigantes producen energ\u00eda a trav\u00e9s de un par de componentes qu\u00edmicos disueltos en l\u00edquido y divididos por una membrana. Cuando est\u00e1n en funcionamiento, los electrolitos se bombean desde los tanques a trav\u00e9s de electrodos para extraer los electrones, antes de recargarse y devolverse al tanque de almacenamiento. Las bater\u00edas de flujo temprano requer\u00edan vanadio, un metal raro y costoso, pero algunas iteraciones posteriores intercambian el vanadio por compuestos org\u00e1nicos m\u00e1s sostenibles que tambi\u00e9n atrapan y liberan electrones. Dichos dispositivos podr\u00edan llegar a suministrar energ\u00eda a miles de hogares durante muchas horas. Aunque las bater\u00edas de flujo tienen densidades de energ\u00eda y tasas de descarga m\u00e1s bajas que muchos materiales electroactivos s\u00f3lidos, est\u00e1n demostrando r\u00e1pidamente ser viables a escala de servicios p\u00fablicos. La ciudad portuaria china de Dalian comenz\u00f3 el a\u00f1o pasado a operar una bater\u00eda de flujo de 400\u00a0MWh y 100\u00a0MW, lo que permiti\u00f3 a sus habitantes aprovechar ampliamente la energ\u00eda e\u00f3lica y solar.<\/li>\n<\/ul>\n<p><img decoding=\"async\" loading=\"lazy\" class=\"size-full wp-image-113121 aligncenter\" src=\"https:\/\/media.alj.com\/app\/uploads\/2024\/01\/ALJ-Sustainable-Storage3-scaled.jpg\" alt=\"Tanked up\" width=\"2560\" height=\"1595\" srcset=\"https:\/\/media.alj.com\/app\/uploads\/2024\/01\/ALJ-Sustainable-Storage3-scaled.jpg 2560w, https:\/\/media.alj.com\/app\/uploads\/2024\/01\/ALJ-Sustainable-Storage3-300x187.jpg 300w, https:\/\/media.alj.com\/app\/uploads\/2024\/01\/ALJ-Sustainable-Storage3-1024x638.jpg 1024w, https:\/\/media.alj.com\/app\/uploads\/2024\/01\/ALJ-Sustainable-Storage3-150x93.jpg 150w, https:\/\/media.alj.com\/app\/uploads\/2024\/01\/ALJ-Sustainable-Storage3-768x478.jpg 768w, https:\/\/media.alj.com\/app\/uploads\/2024\/01\/ALJ-Sustainable-Storage3-1536x957.jpg 1536w, https:\/\/media.alj.com\/app\/uploads\/2024\/01\/ALJ-Sustainable-Storage3-2048x1276.jpg 2048w\" sizes=\"(max-width: 2560px) 100vw, 2560px\" \/><\/p>\n<ul>\n<li><strong>Almacenamiento de energ\u00eda de aire comprimido:<\/strong> en este sistema, el excedente de energ\u00eda se utiliza para comprimir el aire y almacenarlo dentro de un recipiente grande y presurizado, antes de liberarlo gradualmente a trav\u00e9s de una turbina giratoria para generar electricidad. Para minimizar los costes, a veces se puede almacenar aire comprimido en espacios existentes, como minas de sal sin usar. Aunque la tecnolog\u00eda no es nueva, actualmente se est\u00e1n investigando m\u00e9todos para almacenar el calor generado durante la compresi\u00f3n y reutilizarlo como catalizador de expansi\u00f3n cuando llega el momento de descargar energ\u00eda. En el Reino Unido, un proyecto dirigido por una universidad est\u00e1 investigando el uso de \u201cbolsas energ\u00e9ticas\u201d de alta mar como recipientes de almacenamiento. Con este m\u00e9todo, el coste por unidad de energ\u00eda almacenada podr\u00eda caer a 1-10\u00a0GBP\/kWh, considerablemente m\u00e1s barato que el almacenamiento bombeado (50\u00a0GBP\/kWh) o el almacenamiento electroqu\u00edmico (500\u00a0GBP\/kWh).<a href=\"#_ftn7\" name=\"_ftnref7\"><sup>[7]<\/sup><\/a><\/li>\n<li><a href=\"https:\/\/energyvault.com\/\"><strong>Bater\u00edas mec\u00e1nicas de gravedad<\/strong><\/a><strong>: <\/strong>estos sistemas utilizan bloques con peso que se levantan en una torre y luego se hacen descender durante los per\u00edodos de d\u00e9ficit de energ\u00eda para generar electricidad a trav\u00e9s de la fuerza gravitacional natural. Tiene sentido: despu\u00e9s de todo, todo lo que sube tiene que bajar. La masa de una bater\u00eda de gravedad combinada con su descenso gradual crea una gran cantidad de par que genera la m\u00e1xima potencia al instante. Estas bater\u00edas de gravedad mec\u00e1nica tambi\u00e9n pueden ayudar a mantener el equilibrio de la red, erradicando el tipo de fluctuaciones que plantean un riesgo de apagones y da\u00f1os en la infraestructura. Energy Vault, con sede en Suiza, pone este a\u00f1o los toques finales a dos proyectos de bater\u00edas de gravedad, cada uno dise\u00f1ado para mostrar la versatilidad de la tecnolog\u00eda. Uno, cerca de Shangh\u00e1i, China, tendr\u00e1 una capacidad de almacenamiento de energ\u00eda de 100\u00a0MWh con el potencial de alimentar 3400\u00a0hogares. Otro sistema, en Texas, EE.\u00a0UU., cuenta con una estructura de 140\u00a0metros de altura con una capacidad de energ\u00eda total de 36\u00a0MWh.<a href=\"#_ftn8\" name=\"_ftnref8\"><sup>[8]<\/sup><\/a><\/li>\n<li>Bater\u00edas de <a href=\"https:\/\/energyvault.com\/\"><strong>arena<\/strong><\/a>: estos dispositivos en desarrollo utilizan arena (o un sustituto similar) como medio de almacenamiento de calor a alta temperatura, normalmente para la energ\u00eda generada a partir de fuentes e\u00f3licas o solares. Una vez desplegada, la energ\u00eda se puede utilizar para calentar edificios directamente o para proporcionar vapor para procesos industriales que normalmente dependen de combustibles f\u00f3siles. Aunque la tecnolog\u00eda est\u00e1 pendiente de una adopci\u00f3n masiva, ya hay un ejemplo en funcionamiento en Finlandia. Operada por la empresa de servicios p\u00fablicos Vatajankoski, la bater\u00eda de arena de la ciudad de Kankaanp\u00e4\u00e4 calienta una serie de edificios comerciales y dom\u00e9sticos. El kit, compuesto por un silo de acero aislado lleno de tubos de transferencia de arena y calor, puede alcanzar alrededor de 600\u00a0\u00baC y contener hasta 8\u00a0MWh de energ\u00eda t\u00e9rmica cuando est\u00e1 lleno. Con su alta tolerancia a la temperatura, la arena puede retener varias veces la cantidad de energ\u00eda que podr\u00eda contener un dep\u00f3sito de agua equivalente. Sin embargo, actualmente convertir ese calor de nuevo en electricidad tiene una tasa de eficiencia de solo el 30\u00a0%. Las bater\u00edas de arena podr\u00edan ser una soluci\u00f3n duradera, puesto que la ausencia de reacciones qu\u00edmicas evita el proceso de desgaste de las bater\u00edas normales. El equipo detr\u00e1s del proyecto finland\u00e9s tiene grandes esperanzas en la tecnolog\u00eda y considera que las bater\u00edas de arena podr\u00edan llegar a ser viables para cualquier lugar del mundo con un sistema de calefacci\u00f3n por distritos.<a href=\"#_ftn9\" name=\"_ftnref9\">[9]<\/a><\/li>\n<\/ul>\n<p>Para maximizar el potencial de las tecnolog\u00edas de almacenamiento en bater\u00edas, las partes interesadas deben canalizar los fondos hacia las \u00e1reas de investigaci\u00f3n adecuadas y garantizar la industrializaci\u00f3n a gran escala. A fin de beneficiar tanto al medioambiente como a los resultados, el sector debe centrarse en la sostenibilidad, la transparencia y la resiliencia a lo largo de toda la cadena de valor.<\/p>\n<h2>Cortocircuitar los problemas de la adopci\u00f3n de las bater\u00edas<\/h2>\n<p>En el viaje hacia un futuro alimentado por bater\u00edas se esperan ciertos desaf\u00edos, todos molestos, pero ninguno insuperable.<\/p>\n<p>La miner\u00eda y el refinamiento de <a href=\"https:\/\/alj.com\/en\/spotlight-by-fady-jameel\/mission-critical-we-need-fewer-fossil-fuels-and-more-critical-minerals\/\">minerales de tierras raras<\/a> agota los recursos naturales, degrada la tierra, genera residuos, contamina el suelo y el agua y provoca la p\u00e9rdida de biodiversidad. En los mercados emergentes, donde se obtienen muchos de los componentes fundamentales para las bater\u00edas, pueden surgir problemas por cuestiones como los derechos ind\u00edgenas y el trabajo forzado.<\/p>\n<p><img decoding=\"async\" loading=\"lazy\" class=\"size-full wp-image-113128 aligncenter\" src=\"https:\/\/media.alj.com\/app\/uploads\/2024\/01\/ALJ-Sustainable-Storage4-scaled.jpg\" alt=\"Battery value chain\" width=\"2560\" height=\"1772\" srcset=\"https:\/\/media.alj.com\/app\/uploads\/2024\/01\/ALJ-Sustainable-Storage4-scaled.jpg 2560w, https:\/\/media.alj.com\/app\/uploads\/2024\/01\/ALJ-Sustainable-Storage4-300x208.jpg 300w, https:\/\/media.alj.com\/app\/uploads\/2024\/01\/ALJ-Sustainable-Storage4-1024x709.jpg 1024w, https:\/\/media.alj.com\/app\/uploads\/2024\/01\/ALJ-Sustainable-Storage4-150x104.jpg 150w, https:\/\/media.alj.com\/app\/uploads\/2024\/01\/ALJ-Sustainable-Storage4-768x532.jpg 768w, https:\/\/media.alj.com\/app\/uploads\/2024\/01\/ALJ-Sustainable-Storage4-1536x1063.jpg 1536w, https:\/\/media.alj.com\/app\/uploads\/2024\/01\/ALJ-Sustainable-Storage4-2048x1418.jpg 2048w\" sizes=\"(max-width: 2560px) 100vw, 2560px\" \/><\/p>\n<p>Se espera que la demanda de carbonato de litio sea mayor de 3000\u00a0kilotones para 2030, superando con creces los 600\u00a0kilotones producidos en 2021 y los 1500 kilotones previstos para 2030, seg\u00fan los acuerdos de miner\u00eda actuales.<a href=\"#_ftn10\" name=\"_ftnref10\"><sup>[10]<\/sup><\/a><\/p>\n<p>Unas normativas m\u00e1s estrictas, una mayor transparencia y una planificaci\u00f3n m\u00e1s previsora pueden ayudar a las partes interesadas del sector p\u00fablico y privado a sortear posibles obst\u00e1culos ESG (medioambientales, sociales y de gobernanza).<\/p>\n<p>Hist\u00f3ricamente, la cadena de valor de las bater\u00edas tambi\u00e9n se ha visto obstaculizada por la volatilidad de los precios. En plena crisis de los costes de vida globales, la descarbonizaci\u00f3n podr\u00eda retrasarse fatalmente por los elevados costes de las bater\u00edas. En este contexto, sigue sin estar claro c\u00f3mo la industria podr\u00eda ampliarse lo suficiente para satisfacer las necesidades futuras.<\/p>\n<p>Tambi\u00e9n hay que tener en cuenta los cambios en las pol\u00edticas nacionales. Para soportar los desaf\u00edos de las cadenas de suministro interrumpidas, la escasez de mano de obra cualificada y la disparidad en la protecci\u00f3n de la propiedad intelectual internacional se necesita una mayor cohesi\u00f3n.<\/p>\n<p>Si se introducen r\u00e1pidamente, las estrategias de mitigaci\u00f3n pueden ayudar. Los contratos a largo plazo y la integraci\u00f3n vertical de la cadena de suministro podr\u00edan proporcionar certeza e impulsar la confianza de los inversores. Para ganarse los corazones y las mentes, la miner\u00eda disruptiva de minerales de tierras raras debe estar vinculada a un movimiento social y una agenda de crecimiento m\u00e1s amplios.<\/p>\n<p>Las bater\u00edas han demostrado repetidamente su valor medioambiental en todo el camino, desde la producci\u00f3n hasta la eliminaci\u00f3n, as\u00ed que la industria no tiene intenci\u00f3n de quedarse quieta. Pero, \u00bfc\u00f3mo ser\u00e1 el \u00e9xito? Seg\u00fan los expertos, un ecosistema de bater\u00edas saludable y sostenible para 2030 tendr\u00e1 tres caracter\u00edsticas obligatorias:<a href=\"#_ftn11\" name=\"_ftnref11\"><sup>[11]<\/sup><\/a><\/p>\n<ul>\n<li><strong>Una red de suministro resistente<\/strong>: en un escenario ideal, las regiones adquirir\u00edan en gran medida sus propios materiales para satisfacer la demanda nacional.<\/li>\n<li><strong>Sostenibilidad:<\/strong> para descarbonizar nuestra sociedad, las industrias de almacenamiento de energ\u00eda deben descarbonizarse activamente, garantizando una ca\u00edda del 90\u00a0% en las emisiones de materiales y fabricaci\u00f3n para finales de la d\u00e9cada.<\/li>\n<li><strong>Una cadena de valor circular:<\/strong> los materiales que se acercan al final de su vida \u00fatil deben reprocesarse rigurosamente y volver a introducirse en el sistema. Esto minimizar\u00e1 los residuos a la vez que extraer\u00e1 el m\u00e1ximo valor econ\u00f3mico, que est\u00e1 previsto que represente 6000\u00a0millones de USD adicionales en beneficios para 2040.<\/li>\n<\/ul>\n<p>La armonizaci\u00f3n del ecosistema de almacenamiento de energ\u00eda requerir\u00e1 el apoyo entusiasta de los legisladores dotados con una visi\u00f3n audaz del sector privado. Los disruptores e innovadores, como <a href=\"https:\/\/alj.com\">Abdul Latif Jameel<\/a>, pueden ayudar a marcar el comienzo de este futuro m\u00e1s brillante.<\/p>\n<h2>El sector privado aporta poder a las personas<\/h2>\n<p>Fotowatio Renewable Ventures (<a href=\"https:\/\/frv.com\/en\/\">FRV<\/a>), el negocio insignia de energ\u00eda renovable de Abdul Latif Jameel, se centra no solo en generar electricidad verde a partir de energ\u00eda e\u00f3lica y solar, sino tambi\u00e9n en proyectos pioneros de almacenamiento de energ\u00eda.<\/p>\n<div style=\"width: 640px;\" class=\"wp-video\"><!--[if lt IE 9]><script>document.createElement('video');<\/script><![endif]-->\n<video class=\"wp-video-shortcode\" id=\"video-113311-1\" width=\"640\" height=\"360\" preload=\"metadata\" controls=\"controls\"><source type=\"video\/mp4\" src=\"https:\/\/media.alj.com\/app\/uploads\/2024\/01\/Abdul-Latif-Jameel-Energy-FRV-Contego-BESS-Goes-Online-v2-Timelapse-EN-16x9-1.mp4?_=1\" \/><a href=\"https:\/\/media.alj.com\/app\/uploads\/2024\/01\/Abdul-Latif-Jameel-Energy-FRV-Contego-BESS-Goes-Online-v2-Timelapse-EN-16x9-1.mp4\">https:\/\/media.alj.com\/app\/uploads\/2024\/01\/Abdul-Latif-Jameel-Energy-FRV-Contego-BESS-Goes-Online-v2-Timelapse-EN-16x9-1.mp4<\/a><\/video><\/div>\n<p>En 2022 obtuvo financiaci\u00f3n para su \u00faltimo sistema de almacenamiento de energ\u00eda en bater\u00edas (BESS), una planta de iones de litio de 250\u00a0MW en <a href=\"https:\/\/frv.com\/en\/frv-australia-awarded-a-conditional-funding-from-arena-to-support-the-construction-of-the-gnarwarre-250mw-battery-project\/\">Gnarwarre<\/a>, Victoria, Australia. El pacto se hizo popular tras su acuerdo para construir el BESS de 100\u00a0MW en Terang, ubicado tambi\u00e9n en Victoria.<\/p>\n<figure id=\"attachment_113149\" aria-describedby=\"caption-attachment-113149\" style=\"width: 300px\" class=\"wp-caption alignleft\"><img decoding=\"async\" loading=\"lazy\" class=\"wp-image-113149 size-medium\" src=\"https:\/\/media.alj.com\/app\/uploads\/2024\/01\/Picture2-2-300x200.jpg\" alt=\"Sustainable storage feature image\" width=\"300\" height=\"200\" srcset=\"https:\/\/media.alj.com\/app\/uploads\/2024\/01\/Picture2-2-300x200.jpg 300w, https:\/\/media.alj.com\/app\/uploads\/2024\/01\/Picture2-2-150x100.jpg 150w, https:\/\/media.alj.com\/app\/uploads\/2024\/01\/Picture2-2-768x512.jpg 768w, https:\/\/media.alj.com\/app\/uploads\/2024\/01\/Picture2-2.jpg 1001w\" sizes=\"(max-width: 300px) 100vw, 300px\" \/><figcaption id=\"caption-attachment-113149\" class=\"wp-caption-text\">BESS de FRV en Contego, West Sussex (34 MW\/68 MWh).<\/figcaption><\/figure>\n<p>La rama de innovaci\u00f3n de FRV, <a href=\"https:\/\/frv.com\/en\/services\/frv-x\/\">FRV-X<\/a>, est\u00e1 desarrollando una gran reputaci\u00f3n en los proyectos BESS a escala de servicios p\u00fablicos en todo el mundo, garantizando fuentes de alimentaci\u00f3n las 24\u00a0horas para hogares e industrias.<\/p>\n<p>FRV ya participa en proyectos BESS en el Reino Unido en <a href=\"https:\/\/alj.com\/en\/news\/abdul-latif-jameel-energys-frv-and-harmony-energy-begin-construction-of-one-the-uks-largest-battery-storage-projects\/\">Clay Tye<\/a> , Essex (99\u00a0MW\/198\u00a0MWh); <a href=\"https:\/\/alj.com\/en\/news\/abdul-latif-jameel-energys-frv-achieves-financial-close-with-natwest-for-its-holes-bay-battery-project-in-the-uk\/\">Holes Bay<\/a>, Dorset (7,5\u00a0MW\/15\u00a0MWh); y <a href=\"https:\/\/alj.com\/en\/news\/abdul-latif-jameel-energys-frv-energizes-contego-battery-energy-storage-plant\/\">Contego<\/a><a href=\"https:\/\/alj.com\/en\/news\/abdul-latif-jameel-energys-frv-energizes-contego-battery-energy-storage-plant\/\">,<\/a> West Sussex (34\u00a0MW\/68\u00a0MWh).<\/p>\n<p>Tambi\u00e9n opera una planta solar h\u00edbrida y BESS en <a href=\"https:\/\/alj.com\/en\/news\/abdul-latif-jameel-energys-frv-announces-first-hybrid-pv-solar-storage-project-in-australia\/\">Dalby<\/a>, Queensland, Australia.<\/p>\n<div style=\"width: 640px;\" class=\"wp-video\"><video class=\"wp-video-shortcode\" id=\"video-113311-2\" width=\"640\" height=\"360\" preload=\"metadata\" controls=\"controls\"><source type=\"video\/mp4\" src=\"https:\/\/media.alj.com\/app\/uploads\/2024\/01\/Abdul-Latif-Jameel-Energy-FRV-Harmony-Energy-Holes-Bay-Project-16x9-EN.mp4?_=2\" \/><a href=\"https:\/\/media.alj.com\/app\/uploads\/2024\/01\/Abdul-Latif-Jameel-Energy-FRV-Harmony-Energy-Holes-Bay-Project-16x9-EN.mp4\">https:\/\/media.alj.com\/app\/uploads\/2024\/01\/Abdul-Latif-Jameel-Energy-FRV-Harmony-Energy-Holes-Bay-Project-16x9-EN.mp4<\/a><\/video><\/div>\n<p>En 2022, FRV compr\u00f3 dos <a href=\"https:\/\/alj.com\/en\/news\/abdul-latif-jameel-energys-frv-to-acquire-two-new-battery-energy-storage-projects-in-the-uk\/\">proyectos BESS adicionales en el Reino Unido<\/a>, adem\u00e1s de una participaci\u00f3n mayoritaria en un proyecto BESS en <a href=\"https:\/\/alj.com\/en\/news\/abdul-latif-jameel-energys-frv-acquires-majority-stake-in-one-of-the-largest-battery-energy-storage-systems-in-greece\/\">Grecia<\/a>. FRV-X cuenta con m\u00e1s de 500\u00a0MW en proyectos de almacenamiento en bater\u00edas operativos en una serie de mercados clave.<\/p>\n<p><em>\u201cEstamos orgullosos de ser l\u00edderes en innovaci\u00f3n de almacenamiento de energ\u00eda sostenible, ayudando a lograr un futuro m\u00e1s viable para todos nosotros\u201d, <\/em>coment\u00f3 Fady Jameel, presidente adjunto y vicepresidente de Abdul Latif Jameel.<\/p>\n<figure id=\"attachment_113449\" aria-describedby=\"caption-attachment-113449\" style=\"width: 300px\" class=\"wp-caption alignright\"><img decoding=\"async\" loading=\"lazy\" class=\"size-medium wp-image-113449\" src=\"https:\/\/media.alj.com\/app\/uploads\/2024\/01\/Picture3-new-300x232.png\" alt=\"Fady Jameel\" width=\"300\" height=\"232\" srcset=\"https:\/\/media.alj.com\/app\/uploads\/2024\/01\/Picture3-new-300x232.png 300w, https:\/\/media.alj.com\/app\/uploads\/2024\/01\/Picture3-new-150x116.png 150w, https:\/\/media.alj.com\/app\/uploads\/2024\/01\/Picture3-new.png 345w\" sizes=\"(max-width: 300px) 100vw, 300px\" \/><figcaption id=\"caption-attachment-113449\" class=\"wp-caption-text\">Fady Jameel<br \/>Presidente adjunto y vicepresidente<br \/>Abdul Latif Jameel<\/figcaption><\/figure>\n<p>\u201c<em>Desde una perspectiva tecnol\u00f3gica, estamos dominando el arte de generar energ\u00eda verde de forma limpia y econ\u00f3mica. Los sistemas de almacenamiento el\u00e9ctrico eficientes son el eslab\u00f3n perdido en nuestro camino hacia una sociedad verdaderamente sostenible. Hay una gran emoci\u00f3n dentro de la industria por la velocidad actual de la evoluci\u00f3n de la tecnolog\u00eda de bater\u00edas, y estamos orgullosos de formar parte de ese esfuerzo conjunto<\/em>\u201d.<\/p>\n<p>Los datos inspiran una gran confianza. Los mercados mundiales de bater\u00edas podr\u00edan proteger hasta 18\u00a0millones de puestos de trabajo para 2030, tanto creando nuevos como asegurando los existentes.<a href=\"#_ftn12\" name=\"_ftnref12\"><sup>[12]<\/sup><\/a> Solo en el sector del transporte por carretera, la pr\u00f3xima revoluci\u00f3n de las bater\u00edas podr\u00eda reducir las emisiones de gases de efecto invernadero en hasta 70\u00a0gigatones de equivalente de CO<sub>2<\/sub> (GtCO2e) para 2050.<\/p>\n<p>El anhelo de una energ\u00eda verde fiable y vers\u00e1til no es exclusivo de un clima o cultura en particular. Prueba de ello es que se est\u00e1 realizando una enorme financiaci\u00f3n en todo el mundo. En EE.\u00a0UU., gracias a la Ley de Reducci\u00f3n de la Inflaci\u00f3n de 2022, las partes interesadas est\u00e1n compitiendo por una porci\u00f3n de los 370\u00a0000 millones de USD del fondo destinado a inversiones en energ\u00eda limpia. Al otro lado del Atl\u00e1ntico, en Europa, la crisis energ\u00e9tica desencadenada por la situaci\u00f3n entre Rusia y Ucrania est\u00e1 fomentando una reevaluaci\u00f3n del suministro y el almacenamiento que da prioridad a la innovaci\u00f3n. El Pacto Verde Europeo pretende movilizar al menos 1\u00a0bill\u00f3n de euros en inversiones medioambientales en energ\u00eda limpia y sostenibilidad durante la pr\u00f3xima d\u00e9cada.<a href=\"#_ftn13\" name=\"_ftnref13\"><sup>[13]<\/sup><\/a><\/p>\n<p>No es de extra\u00f1ar que se prevea que el sector BESS crezca a una media del 29\u00a0% anual desde ahora hasta 2030.<\/p>\n<p><img decoding=\"async\" loading=\"lazy\" class=\"size-full wp-image-113135 aligncenter\" src=\"https:\/\/media.alj.com\/app\/uploads\/2024\/01\/ALJ-Sustainable-Storage5-scaled.jpg\" alt=\"Battery energy storage system capacity\" width=\"2560\" height=\"1560\" srcset=\"https:\/\/media.alj.com\/app\/uploads\/2024\/01\/ALJ-Sustainable-Storage5-scaled.jpg 2560w, https:\/\/media.alj.com\/app\/uploads\/2024\/01\/ALJ-Sustainable-Storage5-300x183.jpg 300w, https:\/\/media.alj.com\/app\/uploads\/2024\/01\/ALJ-Sustainable-Storage5-1024x624.jpg 1024w, https:\/\/media.alj.com\/app\/uploads\/2024\/01\/ALJ-Sustainable-Storage5-150x91.jpg 150w, https:\/\/media.alj.com\/app\/uploads\/2024\/01\/ALJ-Sustainable-Storage5-768x468.jpg 768w, https:\/\/media.alj.com\/app\/uploads\/2024\/01\/ALJ-Sustainable-Storage5-1536x936.jpg 1536w, https:\/\/media.alj.com\/app\/uploads\/2024\/01\/ALJ-Sustainable-Storage5-2048x1248.jpg 2048w\" sizes=\"(max-width: 2560px) 100vw, 2560px\" \/><\/p>\n<p>Para ese a\u00f1o, los 450 a 620\u00a0GWh de instalaciones anuales a escala de servicios p\u00fablicos establecer\u00e1n una cuota de mercado del 90\u00a0%.<a href=\"#_ftn14\" name=\"_ftnref14\"><sup>[14]<\/sup><\/a> \u00bfSuena demasiado ambicioso? Nunca. Asegurar una red significativa de instalaciones de almacenamiento en bater\u00edas a escala de servicios p\u00fablicos significa liberar de una vez por todas el freno de mano en nuestra imprescindible transici\u00f3n ecol\u00f3gica.<\/p>\n<p>&nbsp;<\/p>\n<p><a href=\"#_ftnref1\" name=\"_ftn1\">[1]<\/a> https:\/\/www.irena.org\/News\/pressreleases\/2023\/Mar\/Record-9-point-6-Percentage-Growth-in-Renewables-Achieved-Despite-Energy-Crisis<\/p>\n<p><a href=\"#_ftnref2\" name=\"_ftn2\">[2]<\/a> https:\/\/www.nationalgrid.com\/stories\/energy-explained\/what-is-battery-storage<\/p>\n<p><a href=\"#_ftnref3\" name=\"_ftn3\">[3]<\/a> <a href=\"https:\/\/documents.worldbank.org\/en\/publication\/documents-reports\/documentdetail\/873091468155720710\/Understanding-CO2-emissions-from-the-global-energy-sector\">https:\/\/documents.worldbank.org\/en\/publication\/documents-reports\/documentdetail\/873091468155720710\/Understanding-CO2-emissions-from-the-global-energy-sector<\/a><\/p>\n<p><a href=\"#_ftnref4\" name=\"_ftn4\">[4]<\/a> <a href=\"https:\/\/www.windpowerengineering.com\/how-three-battery-types-work-in-grid-scale-energy-storage-systems\/\">https:\/\/www.windpowerengineering.com\/how-three-battery-types-work-in-grid-scale-energy-storage-systems\/<\/a><\/p>\n<p><a href=\"#_ftnref5\" name=\"_ftn5\">[5]<\/a> <a href=\"https:\/\/www.mckinsey.com\/industries\/automotive-and-assembly\/our-insights\/battery-2030-resilient-sustainable-and-circular\">https:\/\/www.mckinsey.com\/industries\/automotive-and-assembly\/our-insights\/battery-2030-resilient-sustainable-and-circular<\/a><\/p>\n<p><a href=\"#_ftnref6\" name=\"_ftn6\">[6]<\/a> <a href=\"https:\/\/www.mckinsey.com\/industries\/automotive-and-assembly\/our-insights\/enabling-renewable-energy-with-battery-energy-storage-systems\">https:\/\/www.mckinsey.com\/industries\/automotive-and-assembly\/our-insights\/enabling-renewable-energy-with-battery-energy-storage-systems<\/a><\/p>\n<p><a href=\"#_ftnref7\" name=\"_ftn7\">[7]<\/a> <a href=\"https:\/\/www.thegreenage.co.uk\/tech\/compressed-air-energy-storage\/\">https:\/\/www.thegreenage.co.uk\/tech\/compressed-air-energy-storage\/<\/a><\/p>\n<p><a href=\"#_ftnref8\" name=\"_ftn8\">[8]<\/a> <a href=\"https:\/\/interestingengineering.com\/innovation\/two-massive-gravity-batteries-are-nearing-completion-in-the-us-and-china\">https:\/\/interestingengineering.com\/innovation\/two-massive-gravity-batteries-are-nearing-completion-in-the-us-and-china<\/a><\/p>\n<p><a href=\"#_ftnref9\" name=\"_ftn9\">[9]<\/a> https:\/\/www.bbc.com\/future\/article\/20221102-how-a-sand-battery-could-transform-clean-energy<\/p>\n<p><a href=\"#_ftnref10\" name=\"_ftn10\">[10]<\/a> <a href=\"https:\/\/www.mckinsey.com\/industries\/automotive-and-assembly\/our-insights\/battery-2030-resilient-sustainable-and-circular\">https:\/\/www.mckinsey.com\/industries\/automotive-and-assembly\/our-insights\/battery-2030-resilient-sustainable-and-circular<\/a><\/p>\n<p><a href=\"#_ftnref11\" name=\"_ftn11\">[11]<\/a> <a href=\"https:\/\/www.mckinsey.com\/industries\/automotive-and-assembly\/our-insights\/battery-2030-resilient-sustainable-and-circular\">https:\/\/www.mckinsey.com\/industries\/automotive-and-assembly\/our-insights\/battery-2030-resilient-sustainable-and-circular<\/a><\/p>\n<p><a href=\"#_ftnref12\" name=\"_ftn12\">[12]<\/a> <a href=\"https:\/\/www.mckinsey.com\/industries\/automotive-and-assembly\/our-insights\/battery-2030-resilient-sustainable-and-circular\">https:\/\/www.mckinsey.com\/industries\/automotive-and-assembly\/our-insights\/battery-2030-resilient-sustainable-and-circular<\/a><\/p>\n<p><a href=\"#_ftnref13\" name=\"_ftn13\">[13]<\/a> <a href=\"https:\/\/eucalls.net\/blog\/the-basics-of-the-european-green-deal\">https:\/\/eucalls.net\/blog\/the-basics-of-the-european-green-deal<\/a><\/p>\n<p><a href=\"#_ftnref14\" name=\"_ftn14\">[14]<\/a> <a href=\"https:\/\/www.mckinsey.com\/industries\/automotive-and-assembly\/our-insights\/enabling-renewable-energy-with-battery-energy-storage-systems\">https:\/\/www.mckinsey.com\/industries\/automotive-and-assembly\/our-insights\/enabling-renewable-energy-with-battery-energy-storage-systems<\/a><\/p>\n","protected":false},"author":18,"featured_media":113142,"template":"","tags":[],"acf":[],"yoast_head":"<!-- This site is optimized with the Yoast SEO plugin v21.5 - https:\/\/yoast.com\/wordpress\/plugins\/seo\/ -->\n<title>Almacenamiento de energ\u00eda sostenible | Abdul Latif Jameel\u00ae<\/title>\n<meta name=\"description\" content=\"Aunque aumenta el uso de renovables, el reto sigue siendo usar la energ\u00eda sin pausa. Las soluciones modernas apuntan al almacenamiento en bater\u00edas. M\u00e1s.\" \/>\n<meta name=\"robots\" content=\"index, follow, max-snippet:-1, max-image-preview:large, max-video-preview:-1\" \/>\n<link rel=\"canonical\" href=\"https:\/\/alj.com\/es\/perspective\/almacenamiento-de-una-solucion-de-energia-sostenible\/\" \/>\n<meta property=\"og:locale\" content=\"es_ES\" \/>\n<meta property=\"og:type\" content=\"article\" \/>\n<meta property=\"og:title\" content=\"Almacenamiento de energ\u00eda sostenible | Abdul Latif Jameel\u00ae\" \/>\n<meta property=\"og:description\" content=\"Aunque aumenta el uso de renovables, el reto sigue siendo usar la energ\u00eda sin pausa. Las soluciones modernas apuntan al almacenamiento en bater\u00edas. M\u00e1s.\" \/>\n<meta property=\"og:url\" content=\"https:\/\/alj.com\/es\/perspective\/almacenamiento-de-una-solucion-de-energia-sostenible\/\" \/>\n<meta property=\"og:site_name\" content=\"Abdul Latif Jameel\" \/>\n<meta property=\"article:publisher\" content=\"https:\/\/www.facebook.com\/Abdul.Latif.Jameel.Official\" \/>\n<meta property=\"article:modified_time\" content=\"2024-06-11T09:11:55+00:00\" \/>\n<meta property=\"og:image\" content=\"https:\/\/media.alj.com\/app\/uploads\/2024\/01\/Picture1-1.jpg\" \/>\n\t<meta property=\"og:image:width\" content=\"1379\" \/>\n\t<meta property=\"og:image:height\" content=\"593\" \/>\n\t<meta property=\"og:image:type\" content=\"image\/jpeg\" \/>\n<meta name=\"twitter:card\" content=\"summary_large_image\" \/>\n<meta name=\"twitter:label1\" content=\"Est. reading time\" \/>\n\t<meta name=\"twitter:data1\" content=\"16 minutes\" \/>\n<script type=\"application\/ld+json\" class=\"yoast-schema-graph\">{\"@context\":\"https:\/\/schema.org\",\"@graph\":[{\"@type\":\"WebPage\",\"@id\":\"https:\/\/alj.com\/es\/perspective\/almacenamiento-de-una-solucion-de-energia-sostenible\/\",\"url\":\"https:\/\/alj.com\/es\/perspective\/almacenamiento-de-una-solucion-de-energia-sostenible\/\",\"name\":\"Almacenamiento de energ\u00eda sostenible | Abdul Latif Jameel\u00ae\",\"isPartOf\":{\"@id\":\"https:\/\/alj.com\/en\/#website\"},\"datePublished\":\"2024-04-19T10:54:50+00:00\",\"dateModified\":\"2024-06-11T09:11:55+00:00\",\"description\":\"Aunque aumenta el uso de renovables, el reto sigue siendo usar la energ\u00eda sin pausa. Las soluciones modernas apuntan al almacenamiento en bater\u00edas. M\u00e1s.\",\"breadcrumb\":{\"@id\":\"https:\/\/alj.com\/es\/perspective\/almacenamiento-de-una-solucion-de-energia-sostenible\/#breadcrumb\"},\"inLanguage\":\"es-ES\",\"potentialAction\":[{\"@type\":\"ReadAction\",\"target\":[\"https:\/\/alj.com\/es\/perspective\/almacenamiento-de-una-solucion-de-energia-sostenible\/\"]}]},{\"@type\":\"BreadcrumbList\",\"@id\":\"https:\/\/alj.com\/es\/perspective\/almacenamiento-de-una-solucion-de-energia-sostenible\/#breadcrumb\",\"itemListElement\":[{\"@type\":\"ListItem\",\"position\":1,\"name\":\"Home\",\"item\":\"https:\/\/alj.com\/es\/\"},{\"@type\":\"ListItem\",\"position\":2,\"name\":\"Perspectives\",\"item\":\"https:\/\/alj.com\/ja\/perspective\/\"},{\"@type\":\"ListItem\",\"position\":3,\"name\":\"Almacenamiento de una soluci\u00f3n de energ\u00eda sostenible\"}]},{\"@type\":\"WebSite\",\"@id\":\"https:\/\/alj.com\/en\/#website\",\"url\":\"https:\/\/alj.com\/en\/\",\"name\":\"Abdul Latif Jameel\",\"description\":\"Abdul Latif Jameel\",\"potentialAction\":[{\"@type\":\"SearchAction\",\"target\":{\"@type\":\"EntryPoint\",\"urlTemplate\":\"https:\/\/alj.com\/en\/?s={search_term_string}\"},\"query-input\":\"required name=search_term_string\"}],\"inLanguage\":\"es-ES\"}]}<\/script>\n<!-- \/ Yoast SEO plugin. -->","yoast_head_json":{"title":"Almacenamiento de energ\u00eda sostenible | Abdul Latif Jameel\u00ae","description":"Aunque aumenta el uso de renovables, el reto sigue siendo usar la energ\u00eda sin pausa. Las soluciones modernas apuntan al almacenamiento en bater\u00edas. M\u00e1s.","robots":{"index":"index","follow":"follow","max-snippet":"max-snippet:-1","max-image-preview":"max-image-preview:large","max-video-preview":"max-video-preview:-1"},"canonical":"https:\/\/alj.com\/es\/perspective\/almacenamiento-de-una-solucion-de-energia-sostenible\/","og_locale":"es_ES","og_type":"article","og_title":"Almacenamiento de energ\u00eda sostenible | Abdul Latif Jameel\u00ae","og_description":"Aunque aumenta el uso de renovables, el reto sigue siendo usar la energ\u00eda sin pausa. Las soluciones modernas apuntan al almacenamiento en bater\u00edas. M\u00e1s.","og_url":"https:\/\/alj.com\/es\/perspective\/almacenamiento-de-una-solucion-de-energia-sostenible\/","og_site_name":"Abdul Latif Jameel","article_publisher":"https:\/\/www.facebook.com\/Abdul.Latif.Jameel.Official","article_modified_time":"2024-06-11T09:11:55+00:00","og_image":[{"width":1379,"height":593,"url":"https:\/\/media.alj.com\/app\/uploads\/2024\/01\/Picture1-1.jpg","type":"image\/jpeg"}],"twitter_card":"summary_large_image","twitter_misc":{"Est. reading time":"16 minutes"},"schema":{"@context":"https:\/\/schema.org","@graph":[{"@type":"WebPage","@id":"https:\/\/alj.com\/es\/perspective\/almacenamiento-de-una-solucion-de-energia-sostenible\/","url":"https:\/\/alj.com\/es\/perspective\/almacenamiento-de-una-solucion-de-energia-sostenible\/","name":"Almacenamiento de energ\u00eda sostenible | Abdul Latif Jameel\u00ae","isPartOf":{"@id":"https:\/\/alj.com\/en\/#website"},"datePublished":"2024-04-19T10:54:50+00:00","dateModified":"2024-06-11T09:11:55+00:00","description":"Aunque aumenta el uso de renovables, el reto sigue siendo usar la energ\u00eda sin pausa. Las soluciones modernas apuntan al almacenamiento en bater\u00edas. M\u00e1s.","breadcrumb":{"@id":"https:\/\/alj.com\/es\/perspective\/almacenamiento-de-una-solucion-de-energia-sostenible\/#breadcrumb"},"inLanguage":"es-ES","potentialAction":[{"@type":"ReadAction","target":["https:\/\/alj.com\/es\/perspective\/almacenamiento-de-una-solucion-de-energia-sostenible\/"]}]},{"@type":"BreadcrumbList","@id":"https:\/\/alj.com\/es\/perspective\/almacenamiento-de-una-solucion-de-energia-sostenible\/#breadcrumb","itemListElement":[{"@type":"ListItem","position":1,"name":"Home","item":"https:\/\/alj.com\/es\/"},{"@type":"ListItem","position":2,"name":"Perspectives","item":"https:\/\/alj.com\/ja\/perspective\/"},{"@type":"ListItem","position":3,"name":"Almacenamiento de una soluci\u00f3n de energ\u00eda sostenible"}]},{"@type":"WebSite","@id":"https:\/\/alj.com\/en\/#website","url":"https:\/\/alj.com\/en\/","name":"Abdul Latif Jameel","description":"Abdul Latif Jameel","potentialAction":[{"@type":"SearchAction","target":{"@type":"EntryPoint","urlTemplate":"https:\/\/alj.com\/en\/?s={search_term_string}"},"query-input":"required name=search_term_string"}],"inLanguage":"es-ES"}]}},"post-meta-fields":{"_thumbnail_id":["113142"],"wpcf-projecttitle":[""],"wpcf-projectdescription":[""],"wpcf-projectimage-video1":["image"],"wpcf-projectimage-1":[""],"wpcf-projectvideo-1":[""],"wpcf-projectdescription-1":[""],"wpcf-projectimage-video2":["image"],"wpcf-projectimage-2":[""],"wpcf-projectvideo-2":[""],"wpcf-projectdescription-2":[""],"wpcf-projectimage-video3":["image"],"wpcf-projectimage-3":[""],"wpcf-projectvideo-3":[""],"wpcf-projectdescription-3":[""],"wpcf-projectimage-video4":["image"],"wpcf-projectimage-4":[""],"wpcf-projectvideo-4":[""],"wpcf-projectdescription-4":[""],"push_notification":["no"],"_push_notification":["field_5c3b1fb67034d"],"_wpml_word_count":["{\"total\":2630,\"to_translate\":{\"ar\":2630,\"zh-hans\":2630,\"fr\":2630,\"ja\":2630,\"es\":2630,\"tr\":2630}}"],"_oembed_acab21afcb7f7a62eff663e90464f3d3":["{{unknown}}"],"_oembed_d6fe2c74019357ffd80f4a1089ba421d":["{{unknown}}"],"wpcf-featured-news":["0"],"is_latest_news":["0"],"wpcf-show-news-at-homepage":["1"],"publish_mobile":[""],"_publish_mobile":["field_5bfa8eb2e65cf"],"mobile_featured_image":["https:\/\/media.alj.com\/app\/uploads\/2024\/01\/Picture1-copy.jpg"],"_mobile_featured_image":["field_5c3b204983dea"],"featured_on_listing_page":["0"],"_featured_on_listing_page":["field_62458ea7383c3"],"content_series_applied":[""],"_content_series_applied":["field_60f3d3faf82ac"],"wpcf-perspective-downloadable_file":[""],"wpcf-video-description":[""],"wpcf-layoutvideourl":[""],"wpcf-video-thumb":[""],"wpcf-social4-svg":[""],"wpcf-social4-background-image":[""],"wpcf-social4-text":[""],"wpcf-social4-url":[""],"wpcf-social3-svg":[""],"wpcf-social3-background-image":[""],"wpcf-social3-text":[""],"wpcf-social3-url":[""],"wpcf-social-text-svg-square":[""],"wpcf-social-text-image-square":[""],"wpcf-social-text-text-square":[""],"wpcf-social-text-url-square":[""],"wpcf-social2-svg":[""],"wpcf-social2-background-image":[""],"wpcf-social2-text":[""],"wpcf-social2-url":[""],"wpcf-social-svg-square":[""],"wpcf-social-image-square":[""],"wpcf-social-text-square":[""],"wpcf-social-url-square":[""],"wpcf-social1-svg":[""],"wpcf-social1-background-image":[""],"wpcf-social1-text":[""],"wpcf-social1-url":[""],"wpcf-quotes-with-auther-text-1":[""],"wpcf-card_article_with_title_content":[""],"wpcf-card_article_content":["write your content"],"wpcf-quotes-with-auther-text":[""],"_bsf_post_type":["0"],"_bsf_item_review_type":["none"],"_wpml_media_duplicate":["1"],"_wpml_media_featured":["1"],"_yoast_wpseo_content_score":["30"],"_yoast_wpseo_estimated-reading-time-minutes":[""],"_yoast_wpseo_wordproof_timestamp":[""],"perspective_short_title":["Almacenamiento de una soluci\u00f3n de energ\u00eda sostenible"],"perspective_summury":["<p>La transformaci\u00f3n de la energ\u00eda limpia parece estar en marcha. Con recursos ilimitados de energ\u00eda solar y e\u00f3lica a nuestra disposici\u00f3n, la capacidad mundial de energ\u00eda renovable alcanz\u00f3 los 3372\u00a0GW a finales de 2022, un a\u00f1o en el que un r\u00e9cord del 83\u00a0% de <em>toda<\/em> la nueva capacidad a\u00f1adida fue renovable.<a href=\"#_ftn1\" name=\"_ftnref1\"><sup>[1]<\/sup><\/a> Sin embargo, estos n\u00fameros enmascaran un desaf\u00edo persistente: c\u00f3mo almacenar, distribuir e implementar esa energ\u00eda limpia una vez generada.<\/p>\n<p>&nbsp;<\/p>\n"],"perspective_location":["Dubai, EAU"],"wpcf-perspective-published-date":["1705881600"],"_yoast_wpseo_title":["Almacenamiento de energ\u00eda sostenible | Abdul Latif Jameel\u00ae"],"_yoast_wpseo_metadesc":["Aunque aumenta el uso de renovables, el reto sigue siendo usar la energ\u00eda sin pausa. Las soluciones modernas apuntan al almacenamiento en bater\u00edas. M\u00e1s."],"_edit_lock":["1718097125:25"],"_edit_last":["25"],"_last_translation_edit_mode":["native-editor"],"perspective_business_sector":["Energ\u00eda y Servicios Medioambientales"],"wpcf-card-image":[""],"_wpcf-card-image-sort-order":["a:1:{i:0;i:1786808;}"],"amazonS3_cache":["a:24:{s:64:\"\/\/alj.com\/app\/uploads\/2024\/01\/ALJ-Sustainable-Storage-scaled.jpg\";a:2:{s:2:\"id\";i:113264;s:11:\"source_type\";s:13:\"media-library\";}s:70:\"\/\/media.alj.com\/app\/uploads\/2024\/01\/ALJ-Sustainable-Storage-scaled.jpg\";a:2:{s:2:\"id\";i:113264;s:11:\"source_type\";s:13:\"media-library\";}s:65:\"\/\/alj.com\/app\/uploads\/2024\/01\/ALJ-Sustainable-Storage2-scaled.jpg\";a:2:{s:2:\"id\";i:113114;s:11:\"source_type\";s:13:\"media-library\";}s:71:\"\/\/media.alj.com\/app\/uploads\/2024\/01\/ALJ-Sustainable-Storage2-scaled.jpg\";a:2:{s:2:\"id\";i:113114;s:11:\"source_type\";s:13:\"media-library\";}s:65:\"\/\/alj.com\/app\/uploads\/2024\/01\/ALJ-Sustainable-Storage3-scaled.jpg\";a:2:{s:2:\"id\";i:113121;s:11:\"source_type\";s:13:\"media-library\";}s:71:\"\/\/media.alj.com\/app\/uploads\/2024\/01\/ALJ-Sustainable-Storage3-scaled.jpg\";a:2:{s:2:\"id\";i:113121;s:11:\"source_type\";s:13:\"media-library\";}s:65:\"\/\/alj.com\/app\/uploads\/2024\/01\/ALJ-Sustainable-Storage4-scaled.jpg\";a:2:{s:2:\"id\";i:113128;s:11:\"source_type\";s:13:\"media-library\";}s:71:\"\/\/media.alj.com\/app\/uploads\/2024\/01\/ALJ-Sustainable-Storage4-scaled.jpg\";a:2:{s:2:\"id\";i:113128;s:11:\"source_type\";s:13:\"media-library\";}s:44:\"\/\/alj.com\/app\/uploads\/2024\/01\/Picture2-2.jpg\";a:2:{s:2:\"id\";i:113149;s:11:\"source_type\";s:13:\"media-library\";}s:52:\"\/\/alj.com\/app\/uploads\/2024\/01\/Picture2-2-300x200.jpg\";a:2:{s:2:\"id\";i:113149;s:11:\"source_type\";s:13:\"media-library\";}s:50:\"\/\/media.alj.com\/app\/uploads\/2024\/01\/Picture2-2.jpg\";a:2:{s:2:\"id\";i:113149;s:11:\"source_type\";s:13:\"media-library\";}s:58:\"\/\/media.alj.com\/app\/uploads\/2024\/01\/Picture2-2-300x200.jpg\";a:2:{s:2:\"id\";i:113149;s:11:\"source_type\";s:13:\"media-library\";}s:46:\"\/\/alj.com\/app\/uploads\/2024\/01\/Picture3-new.png\";a:2:{s:2:\"id\";i:113449;s:11:\"source_type\";s:13:\"media-library\";}s:54:\"\/\/alj.com\/app\/uploads\/2024\/01\/Picture3-new-300x232.png\";a:2:{s:2:\"id\";i:113449;s:11:\"source_type\";s:13:\"media-library\";}s:52:\"\/\/media.alj.com\/app\/uploads\/2024\/01\/Picture3-new.png\";a:2:{s:2:\"id\";i:113449;s:11:\"source_type\";s:13:\"media-library\";}s:60:\"\/\/media.alj.com\/app\/uploads\/2024\/01\/Picture3-new-300x232.png\";a:2:{s:2:\"id\";i:113449;s:11:\"source_type\";s:13:\"media-library\";}s:65:\"\/\/alj.com\/app\/uploads\/2024\/01\/ALJ-Sustainable-Storage5-scaled.jpg\";a:2:{s:2:\"id\";i:113135;s:11:\"source_type\";s:13:\"media-library\";}s:71:\"\/\/media.alj.com\/app\/uploads\/2024\/01\/ALJ-Sustainable-Storage5-scaled.jpg\";a:2:{s:2:\"id\";i:113135;s:11:\"source_type\";s:13:\"media-library\";}s:99:\"\/\/alj.com\/app\/uploads\/2024\/01\/Abdul-Latif-Jameel-Energy-FRV-Harmony-Energy-Holes-Bay-Project-EN.mp4\";a:2:{s:2:\"id\";s:6:\"113322\";s:11:\"source_type\";s:13:\"media-library\";}s:104:\"\/\/alj.com\/app\/uploads\/2024\/01\/Abdul-Latif-Jameel-Energy-FRV-Harmony-Energy-Holes-Bay-Project-16x9-EN.mp4\";a:2:{s:2:\"id\";s:6:\"113322\";s:11:\"source_type\";s:13:\"media-library\";}s:110:\"\/\/media.alj.com\/app\/uploads\/2024\/01\/Abdul-Latif-Jameel-Energy-FRV-Harmony-Energy-Holes-Bay-Project-16x9-EN.mp4\";a:2:{s:2:\"id\";s:6:\"113322\";s:11:\"source_type\";s:13:\"media-library\";}s:106:\"\/\/alj.com\/app\/uploads\/2024\/01\/Abdul-Latif-Jameel-Energy-FRV-Contego-BESS-Goes-Online-v2-Timelapse-EN-1.mp4\";a:2:{s:2:\"id\";s:6:\"113333\";s:11:\"source_type\";s:13:\"media-library\";}s:111:\"\/\/alj.com\/app\/uploads\/2024\/01\/Abdul-Latif-Jameel-Energy-FRV-Contego-BESS-Goes-Online-v2-Timelapse-EN-16x9-1.mp4\";a:2:{s:2:\"id\";s:6:\"113333\";s:11:\"source_type\";s:13:\"media-library\";}s:117:\"\/\/media.alj.com\/app\/uploads\/2024\/01\/Abdul-Latif-Jameel-Energy-FRV-Contego-BESS-Goes-Online-v2-Timelapse-EN-16x9-1.mp4\";a:2:{s:2:\"id\";s:6:\"113333\";s:11:\"source_type\";s:13:\"media-library\";}}"]},"_links":{"self":[{"href":"https:\/\/alj.com\/es\/wp-json\/wp\/v2\/perspective\/113311"}],"collection":[{"href":"https:\/\/alj.com\/es\/wp-json\/wp\/v2\/perspective"}],"about":[{"href":"https:\/\/alj.com\/es\/wp-json\/wp\/v2\/types\/perspective"}],"author":[{"embeddable":true,"href":"https:\/\/alj.com\/es\/wp-json\/wp\/v2\/users\/18"}],"wp:featuredmedia":[{"embeddable":true,"href":"https:\/\/alj.com\/es\/wp-json\/wp\/v2\/media\/113142"}],"wp:attachment":[{"href":"https:\/\/alj.com\/es\/wp-json\/wp\/v2\/media?parent=113311"}],"wp:term":[{"taxonomy":"post_tag","embeddable":true,"href":"https:\/\/alj.com\/es\/wp-json\/wp\/v2\/tags?post=113311"}],"curies":[{"name":"wp","href":"https:\/\/api.w.org\/{rel}","templated":true}]}}