{"id":115109,"date":"2024-03-11T09:09:33","date_gmt":"2024-03-11T09:09:33","guid":{"rendered":"https:\/\/alj.com\/perspective\/cop28-will-it-help-to-avert-the-climate-crisis\/"},"modified":"2024-06-11T09:10:20","modified_gmt":"2024-06-11T09:10:20","slug":"cop28-will-it-help-to-avert-the-climate-crisis","status":"publish","type":"perspective","link":"https:\/\/alj.com\/es\/perspective\/cop28-will-it-help-to-avert-the-climate-crisis\/","title":{"rendered":"COP28: \u00bfayudar\u00e1 a evitar la crisis clim\u00e1tica?"},"content":{"rendered":"<h4>El pasado diciembre se celebr\u00f3 en <a href=\"https:\/\/www.expocitydubai.com\/en\/\">Expo City Dubai<\/a> la que se hab\u00eda promocionado como la conferencia clim\u00e1tica m\u00e1s crucial de la historia, donde se dieron cita decenas de miles de l\u00edderes nacionales y empresariales, activistas juveniles, representantes de los pueblos ind\u00edgenas, fil\u00e1ntropos y miembros de organizaciones internacionales de todo el mundo.<\/h4>\n<p><img decoding=\"async\" loading=\"lazy\" class=\"alignright size-medium wp-image-115005\" src=\"https:\/\/media.alj.com\/app\/uploads\/2024\/02\/COP28-UAE-300x200.jpg\" alt=\"\" width=\"300\" height=\"200\" srcset=\"https:\/\/media.alj.com\/app\/uploads\/2024\/02\/COP28-UAE-300x200.jpg 300w, https:\/\/media.alj.com\/app\/uploads\/2024\/02\/COP28-UAE-1024x683.jpg 1024w, https:\/\/media.alj.com\/app\/uploads\/2024\/02\/COP28-UAE-150x100.jpg 150w, https:\/\/media.alj.com\/app\/uploads\/2024\/02\/COP28-UAE-768x512.jpg 768w, https:\/\/media.alj.com\/app\/uploads\/2024\/02\/COP28-UAE.jpg 1200w\" sizes=\"(max-width: 300px) 100vw, 300px\" \/>Todos ten\u00edan la misma misi\u00f3n en mente: salvar el planeta.<\/p>\n<p>La <a href=\"https:\/\/www.cop28.com\/en\/\">COP28<\/a> tuvo lugar a finales de un a\u00f1o marcado por condiciones clim\u00e1ticas extremas y temperaturas r\u00e9cord,\u00a0en el que aument\u00f3 el volumen de gases de efecto invernadero en nuestra atm\u00f3sfera y se derriti\u00f3 m\u00e1s hielo oce\u00e1nico que nunca. Un a\u00f1o durante el que el calentamiento global elev\u00f3 los term\u00f3metros una media de 1,4\u00a0\u00b0C por encima del nivel preindustrial, muy cerca del l\u00edmite de 1,5\u00a0\u00b0C que en su d\u00eda se design\u00f3 como punto de referencia para el \u00e9xito o fracaso de la acci\u00f3n clim\u00e1tica.<a href=\"#_ftn1\" name=\"_ftnref1\">[1]<\/a><\/p>\n<p><img decoding=\"async\" loading=\"lazy\" class=\"alignright size-full wp-image-115019\" src=\"https:\/\/media.alj.com\/app\/uploads\/2024\/02\/GLOBAL1-scaled.jpg\" alt=\"\" width=\"2560\" height=\"1440\" srcset=\"https:\/\/media.alj.com\/app\/uploads\/2024\/02\/GLOBAL1-scaled.jpg 2560w, https:\/\/media.alj.com\/app\/uploads\/2024\/02\/GLOBAL1-300x169.jpg 300w, https:\/\/media.alj.com\/app\/uploads\/2024\/02\/GLOBAL1-1024x576.jpg 1024w, https:\/\/media.alj.com\/app\/uploads\/2024\/02\/GLOBAL1-150x84.jpg 150w, https:\/\/media.alj.com\/app\/uploads\/2024\/02\/GLOBAL1-768x432.jpg 768w, https:\/\/media.alj.com\/app\/uploads\/2024\/02\/GLOBAL1-1536x864.jpg 1536w, https:\/\/media.alj.com\/app\/uploads\/2024\/02\/GLOBAL1-2048x1152.jpg 2048w, https:\/\/media.alj.com\/app\/uploads\/2024\/02\/GLOBAL1-226x126.jpg 226w\" sizes=\"(max-width: 2560px) 100vw, 2560px\" \/><\/p>\n<figure id=\"attachment_115047\" aria-describedby=\"caption-attachment-115047\" style=\"width: 220px\" class=\"wp-caption alignright\"><img decoding=\"async\" loading=\"lazy\" class=\"size-medium wp-image-115047\" src=\"https:\/\/media.alj.com\/app\/uploads\/2024\/03\/SULTAN1-220x300.jpg\" alt=\"\" width=\"220\" height=\"300\" srcset=\"https:\/\/media.alj.com\/app\/uploads\/2024\/03\/SULTAN1-220x300.jpg 220w, https:\/\/media.alj.com\/app\/uploads\/2024\/03\/SULTAN1-110x150.jpg 110w, https:\/\/media.alj.com\/app\/uploads\/2024\/03\/SULTAN1.jpg 474w\" sizes=\"(max-width: 220px) 100vw, 220px\" \/><figcaption id=\"caption-attachment-115047\" class=\"wp-caption-text\">S. E. Dr. Sultan Ahmed Al Jaber<br \/>Presidente de la COP28, enviado especial para el Cambio Clim\u00e1tico y ministro de Industria y Tecnolog\u00eda Avanzada de EAU.<\/figcaption><\/figure>\n<p>El objetivo, tal como estableci\u00f3 el emirat\u00ed <a href=\"https:\/\/drsultanaljaber.com\/\">Dr. Sultan bin Ahmed Al Jaber<\/a>, presidente de la COP28, era centrar el di\u00e1logo en cuatro pilares fundamentales:<\/p>\n<ol>\n<li>Acelerar una transici\u00f3n energ\u00e9tica justa, ordenada y equitativa<\/li>\n<li>Acordar un financiamiento clim\u00e1tico<\/li>\n<li>Centrarse en las personas, las vidas y los medios de subsistencia<\/li>\n<li>Proporcionar un apoyo integral con total inclusi\u00f3n<a href=\"#_ftn2\" name=\"_ftnref2\"><sup>[2]<\/sup><\/a><\/li>\n<\/ol>\n<p>Dos semanas m\u00e1s tarde, los delegados volvieron a sus hogares. Algunos afirmaban haber renovado su optimismo, con nuevos acuerdos y compromisos financieros destinados a impulsar la lucha contra el cambio clim\u00e1tico. Otros se fueron con la sensaci\u00f3n de que se podr\u00eda haber logrado m\u00e1s y de que nuestras posibilidades de evitar el desastre son cada vez menos.<\/p>\n<p>Una cosa est\u00e1 clara: esta conferencia ha logrado que la crisis clim\u00e1tica vuelta a acaparar titulares en todo el mundo.<\/p>\n<p>Quiz\u00e1s fue significativo que se celebrara en EAU, donde se registraron temperaturas de m\u00e1s de 50\u00a0\u00b0C en varias ocasiones a lo largo de 2023. Se considera que la regi\u00f3n del Golfo en su conjunto corre el riesgo de sufrir <a href=\"https:\/\/alj.com\/en\/spotlight-by-fady-jameel\/deadly-heat-is-cooler-than-you-think-the-chilling-science-of-wet-bulb-temperatures\/\">temperatura de bulbo h\u00famedo<\/a> (WBT) con regularidad en lo que queda de siglo. Este fen\u00f3meno se caracteriza por unas condiciones de calor y humedad altas que exceden la capacidad del cuerpo para enfriarse mediante la sudoraci\u00f3n y puede tener consecuencias mortales.<\/p>\n<p>El Dr. Al Jaber, ministro de Industria y Tecnolog\u00eda Avanzada y enviado especial para el Cambio Clim\u00e1tico de EAU, as\u00ed como presidente de la COP28, destac\u00f3 los muchos hitos clim\u00e1ticos de su pa\u00eds, como haber puesto fin al quemado en antorcha de gas natural en la d\u00e9cada de 1970. Como record\u00f3, EAU se convirti\u00f3 en el primer pa\u00eds de la regi\u00f3n en ratificar el <a href=\"https:\/\/unfccc.int\/process-and-meetings\/the-paris-agreement\">Acuerdo de Par\u00eds<\/a> (el principal tratado internacional sobre el cambio clim\u00e1tico adoptado en 2015) y en anunciar una estrategia destinada a alcanzar las cero emisiones netas para 2050. Hasta la fecha, han invertido 50\u00a0000 millones de USD en proyectos de energ\u00eda limpia en unos 70\u00a0pa\u00edses, y recientemente anunciaron una asociaci\u00f3n con EE.\u00a0UU. para acelerar la transici\u00f3n a la energ\u00eda limpia (PACE), que <a href=\"#_ftn3\" name=\"_ftnref3\">[3]<\/a>cuenta con una financiaci\u00f3n de 100\u00a0000 millones de USD para generar 100\u00a0gigavatios de energ\u00eda limpia en todo el mundo.<a href=\"#_ftn4\" name=\"_ftnref4\">[4]<\/a><\/p>\n<p>En este contexto, y con los delegados animados por las voces cada vez m\u00e1s apremiantes de los defensores del clima en todo el mundo, \u00bfcu\u00e1les fueron los resultados clave de la COP28?<\/p>\n<h2>Evaluaci\u00f3n de una conferencia que provoc\u00f3 divisiones<\/h2>\n<p>En un resumen ampliamente citado del acuerdo hist\u00f3rico de la conferencia, Simon Stiell, secretario ejecutivo para el Cambio Clim\u00e1tico de la ONU, anunciaba \u201cel principio del fin\u201d de la era de los combustibles f\u00f3siles durante su discurso de cierre.<a href=\"#_ftn5\" name=\"_ftnref5\">[5]<\/a><\/p>\n<p><img decoding=\"async\" loading=\"lazy\" class=\"aligncenter size-full wp-image-115040\" src=\"https:\/\/media.alj.com\/app\/uploads\/2024\/02\/SHUTTE1-scaled.jpg\" alt=\"\" width=\"2560\" height=\"1267\" srcset=\"https:\/\/media.alj.com\/app\/uploads\/2024\/02\/SHUTTE1-scaled.jpg 2560w, https:\/\/media.alj.com\/app\/uploads\/2024\/02\/SHUTTE1-300x148.jpg 300w, https:\/\/media.alj.com\/app\/uploads\/2024\/02\/SHUTTE1-1024x507.jpg 1024w, https:\/\/media.alj.com\/app\/uploads\/2024\/02\/SHUTTE1-150x74.jpg 150w, https:\/\/media.alj.com\/app\/uploads\/2024\/02\/SHUTTE1-768x380.jpg 768w, https:\/\/media.alj.com\/app\/uploads\/2024\/02\/SHUTTE1-1536x760.jpg 1536w, https:\/\/media.alj.com\/app\/uploads\/2024\/02\/SHUTTE1-2048x1013.jpg 2048w\" sizes=\"(max-width: 2560px) 100vw, 2560px\" \/><\/p>\n<p>Sin embargo, esta declaraci\u00f3n fue objeto de diferentes interpretaciones. Quienes esperaban una mejora clim\u00e1tica m\u00e1s r\u00e1pida criticaron que el compromiso promet\u00eda simplemente \u201chacer una transici\u00f3n para alejarse\u201d de los combustibles f\u00f3siles, en lugar de una \u201celiminaci\u00f3n gradual\u201d, como respaldaron 130 de los 198\u00a0pa\u00edses que asistieron a Dub\u00e1i.<a href=\"#_ftn6\" name=\"_ftnref6\">[6]<\/a> Un art\u00edculo de la revista <em>Nature<\/em> ha llegado a tildar el resultado de \u201cpeligroso\u201d.<a href=\"#_ftn7\" name=\"_ftnref7\">[7]<\/a><\/p>\n<p>Sin embargo, el pionero \u201cbalance mundial\u201d sobre acci\u00f3n clim\u00e1tica del acuerdo propone pasos concretos para revertir la crisis clim\u00e1tica, declara que las emisiones globales de gases de efecto invernadero deben reducirse en un 43\u00a0% para 2030 (en comparaci\u00f3n con los niveles de 2019) y reafirma la necesidad cr\u00edtica de limitar el calentamiento global a 1,5\u00a0\u00b0C.<a href=\"#_ftn8\" name=\"_ftnref8\">[8]<\/a><\/p>\n<p><img decoding=\"async\" loading=\"lazy\" class=\"aligncenter size-full wp-image-114998\" src=\"https:\/\/media.alj.com\/app\/uploads\/2024\/02\/CO2EMI1-scaled.jpg\" alt=\"\" width=\"2560\" height=\"1440\" srcset=\"https:\/\/media.alj.com\/app\/uploads\/2024\/02\/CO2EMI1-scaled.jpg 2560w, https:\/\/media.alj.com\/app\/uploads\/2024\/02\/CO2EMI1-300x169.jpg 300w, https:\/\/media.alj.com\/app\/uploads\/2024\/02\/CO2EMI1-1024x576.jpg 1024w, https:\/\/media.alj.com\/app\/uploads\/2024\/02\/CO2EMI1-150x84.jpg 150w, https:\/\/media.alj.com\/app\/uploads\/2024\/02\/CO2EMI1-768x432.jpg 768w, https:\/\/media.alj.com\/app\/uploads\/2024\/02\/CO2EMI1-1536x864.jpg 1536w, https:\/\/media.alj.com\/app\/uploads\/2024\/02\/CO2EMI1-2048x1152.jpg 2048w, https:\/\/media.alj.com\/app\/uploads\/2024\/02\/CO2EMI1-226x126.jpg 226w\" sizes=\"(max-width: 2560px) 100vw, 2560px\" \/><\/p>\n<h2>Acuerdos decisivos que ayudan a mantener en pie los \u201ccuatro pilares\u201d<\/h2>\n<p>A pesar de las diferentes opiniones sobre los avances conseguidos en la COP28, algunos de los logros m\u00e1s notables tienen el potencial de redefinir la batalla contra el calentamiento global.<\/p>\n<ol>\n<li><strong>Acelerar una transici\u00f3n energ\u00e9tica justa, ordenada y equitativa &#8211; Aspectos destacados:<\/strong><\/li>\n<\/ol>\n<p>Un nuevo Compromiso Mundial sobre Energ\u00edas Renovables y Eficiencia Energ\u00e9tica insta a los signatarios a triplicar la capacidad de generaci\u00f3n de energ\u00eda renovable instalada en el planeta hasta al menos 11\u00a0000 GW para 2030. Tambi\u00e9n establece planes para duplicar la tasa anual global de mejoras en la eficiencia energ\u00e9tica del 2\u00a0% al 4\u00a0% cada a\u00f1o desde ahora hasta finales de la d\u00e9cada. <a href=\"#_ftn9\" name=\"_ftnref9\"><sup>[9]<\/sup><\/a>Asimismo, en el Compromiso Mundial de Refrigeraci\u00f3n 66\u00a0gobiernos prometen reducir las emisiones relacionadas con la refrigeraci\u00f3n en todos los sectores en al menos un 68\u00a0% para 2050<a href=\"#_ftn10\" name=\"_ftnref10\"><em><strong>[10]<\/strong><\/em><\/a>.<\/p>\n<p>La energ\u00eda nuclear recibi\u00f3 un gran impulso con el prop\u00f3sito de triplicar la capacidad a nivel mundial para 2050 y la creaci\u00f3n de un plan para que las instituciones financieras promuevan la energ\u00eda nuclear a trav\u00e9s de pol\u00edticas de pr\u00e9stamos ambiciosas<a href=\"#_ftn11\" name=\"_ftnref11\">[11]<\/a>.<\/p>\n<p>Los nuevos programas de reconocimiento mutuo para certificar proyectos de hidr\u00f3geno verde<a href=\"#_ftn12\" name=\"_ftnref12\">[12]<\/a> ayudar\u00e1n a que los planes se acrediten y, por lo tanto, puedan obtener inversiones en los 37\u00a0pa\u00edses participantes. La Carta para la Descarbonizaci\u00f3n del Petr\u00f3leo y el Gas (OGDC)<a href=\"#_ftn13\" name=\"_ftnref13\">[13]<\/a> obliga a sus 52\u00a0signatarios a operar con cero emisiones netas para 2050 y con casi cero emisiones de metano en el sector upstream, mientras que un acelerador de la transici\u00f3n industrial<a href=\"#_ftn14\" name=\"_ftnref14\">[14]<\/a> ha logrado que 35\u00a0importantes empresas del sector privado acuerden descarbonizar sectores con altas emisiones, incluidos la energ\u00eda, la industria y el transporte.<\/p>\n<p>Una infraestructura adecuada es fundamental para cualquier transici\u00f3n viable, por lo que fue una alegr\u00eda ver a 25\u00a0empresas energ\u00e9ticas globales establecer la Alianza de Empresas de Servicios P\u00fablicos para un Balance Neto Cero (UNEZA)<a href=\"#_ftn15\" name=\"_ftnref15\">[15]<\/a> para avanzar en la electrificaci\u00f3n, en las redes listas para energ\u00edas renovables y en el despliegue de energ\u00eda limpia en todo el mundo.<\/p>\n<p>Del mismo modo, la Iniciativa para la Innovaci\u00f3n en el Cemento y el Hormig\u00f3n<a href=\"#_ftn16\" name=\"_ftnref16\">[16]<\/a>, impulsada por Canad\u00e1 y Emiratos \u00c1rabes Unidos, obliga a la industria a acelerar la descarbonizaci\u00f3n compartiendo mejores pr\u00e1cticas e innovaci\u00f3n en tecnolog\u00edas emergentes, como la captura, el uso y el almacenamiento de carbono (CCUS). Por su parte, otras 10\u00a0empresas se unieron a la iniciativa Propietarios de Carga para Embarcaciones de Cero Emisiones, que cuenta con m\u00e1s de 30\u00a0compradores de carga que se esfuerzan para lograr que el transporte mar\u00edtimo se lleve a cabo sin emisiones<a href=\"#_ftn17\" name=\"_ftnref17\">[17]<\/a>.<\/p>\n<ol start=\"2\">\n<li><strong>Acordar un financiamiento clim\u00e1tico &#8211; Aspectos destacados:<\/strong><\/li>\n<\/ol>\n<p>Se logr\u00f3 un avance significativo en el reconocimiento de la deuda debida a los pa\u00edses en v\u00edas de desarrollo y en la reforma de la arquitectura financiera internacional.<\/p>\n<p>Cabe destacar que una serie de gobiernos nacionales avalaron la declaraci\u00f3n de los l\u00edderes de EAU sobre la necesidad de crear un marco de financiaci\u00f3n clim\u00e1tica global<a href=\"#_ftn18\" name=\"_ftnref18\">[18]<\/a>, que exigir\u00eda destinar 100\u00a0000 millones de USD a planes de mitigaci\u00f3n clim\u00e1tica hasta 2025 e invertir 5-7\u00a0billones de USD con el fin de \u201creverdecer\u201d la econom\u00eda global de aqu\u00ed a 2030. La \u00e9tica que sustenta el acuerdo establece que ning\u00fan pa\u00eds deber\u00eda tener que elegir entre luchar contra la pobreza y frenar el cambio clim\u00e1tico.<\/p>\n<p>Los bancos y las ONG se unieron en una declaraci\u00f3n conjunta para mejorar la financiaci\u00f3n soberana vinculada a la sostenibilidad para la naturaleza y el clima<a href=\"#_ftn19\" name=\"_ftnref19\">[19]<\/a>. Esto se traduce en un alivio de la deuda a corto plazo y en soluciones fiscales a largo plazo para los pa\u00edses en desarrollo, que les ayudar\u00e1n a equilibrar la mitigaci\u00f3n urgente del clima al mismo tiempo que aceleran sus propios proyectos de descarbonizaci\u00f3n.<\/p>\n<p>Del mismo modo, la Coalici\u00f3n para el Desarrollo de Capacidades Globales (GCBC), respaldada por la ONU, el Banco Mundial y el Fondo Monetario Internacional (FMI), prometi\u00f3 asistencia t\u00e9cnica para las instituciones financieras en los mercados emergentes<a href=\"#_ftn20\" name=\"_ftnref20\">[20]<\/a>. Por otra parte, la nueva Alianza de Agencias de Cr\u00e9dito a la Exportaci\u00f3n para las Cero Emisiones Netas (NZECA) ayudar\u00e1 a descarbonizar el comercio global y coordinar\u00e1 las finanzas p\u00fablicas y privadas<a href=\"#_ftn21\" name=\"_ftnref21\">[21]<\/a>.<\/p>\n<p>Mientras tanto, el Centro de Soluciones para la Naturaleza en Asia y el Pac\u00edfico<a href=\"#_ftn22\" name=\"_ftnref22\">[22]<\/a>, impulsado por el Banco Asi\u00e1tico de Desarrollo, tiene como objetivo canalizar las finanzas para conservar la naturaleza y la p\u00e9rdida de biodiversidad en estas regiones tan afectadas.<\/p>\n<ol start=\"3\">\n<li><strong>Centrarse en las personas, las vidas y los medios de subsistencia:<\/strong><\/li>\n<\/ol>\n<p>El primer d\u00eda de la COP28 los delegados acordaron destinar m\u00e1s de 700\u00a0millones de USD a un fondo de p\u00e9rdidas y da\u00f1os para compensar a los pa\u00edses en desarrollo por las p\u00e9rdidas econ\u00f3micas y de estilo de vida irreversibles consecuencia del calentamiento global<a href=\"#_ftn23\" name=\"_ftnref23\"><sup>[23]<\/sup><\/a>. Italia y Francia prometieron 108\u00a0millones de USD cada uno, EAU y Alemania, 100 millones de USD cada uno, EE.\u00a0UU., 17,5 millones de USD, y Jap\u00f3n, 10\u00a0millones de USD. El fondo se centrar\u00e1 en medidas de adaptaci\u00f3n que cubran finanzas, sistemas de vigilancia, resiliencia t\u00e9rmica, infraestructura sanitaria y agricultura. Los progresos de la Declaraci\u00f3n sobre alivio clim\u00e1tico, recuperaci\u00f3n y paz<a href=\"#_ftn24\" name=\"_ftnref24\"><sup>[24]<\/sup><\/a> establecida en EAU se evaluar\u00e1n en la COP29, que tendr\u00e1 lugar en noviembre de este a\u00f1o en Bak\u00fa, Azerbaiy\u00e1n.<\/p>\n<p>Las nuevas declaraciones reconocieron la necesidad de tomar medidas colectivas sobre el clima y la salud, la agricultura sostenible y la transformaci\u00f3n de los sistemas alimentarios, mientras que una nueva hoja de ruta describi\u00f3 120\u00a0acciones clave para eliminar la desnutrici\u00f3n sin que la temperatura aumente m\u00e1s de 1,5\u00a0\u00baC.<\/p>\n<p>Los bosques, manglares y oc\u00e9anos ser\u00e1n la prioridad de las nuevas <a href=\"https:\/\/alj.com\/en\/spotlight-by-fady-jameel\/investing-in-nature\/\">iniciativas financieras basadas en la naturaleza<\/a>. Adem\u00e1s, Colombia, Rep\u00fablica Democr\u00e1tica del Congo, Ghana y Pap\u00faa Nueva Guinea anunciaron paquetes financieros nacionales para la conservaci\u00f3n del clima y la naturaleza respaldados por socios de la sociedad p\u00fablica, privada y civil.<\/p>\n<p>Mejorar la resiliencia clim\u00e1tica y los medios de subsistencia a nivel comunitario es un desaf\u00edo continuo. En la COP28, 65\u00a0gobiernos formaron la Coalici\u00f3n para Asociaciones Multinivel de Alta Ambici\u00f3n (CHAMP) para la Acci\u00f3n Clim\u00e1tica <a href=\"#_ftn25\" name=\"_ftnref25\">[25]<\/a>.<\/p>\n<p>El objetivo del grupo es reformar la financiaci\u00f3n clim\u00e1tica, acelerar la transici\u00f3n energ\u00e9tica y fortalecer la resiliencia a trav\u00e9s de medidas locales sobre el terreno.<\/p>\n<p>La iniciativa Buildings Breakthrough, impulsada en asociaci\u00f3n con el Programa de las Naciones Unidas para el Medio Ambiente (UNEP), tiene como objetivo que los edificios sin emisiones y resistentes al clima sean el dise\u00f1o predeterminado para 2030.<\/p>\n<ol start=\"4\">\n<li><strong>Proporcionar un apoyo integral con total inclusi\u00f3n:<\/strong><\/li>\n<\/ol>\n<p>El cambio clim\u00e1tico tiene el potencial de afectar de forma desproporcionada a las comunidades vulnerables y a los grupos tradicionalmente infrarrepresentados. A menos que se escuchen todas las voces, la acci\u00f3n clim\u00e1tica no inspirar\u00e1 a la pr\u00f3xima generaci\u00f3n de l\u00edderes e innovadores.<\/p>\n<p>En la COP28, S.\u00a0E. Shamma Al Mazrui, ministra de Desarrollo Comunitario de los EAU, fue nombrada Youth Climate Champion, un cargo que implica promover la inclusi\u00f3n de los j\u00f3venes y ampliar sus prioridades clim\u00e1ticas<a href=\"#_ftn26\" name=\"_ftnref26\">[26]<\/a>. Una nueva Asociaci\u00f3n para Transiciones Justas y Acci\u00f3n Clim\u00e1tica con Responsabilidad de G\u00e9nero<a href=\"#_ftn27\" name=\"_ftnref27\">[27]<\/a> armonizar\u00e1 la acci\u00f3n clim\u00e1tica con el avance de los derechos de las mujeres.<\/p>\n<p>La COP28 tambi\u00e9n tom\u00f3 medidas para garantizar la participaci\u00f3n de representantes ind\u00edgenas. La Iniciativa Podong de los Pueblos Ind\u00edgenas<a href=\"#_ftn28\" name=\"_ftnref28\">[28]<\/a> proporcionar\u00e1 financiaci\u00f3n directamente a las comunidades nativas, garantizando que una proporci\u00f3n de los fondos clim\u00e1ticos lleguen directamente a sus territorios.<\/p>\n<p><img decoding=\"async\" loading=\"lazy\" class=\"aligncenter size-full wp-image-115033\" src=\"https:\/\/media.alj.com\/app\/uploads\/2024\/02\/SHUTTE2-scaled.jpg\" alt=\"\" width=\"2560\" height=\"1280\" srcset=\"https:\/\/media.alj.com\/app\/uploads\/2024\/02\/SHUTTE2-scaled.jpg 2560w, https:\/\/media.alj.com\/app\/uploads\/2024\/02\/SHUTTE2-300x150.jpg 300w, https:\/\/media.alj.com\/app\/uploads\/2024\/02\/SHUTTE2-1024x512.jpg 1024w, https:\/\/media.alj.com\/app\/uploads\/2024\/02\/SHUTTE2-150x75.jpg 150w, https:\/\/media.alj.com\/app\/uploads\/2024\/02\/SHUTTE2-768x384.jpg 768w, https:\/\/media.alj.com\/app\/uploads\/2024\/02\/SHUTTE2-1536x768.jpg 1536w, https:\/\/media.alj.com\/app\/uploads\/2024\/02\/SHUTTE2-2048x1024.jpg 2048w\" sizes=\"(max-width: 2560px) 100vw, 2560px\" \/><\/p>\n<p>Con una declaraci\u00f3n formalizada para alejarse de los combustibles f\u00f3siles y una visi\u00f3n para acabar con la peligrosa adicci\u00f3n de la humanidad a estos contaminantes, la COP28 fue decisiva en la lucha de nuestro planeta por la supervivencia de muchas maneras.<\/p>\n<p>Los activistas ambientales y los defensores del clima lograron victorias en todos los \u00e1mbitos. Las empresas de energ\u00eda verde tambi\u00e9n tuvieron mucho que celebrar con el acuerdo internacional para triplicar la capacidad global de energ\u00eda renovable para 2030. La energ\u00eda solar, e\u00f3lica y otras fuentes de energ\u00eda ecol\u00f3gica ya no se limitar\u00e1n a <em>complementar<\/em> la omnipresencia del petr\u00f3leo, el carb\u00f3n y el gas, sino que se ha establecido una trayectoria para que <em>sustituyan<\/em> a esos combustibles tradicionales para siempre. Del mismo modo, los compromisos de duplicar la eficiencia energ\u00e9tica para finales de la d\u00e9cada inspirar\u00e1n una confianza generalizada en nuestra capacidad de hacer cambios significativos.<\/p>\n<p>Sin embargo, otras partes lamentaron las oportunidades perdidas y destacaron los desaf\u00edos que la COP28 no abord\u00f3 en nuestra trayectoria hacia un futuro m\u00e1s ecol\u00f3gico y equitativo.<\/p>\n<h2>Frustraci\u00f3n por los combustibles f\u00f3siles, los peque\u00f1os estados y el fondo de p\u00e9rdidas y da\u00f1os<\/h2>\n<p>La ausencia de un compromiso para \u201celiminar\u201d definitivamente los combustibles f\u00f3siles hizo que algunos criticaran la influencia de los grupos de presi\u00f3n en la COP28. Desde algunas perspectivas, esto dej\u00f3 el objetivo de 1,5\u00a0\u00b0C \u201cen coma\u201d.<a href=\"#_ftn29\" name=\"_ftnref29\">[29]<\/a> A decir verdad, sin un calendario s\u00f3lido para la transici\u00f3n de combustibles y con una enorme fe en las tecnolog\u00edas CCUS, que a\u00fan no se han probado a escala, la COP28 fue quiz\u00e1s m\u00e1s una evoluci\u00f3n que la revoluci\u00f3n que requiere la dura batalla contra el cambio clim\u00e1tico.<\/p>\n<p>Los negocios agr\u00edcolas estuvieron bien representados en la conferencia y, en consecuencia, el texto final omiti\u00f3 cualquier menci\u00f3n del papel de la industria ganadera en el calentamiento global, a pesar de que las investigaciones muestran que los reba\u00f1os de rumiantes a nivel mundial representan al menos el 7\u00a0% de las emisiones de metano evitables.<a href=\"#_ftn30\" name=\"_ftnref30\">[30]<\/a><\/p>\n<p>Los peque\u00f1os estados isle\u00f1os, especialmente vulnerables ante el aumento del nivel del mar, sintieron que abandonaron la COP28 sin las protecciones necesarias para garantizar su supervivencia. La <a href=\"https:\/\/www.aosis.org\/\">Alianza de Peque\u00f1os Estados Insulares<\/a>, cuyos miembros est\u00e1n repartidos por el Caribe, el Pac\u00edfico, el \u00cdndico y el mar de la China Meridional, declar\u00f3 que el acuerdo no garantizaba \u201cel cambio de marcha que se necesita\u201d y adolec\u00eda de un enfoque demasiado conservador.<a href=\"#_ftn31\" name=\"_ftnref31\">[31]<\/a><\/p>\n<p>En algunas conversaciones, incluso el fondo de p\u00e9rdidas y da\u00f1os de m\u00e1s de 700\u00a0millones de USD se consider\u00f3 escaso. Las contribuciones de EE.\u00a0UU. y China, dos de los mayores emisores de carbono del mundo, se vieron eclipsadas por las peticiones de pa\u00edses con PIB mucho menores.<\/p>\n<p><img decoding=\"async\" loading=\"lazy\" class=\"aligncenter size-full wp-image-115026\" src=\"https:\/\/media.alj.com\/app\/uploads\/2024\/02\/GREENH1-scaled.jpg\" alt=\"\" width=\"2560\" height=\"1440\" srcset=\"https:\/\/media.alj.com\/app\/uploads\/2024\/02\/GREENH1-scaled.jpg 2560w, https:\/\/media.alj.com\/app\/uploads\/2024\/02\/GREENH1-300x169.jpg 300w, https:\/\/media.alj.com\/app\/uploads\/2024\/02\/GREENH1-1024x576.jpg 1024w, https:\/\/media.alj.com\/app\/uploads\/2024\/02\/GREENH1-150x84.jpg 150w, https:\/\/media.alj.com\/app\/uploads\/2024\/02\/GREENH1-768x432.jpg 768w, https:\/\/media.alj.com\/app\/uploads\/2024\/02\/GREENH1-1536x864.jpg 1536w, https:\/\/media.alj.com\/app\/uploads\/2024\/02\/GREENH1-2048x1152.jpg 2048w, https:\/\/media.alj.com\/app\/uploads\/2024\/02\/GREENH1-226x126.jpg 226w\" sizes=\"(max-width: 2560px) 100vw, 2560px\" \/><\/p>\n<p>Despu\u00e9s de la COP28, podr\u00eda decirse que el grupo m\u00e1s ignorado son las <em>generaciones futuras<\/em>, que heredar\u00e1n la peor parte del calentamiento global. Los estudios muestran que, de no controlarse, el cambio clim\u00e1tico podr\u00eda <a href=\"https:\/\/alj.com\/en\/spotlight-by-fady-jameel\/the-economic-costs-of-climate-change\/\">costar a la econom\u00eda mundial<\/a> 178\u00a0billones de USD para 2070. Esto ser\u00eda un abandono inadmisible del deber, teniendo en cuenta la posible recompensa de 43 billones de USD que podr\u00eda lograrse con una r\u00e1pida transici\u00f3n a las cero emisiones netas en las pr\u00f3ximas cinco d\u00e9cadas.<a href=\"#_ftn32\" name=\"_ftnref32\">[32]<\/a><\/p>\n<p>La responsabilidad de lograr algunos de los giros m\u00e1s dr\u00e1sticos y duraderos queda en manos de la pr\u00f3xima COP29, que se celebrar\u00e1 a finales de 2024. Lo que plantea la pregunta: \u00bfen qu\u00e9 punto est\u00e1n ahora la crisis clim\u00e1tica y quienes trabajan duro para garantizar un ma\u00f1ana m\u00e1s seguro?<\/p>\n<h2>La lucha est\u00e1 lejos de terminar<\/h2>\n<p>Sigue habiendo disputas sobre la gravedad de la crisis clim\u00e1tica, as\u00ed que 2024 podr\u00eda dar un importante paso hacia adelante en la supervisi\u00f3n y autenticaci\u00f3n de los impactos del calentamiento global.<\/p>\n<p>El Marco de Transparencia Reforzado<a href=\"#_ftn33\" name=\"_ftnref33\">[33]<\/a> negociado en la COP28 sienta las bases para nuevas herramientas de informes y revisi\u00f3n desarrolladas por la Convenci\u00f3n Marco de Naciones Unidas sobre el Cambio Clim\u00e1tico (<a href=\"https:\/\/unfccc.int\/\">UNFCCC<\/a>), el organismo encargado de coordinar una respuesta global a esta amenaza sin precedentes. Para junio de 2024 deben publicarse las versiones finales de estos instrumentos de informe estandarizados, que por fin destacar\u00e1n sin ambig\u00fcedades un tema que a menudo se ve afectado por la confusi\u00f3n.<\/p>\n<p>La COP29 de noviembre en Azerbaiy\u00e1n har\u00e1 que los gobiernos se centren en nuevas medidas de financiaci\u00f3n clim\u00e1tica y proporcionen actualizaciones sobre las contribuciones determinadas a nivel nacional (NDC), totalmente alineadas con el objetivo de que la temperatura no aumente m\u00e1s de 1,5\u00a0\u00baC.<\/p>\n<p>Aquellos que salieron de la COP28 decepcionados por los compromisos en materia de biodiversidad ya tienen la vista puesta en octubre de 2024, cuando tendr\u00e1 lugar la Conferencia de la ONU sobre Biodiversidad, en Colombia, Sudam\u00e9rica<a href=\"#_ftn34\" name=\"_ftnref34\">[34]<\/a>. Este simposio abordar\u00e1 el papel intr\u00ednseco de la biodiversidad en la protecci\u00f3n del bienestar planetario y humanitario.<\/p>\n<p>La COP29 y la Conferencia de la ONU sobre la Biodiversidad no son los \u00fanicos foros clim\u00e1ticos que buscan ocupar titulares en 2024. En marzo se celebra la 11.\u00aa\u00a0Cumbre Mundial de los Oc\u00e9anos<a href=\"#_ftn35\" name=\"_ftnref35\">[35]<\/a> en Lisboa, Portugal, con debates sobre soluciones clim\u00e1ticas basadas en los oc\u00e9anos y acerca de c\u00f3mo establecer una econom\u00eda oce\u00e1nica sostenible. La 4.\u00aa\u00a0Conferencia Internacional sobre los Peque\u00f1os Estados Insulares en Desarrollo<a href=\"#_ftn36\" name=\"_ftnref36\">[36]<\/a>, programada para mayo de 2024 en Antigua y Barbuda, proporcionar\u00e1 a estas vulnerables naciones otra oportunidad para destacar la injusticia de la deuda clim\u00e1tica y la necesidad urgente de asociaciones que garanticen la protecci\u00f3n de la tierra.<\/p>\n<p>Junio ser\u00e1 un mes particularmente ajetreado para los defensores del clima. La Conferencia Mundial de ICLEI (Gobiernos Locales para la Sostenibilidad)<a href=\"#_ftn37\" name=\"_ftnref37\">[37]<\/a> en S\u00e3o Paulo, Brasil, reunir\u00e1 a gobiernos locales y regionales de todo el mundo para que compartan las mejores pr\u00e1cticas sobre el desarrollo urbano sostenible.<\/p>\n<p>M\u00e1s adelante ese mismo mes tendr\u00e1 lugar en Estocolmo, Suecia, el Congreso Mundial de IUFRO<a href=\"#_ftn38\" name=\"_ftnref38\">[38]<\/a>. Esta reuni\u00f3n quinquenal de la Uni\u00f3n Internacional de Organizaciones de Investigaci\u00f3n Forestal convocar\u00e1 a l\u00edderes c\u00edvicos y cient\u00edficos para debatir temas relacionados con el crecimiento de la poblaci\u00f3n, la globalizaci\u00f3n y la explotaci\u00f3n comercial de los bosques.<\/p>\n<p>Estas cumbres, y otras similares, representan nuestra mejor oportunidad de coordinar una reacci\u00f3n colectiva al peligro inminente de la crisis clim\u00e1tica. Para tener el impacto requerido, la respuesta tendr\u00e1 que aprovechar los atributos \u00fanicos de los sectores p\u00fablico y privado.<\/p>\n<p>Aqu\u00ed es donde entran en juego organizaciones como <a href=\"https:\/\/alj.com\">Abdul Latif Jameel<\/a>, que pueden hacer uso del poder y la capacidad de respuesta del capital privado para convertir las palabras en acci\u00f3n clim\u00e1tica.<\/p>\n<h2>El sector privado lidera el llamamiento a la lucha clim\u00e1tica<\/h2>\n<p>Nuestro negocio insignia de energ\u00eda renovable, Fotowatio Renewable Ventures (<a href=\"https:\/\/frv.com\/en\/\">FRV<\/a>), apoya activamente la declaraci\u00f3n de la COP28 de triplicar la capacidad de energ\u00eda renovable del mundo para 2030. FRV gestiona un cat\u00e1logo en constante crecimiento de proyectos de energ\u00eda e\u00f3lica, solar, h\u00edbrida y de almacenamiento de energ\u00eda en todo Oriente Medio, Latinoam\u00e9rica, Europa y Australia.<\/p>\n<p>La secci\u00f3n de innovaci\u00f3n de FRV, <a href=\"https:\/\/frv.com\/en\/services\/frv-x\/\">FRV-X<\/a>, ya cuenta con plantas de almacenamiento de bater\u00edas a escala de servicios p\u00fablicos (BESS) en Reino Unido en <a href=\"https:\/\/alj.com\/en\/news\/abdul-latif-jameel-energys-frv-energizes-contego-battery-energy-storage-plant\/\">Contego,<\/a> West Sussex; <a href=\"https:\/\/alj.com\/en\/news\/abdul-latif-jameel-energys-frv-achieves-financial-close-with-natwest-for-its-holes-bay-battery-project-in-the-uk\/\">Holes Bay<\/a>, Dorset; y <a href=\"https:\/\/alj.com\/en\/news\/abdul-latif-jameel-energys-frv-and-harmony-energy-begin-construction-of-one-the-uks-largest-battery-storage-projects\/\">Clay Tye<\/a>, Essex. En oto\u00f1o de 2022 FRV-X consigui\u00f3 dos <a href=\"https:\/\/alj.com\/en\/news\/abdul-latif-jameel-energys-frv-to-acquire-two-new-battery-energy-storage-projects-in-the-uk\/\">proyectos de BESS<\/a> m\u00e1s en Reino Unido y una participaci\u00f3n mayoritaria en un plan de BESS en <a href=\"https:\/\/alj.com\/en\/news\/abdul-latif-jameel-energys-frv-acquires-majority-stake-in-one-of-the-largest-battery-energy-storage-systems-in-greece\/\">Grecia<\/a>. En Australia, FRV-X opera una planta solar y BESS h\u00edbrida en <a href=\"https:\/\/alj.com\/en\/news\/abdul-latif-jameel-energys-frv-announces-first-hybrid-pv-solar-storage-project-in-australia\/\">Dalby<\/a>, en el estado oriental de Queensland.<\/p>\n<p>La energ\u00eda solar tiene el potencial de alimentar hogares y empresas dondequiera que brille el sol, por lo que desempe\u00f1ar\u00e1 un papel fundamental en cualquier estrategia futura en pro de las cero emisiones netas. FRV-X ha invertido 10,6\u00a0millones de USD para respaldar a <a href=\"https:\/\/alj.com\/en\/perspective\/solar-so-good\/\">ecoligo<\/a>, un proveedor alem\u00e1n de energ\u00eda solar como servicio. Fundada en 2016, ecoligo ayuda a socios comerciales e industriales de Sudam\u00e9rica, \u00c1frica y Asia a financiar proyectos solares a trav\u00e9s de una plataforma de inversi\u00f3n colectiva.<\/p>\n<p>A medida que la crisis ecol\u00f3gica se intensifique, m\u00e1s comunidades se enfrentar\u00e1n a la escasez aguda de agua y a finales de la d\u00e9cada cientos de millones de personas posiblemente se ver\u00e1n obligados a migrar debido a la sequ\u00eda.<a href=\"#_ftn39\" name=\"_ftnref39\">[39]<\/a> El equipo de <a href=\"https:\/\/almarwater.com\/\">Almar Water Solutions<\/a>, parte de <a href=\"https:\/\/alj.com\/energy\">Abdul Latif Jameel Energy and Environmental Services<\/a>, est\u00e1 trabajando para ampliar el acceso a suministros fiables de agua limpia. Uno de sus proyectos es un <a href=\"https:\/\/alj.com\/en\/news\/datakorum-awarded-an-historic-project-driving-digital-transformation-of-abu-dhabis-water-infrastructure\/\">plan de agua de comunicaci\u00f3n inteligente<\/a> en Abu Dabi, que ayuda a desarrollar una red inteligente y digitalizar la infraestructura de agua local.<\/p>\n<p>Un clima cambiante y los patrones meteorol\u00f3gicos cada vez m\u00e1s err\u00e1ticos tambi\u00e9n ponen en peligro la seguridad alimentaria. El Laboratorio de Sistemas de Agua y Alimentos de Abdul Latif Jameel en el ITM (<a href=\"https:\/\/jwafs.mit.edu\/\">J-WAFS<\/a>), cofundado por <a href=\"https:\/\/communityjameel.org\/\">Community Jameel<\/a> en 2014, financia la investigaci\u00f3n sobre innovaciones agr\u00edcolas de vanguardia: semillas resistentes a la sequ\u00eda o granjas del futuro impulsadas por la tecnolog\u00eda.<\/p>\n<figure id=\"attachment_115012\" aria-describedby=\"caption-attachment-115012\" style=\"width: 225px\" class=\"wp-caption alignright\"><img decoding=\"async\" loading=\"lazy\" class=\"size-medium wp-image-115012\" src=\"https:\/\/media.alj.com\/app\/uploads\/2024\/02\/FJ-COP28-225x300.jpg\" alt=\"\" width=\"225\" height=\"300\" srcset=\"https:\/\/media.alj.com\/app\/uploads\/2024\/02\/FJ-COP28-225x300.jpg 225w, https:\/\/media.alj.com\/app\/uploads\/2024\/02\/FJ-COP28-112x150.jpg 112w, https:\/\/media.alj.com\/app\/uploads\/2024\/02\/FJ-COP28.jpg 560w\" sizes=\"(max-width: 225px) 100vw, 225px\" \/><figcaption id=\"caption-attachment-115012\" class=\"wp-caption-text\">Fady Jameel, presidente adjunto y vicepresidente de Abdul Latif Jameel, durante su intervenci\u00f3n en la COP28. Cr\u00e9dito de la fotograf\u00eda \u00a9 Community Jameel<\/figcaption><\/figure>\n<p><em>\u201cLa COP28 tuvo lugar durante el a\u00f1o m\u00e1s caluroso de la historia, en el que miles de personas fallecieron debido al clima extremo y nuestros oc\u00e9anos registraron temperaturas peligrosamente altas\u201d,<\/em> dijo Fady Jameel, presidente adjunto y vicepresidente de Abdul Latif Jameel.<\/p>\n<p><em>\u201cLa delegaci\u00f3n de la COP expuso sin pa\u00f1os calientes la crisis a la que se enfrenta la raza humana y propuso medidas dr\u00e1sticas para la recuperaci\u00f3n de nuestro deteriorado planeta\u201d.<\/em><\/p>\n<p><em>\u201cNuestra profanaci\u00f3n de la Tierra no ha ocurrido de la noche a la ma\u00f1ana, y las soluciones disponibles requerir\u00e1n paciencia y compromiso.<\/em><\/p>\n<p><em>Solo un esfuerzo coordinado de m\u00faltiples partes interesadas, activistas, cient\u00edficos, gobiernos y l\u00edderes del sector privado puede ofrecer las herramientas tecnol\u00f3gicas, la potencia financiera y la pasi\u00f3n p\u00fablica que se requieren para enfrentarse a esta crisis existencial\u201d.<\/em><\/p>\n<p><em>\u201cLos delegados deben centrar sus renovadas esperanzas en la COP29, donde deber\u00edan de adoptarse estrategias a\u00fan m\u00e1s valientes y una declaraci\u00f3n lo suficientemente decisiva como para cambiar las tornas en esta lucha que marca nuestra era\u201d.<\/em><\/p>\n<p>&nbsp;<\/p>\n<p><a href=\"#_ftnref1\" name=\"_ftn1\">[1]<\/a> <a href=\"https:\/\/wmo.int\/news\/media-centre\/2023-shatters-climate-records-major-impacts\">https:\/\/wmo.int\/news\/media-centre\/2023-shatters-climate-records-major-impacts<\/a><\/p>\n<p><a href=\"#_ftnref2\" name=\"_ftn2\">[2]<\/a> <a href=\"https:\/\/unfccc.int\/sites\/default\/files\/resource\/Summary_GCA_COP28.pdf\">https:\/\/unfccc.int\/sites\/default\/files\/resource\/Summary_GCA_COP28.pdf<\/a><\/p>\n<p><a href=\"#_ftnref3\" name=\"_ftn3\">[3]<\/a> <a href=\"https:\/\/www.iea.org\/policies\/17310-pace-uae-us-clean-energy-strategic-partnership\">https:\/\/www.iea.org\/policies\/17310-pace-uae-us-clean-energy-strategic-partnership<\/a><\/p>\n<p><a href=\"#_ftnref4\" name=\"_ftn4\">[4]<\/a> <a href=\"https:\/\/www.mofa.gov.ae\/en\/mediahub\/news\/2022\/11\/23\/23-11-2022-uae-cop28\">https:\/\/www.mofa.gov.ae\/en\/mediahub\/news\/2022\/11\/23\/23-11-2022-uae-cop28<\/a><\/p>\n<p><a href=\"#_ftnref5\" name=\"_ftn5\">[5]<\/a> <a href=\"https:\/\/unfccc.int\/news\/cop28-agreement-signals-beginning-of-the-end-of-the-fossil-fuel-era\">https:\/\/unfccc.int\/news\/cop28-agreement-signals-beginning-of-the-end-of-the-fossil-fuel-era<\/a><\/p>\n<p><a href=\"#_ftnref6\" name=\"_ftn6\">[6]<\/a> <a href=\"https:\/\/www.theguardian.com\/environment\/2023\/dec\/14\/failure-cop28-fossil-fuel-phase-out-devastating-say-scientists\">https:\/\/www.theguardian.com\/environment\/2023\/dec\/14\/failure-cop28-fossil-fuel-phase-out-devastating-say-scientists<\/a><\/p>\n<p><a href=\"#_ftnref7\" name=\"_ftn7\">[7]<\/a> <a href=\"https:\/\/www.nature.com\/articles\/d41586-023-03955-x\">https:\/\/www.nature.com\/articles\/d41586-023-03955-x<\/a><\/p>\n<p><a href=\"#_ftnref8\" name=\"_ftn8\">[8]<\/a> <a href=\"https:\/\/unfccc.int\/news\/cop28-agreement-signals-beginning-of-the-end-of-the-fossil-fuel-era\">https:\/\/unfccc.int\/news\/cop28-agreement-signals-beginning-of-the-end-of-the-fossil-fuel-era<\/a><\/p>\n<p><a href=\"#_ftnref9\" name=\"_ftn9\">[9]<\/a> <a href=\"https:\/\/www.cop28.com\/en\/global-renewables-and-energy-efficiency-pledge\">https:\/\/www.cop28.com\/en\/global-renewables-and-energy-efficiency-pledge<\/a><\/p>\n<p><a href=\"#_ftnref10\" name=\"_ftn10\">[10]<\/a> <a href=\"https:\/\/www.cop28.com\/en\/global-cooling-pledge-for-cop28\">https:\/\/www.cop28.com\/en\/global-cooling-pledge-for-cop28<\/a><\/p>\n<p><a href=\"#_ftnref11\" name=\"_ftn11\">[11]<\/a> <a href=\"https:\/\/www.energy.gov\/articles\/cop28-countries-launch-declaration-triple-nuclear-energy-capacity-2050-recognizing-key\">https:\/\/www.energy.gov\/articles\/cop28-countries-launch-declaration-triple-nuclear-energy-capacity-2050-recognizing-key<\/a><\/p>\n<p><a href=\"#_ftnref12\" name=\"_ftn12\">[12]<\/a> <a href=\"https:\/\/www.cop28.com\/en\/cop28-uae-declaration-on-hydrogen-and-derivatives\">https:\/\/www.cop28.com\/en\/cop28-uae-declaration-on-hydrogen-and-derivatives<\/a><\/p>\n<p><a href=\"#_ftnref13\" name=\"_ftn13\">[13]<\/a> <a href=\"https:\/\/www.cop28.com\/en\/news\/2023\/12\/Oil-Gas-Decarbonization-Charter-launched-to--accelerate-climate-action\">https:\/\/www.cop28.com\/en\/news\/2023\/12\/Oil-Gas-Decarbonization-Charter-launched-to&#8211;accelerate-climate-action<\/a><\/p>\n<p><a href=\"#_ftnref14\" name=\"_ftn14\">[14]<\/a> <a href=\"https:\/\/www.bloomberg.org\/press\/cop28-presidency-united-nations-climate-change-and-bloomberg-philanthropies-launch-new-industrial-transition-accelerator-for-heavy-emitting-industries\/\">https:\/\/www.bloomberg.org\/press\/cop28-presidency-united-nations-climate-change-and-bloomberg-philanthropies-launch-new-industrial-transition-accelerator-for-heavy-emitting-industries\/<\/a><\/p>\n<p><a href=\"#_ftnref15\" name=\"_ftn15\">[15]<\/a> <a href=\"https:\/\/www.irena.org\/News\/pressreleases\/2023\/Dec\/Global-Power-Utilities-Declare-Joint-Action-Plan-to-Drive-Energy-Transition-at-COP28\">https:\/\/www.irena.org\/News\/pressreleases\/2023\/Dec\/Global-Power-Utilities-Declare-Joint-Action-Plan-to-Drive-Energy-Transition-at-COP28<\/a><\/p>\n<p><a href=\"#_ftnref16\" name=\"_ftn16\">[16]<\/a> <a href=\"https:\/\/cement.ca\/cement-and-concrete-breakthrough-initiative-launched-cop-28\/\">https:\/\/cement.ca\/cement-and-concrete-breakthrough-initiative-launched-cop-28\/<\/a><\/p>\n<p><a href=\"#_ftnref17\" name=\"_ftn17\">[17]<\/a> <a href=\"https:\/\/www.cozev.org\/\">https:\/\/www.cozev.org\/<\/a><\/p>\n<p><a href=\"#_ftnref18\" name=\"_ftn18\">[18]<\/a> <a href=\"https:\/\/www.cop28.com\/en\/climate_finance_framework\">https:\/\/www.cop28.com\/en\/climate_finance_framework<\/a><\/p>\n<p><a href=\"#_ftnref19\" name=\"_ftn19\">[19]<\/a> <a href=\"https:\/\/climatechampions.unfccc.int\/wp-content\/uploads\/2023\/12\/Joint-Declaration-on-Credit-Enhancement-of-Sustainability-Linked-Sovereign-Financing-for-Nature-Climate.pdf\">https:\/\/climatechampions.unfccc.int\/wp-content\/uploads\/2023\/12\/Joint-Declaration-on-Credit-Enhancement-of-Sustainability-Linked-Sovereign-Financing-for-Nature-Climate.pdf<\/a><\/p>\n<p><a href=\"#_ftnref20\" name=\"_ftn20\">[20]<\/a> <a href=\"https:\/\/www.bloomberg.org\/press\/un-agencies-multilateral-development-banks-private-sector-finance-and-philanthropy-leaders-unite-to-scale-climate-finance-capacity-building\/\">https:\/\/www.bloomberg.org\/press\/un-agencies-multilateral-development-banks-private-sector-finance-and-philanthropy-leaders-unite-to-scale-climate-finance-capacity-building\/<\/a><\/p>\n<p><a href=\"#_ftnref21\" name=\"_ftn21\">[21]<\/a> <a href=\"https:\/\/www.unepfi.org\/climate-change\/net-zero-export-credit-agencies\/\">https:\/\/www.unepfi.org\/climate-change\/net-zero-export-credit-agencies\/<\/a><\/p>\n<p><a href=\"#_ftnref22\" name=\"_ftn22\">[22]<\/a> <a href=\"https:\/\/www.adb.org\/news\/adb-and-partners-launch-nature-financing-initiative-asia-and-pacific\">https:\/\/www.adb.org\/news\/adb-and-partners-launch-nature-financing-initiative-asia-and-pacific<\/a><\/p>\n<p><a href=\"#_ftnref23\" name=\"_ftn23\">[23]<\/a> <a href=\"https:\/\/www.weforum.org\/agenda\/2023\/12\/cop28-loss-and-damage-fund-climate-change\/\">https:\/\/www.weforum.org\/agenda\/2023\/12\/cop28-loss-and-damage-fund-climate-change\/<\/a><\/p>\n<p><a href=\"#_ftnref24\" name=\"_ftn24\">[24]<\/a> <a href=\"https:\/\/www.cop28.com\/en\/cop28-declaration-on-climate-relief-recovery-and-peace\">https:\/\/www.cop28.com\/en\/cop28-declaration-on-climate-relief-recovery-and-peace<\/a><\/p>\n<p><a href=\"#_ftnref25\" name=\"_ftn25\">[25]<\/a> <a href=\"https:\/\/www.cop28.com\/en\/cop28-uae-coalition-for-high-ambition-multilevel-partnerships-for-climate-action\">https:\/\/www.cop28.com\/en\/cop28-uae-coalition-for-high-ambition-multilevel-partnerships-for-climate-action<\/a><\/p>\n<p><a href=\"#_ftnref26\" name=\"_ftn26\">[26]<\/a> <a href=\"https:\/\/www.cop28.com\/en\/cop28-uae-youth-climate-champion\">https:\/\/www.cop28.com\/en\/cop28-uae-youth-climate-champion<\/a><\/p>\n<p><a href=\"#_ftnref27\" name=\"_ftn27\">[27]<\/a> <a href=\"https:\/\/www.cop28.com\/en\/cop28-gender-responsive-just-transitions-and-climate-action-partnership\">https:\/\/www.cop28.com\/en\/cop28-gender-responsive-just-transitions-and-climate-action-partnership<\/a><\/p>\n<p><a href=\"#_ftnref28\" name=\"_ftn28\">[28]<\/a> <a href=\"https:\/\/www.iucn.org\/press-release\/202312\/podong-indigenous-peoples-initiative-co-designed-and-co-led-indigenous-peoples\">https:\/\/www.iucn.org\/press-release\/202312\/podong-indigenous-peoples-initiative-co-designed-and-co-led-indigenous-peoples<\/a><\/p>\n<p><a href=\"#_ftnref29\" name=\"_ftn29\">[29]<\/a> <a href=\"https:\/\/www.theguardian.com\/environment\/2023\/dec\/14\/cop28-winners-and-losers-fossil-fuel-climate-crisis\">https:\/\/www.theguardian.com\/environment\/2023\/dec\/14\/cop28-winners-and-losers-fossil-fuel-climate-crisis<\/a><\/p>\n<p><a href=\"#_ftnref30\" name=\"_ftn30\">[30]<\/a> <a href=\"https:\/\/www.worldwildlife.org\/industries\/beef\">https:\/\/www.worldwildlife.org\/industries\/beef<\/a><\/p>\n<p><a href=\"#_ftnref31\" name=\"_ftn31\">[31]<\/a> <a href=\"https:\/\/www.reuters.com\/business\/environment\/alliance-small-island-states-sees-a-litany-loopholes-cop28-text-2023-12-13\/\">https:\/\/www.reuters.com\/business\/environment\/alliance-small-island-states-sees-a-litany-loopholes-cop28-text-2023-12-13\/<\/a><\/p>\n<p><a href=\"#_ftnref32\" name=\"_ftn32\">[32]<\/a> <a href=\"https:\/\/www.deloitte.com\/global\/en\/about\/press-room\/deloitte-research-reveals-inaction-on-climate-change-could-cost-the-world-economy-us-dollar-178-trillion-by-2070.html\">https:\/\/www.deloitte.com\/global\/en\/about\/press-room\/deloitte-research-reveals-inaction-on-climate-change-could-cost-the-world-economy-us-dollar-178-trillion-by-2070.html<\/a><\/p>\n<p><a href=\"#_ftnref33\" name=\"_ftn33\">[33]<\/a> <a href=\"https:\/\/unfccc.int\/process-and-meetings\/transparency-and-reporting\/preparing-for-the-ETF\">https:\/\/unfccc.int\/process-and-meetings\/transparency-and-reporting\/preparing-for-the-ETF<\/a><\/p>\n<p><a href=\"#_ftnref34\" name=\"_ftn34\">[34]<\/a> <a href=\"https:\/\/www.cbd.int\/article\/colombia-host-cop16\">https:\/\/www.cbd.int\/article\/colombia-host-cop16<\/a><\/p>\n<p><a href=\"#_ftnref35\" name=\"_ftn35\">[35]<\/a> <a href=\"https:\/\/icriforum.org\/events\/world-ocean-summit-2024\/\">https:\/\/icriforum.org\/events\/world-ocean-summit-2024\/<\/a><\/p>\n<p><a href=\"#_ftnref36\" name=\"_ftn36\">[36]<\/a> <a href=\"https:\/\/sdgs.un.org\/conferences\/sids2024\">https:\/\/sdgs.un.org\/conferences\/sids2024<\/a><\/p>\n<p><a href=\"#_ftnref37\" name=\"_ftn37\">[37]<\/a> <a href=\"https:\/\/iclei.org\/news\/iclei-world-congress-2024\">https:\/\/iclei.org\/news\/iclei-world-congress-2024<\/a><\/p>\n<p><a href=\"#_ftnref38\" name=\"_ftn38\">[38]<\/a> <a href=\"https:\/\/iufro2024.com\/\">https:\/\/iufro2024.com\/<\/a><\/p>\n<p><a href=\"#_ftnref39\" name=\"_ftn39\">[39]<\/a> <a href=\"https:\/\/www.unicef.org\/wash\/water-scarcity\">https:\/\/www.unicef.org\/wash\/water-scarcity<\/a><\/p>\n<p>&nbsp;<\/p>\n","protected":false},"author":18,"featured_media":115072,"template":"","tags":[],"acf":[],"yoast_head":"<!-- This site is optimized with the Yoast SEO plugin v21.5 - https:\/\/yoast.com\/wordpress\/plugins\/seo\/ -->\n<title>\u00bfLa COP28 evitar\u00e1 la crisis clim\u00e1tica? | Abdul Latif Jameel\u00ae<\/title>\n<meta name=\"description\" content=\"Tras un a\u00f1o de fen\u00f3menos meteorol\u00f3gicos extremos y temperaturas r\u00e9cord, la COP28 abord\u00f3 este tema clave en la Expo de Dub\u00e1i. Lea nuestra opini\u00f3n.\" \/>\n<meta name=\"robots\" content=\"index, follow, max-snippet:-1, max-image-preview:large, max-video-preview:-1\" \/>\n<link rel=\"canonical\" href=\"https:\/\/alj.com\/es\/perspective\/cop28-will-it-help-to-avert-the-climate-crisis\/\" \/>\n<meta property=\"og:locale\" content=\"es_ES\" \/>\n<meta property=\"og:type\" content=\"article\" \/>\n<meta property=\"og:title\" content=\"\u00bfLa COP28 evitar\u00e1 la crisis clim\u00e1tica? | Abdul Latif Jameel\u00ae\" \/>\n<meta property=\"og:description\" content=\"Tras un a\u00f1o de fen\u00f3menos meteorol\u00f3gicos extremos y temperaturas r\u00e9cord, la COP28 abord\u00f3 este tema clave en la Expo de Dub\u00e1i. Lea nuestra opini\u00f3n.\" \/>\n<meta property=\"og:url\" content=\"https:\/\/alj.com\/es\/perspective\/cop28-will-it-help-to-avert-the-climate-crisis\/\" \/>\n<meta property=\"og:site_name\" content=\"Abdul Latif Jameel\" \/>\n<meta property=\"article:publisher\" content=\"https:\/\/www.facebook.com\/Abdul.Latif.Jameel.Official\" \/>\n<meta property=\"article:modified_time\" content=\"2024-06-11T09:10:20+00:00\" \/>\n<meta property=\"og:image\" content=\"https:\/\/media.alj.com\/app\/uploads\/2024\/03\/COP28-Dubai-scaled.jpg\" \/>\n\t<meta property=\"og:image:width\" content=\"2560\" \/>\n\t<meta property=\"og:image:height\" content=\"1707\" \/>\n\t<meta property=\"og:image:type\" content=\"image\/jpeg\" \/>\n<meta name=\"twitter:card\" content=\"summary_large_image\" \/>\n<meta name=\"twitter:label1\" content=\"Est. reading time\" \/>\n\t<meta name=\"twitter:data1\" content=\"21 minutes\" \/>\n<script type=\"application\/ld+json\" class=\"yoast-schema-graph\">{\"@context\":\"https:\/\/schema.org\",\"@graph\":[{\"@type\":\"WebPage\",\"@id\":\"https:\/\/alj.com\/es\/perspective\/cop28-will-it-help-to-avert-the-climate-crisis\/\",\"url\":\"https:\/\/alj.com\/es\/perspective\/cop28-will-it-help-to-avert-the-climate-crisis\/\",\"name\":\"\u00bfLa COP28 evitar\u00e1 la crisis clim\u00e1tica? | Abdul Latif Jameel\u00ae\",\"isPartOf\":{\"@id\":\"https:\/\/alj.com\/en\/#website\"},\"datePublished\":\"2024-03-11T09:09:33+00:00\",\"dateModified\":\"2024-06-11T09:10:20+00:00\",\"description\":\"Tras un a\u00f1o de fen\u00f3menos meteorol\u00f3gicos extremos y temperaturas r\u00e9cord, la COP28 abord\u00f3 este tema clave en la Expo de Dub\u00e1i. Lea nuestra opini\u00f3n.\",\"breadcrumb\":{\"@id\":\"https:\/\/alj.com\/es\/perspective\/cop28-will-it-help-to-avert-the-climate-crisis\/#breadcrumb\"},\"inLanguage\":\"es-ES\",\"potentialAction\":[{\"@type\":\"ReadAction\",\"target\":[\"https:\/\/alj.com\/es\/perspective\/cop28-will-it-help-to-avert-the-climate-crisis\/\"]}]},{\"@type\":\"BreadcrumbList\",\"@id\":\"https:\/\/alj.com\/es\/perspective\/cop28-will-it-help-to-avert-the-climate-crisis\/#breadcrumb\",\"itemListElement\":[{\"@type\":\"ListItem\",\"position\":1,\"name\":\"Home\",\"item\":\"https:\/\/alj.com\/es\/\"},{\"@type\":\"ListItem\",\"position\":2,\"name\":\"Perspectives\",\"item\":\"https:\/\/alj.com\/ja\/perspective\/\"},{\"@type\":\"ListItem\",\"position\":3,\"name\":\"COP28: \u00bfayudar\u00e1 a evitar la crisis clim\u00e1tica?\"}]},{\"@type\":\"WebSite\",\"@id\":\"https:\/\/alj.com\/en\/#website\",\"url\":\"https:\/\/alj.com\/en\/\",\"name\":\"Abdul Latif Jameel\",\"description\":\"Abdul Latif Jameel\",\"potentialAction\":[{\"@type\":\"SearchAction\",\"target\":{\"@type\":\"EntryPoint\",\"urlTemplate\":\"https:\/\/alj.com\/en\/?s={search_term_string}\"},\"query-input\":\"required name=search_term_string\"}],\"inLanguage\":\"es-ES\"}]}<\/script>\n<!-- \/ Yoast SEO plugin. -->","yoast_head_json":{"title":"\u00bfLa COP28 evitar\u00e1 la crisis clim\u00e1tica? | Abdul Latif Jameel\u00ae","description":"Tras un a\u00f1o de fen\u00f3menos meteorol\u00f3gicos extremos y temperaturas r\u00e9cord, la COP28 abord\u00f3 este tema clave en la Expo de Dub\u00e1i. Lea nuestra opini\u00f3n.","robots":{"index":"index","follow":"follow","max-snippet":"max-snippet:-1","max-image-preview":"max-image-preview:large","max-video-preview":"max-video-preview:-1"},"canonical":"https:\/\/alj.com\/es\/perspective\/cop28-will-it-help-to-avert-the-climate-crisis\/","og_locale":"es_ES","og_type":"article","og_title":"\u00bfLa COP28 evitar\u00e1 la crisis clim\u00e1tica? | Abdul Latif Jameel\u00ae","og_description":"Tras un a\u00f1o de fen\u00f3menos meteorol\u00f3gicos extremos y temperaturas r\u00e9cord, la COP28 abord\u00f3 este tema clave en la Expo de Dub\u00e1i. Lea nuestra opini\u00f3n.","og_url":"https:\/\/alj.com\/es\/perspective\/cop28-will-it-help-to-avert-the-climate-crisis\/","og_site_name":"Abdul Latif Jameel","article_publisher":"https:\/\/www.facebook.com\/Abdul.Latif.Jameel.Official","article_modified_time":"2024-06-11T09:10:20+00:00","og_image":[{"width":2560,"height":1707,"url":"https:\/\/media.alj.com\/app\/uploads\/2024\/03\/COP28-Dubai-scaled.jpg","type":"image\/jpeg"}],"twitter_card":"summary_large_image","twitter_misc":{"Est. reading time":"21 minutes"},"schema":{"@context":"https:\/\/schema.org","@graph":[{"@type":"WebPage","@id":"https:\/\/alj.com\/es\/perspective\/cop28-will-it-help-to-avert-the-climate-crisis\/","url":"https:\/\/alj.com\/es\/perspective\/cop28-will-it-help-to-avert-the-climate-crisis\/","name":"\u00bfLa COP28 evitar\u00e1 la crisis clim\u00e1tica? | Abdul Latif Jameel\u00ae","isPartOf":{"@id":"https:\/\/alj.com\/en\/#website"},"datePublished":"2024-03-11T09:09:33+00:00","dateModified":"2024-06-11T09:10:20+00:00","description":"Tras un a\u00f1o de fen\u00f3menos meteorol\u00f3gicos extremos y temperaturas r\u00e9cord, la COP28 abord\u00f3 este tema clave en la Expo de Dub\u00e1i. Lea nuestra opini\u00f3n.","breadcrumb":{"@id":"https:\/\/alj.com\/es\/perspective\/cop28-will-it-help-to-avert-the-climate-crisis\/#breadcrumb"},"inLanguage":"es-ES","potentialAction":[{"@type":"ReadAction","target":["https:\/\/alj.com\/es\/perspective\/cop28-will-it-help-to-avert-the-climate-crisis\/"]}]},{"@type":"BreadcrumbList","@id":"https:\/\/alj.com\/es\/perspective\/cop28-will-it-help-to-avert-the-climate-crisis\/#breadcrumb","itemListElement":[{"@type":"ListItem","position":1,"name":"Home","item":"https:\/\/alj.com\/es\/"},{"@type":"ListItem","position":2,"name":"Perspectives","item":"https:\/\/alj.com\/ja\/perspective\/"},{"@type":"ListItem","position":3,"name":"COP28: \u00bfayudar\u00e1 a evitar la crisis clim\u00e1tica?"}]},{"@type":"WebSite","@id":"https:\/\/alj.com\/en\/#website","url":"https:\/\/alj.com\/en\/","name":"Abdul Latif Jameel","description":"Abdul Latif Jameel","potentialAction":[{"@type":"SearchAction","target":{"@type":"EntryPoint","urlTemplate":"https:\/\/alj.com\/en\/?s={search_term_string}"},"query-input":"required name=search_term_string"}],"inLanguage":"es-ES"}]}},"post-meta-fields":{"push_notification":["no"],"_push_notification":["field_5c3b1fb67034d"],"_wpml_word_count":["{\"total\":3092,\"to_translate\":{\"ar\":3092,\"zh-hans\":3092,\"fr\":3092,\"ja\":3092,\"es\":3092,\"tr\":3092}}"],"_oembed_bfb32794826f4e57c590a1a018455c23":["{{unknown}}"],"wpcf-featured-news":["0"],"is_latest_news":["0"],"wpcf-show-news-at-homepage":["1"],"publish_mobile":[""],"_publish_mobile":["field_5bfa8eb2e65cf"],"mobile_featured_image":["https:\/\/media.alj.com\/app\/uploads\/2024\/03\/COP28-Dubai-scaled.jpg"],"_mobile_featured_image":["field_5c3b204983dea"],"featured_on_listing_page":["0"],"_featured_on_listing_page":["field_62458ea7383c3"],"content_series_applied":[""],"_content_series_applied":["field_60f3d3faf82ac"],"wpcf-perspective-downloadable_file":[""],"wpcf-video-description":[""],"wpcf-layoutvideourl":[""],"wpcf-video-thumb":[""],"wpcf-social4-svg":[""],"wpcf-social4-background-image":[""],"wpcf-social4-text":[""],"wpcf-social4-url":[""],"wpcf-social3-svg":[""],"wpcf-social3-background-image":[""],"wpcf-social3-text":[""],"wpcf-social3-url":[""],"wpcf-social-text-svg-square":[""],"wpcf-social-text-image-square":[""],"wpcf-social-text-text-square":[""],"wpcf-social-text-url-square":[""],"wpcf-social2-svg":[""],"wpcf-social2-background-image":[""],"wpcf-social2-text":[""],"wpcf-social2-url":[""],"wpcf-social-svg-square":[""],"wpcf-social-image-square":[""],"wpcf-social-text-square":[""],"wpcf-social-url-square":[""],"wpcf-social1-svg":[""],"wpcf-social1-background-image":[""],"wpcf-social1-text":[""],"wpcf-social1-url":[""],"wpcf-quotes-with-auther-text-1":[""],"wpcf-card_article_with_title_content":[""],"wpcf-card_article_content":["write your content"],"wpcf-quotes-with-auther-text":[""],"_bsf_post_type":["0"],"_bsf_item_review_type":["none"],"_wpml_media_duplicate":["1"],"_wpml_media_featured":["1"],"_yoast_wpseo_estimated-reading-time-minutes":[""],"_yoast_wpseo_wordproof_timestamp":[""],"perspective_short_title":["COP28: \u00bfayudar\u00e1 a evitar la crisis clim\u00e1tica?"],"perspective_summury":["<p>El pasado diciembre se celebr\u00f3 en Expo City Dubai la que se hab\u00eda promocionado como la conferencia clim\u00e1tica m\u00e1s crucial de la historia, donde se dieron cita decenas de miles de l\u00edderes nacionales y empresariales, activistas juveniles, representantes de los pueblos ind\u00edgenas, fil\u00e1ntropos y miembros de organizaciones internacionales de todo el mundo.<\/p>\n"],"perspective_location":["Dubai, EAU"],"wpcf-perspective-published-date":["1710115200"],"_yoast_wpseo_title":["\u00bfLa COP28 evitar\u00e1 la crisis clim\u00e1tica? | Abdul Latif Jameel\u00ae"],"_yoast_wpseo_metadesc":["Tras un a\u00f1o de fen\u00f3menos meteorol\u00f3gicos extremos y temperaturas r\u00e9cord, la COP28 abord\u00f3 este tema clave en la Expo de Dub\u00e1i. Lea nuestra opini\u00f3n."],"_thumbnail_id":["115072"],"_edit_lock":["1777633111:22"],"_edit_last":["25"],"wpcf-projecttitle":[""],"wpcf-projectdescription":[""],"wpcf-projectimage-video1":["image"],"wpcf-projectimage-1":[""],"wpcf-projectvideo-1":[""],"wpcf-projectdescription-1":[""],"wpcf-projectimage-video2":["image"],"wpcf-projectimage-2":[""],"wpcf-projectvideo-2":[""],"wpcf-projectdescription-2":[""],"wpcf-projectimage-video3":["image"],"wpcf-projectimage-3":[""],"wpcf-projectvideo-3":[""],"wpcf-projectdescription-3":[""],"wpcf-projectimage-video4":["image"],"wpcf-projectimage-4":[""],"wpcf-projectvideo-4":[""],"wpcf-projectdescription-4":[""],"_last_translation_edit_mode":["native-editor"],"_yoast_wpseo_content_score":["30"],"wpcf-card-image":[""],"_wpcf-card-image-sort-order":["a:1:{i:0;i:1786676;}"],"amazonS3_cache":["a:22:{s:43:\"\/\/alj.com\/app\/uploads\/2024\/02\/COP28-UAE.jpg\";a:2:{s:2:\"id\";i:115005;s:11:\"source_type\";s:13:\"media-library\";}s:51:\"\/\/alj.com\/app\/uploads\/2024\/02\/COP28-UAE-300x200.jpg\";a:2:{s:2:\"id\";i:115005;s:11:\"source_type\";s:13:\"media-library\";}s:49:\"\/\/media.alj.com\/app\/uploads\/2024\/02\/COP28-UAE.jpg\";a:2:{s:2:\"id\";i:115005;s:11:\"source_type\";s:13:\"media-library\";}s:57:\"\/\/media.alj.com\/app\/uploads\/2024\/02\/COP28-UAE-300x200.jpg\";a:2:{s:2:\"id\";i:115005;s:11:\"source_type\";s:13:\"media-library\";}s:48:\"\/\/alj.com\/app\/uploads\/2024\/02\/GLOBAL1-scaled.jpg\";a:2:{s:2:\"id\";i:115019;s:11:\"source_type\";s:13:\"media-library\";}s:54:\"\/\/media.alj.com\/app\/uploads\/2024\/02\/GLOBAL1-scaled.jpg\";a:2:{s:2:\"id\";i:115019;s:11:\"source_type\";s:13:\"media-library\";}s:41:\"\/\/alj.com\/app\/uploads\/2024\/03\/SULTAN1.jpg\";a:2:{s:2:\"id\";i:115047;s:11:\"source_type\";s:13:\"media-library\";}s:49:\"\/\/alj.com\/app\/uploads\/2024\/03\/SULTAN1-220x300.jpg\";a:2:{s:2:\"id\";i:115047;s:11:\"source_type\";s:13:\"media-library\";}s:47:\"\/\/media.alj.com\/app\/uploads\/2024\/03\/SULTAN1.jpg\";a:2:{s:2:\"id\";i:115047;s:11:\"source_type\";s:13:\"media-library\";}s:55:\"\/\/media.alj.com\/app\/uploads\/2024\/03\/SULTAN1-220x300.jpg\";a:2:{s:2:\"id\";i:115047;s:11:\"source_type\";s:13:\"media-library\";}s:48:\"\/\/alj.com\/app\/uploads\/2024\/02\/SHUTTE1-scaled.jpg\";a:2:{s:2:\"id\";i:115040;s:11:\"source_type\";s:13:\"media-library\";}s:54:\"\/\/media.alj.com\/app\/uploads\/2024\/02\/SHUTTE1-scaled.jpg\";a:2:{s:2:\"id\";i:115040;s:11:\"source_type\";s:13:\"media-library\";}s:48:\"\/\/alj.com\/app\/uploads\/2024\/02\/CO2EMI1-scaled.jpg\";a:2:{s:2:\"id\";i:114998;s:11:\"source_type\";s:13:\"media-library\";}s:54:\"\/\/media.alj.com\/app\/uploads\/2024\/02\/CO2EMI1-scaled.jpg\";a:2:{s:2:\"id\";i:114998;s:11:\"source_type\";s:13:\"media-library\";}s:48:\"\/\/alj.com\/app\/uploads\/2024\/02\/SHUTTE2-scaled.jpg\";a:2:{s:2:\"id\";i:115033;s:11:\"source_type\";s:13:\"media-library\";}s:54:\"\/\/media.alj.com\/app\/uploads\/2024\/02\/SHUTTE2-scaled.jpg\";a:2:{s:2:\"id\";i:115033;s:11:\"source_type\";s:13:\"media-library\";}s:48:\"\/\/alj.com\/app\/uploads\/2024\/02\/GREENH1-scaled.jpg\";a:2:{s:2:\"id\";i:115026;s:11:\"source_type\";s:13:\"media-library\";}s:54:\"\/\/media.alj.com\/app\/uploads\/2024\/02\/GREENH1-scaled.jpg\";a:2:{s:2:\"id\";i:115026;s:11:\"source_type\";s:13:\"media-library\";}s:42:\"\/\/alj.com\/app\/uploads\/2024\/02\/FJ-COP28.jpg\";a:2:{s:2:\"id\";i:115012;s:11:\"source_type\";s:13:\"media-library\";}s:50:\"\/\/alj.com\/app\/uploads\/2024\/02\/FJ-COP28-225x300.jpg\";a:2:{s:2:\"id\";i:115012;s:11:\"source_type\";s:13:\"media-library\";}s:48:\"\/\/media.alj.com\/app\/uploads\/2024\/02\/FJ-COP28.jpg\";a:2:{s:2:\"id\";i:115012;s:11:\"source_type\";s:13:\"media-library\";}s:56:\"\/\/media.alj.com\/app\/uploads\/2024\/02\/FJ-COP28-225x300.jpg\";a:2:{s:2:\"id\";i:115012;s:11:\"source_type\";s:13:\"media-library\";}}"]},"_links":{"self":[{"href":"https:\/\/alj.com\/es\/wp-json\/wp\/v2\/perspective\/115109"}],"collection":[{"href":"https:\/\/alj.com\/es\/wp-json\/wp\/v2\/perspective"}],"about":[{"href":"https:\/\/alj.com\/es\/wp-json\/wp\/v2\/types\/perspective"}],"author":[{"embeddable":true,"href":"https:\/\/alj.com\/es\/wp-json\/wp\/v2\/users\/18"}],"wp:featuredmedia":[{"embeddable":true,"href":"https:\/\/alj.com\/es\/wp-json\/wp\/v2\/media\/115072"}],"wp:attachment":[{"href":"https:\/\/alj.com\/es\/wp-json\/wp\/v2\/media?parent=115109"}],"wp:term":[{"taxonomy":"post_tag","embeddable":true,"href":"https:\/\/alj.com\/es\/wp-json\/wp\/v2\/tags?post=115109"}],"curies":[{"name":"wp","href":"https:\/\/api.w.org\/{rel}","templated":true}]}}