{"id":80303,"date":"2020-10-26T05:45:59","date_gmt":"2020-10-26T05:45:59","guid":{"rendered":"https:\/\/www.alj.com\/?post_type=perspective&#038;p=80303"},"modified":"2020-11-25T09:57:32","modified_gmt":"2020-11-25T09:57:32","slug":"un-torrente-de-problemas-los-desafios-hidricos-en-america-latina","status":"publish","type":"perspective","link":"https:\/\/alj.com\/es\/perspective\/un-torrente-de-problemas-los-desafios-hidricos-en-america-latina\/","title":{"rendered":"Un torrente de problemas: los desaf\u00edos h\u00eddricos en Am\u00e9rica Latina"},"content":{"rendered":"<p>Cuando consideramos el problema preocupante, y a menudo tr\u00e1gico, de la escasez mundial de agua, se nos vienen a la mente regiones caracterizadas por terrenos \u00e1ridos y sin litoral.<\/p>\n<p>Podr\u00edamos pensar en \u00c1frica, con sus constantes im\u00e1genes medi\u00e1ticas de comunidades desnutridas y deshidratadas. Tambi\u00e9n podr\u00edamos pensar en Oriente Medio, con su clima abrasado por el sol, que hace poco experiment\u00f3 su peor sequ\u00eda en nueve siglos.<\/p>\n<p>No considerar\u00edamos necesariamente Am\u00e9rica Latina, o al menos no sin m\u00e1s tiempo o alguna pista. Sin embargo, en t\u00e9rminos de agua Am\u00e9rica Latina v\u00edctima de una cruel iron\u00eda: es un continente con abundantes fuentes de agua, pero tambi\u00e9n es una regi\u00f3n donde alrededor de 36\u00a0millones de personas carecen de acceso a agua potable.<a href=\"#_ftn1\" name=\"_ftnref1\">[1]<\/a><\/p>\n<p><img decoding=\"async\" loading=\"lazy\" class=\"alignright size-full wp-image-79772\" src=\"https:\/\/www.alj.com\/app\/uploads\/2020\/10\/WWC.jpg\" alt=\"\" width=\"200\" height=\"120\" srcset=\"https:\/\/media.alj.com\/app\/uploads\/2020\/10\/WWC.jpg 200w, https:\/\/media.alj.com\/app\/uploads\/2020\/10\/WWC-150x90.jpg 150w\" sizes=\"(max-width: 200px) 100vw, 200px\" \/>El agua no solo nos mantiene hidratados. Ayuda a que crezcan nuestros cultivos, impulsa nuestras industrias y limpia nuestros hogares. Sin embargo, seg\u00fan el Consejo Mundial del Agua (<a href=\"https:\/\/www.worldwatercouncil.org\/en\">WWC<\/a>), un think tank internacional, hasta 100\u00a0millones de personas en Am\u00e9rica Latina carecen de acceso al saneamiento. Si a\u00f1adimos los que dependen de letrinas o fosas s\u00e9pticas, la cifra se eleva a 256\u00a0millones.<a href=\"#_ftn2\" name=\"_ftnref2\">[2]<\/a> Las aguas residuales sin tratar contaminan acu\u00edferos subterr\u00e1neos, r\u00edos y lagos.<\/p>\n<p>Desgraciadamente, como era de esperar, la desigualdad entra en juego para exacerbar estos problemas. Las cifras del WWC muestran que los sectores m\u00e1s pobres de la poblaci\u00f3n pagan entre 1,5 y 2,8 veces m\u00e1s por el agua que las familias m\u00e1s ricas, a cambio de un agua de menor calidad que tiene m\u00e1s probabilidades de provocar enfermedades diarreicas.<\/p>\n<p>Los problemas no terminan ah\u00ed. El agua subterr\u00e1nea de la regi\u00f3n sufre una explotaci\u00f3n incesante. En M\u00e9xico, por ejemplo, 102 de los 653 acu\u00edferos, o fuentes de agua subterr\u00e1neas, est\u00e1n clasificados como sobreutilizados, lo que amenaza la principal fuente de agua para dos tercios de la poblaci\u00f3n. En Am\u00e9rica del Sur, aproximadamente la mitad del agua proviene de acu\u00edferos que est\u00e1n sujetos a una creciente contaminaci\u00f3n debido a los usos comerciales.<\/p>\n<p>El tiempo transcurre muy deprisa para aquellos que buscan abordar algunos de estos peligros: el impacto de la humanidad sobre el mundo natural significa que los problemas de hoy podr\u00edan ser las calamidades del ma\u00f1ana.<\/p>\n<h2>Calentamiento global y sequ\u00eda: un panorama aterrador<\/h2>\n<p>El paso del tiempo, junto con los avances del cambio clim\u00e1tico, solo est\u00e1 sirviendo para agravar la creciente crisis h\u00eddrica en Am\u00e9rica Latina.<\/p>\n<figure id=\"attachment_79743\" aria-describedby=\"caption-attachment-79743\" style=\"width: 1700px\" class=\"wp-caption aligncenter\"><img decoding=\"async\" loading=\"lazy\" class=\"size-full wp-image-79743\" src=\"https:\/\/www.alj.com\/app\/uploads\/2020\/10\/Portillio-del-Cerro-Negro-Olivares-Alfa-Glacier.jpg\" alt=\"Portillio del Cerro Negro Olivares Alfa Glacier\" width=\"1700\" height=\"956\" srcset=\"https:\/\/media.alj.com\/app\/uploads\/2020\/10\/Portillio-del-Cerro-Negro-Olivares-Alfa-Glacier.jpg 1700w, https:\/\/media.alj.com\/app\/uploads\/2020\/10\/Portillio-del-Cerro-Negro-Olivares-Alfa-Glacier-300x169.jpg 300w, https:\/\/media.alj.com\/app\/uploads\/2020\/10\/Portillio-del-Cerro-Negro-Olivares-Alfa-Glacier-1024x576.jpg 1024w, https:\/\/media.alj.com\/app\/uploads\/2020\/10\/Portillio-del-Cerro-Negro-Olivares-Alfa-Glacier-150x84.jpg 150w, https:\/\/media.alj.com\/app\/uploads\/2020\/10\/Portillio-del-Cerro-Negro-Olivares-Alfa-Glacier-768x432.jpg 768w, https:\/\/media.alj.com\/app\/uploads\/2020\/10\/Portillio-del-Cerro-Negro-Olivares-Alfa-Glacier-1536x864.jpg 1536w, https:\/\/media.alj.com\/app\/uploads\/2020\/10\/Portillio-del-Cerro-Negro-Olivares-Alfa-Glacier-226x126.jpg 226w\" sizes=\"(max-width: 1700px) 100vw, 1700px\" \/><figcaption id=\"caption-attachment-79743\" class=\"wp-caption-text\">Parte superior: Foto del glaci\u00f3logo L. Lliboutry en el glaciar Portillo del Cerro Negro \/ Olivares Alfa en Chile. 1953. Parte inferior: Mismo lugar en en 2019.\u00a0 Ha desaparecido m\u00e1s del 60\u00a0% de la masa de hielo.\u00a0 Fuente Marc Turrel, (autor de \u201cLouis Lliboutry, el hombre que descifr\u00f3 los glaciares\u201d).\u00a0 \u00a9 Louis Lliboutry; Alex Cattan y Marc Turrel<\/figcaption><\/figure>\n<p>Los glaciares, una de las principales fuentes de agua dulce de la regi\u00f3n, se est\u00e1n derritiendo debido al calentamiento global. En zonas como la Cordillera Real en Bolivia o la Cordillera Blanca en Per\u00fa, el \u00e1rea cubierta por glaciares se ha reducido en alrededor de un tercio desde mediados del siglo XIX.<a href=\"#_ftn3\" name=\"_ftnref3\">[3]<\/a><\/p>\n<p>Chile es un claro ejemplo de esta situaci\u00f3n. Posee una de las mayores reservas de agua dulce del mundo, sin contar las de los polos norte y sur, pero sus numerosos glaciares (el 80\u00a0% de los glaciares de Am\u00e9rica del Sur se encuentran en Chile) se est\u00e1n derritiendo r\u00e1pidamente. M\u00e1s de 7\u00a0millones de personas que viven en y alrededor de Santiago, la capital, dependen de los glaciares para la mayor parte de su suministro de agua en tiempos de sequ\u00eda. Sin embargo, la combinaci\u00f3n fatal entre el aumento de las temperaturas, una megasequ\u00eda de 10\u00a0a\u00f1os y una creciente explotaci\u00f3n est\u00e1 resultando letal para la masa de hielo, que, de media, est\u00e1 reduci\u00e9ndose en un metro al a\u00f1o.\u00a0<\/p>\n<p>En menos de dos d\u00e9cadas, algunos glaciares habr\u00e1n desaparecido, y para finales de siglo, el volumen total de los glaciares chilenos se habr\u00e1 reducido a la mitad.<a href=\"#_ftn4\" name=\"_ftnref4\">[4]<\/a><\/p>\n<p>Los huracanes, cuya frecuencia e intensidad est\u00e1n fuertemente vinculadas al cambio clim\u00e1tico<a href=\"#_ftn5\" name=\"_ftnref5\">[5]<\/a>, pondr\u00e1n en peligro el suministro de agua en la regi\u00f3n a\u00fan m\u00e1s. En la historia reciente hay un gran precedente: el hurac\u00e1n Mitch, que en 1998 acab\u00f3 con la vida de 9000 personas en Centroam\u00e9rica y desaloj\u00f3 al 75 % de los hondure\u00f1os.<\/p>\n<p>M\u00e1s al sur, los cambios en el comportamiento de la corriente oce\u00e1nica del Ni\u00f1o podr\u00edan afectar los patrones clim\u00e1ticos y provocar sequ\u00edas a\u00fan m\u00e1s graves para las comunidades.<\/p>\n<p>La ONU informa que desde 2013, la ciudad m\u00e1s grande de Am\u00e9rica del Sur (Sao Paulo, Brasil: 11 millones de habitantes) es v\u00edctima de la sequ\u00eda m\u00e1s severa en 80\u00a0a\u00f1os.<a href=\"#_ftn6\" name=\"_ftnref6\">[6]<\/a><\/p>\n<p>Todos estos cambios y desaf\u00edos tambi\u00e9n deben considerarse en el contexto del aumento de la poblaci\u00f3n. Seg\u00fan estimaciones de la ONU, la poblaci\u00f3n de Am\u00e9rica Latina (incluido el Caribe) aument\u00f3 de 287 a 648 millones entre 1970 y 2019.<a href=\"#_ftn7\" name=\"_ftnref7\">[7]<\/a> Desde 2010, la regi\u00f3n ha experimentado un crecimiento demogr\u00e1fico de alrededor del 10\u00a0%. El WWC se\u00f1ala que <em>\u201cmuchos lagos y cuencas fluviales importantes, tanto de Am\u00e9rica del Norte como del Sur, est\u00e1n sometidos a una gran presi\u00f3n debido al crecimiento de la poblaci\u00f3n y a la escorrent\u00eda agr\u00edcola e industrial acumulada resultante\u201d<\/em>.<a href=\"#_ftn8\" name=\"_ftnref8\">[8]<\/a><\/p>\n<p>Dentro de una generaci\u00f3n, las perspectivas podr\u00edan ser a\u00fan m\u00e1s alarmantes, y el problema no es exclusivo de Am\u00e9rica Latina.<\/p>\n<p>Las estimaciones sugieren que los suministros globales de la cuenca hidrogr\u00e1fica podr\u00edan disminuir en un 10\u00a0% para 2030 y en un 25\u00a0% para 2050.<a href=\"#_ftn9\" name=\"_ftnref9\">[9]<\/a> El uso del agua a nivel mundial ha aumentado aproximadamente un 1\u00a0% cada a\u00f1o durante los \u00faltimos 30 a\u00f1os, con m\u00e1s de dos mil millones de personas que viven en pa\u00edses con una <a href=\"https:\/\/www.alj.com\/en\/spotlight-by-fady-jameel\/troubled-waters-and-the-path-to-success\/\">elevada escasez de agua<\/a>.<a href=\"#_ftn10\" name=\"_ftnref10\">[10]<\/a><\/p>\n<h2>Los desaf\u00edos del agua convergen en una tormenta perfecta<\/h2>\n<p>Aunque se reconoce como un problema regional, las caracter\u00edsticas de los desaf\u00edos h\u00eddricos en Am\u00e9rica Latina var\u00edan de una naci\u00f3n a otra. Est\u00e1n marcados por factores tan diversos como la pol\u00edtica, la econom\u00eda, la topograf\u00eda, la cultura y la historia.<\/p>\n<p>Una vez m\u00e1s, Chile ejemplifica muchas de las dificultades h\u00eddricas a las que se enfrenta Am\u00e9rica del Sur.<\/p>\n<p>Al norte predomina una aridez abrumadora. El desierto de Atacama, de 100\u00a0000 kil\u00f3metros cuadrados, es el lugar m\u00e1s seco de la Tierra.<\/p>\n<p>Al este, las monta\u00f1as de los Andes hacen que las nubes se eleven y se condensen antes de llegar a la cuenca del desierto, mientras que al oeste el Oc\u00e9ano Pac\u00edfico es demasiado fr\u00edo como para permitir que los vientos terrestres acumulen humedad. En consecuencia, por lo general, en Atacama solo se registran lluvias medibles una vez por siglo. La cercana ciudad costera de Antofagasta (350 000 habitantes) tiene una media de precipitaciones de solo 1 mm por a\u00f1o.<a href=\"#_ftn11\" name=\"_ftnref11\">[11]<\/a><\/p>\n<figure id=\"attachment_80063\" aria-describedby=\"caption-attachment-80063\" style=\"width: 2560px\" class=\"wp-caption aligncenter\"><img decoding=\"async\" loading=\"lazy\" class=\"size-full wp-image-80063\" src=\"https:\/\/www.alj.com\/app\/uploads\/2020\/10\/ALJ-Atacama-Desert.jpg\" alt=\"Atacama Desert\" width=\"2560\" height=\"1676\" \/><figcaption id=\"caption-attachment-80063\" class=\"wp-caption-text\">Imagen de sat\u00e9lite que muestra el desierto de Atacama y la Cordillera de los Andes<\/figcaption><\/figure>\n<p>M\u00e1s al sur, el cambio clim\u00e1tico fue declarado culpable de las destructivas lluvias no estacionales en 2017. Las inundaciones resultantes privaron de agua corriente a m\u00e1s de un mill\u00f3n de personas en la capital chilena de Santiago<a href=\"#_ftn12\" name=\"_ftnref12\">[12]<\/a>, que tambi\u00e9n se enfrenta a una severa reducci\u00f3n de los suministros h\u00eddricos en el futuro.<a href=\"#_ftn13\" name=\"_ftnref13\">[13]<\/a><\/p>\n<p>Podr\u00eda decirse que ese diluvio puso fin a la \u201cmegasequ\u00eda\u201d de Chile central, durante la cual la Real Sociedad Meteorol\u00f3gica se\u00f1al\u00f3 que la regi\u00f3n (y sus m\u00e1s de 10\u00a0millones de habitantes) hab\u00edan experimentado \u201cuna secuencia ininterrumpida de a\u00f1os secos desde 2010, con d\u00e9ficits de lluvia medios de un 20-40\u00a0%\u201d.<a href=\"#_ftn14\" name=\"_ftnref14\">[14]<\/a><\/p>\n<p>En este contexto, nos encontramos con otro desaf\u00edo: en algunas partes de Chile m\u00e1s del 80\u00a0% del agua est\u00e1 controlada de manera privada y se destina a la industria y la agricultura. Seg\u00fan la organizaci\u00f3n ben\u00e9fica Latin American Bureau, esto provoca que muchos chilenos se enfrenten a una escasez de agua potable, al mismo tiempo que contamina las fuentes con desechos industriales.<a href=\"#_ftn15\" name=\"_ftnref15\">[15]<\/a><\/p>\n<p>En el mismo a\u00f1o que Santiago fue golpeada por una inesperada inundaci\u00f3n, Bolivia experiment\u00f3 meses de sequ\u00eda que vaciaron los embalses, hicieron necesario que se racionara el agua en las principales ciudades y generaron protestas en las calles. Se declar\u00f3 el estado de emergencia en todo el pa\u00eds, una naci\u00f3n que, seg\u00fan la ONU, ya ha perdido el 40\u00a0% de sus glaciares debido al derretimiento en las \u00faltimas dos d\u00e9cadas. Aunque el cambio clim\u00e1tico sea el principal responsable, las pol\u00edticas gubernamentales compartieron parte de la culpa, debido al enorme aumento de las industrias que consumen mucha agua, como el cultivo de soja, y a la deforestaci\u00f3n intensiva.<a href=\"#_ftn16\" name=\"_ftnref16\">[16]<\/a><\/p>\n<p>En Per\u00fa, grupos ambientalistas de base han acusado a las empresas mineras internacionales de apoderarse de los recursos h\u00eddricos, cortar el suministro a los agricultores y contaminar los r\u00edos.<a href=\"#_ftn17\" name=\"_ftnref17\">[17]<\/a> Los disturbios est\u00e1n creciendo, y en 2016 las huelgas y los enfrentamientos suscitados por las protestas en contra del secuestro de agua hicieron que dos provincias declararan la ley marcial.<a href=\"#_ftn18\" name=\"_ftnref18\">[18]<\/a><\/p>\n<p>En Ecuador ocurre algo parecido, ya que los agricultores est\u00e1n sufriendo a medida que los agronegocios y las empresas mineras se benefician de una ley de 2015, que permite una mayor privatizaci\u00f3n del agua y la explotaci\u00f3n de suministros escasos. La constituci\u00f3n ecuatoriana es muy clara a la hora de consagrar el agua como un derecho humano, pero los agricultores y los ambientalistas se han visto obligados a manifestarse en Quito, la capital, para exigir la igualdad en el acceso. La acad\u00e9mica Manuela Picq ha declarado que el 1\u00a0% m\u00e1s rico de Ecuador controla el 64\u00a0% del agua dulce y afirma que <em>\u201cUna sola mina puede consumir m\u00e1s agua en un d\u00eda que una familia entera en 22 a\u00f1os\u201d.<\/em><a href=\"#_ftn19\" name=\"_ftnref19\">[19]<\/a><\/p>\n<p>Mientras tanto, en Guatemala es cada vez m\u00e1s evidente que la escasez de agua est\u00e1 impulsando la migraci\u00f3n interna. Las comunidades est\u00e1n abandonando \u00e1reas que han quedado secas por culpa de las corporaciones, que absorben recursos de agua dulce y desv\u00edan r\u00edos. A menudo, estas corporaciones son inmunes ante cualquier enjuiciamiento debido a una gobernanza d\u00e9bil. Como dice el exvicepresidente del pa\u00eds, Eduardo Stein, esto es un ejemplo de que el estado trabaja \u201cen favor de los intereses de unos pocos\u201d, lo que causa una ira generalizada.<a href=\"#_ftn20\" name=\"_ftnref20\">[20]<\/a><\/p>\n<h2>Asociaciones, experiencia y pensamiento a largo plazo<\/h2>\n<p>Esta mala gesti\u00f3n de los recursos se pone de relieve en otras partes de Am\u00e9rica Latina, donde las intervenciones para mejorar la distribuci\u00f3n est\u00e1n teniendo impactos tangibles en la vida diaria.<\/p>\n<p>Por ejemplo, en las comunidades de R\u00edo Grande del Sur, en Brasil, se han financiado miles de planes para mejorar la red de abastecimiento de agua potable en zonas rurales que llevaban mucho tiempo desatendidas.<\/p>\n<p>Esto ha beneficiado en particular a las mujeres, que ya no tienen que caminar muchos kil\u00f3metros cada d\u00eda para obtener agua, sino que pueden dedicar m\u00e1s tiempo a la agricultura, lo que tiene unos resultados espectaculares. La participaci\u00f3n de las mujeres ha aumentado los ingresos agr\u00edcolas y la seguridad alimentaria de los hogares, pueblo por pueblo, y ha hecho crecer los ingresos familiares en una media del 30\u00a0%.<a href=\"#_ftn21\" name=\"_ftnref21\"><sup>[21]<\/sup><\/a><\/p>\n<p>Brasil se considera cada vez m\u00e1s un abanderado de las acciones positivas para mejorar el acceso al agua. Al favorecer un enfoque en el que se involucran m\u00faltiples partes interesadas (empresas de suministro, proveedores de energ\u00eda, irrigadores y grupos civiles), se ha consagrado el derecho de todas ellas a participar en las decisiones pol\u00edticas federales y estatales durante m\u00e1s de dos d\u00e9cadas.<\/p>\n<p>De hecho, durante la \u00faltima d\u00e9cada se ha observado un enorme progreso en lo que respecta a la ampliaci\u00f3n del acceso al agua en toda la regi\u00f3n de Am\u00e9rica Latina. El Banco Mundial reconoce que <em>\u201cen los centros urbanos se abastece a 70\u00a0millones de personas m\u00e1s que en el cambio de milenio\u201d<\/em>.<a href=\"#_ftn22\" name=\"_ftnref22\">[22]<\/a><\/p>\n<p>La colaboraci\u00f3n transfronteriza ha sido primordial para muchos avances notables. El Sistema Acu\u00edfero Guaran\u00ed (SAG), una de las mayores reservas de agua subterr\u00e1nea del mundo, contiene unos 37\u00a0000 kil\u00f3metros c\u00fabicos de agua en su \u00e1rea de 1\u00a0190\u00a0000 kil\u00f3metros cuadrados, que abarca Argentina, Brasil, Paraguay y Uruguay. Si hubiesen adoptado una actitud competitiva, esto podr\u00eda haber llevado al agotamiento y la contaminaci\u00f3n de este inestimable recurso. Sin embargo, en 2001 los cuatro pa\u00edses se unieron en un plan de protecci\u00f3n ambiental y desarrollo sostenible para salvaguardar el SAG a largo plazo.<a href=\"#_ftn23\" name=\"_ftnref23\">[23]<\/a><\/p>\n<figure id=\"attachment_80070\" aria-describedby=\"caption-attachment-80070\" style=\"width: 2276px\" class=\"wp-caption aligncenter\"><img decoding=\"async\" loading=\"lazy\" class=\"size-full wp-image-80070\" src=\"https:\/\/www.alj.com\/app\/uploads\/2020\/10\/ALJ-Guarani-Aquifer.jpg\" alt=\"Guarani Aquifer\" width=\"2276\" height=\"2560\" \/><figcaption id=\"caption-attachment-80070\" class=\"wp-caption-text\">Leyenda: El Acu\u00edfero Guaran\u00ed, ubicado debajo de la superficie de Argentina, Brasil, Paraguay y Uruguay, es uno de los sistemas acu\u00edferos m\u00e1s grandes del mundo.<\/figcaption><\/figure>\n<p>Este plan de 26,7 millones USD ha puesto en marcha con \u00e9xito varias pol\u00edticas clave: la recopilaci\u00f3n de conocimientos cient\u00edficos y t\u00e9cnicos del SAG, la mejora de la gesti\u00f3n de las aguas subterr\u00e1neas, el fomento de la participaci\u00f3n p\u00fablica y la comunicaci\u00f3n, as\u00ed como la evaluaci\u00f3n del potencial del SAG para la energ\u00eda geot\u00e9rmica.<\/p>\n<p>Como resultado de esta extraordinaria asociaci\u00f3n internacional, se espera que el SAG contin\u00fae suministrando agua dulce a personas y empresas durante las generaciones venideras y que incluso pueda servir de modelo para otras partes de la regi\u00f3n.<\/p>\n<p>Estas historias de \u00e9xito suponen un gran impulso y abren la puerta para que el sector privado desempe\u00f1e un papel de liderazgo m\u00e1s importante de cara a superar los persistentes desaf\u00edos h\u00eddricos en la regi\u00f3n.<\/p>\n<h2>El contrato demuestra la escalabilidad del modelo de Almar<\/h2>\n<p><a href=\"https:\/\/almarwater.com\">Almar Water Solutions<\/a>, parte de <a href=\"https:\/\/www.alj.com\/en\/energy-and-environmental-services\/energy-overview\/\">Abdul Latif Jameel Energy<\/a>, est\u00e1 a la vanguardia de los esfuerzos para afrontar las adversidades h\u00eddricas en Am\u00e9rica Latina, particularmente en sus \u00e1reas m\u00e1s secas, como Chile.<\/p>\n<p>Almar est\u00e1 ampliando r\u00e1pidamente su presencia en la regi\u00f3n mediante la adquisici\u00f3n de la empresa de tratamiento del agua <a href=\"https:\/\/www.osmoflo.com\/\">Osmoflo SpA<\/a> en 2019. En agosto de 2020, a trav\u00e9s de Osmoflo, Almar obtuvo un contrato de tres a\u00f1os para la operaci\u00f3n y el mantenimiento de los servicios h\u00eddricos de la minera chilena Mantos Copper.<\/p>\n<p>Almar operar\u00e1 una planta de tratamiento del agua para el proyecto Mantos Blancos, que su cliente pondr\u00e1 en marcha en la zona septentrional de Chile, tan solo 45\u00a0kil\u00f3metros al norte de la \u00e1rida Antofagasta. La planta de desalinizaci\u00f3n utilizar\u00e1 la \u00f3smosis inversa para producir agua apta para la actividad minera, lo que tiene la capacidad de generar m\u00e1s empleos y una mayor prosperidad en la regi\u00f3n.<\/p>\n<p><iframe loading=\"lazy\" src=\"\/\/www.youtube.com\/embed\/iexWljHHRKE\" width=\"560\" height=\"314\" allowfullscreen=\"allowfullscreen\"><\/iframe><\/p>\n<figure id=\"attachment_80626\" aria-describedby=\"caption-attachment-80626\" style=\"width: 180px\" class=\"wp-caption alignright\"><img decoding=\"async\" loading=\"lazy\" class=\" wp-image-80626\" src=\"https:\/\/www.alj.com\/app\/uploads\/2020\/10\/Carlos_Print-247x300.jpg\" alt=\"Carlos Cosin, Almar Water Solutions\" width=\"180\" height=\"219\" srcset=\"https:\/\/media.alj.com\/app\/uploads\/2020\/10\/Carlos_Print-247x300.jpg 247w, https:\/\/media.alj.com\/app\/uploads\/2020\/10\/Carlos_Print-842x1024.jpg 842w, https:\/\/media.alj.com\/app\/uploads\/2020\/10\/Carlos_Print-123x150.jpg 123w, https:\/\/media.alj.com\/app\/uploads\/2020\/10\/Carlos_Print-768x934.jpg 768w, https:\/\/media.alj.com\/app\/uploads\/2020\/10\/Carlos_Print-1263x1536.jpg 1263w, https:\/\/media.alj.com\/app\/uploads\/2020\/10\/Carlos_Print-1684x2048.jpg 1684w\" sizes=\"(max-width: 180px) 100vw, 180px\" \/><figcaption id=\"caption-attachment-80626\" class=\"wp-caption-text\">Carlos Cosin<br \/>\nDirector ejecutivo (CEO)<br \/>\nAlmar Water Solutions<\/figcaption><\/figure>\n<p>La compra de Osmoflo SpA por parte de Almar marc\u00f3 la primera gran incursi\u00f3n de la empresa en el mercado de los servicios h\u00eddricos de Am\u00e9rica Latina y ofrece un nuevo potencial para resolver los desaf\u00edos h\u00eddricos m\u00e1s urgentes en la regi\u00f3n. Junto con los contratos de operaci\u00f3n y mantenimiento, se proporciona una flota de unidades m\u00f3viles de tratamiento del agua con m\u00faltiples capacidades que brindan a los clientes soluciones de purificaci\u00f3n a corto plazo o de emergencia.<\/p>\n<p><em>\u201cAlmar puede utilizar esta experiencia en Chile como trampol\u00edn para otros proyectos en Am\u00e9rica Latina\u201d,<\/em> dice Carlos Cosin, director ejecutivo de Almar Water Solutions. <em>\u201cDe hecho, pronto se anunciar\u00e1 un nuevo contrato, que duplica de manera efectiva el tama\u00f1o y el valor de nuestra adquisici\u00f3n. Este acuerdo, que complementa nuestra cartera de desalinizaci\u00f3n, tratamiento de agua potable, purificaci\u00f3n de aguas residuales y operaciones con aguas industriales, demuestra nuestros ambiciosos planes para el futuro\u201d.<\/em><\/p>\n<h2>Un problema mundial que exige una respuesta visionaria<\/h2>\n<p>Para conseguir grandes cosas y lograr un cambio real hay que apuntar alto.<\/p>\n<p>Si podemos mejorar la estrategia h\u00eddrica de un pa\u00eds con retos tan complejos como los de Chile, podemos abordar los desaf\u00edos h\u00eddricos de toda Am\u00e9rica Latina. Y si somos capaces de compensar los obst\u00e1culos ambientales, t\u00e9cnicos e hist\u00f3ricos relacionados con el agua en Am\u00e9rica Latina, podremos ampliar nuestra presencia en otros mercados emergentes con necesidades igualmente urgentes.<\/p>\n<p>En este sentido, desde su fundaci\u00f3n Almar tambi\u00e9n ha combatido la escasez de agua y la contaminaci\u00f3n en Oriente Medio y \u00c1frica.<\/p>\n<p>A finales de 2018 alcanz\u00f3 un acuerdo para producir la primera <a href=\"https:\/\/www.alj.com\/en\/news\/solving-water-crisis-1m-people-almar-water-solutions-build-kenyas-first-large-scale-desalination-plant\/\">planta de desalinizaci\u00f3n<\/a> en Kenia, que suministra 100\u00a0000 metros c\u00fabicos de agua potable a m\u00e1s de un mill\u00f3n de personas en Mombasa.<\/p>\n<p>En enero de 2019 consigui\u00f3 un contrato en Arabia Saud\u00ed para desarrollar la <a href=\"https:\/\/alj.com\/en\/news\/almar-water-solutions-invest-us-600m-supply-1-8m-people-saudi-arabia-desalinated-water\/\">planta de agua independiente (IWP) Shuqaiq 3<\/a>, cerca de la ciudad de Al Shuqaiq, a orillas del Mar Rojo. Shuqaiq 3 tendr\u00e1 un coste de 600\u00a0millones de d\u00f3lares y se convertir\u00e1 en una de las mayores plantas de desalinizaci\u00f3n, capaz de suministrar 450\u00a0000 metros c\u00fabicos de agua potable cada d\u00eda a m\u00e1s de 1,8\u00a0millones de personas y de crear 700\u00a0puestos de trabajo asociados.<\/p>\n<p>M\u00e1s adelante, en mayo de 2019, Almar adquiri\u00f3 una participaci\u00f3n importante en la <a href=\"https:\/\/www.almarwater.com\/es\/2019\/05\/09\/almar-water-solutions-to-acquire-mubadala-infrastructure-partners-investment-in-muharraq-sewage-treatment-plant-in-bahrain\/#_ftn1\">planta de Muharraq<\/a> en Bar\u00e9in, con un contrato a 29\u00a0a\u00f1os para operar la planta de tratamiento de aguas residuales y el sistema de alcantarillado con una capacidad de 100\u00a0000 metros c\u00fabicos\/d\u00eda. El sistema de canalizaci\u00f3n incluye el primer colector de gravedad principal a 16,5\u00a0km de profundidad en la regi\u00f3n del Golfo, as\u00ed como una red de recolecci\u00f3n de aguas residuales.<\/p>\n<p>M\u00e1s recientemente, Almar Water estableci\u00f3 una <a href=\"https:\/\/www.alj.com\/en\/news\/abdul-latif-jameel-energy-expands-role-in-middle-east-water-sector\/\">agrupaci\u00f3n empresarial<\/a> en Egipto con Hassan Allam Utilities para formar AA Water Developments y ayudar a revitalizar la infraestructura h\u00eddrica del pa\u00eds. Esto condujo a la adquisici\u00f3n de Ridgewood Group, una importante empresa de servicios de desalinizaci\u00f3n egipcia. Ridgewood opera 58\u00a0plantas de desalinizaci\u00f3n en todo el pa\u00eds, centr\u00e1ndose en la industria y el turismo, sectores cr\u00edticos para la econom\u00eda de Egipto. Esta red tiene capacidad para suministrar 82\u00a0440 metros c\u00fabicos de agua potable limpia y segura cada d\u00eda. La adquisici\u00f3n contin\u00faa la estrategia de Almar de ampliar su cartera r\u00e1pidamente con proyectos totalmente nuevos (greenfield) en instalaciones de desalinizaci\u00f3n, plantas de tratamiento de agua y otras infraestructuras h\u00eddricas existentes que ya est\u00e1n operativas (brownfield), con el objetivo de impulsar la eficiencia y el crecimiento en el acceso a soluciones de agua sostenibles.<\/p>\n<p><iframe loading=\"lazy\" src=\"\/\/www.youtube.com\/embed\/7I-WKdxIMRg\" width=\"560\" height=\"314\" allowfullscreen=\"allowfullscreen\"><\/iframe><\/p>\n<p>Estas innovadoras colaboraciones, junto con el r\u00e1pido desarrollo de las operaciones en Chile, demuestran el profundo compromiso de Almar para asegurar que las generaciones futuras vivan en un \u201cmundo h\u00eddrico\u201d m\u00e1s equitativo. Un mundo en el que todos, ya sean hogares particulares, explotaciones agr\u00edcolas o plantas industriales, tengan acceso a los recursos sostenibles necesarios para mejorar su calidad de vida.<\/p>\n<figure id=\"attachment_79729\" aria-describedby=\"caption-attachment-79729\" style=\"width: 300px\" class=\"wp-caption alignright\"><img decoding=\"async\" loading=\"lazy\" class=\"size-medium wp-image-79729\" src=\"https:\/\/www.alj.com\/app\/uploads\/2020\/10\/Fady-Jameel-300x225.jpg\" alt=\"Fady Jameel, Deputy President and Vice Chairman, Abdul Latif Jam\" width=\"300\" height=\"225\" srcset=\"https:\/\/media.alj.com\/app\/uploads\/2020\/10\/Fady-Jameel-300x225.jpg 300w, https:\/\/media.alj.com\/app\/uploads\/2020\/10\/Fady-Jameel-1024x768.jpg 1024w, https:\/\/media.alj.com\/app\/uploads\/2020\/10\/Fady-Jameel-150x112.jpg 150w, https:\/\/media.alj.com\/app\/uploads\/2020\/10\/Fady-Jameel-768x576.jpg 768w, https:\/\/media.alj.com\/app\/uploads\/2020\/10\/Fady-Jameel-1536x1151.jpg 1536w, https:\/\/media.alj.com\/app\/uploads\/2020\/10\/Fady-Jameel-2048x1535.jpg 2048w\" sizes=\"(max-width: 300px) 100vw, 300px\" \/><figcaption id=\"caption-attachment-79729\" class=\"wp-caption-text\">Fady Jameel<br \/>\nPresidente adjunto y vicepresidente<br \/>\nAbdul Latif Jameel<\/figcaption><\/figure>\n<p><em>\u201cEs ir\u00f3nico que, en nuestro planeta, que cuenta con enormes recursos h\u00eddricos, como los oc\u00e9anos y los casquetes polares, solo est\u00e9 disponible una peque\u00f1a fracci\u00f3n para sustentarnos y que una gran parte de los habitantes carezca de agua suficiente para vivir, en gran parte debido a nuestra propia mala gesti\u00f3n de los recursos\u201d,<\/em> coment\u00f3 Fady Jameel, vicepresidente de Abdul Latif Jameel.<\/p>\n<p><em>\u201cEst\u00e1 claro que para abordar este problema se necesita actuar r\u00e1pido, cuanto antes mejor, y establecer un enfoque meditado y coherente entre las empresas y los gobiernos\u201d.<\/em><\/p>\n<p>&nbsp;<\/p>\n<p>&nbsp;<\/p>\n<p><a href=\"#_ftnref1\" name=\"_ftn1\">[1]<\/a> <a href=\"https:\/\/www.worldbank.org\/en\/news\/feature\/2015\/03\/20\/america-latina-tener-abundantes-fuentes-de-agua-no-es-suficiente-para-calmar-su-sed\">https:\/\/www.worldbank.org\/en\/news\/feature\/2015\/03\/20\/america-latina-tener-abundantes-fuentes-de-agua-no-es-suficiente-para-calmar-su-sed<\/a><\/p>\n<p><a href=\"#_ftnref2\" name=\"_ftn2\">[2]<\/a> <a href=\"https:\/\/www.worldwatercouncil.org\/fileadmin\/wwc\/News\/WWC_News\/water_problems_22.03.04.pdf\">https:\/\/www.worldwatercouncil.org\/fileadmin\/wwc\/News\/WWC_News\/water_problems_22.03.04.pdf<\/a><\/p>\n<p><a href=\"#_ftnref3\" name=\"_ftn3\">[3]<\/a> <a href=\"https:\/\/www.worldbank.org\/en\/news\/feature\/2015\/03\/20\/america-latina-tener-abundantes-fuentes-de-agua-no-es-suficiente-para-calmar-su-sed\">https:\/\/www.worldbank.org\/en\/news\/feature\/2015\/03\/20\/america-latina-tener-abundantes-fuentes-de-agua-no-es-suficiente-para-calmar-su-sed<\/a><\/p>\n<p><a href=\"#_ftnref4\" name=\"_ftn4\">[4]<\/a> <a href=\"https:\/\/www.bloomberg.com\/news\/features\/2019-08-14\/south-america-s-glaciers-may-have-a-bigger-problem-than-climate-change\">https:\/\/www.bloomberg.com\/news\/features\/2019-08-14\/south-america-s-glaciers-may-have-a-bigger-problem-than-climate-change<\/a><\/p>\n<p><a href=\"#_ftnref5\" name=\"_ftn5\">[5]<\/a> <a href=\"https:\/\/www.pnas.org\/content\/117\/22\/11975\">https:\/\/www.pnas.org\/content\/117\/22\/11975<\/a><\/p>\n<p><a href=\"#_ftnref6\" name=\"_ftn6\">[6]<\/a> <a href=\"https:\/\/www.worldbank.org\/en\/news\/feature\/2015\/01\/06\/36-millones-latinoamericanos-acceso-agua-potable-brasil\">https:\/\/www.worldbank.org\/en\/news\/feature\/2015\/01\/06\/36-millones-latinoamericanos-acceso-agua-potable-brasil<\/a><\/p>\n<p><a href=\"#_ftnref7\" name=\"_ftn7\">[7]<\/a> <a href=\"https:\/\/population.un.org\/wpp\/Download\/Files\/1_Indicators%20(Standard)\/EXCEL_FILES\/1_Population\/WPP2019_POP_F01_1_TOTAL_POPULATION_BOTH_SEXES.xlsx\">https:\/\/population.un.org\/wpp\/Download\/Files\/1_Indicators%20(Standard)\/EXCEL_FILES\/1_Population\/WPP2019_POP_F01_1_TOTAL_POPULATION_BOTH_SEXES.xlsx<\/a><\/p>\n<p><a href=\"#_ftnref8\" name=\"_ftn8\">[8]<\/a> <a href=\"https:\/\/www.worldwatercouncil.org\/fileadmin\/wwc\/News\/WWC_News\/water_problems_22.03.04.pdf\">https:\/\/www.worldwatercouncil.org\/fileadmin\/wwc\/News\/WWC_News\/water_problems_22.03.04.pdf<\/a><\/p>\n<p><a href=\"#_ftnref9\" name=\"_ftn9\">[9]<\/a> <a href=\"https:\/\/www.mckinsey.com\/business-functions\/sustainability\/our-insights\/water-a-human-and-business-priority?cid=eml-web\">https:\/\/www.mckinsey.com\/business-functions\/sustainability\/our-insights\/water-a-human-and-business-priority?cid=eml-web<\/a><\/p>\n<p><a href=\"#_ftnref10\" name=\"_ftn10\">[10]<\/a> <a href=\"https:\/\/unesdoc.unesco.org\/ark:\/48223\/pf0000367276\/PDF\/367276eng.pdf.multi\">https:\/\/unesdoc.unesco.org\/ark:\/48223\/pf0000367276\/PDF\/367276eng.pdf.multi<\/a><\/p>\n<p><a href=\"#_ftnref11\" name=\"_ftn11\">[11]<\/a> <a href=\"https:\/\/en.climate-data.org\/south-america\/chile\/ii-region-de-antofagasta\/antofagasta-2064\/\">https:\/\/en.climate-data.org\/south-america\/chile\/ii-region-de-antofagasta\/antofagasta-2064\/<\/a><\/p>\n<p><a href=\"#_ftnref12\" name=\"_ftn12\">[12]<\/a> <a href=\"https:\/\/www.theguardian.com\/world\/2017\/feb\/27\/chile-floods-millions-of-people-without-water-in-santiago\">https:\/\/www.theguardian.com\/world\/2017\/feb\/27\/chile-floods-millions-of-people-without-water-in-santiago<\/a><\/p>\n<p><a href=\"#_ftnref13\" name=\"_ftn13\">[13]<\/a> <a href=\"https:\/\/www.theguardian.com\/global-development-professionals-network\/2017\/mar\/01\/water-scarcity-latin-america-political-instability\">https:\/\/www.theguardian.com\/global-development-professionals-network\/2017\/mar\/01\/water-scarcity-latin-america-political-instability<\/a><\/p>\n<p><a href=\"#_ftnref14\" name=\"_ftn14\">[14]<\/a> <a href=\"https:\/\/rmets.onlinelibrary.wiley.com\/doi\/full\/10.1002\/joc.6219\">https:\/\/rmets.onlinelibrary.wiley.com\/doi\/full\/10.1002\/joc.6219<\/a><\/p>\n<p><a href=\"#_ftnref15\" name=\"_ftn15\">[15]<\/a><a href=\"https:\/\/lab.org.uk\/chiles-water-crisis\/#:~:text=Water%20is%20unevenly%20distributed%20throughout,government%20is%20refusing%20to%20address.\"> https:\/\/lab.org.uk\/chiles-water-crisis\/#:~:text=Water%20is%20unevenly%20distributed%20throughout,government%20is%20refusing%20to%20address.<\/a><\/p>\n<p><a href=\"#_ftnref16\" name=\"_ftn16\">[16]<\/a> <a href=\"https:\/\/amp.theguardian.com\/global-development-professionals-network\/2017\/mar\/01\/water-scarcity-latin-america-political-instability\">https:\/\/amp.theguardian.com\/global-development-professionals-network\/2017\/mar\/01\/water-scarcity-latin-america-political-instability<\/a><\/p>\n<p><a href=\"#_ftnref17\" name=\"_ftn17\">[17]<\/a> <a href=\"https:\/\/www.pri.org\/stories\/2017-01-04\/la-paz-short-water-bolivia-s-suffers-its-worst-drought-25-years\">https:\/\/www.pri.org\/stories\/2017-01-04\/la-paz-short-water-bolivia-s-suffers-its-worst-drought-25-years<\/a><\/p>\n<p><a href=\"#_ftnref18\" name=\"_ftn18\">[18]<\/a> <a href=\"https:\/\/perureports.com\/chimbote-state-emergency\/4384\/\">https:\/\/perureports.com\/chimbote-state-emergency\/4384\/<\/a><\/p>\n<p><a href=\"#_ftnref19\" name=\"_ftn19\">[19]<\/a> <a href=\"https:\/\/amp.theguardian.com\/global-development-professionals-network\/2017\/mar\/01\/water-scarcity-latin-america-political-instability\">https:\/\/amp.theguardian.com\/global-development-professionals-network\/2017\/mar\/01\/water-scarcity-latin-america-political-instability<\/a><\/p>\n<p><a href=\"#_ftnref20\" name=\"_ftn20\">[20]<\/a> <a href=\"https:\/\/amp.theguardian.com\/global-development-professionals-network\/2017\/mar\/01\/water-scarcity-latin-america-political-instability\">https:\/\/amp.theguardian.com\/global-development-professionals-network\/2017\/mar\/01\/water-scarcity-latin-america-political-instability<\/a><\/p>\n<p><a href=\"#_ftnref21\" name=\"_ftn21\">[21]<\/a> <a href=\"https:\/\/www.worldbank.org\/en\/news\/feature\/2012\/08\/28\/investimentos-agua-nordeste-mulheres\">https:\/\/www.worldbank.org\/en\/news\/feature\/2012\/08\/28\/investimentos-agua-nordeste-mulheres<\/a><\/p>\n<p><a href=\"#_ftnref22\" name=\"_ftn22\">[22]<\/a> <a href=\"https:\/\/www.worldbank.org\/en\/news\/feature\/2013\/03\/22\/world-water-day-latin-america-achievements-challenges\">https:\/\/www.worldbank.org\/en\/news\/feature\/2013\/03\/22\/world-water-day-latin-america-achievements-challenges<\/a><\/p>\n<p><a href=\"#_ftnref23\" name=\"_ftn23\">[23]<\/a> <a href=\"https:\/\/www.caf.com\/media\/8257\/water_agenda_south_america-caf.pdf\">https:\/\/www.caf.com\/media\/8257\/water_agenda_south_america-caf.pdf<\/a>\u00a0<\/p>\n","protected":false},"author":18,"featured_media":79736,"template":"","tags":[322,353,354],"acf":[],"yoast_head":"<!-- This site is optimized with the Yoast SEO plugin v21.5 - https:\/\/yoast.com\/wordpress\/plugins\/seo\/ -->\n<title>Los desaf\u00edos del agua en Am\u00e9rica Latina | Abdul Latif Jameel\u00ae<\/title>\n<meta name=\"description\" content=\"Am\u00e9rica Latina cae en una sombr\u00eda iron\u00eda: es una regi\u00f3n con abundantes fuentes de agua y una poblaci\u00f3n de unos 36 millones de personas sin acceso al agua potable.\" \/>\n<meta name=\"robots\" content=\"index, follow, max-snippet:-1, max-image-preview:large, max-video-preview:-1\" \/>\n<link rel=\"canonical\" href=\"https:\/\/alj.com\/es\/perspective\/un-torrente-de-problemas-los-desafios-hidricos-en-america-latina\/\" \/>\n<meta property=\"og:locale\" content=\"es_ES\" \/>\n<meta property=\"og:type\" content=\"article\" \/>\n<meta property=\"og:title\" content=\"Los desaf\u00edos del agua en Am\u00e9rica Latina | Abdul Latif Jameel\u00ae\" \/>\n<meta property=\"og:description\" content=\"Am\u00e9rica Latina cae en una sombr\u00eda iron\u00eda: es una regi\u00f3n con abundantes fuentes de agua y una poblaci\u00f3n de unos 36 millones de personas sin acceso al agua potable.\" \/>\n<meta property=\"og:url\" content=\"https:\/\/alj.com\/es\/perspective\/un-torrente-de-problemas-los-desafios-hidricos-en-america-latina\/\" \/>\n<meta property=\"og:site_name\" content=\"Abdul Latif Jameel\" \/>\n<meta property=\"article:publisher\" content=\"https:\/\/www.facebook.com\/Abdul.Latif.Jameel.Official\" \/>\n<meta property=\"article:modified_time\" content=\"2020-11-25T09:57:32+00:00\" \/>\n<meta property=\"og:image\" content=\"https:\/\/media.alj.com\/app\/uploads\/2020\/10\/Latin-America-Water-Challenges-1024x683.jpg\" \/>\n\t<meta property=\"og:image:width\" content=\"1024\" \/>\n\t<meta property=\"og:image:height\" content=\"683\" \/>\n\t<meta property=\"og:image:type\" content=\"image\/jpeg\" \/>\n<meta name=\"twitter:card\" content=\"summary_large_image\" \/>\n<meta name=\"twitter:label1\" content=\"Est. reading time\" \/>\n\t<meta name=\"twitter:data1\" content=\"18 minutes\" \/>\n<script type=\"application\/ld+json\" class=\"yoast-schema-graph\">{\"@context\":\"https:\/\/schema.org\",\"@graph\":[{\"@type\":\"WebPage\",\"@id\":\"https:\/\/alj.com\/es\/perspective\/un-torrente-de-problemas-los-desafios-hidricos-en-america-latina\/\",\"url\":\"https:\/\/alj.com\/es\/perspective\/un-torrente-de-problemas-los-desafios-hidricos-en-america-latina\/\",\"name\":\"Los desaf\u00edos del agua en Am\u00e9rica Latina | Abdul Latif Jameel\u00ae\",\"isPartOf\":{\"@id\":\"https:\/\/alj.com\/en\/#website\"},\"datePublished\":\"2020-10-26T05:45:59+00:00\",\"dateModified\":\"2020-11-25T09:57:32+00:00\",\"description\":\"Am\u00e9rica Latina cae en una sombr\u00eda iron\u00eda: es una regi\u00f3n con abundantes fuentes de agua y una poblaci\u00f3n de unos 36 millones de personas sin acceso al agua potable.\",\"breadcrumb\":{\"@id\":\"https:\/\/alj.com\/es\/perspective\/un-torrente-de-problemas-los-desafios-hidricos-en-america-latina\/#breadcrumb\"},\"inLanguage\":\"es-ES\",\"potentialAction\":[{\"@type\":\"ReadAction\",\"target\":[\"https:\/\/alj.com\/es\/perspective\/un-torrente-de-problemas-los-desafios-hidricos-en-america-latina\/\"]}]},{\"@type\":\"BreadcrumbList\",\"@id\":\"https:\/\/alj.com\/es\/perspective\/un-torrente-de-problemas-los-desafios-hidricos-en-america-latina\/#breadcrumb\",\"itemListElement\":[{\"@type\":\"ListItem\",\"position\":1,\"name\":\"Home\",\"item\":\"https:\/\/alj.com\/es\/\"},{\"@type\":\"ListItem\",\"position\":2,\"name\":\"Perspectives\",\"item\":\"https:\/\/alj.com\/ja\/perspective\/\"},{\"@type\":\"ListItem\",\"position\":3,\"name\":\"Un torrente de problemas: los desaf\u00edos h\u00eddricos en Am\u00e9rica Latina\"}]},{\"@type\":\"WebSite\",\"@id\":\"https:\/\/alj.com\/en\/#website\",\"url\":\"https:\/\/alj.com\/en\/\",\"name\":\"Abdul Latif Jameel\",\"description\":\"Abdul Latif Jameel\",\"potentialAction\":[{\"@type\":\"SearchAction\",\"target\":{\"@type\":\"EntryPoint\",\"urlTemplate\":\"https:\/\/alj.com\/en\/?s={search_term_string}\"},\"query-input\":\"required name=search_term_string\"}],\"inLanguage\":\"es-ES\"}]}<\/script>\n<!-- \/ Yoast SEO plugin. -->","yoast_head_json":{"title":"Los desaf\u00edos del agua en Am\u00e9rica Latina | Abdul Latif Jameel\u00ae","description":"Am\u00e9rica Latina cae en una sombr\u00eda iron\u00eda: es una regi\u00f3n con abundantes fuentes de agua y una poblaci\u00f3n de unos 36 millones de personas sin acceso al agua potable.","robots":{"index":"index","follow":"follow","max-snippet":"max-snippet:-1","max-image-preview":"max-image-preview:large","max-video-preview":"max-video-preview:-1"},"canonical":"https:\/\/alj.com\/es\/perspective\/un-torrente-de-problemas-los-desafios-hidricos-en-america-latina\/","og_locale":"es_ES","og_type":"article","og_title":"Los desaf\u00edos del agua en Am\u00e9rica Latina | Abdul Latif Jameel\u00ae","og_description":"Am\u00e9rica Latina cae en una sombr\u00eda iron\u00eda: es una regi\u00f3n con abundantes fuentes de agua y una poblaci\u00f3n de unos 36 millones de personas sin acceso al agua potable.","og_url":"https:\/\/alj.com\/es\/perspective\/un-torrente-de-problemas-los-desafios-hidricos-en-america-latina\/","og_site_name":"Abdul Latif Jameel","article_publisher":"https:\/\/www.facebook.com\/Abdul.Latif.Jameel.Official","article_modified_time":"2020-11-25T09:57:32+00:00","og_image":[{"width":1024,"height":683,"url":"https:\/\/media.alj.com\/app\/uploads\/2020\/10\/Latin-America-Water-Challenges-1024x683.jpg","type":"image\/jpeg"}],"twitter_card":"summary_large_image","twitter_misc":{"Est. reading time":"18 minutes"},"schema":{"@context":"https:\/\/schema.org","@graph":[{"@type":"WebPage","@id":"https:\/\/alj.com\/es\/perspective\/un-torrente-de-problemas-los-desafios-hidricos-en-america-latina\/","url":"https:\/\/alj.com\/es\/perspective\/un-torrente-de-problemas-los-desafios-hidricos-en-america-latina\/","name":"Los desaf\u00edos del agua en Am\u00e9rica Latina | Abdul Latif Jameel\u00ae","isPartOf":{"@id":"https:\/\/alj.com\/en\/#website"},"datePublished":"2020-10-26T05:45:59+00:00","dateModified":"2020-11-25T09:57:32+00:00","description":"Am\u00e9rica Latina cae en una sombr\u00eda iron\u00eda: es una regi\u00f3n con abundantes fuentes de agua y una poblaci\u00f3n de unos 36 millones de personas sin acceso al agua potable.","breadcrumb":{"@id":"https:\/\/alj.com\/es\/perspective\/un-torrente-de-problemas-los-desafios-hidricos-en-america-latina\/#breadcrumb"},"inLanguage":"es-ES","potentialAction":[{"@type":"ReadAction","target":["https:\/\/alj.com\/es\/perspective\/un-torrente-de-problemas-los-desafios-hidricos-en-america-latina\/"]}]},{"@type":"BreadcrumbList","@id":"https:\/\/alj.com\/es\/perspective\/un-torrente-de-problemas-los-desafios-hidricos-en-america-latina\/#breadcrumb","itemListElement":[{"@type":"ListItem","position":1,"name":"Home","item":"https:\/\/alj.com\/es\/"},{"@type":"ListItem","position":2,"name":"Perspectives","item":"https:\/\/alj.com\/ja\/perspective\/"},{"@type":"ListItem","position":3,"name":"Un torrente de problemas: los desaf\u00edos h\u00eddricos en Am\u00e9rica Latina"}]},{"@type":"WebSite","@id":"https:\/\/alj.com\/en\/#website","url":"https:\/\/alj.com\/en\/","name":"Abdul Latif Jameel","description":"Abdul Latif Jameel","potentialAction":[{"@type":"SearchAction","target":{"@type":"EntryPoint","urlTemplate":"https:\/\/alj.com\/en\/?s={search_term_string}"},"query-input":"required name=search_term_string"}],"inLanguage":"es-ES"}]}},"post-meta-fields":{"_alp_processed":["1603614437"],"_wpml_word_count":["{\"total\":2661,\"to_translate\":{\"ar\":2661,\"zh-hans\":2661,\"fr\":2661,\"ja\":2661,\"es\":2661,\"tr\":2661}}"],"push_notification":["no"],"_push_notification":["field_5c3b1fb67034d"],"_wpml_media_featured":["1"],"_wpml_media_duplicate":["1"],"wpcf-featured-news":["0"],"is_latest_news":["0"],"wpcf-show-news-at-homepage":["1"],"publish_mobile":[""],"_publish_mobile":["field_5bfa8eb2e65cf"],"mobile_featured_image":["https:\/\/media.alj.com\/app\/uploads\/2020\/10\/Latin-America-Water-Challenges-scaled.jpg"],"_mobile_featured_image":["field_5c3b204983dea"],"_wpcf-card-image-sort-order":["a:1:{i:0;i:877188;}"],"_bsf_post_type":["0"],"_bsf_item_review_type":["none"],"_yoast_wpseo_content_score":["30"],"post_views_count_2020Oct":["17"],"perspective_short_title":["Desaf\u00edos h\u00eddricos en Am\u00e9rica Latina"],"perspective_summury":["<p>Am\u00e9rica Latina es un continente con abundantes fuentes de agua, pero tambi\u00e9n es una regi\u00f3n donde alrededor de 36\u00a0millones de personas carecen de acceso a agua potable.<\/p>\n"],"perspective_location":["Dubai, Emiratos \u00c1rabes Unidos"],"_thumbnail_id":["79736"],"_last_translation_edit_mode":["native-editor"],"_yoast_wpseo_title":["Los desaf\u00edos del agua en Am\u00e9rica Latina | Abdul Latif Jameel\u00ae"],"_yoast_wpseo_metadesc":["Am\u00e9rica Latina cae en una sombr\u00eda iron\u00eda: es una regi\u00f3n con abundantes fuentes de agua y una poblaci\u00f3n de unos 36 millones de personas sin acceso al agua potable."],"post_views_count_2020Nov":["28"],"perspective_business_sector":["Agua y Soluciones Medioambientales","Energ\u00eda y Servicios Medioambientales"],"wpcf-perspective-published-date":["1603670400"],"wpcf-card-image":[""],"post_views_count_2020Dec":["14"],"post_views_count_2021Jan":["22"],"post_views_count_2021Feb":["27"],"post_views_count_2021Mar":["35"],"post_views_count_2021Apr":["24"],"post_views_count_2021May":["17"],"post_views_count_2021Jun":["2"],"post_views_count_2021Jul":["14"],"post_views_total_count":["14"]},"_links":{"self":[{"href":"https:\/\/alj.com\/es\/wp-json\/wp\/v2\/perspective\/80303"}],"collection":[{"href":"https:\/\/alj.com\/es\/wp-json\/wp\/v2\/perspective"}],"about":[{"href":"https:\/\/alj.com\/es\/wp-json\/wp\/v2\/types\/perspective"}],"author":[{"embeddable":true,"href":"https:\/\/alj.com\/es\/wp-json\/wp\/v2\/users\/18"}],"wp:featuredmedia":[{"embeddable":true,"href":"https:\/\/alj.com\/es\/wp-json\/wp\/v2\/media\/79736"}],"wp:attachment":[{"href":"https:\/\/alj.com\/es\/wp-json\/wp\/v2\/media?parent=80303"}],"wp:term":[{"taxonomy":"post_tag","embeddable":true,"href":"https:\/\/alj.com\/es\/wp-json\/wp\/v2\/tags?post=80303"}],"curies":[{"name":"wp","href":"https:\/\/api.w.org\/{rel}","templated":true}]}}