{"id":88948,"date":"2021-06-06T12:30:50","date_gmt":"2021-06-06T12:30:50","guid":{"rendered":"https:\/\/www.alj.com\/?post_type=perspective&#038;p=88948"},"modified":"2021-08-31T08:35:36","modified_gmt":"2021-08-31T08:35:36","slug":"de-camino-al-2030-unidos-para-progresar","status":"publish","type":"perspective","link":"https:\/\/alj.com\/es\/perspective\/de-camino-al-2030-unidos-para-progresar\/","title":{"rendered":"De camino al 2030:  unidos para progresar"},"content":{"rendered":"<h4>C\u00f3mo la familia Jameel apoya la visi\u00f3n compartida de las Naciones Unidas<\/h4>\n<p>Cuando las Naciones Unidas (<a href=\"https:\/\/www.un.org\/en\/\">ONU<\/a>) se fundaron en Nueva York en 1945 fue un potente s\u00edmbolo de una nueva era. Una era de cooperaci\u00f3n y optimismo en la instituciones, comunidades y empresas se sacudir\u00edan las cenizas de la guerra y trabajar\u00edan juntos para promover la paz, la asociaci\u00f3n y el progreso.<\/p>\n<blockquote>\n<p>\u201c<em>\u00a1Si el viento sopla, aprov\u00e9chalo!<\/em>\u00a0era el proverbio \u00e1rabe favorito de mi padre\u201d.<\/p>\n<p>Mohammed Jameel KBE<br \/>\nPresidente y director ejecutivo<br \/>\nAbdul Latif Jameel<\/p>\n<\/blockquote>\n<p>Ese mismo a\u00f1o, en Arabia Saud\u00ed, a m\u00e1s de 10\u00a0000\u00a0km de distancia, un joven emprendedor llamado Abdul Latif Jameel vio la oportunidad de aprovechar esos vientos de cambio, no solo para fundar un negocio, sino tambi\u00e9n para contribuir al desarrollo de las comunidades y la sociedad de su tierra natal, donde operaba<\/p>\n<p>Esta filosof\u00eda <a href=\"https:\/\/jameel75.com\/en\/journey\/\">lleva 75\u00a0a\u00f1os<\/a> siendo una gu\u00eda y una fuerza impulsora para la familia Jameel, Una visi\u00f3n que desaf\u00eda lo que es posible, con la ambici\u00f3n de aprovechar el potencial de personas, negocios y comunidades a escala global.<\/p>\n<p>Ya hace tiempo que se reconoce la necesidad de que los gobiernos y el comercio contribuyan materialmente para avanzar en la calidad, los est\u00e1ndares, los derechos y las libertades de nuestra sociedad global moderna. En la <a href=\"https:\/\/sustainabledevelopment.un.org\/milestones\/unced\">Cumbre de la Tierra<\/a>, de la ONU, que se celebr\u00f3 en junio de 1992 en R\u00edo de Janeiro (Brasil), m\u00e1s de 178\u00a0pa\u00edses adoptaron lo que entonces era la <a href=\"https:\/\/sustainabledevelopment.un.org\/outcomedocuments\/agenda21\">Agenda 21<\/a>, un plan para colaborar en pro del desarrollo sostenible a escala global con el fin de mejorar nuestras vidas y proteger el planeta.<\/p>\n<p>A esto le siguieron varios acuerdos multilaterales adicionales. Entre ellos destacan la Declaraci\u00f3n del Milenio (<a href=\"http:\/\/www.un.org\/en\/events\/pastevents\/millennium_summit.shtml\">Cumbre del Milenio<\/a>, septiembre de 2000), que estableci\u00f3 ocho <a href=\"http:\/\/www.un.org\/millenniumgoals\/\">Objetivos de Desarrollo del Milenio (ODM)<\/a> para reducir la pobreza extrema hasta 2015. Estos compromisos se reiteraron en la Declaraci\u00f3n de Johannesburgo, adoptada en la <a href=\"https:\/\/sustainabledevelopment.un.org\/milesstones\/wssd\">Cumbre Mundial sobre el Desarrollo Sostenible<\/a> que se celebr\u00f3 en Sud\u00e1frica en 2002. La <a href=\"https:\/\/sustainabledevelopment.un.org\/rio20\">Conferencia de las Naciones Unidas sobre Desarrollo Sostenible (Rio+20)<\/a><u>, <\/u>celebrada en R\u00edo de Janeiro en junio de 2012 condujo al documento <a href=\"https:\/\/sustainabledevelopment.un.org\/index.php?menu=1298\">\u201cEl futuro que queremos\u201d<\/a><u>, <\/u>que describe m\u00e1s de 200\u00a0compromisos para promover el desarrollo sostenible. Un a\u00f1o m\u00e1s tarde, un <u>grupo <\/u><a href=\"https:\/\/sustainabledevelopment.un.org\/post2015\/owg\">de trabajo abierto<\/a> con 30 miembros comenz\u00f3 a unificar todas estas estas metas de sostenibilidad en un listado de Objetivos de Desarrollo Sostenible (ODS) acordados universalmente.<a href=\"#_ftn1\" name=\"_ftnref1\">[1]<\/a><\/p>\n<p><iframe loading=\"lazy\" src=\"\/\/www.youtube.com\/embed\/0XTBYMfZyrM\" width=\"560\" height=\"314\" allowfullscreen=\"allowfullscreen\"><\/iframe><\/p>\n<p>El resultado, en 2015, fue la <a href=\"https:\/\/sustainabledevelopment.un.org\/post2015\/transformingourworld\">Agenda 2030 para el Desarrollo Sostenible<\/a>, que estableci\u00f3 formalmente los <a href=\"https:\/\/sustainabledevelopment.un.org\/sdgs\">17\u00a0ODS<\/a>. <strong><em>Todos<\/em><\/strong> los Estados miembros de la ONU han adoptado la Agenda 2030, incluidos los ODS, como un plan de acci\u00f3n para la paz y la prosperidad tanto de las personas como del planeta.<\/p>\n<p><img decoding=\"async\" loading=\"lazy\" class=\"aligncenter size-full wp-image-56975\" src=\"https:\/\/www.alj.com\/app\/uploads\/2020\/01\/SDGs.png\" alt=\"\" width=\"940\" height=\"584\" srcset=\"https:\/\/media.alj.com\/app\/uploads\/2020\/01\/SDGs.png 940w, https:\/\/media.alj.com\/app\/uploads\/2020\/01\/SDGs-300x186.png 300w, https:\/\/media.alj.com\/app\/uploads\/2020\/01\/SDGs-150x93.png 150w, https:\/\/media.alj.com\/app\/uploads\/2020\/01\/SDGs-768x477.png 768w\" sizes=\"(max-width: 940px) 100vw, 940px\" \/><\/p>\n<p>El objetivo de los 17 ODS es que las empresas, los gobiernos y las comunidades trabajen juntos para lograrlos y crear un futuro m\u00e1s prometedor para nuestro planeta.<\/p>\n<figure id=\"attachment_38159\" aria-describedby=\"caption-attachment-38159\" style=\"width: 238px\" class=\"wp-caption alignleft\"><img decoding=\"async\" loading=\"lazy\" class=\"wp-image-38159 size-medium\" src=\"https:\/\/www.alj.com\/app\/uploads\/2016\/10\/Sheikh-Abdul-Latif-Jameel-238x300.jpg\" alt=\"Sheikh Abdul Latif Jameel\" width=\"238\" height=\"300\" srcset=\"https:\/\/media.alj.com\/app\/uploads\/2016\/10\/Sheikh-Abdul-Latif-Jameel-238x300.jpg 238w, https:\/\/media.alj.com\/app\/uploads\/2016\/10\/Sheikh-Abdul-Latif-Jameel-119x150.jpg 119w, https:\/\/media.alj.com\/app\/uploads\/2016\/10\/Sheikh-Abdul-Latif-Jameel-768x969.jpg 768w, https:\/\/media.alj.com\/app\/uploads\/2016\/10\/Sheikh-Abdul-Latif-Jameel-812x1024.jpg 812w, https:\/\/media.alj.com\/app\/uploads\/2016\/10\/Sheikh-Abdul-Latif-Jameel.jpg 1015w\" sizes=\"(max-width: 238px) 100vw, 238px\" \/><figcaption id=\"caption-attachment-38159\" class=\"wp-caption-text\">El difunto jeque Abdul Latif Jameel, visionario fundador del negocio familiar<\/figcaption><\/figure>\n<p>Los ODS reflejan la filosof\u00eda general de las operaciones de la <a href=\"https:\/\/www.communityjameel.org\/en\/who-we-are\/jameel-family\/\">familia Jameel<\/a> desde sus inicios, instituida por el fundador de la empresa, el difunto jeque Abdul Latif Jameel, La tradici\u00f3n familiar consiste en esforzarse continuamente por hacer del mundo un lugar mejor para todos.<\/p>\n<p>Su actividad abarca una amplia gama de \u00e1reas importantes, desde movilidad, energ\u00edas renovables, almacenamiento de energ\u00eda, clima y agua hasta servicios financieros, salud, educaci\u00f3n, medios de vida, pobreza, arte y cultura. Por lo tanto, el trabajo, tanto comercial como filantr\u00f3pico, de la familia Jameel afecta pr\u00e1cticamente a los 17 ODS. No obstante, en algunos tiene un impacto m\u00e1s directo e inmediato, ya que busca abordar algunos de los mayores desaf\u00edos de la humanidad.<\/p>\n<p><iframe loading=\"lazy\" src=\"\/\/www.youtube.com\/embed\/L5zIZK_LVhM\" width=\"560\" height=\"314\" allowfullscreen=\"allowfullscreen\"><\/iframe><\/p>\n<h2>Reducci\u00f3n de la pobreza<\/h2>\n<p><img decoding=\"async\" loading=\"lazy\" class=\"alignright size-thumbnail wp-image-88841\" src=\"https:\/\/www.alj.com\/app\/uploads\/2021\/05\/E_SDG-goals_icons-individual-rgb-17-150x150.png\" alt=\"\" width=\"150\" height=\"150\" srcset=\"https:\/\/media.alj.com\/app\/uploads\/2021\/05\/E_SDG-goals_icons-individual-rgb-17-150x150.png 150w, https:\/\/media.alj.com\/app\/uploads\/2021\/05\/E_SDG-goals_icons-individual-rgb-17-300x300.png 300w, https:\/\/media.alj.com\/app\/uploads\/2021\/05\/E_SDG-goals_icons-individual-rgb-17-1024x1024.png 1024w, https:\/\/media.alj.com\/app\/uploads\/2021\/05\/E_SDG-goals_icons-individual-rgb-17-768x768.png 768w, https:\/\/media.alj.com\/app\/uploads\/2021\/05\/E_SDG-goals_icons-individual-rgb-17-200x200.png 200w, https:\/\/media.alj.com\/app\/uploads\/2021\/05\/E_SDG-goals_icons-individual-rgb-17-170x170.png 170w, https:\/\/media.alj.com\/app\/uploads\/2021\/05\/E_SDG-goals_icons-individual-rgb-17-70x70.png 70w, https:\/\/media.alj.com\/app\/uploads\/2021\/05\/E_SDG-goals_icons-individual-rgb-17-271x271.png 271w, https:\/\/media.alj.com\/app\/uploads\/2021\/05\/E_SDG-goals_icons-individual-rgb-17.png 1536w\" sizes=\"(max-width: 150px) 100vw, 150px\" \/> <img decoding=\"async\" loading=\"lazy\" class=\"alignright size-thumbnail wp-image-88855\" src=\"https:\/\/www.alj.com\/app\/uploads\/2021\/05\/E_SDG-goals_icons-individual-rgb-01-150x150.png\" alt=\"UN SDG 1 - No Poverty\" width=\"150\" height=\"150\" srcset=\"https:\/\/media.alj.com\/app\/uploads\/2021\/05\/E_SDG-goals_icons-individual-rgb-01-150x150.png 150w, https:\/\/media.alj.com\/app\/uploads\/2021\/05\/E_SDG-goals_icons-individual-rgb-01-300x300.png 300w, https:\/\/media.alj.com\/app\/uploads\/2021\/05\/E_SDG-goals_icons-individual-rgb-01-1024x1024.png 1024w, https:\/\/media.alj.com\/app\/uploads\/2021\/05\/E_SDG-goals_icons-individual-rgb-01-768x768.png 768w, https:\/\/media.alj.com\/app\/uploads\/2021\/05\/E_SDG-goals_icons-individual-rgb-01-200x200.png 200w, https:\/\/media.alj.com\/app\/uploads\/2021\/05\/E_SDG-goals_icons-individual-rgb-01-170x170.png 170w, https:\/\/media.alj.com\/app\/uploads\/2021\/05\/E_SDG-goals_icons-individual-rgb-01-70x70.png 70w, https:\/\/media.alj.com\/app\/uploads\/2021\/05\/E_SDG-goals_icons-individual-rgb-01-271x271.png 271w, https:\/\/media.alj.com\/app\/uploads\/2021\/05\/E_SDG-goals_icons-individual-rgb-01.png 1536w\" sizes=\"(max-width: 150px) 100vw, 150px\" \/>Aunque el mundo hay m\u00e1s riqueza que nunca, la desigualdad de la pobreza global (ODS\u00a01) es quiz\u00e1s el mayor desaf\u00edo. La familia Jameel se ha esforzado para reducir la pobreza en las comunidades locales desde sus inicios.<\/p>\n<p>Sin embargo, en 2005 sus actividades adquirieron una gran importancia a escala mundial, cuando el <a href=\"https:\/\/www.povertyactionlab.org\/\">Laboratorio de Acci\u00f3n contra la Pobreza Abdul Latif Jameel<\/a> (J-PAL) en el Instituto Tecnol\u00f3gico de Massachusetts (<a href=\"https:\/\/mit.edu\">ITM<\/a>), fundado originalmente en 2003, comenz\u00f3 su larga colaboraci\u00f3n con <a href=\"https:\/\/www.communityjameel.org\/en\">Community Jameel<\/a> (SDG 17).<\/p>\n<p><img decoding=\"async\" loading=\"lazy\" class=\"alignleft size-thumbnail wp-image-70142\" src=\"https:\/\/www.alj.com\/app\/uploads\/2020\/06\/big-jpal-2-150x83.jpg\" alt=\"\" width=\"150\" height=\"83\" srcset=\"https:\/\/media.alj.com\/app\/uploads\/2020\/06\/big-jpal-2-150x83.jpg 150w, https:\/\/media.alj.com\/app\/uploads\/2020\/06\/big-jpal-2-300x167.jpg 300w, https:\/\/media.alj.com\/app\/uploads\/2020\/06\/big-jpal-2-375x208.jpg 375w, https:\/\/media.alj.com\/app\/uploads\/2020\/06\/big-jpal-2-226x126.jpg 226w, https:\/\/media.alj.com\/app\/uploads\/2020\/06\/big-jpal-2-500x277.jpg 500w, https:\/\/media.alj.com\/app\/uploads\/2020\/06\/big-jpal-2.jpg 680w\" sizes=\"(max-width: 150px) 100vw, 150px\" \/>J-PAL trabaja para reducir la pobreza garantizando que la pol\u00edtica est\u00e9 fundamentada en pruebas cient\u00edficas.<\/p>\n<p>Con una red de m\u00e1s de 220 profesores afiliados en universidades de todo el mundo, el J-PAL lleva a cabo evaluaciones de impacto aleatorias para responder a cuestiones cr\u00edticas en la lucha contra la pobreza. En 2019, dos de los cofundadores del J-PAL, <a href=\"https:\/\/economics.mit.edu\/faculty\/eduflo\/short\">Esther Duflo<\/a> y <a href=\"https:\/\/economics.mit.edu\/faculty\/banerjee\/short\">Abhijit Banerjee<\/a>, recibieron el <a href=\"https:\/\/www.communityjameel.org\/en\/news\/listing\/J-PAL-co-founders-awarded-the-Noble-Prize-in-Economics\">Premio Nobel de Econom\u00eda<\/a> en reconocimiento a su innovador enfoque para aliviar la pobreza global.<\/p>\n<h2>Eliminar el hambre<\/h2>\n<p><img decoding=\"async\" loading=\"lazy\" class=\"alignright size-thumbnail wp-image-88848\" src=\"https:\/\/www.alj.com\/app\/uploads\/2021\/05\/E_SDG-goals_Goal-02-150x150.png\" alt=\"UN SDG 2\" width=\"150\" height=\"150\" srcset=\"https:\/\/media.alj.com\/app\/uploads\/2021\/05\/E_SDG-goals_Goal-02-150x150.png 150w, https:\/\/media.alj.com\/app\/uploads\/2021\/05\/E_SDG-goals_Goal-02-300x300.png 300w, https:\/\/media.alj.com\/app\/uploads\/2021\/05\/E_SDG-goals_Goal-02-1024x1024.png 1024w, https:\/\/media.alj.com\/app\/uploads\/2021\/05\/E_SDG-goals_Goal-02-768x768.png 768w, https:\/\/media.alj.com\/app\/uploads\/2021\/05\/E_SDG-goals_Goal-02-200x200.png 200w, https:\/\/media.alj.com\/app\/uploads\/2021\/05\/E_SDG-goals_Goal-02-170x170.png 170w, https:\/\/media.alj.com\/app\/uploads\/2021\/05\/E_SDG-goals_Goal-02-70x70.png 70w, https:\/\/media.alj.com\/app\/uploads\/2021\/05\/E_SDG-goals_Goal-02-271x271.png 271w, https:\/\/media.alj.com\/app\/uploads\/2021\/05\/E_SDG-goals_Goal-02.png 1536w\" sizes=\"(max-width: 150px) 100vw, 150px\" \/>Adem\u00e1s de la pobreza, hay personas que consideran que el hambre es uno de los mayores fracasos de la sociedad moderna (ODS 2). No es un problema de escasez de recursos, hay m\u00e1s que suficientes para alimentar a todos los habitantes de nuestro planeta. Se trata de un fracaso del compromiso, la comprensi\u00f3n, la inversi\u00f3n y la gesti\u00f3n. Como comenta <a href=\"https:\/\/www.alj.com\/en\/our-people\/fady-jameel\/\">Fady Jameel<\/a>, presidente adjunto y vicepresidente de Abdul Latif Jameel, en <a href=\"https:\/\/www.alj.com\/en\/spotlight-by-fady-jameel\/from-farm-to-fork-tackling-the-food-crisis\/\">su art\u00edculo de Spotlight<\/a>: De los 7800\u00a0millones de personas que viven en nuestro planeta en la actualidad, 820\u00a0millones tienen hambre. Al mismo tiempo, el 30\u00a0% de la comida que producimos nunca llega a consumirse<a href=\"#_ftn2\" name=\"_ftnref2\">[2]<\/a>.Adem\u00e1s, el aumento de la poblaci\u00f3n mundial est\u00e1 incrementando cada vez m\u00e1s la demanda de producci\u00f3n, distribuci\u00f3n y seguridad de alimentos.<\/p>\n<p>Adem\u00e1s del valioso trabajo de J-PAL, que ayuda a informar a la formulaci\u00f3n de pol\u00edticas en esta \u00e1rea, el <a href=\"https:\/\/web.mit.edu\/\">Laboratorio de Sistemas de Agua y Alimentos de Abdul Latif Jameel<\/a> (J-WAFS) en el ITM, cofundado por <a href=\"https:\/\/communityjameel.org\">Community Jameel<\/a> y el ITM, financia investigaciones, innovaciones y tecnolog\u00edas revolucionarias para garantizar suministros de alimentos y agua seguros y resilientes con un impacto medioambiental m\u00ednimo.<\/p>\n<p><img decoding=\"async\" loading=\"lazy\" class=\"alignleft size-thumbnail wp-image-32741\" src=\"https:\/\/www.alj.com\/app\/uploads\/2018\/09\/JWAFS-e1496690769897-150x133.png\" alt=\"\" width=\"150\" height=\"133\" srcset=\"https:\/\/media.alj.com\/app\/uploads\/2018\/09\/JWAFS-e1496690769897-150x133.png 150w, https:\/\/media.alj.com\/app\/uploads\/2018\/09\/JWAFS-e1496690769897.png 250w\" sizes=\"(max-width: 150px) 100vw, 150px\" \/>Como explica el <a href=\"https:\/\/jameel75.com\/en\/stories\/Prof.-John-H-Lienhard-V?GrERu8Rh8o\">Prof. John H. Lienhard<\/a>, director del J-WAFS, <em>\u201cJ-WAFS financia la investigaci\u00f3n avanzada en todo el ITM dirigida a proporcionar suministros seguros y estables de agua y alimentos a personas de todos los niveles de la sociedad y en muchos pa\u00edses\u201d.<\/em><\/p>\n<p>Desde su fundaci\u00f3n en 2014, el J-WAFS ha financiado m\u00e1s de 60\u00a0proyectos, generando m\u00e1s de 12\u00a0millones de d\u00f3lares en fondos de seguimiento para ampliar su investigaci\u00f3n. Las historias de \u00e9xito incluyen un <a href=\"https:\/\/news.mit.edu\/2021\/filters-sapwood-purify-water-0325\">filtro de xilema natural<\/a> hecho de ramas de \u00e1rboles para purificar el agua potable y un <a href=\"https:\/\/news.mit.edu\/2020\/velcro-food-sensor-spoilage-0909\">sensor de alimentos<\/a> tipo Velcro hecho de una variedad de microagujas de seda que perforan los envases de pl\u00e1stico para comprobar si los alimentos presentan signos de deterioro y contaminaci\u00f3n bacteriana.<\/p>\n<p><iframe loading=\"lazy\" src=\"\/\/www.youtube.com\/embed\/SZVUn5clNp4\" width=\"560\" height=\"314\" allowfullscreen=\"allowfullscreen\"><\/iframe><\/p>\n<h2>Mejorar la atenci\u00f3n sanitaria<\/h2>\n<p><img decoding=\"async\" loading=\"lazy\" class=\"alignright size-thumbnail wp-image-88743\" src=\"https:\/\/www.alj.com\/app\/uploads\/2021\/05\/E_SDG-goals_icons-individual-rgb-03-150x150.png\" alt=\"UN SDG 3\" width=\"150\" height=\"150\" srcset=\"https:\/\/media.alj.com\/app\/uploads\/2021\/05\/E_SDG-goals_icons-individual-rgb-03-150x150.png 150w, https:\/\/media.alj.com\/app\/uploads\/2021\/05\/E_SDG-goals_icons-individual-rgb-03-300x300.png 300w, https:\/\/media.alj.com\/app\/uploads\/2021\/05\/E_SDG-goals_icons-individual-rgb-03-1024x1024.png 1024w, https:\/\/media.alj.com\/app\/uploads\/2021\/05\/E_SDG-goals_icons-individual-rgb-03-768x768.png 768w, https:\/\/media.alj.com\/app\/uploads\/2021\/05\/E_SDG-goals_icons-individual-rgb-03-200x200.png 200w, https:\/\/media.alj.com\/app\/uploads\/2021\/05\/E_SDG-goals_icons-individual-rgb-03-170x170.png 170w, https:\/\/media.alj.com\/app\/uploads\/2021\/05\/E_SDG-goals_icons-individual-rgb-03-70x70.png 70w, https:\/\/media.alj.com\/app\/uploads\/2021\/05\/E_SDG-goals_icons-individual-rgb-03-271x271.png 271w, https:\/\/media.alj.com\/app\/uploads\/2021\/05\/E_SDG-goals_icons-individual-rgb-03.png 1536w\" sizes=\"(max-width: 150px) 100vw, 150px\" \/>Nuestro trabajo en pro de la accesibilidad asequible a la atenci\u00f3n sanitaria para todos (ODS 3) comenz\u00f3 en 1995 con el establecimiento del <a href=\"https:\/\/www.communityjameel.org\/en\/initiatives\/health-and-society\/abdul-latif-jameel-hospital\">Hospital Abdul Latif Jameel<\/a> , el primer hospital de rehabilitaci\u00f3n sin \u00e1nimo de lucro de Arabia Saud\u00ed, que proporciona atenci\u00f3n integral para adultos y ni\u00f1os.<\/p>\n<p>En las d\u00e9cadas posteriores se han creado otros dos centros de investigaci\u00f3n de <a href=\"https:\/\/communityjameel.org\/\">Community Jameel<\/a> destinados a que la atenci\u00f3n sanitaria sea m\u00e1s accesible para quienes m\u00e1s la necesitan, sobre los que se habla en este reciente <a href=\"https:\/\/www.alj.com\/en\/perspective\/accelerating-access-to-healthcare-for-those-who-need-it-most\/\">art\u00edculo de Abdul Latif Jameel Perspectives<\/a>.<\/p>\n<p>La <a href=\"https:\/\/www.jclinic.mit.edu\/\">Cl\u00ednica Jameel<\/a> (Cl\u00ednica para el Aprendizaje Autom\u00e1tico en la Salud Abdul Latif Jameel) fue cofundada por el ITM y Community Jameel en <a href=\"https:\/\/www.alj.com\/en\/news\/abdul-latif-jameel-clinic-machine-learning-health-mit-aims-revolutionize-disease-prevention-detection-treatment\/\">septiembre de 2018<\/a> y se ha convertido r\u00e1pidamente en el <a href=\"https:\/\/www.alj.com\/en\/news\/j-clinic-discovers-powerful-new-antibiotic-using-ai-technology\/\">epicentro de la IA y la atenci\u00f3n sanitaria en el ITM<\/a><u>.<\/u> Su objetivo es utilizar la IA para modelar datos biol\u00f3gicos en categor\u00edas como la imagen, el texto y la gen\u00f3mica, as\u00ed como realizar nuevos descubrimientos en aprendizaje autom\u00e1tico, biolog\u00eda, qu\u00edmica y ciencias cl\u00ednicas.<\/p>\n<p><img decoding=\"async\" loading=\"lazy\" class=\"alignleft size-medium wp-image-57746\" src=\"https:\/\/www.alj.com\/app\/uploads\/2020\/02\/halicin-antibiotics-300x300.jpg\" alt=\"\" width=\"300\" height=\"300\" srcset=\"https:\/\/media.alj.com\/app\/uploads\/2020\/02\/halicin-antibiotics-300x300.jpg 300w, https:\/\/media.alj.com\/app\/uploads\/2020\/02\/halicin-antibiotics-1024x1024.jpg 1024w, https:\/\/media.alj.com\/app\/uploads\/2020\/02\/halicin-antibiotics-150x150.jpg 150w, https:\/\/media.alj.com\/app\/uploads\/2020\/02\/halicin-antibiotics-768x768.jpg 768w, https:\/\/media.alj.com\/app\/uploads\/2020\/02\/halicin-antibiotics-1536x1536.jpg 1536w, https:\/\/media.alj.com\/app\/uploads\/2020\/02\/halicin-antibiotics-200x200.jpg 200w, https:\/\/media.alj.com\/app\/uploads\/2020\/02\/halicin-antibiotics-170x170.jpg 170w, https:\/\/media.alj.com\/app\/uploads\/2020\/02\/halicin-antibiotics-70x70.jpg 70w, https:\/\/media.alj.com\/app\/uploads\/2020\/02\/halicin-antibiotics-271x271.jpg 271w, https:\/\/media.alj.com\/app\/uploads\/2020\/02\/halicin-antibiotics.jpg 1600w\" sizes=\"(max-width: 300px) 100vw, 300px\" \/>A principios de 2020, la Cl\u00ednica Jameel utiliz\u00f3 el aprendizaje autom\u00e1tico para <a href=\"https:\/\/www.alj.com\/en\/news\/j-clinic-discovers-powerful-new-antibiotic-using-ai-technology\/\">descubrir un nuevo y potente antibi\u00f3tico<\/a>, identificado mediante un pionero algoritmo de \u201caprendizaje profundo\u201d. <strong><em>Halicina<\/em><\/strong>, el primer antibi\u00f3tico descubierto utilizando m\u00e9todos de inteligencia artificial (IA), puede matar algunas de las bacterias resistentes a los medicamentos m\u00e1s peligrosas del mundo. En el laboratorio, el equipo de investigaci\u00f3n expuso la halicina a docenas de cepas bacterianas, incluidas algunas notoriamente resistentes a los antibi\u00f3ticos, como Clostridium difficile (C. diff), Acinetobacter baumannii (A. baumannii) y Mycobacterium tuberculosis (M. tb).<\/p>\n<p>Del mismo modo, el <a href=\"https:\/\/www.imperial.ac.uk\/jameel-institute\/\">Instituto Jameel<\/a> (Instituto de Investigaci\u00f3n de Enfermedades y Emergencias Abdul Latif Jameel), cofundado junto con el <a href=\"https:\/\/www.imperial.ac.uk\/\">Imperial College London<\/a> en <a href=\"https:\/\/www.alj.com\/en\/news\/rapid-response-research-centre-to-predict-and-prevent-global-health-crises\/\">octubre de 2019<\/a>, est\u00e1 utilizando IA y nuevos an\u00e1lisis de datos para reducir el riesgo global de enfermedades prevenibles. Recientemente, esto ha incluido la pandemia del COVID-19 de 2020 y el fortalecimiento de los sistemas de salud p\u00fablica en los entornos m\u00e1s fr\u00e1giles.<\/p>\n<p><iframe loading=\"lazy\" src=\"\/\/www.youtube.com\/embed\/UYaikv7UPaE\" width=\"560\" height=\"314\" allowfullscreen=\"allowfullscreen\"><\/iframe><\/p>\n<p>El compromiso de la familia Jameel por mejorar la atenci\u00f3n sanitaria se ampli\u00f3 al \u00e1mbito comercial con el establecimiento de <a href=\"https:\/\/aljhealth.com\/\">Abdul Latif Jameel Health<\/a> en 2020. Dirigida por el director ejecutivo <a href=\"https:\/\/www.alj.com\/en\/our-people\/akram-bouchenaki\/\">Akram Bouchenaki<\/a>, Abdul Latif Jameel Health tiene como objetivo abordar problemas sanitarios tangibles en el mundo real. Se centra en la inclusi\u00f3n de la atenci\u00f3n sanitaria en el llamado \u201csur global\u201d, acelerando el acceso a una atenci\u00f3n m\u00e9dica moderna para aquellos que m\u00e1s la necesitan mediante la apertura y el desarrollo de nuevos mercados para la distribuci\u00f3n de soluciones existentes e invirtiendo en el futuro de la tecnolog\u00eda m\u00e9dica.<\/p>\n<p>El objetivo de Abdul Latif Jameel Health tambi\u00e9n es acelerar el acceso a la atenci\u00f3n m\u00e9dica moderna mediante la inversi\u00f3n activa en empresas y tecnolog\u00edas innovadoras, incipientes e innovadoras, con el objetivo de influir positivamente en el futuro de las industrias m\u00e9dica y sanitaria, desde farmac\u00e9uticas y vacunas hasta tecnolog\u00eda m\u00e9dica de vanguardia. En poco tiempo se han puesto en marcha diversos proyectos y colaboraciones, como su asociaci\u00f3n con <a href=\"https:\/\/www.alj.com\/en\/perspective\/a-stomach-for-innovation-a-qa-with-ceos-of-evelo-biosciences-and-abdul-latif-jameel-health-on-their-exciting-new-adventure\/\">Evelo Biosciences<\/a>, una empresa de biotecnolog\u00eda en fase cl\u00ednica que desarrolla una nueva modalidad de medicamentos de administraci\u00f3n oral, y su inversi\u00f3n en <a href=\"https:\/\/cellarity.com\/\">Cellarity<\/a>.<\/p>\n<h2>Ampliar la educaci\u00f3n<\/h2>\n<p><img decoding=\"async\" loading=\"lazy\" class=\"alignright size-thumbnail wp-image-88792\" src=\"https:\/\/www.alj.com\/app\/uploads\/2021\/05\/E_SDG-goals_icons-individual-rgb-10-150x150.png\" alt=\"UN SDG 10\" width=\"150\" height=\"150\" srcset=\"https:\/\/media.alj.com\/app\/uploads\/2021\/05\/E_SDG-goals_icons-individual-rgb-10-150x150.png 150w, https:\/\/media.alj.com\/app\/uploads\/2021\/05\/E_SDG-goals_icons-individual-rgb-10-300x300.png 300w, https:\/\/media.alj.com\/app\/uploads\/2021\/05\/E_SDG-goals_icons-individual-rgb-10-1024x1024.png 1024w, https:\/\/media.alj.com\/app\/uploads\/2021\/05\/E_SDG-goals_icons-individual-rgb-10-768x768.png 768w, https:\/\/media.alj.com\/app\/uploads\/2021\/05\/E_SDG-goals_icons-individual-rgb-10-200x200.png 200w, https:\/\/media.alj.com\/app\/uploads\/2021\/05\/E_SDG-goals_icons-individual-rgb-10-170x170.png 170w, https:\/\/media.alj.com\/app\/uploads\/2021\/05\/E_SDG-goals_icons-individual-rgb-10-70x70.png 70w, https:\/\/media.alj.com\/app\/uploads\/2021\/05\/E_SDG-goals_icons-individual-rgb-10-271x271.png 271w, https:\/\/media.alj.com\/app\/uploads\/2021\/05\/E_SDG-goals_icons-individual-rgb-10.png 1536w\" sizes=\"(max-width: 150px) 100vw, 150px\" \/> <img decoding=\"async\" loading=\"lazy\" class=\"alignright size-thumbnail wp-image-88778\" src=\"https:\/\/www.alj.com\/app\/uploads\/2021\/05\/E_SDG-goals_icons-individual-rgb-08-150x150.png\" alt=\"UN SDG 8\" width=\"150\" height=\"150\" srcset=\"https:\/\/media.alj.com\/app\/uploads\/2021\/05\/E_SDG-goals_icons-individual-rgb-08-150x150.png 150w, https:\/\/media.alj.com\/app\/uploads\/2021\/05\/E_SDG-goals_icons-individual-rgb-08-300x300.png 300w, https:\/\/media.alj.com\/app\/uploads\/2021\/05\/E_SDG-goals_icons-individual-rgb-08-1024x1024.png 1024w, https:\/\/media.alj.com\/app\/uploads\/2021\/05\/E_SDG-goals_icons-individual-rgb-08-768x768.png 768w, https:\/\/media.alj.com\/app\/uploads\/2021\/05\/E_SDG-goals_icons-individual-rgb-08-200x200.png 200w, https:\/\/media.alj.com\/app\/uploads\/2021\/05\/E_SDG-goals_icons-individual-rgb-08-170x170.png 170w, https:\/\/media.alj.com\/app\/uploads\/2021\/05\/E_SDG-goals_icons-individual-rgb-08-70x70.png 70w, https:\/\/media.alj.com\/app\/uploads\/2021\/05\/E_SDG-goals_icons-individual-rgb-08-271x271.png 271w, https:\/\/media.alj.com\/app\/uploads\/2021\/05\/E_SDG-goals_icons-individual-rgb-08.png 1536w\" sizes=\"(max-width: 150px) 100vw, 150px\" \/> <img decoding=\"async\" loading=\"lazy\" class=\"alignright size-thumbnail wp-image-88750\" src=\"https:\/\/www.alj.com\/app\/uploads\/2021\/05\/E_SDG-goals_icons-individual-rgb-04-150x150.png\" alt=\"UN SDG 4\" width=\"150\" height=\"150\" srcset=\"https:\/\/media.alj.com\/app\/uploads\/2021\/05\/E_SDG-goals_icons-individual-rgb-04-150x150.png 150w, https:\/\/media.alj.com\/app\/uploads\/2021\/05\/E_SDG-goals_icons-individual-rgb-04-300x300.png 300w, https:\/\/media.alj.com\/app\/uploads\/2021\/05\/E_SDG-goals_icons-individual-rgb-04-1024x1024.png 1024w, https:\/\/media.alj.com\/app\/uploads\/2021\/05\/E_SDG-goals_icons-individual-rgb-04-768x768.png 768w, https:\/\/media.alj.com\/app\/uploads\/2021\/05\/E_SDG-goals_icons-individual-rgb-04-200x200.png 200w, https:\/\/media.alj.com\/app\/uploads\/2021\/05\/E_SDG-goals_icons-individual-rgb-04-170x170.png 170w, https:\/\/media.alj.com\/app\/uploads\/2021\/05\/E_SDG-goals_icons-individual-rgb-04-70x70.png 70w, https:\/\/media.alj.com\/app\/uploads\/2021\/05\/E_SDG-goals_icons-individual-rgb-04-271x271.png 271w, https:\/\/media.alj.com\/app\/uploads\/2021\/05\/E_SDG-goals_icons-individual-rgb-04.png 1536w\" sizes=\"(max-width: 150px) 100vw, 150px\" \/>Ampliar la educaci\u00f3n y las oportunidades para todos (ODS\u00a04) no solo es una ambici\u00f3n que merece la pena por derecho propio, sino que tambi\u00e9n sustenta muchos de los otros ODS. En particular, la educaci\u00f3n es una piedra angular en el camino hacia el crecimiento econ\u00f3mico y el empleo (ODS\u00a08) y hacia la reducci\u00f3n de las desigualdades (ODS\u00a010).<\/p>\n<p>La familia Jameel est\u00e1 trabajando para que los m\u00e1s necesitados tengan acceso a educaci\u00f3n de calidad, con el compromiso de romper las barreras que impiden el aprendizaje mediante asociaciones e iniciativas.<\/p>\n<p>El ITM y Community Jameel fundaron el <a href=\"https:\/\/jwel.mit.edu\/\">Laboratorio Mundial de Educaci\u00f3n Abdul Latif Jameel<\/a> (J-WEL) en 2017 con la misi\u00f3n de impulsar un renacimiento global en la educaci\u00f3n.<\/p>\n<p>J-WEL promueve la excelencia y la transformaci\u00f3n en la educaci\u00f3n al involucrar a educadores, tecn\u00f3logos, legisladores, l\u00edderes sociales, empresas y empleados para abordar las oportunidades de cambio globales y expandibles en materia de educaci\u00f3n.<\/p>\n<p>Tambi\u00e9n existen dos programas de becas para permitir que estudiantes prometedores de todo el mundo se beneficien de una educaci\u00f3n de alta calidad a la que, de otro modo, no podr\u00e1n acceder.<\/p>\n<p>El m\u00e1s reciente, fundado en 2019, es la <a href=\"https:\/\/www.communityjameel.org\/en\/how-we-work\/education\/bocelli-jameel-scholarship\">beca Andrea Bocelli Foundation-Community Jameel<\/a>, que apoya a quienes estudian a tiempo completo en el Royal College of Music de Londres, uno de los principales conservatorios de artes esc\u00e9nicas del mundo. El segundo es la <u>beca<\/u><a href=\"https:\/\/www.communityjameel.org\/en\/how-we-work\/education\/jameel-toyota-scholarship-at-mit\"> Abdul Latif Jameel Toyota <\/a>, que celebr\u00f3 su 25.\u00ba aniversario en 2019 y contin\u00faa ayudando a los j\u00f3venes a alcanzar su potencial en el ITM, una de las instituciones acad\u00e9micas m\u00e1s prestigiosas.<\/p>\n<figure id=\"attachment_88873\" aria-describedby=\"caption-attachment-88873\" style=\"width: 960px\" class=\"wp-caption aligncenter\"><img decoding=\"async\" loading=\"lazy\" class=\"size-full wp-image-88873\" src=\"https:\/\/www.alj.com\/app\/uploads\/2021\/05\/Bocelli-CommunityJameel-news-item_resized.jpg\" alt=\"Andrea Bocelli, Mohammed Jameel\" width=\"960\" height=\"640\" srcset=\"https:\/\/media.alj.com\/app\/uploads\/2021\/05\/Bocelli-CommunityJameel-news-item_resized.jpg 960w, https:\/\/media.alj.com\/app\/uploads\/2021\/05\/Bocelli-CommunityJameel-news-item_resized-300x200.jpg 300w, https:\/\/media.alj.com\/app\/uploads\/2021\/05\/Bocelli-CommunityJameel-news-item_resized-150x100.jpg 150w, https:\/\/media.alj.com\/app\/uploads\/2021\/05\/Bocelli-CommunityJameel-news-item_resized-768x512.jpg 768w\" sizes=\"(max-width: 960px) 100vw, 960px\" \/><figcaption id=\"caption-attachment-88873\" class=\"wp-caption-text\">De izquierda a derecha: Sra. Ver\u00f3nica Berti (vicepresidenta de la Fundaci\u00f3n Andrea Bocelli), Mohammed Jameel (fundador y presidente de Community Jameel y asesor de la Fundaci\u00f3n Andrea Bocelli), Andrea Bocelli (fundador de la Fundaci\u00f3n Andrea Bocelli), Emily Sierra (estudiante de 4.\u00ba a\u00f1o del RCM en EE.\u00a0UU.), Zwakele Tshabala (estudiante del 1.er a\u00f1o de m\u00e1ster del RCM en Sud\u00e1frica), Sra. Laura Biancalani (presidenta de la Fundaci\u00f3n Andrea Bocelli), Prof. Colin Lawson (director del Royal College of Music), Sr. Stefano Aversa (presidente de la Fundaci\u00f3n Andrea Bocelli) y Fady Jameel (vicepresidente de Community Jameel)<\/figcaption><\/figure>\n<p>El apoyo a la educaci\u00f3n es vital en toda la empresa. Por ejemplo, FRV, el negocio insignia de energ\u00eda renovable de Abdul Latif Jameel, financia becas para la IE University de Espa\u00f1a desde comunidades cercanas a sus plantas solares con su <a href=\"https:\/\/frv.com\/commitment\/frv-scholarship\/\">programa de Young Talented Leaders<\/a>.<\/p>\n<p>Otros ejemplos incluyen la Iniciativa de transformaci\u00f3n de la educaci\u00f3n de los refugiados para la excelencia (<a href=\"https:\/\/www.communityjameel.org\/en\/how-we-work\/education\/transforming-refugee-education-towards-excellence\">TREE<\/a>), una colaboraci\u00f3n entre Save the Children y <a href=\"https:\/\/www.communityjameel.org\/en\/how-we-work\/education\/j-wel\">J-WEL<\/a> que ayuda a los profesores a superar el trauma y ofrecer una ense\u00f1anza efectiva, as\u00ed como <a href=\"https:\/\/www.communityjameel.org\/en\/how-we-work\/education\/tanweer-jameel\">Tanweer Jameel<\/a>, que coopera con el Ministerio de Trabajo y Saudi Airlines para recompensar con un viaje al extranjero a hu\u00e9rfanos de entre 14 y 18\u00a0a\u00f1os que hayan obtenido altos niveles de rendimiento escolar de forma continuada.<\/p>\n<p><img decoding=\"async\" loading=\"lazy\" class=\"alignright size-thumbnail wp-image-88806\" src=\"https:\/\/www.alj.com\/app\/uploads\/2021\/05\/E_SDG-goals_icons-individual-rgb-12-150x150.png\" alt=\"UN SDG 12\" width=\"150\" height=\"150\" srcset=\"https:\/\/media.alj.com\/app\/uploads\/2021\/05\/E_SDG-goals_icons-individual-rgb-12-150x150.png 150w, https:\/\/media.alj.com\/app\/uploads\/2021\/05\/E_SDG-goals_icons-individual-rgb-12-300x300.png 300w, https:\/\/media.alj.com\/app\/uploads\/2021\/05\/E_SDG-goals_icons-individual-rgb-12-1024x1024.png 1024w, https:\/\/media.alj.com\/app\/uploads\/2021\/05\/E_SDG-goals_icons-individual-rgb-12-768x768.png 768w, https:\/\/media.alj.com\/app\/uploads\/2021\/05\/E_SDG-goals_icons-individual-rgb-12-200x200.png 200w, https:\/\/media.alj.com\/app\/uploads\/2021\/05\/E_SDG-goals_icons-individual-rgb-12-170x170.png 170w, https:\/\/media.alj.com\/app\/uploads\/2021\/05\/E_SDG-goals_icons-individual-rgb-12-70x70.png 70w, https:\/\/media.alj.com\/app\/uploads\/2021\/05\/E_SDG-goals_icons-individual-rgb-12-271x271.png 271w, https:\/\/media.alj.com\/app\/uploads\/2021\/05\/E_SDG-goals_icons-individual-rgb-12.png 1536w\" sizes=\"(max-width: 150px) 100vw, 150px\" \/> <img decoding=\"async\" loading=\"lazy\" class=\"alignright size-thumbnail wp-image-88785\" src=\"https:\/\/www.alj.com\/app\/uploads\/2021\/05\/E_SDG-goals_icons-individual-rgb-09-150x150.png\" alt=\"UN SDG 9\" width=\"150\" height=\"150\" srcset=\"https:\/\/media.alj.com\/app\/uploads\/2021\/05\/E_SDG-goals_icons-individual-rgb-09-150x150.png 150w, https:\/\/media.alj.com\/app\/uploads\/2021\/05\/E_SDG-goals_icons-individual-rgb-09-300x300.png 300w, https:\/\/media.alj.com\/app\/uploads\/2021\/05\/E_SDG-goals_icons-individual-rgb-09-1024x1024.png 1024w, https:\/\/media.alj.com\/app\/uploads\/2021\/05\/E_SDG-goals_icons-individual-rgb-09-768x768.png 768w, https:\/\/media.alj.com\/app\/uploads\/2021\/05\/E_SDG-goals_icons-individual-rgb-09-200x200.png 200w, https:\/\/media.alj.com\/app\/uploads\/2021\/05\/E_SDG-goals_icons-individual-rgb-09-170x170.png 170w, https:\/\/media.alj.com\/app\/uploads\/2021\/05\/E_SDG-goals_icons-individual-rgb-09-70x70.png 70w, https:\/\/media.alj.com\/app\/uploads\/2021\/05\/E_SDG-goals_icons-individual-rgb-09-271x271.png 271w, https:\/\/media.alj.com\/app\/uploads\/2021\/05\/E_SDG-goals_icons-individual-rgb-09.png 1536w\" sizes=\"(max-width: 150px) 100vw, 150px\" \/>En el \u00e1mbito corporativo, <a href=\"https:\/\/fourprinciples.com\/\">Four Principles<\/a>, una consultor\u00eda de gesti\u00f3n simplificada, est\u00e1 educando a empresas y l\u00edderes de todo Oriente Medio sobre los principios de la gesti\u00f3n simplificada, ayud\u00e1ndoles a reducir sus residuos (ODS 12) y mostr\u00e1ndoles c\u00f3mo convertirse en competidores m\u00e1s eficientes y efectivos dentro de sus sectores (ODS 9).<\/p>\n<p><iframe loading=\"lazy\" src=\"\/\/www.youtube.com\/embed\/ULTfvHsqz4c\" width=\"560\" height=\"314\" allowfullscreen=\"allowfullscreen\"><\/iframe><\/p>\n<h2>Aumento de las oportunidades de empleo<\/h2>\n<p><img decoding=\"async\" loading=\"lazy\" class=\"alignright size-thumbnail wp-image-88778\" src=\"https:\/\/www.alj.com\/app\/uploads\/2021\/05\/E_SDG-goals_icons-individual-rgb-08-150x150.png\" alt=\"UN SDG 8\" width=\"150\" height=\"150\" srcset=\"https:\/\/media.alj.com\/app\/uploads\/2021\/05\/E_SDG-goals_icons-individual-rgb-08-150x150.png 150w, https:\/\/media.alj.com\/app\/uploads\/2021\/05\/E_SDG-goals_icons-individual-rgb-08-300x300.png 300w, https:\/\/media.alj.com\/app\/uploads\/2021\/05\/E_SDG-goals_icons-individual-rgb-08-1024x1024.png 1024w, https:\/\/media.alj.com\/app\/uploads\/2021\/05\/E_SDG-goals_icons-individual-rgb-08-768x768.png 768w, https:\/\/media.alj.com\/app\/uploads\/2021\/05\/E_SDG-goals_icons-individual-rgb-08-200x200.png 200w, https:\/\/media.alj.com\/app\/uploads\/2021\/05\/E_SDG-goals_icons-individual-rgb-08-170x170.png 170w, https:\/\/media.alj.com\/app\/uploads\/2021\/05\/E_SDG-goals_icons-individual-rgb-08-70x70.png 70w, https:\/\/media.alj.com\/app\/uploads\/2021\/05\/E_SDG-goals_icons-individual-rgb-08-271x271.png 271w, https:\/\/media.alj.com\/app\/uploads\/2021\/05\/E_SDG-goals_icons-individual-rgb-08.png 1536w\" sizes=\"(max-width: 150px) 100vw, 150px\" \/> <img decoding=\"async\" loading=\"lazy\" class=\"alignright size-thumbnail wp-image-88757\" src=\"https:\/\/www.alj.com\/app\/uploads\/2021\/05\/E_SDG-goals_icons-individual-rgb-05-150x150.png\" alt=\"UN SDG 5\" width=\"150\" height=\"150\" srcset=\"https:\/\/media.alj.com\/app\/uploads\/2021\/05\/E_SDG-goals_icons-individual-rgb-05-150x150.png 150w, https:\/\/media.alj.com\/app\/uploads\/2021\/05\/E_SDG-goals_icons-individual-rgb-05-300x300.png 300w, https:\/\/media.alj.com\/app\/uploads\/2021\/05\/E_SDG-goals_icons-individual-rgb-05-1024x1024.png 1024w, https:\/\/media.alj.com\/app\/uploads\/2021\/05\/E_SDG-goals_icons-individual-rgb-05-768x768.png 768w, https:\/\/media.alj.com\/app\/uploads\/2021\/05\/E_SDG-goals_icons-individual-rgb-05-200x200.png 200w, https:\/\/media.alj.com\/app\/uploads\/2021\/05\/E_SDG-goals_icons-individual-rgb-05-170x170.png 170w, https:\/\/media.alj.com\/app\/uploads\/2021\/05\/E_SDG-goals_icons-individual-rgb-05-70x70.png 70w, https:\/\/media.alj.com\/app\/uploads\/2021\/05\/E_SDG-goals_icons-individual-rgb-05-271x271.png 271w, https:\/\/media.alj.com\/app\/uploads\/2021\/05\/E_SDG-goals_icons-individual-rgb-05.png 1536w\" sizes=\"(max-width: 150px) 100vw, 150px\" \/>Creemos firmemente que no hay mejor forma de mejorar una comunidad que el trabajo. Si las personas tienen trabajo, pueden contribuir a la sociedad, tienen estabilidad familiar, dinero para gastar y una sensaci\u00f3n de orgullo y libertad (ODS\u00a08).<\/p>\n<p><a href=\"https:\/\/www.communityjameel.org\/en\/how-we-work\/livelihoods\/bab-rizq-jameel\">Bab Rizq Jameel<\/a>, o \u201chermosa puerta de entrada a la prosperidad\u201d, ayuda a j\u00f3venes hombres y mujeres de Arabia Saud\u00ed, Egipto y Marruecos a encontrar trabajo. Vincula a personas que buscan empleo con empleadores, brinda apoyo y pr\u00e9stamos sin intereses a empresarios, as\u00ed como programas de trabajo remoto y desde casa.<\/p>\n<p>Del mismo modo, <a href=\"https:\/\/www.communityjameel.org\/en\/how-we-work\/livelihoods\/nafisa-shams\">Nafisa Shams<\/a> proporciona programas de empleo y formaci\u00f3n para mujeres, lo que les permite lograr un equilibrio entre las responsabilidades familiares y el desempe\u00f1o de un papel activo en el mercado laboral (ODS\u00a05). Adem\u00e1s, Nafisa Shams ha lanzado Nafisa Shams Incubator, una de las primeras incubadoras de empresas femeninas en Arabia Saud\u00ed, especializada en dise\u00f1o y artesan\u00eda.<\/p>\n<p>Con un enfoque centrado en el sector cultural, <a href=\"https:\/\/artjameel.org\/\">Art Jameel<\/a> apoya a los artistas y desarrolla comunidades creativas a trav\u00e9s de un amplio programa internacional de artes e iniciativas de aprendizaje. Una de sus iniciativas insignia, el <a href=\"https:\/\/jameelartscentre.org\/\">Jameel Arts Centre<\/a>, abri\u00f3 sus puertas en Dub\u00e1i en noviembre de 2018. Desde entonces, ha logrado forjarse una reputaci\u00f3n como el principal museo de arte contempor\u00e1neo del emirato. Su objetivo es mostrarle arte contempor\u00e1neo a un p\u00fablico amplio y fomentar su participaci\u00f3n a trav\u00e9s de exposiciones, aprendizaje, investigaci\u00f3n, encargos y programas p\u00fablicos.<\/p>\n<p>Est\u00e1 previsto que en 2021 se abra <a href=\"https:\/\/artjameel.org\/centres\/hayy-jeddah\/\">Hayy Jameel<\/a> en Yeda, Arabia Saud\u00ed. Este \u201cespacio creativo\u201d de 17\u00a0000 metros cuadrados cuenta con un centro de artes y exposiciones, el primer centro independiente de cine y audiovisuales de Arabia Saud\u00ed, un instituto de aprendizaje y estudios para artistas, adem\u00e1s de espacios para 12 organizaciones asociadas, entre ellas un club de comedia, galer\u00edas de moda, arte y dise\u00f1o, cafeter\u00edas, un espacio de coworking y una escuela de cocina.<\/p>\n<h2>Proteger nuestro planeta<\/h2>\n<p><img decoding=\"async\" loading=\"lazy\" class=\"alignright size-thumbnail wp-image-88827\" src=\"https:\/\/www.alj.com\/app\/uploads\/2021\/05\/E_SDG-goals_icons-individual-rgb-15-150x150.png\" alt=\"UN SDG 15\" width=\"150\" height=\"150\" srcset=\"https:\/\/media.alj.com\/app\/uploads\/2021\/05\/E_SDG-goals_icons-individual-rgb-15-150x150.png 150w, https:\/\/media.alj.com\/app\/uploads\/2021\/05\/E_SDG-goals_icons-individual-rgb-15-300x300.png 300w, https:\/\/media.alj.com\/app\/uploads\/2021\/05\/E_SDG-goals_icons-individual-rgb-15-1024x1024.png 1024w, https:\/\/media.alj.com\/app\/uploads\/2021\/05\/E_SDG-goals_icons-individual-rgb-15-768x768.png 768w, https:\/\/media.alj.com\/app\/uploads\/2021\/05\/E_SDG-goals_icons-individual-rgb-15-200x200.png 200w, https:\/\/media.alj.com\/app\/uploads\/2021\/05\/E_SDG-goals_icons-individual-rgb-15-170x170.png 170w, https:\/\/media.alj.com\/app\/uploads\/2021\/05\/E_SDG-goals_icons-individual-rgb-15-70x70.png 70w, https:\/\/media.alj.com\/app\/uploads\/2021\/05\/E_SDG-goals_icons-individual-rgb-15-271x271.png 271w, https:\/\/media.alj.com\/app\/uploads\/2021\/05\/E_SDG-goals_icons-individual-rgb-15.png 1536w\" sizes=\"(max-width: 150px) 100vw, 150px\" \/> <img decoding=\"async\" loading=\"lazy\" class=\"alignright size-thumbnail wp-image-88813\" src=\"https:\/\/www.alj.com\/app\/uploads\/2021\/05\/E_SDG-goals_icons-individual-rgb-13-150x150.png\" alt=\"UN SDG 13\" width=\"150\" height=\"150\" srcset=\"https:\/\/media.alj.com\/app\/uploads\/2021\/05\/E_SDG-goals_icons-individual-rgb-13-150x150.png 150w, https:\/\/media.alj.com\/app\/uploads\/2021\/05\/E_SDG-goals_icons-individual-rgb-13-300x300.png 300w, https:\/\/media.alj.com\/app\/uploads\/2021\/05\/E_SDG-goals_icons-individual-rgb-13-1024x1024.png 1024w, https:\/\/media.alj.com\/app\/uploads\/2021\/05\/E_SDG-goals_icons-individual-rgb-13-768x768.png 768w, https:\/\/media.alj.com\/app\/uploads\/2021\/05\/E_SDG-goals_icons-individual-rgb-13-200x200.png 200w, https:\/\/media.alj.com\/app\/uploads\/2021\/05\/E_SDG-goals_icons-individual-rgb-13-170x170.png 170w, https:\/\/media.alj.com\/app\/uploads\/2021\/05\/E_SDG-goals_icons-individual-rgb-13-70x70.png 70w, https:\/\/media.alj.com\/app\/uploads\/2021\/05\/E_SDG-goals_icons-individual-rgb-13-271x271.png 271w, https:\/\/media.alj.com\/app\/uploads\/2021\/05\/E_SDG-goals_icons-individual-rgb-13.png 1536w\" sizes=\"(max-width: 150px) 100vw, 150px\" \/> <img decoding=\"async\" loading=\"lazy\" class=\"alignright size-thumbnail wp-image-88799\" src=\"https:\/\/www.alj.com\/app\/uploads\/2021\/05\/E_SDG-goals_icons-individual-rgb-11-150x150.png\" alt=\"UN SDG 11\" width=\"150\" height=\"150\" srcset=\"https:\/\/media.alj.com\/app\/uploads\/2021\/05\/E_SDG-goals_icons-individual-rgb-11-150x150.png 150w, https:\/\/media.alj.com\/app\/uploads\/2021\/05\/E_SDG-goals_icons-individual-rgb-11-300x300.png 300w, https:\/\/media.alj.com\/app\/uploads\/2021\/05\/E_SDG-goals_icons-individual-rgb-11-1024x1024.png 1024w, https:\/\/media.alj.com\/app\/uploads\/2021\/05\/E_SDG-goals_icons-individual-rgb-11-768x768.png 768w, https:\/\/media.alj.com\/app\/uploads\/2021\/05\/E_SDG-goals_icons-individual-rgb-11-200x200.png 200w, https:\/\/media.alj.com\/app\/uploads\/2021\/05\/E_SDG-goals_icons-individual-rgb-11-170x170.png 170w, https:\/\/media.alj.com\/app\/uploads\/2021\/05\/E_SDG-goals_icons-individual-rgb-11-70x70.png 70w, https:\/\/media.alj.com\/app\/uploads\/2021\/05\/E_SDG-goals_icons-individual-rgb-11-271x271.png 271w, https:\/\/media.alj.com\/app\/uploads\/2021\/05\/E_SDG-goals_icons-individual-rgb-11.png 1536w\" sizes=\"(max-width: 150px) 100vw, 150px\" \/>Cuidar de nuestro planeta y garantizar que sea un hogar viable para las generaciones futuras es nuestra principal responsabilidad (ODS 11, 13 y 15). Es una de las razones por las que hemos invertido m\u00e1s de 75\u00a0a\u00f1os en la infraestructura de la vida.<\/p>\n<p>Aunque J-WAFS apoya nuevas investigaciones para abordar el cambio clim\u00e1tico, la escasez de agua y la reducci\u00f3n de residuos, dos organizaciones de la familia Jameel est\u00e1n poniendo en pr\u00e1ctica la innovaci\u00f3n para encontrar nuevas formas de alimentar a nuestra sociedad hoy en d\u00eda.<\/p>\n<p>A trav\u00e9s de <a href=\"https:\/\/almarwater.com\/\">Almar Water Solutions<\/a>, parte de <a href=\"https:\/\/www.alj.com\/en\/energy-and-environmental-services\/energy-overview\/\">Abdul Latif Jameel Energy and Environmental Services<\/a>, estamos abordando los problemas del recurso m\u00e1s preciado de nuestro planeta, el agua, en t\u00e9rminos de <a href=\"https:\/\/www.alj.com\/en\/perspective\/water-reuse-is-a-big-opportunity-just-going-to-waste\/\">tratamiento, reciclaje<\/a> y <a href=\"https:\/\/www.alj.com\/en\/perspective\/fresh-water-fresh-ideas-can-renewable-energy-be-the-future-of-desalination\/\">desalinizaci\u00f3n sostenible<\/a>.<\/p>\n<p><iframe loading=\"lazy\" src=\"\/\/www.youtube.com\/embed\/yoUuD2GtfwM\" width=\"560\" height=\"314\" allowfullscreen=\"allowfullscreen\"><\/iframe><\/p>\n<p>Almar Water Solutions es un proveedor especializado de capacidades t\u00e9cnicas para el desarrollo de infraestructuras hidr\u00e1ulicas, incluido el dise\u00f1o, la financiaci\u00f3n y el desarrollo de las mismas.<\/p>\n<p><img decoding=\"async\" loading=\"lazy\" class=\"alignright size-thumbnail wp-image-88820\" src=\"https:\/\/www.alj.com\/app\/uploads\/2021\/05\/E_SDG-goals_icons-individual-rgb-14-150x150.png\" alt=\"UN SDG 14\" width=\"150\" height=\"150\" srcset=\"https:\/\/media.alj.com\/app\/uploads\/2021\/05\/E_SDG-goals_icons-individual-rgb-14-150x150.png 150w, https:\/\/media.alj.com\/app\/uploads\/2021\/05\/E_SDG-goals_icons-individual-rgb-14-300x300.png 300w, https:\/\/media.alj.com\/app\/uploads\/2021\/05\/E_SDG-goals_icons-individual-rgb-14-1024x1024.png 1024w, https:\/\/media.alj.com\/app\/uploads\/2021\/05\/E_SDG-goals_icons-individual-rgb-14-768x768.png 768w, https:\/\/media.alj.com\/app\/uploads\/2021\/05\/E_SDG-goals_icons-individual-rgb-14-200x200.png 200w, https:\/\/media.alj.com\/app\/uploads\/2021\/05\/E_SDG-goals_icons-individual-rgb-14-170x170.png 170w, https:\/\/media.alj.com\/app\/uploads\/2021\/05\/E_SDG-goals_icons-individual-rgb-14-70x70.png 70w, https:\/\/media.alj.com\/app\/uploads\/2021\/05\/E_SDG-goals_icons-individual-rgb-14-271x271.png 271w, https:\/\/media.alj.com\/app\/uploads\/2021\/05\/E_SDG-goals_icons-individual-rgb-14.png 1536w\" sizes=\"(max-width: 150px) 100vw, 150px\" \/>La empresa tiene un papel importante en la <a href=\"https:\/\/www.almarwater.com\/es\/2019\/05\/09\/almar-water-solutions-to-acquire-mubadala-infrastructure-partners-investment-in-muharraq-sewage-treatment-plant-in-bahrain\/#_ftn1\">planta de tratamiento de aguas residuales de Muharraq<\/a>, en Bar\u00e9in, y est\u00e1 desarrollando <a href=\"https:\/\/www.alj.com\/en\/news\/solving-water-crisis-1m-people-almar-water-solutions-build-kenyas-first-large-scale-desalination-plant\/\">la primera planta de desalinizaci\u00f3n a gran escala de Kenia<\/a> en Mombasa, la segunda ciudad m\u00e1s grande del pa\u00eds, destinada a abastecer de agua potable a m\u00e1s de un mill\u00f3n de personas. En 2019, Almar Water Solutions (como parte de un consorcio) logr\u00f3 un contrato para desarrollar una de las mayores plantas de desalinizaci\u00f3n del mundo, la galardonada <a href=\"https:\/\/www.alj.com\/en\/news\/almar-water-solutions-invest-us-600m-supply-1-8m-people-saudi-arabia-desalinated-water\/\">Shuqaiq 3 IWP<\/a> en la costa del Mar Rojo de Arabia Saud\u00ed. Esta instalaci\u00f3n de 600\u00a0millones de USD tendr\u00e1 capacidad para suministrar agua limpia a alrededor de 1,8\u00a0millones de personas cada d\u00eda.<\/p>\n<p>Almar tambi\u00e9n est\u00e1 expandiendo r\u00e1pidamente sus operaciones en <a href=\"https:\/\/www.alj.com\/en\/in-the-news\/almar-water-solutions-awarded-new-om-contract-in-chile\/\">Chile<\/a> y <a href=\"https:\/\/www.alj.com\/en\/news\/abdul-latif-jameel-energy-expands-water-sector-portfolio-with-acquisition-of-58-desalination-plants-in-egypt\/\">Egipto<\/a>. El crecimiento de su cartera de activos de infraestructura h\u00eddrica es una clara muestra de la intenci\u00f3n y el compromiso de la familia Jameel de abordar este desaf\u00edo urgente y mejorar el acceso a suministros de agua sostenibles de comunidades de todo el mundo.<\/p>\n<figure id=\"attachment_82279\" aria-describedby=\"caption-attachment-82279\" style=\"width: 225px\" class=\"wp-caption alignright\"><img decoding=\"async\" loading=\"lazy\" class=\"size-medium wp-image-82279\" src=\"https:\/\/www.alj.com\/app\/uploads\/2020\/12\/Fady-Jameel-2-225x300.jpg\" alt=\"Fady Jameel\" width=\"225\" height=\"300\" srcset=\"https:\/\/media.alj.com\/app\/uploads\/2020\/12\/Fady-Jameel-2-225x300.jpg 225w, https:\/\/media.alj.com\/app\/uploads\/2020\/12\/Fady-Jameel-2-768x1025.jpg 768w, https:\/\/media.alj.com\/app\/uploads\/2020\/12\/Fady-Jameel-2-112x150.jpg 112w, https:\/\/media.alj.com\/app\/uploads\/2020\/12\/Fady-Jameel-2-1151x1536.jpg 1151w, https:\/\/media.alj.com\/app\/uploads\/2020\/12\/Fady-Jameel-2.jpg 1224w\" sizes=\"(max-width: 225px) 100vw, 225px\" \/><figcaption id=\"caption-attachment-82279\" class=\"wp-caption-text\">Fady Jameel,<br \/>\npresidente adjunto y vicepresidente de<br \/>\nAbdul Latif Jameel<\/figcaption><\/figure>\n<p>Como Fady Jameel, presidente adjunto y vicepresidente de Abdul Latif Jameel, explica en su <a href=\"https:\/\/www.alj.com\/en\/spotlight-by-fady-jameel\/turning-the-tide\/\">art\u00edculo de Spotlight<\/a>:<\/p>\n<p>\u201c<em>Innovar, desarrollar e invertir en procesos y tecnolog\u00edas que nos permitan, como sociedad, proporcionar un suministro adecuado de agua a nuestras comunidades, industrias y agricultura (de una manera que no perjudique, sino que est\u00e9 en armon\u00eda con el medio ambiente), es uno de los mayores desaf\u00edos a los que nos enfrentaremos\u201d.<\/em><\/p>\n<h2>Impulsando el futuro<\/h2>\n<p>El \u00e9xito de Almar Water Solutions ha demostrado ser el complemento ideal para <a href=\"http:\/\/frv.com\/\">Fotowatio Renewable Ventures<\/a> (FRV), la secci\u00f3n insignia de energ\u00eda renovable de Abdul Latif Jameel Energy.<\/p>\n<p>FRV impulsa la transici\u00f3n hacia energ\u00eda renovable sostenible y explora tecnolog\u00edas para abordar el cambio clim\u00e1tico. Con presencia en cinco continentes, ha desarrollado m\u00e1s de 50 plantas de energ\u00eda renovable y tiene una cartera de proyectos de m\u00e1s de 2,5\u00a0GW en los mercados solares globales de Australia, Oriente Medio, India, \u00c1frica, EE.\u00a0UU. y Am\u00e9rica Latina.<\/p>\n<p><iframe loading=\"lazy\" src=\"\/\/www.youtube.com\/embed\/K5Su-KjYeXg\" width=\"560\" height=\"314\" allowfullscreen=\"allowfullscreen\"><\/iframe><\/p>\n<p><img decoding=\"async\" loading=\"lazy\" class=\"alignright size-thumbnail wp-image-88771\" src=\"https:\/\/www.alj.com\/app\/uploads\/2021\/05\/E_SDG-goals_icons-individual-rgb-07-150x150.png\" alt=\"UN SDG 7\" width=\"150\" height=\"150\" srcset=\"https:\/\/media.alj.com\/app\/uploads\/2021\/05\/E_SDG-goals_icons-individual-rgb-07-150x150.png 150w, https:\/\/media.alj.com\/app\/uploads\/2021\/05\/E_SDG-goals_icons-individual-rgb-07-300x300.png 300w, https:\/\/media.alj.com\/app\/uploads\/2021\/05\/E_SDG-goals_icons-individual-rgb-07-1024x1024.png 1024w, https:\/\/media.alj.com\/app\/uploads\/2021\/05\/E_SDG-goals_icons-individual-rgb-07-768x768.png 768w, https:\/\/media.alj.com\/app\/uploads\/2021\/05\/E_SDG-goals_icons-individual-rgb-07-200x200.png 200w, https:\/\/media.alj.com\/app\/uploads\/2021\/05\/E_SDG-goals_icons-individual-rgb-07-170x170.png 170w, https:\/\/media.alj.com\/app\/uploads\/2021\/05\/E_SDG-goals_icons-individual-rgb-07-70x70.png 70w, https:\/\/media.alj.com\/app\/uploads\/2021\/05\/E_SDG-goals_icons-individual-rgb-07-271x271.png 271w, https:\/\/media.alj.com\/app\/uploads\/2021\/05\/E_SDG-goals_icons-individual-rgb-07.png 1536w\" sizes=\"(max-width: 150px) 100vw, 150px\" \/>Combinada con los r\u00e1pidos avances en la tecnolog\u00eda de almacenamiento de energ\u00eda, la energ\u00eda renovable tiene el potencial de satisfacer nuestras necesidades energ\u00e9ticas las 24\u00a0horas del d\u00eda, los 7\u00a0d\u00edas de la semana. <a href=\"https:\/\/frv.com\/en\/\">FRV<\/a> ya es pionera en la tecnolog\u00eda de bater\u00edas de almacenamiento a escala de servicios p\u00fablicos. Entre otros, se ha asociado con el desarrollador brit\u00e1nico <a href=\"https:\/\/www.harmonyenergy.co.uk\/\">Harmony Energy<\/a> en un conjunto de bater\u00edas de escala de servicios p\u00fablicos de 15\u00a0MWh en <a href=\"https:\/\/www.alj.com\/en\/news\/abdul-latif-jameel-energys-frv-harmony-energy-commission-first-megapack-uk-energy-storage-project\/\">Holes Bay<\/a>, Dorset, y tambi\u00e9n en <a href=\"https:\/\/www.alj.com\/en\/news\/abdul-latif-jameel-energy-supports-development-of-second-utility-scale-battery-storage-project-in-uk\/\">Contego<\/a>, West Sussex, ambos en el Reino Unido. Este tema se analiza con m\u00e1s detalle en este <a href=\"https:\/\/www.alj.com\/en\/spotlight-by-fady-jameel\/how-progress-in-utility-scale-energy-storage-is-enabling-the-transition-to-renewable-energy\/\">podcast<\/a> de Spotlight presentado por <a href=\"https:\/\/www.linkedin.com\/in\/fady-m-jameel\/\">Fady Jameel<\/a>.<\/p>\n<h2>Socios para un ma\u00f1ana m\u00e1s brillante<\/h2>\n<p><img decoding=\"async\" loading=\"lazy\" class=\"alignright size-thumbnail wp-image-88841\" src=\"https:\/\/www.alj.com\/app\/uploads\/2021\/05\/E_SDG-goals_icons-individual-rgb-17-150x150.png\" alt=\"\" width=\"150\" height=\"150\" srcset=\"https:\/\/media.alj.com\/app\/uploads\/2021\/05\/E_SDG-goals_icons-individual-rgb-17-150x150.png 150w, https:\/\/media.alj.com\/app\/uploads\/2021\/05\/E_SDG-goals_icons-individual-rgb-17-300x300.png 300w, https:\/\/media.alj.com\/app\/uploads\/2021\/05\/E_SDG-goals_icons-individual-rgb-17-1024x1024.png 1024w, https:\/\/media.alj.com\/app\/uploads\/2021\/05\/E_SDG-goals_icons-individual-rgb-17-768x768.png 768w, https:\/\/media.alj.com\/app\/uploads\/2021\/05\/E_SDG-goals_icons-individual-rgb-17-200x200.png 200w, https:\/\/media.alj.com\/app\/uploads\/2021\/05\/E_SDG-goals_icons-individual-rgb-17-170x170.png 170w, https:\/\/media.alj.com\/app\/uploads\/2021\/05\/E_SDG-goals_icons-individual-rgb-17-70x70.png 70w, https:\/\/media.alj.com\/app\/uploads\/2021\/05\/E_SDG-goals_icons-individual-rgb-17-271x271.png 271w, https:\/\/media.alj.com\/app\/uploads\/2021\/05\/E_SDG-goals_icons-individual-rgb-17.png 1536w\" sizes=\"(max-width: 150px) 100vw, 150px\" \/>La familia Jameel ha creado alianzas diversas y de gran envergadura basadas en el respeto, los valores compartidos y el compromiso mutuo de crear un valor tangible para el futuro de la sociedad humana. Esta visi\u00f3n guarda una estrecha relaci\u00f3n con los ODS, as\u00ed como con la propia ambici\u00f3n de la ONU de crear \u201cpaz, dignidad e igualdad en un planeta saludable\u201d.<\/p>\n<p>A trav\u00e9s de nuestra inversi\u00f3n continua en la <em>\u201c<\/em>infraestructura de la vida<em>\u201d<\/em>, que est\u00e1 presente en todo el mundo y abarca desde sistemas alimentarios hasta energ\u00eda, educaci\u00f3n y salud, nos comprometemos a apoyar un futuro m\u00e1s justo, ecol\u00f3gico y pr\u00f3spero para todos. Al mismo tiempo, tambi\u00e9n nos esforzamos por encontrar soluciones a algunas de las preguntas m\u00e1s desafiantes a las que se enfrenta la humanidad y nuestro planeta.<\/p>\n<p>El alcance y el impacto ya logrados ser\u00edan imposibles sin el compromiso, la experiencia y los recursos de nuestros socios.<\/p>\n<p>Juntos miramos m\u00e1s all\u00e1 y trabajamos para innovar por un futuro mejor.<\/p>\n<p>Para obtener m\u00e1s informaci\u00f3n sobre c\u00f3mo contribuyen las actividades de la familia Jameel a los Objetivos de Desarrollo Sostenible visite <a href=\"https:\/\/jameel75.com\/sdg\">https:\/\/jameel75.com\/sdg<\/a> para ver nuestro v\u00eddeo y descargar un informe resumido.<\/p>\n<p>&nbsp;<\/p>\n<p><a href=\"#_ftnref1\" name=\"_ftn1\">[1]<\/a> https:\/\/sdgs.un.org\/goals<\/p>\n<p><a href=\"#_ftnref2\" name=\"_ftn2\">[2]<\/a> <em>The State of Food and Agriculture \u2013 Moving Forward on Food Loss and Waste Reduction<\/em>, Food and Agriculture Organization, 2019<\/p>\n","protected":false},"author":18,"featured_media":88862,"template":"","tags":[],"acf":[],"yoast_head":"<!-- This site is optimized with the Yoast SEO plugin v21.5 - https:\/\/yoast.com\/wordpress\/plugins\/seo\/ -->\n<title>Hacia 2030: unidos en el progreso | Abdul Latif Jameel\u00ae<\/title>\n<meta name=\"description\" content=\"En 2015, todos los Estados miembros de la ONU adoptaron la Agenda 2030 para el Desarrollo Sostenible; hoy, la familia Jameel apoya esta visi\u00f3n de las Naciones Unidas.\" \/>\n<meta name=\"robots\" content=\"index, follow, max-snippet:-1, max-image-preview:large, max-video-preview:-1\" \/>\n<link rel=\"canonical\" href=\"https:\/\/alj.com\/es\/perspective\/de-camino-al-2030-unidos-para-progresar\/\" \/>\n<meta property=\"og:locale\" content=\"es_ES\" \/>\n<meta property=\"og:type\" content=\"article\" \/>\n<meta property=\"og:title\" content=\"Hacia 2030: unidos en el progreso | Abdul Latif Jameel\u00ae\" \/>\n<meta property=\"og:description\" content=\"En 2015, todos los Estados miembros de la ONU adoptaron la Agenda 2030 para el Desarrollo Sostenible; hoy, la familia Jameel apoya esta visi\u00f3n de las Naciones Unidas.\" \/>\n<meta property=\"og:url\" content=\"https:\/\/alj.com\/es\/perspective\/de-camino-al-2030-unidos-para-progresar\/\" \/>\n<meta property=\"og:site_name\" content=\"Abdul Latif Jameel\" \/>\n<meta property=\"article:publisher\" content=\"https:\/\/www.facebook.com\/Abdul.Latif.Jameel.Official\" \/>\n<meta property=\"article:modified_time\" content=\"2021-08-31T08:35:36+00:00\" \/>\n<meta property=\"og:image\" content=\"https:\/\/media.alj.com\/app\/uploads\/2021\/05\/SDG-goals-projection.jpg\" \/>\n\t<meta property=\"og:image:width\" content=\"2048\" \/>\n\t<meta property=\"og:image:height\" content=\"1367\" \/>\n\t<meta property=\"og:image:type\" content=\"image\/jpeg\" \/>\n<meta name=\"twitter:card\" content=\"summary_large_image\" \/>\n<meta name=\"twitter:label1\" content=\"Est. reading time\" \/>\n\t<meta name=\"twitter:data1\" content=\"20 minutes\" \/>\n<script type=\"application\/ld+json\" class=\"yoast-schema-graph\">{\"@context\":\"https:\/\/schema.org\",\"@graph\":[{\"@type\":\"WebPage\",\"@id\":\"https:\/\/alj.com\/es\/perspective\/de-camino-al-2030-unidos-para-progresar\/\",\"url\":\"https:\/\/alj.com\/es\/perspective\/de-camino-al-2030-unidos-para-progresar\/\",\"name\":\"Hacia 2030: unidos en el progreso | Abdul Latif Jameel\u00ae\",\"isPartOf\":{\"@id\":\"https:\/\/alj.com\/en\/#website\"},\"datePublished\":\"2021-06-06T12:30:50+00:00\",\"dateModified\":\"2021-08-31T08:35:36+00:00\",\"description\":\"En 2015, todos los Estados miembros de la ONU adoptaron la Agenda 2030 para el Desarrollo Sostenible; hoy, la familia Jameel apoya esta visi\u00f3n de las Naciones Unidas.\",\"breadcrumb\":{\"@id\":\"https:\/\/alj.com\/es\/perspective\/de-camino-al-2030-unidos-para-progresar\/#breadcrumb\"},\"inLanguage\":\"es-ES\",\"potentialAction\":[{\"@type\":\"ReadAction\",\"target\":[\"https:\/\/alj.com\/es\/perspective\/de-camino-al-2030-unidos-para-progresar\/\"]}]},{\"@type\":\"BreadcrumbList\",\"@id\":\"https:\/\/alj.com\/es\/perspective\/de-camino-al-2030-unidos-para-progresar\/#breadcrumb\",\"itemListElement\":[{\"@type\":\"ListItem\",\"position\":1,\"name\":\"Home\",\"item\":\"https:\/\/alj.com\/es\/\"},{\"@type\":\"ListItem\",\"position\":2,\"name\":\"Perspectives\",\"item\":\"https:\/\/alj.com\/ja\/perspective\/\"},{\"@type\":\"ListItem\",\"position\":3,\"name\":\"De camino al 2030: unidos para progresar\"}]},{\"@type\":\"WebSite\",\"@id\":\"https:\/\/alj.com\/en\/#website\",\"url\":\"https:\/\/alj.com\/en\/\",\"name\":\"Abdul Latif Jameel\",\"description\":\"Abdul Latif Jameel\",\"potentialAction\":[{\"@type\":\"SearchAction\",\"target\":{\"@type\":\"EntryPoint\",\"urlTemplate\":\"https:\/\/alj.com\/en\/?s={search_term_string}\"},\"query-input\":\"required name=search_term_string\"}],\"inLanguage\":\"es-ES\"}]}<\/script>\n<!-- \/ Yoast SEO plugin. -->","yoast_head_json":{"title":"Hacia 2030: unidos en el progreso | Abdul Latif Jameel\u00ae","description":"En 2015, todos los Estados miembros de la ONU adoptaron la Agenda 2030 para el Desarrollo Sostenible; hoy, la familia Jameel apoya esta visi\u00f3n de las Naciones Unidas.","robots":{"index":"index","follow":"follow","max-snippet":"max-snippet:-1","max-image-preview":"max-image-preview:large","max-video-preview":"max-video-preview:-1"},"canonical":"https:\/\/alj.com\/es\/perspective\/de-camino-al-2030-unidos-para-progresar\/","og_locale":"es_ES","og_type":"article","og_title":"Hacia 2030: unidos en el progreso | Abdul Latif Jameel\u00ae","og_description":"En 2015, todos los Estados miembros de la ONU adoptaron la Agenda 2030 para el Desarrollo Sostenible; hoy, la familia Jameel apoya esta visi\u00f3n de las Naciones Unidas.","og_url":"https:\/\/alj.com\/es\/perspective\/de-camino-al-2030-unidos-para-progresar\/","og_site_name":"Abdul Latif Jameel","article_publisher":"https:\/\/www.facebook.com\/Abdul.Latif.Jameel.Official","article_modified_time":"2021-08-31T08:35:36+00:00","og_image":[{"width":2048,"height":1367,"url":"https:\/\/media.alj.com\/app\/uploads\/2021\/05\/SDG-goals-projection.jpg","type":"image\/jpeg"}],"twitter_card":"summary_large_image","twitter_misc":{"Est. reading time":"20 minutes"},"schema":{"@context":"https:\/\/schema.org","@graph":[{"@type":"WebPage","@id":"https:\/\/alj.com\/es\/perspective\/de-camino-al-2030-unidos-para-progresar\/","url":"https:\/\/alj.com\/es\/perspective\/de-camino-al-2030-unidos-para-progresar\/","name":"Hacia 2030: unidos en el progreso | Abdul Latif Jameel\u00ae","isPartOf":{"@id":"https:\/\/alj.com\/en\/#website"},"datePublished":"2021-06-06T12:30:50+00:00","dateModified":"2021-08-31T08:35:36+00:00","description":"En 2015, todos los Estados miembros de la ONU adoptaron la Agenda 2030 para el Desarrollo Sostenible; hoy, la familia Jameel apoya esta visi\u00f3n de las Naciones Unidas.","breadcrumb":{"@id":"https:\/\/alj.com\/es\/perspective\/de-camino-al-2030-unidos-para-progresar\/#breadcrumb"},"inLanguage":"es-ES","potentialAction":[{"@type":"ReadAction","target":["https:\/\/alj.com\/es\/perspective\/de-camino-al-2030-unidos-para-progresar\/"]}]},{"@type":"BreadcrumbList","@id":"https:\/\/alj.com\/es\/perspective\/de-camino-al-2030-unidos-para-progresar\/#breadcrumb","itemListElement":[{"@type":"ListItem","position":1,"name":"Home","item":"https:\/\/alj.com\/es\/"},{"@type":"ListItem","position":2,"name":"Perspectives","item":"https:\/\/alj.com\/ja\/perspective\/"},{"@type":"ListItem","position":3,"name":"De camino al 2030: unidos para progresar"}]},{"@type":"WebSite","@id":"https:\/\/alj.com\/en\/#website","url":"https:\/\/alj.com\/en\/","name":"Abdul Latif Jameel","description":"Abdul Latif Jameel","potentialAction":[{"@type":"SearchAction","target":{"@type":"EntryPoint","urlTemplate":"https:\/\/alj.com\/en\/?s={search_term_string}"},"query-input":"required name=search_term_string"}],"inLanguage":"es-ES"}]}},"post-meta-fields":{"_alp_processed":["1622096880"],"_wpml_word_count":["{\"total\":2770,\"to_translate\":{\"ar\":2770,\"zh-hans\":2770,\"fr\":2770,\"ja\":2770,\"es\":2770,\"tr\":2770}}"],"push_notification":["no"],"_push_notification":["field_5c3b1fb67034d"],"_wpml_media_featured":["1"],"_wpml_media_duplicate":["1"],"perspective_short_title":["De camino al 2030:  unidos para progresar"],"perspective_summury":["<p>C\u00f3mo la familia Jameel apoya la visi\u00f3n compartida de las Naciones Unidas<\/p>\n"],"perspective_location":["Dubai, EAU"],"wpcf-featured-news":["0"],"is_latest_news":["0"],"wpcf-show-news-at-homepage":["1"],"publish_mobile":[""],"_publish_mobile":["field_5bfa8eb2e65cf"],"mobile_featured_image":["https:\/\/media.alj.com\/app\/uploads\/2021\/05\/SDG-goals-projection.jpg"],"_mobile_featured_image":["field_5c3b204983dea"],"_wpcf-card-image-sort-order":["a:1:{i:0;i:1027661;}"],"_bsf_post_type":["0"],"_bsf_item_review_type":["none"],"_yoast_wpseo_title":["Hacia 2030: unidos en el progreso | Abdul Latif Jameel\u00ae"],"_yoast_wpseo_metadesc":["En 2015, todos los Estados miembros de la ONU adoptaron la Agenda 2030 para el Desarrollo Sostenible; hoy, la familia Jameel apoya esta visi\u00f3n de las Naciones Unidas."],"_yoast_wpseo_content_score":["30"],"post_views_count_2021May":["12"],"_thumbnail_id":["88862"],"_last_translation_edit_mode":["native-editor"],"post_views_count_2021Jun":["3"],"post_views_count_2021Jul":["20"],"post_views_total_count":["20"],"_yoast_wpseo_estimated-reading-time-minutes":["20"],"_edit_lock":["1630409728:18"],"_edit_last":["18"],"content_series_applied":["a:1:{i:0;i:91397;}"],"_content_series_applied":["field_60f3d3faf82ac"],"perspective_business_sector":["Corporativa"],"wpcf-perspective-published-date":["1622937600"],"wpcf-card-image":[""]},"_links":{"self":[{"href":"https:\/\/alj.com\/es\/wp-json\/wp\/v2\/perspective\/88948"}],"collection":[{"href":"https:\/\/alj.com\/es\/wp-json\/wp\/v2\/perspective"}],"about":[{"href":"https:\/\/alj.com\/es\/wp-json\/wp\/v2\/types\/perspective"}],"author":[{"embeddable":true,"href":"https:\/\/alj.com\/es\/wp-json\/wp\/v2\/users\/18"}],"wp:featuredmedia":[{"embeddable":true,"href":"https:\/\/alj.com\/es\/wp-json\/wp\/v2\/media\/88862"}],"wp:attachment":[{"href":"https:\/\/alj.com\/es\/wp-json\/wp\/v2\/media?parent=88948"}],"wp:term":[{"taxonomy":"post_tag","embeddable":true,"href":"https:\/\/alj.com\/es\/wp-json\/wp\/v2\/tags?post=88948"}],"curies":[{"name":"wp","href":"https:\/\/api.w.org\/{rel}","templated":true}]}}