{"id":90677,"date":"2021-07-26T08:57:13","date_gmt":"2021-07-26T08:57:13","guid":{"rendered":"https:\/\/www.alj.com\/?post_type=perspective&#038;p=90677"},"modified":"2021-11-17T11:12:38","modified_gmt":"2021-11-17T11:12:38","slug":"invertir-en-un-futuro-mas-inclusivo-y-saludablecomo-apoya-la-familia-jameel-la-vision-compartida-de-la-onu-para-garantizar-una-vida-sana-y-promover-el-bienestar","status":"publish","type":"perspective","link":"https:\/\/alj.com\/es\/perspective\/invertir-en-un-futuro-mas-inclusivo-y-saludablecomo-apoya-la-familia-jameel-la-vision-compartida-de-la-onu-para-garantizar-una-vida-sana-y-promover-el-bienestar\/","title":{"rendered":"Invertir en un futuro m\u00e1s inclusivo y saludable"},"content":{"rendered":"<h4>C\u00f3mo apoya la familia Jameel la visi\u00f3n compartida de la ONU para garantizar una vida sana y promover el bienestar<\/h4>\n<p><img decoding=\"async\" loading=\"lazy\" class=\"alignleft size-thumbnail wp-image-88743\" src=\"https:\/\/www.alj.com\/app\/uploads\/2021\/05\/E_SDG-goals_icons-individual-rgb-03-150x150.png\" alt=\"UN SDG 3\" width=\"150\" height=\"150\" srcset=\"https:\/\/media.alj.com\/app\/uploads\/2021\/05\/E_SDG-goals_icons-individual-rgb-03-150x150.png 150w, https:\/\/media.alj.com\/app\/uploads\/2021\/05\/E_SDG-goals_icons-individual-rgb-03-300x300.png 300w, https:\/\/media.alj.com\/app\/uploads\/2021\/05\/E_SDG-goals_icons-individual-rgb-03-1024x1024.png 1024w, https:\/\/media.alj.com\/app\/uploads\/2021\/05\/E_SDG-goals_icons-individual-rgb-03-768x768.png 768w, https:\/\/media.alj.com\/app\/uploads\/2021\/05\/E_SDG-goals_icons-individual-rgb-03-200x200.png 200w, https:\/\/media.alj.com\/app\/uploads\/2021\/05\/E_SDG-goals_icons-individual-rgb-03-170x170.png 170w, https:\/\/media.alj.com\/app\/uploads\/2021\/05\/E_SDG-goals_icons-individual-rgb-03-70x70.png 70w, https:\/\/media.alj.com\/app\/uploads\/2021\/05\/E_SDG-goals_icons-individual-rgb-03-271x271.png 271w, https:\/\/media.alj.com\/app\/uploads\/2021\/05\/E_SDG-goals_icons-individual-rgb-03.png 1536w\" sizes=\"(max-width: 150px) 100vw, 150px\" \/>La ambici\u00f3n de garantizar una vida sana y promover el bienestar para todos \u2013el Objetivo de Desarrollo Sostenible (ODS) 3 de la ONU\u2013 nunca ha sido tan pertinente como durante la actual pandemia mundial de COVID-19 de 2020 y 2021, ya que el mundo se enfrenta a la peor crisis sanitaria mundial desde hace m\u00e1s de 100 a\u00f1os.<\/p>\n<p>Tampoco ha sido m\u00e1s prioritaria que en la actualidad para la familia Jameel, como parte de su misi\u00f3n de mejorar el acceso de los pacientes a la sanidad en todo el mundo, especialmente en el \u201cmundo mayoritario\u201d de los mercados emergentes fuera de Europa, Extremo Oriente y Norteam\u00e9rica.<\/p>\n<p><iframe loading=\"lazy\" src=\"\/\/www.youtube.com\/embed\/vOvAIZXtNAM\" width=\"560\" height=\"314\" allowfullscreen=\"allowfullscreen\"><\/iframe><\/p>\n<p><img decoding=\"async\" loading=\"lazy\" class=\"alignleft wp-image-90597 size-medium\" src=\"https:\/\/www.alj.com\/app\/uploads\/2021\/07\/WHO-logo-300x180.jpg\" alt=\"\" width=\"300\" height=\"180\" srcset=\"https:\/\/media.alj.com\/app\/uploads\/2021\/07\/WHO-logo-300x180.jpg 300w, https:\/\/media.alj.com\/app\/uploads\/2021\/07\/WHO-logo-150x90.jpg 150w, https:\/\/media.alj.com\/app\/uploads\/2021\/07\/WHO-logo-768x461.jpg 768w, https:\/\/media.alj.com\/app\/uploads\/2021\/07\/WHO-logo.jpg 930w\" sizes=\"(max-width: 300px) 100vw, 300px\" \/>Garantizar vidas saludables y promover el bienestar es vital para construir sociedades pr\u00f3speras.<\/p>\n<p>Como afirma la OMS, las poblaciones saludables \u201c<em>viven m\u00e1s tiempo, son m\u00e1s productivas, ahorran m\u00e1s recursos y hacen importantes contribuciones al progreso econ\u00f3mico<\/em>\u201d.<a href=\"#_ftn1\" name=\"_ftnref1\">[1]<\/a><\/p>\n<p>A pesar de los efectos de la pandemia, que quiz\u00e1 no se comprendan del todo hasta dentro de unas d\u00e9cadas, en las \u00faltimas dos o tres d\u00e9cadas se han producido avances prometedores en la mejora de la atenci\u00f3n sanitaria y el fortalecimiento del bienestar.<\/p>\n<p><img decoding=\"async\" loading=\"lazy\" class=\"aligncenter size-full wp-image-90576\" src=\"https:\/\/www.alj.com\/app\/uploads\/2021\/07\/SDG-3-horizontal.jpg\" alt=\"UN SDG 3\" width=\"1378\" height=\"327\" srcset=\"https:\/\/media.alj.com\/app\/uploads\/2021\/07\/SDG-3-horizontal.jpg 1378w, https:\/\/media.alj.com\/app\/uploads\/2021\/07\/SDG-3-horizontal-300x71.jpg 300w, https:\/\/media.alj.com\/app\/uploads\/2021\/07\/SDG-3-horizontal-1024x243.jpg 1024w, https:\/\/media.alj.com\/app\/uploads\/2021\/07\/SDG-3-horizontal-150x36.jpg 150w, https:\/\/media.alj.com\/app\/uploads\/2021\/07\/SDG-3-horizontal-768x182.jpg 768w\" sizes=\"(max-width: 1378px) 100vw, 1378px\" \/><\/p>\n<p><img decoding=\"async\" loading=\"lazy\" class=\"alignright size-full wp-image-90583\" src=\"https:\/\/www.alj.com\/app\/uploads\/2021\/07\/SDG-3-Infographic.jpg\" alt=\"\" width=\"522\" height=\"764\" srcset=\"https:\/\/media.alj.com\/app\/uploads\/2021\/07\/SDG-3-Infographic.jpg 522w, https:\/\/media.alj.com\/app\/uploads\/2021\/07\/SDG-3-Infographic-205x300.jpg 205w, https:\/\/media.alj.com\/app\/uploads\/2021\/07\/SDG-3-Infographic-102x150.jpg 102w\" sizes=\"(max-width: 522px) 100vw, 522px\" \/>Nuestra sociedad ha realizado importantes avances contra varias de las principales causas de muerte y enfermedad.<\/p>\n<p>La esperanza de vida ha aumentado dr\u00e1sticamente; las tasas de mortalidad infantil y materna han disminuido; hemos cambiado la tendencia del VIH; y las muertes por malaria se han reducido a la mitad.<a href=\"#_ftn2\" name=\"_ftnref2\">[2]<\/a><\/p>\n<p>Sin embargo, tras estos titulares positivos, el progreso general ha sido desigual, tanto entre los pa\u00edses como dentro de ellos. Hay una diferencia de 31 a\u00f1os entre los pa\u00edses con menor y mayor esperanza de vida.<\/p>\n<p>Y aunque algunos pa\u00edses han logrado avances impresionantes, los promedios nacionales suelen ocultar importantes disparidades internas en el acceso a la atenci\u00f3n sanitaria. En todos los rincones de nuestro planeta, hay comunidades enteras a las que se les sigue negando el acceso a una atenci\u00f3n sanitaria de calidad simplemente por su lugar de nacimiento, acceso a las infraestructuras o falta de riqueza.<\/p>\n<p>Una instant\u00e1nea de los datos clave<a href=\"#_ftn3\" name=\"_ftnref3\">[3]<\/a> proporciona un resumen preocupante de los desaf\u00edos a los que nos enfrentamos:<\/p>\n<ul>\n<li>400 millones de personas carecen de atenci\u00f3n sanitaria b\u00e1sica<\/li>\n<li>1600 millones de personas viven en entornos fr\u00e1giles que representan un importante reto para la salud mundial<\/li>\n<li>Cada 2 segundos, alguien de entre 30 y 70 a\u00f1os muere prematuramente por enfermedades no transmisibles<\/li>\n<li>M\u00e1s de 19 millones de ni\u00f1os no reciben las vacunas esenciales durante el primer a\u00f1o de vida<\/li>\n<\/ul>\n<p>En el \u00c1frica subsahariana, m\u00e1s de 287\u00a0millones de personas viven a m\u00e1s de dos horas del hospital m\u00e1s cercano. Dos tercios de los pa\u00edses subsaharianos no alcanzan el objetivo mundial de que el 80\u00a0% de las personas vivan a menos de dos horas de un hospital. Este es el caso de Sud\u00e1n del Sur, donde solo el 23\u00a0% de la poblaci\u00f3n cumple con ese criterio.<a href=\"#_ftn4\" name=\"_ftnref4\">[4]<\/a> Estas cifras son a\u00fan m\u00e1s preocupantes si se tiene en cuenta que alrededor de la mitad de todas las muertes (y un tercio de las discapacidades) en los pa\u00edses de renta baja y media podr\u00eda evitarse si las personas tuvieran acceso r\u00e1pido a una sanidad de emergencia.<a href=\"#_ftn5\" name=\"_ftnref5\">[5]<\/a><\/p>\n<p>No ser\u00e1 f\u00e1cil encontrar soluciones a largo plazo a los principales retos sanitarios, como la propagaci\u00f3n de enfermedades infecciosas, la necesidad de nuevos f\u00e1rmacos, la detecci\u00f3n m\u00e1s r\u00e1pida de las enfermedades, el tratamiento m\u00e1s eficaz de lesiones y enfermedades, y la reducci\u00f3n de las diferencias en el acceso a la sanidad entre las sociedades desarrolladas y las que est\u00e1n en v\u00edas de desarrollo. Requerir\u00e1 un nivel totalmente nuevo de cooperaci\u00f3n y asociaci\u00f3n mundial. Pero este es precisamente el tipo de colaboraci\u00f3n para el que se cre\u00f3 la ONU, y que la familia Jameel apoya firmemente.<\/p>\n<h2>Apoyo a nuevas investigaciones<\/h2>\n<p>El acceso equitativo a una asistencia sanitaria de alta calidad, moderna y eficaz es fundamental para el tema de la \u201c<em>infraestructura de la vida<\/em>\u201d en la que <a href=\"https:\/\/alj.com\/\">Abdul Latif Jameel<\/a> y la familia Jameel llevan mucho tiempo invirtiendo. La magnitud del reto sanitario solo es comparable con la magnitud de nuestra determinaci\u00f3n para abordarlo, ya que tratamos de aprovechar el poder de las nuevas tecnolog\u00edas para transformar la asistencia sanitaria y mejorar los resultados de la misma en todo el mundo, con especial atenci\u00f3n a las poblaciones m\u00e1s vulnerables.<\/p>\n<p>De hecho, el difunto fundador de los actuales negocios diversificados y la organizaci\u00f3n filantr\u00f3pica global fue pionero en una serie de iniciativas sanitarias en Arabia Saud\u00ed y en toda la regi\u00f3n, incluido el <a href=\"https:\/\/www.communityjameel.org\/en\/initiatives\/health-and-society\/abdul-latif-jameel-hospital\">Hospital Abdul Latif Jameel<\/a> para la rehabilitaci\u00f3n m\u00e9dica.<\/p>\n<figure id=\"attachment_76750\" aria-describedby=\"caption-attachment-76750\" style=\"width: 1000px\" class=\"wp-caption aligncenter\"><img decoding=\"async\" loading=\"lazy\" class=\"size-full wp-image-76750\" src=\"https:\/\/www.alj.com\/app\/uploads\/2020\/08\/Abdul-Latif-Jamel-Rehabilitation-Hospital.jpg\" alt=\"\" width=\"1000\" height=\"400\" srcset=\"https:\/\/media.alj.com\/app\/uploads\/2020\/08\/Abdul-Latif-Jamel-Rehabilitation-Hospital.jpg 1000w, https:\/\/media.alj.com\/app\/uploads\/2020\/08\/Abdul-Latif-Jamel-Rehabilitation-Hospital-300x120.jpg 300w, https:\/\/media.alj.com\/app\/uploads\/2020\/08\/Abdul-Latif-Jamel-Rehabilitation-Hospital-150x60.jpg 150w, https:\/\/media.alj.com\/app\/uploads\/2020\/08\/Abdul-Latif-Jamel-Rehabilitation-Hospital-768x307.jpg 768w\" sizes=\"(max-width: 1000px) 100vw, 1000px\" \/><figcaption id=\"caption-attachment-76750\" class=\"wp-caption-text\"><br \/>\nThe Abdul Latif Jameel Hospital for Medical Rehabilitation, Jeddah, Saudi Arabia<\/figcaption><\/figure>\n<p>Establecido en 1997, el hospital fue el primer hospital de rehabilitaci\u00f3n sin \u00e1nimo de lucro en Arabia Saud\u00ed, que proporciona una atenci\u00f3n integral a adultos y ni\u00f1os.<\/p>\n<p>En 2018, este compromiso temprano con el sector sanitario fue un paso m\u00e1s all\u00e1 con la cofundaci\u00f3n por parte de <a href=\"https:\/\/communityjameel.org\/\">Community Jameel<\/a> de la Cl\u00ednica Abdul Latif Jameel para el Aprendizaje Autom\u00e1tico en Salud (la <a href=\"https:\/\/www.jclinic.mit.edu\">Cl\u00ednica Jameel<\/a>). La Cl\u00ednica tiene su sede en el Instituto Tecnol\u00f3gico de Massachusetts (<a href=\"https:\/\/mit.edu\">ITM<\/a>) y se basa en la historia pionera del ITM en inteligencia artificial y ciencias biol\u00f3gicas.<\/p>\n<figure id=\"attachment_53568\" aria-describedby=\"caption-attachment-53568\" style=\"width: 300px\" class=\"wp-caption alignright\"><img decoding=\"async\" loading=\"lazy\" class=\"size-medium wp-image-53568\" src=\"https:\/\/www.alj.com\/app\/uploads\/2019\/11\/Hassan-Jameel-JClinic-300x200.jpg\" alt=\"Jameel Clinic\" width=\"300\" height=\"200\" srcset=\"https:\/\/media.alj.com\/app\/uploads\/2019\/11\/Hassan-Jameel-JClinic-300x200.jpg 300w, https:\/\/media.alj.com\/app\/uploads\/2019\/11\/Hassan-Jameel-JClinic-150x100.jpg 150w, https:\/\/media.alj.com\/app\/uploads\/2019\/11\/Hassan-Jameel-JClinic.jpg 639w\" sizes=\"(max-width: 300px) 100vw, 300px\" \/><figcaption id=\"caption-attachment-53568\" class=\"wp-caption-text\">Hassan Jameel (L), L. Rafael Reif, presidente del ITM (C) y Fady Jameel (R) en la ceremonia de fundaci\u00f3n de la Cl\u00ednica Jameel en el ITM, 2018.<\/figcaption><\/figure>\n<p>La Cl\u00ednica Jameel est\u00e1 vinculada a los datos, la IA y la salud, con un enfoque en las tecnolog\u00edas que est\u00e1n cambiando el panorama de la atenci\u00f3n sanitaria, desde el diagn\u00f3stico temprano, el descubrimiento de f\u00e1rmacos, hasta la personalizaci\u00f3n y gesti\u00f3n de la atenci\u00f3n.<\/p>\n<p>Desarrolla novedosos algoritmos de modelizaci\u00f3n de datos biol\u00f3gicos y cl\u00ednicos y est\u00e1 realizando descubrimientos en aprendizaje autom\u00e1tico, biolog\u00eda, qu\u00edmica y ciencias cl\u00ednicas.<\/p>\n<p>La Cl\u00ednica ya ha contribuido a una serie de emocionantes avances. En el contexto de la pandemia de COVID-19, por ejemplo, los investigadores utilizaron la IA y los macrodatos para predecir c\u00f3mo evolucionar\u00edan las tasas de infecci\u00f3n, bas\u00e1ndose en los patrones de movimiento y los comportamientos de las personas<a href=\"#_ftn6\" name=\"_ftnref6\">[6]<\/a>. Tambi\u00e9n realiz\u00f3 un estudio para \u201cpredecir\u201d si una persona est\u00e1 demasiado cansada, agotada o estresada, lo que aumenta su probabilidad de enfermarse<a href=\"#_ftn7\" name=\"_ftnref7\">[7]<\/a>. El equipo planea desarrollar su investigaci\u00f3n para observar las infecciones virales, como el SARS-CoV-2, el virus que causa el COVID-19<a href=\"#_ftn8\" name=\"_ftnref8\">[8]<\/a>.<\/p>\n<figure id=\"attachment_57746\" aria-describedby=\"caption-attachment-57746\" style=\"width: 300px\" class=\"wp-caption alignleft\"><img decoding=\"async\" loading=\"lazy\" class=\"size-medium wp-image-57746\" src=\"https:\/\/www.alj.com\/app\/uploads\/2020\/02\/halicin-antibiotics-300x300.jpg\" alt=\"Halicin\" width=\"300\" height=\"300\" srcset=\"https:\/\/media.alj.com\/app\/uploads\/2020\/02\/halicin-antibiotics-300x300.jpg 300w, https:\/\/media.alj.com\/app\/uploads\/2020\/02\/halicin-antibiotics-1024x1024.jpg 1024w, https:\/\/media.alj.com\/app\/uploads\/2020\/02\/halicin-antibiotics-150x150.jpg 150w, https:\/\/media.alj.com\/app\/uploads\/2020\/02\/halicin-antibiotics-768x768.jpg 768w, https:\/\/media.alj.com\/app\/uploads\/2020\/02\/halicin-antibiotics-1536x1536.jpg 1536w, https:\/\/media.alj.com\/app\/uploads\/2020\/02\/halicin-antibiotics-200x200.jpg 200w, https:\/\/media.alj.com\/app\/uploads\/2020\/02\/halicin-antibiotics-170x170.jpg 170w, https:\/\/media.alj.com\/app\/uploads\/2020\/02\/halicin-antibiotics-70x70.jpg 70w, https:\/\/media.alj.com\/app\/uploads\/2020\/02\/halicin-antibiotics-271x271.jpg 271w, https:\/\/media.alj.com\/app\/uploads\/2020\/02\/halicin-antibiotics.jpg 1600w\" sizes=\"(max-width: 300px) 100vw, 300px\" \/><figcaption id=\"caption-attachment-57746\" class=\"wp-caption-text\">La ahora famosa imagen del ITM que muestra que la halicina (arriba) previene la resistencia a los antibi\u00f3ticos en E. coli, mientras que la ciprofloxacina (abajo) no.<br \/>\nCr\u00e9dito de la foto \u00a9 cortes\u00eda de Collins Lab del ITM<\/figcaption><\/figure>\n<p>Otro \u00e9xito innegable para la cl\u00ednica lleg\u00f3 en febrero de 2020 con la identificaci\u00f3n impulsada por la IA de un <a href=\"https:\/\/www.alj.com\/en\/news\/a-powerful-new-drug-that-can-kill-many-of-the-worlds-most-problematic-antibiotic-resistant-bacteria-is-identified-by-deep-learning-model\/\">nuevo y potente compuesto antibi\u00f3tico<\/a>, la halicina.<\/p>\n<p>La mol\u00e9cula identificada se seleccion\u00f3 entre m\u00e1s de cien millones de compuestos qu\u00edmicos en cuesti\u00f3n de d\u00edas utilizando IA, una tarea que anteriormente habr\u00eda sido inalcanzable.<\/p>\n<p>Utilizando un modelo de aprendizaje autom\u00e1tico diferente, los investigadores tambi\u00e9n demostraron que, probablemente, esta mol\u00e9cula tendr\u00eda una baja toxicidad para las c\u00e9lulas humanas.<\/p>\n<p>El extraordinario trabajo de la Cl\u00ednica Jameel se complementa con otro laboratorio cofundado por Community Jameel, el Instituto Abdul Latif Jameel para el An\u00e1lisis de Enfermedades y Emergencias (el <a href=\"https:\/\/www.imperial.ac.uk\/jameel-institute\/\">Instituto Jameel)<\/a><u>,<\/u> con sede en el <a href=\"https:\/\/imperial.ac.uk\">Imperial College London<\/a>.<\/p>\n<p>Fundado en 2019, el Instituto Jameel utiliza el an\u00e1lisis de datos basado en IA para identificar, mapear y priorizar el riesgo de enfermedades transmisibles prevenibles y la salud p\u00fablica en todo el mundo<a href=\"#_ftn9\" name=\"_ftnref9\">[9]<\/a>, como parte de su misi\u00f3n de mejorar la vida de las poblaciones mundiales m\u00e1s vulnerables a las enfermedades infecciosas.<\/p>\n<p>El Instituto Jameel ha estado a la vanguardia de la respuesta al SARS Cov-2 (COVID-19), trabajando con gobiernos y organizaciones multilaterales para comprender el impacto de la enfermedad en la salud p\u00fablica, la econom\u00eda y la pol\u00edtica. En mayo de 2020, cuando la pandemia de COVID-19 comenz\u00f3 a ejercer una presi\u00f3n sin precedentes sobre los sistemas sanitarios de todo el mundo, el instituto lanz\u00f3 una herramienta digital para ayudar a los hospitales y a los servicios de salud p\u00fablica a gestionar la capacidad cr\u00edtica de forma m\u00e1s eficaz, permiti\u00e9ndoles hacer frente al aumento de la demanda.<\/p>\n<p>Desarrollado por un equipo de investigadores, dirigidos por la directora adjunta, la Dra. Katharina Hauck, el <a href=\"https:\/\/www.alj.com\/en\/news\/jameel-institute-at-imperial-college-london-launches-new-tool-to-help-hospitals-manage-pandemic-capacity\/\">Planificador de Hospitales Pand\u00e9micos del Instituto Jameel<\/a> puede calcular la capacidad de las camas, el personal y el equipo de ventilaci\u00f3n al implementar una serie de intervenciones de prestaci\u00f3n de servicios sanitarios, como la cancelaci\u00f3n de cirug\u00edas programadas y la conversi\u00f3n de quir\u00f3fanos operativos en salas de cuidados intensivos. El planificador tambi\u00e9n permite a la direcci\u00f3n del hospital calcular el n\u00famero de miembros adicionales del personal necesarios para que las camas adicionales sean totalmente operativas.<\/p>\n<p>Otro laboratorio de investigaci\u00f3n respaldado por Community Jameel, el Laboratorio de Acci\u00f3n contra la Pobreza de Jameel, o <a href=\"https:\/\/www.povertyactionlab.org\/\">J-PAL<\/a>, en el ITM, tambi\u00e9n tiene un programa de salud espec\u00edfico. El sector sanitario de J-PAL se centra en identificar pol\u00edticas y programas eficaces para mejorar el alcance, la calidad y la aceptaci\u00f3n de los servicios y productos sanitarios. Entre los proyectos m\u00e1s recientes figura una iniciativa para aumentar la vacunaci\u00f3n contra el sarampi\u00f3n en la India y la investigaci\u00f3n sobre la eficacia de proporcionar productos sanitarios preventivos gratuitos en pa\u00edses de bajos ingresos.<\/p>\n<p><img decoding=\"async\" loading=\"lazy\" class=\"aligncenter size-full wp-image-90590\" src=\"https:\/\/www.alj.com\/app\/uploads\/2021\/07\/Vaccinate-Family.jpg\" alt=\"\" width=\"1034\" height=\"582\" srcset=\"https:\/\/media.alj.com\/app\/uploads\/2021\/07\/Vaccinate-Family.jpg 1034w, https:\/\/media.alj.com\/app\/uploads\/2021\/07\/Vaccinate-Family-300x169.jpg 300w, https:\/\/media.alj.com\/app\/uploads\/2021\/07\/Vaccinate-Family-1024x576.jpg 1024w, https:\/\/media.alj.com\/app\/uploads\/2021\/07\/Vaccinate-Family-150x84.jpg 150w, https:\/\/media.alj.com\/app\/uploads\/2021\/07\/Vaccinate-Family-768x432.jpg 768w, https:\/\/media.alj.com\/app\/uploads\/2021\/07\/Vaccinate-Family-226x126.jpg 226w\" sizes=\"(max-width: 1034px) 100vw, 1034px\" \/><\/p>\n<p>En Arabia Saud\u00ed, <a href=\"https:\/\/www.communityjameelsaudi.org\/en\">Community Jameel<\/a> estableci\u00f3 el <a href=\"https:\/\/www.communityjameelsaudi.org\/en\/Initiatives\/Areas-of-Development\/Competency-development\">programa Tanweer<\/a> para hu\u00e9rfanos en 2005, en asociaci\u00f3n con el Ministerio de Trabajo y Desarrollo Social de Arabia Saud\u00ed. Su objetivo es marcar una diferencia significativa para los hu\u00e9rfanos de 14 a 17 a\u00f1os de edad acad\u00e9micamente superdotados, mejorando su bienestar y alegrando sus vidas con un viaje internacional anual, expandiendo sus horizontes culturales y motiv\u00e1ndoles a continuar su progreso acad\u00e9mico.<\/p>\n<p>En colaboraci\u00f3n con la Universidad Rey Abdulaziz, Community Jameel Saudi lanz\u00f3 el <a href=\"https:\/\/www.communityjameelsaudi.org\/en\/Initiatives\/Areas-of-Development\/Community-wellbeing\">Fondo Jameel para la Investigaci\u00f3n e Innovaci\u00f3n en Enfermedades Infecciosas<\/a> con el fin de combatir la COVID-19 y las enfermedades y dolencias relacionadas causadas por virus infecciosos. El Fondo Jameel apoya numerosos proyectos de investigaci\u00f3n y mejora la capacidad de los especialistas para identificar, prevenir, diagnosticar y tratar estas enfermedades. Adem\u00e1s, el fondo publica art\u00edculos acreditados basados en investigaciones especializadas que son realizadas y revisadas por reconocidos investigadores y especialistas sanitarios en este campo y que son supervisadas por un comit\u00e9 conjunto que incluye representantes de la King Abdulaziz University y el Imperial College London.<\/p>\n<p><iframe loading=\"lazy\" src=\"\/\/www.youtube.com\/embed\/Qas1fXJ7cck\" width=\"560\" height=\"314\" allowfullscreen=\"allowfullscreen\"><\/iframe><\/p>\n<h2>Entramos en el futuro&#8230;<\/h2>\n<p>Ayudar a financiar la innovaci\u00f3n y las tecnolog\u00edas de vanguardia a trav\u00e9s de laboratorios de investigaci\u00f3n como la Cl\u00ednica Jameel y el Instituto Jameel demuestra la profundidad del compromiso a largo plazo de la familia Jameel para hacer frente a los retos sanitarios mundiales.<\/p>\n<p>Pero el I+D, por s\u00ed solo, solo nos llevar\u00e1 por una parte del camino hacia los objetivos del ODS 3. Conseguir una mejora f\u00edsica y duradera en la atenci\u00f3n sanitaria significa sacar la investigaci\u00f3n de los laboratorios y llevarla a los pacientes sobre el terreno, donde es muy necesaria. Por lo tanto, siempre con el objetivo de facilitar el acceso a la sanidad, Abdul Latif Jameel tambi\u00e9n se est\u00e1 asociando con empresas l\u00edderes en tecnolog\u00eda sanitaria en todo el mundo.<\/p>\n<p><img decoding=\"async\" loading=\"lazy\" class=\"alignleft size-medium wp-image-90604\" src=\"https:\/\/www.alj.com\/app\/uploads\/2021\/07\/Cyberdyne-Building-300x186.jpg\" alt=\"Cyberdyne building\" width=\"300\" height=\"186\" srcset=\"https:\/\/media.alj.com\/app\/uploads\/2021\/07\/Cyberdyne-Building-300x186.jpg 300w, https:\/\/media.alj.com\/app\/uploads\/2021\/07\/Cyberdyne-Building-1024x635.jpg 1024w, https:\/\/media.alj.com\/app\/uploads\/2021\/07\/Cyberdyne-Building-150x93.jpg 150w, https:\/\/media.alj.com\/app\/uploads\/2021\/07\/Cyberdyne-Building-768x476.jpg 768w, https:\/\/media.alj.com\/app\/uploads\/2021\/07\/Cyberdyne-Building-1536x953.jpg 1536w, https:\/\/media.alj.com\/app\/uploads\/2021\/07\/Cyberdyne-Building-2048x1271.jpg 2048w\" sizes=\"(max-width: 300px) 100vw, 300px\" \/>En 2017, firm\u00f3 un acuerdo de asociaci\u00f3n con <a href=\"https:\/\/www.alj.com\/en\/news\/abdul-latif-jameel-provide-state-art-spinal-treatment-technology-saudi-arabia\/\">Cyberdyne<\/a>, una empresa japonesa centrada en la innovaci\u00f3n en tecnolog\u00eda sanitaria, que se especializa en tecnolog\u00eda avanzada de rehabilitaci\u00f3n de lesiones vertebrales mediante exoesqueletos rob\u00f3ticos. Gracias a esta asociaci\u00f3n, esta interesante tecnolog\u00eda se introdujo por primera vez en Arabia Saud\u00ed. El acuerdo con Cyberdyne se <a href=\"https:\/\/www.alj.com\/en\/news\/abdul-latif-jameel-and-cyberdyne-expand-collaboration-across-gcc-region\/\">ampli\u00f3 en 2019<\/a> con el objetivo de implementar su tecnolog\u00eda Hybrid Assistive Limb (HAL<sup>\u00ae<\/sup>) en la regi\u00f3n<a href=\"#_ftn10\" name=\"_ftnref10\">[10]<\/a> del Golfo y el establecimiento del Hospital Abdul Latif Jameel como centro de formaci\u00f3n regional.<\/p>\n<p>Abdul Latif Jameel estableci\u00f3 una asociaci\u00f3n similar con otro pionero japon\u00e9s en tecnolog\u00eda sanitaria, <a href=\"https:\/\/www.alj.com\/en\/news\/abdul-latif-jameel-and-cellspect-collaborate-to-bring-next-generation-low-cost-portable-point-of-care-blood-testing-device-to-developing-markets\/\">Cellspect<\/a>, en 2019. Cellspect ha desarrollado un innovador dispositivo de an\u00e1lisis en el punto de atenci\u00f3n que puede comprobar el metabolismo del az\u00facar, los l\u00edpidos y la funci\u00f3n hep\u00e1tica en solo cinco minutos. La colaboraci\u00f3n pretende llevar este an\u00e1lisis de sangre r\u00e1pido y asequible en los pa\u00edses en desarrollo de Oriente Medio, \u00c1frica, el sudeste asi\u00e1tico e India.<\/p>\n<p><iframe loading=\"lazy\" src=\"\/\/www.youtube.com\/embed\/RaydkfoEsPU\" width=\"560\" height=\"314\" allowfullscreen=\"allowfullscreen\"><\/iframe><\/p>\n<p>Con el objetivo de comercializar y distribuir tecnolog\u00edas de vanguardia, as\u00ed como de ayudar a cient\u00edficos, ingenieros, m\u00e9dicos y empresarios a impulsar nuevos dispositivos y tecnolog\u00edas, existe un acuerdo entre Abdul Latif Jameel y la Organizaci\u00f3n Japonesa para el Desarrollo de Productos Sanitarios (<a href=\"https:\/\/jomdd.com\/\">JOMDD<\/a>). La primera de ellas ya se ha presentado: una t\u00e9cnica quir\u00fargica pionera <a href=\"https:\/\/www.alj.com\/en\/news\/ministry-of-health-and-abdul-latif-jameel-health-to-pioneer-avneo-heart-surgery-procedure-in-bid-to-save-more-lives-in-the-kingdom\/\">AV Neo<sup>TM<\/sup><\/a>, una alternativa a la sustituci\u00f3n de la v\u00e1lvula a\u00f3rtica artificial utilizando el propio tejido del paciente, con una tasa de supervivencia a los 10 a\u00f1os del 85,9\u00a0% en comparaci\u00f3n con menos del 80\u00a0% para procedimientos alternativos.<\/p>\n<p><iframe loading=\"lazy\" src=\"\/\/www.youtube.com\/embed\/7S0aHnPhuYU\" width=\"560\" height=\"314\" allowfullscreen=\"allowfullscreen\"><\/iframe><\/p>\n<h2>Una s\u00f3lida plataforma para la acci\u00f3n<\/h2>\n<figure id=\"attachment_90611\" aria-describedby=\"caption-attachment-90611\" style=\"width: 254px\" class=\"wp-caption alignleft\"><img decoding=\"async\" loading=\"lazy\" class=\"size-medium wp-image-90611\" src=\"https:\/\/www.alj.com\/app\/uploads\/2021\/07\/Akram-Bouchenaki-254x300.jpg\" alt=\"Akram Bouchenaki\" width=\"254\" height=\"300\" srcset=\"https:\/\/media.alj.com\/app\/uploads\/2021\/07\/Akram-Bouchenaki-254x300.jpg 254w, https:\/\/media.alj.com\/app\/uploads\/2021\/07\/Akram-Bouchenaki-868x1024.jpg 868w, https:\/\/media.alj.com\/app\/uploads\/2021\/07\/Akram-Bouchenaki-127x150.jpg 127w, https:\/\/media.alj.com\/app\/uploads\/2021\/07\/Akram-Bouchenaki-768x906.jpg 768w, https:\/\/media.alj.com\/app\/uploads\/2021\/07\/Akram-Bouchenaki-1303x1536.jpg 1303w, https:\/\/media.alj.com\/app\/uploads\/2021\/07\/Akram-Bouchenaki-1737x2048.jpg 1737w\" sizes=\"(max-width: 254px) 100vw, 254px\" \/><figcaption id=\"caption-attachment-90611\" class=\"wp-caption-text\">Akram Bouchenaki<br \/>\nDirector General, Abdul Latif Jameel Health<\/figcaption><\/figure>\n<p>En 2020, mientras el mundo luchaba por contener la pandemia de COVID-19, Abdul Latif Jameel redobl\u00f3 su compromiso de mejorar el acceso global a la sanidad con el establecimiento de <a href=\"https:\/\/aljhealth.com\/\">Abdul Latif Jameel Health<\/a>.<\/p>\n<p>Abdul Latif Jameel Health refleja el firme compromiso de la familia Jameel con la innovaci\u00f3n para un futuro mejor.<\/p>\n<p>Liderada por el Dr. <a href=\"https:\/\/aljhealth.com\/our-people\/akram-bouchenaki\/\">Akram Bouchenaki<\/a>, exdirector del gigante de la salud Gilead Sciences, su objetivo es mejorar la salud en \u00e1reas m\u00e1s amplias del mundo en desarrollo, invirtiendo en proyectos, socios y productos con potencial para mejorar el acceso a la sanidad de quienes m\u00e1s lo necesitan.<\/p>\n<p>Abdul Latif Jameel Health est\u00e1 trabajando con la divisi\u00f3n de inversiones internacionales de la familia Jameel, <a href=\"https:\/\/jimco.com\">JIMCO<\/a> (la empresa Abdul Latif Jameel Investment Management Company) y su JIMCO Life Sciences Fund dedicado a acelerar a\u00fan m\u00e1s el acceso a la atenci\u00f3n m\u00e9dica moderna gracias a una serie de inversiones espec\u00edficas.<\/p>\n<p><iframe loading=\"lazy\" src=\"\/\/www.youtube.com\/embed\/UYaikv7UPaE\" width=\"560\" height=\"314\" allowfullscreen=\"allowfullscreen\"><\/iframe><\/p>\n<p>El <a href=\"https:\/\/www.alj.com\/en\/perspective\/a-stomach-for-innovation-a-qa-with-ceos-of-evelo-biosciences-and-abdul-latif-jameel-health-on-their-exciting-new-adventure\/\">primer acuerdo<\/a> se firm\u00f3 en enero de 2021, con una asociaci\u00f3n comercial con la empresa estadounidense <a href=\"https:\/\/evelobio.com\/\">Evelo Biosciences<\/a>, una compa\u00f1\u00eda biotecnol\u00f3gica de estadio cl\u00ednico que desarrolla una nueva modalidad de medicamentos administrados por v\u00eda oral. Seg\u00fan el acuerdo, las dos empresas colaborar\u00e1n en el desarrollo y la comercializaci\u00f3n de EDP1815, el principal candidato a producto para el tratamiento de las enfermedades inflamatorias, en Oriente Medio, Turqu\u00eda y \u00c1frica.<\/p>\n<p><iframe loading=\"lazy\" src=\"\/\/www.youtube.com\/embed\/_gLe9rSk0T0\" width=\"560\" height=\"314\" allowfullscreen=\"allowfullscreen\"><\/iframe><\/p>\n<figure id=\"attachment_90626\" aria-describedby=\"caption-attachment-90626\" style=\"width: 225px\" class=\"wp-caption alignright\"><img decoding=\"async\" loading=\"lazy\" class=\"wp-image-90626 size-medium\" src=\"https:\/\/www.alj.com\/app\/uploads\/2021\/07\/Fady-Jameel-2-225x300.jpg\" alt=\"Fady Jameel\" width=\"225\" height=\"300\" srcset=\"https:\/\/media.alj.com\/app\/uploads\/2021\/07\/Fady-Jameel-2-225x300.jpg 225w, https:\/\/media.alj.com\/app\/uploads\/2021\/07\/Fady-Jameel-2-768x1025.jpg 768w, https:\/\/media.alj.com\/app\/uploads\/2021\/07\/Fady-Jameel-2-112x150.jpg 112w, https:\/\/media.alj.com\/app\/uploads\/2021\/07\/Fady-Jameel-2-1151x1536.jpg 1151w, https:\/\/media.alj.com\/app\/uploads\/2021\/07\/Fady-Jameel-2.jpg 1224w\" sizes=\"(max-width: 225px) 100vw, 225px\" \/><figcaption id=\"caption-attachment-90626\" class=\"wp-caption-text\">Fady Jameel<br \/>\nPresidente adjunto y vicepresidente,<br \/>\nAbdul Latif Jameel<\/figcaption><\/figure>\n<p>Apenas un mes m\u00e1s tarde, se acord\u00f3 la siguiente inversi\u00f3n, con el innovador de vanguardia en ciencias de la vida, <a href=\"https:\/\/cellarity.com\/\">Cellarity<\/a>. Fundada por <a href=\"https:\/\/www.flagshippioneering.com\/\">Flagship Pioneering<\/a>, Cellarity est\u00e1 innovando en un nuevo enfoque para el descubrimiento de f\u00e1rmacos basado en el modelado computacional del comportamiento celular. Esto conduce a una comprensi\u00f3n m\u00e1s completa de la biolog\u00eda de sistemas y redes, lo que permite descubrir medicamentos dirigidos al comportamiento celular para una amplia variedad de enfermedades. Ya se est\u00e1n preparando m\u00e1s acuerdos.<\/p>\n<p><em>\u201cA lo largo de 75\u00a0a\u00f1os, Abdul Latif Jameel ha demostrado su capacidad para crear asociaciones en todos los niveles y en m\u00faltiples industrias, para comprender los diferentes mercados y, lo que es m\u00e1s importante, para ofrecer lo que esos mercados necesitan con el fin de satisfacer las expectativas locales.<\/em><\/p>\n<p><em>Abdul Latif Jameel Health replica este modelo en el sector sanitario, acelerando el acceso a la atenci\u00f3n m\u00e9dica moderna mediante la apertura de nuevos mercados<\/em> <em>para la distribuci\u00f3n de soluciones existentes, con un enfoque particular en el sur global, e invirtiendo en el futuro de MedTech<\/em>\u201d, dice <a href=\"https:\/\/aljhealth.com\/our-people\/fady-jameel\/\">Fady Jameel<\/a>, presidente adjunto y vicepresidente adjunto de Abdul Latif Jameel International.<\/p>\n<h2>Trabajando por un futuro m\u00e1s brillante y saludable para todos<\/h2>\n<p>Sin duda, y a pesar de la creciente riqueza de nuestra sociedad, la escala mundial de los desaf\u00edos sanitarios a los que nos enfrentamos no tiene precedentes. Resolverlos y alcanzar los objetivos del ODS 3 de la ONU requerir\u00e1 un esfuerzo estrat\u00e9gico y unificado. Pero es un esfuerzo que debemos hacer para garantizar una mejor salud y bienestar, y un futuro m\u00e1s brillante, para las comunidades de todos los rincones de nuestro planeta.<\/p>\n<p>El acceso a la atenci\u00f3n sanitaria debe considerarse un derecho humano b\u00e1sico innegable, independientemente del lugar de residencia de las personas o de sus medios econ\u00f3micos, del mismo modo que lo es el derecho al agua o al refugio. Aunque es un problema dif\u00edcil y multifac\u00e9tico, Abdul Latif Jameel y Community Jameel, en colaboraci\u00f3n con socios comprometidos en los sectores p\u00fablico, privado y tercero, est\u00e1n decididos a formar parte de la soluci\u00f3n.<\/p>\n<p>Para obtener m\u00e1s informaci\u00f3n sobre c\u00f3mo contribuyen las actividades de la familia Jameel a los Objetivos de Desarrollo Sostenible visite <a href=\"https:\/\/jameel75.com\/sdg\">https:\/\/jameel75.com\/sdg<\/a> para ver nuestro v\u00eddeo y descargar un informe resumido.<\/p>\n<p><a href=\"#_ftnref1\" name=\"_ftn1\">[1]<\/a> https:\/\/www.who.int\/hdp\/en\/<\/p>\n<p><a href=\"#_ftnref2\" name=\"_ftn2\">[2]<\/a> Sustainable Development Goals | United Nations Development Programme (undp.org)<\/p>\n<p><a href=\"#_ftnref3\" name=\"_ftn3\">[3]<\/a> Sustainable Development Goals | United Nations Development Programme (undp.org)<\/p>\n<p><a href=\"#_ftnref4\" name=\"_ftn4\">[4]<\/a> https:\/\/www.thelancet.com\/journals\/langlo\/article\/PIIS2214-109X(17)30488-6\/fulltext\/<\/p>\n<p><a href=\"#_ftnref5\" name=\"_ftn5\">[5]<\/a> https:\/\/elibrary.worldbank.org\/doi\/10.1596\/978-1-4648-0527-1_ch13#<\/p>\n<p><a href=\"#_ftnref6\" name=\"_ftn6\">[6]<\/a>https:\/\/www.jclinic.mit.edu\/post\/neural-network-aided-quarantine-control-model-estimation-of-covid-spread<\/p>\n<p><a href=\"#_ftnref7\" name=\"_ftn7\">[7]<\/a>https:\/\/www.jclinic.mit.edu\/post\/ml-for-covid-19-can-ai-give-you-an-alert-indicating-a-viral-infection-before-you-feel-symptoms<\/p>\n<p><a href=\"#_ftnref8\" name=\"_ftn8\">[8]<\/a>https:\/\/www.jclinic.mit.edu\/post\/ml-for-covid-19-can-ai-give-you-an-alert-indicating-a-viral-infection-before-you-feel-symptoms<\/p>\n<p><a href=\"#_ftnref9\" name=\"_ftn9\">[9]<\/a>https:\/\/www.imperial.ac.uk\/jameel-institute\/research\/strengthening-health-systems\/<\/p>\n<p><a href=\"#_ftnref10\" name=\"_ftn10\">[10]<\/a>https:\/\/www.alj.com\/en\/news\/abdul-latif-jameel-and-cyberdyne-expand-collaboration-across-gcc-region\/<\/p>\n","protected":false},"author":18,"featured_media":90567,"template":"","tags":[],"acf":[],"yoast_head":"<!-- This site is optimized with the Yoast SEO plugin v21.5 - https:\/\/yoast.com\/wordpress\/plugins\/seo\/ -->\n<title>Invertir en un futuro m\u00e1s inclusivo y saludable | Abdul Latif Jameel\u00ae<\/title>\n<meta name=\"description\" content=\"La familia Jameel apoya la visi\u00f3n de garantizar una vida sana y promover el bienestar para todos con el Objetivo de Desarrollo Sostenible 3 de la ONU.\" \/>\n<meta name=\"robots\" content=\"index, follow, max-snippet:-1, max-image-preview:large, max-video-preview:-1\" \/>\n<link rel=\"canonical\" href=\"https:\/\/alj.com\/es\/perspective\/invertir-en-un-futuro-mas-inclusivo-y-saludablecomo-apoya-la-familia-jameel-la-vision-compartida-de-la-onu-para-garantizar-una-vida-sana-y-promover-el-bienestar\/\" \/>\n<meta property=\"og:locale\" content=\"es_ES\" \/>\n<meta property=\"og:type\" content=\"article\" \/>\n<meta property=\"og:title\" content=\"Invertir en un futuro m\u00e1s inclusivo y saludable | Abdul Latif Jameel\u00ae\" \/>\n<meta property=\"og:description\" content=\"La familia Jameel apoya la visi\u00f3n de garantizar una vida sana y promover el bienestar para todos con el Objetivo de Desarrollo Sostenible 3 de la ONU.\" \/>\n<meta property=\"og:url\" content=\"https:\/\/alj.com\/es\/perspective\/invertir-en-un-futuro-mas-inclusivo-y-saludablecomo-apoya-la-familia-jameel-la-vision-compartida-de-la-onu-para-garantizar-una-vida-sana-y-promover-el-bienestar\/\" \/>\n<meta property=\"og:site_name\" content=\"Abdul Latif Jameel\" \/>\n<meta property=\"article:publisher\" content=\"https:\/\/www.facebook.com\/Abdul.Latif.Jameel.Official\" \/>\n<meta property=\"article:modified_time\" content=\"2021-11-17T11:12:38+00:00\" \/>\n<meta property=\"og:image\" content=\"https:\/\/media.alj.com\/app\/uploads\/2021\/07\/cg-405-720x480-1.jpg\" \/>\n\t<meta property=\"og:image:width\" content=\"546\" \/>\n\t<meta property=\"og:image:height\" content=\"480\" \/>\n\t<meta property=\"og:image:type\" content=\"image\/jpeg\" \/>\n<meta name=\"twitter:card\" content=\"summary_large_image\" \/>\n<meta name=\"twitter:label1\" content=\"Est. reading time\" \/>\n\t<meta name=\"twitter:data1\" content=\"15 minutes\" \/>\n<script type=\"application\/ld+json\" class=\"yoast-schema-graph\">{\"@context\":\"https:\/\/schema.org\",\"@graph\":[{\"@type\":\"WebPage\",\"@id\":\"https:\/\/alj.com\/es\/perspective\/invertir-en-un-futuro-mas-inclusivo-y-saludablecomo-apoya-la-familia-jameel-la-vision-compartida-de-la-onu-para-garantizar-una-vida-sana-y-promover-el-bienestar\/\",\"url\":\"https:\/\/alj.com\/es\/perspective\/invertir-en-un-futuro-mas-inclusivo-y-saludablecomo-apoya-la-familia-jameel-la-vision-compartida-de-la-onu-para-garantizar-una-vida-sana-y-promover-el-bienestar\/\",\"name\":\"Invertir en un futuro m\u00e1s inclusivo y saludable | Abdul Latif Jameel\u00ae\",\"isPartOf\":{\"@id\":\"https:\/\/alj.com\/en\/#website\"},\"datePublished\":\"2021-07-26T08:57:13+00:00\",\"dateModified\":\"2021-11-17T11:12:38+00:00\",\"description\":\"La familia Jameel apoya la visi\u00f3n de garantizar una vida sana y promover el bienestar para todos con el Objetivo de Desarrollo Sostenible 3 de la ONU.\",\"breadcrumb\":{\"@id\":\"https:\/\/alj.com\/es\/perspective\/invertir-en-un-futuro-mas-inclusivo-y-saludablecomo-apoya-la-familia-jameel-la-vision-compartida-de-la-onu-para-garantizar-una-vida-sana-y-promover-el-bienestar\/#breadcrumb\"},\"inLanguage\":\"es-ES\",\"potentialAction\":[{\"@type\":\"ReadAction\",\"target\":[\"https:\/\/alj.com\/es\/perspective\/invertir-en-un-futuro-mas-inclusivo-y-saludablecomo-apoya-la-familia-jameel-la-vision-compartida-de-la-onu-para-garantizar-una-vida-sana-y-promover-el-bienestar\/\"]}]},{\"@type\":\"BreadcrumbList\",\"@id\":\"https:\/\/alj.com\/es\/perspective\/invertir-en-un-futuro-mas-inclusivo-y-saludablecomo-apoya-la-familia-jameel-la-vision-compartida-de-la-onu-para-garantizar-una-vida-sana-y-promover-el-bienestar\/#breadcrumb\",\"itemListElement\":[{\"@type\":\"ListItem\",\"position\":1,\"name\":\"Home\",\"item\":\"https:\/\/alj.com\/es\/\"},{\"@type\":\"ListItem\",\"position\":2,\"name\":\"Perspectives\",\"item\":\"https:\/\/alj.com\/ja\/perspective\/\"},{\"@type\":\"ListItem\",\"position\":3,\"name\":\"Invertir en un futuro m\u00e1s inclusivo y saludable\"}]},{\"@type\":\"WebSite\",\"@id\":\"https:\/\/alj.com\/en\/#website\",\"url\":\"https:\/\/alj.com\/en\/\",\"name\":\"Abdul Latif Jameel\",\"description\":\"Abdul Latif Jameel\",\"potentialAction\":[{\"@type\":\"SearchAction\",\"target\":{\"@type\":\"EntryPoint\",\"urlTemplate\":\"https:\/\/alj.com\/en\/?s={search_term_string}\"},\"query-input\":\"required name=search_term_string\"}],\"inLanguage\":\"es-ES\"}]}<\/script>\n<!-- \/ Yoast SEO plugin. -->","yoast_head_json":{"title":"Invertir en un futuro m\u00e1s inclusivo y saludable | Abdul Latif Jameel\u00ae","description":"La familia Jameel apoya la visi\u00f3n de garantizar una vida sana y promover el bienestar para todos con el Objetivo de Desarrollo Sostenible 3 de la ONU.","robots":{"index":"index","follow":"follow","max-snippet":"max-snippet:-1","max-image-preview":"max-image-preview:large","max-video-preview":"max-video-preview:-1"},"canonical":"https:\/\/alj.com\/es\/perspective\/invertir-en-un-futuro-mas-inclusivo-y-saludablecomo-apoya-la-familia-jameel-la-vision-compartida-de-la-onu-para-garantizar-una-vida-sana-y-promover-el-bienestar\/","og_locale":"es_ES","og_type":"article","og_title":"Invertir en un futuro m\u00e1s inclusivo y saludable | Abdul Latif Jameel\u00ae","og_description":"La familia Jameel apoya la visi\u00f3n de garantizar una vida sana y promover el bienestar para todos con el Objetivo de Desarrollo Sostenible 3 de la ONU.","og_url":"https:\/\/alj.com\/es\/perspective\/invertir-en-un-futuro-mas-inclusivo-y-saludablecomo-apoya-la-familia-jameel-la-vision-compartida-de-la-onu-para-garantizar-una-vida-sana-y-promover-el-bienestar\/","og_site_name":"Abdul Latif Jameel","article_publisher":"https:\/\/www.facebook.com\/Abdul.Latif.Jameel.Official","article_modified_time":"2021-11-17T11:12:38+00:00","og_image":[{"width":546,"height":480,"url":"https:\/\/media.alj.com\/app\/uploads\/2021\/07\/cg-405-720x480-1.jpg","type":"image\/jpeg"}],"twitter_card":"summary_large_image","twitter_misc":{"Est. reading time":"15 minutes"},"schema":{"@context":"https:\/\/schema.org","@graph":[{"@type":"WebPage","@id":"https:\/\/alj.com\/es\/perspective\/invertir-en-un-futuro-mas-inclusivo-y-saludablecomo-apoya-la-familia-jameel-la-vision-compartida-de-la-onu-para-garantizar-una-vida-sana-y-promover-el-bienestar\/","url":"https:\/\/alj.com\/es\/perspective\/invertir-en-un-futuro-mas-inclusivo-y-saludablecomo-apoya-la-familia-jameel-la-vision-compartida-de-la-onu-para-garantizar-una-vida-sana-y-promover-el-bienestar\/","name":"Invertir en un futuro m\u00e1s inclusivo y saludable | Abdul Latif Jameel\u00ae","isPartOf":{"@id":"https:\/\/alj.com\/en\/#website"},"datePublished":"2021-07-26T08:57:13+00:00","dateModified":"2021-11-17T11:12:38+00:00","description":"La familia Jameel apoya la visi\u00f3n de garantizar una vida sana y promover el bienestar para todos con el Objetivo de Desarrollo Sostenible 3 de la ONU.","breadcrumb":{"@id":"https:\/\/alj.com\/es\/perspective\/invertir-en-un-futuro-mas-inclusivo-y-saludablecomo-apoya-la-familia-jameel-la-vision-compartida-de-la-onu-para-garantizar-una-vida-sana-y-promover-el-bienestar\/#breadcrumb"},"inLanguage":"es-ES","potentialAction":[{"@type":"ReadAction","target":["https:\/\/alj.com\/es\/perspective\/invertir-en-un-futuro-mas-inclusivo-y-saludablecomo-apoya-la-familia-jameel-la-vision-compartida-de-la-onu-para-garantizar-una-vida-sana-y-promover-el-bienestar\/"]}]},{"@type":"BreadcrumbList","@id":"https:\/\/alj.com\/es\/perspective\/invertir-en-un-futuro-mas-inclusivo-y-saludablecomo-apoya-la-familia-jameel-la-vision-compartida-de-la-onu-para-garantizar-una-vida-sana-y-promover-el-bienestar\/#breadcrumb","itemListElement":[{"@type":"ListItem","position":1,"name":"Home","item":"https:\/\/alj.com\/es\/"},{"@type":"ListItem","position":2,"name":"Perspectives","item":"https:\/\/alj.com\/ja\/perspective\/"},{"@type":"ListItem","position":3,"name":"Invertir en un futuro m\u00e1s inclusivo y saludable"}]},{"@type":"WebSite","@id":"https:\/\/alj.com\/en\/#website","url":"https:\/\/alj.com\/en\/","name":"Abdul Latif Jameel","description":"Abdul Latif Jameel","potentialAction":[{"@type":"SearchAction","target":{"@type":"EntryPoint","urlTemplate":"https:\/\/alj.com\/en\/?s={search_term_string}"},"query-input":"required name=search_term_string"}],"inLanguage":"es-ES"}]}},"post-meta-fields":{"_alp_processed":["1627216393"],"_wpml_word_count":["{\"total\":2512,\"to_translate\":{\"ar\":2512,\"zh-hans\":2512,\"fr\":2512,\"ja\":2512,\"es\":2512,\"tr\":2512}}"],"push_notification":["no"],"_push_notification":["field_5c3b1fb67034d"],"_wpml_media_featured":["1"],"_wpml_media_duplicate":["1"],"perspective_short_title":["Invertir en un futuro m\u00e1s inclusivo y saludable"],"perspective_summury":["<p>La ambici\u00f3n de garantizar una vida sana y promover el bienestar para todos \u2013el Objetivo de Desarrollo Sostenible (ODS) 3 de la ONU\u2013 nunca ha sido tan pertinente como durante la pandemia de COVID-19, ya que el mundo se enfrenta a la peor crisis sanitaria mundial desde hace m\u00e1s de 100 a\u00f1os.<\/p>\n"],"perspective_location":["Dubai, EAU"],"wpcf-featured-news":["0"],"is_latest_news":["0"],"wpcf-show-news-at-homepage":["1"],"publish_mobile":[""],"_publish_mobile":["field_5bfa8eb2e65cf"],"mobile_featured_image":["https:\/\/media.alj.com\/app\/uploads\/2021\/07\/cg-405-720x480-1.jpg"],"_mobile_featured_image":["field_5c3b204983dea"],"_wpcf-card-image-sort-order":["a:1:{i:0;i:1058740;}"],"_bsf_post_type":["0"],"_bsf_item_review_type":["none"],"_yoast_wpseo_title":["Invertir en un futuro m\u00e1s inclusivo y saludable | Abdul Latif Jameel\u00ae"],"_yoast_wpseo_metadesc":["La familia Jameel apoya la visi\u00f3n de garantizar una vida sana y promover el bienestar para todos con el Objetivo de Desarrollo Sostenible 3 de la ONU."],"_yoast_wpseo_content_score":["30"],"_yoast_wpseo_estimated-reading-time-minutes":["15"],"_thumbnail_id":["90567"],"_last_translation_edit_mode":["native-editor"],"_edit_lock":["1637147692:18"],"_edit_last":["18"],"content_series_applied":["a:1:{i:0;s:5:\"91397\";}"],"_content_series_applied":["field_60f3d3faf82ac"],"perspective_business_sector":["Corporativa"],"wpcf-perspective-published-date":["1627257600"],"wpcf-card-image":[""]},"_links":{"self":[{"href":"https:\/\/alj.com\/es\/wp-json\/wp\/v2\/perspective\/90677"}],"collection":[{"href":"https:\/\/alj.com\/es\/wp-json\/wp\/v2\/perspective"}],"about":[{"href":"https:\/\/alj.com\/es\/wp-json\/wp\/v2\/types\/perspective"}],"author":[{"embeddable":true,"href":"https:\/\/alj.com\/es\/wp-json\/wp\/v2\/users\/18"}],"wp:featuredmedia":[{"embeddable":true,"href":"https:\/\/alj.com\/es\/wp-json\/wp\/v2\/media\/90567"}],"wp:attachment":[{"href":"https:\/\/alj.com\/es\/wp-json\/wp\/v2\/media?parent=90677"}],"wp:term":[{"taxonomy":"post_tag","embeddable":true,"href":"https:\/\/alj.com\/es\/wp-json\/wp\/v2\/tags?post=90677"}],"curies":[{"name":"wp","href":"https:\/\/api.w.org\/{rel}","templated":true}]}}