{"id":94186,"date":"2021-11-16T06:47:20","date_gmt":"2021-11-16T06:47:20","guid":{"rendered":"https:\/\/www.alj.com\/?post_type=perspective&#038;p=94186"},"modified":"2022-04-14T07:49:56","modified_gmt":"2022-04-14T07:49:56","slug":"impulsamos-el-progreso-juntos","status":"publish","type":"perspective","link":"https:\/\/alj.com\/es\/perspective\/impulsamos-el-progreso-juntos\/","title":{"rendered":"Impulsamos el progreso juntos"},"content":{"rendered":"<h4>C\u00f3mo el enfoque colaborativo de la familia Jameel se alinea con la visi\u00f3n de asociaci\u00f3n de la ONU para alcanzar los Objetivos de Desarrollo Sostenible<\/h4>\n<p><img decoding=\"async\" loading=\"lazy\" class=\"alignleft size-medium wp-image-88841\" src=\"https:\/\/www.alj.com\/app\/uploads\/2021\/05\/E_SDG-goals_icons-individual-rgb-17-300x300.png\" alt=\"\" width=\"300\" height=\"300\" srcset=\"https:\/\/media.alj.com\/app\/uploads\/2021\/05\/E_SDG-goals_icons-individual-rgb-17-300x300.png 300w, https:\/\/media.alj.com\/app\/uploads\/2021\/05\/E_SDG-goals_icons-individual-rgb-17-1024x1024.png 1024w, https:\/\/media.alj.com\/app\/uploads\/2021\/05\/E_SDG-goals_icons-individual-rgb-17-150x150.png 150w, https:\/\/media.alj.com\/app\/uploads\/2021\/05\/E_SDG-goals_icons-individual-rgb-17-768x768.png 768w, https:\/\/media.alj.com\/app\/uploads\/2021\/05\/E_SDG-goals_icons-individual-rgb-17-200x200.png 200w, https:\/\/media.alj.com\/app\/uploads\/2021\/05\/E_SDG-goals_icons-individual-rgb-17-170x170.png 170w, https:\/\/media.alj.com\/app\/uploads\/2021\/05\/E_SDG-goals_icons-individual-rgb-17-70x70.png 70w, https:\/\/media.alj.com\/app\/uploads\/2021\/05\/E_SDG-goals_icons-individual-rgb-17-271x271.png 271w, https:\/\/media.alj.com\/app\/uploads\/2021\/05\/E_SDG-goals_icons-individual-rgb-17.png 1536w\" sizes=\"(max-width: 300px) 100vw, 300px\" \/>Los <a href=\"https:\/\/sdgs.un.org\/goals\">Objetivos de Desarrollo Sostenible (ODS) de las Naciones Unidas (ONU)<\/a> son un modelo para lograr un futuro mejor y m\u00e1s sostenible para todos. Abordan los desaf\u00edos globales a los que nos enfrentamos, como la pobreza, la desigualdad, el cambio clim\u00e1tico, la degradaci\u00f3n ambiental, la paz y la justicia. Para ello, definen las acciones que deber\u00edamos llevar a cabo como sociedad para salvaguardar el futuro de nuestro modo de vida y de nuestro planeta.<\/p>\n<p>Todos los Estados miembros de la ONU adoptaron los 17\u00a0objetivos en 2015, como parte de la <a href=\"https:\/\/sdgs.un.org\/2030agenda\">Agenda 2030 para el Desarrollo Sostenible<\/a><a href=\"#_ftn1\" name=\"_ftnref1\">[1]<\/a>, que estableci\u00f3 un plan de 15\u00a0a\u00f1os para alcanzarlos.<\/p>\n<p>En la actualidad hay progresos en muchos \u00e1mbitos, pero, en general, a\u00fan no estamos avanzando a la velocidad o magnitud requerida para cumplir los objetivos<a href=\"#_ftn2\" name=\"_ftnref2\">[2]<\/a>. En la Cumbre de los ODS de la ONU, el secretario general Antonio Guterres pidi\u00f3 a todos los sectores de la sociedad que se movilizaran a lo largo de la pr\u00f3xima d\u00e9cada para intentar cumplir en la mayor medida posible con los objetivos marcados<a href=\"#_ftn3\" name=\"_ftnref3\">[3]<\/a>.<\/p>\n<figure id=\"attachment_91265\" aria-describedby=\"caption-attachment-91265\" style=\"width: 300px\" class=\"wp-caption alignright\"><img decoding=\"async\" loading=\"lazy\" class=\"size-medium wp-image-91265\" src=\"https:\/\/www.alj.com\/app\/uploads\/2021\/08\/Antonio-Guterres-300x174.jpg\" alt=\"Ant\u00f3nio Guterres\" width=\"300\" height=\"174\" srcset=\"https:\/\/media.alj.com\/app\/uploads\/2021\/08\/Antonio-Guterres-300x174.jpg 300w, https:\/\/media.alj.com\/app\/uploads\/2021\/08\/Antonio-Guterres-1024x593.jpg 1024w, https:\/\/media.alj.com\/app\/uploads\/2021\/08\/Antonio-Guterres-150x87.jpg 150w, https:\/\/media.alj.com\/app\/uploads\/2021\/08\/Antonio-Guterres-768x445.jpg 768w, https:\/\/media.alj.com\/app\/uploads\/2021\/08\/Antonio-Guterres.jpg 1200w\" sizes=\"(max-width: 300px) 100vw, 300px\" \/><figcaption id=\"caption-attachment-91265\" class=\"wp-caption-text\">Secretario general de la ONU, Ant\u00f3nio Guterres<\/figcaption><\/figure>\n<p><em>\u201cNecesitamos que todos se involucren. Tenemos que avanzar juntos, al mismo ritmo que los j\u00f3venes, sin dejar a nadie atr\u00e1s. Aprovechemos el impulso de esta cumbre para movernos m\u00e1s r\u00e1pido y m\u00e1s lejos, para llegar a nuestro destino por el bien de las personas y el planeta\u201d<\/em>, dijo Guterres.<\/p>\n<p>La mayor\u00eda de los objetivos establecen acciones prioritarias que, si se logran, ayudar\u00e1n a resolver diferentes problemas y nos permitir\u00e1n alcanzar nuestras metas, ya sea reduciendo la pobreza, mejorando el acceso a los alimentos y al agua, o disminuyendo las emisiones de CO<sub>2<\/sub>.<\/p>\n<p><img decoding=\"async\" loading=\"lazy\" class=\"aligncenter size-full wp-image-94138\" src=\"https:\/\/www.alj.com\/app\/uploads\/2021\/11\/UN-SDG-17-banner.jpg\" alt=\"\" width=\"1378\" height=\"396\" srcset=\"https:\/\/media.alj.com\/app\/uploads\/2021\/11\/UN-SDG-17-banner.jpg 1378w, https:\/\/media.alj.com\/app\/uploads\/2021\/11\/UN-SDG-17-banner-300x86.jpg 300w, https:\/\/media.alj.com\/app\/uploads\/2021\/11\/UN-SDG-17-banner-1024x294.jpg 1024w, https:\/\/media.alj.com\/app\/uploads\/2021\/11\/UN-SDG-17-banner-150x43.jpg 150w, https:\/\/media.alj.com\/app\/uploads\/2021\/11\/UN-SDG-17-banner-768x221.jpg 768w\" sizes=\"(max-width: 1378px) 100vw, 1378px\" \/><\/p>\n<p>Sin embargo, el <a href=\"https:\/\/sdgs.un.org\/goals\/goal17\">17.\u00ba\u00a0ODS<\/a>: Alianzas para lograr los objetivos es diferente. En lugar de establecer <em>qu\u00e9<\/em> acciones hay que realizar, describe <em>c\u00f3mo<\/em> debemos llevarlas a cabo para lograr nuestros objetivos. Recalca que los ODS solo pueden materializarse con asociaciones y cooperaci\u00f3n globales s\u00f3lidas.<\/p>\n<p>El 17.\u00ba ODS afirma: <em>\u201cPara que un programa de desarrollo se cumpla satisfactoriamente, es necesario establecer asociaciones inclusivas (a nivel mundial, regional, nacional y local) sobre principios y valores, as\u00ed como sobre una visi\u00f3n y unos objetivos compartidos que se centren primero en las personas y el planeta. Ahora m\u00e1s que nunca es necesaria una s\u00f3lida cooperaci\u00f3n internacional con el fin de garantizar que los pa\u00edses que poseen los medios para recuperarse de la pandemia reconstruyan mejor y consigan los Objetivos de Desarrollo Sostenible<\/em>\u201d.<a href=\"#_ftn4\" name=\"_ftnref4\">[4]<\/a><\/p>\n<p>La pandemia de la COVID-19 ha centrado a\u00fan m\u00e1s la atenci\u00f3n en el papel crucial de las asociaciones globales. La econom\u00eda global interconectada requiere una respuesta global para garantizar que todos los pa\u00edses y territorios, en particular los pa\u00edses en v\u00edas de desarrollo, puedan abordar las crisis sanitarias, econ\u00f3micas y medioambientales paralelas para recuperarse mejor.<\/p>\n<h2>Nuestra larga historia con las asociaciones<\/h2>\n<p>Durante m\u00e1s de 75 a\u00f1os, este esp\u00edritu de asociaci\u00f3n ha sido fundamental tanto en los esfuerzos comerciales como filantr\u00f3picos de la familia Jameel.<\/p>\n<p><iframe loading=\"lazy\" src=\"\/\/www.youtube.com\/embed\/afe57MJK9gw\" width=\"560\" height=\"314\" allowfullscreen=\"allowfullscreen\"><\/iframe><\/p>\n<p>Desde que nuestro fundador Abdul Latif Jameel abri\u00f3 su primera estaci\u00f3n de servicio en 1945, el mismo a\u00f1o en que se fund\u00f3 la ONU, la familia Jameel ha creado alianzas diversas y de amplio alcance en todo el mundo, bas\u00e1ndose en el respeto, los valores compartidos y una visi\u00f3n mutua de crear valor tangible para el futuro de la sociedad humana. De esta forma, fortalecemos tanto nuestro negocio como nuestra capacidad de innovar para un futuro mejor. Esto es a\u00fan m\u00e1s cierto en nuestras asociaciones para contribuir colectiva y materialmente a los ODS de la ONU.<\/p>\n<p><img decoding=\"async\" loading=\"lazy\" class=\"aligncenter size-full wp-image-94173\" src=\"https:\/\/www.alj.com\/app\/uploads\/2021\/11\/UN-SDG-17-infographic-1.png\" alt=\"UN SDG 17 infographic\" width=\"4886\" height=\"6540\" srcset=\"https:\/\/media.alj.com\/app\/uploads\/2021\/11\/UN-SDG-17-infographic-1.png 4886w, https:\/\/media.alj.com\/app\/uploads\/2021\/11\/UN-SDG-17-infographic-1-224x300.png 224w, https:\/\/media.alj.com\/app\/uploads\/2021\/11\/UN-SDG-17-infographic-1-765x1024.png 765w, https:\/\/media.alj.com\/app\/uploads\/2021\/11\/UN-SDG-17-infographic-1-112x150.png 112w, https:\/\/media.alj.com\/app\/uploads\/2021\/11\/UN-SDG-17-infographic-1-768x1028.png 768w, https:\/\/media.alj.com\/app\/uploads\/2021\/11\/UN-SDG-17-infographic-1-1148x1536.png 1148w, https:\/\/media.alj.com\/app\/uploads\/2021\/11\/UN-SDG-17-infographic-1-1530x2048.png 1530w\" sizes=\"(max-width: 4886px) 100vw, 4886px\" \/><\/p>\n<p>&nbsp;<\/p>\n<p>A trav\u00e9s de nuestra inversi\u00f3n continua en la <em>\u201c<\/em>infraestructura de la vida\u201d, que est\u00e1 presente en todo el mundo y abarca desde sistemas alimentarios hasta energ\u00eda, educaci\u00f3n y salud, seguimos comprometi\u00e9ndonos a apoyar un futuro m\u00e1s justo, ecol\u00f3gico y pr\u00f3spero para todos. Al mismo tiempo, tambi\u00e9n nos esforzamos por encontrar soluciones a algunas de las preguntas m\u00e1s desafiantes a las que se enfrenta la humanidad y nuestro planeta.<\/p>\n<p>El alcance y el impacto ya logrados ser\u00edan imposibles sin el compromiso, la experiencia y los recursos de nuestros socios; desde alianzas comerciales hasta nuestros clientes, desde proveedores hasta ONG, desde la ciencia al \u00e1mbito acad\u00e9mico y tambi\u00e9n en nuestras inversiones.<\/p>\n<p>A trav\u00e9s de nuestros negocios y filantrop\u00eda nos asociamos con organismos internacionales, corporaciones, innovadores, universidades, l\u00edderes municipales, organizaciones comunitarias, fundaciones art\u00edsticas y grupos juveniles.<\/p>\n<p>Nuestro \u00e9xito, y nuestra contribuci\u00f3n a los esfuerzos globales para lograr los ODS, dependen de estas alianzas y asociaciones mutuamente beneficiosas.<\/p>\n<h2>Impulsar el progreso a trav\u00e9s de las asociaciones<\/h2>\n<p>Nuestra asociaci\u00f3n m\u00e1s antigua se remonta a los primeros d\u00edas de <a href=\"https:\/\/alj.com\">Abdul Latif Jameel<\/a>, cuando nuestro fundador abri\u00f3 su <a href=\"https:\/\/jameel75.com\/en\/journey\">primer punto de venta de veh\u00edculos<\/a> en Yeda. Se asoci\u00f3 con una prometedora marca japonesa llamada <a href=\"https:\/\/www.toyota.com.sa\/\">Toyota<\/a> y, en el proceso, ayud\u00f3 a fomentar la movilidad masiva, un catalizador del crecimiento econ\u00f3mico, en Arabia Saud\u00ed. M\u00e1s adelante, nuestra asociaci\u00f3n con Toyota nos permiti\u00f3 desempe\u00f1ar un papel clave en el desarrollo y la popularidad de nuevos modelos sostenibles de movilidad automovil\u00edstica en la regi\u00f3n MENAT, como los veh\u00edculos h\u00edbridos integrales Toyota y Lexus o el Toyota Mirai impulsado por hidr\u00f3geno.<\/p>\n<p>Este compromiso con la movilidad sostenible llev\u00f3 a la <a href=\"https:\/\/jimco.com\/en\/who-we-are\/our-people\/#jameelfamily\">familia Jameel<\/a> a convertirse en uno de los primeros inversores en <a href=\"https:\/\/rivian.com\/\">RIVIAN<\/a>, una revolucionaria empresa de veh\u00edculos el\u00e9ctricos, y en <a href=\"https:\/\/www.jobyaviation.com\/\">Joby Aviation<\/a>, un negocio de transporte a\u00e9reo compartido totalmente el\u00e9ctrico con aeronaves eVTOL.<\/p>\n<p>Adem\u00e1s de los veh\u00edculos de pasajeros, hemos ampliado el enfoque de nuestras asociaciones a otras \u00e1reas de transporte, como veh\u00edculos comerciales, equipos y log\u00edstica, colaborando con marcas como Hino Trucks, Toyota Industrial Equipment, Raymond Materials Handling, Komatsu Mining and Construction Solutions, Manitou y una amplia gama de soluciones destinadas a generar energ\u00eda para el sector de la construcci\u00f3n.<\/p>\n<p><img decoding=\"async\" loading=\"lazy\" class=\"aligncenter size-full wp-image-94145\" src=\"https:\/\/www.alj.com\/app\/uploads\/2021\/11\/UN-SDG-17-grid.jpg\" alt=\"\" width=\"1034\" height=\"780\" srcset=\"https:\/\/media.alj.com\/app\/uploads\/2021\/11\/UN-SDG-17-grid.jpg 1034w, https:\/\/media.alj.com\/app\/uploads\/2021\/11\/UN-SDG-17-grid-300x226.jpg 300w, https:\/\/media.alj.com\/app\/uploads\/2021\/11\/UN-SDG-17-grid-1024x772.jpg 1024w, https:\/\/media.alj.com\/app\/uploads\/2021\/11\/UN-SDG-17-grid-150x113.jpg 150w, https:\/\/media.alj.com\/app\/uploads\/2021\/11\/UN-SDG-17-grid-768x579.jpg 768w\" sizes=\"(max-width: 1034px) 100vw, 1034px\" \/><\/p>\n<h3>Construyendo un futuro m\u00e1s sostenible<\/h3>\n<p><a href=\"https:\/\/www.alj.com\/en\/energy-and-environmental-services\/energy-overview\/\">Abdul Latif Jameel Energy and Environmental Services<\/a> est\u00e1 aplicando la estrategia de establecer asociaciones con gran \u00e9xito en varios sectores que son parte integral de la infraestructura de la vida, incluidos el agua y la energ\u00eda limpia.<\/p>\n<p><iframe loading=\"lazy\" src=\"\/\/www.youtube.com\/embed\/K5Su-KjYeXg\" width=\"560\" height=\"314\" allowfullscreen=\"allowfullscreen\"><\/iframe><\/p>\n<p>Por ejemplo, <a href=\"https:\/\/almarwater.com\/\">Almar Water Solutions<\/a>, un proveedor especializado en capacidades t\u00e9cnicas para el desarrollo de infraestructuras h\u00eddricas, colabora con proveedores de soluciones y autoridades de todo el mundo para mejorar el acceso al recurso m\u00e1s preciado del planeta, el agua, a trav\u00e9s de inversiones en proyectos de <a href=\"https:\/\/www.alj.com\/en\/perspective\/water-reuse-is-a-big-opportunity-just-going-to-waste\/\">tratamiento y reciclaje<\/a> y <a href=\"https:\/\/www.alj.com\/en\/perspective\/fresh-water-fresh-ideas-can-renewable-energy-be-the-future-of-desalination\/\">desalinizaci\u00f3n sostenible<\/a>.<\/p>\n<p>La empresa tiene una participaci\u00f3n importante en la <a href=\"https:\/\/www.almarwater.com\/es\/2019\/05\/09\/almar-water-solutions-to-acquire-mubadala-infrastructure-partners-investment-in-muharraq-sewage-treatment-plant-in-bahrain\/#_ftn1\">planta de tratamiento de aguas residuales de Muharraq<\/a> , en Bar\u00e9in. Asimismo, como parte de un consorcio, en 2019 consigui\u00f3 el contrato para desarrollar una de las plantas de desalinizaci\u00f3n m\u00e1s grandes del mundo, la galardonada <a href=\"https:\/\/www.alj.com\/en\/news\/almar-water-solutions-invest-us-600m-supply-1-8m-people-saudi-arabia-desalinated-water\/\">Shuqaiq 3 IWP<\/a>, en la costa del Mar Rojo de Arabia Saud\u00ed.<\/p>\n<p><iframe loading=\"lazy\" src=\"\/\/www.youtube.com\/embed\/oS5w15xO8B0\" width=\"560\" height=\"314\" allowfullscreen=\"allowfullscreen\"><\/iframe><\/p>\n<p>Almar tambi\u00e9n est\u00e1 expandiendo r\u00e1pidamente sus operaciones en <a href=\"https:\/\/www.alj.com\/en\/perspective\/torrent-of-problems-water-challenges-of-latin-america\/\">Am\u00e9rica Latina<\/a>, en particular en <a href=\"https:\/\/www.alj.com\/en\/in-the-news\/almar-water-solutions-awarded-new-om-contract-in-chile\/\">Chile<\/a>, donde participa en una serie de proyectos de desarrollo de agua junto con socios locales. Del mismo modo, en <a href=\"https:\/\/www.alj.com\/en\/news\/abdul-latif-jameel-energy-expands-water-sector-portfolio-with-acquisition-of-58-desalination-plants-in-egypt\/\">Egipto<\/a>, donde 7,3\u00a0millones de personas no tienen acceso a agua potable y 8,4\u00a0millones est\u00e1n privados de un saneamiento adecuado, se est\u00e1 asociando con <a href=\"https:\/\/hautilities.com\/\">HA Utilities<\/a> para desarrollar proyectos de gesti\u00f3n de aguas residuales en todo el pa\u00eds.<\/p>\n<p>Al igual que Almar Water Solutions est\u00e1 haciendo en el sector del agua, Fotowatio Renewable Ventures (<a href=\"https:\/\/frv.com\/en\/\">FRV<\/a>) est\u00e1 trabajando con socios de todo el mundo en el sector de las <a href=\"https:\/\/www.alj.com\/en\/perspective\/feel-the-power\/\">energ\u00edas renovables<\/a> para proporcionar energ\u00eda limpia y asequible a millones de hogares. Su rama dedicada a la innovaci\u00f3n, <a href=\"https:\/\/frv.com\/en\/services\/frv-x\/\">FRV-X,<\/a> tambi\u00e9n est\u00e1 adoptando un enfoque colaborativo para romper barreras en el \u00e1mbito de la energ\u00eda limpia. En asociaci\u00f3n con <a href=\"https:\/\/www.harmonyenergy.co.uk\/\">Harmony Energy<\/a> est\u00e1 impulsando el desarrollo de bater\u00edas de almacenamiento a escala de servicios p\u00fablicos en el Reino Unido, con dos proyectos: <a href=\"https:\/\/www.alj.com\/en\/news\/abdul-latif-jameel-energys-frv-harmony-energy-commission-first-megapack-uk-energy-storage-project\/\">Holes Bay<\/a> y <a href=\"https:\/\/www.alj.com\/en\/news\/abdul-latif-jameel-energy-supports-development-of-second-utility-scale-battery-storage-project-in-uk\/\">Contego<\/a>. Tambi\u00e9n participa en dos innovadoras asociaciones de movilidad p\u00fablica en Espa\u00f1a que pretenden llevar los beneficios del <a href=\"https:\/\/www.alj.com\/en\/perspective\/next-stop-hydrogen-powered-public-transport\/\">transporte impulsado por hidr\u00f3geno<\/a> a un p\u00fablico m\u00e1s amplio.<\/p>\n<h3>Trabajar por la igualdad en la salud<\/h3>\n<p>La familia Jameel tiene una larga historia de inversi\u00f3n en el sector sanitario, un \u00e1rea con costes elevados, una gran complejidad y estrictos marcos normativos donde un enfoque de asociaci\u00f3n puede ser particularmente beneficioso.<\/p>\n<p><iframe loading=\"lazy\" src=\"\/\/www.youtube.com\/embed\/T6q1Njfn5LE\" width=\"560\" height=\"314\" allowfullscreen=\"allowfullscreen\"><\/iframe><\/p>\n<p><a href=\"https:\/\/aljhealth.com\/en\/\">Abdul Latif Jameel Health<\/a> se centra en acelerar el acceso a la atenci\u00f3n m\u00e9dica moderna y, al mismo tiempo, en abordar las necesidades m\u00e9dicas insatisfechas de mercados en desarrollo de todo el mundo. Fundada en 2020, ya ha concluido una serie de acuerdos clave con socios como <a href=\"https:\/\/www.alj.com\/en\/perspective\/a-stomach-for-innovation-a-qa-with-ceos-of-evelo-biosciences-and-abdul-latif-jameel-health-on-their-exciting-new-adventure\/\">Evelo Biosciences<\/a>, <a href=\"https:\/\/www.alj.com\/en\/perspective\/cell-mates\/\">Cellarity<\/a> y los innovadores japoneses <a href=\"https:\/\/aljhealth.com\/en\/news\/abdul-latif-jameel-health-melody-intl-announce-strategic-collaboration\/\">Melody International<\/a>, <a href=\"https:\/\/youtu.be\/iB3kW2rmk8E\">Cellspect<\/a> y Holoeyes para llevar la pr\u00f3xima generaci\u00f3n de tecnolog\u00edas sanitarias a personas en mercados desatendidos de todo el mundo.<\/p>\n<p>En el otro extremo de la balanza, <a href=\"https:\/\/www.communityjameel.org\/en\">Community Jameel<\/a>, la filantrop\u00eda global de la <a href=\"https:\/\/www.communityjameel.org\/en\/who-we-are\/jameel-family\">familia Jameel<\/a>, se asocia con instituciones acad\u00e9micas l\u00edderes en todo el mundo para apoyar las investigaciones e innovaciones revolucionarias que se necesitan para desarrollar una nueva generaci\u00f3n de tecnolog\u00edas sanitarias.<\/p>\n<p>El <a href=\"https:\/\/www.imperial.ac.uk\/jameel-institute\/\">Instituto Jameel<\/a> (Instituto de Investigaci\u00f3n de Enfermedades y Emergencias Abdul Latif Jameel), cofundado por Community Jameel y el <a href=\"https:\/\/www.imperial.ac.uk\/\">Imperial College London<\/a>, utiliza IA y nuevos an\u00e1lisis de datos para reducir el riesgo global de enfermedades prevenibles. Recientemente, esto ha incluido la pandemia de la COVID-19 y el fortalecimiento de los sistemas de salud p\u00fablica en los entornos m\u00e1s fr\u00e1giles.<\/p>\n<p>En Estados Unidos, la <a href=\"https:\/\/www.jclinic.mit.edu\/\">Cl\u00ednica Jameel<\/a> (Cl\u00ednica para el Aprendizaje Autom\u00e1tico en la Salud Abdul Latif Jameel) fue cofundada por el ITM y Community Jameel en <a href=\"https:\/\/www.alj.com\/en\/news\/abdul-latif-jameel-clinic-machine-learning-health-mit-aims-revolutionize-disease-prevention-detection-treatment\/\">septiembre de 2018<\/a> y se ha convertido r\u00e1pidamente en el <a href=\"https:\/\/www.alj.com\/en\/news\/j-clinic-discovers-powerful-new-antibiotic-using-ai-technology\/\">epicentro de la IA y la atenci\u00f3n sanitaria en el ITM<\/a><u>.<\/u> Su objetivo es utilizar la IA para modelar datos biol\u00f3gicos en categor\u00edas como la imagen, el texto y la gen\u00f3mica, as\u00ed como realizar nuevos descubrimientos en aprendizaje autom\u00e1tico, biolog\u00eda, qu\u00edmica y ciencias cl\u00ednicas.<\/p>\n<h3>La gran b\u00fasqueda del conocimiento: desafiar los l\u00edmites de la investigaci\u00f3n y la educaci\u00f3n<\/h3>\n<p>Community Jameel tiene otras dos asociaciones que se centran en \u00e1reas igualmente cr\u00edticas para el desarrollo global. El <a href=\"https:\/\/web.mit.edu\/\">Laboratorio de Sistemas de Agua y Alimentos de Abdul Latif Jameel<\/a> (J-WAFS) financia la investigaci\u00f3n, innovaci\u00f3n y tecnolog\u00eda necesaria para garantizar suministros de alimentos y agua seguros y resilientes con un impacto medioambiental m\u00ednimo. Por su parte, el <a href=\"https:\/\/jwel.mit.edu\/\">Laboratorio Mundial de Educaci\u00f3n Abdul Latif Jameel<\/a> (J-WEL), establecido en 2017, trabaja con las organizaciones miembro para promover la excelencia y la transformaci\u00f3n en la educaci\u00f3n en todo el mundo, as\u00ed como para abordar oportunidades de cambio globales y expandibles en materia educaci\u00f3n.<\/p>\n<p>La educaci\u00f3n tambi\u00e9n es el motor detr\u00e1s de otras asociaciones de Community Jameel. Estas incluyen dos programas de becas para permitir que estudiantes prometedores de todo el mundo se beneficien de una educaci\u00f3n de alta calidad a la que, de otro modo, no podr\u00e1n acceder.<\/p>\n<p>El m\u00e1s reciente, fundado en 2019, es la <a href=\"https:\/\/www.communityjameel.org\/en\/how-we-work\/education\/bocelli-jameel-scholarship\">beca Andrea Bocelli Foundation-Community Jameel<\/a>, que apoya a quienes estudian a tiempo completo en el Royal College of Music de Londres, uno de los principales conservatorios de artes esc\u00e9nicas del mundo. El segundo es la beca <a href=\"https:\/\/www.communityjameel.org\/en\/how-we-work\/education\/jameel-toyota-scholarship-at-mit\">Beca Abdul Latif Jameel-Toyota <\/a>, que celebr\u00f3 su 25.\u00ba aniversario en 2019 y contin\u00faa ayudando a los j\u00f3venes a alcanzar su potencial en el ITM, una de las instituciones acad\u00e9micas m\u00e1s prestigiosas.<\/p>\n<p>Otros ejemplos incluyen la Iniciativa de transformaci\u00f3n de la educaci\u00f3n de los refugiados para la excelencia (<a href=\"https:\/\/www.communityjameel.org\/en\/how-we-work\/education\/transforming-refugee-education-towards-excellence\">TREE<\/a>), una colaboraci\u00f3n entre Save the Children y <a href=\"https:\/\/www.communityjameel.org\/en\/how-we-work\/education\/j-wel\">J-WEL<\/a> que ayuda a los profesores a superar el trauma y ofrecer una ense\u00f1anza efectiva, as\u00ed como <a href=\"https:\/\/www.communityjameel.org\/en\/how-we-work\/education\/tanweer-jameel\">Tanweer Jameel<\/a>, que coopera con el Ministerio de Trabajo y Saudi Airlines para recompensar con un viaje al extranjero a j\u00f3venes hu\u00e9rfanos con un alto rendimiento escolar.<\/p>\n<p>Por su parte, en la esfera cultural, la colaboraci\u00f3n es el n\u00facleo del programa y la forma de trabajar de <a href=\"https:\/\/artjameel.org\/\">Art Jameel<\/a>. Sus principales socios institucionales incluyen el <a href=\"https:\/\/artjameel.org\/collaboration\/v-and-a\/\">Museo de Victoria y Alberto (V&amp;A)<\/a>, el <a href=\"http:\/\/jameelartscentre.org\/ajmain\/collaboration\/the-met\/\">Museo Metropolitano de Arte<\/a>, la <a href=\"http:\/\/delfinafoundation.com\/\">Delfina Foundation<\/a> y la <a href=\"https:\/\/artjameel.org\/collaboration\/princes-school\/\">Prince\u2019s Foundation School of Traditional Arts<\/a>. A nivel local, la fundaci\u00f3n trabaja con personas y organizaciones para desarrollar una programaci\u00f3n innovadora que abarque tanto las t\u00e9cnicas antiguas como las m\u00e1s modernas, y fomenta el esp\u00edritu emprendedor y el desarrollo de redes culturales.<\/p>\n<h3>Hacia un ma\u00f1ana mejor&#8230;<\/h3>\n<p>Estas asociaciones, entre muchas otras, ofrecen una visi\u00f3n de c\u00f3mo nuestro trabajo se alinea con el 17.\u00ba ODS y ayudan a cumplirlo. Juntos miramos m\u00e1s all\u00e1 y trabajamos para innovar por un futuro mejor.<\/p>\n<p>Para obtener m\u00e1s informaci\u00f3n sobre c\u00f3mo contribuyen las actividades de la familia Jameel a los Objetivos de Desarrollo Sostenible visite <a href=\"https:\/\/jameel75.com\/sdg\">https:\/\/jameel75.com\/sdg<\/a> para ver nuestro v\u00eddeo y descargar un informe resumido.<\/p>\n<p><iframe loading=\"lazy\" src=\"\/\/www.youtube.com\/embed\/L5zIZK_LVhM\" width=\"560\" height=\"314\" allowfullscreen=\"allowfullscreen\"><\/iframe><\/p>\n<p><a href=\"#_ftnref1\" name=\"_ftn1\">[1]<\/a> https:\/\/www.un.org\/ga\/search\/view_doc.asp?symbol=A\/RES\/70\/1&amp;Lang=E<\/p>\n<p><a href=\"#_ftnref2\" name=\"_ftn2\">[2]<\/a> https:\/\/unstats.un.org\/sdgs\/report\/2019\/<\/p>\n<p><a href=\"#_ftnref3\" name=\"_ftn3\">[3]<\/a> https:\/\/www.un.org\/sg\/en\/content\/sg\/speeches\/2019-09-24\/remarks-high-level-political-sustainable-development-forum<\/p>\n<p><a href=\"#_ftnref4\" name=\"_ftn4\">[4]<\/a> https:\/\/www.un.org\/sustainabledevelopment\/globalpartnerships\/<\/p>\n","protected":false},"author":18,"featured_media":94159,"template":"","tags":[],"acf":[],"yoast_head":"<!-- This site is optimized with the Yoast SEO plugin v21.5 - https:\/\/yoast.com\/wordpress\/plugins\/seo\/ -->\n<title>Impulsar el progreso juntos | Abdul Latif Jameel\u00ae<\/title>\n<meta name=\"description\" content=\"Haga clic aqu\u00ed para conocer la relaci\u00f3n entre el enfoque de colaboraci\u00f3n de la Familia Jameel y el de la ONU para lograr los Objetivos de Desarrollo Sostenible.\" \/>\n<meta name=\"robots\" content=\"index, follow, max-snippet:-1, max-image-preview:large, max-video-preview:-1\" \/>\n<link rel=\"canonical\" href=\"https:\/\/alj.com\/es\/perspective\/impulsamos-el-progreso-juntos\/\" \/>\n<meta property=\"og:locale\" content=\"es_ES\" \/>\n<meta property=\"og:type\" content=\"article\" \/>\n<meta property=\"og:title\" content=\"Impulsar el progreso juntos | Abdul Latif Jameel\u00ae\" \/>\n<meta property=\"og:description\" content=\"Haga clic aqu\u00ed para conocer la relaci\u00f3n entre el enfoque de colaboraci\u00f3n de la Familia Jameel y el de la ONU para lograr los Objetivos de Desarrollo Sostenible.\" \/>\n<meta property=\"og:url\" content=\"https:\/\/alj.com\/es\/perspective\/impulsamos-el-progreso-juntos\/\" \/>\n<meta property=\"og:site_name\" content=\"Abdul Latif Jameel\" \/>\n<meta property=\"article:publisher\" content=\"https:\/\/www.facebook.com\/Abdul.Latif.Jameel.Official\" \/>\n<meta property=\"article:modified_time\" content=\"2022-04-14T07:49:56+00:00\" \/>\n<meta property=\"og:image\" content=\"https:\/\/media.alj.com\/app\/uploads\/2021\/11\/UN-SDG-17-Partnerships.jpg\" \/>\n\t<meta property=\"og:image:width\" content=\"1034\" \/>\n\t<meta property=\"og:image:height\" content=\"627\" \/>\n\t<meta property=\"og:image:type\" content=\"image\/jpeg\" \/>\n<meta name=\"twitter:card\" content=\"summary_large_image\" \/>\n<meta name=\"twitter:label1\" content=\"Est. reading time\" \/>\n\t<meta name=\"twitter:data1\" content=\"11 minutes\" \/>\n<script type=\"application\/ld+json\" class=\"yoast-schema-graph\">{\"@context\":\"https:\/\/schema.org\",\"@graph\":[{\"@type\":\"WebPage\",\"@id\":\"https:\/\/alj.com\/es\/perspective\/impulsamos-el-progreso-juntos\/\",\"url\":\"https:\/\/alj.com\/es\/perspective\/impulsamos-el-progreso-juntos\/\",\"name\":\"Impulsar el progreso juntos | Abdul Latif Jameel\u00ae\",\"isPartOf\":{\"@id\":\"https:\/\/alj.com\/en\/#website\"},\"datePublished\":\"2021-11-16T06:47:20+00:00\",\"dateModified\":\"2022-04-14T07:49:56+00:00\",\"description\":\"Haga clic aqu\u00ed para conocer la relaci\u00f3n entre el enfoque de colaboraci\u00f3n de la Familia Jameel y el de la ONU para lograr los Objetivos de Desarrollo Sostenible.\",\"breadcrumb\":{\"@id\":\"https:\/\/alj.com\/es\/perspective\/impulsamos-el-progreso-juntos\/#breadcrumb\"},\"inLanguage\":\"es-ES\",\"potentialAction\":[{\"@type\":\"ReadAction\",\"target\":[\"https:\/\/alj.com\/es\/perspective\/impulsamos-el-progreso-juntos\/\"]}]},{\"@type\":\"BreadcrumbList\",\"@id\":\"https:\/\/alj.com\/es\/perspective\/impulsamos-el-progreso-juntos\/#breadcrumb\",\"itemListElement\":[{\"@type\":\"ListItem\",\"position\":1,\"name\":\"Home\",\"item\":\"https:\/\/alj.com\/es\/\"},{\"@type\":\"ListItem\",\"position\":2,\"name\":\"Perspectives\",\"item\":\"https:\/\/alj.com\/ja\/perspective\/\"},{\"@type\":\"ListItem\",\"position\":3,\"name\":\"Impulsamos el progreso juntos\"}]},{\"@type\":\"WebSite\",\"@id\":\"https:\/\/alj.com\/en\/#website\",\"url\":\"https:\/\/alj.com\/en\/\",\"name\":\"Abdul Latif Jameel\",\"description\":\"Abdul Latif Jameel\",\"potentialAction\":[{\"@type\":\"SearchAction\",\"target\":{\"@type\":\"EntryPoint\",\"urlTemplate\":\"https:\/\/alj.com\/en\/?s={search_term_string}\"},\"query-input\":\"required name=search_term_string\"}],\"inLanguage\":\"es-ES\"}]}<\/script>\n<!-- \/ Yoast SEO plugin. -->","yoast_head_json":{"title":"Impulsar el progreso juntos | Abdul Latif Jameel\u00ae","description":"Haga clic aqu\u00ed para conocer la relaci\u00f3n entre el enfoque de colaboraci\u00f3n de la Familia Jameel y el de la ONU para lograr los Objetivos de Desarrollo Sostenible.","robots":{"index":"index","follow":"follow","max-snippet":"max-snippet:-1","max-image-preview":"max-image-preview:large","max-video-preview":"max-video-preview:-1"},"canonical":"https:\/\/alj.com\/es\/perspective\/impulsamos-el-progreso-juntos\/","og_locale":"es_ES","og_type":"article","og_title":"Impulsar el progreso juntos | Abdul Latif Jameel\u00ae","og_description":"Haga clic aqu\u00ed para conocer la relaci\u00f3n entre el enfoque de colaboraci\u00f3n de la Familia Jameel y el de la ONU para lograr los Objetivos de Desarrollo Sostenible.","og_url":"https:\/\/alj.com\/es\/perspective\/impulsamos-el-progreso-juntos\/","og_site_name":"Abdul Latif Jameel","article_publisher":"https:\/\/www.facebook.com\/Abdul.Latif.Jameel.Official","article_modified_time":"2022-04-14T07:49:56+00:00","og_image":[{"width":1034,"height":627,"url":"https:\/\/media.alj.com\/app\/uploads\/2021\/11\/UN-SDG-17-Partnerships.jpg","type":"image\/jpeg"}],"twitter_card":"summary_large_image","twitter_misc":{"Est. reading time":"11 minutes"},"schema":{"@context":"https:\/\/schema.org","@graph":[{"@type":"WebPage","@id":"https:\/\/alj.com\/es\/perspective\/impulsamos-el-progreso-juntos\/","url":"https:\/\/alj.com\/es\/perspective\/impulsamos-el-progreso-juntos\/","name":"Impulsar el progreso juntos | Abdul Latif Jameel\u00ae","isPartOf":{"@id":"https:\/\/alj.com\/en\/#website"},"datePublished":"2021-11-16T06:47:20+00:00","dateModified":"2022-04-14T07:49:56+00:00","description":"Haga clic aqu\u00ed para conocer la relaci\u00f3n entre el enfoque de colaboraci\u00f3n de la Familia Jameel y el de la ONU para lograr los Objetivos de Desarrollo Sostenible.","breadcrumb":{"@id":"https:\/\/alj.com\/es\/perspective\/impulsamos-el-progreso-juntos\/#breadcrumb"},"inLanguage":"es-ES","potentialAction":[{"@type":"ReadAction","target":["https:\/\/alj.com\/es\/perspective\/impulsamos-el-progreso-juntos\/"]}]},{"@type":"BreadcrumbList","@id":"https:\/\/alj.com\/es\/perspective\/impulsamos-el-progreso-juntos\/#breadcrumb","itemListElement":[{"@type":"ListItem","position":1,"name":"Home","item":"https:\/\/alj.com\/es\/"},{"@type":"ListItem","position":2,"name":"Perspectives","item":"https:\/\/alj.com\/ja\/perspective\/"},{"@type":"ListItem","position":3,"name":"Impulsamos el progreso juntos"}]},{"@type":"WebSite","@id":"https:\/\/alj.com\/en\/#website","url":"https:\/\/alj.com\/en\/","name":"Abdul Latif Jameel","description":"Abdul Latif Jameel","potentialAction":[{"@type":"SearchAction","target":{"@type":"EntryPoint","urlTemplate":"https:\/\/alj.com\/en\/?s={search_term_string}"},"query-input":"required name=search_term_string"}],"inLanguage":"es-ES"}]}},"post-meta-fields":{"_alp_processed":["1636628527"],"_wpml_word_count":["{\"total\":1916,\"to_translate\":{\"ar\":1916,\"zh-hans\":1916,\"fr\":1916,\"ja\":1916,\"es\":1916,\"tr\":1916}}"],"push_notification":["no"],"_push_notification":["field_5c3b1fb67034d"],"_wpml_media_featured":["1"],"_wpml_media_duplicate":["1"],"perspective_short_title":["Impulsamos el progreso juntos"],"perspective_summury":["<p>C\u00f3mo el enfoque colaborativo de la familia Jameel se alinea con la visi\u00f3n de asociaci\u00f3n de la ONU para alcanzar los Objetivos de Desarrollo Sostenible<\/p>\n<p>&nbsp;<\/p>\n"],"perspective_location":["Dubai, EAU"],"wpcf-featured-news":["0"],"is_latest_news":["0"],"wpcf-show-news-at-homepage":["1"],"publish_mobile":[""],"_publish_mobile":["field_5bfa8eb2e65cf"],"mobile_featured_image":["https:\/\/media.alj.com\/app\/uploads\/2021\/11\/UN-SDG-17-Partnerships.jpg"],"_mobile_featured_image":["field_5c3b204983dea"],"content_series_applied":["a:1:{i:0;s:5:\"91397\";}"],"_content_series_applied":["field_60f3d3faf82ac"],"_bsf_post_type":["0"],"_bsf_item_review_type":["none"],"_yoast_wpseo_title":["Impulsar el progreso juntos | Abdul Latif Jameel\u00ae"],"_yoast_wpseo_metadesc":["Haga clic aqu\u00ed para conocer la relaci\u00f3n entre el enfoque de colaboraci\u00f3n de la Familia Jameel y el de la ONU para lograr los Objetivos de Desarrollo Sostenible."],"_yoast_wpseo_content_score":["30"],"_yoast_wpseo_estimated-reading-time-minutes":["11"],"_thumbnail_id":["94159"],"_edit_lock":["1649923894:25"],"_edit_last":["25"],"_last_translation_edit_mode":["native-editor"],"wpcf-perspective-published-date":["1637020800"],"featured_on_listing_page":["1"],"_featured_on_listing_page":["field_62458ea7383c3"],"wpcf-perspective-downloadable_file":[""],"wpcf-video-description":[""],"wpcf-layoutvideourl":[""],"wpcf-video-thumb":[""],"wpcf-social4-svg":[""],"wpcf-social4-background-image":[""],"wpcf-social4-text":[""],"wpcf-social4-url":[""],"wpcf-social3-svg":[""],"wpcf-social3-background-image":[""],"wpcf-social3-text":[""],"wpcf-social3-url":[""],"wpcf-social-text-svg-square":[""],"wpcf-social-text-image-square":[""],"wpcf-social-text-text-square":[""],"wpcf-social-text-url-square":[""],"wpcf-social2-svg":[""],"wpcf-social2-background-image":[""],"wpcf-social2-text":[""],"wpcf-social2-url":[""],"wpcf-social-svg-square":[""],"wpcf-social-image-square":[""],"wpcf-social-text-square":[""],"wpcf-social-url-square":[""],"wpcf-social1-svg":[""],"wpcf-social1-background-image":[""],"wpcf-social1-text":[""],"wpcf-social1-url":[""],"wpcf-quotes-with-auther-text-1":[""],"wpcf-card_article_with_title_content":[""],"wpcf-card_article_content":["<p>write your content<\/p>"],"wpcf-quotes-with-auther-text":[""],"perspective_business_sector":["Corporativa"],"wpcf-card-image":[""],"_wpcf-card-image-sort-order":["a:1:{i:0;i:1144959;}"]},"_links":{"self":[{"href":"https:\/\/alj.com\/es\/wp-json\/wp\/v2\/perspective\/94186"}],"collection":[{"href":"https:\/\/alj.com\/es\/wp-json\/wp\/v2\/perspective"}],"about":[{"href":"https:\/\/alj.com\/es\/wp-json\/wp\/v2\/types\/perspective"}],"author":[{"embeddable":true,"href":"https:\/\/alj.com\/es\/wp-json\/wp\/v2\/users\/18"}],"wp:featuredmedia":[{"embeddable":true,"href":"https:\/\/alj.com\/es\/wp-json\/wp\/v2\/media\/94159"}],"wp:attachment":[{"href":"https:\/\/alj.com\/es\/wp-json\/wp\/v2\/media?parent=94186"}],"wp:term":[{"taxonomy":"post_tag","embeddable":true,"href":"https:\/\/alj.com\/es\/wp-json\/wp\/v2\/tags?post=94186"}],"curies":[{"name":"wp","href":"https:\/\/api.w.org\/{rel}","templated":true}]}}