{"id":94470,"date":"2021-11-23T05:09:57","date_gmt":"2021-11-23T05:09:57","guid":{"rendered":"https:\/\/www.alj.com\/?post_type=perspective&#038;p=94470"},"modified":"2022-04-11T09:39:18","modified_gmt":"2022-04-11T09:39:18","slug":"el-viento-impulsa-el-mercado-de-las-energias-renovables-en-un-ano-record","status":"publish","type":"perspective","link":"https:\/\/alj.com\/es\/perspective\/el-viento-impulsa-el-mercado-de-las-energias-renovables-en-un-ano-record\/","title":{"rendered":"El viento impulsa el mercado de las energ\u00edas renovables en un a\u00f1o r\u00e9cord"},"content":{"rendered":"<p>Debido al impacto global de la pandemia de la COVID-19, el mundo se detuvo, las sociedades se confinaron, los proyectos se congelaron y el crecimiento financiero se estanc\u00f3. Por lo tanto, ser\u00eda l\u00f3gico suponer que 2020 y gran parte de 2021 fueron un periodo perdido para muchos sectores de la econom\u00eda, especialmente para aquellos que consumen mucho capital, como la energ\u00eda renovable.<\/p>\n<p>Sin embargo, en algunos rincones de la industria, esto no es en absoluto cierto. Pese a la intrincada relaci\u00f3n de la humanidad con el mundo natural, los \u00faltimos 18\u00a0meses han sido testigos de una notable duplicaci\u00f3n del potencial de energ\u00eda e\u00f3lica a escala global.<\/p>\n<p>Las nuevas instalaciones de energ\u00eda e\u00f3lica han alcanzado m\u00e1ximos hist\u00f3ricos y los gobiernos e inversores se han unido para hacer que el viento sople m\u00e1s fuerte. El sector ha demostrado ser una verdadera fuerza de la naturaleza: implacable, indestructible y capaz de estimular el entusiasmo en todo el mundo.<\/p>\n<p>Los titulares proporcionan esperanza para cualquier persona apasionada del viento, ya sea desde una perspectiva medioambiental o econ\u00f3mica.<a href=\"#_ftn1\" name=\"_ftnref1\">[1]<\/a><\/p>\n<ul>\n<li>A nivel mundial, en 2020 la industria instal\u00f3 una capacidad e\u00f3lica r\u00e9cord de 93\u00a0GW, que llev\u00f3 el total hasta los 743 GW.<\/li>\n<li>Las nuevas instalaciones terrestres fueron responsables de 86,9\u00a0GW, mientras que el mercado e\u00f3lico en alta mar contribuy\u00f3 con 6,1\u00a0GW.<\/li>\n<li>Los cinco principales mercados para las nuevas instalaciones en 2020 fueron China, Estados Unidos, Brasil, Pa\u00edses Bajos y Alemania, que en conjunto abarcaron el 80,6\u00a0% del total global.<\/li>\n<li>Dentro de la UE, las energ\u00edas renovables generaron por primera vez m\u00e1s electricidad que los combustibles f\u00f3siles, gracias a los 14,7\u00a0GW de nuevas plantas que se unieron a las redes energ\u00e9ticas.<\/li>\n<li>Tras el desplome general de la inversi\u00f3n en la generaci\u00f3n de energ\u00eda, la financiaci\u00f3n e\u00f3lica marina se cuadruplic\u00f3 entre los primeros semestres de 2019 y 2020, hasta alcanzar los 35\u00a0000 millones de USD.<\/li>\n<li>El argumento comercial para la energ\u00eda e\u00f3lica se volvi\u00f3 indiscutible, con investigaciones que muestran que cada d\u00f3lar invertido en energ\u00eda e\u00f3lica cosecha una rentabilidad entre 3 y 7\u00a0veces superior.<a href=\"#_ftn2\" name=\"_ftnref2\">[2]<\/a><\/li>\n<\/ul>\n<p>No se preocupe: si a\u00fan no se siente sorprendido por la energ\u00eda e\u00f3lica, pronto lo estar\u00e1.<\/p>\n<p><img decoding=\"async\" loading=\"lazy\" class=\"aligncenter size-full wp-image-94438\" src=\"https:\/\/www.alj.com\/app\/uploads\/2021\/11\/ALJ-Wind-Power-Global.jpg\" alt=\"\" width=\"2560\" height=\"1250\" \/><\/p>\n<h2>Un soplo de aire fresco para un mundo que necesita energ\u00eda<\/h2>\n<p>Los nuevos 93\u00a0GW de instalaciones e\u00f3licas en 2020 representaron un notable crecimiento interanual del 53\u00a0%.<a href=\"#_ftn3\" name=\"_ftnref3\">[3]<\/a><\/p>\n<p>Los lugares m\u00e1s destacados de este periodo de intensa actividad incluyen China y EE.\u00a0UU., que fortalecieron su posici\u00f3n de l\u00edderes en el mercado, aumentando su cuota combinada en un 15\u00a0% y concentrando entre ambos m\u00e1s de tres cuartas partes de todas las instalaciones globales. Asia-Pac\u00edfico, Norteam\u00e9rica y Latinoam\u00e9rica tambi\u00e9n experimentaron un crecimiento e\u00f3lico r\u00e9cord, ya que a\u00f1adieron 74\u00a0GW de capacidad e\u00f3lica terrestre, un 76\u00a0% m\u00e1s que en 2019. Del mismo modo, \u00c1frica y Oriente Medio sumaron 8,2\u00a0GW de nuevas instalaciones terrestres en 2020, manteniendo sus trayectorias ascendentes desde el a\u00f1o anterior, a pesar de las restricciones de la COVID-19. En las subastas en el segundo semestre de 2020 se concedieron casi 30\u00a0GW de nueva capacidad de energ\u00eda e\u00f3lica, una cifra superior a los 28\u00a0GW del mismo periodo de 2019.<\/p>\n<p><img decoding=\"async\" loading=\"lazy\" class=\"aligncenter  wp-image-94411\" src=\"https:\/\/www.alj.com\/app\/uploads\/2021\/11\/Wind-turbines.jpg\" alt=\"\" width=\"993\" height=\"372\" srcset=\"https:\/\/media.alj.com\/app\/uploads\/2021\/11\/Wind-turbines.jpg 662w, https:\/\/media.alj.com\/app\/uploads\/2021\/11\/Wind-turbines-300x112.jpg 300w, https:\/\/media.alj.com\/app\/uploads\/2021\/11\/Wind-turbines-150x56.jpg 150w\" sizes=\"(max-width: 993px) 100vw, 993px\" \/><\/p>\n<p>Las turbinas no solo lograron inversores en tierra firme. Los proyectos en alta mar tambi\u00e9n aumentaron, con la puesta en marcha de 6,1\u00a0GW de nueva energ\u00eda e\u00f3lica offshore a lo largo del pasado a\u00f1o. Result\u00f3 ser el segundo a\u00f1o con un crecimiento m\u00e1s r\u00e1pido en alta mar y China se adjudic\u00f3 la mitad de esta nueva actividad.<\/p>\n<p><img decoding=\"async\" loading=\"lazy\" class=\"aligncenter size-full wp-image-94452\" src=\"https:\/\/www.alj.com\/app\/uploads\/2021\/11\/ALJ-Wind-Power-New-Wind-Power.jpg\" alt=\"\" width=\"2560\" height=\"1250\" \/><\/p>\n<p>En el mercado europeo, los Pa\u00edses Bajos lideraron el camino, seguidos de B\u00e9lgica, Reino Unido, Alemania y Portugal. La capacidad mar\u00edtima global alcanz\u00f3 los 35\u00a0GW, o casi el 5\u00a0% del mercado e\u00f3lico total. En 2020, se concedi\u00f3 solo 1\u00a0GW de capacidad e\u00f3lica en alta mar a trav\u00e9s de subastas en todo el mundo, pero se anunciaron m\u00e1s de 7\u00a0GW de nuevas licitaciones, lo que indica que se avecina un crecimiento m\u00e1s r\u00e1pido.<\/p>\n<p><img decoding=\"async\" loading=\"lazy\" class=\"alignleft size-full wp-image-94383\" src=\"https:\/\/www.alj.com\/app\/uploads\/2021\/11\/Cop26-loo.jpg\" alt=\"\" width=\"290\" height=\"150\" srcset=\"https:\/\/media.alj.com\/app\/uploads\/2021\/11\/Cop26-loo.jpg 290w, https:\/\/media.alj.com\/app\/uploads\/2021\/11\/Cop26-loo-150x78.jpg 150w\" sizes=\"(max-width: 290px) 100vw, 290px\" \/>2021 podr\u00eda ser un punto de inflexi\u00f3n para la crisis medioambiental. A finales de octubre, el Reino Unido organiz\u00f3 la conferencia sobre el cambio clim\u00e1tico de la COP26 de la ONU.<\/p>\n<p>La COP26, considerada como la \u00faltima oportunidad para un esfuerzo global coordinado con el fin de contrarrestar el calentamiento global, vio como l\u00edderes de todo el mundo esbozaban nuevos compromisos para dejar de depender de los combustibles f\u00f3siles y lograr el objetivo de cero emisiones netas para 2050.<\/p>\n<figure id=\"attachment_94376\" aria-describedby=\"caption-attachment-94376\" style=\"width: 300px\" class=\"wp-caption alignright\"><img decoding=\"async\" loading=\"lazy\" class=\"size-medium wp-image-94376\" src=\"https:\/\/www.alj.com\/app\/uploads\/2021\/11\/Boris-Johnson-COP26-300x149.jpg\" alt=\"\" width=\"300\" height=\"149\" srcset=\"https:\/\/media.alj.com\/app\/uploads\/2021\/11\/Boris-Johnson-COP26-300x149.jpg 300w, https:\/\/media.alj.com\/app\/uploads\/2021\/11\/Boris-Johnson-COP26-150x75.jpg 150w, https:\/\/media.alj.com\/app\/uploads\/2021\/11\/Boris-Johnson-COP26-768x381.jpg 768w, https:\/\/media.alj.com\/app\/uploads\/2021\/11\/Boris-Johnson-COP26.jpg 920w\" sizes=\"(max-width: 300px) 100vw, 300px\" \/><figcaption id=\"caption-attachment-94376\" class=\"wp-caption-text\">En la COP26 en Glasgow, Escocia, el primer ministro brit\u00e1nico Boris Johnson present\u00f3 un plan de inversi\u00f3n en energ\u00eda renovable como parte de la iniciativa nacional Iniciativa verde limpia (Clean Green Initiative, CGI), un programa de 3000 millones de GBP (unos 4100 millones de USD) dise\u00f1ado para atraer inversiones p\u00fablicas y privadas globales en \u201cinfraestructura sostenible de calidad\u201d.<\/figcaption><\/figure>\n<p>Con tanto en juego, hay cierta duda de que se pueda lograr un objetivo as\u00ed.<\/p>\n<p>Seg\u00fan la Agencia Internacional de Energ\u00eda (IEA), los planes actuales para reducir las emisiones de carbono mundiales no alcanzar\u00e1n los objetivos necesarios para llegar a las cero emisiones netas.<a href=\"#_ftn4\" name=\"_ftnref4\"><sup>[4]<\/sup><\/a> La AIE estima que ser\u00e1 necesaria una inversi\u00f3n adicional de 4\u00a0billones de USD para alcanzar el cero neto.<\/p>\n<p>Fatih Birol, director ejecutivo de la AIE, ha advertido de que los planes de recuperaci\u00f3n pospandemia de los gobiernos siguen poniendo demasiado \u00e9nfasis en el carb\u00f3n.<a href=\"#_ftn5\" name=\"_ftnref5\"><sup>[5]<\/sup><\/a> Entre los pa\u00edses del G20, por cada 1\u00a0USD per c\u00e1pita destinado a la energ\u00eda limpia en los paquetes de recuperaci\u00f3n de la COVID, se gastan 1,05\u00a0USD per c\u00e1pita para apoyar a las industrias de combustibles f\u00f3siles.<a href=\"#_ftn6\" name=\"_ftnref6\">[6]<\/a><\/p>\n<p>Simult\u00e1neamente, los desaf\u00edos duales acechan en el horizonte.<\/p>\n<p>Aunque China se ha comprometido a poner fin a las inversiones en centrales el\u00e9ctricas de carb\u00f3n en el extranjero, actualmente sigue construyendo nuevas centrales el\u00e9ctricas de carb\u00f3n en el pa\u00eds.<a href=\"#_ftn7\" name=\"_ftnref7\">[7]<\/a><\/p>\n<p>Por otro lado, la energ\u00eda e\u00f3lica est\u00e1 afrontando contratiempos legislativos, tanto en Oriente como en Occidente, con el fin de la tarifa de alimentaci\u00f3n en China y la eliminaci\u00f3n gradual del cr\u00e9dito fiscal de producci\u00f3n en Estados Unidos.<\/p>\n<p>Se prev\u00e9 que el consumo energ\u00e9tico mundial se duplique para 2050, as\u00ed que se est\u00e1 agotando el tiempo para alejarse del borde del abismo medioambiental.<a href=\"#_ftn8\" name=\"_ftnref8\">[8]<\/a><\/p>\n<p><img decoding=\"async\" loading=\"lazy\" class=\"aligncenter size-full wp-image-94431\" src=\"https:\/\/www.alj.com\/app\/uploads\/2021\/11\/ALJ-Wind-Power-Coal.jpg\" alt=\"\" width=\"2480\" height=\"2008\" srcset=\"https:\/\/media.alj.com\/app\/uploads\/2021\/11\/ALJ-Wind-Power-Coal.jpg 2480w, https:\/\/media.alj.com\/app\/uploads\/2021\/11\/ALJ-Wind-Power-Coal-300x243.jpg 300w, https:\/\/media.alj.com\/app\/uploads\/2021\/11\/ALJ-Wind-Power-Coal-1024x829.jpg 1024w, https:\/\/media.alj.com\/app\/uploads\/2021\/11\/ALJ-Wind-Power-Coal-150x121.jpg 150w, https:\/\/media.alj.com\/app\/uploads\/2021\/11\/ALJ-Wind-Power-Coal-768x622.jpg 768w, https:\/\/media.alj.com\/app\/uploads\/2021\/11\/ALJ-Wind-Power-Coal-1536x1244.jpg 1536w, https:\/\/media.alj.com\/app\/uploads\/2021\/11\/ALJ-Wind-Power-Coal-2048x1658.jpg 2048w\" sizes=\"(max-width: 2480px) 100vw, 2480px\" \/><\/p>\n<h2>El sector est\u00e1 preparado para cinco a\u00f1os revolucionarios<\/h2>\n<p>A pesar de estos desaf\u00edos, las perspectivas del mercado para la energ\u00eda e\u00f3lica siguen siendo extremadamente optimistas. De hecho, Ben Backwell, director del Consejo Mundial de Energ\u00eda E\u00f3lica (GWEC), afirma que la sociedad podr\u00eda recordar 2021 como <em>\u201cel a\u00f1o en que el mundo finalmente dio una vuelta de tuerca decisiva en la confrontaci\u00f3n de la crisis clim\u00e1tica y adopt\u00f3 un camino definitivo basado en la acci\u00f3n colectiva\u201d.<\/em><a href=\"#_ftn9\" name=\"_ftnref9\"><em><sup><strong>[9]<\/strong><\/sup><\/em><\/a><\/p>\n<figure id=\"attachment_94369\" aria-describedby=\"caption-attachment-94369\" style=\"width: 300px\" class=\"wp-caption alignleft\"><img decoding=\"async\" loading=\"lazy\" class=\"size-medium wp-image-94369\" src=\"https:\/\/www.alj.com\/app\/uploads\/2021\/11\/Ben-Backwell-GWEC-300x242.jpg\" alt=\"\" width=\"300\" height=\"242\" srcset=\"https:\/\/media.alj.com\/app\/uploads\/2021\/11\/Ben-Backwell-GWEC-300x242.jpg 300w, https:\/\/media.alj.com\/app\/uploads\/2021\/11\/Ben-Backwell-GWEC-150x121.jpg 150w, https:\/\/media.alj.com\/app\/uploads\/2021\/11\/Ben-Backwell-GWEC.jpg 619w\" sizes=\"(max-width: 300px) 100vw, 300px\" \/><figcaption id=\"caption-attachment-94369\" class=\"wp-caption-text\">Ben Backwell, CEO de GWEC<\/figcaption><\/figure>\n<p>\u00bfPor qu\u00e9 el optimismo?<\/p>\n<p>El GWEC prev\u00e9 m\u00e1s de 469\u00a0GW de nueva capacidad e\u00f3lica en los pr\u00f3ximos cinco a\u00f1os, es decir, aproximadamente 94\u00a0GW al a\u00f1o entre 2021 y 2025. Esto incluye una media de 79,8\u00a0GW de nueva capacidad e\u00f3lica terrestre cada a\u00f1o (total: 399 GW). Durante ese mismo periodo se espera que la tasa de nuevas instalaciones en alta mar se cuadruplique (total: 70\u00a0GW), lo que impulsar\u00eda la cuota de mercado offshore del 6,5\u00a0% actual al 21\u00a0% para 2025.<\/p>\n<p>Esto ser\u00eda impresionante, pero no llega a los 180\u00a0GW al a\u00f1o en nuevas instalaciones que se estima que se necesitan para cumplir los objetivos de calentamiento global del IPCC.<\/p>\n<p>Aun as\u00ed, cuando se trata del peligro existencial del cambio clim\u00e1tico, vemos que la necesidad genera acci\u00f3n.<\/p>\n<p>La UE, por ejemplo, pretende dar luz verde a 30\u00a0GW de nuevas turbinas al a\u00f1o entre 2021 y 2030, parte de su paquete Fit-For-55<a href=\"#_ftn10\" name=\"_ftnref10\">[10]<\/a>, cuyo objetivo es reducir las emisiones en todo el continente en un 55\u00a0% hasta el final de la d\u00e9cada.<a href=\"#_ftn11\" name=\"_ftnref11\">[11]<\/a><\/p>\n<p>Sin duda, Europa se est\u00e1 moviendo en la direcci\u00f3n correcta. En 2020 se confirmaron 43\u00a0000\u00a0millones de EUR de nuevas inversiones en parques e\u00f3licos, que comprenden 17\u00a0000 millones de EUR para instalaciones terrestres (13\u00a0GW) y otros 26\u00a0000 millones de EUR para instalaciones en alta mar (7\u00a0GW). Esto supone un aumento del 70\u00a0% en la inversi\u00f3n con respecto al a\u00f1o anterior e incluye la financiaci\u00f3n de dos importantes proyectos mar\u00edtimos que ya se est\u00e1n construyendo: Hollandse Kust Zuid, en los Pa\u00edses Bajos, y Dogger Bank, en el Reino Unido.<\/p>\n<p><img decoding=\"async\" loading=\"lazy\" class=\"aligncenter size-full wp-image-94459\" src=\"https:\/\/www.alj.com\/app\/uploads\/2021\/11\/ALJ-Wind-Power-Wind-Farms.jpg\" alt=\"\" width=\"2560\" height=\"1681\" \/><\/p>\n<p>A la cabeza de este incremento est\u00e1 el Reino Unido, con 13\u00a0000 millones de EUR del total de 43 000. Le siguen los Pa\u00edses Bajos, con 8000 millones de EUR, Francia con 6500 y Alemania con 4300.<a href=\"#_ftn12\" name=\"_ftnref12\">[12]<\/a><\/p>\n<p>Los planes para un mayor despliegue de la energ\u00eda e\u00f3lica siguen aumentando. El gobierno brit\u00e1nico ha reservado un fondo de 220\u00a0millones de USD para invertir en puertos e\u00f3licos mar\u00edtimos alrededor de las aguas brit\u00e1nicas, parte de una iniciativa para generar 1\u00a0GW de energ\u00eda a partir de instalaciones flotantes para 2030.<a href=\"#_ftn13\" name=\"_ftnref13\">[13]<\/a> El Reino Unido tambi\u00e9n est\u00e1 destinando 4100 millones de USD a la Iniciativa verde limpia (Clean Green Initiative), un plan destinado a ayudar a las naciones en desarrollo a establecer infraestructuras de energ\u00edas renovables y perseguir el \u201ccrecimiento ecol\u00f3gico\u201d despu\u00e9s de la pandemia.<a href=\"#_ftn14\" name=\"_ftnref14\">[14]<\/a> Las empresas de combustibles f\u00f3siles tambi\u00e9n se est\u00e1n dando cuenta del milagro del viento. El gigante del petr\u00f3leo noruego Equinor ha presentado un avance de su nuevo dise\u00f1o de plataforma e\u00f3lica flotante: una base de turbina semisumergible con vigas de acero que conectan tres columnas de flotaci\u00f3n.<a href=\"#_ftn15\" name=\"_ftnref15\">[15]<\/a> El sistema tiene varias ventajas con respecto a los dise\u00f1os de turbinas offshore est\u00e1ndar, ya que es menos propenso a la rotura y se ensambla m\u00e1s r\u00e1pido. Estas nuevas turbinas permitir\u00e1n la implementaci\u00f3n de proyectos flotantes de gran envergadura en una sola fase y se incluir\u00e1n en la propuesta de Equinor para la subasta del arrendamiento financiero de 6\u00a0hect\u00e1reas en alta mar de ScotWind.<\/p>\n<p>Apostar por el futuro parece tener sentido a nivel empresarial. Un nuevo informe de la Plataforma Europea de Tecnolog\u00eda e Innovaci\u00f3n en Energ\u00eda E\u00f3lica (ETIPWind) declara que la electrificaci\u00f3n es la forma m\u00e1s barata de descarbonizar la econom\u00eda europea. Su investigaci\u00f3n sugiere que para 2050 en torno al 75\u00a0% de las necesidades energ\u00e9ticas de Europa estar\u00e1n satisfechas por la electricidad y que el viento contribuir\u00e1 a dos tercios de ese total.<a href=\"#_ftn16\" name=\"_ftnref16\">[16]<\/a><\/p>\n<p>Cada nueva turbina genera una actividad econ\u00f3mica de aproximadamente 10\u00a0millones de EUR en Europa. Con el apoyo e incentivos adecuados, se cree que la industria podr\u00eda crear 150\u00a0000 nuevos empleos para 2030.<a href=\"#_ftn17\" name=\"_ftnref17\"><sup>[17]<\/sup><\/a><\/p>\n<h2>Una tecnolog\u00eda que reescribe las reglas<\/h2>\n<p>Un argumento com\u00fan contra las energ\u00edas renovables es el problema de la fluctuaci\u00f3n del suministro: \u00bfqu\u00e9 ocurre, por ejemplo, cuando el viento no sopla con fuerza, pero nuestras f\u00e1bricas y sistemas de transporte han de seguir en funcionamiento? De manera alentadora, durante 2020 y hasta 2021 los conceptos relacionados con el almacenamiento de bater\u00edas y la denominada tecnolog\u00eda \u201cPower-to-X\u201d continuaron progresando.<\/p>\n<p>\u201cPower-to-X\u201d implica que el excedente de energ\u00eda se desv\u00eda de la red durante per\u00edodos de sobresuministro y se transforma por electr\u00f3lisis en hidr\u00f3geno para su uso final en diferentes sectores, por ejemplo, de energ\u00eda a productos qu\u00edmicos, combustible o gas. En los \u00faltimos 12 meses se han logrado mayores progresos en tecnolog\u00edas de reconversi\u00f3n como turbinas de gas,\u00a0centrales de ciclo combinado, motores rec\u00edprocos y celdas de combustible.<\/p>\n<p><img decoding=\"async\" loading=\"lazy\" class=\"aligncenter size-full wp-image-94445\" src=\"https:\/\/www.alj.com\/app\/uploads\/2021\/11\/ALJ-Wind-Power-Green-Hydrogen.jpg\" alt=\"\" width=\"2560\" height=\"1810\" \/><\/p>\n<p>Estos avances proporcionan un gran impulso a proyectos como el enorme parque e\u00f3lico en alta mar NortH2 (una agrupaci\u00f3n empresarial entre Equinor, Gasunie, Groningen Seaports, RWE y Shell Nederland), ubicado en la costa de los Pa\u00edses Bajos. El objetivo de NortH2 es generar 4\u00a0GW de hidr\u00f3geno verde para 2030 y, una d\u00e9cada m\u00e1s tarde, llegar hasta los 10\u00a0GW.<a href=\"#_ftn18\" name=\"_ftnref18\">[18]<\/a><\/p>\n<p>Por otra parte, a finales de 2021 est\u00e1 previsto que se ponga en marcha en un parque e\u00f3lico terrestre de 200\u00a0MW en la provincia de Hebei, China, que utilizar\u00e1 la electr\u00f3lisis para producir 10\u00a0MW de hidr\u00f3geno verde anualmente.<\/p>\n<p>M\u00e1s al sur, se espera que el enorme centro asi\u00e1tico de energ\u00eda renovable, con 15\u00a0GW de energ\u00eda e\u00f3lica\/solar, entre en funcionamiento en el oeste de Australia en 2027, llegando hasta los 26\u00a0GW de energ\u00eda renovable con la producci\u00f3n de hidr\u00f3geno verde y amon\u00edaco.<\/p>\n<p>La tecnolog\u00eda de almacenamiento en bater\u00edas tambi\u00e9n sigue bajando de precio, con una ca\u00edda de hasta el 90\u00a0% en la \u00faltima d\u00e9cada.<\/p>\n<p>En Abdul Latif Jameel, sabemos que realizar grandes cambios requiere acciones atrevidas, por lo que financiamos la investigaci\u00f3n sobre tecnolog\u00eda de bater\u00edas de vanguardia a trav\u00e9s de nuestro negocio insignia de energ\u00edas renovables Fotowatio Renewable Ventures (<a href=\"https:\/\/frv.com\/en\/\">FRV<\/a>), parte de <a href=\"https:\/\/www.alj.com\/en\/energy-and-environmental-services\/energy-overview\/\">Abdul Latif Jameel Energy<\/a><u>.<\/u><\/p>\n<p><iframe loading=\"lazy\" src=\"\/\/www.youtube.com\/embed\/K5Su-KjYeXg\" width=\"560\" height=\"314\" allowfullscreen=\"allowfullscreen\"><\/iframe><\/p>\n<p>FRV-X, la rama de innovaci\u00f3n de FRV, participa en dos proyectos revolucionarios de almacenamiento de energ\u00eda en el Reino Unido en asociaci\u00f3n con el desarrollador brit\u00e1nico de energ\u00eda renovable <a href=\"https:\/\/www.harmonyenergy.co.uk\/\">Harmony Energy<\/a>: la planta <a href=\"https:\/\/www.alj.com\/en\/news\/abdul-latif-jameel-energy-supports-development-of-second-utility-scale-battery-storage-project-in-uk\/\">Contego<\/a> de 34\u00a0MW, que utiliza una serie de 28\u00a0bater\u00edas Tesla Megapack para lograr una capacidad de 68\u00a0MWh; y el desarrollo de 7,5\u00a0MW en <a href=\"https:\/\/www.alj.com\/en\/news\/abdul-latif-jameel-energys-frv-harmony-energy-commission-first-megapack-uk-energy-storage-project\/\">Holes Bay<\/a>, que proporciona capacidad para almacenar energ\u00eda de fuentes renovables y ofrece flexibilidad en horas punta a la red nacional del Reino Unido. Adem\u00e1s, recientemente los socios anunciaron planes para el mayor sistema de almacenamiento de energ\u00eda de bater\u00edas (BESS) del Reino Unido en Clay Tye, Essex.<\/p>\n<p><iframe loading=\"lazy\" src=\"\/\/www.youtube.com\/embed\/wOrmFDNHlns\" width=\"560\" height=\"314\" allowfullscreen=\"allowfullscreen\"><\/iframe><\/p>\n<p>Felipe Hern\u00e1ndez<em>, director general<\/em> de FRV-X, afirm\u00f3: <em>\u201cEstos proyectos subrayan nuestro compromiso con las energ\u00edas renovables en el Reino Unido y nuestro apoyo continuo hacia la transici\u00f3n a un sistema de energ\u00eda descarbonizado. En un futuro pr\u00f3ximo, nuestro objetivo es seguir aumentando nuestra cartera de productos de almacenamiento de energ\u00eda, no solo en el Reino Unido, sino tambi\u00e9n en todos los dem\u00e1s mercados en los que tenemos presencia\u201d.<\/em><\/p>\n<p>FRV tambi\u00e9n est\u00e1 detr\u00e1s del proyecto h\u00edbrido de 5\u00a0MW de energ\u00eda solar <a href=\"https:\/\/www.alj.com\/en\/news\/abdul-latif-jameel-energys-frv-announces-first-hybrid-pv-solar-storage-project-in-australia\/\">Dalby<\/a> 1 y del sistema de almacenamiento de energ\u00eda en bater\u00edas (BESS) en la regi\u00f3n de Dalby, en Queensland, Australia, cuya finalizaci\u00f3n est\u00e1 prevista para diciembre de este a\u00f1o.<\/p>\n<p><img decoding=\"async\" loading=\"lazy\" class=\"aligncenter  wp-image-94404\" src=\"https:\/\/www.alj.com\/app\/uploads\/2021\/11\/Wind-turbine-landscape.jpg\" alt=\"\" width=\"965\" height=\"488\" srcset=\"https:\/\/media.alj.com\/app\/uploads\/2021\/11\/Wind-turbine-landscape.jpg 496w, https:\/\/media.alj.com\/app\/uploads\/2021\/11\/Wind-turbine-landscape-300x152.jpg 300w, https:\/\/media.alj.com\/app\/uploads\/2021\/11\/Wind-turbine-landscape-150x76.jpg 150w\" sizes=\"(max-width: 965px) 100vw, 965px\" \/><\/p>\n<p>Estas actividades complementan otros proyectos de generaci\u00f3n de energ\u00eda verde de FRV, como el e\u00f3lico h\u00edbrido Rarinco y el solar Punta del Viento <a href=\"https:\/\/frv.com\/en\/projects\/solar-punta-colorada\/\">343 MW<\/a> con 945\u00a0MWh\/a\u00f1o en Chile, que abastecer\u00e1n a unos 391\u00a0841 hogares cuando entren en funcionamiento en 2023, y que recientemente recibieron la <a href=\"https:\/\/www.linkedin.com\/feed\/update\/urn:li:activity:6851886567154294785\">aprobaci\u00f3n para obtener la licencia ambiental<\/a>.<\/p>\n<p>Algunos de los avances m\u00e1s emocionantes en energ\u00eda e\u00f3lica podr\u00edan producirse en Arabia Saud\u00ed, el hogar de Abdul Latif Jameel, que este a\u00f1o fue destacado como como un \u201cmercado a tener en cuenta\u201d por GWEC.<a href=\"#_ftn19\" name=\"_ftnref19\">[19]<\/a><\/p>\n<p>El GWEC sit\u00faa a Arabia Saud\u00ed en el puesto 13.\u00ba a nivel mundial en t\u00e9rminos de potencial de producci\u00f3n e\u00f3lica terrestre. Las velocidades anuales de viento que se registran en tierra firme en los emplazamientos designados est\u00e1n entre 6 y 8\u00a0m\/s y permanecen constantes durante la mayor parte del a\u00f1o. Si se explotan por completo, se cree que las energ\u00edas renovables en Arabia Saud\u00ed podr\u00edan crear hasta 750\u00a0000 empleos para finales de la d\u00e9cada.<\/p>\n<p><img decoding=\"async\" loading=\"lazy\" class=\"alignleft size-full wp-image-94390\" src=\"https:\/\/www.alj.com\/app\/uploads\/2021\/11\/NREP-Logo.jpg\" alt=\"\" width=\"200\" height=\"100\" srcset=\"https:\/\/media.alj.com\/app\/uploads\/2021\/11\/NREP-Logo.jpg 200w, https:\/\/media.alj.com\/app\/uploads\/2021\/11\/NREP-Logo-150x75.jpg 150w\" sizes=\"(max-width: 200px) 100vw, 200px\" \/>El Programa nacional de energ\u00eda renovable (National Renewable Energy Program, NREP) del pa\u00eds tiene como objetivo alcanzar 58,7\u00a0GW de energ\u00edas renovables para 2030, con 16\u00a0GW procedentes del viento. La primera subasta e\u00f3lica de Arabia Saud\u00ed dio como resultado el proyecto de 500\u00a0millones de USD de Dumat-al-Jandal, un parque e\u00f3lico de 400\u00a0MW que comenzar\u00e1 a operar en el primer trimestre de 2022.<\/p>\n<p>Por otra parte, Neom, una ciudad inteligente actualmente en construcci\u00f3n en la provincia de Tabuk, en Arabia Saud\u00ed, estar\u00e1 impulsada solo por energ\u00edas renovables, lo que tambi\u00e9n ha validado el potencial de la energ\u00eda e\u00f3lica. Tras la primera fase, que se completar\u00e1 en 2025, Neom se posicionar\u00e1 como el mayor proyecto de hidr\u00f3geno verde del mundo, impulsado por 4\u00a0GW de energ\u00eda e\u00f3lica y solar.<\/p>\n<p>Como podemos ver, todo es posible si el viento sopla a nuestro favor.<\/p>\n<h2>El viento promete una nueva direcci\u00f3n<\/h2>\n<figure id=\"attachment_90626\" aria-describedby=\"caption-attachment-90626\" style=\"width: 225px\" class=\"wp-caption alignleft\"><img decoding=\"async\" loading=\"lazy\" class=\"size-medium wp-image-90626\" src=\"https:\/\/www.alj.com\/app\/uploads\/2021\/07\/Fady-Jameel-2-225x300.jpg\" alt=\"Fady Jameel\" width=\"225\" height=\"300\" srcset=\"https:\/\/media.alj.com\/app\/uploads\/2021\/07\/Fady-Jameel-2-225x300.jpg 225w, https:\/\/media.alj.com\/app\/uploads\/2021\/07\/Fady-Jameel-2-768x1025.jpg 768w, https:\/\/media.alj.com\/app\/uploads\/2021\/07\/Fady-Jameel-2-112x150.jpg 112w, https:\/\/media.alj.com\/app\/uploads\/2021\/07\/Fady-Jameel-2-1151x1536.jpg 1151w, https:\/\/media.alj.com\/app\/uploads\/2021\/07\/Fady-Jameel-2.jpg 1224w\" sizes=\"(max-width: 225px) 100vw, 225px\" \/><figcaption id=\"caption-attachment-90626\" class=\"wp-caption-text\">Fady Jameel<br \/>\nPresidente adjunto y vicepresidente<br \/>\nAbdul Latif Jameel<\/figcaption><\/figure>\n<p>Podr\u00eda ser tentador creer que, al reducir el consumo de energ\u00eda global, la COVID-19 fren\u00f3 el cambio clim\u00e1tico. Pero solo se trata de un respiro temporal. Como <a href=\"https:\/\/www.alj.com\/en\/our-people\/fady-jameel\/\">Fady Jameel<\/a>, presidente adjunto y vicepresidente de <a href=\"https:\/\/www.alj.com\/en\/our-people\/fady-jameel\/\">Abdul Latif Jameel<\/a>, comenta en su reciente art\u00edculo de Spotlight<u>,<\/u> el cambio clim\u00e1tico no se detiene mientras el mundo lucha contra la COVID-19. Aunque las emisiones de carbono cayeron un 6\u00a0% en 2020, se espera que aumenten un 4\u00a0% en los pa\u00edses del G20 en 2021 a medida que la industria vuelva a activarse.<a href=\"#_ftn20\" name=\"_ftnref20\">[20]<\/a> Varios pa\u00edses, entre ellos la India y China, est\u00e1n en camino de superar sus niveles de emisiones de 2019.<\/p>\n<p><em>\u201cLas cifras pueden variar de un a\u00f1o a otro, pero la realidad subyacente sigue siendo pesimista\u201d, <\/em>dice <a href=\"https:\/\/www.linkedin.com\/in\/fady-m-jameel\/\">Fady<\/a>. <em>\u201cDondequiera que vivamos y cualquiera que sea nuestra riqueza relativa, el calentamiento global sigue siendo una amenaza para nuestro modo de vida.<\/em><\/p>\n<p><em>\u201cEn Abdul Latif Jameel nos apasiona predicar con el ejemplo, demostrando c\u00f3mo la inversi\u00f3n privada puede estimular el sector p\u00fablico para mejorar tangiblemente las vidas y perspectivas de las personas, ahora y en el futuro.<\/em><\/p>\n<p><em>\u201cNadie quiere un planeta cuyo calentamiento est\u00e9 cerca de los 2\u00a0grados, igual que nadie predijo que una pandemia se iba a extender por todo el mundo. Sin embargo, no debemos perder tiempo en lamentarnos por lo que no podemos cambiar, ya que hay demasiado trabajo que hacer\u201d.<\/em><\/p>\n<p>De cara al futuro, GWEC describe varios pasos clave, desde lo pr\u00e1ctico hasta lo psicol\u00f3gico, para situar la energ\u00eda e\u00f3lica en el centro de la transici\u00f3n de la energ\u00eda verde:<a href=\"#_ftn21\" name=\"_ftnref21\">[21]<\/a><\/p>\n<ul>\n<li><strong>Honestidad<\/strong>: los legisladores y reguladores deben crear un sentido de urgencia, enfatizando la diferencia entre d\u00f3nde estamos ahora y d\u00f3nde debemos estar.<\/li>\n<li><strong>Urgencia<\/strong>: los planificadores deben adoptar un enfoque de \u201cemergencia clim\u00e1tica\u201d, reduciendo la burocracia y agilizando los permisos para los nuevos parques e\u00f3licos.<\/li>\n<li><strong>Equidad<\/strong>: los gobiernos deber\u00edan ayudar a reducir la proporci\u00f3n de combustibles f\u00f3siles en el sistema energ\u00e9tico y garantizar que las deudas sociales de las emisiones de carbono se resuelvan de forma justa.<\/li>\n<li><strong>Coordinaci\u00f3n<\/strong>: los actores en el mercado de las renovables deben unirse para ayudar a descarbonizar los sectores en los que la transici\u00f3n es m\u00e1s dif\u00edcil, como la qu\u00edmica, la agricultura y el transporte.<\/li>\n<\/ul>\n<blockquote>\n<p><em>\u201cEl tiempo puede ser amigo o enemigo, la elecci\u00f3n es nuestra\u201d, <\/em>a\u00f1ade Fady Jameel.<em> \u201cSi trabajamos al un\u00edsono y aprovechamos el poder de la naturaleza, juntos podemos impulsar la energ\u00eda del viento en la agenda energ\u00e9tica y ayudar a proteger nuestro planeta\u201d.<\/em><\/p>\n<\/blockquote>\n<p>&nbsp;<\/p>\n<p><a href=\"#_ftnref1\" name=\"_ftn1\">[1]<\/a> https:\/\/gwec.net\/wp-content\/uploads\/2021\/03\/GWEC-Global-Wind-Report-2021.pdf<\/p>\n<p><a href=\"#_ftnref2\" name=\"_ftn2\">[2]<\/a> https:\/\/www.irena.org\/-\/media\/Files\/IRENA\/Agency\/Publication\/2019\/Sep\/IRENA_Transforming_2019_Summary.pdf<\/p>\n<p><a href=\"#_ftnref3\" name=\"_ftn3\">[3]<\/a> https:\/\/gwec.net\/wp-content\/uploads\/2021\/03\/GWEC-Global-Wind-Report-2021.pdf<\/p>\n<p><a href=\"#_ftnref4\" name=\"_ftn4\">[4]<\/a> https:\/\/www.iea.org\/reports\/world-energy-outlook-2021<\/p>\n<p><a href=\"#_ftnref5\" name=\"_ftn5\">[5]<\/a> https:\/\/www.theguardian.com\/environment\/2021\/oct\/13\/carbon-emissions-will-drop-just-40-by-2050-with-countries-current-pledges<\/p>\n<p><a href=\"#_ftnref6\" name=\"_ftn6\">[6]<\/a> https:\/\/gwec.net\/wp-content\/uploads\/2021\/03\/GWEC-Global-Wind-Report-2021.pdf<\/p>\n<p><a href=\"#_ftnref7\" name=\"_ftn7\">[7]<\/a> https:\/\/www.theguardian.com\/environment\/2021\/oct\/12\/china-coal-fired-plants-uk-cop26-climate-summit-global-phase-out<\/p>\n<p><a href=\"#_ftnref8\" name=\"_ftn8\">[8]<\/a> https:\/\/www.mckinsey.com\/~\/media\/McKinsey\/Industries\/Oil%20and%20Gas\/Our%20Insights\/Global%20Energy%20Perspective%202019\/McKinsey-Energy-Insights-Global-Energy-Perspective-2019_Reference-Case-Summary.ashx<\/p>\n<p><a href=\"#_ftnref9\" name=\"_ftn9\">[9]<\/a> https:\/\/gwec.net\/wp-content\/uploads\/2021\/03\/GWEC-Global-Wind-Report-2021.pdf<\/p>\n<p><a href=\"#_ftnref10\" name=\"_ftn10\">[10]<\/a> https:\/\/www.consilium.europa.eu\/en\/policies\/green-deal\/eu-plan-for-a-green-transition\/<\/p>\n<p><a href=\"#_ftnref11\" name=\"_ftn11\">[11]<\/a> https:\/\/windeurope.org\/newsroom\/press-releases\/its-official-the-eu-commission-wants-30-gw-of-new-wind-a-year-up-to-2030\/<\/p>\n<p><a href=\"#_ftnref12\" name=\"_ftn12\">[12]<\/a> https:\/\/windeurope.org\/newsroom\/press-releases\/money-pouring-into-wind-energy-despite-covid-but-are-there-enough-projects-out-there\/<\/p>\n<p><a href=\"#_ftnref13\" name=\"_ftn13\">[13]<\/a> https:\/\/www.rechargenews.com\/wind\/britain-bets-on-floating-wind-with-220m-kickstart-pot-for-coastal-industrial-hubs\/2-1-1091349<\/p>\n<p><a href=\"#_ftnref14\" name=\"_ftn14\">[14]<\/a> https:\/\/www.rechargenews.com\/energy-transition\/britain-launches-developing-nations-angled-green-funding-package-plan\/2-1-1091929<\/p>\n<p><a href=\"#_ftnref15\" name=\"_ftn15\">[15]<\/a> https:\/\/www.rechargenews.com\/wind\/equinor-eyes-gigawatt-scale-floating-wind-off-scotland-with-new-foundation-concept\/2-1-1091513<\/p>\n<p><a href=\"#_ftnref16\" name=\"_ftn16\">[16]<\/a> https:\/\/etipwind.eu\/files\/reports\/Flagship\/fit-for-55\/ETIPWind-Flagship-report-Fit-for-55-set-for-2050.pdf<\/p>\n<p><a href=\"#_ftnref17\" name=\"_ftn17\">[17]<\/a> https:\/\/windeurope.org\/newsroom\/press-releases\/money-pouring-into-wind-energy-despite-covid-but-are-there-enough-projects-out-there\/<\/p>\n<p><a href=\"#_ftnref18\" name=\"_ftn18\">[18]<\/a> https:\/\/gwec.net\/wp-content\/uploads\/2021\/03\/GWEC-Global-Wind-Report-2021.pdf<\/p>\n<p><a href=\"#_ftnref19\" name=\"_ftn19\">[19]<\/a> https:\/\/gwec.net\/wp-content\/uploads\/2021\/03\/GWEC-Global-Wind-Report-2021.pdf<\/p>\n<p><a href=\"#_ftnref20\" name=\"_ftn20\">[20]<\/a> https:\/\/www.climate-transparency.org\/g20-climate-performance\/g20report2021<\/p>\n<p><a href=\"#_ftnref21\" name=\"_ftn21\">[21]<\/a> https:\/\/gwec.net\/wp-content\/uploads\/2021\/03\/GWEC-Global-Wind-Report-2021.pdf<\/p>\n","protected":false},"author":18,"featured_media":94501,"template":"","tags":[],"acf":[],"yoast_head":"<!-- This site is optimized with the Yoast SEO plugin v21.5 - https:\/\/yoast.com\/wordpress\/plugins\/seo\/ -->\n<title>El crecimiento de la energ\u00eda e\u00f3lica en las industrias | Abdul Latif Jameel\u00ae<\/title>\n<meta name=\"description\" content=\"Descubra las energ\u00edas renovables de ALJ en proyectos de energ\u00eda e\u00f3lica implementados en 15 pa\u00edses, as\u00ed como el crecimiento de la industria y su tecnolog\u00eda\" \/>\n<meta name=\"robots\" content=\"index, follow, max-snippet:-1, max-image-preview:large, max-video-preview:-1\" \/>\n<link rel=\"canonical\" href=\"https:\/\/alj.com\/es\/perspective\/el-viento-impulsa-el-mercado-de-las-energias-renovables-en-un-ano-record\/\" \/>\n<meta property=\"og:locale\" content=\"es_ES\" \/>\n<meta property=\"og:type\" content=\"article\" \/>\n<meta property=\"og:title\" content=\"El crecimiento de la energ\u00eda e\u00f3lica en las industrias | Abdul Latif Jameel\u00ae\" \/>\n<meta property=\"og:description\" content=\"Descubra las energ\u00edas renovables de ALJ en proyectos de energ\u00eda e\u00f3lica implementados en 15 pa\u00edses, as\u00ed como el crecimiento de la industria y su tecnolog\u00eda\" \/>\n<meta property=\"og:url\" content=\"https:\/\/alj.com\/es\/perspective\/el-viento-impulsa-el-mercado-de-las-energias-renovables-en-un-ano-record\/\" \/>\n<meta property=\"og:site_name\" content=\"Abdul Latif Jameel\" \/>\n<meta property=\"article:publisher\" content=\"https:\/\/www.facebook.com\/Abdul.Latif.Jameel.Official\" \/>\n<meta property=\"article:modified_time\" content=\"2022-04-11T09:39:18+00:00\" \/>\n<meta property=\"og:image\" content=\"https:\/\/media.alj.com\/app\/uploads\/2021\/11\/raychel-sanner-9MlgEX2eIkg-unsplash.jpg\" \/>\n\t<meta property=\"og:image:width\" content=\"1920\" \/>\n\t<meta property=\"og:image:height\" content=\"1440\" \/>\n\t<meta property=\"og:image:type\" content=\"image\/jpeg\" \/>\n<meta name=\"twitter:card\" content=\"summary_large_image\" \/>\n<meta name=\"twitter:label1\" content=\"Est. reading time\" \/>\n\t<meta name=\"twitter:data1\" content=\"16 minutes\" \/>\n<script type=\"application\/ld+json\" class=\"yoast-schema-graph\">{\"@context\":\"https:\/\/schema.org\",\"@graph\":[{\"@type\":\"WebPage\",\"@id\":\"https:\/\/alj.com\/es\/perspective\/el-viento-impulsa-el-mercado-de-las-energias-renovables-en-un-ano-record\/\",\"url\":\"https:\/\/alj.com\/es\/perspective\/el-viento-impulsa-el-mercado-de-las-energias-renovables-en-un-ano-record\/\",\"name\":\"El crecimiento de la energ\u00eda e\u00f3lica en las industrias | Abdul Latif Jameel\u00ae\",\"isPartOf\":{\"@id\":\"https:\/\/alj.com\/en\/#website\"},\"datePublished\":\"2021-11-23T05:09:57+00:00\",\"dateModified\":\"2022-04-11T09:39:18+00:00\",\"description\":\"Descubra las energ\u00edas renovables de ALJ en proyectos de energ\u00eda e\u00f3lica implementados en 15 pa\u00edses, as\u00ed como el crecimiento de la industria y su tecnolog\u00eda\",\"breadcrumb\":{\"@id\":\"https:\/\/alj.com\/es\/perspective\/el-viento-impulsa-el-mercado-de-las-energias-renovables-en-un-ano-record\/#breadcrumb\"},\"inLanguage\":\"es-ES\",\"potentialAction\":[{\"@type\":\"ReadAction\",\"target\":[\"https:\/\/alj.com\/es\/perspective\/el-viento-impulsa-el-mercado-de-las-energias-renovables-en-un-ano-record\/\"]}]},{\"@type\":\"BreadcrumbList\",\"@id\":\"https:\/\/alj.com\/es\/perspective\/el-viento-impulsa-el-mercado-de-las-energias-renovables-en-un-ano-record\/#breadcrumb\",\"itemListElement\":[{\"@type\":\"ListItem\",\"position\":1,\"name\":\"Home\",\"item\":\"https:\/\/alj.com\/es\/\"},{\"@type\":\"ListItem\",\"position\":2,\"name\":\"Perspectives\",\"item\":\"https:\/\/alj.com\/ja\/perspective\/\"},{\"@type\":\"ListItem\",\"position\":3,\"name\":\"El viento impulsa el mercado de las energ\u00edas renovables en un a\u00f1o r\u00e9cord\"}]},{\"@type\":\"WebSite\",\"@id\":\"https:\/\/alj.com\/en\/#website\",\"url\":\"https:\/\/alj.com\/en\/\",\"name\":\"Abdul Latif Jameel\",\"description\":\"Abdul Latif Jameel\",\"potentialAction\":[{\"@type\":\"SearchAction\",\"target\":{\"@type\":\"EntryPoint\",\"urlTemplate\":\"https:\/\/alj.com\/en\/?s={search_term_string}\"},\"query-input\":\"required name=search_term_string\"}],\"inLanguage\":\"es-ES\"}]}<\/script>\n<!-- \/ Yoast SEO plugin. -->","yoast_head_json":{"title":"El crecimiento de la energ\u00eda e\u00f3lica en las industrias | Abdul Latif Jameel\u00ae","description":"Descubra las energ\u00edas renovables de ALJ en proyectos de energ\u00eda e\u00f3lica implementados en 15 pa\u00edses, as\u00ed como el crecimiento de la industria y su tecnolog\u00eda","robots":{"index":"index","follow":"follow","max-snippet":"max-snippet:-1","max-image-preview":"max-image-preview:large","max-video-preview":"max-video-preview:-1"},"canonical":"https:\/\/alj.com\/es\/perspective\/el-viento-impulsa-el-mercado-de-las-energias-renovables-en-un-ano-record\/","og_locale":"es_ES","og_type":"article","og_title":"El crecimiento de la energ\u00eda e\u00f3lica en las industrias | Abdul Latif Jameel\u00ae","og_description":"Descubra las energ\u00edas renovables de ALJ en proyectos de energ\u00eda e\u00f3lica implementados en 15 pa\u00edses, as\u00ed como el crecimiento de la industria y su tecnolog\u00eda","og_url":"https:\/\/alj.com\/es\/perspective\/el-viento-impulsa-el-mercado-de-las-energias-renovables-en-un-ano-record\/","og_site_name":"Abdul Latif Jameel","article_publisher":"https:\/\/www.facebook.com\/Abdul.Latif.Jameel.Official","article_modified_time":"2022-04-11T09:39:18+00:00","og_image":[{"width":1920,"height":1440,"url":"https:\/\/media.alj.com\/app\/uploads\/2021\/11\/raychel-sanner-9MlgEX2eIkg-unsplash.jpg","type":"image\/jpeg"}],"twitter_card":"summary_large_image","twitter_misc":{"Est. reading time":"16 minutes"},"schema":{"@context":"https:\/\/schema.org","@graph":[{"@type":"WebPage","@id":"https:\/\/alj.com\/es\/perspective\/el-viento-impulsa-el-mercado-de-las-energias-renovables-en-un-ano-record\/","url":"https:\/\/alj.com\/es\/perspective\/el-viento-impulsa-el-mercado-de-las-energias-renovables-en-un-ano-record\/","name":"El crecimiento de la energ\u00eda e\u00f3lica en las industrias | Abdul Latif Jameel\u00ae","isPartOf":{"@id":"https:\/\/alj.com\/en\/#website"},"datePublished":"2021-11-23T05:09:57+00:00","dateModified":"2022-04-11T09:39:18+00:00","description":"Descubra las energ\u00edas renovables de ALJ en proyectos de energ\u00eda e\u00f3lica implementados en 15 pa\u00edses, as\u00ed como el crecimiento de la industria y su tecnolog\u00eda","breadcrumb":{"@id":"https:\/\/alj.com\/es\/perspective\/el-viento-impulsa-el-mercado-de-las-energias-renovables-en-un-ano-record\/#breadcrumb"},"inLanguage":"es-ES","potentialAction":[{"@type":"ReadAction","target":["https:\/\/alj.com\/es\/perspective\/el-viento-impulsa-el-mercado-de-las-energias-renovables-en-un-ano-record\/"]}]},{"@type":"BreadcrumbList","@id":"https:\/\/alj.com\/es\/perspective\/el-viento-impulsa-el-mercado-de-las-energias-renovables-en-un-ano-record\/#breadcrumb","itemListElement":[{"@type":"ListItem","position":1,"name":"Home","item":"https:\/\/alj.com\/es\/"},{"@type":"ListItem","position":2,"name":"Perspectives","item":"https:\/\/alj.com\/ja\/perspective\/"},{"@type":"ListItem","position":3,"name":"El viento impulsa el mercado de las energ\u00edas renovables en un a\u00f1o r\u00e9cord"}]},{"@type":"WebSite","@id":"https:\/\/alj.com\/en\/#website","url":"https:\/\/alj.com\/en\/","name":"Abdul Latif Jameel","description":"Abdul Latif Jameel","potentialAction":[{"@type":"SearchAction","target":{"@type":"EntryPoint","urlTemplate":"https:\/\/alj.com\/en\/?s={search_term_string}"},"query-input":"required name=search_term_string"}],"inLanguage":"es-ES"}]}},"post-meta-fields":{"_alp_processed":["1637580729"],"_wpml_word_count":["{\"total\":2725,\"to_translate\":{\"ar\":2725,\"zh-hans\":2725,\"fr\":2725,\"ja\":2725,\"es\":2725,\"tr\":2725}}"],"push_notification":["no"],"_push_notification":["field_5c3b1fb67034d"],"_wpml_media_featured":["1"],"_wpml_media_duplicate":["1"],"perspective_short_title":["El viento impulsa el mercado de las energ\u00edas renovables"],"perspective_summury":["<p>Las nuevas instalaciones de energ\u00eda e\u00f3lica han alcanzado m\u00e1ximos hist\u00f3ricos y los gobiernos e inversores se han unido para hacer que el viento sople m\u00e1s fuerte. El sector ha demostrado ser una verdadera fuerza de la naturaleza: implacable, indestructible y capaz de estimular el entusiasmo en todo el mundo.<\/p>\n"],"perspective_location":["Dubai, EAU"],"wpcf-featured-news":["0"],"is_latest_news":["0"],"wpcf-show-news-at-homepage":["1"],"publish_mobile":[""],"_publish_mobile":["field_5bfa8eb2e65cf"],"mobile_featured_image":["https:\/\/media.alj.com\/app\/uploads\/2021\/11\/Wind-Raychel-Sanner-credit.jpg"],"_mobile_featured_image":["field_5c3b204983dea"],"content_series_applied":[""],"_content_series_applied":["field_60f3d3faf82ac"],"_bsf_post_type":["0"],"_bsf_item_review_type":["none"],"_yoast_wpseo_title":["El crecimiento de la energ\u00eda e\u00f3lica en las industrias | Abdul Latif Jameel\u00ae"],"_yoast_wpseo_metadesc":["Descubra las energ\u00edas renovables de ALJ en proyectos de energ\u00eda e\u00f3lica implementados en 15 pa\u00edses, as\u00ed como el crecimiento de la industria y su tecnolog\u00eda"],"_yoast_wpseo_content_score":["30"],"_yoast_wpseo_estimated-reading-time-minutes":["16"],"_thumbnail_id":["94501"],"_edit_lock":["1649669830:25"],"_edit_last":["25"],"_last_translation_edit_mode":["native-editor"],"_wp_old_date":["2021-11-22"],"wpcf-perspective-published-date":["1637625600"],"perspective_business_sector":["Energ\u00eda y Servicios Medioambientales"],"featured_on_listing_page":["0"],"_featured_on_listing_page":["field_62458ea7383c3"],"wpcf-perspective-downloadable_file":[""],"wpcf-card-image":[""],"_wpcf-card-image-sort-order":["a:1:{i:0;i:1140903;}"],"wpcf-video-description":[""],"wpcf-layoutvideourl":[""],"wpcf-video-thumb":[""],"wpcf-social4-svg":[""],"wpcf-social4-background-image":[""],"wpcf-social4-text":[""],"wpcf-social4-url":[""],"wpcf-social3-svg":[""],"wpcf-social3-background-image":[""],"wpcf-social3-text":[""],"wpcf-social3-url":[""],"wpcf-social-text-svg-square":[""],"wpcf-social-text-image-square":[""],"wpcf-social-text-text-square":[""],"wpcf-social-text-url-square":[""],"wpcf-social2-svg":[""],"wpcf-social2-background-image":[""],"wpcf-social2-text":[""],"wpcf-social2-url":[""],"wpcf-social-svg-square":[""],"wpcf-social-image-square":[""],"wpcf-social-text-square":[""],"wpcf-social-url-square":[""],"wpcf-social1-svg":[""],"wpcf-social1-background-image":[""],"wpcf-social1-text":[""],"wpcf-social1-url":[""],"wpcf-quotes-with-auther-text-1":[""],"wpcf-card_article_with_title_content":[""],"wpcf-card_article_content":["<p>write your content<\/p>"],"wpcf-quotes-with-auther-text":[""]},"_links":{"self":[{"href":"https:\/\/alj.com\/es\/wp-json\/wp\/v2\/perspective\/94470"}],"collection":[{"href":"https:\/\/alj.com\/es\/wp-json\/wp\/v2\/perspective"}],"about":[{"href":"https:\/\/alj.com\/es\/wp-json\/wp\/v2\/types\/perspective"}],"author":[{"embeddable":true,"href":"https:\/\/alj.com\/es\/wp-json\/wp\/v2\/users\/18"}],"wp:featuredmedia":[{"embeddable":true,"href":"https:\/\/alj.com\/es\/wp-json\/wp\/v2\/media\/94501"}],"wp:attachment":[{"href":"https:\/\/alj.com\/es\/wp-json\/wp\/v2\/media?parent=94470"}],"wp:term":[{"taxonomy":"post_tag","embeddable":true,"href":"https:\/\/alj.com\/es\/wp-json\/wp\/v2\/tags?post=94470"}],"curies":[{"name":"wp","href":"https:\/\/api.w.org\/{rel}","templated":true}]}}