{"id":98380,"date":"2022-04-07T09:35:37","date_gmt":"2022-04-07T09:35:37","guid":{"rendered":"https:\/\/alj.com\/perspective\/abdul-latif-jameel-energys-frv-charging-ahead-in-mexico\/"},"modified":"2022-06-29T06:06:30","modified_gmt":"2022-06-29T06:06:30","slug":"abdul-latif-jameel-energys-frv-charging-ahead-in-mexico","status":"publish","type":"perspective","link":"https:\/\/alj.com\/es\/perspective\/abdul-latif-jameel-energys-frv-charging-ahead-in-mexico\/","title":{"rendered":"FRV avanza en M\u00e9xico"},"content":{"rendered":"<p>Como empresa insignia de energ\u00eda renovable de <a href=\"https:\/\/alj.com\">Abdul Latif Jameel<\/a> y parte de <a href=\"https:\/\/alj.com\/energy\">Abdul Latif Jameel Energy<\/a>, Fotowatio Renewable Ventures (<a href=\"https:\/\/frv.com\">FRV<\/a>) ya cuenta con un largo historial de expansi\u00f3n e innovaci\u00f3n.<\/p>\n<p>Los expertos en <a href=\"https:\/\/alj.com\/en\/perspective\/setting-a-shining-example\/\">energ\u00eda solar<\/a> y almacenamiento de energ\u00eda de FRV, activos en cinco continentes, han desarrollado m\u00e1s de 50\u00a0plantas de energ\u00eda renovable en todo el mundo, gestionando una cartera de m\u00e1s de 2,5\u00a0GW en mercados solares en Australia, Europa, Oriente Medio, India, \u00c1frica, EE.\u00a0UU. y Am\u00e9rica Latina. Esto incluye un proyecto h\u00edbrido en Chile que combina <a href=\"https:\/\/frv.com\/en\/projects\/solar-punta-colorada\/\">energ\u00eda e\u00f3lica y solar<\/a> con potencial para suministrar energ\u00eda limpia a casi 250\u00a0000 hogares durante todo el a\u00f1o.<\/p>\n<p>Tambi\u00e9n est\u00e1n desarrollando otro tipo de planta h\u00edbrida en <a href=\"https:\/\/alj.com\/en\/news\/abdul-latif-jameel-energys-frv-announces-first-hybrid-pv-solar-storage-project-in-australia\/\">Dalby<\/a>, en Queensland, Australia. En ella se combinan 2,4\u00a0MW de generaci\u00f3n de energ\u00eda solar fotovoltaica y 2,5\u00a0MW\/5\u00a0MWh de almacenamiento en bater\u00edas coubicado. Es el primer proyecto h\u00edbrido de FRV en el pa\u00eds y uno de los primeros proyectos de sistemas de almacenamiento de energ\u00eda en bater\u00edas en Queensland.<\/p>\n<figure id=\"attachment_97964\" aria-describedby=\"caption-attachment-97964\" style=\"width: 300px\" class=\"wp-caption alignleft\"><img decoding=\"async\" loading=\"lazy\" class=\"size-medium wp-image-97964\" src=\"https:\/\/media.alj.com\/app\/uploads\/2022\/04\/FRV-BESS-Contego-300x200.jpg\" alt=\"FRV\u2019s Battery Energy Storage System (BESS) at Contego, West Sussex, UK.\" width=\"300\" height=\"200\" srcset=\"https:\/\/media.alj.com\/app\/uploads\/2022\/04\/FRV-BESS-Contego-300x200.jpg 300w, https:\/\/media.alj.com\/app\/uploads\/2022\/04\/FRV-BESS-Contego-1024x682.jpg 1024w, https:\/\/media.alj.com\/app\/uploads\/2022\/04\/FRV-BESS-Contego-150x100.jpg 150w, https:\/\/media.alj.com\/app\/uploads\/2022\/04\/FRV-BESS-Contego-768x512.jpg 768w, https:\/\/media.alj.com\/app\/uploads\/2022\/04\/FRV-BESS-Contego.jpg 1147w\" sizes=\"(max-width: 300px) 100vw, 300px\" \/><figcaption id=\"caption-attachment-97964\" class=\"wp-caption-text\">Sistema de almacenamiento de energ\u00eda en bater\u00edas (BESS) de FRV en Contego, West Sussex, Reino Unido.<\/figcaption><\/figure>\n<p>El <a href=\"https:\/\/www.alj.com\/en\/perspective\/storing-success-batteries-revolutionizing-global-energy-market\/\">almacenamiento de energ\u00eda en bater\u00edas<\/a> a escala de servicios p\u00fablicos, como el que se est\u00e1 implementando en Dalby, es un sector del mercado de suministro energ\u00e9tico en r\u00e1pido crecimiento donde FRV y su rama dedicada a la innovaci\u00f3n <a href=\"https:\/\/frv.com\/en\/services\/frv-x\/\">FRV-X<\/a> est\u00e1n a la vanguardia. En septiembre de 2021, FRV-X se embarc\u00f3 en su tercer proyecto de almacenamiento en bater\u00edas a escala de servicios p\u00fablicos, en <a href=\"https:\/\/alj.com\/en\/news\/abdul-latif-jameel-energys-frv-and-harmony-energy-launch-uks-largest-battery-storage-project-with-tesla-megapack-in-mission-to-decarbonize-britains-energy-grid\/\">Clay Tye<\/a>, Essex, Reino Unido, desarrollado en asociaci\u00f3n con <a href=\"https:\/\/www.harmonyenergy.co.uk\/\">Harmony Energy<\/a>. Con 99\u00a0MW\/198\u00a0MWh, es el mayor sistema de almacenamiento de energ\u00eda en bater\u00edas en construcci\u00f3n del Reino Unido.<\/p>\n<p>Clay Tye se basa en el \u00e9xito de los anteriores proyectos de almacenamiento en bater\u00edas de FRV-X en el Reino Unido: el proyecto <a href=\"https:\/\/www.alj.com\/en\/news\/abdul-latif-jameel-energy-supports-development-of-second-utility-scale-battery-storage-project-in-uk\/\">Contego<\/a> de 34\u00a0MW en West Sussex incorpora un sistema de 28\u00a0bater\u00edas de iones de litio Tesla Megapack.<\/p>\n<p>Mientras tanto, la planta de bater\u00edas de 7,5\u00a0MW de <a href=\"https:\/\/alj.com\/en\/news\/abdul-latif-jameel-energys-frv-achieves-financial-close-with-natwest-for-its-holes-bay-battery-project-in-the-uk\/\">Holes Bay<\/a>, Dorset, almacena energ\u00eda de la red nacional del Reino Unido para proporcionar flexibilidad a los suministros durante las horas pico, lo que contribuye a la estabilidad de la red y respalda el plan de descarbonizaci\u00f3n brit\u00e1nico.<\/p>\n<p><iframe loading=\"lazy\" src=\"\/\/www.youtube.com\/embed\/wOrmFDNHlns\" width=\"560\" height=\"314\" allowfullscreen=\"allowfullscreen\"><\/iframe><\/p>\n<p>El \u00faltimo proyecto innovador, que demuestra el liderazgo de FRV en tecnolog\u00edas avanzadas de almacenamiento en bater\u00edas, se encuentra en M\u00e9xico, donde se ha asociado con <a href=\"https:\/\/www.energytoolbase.com\/\">Energy Toolbase<\/a>, una empresa de software de energ\u00eda, y el desarrollador mexicano <a href=\"https:\/\/ecopulse.mx\/ecohome\/\">Ecopulse<\/a><u>,<\/u> para desarrollar e implementar proyectos de almacenamiento de energ\u00eda bajo un innovador modelo de \u201cAlmacenamiento de energ\u00eda como servicio\u201d (Energy Storage-as-a-Service, EnSaaS) centrado en el sector industrial.<\/p>\n<figure id=\"attachment_97972\" aria-describedby=\"caption-attachment-97972\" style=\"width: 840px\" class=\"wp-caption aligncenter\"><img decoding=\"async\" loading=\"lazy\" class=\" wp-image-97972\" src=\"https:\/\/media.alj.com\/app\/uploads\/2022\/04\/The-Iztapalapa-Industrial-Center-BESS-system-Mexico-City.png\" alt=\"The Iztapalapa Industrial Center, BESS system in Mexico City\" width=\"840\" height=\"399\" srcset=\"https:\/\/media.alj.com\/app\/uploads\/2022\/04\/The-Iztapalapa-Industrial-Center-BESS-system-Mexico-City.png 636w, https:\/\/media.alj.com\/app\/uploads\/2022\/04\/The-Iztapalapa-Industrial-Center-BESS-system-Mexico-City-300x142.png 300w, https:\/\/media.alj.com\/app\/uploads\/2022\/04\/The-Iztapalapa-Industrial-Center-BESS-system-Mexico-City-150x71.png 150w\" sizes=\"(max-width: 840px) 100vw, 840px\" \/><figcaption id=\"caption-attachment-97972\" class=\"wp-caption-text\">Centro Industrial de Iztapalapa, sistema BESS en Ciudad de M\u00e9xico<\/figcaption><\/figure>\n<p>El nuevo sistema de almacenamiento de energ\u00eda en bater\u00edas (Battery Energy Storage System, BESS) estar\u00e1 ubicado en el centro industrial de Iztapalapa, en el coraz\u00f3n de la Ciudad de M\u00e9xico.<\/p>\n<p>Tiene una potencia nominal de 480\u00a0kW capaz de proporcionar hasta dos horas de energ\u00eda almacenada, lo que permite a los clientes industriales de Iztapalapa optimizar el consumo de energ\u00eda sin interferir en la producci\u00f3n, generando ahorros en la tarifa el\u00e9ctrica sin incurrir en ninguna inversi\u00f3n de capital o costes operativos asociados.<\/p>\n<p>FRV ya es el segundo mayor desarrollador de energ\u00edas renovables en M\u00e9xico, con casi 1\u00a0GW de proyectos fotovoltaicos en funcionamiento. Sin embargo, este es su primer gran proyecto de almacenamiento de energ\u00eda en el pa\u00eds, que sentar\u00e1 las bases para la expansi\u00f3n adicional del modelo EnSaaS en M\u00e9xico y otros mercados.<\/p>\n<p>Hablamos con <a href=\"https:\/\/es.linkedin.com\/in\/felipe-hernandez-fernandez-3212612b\">Felipe Hern\u00e1ndez<\/a>, director general de FRV-X, y <a href=\"https:\/\/mx.linkedin.com\/in\/alejandrolimong1983\">Alejandro Lim\u00f3n<\/a>, director general de FRV M\u00e9xico y Centroam\u00e9rica, sobre el proyecto Iztapalapa y su importancia para el mercado energ\u00e9tico mexicano.<\/p>\n<h2>\u00bfCu\u00e1nto tiempo llevan operando FRV y FRV-X en M\u00e9xico?<\/h2>\n<figure id=\"attachment_97980\" aria-describedby=\"caption-attachment-97980\" style=\"width: 207px\" class=\"wp-caption alignleft\"><img decoding=\"async\" loading=\"lazy\" class=\"size-medium wp-image-97980\" src=\"https:\/\/media.alj.com\/app\/uploads\/2022\/04\/Alejandro-Limon-MD-FRV-Mexico-207x300.jpg\" alt=\"Alejandro Lim\u00f3n Managing Director FRV Mexico and Central America\" width=\"207\" height=\"300\" srcset=\"https:\/\/media.alj.com\/app\/uploads\/2022\/04\/Alejandro-Limon-MD-FRV-Mexico-207x300.jpg 207w, https:\/\/media.alj.com\/app\/uploads\/2022\/04\/Alejandro-Limon-MD-FRV-Mexico-706x1024.jpg 706w, https:\/\/media.alj.com\/app\/uploads\/2022\/04\/Alejandro-Limon-MD-FRV-Mexico-103x150.jpg 103w, https:\/\/media.alj.com\/app\/uploads\/2022\/04\/Alejandro-Limon-MD-FRV-Mexico-768x1114.jpg 768w, https:\/\/media.alj.com\/app\/uploads\/2022\/04\/Alejandro-Limon-MD-FRV-Mexico-1059x1536.jpg 1059w, https:\/\/media.alj.com\/app\/uploads\/2022\/04\/Alejandro-Limon-MD-FRV-Mexico-1412x2048.jpg 1412w, https:\/\/media.alj.com\/app\/uploads\/2022\/04\/Alejandro-Limon-MD-FRV-Mexico-scaled.jpg 1764w\" sizes=\"(max-width: 207px) 100vw, 207px\" \/><figcaption id=\"caption-attachment-97980\" class=\"wp-caption-text\">Alejandro Lim\u00f3n<br \/>\nDirector general, FRV M\u00e9xico y Centroam\u00e9rica<\/figcaption><\/figure>\n<p><strong>AL:<\/strong> FRV abri\u00f3 su oficina en M\u00e9xico en torno a 2012, justo cuando el gobierno estaba empezando a abrir la industria a inversiones extranjeras y privadas.<\/p>\n<p>Desde entonces, hemos ido incrementando nuestra presencia en el pa\u00eds como desarrollador de energ\u00eda solar fotovoltaica.<\/p>\n<p>M\u00e9xico es el segundo mayor generador fotovoltaico del mundo, con casi 700\u00a0MW en funcionamiento, por lo que aqu\u00ed tenemos un enorme potencial.<\/p>\n<p><strong>FH:<\/strong> FRV-X comenz\u00f3 a operar formalmente en M\u00e9xico en 2020 y en 2021 iniciamos nuestro primer proyecto. Esperamos que este \u00faltimo proyecto de EnSaaS sea un modelo que podamos implementar en otras ubicaciones de M\u00e9xico y en otros lugares de la regi\u00f3n.<\/p>\n<h2>\u00a0<\/h2>\n<h2>\u00bfPor qu\u00e9 una zona industrial como Iztapalapa necesita una soluci\u00f3n energ\u00e9tica espec\u00edfica como esta?<\/h2>\n<p><strong>AL: <\/strong>No solo Iztapalapa puede beneficiarse de algo as\u00ed. Esto podr\u00eda funcionar igual de bien pr\u00e1cticamente en todo el pa\u00eds. La raz\u00f3n por la que nos hemos centrado en la industria para empezar es porque son grandes consumidores de energ\u00eda.<\/p>\n<p>Los consumidores industriales pagan un precio muy alto por la energ\u00eda que utilizan durante las horas pico. En promedio, hasta el 40\u00a0% de su factura de energ\u00eda proviene del consumo durante solo un par de horas a mitad del d\u00eda. Nuestra soluci\u00f3n es instalar una bater\u00eda de iones de litio en sus instalaciones, una soluci\u00f3n \u201cdetr\u00e1s del medidor\u201d. Esta almacena energ\u00eda durante las horas de menor actividad, cuando hay menos demanda y el precio es menor, y luego se la proporciona al negocio durante las costosas horas pico. Esto no solo reduce los costes para el cliente, sino que tambi\u00e9n reduce la presi\u00f3n en la red cuando la demanda est\u00e1 en su nivel m\u00e1s alto, lo que ayuda a estabilizarla.<\/p>\n<h2>\u00bfQu\u00e9 hace que este sea un modelo tan atractivo para las empresas?<\/h2>\n<figure id=\"attachment_97990\" aria-describedby=\"caption-attachment-97990\" style=\"width: 197px\" class=\"wp-caption alignright\"><img decoding=\"async\" loading=\"lazy\" class=\"size-full wp-image-97990\" src=\"https:\/\/media.alj.com\/app\/uploads\/2022\/04\/Felipe-Hernandez.jpg\" alt=\"Felipe Hern\u00e1ndez Managing Director, FRV-X\" width=\"197\" height=\"240\" srcset=\"https:\/\/media.alj.com\/app\/uploads\/2022\/04\/Felipe-Hernandez.jpg 197w, https:\/\/media.alj.com\/app\/uploads\/2022\/04\/Felipe-Hernandez-123x150.jpg 123w\" sizes=\"(max-width: 197px) 100vw, 197px\" \/><figcaption id=\"caption-attachment-97990\" class=\"wp-caption-text\">Felipe Hern\u00e1ndez<br \/>\nDirector general, FRV-X<\/figcaption><\/figure>\n<p><strong>FH: <\/strong>La energ\u00eda es un negocio muy complejo. La mayor\u00eda de los clientes industriales y comerciales que podr\u00edan beneficiarse de este tipo de soluci\u00f3n carecen de los conocimientos especializados o la mano de obra para operar este tipo de activos por s\u00ed mismos.<\/p>\n<p>Con nuestra soluci\u00f3n EnSaaS proporcionamos la inversi\u00f3n y la tecnolog\u00eda, la operamos, la ponemos en marcha y llevamos a cabo toda la implementaci\u00f3n y administraci\u00f3n necesarias para mantener el sistema en funcionamiento, lo que permite que nuestros clientes puedan centrarse en su negocio principal.<\/p>\n<p>No hay inconvenientes para ellos, porque nosotros mismos nos encargamos de todo. Reducimos su factura energ\u00e9tica, compartimos los ahorros y les permitimos continuar con la gesti\u00f3n de su empresa.<\/p>\n<p>En el peor de los casos no lograr\u00e1n los ahorros esperados, pero no les habr\u00e1 costado nada. Esto es lo que diferencia nuestro servicio de otros modelos en los que el cliente necesita invertir tiempo y dinero para implementar su propia soluci\u00f3n de almacenamiento en bater\u00edas.<\/p>\n<h2>\u00bfEs adecuado para empresas de cualquier tama\u00f1o?<\/h2>\n<p><strong>FH:<\/strong> Creo que la mayor\u00eda de las empresas podr\u00edan beneficiarse de este plan. Siempre que su consumo de energ\u00eda sea de unos 100\u00a0kW o m\u00e1s, como es el caso de la mayor\u00eda de empresas industriales, supondr\u00eda un ahorro significativo.<\/p>\n<p><strong>AL: <\/strong>S\u00ed, m\u00e1s o menos cualquier negocio industrial se beneficiar\u00eda. Cuanto mayor sea su consumo de energ\u00eda, mayor ser\u00e1 su ahorro. Tal vez no sea tan atractivo para los negocios que solo utilizan energ\u00eda durante los periodos de menor actividad, como por la noche, pero la mayor\u00eda de las empresas no son as\u00ed.<\/p>\n<p>No se trata solo de ahorrar costes, sino tambi\u00e9n de la eficiencia energ\u00e9tica y la optimizaci\u00f3n de la producci\u00f3n. En algunas ciudades de M\u00e9xico, los precios de la energ\u00eda son tan altos que las empresas industriales tienen que cerrar en horas punta a mitad del d\u00eda porque los costes de producci\u00f3n son demasiado altos. Tambi\u00e9n hay f\u00e1bricas en Europa que operan por la noche para evitar los altos costes energ\u00e9ticos diurnos.<\/p>\n<p>Nuestras soluciones EnSaaS evitan esto y garantizan que las empresas puedan operar de forma m\u00e1s eficiente y coherente durante todo el d\u00eda, sin este tipo de requisitos que obligan a interrumpir la actividad durante las horas pico.<\/p>\n<h2>\u00bfPor qu\u00e9 es importante trabajar con socios como Energy Toolbase y Ecopulse?<\/h2>\n<p><strong>FH: <\/strong>Son dos tipos de socios distintos. Energy Toolbase es una empresa de software especializada en el sector energ\u00e9tico. Para gestionar nuestra soluci\u00f3n de forma eficaz necesitamos un sistema de software avanzado, basado en aprendizaje autom\u00e1tico e inteligencia artificial. Esto es lo que nos proporciona Energy Toolbase. Utilizamos su sistema inteligente de gesti\u00f3n de la energ\u00eda para administrar y mantener el rendimiento de la bater\u00eda y as\u00ed garantizar el m\u00e1ximo ahorro.<\/p>\n<p>Ecopulse es nuestro socio local de EPC. Se encargan de instalar e implementar los proyectos, actuando como v\u00ednculo entre FRV y los clientes. Ambos socios desempe\u00f1an un papel muy importante en el \u00e9xito de este proyecto.<\/p>\n<h2>Ahora que ha lanzado este primer proyecto en Ciudad de M\u00e9xico, \u00bfespera expandirlo a\u00fan m\u00e1s en M\u00e9xico y en otros pa\u00edses?<\/h2>\n<p><strong>AL: <\/strong>S\u00ed, tenemos un ambicioso plan de negocio para 2022. Ya contamos con una s\u00f3lida cartera de clientes potenciales. Despu\u00e9s de este primer proyecto estamos preparados para implementar el modelo EnSaaS en todo M\u00e9xico. Nuestro objetivo es alcanzar unos 20\u00a0MW en proyectos de almacenamiento en bater\u00edas este a\u00f1o. Para empezar, ser\u00e1 solo en M\u00e9xico, pero vemos oportunidades en toda Am\u00e9rica Latina.<\/p>\n<h2>\u00bfQu\u00e9 importancia tiene, por lo general, el almacenamiento de bater\u00edas para construir un suministro de energ\u00eda global m\u00e1s sostenible?<\/h2>\n<p><strong>AL:<\/strong> Creemos que esta es la d\u00e9cada del almacenamiento de energ\u00eda. Es un sector cr\u00edtico que debe desempe\u00f1ar un papel importante en la transici\u00f3n energ\u00e9tica. Los \u00faltimos 10 a\u00f1os, 2010-2019, fueron la d\u00e9cada de la energ\u00eda solar fotovoltaica. En 2022, el almacenamiento en bater\u00edas se encuentra en el mismo lugar que la energ\u00eda solar fotovoltaica hace una d\u00e9cada, con la misma capacidad de crecimiento a nivel mundial. Por ejemplo, Bloomberg Energy calcula que la inversi\u00f3n global en bater\u00edas durante esta d\u00e9cada podr\u00eda superar los 300\u00a0000 millones de USD en todo el mundo.<\/p>\n<p><strong>FH: <\/strong>Tambi\u00e9n debemos mencionar que esta soluci\u00f3n de bater\u00edas se puede combinar con un peque\u00f1o sistema fotovoltaico para mezclar energ\u00eda de la red con energ\u00eda solar generada por energ\u00eda fotovoltaica. Actualmente, el sistema en M\u00e9xico est\u00e1 vinculado a la red, pero no tiene por qu\u00e9 ser as\u00ed. Usarlo con un sistema fotovoltaico solar podr\u00eda generar a\u00fan m\u00e1s ahorros y, obviamente, reducir las emisiones de carbono, lo que har\u00eda que este modelo fuese a\u00fan m\u00e1s atractivo.<\/p>\n<h2>\u00bfPodr\u00eda hablarnos de otras nuevas tecnolog\u00edas energ\u00e9ticas que FRV-X est\u00e9 explorando en este momento?<\/h2>\n<figure id=\"attachment_98004\" aria-describedby=\"caption-attachment-98004\" style=\"width: 300px\" class=\"wp-caption alignright\"><img decoding=\"async\" loading=\"lazy\" class=\"size-medium wp-image-98004\" src=\"https:\/\/media.alj.com\/app\/uploads\/2022\/04\/Boceto-Taxi-Toyota-1-300x200.jpg\" alt=\"Toyota Mirai hydrogen fuel cell taxi, Madrid, Spain\" width=\"300\" height=\"200\" srcset=\"https:\/\/media.alj.com\/app\/uploads\/2022\/04\/Boceto-Taxi-Toyota-1-300x200.jpg 300w, https:\/\/media.alj.com\/app\/uploads\/2022\/04\/Boceto-Taxi-Toyota-1-1024x683.jpg 1024w, https:\/\/media.alj.com\/app\/uploads\/2022\/04\/Boceto-Taxi-Toyota-1-150x100.jpg 150w, https:\/\/media.alj.com\/app\/uploads\/2022\/04\/Boceto-Taxi-Toyota-1-768x512.jpg 768w, https:\/\/media.alj.com\/app\/uploads\/2022\/04\/Boceto-Taxi-Toyota-1-1536x1024.jpg 1536w, https:\/\/media.alj.com\/app\/uploads\/2022\/04\/Boceto-Taxi-Toyota-1-2048x1365.jpg 2048w\" sizes=\"(max-width: 300px) 100vw, 300px\" \/><figcaption id=\"caption-attachment-98004\" class=\"wp-caption-text\">Taxi con celdas de combustible de hidr\u00f3geno Toyota Mirai, Madrid, Espa\u00f1a.<\/figcaption><\/figure>\n<p><strong>FH:<\/strong> Estamos trabajando mucho en tecnolog\u00edas de hidr\u00f3geno en Espa\u00f1a y Australia para crear soluciones sostenibles basadas en hidr\u00f3geno verde en los sectores de la movilidad y la industria.<\/p>\n<p>Por ejemplo, en Espa\u00f1a nos hemos asociado con la Federaci\u00f3n profesional del taxi de Madrid para ayudar a sustituir al menos 1000 taxis tradicionales por <a href=\"https:\/\/fuelcellsworks.com\/subscribers\/spain-professional-taxi-federation-of-madrid-will-replace-1000-traditional-taxis-with-hydrogen-vehicles\/\">veh\u00edculos ecol\u00f3gicos impulsados por hidr\u00f3geno<\/a> para 2026.<\/p>\n<p><iframe loading=\"lazy\" src=\"\/\/www.youtube.com\/embed\/czl16Nlr898\" width=\"560\" height=\"314\" allowfullscreen=\"allowfullscreen\"><\/iframe><\/p>\n<p>El antiguo socio automovil\u00edstico de Abdul Latif Jameel, Toyota, suministra a los taxis un modelo de pilas de combustible, el <a href=\"https:\/\/www.toyota.com\/mirai\/\">Toyota Mirai<\/a>, que es capaz de viajar hasta 600\u00a0km sin ning\u00fan impacto medioambiental. En Espa\u00f1a tambi\u00e9n hemos unido fuerzas con <a href=\"https:\/\/www.vectalia.es\/en\/\">Vectalia<\/a> para desarrollar el primer sistema de <a href=\"https:\/\/www.alj.com\/en\/news\/abdul-latif-jameel-energys-frv-and-vectalia-partner-to-develop-first-green-hydrogen-powered-bus-transport-system-in-spain\/\">transporte en autob\u00fas<\/a> a gran escala alimentado por hidr\u00f3geno verde, en Alicante.<\/p>\n<p><iframe loading=\"lazy\" src=\"\/\/www.youtube.com\/embed\/jPo28GX9gNg\" width=\"560\" height=\"314\" allowfullscreen=\"allowfullscreen\"><\/iframe><\/p>\n<p>Adem\u00e1s, estamos trabajando mucho en soluciones digitales, que son fundamentales para muchas de estas tecnolog\u00edas energ\u00e9ticas avanzadas, como las bater\u00edas, el hidr\u00f3geno y otras, por ejemplo, en soluciones solares inteligentes para mejorar la forma en que se gestiona la energ\u00eda, as\u00ed como para crear plataformas mutuas para compartir y comercializar energ\u00eda. Bas\u00e1ndonos en nuestra experiencia y capacidades internas, creemos que podemos generar mucho valor en torno a este tipo de sistemas digitales y ya estamos trabajando en algunas cosas emocionantes en este sector.<\/p>\n<h2>Por \u00faltimo, \u00bfqu\u00e9 planes tienen FRV y FRV-X en M\u00e9xico para los pr\u00f3ximos a\u00f1os?<\/h2>\n<p><strong>AL: <\/strong>Estamos aqu\u00ed para quedarnos. Tenemos una visi\u00f3n de nuestra presencia en el mercado a largo plazo. Somos el segundo mayor generador fotovoltaico y tenemos la intenci\u00f3n de seguir desarrollando nuestro negocio aqu\u00ed. Creemos en los fundamentos del pa\u00eds y vemos un buen futuro en M\u00e9xico tanto para FRV como para FRV-X.<\/p>\n","protected":false},"author":18,"featured_media":97956,"template":"","tags":[],"acf":[],"yoast_head":"<!-- This site is optimized with the Yoast SEO plugin v21.5 - https:\/\/yoast.com\/wordpress\/plugins\/seo\/ -->\n<title>Nuestro FRV se adelanta en M\u00e9xico | Abdul Latif Jameel\u00ae<\/title>\n<meta name=\"description\" content=\"Expertos en energ\u00eda solar y almacenamiento de energ\u00eda de FRV han construido m\u00e1s de 50 unidades de energ\u00eda renovable en todo el mundo en M\u00e9xico.\" \/>\n<meta name=\"robots\" content=\"index, follow, max-snippet:-1, max-image-preview:large, max-video-preview:-1\" \/>\n<link rel=\"canonical\" href=\"https:\/\/alj.com\/es\/perspective\/abdul-latif-jameel-energys-frv-charging-ahead-in-mexico\/\" \/>\n<meta property=\"og:locale\" content=\"es_ES\" \/>\n<meta property=\"og:type\" content=\"article\" \/>\n<meta property=\"og:title\" content=\"Nuestro FRV se adelanta en M\u00e9xico | Abdul Latif Jameel\u00ae\" \/>\n<meta property=\"og:description\" content=\"Expertos en energ\u00eda solar y almacenamiento de energ\u00eda de FRV han construido m\u00e1s de 50 unidades de energ\u00eda renovable en todo el mundo en M\u00e9xico.\" \/>\n<meta property=\"og:url\" content=\"https:\/\/alj.com\/es\/perspective\/abdul-latif-jameel-energys-frv-charging-ahead-in-mexico\/\" \/>\n<meta property=\"og:site_name\" content=\"Abdul Latif Jameel\" \/>\n<meta property=\"article:publisher\" content=\"https:\/\/www.facebook.com\/Abdul.Latif.Jameel.Official\" \/>\n<meta property=\"article:modified_time\" content=\"2022-06-29T06:06:30+00:00\" \/>\n<meta property=\"og:image\" content=\"https:\/\/media.alj.com\/app\/uploads\/2022\/04\/1-scaled.jpg\" \/>\n\t<meta property=\"og:image:width\" content=\"2560\" \/>\n\t<meta property=\"og:image:height\" content=\"1604\" \/>\n\t<meta property=\"og:image:type\" content=\"image\/jpeg\" \/>\n<meta name=\"twitter:card\" content=\"summary_large_image\" \/>\n<meta name=\"twitter:label1\" content=\"Est. reading time\" \/>\n\t<meta name=\"twitter:data1\" content=\"10 minutes\" \/>\n<script type=\"application\/ld+json\" class=\"yoast-schema-graph\">{\"@context\":\"https:\/\/schema.org\",\"@graph\":[{\"@type\":\"WebPage\",\"@id\":\"https:\/\/alj.com\/es\/perspective\/abdul-latif-jameel-energys-frv-charging-ahead-in-mexico\/\",\"url\":\"https:\/\/alj.com\/es\/perspective\/abdul-latif-jameel-energys-frv-charging-ahead-in-mexico\/\",\"name\":\"Nuestro FRV se adelanta en M\u00e9xico | Abdul Latif Jameel\u00ae\",\"isPartOf\":{\"@id\":\"https:\/\/alj.com\/en\/#website\"},\"datePublished\":\"2022-04-07T09:35:37+00:00\",\"dateModified\":\"2022-06-29T06:06:30+00:00\",\"description\":\"Expertos en energ\u00eda solar y almacenamiento de energ\u00eda de FRV han construido m\u00e1s de 50 unidades de energ\u00eda renovable en todo el mundo en M\u00e9xico.\",\"breadcrumb\":{\"@id\":\"https:\/\/alj.com\/es\/perspective\/abdul-latif-jameel-energys-frv-charging-ahead-in-mexico\/#breadcrumb\"},\"inLanguage\":\"es-ES\",\"potentialAction\":[{\"@type\":\"ReadAction\",\"target\":[\"https:\/\/alj.com\/es\/perspective\/abdul-latif-jameel-energys-frv-charging-ahead-in-mexico\/\"]}]},{\"@type\":\"BreadcrumbList\",\"@id\":\"https:\/\/alj.com\/es\/perspective\/abdul-latif-jameel-energys-frv-charging-ahead-in-mexico\/#breadcrumb\",\"itemListElement\":[{\"@type\":\"ListItem\",\"position\":1,\"name\":\"Home\",\"item\":\"https:\/\/alj.com\/es\/\"},{\"@type\":\"ListItem\",\"position\":2,\"name\":\"Perspectives\",\"item\":\"https:\/\/alj.com\/ja\/perspective\/\"},{\"@type\":\"ListItem\",\"position\":3,\"name\":\"FRV avanza en M\u00e9xico\"}]},{\"@type\":\"WebSite\",\"@id\":\"https:\/\/alj.com\/en\/#website\",\"url\":\"https:\/\/alj.com\/en\/\",\"name\":\"Abdul Latif Jameel\",\"description\":\"Abdul Latif Jameel\",\"potentialAction\":[{\"@type\":\"SearchAction\",\"target\":{\"@type\":\"EntryPoint\",\"urlTemplate\":\"https:\/\/alj.com\/en\/?s={search_term_string}\"},\"query-input\":\"required name=search_term_string\"}],\"inLanguage\":\"es-ES\"}]}<\/script>\n<!-- \/ Yoast SEO plugin. -->","yoast_head_json":{"title":"Nuestro FRV se adelanta en M\u00e9xico | Abdul Latif Jameel\u00ae","description":"Expertos en energ\u00eda solar y almacenamiento de energ\u00eda de FRV han construido m\u00e1s de 50 unidades de energ\u00eda renovable en todo el mundo en M\u00e9xico.","robots":{"index":"index","follow":"follow","max-snippet":"max-snippet:-1","max-image-preview":"max-image-preview:large","max-video-preview":"max-video-preview:-1"},"canonical":"https:\/\/alj.com\/es\/perspective\/abdul-latif-jameel-energys-frv-charging-ahead-in-mexico\/","og_locale":"es_ES","og_type":"article","og_title":"Nuestro FRV se adelanta en M\u00e9xico | Abdul Latif Jameel\u00ae","og_description":"Expertos en energ\u00eda solar y almacenamiento de energ\u00eda de FRV han construido m\u00e1s de 50 unidades de energ\u00eda renovable en todo el mundo en M\u00e9xico.","og_url":"https:\/\/alj.com\/es\/perspective\/abdul-latif-jameel-energys-frv-charging-ahead-in-mexico\/","og_site_name":"Abdul Latif Jameel","article_publisher":"https:\/\/www.facebook.com\/Abdul.Latif.Jameel.Official","article_modified_time":"2022-06-29T06:06:30+00:00","og_image":[{"width":2560,"height":1604,"url":"https:\/\/media.alj.com\/app\/uploads\/2022\/04\/1-scaled.jpg","type":"image\/jpeg"}],"twitter_card":"summary_large_image","twitter_misc":{"Est. reading time":"10 minutes"},"schema":{"@context":"https:\/\/schema.org","@graph":[{"@type":"WebPage","@id":"https:\/\/alj.com\/es\/perspective\/abdul-latif-jameel-energys-frv-charging-ahead-in-mexico\/","url":"https:\/\/alj.com\/es\/perspective\/abdul-latif-jameel-energys-frv-charging-ahead-in-mexico\/","name":"Nuestro FRV se adelanta en M\u00e9xico | Abdul Latif Jameel\u00ae","isPartOf":{"@id":"https:\/\/alj.com\/en\/#website"},"datePublished":"2022-04-07T09:35:37+00:00","dateModified":"2022-06-29T06:06:30+00:00","description":"Expertos en energ\u00eda solar y almacenamiento de energ\u00eda de FRV han construido m\u00e1s de 50 unidades de energ\u00eda renovable en todo el mundo en M\u00e9xico.","breadcrumb":{"@id":"https:\/\/alj.com\/es\/perspective\/abdul-latif-jameel-energys-frv-charging-ahead-in-mexico\/#breadcrumb"},"inLanguage":"es-ES","potentialAction":[{"@type":"ReadAction","target":["https:\/\/alj.com\/es\/perspective\/abdul-latif-jameel-energys-frv-charging-ahead-in-mexico\/"]}]},{"@type":"BreadcrumbList","@id":"https:\/\/alj.com\/es\/perspective\/abdul-latif-jameel-energys-frv-charging-ahead-in-mexico\/#breadcrumb","itemListElement":[{"@type":"ListItem","position":1,"name":"Home","item":"https:\/\/alj.com\/es\/"},{"@type":"ListItem","position":2,"name":"Perspectives","item":"https:\/\/alj.com\/ja\/perspective\/"},{"@type":"ListItem","position":3,"name":"FRV avanza en M\u00e9xico"}]},{"@type":"WebSite","@id":"https:\/\/alj.com\/en\/#website","url":"https:\/\/alj.com\/en\/","name":"Abdul Latif Jameel","description":"Abdul Latif Jameel","potentialAction":[{"@type":"SearchAction","target":{"@type":"EntryPoint","urlTemplate":"https:\/\/alj.com\/en\/?s={search_term_string}"},"query-input":"required name=search_term_string"}],"inLanguage":"es-ES"}]}},"post-meta-fields":{"push_notification":["no"],"_push_notification":["field_5c3b1fb67034d"],"_wpml_word_count":["{\"total\":2053,\"to_translate\":{\"ar\":2053,\"zh-hans\":2053,\"fr\":2053,\"ja\":2053,\"es\":2053,\"tr\":2053}}"],"_wpml_media_featured":["1"],"_wpml_media_duplicate":["1"],"wpcf-featured-news":["0"],"is_latest_news":["0"],"wpcf-show-news-at-homepage":["1"],"publish_mobile":[""],"_publish_mobile":["field_5bfa8eb2e65cf"],"mobile_featured_image":["https:\/\/media.alj.com\/app\/uploads\/2022\/04\/1-scaled.jpg"],"_mobile_featured_image":["field_5c3b204983dea"],"content_series_applied":[""],"_content_series_applied":["field_60f3d3faf82ac"],"featured_on_listing_page":["1"],"_featured_on_listing_page":["field_62458ea7383c3"],"wpcf-perspective-downloadable_file":[""],"wpcf-perspective-published-date":["1649376000"],"wpcf-video-description":[""],"wpcf-layoutvideourl":[""],"wpcf-video-thumb":[""],"wpcf-social4-svg":[""],"wpcf-social4-background-image":[""],"wpcf-social4-text":[""],"wpcf-social4-url":[""],"wpcf-social3-svg":[""],"wpcf-social3-background-image":[""],"wpcf-social3-text":[""],"wpcf-social3-url":[""],"wpcf-social-text-svg-square":[""],"wpcf-social-text-image-square":[""],"wpcf-social-text-text-square":[""],"wpcf-social-text-url-square":[""],"wpcf-social2-svg":[""],"wpcf-social2-background-image":[""],"wpcf-social2-text":[""],"wpcf-social2-url":[""],"wpcf-social-svg-square":[""],"wpcf-social-image-square":[""],"wpcf-social-text-square":[""],"wpcf-social-url-square":[""],"wpcf-social1-svg":[""],"wpcf-social1-background-image":[""],"wpcf-social1-text":[""],"wpcf-social1-url":[""],"wpcf-quotes-with-auther-text-1":[""],"wpcf-card_article_with_title_content":[""],"wpcf-card_article_content":["<p>write your content<\/p>"],"wpcf-quotes-with-auther-text":[""],"_bsf_post_type":["0"],"_bsf_item_review_type":["none"],"_yoast_wpseo_content_score":["30"],"_yoast_wpseo_estimated-reading-time-minutes":["10"],"perspective_short_title":["FRV avanza en M\u00e9xico"],"perspective_summury":["<p>Como empresa insignia de energ\u00eda renovable de <a href=\"https:\/\/alj.com\">Abdul Latif Jameel<\/a> y parte de <a href=\"https:\/\/alj.com\/energy\">Abdul Latif Jameel Energy<\/a>, Fotowatio Renewable Ventures (<a href=\"https:\/\/frv.com\">FRV<\/a>) ya cuenta con un largo historial de expansi\u00f3n e innovaci\u00f3n.<\/p>\n<p>&nbsp;<\/p>\n"],"perspective_location":["Ciudad de M\u00e9xico, M\u00e9xico"],"_yoast_wpseo_focuskw":["Abdul Latif Jameel Energy's FRV charging ahead in Mexico"],"_yoast_wpseo_metadesc":["Expertos en energ\u00eda solar y almacenamiento de energ\u00eda de FRV han construido m\u00e1s de 50 unidades de energ\u00eda renovable en todo el mundo en M\u00e9xico."],"_yoast_wpseo_linkdex":["54"],"_yoast_wpseo_title":["Nuestro FRV se adelanta en M\u00e9xico | Abdul Latif Jameel\u00ae"],"_thumbnail_id":["97956"],"_edit_lock":["1656482664:25"],"_edit_last":["25"],"_last_translation_edit_mode":["native-editor"],"perspective_business_sector":["Energ\u00eda y Servicios Medioambientales"],"wpcf-card-image":[""],"_wpcf-card-image-sort-order":["a:1:{i:0;i:1203665;}"],"amazonS3_cache":["a:16:{s:50:\"\/\/alj.com\/app\/uploads\/2022\/04\/FRV-BESS-Contego.jpg\";a:2:{s:2:\"id\";i:97964;s:11:\"source_type\";s:13:\"media-library\";}s:58:\"\/\/alj.com\/app\/uploads\/2022\/04\/FRV-BESS-Contego-300x200.jpg\";a:2:{s:2:\"id\";i:97964;s:11:\"source_type\";s:13:\"media-library\";}s:56:\"\/\/media.alj.com\/app\/uploads\/2022\/04\/FRV-BESS-Contego.jpg\";a:2:{s:2:\"id\";i:97964;s:11:\"source_type\";s:13:\"media-library\";}s:64:\"\/\/media.alj.com\/app\/uploads\/2022\/04\/FRV-BESS-Contego-300x200.jpg\";a:2:{s:2:\"id\";i:97964;s:11:\"source_type\";s:13:\"media-library\";}s:90:\"\/\/alj.com\/app\/uploads\/2022\/04\/The-Iztapalapa-Industrial-Center-BESS-system-Mexico-City.png\";a:2:{s:2:\"id\";i:97972;s:11:\"source_type\";s:13:\"media-library\";}s:96:\"\/\/media.alj.com\/app\/uploads\/2022\/04\/The-Iztapalapa-Industrial-Center-BESS-system-Mexico-City.png\";a:2:{s:2:\"id\";i:97972;s:11:\"source_type\";s:13:\"media-library\";}s:63:\"\/\/alj.com\/app\/uploads\/2022\/04\/Alejandro-Limon-MD-FRV-Mexico.jpg\";a:2:{s:2:\"id\";i:97980;s:11:\"source_type\";s:13:\"media-library\";}s:71:\"\/\/alj.com\/app\/uploads\/2022\/04\/Alejandro-Limon-MD-FRV-Mexico-207x300.jpg\";a:2:{s:2:\"id\";i:97980;s:11:\"source_type\";s:13:\"media-library\";}s:76:\"\/\/media.alj.com\/app\/uploads\/2022\/04\/Alejandro-Limon-MD-FRV-Mexico-scaled.jpg\";a:2:{s:2:\"id\";i:97980;s:11:\"source_type\";s:13:\"media-library\";}s:77:\"\/\/media.alj.com\/app\/uploads\/2022\/04\/Alejandro-Limon-MD-FRV-Mexico-207x300.jpg\";a:2:{s:2:\"id\";i:97980;s:11:\"source_type\";s:13:\"media-library\";}s:50:\"\/\/alj.com\/app\/uploads\/2022\/04\/Felipe-Hernandez.jpg\";a:2:{s:2:\"id\";i:97990;s:11:\"source_type\";s:13:\"media-library\";}s:56:\"\/\/media.alj.com\/app\/uploads\/2022\/04\/Felipe-Hernandez.jpg\";a:2:{s:2:\"id\";i:97990;s:11:\"source_type\";s:13:\"media-library\";}s:54:\"\/\/alj.com\/app\/uploads\/2022\/04\/Boceto-Taxi-Toyota-1.jpg\";a:2:{s:2:\"id\";i:98004;s:11:\"source_type\";s:13:\"media-library\";}s:62:\"\/\/alj.com\/app\/uploads\/2022\/04\/Boceto-Taxi-Toyota-1-300x200.jpg\";a:2:{s:2:\"id\";i:98004;s:11:\"source_type\";s:13:\"media-library\";}s:67:\"\/\/media.alj.com\/app\/uploads\/2022\/04\/Boceto-Taxi-Toyota-1-scaled.jpg\";a:2:{s:2:\"id\";i:98004;s:11:\"source_type\";s:13:\"media-library\";}s:68:\"\/\/media.alj.com\/app\/uploads\/2022\/04\/Boceto-Taxi-Toyota-1-300x200.jpg\";a:2:{s:2:\"id\";i:98004;s:11:\"source_type\";s:13:\"media-library\";}}"]},"_links":{"self":[{"href":"https:\/\/alj.com\/es\/wp-json\/wp\/v2\/perspective\/98380"}],"collection":[{"href":"https:\/\/alj.com\/es\/wp-json\/wp\/v2\/perspective"}],"about":[{"href":"https:\/\/alj.com\/es\/wp-json\/wp\/v2\/types\/perspective"}],"author":[{"embeddable":true,"href":"https:\/\/alj.com\/es\/wp-json\/wp\/v2\/users\/18"}],"wp:featuredmedia":[{"embeddable":true,"href":"https:\/\/alj.com\/es\/wp-json\/wp\/v2\/media\/97956"}],"wp:attachment":[{"href":"https:\/\/alj.com\/es\/wp-json\/wp\/v2\/media?parent=98380"}],"wp:term":[{"taxonomy":"post_tag","embeddable":true,"href":"https:\/\/alj.com\/es\/wp-json\/wp\/v2\/tags?post=98380"}],"curies":[{"name":"wp","href":"https:\/\/api.w.org\/{rel}","templated":true}]}}