{"id":106564,"date":"2023-03-01T06:09:02","date_gmt":"2023-03-01T06:09:02","guid":{"rendered":"https:\/\/alj.com\/spotlight-by-fady-jameel\/countdown-for-carbon\/"},"modified":"2023-05-08T10:36:54","modified_gmt":"2023-05-08T10:36:54","slug":"countdown-for-carbon","status":"publish","type":"spotlight-fadyjameel","link":"https:\/\/alj.com\/es\/spotlight-by-fady-jameel\/countdown-for-carbon\/","title":{"rendered":"Cuenta atr\u00e1s para el carbono"},"content":{"rendered":"<p>Las empresas pueden permitirse ser idealistas a largo plazo, pero, a corto plazo, a todos nos toca luchar con los aspectos pr\u00e1cticos de la vida cotidiana. Se trata m\u00e1s del \u201carte de lo posible\u201d que de lo ideal.<\/p>\n<p>V\u00e9ase el ejemplo de la r\u00e1pida transici\u00f3n a cero neto, tal y como se indica en los objetivos del Acuerdo de Par\u00eds y se afirma en la COP26. Todas las industrias dependen, en cierta medida, de los combustibles f\u00f3siles y as\u00ed ha sido durante d\u00e9cadas. Cambiar esta situaci\u00f3n, y alcanzar las cero emisiones netas de carbono, es una necesidad en la que creo firmemente. Pero esto no puede hacerse con solo pulsar un interruptor. Se trata de un proceso que requiere inversiones estrat\u00e9gicas en tecnolog\u00edas sostenibles, de las que no todas est\u00e1n lo suficientemente maduras, o no son lo bastante asequibles, como para desplegarse a escala en estos momentos.<\/p>\n<p>Los cr\u00e9ditos de carbono ofrecen una soluci\u00f3n pragm\u00e1tica a medio camino, un parche que permite a las empresas ganar tiempo para abordar algunas de las dificultades que plantea el cumplimiento del objetivo de cero emisiones netas. La compra de cr\u00e9ditos de carbono es una forma de que las empresas mitiguen aquellas emisiones que no pueden eliminar totalmente&#8230; hasta que puedan hacerlo, espero.<\/p>\n<h3>\u00bfQu\u00e9 es un \u201ccr\u00e9dito de carbono\u201d?<\/h3>\n<p>Los cr\u00e9ditos de carbono son certificados que representan cantidades de emisiones de gases de efecto invernadero (GEI) que se han evitado o eliminado del aire. As\u00ed, cuando una empresa compra un cr\u00e9dito de carbono por una tonelada de CO<sub>2<\/sub>, por ejemplo, en la pr\u00e1ctica obtiene permiso para generar una cantidad de CO<sub>2 <\/sub>equivalente a ese cr\u00e9dito.<\/p>\n<p><img decoding=\"async\" loading=\"lazy\" class=\"aligncenter wp-image-106383 size-full\" src=\"https:\/\/media.alj.com\/app\/uploads\/2023\/03\/1824-ALJ-Carbon-Credits-scaled.jpg\" alt=\"\" width=\"2560\" height=\"1120\" srcset=\"https:\/\/media.alj.com\/app\/uploads\/2023\/03\/1824-ALJ-Carbon-Credits-scaled.jpg 2560w, https:\/\/media.alj.com\/app\/uploads\/2023\/03\/1824-ALJ-Carbon-Credits-300x131.jpg 300w, https:\/\/media.alj.com\/app\/uploads\/2023\/03\/1824-ALJ-Carbon-Credits-1024x448.jpg 1024w, https:\/\/media.alj.com\/app\/uploads\/2023\/03\/1824-ALJ-Carbon-Credits-150x66.jpg 150w, https:\/\/media.alj.com\/app\/uploads\/2023\/03\/1824-ALJ-Carbon-Credits-768x336.jpg 768w, https:\/\/media.alj.com\/app\/uploads\/2023\/03\/1824-ALJ-Carbon-Credits-1536x672.jpg 1536w, https:\/\/media.alj.com\/app\/uploads\/2023\/03\/1824-ALJ-Carbon-Credits-2048x896.jpg 2048w\" sizes=\"(max-width: 2560px) 100vw, 2560px\" \/><\/p>\n<p>Los propios cr\u00e9ditos de carbono proceden de proyectos certificados de acci\u00f3n clim\u00e1tica que reducen, eliminan o evitan los GEI de forma que puedan medirse y verificarse. Algunos ejemplos comunes son la plantaci\u00f3n de \u00e1rboles o dotar a las comunidades de medios m\u00e1s eficientes desde el punto de vista energ\u00e9tico para calentar sus hogares y cocinar.<\/p>\n<figure id=\"attachment_103760\" aria-describedby=\"caption-attachment-103760\" style=\"width: 1773px\" class=\"wp-caption alignright\"><img decoding=\"async\" loading=\"lazy\" class=\"size-full wp-image-103760\" src=\"https:\/\/media.alj.com\/app\/uploads\/2022\/11\/Abdul-Latif-Jameel-VCM-PIF-signing.jpg\" alt=\"Abdul Latif Jameel VCM PIF signing\" width=\"1773\" height=\"1182\" srcset=\"https:\/\/media.alj.com\/app\/uploads\/2022\/11\/Abdul-Latif-Jameel-VCM-PIF-signing.jpg 1773w, https:\/\/media.alj.com\/app\/uploads\/2022\/11\/Abdul-Latif-Jameel-VCM-PIF-signing-300x200.jpg 300w, https:\/\/media.alj.com\/app\/uploads\/2022\/11\/Abdul-Latif-Jameel-VCM-PIF-signing-1024x683.jpg 1024w, https:\/\/media.alj.com\/app\/uploads\/2022\/11\/Abdul-Latif-Jameel-VCM-PIF-signing-150x100.jpg 150w, https:\/\/media.alj.com\/app\/uploads\/2022\/11\/Abdul-Latif-Jameel-VCM-PIF-signing-768x512.jpg 768w, https:\/\/media.alj.com\/app\/uploads\/2022\/11\/Abdul-Latif-Jameel-VCM-PIF-signing-1536x1024.jpg 1536w\" sizes=\"(max-width: 1773px) 100vw, 1773px\" \/><figcaption id=\"caption-attachment-103760\" class=\"wp-caption-text\">Fady Jameel en la firma del Voluntary Carbon Market en la 6.\u00aa edici\u00f3n de la Iniciativa de Inversi\u00f3n Futura en Riad<\/figcaption><\/figure>\n<p>A finales de octubre de 2022, <a href=\"https:\/\/alj.com\/en\/news\/abdul-latif-jameel-partners-with-voluntary-carbon-market-to-help-drive-global-net-zero-ambitions\/\">represent\u00e9 a <\/a><a href=\"https:\/\/alj.com\/es\/\">Abdul Latif Jameel<\/a> en la <a href=\"https:\/\/alj.com\/es\/news\/abdul-latif-jameel-partners-with-voluntary-carbon-market-to-help-drive-global-net-zero-ambitions\/\">subasta voluntaria de cr\u00e9ditos de carbono<\/a> del Fondo de Inversi\u00f3n P\u00fablica (<a href=\"https:\/\/www.pif.gov.sa\/\">FIP<\/a>) de Arabia Saud\u00ed en la <a href=\"https:\/\/fii-institute.org\/conference\/fii-6\/\">conferencia de la Iniciativa de Inversi\u00f3n Futura en Riad<\/a>, la primera subasta de compensaci\u00f3n de carbono que se celebra en Oriente Medio. En total se vendieron 1,4\u00a0millones de toneladas de cr\u00e9ditos de carbono, lo que la convierte en la mayor venta de cr\u00e9ditos de carbono de la historia. Abdul Latif Jameel fue una de las 15\u00a0entidades saud\u00edes y regionales que participaron, representando a cada parte de la econom\u00eda del pa\u00eds, desde el Banco Internacional del Golfo a la aerol\u00ednea Saudia, pasando por Aramco y la compa\u00f1\u00eda de cemento Yanbu.<\/p>\n<h2>\u00bfC\u00f3mo funcionan los cr\u00e9ditos de carbono?<\/h2>\n<p>Para alcanzar nuestros objetivos de cero emisiones netas, todas las empresas deben reducir sus propias emisiones tanto como puedan. Pero, para algunas organizaciones, resulta prohibitivamente caro reducir las emisiones utilizando las tecnolog\u00edas actuales, aunque los costes de esas tecnolog\u00edas podr\u00edan abaratarse con el tiempo. Para otras, algunas fuentes de emisiones no pueden eliminarse por completo con las alternativas actuales.<\/p>\n<p>Por ejemplo, la fabricaci\u00f3n de cemento a escala industrial suele implicar una reacci\u00f3n qu\u00edmica, la calcinaci\u00f3n, que representa una gran parte de las emisiones de carbono del sector cementero. Bas\u00e1ndose en las tecnolog\u00edas actuales de fabricaci\u00f3n de cemento, para muchos productores no es viable desde el punto de vista financiero fabricar cemento de otra manera. En la actualidad, estas emisiones son, en efecto, inevitables. En su lugar, la empresa puede comprar cr\u00e9ditos de carbono para compensar las emisiones que no pueda eliminar.<\/p>\n<p>Es importante se\u00f1alar que los cr\u00e9ditos de carbono son voluntarios. Tal y como sugiere el t\u00edtulo, ninguna de las empresas que participaron en la subasta voluntaria de cr\u00e9ditos de carbono del FIP ten\u00eda obligaci\u00f3n legal de hacerlo, a diferencia de algunos estados y regiones que cuentan con reg\u00edmenes obligatorios para los cr\u00e9ditos de carbono.<\/p>\n<p>La Uni\u00f3n Europea, Australia, Nueva Zelanda, Corea del Sur, California y Quebec (Canad\u00e1), por ejemplo, cuentan con lo que se conoce como sistemas de \u201ctope y trueque\u201d, tambi\u00e9n llamados sistemas de comercio de derechos de emisi\u00f3n (ETS, por sus siglas en ingl\u00e9s). Los programas de comercio de derechos de emisi\u00f3n se utilizaron por primera vez para controlar la contaminaci\u00f3n en las d\u00e9cadas de 1980 y 1990, cuando Estados Unidos los puso en marcha para eliminar progresivamente el plomo de la gasolina y reducir ciertas emisiones para combatir la lluvia \u00e1cida. El \u00e9xito de estos programas sent\u00f3 las bases para su uso en la reducci\u00f3n de las emisiones de carbono y GEI<a href=\"#_ftn1\" name=\"_ftnref1\">[1]<\/a>.<\/p>\n<p>El principio es simple: Con el fin de incitar a las empresas a reducir sus emisiones, un gobierno fija un l\u00edmite al nivel m\u00e1ximo de emisiones y crea permisos, los llamados \u201ccr\u00e9ditos de carbono\u201d, por cada unidad de emisiones permitida seg\u00fan el l\u00edmite. Las empresas emisoras deben obtener y entregar un permiso por cada unidad de sus emisiones. Pueden obtener permisos del gobierno o a trav\u00e9s del comercio con otras empresas. El gobierno puede optar por regalar los permisos o subastarlos.<\/p>\n<p>Esto ha creado un mercado masivo de cr\u00e9ditos de carbono. Seg\u00fan <a href=\"https:\/\/www.refinitiv.com\/es\">Refinitiv<\/a>, el tama\u00f1o total del mercado es de 261\u00a0000 millones de d\u00f3lares, lo que representa 10,3\u00a0Gt de CO<sub>2<\/sub> equivalente comercializadas en los mercados de cumplimiento en 2020<a href=\"#_ftn2\" name=\"_ftnref2\">[2]<\/a>.<\/p>\n<p><img decoding=\"async\" loading=\"lazy\" class=\"aligncenter size-full wp-image-106390\" src=\"https:\/\/media.alj.com\/app\/uploads\/2023\/03\/1824-ALJ-Carbon-Credits2.jpg\" alt=\"\" width=\"2421\" height=\"2185\" srcset=\"https:\/\/media.alj.com\/app\/uploads\/2023\/03\/1824-ALJ-Carbon-Credits2.jpg 2421w, https:\/\/media.alj.com\/app\/uploads\/2023\/03\/1824-ALJ-Carbon-Credits2-300x271.jpg 300w, https:\/\/media.alj.com\/app\/uploads\/2023\/03\/1824-ALJ-Carbon-Credits2-1024x924.jpg 1024w, https:\/\/media.alj.com\/app\/uploads\/2023\/03\/1824-ALJ-Carbon-Credits2-150x135.jpg 150w, https:\/\/media.alj.com\/app\/uploads\/2023\/03\/1824-ALJ-Carbon-Credits2-768x693.jpg 768w, https:\/\/media.alj.com\/app\/uploads\/2023\/03\/1824-ALJ-Carbon-Credits2-1536x1386.jpg 1536w, https:\/\/media.alj.com\/app\/uploads\/2023\/03\/1824-ALJ-Carbon-Credits2-2048x1848.jpg 2048w\" sizes=\"(max-width: 2421px) 100vw, 2421px\" \/><\/p>\n<p>Las empresas que no tienen suficientes permisos para el nivel de emisiones tienen dos opciones: o bien reducen sus emisiones, o bien compran permisos adicionales a otra empresa para cubrir sus emisiones adicionales. Para un precio determinado de los permisos, a algunas empresas les resultar\u00e1 m\u00e1s f\u00e1cil, o m\u00e1s barato, reducir las emisiones que a otras, por lo que vender\u00e1n sus permisos. Este proceso de comercio garantiza que haya un precio \u00fanico para todas las empresas que coordinan sus actividades y reduce las emisiones hasta el nivel permitido por el tope de forma rentable.<\/p>\n<p>Naturalmente, no hay raz\u00f3n para esperar que un precio de permiso que despeje el mercado en un momento dado siga haci\u00e9ndolo en el futuro. A medida que cambien las condiciones econ\u00f3micas y las circunstancias de las empresas emisoras, los precios de los permisos fluctuar\u00e1n. Los permisos se encarecer\u00e1n cuando la demanda sea alta en relaci\u00f3n con la oferta, por ejemplo, cuando la econom\u00eda est\u00e9 en fuerte expansi\u00f3n. En consecuencia, los precios bajar\u00e1n cuando la demanda sea menor, como cuando la abundancia de electricidad renovable disminuya la necesidad de las empresas de generaci\u00f3n t\u00e9rmica.<\/p>\n<h2>Mercados obligatorios y voluntarios<\/h2>\n<p>\u00a0Los mercados obligatorios de carbono son una parte importante de las medidas para cumplir el objetivo del <a href=\"https:\/\/unfccc.int\/es\">Acuerdo de Par\u00eds<\/a> de limitar el calentamiento global a 2\u00a0<sup>o<\/sup>C por encima de los niveles preindustriales (lo ideal ser\u00eda 1,5\u00a0<sup>o<\/sup>C), aunque algunos de estos mercados son anteriores a los compromisos de Par\u00eds.<\/p>\n<p><img decoding=\"async\" loading=\"lazy\" class=\"alignright size-full wp-image-106439\" src=\"https:\/\/media.alj.com\/app\/uploads\/2023\/03\/Paris-Climate-Agreement.jpg\" alt=\"\" width=\"315\" height=\"143\" srcset=\"https:\/\/media.alj.com\/app\/uploads\/2023\/03\/Paris-Climate-Agreement.jpg 315w, https:\/\/media.alj.com\/app\/uploads\/2023\/03\/Paris-Climate-Agreement-300x136.jpg 300w, https:\/\/media.alj.com\/app\/uploads\/2023\/03\/Paris-Climate-Agreement-150x68.jpg 150w\" sizes=\"(max-width: 315px) 100vw, 315px\" \/>Algunos ejemplos son el Mecanismo de Desarrollo Limpio del <a href=\"https:\/\/unfccc.int\/es\/kyoto_protocol\">Protocolo de Kioto<\/a>, el R\u00e9gimen de Comercio de Derechos de Emisi\u00f3n de la Uni\u00f3n Europea (<a href=\"https:\/\/climate.ec.europa.eu\/eu-action\/eu-emissions-trading-system-eu-ets_es\">EU-ETS<\/a>) y el <a href=\"https:\/\/www.c2es.org\/content\/california-cap-and-trade\/\">California Carbon Market<\/a>. Sin embargo, la mayor\u00eda de los mercados obligatorios se limitan a sectores industriales y fuentes de emisiones espec\u00edficos. Pero las empresas que operan en otros sectores, como <a href=\"https:\/\/alj.com\/es\/\">Abdul Latif Jameel<\/a>, pueden compensar sus emisiones de GEI participando <em>voluntariamente <\/em>en los mercados de carbono.<\/p>\n<p>En el marco de la visi\u00f3n de futuro de <a href=\"https:\/\/www.vision2030.gov.sa\/v2030\/a-sustainable-saudi-vision\/\">Saudi Vision 2030<\/a>, Arabia Saud\u00ed est\u00e1 decidida a apoyar esta iniciativa. Para ello, ha creado la Regional Voluntary Carbon Market Company, una agrupaci\u00f3n empresarial entre el Fondo de Inversi\u00f3n P\u00fablica (<a href=\"https:\/\/www.pif.gov.sa\/en\/Pages\/Homepage.aspx\">FIP<\/a>) y el Saudi Tadawul Group, la sociedad de cartera que gestiona la bolsa del pa\u00eds. La reciente subasta de cr\u00e9ditos de carbono, a la que asist\u00ed en nombre de Abdul Latif Jameel, pone de manifiesto su papel en el apoyo a las empresas regionales en su contribuci\u00f3n a la transici\u00f3n global hacia el objetivo de cero emisiones netas.<\/p>\n<figure id=\"attachment_106467\" aria-describedby=\"caption-attachment-106467\" style=\"width: 207px\" class=\"wp-caption alignright\"><img decoding=\"async\" loading=\"lazy\" class=\"size-full wp-image-106467\" src=\"https:\/\/media.alj.com\/app\/uploads\/2023\/03\/Yazeed-Al-Humied-PIF.jpg\" alt=\"\" width=\"207\" height=\"166\" srcset=\"https:\/\/media.alj.com\/app\/uploads\/2023\/03\/Yazeed-Al-Humied-PIF.jpg 207w, https:\/\/media.alj.com\/app\/uploads\/2023\/03\/Yazeed-Al-Humied-PIF-150x120.jpg 150w\" sizes=\"(max-width: 207px) 100vw, 207px\" \/><figcaption id=\"caption-attachment-106467\" class=\"wp-caption-text\">Yazeed Al Humied<br \/>\nGobernador adjunto y director de Inversiones del FIP en Oriente Medio y Norte de \u00c1frica<\/figcaption><\/figure>\n<p>El FIP considera su apoyo a los cr\u00e9ditos de carbono voluntarios como una parte clave de su propio objetivo de hacer frente a los impactos del cambio clim\u00e1tico y lograr un nivel de cero emisiones netas para 2060.<\/p>\n<p><em>\u201cNos apasiona el potencial de los mercados voluntarios de carbono para ofrecer beneficios adicionales de reducci\u00f3n del carbono en toda la regi\u00f3n, garantizando as\u00ed que la regi\u00f3n MENA est\u00e9 a la vanguardia de la acci\u00f3n clim\u00e1tica y que Arabia Saud\u00ed sea una fuerza l\u00edder en la resoluci\u00f3n del desaf\u00edo clim\u00e1tico\u201d<\/em>, declar\u00f3 Yazeed Al Humied, gobernador adjunto y director de Inversiones del FIP en Oriente Medio y el Norte de \u00c1frica<a href=\"#_ftn3\" name=\"_ftnref3\">[3]<\/a>.<\/p>\n<p><img decoding=\"async\" loading=\"lazy\" class=\"aligncenter size-full wp-image-106397\" src=\"https:\/\/media.alj.com\/app\/uploads\/2023\/03\/1824-ALJ-Carbon-Credits3-scaled.jpg\" alt=\"\" width=\"2560\" height=\"1810\" srcset=\"https:\/\/media.alj.com\/app\/uploads\/2023\/03\/1824-ALJ-Carbon-Credits3-scaled.jpg 2560w, https:\/\/media.alj.com\/app\/uploads\/2023\/03\/1824-ALJ-Carbon-Credits3-300x212.jpg 300w, https:\/\/media.alj.com\/app\/uploads\/2023\/03\/1824-ALJ-Carbon-Credits3-1024x724.jpg 1024w, https:\/\/media.alj.com\/app\/uploads\/2023\/03\/1824-ALJ-Carbon-Credits3-150x106.jpg 150w, https:\/\/media.alj.com\/app\/uploads\/2023\/03\/1824-ALJ-Carbon-Credits3-768x543.jpg 768w, https:\/\/media.alj.com\/app\/uploads\/2023\/03\/1824-ALJ-Carbon-Credits3-1536x1086.jpg 1536w, https:\/\/media.alj.com\/app\/uploads\/2023\/03\/1824-ALJ-Carbon-Credits3-2048x1448.jpg 2048w\" sizes=\"(max-width: 2560px) 100vw, 2560px\" \/><\/p>\n<h2>C\u00f3mo hacer frente a la controversia<\/h2>\n<p>Aunque en el \u00e1mbito internacional existe un amplio consenso sobre el hecho de que los cr\u00e9ditos de carbono suponen un importante paso adelante, en algunos sectores siguen siendo controvertidos. Los cr\u00edticos plantean una serie de objeciones: los cr\u00e9ditos de carbono no reducen realmente las emisiones de CO<sub>2<\/sub>; pueden utilizarse para el \u201cecoblanqueo\u201d; no todos los proyectos de compensaci\u00f3n de carbono llegan a realizarse; y no hay suficientes compensaciones de carbono para todas las emisiones de CO<sub>2<\/sub>. Los cr\u00edticos se\u00f1alan que la pandemia de la COVID-19 provoc\u00f3 el mayor descenso de las emisiones de carbono relacionadas con la energ\u00eda desde la Segunda Guerra Mundial, un descenso de 2000 millones de toneladas. Pero las emisiones repuntaron r\u00e1pidamente a finales de 2020, con unos niveles en diciembre de 2020 superiores en 60\u00a0millones de toneladas a los de diciembre de 2019. Esto indica que la Tierra sigue calent\u00e1ndose a un ritmo acelerado y que no se est\u00e1 haciendo lo suficiente para aplicar pr\u00e1cticas energ\u00e9ticas limpias<a href=\"#_ftn4\" name=\"_ftnref4\">[4]<\/a>.<\/p>\n<p>No cabe duda de que los sistemas de cr\u00e9ditos de carbono <strong><u>no<\/u><\/strong> son la soluci\u00f3n definitiva. Y existen indicios de que algunos programas no son exactamente como deber\u00edan ser. Por ejemplo, el Oddar Meanchey Offset Program emiti\u00f3 cr\u00e9ditos de carbono para proteger los bosques de Camboya hasta 2017, cuando se descubri\u00f3 que, en realidad, los bosques en cuesti\u00f3n estaban siendo talados sistem\u00e1ticamente por el ej\u00e9rcito camboyano.<\/p>\n<p>Sin embargo, esto no significa que haya que abandonar el principio de los cr\u00e9ditos de carbono. Simplemente significa que deben ser supervisados y gestionados con eficacia y transparencia. Sin ellos, no habr\u00eda ning\u00fan otro medio cre\u00edble de dirigir la financiaci\u00f3n privada hacia proyectos de acci\u00f3n clim\u00e1tica.<\/p>\n<h2>La buena gobernanza es esencial<\/h2>\n<p>Las compensaciones de carbono voluntarias dependen de que exista un v\u00ednculo demostrable entre la actividad realizada y el impacto medioambiental positivo. A veces ese v\u00ednculo es obvio: las empresas que utilizan tecnolog\u00eda de captura de carbono para eliminar las emisiones de CO<sub>2<\/sub> y conservarlas bajo llave pueden presentar datos que demuestren la reducci\u00f3n de las emisiones. Pero otros programas, como los planes de compensaci\u00f3n que promueven el turismo ecol\u00f3gico o tratan de compensar los da\u00f1os de los viajes internacionales, pueden ser m\u00e1s dif\u00edciles de medir. La reputaci\u00f3n de la organizaci\u00f3n que emite el cr\u00e9dito determina el valor de la compensaci\u00f3n.<\/p>\n<p><img decoding=\"async\" loading=\"lazy\" class=\"alignleft size-full wp-image-106446\" src=\"https:\/\/media.alj.com\/app\/uploads\/2023\/03\/UN-Framework-CCC-logo.jpg\" alt=\"\" width=\"128\" height=\"121\" \/>Las organizaciones de compensaci\u00f3n de carbono de renombre eligen los proyectos de carbono con cuidado e informan sobre ellos meticulosamente, y los auditores externos pueden ayudar a garantizar que dichos proyectos cumplen normas estrictas, como las establecidas por el <a href=\"https:\/\/unfccc.int\/process-and-meetings\/the-kyoto-protocol\/mechanisms-under-the-kyoto-protocol\/the-clean-development-mechanism\">Mecanismo de Desarrollo Limpio de la ONU<\/a>. Una vez examinados adecuadamente, los programas de compensaci\u00f3n de carbono de \u201calta calidad\u201d representan cantidades tangibles y medibles de reducciones en las emisiones de CO<sub>2<\/sub> que las empresas pueden usar como si ellas mismas hubieran reducido sus propias emisiones de gases de efecto invernadero.<\/p>\n<p>Aunque la empresa no ha reducido realmente sus propias emisiones, lo cierto es que el resultado es materialmente el mismo. As\u00ed, la empresa gana m\u00e1s tiempo para hacer que sus operaciones sean m\u00e1s respetuosas con el medio ambiente, al tiempo que, con respecto a la atm\u00f3sfera, el nivel de CO<sub>2 <\/sub>se reduce.<\/p>\n<p><img decoding=\"async\" loading=\"lazy\" class=\"alignright size-medium wp-image-106460\" src=\"https:\/\/media.alj.com\/app\/uploads\/2023\/03\/Verified-Carbon-Standard-300x100.jpg\" alt=\"\" width=\"300\" height=\"100\" srcset=\"https:\/\/media.alj.com\/app\/uploads\/2023\/03\/Verified-Carbon-Standard-300x100.jpg 300w, https:\/\/media.alj.com\/app\/uploads\/2023\/03\/Verified-Carbon-Standard-150x50.jpg 150w, https:\/\/media.alj.com\/app\/uploads\/2023\/03\/Verified-Carbon-Standard.jpg 318w\" sizes=\"(max-width: 300px) 100vw, 300px\" \/>Veamos por ejemplo los cr\u00e9ditos de carbono subastados en la conferencia de la IF en octubre de 2022. Estos han sido registrados por Verra y cumplen con CORSIA, las normas de oro para la acreditaci\u00f3n y el cumplimiento. <a href=\"https:\/\/verra.org\/\">Verra<\/a> es la organizaci\u00f3n sin \u00e1nimo de lucro que supervisa el programa Verified Carbon Standard (<a href=\"https:\/\/verra.org\/programs\/verified-carbon-standard\/\">VCS<\/a>), el programa de acreditaci\u00f3n de gases de efecto invernadero (GEI) m\u00e1s utilizado del mundo.<\/p>\n<p>Impulsa la financiaci\u00f3n hacia actividades que reducen y eliminan las emisiones, mejoran los medios de subsistencia y protegen la naturaleza. Los proyectos VCS han reducido o eliminado de la atm\u00f3sfera casi mil millones de toneladas de carbono y otras emisiones de GEI. El programa VCS se considera un componente cr\u00edtico y evolutivo en la labor continua de protecci\u00f3n de nuestro entorno compartido<a href=\"#_ftn5\" name=\"_ftnref5\">[5]<\/a>.<\/p>\n<p><img decoding=\"async\" loading=\"lazy\" class=\"alignleft size-medium wp-image-106432\" src=\"https:\/\/media.alj.com\/app\/uploads\/2023\/03\/CORSIA-logo-300x140.jpg\" alt=\"\" width=\"300\" height=\"140\" srcset=\"https:\/\/media.alj.com\/app\/uploads\/2023\/03\/CORSIA-logo-300x140.jpg 300w, https:\/\/media.alj.com\/app\/uploads\/2023\/03\/CORSIA-logo-150x70.jpg 150w, https:\/\/media.alj.com\/app\/uploads\/2023\/03\/CORSIA-logo-768x359.jpg 768w, https:\/\/media.alj.com\/app\/uploads\/2023\/03\/CORSIA-logo.jpg 881w\" sizes=\"(max-width: 300px) 100vw, 300px\" \/><a href=\"https:\/\/www.icao.int\/environmental-protection\/CORSIA\/Pages\/default.aspx\">CORSIA<\/a><a href=\"#_ftn6\" name=\"_ftnref6\">[6]<\/a> de Business Traveller ha sido desarrollado por la Organizaci\u00f3n de Aviaci\u00f3n Civil Internacional (<a href=\"https:\/\/www.icao.int\/Pages\/default.aspx\">OACI<\/a>) y significa \u201cSistema de Compensaci\u00f3n y Reducci\u00f3n de Emisiones de Carbono para la Aviaci\u00f3n Internacional\u201d. Es la primera soluci\u00f3n global basada en el mercado que las entidades, no solo las empresas del sector privado, pueden utilizar como un paso importante para alcanzar sus objetivos clim\u00e1ticos.<\/p>\n<p>Solo los proyectos que han sido acreditados por un tercero respetado como Verra pueden acogerse al CORSIA, lo que ofrece la seguridad de que estos cr\u00e9ditos de carbono son aut\u00e9nticos.<\/p>\n<p>Verra es solo una de varias normas de compensaci\u00f3n de carbono, cada una de las cuales tiene un conjunto particular de reglas o \u201cprotocolos\u201d que establecen c\u00f3mo se asignar\u00e1n los cr\u00e9ditos de carbono a los distintos tipos de proyectos en funci\u00f3n de varios criterios. Estas normas difieren seg\u00fan se trate de un mercado obligatorio, en el que suelen establecerlas los organismos gubernamentales, o voluntario, en el que recurren a organizaciones sin \u00e1nimo de lucro como la <a href=\"https:\/\/www.climateactionreserve.org\/\">Climate Action Reserve<\/a>, y el <a href=\"https:\/\/americancarbonregistry.org\/\">American Carbon Registry<\/a> (gestionado por Winrock).<\/p>\n<p>Las organizaciones responsables de las normas generan comisiones por la gesti\u00f3n de las certificaciones de los proyectos, as\u00ed como por la gesti\u00f3n de la log\u00edstica de emisi\u00f3n y retirada de los cr\u00e9ditos. Todos los proyectos de alta calidad est\u00e1n sujetos a la revisi\u00f3n de empresas auditoras externas. Estas empresas validan los proyectos por adelantado y luego se aseguran de que funcionan de acuerdo con el protocolo. Esto garantiza que las organizaciones participantes eviten ser v\u00edctimas de proyectos no verificados como el de Oddar Meanchey.<\/p>\n<p>Esta supervisi\u00f3n o gobernanza es vital.<\/p>\n<p>El mercado voluntario de cr\u00e9ditos de carbono es como cualquier otro: se paga por la calidad. En los mercados de carbono actuales, el precio de un cr\u00e9dito de carbono puede variar desde unos pocos c\u00e9ntimos por tonelada m\u00e9trica de emisiones de CO<sub>2<\/sub> hasta 15\u00a0USD\/mtCO<sub>2<\/sub>e para proyectos de forestaci\u00f3n o reforestaci\u00f3n, o incluso hasta 300\u00a0USD\/mtCO<sub>2<\/sub>e para proyectos de eliminaci\u00f3n basada en la tecnolog\u00eda<a href=\"#_ftn7\" name=\"_ftnref7\">[7]<\/a>.<\/p>\n<h2>Fijaci\u00f3n de precios compleja<\/h2>\n<p>Sin embargo, la fijaci\u00f3n del precio de los cr\u00e9ditos de carbono sigue siendo compleja. Existe una amplia gama de cr\u00e9ditos en el mercado y varios factores influyen en el precio. Uno de los m\u00e1s importantes es la naturaleza del proyecto subyacente, que generalmente se encuadra en una de estas dos categor\u00edas: prevenci\u00f3n y eliminaci\u00f3n. Los proyectos de prevenci\u00f3n evitan las emisiones de gases de efecto invernadero (GEI), mientras que los proyectos de eliminaci\u00f3n recogen y retiran los GEI de la atm\u00f3sfera.<\/p>\n<figure id=\"attachment_102055\" aria-describedby=\"caption-attachment-102055\" style=\"width: 2560px\" class=\"wp-caption aligncenter\"><img decoding=\"async\" loading=\"lazy\" class=\"size-full wp-image-102055\" src=\"https:\/\/media.alj.com\/app\/uploads\/2022\/09\/Metz-Solar-Farm-Aerial-view-scaled.jpg\" alt=\"Metz Solar Farm Aerial view\" width=\"2560\" height=\"1707\" srcset=\"https:\/\/media.alj.com\/app\/uploads\/2022\/09\/Metz-Solar-Farm-Aerial-view-scaled.jpg 2560w, https:\/\/media.alj.com\/app\/uploads\/2022\/09\/Metz-Solar-Farm-Aerial-view-300x200.jpg 300w, https:\/\/media.alj.com\/app\/uploads\/2022\/09\/Metz-Solar-Farm-Aerial-view-1024x683.jpg 1024w, https:\/\/media.alj.com\/app\/uploads\/2022\/09\/Metz-Solar-Farm-Aerial-view-150x100.jpg 150w, https:\/\/media.alj.com\/app\/uploads\/2022\/09\/Metz-Solar-Farm-Aerial-view-768x512.jpg 768w, https:\/\/media.alj.com\/app\/uploads\/2022\/09\/Metz-Solar-Farm-Aerial-view-1536x1024.jpg 1536w, https:\/\/media.alj.com\/app\/uploads\/2022\/09\/Metz-Solar-Farm-Aerial-view-2048x1366.jpg 2048w\" sizes=\"(max-width: 2560px) 100vw, 2560px\" \/><figcaption id=\"caption-attachment-102055\" class=\"wp-caption-text\">La granja solar de Metz, Australia, construida por FRV, parte de Abdul Latif Jameel Energy, que empez\u00f3 a producir energ\u00eda limpia comercialmente en septiembre de 2022. La planta fotovoltaica tiene una capacidad de 115\u00a0MWac, capaz de satisfacer la demanda energ\u00e9tica de hasta 40\u00a0000 hogares, con una superficie de 248\u00a0hect\u00e1reas,<\/figcaption><\/figure>\n<p>Los proyectos de energ\u00eda renovable, por ejemplo, pertenecen a la categor\u00eda de prevenci\u00f3n, al igual que los proyectos de prevenci\u00f3n de emisiones forestales y agr\u00edcolas, tambi\u00e9n conocidos como <a href=\"https:\/\/unfccc.int\/topics\/land-use\/workstreams\/redd\/what-is-redd\">REDD+<\/a>. Estos frenan la deforestaci\u00f3n o la destrucci\u00f3n de humedales o promueven pr\u00e1cticas agr\u00edcolas y de gesti\u00f3n del suelo que limitan las emisiones de GEI (por ejemplo, proyectos para reducir la cantidad de metano que emite el ganado aliment\u00e1ndolo con dietas diferentes). Otros ejemplos son los proyectos que mejoran la eficiencia del combustible, construyen edificios energ\u00e9ticamente eficientes o que capturan y destruyen contaminantes industriales.<\/p>\n<p>La categor\u00eda de eliminaci\u00f3n incluye proyectos que capturan y almacenan carbono de la atm\u00f3sfera. A menudo recurren a la naturaleza, utilizando los \u00e1rboles o el suelo, por ejemplo, para eliminar y capturar el carbono en proyectos como la reforestaci\u00f3n, la forestaci\u00f3n y la gesti\u00f3n de los humedales. Otros emplean tecnolog\u00edas como la captura directa en el aire o <a href=\"https:\/\/alj.com\/es\/perspective\/puede-la-captura-de-carbono-liberar-al-mundo-del-co%e2%82%82\/\">la captura y almacenamiento de carbono<\/a>.<\/p>\n<p>Todo esto se refleja en el precio, ya que los cr\u00e9ditos de retirada reciben una prima, en parte porque el proyecto subyacente requiere m\u00e1s dinero, pero tambi\u00e9n porque hay una mayor demanda: los inversores creen que son una herramienta m\u00e1s eficaz en la lucha contra el cambio clim\u00e1tico.<\/p>\n<p>Si el proyecto de carbono subyacente tambi\u00e9n ayuda a cumplir algunos de los Objetivos de Desarrollo Sostenible (<a href=\"https:\/\/sdgs.un.org\/es\/goals\">ODS<\/a>) de la ONU, el valor de un cr\u00e9dito de ese proyecto puede ser mayor. As\u00ed, por ejemplo, si el proyecto proporciona agua potable y tambi\u00e9n lucha contra la pobreza \u2013dos de los <a href=\"https:\/\/jameel75.com\/en\/sdg\">ODS<\/a>\u2013, entonces el cr\u00e9dito de carbono que genere puede cotizar con una prima respecto a otros tipos de proyectos.<\/p>\n<p><img decoding=\"async\" loading=\"lazy\" class=\"aligncenter  wp-image-106453\" src=\"https:\/\/media.alj.com\/app\/uploads\/2023\/03\/UN-SDGs.jpg\" alt=\"\" width=\"784\" height=\"392\" srcset=\"https:\/\/media.alj.com\/app\/uploads\/2023\/03\/UN-SDGs.jpg 662w, https:\/\/media.alj.com\/app\/uploads\/2023\/03\/UN-SDGs-300x150.jpg 300w, https:\/\/media.alj.com\/app\/uploads\/2023\/03\/UN-SDGs-150x75.jpg 150w\" sizes=\"(max-width: 784px) 100vw, 784px\" \/><\/p>\n<p>Esta es la raz\u00f3n por la que los cr\u00e9ditos emitidos por los proyectos comunitarios que cumplen los ODS a menudo cotizan con una prima respecto a proyectos que no lo hacen, como los industriales. Esto ocurre a pesar de que los proyectos industriales suelen ser a mayor escala y a menudo pueden producir grandes vol\u00famenes de cr\u00e9ditos con un potencial de compensaci\u00f3n de GEI m\u00e1s f\u00e1cil de verificar que los proyectos comunitarios. Estos, en comparaci\u00f3n, tienden a ser muy localizados, dise\u00f1ados y gestionados por grupos locales u ONG, producen vol\u00famenes m\u00e1s peque\u00f1os de cr\u00e9ditos de carbono y a menudo son m\u00e1s caros de certificar.<\/p>\n<p>Otros factores que influyen en el precio son los que se encuentran en cualquier mercado: la oferta y la demanda, la ubicaci\u00f3n del proyecto, el plazo de entrega y su antig\u00fcedad. Cuanto m\u00e1s antiguo es un proyecto, m\u00e1s baratos son sus cr\u00e9ditos de carbono.<\/p>\n<h2>Un primer paso hacia un futuro sostenible<\/h2>\n<p>Este es un mercado que est\u00e1 creciendo r\u00e1pidamente. El Grupo de Trabajo para la Ampliaci\u00f3n de los Mercados Voluntarios de Carbono (Taskforce on Scaling Voluntary Carbon Markets, <a href=\"https:\/\/www.iif.com\/tsvcm\">TSVCM<\/a>) estima que la demanda de cr\u00e9ditos de carbono podr\u00eda multiplicarse por 15 o m\u00e1s para 2030 y por un factor de hasta 100 para 2050. En conjunto, el mercado de los cr\u00e9ditos de carbono podr\u00eda alcanzar un valor superior a los 50\u00a0000 millones de d\u00f3lares en 2030.<a href=\"#_ftn8\" name=\"_ftnref8\">[8]<\/a><\/p>\n<p><img decoding=\"async\" loading=\"lazy\" class=\"aligncenter size-full wp-image-106404\" src=\"https:\/\/media.alj.com\/app\/uploads\/2023\/03\/1824-ALJ-Carbon-Credits4-scaled.jpg\" alt=\"\" width=\"2560\" height=\"1894\" srcset=\"https:\/\/media.alj.com\/app\/uploads\/2023\/03\/1824-ALJ-Carbon-Credits4-scaled.jpg 2560w, https:\/\/media.alj.com\/app\/uploads\/2023\/03\/1824-ALJ-Carbon-Credits4-300x222.jpg 300w, https:\/\/media.alj.com\/app\/uploads\/2023\/03\/1824-ALJ-Carbon-Credits4-1024x758.jpg 1024w, https:\/\/media.alj.com\/app\/uploads\/2023\/03\/1824-ALJ-Carbon-Credits4-150x111.jpg 150w, https:\/\/media.alj.com\/app\/uploads\/2023\/03\/1824-ALJ-Carbon-Credits4-768x568.jpg 768w, https:\/\/media.alj.com\/app\/uploads\/2023\/03\/1824-ALJ-Carbon-Credits4-1536x1137.jpg 1536w, https:\/\/media.alj.com\/app\/uploads\/2023\/03\/1824-ALJ-Carbon-Credits4-2048x1515.jpg 2048w\" sizes=\"(max-width: 2560px) 100vw, 2560px\" \/><\/p>\n<p>Alcanzar estas previsiones de crecimiento es fundamental. El mercado de cr\u00e9ditos de carbono ha creado un canal para que la financiaci\u00f3n privada llegue a proyectos positivos para el clima que, de otro modo, fracasar\u00edan o ni siquiera se llevar\u00edan a cabo. Tambi\u00e9n dispone de una gobernanza que garantiza la integridad y la transparencia de un modo que la ayuda exterior a menudo no puede ofrecer. Puede que los cr\u00e9ditos de carbono no sean la soluci\u00f3n definitiva a la crisis clim\u00e1tica de nuestro planeta, pero por ahora es una de las herramientas m\u00e1s prometedoras de las que disponemos.<\/p>\n<p>&nbsp;<\/p>\n<p><a href=\"#_ftnref1\" name=\"_ftn1\">[1]<\/a> <a href=\"https:\/\/www.lse.ac.uk\/granthaminstitute\/explainers\/how-do-emissions-trading-systems-work\/#:~:text=Emissions%20trading%2C%20also%20known%20as,emissions%20allowed%20under%20the%20cap\">https:\/\/www.lse.ac.uk\/granthaminstitute\/explainers\/how-do-emissions-trading-systems-work\/#:~:text=Emissions%20trading%2C%20also%20known%20as,emissions%20allowed%20under%20the%20cap<\/a>.<\/p>\n<p><a href=\"#_ftnref2\" name=\"_ftn2\">[2]<\/a> <a href=\"https:\/\/carboncredits.com\/the-ultimate-guide-to-understanding-carbon-credits\/#9\">https:\/\/carboncredits.com\/the-ultimate-guide-to-understanding-carbon-credits\/#9<\/a><\/p>\n<p><a href=\"#_ftnref3\" name=\"_ftn3\">[3]<\/a> https:\/\/carboncredits.com\/saudi-pif-largest-corsia-compliant-carbon-credits-auction\/<\/p>\n<p><a href=\"#_ftnref4\" name=\"_ftn4\">[4]<\/a> <a href=\"https:\/\/impactful.ninja\/reasons-that-make-carbon-offsetting-a-bad-idea\/#:~:text=Carbon%20offsetting%20is%20not%20economically,world's%20poor%20is%20highly%20disproportionate\">https:\/\/impactful.ninja\/reasons-that-make-carbon-offsetting-a-bad-idea\/#:~:text=Carbon%20offsetting%20is%20not%20economically,world&#8217;s%20poor%20is%20highly%20disproportionate<\/a>.<\/p>\n<p><a href=\"#_ftnref5\" name=\"_ftn5\">[5]<\/a> <a href=\"https:\/\/verra.org\/programs\/verified-carbon-standard\/#how-it-works\">https:\/\/verra.org\/programs\/verified-carbon-standard\/#how-it-works<\/a><\/p>\n<p><a href=\"#_ftnref6\" name=\"_ftn6\">[6]<\/a> <a href=\"https:\/\/www.iata.org\/en\/iata-repository\/pressroom\/fact-sheets\/fact-sheet---corsia\/\">https:\/\/www.iata.org\/en\/iata-repository\/pressroom\/fact-sheets\/fact-sheet&#8212;corsia\/<\/a><\/p>\n<p><a href=\"#_ftnref7\" name=\"_ftn7\">[7]<\/a> <a href=\"https:\/\/www.spglobal.com\/commodityinsights\/en\/market-insights\/blogs\/energy-transition\/061021-voluntary-carbon-markets-pricing-participants-trading-corsia-credits\">https:\/\/www.spglobal.com\/commodityinsights\/en\/market-insights\/blogs\/energy-transition\/061021-voluntary-carbon-markets-pricing-participants-trading-corsia-credits<\/a><\/p>\n<p><a href=\"#_ftnref8\" name=\"_ftn8\">[8]<\/a> <a href=\"https:\/\/www.mckinsey.com\/capabilities\/sustainability\/our-insights\/a-blueprint-for-scaling-voluntary-carbon-markets-to-meet-the-climate-challenge\">https:\/\/www.mckinsey.com\/capabilities\/sustainability\/our-insights\/a-blueprint-for-scaling-voluntary-carbon-markets-to-meet-the-climate-challenge<\/a><\/p>\n","protected":false},"featured_media":106418,"template":"","tags":[],"acf":[],"yoast_head":"<!-- This site is optimized with the Yoast SEO plugin v21.5 - https:\/\/yoast.com\/wordpress\/plugins\/seo\/ -->\n<title>La cuenta atr\u00e1s del carbono | Abdul Latif Jameel\u00ae<\/title>\n<meta name=\"description\" content=\"Descubra la importancia de la reducci\u00f3n de carbono, c\u00f3mo reducir su huella y c\u00f3mo pasar a las cero emisiones netas. Forme parte de la soluci\u00f3n ahora.\" \/>\n<meta name=\"robots\" content=\"index, follow, max-snippet:-1, max-image-preview:large, max-video-preview:-1\" \/>\n<link rel=\"canonical\" href=\"https:\/\/alj.com\/es\/spotlight-by-fady-jameel\/countdown-for-carbon\/\" \/>\n<meta property=\"og:locale\" content=\"es_ES\" \/>\n<meta property=\"og:type\" content=\"article\" \/>\n<meta property=\"og:title\" content=\"La cuenta atr\u00e1s del carbono | Abdul Latif Jameel\u00ae\" \/>\n<meta property=\"og:description\" content=\"Descubra la importancia de la reducci\u00f3n de carbono, c\u00f3mo reducir su huella y c\u00f3mo pasar a las cero emisiones netas. Forme parte de la soluci\u00f3n ahora.\" \/>\n<meta property=\"og:url\" content=\"https:\/\/alj.com\/es\/spotlight-by-fady-jameel\/countdown-for-carbon\/\" \/>\n<meta property=\"og:site_name\" content=\"Abdul Latif Jameel\" \/>\n<meta property=\"article:publisher\" content=\"https:\/\/www.facebook.com\/Abdul.Latif.Jameel.Official\" \/>\n<meta property=\"article:modified_time\" content=\"2023-05-08T10:36:54+00:00\" \/>\n<meta property=\"og:image\" content=\"https:\/\/media.alj.com\/app\/uploads\/2023\/03\/ALJ-CarbonCredits880x440.jpg\" \/>\n\t<meta property=\"og:image:width\" content=\"887\" \/>\n\t<meta property=\"og:image:height\" content=\"440\" \/>\n\t<meta property=\"og:image:type\" content=\"image\/jpeg\" \/>\n<meta name=\"twitter:card\" content=\"summary_large_image\" \/>\n<meta name=\"twitter:label1\" content=\"Est. reading time\" \/>\n\t<meta name=\"twitter:data1\" content=\"18 minutes\" \/>\n<script type=\"application\/ld+json\" class=\"yoast-schema-graph\">{\"@context\":\"https:\/\/schema.org\",\"@graph\":[{\"@type\":\"WebPage\",\"@id\":\"https:\/\/alj.com\/es\/spotlight-by-fady-jameel\/countdown-for-carbon\/\",\"url\":\"https:\/\/alj.com\/es\/spotlight-by-fady-jameel\/countdown-for-carbon\/\",\"name\":\"La cuenta atr\u00e1s del carbono | Abdul Latif Jameel\u00ae\",\"isPartOf\":{\"@id\":\"https:\/\/alj.com\/en\/#website\"},\"datePublished\":\"2023-03-01T06:09:02+00:00\",\"dateModified\":\"2023-05-08T10:36:54+00:00\",\"description\":\"Descubra la importancia de la reducci\u00f3n de carbono, c\u00f3mo reducir su huella y c\u00f3mo pasar a las cero emisiones netas. Forme parte de la soluci\u00f3n ahora.\",\"breadcrumb\":{\"@id\":\"https:\/\/alj.com\/es\/spotlight-by-fady-jameel\/countdown-for-carbon\/#breadcrumb\"},\"inLanguage\":\"es-ES\",\"potentialAction\":[{\"@type\":\"ReadAction\",\"target\":[\"https:\/\/alj.com\/es\/spotlight-by-fady-jameel\/countdown-for-carbon\/\"]}]},{\"@type\":\"BreadcrumbList\",\"@id\":\"https:\/\/alj.com\/es\/spotlight-by-fady-jameel\/countdown-for-carbon\/#breadcrumb\",\"itemListElement\":[{\"@type\":\"ListItem\",\"position\":1,\"name\":\"Home\",\"item\":\"https:\/\/alj.com\/es\/\"},{\"@type\":\"ListItem\",\"position\":2,\"name\":\"Spotlight By Fady Jameel\",\"item\":\"https:\/\/alj.com\/ja\/spotlight-by-fady-jameel\/\"},{\"@type\":\"ListItem\",\"position\":3,\"name\":\"Cuenta atr\u00e1s para el carbono\"}]},{\"@type\":\"WebSite\",\"@id\":\"https:\/\/alj.com\/en\/#website\",\"url\":\"https:\/\/alj.com\/en\/\",\"name\":\"Abdul Latif Jameel\",\"description\":\"Abdul Latif Jameel\",\"potentialAction\":[{\"@type\":\"SearchAction\",\"target\":{\"@type\":\"EntryPoint\",\"urlTemplate\":\"https:\/\/alj.com\/en\/?s={search_term_string}\"},\"query-input\":\"required name=search_term_string\"}],\"inLanguage\":\"es-ES\"}]}<\/script>\n<!-- \/ Yoast SEO plugin. -->","yoast_head_json":{"title":"La cuenta atr\u00e1s del carbono | Abdul Latif Jameel\u00ae","description":"Descubra la importancia de la reducci\u00f3n de carbono, c\u00f3mo reducir su huella y c\u00f3mo pasar a las cero emisiones netas. Forme parte de la soluci\u00f3n ahora.","robots":{"index":"index","follow":"follow","max-snippet":"max-snippet:-1","max-image-preview":"max-image-preview:large","max-video-preview":"max-video-preview:-1"},"canonical":"https:\/\/alj.com\/es\/spotlight-by-fady-jameel\/countdown-for-carbon\/","og_locale":"es_ES","og_type":"article","og_title":"La cuenta atr\u00e1s del carbono | Abdul Latif Jameel\u00ae","og_description":"Descubra la importancia de la reducci\u00f3n de carbono, c\u00f3mo reducir su huella y c\u00f3mo pasar a las cero emisiones netas. Forme parte de la soluci\u00f3n ahora.","og_url":"https:\/\/alj.com\/es\/spotlight-by-fady-jameel\/countdown-for-carbon\/","og_site_name":"Abdul Latif Jameel","article_publisher":"https:\/\/www.facebook.com\/Abdul.Latif.Jameel.Official","article_modified_time":"2023-05-08T10:36:54+00:00","og_image":[{"width":887,"height":440,"url":"https:\/\/media.alj.com\/app\/uploads\/2023\/03\/ALJ-CarbonCredits880x440.jpg","type":"image\/jpeg"}],"twitter_card":"summary_large_image","twitter_misc":{"Est. reading time":"18 minutes"},"schema":{"@context":"https:\/\/schema.org","@graph":[{"@type":"WebPage","@id":"https:\/\/alj.com\/es\/spotlight-by-fady-jameel\/countdown-for-carbon\/","url":"https:\/\/alj.com\/es\/spotlight-by-fady-jameel\/countdown-for-carbon\/","name":"La cuenta atr\u00e1s del carbono | Abdul Latif Jameel\u00ae","isPartOf":{"@id":"https:\/\/alj.com\/en\/#website"},"datePublished":"2023-03-01T06:09:02+00:00","dateModified":"2023-05-08T10:36:54+00:00","description":"Descubra la importancia de la reducci\u00f3n de carbono, c\u00f3mo reducir su huella y c\u00f3mo pasar a las cero emisiones netas. Forme parte de la soluci\u00f3n ahora.","breadcrumb":{"@id":"https:\/\/alj.com\/es\/spotlight-by-fady-jameel\/countdown-for-carbon\/#breadcrumb"},"inLanguage":"es-ES","potentialAction":[{"@type":"ReadAction","target":["https:\/\/alj.com\/es\/spotlight-by-fady-jameel\/countdown-for-carbon\/"]}]},{"@type":"BreadcrumbList","@id":"https:\/\/alj.com\/es\/spotlight-by-fady-jameel\/countdown-for-carbon\/#breadcrumb","itemListElement":[{"@type":"ListItem","position":1,"name":"Home","item":"https:\/\/alj.com\/es\/"},{"@type":"ListItem","position":2,"name":"Spotlight By Fady Jameel","item":"https:\/\/alj.com\/ja\/spotlight-by-fady-jameel\/"},{"@type":"ListItem","position":3,"name":"Cuenta atr\u00e1s para el carbono"}]},{"@type":"WebSite","@id":"https:\/\/alj.com\/en\/#website","url":"https:\/\/alj.com\/en\/","name":"Abdul Latif Jameel","description":"Abdul Latif Jameel","potentialAction":[{"@type":"SearchAction","target":{"@type":"EntryPoint","urlTemplate":"https:\/\/alj.com\/en\/?s={search_term_string}"},"query-input":"required name=search_term_string"}],"inLanguage":"es-ES"}]}},"post-meta-fields":{"push_notification":["no"],"_push_notification":["field_5c3b1fb67034d"],"_wpml_word_count":["{\"total\":2897,\"to_translate\":{\"ar\":2897,\"zh-hans\":2897,\"fr\":2897,\"ja\":2897,\"es\":2897,\"tr\":2897}}"],"_wpml_media_featured":["1"],"_wpml_media_duplicate":["1"],"perspective_short_title":["Cuenta atr\u00e1s para el carbono"],"perspective_summury":["<p>Los cr\u00e9ditos de carbono ofrecen una soluci\u00f3n pragm\u00e1tica a medio camino, un parche que permite a las empresas ganar tiempo para abordar algunas de las dificultades que plantea el cumplimiento del objetivo de cero emisiones netas<\/p>\n"],"perspective_location":["Dubai, EAU"],"perspective_author_name":["<p><span style=\"color: #000000;\"><a href=\"https:\/\/www.alj.com\/es\/our-people\/fady-jameel\/\">Fady Jameel<\/a><\/span><\/p>\n<p>Presidente adjunto y vicepresidente,\u00a0Abdul Latif Jameel International<\/p>\n"],"perspective_author_bio":["<p><a href=\"https:\/\/www.alj.com\/es\/our-people\/fady-jameel\/\">Fady Jameel<\/a> es presidente adjunto y vicepresidente internacional de\u00a0Abdul Latif Jameel, un colectivo de empresas internacionales e independientes diversificadas de propiedad familiar fundado en 1945 por el difunto Abdul Latif Jameel.<\/p>\n"],"wpcf-featured-news":["0"],"is_latest_news":["0"],"wpcf-show-news-at-homepage":["1"],"publish_mobile":[""],"_publish_mobile":["field_5bfa8eb2e65cf"],"mobile_featured_image":["https:\/\/media.alj.com\/app\/uploads\/2023\/03\/ALJ-CarbonCredits760x360.jpg"],"_mobile_featured_image":["field_5c3b204983dea"],"content_series_applied":[""],"_content_series_applied":["field_60f3d3faf82ac"],"featured_on_listing_page":["0"],"_featured_on_listing_page":["field_62458ea7383c3"],"is_podcast":["0"],"_is_podcast":["field_5ee1dff933e7f"],"wpcf-perspective-downloadable_file":[""],"wpcf-perspective-published-date":["1677628800"],"wpcf-video-description":[""],"wpcf-layoutvideourl":[""],"wpcf-video-thumb":[""],"wpcf-social4-svg":[""],"wpcf-social4-background-image":[""],"wpcf-social4-text":[""],"wpcf-social4-url":[""],"wpcf-social3-svg":[""],"wpcf-social3-background-image":[""],"wpcf-social3-text":[""],"wpcf-social3-url":[""],"wpcf-social-text-svg-square":[""],"wpcf-social-text-image-square":[""],"wpcf-social-text-text-square":[""],"wpcf-social-text-url-square":[""],"wpcf-social2-svg":[""],"wpcf-social2-background-image":[""],"wpcf-social2-text":[""],"wpcf-social2-url":[""],"wpcf-social-svg-square":[""],"wpcf-social-image-square":[""],"wpcf-social-text-square":[""],"wpcf-social-url-square":[""],"wpcf-social1-svg":[""],"wpcf-social1-background-image":[""],"wpcf-social1-text":[""],"wpcf-social1-url":[""],"wpcf-quotes-with-auther-text-1":[""],"wpcf-card_article_with_title_content":[""],"wpcf-card_article_content":["<p>write your content<\/p>"],"wpcf-quotes-with-auther-text":[""],"_bsf_post_type":["0"],"_bsf_item_review_type":["none"],"_yoast_wpseo_title":["La cuenta atr\u00e1s del carbono | Abdul Latif Jameel\u00ae"],"_yoast_wpseo_metadesc":["Descubra la importancia de la reducci\u00f3n de carbono, c\u00f3mo reducir su huella y c\u00f3mo pasar a las cero emisiones netas. Forme parte de la soluci\u00f3n ahora."],"_yoast_wpseo_content_score":["30"],"_yoast_wpseo_estimated-reading-time-minutes":[""],"_yoast_wpseo_wordproof_timestamp":[""],"_thumbnail_id":["106418"],"_edit_lock":["1683542079:25"],"_edit_last":["25"],"wpcf-projecttitle":[""],"wpcf-projectdescription":[""],"wpcf-projectimage-video1":["image"],"wpcf-projectimage-1":[""],"wpcf-projectvideo-1":[""],"wpcf-projectdescription-1":[""],"wpcf-projectimage-video2":["image"],"wpcf-projectimage-2":[""],"wpcf-projectvideo-2":[""],"wpcf-projectdescription-2":[""],"wpcf-projectimage-video3":["image"],"wpcf-projectimage-3":[""],"wpcf-projectvideo-3":[""],"wpcf-projectdescription-3":[""],"wpcf-projectimage-video4":["image"],"wpcf-projectimage-4":[""],"wpcf-projectvideo-4":[""],"wpcf-projectdescription-4":[""],"_last_translation_edit_mode":["native-editor"],"perspective_business_sector":["Energ\u00eda y Servicios Medioambientales"],"perspective_author_image":["96333"],"wpcf-card-image":[""],"_wpcf-card-image-sort-order":["a:1:{i:0;i:1481625;}"],"amazonS3_cache":["a:28:{s:64:\"\/\/alj.com\/app\/uploads\/2023\/03\/1824-ALJ-Carbon-Credits-scaled.jpg\";a:2:{s:2:\"id\";i:106383;s:11:\"source_type\";s:13:\"media-library\";}s:70:\"\/\/media.alj.com\/app\/uploads\/2023\/03\/1824-ALJ-Carbon-Credits-scaled.jpg\";a:2:{s:2:\"id\";i:106383;s:11:\"source_type\";s:13:\"media-library\";}s:68:\"\/\/alj.com\/app\/uploads\/2022\/11\/Abdul-Latif-Jameel-VCM-PIF-signing.jpg\";a:2:{s:2:\"id\";i:103760;s:11:\"source_type\";s:13:\"media-library\";}s:74:\"\/\/media.alj.com\/app\/uploads\/2022\/11\/Abdul-Latif-Jameel-VCM-PIF-signing.jpg\";a:2:{s:2:\"id\";i:103760;s:11:\"source_type\";s:13:\"media-library\";}s:58:\"\/\/alj.com\/app\/uploads\/2023\/03\/1824-ALJ-Carbon-Credits2.jpg\";a:2:{s:2:\"id\";i:106390;s:11:\"source_type\";s:13:\"media-library\";}s:64:\"\/\/media.alj.com\/app\/uploads\/2023\/03\/1824-ALJ-Carbon-Credits2.jpg\";a:2:{s:2:\"id\";i:106390;s:11:\"source_type\";s:13:\"media-library\";}s:57:\"\/\/alj.com\/app\/uploads\/2023\/03\/Paris-Climate-Agreement.jpg\";a:2:{s:2:\"id\";i:106439;s:11:\"source_type\";s:13:\"media-library\";}s:63:\"\/\/media.alj.com\/app\/uploads\/2023\/03\/Paris-Climate-Agreement.jpg\";a:2:{s:2:\"id\";i:106439;s:11:\"source_type\";s:13:\"media-library\";}s:54:\"\/\/alj.com\/app\/uploads\/2023\/03\/Yazeed-Al-Humied-PIF.jpg\";a:2:{s:2:\"id\";i:106467;s:11:\"source_type\";s:13:\"media-library\";}s:60:\"\/\/media.alj.com\/app\/uploads\/2023\/03\/Yazeed-Al-Humied-PIF.jpg\";a:2:{s:2:\"id\";i:106467;s:11:\"source_type\";s:13:\"media-library\";}s:65:\"\/\/alj.com\/app\/uploads\/2023\/03\/1824-ALJ-Carbon-Credits3-scaled.jpg\";a:2:{s:2:\"id\";i:106397;s:11:\"source_type\";s:13:\"media-library\";}s:71:\"\/\/media.alj.com\/app\/uploads\/2023\/03\/1824-ALJ-Carbon-Credits3-scaled.jpg\";a:2:{s:2:\"id\";i:106397;s:11:\"source_type\";s:13:\"media-library\";}s:55:\"\/\/alj.com\/app\/uploads\/2023\/03\/UN-Framework-CCC-logo.jpg\";a:2:{s:2:\"id\";i:106446;s:11:\"source_type\";s:13:\"media-library\";}s:61:\"\/\/media.alj.com\/app\/uploads\/2023\/03\/UN-Framework-CCC-logo.jpg\";a:2:{s:2:\"id\";i:106446;s:11:\"source_type\";s:13:\"media-library\";}s:58:\"\/\/alj.com\/app\/uploads\/2023\/03\/Verified-Carbon-Standard.jpg\";a:2:{s:2:\"id\";i:106460;s:11:\"source_type\";s:13:\"media-library\";}s:66:\"\/\/alj.com\/app\/uploads\/2023\/03\/Verified-Carbon-Standard-300x100.jpg\";a:2:{s:2:\"id\";i:106460;s:11:\"source_type\";s:13:\"media-library\";}s:64:\"\/\/media.alj.com\/app\/uploads\/2023\/03\/Verified-Carbon-Standard.jpg\";a:2:{s:2:\"id\";i:106460;s:11:\"source_type\";s:13:\"media-library\";}s:72:\"\/\/media.alj.com\/app\/uploads\/2023\/03\/Verified-Carbon-Standard-300x100.jpg\";a:2:{s:2:\"id\";i:106460;s:11:\"source_type\";s:13:\"media-library\";}s:45:\"\/\/alj.com\/app\/uploads\/2023\/03\/CORSIA-logo.jpg\";a:2:{s:2:\"id\";i:106432;s:11:\"source_type\";s:13:\"media-library\";}s:53:\"\/\/alj.com\/app\/uploads\/2023\/03\/CORSIA-logo-300x140.jpg\";a:2:{s:2:\"id\";i:106432;s:11:\"source_type\";s:13:\"media-library\";}s:51:\"\/\/media.alj.com\/app\/uploads\/2023\/03\/CORSIA-logo.jpg\";a:2:{s:2:\"id\";i:106432;s:11:\"source_type\";s:13:\"media-library\";}s:59:\"\/\/media.alj.com\/app\/uploads\/2023\/03\/CORSIA-logo-300x140.jpg\";a:2:{s:2:\"id\";i:106432;s:11:\"source_type\";s:13:\"media-library\";}s:68:\"\/\/alj.com\/app\/uploads\/2022\/09\/Metz-Solar-Farm-Aerial-view-scaled.jpg\";a:2:{s:2:\"id\";i:102055;s:11:\"source_type\";s:13:\"media-library\";}s:74:\"\/\/media.alj.com\/app\/uploads\/2022\/09\/Metz-Solar-Farm-Aerial-view-scaled.jpg\";a:2:{s:2:\"id\";i:102055;s:11:\"source_type\";s:13:\"media-library\";}s:41:\"\/\/alj.com\/app\/uploads\/2023\/03\/UN-SDGs.jpg\";a:2:{s:2:\"id\";i:106453;s:11:\"source_type\";s:13:\"media-library\";}s:47:\"\/\/media.alj.com\/app\/uploads\/2023\/03\/UN-SDGs.jpg\";a:2:{s:2:\"id\";i:106453;s:11:\"source_type\";s:13:\"media-library\";}s:65:\"\/\/alj.com\/app\/uploads\/2023\/03\/1824-ALJ-Carbon-Credits4-scaled.jpg\";a:2:{s:2:\"id\";i:106404;s:11:\"source_type\";s:13:\"media-library\";}s:71:\"\/\/media.alj.com\/app\/uploads\/2023\/03\/1824-ALJ-Carbon-Credits4-scaled.jpg\";a:2:{s:2:\"id\";i:106404;s:11:\"source_type\";s:13:\"media-library\";}}"]},"_links":{"self":[{"href":"https:\/\/alj.com\/es\/wp-json\/wp\/v2\/spotlight-fadyjameel\/106564"}],"collection":[{"href":"https:\/\/alj.com\/es\/wp-json\/wp\/v2\/spotlight-fadyjameel"}],"about":[{"href":"https:\/\/alj.com\/es\/wp-json\/wp\/v2\/types\/spotlight-fadyjameel"}],"wp:featuredmedia":[{"embeddable":true,"href":"https:\/\/alj.com\/es\/wp-json\/wp\/v2\/media\/106418"}],"wp:attachment":[{"href":"https:\/\/alj.com\/es\/wp-json\/wp\/v2\/media?parent=106564"}],"wp:term":[{"taxonomy":"post_tag","embeddable":true,"href":"https:\/\/alj.com\/es\/wp-json\/wp\/v2\/tags?post=106564"}],"curies":[{"name":"wp","href":"https:\/\/api.w.org\/{rel}","templated":true}]}}