{"id":118320,"date":"2024-08-29T05:42:27","date_gmt":"2024-08-29T05:42:27","guid":{"rendered":"https:\/\/alj.com\/spotlight-by-fady-jameel\/greening-the-coalface\/"},"modified":"2024-09-09T12:58:02","modified_gmt":"2024-09-09T12:58:02","slug":"greening-the-coalface","status":"publish","type":"spotlight-fadyjameel","link":"https:\/\/alj.com\/es\/spotlight-by-fady-jameel\/greening-the-coalface\/","title":{"rendered":"Greening the coalface?"},"content":{"rendered":"<p>El futuro de la energ\u00eda es verde, de eso estamos seguros. Despu\u00e9s de todo, es imposible concebir otro escenario para un planeta sofocante, donde los r\u00e9cords de temperatura globales se superan a\u00f1o tras a\u00f1o.<a href=\"#_ftn1\" name=\"_ftnref1\"><sup>[1]<\/sup><\/a> El progreso continuo de la industria de las energ\u00edas renovables, muy amplificado en los medios de comunicaci\u00f3n, parece justificar dicho optimismo: En 2023 se a\u00f1adieron aproximadamente 507\u00a0GW de nueva capacidad de electricidad renovable en todo el mundo, casi un 50\u00a0% m\u00e1s que el a\u00f1o anterior.<a href=\"#_ftn2\" name=\"_ftnref2\"><sup>[2]<\/sup><\/a><\/p>\n<p>Si seguimos as\u00ed, podr\u00edamos darnos un ba\u00f1o, encender la calefacci\u00f3n o hervir agua sin sentirnos en absoluto culpables. Solo hay un problema: un combustible de color negro, que lleva en proceso desde hace millones de a\u00f1os y es tentadoramente abundante y barato&#8230; el carb\u00f3n.<\/p>\n<p>A pesar de que las instalaciones solares, e\u00f3licas e hidroel\u00e9ctricas, as\u00ed como los sistemas de almacenamiento de bater\u00edas, siguen aumentando a\u00f1o tras a\u00f1o, el carb\u00f3n contin\u00faa siendo una adicci\u00f3n que el mundo no es capaz de dejar\u00a0y que causa mucho da\u00f1o.<\/p>\n<p><img decoding=\"async\" loading=\"lazy\" class=\"aligncenter size-full wp-image-118052\" src=\"https:\/\/media.alj.com\/app\/uploads\/2024\/08\/Renewable-electricity-capacity-additions-by-technology-and-segment-scaled.jpg\" alt=\"\" width=\"2560\" height=\"1441\" srcset=\"https:\/\/media.alj.com\/app\/uploads\/2024\/08\/Renewable-electricity-capacity-additions-by-technology-and-segment-scaled.jpg 2560w, https:\/\/media.alj.com\/app\/uploads\/2024\/08\/Renewable-electricity-capacity-additions-by-technology-and-segment-300x169.jpg 300w, https:\/\/media.alj.com\/app\/uploads\/2024\/08\/Renewable-electricity-capacity-additions-by-technology-and-segment-1024x577.jpg 1024w, https:\/\/media.alj.com\/app\/uploads\/2024\/08\/Renewable-electricity-capacity-additions-by-technology-and-segment-150x84.jpg 150w, https:\/\/media.alj.com\/app\/uploads\/2024\/08\/Renewable-electricity-capacity-additions-by-technology-and-segment-768x432.jpg 768w, https:\/\/media.alj.com\/app\/uploads\/2024\/08\/Renewable-electricity-capacity-additions-by-technology-and-segment-1536x865.jpg 1536w, https:\/\/media.alj.com\/app\/uploads\/2024\/08\/Renewable-electricity-capacity-additions-by-technology-and-segment-2048x1153.jpg 2048w, https:\/\/media.alj.com\/app\/uploads\/2024\/08\/Renewable-electricity-capacity-additions-by-technology-and-segment-226x126.jpg 226w\" sizes=\"(max-width: 2560px) 100vw, 2560px\" \/><\/p>\n<p>En 2022 el carb\u00f3n fue responsable de aproximadamente el 41\u00a0% de las emisiones globales de gases de efecto invernadero (GEI) de la energ\u00eda, m\u00e1s que cualquier otra fuente de combustible.<a href=\"#_ftn3\" name=\"_ftnref3\"><sup>[3]<\/sup><\/a> Sin embargo, a pesar de que es el combustible f\u00f3sil que m\u00e1s carbono emite, seguimos confiando en el carb\u00f3n para m\u00e1s de un tercio de la producci\u00f3n de electricidad en todo el mundo.<\/p>\n<p>Muchos cient\u00edficos y ecologistas esperaban que la reciente conferencia clim\u00e1tica COP28 en los EAU dejase de considerar el carb\u00f3n como fuente de energ\u00eda viable. Sin embargo, tras algunas amargas discrepancias en las fases de cierre, el acuerdo no se comprometi\u00f3 abiertamente a eliminar por completo el carb\u00f3n, sino a animar a los pa\u00edses a \u201calejarse\u201d de los combustibles f\u00f3siles.<a href=\"#_ftn4\" name=\"_ftnref4\"><sup>[4]<\/sup><\/a><\/p>\n<p>Al menos a corto plazo, parece que el carb\u00f3n est\u00e1 aqu\u00ed para quedarse. \u00bfCu\u00e1nto carb\u00f3n quemamos anualmente y por qu\u00e9 es tan dif\u00edcil dejarlo atr\u00e1s de una vez por todas?<\/p>\n<h2>El consumo de carb\u00f3n y la capacidad aumentan al mismo ritmo<\/h2>\n<p>La capacidad de energ\u00eda renovable puede estar en constante expansi\u00f3n, pero lamentablemente nuestra sed colectiva de energ\u00eda est\u00e1 creciendo a\u00fan m\u00e1s r\u00e1pido. En 2022 el mundo consumi\u00f3 178\u00a0899\u00a0TWh de energ\u00eda en la gesti\u00f3n de sus hogares, empresas, sistemas alimentarios y redes de transporte, un fuerte aumento con respecto a los 122\u00a0857\u00a0TWh que se utilizaron en 2000.<a href=\"#_ftn5\" name=\"_ftnref5\"><sup>[5]<\/sup><\/a> Cualquier gr\u00e1fico que muestre el consumo de energ\u00eda global desde los inicios de la era industrial se asemeja a una pendiente muy ascendente y sin pico a la vista. Para 2050 la Agencia Internacional de la Energ\u00eda (<a href=\"https:\/\/www.iea.org\/\">AIE<\/a>) estima que la demanda mundial de electricidad ser\u00e1 entre un 75\u00a0% y un 150\u00a0% superior a la actual.<a href=\"#_ftn6\" name=\"_ftnref6\"><sup>[6]<\/sup><\/a><\/p>\n<p><img decoding=\"async\" loading=\"lazy\" class=\"aligncenter size-full wp-image-118038\" src=\"https:\/\/media.alj.com\/app\/uploads\/2024\/08\/Global-primary-energy-consumption-by-source_001-scaled.jpg\" alt=\"\" width=\"2560\" height=\"1441\" srcset=\"https:\/\/media.alj.com\/app\/uploads\/2024\/08\/Global-primary-energy-consumption-by-source_001-scaled.jpg 2560w, https:\/\/media.alj.com\/app\/uploads\/2024\/08\/Global-primary-energy-consumption-by-source_001-300x169.jpg 300w, https:\/\/media.alj.com\/app\/uploads\/2024\/08\/Global-primary-energy-consumption-by-source_001-1024x577.jpg 1024w, https:\/\/media.alj.com\/app\/uploads\/2024\/08\/Global-primary-energy-consumption-by-source_001-150x84.jpg 150w, https:\/\/media.alj.com\/app\/uploads\/2024\/08\/Global-primary-energy-consumption-by-source_001-768x432.jpg 768w, https:\/\/media.alj.com\/app\/uploads\/2024\/08\/Global-primary-energy-consumption-by-source_001-1536x865.jpg 1536w, https:\/\/media.alj.com\/app\/uploads\/2024\/08\/Global-primary-energy-consumption-by-source_001-2048x1153.jpg 2048w, https:\/\/media.alj.com\/app\/uploads\/2024\/08\/Global-primary-energy-consumption-by-source_001-226x126.jpg 226w\" sizes=\"(max-width: 2560px) 100vw, 2560px\" \/><\/p>\n<p>A pesar de su reputaci\u00f3n como culpable del cambio clim\u00e1tico, en 2022 el consumo de carb\u00f3n aument\u00f3 un 3,3\u00a0%, hasta 8300\u00a0millones de toneladas, lo que supone un nuevo r\u00e9cord.<a href=\"#_ftn7\" name=\"_ftnref7\"><sup>[7]<\/sup><\/a> Aunque en 2023 se espera que la demanda de carb\u00f3n baje ligeramente en EE.\u00a0UU. y Europa, el consumo en las econom\u00edas en desarrollo compensar\u00e1 con creces esta disminuci\u00f3n. Cuando se contabilicen las cifras finales, es probable que China, India y otros pa\u00edses del sudeste asi\u00e1tico representen tres cuartas partes de todo el consumo de carb\u00f3n en 2023.<\/p>\n<p><img decoding=\"async\" loading=\"lazy\" class=\"aligncenter size-full wp-image-118031\" src=\"https:\/\/media.alj.com\/app\/uploads\/2024\/08\/Global-Coal-Consumption_001-scaled.jpg\" alt=\"\" width=\"2560\" height=\"1441\" srcset=\"https:\/\/media.alj.com\/app\/uploads\/2024\/08\/Global-Coal-Consumption_001-scaled.jpg 2560w, https:\/\/media.alj.com\/app\/uploads\/2024\/08\/Global-Coal-Consumption_001-300x169.jpg 300w, https:\/\/media.alj.com\/app\/uploads\/2024\/08\/Global-Coal-Consumption_001-1024x577.jpg 1024w, https:\/\/media.alj.com\/app\/uploads\/2024\/08\/Global-Coal-Consumption_001-150x84.jpg 150w, https:\/\/media.alj.com\/app\/uploads\/2024\/08\/Global-Coal-Consumption_001-768x432.jpg 768w, https:\/\/media.alj.com\/app\/uploads\/2024\/08\/Global-Coal-Consumption_001-1536x865.jpg 1536w, https:\/\/media.alj.com\/app\/uploads\/2024\/08\/Global-Coal-Consumption_001-2048x1153.jpg 2048w, https:\/\/media.alj.com\/app\/uploads\/2024\/08\/Global-Coal-Consumption_001-226x126.jpg 226w\" sizes=\"(max-width: 2560px) 100vw, 2560px\" \/><\/p>\n<p>Inevitablemente, la capacidad est\u00e1 aumentando junto con el consumo.<\/p>\n<p>En 2023, la capacidad mundial de energ\u00eda de carb\u00f3n creci\u00f3 un 2\u00a0%, impulsada por los menores cierres de plantas en EE.\u00a0UU. y Europa y por una ola de nuevas plantas en Asia. En total, el a\u00f1o pasado se activaron unos 69,5\u00a0GW de capacidad en nuevas plantas de carb\u00f3n, dos tercios de ellos en China, y tambi\u00e9n hubo novedades significativas en Corea del Sur, Jap\u00f3n, Vietnam, Pakist\u00e1n, India e Indonesia. El a\u00f1o pasado solo se cerraron 21\u00a0GW de capacidad de carb\u00f3n, lo que dio lugar a un aumento anual neto de 48,5\u00a0GW, el incremento anual m\u00e1s alto desde 2016.<a href=\"#_ftn8\" name=\"_ftnref8\"><sup>[8]<\/sup><\/a><\/p>\n<p>Esta trayectoria entra en conflicto directo con el escenario de cero emisiones netas para 2050 de la AIE, que requerir\u00eda que toda la generaci\u00f3n de energ\u00eda con carb\u00f3n cesara por completo antes de 2040.<a href=\"#_ftn9\" name=\"_ftnref9\"><sup>[9]<\/sup><\/a> Este cambio significar\u00eda una media de 126\u00a0GW de cierres de plantas de carb\u00f3n en todo el mundo al a\u00f1o durante los pr\u00f3ximos 17\u00a0a\u00f1os, aproximadamente dos plantas a la semana.<a href=\"#_ftn10\" name=\"_ftnref10\"><sup>[10]<\/sup><\/a><\/p>\n<p>Sin embargo, la magnitud del desaf\u00edo no es una justificaci\u00f3n para agachar la cabeza y admitir la derrota. De hecho, si miramos hacia un futuro cercano, hay perspectivas prometedoras.<\/p>\n<p>Fuera de China, el pasado a\u00f1o comenzaron a construirse menos de 4\u00a0GW de nuevas plantas de carb\u00f3n, un cuarto de la media anual registrada entre 2015 y 2022. Otro signo positivo es que se espera que los cierres de plantas de carb\u00f3n en EE.\u00a0UU. y Europa vuelvan a acelerarse este a\u00f1o tras su reciente desaceleraci\u00f3n.<\/p>\n<p>Adem\u00e1s, los analistas prev\u00e9n que incluso la lealtad de China al carb\u00f3n se debilitara en los pr\u00f3ximos a\u00f1os, ya que habr\u00e1 opciones con bajas emisiones de carbono m\u00e1s baratas y el crecimiento de las energ\u00edas hidroel\u00e9ctrica y nuclear complementar\u00e1 las ganancias de la generaci\u00f3n solar y e\u00f3lica.<\/p>\n<p>\u00bfPor qu\u00e9 es tan lenta la transici\u00f3n global para dejar atr\u00e1s el carb\u00f3n?<\/p>\n<h2>Un vicio da\u00f1ino: \u00bfpor qu\u00e9 es tan dif\u00edcil dejar el carb\u00f3n?<\/h2>\n<p>La dependencia del carb\u00f3n es un problema global, e incluso las naciones \u201cprogresistas\u201d siguen estando a merced de las circunstancias.<\/p>\n<p>La Uni\u00f3n Europea (UE) y el Reino Unido recurrieron al carb\u00f3n para aumentar la seguridad energ\u00e9tica a corto plazo tras el conflicto de Ucrania y las sanciones posteriores a Rusia, un gigante del petr\u00f3leo y el gas. Alemania a\u00f1adi\u00f3 la mayor parte de la capacidad de carb\u00f3n, con 10\u00a0GW adicionales para el invierno 2022\/2023. Durante los primeros d\u00edas de la crisis, los Pa\u00edses Bajos a\u00f1adieron otros 3,8\u00a0GW al eliminar el l\u00edmite de producci\u00f3n del 35\u00a0% en las plantas de carb\u00f3n.<a href=\"#_ftn11\" name=\"_ftnref11\"><sup>[11]<\/sup><\/a><\/p>\n<p>A pesar de tener una sola central el\u00e9ctrica de carb\u00f3n en funcionamiento (y un plazo claro para que todas las centrales el\u00e9ctricas de carb\u00f3n detengan la producci\u00f3n a finales de 2024), ni siquiera el Reino Unido puede romper por completo sus v\u00ednculos con el carb\u00f3n. En diciembre de 2022, por motivos de \u201cseguridad energ\u00e9tica\u201d, dio luz verde a una nueva mina de carb\u00f3n cerca de la costa de Whitehaven, Cumbria. El carb\u00f3n provendr\u00e1 de sedimentos bajo el mar de Irlanda,<\/p>\n<p>cuyo traslado tiene un precio muy alto para el medioambiente. El Comit\u00e9 para el Cambio Clim\u00e1tico del Reino Unido ha calculado que la mina y su carb\u00f3n emitir\u00e1n aproximadamente 9\u00a0millones de toneladas de emisiones de GEI anualmente.<a href=\"#_ftn12\" name=\"_ftnref12\"><sup>[12]<\/sup><\/a>Otras fuentes sugieren que las actividades de la mina contaminar\u00e1n tanto como 200\u00a0000\u00a0veh\u00edculos de gasolina en la carretera.<a href=\"#_ftn13\" name=\"_ftnref13\"><sup>[13]<\/sup><\/a>La construcci\u00f3n de Woodhouse Colliery en Whitehaven podr\u00eda comenzar en 2024, con un permiso de planificaci\u00f3n otorgado hasta 2049.<\/p>\n<p>Incluso los factores meteorol\u00f3gicos pueden influir en el consumo de carb\u00f3n. Por ejemplo, en la regi\u00f3n de Asia-Pac\u00edfico los acontecimientos meteorol\u00f3gicos extremos en 2022 llevaron a una mayor dependencia del carb\u00f3n para la generaci\u00f3n de electricidad y a un aumento interanual del 3\u00a0% en el consumo. En India ese mismo a\u00f1o, las olas de calor veraniegas provocaron una demanda de electricidad sin precedentes, principalmente satisfecha por un aumento del 8,5\u00a0% en la generaci\u00f3n de energ\u00eda a partir de carb\u00f3n.<\/p>\n<p>En China, las demandas de una econom\u00eda en auge solo multiplican estas presiones. En la provincia de Shanxi, el coraz\u00f3n del carb\u00f3n de China, a 480\u00a0kil\u00f3metros de Pek\u00edn, las empresas de combustibles f\u00f3siles contin\u00faan excavando nuevas minas en el paisaje monta\u00f1oso. El consumo de carb\u00f3n creci\u00f3 un 80\u00a0% durante la d\u00e9cada de 2010 para proporcionar energ\u00eda a las acer\u00edas y las f\u00e1bricas de cemento.<a href=\"#_ftn14\" name=\"_ftnref14\"><sup>[14]<\/sup><\/a>Que este saqueo contin\u00fae a un ritmo acelerado depende de las decisiones pol\u00edticas que rigen los nuevos gasoductos que conectan China con Rusia, sujetos a su vez a una delicada red de tratados transfronterizos y yacimientos energ\u00e9ticos internacionales.<\/p>\n<p>Desde una perspectiva pr\u00e1ctica, independientemente del crecimiento de las energ\u00edas renovables, China se siente obligada a mantener sus centrales el\u00e9ctricas de carb\u00f3n funcionando al menos al 30\u00a0% de su capacidad. \u00bfPor qu\u00e9? Esto les permite aumentar r\u00e1pidamente su rendimiento hasta el m\u00e1ximo en caso de que el sol o el viento se detengan. Por el contrario, llevar una planta de carb\u00f3n de 0 a 100 podr\u00eda llevar hasta dos d\u00edas, un plazo en el que la maquinaria podr\u00eda pararse y los vecindarios quedarse sin energ\u00eda. Hasta que se reduzcan estas consideraciones, las sociedades con grandes poblaciones y pr\u00f3speras bases industriales permanecer\u00e1n, al menos parcialmente, ligadas al carb\u00f3n.<\/p>\n<p>En otros lugares, cortar los lazos con el carb\u00f3n requiere esfuerzos diligentes de los legisladores. Est\u00e1n surgiendo algunos ejemplos que ofrecen esperanza a aquellos que buscan un mundo m\u00e1s limpio y ecol\u00f3gico.<\/p>\n<h2>\u00bfCerrando las puertas al carb\u00f3n de una vez por todas?<\/h2>\n<p>Los l\u00edderes globales reconocen abiertamente la importancia de alejarse del carb\u00f3n y la relevancia de los poderes reguladores para lograrlo. Una breve revisi\u00f3n de los libros de leyes destaca varios hitos recientes en el camino hacia un futuro sin carb\u00f3n.<a href=\"#_ftn15\" name=\"_ftnref15\"><sup>[15]<\/sup><\/a><\/p>\n<p>El influyente foro del G7 (que comprende Canad\u00e1, Francia, Alemania, Italia, Jap\u00f3n, Reino Unido y EE.\u00a0UU.) public\u00f3 un comunicado especial en abril de 2023 de los Ministros de Clima, Energ\u00eda y Medioambiente que exig\u00eda oficialmente una interrupci\u00f3n inmediata de la construcci\u00f3n de todas las nuevas centrales el\u00e9ctricas alimentadas con carb\u00f3n.<a href=\"#_ftn16\" name=\"_ftnref16\"><sup>[16]<\/sup><\/a>Los miembros decidieron \u201ccrear un mercado internacional que minimice las emisiones de GEI en las cadenas de valor de petr\u00f3leo, gas y carb\u00f3n\u201d y garantizar un sector de energ\u00eda predominantemente descarbonizado para 2035, alineado con los objetivos de limitar el aumento de la temperatura a 1,5\u00a0<sup>o<\/sup>C.<\/p>\n<p>Algunos pa\u00edses est\u00e1n allanando el camino. Alemania adelant\u00f3 recientemente su plazo para detener la quema de carb\u00f3n en el estado de North-Rhine Westphalia de 2038 a 2030, y es posible que m\u00e1s regiones sigan su ejemplo.<\/p>\n<p>Del mismo modo, Eslovaquia ha acelerado su fecha para la eliminaci\u00f3n gradual del carb\u00f3n en todo el pa\u00eds de 2030 a 2024.<\/p>\n<p>Portugal ha confirmado que no tiene planes de instalar m\u00e1s plantas de carb\u00f3n despu\u00e9s de cerrar la \u00faltima en 2021, convirti\u00e9ndose en el \u00faltimo pa\u00eds de la UE en despedirse del carb\u00f3n, despu\u00e9s de B\u00e9lgica, Austria y Suecia.<\/p>\n<p>En Asia, se han presentado dos nuevas Asociaciones para una Transici\u00f3n Energ\u00e9tica Justa (JETP) Los proyectos en Indonesia y Vietnam, con presupuestos de 20\u00a0000\u00a0millones de USD y 15\u00a0500\u00a0millones de USD respectivamente, tienen como objetivo apoyar una transici\u00f3n justa y equitativa para dejar atr\u00e1s el carb\u00f3n y proporcionar respaldo financiero para las iniciativas de descarbonizaci\u00f3n.<\/p>\n<p>China est\u00e1 haciendo progresos tangibles hacia la mejora del clima, instalando equipos de <a href=\"https:\/\/alj.com\/en\/perspective\/can-carbon-capture-free-the-world-from-co%e2%82%82\/\">captura, uso y almacenamiento de carbono<\/a> (CCUS) en su planta el\u00e9ctrica de carb\u00f3n de Taizhou, en la provincia de Jiangsu, la tercera gran central del mundo equipada con esta tecnolog\u00eda. Hay esperanzas reales de que esto represente m\u00e1s que una mera concesi\u00f3n al lobby clim\u00e1tico. De hecho, el presidente de China, Xi Jinping, ha prometido que las emisiones netas de carbono de su pa\u00eds alcanzar\u00e1n su pico antes de 2030 y que llegar\u00e1n al cero neto para 2060.<\/p>\n<p>\u00bfEn qu\u00e9 medida es relevante la CCUS para el debate sobre el carb\u00f3n? \u00bfEs una verdadera oportunidad de mitigaci\u00f3n o una mera distracci\u00f3n? Cabe destacar que la tecnolog\u00eda CCUS sigue evolucionando r\u00e1pidamente. Los estudios gubernamentales indican que hasta el 90\u00a0% de las emisiones de carbono de las centrales el\u00e9ctricas de carb\u00f3n podr\u00edan capturarse a trav\u00e9s de CCUS, lo que representa alrededor de una quinta parte de los recortes globales en las emisiones requeridos para 2050.<a href=\"#_ftn17\" name=\"_ftnref17\"><sup>[17]<\/sup><\/a> Seg\u00fan el propio escenario de desarrollo sostenible de la AIE, la generaci\u00f3n de energ\u00eda de las plantas de carb\u00f3n con CCUS podr\u00eda ascender a 246\u00a0TWh al a\u00f1o para 2030, aumentando a 994\u00a0TWh para 2040.<a href=\"#_ftn18\" name=\"_ftnref18\"><sup>[18]<\/sup><\/a> Sin embargo, la CCUS es una opci\u00f3n costosa y, al menos por ahora, sigue sin probarse a gran escala.<a href=\"#_ftn19\" name=\"_ftnref19\"><sup>[19]<\/sup><\/a><\/p>\n<p><img decoding=\"async\" loading=\"lazy\" class=\"aligncenter size-full wp-image-118045\" src=\"https:\/\/media.alj.com\/app\/uploads\/2024\/08\/Power-generation-from-carbon-capture_001-scaled.jpg\" alt=\"\" width=\"2560\" height=\"1441\" srcset=\"https:\/\/media.alj.com\/app\/uploads\/2024\/08\/Power-generation-from-carbon-capture_001-scaled.jpg 2560w, https:\/\/media.alj.com\/app\/uploads\/2024\/08\/Power-generation-from-carbon-capture_001-300x169.jpg 300w, https:\/\/media.alj.com\/app\/uploads\/2024\/08\/Power-generation-from-carbon-capture_001-1024x577.jpg 1024w, https:\/\/media.alj.com\/app\/uploads\/2024\/08\/Power-generation-from-carbon-capture_001-150x84.jpg 150w, https:\/\/media.alj.com\/app\/uploads\/2024\/08\/Power-generation-from-carbon-capture_001-768x432.jpg 768w, https:\/\/media.alj.com\/app\/uploads\/2024\/08\/Power-generation-from-carbon-capture_001-1536x865.jpg 1536w, https:\/\/media.alj.com\/app\/uploads\/2024\/08\/Power-generation-from-carbon-capture_001-2048x1153.jpg 2048w, https:\/\/media.alj.com\/app\/uploads\/2024\/08\/Power-generation-from-carbon-capture_001-226x126.jpg 226w\" sizes=\"(max-width: 2560px) 100vw, 2560px\" \/><\/p>\n<p>Cualquier transici\u00f3n energ\u00e9tica exitosa debe respetar las necesidades de las comunidades, que tradicionalmente dependen de la generosa abundancia del carb\u00f3n. Brasil, Polonia y Rep\u00fablica Checa han aprobado una legislaci\u00f3n que consagra sus propios JETP, contratos sociales que prometen mejorar la calidad de vida, restaurar los h\u00e1bitats naturales y financiar proyectos de energ\u00eda limpia a fin de lograr una independencia del carb\u00f3n definitiva. Planes similares con presupuestos multimillonarios tambi\u00e9n est\u00e1n ganando terreno en pa\u00edses como Sud\u00e1frica.<\/p>\n<p><img decoding=\"async\" loading=\"lazy\" class=\"aligncenter size-full wp-image-118059\" src=\"https:\/\/media.alj.com\/app\/uploads\/2024\/08\/shutterstock_2360165511-scaled.jpg\" alt=\"\" width=\"2560\" height=\"1707\" srcset=\"https:\/\/media.alj.com\/app\/uploads\/2024\/08\/shutterstock_2360165511-scaled.jpg 2560w, https:\/\/media.alj.com\/app\/uploads\/2024\/08\/shutterstock_2360165511-300x200.jpg 300w, https:\/\/media.alj.com\/app\/uploads\/2024\/08\/shutterstock_2360165511-1024x683.jpg 1024w, https:\/\/media.alj.com\/app\/uploads\/2024\/08\/shutterstock_2360165511-150x100.jpg 150w, https:\/\/media.alj.com\/app\/uploads\/2024\/08\/shutterstock_2360165511-768x512.jpg 768w, https:\/\/media.alj.com\/app\/uploads\/2024\/08\/shutterstock_2360165511-1536x1024.jpg 1536w, https:\/\/media.alj.com\/app\/uploads\/2024\/08\/shutterstock_2360165511-2048x1365.jpg 2048w\" sizes=\"(max-width: 2560px) 100vw, 2560px\" \/><\/p>\n<p>El sector privado tambi\u00e9n est\u00e1 poniendo de su parte. Dentro de la comunidad financiera, muchos inversores, aseguradoras y fondos de pensiones han formalizado sus planes para reducir, o incluso eliminar por completo, su apoyo al carb\u00f3n, parte de un aumento global en la denominada <a href=\"https:\/\/alj.com\/en\/spotlight-by-fady-jameel\/green-is-good-how-esg-is-transforming-the-investment-industry\/\">inversi\u00f3n medioambiental, social y de gobernanza (ESG)<\/a>. En Jap\u00f3n, Sumitomo Banking Corporation revel\u00f3 en 2023 que iba a poner fin a todos los proyectos y la financiaci\u00f3n corporativa de minas y centrales el\u00e9ctricas de carb\u00f3n para 2040.<\/p>\n<p>En el sector privado, algunas empresas con visi\u00f3n de futuro est\u00e1n tomando medidas m\u00e1s directas para garantizar el fin del carb\u00f3n y avanzar en alternativas renovables.<\/p>\n<h2>El capital privado clave para la energ\u00eda sostenible<\/h2>\n<p>En <a href=\"https:\/\/alj.com\/en\/\">Abdul Latif Jameel<\/a> reconocemos que la mejor forma de garantizar la desaparici\u00f3n del carb\u00f3n a nivel mundial es promover el rendimiento y la vitalidad econ\u00f3mica de las alternativas adecuadas.<\/p>\n<p>Por eso, de acuerdo con la <a href=\"https:\/\/jameel75.com\/en\/sdg\">Agenda 2030 de la ONU<\/a> y los <a href=\"https:\/\/alj.com\/en\/perspective\/towards-2030-united-in-progress\/\">Objetivos de Desarrollo Sostenible<\/a>, apoyamos el avance de iniciativas de energ\u00eda renovable en todo el mundo.<\/p>\n<p>Fotowatio Renewable Ventures (<a href=\"https:\/\/frv.com\/en\/\">FRV<\/a>), parte de<a href=\"https:\/\/alj.com\/en\/energy-and-environmental-services\/energy-overview\/\"> Jameel Energy<\/a>, es nuestro negocio insignia de energ\u00eda renovable. Gestiona un cat\u00e1logo en constante crecimiento de proyectos de energ\u00eda e\u00f3lica, solar, h\u00edbrida y de almacenamiento de energ\u00eda en todo Oriente Medio, Europa, Latinoam\u00e9rica y Australia.<\/p>\n<p>La secci\u00f3n de innovaci\u00f3n de FRV, <a href=\"https:\/\/frv.com\/en\/services\/frv-x\/\">FRV-X<\/a>, est\u00e1 dedicando esfuerzos pioneros para garantizar energ\u00eda limpia las 24\u00a0horas del d\u00eda a comunidades de todo el mundo. Y lo que es m\u00e1s importante, tambi\u00e9n asegura que los suministros de energ\u00eda renovable sean tan fiables como la energ\u00eda derivada de las plantas tradicionales.<\/p>\n<p>Las <a href=\"https:\/\/alj.com\/en\/perspective\/storing-a-sustainable-energy-solution\/\">plantas de almacenamiento de bater\u00edas a escala de servicios p\u00fablicos (BESS)<\/a> de <a href=\"https:\/\/frv.com\/en\/services\/frv-x\/\">FRV-X<\/a> act\u00faan como repositorios de energ\u00eda de fuentes renovables, listos para intervenir cuando los hogares y las empresas lo necesiten. FRV-X gestiona plantas de BESS en todo el Reino Unido en <a href=\"https:\/\/alj.com\/en\/news\/abdul-latif-jameel-energys-frv-energizes-contego-battery-energy-storage-plant\/\">Contego,<\/a> West Sussex; <a href=\"https:\/\/alj.com\/en\/news\/abdul-latif-jameel-energys-frv-achieves-financial-close-with-natwest-for-its-holes-bay-battery-project-in-the-uk\/\">Holes Bay<\/a>, Dorset; y <a href=\"https:\/\/alj.com\/en\/news\/abdul-latif-jameel-energys-frv-and-harmony-energy-begin-construction-of-one-the-uks-largest-battery-storage-projects\/\">Clay Tye<\/a>, Essex, esta \u00faltima recientemente inaugurada como la planta conjunta en funcionamiento m\u00e1s grande de Europa.<\/p>\n<p><iframe loading=\"lazy\" title=\"Abdul Latif Jameel Energy FRV Clay Tye BESS Inaugration Celebration Event (EN VO Subs)\" width=\"640\" height=\"360\" src=\"https:\/\/www.youtube.com\/embed\/2tQ0vfB2CIY?feature=oembed\" frameborder=\"0\" allow=\"accelerometer; autoplay; clipboard-write; encrypted-media; gyroscope; picture-in-picture; web-share\" referrerpolicy=\"strict-origin-when-cross-origin\" allowfullscreen><\/iframe><\/p>\n<p>M\u00e1s lejos, tambi\u00e9n opera una planta solar h\u00edbrida y BESS en <a href=\"https:\/\/alj.com\/en\/news\/abdul-latif-jameel-energys-frv-announces-first-hybrid-pv-solar-storage-project-in-australia\/\">Dalby<\/a>, Queensland, Australia. FRV-X contin\u00faa ampliando su cartera. En oto\u00f1o de 2022 compr\u00f3 una participaci\u00f3n mayoritaria en un proyecto BESS en <a href=\"https:\/\/alj.com\/en\/news\/abdul-latif-jameel-energys-frv-acquires-majority-stake-in-one-of-the-largest-battery-energy-storage-systems-in-greece\/\">Grecia<\/a> y puso en marcha otros dos <a href=\"https:\/\/alj.com\/en\/news\/abdul-latif-jameel-energys-frv-to-acquire-two-new-battery-energy-storage-projects-in-the-uk\/\">proyectos BESS<\/a> en el Reino Unido, donde estableci\u00f3 su <a href=\"https:\/\/alj.com\/en\/news\/frv-establishes-new-permanent-uk-base-as-battery-energy-storage-system-projects-continue-to-be-developed\/\">Centro de Excelencia BESS<\/a>.<\/p>\n<p><iframe loading=\"lazy\" title=\"Abdul Latif Jameel Energy &amp;  FRV&#039;s UK MD David Menendez talks about Battery Storage (EN VO  Subs)\" width=\"640\" height=\"360\" src=\"https:\/\/www.youtube.com\/embed\/uMTFHYZxgwg?feature=oembed\" frameborder=\"0\" allow=\"accelerometer; autoplay; clipboard-write; encrypted-media; gyroscope; picture-in-picture; web-share\" referrerpolicy=\"strict-origin-when-cross-origin\" allowfullscreen><\/iframe><\/p>\n<p>FRV-X ha impulsado a\u00fan m\u00e1s una <a href=\"https:\/\/frv.com\/en\/frv-x-invests-e10-million-in-impact-investment-provider-ecoligo-to-drive-global-transition-to-renewable-energy\/\">inversi\u00f3n significativa en ecoligo<\/a>, un proveedor alem\u00e1n de energ\u00eda \u201csolar como servicio\u201d que desarrolla proyectos solares de inversi\u00f3n colectiva en mercados emergentes de Sudam\u00e9rica, \u00c1frica y Asia.<\/p>\n<p><iframe loading=\"lazy\" title=\"Abdul Latif Jameel Energy&#039;s FRV-X makes major investment in Berlin-based ecoligo (EN VO Subs)\" width=\"640\" height=\"360\" src=\"https:\/\/www.youtube.com\/embed\/fS4eFRimAC4?feature=oembed\" frameborder=\"0\" allow=\"accelerometer; autoplay; clipboard-write; encrypted-media; gyroscope; picture-in-picture; web-share\" referrerpolicy=\"strict-origin-when-cross-origin\" allowfullscreen><\/iframe><\/p>\n<p>De cara al futuro, las inversiones de la familia Jameel, que se realizan a trav\u00e9s de <a href=\"https:\/\/jimco.com\">JIMCO<\/a>, est\u00e1n buscando nuevas y emocionantes tecnolog\u00edas verdes, como el <a href=\"https:\/\/jimco.com\/en\/insights\/the-future-is-fusion\/\">poder de fusi\u00f3n<\/a> .<\/p>\n<p><iframe loading=\"lazy\" title=\"JIMCO Technology Fund: What is Fusion Energy?  (EN VO\/Subs)\" width=\"640\" height=\"360\" src=\"https:\/\/www.youtube.com\/embed\/piWcj-fbsf0?feature=oembed\" frameborder=\"0\" allow=\"accelerometer; autoplay; clipboard-write; encrypted-media; gyroscope; picture-in-picture; web-share\" referrerpolicy=\"strict-origin-when-cross-origin\" allowfullscreen><\/iframe><\/p>\n<p>Esto incluye la filial del <a href=\"https:\/\/www.psfc.mit.edu\/\">Plasma Science and Fusion Center del ITM<\/a>, <a href=\"https:\/\/jimco.com\/en\/portfolio\/commonwealth-fusion-systems\/\">Commonwealth Fusion Systems<\/a>, y <a href=\"https:\/\/jimco.com\/en\/portfolio\/general-fusion\/\">General Fusion<\/a> en Canad\u00e1.<\/p>\n<p><iframe loading=\"lazy\" title=\"JIMCO Technology Fund a major investor in CFS US$ 1.8bn Series B Round (EN VO\/Subs)\" width=\"640\" height=\"360\" src=\"https:\/\/www.youtube.com\/embed\/yeSvUmD51Ig?feature=oembed\" frameborder=\"0\" allow=\"accelerometer; autoplay; clipboard-write; encrypted-media; gyroscope; picture-in-picture; web-share\" referrerpolicy=\"strict-origin-when-cross-origin\" allowfullscreen><\/iframe><\/p>\n<p>El carb\u00f3n lleva milenios con nosotros y, como el principal impulsor de la revoluci\u00f3n industrial que ha transformado todas nuestras vidas, permanecer\u00e1 integrado en nuestros sistemas de energ\u00eda en el futuro pr\u00f3ximo. Sin embargo, si valoramos nuestra calidad de vida, es fundamental minimizar su presencia, tanto en nuestras plantas de energ\u00eda como en nuestras f\u00e1bricas, y continuar planificando su reemplazo final. El sector privado debe incentivar la inevitable transici\u00f3n, abogando por una alternativa mejor y m\u00e1s sostenible: la energ\u00eda renovable. Si podemos crear una sociedad con fuentes de energ\u00eda m\u00e1s limpias y ecol\u00f3gicas, podremos contribuir a erradicar nuestra centenaria adicci\u00f3n al carb\u00f3n y mirar hacia un ma\u00f1ana m\u00e1s pr\u00f3spero.<\/p>\n<p><a href=\"#_ftnref1\" name=\"_ftn1\">[1]<\/a> <a href=\"https:\/\/wmo.int\/media\/news\/wmo-confirms-2023-smashes-global-temperature-record\">https:\/\/wmo.int\/media\/news\/wmo-confirms-2023-smashes-global-temperature-record<\/a><\/p>\n<p><a href=\"#_ftnref2\" name=\"_ftn2\">[2]<\/a> <a href=\"https:\/\/www.iea.org\/reports\/renewables-2023\/electricity\">https:\/\/www.iea.org\/reports\/renewables-2023\/electricity<\/a><\/p>\n<p><a href=\"#_ftnref3\" name=\"_ftn3\">[3]<\/a> <a href=\"https:\/\/essd.copernicus.org\/articles\/15\/5301\/2023\/\">https:\/\/essd.copernicus.org\/articles\/15\/5301\/2023\/<\/a><\/p>\n<p><a href=\"#_ftnref4\" name=\"_ftn4\">[4]<\/a> <a href=\"https:\/\/www.theguardian.com\/environment\/2023\/dec\/13\/cop28-second-draft-text-of-climate-deal-calls-for-transitioning-away-from-fossil-fuels\">https:\/\/www.theguardian.com\/environment\/2023\/dec\/13\/cop28-second-draft-text-of-climate-deal-calls-for-transitioning-away-from-fossil-fuels<\/a><\/p>\n<p><a href=\"#_ftnref5\" name=\"_ftn5\">[5]<\/a> <a href=\"https:\/\/ourworldindata.org\/energy-production-consumption\">https:\/\/ourworldindata.org\/energy-production-consumption<\/a><\/p>\n<p><a href=\"#_ftnref6\" name=\"_ftn6\">[6]<\/a> <a href=\"https:\/\/www.iea.org\/reports\/world-energy-outlook-2022\/outlook-for-electricity\">https:\/\/www.iea.org\/reports\/world-energy-outlook-2022\/outlook-for-electricity<\/a><\/p>\n<p><a href=\"#_ftnref7\" name=\"_ftn7\">[7]<\/a> <a href=\"https:\/\/www.iea.org\/news\/global-coal-demand-set-to-remain-at-record-levels-in-2023\">https:\/\/www.iea.org\/news\/global-coal-demand-set-to-remain-at-record-levels-in-2023<\/a><\/p>\n<p><a href=\"#_ftnref8\" name=\"_ftn8\">[8]<\/a> <a href=\"https:\/\/www.theguardian.com\/environment\/2024\/apr\/11\/worlds-coal-power-capacity-rises-despite-climate-warnings\">https:\/\/www.theguardian.com\/environment\/2024\/apr\/11\/worlds-coal-power-capacity-rises-despite-climate-warnings<\/a><\/p>\n<p><a href=\"#_ftnref9\" name=\"_ftn9\">[9]<\/a> <a href=\"https:\/\/www.iea.org\/energy-system\/fossil-fuels\/coal\">https:\/\/www.iea.org\/energy-system\/fossil-fuels\/coal<\/a><\/p>\n<p><a href=\"#_ftnref10\" name=\"_ftn10\">[10]<\/a> <a href=\"https:\/\/www.theguardian.com\/environment\/2024\/apr\/11\/worlds-coal-power-capacity-rises-despite-climate-warnings\">https:\/\/www.theguardian.com\/environment\/2024\/apr\/11\/worlds-coal-power-capacity-rises-despite-climate-warnings<\/a><\/p>\n<p><a href=\"#_ftnref11\" name=\"_ftn11\">[11]<\/a> <a href=\"https:\/\/www.iea.org\/energy-system\/fossil-fuels\/coal\">https:\/\/www.iea.org\/energy-system\/fossil-fuels\/coal<\/a><\/p>\n<p><a href=\"#_ftnref12\" name=\"_ftn12\">[12]<\/a> <a href=\"https:\/\/www.forbes.com\/sites\/heatherfarmbrough\/2022\/12\/09\/uk-government-approves-first-coal-mine-in-30-years-in-cumbria\">https:\/\/www.forbes.com\/sites\/heatherfarmbrough\/2022\/12\/09\/uk-government-approves-first-coal-mine-in-30-years-in-cumbria<\/a><\/p>\n<p><a href=\"#_ftnref13\" name=\"_ftn13\">[13]<\/a> <a href=\"https:\/\/www.theguardian.com\/environment\/2022\/dec\/07\/what-is-the-cumbrian-coalmine-and-why-does-it-matter-woodhouse-colliery\">https:\/\/www.theguardian.com\/environment\/2022\/dec\/07\/what-is-the-cumbrian-coalmine-and-why-does-it-matter-woodhouse-colliery<\/a><\/p>\n<p><a href=\"#_ftnref14\" name=\"_ftn14\">[14]<\/a> <a href=\"https:\/\/www.nytimes.com\/2022\/11\/03\/business\/energy-environment\/china-coal-natural-gas.html\">https:\/\/www.nytimes.com\/2022\/11\/03\/business\/energy-environment\/china-coal-natural-gas.html<\/a><\/p>\n<p><a href=\"#_ftnref15\" name=\"_ftn15\">[15]<\/a> <a href=\"https:\/\/www.iea.org\/energy-system\/fossil-fuels\/coal\">https:\/\/www.iea.org\/energy-system\/fossil-fuels\/coal<\/a><\/p>\n<p><a href=\"#_ftnref16\" name=\"_ftn16\">[16]<\/a> <a href=\"https:\/\/www.meti.go.jp\/press\/2023\/04\/20230417004\/20230417004-1.pdf\">https:\/\/www.meti.go.jp\/press\/2023\/04\/20230417004\/20230417004-1.pdf<\/a><\/p>\n<p><a href=\"#_ftnref17\" name=\"_ftn17\">[17]<\/a> <a href=\"https:\/\/www.parliament.uk\/globalassets\/documents\/commons\/lib\/research\/key_issues\/key-issues-carbon-capture-and-storage.pdf\">https:\/\/www.parliament.uk\/globalassets\/documents\/commons\/lib\/research\/key_issues\/key-issues-carbon-capture-and-storage.pdf<\/a><\/p>\n<p><a href=\"#_ftnref18\" name=\"_ftn18\">[18]<\/a> <a href=\"https:\/\/www.iea.org\/reports\/the-role-of-ccus-in-low-carbon-power-systems\/how-carbon-capture-technologies-support-the-power-transition\">https:\/\/www.iea.org\/reports\/the-role-of-ccus-in-low-carbon-power-systems\/how-carbon-capture-technologies-support-the-power-transition<\/a><\/p>\n<p><a href=\"#_ftnref19\" name=\"_ftn19\">[19]<\/a> <a href=\"https:\/\/www.reuters.com\/business\/environment\/why-carbon-capture-is-no-easy-solution-climate-change-2023-11-22\/\">https:\/\/www.reuters.com\/business\/environment\/why-carbon-capture-is-no-easy-solution-climate-change-2023-11-22\/<\/a><\/p>\n","protected":false},"featured_media":118234,"template":"","tags":[],"acf":[],"yoast_head":"<!-- This site is optimized with the Yoast SEO plugin v21.5 - https:\/\/yoast.com\/wordpress\/plugins\/seo\/ -->\n<title>El papel del carb\u00f3n en plena transici\u00f3n verde | Abdul Latif Jameel\u00ae<\/title>\n<meta name=\"description\" content=\"El futuro de la energ\u00eda es verde, de eso estamos seguros. A pesar de que las instalaciones solares, e\u00f3licas e hidroel\u00e9ctricas, as\u00ed como los sistemas de almacenamiento de bater\u00edas, siguen aumentando a\u00f1o tras a\u00f1o, el carb\u00f3n contin\u00faa siendo una adicci\u00f3n que el mundo no es capaz de dejar y que causa mucho da\u00f1o.\" \/>\n<meta name=\"robots\" content=\"index, follow, max-snippet:-1, max-image-preview:large, max-video-preview:-1\" \/>\n<link rel=\"canonical\" href=\"https:\/\/alj.com\/es\/spotlight-by-fady-jameel\/greening-the-coalface\/\" \/>\n<meta property=\"og:locale\" content=\"es_ES\" \/>\n<meta property=\"og:type\" content=\"article\" \/>\n<meta property=\"og:title\" content=\"El papel del carb\u00f3n en plena transici\u00f3n verde | Abdul Latif Jameel\u00ae\" \/>\n<meta property=\"og:description\" content=\"El futuro de la energ\u00eda es verde, de eso estamos seguros. A pesar de que las instalaciones solares, e\u00f3licas e hidroel\u00e9ctricas, as\u00ed como los sistemas de almacenamiento de bater\u00edas, siguen aumentando a\u00f1o tras a\u00f1o, el carb\u00f3n contin\u00faa siendo una adicci\u00f3n que el mundo no es capaz de dejar y que causa mucho da\u00f1o.\" \/>\n<meta property=\"og:url\" content=\"https:\/\/alj.com\/es\/spotlight-by-fady-jameel\/greening-the-coalface\/\" \/>\n<meta property=\"og:site_name\" content=\"Abdul Latif Jameel\" \/>\n<meta property=\"article:publisher\" content=\"https:\/\/www.facebook.com\/Abdul.Latif.Jameel.Official\" \/>\n<meta property=\"article:modified_time\" content=\"2024-09-09T12:58:02+00:00\" \/>\n<meta property=\"og:image\" content=\"https:\/\/media.alj.com\/app\/uploads\/2024\/08\/alj-coalface-final-scaled-1.jpeg\" \/>\n\t<meta property=\"og:image:width\" content=\"2560\" \/>\n\t<meta property=\"og:image:height\" content=\"1215\" \/>\n\t<meta property=\"og:image:type\" content=\"image\/jpeg\" \/>\n<meta name=\"twitter:card\" content=\"summary_large_image\" \/>\n<meta name=\"twitter:label1\" content=\"Est. reading time\" \/>\n\t<meta name=\"twitter:data1\" content=\"15 minutes\" \/>\n<script type=\"application\/ld+json\" class=\"yoast-schema-graph\">{\"@context\":\"https:\/\/schema.org\",\"@graph\":[{\"@type\":\"WebPage\",\"@id\":\"https:\/\/alj.com\/es\/spotlight-by-fady-jameel\/greening-the-coalface\/\",\"url\":\"https:\/\/alj.com\/es\/spotlight-by-fady-jameel\/greening-the-coalface\/\",\"name\":\"El papel del carb\u00f3n en plena transici\u00f3n verde | Abdul Latif Jameel\u00ae\",\"isPartOf\":{\"@id\":\"https:\/\/alj.com\/en\/#website\"},\"datePublished\":\"2024-08-29T05:42:27+00:00\",\"dateModified\":\"2024-09-09T12:58:02+00:00\",\"description\":\"El futuro de la energ\u00eda es verde, de eso estamos seguros. A pesar de que las instalaciones solares, e\u00f3licas e hidroel\u00e9ctricas, as\u00ed como los sistemas de almacenamiento de bater\u00edas, siguen aumentando a\u00f1o tras a\u00f1o, el carb\u00f3n contin\u00faa siendo una adicci\u00f3n que el mundo no es capaz de dejar y que causa mucho da\u00f1o.\",\"breadcrumb\":{\"@id\":\"https:\/\/alj.com\/es\/spotlight-by-fady-jameel\/greening-the-coalface\/#breadcrumb\"},\"inLanguage\":\"es-ES\",\"potentialAction\":[{\"@type\":\"ReadAction\",\"target\":[\"https:\/\/alj.com\/es\/spotlight-by-fady-jameel\/greening-the-coalface\/\"]}]},{\"@type\":\"BreadcrumbList\",\"@id\":\"https:\/\/alj.com\/es\/spotlight-by-fady-jameel\/greening-the-coalface\/#breadcrumb\",\"itemListElement\":[{\"@type\":\"ListItem\",\"position\":1,\"name\":\"Home\",\"item\":\"https:\/\/alj.com\/es\/\"},{\"@type\":\"ListItem\",\"position\":2,\"name\":\"Spotlight By Fady Jameel\",\"item\":\"https:\/\/alj.com\/ja\/spotlight-by-fady-jameel\/\"},{\"@type\":\"ListItem\",\"position\":3,\"name\":\"Greening the coalface?\"}]},{\"@type\":\"WebSite\",\"@id\":\"https:\/\/alj.com\/en\/#website\",\"url\":\"https:\/\/alj.com\/en\/\",\"name\":\"Abdul Latif Jameel\",\"description\":\"Abdul Latif Jameel\",\"potentialAction\":[{\"@type\":\"SearchAction\",\"target\":{\"@type\":\"EntryPoint\",\"urlTemplate\":\"https:\/\/alj.com\/en\/?s={search_term_string}\"},\"query-input\":\"required name=search_term_string\"}],\"inLanguage\":\"es-ES\"}]}<\/script>\n<!-- \/ Yoast SEO plugin. -->","yoast_head_json":{"title":"El papel del carb\u00f3n en plena transici\u00f3n verde | Abdul Latif Jameel\u00ae","description":"El futuro de la energ\u00eda es verde, de eso estamos seguros. A pesar de que las instalaciones solares, e\u00f3licas e hidroel\u00e9ctricas, as\u00ed como los sistemas de almacenamiento de bater\u00edas, siguen aumentando a\u00f1o tras a\u00f1o, el carb\u00f3n contin\u00faa siendo una adicci\u00f3n que el mundo no es capaz de dejar y que causa mucho da\u00f1o.","robots":{"index":"index","follow":"follow","max-snippet":"max-snippet:-1","max-image-preview":"max-image-preview:large","max-video-preview":"max-video-preview:-1"},"canonical":"https:\/\/alj.com\/es\/spotlight-by-fady-jameel\/greening-the-coalface\/","og_locale":"es_ES","og_type":"article","og_title":"El papel del carb\u00f3n en plena transici\u00f3n verde | Abdul Latif Jameel\u00ae","og_description":"El futuro de la energ\u00eda es verde, de eso estamos seguros. A pesar de que las instalaciones solares, e\u00f3licas e hidroel\u00e9ctricas, as\u00ed como los sistemas de almacenamiento de bater\u00edas, siguen aumentando a\u00f1o tras a\u00f1o, el carb\u00f3n contin\u00faa siendo una adicci\u00f3n que el mundo no es capaz de dejar y que causa mucho da\u00f1o.","og_url":"https:\/\/alj.com\/es\/spotlight-by-fady-jameel\/greening-the-coalface\/","og_site_name":"Abdul Latif Jameel","article_publisher":"https:\/\/www.facebook.com\/Abdul.Latif.Jameel.Official","article_modified_time":"2024-09-09T12:58:02+00:00","og_image":[{"width":2560,"height":1215,"url":"https:\/\/media.alj.com\/app\/uploads\/2024\/08\/alj-coalface-final-scaled-1.jpeg","type":"image\/jpeg"}],"twitter_card":"summary_large_image","twitter_misc":{"Est. reading time":"15 minutes"},"schema":{"@context":"https:\/\/schema.org","@graph":[{"@type":"WebPage","@id":"https:\/\/alj.com\/es\/spotlight-by-fady-jameel\/greening-the-coalface\/","url":"https:\/\/alj.com\/es\/spotlight-by-fady-jameel\/greening-the-coalface\/","name":"El papel del carb\u00f3n en plena transici\u00f3n verde | Abdul Latif Jameel\u00ae","isPartOf":{"@id":"https:\/\/alj.com\/en\/#website"},"datePublished":"2024-08-29T05:42:27+00:00","dateModified":"2024-09-09T12:58:02+00:00","description":"El futuro de la energ\u00eda es verde, de eso estamos seguros. A pesar de que las instalaciones solares, e\u00f3licas e hidroel\u00e9ctricas, as\u00ed como los sistemas de almacenamiento de bater\u00edas, siguen aumentando a\u00f1o tras a\u00f1o, el carb\u00f3n contin\u00faa siendo una adicci\u00f3n que el mundo no es capaz de dejar y que causa mucho da\u00f1o.","breadcrumb":{"@id":"https:\/\/alj.com\/es\/spotlight-by-fady-jameel\/greening-the-coalface\/#breadcrumb"},"inLanguage":"es-ES","potentialAction":[{"@type":"ReadAction","target":["https:\/\/alj.com\/es\/spotlight-by-fady-jameel\/greening-the-coalface\/"]}]},{"@type":"BreadcrumbList","@id":"https:\/\/alj.com\/es\/spotlight-by-fady-jameel\/greening-the-coalface\/#breadcrumb","itemListElement":[{"@type":"ListItem","position":1,"name":"Home","item":"https:\/\/alj.com\/es\/"},{"@type":"ListItem","position":2,"name":"Spotlight By Fady Jameel","item":"https:\/\/alj.com\/ja\/spotlight-by-fady-jameel\/"},{"@type":"ListItem","position":3,"name":"Greening the coalface?"}]},{"@type":"WebSite","@id":"https:\/\/alj.com\/en\/#website","url":"https:\/\/alj.com\/en\/","name":"Abdul Latif Jameel","description":"Abdul Latif Jameel","potentialAction":[{"@type":"SearchAction","target":{"@type":"EntryPoint","urlTemplate":"https:\/\/alj.com\/en\/?s={search_term_string}"},"query-input":"required name=search_term_string"}],"inLanguage":"es-ES"}]}},"post-meta-fields":{"push_notification":["no"],"_push_notification":["field_5c3b1fb67034d"],"_wpml_word_count":["{\"total\":2559,\"to_translate\":{\"ar\":2559,\"zh-hans\":2559,\"fr\":2559,\"ja\":2559,\"es\":2559,\"tr\":2559}}"],"_oembed_30912d8fd6f913077c41074fbcfa886d":["<iframe title=\"Abdul Latif Jameel Energy &amp;  FRV&#039;s UK MD David Menendez talks about Battery Storage (EN VO  Subs)\" width=\"640\" height=\"360\" src=\"https:\/\/www.youtube.com\/embed\/uMTFHYZxgwg?feature=oembed\" frameborder=\"0\" allow=\"accelerometer; autoplay; clipboard-write; encrypted-media; gyroscope; picture-in-picture; web-share\" referrerpolicy=\"strict-origin-when-cross-origin\" allowfullscreen><\/iframe>"],"_oembed_5ab97b2fd5b3685b5f263b29da82a88d":["<iframe title=\"JIMCO Technology Fund: What is Fusion Energy?  (EN VO\/Subs)\" width=\"640\" height=\"360\" src=\"https:\/\/www.youtube.com\/embed\/piWcj-fbsf0?feature=oembed\" frameborder=\"0\" allow=\"accelerometer; autoplay; clipboard-write; encrypted-media; gyroscope; picture-in-picture; web-share\" referrerpolicy=\"strict-origin-when-cross-origin\" allowfullscreen><\/iframe>"],"_oembed_time_30912d8fd6f913077c41074fbcfa886d":["1725886307"],"_oembed_time_5ab97b2fd5b3685b5f263b29da82a88d":["1725886307"],"_oembed_724688c8fcce48f5d4ff28037fa11506":["<iframe title=\"Abdul Latif Jameel Energy FRV Clay Tye BESS Inaugration Celebration Event (EN VO Subs)\" width=\"640\" height=\"360\" src=\"https:\/\/www.youtube.com\/embed\/2tQ0vfB2CIY?feature=oembed\" frameborder=\"0\" allow=\"accelerometer; autoplay; clipboard-write; encrypted-media; gyroscope; picture-in-picture; web-share\" referrerpolicy=\"strict-origin-when-cross-origin\" allowfullscreen><\/iframe>"],"_oembed_time_724688c8fcce48f5d4ff28037fa11506":["1725886307"],"_oembed_d3a1cbfea724edb30152e839f795337b":["<iframe title=\"JIMCO Technology Fund a major investor in CFS US$ 1.8bn Series B Round (EN VO\/Subs)\" width=\"640\" height=\"360\" src=\"https:\/\/www.youtube.com\/embed\/yeSvUmD51Ig?feature=oembed\" frameborder=\"0\" allow=\"accelerometer; autoplay; clipboard-write; encrypted-media; gyroscope; picture-in-picture; web-share\" referrerpolicy=\"strict-origin-when-cross-origin\" allowfullscreen><\/iframe>"],"_oembed_time_d3a1cbfea724edb30152e839f795337b":["1725886308"],"_oembed_5c717d68f6c8fb6eec6543400953a746":["<iframe title=\"Abdul Latif Jameel Energy&#039;s FRV-X makes major investment in Berlin-based ecoligo (EN VO Subs)\" width=\"640\" height=\"360\" src=\"https:\/\/www.youtube.com\/embed\/fS4eFRimAC4?feature=oembed\" frameborder=\"0\" allow=\"accelerometer; autoplay; clipboard-write; encrypted-media; gyroscope; picture-in-picture; web-share\" referrerpolicy=\"strict-origin-when-cross-origin\" allowfullscreen><\/iframe>"],"_oembed_time_5c717d68f6c8fb6eec6543400953a746":["1725886307"],"perspective_short_title":["El papel del carb\u00f3n en plena transici\u00f3n verde"],"perspective_summury":["<p>El futuro de la energ\u00eda es verde, de eso estamos seguros. A pesar de que las instalaciones solares, e\u00f3licas e hidroel\u00e9ctricas, as\u00ed como los sistemas de almacenamiento de bater\u00edas, siguen aumentando a\u00f1o tras a\u00f1o, el carb\u00f3n contin\u00faa siendo una adicci\u00f3n que el mundo no es capaz de dejar y que causa mucho da\u00f1o.<\/p>\n"],"perspective_location":["Dubai, EAU"],"perspective_author_name":["<p><span style=\"color: #000000\"><a href=\"https:\/\/www.alj.com\/es\/our-people\/fady-jameel\/\">Fady Jameel<\/a><br \/>\n<\/span>Presidente adjunto y vicepresidente,\u00a0Abdul Latif Jameel International<\/p>\n"],"perspective_author_bio":["<p><a href=\"https:\/\/www.alj.com\/es\/our-people\/fady-jameel\/\">Fady Jameel<\/a> es presidente adjunto y vicepresidente internacional de\u00a0Abdul Latif Jameel, un colectivo de empresas internacionales e independientes diversificadas de propiedad familiar fundado en 1945 por el difunto Abdul Latif Jameel.<\/p>\n"],"wpcf-featured-news":["0"],"is_latest_news":["0"],"wpcf-show-news-at-homepage":["1"],"publish_mobile":[""],"_publish_mobile":["field_5bfa8eb2e65cf"],"mobile_featured_image":["https:\/\/media.alj.com\/app\/uploads\/2024\/08\/alj-coalface-final760x360-1.jpeg"],"_mobile_featured_image":["field_5c3b204983dea"],"featured_on_listing_page":["0"],"_featured_on_listing_page":["field_62458ea7383c3"],"content_series_applied":[""],"_content_series_applied":["field_60f3d3faf82ac"],"is_podcast":["0"],"_is_podcast":["field_5ee1dff933e7f"],"wpcf-perspective-downloadable_file":[""],"wpcf-perspective-published-date":["1724716800"],"wpcf-video-description":[""],"wpcf-layoutvideourl":[""],"wpcf-video-thumb":[""],"wpcf-social4-svg":[""],"wpcf-social4-background-image":[""],"wpcf-social4-text":[""],"wpcf-social4-url":[""],"wpcf-social3-svg":[""],"wpcf-social3-background-image":[""],"wpcf-social3-text":[""],"wpcf-social3-url":[""],"wpcf-social-text-svg-square":[""],"wpcf-social-text-image-square":[""],"wpcf-social-text-text-square":[""],"wpcf-social-text-url-square":[""],"wpcf-social2-svg":[""],"wpcf-social2-background-image":[""],"wpcf-social2-text":[""],"wpcf-social2-url":[""],"wpcf-social-svg-square":[""],"wpcf-social-image-square":[""],"wpcf-social-text-square":[""],"wpcf-social-url-square":[""],"wpcf-social1-svg":[""],"wpcf-social1-background-image":[""],"wpcf-social1-text":[""],"wpcf-social1-url":[""],"wpcf-quotes-with-auther-text-1":[""],"wpcf-card_article_with_title_content":[""],"wpcf-card_article_content":["write your content"],"wpcf-quotes-with-auther-text":[""],"_bsf_post_type":["0"],"_bsf_item_review_type":["none"],"_wpml_media_duplicate":["1"],"_wpml_media_featured":["1"],"_yoast_wpseo_title":["El papel del carb\u00f3n en plena transici\u00f3n verde | Abdul Latif Jameel\u00ae"],"_yoast_wpseo_metadesc":["El futuro de la energ\u00eda es verde, de eso estamos seguros. A pesar de que las instalaciones solares, e\u00f3licas e hidroel\u00e9ctricas, as\u00ed como los sistemas de almacenamiento de bater\u00edas, siguen aumentando a\u00f1o tras a\u00f1o, el carb\u00f3n contin\u00faa siendo una adicci\u00f3n que el mundo no es capaz de dejar y que causa mucho da\u00f1o."],"_yoast_wpseo_content_score":["30"],"_yoast_wpseo_estimated-reading-time-minutes":[""],"_yoast_wpseo_wordproof_timestamp":[""],"_thumbnail_id":["118234"],"_edit_lock":["1739260396:18"],"_edit_last":["18"],"wpcf-projecttitle":[""],"wpcf-projectdescription":[""],"wpcf-projectimage-video1":["image"],"wpcf-projectimage-1":[""],"wpcf-projectvideo-1":[""],"wpcf-projectdescription-1":[""],"wpcf-projectimage-video2":["image"],"wpcf-projectimage-2":[""],"wpcf-projectvideo-2":[""],"wpcf-projectdescription-2":[""],"wpcf-projectimage-video3":["image"],"wpcf-projectimage-3":[""],"wpcf-projectvideo-3":[""],"wpcf-projectdescription-3":[""],"wpcf-projectimage-video4":["image"],"wpcf-projectimage-4":[""],"wpcf-projectvideo-4":[""],"wpcf-projectdescription-4":[""],"_last_translation_edit_mode":["native-editor"],"perspective_business_sector":["Energ\u00eda y Servicios Medioambientales"],"perspective_author_image":["96328"],"wpcf-card-image":[""],"_wpcf-card-image-sort-order":["a:1:{i:0;i:1817329;}"],"amazonS3_cache":["a:10:{s:107:\"\/\/alj.com\/app\/uploads\/2024\/08\/Renewable-electricity-capacity-additions-by-technology-and-segment-scaled.jpg\";a:2:{s:2:\"id\";i:118052;s:11:\"source_type\";s:13:\"media-library\";}s:113:\"\/\/media.alj.com\/app\/uploads\/2024\/08\/Renewable-electricity-capacity-additions-by-technology-and-segment-scaled.jpg\";a:2:{s:2:\"id\";i:118052;s:11:\"source_type\";s:13:\"media-library\";}s:88:\"\/\/alj.com\/app\/uploads\/2024\/08\/Global-primary-energy-consumption-by-source_001-scaled.jpg\";a:2:{s:2:\"id\";i:118038;s:11:\"source_type\";s:13:\"media-library\";}s:94:\"\/\/media.alj.com\/app\/uploads\/2024\/08\/Global-primary-energy-consumption-by-source_001-scaled.jpg\";a:2:{s:2:\"id\";i:118038;s:11:\"source_type\";s:13:\"media-library\";}s:68:\"\/\/alj.com\/app\/uploads\/2024\/08\/Global-Coal-Consumption_001-scaled.jpg\";a:2:{s:2:\"id\";i:118031;s:11:\"source_type\";s:13:\"media-library\";}s:74:\"\/\/media.alj.com\/app\/uploads\/2024\/08\/Global-Coal-Consumption_001-scaled.jpg\";a:2:{s:2:\"id\";i:118031;s:11:\"source_type\";s:13:\"media-library\";}s:81:\"\/\/alj.com\/app\/uploads\/2024\/08\/Power-generation-from-carbon-capture_001-scaled.jpg\";a:2:{s:2:\"id\";i:118045;s:11:\"source_type\";s:13:\"media-library\";}s:87:\"\/\/media.alj.com\/app\/uploads\/2024\/08\/Power-generation-from-carbon-capture_001-scaled.jpg\";a:2:{s:2:\"id\";i:118045;s:11:\"source_type\";s:13:\"media-library\";}s:64:\"\/\/alj.com\/app\/uploads\/2024\/08\/shutterstock_2360165511-scaled.jpg\";a:2:{s:2:\"id\";i:118059;s:11:\"source_type\";s:13:\"media-library\";}s:70:\"\/\/media.alj.com\/app\/uploads\/2024\/08\/shutterstock_2360165511-scaled.jpg\";a:2:{s:2:\"id\";i:118059;s:11:\"source_type\";s:13:\"media-library\";}}"]},"_links":{"self":[{"href":"https:\/\/alj.com\/es\/wp-json\/wp\/v2\/spotlight-fadyjameel\/118320"}],"collection":[{"href":"https:\/\/alj.com\/es\/wp-json\/wp\/v2\/spotlight-fadyjameel"}],"about":[{"href":"https:\/\/alj.com\/es\/wp-json\/wp\/v2\/types\/spotlight-fadyjameel"}],"wp:featuredmedia":[{"embeddable":true,"href":"https:\/\/alj.com\/es\/wp-json\/wp\/v2\/media\/118234"}],"wp:attachment":[{"href":"https:\/\/alj.com\/es\/wp-json\/wp\/v2\/media?parent=118320"}],"wp:term":[{"taxonomy":"post_tag","embeddable":true,"href":"https:\/\/alj.com\/es\/wp-json\/wp\/v2\/tags?post=118320"}],"curies":[{"name":"wp","href":"https:\/\/api.w.org\/{rel}","templated":true}]}}