{"id":55798,"date":"2019-12-19T07:16:03","date_gmt":"2019-12-19T07:16:03","guid":{"rendered":"https:\/\/www.alj.com\/spotlight-by-fady-jameel\/delivering-decarbonization-how-achievable-is-net-zero\/"},"modified":"2020-03-19T15:09:05","modified_gmt":"2020-03-19T15:09:05","slug":"delivering-decarbonization-how-achievable-is-net-zero","status":"publish","type":"spotlight-fadyjameel","link":"https:\/\/alj.com\/es\/spotlight-by-fady-jameel\/delivering-decarbonization-how-achievable-is-net-zero\/","title":{"rendered":"Conseguir la descarbonizaci\u00f3n: \u00bfHasta qu\u00e9 punto es posible alcanzar emisiones netas cero?"},"content":{"rendered":"<h4>El Acuerdo de Par\u00eds dirigido por la ONU ha centrado la atenci\u00f3n mundial en la necesidad de &#8220;descarbonizar&#8221; la econom\u00eda mundial. \u00bfPero qu\u00e9 es la descarbonizaci\u00f3n? \u00bfSe puede conseguir?<\/h4>\n<p><em><a href=\"https:\/\/alj.com\/es\/our-people\/fady-jameel\/\">Fady Jameel<\/a>, <\/em><em>presidente adjunto y vicepresidente, Abdul Latif Jameel<\/em><\/p>\n<p>En t\u00e9rminos sencillos, la descarbonizaci\u00f3n se refiere a la reducci\u00f3n, o incluso mejor, a la eliminaci\u00f3n de emisiones de gases de efecto invernadero (principalmente di\u00f3xido de carbono [CO<sub>2<\/sub>] y metano [CH<sub>4<\/sub>] entre otros) de las actividades que impulsan nuestra econom\u00eda mundial.<\/p>\n<p>Seg\u00fan el Acuerdo de Par\u00eds, el objetivo es reducir las emisiones mundiales de gases de efecto invernadero (GEI) hasta la mitad del nivel que ten\u00edan en 1990. Para lograr este dif\u00edcil objetivo, ser\u00e1 necesario reducir la cantidad de GEI emitidos por la actividad humana a los mismos niveles que los \u00e1rboles, el suelo y los oc\u00e9anos pueden absorber de forma natural, con el objetivo de llegar a emisiones netas cero a finales de siglo.<\/p>\n<p>Es una transformaci\u00f3n que debe llegar lo antes posible. Estudios recientes de la Organizaci\u00f3n Meteorol\u00f3gica Mundial (World Meteorological Organization, <a href=\"https:\/\/public.wmo.int\/en\">OMM<\/a>) indican que la velocidad del cambio clim\u00e1tico se est\u00e1 acelerando, y los datos muestran que los \u00faltimos cinco a\u00f1os (2015\u20132019) han sido los m\u00e1s c\u00e1lidos de los registrados hasta ahora<a href=\"#_ftn1\" name=\"_ftnref1\">[1]<\/a>.<\/p>\n<p>Durante el mismo periodo, las emisiones de CO<sub>2<\/sub> se han incrementado hasta alcanzar m\u00e1ximos hist\u00f3ricos, mientras que el ritmo del aumento del nivel del mar se ha acelerado significativamente. De hecho, seg\u00fan los datos publicados recientemente por <a href=\"https:\/\/www.climatecentral.org\/\">Climate Central<\/a>, una organizaci\u00f3n independiente sin \u00e1nimo de lucro de cient\u00edficos y periodistas l\u00edderes, hasta 300 millones de personas podr\u00edan vivir con inundaciones anuales en 2050, cifra que puede aumentar hasta 640 millones en 2100<a href=\"#_ftn2\" name=\"_ftnref2\">[2]<\/a>.<\/p>\n<h4>\u00bfHasta qu\u00e9 punto es posible alcanzar\u00a0la descarbonizaci\u00f3n?<\/h4>\n<p>Sin duda, dada la urgencia y gravedad del cambio clim\u00e1tico, los enormes cambios necesarios para llevar a cabo una transici\u00f3n hacia una econom\u00eda descarbonizada mundial tendr\u00e1n un efecto significativo en nuestras econom\u00edas y sociedades.<\/p>\n<p>Los gobiernos deber\u00e1n dar prioridad a la recapacitaci\u00f3n de la mano de obra en todas las industrias para permitir una transici\u00f3n a ocupaciones m\u00e1s sostenibles y de alta calidad. Esto requiere previsi\u00f3n, inversi\u00f3n y el compromiso de los gobiernos centrales y los negocios.<\/p>\n<p>El gasto p\u00fablico y las pol\u00edticas econ\u00f3micas deben garantizar que los consumidores vulnerables y de bajo nivel de ingresos (las personas que ya est\u00e1n en pobreza de combustible, por ejemplo) no se vean afectados de forma desproporcionada por las medidas de descarbonizaci\u00f3n.<\/p>\n<p>Tambi\u00e9n es posible que necesitemos replantear nuestra definici\u00f3n de \u00e9xito nacional. \u00bfEs el crecimiento continuo del PIB anual, por ejemplo, un verdadero factor de \u00e9xito en este nuevo mundo descarbonizado?<\/p>\n<h3>\u00bfA qu\u00e9 retos nos enfrentamos?<\/h3>\n<p>La mayor fuente de emisiones de GEI es la quema de combustibles f\u00f3siles: carb\u00f3n, gas natural y productos derivados del petr\u00f3leo. Estos combustibles proporcionan el 85\u00a0% de la energ\u00eda utilizada en todo el mundo para transporte, fabricaci\u00f3n, construcci\u00f3n, y para uso dom\u00e9stico y empresarial.<\/p>\n<p>Aunque la imagen var\u00eda enormemente en todo el mundo, algunos sectores ya est\u00e1n haciendo progresos alentadores para abordar esta dependencia de los combustibles f\u00f3siles. En otros, las medidas deben acelerarse si lo que se pretende es conseguir un progreso real.<\/p>\n<h2>Energ\u00eda verde<\/h2>\n<p>En el centro del debate sobre la descarbonizaci\u00f3n se encuentra el sector energ\u00e9tico. Alrededor de un tercio de los combustibles f\u00f3siles se utilizan para generar electricidad en centrales el\u00e9ctricas de gas y carb\u00f3n, lo que significa que, para reducir esta cifra, ser\u00eda necesario poner en marcha lo antes posible centrales el\u00e9ctricas que produzcan emisiones considerablemente m\u00e1s bajas (o cero).<\/p>\n<p>Varios pa\u00edses pioneros ya est\u00e1n demostrando que es posible. Por ejemplo, Costa Rica ha generado toda su electricidad a partir de fuentes renovables durante la mayor parte de 2019, y espera ser completamente carbono neutral en 2021, mientras que la electricidad de Islandia se genera casi al cien por cien de fuentes renovables, como energ\u00eda geot\u00e9rmica, desde 2015. Suecia, con abundante energ\u00eda hidroel\u00e9ctrica, ha alcanzado una cuota del 52\u00a0% de fuentes renovables del total de la generaci\u00f3n de energ\u00eda del pa\u00eds.<\/p>\n<p>Australia tambi\u00e9n ha hecho grandes avances. Su programa de energ\u00edas renovables altamente exitoso contribuir\u00e1 a una reducci\u00f3n prevista del 4\u00a0% en emisiones de gases de efecto invernadero durante los pr\u00f3ximos tres a\u00f1os. Un logro que me enorgullece comentar es que Fotowatio Renewable Ventures (FRV), parte de Abdul Latif Jameel Energy, ha desempe\u00f1ado un papel importante. FRV participa en seis proyectos solares en Australia y ha invertido m\u00e1s de 700\u00a0millones de USD en el sector de las energ\u00edas renovables del pa\u00eds desde 2012.<\/p>\n<p>Otra de las principales fuentes de energ\u00eda renovable \u2013la energ\u00eda e\u00f3lica\u2013 ya supone una importante contribuci\u00f3n a la generaci\u00f3n de energ\u00eda a nivel mundial, y tiene el potencial de contribuir a\u00fan m\u00e1s a la agenda de la descarbonizaci\u00f3n.<\/p>\n<p>La capacidad de generaci\u00f3n de energ\u00eda e\u00f3lica instalada en tierra y en alta mar a nivel mundial se ha multiplicado por casi 75 en los \u00faltimos 20 a\u00f1os, pasando de 7,5 gigavatios (GW) en 1997 a 564 GW en 2018, seg\u00fan los datos m\u00e1s recientes de <a href=\"https:\/\/www.irena.org\/\">IRENA<\/a><a href=\"#_ftn3\" name=\"_ftnref3\">[3]<\/a>.<\/p>\n<p>En el pasado, la eficiencia de las plantas de energ\u00eda e\u00f3lica se ha visto limitada por el rendimiento de las propias turbinas. Pero unas turbinas m\u00e1s potentes y tecnolog\u00edas innovadoras, como la turbina O-Wind, podr\u00edan llevar la energ\u00eda e\u00f3lica a nuevas alturas. Dise\u00f1ada como una esfera con aberturas geom\u00e9tricas sobre un eje fijo, la turbina O-Wind gira cuando el viento la golpea desde cualquier direcci\u00f3n, sin tener que dirigirla hacia el viento como sucede con las turbinas tradicionales. Es perfecta para ciudades y zonas urbanizadas, donde el efecto impredecible del t\u00fanel del viento hace que las turbinas convencionales no sean efectivas, y ejemplifica el tipo de pensamiento innovador que ser\u00e1 esencial para que la descarbonizaci\u00f3n tenga \u00e9xito.<\/p>\n<h3>Resoluci\u00f3n del problema de almacenamiento<\/h3>\n<p>Aunque las fuentes de energ\u00eda renovables, como la energ\u00eda e\u00f3lica y solar, son clave para una econom\u00eda descarbonizada, no son una soluci\u00f3n perfecta. Si no hay viento o el sol no brilla, incluso la central el\u00e9ctrica m\u00e1s eficiente tendr\u00e1 dificultades para generar energ\u00eda.<\/p>\n<p>Aqu\u00ed es donde uno de los avances tecnol\u00f3gicos m\u00e1s interesantes de los \u00faltimos a\u00f1os podr\u00eda dar lugar a un cambio sustancial en las iniciativas de descarbonizaci\u00f3n: el almacenamiento de bater\u00edas descentralizadas de escala industrial.<\/p>\n<p>Cuando no sea posible producir energ\u00eda solar o e\u00f3lica debido a las condiciones ambientales, las bater\u00edas se activar\u00e1n autom\u00e1ticamente y proporcionar\u00e1n en todo momento un suministro de energ\u00eda renovable a la red.<\/p>\n<p>Un desarrollo de FRV pionero en Chile est\u00e1 liderando la forma de demostrar el potencial de las bater\u00edas para ayudar a impulsar la descarbonizaci\u00f3n. El proyecto h\u00edbrido de energ\u00eda e\u00f3lica y solar de 540 GW\/h tendr\u00e1 capacidades integradas de almacenamiento de bater\u00edas, lo que le permitir\u00e1 proporcionar energ\u00eda renovable las 24 horas del d\u00eda, los siete d\u00edas de la semana, independientemente de las condiciones meteorol\u00f3gicas.<\/p>\n<p>Innovaciones similares est\u00e1n transformando la sostenibilidad de los proyectos de energ\u00eda renovable en todo el mundo; por ejemplo, el proyecto de desarrollo de una planta solar de 92\u00a0MW con una bater\u00eda de iones de litio de 25\u00a0MW\/h que se est\u00e1 llevando a cabo en Hokkaido (Jap\u00f3n).<a href=\"#_ftn4\" name=\"_ftnref4\">[4]<\/a><\/p>\n<h3>Seguir avanzando<\/h3>\n<p>Los sistemas de transporte de todo tipo (por aire, mar, trenes y coches) tambi\u00e9n son contribuidores importantes a las emisiones de CO<sub>2<\/sub>. El transporte representa un 72\u00a0% de las emisiones de GEI de la UE<a href=\"#_ftn5\" name=\"_ftnref5\">[5]<\/a>, por ejemplo. Pero el progreso en este \u00e1mbito tambi\u00e9n es alentador.<\/p>\n<p>Los gobiernos de todo el mundo ya est\u00e1n intentando cambiar el transporte de pasajeros y mercanc\u00eda a modos con emisiones de carbono m\u00e1s bajas (como trenes, autobuses y barcos), y sustituir combustibles f\u00f3siles con fuentes energ\u00e9ticas m\u00e1s sostenibles, como la electricidad baja en carbono, el hidr\u00f3geno y los combustibles sint\u00e9ticos.<\/p>\n<p>Londres ha establecido en el centro de la ciudad una zona de ultrabajas emisiones (Ultra Low Emission Zone, ULEZ) que funciona 24 horas al d\u00eda, 7 d\u00edas a la semana, 365 d\u00edas al a\u00f1o. Los conductores con veh\u00edculos no compatibles con ULEZ, como camiones y autobuses, tienen que pagar grandes multas. Los planes de la ciudad son convertir el centro de Londres en una zona de cero emisiones de aqu\u00ed a 2025. De manera similar, Par\u00eds y Roma han restringido los veh\u00edculos altamente contaminantes en sus calles durante los d\u00edas laborables; ambas ciudades planifican una prohibici\u00f3n total de estos veh\u00edculos en 2024. Muchas otras ciudades de todo el mundo est\u00e1n implementando o considerando esquemas similares.<\/p>\n<p>Los veh\u00edculos el\u00e9ctricos (VE) y los veh\u00edculos h\u00edbridos tienen un importante papel en la transici\u00f3n a sistemas de movilidad descarbonizados. Seg\u00fan el Consejo Internacional de Transporte Limpio, hay alrededor de 5 millones de VE en la carretera en todo el mundo, con unos 2 millones de unidades vendidas en 2018. Esto sigue siendo un porcentaje relativamente peque\u00f1o de las ventas anuales de veh\u00edculos de pasajeros (aprox. 90 millones de veh\u00edculos), pero este porcentaje est\u00e1 creciendo r\u00e1pidamente.<\/p>\n<p>Empresas como Toyota, Tesla y tambi\u00e9n <a href=\"https:\/\/rivian.com\/\">RIVIAN<\/a>, en la que Abdul Latif Jameel es un importante inversor, siguen ampliando las fronteras de los veh\u00edculos h\u00edbridos y el\u00e9ctricos a nivel mundial. Se prev\u00e9 que los VE constituyan un 10\u00a0% de todas las ventas de veh\u00edculos nuevos en 2024, mientras que las ventas de 4 millones de unidades en todo el mundo en 2020 crecer\u00e1n hasta los 21 millones de unidades en el plazo de una d\u00e9cada<a href=\"#_ftn6\" name=\"_ftnref6\">[6]<\/a>.<\/p>\n<p>Se espera que la combinaci\u00f3n de un rendimiento mejorado, un mejor dise\u00f1o, una r\u00e1pida expansi\u00f3n de las redes de puntos de recarga, incentivos fiscales y precios m\u00e1s competitivos d\u00e9 lugar eventualmente a que los VE se conviertan en la opci\u00f3n preferida para los nuevos compradores de coches.<\/p>\n<h3>Aprovechamiento del hidr\u00f3geno<\/h3>\n<p>La creciente popularidad de los VE es enormemente alentadora, pero si funcionan con electricidad producida por centrales el\u00e9ctricas alimentadas por combustibles f\u00f3siles, no est\u00e1n reduciendo las emisiones de carbono, simplemente las trasladan al sector de generaci\u00f3n de energ\u00eda. Aqu\u00ed es donde el <a href=\"https:\/\/alj.com\/en\/perspective\/hydrogen-the-key-driver-to-zero-emission-transport\/\">hidr\u00f3geno<\/a> podr\u00eda desempe\u00f1ar un papel importante, no solo para el sector del transporte, sino tambi\u00e9n para la industria y el calentamiento dom\u00e9stico.<\/p>\n<p>El desaf\u00edo reside en la descarbonizaci\u00f3n de la propia producci\u00f3n del hidr\u00f3geno. La energ\u00eda renovable puede usarse para producir hidr\u00f3geno mediante electr\u00f3lisis, pero esto es caro y requerir\u00eda grandes cantidades de energ\u00eda renovable. Por otra parte, la producci\u00f3n de hidr\u00f3geno por reformado de metano con vapor (que utiliza altos niveles de calor para convertir el metano en carbono e hidr\u00f3geno) es m\u00e1s barata y se puede ampliar de una manera m\u00e1s inmediata, pero sus emisiones de carbono son altas.<\/p>\n<p>Esto es t\u00edpico del equilibrio t\u00e9cnico-econ\u00f3mico-sostenible por el que tendremos que pasar mientras nos dirigimos hacia un futuro descarbonizado.<\/p>\n<h3>Captura del carbono<\/h3>\n<p>Desde un punto de vista realista, llevar\u00e1 d\u00e9cadas descarbonizar reduciendo \u00fanicamente las emisiones. Pero hay otra herramienta clave para ayudarnos en ese recorrido: utilizar la captura y almacenamiento de carbono (carbon capture and storage, CCS) para neutralizar las emisiones antes de que entren en el ambiente.<\/p>\n<p>La CCS es fundamental para poder alcanzar emisiones netas cero, y contamos con la tecnolog\u00eda que nos permite empezar a hacer esto ahora; algunas centrales el\u00e9ctricas ya est\u00e1n \u201catrapando\u201d sus emisiones de carbono utilizando la tecnolog\u00eda CCS.<\/p>\n<p>En lugar de tratar el CO<sub>2<\/sub> como residuo, el proceso de CCS lo convierte en productos comercialmente viables: una materia prima para sintetizar otros productos qu\u00edmicos, una fuente de carbono para reacciones de carbonataci\u00f3n mineral dirigidas a producir materiales de construcci\u00f3n, o un nutriente para producir biocombustibles, por ejemplo.<\/p>\n<p>Refinar y desarrollar esta tecnolog\u00eda a una escala industrial requerir\u00e1 inversiones enormes. Si podemos demostrar que el CO<sub>2<\/sub> puede transformarse en productos valiosos, no solo en un residuo nocivo, el argumento de la inversi\u00f3n se vuelve mucho m\u00e1s sencillo.<\/p>\n<h3>Opciones para un futuro m\u00e1s brillante<\/h3>\n<p>Hay muchas opciones que podemos seguir hoy que afectar\u00e1n a si vamos a ser capaces de acercarnos a un sistema de energ\u00eda de emisiones cero en 2050. Si bien algunas de ellas no son ni econ\u00f3mica ni pol\u00edticamente viables en el presente, tomar las decisiones correctas en \u00faltima instancia ayudar\u00e1 a impulsar la econom\u00eda, proteger el medioambiente y salvaguardar nuestras sociedades en el futuro.<\/p>\n<p>Es un acto de equilibrio y hay muchos intereses en juego. Pero necesitamos empezar a tomar estas decisiones ahora. Como activista clim\u00e1tica, Greta Thunberg <a href=\"https:\/\/soundcloud.com\/unradio\">cont\u00f3<\/a> a la <a href=\"https:\/\/news.un.org\/en\/story\/2019\/09\/1047052\">Asamblea General de la ONU en 2018<\/a>:<\/p>\n<blockquote>\n<p><em>\u201cHasta que empiecen a centrarse en lo que debe hacerse, en lugar de en lo que es pol\u00edticamente posible, no hay esperanza\u201d.<\/em><\/p>\n<\/blockquote>\n<p><img decoding=\"async\" loading=\"lazy\" class=\"alignleft size-full wp-image-55806\" src=\"https:\/\/media.alj.com\/app\/uploads\/2019\/12\/Greta.jpg\" alt=\"\" width=\"1680\" height=\"1120\" srcset=\"https:\/\/media.alj.com\/app\/uploads\/2019\/12\/Greta.jpg 1680w, https:\/\/media.alj.com\/app\/uploads\/2019\/12\/Greta-150x100.jpg 150w, https:\/\/media.alj.com\/app\/uploads\/2019\/12\/Greta-300x200.jpg 300w, https:\/\/media.alj.com\/app\/uploads\/2019\/12\/Greta-768x512.jpg 768w, https:\/\/media.alj.com\/app\/uploads\/2019\/12\/Greta-1024x683.jpg 1024w\" sizes=\"(max-width: 1680px) 100vw, 1680px\" \/><\/p>\n<p><a href=\"#_ftnref1\" name=\"_ftn1\">[1]<\/a> The Global Climate in 2015\u20132019, WMO, septiembre de 2019<\/p>\n<p><a href=\"#_ftnref2\" name=\"_ftn2\">[2]<\/a> Flooded Future, Climate Central, octubre de 2019<\/p>\n<p><a href=\"#_ftnref3\" name=\"_ftn3\">[3]<\/a> <a href=\"https:\/\/irena.org\/-\/media\/Files\/IRENA\/Agency\/Publication\/2019\/Mar\/IRENA_RE_Capacity_Statistics_2019.pdf\">Renewable Capacity Statistics 2019<\/a>, Agencia Internacional de Energ\u00edas Renovables, 2019<\/p>\n<p><a href=\"#_ftnref4\" name=\"_ftn4\">[4]<\/a> <a href=\"https:\/\/tech.nikkeibp.co.jp\/dm\/atclen\/news_en\/15mk\/090601567\/?ST=msbe\">Japan\u2019s Largest-scale Battery-equipped Solar Plant to Be Built in Hokkaido<\/a>, Solar Power Plant Business, 6 September 2017<\/p>\n<p><a href=\"#_ftnref5\" name=\"_ftn5\">[5]<\/a> Estrategia europea a favor de la movilidad de bajas emisiones, Comisi\u00f3n Europea, julio de 2016<\/p>\n<p><a href=\"#_ftnref6\" name=\"_ftn6\">[6]<\/a> Battery Electric Vehicles: New markets. New entrants. New challenges, Deloitte, January 2019<\/p>\n<h3>Con\u00e9ctate conmigo en LinkedIn<\/h3>\n<p><script type=\"text\/javascript\" src=\"https:\/\/platform.linkedin.com\/badges\/js\/profile.js\" async defer><\/script><\/p>\n<div class=\"LI-profile-badge\" data-version=\"v1\" data-size=\"medium\" data-locale=\"en_US\" data-type=\"horizontal\" data-theme=\"dark\" data-vanity=\"fady-jameel\"><a class=\"LI-simple-link\" href=\"https:\/\/ae.linkedin.com\/in\/fady-jameel?trk=profile-badge\">Fady J.<\/a><\/div>\n","protected":false},"featured_media":55796,"template":"","tags":[],"acf":[],"yoast_head":"<!-- This site is optimized with the Yoast SEO plugin v21.5 - https:\/\/yoast.com\/wordpress\/plugins\/seo\/ -->\n<title>Descarbonizaci\u00f3n: \u00bfEs alcanzable es el Net Zero? | Abdul Latif Jameel\u00ae<\/title>\n<meta name=\"description\" content=\"La descarbonizaci\u00f3n requerir\u00e1 una acci\u00f3n fundamental, que probablemente ser\u00e1 dolorosa, costosa y perturbadora para los modelos econ\u00f3micos y sociales actuales. \u00bfEs posible?\" \/>\n<meta name=\"robots\" content=\"index, follow, max-snippet:-1, max-image-preview:large, max-video-preview:-1\" \/>\n<link rel=\"canonical\" href=\"https:\/\/alj.com\/es\/spotlight-by-fady-jameel\/delivering-decarbonization-how-achievable-is-net-zero\/\" \/>\n<meta property=\"og:locale\" content=\"es_ES\" \/>\n<meta property=\"og:type\" content=\"article\" \/>\n<meta property=\"og:title\" content=\"Descarbonizaci\u00f3n: \u00bfEs alcanzable es el Net Zero? | Abdul Latif Jameel\u00ae\" \/>\n<meta property=\"og:description\" content=\"La descarbonizaci\u00f3n requerir\u00e1 una acci\u00f3n fundamental, que probablemente ser\u00e1 dolorosa, costosa y perturbadora para los modelos econ\u00f3micos y sociales actuales. \u00bfEs posible?\" \/>\n<meta property=\"og:url\" content=\"https:\/\/alj.com\/es\/spotlight-by-fady-jameel\/delivering-decarbonization-how-achievable-is-net-zero\/\" \/>\n<meta property=\"og:site_name\" content=\"Abdul Latif Jameel\" \/>\n<meta property=\"article:publisher\" content=\"https:\/\/www.facebook.com\/Abdul.Latif.Jameel.Official\" \/>\n<meta property=\"article:modified_time\" content=\"2020-03-19T15:09:05+00:00\" \/>\n<meta property=\"og:image\" content=\"https:\/\/media.alj.com\/app\/uploads\/2019\/12\/Decarb-Hero.jpg\" \/>\n\t<meta property=\"og:image:width\" content=\"1920\" \/>\n\t<meta property=\"og:image:height\" content=\"1243\" \/>\n\t<meta property=\"og:image:type\" content=\"image\/jpeg\" \/>\n<meta name=\"twitter:card\" content=\"summary_large_image\" \/>\n<meta name=\"twitter:label1\" content=\"Est. reading time\" \/>\n\t<meta name=\"twitter:data1\" content=\"12 minutes\" \/>\n<script type=\"application\/ld+json\" class=\"yoast-schema-graph\">{\"@context\":\"https:\/\/schema.org\",\"@graph\":[{\"@type\":\"WebPage\",\"@id\":\"https:\/\/alj.com\/es\/spotlight-by-fady-jameel\/delivering-decarbonization-how-achievable-is-net-zero\/\",\"url\":\"https:\/\/alj.com\/es\/spotlight-by-fady-jameel\/delivering-decarbonization-how-achievable-is-net-zero\/\",\"name\":\"Descarbonizaci\u00f3n: \u00bfEs alcanzable es el Net Zero? | Abdul Latif Jameel\u00ae\",\"isPartOf\":{\"@id\":\"https:\/\/alj.com\/en\/#website\"},\"datePublished\":\"2019-12-19T07:16:03+00:00\",\"dateModified\":\"2020-03-19T15:09:05+00:00\",\"description\":\"La descarbonizaci\u00f3n requerir\u00e1 una acci\u00f3n fundamental, que probablemente ser\u00e1 dolorosa, costosa y perturbadora para los modelos econ\u00f3micos y sociales actuales. \u00bfEs posible?\",\"breadcrumb\":{\"@id\":\"https:\/\/alj.com\/es\/spotlight-by-fady-jameel\/delivering-decarbonization-how-achievable-is-net-zero\/#breadcrumb\"},\"inLanguage\":\"es-ES\",\"potentialAction\":[{\"@type\":\"ReadAction\",\"target\":[\"https:\/\/alj.com\/es\/spotlight-by-fady-jameel\/delivering-decarbonization-how-achievable-is-net-zero\/\"]}]},{\"@type\":\"BreadcrumbList\",\"@id\":\"https:\/\/alj.com\/es\/spotlight-by-fady-jameel\/delivering-decarbonization-how-achievable-is-net-zero\/#breadcrumb\",\"itemListElement\":[{\"@type\":\"ListItem\",\"position\":1,\"name\":\"Home\",\"item\":\"https:\/\/alj.com\/es\/\"},{\"@type\":\"ListItem\",\"position\":2,\"name\":\"Spotlight By Fady Jameel\",\"item\":\"https:\/\/alj.com\/ja\/spotlight-by-fady-jameel\/\"},{\"@type\":\"ListItem\",\"position\":3,\"name\":\"Conseguir la descarbonizaci\u00f3n: \u00bfHasta qu\u00e9 punto es posible alcanzar emisiones netas cero?\"}]},{\"@type\":\"WebSite\",\"@id\":\"https:\/\/alj.com\/en\/#website\",\"url\":\"https:\/\/alj.com\/en\/\",\"name\":\"Abdul Latif Jameel\",\"description\":\"Abdul Latif Jameel\",\"potentialAction\":[{\"@type\":\"SearchAction\",\"target\":{\"@type\":\"EntryPoint\",\"urlTemplate\":\"https:\/\/alj.com\/en\/?s={search_term_string}\"},\"query-input\":\"required name=search_term_string\"}],\"inLanguage\":\"es-ES\"}]}<\/script>\n<!-- \/ Yoast SEO plugin. -->","yoast_head_json":{"title":"Descarbonizaci\u00f3n: \u00bfEs alcanzable es el Net Zero? | Abdul Latif Jameel\u00ae","description":"La descarbonizaci\u00f3n requerir\u00e1 una acci\u00f3n fundamental, que probablemente ser\u00e1 dolorosa, costosa y perturbadora para los modelos econ\u00f3micos y sociales actuales. \u00bfEs posible?","robots":{"index":"index","follow":"follow","max-snippet":"max-snippet:-1","max-image-preview":"max-image-preview:large","max-video-preview":"max-video-preview:-1"},"canonical":"https:\/\/alj.com\/es\/spotlight-by-fady-jameel\/delivering-decarbonization-how-achievable-is-net-zero\/","og_locale":"es_ES","og_type":"article","og_title":"Descarbonizaci\u00f3n: \u00bfEs alcanzable es el Net Zero? | Abdul Latif Jameel\u00ae","og_description":"La descarbonizaci\u00f3n requerir\u00e1 una acci\u00f3n fundamental, que probablemente ser\u00e1 dolorosa, costosa y perturbadora para los modelos econ\u00f3micos y sociales actuales. \u00bfEs posible?","og_url":"https:\/\/alj.com\/es\/spotlight-by-fady-jameel\/delivering-decarbonization-how-achievable-is-net-zero\/","og_site_name":"Abdul Latif Jameel","article_publisher":"https:\/\/www.facebook.com\/Abdul.Latif.Jameel.Official","article_modified_time":"2020-03-19T15:09:05+00:00","og_image":[{"width":1920,"height":1243,"url":"https:\/\/media.alj.com\/app\/uploads\/2019\/12\/Decarb-Hero.jpg","type":"image\/jpeg"}],"twitter_card":"summary_large_image","twitter_misc":{"Est. reading time":"12 minutes"},"schema":{"@context":"https:\/\/schema.org","@graph":[{"@type":"WebPage","@id":"https:\/\/alj.com\/es\/spotlight-by-fady-jameel\/delivering-decarbonization-how-achievable-is-net-zero\/","url":"https:\/\/alj.com\/es\/spotlight-by-fady-jameel\/delivering-decarbonization-how-achievable-is-net-zero\/","name":"Descarbonizaci\u00f3n: \u00bfEs alcanzable es el Net Zero? | Abdul Latif Jameel\u00ae","isPartOf":{"@id":"https:\/\/alj.com\/en\/#website"},"datePublished":"2019-12-19T07:16:03+00:00","dateModified":"2020-03-19T15:09:05+00:00","description":"La descarbonizaci\u00f3n requerir\u00e1 una acci\u00f3n fundamental, que probablemente ser\u00e1 dolorosa, costosa y perturbadora para los modelos econ\u00f3micos y sociales actuales. \u00bfEs posible?","breadcrumb":{"@id":"https:\/\/alj.com\/es\/spotlight-by-fady-jameel\/delivering-decarbonization-how-achievable-is-net-zero\/#breadcrumb"},"inLanguage":"es-ES","potentialAction":[{"@type":"ReadAction","target":["https:\/\/alj.com\/es\/spotlight-by-fady-jameel\/delivering-decarbonization-how-achievable-is-net-zero\/"]}]},{"@type":"BreadcrumbList","@id":"https:\/\/alj.com\/es\/spotlight-by-fady-jameel\/delivering-decarbonization-how-achievable-is-net-zero\/#breadcrumb","itemListElement":[{"@type":"ListItem","position":1,"name":"Home","item":"https:\/\/alj.com\/es\/"},{"@type":"ListItem","position":2,"name":"Spotlight By Fady Jameel","item":"https:\/\/alj.com\/ja\/spotlight-by-fady-jameel\/"},{"@type":"ListItem","position":3,"name":"Conseguir la descarbonizaci\u00f3n: \u00bfHasta qu\u00e9 punto es posible alcanzar emisiones netas cero?"}]},{"@type":"WebSite","@id":"https:\/\/alj.com\/en\/#website","url":"https:\/\/alj.com\/en\/","name":"Abdul Latif Jameel","description":"Abdul Latif Jameel","potentialAction":[{"@type":"SearchAction","target":{"@type":"EntryPoint","urlTemplate":"https:\/\/alj.com\/en\/?s={search_term_string}"},"query-input":"required name=search_term_string"}],"inLanguage":"es-ES"}]}},"post-meta-fields":{"_alp_processed":["1576739988"],"_wpml_word_count":["{\"total\":2968,\"to_translate\":{\"ar\":2968,\"zh-hans\":2968,\"fr\":2968,\"ja\":2968,\"es\":2968,\"tr\":2968}}"],"push_notification":["no"],"_push_notification":["field_5c3b1fb67034d"],"_wpml_media_featured":["1"],"_wpml_media_duplicate":["1"],"perspective_short_title":["Conseguir la descarbonizaci\u00f3n"],"perspective_summury":["<p>El Acuerdo de Par\u00eds dirigido por la ONU ha centrado la atenci\u00f3n mundial en la necesidad de \"descarbonizar\" la econom\u00eda mundial.<\/p>\n"],"perspective_location":["Dubai, Emiratos \u00c1rabes Unidos"],"wpcf-featured-news":["1"],"is_latest_news":["0"],"wpcf-show-news-at-homepage":["1"],"publish_mobile":[""],"_publish_mobile":["field_5bfa8eb2e65cf"],"mobile_featured_image":["https:\/\/media.alj.com\/app\/uploads\/2019\/12\/Decarb-Hero.jpg"],"_mobile_featured_image":["field_5c3b204983dea"],"_wpcf-card-image-sort-order":["a:1:{i:0;i:673005;}"],"_yoast_wpseo_content_score":["30"],"perspective_author_name":["<p><span style=\"color: #000000;\"><a href=\"https:\/\/www.alj.com\/es\/our-people\/fady-jameel\/\">Fady Jameel<\/a><\/span><\/p>\n<p>Presidente adjunto y vicepresidente,\u00a0Abdul Latif Jameel International<\/p>\n"],"perspective_author_bio":["<p><a href=\"https:\/\/www.alj.com\/es\/our-people\/fady-jameel\/\">Fady Jameel<\/a> es presidente adjunto y vicepresidente internacional de\u00a0Abdul Latif Jameel, un colectivo de empresas internacionales e independientes diversificadas de propiedad familiar fundado en 1945 por el difunto Abdul Latif Jameel.<\/p>\n"],"_thumbnail_id":["55796"],"_last_translation_edit_mode":["native-editor"],"perspective_business_sector":["Energ\u00eda y Servicios Medioambientales"],"perspective_author_image":["51686"],"wpcf-perspective-published-date":["1577577600"],"wpcf-card-image":[""],"_yoast_wpseo_title":["Descarbonizaci\u00f3n: \u00bfEs alcanzable es el Net Zero? | Abdul Latif Jameel\u00ae"],"_yoast_wpseo_metadesc":["La descarbonizaci\u00f3n requerir\u00e1 una acci\u00f3n fundamental, que probablemente ser\u00e1 dolorosa, costosa y perturbadora para los modelos econ\u00f3micos y sociales actuales. \u00bfEs posible?"],"amazonS3_cache":["a:2:{s:39:\"\/\/alj.com\/app\/uploads\/2019\/12\/Greta.jpg\";a:2:{s:2:\"id\";i:55806;s:11:\"source_type\";s:13:\"media-library\";}s:45:\"\/\/media.alj.com\/app\/uploads\/2019\/12\/Greta.jpg\";a:2:{s:2:\"id\";i:55806;s:11:\"source_type\";s:13:\"media-library\";}}"]},"_links":{"self":[{"href":"https:\/\/alj.com\/es\/wp-json\/wp\/v2\/spotlight-fadyjameel\/55798"}],"collection":[{"href":"https:\/\/alj.com\/es\/wp-json\/wp\/v2\/spotlight-fadyjameel"}],"about":[{"href":"https:\/\/alj.com\/es\/wp-json\/wp\/v2\/types\/spotlight-fadyjameel"}],"wp:featuredmedia":[{"embeddable":true,"href":"https:\/\/alj.com\/es\/wp-json\/wp\/v2\/media\/55796"}],"wp:attachment":[{"href":"https:\/\/alj.com\/es\/wp-json\/wp\/v2\/media?parent=55798"}],"wp:term":[{"taxonomy":"post_tag","embeddable":true,"href":"https:\/\/alj.com\/es\/wp-json\/wp\/v2\/tags?post=55798"}],"curies":[{"name":"wp","href":"https:\/\/api.w.org\/{rel}","templated":true}]}}