{"id":85683,"date":"2021-03-09T10:43:43","date_gmt":"2021-03-09T10:43:43","guid":{"rendered":"https:\/\/www.alj.com\/?post_type=spotlight-fadyjameel&#038;p=85683"},"modified":"2021-04-22T08:36:28","modified_gmt":"2021-04-22T08:36:28","slug":"invertir-en-el-potencial-del-manana-por-que-el-clima-y-el-agua-exigen-un-enfoque-mas-holistico","status":"publish","type":"spotlight-fadyjameel","link":"https:\/\/alj.com\/es\/spotlight-by-fady-jameel\/invertir-en-el-potencial-del-manana-por-que-el-clima-y-el-agua-exigen-un-enfoque-mas-holistico\/","title":{"rendered":"Invertir en el potencial del ma\u00f1ana: por qu\u00e9 el clima y el agua exigen un enfoque m\u00e1s hol\u00edstico"},"content":{"rendered":"<h4>Versi\u00f3n ampliada de una entrevista exclusiva con Fady Jameel, presidente adjunto y vicepresidente de <a href=\"https:\/\/alj.com\">Abdul Latif Jameel<\/a><u>, <\/u>para la revista <em>International Desalination Association \u201cGlobal Connections\u201d<\/em> del 1T\/2021<\/h4>\n<p><strong>En los \u00faltimos a\u00f1os, el nombre de Abdul Latif Jameel ha adquirido cada vez un mayor protagonismo en el sector de la energ\u00eda y los servicios medioambientales. \u00bfCu\u00e1l es su implicaci\u00f3n en la industria del agua? <\/strong><\/p>\n<p>Tradicionalmente, el negocio principal de <a href=\"https:\/\/alj.com\">Abdul Latif Jameel<\/a> era la <a href=\"https:\/\/www.alj.com\/en\/transportation\/transportation-overview\/\">automoci\u00f3n<\/a>. Durante m\u00e1s de 75 a\u00f1os, hemos disfrutado de una s\u00f3lida relaci\u00f3n con <a href=\"https:\/\/global.toyota\/en\/\">Toyota Motor Corporation<\/a>, que se ha extendido por todo Oriente Medio y desde el norte de \u00c1frica a Europa y Asia-Pac\u00edfico. Sin embargo, en los \u00faltimos a\u00f1os, el negocio que ha tenido una expansi\u00f3n m\u00e1s r\u00e1pida a nivel internacional ha sido el de la <a href=\"https:\/\/www.alj.com\/en\/energy-and-environmental-services\/energy-overview\/\">energ\u00eda renovable y los servicios medioambientales<\/a>. Esto incluye a <a href=\"https:\/\/www.almarwater.com\/\">Almar Water Solutions<\/a>, que hace poco irrumpi\u00f3 en el sector de los servicios relacionados con el agua en Chile mediante la adquisici\u00f3n de Osmoflo SpA, y en Egipto por medio de la adquisici\u00f3n de Ridgewood a trav\u00e9s de la agrupaci\u00f3n empresarial formada por Almar y Hassan Allam Utilities.<\/p>\n<p>Almar se fund\u00f3 en 2016 y actualmente opera en Europa, Oriente Medio, \u00c1frica y Am\u00e9rica Latina. Nuestro otro negocio principal del sector de la energ\u00eda y los servicios medioambientales es Fotowatio Renewable Ventures, m\u00e1s com\u00fanmente conocido como <a href=\"https:\/\/frv.com\/\">FRV<\/a>, nuestro especialista en energ\u00edas renovables tanto solar como e\u00f3lica, que est\u00e1 especialmente activo en Am\u00e9rica Latina, Australia, Oriente Medio y Europa. Tenemos planes de crecimiento internacional ambiciosos e importantes para Almar y FRV en los pr\u00f3ximos a\u00f1os.<\/p>\n<p><strong>\u00bfEn qu\u00e9 medida est\u00e1 comprometido personalmente con la industria del agua?<\/strong><\/p>\n<p>Mi conexi\u00f3n m\u00e1s obvia con la industria del agua es como inversor. Almar Water Solutions est\u00e1 ayudando a hacer frente a la escasez de agua y los desaf\u00edos relativos a la calidad del agua en todo el mundo a trav\u00e9s de sus inversiones en el tratamiento y la reutilizaci\u00f3n del agua as\u00ed como con proyectos de desalinizaci\u00f3n para los sectores municipales e industriales. Pero desde una perspectiva personal, mi inter\u00e9s e implicaci\u00f3n en la industria del agua va mucho m\u00e1s all\u00e1 de una simple cuesti\u00f3n financiera.<\/p>\n<p>Como fil\u00e1ntropo y persona comprometida con el medio ambiente, me considero lo que podr\u00eda denominarse un \u201cactivista-inversor\u201d, ya que empleo mi posici\u00f3n relativamente privilegiada y \u00fanica para defender iniciativas, ya sean comerciales o filantr\u00f3picas, que sean capaces de hacer una contribuci\u00f3n tangible, pero tambi\u00e9n significativa, en la creaci\u00f3n de un mundo mejor.<\/p>\n<p>El agua es uno de los principales problemas, si no <em>el<\/em> principal problema, tanto para el planeta como para la humanidad. Innovar, desarrollar e invertir en procesos y tecnolog\u00edas que nos permitan, como sociedad, proporcionar un suministro adecuado de agua para nuestras comunidades, industrias y agricultura (de una manera que no perjudique el medio ambiente), es uno de los mayores desaf\u00edos a los que nos enfrentaremos.<\/p>\n<p>El uso del agua ha aumentado aproximadamente un 1\u00a0% cada a\u00f1o durante los \u00faltimos 30 a\u00f1os, con m\u00e1s de dos mil millones de personas que viven en pa\u00edses con una elevada escasez de agua. Aproximadamente dos tercios de la poblaci\u00f3n mundial (unos cuatro mil millones de personas) se ven obligados a soportar esta escasez durante al menos un mes al a\u00f1o. Solo en mi tierra natal, el Oriente Pr\u00f3ximo, el 6\u00a0% de la poblaci\u00f3n mundial se ve obligada a sobrevivir con solo el 1\u00a0% del agua dulce del mundo.<\/p>\n<p>Creo firmemente que los problemas en torno a la escasez de agua son sencillamente demasiado grandes para ignorarlos.<\/p>\n<p>Muchas de las crisis medioambientales que hemos visto en los \u00faltimos a\u00f1os son manifestaciones de la creciente e insostenible presi\u00f3n sobre este tan preciado recurso de nuestro planeta: clima extremo, sequ\u00eda, hambruna, incendios forestales y pandemias. Si \u00fanicamente nos enfocamos en abordar estos \u201cs\u00edntomas\u201d en lugar de en dise\u00f1ar un cambio fundamental en nuestra relaci\u00f3n con el agua y su papel central en nuestro bienestar medioambiental, estas crisis no solo continuar\u00e1n, sino que empeorar\u00e1n considerablemente. De hecho, ya est\u00e1n afectando al \u00e1mbito socioecon\u00f3mico e inevitablemente acarrear\u00e1n problemas como la migraci\u00f3n e incluso conflictos en el futuro.<\/p>\n<p><strong>Muchos creen que la crisis clim\u00e1tica a la que se enfrenta nuestro planeta es fundamentalmente una crisis del agua. \u00bfCree que esto es cierto?<\/strong><\/p>\n<p>Es imposible hablar de la crisis clim\u00e1tica sin hablar tambi\u00e9n de una crisis del agua. Despu\u00e9s de todo, el cambio clim\u00e1tico concierne al entorno en el que vivimos, y aparte del aire que respiramos, el agua probablemente sea el elemento m\u00e1s importante en ese entorno. Si la temperatura global aumenta, tambi\u00e9n lo har\u00e1 la temperatura del agua, los casquetes polares se derretir\u00e1n, el nivel del mar aumentar\u00e1, el suministro de alimentos se interrumpir\u00e1, los oc\u00e9anos se contaminar\u00e1n, las zonas costeras se inundar\u00e1n, los h\u00e1bitats se destruir\u00e1n, etc. Es un ciclo de destrucci\u00f3n del que el agua es el centro. Adem\u00e1s, nuestro apetito insaciable de energ\u00eda implica que lidiemos con demandas insostenibles en nuestros sistemas energ\u00e9ticos, cuyos elementos principales (petr\u00f3leo, carb\u00f3n y gas) son limitados, y cuyos suministros se espera que se agoten en las pr\u00f3ximas d\u00e9cadas.<\/p>\n<p>El nexo entre el agua, los alimentos y la energ\u00eda es fundamental para el desarrollo sostenible de nuestra sociedad. Pero una poblaci\u00f3n mundial en crecimiento, una r\u00e1pida urbanizaci\u00f3n, dietas cambiantes y el crecimiento econ\u00f3mico tienen como resultado que la demanda de estos tres elementos aumente a gran velocidad. Y no olvidemos la agricultura, que es el mayor consumidor de los recursos mundiales de agua dulce, y la producci\u00f3n y el suministro de alimentos, que representan m\u00e1s del 25\u00a0% del consumo energ\u00e9tico a nivel mundial. Las relaciones entre estas tres esferas cruciales son inseparables. Abordar estos desaf\u00edos requiere un enfoque hol\u00edstico, cohesivo e integral para garantizar la seguridad del agua y los alimentos, la producci\u00f3n de energ\u00eda sostenible y sistemas agr\u00edcolas viables en todo el mundo.<\/p>\n<p><strong>Como ha se\u00f1alado acertadamente, la creciente demanda de agua aumenta la presi\u00f3n sobre los recursos limitados disponibles. \u00bfDe qu\u00e9 manera se podr\u00eda abordar mejor este problema? <\/strong><\/p>\n<p>La desalinizaci\u00f3n y el tratamiento de aguas residuales son probablemente las tecnolog\u00edas m\u00e1s avanzadas disponibles actualmente que pueden desempe\u00f1ar un papel importante en la superaci\u00f3n de este desaf\u00edo. A nivel mundial, m\u00e1s de 300 millones de personas ya obtienen agua de las plantas de desalinizaci\u00f3n. Entre ellas se incluyen las instalaciones de desalinizaci\u00f3n que est\u00e1 desarrollando un consorcio del que forma parte nuestra empresa de soluciones de agua, Almar Water Solutions, en <a href=\"https:\/\/www.alj.com\/en\/news\/almar-water-solutions-invest-us-600m-supply-1-8m-people-saudi-arabia-desalinated-water\/\">Al Shuqaiq<\/a>, Arabia Saud\u00ed. Una vez terminada, ser\u00e1 una de las plantas de desalinizaci\u00f3n por \u00f3smosis inversa m\u00e1s grandes del mundo, con una capacidad de producci\u00f3n de 450\u00a0000\u00a0metros c\u00fabicos al d\u00eda, con la que se suministrar\u00e1 agua potable a 1,8\u00a0millones de personas durante 25\u00a0a\u00f1os y se crear\u00e1n 700 empleos. De forma similar, en <a href=\"https:\/\/www.alj.com\/en\/news\/solving-water-crisis-1m-people-almar-water-solutions-build-kenyas-first-large-scale-desalination-plant\/\">Mombasa<\/a>, Almar est\u00e1 desarrollando la primera planta de desalinizaci\u00f3n a gran escala de Kenia. Una vez terminada, suministrar\u00e1 m\u00e1s de 100\u00a0000\u00a0metros c\u00fabicos de agua potable a m\u00e1s de un mill\u00f3n de personas.<\/p>\n<p><iframe loading=\"lazy\" src=\"\/\/www.youtube.com\/embed\/KITq7UXrWQE\" width=\"560\" height=\"314\" allowfullscreen=\"allowfullscreen\"><\/iframe><\/p>\n<p><iframe loading=\"lazy\" src=\"\/\/www.youtube.com\/embed\/xMXnyJQwO-0\" width=\"560\" height=\"314\" allowfullscreen=\"allowfullscreen\"><\/iframe>\u00a0<\/p>\n<p>Al mismo tiempo, las investigaciones y la innovaci\u00f3n en torno a la reutilizaci\u00f3n de las aguas residuales han ido ganando impulso. La capacidad de reutilizaci\u00f3n contratada a nivel mundial pr\u00e1cticamente se ha duplicado desde 2010 y anticipo que el ritmo de crecimiento se mantendr\u00e1, o incluso aumentar\u00e1. Algunos pa\u00edses pioneros, como California y Singapur, est\u00e1n abriendo camino. En la actualidad, la media mundial de reutilizaci\u00f3n del agua sigue siendo de aproximadamente el 4\u00a0%, por lo que existe un enorme potencial de un crecimiento a\u00fan mayor. Asimismo, estamos viendo un creciente reconocimiento de que el tratamiento de las aguas residuales puede ofrecer una soluci\u00f3n rentable, flexible y sostenible a la escasez de agua, que complementa el desarrollo del sector de la desalinizaci\u00f3n. Esta tendencia se ver\u00e1 a\u00fan m\u00e1s reforzada con la entrada de las nuevas normativas de reutilizaci\u00f3n de aguas residuales de la Uni\u00f3n Europea y los Estados Unidos, que ayudar\u00e1n a proporcionar un marco internacional coherente y a aumentar la concienciaci\u00f3n p\u00fablica de los beneficios y las normas sobre la reutilizaci\u00f3n del agua.<\/p>\n<p>Almar Water Solutions ya est\u00e1 transfiriendo su liderazgo en tecnolog\u00eda de desalinizaci\u00f3n a soluciones sostenibles de tratamiento de aguas residuales. Esto incluye una participaci\u00f3n importante en una planta de tratamiento de aguas residuales de \u00faltima generaci\u00f3n con capacidad para 100\u00a0000\u00a0m<sup>3<\/sup>\/d\u00eda y un sistema de transporte de alcantarillado en <a href=\"https:\/\/www.alj.com\/en\/news\/abdul-latif-jameel-energy-expands-role-in-middle-east-water-sector\/\">Muharraq<\/a>, Bar\u00e9in. Del mismo modo, <a href=\"https:\/\/www.alj.com\/en\/news\/abdul-latif-jameel-energy-expands-role-in-middle-east-water-sector\/\">en Egipto<\/a>, donde 7,3\u00a0millones de personas no tienen acceso a agua potable y 8,4\u00a0millones est\u00e1n privados de un saneamiento adecuado, Almar se est\u00e1 asociando con <a href=\"https:\/\/hautilities.com\/\">HA Utilities<\/a> para desarrollar proyectos de gesti\u00f3n de aguas residuales y otros proyectos de infraestructura hidr\u00e1ulica en todo el pa\u00eds.<\/p>\n<p>El rumbo est\u00e1 claro, por lo que creo que habr\u00e1 mucha m\u00e1s innovaci\u00f3n y actividad inversora en los sectores de la desalinizaci\u00f3n y el tratamiento de aguas residuales en los pr\u00f3ximos a\u00f1os, al tratarse de dos de las soluciones m\u00e1s prometedoras para el desaf\u00edo de la escasez de agua.<\/p>\n<p><strong>Hist\u00f3ricamente, uno de los principales factores que han frenado la inversi\u00f3n en tecnolog\u00edas del agua ha sido su coste y, en concreto, el coste de la energ\u00eda necesaria para poner en funcionamiento las plantas de desalinizaci\u00f3n y de tratamiento de aguas residuales. \u00bfC\u00f3mo est\u00e1 cambiando esto?<\/strong><\/p>\n<p>Sin duda es una cruel paradoja que la desalinizaci\u00f3n sea menos viable en t\u00e9rminos econ\u00f3micos en aquellas \u00e1reas donde m\u00e1s se necesita. Adem\u00e1s de los significativos costes energ\u00e9ticos, el agua es pesada y transportarla es caro en relaci\u00f3n con su valor. Esto significa que las plantas de desalinizaci\u00f3n suelen ubicarse en la costa y cerca del punto de uso, abasteciendo una demanda industrial, comercial o dom\u00e9stica relativamente pr\u00f3spera y dejando las zonas de interior m\u00e1s desfavorecidas en la estacada. Pero creo firmemente que existen muchas razones para ser positivos.<\/p>\n<p>La innovaci\u00f3n continua desde la d\u00e9cada de 1970 ya ha logrado que el consumo de energ\u00eda de la desalinizaci\u00f3n por \u00f3smosis inversa sea 10\u00a0veces menor, y se espera que los costes disminuyan hasta en dos tercios durante las pr\u00f3ximas dos d\u00e9cadas. Las exhaustivas investigaciones sobre pretratamiento, nanotecnolog\u00eda para el filtrado y m\u00e9todos electroqu\u00edmicos prometen lograr que la desalinizaci\u00f3n sea a\u00fan m\u00e1s eficiente, mientras que una nueva generaci\u00f3n de instalaciones \u201cm\u00e1s ecol\u00f3gicas\u201d ya est\u00e1n haciendo de la desalinizaci\u00f3n una soluci\u00f3n cada vez m\u00e1s sostenible. Un sistema de desalinizaci\u00f3n con energ\u00eda solar de China puede producir m\u00e1s de 5\u00a0litros de agua potable por hora a partir de un metro cuadrado de paneles solares. Tambi\u00e9n hay una organizaci\u00f3n sin \u00e1nimo de lucro llamada GivePower, que suministra sistemas de desalinizaci\u00f3n alimentados por energ\u00eda solar a bater\u00eda a comunidades empobrecidas de Kenia y Hait\u00ed. Anticipo, y espero, ver m\u00e1s innovaciones como esta que ayuden a maximizar el potencial de las tecnolog\u00edas de desalinizaci\u00f3n.<\/p>\n<p>Cada vez m\u00e1s, y gracias al avance de las fuentes de energ\u00eda renovables, tambi\u00e9n estamos viendo peque\u00f1as unidades de desalinizaci\u00f3n remotas implementadas para servir a las comunidades situadas fuera de la red.<\/p>\n<p>Tambi\u00e9n consideramos la energ\u00eda renovable como una pieza vital del rompecabezas cuando hablamos de alcanzar todo el potencial de las tecnolog\u00edas de la desalinizaci\u00f3n y el tratamiento de aguas residuales. Por eso, en Abdul Latif Jameel, la hemos incorporado a nuestra filosof\u00eda a largo plazo.<\/p>\n<p>A trav\u00e9s de FRV, estamos aprovechando soluciones bajas en carbono, como la energ\u00eda solar y la energ\u00eda e\u00f3lica, para generar energ\u00eda limpia en todo el mundo, desde <a href=\"https:\/\/www.alj.com\/en\/perspective\/australia-a-new-renewables-superpower-qa-with-carlo-frigerio\/\">Australia<\/a> hasta <a href=\"https:\/\/www.alj.com\/en\/perspective\/powering-potential-renewable-energy-in-latin-america\/\">Chile<\/a>. Adem\u00e1s, hemos lanzado un equipo dedicado para centrarnos en la pr\u00f3xima generaci\u00f3n de <a href=\"https:\/\/www.alj.com\/en\/perspective\/storing-success-batteries-revolutionizing-global-energy-market\/\">bater\u00edas<\/a> de alto rendimiento, reconociendo que las soluciones de almacenamiento de energ\u00eda a escala de servicios p\u00fablicos son fundamentales para acelerar la transici\u00f3n hacia un futuro de energ\u00eda verde m\u00e1s fiable. Nuestra ambici\u00f3n es democratizar las energ\u00edas renovables yendo m\u00e1s all\u00e1 del argumento medioambiental por s\u00ed solo y haciendo que la parte econ\u00f3mica sea m\u00e1s viable para que puedan convertirse en un impulsor de una adopci\u00f3n mucho m\u00e1s amplia.<\/p>\n<figure id=\"attachment_56665\" aria-describedby=\"caption-attachment-56665\" style=\"width: 1430px\" class=\"wp-caption aligncenter\"><img decoding=\"async\" loading=\"lazy\" class=\"wp-image-56665 size-full\" src=\"https:\/\/www.alj.com\/app\/uploads\/2020\/01\/Atacama-desert.jpg\" alt=\"Atacama Desert\" width=\"1430\" height=\"918\" srcset=\"https:\/\/media.alj.com\/app\/uploads\/2020\/01\/Atacama-desert.jpg 1430w, https:\/\/media.alj.com\/app\/uploads\/2020\/01\/Atacama-desert-300x193.jpg 300w, https:\/\/media.alj.com\/app\/uploads\/2020\/01\/Atacama-desert-1024x657.jpg 1024w, https:\/\/media.alj.com\/app\/uploads\/2020\/01\/Atacama-desert-150x96.jpg 150w, https:\/\/media.alj.com\/app\/uploads\/2020\/01\/Atacama-desert-768x493.jpg 768w\" sizes=\"(max-width: 1430px) 100vw, 1430px\" \/><figcaption id=\"caption-attachment-56665\" class=\"wp-caption-text\">Atacama Desert, Chile \u00a9 Photo Credit Alex Wolo<\/figcaption><\/figure>\n<p>No estamos solos, y esperamos que esta transici\u00f3n se ponga en marcha con un impulso imparable. Con el tiempo, esperamos ver instalaciones de agua, ya sea para la desalinizaci\u00f3n o el tratamiento de aguas residuales, ubicadas conjuntamente con plantas de energ\u00eda renovable, que aporten energ\u00eda sostenible y suministros de agua a comunidades necesitadas de todo el mundo.<\/p>\n<p><strong>El Dr. John H. Lienhard V, que hace poco fue nombrado Decano de la IDA y se uni\u00f3 a la Junta, tambi\u00e9n es director del Laboratorio Mundial de Seguridad Alimentaria y del Agua de Abdul\u00a0Latif\u00a0Jameel (J-WAFS) en el ITM. \u00bfPodr\u00eda hablarnos sobre el laboratorio y su trabajo? <\/strong><\/p>\n<p>El <a href=\"https:\/\/jwafs.mit.edu\">J-WAFS<\/a> es uno de los cuatro laboratorios de investigaci\u00f3n que hemos cofundado o financiado en el ITM a trav\u00e9s de <a href=\"https:\/\/communityjameel.org\">Community Jameel<\/a>, la organizaci\u00f3n filantr\u00f3pica global de la familia. Los otros tres son el Laboratorio de Acci\u00f3n contra la Pobreza de Abdul Latif Jameel (<a href=\"https:\/\/www.povertyactionlab.org\/\">J-PAL<\/a>), el Laboratorio Mundial de Educaci\u00f3n de Abdul Latif Jameel (<a href=\"https:\/\/jwel.mit.edu\/\">J-WEL<\/a>) y la Cl\u00ednica para el Aprendizaje Autom\u00e1tico en la Salud Abdul Latif Jameel (la <a href=\"https:\/\/www.jclinic.mit.edu\/\">Cl\u00ednica Jameel<\/a>).<\/p>\n<p><img decoding=\"async\" loading=\"lazy\" class=\"aligncenter wp-image-64938 size-full\" src=\"https:\/\/www.alj.com\/app\/uploads\/2020\/06\/16.-J-WAFS-scaled.jpg\" alt=\"\" width=\"2560\" height=\"1707\" \/><\/p>\n<p>El J-WAFS re\u00fane a algunos de los investigadores m\u00e1s destacados en sistemas de agua y alimentos del mundo para ayudar a combatir los desaf\u00edos sin precedentes del cambio clim\u00e1tico.<\/p>\n<p>Cuando en 2014 el ITM y <a href=\"https:\/\/communityjameel.org\">Community Jameel<\/a> fundaron el J-WAFS, ya reconocimos la inminente emergencia del agua y los alimentos y la crisis a la que se enfrenta nuestra sociedad. La idea tras el laboratorio es facilitar y fomentar el intercambio de ideas y desarrollar investigaciones y tecnolog\u00eda innovadoras que puedan comercializarse en el mundo real, especialmente en mercados menos desarrollados, como \u00c1frica, el Sur y el Sudeste Asi\u00e1tico y Am\u00e9rica Latina. Community Jameel act\u00faa como puente entre las investigaciones de vanguardia por un lado y los posibles inversores y socios por el otro, aprovechando los v\u00ednculos consolidados entre la familia Jameel y el ITM.<\/p>\n<p>Hasta ahora, el J-WAFS ha respaldado a m\u00e1s de 200 investigadores, 21 proyectos de laboratorio y cuatro empresas emergentes o productos. Entre sus \u00e9xitos destaca un filtro de agua de origen natural y de bajo coste fabricado con madera de xilema. Cuando las plantas absorben agua por las ra\u00edces y las llevan hasta las hojas por su tejido de xilema, se pueden producir burbujas en el agua. Para deshacerse de estas burbujas, las plantas tienen membranas en el xilema que las filtran. El equipo del J-WAFS mostr\u00f3 que estas mismas estructuras membranosas de xilema se pueden usar para filtrar el agua y eliminar las bacterias. Ahora utilizan esta misma idea para dise\u00f1ar filtros de agua dom\u00e9sticos, pr\u00e1cticos y efectivos basados en el xilema que ser\u00edan muy econ\u00f3micos.<\/p>\n<p>Otro ejemplo es un proyecto que utiliza unas gotitas especiales \u2014llamadas <a href=\"https:\/\/www.alj.com\/en\/perspective\/j-wafs-in-action-combating-food-contamination\/\">emulsiones Janus<\/a>\u2014, para detectar la contaminaci\u00f3n bacteriana en los alimentos, para ofrecer una tecnolog\u00eda de detecci\u00f3n de seguridad alimentaria r\u00e1pida, f\u00e1cil y asequible a la industria y a los consumidores. Tambi\u00e9n podr\u00edan utilizarse para comprobar la presencia de contaminantes en los suministros h\u00eddricos o para detectar organismos contaminantes en un producto.<\/p>\n<p><strong>En el pasado, uno de los puntos d\u00e9biles de la pol\u00edtica clim\u00e1tica (y, por tanto, h\u00eddrica) era la falta de datos fiables sobre la eficacia de las diferentes pol\u00edticas e iniciativas. Creo que el J-PAL est\u00e1 ayudando a abordar esta cuesti\u00f3n, \u00bfes as\u00ed?<\/strong><\/p>\n<p><img decoding=\"async\" loading=\"lazy\" class=\"alignleft size-medium wp-image-64882\" src=\"https:\/\/www.alj.com\/app\/uploads\/2020\/06\/2019-J-PAL-professors-Esther-Duflo-Abhijit-Banerjee-awarded-Nobel-Prize-for-Economics-300x200.jpg\" alt=\"\" width=\"300\" height=\"200\" srcset=\"https:\/\/media.alj.com\/app\/uploads\/2020\/06\/2019-J-PAL-professors-Esther-Duflo-Abhijit-Banerjee-awarded-Nobel-Prize-for-Economics-300x200.jpg 300w, https:\/\/media.alj.com\/app\/uploads\/2020\/06\/2019-J-PAL-professors-Esther-Duflo-Abhijit-Banerjee-awarded-Nobel-Prize-for-Economics-150x100.jpg 150w, https:\/\/media.alj.com\/app\/uploads\/2020\/06\/2019-J-PAL-professors-Esther-Duflo-Abhijit-Banerjee-awarded-Nobel-Prize-for-Economics.jpg 639w\" sizes=\"(max-width: 300px) 100vw, 300px\" \/><\/p>\n<p>S\u00ed, es correcto. El J-PAL es un centro de investigaci\u00f3n global que trabaja para reducir la pobreza garantizando que la pol\u00edtica est\u00e9 fundamentada en pruebas cient\u00edficas. El J-PAL cuenta con una red de m\u00e1s de 190 profesores asociados en todo el mundo y liderados por sus fundadores <a href=\"https:\/\/communityjameel.org\/en\/news\/listing\/J_PAL_co_founders_awarded_the-Noble_Prize_in_Economics\">ganadores del premio Nobel<\/a>, los profesores <a href=\"https:\/\/www.povertyactionlab.org\/person\/banerjee\">Abhijit Banerjee<\/a> y <a href=\"https:\/\/www.povertyactionlab.org\/person\/duflo\">Esther Duflo<\/a>, y lleva a cabo valoraciones del impacto aleatorias para evaluar la repercusi\u00f3n de las pol\u00edticas.<\/p>\n<p>Su principal objetivo, como su nombre indica, es reducir la pobreza mundial, pero dado que los m\u00e1s pobres del mundo son los m\u00e1s vulnerables y se ven afectados de forma desproporcionada por nuestra manera de tratar el medio ambiente, el cambio clim\u00e1tico tambi\u00e9n est\u00e1 en su punto de mira. Por ello, ha establecido un programa espec\u00edfico en materia de medio ambiente, energ\u00eda y cambio clim\u00e1tico, <a href=\"https:\/\/www.povertyactionlab.org\/initiative\/king-climate-action-initiative\">la Iniciativa de Acci\u00f3n Clim\u00e1tica King (King Climate Action Initiative, K-CAI)<\/a>, con el objetivo de medir las repercusiones que tienen en el mundo las pol\u00edticas energ\u00e9ticas y medioambientales, especialmente en lo relativo al acceso a la energ\u00eda, la reducci\u00f3n de la contaminaci\u00f3n y la mitigaci\u00f3n y resiliencia del cambio clim\u00e1tico.<\/p>\n<p>Adem\u00e1s de apoyar a los legisladores en la aplicaci\u00f3n de pruebas extra\u00eddas de valoraciones aleatorias a su trabajo, J-PAL tambi\u00e9n ofrece perspectivas de pol\u00edticas que explican las lecciones generales que surgen de la investigaci\u00f3n y condensa los resultados de las valoraciones en publicaciones de pol\u00edticas y res\u00famenes de valoraciones, haciendo que estos datos de incalculable valor sean accesibles para el p\u00fablico m\u00e1s amplio posible.<\/p>\n<p>Es un programa realmente emocionante y ya estamos viendo algunos resultados fant\u00e1sticos gracias a su trabajo en el campo del cambio clim\u00e1tico y las pol\u00edticas h\u00eddricas.<\/p>\n<p><strong>Nuestro mundo ha cambiado mucho en los \u00faltimos meses debido a la pandemia. \u00bfC\u00f3mo cree que afectar\u00e1 a la industria del agua? <\/strong><\/p>\n<p>La pandemia tendr\u00e1 un impacto significativo en la industria del agua, tanto directa como indirectamente. Es probable que afecte a los patrones y niveles de consumo. Dado que un mayor n\u00famero de personas se ha quedado en casa debido a las restricciones por los confinamientos, es probable que el consumo nacional haya aumentado. Al mismo tiempo, puesto que muchos sectores se han visto afectados negativamente por la crisis, es probable que el consumo industrial haya disminuido. Es menos probable que el consumo por parte de la agricultura se haya visto afectado.<\/p>\n<p>Sin embargo, creo que el impacto real ser\u00e1 indirecto, en forma de una mayor concienciaci\u00f3n y urgencia en torno al cambio clim\u00e1tico y la sostenibilidad medioambiental de nuestra sociedad.<\/p>\n<p>La pandemia puede verse como una confirmaci\u00f3n de que somos los catalizadores de muchos de los cambios medioambientales que estamos presenciando en nuestro planeta. De hecho, si el impacto del coronavirus nos ha ense\u00f1ado algo, es que prevenir la recurrencia de un acontecimiento catastr\u00f3fico como este requerir\u00e1 una forma completamente nueva de pensar sobre nuestra manera de acceder, procesar y consumir los recursos de la naturaleza, ninguno de los cuales es m\u00e1s preciado que el agua.<\/p>\n<p>Creo que es probable que esto conduzca a un aumento, y espero que a gran velocidad, de las inversiones en tecnolog\u00edas de la desalinizaci\u00f3n m\u00e1s limpias y energ\u00e9ticamente eficientes, y tambi\u00e9n a impulsar una espectacular expansi\u00f3n de la industria del tratamiento de las aguas residuales. Y a\u00fan m\u00e1s dadas las recientes mejoras en el marco normativo, ejemplificadas por las nuevas normativas de la UE.<\/p>\n<p><strong>\u00bfEn qu\u00e9 medida se muestra optimista en cuanto al futuro de la industria del agua y su papel m\u00e1s amplio en la conformaci\u00f3n de nuestra respuesta ante la crisis clim\u00e1tica?<\/strong><\/p>\n<p>Soy optimista por naturaleza, as\u00ed que conf\u00edo en que podamos tomar las medidas necesarias para hacer realidad el potencial de la industria del agua para que podamos sostener nuestras comunidades, proteger nuestro planeta y salvaguardar nuestro futuro.<\/p>\n<p>No ser\u00e1 un camino f\u00e1cil. Todos debemos trabajar juntos (la industria del agua, los inversores, las ONG, los gobiernos, los investigadores, las comunidades) para impulsar los avances necesarios para asegurar el suministro de agua segura, limpia y sostenible para todos.<\/p>\n<p>La crisis del agua es responsabilidad de todos.<\/p>\n<p>Y creo firmemente que si priorizamos el desaf\u00edo del agua, establecemos los marcos pol\u00edticos y fiscales para fomentar la inversi\u00f3n y la innovaci\u00f3n, y fomentamos un esp\u00edritu de colaboraci\u00f3n y asociaci\u00f3n, podremos construir una industria del agua con la capacidad y el compromiso para desempe\u00f1ar un papel fundamental en el fortalecimiento de la seguridad del agua y el desarrollo global, ayudando a garantizar un futuro sostenible para todos.<\/p>\n","protected":false},"featured_media":85530,"template":"","tags":[],"acf":[],"yoast_head":"<!-- This site is optimized with the Yoast SEO plugin v21.5 - https:\/\/yoast.com\/wordpress\/plugins\/seo\/ -->\n<title>Enfoque hol\u00edstico de la demanda de clima y agua | Abdul Latif Jameel\u00ae<\/title>\n<meta name=\"description\" content=\"Versi\u00f3n ampliada de una entrevista exclusiva con Fady Jameel, presidente adjunto y vicepresidente de Abdul Latif Jameel, de \u00abGlobal Connections\u00bb, Q1\/2021.\" \/>\n<meta name=\"robots\" content=\"index, follow, max-snippet:-1, max-image-preview:large, max-video-preview:-1\" \/>\n<link rel=\"canonical\" href=\"https:\/\/alj.com\/es\/spotlight-by-fady-jameel\/invertir-en-el-potencial-del-manana-por-que-el-clima-y-el-agua-exigen-un-enfoque-mas-holistico\/\" \/>\n<meta property=\"og:locale\" content=\"es_ES\" \/>\n<meta property=\"og:type\" content=\"article\" \/>\n<meta property=\"og:title\" content=\"Enfoque hol\u00edstico de la demanda de clima y agua | Abdul Latif Jameel\u00ae\" \/>\n<meta property=\"og:description\" content=\"Versi\u00f3n ampliada de una entrevista exclusiva con Fady Jameel, presidente adjunto y vicepresidente de Abdul Latif Jameel, de \u00abGlobal Connections\u00bb, Q1\/2021.\" \/>\n<meta property=\"og:url\" content=\"https:\/\/alj.com\/es\/spotlight-by-fady-jameel\/invertir-en-el-potencial-del-manana-por-que-el-clima-y-el-agua-exigen-un-enfoque-mas-holistico\/\" \/>\n<meta property=\"og:site_name\" content=\"Abdul Latif Jameel\" \/>\n<meta property=\"article:publisher\" content=\"https:\/\/www.facebook.com\/Abdul.Latif.Jameel.Official\" \/>\n<meta property=\"article:modified_time\" content=\"2021-04-22T08:36:28+00:00\" \/>\n<meta property=\"og:image\" content=\"https:\/\/media.alj.com\/app\/uploads\/2021\/03\/mostafa-ashraf-mostafa-2n-NlDEAhtk-unsplash.jpg\" \/>\n\t<meta property=\"og:image:width\" content=\"2400\" \/>\n\t<meta property=\"og:image:height\" content=\"1800\" \/>\n\t<meta property=\"og:image:type\" content=\"image\/jpeg\" \/>\n<meta name=\"twitter:card\" content=\"summary_large_image\" \/>\n<meta name=\"twitter:label1\" content=\"Est. reading time\" \/>\n\t<meta name=\"twitter:data1\" content=\"18 minutes\" \/>\n<script type=\"application\/ld+json\" class=\"yoast-schema-graph\">{\"@context\":\"https:\/\/schema.org\",\"@graph\":[{\"@type\":\"WebPage\",\"@id\":\"https:\/\/alj.com\/es\/spotlight-by-fady-jameel\/invertir-en-el-potencial-del-manana-por-que-el-clima-y-el-agua-exigen-un-enfoque-mas-holistico\/\",\"url\":\"https:\/\/alj.com\/es\/spotlight-by-fady-jameel\/invertir-en-el-potencial-del-manana-por-que-el-clima-y-el-agua-exigen-un-enfoque-mas-holistico\/\",\"name\":\"Enfoque hol\u00edstico de la demanda de clima y agua | Abdul Latif Jameel\u00ae\",\"isPartOf\":{\"@id\":\"https:\/\/alj.com\/en\/#website\"},\"datePublished\":\"2021-03-09T10:43:43+00:00\",\"dateModified\":\"2021-04-22T08:36:28+00:00\",\"description\":\"Versi\u00f3n ampliada de una entrevista exclusiva con Fady Jameel, presidente adjunto y vicepresidente de Abdul Latif Jameel, de \u00abGlobal Connections\u00bb, Q1\/2021.\",\"breadcrumb\":{\"@id\":\"https:\/\/alj.com\/es\/spotlight-by-fady-jameel\/invertir-en-el-potencial-del-manana-por-que-el-clima-y-el-agua-exigen-un-enfoque-mas-holistico\/#breadcrumb\"},\"inLanguage\":\"es-ES\",\"potentialAction\":[{\"@type\":\"ReadAction\",\"target\":[\"https:\/\/alj.com\/es\/spotlight-by-fady-jameel\/invertir-en-el-potencial-del-manana-por-que-el-clima-y-el-agua-exigen-un-enfoque-mas-holistico\/\"]}]},{\"@type\":\"BreadcrumbList\",\"@id\":\"https:\/\/alj.com\/es\/spotlight-by-fady-jameel\/invertir-en-el-potencial-del-manana-por-que-el-clima-y-el-agua-exigen-un-enfoque-mas-holistico\/#breadcrumb\",\"itemListElement\":[{\"@type\":\"ListItem\",\"position\":1,\"name\":\"Home\",\"item\":\"https:\/\/alj.com\/es\/\"},{\"@type\":\"ListItem\",\"position\":2,\"name\":\"Spotlight By Fady Jameel\",\"item\":\"https:\/\/alj.com\/ja\/spotlight-by-fady-jameel\/\"},{\"@type\":\"ListItem\",\"position\":3,\"name\":\"Invertir en el potencial del ma\u00f1ana: por qu\u00e9 el clima y el agua exigen un enfoque m\u00e1s hol\u00edstico\"}]},{\"@type\":\"WebSite\",\"@id\":\"https:\/\/alj.com\/en\/#website\",\"url\":\"https:\/\/alj.com\/en\/\",\"name\":\"Abdul Latif Jameel\",\"description\":\"Abdul Latif Jameel\",\"potentialAction\":[{\"@type\":\"SearchAction\",\"target\":{\"@type\":\"EntryPoint\",\"urlTemplate\":\"https:\/\/alj.com\/en\/?s={search_term_string}\"},\"query-input\":\"required name=search_term_string\"}],\"inLanguage\":\"es-ES\"}]}<\/script>\n<!-- \/ Yoast SEO plugin. -->","yoast_head_json":{"title":"Enfoque hol\u00edstico de la demanda de clima y agua | Abdul Latif Jameel\u00ae","description":"Versi\u00f3n ampliada de una entrevista exclusiva con Fady Jameel, presidente adjunto y vicepresidente de Abdul Latif Jameel, de \u00abGlobal Connections\u00bb, Q1\/2021.","robots":{"index":"index","follow":"follow","max-snippet":"max-snippet:-1","max-image-preview":"max-image-preview:large","max-video-preview":"max-video-preview:-1"},"canonical":"https:\/\/alj.com\/es\/spotlight-by-fady-jameel\/invertir-en-el-potencial-del-manana-por-que-el-clima-y-el-agua-exigen-un-enfoque-mas-holistico\/","og_locale":"es_ES","og_type":"article","og_title":"Enfoque hol\u00edstico de la demanda de clima y agua | Abdul Latif Jameel\u00ae","og_description":"Versi\u00f3n ampliada de una entrevista exclusiva con Fady Jameel, presidente adjunto y vicepresidente de Abdul Latif Jameel, de \u00abGlobal Connections\u00bb, Q1\/2021.","og_url":"https:\/\/alj.com\/es\/spotlight-by-fady-jameel\/invertir-en-el-potencial-del-manana-por-que-el-clima-y-el-agua-exigen-un-enfoque-mas-holistico\/","og_site_name":"Abdul Latif Jameel","article_publisher":"https:\/\/www.facebook.com\/Abdul.Latif.Jameel.Official","article_modified_time":"2021-04-22T08:36:28+00:00","og_image":[{"width":2400,"height":1800,"url":"https:\/\/media.alj.com\/app\/uploads\/2021\/03\/mostafa-ashraf-mostafa-2n-NlDEAhtk-unsplash.jpg","type":"image\/jpeg"}],"twitter_card":"summary_large_image","twitter_misc":{"Est. reading time":"18 minutes"},"schema":{"@context":"https:\/\/schema.org","@graph":[{"@type":"WebPage","@id":"https:\/\/alj.com\/es\/spotlight-by-fady-jameel\/invertir-en-el-potencial-del-manana-por-que-el-clima-y-el-agua-exigen-un-enfoque-mas-holistico\/","url":"https:\/\/alj.com\/es\/spotlight-by-fady-jameel\/invertir-en-el-potencial-del-manana-por-que-el-clima-y-el-agua-exigen-un-enfoque-mas-holistico\/","name":"Enfoque hol\u00edstico de la demanda de clima y agua | Abdul Latif Jameel\u00ae","isPartOf":{"@id":"https:\/\/alj.com\/en\/#website"},"datePublished":"2021-03-09T10:43:43+00:00","dateModified":"2021-04-22T08:36:28+00:00","description":"Versi\u00f3n ampliada de una entrevista exclusiva con Fady Jameel, presidente adjunto y vicepresidente de Abdul Latif Jameel, de \u00abGlobal Connections\u00bb, Q1\/2021.","breadcrumb":{"@id":"https:\/\/alj.com\/es\/spotlight-by-fady-jameel\/invertir-en-el-potencial-del-manana-por-que-el-clima-y-el-agua-exigen-un-enfoque-mas-holistico\/#breadcrumb"},"inLanguage":"es-ES","potentialAction":[{"@type":"ReadAction","target":["https:\/\/alj.com\/es\/spotlight-by-fady-jameel\/invertir-en-el-potencial-del-manana-por-que-el-clima-y-el-agua-exigen-un-enfoque-mas-holistico\/"]}]},{"@type":"BreadcrumbList","@id":"https:\/\/alj.com\/es\/spotlight-by-fady-jameel\/invertir-en-el-potencial-del-manana-por-que-el-clima-y-el-agua-exigen-un-enfoque-mas-holistico\/#breadcrumb","itemListElement":[{"@type":"ListItem","position":1,"name":"Home","item":"https:\/\/alj.com\/es\/"},{"@type":"ListItem","position":2,"name":"Spotlight By Fady Jameel","item":"https:\/\/alj.com\/ja\/spotlight-by-fady-jameel\/"},{"@type":"ListItem","position":3,"name":"Invertir en el potencial del ma\u00f1ana: por qu\u00e9 el clima y el agua exigen un enfoque m\u00e1s hol\u00edstico"}]},{"@type":"WebSite","@id":"https:\/\/alj.com\/en\/#website","url":"https:\/\/alj.com\/en\/","name":"Abdul Latif Jameel","description":"Abdul Latif Jameel","potentialAction":[{"@type":"SearchAction","target":{"@type":"EntryPoint","urlTemplate":"https:\/\/alj.com\/en\/?s={search_term_string}"},"query-input":"required name=search_term_string"}],"inLanguage":"es-ES"}]}},"post-meta-fields":{"_alp_processed":["1615268673"],"_wpml_word_count":["{\"total\":2996,\"to_translate\":{\"ar\":2996,\"zh-hans\":2996,\"fr\":2996,\"ja\":2996,\"es\":2996,\"tr\":2996}}"],"push_notification":["no"],"_push_notification":["field_5c3b1fb67034d"],"_wpml_media_featured":["1"],"_wpml_media_duplicate":["1"],"perspective_short_title":["Por qu\u00e9 el clima y el agua exigen un enfoque m\u00e1s hol\u00edstico"],"perspective_summury":["<p>Versi\u00f3n ampliada de una entrevista exclusiva con Fady Jameel, presidente adjunto y vicepresidente de <a href=\"https:\/\/alj.com\">Abdul Latif Jameel<\/a><u>, <\/u>para la revista <em>International Desalination Association \u201cGlobal Connections\u201d<\/em> del 1T\/2021<\/p>\n"],"perspective_location":["Dubai, EAU"],"perspective_author_name":["<p><span style=\"color: #000000;\"><a href=\"https:\/\/www.alj.com\/es\/our-people\/fady-jameel\/\">Fady Jameel<\/a><\/span><\/p>\n<p>Presidente adjunto y vicepresidente,\u00a0Abdul Latif Jameel International<\/p>\n"],"perspective_author_bio":["<p><a href=\"https:\/\/www.alj.com\/es\/our-people\/fady-jameel\/\">Fady Jameel<\/a> es presidente adjunto y vicepresidente internacional de\u00a0Abdul Latif Jameel, un colectivo de empresas internacionales e independientes diversificadas de propiedad familiar fundado en 1945 por el difunto Abdul Latif Jameel.<\/p>\n"],"wpcf-featured-news":["0"],"is_latest_news":["0"],"wpcf-show-news-at-homepage":["1"],"publish_mobile":[""],"_publish_mobile":["field_5bfa8eb2e65cf"],"mobile_featured_image":["https:\/\/media.alj.com\/app\/uploads\/2021\/03\/mostafa-ashraf-mostafa-2n-NlDEAhtk-unsplash.jpg"],"_mobile_featured_image":["field_5c3b204983dea"],"is_podcast":["0"],"_is_podcast":["field_5ee1dff933e7f"],"_wpcf-card-image-sort-order":["a:1:{i:0;i:965675;}"],"_bsf_post_type":["0"],"_bsf_item_review_type":["none"],"_yoast_wpseo_title":["Enfoque hol\u00edstico de la demanda de clima y agua | Abdul Latif Jameel\u00ae"],"_yoast_wpseo_content_score":["30"],"_thumbnail_id":["85530"],"_last_translation_edit_mode":["native-editor"],"_yoast_wpseo_metadesc":["Versi\u00f3n ampliada de una entrevista exclusiva con Fady Jameel, presidente adjunto y vicepresidente de Abdul Latif Jameel, de \u00abGlobal Connections\u00bb, Q1\/2021."],"perspective_business_sector":["Soluciones de Energ\u00eda E\u00f3lica"],"perspective_author_image":["51686"],"wpcf-perspective-published-date":["1615248000"],"wpcf-card-image":[""]},"_links":{"self":[{"href":"https:\/\/alj.com\/es\/wp-json\/wp\/v2\/spotlight-fadyjameel\/85683"}],"collection":[{"href":"https:\/\/alj.com\/es\/wp-json\/wp\/v2\/spotlight-fadyjameel"}],"about":[{"href":"https:\/\/alj.com\/es\/wp-json\/wp\/v2\/types\/spotlight-fadyjameel"}],"wp:featuredmedia":[{"embeddable":true,"href":"https:\/\/alj.com\/es\/wp-json\/wp\/v2\/media\/85530"}],"wp:attachment":[{"href":"https:\/\/alj.com\/es\/wp-json\/wp\/v2\/media?parent=85683"}],"wp:term":[{"taxonomy":"post_tag","embeddable":true,"href":"https:\/\/alj.com\/es\/wp-json\/wp\/v2\/tags?post=85683"}],"curies":[{"name":"wp","href":"https:\/\/api.w.org\/{rel}","templated":true}]}}