{"id":109139,"date":"2023-08-03T10:51:42","date_gmt":"2023-08-03T10:51:42","guid":{"rendered":"https:\/\/alj.com\/?post_type=perspective&#038;p=109139"},"modified":"2024-04-22T08:51:08","modified_gmt":"2024-04-22T08:51:08","slug":"club-culturel-le-role-de-la-culture-dentreprise-dans-la-performance-commerciale","status":"publish","type":"perspective","link":"https:\/\/alj.com\/fr\/perspective\/club-culturel-le-role-de-la-culture-dentreprise-dans-la-performance-commerciale\/","title":{"rendered":"Club culturel : le r\u00f4le de la culture d\u2019entreprise dans la performance commerciale"},"content":{"rendered":"<p>La culture d\u2019entreprise est depuis longtemps consid\u00e9r\u00e9e comme un pilier important dans la cr\u00e9ation et le maintien d\u2019une entreprise prosp\u00e8re. Alors que la concurrence mondiale s\u2019est intensifi\u00e9e au cours des deux derni\u00e8res d\u00e9cennies, notamment sur le march\u00e9 du travail, elle est devenue un indicateur encore plus important d\u2019intention, d\u2019ambition et de diff\u00e9renciation.<\/p>\n<p>Les cyniques peuvent y voir un simple mot \u00e0 la mode, mais beaucoup pensent qu\u2019une culture d\u2019entreprise positive peut faire la diff\u00e9rence entre la r\u00e9ussite ou l\u2019\u00e9chec \u00e0 long terme. En effet, selon les experts de McKinsey &amp; Company<a href=\"#_ftn1\" name=\"_ftnref1\">[1]<\/a>, les soci\u00e9t\u00e9s dot\u00e9es d\u2019une solide culture obtiennent un rendement global pour leurs actionnaires trois fois plus \u00e9lev\u00e9 que les autres.<\/p>\n<p>Dans le cadre de son investissement dans la construction et le maintien d\u2019une culture d\u2019entreprise forte, Abdul Latif Jameel a lanc\u00e9 au d\u00e9but de l\u2019ann\u00e9e les \u00ab\u00a0Principes Jameel\u00a0\u00bb.<\/p>\n<figure id=\"attachment_108785\" aria-describedby=\"caption-attachment-108785\" style=\"width: 300px\" class=\"wp-caption alignright\"><img decoding=\"async\" loading=\"lazy\" class=\"size-medium wp-image-108785\" src=\"https:\/\/media.alj.com\/app\/uploads\/2020\/11\/Sheikh-Abdul-Latif-Jameel-with-two-business-associates-1932-680x378-1-300x167.jpg\" alt=\"Sheikh Abdul Latif Jameel with two business associates 1932 680x378\" width=\"300\" height=\"167\" srcset=\"https:\/\/media.alj.com\/app\/uploads\/2020\/11\/Sheikh-Abdul-Latif-Jameel-with-two-business-associates-1932-680x378-1-300x167.jpg 300w, https:\/\/media.alj.com\/app\/uploads\/2020\/11\/Sheikh-Abdul-Latif-Jameel-with-two-business-associates-1932-680x378-1-150x83.jpg 150w, https:\/\/media.alj.com\/app\/uploads\/2020\/11\/Sheikh-Abdul-Latif-Jameel-with-two-business-associates-1932-680x378-1-375x208.jpg 375w, https:\/\/media.alj.com\/app\/uploads\/2020\/11\/Sheikh-Abdul-Latif-Jameel-with-two-business-associates-1932-680x378-1-226x126.jpg 226w, https:\/\/media.alj.com\/app\/uploads\/2020\/11\/Sheikh-Abdul-Latif-Jameel-with-two-business-associates-1932-680x378-1-500x277.jpg 500w, https:\/\/media.alj.com\/app\/uploads\/2020\/11\/Sheikh-Abdul-Latif-Jameel-with-two-business-associates-1932-680x378-1.jpg 680w\" sizes=\"(max-width: 300px) 100vw, 300px\" \/><figcaption id=\"caption-attachment-108785\" class=\"wp-caption-text\">1932\u00a0: notre fondateur, feu le cheikh Abdul Latif Jameel, jeune entrepreneur commercial visionnaire entre deux collaborateurs saoudiens. Cr\u00e9dit photo \u00a9 La famille Jameel<\/figcaption><\/figure>\n<p>S\u2019inspirant de son partenaire de longue date, Toyota Motor Corporation, et de pr\u00e8s de huit d\u00e9cennies de succ\u00e8s commercial international et interculturel, les Principes Jameel r\u00e9sument les quatre valeurs fondamentales du fondateur, feu le cheikh Abdul Latif Jameel, sur lesquelles reposent les activit\u00e9s d\u2019Abdul Latif Jameel depuis\u00a01945 et sa culture d\u2019entreprise.<\/p>\n<p>Nous nous sommes entretenus avec <a href=\"https:\/\/alj.com\/en\/our-people\/faisal-a-abdalla\/\">Faisal Abdalla<\/a>, vice-pr\u00e9sident des RH d\u2019entreprise et du Kaizen, sur les Principes Jameel et le r\u00f4le de la culture d\u2019entreprise chez Abdul Latif Jameel.<\/p>\n<h2>Qu\u2019est-ce que la culture d\u2019entreprise et en quoi est-elle importante\u00a0?<\/h2>\n<p>La meilleure d\u00e9finition que je puisse donner de la culture d\u2019entreprise est qu\u2019il s\u2019agit d\u2019une croyance ou perception commune qu\u2019un groupe de personnes a de son lieu de travail et de l\u2019organisation pour laquelle il travaille.<\/p>\n<p>En quoi est-elle importante\u00a0? Parce qu\u2019une croyance commune cr\u00e9e un \u00ab\u00a0ciment\u00a0\u00bb &#8211; une exp\u00e9rience commune &#8211; qui lie les gens entre eux. Cette croyance contribue \u00e0 d\u00e9finir les comportements, les attentes et les attitudes communs \u00e0 ce groupe de personnes. Il ne s\u2019agit pas d\u2019un dogme \u00e0 suivre aveugl\u00e9ment, mais d\u2019un cadre propice \u00e0 l\u2019innovation, combinant de mani\u00e8re cr\u00e9ative vos talents avec ceux des autres.<\/p>\n<h2>Quel r\u00f4le la culture d\u2019entreprise joue-t-elle dans la r\u00e9ussite de l\u2019entreprise\u00a0?<\/h2>\n<p>L\u2019articulation de la culture d\u2019entreprise est d\u2019une importance capitale, car la codifier permet d\u2019en faire un avantage concurrentiel durable pour votre entreprise. Lorsque l\u2019on institutionnalise ses m\u00e9thodes de travail distinctives &#8211; ces comportements et pratiques qui font ressortir la magie de notre personnel &#8211; on peut toujours compter sur l\u2019avantage de notre entreprise. Une culture ax\u00e9e sur les personnes est un multiplicateur de force de la strat\u00e9gie commerciale.<\/p>\n<p>Peu importe la taille de la soci\u00e9t\u00e9. Que vous soyez deux collaborateurs ou une organisation mondiale complexe. Toute soci\u00e9t\u00e9 a sa culture d\u2019entreprise, qu\u2019elle a sp\u00e9cifiquement cherch\u00e9 \u00e0 d\u00e9velopper et \u00e0 inculquer, ou qui a \u00e9merg\u00e9 de mani\u00e8re croissante au fil du temps par empirisme\u00a0; la culture est souvent ce qui reste de la r\u00e9ussite.<\/p>\n<p>Une phrase souvent cit\u00e9e dans le monde des affaires dit que\u00a0: \u00ab\u00a0la culture mange la strat\u00e9gie au petit d\u00e9jeuner\u00a0\u00bb. Cela signifie essentiellement que si votre culture ne soutient pas ou ne s\u2019aligne pas sur votre strat\u00e9gie, quelle qu\u2019elle soit, vous aurez beaucoup plus de mal \u00e0 la mettre en \u0153uvre. Je crois vraiment en cela. Les deux doivent \u00eatre compl\u00e9mentaires. Chez Abdul Latif Jameel, notre philosophie d\u2019entreprise fondamentale (sur laquelle repose la strat\u00e9gie) s\u2019appelle GI<sup>4<\/sup> (croissance durable par l\u2019investissement continu dans le personnel, la technologie commerciale et la communaut\u00e9) et notre culture compl\u00e9mentaire est expos\u00e9e dans les Principes Jameel.<\/p>\n<p>C\u2019est la combinaison de ces deux doctrines, et de ce qu\u2019elles repr\u00e9sentent, qui constitue la base de notre r\u00e9ussite.<\/p>\n<p><img decoding=\"async\" loading=\"lazy\" class=\"aligncenter size-full wp-image-109132\" src=\"https:\/\/media.alj.com\/app\/uploads\/2023\/08\/The-Jameel-Principles-associates-1.jpg\" alt=\"\" width=\"1155\" height=\"577\" srcset=\"https:\/\/media.alj.com\/app\/uploads\/2023\/08\/The-Jameel-Principles-associates-1.jpg 1155w, https:\/\/media.alj.com\/app\/uploads\/2023\/08\/The-Jameel-Principles-associates-1-300x150.jpg 300w, https:\/\/media.alj.com\/app\/uploads\/2023\/08\/The-Jameel-Principles-associates-1-1024x512.jpg 1024w, https:\/\/media.alj.com\/app\/uploads\/2023\/08\/The-Jameel-Principles-associates-1-150x75.jpg 150w, https:\/\/media.alj.com\/app\/uploads\/2023\/08\/The-Jameel-Principles-associates-1-768x384.jpg 768w\" sizes=\"(max-width: 1155px) 100vw, 1155px\" \/><\/p>\n<h2>Quels sont les risques li\u00e9s \u00e0 l\u2019absence de culture d\u2019entreprise\u00a0?<\/h2>\n<p>La culture d\u2019entreprise n\u2019est en aucun cas le seul facteur de r\u00e9ussite. Mais je crois qu\u2019en l\u2019absence d\u2019une culture d\u2019entreprise coh\u00e9rente, homog\u00e8ne et bien g\u00e9r\u00e9e, une entreprise se prive de ce qu\u2019elle pourrait r\u00e9aliser autrement. Cela ne veut pas dire qu\u2019elle ne sera pas en mesure d\u2019atteindre ses objectifs, mais cela rend les choses plus difficiles &#8211; car les personnes ne sont pas align\u00e9es et ne travaillent pas de concert &#8211; si bien que les r\u00e9sultats ne sont pas aussi bons qu\u2019ils auraient pu l\u2019\u00eatre s\u2019ils avaient \u00e9t\u00e9 soutenus par une culture d\u2019entreprise coh\u00e9rente et harmonis\u00e9e. L\u2019ex\u00e9cution individuelle est une chose. L\u2019ex\u00e9cution organisationnelle est essentielle pour une entreprise de premier plan, et cela n\u2019est possible qu\u2019avec une culture d\u2019entreprise volontaire.<\/p>\n<h2>La culture d\u2019entreprise est-elle fixe, ou est-ce quelque chose qui \u00e9volue et se d\u00e9veloppe au fil du temps\u00a0?<\/h2>\n<p>Les cultures d\u2019entreprise authentiques ne sont absolument pas statiques. Elles ont une vitalit\u00e9 palpitante. Elles ont ce double r\u00f4le vital qui consiste \u00e0 garantir la stabilit\u00e9, tout en conduisant et en orientant les changements n\u00e9cessaires pour prosp\u00e9rer dans un monde en mutation, d\u2019une mani\u00e8re qui nous permette de rester fid\u00e8les \u00e0 notre c\u0153ur de m\u00e9tier. Nous vivons dans un monde de plus en plus caract\u00e9ris\u00e9 par la volatilit\u00e9, l\u2019incertitude, la complexit\u00e9 et l\u2019ambigu\u00eft\u00e9 (ph\u00e9nom\u00e8ne \u00ab\u00a0VUCA\u00a0\u00bb pour \u00ab\u00a0volatility, uncertainty, complexity, ambiguity\u00a0\u00bb). Les entreprises doivent rester flexibles pour faire face \u00e0 ces probl\u00e8mes et rester pertinentes sur leurs march\u00e9s. De la m\u00eame mani\u00e8re, leur culture d\u2019entreprise doit \u00e9voluer et se d\u00e9velopper au fil du temps pour soutenir ces objectifs.<\/p>\n<p><img decoding=\"async\" loading=\"lazy\" class=\"aligncenter size-full wp-image-109093\" src=\"https:\/\/media.alj.com\/app\/uploads\/2023\/08\/The-Jameel-Principles-culture.jpg\" alt=\"\" width=\"940\" height=\"398\" srcset=\"https:\/\/media.alj.com\/app\/uploads\/2023\/08\/The-Jameel-Principles-culture.jpg 940w, https:\/\/media.alj.com\/app\/uploads\/2023\/08\/The-Jameel-Principles-culture-300x127.jpg 300w, https:\/\/media.alj.com\/app\/uploads\/2023\/08\/The-Jameel-Principles-culture-150x64.jpg 150w, https:\/\/media.alj.com\/app\/uploads\/2023\/08\/The-Jameel-Principles-culture-768x325.jpg 768w\" sizes=\"(max-width: 940px) 100vw, 940px\" \/><\/p>\n<p>Cependant, vous ne voulez pas d\u2019une culture d\u2019entreprise qui change constamment et prend chaque jour une nouvelle tournure. Certains principes fondamentaux doivent \u00eatre sacro-saints et ne jamais \u00eatre compromis, comme l\u2019int\u00e9grit\u00e9 ou le respect, par exemple, mais il peut \u00eatre n\u00e9cessaire de modifier ou d\u2019affiner la mani\u00e8re dont ils s\u2019articulent ou sont interpr\u00e9t\u00e9s afin de r\u00e9pondre \u00e0 la dynamique \u00e9volutive de l\u2019univers volatile, incertain, complexe et ambigu dans lequel on \u00e9volue.<\/p>\n<h2>Quelle est l\u2019approche d\u2019Abdul Latif Jameel en mati\u00e8re de culture d\u2019entreprise\u00a0?<\/h2>\n<p>Abdul Latif Jameel se distingue de nombreuses entreprises de m\u00eame taille par le fait qu\u2019il s\u2019agit d\u2019une entreprise familiale, qui porte le nom de son fondateur. Contrairement \u00e0 une grande multinationale cot\u00e9e en bourse, dont le PDG et l\u2019\u00e9quipe dirigeante senior changent r\u00e9guli\u00e8rement, une entreprise familiale b\u00e9n\u00e9ficie d\u2019une coh\u00e9rence et d\u2019une stabilit\u00e9 inh\u00e9rentes \u00e0 sa culture et \u00e0 ses valeurs, qui \u00e9manent des valeurs de la famille, impr\u00e9gn\u00e9es au fil des ans.<\/p>\n<p>Je pense qu\u2019en tant que r\u00e9seau international d\u2019entreprises, nous avons une formidable opportunit\u00e9 de tirer pleinement parti de cette situation dans la mani\u00e8re dont nous d\u00e9veloppons notre culture d\u2019entreprise et interpr\u00e9tons nos valeurs au sein de notre organisation diversifi\u00e9e, au b\u00e9n\u00e9fice de notre entreprise et de notre personnel.<\/p>\n<p>C\u2019est l\u00e0 que les Principes Jameel entrent en jeu. Ils orientent nos collaborateurs dans l\u2019univers volatile, incertain, complexe et ambigu o\u00f9 nous \u00e9voluons en nous appuyant sur nos valeurs et notre culture.<\/p>\n<h2>Alors, quels sont les Principes Jameel\u00a0?<\/h2>\n<p>Les Principes Jameel sont bas\u00e9s sur quatre valeurs fondamentales. Ce sont les valeurs de notre d\u00e9funt fondateur, Abdul Latif Jameel. Elles ont pris forme sous sa direction et sont d\u00e9fendues par notre pr\u00e9sident actuel, Mohammed Jameel, depuis plus de 40\u00a0ans. Elles se manifestent \u00e0 travers les g\u00e9n\u00e9rations successives de la famille Jameel et dans les priorit\u00e9s quotidiennes de notre entreprise et de notre personnel.<\/p>\n<p><img decoding=\"async\" loading=\"lazy\" class=\"alignright size-medium wp-image-109107\" src=\"https:\/\/media.alj.com\/app\/uploads\/2023\/08\/The-Toyota-Way-217x300.jpg\" alt=\"\" width=\"217\" height=\"300\" srcset=\"https:\/\/media.alj.com\/app\/uploads\/2023\/08\/The-Toyota-Way-217x300.jpg 217w, https:\/\/media.alj.com\/app\/uploads\/2023\/08\/The-Toyota-Way-109x150.jpg 109w, https:\/\/media.alj.com\/app\/uploads\/2023\/08\/The-Toyota-Way.jpg 242w\" sizes=\"(max-width: 217px) 100vw, 217px\" \/>En \u00e9laborant les Principes Jameel, nous nous sommes beaucoup inspir\u00e9s de Toyota, notre partenaire automobile au Moyen-Orient depuis\u00a01955, soit pr\u00e8s de sept d\u00e9cennies.<\/p>\n<p>Toyota est mondialement connue pour son \u00ab\u00a0Toyota Way\u00a0\u00bb\u00a0: 10\u00a0principes servant de base \u00e0 la culture d\u2019entreprise de Toyota dans le monde entier<a href=\"#_ftn2\" name=\"_ftnref2\">[2]<\/a>.<\/p>\n<p>Notre objectif \u00e9tait de faire quelque chose de similaire pour Abdul Latif Jameel, sur la base de quatre valeurs fondamentales\u00a0:<\/p>\n<ul>\n<li><strong>Respecter<\/strong>: il s\u2019agit de respecter les autres, qu\u2019il s\u2019agisse de coll\u00e8gues, de sup\u00e9rieurs, de clients ou d\u2019autres parties prenantes, ainsi que nos attentes individuelles en mati\u00e8re de respect d\u2019autrui.<\/li>\n<li><strong>Am\u00e9liorer<\/strong>: nous voulons encourager les gens \u00e0 apporter des changements progressifs dans leur fa\u00e7on de faire afin d\u2019am\u00e9liorer leurs performances. Si plus de 11\u00a0000\u00a0personnes modifient l\u00e9g\u00e8rement leur fa\u00e7on de faire, l\u2019impact cumulatif peut \u00eatre consid\u00e9rable.<\/li>\n<li><strong>Innover<\/strong>: nous voulons que nos collaborateurs sortent des sentiers battus, qu\u2019ils n\u2019aient pas peur de faire des erreurs dans leur qu\u00eate d\u2019am\u00e9lioration.<\/li>\n<li><strong>Responsabiliser\u00a0<\/strong>: il s\u2019agit de donner aux gens la libert\u00e9 et la responsabilit\u00e9 de prendre des d\u00e9cisions et d\u2019assumer des responsabilit\u00e9s pour contribuer \u00e0 fa\u00e7onner Abdul Latif Jameel et \u00e0 faire progresser notre entreprise.<\/li>\n<\/ul>\n<p>Je pr\u00e9cise que nous n\u2019en sommes pas l\u00e0&#8230; pas encore. Les Principes Jameel ne sont pas une d\u00e9claration relative \u00e0 des faits actuels. Ils sont une combinaison de notre pass\u00e9 et de la culture \u00e0 laquelle nous aspirons. Comme l\u2019\u00e9toile Polaire, ils nous guident dans notre objectif et fournissent un cadre de d\u00e9veloppement personnel et collectif.<\/p>\n<p><img decoding=\"async\" loading=\"lazy\" class=\"aligncenter size-full wp-image-109100\" src=\"https:\/\/media.alj.com\/app\/uploads\/2023\/08\/The-Jameel-Principles-header.jpg\" alt=\"\" width=\"1407\" height=\"339\" srcset=\"https:\/\/media.alj.com\/app\/uploads\/2023\/08\/The-Jameel-Principles-header.jpg 1407w, https:\/\/media.alj.com\/app\/uploads\/2023\/08\/The-Jameel-Principles-header-300x72.jpg 300w, https:\/\/media.alj.com\/app\/uploads\/2023\/08\/The-Jameel-Principles-header-1024x247.jpg 1024w, https:\/\/media.alj.com\/app\/uploads\/2023\/08\/The-Jameel-Principles-header-150x36.jpg 150w, https:\/\/media.alj.com\/app\/uploads\/2023\/08\/The-Jameel-Principles-header-768x185.jpg 768w\" sizes=\"(max-width: 1407px) 100vw, 1407px\" \/><\/p>\n<h2>Comment avez-vous cr\u00e9\u00e9 les Principes Jameel\u00a0?<\/h2>\n<p>Les valeurs sur lesquelles reposent les Principes Jameel ne sont pas nouvelles. Elles font partie des convictions fondamentales sur lesquelles Abdul Latif Jameel s\u2019est appuy\u00e9 pendant pr\u00e8s de 80\u00a0ans. Mais, ces principes comportementaux n\u2019\u00e9taient auparavant ni d\u00e9finis, ni codifi\u00e9s, et n\u2019\u00e9taient pas communiqu\u00e9s dans l\u2019entreprise aussi bien qu\u2019ils auraient pu l\u2019\u00eatre. Nous avons r\u00e9alis\u00e9 que nous devions changer cela dans le cadre de nos efforts visant \u00e0 renforcer notre culture d\u2019entreprise et \u00e0 lui donner la vitalit\u00e9 n\u00e9cessaire \u00e0 la concr\u00e9tisation de nos ambitions commerciales.<\/p>\n<p>Ce faisant, nous avons voulu \u00eatre inclusifs, donner \u00e0 nos collaborateurs l\u2019occasion de partager leur point de vue sur la culture d\u2019entreprise d\u2019Abdul Latif Jameel et sur les valeurs qu\u2019ils jugent importantes pour nous. Nous nous sommes adress\u00e9s aux employ\u00e9s &#8211; nos collaborateurs, comme nous les appelons &#8211; en tant que parties prenantes \u00e0 tous les niveaux de l\u2019entreprise, pour obtenir leur avis et leurs r\u00e9flexions sur ces valeurs. C\u2019\u00e9tait essentiel pour nous assurer qu\u2019ils sont significatifs. Ils ne sont pas seulement consid\u00e9r\u00e9s comme une politique de haut rang impos\u00e9e au personnel. Il est tr\u00e8s important que notre personnel et toutes les parties prenantes puissent s\u2019identifier aux Principes Jameel et aient le sentiment d\u2019avoir contribu\u00e9 \u00e0 leur cr\u00e9ation.<\/p>\n<h2>Les Principes Jameel ont \u00e9t\u00e9 lanc\u00e9s plus t\u00f4t cette ann\u00e9e. Quels sont vos objectifs pour les mois \u00e0 venir\u00a0?<\/h2>\n<p>Ma plus grande pr\u00e9occupation personnelle est de veiller \u00e0 ce que les Principes Jameel soient effectivement transmis dans toute l\u2019entreprise, afin que chacun sache ce qu\u2019ils signifient et comment les appliquer \u00e0 sa propre situation. Mais ce n\u2019est qu\u2019un d\u00e9but. Transmettre notre culture n\u2019est pas seulement une question de communication et d\u2019explication. C\u2019est aussi une exp\u00e9rience authentique de bout en bout, o\u00f9 nos actions confirment nos paroles \u00e0 travers notre engagement avec nos subordonn\u00e9s directs, nos pairs et nos sup\u00e9rieurs.<\/p>\n<figure id=\"attachment_109072\" aria-describedby=\"caption-attachment-109072\" style=\"width: 820px\" class=\"wp-caption aligncenter\"><img decoding=\"async\" loading=\"lazy\" class=\" wp-image-109072\" src=\"https:\/\/media.alj.com\/app\/uploads\/2023\/08\/Faisal-Abdalla-at-The-Jameel-Principles-launch.jpg\" alt=\"\" width=\"820\" height=\"460\" srcset=\"https:\/\/media.alj.com\/app\/uploads\/2023\/08\/Faisal-Abdalla-at-The-Jameel-Principles-launch.jpg 608w, https:\/\/media.alj.com\/app\/uploads\/2023\/08\/Faisal-Abdalla-at-The-Jameel-Principles-launch-300x168.jpg 300w, https:\/\/media.alj.com\/app\/uploads\/2023\/08\/Faisal-Abdalla-at-The-Jameel-Principles-launch-150x84.jpg 150w, https:\/\/media.alj.com\/app\/uploads\/2023\/08\/Faisal-Abdalla-at-The-Jameel-Principles-launch-226x126.jpg 226w\" sizes=\"(max-width: 820px) 100vw, 820px\" \/><figcaption id=\"caption-attachment-109072\" class=\"wp-caption-text\">Faisal Abdalla, vice-pr\u00e9sident des RH de l\u2019entreprise et du Kaizen, lors du lancement des Principes Jameel, le 29\u00a0mars\u00a02023, au Hussein Jameel Hall, Abdul Latif Jameel Jeddah, Arabie saoudite.<\/figcaption><\/figure>\n<p>Nous ne pouvons \u00eatre authentiques et cr\u00e9dibles s\u2019il y a un d\u00e9calage entre nos principes et nos pratiques. Il nous faut cibler de mani\u00e8re constructive les \u00e9carts entre nos intentions et nos actions, avoir la perspicacit\u00e9 n\u00e9cessaire pour comprendre les facteurs syst\u00e9miques et comportementaux \u00e0 l\u2019origine de ces \u00e9carts, et avoir le courage de les traiter avec habilet\u00e9 et d\u00e9termination. Ce que nous devons tous craindre le plus, c\u2019est le scepticisme et l\u2019apathie. Nous ne pouvons pas nous attarder et nous r\u00e9signer aux obstacles qui pourraient emp\u00eacher les Principes Jameel de devenir notre r\u00e9alit\u00e9 commune. Un leadership v\u00e9ritablement humain, comme l\u2019appelle l\u2019un de nos collaborateurs, Bob Chapman, consiste \u00e0 avoir les comp\u00e9tences, le courage et la conviction de consid\u00e9rer notre personnel comme des membres de notre famille, de ne pas se laisser d\u00e9courager par les difficult\u00e9s ou par le cynisme. L\u2019apathie est contagieuse. Mais la foi aussi. Je veux m\u2019assurer que nos dirigeants projettent leur foi dans notre vision culturelle et qu\u2019ils expriment de mani\u00e8re authentique les Principes Jameel \u00e0 travers leurs comportements quotidiens, et m\u00eame \u00e0 chaque instant, en tant qu\u2019ambassadeurs de notre culture.<\/p>\n<p>J\u2019ai bon espoir que notre histoire culturelle nous rendra tous fiers d\u2019y \u00eatre associ\u00e9s, puisque nous l\u2019avons \u00e9crite nous-m\u00eames. Certaines organisations prennent des raccourcis et font appel \u00e0 un cabinet de conseil externe pour d\u00e9terminer leurs valeurs. Je suis fier de dire qu\u2019aucun \u00ab\u00a0conseil ext\u00e9rieur\u00a0\u00bb ne nous a \u00e9t\u00e9 prodigu\u00e9 pour cr\u00e9er les Principes Jameel. Tout a \u00e9t\u00e9 fait en interne. Nos meilleurs consultants ont \u00e9t\u00e9 nos propres collaborateurs, les h\u00e9ritiers personnels de feu Abdul Latif Jameel &#8211; sa famille par procuration en quelque sorte. Je me sens chanceux d\u2019\u00eatre li\u00e9 \u00e0 l\u2019histoire d\u2019une entreprise qui a une \u00e2me, qui s\u2019engage \u00e0 incarner ses valeurs et \u00e0 prendre soin de son personnel, comme l\u2019expriment les Principes Jameel. J\u2019ai h\u00e2te de voir les nouveaux chapitres de cette histoire \u00e9crits par nos dirigeants de demain.<\/p>\n<p><a href=\"#_ftnref1\" name=\"_ftn1\">[1]<\/a> <a href=\"https:\/\/www.mckinsey.com\/capabilities\/people-and-organizational-performance\/our-insights\/the-organization-blog\/establish-a-performance-culture-as-your-secret-sauce\">https:\/\/www.mckinsey.com\/capabilities\/people-and-organizational-performance\/our-insights\/the-organization-blog\/establish-a-performance-culture-as-your-secret-sauce<\/a><\/p>\n<p><a href=\"#_ftnref2\" name=\"_ftn2\">[2]<\/a> <a href=\"https:\/\/www.toyota-europe.com\/about-us\/toyota-vision-and-philosophy\/the-toyota-way\">https:\/\/www.toyota-europe.com\/about-us\/toyota-vision-and-philosophy\/the-toyota-way<\/a><\/p>\n","protected":false},"author":18,"featured_media":109124,"template":"","tags":[],"acf":[],"yoast_head":"<!-- This site is optimized with the Yoast SEO plugin v21.5 - https:\/\/yoast.com\/wordpress\/plugins\/seo\/ -->\n<title>Culture d&#039;entreprise et efficacit\u00e9 commerciale | Abdul Latif Jameel\u00ae<\/title>\n<meta name=\"description\" content=\"D\u00e9couvrez les principes de la culture d&#039;entreprise Jameel, avec une r\u00e9ussite commerciale et des valeurs guid\u00e9e par l&#039;approche d&#039;Abdul Latif Jameel.\" \/>\n<meta name=\"robots\" content=\"index, follow, max-snippet:-1, max-image-preview:large, max-video-preview:-1\" \/>\n<link rel=\"canonical\" href=\"https:\/\/alj.com\/fr\/perspective\/club-culturel-le-role-de-la-culture-dentreprise-dans-la-performance-commerciale\/\" \/>\n<meta property=\"og:locale\" content=\"fr_FR\" \/>\n<meta property=\"og:type\" content=\"article\" \/>\n<meta property=\"og:title\" content=\"Culture d&#039;entreprise et efficacit\u00e9 commerciale | Abdul Latif Jameel\u00ae\" \/>\n<meta property=\"og:description\" content=\"D\u00e9couvrez les principes de la culture d&#039;entreprise Jameel, avec une r\u00e9ussite commerciale et des valeurs guid\u00e9e par l&#039;approche d&#039;Abdul Latif Jameel.\" \/>\n<meta property=\"og:url\" content=\"https:\/\/alj.com\/fr\/perspective\/club-culturel-le-role-de-la-culture-dentreprise-dans-la-performance-commerciale\/\" \/>\n<meta property=\"og:site_name\" content=\"Abdul Latif Jameel\" \/>\n<meta property=\"article:publisher\" content=\"https:\/\/www.facebook.com\/Abdul.Latif.Jameel.Official\" \/>\n<meta property=\"article:modified_time\" content=\"2024-04-22T08:51:08+00:00\" \/>\n<meta property=\"og:image\" content=\"https:\/\/media.alj.com\/app\/uploads\/2023\/08\/Faisal-Abdalla-The-Jameel-Principles-2.jpg\" \/>\n\t<meta property=\"og:image:width\" content=\"1630\" \/>\n\t<meta property=\"og:image:height\" content=\"830\" \/>\n\t<meta property=\"og:image:type\" content=\"image\/jpeg\" \/>\n<meta name=\"twitter:card\" content=\"summary_large_image\" \/>\n<meta name=\"twitter:label1\" content=\"Est. reading time\" \/>\n\t<meta name=\"twitter:data1\" content=\"12 minutes\" \/>\n<script type=\"application\/ld+json\" class=\"yoast-schema-graph\">{\"@context\":\"https:\/\/schema.org\",\"@graph\":[{\"@type\":\"WebPage\",\"@id\":\"https:\/\/alj.com\/fr\/perspective\/club-culturel-le-role-de-la-culture-dentreprise-dans-la-performance-commerciale\/\",\"url\":\"https:\/\/alj.com\/fr\/perspective\/club-culturel-le-role-de-la-culture-dentreprise-dans-la-performance-commerciale\/\",\"name\":\"Culture d'entreprise et efficacit\u00e9 commerciale | Abdul Latif Jameel\u00ae\",\"isPartOf\":{\"@id\":\"https:\/\/alj.com\/en\/#website\"},\"datePublished\":\"2023-08-03T10:51:42+00:00\",\"dateModified\":\"2024-04-22T08:51:08+00:00\",\"description\":\"D\u00e9couvrez les principes de la culture d'entreprise Jameel, avec une r\u00e9ussite commerciale et des valeurs guid\u00e9e par l'approche d'Abdul Latif Jameel.\",\"breadcrumb\":{\"@id\":\"https:\/\/alj.com\/fr\/perspective\/club-culturel-le-role-de-la-culture-dentreprise-dans-la-performance-commerciale\/#breadcrumb\"},\"inLanguage\":\"fr-FR\",\"potentialAction\":[{\"@type\":\"ReadAction\",\"target\":[\"https:\/\/alj.com\/fr\/perspective\/club-culturel-le-role-de-la-culture-dentreprise-dans-la-performance-commerciale\/\"]}]},{\"@type\":\"BreadcrumbList\",\"@id\":\"https:\/\/alj.com\/fr\/perspective\/club-culturel-le-role-de-la-culture-dentreprise-dans-la-performance-commerciale\/#breadcrumb\",\"itemListElement\":[{\"@type\":\"ListItem\",\"position\":1,\"name\":\"Home\",\"item\":\"https:\/\/alj.com\/fr\/\"},{\"@type\":\"ListItem\",\"position\":2,\"name\":\"Perspectives\",\"item\":\"https:\/\/alj.com\/ja\/perspective\/\"},{\"@type\":\"ListItem\",\"position\":3,\"name\":\"Club culturel : le r\u00f4le de la culture d\u2019entreprise dans la performance commerciale\"}]},{\"@type\":\"WebSite\",\"@id\":\"https:\/\/alj.com\/en\/#website\",\"url\":\"https:\/\/alj.com\/en\/\",\"name\":\"Abdul Latif Jameel\",\"description\":\"Abdul Latif Jameel\",\"potentialAction\":[{\"@type\":\"SearchAction\",\"target\":{\"@type\":\"EntryPoint\",\"urlTemplate\":\"https:\/\/alj.com\/en\/?s={search_term_string}\"},\"query-input\":\"required name=search_term_string\"}],\"inLanguage\":\"fr-FR\"}]}<\/script>\n<!-- \/ Yoast SEO plugin. -->","yoast_head_json":{"title":"Culture d'entreprise et efficacit\u00e9 commerciale | Abdul Latif Jameel\u00ae","description":"D\u00e9couvrez les principes de la culture d'entreprise Jameel, avec une r\u00e9ussite commerciale et des valeurs guid\u00e9e par l'approche d'Abdul Latif Jameel.","robots":{"index":"index","follow":"follow","max-snippet":"max-snippet:-1","max-image-preview":"max-image-preview:large","max-video-preview":"max-video-preview:-1"},"canonical":"https:\/\/alj.com\/fr\/perspective\/club-culturel-le-role-de-la-culture-dentreprise-dans-la-performance-commerciale\/","og_locale":"fr_FR","og_type":"article","og_title":"Culture d'entreprise et efficacit\u00e9 commerciale | Abdul Latif Jameel\u00ae","og_description":"D\u00e9couvrez les principes de la culture d'entreprise Jameel, avec une r\u00e9ussite commerciale et des valeurs guid\u00e9e par l'approche d'Abdul Latif Jameel.","og_url":"https:\/\/alj.com\/fr\/perspective\/club-culturel-le-role-de-la-culture-dentreprise-dans-la-performance-commerciale\/","og_site_name":"Abdul Latif Jameel","article_publisher":"https:\/\/www.facebook.com\/Abdul.Latif.Jameel.Official","article_modified_time":"2024-04-22T08:51:08+00:00","og_image":[{"width":1630,"height":830,"url":"https:\/\/media.alj.com\/app\/uploads\/2023\/08\/Faisal-Abdalla-The-Jameel-Principles-2.jpg","type":"image\/jpeg"}],"twitter_card":"summary_large_image","twitter_misc":{"Est. reading time":"12 minutes"},"schema":{"@context":"https:\/\/schema.org","@graph":[{"@type":"WebPage","@id":"https:\/\/alj.com\/fr\/perspective\/club-culturel-le-role-de-la-culture-dentreprise-dans-la-performance-commerciale\/","url":"https:\/\/alj.com\/fr\/perspective\/club-culturel-le-role-de-la-culture-dentreprise-dans-la-performance-commerciale\/","name":"Culture d'entreprise et efficacit\u00e9 commerciale | Abdul Latif Jameel\u00ae","isPartOf":{"@id":"https:\/\/alj.com\/en\/#website"},"datePublished":"2023-08-03T10:51:42+00:00","dateModified":"2024-04-22T08:51:08+00:00","description":"D\u00e9couvrez les principes de la culture d'entreprise Jameel, avec une r\u00e9ussite commerciale et des valeurs guid\u00e9e par l'approche d'Abdul Latif Jameel.","breadcrumb":{"@id":"https:\/\/alj.com\/fr\/perspective\/club-culturel-le-role-de-la-culture-dentreprise-dans-la-performance-commerciale\/#breadcrumb"},"inLanguage":"fr-FR","potentialAction":[{"@type":"ReadAction","target":["https:\/\/alj.com\/fr\/perspective\/club-culturel-le-role-de-la-culture-dentreprise-dans-la-performance-commerciale\/"]}]},{"@type":"BreadcrumbList","@id":"https:\/\/alj.com\/fr\/perspective\/club-culturel-le-role-de-la-culture-dentreprise-dans-la-performance-commerciale\/#breadcrumb","itemListElement":[{"@type":"ListItem","position":1,"name":"Home","item":"https:\/\/alj.com\/fr\/"},{"@type":"ListItem","position":2,"name":"Perspectives","item":"https:\/\/alj.com\/ja\/perspective\/"},{"@type":"ListItem","position":3,"name":"Club culturel : le r\u00f4le de la culture d\u2019entreprise dans la performance commerciale"}]},{"@type":"WebSite","@id":"https:\/\/alj.com\/en\/#website","url":"https:\/\/alj.com\/en\/","name":"Abdul Latif Jameel","description":"Abdul Latif Jameel","potentialAction":[{"@type":"SearchAction","target":{"@type":"EntryPoint","urlTemplate":"https:\/\/alj.com\/en\/?s={search_term_string}"},"query-input":"required name=search_term_string"}],"inLanguage":"fr-FR"}]}},"post-meta-fields":{"push_notification":["no"],"_push_notification":["field_5c3b1fb67034d"],"_wpml_word_count":["{\"total\":2190,\"to_translate\":{\"ar\":2190,\"zh-hans\":2190,\"fr\":2190,\"ja\":2190,\"es\":2190,\"tr\":2190}}"],"_wpml_media_featured":["1"],"_wpml_media_duplicate":["1"],"perspective_short_title":["Culture d\u2019entreprise dans la performance commerciale"],"perspective_summury":["<p>La culture d\u2019entreprise est depuis longtemps consid\u00e9r\u00e9e comme un pilier important dans la cr\u00e9ation et le maintien d\u2019une entreprise prosp\u00e8re. Alors que la concurrence mondiale s\u2019est intensifi\u00e9e au cours des deux derni\u00e8res d\u00e9cennies, notamment sur le march\u00e9 du travail, elle est devenue un indicateur encore plus important d\u2019intention, d\u2019ambition et de diff\u00e9renciation.<\/p>\n"],"perspective_location":["Dubai, EAU"],"wpcf-featured-news":["0"],"is_latest_news":["0"],"wpcf-show-news-at-homepage":["1"],"publish_mobile":[""],"_publish_mobile":["field_5bfa8eb2e65cf"],"mobile_featured_image":["https:\/\/media.alj.com\/app\/uploads\/2023\/08\/Faisal-Abdalla-The-Jameel-Principles.jpg"],"_mobile_featured_image":["field_5c3b204983dea"],"featured_on_listing_page":["0"],"_featured_on_listing_page":["field_62458ea7383c3"],"content_series_applied":["a:1:{i:0;s:6:\"109261\";}"],"_content_series_applied":["field_60f3d3faf82ac"],"wpcf-perspective-downloadable_file":[""],"wpcf-perspective-published-date":["1691020800"],"wpcf-video-description":[""],"wpcf-layoutvideourl":[""],"wpcf-video-thumb":[""],"wpcf-social4-svg":[""],"wpcf-social4-background-image":[""],"wpcf-social4-text":[""],"wpcf-social4-url":[""],"wpcf-social3-svg":[""],"wpcf-social3-background-image":[""],"wpcf-social3-text":[""],"wpcf-social3-url":[""],"wpcf-social-text-svg-square":[""],"wpcf-social-text-image-square":[""],"wpcf-social-text-text-square":[""],"wpcf-social-text-url-square":[""],"wpcf-social2-svg":[""],"wpcf-social2-background-image":[""],"wpcf-social2-text":[""],"wpcf-social2-url":[""],"wpcf-social-svg-square":[""],"wpcf-social-image-square":[""],"wpcf-social-text-square":[""],"wpcf-social-url-square":[""],"wpcf-social1-svg":[""],"wpcf-social1-background-image":[""],"wpcf-social1-text":[""],"wpcf-social1-url":[""],"wpcf-quotes-with-auther-text-1":[""],"wpcf-card_article_with_title_content":[""],"wpcf-card_article_content":["write your content"],"wpcf-quotes-with-auther-text":[""],"_bsf_post_type":["0"],"_bsf_item_review_type":["none"],"_yoast_wpseo_title":["Culture d'entreprise et efficacit\u00e9 commerciale | Abdul Latif Jameel\u00ae"],"_yoast_wpseo_metadesc":["D\u00e9couvrez les principes de la culture d'entreprise Jameel, avec une r\u00e9ussite commerciale et des valeurs guid\u00e9e par l'approche d'Abdul Latif Jameel."],"_yoast_wpseo_content_score":["30"],"_yoast_wpseo_estimated-reading-time-minutes":[""],"_yoast_wpseo_wordproof_timestamp":[""],"_thumbnail_id":["109124"],"_edit_lock":["1713775740:25"],"_edit_last":["25"],"_last_translation_edit_mode":["native-editor"],"wpcf-projecttitle":[""],"wpcf-projectdescription":[""],"wpcf-projectimage-video1":["image"],"wpcf-projectimage-1":[""],"wpcf-projectvideo-1":[""],"wpcf-projectdescription-1":[""],"wpcf-projectimage-video2":["image"],"wpcf-projectimage-2":[""],"wpcf-projectvideo-2":[""],"wpcf-projectdescription-2":[""],"wpcf-projectimage-video3":["image"],"wpcf-projectimage-3":[""],"wpcf-projectvideo-3":[""],"wpcf-projectdescription-3":[""],"wpcf-projectimage-video4":["image"],"wpcf-projectimage-4":[""],"wpcf-projectvideo-4":[""],"wpcf-projectdescription-4":[""],"perspective_business_sector":["Entreprise"],"wpcf-card-image":[""],"_wpcf-card-image-sort-order":["a:1:{i:0;i:1756976;}"],"amazonS3_cache":["a:16:{s:103:\"\/\/alj.com\/app\/uploads\/2020\/11\/Sheikh-Abdul-Latif-Jameel-with-two-business-associates-1932-680x378-1.jpg\";a:2:{s:2:\"id\";i:108785;s:11:\"source_type\";s:13:\"media-library\";}s:111:\"\/\/alj.com\/app\/uploads\/2020\/11\/Sheikh-Abdul-Latif-Jameel-with-two-business-associates-1932-680x378-1-300x167.jpg\";a:2:{s:2:\"id\";i:108785;s:11:\"source_type\";s:13:\"media-library\";}s:109:\"\/\/media.alj.com\/app\/uploads\/2020\/11\/Sheikh-Abdul-Latif-Jameel-with-two-business-associates-1932-680x378-1.jpg\";a:2:{s:2:\"id\";i:108785;s:11:\"source_type\";s:13:\"media-library\";}s:117:\"\/\/media.alj.com\/app\/uploads\/2020\/11\/Sheikh-Abdul-Latif-Jameel-with-two-business-associates-1932-680x378-1-300x167.jpg\";a:2:{s:2:\"id\";i:108785;s:11:\"source_type\";s:13:\"media-library\";}s:68:\"\/\/alj.com\/app\/uploads\/2023\/08\/The-Jameel-Principles-associates-1.jpg\";a:2:{s:2:\"id\";i:109132;s:11:\"source_type\";s:13:\"media-library\";}s:74:\"\/\/media.alj.com\/app\/uploads\/2023\/08\/The-Jameel-Principles-associates-1.jpg\";a:2:{s:2:\"id\";i:109132;s:11:\"source_type\";s:13:\"media-library\";}s:63:\"\/\/alj.com\/app\/uploads\/2023\/08\/The-Jameel-Principles-culture.jpg\";a:2:{s:2:\"id\";i:109093;s:11:\"source_type\";s:13:\"media-library\";}s:69:\"\/\/media.alj.com\/app\/uploads\/2023\/08\/The-Jameel-Principles-culture.jpg\";a:2:{s:2:\"id\";i:109093;s:11:\"source_type\";s:13:\"media-library\";}s:48:\"\/\/alj.com\/app\/uploads\/2023\/08\/The-Toyota-Way.jpg\";a:2:{s:2:\"id\";i:109107;s:11:\"source_type\";s:13:\"media-library\";}s:56:\"\/\/alj.com\/app\/uploads\/2023\/08\/The-Toyota-Way-217x300.jpg\";a:2:{s:2:\"id\";i:109107;s:11:\"source_type\";s:13:\"media-library\";}s:54:\"\/\/media.alj.com\/app\/uploads\/2023\/08\/The-Toyota-Way.jpg\";a:2:{s:2:\"id\";i:109107;s:11:\"source_type\";s:13:\"media-library\";}s:62:\"\/\/media.alj.com\/app\/uploads\/2023\/08\/The-Toyota-Way-217x300.jpg\";a:2:{s:2:\"id\";i:109107;s:11:\"source_type\";s:13:\"media-library\";}s:62:\"\/\/alj.com\/app\/uploads\/2023\/08\/The-Jameel-Principles-header.jpg\";a:2:{s:2:\"id\";i:109100;s:11:\"source_type\";s:13:\"media-library\";}s:68:\"\/\/media.alj.com\/app\/uploads\/2023\/08\/The-Jameel-Principles-header.jpg\";a:2:{s:2:\"id\";i:109100;s:11:\"source_type\";s:13:\"media-library\";}s:80:\"\/\/alj.com\/app\/uploads\/2023\/08\/Faisal-Abdalla-at-The-Jameel-Principles-launch.jpg\";a:2:{s:2:\"id\";i:109072;s:11:\"source_type\";s:13:\"media-library\";}s:86:\"\/\/media.alj.com\/app\/uploads\/2023\/08\/Faisal-Abdalla-at-The-Jameel-Principles-launch.jpg\";a:2:{s:2:\"id\";i:109072;s:11:\"source_type\";s:13:\"media-library\";}}"]},"_links":{"self":[{"href":"https:\/\/alj.com\/fr\/wp-json\/wp\/v2\/perspective\/109139"}],"collection":[{"href":"https:\/\/alj.com\/fr\/wp-json\/wp\/v2\/perspective"}],"about":[{"href":"https:\/\/alj.com\/fr\/wp-json\/wp\/v2\/types\/perspective"}],"author":[{"embeddable":true,"href":"https:\/\/alj.com\/fr\/wp-json\/wp\/v2\/users\/18"}],"wp:featuredmedia":[{"embeddable":true,"href":"https:\/\/alj.com\/fr\/wp-json\/wp\/v2\/media\/109124"}],"wp:attachment":[{"href":"https:\/\/alj.com\/fr\/wp-json\/wp\/v2\/media?parent=109139"}],"wp:term":[{"taxonomy":"post_tag","embeddable":true,"href":"https:\/\/alj.com\/fr\/wp-json\/wp\/v2\/tags?post=109139"}],"curies":[{"name":"wp","href":"https:\/\/api.w.org\/{rel}","templated":true}]}}