{"id":112194,"date":"2023-12-15T07:05:51","date_gmt":"2023-12-15T07:05:51","guid":{"rendered":"https:\/\/alj.com\/?post_type=perspective&#038;p=112194"},"modified":"2024-04-22T08:43:24","modified_gmt":"2024-04-22T08:43:24","slug":"decarboniser-laviation","status":"publish","type":"perspective","link":"https:\/\/alj.com\/fr\/perspective\/decarboniser-laviation\/","title":{"rendered":"D\u00e9carboniser l\u2019aviation"},"content":{"rendered":"<p>L\u2019industrie a\u00e9ronautique est bien plus qu\u2019un simple secteur des transports. Il s\u2019agit d\u2019un puissant r\u00e9seau mondial qui fa\u00e7onne les soci\u00e9t\u00e9s, stimule les \u00e9conomies et constitue un catalyseur essentiel dans notre parcours vers un avenir plus durable.<\/p>\n<p>Le Groupe d\u2019action du transport a\u00e9rien (<a href=\"https:\/\/atag.org\/\">ATAG<\/a>)<a href=\"#_ftn1\" name=\"_ftnref1\">[1]<\/a> souligne l\u2019impact multidimensionnel de cette industrie, en mettant l\u2019accent sur sa contribution dans\u00a015 des 17\u00a0objectifs de d\u00e9veloppement durable (ODD) fix\u00e9s par les Nations Unies.<\/p>\n<p>Il s\u2019agit \u00e9galement d\u2019un employeur mondial majeur comptant un total de 87,7\u00a0millions d\u2019emplois dans le monde et fournissant 11,3\u00a0millions d\u2019emplois directs. Selon les chiffres de l\u2019ATAG, l\u2019aviation g\u00e9n\u00e8re 3\u00a0500\u00a0milliards USD de PIB mondial. Si c\u2019\u00e9tait un pays, ce serait la 17<sup>e<\/sup> plus grande \u00e9conomie au monde.<a href=\"#_ftn2\" name=\"_ftnref2\">[2]<\/a><\/p>\n<p>Mais cette contribution \u00e0 l\u2019\u00e9conomie mondiale a un co\u00fbt environnemental\u00a0: l\u2019aviation est responsable de pr\u00e8s de 2\u00a0% des \u00e9missions mondiales de gaz \u00e0 effet de serre (GES) et de 2,5\u00a0% des \u00e9missions de CO<sub>2<\/sub> li\u00e9es \u00e0 l\u2019\u00e9nergie, ce qui repr\u00e9sentait environ 1\u00a0milliard de tonnes de CO<sub>2<\/sub> en\u00a02018.<a href=\"#_ftn3\" name=\"_ftnref3\">[3]<\/a> Bien que ces chiffres paraissent moins significatifs par rapport au transport routier (11,9\u00a0% des GES) ou \u00e0 l\u2019\u00e9levage (5,8\u00a0%), les impacts de ces \u00e9missions sont amplifi\u00e9s de mani\u00e8re disproportionn\u00e9e dans le secteur a\u00e9rien.<\/p>\n<p>Les effets des vols s\u2019\u00e9tendent au-del\u00e0 de la combustion du carburant. Les avions modifient la concentration de plusieurs gaz et polluants dans l\u2019atmosph\u00e8re, influen\u00e7ant les niveaux d\u2019ozone \u00e0 court et \u00e0 long terme, r\u00e9duisant le m\u00e9thane et produisant de la vapeur d\u2019eau, de la suie, des a\u00e9rosols de soufre et des tra\u00een\u00e9es de condensation. Si certains de ces effets entra\u00eenent un refroidissement, le r\u00e9sultat global se traduit par un effet de r\u00e9chauffement. On estime ainsi que le secteur de l\u2019aviation est responsable de 3,5\u00a0% du r\u00e9chauffement de la plan\u00e8te.<\/p>\n<p>Voici donc le d\u00e9fi auquel nous sommes confront\u00e9s\u00a0: maintenir la contribution de l\u2019aviation \u00e0 l\u2019\u00e9conomie mondiale, tout en r\u00e9duisant, voire en \u00e9liminant, sa contribution au r\u00e9chauffement de la plan\u00e8te.<\/p>\n<h2>Un d\u00e9fi \u00e0 relever<\/h2>\n<p><img decoding=\"async\" loading=\"lazy\" class=\"alignright wp-image-112087 size-medium\" src=\"https:\/\/media.alj.com\/app\/uploads\/2023\/12\/Picture1-300x247.png\" alt=\"ICAO\" width=\"300\" height=\"247\" srcset=\"https:\/\/media.alj.com\/app\/uploads\/2023\/12\/Picture1-300x247.png 300w, https:\/\/media.alj.com\/app\/uploads\/2023\/12\/Picture1-150x123.png 150w, https:\/\/media.alj.com\/app\/uploads\/2023\/12\/Picture1.png 410w\" sizes=\"(max-width: 300px) 100vw, 300px\" \/>Le secteur de l\u2019aviation est d\u00e9j\u00e0 conscient de ces probl\u00e8mes et est pr\u00eat \u00e0 relever le d\u00e9fi.<\/p>\n<p>Lors de la 41e assembl\u00e9e de l\u2019Organisation de l\u2019aviation civile internationale (<a href=\"https:\/\/icao.int\/\">OACI<\/a>) tenue en octobre\u00a02022, l\u2019industrie s\u2019est engag\u00e9e \u00e0 r\u00e9duire \u00e0 z\u00e9ro ses \u00e9missions de CO<sub>2<\/sub> d\u2019ici \u00e0\u00a02050.<\/p>\n<p>Cette d\u00e9cision fait suite \u00e0 ses travaux pr\u00e9curseurs men\u00e9s en\u00a02016 o\u00f9 l\u2019OACI (agence sp\u00e9cialis\u00e9e des Nations Unies) a lanc\u00e9 l\u2019initiative Carbon Offsetting and Reduction Scheme for International Aviation (<a href=\"https:\/\/www.icao.int\/corsia\">CORSIA<\/a>)<a href=\"#_ftn4\" name=\"_ftnref4\">[4]<\/a>, en vertu de laquelle une compagnie a\u00e9rienne est tenue de compenser ses \u00e9missions au-del\u00e0 d\u2019un seuil de r\u00e9f\u00e9rence en achetant des cr\u00e9dits\u00a0; la r\u00e9partition \u00e9tant bas\u00e9e sur la part de la compagnie a\u00e9rienne dans les \u00e9missions totales de l\u2019industrie.<\/p>\n<p>Pour la phase pilote, qui s\u2019\u00e9tend jusqu\u2019\u00e0 la fin de l\u2019ann\u00e9e\u00a02023, le seuil de r\u00e9f\u00e9rence repr\u00e9sente les \u00e9missions de l\u2019industrie en\u00a02019<a href=\"#_ftn5\" name=\"_ftnref5\">[5]<\/a>, puis sera r\u00e9duit \u00e0 85\u00a0% des \u00e9missions de\u00a02019 \u00e0 partir de\u00a02024. Les d\u00e9tracteurs ont soulign\u00e9 que les compagnies a\u00e9riennes pouvaient contourner l\u2019achat de cr\u00e9dits carbone en utilisant une petite proportion de carburant d\u2019aviation durable (SAF), fabriqu\u00e9 \u00e0 partir d\u2019huile de cuisson usag\u00e9e, qui est fortement subventionn\u00e9e aux \u00c9tats-Unis.<\/p>\n<p>Mais c\u2019est oublier un point important\u00a0: c\u2019est la premi\u00e8re fois qu\u2019un secteur industriel unique accepte une mesure globale (CORSIA) fond\u00e9e sur le march\u00e9 dans le domaine du changement climatique.<\/p>\n<h2>Renforcer la r\u00e9glementation<\/h2>\n<p>Se f\u00e9liciter des progr\u00e8s r\u00e9alis\u00e9s au niveau mondial ne signifie pas ignorer la contribution que peuvent apporter les pays et les associations \u00e0 titre individuel. L\u2019Union europ\u00e9enne, par exemple, a int\u00e9gr\u00e9 l\u2019aviation dans son syst\u00e8me d\u2019\u00e9change de quotas d\u2019\u00e9mission (<a href=\"https:\/\/climate.ec.europa.eu\/eu-action\/eu-emissions-trading-system-eu-ets_en\">SEQE<\/a>) en\u00a02022. Les quotas gratuits permettant aux compagnies a\u00e9riennes d\u2019\u00e9viter de payer leurs \u00e9missions de carbone seront progressivement supprim\u00e9s d\u2019ici\u00a02026, soit un an plus t\u00f4t que ce qui \u00e9tait envisag\u00e9 dans la proposition initiale de la Commission europ\u00e9enne. Une baisse des quotas gratuits de 25\u00a0% est pr\u00e9vue pour\u00a02024 et de 50\u00a0% pour\u00a02025.<\/p>\n<p>Les d\u00e9tracteurs de CORSIA soulignent le fait que les cr\u00e9dits carbone sont beaucoup plus chers dans le cadre de l\u2019UE, 96\u00a0USD (environ 90\u00a0\u20ac) la tonne, contre 3\u00a0USD dans le cadre de CORSIA. Mais alors que le syst\u00e8me europ\u00e9en est limit\u00e9 par des pr\u00e9occupations commerciales,<a href=\"#_ftn6\" name=\"_ftnref6\">[6]<\/a> CORSIA couvre la majeure partie du monde (voir graphique) et est en pleine expansion. La Grande-Bretagne et la Suisse sont incluses, mais les vols \u00e0 destination d\u2019autres pays en dehors de l\u2019Union resteront exempt\u00e9s. Cette situation r\u00e9sulte principalement d\u2019un diff\u00e9rend survenu en\u00a02012, lorsque la Chine a menac\u00e9 d\u2019arr\u00eater d\u2019acheter des avions \u00e0 Airbus (entreprise europ\u00e9enne), tandis que les \u00c9tats-Unis ont menac\u00e9 de ne pas se conformer si l\u2019UE exigeait que son programme int\u00e8gre tous les vols.<\/p>\n<p><strong>Couverture de CORSIA<\/strong><\/p>\n<p><img decoding=\"async\" loading=\"lazy\" class=\"size-full wp-image-112059 aligncenter\" src=\"https:\/\/media.alj.com\/app\/uploads\/2023\/12\/ALJ-Decarbonising-Aviation-scaled.jpg\" alt=\"Corsia Coverage\" width=\"2560\" height=\"1724\" srcset=\"https:\/\/media.alj.com\/app\/uploads\/2023\/12\/ALJ-Decarbonising-Aviation-scaled.jpg 2560w, https:\/\/media.alj.com\/app\/uploads\/2023\/12\/ALJ-Decarbonising-Aviation-300x202.jpg 300w, https:\/\/media.alj.com\/app\/uploads\/2023\/12\/ALJ-Decarbonising-Aviation-1024x689.jpg 1024w, https:\/\/media.alj.com\/app\/uploads\/2023\/12\/ALJ-Decarbonising-Aviation-150x101.jpg 150w, https:\/\/media.alj.com\/app\/uploads\/2023\/12\/ALJ-Decarbonising-Aviation-768x517.jpg 768w, https:\/\/media.alj.com\/app\/uploads\/2023\/12\/ALJ-Decarbonising-Aviation-1536x1034.jpg 1536w, https:\/\/media.alj.com\/app\/uploads\/2023\/12\/ALJ-Decarbonising-Aviation-2048x1379.jpg 2048w\" sizes=\"(max-width: 2560px) 100vw, 2560px\" \/><\/p>\n<p><em>\u00a0<\/em>La le\u00e7on \u00e0 tirer de cette approche est peut-\u00eatre que les initiatives men\u00e9es par le secteur de l\u2019aviation lui-m\u00eame ont plus de chances d\u2019\u00eatre adopt\u00e9es \u00e0 grande \u00e9chelle que les programmes bas\u00e9s sur la g\u00e9ographie. Pourtant, la capacit\u00e9 de l\u2019industrie \u00e0 contr\u00f4ler les aspects cl\u00e9s de cette transformation est limit\u00e9e. Qu\u2019il s\u2019agisse de la production de carburant, de la fabrication d\u2019avions ou de la gestion des a\u00e9roports et du trafic a\u00e9rien, chaque \u00e9l\u00e9ment est contr\u00f4l\u00e9 par des entit\u00e9s distinctes au sein du r\u00e9seau complexe des op\u00e9rations a\u00e9ronautiques. Sans un accord coh\u00e9rent entre tous ces \u00e9l\u00e9ments, la d\u00e9carbonisation s\u2019annonce beaucoup plus difficile\u00a0; mais si une v\u00e9ritable collaboration est possible, l\u2019industrie a\u00e9ronautique et ses acteurs individuels pourraient profiter des \u00e9conomies d\u2019\u00e9chelle et de la synergie pour faire une r\u00e9elle diff\u00e9rence.<\/p>\n<p>Les signes sont encourageants. Au cours des derni\u00e8res d\u00e9cennies, la croissance ralentie des \u00e9missions du secteur indique des am\u00e9liorations significatives de l\u2019efficacit\u00e9 de l\u2019aviation. Le CO<sub>2<\/sub> \u00e9mis par passager-kilom\u00e8tre payant (PKP), une mesure de l\u2019efficacit\u00e9 de l\u2019aviation, est tomb\u00e9 \u00e0 environ 125\u00a0grammes en\u00a02018, contre vingt fois plus en\u00a01950, et onze fois plus en\u00a01960.<\/p>\n<p>Les gains d\u2019efficacit\u00e9 r\u00e9alis\u00e9s au cours des cinquante derni\u00e8res ann\u00e9es sont dus aux progr\u00e8s technologiques et \u00e0 la conception des avions, \u00e0 l\u2019augmentation de la taille des appareils, qui transportent plus de passagers par vol, ainsi qu\u2019\u00e0 l\u2019augmentation du \u00ab\u00a0taux de remplissage\u00a0\u00bb, c\u2019est-\u00e0-dire du pourcentage de si\u00e8ges kilom\u00e8tres offerts (SKO). En d\u2019autres termes, les vols d\u2019aujourd\u2019hui sont plus remplis qu\u2019auparavant.<\/p>\n<p><img decoding=\"async\" loading=\"lazy\" class=\"size-full wp-image-112066 aligncenter\" src=\"https:\/\/media.alj.com\/app\/uploads\/2023\/12\/ALJ-Decarbonising-Aviation2-scaled.jpg\" alt=\"Global Airline traffic efficiency\" width=\"2560\" height=\"1810\" srcset=\"https:\/\/media.alj.com\/app\/uploads\/2023\/12\/ALJ-Decarbonising-Aviation2-scaled.jpg 2560w, https:\/\/media.alj.com\/app\/uploads\/2023\/12\/ALJ-Decarbonising-Aviation2-300x212.jpg 300w, https:\/\/media.alj.com\/app\/uploads\/2023\/12\/ALJ-Decarbonising-Aviation2-1024x724.jpg 1024w, https:\/\/media.alj.com\/app\/uploads\/2023\/12\/ALJ-Decarbonising-Aviation2-150x106.jpg 150w, https:\/\/media.alj.com\/app\/uploads\/2023\/12\/ALJ-Decarbonising-Aviation2-768x543.jpg 768w, https:\/\/media.alj.com\/app\/uploads\/2023\/12\/ALJ-Decarbonising-Aviation2-1536x1086.jpg 1536w, https:\/\/media.alj.com\/app\/uploads\/2023\/12\/ALJ-Decarbonising-Aviation2-2048x1448.jpg 2048w\" sizes=\"(max-width: 2560px) 100vw, 2560px\" \/><\/p>\n<h2>Objectifs en mati\u00e8re d\u2019\u00e9missions<\/h2>\n<p>De nombreuses entreprises de la cha\u00eene de valeur de l\u2019aviation se sont d\u00e9j\u00e0 engag\u00e9es \u00e0 atteindre divers objectifs environnementaux. Ces engagements vont de la r\u00e9duction des \u00e9missions<a href=\"#_ftn7\" name=\"_ftnref7\">[7]<\/a> \u00e0 l\u2019adoption de carburants d\u2019aviation durables (SAF), en passant par l\u2019adh\u00e9sion \u00e0 des coalitions ax\u00e9es sur le d\u00e9veloppement durable.<\/p>\n<p>Un exemple significatif est l\u2019initiative Science Based Targets (<a href=\"https:\/\/sciencebasedtargets.org\/\">SBTi<\/a>), qui joue un r\u00f4le essentiel dans la conformit\u00e9 des objectifs environnementaux de l\u2019industrie a\u00e9ronautique avec les objectifs z\u00e9ro \u00e9mission nette de l\u2019Accord de Paris.<\/p>\n<p><img decoding=\"async\" loading=\"lazy\" class=\"alignleft wp-image-112094 size-medium\" src=\"https:\/\/media.alj.com\/app\/uploads\/2023\/12\/Picture2-300x172.png\" alt=\"SBTi\" width=\"300\" height=\"172\" srcset=\"https:\/\/media.alj.com\/app\/uploads\/2023\/12\/Picture2-300x172.png 300w, https:\/\/media.alj.com\/app\/uploads\/2023\/12\/Picture2-150x86.png 150w, https:\/\/media.alj.com\/app\/uploads\/2023\/12\/Picture2.png 482w\" sizes=\"(max-width: 300px) 100vw, 300px\" \/>SBTi est le fruit d\u2019efforts conjoints de quatre organisations non gouvernementales influentes\u00a0: le Carbon Disclosure Project (<a href=\"https:\/\/www.cdp.net\/en\">CDP<\/a>), le <a href=\"https:\/\/unglobalcompact.org\/\">Pacte mondial des Nations Unies<\/a>, le World Resources Institute (<a href=\"https:\/\/www.wri.org\/\">WRI<\/a>) et le Fonds mondial pour la nature (<a href=\"https:\/\/www.worldwildlife.org\/\">WWF<\/a>).<\/p>\n<p>Sa mission est d\u2019aligner les objectifs de r\u00e9duction des \u00e9missions des entreprises sur le consensus scientifique afin d\u2019atteindre z\u00e9ro \u00e9mission nette d\u2019ici\u00a02050. L\u2019initiative SBT \u00e9met des recommandations quant \u00e0 une trajectoire provisoire de 1,5\u00a0\u00b0C pour l\u2019aviation<a href=\"#_ftn8\" name=\"_ftnref8\">[8]<\/a>. Cela implique des objectifs ambitieux de r\u00e9duction des \u00e9missions pour les compagnies a\u00e9riennes, exigeant une r\u00e9duction de CO<sub>2<\/sub> par tonne-kilom\u00e8tre payante (TKP) de plus de 30\u00a0% d\u2019ici\u00a02030 et de plus de 50\u00a0% d\u2019ici\u00a02035, par rapport aux niveaux de\u00a02019. Ces objectifs sont \u00e9troitement li\u00e9s \u00e0 ceux fix\u00e9s par l\u2019Agence internationale de l\u2019\u00e9nergie dans le cadre de l\u2019initiative \u00ab\u00a0z\u00e9ro \u00e9mission nette\u00a0\u00bb.<\/p>\n<p>\u00c0 l\u2019heure actuelle, 25\u00a0compagnies a\u00e9riennes se sont engag\u00e9es \u00e0 mettre en place ou ont d\u00e9j\u00e0 \u00e9tabli des SBT<a href=\"#_ftn9\" name=\"_ftnref9\">[9]<\/a>, bien qu\u2019elles soient principalement bas\u00e9es en Am\u00e9rique et en Europe. Repr\u00e9sentant plus de 30\u00a0% du trafic mondial de passagers, l\u2019engagement de ce groupe t\u00e9moigne d\u2019une \u00e9volution significative vers des pratiques durables au sein de l\u2019industrie. Parall\u00e8lement, les entreprises du secteur de l\u2019a\u00e9rospatiale et de la d\u00e9fense qui repr\u00e9sentent environ 20\u00a0% de la valeur globale, se sont \u00e9galement engag\u00e9es \u00e0 aligner leurs objectifs sur l\u2019initiative SBT.<\/p>\n<h2>Se concentrer sur l\u2019efficacit\u00e9<\/h2>\n<p>La plupart des discussions sur la r\u00e9duction des \u00e9missions de CO2 portent sur les carburants, le remplacement du carburant d\u2019aviation par les SAF ou l\u2019alimentation des avions par <a href=\"https:\/\/alj.com\/en\/perspective\/the-skys-the-limit\/\">batteries ou hydrog\u00e8ne<\/a>. Pourtant, il existe d\u2019autres mesures qui peuvent s\u2019av\u00e9rer tr\u00e8s efficaces si les parties prenantes sont pr\u00eates \u00e0 collaborer. Par exemple, selon une analyse de McKinsey, les transporteurs ont r\u00e9duit leur consommation de carburant par passager-kilom\u00e8tre d\u2019environ 39\u00a0% entre\u00a02005 et\u00a02019 (avant COVID-19), soit un taux de croissance annuel compos\u00e9 d\u2019environ 3,4\u00a0% par an<a href=\"#_ftn10\" name=\"_ftnref10\">[10]<\/a>, gr\u00e2ce au renouvellement de la flotte, au coefficient de remplissage, \u00e0 la densit\u00e9 des si\u00e8ges et \u00e0 des programmes d\u2019efficacit\u00e9 \u00e9nerg\u00e9tique.<\/p>\n<p><img decoding=\"async\" loading=\"lazy\" class=\"size-full wp-image-112185 aligncenter\" src=\"https:\/\/media.alj.com\/app\/uploads\/2023\/12\/shutterstock_600610526-edited.jpg\" alt=\"Kid with plane\" width=\"1050\" height=\"496\" srcset=\"https:\/\/media.alj.com\/app\/uploads\/2023\/12\/shutterstock_600610526-edited.jpg 1050w, https:\/\/media.alj.com\/app\/uploads\/2023\/12\/shutterstock_600610526-edited-300x142.jpg 300w, https:\/\/media.alj.com\/app\/uploads\/2023\/12\/shutterstock_600610526-edited-1024x484.jpg 1024w, https:\/\/media.alj.com\/app\/uploads\/2023\/12\/shutterstock_600610526-edited-150x71.jpg 150w, https:\/\/media.alj.com\/app\/uploads\/2023\/12\/shutterstock_600610526-edited-768x363.jpg 768w\" sizes=\"(max-width: 1050px) 100vw, 1050px\" \/><\/p>\n<p><img decoding=\"async\" loading=\"lazy\" class=\"size-full wp-image-112073 aligncenter\" src=\"https:\/\/media.alj.com\/app\/uploads\/2023\/12\/ALJ-Decarbonising-Aviation3-scaled.jpg\" alt=\"Fuel efficiency gains\" width=\"2560\" height=\"1551\" srcset=\"https:\/\/media.alj.com\/app\/uploads\/2023\/12\/ALJ-Decarbonising-Aviation3-scaled.jpg 2560w, https:\/\/media.alj.com\/app\/uploads\/2023\/12\/ALJ-Decarbonising-Aviation3-300x182.jpg 300w, https:\/\/media.alj.com\/app\/uploads\/2023\/12\/ALJ-Decarbonising-Aviation3-1024x621.jpg 1024w, https:\/\/media.alj.com\/app\/uploads\/2023\/12\/ALJ-Decarbonising-Aviation3-150x91.jpg 150w, https:\/\/media.alj.com\/app\/uploads\/2023\/12\/ALJ-Decarbonising-Aviation3-768x465.jpg 768w, https:\/\/media.alj.com\/app\/uploads\/2023\/12\/ALJ-Decarbonising-Aviation3-1536x931.jpg 1536w, https:\/\/media.alj.com\/app\/uploads\/2023\/12\/ALJ-Decarbonising-Aviation3-2048x1241.jpg 2048w\" sizes=\"(max-width: 2560px) 100vw, 2560px\" \/><\/p>\n<p>Deux initiatives majeures sont d\u00e9j\u00e0 mises en place pour r\u00e9duire les \u00e9missions en modernisant l\u2019infrastructure de contr\u00f4le du trafic a\u00e9rien\u00a0: <a href=\"https:\/\/www.faa.gov\/nextgen\">NextGen<\/a> aux \u00c9tats-Unis et l\u2019initiative <a href=\"https:\/\/transport.ec.europa.eu\/transport-modes\/air\/single-european-sky_en\">Ciel unique europ\u00e9en<\/a><a href=\"#_ftn11\" name=\"_ftnref11\">[11]<\/a>. Supervis\u00e9 par l\u2019administration f\u00e9d\u00e9rale de l\u2019aviation des \u00c9tats-Unis<a href=\"#_ftn12\" name=\"_ftnref12\">[12]<\/a>, le projet NextGen introduit la \u00ab\u00a0navigation fond\u00e9e sur les performances\u00a0\u00bb pour s\u00e9lectionner des trajectoires de vol plus courtes et plus pr\u00e9cises permettant d\u2019\u00e9conomiser du carburant. Alors que le programme europ\u00e9en supprime les fronti\u00e8res nationales au sein de l\u2019espace a\u00e9rien partag\u00e9 de l\u2019UE, il ajoute, selon les calculs, 49\u00a0kilom\u00e8tres suppl\u00e9mentaires \u00e0 la plupart des trajets.<\/p>\n<p>Le directeur g\u00e9n\u00e9ral de l\u2019IATA, Willie Walsh, d\u00e9clare\u00a0:<\/p>\n<figure id=\"attachment_112136\" aria-describedby=\"caption-attachment-112136\" style=\"width: 275px\" class=\"wp-caption alignright\"><img decoding=\"async\" loading=\"lazy\" class=\"size-full wp-image-112136\" src=\"https:\/\/media.alj.com\/app\/uploads\/2023\/12\/Willie-Walsh.jpg\" alt=\"Willie Walsh\" width=\"275\" height=\"183\" srcset=\"https:\/\/media.alj.com\/app\/uploads\/2023\/12\/Willie-Walsh.jpg 275w, https:\/\/media.alj.com\/app\/uploads\/2023\/12\/Willie-Walsh-150x100.jpg 150w\" sizes=\"(max-width: 275px) 100vw, 275px\" \/><figcaption id=\"caption-attachment-112136\" class=\"wp-caption-text\">Willie Walsh<br \/>Directeur g\u00e9n\u00e9ral, IATA<\/figcaption><\/figure>\n<p><em>\u00ab\u00a0Le projet Ciel unique europ\u00e9en permettrait de r\u00e9duire les \u00e9missions de CO<sub>2<\/sub> en Europe de\u00a010 \u00e0 12\u00a0%, et ce du jour au lendemain. Aucun investissement technologique n\u2019est n\u00e9cessaire.<\/em><\/p>\n<p><em>Nous disposons d\u00e9j\u00e0 de la technologie n\u00e9cessaire \u00e0 bord pour emprunter les itin\u00e9raires les plus efficaces.\u00a0\u00bb<\/em><\/p>\n<h2><\/h2>\n<h2>Innovation dans l\u2019a\u00e9ronautique<\/h2>\n<p>Un autre moyen pour les compagnies a\u00e9riennes de r\u00e9duire leur empreinte carbone consiste \u00e0 renouveler plus fr\u00e9quemment leur flotte avec des avions plus r\u00e9cents et plus efficaces. Cette approche, surtout si l\u2019on tient compte d\u2019\u00e9ventuelles r\u00e9glementations futures telles que l\u2019obligation d\u2019utiliser du carburant d\u2019aviation durable ou des taxes sur le k\u00e9ros\u00e8ne, peut r\u00e9duire les niveaux d\u2019\u00e9mission \u00e0 un co\u00fbt r\u00e9duit, voire n\u00e9gatif.<\/p>\n<p>Avec les mod\u00e8les d\u2019avions disponibles aujourd\u2019hui, les compagnies a\u00e9riennes peuvent r\u00e9duire leurs \u00e9missions de carbone de\u00a015 \u00e0 20\u00a0%, selon l\u2019\u00e9tat actuel de leur flotte. Au cours des dix prochaines ann\u00e9es, un nombre important d\u2019avions anciens seront remplac\u00e9s par des mod\u00e8les de nouvelle g\u00e9n\u00e9ration, tels que l\u2019Airbus A320neo et la famille Boeing 777-X, qui sont beaucoup plus respectueux de l\u2019environnement. Par exemple, l\u2019A320neo<a href=\"#_ftn13\" name=\"_ftnref13\">[13]<\/a> est actuellement l\u2019avion le plus \u00e9conome en carburant de sa cat\u00e9gorie, offrant une r\u00e9duction de 20\u00a0% de la consommation de carburant et des \u00e9missions de carbone, tandis que le Boeing 777X<a href=\"#_ftn14\" name=\"_ftnref14\">[14]<\/a> promet de r\u00e9duire \u00e0 la fois la consommation de carburant et les \u00e9missions de carbone de 10\u00a0%.<\/p>\n<p><img decoding=\"async\" loading=\"lazy\" class=\"size-full wp-image-112080 aligncenter\" src=\"https:\/\/media.alj.com\/app\/uploads\/2023\/12\/ALJ-Decarbonising-Aviation4-scaled.jpg\" alt=\"\" width=\"2560\" height=\"1810\" srcset=\"https:\/\/media.alj.com\/app\/uploads\/2023\/12\/ALJ-Decarbonising-Aviation4-scaled.jpg 2560w, https:\/\/media.alj.com\/app\/uploads\/2023\/12\/ALJ-Decarbonising-Aviation4-300x212.jpg 300w, https:\/\/media.alj.com\/app\/uploads\/2023\/12\/ALJ-Decarbonising-Aviation4-1024x724.jpg 1024w, https:\/\/media.alj.com\/app\/uploads\/2023\/12\/ALJ-Decarbonising-Aviation4-150x106.jpg 150w, https:\/\/media.alj.com\/app\/uploads\/2023\/12\/ALJ-Decarbonising-Aviation4-768x543.jpg 768w, https:\/\/media.alj.com\/app\/uploads\/2023\/12\/ALJ-Decarbonising-Aviation4-1536x1086.jpg 1536w, https:\/\/media.alj.com\/app\/uploads\/2023\/12\/ALJ-Decarbonising-Aviation4-2048x1448.jpg 2048w\" sizes=\"(max-width: 2560px) 100vw, 2560px\" \/><\/p>\n<h2>Carburants plus \u00e9cologiques<\/h2>\n<p>Selon l\u2019Association internationale du transport a\u00e9rien (IATA), l\u2019\u00e9limination des \u00e9missions de carburant d\u2019aviation contribuerait \u00e0 une r\u00e9duction de 65\u00a0% des \u00e9missions de carbone du secteur<a href=\"#_ftn15\" name=\"_ftnref15\">[15]<\/a>.<\/p>\n<p>Si c\u2019\u00e9tait possible, l\u2019utilisation des SAF serait le moyen le plus simple de parvenir \u00e0 des \u00e9missions nettes nulles d\u2019ici \u00e0\u00a02050. Les SAF peuvent \u00eatre int\u00e9gr\u00e9s dans les syst\u00e8mes de carburant existants sans modifier la conception des avions ou les infrastructures a\u00e9roportuaires et, par rapport au carbur\u00e9acteur fossile conventionnel, ils peuvent r\u00e9duire les \u00e9missions du cycle de vie de l\u2019aviation jusqu\u2019\u00e0 80\u00a0%<a href=\"#_ftn16\" name=\"_ftnref16\">[16]<\/a> s\u2019ils sont utilis\u00e9s comme seul carburant, plut\u00f4t que d\u2019\u00eatre m\u00e9lang\u00e9s au carbur\u00e9acteur classique comme c\u2019est le cas actuellement.<\/p>\n<p>Tels que d\u00e9finis par l\u2019OACI, les SAF sont des carburants renouvelables ou d\u00e9riv\u00e9s de d\u00e9chets respectant des crit\u00e8res de durabilit\u00e9\u00a0; mais la d\u00e9finition d\u2019un SAF est tr\u00e8s importante, comme le montre la l\u00e9gislation europ\u00e9enne r\u00e9cente. L\u2019Union europ\u00e9enne a \u00e9tabli un mandat de carburant vert pour l\u2019aviation, ReFuelEU, exigeant que tous les vols au d\u00e9part d\u2019un a\u00e9roport europ\u00e9en contiennent un taux minimal de SAF, \u00e0 commencer par 2\u00a0% en\u00a02025, puis 6\u00a0% en\u00a02030, jusqu\u2019\u00e0 progressivement atteindre 70\u00a0% d\u2019ici \u00e0\u00a02050. Le mandat donne la priorit\u00e9 aux carburants synth\u00e9tiques (e-k\u00e9ros\u00e8ne) et exclut les mati\u00e8res premi\u00e8res controvers\u00e9es des biocarburants, comme les cultures vivri\u00e8res et les sous-produits de l\u2019huile de palme, car cela pourrait faire grimper les prix des denr\u00e9es alimentaires ou acc\u00e9l\u00e9rer la d\u00e9forestation.<\/p>\n<figure id=\"attachment_112108\" aria-describedby=\"caption-attachment-112108\" style=\"width: 460px\" class=\"wp-caption aligncenter\"><img decoding=\"async\" loading=\"lazy\" class=\"size-full wp-image-112108\" src=\"https:\/\/media.alj.com\/app\/uploads\/2023\/12\/Picture4.png\" alt=\"Royal Dutch Shell\" width=\"460\" height=\"259\" srcset=\"https:\/\/media.alj.com\/app\/uploads\/2023\/12\/Picture4.png 460w, https:\/\/media.alj.com\/app\/uploads\/2023\/12\/Picture4-300x169.png 300w, https:\/\/media.alj.com\/app\/uploads\/2023\/12\/Picture4-150x84.png 150w, https:\/\/media.alj.com\/app\/uploads\/2023\/12\/Picture4-226x126.png 226w\" sizes=\"(max-width: 460px) 100vw, 460px\" \/><figcaption id=\"caption-attachment-112108\" class=\"wp-caption-text\">Royal Dutch Shell commencera \u00e0 produire du carbur\u00e9acteur \u00e0 faible teneur en carbone d\u2019ici 2025. Actuellement, l\u2019aviation repr\u00e9sente 3 % des \u00e9missions de gaz \u00e0 effet de serre dans le monde. Cr\u00e9dit photo : \u00a9 Royal Dutch Shell<\/figcaption><\/figure>\n<p>Malgr\u00e9 les avantages des SAF, la viabilit\u00e9 \u00e9conomique de ces carburants reste un d\u00e9fi\u00a0: les carburants synth\u00e9tiques peuvent \u00eatre jusqu\u2019\u00e0 10\u00a0fois plus chers que le k\u00e9ros\u00e8ne. Comme le dit David Calhoun, PDG de Boeing\u00a0: <em>\u00ab\u00a0il n\u2019y a pas de moyen bon march\u00e9 de d\u00e9carboniser le transport a\u00e9rien\u00a0\u00bb.<\/em><a href=\"#_ftn17\" name=\"_ftnref17\"><em><strong>[17]<\/strong><\/em><\/a><\/p>\n<p>Certains fournisseurs de carburants se sont d\u00e9j\u00e0 engag\u00e9s \u00e0 relever le d\u00e9fi des SAF. Shell<a href=\"#_ftn18\" name=\"_ftnref18\">[18]<\/a>, par exemple, a investi dans diverses technologies pour produire des SAF et construit une usine de biocarburants \u00e0 Rotterdam qui produira des SAF et du diesel renouvelable \u00e0 partir de d\u00e9chets, et dont la production devrait commencer en\u00a02025.<\/p>\n<p>Malgr\u00e9 ces progr\u00e8s, la recherche indique que l\u2019offre de SAF, m\u00eame avec des investissements importants et des progr\u00e8s technologiques, pourrait ne pas r\u00e9pondre \u00e0 la demande de carburant d\u2019aviation d\u2019ici \u00e0\u00a02050. Le cabinet de conseil Bain<a href=\"#_ftn19\" name=\"_ftnref19\">[19]<\/a> pr\u00e9voit que les esters et acides gras hydrotrait\u00e9s (HEFA), un type de SAF fabriqu\u00e9 \u00e0 partir d\u2019huile de cuisson et de graisses animales, ne satisferont qu\u2019environ 8\u00a0% de la demande en carbur\u00e9acteur en\u00a02050, en raison de ses mati\u00e8res premi\u00e8res limit\u00e9es. Les carburants de synth\u00e8se ou \u00e9lectro-carburants, produits en combinant l\u2019hydrog\u00e8ne vert et le dioxyde de carbone, pourraient th\u00e9oriquement offrir une capacit\u00e9 illimit\u00e9e, mais n\u2019ont pas encore fait leurs preuves \u00e0 grande \u00e9chelle, conclut le cabinet.<\/p>\n<h2>Les espoirs de l\u2019hydrog\u00e8ne<\/h2>\n<p>De nombreux espoirs pour un secteur a\u00e9rien d\u00e9carbonis\u00e9 reposent sur l\u2019hydrog\u00e8ne, un carburant z\u00e9ro \u00e9mission. L\u2019hydrog\u00e8ne vert, produit par \u00e9lectrolyse de l\u2019eau \u00e0 partir d\u2019\u00e9nergies renouvelables, s\u2019impose comme une alternative durable au k\u00e9ros\u00e8ne. Pourtant, malgr\u00e9 ses promesses et la baisse rapide des co\u00fbts de production, le passage du concept \u00e0 la r\u00e9alit\u00e9 de l\u2019aviation reste un d\u00e9fi.<\/p>\n<p>Airbus a suscit\u00e9 l\u2019espoir en\u00a02020 en annon\u00e7ant la mise au point d\u2019un avion \u00e0 hydrog\u00e8ne, le ZEROe, d\u2019ici\u00a02035<a href=\"#_ftn20\" name=\"_ftnref20\">[20]<\/a>.<\/p>\n<p>Le groupe a \u00e9t\u00e9 suivi par plusieurs autres entreprises, dont Rolls-Royce, easyJet et Boeing, qui se sont \u00e9galement lanc\u00e9es dans le d\u00e9veloppement de la technologie de l\u2019hydrog\u00e8ne.<\/p>\n<p><img decoding=\"async\" loading=\"lazy\" class=\"size-full wp-image-112115 aligncenter\" src=\"https:\/\/media.alj.com\/app\/uploads\/2023\/12\/Picture5.jpg\" alt=\"Airbus hydrogen\" width=\"1880\" height=\"1255\" srcset=\"https:\/\/media.alj.com\/app\/uploads\/2023\/12\/Picture5.jpg 1880w, https:\/\/media.alj.com\/app\/uploads\/2023\/12\/Picture5-300x200.jpg 300w, https:\/\/media.alj.com\/app\/uploads\/2023\/12\/Picture5-1024x684.jpg 1024w, https:\/\/media.alj.com\/app\/uploads\/2023\/12\/Picture5-150x100.jpg 150w, https:\/\/media.alj.com\/app\/uploads\/2023\/12\/Picture5-768x513.jpg 768w, https:\/\/media.alj.com\/app\/uploads\/2023\/12\/Picture5-1536x1025.jpg 1536w\" sizes=\"(max-width: 1880px) 100vw, 1880px\" \/><\/p>\n<p>Rolls-Royce et easyJet ont notamment entam\u00e9 des essais au sol d\u2019un moteur d\u2019avion \u00e0 combustion d\u2019hydrog\u00e8ne, tandis qu\u2019Airbus a collabor\u00e9 avec GE et Safran pour \u00e9quiper un superjumbo A380 d\u2019un moteur \u00e0 combustion d\u2019hydrog\u00e8ne.<\/p>\n<p>Airbus a m\u00eame annonc\u00e9 qu\u2019un moteur aliment\u00e9 par une pile \u00e0 hydrog\u00e8ne, potentiellement capable de propulser un avion de 100\u00a0passagers, commencerait \u00e0 \u00eatre test\u00e9 en vol vers\u00a02026.<\/p>\n<h2>Le r\u00eave de l\u2019\u00e9lectrique<\/h2>\n<p>L\u2019<a href=\"https:\/\/alj.com\/en\/perspective\/the-skys-the-limit\/\">aviation \u00e9lectrique<\/a> a un grand r\u00f4le \u00e0 jouer dans la d\u00e9carbonisation du secteur, mais ne concerne pas pour l\u2019instant les vols long-courriers. Elle n\u2019est actuellement envisageable que pour des trajets relativement courts, jusqu\u2019\u00e0 650\u00a0kilom\u00e8tres.<\/p>\n<p><img decoding=\"async\" loading=\"lazy\" class=\"wp-image-112122 size-medium alignright\" src=\"https:\/\/media.alj.com\/app\/uploads\/2023\/12\/Picture6-300x169.jpg\" alt=\"Ecojet\" width=\"300\" height=\"169\" srcset=\"https:\/\/media.alj.com\/app\/uploads\/2023\/12\/Picture6-300x169.jpg 300w, https:\/\/media.alj.com\/app\/uploads\/2023\/12\/Picture6-150x84.jpg 150w, https:\/\/media.alj.com\/app\/uploads\/2023\/12\/Picture6-768x432.jpg 768w, https:\/\/media.alj.com\/app\/uploads\/2023\/12\/Picture6-226x126.jpg 226w, https:\/\/media.alj.com\/app\/uploads\/2023\/12\/Picture6.jpg 853w\" sizes=\"(max-width: 300px) 100vw, 300px\" \/>Dale Vince, fondateur de l\u2019entreprise \u00e9nerg\u00e9tique britannique Ecotricity, s\u2019appr\u00eate \u00e0 lancer la premi\u00e8re compagnie a\u00e9rienne \u00e9lectrique de Grande-Bretagne, <a href=\"https:\/\/www.ecotricity.co.uk\/our-news\/2023\/ecojet-dale-vince-launches-an-aviation-revolution\">Ecojet<\/a>, en\u00a02024. En tant que \u00ab\u00a0compagnie phare de la Grande-Bretagne verte\u00a0\u00bb, Ecojet pr\u00e9voit de faire ses d\u00e9buts avec un avion de 19\u00a0places reliant \u00c9dimbourg \u00e0 Southampton.<\/p>\n<p>Les premiers vols utiliseront du carburant \u00e0 base de k\u00e9ros\u00e8ne, avant de passer \u00e0 des moteurs aliment\u00e9s par de l\u2019hydrog\u00e8ne vert les ann\u00e9es suivantes<a href=\"#_ftn21\" name=\"_ftnref21\">[21]<\/a>.<\/p>\n<p>Parall\u00e8lement, l\u2019avion<a href=\"#_ftn22\" name=\"_ftnref22\">[22]<\/a> \u00ab\u00a0Spirit of Innovation\u00a0\u00bb de Rolls-Royce a fait des progr\u00e8s significatifs dans le domaine de l\u2019aviation \u00e9lectrique. La soci\u00e9t\u00e9 affirme que son avion est le v\u00e9hicule tout \u00e9lectrique le plus rapide au monde, atteignant une vitesse de 555,9\u00a0km\/h sur trois kilom\u00e8tres et une vitesse maximale de 623\u00a0km\/h. Partie int\u00e9grante du projet ACCEL (Accelerating the Electrification of Flight), l\u2019avion est propuls\u00e9 par un groupe motopropulseur \u00e9lectrique de 400\u00a0kW (+500\u00a0ch) et des batteries de propulsion.<\/p>\n<figure id=\"attachment_112210\" aria-describedby=\"caption-attachment-112210\" style=\"width: 462px\" class=\"wp-caption aligncenter\"><img decoding=\"async\" loading=\"lazy\" class=\"size-full wp-image-112210\" src=\"https:\/\/media.alj.com\/app\/uploads\/2023\/12\/Picture1.jpg\" alt=\"\" width=\"462\" height=\"260\" srcset=\"https:\/\/media.alj.com\/app\/uploads\/2023\/12\/Picture1.jpg 462w, https:\/\/media.alj.com\/app\/uploads\/2023\/12\/Picture1-300x169.jpg 300w, https:\/\/media.alj.com\/app\/uploads\/2023\/12\/Picture1-150x84.jpg 150w, https:\/\/media.alj.com\/app\/uploads\/2023\/12\/Picture1-226x126.jpg 226w\" sizes=\"(max-width: 462px) 100vw, 462px\" \/><figcaption id=\"caption-attachment-112210\" class=\"wp-caption-text\">L\u2019eVTOL de Joby Aviation.\u00a0 Cr\u00e9dit photo\u00a0: \u00a9 Joby Aviation<\/figcaption><\/figure>\n<p>De m\u00eame, <a href=\"https:\/\/alj.com\/en\/news\/abdul-latif-jameel-invests-in-joby-aviation\/\">Joby Aviation<\/a>, une start-up californienne soutenue par Abdul Latif Jameel Investment Management Company (<a href=\"https:\/\/jimco.com\/en\/\">JIMCO<\/a>), la branche d\u2019investissement d\u2019<a href=\"https:\/\/www.alj.com\/en\/\">Abdul Latif Jameel<\/a>, a lev\u00e9 d\u2019importants capitaux pour ses avions \u00e0 d\u00e9collage et atterrissage verticaux, enti\u00e8rement \u00e9lectriques et pilot\u00e9s. L\u2019appareil quatre places, qui peut atteindre la vitesse de 320\u00a0km\/h et parcourir 240\u00a0km avec une seule charge, est destin\u00e9 \u00e0 offrir des services de taxi a\u00e9rien abordables dans le monde entier, sans g\u00e9n\u00e9rer d\u2019\u00e9mission et en \u00e9mettant pas ou peu de bruit.<\/p>\n<p><em>\u00ab\u00a0Le service de taxi a\u00e9rien en est encore aux premiers stades de la commercialisation, mais il a le potentiel de transformer enti\u00e8rement l\u2019avenir de la mobilit\u00e9\u00a0\u00bb<\/em>, a d\u00e9clar\u00e9 <a href=\"https:\/\/alj.com\/en\/our-people\/hassan-jameel\/\">Hassan Jameel<\/a>, pr\u00e9sident adjoint et vice-pr\u00e9sident d\u2019Abdul Latif Jameel. <em>\u00ab\u00a0La r\u00e9duction simultan\u00e9e des \u00e9missions de carbone en fait une proposition convaincante.\u00a0\u00bb<\/em><\/p>\n<p>Difficile et probl\u00e9matique, la mission de d\u00e9carbonisation de l\u2019aviation est loin d\u2019\u00eatre impossible.<\/p>\n<p>Les incitations \u00e0 l\u2019action se multiplient \u00e0 mesure que la r\u00e9glementation se durcit, tandis que toutes les parties prenantes (fournisseurs de carburant, fabricants, a\u00e9roports, compagnies a\u00e9riennes et op\u00e9rateurs de fret, entre autres) s\u2019unissent pour atteindre cet objectif. Dans le m\u00eame temps, la technologie continue de progresser, produisant des engins toujours plus efficaces qui contribueront \u00e0 la r\u00e9ussite de cette mission. Ensemble, ces diff\u00e9rents maillons devront s\u2019imbriquer pour faire entrer l\u2019aviation dans un avenir sans carbone imp\u00e9ratif.<\/p>\n<p><a href=\"#_ftnref1\" name=\"_ftn1\">[1]<\/a> <a href=\"https:\/\/www.iata.org\/contentassets\/8d19e716636a47c184e7221c77563c93\/finance-net-zero-roadmap.pdf\">https:\/\/www.iata.org\/contentassets\/8d19e716636a47c184e7221c77563c93\/finance-net-zero-roadmap.pdf<\/a> Page 2<\/p>\n<p><a href=\"#_ftnref2\" name=\"_ftn2\">[2]<\/a> <a href=\"https:\/\/atag.org\/industry-topics\/supporting-economic-social-development\">https:\/\/atag.org\/industry-topics\/supporting-economic-social-development<\/a><\/p>\n<p><a href=\"#_ftnref3\" name=\"_ftn3\">[3]<\/a> <a href=\"https:\/\/ourworldindata.org\/co2-emissions-from-aviation\">https:\/\/ourworldindata.org\/co2-emissions-from-aviation<\/a><\/p>\n<p><a href=\"#_ftnref4\" name=\"_ftn4\">[4]<\/a> <a href=\"https:\/\/www.iata.org\/en\/iata-repository\/pressroom\/fact-sheets\/fact-sheet---corsia\/\">https:\/\/www.iata.org\/en\/iata-repository\/pressroom\/fact-sheets\/fact-sheet&#8212;corsia\/<\/a><\/p>\n<p><a href=\"#_ftnref5\" name=\"_ftn5\">[5]<\/a> <a href=\"https:\/\/www.economist.com\/finance-and-economics\/2022\/12\/15\/the-struggle-to-put-a-carbon-price-on-a-flight\">https:\/\/www.economist.com\/finance-and-economics\/2022\/12\/15\/the-struggle-to-put-a-carbon-price-on-a-flight<\/a><\/p>\n<p><a href=\"#_ftnref6\" name=\"_ftn6\">[6]<\/a> <a href=\"https:\/\/www.economist.com\/finance-and-economics\/2022\/12\/15\/the-struggle-to-put-a-carbon-price-on-a-flight\">https:\/\/www.economist.com\/finance-and-economics\/2022\/12\/15\/the-struggle-to-put-a-carbon-price-on-a-flight<\/a><\/p>\n<p><a href=\"#_ftnref7\" name=\"_ftn7\">[7]<\/a> <a href=\"https:\/\/www.mckinsey.com\/industries\/aerospace-and-defense\/our-insights\/decarbonizing-aviation-executing-on-net-zero-goals\">https:\/\/www.mckinsey.com\/industries\/aerospace-and-defense\/our-insights\/decarbonizing-aviation-executing-on-net-zero-goals<\/a><\/p>\n<p><a href=\"#_ftnref8\" name=\"_ftn8\">[8]<\/a> <a href=\"https:\/\/sciencebasedtargets.org\/news\/the-sbtis-new-interim-1-5-c-aviation-pathway\">https:\/\/sciencebasedtargets.org\/news\/the-sbtis-new-interim-1-5-c-aviation-pathway<\/a><\/p>\n<p><a href=\"#_ftnref9\" name=\"_ftn9\">[9]<\/a> <a href=\"https:\/\/www.mckinsey.com\/industries\/aerospace-and-defense\/our-insights\/decarbonizing-aviation-executing-on-net-zero-goals\">https:\/\/www.mckinsey.com\/industries\/aerospace-and-defense\/our-insights\/decarbonizing-aviation-executing-on-net-zero-goals<\/a><\/p>\n<p><a href=\"#_ftnref10\" name=\"_ftn10\">[10]<\/a> <a href=\"https:\/\/www.mckinsey.com\/industries\/aerospace-and-defense\/our-insights\/future-air-mobility-blog\/fuel-efficiency-why-airlines-need-to-switch-to-more-ambitious-measures\">https:\/\/www.mckinsey.com\/industries\/aerospace-and-defense\/our-insights\/future-air-mobility-blog\/fuel-efficiency-why-airlines-need-to-switch-to-more-ambitious-measures<\/a><\/p>\n<p><a href=\"#_ftnref11\" name=\"_ftn11\">[11]<\/a> <a href=\"https:\/\/www.kambr.com\/articles\/what-is-single-european-sky#:~:text=An%20improvement%20in%20safety%20performance,increase%20in%20capacity%20where%20needed\">https:\/\/www.kambr.com\/articles\/what-is-single-european-sky#:~:text=An%20improvement%20in%20safety%20performance,increase%20in%20capacity%20where%20needed<\/a>.<\/p>\n<p><a href=\"#_ftnref12\" name=\"_ftn12\">[12]<\/a> <a href=\"https:\/\/www.faa.gov\/nextgen\/today\">https:\/\/www.faa.gov\/nextgen\/today<\/a><\/p>\n<p><a href=\"#_ftnref13\" name=\"_ftn13\">[13]<\/a> <a href=\"https:\/\/aircraft.airbus.com\/en\/aircraft\/a320-the-most-successful-aircraft-family-ever\/a320neo-creating-higher-customer-value\">https:\/\/aircraft.airbus.com\/en\/aircraft\/a320-the-most-successful-aircraft-family-ever\/a320neo-creating-higher-customer-value<\/a><\/p>\n<p><a href=\"#_ftnref14\" name=\"_ftn14\">[14]<\/a> <a href=\"https:\/\/simpleflying.com\/sustainable-777x\/\">https:\/\/simpleflying.com\/sustainable-777x\/<\/a><\/p>\n<p><a href=\"#_ftnref15\" name=\"_ftn15\">[15]<\/a> <a href=\"https:\/\/climatetrade.com\/why-is-it-so-hard-to-decarbonize-aviation\/\">https:\/\/climatetrade.com\/why-is-it-so-hard-to-decarbonize-aviation\/<\/a><\/p>\n<p><a href=\"#_ftnref16\" name=\"_ftn16\">[16]<\/a> <a href=\"https:\/\/www.shell.com\/energy-and-innovation\/the-energy-future\/decarbonising-aviation.html?utm_source=&amp;utm_medium=Deloitte&amp;utm_content=Deloitte_web_link_001_&amp;utm_campaign=decarbonisingaviation__sep-dec_2021\">https:\/\/www.shell.com\/energy-and-innovation\/the-energy-future\/decarbonising-aviation.html?utm_source=&amp;utm_medium=Deloitte&amp;utm_content=Deloitte_web_link_001_&amp;utm_campaign=decarbonisingaviation__sep-dec_2021<\/a><\/p>\n<p><a href=\"#_ftnref17\" name=\"_ftn17\">[17]<\/a> <a href=\"https:\/\/www.google.com\/search?q=%27There+is+no+cheap+way+of+decarbonising+air+travel%27&amp;oq=%27There+is+no+cheap+way+of+decarbonising+air+travel%27&amp;gs_lcrp=EgZjaHJvbWUyBggAEEUYOTIHCAEQIRigAdIBCDE2NzdqMGo3qAIAsAIA&amp;sourceid=chrome&amp;ie=UTF-8\">https:\/\/www.google.com\/search?q=%27There+is+no+cheap+way+of+decarbonising+air+travel%27&amp;oq=%27There+is+no+cheap+way+of+decarbonising+air+travel%27&amp;gs_lcrp=EgZjaHJvbWUyBggAEEUYOTIHCAEQIRigAdIBCDE2NzdqMGo3qAIAsAIA&amp;sourceid=chrome&amp;ie=UTF-8<\/a><\/p>\n<p><a href=\"#_ftnref18\" name=\"_ftn18\">[18]<\/a> <a href=\"https:\/\/www.shell.com\/business-customers\/aviation\/the-future-of-energy\/sustainable-aviation-fuel.html#iframe=L2wvODc3OTYyLzIwMjMtMDUtMjIvNHdiNjh2\">https:\/\/www.shell.com\/business-customers\/aviation\/the-future-of-energy\/sustainable-aviation-fuel.html#iframe=L2wvODc3OTYyLzIwMjMtMDUtMjIvNHdiNjh2<\/a><\/p>\n<p><a href=\"#_ftnref19\" name=\"_ftn19\">[19]<\/a> <a href=\"https:\/\/www.bain.com\/insights\/will-plans-to-decarbonize-the-aviation-industry-fly\/\">https:\/\/www.bain.com\/insights\/will-plans-to-decarbonize-the-aviation-industry-fly\/<\/a><\/p>\n<p><a href=\"#_ftnref20\" name=\"_ftn20\">[20]<\/a> <a href=\"https:\/\/www.theguardian.com\/business\/2022\/nov\/30\/airbus-boss-warn-delay-decarbonising-airline-industry-hydrogen-sustainable-aviation-fuel\">https:\/\/www.theguardian.com\/business\/2022\/nov\/30\/airbus-boss-warn-delay-decarbonising-airline-industry-hydrogen-sustainable-aviation-fuel<\/a><\/p>\n<p><a href=\"#_ftnref21\" name=\"_ftn21\">[21]<\/a> <a href=\"https:\/\/www.theguardian.com\/business\/2023\/jul\/17\/green-energy-tycoon-to-launch-uk-first-electric-airline\">https:\/\/www.theguardian.com\/business\/2023\/jul\/17\/green-energy-tycoon-to-launch-uk-first-electric-airline<\/a><\/p>\n<p><a href=\"#_ftnref22\" name=\"_ftn22\">[22]<\/a> <a href=\"https:\/\/www.rolls-royce.com\/media\/press-releases\/2021\/19-11-2021-spirit-of-innovation-stakes-claim-to-be-the-worlds-fastest-all-electric-vehicle.aspx\">https:\/\/www.rolls-royce.com\/media\/press-releases\/2021\/19-11-2021-spirit-of-innovation-stakes-claim-to-be-the-worlds-fastest-all-electric-vehicle.aspx<\/a><\/p>\n","protected":false},"author":18,"featured_media":112155,"template":"","tags":[],"acf":[],"yoast_head":"<!-- This site is optimized with the Yoast SEO plugin v21.5 - https:\/\/yoast.com\/wordpress\/plugins\/seo\/ -->\n<title>D\u00e9carbonisation de l\u2019aviation | Abdul Latif Jameel\u00ae<\/title>\n<meta name=\"description\" content=\"Les avions sont \u00e0 l&#039;origine de 3,5 % du r\u00e9chauffement climatique en modifiant gaz et polluants de l&#039;atmosph\u00e8re. D\u00e9couvrez les m\u00e9thodes pour limiter ces dommages.\" \/>\n<meta name=\"robots\" content=\"index, follow, max-snippet:-1, max-image-preview:large, max-video-preview:-1\" \/>\n<link rel=\"canonical\" href=\"https:\/\/alj.com\/fr\/perspective\/decarboniser-laviation\/\" \/>\n<meta property=\"og:locale\" content=\"fr_FR\" \/>\n<meta property=\"og:type\" content=\"article\" \/>\n<meta property=\"og:title\" content=\"D\u00e9carbonisation de l\u2019aviation | Abdul Latif Jameel\u00ae\" \/>\n<meta property=\"og:description\" content=\"Les avions sont \u00e0 l&#039;origine de 3,5 % du r\u00e9chauffement climatique en modifiant gaz et polluants de l&#039;atmosph\u00e8re. D\u00e9couvrez les m\u00e9thodes pour limiter ces dommages.\" \/>\n<meta property=\"og:url\" content=\"https:\/\/alj.com\/fr\/perspective\/decarboniser-laviation\/\" \/>\n<meta property=\"og:site_name\" content=\"Abdul Latif Jameel\" \/>\n<meta property=\"article:publisher\" content=\"https:\/\/www.facebook.com\/Abdul.Latif.Jameel.Official\" \/>\n<meta property=\"article:modified_time\" content=\"2024-04-22T08:43:24+00:00\" \/>\n<meta property=\"og:image\" content=\"https:\/\/media.alj.com\/app\/uploads\/2023\/12\/shutterstock_61323826-scaled.jpg\" \/>\n\t<meta property=\"og:image:width\" content=\"2560\" \/>\n\t<meta property=\"og:image:height\" content=\"1707\" \/>\n\t<meta property=\"og:image:type\" content=\"image\/jpeg\" \/>\n<meta name=\"twitter:card\" content=\"summary_large_image\" \/>\n<meta name=\"twitter:label1\" content=\"Est. reading time\" \/>\n\t<meta name=\"twitter:data1\" content=\"17 minutes\" \/>\n<script type=\"application\/ld+json\" class=\"yoast-schema-graph\">{\"@context\":\"https:\/\/schema.org\",\"@graph\":[{\"@type\":\"WebPage\",\"@id\":\"https:\/\/alj.com\/fr\/perspective\/decarboniser-laviation\/\",\"url\":\"https:\/\/alj.com\/fr\/perspective\/decarboniser-laviation\/\",\"name\":\"D\u00e9carbonisation de l\u2019aviation | Abdul Latif Jameel\u00ae\",\"isPartOf\":{\"@id\":\"https:\/\/alj.com\/en\/#website\"},\"datePublished\":\"2023-12-15T07:05:51+00:00\",\"dateModified\":\"2024-04-22T08:43:24+00:00\",\"description\":\"Les avions sont \u00e0 l'origine de 3,5 % du r\u00e9chauffement climatique en modifiant gaz et polluants de l'atmosph\u00e8re. D\u00e9couvrez les m\u00e9thodes pour limiter ces dommages.\",\"breadcrumb\":{\"@id\":\"https:\/\/alj.com\/fr\/perspective\/decarboniser-laviation\/#breadcrumb\"},\"inLanguage\":\"fr-FR\",\"potentialAction\":[{\"@type\":\"ReadAction\",\"target\":[\"https:\/\/alj.com\/fr\/perspective\/decarboniser-laviation\/\"]}]},{\"@type\":\"BreadcrumbList\",\"@id\":\"https:\/\/alj.com\/fr\/perspective\/decarboniser-laviation\/#breadcrumb\",\"itemListElement\":[{\"@type\":\"ListItem\",\"position\":1,\"name\":\"Home\",\"item\":\"https:\/\/alj.com\/fr\/\"},{\"@type\":\"ListItem\",\"position\":2,\"name\":\"Perspectives\",\"item\":\"https:\/\/alj.com\/ja\/perspective\/\"},{\"@type\":\"ListItem\",\"position\":3,\"name\":\"D\u00e9carboniser l\u2019aviation\"}]},{\"@type\":\"WebSite\",\"@id\":\"https:\/\/alj.com\/en\/#website\",\"url\":\"https:\/\/alj.com\/en\/\",\"name\":\"Abdul Latif Jameel\",\"description\":\"Abdul Latif Jameel\",\"potentialAction\":[{\"@type\":\"SearchAction\",\"target\":{\"@type\":\"EntryPoint\",\"urlTemplate\":\"https:\/\/alj.com\/en\/?s={search_term_string}\"},\"query-input\":\"required name=search_term_string\"}],\"inLanguage\":\"fr-FR\"}]}<\/script>\n<!-- \/ Yoast SEO plugin. -->","yoast_head_json":{"title":"D\u00e9carbonisation de l\u2019aviation | Abdul Latif Jameel\u00ae","description":"Les avions sont \u00e0 l'origine de 3,5 % du r\u00e9chauffement climatique en modifiant gaz et polluants de l'atmosph\u00e8re. D\u00e9couvrez les m\u00e9thodes pour limiter ces dommages.","robots":{"index":"index","follow":"follow","max-snippet":"max-snippet:-1","max-image-preview":"max-image-preview:large","max-video-preview":"max-video-preview:-1"},"canonical":"https:\/\/alj.com\/fr\/perspective\/decarboniser-laviation\/","og_locale":"fr_FR","og_type":"article","og_title":"D\u00e9carbonisation de l\u2019aviation | Abdul Latif Jameel\u00ae","og_description":"Les avions sont \u00e0 l'origine de 3,5 % du r\u00e9chauffement climatique en modifiant gaz et polluants de l'atmosph\u00e8re. D\u00e9couvrez les m\u00e9thodes pour limiter ces dommages.","og_url":"https:\/\/alj.com\/fr\/perspective\/decarboniser-laviation\/","og_site_name":"Abdul Latif Jameel","article_publisher":"https:\/\/www.facebook.com\/Abdul.Latif.Jameel.Official","article_modified_time":"2024-04-22T08:43:24+00:00","og_image":[{"width":2560,"height":1707,"url":"https:\/\/media.alj.com\/app\/uploads\/2023\/12\/shutterstock_61323826-scaled.jpg","type":"image\/jpeg"}],"twitter_card":"summary_large_image","twitter_misc":{"Est. reading time":"17 minutes"},"schema":{"@context":"https:\/\/schema.org","@graph":[{"@type":"WebPage","@id":"https:\/\/alj.com\/fr\/perspective\/decarboniser-laviation\/","url":"https:\/\/alj.com\/fr\/perspective\/decarboniser-laviation\/","name":"D\u00e9carbonisation de l\u2019aviation | Abdul Latif Jameel\u00ae","isPartOf":{"@id":"https:\/\/alj.com\/en\/#website"},"datePublished":"2023-12-15T07:05:51+00:00","dateModified":"2024-04-22T08:43:24+00:00","description":"Les avions sont \u00e0 l'origine de 3,5 % du r\u00e9chauffement climatique en modifiant gaz et polluants de l'atmosph\u00e8re. D\u00e9couvrez les m\u00e9thodes pour limiter ces dommages.","breadcrumb":{"@id":"https:\/\/alj.com\/fr\/perspective\/decarboniser-laviation\/#breadcrumb"},"inLanguage":"fr-FR","potentialAction":[{"@type":"ReadAction","target":["https:\/\/alj.com\/fr\/perspective\/decarboniser-laviation\/"]}]},{"@type":"BreadcrumbList","@id":"https:\/\/alj.com\/fr\/perspective\/decarboniser-laviation\/#breadcrumb","itemListElement":[{"@type":"ListItem","position":1,"name":"Home","item":"https:\/\/alj.com\/fr\/"},{"@type":"ListItem","position":2,"name":"Perspectives","item":"https:\/\/alj.com\/ja\/perspective\/"},{"@type":"ListItem","position":3,"name":"D\u00e9carboniser l\u2019aviation"}]},{"@type":"WebSite","@id":"https:\/\/alj.com\/en\/#website","url":"https:\/\/alj.com\/en\/","name":"Abdul Latif Jameel","description":"Abdul Latif Jameel","potentialAction":[{"@type":"SearchAction","target":{"@type":"EntryPoint","urlTemplate":"https:\/\/alj.com\/en\/?s={search_term_string}"},"query-input":"required name=search_term_string"}],"inLanguage":"fr-FR"}]}},"post-meta-fields":{"push_notification":["no"],"_push_notification":["field_5c3b1fb67034d"],"_wpml_word_count":["{\"total\":2586,\"to_translate\":{\"ar\":2586,\"zh-hans\":2586,\"fr\":2586,\"ja\":2586,\"es\":2586,\"tr\":2586}}"],"wpcf-featured-news":["0"],"is_latest_news":["0"],"wpcf-show-news-at-homepage":["1"],"publish_mobile":["a:1:{i:0;s:3:\"yes\";}"],"_publish_mobile":["field_5bfa8eb2e65cf"],"mobile_featured_image":["https:\/\/media.alj.com\/app\/uploads\/2023\/12\/shutterstock_61323826-Scaled-1.jpg"],"_mobile_featured_image":["field_5c3b204983dea"],"featured_on_listing_page":["1"],"_featured_on_listing_page":["field_62458ea7383c3"],"content_series_applied":[""],"_content_series_applied":["field_60f3d3faf82ac"],"wpcf-perspective-downloadable_file":[""],"wpcf-video-description":[""],"wpcf-layoutvideourl":[""],"wpcf-video-thumb":[""],"wpcf-social4-svg":[""],"wpcf-social4-background-image":[""],"wpcf-social4-text":[""],"wpcf-social4-url":[""],"wpcf-social3-svg":[""],"wpcf-social3-background-image":[""],"wpcf-social3-text":[""],"wpcf-social3-url":[""],"wpcf-social-text-svg-square":[""],"wpcf-social-text-image-square":[""],"wpcf-social-text-text-square":[""],"wpcf-social-text-url-square":[""],"wpcf-social2-svg":[""],"wpcf-social2-background-image":[""],"wpcf-social2-text":[""],"wpcf-social2-url":[""],"wpcf-social-svg-square":[""],"wpcf-social-image-square":[""],"wpcf-social-text-square":[""],"wpcf-social-url-square":[""],"wpcf-social1-svg":[""],"wpcf-social1-background-image":[""],"wpcf-social1-text":[""],"wpcf-social1-url":[""],"wpcf-quotes-with-auther-text-1":[""],"wpcf-card_article_with_title_content":[""],"wpcf-card_article_content":["write your content"],"wpcf-quotes-with-auther-text":[""],"_bsf_post_type":["0"],"_bsf_item_review_type":["none"],"_wpml_media_duplicate":["1"],"_wpml_media_featured":["1"],"_yoast_wpseo_content_score":["30"],"_yoast_wpseo_estimated-reading-time-minutes":[""],"_yoast_wpseo_wordproof_timestamp":[""],"perspective_short_title":["D\u00e9carboniser l\u2019aviation"],"perspective_summury":["<p>L\u2019industrie a\u00e9ronautique est bien plus qu\u2019un simple secteur des transports. Il s\u2019agit d\u2019un puissant r\u00e9seau mondial qui fa\u00e7onne les soci\u00e9t\u00e9s, stimule les \u00e9conomies et constitue un catalyseur essentiel dans notre parcours vers un avenir plus durable.<\/p>\n"],"perspective_location":["Dubai, UAE"],"_yoast_wpseo_title":["D\u00e9carbonisation de l\u2019aviation | Abdul Latif Jameel\u00ae"],"_yoast_wpseo_metadesc":["Les avions sont \u00e0 l'origine de 3,5 % du r\u00e9chauffement climatique en modifiant gaz et polluants de l'atmosph\u00e8re. D\u00e9couvrez les m\u00e9thodes pour limiter ces dommages."],"wpcf-perspective-published-date":["1702598400"],"_thumbnail_id":["112155"],"_edit_lock":["1713775315:25"],"_edit_last":["25"],"_last_translation_edit_mode":["native-editor"],"wpcf-projecttitle":[""],"wpcf-projectdescription":[""],"wpcf-projectimage-video1":["image"],"wpcf-projectimage-1":[""],"wpcf-projectvideo-1":[""],"wpcf-projectdescription-1":[""],"wpcf-projectimage-video2":["image"],"wpcf-projectimage-2":[""],"wpcf-projectvideo-2":[""],"wpcf-projectdescription-2":[""],"wpcf-projectimage-video3":["image"],"wpcf-projectimage-3":[""],"wpcf-projectvideo-3":[""],"wpcf-projectdescription-3":[""],"wpcf-projectimage-video4":["image"],"wpcf-projectimage-4":[""],"wpcf-projectvideo-4":[""],"wpcf-projectdescription-4":[""],"_wp_old_date":["2023-12-14"],"perspective_business_sector":["Services \u00c9nerg\u00e9tiques et Environnementaux"],"wpcf-card-image":[""],"_wpcf-card-image-sort-order":["a:1:{i:0;i:1756573;}"],"amazonS3_cache":["a:30:{s:42:\"\/\/alj.com\/app\/uploads\/2023\/12\/Picture1.png\";a:2:{s:2:\"id\";i:112087;s:11:\"source_type\";s:13:\"media-library\";}s:50:\"\/\/alj.com\/app\/uploads\/2023\/12\/Picture1-300x247.png\";a:2:{s:2:\"id\";i:112087;s:11:\"source_type\";s:13:\"media-library\";}s:48:\"\/\/media.alj.com\/app\/uploads\/2023\/12\/Picture1.png\";a:2:{s:2:\"id\";i:112087;s:11:\"source_type\";s:13:\"media-library\";}s:56:\"\/\/media.alj.com\/app\/uploads\/2023\/12\/Picture1-300x247.png\";a:2:{s:2:\"id\";i:112087;s:11:\"source_type\";s:13:\"media-library\";}s:67:\"\/\/alj.com\/app\/uploads\/2023\/12\/ALJ-Decarbonising-Aviation-scaled.jpg\";a:2:{s:2:\"id\";i:112059;s:11:\"source_type\";s:13:\"media-library\";}s:73:\"\/\/media.alj.com\/app\/uploads\/2023\/12\/ALJ-Decarbonising-Aviation-scaled.jpg\";a:2:{s:2:\"id\";i:112059;s:11:\"source_type\";s:13:\"media-library\";}s:68:\"\/\/alj.com\/app\/uploads\/2023\/12\/ALJ-Decarbonising-Aviation2-scaled.jpg\";a:2:{s:2:\"id\";i:112066;s:11:\"source_type\";s:13:\"media-library\";}s:74:\"\/\/media.alj.com\/app\/uploads\/2023\/12\/ALJ-Decarbonising-Aviation2-scaled.jpg\";a:2:{s:2:\"id\";i:112066;s:11:\"source_type\";s:13:\"media-library\";}s:42:\"\/\/alj.com\/app\/uploads\/2023\/12\/Picture2.png\";a:2:{s:2:\"id\";i:112094;s:11:\"source_type\";s:13:\"media-library\";}s:50:\"\/\/alj.com\/app\/uploads\/2023\/12\/Picture2-300x172.png\";a:2:{s:2:\"id\";i:112094;s:11:\"source_type\";s:13:\"media-library\";}s:48:\"\/\/media.alj.com\/app\/uploads\/2023\/12\/Picture2.png\";a:2:{s:2:\"id\";i:112094;s:11:\"source_type\";s:13:\"media-library\";}s:56:\"\/\/media.alj.com\/app\/uploads\/2023\/12\/Picture2-300x172.png\";a:2:{s:2:\"id\";i:112094;s:11:\"source_type\";s:13:\"media-library\";}s:63:\"\/\/alj.com\/app\/uploads\/2023\/12\/shutterstock_600610526-edited.jpg\";a:2:{s:2:\"id\";i:112185;s:11:\"source_type\";s:13:\"media-library\";}s:69:\"\/\/media.alj.com\/app\/uploads\/2023\/12\/shutterstock_600610526-edited.jpg\";a:2:{s:2:\"id\";i:112185;s:11:\"source_type\";s:13:\"media-library\";}s:68:\"\/\/alj.com\/app\/uploads\/2023\/12\/ALJ-Decarbonising-Aviation3-scaled.jpg\";a:2:{s:2:\"id\";i:112073;s:11:\"source_type\";s:13:\"media-library\";}s:74:\"\/\/media.alj.com\/app\/uploads\/2023\/12\/ALJ-Decarbonising-Aviation3-scaled.jpg\";a:2:{s:2:\"id\";i:112073;s:11:\"source_type\";s:13:\"media-library\";}s:46:\"\/\/alj.com\/app\/uploads\/2023\/12\/Willie-Walsh.jpg\";a:2:{s:2:\"id\";i:112136;s:11:\"source_type\";s:13:\"media-library\";}s:52:\"\/\/media.alj.com\/app\/uploads\/2023\/12\/Willie-Walsh.jpg\";a:2:{s:2:\"id\";i:112136;s:11:\"source_type\";s:13:\"media-library\";}s:68:\"\/\/alj.com\/app\/uploads\/2023\/12\/ALJ-Decarbonising-Aviation4-scaled.jpg\";a:2:{s:2:\"id\";i:112080;s:11:\"source_type\";s:13:\"media-library\";}s:74:\"\/\/media.alj.com\/app\/uploads\/2023\/12\/ALJ-Decarbonising-Aviation4-scaled.jpg\";a:2:{s:2:\"id\";i:112080;s:11:\"source_type\";s:13:\"media-library\";}s:42:\"\/\/alj.com\/app\/uploads\/2023\/12\/Picture4.png\";a:2:{s:2:\"id\";i:112108;s:11:\"source_type\";s:13:\"media-library\";}s:48:\"\/\/media.alj.com\/app\/uploads\/2023\/12\/Picture4.png\";a:2:{s:2:\"id\";i:112108;s:11:\"source_type\";s:13:\"media-library\";}s:42:\"\/\/alj.com\/app\/uploads\/2023\/12\/Picture5.jpg\";a:2:{s:2:\"id\";i:112115;s:11:\"source_type\";s:13:\"media-library\";}s:48:\"\/\/media.alj.com\/app\/uploads\/2023\/12\/Picture5.jpg\";a:2:{s:2:\"id\";i:112115;s:11:\"source_type\";s:13:\"media-library\";}s:42:\"\/\/alj.com\/app\/uploads\/2023\/12\/Picture6.jpg\";a:2:{s:2:\"id\";i:112122;s:11:\"source_type\";s:13:\"media-library\";}s:50:\"\/\/alj.com\/app\/uploads\/2023\/12\/Picture6-300x169.jpg\";a:2:{s:2:\"id\";i:112122;s:11:\"source_type\";s:13:\"media-library\";}s:48:\"\/\/media.alj.com\/app\/uploads\/2023\/12\/Picture6.jpg\";a:2:{s:2:\"id\";i:112122;s:11:\"source_type\";s:13:\"media-library\";}s:56:\"\/\/media.alj.com\/app\/uploads\/2023\/12\/Picture6-300x169.jpg\";a:2:{s:2:\"id\";i:112122;s:11:\"source_type\";s:13:\"media-library\";}s:42:\"\/\/alj.com\/app\/uploads\/2023\/12\/Picture1.jpg\";a:2:{s:2:\"id\";i:112210;s:11:\"source_type\";s:13:\"media-library\";}s:48:\"\/\/media.alj.com\/app\/uploads\/2023\/12\/Picture1.jpg\";a:2:{s:2:\"id\";i:112210;s:11:\"source_type\";s:13:\"media-library\";}}"]},"_links":{"self":[{"href":"https:\/\/alj.com\/fr\/wp-json\/wp\/v2\/perspective\/112194"}],"collection":[{"href":"https:\/\/alj.com\/fr\/wp-json\/wp\/v2\/perspective"}],"about":[{"href":"https:\/\/alj.com\/fr\/wp-json\/wp\/v2\/types\/perspective"}],"author":[{"embeddable":true,"href":"https:\/\/alj.com\/fr\/wp-json\/wp\/v2\/users\/18"}],"wp:featuredmedia":[{"embeddable":true,"href":"https:\/\/alj.com\/fr\/wp-json\/wp\/v2\/media\/112155"}],"wp:attachment":[{"href":"https:\/\/alj.com\/fr\/wp-json\/wp\/v2\/media?parent=112194"}],"wp:term":[{"taxonomy":"post_tag","embeddable":true,"href":"https:\/\/alj.com\/fr\/wp-json\/wp\/v2\/tags?post=112194"}],"curies":[{"name":"wp","href":"https:\/\/api.w.org\/{rel}","templated":true}]}}