{"id":116636,"date":"2024-05-01T06:59:30","date_gmt":"2024-05-01T06:59:30","guid":{"rendered":"https:\/\/alj.com\/?post_type=perspective&#038;p=116636"},"modified":"2024-07-16T06:25:17","modified_gmt":"2024-07-16T06:25:17","slug":"un-lieu-ou-realiser-votre-potentiel","status":"publish","type":"perspective","link":"https:\/\/alj.com\/fr\/perspective\/un-lieu-ou-realiser-votre-potentiel\/","title":{"rendered":"Un lieu o\u00f9 r\u00e9aliser votre potentiel"},"content":{"rendered":"<h4>Questions-r\u00e9ponses avec Mariana Merino, d\u00e9partement RH et du Kaizen chez Abdul Latif Jameel<\/h4>\n<p>L\u2019humain est, et a toujours \u00e9t\u00e9, au c\u0153ur m\u00eame de la vision strat\u00e9gique d\u2019Abdul Latif Jameel. Mais dans un march\u00e9 mondial de plus en plus f\u00e9roce et incertain, la course aux meilleurs talents est intense et les candidats recherchent bien plus qu\u2019un salaire attractif. <a href=\"https:\/\/alj.com\">Abdul Latif Jameel<\/a> compte plus de 11\u00a0000\u00a0employ\u00e9s (nos \u00ab\u00a0collaborateurs\u00a0\u00bb) d\u00e9tenant 65\u00a0nationalit\u00e9s dans 35\u00a0pays.<\/p>\n<p>Engager et donner \u00e0 nos collaborateurs les moyens de s\u2019\u00e9panouir, de se qualifier, de donner le meilleur d\u2019eux-m\u00eames et de r\u00e9aliser leur potentiel est essentiel pour la r\u00e9ussite \u00e0 long terme.<\/p>\n<p>Nous avons discut\u00e9 avec Mariana Merino, directrice du Centre d\u2019expertise des RH et du Kaizen, de la philosophie de l\u2019entreprise ax\u00e9e sur les talents et de la nature changeante des RH sur un march\u00e9 mondial.<\/p>\n<h2>Parlez-nous de votre carri\u00e8re avant de rejoindre Abdul Latif Jameel en 2021.<\/h2>\n<p>J\u2019ai toujours travaill\u00e9 dans la gestion des ressources humaines (RH). J\u2019ai commenc\u00e9 \u00e0 travailler pour une multinationale am\u00e9ricaine \u00e0 Madrid, en Espagne, d\u2019o\u00f9 je suis originaire. Il y a environ 10\u00a0ans, j\u2019ai d\u00e9m\u00e9nag\u00e9 aux \u00c9mirats arabes unis pour travailler pour une multinationale dans le secteur de la construction.<\/p>\n<p>J\u2019y suis rest\u00e9e quatre ans. J\u2019ai ensuite travaill\u00e9 dans un conglom\u00e9rat bas\u00e9 \u00e0 Duba\u00ef pendant trois ans, puis j\u2019ai rejoint <a href=\"https:\/\/alj.com\">Abdul Latif Jameel<\/a> il y a un peu plus de deux ans, en tant que directrice du Centre d\u2019expertise du d\u00e9partement RH et du Kaizen.<\/p>\n<h2>Qu\u2019est-ce qui vous a attir\u00e9 dans l\u2019opportunit\u00e9 offerte par Abdul Latif Jameel\u00a0?<\/h2>\n<p>Pour \u00eatre honn\u00eate, je connaissais tr\u00e8s peu l\u2019entreprise \u00e0 part de nom. Je savais qu\u2019il s\u2019agissait d\u2019une multinationale familiale, diversifi\u00e9e, originaire d\u2019Arabie saoudite, mais c\u2019\u00e9tait tout. Lorsque cette offre d\u2019emploi est apparue et que j\u2019ai fait quelques recherches suppl\u00e9mentaires, j\u2019ai \u00e9t\u00e9 tr\u00e8s impressionn\u00e9e par la vision et la mission de l\u2019entreprise. Plus pr\u00e9cis\u00e9ment, j\u2019ai \u00e9t\u00e9 attir\u00e9e par la possibilit\u00e9 de faire la diff\u00e9rence en fa\u00e7onnant le d\u00e9veloppement et le fonctionnement des RH au sein d\u2019Abdul Latif Jameel.<\/p>\n<p>Mes fonctions sont tr\u00e8s larges et touchent \u00e0 tous les aspects de l\u2019entreprise, et c\u2019est ce qui a attir\u00e9 mon attention. L\u2019accent est mis sur l\u2019humain, l\u2019organisation aspire \u00e0 compter sur des personnes qui vivent selon les valeurs fondamentales de notre marque\u00a0: respect, \u00e9volution, innovation et autonomisation. Mais comme pour la plupart des entreprises \u00e0 cette \u00e9chelle, il y a parfois un \u00e9cart entre les aspirations et la r\u00e9alit\u00e9. Mes d\u00e9fis consistent \u00e0 concevoir des politiques, processus et programmes de la meilleure qualit\u00e9 possible tout en m\u2019adaptant aux objectifs pr\u00e9vus pour lutter contre cet \u00e9cart.<\/p>\n<h2>Quel est le r\u00f4le du Centre d\u2019expertise dans ce contexte\u00a0?<\/h2>\n<p>La principale responsabilit\u00e9 du Centre d\u2019expertise en RH est de standardiser et d\u2019harmoniser toutes les unit\u00e9s commerciales du r\u00e9seau Abdul Latif Jameel selon les meilleures pratiques RH.<\/p>\n<p>Le Centre d\u2019expertise est une \u00e9quipe au sein du d\u00e9partement RH et Kaizen. Il s\u2019occupe de diff\u00e9rentes t\u00e2ches qui rel\u00e8vent des RH, telles que la planification des effectifs, l\u2019acquisition, la gestion et le d\u00e9veloppement des talents, la r\u00e9mun\u00e9ration globale, les RH num\u00e9riques et les RH dans les fusions ou acquisitions (ici, nous soutenons nos coll\u00e8gues impliqu\u00e9s dans fusions et acquisitions en ce qui concerne les processus de diligence raisonnable et de post-int\u00e9gration).<\/p>\n<p>Dans tout ce que nous faisons, nos objectifs consistent \u00e0 cr\u00e9er une exp\u00e9rience RH unifi\u00e9e et coh\u00e9rente pour l\u2019ensemble de l\u2019entreprise. Ainsi, que vous travailliez pour Abdul Latif Jameel Motors en Arabie Saoudite ou en Chine, pour Almar Water en Espagne ou pour Abdul Latif Jameel Finance, l\u2019exp\u00e9rience est coh\u00e9rente du point de vue des RH, tout en refl\u00e9tant les nuances culturelles locales et, bien s\u00fbr, les exigences de conformit\u00e9 r\u00e9glementaire.<\/p>\n<h2>Vous travaillez dans l\u2019entreprise depuis plus de deux ans. Quels sont les plus grands d\u00e9fis que vous avez connus\u00a0?<\/h2>\n<p>Ces deux derni\u00e8res ann\u00e9es ont \u00e9t\u00e9 parsem\u00e9es de nombreux d\u00e9fis. L\u2019un des premiers a \u00e9t\u00e9 de communiquer notre vision. Nous voulions nous assurer que chaque personne ait connaissance de nos objectifs au sein de l\u2019entreprise. Nous voulions tous \u00eatre d\u2019accord sur le but et la raison de nos activit\u00e9s. Cela doit \u00eatre le point de d\u00e9part de notre aventure. Un autre point important concerne notre infrastructure. C\u2019est d\u2019elle que d\u00e9pend la mise en place de l\u2019\u00e9cosyst\u00e8me, de la technologie et des syst\u00e8mes pratiques dont nous avons besoin pour r\u00e9aliser nos ambitions.<\/p>\n<h2>Une partie de votre r\u00f4le a \u00e9t\u00e9 de d\u00e9velopper et de mettre en \u0153uvre la strat\u00e9gie RH de l\u2019entreprise. O\u00f9 en \u00eates-vous en la mati\u00e8re\u00a0?<\/h2>\n<p>Le point de d\u00e9part de cette strat\u00e9gie \u00e9tait d\u2019examiner l\u2019histoire et l\u2019h\u00e9ritage d\u2019Abdul Latif Jameel. Notre entreprise a pr\u00e8s de huit d\u00e9cennies de r\u00e9alisations derri\u00e8re elle, et nous devions comprendre comment nous nous sommes d\u00e9velopp\u00e9s au cours de ces ann\u00e9es, notamment quelles le\u00e7ons nous avons apprises, quelles ont \u00e9t\u00e9 nos meilleures pratiques et nos r\u00e9ussites. Nous devions \u00e9galement collaborer avec nos actionnaires et comprendre leurs aspirations, leur vision, l\u2019objectif strat\u00e9gique d\u2019Abdul Latif Jameel en tant qu\u2019organisation.<\/p>\n<p>En plus de cela, nous avons demand\u00e9 des r\u00e9troactions \u00e0 nos collaborateurs par le biais de divers canaux et outils, y compris nos enqu\u00eates annuelles \u00ab\u00a0Culture\u00a0\u00bb. Ils nous ont transmis des informations pr\u00e9cieuses sur nos performances, ce qui peut \u00eatre am\u00e9lior\u00e9 et les lacunes qui doivent \u00eatre combl\u00e9es. Nous avons \u00e9galement examin\u00e9 plus largement ce qui se passe dans la sph\u00e8re mondiale des RH, pour voir ce que nous pouvons apprendre et de quoi nous pouvons nous inspirer. Apr\u00e8s avoir pris en compte toutes ces contributions au d\u00e9veloppement de notre strat\u00e9gie RH, la premi\u00e8re \u00e9tape a \u00e9t\u00e9 d\u2019instaurer les bases pour la mettre en \u0153uvre. Nous estimions que cette \u00e9tape prendrait deux \u00e0 trois ans. Tout au long de cette p\u00e9riode, nous v\u00e9rifions la strat\u00e9gie chaque ann\u00e9e \u2013 changement, apprentissage, adaptation \u2013 dans le cadre de notre philosophie d\u2019am\u00e9lioration continue (ou Kaizen).<\/p>\n<p>Une grande partie de notre vision consiste \u00e0 entretenir une culture coh\u00e9rente au sein de l\u2019entreprise\u00a0; une culture \u00e0 laquelle tous nos employ\u00e9s adh\u00e8rent et qu\u2019ils incarnent, car notre \u00ab\u00a0culture\u00a0\u00bb ne rel\u00e8ve pas d\u2019un d\u00e9partement ou une \u00e9quipe, mais des humains eux-m\u00eames. C\u2019est l\u2019un des objectifs strat\u00e9giques les plus importants du d\u00e9partement RH et Kaizen, d\u2019inculquer cette culture commune \u00e0 travers le r\u00e9seau d\u2019entreprises Abdul Latif Jameel.<\/p>\n<figure id=\"attachment_116614\" aria-describedby=\"caption-attachment-116614\" style=\"width: 2560px\" class=\"wp-caption aligncenter\"><img decoding=\"async\" loading=\"lazy\" class=\"size-full wp-image-116614\" src=\"https:\/\/media.alj.com\/app\/uploads\/2024\/04\/MicrosoftTeams-image-5-scaled.jpg\" alt=\"\" width=\"2560\" height=\"1390\" srcset=\"https:\/\/media.alj.com\/app\/uploads\/2024\/04\/MicrosoftTeams-image-5-scaled.jpg 2560w, https:\/\/media.alj.com\/app\/uploads\/2024\/04\/MicrosoftTeams-image-5-300x163.jpg 300w, https:\/\/media.alj.com\/app\/uploads\/2024\/04\/MicrosoftTeams-image-5-1024x556.jpg 1024w, https:\/\/media.alj.com\/app\/uploads\/2024\/04\/MicrosoftTeams-image-5-150x81.jpg 150w, https:\/\/media.alj.com\/app\/uploads\/2024\/04\/MicrosoftTeams-image-5-768x417.jpg 768w, https:\/\/media.alj.com\/app\/uploads\/2024\/04\/MicrosoftTeams-image-5-1536x834.jpg 1536w, https:\/\/media.alj.com\/app\/uploads\/2024\/04\/MicrosoftTeams-image-5-2048x1112.jpg 2048w\" sizes=\"(max-width: 2560px) 100vw, 2560px\" \/><figcaption id=\"caption-attachment-116614\" class=\"wp-caption-text\">La grande \u00e9quipe des ressources humaines, compos\u00e9e du d\u00e9partement RH et Kaizen, lors d\u2019une r\u00e9cente conf\u00e9rence \u00e0 Istanbul. Cr\u00e9dit photo \u00a9 Abdul Latif Jameel.<\/figcaption><\/figure>\n<h2>Vous faites partie du d\u00e9partement RH et Kaizen, alors o\u00f9 le Kaizen s\u2019inscrit-il dans ce panorama\u00a0?<\/h2>\n<p>Le concept Kaizen, c\u2019est-\u00e0-dire l\u2019am\u00e9lioration continue, est int\u00e9gr\u00e9 dans tout ce que nous faisons. Nous pensons que chaque collaborateur en a besoin pour r\u00e9ussir dans ses fonctions. Une approche Kaizen vous permettra de vous \u00e9panouir dans votre travail, car vous serez en mesure d\u2019\u00e9valuer n\u2019importe quelle situation, d\u2019identifier le \u00ab\u00a0probl\u00e8me\u00a0\u00bb ou la br\u00e8che, de concevoir l\u2019action dont vous avez besoin pour r\u00e9soudre le probl\u00e8me, puis de l\u2019appliquer \u00e0 votre situation, et ce faisant, d\u2019apprendre et de vous d\u00e9velopper gr\u00e2ce \u00e0 l\u2019autonomisation que vous aurez acquise.<\/p>\n<p>Cela est int\u00e9gr\u00e9 dans tout ce que nous faisons, de nos valeurs \u00e0 nos comp\u00e9tences, soit ce que nous appelons \u00ab\u00a0l\u2019apprentissage par la r\u00e9flexion\u00a0\u00bb, et dans tous les domaines de notre travail quotidien.<\/p>\n<p>Nous croyons en une approche \u00ab\u00a0ascendante\u00a0\u00bb, o\u00f9 les personnes qui font r\u00e9ellement le travail sont les mieux plac\u00e9es pour l\u2019am\u00e9liorer.<\/p>\n<p>Il ne s\u2019agit pas de grandes inventions ou de r\u00e9inventer la roue, mais d\u2019apporter de petites et grandes am\u00e9liorations pratiques, des changements positifs et par \u00e9tapes qui, combin\u00e9s, feront une diff\u00e9rence beaucoup plus grande.<\/p>\n<h2>Certaines tendances d\u00e9mographiques importantes sont en train de transformer le march\u00e9 du travail. Parlez-nous des d\u00e9fis de recrutement auxquels sont confront\u00e9es les entreprises mondiales comme Abdul Latif Jameel.<\/h2>\n<p>L\u2019un des plus grands d\u00e9fis auquel nous sommes confront\u00e9s est celui d\u2019attirer et de retenir les talents. C\u2019est un probl\u00e8me pour pratiquement toutes les organisations dans le monde. Notre march\u00e9 du travail n\u2019est plus local, il est mondial et, par cons\u00e9quent, la concurrence pour les meilleurs candidats est \u00e9galement mondiale. Cela affecte particuli\u00e8rement certains secteurs ou comp\u00e9tences, comme les postes li\u00e9s \u00e0 la technologie ou \u00e0 l\u2019ing\u00e9nierie, ou encore les r\u00f4les de leadership. Il est tr\u00e8s difficile de trouver du personnel comp\u00e9tent pour ce type de postes.<\/p>\n<p>La pand\u00e9mie a constitu\u00e9 une complication suppl\u00e9mentaire. Les attentes en mati\u00e8re d\u2019environnement de travail ont chang\u00e9. Nous avons d\u00fb am\u00e9liorer notre \u00e9quipement pour faciliter le travail \u00e0 distance, par exemple, et assurer la conformit\u00e9 aux r\u00e9glementations locales sur des \u00e9l\u00e9ments tels que la mobilit\u00e9 des talents.<\/p>\n<p>La diversit\u00e9 culturelle est \u00e9galement une question sur laquelle nous devons continuer \u00e0 progresser, en veillant \u00e0 ce que les activit\u00e9s d\u2019Abdul Latif Jameel refl\u00e8tent les diverses communaut\u00e9s dans ses champs d\u2019action. Quelque 65\u00a0nationalit\u00e9s travaillent dans l\u2019entreprise.<\/p>\n<h2>Comment les attentes des candidats ont-elles chang\u00e9 au fil de votre exp\u00e9rience dans les RH\u00a0?<\/h2>\n<p>Les candidats d\u2019aujourd\u2019hui sont au centre du processus de recrutement. Les candidats sont g\u00e9n\u00e9ralement beaucoup plus inform\u00e9s sur la soci\u00e9t\u00e9, et comme ils sont plus inform\u00e9s, ils sont \u00e9galement plus exigeants. Comment convaincre les meilleurs candidats de choisir votre soci\u00e9t\u00e9 et pas son concurrent\u00a0? Votre proposition de valeur en tant qu\u2019employeur devient d\u2019une importance capitale. C\u2019est l\u00e0 que vous pouvez expliquer votre vision, impliquer les candidats dans votre mission et montrer en quoi vous vous diff\u00e9renciez des autres employeurs. \u00c9tant donn\u00e9 que les demandes et les attentes des candidats sont plus \u00e9lev\u00e9es, nous devons trouver diff\u00e9rentes strat\u00e9gies pour attirer les meilleurs talents, en particulier les jeunes, la g\u00e9n\u00e9ration\u00a0Z et la g\u00e9n\u00e9ration\u00a0Y. Ils sont beaucoup plus int\u00e9ress\u00e9s qu\u2019avant par des choses telles que l\u2019\u00e9volution de carri\u00e8re, la flexibilit\u00e9 du travail ou la responsabilit\u00e9 sociale, l\u2019\u00e9thique et la raison d\u2019\u00eatre de l\u2019entreprise.<\/p>\n<p>Ces questions peuvent faire une grande diff\u00e9rence dans leur prise de d\u00e9cision.<\/p>\n<p>Un autre grand changement a \u00e9t\u00e9 l\u2019utilisation des donn\u00e9es dans le recrutement. Le processus est beaucoup plus ax\u00e9 sur les donn\u00e9es aujourd\u2019hui. Nous disposons de technologies, d\u2019outils d\u2019intelligence artificielle et d\u2019automatisation qui nous aident \u00e0 trouver et filtrer les candidats beaucoup plus rapidement et efficacement.<\/p>\n<h2>Abdul Latif Jameel a-t-il un message fort sur des sujets tels que la responsabilit\u00e9 sociale, la diversit\u00e9 et l\u2019\u00e9galit\u00e9\u00a0?<\/h2>\n<p>Oui, je crois que c\u2019est le cas. Du moins, c\u2019est ce \u00e0 quoi nous aspirons. Notre fa\u00e7on de communiquer avec les candidats nous permet de leur expliquer notre philosophie RH bas\u00e9e sur \u00ab\u00a0la confiance mutuelle, le respect et la responsabilit\u00e9\u00a0\u00bb (entre le collaborateur \u2013 employ\u00e9 \u2013 et l\u2019entreprise elle-m\u00eame). Ainsi, ils s\u2019alignent, \u00e0 leur tour, sur nos valeurs de respect, d\u2019\u00e9volution, d\u2019innovation et d\u2019autonomisation.<\/p>\n<p>Donner en retour \u00e0 la soci\u00e9t\u00e9 est une priorit\u00e9 essentielle pour nos actionnaires et ce sentiment de responsabilit\u00e9 partag\u00e9e est tr\u00e8s ancr\u00e9 dans notre culture. La famille Jameel g\u00e8re \u00e9galement un certain nombre d\u2019activit\u00e9s philanthropiques et \u00e0 but non lucratif, notamment <a href=\"https:\/\/www.communityjameel.org\/\">Community Jameel<\/a> , <a href=\"https:\/\/www.communityjameelsaudi.org\/en\">Community Jameel Saudi<\/a> , <a href=\"https:\/\/artjameel.org\/\">Art Jameel<\/a> et <a href=\"https:\/\/www.babjameeljobs.com\/EN\/\">Bab Rizq Jameel<\/a> . C\u2019est un message fort que nous diffusons pendant notre processus de recrutement. Les candidats sont souvent enthousiastes lorsqu\u2019ils comprennent l\u2019engagement de nos actionnaires \u00e0 apporter une contribution positive \u00e0 la soci\u00e9t\u00e9&#8230; ou, comme nous le disons, \u00e0 travailler vers un avenir plus beau.<\/p>\n<h2>Trouvez-vous que les candidats d\u2019aujourd\u2019hui poss\u00e8dent les comp\u00e9tences que vous recherchez en tant qu\u2019employeur\u00a0?<\/h2>\n<p>Cela d\u00e9pend du poste, mais pour les jeunes recrues en particulier, nous devons \u00eatre conscients qu\u2019elles n\u2019ont peut-\u00eatre pas les comp\u00e9tences requises pour ma\u00eetriser toutes les facettes du travail d\u00e8s le d\u00e9but. C\u2019est la raison pour laquelle nous investissons dans des programmes de formation et de d\u00e9veloppement. Nous souhaitons offrir \u00e0 nos collaborateurs les comp\u00e9tences n\u00e9cessaires et le niveau de performance requis. Du point de vue des opportunit\u00e9s, nous reconnaissons qu\u2019attirer de jeunes talents nous donne acc\u00e8s \u00e0 un plus grand vivier de candidats, qui ont tendance \u00e0 mieux s\u2019adapter, sont plus \u00e0 l\u2019aise avec la technologie, et ont des comp\u00e9tences extr\u00eamement avantageuses pour une entreprise comme Abdul Latif Jameel en pleine transformation num\u00e9rique.<\/p>\n<h2>Dans quelle mesure est-il important pour vous d\u2019attirer et de conserver la diversit\u00e9 au sein de vos effectifs\u00a0?<\/h2>\n<p>La diversit\u00e9 au sein de nos effectifs est un objectif strat\u00e9gique cl\u00e9. Nous d\u00e9veloppons actuellement un programme de d\u00e9veloppement du leadership f\u00e9minin, par exemple, pour permettre \u00e0 nos collaboratrices d\u2019\u00e9voluer vers des r\u00f4les de leadership, notamment avec des outils comme le coaching et le mentorat. En plus d\u2019aider \u00e0 renforcer la repr\u00e9sentation de genre dans l\u2019ensemble de l\u2019entreprise, cela s\u2019inscrit dans notre culture de soutien et de d\u00e9veloppement de tout un chacun.<\/p>\n<p>Nous commen\u00e7ons \u00e9galement \u00e0 suivre et \u00e0 surveiller l\u2019efficacit\u00e9 de nos programmes pour mesurer leurs r\u00e9sultats et \u00e9valuer leur retour sur investissement. Il est encore trop t\u00f4t pour tirer des conclusions solides, mais nous constatons d\u00e9j\u00e0 des r\u00e9ussites appr\u00e9ciables et des le\u00e7ons \u00e0 en tirer.<\/p>\n<p><iframe loading=\"lazy\" title=\"Abdul Latif Jameel Management Trainee Program - Mariana Merino (EN VO Subs)\" width=\"640\" height=\"360\" src=\"https:\/\/www.youtube.com\/embed\/u1evLXyDPD8?feature=oembed\" frameborder=\"0\" allow=\"accelerometer; autoplay; clipboard-write; encrypted-media; gyroscope; picture-in-picture; web-share\" referrerpolicy=\"strict-origin-when-cross-origin\" allowfullscreen><\/iframe><\/p>\n<p>Par exemple, nous demandons continuellement des r\u00e9troactions \u00e0 nos diff\u00e9rentes parties prenantes afin de mesurer l\u2019efficacit\u00e9 de notre <a href=\"https:\/\/www.youtube.com\/watch?v=u1evLXyDPD8\">programme de formation en gestion<\/a> et de d\u00e9terminer s\u2019il atteint nos objectifs. Dans le cas des stagiaires en gestion, nous voulons acc\u00e9l\u00e9rer le d\u00e9veloppement de leur carri\u00e8re gr\u00e2ce \u00e0 un programme de formation, de d\u00e9veloppement, de coaching et de mentorat continus sur deux ans. Nous mettons donc en place certains ICP pour v\u00e9rifier si cet objectif est atteint.<\/p>\n<p><iframe loading=\"lazy\" title=\"Abdul Latif Jameel Management Trainee Program - Nisan I\u0307zgo\u0308ren (EN VO Subs)\" width=\"640\" height=\"360\" src=\"https:\/\/www.youtube.com\/embed\/DjRrxFduBI0?feature=oembed\" frameborder=\"0\" allow=\"accelerometer; autoplay; clipboard-write; encrypted-media; gyroscope; picture-in-picture; web-share\" referrerpolicy=\"strict-origin-when-cross-origin\" allowfullscreen><\/iframe><\/p>\n<p>\u00c0 quelle vitesse progressent-ils dans leur carri\u00e8re chez nous apr\u00e8s avoir termin\u00e9 le programme\u00a0? Sont-ils promus dans les deux ans, par exemple\u00a0? Comprendre l\u2019efficacit\u00e9 de ces programmes nous permet de continuer \u00e0 les r\u00e9viser et \u00e0 les am\u00e9liorer conform\u00e9ment \u00e0 nos objectifs.<\/p>\n<p>Le programme de formation en gestion de Jameel a r\u00e9cemment re\u00e7u un prix Gold Stevie\u00ae pour les r\u00e9alisations innovantes en ressources humaines, que j\u2019ai eu le privil\u00e8ge de recevoir au nom de l\u2019\u00e9quipe pluridisciplinaire qui y a contribu\u00e9.<\/p>\n<h2>Quels sont les plus grands d\u00e9fis et opportunit\u00e9s que vous visualisez pour Abdul Latif Jameel \u00e0 l\u2019avenir\u00a0?<\/h2>\n<p>Apr\u00e8s avoir achev\u00e9 la premi\u00e8re phase de notre strat\u00e9gie RH, en communiquant notre vision et en mettant en place les cadres n\u00e9cessaires pour offrir une culture et une exp\u00e9rience coh\u00e9rentes, nous nous concentrerons sur la phase suivante. Il s\u2019agira de d\u00e9velopper des programmes, des discussions et des initiatives plus approfondis pour permettre aux RH de devenir une v\u00e9ritable fonction de conseil strat\u00e9gique, capable d\u2019apporter une contribution pr\u00e9cieuse \u00e0 la strat\u00e9gie sur le long terme. Cela permettra \u00e0 nos collaborateurs de prosp\u00e9rer et d\u2019atteindre leur potentiel, conform\u00e9ment \u00e0 nos valeurs en tant qu\u2019entreprise. Si nous y parvenons, nous aurons fait du bon travail.<\/p>\n","protected":false},"author":18,"featured_media":116607,"template":"","tags":[],"acf":[],"yoast_head":"<!-- This site is optimized with the Yoast SEO plugin v21.5 - https:\/\/yoast.com\/wordpress\/plugins\/seo\/ -->\n<title>Un lieu pour r\u00e9aliser son potentiel | Abdul Latif Jameel\u00ae<\/title>\n<meta name=\"description\" content=\"Mariana Merino, responsable du centre d&#039;expertise, Corporate HR &amp; Kaizen Abdul Latif Jameel, aborde l&#039;\u00e9thique des talents et les ressources humaines.\" \/>\n<meta name=\"robots\" content=\"index, follow, max-snippet:-1, max-image-preview:large, max-video-preview:-1\" \/>\n<link rel=\"canonical\" href=\"https:\/\/alj.com\/fr\/perspective\/un-lieu-ou-realiser-votre-potentiel\/\" \/>\n<meta property=\"og:locale\" content=\"fr_FR\" \/>\n<meta property=\"og:type\" content=\"article\" \/>\n<meta property=\"og:title\" content=\"Un lieu pour r\u00e9aliser son potentiel | Abdul Latif Jameel\u00ae\" \/>\n<meta property=\"og:description\" content=\"Mariana Merino, responsable du centre d&#039;expertise, Corporate HR &amp; Kaizen Abdul Latif Jameel, aborde l&#039;\u00e9thique des talents et les ressources humaines.\" \/>\n<meta property=\"og:url\" content=\"https:\/\/alj.com\/fr\/perspective\/un-lieu-ou-realiser-votre-potentiel\/\" \/>\n<meta property=\"og:site_name\" content=\"Abdul Latif Jameel\" \/>\n<meta property=\"article:publisher\" content=\"https:\/\/www.facebook.com\/Abdul.Latif.Jameel.Official\" \/>\n<meta property=\"article:modified_time\" content=\"2024-07-16T06:25:17+00:00\" \/>\n<meta property=\"og:image\" content=\"https:\/\/media.alj.com\/app\/uploads\/2024\/04\/Mariana-QA-LI.jpg\" \/>\n\t<meta property=\"og:image:width\" content=\"1200\" \/>\n\t<meta property=\"og:image:height\" content=\"675\" \/>\n\t<meta property=\"og:image:type\" content=\"image\/jpeg\" \/>\n<meta name=\"twitter:card\" content=\"summary_large_image\" \/>\n<meta name=\"twitter:label1\" content=\"Est. reading time\" \/>\n\t<meta name=\"twitter:data1\" content=\"14 minutes\" \/>\n<script type=\"application\/ld+json\" class=\"yoast-schema-graph\">{\"@context\":\"https:\/\/schema.org\",\"@graph\":[{\"@type\":\"WebPage\",\"@id\":\"https:\/\/alj.com\/fr\/perspective\/un-lieu-ou-realiser-votre-potentiel\/\",\"url\":\"https:\/\/alj.com\/fr\/perspective\/un-lieu-ou-realiser-votre-potentiel\/\",\"name\":\"Un lieu pour r\u00e9aliser son potentiel | Abdul Latif Jameel\u00ae\",\"isPartOf\":{\"@id\":\"https:\/\/alj.com\/en\/#website\"},\"datePublished\":\"2024-05-01T06:59:30+00:00\",\"dateModified\":\"2024-07-16T06:25:17+00:00\",\"description\":\"Mariana Merino, responsable du centre d'expertise, Corporate HR & Kaizen Abdul Latif Jameel, aborde l'\u00e9thique des talents et les ressources humaines.\",\"breadcrumb\":{\"@id\":\"https:\/\/alj.com\/fr\/perspective\/un-lieu-ou-realiser-votre-potentiel\/#breadcrumb\"},\"inLanguage\":\"fr-FR\",\"potentialAction\":[{\"@type\":\"ReadAction\",\"target\":[\"https:\/\/alj.com\/fr\/perspective\/un-lieu-ou-realiser-votre-potentiel\/\"]}]},{\"@type\":\"BreadcrumbList\",\"@id\":\"https:\/\/alj.com\/fr\/perspective\/un-lieu-ou-realiser-votre-potentiel\/#breadcrumb\",\"itemListElement\":[{\"@type\":\"ListItem\",\"position\":1,\"name\":\"Home\",\"item\":\"https:\/\/alj.com\/fr\/\"},{\"@type\":\"ListItem\",\"position\":2,\"name\":\"Perspectives\",\"item\":\"https:\/\/alj.com\/ja\/perspective\/\"},{\"@type\":\"ListItem\",\"position\":3,\"name\":\"Un lieu o\u00f9 r\u00e9aliser votre potentiel\"}]},{\"@type\":\"WebSite\",\"@id\":\"https:\/\/alj.com\/en\/#website\",\"url\":\"https:\/\/alj.com\/en\/\",\"name\":\"Abdul Latif Jameel\",\"description\":\"Abdul Latif Jameel\",\"potentialAction\":[{\"@type\":\"SearchAction\",\"target\":{\"@type\":\"EntryPoint\",\"urlTemplate\":\"https:\/\/alj.com\/en\/?s={search_term_string}\"},\"query-input\":\"required name=search_term_string\"}],\"inLanguage\":\"fr-FR\"}]}<\/script>\n<!-- \/ Yoast SEO plugin. -->","yoast_head_json":{"title":"Un lieu pour r\u00e9aliser son potentiel | Abdul Latif Jameel\u00ae","description":"Mariana Merino, responsable du centre d'expertise, Corporate HR & Kaizen Abdul Latif Jameel, aborde l'\u00e9thique des talents et les ressources humaines.","robots":{"index":"index","follow":"follow","max-snippet":"max-snippet:-1","max-image-preview":"max-image-preview:large","max-video-preview":"max-video-preview:-1"},"canonical":"https:\/\/alj.com\/fr\/perspective\/un-lieu-ou-realiser-votre-potentiel\/","og_locale":"fr_FR","og_type":"article","og_title":"Un lieu pour r\u00e9aliser son potentiel | Abdul Latif Jameel\u00ae","og_description":"Mariana Merino, responsable du centre d'expertise, Corporate HR & Kaizen Abdul Latif Jameel, aborde l'\u00e9thique des talents et les ressources humaines.","og_url":"https:\/\/alj.com\/fr\/perspective\/un-lieu-ou-realiser-votre-potentiel\/","og_site_name":"Abdul Latif Jameel","article_publisher":"https:\/\/www.facebook.com\/Abdul.Latif.Jameel.Official","article_modified_time":"2024-07-16T06:25:17+00:00","og_image":[{"width":1200,"height":675,"url":"https:\/\/media.alj.com\/app\/uploads\/2024\/04\/Mariana-QA-LI.jpg","type":"image\/jpeg"}],"twitter_card":"summary_large_image","twitter_misc":{"Est. reading time":"14 minutes"},"schema":{"@context":"https:\/\/schema.org","@graph":[{"@type":"WebPage","@id":"https:\/\/alj.com\/fr\/perspective\/un-lieu-ou-realiser-votre-potentiel\/","url":"https:\/\/alj.com\/fr\/perspective\/un-lieu-ou-realiser-votre-potentiel\/","name":"Un lieu pour r\u00e9aliser son potentiel | Abdul Latif Jameel\u00ae","isPartOf":{"@id":"https:\/\/alj.com\/en\/#website"},"datePublished":"2024-05-01T06:59:30+00:00","dateModified":"2024-07-16T06:25:17+00:00","description":"Mariana Merino, responsable du centre d'expertise, Corporate HR & Kaizen Abdul Latif Jameel, aborde l'\u00e9thique des talents et les ressources humaines.","breadcrumb":{"@id":"https:\/\/alj.com\/fr\/perspective\/un-lieu-ou-realiser-votre-potentiel\/#breadcrumb"},"inLanguage":"fr-FR","potentialAction":[{"@type":"ReadAction","target":["https:\/\/alj.com\/fr\/perspective\/un-lieu-ou-realiser-votre-potentiel\/"]}]},{"@type":"BreadcrumbList","@id":"https:\/\/alj.com\/fr\/perspective\/un-lieu-ou-realiser-votre-potentiel\/#breadcrumb","itemListElement":[{"@type":"ListItem","position":1,"name":"Home","item":"https:\/\/alj.com\/fr\/"},{"@type":"ListItem","position":2,"name":"Perspectives","item":"https:\/\/alj.com\/ja\/perspective\/"},{"@type":"ListItem","position":3,"name":"Un lieu o\u00f9 r\u00e9aliser votre potentiel"}]},{"@type":"WebSite","@id":"https:\/\/alj.com\/en\/#website","url":"https:\/\/alj.com\/en\/","name":"Abdul Latif Jameel","description":"Abdul Latif Jameel","potentialAction":[{"@type":"SearchAction","target":{"@type":"EntryPoint","urlTemplate":"https:\/\/alj.com\/en\/?s={search_term_string}"},"query-input":"required name=search_term_string"}],"inLanguage":"fr-FR"}]}},"post-meta-fields":{"push_notification":["no"],"_push_notification":["field_5c3b1fb67034d"],"_wpml_word_count":["{\"total\":2346,\"to_translate\":{\"ar\":2346,\"zh-hans\":2346,\"fr\":2346,\"ja\":2346,\"es\":2346,\"tr\":2346}}"],"_oembed_6469f2874a3d64b7a7be50c54156931d":["<iframe title=\"Abdul Latif Jameel Management Trainee Program - Nisan I\u0307zgo\u0308ren (EN VO Subs)\" width=\"640\" height=\"360\" src=\"https:\/\/www.youtube.com\/embed\/DjRrxFduBI0?feature=oembed\" frameborder=\"0\" allow=\"accelerometer; autoplay; clipboard-write; encrypted-media; gyroscope; picture-in-picture; web-share\" referrerpolicy=\"strict-origin-when-cross-origin\" allowfullscreen><\/iframe>"],"_oembed_time_6469f2874a3d64b7a7be50c54156931d":["1721111131"],"_oembed_df1ae46837c485f351ea778945cbbae2":["<iframe title=\"Abdul Latif Jameel Management Trainee Program - Mariana Merino (EN VO Subs)\" width=\"640\" height=\"360\" src=\"https:\/\/www.youtube.com\/embed\/u1evLXyDPD8?feature=oembed\" frameborder=\"0\" allow=\"accelerometer; autoplay; clipboard-write; encrypted-media; gyroscope; picture-in-picture; web-share\" referrerpolicy=\"strict-origin-when-cross-origin\" allowfullscreen><\/iframe>"],"_oembed_time_df1ae46837c485f351ea778945cbbae2":["1721111131"],"perspective_short_title":["Un lieu o\u00f9 r\u00e9aliser votre potentiel"],"perspective_summury":["<p>Nous avons discut\u00e9 avec Mariana Merino, directrice du Centre d\u2019expertise des RH et du Kaizen, de la philosophie de l\u2019entreprise ax\u00e9e sur les talents et de la nature changeante des RH sur un march\u00e9 mondial.<\/p>\n"],"perspective_location":["Dubai, EAU"],"wpcf-featured-news":["0"],"is_latest_news":["0"],"wpcf-show-news-at-homepage":["1"],"publish_mobile":[""],"_publish_mobile":["field_5bfa8eb2e65cf"],"mobile_featured_image":["https:\/\/media.alj.com\/app\/uploads\/2024\/04\/Marina-Marino.png"],"_mobile_featured_image":["field_5c3b204983dea"],"featured_on_listing_page":["0"],"_featured_on_listing_page":["field_62458ea7383c3"],"content_series_applied":[""],"_content_series_applied":["field_60f3d3faf82ac"],"wpcf-perspective-downloadable_file":[""],"wpcf-perspective-published-date":["1714521600"],"wpcf-video-description":[""],"wpcf-layoutvideourl":[""],"wpcf-video-thumb":[""],"wpcf-social4-svg":[""],"wpcf-social4-background-image":[""],"wpcf-social4-text":[""],"wpcf-social4-url":[""],"wpcf-social3-svg":[""],"wpcf-social3-background-image":[""],"wpcf-social3-text":[""],"wpcf-social3-url":[""],"wpcf-social-text-svg-square":[""],"wpcf-social-text-image-square":[""],"wpcf-social-text-text-square":[""],"wpcf-social-text-url-square":[""],"wpcf-social2-svg":[""],"wpcf-social2-background-image":[""],"wpcf-social2-text":[""],"wpcf-social2-url":[""],"wpcf-social-svg-square":[""],"wpcf-social-image-square":[""],"wpcf-social-text-square":[""],"wpcf-social-url-square":[""],"wpcf-social1-svg":[""],"wpcf-social1-background-image":[""],"wpcf-social1-text":[""],"wpcf-social1-url":[""],"wpcf-quotes-with-auther-text-1":[""],"wpcf-card_article_with_title_content":[""],"wpcf-card_article_content":["write your content"],"wpcf-quotes-with-auther-text":[""],"_bsf_post_type":["0"],"_bsf_item_review_type":["none"],"_wpml_media_duplicate":["1"],"_wpml_media_featured":["1"],"_yoast_wpseo_title":["Un lieu pour r\u00e9aliser son potentiel | Abdul Latif Jameel\u00ae"],"_yoast_wpseo_metadesc":["Mariana Merino, responsable du centre d'expertise, Corporate HR & Kaizen Abdul Latif Jameel, aborde l'\u00e9thique des talents et les ressources humaines."],"_yoast_wpseo_content_score":["30"],"_yoast_wpseo_estimated-reading-time-minutes":[""],"_yoast_wpseo_wordproof_timestamp":[""],"_yoast_wpseo_opengraph-image":["https:\/\/media.alj.com\/app\/uploads\/2024\/04\/Mariana-QA-LI-1024x576.jpg"],"_yoast_wpseo_opengraph-image-id":["116618"],"_thumbnail_id":["116607"],"_edit_lock":["1721110989:25"],"_edit_last":["25"],"_last_translation_edit_mode":["native-editor"],"wpcf-projecttitle":[""],"wpcf-projectdescription":[""],"wpcf-projectimage-video1":["image"],"wpcf-projectimage-1":[""],"wpcf-projectvideo-1":[""],"wpcf-projectdescription-1":[""],"wpcf-projectimage-video2":["image"],"wpcf-projectimage-2":[""],"wpcf-projectvideo-2":[""],"wpcf-projectdescription-2":[""],"wpcf-projectimage-video3":["image"],"wpcf-projectimage-3":[""],"wpcf-projectvideo-3":[""],"wpcf-projectdescription-3":[""],"wpcf-projectimage-video4":["image"],"wpcf-projectimage-4":[""],"wpcf-projectvideo-4":[""],"wpcf-projectdescription-4":[""],"perspective_business_sector":["Entreprise"],"wpcf-card-image":[""],"_wpcf-card-image-sort-order":["a:1:{i:0;i:1802451;}"],"amazonS3_cache":["a:2:{s:63:\"\/\/alj.com\/app\/uploads\/2024\/04\/MicrosoftTeams-image-5-scaled.jpg\";a:2:{s:2:\"id\";i:116614;s:11:\"source_type\";s:13:\"media-library\";}s:69:\"\/\/media.alj.com\/app\/uploads\/2024\/04\/MicrosoftTeams-image-5-scaled.jpg\";a:2:{s:2:\"id\";i:116614;s:11:\"source_type\";s:13:\"media-library\";}}"]},"_links":{"self":[{"href":"https:\/\/alj.com\/fr\/wp-json\/wp\/v2\/perspective\/116636"}],"collection":[{"href":"https:\/\/alj.com\/fr\/wp-json\/wp\/v2\/perspective"}],"about":[{"href":"https:\/\/alj.com\/fr\/wp-json\/wp\/v2\/types\/perspective"}],"author":[{"embeddable":true,"href":"https:\/\/alj.com\/fr\/wp-json\/wp\/v2\/users\/18"}],"wp:featuredmedia":[{"embeddable":true,"href":"https:\/\/alj.com\/fr\/wp-json\/wp\/v2\/media\/116607"}],"wp:attachment":[{"href":"https:\/\/alj.com\/fr\/wp-json\/wp\/v2\/media?parent=116636"}],"wp:term":[{"taxonomy":"post_tag","embeddable":true,"href":"https:\/\/alj.com\/fr\/wp-json\/wp\/v2\/tags?post=116636"}],"curies":[{"name":"wp","href":"https:\/\/api.w.org\/{rel}","templated":true}]}}