{"id":117176,"date":"2024-05-22T07:12:59","date_gmt":"2024-05-22T07:12:59","guid":{"rendered":"https:\/\/alj.com\/perspective\/nordics-navigate-to-a-renewable-future\/"},"modified":"2024-07-16T06:24:22","modified_gmt":"2024-07-16T06:24:22","slug":"nordics-navigate-to-a-renewable-future","status":"publish","type":"perspective","link":"https:\/\/alj.com\/fr\/perspective\/nordics-navigate-to-a-renewable-future\/","title":{"rendered":"Les pays nordiques s\u2019engagent sur la voie des \u00e9nergies renouvelables"},"content":{"rendered":"<p>Si vous d\u00e9cidiez de parcourir le monde \u00e0 la recherche des pays ouvrant la voie \u00e0 la transition \u00e9nerg\u00e9tique mondiale, la r\u00e9gion nordique ne serait peut-\u00eatre pas votre premier choix.<\/p>\n<p>Ce petit groupe de pays du nord-ouest de l\u2019Europe (Danemark, Norv\u00e8ge, Su\u00e8de, Finlande et Islande) n\u2019est g\u00e9n\u00e9ralement pas consid\u00e9r\u00e9 comme un pionnier mondial, peut-\u00eatre en raison de son humilit\u00e9 culturelle.<\/p>\n<p><img decoding=\"async\" loading=\"lazy\" class=\"aligncenter size-full wp-image-117134\" src=\"https:\/\/media.alj.com\/app\/uploads\/2024\/05\/shutterstock_1788859538-copy-1.jpg\" alt=\"\" width=\"1500\" height=\"1145\" srcset=\"https:\/\/media.alj.com\/app\/uploads\/2024\/05\/shutterstock_1788859538-copy-1.jpg 1500w, https:\/\/media.alj.com\/app\/uploads\/2024\/05\/shutterstock_1788859538-copy-1-300x229.jpg 300w, https:\/\/media.alj.com\/app\/uploads\/2024\/05\/shutterstock_1788859538-copy-1-1024x782.jpg 1024w, https:\/\/media.alj.com\/app\/uploads\/2024\/05\/shutterstock_1788859538-copy-1-150x115.jpg 150w, https:\/\/media.alj.com\/app\/uploads\/2024\/05\/shutterstock_1788859538-copy-1-768x586.jpg 768w\" sizes=\"(max-width: 1500px) 100vw, 1500px\" \/><\/p>\n<p>Ces nations neutres perturbent rarement, pour ainsi dire jamais, la politique mondiale, tandis que leurs PIB sont loin derri\u00e8re ceux de l\u2019Am\u00e9rique, de la Chine et (collectivement) de l\u2019UE. Pourtant, leur profil relativement discret masque un h\u00e9ritage de longue date en mati\u00e8re d\u2019innovation de pointe et un engagement en faveur des \u00e9nergies renouvelables, qui leur a permis de jouer un r\u00f4le de premier plan dans la transition mondiale vers les \u00e9nergies vertes.<\/p>\n<p>Les derni\u00e8res donn\u00e9es montrent que les cinq pays nordiques figurent parmi les 10\u00a0plus gros producteurs d\u2019\u00e9nergie renouvelable au monde en pourcentage de la production totale d\u2019\u00e9nergie\u00a0:<\/p>\n<ul>\n<li>Islande (1er\u00a0: 86,87\u00a0%)<\/li>\n<li>Norv\u00e8ge (2e\u00a0: 71,56\u00a0%)<\/li>\n<li>Su\u00e8de (3e\u00a0: 50,92\u00a0%)<\/li>\n<li>Danemark (6e\u00a0: 39,25\u00a0%)<\/li>\n<li>Finlande (9e\u00a0: 34,61\u00a0%)<a href=\"#_ftn1\" name=\"_ftnref1\"><sup>[1]<\/sup><\/a><\/li>\n<\/ul>\n<p><img decoding=\"async\" loading=\"lazy\" class=\"aligncenter size-full wp-image-116991\" src=\"https:\/\/media.alj.com\/app\/uploads\/2024\/05\/1956-ALJ-Nordic-Renewables-v2_001-scaled.jpg\" alt=\"\" width=\"2560\" height=\"1982\" srcset=\"https:\/\/media.alj.com\/app\/uploads\/2024\/05\/1956-ALJ-Nordic-Renewables-v2_001-scaled.jpg 2560w, https:\/\/media.alj.com\/app\/uploads\/2024\/05\/1956-ALJ-Nordic-Renewables-v2_001-300x232.jpg 300w, https:\/\/media.alj.com\/app\/uploads\/2024\/05\/1956-ALJ-Nordic-Renewables-v2_001-1024x793.jpg 1024w, https:\/\/media.alj.com\/app\/uploads\/2024\/05\/1956-ALJ-Nordic-Renewables-v2_001-150x116.jpg 150w, https:\/\/media.alj.com\/app\/uploads\/2024\/05\/1956-ALJ-Nordic-Renewables-v2_001-768x595.jpg 768w, https:\/\/media.alj.com\/app\/uploads\/2024\/05\/1956-ALJ-Nordic-Renewables-v2_001-1536x1189.jpg 1536w, https:\/\/media.alj.com\/app\/uploads\/2024\/05\/1956-ALJ-Nordic-Renewables-v2_001-2048x1586.jpg 2048w\" sizes=\"(max-width: 2560px) 100vw, 2560px\" \/><\/p>\n<p>S\u2019il existe des sch\u00e9mas de fond r\u00e9unissant les profils \u00e9nerg\u00e9tiques de ces pays nordiques, leurs subtiles distinctions sont tout aussi r\u00e9v\u00e9latrices. Qu\u2019est-ce qui fait de ces pays des pionniers dans le domaine du \u00ab\u00a0z\u00e9ro \u00e9mission nette\u00a0\u00bb\u00a0? Tout cela est-il aussi \u00e9cologique qu\u2019il y para\u00eet\u00a0?<\/p>\n<h2>Les \u00e9nergies renouvelables alimentent un syst\u00e8me \u00e9nerg\u00e9tique diversifi\u00e9<\/h2>\n<p><strong><img decoding=\"async\" loading=\"lazy\" class=\"alignleft size-thumbnail wp-image-117068\" src=\"https:\/\/media.alj.com\/app\/uploads\/2024\/05\/Norway-150x109.png\" alt=\"\" width=\"150\" height=\"109\" srcset=\"https:\/\/media.alj.com\/app\/uploads\/2024\/05\/Norway-150x109.png 150w, https:\/\/media.alj.com\/app\/uploads\/2024\/05\/Norway.png 298w\" sizes=\"(max-width: 150px) 100vw, 150px\" \/>Norv\u00e8ge\u00a0:<\/strong> premier producteur europ\u00e9en d\u2019\u00e9nergie hydro\u00e9lectrique, la Norv\u00e8ge b\u00e9n\u00e9ficie d\u2019une capacit\u00e9 install\u00e9e de 33\u00a0GW. L\u2019acc\u00e8s facile \u00e0 une \u00e9nergie hydro\u00e9lectrique propre et bon march\u00e9 a permis \u00e0 la Norv\u00e8ge de devenir un porte-drapeau mondial dans le domaine des v\u00e9hicules \u00e9lectriques (VE). En\u00a02023, 82,4\u00a0% des ventes de voitures neuves en Norv\u00e8ge seront des VE<a href=\"#_ftn2\" name=\"_ftnref2\">[2]<\/a>, alors que cette part ne repr\u00e9sente que 15,8\u00a0% des ventes dans le monde<a href=\"#_ftn3\" name=\"_ftnref3\">[3]<\/a>. Si la majeure partie de l\u2019\u00e9lectricit\u00e9 produite dans le pays provient de l\u2019\u00e9nergie hydraulique, la Norv\u00e8ge est en m\u00eame temps l\u2019un des plus grands extracteurs de p\u00e9trole et de gaz naturel au monde. Jouissant d\u2019une situation de choix sur le plateau continental, la Norv\u00e8ge repr\u00e9sente environ 2\u00a0% de la production de p\u00e9trole brut et 3\u00a0% de la production de gaz naturel au niveau mondial. Les revenus qui en d\u00e9coulent sont un facteur d\u2019incitation important\u00a0; ensemble, le p\u00e9trole et le gaz repr\u00e9sentaient environ un cinqui\u00e8me du PIB du pays depuis\u00a02021<a href=\"#_ftn4\" name=\"_ftnref4\">[4]<\/a>.<\/p>\n<p><strong><img decoding=\"async\" loading=\"lazy\" class=\"alignleft size-thumbnail wp-image-117075\" src=\"https:\/\/media.alj.com\/app\/uploads\/2024\/05\/Sweden-150x94.jpg\" alt=\"\" width=\"150\" height=\"94\" srcset=\"https:\/\/media.alj.com\/app\/uploads\/2024\/05\/Sweden-150x94.jpg 150w, https:\/\/media.alj.com\/app\/uploads\/2024\/05\/Sweden-300x188.jpg 300w, https:\/\/media.alj.com\/app\/uploads\/2024\/05\/Sweden.jpg 302w\" sizes=\"(max-width: 150px) 100vw, 150px\" \/>Su\u00e8de\u00a0:<\/strong> disposant de ressources \u00e9nerg\u00e9tiques fossiles limit\u00e9es, la Su\u00e8de d\u00e9pend largement des importations de p\u00e9trole et de gaz naturel pour sa consommation d\u2019\u00e9nergie. Cependant, les trois quarts de la production nationale d\u2019\u00e9lectricit\u00e9 du pays proviennent de l\u2019\u00e9nergie hydraulique et de l\u2019\u00e9nergie nucl\u00e9aire. Avec ses vastes paysages ouverts et sa faible densit\u00e9 de population, les parcs \u00e9oliens sont \u00e9galement un contributeur majeur (16\u00a0%). L\u2019\u00e9lectricit\u00e9 abondante et abordable fait souvent de la Su\u00e8de le plus grand exportateur net d\u2019\u00e9lectricit\u00e9 en Europe. Au cours du deuxi\u00e8me semestre\u00a02022, le pays a vendu 17\u00a0TWh d\u2019\u00e9lectricit\u00e9\u00a0; ses principaux clients \u00e9tant la Finlande, le Danemark et l\u2019UE.<a href=\"#_ftn5\" name=\"_ftnref5\">[5]<\/a><\/p>\n<p><strong><img decoding=\"async\" loading=\"lazy\" class=\"alignleft size-thumbnail wp-image-117019\" src=\"https:\/\/media.alj.com\/app\/uploads\/2024\/05\/Denmark-150x100.jpg\" alt=\"\" width=\"150\" height=\"100\" srcset=\"https:\/\/media.alj.com\/app\/uploads\/2024\/05\/Denmark-150x100.jpg 150w, https:\/\/media.alj.com\/app\/uploads\/2024\/05\/Denmark.jpg 300w\" sizes=\"(max-width: 150px) 100vw, 150px\" \/>Danemark\u00a0:<\/strong> bord\u00e9 par la mer, il n\u2019est pas surprenant que le Danemark d\u00e9pende fortement de l\u2019\u00e9nergie \u00e9olienne offshore. Le pays a atteint plusieurs objectifs notables en mati\u00e8re d\u2019\u00e9nergie \u00e9olienne\u00a0: en\u00a01978, il est devenu le premier pays \u00e0 installer une turbine de plusieurs m\u00e9gawatts, et en\u00a01991, le premier \u00e0 ouvrir un parc \u00e9olien offshore, \u00e0 Vindeby. La moiti\u00e9 de la production d\u2019\u00e9lectricit\u00e9 du Danemark est d\u2019origine \u00e9olienne et solaire, 20\u00a0% proviennent de la biomasse et des biocarburants, et le reste des combustibles fossiles.<a href=\"#_ftn6\" name=\"_ftnref6\">[6]<\/a> Le pays d\u00e9pend encore du charbon, du p\u00e9trole et du gaz pour environ 50\u00a0% de sa consommation d\u2019\u00e9nergie, mais une culture r\u00e9ceptive \u00e0 la l\u00e9gislation \u00e9cologique pourrait bient\u00f4t changer la donne. D\u2019ici\u00a02030, il est pr\u00e9vu de tripler la production d\u2019\u00e9nergie renouvelable pour atteindre 104\u00a0TWh, avec une r\u00e9duction correspondante de 70\u00a0% des \u00e9missions de carbone. Dans le cadre de cette strat\u00e9gie, le gouvernement pr\u00e9voit de d\u00e9velopper une capacit\u00e9 d\u2019\u00e9lectrolyse de\u00a04 \u00e0 6\u00a0GW pour la production d\u2019hydrog\u00e8ne vert.<\/p>\n<p><strong><img decoding=\"async\" loading=\"lazy\" class=\"alignleft size-thumbnail wp-image-117026\" src=\"https:\/\/media.alj.com\/app\/uploads\/2024\/05\/Finland-150x93.png\" alt=\"\" width=\"150\" height=\"93\" srcset=\"https:\/\/media.alj.com\/app\/uploads\/2024\/05\/Finland-150x93.png 150w, https:\/\/media.alj.com\/app\/uploads\/2024\/05\/Finland-300x186.png 300w, https:\/\/media.alj.com\/app\/uploads\/2024\/05\/Finland.png 316w\" sizes=\"(max-width: 150px) 100vw, 150px\" \/>Finlande\u00a0:<\/strong> ne disposant pas de ses propres gisements de p\u00e9trole et de gaz, la Finlande d\u00e9pend des importations de combustibles fossiles pour plus d\u2019un tiers de ses besoins \u00e9nerg\u00e9tiques, en particulier pour l\u2019industrie et les transports.<a href=\"#_ftn7\" name=\"_ftnref7\">[7]<\/a> La demande restante est satisfaite en grande partie par l\u2019\u00e9nergie nucl\u00e9aire, les combustibles \u00e0 base de bois et la combustion de tourbe. La production repose principalement sur les biocarburants et les d\u00e9chets biologiques (54\u00a0%) ainsi que l\u2019\u00e9nergie nucl\u00e9aire (34\u00a0%). Les sources d\u2019\u00e9nergie renouvelables, principalement d\u2019\u00e9nergie hydraulique, repr\u00e9sentent plus de la moiti\u00e9 de la production d\u2019\u00e9lectricit\u00e9, tandis que l\u2019\u00e9nergie nucl\u00e9aire en fournit un autre tiers. La Finlande vise \u00e0 atteindre la neutralit\u00e9 carbone plus t\u00f4t que ses voisins, d\u2019ici \u00e0\u00a02035, un objectif qui d\u00e9pend en grande partie de la gestion prudente de ses vastes \u00e9tendues de for\u00eats, qui agissent comme un puits de carbone naturel pour le CO<sub>2<\/sub>.<\/p>\n<p><strong><img decoding=\"async\" loading=\"lazy\" class=\"alignleft size-thumbnail wp-image-117040\" src=\"https:\/\/media.alj.com\/app\/uploads\/2024\/05\/Iceland-150x108.png\" alt=\"\" width=\"150\" height=\"108\" srcset=\"https:\/\/media.alj.com\/app\/uploads\/2024\/05\/Iceland-150x108.png 150w, https:\/\/media.alj.com\/app\/uploads\/2024\/05\/Iceland-300x215.png 300w, https:\/\/media.alj.com\/app\/uploads\/2024\/05\/Iceland.png 311w\" sizes=\"(max-width: 150px) 100vw, 150px\" \/>Islande\u00a0:<\/strong> avec ses c\u00e9l\u00e8bres geysers et ses volcans actifs, l\u2019Islande est \u00e0 l\u2019avant-garde de l\u2019\u00e9nergie g\u00e9othermique en mati\u00e8re de production d\u2019\u00e9lectricit\u00e9 et le chauffage. Plus d\u2019un quart de la production d\u2019\u00e9lectricit\u00e9 du pays provient de l\u2019\u00e9nergie g\u00e9othermique, le reste \u00e9tant assur\u00e9 par l\u2019\u00e9nergie hydraulique.<a href=\"#_ftn8\" name=\"_ftnref8\">[8]<\/a> Le chauffage est assur\u00e9 \u00e0 90\u00a0% par la g\u00e9othermie, si bien que la d\u00e9pendance de l\u2019Islande \u00e0 l\u2019\u00e9gard des combustibles fossiles est minime. Tandis que l\u2019objectif de neutralit\u00e9 carbone est fix\u00e9 \u00e0\u00a02040, le pays entend acc\u00e9l\u00e9rer le processus de neutralit\u00e9 nette en d\u00e9veloppant la technologie de captage, d\u2019utilisation et de stockage du carbone (<a href=\"https:\/\/alj.com\/en\/perspective\/can-carbon-capture-free-the-world-from-co%e2%82%82\/\">CCUS<\/a>) et en adoptant des modes de transport plus propres.<\/p>\n<p>Alors que chaque pays nordique promeut \u00e0 sa fa\u00e7on les \u00e9nergies renouvelables dans le mix \u00e9nerg\u00e9tique durable, certaines strat\u00e9gies globales s\u2019appliquent \u00e0 l\u2019ensemble de la r\u00e9gion.<\/p>\n<h2>Approche coordonn\u00e9e de la r\u00e9volution des \u00e9nergies renouvelables<\/h2>\n<p>En\u00a02019, la Norv\u00e8ge, la Su\u00e8de, le Danemark, la Finlande et l\u2019Islande ont sign\u00e9 la D\u00e9claration commune sur la neutralit\u00e9 carbone des pays nordiques<a href=\"#_ftn9\" name=\"_ftnref9\">[9]<\/a> (<a href=\"https:\/\/pub.norden.org\/nordicenergyresearch2021-01\/nordicenergyresearch2021-01.pdf\">DNCN<\/a>). La DNCN a formalis\u00e9 les possibilit\u00e9s de collaboration sur la d\u00e9carbonisation du march\u00e9 de l\u2019\u00e9nergie, tout en d\u00e9finissant des mesures d\u2019att\u00e9nuation du changement climatique pour diff\u00e9rents secteurs.<\/p>\n<p><img decoding=\"async\" loading=\"lazy\" class=\"aligncenter size-full wp-image-116998\" src=\"https:\/\/media.alj.com\/app\/uploads\/2024\/05\/1956-ALJ-Nordic-Renewables-v2_002-scaled.jpg\" alt=\"\" width=\"2560\" height=\"1639\" srcset=\"https:\/\/media.alj.com\/app\/uploads\/2024\/05\/1956-ALJ-Nordic-Renewables-v2_002-scaled.jpg 2560w, https:\/\/media.alj.com\/app\/uploads\/2024\/05\/1956-ALJ-Nordic-Renewables-v2_002-300x192.jpg 300w, https:\/\/media.alj.com\/app\/uploads\/2024\/05\/1956-ALJ-Nordic-Renewables-v2_002-1024x655.jpg 1024w, https:\/\/media.alj.com\/app\/uploads\/2024\/05\/1956-ALJ-Nordic-Renewables-v2_002-150x96.jpg 150w, https:\/\/media.alj.com\/app\/uploads\/2024\/05\/1956-ALJ-Nordic-Renewables-v2_002-768x492.jpg 768w, https:\/\/media.alj.com\/app\/uploads\/2024\/05\/1956-ALJ-Nordic-Renewables-v2_002-1536x983.jpg 1536w, https:\/\/media.alj.com\/app\/uploads\/2024\/05\/1956-ALJ-Nordic-Renewables-v2_002-2048x1311.jpg 2048w\" sizes=\"(max-width: 2560px) 100vw, 2560px\" \/><\/p>\n<p>La DNCN a fait des pays nordiques de potentiels leaders de l\u2019\u00e9nergie verte \u00e0 l\u2019\u00e9chelle mondiale. Elle met en avant les normes environnementales \u00e9lev\u00e9es de ces pays, ainsi que leurs vastes programmes publics et priv\u00e9s de recherche et d\u2019investissement dans la bio\u00e9conomie.<\/p>\n<p>L\u2019accord vise \u00e0 tirer parti des solutions technologiques pionni\u00e8res, des politiques progressistes et des r\u00e9gimes de financement matures de la r\u00e9gion pour d\u00e9montrer ce vers quoi tout syst\u00e8me \u00e9nerg\u00e9tique devrait tendre.<\/p>\n<p>Les objectifs sp\u00e9cifiques \u00e9taient les suivants\u00a0:<\/p>\n<ul>\n<li>r\u00e9duire les \u00e9missions de gaz \u00e0 effet de serre\u00a0;<\/li>\n<li>accro\u00eetre la production d\u2019\u00e9nergie renouvelable\u00a0;<\/li>\n<li>\u00e9lectrifier le secteur des transports\u00a0;<\/li>\n<li>promouvoir le financement \u00e9cologique, les achats verts et l\u2019investissement d\u2019impact\u00a0;<\/li>\n<li>d\u00e9velopper et d\u00e9ployer davantage de technologies CCUS\u00a0;<\/li>\n<li>plaider en faveur de choix de consommation soucieux du climat.<\/li>\n<\/ul>\n<p><img decoding=\"async\" loading=\"lazy\" class=\"alignleft size-medium wp-image-117054\" src=\"https:\/\/media.alj.com\/app\/uploads\/2024\/05\/Nordic-Clean-Energy-Scenarios-227x300.png\" alt=\"\" width=\"227\" height=\"300\" srcset=\"https:\/\/media.alj.com\/app\/uploads\/2024\/05\/Nordic-Clean-Energy-Scenarios-227x300.png 227w, https:\/\/media.alj.com\/app\/uploads\/2024\/05\/Nordic-Clean-Energy-Scenarios-114x150.png 114w, https:\/\/media.alj.com\/app\/uploads\/2024\/05\/Nordic-Clean-Energy-Scenarios.png 526w\" sizes=\"(max-width: 227px) 100vw, 227px\" \/>Le rapport de recherche Nordic Clean Energy Scenarios (<a href=\"https:\/\/pub.norden.org\/nordicenergyresearch2021-01\/nordicenergyresearch2021-01.pdf\">NCES<\/a>), visant \u00e0 soutenir la DNCN, pr\u00e9sente un mod\u00e8le de sc\u00e9nario d\u00e9taill\u00e9 pour \u00e9tablir les priorit\u00e9s de la r\u00e9gion en mati\u00e8re d\u2019\u00e9nergie renouvelable. Il pr\u00e9voit ainsi une trajectoire audacieuse en mati\u00e8re d\u2019\u00e9nergies renouvelables d\u2019ici \u00e0\u00a02030.<\/p>\n<p>Pour que les pays nordiques parviennent \u00e0 la neutralit\u00e9 carbone, le rapport indique que le taux de r\u00e9duction des \u00e9missions devrait \u00eatre multipli\u00e9 par cinq par rapport \u00e0 la d\u00e9cennie pr\u00e9c\u00e9dente. Il s\u2019agit l\u00e0 d\u2019un d\u00e9fi consid\u00e9rable qui devra \u00ab\u00a0trouver un \u00e9quilibre entre ce qui peut \u00eatre rentable et ce qui sera politiquement, socialement et \u00e9cologiquement acceptable\u00a0\u00bb.<a href=\"#_ftn10\" name=\"_ftnref10\">[10]<\/a><\/p>\n<p>Selon les diff\u00e9rents sc\u00e9narios propos\u00e9s par le NCES, les \u00e9missions de CO<sub>2<\/sub> devraient diminuer de 95\u00a0% d\u2019ici le milieu du si\u00e8cle, en partie gr\u00e2ce \u00e0 l\u2019acc\u00e9l\u00e9ration de la recherche sur les \u00e9nergies renouvelables. L\u2019expansion de l\u2019\u00e9nergie \u00e9olienne est au c\u0153ur de cette ambition, qui repose sur l\u2019exposition au vent inexploit\u00e9e des pays nordiques et la flexibilit\u00e9 des r\u00e9servoirs hydro\u00e9lectriques. Dans chaque sc\u00e9nario, la part des combustibles fossiles dans l\u2019approvisionnement total en \u00e9nergie primaire de la r\u00e9gion passe de 42\u00a0% en\u00a02020 \u00e0 6-9\u00a0% en\u00a02050.<\/p>\n<p><img decoding=\"async\" loading=\"lazy\" class=\"aligncenter size-full wp-image-117005\" src=\"https:\/\/media.alj.com\/app\/uploads\/2024\/05\/1956-ALJ-Nordic-Renewables-v2_003-scaled.jpg\" alt=\"\" width=\"2560\" height=\"1809\" srcset=\"https:\/\/media.alj.com\/app\/uploads\/2024\/05\/1956-ALJ-Nordic-Renewables-v2_003-scaled.jpg 2560w, https:\/\/media.alj.com\/app\/uploads\/2024\/05\/1956-ALJ-Nordic-Renewables-v2_003-300x212.jpg 300w, https:\/\/media.alj.com\/app\/uploads\/2024\/05\/1956-ALJ-Nordic-Renewables-v2_003-1024x724.jpg 1024w, https:\/\/media.alj.com\/app\/uploads\/2024\/05\/1956-ALJ-Nordic-Renewables-v2_003-150x106.jpg 150w, https:\/\/media.alj.com\/app\/uploads\/2024\/05\/1956-ALJ-Nordic-Renewables-v2_003-768x543.jpg 768w, https:\/\/media.alj.com\/app\/uploads\/2024\/05\/1956-ALJ-Nordic-Renewables-v2_003-1536x1085.jpg 1536w, https:\/\/media.alj.com\/app\/uploads\/2024\/05\/1956-ALJ-Nordic-Renewables-v2_003-2048x1447.jpg 2048w\" sizes=\"(max-width: 2560px) 100vw, 2560px\" \/><\/p>\n<p>\u00c0 cette date, le sc\u00e9nario \u00ab\u00a0Nordic Powerhouse\u00a0\u00bb du NCES sugg\u00e8re que plus de 900\u00a0TWh d\u2019\u00e9nergie propre pourraient \u00eatre produits chaque ann\u00e9e dans les pays nordiques. L\u2019\u00e9nergie hydraulique et l\u2019\u00e9olien offshore contribueraient chacun \u00e0 hauteur d\u2019environ 300\u00a0TWh de ce total, l\u2019\u00e9olien terrestre \u00e0 hauteur de 150\u00a0TWh, l\u2019\u00e9olien nucl\u00e9aire \u00e0 hauteur de 100\u00a0TWh et l\u2019\u00e9nergie solaire \u00e0 hauteur de 50\u00a0TWh. L\u2019\u00e9lectrification directe des utilisateurs finaux est un \u00e9l\u00e9ment central de tous les sc\u00e9narios du NCES, et gagne particuli\u00e8rement en importance dans les usines, les logements, les centres de donn\u00e9es, les v\u00e9hicules et les combustibles de conversion.<\/p>\n<p>Le rapport formule plusieurs recommandations cl\u00e9s pour stimuler la demande en \u00e9lectricit\u00e9\u00a0: encourager l\u2019achat de v\u00e9hicules \u00e9lectriques et mettre en place une infrastructure de recharge compl\u00e8te\u00a0; remplacer les chaudi\u00e8res \u00e0 combustible fossile par des pompes \u00e0 chaleur et des syst\u00e8mes de chauffage \u00e9lectrique\u00a0; et l\u00e9gif\u00e9rer sur l\u2019utilisation \u00e9conomique de la chaleur r\u00e9siduelle provenant de l\u2019industrie et des centres de donn\u00e9es.<\/p>\n<p>La principale conclusion de l\u2019enqu\u00eate du NCES est que les pays nordiques sont plus forts lorsqu\u2019ils travaillent ensemble. En effet, les diff\u00e9rences nationales en mati\u00e8re de capacit\u00e9s \u00e9nerg\u00e9tiques constituent un atout potentiel. Par exemple, \u00e0 mesure que la production \u00e9olienne augmente dans la r\u00e9gion, les r\u00e9seaux de transmission et intercommunications danois et su\u00e9dois permettront d\u2019exporter de l\u2019\u00e9lectricit\u00e9 de la Scandinavie vers l\u2019Europe continentale. La Norv\u00e8ge, quant \u00e0 elle, est pr\u00eate \u00e0 renforcer la s\u00e9curit\u00e9 \u00e9nerg\u00e9tique r\u00e9gionale gr\u00e2ce \u00e0 ses investissements de longue date dans l\u2019actif renouvelable le plus embl\u00e9matique des nations nordiques\u00a0: l\u2019\u00e9nergie hydraulique.<\/p>\n<h2>Le paysage naturel contribue \u00e0 d\u00e9finir le march\u00e9 des \u00e9nergies renouvelables<\/h2>\n<p>En\u00a02020, l\u2019\u00e9nergie hydraulique repr\u00e9sentait plus de la moiti\u00e9 de la production totale d\u2019\u00e9lectricit\u00e9 dans la r\u00e9gion nordique, soit environ 250\u00a0TWh sur un total de 430\u00a0TWh. Le nucl\u00e9aire et l\u2019\u00e9olien terrestre sont, \u00e0 l\u2019heure actuelle, les seuls autres contributeurs significatifs, avec environ 80\u00a0TWh et 50\u00a0TWh respectivement.<\/p>\n<p>L\u2019\u00e9nergie hydraulique ne repr\u00e9sentant globalement que 17\u00a0% de la production d\u2019\u00e9lectricit\u00e9<a href=\"#_ftn11\" name=\"_ftnref11\">[11]<\/a>, pourquoi cette source d\u2019\u00e9nergie est-elle pr\u00e9pond\u00e9rante dans cette partie du monde\u00a0?<\/p>\n<p>La r\u00e9ponse se cache dans le paysage. Les topographies de la Norv\u00e8ge, de la Su\u00e8de et de l\u2019Islande, en particulier, sont fa\u00e7onn\u00e9es par une myriade de cascades, de fjords et de rivi\u00e8res, qui repr\u00e9sentent d\u2019excellentes opportunit\u00e9s pour l\u2019activit\u00e9 hydro\u00e9lectrique.<\/p>\n<p><img decoding=\"async\" loading=\"lazy\" class=\"aligncenter size-full wp-image-117047\" src=\"https:\/\/media.alj.com\/app\/uploads\/2024\/05\/jared-erondu-j4PaE7E2_Ws-unsplash.jpg\" alt=\"\" width=\"1920\" height=\"1280\" srcset=\"https:\/\/media.alj.com\/app\/uploads\/2024\/05\/jared-erondu-j4PaE7E2_Ws-unsplash.jpg 1920w, https:\/\/media.alj.com\/app\/uploads\/2024\/05\/jared-erondu-j4PaE7E2_Ws-unsplash-300x200.jpg 300w, https:\/\/media.alj.com\/app\/uploads\/2024\/05\/jared-erondu-j4PaE7E2_Ws-unsplash-1024x683.jpg 1024w, https:\/\/media.alj.com\/app\/uploads\/2024\/05\/jared-erondu-j4PaE7E2_Ws-unsplash-150x100.jpg 150w, https:\/\/media.alj.com\/app\/uploads\/2024\/05\/jared-erondu-j4PaE7E2_Ws-unsplash-768x512.jpg 768w, https:\/\/media.alj.com\/app\/uploads\/2024\/05\/jared-erondu-j4PaE7E2_Ws-unsplash-1536x1024.jpg 1536w\" sizes=\"(max-width: 1920px) 100vw, 1920px\" \/><\/p>\n<p>La Su\u00e8de peut l\u00e9gitimement se targuer d\u2019\u00eatre un haut lieu de l\u2019\u00e9nergie hydraulique, avec 1\u00a0800\u00a0centrales hydro\u00e9lectriques qui assurent pr\u00e8s de la moiti\u00e9 de la production d\u2019\u00e9lectricit\u00e9 du pays. Cependant, c\u2019est la Norv\u00e8ge qui est l\u2019\u00e9picentre de ce p\u00f4le hydro\u00e9lectrique, avec pr\u00e8s de 1\u00a0700\u00a0centrales repr\u00e9sentant au moins 90\u00a0% de l\u2019\u00e9lectricit\u00e9 du pays.<a href=\"#_ftn12\" name=\"_ftnref12\">[12]<\/a><\/p>\n<p>Le pays est d\u00e9j\u00e0 un exportateur net avec 87\u00a0% de son \u00e9nergie vendue \u00e0 l\u2019\u00e9tranger en\u00a02020<a href=\"#_ftn13\" name=\"_ftnref13\">[13]<\/a>, une tendance qui ne peut que s\u2019accentuer \u00e0 mesure que l\u2019Europe se passe des approvisionnements en gaz russe, politiquement sensibles. Son vaste r\u00e9seau de plus d\u2019un millier de r\u00e9servoirs permet de stocker l\u2019\u00e9nergie hydro\u00e9lectrique, pr\u00eate \u00e0 \u00eatre d\u00e9ploy\u00e9e en temps voulu. On estime que les r\u00e9servoirs norv\u00e9giens stockent environ la moiti\u00e9 de l\u2019\u00e9nergie hydro\u00e9lectrique totale de l\u2019Europe. Toutefois, certains de ses clients les plus fiables sont locaux\u00a0; le r\u00e9seau nordique commun lui permet de compl\u00e9ter des sources moins pr\u00e9visibles telles que l\u2019\u00e9nergie \u00e9olienne et solaire dans les pays voisins.<\/p>\n<p>L\u2019une des raisons de la popularit\u00e9 durable de l\u2019\u00e9nergie hydraulique est la robustesse de l\u2019infrastructure. Dans les pays nordiques, de nombreuses centrales produisent encore de l\u2019\u00e9lectricit\u00e9 verte bien qu\u2019elles aient pr\u00e8s d\u2019un si\u00e8cle. L\u2019\u00e9nergie hydraulique est \u00e9galement polyvalente, car c\u2019est l\u2019une des seules sources d\u2019\u00e9nergie renouvelable qui peut \u00eatre facilement r\u00e9gul\u00e9e, ses g\u00e9n\u00e9rateurs synchronisant sans effort l\u2019offre et la demande.<\/p>\n<p>La production d\u2019\u00e9nergie hydraulique dans les pays nordiques va continuer de cro\u00eetre au cours des prochaines d\u00e9cennies, mais sa <em>part<\/em> dans le mix \u00e9nerg\u00e9tique nordique devrait diminuer d\u2019ici\u00a02050, passant d\u2019environ 56\u00a0% aujourd\u2019hui \u00e0 seulement 25\u00a0%,<a href=\"#_ftn14\" name=\"_ftnref14\">[14]<\/a> compte tenu de l\u2019essor rapide pr\u00e9vu d\u2019une source d\u2019\u00e9nergie verte concurrente\u00a0: l\u2019\u00e9olien.<\/p>\n<h2>Le vent balaye les \u00e9nergies renouvelables dans les pays nordiques\u2026<\/h2>\n<p>Alors que le prix des turbines continuera \u00e0 baisser au cours des prochaines d\u00e9cennies, l\u2019\u00e9nergie \u00e9olienne devrait s\u2019imposer parmi les \u00e9nergies renouvelables des pays nordiques. Selon certaines estimations, la capacit\u00e9 \u00e9olienne offshore dans la r\u00e9gion devrait atteindre 7\u00a0GW d\u2019ici\u00a02030, avant de monter en fl\u00e8che pour atteindre 65\u00a0GW d\u2019ici \u00e0\u00a02050.<a href=\"#_ftn15\" name=\"_ftnref15\">[15]<\/a><\/p>\n<p>Le Danemark, la Su\u00e8de, la Norv\u00e8ge et la Finlande sont unis dans cette ru\u00e9e vers l\u2019\u00e9nergie \u00e9olienne, qu\u2019elle soit terrestre ou offshore.<\/p>\n<p><img decoding=\"async\" loading=\"lazy\" class=\"aligncenter size-full wp-image-117119\" src=\"https:\/\/media.alj.com\/app\/uploads\/2024\/05\/shutterstock_425100892-scaled.jpg\" alt=\"\" width=\"2560\" height=\"1700\" srcset=\"https:\/\/media.alj.com\/app\/uploads\/2024\/05\/shutterstock_425100892-scaled.jpg 2560w, https:\/\/media.alj.com\/app\/uploads\/2024\/05\/shutterstock_425100892-300x199.jpg 300w, https:\/\/media.alj.com\/app\/uploads\/2024\/05\/shutterstock_425100892-1024x680.jpg 1024w, https:\/\/media.alj.com\/app\/uploads\/2024\/05\/shutterstock_425100892-150x100.jpg 150w, https:\/\/media.alj.com\/app\/uploads\/2024\/05\/shutterstock_425100892-768x510.jpg 768w, https:\/\/media.alj.com\/app\/uploads\/2024\/05\/shutterstock_425100892-1536x1020.jpg 1536w, https:\/\/media.alj.com\/app\/uploads\/2024\/05\/shutterstock_425100892-2048x1360.jpg 2048w\" sizes=\"(max-width: 2560px) 100vw, 2560px\" \/><\/p>\n<p>En ce qui concerne l\u2019\u00e9nergie terrestre, la Su\u00e8de pr\u00e9voit d\u2019installer 30\u00a0GW de nouvelles turbines d\u2019ici la fin de la d\u00e9cennie et d\u2019augmenter les exportations d\u2019\u00e9nergie en cons\u00e9quence. Dans le m\u00eame temps, la Finlande pr\u00e9voit d\u2019accro\u00eetre sa capacit\u00e9 \u00e9olienne terrestre de 5\u00a0GW \u00e0 20\u00a0GW. De son c\u00f4t\u00e9, le Danemark pr\u00e9voit d\u2019augmenter sa capacit\u00e9 \u00e9olienne terrestre de 11,5\u00a0GW d\u2019ici\u00a02030.<a href=\"#_ftn16\" name=\"_ftnref16\">[16]<\/a> La Norv\u00e8ge, quant \u00e0 elle, a finalement d\u00e9pass\u00e9 le seuil des 5\u00a0GW d\u2019\u00e9oliennes terrestres en\u00a02022, ce qui repr\u00e9sente un triplement de sa capacit\u00e9 en seulement trois ans.<a href=\"#_ftn17\" name=\"_ftnref17\">[17]<\/a><\/p>\n<p>Le Danemark et la Norv\u00e8ge envisagent eux aussi de conqu\u00e9rir rapidement le march\u00e9 de l\u2019\u00e9olien <em>offshore<\/em>.<\/p>\n<p>Disposant d\u2019un acc\u00e8s facile \u00e0 la mer du Nord et \u00e0 la mer Baltique, ainsi que d\u2019un environnement dynamique en mati\u00e8re de recherche et de d\u00e9veloppement, le Danemark figure d\u00e9j\u00e0 parmi les cinq premiers march\u00e9s europ\u00e9ens de l\u2019\u00e9olien offshore. Le pays est \u00e9galement un important exportateur de technologies \u00e9oliennes, dont la valeur s\u2019\u00e9l\u00e8vera \u00e0 quelque 7\u00a0milliards\u00a0USD en\u00a02020, cr\u00e9ant des milliers d\u2019emplois.<a href=\"#_ftn18\" name=\"_ftnref18\">[18]<\/a> Aujourd\u2019hui, il vise non seulement \u00e0 devenir un leader europ\u00e9en, mais aussi mondial, dans le domaine de l\u2019\u00e9olien offshore.<\/p>\n<p>D\u2019ici\u00a02030, la capacit\u00e9 \u00e9olienne offshore du Danemark devrait augmente de mani\u00e8re exponentielle, passant de 2,3\u00a0GW \u00e0 12,9\u00a0GW. Les accords internationaux sont au c\u0153ur de ces grands projets. Le Danemark est co-signataire de la d\u00e9claration d\u2019Esbjerg, avec l\u2019Allemagne, les Pays-Bas et la Belgique, pour un total de 150\u00a0GW d\u2019\u00e9olien offshore d\u2019ici\u00a02050, ainsi que de la d\u00e9claration de Marienborg, huit pays de la mer Baltique s\u2019engageant \u00e0 produire pr\u00e8s de 20\u00a0GW d\u2019\u00e9nergie \u00e9olienne offshore d\u2019ici\u00a02030.<\/p>\n<p>Pour ne pas \u00eatre en reste, la Norv\u00e8ge s\u2019est lanc\u00e9e en mai\u00a02022 dans un vaste programme d\u2019\u00e9oliennes en mer en annon\u00e7ant un objectif de 30\u00a0GW de capacit\u00e9 offshore d\u2019ici \u00e0\u00a02040, ce qui correspond \u00e0 peu pr\u00e8s \u00e0 la quantit\u00e9 totale d\u2019\u00e9lectricit\u00e9 que la Norv\u00e8ge produit actuellement chaque ann\u00e9e.<a href=\"#_ftn19\" name=\"_ftnref19\">[19]<\/a><\/p>\n<p>Forte de sa grande exp\u00e9rience de l\u2019offshore dans les secteurs du p\u00e9trole et du gaz, la Norv\u00e8ge s\u2019attend \u00e0 ce que l\u2019\u00e9olien offshore devienne l\u2019un de ses principaux produits d\u2019exportation\u00a0; le secteur repr\u00e9sentant \u00e0 terme 12,9\u00a0milliards d\u2019euros par an d\u2019ici le milieu du si\u00e8cle.<a href=\"#_ftn20\" name=\"_ftnref20\">[20]<\/a><\/p>\n<p>Il est important de noter que la Norv\u00e8ge est un pionnier sur le march\u00e9 de l\u2019\u00e9olien offshore \u00ab\u00a0flottant\u00a0\u00bb. Les plateformes flottantes sont utilis\u00e9es lorsque la profondeur de la mer emp\u00eache la mise en place de fondations fixes. Le prototype norv\u00e9gien de turbine flottante a servi de base \u00e0 l\u2019installation Hywind au large de l\u2019\u00c9cosse, qui est devenue, lors de son lancement en\u00a02017, le premier parc commercial de turbines flottantes au monde. Le premier parc \u00e9olien flottant de Norv\u00e8ge, Hywind Tampen (88\u00a0MW), est devenu op\u00e9rationnel en ao\u00fbt dernier.<\/p>\n<p>Une \u00e9valuation r\u00e9alis\u00e9e par la <a href=\"https:\/\/publikasjoner.nve.no\/diverse\/2013\/havvindsummary2013.pdf\">Direction norv\u00e9gienne des ressources en eau et en \u00e9nergie<\/a> a permis de calculer que la capacit\u00e9 totale du pays en mati\u00e8re de parcs \u00e9oliens flottants et fixes pouvait atteindre 12\u00a0600\u00a0MW, soit une production potentielle de\u00a019 \u00e0 50\u00a0TWh par an, ce qui repr\u00e9sente un tiers de la consommation totale d\u2019\u00e9lectricit\u00e9 du pays.<a href=\"#_ftn21\" name=\"_ftnref21\">[21]<\/a><\/p>\n<h2>L\u2019\u00e9nergie solaire commence \u00e9galement \u00e0 briller<\/h2>\n<p>Cela peut para\u00eetre surprenant dans une r\u00e9gion qui n\u2019est pas connue pour son ensoleillement, mais l\u2019\u00e9nergie solaire monte \u00e9galement en puissance dans les pays nordiques. Malgr\u00e9 leurs longs mois d\u2019hiver, la Su\u00e8de et la Finlande en particulier progressent \u00e0 grands pas vers un avenir aliment\u00e9 par le soleil.<\/p>\n<p>La Su\u00e8de dispose actuellement de 3,7\u00a0GW de capacit\u00e9 solaire, qui devraient passer \u00e0 18\u00a0GW d\u2019ici\u00a02030 (soit une augmentation de 486\u00a0%), date \u00e0 laquelle la part de l\u2019\u00e9nergie solaire sur le march\u00e9 su\u00e9dois de l\u2019\u00e9nergie devrait de 1,4\u00a0% \u00e0 6\u00a0%. La Finlande dispose actuellement de 1,1\u00a0GW d\u2019\u00e9nergie solaire, qui devrait atteindre 9,6\u00a0GW d\u2019ici\u00a02030 (soit une augmentation de 856\u00a0%), ce qui repr\u00e9sente 6,8\u00a0% du march\u00e9 finlandais de l\u2019\u00e9nergie, contre 0,8\u00a0% aujourd\u2019hui.<a href=\"#_ftn22\" name=\"_ftnref22\">[22]<\/a><\/p>\n<p>L\u2019\u00e9nergie solaire est g\u00e9n\u00e9r\u00e9e par la lumi\u00e8re plut\u00f4t que par la chaleur\u00a0; le sud de la Finlande, avec son ensoleillement du d\u00e9but du printemps et de la fin de l\u2019hiver, pouvant potentiellement produire plus d\u2019\u00e9nergie solaire que l\u2019Europe centrale pendant les p\u00e9riodes de pointe de l\u2019ann\u00e9e.<\/p>\n<p><img decoding=\"async\" loading=\"lazy\" class=\"aligncenter size-full wp-image-117012\" src=\"https:\/\/media.alj.com\/app\/uploads\/2024\/05\/carlos-grury-santos-9R9Z8PHwo2E-unsplash.jpg\" alt=\"\" width=\"1920\" height=\"1295\" srcset=\"https:\/\/media.alj.com\/app\/uploads\/2024\/05\/carlos-grury-santos-9R9Z8PHwo2E-unsplash.jpg 1920w, https:\/\/media.alj.com\/app\/uploads\/2024\/05\/carlos-grury-santos-9R9Z8PHwo2E-unsplash-300x202.jpg 300w, https:\/\/media.alj.com\/app\/uploads\/2024\/05\/carlos-grury-santos-9R9Z8PHwo2E-unsplash-1024x691.jpg 1024w, https:\/\/media.alj.com\/app\/uploads\/2024\/05\/carlos-grury-santos-9R9Z8PHwo2E-unsplash-150x101.jpg 150w, https:\/\/media.alj.com\/app\/uploads\/2024\/05\/carlos-grury-santos-9R9Z8PHwo2E-unsplash-768x518.jpg 768w, https:\/\/media.alj.com\/app\/uploads\/2024\/05\/carlos-grury-santos-9R9Z8PHwo2E-unsplash-1536x1036.jpg 1536w\" sizes=\"(max-width: 1920px) 100vw, 1920px\" \/><\/p>\n<p>\u00ab\u00a0L\u2019avantage de la Finlande est sa faible temp\u00e9rature atmosph\u00e9rique, qui am\u00e9liore l\u2019efficacit\u00e9 des cellules solaires photovolta\u00efques. Plus il fait froid, plus les panneaux solaires sont efficaces. Ces derniers sont \u00e9galement capables de r\u00e9sister aux charges de neige s\u2019ils sont correctement install\u00e9s. Le syst\u00e8me peut \u00e9galement \u00eatre coupl\u00e9 au r\u00e9seau \u00e9lectrique, tandis que les dispositifs sont relativement peu co\u00fbteux et faciles \u00e0 installer\u00a0\u00bb, explique Antti Kosonen, professeur agr\u00e9g\u00e9 \u00e0 l\u2019universit\u00e9 LUT de Finlande.<\/p>\n<p>Deux autres facteurs expliquent l\u2019essor r\u00e9cent de l\u2019\u00e9nergie solaire dans les pays nordiques. Tout d\u2019abord, le passage progressif de petits syst\u00e8mes sur toitures \u00e0 de grandes exploitations au sol, qui permet de r\u00e9aliser des \u00e9conomies d\u2019\u00e9chelle. Deuxi\u00e8mement, la baisse continue du co\u00fbt de la technologie. D\u2019ici\u00a02030, le prix des panneaux devrait \u00eatre divis\u00e9 par deux par rapport au prix actuel de 0,2\u00a0USD\/watt, d\u2019apr\u00e8s la tendance des ann\u00e9es\u00a02010 lorsque les co\u00fbts des panneaux solaires ont chut\u00e9 de 90\u00a0%.<\/p>\n<p>Tout cela indique un mix \u00e9nerg\u00e9tique moderne et durable pour ce groupe de pays septentrionaux, alors que la plan\u00e8te est confront\u00e9e au d\u00e9fi existentiel du changement climatique.<\/p>\n<h2>Les ressources renouvelables au service de l\u2019ambition humaine<\/h2>\n<p>Les pays nordiques sont, \u00e0 bien des \u00e9gards, dans une position privil\u00e9gi\u00e9e en termes d\u2019\u00e9nergies renouvelables. Avec un vent abondant, un paysage g\u00e9othermique tr\u00e8s actif et un r\u00e9seau de cours d\u2019eau favorisant la production d\u2019\u00e9nergie hydraulique, ils disposent d\u2019un environnement taill\u00e9 sur mesure pour la transition verte.<\/p>\n<p>Mais les nations nordiques disposent d\u2019un atout qui va au-del\u00e0 de la topographie ou de la g\u00e9ologie\u00a0: l\u2019\u00e9lan humain. Nous le voyons dans les r\u00e9gimes l\u00e9gislatifs r\u00e9ceptifs de la Norv\u00e8ge, du Danemark, de la Su\u00e8de, de la Finlande et de l\u2019Islande, et dans l\u2019esprit d\u2019unit\u00e9 dont t\u00e9moignent les accords transfrontaliers et la compatibilit\u00e9 technologique soigneusement \u00e9labor\u00e9e.<\/p>\n<p>L\u2019autosuffisance est peut-\u00eatre encore loin, mais avec le renforcement de l\u2019\u00e9nergie hydraulique norv\u00e9gienne, soutenu par les industries \u00e9oliennes et solaires en plein essor, une voie est en passe de reconfigurer les syst\u00e8mes \u00e9nerg\u00e9tiques nordiques de mani\u00e8re conforme aux priorit\u00e9s climatiques mondiales.<\/p>\n<p>Abdul Latif Jameel est \u00e9galement un grand d\u00e9fenseur de l\u2019\u00e9conomie verte et tire parti de la puissance des capitaux priv\u00e9s pour faire avancer la cause des \u00e9nergies renouvelables au Moyen-Orient et au-del\u00e0. Son activit\u00e9 phare dans le domaine de l\u2019\u00e9nergie, Fotowatio Renewable Ventures (<a href=\"https:\/\/frv.com\/en\/\">FRV<\/a>), g\u00e8re un portefeuille de projets \u00e9oliens, solaires, hybrides et de stockage en Asie, en Am\u00e9rique latine, en Europe et en Australie. En parall\u00e8le, la branche innovation de FRV, <a href=\"https:\/\/frv.com\/en\/services\/frv-x\/\">FRV-X<\/a>, vise \u00e0 mettre en place des solutions technologiques de nouvelle g\u00e9n\u00e9ration capables de concr\u00e9tiser les objectifs ambitieux de la <a href=\"https:\/\/alj.com\/en\/perspective\/cop28-will-it-help-to-avert-the-climate-crisis\/\">COP28<\/a> en mati\u00e8re de climat.<\/p>\n<p>FRV est <a href=\"https:\/\/alj.com\/en\/news\/frv-enters-nordic-market-with-plans-to-develop-600mw-of-photovoltaic-projects-in-finland\/\">entr\u00e9 sur le march\u00e9 nordique des \u00e9nergies renouvelables<\/a> en 2024 gr\u00e2ce \u00e0 un accord avec une entreprise finlandaise locale, <a href=\"https:\/\/willmust.fi\/\">Will &amp; Must<\/a>. Les partenaires devraient d\u00e9velopper conjointement un pipeline de 600\u00a0MW sous forme de projets photovolta\u00efques d\u2019ici trois ans.<\/p>\n<p><img decoding=\"async\" loading=\"lazy\" class=\"aligncenter size-full wp-image-116963\" src=\"https:\/\/media.alj.com\/app\/uploads\/2024\/05\/FRV-breaks-into-Nordics.jpeg\" alt=\"\" width=\"1280\" height=\"704\" srcset=\"https:\/\/media.alj.com\/app\/uploads\/2024\/05\/FRV-breaks-into-Nordics.jpeg 1280w, https:\/\/media.alj.com\/app\/uploads\/2024\/05\/FRV-breaks-into-Nordics-300x165.jpeg 300w, https:\/\/media.alj.com\/app\/uploads\/2024\/05\/FRV-breaks-into-Nordics-1024x563.jpeg 1024w, https:\/\/media.alj.com\/app\/uploads\/2024\/05\/FRV-breaks-into-Nordics-150x83.jpeg 150w, https:\/\/media.alj.com\/app\/uploads\/2024\/05\/FRV-breaks-into-Nordics-768x422.jpeg 768w\" sizes=\"(max-width: 1280px) 100vw, 1280px\" \/><\/p>\n<figure id=\"attachment_90624\" aria-describedby=\"caption-attachment-90624\" style=\"width: 225px\" class=\"wp-caption alignleft\"><img decoding=\"async\" loading=\"lazy\" class=\"size-medium wp-image-90624\" src=\"https:\/\/media.alj.com\/app\/uploads\/2021\/07\/Fady-Jameel-2-225x300.jpg\" alt=\"Fady Jameel\" width=\"225\" height=\"300\" srcset=\"https:\/\/media.alj.com\/app\/uploads\/2021\/07\/Fady-Jameel-2-225x300.jpg 225w, https:\/\/media.alj.com\/app\/uploads\/2021\/07\/Fady-Jameel-2-768x1025.jpg 768w, https:\/\/media.alj.com\/app\/uploads\/2021\/07\/Fady-Jameel-2-112x150.jpg 112w, https:\/\/media.alj.com\/app\/uploads\/2021\/07\/Fady-Jameel-2-1151x1536.jpg 1151w, https:\/\/media.alj.com\/app\/uploads\/2021\/07\/Fady-Jameel-2.jpg 1224w\" sizes=\"(max-width: 225px) 100vw, 225px\" \/><figcaption id=\"caption-attachment-90624\" class=\"wp-caption-text\">Fady\u00a0Jameel,<br \/>pr\u00e9sident d\u00e9l\u00e9gu\u00e9 et vice-pr\u00e9sident d\u2019<br \/>Abdul Latif Jameel<\/figcaption><\/figure>\n<h5>\u00ab\u00a0<em>Les pays nordiques confirment le pouvoir combin\u00e9 des secteurs public et priv\u00e9 dans la cr\u00e9ation d\u2019un mix \u00e9nerg\u00e9tique r\u00e9silient, adaptable et \u00e0 l\u2019\u00e9preuve du temps\u00a0<\/em>\u00bb, a d\u00e9clar\u00e9 Fady Jameel, pr\u00e9sident d\u00e9l\u00e9gu\u00e9 et vice-pr\u00e9sident d\u2019Abdul Latif Jameel International.<\/h5>\n<h5><em>\u00ab\u00a0Si l\u2019on cherche des exemples mondiaux de compensation \u00e9cologique, les pays nordiques et leur &#8220;course aux \u00e9nergies renouvelables&#8221; repr\u00e9sentent \u00e0 bien des \u00e9gards un mod\u00e8le \u00e0 suivre. Ensemble, ils prouvent que lorsque les pouvoirs politiques, corporatifs et communautaires s\u2019unissent derri\u00e8re un objectif commun, des changements significatifs se produisent\u00a0\u00bb.<\/em><\/h5>\n<p>&nbsp;<\/p>\n<p><a href=\"#_ftnref1\" name=\"_ftn1\">[1]<\/a> https:\/\/wisevoter.com\/country-rankings\/renewable-energy-by-country\/<\/p>\n<p><a href=\"#_ftnref2\" name=\"_ftn2\">[2]<\/a> https:\/\/www.reuters.com\/business\/autos-transportation\/tesla-extends-lead-norway-evs-take-record-82-market-share-2024-01-02\/<\/p>\n<p><a href=\"#_ftnref3\" name=\"_ftn3\">[3]<\/a> https:\/\/www.ev-volumes.com\/<\/p>\n<p><a href=\"#_ftnref4\" name=\"_ftn4\">[4]<\/a> <a href=\"https:\/\/www.eia.gov\/international\/analysis\/country\/NOR\">https:\/\/www.eia.gov\/international\/analysis\/country\/NOR<\/a><\/p>\n<p><a href=\"#_ftnref5\" name=\"_ftn5\">[5]<\/a> <a href=\"https:\/\/www.enappsys.com\/sweden-remains-europes-largest-net-power-exporter\/\">https:\/\/www.enappsys.com\/sweden-remains-europes-largest-net-power-exporter\/<\/a><\/p>\n<p><a href=\"#_ftnref6\" name=\"_ftn6\">[6]<\/a> <a href=\"https:\/\/il.boell.org\/en\/2022\/11\/15\/green-transition-nordic-countries-lessons-sustainable-development\">https:\/\/il.boell.org\/en\/2022\/11\/15\/green-transition-nordic-countries-lessons-sustainable-development<\/a><\/p>\n<p><a href=\"#_ftnref7\" name=\"_ftn7\">[7]<\/a> <a href=\"https:\/\/www.iea.org\/countries\/finland\">https:\/\/www.iea.org\/countries\/finland<\/a><\/p>\n<p><a href=\"#_ftnref8\" name=\"_ftn8\">[8]<\/a> <a href=\"https:\/\/il.boell.org\/en\/2022\/11\/15\/green-transition-nordic-countries-lessons-sustainable-development\">https:\/\/il.boell.org\/en\/2022\/11\/15\/green-transition-nordic-countries-lessons-sustainable-development<\/a><\/p>\n<p><a href=\"#_ftnref9\" name=\"_ftn9\">[9]<\/a> <a href=\"https:\/\/www.norden.org\/en\/declaration\/declaration-nordic-carbon-neutrality\">https:\/\/www.norden.org\/en\/declaration\/declaration-nordic-carbon-neutrality<\/a><\/p>\n<p><a href=\"#_ftnref10\" name=\"_ftn10\">[10]<\/a> <a href=\"https:\/\/pub.norden.org\/nordicenergyresearch2021-01\/nordicenergyresearch2021-01.pdf\">https:\/\/pub.norden.org\/nordicenergyresearch2021-01\/nordicenergyresearch2021-01.pdf<\/a><\/p>\n<p><a href=\"#_ftnref11\" name=\"_ftn11\">[11]<\/a> <a href=\"https:\/\/www.iea.org\/reports\/hydropower-special-market-report\/executive-summary\">https:\/\/www.iea.org\/reports\/hydropower-special-market-report\/executive-summary<\/a><\/p>\n<p><a href=\"#_ftnref12\" name=\"_ftn12\">[12]<\/a> <a href=\"https:\/\/www.downing.co.uk\/insights\/the-nordics-a-renewable-energy-powerhouse\">https:\/\/www.downing.co.uk\/insights\/the-nordics-a-renewable-energy-powerhouse<\/a><\/p>\n<p><a href=\"#_ftnref13\" name=\"_ftn13\">[13]<\/a> <a href=\"https:\/\/www.iea.org\/reports\/norway-2022\/executive-summary\">https:\/\/www.iea.org\/reports\/norway-2022\/executive-summary<\/a><\/p>\n<p><a href=\"#_ftnref14\" name=\"_ftn14\">[14]<\/a> <a href=\"https:\/\/www.woodmac.com\/news\/opinion\/abundant-low-cost-renewables-will-transform-nordic-power-markets\/\">https:\/\/www.woodmac.com\/news\/opinion\/abundant-low-cost-renewables-will-transform-nordic-power-markets\/<\/a><\/p>\n<p><a href=\"#_ftnref15\" name=\"_ftn15\">[15]<\/a> <a href=\"https:\/\/www.woodmac.com\/news\/opinion\/abundant-low-cost-renewables-will-transform-nordic-power-markets\/\">https:\/\/www.woodmac.com\/news\/opinion\/abundant-low-cost-renewables-will-transform-nordic-power-markets\/<\/a><\/p>\n<p><a href=\"#_ftnref16\" name=\"_ftn16\">[16]<\/a> <a href=\"https:\/\/www.rystadenergy.com\/news\/finland-denmark-and-sweden-leading-on-the-green-revolution\">https:\/\/www.rystadenergy.com\/news\/finland-denmark-and-sweden-leading-on-the-green-revolution<\/a><\/p>\n<p><a href=\"#_ftnref17\" name=\"_ftn17\">[17]<\/a> <a href=\"https:\/\/windeurope.org\/newsroom\/news\/norway-needs-more-onshore-and-offshore-wind-to-keep-up-with-growing-energy-demand\/\">https:\/\/windeurope.org\/newsroom\/news\/norway-needs-more-onshore-and-offshore-wind-to-keep-up-with-growing-energy-demand\/<\/a><\/p>\n<p><a href=\"#_ftnref18\" name=\"_ftn18\">[18]<\/a> <a href=\"https:\/\/il.boell.org\/en\/2022\/11\/15\/green-transition-nordic-countries-lessons-sustainable-development\">https:\/\/il.boell.org\/en\/2022\/11\/15\/green-transition-nordic-countries-lessons-sustainable-development<\/a><\/p>\n<p><a href=\"#_ftnref19\" name=\"_ftn19\">[19]<\/a> <a href=\"https:\/\/il.boell.org\/en\/2022\/11\/15\/green-transition-nordic-countries-lessons-sustainable-development\">https:\/\/il.boell.org\/en\/2022\/11\/15\/green-transition-nordic-countries-lessons-sustainable-development<\/a><\/p>\n<p><a href=\"#_ftnref20\" name=\"_ftn20\">[20]<\/a> <a href=\"https:\/\/www.regjeringen.no\/contentassets\/07635c56b2824103909fab5f31f81469\/offshore-wind-opportunities-for-the-norwegian-industry.pdf\">https:\/\/www.regjeringen.no\/contentassets\/07635c56b2824103909fab5f31f81469\/offshore-wind-opportunities-for-the-norwegian-industry.pdf<\/a><\/p>\n<p><a href=\"#_ftnref21\" name=\"_ftn21\">[21]<\/a> <a href=\"https:\/\/www.en-former.com\/en\/norway-a-sustainable-northern-power-house\/\">https:\/\/www.en-former.com\/en\/norway-a-sustainable-northern-power-house\/<\/a><\/p>\n<p><a href=\"#_ftnref22\" name=\"_ftn22\">[22]<\/a> <a href=\"https:\/\/www.fortum.com\/newsroom\/forthedoers-blogsolar-power-accelerate-green-transition-nordics\/solar-power-accelerate-green-transition-nordics\">https:\/\/www.fortum.com\/newsroom\/forthedoers-blogsolar-power-accelerate-green-transition-nordics\/solar-power-accelerate-green-transition-nordics<\/a><\/p>\n<p>&nbsp;<\/p>\n","protected":false},"author":18,"featured_media":117061,"template":"","tags":[],"acf":[],"yoast_head":"<!-- This site is optimized with the Yoast SEO plugin v21.5 - https:\/\/yoast.com\/wordpress\/plugins\/seo\/ -->\n<title>Les pays du nord vont vers un avenir durable | Abdul Latif Jameel\u00ae<\/title>\n<meta name=\"description\" content=\"D\u00e9couvrez comment le nord construit un avenir renouvelable avec des ressources comme l&#039;\u00e9nergie hydro\u00e9lectrique et g\u00e9othermique. En savoir plus.\" \/>\n<meta name=\"robots\" content=\"index, follow, max-snippet:-1, max-image-preview:large, max-video-preview:-1\" \/>\n<link rel=\"canonical\" href=\"https:\/\/alj.com\/fr\/perspective\/nordics-navigate-to-a-renewable-future\/\" \/>\n<meta property=\"og:locale\" content=\"fr_FR\" \/>\n<meta property=\"og:type\" content=\"article\" \/>\n<meta property=\"og:title\" content=\"Les pays du nord vont vers un avenir durable | Abdul Latif Jameel\u00ae\" \/>\n<meta property=\"og:description\" content=\"D\u00e9couvrez comment le nord construit un avenir renouvelable avec des ressources comme l&#039;\u00e9nergie hydro\u00e9lectrique et g\u00e9othermique. En savoir plus.\" \/>\n<meta property=\"og:url\" content=\"https:\/\/alj.com\/fr\/perspective\/nordics-navigate-to-a-renewable-future\/\" \/>\n<meta property=\"og:site_name\" content=\"Abdul Latif Jameel\" \/>\n<meta property=\"article:publisher\" content=\"https:\/\/www.facebook.com\/Abdul.Latif.Jameel.Official\" \/>\n<meta property=\"article:modified_time\" content=\"2024-07-16T06:24:22+00:00\" \/>\n<meta property=\"og:image\" content=\"https:\/\/media.alj.com\/app\/uploads\/2024\/05\/Nordics-LI.jpg\" \/>\n\t<meta property=\"og:image:width\" content=\"1200\" \/>\n\t<meta property=\"og:image:height\" content=\"675\" \/>\n\t<meta property=\"og:image:type\" content=\"image\/jpeg\" \/>\n<meta name=\"twitter:card\" content=\"summary_large_image\" \/>\n<meta name=\"twitter:label1\" content=\"Est. reading time\" \/>\n\t<meta name=\"twitter:data1\" content=\"19 minutes\" \/>\n<script type=\"application\/ld+json\" class=\"yoast-schema-graph\">{\"@context\":\"https:\/\/schema.org\",\"@graph\":[{\"@type\":\"WebPage\",\"@id\":\"https:\/\/alj.com\/fr\/perspective\/nordics-navigate-to-a-renewable-future\/\",\"url\":\"https:\/\/alj.com\/fr\/perspective\/nordics-navigate-to-a-renewable-future\/\",\"name\":\"Les pays du nord vont vers un avenir durable | Abdul Latif Jameel\u00ae\",\"isPartOf\":{\"@id\":\"https:\/\/alj.com\/en\/#website\"},\"datePublished\":\"2024-05-22T07:12:59+00:00\",\"dateModified\":\"2024-07-16T06:24:22+00:00\",\"description\":\"D\u00e9couvrez comment le nord construit un avenir renouvelable avec des ressources comme l'\u00e9nergie hydro\u00e9lectrique et g\u00e9othermique. En savoir plus.\",\"breadcrumb\":{\"@id\":\"https:\/\/alj.com\/fr\/perspective\/nordics-navigate-to-a-renewable-future\/#breadcrumb\"},\"inLanguage\":\"fr-FR\",\"potentialAction\":[{\"@type\":\"ReadAction\",\"target\":[\"https:\/\/alj.com\/fr\/perspective\/nordics-navigate-to-a-renewable-future\/\"]}]},{\"@type\":\"BreadcrumbList\",\"@id\":\"https:\/\/alj.com\/fr\/perspective\/nordics-navigate-to-a-renewable-future\/#breadcrumb\",\"itemListElement\":[{\"@type\":\"ListItem\",\"position\":1,\"name\":\"Home\",\"item\":\"https:\/\/alj.com\/fr\/\"},{\"@type\":\"ListItem\",\"position\":2,\"name\":\"Perspectives\",\"item\":\"https:\/\/alj.com\/ja\/perspective\/\"},{\"@type\":\"ListItem\",\"position\":3,\"name\":\"Les pays nordiques s\u2019engagent sur la voie des \u00e9nergies renouvelables\"}]},{\"@type\":\"WebSite\",\"@id\":\"https:\/\/alj.com\/en\/#website\",\"url\":\"https:\/\/alj.com\/en\/\",\"name\":\"Abdul Latif Jameel\",\"description\":\"Abdul Latif Jameel\",\"potentialAction\":[{\"@type\":\"SearchAction\",\"target\":{\"@type\":\"EntryPoint\",\"urlTemplate\":\"https:\/\/alj.com\/en\/?s={search_term_string}\"},\"query-input\":\"required name=search_term_string\"}],\"inLanguage\":\"fr-FR\"}]}<\/script>\n<!-- \/ Yoast SEO plugin. -->","yoast_head_json":{"title":"Les pays du nord vont vers un avenir durable | Abdul Latif Jameel\u00ae","description":"D\u00e9couvrez comment le nord construit un avenir renouvelable avec des ressources comme l'\u00e9nergie hydro\u00e9lectrique et g\u00e9othermique. En savoir plus.","robots":{"index":"index","follow":"follow","max-snippet":"max-snippet:-1","max-image-preview":"max-image-preview:large","max-video-preview":"max-video-preview:-1"},"canonical":"https:\/\/alj.com\/fr\/perspective\/nordics-navigate-to-a-renewable-future\/","og_locale":"fr_FR","og_type":"article","og_title":"Les pays du nord vont vers un avenir durable | Abdul Latif Jameel\u00ae","og_description":"D\u00e9couvrez comment le nord construit un avenir renouvelable avec des ressources comme l'\u00e9nergie hydro\u00e9lectrique et g\u00e9othermique. En savoir plus.","og_url":"https:\/\/alj.com\/fr\/perspective\/nordics-navigate-to-a-renewable-future\/","og_site_name":"Abdul Latif Jameel","article_publisher":"https:\/\/www.facebook.com\/Abdul.Latif.Jameel.Official","article_modified_time":"2024-07-16T06:24:22+00:00","og_image":[{"width":1200,"height":675,"url":"https:\/\/media.alj.com\/app\/uploads\/2024\/05\/Nordics-LI.jpg","type":"image\/jpeg"}],"twitter_card":"summary_large_image","twitter_misc":{"Est. reading time":"19 minutes"},"schema":{"@context":"https:\/\/schema.org","@graph":[{"@type":"WebPage","@id":"https:\/\/alj.com\/fr\/perspective\/nordics-navigate-to-a-renewable-future\/","url":"https:\/\/alj.com\/fr\/perspective\/nordics-navigate-to-a-renewable-future\/","name":"Les pays du nord vont vers un avenir durable | Abdul Latif Jameel\u00ae","isPartOf":{"@id":"https:\/\/alj.com\/en\/#website"},"datePublished":"2024-05-22T07:12:59+00:00","dateModified":"2024-07-16T06:24:22+00:00","description":"D\u00e9couvrez comment le nord construit un avenir renouvelable avec des ressources comme l'\u00e9nergie hydro\u00e9lectrique et g\u00e9othermique. En savoir plus.","breadcrumb":{"@id":"https:\/\/alj.com\/fr\/perspective\/nordics-navigate-to-a-renewable-future\/#breadcrumb"},"inLanguage":"fr-FR","potentialAction":[{"@type":"ReadAction","target":["https:\/\/alj.com\/fr\/perspective\/nordics-navigate-to-a-renewable-future\/"]}]},{"@type":"BreadcrumbList","@id":"https:\/\/alj.com\/fr\/perspective\/nordics-navigate-to-a-renewable-future\/#breadcrumb","itemListElement":[{"@type":"ListItem","position":1,"name":"Home","item":"https:\/\/alj.com\/fr\/"},{"@type":"ListItem","position":2,"name":"Perspectives","item":"https:\/\/alj.com\/ja\/perspective\/"},{"@type":"ListItem","position":3,"name":"Les pays nordiques s\u2019engagent sur la voie des \u00e9nergies renouvelables"}]},{"@type":"WebSite","@id":"https:\/\/alj.com\/en\/#website","url":"https:\/\/alj.com\/en\/","name":"Abdul Latif Jameel","description":"Abdul Latif Jameel","potentialAction":[{"@type":"SearchAction","target":{"@type":"EntryPoint","urlTemplate":"https:\/\/alj.com\/en\/?s={search_term_string}"},"query-input":"required name=search_term_string"}],"inLanguage":"fr-FR"}]}},"post-meta-fields":{"push_notification":["no"],"_push_notification":["field_5c3b1fb67034d"],"_wpml_word_count":["{\"total\":2947,\"to_translate\":{\"ar\":2947,\"zh-hans\":2947,\"fr\":2947,\"ja\":2947,\"es\":2947,\"tr\":2947}}"],"perspective_short_title":["Les pays nordiques s\u2019engagent sur la voie des \u00e9nergies renouvelables"],"perspective_summury":["<p>Si vous d\u00e9cidiez de parcourir le monde \u00e0 la recherche des pays ouvrant la voie \u00e0 la transition \u00e9nerg\u00e9tique mondiale, la r\u00e9gion nordique ne serait peut-\u00eatre pas votre premier choix.<\/p>\n"],"wpcf-featured-news":["0"],"is_latest_news":["0"],"wpcf-show-news-at-homepage":["1"],"publish_mobile":[""],"_publish_mobile":["field_5bfa8eb2e65cf"],"mobile_featured_image":["https:\/\/media.alj.com\/app\/uploads\/2024\/05\/Nordic-Renewables.png"],"_mobile_featured_image":["field_5c3b204983dea"],"featured_on_listing_page":["0"],"_featured_on_listing_page":["field_62458ea7383c3"],"content_series_applied":[""],"_content_series_applied":["field_60f3d3faf82ac"],"wpcf-perspective-downloadable_file":[""],"wpcf-perspective-published-date":["1716336000"],"wpcf-video-description":[""],"wpcf-layoutvideourl":[""],"wpcf-video-thumb":[""],"wpcf-social4-svg":[""],"wpcf-social4-background-image":[""],"wpcf-social4-text":[""],"wpcf-social4-url":[""],"wpcf-social3-svg":[""],"wpcf-social3-background-image":[""],"wpcf-social3-text":[""],"wpcf-social3-url":[""],"wpcf-social-text-svg-square":[""],"wpcf-social-text-image-square":[""],"wpcf-social-text-text-square":[""],"wpcf-social-text-url-square":[""],"wpcf-social2-svg":[""],"wpcf-social2-background-image":[""],"wpcf-social2-text":[""],"wpcf-social2-url":[""],"wpcf-social-svg-square":[""],"wpcf-social-image-square":[""],"wpcf-social-text-square":[""],"wpcf-social-url-square":[""],"wpcf-social1-svg":[""],"wpcf-social1-background-image":[""],"wpcf-social1-text":[""],"wpcf-social1-url":[""],"wpcf-quotes-with-auther-text-1":[""],"wpcf-card_article_with_title_content":[""],"wpcf-card_article_content":["write your content"],"wpcf-quotes-with-auther-text":[""],"_bsf_post_type":["0"],"_bsf_item_review_type":["none"],"_wpml_media_duplicate":["1"],"_wpml_media_featured":["1"],"_yoast_wpseo_title":["Les pays du nord vont vers un avenir durable | Abdul Latif Jameel\u00ae"],"_yoast_wpseo_metadesc":["D\u00e9couvrez comment le nord construit un avenir renouvelable avec des ressources comme l'\u00e9nergie hydro\u00e9lectrique et g\u00e9othermique. En savoir plus."],"_yoast_wpseo_content_score":["30"],"_yoast_wpseo_estimated-reading-time-minutes":[""],"_yoast_wpseo_wordproof_timestamp":[""],"_yoast_wpseo_opengraph-image":["https:\/\/media.alj.com\/app\/uploads\/2024\/05\/Nordics-LI-1024x576.jpg"],"_yoast_wpseo_opengraph-image-id":["117167"],"_thumbnail_id":["117061"],"_edit_lock":["1721110940:25"],"_edit_last":["25"],"wpcf-projecttitle":[""],"wpcf-projectdescription":[""],"wpcf-projectimage-video1":["image"],"wpcf-projectimage-1":[""],"wpcf-projectvideo-1":[""],"wpcf-projectdescription-1":[""],"wpcf-projectimage-video2":["image"],"wpcf-projectimage-2":[""],"wpcf-projectvideo-2":[""],"wpcf-projectdescription-2":[""],"wpcf-projectimage-video3":["image"],"wpcf-projectimage-3":[""],"wpcf-projectvideo-3":[""],"wpcf-projectdescription-3":[""],"wpcf-projectimage-video4":["image"],"wpcf-projectimage-4":[""],"wpcf-projectvideo-4":[""],"wpcf-projectdescription-4":[""],"_last_translation_edit_mode":["native-editor"],"perspective_location":["Helsinki, Finlande"],"perspective_business_sector":["Services \u00c9nerg\u00e9tiques et Environnementaux"],"wpcf-card-image":[""],"_wpcf-card-image-sort-order":["a:1:{i:0;i:1802385;}"],"amazonS3_cache":["a:44:{s:64:\"\/\/alj.com\/app\/uploads\/2024\/05\/shutterstock_1788859538-copy-1.jpg\";a:2:{s:2:\"id\";i:117134;s:11:\"source_type\";s:13:\"media-library\";}s:70:\"\/\/media.alj.com\/app\/uploads\/2024\/05\/shutterstock_1788859538-copy-1.jpg\";a:2:{s:2:\"id\";i:117134;s:11:\"source_type\";s:13:\"media-library\";}s:74:\"\/\/alj.com\/app\/uploads\/2024\/05\/1956-ALJ-Nordic-Renewables-v2_001-scaled.jpg\";a:2:{s:2:\"id\";i:116991;s:11:\"source_type\";s:13:\"media-library\";}s:80:\"\/\/media.alj.com\/app\/uploads\/2024\/05\/1956-ALJ-Nordic-Renewables-v2_001-scaled.jpg\";a:2:{s:2:\"id\";i:116991;s:11:\"source_type\";s:13:\"media-library\";}s:40:\"\/\/alj.com\/app\/uploads\/2024\/05\/Norway.png\";a:2:{s:2:\"id\";i:117068;s:11:\"source_type\";s:13:\"media-library\";}s:48:\"\/\/alj.com\/app\/uploads\/2024\/05\/Norway-150x109.png\";a:2:{s:2:\"id\";i:117068;s:11:\"source_type\";s:13:\"media-library\";}s:46:\"\/\/media.alj.com\/app\/uploads\/2024\/05\/Norway.png\";a:2:{s:2:\"id\";i:117068;s:11:\"source_type\";s:13:\"media-library\";}s:54:\"\/\/media.alj.com\/app\/uploads\/2024\/05\/Norway-150x109.png\";a:2:{s:2:\"id\";i:117068;s:11:\"source_type\";s:13:\"media-library\";}s:40:\"\/\/alj.com\/app\/uploads\/2024\/05\/Sweden.jpg\";a:2:{s:2:\"id\";i:117075;s:11:\"source_type\";s:13:\"media-library\";}s:47:\"\/\/alj.com\/app\/uploads\/2024\/05\/Sweden-150x94.jpg\";a:2:{s:2:\"id\";i:117075;s:11:\"source_type\";s:13:\"media-library\";}s:46:\"\/\/media.alj.com\/app\/uploads\/2024\/05\/Sweden.jpg\";a:2:{s:2:\"id\";i:117075;s:11:\"source_type\";s:13:\"media-library\";}s:53:\"\/\/media.alj.com\/app\/uploads\/2024\/05\/Sweden-150x94.jpg\";a:2:{s:2:\"id\";i:117075;s:11:\"source_type\";s:13:\"media-library\";}s:41:\"\/\/alj.com\/app\/uploads\/2024\/05\/Denmark.jpg\";a:2:{s:2:\"id\";i:117019;s:11:\"source_type\";s:13:\"media-library\";}s:49:\"\/\/alj.com\/app\/uploads\/2024\/05\/Denmark-150x100.jpg\";a:2:{s:2:\"id\";i:117019;s:11:\"source_type\";s:13:\"media-library\";}s:47:\"\/\/media.alj.com\/app\/uploads\/2024\/05\/Denmark.jpg\";a:2:{s:2:\"id\";i:117019;s:11:\"source_type\";s:13:\"media-library\";}s:55:\"\/\/media.alj.com\/app\/uploads\/2024\/05\/Denmark-150x100.jpg\";a:2:{s:2:\"id\";i:117019;s:11:\"source_type\";s:13:\"media-library\";}s:41:\"\/\/alj.com\/app\/uploads\/2024\/05\/Finland.png\";a:2:{s:2:\"id\";i:117026;s:11:\"source_type\";s:13:\"media-library\";}s:48:\"\/\/alj.com\/app\/uploads\/2024\/05\/Finland-150x93.png\";a:2:{s:2:\"id\";i:117026;s:11:\"source_type\";s:13:\"media-library\";}s:47:\"\/\/media.alj.com\/app\/uploads\/2024\/05\/Finland.png\";a:2:{s:2:\"id\";i:117026;s:11:\"source_type\";s:13:\"media-library\";}s:54:\"\/\/media.alj.com\/app\/uploads\/2024\/05\/Finland-150x93.png\";a:2:{s:2:\"id\";i:117026;s:11:\"source_type\";s:13:\"media-library\";}s:41:\"\/\/alj.com\/app\/uploads\/2024\/05\/Iceland.png\";a:2:{s:2:\"id\";i:117040;s:11:\"source_type\";s:13:\"media-library\";}s:49:\"\/\/alj.com\/app\/uploads\/2024\/05\/Iceland-150x108.png\";a:2:{s:2:\"id\";i:117040;s:11:\"source_type\";s:13:\"media-library\";}s:47:\"\/\/media.alj.com\/app\/uploads\/2024\/05\/Iceland.png\";a:2:{s:2:\"id\";i:117040;s:11:\"source_type\";s:13:\"media-library\";}s:55:\"\/\/media.alj.com\/app\/uploads\/2024\/05\/Iceland-150x108.png\";a:2:{s:2:\"id\";i:117040;s:11:\"source_type\";s:13:\"media-library\";}s:74:\"\/\/alj.com\/app\/uploads\/2024\/05\/1956-ALJ-Nordic-Renewables-v2_002-scaled.jpg\";a:2:{s:2:\"id\";i:116998;s:11:\"source_type\";s:13:\"media-library\";}s:80:\"\/\/media.alj.com\/app\/uploads\/2024\/05\/1956-ALJ-Nordic-Renewables-v2_002-scaled.jpg\";a:2:{s:2:\"id\";i:116998;s:11:\"source_type\";s:13:\"media-library\";}s:63:\"\/\/alj.com\/app\/uploads\/2024\/05\/Nordic-Clean-Energy-Scenarios.png\";a:2:{s:2:\"id\";i:117054;s:11:\"source_type\";s:13:\"media-library\";}s:71:\"\/\/alj.com\/app\/uploads\/2024\/05\/Nordic-Clean-Energy-Scenarios-227x300.png\";a:2:{s:2:\"id\";i:117054;s:11:\"source_type\";s:13:\"media-library\";}s:69:\"\/\/media.alj.com\/app\/uploads\/2024\/05\/Nordic-Clean-Energy-Scenarios.png\";a:2:{s:2:\"id\";i:117054;s:11:\"source_type\";s:13:\"media-library\";}s:77:\"\/\/media.alj.com\/app\/uploads\/2024\/05\/Nordic-Clean-Energy-Scenarios-227x300.png\";a:2:{s:2:\"id\";i:117054;s:11:\"source_type\";s:13:\"media-library\";}s:74:\"\/\/alj.com\/app\/uploads\/2024\/05\/1956-ALJ-Nordic-Renewables-v2_003-scaled.jpg\";a:2:{s:2:\"id\";i:117005;s:11:\"source_type\";s:13:\"media-library\";}s:80:\"\/\/media.alj.com\/app\/uploads\/2024\/05\/1956-ALJ-Nordic-Renewables-v2_003-scaled.jpg\";a:2:{s:2:\"id\";i:117005;s:11:\"source_type\";s:13:\"media-library\";}s:67:\"\/\/alj.com\/app\/uploads\/2024\/05\/jared-erondu-j4PaE7E2_Ws-unsplash.jpg\";a:2:{s:2:\"id\";i:117047;s:11:\"source_type\";s:13:\"media-library\";}s:73:\"\/\/media.alj.com\/app\/uploads\/2024\/05\/jared-erondu-j4PaE7E2_Ws-unsplash.jpg\";a:2:{s:2:\"id\";i:117047;s:11:\"source_type\";s:13:\"media-library\";}s:63:\"\/\/alj.com\/app\/uploads\/2024\/05\/shutterstock_425100892-scaled.jpg\";a:2:{s:2:\"id\";i:117119;s:11:\"source_type\";s:13:\"media-library\";}s:69:\"\/\/media.alj.com\/app\/uploads\/2024\/05\/shutterstock_425100892-scaled.jpg\";a:2:{s:2:\"id\";i:117119;s:11:\"source_type\";s:13:\"media-library\";}s:74:\"\/\/alj.com\/app\/uploads\/2024\/05\/carlos-grury-santos-9R9Z8PHwo2E-unsplash.jpg\";a:2:{s:2:\"id\";i:117012;s:11:\"source_type\";s:13:\"media-library\";}s:80:\"\/\/media.alj.com\/app\/uploads\/2024\/05\/carlos-grury-santos-9R9Z8PHwo2E-unsplash.jpg\";a:2:{s:2:\"id\";i:117012;s:11:\"source_type\";s:13:\"media-library\";}s:58:\"\/\/alj.com\/app\/uploads\/2024\/05\/FRV-breaks-into-Nordics.jpeg\";a:2:{s:2:\"id\";i:116963;s:11:\"source_type\";s:13:\"media-library\";}s:64:\"\/\/media.alj.com\/app\/uploads\/2024\/05\/FRV-breaks-into-Nordics.jpeg\";a:2:{s:2:\"id\";i:116963;s:11:\"source_type\";s:13:\"media-library\";}s:47:\"\/\/alj.com\/app\/uploads\/2021\/07\/Fady-Jameel-2.jpg\";a:2:{s:2:\"id\";i:90624;s:11:\"source_type\";s:13:\"media-library\";}s:55:\"\/\/alj.com\/app\/uploads\/2021\/07\/Fady-Jameel-2-225x300.jpg\";a:2:{s:2:\"id\";i:90624;s:11:\"source_type\";s:13:\"media-library\";}s:53:\"\/\/media.alj.com\/app\/uploads\/2021\/07\/Fady-Jameel-2.jpg\";a:2:{s:2:\"id\";i:90624;s:11:\"source_type\";s:13:\"media-library\";}s:61:\"\/\/media.alj.com\/app\/uploads\/2021\/07\/Fady-Jameel-2-225x300.jpg\";a:2:{s:2:\"id\";i:90624;s:11:\"source_type\";s:13:\"media-library\";}}"]},"_links":{"self":[{"href":"https:\/\/alj.com\/fr\/wp-json\/wp\/v2\/perspective\/117176"}],"collection":[{"href":"https:\/\/alj.com\/fr\/wp-json\/wp\/v2\/perspective"}],"about":[{"href":"https:\/\/alj.com\/fr\/wp-json\/wp\/v2\/types\/perspective"}],"author":[{"embeddable":true,"href":"https:\/\/alj.com\/fr\/wp-json\/wp\/v2\/users\/18"}],"wp:featuredmedia":[{"embeddable":true,"href":"https:\/\/alj.com\/fr\/wp-json\/wp\/v2\/media\/117061"}],"wp:attachment":[{"href":"https:\/\/alj.com\/fr\/wp-json\/wp\/v2\/media?parent=117176"}],"wp:term":[{"taxonomy":"post_tag","embeddable":true,"href":"https:\/\/alj.com\/fr\/wp-json\/wp\/v2\/tags?post=117176"}],"curies":[{"name":"wp","href":"https:\/\/api.w.org\/{rel}","templated":true}]}}