{"id":117674,"date":"2024-07-04T13:11:33","date_gmt":"2024-07-04T13:11:33","guid":{"rendered":"https:\/\/alj.com\/?post_type=perspective&#038;p=117674"},"modified":"2024-10-30T12:11:24","modified_gmt":"2024-10-30T12:11:24","slug":"forger-les-leaders-de-demain","status":"publish","type":"perspective","link":"https:\/\/alj.com\/fr\/perspective\/forger-les-leaders-de-demain\/","title":{"rendered":"Forger les leaders de demain"},"content":{"rendered":"<h4>Une forte croissance de la population jeune et en \u00e2ge de travailler dans de nombreux pays au cours des prochaines d\u00e9cennies offrira un potentiel \u00e9conomique consid\u00e9rable, mais un investissement strat\u00e9gique sera n\u00e9cessaire pour en tirer tous les avantages.<\/h4>\n<p>Dans le monde entier, la population vieillit. L\u2019\u00e2ge m\u00e9dian mondial devrait \u00eatre de 36\u00a0ans en\u00a02050, contre 31\u00a0ans en\u00a02020<a href=\"#_ftn1\" name=\"_ftnref1\">[1]<\/a>. Entre\u00a02020 et\u00a02050, la part de la population mondiale \u00e2g\u00e9e de 60\u00a0ans et plus aura doubl\u00e9, passant de 1\u00a0milliard en\u00a02020 \u00e0 2,1\u00a0milliards en\u00a02050, tandis que le nombre de personnes \u00e2g\u00e9es de 80\u00a0ans et plus devrait tripler sur la m\u00eame p\u00e9riode<a href=\"#_ftn2\" name=\"_ftnref2\">[2]<\/a>.<\/p>\n<p>Une esp\u00e9rance de vie plus longue et la baisse des taux de natalit\u00e9 sont deux des principaux facteurs qui contribuent \u00e0 cette tendance. Mais en fonction des donn\u00e9es d\u00e9mographiques existantes dans les pays concern\u00e9s, les effets de ces tendances seront tr\u00e8s diff\u00e9rents.En particulier, le nombre de jeunes au sein de la soci\u00e9t\u00e9.<\/p>\n<h2>La transition d\u00e9mographique<\/h2>\n<p>Dans de nombreux pays riches, l\u2019impact sur les syst\u00e8mes de sant\u00e9 de l\u2019augmentation du nombre de personnes \u00e2g\u00e9es \u00e0 prendre en charge suscite de plus en plus d\u2019inqui\u00e9tudes. Mais dans d\u2019autres r\u00e9gions, une croissance significative du nombre de jeunes et de personnes en \u00e2ge de travailler, par rapport \u00e0 celui des personnes d\u00e9pendantes, entra\u00eenera des d\u00e9fis et des perspectives tr\u00e8s diff\u00e9rents.<\/p>\n<p>Ces diff\u00e9rences peuvent s\u2019expliquer si l\u2019on tient compte du stade dans lequel se trouve un pays dans ce que l\u2019on appelle sa \u00ab\u00a0transition d\u00e9mographique\u00a0\u00bb. Historiquement, la plupart des pays ont connu \u00e0 la fois des taux de natalit\u00e9 et des taux de mortalit\u00e9 \u00e9lev\u00e9s. Mais au fur et \u00e0 mesure que les soci\u00e9t\u00e9s s\u2019enrichissent et disposent d\u2019une meilleure alimentation et de meilleurs soins de sant\u00e9, les taux de mortalit\u00e9 ont tendance \u00e0 diminuer. Si le taux de natalit\u00e9 reste \u00e9lev\u00e9, cela entra\u00eene une augmentation rapide de la population \u00e9tant donn\u00e9 qu\u2019il y a davantage de naissances que de d\u00e9c\u00e8s.<\/p>\n<p>Avec le temps, \u00e0 mesure que les soci\u00e9t\u00e9s se modernisent et s\u2019enrichissent, les personnes ont tendance \u00e0 avoir moins d\u2019enfants et les taux de natalit\u00e9 diminuent \u00e9galement. Lorsque le taux de natalit\u00e9 tombe au m\u00eame niveau que le taux de mortalit\u00e9, la population d\u2019un pays cesse de cro\u00eetre rapidement et peut m\u00eame commencer \u00e0 diminuer.<\/p>\n<p><img decoding=\"async\" loading=\"lazy\" class=\"aligncenter size-full wp-image-117607\" src=\"https:\/\/media.alj.com\/app\/uploads\/2024\/07\/1976-ALJ-Investing-in-Youth-New-v2_001-scaled.jpg\" alt=\"\" width=\"2560\" height=\"2156\" srcset=\"https:\/\/media.alj.com\/app\/uploads\/2024\/07\/1976-ALJ-Investing-in-Youth-New-v2_001-scaled.jpg 2560w, https:\/\/media.alj.com\/app\/uploads\/2024\/07\/1976-ALJ-Investing-in-Youth-New-v2_001-300x253.jpg 300w, https:\/\/media.alj.com\/app\/uploads\/2024\/07\/1976-ALJ-Investing-in-Youth-New-v2_001-1024x862.jpg 1024w, https:\/\/media.alj.com\/app\/uploads\/2024\/07\/1976-ALJ-Investing-in-Youth-New-v2_001-150x126.jpg 150w, https:\/\/media.alj.com\/app\/uploads\/2024\/07\/1976-ALJ-Investing-in-Youth-New-v2_001-768x647.jpg 768w, https:\/\/media.alj.com\/app\/uploads\/2024\/07\/1976-ALJ-Investing-in-Youth-New-v2_001-1536x1293.jpg 1536w, https:\/\/media.alj.com\/app\/uploads\/2024\/07\/1976-ALJ-Investing-in-Youth-New-v2_001-2048x1725.jpg 2048w\" sizes=\"(max-width: 2560px) 100vw, 2560px\" \/><\/p>\n<p>Ce processus s\u2019est d\u00e9j\u00e0 produit dans des pays aussi diff\u00e9rents que l\u2019Allemagne, le Chili, l\u2019\u00eele\u00a0Maurice et la Chine<a href=\"#_ftn3\" name=\"_ftnref3\"><sup>[3]<\/sup><\/a>. Certains d\u2019entre eux sont aujourd\u2019hui confront\u00e9s aux d\u00e9fis que posent la baisse de la population et l\u2019augmentation de la proportion de personnes \u00e2g\u00e9es. Des recherches men\u00e9es en\u00a02020 pr\u00e9voient que 23\u00a0pays devraient conna\u00eetre d\u2019importantes diminutions de leur population d\u2019ici \u00e0 la fin du si\u00e8cle si les tendances actuelles se poursuivaient. La population japonaise devrait passer de plus de 128\u00a0millions d\u2019habitants en\u00a02017 \u00e0 moins de 53\u00a0millions d\u2019ici\u00a02100, tandis que sur la m\u00eame p\u00e9riode, la population en Italie devrait passer de 61\u00a0millions d\u2019habitants \u00e0 28\u00a0millions<a href=\"#_ftn4\" name=\"_ftnref4\"><sup>[4]<\/sup><\/a>. Dans ces pays, la question de la prise en charge des g\u00e9n\u00e9rations plus \u00e2g\u00e9es, qui augmentent par rapport \u00e0 la population en \u00e2ge de travailler, se pose comme un d\u00e9fi.<\/p>\n<h2>Taux de d\u00e9pendance<\/h2>\n<p>Inversement, les pays \u00e0 un stade plus pr\u00e9coce de leur transition d\u00e9mographique ont la possibilit\u00e9 de b\u00e9n\u00e9ficier d\u2019un \u00ab\u00a0dividende d\u00e9mographique\u00a0\u00bb, c\u2019est-\u00e0-dire une p\u00e9riode au cours de laquelle les populations jeunes et en \u00e2ge de travailler augmentent de mani\u00e8re proportionnelle au nombre de personnes \u00e2g\u00e9es d\u00e9pendantes devant \u00eatre prises en charge.<\/p>\n<p>Un rapport de l\u2019UNICEF datant de\u00a02019 pr\u00e9voit qu\u2019au Moyen-Orient et en Afrique du Nord (MENA), \u00ab\u00a0une proportion sans pr\u00e9c\u00e9dent de la population [de la r\u00e9gion] atteindra son \u00e2ge le plus productif\u00a0\u00bb dans les d\u00e9cennies \u00e0 venir<a href=\"#_ftn5\" name=\"_ftnref5\">[5]<\/a>. La p\u00e9riode la plus favorable est celle qui s\u2019\u00e9tend jusqu\u2019en\u00a02040, lorsque le taux de d\u00e9pendance sera d\u2019environ 50\u00a0personnes \u00e0 charge (enfants de moins de 15\u00a0ans et personnes de 65\u00a0ans et plus) pour 100\u00a0adultes en \u00e2ge de travailler (entre 15\u00a0et 64\u00a0ans).<\/p>\n<p><img decoding=\"async\" loading=\"lazy\" class=\"aligncenter size-full wp-image-117614\" src=\"https:\/\/media.alj.com\/app\/uploads\/2024\/07\/1976-ALJ-Investing-in-Youth-New-v2_002-scaled.jpg\" alt=\"\" width=\"2560\" height=\"1691\" srcset=\"https:\/\/media.alj.com\/app\/uploads\/2024\/07\/1976-ALJ-Investing-in-Youth-New-v2_002-scaled.jpg 2560w, https:\/\/media.alj.com\/app\/uploads\/2024\/07\/1976-ALJ-Investing-in-Youth-New-v2_002-300x198.jpg 300w, https:\/\/media.alj.com\/app\/uploads\/2024\/07\/1976-ALJ-Investing-in-Youth-New-v2_002-1024x676.jpg 1024w, https:\/\/media.alj.com\/app\/uploads\/2024\/07\/1976-ALJ-Investing-in-Youth-New-v2_002-150x99.jpg 150w, https:\/\/media.alj.com\/app\/uploads\/2024\/07\/1976-ALJ-Investing-in-Youth-New-v2_002-768x507.jpg 768w, https:\/\/media.alj.com\/app\/uploads\/2024\/07\/1976-ALJ-Investing-in-Youth-New-v2_002-1536x1014.jpg 1536w, https:\/\/media.alj.com\/app\/uploads\/2024\/07\/1976-ALJ-Investing-in-Youth-New-v2_002-2048x1353.jpg 2048w\" sizes=\"(max-width: 2560px) 100vw, 2560px\" \/><\/p>\n<p>D\u2019ici \u00e0\u00a02050, on devrait observer une forte augmentation du nombre total d\u2019enfants et de jeunes dans une grande partie de la r\u00e9gion\u00a0MENA \u2013\u00a0une \u00e9volution d\u00e9mographique qui devrait avoir un impact \u00e9conomique majeur. Selon l\u2019UNICEF, en\u00a02030, la r\u00e9gion comptera 2,4\u00a0millions de jeunes (\u00e2g\u00e9s de 15\u00a0\u00e0 24\u00a0ans) de plus, et cinq pays de la r\u00e9gion\u00a0MENA conna\u00eetront une augmentation de 40\u00a0% ou plus. Au Kowe\u00eft et en Irak, le nombre de jeunes devrait presque doubler au cours de cette p\u00e9riode, soit 200\u00a0000\u00a0jeunes suppl\u00e9mentaires dans le premier \u00e9tat et plus de 3,2\u00a0millions dans le second. En \u00c9gypte, la population jeune devrait augmenter d\u2019un tiers (33\u00a0%), soit 5,5\u00a0millions d\u2019habitants. Les augmentations annuelles les plus \u00e9lev\u00e9es pour l\u2019ensemble de la r\u00e9gion sont attendues en\u00a02027 et\u00a02028, avec 2,4\u00a0millions de jeunes suppl\u00e9mentaires chaque ann\u00e9e.<a href=\"#_ftn6\" name=\"_ftnref6\">[6]<\/a><\/p>\n<p><img decoding=\"async\" loading=\"lazy\" class=\"aligncenter size-full wp-image-117621\" src=\"https:\/\/media.alj.com\/app\/uploads\/2024\/07\/1976-ALJ-Investing-in-Youth-New-v2_003-scaled.jpg\" alt=\"\" width=\"2560\" height=\"1639\" srcset=\"https:\/\/media.alj.com\/app\/uploads\/2024\/07\/1976-ALJ-Investing-in-Youth-New-v2_003-scaled.jpg 2560w, https:\/\/media.alj.com\/app\/uploads\/2024\/07\/1976-ALJ-Investing-in-Youth-New-v2_003-300x192.jpg 300w, https:\/\/media.alj.com\/app\/uploads\/2024\/07\/1976-ALJ-Investing-in-Youth-New-v2_003-1024x655.jpg 1024w, https:\/\/media.alj.com\/app\/uploads\/2024\/07\/1976-ALJ-Investing-in-Youth-New-v2_003-150x96.jpg 150w, https:\/\/media.alj.com\/app\/uploads\/2024\/07\/1976-ALJ-Investing-in-Youth-New-v2_003-768x492.jpg 768w, https:\/\/media.alj.com\/app\/uploads\/2024\/07\/1976-ALJ-Investing-in-Youth-New-v2_003-1536x983.jpg 1536w, https:\/\/media.alj.com\/app\/uploads\/2024\/07\/1976-ALJ-Investing-in-Youth-New-v2_003-2048x1311.jpg 2048w\" sizes=\"(max-width: 2560px) 100vw, 2560px\" \/><\/p>\n<h2>Risques et perspectives<\/h2>\n<p>Ces pays, ainsi que d\u2019autres pays connaissant des tendances d\u00e9mographiques similaires, peuvent tirer parti de ce \u00ab\u00a0dividende d\u00e9mographique\u00a0\u00bb pour stimuler la croissance \u00e9conomique. Une population jeune et nombreuse arrivant sur le march\u00e9 du travail peut potentiellement dynamiser l\u2019\u00e9conomie en lui apportant une nouvelle \u00e9nergie, de l\u2019innovation et de la cr\u00e9ativit\u00e9. De nombreux fondateurs de start-ups africaines sont \u00e2g\u00e9s de moins de 35\u00a0ans, par exemple<a href=\"#_ftn7\" name=\"_ftnref7\">[7]<\/a>.<\/p>\n<p>Cependant, Geert Cappelaere, directeur r\u00e9gional d\u2019UNICEF pour la r\u00e9gion\u00a0MENA, met en garde sur \u00ab\u00a0le fait qu\u2019un dividende d\u00e9mographique ne se cr\u00e9e pas automatiquement, il faut le cultiver\u00a0\u00bb. Des jeunes femmes et hommes en bonne sant\u00e9, correctement aliment\u00e9s et instruits, b\u00e9n\u00e9ficiant de politiques inclusives dans un climat de paix et de stabilit\u00e9, peuvent apporter \u00e0 la r\u00e9gion des niveaux de croissance et de progr\u00e8s social sans pr\u00e9c\u00e9dent, a-t-il expliqu\u00e9. \u00ab\u00a0Mais si nous n\u2019investissons pas suffisamment dans les enfants et les jeunes, un grand nombre d\u2019entre eux continueront d\u2019\u00eatre exclus. Les conflits et l\u2019instabilit\u00e9 pr\u00e9vaudront, et les changements d\u00e9mographiques dans la r\u00e9gion deviendront un fardeau plut\u00f4t qu\u2019une opportunit\u00e9\u00a0\u00bb, a-t-il d\u00e9clar\u00e9.<\/p>\n<h2>Investir dans la jeunesse<\/h2>\n<p>Que peuvent donc faire les pays dont la population de jeunes est en plein essor pour s\u2019assurer de tirer le meilleur parti de ces perspectives\u00a0? Cette question est particuli\u00e8rement pertinente en Afrique, o\u00f9 70\u00a0% des habitants ont moins de 30\u00a0ans et plus de 400\u00a0millions de jeunes devraient entrer en \u00e2ge de travailler d\u2019ici\u00a02035. Selon les pr\u00e9visions des Nations Unies, plus d\u2019un tiers des jeunes du monde vivront en Afrique d\u2019ici \u00e0\u00a02050<a href=\"#_ftn8\" name=\"_ftnref8\">[8]<\/a>.<\/p>\n<p><img decoding=\"async\" loading=\"lazy\" class=\"aligncenter size-full wp-image-117628\" src=\"https:\/\/media.alj.com\/app\/uploads\/2024\/07\/1976-ALJ-Investing-in-Youth-New-v2_004-scaled.jpg\" alt=\"\" width=\"2489\" height=\"2560\" srcset=\"https:\/\/media.alj.com\/app\/uploads\/2024\/07\/1976-ALJ-Investing-in-Youth-New-v2_004-scaled.jpg 2489w, https:\/\/media.alj.com\/app\/uploads\/2024\/07\/1976-ALJ-Investing-in-Youth-New-v2_004-292x300.jpg 292w, https:\/\/media.alj.com\/app\/uploads\/2024\/07\/1976-ALJ-Investing-in-Youth-New-v2_004-995x1024.jpg 995w, https:\/\/media.alj.com\/app\/uploads\/2024\/07\/1976-ALJ-Investing-in-Youth-New-v2_004-146x150.jpg 146w, https:\/\/media.alj.com\/app\/uploads\/2024\/07\/1976-ALJ-Investing-in-Youth-New-v2_004-768x790.jpg 768w, https:\/\/media.alj.com\/app\/uploads\/2024\/07\/1976-ALJ-Investing-in-Youth-New-v2_004-1493x1536.jpg 1493w, https:\/\/media.alj.com\/app\/uploads\/2024\/07\/1976-ALJ-Investing-in-Youth-New-v2_004-1991x2048.jpg 1991w\" sizes=\"(max-width: 2489px) 100vw, 2489px\" \/><\/p>\n<p>Mais la population jeune du continent, qui augmente rapidement, est confront\u00e9e \u00e0 de s\u00e9rieuses difficult\u00e9s pour trouver du travail. Alors qu\u2019un million d\u2019africains arrivent sur le march\u00e9 du travail chaque mois, moins d\u2019un sur quatre d\u00e9croche un emploi formel<a href=\"#_ftn9\" name=\"_ftnref9\">[9]<\/a>. Selon l\u2019Organisation internationale du travail (<a href=\"https:\/\/www.ilo.org\/\">OIT<\/a>), plus d\u2019un quart des jeunes d\u2019Afrique sub-saharienne ne sont ni en emploi, ni en \u00e9tudes, ni en formation (Not in Education, Employment or Training, NEET)<a href=\"#_ftn10\" name=\"_ftnref10\">[10]<\/a>. Selon l\u2019Alliance des villes, le partenariat mondial, le pourcentage d\u2019emplois informels par rapport \u00e0 l\u2019emploi total est de 89\u00a0% dans la m\u00eame r\u00e9gion, ce qui signifie que \u00ab\u00a0de nombreux jeunes n\u2019ont pas acc\u00e8s aux filets de s\u00e9curit\u00e9 sociale ou \u00e0 toute forme de droits des travailleurs\u00a0\u00bb.<\/p>\n<p>Lors d\u2019un sommet en Tanzanie en\u00a02023, r\u00e9unissant des chefs d\u2019\u00c9tat, des chefs de gouvernement et des ministres de 43\u00a0pays africains, Mamta\u00a0Murthi, vice-pr\u00e9sidente de la Banque mondiale pour le D\u00e9veloppement humain, a d\u00e9clar\u00e9 dans un entretien que l\u2019engagement politique comptait plus que les ressources pour relever ce d\u00e9fi. \u00ab\u00a0Il faut investir davantage dans les jeunes\u00a0\u00bb, a-t-elle affirm\u00e9. \u00ab\u00a0Ils doivent recevoir une bonne \u00e9ducation et des investissements cr\u00e9ateurs d\u2019emplois sont n\u00e9cessaires pour que ces jeunes qualifi\u00e9s puissent \u00eatre employ\u00e9s.\u00a0\u00bb<a href=\"#_ftn11\" name=\"_ftnref11\">[11]<\/a><\/p>\n<p>Les d\u00e9l\u00e9gu\u00e9s pr\u00e9sents au sommet ont reconnu que le d\u00e9veloppement du capital humain en Afrique n\u00e9cessite une planification et un financement coordonn\u00e9s, ainsi que des efforts soutenus pour renforcer la quantit\u00e9, l\u2019efficacit\u00e9 et l\u2019impact des investissements dans les ressources humaines. Ils ont pris un certain nombre d\u2019engagements \u00e9nonc\u00e9s dans leur d\u00e9claration, notamment la r\u00e9duction de la pauvret\u00e9 \u00e9ducative d\u2019au moins un quart d\u2019ici\u00a02030 et l\u2019am\u00e9lioration des taux d\u2019alphab\u00e9tisation pour atteindre 75\u00a0% d\u2019ici\u00a02030. Pour am\u00e9liorer la sant\u00e9, ils se sont engag\u00e9s \u00e0 r\u00e9duire la proportion des personnes souffrant de carences, de retard de croissance et d\u2019insuffisance pond\u00e9rale, et \u00e0 atteindre une couverture vaccinale de 90\u00a0% d\u2019ici\u00a02030<a href=\"#_ftn12\" name=\"_ftnref12\">[12]<\/a>.<\/p>\n<p>Le sommet a \u00e9galement convenu d\u2019une s\u00e9rie de mesures pour promouvoir la cr\u00e9ation d\u2019emplois et les opportunit\u00e9s \u00e9conomiques. Il s\u2019agit notamment d\u2019attirer des investissements nationaux et \u00e9trangers, de promouvoir l\u2019entrepreneuriat et de soutenir la croissance des petites et moyennes entreprises. De plus, les pays privil\u00e9gieront les secteurs \u00e0 fort potentiel tels que l\u2019agriculture, les \u00e9nergies renouvelables et les technologies num\u00e9riques, et se sont engag\u00e9s \u00e0 former 19\u00a0millions de personnes suppl\u00e9mentaires afin qu\u2019elles acqui\u00e8rent des comp\u00e9tences num\u00e9riques utiles \u00e0 l\u2019emploi d\u2019ici\u00a02030.<\/p>\n<h2>Gros plan sur l\u2019Inde<\/h2>\n<p>L\u2019Inde constate actuellement que les d\u00e9fis li\u00e9s \u00e0 la valorisation du capital humain d\u2019un nombre croissant de jeunes sont tr\u00e8s complexes. L\u2019ann\u00e9e derni\u00e8re, le pays a d\u00e9pass\u00e9 la Chine en tant que nation la plus peupl\u00e9e du monde<a href=\"#_ftn13\" name=\"_ftnref13\">[13]<\/a>. Environ deux tiers de sa population est \u00e2g\u00e9e de moins de 35\u00a0ans, et sa main-d\u2019\u0153uvre s\u2019accro\u00eet de plusieurs millions de personnes chaque ann\u00e9e<a href=\"#_ftn14\" name=\"_ftnref14\">[14]<\/a>. L\u2019Inde conna\u00eet une expansion \u00e9conomique rapide et a r\u00e9cemment \u00e9t\u00e9 confirm\u00e9e comme l\u2019\u00e9conomie majeure connaissant la croissance la plus rapide au monde, \u00e0 un taux de\u00a08,4\u00a0%<a href=\"#_ftn15\" name=\"_ftnref15\">[15]<\/a>. Malgr\u00e9 ces perspectives positives, le ch\u00f4mage reste un probl\u00e8me pour le pays, et touche en particulier les jeunes. L\u2019ann\u00e9e derni\u00e8re, un rapport de l\u2019Universit\u00e9 Azim Premji de Bangalore a r\u00e9v\u00e9l\u00e9 que le taux de ch\u00f4mage chez les personnes dipl\u00f4m\u00e9es de moins de 25\u00a0ans atteignait 42\u00a0% en juin\u00a02022<a href=\"#_ftn16\" name=\"_ftnref16\">[16]<\/a>. Les auteurs mettent en garde sur le fait qu\u2019\u00e0 long terme, la croissance du\u00a0PIB et celle de l\u2019emploi \u00ab\u00a0ne sont pas corr\u00e9l\u00e9es\u00a0\u00bb, ce qui sugg\u00e8re que \u00ab\u00a0les politiques orient\u00e9es vers une croissance plus rapide du\u00a0PIB n\u2019acc\u00e9l\u00e9reront pas n\u00e9cessairement la cr\u00e9ation d\u2019emplois\u00a0\u00bb.<\/p>\n<p>Le manque de comp\u00e9tences chez les jeunes est un sujet de pr\u00e9occupation important. Une enqu\u00eate r\u00e9alis\u00e9e l\u2019ann\u00e9e derni\u00e8re a r\u00e9v\u00e9l\u00e9 que trois quarts des fabricants indiens, dans des secteurs tels que l\u2019automobile, l\u2019ing\u00e9nierie et l\u2019\u00e9lectronique, connaissaient une p\u00e9nurie de main-d\u2019\u0153uvre qualifi\u00e9e qui entravait leur rentabilit\u00e9. Plus d\u2019un tiers d\u2019entre eux (35\u00a0%) ont d\u00e9clar\u00e9 que l\u2019impact \u00e9tait grave<a href=\"#_ftn17\" name=\"_ftnref17\">[17]<\/a>. Ces observations sont \u00e9tay\u00e9es par une analyse de S&amp;P\u00a0Global, qui a r\u00e9v\u00e9l\u00e9 que les faibles niveaux de comp\u00e9tences dans l\u2019industrie manufacturi\u00e8re indienne signifiaient qu\u2019en\u00a02021, chaque employ\u00e9 ne contribuait en moyenne qu\u2019\u00e0 hauteur de 8\u00a0076\u00a0USD, soit bien moins que dans d\u2019autres pays tels que la Tha\u00eflande (18\u00a0308\u00a0USD) et la Malaisie (34\u00a0402\u00a0USD)<a href=\"#_ftn18\" name=\"_ftnref18\">[18]<\/a>. Des p\u00e9nuries de comp\u00e9tences apparaissent \u00e9galement dans d\u2019autres secteurs cl\u00e9s de l\u2019\u00e9conomie. Selon un organisme de l\u2019industrie, en\u00a02023 le secteur des t\u00e9l\u00e9communications du pays souffrait d\u2019une p\u00e9nurie de 2,41\u00a0millions de travailleurs qualifi\u00e9s \u2013\u00a0chiffre qui devrait \u00eatre multipli\u00e9 par quatre d\u2019ici\u00a02030<a href=\"#_ftn19\" name=\"_ftnref19\">[19]<\/a>. Toujours en\u00a02023, le pr\u00e9sident du grand conglom\u00e9rat indien RPG\u00a0Group a publi\u00e9 un message sur les r\u00e9seaux sociaux \u00e0 propos des p\u00e9nuries de comp\u00e9tences<a href=\"#_ftn20\" name=\"_ftnref20\">[20]<\/a>\u00a0: \u00ab\u00a0Nous recherchons des ouvriers du b\u00e2timent, nous n\u2019en trouvons pas assez\u00a0! Nous recherchons des chauffeurs de camions, il y a une \u00e9norme p\u00e9nurie\u00a0! Nous recherchons des travailleurs dans les plantations, ils ne sont pas disponibles\u00a0! Je ne vois pas de solution.\u00a0\u00bb<\/p>\n<p>Pour r\u00e9pondre \u00e0 de telles pr\u00e9occupations, le gouvernement indien a lanc\u00e9 une s\u00e9rie d\u2019initiatives visant \u00e0 renforcer les comp\u00e9tences de sa population, en particulier des jeunes. La politique d\u2019\u00e9ducation nationale du pays<a href=\"#_ftn21\" name=\"_ftnref21\">[21]<\/a>, annonc\u00e9e en\u00a02020, d\u00e9finit un cadre de travail global pour transformer le syst\u00e8me \u00e9ducatif. Elle met l\u2019accent sur les bases du calcul et de la lecture, avec comme objectif l\u2019apprentissage universel de ces bases dans les \u00e9coles primaires d\u2019ici\u00a02025, et l\u2019alphab\u00e9tisation de 100\u00a0% des jeunes et des adultes d\u2019ici\u00a02035. Un autre objectif important vise \u00e0 am\u00e9liorer la participation \u00e0 l\u2019enseignement sup\u00e9rieur, en augmentant le taux brut de scolarisation \u00e0 50\u00a0% d\u2019ici\u00a02035 (presque le double par rapport \u00e0\u00a02018) et en hissant les universit\u00e9s indiennes parmi les 100\u00a0meilleures au monde<a href=\"#_ftn22\" name=\"_ftnref22\">[22]<\/a>.<\/p>\n<p>Par ailleurs, le minist\u00e8re indien du D\u00e9veloppement des comp\u00e9tences et de l\u2019entrepreneuriat a \u00e9t\u00e9 cr\u00e9\u00e9 en\u00a02014 et supervise un \u00e9ventail de possibilit\u00e9s de financements et de formations pour les entreprises et les particuliers. Son programme phare, le Pradhan Mantri Kaushal Vikas Yojana (PMKVY), a \u00e9t\u00e9 cr\u00e9\u00e9 en\u00a02015 pour d\u00e9velopper chez les jeunes de tout le pays des comp\u00e9tences pertinentes pour l\u2019industrie et les aider \u00e0 trouver un emploi<a href=\"#_ftn23\" name=\"_ftnref23\">[23]<\/a>. Fin\u00a02023, il avait permis de former ou d\u2019orienter environ 14\u00a0millions de candidats. Cependant, beaucoup d\u2019entre eux n\u2019ont toujours pas trouv\u00e9 de travail. Une analyse r\u00e9alis\u00e9e l\u2019ann\u00e9e derni\u00e8re a r\u00e9v\u00e9l\u00e9 que moins d\u2019un quart des candidats certifi\u00e9s dans le cadre des programmes\u00a0PMKVY ont trouv\u00e9 un emploi<a href=\"#_ftn24\" name=\"_ftnref24\">[24]<\/a>.<\/p>\n<h2>Disparit\u00e9s entre les sexes<\/h2>\n<p>Ces statistiques indiquent qu\u2019il n\u2019y a pas de solution facile pour tirer parti du dividende d\u00e9mographique et que le succ\u00e8s d\u00e9pendra probablement d\u2019une interaction complexe entre des facteurs li\u00e9s entre eux.<\/p>\n<p>Dans de nombreux pays, les \u00e9conomistes estiment que la question des sexes est cruciale. En Inde et dans de nombreux autres pays disposant d\u2019un dividende d\u00e9mographique potentiel, on observe une faible proportion de femmes parmi la population active. Le taux d\u2019emploi des femmes indiennes en \u00e2ge de travailler est tomb\u00e9 \u00e0\u00a024\u00a0% l\u2019ann\u00e9e derni\u00e8re, contre\u00a029\u00a0% en\u00a02010. La baisse a \u00e9t\u00e9 encore plus marqu\u00e9e chez les moins de 25\u00a0ans, qui sont pass\u00e9s de\u00a020\u00a0% \u00e0\u00a012\u00a0%.<\/p>\n<p><img decoding=\"async\" loading=\"lazy\" class=\"aligncenter size-full wp-image-117635\" src=\"https:\/\/media.alj.com\/app\/uploads\/2024\/07\/1976-ALJ-Investing-in-Youth-New-v2_005-scaled.jpg\" alt=\"\" width=\"2560\" height=\"2148\" srcset=\"https:\/\/media.alj.com\/app\/uploads\/2024\/07\/1976-ALJ-Investing-in-Youth-New-v2_005-scaled.jpg 2560w, https:\/\/media.alj.com\/app\/uploads\/2024\/07\/1976-ALJ-Investing-in-Youth-New-v2_005-300x252.jpg 300w, https:\/\/media.alj.com\/app\/uploads\/2024\/07\/1976-ALJ-Investing-in-Youth-New-v2_005-1024x859.jpg 1024w, https:\/\/media.alj.com\/app\/uploads\/2024\/07\/1976-ALJ-Investing-in-Youth-New-v2_005-150x126.jpg 150w, https:\/\/media.alj.com\/app\/uploads\/2024\/07\/1976-ALJ-Investing-in-Youth-New-v2_005-768x645.jpg 768w, https:\/\/media.alj.com\/app\/uploads\/2024\/07\/1976-ALJ-Investing-in-Youth-New-v2_005-1536x1289.jpg 1536w, https:\/\/media.alj.com\/app\/uploads\/2024\/07\/1976-ALJ-Investing-in-Youth-New-v2_005-2048x1719.jpg 2048w\" sizes=\"(max-width: 2560px) 100vw, 2560px\" \/><\/p>\n<p>De m\u00eame, en Afrique, plus d\u2019un quart des jeunes (72\u00a0millions) sont en situation de NEET (ni en emploi, ni en \u00e9tudes, ni en formation) \u2013\u00a0et deux tiers d\u2019entre eux sont des femmes<a href=\"#_ftn25\" name=\"_ftnref25\">[25]<\/a>. En\u00a02022, le taux NEET parmi les jeunes femmes en Afrique sub-saharienne \u00e9tait de\u00a033\u00a0%. L\u2019OIT a constat\u00e9 que dans sept pays de cette r\u00e9gion qu\u2019elle a analys\u00e9s, les femmes \u00e2g\u00e9es de\u00a015 \u00e0 29\u00a0ans pr\u00e9sentaient des taux\u00a0NEET plus \u00e9lev\u00e9s et des taux d\u2019emploi plus faibles que les jeunes hommes.<\/p>\n<p>Ces tendances sont influenc\u00e9es par les attitudes et les pratiques sociales. En Afrique sub-saharienne, les jeunes femmes assument g\u00e9n\u00e9ralement plus de t\u00e2ches m\u00e9nag\u00e8res telles que la cuisine et la garde des enfants, ce qui les rend moins disponibles pour participer \u00e0 l\u2019\u00e9ducation et au march\u00e9 du travail. En Inde, les normes sociales sont \u00e9galement consid\u00e9r\u00e9es comme un facteur, o\u00f9 il existe en outre un manque d\u2019emplois accessibles aux femmes, ainsi que des probl\u00e8mes de s\u00e9curit\u00e9 dus \u00e0 une population de plus en plus urbanis\u00e9e<a href=\"#_ftn26\" name=\"_ftnref26\">[26]<\/a>. De nombreux experts estiment qu\u2019il sera essentiel de surmonter ces probl\u00e8mes pour que les pays puissent atteindre leur potentiel \u00e9conomique. Comme l\u2019a expliqu\u00e9 au <em>Financial Times<\/em> Radhicka Kapoor, professeure invit\u00e9e aupr\u00e8s du groupe de r\u00e9flexion du Conseil indien pour la recherche sur les relations \u00e9conomiques internationales, \u00ab\u00a0il est impossible d\u2019atteindre votre dividende d\u00e9mographique si la moiti\u00e9 de la population ne fait m\u00eame pas partie de la population active\u00a0\u00bb.<a href=\"#_ftn27\" name=\"_ftnref27\">[27]<\/a><\/p>\n<h2>Le succ\u00e8s saoudien<\/h2>\n<p>L\u2019Arabie saoudite est un pays qui a connu une am\u00e9lioration notable dans ce domaine. Avec son \u00e2ge m\u00e9dian de 22\u00a0ans, le pays est bien plac\u00e9 pour b\u00e9n\u00e9ficier du dividende d\u00e9mographique dans les d\u00e9cennies \u00e0 venir<a href=\"#_ftn28\" name=\"_ftnref28\">[28]<\/a>. Une analyse de S&amp;P\u00a0Global r\u00e9alis\u00e9e l\u2019ann\u00e9e derni\u00e8re a r\u00e9v\u00e9l\u00e9 que la participation des femmes \u00e0 la main-d\u2019\u0153uvre du pays atteignait\u00a036\u00a0% en\u00a02022, soit pr\u00e8s du double de son niveau en\u00a02016 (19\u00a0%). Selon Arab News, le changement serait d\u00fb \u00e0 des facteurs tels que \u00ab\u00a0l\u2019am\u00e9lioration de l\u2019acc\u00e8s \u00e0 l\u2019\u00e9ducation, la baisse des taux de f\u00e9condit\u00e9 et un environnement culturel plus inclusif\u00a0\u00bb<a href=\"#_ftn29\" name=\"_ftnref29\">[29]<\/a>. En\u00a02020, pr\u00e8s d\u2019un tiers\u00a0(32\u00a0%) des femmes \u00e2g\u00e9es de 25\u00a0ans et plus dans le pays d\u00e9tenaient au moins une licence, soit une progression significative par rapport \u00e0\u00a02017, lorsque la proportion \u00e9tait d\u2019environ un quart\u00a0(26\u00a0%).<\/p>\n<p><img decoding=\"async\" loading=\"lazy\" class=\"aligncenter size-full wp-image-117642\" src=\"https:\/\/media.alj.com\/app\/uploads\/2024\/07\/1976-ALJ-Investing-in-Youth-New-v2_006-scaled.jpg\" alt=\"\" width=\"2560\" height=\"2560\" srcset=\"https:\/\/media.alj.com\/app\/uploads\/2024\/07\/1976-ALJ-Investing-in-Youth-New-v2_006-scaled.jpg 2560w, https:\/\/media.alj.com\/app\/uploads\/2024\/07\/1976-ALJ-Investing-in-Youth-New-v2_006-300x300.jpg 300w, https:\/\/media.alj.com\/app\/uploads\/2024\/07\/1976-ALJ-Investing-in-Youth-New-v2_006-1024x1024.jpg 1024w, https:\/\/media.alj.com\/app\/uploads\/2024\/07\/1976-ALJ-Investing-in-Youth-New-v2_006-150x150.jpg 150w, https:\/\/media.alj.com\/app\/uploads\/2024\/07\/1976-ALJ-Investing-in-Youth-New-v2_006-768x768.jpg 768w, https:\/\/media.alj.com\/app\/uploads\/2024\/07\/1976-ALJ-Investing-in-Youth-New-v2_006-1536x1536.jpg 1536w, https:\/\/media.alj.com\/app\/uploads\/2024\/07\/1976-ALJ-Investing-in-Youth-New-v2_006-2048x2048.jpg 2048w, https:\/\/media.alj.com\/app\/uploads\/2024\/07\/1976-ALJ-Investing-in-Youth-New-v2_006-200x200.jpg 200w, https:\/\/media.alj.com\/app\/uploads\/2024\/07\/1976-ALJ-Investing-in-Youth-New-v2_006-170x170.jpg 170w, https:\/\/media.alj.com\/app\/uploads\/2024\/07\/1976-ALJ-Investing-in-Youth-New-v2_006-70x70.jpg 70w, https:\/\/media.alj.com\/app\/uploads\/2024\/07\/1976-ALJ-Investing-in-Youth-New-v2_006-271x271.jpg 271w\" sizes=\"(max-width: 2560px) 100vw, 2560px\" \/><\/p>\n<p>La hausse de la participation de la main-d\u2019\u0153uvre devrait injecter 39\u00a0milliards\u00a0USD\u00a0(3,5\u00a0%) \u00e0 l\u2019\u00e9conomie saoudienne d\u2019ici\u00a02032 et souligne l\u2019importance de l\u2019action gouvernementale dans la r\u00e9alisation du dividende d\u00e9mographique. Ce changement fait suite au programme gouvernemental <a href=\"http:\/\/www.vision2030.gov.sa\/en\/\">Vision\u00a02030<\/a>, qui, entre autres objectifs, cherche \u00e0 stimuler \u00ab\u00a0l\u2019autonomisation des femmes et l\u2019engagement des jeunes<a href=\"#_ftn30\" name=\"_ftnref30\">[30]<\/a>\u00a0\u00bb. Cette ann\u00e9e, un rapport de la Banque mondiale<a href=\"#_ftn31\" name=\"_ftnref31\">[31]<\/a> affirme que le \u00ab\u00a0fort engagement du gouvernement saoudien et sa communication soutenue autour de l\u2019autonomisation des femmes\u00a0\u00bb sont un facteur important qui soutient l\u2019augmentation de la participation.<\/p>\n<p>Il souligne \u00e9galement l\u2019importance des \u00ab\u00a0r\u00e9formes juridiques majeures et des nouveaux programmes pour promouvoir l\u2019emploi des femmes\u00a0\u00bb, ainsi que des changements \u00e9conomiques structurels et l\u2019impact de la pand\u00e9mie de COVID-19.<\/p>\n<h2>Cr\u00e9er des partenariats<\/h2>\n<p>Bien que l\u2019activit\u00e9 de l\u2019\u00c9tat soit importante, les initiatives pour r\u00e9colter un dividende d\u00e9mographique devront \u00e9galement mobiliser le pouvoir des investissements priv\u00e9s. Selon l\u2019UNICEF, dans les pays de la r\u00e9gion\u00a0MENA, la cr\u00e9ation d\u2019emplois n\u00e9cessaire doit \u00eatre \u00ab\u00a0ax\u00e9e sur le secteur priv\u00e9<a href=\"#_ftn32\" name=\"_ftnref32\">[32]<\/a>\u00a0\u00bb afin de r\u00e9duire la d\u00e9pendance ant\u00e9rieure vis-\u00e0-vis du secteur public pour assimiler les nouveaux arrivants sur le march\u00e9 du travail. Son rapport sur la r\u00e9gion appelle les pays \u00e0 \u00ab\u00a0uniformiser les r\u00e8gles du jeu\u00a0\u00bb afin de soutenir la croissance des petites et moyennes entreprises et de se positionner de mani\u00e8re \u00e0 tirer parti des changements rapides de la technologie qui constituent la quatri\u00e8me r\u00e9volution industrielle.<\/p>\n<p>L\u2019\u00e9ducation est un domaine cl\u00e9 o\u00f9 les possibilit\u00e9s de partenariats entre les gouvernements et les entreprises sont \u00e9tudi\u00e9es.<\/p>\n<p>En Arabie saoudite, un conseiller minist\u00e9riel a indiqu\u00e9<a href=\"#_ftn33\" name=\"_ftnref33\">[33]<\/a> que le gouvernement s\u2019est r\u00e9cemment concentr\u00e9 sur les possibilit\u00e9s qu\u2019offre la technologie pour transformer et am\u00e9liorer le secteur de l\u2019\u00e9ducation. Le gouvernement saoudien estime que l\u2019importante population de jeunes du pays, associ\u00e9e \u00e0 son orientation prioritaire vers la num\u00e9risation et l\u2019\u00e9ducation, offre un terrain fertile aux investisseurs locaux et \u00e9trangers dans des domaines tels que les salles de classe virtuelles, les plateformes d\u2019apprentissage en ligne et le d\u00e9veloppement de contenu \u00e9ducatif. Il soutient la croissance du secteur EdTech par le biais d\u2019initiatives telles que la r\u00e9forme des r\u00e9glementations, les incitations financi\u00e8res et le travail en collaboration avec les \u00e9coles et les \u00e9tablissements d\u2019enseignement sup\u00e9rieur.<\/p>\n<p>Hicham El\u00a0Habti, pr\u00e9sident de l\u2019Universit\u00e9 polytechnique Mohammed\u00a0VI au Maroc, estime que les transformations n\u00e9cessaires au sein du syst\u00e8me d\u2019enseignement sup\u00e9rieur africain doivent \u00e9galement impliquer le secteur priv\u00e9<a href=\"#_ftn34\" name=\"_ftnref34\">[34]<\/a>. Les programmes d\u2019\u00e9ducation \u00ab\u00a0doivent \u00eatre r\u00e9invent\u00e9s pour nourrir l\u2019esprit d\u2019entreprise qui profite \u00e0 la soci\u00e9t\u00e9\u00a0\u00bb, explique-t-il, affirmant que tout syst\u00e8me viable \u00ab\u00a0doit exploiter de multiples synergies entre les universit\u00e9s, l\u2019industrie et les entreprises africaines\u00a0\u00bb.<\/p>\n<p>Il y a dix ans, sa propre universit\u00e9 a \u00e9t\u00e9 cr\u00e9\u00e9e en tenant compte des priorit\u00e9s de son partenaire industriel, l\u2019entreprise mini\u00e8re et manufacturi\u00e8re\u00a0OCP\u00a0Group, et finance d\u00e9sormais des \u00e9tudes dans un large \u00e9ventail de domaines scientifiques et technologiques, commerciaux et de gestion, ainsi que dans le domaine des lettres et des sciences humaines. Des collaborations encourageantes sont \u00e9galement observ\u00e9es en Inde, o\u00f9 des entreprises mondiales, dont Microsoft et IBM, soutiennent des programmes visant \u00e0 d\u00e9velopper les comp\u00e9tences num\u00e9riques des jeunes dans des domaines tels que l\u2019IA et la cybers\u00e9curit\u00e9.<a href=\"#_ftn35\" name=\"_ftnref35\">[35]<\/a><sup>,<\/sup><a href=\"#_ftn36\" name=\"_ftnref36\">[36]<\/a><\/p>\n<p>Ces partenariats sont des exemples prometteurs de la fa\u00e7on dont les gouvernements et les entreprises peuvent travailler ensemble pour favoriser l\u2019\u00e9panouissement des capacit\u00e9s des jeunes \u2013\u00a0t\u00e2che qui sera cruciale pour les perspectives d\u2019avenir de nombreux pays. D\u00e9crivant les jeunes Africains comme \u00ab\u00a0l\u2019atout de loin le plus pr\u00e9cieux\u00a0\u00bb de son continent, M.\u00a0El\u00a0Habti affirme que \u00ab\u00a0ce n\u2019est qu\u2019en int\u00e9grant leur dynamisme que l\u2019Afrique pourra r\u00e9ellement atteindre son potentiel\u00a0\u00bb.<\/p>\n<p>La famille Jameel joue un r\u00f4le dans la r\u00e9alisation du potentiel des jeunes de la r\u00e9gion\u00a0MENA et d\u2019ailleurs, et leur permet de contribuer de mani\u00e8re significative \u00e0 la croissance de leurs communaut\u00e9s. Depuis\u00a01994, par exemple, nous avons aid\u00e9 pr\u00e8s de 200\u00a0jeunes du monde entier \u00e0 r\u00e9aliser leur potentiel en \u00e9tudiant au Massachusetts Institute of Technology (<a href=\"https:\/\/www.mit.edu\/\">MIT<\/a>) aux \u00c9tats-Unis, par le biais de <a href=\"https:\/\/www.communityjameel.org\/\">Community Jameel<\/a> et le <a href=\"https:\/\/www.communityjameel.org\/scolarships\/jameel-toyota-scholarship\">programme de bourses Jameel-Toyota<\/a>. De nombreux anciens participants de ce programme ont ensuite r\u00e9ussi dans le monde des affaires et universitaire, o\u00f9 ils contribuent \u00e0 construire un avenir durable.<\/p>\n<p><iframe loading=\"lazy\" title=\"The Jameel-Toyota Scholarship at MIT\" width=\"640\" height=\"360\" src=\"https:\/\/www.youtube.com\/embed\/gpM49Gf6NEw?feature=oembed\" frameborder=\"0\" allow=\"accelerometer; autoplay; clipboard-write; encrypted-media; gyroscope; picture-in-picture; web-share\" referrerpolicy=\"strict-origin-when-cross-origin\" allowfullscreen><\/iframe><\/p>\n<p>En outre, Fotowatio Renewable Ventures (<a href=\"https:\/\/frv.com\">FRV<\/a>), filiale d\u2019<a href=\"https:\/\/alj.com\/energy\">Abdul Latif Jameel Energy<\/a>, g\u00e8re son programme de bourses <a href=\"https:\/\/frv.com\/en\/commitment\/frv-young-talented-leaders-scholarship\/\">\u00ab\u00a0Talented Young leaders\u00a0\u00bb<\/a> \u00e0 l\u2019universit\u00e9 Instituto de Empresa (<a href=\"https:\/\/landings.ie.edu\/\">IE<\/a>) en Espagne. Cette initiative soutient les \u00e9tudiants des r\u00e9gions proches des d\u00e9veloppements durables de FRV afin qu\u2019ils puissent \u00e9tudier \u00e0 l\u2019IE, en prenant en charge tous les co\u00fbts de formation et d\u2019\u00e9ducation sur une p\u00e9riode de quatre ans.<\/p>\n<p><iframe loading=\"lazy\" title=\"Abdul Latif Jameel Energy Offers New Scholarships at IE University (EN, 16:9)\" width=\"640\" height=\"360\" src=\"https:\/\/www.youtube.com\/embed\/iMClLmqz62E?feature=oembed\" frameborder=\"0\" allow=\"accelerometer; autoplay; clipboard-write; encrypted-media; gyroscope; picture-in-picture; web-share\" referrerpolicy=\"strict-origin-when-cross-origin\" allowfullscreen><\/iframe><\/p>\n<figure id=\"attachment_116330\" aria-describedby=\"caption-attachment-116330\" style=\"width: 1735px\" class=\"wp-caption aligncenter\"><img decoding=\"async\" loading=\"lazy\" class=\"size-full wp-image-116330\" src=\"https:\/\/media.alj.com\/app\/uploads\/2024\/04\/Young-Talented-Leaders-Scholarship.jpg\" alt=\"\" width=\"1735\" height=\"895\" srcset=\"https:\/\/media.alj.com\/app\/uploads\/2024\/04\/Young-Talented-Leaders-Scholarship.jpg 1735w, https:\/\/media.alj.com\/app\/uploads\/2024\/04\/Young-Talented-Leaders-Scholarship-300x155.jpg 300w, https:\/\/media.alj.com\/app\/uploads\/2024\/04\/Young-Talented-Leaders-Scholarship-1024x528.jpg 1024w, https:\/\/media.alj.com\/app\/uploads\/2024\/04\/Young-Talented-Leaders-Scholarship-150x77.jpg 150w, https:\/\/media.alj.com\/app\/uploads\/2024\/04\/Young-Talented-Leaders-Scholarship-768x396.jpg 768w, https:\/\/media.alj.com\/app\/uploads\/2024\/04\/Young-Talented-Leaders-Scholarship-1536x792.jpg 1536w\" sizes=\"(max-width: 1735px) 100vw, 1735px\" \/><figcaption id=\"caption-attachment-116330\" class=\"wp-caption-text\">Sur l\u2019image (de gauche \u00e0 droite) : Jos\u00e9 Tom\u00e1s Burguillos, Daniel Sagi Vela, directeur ex\u00e9cutif, FRV, Mara S\u00e1nchez, Gonzalo Garland, vice-pr\u00e9sident ex\u00e9cutif, IE Foundation Javier Huergo, directeur des investissements et tr\u00e9sorier, FRV, Diego Hern\u00e1ndez et Milena Avagyan, lors de l\u2019\u00e9v\u00e9nement de remise de la 11e bourse FRV Young Talented Leaders \u00e0 l\u2019universit\u00e9 IE en avril 2024. Cr\u00e9dit photo \u00a9 FRV<\/figcaption><\/figure>\n<p><a href=\"https:\/\/www.communityjameelsaudi.org\/en\">Community Jameel Saudi<\/a> , l\u2019une des organisations philanthropiques mondiales de la famille Jameel, dirige \u00e9galement plusieurs programmes destin\u00e9s aux plus jeunes en Arabie saoudite. Bab Rizq Jameel (<a href=\"https:\/\/www.communityjameelsaudi.org\/en\/Community\">BRJ<\/a>) ou \u00ab\u00a0la belle voie de la prosp\u00e9rit\u00e9\u00a0\u00bb en arabe, aide les jeunes femmes et les jeunes hommes en Arabie saoudite \u00e0 trouver du travail. Il trouve des postes aux demandeurs d\u2019emplois et aide \u00e0 cr\u00e9er des opportunit\u00e9s d\u2019emploi afin de permettre l\u2019ind\u00e9pendance \u00e9conomique. Aujourd\u2019hui, BRJ propose des programmes de formation professionnelle et des programmes de formation \u00e0 l\u2019emploi orient\u00e9s vers les jeunes, pour les femmes, les hommes ainsi que les jeunes entrepreneurs et les petites entreprises.<\/p>\n<p>Le <a href=\"https:\/\/www.mitef.org\/\">MIT Enterprise Forum<\/a>\u00a0(MITEF) en Arabie saoudite fait partie d\u2019un r\u00e9seau mondial de branches d\u00e9di\u00e9es \u00e0 la promotion de l\u2019entrepreneuriat et de l\u2019innovation dans le monde entier. En tant que partenaire cl\u00e9, <a href=\"https:\/\/www.communityjameelsaudi.org\/en\">Community Jameel Saudi<\/a> a pour objectif d\u2019informer, de mettre en relation et de former les entrepreneurs saoudiens, leur permettant de transformer rapidement leurs id\u00e9es en entreprises capables de remodeler le monde.<\/p>\n<p><img decoding=\"async\" loading=\"lazy\" class=\"alignright size-full wp-image-117656\" src=\"https:\/\/media.alj.com\/app\/uploads\/2024\/07\/Start-Smart-Competition.png\" alt=\"\" width=\"231\" height=\"90\" srcset=\"https:\/\/media.alj.com\/app\/uploads\/2024\/07\/Start-Smart-Competition.png 231w, https:\/\/media.alj.com\/app\/uploads\/2024\/07\/Start-Smart-Competition-150x58.png 150w\" sizes=\"(max-width: 231px) 100vw, 231px\" \/>Cr\u00e9\u00e9 en 2015 dans le but de promouvoir et d\u2019enrichir l\u2019\u00e9cosyst\u00e8me de l\u2019entrepreneuriat, le forum a pour vocation de valoriser et soutenir toutes les start-ups, les entrepreneurs et les entreprises sociales potentiels en Arabie saoudite par le biais du concours de start-ups aujourd\u2019hui connu sous le nom de <a href=\"https:\/\/www.startsmartsaudi.com\/\">SmartStart<\/a> Saudi, dans tous les domaines et toutes les industries. Ce concours remporte un franc succ\u00e8s, avec plus de 9\u00a0500\u00a0candidatures, ce qui a permis d\u2019attribuer 1,91\u00a0million\u00a0SAR d\u2019investissements sans fonds propres pour l\u2019avancement des projets. Quelque 120\u00a0start-ups ont vu le jour, ce qui a permis de cr\u00e9er plus de 200\u00a0emplois et, au total, pr\u00e8s de 8\u00a0000\u00a0jeunes entrepreneurs ont b\u00e9n\u00e9fici\u00e9 du programme.<\/p>\n<p>Au niveau r\u00e9gional, l\u2019objectif principal du <a href=\"https:\/\/www.mitefarab.org\/\">MITEF Pan Arab<\/a> est de promouvoir et d\u2019enrichir l\u2019\u00e9cosyst\u00e8me de l\u2019entrepreneuriat dans le monde arabe, tout en soutenant les start-ups et les entrepreneurs de la r\u00e9gion par le biais d\u2019un portefeuille diversifi\u00e9 de programmes et d\u2019initiatives.<\/p>\n<p>Au sein d\u2019Abdul Latif Jameel, nous avons r\u00e9cemment relanc\u00e9 notre <a href=\"https:\/\/indd.adobe.com\/view\/5952920f-ad72-4165-929e-1daa4878914e\">programme de formation en gestion d\u2019Abdul Latif Jameel<\/a>, d\u2019une dur\u00e9e de deux ans, afin de pr\u00e9parer la prochaine g\u00e9n\u00e9ration de leaders mondiaux. Cette initiative combine des \u00e9l\u00e9ments tels que le mentorat, le coaching de groupe et les missions individuelles pour aider les jeunes prometteurs des sites d\u2019Abdul Latif Jameel \u00e0 travers le monde \u00e0 r\u00e9aliser leur potentiel. Cet investissement nous donne \u00e9galement acc\u00e8s \u00e0 un plus grand vivier de candidats \u00e0 la fois polyvalents et technophiles, des qualit\u00e9s de plus en plus importantes pour notre propre entreprise ainsi que pour l\u2019\u00e9conomie mondiale. Comme l\u2019a soulign\u00e9 Mariana\u00a0Merino, qui dirige le centre d\u2019expertise des RH\u00a0d\u2019entreprise d\u2019Abdul Latif Jameel et Kaizen, ce programme contribue \u00e0 former des \u00ab\u00a0collaborateurs capables de s\u2019adapter \u00e0 des r\u00f4les et \u00e0 des d\u00e9fis vari\u00e9s\u00a0\u00bb.<\/p>\n<p><iframe loading=\"lazy\" title=\"Abdul Latif Jameel Management Trainee Program - Mariana Merino (EN VO Subs)\" width=\"640\" height=\"360\" src=\"https:\/\/www.youtube.com\/embed\/u1evLXyDPD8?feature=oembed\" frameborder=\"0\" allow=\"accelerometer; autoplay; clipboard-write; encrypted-media; gyroscope; picture-in-picture; web-share\" referrerpolicy=\"strict-origin-when-cross-origin\" allowfullscreen><\/iframe><\/p>\n<p>Le programme de formation participe \u00e9galement \u00e0 nos efforts plus larges visant \u00e0 instiller une culture coh\u00e9rente et positive dans l\u2019ensemble de l\u2019entreprise. Les principes Jameel, qui reposent sur nos quatre valeurs fondamentales \u2013\u00a0respect, am\u00e9lioration, innovation et autonomie\u00a0\u2013 d\u00e9finissent un cadre clair pour guider les actions et les d\u00e9cisions. Ils montrent que pour r\u00e9ussir, il est essentiel de compter sur des personnes qui poss\u00e8dent non seulement les comp\u00e9tences appropri\u00e9es, mais aussi l\u2019\u00e9tat d\u2019esprit n\u00e9cessaire pour les utiliser de mani\u00e8re efficace et responsable.<\/p>\n<figure id=\"attachment_52086\" aria-describedby=\"caption-attachment-52086\" style=\"width: 235px\" class=\"wp-caption alignright\"><img decoding=\"async\" loading=\"lazy\" class=\"size-medium wp-image-52086\" src=\"https:\/\/media.alj.com\/app\/uploads\/2019\/10\/hassan-mohammed-jameel-1000x1278-235x300.jpg\" alt=\"Hassan Jameel\" width=\"235\" height=\"300\" srcset=\"https:\/\/media.alj.com\/app\/uploads\/2019\/10\/hassan-mohammed-jameel-1000x1278-235x300.jpg 235w, https:\/\/media.alj.com\/app\/uploads\/2019\/10\/hassan-mohammed-jameel-1000x1278-117x150.jpg 117w, https:\/\/media.alj.com\/app\/uploads\/2019\/10\/hassan-mohammed-jameel-1000x1278-768x982.jpg 768w, https:\/\/media.alj.com\/app\/uploads\/2019\/10\/hassan-mohammed-jameel-1000x1278-801x1024.jpg 801w, https:\/\/media.alj.com\/app\/uploads\/2019\/10\/hassan-mohammed-jameel-1000x1278.jpg 1000w\" sizes=\"(max-width: 235px) 100vw, 235px\" \/><figcaption id=\"caption-attachment-52086\" class=\"wp-caption-text\">Hassan Jameel<br \/>Presidente adjunto y vicepresidente<br \/>Abdul Latif Jameel<\/figcaption><\/figure>\n<p><a href=\"https:\/\/alj.com\/en\/our-people\/hassan-jameel\/\">Hassan Jameel<\/a>, pr\u00e9sident d\u00e9l\u00e9gu\u00e9 et vice-pr\u00e9sident, Arabie saoudite, Abdul Latif Jameel a d\u00e9clar\u00e9\u00a0:<\/p>\n<h4><em>\u00ab\u00a0Dans de nombreuses r\u00e9gions du monde, les jeunes font face \u00e0 un avenir qui pourrait rimer soit avec croissance et cr\u00e9ativit\u00e9, soit avec p\u00e9nurie et d\u00e9saffection.<\/em><\/h4>\n<h4><em>Les d\u00e9cisions que les acteurs du monde entier prendront dans les ann\u00e9es \u00e0 venir seront cruciales pour d\u00e9terminer la direction que prendra leur avenir, et pour savoir si les perspectives potentielles d\u2019une population jeune apporteront des avantages tangibles aux soci\u00e9t\u00e9s dans lesquelles ils vivent et travaillent.\u00a0\u00bb<\/em><\/h4>\n<p>&nbsp;<\/p>\n<p><a href=\"#_ftnref1\" name=\"_ftn1\">[1]<\/a> <a href=\"https:\/\/www.imf.org\/en\/Publications\/fandd\/issues\/2020\/03\/infographic-global-population-trends-picture\">https:\/\/www.imf.org\/en\/Publications\/fandd\/issues\/2020\/03\/infographic-global-population-trends-picture<\/a><\/p>\n<p><a href=\"#_ftnref2\" name=\"_ftn2\">[2]<\/a> <a href=\"https:\/\/www.who.int\/news-room\/fact-sheets\/detail\/ageing-and-health\">https:\/\/www.who.int\/news-room\/fact-sheets\/detail\/ageing-and-health<\/a><\/p>\n<p><a href=\"#_ftnref3\" name=\"_ftn3\">[3]<\/a> <a href=\"https:\/\/ourworldindata.org\/demographic-transition\">https:\/\/ourworldindata.org\/demographic-transition<\/a><\/p>\n<p><a href=\"#_ftnref4\" name=\"_ftn4\">[4]<\/a> <a href=\"https:\/\/www.bbc.co.uk\/news\/health-53409521\">https:\/\/www.bbc.co.uk\/news\/health-53409521<\/a><\/p>\n<p><a href=\"#_ftnref5\" name=\"_ftn5\">[5]<\/a> <a href=\"https:\/\/www.unicef.org\/mena\/media\/4141\/file\">https:\/\/www.unicef.org\/mena\/media\/4141\/file<\/a><\/p>\n<p><a href=\"#_ftnref6\" name=\"_ftn6\">[6]<\/a> <a href=\"https:\/\/www.unicef.org\/mena\/media\/4141\/file\">https:\/\/www.unicef.org\/mena\/media\/4141\/file<\/a><\/p>\n<p><a href=\"#_ftnref7\" name=\"_ftn7\">[7]<\/a> <a href=\"https:\/\/www.antler.co\/blog\/how-to-build-a-unicorn-in-africa\">https:\/\/www.antler.co\/blog\/how-to-build-a-unicorn-in-africa<\/a><\/p>\n<p><a href=\"#_ftnref8\" name=\"_ftn8\">[8]<\/a> <a href=\"https:\/\/www.nytimes.com\/interactive\/2023\/10\/28\/world\/africa\/africa-youth-population.html\">https:\/\/www.nytimes.com\/interactive\/2023\/10\/28\/world\/africa\/africa-youth-population.html<\/a><\/p>\n<p><a href=\"#_ftnref9\" name=\"_ftn9\">[9]<\/a> <a href=\"https:\/\/www.nytimes.com\/interactive\/2023\/10\/28\/world\/africa\/africa-youth-population.html\">https:\/\/www.nytimes.com\/interactive\/2023\/10\/28\/world\/africa\/africa-youth-population.html<\/a><\/p>\n<p><a href=\"#_ftnref10\" name=\"_ftn10\">[10]<\/a> <a href=\"https:\/\/ilostat.ilo.org\/african-youth-face-pressing-challenges-in-the-transition-from-school-to-work\/\">https:\/\/ilostat.ilo.org\/african-youth-face-pressing-challenges-in-the-transition-from-school-to-work\/<\/a><\/p>\n<p><a href=\"#_ftnref11\" name=\"_ftn11\">[11]<\/a> <a href=\"https:\/\/www.worldbank.org\/en\/news\/feature\/2023\/08\/14\/realizing-a-brighter-future-for-a-young-energized-and-connected-africa\">https:\/\/www.worldbank.org\/en\/news\/feature\/2023\/08\/14\/realizing-a-brighter-future-for-a-young-energized-and-connected-africa<\/a><\/p>\n<p><a href=\"#_ftnref12\" name=\"_ftn12\">[12]<\/a> <a href=\"https:\/\/documents1.worldbank.org\/curated\/en\/099437408012323869\/pdf\/IDU00fcd4a900d09e0425a0af8c02a2df6c51237.pdf\">https:\/\/documents1.worldbank.org\/curated\/en\/099437408012323869\/pdf\/IDU00fcd4a900d09e0425a0af8c02a2df6c51237.pdf<\/a><\/p>\n<p><a href=\"#_ftnref13\" name=\"_ftn13\">[13]<\/a> <a href=\"https:\/\/www.bbc.co.uk\/news\/world-asia-india-65322706\">https:\/\/www.bbc.co.uk\/news\/world-asia-india-65322706<\/a><\/p>\n<p><a href=\"#_ftnref14\" name=\"_ftn14\">[14]<\/a> <a href=\"https:\/\/www.ilo.org\/newdelhi\/info\/WCMS_175936\/lang--en\/index.htm\">https:\/\/www.ilo.org\/newdelhi\/info\/WCMS_175936\/lang&#8211;en\/index.htm<\/a><\/p>\n<p><a href=\"#_ftnref15\" name=\"_ftn15\">[15]<\/a> <a href=\"https:\/\/www.bbc.co.uk\/news\/business-68443347\">https:\/\/www.bbc.co.uk\/news\/business-68443347<\/a><\/p>\n<p><a href=\"#_ftnref16\" name=\"_ftn16\">[16]<\/a> <a href=\"https:\/\/www.reuters.com\/world\/india\/rising-womens-participation-indian-workforce-likely-led-by-distress-study-2023-09-20\/\">https:\/\/www.reuters.com\/world\/india\/rising-womens-participation-indian-workforce-likely-led-by-distress-study-2023-09-20\/<\/a><\/p>\n<p><a href=\"#_ftnref17\" name=\"_ftn17\">[17]<\/a> <a href=\"https:\/\/economictimes.indiatimes.com\/jobs\/hr-policies-trends\/skilled-labour-shortage-posing-challenges-for-manufacturers-survey\/articleshow\/105721247.cms?from=mdr\">https:\/\/economictimes.indiatimes.com\/jobs\/hr-policies-trends\/skilled-labour-shortage-posing-challenges-for-manufacturers-survey\/articleshow\/105721247.cms?from=mdr<\/a><\/p>\n<p><a href=\"#_ftnref18\" name=\"_ftn18\">[18]<\/a> <a href=\"https:\/\/www.spglobal.com\/en\/research-insights\/featured\/special-editorial\/look-forward\/india-s-demographic-dividend-the-key-to-unlocking-its-global-ambitions\">https:\/\/www.spglobal.com\/en\/research-insights\/featured\/special-editorial\/look-forward\/india-s-demographic-dividend-the-key-to-unlocking-its-global-ambitions<\/a><\/p>\n<p><a href=\"#_ftnref19\" name=\"_ftn19\">[19]<\/a> <a href=\"https:\/\/telecom.economictimes.indiatimes.com\/news\/industry\/shortage-of-2-41-mn-skilled-workers-in-indian-telecom-sector-gap-to-grow-3-8x-by-2030\/104758307\">https:\/\/telecom.economictimes.indiatimes.com\/news\/industry\/shortage-of-2-41-mn-skilled-workers-in-indian-telecom-sector-gap-to-grow-3-8x-by-2030\/104758307<\/a><\/p>\n<p><a href=\"#_ftnref20\" name=\"_ftn20\">[20]<\/a> <a href=\"https:\/\/www.livemint.com\/news\/india\/indias-unemployment-crisis-harsh-goenka-highlights-shortage-of-skilled-workers-11692763064046.html\">https:\/\/www.livemint.com\/news\/india\/indias-unemployment-crisis-harsh-goenka-highlights-shortage-of-skilled-workers-11692763064046.html<\/a><\/p>\n<p><a href=\"#_ftnref21\" name=\"_ftn21\">[21]<\/a> <a href=\"https:\/\/www.uil.unesco.org\/en\/articles\/india-national-education-policy\">https:\/\/www.uil.unesco.org\/en\/articles\/india-national-education-policy<\/a><\/p>\n<p><a href=\"#_ftnref22\" name=\"_ftn22\">[22]<\/a> <a href=\"https:\/\/www.ey.com\/en_in\/education\/how-can-indian-higher-education-prepare-to-leapfrog-in-the-next-two-years\">https:\/\/www.ey.com\/en_in\/education\/how-can-indian-higher-education-prepare-to-leapfrog-in-the-next-two-years<\/a><\/p>\n<p><a href=\"#_ftnref23\" name=\"_ftn23\">[23]<\/a> <a href=\"https:\/\/www.pmkvyofficial.org\">https:\/\/www.pmkvyofficial.org<\/a><\/p>\n<p><a href=\"#_ftnref24\" name=\"_ftn24\">[24]<\/a> <a href=\"https:\/\/www.business-standard.com\/article\/current-affairs\/placement-rate-of-22-for-those-trained-under-pmkvy-shows-data-123031401234_1.html\">https:\/\/www.business-standard.com\/article\/current-affairs\/placement-rate-of-22-for-those-trained-under-pmkvy-shows-data-123031401234_1.html<\/a><\/p>\n<p><a href=\"#_ftnref25\" name=\"_ftn25\">[25]<\/a> <a href=\"https:\/\/ilostat.ilo.org\/african-youth-face-pressing-challenges-in-the-transition-from-school-to-work\/\">https:\/\/ilostat.ilo.org\/african-youth-face-pressing-challenges-in-the-transition-from-school-to-work\/<\/a><\/p>\n<p><a href=\"#_ftnref26\" name=\"_ftn26\">[26]<\/a> <a href=\"https:\/\/www.npr.org\/sections\/goatsandsoda\/2023\/01\/04\/1146953384\/why-women-in-india-are-dropping-out-the-workforce-even-as-the-economy-grows\">https:\/\/www.npr.org\/sections\/goatsandsoda\/2023\/01\/04\/1146953384\/why-women-in-india-are-dropping-out-the-workforce-even-as-the-economy-grows<\/a><\/p>\n<p><a href=\"#_ftnref27\" name=\"_ftn27\">[27]<\/a> <a href=\"https:\/\/ig.ft.com\/india-population\/\">https:\/\/ig.ft.com\/india-population\/<\/a><\/p>\n<p><a href=\"#_ftnref28\" name=\"_ftn28\">[28]<\/a> <a href=\"https:\/\/www.ftidelta.com\/insights\/perspectives\/a-kingdom-in-transition-demographic-shifts-in-saudi-arabia\">https:\/\/www.ftidelta.com\/insights\/perspectives\/a-kingdom-in-transition-demographic-shifts-in-saudi-arabia<\/a><\/p>\n<p><a href=\"#_ftnref29\" name=\"_ftn29\">[29]<\/a> <a href=\"https:\/\/www.arabnews.com\/node\/2377971\/business-economy\">https:\/\/www.arabnews.com\/node\/2377971\/business-economy<\/a><\/p>\n<p><a href=\"#_ftnref30\" name=\"_ftn30\">[30]<\/a> <a href=\"https:\/\/www.vision2030.gov.sa\/en\/progress\/dynamic-society\">https:\/\/www.vision2030.gov.sa\/en\/progress\/dynamic-society<\/a><\/p>\n<p><a href=\"#_ftnref31\" name=\"_ftn31\">[31]<\/a> <a href=\"https:\/\/openknowledge.worldbank.org\/entities\/publication\/2c0e4380-b9c4-427e-ba67-5a234ea377e3\">https:\/\/openknowledge.worldbank.org\/entities\/publication\/2c0e4380-b9c4-427e-ba67-5a234ea377e3<\/a><\/p>\n<p><a href=\"#_ftnref32\" name=\"_ftn32\">[32]<\/a> <a href=\"https:\/\/www.unicef.org\/mena\/media\/4141\/file\">https:\/\/www.unicef.org\/mena\/media\/4141\/file<\/a><\/p>\n<p><a href=\"#_ftnref33\" name=\"_ftn33\">[33]<\/a> <a href=\"https:\/\/www.arabnews.com\/node\/2436856\">https:\/\/www.arabnews.com\/node\/2436856<\/a><\/p>\n<p><a href=\"#_ftnref34\" name=\"_ftn34\">[34]<\/a> <a href=\"https:\/\/www.weforum.org\/agenda\/2022\/09\/why-africa-youth-key-development-potential\/\">https:\/\/www.weforum.org\/agenda\/2022\/09\/why-africa-youth-key-development-potential\/<\/a><\/p>\n<p><a href=\"#_ftnref35\" name=\"_ftn35\">[35]<\/a> <a href=\"https:\/\/news.microsoft.com\/en-in\/microsoft-joins-forces-with-ministry-of-skill-development-and-entrepreneurship-to-train-youth-in-digital-and-cybersecurity-skills\/\">https:\/\/news.microsoft.com\/en-in\/microsoft-joins-forces-with-ministry-of-skill-development-and-entrepreneurship-to-train-youth-in-digital-and-cybersecurity-skills\/<\/a><\/p>\n<p><a href=\"#_ftnref36\" name=\"_ftn36\">[36]<\/a> <a href=\"https:\/\/in.newsroom.ibm.com\/2023-09-27-IBM-partners-with-Govt-to-scale-digital-skills-training-in-india\">https:\/\/in.newsroom.ibm.com\/2023-09-27-IBM-partners-with-Govt-to-scale-digital-skills-training-in-india<\/a><\/p>\n<p>&nbsp;<\/p>\n","protected":false},"author":18,"featured_media":117649,"template":"","tags":[],"acf":[],"yoast_head":"<!-- This site is optimized with the Yoast SEO plugin v21.5 - https:\/\/yoast.com\/wordpress\/plugins\/seo\/ -->\n<title>Former les leaders de demain | Abdul Latif Jameel\u00ae<\/title>\n<meta name=\"description\" content=\"La hausse des jeunes actifs cr\u00e9e de grandes opportunit\u00e9s \u00e9conomiques, n\u00e9cessitant des investissements strat\u00e9giques pour en tirer parti. Lire la suite.\" \/>\n<meta name=\"robots\" content=\"index, follow, max-snippet:-1, max-image-preview:large, max-video-preview:-1\" \/>\n<link rel=\"canonical\" href=\"https:\/\/alj.com\/fr\/perspective\/forger-les-leaders-de-demain\/\" \/>\n<meta property=\"og:locale\" content=\"fr_FR\" \/>\n<meta property=\"og:type\" content=\"article\" \/>\n<meta property=\"og:title\" content=\"Former les leaders de demain | Abdul Latif Jameel\u00ae\" \/>\n<meta property=\"og:description\" content=\"La hausse des jeunes actifs cr\u00e9e de grandes opportunit\u00e9s \u00e9conomiques, n\u00e9cessitant des investissements strat\u00e9giques pour en tirer parti. Lire la suite.\" \/>\n<meta property=\"og:url\" content=\"https:\/\/alj.com\/fr\/perspective\/forger-les-leaders-de-demain\/\" \/>\n<meta property=\"og:site_name\" content=\"Abdul Latif Jameel\" \/>\n<meta property=\"article:publisher\" content=\"https:\/\/www.facebook.com\/Abdul.Latif.Jameel.Official\" \/>\n<meta property=\"article:modified_time\" content=\"2024-10-30T12:11:24+00:00\" \/>\n<meta property=\"og:image\" content=\"https:\/\/media.alj.com\/app\/uploads\/2024\/07\/shutterstock_791871004-scaled.jpg\" \/>\n\t<meta property=\"og:image:width\" content=\"2560\" \/>\n\t<meta property=\"og:image:height\" content=\"1422\" \/>\n\t<meta property=\"og:image:type\" content=\"image\/jpeg\" \/>\n<meta name=\"twitter:card\" content=\"summary_large_image\" \/>\n<meta name=\"twitter:label1\" content=\"Est. reading time\" \/>\n\t<meta name=\"twitter:data1\" content=\"24 minutes\" \/>\n<script type=\"application\/ld+json\" class=\"yoast-schema-graph\">{\"@context\":\"https:\/\/schema.org\",\"@graph\":[{\"@type\":\"WebPage\",\"@id\":\"https:\/\/alj.com\/fr\/perspective\/forger-les-leaders-de-demain\/\",\"url\":\"https:\/\/alj.com\/fr\/perspective\/forger-les-leaders-de-demain\/\",\"name\":\"Former les leaders de demain | Abdul Latif Jameel\u00ae\",\"isPartOf\":{\"@id\":\"https:\/\/alj.com\/en\/#website\"},\"datePublished\":\"2024-07-04T13:11:33+00:00\",\"dateModified\":\"2024-10-30T12:11:24+00:00\",\"description\":\"La hausse des jeunes actifs cr\u00e9e de grandes opportunit\u00e9s \u00e9conomiques, n\u00e9cessitant des investissements strat\u00e9giques pour en tirer parti. Lire la suite.\",\"breadcrumb\":{\"@id\":\"https:\/\/alj.com\/fr\/perspective\/forger-les-leaders-de-demain\/#breadcrumb\"},\"inLanguage\":\"fr-FR\",\"potentialAction\":[{\"@type\":\"ReadAction\",\"target\":[\"https:\/\/alj.com\/fr\/perspective\/forger-les-leaders-de-demain\/\"]}]},{\"@type\":\"BreadcrumbList\",\"@id\":\"https:\/\/alj.com\/fr\/perspective\/forger-les-leaders-de-demain\/#breadcrumb\",\"itemListElement\":[{\"@type\":\"ListItem\",\"position\":1,\"name\":\"Home\",\"item\":\"https:\/\/alj.com\/fr\/\"},{\"@type\":\"ListItem\",\"position\":2,\"name\":\"Perspectives\",\"item\":\"https:\/\/alj.com\/ja\/perspective\/\"},{\"@type\":\"ListItem\",\"position\":3,\"name\":\"Forger les leaders de demain\"}]},{\"@type\":\"WebSite\",\"@id\":\"https:\/\/alj.com\/en\/#website\",\"url\":\"https:\/\/alj.com\/en\/\",\"name\":\"Abdul Latif Jameel\",\"description\":\"Abdul Latif Jameel\",\"potentialAction\":[{\"@type\":\"SearchAction\",\"target\":{\"@type\":\"EntryPoint\",\"urlTemplate\":\"https:\/\/alj.com\/en\/?s={search_term_string}\"},\"query-input\":\"required name=search_term_string\"}],\"inLanguage\":\"fr-FR\"}]}<\/script>\n<!-- \/ Yoast SEO plugin. -->","yoast_head_json":{"title":"Former les leaders de demain | Abdul Latif Jameel\u00ae","description":"La hausse des jeunes actifs cr\u00e9e de grandes opportunit\u00e9s \u00e9conomiques, n\u00e9cessitant des investissements strat\u00e9giques pour en tirer parti. Lire la suite.","robots":{"index":"index","follow":"follow","max-snippet":"max-snippet:-1","max-image-preview":"max-image-preview:large","max-video-preview":"max-video-preview:-1"},"canonical":"https:\/\/alj.com\/fr\/perspective\/forger-les-leaders-de-demain\/","og_locale":"fr_FR","og_type":"article","og_title":"Former les leaders de demain | Abdul Latif Jameel\u00ae","og_description":"La hausse des jeunes actifs cr\u00e9e de grandes opportunit\u00e9s \u00e9conomiques, n\u00e9cessitant des investissements strat\u00e9giques pour en tirer parti. Lire la suite.","og_url":"https:\/\/alj.com\/fr\/perspective\/forger-les-leaders-de-demain\/","og_site_name":"Abdul Latif Jameel","article_publisher":"https:\/\/www.facebook.com\/Abdul.Latif.Jameel.Official","article_modified_time":"2024-10-30T12:11:24+00:00","og_image":[{"width":2560,"height":1422,"url":"https:\/\/media.alj.com\/app\/uploads\/2024\/07\/shutterstock_791871004-scaled.jpg","type":"image\/jpeg"}],"twitter_card":"summary_large_image","twitter_misc":{"Est. reading time":"24 minutes"},"schema":{"@context":"https:\/\/schema.org","@graph":[{"@type":"WebPage","@id":"https:\/\/alj.com\/fr\/perspective\/forger-les-leaders-de-demain\/","url":"https:\/\/alj.com\/fr\/perspective\/forger-les-leaders-de-demain\/","name":"Former les leaders de demain | Abdul Latif Jameel\u00ae","isPartOf":{"@id":"https:\/\/alj.com\/en\/#website"},"datePublished":"2024-07-04T13:11:33+00:00","dateModified":"2024-10-30T12:11:24+00:00","description":"La hausse des jeunes actifs cr\u00e9e de grandes opportunit\u00e9s \u00e9conomiques, n\u00e9cessitant des investissements strat\u00e9giques pour en tirer parti. Lire la suite.","breadcrumb":{"@id":"https:\/\/alj.com\/fr\/perspective\/forger-les-leaders-de-demain\/#breadcrumb"},"inLanguage":"fr-FR","potentialAction":[{"@type":"ReadAction","target":["https:\/\/alj.com\/fr\/perspective\/forger-les-leaders-de-demain\/"]}]},{"@type":"BreadcrumbList","@id":"https:\/\/alj.com\/fr\/perspective\/forger-les-leaders-de-demain\/#breadcrumb","itemListElement":[{"@type":"ListItem","position":1,"name":"Home","item":"https:\/\/alj.com\/fr\/"},{"@type":"ListItem","position":2,"name":"Perspectives","item":"https:\/\/alj.com\/ja\/perspective\/"},{"@type":"ListItem","position":3,"name":"Forger les leaders de demain"}]},{"@type":"WebSite","@id":"https:\/\/alj.com\/en\/#website","url":"https:\/\/alj.com\/en\/","name":"Abdul Latif Jameel","description":"Abdul Latif Jameel","potentialAction":[{"@type":"SearchAction","target":{"@type":"EntryPoint","urlTemplate":"https:\/\/alj.com\/en\/?s={search_term_string}"},"query-input":"required name=search_term_string"}],"inLanguage":"fr-FR"}]}},"post-meta-fields":{"push_notification":["no"],"_push_notification":["field_5c3b1fb67034d"],"_wpml_word_count":["{\"total\":3614,\"to_translate\":{\"ar\":3614,\"zh-hans\":3614,\"fr\":3614,\"ja\":3614,\"es\":3614,\"tr\":3614}}"],"_oembed_df1ae46837c485f351ea778945cbbae2":["<iframe title=\"Abdul Latif Jameel Management Trainee Program - Mariana Merino (EN VO Subs)\" width=\"640\" height=\"360\" src=\"https:\/\/www.youtube.com\/embed\/u1evLXyDPD8?feature=oembed\" frameborder=\"0\" allow=\"accelerometer; autoplay; clipboard-write; encrypted-media; gyroscope; picture-in-picture; web-share\" referrerpolicy=\"strict-origin-when-cross-origin\" allowfullscreen><\/iframe>"],"_oembed_time_df1ae46837c485f351ea778945cbbae2":["1730290306"],"_oembed_62c57895b9d25e6da2b5b563854a4ba0":["<iframe title=\"Abdul Latif Jameel Energy Offers New Scholarships at IE University (EN, 16:9)\" width=\"640\" height=\"360\" src=\"https:\/\/www.youtube.com\/embed\/iMClLmqz62E?feature=oembed\" frameborder=\"0\" allow=\"accelerometer; autoplay; clipboard-write; encrypted-media; gyroscope; picture-in-picture; web-share\" referrerpolicy=\"strict-origin-when-cross-origin\" allowfullscreen><\/iframe>"],"_oembed_time_62c57895b9d25e6da2b5b563854a4ba0":["1730290306"],"_oembed_493c5c133a512794cf36991192704701":["<iframe title=\"The Jameel-Toyota Scholarship at MIT\" width=\"640\" height=\"360\" src=\"https:\/\/www.youtube.com\/embed\/gpM49Gf6NEw?feature=oembed\" frameborder=\"0\" allow=\"accelerometer; autoplay; clipboard-write; encrypted-media; gyroscope; picture-in-picture; web-share\" referrerpolicy=\"strict-origin-when-cross-origin\" allowfullscreen><\/iframe>"],"_oembed_time_493c5c133a512794cf36991192704701":["1730290305"],"perspective_short_title":["Forger les leaders de demain"],"perspective_summury":["<p>Une forte croissance de la population jeune et en \u00e2ge de travailler dans de nombreux pays au cours des prochaines d\u00e9cennies offrira un potentiel \u00e9conomique consid\u00e9rable, mais un investissement strat\u00e9gique sera n\u00e9cessaire pour en tirer tous les avantages.<\/p>\n"],"perspective_location":["Dubai, EAU"],"wpcf-featured-news":["0"],"is_latest_news":["0"],"wpcf-show-news-at-homepage":["1"],"publish_mobile":[""],"_publish_mobile":["field_5bfa8eb2e65cf"],"mobile_featured_image":["https:\/\/media.alj.com\/app\/uploads\/2024\/07\/shutterstock_791871004-scaled.jpg"],"_mobile_featured_image":["field_5c3b204983dea"],"featured_on_listing_page":["0"],"_featured_on_listing_page":["field_62458ea7383c3"],"content_series_applied":[""],"_content_series_applied":["field_60f3d3faf82ac"],"wpcf-perspective-downloadable_file":[""],"wpcf-perspective-published-date":["1719964800"],"wpcf-video-description":[""],"wpcf-layoutvideourl":[""],"wpcf-video-thumb":[""],"wpcf-social4-svg":[""],"wpcf-social4-background-image":[""],"wpcf-social4-text":[""],"wpcf-social4-url":[""],"wpcf-social3-svg":[""],"wpcf-social3-background-image":[""],"wpcf-social3-text":[""],"wpcf-social3-url":[""],"wpcf-social-text-svg-square":[""],"wpcf-social-text-image-square":[""],"wpcf-social-text-text-square":[""],"wpcf-social-text-url-square":[""],"wpcf-social2-svg":[""],"wpcf-social2-background-image":[""],"wpcf-social2-text":[""],"wpcf-social2-url":[""],"wpcf-social-svg-square":[""],"wpcf-social-image-square":[""],"wpcf-social-text-square":[""],"wpcf-social-url-square":[""],"wpcf-social1-svg":[""],"wpcf-social1-background-image":[""],"wpcf-social1-text":[""],"wpcf-social1-url":[""],"wpcf-quotes-with-auther-text-1":[""],"wpcf-card_article_with_title_content":[""],"wpcf-card_article_content":["write your content"],"wpcf-quotes-with-auther-text":[""],"_bsf_post_type":["0"],"_bsf_item_review_type":["none"],"_wpml_media_duplicate":["1"],"_wpml_media_featured":["1"],"_yoast_wpseo_title":["Former les leaders de demain | Abdul Latif Jameel\u00ae"],"_yoast_wpseo_metadesc":["La hausse des jeunes actifs cr\u00e9e de grandes opportunit\u00e9s \u00e9conomiques, n\u00e9cessitant des investissements strat\u00e9giques pour en tirer parti. Lire la suite."],"_yoast_wpseo_content_score":["30"],"_yoast_wpseo_estimated-reading-time-minutes":[""],"_yoast_wpseo_wordproof_timestamp":[""],"_thumbnail_id":["117649"],"_edit_lock":["1730290220:25"],"_edit_last":["25"],"_last_translation_edit_mode":["native-editor"],"wpcf-projecttitle":[""],"wpcf-projectdescription":[""],"wpcf-projectimage-video1":["image"],"wpcf-projectimage-1":[""],"wpcf-projectvideo-1":[""],"wpcf-projectdescription-1":[""],"wpcf-projectimage-video2":["image"],"wpcf-projectimage-2":[""],"wpcf-projectvideo-2":[""],"wpcf-projectdescription-2":[""],"wpcf-projectimage-video3":["image"],"wpcf-projectimage-3":[""],"wpcf-projectvideo-3":[""],"wpcf-projectdescription-3":[""],"wpcf-projectimage-video4":["image"],"wpcf-projectimage-4":[""],"wpcf-projectvideo-4":[""],"wpcf-projectdescription-4":[""],"perspective_business_sector":["Entreprise"],"wpcf-card-image":[""],"_wpcf-card-image-sort-order":["a:1:{i:0;i:1831309;}"],"amazonS3_cache":["a:20:{s:79:\"\/\/alj.com\/app\/uploads\/2024\/07\/1976-ALJ-Investing-in-Youth-New-v2_001-scaled.jpg\";a:2:{s:2:\"id\";i:117607;s:11:\"source_type\";s:13:\"media-library\";}s:85:\"\/\/media.alj.com\/app\/uploads\/2024\/07\/1976-ALJ-Investing-in-Youth-New-v2_001-scaled.jpg\";a:2:{s:2:\"id\";i:117607;s:11:\"source_type\";s:13:\"media-library\";}s:79:\"\/\/alj.com\/app\/uploads\/2024\/07\/1976-ALJ-Investing-in-Youth-New-v2_002-scaled.jpg\";a:2:{s:2:\"id\";i:117614;s:11:\"source_type\";s:13:\"media-library\";}s:85:\"\/\/media.alj.com\/app\/uploads\/2024\/07\/1976-ALJ-Investing-in-Youth-New-v2_002-scaled.jpg\";a:2:{s:2:\"id\";i:117614;s:11:\"source_type\";s:13:\"media-library\";}s:79:\"\/\/alj.com\/app\/uploads\/2024\/07\/1976-ALJ-Investing-in-Youth-New-v2_003-scaled.jpg\";a:2:{s:2:\"id\";i:117621;s:11:\"source_type\";s:13:\"media-library\";}s:85:\"\/\/media.alj.com\/app\/uploads\/2024\/07\/1976-ALJ-Investing-in-Youth-New-v2_003-scaled.jpg\";a:2:{s:2:\"id\";i:117621;s:11:\"source_type\";s:13:\"media-library\";}s:79:\"\/\/alj.com\/app\/uploads\/2024\/07\/1976-ALJ-Investing-in-Youth-New-v2_004-scaled.jpg\";a:2:{s:2:\"id\";i:117628;s:11:\"source_type\";s:13:\"media-library\";}s:85:\"\/\/media.alj.com\/app\/uploads\/2024\/07\/1976-ALJ-Investing-in-Youth-New-v2_004-scaled.jpg\";a:2:{s:2:\"id\";i:117628;s:11:\"source_type\";s:13:\"media-library\";}s:79:\"\/\/alj.com\/app\/uploads\/2024\/07\/1976-ALJ-Investing-in-Youth-New-v2_005-scaled.jpg\";a:2:{s:2:\"id\";i:117635;s:11:\"source_type\";s:13:\"media-library\";}s:85:\"\/\/media.alj.com\/app\/uploads\/2024\/07\/1976-ALJ-Investing-in-Youth-New-v2_005-scaled.jpg\";a:2:{s:2:\"id\";i:117635;s:11:\"source_type\";s:13:\"media-library\";}s:79:\"\/\/alj.com\/app\/uploads\/2024\/07\/1976-ALJ-Investing-in-Youth-New-v2_006-scaled.jpg\";a:2:{s:2:\"id\";i:117642;s:11:\"source_type\";s:13:\"media-library\";}s:85:\"\/\/media.alj.com\/app\/uploads\/2024\/07\/1976-ALJ-Investing-in-Youth-New-v2_006-scaled.jpg\";a:2:{s:2:\"id\";i:117642;s:11:\"source_type\";s:13:\"media-library\";}s:68:\"\/\/alj.com\/app\/uploads\/2024\/04\/Young-Talented-Leaders-Scholarship.jpg\";a:2:{s:2:\"id\";i:116330;s:11:\"source_type\";s:13:\"media-library\";}s:74:\"\/\/media.alj.com\/app\/uploads\/2024\/04\/Young-Talented-Leaders-Scholarship.jpg\";a:2:{s:2:\"id\";i:116330;s:11:\"source_type\";s:13:\"media-library\";}s:57:\"\/\/alj.com\/app\/uploads\/2024\/07\/Start-Smart-Competition.png\";a:2:{s:2:\"id\";i:117656;s:11:\"source_type\";s:13:\"media-library\";}s:63:\"\/\/media.alj.com\/app\/uploads\/2024\/07\/Start-Smart-Competition.png\";a:2:{s:2:\"id\";i:117656;s:11:\"source_type\";s:13:\"media-library\";}s:66:\"\/\/alj.com\/app\/uploads\/2019\/10\/hassan-mohammed-jameel-1000x1278.jpg\";a:2:{s:2:\"id\";i:52086;s:11:\"source_type\";s:13:\"media-library\";}s:74:\"\/\/alj.com\/app\/uploads\/2019\/10\/hassan-mohammed-jameel-1000x1278-235x300.jpg\";a:2:{s:2:\"id\";i:52086;s:11:\"source_type\";s:13:\"media-library\";}s:72:\"\/\/media.alj.com\/app\/uploads\/2019\/10\/hassan-mohammed-jameel-1000x1278.jpg\";a:2:{s:2:\"id\";i:52086;s:11:\"source_type\";s:13:\"media-library\";}s:80:\"\/\/media.alj.com\/app\/uploads\/2019\/10\/hassan-mohammed-jameel-1000x1278-235x300.jpg\";a:2:{s:2:\"id\";i:52086;s:11:\"source_type\";s:13:\"media-library\";}}"]},"_links":{"self":[{"href":"https:\/\/alj.com\/fr\/wp-json\/wp\/v2\/perspective\/117674"}],"collection":[{"href":"https:\/\/alj.com\/fr\/wp-json\/wp\/v2\/perspective"}],"about":[{"href":"https:\/\/alj.com\/fr\/wp-json\/wp\/v2\/types\/perspective"}],"author":[{"embeddable":true,"href":"https:\/\/alj.com\/fr\/wp-json\/wp\/v2\/users\/18"}],"wp:featuredmedia":[{"embeddable":true,"href":"https:\/\/alj.com\/fr\/wp-json\/wp\/v2\/media\/117649"}],"wp:attachment":[{"href":"https:\/\/alj.com\/fr\/wp-json\/wp\/v2\/media?parent=117674"}],"wp:term":[{"taxonomy":"post_tag","embeddable":true,"href":"https:\/\/alj.com\/fr\/wp-json\/wp\/v2\/tags?post=117674"}],"curies":[{"name":"wp","href":"https:\/\/api.w.org\/{rel}","templated":true}]}}