{"id":38390,"date":"2019-06-12T10:16:05","date_gmt":"2019-06-12T10:16:05","guid":{"rendered":"http:\/\/www.alj.com\/perspective\/helping-the-next-generation-of-leaders-to-build-their-careers\/"},"modified":"2020-01-06T11:43:36","modified_gmt":"2020-01-06T11:43:36","slug":"helping-the-next-generation-of-leaders-to-build-their-careers","status":"publish","type":"perspective","link":"https:\/\/alj.com\/fr\/perspective\/helping-the-next-generation-of-leaders-to-build-their-careers\/","title":{"rendered":"Aider la prochaine g\u00e9n\u00e9ration de leaders \u00e0 construire leur carri\u00e8re"},"content":{"rendered":"<p>Alors qu\u2019une nouvelle g\u00e9n\u00e9ration se pr\u00e9pare \u00e0 prendre sa place dans l\u2019industrie, Abdul Latif Jameel offre aux leaders de demain des opportunit\u00e9s dans le monde entier pour leur permettre de commencer leur carri\u00e8re d\u00e8s aujourd\u2019hui.<\/p>\n<p>Quelle est la meilleure mani\u00e8re d\u2019offrir des opportunit\u00e9s \u00e0 la prochaine g\u00e9n\u00e9ration\u00a0? Comment pouvons-nous nous assurer que tout leur potentiel est r\u00e9alis\u00e9\u00a0? Et quels m\u00e9canismes sont disponibles pour tirer profit de l\u2019\u00e9nergie et de l\u2019esprit d\u2019entreprise qui se r\u00e9pandent au Moyen-Orient et au-del\u00e0\u00a0? Telles sont les questions importantes auxquelles se heurtent les organisations et les leaders de l\u2019industrie du monde entier.<\/p>\n<p><strong>S\u2019attaquer \u00e0 un probl\u00e8me mondial<\/strong><\/p>\n<p>Depuis le krach \u00e9conomique de 2008, le taux de ch\u00f4mage chez les jeunes dans le monde demeure incroyablement \u00e9lev\u00e9. En 2018, le ch\u00f4mage des jeunes dans le monde s\u2019\u00e9levait \u00e0 11,8\u00a0%<a href=\"#_ftn1\" name=\"_ftnref1\">[1]<\/a>, les jeunes repr\u00e9sentant 35\u00a0% de la population mondiale sans emploi<a href=\"#_ftn2\" name=\"_ftnref2\">[2]<\/a>. Au Moyen-Orient, le ch\u00f4mage des jeunes se situe \u00e0 environ 20,1\u00a0%<a href=\"#_ftn3\" name=\"_ftnref3\">[3]<\/a>.<\/p>\n<p><img decoding=\"async\" loading=\"lazy\" class=\"aligncenter\" src=\"https:\/\/www.alj.com\/app\/uploads\/2019\/06\/youth-unemployment-1024x724.jpg\" width=\"797\" height=\"564\" \/><\/p>\n<p>S\u2019attaquer au ch\u00f4mage des jeunes appara\u00eet comme une priorit\u00e9 si l\u2019on veut progresser sur plusieurs objectifs de d\u00e9veloppement durable des Nations Unies, notamment l\u2019objectif 8 (croissance \u00e9conomique soutenue, inclusive et durable), l\u2019objectif 10 (r\u00e9duction des in\u00e9galit\u00e9s) et l\u2019objectif 11 (collectivit\u00e9s durables)<a href=\"#_ftn4\" name=\"_ftnref4\">[4]<\/a>. Cela permettrait \u00e9galement de r\u00e9aliser des progr\u00e8s sur le Principe 6 du Pacte mondial des Nations Unies, qui vise \u00e0 \u00e9liminer la discrimination dans l\u2019emploi fond\u00e9e sur divers facteurs, notamment l\u2019\u00e2ge<a href=\"#_ftn5\" name=\"_ftnref5\">[5]<\/a>.<\/p>\n<p><img decoding=\"async\" loading=\"lazy\" class=\"aligncenter size-full wp-image-38323\" src=\"https:\/\/www.alj.com\/app\/uploads\/2019\/06\/SDG.png\" alt=\"\" width=\"728\" height=\"451\" srcset=\"https:\/\/media.alj.com\/app\/uploads\/2019\/06\/SDG.png 728w, https:\/\/media.alj.com\/app\/uploads\/2019\/06\/SDG-150x93.png 150w, https:\/\/media.alj.com\/app\/uploads\/2019\/06\/SDG-300x186.png 300w\" sizes=\"(max-width: 728px) 100vw, 728px\" \/><\/p>\n<p><strong>Ouvrir la porte \u00e0 de nouvelles opportunit\u00e9s<\/strong><\/p>\n<p>Des \u00e9tudes ont montr\u00e9 que les stages pouvaient constituer une premi\u00e8re \u00e9tape utile pour aider les jeunes \u00e0 gravir les \u00e9chelons de leur carri\u00e8re, en leur permettant de d\u00e9velopper des comp\u00e9tences personnelles et interpersonnelles tr\u00e8s pris\u00e9es par les employeurs, ainsi que des comp\u00e9tences et une exp\u00e9rience sp\u00e9cifiques qui, combin\u00e9es, augmentent la probabilit\u00e9 que ceux qui ont termin\u00e9 leur stage trouvent un emploi<a href=\"#_ftn6\" name=\"_ftnref6\">[6]<\/a>.<\/p>\n<p><a href=\"https:\/\/www.alj.com\/en\/\">Abdul Latif Jameel<\/a> suit une triple\u00a0approche consistant \u00e0 offrir des possibilit\u00e9s d\u2019\u00e9ducation, \u00e0 financer des bourses d\u2019\u00e9tudes et \u00e0 encourager l\u2019innovation et l\u2019entreprise dans la r\u00e9gion Moyen-Orient Afrique du Nord et Turquie. C\u2019est une politique qui correspond aux ambitions de la r\u00e9gion et au d\u00e9veloppement en cours.<\/p>\n<p><img decoding=\"async\" loading=\"lazy\" class=\"alignleft wp-image-38330 size-thumbnail\" src=\"https:\/\/www.alj.com\/app\/uploads\/2019\/06\/HRDF-150x91.jpg\" alt=\"\" width=\"150\" height=\"91\" srcset=\"https:\/\/media.alj.com\/app\/uploads\/2019\/06\/HRDF-150x91.jpg 150w, https:\/\/media.alj.com\/app\/uploads\/2019\/06\/HRDF-300x182.jpg 300w, https:\/\/media.alj.com\/app\/uploads\/2019\/06\/HRDF.jpg 449w\" sizes=\"(max-width: 150px) 100vw, 150px\" \/>En mai 2019, le gouvernement saoudien, par l\u2019interm\u00e9diaire de son Fonds de d\u00e9veloppement des ressources humaines (<a href=\"https:\/\/www.hrdf.org.sa\/\">HRDF<\/a>), a encourag\u00e9 publiquement les entreprises du secteur priv\u00e9 \u00e0 prendre conscience de leur responsabilit\u00e9 sociale et \u00e0 offrir des possibilit\u00e9s de formation \u00e0 des jeunes ambitieux<a href=\"#_ftn7\" name=\"_ftnref7\">[7]<\/a>. Le programme de formation d\u2019\u00e9t\u00e9 du HRDF, <a href=\"https:\/\/saifi.hrdf.org.sa\/\">Saifi<\/a>, se d\u00e9roule en coop\u00e9ration avec plusieurs organismes, notamment le minist\u00e8re du Travail et du D\u00e9veloppement social. Toutes les entreprises priv\u00e9es de 25\u00a0employ\u00e9s ou plus sont oblig\u00e9es de participer au programme, tandis que les petites entreprises sont \u00e9galement invit\u00e9es \u00e0 comprendre comment elles peuvent contribuer au d\u00e9veloppement des comp\u00e9tences et de l\u2019exp\u00e9rience de travail des jeunes.<\/p>\n<p>Abdul Latif Jameel a une feuille de route impressionnante en mati\u00e8re de cr\u00e9ation d\u2019emplois, de possibilit\u00e9s de formation et d\u2019\u00e9ducation pour les personnes qui autrement, ne pourraient pas \u00eatre en mesure d\u2019y acc\u00e9der.<\/p>\n<p><strong>Bourses MIT<\/strong><\/p>\n<p>Cela fait 25\u00a0ans que Community Jameel a mis en place la bourse d\u2019\u00e9tudes Abdul Latif Jameel-Toyota offrant la possibilit\u00e9 d\u2019\u00e9tudier au Massachusetts Institute of Technology (<a href=\"https:\/\/mit.edu\">MIT<\/a>). La bourse \u2013\u00a0aujourd\u2019hui plus connue sous le nom de Jameel-Toyota Scholars (ou<a href=\"https:\/\/www.communityjameel.org\/en\/initiatives\/education\/jameel-toyota-scholars-at-mit\"> JTS<\/a>)\u00a0\u2013 est disponible pour les \u00e9tudiants du Moyen-Orient, d\u2019Afrique du Nord et d\u2019Asie, et offre un soutien financier aux \u00e9tudiants de premier cycle au MIT. Son objectif est d\u2019aider les jeunes \u00e0 r\u00e9aliser leur potentiel dans l\u2019une des plus grandes universit\u00e9s du monde. Il ne fait aucun doute que c\u2019est le cas et qu\u2019elle continue de remplir son ambition.<\/p>\n<p><img decoding=\"async\" loading=\"lazy\" class=\"aligncenter\" src=\"https:\/\/www.alj.com\/app\/uploads\/2019\/06\/Jameel-Toyota.jpg\" width=\"877\" height=\"621\" \/><\/p>\n<p>Jusqu\u2019\u00e0 pr\u00e9sent, pr\u00e8s de 200\u00a0\u00e9tudiants de 25\u00a0pays diff\u00e9rents ont b\u00e9n\u00e9fici\u00e9 de cette bourse. De nombreux boursiers ont lanc\u00e9 des entreprises prosp\u00e8res, contribuant ainsi \u00e0 am\u00e9liorer leur communaut\u00e9, \u00e0 la fois sur le plan \u00e9conomique, par le biais de la cr\u00e9ation d\u2019emplois, et sur le plan social, en faisant progresser les qualit\u00e9s positives mises en avant par Abdul Latif Jameel.<\/p>\n<figure id=\"attachment_38337\" aria-describedby=\"caption-attachment-38337\" style=\"width: 890px\" class=\"wp-caption aligncenter\"><img decoding=\"async\" loading=\"lazy\" class=\"wp-image-38337 size-full\" src=\"https:\/\/www.alj.com\/app\/uploads\/2019\/06\/Jameel-Toyota-scholarship.jpg\" alt=\"\" width=\"890\" height=\"890\" srcset=\"https:\/\/media.alj.com\/app\/uploads\/2019\/06\/Jameel-Toyota-scholarship.jpg 890w, https:\/\/media.alj.com\/app\/uploads\/2019\/06\/Jameel-Toyota-scholarship-150x150.jpg 150w, https:\/\/media.alj.com\/app\/uploads\/2019\/06\/Jameel-Toyota-scholarship-300x300.jpg 300w, https:\/\/media.alj.com\/app\/uploads\/2019\/06\/Jameel-Toyota-scholarship-768x768.jpg 768w, https:\/\/media.alj.com\/app\/uploads\/2019\/06\/Jameel-Toyota-scholarship-200x200.jpg 200w, https:\/\/media.alj.com\/app\/uploads\/2019\/06\/Jameel-Toyota-scholarship-170x170.jpg 170w, https:\/\/media.alj.com\/app\/uploads\/2019\/06\/Jameel-Toyota-scholarship-70x70.jpg 70w, https:\/\/media.alj.com\/app\/uploads\/2019\/06\/Jameel-Toyota-scholarship-271x271.jpg 271w\" sizes=\"(max-width: 890px) 100vw, 890px\" \/><figcaption id=\"caption-attachment-38337\" class=\"wp-caption-text\"><span style=\"font-size: 10px;\">Fady M. Jameel (centre), vice-pr\u00e9sident et pr\u00e9sident, Abdul Latif Jameel, est \u00e9paul\u00e9 par Omar H. Al-Madhi (centre-gauche), directeur principal, Abdul Latif Jameel Investments (et ancien \u00e9l\u00e8ve du MIT Sloan) et George Richards (centre-droit), directeur de la strat\u00e9gie internationale de Community Jameel, lors de leur rencontre avec la fourn\u00e9e actuelle de boursiers Jameel-Toyota au campus du MIT \u00e0 Boston, aux \u00c9tats-Unis.<\/span><\/figcaption><\/figure>\n<p><strong>Soutenir les jeunes leaders talentueux<\/strong><\/p>\n<p><img decoding=\"async\" loading=\"lazy\" class=\"alignleft wp-image-38344 size-thumbnail\" src=\"https:\/\/www.alj.com\/app\/uploads\/2019\/06\/IE-150x150.png\" alt=\"\" width=\"150\" height=\"150\" srcset=\"https:\/\/media.alj.com\/app\/uploads\/2019\/06\/IE-150x150.png 150w, https:\/\/media.alj.com\/app\/uploads\/2019\/06\/IE-70x70.png 70w, https:\/\/media.alj.com\/app\/uploads\/2019\/06\/IE.png 160w\" sizes=\"(max-width: 150px) 100vw, 150px\" \/>La bourse d\u2019\u00e9tudes Jameel-Toyota est loin d\u2019\u00eatre le seul programme g\u00e9r\u00e9 par les entreprises diversifi\u00e9es d\u2019Abdul Latif Jameel.<\/p>\n<p>Fotowatio Renewable Ventures (<a href=\"https:\/\/frv.com\">FRV<\/a>), entreprise appartenant \u00e0 <a href=\"https:\/\/www.alj.com\/en\/energy-and-environmental-services\/energy-overview\/\">Abdul Latif Jameel Energy<\/a> et d\u00e9veloppeur international de projets d\u2019\u00e9nergie renouvelable \u00e0 grande \u00e9chelle, a propos\u00e9 une bourse <a href=\"https:\/\/frv.com\/en\/our-commitments\/frv-scholarship-young-talent-leaders-ie\/\">Young Talented Leaders<\/a> pendant les quatre derni\u00e8res ann\u00e9es en partenariat avec la Fundacion Instituto de Empresa (<a href=\"https:\/\/www.ie.edu\/\">IE Foundation<\/a>).<\/p>\n<p>Les bourses sont ouvertes aux candidats des r\u00e9gions voisines des projets FRV. D\u2019une valeur de plus de 140\u00a0000\u00a0USD, la bourse finance un programme de quatre\u00a0ans menant \u00e0 un dipl\u00f4me de IE University en Espagne. Les laur\u00e9ats pr\u00e9c\u00e9dents de la bourse venaient d\u2019Uruguay et de Jordanie.<\/p>\n<p><iframe loading=\"lazy\" title=\"FRV &#039;Young Talented Leaders&#039; Scholarship\" width=\"640\" height=\"360\" src=\"https:\/\/www.youtube.com\/embed\/Br5IVB9Nkr4?feature=oembed\" frameborder=\"0\" allow=\"accelerometer; autoplay; encrypted-media; gyroscope; picture-in-picture\" allowfullscreen><\/iframe><\/p>\n<p><img decoding=\"async\" loading=\"lazy\" class=\"alignleft wp-image-37308 \" src=\"https:\/\/www.alj.com\/app\/uploads\/2019\/04\/Daniel-Sagi-Vela-100x150.jpg\" alt=\"\" width=\"125\" height=\"188\" \/>Daniel Sagi-Vela, PDG de FRV, a d\u00e9clar\u00e9\u00a0: \u00ab\u00a0<em>Nous r\u00e9alisons des projets dans de nombreux pays \u2013\u00a0en particulier dans les pays en d\u00e9veloppement\u00a0\u2013 et nous voulons pouvoir rendre une partie de ce que nous recevons de leur part. La meilleure fa\u00e7on de le faire est par l\u2019\u00e9ducation, et c\u2019est la raison pour laquelle nous avons lanc\u00e9 le programme de bourses d\u2019\u00e9tudes destin\u00e9 aux jeunes qui n\u2019ont peut-\u00eatre pas les ressources n\u00e9cessaires pour aller \u00e0 l\u2019universit\u00e9. Nous les aidons \u00e0 atteindre leurs objectifs et \u00e0 b\u00e2tir un brillant avenir.<\/em>\u00a0\u00bb<\/p>\n<p>Andrea Fontana, directeur des op\u00e9rations de FRV Europe, a ajout\u00e9\u00a0: \u00ab\u00a0<em>Ce programme montre l\u2019engagement de FRV envers la communaut\u00e9 \u00e9ducative de la r\u00e9gion et particuli\u00e8rement envers les jeunes talents.<\/em>\u00a0\u00bb<\/p>\n<p>&nbsp;<\/p>\n<p><img decoding=\"async\" loading=\"lazy\" class=\"alignleft wp-image-38352 size-thumbnail\" src=\"https:\/\/www.alj.com\/app\/uploads\/2019\/06\/Guzman-Noya-150x97.jpg\" alt=\"\" width=\"150\" height=\"97\" srcset=\"https:\/\/media.alj.com\/app\/uploads\/2019\/06\/Guzman-Noya-150x97.jpg 150w, https:\/\/media.alj.com\/app\/uploads\/2019\/06\/Guzman-Noya-300x195.jpg 300w, https:\/\/media.alj.com\/app\/uploads\/2019\/06\/Guzman-Noya.jpg 596w\" sizes=\"(max-width: 150px) 100vw, 150px\" \/>Guzman Noya, un ressortissant uruguayen qui a remport\u00e9 la bourse FRV pour les jeunes talents en 2015, a certainement b\u00e9n\u00e9fici\u00e9 de son exp\u00e9rience. Depuis l\u2019obtention de sa bourse, il a occup\u00e9 des postes \u00e0 Banco Sabadell et Amazon.<\/p>\n<p>Il a d\u00e9clar\u00e9\u00a0: \u00ab\u00a0<em>Ma d\u00e9termination m\u2019a pouss\u00e9 \u00e0 aller au bout d\u2019un processus de s\u00e9lection difficile. C\u2019\u00e9tait d\u00e9finitivement un d\u00e9fi, mais je crois que vous devez faire de votre mieux pour surmonter vos peurs et tirer le meilleur parti des situations stressantes. L\u2019exp\u00e9rience que j\u2019ai pu acqu\u00e9rir est inestimable. J\u2019ai particip\u00e9 \u00e0 des ateliers et \u00e0 des cours sp\u00e9cialis\u00e9s dans un programme tr\u00e8s pratique. Cela vous aide vraiment \u00e0 d\u00e9velopper des comp\u00e9tences en leadership et en travail d\u2019\u00e9quipe et ces comp\u00e9tences auront, esp\u00e9rons-le, un impact positif dans ma communaut\u00e9.<\/em>.\u00a0\u00bb<\/p>\n<p><iframe loading=\"lazy\" title=\"FRV Scholarship Guzman Noya\" width=\"640\" height=\"360\" src=\"https:\/\/www.youtube.com\/embed\/_Gwj5xLYB8E?feature=oembed\" frameborder=\"0\" allow=\"accelerometer; autoplay; encrypted-media; gyroscope; picture-in-picture\" allowfullscreen><\/iframe><\/p>\n<p><img decoding=\"async\" loading=\"lazy\" class=\"alignleft wp-image-38359 size-thumbnail\" src=\"https:\/\/www.alj.com\/app\/uploads\/2019\/06\/Amina-Adwan-148x150.png\" alt=\"\" width=\"148\" height=\"150\" srcset=\"https:\/\/media.alj.com\/app\/uploads\/2019\/06\/Amina-Adwan-148x150.png 148w, https:\/\/media.alj.com\/app\/uploads\/2019\/06\/Amina-Adwan-295x300.png 295w, https:\/\/media.alj.com\/app\/uploads\/2019\/06\/Amina-Adwan-70x70.png 70w, https:\/\/media.alj.com\/app\/uploads\/2019\/06\/Amina-Adwan.png 300w\" sizes=\"(max-width: 148px) 100vw, 148px\" \/>Amina Adwan, une autre laur\u00e9ate de la bourse FRV pour les jeunes talents, a d\u00e9clar\u00e9\u00a0: \u00ab\u00a0<em>Sans cette incroyable r\u00e9compense, je ne pourrais pas \u00e9tudier dans l\u2019une des meilleures universit\u00e9s du monde. Pouvoir \u00e9tudier \u00e0 IE University est pour moi la premi\u00e8re \u00e9tape pouvant me permettre de r\u00e9aliser mes r\u00eaves. Je suis tellement chanceuse d\u2019avoir obtenu cette bourse. Les \u00e9tudiants viennent ici en provenance du monde entier \u2013\u00a0je pense que l\u2019universit\u00e9 compte 80\u00a0nationalit\u00e9s diff\u00e9rentes\u00a0\u2013 et pouvoir communiquer avec des personnes de diff\u00e9rents horizons et qui ont eu des histoires de vie tr\u00e8s vari\u00e9es est tr\u00e8s enrichissant. Il y a tellement \u00e0 apprendre de cela<\/em>.\u00a0\u00bb<\/p>\n<p><strong>\u00a0<\/strong><strong>Entreprise stimulante<\/strong><\/p>\n<p><img decoding=\"async\" loading=\"lazy\" class=\"alignleft wp-image-38368 size-medium\" src=\"https:\/\/www.alj.com\/app\/uploads\/2019\/06\/MITEF-Pan-Arab-300x58.png\" alt=\"\" width=\"300\" height=\"58\" srcset=\"https:\/\/media.alj.com\/app\/uploads\/2019\/06\/MITEF-Pan-Arab.png 300w, https:\/\/media.alj.com\/app\/uploads\/2019\/06\/MITEF-Pan-Arab-150x29.png 150w\" sizes=\"(max-width: 300px) 100vw, 300px\" \/>Au Moyen-Orient, Community Jameel s\u2019est associ\u00e9e au <a href=\"https:\/\/www.mitefarab.org\/\">MIT Enterprise Forum Pan Arab Region<\/a> pour organiser la MIT Enterprise Forum Arab Startup Competition (<a href=\"https:\/\/www.mitarabcompetition.com\/\">ASC<\/a>), un \u00e9v\u00e9nement annuel de premier plan organis\u00e9 pour la premi\u00e8re\u00a0fois en 2006. L\u2019ASC a \u00e9t\u00e9 cr\u00e9\u00e9e pour responsabiliser les entrepreneurs et favoriser l\u2019instauration d\u2019un \u00e9cosyst\u00e8me d\u2019innovation et d\u2019entrepreneuriat dans le monde arabe. Neuf \u00e9quipes gagnantes r\u00e9parties dans trois\u00a0cat\u00e9gories diff\u00e9rentes se sont vu octroyer 160\u00a0000\u00a0USD en fonds propres, et ont pu b\u00e9n\u00e9ficier d\u2019activit\u00e9s de formation, de mentorat et de coaching ainsi que d\u2019une exposition m\u00e9diatique.<\/p>\n<p><iframe loading=\"lazy\" title=\"MITEF Arab Startup Competition final awards ceremony and conference 2019\" width=\"640\" height=\"360\" src=\"https:\/\/www.youtube.com\/embed\/z6L6EmGj2dw?feature=oembed\" frameborder=\"0\" allow=\"accelerometer; autoplay; encrypted-media; gyroscope; picture-in-picture\" allowfullscreen><\/iframe><\/p>\n<p>La 12<sup>e<\/sup>\u00a0\u00e9dition de l\u2019ASC, organis\u00e9e en mars\u00a02019, a attir\u00e9 plus de 900\u00a0membres de l\u2019\u00e9cosyst\u00e8me r\u00e9gional de startups \u00e0 Beyrouth, au Liban. Depuis les d\u00e9buts de l\u2019ASC, les laur\u00e9ats ont cr\u00e9\u00e9 14\u00a0000\u00a0emplois pour un co\u00fbt inf\u00e9rieur \u00e0 10\u00a0millions de dollars am\u00e9ricains. La Marocaine Sophia El Bahja a \u00e9t\u00e9 demi-finaliste dans la cat\u00e9gorie Entrepreneuriat social avec sa startup NoBox Lab. Elle a d\u00e9clar\u00e9\u00a0: \u00ab\u00a0Cette exp\u00e9rience a \u00e9t\u00e9 tr\u00e8s profitable. Quel que soit le r\u00e9sultat final, j\u2019invite tous les jeunes entrepreneurs \u00e0 se pr\u00e9senter \u00e0 ce concours.\u00a0\u00bb<\/p>\n<p>Parmi les laur\u00e9ats de l\u2019ASC 2019, on compte Mashvisor, une soci\u00e9t\u00e9 palestinienne aidant les investisseurs immobiliers \u00e0 trouver rapidement des propri\u00e9t\u00e9s d\u2019investissement traditionnelles et des Airbnb\u00a0; Quadra, une soci\u00e9t\u00e9 libanaise fournissant des machines de tri optiques pour les fruits \u00e0 prix abordables, permettant \u00e0 ses clients d\u2019acc\u00e9der \u00e0 de nouveaux march\u00e9s en effectuant un tri conforme aux normes internationales\u00a0; et Compost Baladi, une entreprise sociale libanaise sp\u00e9cialis\u00e9e dans la gestion durable des d\u00e9chets organiques.<\/p>\n<p><img decoding=\"async\" loading=\"lazy\" class=\"aligncenter wp-image-38668\" src=\"https:\/\/www.alj.com\/app\/uploads\/2019\/06\/Start-ups.jpg\" alt=\"\" width=\"728\" height=\"515\" srcset=\"https:\/\/media.alj.com\/app\/uploads\/2019\/06\/Start-ups.jpg 2362w, https:\/\/media.alj.com\/app\/uploads\/2019\/06\/Start-ups-150x106.jpg 150w, https:\/\/media.alj.com\/app\/uploads\/2019\/06\/Start-ups-300x212.jpg 300w, https:\/\/media.alj.com\/app\/uploads\/2019\/06\/Start-ups-768x543.jpg 768w, https:\/\/media.alj.com\/app\/uploads\/2019\/06\/Start-ups-1024x724.jpg 1024w\" sizes=\"(max-width: 728px) 100vw, 728px\" \/><\/p>\n<p><strong>Former pour l\u2019avenir<\/strong><\/p>\n<p>En Arabie Saoudite, Abdul Latif Jamel a cr\u00e9\u00e9 une co-entreprise avec le cabinet conseil \u00ab\u00a0Kaizen\u00a0\u00bb <a href=\"https:\/\/fourprinciples.com\">Four Principles<\/a> pour <a href=\"https:\/\/alj.com\/en\/news\/abdul-latif-jameel-four-principles-launch-new-program-support-saudi-arabian-nationals-learn-japanese-business-philosophy\/?id=media_cente\">former les nationaux saoudiens<\/a> conform\u00e9ment aux principes et aux m\u00e9thodes du lean management.<\/p>\n<p>Le mot \u00ab\u00a0Kaizen\u00a0\u00bb d\u00e9signe une mentalit\u00e9 industrielle d\u00e9velopp\u00e9e au Japon qui aide les entreprises \u00e0 am\u00e9liorer leur efficacit\u00e9 et leurs performances, \u00e0 \u00e9liminer les d\u00e9chets et \u00e0 maximiser leurs ressources. Cette initiative verra une s\u00e9lection de ressortissants saoudiens \u2013\u00a0hommes et femmes\u00a0&#8211; participer \u00e0 une formation de deux\u00a0ans en lean management. Ils exerceront chacun une fonction de conseil dans plusieurs secteurs, et seront constamment expos\u00e9s aux approches de gestion des affaires internationales, ce qui les aidera ainsi \u00e0 se pr\u00e9parer \u00e0 de futurs r\u00f4les de direction.<\/p>\n<p><img decoding=\"async\" loading=\"lazy\" class=\"alignleft wp-image-38272 \" src=\"https:\/\/www.alj.com\/app\/uploads\/2019\/06\/Fady-Jameel-106x150.jpg\" alt=\"\" width=\"136\" height=\"192\" srcset=\"https:\/\/media.alj.com\/app\/uploads\/2019\/06\/Fady-Jameel-106x150.jpg 106w, https:\/\/media.alj.com\/app\/uploads\/2019\/06\/Fady-Jameel-211x300.jpg 211w, https:\/\/media.alj.com\/app\/uploads\/2019\/06\/Fady-Jameel-768x1092.jpg 768w, https:\/\/media.alj.com\/app\/uploads\/2019\/06\/Fady-Jameel-720x1024.jpg 720w\" sizes=\"(max-width: 136px) 100vw, 136px\" \/><a href=\"https:\/\/www.linkedin.com\/in\/fady-jameel\/\">Fady M. Jameel<\/a>, vice-pr\u00e9sident d\u2019Abdul Latif Jameel International a d\u00e9clar\u00e9\u00a0: \u00ab\u00a0Ainsi que l\u2019\u00e9tablit clairement la Vision 2030, notre v\u00e9ritable richesse r\u00e9side dans les ambitions de notre peuple et le potentiel de notre jeune g\u00e9n\u00e9ration. Ils sont les architectes du futur.<\/p>\n<p>C\u2019est la raison pour laquelle Abdul Latif Jameel investit dans les citoyens saoudiens et leur offre cette opportunit\u00e9 d\u2019apprendre au sein d\u2019un environnement international.\u00a0\u00bb<\/p>\n<p>&nbsp;<\/p>\n<p>&nbsp;<\/p>\n<p><strong>Progr\u00e8s par la recherche<\/strong><\/p>\n<p>Aux \u00c9tats-Unis, le Laboratoire mondial d\u2019\u00e9ducation Abdul Latif Jameel (<a href=\"https:\/\/jwel.mit.edu\">J-WEL<\/a>) au Massachusetts Institute of Technology (MIT), cofond\u00e9 par <a href=\"https:\/\/communityjameel.org\">Community Jameel<\/a> et le MIT en 2017, continue de conduire une renaissance dans l\u2019\u00e9ducation. R\u00e9cemment, il a \u00e9galement d\u00e9voil\u00e9 sa participation \u00e0 un programme \u00e9ducatif men\u00e9 avec l\u2019Initiative Mathisi et l\u2019\u00e9cole Moraitis \u00e0 Ath\u00e8nes.<\/p>\n<p>Le programme offrira une formation d\u2019\u00e9t\u00e9 en sciences, technologie, ing\u00e9nierie et math\u00e9matique (STEM) aux \u00e9l\u00e8ves du premier cycle du secondaire en Gr\u00e8ce. Sur une base plus large, le partenariat durable entre Abdul Latif Jameel et le MIT a aid\u00e9 les chefs d\u2019entreprise de demain \u00e0 cr\u00e9er des centaines de bourses d\u2019\u00e9tudes sup\u00e9rieures.<\/p>\n<p><iframe loading=\"lazy\" title=\"Community Jameel and MIT launch The Abdul Latif Jameel World Education Lab (J-WEL) (EN, 16:9)\" width=\"640\" height=\"360\" src=\"https:\/\/www.youtube.com\/embed\/JqxyZP7ykGA?feature=oembed\" frameborder=\"0\" allow=\"accelerometer; autoplay; encrypted-media; gyroscope; picture-in-picture\" allowfullscreen><\/iframe><\/p>\n<p><strong>Et personne n\u2019est laiss\u00e9 pour compte<\/strong><\/p>\n<p>Enfin, le Laboratoire d\u2019action contre la pauvret\u00e9 Abdul Latif Jameel (J-PAL) et le Laboratoire mondial d\u2019\u00e9ducation Abdul Latif Jameel (J-WEL) \u2013\u00a0tous deux \u00e9galement bas\u00e9s au MIT\u00a0\u2013 font leur possible pour permettre \u00e0 un maximum de personnes d\u2019avoir acc\u00e8s \u00e0 l\u2019\u00e9ducation dont elles ont besoin pour construire des carri\u00e8res florissantes plus tard dans leur vie.<\/p>\n<p>En 2018, J-PAL a fait \u00e9quipe avec l\u2019initiative Refugee Action du MIT (<a href=\"http:\/\/react.mit.edu\/\">ReACT<\/a>) qui vise \u00e0 cr\u00e9er un nouveau programme d\u2019apprentissage sur mesure pour certains r\u00e9fugi\u00e9s, leur donnant ainsi acc\u00e8s au programme en ligne MicroMasters sur les donn\u00e9es, l\u2019\u00e9conomie et les politiques de d\u00e9veloppement propos\u00e9 par J-PAL et le d\u00e9partement des sciences \u00e9conomiques du MIT.<\/p>\n<figure id=\"attachment_38376\" aria-describedby=\"caption-attachment-38376\" style=\"width: 300px\" class=\"wp-caption alignleft\"><img decoding=\"async\" loading=\"lazy\" class=\"wp-image-38376 size-medium\" src=\"https:\/\/www.alj.com\/app\/uploads\/2019\/06\/Helle-Thorning-Schmidt-300x142.jpg\" alt=\"\" width=\"300\" height=\"142\" srcset=\"https:\/\/media.alj.com\/app\/uploads\/2019\/06\/Helle-Thorning-Schmidt-300x142.jpg 300w, https:\/\/media.alj.com\/app\/uploads\/2019\/06\/Helle-Thorning-Schmidt-150x71.jpg 150w, https:\/\/media.alj.com\/app\/uploads\/2019\/06\/Helle-Thorning-Schmidt.jpg 752w\" sizes=\"(max-width: 300px) 100vw, 300px\" \/><figcaption id=\"caption-attachment-38376\" class=\"wp-caption-text\"><span style=\"font-size: 10px;\">De gauche \u00e0 droite : Rafael Reif, pr\u00e9sident du MIT, <a href=\"https:\/\/www.alj.com\/en\/our-people\/hassan-jameel\/\">Hassan Jameel<\/a>, pr\u00e9sident de la communaut\u00e9 Jameel (Arabie saoudite), Sa Majest\u00e9 la reine Rania Al Abdullah de Jordanie et Helle Thorning-Schmidt, PDG de Save the Children International, lors de la table ronde sur l\u2019\u00e9ducation des r\u00e9fugi\u00e9s au Forum \u00e9conomique mondial \u00e0 Davos<\/span><\/figcaption><\/figure>\n<p>En m\u00eame temps, J-WEL travaille avec l\u2019\u00e9quipe d\u2019\u00e9ducation mondiale de <a href=\"https:\/\/alj.com\/en\/news\/abdul-latif-jameel-world-education-lab-mit-save-children-come-together-tackle-refugee-education-crisis-middle-east\/?id=media_center\">Save the Children<\/a> charg\u00e9e de renforcer les capacit\u00e9s des enseignants du Moyen-Orient et du syst\u00e8me \u00e9ducatif dans son ensemble mis \u00e0 rude \u00e9preuve par des \u00e9v\u00e9nements tels que le conflit en Syrie.<\/p>\n<p>Dans le droit fil de ces ambitions, <a href=\"https:\/\/www.alj.com\/en\/our-people\/hassan-jameel\/\">Hassan Jameel<\/a>, pr\u00e9sident de Community Jameel, en Arabie saoudite, a accueilli plus de 15\u00a0dirigeants lors d\u2019une <a href=\"https:\/\/alj.com\/en\/news\/leaders-commit-urgent-support-refugee-education\/?id=media_center\">table ronde<\/a> destin\u00e9e \u00e0 soutenir les syst\u00e8mes \u00e9ducatifs des pays d\u2019accueil des r\u00e9fugi\u00e9s du Moyen-Orient, organis\u00e9e \u00e0 l\u2019occasion du Forum \u00e9conomique mondial de Davos qui s\u2019est tenu en d\u00e9but d\u2019ann\u00e9e.<\/p>\n<p>Des actions de Community Jameel \u00e0 travers le monde aux activit\u00e9s commerciales quotidiennes de la soci\u00e9t\u00e9 diversifi\u00e9e Abdul Latif Jameel, la volont\u00e9 de reconna\u00eetre et de satisfaire les besoins des jeunes partout et chaque fois que cela est possible par le biais de chacune de ses branches transpara\u00eet clairement. Gr\u00e2ce \u00e0 l\u2019\u00e9tendue de leur exp\u00e9rience et leur volont\u00e9 de lib\u00e9rer le potentiel de chacun, ces organisations sont en passe de tenir leur promesse de cr\u00e9er un meilleur avenir pour tous.<\/p>\n<p><a href=\"#_ftnref1\" name=\"_ftn1\">[1]<\/a> [1] <a href=\"https:\/\/www.ilo.org\/wcmsp5\/groups\/public\/---dgreports\/---dcomm\/---publ\/documents\/publication\/wcms_670542.pdf\">World Employment and Social Outlook 2019<\/a>, International Labour Organization, accessed May 2019<\/p>\n<p><a href=\"#_ftnref2\" name=\"_ftn2\"><\/a><a href=\"https:\/\/www.ilo.org\/global\/about-the-ilo\/newsroom\/news\/WCMS_597065\/lang--en\/index.htm\">Weak recovery in youth labour markets demands a sweeping response<\/a>, International Labour Organization, 20 November 2017<\/p>\n<p><a href=\"#_ftnref3\" name=\"_ftn3\">[3]<\/a> [3] <a href=\"https:\/\/www.ilo.org\/wcmsp5\/groups\/public\/---dgreports\/---dcomm\/---publ\/documents\/publication\/wcms_670542.pdf\">World Employment and Social Outlook 2019<\/a>, International Labour Organization, accessed May 2019<\/p>\n<p><a href=\"#_ftnref4\" name=\"_ftn4\">[4]<\/a> <a href=\"https:\/\/sustainabledevelopment.un.org\/?menu=1300\">Sustainable Development Goals<\/a>, United Nations, accessed May 2019<\/p>\n<p><a href=\"#_ftnref5\" name=\"_ftn5\">[5]<\/a> <a href=\"https:\/\/www.unglobalcompact.org\/what-is-gc\/mission\/principles\/principle-6\">Principle 6: Labour<\/a>, United Nations Global Compact, accessed May 2019<\/p>\n<p><a href=\"#_ftnref6\" name=\"_ftn6\">[6]<\/a> <a href=\"https:\/\/assets.publishing.service.gov.uk\/media\/5b3b5de3ed915d33c7d58e52\/Internships.pdf\">Benefits of Internships for Interns and Host Organisations<\/a>, K4D, 15\u00a0juin\u00a02018<\/p>\n<p><a href=\"#_ftnref7\" name=\"_ftn7\">[7]<\/a> <a href=\"http:\/\/www.arabnews.com\/node\/1494491\/saudi-arabia\">Private sector urged to train Saudi youth<\/a>, Arab News, 8\u00a0mai\u00a02019<\/p>\n","protected":false},"author":18,"featured_media":38383,"template":"","tags":[],"acf":[],"yoast_head":"<!-- This site is optimized with the Yoast SEO plugin v21.5 - https:\/\/yoast.com\/wordpress\/plugins\/seo\/ -->\n<title>Aider la nouvelle g\u00e9n\u00e9ration de dirigeants \u00e0 b\u00e2tir une carri\u00e8re | Abdul Latif Jameel\u00ae<\/title>\n<meta name=\"description\" content=\"Alors qu\u2019une nouvelle g\u00e9n\u00e9ration des dirigeants de demain se pr\u00e9pare \u00e0 prendre place dans l\u2019industrie, Abdul Latif Jameel leur offre des opportunit\u00e9s dans le monde entier pour commencer leur carri\u00e8re.\" \/>\n<meta name=\"robots\" content=\"index, follow, max-snippet:-1, max-image-preview:large, max-video-preview:-1\" \/>\n<link rel=\"canonical\" href=\"https:\/\/alj.com\/fr\/perspective\/helping-the-next-generation-of-leaders-to-build-their-careers\/\" \/>\n<meta property=\"og:locale\" content=\"fr_FR\" \/>\n<meta property=\"og:type\" content=\"article\" \/>\n<meta property=\"og:title\" content=\"Aider la nouvelle g\u00e9n\u00e9ration de dirigeants \u00e0 b\u00e2tir une carri\u00e8re | Abdul Latif Jameel\u00ae\" \/>\n<meta property=\"og:description\" content=\"Alors qu\u2019une nouvelle g\u00e9n\u00e9ration des dirigeants de demain se pr\u00e9pare \u00e0 prendre place dans l\u2019industrie, Abdul Latif Jameel leur offre des opportunit\u00e9s dans le monde entier pour commencer leur carri\u00e8re.\" \/>\n<meta property=\"og:url\" content=\"https:\/\/alj.com\/fr\/perspective\/helping-the-next-generation-of-leaders-to-build-their-careers\/\" \/>\n<meta property=\"og:site_name\" content=\"Abdul Latif Jameel\" \/>\n<meta property=\"article:publisher\" content=\"https:\/\/www.facebook.com\/Abdul.Latif.Jameel.Official\" \/>\n<meta property=\"article:modified_time\" content=\"2020-01-06T11:43:36+00:00\" \/>\n<meta property=\"og:image\" content=\"https:\/\/media.alj.com\/app\/uploads\/2019\/06\/Schools-and-education-hero.jpg\" \/>\n\t<meta property=\"og:image:width\" content=\"1376\" \/>\n\t<meta property=\"og:image:height\" content=\"894\" \/>\n\t<meta property=\"og:image:type\" content=\"image\/jpeg\" \/>\n<meta name=\"twitter:card\" content=\"summary_large_image\" \/>\n<meta name=\"twitter:label1\" content=\"Est. reading time\" \/>\n\t<meta name=\"twitter:data1\" content=\"12 minutes\" \/>\n<script type=\"application\/ld+json\" class=\"yoast-schema-graph\">{\"@context\":\"https:\/\/schema.org\",\"@graph\":[{\"@type\":\"WebPage\",\"@id\":\"https:\/\/alj.com\/fr\/perspective\/helping-the-next-generation-of-leaders-to-build-their-careers\/\",\"url\":\"https:\/\/alj.com\/fr\/perspective\/helping-the-next-generation-of-leaders-to-build-their-careers\/\",\"name\":\"Aider la nouvelle g\u00e9n\u00e9ration de dirigeants \u00e0 b\u00e2tir une carri\u00e8re | Abdul Latif Jameel\u00ae\",\"isPartOf\":{\"@id\":\"https:\/\/alj.com\/en\/#website\"},\"datePublished\":\"2019-06-12T10:16:05+00:00\",\"dateModified\":\"2020-01-06T11:43:36+00:00\",\"description\":\"Alors qu\u2019une nouvelle g\u00e9n\u00e9ration des dirigeants de demain se pr\u00e9pare \u00e0 prendre place dans l\u2019industrie, Abdul Latif Jameel leur offre des opportunit\u00e9s dans le monde entier pour commencer leur carri\u00e8re.\",\"breadcrumb\":{\"@id\":\"https:\/\/alj.com\/fr\/perspective\/helping-the-next-generation-of-leaders-to-build-their-careers\/#breadcrumb\"},\"inLanguage\":\"fr-FR\",\"potentialAction\":[{\"@type\":\"ReadAction\",\"target\":[\"https:\/\/alj.com\/fr\/perspective\/helping-the-next-generation-of-leaders-to-build-their-careers\/\"]}]},{\"@type\":\"BreadcrumbList\",\"@id\":\"https:\/\/alj.com\/fr\/perspective\/helping-the-next-generation-of-leaders-to-build-their-careers\/#breadcrumb\",\"itemListElement\":[{\"@type\":\"ListItem\",\"position\":1,\"name\":\"Home\",\"item\":\"https:\/\/alj.com\/fr\/\"},{\"@type\":\"ListItem\",\"position\":2,\"name\":\"Perspectives\",\"item\":\"https:\/\/alj.com\/ja\/perspective\/\"},{\"@type\":\"ListItem\",\"position\":3,\"name\":\"Aider la prochaine g\u00e9n\u00e9ration de leaders \u00e0 construire leur carri\u00e8re\"}]},{\"@type\":\"WebSite\",\"@id\":\"https:\/\/alj.com\/en\/#website\",\"url\":\"https:\/\/alj.com\/en\/\",\"name\":\"Abdul Latif Jameel\",\"description\":\"Abdul Latif Jameel\",\"potentialAction\":[{\"@type\":\"SearchAction\",\"target\":{\"@type\":\"EntryPoint\",\"urlTemplate\":\"https:\/\/alj.com\/en\/?s={search_term_string}\"},\"query-input\":\"required name=search_term_string\"}],\"inLanguage\":\"fr-FR\"}]}<\/script>\n<!-- \/ Yoast SEO plugin. -->","yoast_head_json":{"title":"Aider la nouvelle g\u00e9n\u00e9ration de dirigeants \u00e0 b\u00e2tir une carri\u00e8re | Abdul Latif Jameel\u00ae","description":"Alors qu\u2019une nouvelle g\u00e9n\u00e9ration des dirigeants de demain se pr\u00e9pare \u00e0 prendre place dans l\u2019industrie, Abdul Latif Jameel leur offre des opportunit\u00e9s dans le monde entier pour commencer leur carri\u00e8re.","robots":{"index":"index","follow":"follow","max-snippet":"max-snippet:-1","max-image-preview":"max-image-preview:large","max-video-preview":"max-video-preview:-1"},"canonical":"https:\/\/alj.com\/fr\/perspective\/helping-the-next-generation-of-leaders-to-build-their-careers\/","og_locale":"fr_FR","og_type":"article","og_title":"Aider la nouvelle g\u00e9n\u00e9ration de dirigeants \u00e0 b\u00e2tir une carri\u00e8re | Abdul Latif Jameel\u00ae","og_description":"Alors qu\u2019une nouvelle g\u00e9n\u00e9ration des dirigeants de demain se pr\u00e9pare \u00e0 prendre place dans l\u2019industrie, Abdul Latif Jameel leur offre des opportunit\u00e9s dans le monde entier pour commencer leur carri\u00e8re.","og_url":"https:\/\/alj.com\/fr\/perspective\/helping-the-next-generation-of-leaders-to-build-their-careers\/","og_site_name":"Abdul Latif Jameel","article_publisher":"https:\/\/www.facebook.com\/Abdul.Latif.Jameel.Official","article_modified_time":"2020-01-06T11:43:36+00:00","og_image":[{"width":1376,"height":894,"url":"https:\/\/media.alj.com\/app\/uploads\/2019\/06\/Schools-and-education-hero.jpg","type":"image\/jpeg"}],"twitter_card":"summary_large_image","twitter_misc":{"Est. reading time":"12 minutes"},"schema":{"@context":"https:\/\/schema.org","@graph":[{"@type":"WebPage","@id":"https:\/\/alj.com\/fr\/perspective\/helping-the-next-generation-of-leaders-to-build-their-careers\/","url":"https:\/\/alj.com\/fr\/perspective\/helping-the-next-generation-of-leaders-to-build-their-careers\/","name":"Aider la nouvelle g\u00e9n\u00e9ration de dirigeants \u00e0 b\u00e2tir une carri\u00e8re | Abdul Latif Jameel\u00ae","isPartOf":{"@id":"https:\/\/alj.com\/en\/#website"},"datePublished":"2019-06-12T10:16:05+00:00","dateModified":"2020-01-06T11:43:36+00:00","description":"Alors qu\u2019une nouvelle g\u00e9n\u00e9ration des dirigeants de demain se pr\u00e9pare \u00e0 prendre place dans l\u2019industrie, Abdul Latif Jameel leur offre des opportunit\u00e9s dans le monde entier pour commencer leur carri\u00e8re.","breadcrumb":{"@id":"https:\/\/alj.com\/fr\/perspective\/helping-the-next-generation-of-leaders-to-build-their-careers\/#breadcrumb"},"inLanguage":"fr-FR","potentialAction":[{"@type":"ReadAction","target":["https:\/\/alj.com\/fr\/perspective\/helping-the-next-generation-of-leaders-to-build-their-careers\/"]}]},{"@type":"BreadcrumbList","@id":"https:\/\/alj.com\/fr\/perspective\/helping-the-next-generation-of-leaders-to-build-their-careers\/#breadcrumb","itemListElement":[{"@type":"ListItem","position":1,"name":"Home","item":"https:\/\/alj.com\/fr\/"},{"@type":"ListItem","position":2,"name":"Perspectives","item":"https:\/\/alj.com\/ja\/perspective\/"},{"@type":"ListItem","position":3,"name":"Aider la prochaine g\u00e9n\u00e9ration de leaders \u00e0 construire leur carri\u00e8re"}]},{"@type":"WebSite","@id":"https:\/\/alj.com\/en\/#website","url":"https:\/\/alj.com\/en\/","name":"Abdul Latif Jameel","description":"Abdul Latif Jameel","potentialAction":[{"@type":"SearchAction","target":{"@type":"EntryPoint","urlTemplate":"https:\/\/alj.com\/en\/?s={search_term_string}"},"query-input":"required name=search_term_string"}],"inLanguage":"fr-FR"}]}},"post-meta-fields":{"_alp_processed":["1560336720"],"_wpml_word_count":["{\"total\":1901,\"to_translate\":{\"ar\":1901,\"zh-hans\":1901,\"fr\":1901,\"ja\":1901,\"es\":1901,\"tr\":1901}}"],"_wpml_media_featured":["1"],"_wpml_media_duplicate":["1"],"_oembed_b6567dbb45e4573c46316e7d94e5763c":["<iframe title=\"FRV &#039;Young Talented Leaders&#039; Scholarship\" width=\"640\" height=\"360\" src=\"https:\/\/www.youtube.com\/embed\/Br5IVB9Nkr4?feature=oembed\" frameborder=\"0\" allow=\"accelerometer; autoplay; encrypted-media; gyroscope; picture-in-picture\" allowfullscreen><\/iframe>"],"_oembed_time_b6567dbb45e4573c46316e7d94e5763c":["1578311034"],"_oembed_61f1a4bf9de6637fe2ca530961043158":["<iframe title=\"FRV Scholarship Guzman Noya\" width=\"640\" height=\"360\" src=\"https:\/\/www.youtube.com\/embed\/_Gwj5xLYB8E?feature=oembed\" frameborder=\"0\" allow=\"accelerometer; autoplay; encrypted-media; gyroscope; picture-in-picture\" allowfullscreen><\/iframe>"],"_oembed_time_61f1a4bf9de6637fe2ca530961043158":["1578311034"],"_oembed_14fc41bef7dd493d2932450488c45f2e":["<iframe title=\"MITEF Arab Startup Competition final awards ceremony and conference 2019\" width=\"640\" height=\"360\" src=\"https:\/\/www.youtube.com\/embed\/z6L6EmGj2dw?feature=oembed\" frameborder=\"0\" allow=\"accelerometer; autoplay; encrypted-media; gyroscope; picture-in-picture\" allowfullscreen><\/iframe>"],"_oembed_time_14fc41bef7dd493d2932450488c45f2e":["1578311034"],"_oembed_9c518571167bb4fbc3719cbf25f9fa6b":["<iframe title=\"Community Jameel and MIT launch The Abdul Latif Jameel World Education Lab (J-WEL) (EN, 16:9)\" width=\"640\" height=\"360\" src=\"https:\/\/www.youtube.com\/embed\/JqxyZP7ykGA?feature=oembed\" frameborder=\"0\" allow=\"accelerometer; autoplay; encrypted-media; gyroscope; picture-in-picture\" allowfullscreen><\/iframe>"],"_oembed_time_9c518571167bb4fbc3719cbf25f9fa6b":["1578311034"],"perspective_short_title":["Aider la prochaine g\u00e9n\u00e9ration de leaders "],"perspective_summury":["<p>Alors qu\u2019une nouvelle g\u00e9n\u00e9ration se pr\u00e9pare \u00e0 prendre sa place dans l\u2019industrie, Abdul Latif Jameel offre aux leaders de demain des opportunit\u00e9s dans le monde entier pour leur permettre de commencer leur carri\u00e8re d\u00e8s aujourd\u2019hui.<\/p>\n"],"wpcf-featured-news":["0"],"is_latest_news":["0"],"wpcf-show-news-at-homepage":["1"],"push_notification":["no"],"_push_notification":["field_5c3b1fb67034d"],"publish_mobile":[""],"_publish_mobile":["field_5bfa8eb2e65cf"],"mobile_featured_image":["https:\/\/media.alj.com\/app\/uploads\/2019\/06\/Schools-and-education-hero.jpg"],"_mobile_featured_image":["field_5c3b204983dea"],"_wpcf-card-image-sort-order":["a:1:{i:0;i:639704;}"],"_yoast_wpseo_content_score":["30"],"_thumbnail_id":["38383"],"_last_translation_edit_mode":["native-editor"],"post_views_count_2019Sep":["41"],"post_views_count_2019Oct":["34"],"post_views_count_2019Nov":["16"],"_yoast_wpseo_title":["Aider la nouvelle g\u00e9n\u00e9ration de dirigeants \u00e0 b\u00e2tir une carri\u00e8re | Abdul Latif Jameel\u00ae"],"_yoast_wpseo_metadesc":["Alors qu\u2019une nouvelle g\u00e9n\u00e9ration des dirigeants de demain se pr\u00e9pare \u00e0 prendre place dans l\u2019industrie, Abdul Latif Jameel leur offre des opportunit\u00e9s dans le monde entier pour commencer leur carri\u00e8re."],"post_views_count_2019Dec":["24"],"post_views_count_2020Jan":["25"],"perspective_business_sector":["Community Jameel"],"wpcf-perspective-published-date":["1561420800"],"wpcf-card-image":[""],"post_views_count_2020Feb":["17"],"post_views_count_2020Mar":["23"],"post_views_count_2020Apr":["32"],"post_views_count_2020May":["20"],"post_views_count_2020Jun":["23"],"post_views_count_2020Jul":["22"],"post_views_count_2020Aug":["15"],"post_views_count_2020Sep":["16"],"post_views_count_2020Oct":["22"],"post_views_count_2020Nov":["17"],"post_views_count_2020Dec":["14"],"post_views_count_2021Jan":["16"],"post_views_count_2021Feb":["12"],"post_views_count_2021Mar":["24"],"post_views_count_2021Apr":["14"],"post_views_count_2021May":["7"],"post_views_count_2021Jun":["2"],"post_views_count_2021Jul":["9"],"post_views_total_count":["9"]},"_links":{"self":[{"href":"https:\/\/alj.com\/fr\/wp-json\/wp\/v2\/perspective\/38390"}],"collection":[{"href":"https:\/\/alj.com\/fr\/wp-json\/wp\/v2\/perspective"}],"about":[{"href":"https:\/\/alj.com\/fr\/wp-json\/wp\/v2\/types\/perspective"}],"author":[{"embeddable":true,"href":"https:\/\/alj.com\/fr\/wp-json\/wp\/v2\/users\/18"}],"wp:featuredmedia":[{"embeddable":true,"href":"https:\/\/alj.com\/fr\/wp-json\/wp\/v2\/media\/38383"}],"wp:attachment":[{"href":"https:\/\/alj.com\/fr\/wp-json\/wp\/v2\/media?parent=38390"}],"wp:term":[{"taxonomy":"post_tag","embeddable":true,"href":"https:\/\/alj.com\/fr\/wp-json\/wp\/v2\/tags?post=38390"}],"curies":[{"name":"wp","href":"https:\/\/api.w.org\/{rel}","templated":true}]}}