{"id":56741,"date":"2019-09-29T06:28:50","date_gmt":"2019-09-29T06:28:50","guid":{"rendered":"https:\/\/www.alj.com\/perspective\/where-next-for-mobility\/"},"modified":"2022-12-30T08:22:53","modified_gmt":"2022-12-30T08:22:53","slug":"where-next-for-mobility","status":"publish","type":"perspective","link":"https:\/\/alj.com\/fr\/perspective\/where-next-for-mobility\/","title":{"rendered":"Quelle prochaine \u00e9tape pour la mobilit\u00e9?"},"content":{"rendered":"<p>Il y a seulement 50 ans la mobilit\u00e9 mondiale \u00e9tait totalement diff\u00e9rente : pour une population mondiale de 3,7 milliards de personnes, 30 millions de voitures et de camions neufs seulement ont \u00e9t\u00e9 produits chaque ann\u00e9e et seulement 310 millions de passagers ont \u00e9t\u00e9 transport\u00e9s dans les airs.<\/p>\n<p><img decoding=\"async\" loading=\"lazy\" class=\"alignnone wp-image-51810 size-full\" src=\"https:\/\/www.alj.com\/app\/uploads\/2019\/09\/UK-motorway-comparison.jpg\" alt=\"\" width=\"647\" height=\"230\" srcset=\"https:\/\/media.alj.com\/app\/uploads\/2019\/09\/UK-motorway-comparison.jpg 647w, https:\/\/media.alj.com\/app\/uploads\/2019\/09\/UK-motorway-comparison-150x53.jpg 150w, https:\/\/media.alj.com\/app\/uploads\/2019\/09\/UK-motorway-comparison-300x107.jpg 300w\" sizes=\"(max-width: 647px) 100vw, 647px\" \/><\/p>\n<p>Passons \u00e0 aujourd\u2019hui\u00a0: alors que la population mondiale a doubl\u00e9, le nombre de nouveaux v\u00e9hicules produits a tripl\u00e9 pour atteindre pr\u00e8s de 100 millions par an et le nombre de passagers a\u00e9riens a \u00e9t\u00e9 multipli\u00e9 par 10 pour atteindre 4 milliards.<a name=\"_ftnref1\"><\/a><a href=\"https:\/\/www.alj.com\/en\/perspective\/where-next-for-mobility\/#_ftn1\">[1]<\/a><sup>,<\/sup>\u00a0<a name=\"_ftnref2\"><\/a><a href=\"https:\/\/www.alj.com\/en\/perspective\/where-next-for-mobility\/#_ftn2\">[2]<\/a><\/p>\n<p>Avec plus de personnes sur la plan\u00e8te que jamais auparavant, il n&#8217;est pas surprenant que la demande pour mobilit\u00e9 ait augment\u00e9 &#8211; et elle va continuer \u00e0 augmenter \u00e0 mesure que la population mondiale et le niveau de vie continueront d&#8217;augmenter. Mais ce n&#8217;est pas seulement en termes de demande que le mod\u00e8le de mobilit\u00e9 d&#8217;aujourd&#8217;hui est tr\u00e8s diff\u00e9rent de celui de 1969.<\/p>\n<p>Il y a cinquante ans, pour la plupart des gens, les possibilit\u00e9s de mobilit\u00e9 n&#8217;avaient pas beaucoup chang\u00e9 depuis des d\u00e9cennies. La mobilit\u00e9 signifiait alors en g\u00e9n\u00e9ral un v\u00e9hicule propuls\u00e9 par un moteur \u00e0 combustion interne, un train ou \u00e9ventuellement un navire. Les voyages en avion \u00e9taient en grande partie l&#8217;apanage des riches. Les politiques urbaines des transports avaient tendance \u00e0 favoriser la plus grande quantit\u00e9 possible de v\u00e9hicules \u00e0 moteur dans et autour de la ville et le plus rapidement possible.<\/p>\n<p>Ces derni\u00e8res ann\u00e9es, cependant, les attentes envers la mobilit\u00e9 mondiale, les mod\u00e8les et les technologies ont \u00e9volu\u00e9s de fa\u00e7on spectaculaire. Les responsables actuels des transports et les autorit\u00e9s d&#8217;aujourd&#8217;hui en Europe, en Am\u00e9rique du Nord, au Moyen-Orient et ailleurs sont plus susceptibles d&#8217;interdire les voitures \u00e0 moteur traditionnelles dans leurs villes que de les encourager. Les maires de Paris, de Madrid, de Mexico et d\u2019Ath\u00e8nes, par exemple, ont annonc\u00e9 leur intention d&#8217;interdire les v\u00e9hicules diesel les plus polluants de leurs centres-villes d&#8217;ici 2025.<a name=\"_ftnref3\"><\/a><a href=\"https:\/\/www.alj.com\/en\/perspective\/where-next-for-mobility\/#_ftn3\">[3]<\/a><\/p>\n<p>Ce rythme de changement devrait s&#8217;acc\u00e9l\u00e9rer encore davantage au cours des prochaines d\u00e9cennies, alors que notre soci\u00e9t\u00e9 cherche des moyens toujours plus rapides, plus propres et plus efficaces de d\u00e9placer un grand nombre de personnes et de marchandises sur la plan\u00e8te.<\/p>\n<p>Comprendre comment les nouveaux syst\u00e8mes de mobilit\u00e9 fonctionneront \u00e0 l&#8217;avenir &#8211; et les technologies sous-jacentes &#8211; peut permettre de mieux comprendre les opportunit\u00e9s et les d\u00e9fis auxquels nous sommes confront\u00e9s. Anticiper ces changements contribuera \u00e0 stimuler l&#8217;\u00e9conomie, \u00e0 prot\u00e9ger l&#8217;environnement et \u00e0 prot\u00e9ger les soci\u00e9t\u00e9s, mais il faut commencer d\u00e8s maintenant \u00e0 pr\u00e9voir la meilleure mani\u00e8re d&#8217;y r\u00e9pondre.<\/p>\n<h3>Une augmentation des voitures malgr\u00e9 un contexte complexe<\/h3>\n<p>\u00c0 premi\u00e8re vue, les perspectives \u00e0 long terme des v\u00e9hicule \u00e0 moteur traditionnels ne semblent pas bonnes. Les routes urbaines sont de plus en plus encombr\u00e9es, laissant les conducteurs bloqu\u00e9s au volant lorsqu&#8217;ils pourraient travailler ou profiter de leurs loisirs. La densit\u00e9 moyenne des villes devant augmenter de 30\u00a0% au cours des 15 prochaines ann\u00e9es,<a name=\"_ftnref4\"><\/a><a href=\"https:\/\/www.alj.com\/en\/perspective\/where-next-for-mobility\/#_ftn4\">[4]<\/a> de nombreuses agglom\u00e9rations \u00e0 travers le monde maximisent la port\u00e9e de leur infrastructure &#8211; il y a peu d&#8217;espace physique pour plus de routes et donc plus de v\u00e9hicules dirig\u00e9s vers les itin\u00e9raires existants.<\/p>\n<p>La recherche men\u00e9e par une entreprise d\u2019information sur la circulation <a href=\"http:\/\/inrix.com\/scorecard\/\">Inrix<\/a><a name=\"_ftnref5\"><\/a><a href=\"https:\/\/www.alj.com\/en\/perspective\/where-next-for-mobility\/#_ftn5\">[5]<\/a> montre que les conducteurs passent en moyenne 73 heures par an coinc\u00e9s dans les embouteillages \u00e0 Londres &#8211; class\u00e9e la septi\u00e8me pire ville au monde pour les encombrements, tandis que le Royaume-Uni dans son ensemble est class\u00e9 au troisi\u00e8me rang du plus grand nombre d\u2019embouteillages en Europe, certains de ses conducteurs passant jusqu&#8217;\u00e0 32 heures par an dans la circulation, ce qui \u00e9quivaut \u00e0 environ 31 milliards de livres sterling (38,6 milliards de dollars) en co\u00fbt d&#8217;opportunit\u00e9.<\/p>\n<p>Les donn\u00e9es publi\u00e9es l&#8217;ann\u00e9e derni\u00e8re par Transport for London ont r\u00e9v\u00e9l\u00e9 que la vitesse moyenne des bus sur de nombreux itin\u00e9raires \u00e9tait inf\u00e9rieure \u00e0 5 miles par heure &#8211; soit beaucoup moins qu\u2019un \u00e2ne moyen\u00a0! La situation est similaire \u00e0 Hong Kong, o\u00f9 la vitesse moyenne sur certaines routes centrales est inf\u00e9rieure \u00e0 6 miles par heure, selon un rapport du gouvernement de 2015.<a name=\"_ftnref6\"><\/a><a href=\"https:\/\/www.alj.com\/en\/perspective\/where-next-for-mobility\/#_ftn6\">[6]<\/a><\/p>\n<p>Ensuite, la question de la pollution est tr\u00e8s importante. Selon le Programme des Nations Unies pour l&#8217;environnement, le secteur des transports est le plus important contributeur \u00e0 la croissance des \u00e9missions climatiques. Les particules \u00e9mises par les voitures et les autres v\u00e9hicules &#8211; y compris le carbone noir et le dioxyde d&#8217;azote &#8211; contribuent \u00e9galement \u00e0 un \u00e9ventail de maladies, notamment des affections respiratoires, des accidents vasculaires c\u00e9r\u00e9braux, des crises cardiaques, la d\u00e9mence et le diab\u00e8te<a name=\"_ftnref7\"><\/a><a href=\"https:\/\/www.alj.com\/en\/perspective\/where-next-for-mobility\/#_ftn7\">[7]<\/a>.<\/p>\n<p>Aux \u00c9tats-Unis, les voitures et les camions repr\u00e9sentent pr\u00e8s d&#8217;un cinqui\u00e8me de toutes les \u00e9missions, tandis que le secteur des transports dans son ensemble &#8211; qui comprend les voitures, les camions, les avions, les trains, les navires et le fret, produit pr\u00e8s de 30\u00a0% de l&#8217;ensemble des \u00e9missions li\u00e9es au r\u00e9chauffement climatique des Etats-Unis &#8211; sup\u00e9rieures \u00e0 tous les autres secteurs.<a name=\"_ftnref8\"><\/a><a href=\"https:\/\/www.alj.com\/en\/perspective\/where-next-for-mobility\/#_ftn8\">[8]<\/a> Ainsi, toute mesure visant \u00e0 r\u00e9duire les \u00e9missions des v\u00e9hicules de transport apportera des avantages exponentiels en vue de r\u00e9duire les \u00e9missions et d\u2019am\u00e9liorer la qualit\u00e9 de l&#8217;air.<\/p>\n<p>La pollution atmosph\u00e9rique provoque chaque ann\u00e9e environ 40 000 d\u00e9c\u00e8s pr\u00e9matur\u00e9s au Royaume-Uni. Le gouvernement britannique (qui a perdu trois proc\u00e8s \u00e0 propos de la qualit\u00e9 de l&#8217;air depuis 2015) pr\u00e9voit d&#8217;interdire les nouvelles voitures et camionnettes essence et diesel \u00e0 partir de 2040 dans le cadre d&#8217;une strat\u00e9gie de purification de l&#8217;air de 3 milliards de livres sterling (3,9 milliards de dollars am\u00e9ricains).<\/p>\n<p>Ce pays n\u2019est pas le seul dans ce cas.<\/p>\n<p>La France s&#8217;est \u00e9galement engag\u00e9e \u00e0 mettre fin \u00e0 la vente de v\u00e9hicules essence et diesel d&#8217;ici 2040, tandis que le Danemark a propos\u00e9 une interdiction totale des voitures neuves essence et diesel d&#8217;ici 2030 et m\u00eame des v\u00e9hicules hybrides \u00e0 partir de 2035.<a name=\"_ftnref9\"><\/a><a href=\"https:\/\/www.alj.com\/en\/perspective\/where-next-for-mobility\/#_ftn9\">[9]<\/a><\/p>\n<p>Bien que les donn\u00e9es varient, de nombreuses \u00e9tudes scientifiques pr\u00e9disent que, sans action corrective, une augmentation des temp\u00e9ratures mondiales moyennes de plusieurs degr\u00e9s d&#8217;ici la fin du si\u00e8cle est r\u00e9aliste. Et si les objectifs de l&#8217;Accord de Paris sur le climat ne sont pas atteints, jusqu&#8217;\u00e0 un quart de la plan\u00e8te pourrait souffrir de s\u00e9cheresse d&#8217;ici 2050.<a name=\"_ftnref10\"><\/a><a href=\"https:\/\/www.alj.com\/en\/perspective\/where-next-for-mobility\/#_ftn10\"><sup>[10]<\/sup><\/a><\/p>\n<p>La r\u00e9duction des ressources en combustibles fossiles jette une ombre suppl\u00e9mentaire sur la long\u00e9vit\u00e9 de la g\u00e9n\u00e9ration actuelle de voitures et de camions. Si l\u2019on tient compte des r\u00e9serves connues et des niveaux de production annuels, le p\u00e9trole et le gaz naturel pourraient s&#8217;\u00e9puiser en seulement 50 ans.<a name=\"_ftnref11\"><\/a><a href=\"https:\/\/www.alj.com\/en\/perspective\/where-next-for-mobility\/#_ftn11\"><sup>[11]<\/sup><\/a><\/p>\n<p>Pourtant, malgr\u00e9 ces inconv\u00e9nients et ces limitations, les v\u00e9hicules \u00e0 moteur font de la r\u00e9sistance. Deux pays \u00e0 eux seuls, les \u00c9tats-Unis et la Chine, comptent pr\u00e8s d&#8217;un demi-milliard de v\u00e9hicules en service<a name=\"_ftnref12\"><\/a><a href=\"https:\/\/www.alj.com\/en\/perspective\/where-next-for-mobility\/#_ftn12\">[12]<\/a>; la diff\u00e9rence de propri\u00e9t\u00e9 par habitant entre les deux pays (857 v\u00e9hicules pour 1000 personnes aux \u00c9tats-Unis, contre seulement 155 pour 1000 en Chine) sugg\u00e8re que compte tenu de la trajectoire de croissance positive de l\u2019\u00e9conomie asiatique, l&#8217;expansion de la propri\u00e9t\u00e9 de v\u00e9hicules en Chine n\u2019en est qu\u2019\u00e0 ses balbutiements. En Arabie saoudite, un pays en croissance rapide, les v\u00e9hicules automobiles immatricul\u00e9s ont atteint 6,6 millions de dollars en 2015, soit deux fois plus qu\u2019au cours de la d\u00e9cennie pr\u00e9c\u00e9dente.<a name=\"_ftnref13\"><\/a><a href=\"https:\/\/www.alj.com\/en\/perspective\/where-next-for-mobility\/#_ftn13\">[13]<\/a><\/p>\n<p>Bien que le concept de \u00ab\u00a0v\u00e9hicule priv\u00e9\u00a0\u00bb ait encore de beaux jours devant lui, la nature de ce v\u00e9hicule &#8211; et la fa\u00e7on dont il interagit avec les transports en g\u00e9n\u00e9ral &#8211; fait partie des domaines qui vont conna\u00eetre une \u00e9volution drastique dans le cadre de l\u2019\u00e9volution des syst\u00e8mes de mobilit\u00e9.<\/p>\n<p><img decoding=\"async\" loading=\"lazy\" class=\"aligncenter size-full wp-image-51948\" src=\"https:\/\/www.alj.com\/app\/uploads\/2019\/09\/ALJ-Infographic-USA-China-Vehicle-Ownership.jpg\" alt=\"\" width=\"3508\" height=\"2356\" srcset=\"https:\/\/media.alj.com\/app\/uploads\/2019\/09\/ALJ-Infographic-USA-China-Vehicle-Ownership.jpg 3508w, https:\/\/media.alj.com\/app\/uploads\/2019\/09\/ALJ-Infographic-USA-China-Vehicle-Ownership-150x101.jpg 150w, https:\/\/media.alj.com\/app\/uploads\/2019\/09\/ALJ-Infographic-USA-China-Vehicle-Ownership-300x201.jpg 300w, https:\/\/media.alj.com\/app\/uploads\/2019\/09\/ALJ-Infographic-USA-China-Vehicle-Ownership-768x516.jpg 768w, https:\/\/media.alj.com\/app\/uploads\/2019\/09\/ALJ-Infographic-USA-China-Vehicle-Ownership-1024x688.jpg 1024w\" sizes=\"(max-width: 3508px) 100vw, 3508px\" \/><\/p>\n<h3>Les v\u00e9hicules du futur (proche)<\/h3>\n<p>Le cabinet de conseil en gestion international McKinsey estime que de nombreuses zones urbaines vont conna\u00eetre une r\u00e9volution de la mobilit\u00e9, ceci \u00e0 cause de la croissance des m\u00e9gapoles, l&#8217;\u00e9mergence de nouveaux acteurs professionnels tels qu\u2019Uber et le chinois Didi Chuxing, et l&#8217;\u00e9lectrification. Dans son rapport, \u00ab\u00a0<em>Une perspective int\u00e9gr\u00e9e sur l&#8217;avenir de la mobilit\u00e9 \u00bb<\/em><a name=\"_ftnref14\"><\/a><a href=\"https:\/\/www.alj.com\/en\/perspective\/where-next-for-mobility\/#_ftn14\">[14]<\/a>, McKinsey indique que bien que les changements varient \u00e0 l&#8217;\u00e9chelle mondiale, ils reposeront g\u00e9n\u00e9ralement sur l&#8217;un des trois mod\u00e8les suivants\u00a0:<\/p>\n<ul>\n<li><strong>Propre et partag\u00e9<\/strong> s&#8217;applique aux zones m\u00e9tropolitaines \u00e0 forte densit\u00e9 de population des pays en d\u00e9veloppement, du Mexique \u00e0 l&#8217;Inde, o\u00f9 les infrastructure sont m\u00e9diocre et les comportements routiers hasardeux, pourraient limiter l&#8217;augmentation constante des voitures \u00e0 moteur \u00e0 combustion interne personnels. Au lieu de cela, les v\u00e9hicules hybrides et \u00e9lectriques (EV) devraient prendre la premi\u00e8re place dans un cadre de propri\u00e9t\u00e9 partag\u00e9e, l\u2019augmentation du stop et un syst\u00e8me de transport public \u00e9largi. D&#8217;ici 2030, McKinsey pense que les v\u00e9hicules partag\u00e9s pourraient repr\u00e9senter environ 50 % des d\u00e9placements dans de nombreuses villes d\u2019Asie.<\/li>\n<li><strong>L\u2019Autonomie priv\u00e9e<\/strong> concernera des \u00e9conomies plus d\u00e9velopp\u00e9es telles que les \u00c9tats-Unis o\u00f9 la croissance urbaine rend la voiture obligatoire. Cela conduira non seulement \u00e0 la mont\u00e9e en puissance des v\u00e9hicules \u00e9lectriques dans les \u00ab\u00a0villes intelligentes\u00a0\u00bb connect\u00e9es, regorgeant de bornes de recharge pratiques (et rapides), mais \u00e9galement de v\u00e9hicules personnels autonomes dot\u00e9s de l\u2019Intelligence artificielle. Un grand nombre de ces v\u00e9hicules ont \u00e9t\u00e9 d\u00e9voil\u00e9s lors du r\u00e9cent salon de l&#8217;IAA de Francfort.<\/li>\n<li>Un <strong>syst\u00e8me de mobilit\u00e9 transparent<\/strong> est le plus susceptible de faire surface dans des villes riches et dens\u00e9ment peupl\u00e9es comme Londres et Singapour, o\u00f9 les transports priv\u00e9s, partag\u00e9s et publics s&#8217;int\u00e8grent de mani\u00e8re rationalis\u00e9e et sont g\u00e9r\u00e9s par des plateformes logicielles intelligentes.<\/li>\n<\/ul>\n<p>Plaidoyer pour l&#8217;\u00e9lectrification, McKinsey note que<em>\u00ab\u00a0Les co\u00fbts d&#8217;une batterie au lithium-ion ont chut\u00e9 de 65\u00a0% de 2010 \u00e0 2015 et ils devraient atteindre un prix inf\u00e9rieur \u00e0 100 $ US par kilowatt-heure au cours de la prochaine d\u00e9cennie\u00a0\u00bb<\/em>.<\/p>\n<p>Ces changements ont d\u00e9j\u00e0 un impact. Les donn\u00e9es provenant de <a href=\"https:\/\/www.ev-volumes.com\/\">Volumes EV<\/a>, la base de donn\u00e9es des ventes mondiales de v\u00e9hicules \u00e9lectriques, r\u00e9v\u00e8le que plus de 1,1 million de v\u00e9hicules \u00e9lectriques rechargeables ont \u00e9t\u00e9 vendus au cours du premier semestre 2019, soit 46\u00a0% de plus que la m\u00eame p\u00e9riode en 2018. Cela comprend toutes les ventes de voitures particuli\u00e8res hybrides rechargeables et aliment\u00e9es par batterie (PHEV), de camions l\u00e9gers dans les Am\u00e9riques et de v\u00e9hicules utilitaires l\u00e9gers en Europe et en Asie. Les donn\u00e9es indiquent que 74\u00a0% des ventes correspondent \u00e0 des v\u00e9hicules aliment\u00e9s par batterie et 26\u00a0% par des v\u00e9hicules hybrides rechargeables, un changement de 11\u00a0% envers les batteries par rapport \u00e0 la m\u00eame p\u00e9riode en 2018<a name=\"_ftnref15\"><\/a><a href=\"https:\/\/www.alj.com\/en\/perspective\/where-next-for-mobility\/#_ftn15\">[15]<\/a>.<\/p>\n<p>Le rapport McKinsey encourage la collaboration et le partage des objectifs partag\u00e9s entre le secteur priv\u00e9 et public. Les gouvernements et les innovateurs doivent \u00eatre conscients de la mani\u00e8re dont le succ\u00e8s de certains aspects d&#8217;un mod\u00e8le (par exemple, les voitures autonomes ou les syst\u00e8mes de partage) pourrait contrecarrer d&#8217;autres syst\u00e8mes, les transports publics par exemple.<\/p>\n<p>En r\u00e9alit\u00e9, les transports publics sont un domaine o\u00f9 l&#8217;\u00e9lectrification s&#8217;acc\u00e9l\u00e8re d\u00e9j\u00e0 \u00e0 travers le monde. En 2017, la ville chinoise de Shenzhen a d\u00e9clar\u00e9 que l\u2019int\u00e9gralit\u00e9 de ses 16\u00a0000 bus \u00e9taient devenus \u00e9lectriques, ce qui en fait le premier parc de bus 100\u00a0% \u00e9lectrique au monde. En Allemagne, Siemens a travaill\u00e9 avec des op\u00e9rateurs de bus pour fournir des stations de recharge pour des mod\u00e8les de diff\u00e9rents fabricants, une \u00e9tape cl\u00e9 pour assurer l&#8217;interop\u00e9rabilit\u00e9.<a name=\"_ftnref16\"><\/a><a href=\"https:\/\/www.alj.com\/en\/perspective\/where-next-for-mobility\/#_ftn16\">[16]<\/a><\/p>\n<p>De m\u00eame, \u00e0 Ad\u00e9la\u00efde, en Australie, la mairie a mis en place le premier bus \u00e9lectrique \u00e0 \u00e9nergie solaire au monde en 2013, tandis que Londres pr\u00e9voit d&#8217;ajouter 68 nouveaux bus \u00e0 imp\u00e9riale z\u00e9ro \u00e9mission \u00e0 sa flotte en 2019, portant le nombre total de bus \u00e9lectriques dans la ville \u00e0 240. D&#8217;ici 2037, tous les bus de Londres seront \u00e0 z\u00e9ro \u00e9mission, selon les autorit\u00e9s.<a name=\"_ftnref17\"><\/a><a href=\"https:\/\/www.alj.com\/en\/perspective\/where-next-for-mobility\/#_ftn17\">[17]<\/a><\/p>\n<p><img decoding=\"async\" loading=\"lazy\" class=\"alignleft wp-image-51824 size-thumbnail\" src=\"https:\/\/www.alj.com\/app\/uploads\/2019\/09\/Ebikes-150x113.jpg\" alt=\"\" width=\"150\" height=\"113\" srcset=\"https:\/\/media.alj.com\/app\/uploads\/2019\/09\/Ebikes-150x113.jpg 150w, https:\/\/media.alj.com\/app\/uploads\/2019\/09\/Ebikes-300x225.jpg 300w, https:\/\/media.alj.com\/app\/uploads\/2019\/09\/Ebikes-768x576.jpg 768w, https:\/\/media.alj.com\/app\/uploads\/2019\/09\/Ebikes.jpg 1024w\" sizes=\"(max-width: 150px) 100vw, 150px\" \/><\/p>\n<p>Malgr\u00e9 ces nouveaux mod\u00e8les de mobilit\u00e9 publique, la mont\u00e9e en puissance des scooters urbains et des v\u00e9los de location indique que la demande de v\u00e9hicules individuels est loin de d\u00e9cliner. Les experts de l&#8217;industrie chez Deloitte soulignent<em> une telle \u00ab\u00a0micromobilit\u00e9\u00a0\u00bb<\/em> comme pouvant compenser les r\u00e9seaux de transports publics disparates, r\u00e9duire la d\u00e9pendance \u00e0 l&#8217;\u00e9gard des voitures particuli\u00e8res et r\u00e9duire les gaz \u00e0 effet de serre.<\/p>\n<p>La croissance a \u00e9t\u00e9 rapide.<\/p>\n<p>Le service de location de scooters \u00e9lectriques Bird, note Deloitte, a enregistr\u00e9 10 millions de trajets au cours de sa premi\u00e8re ann\u00e9e en Californie, tandis que la gamme de scooters, v\u00e9los \u00e9lectriques et autopartages de Lime a enregistr\u00e9 34 millions de trajets dans un d\u00e9lai similaire.<a name=\"_ftnref18\"><\/a><a href=\"https:\/\/www.alj.com\/en\/perspective\/where-next-for-mobility\/#_ftn18\">[18]<\/a><\/p>\n<p>Naturellement, la micromobilit\u00e9 arrive avec son propre ensemble de d\u00e9fis\u00a0: le vandalisme et le vol, le co\u00fbt de la r\u00e9cup\u00e9ration et de la recharge des unit\u00e9s, leur incapacit\u00e9 \u00e0 permettre des transports commerciaux et le respect des politiques gouvernementales (telles que la s\u00e9curit\u00e9 ou la priorit\u00e9).<\/p>\n<figure id=\"attachment_51831\" aria-describedby=\"caption-attachment-51831\" style=\"width: 150px\" class=\"wp-caption alignleft\"><img decoding=\"async\" loading=\"lazy\" class=\"wp-image-51831 size-thumbnail\" src=\"https:\/\/www.alj.com\/app\/uploads\/2019\/09\/Coradia-150x88.jpg\" alt=\"\" width=\"150\" height=\"88\" srcset=\"https:\/\/media.alj.com\/app\/uploads\/2019\/09\/Coradia-150x88.jpg 150w, https:\/\/media.alj.com\/app\/uploads\/2019\/09\/Coradia.jpg 265w\" sizes=\"(max-width: 150px) 100vw, 150px\" \/><figcaption id=\"caption-attachment-51831\" class=\"wp-caption-text\"><span style=\"font-size: 10px;\">Le Coradia iLint, train r\u00e9gional \u00e0 hydrog\u00e8ne construit par Alstom, en ravitaillement \u00e0 Salzgitter, en Allemagne. Cr\u00e9dit photo\u00a0: \u00a9 Gordon Welters pour le New York Times<\/span><\/figcaption><\/figure>\n<p>Encore une fois, les secteurs priv\u00e9 et public doivent travailler en harmonie pour garantir que cet enthousiasme pr\u00e9coce se poursuive et que la micromobilit\u00e9 ne disparaisse pas \u00e0 cause de la bureaucratie et des r\u00e9glementations. Deloitte pr\u00e9voit que, gr\u00e2ce \u00e0 la micromobilit\u00e9, <em>\u00ab\u00a0Les villes pionni\u00e8res ont une r\u00e9elle opportunit\u00e9 de transcender les limites des infrastructures existantes et de forger une nouvelle approche pour gouverner le futur \u00e9cosyst\u00e8me de la mobilit\u00e9\u00a0\u00bb.<\/em><\/p>\n<p>Ensemble, ces technologies pourraient s&#8217;int\u00e9grer dans un paysage plus large de trajets a\u00e9riens plus \u00e9cologiques (des avions \u00e0 propulsion \u00e9lectrique sont test\u00e9s aujourd&#8217;hui et certains vols pourraient m\u00eame devenir solaires<a name=\"_ftnref19\"><\/a><a href=\"https:\/\/www.alj.com\/en\/perspective\/where-next-for-mobility\/#_ftn19\">[19]<\/a>) et des \u00e9co-trains (en septembre 2018, le premier train commercial de voyageurs fonctionnant \u00e0 l&#8217;hydrog\u00e8ne est entr\u00e9 en service en Basse-Saxe, en Allemagne<a name=\"_ftnref20\"><\/a><a href=\"https:\/\/www.alj.com\/en\/perspective\/where-next-for-mobility\/#_ftn20\">[20]<\/a>) pour inaugurer des futurs voyages plus propres, plus s\u00fbrs et plus rapides pour tous.<\/p>\n<h3>Id\u00e9alement plac\u00e9 pour tirer parti d\u2019excellentes opportunit\u00e9s<\/h3>\n<p>Si l&#8217;avenir de la mobilit\u00e9 personnelle est l&#8217;\u00e9lectrification, peu de pays sont mieux plac\u00e9s pour prosp\u00e9rer que ceux du Moyen-Orient. De longues heures d&#8217;ensoleillement intense, une main-d&#8217;\u0153uvre abordable et de nombreux grands espaces permettent \u00e0 la r\u00e9gion de produire une quantit\u00e9 croissante d&#8217;\u00e9lectricit\u00e9 par l&#8217;\u00e9nergie solaire.<\/p>\n<p>L&#8217;Arabie saoudite pr\u00e9voit \u00e0 elle seule la production de 9,5 GW suppl\u00e9mentaires d&#8217;\u00e9nergie verte au cours de la prochaine d\u00e9cennie. La Jordanie et l&#8217;\u00c9gypte obtiennent \u00e9galement un soutien financier des banques internationales pour des projets photovolta\u00efques. Le bureau d&#8217;\u00e9tudes Wood Mackenzie estime que les acteurs les plus rapides du march\u00e9 photovolta\u00efque sont tous concentr\u00e9s au Moyen-Orient et en M\u00e9diterran\u00e9e (Arabie saoudite, Iran, \u00c9gypte et Italie).<a name=\"_ftnref21\"><\/a><a href=\"https:\/\/www.alj.com\/en\/perspective\/where-next-for-mobility\/#_ftn21\">[21]<\/a><\/p>\n<p>La relative \u00ab\u00a0jeunesse\u00a0\u00bb de nombreuses villes du Moyen-Orient est \u00e9galement avantageuse. S&#8217;exprimant lors de la quatri\u00e8me conf\u00e9rence internationale sur l\u2019avenir de la mobilit\u00e9 \u00e0 Abu Dhabi en 2018, Christian Drakulic, Directeur de l&#8217;innovation au Minist\u00e8re autrichien des transports, de l&#8217;innovation et de la technologie, a d\u00e9sign\u00e9 les \u00c9mirats arabes unis comme l&#8217;un des premiers \u00e0 adopter l&#8217;IA dans ses futurs syst\u00e8mes de mobilit\u00e9.<\/p>\n<p><em>\u00ab\u00a0Par rapport \u00e0 l&#8217;Europe, les \u00c9mirats arabes unis n&#8217;ont pas une exp\u00e9rience approfondie des infrastructures de transport, mais cela pourrait s&#8217;av\u00e9rer un atout car le pays n&#8217;a pas besoin de tenir compte d\u2019un \u00ab\u00a0patrimoine ancien\u00a0\u00bb, de ses \u00e9checs d\u2019investissements et des sch\u00e9mas de mobilit\u00e9 d\u00e9termin\u00e9s sur le plan technique,\u00a0\u00bb<\/em> d\u00e9clare Drakulic. <em>\u00ab Les EAU pourraient \u00e9viter quelques \u00e9tapes de d\u00e9veloppement technologique et lancer directement de nouvelles solutions de mobilit\u00e9 en utilisant pleinement les possibilit\u00e9s techniques de l\u2019IA\u00a0\u00bb<\/em><a name=\"_ftnref22\"><\/a><a href=\"https:\/\/www.alj.com\/en\/perspective\/where-next-for-mobility\/#_ftn22\"><strong><em>[22]<\/em><\/strong><\/a><\/p>\n<p>Certains soutiennent l\u2019id\u00e9e qu\u2019il faut se d\u00e9faire de la croyance selon laquelle poss\u00e9der un v\u00e9hicule de transport personnel est obligatoire. Il s&#8217;agit plut\u00f4t de contr\u00f4ler la plateforme num\u00e9rique qui unit ces diff\u00e9rents modes de transport. Cela permet non seulement de g\u00e9rer la circulation, mais \u00e9galement aux usagers d&#8217;acc\u00e9der aux informations de transport sur une interface unique, en temps r\u00e9el et facile \u00e0 utiliser.<\/p>\n<p>Tout futur r\u00e9seau routier au Moyen-Orient devra relever les d\u00e9fis des encombrements et de la s\u00e9curit\u00e9, deux domaines o\u00f9 cette r\u00e9gion r\u00e9active n\u2019a pas encore atteint le niveau du monde d\u00e9velopp\u00e9. \u00c0 Duba\u00ef, par exemple, un voyage moyen prend 29\u00a0% de plus qu\u2019en l\u2019absence d\u2019encombrements, contre 20\u00a0% dans l&#8217;Ouest.<a name=\"_ftnref23\"><\/a><a href=\"https:\/\/www.alj.com\/en\/perspective\/where-next-for-mobility\/#_ftn23\">[23]<\/a> Il faut \u00e9galement lutter contre les d\u00e9c\u00e8s sur la route par un apaisement de la circulation et l\u2019application de la loi ; les \u00c9mirats arabes unis connaissent 18,1 d\u00e9c\u00e8s pour 100 000 habitants par an, l&#8217;Arabie saoudite 27,4 et Oman 25,4, contre seulement 3,1 au Royaume-Uni.<a name=\"_ftnref24\"><\/a><a href=\"https:\/\/www.alj.com\/en\/perspective\/where-next-for-mobility\/#_ftn24\">[24]<\/a><\/p>\n<p>Au Moyen-Orient en particulier, il sera imp\u00e9ratif de consid\u00e9rer les syst\u00e8mes de transport dans un syst\u00e8me int\u00e9gr\u00e9 plut\u00f4t qu&#8217;individuel. Dans les climats chauds, o\u00f9 la marche \u00e0 pied et le v\u00e9lo sont complexes pendant une grande partie de la journ\u00e9e, en particulier pendant les mois d&#8217;\u00e9t\u00e9, les syst\u00e8mes de transport public doivent &#8211; dans la mesure du possible &#8211; imiter une solution de porte \u00e0 porte. Si les trajets sont r\u00e9unis et fluides, ils deviendront automatiquement populaires.<\/p>\n<p>La r\u00e9gion regorge d\u2019id\u00e9es. La strat\u00e9gie des transport autonomes de Duba\u00ef vise \u00e0 passer 25\u00a0% des transports totaux de Duba\u00ef en mode autonome d&#8217;ici 2030, ce qui implique cinq millions de d\u00e9placements quotidiens et une \u00e9conomie de 22 milliards AED en co\u00fbts \u00e9conomiques annuels.<a name=\"_ftnref25\"><\/a><a href=\"https:\/\/www.alj.com\/en\/perspective\/where-next-for-mobility\/#_ftn25\"><sup>[25]<\/sup><\/a> De m\u00eame \u00e0 Riyad, le gouvernement investit des milliards de dollars dans un nouveau syst\u00e8me de transport qui int\u00e9grera les syst\u00e8mes de m\u00e9tro, de bus et de transport rapide par bus dans toute la ville.<\/p>\n<h3>Vers un nouveau type de mobilit\u00e9<\/h3>\n<p>Soutenant avec passion un environnement durable pour les g\u00e9n\u00e9rations futures, Abdul Latif Jameel, apporte \u00e0 son tour sa contribution \u00e0 des syst\u00e8mes de mobilit\u00e9 plus propres et plus efficaces.<\/p>\n<p>Acteur influent dans des secteurs cl\u00e9s de la r\u00e9gion du Moyen-Orient, de l&#8217;Afrique du Nord et au-del\u00e0, il conna\u00eet l&#8217;importance des transport durables et efficaces pour les communaut\u00e9s en pleine expansion. La planification de la circulation des personnes et des biens est aussi cruciale que la planification du logement, de l&#8217;\u00e9ducation et de la sant\u00e9, elle est li\u00e9e \u00e0 tous ces secteurs.<\/p>\n<p>Abdul Latif Jameel est distributeur de Toyota sur plusieurs march\u00e9s cl\u00e9s depuis de nombreuses ann\u00e9es (Arabie saoudite depuis 1955). Toyota en soi se place \u00e0 l&#8217;avant-garde de l&#8217;\u00e9volution vers des v\u00e9hicules \u00e0 moteur plus \u00e9cologiques et plus efficaces. Il s\u2019agit de la marque leader du march\u00e9 mondial des ventes de v\u00e9hicules \u00e9lectriques hybrides (HEV) et c\u2019est la premi\u00e8re \u00e0 produire en s\u00e9rie des voitures telles que la Toyota Prius en 1997, aujourd&#8217;hui l&#8217;hybride la plus vendue au monde avec plus de 4 millions de ventes.<\/p>\n<p><img decoding=\"async\" loading=\"lazy\" class=\"aligncenter size-full wp-image-51956\" src=\"https:\/\/www.alj.com\/app\/uploads\/2019\/09\/ALJ-Infographic-Prius-v3.jpg\" alt=\"\" width=\"3508\" height=\"1772\" srcset=\"https:\/\/media.alj.com\/app\/uploads\/2019\/09\/ALJ-Infographic-Prius-v3.jpg 3508w, https:\/\/media.alj.com\/app\/uploads\/2019\/09\/ALJ-Infographic-Prius-v3-150x76.jpg 150w, https:\/\/media.alj.com\/app\/uploads\/2019\/09\/ALJ-Infographic-Prius-v3-300x152.jpg 300w, https:\/\/media.alj.com\/app\/uploads\/2019\/09\/ALJ-Infographic-Prius-v3-768x388.jpg 768w, https:\/\/media.alj.com\/app\/uploads\/2019\/09\/ALJ-Infographic-Prius-v3-1024x517.jpg 1024w\" sizes=\"(max-width: 3508px) 100vw, 3508px\" \/><\/p>\n<p><img decoding=\"async\" loading=\"lazy\" class=\"alignleft wp-image-51845 size-thumbnail\" src=\"https:\/\/www.alj.com\/app\/uploads\/2019\/09\/Toyota-Fuel-Cell-150x84.jpg\" alt=\"\" width=\"150\" height=\"84\" srcset=\"https:\/\/media.alj.com\/app\/uploads\/2019\/09\/Toyota-Fuel-Cell-150x84.jpg 150w, https:\/\/media.alj.com\/app\/uploads\/2019\/09\/Toyota-Fuel-Cell-300x169.jpg 300w, https:\/\/media.alj.com\/app\/uploads\/2019\/09\/Toyota-Fuel-Cell-768x432.jpg 768w, https:\/\/media.alj.com\/app\/uploads\/2019\/09\/Toyota-Fuel-Cell-1024x576.jpg 1024w, https:\/\/media.alj.com\/app\/uploads\/2019\/09\/Toyota-Fuel-Cell-375x208.jpg 375w, https:\/\/media.alj.com\/app\/uploads\/2019\/09\/Toyota-Fuel-Cell-226x126.jpg 226w, https:\/\/media.alj.com\/app\/uploads\/2019\/09\/Toyota-Fuel-Cell-500x277.jpg 500w, https:\/\/media.alj.com\/app\/uploads\/2019\/09\/Toyota-Fuel-Cell.jpg 1284w\" sizes=\"(max-width: 150px) 100vw, 150px\" \/><\/p>\n<p>Le leadership et l&#8217;innovation de Toyota \u00e0 la pointe des solutions de mobilit\u00e9 environnementale ne s&#8217;arr\u00eatent pas l\u00e0. L\u2019entreprise recherche et d\u00e9veloppe des v\u00e9hicules \u00e0 pile \u00e0 combustible \u00e0 hydrog\u00e8ne depuis le d\u00e9but des ann\u00e9es 2000, et, en 2014, elle a pr\u00e9sent\u00e9 le Mirai, un v\u00e9hicule \u00e0 pile \u00e0 combustible \u00e0 hydrog\u00e8ne z\u00e9ro \u00e9mission qui fonctionne avec de l&#8217;hydrog\u00e8ne gazeux comprim\u00e9 et n&#8217;\u00e9met que de l&#8217;eau.<\/p>\n<p>Abdul Latif Jameel a r\u00e9cemment fourni une flotte de v\u00e9hicules d&#8217;essai Mirai dans le cadre d\u2019un projet pilote entre Saudi Aramco et Air Products et a ouvert la premi\u00e8re station de ravitaillement de v\u00e9hicules \u00e0 hydrog\u00e8ne d&#8217;Arabie saoudite dans le parc scientifique de Dhahran Techno Valley.<\/p>\n<figure id=\"attachment_51852\" aria-describedby=\"caption-attachment-51852\" style=\"width: 2700px\" class=\"wp-caption aligncenter\"><img decoding=\"async\" loading=\"lazy\" class=\"wp-image-51852 size-full\" src=\"https:\/\/www.alj.com\/app\/uploads\/2019\/09\/Air-Products-Saudi-H2-Station.png\" alt=\"\" width=\"2700\" height=\"1851\" srcset=\"https:\/\/media.alj.com\/app\/uploads\/2019\/09\/Air-Products-Saudi-H2-Station.png 2700w, https:\/\/media.alj.com\/app\/uploads\/2019\/09\/Air-Products-Saudi-H2-Station-150x103.png 150w, https:\/\/media.alj.com\/app\/uploads\/2019\/09\/Air-Products-Saudi-H2-Station-300x206.png 300w, https:\/\/media.alj.com\/app\/uploads\/2019\/09\/Air-Products-Saudi-H2-Station-768x527.png 768w, https:\/\/media.alj.com\/app\/uploads\/2019\/09\/Air-Products-Saudi-H2-Station-1024x702.png 1024w\" sizes=\"(max-width: 2700px) 100vw, 2700px\" \/><figcaption id=\"caption-attachment-51852\" class=\"wp-caption-text\"><span style=\"font-size: 10px;\">(De gauche \u00e0 droite)\u00a0: Dr Sahel N. Abduljauwad, recteur de l&#8217;Universit\u00e9 King Fahd du p\u00e9trole et des min\u00e9raux (KFUPM) et pr\u00e9sident de la Dhahran Techno Valley Holding Company (DTVC); Seifi Ghasemi, Pr\u00e9sident du conseil, Pr\u00e9sident et Chef de la direction d&#8217;Air Products et Amin H.Nasser, Pr\u00e9sident et Chef de la direction de Saudi Aramco ont inaugur\u00e9 la premi\u00e8re station de ravitaillement en hydrog\u00e8ne d\u2019Arabie saoudite dans le nouveau centre technologique d&#8217;Air Products dans le parc scientifique de Dhahran Techno Valley, le 18 juin 2019. Cr\u00e9dit photo \u00a9 Air Products<\/span><\/figcaption><\/figure>\n<p><img decoding=\"async\" loading=\"lazy\" class=\"alignleft wp-image-46597 size-thumbnail\" src=\"https:\/\/www.alj.com\/app\/uploads\/2019\/07\/raad-e-al-saady-371x480-116x150.jpg\" alt=\"\" width=\"116\" height=\"150\" \/><\/p>\n<p><a href=\"https:\/\/www.alj.com\/fr\/about\/our-people\/\">Raad Al Saady<\/a>, d&#8217;Abdul Latif Jameel, a d\u00e9crit l&#8217;hydrog\u00e8ne comme un<em>\u00ab\u00a0Carburant propre et durable qui offre aux conducteurs une exp\u00e9rience de ravitaillement en carburant similaire \u00e0 celui d&#8217;une station-service en cinq minutes mais avec une plage beaucoup plus \u00e9lev\u00e9e que les v\u00e9hicules \u00e9lectriques\u00bb<\/em>.<a name=\"_ftnref26\"><\/a><a href=\"https:\/\/www.alj.com\/en\/perspective\/where-next-for-mobility\/#_ftn26\">[26]<\/a><\/p>\n<p>Pour d\u00e9montrer plus avant son engagement en faveur d&#8217;un mod\u00e8le de mobilit\u00e9 futur plus durable, Abdul Latif Jameel est un des investisseurs principaux de RIVIAN, une entreprise am\u00e9ricaine de mobilit\u00e9 et de v\u00e9hicules \u00e9lectriques \u00e0 croissance rapide. Parmi les autres investisseurs de RIVIAN, on compte le g\u00e9ant de la vente au d\u00e9tail Amazon qui a dirig\u00e9 le financement de 700 millions de dollars US dans l&#8217;entreprise, Ford Motor Company avec 500 millions de dollars US, suivi par Cox Automotive qui a investi plus r\u00e9cemment 350 millions de dollars US suppl\u00e9mentaires.<\/p>\n<p>Le PDG de la division mondiale des biens de consommation d&#8217;Amazon, Jeff Wilke, a d\u00e9clar\u00e9 qu&#8217;Amazon \u00e9tait <em>\u00ab\u00b9Inspir\u00e9 par la vision de RIVIAN pour l&#8217;avenir du transport \u00e9lectrique\u00a0\u00bb<\/em> et en annon\u00e7ant leur intention de rendre le g\u00e9ant neutre en carbone d&#8217;ici 2040, le PDG d&#8217;Amazon, Jeff Bezos, a lanc\u00e9 une commande de 100 000 v\u00e9hicules de livraison \u00e9lectrique de RIVIAN, dont 10 000 devraient \u00eatre sur la route d&#8217;ici 2022 et 100 000 d&#8217;ici 2030,<em>\u00ab\u00a0pour \u00e9conomiser 4 millions de tonnes de carbone par an d&#8217;ici 2030\u00a0\u00bb.<\/em><\/p>\n<p><img decoding=\"async\" loading=\"lazy\" class=\"alignleft size-full wp-image-51859\" src=\"https:\/\/www.alj.com\/app\/uploads\/2019\/09\/Amazon-Rivian-Van.png\" alt=\"\" width=\"1500\" height=\"750\" srcset=\"https:\/\/media.alj.com\/app\/uploads\/2019\/09\/Amazon-Rivian-Van.png 1500w, https:\/\/media.alj.com\/app\/uploads\/2019\/09\/Amazon-Rivian-Van-300x150.png 300w, https:\/\/media.alj.com\/app\/uploads\/2019\/09\/Amazon-Rivian-Van-1024x512.png 1024w, https:\/\/media.alj.com\/app\/uploads\/2019\/09\/Amazon-Rivian-Van-150x75.png 150w, https:\/\/media.alj.com\/app\/uploads\/2019\/09\/Amazon-Rivian-Van-768x384.png 768w\" sizes=\"(max-width: 1500px) 100vw, 1500px\" \/><\/p>\n<p>&nbsp;<\/p>\n<figure id=\"attachment_51866\" aria-describedby=\"caption-attachment-51866\" style=\"width: 150px\" class=\"wp-caption alignleft\"><img decoding=\"async\" loading=\"lazy\" class=\"wp-image-51866 size-thumbnail\" src=\"https:\/\/www.alj.com\/app\/uploads\/2019\/09\/Petrochemical-smog-150x100.jpg\" alt=\"\" width=\"150\" height=\"100\" srcset=\"https:\/\/media.alj.com\/app\/uploads\/2019\/09\/Petrochemical-smog-150x100.jpg 150w, https:\/\/media.alj.com\/app\/uploads\/2019\/09\/Petrochemical-smog.jpg 279w\" sizes=\"(max-width: 150px) 100vw, 150px\" \/><figcaption id=\"caption-attachment-51866\" class=\"wp-caption-text\"><span style=\"font-size: 10px;\">Le smog photochimique se produit surtout dans les zones urbaines dot\u00e9es d\u2019un grand nombre de v\u00e9hicules. Cr\u00e9dit photo \u00a9 Daniel Stein \/ iStock.com<\/span><\/figcaption><\/figure>\n<p>&nbsp;<\/p>\n<p>RIVIAN a d\u00e9voil\u00e9 ses deux premiers mod\u00e8les, une camionnette \u00e9lectrique (R1T) et un SUV \u00e9lectrique (R1S), au Salon de l&#8217;auto de Los Angeles en novembre 2018, qui devraient entrer en production en 2020. Les v\u00e9hicules appartiennent \u00e0 la cat\u00e9gorie \u00ab\u00a0niveau 3 autonome\u00a0\u00bb &#8211; ce qui signifie que les yeux des conducteurs peuvent s\u2019\u00e9carter de la route en toute s\u00e9curit\u00e9 &#8211; ils devraient red\u00e9finir les performances des voitures \u00e9lectriques. Le camion RIVIAN, par exemple, peut atteindre 0-97 km \/ h en trois secondes, traverser en toute s\u00e9curit\u00e9 1,1 m d&#8217;eau et gravir une pente de 45 degr\u00e9s. Les mod\u00e8les haut de gamme pouvaient offrir une autonomie de 725 km en une seule charge.<\/p>\n<p>Cependant, aussi attractives que soient ces avanc\u00e9es, l&#8217;avenir de la mobilit\u00e9 ne concerne pas un seul produit, syst\u00e8me ou marque. Le mot d&#8217;ordre des gouvernements, des chercheurs, des techniciens et des planificateurs est \u00ab\u00a0int\u00e9gration\u00a0\u00bb.<\/p>\n<p>Bien s\u00fbr, des technologies sp\u00e9cifiques telles que les v\u00e9hicules \u00e9lectriques ou \u00e0 hydrog\u00e8ne, les bus \u00e9lectriques, les scooters \u00e9lectriques ou les m\u00e9tros autonomes seront un \u00e9l\u00e9ment cl\u00e9 du paysage de la mobilit\u00e9 de demain, mais uniquement si l\u2019on relie ces diff\u00e9rents \u00e9l\u00e9ments sous la forme de syst\u00e8mes r\u00e9unis, faciles \u00e0 utiliser et efficaces. Ainsi, il sera possible de faire \u00e9voluer des d\u00e9cennies de comportements et de perceptions du public.<\/p>\n<p>Comme l\u2019affirme Deloitte dans son rapport<em> Les Etats et l&#8217;avenir de la mobilit\u00e9<\/em><a name=\"_ftnref27\"><\/a><a href=\"https:\/\/www.alj.com\/en\/perspective\/where-next-for-mobility\/#_ftn27\">[27]<\/a>,<em>\u00ab\u00a0La cr\u00e9ation et le maintien d&#8217;un nouvel \u00e9cosyst\u00e8me de mobilit\u00e9 n\u00e9cessiteront de repenser la r\u00e9alisation traditionnelle des activit\u00e9s\u00a0\u00bb<\/em>.<\/p>\n<p>C&#8217;est un d\u00e9fi qui touche toutes les communaut\u00e9s de notre plan\u00e8te. Mais un investissement innovant \u00e0 l&#8217;\u00e9chelle mondiale constitue la pierre angulaire de l&#8217;approche commerciale d&#8217;Abdul Latif Jameel. Gr\u00e2ce \u00e0 son investissement constant dans les<em>\u00ab\u00a0infrastructures de vie\u00a0\u00bb<\/em>sur les march\u00e9s cl\u00e9s du monde entier, des transports \u00e0 l&#8217;\u00e9nergie, du commerce \u00e9lectronique \u00e0 l&#8217;immobilier, Abdul Latif Jameel s&#8217;engage \u00e0 soutenir une nouvelle approche de la mobilit\u00e9 qui peut contribuer \u00e0 offrir un avenir plus propre et plus vert \u00e0 tous.<\/p>\n<p><a href=\"#_ftnref1\" name=\"_ftn1\">[1]<\/a> <a href=\"https:\/\/www.bts.gov\/bts\/archive\/publications\/national_transportation_statistics\/table_01_23\">https:\/\/www.bts.gov\/bts\/archive\/publications\/national_transportation_statistics\/table_01_23<\/a><\/p>\n<p><a href=\"#_ftnref2\" name=\"_ftn2\">[2]<\/a> <a href=\"https:\/\/data.worldbank.org\/indicator\/IS.AIR.PSGR?end=2017&amp;start=1970\">https:\/\/data.worldbank.org\/indicator\/IS.AIR.PSGR?end=2017&amp;start=1970<\/a><\/p>\n<p><a href=\"#_ftnref3\" name=\"_ftn3\">[3]<\/a> <a href=\"https:\/\/www.unenvironment.org\/news-and-stories\/story\/gearing-change-transport-sector-feels-heat-over-emissions\">Gearing up for change: transport sector feels the heat over emissions<\/a><\/p>\n<p><a href=\"#_ftnref4\" name=\"_ftn4\">[4]<\/a> <a href=\"https:\/\/www.mckinsey.com\/business-functions\/sustainability\/our-insights\/an-integrated-perspective-on-the-future-of-mobility\">https:\/\/www.mckinsey.com\/business-functions\/sustainability\/our-insights\/an-integrated-perspective-on-the-future-of-mobility<\/a><\/p>\n<p><a href=\"#_ftnref5\" name=\"_ftn5\">[5]<\/a> <a href=\"http:\/\/inrix.com\/scorecard\/\">http:\/\/inrix.com\/scorecard\/<\/a><\/p>\n<p><a href=\"#_ftnref6\" name=\"_ftn6\">[6]<\/a> <a href=\"https:\/\/www.erp.gov.hk\/download\/PEReport_full_EN.pdf\">https:\/\/www.erp.gov.hk\/download\/PEReport_full_EN.pdf<\/a><\/p>\n<p><a href=\"#_ftnref7\" name=\"_ftn7\">[7]<\/a> <a href=\"https:\/\/www.unenvironment.org\/news-and-stories\/story\/gearing-change-transport-sector-feels-heat-over-emissions\">Gearing up for change: transport sector feels the heat over emissions<\/a><\/p>\n<p><a href=\"#_ftnref8\" name=\"_ftn8\">[8]<\/a> <a href=\"https:\/\/www.ucsusa.org\/clean-vehicles\/car-emissions-and-global-warming\">https:\/\/www.ucsusa.org\/clean-vehicles\/car-emissions-and-global-warming<\/a><\/p>\n<p><a href=\"#_ftnref9\" name=\"_ftn9\">[9]<\/a> <a href=\"https:\/\/www.unenvironment.org\/news-and-stories\/story\/gearing-change-transport-sector-feels-heat-over-emissions\">Gearing up for change: transport sector feels the heat over emissions<\/a><\/p>\n<p><a href=\"#_ftnref10\" name=\"_ftn10\">[10]<\/a> <a href=\"https:\/\/www.nature.com\/articles\/s41558-017-0034-4\">https:\/\/www.nature.com\/articles\/s41558-017-0034-4<\/a><\/p>\n<p><a href=\"#_ftnref11\" name=\"_ftn11\">[11]<\/a> <a href=\"https:\/\/ourworldindata.org\/how-long-before-we-run-out-of-fossil-fuels#note-6\">https:\/\/ourworldindata.org\/how-long-before-we-run-out-of-fossil-fuels#note-6<\/a><\/p>\n<p><a href=\"#_ftnref12\" name=\"_ftn12\">[12]<\/a> <a href=\"https:\/\/www.forbes.com\/sites\/jackperkowski\/2018\/11\/27\/will-2018-be-an-inflection-point-for-chinas-auto-sales\/#5d5b30983ed1\">https:\/\/www.forbes.com\/sites\/jackperkowski\/2018\/11\/27\/will-2018-be-an-inflection-point-for-chinas-auto-sales\/#5d5b30983ed1<\/a><\/p>\n<p><a href=\"#_ftnref13\" name=\"_ftn13\">[13]<\/a> <a href=\"https:\/\/www.ceicdata.com\/en\/indicator\/saudi-arabia\/motor-vehicle-registered\">https:\/\/www.ceicdata.com\/en\/indicator\/saudi-arabia\/motor-vehicle-registered<\/a><\/p>\n<p><a href=\"#_ftnref14\" name=\"_ftn14\">[14]<\/a> <a href=\"https:\/\/www.mckinsey.com\/business-functions\/sustainability\/our-insights\/an-integrated-perspective-on-the-future-of-mobility\">https:\/\/www.mckinsey.com\/business-functions\/sustainability\/our-insights\/an-integrated-perspective-on-the-future-of-mobility<\/a><\/p>\n<p><a href=\"#_ftnref15\" name=\"_ftn15\">[15]<\/a> <a href=\"http:\/\/www.ev-volumes.com\/news\/81958\/\">http:\/\/www.ev-volumes.com\/news\/81958\/<\/a><\/p>\n<p><a href=\"#_ftnref16\" name=\"_ftn16\">[16]<\/a> <a href=\"https:\/\/www.unenvironment.org\/news-and-stories\/story\/gearing-change-transport-sector-feels-heat-over-emissions\">Gearing up for change: transport sector feels the heat over emissions<\/a><\/p>\n<p><a href=\"#_ftnref17\" name=\"_ftn17\">[17]<\/a> <a href=\"https:\/\/www.intelligenttransport.com\/transport-news\/87086\/the-london-electric-bus-fleet-is-the-largest-in-europe\/\">https:\/\/www.intelligenttransport.com\/transport-news\/87086\/the-london-electric-bus-fleet-is-the-largest-in-europe\/<\/a><\/p>\n<p><a href=\"#_ftnref18\" name=\"_ftn18\">[18]<\/a> <a href=\"https:\/\/www2.deloitte.com\/insights\/us\/en\/focus\/future-of-mobility\/micro-mobility-is-the-future-of-urban-transportation.html\">https:\/\/www2.deloitte.com\/insights\/us\/en\/focus\/future-of-mobility\/micro-mobility-is-the-future-of-urban-transportation.html<\/a><\/p>\n<p><a href=\"#_ftnref19\" name=\"_ftn19\">[19]<\/a> <a href=\"https:\/\/www.theguardian.com\/environment\/2016\/jul\/26\/solar-impulse-plane-makes-history-completing-round-the-world-trip\">https:\/\/www.theguardian.com\/environment\/2016\/jul\/26\/solar-impulse-plane-makes-history-completing-round-the-world-trip<\/a><\/p>\n<p><a href=\"#_ftnref20\" name=\"_ftn20\">[20]<\/a> <a href=\"https:\/\/www.theguardian.com\/environment\/2018\/sep\/17\/germany-launches-worlds-first-hydrogen-powered-train\">https:\/\/www.theguardian.com\/environment\/2018\/sep\/17\/germany-launches-worlds-first-hydrogen-powered-train<\/a><\/p>\n<p><a href=\"#_ftnref21\" name=\"_ftn21\">[21]<\/a> <a href=\"https:\/\/www.woodmac.com\/news\/editorial\/10-trends-shaping-the-global-solar-market-in-2019\">https:\/\/www.woodmac.com\/news\/editorial\/10-trends-shaping-the-global-solar-market-in-2019<\/a><\/p>\n<p><a href=\"#_ftnref22\" name=\"_ftn22\">[22]<\/a><\/p>\n<p><a href=\"#_ftnref23\" name=\"_ftn23\">[23]<\/a> <a href=\"https:\/\/www.newmobility.global\/future-transportation\/urban-mobility-growth-leading-example-middle-east\/\">https:\/\/www.newmobility.global\/future-transportation\/urban-mobility-growth-leading-example-middle-east\/<\/a><\/p>\n<p><a href=\"#_ftnref24\" name=\"_ftn24\">[24]<\/a> <a href=\"https:\/\/apps.who.int\/iris\/bitstream\/handle\/10665\/277370\/WHO-NMH-NVI-18.20-eng.pdf?ua=1\"><em>Global status report on road safety 2018<\/em>,<\/a> WHO, 2018.<\/p>\n<p><a href=\"#_ftnref25\" name=\"_ftn25\">[25]<\/a> <a href=\"http:\/\/sdcongress.com\/congress\/\">Dubai World Congress for Self-Driving Transport<\/a><\/p>\n<p><a href=\"#_ftnref26\" name=\"_ftn26\">[26]<\/a> <a href=\"https:\/\/alj.com\/en\/news\/saudi-aramco-air-products-build-saudi-arabias-first-hydrogen-fuel-cell-vehicle-fueling-station\/\">https:\/\/alj.com\/en\/news\/saudi-aramco-air-products-build-saudi-arabias-first-hydrogen-fuel-cell-vehicle-fueling-station\/<\/a><\/p>\n<p><a href=\"#_ftnref27\" name=\"_ftn27\">[27]<\/a> <a href=\"https:\/\/www2.deloitte.com\/insights\/us\/en\/focus\/future-of-mobility\/government-and-the-future-of-mobility.html\">https:\/\/www2.deloitte.com\/insights\/us\/en\/focus\/future-of-mobility\/government-and-the-future-of-mobility.html<\/a><\/p>\n","protected":false},"author":18,"featured_media":51876,"template":"","tags":[],"acf":[],"yoast_head":"<!-- This site is optimized with the Yoast SEO plugin v21.5 - https:\/\/yoast.com\/wordpress\/plugins\/seo\/ -->\n<title>Quelles sont les prochaines \u00e9tapes pour la mobilit\u00e9 ? | Abdul Latif Jameel\u00ae<\/title>\n<meta name=\"description\" content=\"Les technologies sp\u00e9cifiques de la voiture \u00e9lectrique et de la voiture \u00e0 hydrog\u00e8ne feront partie du paysage automobile de demain. La r\u00e9union de ces diff\u00e9rents secteurs pourrait apporter des changements \u00e0 long terme.\" \/>\n<meta name=\"robots\" content=\"index, follow, max-snippet:-1, max-image-preview:large, max-video-preview:-1\" \/>\n<link rel=\"canonical\" href=\"https:\/\/alj.com\/fr\/perspective\/where-next-for-mobility\/\" \/>\n<meta property=\"og:locale\" content=\"fr_FR\" \/>\n<meta property=\"og:type\" content=\"article\" \/>\n<meta property=\"og:title\" content=\"Quelles sont les prochaines \u00e9tapes pour la mobilit\u00e9 ? | Abdul Latif Jameel\u00ae\" \/>\n<meta property=\"og:description\" content=\"Les technologies sp\u00e9cifiques de la voiture \u00e9lectrique et de la voiture \u00e0 hydrog\u00e8ne feront partie du paysage automobile de demain. La r\u00e9union de ces diff\u00e9rents secteurs pourrait apporter des changements \u00e0 long terme.\" \/>\n<meta property=\"og:url\" content=\"https:\/\/alj.com\/fr\/perspective\/where-next-for-mobility\/\" \/>\n<meta property=\"og:site_name\" content=\"Abdul Latif Jameel\" \/>\n<meta property=\"article:publisher\" content=\"https:\/\/www.facebook.com\/Abdul.Latif.Jameel.Official\" \/>\n<meta property=\"article:modified_time\" content=\"2022-12-30T08:22:53+00:00\" \/>\n<meta property=\"og:image\" content=\"https:\/\/media.alj.com\/app\/uploads\/2019\/09\/1.jpg\" \/>\n\t<meta property=\"og:image:width\" content=\"852\" \/>\n\t<meta property=\"og:image:height\" content=\"480\" \/>\n\t<meta property=\"og:image:type\" content=\"image\/jpeg\" \/>\n<meta name=\"twitter:card\" content=\"summary_large_image\" \/>\n<meta name=\"twitter:label1\" content=\"Est. reading time\" \/>\n\t<meta name=\"twitter:data1\" content=\"21 minutes\" \/>\n<script type=\"application\/ld+json\" class=\"yoast-schema-graph\">{\"@context\":\"https:\/\/schema.org\",\"@graph\":[{\"@type\":\"WebPage\",\"@id\":\"https:\/\/alj.com\/fr\/perspective\/where-next-for-mobility\/\",\"url\":\"https:\/\/alj.com\/fr\/perspective\/where-next-for-mobility\/\",\"name\":\"Quelles sont les prochaines \u00e9tapes pour la mobilit\u00e9 ? | Abdul Latif Jameel\u00ae\",\"isPartOf\":{\"@id\":\"https:\/\/alj.com\/en\/#website\"},\"datePublished\":\"2019-09-29T06:28:50+00:00\",\"dateModified\":\"2022-12-30T08:22:53+00:00\",\"description\":\"Les technologies sp\u00e9cifiques de la voiture \u00e9lectrique et de la voiture \u00e0 hydrog\u00e8ne feront partie du paysage automobile de demain. La r\u00e9union de ces diff\u00e9rents secteurs pourrait apporter des changements \u00e0 long terme.\",\"breadcrumb\":{\"@id\":\"https:\/\/alj.com\/fr\/perspective\/where-next-for-mobility\/#breadcrumb\"},\"inLanguage\":\"fr-FR\",\"potentialAction\":[{\"@type\":\"ReadAction\",\"target\":[\"https:\/\/alj.com\/fr\/perspective\/where-next-for-mobility\/\"]}]},{\"@type\":\"BreadcrumbList\",\"@id\":\"https:\/\/alj.com\/fr\/perspective\/where-next-for-mobility\/#breadcrumb\",\"itemListElement\":[{\"@type\":\"ListItem\",\"position\":1,\"name\":\"Home\",\"item\":\"https:\/\/alj.com\/fr\/\"},{\"@type\":\"ListItem\",\"position\":2,\"name\":\"Perspectives\",\"item\":\"https:\/\/alj.com\/ja\/perspective\/\"},{\"@type\":\"ListItem\",\"position\":3,\"name\":\"Quelle prochaine \u00e9tape pour la mobilit\u00e9?\"}]},{\"@type\":\"WebSite\",\"@id\":\"https:\/\/alj.com\/en\/#website\",\"url\":\"https:\/\/alj.com\/en\/\",\"name\":\"Abdul Latif Jameel\",\"description\":\"Abdul Latif Jameel\",\"potentialAction\":[{\"@type\":\"SearchAction\",\"target\":{\"@type\":\"EntryPoint\",\"urlTemplate\":\"https:\/\/alj.com\/en\/?s={search_term_string}\"},\"query-input\":\"required name=search_term_string\"}],\"inLanguage\":\"fr-FR\"}]}<\/script>\n<!-- \/ Yoast SEO plugin. -->","yoast_head_json":{"title":"Quelles sont les prochaines \u00e9tapes pour la mobilit\u00e9 ? | Abdul Latif Jameel\u00ae","description":"Les technologies sp\u00e9cifiques de la voiture \u00e9lectrique et de la voiture \u00e0 hydrog\u00e8ne feront partie du paysage automobile de demain. La r\u00e9union de ces diff\u00e9rents secteurs pourrait apporter des changements \u00e0 long terme.","robots":{"index":"index","follow":"follow","max-snippet":"max-snippet:-1","max-image-preview":"max-image-preview:large","max-video-preview":"max-video-preview:-1"},"canonical":"https:\/\/alj.com\/fr\/perspective\/where-next-for-mobility\/","og_locale":"fr_FR","og_type":"article","og_title":"Quelles sont les prochaines \u00e9tapes pour la mobilit\u00e9 ? | Abdul Latif Jameel\u00ae","og_description":"Les technologies sp\u00e9cifiques de la voiture \u00e9lectrique et de la voiture \u00e0 hydrog\u00e8ne feront partie du paysage automobile de demain. La r\u00e9union de ces diff\u00e9rents secteurs pourrait apporter des changements \u00e0 long terme.","og_url":"https:\/\/alj.com\/fr\/perspective\/where-next-for-mobility\/","og_site_name":"Abdul Latif Jameel","article_publisher":"https:\/\/www.facebook.com\/Abdul.Latif.Jameel.Official","article_modified_time":"2022-12-30T08:22:53+00:00","og_image":[{"width":852,"height":480,"url":"https:\/\/media.alj.com\/app\/uploads\/2019\/09\/1.jpg","type":"image\/jpeg"}],"twitter_card":"summary_large_image","twitter_misc":{"Est. reading time":"21 minutes"},"schema":{"@context":"https:\/\/schema.org","@graph":[{"@type":"WebPage","@id":"https:\/\/alj.com\/fr\/perspective\/where-next-for-mobility\/","url":"https:\/\/alj.com\/fr\/perspective\/where-next-for-mobility\/","name":"Quelles sont les prochaines \u00e9tapes pour la mobilit\u00e9 ? | Abdul Latif Jameel\u00ae","isPartOf":{"@id":"https:\/\/alj.com\/en\/#website"},"datePublished":"2019-09-29T06:28:50+00:00","dateModified":"2022-12-30T08:22:53+00:00","description":"Les technologies sp\u00e9cifiques de la voiture \u00e9lectrique et de la voiture \u00e0 hydrog\u00e8ne feront partie du paysage automobile de demain. La r\u00e9union de ces diff\u00e9rents secteurs pourrait apporter des changements \u00e0 long terme.","breadcrumb":{"@id":"https:\/\/alj.com\/fr\/perspective\/where-next-for-mobility\/#breadcrumb"},"inLanguage":"fr-FR","potentialAction":[{"@type":"ReadAction","target":["https:\/\/alj.com\/fr\/perspective\/where-next-for-mobility\/"]}]},{"@type":"BreadcrumbList","@id":"https:\/\/alj.com\/fr\/perspective\/where-next-for-mobility\/#breadcrumb","itemListElement":[{"@type":"ListItem","position":1,"name":"Home","item":"https:\/\/alj.com\/fr\/"},{"@type":"ListItem","position":2,"name":"Perspectives","item":"https:\/\/alj.com\/ja\/perspective\/"},{"@type":"ListItem","position":3,"name":"Quelle prochaine \u00e9tape pour la mobilit\u00e9?"}]},{"@type":"WebSite","@id":"https:\/\/alj.com\/en\/#website","url":"https:\/\/alj.com\/en\/","name":"Abdul Latif Jameel","description":"Abdul Latif Jameel","potentialAction":[{"@type":"SearchAction","target":{"@type":"EntryPoint","urlTemplate":"https:\/\/alj.com\/en\/?s={search_term_string}"},"query-input":"required name=search_term_string"}],"inLanguage":"fr-FR"}]}},"post-meta-fields":{"_alp_processed":["1578985039"],"_wpml_word_count":["{\"total\":3425,\"to_translate\":{\"ar\":3425,\"zh-hans\":3425,\"fr\":3425,\"ja\":3425,\"es\":3425,\"tr\":3425}}"],"push_notification":["no"],"_push_notification":["field_5c3b1fb67034d"],"_wpml_media_featured":["1"],"_wpml_media_duplicate":["1"],"perspective_short_title":["Quelle prochaine \u00e9tape pour la mobilit\u00e9?"],"perspective_summury":["<p>Il y a seulement 50 ans la mobilit\u00e9 mondiale \u00e9tait totalement diff\u00e9rente : pour une population mondiale de 3,7 milliards de personnes, 30 millions de voitures et de camions neufs seulement ont \u00e9t\u00e9 produits chaque ann\u00e9e et seulement 310 millions de passagers ont \u00e9t\u00e9 transport\u00e9s dans les airs.<\/p>\n"],"perspective_location":["Duba\u00ef, \u00c9mirats arabes "],"wpcf-featured-news":["1"],"is_latest_news":["0"],"wpcf-show-news-at-homepage":["1"],"publish_mobile":["a:1:{i:0;s:3:\"yes\";}"],"_publish_mobile":["field_5bfa8eb2e65cf"],"mobile_featured_image":["https:\/\/media.alj.com\/app\/uploads\/2019\/09\/1.jpg"],"_mobile_featured_image":["field_5c3b204983dea"],"_yoast_wpseo_content_score":["30"],"post_views_count_2019Sep":["22"],"post_views_count_2019Oct":["64"],"post_views_count_2019Nov":["49"],"post_views_count_2019Dec":["50"],"_yoast_wpseo_title":["Quelles sont les prochaines \u00e9tapes pour la mobilit\u00e9 ? | Abdul Latif Jameel\u00ae"],"_yoast_wpseo_metadesc":["Les technologies sp\u00e9cifiques de la voiture \u00e9lectrique et de la voiture \u00e0 hydrog\u00e8ne feront partie du paysage automobile de demain. La r\u00e9union de ces diff\u00e9rents secteurs pourrait apporter des changements \u00e0 long terme."],"post_views_count_2020Jan":["28","28"],"_thumbnail_id":["51876"],"_last_translation_edit_mode":["native-editor"],"post_views_count_2020Feb":["18"],"post_views_count_2020Mar":["31"],"post_views_count_2020Apr":["37"],"_bsf_post_type":["0"],"_bsf_item_review_type":["none"],"post_views_count_2020May":["22"],"post_views_count_2020Jun":["23"],"post_views_count_2020Jul":["22"],"post_views_count_2020Aug":["16"],"post_views_count_2020Sep":["21"],"post_views_count_2020Oct":["20"],"post_views_count_2020Nov":["20"],"post_views_count_2020Dec":["19"],"post_views_count_2021Jan":["22"],"post_views_count_2021Feb":["24"],"post_views_count_2021Mar":["30"],"wpcf-perspective-published-date":["1569715200"],"post_views_count_2021Apr":["26"],"post_views_count_2021May":["17"],"post_views_count_2021Jun":["5"],"post_views_count_2021Jul":["14"],"post_views_total_count":["14"],"_edit_lock":["1672388448:21"],"_edit_last":["21"],"perspective_business_sector":["Transports"],"featured_on_listing_page":["0"],"_featured_on_listing_page":["field_62458ea7383c3"],"content_series_applied":[""],"_content_series_applied":["field_60f3d3faf82ac"],"wpcf-perspective-downloadable_file":[""],"wpcf-card-image":[""],"_wpcf-card-image-sort-order":["a:1:{i:0;i:1390519;}"],"wpcf-projecttitle":[""],"wpcf-projectdescription":[""],"wpcf-projectimage-video1":["image"],"wpcf-projectimage-1":[""],"wpcf-projectvideo-1":[""],"wpcf-projectdescription-1":[""],"wpcf-projectimage-video2":["image"],"wpcf-projectimage-2":[""],"wpcf-projectvideo-2":[""],"wpcf-projectdescription-2":[""],"wpcf-projectimage-video3":["image"],"wpcf-projectimage-3":[""],"wpcf-projectvideo-3":[""],"wpcf-projectdescription-3":[""],"wpcf-projectimage-video4":["image"],"wpcf-projectimage-4":[""],"wpcf-projectvideo-4":[""],"wpcf-projectdescription-4":[""],"wpcf-video-description":[""],"wpcf-layoutvideourl":[""],"wpcf-video-thumb":[""],"wpcf-social4-svg":[""],"wpcf-social4-background-image":[""],"wpcf-social4-text":[""],"wpcf-social4-url":[""],"wpcf-social3-svg":[""],"wpcf-social3-background-image":[""],"wpcf-social3-text":[""],"wpcf-social3-url":[""],"wpcf-social-text-svg-square":[""],"wpcf-social-text-image-square":[""],"wpcf-social-text-text-square":[""],"wpcf-social-text-url-square":[""],"wpcf-social2-svg":[""],"wpcf-social2-background-image":[""],"wpcf-social2-text":[""],"wpcf-social2-url":[""],"wpcf-social-svg-square":[""],"wpcf-social-image-square":[""],"wpcf-social-text-square":[""],"wpcf-social-url-square":[""],"wpcf-social1-svg":[""],"wpcf-social1-background-image":[""],"wpcf-social1-text":[""],"wpcf-social1-url":[""],"wpcf-quotes-with-auther-text-1":[""],"wpcf-card_article_with_title_content":[""],"wpcf-card_article_content":["<p>write your content<\/p>"],"wpcf-quotes-with-auther-text":[""],"_yoast_wpseo_estimated-reading-time-minutes":[""],"_yoast_wpseo_wordproof_timestamp":[""]},"_links":{"self":[{"href":"https:\/\/alj.com\/fr\/wp-json\/wp\/v2\/perspective\/56741"}],"collection":[{"href":"https:\/\/alj.com\/fr\/wp-json\/wp\/v2\/perspective"}],"about":[{"href":"https:\/\/alj.com\/fr\/wp-json\/wp\/v2\/types\/perspective"}],"author":[{"embeddable":true,"href":"https:\/\/alj.com\/fr\/wp-json\/wp\/v2\/users\/18"}],"wp:featuredmedia":[{"embeddable":true,"href":"https:\/\/alj.com\/fr\/wp-json\/wp\/v2\/media\/51876"}],"wp:attachment":[{"href":"https:\/\/alj.com\/fr\/wp-json\/wp\/v2\/media?parent=56741"}],"wp:term":[{"taxonomy":"post_tag","embeddable":true,"href":"https:\/\/alj.com\/fr\/wp-json\/wp\/v2\/tags?post=56741"}],"curies":[{"name":"wp","href":"https:\/\/api.w.org\/{rel}","templated":true}]}}