{"id":83028,"date":"2021-02-11T07:54:53","date_gmt":"2021-02-11T07:54:53","guid":{"rendered":"https:\/\/www.alj.com\/?post_type=perspective&#038;p=83028"},"modified":"2021-05-18T12:17:10","modified_gmt":"2021-05-18T12:17:10","slug":"reinitialiser-notre-climat-la-transition-energetique-durable","status":"publish","type":"perspective","link":"https:\/\/alj.com\/fr\/perspective\/reinitialiser-notre-climat-la-transition-energetique-durable\/","title":{"rendered":"\u00ab R\u00e9initialiser \u00bb notre climat: la transition \u00e9nerg\u00e9tique durable"},"content":{"rendered":"<p>Ce n\u2019est nullement exag\u00e9r\u00e9 de dire que l\u2019avenir de notre soci\u00e9t\u00e9, de notre mode de vie, voire de notre plan\u00e8te elle-m\u00eame, d\u00e9pend de notre capacit\u00e9 \u00e0 stopper et, \u00e9ventuellement, \u00e0 inverser les effets du changement climatique. Les g\u00e9n\u00e9rations futures comptent sur nous.<\/p>\n<p>Si nous \u00e9chouons, notre avenir \u00e0 tous s\u2019annonce bien peu reluisant\u00a0: Des temp\u00e9ratures qui montent en fl\u00e8che. La fonte des calottes polaires. L\u2019\u00e9l\u00e9vation du niveau des mers. Si nous y parvenons, toutefois, non seulement nous assurerons l\u2019avenir de notre soci\u00e9t\u00e9, mais nous ouvrirons une toute nouvelle voie vers un mode de vie plus sain, plus \u00e9quitable et plus durable pour la plan\u00e8te.<\/p>\n<p>Au c\u0153ur m\u00eame de ce casse-t\u00eate\u00a0: l\u2019\u00e9nergie. Sans elle, notre civilisation s\u2019effondrerait. Or, c\u2019est justement l\u00e0 que le b\u00e2t blesse. La production d\u2019\u00e9lectricit\u00e9 est la principale cause de pollution atmosph\u00e9rique<a href=\"#_ftn1\" name=\"_ftnref1\">[1]<\/a>. Pire encore, d\u2019ici\u00a02050, nous pourrions avoir besoin de deux fois plus d\u2019\u00e9nergie qu\u2019aujourd\u2019hui<a href=\"#_ftn2\" name=\"_ftnref2\">[2]<\/a>.<\/p>\n<p><img decoding=\"async\" loading=\"lazy\" class=\"aligncenter size-full wp-image-82185\" src=\"https:\/\/www.alj.com\/app\/uploads\/2020\/12\/ALJ-Global-Energy-Consumption-Infographics.jpg\" alt=\"Global Energy Consumption\" width=\"2560\" height=\"1551\" \/><\/p>\n<p>L\u2019ampleur du d\u00e9fi qui se pr\u00e9sente \u00e0 nous est sans pr\u00e9c\u00e9dent et plan\u00e9taire. Avons-nous d\u00e9j\u00e0 franchi, comme le pr\u00e9tendent certains analystes, \u00ab\u00a0l\u2019an z\u00e9ro de l\u2019apocalypse climatique\u00a0\u00bb\u00a0?<a href=\"#_ftn3\" name=\"_ftnref3\">[3]<\/a><\/p>\n<p>M\u00eame face \u00e0 un tel enjeu, nous nous trouvons confront\u00e9s \u00e0 une dure r\u00e9alit\u00e9\u00a0: nos bonnes intentions doivent \u00eatre <em>\u00e9conomiquement <\/em>viables.<\/p>\n<p>Heureusement, il appara\u00eet de plus en plus difficile d\u2019ignorer que sur le plan des \u00e9nergies renouvelables, comme l\u2019\u00e9olien et le solaire, les calculs tiennent vraiment la route. L\u00e0, moins de pollution ne rime pas avec <em>perte<\/em> de profit, mais plut\u00f4t <em>plus <\/em>de profit.<\/p>\n<h2>Quand l\u2019argent parle, on \u00e9coute<\/h2>\n<p>Ce n\u2019est pas l\u2019ann\u00e9e prochaine ni m\u00eame demain qu\u2019il faudra d\u00e9montrer concr\u00e8tement l\u2019int\u00e9r\u00eat \u00e9conomique des \u00e9nergies renouvelables. C\u2019est <em>maintenant<\/em>. Pendant que nous tergiversons, les populations sont en proie aux canicules, aux mar\u00e9es meurtri\u00e8res et aux conditions climatiques extr\u00eames.<\/p>\n<p>Venons-en aux bonnes nouvelles. Comme nous l\u2019avons \u00e9voqu\u00e9 dans notre article Spotlight sur les <a href=\"https:\/\/www.alj.com\/en\/spotlight-by-fady-jameel\/the-economic-costs-of-climate-change\/\">co\u00fbts \u00e9conomiques du changement climatique<\/a>, r\u00e9dig\u00e9 par <a href=\"https:\/\/www.alj.com\/en\/our-people\/fady-jameel\/\">Fady Jameel<\/a>, pr\u00e9sident d\u00e9l\u00e9gu\u00e9 et vice-pr\u00e9sident d\u2019<a href=\"https:\/\/www.alj.com\">Abdul Latif Jameel<\/a>, les t\u00eates pensantes des entreprises sont bien d\u00e9cid\u00e9es \u00e0 s\u2019unir derri\u00e8re cette croisade pour l\u2019\u00e9nergie verte.<\/p>\n<ul>\n<li>Deux cents des plus grandes soci\u00e9t\u00e9s cot\u00e9es au monde estiment que les retomb\u00e9es du changement climatique leur co\u00fbteront au total 1\u00a0000\u00a0milliards\u00a0USD.<a href=\"#_ftn4\" name=\"_ftnref4\">[4]<\/a><\/li>\n<li>L\u2019Organisation internationale du travail des Nations unies pr\u00e9voit que le stress thermique li\u00e9 au travail r\u00e9duira le nombre d\u2019heures de travail dans le monde de l\u2019\u00e9quivalent de 80\u00a0millions d\u2019emplois d\u2019ici\u00a02030.<a href=\"#_ftn5\" name=\"_ftnref5\">[5]<\/a><\/li>\n<li>Selon un calcul, les catastrophes naturelles se traduisent par une perte de 520\u00a0milliards\u00a0USD en consommation annuelle.<a href=\"#_ftn6\" name=\"_ftnref6\">[6]<\/a><\/li>\n<li>Sans mesures correctives urgentes, 100\u00a0millions de personnes suppl\u00e9mentaires seront contraintes de vivre dans la pauvret\u00e9 d\u2019ici\u00a02030 en raison du changement climatique.<a href=\"#_ftn7\" name=\"_ftnref7\">[7]<\/a><\/li>\n<\/ul>\n<p>L\u2019argent intelligent est ax\u00e9 sur l\u2019\u00e9nergie verte pour sauver notre environnement et dynamiser notre \u00e9conomie post-pand\u00e9mique. Alors que les biocarburants et l\u2019hydro\u00e9lectricit\u00e9 poursuivent leur essor, ce sont les \u00e9nergies solaire et \u00e9olienne qui suscitent le plus grand engouement. Et inutile d\u2019aller bien loin pour observer comment ces technologies sont d\u00e9j\u00e0 en train d\u2019\u00e9lectriser le march\u00e9.<\/p>\n<h2>L\u2019ambition ardente des pionniers du solaire<\/h2>\n<p>Le solaire monte en fl\u00e8che. La pand\u00e9mie a peut-\u00eatre ralenti le d\u00e9ploiement de nouveaux projets PV (photovolta\u00efques) dans le monde entier, mais sa dynamique est bien sup\u00e9rieure \u00e0 celle de tout \u00ab\u00a0supervirus\u00a0\u00bb.<\/p>\n<p><img decoding=\"async\" loading=\"lazy\" class=\"alignright size-thumbnail wp-image-82199\" src=\"https:\/\/www.alj.com\/app\/uploads\/2020\/12\/IEA-150x83.png\" alt=\"IEA logo\" width=\"150\" height=\"83\" srcset=\"https:\/\/media.alj.com\/app\/uploads\/2020\/12\/IEA-150x83.png 150w, https:\/\/media.alj.com\/app\/uploads\/2020\/12\/IEA-300x166.png 300w, https:\/\/media.alj.com\/app\/uploads\/2020\/12\/IEA-375x208.png 375w, https:\/\/media.alj.com\/app\/uploads\/2020\/12\/IEA-226x126.png 226w, https:\/\/media.alj.com\/app\/uploads\/2020\/12\/IEA-500x277.png 500w, https:\/\/media.alj.com\/app\/uploads\/2020\/12\/IEA.png 512w\" sizes=\"(max-width: 150px) 100vw, 150px\" \/>L\u2019Agence internationale de l\u2019\u00e9nergie (<a href=\"https:\/\/www.iea.org\/\">AIE<\/a>) voit la capacit\u00e9 solaire mondiale approcher les 200\u00a0GW d\u2019ici fin\u00a02021\u00a0; un nouveau record dans l\u2019industrie<a href=\"#_ftn8\" name=\"_ftnref8\">[8]<\/a>. La Chine, l\u2019Europe et les \u00c9tats-Unis donnent le ton, mais il s\u2019agit d\u2019un ph\u00e9nom\u00e8ne v\u00e9ritablement mondial\u00a0: plus de 30\u00a0pays ont d\u00e9sormais une capacit\u00e9 solaire sup\u00e9rieure \u00e0 1\u00a0GW, comme le souligne notre article Perspectives sur la <a href=\"https:\/\/www.alj.com\/en\/perspective\/solar-prospects-have-never-been-brighter\/\">croissance fulgurante du march\u00e9 de l\u2019\u00e9nergie solaire<\/a>. L\u2019Inde et le Japon viendront apporter de nouveaux rayons de soleil d\u2019ici\u00a02030.<\/p>\n<p><img decoding=\"async\" loading=\"lazy\" class=\"aligncenter size-full wp-image-82206\" src=\"https:\/\/www.alj.com\/app\/uploads\/2020\/12\/ALJ-Renewable-Electricity-Infographics.jpg\" alt=\"Renewable Electricity\" width=\"2560\" height=\"1724\" \/><\/p>\n<p>Les nouvelles op\u00e9rations accaparent quotidiennement les gros titres. Par exemple, le projet Rashid\u00a0Al\u00a0Maktoum\u00a0IV des EAU, le plus grand programme d\u2019\u00e9nergie solaire concentr\u00e9e (CSP) \u00e0 centrale unique dans le monde. Rashid\u00a0Al\u00a0Maktoum\u00a0IV a obtenu un financement de 4,2\u00a0milliards\u00a0USD pour son dernier agrandissement, qui comprend non seulement la plus haute tour solaire au monde (260\u00a0m), mais aussi la plus haute capacit\u00e9 mondiale de stockage thermique (15\u00a0h).<a href=\"#_ftn9\" name=\"_ftnref9\">[9]<\/a><\/p>\n<p>Prenez \u00e9galement les centrales solaires Leh et Kargil, d\u2019une valeur de 6\u00a0milliards USD, dans le Jammu-et-Cachemire, en Inde, qui seront connect\u00e9es \u00e0 un r\u00e9seau de transmission \u00e9tendu sur 850\u00a0km jusqu\u2019au Pendjab et injecteront quelque 7,5\u00a0GW d\u2019\u00e9nergie dans le r\u00e9seau.<\/p>\n<p>Gr\u00e2ce \u00e0 de tels investissements, l\u2019AIE estime que l\u2019\u00e9nergie solaire devrait couvrir un cinqui\u00e8me des besoins \u00e9nerg\u00e9tiques mondiaux d\u2019ici\u00a02040.<a href=\"#_ftn10\" name=\"_ftnref10\">[10]<\/a><\/p>\n<h2>Nous pouvons sentir la temp\u00e9rature monter. Et vous\u00a0?<\/h2>\n<p>Chez Abdul Latif Jameel, nous avons depuis longtemps pris conscience du potentiel de l\u2019\u00e9nergie solaire. Aujourd\u2019hui, \u00e0 travers notre entreprise phare dans le domaine des \u00e9nergies renouvelables, Fotowatio Renewable Ventures (<a href=\"https:\/\/frv.com\">FRV<\/a>), nous surfons sur la vague solaire avec un portefeuille de projets en pleine expansion dans le monde entier.<\/p>\n<p>Pour vous donner un aper\u00e7u, jetez un \u0153il \u00e0 nos avanc\u00e9es en <a href=\"https:\/\/www.alj.com\/en\/perspective\/australia-a-new-renewables-superpower-qa-with-carlo-frigerio\/\">Australie<\/a>. Notre ferme solaire <a href=\"https:\/\/www.alj.com\/en\/news\/abdul-latif-jameel-energy-delivers-goonumbla-solar-farm-to-supply-45000-australian-homes\/\">Goonumbla<\/a> de 67,8\u00a0MW en Nouvelle-Galles-du-Sud a commenc\u00e9 \u00e0 fonctionner en\u00a02019 et alimente plus de 45\u00a0000\u00a0foyers en \u00e9nergie propre, permettant d\u2019\u00e9conomiser quelque 140\u00a0000\u00a0tonnes de CO<sub>2<\/sub> par an\u00a0; notre ferme solaire <a href=\"https:\/\/www.alj.com\/en\/news\/frv-secures-financing-for-winton-solar-farm-in-victoria-australia\/\">Winton<\/a> de 85\u00a0MW dans l\u2019\u00c9tat de Victoria produira 210\u00a0000\u00a0MWh d\u2019\u00e9lectricit\u00e9 chaque ann\u00e9e\u00a0; et notre nouvelle collaboration avec Snowy Hydro, la ferme solaire <a href=\"https:\/\/www.alj.com\/en\/news\/abdul-latif-jameel-energy-secures-green-finance-from-ing-for-seventh-solar-farm-in-australia\/\">Sebastopol<\/a> de 90\u00a0MW en Nouvelle-Galles-du-Sud, offre des avantages environnementaux \u00e9quivalant \u00e0 27\u00a0700\u00a0voitures en moins sur les routes.<\/p>\n<p><iframe loading=\"lazy\" src=\"\/\/www.youtube.com\/embed\/a7J_GZXwG4Y\" width=\"560\" height=\"314\" allowfullscreen=\"allowfullscreen\"><\/iframe><\/p>\n<p>Regardez aussi notre croissance au <a href=\"https:\/\/www.alj.com\/en\/perspective\/a-cleaner-stronger-energy-future-dawning-for-mexico\/\">Mexique<\/a>. Notre centrale solaire <a href=\"https:\/\/www.alj.com\/en\/news\/abdul-latif-jameel-energy-secures-financing-mexican-solar-farm-will-power-150000-homes\/\">Potosi<\/a> \u00e0 San Luis de Potosi a commenc\u00e9 \u00e0 fonctionner en\u00a02019 et produit maintenant 815\u00a0000\u00a0MWh d\u2019\u00e9nergie propre chaque ann\u00e9e. Notre deuxi\u00e8me installation mexicaine, la ferme PV <a href=\"https:\/\/www.alj.com\/en\/news\/abdul-latif-jameel-energys-frv-secures-financing-for-potrero-solar-the-worlds-largest-bifacial-solar-pv-project\/\">Potrero<\/a> \u00e0 Jalisco, devrait alimenter 128\u00a0000\u00a0foyers, ce qui permettra d\u2019\u00e9conomiser 437\u00a0000\u00a0tonnes de CO<sub>2<\/sub> par an.<\/p>\n<p><iframe loading=\"lazy\" src=\"\/\/www.youtube.com\/embed\/jNcwscK_qKA\" width=\"560\" height=\"314\" allowfullscreen=\"allowfullscreen\"><\/iframe><\/p>\n<p>Nous sommes \u00e9galement en train de franchir une \u00e9tape technologique qui changera v\u00e9ritablement la donne\u00a0: une perc\u00e9e au niveau des batteries.<\/p>\n<h2>Avec les batteries de nouvelle g\u00e9n\u00e9ration, il y a de la tension dans l\u2019air<\/h2>\n<p>Les batteries \u00e0 haut rendement sont le \u00ab\u00a0Saint Graal\u00a0\u00bb des \u00e9nergies renouvelables (ou le \u00ab\u00a0cha\u00eenon manquant\u00a0\u00bb si vous pr\u00e9f\u00e9rez) qui comble le vide tant \u00e9voqu\u00e9 des cons\u00e9quences de l\u2019absence \u00e9ventuelle de soleil et de vent. C\u2019est un sujet que nous abordons plus en d\u00e9tail dans notre article Perspectives sur les derni\u00e8res <a href=\"https:\/\/www.alj.com\/en\/perspective\/storing-success-batteries-revolutionizing-global-energy-market\/\">innovations en mati\u00e8re de technologie des batteries<\/a>. Les batteries utilis\u00e9es pour la production d\u2019\u00e9lectricit\u00e9 en r\u00e9seau permettent de r\u00e9pondre \u00e0 la demande en dehors des p\u00e9riodes de fonctionnement. Le stockage de l\u2019\u00e9nergie est une niche o\u00f9 de nombreux investisseurs visionnaires injectent leurs fonds, et o\u00f9 certains des meilleurs rendements seront r\u00e9alis\u00e9s.<\/p>\n<p>Les installations de stockage d\u2019\u00e9nergie devraient passer de 9\u00a0GW (2018) au chiffre incroyable 1\u00a0095\u00a0GW d\u2019ici\u00a02040. Pour cela, nous pouvons remercier la baisse spectaculaire du prix des batteries au lithium-ion.<a href=\"#_ftn11\" name=\"_ftnref11\">[11]<\/a><\/p>\n<p>Abdul Latif Jameel est \u00e0 la pointe de ces travaux de recherche, explorant les concepts de lithium-ion de nouvelle g\u00e9n\u00e9ration via la division technologique FRV-X de FRV.<\/p>\n<p>La rapidit\u00e9 des progr\u00e8s est inspirante. FRV a d\u00e9j\u00e0 commenc\u00e9 \u00e0 exploiter son r\u00e9seau de batteries de 15\u00a0MWh de grande envergure \u00e0 <a href=\"https:\/\/www.alj.com\/en\/news\/abdul-latif-jameel-energys-frv-harmony-energy-commission-first-megapack-uk-energy-storage-project\/\">Holes Bay<\/a>, au Royaume-Uni. Ce projet, en partenariat avec le d\u00e9veloppeur britannique <a href=\"https:\/\/www.harmonyenergy.co.uk\/\">Harmony Energy<\/a>, est reli\u00e9 au r\u00e9seau de distribution de Southern Electric Power. Ce secteur et d\u2019autres technologies \u00e9mergentes sont abord\u00e9s plus en d\u00e9tail dans un r\u00e9cent <a href=\"https:\/\/www.alj.com\/en\/spotlight-by-fady-jameel\/how-progress-in-utility-scale-energy-storage-is-enabling-the-transition-to-renewable-energy\/\">podcast<\/a> Spotlight anim\u00e9 par Fady Jameel.<\/p>\n<p><img decoding=\"async\" loading=\"lazy\" class=\"aligncenter size-full wp-image-68543\" src=\"https:\/\/www.alj.com\/app\/uploads\/2020\/06\/HB-pr-EXAMPLE-1-01_SLS.jpeg\" alt=\"Holes Bay Dorset\" width=\"2560\" height=\"1707\" \/><\/p>\n<p>Nous pouvons \u00e9galement nous r\u00e9jouir de la centrale d\u2019\u00e9nergie renouvelable de 540\u00a0GWh de FRV au <a href=\"https:\/\/www.alj.com\/en\/perspective\/powering-potential-renewable-energy-in-latin-america\/\">Chili<\/a>, dont les batteries sont con\u00e7ues pour fournir de l\u2019\u00e9lectricit\u00e9 \u00e0 224\u00a0000\u00a0foyers 24\u00a0h\/24, 7\u00a0j\/7. En tant que centrale hybride, le projet chilien int\u00e8gre \u00e9galement le deuxi\u00e8me catalyseur de la r\u00e9volution de l\u2019\u00e9nergie verte\u00a0: l\u2019\u00e9olien.<\/p>\n<h2>Le vent, une force \u00e0 ne pas n\u00e9gliger<\/h2>\n<p>Comme source d\u2019\u00e9nergie pour l\u2019industrie et les logements, le vent est une source d\u2019\u00e9nergie <em>\u00e9poustouflante <\/em>\u00e0 tous \u00e9gards. C\u2019est gratuit, c\u2019est propre et c\u2019est illimit\u00e9. Les chiffres parlent d\u2019eux-m\u00eames\u00a0:<\/p>\n<ul>\n<li>330\u00a0GW suppl\u00e9mentaires d\u2019\u00e9nergie \u00e9olienne devraient \u00eatre mis en service d\u2019ici\u00a02023, portant la capacit\u00e9 mondiale \u00e0 plus de 900\u00a0GW<a href=\"#_ftn12\" name=\"_ftnref12\">[12]<\/a><\/li>\n<li>Le continent am\u00e9ricain pr\u00e9voit d\u2019installer plus de 220\u00a0GW de nouvelles capacit\u00e9s d\u2019ici\u00a02024<a href=\"#_ftn13\" name=\"_ftnref13\">[13]<\/a><\/li>\n<li>L\u2019Europe devrait produire 320\u00a0GW d\u2019\u00e9nergie \u00e9olienne d\u2019ici\u00a02030, r\u00e9pondant ainsi \u00e0 pr\u00e8s d\u2019un quart de ses besoins \u00e9nerg\u00e9tiques et cr\u00e9ant des centaines de milliers de nouveaux emplois<a href=\"#_ftn14\" name=\"_ftnref14\">[14]<\/a>.<\/li>\n<\/ul>\n<p>L\u2019industrie a les yeux riv\u00e9s sur l\u2019avenir, comme le souligne notre article Perspectives sur le <a href=\"https:\/\/www.alj.com\/en\/perspective\/wind-power-at-full-force-in-landmark-year\/\">potentiel de l\u2019\u00e9nergie \u00e9olienne<\/a>.<\/p>\n<p>Prenons l\u2019exemple du parc \u00e9olien de 6\u00a0GW d\u2019Ulanqab en Chine, un projet de 6,2\u00a0milliards\u00a0USD destin\u00e9 \u00e0 couvrir 3 800 km2 de Mongolie int\u00e9rieure\u00a0; son lancement est pr\u00e9vu \u00e0 temps pour contribuer \u00e0 l\u2019alimentation en \u00e9nergie des Jeux olympiques d\u2019hiver de 2022. Ou encore le projet Dumat Al Jandal de 500\u00a0millions\u00a0USD dans la r\u00e9gion d\u2019Al Jouf en Arabie Saoudite\u00a0; une r\u00e9f\u00e9rence en mati\u00e8re d\u2019\u00e9nergie \u00e9olienne au Moyen-Orient. Les 400\u00a0MW de Dumat Al Jandal devraient pouvoir alimenter jusqu\u2019\u00e0 70\u00a0000\u00a0personnes en \u00e9lectricit\u00e9 d\u2019ici\u00a02022.<\/p>\n<p>Signe certain que le vent souffle dans la bonne direction.<\/p>\n<p><img decoding=\"async\" loading=\"lazy\" class=\"aligncenter size-full wp-image-83045\" src=\"https:\/\/www.alj.com\/app\/uploads\/2021\/01\/ALJ-Wind-Power-Onshore-Offshore.jpg\" alt=\"ALJ Wind Power Onshore Offshore\" width=\"2560\" height=\"1508\" \/><\/p>\n<p>&nbsp;<\/p>\n<h2>Une bou\u00e9e \u00e0 la mer pour une r\u00e9volution offshore<\/h2>\n<p>Les parcs \u00e9oliens offshore devraient doubler leur part de march\u00e9 d\u2019ici\u00a02023, passant de 9 \u00e0 18\u00a0%, soit une croissance deux fois plus \u00e9lev\u00e9e que celle de l\u2019\u00e9olien terrestre.<a href=\"#_ftn15\" name=\"_ftnref15\">[15]<\/a><\/p>\n<p>L\u2019Europe a inaugur\u00e9 dix nouveaux parcs \u00e9oliens offshore d\u2019une puissance totale de 3,6\u00a0GW rien qu\u2019en\u00a02019, avec une taille moyenne passant de 300 \u00e0 600\u00a0MW<a href=\"#_ftn16\" name=\"_ftnref16\"><sup>[16]<\/sup><\/a>.<\/p>\n<p>Aux \u00c9tats-Unis, des plans sont en cours d\u2019\u00e9laboration pour le plus grand parc \u00e9olien marin jamais construit au monde, dans le cadre de l\u2019extension du projet Coastal Virginia Offshore Wind. Ce champ \u00e9olien produira 2,64\u00a0GW d\u2019\u00e9lectricit\u00e9 d\u2019ici\u00a02026.<\/p>\n<p>Pourquoi cet investissement massif dans l\u2019\u00e9olien offshore, me direz-vous\u00a0? L\u00e0 encore, c\u2019est une question de co\u00fbt.<\/p>\n<p>Si l\u2019\u00e9olien offshore reste plus on\u00e9reux que l\u2019\u00e9olien terrestre en raison de co\u00fbts d\u2019installation et de maintenance plus \u00e9lev\u00e9s, l\u2019\u00e9cart se r\u00e9duit gr\u00e2ce aux turbines toujours plus grandes et aux \u00e9conomies d\u2019\u00e9chelle. On peut esp\u00e9rer de futures r\u00e9ductions des co\u00fbts de l\u2019offshore de l\u2019ordre de 30 \u00e0 50\u00a0%, ce qui le rendra encore plus attrayant pour les investisseurs.<a href=\"#_ftn17\" name=\"_ftnref17\">[17]<\/a><\/p>\n<p>Les innovations techniques imminentes incluent de nouveaux mat\u00e9riaux et de meilleures techniques de construction permettant de fabriquer des \u00e9oliennes plus \u00e9lev\u00e9es et toujours plus efficaces. Le futur parc \u00e9olien Dogger Bank, au Royaume-Uni, qui devrait entrer en service au d\u00e9but des ann\u00e9es\u00a02020, disposera d\u2019\u00e9oliennes de 220\u00a0m de haut. Et quand il s\u2019agit d\u2019\u00e9oliennes, la taille compte vraiment. Une turbine de 170\u00a0m, par exemple, a un rendement \u00e9nerg\u00e9tique 35\u00a0% plus \u00e9lev\u00e9 qu\u2019une autre de 70\u00a0m<a href=\"#_ftn18\" name=\"_ftnref18\">[18]<\/a>.<\/p>\n<p>Une vraie bouff\u00e9e d\u2019air frais pour l\u2019\u00e9conomie verte.<\/p>\n<h2>Les super pouvoirs peuvent \u00eatre vraiment h\u00e9ro\u00efques<\/h2>\n<p>Le sort des \u00e9nergies renouvelables est \u00e9troitement li\u00e9 au soutien des gouvernements.<\/p>\n<p>Des inqui\u00e9tudes ont \u00e9t\u00e9 soulev\u00e9es en Am\u00e9rique, par exemple, lorsque de nouveaux projets d\u2019\u00e9nergie solaire ont \u00e9t\u00e9 retard\u00e9s par des r\u00e9formes de l\u2019imp\u00f4t sur les soci\u00e9t\u00e9s qui ont \u00e9branl\u00e9 la confiance envers le prix des modules PV. La Chine a elle aussi connu un ralentissement du solaire, imput\u00e9 par l\u2019AIE au gouvernement qui a supprim\u00e9 les tarifs de rachat. Mais lorsque les politiques sont ax\u00e9es sur l\u2019avenir, les investisseurs sont au rendez-vous \u2013 croyez-en notre exp\u00e9rience.<\/p>\n<p>La r\u00e9glementation chilienne favorable aux \u00e9nergies renouvelables, par exemple, est la locomotive des activit\u00e9s de FRV en Am\u00e9rique du Sud. Nous explorons \u00e9galement les opportunit\u00e9s en Uruguay, au Br\u00e9sil, au P\u00e9rou et en Colombie du fait de politiques similaires propices aux \u00e9nergies renouvelables dans les pays voisins.<\/p>\n<p>Les accords d\u2019achat d\u2019\u00e9lectricit\u00e9 (AAE) bilat\u00e9raux devraient augmenter de mani\u00e8re exponentielle l\u2019app\u00e9tit des investisseurs pour les \u00e9nergies renouvelables. Ces AAE d\u00e9finiront les revenus et la qualit\u00e9 du cr\u00e9dit des projets \u00e9oliens au niveau mondial, ce qui contribuera \u00e0 rassurer les tenants de la bourse<a href=\"#_ftn19\" name=\"_ftnref19\">[19]<\/a>.<\/p>\n<figure id=\"attachment_61953\" aria-describedby=\"caption-attachment-61953\" style=\"width: 150px\" class=\"wp-caption alignright\"><img decoding=\"async\" loading=\"lazy\" class=\"size-thumbnail wp-image-61953\" src=\"https:\/\/www.alj.com\/app\/uploads\/2020\/06\/Felipe-150x150.jpg\" alt=\"\" width=\"150\" height=\"150\" srcset=\"https:\/\/media.alj.com\/app\/uploads\/2020\/06\/Felipe-150x150.jpg 150w, https:\/\/media.alj.com\/app\/uploads\/2020\/06\/Felipe-300x300.jpg 300w, https:\/\/media.alj.com\/app\/uploads\/2020\/06\/Felipe-200x200.jpg 200w, https:\/\/media.alj.com\/app\/uploads\/2020\/06\/Felipe-170x170.jpg 170w, https:\/\/media.alj.com\/app\/uploads\/2020\/06\/Felipe-70x70.jpg 70w, https:\/\/media.alj.com\/app\/uploads\/2020\/06\/Felipe-271x271.jpg 271w, https:\/\/media.alj.com\/app\/uploads\/2020\/06\/Felipe.jpg 500w\" sizes=\"(max-width: 150px) 100vw, 150px\" \/><figcaption id=\"caption-attachment-61953\" class=\"wp-caption-text\">Felipe Hern\u00e1ndez<br \/>\nDirecteur g\u00e9n\u00e9ral FRV-X<\/figcaption><\/figure>\n<p>En tant que chefs de file de l\u2019industrie de l\u2019\u00e9nergie verte, nous nous effor\u00e7ons d\u2019obtenir le soutien politique n\u00e9cessaire aux \u00e9nergies renouvelables aux quatre coins du monde.<\/p>\n<p><em>\u00ab\u00a0Nous collaborons d\u00e9j\u00e0 avec des gouvernements, des r\u00e9gulateurs et des partenaires du monde entier pour jeter les bases d\u2019un nouveau mod\u00e8le \u00e9nerg\u00e9tique\u00a0\u00bb<\/em>, pr\u00e9cise <u>Felipe Hern\u00e1ndez<\/u>, directeur g\u00e9n\u00e9ral de l\u2019ing\u00e9nierie et de la gestion des actifs chez FRV.<\/p>\n<h2>Notre feu vert en faveur de l\u2019\u00e9nergie propre<\/h2>\n<p>Qu\u2019il s\u2019agisse de canaliser la puissance du soleil ou d\u2019exploiter le potentiel du vent, Abdul Latif Jameel est convaincu que l\u2019avenir de l\u2019\u00e9nergie est r\u00e9solument renouvelable. Voil\u00e0 pourquoi nous sommes aujourd\u2019hui <a href=\"https:\/\/www.alj.com\/en\/energy-and-environmental-services\/energy-overview\/\">actifs dans 18\u00a0pays<\/a> et nous nous sommes affair\u00e9s \u00e0 \u00e9toffer notre portefeuille de projets de 50\u00a0% en moins de deux ans.<\/p>\n<figure id=\"attachment_76957\" aria-describedby=\"caption-attachment-76957\" style=\"width: 225px\" class=\"wp-caption alignright\"><img decoding=\"async\" loading=\"lazy\" class=\"size-medium wp-image-76957\" src=\"https:\/\/www.alj.com\/app\/uploads\/2020\/09\/Fady-Jameel-Abdul-Latif-Jameel-225x300.jpg\" alt=\"Fady Jameel, Deputy President and Vice Chairman, Abdul Latif Jam\" width=\"225\" height=\"300\" srcset=\"https:\/\/media.alj.com\/app\/uploads\/2020\/09\/Fady-Jameel-Abdul-Latif-Jameel-225x300.jpg 225w, https:\/\/media.alj.com\/app\/uploads\/2020\/09\/Fady-Jameel-Abdul-Latif-Jameel-768x1024.jpg 768w, https:\/\/media.alj.com\/app\/uploads\/2020\/09\/Fady-Jameel-Abdul-Latif-Jameel-112x150.jpg 112w, https:\/\/media.alj.com\/app\/uploads\/2020\/09\/Fady-Jameel-Abdul-Latif-Jameel.jpg 800w\" sizes=\"(max-width: 225px) 100vw, 225px\" \/><figcaption id=\"caption-attachment-76957\" class=\"wp-caption-text\">Fady Jameel<br \/>\nPr\u00e9sident d\u00e9l\u00e9gu\u00e9 et Vice-pr\u00e9sident<br \/>\nAbdul Latif Jameel<\/figcaption><\/figure>\n<p>Soucieux de conforter notre engagement en faveur du d\u00e9veloppement \u00e9conomique, nous nous attachons \u00e9galement \u00e0 constituer un h\u00e9ritage significatif partout o\u00f9 nous sommes pr\u00e9sents. Cela passe par la cr\u00e9ation d\u2019emplois \u00e0 tous les niveaux et la formation des travailleurs locaux pour am\u00e9liorer le savoir-faire des pays en mati\u00e8re d\u2019\u00e9nergies renouvelables.<\/p>\n<p><a href=\"https:\/\/www.alj.com\/en\/spotlight-by-fady-jameel\/delivering-decarbonization-how-achievable-is-net-zero\/\">La d\u00e9carbonisation du secteur de l\u2019\u00e9nergie<\/a> doit \u00eatre une priorit\u00e9 pour nous tous. S\u2019il s\u2019agit vraiment de \u00ab\u00a0l\u2019an z\u00e9ro de l\u2019apocalypse climatique\u00a0\u00bb, il est grand temps d\u2019arr\u00eater l\u2019horloge.<\/p>\n<p><em>\u00ab\u00a0Nous pouvons d\u00e8s aujourd\u2019hui prendre de nombreuses d\u00e9cisions afin de nous rapprocher d\u2019un syst\u00e8me \u00e9nerg\u00e9tique \u00e0 z\u00e9ro \u00e9mission pour\u00a02050.<\/em><\/p>\n<p><em>En faisant les bons choix, nous contribuerons en d\u00e9finitive \u00e0 stimuler l\u2019\u00e9conomie, \u00e0 prot\u00e9ger l\u2019environnement et \u00e0 pr\u00e9server nos soci\u00e9t\u00e9s pour l\u2019avenir\u00a0\u00bb,<\/em><\/p>\n<p>signale Fady M. Jameel, pr\u00e9sident d\u00e9l\u00e9gu\u00e9 et vice-pr\u00e9sident d\u2019Abdul Latif Jameel.<\/p>\n<p><a href=\"#_ftnref1\" name=\"_ftn1\">[1]<\/a> https:\/\/www.epa.gov\/ghgemissions\/sources-greenhouse-gas-emissions<\/p>\n<p><a href=\"#_ftnref2\" name=\"_ftn2\">[2]<\/a> https:\/\/www.eia.gov\/todayinenergy\/detail.php?id=41433<\/p>\n<p><a href=\"#_ftnref3\" name=\"_ftn3\">[3]<\/a> https:\/\/www.theguardian.com\/commentisfree\/2019\/dec\/20\/2019-has-been-a-year-of-climate-disaster-yet-still-our-leaders-procrastinate<\/p>\n<p><a href=\"#_ftnref4\" name=\"_ftn4\">[4]<\/a> https:\/\/www.cdp.net\/en\/research\/global-reports\/global-climate-change-report-2018\/climate-report-risks-and-opportunities<\/p>\n<p><a href=\"#_ftnref5\" name=\"_ftn5\">[5]<\/a> https:\/\/www.ilo.org\/wcmsp5\/groups\/public\/&#8212;dgreports\/&#8212;dcomm\/&#8212;publ\/documents\/publication\/wcms_711919.pdf<\/p>\n<p><a href=\"#_ftnref6\" name=\"_ftn6\">[6]<\/a> https:\/\/www.worldbank.org\/en\/topic\/climatechange\/overview<\/p>\n<p><a href=\"#_ftnref7\" name=\"_ftn7\">[7]<\/a> https:\/\/www.worldbank.org\/en\/topic\/climatechange\/overview<\/p>\n<p><a href=\"#_ftnref8\" name=\"_ftn8\">[8]<\/a> https:\/\/www.iea.org\/reports\/renewable-energy-market-update\/2020-and-2021-forecast-overview<\/p>\n<p><a href=\"#_ftnref9\" name=\"_ftn9\">[9]<\/a> http:\/\/helioscsp.com\/dewa-reviews-construction-of-4th-phase-of-the-mohammed-bin-rashid-al-maktoum-solar-park\/<\/p>\n<p><a href=\"#_ftnref10\" name=\"_ftn10\">[10]<\/a> https:\/\/www.powermag.com\/iea-world-energy-outlook-solar-capacity-surges-past-coal-and-gas-by-2040\/<\/p>\n<p><a href=\"#_ftnref11\" name=\"_ftn11\">[11]<\/a> https:\/\/about.bnef.com\/blog\/energy-storage-investments-boom-battery-costs-halve-next-decade\/<\/p>\n<p><a href=\"#_ftnref12\" name=\"_ftn12\">[12]<\/a> https:\/\/gwec.net\/press-release-q3-market-intelligence-update-2019\/<\/p>\n<p><a href=\"#_ftnref13\" name=\"_ftn13\">[13]<\/a> https:\/\/gwec.net\/americas-wind-installations-rise-12-in-2019-to-13-4gw\/<\/p>\n<p><a href=\"#_ftnref14\" name=\"_ftn14\">[14]<\/a> https:\/\/www.ewea.org\/fileadmin\/files\/library\/publications\/reports\/EWEA-Wind-energy-scenarios-2030.pdf<\/p>\n<p><a href=\"#_ftnref15\" name=\"_ftn15\">[15]<\/a> https:\/\/gwec.net\/press-release-q3-market-intelligence-update-2019\/<\/p>\n<p><a href=\"#_ftnref16\" name=\"_ftn16\">[16]<\/a> https:\/\/windeurope.org\/newsroom\/press-releases\/europe-installs-a-record-3-6-gw-of-offshore-wind-in-2019\/<\/p>\n<p><a href=\"#_ftnref17\" name=\"_ftn17\">[17]<\/a> https:\/\/www.nanalyze.com\/2019\/05\/wind-energy-stock-wind-power\/<\/p>\n<p><a href=\"#_ftnref18\" name=\"_ftn18\">[18]<\/a> https:\/\/buildingspecifier.com\/wind-turbines-set-to-reach-mega-heights-with-new-techniques\/#<\/p>\n<p><a href=\"#_ftnref19\" name=\"_ftn19\">[19]<\/a> https:\/\/gwec.net\/press-release-q3-market-intelligence-update-2019\/<\/p>\n","protected":false},"author":18,"featured_media":38112,"template":"","tags":[],"acf":[],"yoast_head":"<!-- This site is optimized with the Yoast SEO plugin v21.5 - https:\/\/yoast.com\/wordpress\/plugins\/seo\/ -->\n<title>\u00ab R\u00e9initialiser \u00bb notre climat | Abdul Latif Jameel\u00ae<\/title>\n<meta name=\"description\" content=\"L&#039;avenir de notre soci\u00e9t\u00e9, de notre mode de vie et de notre plan\u00e8te elle-m\u00eame d\u00e9pend de notre capacit\u00e9 \u00e0 arr\u00eater et inverser les effets du changement climatique.\" \/>\n<meta name=\"robots\" content=\"index, follow, max-snippet:-1, max-image-preview:large, max-video-preview:-1\" \/>\n<link rel=\"canonical\" href=\"https:\/\/alj.com\/fr\/perspective\/reinitialiser-notre-climat-la-transition-energetique-durable\/\" \/>\n<meta property=\"og:locale\" content=\"fr_FR\" \/>\n<meta property=\"og:type\" content=\"article\" \/>\n<meta property=\"og:title\" content=\"\u00ab R\u00e9initialiser \u00bb notre climat | Abdul Latif Jameel\u00ae\" \/>\n<meta property=\"og:description\" content=\"L&#039;avenir de notre soci\u00e9t\u00e9, de notre mode de vie et de notre plan\u00e8te elle-m\u00eame d\u00e9pend de notre capacit\u00e9 \u00e0 arr\u00eater et inverser les effets du changement climatique.\" \/>\n<meta property=\"og:url\" content=\"https:\/\/alj.com\/fr\/perspective\/reinitialiser-notre-climat-la-transition-energetique-durable\/\" \/>\n<meta property=\"og:site_name\" content=\"Abdul Latif Jameel\" \/>\n<meta property=\"article:publisher\" content=\"https:\/\/www.facebook.com\/Abdul.Latif.Jameel.Official\" \/>\n<meta property=\"article:modified_time\" content=\"2021-05-18T12:17:10+00:00\" \/>\n<meta property=\"og:image\" content=\"https:\/\/media.alj.com\/app\/uploads\/2019\/03\/Energy-panels.jpg\" \/>\n\t<meta property=\"og:image:width\" content=\"750\" \/>\n\t<meta property=\"og:image:height\" content=\"356\" \/>\n\t<meta property=\"og:image:type\" content=\"image\/jpeg\" \/>\n<meta name=\"twitter:card\" content=\"summary_large_image\" \/>\n<meta name=\"twitter:label1\" content=\"Est. reading time\" \/>\n\t<meta name=\"twitter:data1\" content=\"13 minutes\" \/>\n<script type=\"application\/ld+json\" class=\"yoast-schema-graph\">{\"@context\":\"https:\/\/schema.org\",\"@graph\":[{\"@type\":\"WebPage\",\"@id\":\"https:\/\/alj.com\/fr\/perspective\/reinitialiser-notre-climat-la-transition-energetique-durable\/\",\"url\":\"https:\/\/alj.com\/fr\/perspective\/reinitialiser-notre-climat-la-transition-energetique-durable\/\",\"name\":\"\u00ab R\u00e9initialiser \u00bb notre climat | Abdul Latif Jameel\u00ae\",\"isPartOf\":{\"@id\":\"https:\/\/alj.com\/en\/#website\"},\"datePublished\":\"2021-02-11T07:54:53+00:00\",\"dateModified\":\"2021-05-18T12:17:10+00:00\",\"description\":\"L'avenir de notre soci\u00e9t\u00e9, de notre mode de vie et de notre plan\u00e8te elle-m\u00eame d\u00e9pend de notre capacit\u00e9 \u00e0 arr\u00eater et inverser les effets du changement climatique.\",\"breadcrumb\":{\"@id\":\"https:\/\/alj.com\/fr\/perspective\/reinitialiser-notre-climat-la-transition-energetique-durable\/#breadcrumb\"},\"inLanguage\":\"fr-FR\",\"potentialAction\":[{\"@type\":\"ReadAction\",\"target\":[\"https:\/\/alj.com\/fr\/perspective\/reinitialiser-notre-climat-la-transition-energetique-durable\/\"]}]},{\"@type\":\"BreadcrumbList\",\"@id\":\"https:\/\/alj.com\/fr\/perspective\/reinitialiser-notre-climat-la-transition-energetique-durable\/#breadcrumb\",\"itemListElement\":[{\"@type\":\"ListItem\",\"position\":1,\"name\":\"Home\",\"item\":\"https:\/\/alj.com\/fr\/\"},{\"@type\":\"ListItem\",\"position\":2,\"name\":\"Perspectives\",\"item\":\"https:\/\/alj.com\/ja\/perspective\/\"},{\"@type\":\"ListItem\",\"position\":3,\"name\":\"\u00ab R\u00e9initialiser \u00bb notre climat: la transition \u00e9nerg\u00e9tique durable\"}]},{\"@type\":\"WebSite\",\"@id\":\"https:\/\/alj.com\/en\/#website\",\"url\":\"https:\/\/alj.com\/en\/\",\"name\":\"Abdul Latif Jameel\",\"description\":\"Abdul Latif Jameel\",\"potentialAction\":[{\"@type\":\"SearchAction\",\"target\":{\"@type\":\"EntryPoint\",\"urlTemplate\":\"https:\/\/alj.com\/en\/?s={search_term_string}\"},\"query-input\":\"required name=search_term_string\"}],\"inLanguage\":\"fr-FR\"}]}<\/script>\n<!-- \/ Yoast SEO plugin. -->","yoast_head_json":{"title":"\u00ab R\u00e9initialiser \u00bb notre climat | Abdul Latif Jameel\u00ae","description":"L'avenir de notre soci\u00e9t\u00e9, de notre mode de vie et de notre plan\u00e8te elle-m\u00eame d\u00e9pend de notre capacit\u00e9 \u00e0 arr\u00eater et inverser les effets du changement climatique.","robots":{"index":"index","follow":"follow","max-snippet":"max-snippet:-1","max-image-preview":"max-image-preview:large","max-video-preview":"max-video-preview:-1"},"canonical":"https:\/\/alj.com\/fr\/perspective\/reinitialiser-notre-climat-la-transition-energetique-durable\/","og_locale":"fr_FR","og_type":"article","og_title":"\u00ab R\u00e9initialiser \u00bb notre climat | Abdul Latif Jameel\u00ae","og_description":"L'avenir de notre soci\u00e9t\u00e9, de notre mode de vie et de notre plan\u00e8te elle-m\u00eame d\u00e9pend de notre capacit\u00e9 \u00e0 arr\u00eater et inverser les effets du changement climatique.","og_url":"https:\/\/alj.com\/fr\/perspective\/reinitialiser-notre-climat-la-transition-energetique-durable\/","og_site_name":"Abdul Latif Jameel","article_publisher":"https:\/\/www.facebook.com\/Abdul.Latif.Jameel.Official","article_modified_time":"2021-05-18T12:17:10+00:00","og_image":[{"width":750,"height":356,"url":"https:\/\/media.alj.com\/app\/uploads\/2019\/03\/Energy-panels.jpg","type":"image\/jpeg"}],"twitter_card":"summary_large_image","twitter_misc":{"Est. reading time":"13 minutes"},"schema":{"@context":"https:\/\/schema.org","@graph":[{"@type":"WebPage","@id":"https:\/\/alj.com\/fr\/perspective\/reinitialiser-notre-climat-la-transition-energetique-durable\/","url":"https:\/\/alj.com\/fr\/perspective\/reinitialiser-notre-climat-la-transition-energetique-durable\/","name":"\u00ab R\u00e9initialiser \u00bb notre climat | Abdul Latif Jameel\u00ae","isPartOf":{"@id":"https:\/\/alj.com\/en\/#website"},"datePublished":"2021-02-11T07:54:53+00:00","dateModified":"2021-05-18T12:17:10+00:00","description":"L'avenir de notre soci\u00e9t\u00e9, de notre mode de vie et de notre plan\u00e8te elle-m\u00eame d\u00e9pend de notre capacit\u00e9 \u00e0 arr\u00eater et inverser les effets du changement climatique.","breadcrumb":{"@id":"https:\/\/alj.com\/fr\/perspective\/reinitialiser-notre-climat-la-transition-energetique-durable\/#breadcrumb"},"inLanguage":"fr-FR","potentialAction":[{"@type":"ReadAction","target":["https:\/\/alj.com\/fr\/perspective\/reinitialiser-notre-climat-la-transition-energetique-durable\/"]}]},{"@type":"BreadcrumbList","@id":"https:\/\/alj.com\/fr\/perspective\/reinitialiser-notre-climat-la-transition-energetique-durable\/#breadcrumb","itemListElement":[{"@type":"ListItem","position":1,"name":"Home","item":"https:\/\/alj.com\/fr\/"},{"@type":"ListItem","position":2,"name":"Perspectives","item":"https:\/\/alj.com\/ja\/perspective\/"},{"@type":"ListItem","position":3,"name":"\u00ab R\u00e9initialiser \u00bb notre climat: la transition \u00e9nerg\u00e9tique durable"}]},{"@type":"WebSite","@id":"https:\/\/alj.com\/en\/#website","url":"https:\/\/alj.com\/en\/","name":"Abdul Latif Jameel","description":"Abdul Latif Jameel","potentialAction":[{"@type":"SearchAction","target":{"@type":"EntryPoint","urlTemplate":"https:\/\/alj.com\/en\/?s={search_term_string}"},"query-input":"required name=search_term_string"}],"inLanguage":"fr-FR"}]}},"post-meta-fields":{"_alp_processed":["1610018621"],"_wpml_word_count":["{\"total\":2121,\"to_translate\":{\"ar\":2121,\"zh-hans\":2121,\"fr\":2121,\"ja\":2121,\"es\":2121,\"tr\":2121}}"],"push_notification":["no"],"_push_notification":["field_5c3b1fb67034d"],"_wpml_media_featured":["1"],"_wpml_media_duplicate":["1"],"perspective_short_title":["\u00ab R\u00e9initialiser \u00bb notre climat"],"perspective_summury":["<p>Ce n\u2019est nullement exag\u00e9r\u00e9 de dire que l\u2019avenir de notre soci\u00e9t\u00e9, de notre mode de vie, voire de notre plan\u00e8te elle-m\u00eame, d\u00e9pend de notre capacit\u00e9 \u00e0 stopper et, \u00e9ventuellement, \u00e0 inverser les effets du changement climatique. Les g\u00e9n\u00e9rations futures comptent sur nous.<\/p>\n"],"wpcf-featured-news":["0"],"is_latest_news":["0"],"wpcf-show-news-at-homepage":["0"],"publish_mobile":[""],"_publish_mobile":["field_5bfa8eb2e65cf"],"mobile_featured_image":["https:\/\/media.alj.com\/app\/uploads\/2021\/01\/Sunrise-wind-turbines.jpg"],"_mobile_featured_image":["field_5c3b204983dea"],"_wpcf-card-image-sort-order":["a:1:{i:0;i:976674;}"],"_bsf_post_type":["0"],"_bsf_item_review_type":["none"],"_yoast_wpseo_content_score":["30"],"post_views_count_2020Dec":["4"],"perspective_location":["Dubai, EAU"],"_yoast_wpseo_title":["\u00ab R\u00e9initialiser \u00bb notre climat | Abdul Latif Jameel\u00ae"],"_yoast_wpseo_metadesc":["L'avenir de notre soci\u00e9t\u00e9, de notre mode de vie et de notre plan\u00e8te elle-m\u00eame d\u00e9pend de notre capacit\u00e9 \u00e0 arr\u00eater et inverser les effets du changement climatique."],"post_views_count_2021Jan":["3"],"_thumbnail_id":["38112"],"_last_translation_edit_mode":["native-editor"],"_wp_old_date":["2021-02-02"],"post_views_count_2021Feb":["12"],"post_views_count_2021Mar":["38"],"post_views_count_2021Apr":["24"],"post_views_count_2021May":["20"],"perspective_business_sector":["Services \u00c9nerg\u00e9tiques et Environnementaux"],"wpcf-perspective-published-date":["1610323200"],"wpcf-card-image":[""],"post_views_count_2021Jun":["3"],"post_views_count_2021Jul":["16"],"post_views_total_count":["16"]},"_links":{"self":[{"href":"https:\/\/alj.com\/fr\/wp-json\/wp\/v2\/perspective\/83028"}],"collection":[{"href":"https:\/\/alj.com\/fr\/wp-json\/wp\/v2\/perspective"}],"about":[{"href":"https:\/\/alj.com\/fr\/wp-json\/wp\/v2\/types\/perspective"}],"author":[{"embeddable":true,"href":"https:\/\/alj.com\/fr\/wp-json\/wp\/v2\/users\/18"}],"wp:featuredmedia":[{"embeddable":true,"href":"https:\/\/alj.com\/fr\/wp-json\/wp\/v2\/media\/38112"}],"wp:attachment":[{"href":"https:\/\/alj.com\/fr\/wp-json\/wp\/v2\/media?parent=83028"}],"wp:term":[{"taxonomy":"post_tag","embeddable":true,"href":"https:\/\/alj.com\/fr\/wp-json\/wp\/v2\/tags?post=83028"}],"curies":[{"name":"wp","href":"https:\/\/api.w.org\/{rel}","templated":true}]}}