{"id":87475,"date":"2021-04-13T04:54:43","date_gmt":"2021-04-13T04:54:43","guid":{"rendered":"https:\/\/www.alj.com\/?post_type=perspective&#038;p=87475"},"modified":"2021-05-05T07:17:44","modified_gmt":"2021-05-05T07:17:44","slug":"mieux-reconstruire-repenser-le-commerce-dans-un-cadre-de-recuperation-post-pandemie","status":"publish","type":"perspective","link":"https:\/\/alj.com\/fr\/perspective\/mieux-reconstruire-repenser-le-commerce-dans-un-cadre-de-recuperation-post-pandemie\/","title":{"rendered":"Mieux reconstruire : repenser le commerce dans un cadre de r\u00e9cup\u00e9ration post-pand\u00e9mie"},"content":{"rendered":"<h4>L\u2019ann\u00e9e derni\u00e8re, le commerce mondial a \u00e9t\u00e9 boulevers\u00e9 d\u2019une mani\u00e8re qui auparavant semblait inimaginable. Mais 12\u00a0mois apr\u00e8s que la pand\u00e9mie a \u00e9t\u00e9 d\u00e9clar\u00e9e officiellement, on peut souligner certains points positifs \u00e0 mesure que les entreprises et leurs employ\u00e9s s\u2019adaptent et innovent pour l\u2019avenir.<\/h4>\n<p><img decoding=\"async\" loading=\"lazy\" class=\"alignright size-medium wp-image-87446\" src=\"https:\/\/www.alj.com\/app\/uploads\/2021\/04\/fusion-medical-animation-rnr8D3FNUNY-unsplash-300x169.jpg\" alt=\"COVID-19 virus\" width=\"300\" height=\"169\" srcset=\"https:\/\/media.alj.com\/app\/uploads\/2021\/04\/fusion-medical-animation-rnr8D3FNUNY-unsplash-300x169.jpg 300w, https:\/\/media.alj.com\/app\/uploads\/2021\/04\/fusion-medical-animation-rnr8D3FNUNY-unsplash-1024x576.jpg 1024w, https:\/\/media.alj.com\/app\/uploads\/2021\/04\/fusion-medical-animation-rnr8D3FNUNY-unsplash-150x84.jpg 150w, https:\/\/media.alj.com\/app\/uploads\/2021\/04\/fusion-medical-animation-rnr8D3FNUNY-unsplash-768x432.jpg 768w, https:\/\/media.alj.com\/app\/uploads\/2021\/04\/fusion-medical-animation-rnr8D3FNUNY-unsplash-1536x864.jpg 1536w, https:\/\/media.alj.com\/app\/uploads\/2021\/04\/fusion-medical-animation-rnr8D3FNUNY-unsplash-226x126.jpg 226w, https:\/\/media.alj.com\/app\/uploads\/2021\/04\/fusion-medical-animation-rnr8D3FNUNY-unsplash.jpg 1920w\" sizes=\"(max-width: 300px) 100vw, 300px\" \/>Cela est presque surr\u00e9aliste. Le 31\u00a0d\u00e9cembre 2019, la Commission municipale de la sant\u00e9 de Wuhan, en Chine, publiait une d\u00e9claration sur son site Web concernant des cas de \u00ab\u00a0pneumonie virale\u00a0\u00bb<a href=\"#_ftn1\" name=\"_ftnref1\">[1]<\/a>. D\u00e8s le 9\u00a0janvier 2020, ils avaient \u00e9t\u00e9 identifi\u00e9s comme des cas de nouveau coronavirus, <em>Coronaviridae<\/em> \u00e9tant une famille de virus qui provoquent des maladies respiratoires et intestinales. Ces derniers comprennent le SARS et le MERS. Ce coronavirus a \u00e9t\u00e9 nomm\u00e9 SARS-CoV-2 (coronavirus respiratoire aigu s\u00e9v\u00e8re 2), la maladie que nous connaissons maintenant trop bien sous le nom de COVID-19<a href=\"#_ftn2\" name=\"_ftnref2\">[2]<\/a> (COrona VIrus Disease-2019).<\/p>\n<p>Le 11\u00a0janvier 2021, la Chine a signal\u00e9 son premier d\u00e9c\u00e8s d\u00fb \u00e0 cette maladie et, quelques jours plus tard, le 30\u00a0janvier, le virus se propageant dans le monde, l\u2019Organisation mondiale de la Sant\u00e9 (OMS) d\u00e9clare une urgence de sant\u00e9 publique internationale. Le 11\u00a0mars, la maladie est officiellement class\u00e9e comme une pand\u00e9mie mondiale. En un peu plus de deux mois, le monde comme nous le connaissions s\u2019est transform\u00e9.<\/p>\n<p>Des expressions telles que \u00ab\u00a0ch\u00f4mage technique\u00a0\u00bb et \u00ab\u00a0distanciation sociale\u00a0\u00bb, qui \u00e9taient rarement utilis\u00e9es, sont devenues courantes. Les industries bas\u00e9es sur la socialisation, telles que l\u2019h\u00f4tellerie, les voyages, les loisirs et, dans une moindre mesure, la vente au d\u00e9tail, ont cess\u00e9 leurs activit\u00e9s pendant presque un an. Les \u00e9quipements sportifs, ou du moins ceux qui se sont vendus, ont \u00e9t\u00e9 utilis\u00e9s dans des stades vides ou dans lesquels s\u2019appliquait la distanciation sociale.<\/p>\n<p>La trag\u00e9die humaine caus\u00e9e par la COVID-19\u00a0est tout simplement inimaginable. Rien qu\u2019aux \u00c9tats-Unis, cette maladie a tu\u00e9 des dizaines de milliers de personnes de plus que leurs pertes militaires lors de la Seconde Guerre mondiale<a href=\"#_ftn3\" name=\"_ftnref3\">[3]<\/a>. \u00c0 l\u2019\u00e9chelle mondiale, les chiffres changent quotidiennement, mais sont accablants\u00a0: environ 2,5\u00a0millions de d\u00e9c\u00e8s fin f\u00e9vrier 2021. Pour certaines des principales \u00e9conomies mondiales, les niveaux de ch\u00f4mage ont connu une hausse sans pr\u00e9c\u00e9dent de 2019\u00a0\u00e0 2020, en particulier aux \u00c9tats-Unis, qui ont vu son \u00e9conomie chuter de 3,5\u00a0% en 2020, la pire r\u00e9cession depuis 1946<a href=\"#_ftn4\" name=\"_ftnref4\">[4]<\/a>. L\u2019Organisation internationale du travail (OIT) a report\u00e9 une augmentation des pertes d\u2019heures de travail pour le quatri\u00e8me trimestre 2020\u00a0de 4,6\u00a0% par rapport \u00e0 la p\u00e9riode pr\u00e9c\u00e9dant la crise, ce qui \u00e9quivaut \u00e0 130\u00a0millions d\u2019emplois \u00e0 temps plein. Comme les employ\u00e9s qui sont actuellement au ch\u00f4mage technique dans le monde entier ne sont pas class\u00e9s comme \u00e9tant sans emploi, il est probable que ces chiffres augmenteront encore plus quand le ch\u00f4mage technique diminuera.<\/p>\n<p><img decoding=\"async\" loading=\"lazy\" class=\"aligncenter size-full wp-image-87439\" src=\"https:\/\/www.alj.com\/app\/uploads\/2021\/04\/ALJ-Pandemic-and-Business-World-Economies.jpg\" alt=\"World economies\" width=\"2560\" height=\"1810\" \/><\/p>\n<p>Les mod\u00e8les d\u2019exploitation de certains secteurs, comme ceux de l\u2019h\u00f4tellerie et des voyages internationaux, sont devenus pratiquement obsol\u00e8tes du jour au lendemain. Durant la premi\u00e8re phase de la pand\u00e9mie, par exemple, les voyages a\u00e9riens ont diminu\u00e9 de 96\u00a0%<a href=\"#_ftn5\" name=\"_ftnref5\"><sup>[5]<\/sup><\/a>. Selon le barom\u00e8tre mondial du tourisme de l\u2019OMT, les arriv\u00e9es de touristes internationaux ont chut\u00e9 de 74\u00a0% en 2020\u00a0par rapport \u00e0 l\u2019ann\u00e9e pr\u00e9c\u00e9dente, frein\u00e9es par un lent endiguement du virus, une faible confiance des voyageurs, et des restrictions importantes sur les voyages<a href=\"#_ftn6\" name=\"_ftnref6\"><sup>[6]<\/sup><\/a>. La perte li\u00e9e \u00e0 l\u2019effondrement des voyages internationaux est estim\u00e9e \u00e0 1\u00a0300\u00a0milliards de dollars en revenus d\u2019exportation, soit plus de 11\u00a0fois celle enregistr\u00e9e pendant la crise \u00e9conomique mondiale de 2009.<\/p>\n<p><img decoding=\"async\" loading=\"lazy\" class=\"aligncenter size-full wp-image-87432\" src=\"https:\/\/www.alj.com\/app\/uploads\/2021\/04\/ALJ-Pandemic-and-Business-Travel.jpg\" alt=\"Travel restrictions\" width=\"2560\" height=\"1983\" \/><\/p>\n<p>La COVID-19\u00a0a \u00e9galement eu des implications majeures dans le secteur de l\u2019immobilier commercial. Le travail \u00e0 distance (\u00e9voqu\u00e9 plus en d\u00e9tail ult\u00e9rieurement) pourrait fondamentalement changer la fa\u00e7on dont les entreprises \u00e9voluent et r\u00e9duire le besoin d\u2019espace physique. Aux \u00c9tats-Unis, le taux de vacance des bureaux devrait atteindre 20,2\u00a0% d\u2019ici fin 2022, contre 16,8\u00a0% fin 2019<a href=\"#_ftn7\" name=\"_ftnref7\">[7]<\/a>.<\/p>\n<p>Il est difficile d\u2019\u00e9valuer l\u2019\u00e9tendue totale des d\u00e9g\u00e2ts dans le secteur immobilier, car ce march\u00e9 est opaque. Les fiducies d\u2019investissement immobilier, ou FPI, peuvent cependant servir d\u2019indicateur. La Banque des r\u00e8glements internationaux a calcul\u00e9 qu\u2019aux \u00c9tats-Unis, au Royaume-Uni, en Europe continentale et au Japon, la pand\u00e9mie a balay\u00e9 les gains de valorisation des FPI cumul\u00e9s sur les cinq derni\u00e8res ann\u00e9es. En comparaison, les indices des march\u00e9s boursiers au pire moment de la crise d\u00e9but mars n\u2019ont perdu que les gains qu\u2019ils avaient r\u00e9alis\u00e9s en 2019. Les FPI ont \u00e9galement \u00e9t\u00e9 \u00e0 la tra\u00eene par rapport \u00e0 la subs\u00e9quente reprise du march\u00e9 boursier<a href=\"#_ftn8\" name=\"_ftnref8\"><sup>[8]<\/sup><\/a>.<\/p>\n<h2>Num\u00e9riser ou disparaitre\u00a0?<\/h2>\n<p>Cependant, alors que le monde commence \u00e0 planifier la reprise, il est de plus en plus clair que, plut\u00f4t que d\u2019introduire de nouveaux changements, la pand\u00e9mie a simplement acc\u00e9l\u00e9r\u00e9 des tendances existantes qui avaient d\u00e9j\u00e0 commenc\u00e9 \u00e0 modifier la physionomie des entreprises. Ces tendances ont non seulement \u00e9t\u00e9 des strat\u00e9gies de survie essentielles au cours des 12\u00a0derniers mois, mais peuvent \u00e9galement servir de base pour la performance commerciale \u00e0 plus long terme.<\/p>\n<p>Parmi ces tendances, l\u2019\u00e9volution vers la num\u00e9risation est un facteur crucial de viabilit\u00e9 strat\u00e9gique. Avec des personnes confin\u00e9es, des rues d\u00e9sertes, et des lieux de loisirs et des h\u00f4tels ferm\u00e9s, une tr\u00e8s grande partie de notre vie s\u2019est tourn\u00e9e vers le num\u00e9rique. L\u2019industrie du divertissement en est un exemple. La plupart des mus\u00e9es, th\u00e9\u00e2tres et cin\u00e9mas ont \u00e9t\u00e9 ferm\u00e9s au public pendant pr\u00e8s d\u2019un an, ce qui a d\u00e9truit les moyens de subsistance d\u2019un secteur tout entier compos\u00e9 d\u2019artistes, de cr\u00e9atifs, de techniciens, de promoteurs et de gestionnaires<a href=\"#_ftn9\" name=\"_ftnref9\">[9]<\/a>. Parall\u00e8lement, les plateformes de streaming en ligne ont prosp\u00e9r\u00e9, car les gens ont \u00e9t\u00e9 confin\u00e9s chez eux. Au cours des trois premiers mois de la crise, par exemple, Netflix a re\u00e7u 16\u00a0millions de nouvelles inscriptions<a href=\"#_ftn10\" name=\"_ftnref10\">[10]<\/a>.<\/p>\n<p>Selon une enqu\u00eate mondiale men\u00e9e par McKinsey aupr\u00e8s de cadres<a href=\"#_ftn11\" name=\"_ftnref11\">[11]<\/a>, les entreprises ont acc\u00e9l\u00e9r\u00e9 de trois \u00e0 quatre ans la num\u00e9risation de leurs op\u00e9rations internes, ainsi que celle de leurs interactions avec leurs clients et leur cha\u00eene d\u2019approvisionnement. Et la part des produits num\u00e9riques ou contr\u00f4l\u00e9s num\u00e9riquement dans leurs portefeuilles s\u2019est acc\u00e9l\u00e9r\u00e9e de sept ans. Presque toutes les personnes interrog\u00e9es ont d\u00e9clar\u00e9 que leur entreprise a adopt\u00e9 des technologies num\u00e9riques pour r\u00e9pondre \u00e0 de nombreuses nouvelles demandes, et ce beaucoup plus rapidement qu\u2019elles ne l\u2019avaient imagin\u00e9 avant la crise.<\/p>\n<p>De plus, la plupart de ces changements devraient durer dans le temps. La grande majorit\u00e9 des entreprises est persuad\u00e9e que leurs investissements actuels vont perdurer. En fait, l\u2019enqu\u00eate McKinsey a r\u00e9v\u00e9l\u00e9 que l\u2019augmentation du financement des initiatives num\u00e9riques est consid\u00e9r\u00e9e comme le principal impact de la crise, plus que les augmentations de co\u00fbts, le nombre de personnes occupant des postes technologiques, ou le nombre de clients.<\/p>\n<h2>Les d\u00e9tails de la vente au d\u00e9tail<\/h2>\n<p><img decoding=\"async\" loading=\"lazy\" class=\"alignleft size-medium wp-image-87469\" src=\"https:\/\/www.alj.com\/app\/uploads\/2021\/04\/tim-mossholder-C8jNJslQM3A-unsplash-300x200.jpg\" alt=\"Retail\" width=\"300\" height=\"200\" srcset=\"https:\/\/media.alj.com\/app\/uploads\/2021\/04\/tim-mossholder-C8jNJslQM3A-unsplash-300x200.jpg 300w, https:\/\/media.alj.com\/app\/uploads\/2021\/04\/tim-mossholder-C8jNJslQM3A-unsplash-1024x683.jpg 1024w, https:\/\/media.alj.com\/app\/uploads\/2021\/04\/tim-mossholder-C8jNJslQM3A-unsplash-150x100.jpg 150w, https:\/\/media.alj.com\/app\/uploads\/2021\/04\/tim-mossholder-C8jNJslQM3A-unsplash-768x512.jpg 768w, https:\/\/media.alj.com\/app\/uploads\/2021\/04\/tim-mossholder-C8jNJslQM3A-unsplash-1536x1024.jpg 1536w, https:\/\/media.alj.com\/app\/uploads\/2021\/04\/tim-mossholder-C8jNJslQM3A-unsplash.jpg 1920w\" sizes=\"(max-width: 300px) 100vw, 300px\" \/>C\u2019est dans le domaine du commerce grand public que la puissance du num\u00e9rique est peut-\u00eatre la plus douloureusement visible. Depuis une d\u00e9cennie ou plus, les magasins ne disposant pas d\u2019une solide plateforme de vente en ligne parall\u00e8le ont \u00e9t\u00e9 soumis \u00e0 une pression croissante. Pour certains, la COVID-19, qui a donn\u00e9 lieu \u00e0 l\u2019expression \u00ab\u00a0magasin non essentiel\u00a0\u00bb, a \u00e9t\u00e9 la goutte qui a fait d\u00e9border le vase. Prenez l\u2019embl\u00e9matique cha\u00eene de magasins de mode Arcadia Group, au Royaume-Uni. Les confinements ont pouss\u00e9 Arcadia, avec son mod\u00e8le grand public essentiellement traditionnel, au bord de la faillite. D\u00e9but 2021, elle a \u00e9t\u00e9 plac\u00e9e en redressement judiciaire. \u00c0 peu pr\u00e8s au m\u00eame moment, Debenhams, un g\u00e9ant britannique tr\u00e8s populaire des grands magasins qui op\u00e9rait depuis 1778\u00a0avec plus de 12\u00a0000\u00a0employ\u00e9s, a \u00e9galement mis la cl\u00e9 sous la porte<a href=\"#_ftn12\" name=\"_ftnref12\">[12]<\/a>, tandis qu\u2019aux \u00c9tats-Unis, des incontournables du grand public comme Brooks Brothers et Neiman Marcus ont fait faillite.<\/p>\n<p>\u00c0 l\u2019inverse, la pand\u00e9mie a provoqu\u00e9 un boom des ventes mondiales de commerce num\u00e9rique, qui ont augment\u00e9 de 27,6\u00a0% par rapport \u00e0 2020, pour un total estim\u00e9 \u00e0 4\u00a0280\u00a0milliards de dollars<a href=\"#_ftn13\" name=\"_ftnref13\">[13]<\/a>. Encore une fois, il s\u2019agissait d\u2019une tendance d\u00e9j\u00e0 existante que le confinement n\u2019a fait qu\u2019exacerber. Boohoo, le vendeur au d\u00e9tail britannique d\u2019articles de mode en ligne a depuis rachet\u00e9 Debenhams et certaines des marques haut de gamme d\u2019Arcadia<a href=\"#_ftn14\" name=\"_ftnref14\">[14]<\/a>. Dans ces deux cas, les acquisitions ont concern\u00e9 uniquement le potentiel de marque en ligne de ces entreprises. Leur \u00e9norme r\u00e9seau de magasins physiques n\u2019a pas fait partie de l\u2019accord, ce qui confirme la faillite du mod\u00e8le grand public traditionnel.<\/p>\n<h2>Technologie en bonne sant\u00e9<\/h2>\n<p>Avant la pand\u00e9mie, le secteur de la sant\u00e9 \u00e9tait \u00e0 l\u2019aube d\u2019une r\u00e9volution technologique. Et comme la COVID-19\u00a0a mis une \u00e9norme pression sur les syst\u00e8mes de sant\u00e9, ces changements ont \u00e9t\u00e9 tr\u00e8s significatifs, d\u2019autant plus que la pand\u00e9mie et les confinements qui en d\u00e9coulent ont pouss\u00e9 de nombreuses personnes \u00e0 faire plus attention \u00e0 leur sant\u00e9 physique et mentale.<\/p>\n<p>Comme nous l\u2019avons vu dans l\u2019article <a href=\"https:\/\/www.alj.com\/en\/media-center\/perspectives\/\">d\u2019Abdul Latif Jameel Perspectives<\/a> sur <a href=\"https:\/\/www.alj.com\/en\/perspective\/investing-in-health-tech-and-digitizing-healthcare\/\">la technologie des soins de sant\u00e9<\/a>, les innovations en mati\u00e8re de soins de sant\u00e9 utilisant l\u2019IA et l\u2019apprentissage automatique peuvent transformer de nombreuses donn\u00e9es de sant\u00e9 des patients en informations pr\u00e9cises pour le traitement, la pr\u00e9vention et m\u00eame la pr\u00e9vision des maladies, le tout \u00e0 une vitesse sans pr\u00e9c\u00e9dent. Gr\u00e2ce aux r\u00e9sultats qui \u00e9mergent, les cliniciens peuvent d\u00e9sormais comprendre les sch\u00e9mas r\u00e9currents et d\u00e9velopper des mod\u00e8les de traitement bas\u00e9s sur des attributs sp\u00e9cifiques des patients.<\/p>\n<p>Les rendez-vous m\u00e9dicaux virtuels pour les maladies et les affections mineures, ou t\u00e9l\u00e9m\u00e9decine, marginaux il y a 12\u00a0mois, sont d\u00e9sormais la premi\u00e8re modalit\u00e9 de consultation avec un professionnel de la sant\u00e9 pour de nombreuses personnes. Aux \u00c9tats-Unis, pr\u00e8s de la moiti\u00e9 de tous les patients utilisent d\u00e9sormais la t\u00e9l\u00e9m\u00e9decine sous une forme ou une autre, contre seulement 10\u00a0% environ avant la pand\u00e9mie. De plus, 83\u00a0% des patients d\u00e9clarent qu\u2019ils pr\u00e9voient de continuer \u00e0 utiliser la t\u00e9l\u00e9m\u00e9decine apr\u00e8s la pand\u00e9mie, ce qui pourrait entra\u00eener un passage au virtuel pour 250\u00a0milliards d\u2019USD de d\u00e9penses de soins de sant\u00e9 aux \u00c9tats-Unis<a href=\"#_ftn15\" name=\"_ftnref15\">[15]<\/a>. On pr\u00e9voit \u00e9galement la croissance de l\u2019auto-diagnostic. L\u2019utilisation d\u2019appareils portables pour mesurer notre temp\u00e9rature, notre tension art\u00e9rielle, notre rythme cardiaque et notre fr\u00e9quence respiratoire, et l\u2019envoi de ces donn\u00e9es \u00e0 notre m\u00e9decin avant une consultation virtuelle, sont de plus en plus courants.<\/p>\n<p>La technologie des soins de sant\u00e9 concerne \u00e9galement les essais cliniques, pour lesquels les participants n\u2019ont plus besoin de sortir de chez eux. L\u2019\u00e9tude d\u2019Apple Heart et de l\u2019Universit\u00e9 de Stanford portant sur l\u2019utilisation des dispositifs portables pour d\u00e9tecter la fibrillation auriculaire chez 400\u00a0000 patients<a href=\"#_ftn16\" name=\"_ftnref16\">[16]<\/a>, et l\u2019\u00e9tude Heartline conjointe d\u2019Apple et Johnson &amp; Johnson pour la pr\u00e9vention des accidents vasculaires c\u00e9r\u00e9braux, avec 150\u00a0000\u00a0participants, en sont des exemples<a href=\"#_ftn17\" name=\"_ftnref17\">[17]<\/a>. La majorit\u00e9 des scientifiques pensent que dans un avenir pr\u00e9visible, la COVID-19\u00a0sera un aspect de la vie qu\u2019on g\u00e8rera avec soin, tout comme la grippe. Si tel est le cas, le concept de soins de sant\u00e9 \u00e0 distance ne peut que se d\u00e9velopper et \u00e9voluer.<\/p>\n<p>Depuis plus de 25\u00a0ans, Abdul Latif Jameel est fi\u00e8re d\u2019apporter sa contribution \u00e0 l\u2019am\u00e9lioration de l\u2019acc\u00e8s aux soins de sant\u00e9.<\/p>\n<p>En 1995, elle a fond\u00e9 <a href=\"https:\/\/www.communityjameel.org\/en\/initiatives\/health-and-society\/abdul-latif-jameel-hospital\">l\u2019h\u00f4pital Abdul Latif Jameel<\/a>, le premier h\u00f4pital de r\u00e9habilitation \u00e0 but non lucratif d\u2019Arabie saoudite. Plus r\u00e9cemment, Abdul Latif Jameel a \u00e9tabli des partenariats avec des fabricants de dispositifs m\u00e9dicaux innovants et des facilitateurs d\u2019innovation tels que <a href=\"https:\/\/www.alj.com\/en\/news\/abdul-latif-jameel-and-cyberdyne-expand-collaboration-across-gcc-region\/\">Cyberdyne<\/a>, <a href=\"https:\/\/www.alj.com\/en\/news\/abdul-latif-jameel-and-cellspect-collaborate-to-bring-next-generation-low-cost-portable-point-of-care-blood-testing-device-to-developing-markets\/\">Cellspect<\/a> et <a href=\"https:\/\/www.alj.com\/en\/news\/abdul-latif-jameel-and-jomdd-announce-incubator-partnership-to-bring-innovative-japanese-medical-device-technology-to-developing-markets\/\">JOMMD<\/a>.<\/p>\n<p>La derni\u00e8re \u00e9tape en date de son engagement \u00e0 encourager et \u00e0 soutenir l\u2019innovation dans le domaine de la sant\u00e9 est la cr\u00e9ation d\u2019<a href=\"https:\/\/aljhealth.com\/home\">Abdul Latif Jameel Health<\/a>, en 2020, qui vise \u00e0 garantir que les progr\u00e8s dans le domaine de la sant\u00e9 sont mis \u00e0 la disposition des communaut\u00e9s des pays \u00e9mergents du monde en d\u00e9veloppement. Abdul Latif Jameel Health travaille avec la branche d\u2019investissement mondiale de la famille Jameel, <a href=\"https:\/\/jimco.com\">JIMCO<\/a> (Abdul Latif Jameel Investment Management Company) et le Fonds d\u00e9di\u00e9 aux sciences de la vie JIMCO pour acc\u00e9l\u00e9rer l\u2019acc\u00e8s aux soins m\u00e9dicaux modernes avec une s\u00e9rie d\u2019investissements cibl\u00e9s, y compris dans des soci\u00e9t\u00e9s telles qu\u2019<u>Evelo Biosciences<\/u>, <a href=\"https:\/\/cellarity.com\/\">Cellarity<\/a>, <a href=\"https:\/\/avneo.net\/en\/understand\/\">AVNeo<\/a>, entre autres.<\/p>\n<p><iframe loading=\"lazy\" src=\"\/\/www.youtube.com\/embed\/UYaikv7UPaE\" width=\"560\" height=\"314\" allowfullscreen=\"allowfullscreen\"><\/iframe><\/p>\n<h2>Nouvelles perspectives sur l\u2019\u00e9nergie<\/h2>\n<p>La COVID-19\u00a0a \u00e9galement mis en exergue l\u2019environnement et la fa\u00e7on dont nous consommons de l\u2019\u00e9nergie. Lorsque le monde est entr\u00e9 en confinement d\u00e9but 2020, comme les voitures \u00e9taient gar\u00e9es et les avions \u00e9taient clou\u00e9s au sol, les \u00e9missions mondiales de carbone ont chut\u00e9, un sujet que nous avons examin\u00e9 plus en d\u00e9tail dans <a href=\"https:\/\/www.alj.com\/en\/spotlight-by-fady-jameel\/time-for-climate-action-to-go-viral\/\">l\u2019article Spotlight<\/a> <a href=\"https:\/\/www.alj.com\/en\/our-people\/fady-jameel\/\">de Fady Jameel<\/a> sur la relation entre la pand\u00e9mie et l\u2019environnement.<\/p>\n<p>En Chine, les \u00e9missions ont baiss\u00e9 de 25\u00a0% et l\u2019utilisation de charbon de 40\u00a0%, tandis qu\u2019\u00e0 New York, les niveaux de pollution ont diminu\u00e9 de moiti\u00e9<a href=\"#_ftn18\" name=\"_ftnref18\">[18]<\/a>. Le secteur du p\u00e9trole et du gaz, connu pour sa volatilit\u00e9, a vu les prix du p\u00e9trole chuter \u00e0 20\u00a0USD par baril au d\u00e9but de la pand\u00e9mie, lorsque les confinements ont commenc\u00e9 et que la demande de carburant s\u2019est effondr\u00e9e<a href=\"#_ftn19\" name=\"_ftnref19\">[19]<\/a>.<\/p>\n<p>Cela incite le secteur de l\u2019\u00e9nergie \u00e0 intensifier ses investissements et son innovation dans les technologies renouvelables, et \u00e0 l\u2019\u00e9chelle internationale, les gouvernements suivent la m\u00eame logique, comme l\u2019\u00e9voque <a href=\"https:\/\/www.alj.com\/en\/spotlight-by-fady-jameel\/we-need-clean-energy-to-recharge-our-economies\/\">l\u2019article Spotlight<\/a> de Fady Jameel sur la n\u00e9cessit\u00e9 d\u2019une \u00ab\u00a0relance verte\u00a0\u00bb.<\/p>\n<p>Pour sa part, Abdul Latif Jameel \u00e9tend ses investissements dans ce domaine, en particulier dans les secteurs des \u00e9nergies renouvelables et du d\u00e9veloppement de l\u2019eau. Fotowatio Renewable Ventures (<a href=\"https:\/\/frv.com\/en\/\">FRV<\/a>), qui fait partie <a href=\"https:\/\/www.alj.com\/en\/energy-and-environmental-services\/energy-overview\/\">d\u2019Abdul Latif Jameel Energy and Environmental Services<\/a>, continue de d\u00e9velopper des projets solaires photovolta\u00efques et des solutions d\u2019\u00e9nergie \u00e9olienne \u00e0 grande \u00e9chelle dans le monde entier. En partenariat avec le sp\u00e9cialiste britannique de l\u2019\u00e9nergie durable <a href=\"https:\/\/www.harmonyenergy.co.uk\/\">Harmony Energy<\/a>, cette soci\u00e9t\u00e9 est \u00e9galement pionni\u00e8re dans le d\u00e9veloppement de batteries \u00e0 grande \u00e9chelle pour fournir de l\u2019\u00e9nergie renouvelable 24\u00a0heures sur 24, 7\u00a0jours sur 7, avec une premi\u00e8re usine \u00e0 <a href=\"https:\/\/www.alj.com\/en\/news\/abdul-latif-jameel-energys-frv-harmony-energy-commission-first-megapack-uk-energy-storage-project\/\">Holes Bay<\/a>, dans le Dorset, et un deuxi\u00e8me projet en d\u00e9veloppement \u00e0 <a href=\"https:\/\/www.alj.com\/en\/news\/abdul-latif-jameel-energy-supports-development-of-second-utility-scale-battery-storage-project-in-uk\/\">Contego<\/a>, dans le Sussex de l\u2019Ouest, au Royaume-Uni.<\/p>\n<p><iframe loading=\"lazy\" src=\"\/\/www.youtube.com\/embed\/iokAzqEU5xU\" width=\"560\" height=\"314\" allowfullscreen=\"allowfullscreen\"><\/iframe><\/p>\n<p>Parall\u00e8lement, <a href=\"https:\/\/almarwater.com\/\">Almar Water Solutions<\/a>, qui fait \u00e9galement partie d\u2019Abdul Latif Jameel Energy, continue de relever les d\u00e9fis de la gestion de l\u2019eau et de l\u2019environnement dans certaines des r\u00e9gions les plus pauvres en eau au monde, notamment avec la deuxi\u00e8me plus grande usine de dessalage d\u2019Arabie Saoudite, <a href=\"https:\/\/www.alj.com\/en\/news\/shuqaiq-3-receives-contract-of-the-year-award\/\">Shuqaiq 3<\/a>.<\/p>\n<p><iframe loading=\"lazy\" src=\"\/\/www.youtube.com\/embed\/KITq7UXrWQE\" width=\"560\" height=\"314\" allowfullscreen=\"allowfullscreen\"><\/iframe><\/p>\n<p>L\u2019Union europ\u00e9enne souhaite orienter 30\u00a0% de son plan de crise COVID-19\u00a0de 880\u00a0milliards d\u2019USD vers le changement climatique. La Chine s\u2019est engag\u00e9e \u00e0 r\u00e9duire ses \u00e9missions de carbone \u00e0 z\u00e9ro d\u2019ici 2026, et le pr\u00e9sident am\u00e9ricain Joe Biden s\u2019est engag\u00e9 \u00e0 investir 2\u00a0000 milliards de dollars dans des technologies propres. D\u2019autres pays, dont le Japon, la Cor\u00e9e du Sud, le Canada, le Nigeria et la Colombie, ont d\u00e9fini leurs propres objectifs ambitieux<a href=\"#_ftn20\" name=\"_ftnref20\">[20]<\/a>.<\/p>\n<p>Il existe \u00e9galement des initiatives mondiales visant \u00e0 s\u2019assurer que les pays \u00e0 revenus faibles et interm\u00e9diaires ne soient pas laiss\u00e9s pour compte dans la reprise post-pand\u00e9mie\u00a0; ces initiatives incluent le soutien des bonnes politiques, le renforcement des capacit\u00e9s locales et la promotion de l\u2019innovation.<\/p>\n<p>L\u2019un de ces programmes est la \u00ab\u00a0COVID-19 Technical Assistance Response Initiative for Green and Climate Resilient Recovery\u00a0\u00bb (Initiative COVID-19 d\u2019assistance technique pour une relance verte et r\u00e9siliente), lanc\u00e9 en d\u00e9cembre 2020\u00a0par les <a href=\"https:\/\/www.climateinvestmentfunds.org\/\">Fonds d\u2019investissement climatiques<\/a>(Climate Investment Funds, CIF), qui d\u00e9tiennent 8,3\u00a0milliards d\u2019USD.<\/p>\n<figure id=\"attachment_87460\" aria-describedby=\"caption-attachment-87460\" style=\"width: 172px\" class=\"wp-caption alignleft\"><img decoding=\"async\" loading=\"lazy\" class=\"size-full wp-image-87460\" src=\"https:\/\/www.alj.com\/app\/uploads\/2021\/04\/Mafalda-bio-pic.jpg\" alt=\"Mafalda Duarte\" width=\"172\" height=\"172\" srcset=\"https:\/\/media.alj.com\/app\/uploads\/2021\/04\/Mafalda-bio-pic.jpg 172w, https:\/\/media.alj.com\/app\/uploads\/2021\/04\/Mafalda-bio-pic-150x150.jpg 150w, https:\/\/media.alj.com\/app\/uploads\/2021\/04\/Mafalda-bio-pic-170x170.jpg 170w, https:\/\/media.alj.com\/app\/uploads\/2021\/04\/Mafalda-bio-pic-70x70.jpg 70w\" sizes=\"(max-width: 172px) 100vw, 172px\" \/><figcaption id=\"caption-attachment-87460\" class=\"wp-caption-text\">Mafalda Duarte, PDG<br \/>\nde Climate Investment Funds<\/figcaption><\/figure>\n<p>Les initiatives seront financ\u00e9es \u00e0 hauteur de 25\u00a0millions de dollars par les gouvernements du Royaume-Uni, des Pays-Bas et de la Suisse. L\u2019objectif est d\u2019offrir une assistance technique tout en d\u00e9veloppant les comp\u00e9tences des pays \u00e0 revenus faibles et interm\u00e9diaires, pour leur permettre d\u2019inclure des politiques et des investissements \u00e9cologiques, \u00e0 faible \u00e9mission de carbone et r\u00e9silientes au changement climatique dans leurs plans de relance.<\/p>\n<p>Mafalda Duarte, PDG de CIF, a d\u00e9clar\u00e9\u00a0: \u00ab\u00a0Apr\u00e8s <em>le crash financier de 2008, de nombreux pays ont aggrav\u00e9 la crise climatique en investissant massivement dans les combustibles fossiles. Notre nouveau programme vise \u00e0 garantir que les grands plans de relance pr\u00e9vus pour la reconstruction post-COVID-19\u00a0s\u2019orientent vers une relance verte et r\u00e9siliente au changement climatique. Le monde ne doit pas passer \u00e0 c\u00f4t\u00e9 de cette opportunit\u00e9 unique de reconstruire plus proprement, plus \u00e9cologiquement, et mieux.\u00a0\u00bb<\/em><\/p>\n<h2>S\u2019adapter et prosp\u00e9rer gr\u00e2ce \u00e0 la perturbation<\/h2>\n<p>Tout au long d\u2019\u00e9v\u00e9nements marqu\u00e9s par l\u2019incertitude, l\u2019un des plus grands points positifs de la pand\u00e9mie a \u00e9t\u00e9 la capacit\u00e9 de certaines entreprises \u00e0 innover et \u00e0 s\u2019adapter, une le\u00e7on qui sera cruciale \u00e0 l\u2019avenir.<\/p>\n<p>Prenez le travail \u00e0 distance (ou t\u00e9l\u00e9travail), que de nombreuses organisations ont d\u00fb mettre en place presque du jour au lendemain. Avant la COVID-19, le concept de travail \u00e0 distance \u00e9tait une tendance embryonnaire qui progressait lentement. Tout d\u2019un coup, la crise a \u00e9limin\u00e9 les barri\u00e8res culturelles et technologiques qui avaient jusqu\u2019\u00e0 lors entrav\u00e9 l\u2019adoption du travail \u00e0 distance, et a caus\u00e9 un changement structurel concernant les lieux et les horaires de travail.<\/p>\n<p>Les estimations de la Fondation europ\u00e9enne pour l\u2019am\u00e9lioration des conditions de vie et de travail (Eurofound) <a href=\"#_ftn21\" name=\"_ftnref21\"><sup>[21]<\/sup><\/a>sugg\u00e8rent que pr\u00e8s de 40\u00a0% des personnes travaillant actuellement dans l\u2019UE ont commenc\u00e9 \u00e0 travailler \u00e0 distance \u00e0 temps plein en raison de la pand\u00e9mie. \u00c9tant donn\u00e9 qu\u2019avant l\u2019\u00e9pid\u00e9mie, seules 15\u00a0% des personnes employ\u00e9es dans l\u2019UE avaient d\u00e9j\u00e0 t\u00e9l\u00e9travaill\u00e9, un grand nombre de travailleurs et d\u2019employeurs sont confront\u00e9s \u00e0 un changement soudain des mod\u00e8les de travail. En effet, une enqu\u00eate du Forum \u00e9conomique mondial men\u00e9e dans 15\u00a0pays europ\u00e9ens a r\u00e9v\u00e9l\u00e9 que 76\u00a0% d\u2019entre eux disposaient d\u00e9sormais de politiques de travail flexibles, contre seulement 15\u00a0% avant la crise<a href=\"#_ftn22\" name=\"_ftnref22\">[22]<\/a>.<\/p>\n<p>McKinsey estime que plus de 20\u00a0% des travailleurs pourraient travailler \u00e0 distance de trois \u00e0 cinq jours par semaine aussi efficacement que dans des bureaux.<a href=\"#_ftn23\" name=\"_ftnref23\">[23]<\/a> Si le travail \u00e0 distance se maintient \u00e0 ce niveau, trois \u00e0 quatre fois plus de personnes travailleront \u00e0 domicile qu\u2019avant la pand\u00e9mie, et l\u2019impact sur les \u00e9conomies urbaines, les transports et les d\u00e9penses de consommation, entre autres, sera profond.<\/p>\n<p>Cependant, le travail \u00e0 distance ne fonctionnera pas pour tous les secteurs ni tous les postes. Certains pourront prosp\u00e9rer en t\u00e9l\u00e9travaillant. Mais d\u2019autres ne s\u2019adapteront pas bien \u00e0 la transition entre l\u2019interaction sociale au \u00ab\u00a0bureau\u00a0\u00bb et la vie devant un \u00e9cran. De nombreux emplois requi\u00e8rent une collaboration en face \u00e0 face ou des machines sp\u00e9cialis\u00e9es\u00a0; d\u2019autres doivent \u00eatre effectu\u00e9s sur place, comme la construction ou certains soins m\u00e9dicaux\u00a0; et certains, comme les livraisons ou l\u2019horticulture, ne peuvent \u00eatre effectu\u00e9s qu\u2019en ext\u00e9rieur.<\/p>\n<p>M\u00eame pour les r\u00f4les qui peuvent passer au travail \u00e0 distance, les employ\u00e9s habitu\u00e9s \u00e0 un environnement de travail traditionnel auront besoin de soutien et de conseils sur la mani\u00e8re d\u2019\u00eatre efficaces, tant au niveau fonctionnel que mental, dans le cadre de cette nouvelle modalit\u00e9 de travail. Pour les nouveaux employ\u00e9s, la formation au travail \u00e0 distance devra faire partie de l\u2019int\u00e9gration dans l\u2019entreprise. C\u2019est pourquoi, d\u2019apr\u00e8s les experts de l\u2019industrie, le sc\u00e9nario le plus probable pour les futurs mod\u00e8les de travail est un mod\u00e8le hybride combinant travail \u00e0 distance et temps de travail plus limit\u00e9 au bureau<a href=\"#_ftn24\" name=\"_ftnref24\">[24]<\/a>. En surface, il devrait s\u2019agir d\u2019un changement positif permettant de r\u00e9duire la pression sur les syst\u00e8mes de transport, les embouteillages et la pollution, et offrant aux travailleurs un meilleur \u00e9quilibre entre vie professionnelle et vie priv\u00e9e\u00a0; mais des d\u00e9fis importants se poseront \u00e9galement pour les centres-villes construits pour r\u00e9pondre aux besoins quotidiens de centaines de milliers de travailleurs et de navetteurs.<\/p>\n<h2>Apprentissage positif<\/h2>\n<p>La COVID-19\u00a0a peut-\u00eatre surtout montr\u00e9 aux entreprises qu\u2019elles sont plus adaptables, plus innovantes et plus r\u00e9silientes qu\u2019elles ne le pensaient. La pand\u00e9mie repr\u00e9sente le plus grand d\u00e9fi commercial de m\u00e9moire d\u2019homme, mais tout semble indiquer que les entreprises peuvent sortir de cette \u00e9preuve mieux pr\u00e9par\u00e9es et plus agiles face aux \u00e9v\u00e9nements impr\u00e9vus.<\/p>\n<p>Dans de nombreux cas, les entreprises se sont prouv\u00e9 qu\u2019elles pouvaient s\u2019adapter et innover rapidement, ce qui leur donnera un regain de confiance bienvenu. Une \u00e9tude a constat\u00e9 que les entreprises sont pass\u00e9es 40\u00a0fois plus rapidement au travail \u00e0 distance qu\u2019elles ne l\u2019imaginaient avant la pand\u00e9mie. Elles ont mis en \u0153uvre une solution viable en 11\u00a0jours en moyenne, au lieu d\u2019un an ou plus comme elles l\u2019avaient pr\u00e9vu <a href=\"#_ftn25\" name=\"_ftnref25\">[25]<\/a>. <a href=\"https:\/\/www.kornferry.com\/about-us\/consultants\/craigrowley\">Craig Rowley<\/a>, associ\u00e9 senior du cabinet de conseil Korn Ferry, raconte l\u2019histoire d\u2019un client qui avait pr\u00e9vu de mettre en \u0153uvre un programme de collecte et livraison en 18\u00a0mois. Suite \u00e0 la pand\u00e9mie, ce programme a \u00e9t\u00e9 mis en place en seulement 18\u00a0jours.<\/p>\n<p><img decoding=\"async\" loading=\"lazy\" class=\"aligncenter size-full wp-image-87425\" src=\"https:\/\/www.alj.com\/app\/uploads\/2021\/04\/ALJ-Pandemic-and-Business-Forecasts.jpg\" alt=\"Business forecast\" width=\"2560\" height=\"2069\" \/><\/p>\n<p>Des secteurs tels que les services professionnels et financiers, les soins de sant\u00e9 et les produits pharmaceutiques ont pu acc\u00e9l\u00e9rer la num\u00e9risation d\u2019op\u00e9rations internes telles que la production, la recherche et le d\u00e9veloppement (R et D), et les op\u00e9rations de back-office 20\u00a0\u00e0 25\u00a0fois plus vite qu\u2019ils ne le pensaient avant la crise<a href=\"#_ftn26\" name=\"_ftnref26\">[26]<\/a>. Cela ne concerne pas uniquement la maximisation de la productivit\u00e9 de fonctions administratives cl\u00e9s telles que les RH, l\u2019administration ou la finance, mais \u00e9galement la gouvernance\u00a0: comment les membres du conseil communiquent virtuellement, \u00e0 la fois en interne et avec les parties prenantes cl\u00e9s lors des r\u00e9unions g\u00e9n\u00e9rales annuelles<a href=\"#_ftn27\" name=\"_ftnref27\">[27]<\/a>, ainsi que la mise en \u0153uvre de mesures appropri\u00e9es pour assurer l\u2019int\u00e9grit\u00e9 et la s\u00e9curit\u00e9 des donn\u00e9es.<\/p>\n<p>La pand\u00e9mie a \u00e9galement permis aux entreprises d\u2019examiner la mani\u00e8re dont elles g\u00e9raient leurs cha\u00eenes d\u2019approvisionnement. Au d\u00e9but de la crise, les cha\u00eenes d\u2019approvisionnement ont montr\u00e9 l\u2019un des premiers signes de fragilit\u00e9 commerciale face \u00e0 l\u2019essor des commandes de commerce \u00e9lectronique, tandis que les personnes et les marchandises cessaient de franchir les fronti\u00e8res.<\/p>\n<p>Au moins \u00e0 court terme, les entreprises ont commenc\u00e9 \u00e0 examiner localement leurs politiques d\u2019approvisionnement, pour essayer de trouver des moyens de simplifier leurs cha\u00eenes d\u2019approvisionnement, de les prot\u00e9ger contre d\u2019\u00e9ventuelles perturbations, et d\u2019\u00e9viter de d\u00e9pendre de sources uniques<a href=\"#_ftn28\" name=\"_ftnref28\">[28]<\/a>. L\u2019industrie pharmaceutique europ\u00e9enne, par exemple, importe environ 80\u00a0% de ses composants m\u00e9dicamenteux<a href=\"#_ftn29\" name=\"_ftnref29\">[29]<\/a>. Dans une \u00e9tude men\u00e9e par l\u2019IBM (Institute of Business Value), 40\u00a0% des dirigeants ont soulign\u00e9 avoir besoin de plus de capacit\u00e9 de r\u00e9serve dans leurs cha\u00eenes d\u2019approvisionnement<a href=\"#_ftn30\" name=\"_ftnref30\">[30]<\/a>.<\/p>\n<h2>Un avenir plus r\u00e9silient<\/h2>\n<p>Au cours des derni\u00e8res semaines, les entreprises et les communaut\u00e9s ont vraiment commenc\u00e9 \u00e0 voir la lumi\u00e8re au bout du tunnel, avec le d\u00e9ploiement incroyablement encourageant des vaccins. Cependant, on ne sait pas encore combien de temps prendra le retour \u00e0 une vie quotidienne g\u00e9rable.<\/p>\n<p>Suite \u00e0 la COVID-19, les entreprises les plus innovatrices ne reviendront pas au \u00ab\u00a0mod\u00e8le commercial traditionnel\u00a0\u00bb, mais se tourneront plut\u00f4t vers des \u00ab\u00a0mod\u00e8les commerciaux hybrides et meilleurs\u00a0\u00bb. La crise nous a donn\u00e9 l\u2019opportunit\u00e9 de fa\u00e7onner l\u2019avenir plut\u00f4t que de r\u00e9agir au pr\u00e9sent, d\u2019assurer la s\u00e9curit\u00e9 de tous, et de renforcer la r\u00e9silience des entreprises et de la soci\u00e9t\u00e9 face \u00e0 la plus grande adversit\u00e9. Au niveau mondial, le fait que la plupart des pr\u00e9dictions pour 2021\u00a0indiquent une forte reprise devrait encourager les entreprises\u00a0; le d\u00e9fi consiste \u00e0 transformer l\u2019essai.<\/p>\n<p>&nbsp;<\/p>\n<p><a href=\"#_ftnref1\" name=\"_ftn1\">[1]<\/a> https:\/\/www.who.int\/emergencies\/diseases\/novel-coronavirus-2019\/interactive-timeline#!<\/p>\n<p><a href=\"#_ftnref2\" name=\"_ftn2\">[2]<\/a> https:\/\/coronavirusexplained.ukri.org\/en\/article\/cad0003\/<\/p>\n<p><a href=\"#_ftnref3\" name=\"_ftn3\">[3]<\/a>https:\/\/www.mckinsey.com\/industries\/public-and-social-sector\/our-insights\/america-2021-rebuilding-lives-and-livelihoods-after-covid-19?cid=other-eml-alt-mip-mck&amp;hdpid=1490c636-7d83-4dee-a154-cb3eafa05961&amp;hctky=11595533&amp;hlkid=60be643b18ed49678ace0eb50546b7d3<\/p>\n<p><a href=\"#_ftnref4\" name=\"_ftn4\">[4]<\/a>https:\/\/www.theguardian.com\/business\/2021\/jan\/28\/us-economy-shrank-2020-worst-year-since-second-world-war<\/p>\n<p><a href=\"#_ftnref5\" name=\"_ftn5\">[5]<\/a>https:\/\/www.insider.com\/new-rules-changes-flying-coronavirus-air-travel-2020-12<\/p>\n<p><a href=\"#_ftnref6\" name=\"_ftn6\">[6]<\/a> UNWTO World Tourism Barometer | Global Tourism Statistics<\/p>\n<p><a href=\"#_ftnref7\" name=\"_ftn7\">[7]<\/a>https:\/\/www.mckinsey.com\/~\/media\/McKinsey\/Featured%20Insights\/Leadership\/The%20next%20normal%20arrives%20Trends%20that%20will%20define%202021%20and%20beyond\/The-next-normal-arrives-Trends-that-will-define-2021-and-beyond-Final.pdf?shouldIndex=false<\/p>\n<p><a href=\"#_ftnref8\" name=\"_ftn8\">[8]<\/a> <a href=\"https:\/\/www.ft.com\/content\/aaf192ac-dc94-4509-8f24-5831a32e7aa2\">https:\/\/www.ft.com\/content\/aaf192ac-dc94-4509-8f24-5831a32e7aa2<\/a><\/p>\n<p><a href=\"#_ftnref9\" name=\"_ftn9\">[9]<\/a>https:\/\/www.europeanbusinessreview.com\/how-covid-19-has-affected-business\/<\/p>\n<p><a href=\"#_ftnref10\" name=\"_ftn10\">[10]<\/a>https:\/\/www.europeanbusinessreview.com\/how-covid-19-has-affected-business\/<\/p>\n<p><a href=\"#_ftnref11\" name=\"_ftn11\">[11]<\/a> COVID-19 digital transformation &amp; technology | McKinsey<\/p>\n<p><a href=\"#_ftnref12\" name=\"_ftn12\">[12]<\/a>https:\/\/www.bbc.co.uk\/news\/business-55793411<\/p>\n<p><a href=\"#_ftnref13\" name=\"_ftn13\">[13]<\/a>https:\/\/www.emarketer.com\/content\/global-ecommerce-update-2021<\/p>\n<p><a href=\"#_ftnref14\" name=\"_ftn14\">[14]<\/a>https:\/\/www.businessoffashion.com\/news\/retail\/boohoo-buys-remaining-apparel-brands-from-failed-arcadia-group<\/p>\n<p><a href=\"#_ftnref15\" name=\"_ftn15\">[15]<\/a> One Year Later: The Harsh Business Lessons (kornferry.com)<\/p>\n<p><a href=\"#_ftnref16\" name=\"_ftn16\">[16]<\/a> Apple Heart Study | Stanford Medicine<\/p>\n<p><a href=\"#_ftnref17\" name=\"_ftn17\">[17]<\/a> Introducing the Heartline Study by Johnson &amp; Johnson and Apple<\/p>\n<p><a href=\"#_ftnref18\" name=\"_ftn18\">[18]<\/a>https:\/\/www.bbc.com\/future\/article\/20200326-covid-19-the-impact-of-coronavirus-on-the-environment<\/p>\n<p><a href=\"#_ftnref19\" name=\"_ftn19\">[19]<\/a>https:\/\/www.europeanbusinessreview.com\/how-covid-19-has-affected-business\/<\/p>\n<p><a href=\"#_ftnref20\" name=\"_ftn20\">[20]<\/a>https:\/\/www.mckinsey.com\/~\/media\/McKinsey\/Featured%20Insights\/Leadership\/The%20next%20normal%20arrives%20Trends%20that%20will%20define%202021%20and%20beyond\/The-next-normal-arrives-Trends-that-will-define-2021-and-beyond-Final.pdf?shouldIndex=false<\/p>\n<p><a href=\"#_ftnref21\" name=\"_ftn21\">[21]<\/a> Living, working and COVID-19 | Eurofound (europa.eu)<\/p>\n<p><a href=\"#_ftnref22\" name=\"_ftn22\">[22]<\/a>https:\/\/www.weforum.org\/agenda\/2020\/11\/pandemic-productivity-innovation-remote-working\/<\/p>\n<p><a href=\"#_ftnref23\" name=\"_ftn23\">[23]<\/a> Whats_next_for_remote_work_F.pdf (mckinsey.com)<\/p>\n<p><a href=\"#_ftnref24\" name=\"_ftn24\">[24]<\/a>https:\/\/www.mckinsey.com\/~\/media\/McKinsey\/Industries\/Public%20and%20Social%20Sector\/Our%20Insights\/Future%20of%20Organizations\/Whats%20next%20for%20remote%20work%20An%20analysis%20of%202000%20tasks%20800%20jobs%20and%20nine%20countries\/Whats_next_for_remote_work_F.pdf?shouldIndex=false<\/p>\n<p><a href=\"#_ftnref25\" name=\"_ftn25\">[25]<\/a>https:\/\/www.mckinsey.com\/business-functions\/strategy-and-corporate-finance\/our-insights\/how-covid-19-has-pushed-companies-over-the-technology-tipping-point-and-transformed-business-forever<\/p>\n<p><a href=\"#_ftnref26\" name=\"_ftn26\">[26]<\/a>https:\/\/www.mckinsey.com\/business-functions\/strategy-and-corporate-finance\/our-insights\/how-covid-19-has-pushed-companies-over-the-technology-tipping-point-and-transformed-business-forever<a href=\"#_ftnref27\" name=\"_ftn27\"><\/a>\u00a0 \u00a0 \u00a0 \u00a0 \u00a0 \u00a0 \u00a0 \u00a0 \u00a0 \u00a0 \u00a0<\/p>\n<p><a href=\"#_ftnref28\" name=\"_ftn28\">[28]<\/a>https:\/\/www.imd.org\/research-knowledge\/articles\/A-post-COVID-19-outlook-The-future-of-the-supply-chain\/<\/p>\n<p><a href=\"#_ftnref29\" name=\"_ftn29\">[29]<\/a>https:\/\/www.imd.org\/research-knowledge\/articles\/A-post-COVID-19-outlook-The-future-of-the-supply-chain\/<\/p>\n<p><a href=\"#_ftnref30\" name=\"_ftn30\">[30]<\/a>https:\/\/www.bloomberg.com\/news\/articles\/2020-09-30\/most-executives-think-covid-19-changed-their-companies-forever<\/p>\n","protected":false},"author":18,"featured_media":87453,"template":"","tags":[],"acf":[],"yoast_head":"<!-- This site is optimized with the Yoast SEO plugin v21.5 - https:\/\/yoast.com\/wordpress\/plugins\/seo\/ -->\n<title>Repenser les affaires : Le redressement post-pand\u00e9mique | Abdul Latif Jameel\u00ae<\/title>\n<meta name=\"description\" content=\"Douze mois apr\u00e8s la d\u00e9claration officielle de la pand\u00e9mie, il y a des points positifs \u00e0 souligner dans les entreprises avec les employ\u00e9s qui s&#039;adaptent et innovent pour aller de l&#039;avant.\" \/>\n<meta name=\"robots\" content=\"index, follow, max-snippet:-1, max-image-preview:large, max-video-preview:-1\" \/>\n<link rel=\"canonical\" href=\"https:\/\/alj.com\/fr\/perspective\/mieux-reconstruire-repenser-le-commerce-dans-un-cadre-de-recuperation-post-pandemie\/\" \/>\n<meta property=\"og:locale\" content=\"fr_FR\" \/>\n<meta property=\"og:type\" content=\"article\" \/>\n<meta property=\"og:title\" content=\"Repenser les affaires : Le redressement post-pand\u00e9mique | Abdul Latif Jameel\u00ae\" \/>\n<meta property=\"og:description\" content=\"Douze mois apr\u00e8s la d\u00e9claration officielle de la pand\u00e9mie, il y a des points positifs \u00e0 souligner dans les entreprises avec les employ\u00e9s qui s&#039;adaptent et innovent pour aller de l&#039;avant.\" \/>\n<meta property=\"og:url\" content=\"https:\/\/alj.com\/fr\/perspective\/mieux-reconstruire-repenser-le-commerce-dans-un-cadre-de-recuperation-post-pandemie\/\" \/>\n<meta property=\"og:site_name\" content=\"Abdul Latif Jameel\" \/>\n<meta property=\"article:publisher\" content=\"https:\/\/www.facebook.com\/Abdul.Latif.Jameel.Official\" \/>\n<meta property=\"article:modified_time\" content=\"2021-05-05T07:17:44+00:00\" \/>\n<meta property=\"og:image\" content=\"https:\/\/media.alj.com\/app\/uploads\/2021\/04\/john-cameron-H_3N-_o-IFU-unsplash.jpg\" \/>\n\t<meta property=\"og:image:width\" content=\"1920\" \/>\n\t<meta property=\"og:image:height\" content=\"2560\" \/>\n\t<meta property=\"og:image:type\" content=\"image\/jpeg\" \/>\n<meta name=\"twitter:card\" content=\"summary_large_image\" \/>\n<meta name=\"twitter:label1\" content=\"Est. reading time\" \/>\n\t<meta name=\"twitter:data1\" content=\"22 minutes\" \/>\n<script type=\"application\/ld+json\" class=\"yoast-schema-graph\">{\"@context\":\"https:\/\/schema.org\",\"@graph\":[{\"@type\":\"WebPage\",\"@id\":\"https:\/\/alj.com\/fr\/perspective\/mieux-reconstruire-repenser-le-commerce-dans-un-cadre-de-recuperation-post-pandemie\/\",\"url\":\"https:\/\/alj.com\/fr\/perspective\/mieux-reconstruire-repenser-le-commerce-dans-un-cadre-de-recuperation-post-pandemie\/\",\"name\":\"Repenser les affaires : Le redressement post-pand\u00e9mique | Abdul Latif Jameel\u00ae\",\"isPartOf\":{\"@id\":\"https:\/\/alj.com\/en\/#website\"},\"datePublished\":\"2021-04-13T04:54:43+00:00\",\"dateModified\":\"2021-05-05T07:17:44+00:00\",\"description\":\"Douze mois apr\u00e8s la d\u00e9claration officielle de la pand\u00e9mie, il y a des points positifs \u00e0 souligner dans les entreprises avec les employ\u00e9s qui s'adaptent et innovent pour aller de l'avant.\",\"breadcrumb\":{\"@id\":\"https:\/\/alj.com\/fr\/perspective\/mieux-reconstruire-repenser-le-commerce-dans-un-cadre-de-recuperation-post-pandemie\/#breadcrumb\"},\"inLanguage\":\"fr-FR\",\"potentialAction\":[{\"@type\":\"ReadAction\",\"target\":[\"https:\/\/alj.com\/fr\/perspective\/mieux-reconstruire-repenser-le-commerce-dans-un-cadre-de-recuperation-post-pandemie\/\"]}]},{\"@type\":\"BreadcrumbList\",\"@id\":\"https:\/\/alj.com\/fr\/perspective\/mieux-reconstruire-repenser-le-commerce-dans-un-cadre-de-recuperation-post-pandemie\/#breadcrumb\",\"itemListElement\":[{\"@type\":\"ListItem\",\"position\":1,\"name\":\"Home\",\"item\":\"https:\/\/alj.com\/fr\/\"},{\"@type\":\"ListItem\",\"position\":2,\"name\":\"Perspectives\",\"item\":\"https:\/\/alj.com\/ja\/perspective\/\"},{\"@type\":\"ListItem\",\"position\":3,\"name\":\"Mieux reconstruire : repenser le commerce dans un cadre de r\u00e9cup\u00e9ration post-pand\u00e9mie\"}]},{\"@type\":\"WebSite\",\"@id\":\"https:\/\/alj.com\/en\/#website\",\"url\":\"https:\/\/alj.com\/en\/\",\"name\":\"Abdul Latif Jameel\",\"description\":\"Abdul Latif Jameel\",\"potentialAction\":[{\"@type\":\"SearchAction\",\"target\":{\"@type\":\"EntryPoint\",\"urlTemplate\":\"https:\/\/alj.com\/en\/?s={search_term_string}\"},\"query-input\":\"required name=search_term_string\"}],\"inLanguage\":\"fr-FR\"}]}<\/script>\n<!-- \/ Yoast SEO plugin. -->","yoast_head_json":{"title":"Repenser les affaires : Le redressement post-pand\u00e9mique | Abdul Latif Jameel\u00ae","description":"Douze mois apr\u00e8s la d\u00e9claration officielle de la pand\u00e9mie, il y a des points positifs \u00e0 souligner dans les entreprises avec les employ\u00e9s qui s'adaptent et innovent pour aller de l'avant.","robots":{"index":"index","follow":"follow","max-snippet":"max-snippet:-1","max-image-preview":"max-image-preview:large","max-video-preview":"max-video-preview:-1"},"canonical":"https:\/\/alj.com\/fr\/perspective\/mieux-reconstruire-repenser-le-commerce-dans-un-cadre-de-recuperation-post-pandemie\/","og_locale":"fr_FR","og_type":"article","og_title":"Repenser les affaires : Le redressement post-pand\u00e9mique | Abdul Latif Jameel\u00ae","og_description":"Douze mois apr\u00e8s la d\u00e9claration officielle de la pand\u00e9mie, il y a des points positifs \u00e0 souligner dans les entreprises avec les employ\u00e9s qui s'adaptent et innovent pour aller de l'avant.","og_url":"https:\/\/alj.com\/fr\/perspective\/mieux-reconstruire-repenser-le-commerce-dans-un-cadre-de-recuperation-post-pandemie\/","og_site_name":"Abdul Latif Jameel","article_publisher":"https:\/\/www.facebook.com\/Abdul.Latif.Jameel.Official","article_modified_time":"2021-05-05T07:17:44+00:00","og_image":[{"width":1920,"height":2560,"url":"https:\/\/media.alj.com\/app\/uploads\/2021\/04\/john-cameron-H_3N-_o-IFU-unsplash.jpg","type":"image\/jpeg"}],"twitter_card":"summary_large_image","twitter_misc":{"Est. reading time":"22 minutes"},"schema":{"@context":"https:\/\/schema.org","@graph":[{"@type":"WebPage","@id":"https:\/\/alj.com\/fr\/perspective\/mieux-reconstruire-repenser-le-commerce-dans-un-cadre-de-recuperation-post-pandemie\/","url":"https:\/\/alj.com\/fr\/perspective\/mieux-reconstruire-repenser-le-commerce-dans-un-cadre-de-recuperation-post-pandemie\/","name":"Repenser les affaires : Le redressement post-pand\u00e9mique | Abdul Latif Jameel\u00ae","isPartOf":{"@id":"https:\/\/alj.com\/en\/#website"},"datePublished":"2021-04-13T04:54:43+00:00","dateModified":"2021-05-05T07:17:44+00:00","description":"Douze mois apr\u00e8s la d\u00e9claration officielle de la pand\u00e9mie, il y a des points positifs \u00e0 souligner dans les entreprises avec les employ\u00e9s qui s'adaptent et innovent pour aller de l'avant.","breadcrumb":{"@id":"https:\/\/alj.com\/fr\/perspective\/mieux-reconstruire-repenser-le-commerce-dans-un-cadre-de-recuperation-post-pandemie\/#breadcrumb"},"inLanguage":"fr-FR","potentialAction":[{"@type":"ReadAction","target":["https:\/\/alj.com\/fr\/perspective\/mieux-reconstruire-repenser-le-commerce-dans-un-cadre-de-recuperation-post-pandemie\/"]}]},{"@type":"BreadcrumbList","@id":"https:\/\/alj.com\/fr\/perspective\/mieux-reconstruire-repenser-le-commerce-dans-un-cadre-de-recuperation-post-pandemie\/#breadcrumb","itemListElement":[{"@type":"ListItem","position":1,"name":"Home","item":"https:\/\/alj.com\/fr\/"},{"@type":"ListItem","position":2,"name":"Perspectives","item":"https:\/\/alj.com\/ja\/perspective\/"},{"@type":"ListItem","position":3,"name":"Mieux reconstruire : repenser le commerce dans un cadre de r\u00e9cup\u00e9ration post-pand\u00e9mie"}]},{"@type":"WebSite","@id":"https:\/\/alj.com\/en\/#website","url":"https:\/\/alj.com\/en\/","name":"Abdul Latif Jameel","description":"Abdul Latif Jameel","potentialAction":[{"@type":"SearchAction","target":{"@type":"EntryPoint","urlTemplate":"https:\/\/alj.com\/en\/?s={search_term_string}"},"query-input":"required name=search_term_string"}],"inLanguage":"fr-FR"}]}},"post-meta-fields":{"_alp_processed":["1618142062"],"_wpml_word_count":["{\"total\":3463,\"to_translate\":{\"ar\":3463,\"zh-hans\":3463,\"fr\":3463,\"ja\":3463,\"es\":3463,\"tr\":3463}}"],"push_notification":["no"],"_push_notification":["field_5c3b1fb67034d"],"_wpml_media_featured":["1"],"_wpml_media_duplicate":["1"],"perspective_short_title":["Repenser le commerce dans un cadre de r\u00e9cup\u00e9ration post-pand\u00e9mie"],"perspective_summury":["<p>L\u2019ann\u00e9e derni\u00e8re, le commerce mondial a \u00e9t\u00e9 boulevers\u00e9 d\u2019une mani\u00e8re qui auparavant semblait inimaginable. Mais 12\u00a0mois apr\u00e8s que la pand\u00e9mie a \u00e9t\u00e9 d\u00e9clar\u00e9e officiellement, on peut souligner certains points positifs \u00e0 mesure que les entreprises et leurs employ\u00e9s s\u2019adaptent et innovent pour l\u2019avenir.<\/p>\n"],"perspective_location":["Dubai, EAU"],"wpcf-featured-news":["0"],"is_latest_news":["0"],"wpcf-show-news-at-homepage":["1"],"publish_mobile":[""],"_publish_mobile":["field_5bfa8eb2e65cf"],"mobile_featured_image":["https:\/\/media.alj.com\/app\/uploads\/2021\/04\/john-cameron-H_3N-_o-IFU-unsplash-scaled.jpg"],"_mobile_featured_image":["field_5c3b204983dea"],"_wpcf-card-image-sort-order":["a:1:{i:0;i:971262;}"],"_bsf_post_type":["0"],"_bsf_item_review_type":["none"],"_yoast_wpseo_title":["Repenser les affaires : Le redressement post-pand\u00e9mique | Abdul Latif Jameel\u00ae"],"_yoast_wpseo_content_score":["30"],"post_views_count_2021Apr":["18"],"_thumbnail_id":["87453"],"_last_translation_edit_mode":["native-editor"],"_yoast_wpseo_metadesc":["Douze mois apr\u00e8s la d\u00e9claration officielle de la pand\u00e9mie, il y a des points positifs \u00e0 souligner dans les entreprises avec les employ\u00e9s qui s'adaptent et innovent pour aller de l'avant."],"_wp_old_date":["2021-04-11"],"post_views_count_2021May":["20"],"perspective_business_sector":["Entreprise"],"wpcf-perspective-published-date":["1618272000"],"wpcf-card-image":[""],"post_views_count_2021Jun":["2"],"post_views_count_2021Jul":["15"],"post_views_total_count":["15"]},"_links":{"self":[{"href":"https:\/\/alj.com\/fr\/wp-json\/wp\/v2\/perspective\/87475"}],"collection":[{"href":"https:\/\/alj.com\/fr\/wp-json\/wp\/v2\/perspective"}],"about":[{"href":"https:\/\/alj.com\/fr\/wp-json\/wp\/v2\/types\/perspective"}],"author":[{"embeddable":true,"href":"https:\/\/alj.com\/fr\/wp-json\/wp\/v2\/users\/18"}],"wp:featuredmedia":[{"embeddable":true,"href":"https:\/\/alj.com\/fr\/wp-json\/wp\/v2\/media\/87453"}],"wp:attachment":[{"href":"https:\/\/alj.com\/fr\/wp-json\/wp\/v2\/media?parent=87475"}],"wp:term":[{"taxonomy":"post_tag","embeddable":true,"href":"https:\/\/alj.com\/fr\/wp-json\/wp\/v2\/tags?post=87475"}],"curies":[{"name":"wp","href":"https:\/\/api.w.org\/{rel}","templated":true}]}}