{"id":89897,"date":"2021-06-24T08:18:03","date_gmt":"2021-06-24T08:18:03","guid":{"rendered":"https:\/\/www.alj.com\/?post_type=perspective&#038;p=89897"},"modified":"2021-08-31T08:29:29","modified_gmt":"2021-08-31T08:29:29","slug":"matiere-a-reflechir-comment-la-famille-jameel-soutient-le-programme-de-lonu-pour-leradication-de-la-pauvrete-et-de-la-faim","status":"publish","type":"perspective","link":"https:\/\/alj.com\/fr\/perspective\/matiere-a-reflechir-comment-la-famille-jameel-soutient-le-programme-de-lonu-pour-leradication-de-la-pauvrete-et-de-la-faim\/","title":{"rendered":"Mati\u00e8re \u00e0 r\u00e9fl\u00e9chir"},"content":{"rendered":"<h4>Comment la Famille Jameel soutient le programme de l\u2019ONU pour l&#8217;\u00e9radication de la pauvret\u00e9 et de la faim<\/h4>\n<p><img decoding=\"async\" loading=\"lazy\" class=\"alignright size-thumbnail wp-image-89813\" src=\"https:\/\/www.alj.com\/app\/uploads\/2021\/06\/E_GIF_02-150x150.gif\" alt=\"UN SDG 2\" width=\"150\" height=\"150\" srcset=\"https:\/\/media.alj.com\/app\/uploads\/2021\/06\/E_GIF_02-150x150.gif 150w, https:\/\/media.alj.com\/app\/uploads\/2021\/06\/E_GIF_02-300x300.gif 300w, https:\/\/media.alj.com\/app\/uploads\/2021\/06\/E_GIF_02-768x768.gif 768w, https:\/\/media.alj.com\/app\/uploads\/2021\/06\/E_GIF_02-200x200.gif 200w, https:\/\/media.alj.com\/app\/uploads\/2021\/06\/E_GIF_02-170x170.gif 170w, https:\/\/media.alj.com\/app\/uploads\/2021\/06\/E_GIF_02-70x70.gif 70w, https:\/\/media.alj.com\/app\/uploads\/2021\/06\/E_GIF_02-271x271.gif 271w\" sizes=\"(max-width: 150px) 100vw, 150px\" \/><img decoding=\"async\" loading=\"lazy\" class=\"alignright size-thumbnail wp-image-89806\" src=\"https:\/\/www.alj.com\/app\/uploads\/2021\/06\/E_GIF_01-150x150.gif\" alt=\"UN SDG 1\" width=\"150\" height=\"150\" srcset=\"https:\/\/media.alj.com\/app\/uploads\/2021\/06\/E_GIF_01-150x150.gif 150w, https:\/\/media.alj.com\/app\/uploads\/2021\/06\/E_GIF_01-300x300.gif 300w, https:\/\/media.alj.com\/app\/uploads\/2021\/06\/E_GIF_01-768x768.gif 768w, https:\/\/media.alj.com\/app\/uploads\/2021\/06\/E_GIF_01-200x200.gif 200w, https:\/\/media.alj.com\/app\/uploads\/2021\/06\/E_GIF_01-170x170.gif 170w, https:\/\/media.alj.com\/app\/uploads\/2021\/06\/E_GIF_01-70x70.gif 70w, https:\/\/media.alj.com\/app\/uploads\/2021\/06\/E_GIF_01-271x271.gif 271w\" sizes=\"(max-width: 150px) 100vw, 150px\" \/>Depuis ses tout d\u00e9buts, Abdul Latif Jameel a toujours \u00e9t\u00e9 plus qu\u2019une entreprise.<\/p>\n<p>Notre d\u00e9funt fondateur, le Sheikh Abdul Latif Jameel, est lui-m\u00eame n\u00e9 dans un pays en d\u00e9veloppement qui, avant qu\u2019on y d\u00e9couvre du p\u00e9trole, \u00e9tait particuli\u00e8rement affect\u00e9 par la pauvret\u00e9 et la faim.<\/p>\n<p>Ayant vu directement l\u2019impact que cela avait sur les communaut\u00e9s du Moyen-Orient et de l\u2019Afrique du Nord, il a inculqu\u00e9 d\u00e8s le d\u00e9part \u00e0 son entreprise et \u00e0 sa famille un fort sens de la philanthropie active et le d\u00e9sir de cr\u00e9er une soci\u00e9t\u00e9 meilleure et plus incluante.<\/p>\n<p><iframe loading=\"lazy\" src=\"\/\/www.youtube.com\/embed\/_JwQ8H-zsYw\" width=\"560\" height=\"314\" allowfullscreen=\"allowfullscreen\"><\/iframe><\/p>\n<p>Dans les d\u00e9cennies qui ont suivi, gr\u00e2ce \u00e0 des activit\u00e9s commerciales et \u00e0 ce qui s\u2019appelle aujourd\u2019hui <a href=\"https:\/\/communityjameel.org\">Community Jameel<\/a>, nous sommes rest\u00e9s fid\u00e8les \u00e0 cet esprit, en aidant \u00e0 cr\u00e9er des opportunit\u00e9s, \u00e0 r\u00e9duire la faim, \u00e0 lutter contre la pauvret\u00e9 et \u00e0 placer les individus et les communaut\u00e9s sur la voie de l\u2019ind\u00e9pendance \u00e9conomique.<\/p>\n<p>Il n\u2019est peut-\u00eatre donc pas surprenant que les deux premiers objectifs de d\u00e9veloppement durable soient \u00e9galement deux des principaux domaines d\u2019action de la Famille Jameel\u00a0: ODD1, \u00e9radiquer la pauvret\u00e9 et ODD2, \u00e9radiquer la faim.<\/p>\n<p>Malgr\u00e9 les progr\u00e8s r\u00e9alis\u00e9s au cours des soixante-quinze ans \u00e9coul\u00e9s depuis la fondation de l\u2019ONU et d\u2019Abdul Latif Jameel, il est plus n\u00e9cessaire que jamais d\u2019atteindre ces objectifs.<\/p>\n<h2>Efforts pour \u00e9radiquer la pauvret\u00e9<\/h2>\n<p>La pauvret\u00e9 est plus qu\u2019un simple manque de revenus et de ressources. C\u2019est aussi la faim et la malnutrition, l\u2019acc\u00e8s limit\u00e9 \u00e0 l\u2019\u00e9ducation et \u00e0 d\u2019autres services de base, l<\/p>\n<p><img decoding=\"async\" loading=\"lazy\" class=\"aligncenter  wp-image-89841\" src=\"https:\/\/www.alj.com\/app\/uploads\/2021\/06\/UN-SDG-1-banner.jpg\" alt=\"\" width=\"934\" height=\"223\" srcset=\"https:\/\/media.alj.com\/app\/uploads\/2021\/06\/UN-SDG-1-banner.jpg 662w, https:\/\/media.alj.com\/app\/uploads\/2021\/06\/UN-SDG-1-banner-300x72.jpg 300w, https:\/\/media.alj.com\/app\/uploads\/2021\/06\/UN-SDG-1-banner-150x36.jpg 150w\" sizes=\"(max-width: 934px) 100vw, 934px\" \/><\/p>\n<p>a discrimination et l\u2019exclusion sociales, ainsi que le manque de participation \u00e0 la prise de d\u00e9cision. En 2020, pour la premi\u00e8re fois en une g\u00e9n\u00e9ration, la pauvret\u00e9 extr\u00eame a augment\u00e9 dans le monde, en raison d\u2019une combinaison mortelle de conflits, de changement climatique et de COVID-19<a href=\"#_ftn1\" name=\"_ftnref1\">[1]<\/a>.<\/p>\n<p>M\u00eame avant le COVID-19, les estimations sugg\u00e9raient que 6\u00a0% de la population mondiale vivrait toujours dans la pauvret\u00e9 extr\u00eame en 2030, ce qui signifierait que l\u2019ODD visant \u00e0 mettre fin \u00e0 la pauvret\u00e9 ne serait pas r\u00e9alis\u00e9.<\/p>\n<p>Depuis la pand\u00e9mie, environ 120\u00a0millions de personnes suppl\u00e9mentaires vivent dans la pauvret\u00e9, selon les donn\u00e9es de la Banque mondiale, et ce chiffre devrait atteindre environ 150\u00a0millions d\u2019ici la fin 2021<a href=\"#_ftn2\" name=\"_ftnref2\">[2]<\/a>. Certains faits regrettables montrent la dimension du probl\u00e8me\u00a0<a href=\"#_ftn3\" name=\"_ftnref3\">[3]<\/a>:<\/p>\n<ul>\n<li>environ 80\u00a0% des personnes vivant en dessous du seuil de pauvret\u00e9 international habitent dans des zones <em>rurales<\/em><\/li>\n<li>la moiti\u00e9 des pauvres sont des <em>enfants<\/em><\/li>\n<li>la plupart des pauvres sont des <em>femmes<\/em><\/li>\n<li>plus de 40\u00a0% des pauvres dans le monde vivent dans des pays fragiles, affect\u00e9s par les conflits et la violence, un chiffre qui devrait atteindre 67\u00a0% au cours de la prochaine d\u00e9cennie<\/li>\n<li>environ 132\u00a0millions des pauvres dans le monde vivent dans des zones \u00e0 <em>haut risque d\u2019inondation<\/em>.<\/li>\n<\/ul>\n<p><img decoding=\"async\" loading=\"lazy\" class=\"alignright size-full wp-image-89820\" src=\"https:\/\/www.alj.com\/app\/uploads\/2021\/06\/UN-SDG-1-Infographic.jpg\" alt=\"UN SDG 1 Infographic\" width=\"547\" height=\"811\" srcset=\"https:\/\/media.alj.com\/app\/uploads\/2021\/06\/UN-SDG-1-Infographic.jpg 547w, https:\/\/media.alj.com\/app\/uploads\/2021\/06\/UN-SDG-1-Infographic-202x300.jpg 202w, https:\/\/media.alj.com\/app\/uploads\/2021\/06\/UN-SDG-1-Infographic-101x150.jpg 101w\" sizes=\"(max-width: 547px) 100vw, 547px\" \/>L\u2019ONU d\u00e9finit officiellement l\u2019ODD 1\u00a0ainsi\u00a0: \u00ab\u00a0Garantir une mobilisation importante de ressources provenant de sources multiples, y compris par le renforcement de la coop\u00e9ration pour le d\u00e9veloppement, afin de doter les pays en d\u00e9veloppement, en particulier les pays les moins avanc\u00e9s, de moyens ad\u00e9quats et pr\u00e9visibles de mettre en \u0153uvre des programmes et politiques visant \u00e0 mettre fin \u00e0 la pauvret\u00e9 sous toutes ses formes.\u00a0\u00bb<\/p>\n<p>Les ODD visent \u00e9galement \u00e0 cr\u00e9er des cadres politiques solides aux niveaux national et r\u00e9gional, de sorte que d\u2019ici 2030, \u00ab\u00a0tous les hommes et les femmes, en particulier les pauvres et les personnes vuln\u00e9rables, aient les m\u00eames droits aux ressources \u00e9conomiques et qu\u2019ils aient acc\u00e8s aux services de base, \u00e0 la propri\u00e9t\u00e9 fonci\u00e8re, au contr\u00f4le des terres et \u00e0 d\u2019autres formes de propri\u00e9t\u00e9, \u00e0 l\u2019h\u00e9ritage, aux ressources naturelles et \u00e0 des nouvelles technologies et des services financiers adapt\u00e9s \u00e0 leurs besoins, y compris la microfinance.\u00a0\u00bb<a href=\"#_ftn4\" name=\"_ftnref4\">[4]<\/a><\/p>\n<p>Il s\u2019agit sans aucun doute d\u2019objectifs louables avec lesquels nous sommes tous d\u2019accord, mais de bonnes intentions et des politiques m\u00e9ritoires ne suffisent pas \u00e0 produire un changement r\u00e9el.<\/p>\n<p>Pour qu\u2019un changement se produise, les mots, les ambitions et les politiques doivent se traduire par une action efficace sur le terrain.<\/p>\n<h2>Innovation r\u00e9compens\u00e9e par un prix Nobel<\/h2>\n<p><img decoding=\"async\" loading=\"lazy\" class=\"alignleft size-medium wp-image-64661\" src=\"https:\/\/www.alj.com\/app\/uploads\/2020\/06\/2005-Abdul-Latif-Jameel-Poverty-Action-Lab-J-PAL-established-1-300x130.jpg\" alt=\"\" width=\"300\" height=\"130\" srcset=\"https:\/\/media.alj.com\/app\/uploads\/2020\/06\/2005-Abdul-Latif-Jameel-Poverty-Action-Lab-J-PAL-established-1-300x130.jpg 300w, https:\/\/media.alj.com\/app\/uploads\/2020\/06\/2005-Abdul-Latif-Jameel-Poverty-Action-Lab-J-PAL-established-1-150x65.jpg 150w, https:\/\/media.alj.com\/app\/uploads\/2020\/06\/2005-Abdul-Latif-Jameel-Poverty-Action-Lab-J-PAL-established-1.jpg 564w\" sizes=\"(max-width: 300px) 100vw, 300px\" \/>L\u2019un des objectifs principaux du <a href=\"https:\/\/www.povertyactionlab.org\/\">Laboratoire d\u2019action contre la pauvret\u00e9 Abdul Latif Jameel<\/a>, ou J-PAL, est de s\u2019assurer que les politiques visant \u00e0 lutter contre la pauvret\u00e9 sont mises en \u0153uvre aussi efficacement que possible.<\/p>\n<p>Le laboratoire d\u2019action contre la pauvret\u00e9 a \u00e9t\u00e9 fond\u00e9 en 2003\u00a0au <a href=\"https:\/\/www.mit.edu\/\">Massachusetts Institute of Technology<\/a> (MIT) par les professeurs Abhijit Banerjee et Esther Duflo, afin de transformer la mani\u00e8re dont le monde aborde les d\u00e9fis de la pauvret\u00e9 mondiale. En 2005, le laboratoire a \u00e9t\u00e9 renomm\u00e9 Laboratoire d\u2019Action Contre la Pauvret\u00e9 Abdul Latif Jameel, et a entam\u00e9 une \u00e9troite collaboration avec Community Jameel.<\/p>\n<p>Le J-PAL est un centre de recherche mondial qui \u0153uvre pour r\u00e9duire la pauvret\u00e9 en s\u2019assurant que la politique est inform\u00e9e par des preuves scientifiques. Ancr\u00e9 dans un r\u00e9seau de plus de 227\u00a0professeurs affili\u00e9s dans des universit\u00e9s du monde entier, le J-PAL effectue des \u00e9valuations d\u2019impact randomis\u00e9es pour r\u00e9pondre \u00e0 des questions essentielles dans la lutte contre la pauvret\u00e9. \u00c0 ce jour, le J-PAL a touch\u00e9 plus de 400\u00a0millions de personnes.<\/p>\n<p>Les exemples de projets affili\u00e9s au J-PAL comprennent la recherche sur l\u2019impact des r\u00e9seaux d\u2019emplois sur le <a href=\"https:\/\/www.povertyactionlab.org\/evaluation\/impact-job-networks-womens-recruitment-malawi\">recrutement des femmes au Malawi<\/a>, et l\u2019\u00e9valuation d\u2019un programme pour comprendre l\u2019impact d\u2019un <a href=\"https:\/\/www.povertyactionlab.org\/evaluation\/effects-universal-basic-income-during-covid-19-pandemic-kenya\">revenu de base universel<\/a> au Kenya durant la pand\u00e9mie de COVID-19.<\/p>\n<p>En octobre 2019, deux des cofondateurs du J-PAL, <a href=\"https:\/\/economics.mit.edu\/faculty\/eduflo\/short\">Esther Duflo<\/a> et <a href=\"https:\/\/economics.mit.edu\/faculty\/banerjee\/short\">Abhijit Banerjee<\/a>, ainsi que l\u2019un de ses premiers chercheurs affili\u00e9s, <a href=\"https:\/\/www.povertyactionlab.org\/person\/kremer\">Michael Kremer<\/a>, ont re\u00e7u le prix <a href=\"https:\/\/www.communityjameel.org\/en\/news\/listing\/J-PAL-co-founders-awarded-the-Noble-Prize-in-Economics\">Nobel d\u2019\u00e9conomie<\/a> pour leur approche exp\u00e9rimentale de la r\u00e9duction de la pauvret\u00e9 mondiale. Esther est la personne la plus jeune, et la deuxi\u00e8me femme, \u00e0 avoir gagn\u00e9 ce prix.<\/p>\n<figure id=\"attachment_89855\" aria-describedby=\"caption-attachment-89855\" style=\"width: 2048px\" class=\"wp-caption aligncenter\"><img decoding=\"async\" loading=\"lazy\" class=\"size-full wp-image-89855\" src=\"https:\/\/www.alj.com\/app\/uploads\/2021\/06\/merlin_165743088_6ad117b5-30ef-43b8-ab59-2102dd783e12-superJumbo.jpg\" alt=\"Esther Duflo Nobel Prize\" width=\"2048\" height=\"1638\" srcset=\"https:\/\/media.alj.com\/app\/uploads\/2021\/06\/merlin_165743088_6ad117b5-30ef-43b8-ab59-2102dd783e12-superJumbo.jpg 2048w, https:\/\/media.alj.com\/app\/uploads\/2021\/06\/merlin_165743088_6ad117b5-30ef-43b8-ab59-2102dd783e12-superJumbo-300x240.jpg 300w, https:\/\/media.alj.com\/app\/uploads\/2021\/06\/merlin_165743088_6ad117b5-30ef-43b8-ab59-2102dd783e12-superJumbo-1024x819.jpg 1024w, https:\/\/media.alj.com\/app\/uploads\/2021\/06\/merlin_165743088_6ad117b5-30ef-43b8-ab59-2102dd783e12-superJumbo-150x120.jpg 150w, https:\/\/media.alj.com\/app\/uploads\/2021\/06\/merlin_165743088_6ad117b5-30ef-43b8-ab59-2102dd783e12-superJumbo-768x614.jpg 768w, https:\/\/media.alj.com\/app\/uploads\/2021\/06\/merlin_165743088_6ad117b5-30ef-43b8-ab59-2102dd783e12-superJumbo-1536x1229.jpg 1536w\" sizes=\"(max-width: 2048px) 100vw, 2048px\" \/><figcaption id=\"caption-attachment-89855\" class=\"wp-caption-text\">Esther Duflo acceptant le prix Nobel d\u2019\u00e9conomie 2019\u00a0qui lui est remis par le roi Carl XVI Gustaf de Su\u00e8de.<\/figcaption><\/figure>\n<p>Au sujet de la collaboration avec la famille Jameel, Esther a comment\u00e9\u00a0: \u00ab\u00a0<a href=\"https:\/\/www.alj.com\/en\/our-people\/mohammed-abdul-latif-jameel\/\"><em>Mohammed Jameel<\/em><\/a><em> a vu en nous&#8230; et dans notre projet quelque chose qui pourrait faire la diff\u00e9rence, et a d\u00e9cid\u00e9 de risquer sa r\u00e9putation et son argent pour le soutenir.<\/em> Cela n\u2019aurait jamais eu lieu sans sa vision et son engagement pour les pauvres du monde, qui \u00e9taient \u00e9vidents \u00e0 l\u2019\u00e9poque, et sont toujours importants aujourd\u2019hui.\u00a0\u00bb<\/p>\n<h2>Diminuer la propagation de la faim<\/h2>\n<p><img decoding=\"async\" loading=\"lazy\" class=\"aligncenter size-full wp-image-89827\" src=\"https:\/\/www.alj.com\/app\/uploads\/2021\/06\/UN-SDG-2-banner.jpg\" alt=\"\" width=\"1378\" height=\"409\" srcset=\"https:\/\/media.alj.com\/app\/uploads\/2021\/06\/UN-SDG-2-banner.jpg 1378w, https:\/\/media.alj.com\/app\/uploads\/2021\/06\/UN-SDG-2-banner-300x89.jpg 300w, https:\/\/media.alj.com\/app\/uploads\/2021\/06\/UN-SDG-2-banner-1024x304.jpg 1024w, https:\/\/media.alj.com\/app\/uploads\/2021\/06\/UN-SDG-2-banner-150x45.jpg 150w, https:\/\/media.alj.com\/app\/uploads\/2021\/06\/UN-SDG-2-banner-768x228.jpg 768w\" sizes=\"(max-width: 1378px) 100vw, 1378px\" \/><\/p>\n<p>Les d\u00e9fis pos\u00e9s par la pauvret\u00e9 sont souvent inextricablement li\u00e9s \u00e0 des probl\u00e8mes en rapport avec la faim (ODD\u00a02, \u00e9radiquer la faim), car l\u2019alimentation est souvent l\u2019une des ressources vitales qui font d\u00e9faut aux personnes vivant dans la pauvret\u00e9. Et dans un monde de plus en plus peupl\u00e9, d\u00e9velopp\u00e9 et urbanis\u00e9, les pressions sur la productivit\u00e9, l\u2019accessibilit\u00e9 et la durabilit\u00e9 des syst\u00e8mes alimentaires et agricoles ne feront que s\u2019intensifier. Les effets du changement climatique amplifient ces menaces pour l\u2019agriculture et l\u2019approvisionnement alimentaire dans le monde.<\/p>\n<p><img decoding=\"async\" loading=\"lazy\" class=\"alignleft size-medium wp-image-89862\" src=\"https:\/\/www.alj.com\/app\/uploads\/2021\/06\/FAO-logo-300x120.png\" alt=\"\" width=\"300\" height=\"120\" srcset=\"https:\/\/media.alj.com\/app\/uploads\/2021\/06\/FAO-logo-300x120.png 300w, https:\/\/media.alj.com\/app\/uploads\/2021\/06\/FAO-logo-150x60.png 150w, https:\/\/media.alj.com\/app\/uploads\/2021\/06\/FAO-logo.png 354w\" sizes=\"(max-width: 300px) 100vw, 300px\" \/>L\u2019<a href=\"http:\/\/www.fao.org\/home\/en\/\">Organisation pour l\u2019alimentation et l\u2019agriculture<\/a> (FAO) de l\u2019ONU estime que pr\u00e8s de 690\u00a0millions de personnes ont eu faim en 2019. Cela repr\u00e9sente une augmentation de 10\u00a0millions par rapport \u00e0 2018, et de pr\u00e8s de 60\u00a0millions en cinq ans<a href=\"#_ftn5\" name=\"_ftnref5\">[5]<\/a>.<\/p>\n<p>Des co\u00fbts \u00e9lev\u00e9s et un faible pouvoir d\u2019achat emp\u00eachent \u00e9galement des milliards de personnes d\u2019avoir acc\u00e8s \u00e0 une alimentation saine ou nutritive, tandis que les cons\u00e9quences de la pand\u00e9mie de COVID-19\u00a0pourraient faire basculer 130\u00a0millions de personnes suppl\u00e9mentaires dans la faim chronique d\u2019ici la fin 2021.<\/p>\n<p>La majorit\u00e9 des personnes sous-aliment\u00e9es (381\u00a0millions) vivent en Asie. L\u2019Afrique est en deuxi\u00e8me place avec 250\u00a0millions de personnes, suivie par l\u2019Am\u00e9rique latine et les Cara\u00efbes, avec 48\u00a0millions de personnes. La pr\u00e9valence mondiale de la sous-alimentation (ou pourcentage total de personnes qui ont faim) est rest\u00e9e relativement stable ces derni\u00e8res ann\u00e9es (8,9\u00a0%), mais les chiffres absolus augmentent depuis 2014. En bref, cela signifie qu\u2019au cours des cinq derni\u00e8res ann\u00e9es, la faim a augment\u00e9 parall\u00e8lement \u00e0 la population mondiale<a href=\"#_ftn6\" name=\"_ftnref6\">[6]<\/a>.<\/p>\n<p><em><img decoding=\"async\" loading=\"lazy\" class=\"aligncenter size-full wp-image-89947\" src=\"https:\/\/www.alj.com\/app\/uploads\/2021\/06\/ALJ-UN-Perspectives.jpg\" alt=\"UN Perspectives\" width=\"2560\" height=\"1724\" \/><\/em><\/p>\n<p>La lutte contre la faim dans le monde est un autre objectif de longue date de la Famille Jameel, qui soutient des programmes, des personnes et des projets pouvant faire une diff\u00e9rence tangible pour les plus d\u00e9munis.<\/p>\n<p>Le J-PAL a lui-m\u00eame un programme agricole sp\u00e9cifique qui se concentre sur l\u2019am\u00e9lioration des syst\u00e8mes agricoles dans les pays en d\u00e9veloppement. Il comprend l\u2019\u00e9valuation de strat\u00e9gies pour aider les agriculteurs \u00e0 adopter des pratiques et des technologies rentables ou durables sur le plan environnemental, et des programmes pour mieux relier les agriculteurs aux march\u00e9s.<\/p>\n<h2>J-WAFS \u00e0 l\u2019avant-garde<\/h2>\n<p><img decoding=\"async\" loading=\"lazy\" class=\"alignleft size-medium wp-image-53228\" src=\"https:\/\/www.alj.com\/app\/uploads\/2019\/10\/JWAFS-300x82.jpg\" alt=\"\" width=\"300\" height=\"82\" srcset=\"https:\/\/media.alj.com\/app\/uploads\/2019\/10\/JWAFS-300x82.jpg 300w, https:\/\/media.alj.com\/app\/uploads\/2019\/10\/JWAFS-150x41.jpg 150w, https:\/\/media.alj.com\/app\/uploads\/2019\/10\/JWAFS-768x209.jpg 768w, https:\/\/media.alj.com\/app\/uploads\/2019\/10\/JWAFS.jpg 1024w\" sizes=\"(max-width: 300px) 100vw, 300px\" \/>\u00a0L\u2019un des laboratoires homologues du J-PAL au Massachusetts Institute of Technology est le <a href=\"https:\/\/jwafs.mit.edu\/\">Laboratoire Abdul Latif Jameel pour les syst\u00e8mes d\u2019eau et d\u2019alimentation<\/a> (J-WAFS), qui soutient la recherche, l\u2019innovation et la technologie pour un approvisionnement en aliments et en eau s\u00fbr et durable avec un impact environnemental minimal.<\/p>\n<p><iframe loading=\"lazy\" src=\"\/\/www.youtube.com\/embed\/SZVUn5clNp4\" width=\"560\" height=\"314\" allowfullscreen=\"allowfullscreen\"><\/iframe><\/p>\n<p>C\u2019est la gravit\u00e9 des d\u00e9fis pos\u00e9s par notre syst\u00e8me alimentaire mondial qui est \u00e0 l\u2019origine de l\u2019approche du J-WAFS en termes de recherche et d\u2019innovation. Afin de garantir un approvisionnement alimentaire s\u00fbr et r\u00e9silient aujourd\u2019hui et \u00e0 l\u2019avenir, le J-WAFS catalyse de nouvelles recherches, dirige des \u00e9tudes transdisciplinaires, soutient des efforts de commercialisation et alimente des collaborations interinstitutionnelles. Les r\u00e9sultats incluent des innovations politiques et technologiques, des interventions sur la cha\u00eene d\u2019approvisionnement, de nouvelles technologies de s\u00e9curit\u00e9 alimentaire, et bien plus encore. Depuis sa fondation en 2014, il a financ\u00e9 plus de 60 projets, g\u00e9n\u00e9rant plus de 12\u00a0millions de dollars de fonds pour soutenir ses recherches.<a href=\"#_ftn7\" name=\"_ftnref7\">[7]<\/a>.<\/p>\n<p>Une grande partie de cette recherche est consacr\u00e9e au d\u00e9veloppement de techniques innovantes visant \u00e0 am\u00e9liorer, et id\u00e9alement transformer, l\u2019efficacit\u00e9 des syst\u00e8mes d\u2019approvisionnement en aliments et en eau dans les pays en d\u00e9veloppement, de mani\u00e8re \u00e9conomiquement viable et \u00e0 un co\u00fbt accessible pour tous.<\/p>\n<p>Au Kenya, par exemple, le J-WAFS <a href=\"https:\/\/jwafs.mit.edu\/projects\/2019\/evaporative-cooling-technologies-fruit-and-vegetable-preservation-kenya\">soutient un projet<\/a> dirig\u00e9 par des professeurs du Massachusetts Institute of Technology, <a href=\"https:\/\/d-lab.mit.edu\/about\/people\/dan-frey\">Daniel Frey<\/a> et <a href=\"https:\/\/architecture.mit.edu\/faculty\/leon-glicksman\">Leon Glicksman<\/a>, visant \u00e0 cr\u00e9er des chambres de refroidissement par \u00e9vaporation en argile permettant de pr\u00e9server les fruits en utilisant l&#8217;\u00e9vaporation naturelle de l&#8217;eau, sans recourir \u00e0 l\u2019\u00e9lectricit\u00e9.<\/p>\n<p>Dans les r\u00e9gions chaudes et arides, l&#8217;absence d&#8217;installations de stockage \u00e0 temp\u00e9rature contr\u00f4l\u00e9e et l\u2019acc\u00e8s limit\u00e9 ou nul \u00e0 l&#8217;\u00e9lectricit\u00e9 signifient que les cultures de fruits et l\u00e9gumes se d\u00e9t\u00e9riorent rapidement. En fournissant les bonnes conditions de stockage (basse temp\u00e9rature\/humidit\u00e9 \u00e9lev\u00e9e), les chambres d&#8217;\u00e9vaporation en argile ont r\u00e9ussi \u00e0 pr\u00e9server les produits et ont donc permis de les commercialiser. Un stockage appropri\u00e9 offre \u00e9galement aux agriculteurs la flexibilit\u00e9 \u00e9conomique n\u00e9cessaire pour attendre les bonnes conditions de prix avant de commercialiser leurs produits, si les prix du march\u00e9 sont bas au moment de la production.<\/p>\n<p>Un autre projet soutenu par le J-WAFS est men\u00e9 par les professeurs du Massachusetts Institute of Technology <a href=\"https:\/\/jwafs.mit.edu\/people\/david-l-des-marais\">David Des Marais<\/a> et <a href=\"https:\/\/jwafs.mit.edu\/people\/caroline-uhler\">Caroline Uhler<\/a>, qui \u00e9tudient des moyens de <a href=\"https:\/\/spectrum.mit.edu\/spring-2021\/fortifying-crops-for-climate-change\/\">renforcer g\u00e9n\u00e9tiquement les cultures<\/a> pour qu\u2019elles r\u00e9sistent \u00e0 certains al\u00e9as caus\u00e9s par le changement climatique, tels que les pr\u00e9cipitations impr\u00e9visibles. M\u00eame dans des conditions de s\u00e9cheresse mod\u00e9r\u00e9es, les cultures perdent leurs feuilles et d\u00e9truisent leurs propres graines, ce qui \u00e9limine tout espoir de r\u00e9g\u00e9n\u00e9ration pour la saison, m\u00eame s\u2019il pleut quelques jours plus tard. Les recherches de Des Marais \u00e9tudient comment les cultures pourraient \u00eatre con\u00e7ues au niveau mol\u00e9culaire pour faire face \u00e0 une s\u00e9cheresse \u00e0 court terme, mais \u00e9galement \u00eatre capables de prosp\u00e9rer dans des conditions humides lorsque la pluie revient.<\/p>\n<figure id=\"attachment_89877\" aria-describedby=\"caption-attachment-89877\" style=\"width: 772px\" class=\"wp-caption aligncenter\"><img decoding=\"async\" loading=\"lazy\" class=\"size-full wp-image-89877\" src=\"https:\/\/www.alj.com\/app\/uploads\/2021\/06\/05_soil_drying_harvest_777x444.jpg\" alt=\"MIT graduates, J-WAFS\" width=\"772\" height=\"441\" srcset=\"https:\/\/media.alj.com\/app\/uploads\/2021\/06\/05_soil_drying_harvest_777x444.jpg 772w, https:\/\/media.alj.com\/app\/uploads\/2021\/06\/05_soil_drying_harvest_777x444-300x171.jpg 300w, https:\/\/media.alj.com\/app\/uploads\/2021\/06\/05_soil_drying_harvest_777x444-150x86.jpg 150w, https:\/\/media.alj.com\/app\/uploads\/2021\/06\/05_soil_drying_harvest_777x444-768x439.jpg 768w\" sizes=\"(max-width: 772px) 100vw, 772px\" \/><figcaption id=\"caption-attachment-89877\" class=\"wp-caption-text\">Des dipl\u00f4m\u00e9s du Massachusetts Institute of Technology et David Des Marais, professeur d\u2019ing\u00e9nierie civile au Massachusetts Institute of Technology, r\u00e9coltent des plantes pendant l\u2019exp\u00e9rience de s\u00e9chage du sol. Cette exp\u00e9rience fait partie d\u2019un projet financ\u00e9 par le Abdul Latif Jameel Water and Food Systems Lab (Massachusetts Institute of Technology) qui vise \u00e0 identifier les g\u00e8nes et les caract\u00e9ristiques des r\u00e9seaux de r\u00e9gulation des g\u00e8nes aidant les plantes \u00e0 r\u00e9sister au stress environnemental. Cr\u00e9dit photo\u00a0: \u00a9 Gretchen Ertl<\/figcaption><\/figure>\n<p>Ce projet associant la biologie mol\u00e9culaire et l\u2019apprentissage machine pour aider l\u2019approvisionnement alimentaire mondial \u00e0 s\u2019adapter au changement climatique illustre les programmes innovants que le J-WAFS a la vocation de soutenir. <em>\u00ab\u00a0Le J-WAFS nous permet de prendre des id\u00e9es qui sont bonnes, mais peut-\u00eatre pas tout \u00e0 fait pr\u00eates \u00e0 \u00eatre mises sur le march\u00e9, et de les tester dans un environnement assez peu stressant,\u00a0\u00bb<\/em> d\u00e9clare le professeur Des Marais.<\/p>\n<p>Carole Uhler soutient le J-WAFS de mani\u00e8re tout aussi positive\u00a0: <em>\u00ab\u00a0Maintenant que nous avons une preuve que le concept fonctionne, nous pouvons aller plus loin. C\u2019est cela qui rend les projets du J-WAFS vraiment passionnants. Nous n\u2019aurions pas pu faire ce travail autrement.\u00a0\u00bb<\/em><\/p>\n<p><a href=\"https:\/\/swagergroup.mit.edu\/\">Le professeur Tim Swager<\/a>, le professeur de chimie John D. MacArthur au Massachusetts Institute of Technology, dirige \u00e9galement une recherche passionnante soutenue par le J-WAFS pour d\u00e9velopper une technologie <a href=\"https:\/\/www.alj.com\/en\/perspective\/j-wafs-in-action-combating-food-contamination\/\">de d\u00e9tection de la s\u00e9curit\u00e9 alimentaire<\/a> rapide, facile et abordable. Ses recherches portent sur des gouttelettes sp\u00e9cialis\u00e9es, appel\u00e9es \u00e9mulsions Janus, capables de d\u00e9tecter la pr\u00e9sence de contamination bact\u00e9rienne dans les aliments et les liquides.Cette technologie pourrait avoir d\u2019\u00e9normes avantages dans les pays moins d\u00e9velopp\u00e9s, car elle peut s\u2019appliquer \u00e0 l\u2019eau potable et \u00e0 toutes sortes d\u2019aliments.<\/p>\n<p><img decoding=\"async\" loading=\"lazy\" class=\"alignleft size-full wp-image-89884\" src=\"https:\/\/www.alj.com\/app\/uploads\/2021\/06\/Picture1.jpg\" alt=\"Cow milk production in India\" width=\"496\" height=\"236\" srcset=\"https:\/\/media.alj.com\/app\/uploads\/2021\/06\/Picture1.jpg 496w, https:\/\/media.alj.com\/app\/uploads\/2021\/06\/Picture1-300x143.jpg 300w, https:\/\/media.alj.com\/app\/uploads\/2021\/06\/Picture1-150x71.jpg 150w\" sizes=\"(max-width: 496px) 100vw, 496px\" \/>Par exemple, les m\u00e9tastases chez les vaches repr\u00e9sentent un r\u00e9el probl\u00e8me pour les producteurs de lait dans le monde entier, et peuvent se propager rapidement dans le troupeau. <a href=\"https:\/\/alj.com\/en\/perspective\/j-wafs-in-action-providing-safe-clean-milk-to-rural-communities\/\">L\u2019Inde<\/a> en est un exemple parfait. Le lait provenant de diff\u00e9rents troupeaux est souvent m\u00e9lang\u00e9 dans un point de collecte r\u00e9gional central. Si un troupeau pr\u00e9sente des m\u00e9tastases, l\u2019ensemble du lot est contamin\u00e9 et devra \u00eatre \u00e9limin\u00e9. La technologie de Swager serait capable d\u2019identifier les m\u00e9tastases dans un troupeau affect\u00e9 avant qu\u2019elles ne contaminent le lait sain, ce qui permettrait de r\u00e9duire les pertes.<\/p>\n<p><img decoding=\"async\" loading=\"lazy\" class=\"alignleft size-full wp-image-89834\" src=\"https:\/\/www.alj.com\/app\/uploads\/2021\/06\/UN-SDG-2-Infographic.jpg\" alt=\"UN SDG 2 infographic\" width=\"539\" height=\"817\" srcset=\"https:\/\/media.alj.com\/app\/uploads\/2021\/06\/UN-SDG-2-Infographic.jpg 539w, https:\/\/media.alj.com\/app\/uploads\/2021\/06\/UN-SDG-2-Infographic-198x300.jpg 198w, https:\/\/media.alj.com\/app\/uploads\/2021\/06\/UN-SDG-2-Infographic-99x150.jpg 99w\" sizes=\"(max-width: 539px) 100vw, 539px\" \/>Cette technologie est d\u00e9j\u00e0 sortie du laboratoire dans le cadre du programme J-WAFS Solutions, et la start-up <a href=\"https:\/\/www.xibus.systems\/\">Xibus Systems<\/a> d\u00e9veloppe actuellement des protocoles pour des tests sur le terrain. L&#8217;objectif est de fournir un syst\u00e8me simple, rapide et robuste qui n\u00e9cessite un minimum de formation et ne perturbe pas le mode de travail actuel du producteur.<\/p>\n<p>Les avantages d\u2019innovations telles que celles-ci sont encore minimes pour le moment, mais le potentiel est \u00e9norme. La Famille Jameel s\u2019engage \u00e0 investir les ressources et le savoir-faire n\u00e9cessaires pour augmenter de mani\u00e8re exponentielle leur envergure et leur impact, afin d\u2019atteindre les ODD de l\u2019ONU.<\/p>\n<p>Il est clair que l\u2019\u00e9chelle de ces probl\u00e8mes est mondiale, et que malgr\u00e9 la richesse sans pr\u00e9c\u00e9dent de notre soci\u00e9t\u00e9, ils font toujours partie des plus grands d\u00e9fis auxquels nous sommes confront\u00e9s. Pour les r\u00e9soudre, il faudra un effort strat\u00e9gique et unifi\u00e9. C&#8217;est un effort que nous pouvons et devons faire pour assurer un avenir durable et viable \u00e0 nos communaut\u00e9s.<\/p>\n<p>Gr\u00e2ce \u00e0 notre portefeuille d\u2019activit\u00e9s, \u00e0 nos initiatives Community Jameel, et \u00e0 notre travail avec des partenaires dans le secteur public, le secteur priv\u00e9 et le troisi\u00e8me secteur, nous sommes fiers de pouvoir prendre des mesures en ce sens.<\/p>\n<p>D\u00e9couvrez comment les activit\u00e9s de la famille Jameel contribuent aux Objectifs de d\u00e9veloppement durable sur\u00a0: <a href=\"https:\/\/jameel75.com\/sdg\">https:\/\/jameel75.com\/sdg<\/a>\u00a0; regardez notre vid\u00e9o et t\u00e9l\u00e9chargez un rapport de synth\u00e8se.<\/p>\n<p>&nbsp;<\/p>\n<p><a href=\"#_ftnref1\" name=\"_ftn1\">[1]<\/a> Poverty Overview (worldbank.org)<\/p>\n<p><a href=\"#_ftnref2\" name=\"_ftn2\">[2]<\/a> Updated estimates of the impact of COVID-19 on global poverty: Looking back at 2020 and the outlook for 2021 (worldbank.org)<\/p>\n<p><a href=\"#_ftnref3\" name=\"_ftn3\">[3]<\/a> Poverty Overview (worldbank.org)<\/p>\n<p><a href=\"#_ftnref4\" name=\"_ftn4\">[4]<\/a> Ending Poverty | United Nations<\/p>\n<p><a href=\"#_ftnref5\" name=\"_ftn5\">[5]<\/a> <em><u>State of Food Security and Nutrition in the World<\/u><\/em>, FAO, mars 2021.<\/p>\n<p><a href=\"#_ftnref6\" name=\"_ftn6\">[6]<\/a> <em><u>State of Food Security and Nutrition in the World<\/u><\/em>, FAO, mars 2021.<\/p>\n<p><a href=\"#_ftnref7\" name=\"_ftn7\">[7]<\/a> https:\/\/jwafs.mit.edu\/about\/impact<\/p>\n","protected":false},"author":18,"featured_media":89791,"template":"","tags":[],"acf":[],"yoast_head":"<!-- This site is optimized with the Yoast SEO plugin v21.5 - https:\/\/yoast.com\/wordpress\/plugins\/seo\/ -->\n<title>Soutenir l\u2019ONU pour \u00e9radiquer pauvret\u00e9 et faim | Abdul Latif Jameel\u00ae<\/title>\n<meta name=\"description\" content=\"La Famille Jameel soutient le programme de l\u2019ONU pour l\u2019\u00e9radication de la pauvret\u00e9 et de la faim, en cr\u00e9ant une soci\u00e9t\u00e9 meilleure et plus incluante.\" \/>\n<meta name=\"robots\" content=\"index, follow, max-snippet:-1, max-image-preview:large, max-video-preview:-1\" \/>\n<link rel=\"canonical\" href=\"https:\/\/alj.com\/fr\/perspective\/matiere-a-reflechir-comment-la-famille-jameel-soutient-le-programme-de-lonu-pour-leradication-de-la-pauvrete-et-de-la-faim\/\" \/>\n<meta property=\"og:locale\" content=\"fr_FR\" \/>\n<meta property=\"og:type\" content=\"article\" \/>\n<meta property=\"og:title\" content=\"Soutenir l\u2019ONU pour \u00e9radiquer pauvret\u00e9 et faim | Abdul Latif Jameel\u00ae\" \/>\n<meta property=\"og:description\" content=\"La Famille Jameel soutient le programme de l\u2019ONU pour l\u2019\u00e9radication de la pauvret\u00e9 et de la faim, en cr\u00e9ant une soci\u00e9t\u00e9 meilleure et plus incluante.\" \/>\n<meta property=\"og:url\" content=\"https:\/\/alj.com\/fr\/perspective\/matiere-a-reflechir-comment-la-famille-jameel-soutient-le-programme-de-lonu-pour-leradication-de-la-pauvrete-et-de-la-faim\/\" \/>\n<meta property=\"og:site_name\" content=\"Abdul Latif Jameel\" \/>\n<meta property=\"article:publisher\" content=\"https:\/\/www.facebook.com\/Abdul.Latif.Jameel.Official\" \/>\n<meta property=\"article:modified_time\" content=\"2021-08-31T08:29:29+00:00\" \/>\n<meta property=\"og:image\" content=\"https:\/\/media.alj.com\/app\/uploads\/2021\/06\/UN-SDG-HQ-Launch.jpg\" \/>\n\t<meta property=\"og:image:width\" content=\"715\" \/>\n\t<meta property=\"og:image:height\" content=\"477\" \/>\n\t<meta property=\"og:image:type\" content=\"image\/jpeg\" \/>\n<meta name=\"twitter:card\" content=\"summary_large_image\" \/>\n<meta name=\"twitter:label1\" content=\"Est. reading time\" \/>\n\t<meta name=\"twitter:data1\" content=\"14 minutes\" \/>\n<script type=\"application\/ld+json\" class=\"yoast-schema-graph\">{\"@context\":\"https:\/\/schema.org\",\"@graph\":[{\"@type\":\"WebPage\",\"@id\":\"https:\/\/alj.com\/fr\/perspective\/matiere-a-reflechir-comment-la-famille-jameel-soutient-le-programme-de-lonu-pour-leradication-de-la-pauvrete-et-de-la-faim\/\",\"url\":\"https:\/\/alj.com\/fr\/perspective\/matiere-a-reflechir-comment-la-famille-jameel-soutient-le-programme-de-lonu-pour-leradication-de-la-pauvrete-et-de-la-faim\/\",\"name\":\"Soutenir l\u2019ONU pour \u00e9radiquer pauvret\u00e9 et faim | Abdul Latif Jameel\u00ae\",\"isPartOf\":{\"@id\":\"https:\/\/alj.com\/en\/#website\"},\"datePublished\":\"2021-06-24T08:18:03+00:00\",\"dateModified\":\"2021-08-31T08:29:29+00:00\",\"description\":\"La Famille Jameel soutient le programme de l\u2019ONU pour l\u2019\u00e9radication de la pauvret\u00e9 et de la faim, en cr\u00e9ant une soci\u00e9t\u00e9 meilleure et plus incluante.\",\"breadcrumb\":{\"@id\":\"https:\/\/alj.com\/fr\/perspective\/matiere-a-reflechir-comment-la-famille-jameel-soutient-le-programme-de-lonu-pour-leradication-de-la-pauvrete-et-de-la-faim\/#breadcrumb\"},\"inLanguage\":\"fr-FR\",\"potentialAction\":[{\"@type\":\"ReadAction\",\"target\":[\"https:\/\/alj.com\/fr\/perspective\/matiere-a-reflechir-comment-la-famille-jameel-soutient-le-programme-de-lonu-pour-leradication-de-la-pauvrete-et-de-la-faim\/\"]}]},{\"@type\":\"BreadcrumbList\",\"@id\":\"https:\/\/alj.com\/fr\/perspective\/matiere-a-reflechir-comment-la-famille-jameel-soutient-le-programme-de-lonu-pour-leradication-de-la-pauvrete-et-de-la-faim\/#breadcrumb\",\"itemListElement\":[{\"@type\":\"ListItem\",\"position\":1,\"name\":\"Home\",\"item\":\"https:\/\/alj.com\/fr\/\"},{\"@type\":\"ListItem\",\"position\":2,\"name\":\"Perspectives\",\"item\":\"https:\/\/alj.com\/ja\/perspective\/\"},{\"@type\":\"ListItem\",\"position\":3,\"name\":\"Mati\u00e8re \u00e0 r\u00e9fl\u00e9chir\"}]},{\"@type\":\"WebSite\",\"@id\":\"https:\/\/alj.com\/en\/#website\",\"url\":\"https:\/\/alj.com\/en\/\",\"name\":\"Abdul Latif Jameel\",\"description\":\"Abdul Latif Jameel\",\"potentialAction\":[{\"@type\":\"SearchAction\",\"target\":{\"@type\":\"EntryPoint\",\"urlTemplate\":\"https:\/\/alj.com\/en\/?s={search_term_string}\"},\"query-input\":\"required name=search_term_string\"}],\"inLanguage\":\"fr-FR\"}]}<\/script>\n<!-- \/ Yoast SEO plugin. -->","yoast_head_json":{"title":"Soutenir l\u2019ONU pour \u00e9radiquer pauvret\u00e9 et faim | Abdul Latif Jameel\u00ae","description":"La Famille Jameel soutient le programme de l\u2019ONU pour l\u2019\u00e9radication de la pauvret\u00e9 et de la faim, en cr\u00e9ant une soci\u00e9t\u00e9 meilleure et plus incluante.","robots":{"index":"index","follow":"follow","max-snippet":"max-snippet:-1","max-image-preview":"max-image-preview:large","max-video-preview":"max-video-preview:-1"},"canonical":"https:\/\/alj.com\/fr\/perspective\/matiere-a-reflechir-comment-la-famille-jameel-soutient-le-programme-de-lonu-pour-leradication-de-la-pauvrete-et-de-la-faim\/","og_locale":"fr_FR","og_type":"article","og_title":"Soutenir l\u2019ONU pour \u00e9radiquer pauvret\u00e9 et faim | Abdul Latif Jameel\u00ae","og_description":"La Famille Jameel soutient le programme de l\u2019ONU pour l\u2019\u00e9radication de la pauvret\u00e9 et de la faim, en cr\u00e9ant une soci\u00e9t\u00e9 meilleure et plus incluante.","og_url":"https:\/\/alj.com\/fr\/perspective\/matiere-a-reflechir-comment-la-famille-jameel-soutient-le-programme-de-lonu-pour-leradication-de-la-pauvrete-et-de-la-faim\/","og_site_name":"Abdul Latif Jameel","article_publisher":"https:\/\/www.facebook.com\/Abdul.Latif.Jameel.Official","article_modified_time":"2021-08-31T08:29:29+00:00","og_image":[{"width":715,"height":477,"url":"https:\/\/media.alj.com\/app\/uploads\/2021\/06\/UN-SDG-HQ-Launch.jpg","type":"image\/jpeg"}],"twitter_card":"summary_large_image","twitter_misc":{"Est. reading time":"14 minutes"},"schema":{"@context":"https:\/\/schema.org","@graph":[{"@type":"WebPage","@id":"https:\/\/alj.com\/fr\/perspective\/matiere-a-reflechir-comment-la-famille-jameel-soutient-le-programme-de-lonu-pour-leradication-de-la-pauvrete-et-de-la-faim\/","url":"https:\/\/alj.com\/fr\/perspective\/matiere-a-reflechir-comment-la-famille-jameel-soutient-le-programme-de-lonu-pour-leradication-de-la-pauvrete-et-de-la-faim\/","name":"Soutenir l\u2019ONU pour \u00e9radiquer pauvret\u00e9 et faim | Abdul Latif Jameel\u00ae","isPartOf":{"@id":"https:\/\/alj.com\/en\/#website"},"datePublished":"2021-06-24T08:18:03+00:00","dateModified":"2021-08-31T08:29:29+00:00","description":"La Famille Jameel soutient le programme de l\u2019ONU pour l\u2019\u00e9radication de la pauvret\u00e9 et de la faim, en cr\u00e9ant une soci\u00e9t\u00e9 meilleure et plus incluante.","breadcrumb":{"@id":"https:\/\/alj.com\/fr\/perspective\/matiere-a-reflechir-comment-la-famille-jameel-soutient-le-programme-de-lonu-pour-leradication-de-la-pauvrete-et-de-la-faim\/#breadcrumb"},"inLanguage":"fr-FR","potentialAction":[{"@type":"ReadAction","target":["https:\/\/alj.com\/fr\/perspective\/matiere-a-reflechir-comment-la-famille-jameel-soutient-le-programme-de-lonu-pour-leradication-de-la-pauvrete-et-de-la-faim\/"]}]},{"@type":"BreadcrumbList","@id":"https:\/\/alj.com\/fr\/perspective\/matiere-a-reflechir-comment-la-famille-jameel-soutient-le-programme-de-lonu-pour-leradication-de-la-pauvrete-et-de-la-faim\/#breadcrumb","itemListElement":[{"@type":"ListItem","position":1,"name":"Home","item":"https:\/\/alj.com\/fr\/"},{"@type":"ListItem","position":2,"name":"Perspectives","item":"https:\/\/alj.com\/ja\/perspective\/"},{"@type":"ListItem","position":3,"name":"Mati\u00e8re \u00e0 r\u00e9fl\u00e9chir"}]},{"@type":"WebSite","@id":"https:\/\/alj.com\/en\/#website","url":"https:\/\/alj.com\/en\/","name":"Abdul Latif Jameel","description":"Abdul Latif Jameel","potentialAction":[{"@type":"SearchAction","target":{"@type":"EntryPoint","urlTemplate":"https:\/\/alj.com\/en\/?s={search_term_string}"},"query-input":"required name=search_term_string"}],"inLanguage":"fr-FR"}]}},"post-meta-fields":{"_alp_processed":["1624350019"],"_wpml_word_count":["{\"total\":2404,\"to_translate\":{\"ar\":2404,\"zh-hans\":2404,\"fr\":2404,\"ja\":2404,\"es\":2404,\"tr\":2404}}"],"push_notification":["no"],"_push_notification":["field_5c3b1fb67034d"],"_wpml_media_featured":["1"],"_wpml_media_duplicate":["1"],"wpcf-featured-news":["0"],"is_latest_news":["0"],"wpcf-show-news-at-homepage":["1"],"publish_mobile":[""],"_publish_mobile":["field_5bfa8eb2e65cf"],"mobile_featured_image":["https:\/\/media.alj.com\/app\/uploads\/2021\/06\/UN-SDG-HQ-Launch.jpg"],"_mobile_featured_image":["field_5c3b204983dea"],"_wpcf-card-image-sort-order":["a:1:{i:0;i:1027536;}"],"_bsf_post_type":["0"],"_bsf_item_review_type":["none"],"_yoast_wpseo_content_score":["30"],"_yoast_wpseo_estimated-reading-time-minutes":["14"],"post_views_count_2021Jun":["13"],"perspective_short_title":["Soutenir le programme des Nations Unies pour l\u2019\u00e9radication de la pauvret\u00e9 et de la faim dans le monde"],"perspective_summury":["<p>Depuis ses d\u00e9buts, Abdul Latif Jameel est plus qu\u2019une entreprise, et aide \u00e0 cr\u00e9er des opportunit\u00e9s, \u00e0 r\u00e9duire la faim, \u00e0 lutter contre la pauvret\u00e9 et \u00e0 mettre des individus et des communaut\u00e9s sur la voie de l\u2019ind\u00e9pendance \u00e9conomique. Il n\u2019est donc pas surprenant que les deux premiers objectifs de d\u00e9veloppement durable (ODD) de l\u2019ONU soient \u00e9galement des domaines d\u2019action pour la Famille Jameel\u00a0: ODD1, \u00e9radiquer la pauvret\u00e9, et ODD2, \u00e9radiquer la faim dans le monde.<\/p>\n"],"perspective_location":["Dubai, EAU"],"_yoast_wpseo_title":["Soutenir l\u2019ONU pour \u00e9radiquer pauvret\u00e9 et faim | Abdul Latif Jameel\u00ae"],"_yoast_wpseo_metadesc":["La Famille Jameel soutient le programme de l\u2019ONU pour l\u2019\u00e9radication de la pauvret\u00e9 et de la faim, en cr\u00e9ant une soci\u00e9t\u00e9 meilleure et plus incluante."],"_thumbnail_id":["89791"],"_last_translation_edit_mode":["native-editor"],"post_views_count_2021Jul":["13"],"post_views_total_count":["13"],"_edit_lock":["1630398469:18"],"_edit_last":["18"],"content_series_applied":["a:1:{i:0;i:91395;}"],"_content_series_applied":["field_60f3d3faf82ac"],"perspective_business_sector":["Entreprise"],"wpcf-perspective-published-date":["1624320000"],"wpcf-card-image":[""]},"_links":{"self":[{"href":"https:\/\/alj.com\/fr\/wp-json\/wp\/v2\/perspective\/89897"}],"collection":[{"href":"https:\/\/alj.com\/fr\/wp-json\/wp\/v2\/perspective"}],"about":[{"href":"https:\/\/alj.com\/fr\/wp-json\/wp\/v2\/types\/perspective"}],"author":[{"embeddable":true,"href":"https:\/\/alj.com\/fr\/wp-json\/wp\/v2\/users\/18"}],"wp:featuredmedia":[{"embeddable":true,"href":"https:\/\/alj.com\/fr\/wp-json\/wp\/v2\/media\/89791"}],"wp:attachment":[{"href":"https:\/\/alj.com\/fr\/wp-json\/wp\/v2\/media?parent=89897"}],"wp:term":[{"taxonomy":"post_tag","embeddable":true,"href":"https:\/\/alj.com\/fr\/wp-json\/wp\/v2\/tags?post=89897"}],"curies":[{"name":"wp","href":"https:\/\/api.w.org\/{rel}","templated":true}]}}