{"id":92462,"date":"2021-09-14T11:17:25","date_gmt":"2021-09-14T11:17:25","guid":{"rendered":"https:\/\/www.alj.com\/perspective\/feel-the-power\/"},"modified":"2021-10-12T08:15:30","modified_gmt":"2021-10-12T08:15:30","slug":"feel-the-power","status":"publish","type":"perspective","link":"https:\/\/alj.com\/fr\/perspective\/feel-the-power\/","title":{"rendered":"Sentez la force"},"content":{"rendered":"<h4>Comment la famille Jameel travaille pour r\u00e9aliser les ambitions partag\u00e9es de l\u2019Objectif\u00a07 de d\u00e9veloppement durable des Nations Unies, une \u00e9nergie abordable et propre<\/h4>\n<p><img decoding=\"async\" loading=\"lazy\" class=\"alignleft size-thumbnail wp-image-88769\" src=\"https:\/\/www.alj.com\/app\/uploads\/2021\/05\/E_SDG-goals_icons-individual-rgb-07-150x150.png\" alt=\"UN SDG 7\" width=\"150\" height=\"150\" srcset=\"https:\/\/media.alj.com\/app\/uploads\/2021\/05\/E_SDG-goals_icons-individual-rgb-07-150x150.png 150w, https:\/\/media.alj.com\/app\/uploads\/2021\/05\/E_SDG-goals_icons-individual-rgb-07-300x300.png 300w, https:\/\/media.alj.com\/app\/uploads\/2021\/05\/E_SDG-goals_icons-individual-rgb-07-1024x1024.png 1024w, https:\/\/media.alj.com\/app\/uploads\/2021\/05\/E_SDG-goals_icons-individual-rgb-07-768x768.png 768w, https:\/\/media.alj.com\/app\/uploads\/2021\/05\/E_SDG-goals_icons-individual-rgb-07-200x200.png 200w, https:\/\/media.alj.com\/app\/uploads\/2021\/05\/E_SDG-goals_icons-individual-rgb-07-170x170.png 170w, https:\/\/media.alj.com\/app\/uploads\/2021\/05\/E_SDG-goals_icons-individual-rgb-07-70x70.png 70w, https:\/\/media.alj.com\/app\/uploads\/2021\/05\/E_SDG-goals_icons-individual-rgb-07-271x271.png 271w, https:\/\/media.alj.com\/app\/uploads\/2021\/05\/E_SDG-goals_icons-individual-rgb-07.png 1536w\" sizes=\"(max-width: 150px) 100vw, 150px\" \/>Sans \u00e9nergie, le monde tel que nous le connaissons s\u2019arr\u00eaterait, tout simplement.<\/p>\n<p>Pensez \u00e0 cela pendant un instant. Elle alimente nos villes et nos usines, chauffe nos maisons, et permet \u00e0 nos syst\u00e8mes d\u2019alimentation et d\u2019eau de fonctionner. Et \u00e0 mesure que la richesse augmente et que les march\u00e9s se d\u00e9veloppent, nous en avons de plus en plus besoin. En\u00a02020, la consommation \u00e9nerg\u00e9tique mondiale a atteint un niveau record de 173\u00a0340\u00a0t\u00e9rawattheures<a href=\"#_ftn1\" name=\"_ftnref1\">[1]<\/a>. En fait, au cours du demi-si\u00e8cle dernier, la consommation \u00e9nerg\u00e9tique mondiale a augment\u00e9 chaque ann\u00e9e, \u00e0 l\u2019exception de deux, la plus r\u00e9cente \u00e9tant l\u2019ann\u00e9e\u00a02009, durant la crise financi\u00e8re mondiale.<\/p>\n<p>Fournir suffisamment d\u2019\u00e9nergie pour r\u00e9pondre \u00e0 cette demande est essentiel pour aider \u00e0 stimuler le d\u00e9veloppement mondial et \u00e0 augmenter le niveau de vie dans des r\u00e9gions cl\u00e9s du monde.<\/p>\n<p><img decoding=\"async\" loading=\"lazy\" class=\"aligncenter size-full wp-image-92347\" src=\"https:\/\/www.alj.com\/app\/uploads\/2021\/09\/SDG_report_2021_Goal-7-1.png\" alt=\"SDG7 Infographic\" width=\"4964\" height=\"6807\" srcset=\"https:\/\/media.alj.com\/app\/uploads\/2021\/09\/SDG_report_2021_Goal-7-1.png 4964w, https:\/\/media.alj.com\/app\/uploads\/2021\/09\/SDG_report_2021_Goal-7-1-219x300.png 219w, https:\/\/media.alj.com\/app\/uploads\/2021\/09\/SDG_report_2021_Goal-7-1-747x1024.png 747w, https:\/\/media.alj.com\/app\/uploads\/2021\/09\/SDG_report_2021_Goal-7-1-109x150.png 109w, https:\/\/media.alj.com\/app\/uploads\/2021\/09\/SDG_report_2021_Goal-7-1-768x1053.png 768w, https:\/\/media.alj.com\/app\/uploads\/2021\/09\/SDG_report_2021_Goal-7-1-1120x1536.png 1120w, https:\/\/media.alj.com\/app\/uploads\/2021\/09\/SDG_report_2021_Goal-7-1-1494x2048.png 1494w\" sizes=\"(max-width: 4964px) 100vw, 4964px\" \/><\/p>\n<p>Pour ajouter \u00e0 la difficult\u00e9 d\u2019une telle entreprise, cela doit \u00e9galement \u00eatre fait d\u2019une mani\u00e8re abordable, durable et qui permette aux communaut\u00e9s de se d\u00e9velopper et de prosp\u00e9rer.<\/p>\n<p>Dans ce contexte, atteindre l\u2019Objectif de d\u00e9veloppement durable\u00a07 (<a href=\"https:\/\/sdgs.un.org\/goals\/goal7\">ODD\u00a07<\/a>), l\u2019acc\u00e8s \u00e0 une \u00e9nergie abordable, fiable, durable et moderne pour tous, avec ses objectifs d\u2019acc\u00e8s universel, d\u2019efficacit\u00e9 \u00e9nerg\u00e9tique et d\u2019\u00e9nergie renouvelable, est essentiel pour ouvrir un nouveau monde d\u2019opportunit\u00e9s \u00e0 des milliards de personnes.<\/p>\n<p>L\u2019ODD\u00a07 pose les bases de l\u2019\u00e9radication de la pauvret\u00e9, de l\u2019action climatique et d\u2019un monde durable.<\/p>\n<p>En d\u2019autres termes, selon l\u2019ONU\u00a0: <em>\u00ab\u00a0Sans progr\u00e8s sur l\u2019ODD\u00a07, il sera impossible d\u2019atteindre les objectifs de l\u2019Agenda\u00a02030 pour le d\u00e9veloppement durable et de l\u2019Accord de Paris sur le changement climatique.\u00a0\u00bb<\/em><a href=\"#_ftn2\" name=\"_ftnref2\"><em>[2]<\/em><\/a><\/p>\n<p><iframe loading=\"lazy\" src=\"\/\/www.youtube.com\/embed\/TYs-BV8kFE0\" width=\"560\" height=\"314\" allowfullscreen=\"allowfullscreen\"><\/iframe><\/p>\n<p>Certaines statistiques illustrent l\u2019envergure du d\u00e9fi auquel nous sommes confront\u00e9s\u00a0:<\/p>\n<ul>\n<li>789\u00a0millions de personnes dans le monde n\u2019ont toujours pas acc\u00e8s \u00e0 l\u2019\u00e9lectricit\u00e9<a href=\"#_ftn3\" name=\"_ftnref3\">[3]<\/a><\/li>\n<li>Dans certains pays, 1\u00a0personne sur\u00a020 n\u2019a pas acc\u00e8s \u00e0 l\u2019\u00e9lectricit\u00e9<a href=\"#_ftn4\" name=\"_ftnref4\">[4]<\/a><\/li>\n<li>2,8\u00a0milliards de personnes, soit plus d\u2019un tiers de la population mondiale, ne peuvent pas cuisiner de mani\u00e8re propre et s\u00fbre en raison du manque d\u2019\u00e9nergie<a href=\"#_ftn5\" name=\"_ftnref5\">[5]<\/a><\/li>\n<li>70\u00a0% de la population mondiale n\u2019ayant pas acc\u00e8s \u00e0 l\u2019\u00e9lectricit\u00e9 se trouve en Afrique.<a href=\"#_ftn6\" name=\"_ftnref6\">[6]<\/a><\/li>\n<li>Seulement 17\u00a0% de la consommation d\u2019\u00e9nergie finale totale provient d\u2019\u00e9nergies renouvelables (y compris le nucl\u00e9aire).<a href=\"#_ftn7\" name=\"_ftnref7\">[7]<\/a><\/li>\n<\/ul>\n<p><img decoding=\"async\" loading=\"lazy\" class=\"aligncenter size-full wp-image-92331\" src=\"https:\/\/www.alj.com\/app\/uploads\/2021\/09\/UN-SDG-7-Banner.jpg\" alt=\"\" width=\"1378\" height=\"398\" srcset=\"https:\/\/media.alj.com\/app\/uploads\/2021\/09\/UN-SDG-7-Banner.jpg 1378w, https:\/\/media.alj.com\/app\/uploads\/2021\/09\/UN-SDG-7-Banner-300x87.jpg 300w, https:\/\/media.alj.com\/app\/uploads\/2021\/09\/UN-SDG-7-Banner-1024x296.jpg 1024w, https:\/\/media.alj.com\/app\/uploads\/2021\/09\/UN-SDG-7-Banner-150x43.jpg 150w, https:\/\/media.alj.com\/app\/uploads\/2021\/09\/UN-SDG-7-Banner-768x222.jpg 768w\" sizes=\"(max-width: 1378px) 100vw, 1378px\" \/><\/p>\n<p>Actuellement, plus de 80\u00a0% de notre \u00e9nergie, (plus de 84\u00a0% en\u00a02019), provient encore de combustibles fossiles\u00a0: charbon, p\u00e9trole et gaz. En\u00a02019, \u00e0 peine un peu plus de 11\u00a0% de notre \u00e9nergie provenait de sources renouvelables non nucl\u00e9aires.<a href=\"#_ftn8\" name=\"_ftnref8\"><sup>[8]<\/sup><\/a> Avec une d\u00e9pendance aussi importante aux combustibles fossiles, il n\u2019est pas \u00e9tonnant que la production d\u2019\u00e9lectricit\u00e9 soit le principal facteur de changement climatique et repr\u00e9sente environ 60\u00a0% du total des \u00e9missions mondiales de gaz \u00e0 effet de serre.<\/p>\n<p>Le d\u00e9fi, par cons\u00e9quent, n\u2019est pas seulement de fournir aux communaut\u00e9s qui en ont le plus besoin une \u00e9nergie abordable, mais \u00e9galement une \u00e9nergie propre qui nous permette d\u2019atteindre les objectifs environnementaux de l\u2019<a href=\"https:\/\/unfccc.int\/process-and-meetings\/the-paris-agreement\/the-paris-agreement\">Accord de Paris<\/a>. Si tel n\u2019est pas le cas, comme le GIEC de l\u2019ONU l\u2019a clairement mentionn\u00e9 dans son r\u00e9cent <a href=\"https:\/\/www.ipcc.ch\/2021\/08\/09\/ar6-wg1-20210809-pr\/\">rapport sur le changement climatique,<\/a> en plus des implications sanitaires, \u00e9conomiques et soci\u00e9tales, nous serons confront\u00e9s \u00e0 des vagues de chaleur, des s\u00e9cheresses et des inondations de plus en plus extr\u00eames, et l\u2019objectif cl\u00e9 d\u2019un niveau de r\u00e9chauffement climatique maximal de 1,5\u00a0<sup>\u00b0<\/sup>C risquera d\u2019\u00eatre d\u00e9pass\u00e9 d\u2019ici le milieu des ann\u00e9es\u00a02030.<\/p>\n<p><img decoding=\"async\" loading=\"lazy\" class=\"aligncenter size-full wp-image-92376\" src=\"https:\/\/www.alj.com\/app\/uploads\/2021\/09\/ALJ-Clean-Energy-Infographic.jpg\" alt=\"\" width=\"2560\" height=\"1724\" \/><\/p>\n<p>La bonne nouvelle est que, malgr\u00e9 un ralentissement en\u00a02019 d\u00fb aux pressions de la pand\u00e9mie de COVID-19, nous sommes sur la bonne voie pour tous les th\u00e8mes cl\u00e9s de l\u2019ODD\u00a07<a href=\"#_ftn9\" name=\"_ftnref9\">[9]<\/a>\u00a0:<\/p>\n<ul>\n<li><strong>Acc\u00e8s \u00e0 l\u2019\u00e9lectricit\u00e9\u00a0:<\/strong> Le taux mondial d\u2019acc\u00e8s \u00e0 l\u2019\u00e9lectricit\u00e9 est pass\u00e9 de 83\u00a0% en\u00a02010 \u00e0 90\u00a0% en\u00a02019, avec un taux d\u2019\u00e9lectrification annuelle moyen de 0,876\u00a0%. Le nombre de personnes n\u2019ayant pas acc\u00e8s \u00e0 l\u2019\u00e9lectricit\u00e9 dans le monde est pass\u00e9 de 1,22\u00a0milliard en\u00a02010 \u00e0 759\u00a0millions en\u00a02019.<\/li>\n<li><strong>\u00c9nergie moderne et renouvelable\u00a0:<\/strong> La part des \u00e9nergies renouvelables dans la consommation \u00e9nerg\u00e9tique finale totale a progressivement augment\u00e9, passant de 16,4\u00a0% en\u00a02010 \u00e0 17,4\u00a0% en\u00a02019.<\/li>\n<li><strong>Combustible et technologies de cuisine propres\u00a0:<\/strong> En\u00a02019, 66\u00a0% de la population mondiale avait acc\u00e8s \u00e0 des combustibles et technologies de cuisine propres. Pour la p\u00e9riode\u00a02010-2019, une grande partie de l\u2019augmentation de l\u2019acc\u00e8s aux combustibles et technologies propres a \u00e9t\u00e9 imputable aux pays \u00e0 faibles et moyens revenus les plus peupl\u00e9s\u00a0: le Br\u00e9sil, la Chine, l\u2019Inde, l\u2019Indon\u00e9sie et le Pakistan.<\/li>\n<li><strong>Investissement\u00a0:<\/strong> Les flux financiers internationaux vers les pays en d\u00e9veloppement pour soutenir l\u2019\u00e9nergie propre et renouvelable ont atteint 14\u00a0milliards\u00a0USD en\u00a02018, soit 35\u00a0% de moins qu\u2019en\u00a02017, mais 32\u00a0% de plus qu\u2019en\u00a02010.<\/li>\n<\/ul>\n<h2>Alimenter un avenir \u00e9nerg\u00e9tique plus propre et plus abordable<\/h2>\n<p>Chez <a href=\"https:\/\/alj.com\">Abdul Latif Jameel<\/a>, nous connaissons depuis longtemps non seulement le potentiel des sources d\u2019\u00e9nergie propres comme les technologies solaires et \u00e9oliennes, mais \u00e9galement la n\u00e9cessit\u00e9 de trouver des moyens plus propres et plus durables d\u2019alimenter notre soci\u00e9t\u00e9 en \u00e9nergie. C\u2019est pourquoi, gr\u00e2ce \u00e0 notre activit\u00e9 phare d\u2019\u00e9nergie renouvelable Fotowatio Renewable Ventures (<a href=\"https:\/\/frv.com\">FRV<\/a>), qui fait partie d\u2019<a href=\"https:\/\/alj.com\/energy\">Abdul Latif Jameel Energy<\/a>, nous contribuons \u00e0 atteindre les objectifs de l\u2019ODD\u00a07 avec notre portefeuille croissant de projets d\u2019\u00e9nergie renouvelable au Moyen-Orient, en Australie, en Europe et en Am\u00e9rique latine.<\/p>\n<p><iframe loading=\"lazy\" src=\"\/\/www.youtube.com\/embed\/ivLhqjbrXWI\" width=\"560\" height=\"314\" allowfullscreen=\"allowfullscreen\"><\/iframe><\/p>\n<p>L\u2019un des march\u00e9s les plus actifs de\u00a0FRV est l\u2019Australie. En d\u00e9cembre\u00a02020, FRV a obtenu le financement de la <a href=\"https:\/\/www.alj.com\/en\/news\/abdul-latif-jameel-energy-closes-years-third-financial-agreement-in-australia-through-new-green-finance\/\">ferme solaire Metz<\/a>, de 150\u00a0MW, en Nouvelle-Galles du Sud. Lorsqu\u2019elle sera op\u00e9rationnelle, cette usine produira suffisamment d\u2019\u00e9nergie propre pour alimenter jusqu\u2019\u00e0 40\u00a0000\u00a0foyers et \u00e9viter l\u2019\u00e9mission annuelle d\u2019environ 288\u00a0000\u00a0tonnes de\u00a0CO2.<\/p>\n<p>Le m\u00eame mois, FRV a re\u00e7u l\u2019approbation pour un autre projet en Nouvelle-Galles du Sud, son quatri\u00e8me dans l\u2019\u00e9tat et son neuvi\u00e8me en Australie. La <a href=\"https:\/\/frv.com\/en\/frv-obtiene-la-autorizacion-para-el-desarrollo-del-parque-solar-walla-walla-de-300mwac\/\">ferme solaire Walla Walla<\/a>, de 300\u00a0MW, fournira de l\u2019\u00e9nergie propre \u00e0 90\u00a0000\u00a0foyers et entreprises.<\/p>\n<p>Si l\u2019on tient compte de ces r\u00e9cents succ\u00e8s, FRV a investi environ 1\u00a0milliard\u00a0USD sur le march\u00e9 de l\u2019\u00e9nergie renouvelable en Australie depuis\u00a02012. Ses autres projets dans le pays comprennent les centrales solaires <a href=\"https:\/\/www.alj.com\/en\/news\/abdul-latif-jameel-energy-secures-green-finance-from-ing-for-seventh-solar-farm-in-australia\/\">Sebastopol<\/a><a href=\"https:\/\/www.alj.com\/en\/in-the-news\/frvs-goonumbla-solar-farm-powers-up-in-new-south-wales\/\">, Goonumbla<\/a><a href=\"https:\/\/frv.com\/en\/projects\/moree-solar-farm-test\/\"> et Moree<\/a>, toutes trois en Nouvelle-Galles du Sud, ainsi que des fermes solaires \u00e0 <a href=\"https:\/\/www.alj.com\/en\/news\/abdul-latif-jameel-energys-frv-announces-first-hybrid-pv-solar-storage-project-in-australia\/\">Dalby<\/a>, <a href=\"https:\/\/www.alj.com\/en\/news\/abdul-latif-jameel-energy-continues-advance-australia-drive-grow-capacity-eight-fold-2024\/\">Lilyvale<\/a> (Queensland), et <a href=\"https:\/\/www.alj.com\/en\/news\/frv-secures-financing-for-winton-solar-farm-in-victoria-australia\/\">Winton<\/a> (Victoria).<\/p>\n<p>L\u2019usine de Dalby, en particulier, illustre bien la vision pionni\u00e8re de FRV pour l\u2019avenir de l\u2019\u00e9nergie propre. Ce projet est une centrale \u00e9lectrique hybride de 5\u00a0MW avec 2,4\u00a0MW de production d\u2019\u00e9nergie solaire photovolta\u00efque et 2,5\u00a0MW\/5\u00a0MWh de stockage par batterie colocalis\u00e9. Il s\u2019agit du premier projet hybride de FRV dans le pays et de l\u2019un des premiers projets de syst\u00e8me de stockage d\u2019\u00e9nergie par batterie dans le Queensland.<\/p>\n<h2>Force croissante en Am\u00e9rique latine<\/h2>\n<p>FRV b\u00e9n\u00e9ficie \u00e9galement d\u2019une pr\u00e9sence en expansion rapide en Am\u00e9rique latine, en particulier au Chili, dont le secteur de l\u2019\u00e9nergie renouvelable est l\u2019un des plus avanc\u00e9s du continent.<\/p>\n<figure id=\"attachment_56661\" aria-describedby=\"caption-attachment-56661\" style=\"width: 300px\" class=\"wp-caption alignleft\"><img decoding=\"async\" loading=\"lazy\" class=\"size-medium wp-image-56661\" src=\"https:\/\/www.alj.com\/app\/uploads\/2020\/01\/Manuel-Pavon-300x199.jpg\" alt=\"Manuel Pavon\" width=\"300\" height=\"199\" srcset=\"https:\/\/media.alj.com\/app\/uploads\/2020\/01\/Manuel-Pavon-300x199.jpg 300w, https:\/\/media.alj.com\/app\/uploads\/2020\/01\/Manuel-Pavon-1024x680.jpg 1024w, https:\/\/media.alj.com\/app\/uploads\/2020\/01\/Manuel-Pavon-150x100.jpg 150w, https:\/\/media.alj.com\/app\/uploads\/2020\/01\/Manuel-Pavon-768x510.jpg 768w, https:\/\/media.alj.com\/app\/uploads\/2020\/01\/Manuel-Pavon.jpg 1377w\" sizes=\"(max-width: 300px) 100vw, 300px\" \/><figcaption id=\"caption-attachment-56661\" class=\"wp-caption-text\">Manuel Pavon, directeur g\u00e9n\u00e9ral, FRV Am\u00e9rique du Sud<\/figcaption><\/figure>\n<p>L\u2019un de ses d\u00e9veloppements phares dans le pays est un projet <a href=\"https:\/\/frv.com\/en\/projects\/solar-punta-colorada\/\">hybride solaire-\u00e9olien<\/a> pouvant approvisionner pr\u00e8s de 250\u00a0000\u00a0foyers en \u00e9nergie propre, toute l\u2019ann\u00e9e. Le projet est divis\u00e9 entre deux sites\u00a0: une centrale solaire au nord du pays et une centrale \u00e9olienne au sud.<\/p>\n<p><em>\u00ab\u00a0Cette combinaison hybride d\u2019\u00e9nergie \u00e9olienne et solaire nous permet de fournir de l\u2019\u00e9nergie renouvelable 24\u00a0h\/24 et 7\u00a0j\/7\u00a0\u00bb,<\/em> explique Manuel Pavon, directeur g\u00e9n\u00e9ral Am\u00e9rique du sud. <em>\u00ab\u00a0Pendant la journ\u00e9e, nous fournissons de l\u2019\u00e9nergie solaire et pendant la nuit, nous fournissons de l\u2019\u00e9nergie \u00e9olienne.\u00a0\u00bb<\/em><\/p>\n<p><img decoding=\"async\" loading=\"lazy\" class=\"alignright size-medium wp-image-22021\" src=\"https:\/\/www.alj.com\/app\/uploads\/2016\/11\/FRVs-La-Jacinta-Solar-Plant-in-Uruguay-300x140.jpg\" alt=\"\" width=\"300\" height=\"140\" srcset=\"https:\/\/media.alj.com\/app\/uploads\/2016\/11\/FRVs-La-Jacinta-Solar-Plant-in-Uruguay-300x140.jpg 300w, https:\/\/media.alj.com\/app\/uploads\/2016\/11\/FRVs-La-Jacinta-Solar-Plant-in-Uruguay-768x358.jpg 768w, https:\/\/media.alj.com\/app\/uploads\/2016\/11\/FRVs-La-Jacinta-Solar-Plant-in-Uruguay-1024x477.jpg 1024w\" sizes=\"(max-width: 300px) 100vw, 300px\" \/>De l\u2019autre c\u00f4t\u00e9 des Andes, des communaut\u00e9s en Uruguay b\u00e9n\u00e9ficient \u00e9galement de l\u2019expertise d\u2019Abdul Latif Jameel Energy en Am\u00e9rique latine.<\/p>\n<p>L\u2019un de ses premiers projets dans la r\u00e9gion a \u00e9t\u00e9 <a href=\"https:\/\/www.alj.com\/en\/news\/large-scale-solar-plant-uruguay\/\">La Jacinta<\/a>, la centrale solaire de Salto, au nord de l\u2019Uruguay, d\u00e9velopp\u00e9e par FRV.<\/p>\n<p>Il s\u2019agit du premier accord d\u2019achat d\u2019\u00e9nergie solaire (\u00ab\u00a0Power Purchase Agreement\u00a0\u00bb, PPA) que FRV a sign\u00e9 avec la soci\u00e9t\u00e9 \u00e9lectrique d\u2019\u00c9tat uruguayenne Administraci\u00f3n Nacional de Usinas y Transmisiones El\u00e9ctricas (<a href=\"https:\/\/portal.ute.com.uy\/\">UTE<\/a>) et la centrale a \u00e9t\u00e9 la premi\u00e8re \u00e0 devenir op\u00e9rationnelle en 2015. Elle reste l\u2019une des plus grandes centrales solaires d\u2019Am\u00e9rique latine.<\/p>\n<p>Avec 65\u00a0MW\u00a0cc de puissance install\u00e9e, la centrale solaire fournit 100\u00a0% de son \u00e9nergie \u00e0 UTE et r\u00e9pond aux besoins \u00e9lectriques d\u2019environ 34\u00a0000\u00a0foyers, tout en \u00e9liminant environ 72\u00a0000\u00a0tonnes d\u2019\u00e9missions de CO<sub>2<\/sub> par an. FRV a vendu La Jacinta \u00e0 Invenergy en\u00a02017, mais poursuit actuellement un certain nombre d\u2019autres projets dans le pays.<\/p>\n<p>Outre ses op\u00e9rations au Chili et en Uruguay, FRV s\u2019implante rapidement \u00e0 l\u2019autre bout du continent, au Mexique, o\u00f9 elle poss\u00e8de deux grands projets solaires photovolta\u00efques.<\/p>\n<p><iframe loading=\"lazy\" src=\"\/\/www.youtube.com\/embed\/L7GGeb1Gj18\" width=\"560\" height=\"314\" allowfullscreen=\"allowfullscreen\"><\/iframe><\/p>\n<p>Sa centrale de Potosi, \u00e0 San Luis de Potosi, s\u2019est ouverte en\u00a02019. Elle pourra produire 815\u00a0000\u00a0MWh par an, suffisamment pour alimenter plus de 76\u00a0000\u00a0foyers et r\u00e9duire les \u00e9missions de\u00a0CO<sub>2<\/sub> du Mexique de pr\u00e8s de 98\u00a0millions de tonnes par an.<\/p>\n<p><img decoding=\"async\" loading=\"lazy\" class=\"aligncenter  wp-image-92338\" src=\"https:\/\/www.alj.com\/app\/uploads\/2021\/09\/Potrero-PV-plant-Jalisco-FRV.jpg\" alt=\"\" width=\"844\" height=\"482\" srcset=\"https:\/\/media.alj.com\/app\/uploads\/2021\/09\/Potrero-PV-plant-Jalisco-FRV.jpg 662w, https:\/\/media.alj.com\/app\/uploads\/2021\/09\/Potrero-PV-plant-Jalisco-FRV-300x171.jpg 300w, https:\/\/media.alj.com\/app\/uploads\/2021\/09\/Potrero-PV-plant-Jalisco-FRV-150x86.jpg 150w\" sizes=\"(max-width: 844px) 100vw, 844px\" \/><\/p>\n<p>La deuxi\u00e8me usine de FRV, l\u2019usine photovolta\u00efque Potrero \u00e0 Jalisco, est devenue op\u00e9rationnelle en octobre\u00a02020, apr\u00e8s seulement 15\u00a0mois de travaux de construction. Elle g\u00e9n\u00e8re 750\u00a0000\u00a0MWh par an, approvisionne 128\u00a0000\u00a0foyers et permet de r\u00e9duire les \u00e9missions de\u00a0CO<sub>2<\/sub> d\u2019environ 437\u00a0000\u00a0tonnes.<\/p>\n<p>Avec ces deux projets, FRV, qui a grandi et est devenue tr\u00e8s rapidement un acteur important, a maintenant une capacit\u00e9 install\u00e9e de 640\u00a0MW au Mexique. Elle explore \u00e9galement d\u2019autres opportunit\u00e9s en Uruguay, au Br\u00e9sil, au P\u00e9rou et en Colombie.<\/p>\n<h2>Ambition mondiale<\/h2>\n<p>La ferme solaire de 50\u00a0MW \u00e0 <a href=\"https:\/\/www.alj.com\/en\/news\/abdul-latif-jameel-energy-to-supply-35000-homes-in-spain-with-clean-energy\/\">La Solanilla<\/a>, pr\u00e8s de Trujillo en Espagne, pays o\u00f9 FRV exerce ses activit\u00e9s depuis plus de 12\u00a0ans, est devenue op\u00e9rationnelle en\u00a02020 et fournira 103\u00a0GWh en \u00e9nergie propre qui approvisionneront environ 35\u00a0000\u00a0foyers espagnols et \u00e9viteront l\u2019\u00e9mission d\u2019environ 72\u00a0000\u00a0tonnes de\u00a0CO<sub>2<\/sub> par an. Il s\u2019agit du dernier d\u2019une s\u00e9rie de projets solaires dans le pays, en Estr\u00e9madure, en Andalousie, \u00e0 Almer\u00eda et \u00e0 Valladolid. Ceux-ci comprennent un projet de 138\u00a0MW \u00e0 <a href=\"https:\/\/www.alj.com\/en\/news\/abdul-latif-jameel-energy-achieves-financial-close-of-san-servan-solar-plant-to-power-105000-homes-in-spain\/\">San Servan<\/a>, qui g\u00e9n\u00e9rera environ 291\u00a0GWh d\u2019\u00e9nergie propre chaque ann\u00e9e, suffisamment pour alimenter 105\u00a0000\u00a0foyers et \u00e9viter l\u2019\u00e9mission de 216\u00a0000\u00a0tonnes de\u00a0CO<sub>2.<\/sub><\/p>\n<p>FRV investit \u00e9galement son expertise solaire en Inde, o\u00f9 son usine en <a href=\"https:\/\/www.alj.com\/en\/news\/abdul-latif-jameel-energy-powering-ahead-in-india\/?id=media_center\">Andhra Pradesh<\/a> alimentera 35\u00a0000\u00a0foyers, et en <a href=\"https:\/\/www.alj.com\/en\/news\/abdul-latif-jameel-energys-frv-reaches-financial-close-with-ifc-ebrd-and-ameriabank-for-the-largest-utility-scale-solar-power-plant-in-armenia\/\">Arm\u00e9nie<\/a>, o\u00f9 elle construit la plus grande centrale solaire \u00e0 grande \u00e9chelle du pays. Situ\u00e9e dans la municipalit\u00e9 de Mets Masrik, dans la r\u00e9gion du Gegharkunik, la centrale solaire Masrik\u00a01, de 55\u00a0MW, stimulera l\u2019approvisionnement en \u00e9nergie renouvelable de l\u2019Arm\u00e9nie tout en r\u00e9duisant sa d\u00e9pendance aux combustibles fossiles. Elle g\u00e9n\u00e9rera chaque ann\u00e9e plus de 128\u00a0GW\/heure d\u2019\u00e9lectricit\u00e9 \u00e0 un tarif comp\u00e9titif de 41,9\u00a0USD\/MWh. L\u2019\u00e9lectricit\u00e9 sera vendue dans le cadre d\u2019un contrat d\u2019achat d\u2019\u00e9lectricit\u00e9 \u00e0 <a href=\"http:\/\/www.ena.am\/index.aspx?lang=2\">Electric Networks of Armenia<\/a>, la compagnie de distribution d\u2019\u00e9lectricit\u00e9 responsable de la distribution d\u2019\u00e9lectricit\u00e9 dans le pays.<\/p>\n<p>En outre, FRV continue d\u2019explorer les opportunit\u00e9s d\u2019\u00e9nergie renouvelable au Moyen-Orient. En Jordanie, les centrales solaires <a href=\"https:\/\/www.alj.com\/en\/news\/abdul-latif-jameel-energy-power-120000-homes-generate-435-million-kwh-electricity-per-year-jordan\/?id=media_center\">Al Safawi<\/a><a href=\"https:\/\/www.alj.com\/en\/news\/abdul-latif-jameel-energys-frv-inaugurates-two-50-mw-photovoltaic-solar-plants-in-jordan\/\">, Mafraq\u00a01 etEmpire<\/a> ont une production totale de 200\u00a0MW, qui \u00e9vite l\u2019\u00e9mission de plus de 315\u00a0000\u00a0tonnes de\u00a0CO<sub>2<\/sub> par an. Cela \u00e9quivaut \u00e0 retirer environ 67\u00a0000\u00a0voitures des routes du pays, soit 3,1\u00a0milliards de km de trajets en voiture. Les trois projets repr\u00e9sentent un investissement total de 250\u00a0millions\u00a0USD, fournissent 435\u00a0millions de kilowattheures d\u2019\u00e9lectricit\u00e9 par an et alimentent un total d\u2019environ 65\u00a0500\u00a0foyers dans le pays.<\/p>\n<p>En outre, Abdul Latif Jameel d\u00e9veloppe de nouvelles opportunit\u00e9s dans le secteur de l\u2019\u00e9nergie \u00e9olienne. En\u00a02019, <a href=\"https:\/\/alj-japan.co.jp\/\">Abdul Latif Jameel General Trading Japan<\/a> s\u2019est lanc\u00e9e sur le march\u00e9 japonais de l\u2019\u00e9nergie avec deux <a href=\"https:\/\/www.alj.com\/en\/news\/abdul-latif-jameel-catches-breeze-japans-wind-town-power-clean-energy\/\">micro-\u00e9oliennes<\/a> \u00e0 Cap\u00a0Erimo, dans le sud-est d\u2019Hokkaido. Cap\u00a0Erimo a \u00e9t\u00e9 choisi pour ces \u00e9oliennes, car le vent y souffle \u00e0 plus de 10\u00a0m\u00e8tres\/minute plus de 260\u00a0jours par an, ce qui en fait l\u2019un des sites \u00e0 plus fort potentiel \u00e9olien au Japon.<\/p>\n<p>D\u2019une capacit\u00e9 de 20\u00a0KW chacune, ces nouvelles installations porteront \u00e0 vingt le nombre total de micro-\u00e9oliennes install\u00e9es dans le cadre de ce projet\u00a0: six unit\u00e9s \u00e0 Hokkaido, 12\u00a0\u00e0 Aomori et deux \u00e0 Akita. Leur \u00e9nergie combin\u00e9e g\u00e9n\u00e9rera un total de 400\u00a0KW dans le r\u00e9seau national\u00a0: suffisamment pour fournir de l\u2019\u00e9nergie \u00e0 environ 400\u00a0foyers et \u00e9viter l\u2019\u00e9mission d\u2019environ 1\u00a0000\u00a0tonnes de\u00a0CO<sub>2 <\/sub>chaque ann\u00e9e.<\/p>\n<p><em>\u00ab\u00a0Alors que<\/em> le monde est confront\u00e9 \u00e0 l\u2019un des plus grands d\u00e9fis qu\u2019il n\u2019ait jamais connus, nous sommes fiers d\u2019\u00eatre au c\u0153ur de la bataille, de faire avancer une vision vers un nouveau paysage \u00e9nerg\u00e9tique mondial, et de transf\u00e9rer les comp\u00e9tences, les connaissances et les meilleures pratiques mondiales aux communaut\u00e9s dans lesquelles nous op\u00e9rons<em>\u00a0\u00bb<\/em>, d\u00e9clare <a href=\"https:\/\/www.alj.com\/en\/our-people\/daniel-sagi-vela\/\">Daniel Sagi-Vela<\/a>, PDG de\u00a0FRV.<\/p>\n<h2>Services bancaires sur batteries<\/h2>\n<p>FRV, qui est d\u00e9termin\u00e9e \u00e0 fournir de l\u2019\u00e9nergie propre aux communaut\u00e9s du monde entier, reconna\u00eet que le stockage d\u2019\u00e9nergie est essentiel pour atteindre l\u2019objectif d\u2019une \u00e9nergie moderne et abordable pour tous, et a investi dans une \u00e9quipe d\u00e9di\u00e9e, FRV-X, pour se concentrer sur la prochaine g\u00e9n\u00e9ration de <a href=\"https:\/\/www.alj.com\/en\/perspective\/storing-success-batteries-revolutionizing-global-energy-market\/\">technologie de batteries<\/a> haute performance.<\/p>\n<p>L\u2019\u00e9quipe\u00a0FRV-X a jou\u00e9 un r\u00f4le central dans deux projets importants de stockage par batterie au Royaume-Uni.<\/p>\n<p>La premi\u00e8re, une batterie de 15\u00a0MWh \u00e0 grande \u00e9chelle \u00e0 <a href=\"https:\/\/www.alj.com\/en\/news\/abdul-latif-jameel-energys-frv-harmony-energy-commission-first-megapack-uk-energy-storage-project\/\">Holes Bay<\/a><u>,<\/u> en partenariat avec le d\u00e9veloppeur britannique <a href=\"https:\/\/www.harmonyenergy.co.uk\/\">Harmony Energy<\/a>, est devenue op\u00e9rationnelle en juillet\u00a02020.<\/p>\n<p><iframe loading=\"lazy\" src=\"\/\/www.youtube.com\/embed\/SN-ofLAPamo\" width=\"560\" height=\"314\" allowfullscreen=\"allowfullscreen\"><\/iframe><\/p>\n<p>Le projet est reli\u00e9 au r\u00e9seau de distribution d\u2019\u00e9lectricit\u00e9 Southern Electric Power. Ce sujet, ainsi que d\u2019autres technologies \u00e9mergentes, sont abord\u00e9s plus en d\u00e9tail dans un r\u00e9cent <a href=\"https:\/\/www.alj.com\/en\/spotlight-by-fady-jameel\/how-progress-in-utility-scale-energy-storage-is-enabling-the-transition-to-renewable-energy\/\">podcast<\/a> Spotlight anim\u00e9 par <a href=\"https:\/\/www.alj.com\/en\/our-people\/fady-jameel\/\">Fady Jameel<\/a>.<\/p>\n<p><iframe loading=\"lazy\" src=\"\/\/www.youtube.com\/embed\/xeFx0N50OLs\" width=\"560\" height=\"314\" allowfullscreen=\"allowfullscreen\"><\/iframe><\/p>\n<p>Holes Bay a \u00e9t\u00e9 suivie quelques mois plus tard d\u2019un deuxi\u00e8me projet avec Harmony Energy au Royaume-Uni, \u00e0 <a href=\"https:\/\/www.alj.com\/en\/news\/abdul-latif-jameel-energy-supports-development-of-second-utility-scale-battery-storage-project-in-uk\/\">Contego<\/a>, dans le Sussex occidental. Devenue op\u00e9rationnelle en juillet\u00a02021, c\u2019est l\u2019une des plus grandes usines de stockage d\u2019\u00e9nergie par batterie au Royaume-Uni, avec un syst\u00e8me de 28\u00a0batteries lithium-ion Megapack de Tesla utilisant le logiciel Autobidder\u00a0AI de Tesla pour le commerce et le contr\u00f4le en temps r\u00e9el.<\/p>\n<p><iframe loading=\"lazy\" src=\"\/\/www.youtube.com\/embed\/nVVeX4oEeXw\" width=\"560\" height=\"314\" allowfullscreen=\"allowfullscreen\"><\/iframe><\/p>\n<p>FRV-X poursuit l\u2019engagement de\u00a0FRV en termes d\u2019innovation en identifiant, explorant et d\u00e9veloppant de nouveaux concepts avanc\u00e9s en mati\u00e8re de technologie, de service et de mod\u00e8les commerciaux. En se concentrant sur le secteur plus large de l\u2019\u00e9nergie renouvelable, elle cherche \u00e0 fournir des solutions \u00e9volutives pouvant contribuer \u00e0 la transition mondiale vers un avenir plus durable.<\/p>\n<p>Parall\u00e8lement \u00e0 son travail pionnier dans les technologies de stockage par batterie, FRV-X est \u00e9galement le fer de lance de l\u2019implication de\u00a0FRV dans la prochaine g\u00e9n\u00e9ration de syst\u00e8mes de transport public \u00e0 hydrog\u00e8ne.<\/p>\n<p>Le premier de ces projets est un partenariat avec la <a href=\"https:\/\/fptaximadrid.es\/\">F\u00e9d\u00e9ration professionnelle des taxis de Madrid<\/a> pour aider \u00e0 <a href=\"https:\/\/fuelcellsworks.com\/subscribers\/spain-professional-taxi-federation-of-madrid-will-replace-1000-traditional-taxis-with-hydrogen-vehicles\/\">remplacer au moins 1\u00a0000\u00a0taxis traditionnels par des v\u00e9hicules \u00e9cologiques \u00e0 hydrog\u00e8ne d\u2019ici\u00a02026<\/a>. L\u2019investissement de 100\u00a0millions d\u2019euros cherche \u00e0 mettre en \u0153uvre un mod\u00e8le commercial de taxi en tant que service (\u00ab\u00a0Taxi-as-a-Service\u00a0\u00bb, TaaS) dans le secteur des taxis, permettant aux conducteurs d\u2019utiliser des v\u00e9hicules \u00e0 hydrog\u00e8ne \u00e0 un co\u00fbt comp\u00e9titif avec une port\u00e9e et un temps de ravitaillement similaires aux v\u00e9hicules traditionnels. Le partenaire automobile de longue date d\u2019Abdul Latif Jameel, Toyota, fournit aux taxis sa pile \u00e0 combustible <a href=\"https:\/\/www.toyota.com\/mirai\/\">Toyota Mirai<\/a>, <a href=\"https:\/\/newsroom.toyota.eu\/toyota-mirai-breaks-world-record-for-distance-driven-with-one-fill-of-hydrogen\/#:~:text=Summary,distance%20driving%20with%20zero%20emissions\">qui a battu des records<\/a> et est capable de parcourir jusqu\u2019\u00e0 600\u00a0km sans impact environnemental.<\/p>\n<p>Le deuxi\u00e8me projet historique se situe \u00e0 Alicante, la quatri\u00e8me province la plus peupl\u00e9e d\u2019Espagne, o\u00f9 FRV-X s\u2019associe \u00e0 <a href=\"https:\/\/www.vectalia.es\/en\/\">Vectalia<\/a> pour d\u00e9velopper le premier syst\u00e8me \u00e0 grande \u00e9chelle <a href=\"https:\/\/www.alj.com\/en\/news\/abdul-latif-jameel-energys-frv-and-vectalia-partner-to-develop-first-green-hydrogen-powered-bus-transport-system-in-spain\/\">de transport en bus \u00e0 hydrog\u00e8ne<\/a><u>.<\/u><\/p>\n<p><em>Alors que ces projets et investissements se d\u00e9veloppent, et que le monde est confront\u00e9 \u00e0 l\u2019un des plus grands d\u00e9fis qu\u2019il n\u2019ait jamais connus, la <\/em><a href=\"https:\/\/www.communityjameel.org\/en\/who-we-are\/jameel-family\"><em>Jameel Family<\/em><\/a><em> est fi\u00e8re de contribuer aux objectifs ambitieux de l\u2019ODD\u00a07, en accord avec les objectifs de l\u2019ONU dans ce domaine. <\/em><\/p>\n<p><em>\u00ab\u00a0<\/em>Gr\u00e2ce aux choix et aux investissements que nous faisons aujourd\u2019hui, nous pouvons apporter une r\u00e9elle contribution \u00e0 l\u2019am\u00e9lioration de la disponibilit\u00e9 de l\u2019\u00e9nergie propre et aider \u00e0 atteindre les objectifs de l\u2019ODD\u00a07. <em>Avec l\u2019engagement et la d\u00e9termination appropri\u00e9s, nous pouvons travailler ensemble afin de r\u00e9aliser le potentiel d\u2019\u00e9nergie propre n\u00e9cessaire pour stimuler nos \u00e9conomies, et de prot\u00e9ger l\u2019environnement et nos soci\u00e9t\u00e9s \u00e0 l\u2019avenir,\u00a0\u00bb<\/em> d\u00e9clare Fady Jameel, Pr\u00e9sident adjoint et Vice-pr\u00e9sident d\u2019Abdul Latif Jameel.<\/p>\n<p><iframe loading=\"lazy\" src=\"\/\/www.youtube.com\/embed\/Mw5_Te0Fe-A\" width=\"560\" height=\"314\" allowfullscreen=\"allowfullscreen\"><\/iframe><\/p>\n<p>&nbsp;<\/p>\n<p><a href=\"#_ftnref1\" name=\"_ftn1\">[1]<\/a> Notre monde en donn\u00e9es, <a href=\"https:\/\/ourworldindata.org\/energy-overview\">consommation \u00e9nerg\u00e9tique mondiale<\/a><\/p>\n<p><a href=\"#_ftnref2\" name=\"_ftn2\">[2]<\/a> Programme des Nations Unies pour l\u2019environnement, <a href=\"https:\/\/wedocs.unep.org\/bitstream\/handle\/20.500.11822\/25762\/SDG7_Brief.pdf?sequence=1&amp;isAllowed=y\">document d\u2019information\u00a0: ODD\u00a07\u00a0:<\/a><\/p>\n<p><a href=\"#_ftnref3\" name=\"_ftn3\">[3]<\/a> https:\/\/www.seforall.org\/news\/five-key-takeaways-from-tracking-sdg7-the-energy-progress-report-2020<\/p>\n<p><a href=\"#_ftnref4\" name=\"_ftn4\">[4]<\/a> https:\/\/www.seforall.org\/news\/five-key-takeaways-from-tracking-sdg7-the-energy-progress-report-2020<\/p>\n<p><a href=\"#_ftnref5\" name=\"_ftn5\">[5]<\/a> https:\/\/www.seforall.org\/news\/five-key-takeaways-from-tracking-sdg7-the-energy-progress-report-2020<\/p>\n<p><a href=\"#_ftnref6\" name=\"_ftn6\">[6]<\/a> Rapport de suivi des Nations Unies pour l\u2019<a href=\"https:\/\/trackingsdg7.esmap.org\/downloads\">ODD\u00a07, 2021<\/a><\/p>\n<p><a href=\"#_ftnref7\" name=\"_ftn7\">[7]<\/a> Rapport de suivi des Nations Unies pour l\u2019<a href=\"https:\/\/trackingsdg7.esmap.org\/downloads\">ODD\u00a07, 2021<\/a><\/p>\n<p><a href=\"#_ftnref8\" name=\"_ftn8\">[8]<\/a> Notre monde en donn\u00e9es, <a href=\"https:\/\/ourworldindata.org\/energy-overview\">consommation \u00e9nerg\u00e9tique mondiale<\/a><\/p>\n<p><a href=\"#_ftnref9\" name=\"_ftn9\">[9]<\/a> https:\/\/sdgs.un.org\/goals\/goal7<\/p>\n","protected":false},"author":18,"featured_media":92317,"template":"","tags":[],"acf":[],"yoast_head":"<!-- This site is optimized with the Yoast SEO plugin v21.5 - https:\/\/yoast.com\/wordpress\/plugins\/seo\/ -->\n<title>Le travail pour une \u00e9nergie abordable et propre | Abdul Latif Jameel\u00ae<\/title>\n<meta name=\"description\" content=\"La famille Jameel travaille pour r\u00e9aliser les ambitions partag\u00e9es de l\u2019Objectif 7 de d\u00e9veloppement durable des Nations Unies, une \u00e9nergie abordable et propre. En savoir plus.\" \/>\n<meta name=\"robots\" content=\"index, follow, max-snippet:-1, max-image-preview:large, max-video-preview:-1\" \/>\n<link rel=\"canonical\" href=\"https:\/\/alj.com\/fr\/perspective\/feel-the-power\/\" \/>\n<meta property=\"og:locale\" content=\"fr_FR\" \/>\n<meta property=\"og:type\" content=\"article\" \/>\n<meta property=\"og:title\" content=\"Le travail pour une \u00e9nergie abordable et propre | Abdul Latif Jameel\u00ae\" \/>\n<meta property=\"og:description\" content=\"La famille Jameel travaille pour r\u00e9aliser les ambitions partag\u00e9es de l\u2019Objectif 7 de d\u00e9veloppement durable des Nations Unies, une \u00e9nergie abordable et propre. En savoir plus.\" \/>\n<meta property=\"og:url\" content=\"https:\/\/alj.com\/fr\/perspective\/feel-the-power\/\" \/>\n<meta property=\"og:site_name\" content=\"Abdul Latif Jameel\" \/>\n<meta property=\"article:publisher\" content=\"https:\/\/www.facebook.com\/Abdul.Latif.Jameel.Official\" \/>\n<meta property=\"article:modified_time\" content=\"2021-10-12T08:15:30+00:00\" \/>\n<meta property=\"og:image\" content=\"https:\/\/media.alj.com\/app\/uploads\/2021\/09\/manuel-cossio-hqStjd1C3vk-unsplash.jpg\" \/>\n\t<meta property=\"og:image:width\" content=\"1920\" \/>\n\t<meta property=\"og:image:height\" content=\"1280\" \/>\n\t<meta property=\"og:image:type\" content=\"image\/jpeg\" \/>\n<meta name=\"twitter:card\" content=\"summary_large_image\" \/>\n<meta name=\"twitter:label1\" content=\"Est. reading time\" \/>\n\t<meta name=\"twitter:data1\" content=\"14 minutes\" \/>\n<script type=\"application\/ld+json\" class=\"yoast-schema-graph\">{\"@context\":\"https:\/\/schema.org\",\"@graph\":[{\"@type\":\"WebPage\",\"@id\":\"https:\/\/alj.com\/fr\/perspective\/feel-the-power\/\",\"url\":\"https:\/\/alj.com\/fr\/perspective\/feel-the-power\/\",\"name\":\"Le travail pour une \u00e9nergie abordable et propre | Abdul Latif Jameel\u00ae\",\"isPartOf\":{\"@id\":\"https:\/\/alj.com\/en\/#website\"},\"datePublished\":\"2021-09-14T11:17:25+00:00\",\"dateModified\":\"2021-10-12T08:15:30+00:00\",\"description\":\"La famille Jameel travaille pour r\u00e9aliser les ambitions partag\u00e9es de l\u2019Objectif 7 de d\u00e9veloppement durable des Nations Unies, une \u00e9nergie abordable et propre. En savoir plus.\",\"breadcrumb\":{\"@id\":\"https:\/\/alj.com\/fr\/perspective\/feel-the-power\/#breadcrumb\"},\"inLanguage\":\"fr-FR\",\"potentialAction\":[{\"@type\":\"ReadAction\",\"target\":[\"https:\/\/alj.com\/fr\/perspective\/feel-the-power\/\"]}]},{\"@type\":\"BreadcrumbList\",\"@id\":\"https:\/\/alj.com\/fr\/perspective\/feel-the-power\/#breadcrumb\",\"itemListElement\":[{\"@type\":\"ListItem\",\"position\":1,\"name\":\"Home\",\"item\":\"https:\/\/alj.com\/fr\/\"},{\"@type\":\"ListItem\",\"position\":2,\"name\":\"Perspectives\",\"item\":\"https:\/\/alj.com\/ja\/perspective\/\"},{\"@type\":\"ListItem\",\"position\":3,\"name\":\"Sentez la force\"}]},{\"@type\":\"WebSite\",\"@id\":\"https:\/\/alj.com\/en\/#website\",\"url\":\"https:\/\/alj.com\/en\/\",\"name\":\"Abdul Latif Jameel\",\"description\":\"Abdul Latif Jameel\",\"potentialAction\":[{\"@type\":\"SearchAction\",\"target\":{\"@type\":\"EntryPoint\",\"urlTemplate\":\"https:\/\/alj.com\/en\/?s={search_term_string}\"},\"query-input\":\"required name=search_term_string\"}],\"inLanguage\":\"fr-FR\"}]}<\/script>\n<!-- \/ Yoast SEO plugin. -->","yoast_head_json":{"title":"Le travail pour une \u00e9nergie abordable et propre | Abdul Latif Jameel\u00ae","description":"La famille Jameel travaille pour r\u00e9aliser les ambitions partag\u00e9es de l\u2019Objectif 7 de d\u00e9veloppement durable des Nations Unies, une \u00e9nergie abordable et propre. En savoir plus.","robots":{"index":"index","follow":"follow","max-snippet":"max-snippet:-1","max-image-preview":"max-image-preview:large","max-video-preview":"max-video-preview:-1"},"canonical":"https:\/\/alj.com\/fr\/perspective\/feel-the-power\/","og_locale":"fr_FR","og_type":"article","og_title":"Le travail pour une \u00e9nergie abordable et propre | Abdul Latif Jameel\u00ae","og_description":"La famille Jameel travaille pour r\u00e9aliser les ambitions partag\u00e9es de l\u2019Objectif 7 de d\u00e9veloppement durable des Nations Unies, une \u00e9nergie abordable et propre. En savoir plus.","og_url":"https:\/\/alj.com\/fr\/perspective\/feel-the-power\/","og_site_name":"Abdul Latif Jameel","article_publisher":"https:\/\/www.facebook.com\/Abdul.Latif.Jameel.Official","article_modified_time":"2021-10-12T08:15:30+00:00","og_image":[{"width":1920,"height":1280,"url":"https:\/\/media.alj.com\/app\/uploads\/2021\/09\/manuel-cossio-hqStjd1C3vk-unsplash.jpg","type":"image\/jpeg"}],"twitter_card":"summary_large_image","twitter_misc":{"Est. reading time":"14 minutes"},"schema":{"@context":"https:\/\/schema.org","@graph":[{"@type":"WebPage","@id":"https:\/\/alj.com\/fr\/perspective\/feel-the-power\/","url":"https:\/\/alj.com\/fr\/perspective\/feel-the-power\/","name":"Le travail pour une \u00e9nergie abordable et propre | Abdul Latif Jameel\u00ae","isPartOf":{"@id":"https:\/\/alj.com\/en\/#website"},"datePublished":"2021-09-14T11:17:25+00:00","dateModified":"2021-10-12T08:15:30+00:00","description":"La famille Jameel travaille pour r\u00e9aliser les ambitions partag\u00e9es de l\u2019Objectif 7 de d\u00e9veloppement durable des Nations Unies, une \u00e9nergie abordable et propre. En savoir plus.","breadcrumb":{"@id":"https:\/\/alj.com\/fr\/perspective\/feel-the-power\/#breadcrumb"},"inLanguage":"fr-FR","potentialAction":[{"@type":"ReadAction","target":["https:\/\/alj.com\/fr\/perspective\/feel-the-power\/"]}]},{"@type":"BreadcrumbList","@id":"https:\/\/alj.com\/fr\/perspective\/feel-the-power\/#breadcrumb","itemListElement":[{"@type":"ListItem","position":1,"name":"Home","item":"https:\/\/alj.com\/fr\/"},{"@type":"ListItem","position":2,"name":"Perspectives","item":"https:\/\/alj.com\/ja\/perspective\/"},{"@type":"ListItem","position":3,"name":"Sentez la force"}]},{"@type":"WebSite","@id":"https:\/\/alj.com\/en\/#website","url":"https:\/\/alj.com\/en\/","name":"Abdul Latif Jameel","description":"Abdul Latif Jameel","potentialAction":[{"@type":"SearchAction","target":{"@type":"EntryPoint","urlTemplate":"https:\/\/alj.com\/en\/?s={search_term_string}"},"query-input":"required name=search_term_string"}],"inLanguage":"fr-FR"}]}},"post-meta-fields":{"_alp_processed":["1632137359"],"_wpml_word_count":["{\"total\":2611,\"to_translate\":{\"ar\":2611,\"zh-hans\":2611,\"fr\":2611,\"ja\":2611,\"es\":2611,\"tr\":2611}}"],"push_notification":["no"],"_push_notification":["field_5c3b1fb67034d"],"_wpml_media_featured":["1"],"_wpml_media_duplicate":["1"],"wpcf-featured-news":["0"],"is_latest_news":["0"],"wpcf-show-news-at-homepage":["1"],"publish_mobile":["a:1:{i:0;s:3:\"yes\";}"],"_publish_mobile":["field_5bfa8eb2e65cf"],"mobile_featured_image":["https:\/\/media.alj.com\/app\/uploads\/2021\/09\/manuel-cossio-hqStjd1C3vk-unsplash.jpg"],"_mobile_featured_image":["field_5c3b204983dea"],"content_series_applied":["a:1:{i:0;s:5:\"90814\";}"],"_content_series_applied":["field_60f3d3faf82ac"],"_wpcf-card-image-sort-order":["a:1:{i:0;i:1043481;}"],"_bsf_post_type":["0"],"_bsf_item_review_type":["none"],"_yoast_wpseo_content_score":["30"],"_yoast_wpseo_estimated-reading-time-minutes":["14"],"perspective_short_title":["Sentez la force"],"perspective_summury":["<p>Comment la famille Jameel travaille pour r\u00e9aliser les ambitions partag\u00e9es de l\u2019Objectif\u00a07 de d\u00e9veloppement durable des Nations Unies, une \u00e9nergie abordable et propre<\/p>\n<p>&nbsp;<\/p>\n"],"perspective_location":["Dubai, EAU"],"_yoast_wpseo_title":["Le travail pour une \u00e9nergie abordable et propre | Abdul Latif Jameel\u00ae"],"_yoast_wpseo_metadesc":["La famille Jameel travaille pour r\u00e9aliser les ambitions partag\u00e9es de l\u2019Objectif 7 de d\u00e9veloppement durable des Nations Unies, une \u00e9nergie abordable et propre. En savoir plus."],"_thumbnail_id":["92317"],"_edit_lock":["1634026522:23"],"_edit_last":["23"],"_last_translation_edit_mode":["native-editor"],"perspective_business_sector":["Entreprise"],"wpcf-perspective-published-date":["1631577600"],"wpcf-card-image":[""]},"_links":{"self":[{"href":"https:\/\/alj.com\/fr\/wp-json\/wp\/v2\/perspective\/92462"}],"collection":[{"href":"https:\/\/alj.com\/fr\/wp-json\/wp\/v2\/perspective"}],"about":[{"href":"https:\/\/alj.com\/fr\/wp-json\/wp\/v2\/types\/perspective"}],"author":[{"embeddable":true,"href":"https:\/\/alj.com\/fr\/wp-json\/wp\/v2\/users\/18"}],"wp:featuredmedia":[{"embeddable":true,"href":"https:\/\/alj.com\/fr\/wp-json\/wp\/v2\/media\/92317"}],"wp:attachment":[{"href":"https:\/\/alj.com\/fr\/wp-json\/wp\/v2\/media?parent=92462"}],"wp:term":[{"taxonomy":"post_tag","embeddable":true,"href":"https:\/\/alj.com\/fr\/wp-json\/wp\/v2\/tags?post=92462"}],"curies":[{"name":"wp","href":"https:\/\/api.w.org\/{rel}","templated":true}]}}