{"id":94184,"date":"2021-11-16T06:26:16","date_gmt":"2021-11-16T06:26:16","guid":{"rendered":"https:\/\/www.alj.com\/?post_type=perspective&#038;p=94184"},"modified":"2022-04-14T10:36:59","modified_gmt":"2022-04-14T10:36:59","slug":"favoriser-le-progres-ensemble","status":"publish","type":"perspective","link":"https:\/\/alj.com\/fr\/perspective\/favoriser-le-progres-ensemble\/","title":{"rendered":"Favoriser le progr\u00e8s ensemble"},"content":{"rendered":"<h4>Comment l\u2019approche collaborative de la Famille Jameel s\u2019aligne sur la vision du partenariat de l\u2019ONU pour atteindre les Objectifs de d\u00e9veloppement durable<\/h4>\n<p><img decoding=\"async\" loading=\"lazy\" class=\"alignleft size-medium wp-image-88839\" src=\"https:\/\/www.alj.com\/app\/uploads\/2021\/05\/E_SDG-goals_icons-individual-rgb-17-300x300.png\" alt=\"\" width=\"300\" height=\"300\" srcset=\"https:\/\/media.alj.com\/app\/uploads\/2021\/05\/E_SDG-goals_icons-individual-rgb-17-300x300.png 300w, https:\/\/media.alj.com\/app\/uploads\/2021\/05\/E_SDG-goals_icons-individual-rgb-17-1024x1024.png 1024w, https:\/\/media.alj.com\/app\/uploads\/2021\/05\/E_SDG-goals_icons-individual-rgb-17-150x150.png 150w, https:\/\/media.alj.com\/app\/uploads\/2021\/05\/E_SDG-goals_icons-individual-rgb-17-768x768.png 768w, https:\/\/media.alj.com\/app\/uploads\/2021\/05\/E_SDG-goals_icons-individual-rgb-17-200x200.png 200w, https:\/\/media.alj.com\/app\/uploads\/2021\/05\/E_SDG-goals_icons-individual-rgb-17-170x170.png 170w, https:\/\/media.alj.com\/app\/uploads\/2021\/05\/E_SDG-goals_icons-individual-rgb-17-70x70.png 70w, https:\/\/media.alj.com\/app\/uploads\/2021\/05\/E_SDG-goals_icons-individual-rgb-17-271x271.png 271w, https:\/\/media.alj.com\/app\/uploads\/2021\/05\/E_SDG-goals_icons-individual-rgb-17.png 1536w\" sizes=\"(max-width: 300px) 100vw, 300px\" \/>Les <a href=\"https:\/\/sdgs.un.org\/goals\">Objectifs de d\u00e9veloppement durable (ODD) des Nations Unies<\/a> (ONU) constituent un plan directeur pour un avenir meilleur et plus durable pour tous. Ils r\u00e9pondent aux d\u00e9fis mondiaux auxquels nous sommes confront\u00e9s, y compris la pauvret\u00e9, les in\u00e9galit\u00e9s, le changement climatique, la d\u00e9gradation de l\u2019environnement, la paix et la justice, et ils d\u00e9finissent les actions que nous devons prendre, en tant que soci\u00e9t\u00e9, pour prot\u00e9ger l\u2019avenir de notre mode de vie et de notre plan\u00e8te.<\/p>\n<p>Les 17\u00a0objectifs ont \u00e9t\u00e9 adopt\u00e9s par tous les \u00c9tats membres de l\u2019ONU en\u00a02015, dans le cadre de l\u2019<a href=\"https:\/\/sdgs.un.org\/2030agenda\">Agenda\u00a02030 pour le d\u00e9veloppement durable<\/a><a href=\"#_ftn1\" name=\"_ftnref1\">[1]<\/a>, qui \u00e9tablit un plan sur 15\u00a0ans pour leur r\u00e9alisation.<\/p>\n<p>Aujourd\u2019hui, des progr\u00e8s sont r\u00e9alis\u00e9s dans de nombreux endroits, mais dans l\u2019ensemble, l\u2019action pour atteindre les objectifs n\u2019\u00e9volue pas encore \u00e0 la vitesse ou \u00e0 l\u2019\u00e9chelle requise<a href=\"#_ftn2\" name=\"_ftnref2\">[2]<\/a>. Lors du Sommet sur les objectifs de d\u00e9veloppement durable, Antonio Guterres, Secr\u00e9taire g\u00e9n\u00e9ral des Nations Unies, a appel\u00e9 tous les secteurs de la soci\u00e9t\u00e9 \u00e0 se mobiliser pour une d\u00e9cennie d\u2019action afin d\u2019essayer de maintenir les Objectifs sur la bonne voie<a href=\"#_ftn3\" name=\"_ftnref3\">[3]<\/a>.<\/p>\n<figure id=\"attachment_91263\" aria-describedby=\"caption-attachment-91263\" style=\"width: 300px\" class=\"wp-caption alignright\"><img decoding=\"async\" loading=\"lazy\" class=\"size-medium wp-image-91263\" src=\"https:\/\/www.alj.com\/app\/uploads\/2021\/08\/Antonio-Guterres-300x174.jpg\" alt=\"Ant\u00f3nio Guterres\" width=\"300\" height=\"174\" srcset=\"https:\/\/media.alj.com\/app\/uploads\/2021\/08\/Antonio-Guterres-300x174.jpg 300w, https:\/\/media.alj.com\/app\/uploads\/2021\/08\/Antonio-Guterres-1024x593.jpg 1024w, https:\/\/media.alj.com\/app\/uploads\/2021\/08\/Antonio-Guterres-150x87.jpg 150w, https:\/\/media.alj.com\/app\/uploads\/2021\/08\/Antonio-Guterres-768x445.jpg 768w, https:\/\/media.alj.com\/app\/uploads\/2021\/08\/Antonio-Guterres.jpg 1200w\" sizes=\"(max-width: 300px) 100vw, 300px\" \/><figcaption id=\"caption-attachment-91263\" class=\"wp-caption-text\">Ant\u00f3nio Guterres, secr\u00e9taire g\u00e9n\u00e9ral de l\u2019ONU<\/figcaption><\/figure>\n<p><em>\u00ab\u00a0Nous faisons face \u00e0 un grand d\u00e9fi. Relevons-le, tous ensemble. Avan\u00e7ons, tous ensemble, sans laisser personne de c\u00f4t\u00e9. Profitons de l\u2019\u00e9lan de ce Sommet et de cette semaine pour aller plus loin et plus vite afin d\u2019atteindre notre destination commune : un monde durable et prosp\u00e8re pour toutes et tous.\u00a0\u00bb,<\/em> a d\u00e9clar\u00e9 Guterres.<\/p>\n<p>La plupart des Objectifs d\u00e9finissent des actions prioritaires, qui, si elles sont atteintes, aideront \u00e0 r\u00e9soudre ce probl\u00e8me et nous permettront d\u2019atteindre cette destination, qu\u2019il s\u2019agisse de r\u00e9duire la pauvret\u00e9, d\u2019am\u00e9liorer l\u2019acc\u00e8s \u00e0 la nourriture et \u00e0 l\u2019eau ou de r\u00e9duire les \u00e9missions de\u00a0CO<sub>2.<\/sub><\/p>\n<p><img decoding=\"async\" loading=\"lazy\" class=\"aligncenter size-full wp-image-94136\" src=\"https:\/\/www.alj.com\/app\/uploads\/2021\/11\/UN-SDG-17-banner.jpg\" alt=\"\" width=\"1378\" height=\"396\" srcset=\"https:\/\/media.alj.com\/app\/uploads\/2021\/11\/UN-SDG-17-banner.jpg 1378w, https:\/\/media.alj.com\/app\/uploads\/2021\/11\/UN-SDG-17-banner-300x86.jpg 300w, https:\/\/media.alj.com\/app\/uploads\/2021\/11\/UN-SDG-17-banner-1024x294.jpg 1024w, https:\/\/media.alj.com\/app\/uploads\/2021\/11\/UN-SDG-17-banner-150x43.jpg 150w, https:\/\/media.alj.com\/app\/uploads\/2021\/11\/UN-SDG-17-banner-768x221.jpg 768w\" sizes=\"(max-width: 1378px) 100vw, 1378px\" \/><\/p>\n<p>Mais l\u2019<a href=\"https:\/\/sdgs.un.org\/goals\/goal17\">ODD\u00a017<\/a>\u00a0: \u00ab\u00a0Partenariats pour la r\u00e9alisation des objectifs\u00a0\u00bb, est diff\u00e9rent. Plut\u00f4t que de d\u00e9finir les <em>actions <\/em>que nous devons entreprendre, il d\u00e9crit <em>comment <\/em>nous devons les mettre en \u0153uvre afin d\u2019atteindre nos objectifs. Elle souligne que les\u00a0ODD ne peuvent \u00eatre r\u00e9alis\u00e9s qu\u2019avec une coop\u00e9ration et des partenariats mondiaux solides.<\/p>\n<p>L\u2019ODD\u00a017 indique\u00a0:<em> \u00ab\u00a0Un programme de d\u00e9veloppement durable r\u00e9ussi repose sur des partenariats inclusifs au niveau mondial, r\u00e9gional, national et local, construits sur des principes et des valeurs, une vision commune et des objectifs communs qui placent les peuples et la plan\u00e8te au centre&#8230; Une coop\u00e9ration internationale solide est plus que jamais n\u00e9cessaire pour s\u2019assurer que les pays ont les moyens de se remettre de la pand\u00e9mie, de mieux reconstruire et d\u2019atteindre les objectifs <\/em>de d\u00e9veloppement durable\u00a0\u00bb<a href=\"#_ftn4\" name=\"_ftnref4\">[4]<\/a>.<\/p>\n<p>La pand\u00e9mie de COVID-19\u00a0a davantage attir\u00e9 l\u2019attention sur le r\u00f4le crucial des partenariats mondiaux. L\u2019\u00e9conomie mondiale interconnect\u00e9e n\u00e9cessite une r\u00e9ponse mondiale pour s\u2019assurer que tous les pays et territoires, en particulier les pays en voie de d\u00e9veloppement, puissent faire face aux crises sanitaires, \u00e9conomiques et environnementales parall\u00e8les afin de mieux se r\u00e9tablir.<\/p>\n<h2>Notre longue histoire de partenariats<\/h2>\n<p>Cet esprit de partenariat est au c\u0153ur de l\u2019approche de la Famille Jameel en mati\u00e8re d\u2019efforts commerciaux et philanthropiques depuis plus de 75\u00a0ans.<\/p>\n<p><iframe loading=\"lazy\" src=\"\/\/www.youtube.com\/embed\/afe57MJK9gw\" width=\"560\" height=\"314\" allowfullscreen=\"allowfullscreen\"><\/iframe><\/p>\n<p>Depuis que notre fondateur Abdul Latif Jameel a ouvert sa premi\u00e8re station-service en\u00a01945, l\u2019ann\u00e9e de naissance de l\u2019ONU, la famille Jameel a \u00e9tabli des alliances diverses et vari\u00e9es \u00e0 travers le monde, bas\u00e9es sur le respect, des valeurs partag\u00e9es et une vision commune de la cr\u00e9ation d\u2019une valeur tangible pour l\u2019avenir de la soci\u00e9t\u00e9 humaine. Elles renforcent notre activit\u00e9 tout en nous permettant d\u2019innover pour un avenir meilleur. Cela est encore plus vrai concernant nos partenariats pour contribuer collectivement et mat\u00e9riellement aux\u00a0ODD des Nations Unies.<\/p>\n<p><img decoding=\"async\" loading=\"lazy\" class=\"aligncenter size-full wp-image-94171\" src=\"https:\/\/www.alj.com\/app\/uploads\/2021\/11\/UN-SDG-17-infographic-1.png\" alt=\"UN SDG 17 infographic\" width=\"4886\" height=\"6540\" srcset=\"https:\/\/media.alj.com\/app\/uploads\/2021\/11\/UN-SDG-17-infographic-1.png 4886w, https:\/\/media.alj.com\/app\/uploads\/2021\/11\/UN-SDG-17-infographic-1-224x300.png 224w, https:\/\/media.alj.com\/app\/uploads\/2021\/11\/UN-SDG-17-infographic-1-765x1024.png 765w, https:\/\/media.alj.com\/app\/uploads\/2021\/11\/UN-SDG-17-infographic-1-112x150.png 112w, https:\/\/media.alj.com\/app\/uploads\/2021\/11\/UN-SDG-17-infographic-1-768x1028.png 768w, https:\/\/media.alj.com\/app\/uploads\/2021\/11\/UN-SDG-17-infographic-1-1148x1536.png 1148w, https:\/\/media.alj.com\/app\/uploads\/2021\/11\/UN-SDG-17-infographic-1-1530x2048.png 1530w\" sizes=\"(max-width: 4886px) 100vw, 4886px\" \/><\/p>\n<p>Gr\u00e2ce \u00e0 notre investissement continu dans \u00ab\u00a0l\u2019infrastructure de la vie\u00a0\u00bb dans le monde, des syst\u00e8mes alimentaires \u00e0 l\u2019\u00e9nergie en passant par l\u2019\u00e9ducation et la sant\u00e9, nous nous engageons \u00e0 pr\u00e9parer un avenir plus \u00e9quitable, plus \u00e9cologique et plus prosp\u00e8re pour tous, en nous effor\u00e7ant de trouver des solutions \u00e0 certaines des questions les plus difficiles auxquelles l\u2019humanit\u00e9 et notre plan\u00e8te sont confront\u00e9es.<\/p>\n<p>La port\u00e9e et l\u2019impact d\u00e9j\u00e0 atteints seraient impossibles sans l\u2019engagement, l\u2019expertise et les ressources de nos partenaires, des alliances commerciales \u00e0 nos clients, des fournisseurs aux organisations non gouvernementales, de la science au monde universitaire, et \u00e9galement dans nos investissements.<\/p>\n<p>Gr\u00e2ce \u00e0 nos activit\u00e9s et \u00e0 nos organisations philanthropiques, nous collaborons avec des organismes internationaux, des entreprises, des innovateurs, des universit\u00e9s, des dirigeants municipaux, des organisations communautaires, des fondations artistiques et des groupes de jeunes.<\/p>\n<p>Notre succ\u00e8s et notre contribution aux efforts mondiaux pour r\u00e9aliser les\u00a0ODD d\u00e9pendent de ces partenariats et alliances mutuellement b\u00e9n\u00e9fiques.<\/p>\n<h2>Stimuler le progr\u00e8s gr\u00e2ce aux partenariats<\/h2>\n<p>Notre plus ancien partenariat remonte aux tout premiers jours d\u2019<a href=\"https:\/\/alj.com\">Abdul Latif Jameel<\/a>, quand notre fondateur ouvrait son <a href=\"https:\/\/jameel75.com\/en\/journey\">premier commerce automobile<\/a> \u00e0 Djeddah. Il s\u2019est associ\u00e9 \u00e0 une marque japonaise \u00e9mergente appel\u00e9e <a href=\"https:\/\/www.toyota.com.sa\/\">Toyota<\/a> et a contribu\u00e9 \u00e0 la cr\u00e9ation de la mobilit\u00e9 de masse &#8211; v\u00e9ritable catalyseur de la croissance \u00e9conomique &#8211; en Arabie saoudite. Notre partenariat avec Toyota nous a permis de jouer un r\u00f4le cl\u00e9 dans le d\u00e9veloppement et la popularit\u00e9 de nouveaux mod\u00e8les durables de mobilit\u00e9 automobile dans la r\u00e9gion Moyen-Orient Afrique du Nord et Turquie, tels que les v\u00e9hicules hybrides de Toyota et Lexus et le v\u00e9hicule propuls\u00e9 par hydrog\u00e8ne Mirai de Toyota.<\/p>\n<p>Cet engagement en faveur de la mobilit\u00e9 durable a conduit la <a href=\"https:\/\/jimco.com\/en\/who-we-are\/our-people\/#jameelfamily\">famille Jameel<\/a> \u00e0 devenir les premiers investisseurs de <a href=\"https:\/\/rivian.com\/\">RIVIAN<\/a>, innovant constructeur de v\u00e9hicules \u00e9lectriques, de <a href=\"https:\/\/www.jobyaviation.com\/\">Joby Aviation<\/a>, entreprise de covoiturage a\u00e9rien enti\u00e8rement \u00e9lectrique eVTOL.<\/p>\n<p>Outre les v\u00e9hicules de tourisme, nous avons \u00e9largi notre approche de partenariat \u00e0 d\u2019autres domaines du transport tels que les v\u00e9hicules commerciaux et l\u2019\u00e9quipement et la logistique, en collaborant avec des marques telles que les camions Hino, Toyota Industrial Equipment, l\u2019entreprise de manutention des mat\u00e9riaux Raymond, les solutions d\u2019exploitation mini\u00e8re et de construction Komatsu, Manitou et une gamme de solutions de production d\u2019\u00e9nergie au service du secteur de la construction.<\/p>\n<p><img decoding=\"async\" loading=\"lazy\" class=\"aligncenter size-full wp-image-94143\" src=\"https:\/\/www.alj.com\/app\/uploads\/2021\/11\/UN-SDG-17-grid.jpg\" alt=\"\" width=\"1034\" height=\"780\" srcset=\"https:\/\/media.alj.com\/app\/uploads\/2021\/11\/UN-SDG-17-grid.jpg 1034w, https:\/\/media.alj.com\/app\/uploads\/2021\/11\/UN-SDG-17-grid-300x226.jpg 300w, https:\/\/media.alj.com\/app\/uploads\/2021\/11\/UN-SDG-17-grid-1024x772.jpg 1024w, https:\/\/media.alj.com\/app\/uploads\/2021\/11\/UN-SDG-17-grid-150x113.jpg 150w, https:\/\/media.alj.com\/app\/uploads\/2021\/11\/UN-SDG-17-grid-768x579.jpg 768w\" sizes=\"(max-width: 1034px) 100vw, 1034px\" \/><\/p>\n<h3>Cr\u00e9ation d\u2019un futur durable<\/h3>\n<p><a href=\"https:\/\/www.alj.com\/en\/energy-and-environmental-services\/energy-overview\/\">Abdul Latif Jameel Energy and Environmental Services<\/a> applique cette approche de partenariat avec un grand succ\u00e8s dans un \u00e9ventail de secteurs faisant partie int\u00e9grante de l\u2019infrastructure de la vie, y compris l\u2019eau et l\u2019\u00e9nergie propre.<\/p>\n<p><iframe loading=\"lazy\" src=\"\/\/www.youtube.com\/embed\/K5Su-KjYeXg\" width=\"560\" height=\"314\" allowfullscreen=\"allowfullscreen\"><\/iframe><\/p>\n<p><a href=\"https:\/\/almarwater.com\/\">Almar Water Solutions<\/a>, par exemple, un fournisseur sp\u00e9cialis\u00e9 en capacit\u00e9s techniques pour le d\u00e9veloppement d\u2019infrastructures hydrauliques, s\u2019associe \u00e0 des fournisseurs de solutions et \u00e0 des autorit\u00e9s du monde entier pour am\u00e9liorer l\u2019acc\u00e8s \u00e0 la ressource la plus pr\u00e9cieuse de notre plan\u00e8te, l\u2019eau, gr\u00e2ce \u00e0 des investissements dans le <a href=\"https:\/\/www.alj.com\/en\/perspective\/water-reuse-is-a-big-opportunity-just-going-to-waste\/\">traitement et le recyclage<\/a> et des projets de <a href=\"https:\/\/www.alj.com\/en\/perspective\/fresh-water-fresh-ideas-can-renewable-energy-be-the-future-of-desalination\/\">dessalage durable<\/a>.<\/p>\n<p>L\u2019entreprise a une participation majeure dans l\u2019usine <a href=\"https:\/\/www.almarwater.com\/es\/2019\/05\/09\/almar-water-solutions-to-acquire-mubadala-infrastructure-partners-investment-in-muharraq-sewage-treatment-plant-in-bahrain\/#_ftn1\">de traitement des eaux us\u00e9es de Muharraq<\/a> au Bahre\u00efn, et en\u00a02019, dans le cadre du consortium de partenaires, Almar Water a remport\u00e9 le contrat pour d\u00e9velopper l\u2019une des plus grandes usines de dessalage au monde, la d\u00e9sormais prim\u00e9e <a href=\"https:\/\/www.alj.com\/en\/news\/almar-water-solutions-invest-us-600m-supply-1-8m-people-saudi-arabia-desalinated-water\/\">Shuqaiq\u00a03\u00a0IWP<\/a> au bord de la mer Rouge en Arabie saoudite.<\/p>\n<p><iframe loading=\"lazy\" src=\"\/\/www.youtube.com\/embed\/oS5w15xO8B0\" width=\"560\" height=\"314\" allowfullscreen=\"allowfullscreen\"><\/iframe><\/p>\n<p>Almar \u00e9tend \u00e9galement rapidement ses op\u00e9rations en <a href=\"https:\/\/www.alj.com\/en\/perspective\/torrent-of-problems-water-challenges-of-latin-america\/\">Am\u00e9rique latine<\/a>, en particulier au <a href=\"https:\/\/www.alj.com\/en\/in-the-news\/almar-water-solutions-awarded-new-om-contract-in-chile\/\">Chili<\/a>, o\u00f9 elle est impliqu\u00e9e dans un certain nombre de projets de d\u00e9veloppement de l\u2019eau en collaboration avec des partenaires locaux. De m\u00eame, en <a href=\"https:\/\/www.alj.com\/en\/news\/abdul-latif-jameel-energy-expands-water-sector-portfolio-with-acquisition-of-58-desalination-plants-in-egypt\/\">\u00c9gypte<\/a>, o\u00f9 7,3\u00a0millions de personnes n\u2019ont pas acc\u00e8s \u00e0 l\u2019eau potable et 8,4\u00a0millions sont priv\u00e9es d\u2019un assainissement ad\u00e9quat, Almar s\u2019associe \u00e0 <a href=\"https:\/\/hautilities.com\/\">HA Utilities<\/a> pour d\u00e9velopper des projets de gestion des eaux us\u00e9es dans tout le pays.<\/p>\n<p>Comme Almar Water Solutions dans le secteur de l\u2019eau, Fotowatio Renewable Ventures (<a href=\"https:\/\/frv.com\/en\/\">FRV<\/a>) se positionne dans le secteur des <a href=\"https:\/\/www.alj.com\/en\/perspective\/feel-the-power\/\">\u00e9nergies renouvelables<\/a> en travaillant avec des partenaires dans le monde entier pour fournir une \u00e9nergie propre et abordable \u00e0 des millions de foyers. Sa branche d\u2019innovation d\u00e9di\u00e9e, <a href=\"https:\/\/frv.com\/en\/services\/frv-x\/\">FRV-X,<\/a> adopte \u00e9galement une approche collaborative pour repousser les limites de l\u2019\u00e9nergie propre. En partenariat avec <a href=\"https:\/\/www.harmonyenergy.co.uk\/\">Harmony Energy<\/a>, la soci\u00e9t\u00e9 est pionni\u00e8re dans le d\u00e9veloppement du stockage de batteries \u00e0 \u00e9chelle industrielle au Royaume-Uni, avec deux projets \u00e0 <a href=\"https:\/\/www.alj.com\/en\/news\/abdul-latif-jameel-energys-frv-harmony-energy-commission-first-megapack-uk-energy-storage-project\/\">Holes Bay<\/a> et <a href=\"https:\/\/www.alj.com\/en\/news\/abdul-latif-jameel-energy-supports-development-of-second-utility-scale-battery-storage-project-in-uk\/\">Contego<\/a>. Elle est \u00e9galement impliqu\u00e9e dans deux partenariats de mobilit\u00e9 publique r\u00e9volutionnaires en Espagne qui cherchent \u00e0 faire b\u00e9n\u00e9ficier un public plus large des avantages du <a href=\"https:\/\/www.alj.com\/en\/perspective\/next-stop-hydrogen-powered-public-transport\/\">transport aliment\u00e9 par hydrog\u00e8ne<\/a>.<\/p>\n<h3>Travailler pour l\u2019\u00e9galit\u00e9 en mati\u00e8re de sant\u00e9<\/h3>\n<p>La famille Jameel a une longue exp\u00e9rience en mati\u00e8re d\u2019investissement dans le secteur de la sant\u00e9, o\u00f9 les co\u00fbts, la complexit\u00e9 et les cadres r\u00e9glementaires stricts en font un domaine dans lequel une approche de partenariat peut \u00eatre particuli\u00e8rement b\u00e9n\u00e9fique.<\/p>\n<p><iframe loading=\"lazy\" src=\"\/\/www.youtube.com\/embed\/T6q1Njfn5LE\" width=\"560\" height=\"314\" allowfullscreen=\"allowfullscreen\"><\/iframe><\/p>\n<p><a href=\"https:\/\/aljhealth.com\/en\/\">Abdul Latif Jameel Health<\/a> se concentre sur l\u2019acc\u00e9l\u00e9ration de l\u2019acc\u00e8s aux soins m\u00e9dicaux modernes tout en r\u00e9pondant aux besoins m\u00e9dicaux non satisfaits dans les march\u00e9s en d\u00e9veloppement du monde entier. Fond\u00e9e en\u00a02020, la soci\u00e9t\u00e9 a d\u00e9j\u00e0 conclu un certain nombre d\u2019accords cl\u00e9s avec des partenaires tels qu\u2019<a href=\"https:\/\/www.alj.com\/en\/perspective\/a-stomach-for-innovation-a-qa-with-ceos-of-evelo-biosciences-and-abdul-latif-jameel-health-on-their-exciting-new-adventure\/\">Evelo Biosciences<\/a>, <a href=\"https:\/\/www.alj.com\/en\/perspective\/cell-mates\/\">Cellarity<\/a> et les innovateurs japonais en technologie m\u00e9dicale <a href=\"https:\/\/aljhealth.com\/en\/news\/abdul-latif-jameel-health-melody-intl-announce-strategic-collaboration\/\">Melody International<\/a>, <a href=\"https:\/\/youtu.be\/iB3kW2rmk8E\">Cellspect<\/a> et Holoeyes, afin d\u2019offrir la prochaine g\u00e9n\u00e9ration de technologies de la sant\u00e9 aux habitants des march\u00e9s mal desservis \u00e0 travers le monde.<\/p>\n<p>\u00c0 l\u2019autre extr\u00e9mit\u00e9 de l\u2019\u00e9chelle, <a href=\"https:\/\/www.communityjameel.org\/en\">Community Jameel,<\/a> l\u2019organisation philanthropique mondiale de la <a href=\"https:\/\/www.communityjameel.org\/en\/who-we-are\/jameel-family\">Famille Jameel<\/a>, s\u2019associe \u00e0 des institutions acad\u00e9miques de premier plan dans le monde entier pour soutenir le type de recherche et d\u2019innovation r\u00e9volutionnaires n\u00e9cessaires au d\u00e9veloppement de ces technologies de sant\u00e9 de nouvelle g\u00e9n\u00e9ration.<\/p>\n<p>De m\u00eame, le <a href=\"https:\/\/www.imperial.ac.uk\/jameel-institute\/\">Jameel Institute<\/a> (Abdul Latif Jameel Institute for Disease and Emergency Analytics), cofond\u00e9 avec l\u2019<a href=\"https:\/\/www.imperial.ac.uk\/\">Imperial College de Londres<\/a>, utilise l\u2019IA et de nouvelles m\u00e9thodologies d\u2019analyse de donn\u00e9es pour r\u00e9duire le risque mondial de maladies \u00e9vitables. Plus r\u00e9cemment, cela a concern\u00e9 la pand\u00e9mie de COVID-19 et le renforcement des syst\u00e8mes de sant\u00e9 publique dans les environnements les plus fragiles.<\/p>\n<p>Aux \u00c9tats-Unis, la <a href=\"https:\/\/www.jclinic.mit.edu\/\">Clinique Jameel<\/a> (Abdul Latif Jameel Clinic for Machine Learning in Health) a \u00e9t\u00e9 cofond\u00e9e par le Massachusetts Institute of Technology et Community Jameel en <a href=\"https:\/\/www.alj.com\/en\/news\/abdul-latif-jameel-clinic-machine-learning-health-mit-aims-revolutionize-disease-prevention-detection-treatment\/\">septembre\u00a02018<\/a> et est rapidement devenue <a href=\"https:\/\/www.alj.com\/en\/news\/j-clinic-discovers-powerful-new-antibiotic-using-ai-technology\/\">l\u2019\u00e9picentre de l\u2019IA et des soins de sant\u00e9 au Massachusetts Institute of Technology<\/a><u>.<\/u> Son objectif est d\u2019utiliser l\u2019IA pour mod\u00e9liser les donn\u00e9es biologiques dans des domaines tels que l\u2019imagerie, le texte et la g\u00e9nomique, et de faire de nouvelles d\u00e9couvertes dans l\u2019apprentissage machine, la biologie, la chimie et les sciences cliniques.<\/p>\n<h3>La grande qu\u00eate de la connaissance \u2013 repousser les limites de la recherche et de l\u2019\u00e9ducation<\/h3>\n<p>Community Jameel m\u00e8ne deux autres partenariats ax\u00e9s sur des domaines tout aussi critiques pour le d\u00e9veloppement mondial. Le <a href=\"https:\/\/web.mit.edu\/\">Jameel Water and Food Systems Lab<\/a> (J-WAFS) finance des recherches, innovations et technologies r\u00e9volutionnaires pour assurer une alimentation et un approvisionnement en eau s\u00fbres et r\u00e9silients avec un impact environnemental minimal, tandis que le <a href=\"https:\/\/jwel.mit.edu\/\">Abdul Latif Jameel World Education Lab<\/a> (J-WEL), \u00e9tabli en\u00a02017, travaille avec des organisations membres pour promouvoir l\u2019excellence et la transformation de l\u2019\u00e9ducation dans le monde entier ainsi qu\u2019aborder les opportunit\u00e9s mondiales de changement \u00e9volutif dans l\u2019\u00e9ducation.<\/p>\n<p>L\u2019\u00e9ducation est \u00e9galement le moteur d\u2019un certain nombre d\u2019autres partenariats Community Jameel. C\u2019est le cas de deux programmes de bourses d\u2019\u00e9tudes pour permettre aux \u00e9tudiants prometteurs du monde entier de b\u00e9n\u00e9ficier d\u2019une \u00e9ducation de haute qualit\u00e9, \u00e0 laquelle ils n\u2019auraient peut-\u00eatre pas acc\u00e8s autrement.<\/p>\n<p>La plus r\u00e9cente, cr\u00e9\u00e9e en\u00a02019, est la <a href=\"https:\/\/www.communityjameel.org\/en\/how-we-work\/education\/bocelli-jameel-scholarship\">bourse de la Fondation Andrea Bocelli-Community Jameel<\/a>, qui aide les \u00e9tudiants qui suivent un cursus \u00e0 plein temps au Royal College of Music, \u00e0 Londres, l\u2019un des principaux conservatoires pour les arts du spectacle au monde. La seconde est la <a href=\"https:\/\/www.communityjameel.org\/en\/how-we-work\/education\/jameel-toyota-scholarship-at-mit\">bourse d\u2019\u00e9tudes Abdul Latif Jameel-Toyota<\/a>, qui a c\u00e9l\u00e9br\u00e9 son 25<sup>e<\/sup> anniversaire en\u00a02019, et continue d\u2019aider les jeunes \u00e0 r\u00e9aliser leur potentiel au MIT, l\u2019une des plus grandes institutions universitaires au monde.<\/p>\n<p>D\u2019autres initiatives comprennent la Transformation de l\u2019\u00e9ducation des r\u00e9fugi\u00e9s vers l\u2019excellence (<a href=\"https:\/\/www.communityjameel.org\/en\/how-we-work\/education\/transforming-refugee-education-towards-excellence\">TREE<\/a>), une collaboration de Save the Children et <a href=\"https:\/\/www.communityjameel.org\/en\/how-we-work\/education\/j-wel\">J-WE <\/a>\u00a0aidant les enseignants \u00e0 surmonter les traumatismes et \u00e0 dispenser un enseignement efficace, et <a href=\"https:\/\/www.communityjameel.org\/en\/how-we-work\/education\/tanweer-jameel\">Tanweer Jameel<\/a>, qui travaille avec le Minist\u00e8re du Travail saoudien et Saudi Airlines pour offrir un voyage annuel \u00e0 l\u2019\u00e9tranger aux enfants orphelins m\u00e9ritants.<\/p>\n<p>Dans la sph\u00e8re culturelle, la collaboration est au c\u0153ur du programme et de la fa\u00e7on de travailler d\u2019<a href=\"https:\/\/artjameel.org\/\">Art Jameel<\/a>. Ses principaux partenaires institutionnels comprennent le <a href=\"https:\/\/artjameel.org\/collaboration\/v-and-a\/\">Victoria and Albert Museum<\/a>, le <a href=\"http:\/\/jameelartscentre.org\/ajmain\/collaboration\/the-met\/\">Metropolitan Museum of Art<\/a>, la <a href=\"http:\/\/delfinafoundation.com\/\">Delfina Foundation<\/a> et les <a href=\"https:\/\/artjameel.org\/collaboration\/princes-school\/\">\u00e9coles des arts traditionnels de la fondation du Prince<\/a>. \u00c0 l\u2019\u00e9chelle locale, la fondation collabore avec des individus et des organisations afin de d\u00e9velopper une programmation innovante employant autant les anciennes que les nouvelles technologies, et encourageant l\u2019entrepreneuriat ainsi que le d\u00e9veloppement de r\u00e9seaux culturels.<\/p>\n<h3>Vers un avenir plus radieux&#8230;<\/h3>\n<p>Ces partenariats, entre autres, fournissent un aper\u00e7u de la mani\u00e8re dont notre travail s\u2019aligne sur l\u2019ODD\u00a017 et contribue \u00e0 le r\u00e9aliser. Ensemble, nous allons de l\u2019avant et innovons pour un avenir meilleur.<\/p>\n<p>D\u00e9couvrez comment les activit\u00e9s de la famille Jameel contribuent aux Objectifs de d\u00e9veloppement durable sur\u00a0: <a href=\"https:\/\/jameel75.com\/sdg\">\u00a0https:\/\/jameel75.com\/sdg<\/a>\u00a0; regardez notre vid\u00e9o et t\u00e9l\u00e9chargez un rapport de synth\u00e8se.<\/p>\n<p><iframe loading=\"lazy\" src=\"\/\/www.youtube.com\/embed\/HRKCnSXLNNI\" width=\"560\" height=\"314\" allowfullscreen=\"allowfullscreen\"><\/iframe><\/p>\n<p><a href=\"#_ftnref1\" name=\"_ftn1\">[1]<\/a> https:\/\/www.un.org\/ga\/search\/view_doc.asp?symbol=A\/RES\/70\/1&amp;Lang=E<\/p>\n<p><a href=\"#_ftnref2\" name=\"_ftn2\">[2]<\/a> https:\/\/unstats.un.org\/sdgs\/report\/2019\/<\/p>\n<p><a href=\"#_ftnref3\" name=\"_ftn3\">[3]<\/a> https:\/\/www.un.org\/sg\/en\/content\/sg\/speeches\/2019-09-24\/remarks-high-level-political-sustainable-development-forum<\/p>\n<p><a href=\"#_ftnref4\" name=\"_ftn4\">[4]<\/a> https:\/\/www.un.org\/sustainabledevelopment\/globalpartnerships\/<\/p>\n","protected":false},"author":18,"featured_media":94157,"template":"","tags":[],"acf":[],"yoast_head":"<!-- This site is optimized with the Yoast SEO plugin v21.5 - https:\/\/yoast.com\/wordpress\/plugins\/seo\/ -->\n<title>Conduire le progr\u00e8s ensemble | Abdul Latif Jameel\u00ae<\/title>\n<meta name=\"description\" content=\"Decouvrez l&#039;approche collaborative de la famille Jameel avec la vision du partenariat des Nations Unies pour atteindre les objectifs de d\u00e9veloppement durable.\" \/>\n<meta name=\"robots\" content=\"index, follow, max-snippet:-1, max-image-preview:large, max-video-preview:-1\" \/>\n<link rel=\"canonical\" href=\"https:\/\/alj.com\/fr\/perspective\/favoriser-le-progres-ensemble\/\" \/>\n<meta property=\"og:locale\" content=\"fr_FR\" \/>\n<meta property=\"og:type\" content=\"article\" \/>\n<meta property=\"og:title\" content=\"Conduire le progr\u00e8s ensemble | Abdul Latif Jameel\u00ae\" \/>\n<meta property=\"og:description\" content=\"Decouvrez l&#039;approche collaborative de la famille Jameel avec la vision du partenariat des Nations Unies pour atteindre les objectifs de d\u00e9veloppement durable.\" \/>\n<meta property=\"og:url\" content=\"https:\/\/alj.com\/fr\/perspective\/favoriser-le-progres-ensemble\/\" \/>\n<meta property=\"og:site_name\" content=\"Abdul Latif Jameel\" \/>\n<meta property=\"article:publisher\" content=\"https:\/\/www.facebook.com\/Abdul.Latif.Jameel.Official\" \/>\n<meta property=\"article:modified_time\" content=\"2022-04-14T10:36:59+00:00\" \/>\n<meta property=\"og:image\" content=\"https:\/\/media.alj.com\/app\/uploads\/2021\/11\/UN-SDG-17-Partnerships.jpg\" \/>\n\t<meta property=\"og:image:width\" content=\"1034\" \/>\n\t<meta property=\"og:image:height\" content=\"627\" \/>\n\t<meta property=\"og:image:type\" content=\"image\/jpeg\" \/>\n<meta name=\"twitter:card\" content=\"summary_large_image\" \/>\n<meta name=\"twitter:label1\" content=\"Est. reading time\" \/>\n\t<meta name=\"twitter:data1\" content=\"11 minutes\" \/>\n<script type=\"application\/ld+json\" class=\"yoast-schema-graph\">{\"@context\":\"https:\/\/schema.org\",\"@graph\":[{\"@type\":\"WebPage\",\"@id\":\"https:\/\/alj.com\/fr\/perspective\/favoriser-le-progres-ensemble\/\",\"url\":\"https:\/\/alj.com\/fr\/perspective\/favoriser-le-progres-ensemble\/\",\"name\":\"Conduire le progr\u00e8s ensemble | Abdul Latif Jameel\u00ae\",\"isPartOf\":{\"@id\":\"https:\/\/alj.com\/en\/#website\"},\"datePublished\":\"2021-11-16T06:26:16+00:00\",\"dateModified\":\"2022-04-14T10:36:59+00:00\",\"description\":\"Decouvrez l'approche collaborative de la famille Jameel avec la vision du partenariat des Nations Unies pour atteindre les objectifs de d\u00e9veloppement durable.\",\"breadcrumb\":{\"@id\":\"https:\/\/alj.com\/fr\/perspective\/favoriser-le-progres-ensemble\/#breadcrumb\"},\"inLanguage\":\"fr-FR\",\"potentialAction\":[{\"@type\":\"ReadAction\",\"target\":[\"https:\/\/alj.com\/fr\/perspective\/favoriser-le-progres-ensemble\/\"]}]},{\"@type\":\"BreadcrumbList\",\"@id\":\"https:\/\/alj.com\/fr\/perspective\/favoriser-le-progres-ensemble\/#breadcrumb\",\"itemListElement\":[{\"@type\":\"ListItem\",\"position\":1,\"name\":\"Home\",\"item\":\"https:\/\/alj.com\/fr\/\"},{\"@type\":\"ListItem\",\"position\":2,\"name\":\"Perspectives\",\"item\":\"https:\/\/alj.com\/ja\/perspective\/\"},{\"@type\":\"ListItem\",\"position\":3,\"name\":\"Favoriser le progr\u00e8s ensemble\"}]},{\"@type\":\"WebSite\",\"@id\":\"https:\/\/alj.com\/en\/#website\",\"url\":\"https:\/\/alj.com\/en\/\",\"name\":\"Abdul Latif Jameel\",\"description\":\"Abdul Latif Jameel\",\"potentialAction\":[{\"@type\":\"SearchAction\",\"target\":{\"@type\":\"EntryPoint\",\"urlTemplate\":\"https:\/\/alj.com\/en\/?s={search_term_string}\"},\"query-input\":\"required name=search_term_string\"}],\"inLanguage\":\"fr-FR\"}]}<\/script>\n<!-- \/ Yoast SEO plugin. -->","yoast_head_json":{"title":"Conduire le progr\u00e8s ensemble | Abdul Latif Jameel\u00ae","description":"Decouvrez l'approche collaborative de la famille Jameel avec la vision du partenariat des Nations Unies pour atteindre les objectifs de d\u00e9veloppement durable.","robots":{"index":"index","follow":"follow","max-snippet":"max-snippet:-1","max-image-preview":"max-image-preview:large","max-video-preview":"max-video-preview:-1"},"canonical":"https:\/\/alj.com\/fr\/perspective\/favoriser-le-progres-ensemble\/","og_locale":"fr_FR","og_type":"article","og_title":"Conduire le progr\u00e8s ensemble | Abdul Latif Jameel\u00ae","og_description":"Decouvrez l'approche collaborative de la famille Jameel avec la vision du partenariat des Nations Unies pour atteindre les objectifs de d\u00e9veloppement durable.","og_url":"https:\/\/alj.com\/fr\/perspective\/favoriser-le-progres-ensemble\/","og_site_name":"Abdul Latif Jameel","article_publisher":"https:\/\/www.facebook.com\/Abdul.Latif.Jameel.Official","article_modified_time":"2022-04-14T10:36:59+00:00","og_image":[{"width":1034,"height":627,"url":"https:\/\/media.alj.com\/app\/uploads\/2021\/11\/UN-SDG-17-Partnerships.jpg","type":"image\/jpeg"}],"twitter_card":"summary_large_image","twitter_misc":{"Est. reading time":"11 minutes"},"schema":{"@context":"https:\/\/schema.org","@graph":[{"@type":"WebPage","@id":"https:\/\/alj.com\/fr\/perspective\/favoriser-le-progres-ensemble\/","url":"https:\/\/alj.com\/fr\/perspective\/favoriser-le-progres-ensemble\/","name":"Conduire le progr\u00e8s ensemble | Abdul Latif Jameel\u00ae","isPartOf":{"@id":"https:\/\/alj.com\/en\/#website"},"datePublished":"2021-11-16T06:26:16+00:00","dateModified":"2022-04-14T10:36:59+00:00","description":"Decouvrez l'approche collaborative de la famille Jameel avec la vision du partenariat des Nations Unies pour atteindre les objectifs de d\u00e9veloppement durable.","breadcrumb":{"@id":"https:\/\/alj.com\/fr\/perspective\/favoriser-le-progres-ensemble\/#breadcrumb"},"inLanguage":"fr-FR","potentialAction":[{"@type":"ReadAction","target":["https:\/\/alj.com\/fr\/perspective\/favoriser-le-progres-ensemble\/"]}]},{"@type":"BreadcrumbList","@id":"https:\/\/alj.com\/fr\/perspective\/favoriser-le-progres-ensemble\/#breadcrumb","itemListElement":[{"@type":"ListItem","position":1,"name":"Home","item":"https:\/\/alj.com\/fr\/"},{"@type":"ListItem","position":2,"name":"Perspectives","item":"https:\/\/alj.com\/ja\/perspective\/"},{"@type":"ListItem","position":3,"name":"Favoriser le progr\u00e8s ensemble"}]},{"@type":"WebSite","@id":"https:\/\/alj.com\/en\/#website","url":"https:\/\/alj.com\/en\/","name":"Abdul Latif Jameel","description":"Abdul Latif Jameel","potentialAction":[{"@type":"SearchAction","target":{"@type":"EntryPoint","urlTemplate":"https:\/\/alj.com\/en\/?s={search_term_string}"},"query-input":"required name=search_term_string"}],"inLanguage":"fr-FR"}]}},"post-meta-fields":{"_alp_processed":["1636628526"],"_wpml_word_count":["{\"total\":1916,\"to_translate\":{\"ar\":1916,\"zh-hans\":1916,\"fr\":1916,\"ja\":1916,\"es\":1916,\"tr\":1916}}"],"push_notification":["no"],"_push_notification":["field_5c3b1fb67034d"],"_wpml_media_featured":["1"],"_wpml_media_duplicate":["1"],"perspective_short_title":["Favoriser le progr\u00e8s ensemble"],"perspective_summury":["<p>Comment l\u2019approche collaborative de la Famille Jameel s\u2019aligne sur la vision du partenariat de l\u2019ONU pour atteindre les Objectifs de d\u00e9veloppement durable<\/p>\n<p>&nbsp;<\/p>\n"],"perspective_location":["Dubai, EAU"],"wpcf-featured-news":["0"],"is_latest_news":["0"],"wpcf-show-news-at-homepage":["1"],"publish_mobile":[""],"_publish_mobile":["field_5bfa8eb2e65cf"],"mobile_featured_image":["https:\/\/media.alj.com\/app\/uploads\/2021\/11\/UN-SDG-17-Partnerships.jpg"],"_mobile_featured_image":["field_5c3b204983dea"],"content_series_applied":["a:1:{i:0;s:5:\"91395\";}"],"_content_series_applied":["field_60f3d3faf82ac"],"_bsf_post_type":["0"],"_bsf_item_review_type":["none"],"_yoast_wpseo_title":["Conduire le progr\u00e8s ensemble | Abdul Latif Jameel\u00ae"],"_yoast_wpseo_metadesc":["Decouvrez l'approche collaborative de la famille Jameel avec la vision du partenariat des Nations Unies pour atteindre les objectifs de d\u00e9veloppement durable."],"_yoast_wpseo_content_score":["30"],"_yoast_wpseo_estimated-reading-time-minutes":["11"],"_thumbnail_id":["94157"],"_edit_lock":["1649933893:25"],"_edit_last":["25"],"_last_translation_edit_mode":["native-editor"],"wpcf-perspective-published-date":["1637020800"],"featured_on_listing_page":["1"],"_featured_on_listing_page":["field_62458ea7383c3"],"wpcf-perspective-downloadable_file":[""],"wpcf-video-description":[""],"wpcf-layoutvideourl":[""],"wpcf-video-thumb":[""],"wpcf-social4-svg":[""],"wpcf-social4-background-image":[""],"wpcf-social4-text":[""],"wpcf-social4-url":[""],"wpcf-social3-svg":[""],"wpcf-social3-background-image":[""],"wpcf-social3-text":[""],"wpcf-social3-url":[""],"wpcf-social-text-svg-square":[""],"wpcf-social-text-image-square":[""],"wpcf-social-text-text-square":[""],"wpcf-social-text-url-square":[""],"wpcf-social2-svg":[""],"wpcf-social2-background-image":[""],"wpcf-social2-text":[""],"wpcf-social2-url":[""],"wpcf-social-svg-square":[""],"wpcf-social-image-square":[""],"wpcf-social-text-square":[""],"wpcf-social-url-square":[""],"wpcf-social1-svg":[""],"wpcf-social1-background-image":[""],"wpcf-social1-text":[""],"wpcf-social1-url":[""],"wpcf-quotes-with-auther-text-1":[""],"wpcf-card_article_with_title_content":[""],"wpcf-card_article_content":["<p>write your content<\/p>"],"wpcf-quotes-with-auther-text":[""],"perspective_business_sector":["Entreprise"],"wpcf-card-image":[""],"_wpcf-card-image-sort-order":["a:1:{i:0;i:1146430;}"]},"_links":{"self":[{"href":"https:\/\/alj.com\/fr\/wp-json\/wp\/v2\/perspective\/94184"}],"collection":[{"href":"https:\/\/alj.com\/fr\/wp-json\/wp\/v2\/perspective"}],"about":[{"href":"https:\/\/alj.com\/fr\/wp-json\/wp\/v2\/types\/perspective"}],"author":[{"embeddable":true,"href":"https:\/\/alj.com\/fr\/wp-json\/wp\/v2\/users\/18"}],"wp:featuredmedia":[{"embeddable":true,"href":"https:\/\/alj.com\/fr\/wp-json\/wp\/v2\/media\/94157"}],"wp:attachment":[{"href":"https:\/\/alj.com\/fr\/wp-json\/wp\/v2\/media?parent=94184"}],"wp:term":[{"taxonomy":"post_tag","embeddable":true,"href":"https:\/\/alj.com\/fr\/wp-json\/wp\/v2\/tags?post=94184"}],"curies":[{"name":"wp","href":"https:\/\/api.w.org\/{rel}","templated":true}]}}