{"id":94468,"date":"2021-11-23T05:09:29","date_gmt":"2021-11-23T05:09:29","guid":{"rendered":"https:\/\/www.alj.com\/?post_type=perspective&#038;p=94468"},"modified":"2022-04-12T09:11:20","modified_gmt":"2022-04-12T09:11:20","slug":"wind-energizes-renewables-market-in-record-year","status":"publish","type":"perspective","link":"https:\/\/alj.com\/fr\/perspective\/wind-energizes-renewables-market-in-record-year\/","title":{"rendered":"Wind energizes renewables market in record year"},"content":{"rendered":"<p>\u00c9tant donn\u00e9 l\u2019impact mondial de la pand\u00e9mie de COVID-19, il serait bon de croire que 2020 (et une grande partie de 2021) \u00e9tait une ann\u00e9e blanche pour de nombreux secteurs de l\u2019\u00e9conomie, en particulier ceux \u00e0 forte intensit\u00e9 financi\u00e8re comme l\u2019\u00e9nergie renouvelable\u00a0; une p\u00e9riode o\u00f9 le monde a marqu\u00e9 une pause\u00a0: entreprises ferm\u00e9es, projets gel\u00e9s, croissance financi\u00e8re bloqu\u00e9e.<\/p>\n<p>Et pourtant, dans certains secteurs de l\u2019industrie, rien ne pourrait \u00eatre plus \u00e9loign\u00e9 de la v\u00e9rit\u00e9. Face \u00e0 la dure r\u00e9alit\u00e9 de la relation complexe entre l\u2019humanit\u00e9 et le monde naturel, ces 18\u00a0derniers mois ont \u00e9t\u00e9 marqu\u00e9s par un remarquable doublement mondial du potentiel de l\u2019\u00e9nergie \u00e9olienne.<\/p>\n<p>Les nouvelles installations d\u2019\u00e9nergie \u00e9olienne ont atteint des sommets record et les gouvernements ainsi que les investisseurs se sont unis pour se laisser pousser des ailes. L\u2019industrie s\u2019est av\u00e9r\u00e9e \u00eatre une v\u00e9ritable force de la nature\u00a0: incessante, indestructible et capable de susciter l\u2019enthousiasme dans le monde entier.<\/p>\n<p>Les gros titres rassurent tous ceux qui se passionnent pour l\u2019\u00e9nergie \u00e9olienne, que ce soit d\u2019un point de vue environnemental ou \u00e9conomique.<a href=\"#_ftn1\" name=\"_ftnref1\">[1]<\/a><\/p>\n<ul>\n<li>\u00c0 l\u2019\u00e9chelle mondiale, l\u2019industrie a install\u00e9 une nouvelle capacit\u00e9 \u00e9olienne record de 93\u00a0GW en 2020, portant la capacit\u00e9 totale \u00e0 743\u00a0GW.<\/li>\n<li>Les nouvelles installations terrestres ont atteint 86,9\u00a0GW tandis que le march\u00e9 \u00e9olien offshore a contribu\u00e9 \u00e0 hauteur de 6,1\u00a0GW.<\/li>\n<li>Les cinq principaux march\u00e9s mondiaux pour les nouvelles installations en 2020 \u00e9taient la Chine, les \u00c9tats-Unis, le Br\u00e9sil, les Pays-Bas et l\u2019Allemagne, regroupant 80,6\u00a0% du total mondial.<\/li>\n<li>Au sein de l\u2019UE, pour la toute premi\u00e8re fois, les \u00e9nergies renouvelables g\u00e9n\u00e9raient plus d\u2019\u00e9lectricit\u00e9 que les combustibles fossiles gr\u00e2ce \u00e0 14,7\u00a0GW de nouvelles centrales rejoignant les r\u00e9seaux \u00e9nerg\u00e9tiques.<\/li>\n<li>En abaissant l\u2019ensemble des investissements en mati\u00e8re de production d\u2019\u00e9lectricit\u00e9, le financement \u00e9olien offshore a quadrupl\u00e9 entre le 1er\u00a0semestre\u00a02019 et le 1er\u00a0semestre\u00a02020 pour atteindre 35\u00a0milliards de dollars.<\/li>\n<li>L\u2019argument commercial en faveur de l\u2019\u00e9nergie \u00e9olienne est devenu inattaquable, les recherches montrant que chaque dollar investi dans l\u2019\u00e9nergie \u00e9olienne rapporte entre 3 et 7\u00a0fois plus.<a href=\"#_ftn2\" name=\"_ftnref2\">[2]<\/a><\/li>\n<\/ul>\n<p>Rassurez-vous, si vous n\u2019\u00eates pas encore \u00e9poustoufl\u00e9 par l\u2019\u00e9nergie \u00e9olienne, vous le serez bient\u00f4t.<\/p>\n<p><img decoding=\"async\" loading=\"lazy\" class=\"aligncenter size-full wp-image-94436\" src=\"https:\/\/www.alj.com\/app\/uploads\/2021\/11\/ALJ-Wind-Power-Global.jpg\" alt=\"\" width=\"2560\" height=\"1250\" \/><\/p>\n<h2>Une bouff\u00e9e d\u2019air frais pour un monde avide d\u2019\u00e9nergie<\/h2>\n<p>Les nouvelles installations \u00e9oliennes de 93\u00a0GW en 2020 repr\u00e9sentaient une croissance remarquable de 53\u00a0% d\u2019une ann\u00e9e sur l\u2019autre.<a href=\"#_ftn3\" name=\"_ftnref3\">[3]<\/a><\/p>\n<p>Les temps forts de cette p\u00e9riode d\u2019activit\u00e9 intense comprennent le renforcement du statut de la Chine et des \u00c9tats-Unis en tant que leaders du march\u00e9, l\u2019augmentation de 15\u00a0% de leur part de march\u00e9 \u00e9olien combin\u00e9e et, ensemble, repr\u00e9sentant plus des trois quarts de toutes les installations mondiales. L\u2019Asie-Pacifique, l\u2019Am\u00e9rique du Nord et l\u2019Am\u00e9rique latine ont \u00e9galement connu une croissance \u00e9olienne record, atteignant 74\u00a0GW de nouvelle capacit\u00e9 \u00e9olienne terrestre, soit 76\u00a0% de plus qu\u2019en 2019. De m\u00eame, l\u2019Afrique et le Moyen-Orient ont enregistr\u00e9 8,2\u00a0GW de nouvelles installations terrestres en 2020, maintenant leurs trajectoires ascendantes par rapport \u00e0 l\u2019ann\u00e9e pr\u00e9c\u00e9dente, malgr\u00e9 les restrictions li\u00e9es \u00e0 la COVID-19, tandis que de nouvelles ench\u00e8res ont vu pr\u00e8s de 30\u00a0GW de nouvelle capacit\u00e9 \u00e9olienne octroy\u00e9e au 2e\u00a0semestre\u00a02020, contre 28\u00a0GW pour la p\u00e9riode correspondante de 2019.<\/p>\n<p><img decoding=\"async\" loading=\"lazy\" class=\"aligncenter  wp-image-94409\" src=\"https:\/\/www.alj.com\/app\/uploads\/2021\/11\/Wind-turbines.jpg\" alt=\"\" width=\"942\" height=\"353\" srcset=\"https:\/\/media.alj.com\/app\/uploads\/2021\/11\/Wind-turbines.jpg 662w, https:\/\/media.alj.com\/app\/uploads\/2021\/11\/Wind-turbines-300x112.jpg 300w, https:\/\/media.alj.com\/app\/uploads\/2021\/11\/Wind-turbines-150x56.jpg 150w\" sizes=\"(max-width: 942px) 100vw, 942px\" \/><\/p>\n<p>Les investisseurs ne se sont pas uniquement int\u00e9ress\u00e9s aux projets terrestres. Les projets offshore ont continu\u00e9 \u00e0 augmenter, avec 6,1\u00a0GW de nouvelles \u00e9oliennes offshore mises en service l\u2019ann\u00e9e derni\u00e8re. Elle s\u2019est av\u00e9r\u00e9e \u00eatre la deuxi\u00e8me ann\u00e9e de croissance la plus rapide \u00e0 l\u2019\u00e9tranger, la Chine s\u2019octroyant la moiti\u00e9 de cette nouvelle activit\u00e9.<\/p>\n<p><img decoding=\"async\" loading=\"lazy\" class=\"aligncenter size-full wp-image-94450\" src=\"https:\/\/www.alj.com\/app\/uploads\/2021\/11\/ALJ-Wind-Power-New-Wind-Power.jpg\" alt=\"\" width=\"2560\" height=\"1250\" \/><\/p>\n<p>Sur le march\u00e9 offshore europ\u00e9en, les Pays-Bas ont ouvert la voie, suivis par la Belgique, le Royaume-Uni, l\u2019Allemagne et le Portugal. La capacit\u00e9 offshore mondiale a atteint 35\u00a0GW, soit pr\u00e8s de 5\u00a0% du march\u00e9 \u00e9olien total. Seulement 1\u00a0GW de capacit\u00e9 \u00e9olienne offshore a \u00e9t\u00e9 attribu\u00e9 par le biais d\u2019ench\u00e8res mondiales en\u00a02020, mais plus de 7\u00a0GW de nouveaux appels d\u2019offres ont \u00e9t\u00e9 annonc\u00e9s, ce qui indique une croissance plus rapide vers la fin.<\/p>\n<p><img decoding=\"async\" loading=\"lazy\" class=\"alignleft size-full wp-image-94381\" src=\"https:\/\/www.alj.com\/app\/uploads\/2021\/11\/Cop26-loo.jpg\" alt=\"\" width=\"290\" height=\"150\" srcset=\"https:\/\/media.alj.com\/app\/uploads\/2021\/11\/Cop26-loo.jpg 290w, https:\/\/media.alj.com\/app\/uploads\/2021\/11\/Cop26-loo-150x78.jpg 150w\" sizes=\"(max-width: 290px) 100vw, 290px\" \/>S\u2019il y avait un point de non retour en mati\u00e8re de crise environnementale, 2021\u00a0pourrait \u00eatre ce point. Le Royaume-Uni a accueilli la conf\u00e9rence COP26 des Nations unies sur le changement climatique fin octobre.<\/p>\n<p>Consid\u00e9r\u00e9e comme la derni\u00e8re chance de faire un effort mondial coordonn\u00e9 pour contrer le r\u00e9chauffement climatique, la COP26 a vu des dirigeants du monde entier souligner de nouveaux engagements pour arr\u00eater la d\u00e9pendance aux combustibles fossiles et atteindre z\u00e9ro \u00e9mission nette d\u2019ici\u00a02050.<\/p>\n<figure id=\"attachment_94374\" aria-describedby=\"caption-attachment-94374\" style=\"width: 300px\" class=\"wp-caption alignright\"><img decoding=\"async\" loading=\"lazy\" class=\"size-medium wp-image-94374\" src=\"https:\/\/www.alj.com\/app\/uploads\/2021\/11\/Boris-Johnson-COP26-300x149.jpg\" alt=\"\" width=\"300\" height=\"149\" srcset=\"https:\/\/media.alj.com\/app\/uploads\/2021\/11\/Boris-Johnson-COP26-300x149.jpg 300w, https:\/\/media.alj.com\/app\/uploads\/2021\/11\/Boris-Johnson-COP26-150x75.jpg 150w, https:\/\/media.alj.com\/app\/uploads\/2021\/11\/Boris-Johnson-COP26-768x381.jpg 768w, https:\/\/media.alj.com\/app\/uploads\/2021\/11\/Boris-Johnson-COP26.jpg 920w\" sizes=\"(max-width: 300px) 100vw, 300px\" \/><figcaption id=\"caption-attachment-94374\" class=\"wp-caption-text\">Le Premier ministre britannique, Boris Johnson, \u00e0 la COP26 \u00e0 Glasgow, en \u00c9cosse, a lanc\u00e9 un programme d\u2019investissement en \u00e9nergie renouvelable ax\u00e9 sur le d\u00e9veloppement national dans le cadre de son initiative pour une \u00e9nergie verte et propre, Clean Green Initiative (CGI), un programme de 3\u00a0milliards de livres sterling (4,1\u00a0milliards\u00a0USD) con\u00e7u pour stimuler l\u2019investissement public et priv\u00e9 mondial dans des \u00ab\u00a0infrastructures durables et de qualit\u00e9\u00a0\u00bb.<\/figcaption><\/figure>\n<p>Avec des enjeux si \u00e9lev\u00e9s, certains doutent qu\u2019un tel objectif puisse \u00eatre atteint.<\/p>\n<p>Selon l\u2019Agence internationale de l\u2019\u00e9nergie (<a href=\"https:\/\/www.iea.org\/\">IEA<\/a>), les plans actuels visant \u00e0 r\u00e9duire les \u00e9missions mondiales de carbone seront inf\u00e9rieurs de 60\u00a0% aux objectifs n\u00e9cessaires pour atteindre le niveau z\u00e9ro.<a href=\"#_ftn4\" name=\"_ftnref4\"><sup>[4]<\/sup><\/a> L\u2019AIE estime qu\u2019un investissement suppl\u00e9mentaire de 4\u00a0billions de dollars sera n\u00e9cessaire pour atteindre le z\u00e9ro net.<\/p>\n<p>Fatih Birol, directeur ex\u00e9cutif de l\u2019AIE, a averti que les plans de relance suite \u00e0 la pand\u00e9mie des gouvernements accordent toujours trop d\u2019importance au charbon.<a href=\"#_ftn5\" name=\"_ftnref5\"><sup>[5]<\/sup><\/a> Parmi les pays du G20, pour 1\u00a0USD par t\u00eate affect\u00e9 \u00e0 l\u2019\u00e9nergie propre dans les plans de relance post Covid, 1,05\u00a0USD par t\u00eate est d\u00e9pens\u00e9 pour soutenir l\u2019industrie des combustibles fossiles.<a href=\"#_ftn6\" name=\"_ftnref6\">[6]<\/a><\/p>\n<p>Simultan\u00e9ment, deux d\u00e9fis se profilent \u00e0 l\u2019horizon.<\/p>\n<p>Bien que la Chine s\u2019est engag\u00e9e \u00e0 mettre fin aux investissements dans les centrales au charbon \u00e0 l\u2019\u00e9tranger, elle reste actuellement engag\u00e9e \u00e0 construire de nouvelles centrales au charbon au niveau national.<a href=\"#_ftn7\" name=\"_ftnref7\">[7]<\/a><\/p>\n<p>Pendant ce temps, l\u2019\u00e9olien subit des revers l\u00e9gislatifs \u00e0 l\u2019Est comme \u00e0 l\u2019Ouest, avec l\u2019expiration du tarif de rachat en Chine et la suppression progressive du cr\u00e9dit d\u2019imp\u00f4t \u00e0 la production aux \u00c9tats-Unis.<\/p>\n<p>Alors que la consommation mondiale d\u2019\u00e9nergie devrait doubler d\u2019ici \u00e0 2050, il semble que le temps soit compt\u00e9 pour \u00e9viter de sombrer dans la catastrophe environnementale.<a href=\"#_ftn8\" name=\"_ftnref8\">[8]<\/a><\/p>\n<p><img decoding=\"async\" loading=\"lazy\" class=\"aligncenter size-full wp-image-94429\" src=\"https:\/\/www.alj.com\/app\/uploads\/2021\/11\/ALJ-Wind-Power-Coal.jpg\" alt=\"\" width=\"2480\" height=\"2008\" srcset=\"https:\/\/media.alj.com\/app\/uploads\/2021\/11\/ALJ-Wind-Power-Coal.jpg 2480w, https:\/\/media.alj.com\/app\/uploads\/2021\/11\/ALJ-Wind-Power-Coal-300x243.jpg 300w, https:\/\/media.alj.com\/app\/uploads\/2021\/11\/ALJ-Wind-Power-Coal-1024x829.jpg 1024w, https:\/\/media.alj.com\/app\/uploads\/2021\/11\/ALJ-Wind-Power-Coal-150x121.jpg 150w, https:\/\/media.alj.com\/app\/uploads\/2021\/11\/ALJ-Wind-Power-Coal-768x622.jpg 768w, https:\/\/media.alj.com\/app\/uploads\/2021\/11\/ALJ-Wind-Power-Coal-1536x1244.jpg 1536w, https:\/\/media.alj.com\/app\/uploads\/2021\/11\/ALJ-Wind-Power-Coal-2048x1658.jpg 2048w\" sizes=\"(max-width: 2480px) 100vw, 2480px\" \/><\/p>\n<h2>L\u2019industrie est vou\u00e9e \u00e0 l\u2019innovation ces cinq prochaines ann\u00e9es<\/h2>\n<p>Malgr\u00e9 ces d\u00e9fis, les perspectives du march\u00e9 \u00e9olien restent extr\u00eamement vigoureuses. En effet, le directeur du Global Wind Energy Council (<a href=\"https:\/\/gwec.net\/\">GWEC<\/a>) Ben Backwell a d\u00e9clar\u00e9 que la soci\u00e9t\u00e9 pourrait se souvenir de\u00a02021 comme de <em>\u00ab\u00a0l\u2019ann\u00e9e o\u00f9 le monde a enfin pris un tournant dans la lutte contre la crise climatique en adoptant une action collective d\u00e9cisive\u00a0\u00bb.<\/em><a href=\"#_ftn9\" name=\"_ftnref9\"><em><sup><strong>[9]<\/strong><\/sup><\/em><\/a><\/p>\n<figure id=\"attachment_94367\" aria-describedby=\"caption-attachment-94367\" style=\"width: 300px\" class=\"wp-caption alignleft\"><img decoding=\"async\" loading=\"lazy\" class=\"size-medium wp-image-94367\" src=\"https:\/\/www.alj.com\/app\/uploads\/2021\/11\/Ben-Backwell-GWEC-300x242.jpg\" alt=\"\" width=\"300\" height=\"242\" srcset=\"https:\/\/media.alj.com\/app\/uploads\/2021\/11\/Ben-Backwell-GWEC-300x242.jpg 300w, https:\/\/media.alj.com\/app\/uploads\/2021\/11\/Ben-Backwell-GWEC-150x121.jpg 150w, https:\/\/media.alj.com\/app\/uploads\/2021\/11\/Ben-Backwell-GWEC.jpg 619w\" sizes=\"(max-width: 300px) 100vw, 300px\" \/><figcaption id=\"caption-attachment-94367\" class=\"wp-caption-text\">Ben Backwell, PDG, GWEC<\/figcaption><\/figure>\n<p>Pourquoi afficher cet optimisme\u00a0?<\/p>\n<p>Le GWEC pr\u00e9voit que plus de 469\u00a0GW de nouvelles capacit\u00e9s \u00e9oliennes seront mises en ligne au cours des cinq prochaines ann\u00e9es, soit environ 94\u00a0GW par an entre\u00a02021 et 2025. Cela comprend une moyenne de 79,8\u00a0GW de nouvelle capacit\u00e9 \u00e9olienne terrestre chaque ann\u00e9e (total\u00a0: 399\u00a0GW). Le taux de nouvelles installations offshore devrait quadrupler au cours de la m\u00eame p\u00e9riode (total\u00a0: 70\u00a0GW), augmentant la part de march\u00e9 offshore de 6,5\u00a0% aujourd\u2019hui \u00e0 21\u00a0% d\u2019ici 2025.<\/p>\n<p>C\u2019est impressionnant, bien qu\u2019il soit toujours en de\u00e7\u00e0 des 180\u00a0GW de nouvelles installations jug\u00e9es n\u00e9cessaires chaque ann\u00e9e pour s\u2019assurer que les objectifs mondiaux de chauffage du GIEC sont atteints.<\/p>\n<p>Pourtant, lorsqu\u2019il s\u2019agit du p\u00e9ril existentiel que repr\u00e9sente le changement climatique, nous constatons de plus en plus que la n\u00e9cessit\u00e9 engendre l\u2019action.<\/p>\n<p>L\u2019UE, par exemple, vise \u00e0 fournir 30\u00a0GW de nouvelles turbines par an entre\u00a02021 et\u00a02030, dans le cadre de sa feuille de route<a href=\"#_ftn10\" name=\"_ftnref10\">[10]<\/a> Fit-For-55 (Par\u00e9 pour 55) visant \u00e0 r\u00e9duire les \u00e9missions sur le continent de 55\u00a0% d\u2019ici cette date.<a href=\"#_ftn11\" name=\"_ftnref11\">[11]<\/a><\/p>\n<p>Certes, l\u2019Europe avance dans la bonne direction, confirmant 43\u00a0milliards d\u2019euros de nouveaux investissements dans les parcs \u00e9oliens en 2020, dont 17\u00a0milliards d\u2019euros pour l\u2019\u00e9olien terrestre (13\u00a0GW) et 26\u00a0milliards d\u2019euros pour l\u2019\u00e9olien offshore (7\u00a0GW). Cela marque un bond d\u2019investissement de 70\u00a0% par rapport \u00e0 l\u2019ann\u00e9e pr\u00e9c\u00e9dente et comprend le financement de deux d\u00e9veloppements offshore majeurs actuellement en construction\u00a0: Hollandse Kust Zuid aux Pays-Bas et Dogger Bank au Royaume-Uni.<\/p>\n<p><img decoding=\"async\" loading=\"lazy\" class=\"aligncenter size-full wp-image-94457\" src=\"https:\/\/www.alj.com\/app\/uploads\/2021\/11\/ALJ-Wind-Power-Wind-Farms.jpg\" alt=\"\" width=\"2560\" height=\"1681\" \/><\/p>\n<p>En chef de file, le Royaume-Uni a repr\u00e9sent\u00e9 13\u00a0milliards d\u2019euros sur le total de 43\u00a0milliards d\u2019euros, suivi des Pays-Bas avec 8\u00a0milliards d\u2019euros, vient la France avec 6,5\u00a0milliards d\u2019euros et enfin l\u2019Allemagne avec 4,3\u00a0milliards d\u2019euros.<a href=\"#_ftn12\" name=\"_ftnref12\">[12]<\/a><\/p>\n<p>Les plans pour le d\u00e9ploiement plus large de l\u2019\u00e9nergie \u00e9olienne continuent de s\u2019acc\u00e9l\u00e9rer. Le gouvernement britannique a mis de c\u00f4t\u00e9 une petite r\u00e9serve de 220\u00a0millions de dollars pour investir dans des installations \u00e9oliennes offshore autour des eaux britanniques, dans le cadre d\u2019une initiative visant \u00e0 g\u00e9n\u00e9rer 1\u00a0GW d\u2019\u00e9nergie \u00e0 partir de r\u00e9seaux flottants d\u2019ici 2030.<a href=\"#_ftn13\" name=\"_ftnref13\">[13]<\/a> Le Royaume-Uni met \u00e9galement \u00e0 disposition ses ressources pour l\u2019initiative Clean Green Initiave avec 4,1\u00a0milliards USD, un programme visant \u00e0 aider les pays en d\u00e9veloppement \u00e0 \u00e9tablir des infrastructures d\u2019\u00e9nergie renouvelable et \u00e0 poursuivre la \u00ab\u00a0croissance verte\u00a0\u00bb apr\u00e8s la pand\u00e9mie.<a href=\"#_ftn14\" name=\"_ftnref14\">[14]<\/a> Les entreprises de combustibles fossiles s\u2019ouvrent \u00e9galement \u00e0 la merveille du vent. Le g\u00e9ant p\u00e9trolier norv\u00e9gien Equinor a d\u00e9voil\u00e9 un premier aper\u00e7u de sa nouvelle conception de plateforme \u00e9olienne flottante, une fondation de turbine semi-submersible avec des poutres en acier reliant trois colonnes flottantes.<a href=\"#_ftn15\" name=\"_ftnref15\">[15]<\/a> Le syst\u00e8me pr\u00e9sente plusieurs avantages par rapport aux conceptions de turbine offshore standard, \u00e9tant moins sujet aux pannes et plus rapide \u00e0 assembler. Les nouvelles turbines permettront le d\u00e9ploiement de projets flottants \u00e0 l\u2019\u00e9chelle du gigawatt en une seule phase et figureront dans l\u2019offre d\u2019Equinor pour l\u2019offre de location offshore ScotWind de 15\u00a0acres.<\/p>\n<p>Parier sur l\u2019avenir semble avoir un sens commercial judicieux. Selon un nouveau rapport de la Plateforme technologique europ\u00e9enne pour l\u2019\u00e9nergie \u00e9olienne (<a href=\"https:\/\/etipwind.eu\/\">ETIPWind<\/a>), l\u2019\u00e9lectrification est le moyen le plus \u00e9conomique de d\u00e9carboner l\u2019\u00e9conomie europ\u00e9enne. Ses recherches sugg\u00e8rent qu\u2019environ 75\u00a0% des besoins \u00e9nerg\u00e9tiques de l\u2019Europe seront satisfaits par l\u2019\u00e9lectrification d\u2019ici 2050, l\u2019\u00e9olien fournissant les deux tiers de ce total.<a href=\"#_ftn16\" name=\"_ftnref16\">[16]<\/a><\/p>\n<p>Chaque nouvelle turbine g\u00e9n\u00e8re environ 10\u00a0millions d\u2019euros d\u2019activit\u00e9 \u00e9conomique en Europe\u00a0; avec le soutien et les incitations appropri\u00e9s, on pense que l\u2019industrie pourrait cr\u00e9er 150\u00a0000\u00a0nouveaux emplois d\u2019ici\u00a02030.<a href=\"#_ftn17\" name=\"_ftnref17\"><sup>[17]<\/sup><\/a><\/p>\n<h2>La technologie r\u00e9\u00e9crit les r\u00e8gles du jeu<\/h2>\n<p>Un argument commun contre les \u00e9nergies renouvelables est la question de l\u2019approvisionnement fluctuant\u00a0: que faire, par exemple, lorsque le vent ne souffle pas avec vigueur, mais que nos usines et syst\u00e8mes de transport doivent encore fonctionner\u00a0? Les progr\u00e8s se sont poursuivis en 2020 et en 2021 de mani\u00e8re encourageante sur des concepts impliquant le stockage par batterie et la technologie dite \u00ab\u00a0Power-to-X\u00a0\u00bb.<\/p>\n<p>L\u2019alimentation via la technologie Power-to-X implique que l\u2019\u00e9nergie exc\u00e9dentaire soit d\u00e9tourn\u00e9e du r\u00e9seau pendant les p\u00e9riodes de suralimentation et transform\u00e9e par \u00e9lectrolyse en hydrog\u00e8ne pour une utilisation finale dans diff\u00e9rents secteurs\u00a0: de l\u2019\u00e9nergie \u00e0 la chimie, par exemple, ou de l\u2019\u00e9nergie au carburant, ou de l\u2019\u00e9nergie au gaz. Au cours des 12\u00a0derniers mois, d\u2019autres progr\u00e8s ont \u00e9t\u00e9 r\u00e9alis\u00e9s dans les technologies de reconversion telles que les turbines \u00e0 gaz, les centrales \u00e0 cycle combin\u00e9, les moteurs alternatifs et les piles \u00e0 combustible (<a href=\"https:\/\/en.wikipedia.org\/wiki\/Gas_turbine#Industrial_gas_turbines_for_power_generation\">gas turbines<\/a>,\u00a0<a href=\"https:\/\/en.wikipedia.org\/wiki\/Combined_cycle\">combined cycle power plant<\/a>s, <a href=\"https:\/\/en.wikipedia.org\/wiki\/Reciprocating_engine\">reciprocating engines<\/a> et <a href=\"https:\/\/en.wikipedia.org\/wiki\/Fuel_cell\">fuel cells<\/a>).<\/p>\n<p><img decoding=\"async\" loading=\"lazy\" class=\"aligncenter size-full wp-image-94443\" src=\"https:\/\/www.alj.com\/app\/uploads\/2021\/11\/ALJ-Wind-Power-Green-Hydrogen.jpg\" alt=\"\" width=\"2560\" height=\"1810\" \/><\/p>\n<p>De telles perc\u00e9es donnent un \u00e9lan puissant \u00e0 des projets tels que le vaste parc \u00e9olien offshore NortH2 (une co-entreprise entre Equinor, Gasunie, Groningen Seaports, RWE et Shell Nederland) situ\u00e9 au large des c\u00f4tes des Pays-Bas. NortH2 vise \u00e0 g\u00e9n\u00e9rer 4\u00a0GW d\u2019hydrog\u00e8ne vert d\u2019ici 2030, augmentant une d\u00e9cennie plus tard \u00e0 10\u00a0GW.<a href=\"#_ftn18\" name=\"_ftnref18\">[18]<\/a><\/p>\n<p>Ailleurs, la mise en service est pr\u00e9vue d\u2019ici la fin\u00a02021 sur un parc \u00e9olien terrestre de 200\u00a0MW dans la province de Hebei, en Chine, utilisant l\u2019\u00e9lectrolyse pour produire 10\u00a0MW d\u2019hydrog\u00e8ne vert chaque ann\u00e9e.<\/p>\n<p>Plus au sud, l\u2019\u00e9norme hub d\u2019\u00e9nergie renouvelable asiatique \u00e9olien\/solaire de 15\u00a0GW de l\u2019Australie occidentale devrait devenir op\u00e9rationnel en 2027, atteignant 26\u00a0GW d\u2019\u00e9nergie renouvelable avec une production d\u2019hydrog\u00e8ne vert et d\u2019ammoniac.<\/p>\n<p>Le prix de la technologie de stockage par batterie continue lui aussi \u00e0 baisser, le prix des batteries ayant diminu\u00e9 de 90\u00a0% au cours de la derni\u00e8re d\u00e9cennie.<\/p>\n<p>Chez Abdul Latif Jameel, nous savons que faire de grands changements n\u00e9cessite des actions audacieuses, c\u2019est pourquoi nous finan\u00e7ons la recherche sur la technologie de batterie de pointe via notre entreprise phare d\u2019\u00e9nergies renouvelables Fotowatio Renewable Ventures (<a href=\"https:\/\/frv.com\/en\/\">FRV<\/a>), qui fait partie de <a href=\"https:\/\/alj.com\/energy\">Abdul Latif Jameel Energy<\/a><u>.<\/u><\/p>\n<p><iframe loading=\"lazy\" src=\"\/\/www.youtube.com\/embed\/K5Su-KjYeXg\" width=\"560\" height=\"314\" allowfullscreen=\"allowfullscreen\"><\/iframe><\/p>\n<p>FRV-X, la branche d\u2019innovation de FRV, est impliqu\u00e9e dans deux projets r\u00e9volutionnaires de stockage d\u2019\u00e9nergie au Royaume-Uni, en partenariat avec le d\u00e9veloppeur britannique d\u2019\u00e9nergie renouvelable <a href=\"https:\/\/www.harmonyenergy.co.uk\/\">Harmony Energy<\/a>\u00a0: le site de <a href=\"https:\/\/www.alj.com\/en\/news\/abdul-latif-jameel-energy-supports-development-of-second-utility-scale-battery-storage-project-in-uk\/\">Contego<\/a> de 34\u00a0MW, utilisant une s\u00e9rie de 28\u00a0batteries Megapack Tesla pour une capacit\u00e9 de 68\u00a0MWh\u00a0; et le d\u00e9veloppement de 7,5\u00a0MW par <a href=\"https:\/\/www.alj.com\/en\/news\/abdul-latif-jameel-energys-frv-harmony-energy-commission-first-megapack-uk-energy-storage-project\/\">Holes Bay<\/a>, offrant la capacit\u00e9 de stocker de l\u2019\u00e9nergie \u00e0 partir de sources renouvelables et offrant une flexibilit\u00e9 maximale au r\u00e9seau national du Royaume-Uni. En outre, les partenaires ont r\u00e9cemment annonc\u00e9 des plans pour le plus grand syst\u00e8me de stockage d\u2019\u00e9nergie par batterie (BESS) du Royaume-Uni chez Clay Tye \u00e0 Essex.<\/p>\n<p><iframe loading=\"lazy\" src=\"\/\/www.youtube.com\/embed\/wOrmFDNHlns\" width=\"560\" height=\"314\" allowfullscreen=\"allowfullscreen\"><\/iframe><\/p>\n<p>Felipe Hern\u00e1ndez<em>, directeur<\/em> g\u00e9n\u00e9ral de FRV-X a d\u00e9clar\u00e9\u00a0: <em>\u00ab\u00a0Ces projets soulignent notre engagement en faveur de l\u2019\u00e9nergie renouvelable au Royaume-Uni et notre soutien continu \u00e0 sa transition vers un syst\u00e8me \u00e9nerg\u00e9tique d\u00e9carbon\u00e9.<\/em> <em>Dans un avenir proche, nous souhaitons continuer \u00e0 d\u00e9velopper notre pipeline de stockage d\u2019\u00e9nergie, non seulement au Royaume-Uni, mais \u00e9galement sur tous les march\u00e9s o\u00f9 nous sommes pr\u00e9sents.\u00a0\u00bb<\/em><\/p>\n<p>FRV est \u00e9galement \u00e0 l\u2019origine du projet de syst\u00e8me de stockage d\u2019\u00e9nergie <a href=\"https:\/\/www.alj.com\/en\/news\/abdul-latif-jameel-energys-frv-announces-first-hybrid-pv-solar-storage-project-in-australia\/\">Dalby 1 hybrid<\/a> solaire et de batterie (BESS) de 5MW dans la r\u00e9gion de Dalby dans le Queensland, en Australie, dont l\u2019ach\u00e8vement est pr\u00e9vu en d\u00e9cembre de cette ann\u00e9e.<\/p>\n<p><img decoding=\"async\" loading=\"lazy\" class=\"aligncenter  wp-image-94402\" src=\"https:\/\/www.alj.com\/app\/uploads\/2021\/11\/Wind-turbine-landscape.jpg\" alt=\"\" width=\"964\" height=\"488\" srcset=\"https:\/\/media.alj.com\/app\/uploads\/2021\/11\/Wind-turbine-landscape.jpg 496w, https:\/\/media.alj.com\/app\/uploads\/2021\/11\/Wind-turbine-landscape-300x152.jpg 300w, https:\/\/media.alj.com\/app\/uploads\/2021\/11\/Wind-turbine-landscape-150x76.jpg 150w\" sizes=\"(max-width: 964px) 100vw, 964px\" \/><\/p>\n<p>Ces activit\u00e9s compl\u00e8tent les autres projets de production d\u2019\u00e9nergie verte de FRV, y compris le projet du site Hybrid Wind Rarinco and Solar Punta del Viento <a href=\"https:\/\/frv.com\/en\/projects\/solar-punta-colorada\/\">343 MW hybrid<\/a> de 945\u00a0MWh au Chili, qui devraient approvisionner environ 391\u00a0841\u00a0foyers lorsqu\u2019il deviendra op\u00e9rationnel en 2023, et qu\u2019il aura re\u00e7u l\u2019<a href=\"https:\/\/www.linkedin.com\/feed\/update\/urn:li:activity:6851886567154294785\">approbation de la licence environnementale<\/a>.<\/p>\n<p>Certaines des avanc\u00e9es les plus passionnantes dans le domaine de l\u2019\u00e9nergie \u00e9olienne pourraient se produire aux portes d\u2019Abdul Latif Jameel en Arabie saoudite, soulign\u00e9e cette ann\u00e9e par GWEC comme un march\u00e9 \u00e0 surveiller.<a href=\"#_ftn19\" name=\"_ftnref19\">[19]<\/a><\/p>\n<p>Le GWEC classe l\u2019Arabie saoudite 13<sup>e<\/sup> au niveau mondial en termes de potentiel de production \u00e9olienne terrestre. Les vitesses annuelles du vent terrestre sur les sites d\u00e9sign\u00e9s s\u2019enregistrent entre 6 et 8\u00a0m\/s et restent constantes pendant la majeure partie de l\u2019ann\u00e9e. Si elles sont exploit\u00e9es pleinement, on pense que les \u00e9nergies renouvelables saoudiennes pourraient cr\u00e9er jusqu\u2019\u00e0 750\u00a0000\u00a0emplois d\u2019ici la fin de la d\u00e9cennie.<\/p>\n<p><img decoding=\"async\" loading=\"lazy\" class=\"alignleft size-full wp-image-94388\" src=\"https:\/\/www.alj.com\/app\/uploads\/2021\/11\/NREP-Logo.jpg\" alt=\"\" width=\"200\" height=\"100\" srcset=\"https:\/\/media.alj.com\/app\/uploads\/2021\/11\/NREP-Logo.jpg 200w, https:\/\/media.alj.com\/app\/uploads\/2021\/11\/NREP-Logo-150x75.jpg 150w\" sizes=\"(max-width: 200px) 100vw, 200px\" \/>Le programme national d\u2019\u00e9nergie renouvelable (<a href=\"https:\/\/ksa-climate.com\/making-a-difference\/nrep\/\">National Renewable Energy Program<\/a>, NREP) cible 58,7\u00a0GW d\u2019\u00e9nergies renouvelables d\u2019ici 2030, dont 16\u00a0GW provenant de l\u2019\u00e9olien. La premi\u00e8re vente aux ench\u00e8res \u00e9olienne d\u2019Arabie saoudite a abouti au projet Dumat-al-Jandal de 500\u00a0millions de dollars\u00a0; un parc \u00e9olien de 400\u00a0MW devant commencer ses op\u00e9rations au premier trimestre\u00a02022.<\/p>\n<p>Ailleurs en Arabie saoudite, les arguments en faveur de l\u2019\u00e9nergie \u00e9olienne sont encore valid\u00e9s par Neom, une ville intelligente exclusivement aliment\u00e9e par des \u00e9nergies renouvelables, actuellement en construction dans la province de Tabuk. Avec la phase un, qui devrait \u00eatre achev\u00e9e en 2025, Neom se verra dot\u00e9 du plus grand projet d\u2019hydrog\u00e8ne vert au monde, aliment\u00e9 par 4\u00a0GW d\u2019\u00e9nergie \u00e9olienne et solaire.<\/p>\n<p>Comme nous pouvons le voir, le vent reste synonyme d\u2019espoir.<\/p>\n<h2>Le vent promet une nouvelle direction<\/h2>\n<figure id=\"attachment_90624\" aria-describedby=\"caption-attachment-90624\" style=\"width: 225px\" class=\"wp-caption alignleft\"><img decoding=\"async\" loading=\"lazy\" class=\"size-medium wp-image-90624\" src=\"https:\/\/www.alj.com\/app\/uploads\/2021\/07\/Fady-Jameel-2-225x300.jpg\" alt=\"Fady Jameel\" width=\"225\" height=\"300\" srcset=\"https:\/\/media.alj.com\/app\/uploads\/2021\/07\/Fady-Jameel-2-225x300.jpg 225w, https:\/\/media.alj.com\/app\/uploads\/2021\/07\/Fady-Jameel-2-768x1025.jpg 768w, https:\/\/media.alj.com\/app\/uploads\/2021\/07\/Fady-Jameel-2-112x150.jpg 112w, https:\/\/media.alj.com\/app\/uploads\/2021\/07\/Fady-Jameel-2-1151x1536.jpg 1151w, https:\/\/media.alj.com\/app\/uploads\/2021\/07\/Fady-Jameel-2.jpg 1224w\" sizes=\"(max-width: 225px) 100vw, 225px\" \/><figcaption id=\"caption-attachment-90624\" class=\"wp-caption-text\">Fady\u00a0Jameel,<br \/>\npr\u00e9sident d\u00e9l\u00e9gu\u00e9 et vice-pr\u00e9sident d\u2019<br \/>\nAbdul Latif Jameel<\/figcaption><\/figure>\n<p>Il pourrait \u00eatre tentant de croire qu\u2019en r\u00e9duisant la consommation d\u2019\u00e9nergie mondiale, la COVID-19 a frein\u00e9 le changement climatique. Mais ce n\u2019est qu\u2019un r\u00e9pit temporaire. Comme <a href=\"https:\/\/www.alj.com\/en\/our-people\/fady-jameel\/\">Fady Jameel<\/a>, pr\u00e9sident adjoint et vice-pr\u00e9sident d\u2019<a href=\"https:\/\/alj.com\/\">Abdul Latif Jameel<\/a>, l\u2019explique dans son r\u00e9cent article <a href=\"https:\/\/www.alj.com\/en\/spotlight-by-fady-jameel\/time-for-climate-action-to-go-viral\/\">Spotlight<\/a><u>,<\/u> le changement climatique ne s\u2019arr\u00eate pas pendant que le monde lutte contre la\u00a0COVID-19. Bien que les \u00e9missions de carbone aient effectivement chut\u00e9 de 6\u00a0% en 2020, elles devraient augmenter de 4\u00a0% dans les pays du G20 en 2021, alors que l\u2019industrie s\u2019intensifie une fois de plus.<a href=\"#_ftn20\" name=\"_ftnref20\">[20]<\/a> Plusieurs pays, dont l\u2019Inde et la Chine, sont en effet sur le point de d\u00e9passer leurs niveaux d\u2019\u00e9mission de 2019.<\/p>\n<p><em>\u00ab\u00a0Les chiffres peuvent varier d\u2019une ann\u00e9e sur l\u2019autre, mais la v\u00e9rit\u00e9 sous-jacente reste dure\u00a0\u00bb <\/em>d\u00e9clare <a href=\"https:\/\/www.linkedin.com\/in\/fady-m-jameel\/\">Fady<\/a>. <em>\u00ab\u00a0Quel que soit le monde dans lequel nous vivons, quelle que soit notre richesse relative, le r\u00e9chauffement climatique plan\u00e9taire reste une menace pour notre mode de vie. <\/em><\/p>\n<p><em>\u00ab\u00a0Chez Abdul Latif Jameel, nous aimons diriger par l\u2019exemple, montrant comment l\u2019investissement priv\u00e9 peut inciter le secteur public \u00e0 am\u00e9liorer concr\u00e8tement la vie et les perspectives des gens, aujourd\u2019hui et \u00e0 l\u2019avenir.<\/em><\/p>\n<p><em>\u00ab\u00a0Personne n\u2019avait pr\u00e9vu un r\u00e9chauffement de la plan\u00e8te de 2\u00a0degr\u00e9s, tout comme personne n&#8217;avait pr\u00e9vu une pand\u00e9mie \u00e0 l\u2019\u00e9chelle mondiale. Mais nous ne devons pas nous lamenter sur ce que nous ne pouvons pas changer\u00a0; il y a tout simplement trop de travail \u00e0 faire.\u00a0\u00bb<\/em><\/p>\n<p>Pour l\u2019avenir, le GWEC d\u00e9crit plusieurs \u00e9tapes cl\u00e9s, du niveau pratique au niveau psychologique, pour placer l\u2019\u00e9nergie \u00e9olienne au c\u0153ur de la transition \u00e9nerg\u00e9tique verte\u00a0:<a href=\"#_ftn21\" name=\"_ftnref21\">[21]<\/a><\/p>\n<ul>\n<li><strong>Honn\u00eatet\u00e9<\/strong>: les l\u00e9gislateurs et les r\u00e9gulateurs doivent cr\u00e9er un sentiment d\u2019urgence en mettant l\u2019accent sur le gouffre entre l\u2019endroit o\u00f9 nous sommes aujourd\u2019hui et celui o\u00f9 nous devons \u00eatre.<\/li>\n<li><strong>Urgence<\/strong>: les planificateurs doivent adopter une approche d\u2019urgence climatique en r\u00e9duisant les formalit\u00e9s administratives et en rationalisant le processus d\u2019autorisation pour les nouveaux parcs \u00e9oliens.<\/li>\n<li><strong>\u00c9quit\u00e9<\/strong>: les gouvernements doivent contribuer \u00e0 drainer le syst\u00e8me \u00e9nerg\u00e9tique des combustibles fossiles et \u00e0 garantir que les dettes sociales des \u00e9missions de carbone sont \u00e9quitablement r\u00e9gl\u00e9es.<\/li>\n<li><strong>Coordination<\/strong>: les parties prenantes du march\u00e9 des \u00e9nergies renouvelables doivent s\u2019unir pour aider les industries difficiles \u00e0 transformer telles que les produits chimiques, l\u2019agriculture et le transport \u00e0 d\u00e9carboner.<\/li>\n<\/ul>\n<blockquote>\n<p><em>\u00ab\u00a0La m\u00e9t\u00e9o peut \u00eatre amie ou ennemie \u2013 le choix est le n\u00f4tre\u00a0\u00bb, <\/em>ajoute Fady Jameel.<em> \u00ab\u00a0En travaillant \u00e0 l\u2019unisson et en exploitant la puissance de la nature, nous pouvons ensemble propulser l\u2019\u00e9nergie \u00e9olienne dans le programme \u00e9nerg\u00e9tique et aider \u00e0 prot\u00e9ger notre plan\u00e8te.\u00a0\u00bb<\/em><\/p>\n<\/blockquote>\n<p>&nbsp;<\/p>\n<p><a href=\"#_ftnref1\" name=\"_ftn1\">[1]<\/a> https:\/\/gwec.net\/wp-content\/uploads\/2021\/03\/GWEC-Global-Wind-Report-2021.pdf<\/p>\n<p><a href=\"#_ftnref2\" name=\"_ftn2\">[2]<\/a> https:\/\/www.irena.org\/-\/media\/Files\/IRENA\/Agency\/Publication\/2019\/Sep\/IRENA_Transforming_2019_Summary.pdf<\/p>\n<p><a href=\"#_ftnref3\" name=\"_ftn3\">[3]<\/a> https:\/\/gwec.net\/wp-content\/uploads\/2021\/03\/GWEC-Global-Wind-Report-2021.pdf<\/p>\n<p><a href=\"#_ftnref4\" name=\"_ftn4\">[4]<\/a> https:\/\/www.iea.org\/reports\/world-energy-outlook-2021<\/p>\n<p><a href=\"#_ftnref5\" name=\"_ftn5\">[5]<\/a> https:\/\/www.theguardian.com\/environment\/2021\/oct\/13\/carbon-emissions-will-drop-just-40-by-2050-with-countries-current-pledges<\/p>\n<p><a href=\"#_ftnref6\" name=\"_ftn6\">[6]<\/a> https:\/\/gwec.net\/wp-content\/uploads\/2021\/03\/GWEC-Global-Wind-Report-2021.pdf<\/p>\n<p><a href=\"#_ftnref7\" name=\"_ftn7\">[7]<\/a> https:\/\/www.theguardian.com\/environment\/2021\/oct\/12\/china-coal-fired-plants-uk-cop26-climate-summit-global-phase-out<\/p>\n<p><a href=\"#_ftnref8\" name=\"_ftn8\">[8]<\/a> https:\/\/www.mckinsey.com\/~\/media\/McKinsey\/Industries\/Oil%20and%20Gas\/Our%20Insights\/Global%20Energy%20Perspective%202019\/McKinsey-Energy-Insights-Global-Energy-Perspective-2019_Reference-Case-Summary.ashx<\/p>\n<p><a href=\"#_ftnref9\" name=\"_ftn9\">[9]<\/a> https:\/\/gwec.net\/wp-content\/uploads\/2021\/03\/GWEC-Global-Wind-Report-2021.pdf<\/p>\n<p><a href=\"#_ftnref10\" name=\"_ftn10\">[10]<\/a> https:\/\/www.consilium.europa.eu\/en\/policies\/green-deal\/eu-plan-for-a-green-transition\/<\/p>\n<p><a href=\"#_ftnref11\" name=\"_ftn11\">[11]<\/a> https:\/\/windeurope.org\/newsroom\/press-releases\/its-official-the-eu-commission-wants-30-gw-of-new-wind-a-year-up-to-2030\/<\/p>\n<p><a href=\"#_ftnref12\" name=\"_ftn12\">[12]<\/a> https:\/\/windeurope.org\/newsroom\/press-releases\/money-pouring-into-wind-energy-despite-covid-but-are-there-enough-projects-out-there\/<\/p>\n<p><a href=\"#_ftnref13\" name=\"_ftn13\">[13]<\/a> https:\/\/www.rechargenews.com\/wind\/britain-bets-on-floating-wind-with-220m-kickstart-pot-for-coastal-industrial-hubs\/2-1-1091349<\/p>\n<p><a href=\"#_ftnref14\" name=\"_ftn14\">[14]<\/a> https:\/\/www.rechargenews.com\/energy-transition\/britain-launches-developing-nations-angled-green-funding-package-plan\/2-1-1091929<\/p>\n<p><a href=\"#_ftnref15\" name=\"_ftn15\">[15]<\/a> https:\/\/www.rechargenews.com\/wind\/equinor-eyes-gigawatt-scale-floating-wind-off-scotland-with-new-foundation-concept\/2-1-1091513<\/p>\n<p><a href=\"#_ftnref16\" name=\"_ftn16\">[16]<\/a> https:\/\/etipwind.eu\/files\/reports\/Flagship\/fit-for-55\/ETIPWind-Flagship-report-Fit-for-55-set-for-2050.pdf<\/p>\n<p><a href=\"#_ftnref17\" name=\"_ftn17\">[17]<\/a> https:\/\/windeurope.org\/newsroom\/press-releases\/money-pouring-into-wind-energy-despite-covid-but-are-there-enough-projects-out-there\/<\/p>\n<p><a href=\"#_ftnref18\" name=\"_ftn18\">[18]<\/a> https:\/\/gwec.net\/wp-content\/uploads\/2021\/03\/GWEC-Global-Wind-Report-2021.pdf<\/p>\n<p><a href=\"#_ftnref19\" name=\"_ftn19\">[19]<\/a> https:\/\/gwec.net\/wp-content\/uploads\/2021\/03\/GWEC-Global-Wind-Report-2021.pdf<\/p>\n<p><a href=\"#_ftnref20\" name=\"_ftn20\">[20]<\/a> https:\/\/www.climate-transparency.org\/g20-climate-performance\/g20report2021<\/p>\n<p><a href=\"#_ftnref21\" name=\"_ftn21\">[21]<\/a> https:\/\/gwec.net\/wp-content\/uploads\/2021\/03\/GWEC-Global-Wind-Report-2021.pdf<\/p>\n","protected":false},"author":18,"featured_media":94499,"template":"","tags":[],"acf":[],"yoast_head":"<!-- This site is optimized with the Yoast SEO plugin v21.5 - https:\/\/yoast.com\/wordpress\/plugins\/seo\/ -->\n<title>D\u00e9veloppement de l&#039;\u00e9nergie \u00e9olienne dans l&#039;industrie | Abdul Latif Jameel\u00ae<\/title>\n<meta name=\"description\" content=\"Explorez les \u00e9nergies renouvelables d&#039;ALJ avec le projet \u00e9olien mis en place dans 15 pays. Apprenez-en plus sur la croissance de cette industrie et la technologie utilis\u00e9e.\" \/>\n<meta name=\"robots\" content=\"index, follow, max-snippet:-1, max-image-preview:large, max-video-preview:-1\" \/>\n<link rel=\"canonical\" href=\"https:\/\/alj.com\/fr\/perspective\/wind-energizes-renewables-market-in-record-year\/\" \/>\n<meta property=\"og:locale\" content=\"fr_FR\" \/>\n<meta property=\"og:type\" content=\"article\" \/>\n<meta property=\"og:title\" content=\"D\u00e9veloppement de l&#039;\u00e9nergie \u00e9olienne dans l&#039;industrie | Abdul Latif Jameel\u00ae\" \/>\n<meta property=\"og:description\" content=\"Explorez les \u00e9nergies renouvelables d&#039;ALJ avec le projet \u00e9olien mis en place dans 15 pays. Apprenez-en plus sur la croissance de cette industrie et la technologie utilis\u00e9e.\" \/>\n<meta property=\"og:url\" content=\"https:\/\/alj.com\/fr\/perspective\/wind-energizes-renewables-market-in-record-year\/\" \/>\n<meta property=\"og:site_name\" content=\"Abdul Latif Jameel\" \/>\n<meta property=\"article:publisher\" content=\"https:\/\/www.facebook.com\/Abdul.Latif.Jameel.Official\" \/>\n<meta property=\"article:modified_time\" content=\"2022-04-12T09:11:20+00:00\" \/>\n<meta property=\"og:image\" content=\"https:\/\/media.alj.com\/app\/uploads\/2021\/11\/raychel-sanner-9MlgEX2eIkg-unsplash.jpg\" \/>\n\t<meta property=\"og:image:width\" content=\"1920\" \/>\n\t<meta property=\"og:image:height\" content=\"1440\" \/>\n\t<meta property=\"og:image:type\" content=\"image\/jpeg\" \/>\n<meta name=\"twitter:card\" content=\"summary_large_image\" \/>\n<meta name=\"twitter:label1\" content=\"Est. reading time\" \/>\n\t<meta name=\"twitter:data1\" content=\"16 minutes\" \/>\n<script type=\"application\/ld+json\" class=\"yoast-schema-graph\">{\"@context\":\"https:\/\/schema.org\",\"@graph\":[{\"@type\":\"WebPage\",\"@id\":\"https:\/\/alj.com\/fr\/perspective\/wind-energizes-renewables-market-in-record-year\/\",\"url\":\"https:\/\/alj.com\/fr\/perspective\/wind-energizes-renewables-market-in-record-year\/\",\"name\":\"D\u00e9veloppement de l'\u00e9nergie \u00e9olienne dans l'industrie | Abdul Latif Jameel\u00ae\",\"isPartOf\":{\"@id\":\"https:\/\/alj.com\/en\/#website\"},\"datePublished\":\"2021-11-23T05:09:29+00:00\",\"dateModified\":\"2022-04-12T09:11:20+00:00\",\"description\":\"Explorez les \u00e9nergies renouvelables d'ALJ avec le projet \u00e9olien mis en place dans 15 pays. Apprenez-en plus sur la croissance de cette industrie et la technologie utilis\u00e9e.\",\"breadcrumb\":{\"@id\":\"https:\/\/alj.com\/fr\/perspective\/wind-energizes-renewables-market-in-record-year\/#breadcrumb\"},\"inLanguage\":\"fr-FR\",\"potentialAction\":[{\"@type\":\"ReadAction\",\"target\":[\"https:\/\/alj.com\/fr\/perspective\/wind-energizes-renewables-market-in-record-year\/\"]}]},{\"@type\":\"BreadcrumbList\",\"@id\":\"https:\/\/alj.com\/fr\/perspective\/wind-energizes-renewables-market-in-record-year\/#breadcrumb\",\"itemListElement\":[{\"@type\":\"ListItem\",\"position\":1,\"name\":\"Home\",\"item\":\"https:\/\/alj.com\/fr\/\"},{\"@type\":\"ListItem\",\"position\":2,\"name\":\"Perspectives\",\"item\":\"https:\/\/alj.com\/ja\/perspective\/\"},{\"@type\":\"ListItem\",\"position\":3,\"name\":\"Wind energizes renewables market in record year\"}]},{\"@type\":\"WebSite\",\"@id\":\"https:\/\/alj.com\/en\/#website\",\"url\":\"https:\/\/alj.com\/en\/\",\"name\":\"Abdul Latif Jameel\",\"description\":\"Abdul Latif Jameel\",\"potentialAction\":[{\"@type\":\"SearchAction\",\"target\":{\"@type\":\"EntryPoint\",\"urlTemplate\":\"https:\/\/alj.com\/en\/?s={search_term_string}\"},\"query-input\":\"required name=search_term_string\"}],\"inLanguage\":\"fr-FR\"}]}<\/script>\n<!-- \/ Yoast SEO plugin. -->","yoast_head_json":{"title":"D\u00e9veloppement de l'\u00e9nergie \u00e9olienne dans l'industrie | Abdul Latif Jameel\u00ae","description":"Explorez les \u00e9nergies renouvelables d'ALJ avec le projet \u00e9olien mis en place dans 15 pays. Apprenez-en plus sur la croissance de cette industrie et la technologie utilis\u00e9e.","robots":{"index":"index","follow":"follow","max-snippet":"max-snippet:-1","max-image-preview":"max-image-preview:large","max-video-preview":"max-video-preview:-1"},"canonical":"https:\/\/alj.com\/fr\/perspective\/wind-energizes-renewables-market-in-record-year\/","og_locale":"fr_FR","og_type":"article","og_title":"D\u00e9veloppement de l'\u00e9nergie \u00e9olienne dans l'industrie | Abdul Latif Jameel\u00ae","og_description":"Explorez les \u00e9nergies renouvelables d'ALJ avec le projet \u00e9olien mis en place dans 15 pays. Apprenez-en plus sur la croissance de cette industrie et la technologie utilis\u00e9e.","og_url":"https:\/\/alj.com\/fr\/perspective\/wind-energizes-renewables-market-in-record-year\/","og_site_name":"Abdul Latif Jameel","article_publisher":"https:\/\/www.facebook.com\/Abdul.Latif.Jameel.Official","article_modified_time":"2022-04-12T09:11:20+00:00","og_image":[{"width":1920,"height":1440,"url":"https:\/\/media.alj.com\/app\/uploads\/2021\/11\/raychel-sanner-9MlgEX2eIkg-unsplash.jpg","type":"image\/jpeg"}],"twitter_card":"summary_large_image","twitter_misc":{"Est. reading time":"16 minutes"},"schema":{"@context":"https:\/\/schema.org","@graph":[{"@type":"WebPage","@id":"https:\/\/alj.com\/fr\/perspective\/wind-energizes-renewables-market-in-record-year\/","url":"https:\/\/alj.com\/fr\/perspective\/wind-energizes-renewables-market-in-record-year\/","name":"D\u00e9veloppement de l'\u00e9nergie \u00e9olienne dans l'industrie | Abdul Latif Jameel\u00ae","isPartOf":{"@id":"https:\/\/alj.com\/en\/#website"},"datePublished":"2021-11-23T05:09:29+00:00","dateModified":"2022-04-12T09:11:20+00:00","description":"Explorez les \u00e9nergies renouvelables d'ALJ avec le projet \u00e9olien mis en place dans 15 pays. Apprenez-en plus sur la croissance de cette industrie et la technologie utilis\u00e9e.","breadcrumb":{"@id":"https:\/\/alj.com\/fr\/perspective\/wind-energizes-renewables-market-in-record-year\/#breadcrumb"},"inLanguage":"fr-FR","potentialAction":[{"@type":"ReadAction","target":["https:\/\/alj.com\/fr\/perspective\/wind-energizes-renewables-market-in-record-year\/"]}]},{"@type":"BreadcrumbList","@id":"https:\/\/alj.com\/fr\/perspective\/wind-energizes-renewables-market-in-record-year\/#breadcrumb","itemListElement":[{"@type":"ListItem","position":1,"name":"Home","item":"https:\/\/alj.com\/fr\/"},{"@type":"ListItem","position":2,"name":"Perspectives","item":"https:\/\/alj.com\/ja\/perspective\/"},{"@type":"ListItem","position":3,"name":"Wind energizes renewables market in record year"}]},{"@type":"WebSite","@id":"https:\/\/alj.com\/en\/#website","url":"https:\/\/alj.com\/en\/","name":"Abdul Latif Jameel","description":"Abdul Latif Jameel","potentialAction":[{"@type":"SearchAction","target":{"@type":"EntryPoint","urlTemplate":"https:\/\/alj.com\/en\/?s={search_term_string}"},"query-input":"required name=search_term_string"}],"inLanguage":"fr-FR"}]}},"post-meta-fields":{"_alp_processed":["1637580728"],"_wpml_word_count":["{\"total\":2725,\"to_translate\":{\"ar\":2725,\"zh-hans\":2725,\"fr\":2725,\"ja\":2725,\"es\":2725,\"tr\":2725}}"],"push_notification":["no"],"_push_notification":["field_5c3b1fb67034d"],"_wpml_media_featured":["1"],"_wpml_media_duplicate":["1"],"perspective_short_title":["Wind energizes renewables market in record year"],"perspective_summury":["<p>Les nouvelles installations d\u2019\u00e9nergie \u00e9olienne ont atteint des sommets record et les gouvernements ainsi que les investisseurs se sont unis pour se laisser pousser des ailes. L\u2019industrie s\u2019est av\u00e9r\u00e9e \u00eatre une v\u00e9ritable force de la nature\u00a0: incessante, indestructible et capable de susciter l\u2019enthousiasme dans le monde entier.<\/p>\n"],"perspective_location":["Dubai, UAE"],"wpcf-featured-news":["0"],"is_latest_news":["0"],"wpcf-show-news-at-homepage":["1"],"publish_mobile":[""],"_publish_mobile":["field_5bfa8eb2e65cf"],"mobile_featured_image":["https:\/\/media.alj.com\/app\/uploads\/2021\/11\/Wind-Raychel-Sanner-credit.jpg"],"_mobile_featured_image":["field_5c3b204983dea"],"content_series_applied":[""],"_content_series_applied":["field_60f3d3faf82ac"],"_bsf_post_type":["0"],"_bsf_item_review_type":["none"],"_yoast_wpseo_title":["D\u00e9veloppement de l'\u00e9nergie \u00e9olienne dans l'industrie | Abdul Latif Jameel\u00ae"],"_yoast_wpseo_metadesc":["Explorez les \u00e9nergies renouvelables d'ALJ avec le projet \u00e9olien mis en place dans 15 pays. Apprenez-en plus sur la croissance de cette industrie et la technologie utilis\u00e9e."],"_yoast_wpseo_content_score":["30"],"_yoast_wpseo_estimated-reading-time-minutes":["16"],"_thumbnail_id":["94499"],"_edit_lock":["1649754783:25"],"_edit_last":["25"],"_last_translation_edit_mode":["native-editor"],"_wp_old_date":["2021-11-22"],"wpcf-perspective-published-date":["1637625600"],"perspective_business_sector":["Services \u00c9nerg\u00e9tiques et Environnementaux"],"featured_on_listing_page":["0"],"_featured_on_listing_page":["field_62458ea7383c3"],"wpcf-perspective-downloadable_file":[""],"wpcf-card-image":[""],"_wpcf-card-image-sort-order":["a:1:{i:0;i:1142457;}"],"wpcf-video-description":[""],"wpcf-layoutvideourl":[""],"wpcf-video-thumb":[""],"wpcf-social4-svg":[""],"wpcf-social4-background-image":[""],"wpcf-social4-text":[""],"wpcf-social4-url":[""],"wpcf-social3-svg":[""],"wpcf-social3-background-image":[""],"wpcf-social3-text":[""],"wpcf-social3-url":[""],"wpcf-social-text-svg-square":[""],"wpcf-social-text-image-square":[""],"wpcf-social-text-text-square":[""],"wpcf-social-text-url-square":[""],"wpcf-social2-svg":[""],"wpcf-social2-background-image":[""],"wpcf-social2-text":[""],"wpcf-social2-url":[""],"wpcf-social-svg-square":[""],"wpcf-social-image-square":[""],"wpcf-social-text-square":[""],"wpcf-social-url-square":[""],"wpcf-social1-svg":[""],"wpcf-social1-background-image":[""],"wpcf-social1-text":[""],"wpcf-social1-url":[""],"wpcf-quotes-with-auther-text-1":[""],"wpcf-card_article_with_title_content":[""],"wpcf-card_article_content":["<p>write your content<\/p>"],"wpcf-quotes-with-auther-text":[""]},"_links":{"self":[{"href":"https:\/\/alj.com\/fr\/wp-json\/wp\/v2\/perspective\/94468"}],"collection":[{"href":"https:\/\/alj.com\/fr\/wp-json\/wp\/v2\/perspective"}],"about":[{"href":"https:\/\/alj.com\/fr\/wp-json\/wp\/v2\/types\/perspective"}],"author":[{"embeddable":true,"href":"https:\/\/alj.com\/fr\/wp-json\/wp\/v2\/users\/18"}],"wp:featuredmedia":[{"embeddable":true,"href":"https:\/\/alj.com\/fr\/wp-json\/wp\/v2\/media\/94499"}],"wp:attachment":[{"href":"https:\/\/alj.com\/fr\/wp-json\/wp\/v2\/media?parent=94468"}],"wp:term":[{"taxonomy":"post_tag","embeddable":true,"href":"https:\/\/alj.com\/fr\/wp-json\/wp\/v2\/tags?post=94468"}],"curies":[{"name":"wp","href":"https:\/\/api.w.org\/{rel}","templated":true}]}}