{"id":98302,"date":"2022-04-04T10:33:17","date_gmt":"2022-04-04T10:33:17","guid":{"rendered":"https:\/\/alj.com\/perspective\/a-roadmap-for-decarbonizing-logistics\/"},"modified":"2022-06-29T05:40:26","modified_gmt":"2022-06-29T05:40:26","slug":"a-roadmap-for-decarbonizing-logistics","status":"publish","type":"perspective","link":"https:\/\/alj.com\/fr\/perspective\/a-roadmap-for-decarbonizing-logistics\/","title":{"rendered":"Une feuille de route pour la d\u00e9carbonation de la logistique ?"},"content":{"rendered":"<p>Nous avons peut-\u00eatre l\u2019impression de vivre dans un monde toujours plus num\u00e9rique, avec une part croissante du commerce et de la communication men\u00e9e dans la sph\u00e8re <em>en ligne, <\/em>relativement respectueuse de l\u2019environnement. Mais derri\u00e8re chaque interaction et chaque transaction en ligne se cache une cha\u00eene d\u2019approvisionnement <em>hors ligne<\/em> beaucoup plus vaste et plus complexe. Une cha\u00eene d\u2019approvisionnement qui, historiquement du moins, n\u2019est certainement pas aussi \u00e9cologique.<\/p>\n<p>Chaque achat que nous effectuons, que ce soit en ligne ou non, doit \u00eatre transport\u00e9 vers son lieu d\u2019utilisation. Les marchandises doivent \u00eatre physiquement d\u00e9plac\u00e9es de leur lieu de production jusqu\u2019aux maisons, usines et sites o\u00f9 elles sont n\u00e9cessaires, que ce soit par voie routi\u00e8re, a\u00e9rienne, maritime ou ferroviaire. Et le transport, de mani\u00e8re g\u00e9n\u00e9rale, est synonyme d\u2019\u00e9missions de carbone. Alors, comment pourrions-nous d\u00e9carboner la charge logistique du transport de marchandises\u00a0?<\/p>\n<p>Tout d\u2019abord, nous devons accepter l\u2019ampleur du probl\u00e8me. On estime que l\u2019industrie du fret repr\u00e9sente environ 8\u00a0% de la totalit\u00e9 du CO<sub>2<\/sub> lib\u00e9r\u00e9 chaque ann\u00e9e.<a href=\"#_ftn1\" name=\"_ftnref1\">[1]<\/a> Sans une intervention rapide, il est peu probable que le probl\u00e8me ne s\u2019att\u00e9nue. Selon les donn\u00e9es de l\u2019<a href=\"https:\/\/www.oecd.org\/\">OCDE<\/a>, les \u00e9missions de CO<sub>2<\/sub> provenant du fret international devraient atteindre 8,132\u00a0MT d\u2019ici\u00a02050, soit pr\u00e8s de quatre fois plus que les 2,108\u00a0MT \u00e9mis en\u00a02010.<a href=\"#_ftn2\" name=\"_ftnref2\">[2]<\/a><\/p>\n<p><img decoding=\"async\" loading=\"lazy\" class=\"aligncenter size-full wp-image-97619\" src=\"https:\/\/media.alj.com\/app\/uploads\/2022\/04\/ALJ-Decarbonizing-Logistics-Infographics-scaled.jpg\" alt=\"Emissions by mode of transport\" width=\"2560\" height=\"1810\" srcset=\"https:\/\/media.alj.com\/app\/uploads\/2022\/04\/ALJ-Decarbonizing-Logistics-Infographics-scaled.jpg 2560w, https:\/\/media.alj.com\/app\/uploads\/2022\/04\/ALJ-Decarbonizing-Logistics-Infographics-300x212.jpg 300w, https:\/\/media.alj.com\/app\/uploads\/2022\/04\/ALJ-Decarbonizing-Logistics-Infographics-1024x724.jpg 1024w, https:\/\/media.alj.com\/app\/uploads\/2022\/04\/ALJ-Decarbonizing-Logistics-Infographics-150x106.jpg 150w, https:\/\/media.alj.com\/app\/uploads\/2022\/04\/ALJ-Decarbonizing-Logistics-Infographics-768x543.jpg 768w, https:\/\/media.alj.com\/app\/uploads\/2022\/04\/ALJ-Decarbonizing-Logistics-Infographics-1536x1086.jpg 1536w, https:\/\/media.alj.com\/app\/uploads\/2022\/04\/ALJ-Decarbonizing-Logistics-Infographics-2048x1448.jpg 2048w\" sizes=\"(max-width: 2560px) 100vw, 2560px\" \/><\/p>\n<p>Obtenir ce que nous voulons, quand nous le voulons et o\u00f9 nous le voulons, co\u00fbte tr\u00e8s cher \u00e0 l\u2019environnement.<\/p>\n<p>Dans l\u2019ombre de la <a href=\"https:\/\/ukcop26.org\/\">COP26<\/a>, les leaders de l\u2019industrie et les l\u00e9gislateurs commencent \u00e0 se r\u00e9unir pour s\u2019attaquer \u00e0 l\u2019urgence climatique. Cela signifie que l\u2019industrie du fret, comme toutes les autres, doit \u00eatre examin\u00e9e \u00e0 la loupe pour trouver des solutions \u00e9cologiques\u2026 un secteur \u00e0 la fois.<\/p>\n<p>Alors, quelles sont les victoires faciles, et les longues batailles \u00e0 venir, qui peuvent nous aider \u00e0 maintenir notre niveau de vie tout en \u00e9quilibrant le bilan environnemental du r\u00e9seau logistique mondial gourmand en ressources\u00a0?<\/p>\n<p><img decoding=\"async\" loading=\"lazy\" class=\"aligncenter size-full wp-image-97626\" src=\"https:\/\/media.alj.com\/app\/uploads\/2022\/04\/Picture6.jpg\" alt=\"Long haul to clean up road freight\" width=\"1516\" height=\"486\" srcset=\"https:\/\/media.alj.com\/app\/uploads\/2022\/04\/Picture6.jpg 1516w, https:\/\/media.alj.com\/app\/uploads\/2022\/04\/Picture6-300x96.jpg 300w, https:\/\/media.alj.com\/app\/uploads\/2022\/04\/Picture6-1024x328.jpg 1024w, https:\/\/media.alj.com\/app\/uploads\/2022\/04\/Picture6-150x48.jpg 150w, https:\/\/media.alj.com\/app\/uploads\/2022\/04\/Picture6-768x246.jpg 768w\" sizes=\"(max-width: 1516px) 100vw, 1516px\" \/><\/p>\n<h2>Le long-courrier pour d\u00e9polluer le transport routier<\/h2>\n<p>Le transport dans son ensemble est l\u2019un des principaux contributeurs au r\u00e9chauffement climatique, responsable de plus d\u2019un cinqui\u00e8me de toutes les \u00e9missions de gaz \u00e0 effet de serre dans le monde<a href=\"#_ftn3\" name=\"_ftnref3\">[3]<\/a>. Dans les transports, 22\u00a0% de tous les polluants sont engendr\u00e9s par une seule activit\u00e9\u00a0: le transport routier.<a href=\"#_ftn4\" name=\"_ftnref4\">[4]<\/a><\/p>\n<p><img decoding=\"async\" loading=\"lazy\" class=\"aligncenter size-full wp-image-97633\" src=\"https:\/\/media.alj.com\/app\/uploads\/2022\/04\/ALJ-Decarbonizing-Logistics-Infographics2-scaled.jpg\" alt=\"Decarbonizing logistics: Contribution to global CO2 emissions\" width=\"2560\" height=\"1810\" srcset=\"https:\/\/media.alj.com\/app\/uploads\/2022\/04\/ALJ-Decarbonizing-Logistics-Infographics2-scaled.jpg 2560w, https:\/\/media.alj.com\/app\/uploads\/2022\/04\/ALJ-Decarbonizing-Logistics-Infographics2-300x212.jpg 300w, https:\/\/media.alj.com\/app\/uploads\/2022\/04\/ALJ-Decarbonizing-Logistics-Infographics2-1024x724.jpg 1024w, https:\/\/media.alj.com\/app\/uploads\/2022\/04\/ALJ-Decarbonizing-Logistics-Infographics2-150x106.jpg 150w, https:\/\/media.alj.com\/app\/uploads\/2022\/04\/ALJ-Decarbonizing-Logistics-Infographics2-768x543.jpg 768w, https:\/\/media.alj.com\/app\/uploads\/2022\/04\/ALJ-Decarbonizing-Logistics-Infographics2-1536x1086.jpg 1536w, https:\/\/media.alj.com\/app\/uploads\/2022\/04\/ALJ-Decarbonizing-Logistics-Infographics2-2048x1448.jpg 2048w\" sizes=\"(max-width: 2560px) 100vw, 2560px\" \/><\/p>\n<p>Une \u00e9tude plus approfondie des chiffres est encore plus incriminante, montrant que les poids lourds (PL) repr\u00e9sentant environ un quart des \u00e9missions routi\u00e8res mondiales, bien qu\u2019ils ne comptent que pour 1\u00a0% de tous les v\u00e9hicules.<a href=\"#_ftn5\" name=\"_ftnref5\">[5]<\/a> Le transport routier laisse une empreinte carbone disproportionn\u00e9e, \u00e9mettant environ 100\u00a0fois plus de CO<sub>2<\/sub> par kilom\u00e8tre qu\u2019un navire transportant une cargaison \u00e9quivalente.<a href=\"#_ftn6\" name=\"_ftnref6\">[6]<\/a><\/p>\n<p>D\u2019apr\u00e8s le Forum \u00e9conomique mondial (<a href=\"https:\/\/www.weforum.org\/\">FEM<\/a>), seul un effort conjoint englobant les gouvernements, les constructeurs de v\u00e9hicules et les concepteurs d\u2019infrastructures pourrait permettre \u00e0 l\u2019industrie du transport de prendre un virage d\u00e9cisif vers une durabilit\u00e9 abordable.<\/p>\n<p>Sur la base des preuves actuelles du FEM, les <a href=\"https:\/\/alj.com\/en\/perspective\/electric-vehicles-primed-to-give-auto-market-major-jolt\/\">v\u00e9hicules \u00e9lectriques \u00e0 batterie<\/a> (BEV) commencent \u00e0 avoir du sens pour l\u2019environnement. Les chercheurs ont examin\u00e9 trois \u00e9tapes de la dur\u00e9e de vie d\u2019un v\u00e9hicule pour comparer l\u2019empreinte carbone des v\u00e9hicules \u00e9lectriques aux moteurs \u00e0 combustion interne (ICE) traditionnels\u00a0: production du v\u00e9hicule, transfert de carburant (du puits au r\u00e9servoir) par rapport \u00e0 la production de batterie, et \u00e9missions de conduite.<\/p>\n<p>Sur les trois principaux march\u00e9s, l\u2019UE, les \u00c9tats-Unis et la Chine, les polluants combin\u00e9s tout au long de la dur\u00e9e de vie d\u2019un v\u00e9hicule se sont av\u00e9r\u00e9s inf\u00e9rieurs pour les BEV que pour les ICE moyens. De plus, \u00e9tant donn\u00e9 que l\u2019\u00e9crasante part des polluants des BEV provient de la production d\u2019\u00e9lectricit\u00e9, alors que le r\u00e9seau lui-m\u00eame devient de plus en plus d\u00e9carbon\u00e9, l\u2019\u00e9cart de durabilit\u00e9 entre les BEV et les ICE deviendra de plus en plus prononc\u00e9. En fait, d\u2019ici\u00a02030 dans l\u2019UE, le v\u00e9hicule \u00e9lectrique moyen \u00e9mettra moins de 100\u00a0g\/km de CO<sub>2<\/sub>, soit moins de la moiti\u00e9 d\u2019un moteur ICE typique.<a href=\"#_ftn7\" name=\"_ftnref7\">[7]<\/a><\/p>\n<p><img decoding=\"async\" loading=\"lazy\" class=\"aligncenter size-full wp-image-97640\" src=\"https:\/\/media.alj.com\/app\/uploads\/2022\/04\/ALJ-Decarbonizing-Logistics-Infographics3-scaled.jpg\" alt=\"Decarbonizing logistics: Renewable grid increases EV sustainability\" width=\"2560\" height=\"1551\" srcset=\"https:\/\/media.alj.com\/app\/uploads\/2022\/04\/ALJ-Decarbonizing-Logistics-Infographics3-scaled.jpg 2560w, https:\/\/media.alj.com\/app\/uploads\/2022\/04\/ALJ-Decarbonizing-Logistics-Infographics3-300x182.jpg 300w, https:\/\/media.alj.com\/app\/uploads\/2022\/04\/ALJ-Decarbonizing-Logistics-Infographics3-1024x621.jpg 1024w, https:\/\/media.alj.com\/app\/uploads\/2022\/04\/ALJ-Decarbonizing-Logistics-Infographics3-150x91.jpg 150w, https:\/\/media.alj.com\/app\/uploads\/2022\/04\/ALJ-Decarbonizing-Logistics-Infographics3-768x465.jpg 768w, https:\/\/media.alj.com\/app\/uploads\/2022\/04\/ALJ-Decarbonizing-Logistics-Infographics3-1536x931.jpg 1536w, https:\/\/media.alj.com\/app\/uploads\/2022\/04\/ALJ-Decarbonizing-Logistics-Infographics3-2048x1241.jpg 2048w\" sizes=\"(max-width: 2560px) 100vw, 2560px\" \/><\/p>\n<p>Si l\u2019on s\u2019\u00e9loigne de l\u2019argument environnemental, les prix d\u2019achat des camions \u00e9lectriques, un facteur de dissuasion traditionnel pour l\u2019adoption en masse jusqu\u2019\u00e0 pr\u00e9sent, devraient continuer \u00e0 devenir plus comp\u00e9titifs. Les prix des BEV ont chut\u00e9 de 85\u00a0% au cours de la derni\u00e8re d\u00e9cennie et devraient de nouveau diminuer de moiti\u00e9 d\u2019ici\u00a02030, o\u00f9 les camions \u00e9lectriques devraient devenir 12\u00a0% moins chers \u00e0 l\u2019achat et \u00e0 l\u2019exploitation que les \u00e9quivalents diesel.<\/p>\n<p>Et les pr\u00e9occupations concernant l\u2019autonomie\u00a0? Elles ne seront pas \u00e9ternelles. D\u2019ici cinq ans, des batteries plus grosses permettront des trajets de 800\u00a0km pour des camions de 40\u00a0tonnes avec une seule charge. En fin de compte, c\u2019est le march\u00e9 qui parlera.<\/p>\n<p>La l\u00e9gislation et la politique publique en g\u00e9n\u00e9ral peuvent aider \u00e0 acc\u00e9l\u00e9rer ce qui est aujourd\u2019hui le d\u00e9clin in\u00e9vitable du transport routier aliment\u00e9 par les combustibles fossiles. Le gouvernement britannique, par exemple, a d\u00e9cr\u00e9t\u00e9 que tous les camions de moins de 26\u00a0tonnes devront \u00eatre \u00e0 \u00e9mission z\u00e9ro d\u2019ici\u00a02035, les v\u00e9hicules plus lourds devenant sans carbone d\u2019ici\u00a02040.<a href=\"#_ftn8\" name=\"_ftnref8\">[8]<\/a> La Norv\u00e8ge vise \u00e0 y parvenir en premier, en investissant dans un r\u00e9seau complet de chargeurs \u00e0 grande vitesse dans son d\u00e9sir de devenir la premi\u00e8re nation dot\u00e9e d\u2019un r\u00e9seau de transport enti\u00e8rement \u00e9lectrifi\u00e9.<a href=\"#_ftn9\" name=\"_ftnref9\">[9]<\/a><\/p>\n<p>La COP26 a vu 30\u00a0pays rejoindre le nouveau Conseil de la transition vers les v\u00e9hicules \u00e0 z\u00e9ro \u00e9mission (<a href=\"https:\/\/theicct.org\/initiatives-partnerships\/zev-tc\/#:~:text=The%20Zero%20Emission%20Vehicles%20Transition,zero%20emission%20vehicles%20(ZEVs).\">ZEVTC<\/a>), signalant ainsi une initiative commune visant \u00e0 explorer diverses options technologiques pour des poids lourds propres et \u00e9cologiques.<a href=\"#_ftn10\" name=\"_ftnref10\">[10]<\/a> En parall\u00e8le, un nouveau fonds, coordonn\u00e9 par la <a href=\"https:\/\/www.worldbank.org\/en\/home\">Banque mondiale<\/a>, a \u00e9t\u00e9 convoqu\u00e9 pour aider \u00e0 d\u00e9carboner le transport routier dans les pays du sud en voie de d\u00e9veloppement.<a href=\"#_ftn11\" name=\"_ftnref11\">[11]<\/a><\/p>\n<p>Bien qu\u2019il puisse s\u2019\u00e9couler un certain temps avant que les camions \u00e9lectriques dominent les autoroutes, les constructeurs comme Tesla<a href=\"#_ftn12\" name=\"_ftnref12\">[12]<\/a>, Volvo<a href=\"#_ftn13\" name=\"_ftnref13\">[13]<\/a>, Scania<a href=\"#_ftn14\" name=\"_ftnref14\">[14]<\/a> et Kenworth<a href=\"#_ftn15\" name=\"_ftnref15\">[15]<\/a> ont tous annonc\u00e9 des projets de mod\u00e8les \u00e9lectriques, ce qui signifie que les camions \u00e9lectriques sont en route vers nos routes.<\/p>\n<figure id=\"attachment_97647\" aria-describedby=\"caption-attachment-97647\" style=\"width: 1516px\" class=\"wp-caption aligncenter\"><img decoding=\"async\" loading=\"lazy\" class=\"size-full wp-image-97647\" src=\"https:\/\/media.alj.com\/app\/uploads\/2022\/04\/Picture7.jpg\" alt=\"Tesla\u2019s \u2018Semi\u2019 electric truck concept vehicle. Photo Credit \u00a9 Tesla\" width=\"1516\" height=\"758\" srcset=\"https:\/\/media.alj.com\/app\/uploads\/2022\/04\/Picture7.jpg 1516w, https:\/\/media.alj.com\/app\/uploads\/2022\/04\/Picture7-300x150.jpg 300w, https:\/\/media.alj.com\/app\/uploads\/2022\/04\/Picture7-1024x512.jpg 1024w, https:\/\/media.alj.com\/app\/uploads\/2022\/04\/Picture7-150x75.jpg 150w, https:\/\/media.alj.com\/app\/uploads\/2022\/04\/Picture7-768x384.jpg 768w\" sizes=\"(max-width: 1516px) 100vw, 1516px\" \/><figcaption id=\"caption-attachment-97647\" class=\"wp-caption-text\">Concept de camion semi-\u00e9lectrique de Tesla. Cr\u00e9dit photo \u00a9 Tesla<\/figcaption><\/figure>\n<p><a href=\"https:\/\/alj.com\/en\/perspective\/hydrogen-energy-a-green-revolution-hiding-in-plain-sight\/\">L\u2019\u00e9nergie hydrog\u00e8ne<\/a> pourrait avoir un r\u00f4le \u00e0 jouer, bien que plus petit, dans l\u2019avenir du transport routier, avec des piles \u00e0 combustible \u00e0 hydrog\u00e8ne de haute capacit\u00e9 qui compl\u00e8tent potentiellement les besoins longue distance des r\u00e9seaux de transport routier.<\/p>\n<p>Il n\u2019est donc gu\u00e8re surprenant que les gouvernements du monde entier consacrent des ressources \u00e0 l\u2019hydrog\u00e8ne vert, alors que le Royaume-Uni, l\u2019Allemagne, le Japon et l\u2019Australie ont tous d\u00e9voil\u00e9 des strat\u00e9gies en mati\u00e8re d\u2019hydrog\u00e8ne ces derni\u00e8res ann\u00e9es. Les Pays-Bas pr\u00e9voient de rendre op\u00e9rationnels 500\u00a0MW d\u2019\u00e9lectrolyseurs verts d\u2019ici 2025, et le Portugal pr\u00e9voit d\u2019installer une nouvelle usine aliment\u00e9e \u00e0 l\u2019\u00e9nergie solaire pour produire de l\u2019hydrog\u00e8ne vert d\u2019ici 2023.<a href=\"#_ftn16\" name=\"_ftnref16\">[16]<\/a><\/p>\n<p>En Europe, \u00e9picentre d\u2019une grande partie de l\u2019engouement autour de l\u2019hydrog\u00e8ne, la Commission europ\u00e9enne (<a href=\"https:\/\/ec.europa.eu\/info\/index_en\">CE<\/a>) a identifi\u00e9 l\u2019hydrog\u00e8ne vert comme ingr\u00e9dient cl\u00e9 pour atteindre l\u2019objectif de neutralit\u00e9 carbone d\u2019ici 2050.<\/p>\n<p>La strat\u00e9gie en plusieurs phases de la CE comprend\u00a0:<\/p>\n<ul>\n<li>l\u2019installation de 6\u00a0GW au minimum d\u2019\u00e9lectrolyseurs d\u2019hydrog\u00e8ne renouvelable dans l\u2019Union europ\u00e9enne (UE) d\u2019ici 2024, produisant jusqu\u2019\u00e0 un million de tonnes d\u2019hydrog\u00e8ne renouvelable\u00a0;<\/li>\n<li>l\u2019installation de 40\u00a0GW au minimum d\u2019\u00e9lectrolyseurs, produisant jusqu\u2019\u00e0 dix millions de tonnes d\u2019hydrog\u00e8ne renouvelable, entre 2025\u00a0et 2030\u00a0;<\/li>\n<li>le d\u00e9ploiement de technologies utilisant l\u2019hydrog\u00e8ne \u00e0 grande \u00e9chelle dans tous les secteurs \u00ab\u00a0difficiles \u00e0 d\u00e9carboner\u00a0\u00bb entre 2030\u00a0et 2050<a href=\"#_ftn17\" name=\"_ftnref17\">[17]<\/a>.<\/li>\n<\/ul>\n<p><img decoding=\"async\" loading=\"lazy\" class=\"alignleft size-medium wp-image-97654\" src=\"https:\/\/media.alj.com\/app\/uploads\/2022\/04\/Picture8-300x121.png\" alt=\"European Clean Hydrogen Alliance\" width=\"300\" height=\"121\" srcset=\"https:\/\/media.alj.com\/app\/uploads\/2022\/04\/Picture8-300x121.png 300w, https:\/\/media.alj.com\/app\/uploads\/2022\/04\/Picture8-150x61.png 150w, https:\/\/media.alj.com\/app\/uploads\/2022\/04\/Picture8.png 582w\" sizes=\"(max-width: 300px) 100vw, 300px\" \/>En vue d\u2019anticiper le potentiel de l\u2019hydrog\u00e8ne, la CE a lanc\u00e9 un nouveau partenariat appel\u00e9 l\u2019Alliance europ\u00e9enne pour un hydrog\u00e8ne propre <u>(<\/u><a href=\"https:\/\/ec.europa.eu\/growth\/industry\/strategy\/industrial-alliances\/european-clean-hydrogen-alliance_en\">ECHA<\/a>). L\u2019ECHA r\u00e9unit des leaders nationaux et r\u00e9gionaux, des banques et des chefs d\u2019entreprise afin de s\u00e9curiser un pipeline d\u2019investissement pour mettre \u00e0 l\u2019\u00e9chelle la production d\u2019hydrog\u00e8ne vert.<\/p>\n<p>Du point de vue du co\u00fbt, l\u2019\u00e9lan est r\u00e9solument en faveur de l\u2019hydrog\u00e8ne. La Banque europ\u00e9enne pour la reconstruction et le d\u00e9veloppement (<a href=\"https:\/\/www.ebrd.com\/home\">BERD<\/a>) note que l\u2019hydrog\u00e8ne vert co\u00fbte actuellement entre 3 et 6\u00a0USD par kilogramme, mais qu\u2019il pourrait atteindre environ 1,50\u00a0USD par kilogramme d\u2019ici\u00a02050, ce qui est comparable au gaz naturel.<a href=\"#_ftn18\" name=\"_ftnref18\">[18]<\/a><\/p>\n<p>Le changement ne peut pas se produire du jour au lendemain. Il faut en faire plus pour se pr\u00e9parer \u00e0 la g\u00e9n\u00e9ralisation du transport routier sans carbone. Prenez l\u2019infrastructure. \u00c0 l\u2019heure actuelle, le d\u00e9ploiement des <a href=\"https:\/\/alj.com\/en\/perspective\/recharging-ahead-how-to-keep-electric-vehicles-topped-up\/\">r\u00e9seaux de recharge<\/a> diff\u00e8re d\u2019un pays \u00e0 l\u2019autre, m\u00eame si les conducteurs de camions \u00e9lectriques long-courriers devraient pouvoir acc\u00e9der \u00e0 des installations de recharge des <em>deux<\/em> c\u00f4t\u00e9s d\u2019une fronti\u00e8re. Pour lutter contre ces disparit\u00e9s et maximiser l\u2019opportunit\u00e9, le FME demande des protocoles logiciels communs et des connecteurs universels pour les v\u00e9hicules et les chargeurs.<a href=\"#_ftn19\" name=\"_ftnref19\"><sup>[19]<\/sup><\/a><\/p>\n<p>Pourtant, le secteur du transport routier pourrait s\u2019av\u00e9rer plus agile face au changement que le transport maritime mondial. En effet, les navires sont construits pour durer des d\u00e9cennies et la cr\u00e9ativit\u00e9 est de mise lorsqu\u2019il s\u2019agit de r\u00e9duire les \u00e9missions de carbone.<\/p>\n<h2>Le transport maritime vogue vers un avenir plus propre<\/h2>\n<p>Le secteur du transport maritime repr\u00e9sente environ 2,5\u00a0% de la pollution mondiale, soit concr\u00e8tement environ 940\u00a0millions de tonnes de CO<sub>2<\/sub> par an. Il est \u00e0 la fois fondamental pour nos soci\u00e9t\u00e9s (90\u00a0% des marchandises sont \u00e0 un moment d\u00e9plac\u00e9es par voie maritime) et difficile \u00e0 \u00e9lectrifier.<a href=\"#_ftn20\" name=\"_ftnref20\">[20]<\/a> S\u2019il continue de suivre sa trajectoire actuelle, et que les volumes des \u00e9changes continuent d\u2019augmenter, le transport maritime pourrait repr\u00e9senter environ un dixi\u00e8me de toutes les \u00e9missions de gaz \u00e0 effet de serre d\u2019ici 2050.<a href=\"#_ftn21\" name=\"_ftnref21\">[21]<\/a> \u00c0 cette date, l\u2019Organisation maritime internationale (<a href=\"https:\/\/www.imo.org\/\">OMI<\/a>) vise plut\u00f4t \u00e0 r\u00e9duire la production de CO<sub>2<\/sub> de l\u2019industrie de moiti\u00e9.<a href=\"#_ftn22\" name=\"_ftnref22\">[22]<\/a><\/p>\n<p>Comme toujours, la voie vers cet objectif se situe \u00e0 la crois\u00e9e entre la technologie et la politique.<\/p>\n<p><img decoding=\"async\" loading=\"lazy\" class=\"alignright size-full wp-image-97661\" src=\"https:\/\/media.alj.com\/app\/uploads\/2022\/04\/Picture9.png\" alt=\"Global Maritime Forum\" width=\"106\" height=\"186\" srcset=\"https:\/\/media.alj.com\/app\/uploads\/2022\/04\/Picture9.png 106w, https:\/\/media.alj.com\/app\/uploads\/2022\/04\/Picture9-85x150.png 85w\" sizes=\"(max-width: 106px) 100vw, 106px\" \/>La <a href=\"https:\/\/www.globalmaritimeforum.org\/getting-to-zero-coalition\/\">Coalition Getting To Zero<\/a> du Global Maritime Forum, une alliance de plus de 150\u00a0soci\u00e9t\u00e9s priv\u00e9es des secteurs de la mer, des infrastructures, de l\u2019\u00e9nergie et de la finance, vise \u00e0 rendre les navires de haute mer \u00e0 z\u00e9ro \u00e9mission commercialement viables d\u2019ici 2030.<a href=\"#_ftn23\" name=\"_ftnref23\">[23]<\/a><\/p>\n<p>Pour y parvenir, cela implique non seulement d\u2019apporter des changements aux navires, mais \u00e9galement (comme pour le transport routier) des changements dans la future cha\u00eene d\u2019approvisionnement en carburant pour rendre l\u2019\u00e9nergie \u00e0 z\u00e9ro \u00e9mission \u00e9conomiquement comp\u00e9titive. Ainsi, la coalition Getting to Zero plaide en faveur d\u2019investissements plus importants des gouvernements et du secteur priv\u00e9 dans des projets \u00e9nerg\u00e9tiques z\u00e9ro carbone, en particulier dans les pays en d\u00e9veloppement o\u00f9 les principales sources d\u2019\u00e9nergie renouvelable restent inexploit\u00e9es.<\/p>\n<p>Le FME, quant \u00e0 lui, appelle \u00e0 de nouvelles politiques encourageant les propri\u00e9taires de navires, les op\u00e9rateurs et les fournisseurs de carburant \u00e0 prendre une direction qui stimule les investissements dans les nouveaux carburants et les nouvelles technologies pour rendre possible une flotte z\u00e9ro \u00e9mission.<a href=\"#_ftn24\" name=\"_ftnref24\">[24]<\/a> Ces mesures comprennent la fixation d\u2019un prix ad\u00e9quat sur les \u00e9missions de CO<sub>2<\/sub> sur la base d\u2019une analyse du cycle de vie complet pour d\u00e9courager l\u2019utilisation de combustibles fossiles facilement disponibles.<\/p>\n<p>Les l\u00e9gislateurs \u00e0 travers le monde commencent \u00e0 coordonner leurs efforts.<\/p>\n<p>Lors de la COP26, 22\u00a0pays, dont le Royaume-Uni et les \u00c9tats-Unis, ont sign\u00e9 la D\u00e9claration de Clydebank, un accord visant \u00e0 \u00e9tablir six \u00ab\u00a0couloirs d\u2019exp\u00e9dition \u00e9cologiques\u00a0\u00bb (itin\u00e9raires entre deux ports ou plus adapt\u00e9s aux navires z\u00e9ro \u00e9mission) dans le monde d\u2019ici 2025.<a href=\"#_ftn25\" name=\"_ftnref25\">[25]<\/a><\/p>\n<p>La technologie peut aider \u00e0 sceller le d\u00e9bat \u00e9conomique, mais les carburants alternatifs et les syst\u00e8mes de stockage d\u2019\u00e9nergie pour les navires de mer restent \u00e0 diff\u00e9rents stades de d\u00e9veloppement et lents \u00e0 d\u00e9ployer.<a href=\"#_ftn26\" name=\"_ftnref26\">[26]<\/a><\/p>\n<p>Les navires fonctionnant au gaz naturel liqu\u00e9fi\u00e9 commencent progressivement \u00e0 appara\u00eetre dans les flottes, mais avec une intensit\u00e9 carbonique seulement 30\u00a0% inf\u00e9rieure \u00e0 celle du fioul lourd (HFO), le gaz naturel liqu\u00e9fi\u00e9 est consid\u00e9r\u00e9 comme un carburant de transition sur la voie des objectifs\u00a02050, plut\u00f4t que comme une solution \u00e0 long terme.<a href=\"#_ftn27\" name=\"_ftnref27\">[27]<\/a><\/p>\n<p>L\u2019hydrog\u00e8ne vert et l\u2019ammoniac sont plus propres, mais doivent \u00eatre davantage raffin\u00e9s pour qu\u2019ils soient v\u00e9ritablement viables \u00e0 l\u2019\u00e9chelle du transport de cargaisons. Les deux ont des densit\u00e9s d\u2019\u00e9nergie bien plus faibles que le fioul lourd, ce qui implique plus d\u2019arr\u00eats de ravitaillement ou un espace de chargement compromis. L\u2019hydrog\u00e8ne n\u00e9cessite \u00e9galement d\u2019\u00eatre stock\u00e9 \u00e0 des temp\u00e9ratures ultra-basses.<\/p>\n<p>Nous n\u2019en sommes qu\u2019au d\u00e9but. L\u2019ann\u00e9e derni\u00e8re seulement, l\u2019entreprise norv\u00e9gienne Norled a pris livraison du premier ferry de passagers \u00e0 l\u2019hydrog\u00e8ne au monde, lanc\u00e9 pour naviguer dans les fjords du pays.<a href=\"#_ftn28\" name=\"_ftnref28\">[28]<\/a><\/p>\n<figure id=\"attachment_97668\" aria-describedby=\"caption-attachment-97668\" style=\"width: 1516px\" class=\"wp-caption aligncenter\"><img decoding=\"async\" loading=\"lazy\" class=\"size-full wp-image-97668\" src=\"https:\/\/media.alj.com\/app\/uploads\/2022\/04\/Picture10.jpg\" alt=\"\" width=\"1516\" height=\"663\" srcset=\"https:\/\/media.alj.com\/app\/uploads\/2022\/04\/Picture10.jpg 1516w, https:\/\/media.alj.com\/app\/uploads\/2022\/04\/Picture10-300x131.jpg 300w, https:\/\/media.alj.com\/app\/uploads\/2022\/04\/Picture10-1024x448.jpg 1024w, https:\/\/media.alj.com\/app\/uploads\/2022\/04\/Picture10-150x66.jpg 150w, https:\/\/media.alj.com\/app\/uploads\/2022\/04\/Picture10-768x336.jpg 768w\" sizes=\"(max-width: 1516px) 100vw, 1516px\" \/><figcaption id=\"caption-attachment-97668\" class=\"wp-caption-text\">Ferry aliment\u00e9 \u00e0 l\u2019hydrog\u00e8ne de Norled. Cr\u00e9dit photo\u00a0: \u00a9 LMG Marin.<\/figcaption><\/figure>\n<p>Ind\u00e9pendamment de ces exp\u00e9riences pr\u00e9liminaires, l\u2019hydrog\u00e8ne et l\u2019ammoniac actuellement produits ne sont pas suffisants pour r\u00e9pondre aux exigences de l\u2019industrie mondiale du transport maritime. Cela est en partie d\u00fb \u00e0 leurs co\u00fbts de production \u00e9lev\u00e9s. In\u00e9vitablement, et \u00e0 mesure que l\u2019\u00e9nergie renouvelable peu co\u00fbteuse devient plus accessible, les prix devraient baisser et l\u2019offre augmenter pour satisfaire un nouveau march\u00e9 en demande.<\/p>\n<p>Dans une r\u00e9cente enqu\u00eate r\u00e9alis\u00e9e par Deloitte et Shell, 65\u00a0% des personnes interrog\u00e9es dans le secteur du transport maritime estimaient que l\u2019hydrog\u00e8ne vert constituerait une part importante du futur bouquet \u00e9nerg\u00e9tique du secteur, 55\u00a0% esp\u00e9rant la m\u00eame chose pour l\u2019ammoniac vert.<a href=\"#_ftn29\" name=\"_ftnref29\">[29]<\/a><\/p>\n<p>Les piles \u00e0 combustible nouvelle g\u00e9n\u00e9ration offriront un jour de nouvelles fa\u00e7ons de stocker l\u2019\u00e9nergie des combustibles verts tels que l\u2019hydrog\u00e8ne et l\u2019ammoniac d\u2019une mani\u00e8re s\u00fbre, abordable et plus compacte. Selon certaines estimations, il faudra encore attendre cinq \u00e0 dix ans pour que ces solutions se concr\u00e9tisent, mais elles pourraient changer la donne \u00e0 mesure que la technologie \u00e9volue.<\/p>\n<p>Pendant ce temps, la compagnie de transport maritime japonaise <a href=\"https:\/\/www.nyk.com\/english\/\">NYK Line<\/a> s\u2019efforce de d\u00e9montrer le bien-fond\u00e9 d\u2019une industrie maritime fonctionnant \u00e0 l\u2019\u00e9lectricit\u00e9. <a href=\"#_ftn30\" name=\"_ftnref30\">[30]<\/a><\/p>\n<p>En 2012 d\u00e9j\u00e0, son navire NYK Apollo, \u00e9quip\u00e9 d\u2019un conteneur d\u2019alimentation maritime alternative de 6,6\u00a0kV, est devenu le premier du pays \u00e0 se connecter \u00e0 l\u2019alimentation \u00e9lectrique \u00e0 terre du port d\u2019Oakland lorsqu\u2019il est amarr\u00e9, \u00e9liminant ainsi la pollution atmosph\u00e9rique caus\u00e9e par les g\u00e9n\u00e9rateurs embarqu\u00e9s pendant sa p\u00e9riode \u00e0 quai.<a href=\"#_ftn31\" name=\"_ftnref31\">[31]<\/a><\/p>\n<p>Aujourd\u2019hui, NYK a sign\u00e9 un accord avec une autre soci\u00e9t\u00e9 japonaise, PowerX, pour d\u00e9velopper et tester les navires de transfert d\u2019\u00e9nergie Power ARK et les solutions de stockage d\u2019\u00e9nergie marine (ESS).<\/p>\n<p>PowerX construit actuellement son trimaran automatis\u00e9 Power ARK pour le transport de l\u2019\u00e9nergie \u00e9olienne offshore depuis les parcs \u00e9oliens dans les eaux c\u00f4ti\u00e8res profondes du Japon. Apr\u00e8s les tests, le trimaran devrait entrer en exploitation en\u00a02025 et transporter une cargaison de 100\u00a0batteries de r\u00e9seau, soit suffisamment d\u2019\u00e9nergie pour alimenter 210\u00a0000\u00a0foyers.<a href=\"#_ftn32\" name=\"_ftnref32\">[32]<\/a><\/p>\n<p>PowerX esp\u00e8re que le premier navire de sa flotte, capable de parcourir jusqu\u2019\u00e0 300\u00a0km \u00e0 l\u2019\u00e9lectricit\u00e9 uniquement, s\u2019av\u00e9rera essentiel pour d\u00e9bloquer la transmission d\u2019\u00e9nergie propre entre les continents et acc\u00e9l\u00e9rer la transition vers des navires \u00e0 z\u00e9ro \u00e9mission et l\u2019automatisation.<\/p>\n<p>S\u2019exprimant sur cet accord de partenariat, Tomoyuki Koyama, directeur g\u00e9n\u00e9ral de NYK, a d\u00e9crit les batteries marines comme \u00ab\u00a0primordiales pour r\u00e9soudre les obstacles li\u00e9s \u00e0 l\u2019adoption et \u00e0 l\u2019expansion des \u00e9nergies renouvelables\u00a0\u00bb.<a href=\"#_ftn33\" name=\"_ftnref33\">[33]<\/a><\/p>\n<p>Une r\u00e9flexion aussi radicale pourrait \u00e9galement contribuer \u00e0 diminuer l\u2019impact environnemental du secteur du transport a\u00e9rien.<\/p>\n<h2>Transport a\u00e9rien\u00a0: les carburants durables prennent de l\u2019altitude<\/h2>\n<p>L\u2019industrie de l\u2019aviation repr\u00e9sente dans son ensemble environ 2,5\u00a0% des \u00e9missions mondiales de carbone et d\u00e9gage environ un milliard de tonnes de CO<sub>2<\/sub> dans l\u2019atmosph\u00e8re chaque ann\u00e9e. <a href=\"#_ftn34\" name=\"_ftnref34\">[34]<\/a> Elle repr\u00e9sente pourtant une composante vitale du r\u00e9seau logistique mondial, transportant 35\u00a0% de la valeur commerciale mondiale dans seulement 1\u00a0% de son volume.<a href=\"#_ftn35\" name=\"_ftnref35\">[35]<\/a><\/p>\n<p>Une nouvelle recherche sugg\u00e8re que l\u2019aviation contribuera directement \u00e0 hauteur de 0,1\u00a0\u00b0C au r\u00e9chauffement climatique d\u2019ici 2050. Cependant, l\u2019industrie pourrait intervenir et arr\u00eater compl\u00e8tement cette hausse si l\u2019on trouvait un moyen de passer \u00e0 un m\u00e9lange de combustibles neutres en carbone \u00e0 90\u00a0% d\u2019ici l\u00e0.<a href=\"#_ftn36\" name=\"_ftnref36\">[36]<\/a><\/p>\n<p>Les syst\u00e8mes de propulsion alternatifs, tels que les avions \u00e9lectriques ou \u00e0 hydrog\u00e8ne, sont actuellement consid\u00e9r\u00e9s comme peu avanc\u00e9s sur le plan technologique, en particulier concernant le poids des cargaisons et les distances que l\u2019industrie logistique requiert.<a href=\"#_ftn37\" name=\"_ftnref37\">[37]<\/a> La question de savoir comment d\u00e9carboner le transport a\u00e9rien devient donc celle de trouver un carburant propre adapt\u00e9 aux exigences \u00e9lev\u00e9es de l\u2019aviation.<\/p>\n<p>Les carburants durables d\u2019aviation (SAF) peuvent r\u00e9duire jusqu\u2019\u00e0 80\u00a0% les \u00e9missions de l\u2019aviation et sont compatibles en tant que carburant m\u00e9lang\u00e9 avec les avions existants. Mais comme ils sont jusqu\u2019\u00e0 huit fois plus chers que les carburants conventionnels, les SAF ne repr\u00e9sentent actuellement que 1\u00a0% des 300\u00a0millions de tonnes de carburants d\u2019aviation consomm\u00e9s chaque ann\u00e9e.<a href=\"#_ftn38\" name=\"_ftnref38\">[38]<\/a><\/p>\n<p>Cette transition doit \u00eatre davantage stimul\u00e9e, au vu du sc\u00e9nario de d\u00e9veloppement durable de l\u2019Agence internationale de l\u2019\u00e9nergie (<a href=\"https:\/\/www.iea.org\/\">AIE<\/a>) pr\u00e9voyant que les biocarburants repr\u00e9sentent environ 10\u00a0% du carburant aviation d\u2019ici\u00a02030, et pr\u00e8s de 20\u00a0% d\u2019ici\u00a02040.<a href=\"#_ftn39\" name=\"_ftnref39\">[39]<\/a><\/p>\n<p><img decoding=\"async\" loading=\"lazy\" class=\"aligncenter size-full wp-image-97675\" src=\"https:\/\/media.alj.com\/app\/uploads\/2022\/04\/ALJ-Decarbonizing-Logistics-Infographics4.jpg\" alt=\"Decarbonizing logistics : Aviation fuel consumption\" width=\"2480\" height=\"2244\" srcset=\"https:\/\/media.alj.com\/app\/uploads\/2022\/04\/ALJ-Decarbonizing-Logistics-Infographics4.jpg 2480w, https:\/\/media.alj.com\/app\/uploads\/2022\/04\/ALJ-Decarbonizing-Logistics-Infographics4-300x271.jpg 300w, https:\/\/media.alj.com\/app\/uploads\/2022\/04\/ALJ-Decarbonizing-Logistics-Infographics4-1024x927.jpg 1024w, https:\/\/media.alj.com\/app\/uploads\/2022\/04\/ALJ-Decarbonizing-Logistics-Infographics4-150x136.jpg 150w, https:\/\/media.alj.com\/app\/uploads\/2022\/04\/ALJ-Decarbonizing-Logistics-Infographics4-768x695.jpg 768w, https:\/\/media.alj.com\/app\/uploads\/2022\/04\/ALJ-Decarbonizing-Logistics-Infographics4-1536x1390.jpg 1536w, https:\/\/media.alj.com\/app\/uploads\/2022\/04\/ALJ-Decarbonizing-Logistics-Infographics4-2048x1853.jpg 2048w\" sizes=\"(max-width: 2480px) 100vw, 2480px\" \/><\/p>\n<p>Les SAF actuels sont produits \u00e0 partir de mati\u00e8res organiques telles que les huiles usag\u00e9es d\u2019origine v\u00e9g\u00e9tale et animale. Les scientifiques esp\u00e8rent un jour cr\u00e9er des SAF synth\u00e9tiques en utilisant le CO<sub>2 <\/sub>d\u00e9gag\u00e9 lors d\u2019autres processus industriels et de l\u2019hydrog\u00e8ne r\u00e9colt\u00e9 \u00e0 partir de sources \u00e0 faibles \u00e9missions.<a href=\"#_ftn40\" name=\"_ftnref40\">[40]<\/a><\/p>\n<p>Parmi d\u2019autres SAF r\u00e9cemment approuv\u00e9s pour \u00e9tude par l\u2019American Society for Testing and Materials (l\u2019autorit\u00e9 de certification des SAF), citons un k\u00e9ros\u00e8ne paraffinique synth\u00e9tique (SPK), pour des m\u00e9langes de carburants jusqu\u2019\u00e0 50\u00a0%, et un k\u00e9ros\u00e8ne iso-paraffinique synth\u00e9tique (SIP), pour des m\u00e9langes jusqu\u2019\u00e0 10\u00a0%.<a href=\"#_ftn41\" name=\"_ftnref41\">[41]<\/a><\/p>\n<p>Si la recherche sur les biocarburants pour l\u2019aviation a encore beaucoup de chemin \u00e0 parcourir, la volont\u00e9 politique semble au moins se mobiliser derri\u00e8re le mouvement. Lors de la COP26, 23\u00a0pays, dont les \u00c9tats-Unis, le Japon et le Royaume-Uni, ont form\u00e9 une Coalition internationale pour l\u2019ambition climatique de l\u2019aviation pour aider le monde \u00e0 atteindre son objectif de z\u00e9ro \u00e9mission en 2050 en r\u00e9duisant les \u00e9missions de l\u2019aviation et en encourageant l\u2019adoption d\u2019avions plus \u00e9conomes en carburant.<a href=\"#_ftn42\" name=\"_ftnref42\">[42]<\/a><\/p>\n<p>La coalition, qui reconna\u00eet que le transport a\u00e9rien devrait augmenter de mani\u00e8re significative ces 30\u00a0prochaines ann\u00e9es, vise \u00e0 garantir que le secteur de l\u2019aviation fasse du d\u00e9veloppement durable la pierre angulaire de sa reprise apr\u00e8s la COVID. Dans le cadre d\u2019une approche multi-niveaux, les pays membres se sont engag\u00e9s \u00e0 soutenir le Plan de compensation et de r\u00e9duction du carbone pour l\u2019aviation internationale (<a href=\"https:\/\/www.icao.int\/environmental-protection\/CORSIA\/Pages\/default.aspx\">CORSIA<\/a>) et \u00e0 promouvoir le d\u00e9veloppement des SAF afin de r\u00e9duire les \u00e9missions du cycle de vie.<\/p>\n<p>En 2020, le gouvernement britannique a d\u00e9voil\u00e9 son propre <a href=\"https:\/\/www.gov.uk\/government\/groups\/jet-zero-council\">Conseil Jet Zero<\/a>, r\u00e9unissant des chefs d\u2019entreprise et des ministres de l\u2019industrie dans le but de d\u00e9carboner l\u2019aviation. La \u00ab\u00a0r\u00e9volution industrielle verte\u00a0\u00bb du gouvernement comprenait \u00e9galement un concours de 15\u00a0millions de livres (20,2\u00a0millions USD) pour soutenir la production de SAF au Royaume-Uni, une consultation sur le m\u00e9lange obligatoire de carburants verts dans le k\u00e9ros\u00e8ne \u00e0 partir de\u00a02025, et 15\u00a0millions de livres suppl\u00e9mentaires (20,2\u00a0millions USD) pour une \u00e9tude de 12\u00a0mois sur des avions \u00e0 z\u00e9ro \u00e9mission capables de d\u00e9coller d\u2019ici\u00a02030.<a href=\"#_ftn43\" name=\"_ftnref43\">[43]<\/a><\/p>\n<p>L\u2019hydrog\u00e8ne vert, provenant de la combustion directe ou d\u2019une pile \u00e0 combustible, pourrait-il fournir une technologie de propulsion alternative pour l\u2019industrie a\u00e9rienne\u00a0? C\u2019est un \u00ab\u00a0oui\u00a0\u00bb prudent, mais nous n\u2019en sommes qu\u2019aux pr\u00e9mices.<\/p>\n<p>De mani\u00e8re significative, dans un secteur sensible au poids comme l\u2019aviation, l\u2019hydrog\u00e8ne contient plus de cent fois plus d\u2019\u00e9nergie (par unit\u00e9 de masse) que les batteries lithium-ion, et plus de trois fois plus d\u2019\u00e9nergie que le k\u00e9ros\u00e8ne ordinaire.<a href=\"#_ftn44\" name=\"_ftnref44\"><sup>[44]<\/sup><\/a><\/p>\n<p>En\u00a02020, un Piper M-Class \u00e0 six places, adapt\u00e9 par ZeroAvia pour fonctionner \u00e0 l\u2019hydrog\u00e8ne, a effectu\u00e9 son vol inaugural depuis l\u2019a\u00e9roport de Cranfield au Royaume-Uni, ce qui constitue le premier d\u00e9collage d\u2019un avion commercial \u00e0 hydrog\u00e8ne du pays. Une deuxi\u00e8me version de l\u2019appareil pourrait transporter environ 20\u00a0personnes sur 560\u00a0kilom\u00e8tres. D\u2019ici\u00a02026, ZeroAvia vise des distances de vols allant jusqu\u2019\u00e0 800\u00a0kilom\u00e8tres avec des avions de 80\u00a0places.<\/p>\n<p>Pour aller plus loin, le g\u00e9ant de l\u2019industrie, Airbus, se penche \u00e9galement sur l\u2019hydrog\u00e8ne pour lancer sa gamme d\u2019avions commerciaux propres. L\u2019entreprise esp\u00e8re que ses trois avions hybrides \u00e0 hydrog\u00e8ne (utilisant de l\u2019hydrog\u00e8ne liquide comme carburant et g\u00e9n\u00e9rant de l\u2019\u00e9lectricit\u00e9 via des piles \u00e0 combustible \u00e0 hydrog\u00e8ne) pourraient entrer en exploitation commerciale d\u2019ici\u00a02035.<\/p>\n<p>Le premier concept est celui d\u2019un avion \u00e0 h\u00e9lice capable de transporter 100\u00a0personnes sur 1\u00a0600\u00a0kilom\u00e8tres\u00a0; le deuxi\u00e8me celui d\u2019un avion \u00e0 r\u00e9action transportant deux fois plus de passagers sur 3\u00a0200\u00a0kilom\u00e8tres\u00a0; et le troisi\u00e8me est une conception \u00e0 voilure mixte d\u2019une capacit\u00e9 non sp\u00e9cifi\u00e9e.<\/p>\n<p>Les d\u00e9fis techniques du vol aliment\u00e9 \u00e0 l\u2019hydrog\u00e8ne sont multiples, en grande partie parce que l\u2019hydrog\u00e8ne a besoin d\u2019un refroidissement \u00e0 -253\u00a0\u030aC pour \u00eatre stock\u00e9 sous forme comprim\u00e9e ou liquide. Cela implique l\u2019utilisation de r\u00e9servoirs encombrants \u00e0 bord, ce qui r\u00e9duit le nombre de passagers, ou la construction de plus grandes cellules soumises \u00e0 une plus grande tra\u00een\u00e9e, sans mentionner les nouvelles infrastructures dans les a\u00e9roports.<\/p>\n<p>Les arguments technologiques et commerciaux en faveur de l\u2019aviation \u00e9lectrique sont encore plus timides. M\u00eame les piliers de l\u2019industrie a\u00e9ronautique estiment que le monde est encore tr\u00e8s loin de faire voler de gros avions \u00e9lectriques, en raison de l\u2019\u00e9norme poids des batteries contenant suffisamment d\u2019\u00e9nergie pour les vols long-courriers.<a href=\"#_ftn45\" name=\"_ftnref45\">[45]<\/a> De petites avanc\u00e9es dans la direction d\u2019un transport \u00e9lectrique sont d\u00e9j\u00e0 amorc\u00e9es, mais \u00e0 des \u00e9chelles qui seront peu utiles pour les transporteurs de fret dans un avenir proche. En\u00a02019, la compagnie d\u2019hydravion canadienne Harbour Air a enregistr\u00e9 le premier vol commercial enti\u00e8rement \u00e9lectrique au monde, un trajet d\u2019une demi-heure pour un DHC-2 de Havilland Beaver six passagers de 750\u00a0chevaux. Aux \u00c9tats-Unis, la NASA travaille sur la batterie et la conception d\u2019un bi-place enti\u00e8rement \u00e9lectrique X-57, avec une autonomie de 160\u00a0kilom\u00e8tres et une vitesse de croisi\u00e8re de 277\u00a0km\/h, une tentative ambitieuse pour stimuler le d\u00e9veloppement de la technologie n\u00e9cessaire.<\/p>\n<p>En fin de compte, l\u2019industrie a\u00e9ronautique pourrait se retrouver \u00e0 graviter autour d\u2019une solution hybride, associant un moteur \u00e0 r\u00e9action \u00e0 un moteur \u00e9lectrique pour une propulsion plus propre, mais pas totalement sans \u00e9mission.<\/p>\n<p>La technologie pour un transport a\u00e9rien v\u00e9ritablement neutre est peut-\u00eatre encore au stade embryonnaire, mais les enjeux majeurs du changement climatique garantiront des efforts continus pour d\u00e9carboner l\u2019aviation. Comme pour toutes les initiatives mondiales en mati\u00e8re de d\u00e9veloppement durable, il est essentiel de s\u2019appuyer sur l\u2019expertise du secteur priv\u00e9 pour exploiter pleinement le potentiel des politiques publiques de soutien.<\/p>\n<h2>Lib\u00e9rer la logistique des combustibles fossiles<\/h2>\n<figure id=\"attachment_97682\" aria-describedby=\"caption-attachment-97682\" style=\"width: 496px\" class=\"wp-caption alignleft\"><img decoding=\"async\" loading=\"lazy\" class=\"size-full wp-image-97682\" src=\"https:\/\/media.alj.com\/app\/uploads\/2022\/04\/Picture11.jpg\" alt=\"Airbus is working to deliver the world\u2019s first zero-emission commercial aircraft by 2035, with hydrogen propulsion helping deliver on this ambition.\u00a0 Photo Credit: courtesy \u00a9 Airbus\" width=\"496\" height=\"184\" srcset=\"https:\/\/media.alj.com\/app\/uploads\/2022\/04\/Picture11.jpg 496w, https:\/\/media.alj.com\/app\/uploads\/2022\/04\/Picture11-300x111.jpg 300w, https:\/\/media.alj.com\/app\/uploads\/2022\/04\/Picture11-150x56.jpg 150w\" sizes=\"(max-width: 496px) 100vw, 496px\" \/><figcaption id=\"caption-attachment-97682\" class=\"wp-caption-text\">Airbus travaille \u00e0 livrer le premier avion commercial z\u00e9ro \u00e9mission au monde d\u2019ici\u00a02035, utilisant la propulsion \u00e0 l\u2019hydrog\u00e8ne pur concr\u00e9tiser cette ambition. Cr\u00e9dit photo\u00a0: avec l\u2019aimable autorisation d\u2019Airbus<\/figcaption><\/figure>\n<p>Alors que certaines voies techniques vers une solution sans carbone ne sont pas encore disponibles sur le march\u00e9, il n\u2019est pas \u00e9tonnant que l\u2019AIE d\u00e9clare que \u00ab\u00a0la r\u00e9duction des \u00e9missions de CO<sub>2<\/sub> dans le secteur des transports au cours du prochain demi-si\u00e8cle sera une t\u00e2che formidable\u00a0\u00bb.<a href=\"#_ftn46\" name=\"_ftnref46\">[46]<\/a><\/p>\n<p>Il est certain que les secteurs du transport maritime, de l\u2019aviation et, en particulier, du transport routier, ont un long chemin \u00e0 parcourir pour rivaliser avec la r\u00e9putation environnementale du transport ferroviaire. Avec sa capacit\u00e9 \u00e0 d\u00e9placer de grands tonnages le long des r\u00e9seaux qui, au moins dans les pays d\u00e9velopp\u00e9s, sont d\u00e9j\u00e0 largement \u00e9lectrifi\u00e9s, le chemin de fer repr\u00e9sente seulement 1\u00a0% des \u00e9missions globales du transport, m\u00eame lorsque les chiffres du fret et des passagers sont combin\u00e9s.<a href=\"#_ftn47\" name=\"_ftnref47\">[47]<\/a><\/p>\n<p>Dans la lutte contre le changement climatique, l\u2019unit\u00e9 mondiale est essentielle. C\u2019est pourquoi la Journ\u00e9e du transport de la COP26, le 10\u00a0novembre\u00a02021, a donn\u00e9 de l\u2019espoir \u00e0 ceux qui s\u2019efforcent de d\u00e9carboner le secteur logistique.<\/p>\n<p>Outre la D\u00e9claration de Clydebank et la Coalition internationale pour l\u2019ambition climatique de l\u2019aviation mentionn\u00e9es ci-dessus, la Journ\u00e9e du transport a \u00e9t\u00e9 l\u2019occasion de d\u00e9voiler deux autres initiatives de mobilit\u00e9 majeures qui un re\u00e7u un large soutien\u00a0: le Protocole d\u2019accord sur les v\u00e9hicules moyens et lourds \u00e0 z\u00e9ro \u00e9mission (qui vise 30\u00a0% de ventes de camions neufs \u00e0 \u00e9missions nulles d\u2019ici \u00e0 2030 et \u00e0 les porter \u00e0 100\u00a0% d\u2019ici \u00e0 2040) et la D\u00e9claration sur l\u2019acc\u00e9l\u00e9ration de la transition vers des voitures et des camionnettes \u00e0 z\u00e9ro \u00e9mission (qui garantit que tous les nouveaux v\u00e9hicules fonctionneront avec un carburant non fossile d\u2019ici \u00e0 2040).<a href=\"#_ftn48\" name=\"_ftnref48\">[48]<\/a><\/p>\n<p><img decoding=\"async\" loading=\"lazy\" class=\"aligncenter size-full wp-image-97689\" src=\"https:\/\/media.alj.com\/app\/uploads\/2022\/04\/ALJ-Decarbonizing-Logistics-Infographics5-scaled.jpg\" alt=\"Decarbonizing logistics: International initiatives for Transport Climate Action launched atCOP26\" width=\"2560\" height=\"1810\" srcset=\"https:\/\/media.alj.com\/app\/uploads\/2022\/04\/ALJ-Decarbonizing-Logistics-Infographics5-scaled.jpg 2560w, https:\/\/media.alj.com\/app\/uploads\/2022\/04\/ALJ-Decarbonizing-Logistics-Infographics5-300x212.jpg 300w, https:\/\/media.alj.com\/app\/uploads\/2022\/04\/ALJ-Decarbonizing-Logistics-Infographics5-1024x724.jpg 1024w, https:\/\/media.alj.com\/app\/uploads\/2022\/04\/ALJ-Decarbonizing-Logistics-Infographics5-150x106.jpg 150w, https:\/\/media.alj.com\/app\/uploads\/2022\/04\/ALJ-Decarbonizing-Logistics-Infographics5-768x543.jpg 768w, https:\/\/media.alj.com\/app\/uploads\/2022\/04\/ALJ-Decarbonizing-Logistics-Infographics5-1536x1086.jpg 1536w, https:\/\/media.alj.com\/app\/uploads\/2022\/04\/ALJ-Decarbonizing-Logistics-Infographics5-2048x1448.jpg 2048w\" sizes=\"(max-width: 2560px) 100vw, 2560px\" \/><\/p>\n<p>\u00c0 l\u2019intersection de ces diff\u00e9rents accords, on trouve le Canada, la Finlande, les Pays-Bas, la Nouvelle-Z\u00e9lande, la Norv\u00e8ge, le Danemark et le Royaume-Uni, chacun signataire des quatre initiatives.<\/p>\n<p>Les acteurs du secteur priv\u00e9 comme <a href=\"https:\/\/alj.com\/en\/\">Abdul Latif Jameel<\/a> sont enthousiastes \u00e0 l\u2019id\u00e9e de rejoindre cette qu\u00eate internationale d\u2019une cha\u00eene logistique sans carbone.<\/p>\n<p>La famille Jameel, par l\u2019interm\u00e9diaire de <a href=\"https:\/\/jimco.com\">JIMCO<\/a>, a d\u00e9j\u00e0 investi dans la soci\u00e9t\u00e9 pionni\u00e8re de v\u00e9hicules \u00e9lectriques <a href=\"https:\/\/jimco.com\/en\/portfolio\/rivian\/\">RIVIAN<\/a>, qui repousse les limites de la technologie BEV avec sa gamme de v\u00e9hicules utilitaires et de camionnettes de livraison \u00e9lectriques. Elle concentre \u00e9galement son attention en amont, sur l\u2019\u00e9nergie n\u00e9cessaire pour alimenter l\u2019avenir \u00e9lectrique du transport. <a href=\"https:\/\/frv.com\/en\/services\/frv-x\/\">FRV-X<\/a>, par exemple, la branche d\u2019innovation de Fotowatio Renewable Ventures (<a href=\"https:\/\/frv.com\/en\/\">FRV<\/a>), une entreprise phare d\u2019<a href=\"https:\/\/alj.com\/en\/energy-and-environmental-services\/energy-overview\/\">Abdul Latif Jameel Energy<\/a> dans le domaine des \u00e9nergies renouvelables, d\u00e9ploie ses recherches pionni\u00e8res dans le stockage de l\u2019\u00e9nergie sur batterie pour faire progresser la cause de l\u2019\u00e9lectrification, ainsi que des projets de <a href=\"https:\/\/alj.com\/en\/news\/abdul-latif-jameel-energys-frv-and-vectalia-partner-to-develop-first-green-hydrogen-powered-bus-transport-system-in-spain\/\">bus<\/a> et de <a href=\"https:\/\/alj.com\/en\/news\/abdul-latif-jameel-energys-frv-contributes-to-decarbonizing-public-mobility-with-green-hydrogen\/\">taxis<\/a> \u00e0 hydrog\u00e8ne.<\/p>\n<p><iframe loading=\"lazy\" src=\"\/\/www.youtube.com\/embed\/czl16Nlr898\" width=\"560\" height=\"314\" allowfullscreen=\"allowfullscreen\"><\/iframe><\/p>\n<p><img decoding=\"async\" loading=\"lazy\" class=\"alignleft size-medium wp-image-77333\" src=\"https:\/\/media.alj.com\/app\/uploads\/2020\/09\/HB-pr-EXAMPLE-1-01_SLS-752x357-1-300x142.jpeg\" alt=\"Holes Bay, Dorset - FRV, Harmony Energy\" width=\"300\" height=\"142\" srcset=\"https:\/\/media.alj.com\/app\/uploads\/2020\/09\/HB-pr-EXAMPLE-1-01_SLS-752x357-1-300x142.jpeg 300w, https:\/\/media.alj.com\/app\/uploads\/2020\/09\/HB-pr-EXAMPLE-1-01_SLS-752x357-1-150x71.jpeg 150w, https:\/\/media.alj.com\/app\/uploads\/2020\/09\/HB-pr-EXAMPLE-1-01_SLS-752x357-1.jpeg 752w\" sizes=\"(max-width: 300px) 100vw, 300px\" \/>En septembre\u00a02021, FRV-X s\u2019est lanc\u00e9 dans son troisi\u00e8me projet de stockage de batteries \u00e0 grande \u00e9chelle, \u00e0 <a href=\"https:\/\/alj.com\/en\/news\/abdul-latif-jameel-energys-frv-and-harmony-energy-launch-uks-largest-battery-storage-project-with-tesla-megapack-in-mission-to-decarbonize-britains-energy-grid\/\">Clay Tye<\/a>, Essex, Royaume-Uni, d\u00e9velopp\u00e9 en partenariat avec <a href=\"https:\/\/www.harmonyenergy.co.uk\/\">Harmony Energy<\/a>.<\/p>\n<p>D\u2019une capacit\u00e9 de 99\u00a0MW\/198\u00a0MWh, il s\u2019agit du plus grand syst\u00e8me de stockage d\u2019\u00e9nergie sur batterie en construction au Royaume-Uni.<\/p>\n<p>Clay Tye s\u2019appuie sur le succ\u00e8s des pr\u00e9c\u00e9dents projets de stockage sur batterie de FRV-X au Royaume-Uni\u00a0; le projet <a href=\"https:\/\/www.alj.com\/en\/news\/abdul-latif-jameel-energy-supports-development-of-second-utility-scale-battery-storage-project-in-uk\/\">Contego<\/a> (Sussex) de 34\u00a0MW int\u00e8gre un syst\u00e8me de 28\u00a0batteries lithium-ion Tesla Megapack. Parall\u00e8lement, la centrale de batteries de 7,5\u00a0MW situ\u00e9e \u00e0 <a href=\"https:\/\/alj.com\/en\/news\/abdul-latif-jameel-energys-frv-achieves-financial-close-with-natwest-for-its-holes-bay-battery-project-in-the-uk\/\">Holes Bay<\/a> (Dorset), stocke l\u2019\u00e9nergie du r\u00e9seau national britannique afin d\u2019assurer la flexibilit\u00e9 de l\u2019approvisionnement pendant les heures de pointe, contribuant ainsi \u00e0 la stabilit\u00e9 du r\u00e9seau et soutenant le plan de d\u00e9carbonisation de la Grande-Bretagne.<\/p>\n<p><iframe loading=\"lazy\" src=\"\/\/www.youtube.com\/embed\/SN-ofLAPamo\" width=\"560\" height=\"314\" allowfullscreen=\"allowfullscreen\"><\/iframe><\/p>\n<p>Abdul Latif Jameel est \u00e9galement impliqu\u00e9 dans des efforts \u00e0 travers le monde pour g\u00e9n\u00e9rer une <a href=\"https:\/\/alj.com\/en\/perspective\/feel-the-power\/\">\u00e9lectricit\u00e9 verte<\/a> v\u00e9ritablement propre, le type de ressources \u00e9nerg\u00e9tiques n\u00e9cessaires \u00e0 cette vision d\u2019un r\u00e9seau logistique interconnect\u00e9 \u00e0 z\u00e9ro \u00e9mission. Pr\u00e9sents sur cinq continents, les experts en <a href=\"https:\/\/alj.com\/en\/perspective\/setting-a-shining-example\/\">\u00e9nergie solaire<\/a> de FRV ont d\u00e9velopp\u00e9 une cinquantaine de centrales d\u2019\u00e9nergie renouvelable dans le monde, g\u00e9rant un portefeuille de plus de 2,5\u00a0GW sur les march\u00e9s solaires en Australie, au Moyen-Orient, en Inde, en Afrique, aux \u00c9tats-Unis et en Am\u00e9rique latine. La branche d\u00e9veloppe \u00e9galement un projet hybride de stockage solaire et sur batterie de 5\u00a0MW dans la r\u00e9gion de <a href=\"https:\/\/alj.com\/en\/news\/abdul-latif-jameel-energys-frv-announces-first-hybrid-pv-solar-storage-project-in-australia\/\">Dalby<\/a> dans le Queensland, en Australie, le premier projet hybride du pays.<\/p>\n<p>L\u2019\u00e9nergie \u00e9olienne jouera \u00e9galement un r\u00f4le essentiel dans tout paysage \u00e9nerg\u00e9tique vert, c\u2019est pourquoi les \u00e9quipes de FRV explorent actuellement le potentiel de production d\u2019\u00e9nergie dans des nouveaux sites et des sites de friche industrielle \u00e0 travers le monde.<\/p>\n<p>En parall\u00e8le, <a href=\"https:\/\/alj-enterprises.com\/our-solutions\/logistics-and-transportation-solutions\/\">Abdul Latif Jameel Logistics<\/a> et son service national de livraison du dernier kilom\u00e8tre, <a href=\"https:\/\/saudimile.com\/\">S-Mile<\/a>, explorent un certain nombre de solutions de mobilit\u00e9 intelligente dans le cadre de leur strat\u00e9gie 2022-2024.<\/p>\n<p>Les entreprises examinent l\u2019introduction de modes de livraison \u00e9cologiques num\u00e9riques en Arabie saoudite avec un \u00e9ventail de possibilit\u00e9s, notamment les camions et les camionnettes de livraison autonomes, les drones et les syst\u00e8mes PUDO (enl\u00e8vement et d\u00e9p\u00f4t) au lieu d\u2019une livraison directe.<\/p>\n<p>Elles \u00e9tudient des opportunit\u00e9s de partenariat avec un certain nombre d\u2019acteurs internationaux, d\u00e8s que l\u2019environnement r\u00e9glementaire permettra de tels liens, une initiative actuellement en cours de discussion au minist\u00e8re saoudien des Transports. En plus des avantages \u00e9vidents du z\u00e9ro net, la strat\u00e9gie s\u2019aligne \u00e9galement sur les objectifs de la Vision\u00a02030 du pays pour positionner strat\u00e9giquement l\u2019Arabie saoudite en tant que centre logistique mondial.<\/p>\n<figure id=\"attachment_82277\" aria-describedby=\"caption-attachment-82277\" style=\"width: 225px\" class=\"wp-caption alignleft\"><img decoding=\"async\" loading=\"lazy\" class=\"size-medium wp-image-82277\" src=\"https:\/\/media.alj.com\/app\/uploads\/2020\/12\/Fady-Jameel-2-225x300.jpg\" alt=\"Fady Jameel\" width=\"225\" height=\"300\" srcset=\"https:\/\/media.alj.com\/app\/uploads\/2020\/12\/Fady-Jameel-2-225x300.jpg 225w, https:\/\/media.alj.com\/app\/uploads\/2020\/12\/Fady-Jameel-2-768x1025.jpg 768w, https:\/\/media.alj.com\/app\/uploads\/2020\/12\/Fady-Jameel-2-112x150.jpg 112w, https:\/\/media.alj.com\/app\/uploads\/2020\/12\/Fady-Jameel-2-1151x1536.jpg 1151w, https:\/\/media.alj.com\/app\/uploads\/2020\/12\/Fady-Jameel-2.jpg 1224w\" sizes=\"(max-width: 225px) 100vw, 225px\" \/><figcaption id=\"caption-attachment-82277\" class=\"wp-caption-text\">Fady Jameel<br \/>\nPr\u00e9sident d\u00e9l\u00e9gu\u00e9 et Vice-pr\u00e9sident<br \/>\nAbdul Latif Jameel<\/figcaption><\/figure>\n<p><em>\u00ab\u00a0Bien que nous reconnaissions tous les imp\u00e9ratifs \u00e9cologiques de la localisation en termes de production et de consommation, il n\u2019en reste pas moins que dans la soci\u00e9t\u00e9 int\u00e9gr\u00e9e d\u2019aujourd\u2019hui, les biens doivent encore \u00eatre transf\u00e9r\u00e9s en grands volumes entre les fabricants et les march\u00e9s\u00a0\u00bb<\/em>, d\u00e9clare <a href=\"https:\/\/www.alj.com\/en\/our-people\/fady-jameel\/\">Fady Jameel,<\/a> pr\u00e9sident d\u00e9l\u00e9gu\u00e9 et vice-pr\u00e9sident d\u2019Abdul Latif Jameel.<\/p>\n<p><em>\u00ab\u00a0Les technologies existent maintenant pour diluer la contribution du fret aux \u00e9missions du transport, mais ces technologies doivent \u00eatre perfectionn\u00e9es et rendues plus \u00e9conomiques dans les ann\u00e9es \u00e0 venir, alors que nous sommes confront\u00e9s \u00e0 la menace universelle du r\u00e9chauffement climatique.\u00a0\u00bb<\/em><\/p>\n<p><em>\u00ab\u00a0Un secteur priv\u00e9 innovant, actif dans un environnement politique favorable, peut aider \u00e0 surmonter ces d\u00e9fis exceptionnels et \u00e0 faciliter la transition de la logistique vers des syst\u00e8mes de propulsion propres et des \u00e9co-carburants. Comment mieux pr\u00e9server notre mode de vie et prot\u00e9ger la plan\u00e8te pour les g\u00e9n\u00e9rations \u00e0 venir\u00a0?\u00a0\u00bb<\/em><\/p>\n<p>&nbsp;<\/p>\n<p><a href=\"#_ftnref1\" name=\"_ftn1\">[1]<\/a> <a href=\"https:\/\/climate.mit.edu\/ask-mit\/how-can-carbon-emissions-freight-be-reduced\">https:\/\/climate.mit.edu\/ask-mit\/how-can-carbon-emissions-freight-be-reduced<\/a><\/p>\n<p><a href=\"#_ftnref2\" name=\"_ftn2\">[2]<\/a> <a href=\"https:\/\/www.itf-oecd.org\/sites\/default\/files\/docs\/cop-pdf-06.pdf\">https:\/\/www.itf-oecd.org\/sites\/default\/files\/docs\/cop-pdf-06.pdf<\/a><\/p>\n<p><a href=\"#_ftnref3\" name=\"_ftn3\">[3]<\/a> <a href=\"https:\/\/www.iea.org\/data-and-statistics\/charts\/global-energy-related-co2-emissions-by-sector\">https:\/\/www.iea.org\/data-and-statistics\/charts\/global-energy-related-co2-emissions-by-sector<\/a><\/p>\n<p><a href=\"#_ftnref4\" name=\"_ftn4\">[4]<\/a> <a href=\"https:\/\/www.statista.com\/statistics\/1185535\/transport-carbon-dioxide-emissions-breakdown\/\">https:\/\/www.statista.com\/statistics\/1185535\/transport-carbon-dioxide-emissions-breakdown\/<\/a><\/p>\n<p><a href=\"#_ftnref5\" name=\"_ftn5\">[5]<\/a> <a href=\"https:\/\/www.eea.europa.eu\/publications\/emep-eea-guidebook-2019\">https:\/\/www.eea.europa.eu\/publications\/emep-eea-guidebook-2019<\/a><\/p>\n<p><a href=\"#_ftnref6\" name=\"_ftn6\">[6]<\/a> <a href=\"https:\/\/climate.mit.edu\/ask-mit\/how-can-carbon-emissions-freight-be-reduced\">https:\/\/climate.mit.edu\/ask-mit\/how-can-carbon-emissions-freight-be-reduced<\/a><\/p>\n<p><a href=\"#_ftnref7\" name=\"_ftn7\">[7]<\/a> <a href=\"https:\/\/www.weforum.org\/agenda\/2021\/08\/how-to-decarbonize-heavy-duty-transport-affordable\/\">https:\/\/www.weforum.org\/agenda\/2021\/08\/how-to-decarbonize-heavy-duty-transport-affordable\/<\/a><\/p>\n<p><a href=\"#_ftnref8\" name=\"_ftn8\">[8]<\/a> <a href=\"https:\/\/www.gov.uk\/government\/news\/uk-confirms-pledge-for-zero-emission-hgvs-by-2040-and-unveils-new-chargepoint-design\">https:\/\/www.gov.uk\/government\/news\/uk-confirms-pledge-for-zero-emission-hgvs-by-2040-and-unveils-new-chargepoint-design<\/a><\/p>\n<p><a href=\"#_ftnref9\" name=\"_ftn9\">[9]<\/a> <a href=\"https:\/\/www.theguardian.com\/business\/2021\/jan\/09\/norways-electric-car-drive-belies-national-reliance-on-fossil-fuels\">https:\/\/www.theguardian.com\/business\/2021\/jan\/09\/norways-electric-car-drive-belies-national-reliance-on-fossil-fuels<\/a><\/p>\n<p><a href=\"#_ftnref10\" name=\"_ftn10\">[10]<\/a> <a href=\"https:\/\/ukcop26.org\/zero-emission-vehicles-transition-council-2022-action-plan\/\">https:\/\/ukcop26.org\/zero-emission-vehicles-transition-council-2022-action-plan\/<\/a><\/p>\n<p><a href=\"#_ftnref11\" name=\"_ftn11\">[11]<\/a> <a href=\"https:\/\/www.worldbank.org\/en\/topic\/transport\/brief\/global-facility-to-decarbonize-transport\">https:\/\/www.worldbank.org\/en\/topic\/transport\/brief\/global-facility-to-decarbonize-transport<\/a><\/p>\n<p><a href=\"#_ftnref12\" name=\"_ftn12\">[12]<\/a> <a href=\"https:\/\/www.tesla.com\/semi\">https:\/\/www.tesla.com\/semi<\/a><\/p>\n<p><a href=\"#_ftnref13\" name=\"_ftn13\">[13]<\/a> <a href=\"https:\/\/www.volvogroup.com\/en\/news-and-media\/news\/2020\/nov\/news-3820395.html\">https:\/\/www.volvogroup.com\/en\/news-and-media\/news\/2020\/nov\/news-3820395.html<\/a><\/p>\n<p><a href=\"#_ftnref14\" name=\"_ftn14\">[14]<\/a> <a href=\"https:\/\/www.electrive.com\/2020\/09\/15\/scania-launches-sales-of-bev-phev-trucks\/\">https:\/\/www.electrive.com\/2020\/09\/15\/scania-launches-sales-of-bev-phev-trucks\/<\/a><\/p>\n<p><a href=\"#_ftnref15\" name=\"_ftn15\">[15]<\/a> <a href=\"https:\/\/electrek.co\/2020\/09\/13\/kenworth-electric-trucks\/\">https:\/\/electrek.co\/2020\/09\/13\/kenworth-electric-trucks\/<\/a><\/p>\n<p><a href=\"#_ftnref16\" name=\"_ftn16\">[16]<\/a> <a href=\"https:\/\/www.ebrd.com\/news\/2020\/is-green-hydrogen-the-sustainable-fuel-of-the-future-.html\">https:\/\/www.ebrd.com\/news\/2020\/is-green-hydrogen-the-sustainable-fuel-of-the-future-.html<\/a><\/p>\n<p><a href=\"#_ftnref17\" name=\"_ftn17\">[17]<\/a> <a href=\"https:\/\/ec.europa.eu\/commission\/presscorner\/detail\/en\/ip_20_1259\">https:\/\/ec.europa.eu\/commission\/presscorner\/detail\/en\/ip_20_1259<\/a><\/p>\n<p><a href=\"#_ftnref18\" name=\"_ftn18\">[18]<\/a> <a href=\"https:\/\/www.ebrd.com\/news\/2020\/is-green-hydrogen-the-sustainable-fuel-of-the-future-.html\">https:\/\/www.ebrd.com\/news\/2020\/is-green-hydrogen-the-sustainable-fuel-of-the-future-.html<\/a><\/p>\n<p><a href=\"#_ftnref19\" name=\"_ftn19\">[19]<\/a> <a href=\"https:\/\/www.weforum.org\/agenda\/2021\/08\/how-to-decarbonize-heavy-duty-transport-affordable\/\">https:\/\/www.weforum.org\/agenda\/2021\/08\/how-to-decarbonize-heavy-duty-transport-affordable\/<\/a><\/p>\n<p><a href=\"#_ftnref20\" name=\"_ftn20\">[20]<\/a> <a href=\"https:\/\/www.ukri.org\/news\/shipping-industry-reduces-carbon-emissions-with-space-technology\/\">https:\/\/www.ukri.org\/news\/shipping-industry-reduces-carbon-emissions-with-space-technology\/<\/a><\/p>\n<p><a href=\"#_ftnref21\" name=\"_ftn21\">[21]<\/a> <a href=\"https:\/\/www.theguardian.com\/world\/2021\/sep\/20\/global-shipping-is-a-big-emitter-the-industry-must-commit-to-drastic-action-before-it-is-too-late\">https:\/\/www.theguardian.com\/world\/2021\/sep\/20\/global-shipping-is-a-big-emitter-the-industry-must-commit-to-drastic-action-before-it-is-too-late<\/a><\/p>\n<p><a href=\"#_ftnref22\" name=\"_ftn22\">[22]<\/a> <a href=\"https:\/\/www.ukri.org\/news\/shipping-industry-reduces-carbon-emissions-with-space-technology\/\">https:\/\/www.ukri.org\/news\/shipping-industry-reduces-carbon-emissions-with-space-technology\/<\/a><\/p>\n<p><a href=\"#_ftnref23\" name=\"_ftn23\">[23]<\/a> <a href=\"https:\/\/www.globalmaritimeforum.org\/getting-to-zero-coalition\/\">https:\/\/www.globalmaritimeforum.org\/getting-to-zero-coalition\/<\/a><\/p>\n<p><a href=\"#_ftnref24\" name=\"_ftn24\">[24]<\/a> <a href=\"https:\/\/www.weforum.org\/agenda\/2021\/05\/decarbonising-shipping-the-time-to-act-is-now\/\">https:\/\/www.weforum.org\/agenda\/2021\/05\/decarbonising-shipping-the-time-to-act-is-now\/<\/a><\/p>\n<p><a href=\"#_ftnref25\" name=\"_ftn25\">[25]<\/a> <a href=\"https:\/\/www.gov.uk\/government\/publications\/cop-26-clydebank-declaration-for-green-shipping-corridors\/cop-26-clydebank-declaration-for-green-shipping-corridors\">https:\/\/www.gov.uk\/government\/publications\/cop-26-clydebank-declaration-for-green-shipping-corridors\/cop-26-clydebank-declaration-for-green-shipping-corridors<\/a><\/p>\n<p><a href=\"#_ftnref26\" name=\"_ftn26\">[26]<\/a> <a href=\"https:\/\/www2.deloitte.com\/global\/en\/pages\/energy-and-resources\/articles\/decarbonising-shipping.html\">https:\/\/www2.deloitte.com\/global\/en\/pages\/energy-and-resources\/articles\/decarbonising-shipping.html<\/a><\/p>\n<p><a href=\"#_ftnref27\" name=\"_ftn27\">[27]<\/a> <a href=\"https:\/\/www.bbc.co.uk\/news\/uk-scotland-51114275\">https:\/\/www.bbc.co.uk\/news\/uk-scotland-51114275<\/a><\/p>\n<p><a href=\"#_ftnref28\" name=\"_ftn28\">[28]<\/a> <a href=\"https:\/\/hydrogen-central.com\/lmg-marin-first-hydrogen-powered-ferry-delivered-norwegian-owner-norled\/\">https:\/\/hydrogen-central.com\/lmg-marin-first-hydrogen-powered-ferry-delivered-norwegian-owner-norled\/<\/a><\/p>\n<p><a href=\"#_ftnref29\" name=\"_ftn29\">[29]<\/a> <a href=\"https:\/\/www.shell.com\/promos\/energy-and-innovation\/decarbonising-shipping-all-hands-on-%20deck\/_jcr_content.stream\/1594141914406\/b4878c899602611f78d36655ebff06307e49d0f8\/decarbonising-shipping-report.pdf\">https:\/\/www.shell.com\/promos\/energy-and-innovation\/decarbonising-shipping-all-hands-on- deck\/_jcr_content.stream\/1594141914406\/b4878c899602611f78d36655ebff06307e49d0f8\/decarbonising-shipping-report.pdf<\/a><\/p>\n<p><a href=\"#_ftnref30\" name=\"_ftn30\">[30]<\/a> <a href=\"https:\/\/www.offshorewind.biz\/2021\/08\/19\/transporting-offshore-wind-electricity-by-automated-ships-a-new-concept-emerges-in-japan\/\">https:\/\/www.offshorewind.biz\/2021\/08\/19\/transporting-offshore-wind-electricity-by-automated-ships-a-new-concept-emerges-in-japan\/<\/a><\/p>\n<p><a href=\"#_ftnref31\" name=\"_ftn31\">[31]<\/a> <a href=\"https:\/\/www.nyk.com\/english\/news\/2012\/NE_121031.html\">https:\/\/www.nyk.com\/english\/news\/2012\/NE_121031.html<\/a><\/p>\n<p><a href=\"#_ftnref32\" name=\"_ftn32\">[32]<\/a> <a href=\"https:\/\/splash247.com\/nyk-joins-powerx-in-developing-electric-vessels\/\">https:\/\/splash247.com\/nyk-joins-powerx-in-developing-electric-vessels\/<\/a><\/p>\n<p><a href=\"#_ftnref33\" name=\"_ftn33\">[33]<\/a> <a href=\"https:\/\/www.offshorewind.biz\/2022\/02\/02\/power-x-forms-strategic-business-alliance-with-nyk-line\/\">https:\/\/www.offshorewind.biz\/2022\/02\/02\/power-x-forms-strategic-business-alliance-with-nyk-line\/<\/a><\/p>\n<p><a href=\"#_ftnref34\" name=\"_ftn34\">[34]<\/a> <a href=\"https:\/\/ourworldindata.org\/co2-emissions-from-aviation\">https:\/\/ourworldindata.org\/co2-emissions-from-aviation<\/a><\/p>\n<p><a href=\"#_ftnref35\" name=\"_ftn35\">[35]<\/a> <a href=\"https:\/\/www.atag.org\/facts-figures.html\">https:\/\/www.atag.org\/facts-figures.html<\/a><\/p>\n<p><a href=\"#_ftnref36\" name=\"_ftn36\">[36]<\/a> <a href=\"https:\/\/iopscience.iop.org\/article\/10.1088\/1748-9326\/ac286e\">https:\/\/iopscience.iop.org\/article\/10.1088\/1748-9326\/ac286e<\/a><\/p>\n<p><a href=\"#_ftnref37\" name=\"_ftn37\">[37]<\/a> <a href=\"https:\/\/www.itf-oecd.org\/sites\/default\/files\/docs\/decarbonising-air-transport-future.pdf\">https:\/\/www.itf-oecd.org\/sites\/default\/files\/docs\/decarbonising-air-transport-future.pdf<\/a><\/p>\n<p><a href=\"#_ftnref38\" name=\"_ftn38\">[38]<\/a> <a href=\"https:\/\/www.weforum.org\/agenda\/2021\/09\/aviation-flight-path-to-net-zero-future\/\">https:\/\/www.weforum.org\/agenda\/2021\/09\/aviation-flight-path-to-net-zero-future\/<\/a><\/p>\n<p><a href=\"#_ftnref39\" name=\"_ftn39\">[39]<\/a> <a href=\"https:\/\/www.iea.org\/commentaries\/are-aviation-biofuels-ready-for-take-off\">https:\/\/www.iea.org\/commentaries\/are-aviation-biofuels-ready-for-take-off<\/a><\/p>\n<p><a href=\"#_ftnref40\" name=\"_ftn40\">[40]<\/a> <a href=\"https:\/\/www.weforum.org\/agenda\/2021\/09\/aviation-flight-path-to-net-zero-future\/\">https:\/\/www.weforum.org\/agenda\/2021\/09\/aviation-flight-path-to-net-zero-future\/<\/a><\/p>\n<p><a href=\"#_ftnref41\" name=\"_ftn41\">[41]<\/a> <a href=\"https:\/\/www.itf-oecd.org\/sites\/default\/files\/docs\/decarbonising-air-transport-future.pdf\">https:\/\/www.itf-oecd.org\/sites\/default\/files\/docs\/decarbonising-air-transport-future.pdf<\/a><\/p>\n<p><a href=\"#_ftnref42\" name=\"_ftn42\">[42]<\/a> <a href=\"https:\/\/www.gov.uk\/government\/publications\/cop-26-declaration-international-aviation-climate-ambition-coalition\/cop-26-declaration-international-aviation-climate-ambition-coalition\">https:\/\/www.gov.uk\/government\/publications\/cop-26-declaration-international-aviation-climate-ambition-coalition\/cop-26-declaration-international-aviation-climate-ambition-coalition<\/a><\/p>\n<p><a href=\"#_ftnref43\" name=\"_ftn43\">[43]<\/a> <a href=\"https:\/\/www.gov.uk\/government\/publications\/the-ten-point-plan-for-a-green-industrial-revolution\/title#point-6-jet-zero-and-green-ships\">https:\/\/www.gov.uk\/government\/publications\/the-ten-point-plan-for-a-green-industrial-revolution\/title#point-6-jet-zero-and-green-ships<\/a><\/p>\n<p><a href=\"#_ftnref44\" name=\"_ftn44\">[44]<\/a> <a href=\"https:\/\/www.bbc.com\/future\/article\/20210401-the-worlds-first-commercial-hydrogen-plane\">https:\/\/www.bbc.com\/future\/article\/20210401-the-worlds-first-commercial-hydrogen-plane<\/a><\/p>\n<p><a href=\"#_ftnref45\" name=\"_ftn45\">[45]<\/a> https:\/\/www.forbes.com\/sites\/uhenergy\/2021\/07\/12\/time-to-clean-the-skies-electric-planes-have-arrived\/?sh=3d0e0190734a<\/p>\n<p><a href=\"#_ftnref46\" name=\"_ftn46\">[46]<\/a> <a href=\"https:\/\/www.iea.org\/reports\/energy-technology-perspectives-2020\">https:\/\/www.iea.org\/reports\/energy-technology-perspectives-2020<\/a><\/p>\n<p><a href=\"#_ftnref47\" name=\"_ftn47\">[47]<\/a> <a href=\"https:\/\/www.weforum.org\/agenda\/2020\/10\/cars-planes-trains-aviation-co2-emissions-transport\">https:\/\/www.weforum.org\/agenda\/2020\/10\/cars-planes-trains-aviation-co2-emissions-transport<\/a><\/p>\n<p><a href=\"#_ftnref48\" name=\"_ftn48\">[48]<\/a> <a href=\"https:\/\/changing-transport.org\/cop26-a-launchpad-for-new-partnerships-in-transport\/\">https:\/\/changing-transport.org\/cop26-a-launchpad-for-new-partnerships-in-transport\/<\/a><\/p>\n","protected":false},"author":16,"featured_media":97612,"template":"","tags":[],"acf":[],"yoast_head":"<!-- This site is optimized with the Yoast SEO plugin v21.5 - https:\/\/yoast.com\/wordpress\/plugins\/seo\/ -->\n<title>Une feuille de route pour la d\u00e9carbonation de la logistique | Abdul Latif Jameel\u00ae<\/title>\n<meta name=\"description\" content=\"D\u00e9couvrez pourquoi le secteur de la logistique est responsable d&#039;environ 8 % des \u00e9missions de CO2 par an et comment atteindre la neutralit\u00e9 carbone.\" \/>\n<meta name=\"robots\" content=\"index, follow, max-snippet:-1, max-image-preview:large, max-video-preview:-1\" \/>\n<link rel=\"canonical\" href=\"https:\/\/alj.com\/fr\/perspective\/a-roadmap-for-decarbonizing-logistics\/\" \/>\n<meta property=\"og:locale\" content=\"fr_FR\" \/>\n<meta property=\"og:type\" content=\"article\" \/>\n<meta property=\"og:title\" content=\"A roadmap for decarbonizing logistics?\" \/>\n<meta property=\"og:description\" content=\"It may appear that we live in an ever-more digital world, with an increasing share of commerce and communication conducted in the relatively eco-friendly online sphere.\u00a0 But behind every online interaction and transaction is a much larger, more complex offline supply chain. \u00a0One that, historically at least, is most definitely not quite so eco-friendly.\" \/>\n<meta property=\"og:url\" content=\"https:\/\/alj.com\/fr\/perspective\/a-roadmap-for-decarbonizing-logistics\/\" \/>\n<meta property=\"og:site_name\" content=\"Abdul Latif Jameel\" \/>\n<meta property=\"article:publisher\" content=\"https:\/\/www.facebook.com\/Abdul.Latif.Jameel.Official\" \/>\n<meta property=\"article:modified_time\" content=\"2022-06-29T05:40:26+00:00\" \/>\n<meta property=\"og:image\" content=\"https:\/\/media.alj.com\/app\/uploads\/2022\/04\/Decarbonizing-Logistics.jpg\" \/>\n\t<meta property=\"og:image:width\" content=\"1467\" \/>\n\t<meta property=\"og:image:height\" content=\"792\" \/>\n\t<meta property=\"og:image:type\" content=\"image\/jpeg\" \/>\n<meta name=\"twitter:card\" content=\"summary_large_image\" \/>\n<meta name=\"twitter:title\" content=\"A roadmap for decarbonizing logistics?\" \/>\n<meta name=\"twitter:description\" content=\"It may appear that we live in an ever-more digital world, with an increasing share of commerce and communication conducted in the relatively eco-friendly online sphere.\u00a0 But behind every online interaction and transaction is a much larger, more complex offline supply chain. \u00a0One that, historically at least, is most definitely not quite so eco-friendly.\" \/>\n<meta name=\"twitter:image\" content=\"https:\/\/media.alj.com\/app\/uploads\/2022\/04\/Decarbonizing-Logistics.jpg\" \/>\n<meta name=\"twitter:label1\" content=\"Est. reading time\" \/>\n\t<meta name=\"twitter:data1\" content=\"24 minutes\" \/>\n<script type=\"application\/ld+json\" class=\"yoast-schema-graph\">{\"@context\":\"https:\/\/schema.org\",\"@graph\":[{\"@type\":\"WebPage\",\"@id\":\"https:\/\/alj.com\/fr\/perspective\/a-roadmap-for-decarbonizing-logistics\/\",\"url\":\"https:\/\/alj.com\/fr\/perspective\/a-roadmap-for-decarbonizing-logistics\/\",\"name\":\"Une feuille de route pour la d\u00e9carbonation de la logistique | Abdul Latif Jameel\u00ae\",\"isPartOf\":{\"@id\":\"https:\/\/alj.com\/en\/#website\"},\"datePublished\":\"2022-04-04T10:33:17+00:00\",\"dateModified\":\"2022-06-29T05:40:26+00:00\",\"description\":\"D\u00e9couvrez pourquoi le secteur de la logistique est responsable d'environ 8 % des \u00e9missions de CO2 par an et comment atteindre la neutralit\u00e9 carbone.\",\"breadcrumb\":{\"@id\":\"https:\/\/alj.com\/fr\/perspective\/a-roadmap-for-decarbonizing-logistics\/#breadcrumb\"},\"inLanguage\":\"fr-FR\",\"potentialAction\":[{\"@type\":\"ReadAction\",\"target\":[\"https:\/\/alj.com\/fr\/perspective\/a-roadmap-for-decarbonizing-logistics\/\"]}]},{\"@type\":\"BreadcrumbList\",\"@id\":\"https:\/\/alj.com\/fr\/perspective\/a-roadmap-for-decarbonizing-logistics\/#breadcrumb\",\"itemListElement\":[{\"@type\":\"ListItem\",\"position\":1,\"name\":\"Home\",\"item\":\"https:\/\/alj.com\/fr\/\"},{\"@type\":\"ListItem\",\"position\":2,\"name\":\"Perspectives\",\"item\":\"https:\/\/alj.com\/ja\/perspective\/\"},{\"@type\":\"ListItem\",\"position\":3,\"name\":\"Une feuille de route pour la d\u00e9carbonation de la logistique ?\"}]},{\"@type\":\"WebSite\",\"@id\":\"https:\/\/alj.com\/en\/#website\",\"url\":\"https:\/\/alj.com\/en\/\",\"name\":\"Abdul Latif Jameel\",\"description\":\"Abdul Latif Jameel\",\"potentialAction\":[{\"@type\":\"SearchAction\",\"target\":{\"@type\":\"EntryPoint\",\"urlTemplate\":\"https:\/\/alj.com\/en\/?s={search_term_string}\"},\"query-input\":\"required name=search_term_string\"}],\"inLanguage\":\"fr-FR\"}]}<\/script>\n<!-- \/ Yoast SEO plugin. -->","yoast_head_json":{"title":"Une feuille de route pour la d\u00e9carbonation de la logistique | Abdul Latif Jameel\u00ae","description":"D\u00e9couvrez pourquoi le secteur de la logistique est responsable d'environ 8 % des \u00e9missions de CO2 par an et comment atteindre la neutralit\u00e9 carbone.","robots":{"index":"index","follow":"follow","max-snippet":"max-snippet:-1","max-image-preview":"max-image-preview:large","max-video-preview":"max-video-preview:-1"},"canonical":"https:\/\/alj.com\/fr\/perspective\/a-roadmap-for-decarbonizing-logistics\/","og_locale":"fr_FR","og_type":"article","og_title":"A roadmap for decarbonizing logistics?","og_description":"It may appear that we live in an ever-more digital world, with an increasing share of commerce and communication conducted in the relatively eco-friendly online sphere.\u00a0 But behind every online interaction and transaction is a much larger, more complex offline supply chain. \u00a0One that, historically at least, is most definitely not quite so eco-friendly.","og_url":"https:\/\/alj.com\/fr\/perspective\/a-roadmap-for-decarbonizing-logistics\/","og_site_name":"Abdul Latif Jameel","article_publisher":"https:\/\/www.facebook.com\/Abdul.Latif.Jameel.Official","article_modified_time":"2022-06-29T05:40:26+00:00","og_image":[{"width":1467,"height":792,"url":"https:\/\/media.alj.com\/app\/uploads\/2022\/04\/Decarbonizing-Logistics.jpg","type":"image\/jpeg"}],"twitter_card":"summary_large_image","twitter_title":"A roadmap for decarbonizing logistics?","twitter_description":"It may appear that we live in an ever-more digital world, with an increasing share of commerce and communication conducted in the relatively eco-friendly online sphere.\u00a0 But behind every online interaction and transaction is a much larger, more complex offline supply chain. \u00a0One that, historically at least, is most definitely not quite so eco-friendly.","twitter_image":"https:\/\/media.alj.com\/app\/uploads\/2022\/04\/Decarbonizing-Logistics.jpg","twitter_misc":{"Est. reading time":"24 minutes"},"schema":{"@context":"https:\/\/schema.org","@graph":[{"@type":"WebPage","@id":"https:\/\/alj.com\/fr\/perspective\/a-roadmap-for-decarbonizing-logistics\/","url":"https:\/\/alj.com\/fr\/perspective\/a-roadmap-for-decarbonizing-logistics\/","name":"Une feuille de route pour la d\u00e9carbonation de la logistique | Abdul Latif Jameel\u00ae","isPartOf":{"@id":"https:\/\/alj.com\/en\/#website"},"datePublished":"2022-04-04T10:33:17+00:00","dateModified":"2022-06-29T05:40:26+00:00","description":"D\u00e9couvrez pourquoi le secteur de la logistique est responsable d'environ 8 % des \u00e9missions de CO2 par an et comment atteindre la neutralit\u00e9 carbone.","breadcrumb":{"@id":"https:\/\/alj.com\/fr\/perspective\/a-roadmap-for-decarbonizing-logistics\/#breadcrumb"},"inLanguage":"fr-FR","potentialAction":[{"@type":"ReadAction","target":["https:\/\/alj.com\/fr\/perspective\/a-roadmap-for-decarbonizing-logistics\/"]}]},{"@type":"BreadcrumbList","@id":"https:\/\/alj.com\/fr\/perspective\/a-roadmap-for-decarbonizing-logistics\/#breadcrumb","itemListElement":[{"@type":"ListItem","position":1,"name":"Home","item":"https:\/\/alj.com\/fr\/"},{"@type":"ListItem","position":2,"name":"Perspectives","item":"https:\/\/alj.com\/ja\/perspective\/"},{"@type":"ListItem","position":3,"name":"Une feuille de route pour la d\u00e9carbonation de la logistique ?"}]},{"@type":"WebSite","@id":"https:\/\/alj.com\/en\/#website","url":"https:\/\/alj.com\/en\/","name":"Abdul Latif Jameel","description":"Abdul Latif Jameel","potentialAction":[{"@type":"SearchAction","target":{"@type":"EntryPoint","urlTemplate":"https:\/\/alj.com\/en\/?s={search_term_string}"},"query-input":"required name=search_term_string"}],"inLanguage":"fr-FR"}]}},"post-meta-fields":{"push_notification":["no"],"_push_notification":["field_5c3b1fb67034d"],"_wpml_word_count":["{\"total\":4260,\"to_translate\":{\"ar\":4260,\"zh-hans\":4260,\"fr\":4260,\"ja\":4260,\"es\":4260,\"tr\":4260}}"],"_wpml_media_featured":["1"],"_wpml_media_duplicate":["1"],"perspective_short_title":["Une feuille de route pour la d\u00e9carbonation de la logistique ?"],"perspective_summury":["<p>Nous avons peut-\u00eatre l\u2019impression de vivre dans un monde toujours plus num\u00e9rique, avec une part croissante du commerce et de la communication men\u00e9e dans la sph\u00e8re <em>en ligne, <\/em>relativement respectueuse de l\u2019environnement. Mais derri\u00e8re chaque interaction et chaque transaction en ligne se cache une cha\u00eene d\u2019approvisionnement <em>hors ligne<\/em> beaucoup plus vaste et plus complexe.<\/p>\n"],"wpcf-featured-news":["0"],"is_latest_news":["0"],"wpcf-show-news-at-homepage":["1"],"publish_mobile":[""],"_publish_mobile":["field_5bfa8eb2e65cf"],"mobile_featured_image":["https:\/\/media.alj.com\/app\/uploads\/2022\/04\/Decarbonizing-Logistics.jpg"],"_mobile_featured_image":["field_5c3b204983dea"],"content_series_applied":[""],"_content_series_applied":["field_60f3d3faf82ac"],"featured_on_listing_page":["1"],"_featured_on_listing_page":["field_62458ea7383c3"],"wpcf-perspective-downloadable_file":[""],"wpcf-perspective-published-date":["1649030400"],"wpcf-video-description":[""],"wpcf-layoutvideourl":[""],"wpcf-video-thumb":[""],"wpcf-social4-svg":[""],"wpcf-social4-background-image":[""],"wpcf-social4-text":[""],"wpcf-social4-url":[""],"wpcf-social3-svg":[""],"wpcf-social3-background-image":[""],"wpcf-social3-text":[""],"wpcf-social3-url":[""],"wpcf-social-text-svg-square":[""],"wpcf-social-text-image-square":[""],"wpcf-social-text-text-square":[""],"wpcf-social-text-url-square":[""],"wpcf-social2-svg":[""],"wpcf-social2-background-image":[""],"wpcf-social2-text":[""],"wpcf-social2-url":[""],"wpcf-social-svg-square":[""],"wpcf-social-image-square":[""],"wpcf-social-text-square":[""],"wpcf-social-url-square":[""],"wpcf-social1-svg":[""],"wpcf-social1-background-image":[""],"wpcf-social1-text":[""],"wpcf-social1-url":[""],"wpcf-quotes-with-auther-text-1":[""],"wpcf-card_article_with_title_content":[""],"wpcf-card_article_content":["<p>write your content<\/p>"],"wpcf-quotes-with-auther-text":[""],"_bsf_post_type":["0"],"_bsf_item_review_type":["none"],"_yoast_wpseo_focuskw":["A roadmap for decarbonizing logistics?"],"_yoast_wpseo_metadesc":["D\u00e9couvrez pourquoi le secteur de la logistique est responsable d'environ 8 % des \u00e9missions de CO2 par an et comment atteindre la neutralit\u00e9 carbone."],"_yoast_wpseo_linkdex":["54"],"_yoast_wpseo_content_score":["30"],"_yoast_wpseo_estimated-reading-time-minutes":["24"],"_yoast_wpseo_opengraph-title":["A roadmap for decarbonizing logistics?"],"_yoast_wpseo_opengraph-description":["It may appear that we live in an ever-more digital world, with an increasing share of commerce and communication conducted in the relatively eco-friendly online sphere.\u00a0 But behind every online interaction and transaction is a much larger, more complex offline supply chain. \u00a0One that, historically at least, is most definitely not quite so eco-friendly."],"_yoast_wpseo_opengraph-image":["https:\/\/media.alj.com\/app\/uploads\/2022\/04\/Decarbonizing-Logistics-1024x553.jpg"],"_yoast_wpseo_opengraph-image-id":["97609"],"_yoast_wpseo_twitter-title":["A roadmap for decarbonizing logistics?"],"_yoast_wpseo_twitter-description":["It may appear that we live in an ever-more digital world, with an increasing share of commerce and communication conducted in the relatively eco-friendly online sphere.\u00a0 But behind every online interaction and transaction is a much larger, more complex offline supply chain. \u00a0One that, historically at least, is most definitely not quite so eco-friendly."],"_yoast_wpseo_twitter-image":["https:\/\/media.alj.com\/app\/uploads\/2022\/04\/Decarbonizing-Logistics-1024x553.jpg"],"_yoast_wpseo_twitter-image-id":["97609"],"perspective_location":["Dubai, EAU"],"_yoast_wpseo_title":["Une feuille de route pour la d\u00e9carbonation de la logistique | Abdul Latif Jameel\u00ae"],"_thumbnail_id":["97612"],"_edit_lock":["1656481180:25"],"_edit_last":["25"],"_last_translation_edit_mode":["native-editor"],"perspective_business_sector":["Logistique"],"wpcf-card-image":[""],"_wpcf-card-image-sort-order":["a:1:{i:0;i:1203471;}"],"amazonS3_cache":["a:32:{s:81:\"\/\/alj.com\/app\/uploads\/2022\/04\/ALJ-Decarbonizing-Logistics-Infographics-scaled.jpg\";a:2:{s:2:\"id\";i:97619;s:11:\"source_type\";s:13:\"media-library\";}s:87:\"\/\/media.alj.com\/app\/uploads\/2022\/04\/ALJ-Decarbonizing-Logistics-Infographics-scaled.jpg\";a:2:{s:2:\"id\";i:97619;s:11:\"source_type\";s:13:\"media-library\";}s:42:\"\/\/alj.com\/app\/uploads\/2022\/04\/Picture6.jpg\";a:2:{s:2:\"id\";i:97626;s:11:\"source_type\";s:13:\"media-library\";}s:48:\"\/\/media.alj.com\/app\/uploads\/2022\/04\/Picture6.jpg\";a:2:{s:2:\"id\";i:97626;s:11:\"source_type\";s:13:\"media-library\";}s:82:\"\/\/alj.com\/app\/uploads\/2022\/04\/ALJ-Decarbonizing-Logistics-Infographics2-scaled.jpg\";a:2:{s:2:\"id\";i:97633;s:11:\"source_type\";s:13:\"media-library\";}s:88:\"\/\/media.alj.com\/app\/uploads\/2022\/04\/ALJ-Decarbonizing-Logistics-Infographics2-scaled.jpg\";a:2:{s:2:\"id\";i:97633;s:11:\"source_type\";s:13:\"media-library\";}s:82:\"\/\/alj.com\/app\/uploads\/2022\/04\/ALJ-Decarbonizing-Logistics-Infographics3-scaled.jpg\";a:2:{s:2:\"id\";i:97640;s:11:\"source_type\";s:13:\"media-library\";}s:88:\"\/\/media.alj.com\/app\/uploads\/2022\/04\/ALJ-Decarbonizing-Logistics-Infographics3-scaled.jpg\";a:2:{s:2:\"id\";i:97640;s:11:\"source_type\";s:13:\"media-library\";}s:42:\"\/\/alj.com\/app\/uploads\/2022\/04\/Picture7.jpg\";a:2:{s:2:\"id\";i:97647;s:11:\"source_type\";s:13:\"media-library\";}s:48:\"\/\/media.alj.com\/app\/uploads\/2022\/04\/Picture7.jpg\";a:2:{s:2:\"id\";i:97647;s:11:\"source_type\";s:13:\"media-library\";}s:42:\"\/\/alj.com\/app\/uploads\/2022\/04\/Picture8.png\";a:2:{s:2:\"id\";i:97654;s:11:\"source_type\";s:13:\"media-library\";}s:50:\"\/\/alj.com\/app\/uploads\/2022\/04\/Picture8-300x121.png\";a:2:{s:2:\"id\";i:97654;s:11:\"source_type\";s:13:\"media-library\";}s:48:\"\/\/media.alj.com\/app\/uploads\/2022\/04\/Picture8.png\";a:2:{s:2:\"id\";i:97654;s:11:\"source_type\";s:13:\"media-library\";}s:56:\"\/\/media.alj.com\/app\/uploads\/2022\/04\/Picture8-300x121.png\";a:2:{s:2:\"id\";i:97654;s:11:\"source_type\";s:13:\"media-library\";}s:42:\"\/\/alj.com\/app\/uploads\/2022\/04\/Picture9.png\";a:2:{s:2:\"id\";i:97661;s:11:\"source_type\";s:13:\"media-library\";}s:48:\"\/\/media.alj.com\/app\/uploads\/2022\/04\/Picture9.png\";a:2:{s:2:\"id\";i:97661;s:11:\"source_type\";s:13:\"media-library\";}s:43:\"\/\/alj.com\/app\/uploads\/2022\/04\/Picture10.jpg\";a:2:{s:2:\"id\";i:97668;s:11:\"source_type\";s:13:\"media-library\";}s:49:\"\/\/media.alj.com\/app\/uploads\/2022\/04\/Picture10.jpg\";a:2:{s:2:\"id\";i:97668;s:11:\"source_type\";s:13:\"media-library\";}s:75:\"\/\/alj.com\/app\/uploads\/2022\/04\/ALJ-Decarbonizing-Logistics-Infographics4.jpg\";a:2:{s:2:\"id\";i:97675;s:11:\"source_type\";s:13:\"media-library\";}s:81:\"\/\/media.alj.com\/app\/uploads\/2022\/04\/ALJ-Decarbonizing-Logistics-Infographics4.jpg\";a:2:{s:2:\"id\";i:97675;s:11:\"source_type\";s:13:\"media-library\";}s:43:\"\/\/alj.com\/app\/uploads\/2022\/04\/Picture11.jpg\";a:2:{s:2:\"id\";i:97682;s:11:\"source_type\";s:13:\"media-library\";}s:49:\"\/\/media.alj.com\/app\/uploads\/2022\/04\/Picture11.jpg\";a:2:{s:2:\"id\";i:97682;s:11:\"source_type\";s:13:\"media-library\";}s:82:\"\/\/alj.com\/app\/uploads\/2022\/04\/ALJ-Decarbonizing-Logistics-Infographics5-scaled.jpg\";a:2:{s:2:\"id\";i:97689;s:11:\"source_type\";s:13:\"media-library\";}s:88:\"\/\/media.alj.com\/app\/uploads\/2022\/04\/ALJ-Decarbonizing-Logistics-Infographics5-scaled.jpg\";a:2:{s:2:\"id\";i:97689;s:11:\"source_type\";s:13:\"media-library\";}s:67:\"\/\/alj.com\/app\/uploads\/2020\/09\/HB-pr-EXAMPLE-1-01_SLS-752x357-1.jpeg\";a:2:{s:2:\"id\";i:77333;s:11:\"source_type\";s:13:\"media-library\";}s:75:\"\/\/alj.com\/app\/uploads\/2020\/09\/HB-pr-EXAMPLE-1-01_SLS-752x357-1-300x142.jpeg\";a:2:{s:2:\"id\";i:77333;s:11:\"source_type\";s:13:\"media-library\";}s:73:\"\/\/media.alj.com\/app\/uploads\/2020\/09\/HB-pr-EXAMPLE-1-01_SLS-752x357-1.jpeg\";a:2:{s:2:\"id\";i:77333;s:11:\"source_type\";s:13:\"media-library\";}s:81:\"\/\/media.alj.com\/app\/uploads\/2020\/09\/HB-pr-EXAMPLE-1-01_SLS-752x357-1-300x142.jpeg\";a:2:{s:2:\"id\";i:77333;s:11:\"source_type\";s:13:\"media-library\";}s:47:\"\/\/alj.com\/app\/uploads\/2020\/12\/Fady-Jameel-2.jpg\";a:2:{s:2:\"id\";i:82277;s:11:\"source_type\";s:13:\"media-library\";}s:55:\"\/\/alj.com\/app\/uploads\/2020\/12\/Fady-Jameel-2-225x300.jpg\";a:2:{s:2:\"id\";i:82277;s:11:\"source_type\";s:13:\"media-library\";}s:53:\"\/\/media.alj.com\/app\/uploads\/2020\/12\/Fady-Jameel-2.jpg\";a:2:{s:2:\"id\";i:82277;s:11:\"source_type\";s:13:\"media-library\";}s:61:\"\/\/media.alj.com\/app\/uploads\/2020\/12\/Fady-Jameel-2-225x300.jpg\";a:2:{s:2:\"id\";i:82277;s:11:\"source_type\";s:13:\"media-library\";}}"]},"_links":{"self":[{"href":"https:\/\/alj.com\/fr\/wp-json\/wp\/v2\/perspective\/98302"}],"collection":[{"href":"https:\/\/alj.com\/fr\/wp-json\/wp\/v2\/perspective"}],"about":[{"href":"https:\/\/alj.com\/fr\/wp-json\/wp\/v2\/types\/perspective"}],"author":[{"embeddable":true,"href":"https:\/\/alj.com\/fr\/wp-json\/wp\/v2\/users\/16"}],"wp:featuredmedia":[{"embeddable":true,"href":"https:\/\/alj.com\/fr\/wp-json\/wp\/v2\/media\/97612"}],"wp:attachment":[{"href":"https:\/\/alj.com\/fr\/wp-json\/wp\/v2\/media?parent=98302"}],"wp:term":[{"taxonomy":"post_tag","embeddable":true,"href":"https:\/\/alj.com\/fr\/wp-json\/wp\/v2\/tags?post=98302"}],"curies":[{"name":"wp","href":"https:\/\/api.w.org\/{rel}","templated":true}]}}