{"id":98453,"date":"2022-04-27T05:55:18","date_gmt":"2022-04-27T05:55:18","guid":{"rendered":"https:\/\/alj.com\/?post_type=perspective&#038;p=98453"},"modified":"2022-06-29T05:44:40","modified_gmt":"2022-06-29T05:44:40","slug":"comment-les-inegalites-font-peser-la-menace-dun-monde-encore-plus-risque","status":"publish","type":"perspective","link":"https:\/\/alj.com\/fr\/perspective\/comment-les-inegalites-font-peser-la-menace-dun-monde-encore-plus-risque\/","title":{"rendered":"Comment les in\u00e9galit\u00e9s font peser la menace d\u2019un monde encore plus risqu\u00e9"},"content":{"rendered":"<p>La vie moderne peut parfois ressembler \u00e0 la travers\u00e9e d\u2019un \u00e9quilibriste sur le fil du rasoir. En\u00a02022, la prise de risque collective semble \u00eatre devenue notre leitmotiv\u00a0: le risque d\u2019un effondrement de l\u2019environnement, le risque de contracter un virus mortel, le risque de voir les conflits frontaliers nationalistes devenir incontr\u00f4lables\u2026<\/p>\n<p>Pourtant, pour la plupart d\u2019entre nous, ces craintes demeurent hypoth\u00e9tiques, ou d\u2019une \u00e9ch\u00e9ance incertaine, ou inutilement exag\u00e9r\u00e9es par la conjoncture et le battage m\u00e9diatique. Alors, qu\u2019en est-il du monde <em>r\u00e9el<\/em> du risque\u00a0? Quels sont les dangers av\u00e9r\u00e9s et manifestes pr\u00e9vus par les experts\u00a0? Par les personnes charg\u00e9es de l\u2019att\u00e9nuation des risques dans les entreprises et les gouvernements\u00a0?<\/p>\n<p>Quels sont, selon eux, les risques les plus graves qui se profilent \u00e0 l\u2019horizon et quelles mesures devrions-nous prendre d\u00e8s maintenant pour compenser leurs potentiels effets n\u00e9fastes\u00a0?<\/p>\n<p>Le Forum \u00e9conomique mondial <a href=\"https:\/\/www.weforum.org\/\">(FEM<\/a>) publie un rapport annuel sur les risques, \u00e0 pour lequel il interroge les gouvernements, les universitaires, les entreprises et les ONG du monde entier sur les d\u00e9fis les plus importants auxquels l\u2019humanit\u00e9 et la soci\u00e9t\u00e9 mondiale sont confront\u00e9es.<\/p>\n<p><img decoding=\"async\" loading=\"lazy\" class=\"alignleft size-medium wp-image-97772\" src=\"https:\/\/media.alj.com\/app\/uploads\/2022\/04\/WEF-Risks-Report-2022-Cover-212x300.png\" alt=\"WEF Risks Report 2022 Cover\" width=\"212\" height=\"300\" srcset=\"https:\/\/media.alj.com\/app\/uploads\/2022\/04\/WEF-Risks-Report-2022-Cover-212x300.png 212w, https:\/\/media.alj.com\/app\/uploads\/2022\/04\/WEF-Risks-Report-2022-Cover-106x150.png 106w, https:\/\/media.alj.com\/app\/uploads\/2022\/04\/WEF-Risks-Report-2022-Cover.png 509w\" sizes=\"(max-width: 212px) 100vw, 212px\" \/>Son <a href=\"https:\/\/www.weforum.org\/reports\/global-risks-report-2022\">Rapport\u00a02022 sur les risques mondiaux<\/a>, publi\u00e9 en f\u00e9vrier\u00a02022, d\u00e9crit un monde confront\u00e9 \u00e0 des tensions sans pr\u00e9c\u00e9dent sur des questions que l\u2019on n\u2019imaginait m\u00eame pas il y a seulement une g\u00e9n\u00e9ration.<\/p>\n<p>Un monde qui tend trop souvent dans des directions diff\u00e9rentes et qui menace de s\u2019infliger des dommages irr\u00e9parables. Un monde qui s\u2019efforce vaillamment de survivre \u00e0 ses premi\u00e8res ann\u00e9es et d\u2019arriver \u00e0 une certaine maturit\u00e9 stable.<\/p>\n<p>Alors que les experts en risques s\u2019inqui\u00e8tent surtout du changement climatique (le nuage noir qui menace de nous \u00e9clipser tous), il est impossible de ne pas voir qu\u2019en tant que civilisation, nous nous relevons \u00e0 peine, secou\u00e9s et meurtris, des ravages de la Covid-19.<\/p>\n<p>Et notre trajectoire actuelle pour nous en remettre expose de nombreux d\u00e9fauts dans la civilisation mondiale interconnect\u00e9e d\u2019aujourd\u2019hui.<\/p>\n<p>En\u00a02022, ce n\u2019est pas tant l\u2019arme virale du Covid-19 qui s\u2019impose comme la plus grande menace mondiale, ni m\u00eame les conflits inter\u00e9tatiques qui se profilent. Il s\u2019agit plut\u00f4t des pressions soci\u00e9tales impos\u00e9es par des questions telles que les in\u00e9galit\u00e9s d\u2019acc\u00e8s aux vaccins (et plus largement l\u2019acc\u00e8s aux soins de sant\u00e9 de base) et des reprises \u00e9conomiques divergentes.<\/p>\n<p>Comme le note le FEM, dans les 52\u00a0pays les plus pauvres, qui abritent un cinqui\u00e8me de la population mondiale, seuls 6\u00a0% des personnes sont actuellement vaccin\u00e9es. Comparez cela aux taux de plus de 70\u00a0% atteints par\u00a050 des pays les plus riches.<\/p>\n<figure id=\"attachment_97779\" aria-describedby=\"caption-attachment-97779\" style=\"width: 807px\" class=\"wp-caption aligncenter\"><img decoding=\"async\" loading=\"lazy\" class=\" wp-image-97779\" src=\"https:\/\/media.alj.com\/app\/uploads\/2022\/04\/Global-South.png\" alt=\"Global South\/Brandt Line\" width=\"807\" height=\"468\" srcset=\"https:\/\/media.alj.com\/app\/uploads\/2022\/04\/Global-South.png 679w, https:\/\/media.alj.com\/app\/uploads\/2022\/04\/Global-South-300x174.png 300w, https:\/\/media.alj.com\/app\/uploads\/2022\/04\/Global-South-150x87.png 150w\" sizes=\"(max-width: 807px) 100vw, 807px\" \/><figcaption id=\"caption-attachment-97779\" class=\"wp-caption-text\">Les pays du Sud en d\u00e9veloppement : repr\u00e9sentation visuelle de la fracture nord-sud, propos\u00e9e par l\u2019ancien chancelier ouest-allemand Willy Brandt dans les ann\u00e9es 1980 dans le rapport intitul\u00e9 \u00ab Nord-Sud : un programme de survie \u00bb qui sera plus tard connu sous le nom de rapport Brandt<br \/>\nCr\u00e9dit image \u00a9 Jovan.Gec,<\/figcaption><\/figure>\n<p>Les ramifications sont in\u00e9vitables. D\u2019ici\u00a02024, les \u00e9conomies en d\u00e9veloppement accuseront un retard de 5,5\u00a0% sur la croissance de leur PIB avant la pand\u00e9mie, alors que les \u00e9conomies avanc\u00e9es d\u00e9passeront la leur de 0,9\u00a0%. Au cours des cinq prochaines ann\u00e9es, l\u2019enqu\u00eate fait \u00e9tat d\u2019une inqui\u00e9tude g\u00e9n\u00e9ralis\u00e9e face \u00e0 cet \u00e9cart de revenus croissant qui cr\u00e9e des tensions \u00ab\u00a0\u00e0 l\u2019int\u00e9rieur et \u00e0 l\u2019ext\u00e9rieur des fronti\u00e8res\u00a0\u00bb, menace l\u2019\u00e9rosion de la coh\u00e9sion sociale et favorise une crise des moyens de subsistance \u00e0 long terme.<\/p>\n<p>\u00c0 l\u2019\u00e9chelle humaine, la Covid-19 a \u00e9t\u00e9 responsable de 53\u00a0millions de cas de d\u00e9pression majeure dans le monde, ce qui a conduit \u00e0 identifier la d\u00e9t\u00e9rioration de la sant\u00e9 mentale comme l\u2019un des risques ayant le plus fortement augment\u00e9 au cours de la pand\u00e9mie.<\/p>\n<p><img decoding=\"async\" loading=\"lazy\" class=\"aligncenter size-full wp-image-98417\" src=\"https:\/\/media.alj.com\/app\/uploads\/2022\/04\/1724-ALJ-World-Risks-Lighter-scaled.jpg\" alt=\"\" width=\"2560\" height=\"1465\" srcset=\"https:\/\/media.alj.com\/app\/uploads\/2022\/04\/1724-ALJ-World-Risks-Lighter-scaled.jpg 2560w, https:\/\/media.alj.com\/app\/uploads\/2022\/04\/1724-ALJ-World-Risks-Lighter-300x172.jpg 300w, https:\/\/media.alj.com\/app\/uploads\/2022\/04\/1724-ALJ-World-Risks-Lighter-1024x586.jpg 1024w, https:\/\/media.alj.com\/app\/uploads\/2022\/04\/1724-ALJ-World-Risks-Lighter-150x86.jpg 150w, https:\/\/media.alj.com\/app\/uploads\/2022\/04\/1724-ALJ-World-Risks-Lighter-768x440.jpg 768w, https:\/\/media.alj.com\/app\/uploads\/2022\/04\/1724-ALJ-World-Risks-Lighter-1536x879.jpg 1536w, https:\/\/media.alj.com\/app\/uploads\/2022\/04\/1724-ALJ-World-Risks-Lighter-2048x1172.jpg 2048w\" sizes=\"(max-width: 2560px) 100vw, 2560px\" \/><\/p>\n<p>En plus de ces \u00e9preuves, les personnes interrog\u00e9es dans le cadre de l\u2019enqu\u00eate du FEM mentionnent une crise de la dette croissante, des lacunes en mati\u00e8re de cybers\u00e9curit\u00e9 et un rejet g\u00e9n\u00e9ralis\u00e9 de la science par le public, aggrav\u00e9 par une in\u00e9galit\u00e9 num\u00e9rique toujours plus grande.<\/p>\n<p>Seules 16\u00a0% des personnes interrog\u00e9es se sentent positives ou optimistes quant aux perspectives mondiales, la plupart pr\u00e9disant plut\u00f4t que l\u2019avenir imm\u00e9diat sera caract\u00e9ris\u00e9 par \u00ab\u00a0une volatilit\u00e9 constante et de multiples surprises ou des trajectoires fractur\u00e9es qui s\u00e9pareront les gagnants et les perdants relatifs\u00a0\u00bb.<\/p>\n<p>In\u00e9vitablement, ces disparit\u00e9s compromettent nos tentatives de parvenir \u00e0 une d\u00e9fense coordonn\u00e9e contre la plus inqui\u00e9tante des menaces existentielles\u00a0: le changement climatique.<\/p>\n<p><img decoding=\"async\" loading=\"lazy\" class=\"aligncenter size-full wp-image-98424\" src=\"https:\/\/media.alj.com\/app\/uploads\/2022\/04\/1724-ALJ-World-Risks-Lighter2-scaled.jpg\" alt=\"\" width=\"2560\" height=\"1449\" srcset=\"https:\/\/media.alj.com\/app\/uploads\/2022\/04\/1724-ALJ-World-Risks-Lighter2-scaled.jpg 2560w, https:\/\/media.alj.com\/app\/uploads\/2022\/04\/1724-ALJ-World-Risks-Lighter2-300x170.jpg 300w, https:\/\/media.alj.com\/app\/uploads\/2022\/04\/1724-ALJ-World-Risks-Lighter2-1024x580.jpg 1024w, https:\/\/media.alj.com\/app\/uploads\/2022\/04\/1724-ALJ-World-Risks-Lighter2-150x85.jpg 150w, https:\/\/media.alj.com\/app\/uploads\/2022\/04\/1724-ALJ-World-Risks-Lighter2-768x435.jpg 768w, https:\/\/media.alj.com\/app\/uploads\/2022\/04\/1724-ALJ-World-Risks-Lighter2-1536x870.jpg 1536w, https:\/\/media.alj.com\/app\/uploads\/2022\/04\/1724-ALJ-World-Risks-Lighter2-2048x1159.jpg 2048w\" sizes=\"(max-width: 2560px) 100vw, 2560px\" \/><\/p>\n<h2>L\u2019environnement domine les craintes mondiales<\/h2>\n<p>\u00c0 travers notre myopie actuelle, influenc\u00e9e par les pand\u00e9mies, l\u2019enqu\u00eate du FEM prouve que la crise climatique domine toujours les menaces \u00e0 long terme.<\/p>\n<p>Les cinq principaux risques jug\u00e9s les plus urgents au cours de la prochaine d\u00e9cennie sont tous li\u00e9s \u00e0 l\u2019environnement, de m\u00eame que les trois principaux en termes de gravit\u00e9 \u2013\u00a0une sombre collision entre probabilit\u00e9 et menace qui donne \u00e0 r\u00e9fl\u00e9chir, comme le montre une analyse plus approfondie des r\u00e9ponses.<\/p>\n<p>Dans les cinq \u00e0 10\u00a0prochaines ann\u00e9es, les principaux risques, soit ceux qui sont consid\u00e9r\u00e9s comme les plus susceptibles de se manifester, sont centr\u00e9s sur les points suivants\u00a0:<\/p>\n<ol>\n<li>\u00c9chec de l\u2019att\u00e9nuation du changement climatique \u2013 42,1\u00a0%<\/li>\n<li>Conditions m\u00e9t\u00e9orologiques extr\u00eames \u2013 32,4\u00a0%<\/li>\n<li>Perte de biodiversit\u00e9 \u2013 27\u00a0%<\/li>\n<li>Crises des ressources naturelles \u2013 23\u00a0%<\/li>\n<li>D\u00e9gradation de l\u2019environnement par l\u2019action humaine \u2013 21,7\u00a0%<\/li>\n<li>\u00c9rosion de la coh\u00e9sion sociale \u2013 19,1\u00a0%<\/li>\n<li>Migration involontaire \u2013 15\u00a0%<\/li>\n<li>Avanc\u00e9es technologiques n\u00e9fastes \u2013 14,9\u00a0%<\/li>\n<li>Conflits g\u00e9o\u00e9conomiques \u2013 14,1\u00a0%<\/li>\n<li>Contestation des ressources g\u00e9opolitiques \u2013 13,5\u00a0%<\/li>\n<\/ol>\n<p>L\u2019\u00e9chec de l\u2019action climatique, les conditions m\u00e9t\u00e9orologiques extr\u00eames et la perte de biodiversit\u00e9 occupent \u00e9galement les trois premi\u00e8res positions en termes de gravit\u00e9 potentielle, les dommages environnementaux pour l\u2019homme et les crises de ressources naturelles \u00e9tant \u00e9galement tr\u00e8s cit\u00e9s.<\/p>\n<p><img decoding=\"async\" loading=\"lazy\" class=\"aligncenter size-full wp-image-98431\" src=\"https:\/\/media.alj.com\/app\/uploads\/2022\/04\/1724-ALJ-World-Risks-Lighter3-scaled.jpg\" alt=\"\" width=\"2560\" height=\"1379\" srcset=\"https:\/\/media.alj.com\/app\/uploads\/2022\/04\/1724-ALJ-World-Risks-Lighter3-scaled.jpg 2560w, https:\/\/media.alj.com\/app\/uploads\/2022\/04\/1724-ALJ-World-Risks-Lighter3-300x162.jpg 300w, https:\/\/media.alj.com\/app\/uploads\/2022\/04\/1724-ALJ-World-Risks-Lighter3-1024x552.jpg 1024w, https:\/\/media.alj.com\/app\/uploads\/2022\/04\/1724-ALJ-World-Risks-Lighter3-150x81.jpg 150w, https:\/\/media.alj.com\/app\/uploads\/2022\/04\/1724-ALJ-World-Risks-Lighter3-768x414.jpg 768w, https:\/\/media.alj.com\/app\/uploads\/2022\/04\/1724-ALJ-World-Risks-Lighter3-1536x828.jpg 1536w, https:\/\/media.alj.com\/app\/uploads\/2022\/04\/1724-ALJ-World-Risks-Lighter3-2048x1103.jpg 2048w\" sizes=\"(max-width: 2560px) 100vw, 2560px\" \/><\/p>\n<p>Indiff\u00e9rente \u00e0 la nature capricieuse de la Covid-19, ind\u00e9pendante des conflits d\u2019Europe de l\u2019Est, la crise climatique continue de menacer sans rel\u00e2che notre mode de vie.<\/p>\n<p>Le nombre de catastrophes m\u00e9t\u00e9orologiques extr\u00eames causant plus de 1,5\u00a0milliard de dollars de dommages a atteint les deux chiffres en\u00a02021. L\u2019ouragan Ida a frapp\u00e9 les \u00c9tats-Unis en ao\u00fbt, entra\u00eenant le d\u00e9c\u00e8s de 95\u00a0personnes. En juillet, les temp\u00eates qui se sont abattues sur l\u2019Europe ont fait 240\u00a0victimes et provoqu\u00e9 de vastes inondations en Allemagne, en France et dans d\u2019autres pays. Les inondations au Sud-Soudan ont laiss\u00e9 800\u00a0000 personnes sans abri, tandis que 200\u00a0000\u00a0autres ont \u00e9t\u00e9 d\u00e9plac\u00e9es par un cyclone qui a touch\u00e9 l\u2019Inde, le Sri Lanka et les Maldives.<a href=\"#_ftn1\" name=\"_ftnref1\">[1]<\/a><\/p>\n<p><img decoding=\"async\" loading=\"lazy\" class=\"alignright size-medium wp-image-97807\" src=\"https:\/\/media.alj.com\/app\/uploads\/2022\/04\/David-Attenborough-at-COP26-300x193.jpg\" alt=\"Sir David Attenborough at COP26\" width=\"300\" height=\"193\" srcset=\"https:\/\/media.alj.com\/app\/uploads\/2022\/04\/David-Attenborough-at-COP26-300x193.jpg 300w, https:\/\/media.alj.com\/app\/uploads\/2022\/04\/David-Attenborough-at-COP26-150x97.jpg 150w, https:\/\/media.alj.com\/app\/uploads\/2022\/04\/David-Attenborough-at-COP26.jpg 307w\" sizes=\"(max-width: 300px) 100vw, 300px\" \/>L\u2019an dernier, <a href=\"https:\/\/alj.com\/en\/perspective\/cop26-a-degree-of-success\/\">la conf\u00e9rence sur le climat COP26<\/a> \u00e0 Glasgow, au Royaume-Uni, a ind\u00e9niablement permis des avanc\u00e9es d\u00e9cisives en mati\u00e8re d\u2019engagements environnementaux mondiaux\u00a0: 46\u00a0pays passant \u00e0 l\u2019\u00e9nergie propre d\u2019ici\u00a02040, l\u2019Inde ciblant 50\u00a0% d\u2019\u00e9nergie renouvelable d\u2019ici\u00a02030 et 141\u00a0pays d\u00e9cidant d\u2019\u00e9liminer progressivement la d\u00e9forestation d\u2019ici\u00a02030.<\/p>\n<p>Pourtant, comme l\u2019indique le FEM, m\u00eame ces engagements, s\u2019ils sont mis en \u0153uvre, ne permettront pas d\u2019atteindre l\u2019objectif de l\u2019accord de Paris de\u00a02016 sur le climat, \u00e0 savoir une augmentation maximale de 1,5\u00a0\u00b0C de la temp\u00e9rature mondiale \u2013\u00a01,8\u00a0\u00b0C \u00e9tant le sc\u00e9nario le plus optimiste selon les trajectoires actuelles.<\/p>\n<p>En outre, le Royaume-Uni, l\u2019UE et les \u00c9tats-Unis ont but\u00e9 sur un programme formel de financement climatique pour les pays en d\u00e9veloppement. La Chine et l\u2019Inde, quant \u00e0 elles, ont veill\u00e9 \u00e0 ce que l\u2019utilisation du charbon ne soit que r\u00e9duite progressivement, et non \u00e9limin\u00e9e, dans la version finale de l\u2019engagement.<\/p>\n<p><img decoding=\"async\" loading=\"lazy\" class=\"aligncenter size-full wp-image-97814\" src=\"https:\/\/media.alj.com\/app\/uploads\/2022\/04\/World-Leaders-at-COP26.png\" alt=\"World Leaders at COP26\" width=\"1378\" height=\"772\" srcset=\"https:\/\/media.alj.com\/app\/uploads\/2022\/04\/World-Leaders-at-COP26.png 1378w, https:\/\/media.alj.com\/app\/uploads\/2022\/04\/World-Leaders-at-COP26-300x168.png 300w, https:\/\/media.alj.com\/app\/uploads\/2022\/04\/World-Leaders-at-COP26-1024x574.png 1024w, https:\/\/media.alj.com\/app\/uploads\/2022\/04\/World-Leaders-at-COP26-150x84.png 150w, https:\/\/media.alj.com\/app\/uploads\/2022\/04\/World-Leaders-at-COP26-768x430.png 768w, https:\/\/media.alj.com\/app\/uploads\/2022\/04\/World-Leaders-at-COP26-226x126.png 226w\" sizes=\"(max-width: 1378px) 100vw, 1378px\" \/><\/p>\n<p>Toute r\u00e9orientation de la politique ax\u00e9e sur la nation au lendemain de la Covid-19 pourrait entra\u00eener un nouveau recul des engagements mondiaux dans l\u2019int\u00e9r\u00eat du pragmatisme \u00e9conomique \u00e0 court terme.<\/p>\n<p>En d\u2019autres termes, et en d\u00e9pit des fermetures d\u2019usines et de transports qui ont permis d\u2019anticiper une baisse temporaire des \u00e9missions polluantes, le risque d\u2019\u00e9chec de l\u2019action climatique a en fait \u00e9t\u00e9 consid\u00e9r\u00e9 comme s\u2019\u00e9tant aggrav\u00e9 de 25\u00a0% depuis le d\u00e9but de la pand\u00e9mie.<\/p>\n<p><img decoding=\"async\" loading=\"lazy\" class=\"aligncenter size-full wp-image-98438\" src=\"https:\/\/media.alj.com\/app\/uploads\/2022\/04\/1724-ALJ-World-Risks-Lighter4-scaled.jpg\" alt=\"\" width=\"2560\" height=\"1250\" srcset=\"https:\/\/media.alj.com\/app\/uploads\/2022\/04\/1724-ALJ-World-Risks-Lighter4-scaled.jpg 2560w, https:\/\/media.alj.com\/app\/uploads\/2022\/04\/1724-ALJ-World-Risks-Lighter4-300x146.jpg 300w, https:\/\/media.alj.com\/app\/uploads\/2022\/04\/1724-ALJ-World-Risks-Lighter4-1024x500.jpg 1024w, https:\/\/media.alj.com\/app\/uploads\/2022\/04\/1724-ALJ-World-Risks-Lighter4-150x73.jpg 150w, https:\/\/media.alj.com\/app\/uploads\/2022\/04\/1724-ALJ-World-Risks-Lighter4-768x375.jpg 768w, https:\/\/media.alj.com\/app\/uploads\/2022\/04\/1724-ALJ-World-Risks-Lighter4-1536x750.jpg 1536w, https:\/\/media.alj.com\/app\/uploads\/2022\/04\/1724-ALJ-World-Risks-Lighter4-2048x1000.jpg 2048w\" sizes=\"(max-width: 2560px) 100vw, 2560px\" \/><\/p>\n<p>En effet, m\u00eame si la perception publique du r\u00e9chauffement climatique continue d\u2019augmenter, plus de 50\u00a0\u00e9conomies d\u00e9velopp\u00e9es et \u00e9mergentes se sont engag\u00e9es en\u00a02020 \u00e0 verser 345\u00a0milliards de dollars suppl\u00e9mentaires pour subventionner les combustibles fossiles.<\/p>\n<p>Selon le FEM, l\u2019att\u00e9nuation du changement climatique doit \u00eatre adopt\u00e9e de toute urgence, avant que la machine s\u2019emballe et ne d\u00e9clenche des points de basculement environnementaux et que l\u2019effort de d\u00e9carbonation ne devienne trop faible et trop tardif.<\/p>\n<p>Le <a href=\"https:\/\/www.alj.com\/en\/spotlight-by-fady-jameel\/the-economic-costs-of-climate-change\/\">co\u00fbt de l\u2019incapacit\u00e9 \u00e0 agir<\/a> vis-\u00e0-vis de l\u2019inaction climatique est \u00e9lev\u00e9, avec des pertes pr\u00e9vues de\u00a04 \u00e0 18\u00a0% du PIB mondial d\u2019ici\u00a02050.<\/p>\n<p>En raison des d\u00e9fis soci\u00e9taux, \u00e9conomiques et technologiques \u00e0 relever pour parvenir \u00e0 un monde <a href=\"https:\/\/www.alj.com\/en\/spotlight-by-fady-jameel\/delivering-decarbonization-how-achievable-is-net-zero\/\">sans \u00e9missions nettes<\/a>, le FEM qualifie la transition probable de \u00ab\u00a0d\u00e9sordonn\u00e9e\u00a0\u00bb. Afin d\u2019\u00e9viter la division des soci\u00e9t\u00e9s et les lignes de fracture id\u00e9ologiques entre les pays, il exhorte les gouvernements, les entreprises et les citoyens \u00e0 s\u2019entendre sur un \u00e9quilibre commun entre les engagements politiques, les incitations financi\u00e8res, les r\u00e9glementations et les besoins imm\u00e9diats.<\/p>\n<p>Notre principal alli\u00e9 dans la lutte contre le changement climatique\u00a0? La sensibilisation.<\/p>\n<h2>Lutter contre le pouvoir erratique du risque<\/h2>\n<p>Si le risque a un avantage, c\u2019est celui-ci\u00a0: une fois que quelque chose est identifi\u00e9, on peut s\u2019y pr\u00e9parer.<\/p>\n<p>Le FEM constate d\u00e9j\u00e0 une s\u00e9rie d\u2019initiatives et de tendances en cours qui donnent de l\u2019espoir aux pr\u00e9visionnistes environnementaux.<\/p>\n<ul>\n<li>Les politiques \u00e9cologiques, et m\u00eame les partis \u00e9cologiques, gagnent du terrain parmi les \u00e9lecteurs du monde entier.<\/li>\n<li>Un nouveau Conseil international des normes de durabilit\u00e9, appel\u00e9 <a href=\"https:\/\/www.ifrs.org\/groups\/international-sustainability-standards-board\/\">International Sustainability Standards Board<\/a>, se met en place pour surveiller l\u2019action climatique et pr\u00e9venir l\u2019\u00e9coblanchiment.<\/li>\n<li>L\u2019activisme des parties prenantes, associ\u00e9 aux principes d\u2019investissement environnementaux, sociaux et de gouvernance (ESG), oriente le march\u00e9 financier vers l\u2019\u00e9cologie.<\/li>\n<li>130\u00a0billions de dollars de capital priv\u00e9 engag\u00e9 en faveur de la neutralit\u00e9 carbone.<\/li>\n<li>La perspective de 40\u00a0millions de nouveaux emplois cr\u00e9\u00e9s dans le monde entier gr\u00e2ce \u00e0 la requalification dans les \u00e9nergies renouvelables.<\/li>\n<li>Un accord-cadre conclu lors de la COP26 donnant le feu vert aux march\u00e9s mondiaux du carbone, et un nouvel organe de surveillance des Nations unies pour le commerce des cr\u00e9dits carbone.<\/li>\n<\/ul>\n<p>Comme toujours, nous devons nous m\u00e9fier de la procrastination. Les solutions biotechniques et de g\u00e9o-ing\u00e9nierie peuvent se pr\u00e9senter comme des rem\u00e8des miracles, mais elles peuvent elles-m\u00eames comporter des risques impr\u00e9vus ou \u00eatre utilis\u00e9es \u00e0 mauvais escient pour des raisons g\u00e9opolitiques. La technologie CCS et d\u2019\u00e9limination du dioxyde de carbone (CDR, \u00ab\u00a0Carbon Dioxide Removal\u00a0\u00bb) n\u00e9cessiterait une forte intensification pour compenser un monde susceptible de rester avide de carbone pendant plusieurs d\u00e9cennies encore.<\/p>\n<p><img decoding=\"async\" loading=\"lazy\" class=\"aligncenter size-full wp-image-98445\" src=\"https:\/\/media.alj.com\/app\/uploads\/2022\/04\/1724-ALJ-World-Risks-Lighter5-scaled.jpg\" alt=\"\" width=\"2560\" height=\"1551\" srcset=\"https:\/\/media.alj.com\/app\/uploads\/2022\/04\/1724-ALJ-World-Risks-Lighter5-scaled.jpg 2560w, https:\/\/media.alj.com\/app\/uploads\/2022\/04\/1724-ALJ-World-Risks-Lighter5-300x182.jpg 300w, https:\/\/media.alj.com\/app\/uploads\/2022\/04\/1724-ALJ-World-Risks-Lighter5-1024x621.jpg 1024w, https:\/\/media.alj.com\/app\/uploads\/2022\/04\/1724-ALJ-World-Risks-Lighter5-150x91.jpg 150w, https:\/\/media.alj.com\/app\/uploads\/2022\/04\/1724-ALJ-World-Risks-Lighter5-768x465.jpg 768w, https:\/\/media.alj.com\/app\/uploads\/2022\/04\/1724-ALJ-World-Risks-Lighter5-1536x931.jpg 1536w, https:\/\/media.alj.com\/app\/uploads\/2022\/04\/1724-ALJ-World-Risks-Lighter5-2048x1241.jpg 2048w\" sizes=\"(max-width: 2560px) 100vw, 2560px\" \/><\/p>\n<p>Prendre le contr\u00f4le du changement climatique maintenant, en le privant de sa capacit\u00e9 \u00e0 surprendre et \u00e0 s\u2019emballer, contribuerait \u00e0 le rendre moins risqu\u00e9 pour l\u2019avenir. En bref, cela augmenterait les chances que notre n\u00e9cessaire transition vers un monde sans carbone soit stable et g\u00e9rable, plut\u00f4t que d\u00e9sordonn\u00e9e et impr\u00e9visible.<\/p>\n<p>Les co-risques r\u00e9v\u00e8lent l\u2019urgence du d\u00e9fi climatique<\/p>\n<p>Le Rapport\u00a02022 sur les risques mondiaux refl\u00e8te un scepticisme g\u00e9n\u00e9ralis\u00e9 quant \u00e0 la mise en \u0153uvre de mesures \u00e0 un rythme suffisant pour limiter les risques climatiques.<\/p>\n<p>Environ 68\u00a0% des personnes interrog\u00e9es consid\u00e8rent que l\u2019att\u00e9nuation du changement climatique en est encore \u00e0 une phase de \u00ab\u00a0d\u00e9veloppement pr\u00e9coce\u00a0\u00bb, et 9\u00a0% estiment qu\u2019elle n\u2019a m\u00eame pas encore commenc\u00e9. Seuls 21\u00a0% d\u2019entre elles estiment que l\u2019att\u00e9nuation du changement climatique est \u00ab\u00a0\u00e9tablie\u00a0\u00bb, tandis que 2\u00a0% seulement la consid\u00e8rent comme \u00ab\u00a0efficace\u00a0\u00bb.<\/p>\n<p>Les chiffres pour la pr\u00e9servation de la biodiversit\u00e9 sont presque identiques.<\/p>\n<p>En \u00e9largissant son regard, le rapport sugg\u00e8re une foi tout aussi faible en l\u2019att\u00e9nuation des risques pour plusieurs des sous-risques du changement climatique (ceux potentiellement exacerb\u00e9s par le r\u00e9chauffement de la plan\u00e8te). Nous observons ainsi des risques li\u00e9s \u00e0 la migration et aux r\u00e9fugi\u00e9s avec un classement \u00e0 seulement 37\u00a0% pour \u00ab\u00a0\u00e9tabli\u00a0\u00bb et 3\u00a0% pour \u00ab\u00a0efficace\u00a0\u00bb\u00a0; la s\u00e9curit\u00e9 des ressources \u00e0 39\u00a0% et 3\u00a0% respectivement\u00a0; la pauvret\u00e9 \u00e0 39\u00a0% et 2\u00a0%\u00a0; et la sant\u00e9 humaine \u00e0 49\u00a0% et 4\u00a0%.<\/p>\n<figure id=\"attachment_97839\" aria-describedby=\"caption-attachment-97839\" style=\"width: 709px\" class=\"wp-caption aligncenter\"><img decoding=\"async\" loading=\"lazy\" class=\" wp-image-97839\" src=\"https:\/\/media.alj.com\/app\/uploads\/2022\/04\/Graeme-MacKay-Four-Waves-Cartoon.jpg\" alt=\"Graeme MacKay Four Waves Cartoon\" width=\"709\" height=\"548\" srcset=\"https:\/\/media.alj.com\/app\/uploads\/2022\/04\/Graeme-MacKay-Four-Waves-Cartoon.jpg 602w, https:\/\/media.alj.com\/app\/uploads\/2022\/04\/Graeme-MacKay-Four-Waves-Cartoon-300x232.jpg 300w, https:\/\/media.alj.com\/app\/uploads\/2022\/04\/Graeme-MacKay-Four-Waves-Cartoon-150x116.jpg 150w\" sizes=\"(max-width: 709px) 100vw, 709px\" \/><figcaption id=\"caption-attachment-97839\" class=\"wp-caption-text\">Cr\u00e9dit image \u00a9 Graeme MacKay<\/figcaption><\/figure>\n<p>M\u00eame si les effets du changement climatique se voient comme le nez au milieu de la figure, les donn\u00e9es du FEM sur son att\u00e9nuation indiquent un large d\u00e9senchantement \u00e0 l\u2019\u00e9gard d\u2019autres indicateurs du risque mondial. Les cyber-attaques, l\u2019intelligence artificielle et l\u2019exploration spatiale sont toutes mises en \u00e9vidence comme des domaines \u00e0 risque o\u00f9 l\u2019att\u00e9nuation doit encore commencer.<\/p>\n<p>M\u00eame la facilitation des \u00e9changes, g\u00e9n\u00e9ralement consid\u00e9r\u00e9e comme le risque mondial le plus att\u00e9nu\u00e9, est per\u00e7ue comme ayant une att\u00e9nuation \u00ab\u00a0\u00e9tablie\u00a0\u00bb ou \u00ab\u00a0efficace\u00a0\u00bb par seulement trois quarts des personnes interrog\u00e9es, et ce, avant l\u2019expulsion de la Russie du syst\u00e8me de paiement international Swift en f\u00e9vrier\u00a02022.<\/p>\n<p>Le FEM nous met en garde\u00a0: nous entrons dans un monde de vuln\u00e9rabilit\u00e9s num\u00e9riques, un monde de migrations sans pr\u00e9c\u00e9dent (jusqu\u2019\u00e0 200\u00a0millions de r\u00e9fugi\u00e9s climatiques sont pr\u00e9vus d\u2019ici le milieu du si\u00e8cle), un monde o\u00f9 m\u00eame les nouvelles fronti\u00e8res comme l\u2019espace extra-atmosph\u00e9rique subissent les contraintes de la surpopulation et des int\u00e9r\u00eats concurrents.<\/p>\n<p>Dans ce contexte, il nous incombe de faire tout notre possible pour d\u00e9samorcer le risque global du changement climatique.<\/p>\n<p>C\u2019est ici que le secteur priv\u00e9 peut soutenir les gouvernements du monde entier, en lib\u00e9rant l\u2019innovation et les ressources pour aider \u00e0 exercer un certain contr\u00f4le sur les probl\u00e8mes pos\u00e9s par la volatilit\u00e9 environnementale.<\/p>\n<p><img decoding=\"async\" loading=\"lazy\" class=\"aligncenter  wp-image-97849\" src=\"https:\/\/media.alj.com\/app\/uploads\/2022\/04\/UN-SDG-Wall.jpg\" alt=\"UN SDG Wall\" width=\"761\" height=\"507\" srcset=\"https:\/\/media.alj.com\/app\/uploads\/2022\/04\/UN-SDG-Wall.jpg 602w, https:\/\/media.alj.com\/app\/uploads\/2022\/04\/UN-SDG-Wall-300x200.jpg 300w, https:\/\/media.alj.com\/app\/uploads\/2022\/04\/UN-SDG-Wall-150x100.jpg 150w\" sizes=\"(max-width: 761px) 100vw, 761px\" \/><\/p>\n<h2>S\u2019unir derri\u00e8re une vision de la r\u00e9duction des risques<\/h2>\n<p>Chez <a href=\"https:\/\/alj.com\">Abdul Latif Jameel<\/a>, nous sommes d\u00e9termin\u00e9s \u00e0 jouer notre r\u00f4le dans la r\u00e9duction des risques mondiaux en acc\u00e9l\u00e9rant la relance \u00e9cologique et en <a href=\"https:\/\/alj.com\/en\/perspective\/time-for-action\/\">combattant le changement climatique<\/a>.<\/p>\n<p><iframe loading=\"lazy\" src=\"\/\/www.youtube.com\/embed\/tB0cUgRSUAM?list=PLHXEfCEwu45u6wesosb2M4BGbQiYbmrTt\" width=\"560\" height=\"314\" allowfullscreen=\"allowfullscreen\"><\/iframe><\/p>\n<p>Au cours des trois derniers quarts de si\u00e8cle, les activit\u00e9s de la famille Jameel, tant commerciales que non commerciales, ont connu des changements positifs et sont aujourd\u2019hui <a href=\"https:\/\/jameel75.com\/en\/sdg\">align\u00e9es sur l\u2019Agenda\u00a02030 des Nations unies<\/a> et les Objectifs de d\u00e9veloppement durable (ODD) qui y sont associ\u00e9s<\/p>\n<p>L\u2019un de nos principaux objectifs est de garantir une <a href=\"https:\/\/www.alj.com\/en\/perspective\/feel-the-power\/\">\u00e9nergie propre<\/a> abordable pour tous. \u00c0 travers notre entreprise phare d\u2019\u00e9nergie renouvelable Fotowatio Renewable Ventures (<a href=\"https:\/\/frv.com\/en\/\">FRV<\/a>), nous g\u00e9rons un portefeuille de projets d\u2019\u00e9nergie solaire, \u00e9olienne, de stockage d\u2019\u00e9nergie et d\u2019\u00e9nergie hybride \u00e0 travers le Moyen-Orient, l\u2019Australie, l\u2019Europe et l\u2019Am\u00e9rique latine.<\/p>\n<p><iframe loading=\"lazy\" src=\"\/\/www.youtube.com\/embed\/K5Su-KjYeXg\" width=\"560\" height=\"314\" allowfullscreen=\"allowfullscreen\"><\/iframe><\/p>\n<p>En parall\u00e8le, l\u2019\u00e9quipe Innovation de <a href=\"https:\/\/frv.com\/en\/services\/frv-x\/\">FRV-X<\/a> explore le stockage par batterie et d\u2019autres technologies \u00e9nerg\u00e9tiques avanc\u00e9es, rapprochant l\u2019\u00e9nergie renouvelable de la v\u00e9ritable durabilit\u00e9\u00a0: la capacit\u00e9 d\u2019alimenter nos villes jour et nuit, m\u00eame lorsque le vent ne souffle pas ou que le soleil ne brille pas.<\/p>\n<p>Les projets britanniques phares de FRV-X \u00e0 <a href=\"https:\/\/alj.com\/en\/news\/abdul-latif-jameel-energys-frv-harmony-energy-commission-first-megapack-uk-energy-storage-project\/\">Holes Bay<\/a>, Dorset et <a href=\"https:\/\/alj.com\/en\/news\/abdul-latif-jameel-energys-frv-energizes-contego-battery-energy-storage-plant\/\">Contego,<\/a> dans le Sussex occidental, sont d\u00e9j\u00e0 op\u00e9rationnels, tandis que le plus grand projet de stockage de batteries du Royaume-Uni, \u00e0 <a href=\"https:\/\/alj.com\/en\/news\/abdul-latif-jameel-energys-frv-and-harmony-energy-launch-uks-largest-battery-storage-project-with-tesla-megapack-in-mission-to-decarbonize-britains-energy-grid\/\">Clay Tye<\/a><u>,<\/u> dans l\u2019Essex, est en cours de d\u00e9veloppement.<\/p>\n<p>M\u00eame avec une approche unifi\u00e9e, il est peu probable que nous soyons en mesure d\u2019\u00e9viter compl\u00e8tement les effets du changement climatique. C\u2019est pourquoi nous investissons dans des technologies permettant de r\u00e9duire les risques li\u00e9s aux incertitudes de notre avenir.<\/p>\n<p>L\u2019\u00e9quipe d\u2019<a href=\"https:\/\/almarwater.com\/\">Almar Water Solutions<\/a>, qui fait partie d\u2019<a href=\"https:\/\/alj.com\/energy\">Abdul Latif Jameel Energy and Environmental Services<\/a>, se consacre \u00e0 la gestion compl\u00e8te du cycle de l\u2019eau, en produisant de l\u2019eau pour la consommation humaine et industrielle via des usines de dessalage, de traitement des eaux us\u00e9es et de recyclage de pointe, ainsi que de nouvelles technologies.<\/p>\n<p>Le laboratoire des syst\u00e8mes d\u2019eau et d\u2019alimentation du Massachusetts Institute of Technology, <a href=\"https:\/\/jwafs.mit.edu\/\">J-WAFS<\/a>, cofond\u00e9 par <a href=\"https:\/\/communityjameel.org\/\">Community Jameel<\/a> en\u00a02014, m\u00e8ne des recherches sur des techniques permettant d\u2019assurer un approvisionnement s\u00fbr, r\u00e9gulier et \u00e9cologique de ressources vitales pour une population en constante expansion.<\/p>\n<p><iframe loading=\"lazy\" src=\"\/\/www.youtube.com\/embed\/SZVUn5clNp4\" width=\"560\" height=\"314\" allowfullscreen=\"allowfullscreen\"><\/iframe><\/p>\n<p>Une autre collaboration entre Community Jameel et le Massachusetts Institute of Technology, le Laboratoire d\u2019Action Contre la Pauvret\u00e9 Abdul Latif Jameel (<a href=\"https:\/\/www.povertyactionlab.org\/\">J-PAL<\/a>), vise \u00e0 r\u00e9duire la pauvret\u00e9 dans le monde en veillant \u00e0 ce que les personnes les plus touch\u00e9es par des probl\u00e8mes tels que le changement climatique b\u00e9n\u00e9ficient de l\u2019\u00e9laboration de politiques fond\u00e9es sur la science.<\/p>\n<figure id=\"attachment_90624\" aria-describedby=\"caption-attachment-90624\" style=\"width: 225px\" class=\"wp-caption alignleft\"><img decoding=\"async\" loading=\"lazy\" class=\"size-medium wp-image-90624\" src=\"https:\/\/media.alj.com\/app\/uploads\/2021\/07\/Fady-Jameel-2-225x300.jpg\" alt=\"Fady Jameel\" width=\"225\" height=\"300\" srcset=\"https:\/\/media.alj.com\/app\/uploads\/2021\/07\/Fady-Jameel-2-225x300.jpg 225w, https:\/\/media.alj.com\/app\/uploads\/2021\/07\/Fady-Jameel-2-768x1025.jpg 768w, https:\/\/media.alj.com\/app\/uploads\/2021\/07\/Fady-Jameel-2-112x150.jpg 112w, https:\/\/media.alj.com\/app\/uploads\/2021\/07\/Fady-Jameel-2-1151x1536.jpg 1151w, https:\/\/media.alj.com\/app\/uploads\/2021\/07\/Fady-Jameel-2.jpg 1224w\" sizes=\"(max-width: 225px) 100vw, 225px\" \/><figcaption id=\"caption-attachment-90624\" class=\"wp-caption-text\">Fady\u00a0Jameel,<br \/>\npr\u00e9sident d\u00e9l\u00e9gu\u00e9 et vice-pr\u00e9sident d\u2019<br \/>\nAbdul Latif Jameel<\/figcaption><\/figure>\n<p>\u00ab\u00a0Il est facile de croire \u00e0 l\u2019id\u00e9e que le risque est insondable et incontr\u00f4lable et qu\u2019il est \u00e0 jamais hors de notre port\u00e9e\u00a0\u00bb, d\u00e9clare Fady Jameel, pr\u00e9sident d\u00e9l\u00e9gu\u00e9 et vice-pr\u00e9sident d\u2019Abdul Latif Jameel. \u00ab\u00a0Mais c\u2019est n\u00e9gliger le potentiel de l\u2019effort humain et de la recherche scientifique.<\/p>\n<p>Notre monde est d\u00e9j\u00e0 complexe et, dans les d\u00e9cennies \u00e0 venir, il sera confront\u00e9 \u00e0 une vague de d\u00e9fis sans pr\u00e9c\u00e9dent, de l\u2019essor de l\u2019IA \u00e0 la <a href=\"https:\/\/aljhealth.com\">sant\u00e9 humaine<\/a>, en passant par l\u2019instabilit\u00e9 financi\u00e8re.<\/p>\n<p>Si nous voulons gagner du temps pour nous adapter \u00e0 ces changements, nous devons nous unir contre le plus grand aimant \u00e0 risques de tous, le changement climatique, un risque que nous avons encore \u00e0 peine le pouvoir de limiter. Au sein de la famille d\u2019entreprises Abdul Latif Jameel, nous sommes fiers de contribuer, \u00e0 petite ou grande \u00e9chelle, \u00e0 la mission publique\/priv\u00e9e visant \u00e0 garantir un avenir plus propre et plus s\u00fbr pour tous.\u00a0\u00bb<\/p>\n<p><a href=\"#_ftnref1\" name=\"_ftn1\">[1]<\/a> <sup>https:\/\/www.bbc.co.uk\/news\/science-environment-59761839<\/sup><\/p>\n","protected":false},"author":18,"featured_media":97857,"template":"","tags":[510,511,512,513,514],"acf":[],"yoast_head":"<!-- This site is optimized with the Yoast SEO plugin v21.5 - https:\/\/yoast.com\/wordpress\/plugins\/seo\/ -->\n<title>Un oeil sur le rapport du FEM sur les Risques Mondiaux | Abdul Latif Jameel\u00ae<\/title>\n<meta name=\"description\" content=\"D\u00e9couvrez les rapports du FEM 2022 sur les risques d&#039;in\u00e9galit\u00e9 dans le monde et comment Abdul Latif Jameel\u00ae s&#039;efforce d&#039;am\u00e9liorer le mode de vie des gens.\" \/>\n<meta name=\"robots\" content=\"index, follow, max-snippet:-1, max-image-preview:large, max-video-preview:-1\" \/>\n<link rel=\"canonical\" href=\"https:\/\/alj.com\/fr\/perspective\/comment-les-inegalites-font-peser-la-menace-dun-monde-encore-plus-risque\/\" \/>\n<meta property=\"og:locale\" content=\"fr_FR\" \/>\n<meta property=\"og:type\" content=\"article\" \/>\n<meta property=\"og:title\" content=\"How inequality threatens a riskier world.\" \/>\n<meta property=\"og:description\" content=\"Modern life can sometimes feel like an endless negotiation with jeopardy. In 2022, we seem addicted to collectively running the gauntlet of risk \u2013 the risk of environmental collapse, the risk of contracting a deadly virus, the risk of nationalistic border strife spiraling out of control. Yet, for most of us, such fears remain hypothetical, or of uncertain timescale, or unnecessarily inflated by trending headlines and media hype. So, what about the real world of risk?\" \/>\n<meta property=\"og:url\" content=\"https:\/\/alj.com\/fr\/perspective\/comment-les-inegalites-font-peser-la-menace-dun-monde-encore-plus-risque\/\" \/>\n<meta property=\"og:site_name\" content=\"Abdul Latif Jameel\" \/>\n<meta property=\"article:publisher\" content=\"https:\/\/www.facebook.com\/Abdul.Latif.Jameel.Official\" \/>\n<meta property=\"article:modified_time\" content=\"2022-06-29T05:44:40+00:00\" \/>\n<meta property=\"og:image\" content=\"https:\/\/media.alj.com\/app\/uploads\/2022\/04\/WEF-Word-Risks-2022-Hero-Image.jpg\" \/>\n\t<meta property=\"og:image:width\" content=\"1389\" \/>\n\t<meta property=\"og:image:height\" content=\"815\" \/>\n\t<meta property=\"og:image:type\" content=\"image\/jpeg\" \/>\n<meta name=\"twitter:card\" content=\"summary_large_image\" \/>\n<meta name=\"twitter:title\" content=\"How inequality threatens a riskier world.\" \/>\n<meta name=\"twitter:description\" content=\"Modern life can sometimes feel like an endless negotiation with jeopardy. In 2022, we seem addicted to collectively running the gauntlet of risk \u2013 the risk of environmental collapse, the risk of contracting a deadly virus, the risk of nationalistic border strife spiraling out of control. Yet, for most of us, such fears remain hypothetical, or of uncertain timescale, or unnecessarily inflated by trending headlines and media hype. So, what about the real world of risk?\" \/>\n<meta name=\"twitter:image\" content=\"https:\/\/media.alj.com\/app\/uploads\/2022\/04\/WEF-Word-Risks-2022-Hero-Image.jpg\" \/>\n<meta name=\"twitter:label1\" content=\"Est. reading time\" \/>\n\t<meta name=\"twitter:data1\" content=\"15 minutes\" \/>\n<script type=\"application\/ld+json\" class=\"yoast-schema-graph\">{\"@context\":\"https:\/\/schema.org\",\"@graph\":[{\"@type\":\"WebPage\",\"@id\":\"https:\/\/alj.com\/fr\/perspective\/comment-les-inegalites-font-peser-la-menace-dun-monde-encore-plus-risque\/\",\"url\":\"https:\/\/alj.com\/fr\/perspective\/comment-les-inegalites-font-peser-la-menace-dun-monde-encore-plus-risque\/\",\"name\":\"Un oeil sur le rapport du FEM sur les Risques Mondiaux | Abdul Latif Jameel\u00ae\",\"isPartOf\":{\"@id\":\"https:\/\/alj.com\/en\/#website\"},\"datePublished\":\"2022-04-27T05:55:18+00:00\",\"dateModified\":\"2022-06-29T05:44:40+00:00\",\"description\":\"D\u00e9couvrez les rapports du FEM 2022 sur les risques d'in\u00e9galit\u00e9 dans le monde et comment Abdul Latif Jameel\u00ae s'efforce d'am\u00e9liorer le mode de vie des gens.\",\"breadcrumb\":{\"@id\":\"https:\/\/alj.com\/fr\/perspective\/comment-les-inegalites-font-peser-la-menace-dun-monde-encore-plus-risque\/#breadcrumb\"},\"inLanguage\":\"fr-FR\",\"potentialAction\":[{\"@type\":\"ReadAction\",\"target\":[\"https:\/\/alj.com\/fr\/perspective\/comment-les-inegalites-font-peser-la-menace-dun-monde-encore-plus-risque\/\"]}]},{\"@type\":\"BreadcrumbList\",\"@id\":\"https:\/\/alj.com\/fr\/perspective\/comment-les-inegalites-font-peser-la-menace-dun-monde-encore-plus-risque\/#breadcrumb\",\"itemListElement\":[{\"@type\":\"ListItem\",\"position\":1,\"name\":\"Home\",\"item\":\"https:\/\/alj.com\/fr\/\"},{\"@type\":\"ListItem\",\"position\":2,\"name\":\"Perspectives\",\"item\":\"https:\/\/alj.com\/ja\/perspective\/\"},{\"@type\":\"ListItem\",\"position\":3,\"name\":\"Comment les in\u00e9galit\u00e9s font peser la menace d\u2019un monde encore plus risqu\u00e9\"}]},{\"@type\":\"WebSite\",\"@id\":\"https:\/\/alj.com\/en\/#website\",\"url\":\"https:\/\/alj.com\/en\/\",\"name\":\"Abdul Latif Jameel\",\"description\":\"Abdul Latif Jameel\",\"potentialAction\":[{\"@type\":\"SearchAction\",\"target\":{\"@type\":\"EntryPoint\",\"urlTemplate\":\"https:\/\/alj.com\/en\/?s={search_term_string}\"},\"query-input\":\"required name=search_term_string\"}],\"inLanguage\":\"fr-FR\"}]}<\/script>\n<!-- \/ Yoast SEO plugin. -->","yoast_head_json":{"title":"Un oeil sur le rapport du FEM sur les Risques Mondiaux | Abdul Latif Jameel\u00ae","description":"D\u00e9couvrez les rapports du FEM 2022 sur les risques d'in\u00e9galit\u00e9 dans le monde et comment Abdul Latif Jameel\u00ae s'efforce d'am\u00e9liorer le mode de vie des gens.","robots":{"index":"index","follow":"follow","max-snippet":"max-snippet:-1","max-image-preview":"max-image-preview:large","max-video-preview":"max-video-preview:-1"},"canonical":"https:\/\/alj.com\/fr\/perspective\/comment-les-inegalites-font-peser-la-menace-dun-monde-encore-plus-risque\/","og_locale":"fr_FR","og_type":"article","og_title":"How inequality threatens a riskier world.","og_description":"Modern life can sometimes feel like an endless negotiation with jeopardy. In 2022, we seem addicted to collectively running the gauntlet of risk \u2013 the risk of environmental collapse, the risk of contracting a deadly virus, the risk of nationalistic border strife spiraling out of control. Yet, for most of us, such fears remain hypothetical, or of uncertain timescale, or unnecessarily inflated by trending headlines and media hype. So, what about the real world of risk?","og_url":"https:\/\/alj.com\/fr\/perspective\/comment-les-inegalites-font-peser-la-menace-dun-monde-encore-plus-risque\/","og_site_name":"Abdul Latif Jameel","article_publisher":"https:\/\/www.facebook.com\/Abdul.Latif.Jameel.Official","article_modified_time":"2022-06-29T05:44:40+00:00","og_image":[{"width":1389,"height":815,"url":"https:\/\/media.alj.com\/app\/uploads\/2022\/04\/WEF-Word-Risks-2022-Hero-Image.jpg","type":"image\/jpeg"}],"twitter_card":"summary_large_image","twitter_title":"How inequality threatens a riskier world.","twitter_description":"Modern life can sometimes feel like an endless negotiation with jeopardy. In 2022, we seem addicted to collectively running the gauntlet of risk \u2013 the risk of environmental collapse, the risk of contracting a deadly virus, the risk of nationalistic border strife spiraling out of control. Yet, for most of us, such fears remain hypothetical, or of uncertain timescale, or unnecessarily inflated by trending headlines and media hype. So, what about the real world of risk?","twitter_image":"https:\/\/media.alj.com\/app\/uploads\/2022\/04\/WEF-Word-Risks-2022-Hero-Image.jpg","twitter_misc":{"Est. reading time":"15 minutes"},"schema":{"@context":"https:\/\/schema.org","@graph":[{"@type":"WebPage","@id":"https:\/\/alj.com\/fr\/perspective\/comment-les-inegalites-font-peser-la-menace-dun-monde-encore-plus-risque\/","url":"https:\/\/alj.com\/fr\/perspective\/comment-les-inegalites-font-peser-la-menace-dun-monde-encore-plus-risque\/","name":"Un oeil sur le rapport du FEM sur les Risques Mondiaux | Abdul Latif Jameel\u00ae","isPartOf":{"@id":"https:\/\/alj.com\/en\/#website"},"datePublished":"2022-04-27T05:55:18+00:00","dateModified":"2022-06-29T05:44:40+00:00","description":"D\u00e9couvrez les rapports du FEM 2022 sur les risques d'in\u00e9galit\u00e9 dans le monde et comment Abdul Latif Jameel\u00ae s'efforce d'am\u00e9liorer le mode de vie des gens.","breadcrumb":{"@id":"https:\/\/alj.com\/fr\/perspective\/comment-les-inegalites-font-peser-la-menace-dun-monde-encore-plus-risque\/#breadcrumb"},"inLanguage":"fr-FR","potentialAction":[{"@type":"ReadAction","target":["https:\/\/alj.com\/fr\/perspective\/comment-les-inegalites-font-peser-la-menace-dun-monde-encore-plus-risque\/"]}]},{"@type":"BreadcrumbList","@id":"https:\/\/alj.com\/fr\/perspective\/comment-les-inegalites-font-peser-la-menace-dun-monde-encore-plus-risque\/#breadcrumb","itemListElement":[{"@type":"ListItem","position":1,"name":"Home","item":"https:\/\/alj.com\/fr\/"},{"@type":"ListItem","position":2,"name":"Perspectives","item":"https:\/\/alj.com\/ja\/perspective\/"},{"@type":"ListItem","position":3,"name":"Comment les in\u00e9galit\u00e9s font peser la menace d\u2019un monde encore plus risqu\u00e9"}]},{"@type":"WebSite","@id":"https:\/\/alj.com\/en\/#website","url":"https:\/\/alj.com\/en\/","name":"Abdul Latif Jameel","description":"Abdul Latif Jameel","potentialAction":[{"@type":"SearchAction","target":{"@type":"EntryPoint","urlTemplate":"https:\/\/alj.com\/en\/?s={search_term_string}"},"query-input":"required name=search_term_string"}],"inLanguage":"fr-FR"}]}},"post-meta-fields":{"_thumbnail_id":["97857"],"_edit_lock":["1656481535:25"],"_edit_last":["25"],"push_notification":["no"],"_push_notification":["field_5c3b1fb67034d"],"_wpml_word_count":["{\"total\":2559,\"to_translate\":{\"ar\":2559,\"zh-hans\":2559,\"fr\":2559,\"ja\":2559,\"es\":2559,\"tr\":2559}}"],"_wpml_media_featured":["1"],"_wpml_media_duplicate":["1"],"perspective_short_title":["Comment les in\u00e9galit\u00e9s font peser la menace d\u2019un monde encore plus risqu\u00e9"],"wpcf-featured-news":["0"],"is_latest_news":["0"],"wpcf-show-news-at-homepage":["1"],"publish_mobile":[""],"_publish_mobile":["field_5bfa8eb2e65cf"],"mobile_featured_image":["https:\/\/media.alj.com\/app\/uploads\/2022\/04\/WEF-Word-Risks-2022-Hero-Image.jpg"],"_mobile_featured_image":["field_5c3b204983dea"],"content_series_applied":[""],"_content_series_applied":["field_60f3d3faf82ac"],"featured_on_listing_page":["1"],"_featured_on_listing_page":["field_62458ea7383c3"],"wpcf-perspective-downloadable_file":[""],"wpcf-perspective-published-date":["1651017600"],"wpcf-video-description":[""],"wpcf-layoutvideourl":[""],"wpcf-video-thumb":[""],"wpcf-social4-svg":[""],"wpcf-social4-background-image":[""],"wpcf-social4-text":[""],"wpcf-social4-url":[""],"wpcf-social3-svg":[""],"wpcf-social3-background-image":[""],"wpcf-social3-text":[""],"wpcf-social3-url":[""],"wpcf-social-text-svg-square":[""],"wpcf-social-text-image-square":[""],"wpcf-social-text-text-square":[""],"wpcf-social-text-url-square":[""],"wpcf-social2-svg":[""],"wpcf-social2-background-image":[""],"wpcf-social2-text":[""],"wpcf-social2-url":[""],"wpcf-social-svg-square":[""],"wpcf-social-image-square":[""],"wpcf-social-text-square":[""],"wpcf-social-url-square":[""],"wpcf-social1-svg":[""],"wpcf-social1-background-image":[""],"wpcf-social1-text":[""],"wpcf-social1-url":[""],"wpcf-quotes-with-auther-text-1":[""],"wpcf-card_article_with_title_content":[""],"wpcf-card_article_content":["<p>write your content<\/p>"],"wpcf-quotes-with-auther-text":[""],"_bsf_post_type":["0"],"_bsf_item_review_type":["none"],"_yoast_wpseo_focuskw":["How inequality threatens a riskier world."],"_yoast_wpseo_metadesc":["D\u00e9couvrez les rapports du FEM 2022 sur les risques d'in\u00e9galit\u00e9 dans le monde et comment Abdul Latif Jameel\u00ae s'efforce d'am\u00e9liorer le mode de vie des gens."],"_yoast_wpseo_linkdex":["51"],"_yoast_wpseo_content_score":["30"],"_yoast_wpseo_estimated-reading-time-minutes":["15"],"_yoast_wpseo_opengraph-title":["How inequality threatens a riskier world."],"_yoast_wpseo_twitter-title":["How inequality threatens a riskier world."],"perspective_summury":["<p>Quels sont, selon eux, les risques les plus graves qui se profilent \u00e0 l\u2019horizon et quelles mesures devrions-nous prendre d\u00e8s maintenant pour compenser leurs potentiels effets n\u00e9fastes\u00a0?<\/p>\n"],"perspective_location":["Dubai, EAU"],"_yoast_wpseo_opengraph-description":["Modern life can sometimes feel like an endless negotiation with jeopardy. In 2022, we seem addicted to collectively running the gauntlet of risk \u2013 the risk of environmental collapse, the risk of contracting a deadly virus, the risk of nationalistic border strife spiraling out of control. Yet, for most of us, such fears remain hypothetical, or of uncertain timescale, or unnecessarily inflated by trending headlines and media hype. So, what about the real world of risk?"],"_yoast_wpseo_opengraph-image":["https:\/\/media.alj.com\/app\/uploads\/2022\/04\/WEF-Word-Risks-2022-Hero-Image-1024x601.jpg"],"_yoast_wpseo_opengraph-image-id":["97854"],"_yoast_wpseo_twitter-description":["Modern life can sometimes feel like an endless negotiation with jeopardy. In 2022, we seem addicted to collectively running the gauntlet of risk \u2013 the risk of environmental collapse, the risk of contracting a deadly virus, the risk of nationalistic border strife spiraling out of control. Yet, for most of us, such fears remain hypothetical, or of uncertain timescale, or unnecessarily inflated by trending headlines and media hype. So, what about the real world of risk?"],"_yoast_wpseo_twitter-image":["https:\/\/media.alj.com\/app\/uploads\/2022\/04\/WEF-Word-Risks-2022-Hero-Image-1024x601.jpg"],"_yoast_wpseo_twitter-image-id":["97854"],"_yoast_wpseo_title":["Un oeil sur le rapport du FEM sur les Risques Mondiaux | Abdul Latif Jameel\u00ae"],"_last_translation_edit_mode":["native-editor"],"wpcf-card-image":[""],"_wpcf-card-image-sort-order":["a:1:{i:0;i:1203569;}"],"amazonS3_cache":["a:30:{s:61:\"\/\/alj.com\/app\/uploads\/2022\/04\/WEF-Risks-Report-2022-Cover.png\";a:2:{s:2:\"id\";i:97772;s:11:\"source_type\";s:13:\"media-library\";}s:69:\"\/\/alj.com\/app\/uploads\/2022\/04\/WEF-Risks-Report-2022-Cover-212x300.png\";a:2:{s:2:\"id\";i:97772;s:11:\"source_type\";s:13:\"media-library\";}s:67:\"\/\/media.alj.com\/app\/uploads\/2022\/04\/WEF-Risks-Report-2022-Cover.png\";a:2:{s:2:\"id\";i:97772;s:11:\"source_type\";s:13:\"media-library\";}s:75:\"\/\/media.alj.com\/app\/uploads\/2022\/04\/WEF-Risks-Report-2022-Cover-212x300.png\";a:2:{s:2:\"id\";i:97772;s:11:\"source_type\";s:13:\"media-library\";}s:46:\"\/\/alj.com\/app\/uploads\/2022\/04\/Global-South.png\";a:2:{s:2:\"id\";i:97779;s:11:\"source_type\";s:13:\"media-library\";}s:52:\"\/\/media.alj.com\/app\/uploads\/2022\/04\/Global-South.png\";a:2:{s:2:\"id\";i:97779;s:11:\"source_type\";s:13:\"media-library\";}s:69:\"\/\/alj.com\/app\/uploads\/2022\/04\/1724-ALJ-World-Risks-Lighter-scaled.jpg\";a:2:{s:2:\"id\";i:98417;s:11:\"source_type\";s:13:\"media-library\";}s:75:\"\/\/media.alj.com\/app\/uploads\/2022\/04\/1724-ALJ-World-Risks-Lighter-scaled.jpg\";a:2:{s:2:\"id\";i:98417;s:11:\"source_type\";s:13:\"media-library\";}s:70:\"\/\/alj.com\/app\/uploads\/2022\/04\/1724-ALJ-World-Risks-Lighter2-scaled.jpg\";a:2:{s:2:\"id\";i:98424;s:11:\"source_type\";s:13:\"media-library\";}s:76:\"\/\/media.alj.com\/app\/uploads\/2022\/04\/1724-ALJ-World-Risks-Lighter2-scaled.jpg\";a:2:{s:2:\"id\";i:98424;s:11:\"source_type\";s:13:\"media-library\";}s:70:\"\/\/alj.com\/app\/uploads\/2022\/04\/1724-ALJ-World-Risks-Lighter3-scaled.jpg\";a:2:{s:2:\"id\";i:98431;s:11:\"source_type\";s:13:\"media-library\";}s:76:\"\/\/media.alj.com\/app\/uploads\/2022\/04\/1724-ALJ-World-Risks-Lighter3-scaled.jpg\";a:2:{s:2:\"id\";i:98431;s:11:\"source_type\";s:13:\"media-library\";}s:61:\"\/\/alj.com\/app\/uploads\/2022\/04\/David-Attenborough-at-COP26.jpg\";a:2:{s:2:\"id\";i:97807;s:11:\"source_type\";s:13:\"media-library\";}s:69:\"\/\/alj.com\/app\/uploads\/2022\/04\/David-Attenborough-at-COP26-300x193.jpg\";a:2:{s:2:\"id\";i:97807;s:11:\"source_type\";s:13:\"media-library\";}s:67:\"\/\/media.alj.com\/app\/uploads\/2022\/04\/David-Attenborough-at-COP26.jpg\";a:2:{s:2:\"id\";i:97807;s:11:\"source_type\";s:13:\"media-library\";}s:75:\"\/\/media.alj.com\/app\/uploads\/2022\/04\/David-Attenborough-at-COP26-300x193.jpg\";a:2:{s:2:\"id\";i:97807;s:11:\"source_type\";s:13:\"media-library\";}s:56:\"\/\/alj.com\/app\/uploads\/2022\/04\/World-Leaders-at-COP26.png\";a:2:{s:2:\"id\";i:97814;s:11:\"source_type\";s:13:\"media-library\";}s:62:\"\/\/media.alj.com\/app\/uploads\/2022\/04\/World-Leaders-at-COP26.png\";a:2:{s:2:\"id\";i:97814;s:11:\"source_type\";s:13:\"media-library\";}s:70:\"\/\/alj.com\/app\/uploads\/2022\/04\/1724-ALJ-World-Risks-Lighter4-scaled.jpg\";a:2:{s:2:\"id\";i:98438;s:11:\"source_type\";s:13:\"media-library\";}s:76:\"\/\/media.alj.com\/app\/uploads\/2022\/04\/1724-ALJ-World-Risks-Lighter4-scaled.jpg\";a:2:{s:2:\"id\";i:98438;s:11:\"source_type\";s:13:\"media-library\";}s:70:\"\/\/alj.com\/app\/uploads\/2022\/04\/1724-ALJ-World-Risks-Lighter5-scaled.jpg\";a:2:{s:2:\"id\";i:98445;s:11:\"source_type\";s:13:\"media-library\";}s:76:\"\/\/media.alj.com\/app\/uploads\/2022\/04\/1724-ALJ-World-Risks-Lighter5-scaled.jpg\";a:2:{s:2:\"id\";i:98445;s:11:\"source_type\";s:13:\"media-library\";}s:66:\"\/\/alj.com\/app\/uploads\/2022\/04\/Graeme-MacKay-Four-Waves-Cartoon.jpg\";a:2:{s:2:\"id\";i:97839;s:11:\"source_type\";s:13:\"media-library\";}s:72:\"\/\/media.alj.com\/app\/uploads\/2022\/04\/Graeme-MacKay-Four-Waves-Cartoon.jpg\";a:2:{s:2:\"id\";i:97839;s:11:\"source_type\";s:13:\"media-library\";}s:45:\"\/\/alj.com\/app\/uploads\/2022\/04\/UN-SDG-Wall.jpg\";a:2:{s:2:\"id\";i:97849;s:11:\"source_type\";s:13:\"media-library\";}s:51:\"\/\/media.alj.com\/app\/uploads\/2022\/04\/UN-SDG-Wall.jpg\";a:2:{s:2:\"id\";i:97849;s:11:\"source_type\";s:13:\"media-library\";}s:47:\"\/\/alj.com\/app\/uploads\/2021\/07\/Fady-Jameel-2.jpg\";a:2:{s:2:\"id\";i:90624;s:11:\"source_type\";s:13:\"media-library\";}s:55:\"\/\/alj.com\/app\/uploads\/2021\/07\/Fady-Jameel-2-225x300.jpg\";a:2:{s:2:\"id\";i:90624;s:11:\"source_type\";s:13:\"media-library\";}s:53:\"\/\/media.alj.com\/app\/uploads\/2021\/07\/Fady-Jameel-2.jpg\";a:2:{s:2:\"id\";i:90624;s:11:\"source_type\";s:13:\"media-library\";}s:61:\"\/\/media.alj.com\/app\/uploads\/2021\/07\/Fady-Jameel-2-225x300.jpg\";a:2:{s:2:\"id\";i:90624;s:11:\"source_type\";s:13:\"media-library\";}}"]},"_links":{"self":[{"href":"https:\/\/alj.com\/fr\/wp-json\/wp\/v2\/perspective\/98453"}],"collection":[{"href":"https:\/\/alj.com\/fr\/wp-json\/wp\/v2\/perspective"}],"about":[{"href":"https:\/\/alj.com\/fr\/wp-json\/wp\/v2\/types\/perspective"}],"author":[{"embeddable":true,"href":"https:\/\/alj.com\/fr\/wp-json\/wp\/v2\/users\/18"}],"wp:featuredmedia":[{"embeddable":true,"href":"https:\/\/alj.com\/fr\/wp-json\/wp\/v2\/media\/97857"}],"wp:attachment":[{"href":"https:\/\/alj.com\/fr\/wp-json\/wp\/v2\/media?parent=98453"}],"wp:term":[{"taxonomy":"post_tag","embeddable":true,"href":"https:\/\/alj.com\/fr\/wp-json\/wp\/v2\/tags?post=98453"}],"curies":[{"name":"wp","href":"https:\/\/api.w.org\/{rel}","templated":true}]}}