{"id":103883,"date":"2022-11-09T07:03:57","date_gmt":"2022-11-09T07:03:57","guid":{"rendered":"https:\/\/alj.com\/?post_type=spotlight-fadyjameel&#038;p=103883"},"modified":"2023-02-06T06:51:35","modified_gmt":"2023-02-06T06:51:35","slug":"rester-a-lecoute-du-rythme-de-la-nature","status":"publish","type":"spotlight-fadyjameel","link":"https:\/\/alj.com\/fr\/spotlight-by-fady-jameel\/rester-a-lecoute-du-rythme-de-la-nature\/","title":{"rendered":"Rester \u00e0 l\u2019\u00e9coute du rythme de la nature"},"content":{"rendered":"<p>Beaucoup de mes voyages d\u2019affaires cette ann\u00e9e m\u2019ont amen\u00e9 \u00e0 m\u2019interroger sur les changements qui se produisent dans la nature et \u00e0 la fa\u00e7on dont nous percevons les messages que celle-ci nous envoie. \u00c0 mesure que le temps passe, nulle donn\u00e9e empirique n\u2019est n\u00e9cessaire pour d\u00e9coder les indices que nous pouvons constater de nos propres yeux ou ressentir sur notre peau. La hausse des temp\u00e9ratures et les saisons impr\u00e9visibles sont de plus en plus visibles, m\u00eame pour les moins observateurs.<\/p>\n<p>En tant qu\u2019humains, confiants de notre position de plus grands pr\u00e9dateurs de la plan\u00e8te, nous pensons parfois que nous sommes \u00e0 l\u2019\u00e9cart des manifestations silencieuses envoy\u00e9es par l\u2019\u00e9cosyst\u00e8me dans lequel nous existons. Il fait trop chaud\u00a0? Il suffit d\u2019allumer la climatisation. Le placard est vide\u00a0? On se rend au magasin et on remplit son chariot de course. Il n\u2019y a plus d\u2019eau qui sort des robinets de la maison\u00a0? C\u2019est simple\u00a0: on va acheter des litres d\u2019eau dans des bouteilles en plastique.<\/p>\n<p>Avec notre sagesse et notre technologie d\u2019Homo Sapien, nous sommes certainement au-dessus des menaces provenant de pressions externes et restons pleinement responsables de notre destin\u00a0!<\/p>\n<p>Sauf que la v\u00e9rit\u00e9 est beaucoup moins simple et beaucoup moins rassurante. Notre soci\u00e9t\u00e9 peut \u00eatre extr\u00eamement complexe et sophistiqu\u00e9e, aliment\u00e9e par des technologies dont nos anc\u00eatres ne pourraient m\u00eame jamais avoir r\u00eav\u00e9, mais l\u2019humanit\u00e9 reste un composant unique et fragile dans un \u00e9cosyst\u00e8me complexe et interd\u00e9pendant\u00a0; elle est aussi vuln\u00e9rable face aux forces \u00e9crasantes de la nature que le plus petit insecte, la plus minuscule plante ou bien l\u2019organisme unicellulaire qui se trouve au bout de la cha\u00eene alimentaire du monde et qui assure le maintien de celle-ci.<\/p>\n<p>Si, par nos actions, mais aussi par nos inactions, nous affaiblissons ou d\u00e9truisons un maillon du r\u00e9seau fragile de la nature, nous risquons de d\u00e9clencher une cascade incontr\u00f4lable de changements qui pourraient, litt\u00e9ralement, nous engloutir, d\u00e9truire notre mode de vie et r\u00e9duire la civilisation raffin\u00e9e que nous avons d\u00e9velopp\u00e9e au fil des mill\u00e9naires.<\/p>\n<figure id=\"attachment_103847\" aria-describedby=\"caption-attachment-103847\" style=\"width: 300px\" class=\"wp-caption alignleft\"><img decoding=\"async\" loading=\"lazy\" class=\"size-medium wp-image-103847\" src=\"https:\/\/media.alj.com\/app\/uploads\/2022\/11\/Edward-Norton-Lorenz-300x177.jpg\" alt=\"\" width=\"300\" height=\"177\" srcset=\"https:\/\/media.alj.com\/app\/uploads\/2022\/11\/Edward-Norton-Lorenz-300x177.jpg 300w, https:\/\/media.alj.com\/app\/uploads\/2022\/11\/Edward-Norton-Lorenz-150x88.jpg 150w, https:\/\/media.alj.com\/app\/uploads\/2022\/11\/Edward-Norton-Lorenz.jpg 334w\" sizes=\"(max-width: 300px) 100vw, 300px\" \/><figcaption id=\"caption-attachment-103847\" class=\"wp-caption-text\">Edward Norton Lorenz (1917 \u2013 2008) Le math\u00e9maticien et m\u00e9t\u00e9orologue am\u00e9ricain a \u00e9tabli la base th\u00e9orique de la pr\u00e9visibilit\u00e9 m\u00e9t\u00e9orologique et climatique, et la base de la physique et de la m\u00e9t\u00e9orologie atmosph\u00e9riques assist\u00e9es par ordinateur.<\/figcaption><\/figure>\n<p>Cette id\u00e9e, qu\u2019un petit changement dans une partie d\u2019un syst\u00e8me interconnect\u00e9 puisse conduire \u00e0 des changements beaucoup plus importants ailleurs dans ce syst\u00e8me, est appel\u00e9e \u00ab\u00a0effet papillon\u00a0\u00bb (qui fait d\u00e9sormais partie du champ math\u00e9matique de la \u00ab\u00a0th\u00e9orie du chaos\u00a0\u00bb).<\/p>\n<p>Ceci s\u2019appuie en grande partie sur le travail du math\u00e9maticien et m\u00e9t\u00e9orologue Edward Norton Lorenz.<\/p>\n<p>Il a donn\u00e9 l\u2019exemple m\u00e9taphorique de la taille, de la dur\u00e9e ou de la trajectoire d\u2019une tornade influenc\u00e9e par des changements mineurs tels que le battement des ailes d\u2019un papillon \u00e0 distance plusieurs semaines plus t\u00f4t.<\/p>\n<p>De nos jours, plus besoin d\u2019\u00eatre un math\u00e9maticien ou un m\u00e9t\u00e9orologue pour constater tous les petits changements qui se produisent autour de nous, caus\u00e9s par le changement climatique provoqu\u00e9 par l\u2019homme\u00a0; ces petits changements qui perturbent les sch\u00e9mas de cycle de vie des esp\u00e8ces v\u00e9g\u00e9tales et animales et qui pourraient bien \u00eatre des signes avant-coureurs de changements beaucoup plus importants si nous ne prenons pas les choses en main.<\/p>\n<p>Pourtant, tout n\u2019est pas perdu. En prenant conscience des impacts de notre culture effr\u00e9n\u00e9e de l\u2019industrie et de la consommation, nous commen\u00e7ons le processus in\u00e9vitable d\u2019acceptation de notre responsabilit\u00e9. En outre, nous nous donnons les moyens de commencer \u00e0 contrer le vandalisme plan\u00e9taire qui a constitu\u00e9 un acte d\u2019automutilation si grave.<\/p>\n<h2>La ph\u00e9nologie r\u00e9v\u00e8le l\u2019imprudence humaine<\/h2>\n<p><em>Changement climatique.<\/em> Deux mots qui ont presque perdu leur sens tellement on les a utilis\u00e9s. Mais qu\u2019est-ce que cela signifie r\u00e9ellement pour notre vie quotidienne\u00a0?<\/p>\n<p>Concr\u00e8tement, cela signifie qu\u2019en 2021, la temp\u00e9rature \u00e0 la surface de la Terre \u00e9tait 0,84\u00b0C plus \u00e9lev\u00e9e que la moyenne du 20<sup>e<\/sup> si\u00e8cle, et 1,04\u00b0C plus \u00e9lev\u00e9e qu\u2019avant l\u2019industrialisation. Les neuf ann\u00e9es entre 2013\u00a0et 2021\u00a0se classent chacune parmi les dix plus chaudes jamais enregistr\u00e9es.<a href=\"#_ftn1\" name=\"_ftnref1\">[1]<\/a> Et le pire, c\u2019est que si nous ne faisons rien, le tableau pourrait se noircir davantage. L\u2019activit\u00e9 humaine \u00e9met actuellement environ 11\u00a0milliards de tonnes m\u00e9triques de carbone dans l\u2019atmosph\u00e8re chaque ann\u00e9e, et m\u00eame une r\u00e9duction rapide d\u2019ici 2050\u00a0pourrait ne pas \u00eatre suffisante pour emp\u00eacher les hausses de temp\u00e9rature de 2,4\u00a0degr\u00e9s ou plus au cours du si\u00e8cle.<\/p>\n<p><img decoding=\"async\" loading=\"lazy\" class=\"aligncenter size-full wp-image-103868\" src=\"https:\/\/media.alj.com\/app\/uploads\/2022\/11\/Rhythms-of-Nature-surface-temperatures-scaled.jpg\" alt=\"\" width=\"2560\" height=\"2389\" srcset=\"https:\/\/media.alj.com\/app\/uploads\/2022\/11\/Rhythms-of-Nature-surface-temperatures-scaled.jpg 2560w, https:\/\/media.alj.com\/app\/uploads\/2022\/11\/Rhythms-of-Nature-surface-temperatures-300x280.jpg 300w, https:\/\/media.alj.com\/app\/uploads\/2022\/11\/Rhythms-of-Nature-surface-temperatures-1024x956.jpg 1024w, https:\/\/media.alj.com\/app\/uploads\/2022\/11\/Rhythms-of-Nature-surface-temperatures-150x140.jpg 150w, https:\/\/media.alj.com\/app\/uploads\/2022\/11\/Rhythms-of-Nature-surface-temperatures-768x717.jpg 768w, https:\/\/media.alj.com\/app\/uploads\/2022\/11\/Rhythms-of-Nature-surface-temperatures-1536x1434.jpg 1536w, https:\/\/media.alj.com\/app\/uploads\/2022\/11\/Rhythms-of-Nature-surface-temperatures-2048x1912.jpg 2048w\" sizes=\"(max-width: 2560px) 100vw, 2560px\" \/><\/p>\n<p>\u00c0 premi\u00e8re vue, ces chiffres ne semblent pas \u00e9normes, mais les effets sur la Terre se font ressentir et des d\u00e9buts de changements s\u2019op\u00e8rent sur sa faune et sa flore. La science derri\u00e8re cela, la ph\u00e9nologie, consiste \u00e0 \u00e9tudier la vie des plantes et des animaux dans le cadre de ph\u00e9nom\u00e8nes naturels cycliques.<\/p>\n<p>Une \u00e9tude r\u00e9cente a montr\u00e9 que les trois quarts des esp\u00e8ces de bourdons d\u2019Am\u00e9rique du Nord se r\u00e9veillaient de leur hibernation en moyenne 35\u00a0jours plus t\u00f4t que dans les ann\u00e9es pr\u00e9c\u00e9dentes, avant que les fleurs qui les nourrissent n\u2019aient \u00e9clos.<a href=\"#_ftn2\" name=\"_ftnref2\">[2]<\/a><\/p>\n<figure id=\"attachment_103812\" aria-describedby=\"caption-attachment-103812\" style=\"width: 2560px\" class=\"wp-caption aligncenter\"><img decoding=\"async\" loading=\"lazy\" class=\"size-full wp-image-103812\" src=\"https:\/\/media.alj.com\/app\/uploads\/2022\/11\/damien-tupinier-OFEvgVfr6iU-unsplash-scaled.jpg\" alt=\"\" width=\"2560\" height=\"1707\" srcset=\"https:\/\/media.alj.com\/app\/uploads\/2022\/11\/damien-tupinier-OFEvgVfr6iU-unsplash-scaled.jpg 2560w, https:\/\/media.alj.com\/app\/uploads\/2022\/11\/damien-tupinier-OFEvgVfr6iU-unsplash-300x200.jpg 300w, https:\/\/media.alj.com\/app\/uploads\/2022\/11\/damien-tupinier-OFEvgVfr6iU-unsplash-1024x683.jpg 1024w, https:\/\/media.alj.com\/app\/uploads\/2022\/11\/damien-tupinier-OFEvgVfr6iU-unsplash-150x100.jpg 150w, https:\/\/media.alj.com\/app\/uploads\/2022\/11\/damien-tupinier-OFEvgVfr6iU-unsplash-768x512.jpg 768w, https:\/\/media.alj.com\/app\/uploads\/2022\/11\/damien-tupinier-OFEvgVfr6iU-unsplash-1536x1024.jpg 1536w, https:\/\/media.alj.com\/app\/uploads\/2022\/11\/damien-tupinier-OFEvgVfr6iU-unsplash-2048x1365.jpg 2048w\" sizes=\"(max-width: 2560px) 100vw, 2560px\" \/><figcaption id=\"caption-attachment-103812\" class=\"wp-caption-text\">Changement climatique : les trois quarts des esp\u00e8ces de bourdons d\u2019Am\u00e9rique du Nord se sont r\u00e9veill\u00e9s de leur hibernation en moyenne 35 jours plus t\u00f4t. Cr\u00e9dit image : \u00a9 Damien Tupinier<\/figcaption><\/figure>\n<p>Les insectes en g\u00e9n\u00e9ral, piliers de la cha\u00eene alimentaire, se sont av\u00e9r\u00e9s \u00eatre les plus sensibles aux changements climatiques. Dans le petit royaume secret des insectes, le climat joue un r\u00f4le primordial. Une \u00e9tude montre que d\u2019ici 2100, la perte d\u2019habitat des insectes sera deux tiers plus importante si les temp\u00e9ratures augmentent de 2\u00b0C, au lieu de 1,5\u00b0C, une sensibilit\u00e9 bien sup\u00e9rieure \u00e0 celle affich\u00e9e par les plantes et les vert\u00e9br\u00e9s.<a href=\"#_ftn3\" name=\"_ftnref3\">[3]<\/a><\/p>\n<p>Ce ne sont pas seulement les insectes qui souffrent. Le 9\u00a0ao\u00fbt 2022, le port de Valence en Espagne a enregistr\u00e9 une temp\u00e9rature \u00e0 la surface de l\u2019eau de mer de 29,72\u00a0degr\u00e9s, soit plus d\u2019un degr\u00e9 de plus que le pr\u00e9c\u00e9dent record de 2015. L\u2019acidification de l\u2019oc\u00e9an, c\u2019est-\u00e0-dire la diminution du pH qui en r\u00e9sulte, emp\u00eache la formation de squelettes et de coquilles \u00e0 base de calcium qui sont essentiels \u00e0 la vie marine.<\/p>\n<p>Pourtant, ces signes avant-coureurs des changements de rythme de la nature restent assez insignifiants, non\u00a0? Abeilles, poisson&#8230; Ce ne sont pas des \u00eatres humains, n\u2019est-ce pas\u00a0? Eh bien, non, sauf que nous comptons sur les abeilles pour polliniser nos cultures. Des \u00e9tudes sugg\u00e8rent une baisse de 8\u00a0% des cultures dans les pays \u00e0 revenu faible \u00e0 interm\u00e9diaire si les insectes pollinisateurs venaient \u00e0 dispara\u00eetre.<a href=\"#_ftn4\" name=\"_ftnref4\">[4]<\/a><\/p>\n<p><img decoding=\"async\" loading=\"lazy\" class=\"aligncenter size-full wp-image-103861\" src=\"https:\/\/media.alj.com\/app\/uploads\/2022\/11\/Rhythms-of-Nature-pollinator-scaled.jpg\" alt=\"\" width=\"2560\" height=\"1810\" srcset=\"https:\/\/media.alj.com\/app\/uploads\/2022\/11\/Rhythms-of-Nature-pollinator-scaled.jpg 2560w, https:\/\/media.alj.com\/app\/uploads\/2022\/11\/Rhythms-of-Nature-pollinator-300x212.jpg 300w, https:\/\/media.alj.com\/app\/uploads\/2022\/11\/Rhythms-of-Nature-pollinator-1024x724.jpg 1024w, https:\/\/media.alj.com\/app\/uploads\/2022\/11\/Rhythms-of-Nature-pollinator-150x106.jpg 150w, https:\/\/media.alj.com\/app\/uploads\/2022\/11\/Rhythms-of-Nature-pollinator-768x543.jpg 768w, https:\/\/media.alj.com\/app\/uploads\/2022\/11\/Rhythms-of-Nature-pollinator-1536x1086.jpg 1536w, https:\/\/media.alj.com\/app\/uploads\/2022\/11\/Rhythms-of-Nature-pollinator-2048x1448.jpg 2048w\" sizes=\"(max-width: 2560px) 100vw, 2560px\" \/><\/p>\n<p>Quant aux poissons et crustac\u00e9s qui ne peuvent plus se d\u00e9velopper ou se reproduire correctement et qui sont d\u00e9sormais susceptibles d\u2019\u00eatre extermin\u00e9s par des esp\u00e8ces envahissantes, ils sont la principale source de prot\u00e9ines de milliards de personnes dans le monde. Pourtant, le nombre de stocks surexploit\u00e9s a tripl\u00e9 au cours des 50\u00a0derni\u00e8res ann\u00e9es, ce qui fait qu\u2019un tiers des p\u00eacheries ont \u00ab\u00a0repouss\u00e9 leurs limites biologiques\u00a0\u00bb.<a href=\"#_ftn5\" name=\"_ftnref5\"><sup>[5]<\/sup><\/a><\/p>\n<p>Retirez l\u2019une des fondations de l\u2019\u00e9cosyst\u00e8me et tout l\u2019\u00e9difice commence \u00e0 s\u2019effondrer. Et c\u2019est pourquoi la ph\u00e9nologie gagne du terrain dans les communaut\u00e9s scientifiques et environnementales.<\/p>\n<h2>Les preuves relient les continents et les esp\u00e8ces<\/h2>\n<p>Sur terre, les plantes et les animaux se basent g\u00e9n\u00e9ralement sur la dur\u00e9e de la journ\u00e9e (photop\u00e9riode) et la temp\u00e9rature pour activer la prochaine \u00e9tape de leur cycle de vie. Les poissons, quant \u00e0 eux, d\u00e9tectent les pr\u00e9cipitations saisonni\u00e8res dans les \u00e9coulements fluviaux et les utilisent pour planifier leur migration. D\u2019autres formes de vie, telles que les pommes de pin, ont besoin de chaleur extr\u00eame pour stimuler la lib\u00e9ration et la germination de leurs graines.<\/p>\n<p>Les connexions peuvent \u00eatre encore plus complexes qu\u2019il n\u2019y para\u00eet\u00a0: les esp\u00e8ces interd\u00e9pendantes peuvent \u00eatre sensibles \u00e0 diff\u00e9rents d\u00e9clencheurs et ne \u00ab\u00a0basculeront\u00a0\u00bb donc pas n\u00e9cessairement en m\u00eame temps \u00e0 la prochaine \u00e9tape du cycle.<\/p>\n<p><img decoding=\"async\" loading=\"lazy\" class=\"alignleft size-thumbnail wp-image-56909\" src=\"https:\/\/media.alj.com\/app\/uploads\/2020\/01\/UNEP-150x129.png\" alt=\"United Nations Environment Programme Logo\" width=\"150\" height=\"129\" srcset=\"https:\/\/media.alj.com\/app\/uploads\/2020\/01\/UNEP-150x129.png 150w, https:\/\/media.alj.com\/app\/uploads\/2020\/01\/UNEP-300x257.png 300w, https:\/\/media.alj.com\/app\/uploads\/2020\/01\/UNEP-768x659.png 768w, https:\/\/media.alj.com\/app\/uploads\/2020\/01\/UNEP.png 842w\" sizes=\"(max-width: 150px) 100vw, 150px\" \/>\u00ab\u00a0<em>Au sein des cha\u00eenes alimentaires, les plantes peuvent modifier leur d\u00e9veloppement plus rapidement que les animaux qui se nourrissent d\u2019elles, ce qui entra\u00eene des discordances ph\u00e9nologiques\u00a0\u00bb,<\/em> note le Programme des Nations Unies pour l\u2019environnement (<a href=\"https:\/\/www.unep.org\/\">PNUE<\/a>) dans son rapport <a href=\"https:\/\/www.unep.org\/resources\/frontiers-2022-noise-blazes-and-mismatches\"><em>Fronti\u00e8res 2022\u00a0: bruit, flammes et d\u00e9calages<\/em><\/a><em>.<\/em> Cela conduit \u00e0 un d\u00e9s\u00e9quilibre pr\u00e9dateur\/proie avec des cons\u00e9quences in\u00e9vitables sur la reproduction, la croissance et la survie.<a href=\"#_ftn6\" name=\"_ftnref6\"><sup>[6]<\/sup><\/a><\/p>\n<p>Si nos actions en tant que gardiens de la plan\u00e8te Terre interf\u00e8rent avec des m\u00e9canismes vieux de plusieurs si\u00e8cles, la nature se d\u00e9synchronise. Les saisons de reproduction commencent trop t\u00f4t, les r\u00e9coltes sont mauvaises, le nombre d\u2019esp\u00e8ces est en chute libre et, dans un monde o\u00f9 la population humaine ne cesse de cro\u00eetre (elle pourrait atteindre 9,7\u00a0milliards en 2050\u00a0et 11,2\u00a0milliards d\u2019ici 2100<a href=\"#_ftn7\" name=\"_ftnref7\">[7]<\/a>), la faim s\u2019intensifie.<\/p>\n<p>Le rapport du PNUE note l\u2019\u00e9mergence g\u00e9n\u00e9ralis\u00e9e de discordances ph\u00e9nologiques \u00e0 travers le monde, allant du Royaume-Uni aux Alpes europ\u00e9ennes ainsi que dans l\u2019h\u00e9misph\u00e8re sud, que l\u2019on retrouve aussi bien dans les environnements terrestres que marins. Plusieurs exemples sautent aux yeux.<\/p>\n<ul>\n<li>Suite \u00e0 une hausse de 2<sup>\u00b0<\/sup>C des temp\u00e9ratures de la mer, les baleines bleues du Pacifique Nord-Est se rassemblent d\u00e9sormais sur leurs zones de chasse californiennes 42\u00a0jours plus t\u00f4t qu\u2019il y a une d\u00e9cennie.<\/li>\n<li>En Arctique, les naissances de caribous ont chut\u00e9 de 75\u00a0%, car la fonte des neiges entraine une diminution de la v\u00e9g\u00e9tation avant la saison du v\u00ealage.<\/li>\n<li>En Am\u00e9rique du Nord, une \u00e9tude de trois d\u00e9cennies sur le papillon monarque a montr\u00e9 qu\u2019il avait retard\u00e9 sa migration hivernale du Canada au Mexique de six jours en raison de temp\u00e9ratures plus douces.<\/li>\n<li>Les oiseaux de rivage \u00e0 col rouge du nord de la Sib\u00e9rie r\u00e9tr\u00e9cissent \u00e0 chaque g\u00e9n\u00e9ration, car la fonte des neiges plus pr\u00e9coce (qui arrive 0,5\u00a0jour plus t\u00f4t par an) a pour cons\u00e9quence que leurs petits manquent la saison haute des insectes.<\/li>\n<li>Les chercheurs qui ont \u00e9tudi\u00e9 les registres des plantes ont constat\u00e9 une avance de quatre \u00e0 cinq jours dans la floraison des plantes nord-am\u00e9ricaines au cours des 120\u00a0derni\u00e8res ann\u00e9es, pouvant atteindre jusqu\u2019\u00e0 15\u00a0jours en basse altitude.<\/li>\n<\/ul>\n<p>Une seule \u00e9tude a permis d\u2019identifier plus de 200\u00a0esp\u00e8ces dont les \u00ab\u00a0cycles de vie\u00a0\u00bb avan\u00e7aient d\u2019au moins 2,8\u00a0jours par d\u00e9cennie.<a href=\"#_ftn8\" name=\"_ftnref8\">[8]<\/a><\/p>\n<p>\u00c0 l\u2019\u00e9chelle macroscopique, le r\u00e9chauffement climatique devrait creuser davantage le foss\u00e9 ph\u00e9nologique entre des \u00e9cosyst\u00e8mes entiers. Les esp\u00e8ces d\u00e9pendantes de plusieurs \u00e9cosyst\u00e8mes pour assurer leur cycle de vie sont imm\u00e9diatement affect\u00e9es. Prenons l\u2019exemple des oiseaux qui d\u00e9pendent \u00e0 la fois des environnements aquatiques et terrestres, ou bien des poissons qui migrent entre les \u00e9cosyst\u00e8mes d\u2019eau douce et d\u2019eau de mer. Les types de changements fondamentaux contre lesquels le PNUE met en garde pourraient, \u00e0 terme, entra\u00eener des \u00ab\u00a0perturbations g\u00e9n\u00e9ralis\u00e9es de la cha\u00eene alimentaire\u00a0\u00bb.<\/p>\n<p>La vie v\u00e9g\u00e9tale est expos\u00e9e aux m\u00eames changements climatiques, la qualit\u00e9 et le rendement des r\u00e9coltes sont donc une autre source de pr\u00e9occupation. On a enregistr\u00e9 des changements ph\u00e9nologiques pour les c\u00e9r\u00e9ales et le bl\u00e9, ainsi que pour les arbres fruitiers tels que les poires et les pommes.<\/p>\n<figure id=\"attachment_103840\" aria-describedby=\"caption-attachment-103840\" style=\"width: 2560px\" class=\"wp-caption aligncenter\"><img decoding=\"async\" loading=\"lazy\" class=\"size-full wp-image-103840\" src=\"https:\/\/media.alj.com\/app\/uploads\/2022\/11\/ricardo-gomez-angel-4hhP-Ud4e84-unsplash-scaled.jpg\" alt=\"\" width=\"2560\" height=\"2010\" srcset=\"https:\/\/media.alj.com\/app\/uploads\/2022\/11\/ricardo-gomez-angel-4hhP-Ud4e84-unsplash-scaled.jpg 2560w, https:\/\/media.alj.com\/app\/uploads\/2022\/11\/ricardo-gomez-angel-4hhP-Ud4e84-unsplash-300x235.jpg 300w, https:\/\/media.alj.com\/app\/uploads\/2022\/11\/ricardo-gomez-angel-4hhP-Ud4e84-unsplash-1024x804.jpg 1024w, https:\/\/media.alj.com\/app\/uploads\/2022\/11\/ricardo-gomez-angel-4hhP-Ud4e84-unsplash-150x118.jpg 150w, https:\/\/media.alj.com\/app\/uploads\/2022\/11\/ricardo-gomez-angel-4hhP-Ud4e84-unsplash-768x603.jpg 768w, https:\/\/media.alj.com\/app\/uploads\/2022\/11\/ricardo-gomez-angel-4hhP-Ud4e84-unsplash-1536x1206.jpg 1536w, https:\/\/media.alj.com\/app\/uploads\/2022\/11\/ricardo-gomez-angel-4hhP-Ud4e84-unsplash-2048x1608.jpg 2048w\" sizes=\"(max-width: 2560px) 100vw, 2560px\" \/><figcaption id=\"caption-attachment-103840\" class=\"wp-caption-text\">Couleurs printemps\/automne en Am\u00e9rique du Nord : l\u2019histoire des plantes constitue l\u2019histoire de la ph\u00e9nologie et la manifestation la plus \u00e9vidente du changement : Cr\u00e9dit image : \u00a9 Ricardo Gomez Angel<\/figcaption><\/figure>\n<p>On ne peut pas compter sur l\u2019\u00e9volution pour suivre le rythme, car la s\u00e9lection naturelle prend du temps. Bien qu\u2019il existe certains cas de \u00ab\u00a0micro-\u00e9volutions\u00a0\u00bb relativement rapides chez certains oiseaux et insectes, m\u00eame cet outil de d\u00e9fense sera bient\u00f4t rendu impuissant par un r\u00e9chauffement climatique qui pourrait \u00eatre 100\u00a0fois plus rapide que lors des p\u00e9riodes de r\u00e9chauffement pr\u00e9c\u00e9dentes.<\/p>\n<p>Ce sont peut-\u00eatre ces faits qui feront que nous, l\u2019humanit\u00e9, r\u00e9agirons. Nous ne vivons pas en dehors de la biosph\u00e8re, nous en faisons partie. Nous en sommes m\u00eame d\u00e9pendants pour notre survie.<\/p>\n<p>Si les animaux meurent de faim, si la vie marine commence \u00e0 dispara\u00eetre, et si les r\u00e9coltes sont mauvaises, nous finirons nous aussi par mourir de faim et dispara\u00eetre. Nous sommes donc tenus de rester \u00e0 l\u2019\u00e9coute des signaux d\u2019alerte que la nature nous envoie d\u00e9j\u00e0.<\/p>\n<h2>La nature s\u2019exprime haut et fort\u00a0; nous devons maintenant agir<\/h2>\n<p>Nous ne sommes pas oblig\u00e9s de rester les bras crois\u00e9s alors que les plantes et les animaux qui nous entourent sont en train de perdre leur combat pour survivre, ce qui entraine, inexorablement, une baisse de notre niveau de vie. Il y a des choses que nous pouvons faire pour relever certains des d\u00e9fis auxquels nous sommes confront\u00e9s \u00e0 cause de l\u2019\u00e9volution rapide du rythme de la nature. Consid\u00e9rez-les comme les <em>cinq fondamentaux de la ph\u00e9nologie<\/em>\u00a0:<\/p>\n<ol>\n<li>Nous devons aider les agriculteurs, en particulier ceux des pays en d\u00e9veloppement, \u00e0 adopter des techniques de gestion plus durables, notamment des engrais organiques et un meilleur \u00e9levage s\u00e9lectif du b\u00e9tail.<\/li>\n<li>Nous devons envisager de nouvelles technologies de semences en cultivant des vari\u00e9t\u00e9s r\u00e9sistantes au climat, en cr\u00e9ant davantage de banques de partage de semences et en mettant en place des services de soutien plus importants pour les industries dont le travail est de nourrir le monde.<\/li>\n<li>Nous devons nous assurer que les registres sur les mod\u00e8les migratoires et les cycles de r\u00e9colte sont tenus \u00e0 jour, afin que les industries agricoles et de p\u00eache sachent comment adapter leurs strat\u00e9gies saisonni\u00e8res.<\/li>\n<li>Nous devons r\u00e9habiliter les habitats et prot\u00e9ger les corridors pour la faune sauvage afin de renforcer la diversit\u00e9 g\u00e9n\u00e9tique et favoriser la r\u00e9silience de l\u2019\u00e9cosyst\u00e8me.<\/li>\n<li>Avant tout, <em>nous devons<\/em> nous attaquer s\u00e9rieusement \u00e0 la cause qui se cache derri\u00e8re ces changements ph\u00e9nologiques, \u00e0 savoir, le changement climatique et le r\u00e9chauffement plan\u00e9taire qui en r\u00e9sulte.<\/li>\n<\/ol>\n<p>La ph\u00e9nologie est d\u00e9sormais un indicateur cl\u00e9 du changement climatique<a href=\"#_ftn9\" name=\"_ftnref9\">[9]<\/a>.<\/p>\n<p>Les secteurs public et priv\u00e9 se voient dans l\u2019obligation de conjuguer leurs efforts pour relever ce d\u00e9fi sans pr\u00e9c\u00e9dent\u00a0: en planifiant des infrastructures \u00e9nerg\u00e9tiques et en imposant un cadre l\u00e9gislatif pour la sph\u00e8re publique\u00a0; et en mettant ses vastes ressources financi\u00e8res \u00e0 disposition et en investissant de fa\u00e7on cibl\u00e9e dans la technologie pour la sph\u00e8re priv\u00e9e.<\/p>\n<h2>Pas de progr\u00e8s sans collaboration<\/h2>\n<p>Un monde qui se r\u00e9chauffe dangereusement (dont les changements ph\u00e9nologiques ne sont qu\u2019une manifestation parmi d\u2019autres) est une crise qui devrait pouvoir inciter chacun \u00e0 agir \u00e0 tous les niveaux de la soci\u00e9t\u00e9, depuis les hautes sph\u00e8res du gouvernement et les grandes entreprises aux projets communautaires \u00e0 \u00e9chelle locale.<\/p>\n<p>En effet, dans le monde entier, nous assistons \u00e0 des rassemblements. L\u2019importance de surveiller les rythmes fluctuants de la nature peut \u00eatre observ\u00e9e dans l\u2019\u00e9mergence de collectifs de ph\u00e9nologies mondiaux, r\u00e9gionaux et nationaux de \u00ab\u00a0science citoyenne\u00a0\u00bb.<a href=\"#_ftn10\" name=\"_ftnref10\">[10]<\/a><\/p>\n<p>Le <a href=\"http:\/\/gpm.hu-berlin.de\/gpm\/faces\/index.xhtml\">Programme mondial de surveillance ph\u00e9nologique<\/a> surveille l\u2019activit\u00e9 ph\u00e9nologique allant du Cercle arctique aux tropiques sud. De m\u00eame, <a href=\"https:\/\/africanphenologynetwork.online\/\">le r\u00e9seau africain de p\u00e9nologie<\/a> r\u00e9unit des \u00e9cologistes et des m\u00e9t\u00e9orologues pour \u00e9tudier les cycles biologiques tels que la fructification et la floraison. Consultez \u00e9galement le <a href=\"http:\/\/www.ecn.ac.uk\/\">R\u00e9seau britannique sur les changements environnementaux<\/a> et le <a href=\"https:\/\/www.usanpn.org\/\">R\u00e9seau national de ph\u00e9nologie des \u00c9tats-Unis<\/a>, qui r\u00e9pertorient non seulement la qualit\u00e9 de l\u2019air, du sol et de l\u2019eau, mais \u00e9galement l\u2019activit\u00e9 v\u00e9g\u00e9tale et animale sur un ensemble de sites.<\/p>\n<p>Au fur et \u00e0 mesure que les preuves ph\u00e9nologiques flagrantes s\u2019accumulent, nous pourrions commencer \u00e0 nous confronter ensemble aux questions existentielles pos\u00e9es par le changement climatique.<\/p>\n<p><img decoding=\"async\" loading=\"lazy\" class=\"aligncenter size-full wp-image-103854\" src=\"https:\/\/media.alj.com\/app\/uploads\/2022\/11\/Rhythms-of-Nature-phenology-scaled.jpg\" alt=\"\" width=\"2560\" height=\"1810\" srcset=\"https:\/\/media.alj.com\/app\/uploads\/2022\/11\/Rhythms-of-Nature-phenology-scaled.jpg 2560w, https:\/\/media.alj.com\/app\/uploads\/2022\/11\/Rhythms-of-Nature-phenology-300x212.jpg 300w, https:\/\/media.alj.com\/app\/uploads\/2022\/11\/Rhythms-of-Nature-phenology-1024x724.jpg 1024w, https:\/\/media.alj.com\/app\/uploads\/2022\/11\/Rhythms-of-Nature-phenology-150x106.jpg 150w, https:\/\/media.alj.com\/app\/uploads\/2022\/11\/Rhythms-of-Nature-phenology-768x543.jpg 768w, https:\/\/media.alj.com\/app\/uploads\/2022\/11\/Rhythms-of-Nature-phenology-1536x1086.jpg 1536w, https:\/\/media.alj.com\/app\/uploads\/2022\/11\/Rhythms-of-Nature-phenology-2048x1448.jpg 2048w\" sizes=\"(max-width: 2560px) 100vw, 2560px\" \/><\/p>\n<p>Chez <a href=\"https:\/\/alj.com\">Abdul Latif Jameel<\/a>, nous prenons part \u00e0 cette mission singuli\u00e8re. Notre division phare d\u00e9di\u00e9e aux \u00e9nergies durables, Fotowatio Renewable Ventures (<a href=\"https:\/\/frv.com\/en\/\">FRV<\/a>), exploite d\u00e9sormais plus de cinquante centrales solaires et \u00e9oliennes sur cinq continents, et pr\u00e9voit d\u2019installer une capacit\u00e9 de 4GW d\u2019ici 2024.<a href=\"#_ftn11\" name=\"_ftnref11\">[11]<\/a> La transition verte de l\u2019industrie des transports est \u00e9galement \u00e0 notre port\u00e9e, gr\u00e2ce aux investissements de la soci\u00e9t\u00e9 de gestion des investissements Jameel (<a href=\"https:\/\/jimco.com\">JIMCO<\/a>) dans des pionniers de la <a href=\"https:\/\/alj.com\/en\/perspective\/mobility-moving-with-the-times\/\">mobilit\u00e9 \u00e9lectrique<\/a> tels que <a href=\"https:\/\/alj.com\/en\/news\/abdul-latif-jameel-invests-in-greaves-electric-mobility-one-of-indias-leading-two-to-three-wheeler-electric-mobility-companies\/\">Greaves Electric Mobility<\/a>, <a href=\"https:\/\/alj.com\/en\/news\/abdul-latif-jameel-invests-in-joby-aviation\/\">Joby Aviation<\/a> et <a href=\"https:\/\/jimco.com\/en\/portfolio\/rivian\/\">Rivian<\/a>.<\/p>\n<p>Les activit\u00e9s philanthropiques de la famille Jameel dans le monde, qui comprennent la <a href=\"http:\/\/www.communityjameel.org\/\">communaut\u00e9 Jameel<\/a>, soutiennent des initiatives \u00e0 travers la plan\u00e8te pour aider \u00e0 surveiller les effets du changement climatique et leurs impacts sur les communaut\u00e9s vuln\u00e9rables, ainsi que des recherches r\u00e9volutionnaires qui pourraient aider \u00e0 y rem\u00e9dier.<\/p>\n<p>Il s\u2019agit notamment du laboratoire Abdul Latif Jameel d\u00e9di\u00e9 aux syst\u00e8mes hydriques et alimentaires (<a href=\"https:\/\/www.communityjameel.org\/centres\/jameel-water-and-food-systems-lab\">J-WAFS<\/a>) au <a href=\"https:\/\/jwafs.mit.edu\/\">Massachusetts Institute of Technology<\/a>, (cofond\u00e9 en 2014\u00a0par la communaut\u00e9 Jameel et Massachusetts Institute of Technology) qui alimente la recherche, l\u2019innovation et les collaborations interdisciplinaires ax\u00e9es sur les syst\u00e8mes hydriques et alimentaires. L\u2019<a href=\"https:\/\/www.communityjameel.org\/centres\/jameel-observatory\">Observatoire Jameel d\u00e9di\u00e9 aux actions anticip\u00e9es pour la s\u00e9curit\u00e9 alimentaire<\/a> allie connaissances locales, science des donn\u00e9es et actions humanitaires afin d\u2019am\u00e9liorer la s\u00e9curit\u00e9 alimentaire et la nutrition li\u00e9es au climat en Afrique de l\u2019Est.<\/p>\n<p>De m\u00eame, <a href=\"https:\/\/www.communityjameel.org\/projects\/jameel-index\">l\u2019indice Jameel pour le commerce alimentaire et la vuln\u00e9rabilit\u00e9<\/a> r\u00e9cemment lanc\u00e9 est un indice complet \u00e9valuant la vuln\u00e9rabilit\u00e9 des pays en mati\u00e8re de s\u00e9curit\u00e9 alimentaire. L\u2019objectif est de d\u00e9velopper un mod\u00e8le permettant de pr\u00e9voir la demande mondiale, l\u2019offre et le commerce bilat\u00e9ral des denr\u00e9es alimentaires dans diff\u00e9rents sc\u00e9narios li\u00e9s au climat. Alors que le projet <a href=\"https:\/\/www.communityjameel.org\/projects\/gcc-climate-and-liveability\">GCC Climate Liveability<\/a>, dirig\u00e9 par la communaut\u00e9 Jameel et <a href=\"https:\/\/aeoncollective.org\/\">AEON Collective<\/a>, rassemble des chercheurs de classe mondiale pour d\u00e9couvrir et \u00e9valuer les preuves sur l\u2019impact du changement climatique sur la sant\u00e9 dans la r\u00e9gion du Conseil de coop\u00e9ration du Golfe (CCG).<\/p>\n<h2>Difficile d\u2019ignorer les \u00ab\u00a0signaux\u00a0\u00bb envoy\u00e9s par la nature<\/h2>\n<p>Personne ne pr\u00e9tend que nous existons dans un monde statique. Notre climat est sujet \u00e0 des changements depuis l\u2019\u00e9mergence de la vie il y a environ 3 \u00e0 4\u00a0milliards d\u2019ann\u00e9es. Jusqu\u2019\u00e0 pr\u00e9sent, cependant, les modifications progressives des syst\u00e8mes m\u00e9t\u00e9orologiques et de la composition atmosph\u00e9rique ont permis \u00e0 l\u2019\u00e9volution de s\u2019adapter et d\u2019atteindre une certaine harmonie.<\/p>\n<p>Ce n\u2019est \u00e0 pr\u00e9sent plus le cas. Le changement climatique provoqu\u00e9 par l\u2019homme s\u2019op\u00e8re \u00e0 un rythme in\u00e9gal\u00e9, ce qui entraine des difficult\u00e9s pour se nourrir et se reproduire pour de nombreuses esp\u00e8ces. Beaucoup d\u2019entre elles seront compl\u00e8tement exclues de la course, ce qui constitue un dilemme non seulement pour elles, mais aussi pour les pr\u00e9dateurs qui s\u2019en nourrissent, et toute la cha\u00eene alimentaire qui s\u2019en suit.<\/p>\n<p>Notre croyance inconsciente selon laquelle nous serions en quelque sorte \u00ab\u00a0en dehors\u00a0\u00bb de l\u2019\u00e9cosyst\u00e8me, ou que nous pourrions manipuler ses flux pour r\u00e9pondre \u00e0 nos besoins, pourrait \u00eatre la plus grave erreur que nous commettons. En r\u00e9alit\u00e9, nous jouons avec les m\u00e9canismes du monde naturel \u00e0 nos risques et p\u00e9rils. Nous serons les victimes d\u2019un \u00e9cosyst\u00e8me qui est en train de s\u2019effondrer aux c\u00f4t\u00e9s de toutes les autres cr\u00e9atures sur la plan\u00e8te, grandes ou petites, aussi impuissantes que des d\u00e9bris emport\u00e9s dans un ouragan.<\/p>\n<p>Nous avons besoin de faire preuve d\u2019humilit\u00e9 pour reconna\u00eetre que nous ne constituons qu\u2019une partie infime de cet \u00e9cosyst\u00e8me, un \u00e9cosyst\u00e8me dont <em>nous<\/em> avons besoin bien plus qu\u2019<em>il<\/em> n\u2019a besoin de nous. La nature agite suffisamment de signaux d\u2019alarme dans notre direction\u00a0: les changements ph\u00e9nologiques ne sont que quelques-uns des plus visibles.<\/p>\n<p>Maintenant que nous avons pris conscience de ces avertissements, nous devons r\u00e9agir. Ce n\u2019est qu\u2019ainsi que nous pourrons utiliser la science, agir de mani\u00e8re \u00e9clair\u00e9e et peut-\u00eatre orchestrer notre salut.<\/p>\n<p><a href=\"#_ftnref1\" name=\"_ftn1\">[1]<\/a> <a href=\"https:\/\/www.climate.gov\/news-features\/understanding-climate\/climate-change-global-temperature\">https:\/\/www.climate.gov\/news-features\/understanding-climate\/climate-change-global-temperature<\/a><\/p>\n<p><a href=\"#_ftnref2\" name=\"_ftn2\">[2]<\/a> <a href=\"https:\/\/www.natureworldnews.com\/articles\/52854\/20220831\/dying-bumblebees-increase-early-spring-forces-shortened-hibernation-35-days.htm\">https:\/\/www.natureworldnews.com\/articles\/52854\/20220831\/dying-bumblebees-increase-early-spring-forces-shortened-hibernation-35-days.htm<\/a><\/p>\n<p><a href=\"#_ftnref3\" name=\"_ftn3\">[3]<\/a> <a href=\"https:\/\/www.unep.org\/news-and-stories\/story\/climate-change-hits-natures-delicate-interdependencies\">https:\/\/www.unep.org\/news-and-stories\/story\/climate-change-hits-natures-delicate-interdependencies<\/a><\/p>\n<p><a href=\"#_ftnref4\" name=\"_ftn4\">[4]<\/a> <a href=\"https:\/\/ourworldindata.org\/pollinator-dependence\">https:\/\/ourworldindata.org\/pollinator-dependence<\/a><\/p>\n<p><a href=\"#_ftnref5\" name=\"_ftn5\">[5]<\/a> <a href=\"https:\/\/www.worldwildlife.org\/threats\/overfishing\">https:\/\/www.worldwildlife.org\/threats\/overfishing<\/a><\/p>\n<p><a href=\"#_ftnref6\" name=\"_ftn6\">[6]<\/a> <a href=\"https:\/\/wedocs.unep.org\/bitstream\/handle\/20.500.11822\/38062\/Frontiers_2022CH3.pdf\">https:\/\/wedocs.unep.org\/bitstream\/handle\/20.500.11822\/38062\/Frontiers_2022CH3.pdf<\/a><\/p>\n<p><a href=\"#_ftnref7\" name=\"_ftn7\">[7]<\/a> <a href=\"https:\/\/www.un.org\/en\/global-issues\/population#:~:text=The%20world%20population%20is%20projected,surrounding%20these%20latest%20population%20projections\">https:\/\/www.un.org\/en\/global-issues\/population#:~:text=The%20world%20population%20is%20projected,surrounding%20these%20latest%20population%20projections<\/a>.<\/p>\n<p><a href=\"#_ftnref8\" name=\"_ftn8\">[8]<\/a> <a href=\"https:\/\/wedocs.unep.org\/bitstream\/handle\/20.500.11822\/38062\/Frontiers_2022CH3.pdf\"><sup>https:\/\/wedocs.unep.org\/bitstream\/handle\/20.500.11822\/38062\/Frontiers_2022CH3.pdf<\/sup><\/a><\/p>\n<p><a href=\"#_ftnref9\" name=\"_ftn9\">[9]<\/a> <a href=\"https:\/\/onlinelibrary.wiley.com\/doi\/full\/10.1111\/ele.12135\">https:\/\/onlinelibrary.wiley.com\/doi\/full\/10.1111\/ele.12135<\/a><\/p>\n<p><a href=\"#_ftnref10\" name=\"_ftn10\">[10]<\/a> <a href=\"https:\/\/wedocs.unep.org\/bitstream\/handle\/20.500.11822\/38062\/Frontiers_2022CH3.pdf\">https:\/\/wedocs.unep.org\/bitstream\/handle\/20.500.11822\/38062\/Frontiers_2022CH3.pdf<\/a><\/p>\n<p><a href=\"#_ftnref11\" name=\"_ftn11\">[11]<\/a> <a href=\"https:\/\/frv.com\/en\/\">https:\/\/frv.com\/en\/<\/a><\/p>\n","protected":false},"featured_media":103833,"template":"","tags":[],"acf":[],"yoast_head":"<!-- This site is optimized with the Yoast SEO plugin v21.5 - https:\/\/yoast.com\/wordpress\/plugins\/seo\/ -->\n<title>S&#039;accorder aux cycles de la nature |Abdul Latif Jameel\u00ae<\/title>\n<meta name=\"description\" content=\"L&#039;\u00e9tude des cycles de la nature a donn\u00e9 naissance \u00e0 travers le monde, \u00e0 des collectifs scientifiques et citoyens de ph\u00e9nologie. Lire la suite.\" \/>\n<meta name=\"robots\" content=\"index, follow, max-snippet:-1, max-image-preview:large, max-video-preview:-1\" \/>\n<link rel=\"canonical\" href=\"https:\/\/alj.com\/fr\/spotlight-by-fady-jameel\/rester-a-lecoute-du-rythme-de-la-nature\/\" \/>\n<meta property=\"og:locale\" content=\"fr_FR\" \/>\n<meta property=\"og:type\" content=\"article\" \/>\n<meta property=\"og:title\" content=\"S&#039;accorder aux cycles de la nature |Abdul Latif Jameel\u00ae\" \/>\n<meta property=\"og:description\" content=\"L&#039;\u00e9tude des cycles de la nature a donn\u00e9 naissance \u00e0 travers le monde, \u00e0 des collectifs scientifiques et citoyens de ph\u00e9nologie. Lire la suite.\" \/>\n<meta property=\"og:url\" content=\"https:\/\/alj.com\/fr\/spotlight-by-fady-jameel\/rester-a-lecoute-du-rythme-de-la-nature\/\" \/>\n<meta property=\"og:site_name\" content=\"Abdul Latif Jameel\" \/>\n<meta property=\"article:publisher\" content=\"https:\/\/www.facebook.com\/Abdul.Latif.Jameel.Official\" \/>\n<meta property=\"article:modified_time\" content=\"2023-02-06T06:51:35+00:00\" \/>\n<meta property=\"og:image\" content=\"https:\/\/media.alj.com\/app\/uploads\/2022\/11\/GM-illustration-3.jpg\" \/>\n\t<meta property=\"og:image:width\" content=\"760\" \/>\n\t<meta property=\"og:image:height\" content=\"360\" \/>\n\t<meta property=\"og:image:type\" content=\"image\/jpeg\" \/>\n<meta name=\"twitter:card\" content=\"summary_large_image\" \/>\n<meta name=\"twitter:label1\" content=\"Est. reading time\" \/>\n\t<meta name=\"twitter:data1\" content=\"15 minutes\" \/>\n<script type=\"application\/ld+json\" class=\"yoast-schema-graph\">{\"@context\":\"https:\/\/schema.org\",\"@graph\":[{\"@type\":\"WebPage\",\"@id\":\"https:\/\/alj.com\/fr\/spotlight-by-fady-jameel\/rester-a-lecoute-du-rythme-de-la-nature\/\",\"url\":\"https:\/\/alj.com\/fr\/spotlight-by-fady-jameel\/rester-a-lecoute-du-rythme-de-la-nature\/\",\"name\":\"S'accorder aux cycles de la nature |Abdul Latif Jameel\u00ae\",\"isPartOf\":{\"@id\":\"https:\/\/alj.com\/en\/#website\"},\"datePublished\":\"2022-11-09T07:03:57+00:00\",\"dateModified\":\"2023-02-06T06:51:35+00:00\",\"description\":\"L'\u00e9tude des cycles de la nature a donn\u00e9 naissance \u00e0 travers le monde, \u00e0 des collectifs scientifiques et citoyens de ph\u00e9nologie. Lire la suite.\",\"breadcrumb\":{\"@id\":\"https:\/\/alj.com\/fr\/spotlight-by-fady-jameel\/rester-a-lecoute-du-rythme-de-la-nature\/#breadcrumb\"},\"inLanguage\":\"fr-FR\",\"potentialAction\":[{\"@type\":\"ReadAction\",\"target\":[\"https:\/\/alj.com\/fr\/spotlight-by-fady-jameel\/rester-a-lecoute-du-rythme-de-la-nature\/\"]}]},{\"@type\":\"BreadcrumbList\",\"@id\":\"https:\/\/alj.com\/fr\/spotlight-by-fady-jameel\/rester-a-lecoute-du-rythme-de-la-nature\/#breadcrumb\",\"itemListElement\":[{\"@type\":\"ListItem\",\"position\":1,\"name\":\"Home\",\"item\":\"https:\/\/alj.com\/fr\/\"},{\"@type\":\"ListItem\",\"position\":2,\"name\":\"Spotlight By Fady Jameel\",\"item\":\"https:\/\/alj.com\/ja\/spotlight-by-fady-jameel\/\"},{\"@type\":\"ListItem\",\"position\":3,\"name\":\"Rester \u00e0 l\u2019\u00e9coute du rythme de la nature\"}]},{\"@type\":\"WebSite\",\"@id\":\"https:\/\/alj.com\/en\/#website\",\"url\":\"https:\/\/alj.com\/en\/\",\"name\":\"Abdul Latif Jameel\",\"description\":\"Abdul Latif Jameel\",\"potentialAction\":[{\"@type\":\"SearchAction\",\"target\":{\"@type\":\"EntryPoint\",\"urlTemplate\":\"https:\/\/alj.com\/en\/?s={search_term_string}\"},\"query-input\":\"required name=search_term_string\"}],\"inLanguage\":\"fr-FR\"}]}<\/script>\n<!-- \/ Yoast SEO plugin. -->","yoast_head_json":{"title":"S'accorder aux cycles de la nature |Abdul Latif Jameel\u00ae","description":"L'\u00e9tude des cycles de la nature a donn\u00e9 naissance \u00e0 travers le monde, \u00e0 des collectifs scientifiques et citoyens de ph\u00e9nologie. Lire la suite.","robots":{"index":"index","follow":"follow","max-snippet":"max-snippet:-1","max-image-preview":"max-image-preview:large","max-video-preview":"max-video-preview:-1"},"canonical":"https:\/\/alj.com\/fr\/spotlight-by-fady-jameel\/rester-a-lecoute-du-rythme-de-la-nature\/","og_locale":"fr_FR","og_type":"article","og_title":"S'accorder aux cycles de la nature |Abdul Latif Jameel\u00ae","og_description":"L'\u00e9tude des cycles de la nature a donn\u00e9 naissance \u00e0 travers le monde, \u00e0 des collectifs scientifiques et citoyens de ph\u00e9nologie. Lire la suite.","og_url":"https:\/\/alj.com\/fr\/spotlight-by-fady-jameel\/rester-a-lecoute-du-rythme-de-la-nature\/","og_site_name":"Abdul Latif Jameel","article_publisher":"https:\/\/www.facebook.com\/Abdul.Latif.Jameel.Official","article_modified_time":"2023-02-06T06:51:35+00:00","og_image":[{"width":760,"height":360,"url":"https:\/\/media.alj.com\/app\/uploads\/2022\/11\/GM-illustration-3.jpg","type":"image\/jpeg"}],"twitter_card":"summary_large_image","twitter_misc":{"Est. reading time":"15 minutes"},"schema":{"@context":"https:\/\/schema.org","@graph":[{"@type":"WebPage","@id":"https:\/\/alj.com\/fr\/spotlight-by-fady-jameel\/rester-a-lecoute-du-rythme-de-la-nature\/","url":"https:\/\/alj.com\/fr\/spotlight-by-fady-jameel\/rester-a-lecoute-du-rythme-de-la-nature\/","name":"S'accorder aux cycles de la nature |Abdul Latif Jameel\u00ae","isPartOf":{"@id":"https:\/\/alj.com\/en\/#website"},"datePublished":"2022-11-09T07:03:57+00:00","dateModified":"2023-02-06T06:51:35+00:00","description":"L'\u00e9tude des cycles de la nature a donn\u00e9 naissance \u00e0 travers le monde, \u00e0 des collectifs scientifiques et citoyens de ph\u00e9nologie. Lire la suite.","breadcrumb":{"@id":"https:\/\/alj.com\/fr\/spotlight-by-fady-jameel\/rester-a-lecoute-du-rythme-de-la-nature\/#breadcrumb"},"inLanguage":"fr-FR","potentialAction":[{"@type":"ReadAction","target":["https:\/\/alj.com\/fr\/spotlight-by-fady-jameel\/rester-a-lecoute-du-rythme-de-la-nature\/"]}]},{"@type":"BreadcrumbList","@id":"https:\/\/alj.com\/fr\/spotlight-by-fady-jameel\/rester-a-lecoute-du-rythme-de-la-nature\/#breadcrumb","itemListElement":[{"@type":"ListItem","position":1,"name":"Home","item":"https:\/\/alj.com\/fr\/"},{"@type":"ListItem","position":2,"name":"Spotlight By Fady Jameel","item":"https:\/\/alj.com\/ja\/spotlight-by-fady-jameel\/"},{"@type":"ListItem","position":3,"name":"Rester \u00e0 l\u2019\u00e9coute du rythme de la nature"}]},{"@type":"WebSite","@id":"https:\/\/alj.com\/en\/#website","url":"https:\/\/alj.com\/en\/","name":"Abdul Latif Jameel","description":"Abdul Latif Jameel","potentialAction":[{"@type":"SearchAction","target":{"@type":"EntryPoint","urlTemplate":"https:\/\/alj.com\/en\/?s={search_term_string}"},"query-input":"required name=search_term_string"}],"inLanguage":"fr-FR"}]}},"post-meta-fields":{"push_notification":["no"],"_push_notification":["field_5c3b1fb67034d"],"_wpml_word_count":["{\"total\":2833,\"to_translate\":{\"ar\":2833,\"zh-hans\":2833,\"fr\":2833,\"ja\":2833,\"es\":2833,\"tr\":2833}}"],"_wpml_media_featured":["1"],"_wpml_media_duplicate":["1"],"perspective_short_title":["Rester \u00e0 l\u2019\u00e9coute du rythme de la nature"],"perspective_summury":["<p>Personne ne pr\u00e9tend que nous existons dans un monde statique. Notre climat est sujet \u00e0 des changements depuis l\u2019\u00e9mergence de la vie il y a environ 3 \u00e0 4\u00a0milliards d\u2019ann\u00e9es. Jusqu\u2019\u00e0 pr\u00e9sent, cependant, les modifications progressives des syst\u00e8mes m\u00e9t\u00e9orologiques et de la composition atmosph\u00e9rique ont permis \u00e0 l\u2019\u00e9volution de s\u2019adapter et d\u2019atteindre une certaine harmonie.<\/p>\n"],"perspective_location":["Dubai, EAU"],"perspective_author_name":["<p><span style=\"color: #000000;\"><a href=\"https:\/\/www.alj.com\/fr\/our-people\/fady-jameel\/\">Fady Jameel<\/a><\/span><\/p>\n<p>Pr\u00e9sident d\u00e9l\u00e9gu\u00e9 et vice-pr\u00e9sident,\u00a0Abdul Latif Jameel International<\/p>\n"],"perspective_author_bio":["<p><a href=\"https:\/\/www.alj.com\/fr\/our-people\/fady-jameel\/\">Fady <\/a> Jameel est pr\u00e9sident d\u00e9l\u00e9gu\u00e9 et vice-pr\u00e9sident, International\u00a0Abdul Latif Jameel, un collectif international d\u2019entreprises ind\u00e9pendantes, familiales et diversifi\u00e9es, fond\u00e9 en 1945 par son grand-p\u00e8re, le d\u00e9funt Abdul Latif Jameel.<\/p>\n"],"wpcf-featured-news":["0"],"is_latest_news":["0"],"wpcf-show-news-at-homepage":["1"],"publish_mobile":[""],"_publish_mobile":["field_5bfa8eb2e65cf"],"mobile_featured_image":["https:\/\/media.alj.com\/app\/uploads\/2022\/11\/GM-illustration-2.jpg"],"_mobile_featured_image":["field_5c3b204983dea"],"content_series_applied":[""],"_content_series_applied":["field_60f3d3faf82ac"],"featured_on_listing_page":["0"],"_featured_on_listing_page":["field_62458ea7383c3"],"is_podcast":["0"],"_is_podcast":["field_5ee1dff933e7f"],"wpcf-perspective-downloadable_file":[""],"wpcf-perspective-published-date":["1667952000"],"wpcf-video-description":[""],"wpcf-layoutvideourl":[""],"wpcf-video-thumb":[""],"wpcf-social4-svg":[""],"wpcf-social4-background-image":[""],"wpcf-social4-text":[""],"wpcf-social4-url":[""],"wpcf-social3-svg":[""],"wpcf-social3-background-image":[""],"wpcf-social3-text":[""],"wpcf-social3-url":[""],"wpcf-social-text-svg-square":[""],"wpcf-social-text-image-square":[""],"wpcf-social-text-text-square":[""],"wpcf-social-text-url-square":[""],"wpcf-social2-svg":[""],"wpcf-social2-background-image":[""],"wpcf-social2-text":[""],"wpcf-social2-url":[""],"wpcf-social-svg-square":[""],"wpcf-social-image-square":[""],"wpcf-social-text-square":[""],"wpcf-social-url-square":[""],"wpcf-social1-svg":[""],"wpcf-social1-background-image":[""],"wpcf-social1-text":[""],"wpcf-social1-url":[""],"wpcf-quotes-with-auther-text-1":[""],"wpcf-card_article_with_title_content":[""],"wpcf-card_article_content":["<p>write your content<\/p>"],"wpcf-quotes-with-auther-text":[""],"_bsf_post_type":["0"],"_bsf_item_review_type":["none"],"_yoast_wpseo_title":["S'accorder aux cycles de la nature |Abdul Latif Jameel\u00ae"],"_yoast_wpseo_metadesc":["L'\u00e9tude des cycles de la nature a donn\u00e9 naissance \u00e0 travers le monde, \u00e0 des collectifs scientifiques et citoyens de ph\u00e9nologie. Lire la suite."],"_yoast_wpseo_content_score":["30"],"_yoast_wpseo_estimated-reading-time-minutes":["15"],"_thumbnail_id":["103833"],"_edit_lock":["1675666261:25"],"_edit_last":["25"],"_last_translation_edit_mode":["native-editor"],"wpcf-projecttitle":[""],"wpcf-projectdescription":[""],"wpcf-projectimage-video1":["image"],"wpcf-projectimage-1":[""],"wpcf-projectvideo-1":[""],"wpcf-projectdescription-1":[""],"wpcf-projectimage-video2":["image"],"wpcf-projectimage-2":[""],"wpcf-projectvideo-2":[""],"wpcf-projectdescription-2":[""],"wpcf-projectimage-video3":["image"],"wpcf-projectimage-3":[""],"wpcf-projectvideo-3":[""],"wpcf-projectdescription-3":[""],"wpcf-projectimage-video4":["image"],"wpcf-projectimage-4":[""],"wpcf-projectvideo-4":[""],"wpcf-projectdescription-4":[""],"perspective_business_sector":["Services \u00c9nerg\u00e9tiques et Environnementaux"],"perspective_author_image":["88718"],"wpcf-card-image":[""],"_wpcf-card-image-sort-order":["a:1:{i:0;i:1423411;}"],"_yoast_wpseo_wordproof_timestamp":[""],"amazonS3_cache":["a:18:{s:54:\"\/\/alj.com\/app\/uploads\/2022\/11\/Edward-Norton-Lorenz.jpg\";a:2:{s:2:\"id\";i:103847;s:11:\"source_type\";s:13:\"media-library\";}s:62:\"\/\/alj.com\/app\/uploads\/2022\/11\/Edward-Norton-Lorenz-300x177.jpg\";a:2:{s:2:\"id\";i:103847;s:11:\"source_type\";s:13:\"media-library\";}s:60:\"\/\/media.alj.com\/app\/uploads\/2022\/11\/Edward-Norton-Lorenz.jpg\";a:2:{s:2:\"id\";i:103847;s:11:\"source_type\";s:13:\"media-library\";}s:68:\"\/\/media.alj.com\/app\/uploads\/2022\/11\/Edward-Norton-Lorenz-300x177.jpg\";a:2:{s:2:\"id\";i:103847;s:11:\"source_type\";s:13:\"media-library\";}s:79:\"\/\/alj.com\/app\/uploads\/2022\/11\/Rhythms-of-Nature-surface-temperatures-scaled.jpg\";a:2:{s:2:\"id\";i:103868;s:11:\"source_type\";s:13:\"media-library\";}s:85:\"\/\/media.alj.com\/app\/uploads\/2022\/11\/Rhythms-of-Nature-surface-temperatures-scaled.jpg\";a:2:{s:2:\"id\";i:103868;s:11:\"source_type\";s:13:\"media-library\";}s:77:\"\/\/alj.com\/app\/uploads\/2022\/11\/damien-tupinier-OFEvgVfr6iU-unsplash-scaled.jpg\";a:2:{s:2:\"id\";i:103812;s:11:\"source_type\";s:13:\"media-library\";}s:83:\"\/\/media.alj.com\/app\/uploads\/2022\/11\/damien-tupinier-OFEvgVfr6iU-unsplash-scaled.jpg\";a:2:{s:2:\"id\";i:103812;s:11:\"source_type\";s:13:\"media-library\";}s:69:\"\/\/alj.com\/app\/uploads\/2022\/11\/Rhythms-of-Nature-pollinator-scaled.jpg\";a:2:{s:2:\"id\";i:103861;s:11:\"source_type\";s:13:\"media-library\";}s:75:\"\/\/media.alj.com\/app\/uploads\/2022\/11\/Rhythms-of-Nature-pollinator-scaled.jpg\";a:2:{s:2:\"id\";i:103861;s:11:\"source_type\";s:13:\"media-library\";}s:38:\"\/\/alj.com\/app\/uploads\/2020\/01\/UNEP.png\";a:2:{s:2:\"id\";i:56909;s:11:\"source_type\";s:13:\"media-library\";}s:46:\"\/\/alj.com\/app\/uploads\/2020\/01\/UNEP-150x129.png\";a:2:{s:2:\"id\";i:56909;s:11:\"source_type\";s:13:\"media-library\";}s:44:\"\/\/media.alj.com\/app\/uploads\/2020\/01\/UNEP.png\";a:2:{s:2:\"id\";i:56909;s:11:\"source_type\";s:13:\"media-library\";}s:52:\"\/\/media.alj.com\/app\/uploads\/2020\/01\/UNEP-150x129.png\";a:2:{s:2:\"id\";i:56909;s:11:\"source_type\";s:13:\"media-library\";}s:81:\"\/\/alj.com\/app\/uploads\/2022\/11\/ricardo-gomez-angel-4hhP-Ud4e84-unsplash-scaled.jpg\";a:2:{s:2:\"id\";i:103840;s:11:\"source_type\";s:13:\"media-library\";}s:87:\"\/\/media.alj.com\/app\/uploads\/2022\/11\/ricardo-gomez-angel-4hhP-Ud4e84-unsplash-scaled.jpg\";a:2:{s:2:\"id\";i:103840;s:11:\"source_type\";s:13:\"media-library\";}s:68:\"\/\/alj.com\/app\/uploads\/2022\/11\/Rhythms-of-Nature-phenology-scaled.jpg\";a:2:{s:2:\"id\";i:103854;s:11:\"source_type\";s:13:\"media-library\";}s:74:\"\/\/media.alj.com\/app\/uploads\/2022\/11\/Rhythms-of-Nature-phenology-scaled.jpg\";a:2:{s:2:\"id\";i:103854;s:11:\"source_type\";s:13:\"media-library\";}}"]},"_links":{"self":[{"href":"https:\/\/alj.com\/fr\/wp-json\/wp\/v2\/spotlight-fadyjameel\/103883"}],"collection":[{"href":"https:\/\/alj.com\/fr\/wp-json\/wp\/v2\/spotlight-fadyjameel"}],"about":[{"href":"https:\/\/alj.com\/fr\/wp-json\/wp\/v2\/types\/spotlight-fadyjameel"}],"wp:featuredmedia":[{"embeddable":true,"href":"https:\/\/alj.com\/fr\/wp-json\/wp\/v2\/media\/103833"}],"wp:attachment":[{"href":"https:\/\/alj.com\/fr\/wp-json\/wp\/v2\/media?parent=103883"}],"wp:term":[{"taxonomy":"post_tag","embeddable":true,"href":"https:\/\/alj.com\/fr\/wp-json\/wp\/v2\/tags?post=103883"}],"curies":[{"name":"wp","href":"https:\/\/api.w.org\/{rel}","templated":true}]}}