{"id":106562,"date":"2023-03-01T06:09:02","date_gmt":"2023-03-01T06:09:02","guid":{"rendered":"https:\/\/alj.com\/spotlight-by-fady-jameel\/countdown-for-carbon\/"},"modified":"2023-05-08T10:40:41","modified_gmt":"2023-05-08T10:40:41","slug":"countdown-for-carbon","status":"publish","type":"spotlight-fadyjameel","link":"https:\/\/alj.com\/fr\/spotlight-by-fady-jameel\/countdown-for-carbon\/","title":{"rendered":"Compte \u00e0 rebours pour le carbone"},"content":{"rendered":"<p>Les entreprises peuvent se permettre d\u2019\u00eatre id\u00e9alistes sur le long terme, mais \u00e0 court terme, nous devons tous faire face aux aspects pratiques de la vie quotidienne. Cela rel\u00e8ve de \u00ab\u00a0l\u2019art du possible\u00a0\u00bb plut\u00f4t que de l\u2019id\u00e9al.<\/p>\n<p>Prenons par exemple la transition rapide vers le z\u00e9ro \u00e9mission nette, telle que d\u00e9crite dans les objectifs de l\u2019Accord de Paris et r\u00e9affirm\u00e9e lors de la COP26. Chaque secteur industriel d\u00e9pend, dans une certaine mesure, des combustibles fossiles et ce, depuis des d\u00e9cennies. Changer cela \u2013\u00a0et atteindre l\u2019objectif de z\u00e9ro \u00e9mission nette\u00a0\u2013 est une n\u00e9cessit\u00e9, et j\u2019y crois fermement. Mais il ne suffit pas de claquer des doigts pour y parvenir. C\u2019est un processus qui n\u00e9cessite un investissement strat\u00e9gique dans des technologies durables, qui ne sont pas toutes suffisamment avanc\u00e9es, ou abordables, pour \u00eatre d\u00e9ploy\u00e9es \u00e0 grande \u00e9chelle d\u00e8s maintenant.<\/p>\n<p>Les cr\u00e9dits-carbone sont une solution pragmatique \u00e0 mi-parcours, un moyen de gagner du temps pour permettre aux entreprises de r\u00e9soudre certaines des difficult\u00e9s que soul\u00e8ve l\u2019objectif \u00ab\u00a0z\u00e9ro \u00e9mission\u00a0\u00bb. L\u2019achat de cr\u00e9dits-carbone permet aux entreprises de limiter les \u00e9missions qu\u2019elles ne sont pas en mesure d\u2019\u00e9liminer totalement\u2026 jusqu\u2019\u00e0 ce que, je l\u2019esp\u00e8re, elles y parviennent.<\/p>\n<h3>Qu\u2019est-ce qu\u2019un \u00ab\u00a0cr\u00e9dit-carbone\u00a0\u00bb\u00a0?<\/h3>\n<p>Les cr\u00e9dits-carbone sont des certificats qui repr\u00e9sentent des quantit\u00e9s d\u2019\u00e9missions de gaz \u00e0 effet de serre (GES) qui ont \u00e9t\u00e9 \u00e9vit\u00e9es ou \u00e9limin\u00e9es. Ainsi, lorsqu\u2019une entreprise ach\u00e8te un cr\u00e9dit-carbone pour une tonne de CO<sub>2<\/sub>, par exemple, elle obtient effectivement l\u2019autorisation de g\u00e9n\u00e9rer une quantit\u00e9 de CO<sub>2<\/sub> \u00e9quivalente \u00e0 ce cr\u00e9dit.<\/p>\n<p><img decoding=\"async\" loading=\"lazy\" class=\"aligncenter size-full wp-image-106381\" src=\"https:\/\/media.alj.com\/app\/uploads\/2023\/03\/1824-ALJ-Carbon-Credits-scaled.jpg\" alt=\"\" width=\"2560\" height=\"1120\" srcset=\"https:\/\/media.alj.com\/app\/uploads\/2023\/03\/1824-ALJ-Carbon-Credits-scaled.jpg 2560w, https:\/\/media.alj.com\/app\/uploads\/2023\/03\/1824-ALJ-Carbon-Credits-300x131.jpg 300w, https:\/\/media.alj.com\/app\/uploads\/2023\/03\/1824-ALJ-Carbon-Credits-1024x448.jpg 1024w, https:\/\/media.alj.com\/app\/uploads\/2023\/03\/1824-ALJ-Carbon-Credits-150x66.jpg 150w, https:\/\/media.alj.com\/app\/uploads\/2023\/03\/1824-ALJ-Carbon-Credits-768x336.jpg 768w, https:\/\/media.alj.com\/app\/uploads\/2023\/03\/1824-ALJ-Carbon-Credits-1536x672.jpg 1536w, https:\/\/media.alj.com\/app\/uploads\/2023\/03\/1824-ALJ-Carbon-Credits-2048x896.jpg 2048w\" sizes=\"(max-width: 2560px) 100vw, 2560px\" \/><\/p>\n<p>Les cr\u00e9dits-carbone eux-m\u00eames sont issus de projets d\u2019action climatique certifi\u00e9s qui r\u00e9duisent, suppriment ou \u00e9vitent les GES d\u2019une mani\u00e8re qui peut \u00eatre mesur\u00e9e et v\u00e9rifi\u00e9e. Parmi les exemples courants, il y a la plantation d\u2019arbres ou la mise \u00e0 disposition des communaut\u00e9s de moyens plus efficaces sur le plan \u00e9nerg\u00e9tique pour chauffer leurs maisons et cuisiner.<\/p>\n<figure id=\"attachment_103758\" aria-describedby=\"caption-attachment-103758\" style=\"width: 1773px\" class=\"wp-caption aligncenter\"><img decoding=\"async\" loading=\"lazy\" class=\"size-full wp-image-103758\" src=\"https:\/\/media.alj.com\/app\/uploads\/2022\/11\/Abdul-Latif-Jameel-VCM-PIF-signing.jpg\" alt=\"Abdul Latif Jameel VCM PIF signing\" width=\"1773\" height=\"1182\" srcset=\"https:\/\/media.alj.com\/app\/uploads\/2022\/11\/Abdul-Latif-Jameel-VCM-PIF-signing.jpg 1773w, https:\/\/media.alj.com\/app\/uploads\/2022\/11\/Abdul-Latif-Jameel-VCM-PIF-signing-300x200.jpg 300w, https:\/\/media.alj.com\/app\/uploads\/2022\/11\/Abdul-Latif-Jameel-VCM-PIF-signing-1024x683.jpg 1024w, https:\/\/media.alj.com\/app\/uploads\/2022\/11\/Abdul-Latif-Jameel-VCM-PIF-signing-150x100.jpg 150w, https:\/\/media.alj.com\/app\/uploads\/2022\/11\/Abdul-Latif-Jameel-VCM-PIF-signing-768x512.jpg 768w, https:\/\/media.alj.com\/app\/uploads\/2022\/11\/Abdul-Latif-Jameel-VCM-PIF-signing-1536x1024.jpg 1536w\" sizes=\"(max-width: 1773px) 100vw, 1773px\" \/><figcaption id=\"caption-attachment-103758\" class=\"wp-caption-text\">Fady Jameel au Voluntary Carbon Market, en train de signer pendant la 6e\u00a0\u00e9dition de la Future Investment Initiative \u00e0 Riyad<\/figcaption><\/figure>\n<p>Fin octobre\u00a02022, j\u2019ai <a href=\"https:\/\/alj.com\/en\/news\/abdul-latif-jameel-partners-with-voluntary-carbon-market-to-help-drive-global-net-zero-ambitions\/\">repr\u00e9sent\u00e9 <\/a><a href=\"https:\/\/alj.com\">Abdul Latif Jameel<\/a> devant le Fonds d\u2019investissement public (<a href=\"https:\/\/www.pif.gov.sa\/\">Public Investment Fund, PIF<\/a>) de l\u2019Arabie saoudite pour la <a href=\"https:\/\/alj.com\/en\/news\/abdul-latif-jameel-partners-with-voluntary-carbon-market-to-help-drive-global-net-zero-ambitions\/\">vente aux ench\u00e8res volontaire de cr\u00e9dits-carbone<\/a> lors de la <a href=\"https:\/\/fii-institute.org\/conference\/fii-6\/\">conf\u00e9rence Future Investment Initiative \u00e0 Riyad<\/a>, la toute premi\u00e8re vente de ce type organis\u00e9e au Moyen-Orient. Au total, 1,4\u00a0million de tonnes de cr\u00e9dits-carbone a \u00e9t\u00e9 vendu, ce qui en fait la plus grande vente de cr\u00e9dits-carbone jamais r\u00e9alis\u00e9e. Abdul Latif Jameel faisait partie des 15\u00a0entit\u00e9s saoudiennes et r\u00e9gionales participantes, repr\u00e9sentant tous les secteurs de l\u2019\u00e9conomie du pays, de la Gulf International Bank \u00e0 Saudia airlines, en passant par Aramco et Yanbu Cement Company.<\/p>\n<h2>Comment fonctionnent les cr\u00e9dits-carbone\u00a0?<\/h2>\n<p>Pour atteindre ses objectifs de z\u00e9ro \u00e9mission nette, chaque entreprise doit r\u00e9duire ses propres \u00e9missions autant que possible. Mais pour certaines organisations, la r\u00e9duction de ces \u00e9missions \u00e0 l\u2019aide des technologies actuelles a un co\u00fbt prohibitif, m\u00eame si avec le temps, ces technologies pourraient devenir moins ch\u00e8res. Pour d\u2019autres, certaines sources d\u2019\u00e9missions ne peuvent pas du tout \u00eatre totalement \u00e9limin\u00e9es au moyen des alternatives actuelles.<\/p>\n<p>Par exemple, la fabrication de ciment \u00e0 une \u00e9chelle industrielle implique g\u00e9n\u00e9ralement une r\u00e9action chimique, la calcination, qui est responsable d\u2019une grande partie des \u00e9missions de carbone du secteur du ciment. Sur la base des technologies actuelles en mati\u00e8re de fabrication du ciment, pour de nombreux fabricants de ciment, il n\u2019est pas financi\u00e8rement viable de fabriquer du ciment d\u2019une autre mani\u00e8re. Ces \u00e9missions sont, en effet, in\u00e9vitables aujourd\u2019hui. En revanche, l\u2019entreprise peut acheter des cr\u00e9dits-carbone pour compenser les \u00e9missions qu\u2019elle est incapable d\u2019\u00e9liminer.<\/p>\n<p>Il est important de noter que l\u2019achat de cr\u00e9dits-carbone est volontaire. Comme le nom le laisse entendre, aucune des entreprises participant \u00e0 la vente aux ench\u00e8res volontaire de cr\u00e9dits-carbone du FIP n\u2019y \u00e9tait l\u00e9galement oblig\u00e9e, contrairement \u00e0 certains pays et r\u00e9gions qui ont instaur\u00e9 des syst\u00e8mes contraignants en mati\u00e8re de cr\u00e9dits-carbone.<\/p>\n<p>L\u2019Union europ\u00e9enne, l\u2019Australie, la Nouvelle-Z\u00e9lande, la Cor\u00e9e du Sud, la Californie et le Qu\u00e9bec (Canada), par exemple, ont tous mis en place des programmes de plafonnement et d\u2019\u00e9change, \u00e9galement appel\u00e9s m\u00e9canismes d\u2019\u00e9change de droits d\u2019\u00e9mission. Les programmes de plafonnement et d\u2019\u00e9change ont \u00e9t\u00e9 utilis\u00e9s pour contr\u00f4ler la pollution pour la premi\u00e8re fois dans les ann\u00e9es\u00a01980 et\u00a01990, lorsque les \u00c9tats-Unis les ont mis en place pour \u00e9liminer progressivement le plomb pr\u00e9sent dans l\u2019essence et r\u00e9duire certaines \u00e9missions pour lutter contre les pluies acides. Le succ\u00e8s de ces programmes a jet\u00e9 les bases de leur utilisation pour r\u00e9duire les \u00e9missions de carbone et de GES.<a href=\"#_ftn1\" name=\"_ftnref1\">[1]<\/a><\/p>\n<p>Le principe est simple\u00a0: afin d\u2019inciter les entreprises \u00e0 r\u00e9duire leurs \u00e9missions, un gouvernement fixe un seuil maximal d\u2019\u00e9missions et cr\u00e9e des permis, appel\u00e9s \u00ab\u00a0cr\u00e9dits-carbone\u00a0\u00bb, pour chaque unit\u00e9 d\u2019\u00e9mission tol\u00e9r\u00e9e par ce seuil. Les entreprises \u00e9mettrices doivent obtenir et restituer un permis pour chaque unit\u00e9 de leurs \u00e9missions. Elles peuvent obtenir des permis aupr\u00e8s du gouvernement ou en faisant des \u00e9changes avec d\u2019autres entreprises. Le gouvernement peut choisir de d\u00e9livrer les permis gratuitement ou de les vendre aux ench\u00e8res.<\/p>\n<p>Cela a cr\u00e9\u00e9 un march\u00e9 massif pour les cr\u00e9dits-carbone. Selon <a href=\"https:\/\/www.googleadservices.com\/pagead\/aclk?sa=L&amp;ai=DChcSEwjFtoz98PP8AhXCwtUKHbXDCxsYABAAGgJ3cw&amp;ohost=www.google.com&amp;cid=CAESauD2_ryYxPb-ZttTG_lU41G4MFx_OJVOgrDmRid5-YweFPRmViLh9NsWwWWORgLnxt9FB67v8IuYR0BL91LTiAJAhA8_EvX70iWnrPEH4sMNy_lzBzj5uum5yB7NTqHASowOqy5SwJf8ilw&amp;sig=AOD64_3GEkri8fvllWXMDFhH2jtH9XTe_Q&amp;q&amp;adurl&amp;ved=2ahUKEwjG14X98PP8AhXmRqQEHSoBBB8Q0Qx6BAgIEAE\">Refinitiv<\/a>, la taille totale du march\u00e9 est de 261\u00a0milliards USD, ce qui repr\u00e9sente l\u2019\u00e9quivalent de 10,3\u00a0Gt de CO<sub>2<\/sub> n\u00e9goci\u00e9 sur les march\u00e9s de mise en conformit\u00e9 en\u00a02020.<a href=\"#_ftn2\" name=\"_ftnref2\">[2]<\/a><\/p>\n<p><img decoding=\"async\" loading=\"lazy\" class=\"aligncenter size-full wp-image-106388\" src=\"https:\/\/media.alj.com\/app\/uploads\/2023\/03\/1824-ALJ-Carbon-Credits2.jpg\" alt=\"\" width=\"2421\" height=\"2185\" srcset=\"https:\/\/media.alj.com\/app\/uploads\/2023\/03\/1824-ALJ-Carbon-Credits2.jpg 2421w, https:\/\/media.alj.com\/app\/uploads\/2023\/03\/1824-ALJ-Carbon-Credits2-300x271.jpg 300w, https:\/\/media.alj.com\/app\/uploads\/2023\/03\/1824-ALJ-Carbon-Credits2-1024x924.jpg 1024w, https:\/\/media.alj.com\/app\/uploads\/2023\/03\/1824-ALJ-Carbon-Credits2-150x135.jpg 150w, https:\/\/media.alj.com\/app\/uploads\/2023\/03\/1824-ALJ-Carbon-Credits2-768x693.jpg 768w, https:\/\/media.alj.com\/app\/uploads\/2023\/03\/1824-ALJ-Carbon-Credits2-1536x1386.jpg 1536w, https:\/\/media.alj.com\/app\/uploads\/2023\/03\/1824-ALJ-Carbon-Credits2-2048x1848.jpg 2048w\" sizes=\"(max-width: 2421px) 100vw, 2421px\" \/><\/p>\n<p>Les entreprises qui n\u2019ont pas assez de permis pour leur niveau d\u2019\u00e9missions ont deux options\u00a0: elles peuvent soit r\u00e9duire leurs \u00e9missions, soit acheter des permis suppl\u00e9mentaires \u00e0 une autre entreprise pour couvrir leur surplus d\u2019\u00e9missions. Pour un prix de permis donn\u00e9, certaines entreprises trouveront plus facile, ou moins cher, de r\u00e9duire leurs \u00e9missions que d\u2019autres et vendront donc leurs permis. Ce processus d\u2019\u00e9change garantit un prix unique pour toutes les entreprises qui coordonnent leurs activit\u00e9s et permet de r\u00e9duire les \u00e9missions au niveau autoris\u00e9 par le plafonnement de mani\u00e8re rentable.<\/p>\n<p>Bien entendu, il n\u2019y a aucune raison de s\u2019attendre \u00e0 ce qu\u2019un prix de permis qui lib\u00e8re le march\u00e9 \u00e0 un moment donn\u00e9 continue \u00e0 le faire \u00e0 l\u2019avenir. Au fur et \u00e0 mesure que les conditions \u00e9conomiques et les circonstances des entreprises \u00e9mettrices changent, les prix des permis fluctuent. Les permis deviennent plus chers lorsque la demande est \u00e9lev\u00e9e par rapport \u00e0 l\u2019offre, par exemple lorsque l\u2019\u00e9conomie est en forte expansion. Les prix baissent en cons\u00e9quence lorsque la demande est plus faible, par exemple lorsque l\u2019abondance d\u2019\u00e9lectricit\u00e9 renouvelable r\u00e9duit les exigences envers les entreprises de production thermique.<\/p>\n<h3>March\u00e9s obligatoires et volontaires<\/h3>\n<p><img decoding=\"async\" loading=\"lazy\" class=\"alignright size-medium wp-image-106437\" src=\"https:\/\/media.alj.com\/app\/uploads\/2023\/03\/Paris-Climate-Agreement-300x136.jpg\" alt=\"\" width=\"300\" height=\"136\" srcset=\"https:\/\/media.alj.com\/app\/uploads\/2023\/03\/Paris-Climate-Agreement-300x136.jpg 300w, https:\/\/media.alj.com\/app\/uploads\/2023\/03\/Paris-Climate-Agreement-150x68.jpg 150w, https:\/\/media.alj.com\/app\/uploads\/2023\/03\/Paris-Climate-Agreement.jpg 315w\" sizes=\"(max-width: 300px) 100vw, 300px\" \/>Les march\u00e9s du carbone obligatoires constituent une partie importante de l\u2019effort visant \u00e0 atteindre l\u2019objectif de l\u2019<a href=\"https:\/\/unfccc.int\/process-and-meetings\/the-paris-agreement\/the-paris-agreement\">Accord de Paris<\/a> de limiter le r\u00e9chauffement climatique \u00e0 2<sup>o<\/sup>C au-dessus des niveaux pr\u00e9industriels \u2013\u00a0id\u00e9alement 1,5<sup>o<\/sup>C\u00a0\u2013 m\u00eame si certains de ces march\u00e9s sont ant\u00e9rieurs aux engagements de Paris.<\/p>\n<p>Par exemple, le M\u00e9canisme de d\u00e9veloppement propre du <a href=\"https:\/\/unfccc.int\/kyoto_protocol\">Protocole de Kyoto<\/a>, le Syst\u00e8me d\u2019\u00e9change de quotas d\u2019\u00e9mission de l\u2019Union europ\u00e9enne (<a href=\"https:\/\/climate.ec.europa.eu\/eu-action\/eu-emissions-trading-system-eu-ets_en\">SEQE-UE<\/a>) et le <a href=\"https:\/\/www.c2es.org\/content\/california-cap-and-trade\/\">March\u00e9 du carbone en Californie<\/a>. Or, la plupart des march\u00e9s obligatoires sont limit\u00e9s \u00e0 des secteurs industriels et \u00e0 des sources d\u2019\u00e9missions sp\u00e9cifiques. Les entreprises qui op\u00e8rent dans d\u2019autres secteurs, comme <a href=\"https:\/\/alj.com\">Abdul Latif Jameel<\/a>, peuvent n\u00e9anmoins compenser leurs \u00e9missions de GES en participant <em>volontairement<\/em> aux march\u00e9s du carbone.<\/p>\n<p>Dans le cadre de la <a href=\"https:\/\/www.vision2030.gov.sa\/v2030\/a-sustainable-saudi-vision\/\">Saudi Vision\u00a02030<\/a>, l\u2019Arabie saoudite est d\u00e9termin\u00e9e \u00e0 soutenir cette d\u00e9marche. \u00c0 cette fin, elle a cr\u00e9\u00e9 la Regional Voluntary Carbon Market Company, une co-entreprise entre le Public Investment Fund (<a href=\"https:\/\/www.pif.gov.sa\/en\/Pages\/Homepage.aspx\">PIF<\/a>) et le Saudi Tadawul Group, la soci\u00e9t\u00e9 holding qui g\u00e8re la bourse du pays. La r\u00e9cente vente aux ench\u00e8res de cr\u00e9dits-carbone \u2013\u00a0\u00e0 laquelle j\u2019ai assist\u00e9 pour le compte d\u2019Abdul Latif Jameel\u00a0\u2013 t\u00e9moigne de son r\u00f4le de soutien aux entreprises r\u00e9gionales qui contribuent \u00e0 la transition mondiale vers le z\u00e9ro \u00e9mission.<\/p>\n<figure id=\"attachment_106465\" aria-describedby=\"caption-attachment-106465\" style=\"width: 207px\" class=\"wp-caption alignright\"><img decoding=\"async\" loading=\"lazy\" class=\"size-full wp-image-106465\" src=\"https:\/\/media.alj.com\/app\/uploads\/2023\/03\/Yazeed-Al-Humied-PIF.jpg\" alt=\"\" width=\"207\" height=\"166\" srcset=\"https:\/\/media.alj.com\/app\/uploads\/2023\/03\/Yazeed-Al-Humied-PIF.jpg 207w, https:\/\/media.alj.com\/app\/uploads\/2023\/03\/Yazeed-Al-Humied-PIF-150x120.jpg 150w\" sizes=\"(max-width: 207px) 100vw, 207px\" \/><figcaption id=\"caption-attachment-106465\" class=\"wp-caption-text\">Yazeed Al Humied<br \/>\nGouverneur adjoint et responsable des investissements du PIF au Moyen-Orient et en Afrique du Nord<\/figcaption><\/figure>\n<p>Le PIF voit son adh\u00e9sion aux cr\u00e9dits-carbone volontaires comme un \u00e9l\u00e9ment cl\u00e9 de sa propre volont\u00e9 de s\u2019attaquer aux impacts du changement climatique et d\u2019atteindre le z\u00e9ro \u00e9mission nette d\u2019ici\u00a02060.<\/p>\n<p><em>\u00ab\u00a0Nous sommes passionn\u00e9s par le potentiel des march\u00e9s du carbone volontaires \u00e0 fournir de nouveaux avantages en mati\u00e8re de r\u00e9duction du carbone dans toute la r\u00e9gion, assurant ainsi que la r\u00e9gion MENA soit \u00e0 l\u2019avant-garde de l\u2019action climatique et que l\u2019Arabie saoudite soit un acteur de premier plan dans la r\u00e9solution du d\u00e9fi climatique\u00a0\u00bb<\/em>, a d\u00e9clar\u00e9 Yazeed Al Humied, Gouverneur adjoint et responsable des investissements du PIF au Moyen-Orient et en Afrique du Nord.<a href=\"#_ftn3\" name=\"_ftnref3\">[3]<\/a><\/p>\n<p><img decoding=\"async\" loading=\"lazy\" class=\"aligncenter size-full wp-image-106395\" src=\"https:\/\/media.alj.com\/app\/uploads\/2023\/03\/1824-ALJ-Carbon-Credits3-scaled.jpg\" alt=\"\" width=\"2560\" height=\"1810\" srcset=\"https:\/\/media.alj.com\/app\/uploads\/2023\/03\/1824-ALJ-Carbon-Credits3-scaled.jpg 2560w, https:\/\/media.alj.com\/app\/uploads\/2023\/03\/1824-ALJ-Carbon-Credits3-300x212.jpg 300w, https:\/\/media.alj.com\/app\/uploads\/2023\/03\/1824-ALJ-Carbon-Credits3-1024x724.jpg 1024w, https:\/\/media.alj.com\/app\/uploads\/2023\/03\/1824-ALJ-Carbon-Credits3-150x106.jpg 150w, https:\/\/media.alj.com\/app\/uploads\/2023\/03\/1824-ALJ-Carbon-Credits3-768x543.jpg 768w, https:\/\/media.alj.com\/app\/uploads\/2023\/03\/1824-ALJ-Carbon-Credits3-1536x1086.jpg 1536w, https:\/\/media.alj.com\/app\/uploads\/2023\/03\/1824-ALJ-Carbon-Credits3-2048x1448.jpg 2048w\" sizes=\"(max-width: 2560px) 100vw, 2560px\" \/><\/p>\n<h2>Courtiser la controverse<\/h2>\n<p>Bien qu\u2019il existe un large consensus international sur le fait que les cr\u00e9dits-carbone constituent une avanc\u00e9e importante, ils suscitent toujours la controverse dans certains milieux. Les critiques avancent un certain nombre d\u2019objections\u00a0: les cr\u00e9dits-carbone ne r\u00e9duisent pas r\u00e9ellement les \u00e9missions de CO<sub>2<\/sub>\u00a0; ils peuvent \u00eatre utilis\u00e9s pour faire du \u00ab\u00a0greenwashing\u00a0\u00bb\u00a0; tous les projets de compensation carbone ne se r\u00e9alisent pas\u00a0; et il n\u2019y a pas assez de compensations carbone pour toutes les \u00e9missions de CO<sub>2<\/sub>. Les critiques soulignent que la pand\u00e9mie de COVID-19 a entra\u00een\u00e9 la plus forte baisse des \u00e9missions de carbone li\u00e9es \u00e0 l\u2019\u00e9nergie depuis la Seconde Guerre mondiale, une baisse \u00e0 hauteur de 2\u00a0milliards de tonnes. Mais les \u00e9missions ont rapidement repris \u00e0 la fin de\u00a02020, les niveaux de d\u00e9cembre\u00a02020 d\u00e9passant de 60\u00a0millions de tonnes ceux de d\u00e9cembre\u00a02019. Cela montre que la terre continue de se r\u00e9chauffer \u00e0 un rythme acc\u00e9l\u00e9r\u00e9 et que les mesures visant \u00e0 mettre en \u0153uvre des pratiques \u00e9nerg\u00e9tiques propres sont insuffisantes.<a href=\"#_ftn4\" name=\"_ftnref4\">[4]<\/a><\/p>\n<p>Il est ind\u00e9niable que les programmes de cr\u00e9dits-carbone ne sont <strong><u>pas<\/u><\/strong> la solution ultime. Et il existe des preuves que certains programmes ne sont pas \u00e0 la hauteur. Par exemple, le Oddar Meanchey Offset Program a d\u00e9livr\u00e9 des cr\u00e9dits-carbone pour la protection des for\u00eats au Cambodge jusqu\u2019en\u00a02017, lorsqu\u2019on a d\u00e9couvert que les for\u00eats en question \u00e9taient en fait syst\u00e9matiquement d\u00e9frich\u00e9es par l\u2019arm\u00e9e cambodgienne.<\/p>\n<p>Cela ne signifie pas pour autant que le principe des cr\u00e9dits-carbone doive \u00eatre abandonn\u00e9. Cela signifie simplement qu\u2019ils doivent \u00eatre surveill\u00e9s et g\u00e9r\u00e9s de mani\u00e8re efficace et transparente. Sans eux, il n\u2019y aurait pas d\u2019autre moyen cr\u00e9dible d\u2019orienter les financements priv\u00e9s vers des projets d\u2019action climatique.<\/p>\n<h2>Une bonne gouvernance est essentielle<\/h2>\n<p>Les compensations volontaires de carbone reposent sur un lien d\u00e9montrable entre l\u2019activit\u00e9 entreprise et l\u2019impact environnemental positif. Parfois, ce lien est \u00e9vident\u00a0: les entreprises qui utilisent une technologie de pi\u00e9geage du carbone pour \u00e9liminer les \u00e9missions de CO<sub>2<\/sub> et les stocker peuvent produire des donn\u00e9es pour d\u00e9montrer la r\u00e9duction des \u00e9missions. Mais d\u2019autres programmes, comme les syst\u00e8mes de compensation qui encouragent le tourisme vert ou cherchent \u00e0 compenser les dommages caus\u00e9s par les voyages internationaux, peuvent \u00eatre plus difficiles \u00e0 mesurer. La r\u00e9putation de l\u2019organisation qui d\u00e9livre le cr\u00e9dit d\u00e9termine la valeur de la compensation.<\/p>\n<p><img decoding=\"async\" loading=\"lazy\" class=\"alignleft size-full wp-image-106444\" src=\"https:\/\/media.alj.com\/app\/uploads\/2023\/03\/UN-Framework-CCC-logo.jpg\" alt=\"\" width=\"128\" height=\"121\" \/>Les organisations de compensation de carbone de bonne r\u00e9putation choisissent les projets de carbone avec soin et en rendent compte m\u00e9ticuleusement. Des v\u00e9rificateurs tiers peuvent contribuer \u00e0 garantir que ces projets respectent des normes strictes, comme celles \u00e9tablies par le M\u00e9canisme de d\u00e9veloppement propre de l\u2019<a href=\"https:\/\/unfccc.int\/process-and-meetings\/the-kyoto-protocol\/mechanisms-under-the-kyoto-protocol\/the-clean-development-mechanism\">ONU<\/a>. Une fois correctement approuv\u00e9s, les programmes de compensation carbone de \u00ab\u00a0haute qualit\u00e9\u00a0\u00bb repr\u00e9sentent des r\u00e9ductions tangibles et mesurables des \u00e9missions de CO<sub>2<\/sub> que les entreprises peuvent utiliser comme si elles avaient elles-m\u00eames r\u00e9duit leurs propres \u00e9missions de gaz \u00e0 effet de serre.<\/p>\n<p>Bien que l\u2019entreprise n\u2019ait pas r\u00e9ellement r\u00e9duit ses propres \u00e9missions, le r\u00e9sultat est sensiblement le m\u00eame. En effet, l\u2019entreprise a gagn\u00e9 du temps pour rendre ses op\u00e9rations plus respectueuses de l\u2019environnement, tandis que pour ce qui est de l\u2019atmosph\u00e8re, le niveau de CO<sub>2<\/sub> a \u00e9t\u00e9 r\u00e9duit.<\/p>\n<p><img decoding=\"async\" loading=\"lazy\" class=\"alignright size-medium wp-image-106458\" src=\"https:\/\/media.alj.com\/app\/uploads\/2023\/03\/Verified-Carbon-Standard-300x100.jpg\" alt=\"\" width=\"300\" height=\"100\" srcset=\"https:\/\/media.alj.com\/app\/uploads\/2023\/03\/Verified-Carbon-Standard-300x100.jpg 300w, https:\/\/media.alj.com\/app\/uploads\/2023\/03\/Verified-Carbon-Standard-150x50.jpg 150w, https:\/\/media.alj.com\/app\/uploads\/2023\/03\/Verified-Carbon-Standard.jpg 318w\" sizes=\"(max-width: 300px) 100vw, 300px\" \/>Examinons les cr\u00e9dits-carbone mis aux ench\u00e8res lors de la conf\u00e9rence\u00a0FII en octobre\u00a02022. Ceux-ci ont \u00e9t\u00e9 enregistr\u00e9s sous Verra et sont conformes \u00e0 CORSIA, la r\u00e9f\u00e9rence en mati\u00e8re d\u2019accr\u00e9ditation et de conformit\u00e9. <a href=\"https:\/\/verra.org\/\">Verra<\/a> est l\u2019organisation \u00e0 but non lucratif qui supervise le programme Verified Carbon Standard (<a href=\"https:\/\/verra.org\/programs\/verified-carbon-standard\/\">VCS<\/a>), le programme de cr\u00e9dit de gaz \u00e0 effet de serre (GES) le plus utilis\u00e9 au monde.<\/p>\n<p>Il oriente les fonds vers des activit\u00e9s qui r\u00e9duisent et suppriment les \u00e9missions, am\u00e9liorent les moyens de subsistance et prot\u00e8gent la nature. Les projets VCS ont permis de r\u00e9duire ou d\u2019\u00e9liminer pr\u00e8s d\u2019un milliard de tonnes d\u2019\u00e9missions de carbone et d\u2019autres GES dans l\u2019atmosph\u00e8re. Le programme VCS est consid\u00e9r\u00e9 comme une composante essentielle et \u00e9volutive dans l\u2019effort continu de prot\u00e9ger notre environnement commun.<a href=\"#_ftn5\" name=\"_ftnref5\">[5]<\/a><\/p>\n<p><img decoding=\"async\" loading=\"lazy\" class=\"alignleft size-medium wp-image-106430\" src=\"https:\/\/media.alj.com\/app\/uploads\/2023\/03\/CORSIA-logo-300x140.jpg\" alt=\"\" width=\"300\" height=\"140\" srcset=\"https:\/\/media.alj.com\/app\/uploads\/2023\/03\/CORSIA-logo-300x140.jpg 300w, https:\/\/media.alj.com\/app\/uploads\/2023\/03\/CORSIA-logo-150x70.jpg 150w, https:\/\/media.alj.com\/app\/uploads\/2023\/03\/CORSIA-logo-768x359.jpg 768w, https:\/\/media.alj.com\/app\/uploads\/2023\/03\/CORSIA-logo.jpg 881w\" sizes=\"(max-width: 300px) 100vw, 300px\" \/><a href=\"https:\/\/www.icao.int\/environmental-protection\/CORSIA\/Pages\/default.aspx\">CORSIA<\/a><a href=\"#_ftn6\" name=\"_ftnref6\">[6]<\/a> a \u00e9t\u00e9 d\u00e9velopp\u00e9 par l\u2019Organisation de l\u2019aviation civile internationale (<a href=\"https:\/\/www.icao.int\/Pages\/default.aspx\">OACI<\/a>) et est l\u2019acronyme de \u00ab\u00a0Carbon Offsetting and Reduction Scheme for International Aviation\u00a0\u00bb (r\u00e9gime de compensation et de r\u00e9duction de carbone pour l\u2019aviation internationale). Il s\u2019agit de la premi\u00e8re solution mondiale bas\u00e9e sur le march\u00e9 que les entit\u00e9s, et pas uniquement les entreprises du secteur priv\u00e9, peuvent utiliser comme une \u00e9tape majeure pour atteindre leurs objectifs climatiques.<\/p>\n<p>Seuls les projets qui ont \u00e9t\u00e9 accr\u00e9dit\u00e9s par une tierce partie respect\u00e9e telle que Verra sont \u00e9ligibles pour CORSIA, ce qui garantit la l\u00e9gitimit\u00e9 de ces cr\u00e9dits-carbone.<\/p>\n<p>Verra est l\u2019une des nombreuses normes de compensation des \u00e9missions de carbone, chacune d\u2019entre elles comportant un ensemble particulier de r\u00e8gles ou de \u00ab\u00a0protocoles\u00a0\u00bb qui d\u00e9finissent comment les cr\u00e9dits-carbone seront attribu\u00e9s \u00e0 diff\u00e9rents types de projets en fonction de divers crit\u00e8res. Ces normes diff\u00e8rent selon qu\u2019il s\u2019agit d\u2019un march\u00e9 obligatoire, dans lequel elles sont g\u00e9n\u00e9ralement \u00e9tablies par des agences gouvernementales, ou volontaire, qui fait appel \u00e0 des organisations \u00e0 but non lucratif telles que <a href=\"https:\/\/www.climateactionreserve.org\/\">Climate Action Reserve<\/a>, et <a href=\"https:\/\/americancarbonregistry.org\/\">American Carbon Registry<\/a> (g\u00e9r\u00e9e par Winrock).<\/p>\n<p>Les organisations derri\u00e8re les normes g\u00e9n\u00e8rent des frais en g\u00e9rant les certifications des projets ainsi qu\u2019en g\u00e9rant la logistique des attributions et des annulations de cr\u00e9dits. Tous les projets de haute qualit\u00e9 sont soumis \u00e0 l\u2019examen de soci\u00e9t\u00e9s d\u2019audit tierces. Ces soci\u00e9t\u00e9s valident les projets au pr\u00e9alable, puis v\u00e9rifient qu\u2019ils fonctionnent conform\u00e9ment au protocole. Cela permet aux organisations participantes d\u2019\u00e9viter d\u2019\u00eatre victimes de projets non v\u00e9rifi\u00e9s comme Oddar Meanchey.<\/p>\n<p>Cette surveillance ou gouvernance est vitale.<\/p>\n<p>Le march\u00e9 du cr\u00e9dit-carbone volontaire est comme tout autre march\u00e9\u00a0: vous payez pour la qualit\u00e9. Sur les march\u00e9s du carbone actuels, le prix d\u2019un cr\u00e9dit-carbone peut varier de quelques centimes par tonne m\u00e9trique d\u2019\u00e9missions de CO<sub>2<\/sub> \u00e0 15\u00a0USD\/mtCO<sub>2<\/sub>e pour les projets de boisement ou de reforestation, voire jusqu\u2019\u00e0 300\u00a0USD\/mtCO<sup>2<\/sup>e pour les projets d\u2019\u00e9limination bas\u00e9s sur la technologie.<a href=\"#_ftn7\" name=\"_ftnref7\">[7]<\/a><\/p>\n<h2>Une tarification complexe<\/h2>\n<p>Cependant, la tarification des cr\u00e9dits-carbone reste complexe. Il existe un large \u00e9ventail de cr\u00e9dits sur le march\u00e9 et plusieurs facteurs influencent le prix. L\u2019un de ces facteurs les plus importants est la nature du projet sous-jacent, qui appartient g\u00e9n\u00e9ralement \u00e0 l\u2019une des deux cat\u00e9gories suivantes\u00a0: \u00e9vitement et \u00e9limination. Les projets d\u2019\u00e9vitement emp\u00eachent les \u00e9missions de gaz \u00e0 effet de serre (GES), tandis que les projets d\u2019\u00e9limination pi\u00e8gent et \u00e9liminent les GES de l\u2019atmosph\u00e8re.<\/p>\n<figure id=\"attachment_102053\" aria-describedby=\"caption-attachment-102053\" style=\"width: 2560px\" class=\"wp-caption aligncenter\"><img decoding=\"async\" loading=\"lazy\" class=\"size-full wp-image-102053\" src=\"https:\/\/media.alj.com\/app\/uploads\/2022\/09\/Metz-Solar-Farm-Aerial-view-scaled.jpg\" alt=\"Metz Solar Farm Aerial view\" width=\"2560\" height=\"1707\" srcset=\"https:\/\/media.alj.com\/app\/uploads\/2022\/09\/Metz-Solar-Farm-Aerial-view-scaled.jpg 2560w, https:\/\/media.alj.com\/app\/uploads\/2022\/09\/Metz-Solar-Farm-Aerial-view-300x200.jpg 300w, https:\/\/media.alj.com\/app\/uploads\/2022\/09\/Metz-Solar-Farm-Aerial-view-1024x683.jpg 1024w, https:\/\/media.alj.com\/app\/uploads\/2022\/09\/Metz-Solar-Farm-Aerial-view-150x100.jpg 150w, https:\/\/media.alj.com\/app\/uploads\/2022\/09\/Metz-Solar-Farm-Aerial-view-768x512.jpg 768w, https:\/\/media.alj.com\/app\/uploads\/2022\/09\/Metz-Solar-Farm-Aerial-view-1536x1024.jpg 1536w, https:\/\/media.alj.com\/app\/uploads\/2022\/09\/Metz-Solar-Farm-Aerial-view-2048x1366.jpg 2048w\" sizes=\"(max-width: 2560px) 100vw, 2560px\" \/><figcaption id=\"caption-attachment-102053\" class=\"wp-caption-text\">Metz Solar Farm, en Australie, a \u00e9t\u00e9 construite par FRV, qui fait partie d\u2019Abdul Latif Jameel Energy, et a commenc\u00e9 \u00e0 produire de l\u2019\u00e9nergie propre \u00e0 des fins commerciales en septembre\u00a02022. Cette installation photovolta\u00efque a une capacit\u00e9 de 115\u00a0MWac, pouvant r\u00e9pondre \u00e0 la demande en \u00e9nergie de 40\u00a0000\u00a0m\u00e9nages, sur une superficie de 248\u00a0hectares.<\/figcaption><\/figure>\n<p>Les projets d\u2019\u00e9nergie renouvelable, par exemple, font partie de la cat\u00e9gorie d\u2019\u00e9vitement, tout comme les projets d\u2019\u00e9vitement d\u2019\u00e9missions foresti\u00e8res et agricoles, \u00e9galement connus sous le nom de <a href=\"https:\/\/unfccc.int\/topics\/land-use\/workstreams\/redd\/what-is-redd\">REDD+<\/a>. Ceux-ci mettent un terme \u00e0 la d\u00e9forestation ou \u00e0 la destruction des zones humides ou encouragent les pratiques agricoles et de gestion des sols qui limitent les \u00e9missions de GES \u2013\u00a0par exemple, les projets visant \u00e0 r\u00e9duire la quantit\u00e9 de m\u00e9thane \u00e9mise par le b\u00e9tail en le nourrissant diff\u00e9remment. D\u2019autres exemples sont des projets qui am\u00e9liorent l\u2019efficacit\u00e9 des carburants, qui construisent des b\u00e2timents \u00e0 haut rendement \u00e9nerg\u00e9tique ou qui pi\u00e8gent et d\u00e9truisent les polluants industriels.<\/p>\n<p>Cette cat\u00e9gorie comprend les projets qui pi\u00e8gent et emmagasinent le carbone de l\u2019atmosph\u00e8re. Souvent, ils s\u2019inspirent de la nature, en utilisant les arbres ou le sol, par exemple, pour \u00e9liminer et pi\u00e9ger le carbone gr\u00e2ce \u00e0 des projets comme la reforestation, le boisement et la gestion des zones humides. D\u2019autres font appel \u00e0 des technologies telles que le pr\u00e9l\u00e8vement direct dans l\u2019air ou <a href=\"https:\/\/alj.com\/en\/perspective\/can-carbon-capture-free-the-world-from-co%e2%82%82\/\">le pi\u00e9geage et le stockage du carbone<\/a>.<\/p>\n<p>Tout cela se refl\u00e8te dans le prix, car les cr\u00e9dits d\u2019\u00e9limination entra\u00eenent une majoration, en partie parce que le projet sous-jacent n\u00e9cessite plus d\u2019argent, mais aussi parce que la demande est plus forte\u00a0: les investisseurs estiment qu\u2019ils constituent un outil plus efficace dans la lutte contre le changement climatique.<\/p>\n<p>Lorsque le projet carbone sous-jacent contribue \u00e9galement \u00e0 atteindre certains des objectifs de d\u00e9veloppement durable (<a href=\"https:\/\/sdgs.un.org\/goals\">ODD<\/a>) des Nations Unies, la valeur d\u2019un cr\u00e9dit provenant de ce projet peut \u00eatre plus \u00e9lev\u00e9e. Ainsi, par exemple, si le projet fournit de l\u2019eau potable et s\u2019attaque \u00e9galement \u00e0 la pauvret\u00e9 \u2013\u00a0deux des <a href=\"https:\/\/jameel75.com\/en\/sdg\">ODD<\/a>, le cr\u00e9dit-carbone qu\u2019il g\u00e9n\u00e8re peut se n\u00e9gocier \u00e0 un prix sup\u00e9rieur \u00e0 celui d\u2019autres types de projets.<\/p>\n<p><img decoding=\"async\" loading=\"lazy\" class=\"aligncenter  wp-image-106451\" src=\"https:\/\/media.alj.com\/app\/uploads\/2023\/03\/UN-SDGs.jpg\" alt=\"\" width=\"804\" height=\"402\" srcset=\"https:\/\/media.alj.com\/app\/uploads\/2023\/03\/UN-SDGs.jpg 662w, https:\/\/media.alj.com\/app\/uploads\/2023\/03\/UN-SDGs-300x150.jpg 300w, https:\/\/media.alj.com\/app\/uploads\/2023\/03\/UN-SDGs-150x75.jpg 150w\" sizes=\"(max-width: 804px) 100vw, 804px\" \/><\/p>\n<p>C\u2019est pourquoi les cr\u00e9dits \u00e9mis par les projets communautaires qui r\u00e9pondent aux ODD se n\u00e9gocient souvent \u00e0 un prix sup\u00e9rieur \u00e0 celui des projets qui n\u2019y r\u00e9pondent pas, comme les projets industriels. Ceci en d\u00e9pit du fait que les projets industriels sont g\u00e9n\u00e9ralement plus importants et peuvent souvent produire de larges volumes de cr\u00e9dits avec un potentiel de compensation des GES plus facilement v\u00e9rifiable que les projets communautaires. Ceux-ci, en comparaison, ont tendance \u00e0 \u00eatre tr\u00e8s localis\u00e9s, con\u00e7us et g\u00e9r\u00e9s par des groupes locaux ou des ONG, ils produisent de plus petits volumes de cr\u00e9dits-carbone et sont souvent plus chers \u00e0 faire certifier.<\/p>\n<p>Les autres facteurs qui influencent le prix sont ceux que l\u2019on retrouve sur tout march\u00e9\u00a0: l\u2019offre et la demande, la localisation du projet, le d\u00e9lai de livraison et son anciennet\u00e9. Plus un projet est ancien, moins ses cr\u00e9dits carbone sont chers.<\/p>\n<h2>Un tremplin vers un avenir durable<\/h2>\n<p>C\u2019est un march\u00e9 qui se d\u00e9veloppe rapidement. Le Taskforce on Scaling Voluntary Carbon Markets (<a href=\"https:\/\/www.iif.com\/tsvcm\">TSVCM<\/a>) estime que la demande de cr\u00e9dits-carbone pourrait \u00eatre multipli\u00e9e par un facteur de\u00a015\u00a0ou plus d\u2019ici\u00a02030 et par un facteur de jusqu\u2019\u00e0\u00a0100 d\u2019ici\u00a02050. Dans l\u2019ensemble, le march\u00e9 des cr\u00e9dits-carbone pourrait valoir plus de 50\u00a0milliards USD en\u00a02030.<a href=\"#_ftn8\" name=\"_ftnref8\">[8]<\/a><\/p>\n<p><img decoding=\"async\" loading=\"lazy\" class=\"aligncenter size-full wp-image-106402\" src=\"https:\/\/media.alj.com\/app\/uploads\/2023\/03\/1824-ALJ-Carbon-Credits4-scaled.jpg\" alt=\"\" width=\"2560\" height=\"1894\" srcset=\"https:\/\/media.alj.com\/app\/uploads\/2023\/03\/1824-ALJ-Carbon-Credits4-scaled.jpg 2560w, https:\/\/media.alj.com\/app\/uploads\/2023\/03\/1824-ALJ-Carbon-Credits4-300x222.jpg 300w, https:\/\/media.alj.com\/app\/uploads\/2023\/03\/1824-ALJ-Carbon-Credits4-1024x758.jpg 1024w, https:\/\/media.alj.com\/app\/uploads\/2023\/03\/1824-ALJ-Carbon-Credits4-150x111.jpg 150w, https:\/\/media.alj.com\/app\/uploads\/2023\/03\/1824-ALJ-Carbon-Credits4-768x568.jpg 768w, https:\/\/media.alj.com\/app\/uploads\/2023\/03\/1824-ALJ-Carbon-Credits4-1536x1137.jpg 1536w, https:\/\/media.alj.com\/app\/uploads\/2023\/03\/1824-ALJ-Carbon-Credits4-2048x1515.jpg 2048w\" sizes=\"(max-width: 2560px) 100vw, 2560px\" \/><\/p>\n<p>La r\u00e9alisation de ces pr\u00e9visions de croissance est essentielle. Le march\u00e9 des cr\u00e9dits-carbone a cr\u00e9\u00e9 une fili\u00e8re permettant au financement priv\u00e9 d\u2019atteindre des projets positifs pour le climat qui, autrement, \u00e9choueraient ou ne verraient pas le jour. Il poss\u00e8de \u00e9galement la gouvernance qui assure l\u2019int\u00e9grit\u00e9 et la transparence d\u2019une mani\u00e8re que l\u2019aide \u00e9trang\u00e8re ne parvient souvent pas \u00e0 faire. Les cr\u00e9dits-carbone ne sont peut-\u00eatre pas la solution ultime \u00e0 la crise climatique de notre plan\u00e8te, mais pour l\u2019instant, c\u2019est l\u2019un des outils les plus prometteurs dont nous disposons.<\/p>\n<p>&nbsp;<\/p>\n<p><a href=\"#_ftnref1\" name=\"_ftn1\">[1]<\/a> <a href=\"https:\/\/www.lse.ac.uk\/granthaminstitute\/explainers\/how-do-emissions-trading-systems-work\/#:~:text=Emissions%20trading%2C%20also%20known%20as,emissions%20allowed%20under%20the%20cap\">https:\/\/www.lse.ac.uk\/granthaminstitute\/explainers\/how-do-emissions-trading-systems-work\/#:~:text=Emissions%20trading%2C%20also%20known%20as,emissions%20allowed%20under%20the%20cap<\/a>.<\/p>\n<p><a href=\"#_ftnref2\" name=\"_ftn2\">[2]<\/a> <a href=\"https:\/\/carboncredits.com\/the-ultimate-guide-to-understanding-carbon-credits\/#9\">https:\/\/carboncredits.com\/the-ultimate-guide-to-understanding-carbon-credits\/#9<\/a><\/p>\n<p><a href=\"#_ftnref3\" name=\"_ftn3\">[3]<\/a> https:\/\/carboncredits.com\/saudi-pif-largest-corsia-compliant-carbon-credits-auction\/<\/p>\n<p><a href=\"#_ftnref4\" name=\"_ftn4\">[4]<\/a> <a href=\"https:\/\/impactful.ninja\/reasons-that-make-carbon-offsetting-a-bad-idea\/#:~:text=Carbon%20offsetting%20is%20not%20economically,world's%20poor%20is%20highly%20disproportionate\">https:\/\/impactful.ninja\/reasons-that-make-carbon-offsetting-a-bad-idea\/#:~:text=Carbon%20offsetting%20is%20not%20economically,world&#8217;s%20poor%20is%20highly%20disproportionate<\/a>.<\/p>\n<p><a href=\"#_ftnref5\" name=\"_ftn5\">[5]<\/a> <a href=\"https:\/\/verra.org\/programs\/verified-carbon-standard\/#how-it-works\">https:\/\/verra.org\/programs\/verified-carbon-standard\/#how-it-works<\/a><\/p>\n<p><a href=\"#_ftnref6\" name=\"_ftn6\">[6]<\/a> <a href=\"https:\/\/www.iata.org\/en\/iata-repository\/pressroom\/fact-sheets\/fact-sheet---corsia\/\">https:\/\/www.iata.org\/en\/iata-repository\/pressroom\/fact-sheets\/fact-sheet&#8212;corsia\/<\/a><\/p>\n<p><a href=\"#_ftnref7\" name=\"_ftn7\">[7]<\/a> <a href=\"https:\/\/www.spglobal.com\/commodityinsights\/en\/market-insights\/blogs\/energy-transition\/061021-voluntary-carbon-markets-pricing-participants-trading-corsia-credits\">https:\/\/www.spglobal.com\/commodityinsights\/en\/market-insights\/blogs\/energy-transition\/061021-voluntary-carbon-markets-pricing-participants-trading-corsia-credits<\/a><\/p>\n<p><a href=\"#_ftnref8\" name=\"_ftn8\">[8]<\/a> <a href=\"https:\/\/www.mckinsey.com\/capabilities\/sustainability\/our-insights\/a-blueprint-for-scaling-voluntary-carbon-markets-to-meet-the-climate-challenge\">https:\/\/www.mckinsey.com\/capabilities\/sustainability\/our-insights\/a-blueprint-for-scaling-voluntary-carbon-markets-to-meet-the-climate-challenge<\/a><\/p>\n","protected":false},"featured_media":106416,"template":"","tags":[],"acf":[],"yoast_head":"<!-- This site is optimized with the Yoast SEO plugin v21.5 - https:\/\/yoast.com\/wordpress\/plugins\/seo\/ -->\n<title>Compte \u00e0 rebours pour le carbone | Abdul Latif Jameel\u00ae<\/title>\n<meta name=\"description\" content=\"Apprenez comment r\u00e9duire ses \u00e9missions et son empreinte carbone pour passer \u00e0 une consommation nette de z\u00e9ro. Faites partie de la solution d\u00e8s maintenant.\" \/>\n<meta name=\"robots\" content=\"index, follow, max-snippet:-1, max-image-preview:large, max-video-preview:-1\" \/>\n<link rel=\"canonical\" href=\"https:\/\/alj.com\/fr\/spotlight-by-fady-jameel\/countdown-for-carbon\/\" \/>\n<meta property=\"og:locale\" content=\"fr_FR\" \/>\n<meta property=\"og:type\" content=\"article\" \/>\n<meta property=\"og:title\" content=\"Compte \u00e0 rebours pour le carbone | Abdul Latif Jameel\u00ae\" \/>\n<meta property=\"og:description\" content=\"Apprenez comment r\u00e9duire ses \u00e9missions et son empreinte carbone pour passer \u00e0 une consommation nette de z\u00e9ro. Faites partie de la solution d\u00e8s maintenant.\" \/>\n<meta property=\"og:url\" content=\"https:\/\/alj.com\/fr\/spotlight-by-fady-jameel\/countdown-for-carbon\/\" \/>\n<meta property=\"og:site_name\" content=\"Abdul Latif Jameel\" \/>\n<meta property=\"article:publisher\" content=\"https:\/\/www.facebook.com\/Abdul.Latif.Jameel.Official\" \/>\n<meta property=\"article:modified_time\" content=\"2023-05-08T10:40:41+00:00\" \/>\n<meta property=\"og:image\" content=\"https:\/\/media.alj.com\/app\/uploads\/2023\/03\/ALJ-CarbonCredits880x440.jpg\" \/>\n\t<meta property=\"og:image:width\" content=\"887\" \/>\n\t<meta property=\"og:image:height\" content=\"440\" \/>\n\t<meta property=\"og:image:type\" content=\"image\/jpeg\" \/>\n<meta name=\"twitter:card\" content=\"summary_large_image\" \/>\n<meta name=\"twitter:label1\" content=\"Est. reading time\" \/>\n\t<meta name=\"twitter:data1\" content=\"18 minutes\" \/>\n<script type=\"application\/ld+json\" class=\"yoast-schema-graph\">{\"@context\":\"https:\/\/schema.org\",\"@graph\":[{\"@type\":\"WebPage\",\"@id\":\"https:\/\/alj.com\/fr\/spotlight-by-fady-jameel\/countdown-for-carbon\/\",\"url\":\"https:\/\/alj.com\/fr\/spotlight-by-fady-jameel\/countdown-for-carbon\/\",\"name\":\"Compte \u00e0 rebours pour le carbone | Abdul Latif Jameel\u00ae\",\"isPartOf\":{\"@id\":\"https:\/\/alj.com\/en\/#website\"},\"datePublished\":\"2023-03-01T06:09:02+00:00\",\"dateModified\":\"2023-05-08T10:40:41+00:00\",\"description\":\"Apprenez comment r\u00e9duire ses \u00e9missions et son empreinte carbone pour passer \u00e0 une consommation nette de z\u00e9ro. Faites partie de la solution d\u00e8s maintenant.\",\"breadcrumb\":{\"@id\":\"https:\/\/alj.com\/fr\/spotlight-by-fady-jameel\/countdown-for-carbon\/#breadcrumb\"},\"inLanguage\":\"fr-FR\",\"potentialAction\":[{\"@type\":\"ReadAction\",\"target\":[\"https:\/\/alj.com\/fr\/spotlight-by-fady-jameel\/countdown-for-carbon\/\"]}]},{\"@type\":\"BreadcrumbList\",\"@id\":\"https:\/\/alj.com\/fr\/spotlight-by-fady-jameel\/countdown-for-carbon\/#breadcrumb\",\"itemListElement\":[{\"@type\":\"ListItem\",\"position\":1,\"name\":\"Home\",\"item\":\"https:\/\/alj.com\/fr\/\"},{\"@type\":\"ListItem\",\"position\":2,\"name\":\"Spotlight By Fady Jameel\",\"item\":\"https:\/\/alj.com\/ja\/spotlight-by-fady-jameel\/\"},{\"@type\":\"ListItem\",\"position\":3,\"name\":\"Compte \u00e0 rebours pour le carbone\"}]},{\"@type\":\"WebSite\",\"@id\":\"https:\/\/alj.com\/en\/#website\",\"url\":\"https:\/\/alj.com\/en\/\",\"name\":\"Abdul Latif Jameel\",\"description\":\"Abdul Latif Jameel\",\"potentialAction\":[{\"@type\":\"SearchAction\",\"target\":{\"@type\":\"EntryPoint\",\"urlTemplate\":\"https:\/\/alj.com\/en\/?s={search_term_string}\"},\"query-input\":\"required name=search_term_string\"}],\"inLanguage\":\"fr-FR\"}]}<\/script>\n<!-- \/ Yoast SEO plugin. -->","yoast_head_json":{"title":"Compte \u00e0 rebours pour le carbone | Abdul Latif Jameel\u00ae","description":"Apprenez comment r\u00e9duire ses \u00e9missions et son empreinte carbone pour passer \u00e0 une consommation nette de z\u00e9ro. Faites partie de la solution d\u00e8s maintenant.","robots":{"index":"index","follow":"follow","max-snippet":"max-snippet:-1","max-image-preview":"max-image-preview:large","max-video-preview":"max-video-preview:-1"},"canonical":"https:\/\/alj.com\/fr\/spotlight-by-fady-jameel\/countdown-for-carbon\/","og_locale":"fr_FR","og_type":"article","og_title":"Compte \u00e0 rebours pour le carbone | Abdul Latif Jameel\u00ae","og_description":"Apprenez comment r\u00e9duire ses \u00e9missions et son empreinte carbone pour passer \u00e0 une consommation nette de z\u00e9ro. Faites partie de la solution d\u00e8s maintenant.","og_url":"https:\/\/alj.com\/fr\/spotlight-by-fady-jameel\/countdown-for-carbon\/","og_site_name":"Abdul Latif Jameel","article_publisher":"https:\/\/www.facebook.com\/Abdul.Latif.Jameel.Official","article_modified_time":"2023-05-08T10:40:41+00:00","og_image":[{"width":887,"height":440,"url":"https:\/\/media.alj.com\/app\/uploads\/2023\/03\/ALJ-CarbonCredits880x440.jpg","type":"image\/jpeg"}],"twitter_card":"summary_large_image","twitter_misc":{"Est. reading time":"18 minutes"},"schema":{"@context":"https:\/\/schema.org","@graph":[{"@type":"WebPage","@id":"https:\/\/alj.com\/fr\/spotlight-by-fady-jameel\/countdown-for-carbon\/","url":"https:\/\/alj.com\/fr\/spotlight-by-fady-jameel\/countdown-for-carbon\/","name":"Compte \u00e0 rebours pour le carbone | Abdul Latif Jameel\u00ae","isPartOf":{"@id":"https:\/\/alj.com\/en\/#website"},"datePublished":"2023-03-01T06:09:02+00:00","dateModified":"2023-05-08T10:40:41+00:00","description":"Apprenez comment r\u00e9duire ses \u00e9missions et son empreinte carbone pour passer \u00e0 une consommation nette de z\u00e9ro. Faites partie de la solution d\u00e8s maintenant.","breadcrumb":{"@id":"https:\/\/alj.com\/fr\/spotlight-by-fady-jameel\/countdown-for-carbon\/#breadcrumb"},"inLanguage":"fr-FR","potentialAction":[{"@type":"ReadAction","target":["https:\/\/alj.com\/fr\/spotlight-by-fady-jameel\/countdown-for-carbon\/"]}]},{"@type":"BreadcrumbList","@id":"https:\/\/alj.com\/fr\/spotlight-by-fady-jameel\/countdown-for-carbon\/#breadcrumb","itemListElement":[{"@type":"ListItem","position":1,"name":"Home","item":"https:\/\/alj.com\/fr\/"},{"@type":"ListItem","position":2,"name":"Spotlight By Fady Jameel","item":"https:\/\/alj.com\/ja\/spotlight-by-fady-jameel\/"},{"@type":"ListItem","position":3,"name":"Compte \u00e0 rebours pour le carbone"}]},{"@type":"WebSite","@id":"https:\/\/alj.com\/en\/#website","url":"https:\/\/alj.com\/en\/","name":"Abdul Latif Jameel","description":"Abdul Latif Jameel","potentialAction":[{"@type":"SearchAction","target":{"@type":"EntryPoint","urlTemplate":"https:\/\/alj.com\/en\/?s={search_term_string}"},"query-input":"required name=search_term_string"}],"inLanguage":"fr-FR"}]}},"post-meta-fields":{"push_notification":["no"],"_push_notification":["field_5c3b1fb67034d"],"_wpml_word_count":["{\"total\":2897,\"to_translate\":{\"ar\":2897,\"zh-hans\":2897,\"fr\":2897,\"ja\":2897,\"es\":2897,\"tr\":2897}}"],"_wpml_media_featured":["1"],"_wpml_media_duplicate":["1"],"perspective_short_title":["Compte \u00e0 rebours pour le carbone"],"perspective_summury":["<p>Les cr\u00e9dits-carbone sont une solution pragmatique \u00e0 mi-parcours, un moyen de gagner du temps pour permettre aux entreprises de r\u00e9soudre certaines des difficult\u00e9s que soul\u00e8ve l\u2019objectif \u00ab\u00a0z\u00e9ro \u00e9mission\u00a0\u00bb.<\/p>\n"],"perspective_location":["Dubai, EAU"],"perspective_author_name":["<p><span style=\"color: #000000;\"><a href=\"https:\/\/www.alj.com\/fr\/our-people\/fady-jameel\/\">Fady Jameel<\/a><\/span><\/p>\n<p>Pr\u00e9sident d\u00e9l\u00e9gu\u00e9 et vice-pr\u00e9sident,\u00a0Abdul Latif Jameel International<\/p>\n"],"perspective_author_bio":["<p><a href=\"https:\/\/www.alj.com\/fr\/our-people\/fady-jameel\/\">Fady <\/a> Jameel est pr\u00e9sident d\u00e9l\u00e9gu\u00e9 et vice-pr\u00e9sident, International\u00a0Abdul Latif Jameel, un collectif international d\u2019entreprises ind\u00e9pendantes, familiales et diversifi\u00e9es, fond\u00e9 en 1945 par son grand-p\u00e8re, le d\u00e9funt Abdul Latif Jameel.<\/p>\n"],"wpcf-featured-news":["0"],"is_latest_news":["0"],"wpcf-show-news-at-homepage":["1"],"publish_mobile":[""],"_publish_mobile":["field_5bfa8eb2e65cf"],"mobile_featured_image":["https:\/\/media.alj.com\/app\/uploads\/2023\/03\/ALJ-CarbonCredits760x360.jpg"],"_mobile_featured_image":["field_5c3b204983dea"],"content_series_applied":[""],"_content_series_applied":["field_60f3d3faf82ac"],"featured_on_listing_page":["0"],"_featured_on_listing_page":["field_62458ea7383c3"],"is_podcast":["0"],"_is_podcast":["field_5ee1dff933e7f"],"wpcf-perspective-downloadable_file":[""],"wpcf-perspective-published-date":["1677628800"],"wpcf-video-description":[""],"wpcf-layoutvideourl":[""],"wpcf-video-thumb":[""],"wpcf-social4-svg":[""],"wpcf-social4-background-image":[""],"wpcf-social4-text":[""],"wpcf-social4-url":[""],"wpcf-social3-svg":[""],"wpcf-social3-background-image":[""],"wpcf-social3-text":[""],"wpcf-social3-url":[""],"wpcf-social-text-svg-square":[""],"wpcf-social-text-image-square":[""],"wpcf-social-text-text-square":[""],"wpcf-social-text-url-square":[""],"wpcf-social2-svg":[""],"wpcf-social2-background-image":[""],"wpcf-social2-text":[""],"wpcf-social2-url":[""],"wpcf-social-svg-square":[""],"wpcf-social-image-square":[""],"wpcf-social-text-square":[""],"wpcf-social-url-square":[""],"wpcf-social1-svg":[""],"wpcf-social1-background-image":[""],"wpcf-social1-text":[""],"wpcf-social1-url":[""],"wpcf-quotes-with-auther-text-1":[""],"wpcf-card_article_with_title_content":[""],"wpcf-card_article_content":["<p>write your content<\/p>"],"wpcf-quotes-with-auther-text":[""],"_bsf_post_type":["0"],"_bsf_item_review_type":["none"],"_yoast_wpseo_title":["Compte \u00e0 rebours pour le carbone | Abdul Latif Jameel\u00ae"],"_yoast_wpseo_metadesc":["Apprenez comment r\u00e9duire ses \u00e9missions et son empreinte carbone pour passer \u00e0 une consommation nette de z\u00e9ro. Faites partie de la solution d\u00e8s maintenant."],"_yoast_wpseo_content_score":["30"],"_yoast_wpseo_estimated-reading-time-minutes":[""],"_yoast_wpseo_wordproof_timestamp":[""],"_thumbnail_id":["106416"],"_edit_lock":["1683542309:25"],"_edit_last":["25"],"wpcf-projecttitle":[""],"wpcf-projectdescription":[""],"wpcf-projectimage-video1":["image"],"wpcf-projectimage-1":[""],"wpcf-projectvideo-1":[""],"wpcf-projectdescription-1":[""],"wpcf-projectimage-video2":["image"],"wpcf-projectimage-2":[""],"wpcf-projectvideo-2":[""],"wpcf-projectdescription-2":[""],"wpcf-projectimage-video3":["image"],"wpcf-projectimage-3":[""],"wpcf-projectvideo-3":[""],"wpcf-projectdescription-3":[""],"wpcf-projectimage-video4":["image"],"wpcf-projectimage-4":[""],"wpcf-projectvideo-4":[""],"wpcf-projectdescription-4":[""],"_last_translation_edit_mode":["native-editor"],"perspective_business_sector":["Services \u00c9nerg\u00e9tiques et Environnementaux"],"perspective_author_image":["96331"],"wpcf-card-image":[""],"_wpcf-card-image-sort-order":["a:1:{i:0;i:1481824;}"],"amazonS3_cache":["a:30:{s:64:\"\/\/alj.com\/app\/uploads\/2023\/03\/1824-ALJ-Carbon-Credits-scaled.jpg\";a:2:{s:2:\"id\";i:106381;s:11:\"source_type\";s:13:\"media-library\";}s:70:\"\/\/media.alj.com\/app\/uploads\/2023\/03\/1824-ALJ-Carbon-Credits-scaled.jpg\";a:2:{s:2:\"id\";i:106381;s:11:\"source_type\";s:13:\"media-library\";}s:68:\"\/\/alj.com\/app\/uploads\/2022\/11\/Abdul-Latif-Jameel-VCM-PIF-signing.jpg\";a:2:{s:2:\"id\";i:103758;s:11:\"source_type\";s:13:\"media-library\";}s:74:\"\/\/media.alj.com\/app\/uploads\/2022\/11\/Abdul-Latif-Jameel-VCM-PIF-signing.jpg\";a:2:{s:2:\"id\";i:103758;s:11:\"source_type\";s:13:\"media-library\";}s:58:\"\/\/alj.com\/app\/uploads\/2023\/03\/1824-ALJ-Carbon-Credits2.jpg\";a:2:{s:2:\"id\";i:106388;s:11:\"source_type\";s:13:\"media-library\";}s:64:\"\/\/media.alj.com\/app\/uploads\/2023\/03\/1824-ALJ-Carbon-Credits2.jpg\";a:2:{s:2:\"id\";i:106388;s:11:\"source_type\";s:13:\"media-library\";}s:57:\"\/\/alj.com\/app\/uploads\/2023\/03\/Paris-Climate-Agreement.jpg\";a:2:{s:2:\"id\";i:106437;s:11:\"source_type\";s:13:\"media-library\";}s:65:\"\/\/alj.com\/app\/uploads\/2023\/03\/Paris-Climate-Agreement-300x136.jpg\";a:2:{s:2:\"id\";i:106437;s:11:\"source_type\";s:13:\"media-library\";}s:63:\"\/\/media.alj.com\/app\/uploads\/2023\/03\/Paris-Climate-Agreement.jpg\";a:2:{s:2:\"id\";i:106437;s:11:\"source_type\";s:13:\"media-library\";}s:71:\"\/\/media.alj.com\/app\/uploads\/2023\/03\/Paris-Climate-Agreement-300x136.jpg\";a:2:{s:2:\"id\";i:106437;s:11:\"source_type\";s:13:\"media-library\";}s:54:\"\/\/alj.com\/app\/uploads\/2023\/03\/Yazeed-Al-Humied-PIF.jpg\";a:2:{s:2:\"id\";i:106465;s:11:\"source_type\";s:13:\"media-library\";}s:60:\"\/\/media.alj.com\/app\/uploads\/2023\/03\/Yazeed-Al-Humied-PIF.jpg\";a:2:{s:2:\"id\";i:106465;s:11:\"source_type\";s:13:\"media-library\";}s:65:\"\/\/alj.com\/app\/uploads\/2023\/03\/1824-ALJ-Carbon-Credits3-scaled.jpg\";a:2:{s:2:\"id\";i:106395;s:11:\"source_type\";s:13:\"media-library\";}s:71:\"\/\/media.alj.com\/app\/uploads\/2023\/03\/1824-ALJ-Carbon-Credits3-scaled.jpg\";a:2:{s:2:\"id\";i:106395;s:11:\"source_type\";s:13:\"media-library\";}s:55:\"\/\/alj.com\/app\/uploads\/2023\/03\/UN-Framework-CCC-logo.jpg\";a:2:{s:2:\"id\";i:106444;s:11:\"source_type\";s:13:\"media-library\";}s:61:\"\/\/media.alj.com\/app\/uploads\/2023\/03\/UN-Framework-CCC-logo.jpg\";a:2:{s:2:\"id\";i:106444;s:11:\"source_type\";s:13:\"media-library\";}s:58:\"\/\/alj.com\/app\/uploads\/2023\/03\/Verified-Carbon-Standard.jpg\";a:2:{s:2:\"id\";i:106458;s:11:\"source_type\";s:13:\"media-library\";}s:66:\"\/\/alj.com\/app\/uploads\/2023\/03\/Verified-Carbon-Standard-300x100.jpg\";a:2:{s:2:\"id\";i:106458;s:11:\"source_type\";s:13:\"media-library\";}s:64:\"\/\/media.alj.com\/app\/uploads\/2023\/03\/Verified-Carbon-Standard.jpg\";a:2:{s:2:\"id\";i:106458;s:11:\"source_type\";s:13:\"media-library\";}s:72:\"\/\/media.alj.com\/app\/uploads\/2023\/03\/Verified-Carbon-Standard-300x100.jpg\";a:2:{s:2:\"id\";i:106458;s:11:\"source_type\";s:13:\"media-library\";}s:45:\"\/\/alj.com\/app\/uploads\/2023\/03\/CORSIA-logo.jpg\";a:2:{s:2:\"id\";i:106430;s:11:\"source_type\";s:13:\"media-library\";}s:53:\"\/\/alj.com\/app\/uploads\/2023\/03\/CORSIA-logo-300x140.jpg\";a:2:{s:2:\"id\";i:106430;s:11:\"source_type\";s:13:\"media-library\";}s:51:\"\/\/media.alj.com\/app\/uploads\/2023\/03\/CORSIA-logo.jpg\";a:2:{s:2:\"id\";i:106430;s:11:\"source_type\";s:13:\"media-library\";}s:59:\"\/\/media.alj.com\/app\/uploads\/2023\/03\/CORSIA-logo-300x140.jpg\";a:2:{s:2:\"id\";i:106430;s:11:\"source_type\";s:13:\"media-library\";}s:68:\"\/\/alj.com\/app\/uploads\/2022\/09\/Metz-Solar-Farm-Aerial-view-scaled.jpg\";a:2:{s:2:\"id\";i:102053;s:11:\"source_type\";s:13:\"media-library\";}s:74:\"\/\/media.alj.com\/app\/uploads\/2022\/09\/Metz-Solar-Farm-Aerial-view-scaled.jpg\";a:2:{s:2:\"id\";i:102053;s:11:\"source_type\";s:13:\"media-library\";}s:41:\"\/\/alj.com\/app\/uploads\/2023\/03\/UN-SDGs.jpg\";a:2:{s:2:\"id\";i:106451;s:11:\"source_type\";s:13:\"media-library\";}s:47:\"\/\/media.alj.com\/app\/uploads\/2023\/03\/UN-SDGs.jpg\";a:2:{s:2:\"id\";i:106451;s:11:\"source_type\";s:13:\"media-library\";}s:65:\"\/\/alj.com\/app\/uploads\/2023\/03\/1824-ALJ-Carbon-Credits4-scaled.jpg\";a:2:{s:2:\"id\";i:106402;s:11:\"source_type\";s:13:\"media-library\";}s:71:\"\/\/media.alj.com\/app\/uploads\/2023\/03\/1824-ALJ-Carbon-Credits4-scaled.jpg\";a:2:{s:2:\"id\";i:106402;s:11:\"source_type\";s:13:\"media-library\";}}"]},"_links":{"self":[{"href":"https:\/\/alj.com\/fr\/wp-json\/wp\/v2\/spotlight-fadyjameel\/106562"}],"collection":[{"href":"https:\/\/alj.com\/fr\/wp-json\/wp\/v2\/spotlight-fadyjameel"}],"about":[{"href":"https:\/\/alj.com\/fr\/wp-json\/wp\/v2\/types\/spotlight-fadyjameel"}],"wp:featuredmedia":[{"embeddable":true,"href":"https:\/\/alj.com\/fr\/wp-json\/wp\/v2\/media\/106416"}],"wp:attachment":[{"href":"https:\/\/alj.com\/fr\/wp-json\/wp\/v2\/media?parent=106562"}],"wp:term":[{"taxonomy":"post_tag","embeddable":true,"href":"https:\/\/alj.com\/fr\/wp-json\/wp\/v2\/tags?post=106562"}],"curies":[{"name":"wp","href":"https:\/\/api.w.org\/{rel}","templated":true}]}}