{"id":106997,"date":"2023-03-21T04:55:35","date_gmt":"2023-03-21T04:55:35","guid":{"rendered":"https:\/\/alj.com\/?post_type=spotlight-fadyjameel&#038;p=106997"},"modified":"2023-05-08T10:41:28","modified_gmt":"2023-05-08T10:41:28","slug":"prendre-position-sur-la-pollution-sonore","status":"publish","type":"spotlight-fadyjameel","link":"https:\/\/alj.com\/fr\/spotlight-by-fady-jameel\/prendre-position-sur-la-pollution-sonore\/","title":{"rendered":"Prendre position sur la pollution sonore"},"content":{"rendered":"<p>Chaque fois que je lis un journal ou que je consulte un site Web traitant les actualit\u00e9s, cela saute aux yeux\u00a0: le monde moderne est confront\u00e9 \u00e0 un certain nombre de menaces existentielles qui, si elles ne sont pas ma\u00eetris\u00e9es, risquent de provoquer le d\u00e9clin de notre civilisation et attirent donc, \u00e0 juste titre, l\u2019attention des m\u00e9dias.<\/p>\n<p>Pourtant, limiter notre attention \u00e0 ces p\u00e9rils majeurs revient \u00e0 ignorer la myriade d\u2019autres probl\u00e8mes qui mettent en p\u00e9ril notre qualit\u00e9 de vie en cette \u00e8re postindustrielle, bien que, peut-\u00eatre, de mani\u00e8re moins spectaculaire.<\/p>\n<p>Prenez la pollution sonore. Parmi les nombreux types de \u00ab\u00a0pollutions\u00a0\u00bb qui frappent notre plan\u00e8te, la pollution sonore peut sembler, au premier abord, un inconv\u00e9nient mineur par rapport \u00e0 <a href=\"https:\/\/alj.com\/en\/spotlight-by-fady-jameel\/what-can-we-do-to-continue-our-progress-to-decarbonization\/\">l\u2019augmentation des niveaux de CO<sub>2<\/sub><\/a>, aux <a href=\"https:\/\/alj.com\/en\/spotlight-by-fady-jameel\/finding-a-solution-to-plastic-pollution\/\">d\u00e9chets plastiques<\/a> ou aux <a href=\"https:\/\/alj.com\/en\/spotlight-by-fady-jameel\/past-the-salt-the-future-of-water-desalination\/\">difficult\u00e9s des syst\u00e8mes d\u2019approvisionnement en eau<\/a>. Mais consid\u00e9rer la pollution sonore comme \u00e9tant peu importante revient \u00e0 ignorer un ensemble de donn\u00e9es alarmantes.<\/p>\n<p>Vous pensez que personne n\u2019est mort \u00e0 cause de la pollution sonore\u00a0? Ce serait une m\u00e9prise tragique. En Europe seulement, l\u2019exposition \u00e0 long terme au bruit ambiant serait \u00e0 l\u2019origine de 12\u00a0000\u00a0d\u00e9c\u00e8s pr\u00e9matur\u00e9s par an et contribuerait \u00e0 la survenue de 48\u00a0000\u00a0nouveaux cas de cardiopathies isch\u00e9miques (obstruction art\u00e9rielle) par an.<a href=\"#_ftn1\" name=\"_ftnref1\">[1]<\/a><\/p>\n<p>Il s\u2019agit clairement d\u2019un danger pour la sant\u00e9 publique qui m\u00e9rite une enqu\u00eate plus approfondie. La premi\u00e8re \u00e9tape de ce parcours consiste \u00e0 d\u00e9finir exactement ce qu\u2019est la pollution sonore.<\/p>\n<p>Ce n\u2019est qu\u2019ensuite que nous pourrons \u00e9laborer une strat\u00e9gie pour limiter cet ennemi souvent n\u00e9glig\u00e9.<\/p>\n<h2>Un mauvais son, au mauvais endroit, au mauvais moment<\/h2>\n<p>D\u2019un point de vue psychologique, le bruit existe uniquement en tant qu\u2019exp\u00e9rience subjective.<\/p>\n<p><img decoding=\"async\" loading=\"lazy\" class=\"alignleft size-medium wp-image-106972\" src=\"https:\/\/media.alj.com\/app\/uploads\/2023\/03\/UNEP-Frontiers-2022-Report-221x300.png\" alt=\"\" width=\"221\" height=\"300\" srcset=\"https:\/\/media.alj.com\/app\/uploads\/2023\/03\/UNEP-Frontiers-2022-Report-221x300.png 221w, https:\/\/media.alj.com\/app\/uploads\/2023\/03\/UNEP-Frontiers-2022-Report-111x150.png 111w, https:\/\/media.alj.com\/app\/uploads\/2023\/03\/UNEP-Frontiers-2022-Report.png 459w\" sizes=\"(max-width: 221px) 100vw, 221px\" \/>Comme le note le Programme des Nations Unies pour l\u2019environnement (<a href=\"https:\/\/www.unep.org\/\">PNUE<\/a>) dans son rapport <a href=\"https:\/\/wedocs.unep.org\/bitstream\/handle\/20.500.11822\/38060\/Frontiers_2022CH1.pdf\">Fronti\u00e8res\u00a02022<\/a> sur les probl\u00e8mes et les solutions environnementales\u00a0: \u00ab\u00a0Lorsque les sons ne sont pas d\u00e9sir\u00e9s, ils deviennent <em>du bruit<\/em>. Lorsque les bruits sont trop forts et persistent trop longtemps, on parle alors de <em>pollution sonore<\/em>.\u00a0\u00bb<a href=\"#_ftn2\" name=\"_ftnref2\">[2]<\/a><\/p>\n<p>Mais d\u2019abord, mettons de c\u00f4t\u00e9 le mythe selon lequel le \u00ab\u00a0silence\u00a0\u00bb est une sorte de panac\u00e9e magique.<\/p>\n<p>Le silence est, apr\u00e8s tout, un v\u00e9ritable mythe.<\/p>\n<p>Les neuroscientifiques ont d\u00e9montr\u00e9 que m\u00eame dans des environnements sans bruit ext\u00e9rieur, le cerveau humain est suffisamment sensible pour d\u00e9tecter le son des mol\u00e9cules d\u2019air qui vibrent \u00e0 l\u2019int\u00e9rieur des conduits auditifs, ou le bruissement des liquides dans les oreilles elles-m\u00eames.<a href=\"#_ftn3\" name=\"_ftnref3\">[3]<\/a> La seule raison pour laquelle nous ne sommes pas continuellement distraits par le bruit sourd de nos propres battements cardiaques est que le cortex insulaire filtre les sensations entre le c\u0153ur et le cerveau \u2013\u00a0ce qui maintient la distinction critique entre les stimuli internes et externes.<a href=\"#_ftn4\" name=\"_ftnref4\">[4]<\/a><\/p>\n<p>Sans la moindre action consciente de notre part, la plupart des bruits de fond distrayants de notre vie quotidienne sont filtr\u00e9s, nous laissant libres de nous concentrer sur les \u00e9v\u00e9nements \u2013\u00a0ou les sons\u00a0\u2013 qui requi\u00e8rent notre r\u00e9elle attention.<\/p>\n<p>La pollution sonore moderne perturbe ces filtres c\u00e9r\u00e9braux mill\u00e9naires. Pensez la pollution sonore comme un mauvais son, au mauvais moment, au mauvais endroit ou au mauvais volume. Et elle est partout.<\/p>\n<p>Les voitures vrombissent sur la route. Les avions bourdonnent dans le ciel. Les trains filent \u00e0 toute allure sur les rails. Les machines lourdes claquent et s\u2019entrechoquent dans les usines, sur les chantiers et aux intersections. Le son s\u2019\u00e9chappe jour et nuit des stades et des ar\u00e8nes. Et n\u2019oublions pas les bruits constants des t\u00e9l\u00e9phones des personnes qui vous entourent\u00a0: tapotements, bips, sonneries et autres bruits parasites\u00a0!<\/p>\n<p>&nbsp;<\/p>\n<p><img decoding=\"async\" loading=\"lazy\" class=\"aligncenter size-full wp-image-107017\" src=\"https:\/\/media.alj.com\/app\/uploads\/2023\/03\/ALJ-Noise-pollution-3-1.jpg\" alt=\"\" width=\"1815\" height=\"1469\" srcset=\"https:\/\/media.alj.com\/app\/uploads\/2023\/03\/ALJ-Noise-pollution-3-1.jpg 1815w, https:\/\/media.alj.com\/app\/uploads\/2023\/03\/ALJ-Noise-pollution-3-1-300x243.jpg 300w, https:\/\/media.alj.com\/app\/uploads\/2023\/03\/ALJ-Noise-pollution-3-1-1024x829.jpg 1024w, https:\/\/media.alj.com\/app\/uploads\/2023\/03\/ALJ-Noise-pollution-3-1-150x121.jpg 150w, https:\/\/media.alj.com\/app\/uploads\/2023\/03\/ALJ-Noise-pollution-3-1-768x622.jpg 768w, https:\/\/media.alj.com\/app\/uploads\/2023\/03\/ALJ-Noise-pollution-3-1-1536x1243.jpg 1536w\" sizes=\"(max-width: 1815px) 100vw, 1815px\" \/><\/p>\n<p>Au milieu de ce maelstr\u00f6m d\u2019ondes sonores concurrentes, nous vivons, travaillons, r\u00e9fl\u00e9chissons et, si nous avons de la chance\u2026 dormons.<\/p>\n<p>Bien que ce dernier point peut d\u00e9pendre de l\u2019endroit o\u00f9 nous nous trouvons.<\/p>\n<h2>Les endroits les plus bruyants sur Terre<\/h2>\n<p>Plus de la moiti\u00e9 de la population mondiale vit dans les villes. Une tendance qui devrait se poursuivre, la population urbaine devant plus que doubler d\u2019ici\u00a02050.<a href=\"#_ftn5\" name=\"_ftnref5\">[5]<\/a> Or, une ville est un v\u00e9ritable carrefour de bruits. L\u2019Organisation mondiale de la Sant\u00e9\u00a0(OMS) recommande de limiter l\u2019exposition au bruit du trafic routier \u00e0 53\u00a0dB maximum sur une journ\u00e9e.<a href=\"#_ftn6\" name=\"_ftnref6\">[6]<\/a> Mais les statistiques r\u00e9elles du bruit de la circulation d\u00e9passent clairement ce niveau recommand\u00e9.<\/p>\n<p>En Asie, Dacca, capitale du Bangladesh, enregistre des niveaux de bruit du trafic routier allant jusqu\u2019\u00e0 119\u00a0dB. Moradabad, en Inde, atteint 114\u00a0dB. Islamabad, au Pakistan, enregistre 105\u00a0dB. Certaines parties de H\u00f4-Chi-Minh-Ville, au Vietnam, peuvent grimper jusqu\u2019\u00e0 103\u00a0dB.<\/p>\n<p>En Afrique, Ibadan, au Nigeria, enregistre 101\u00a0dB, et Alger, en Alg\u00e9rie, n\u2019est pas loin derri\u00e8re avec 100\u00a0dB.<\/p>\n<p>Les villes occidentales, sans atteindre ces sommets cacophoniques, connaissent tout de m\u00eame des volumes de trafic routier bien sup\u00e9rieurs aux niveaux recommand\u00e9s.<\/p>\n<p>New York, aux \u00c9tats-Unis, atteint 95\u00a0dB\u00a0; Puerto Vallarta, au Mexique, 85\u00a0dB\u00a0; et Bogot\u00e1, en Colombie, 83\u00a0dB. De l\u2019autre c\u00f4t\u00e9 de l\u2019Atlantique, Londres, au Royaume-Uni, enregistre 86\u00a0dB\u00a0; Tokat, en Turquie, 82\u00a0dB et Paris, en France, 89\u00a0dB.<\/p>\n<p><img decoding=\"async\" loading=\"lazy\" class=\"aligncenter size-full wp-image-106979\" src=\"https:\/\/media.alj.com\/app\/uploads\/2023\/03\/ALJ-Noise-pollution-2-1-scaled.jpg\" alt=\"\" width=\"2560\" height=\"969\" srcset=\"https:\/\/media.alj.com\/app\/uploads\/2023\/03\/ALJ-Noise-pollution-2-1-scaled.jpg 2560w, https:\/\/media.alj.com\/app\/uploads\/2023\/03\/ALJ-Noise-pollution-2-1-300x114.jpg 300w, https:\/\/media.alj.com\/app\/uploads\/2023\/03\/ALJ-Noise-pollution-2-1-1024x388.jpg 1024w, https:\/\/media.alj.com\/app\/uploads\/2023\/03\/ALJ-Noise-pollution-2-1-150x57.jpg 150w, https:\/\/media.alj.com\/app\/uploads\/2023\/03\/ALJ-Noise-pollution-2-1-768x291.jpg 768w, https:\/\/media.alj.com\/app\/uploads\/2023\/03\/ALJ-Noise-pollution-2-1-1536x582.jpg 1536w, https:\/\/media.alj.com\/app\/uploads\/2023\/03\/ALJ-Noise-pollution-2-1-2048x776.jpg 2048w\" sizes=\"(max-width: 2560px) 100vw, 2560px\" \/><\/p>\n<p><img decoding=\"async\" loading=\"lazy\" class=\"alignright  wp-image-106988\" src=\"https:\/\/media.alj.com\/app\/uploads\/2023\/03\/ALJ-Noise-pollution-4-1-407x1024.jpg\" alt=\"\" width=\"338\" height=\"850\" srcset=\"https:\/\/media.alj.com\/app\/uploads\/2023\/03\/ALJ-Noise-pollution-4-1-407x1024.jpg 407w, https:\/\/media.alj.com\/app\/uploads\/2023\/03\/ALJ-Noise-pollution-4-1-119x300.jpg 119w, https:\/\/media.alj.com\/app\/uploads\/2023\/03\/ALJ-Noise-pollution-4-1-60x150.jpg 60w, https:\/\/media.alj.com\/app\/uploads\/2023\/03\/ALJ-Noise-pollution-4-1-768x1931.jpg 768w, https:\/\/media.alj.com\/app\/uploads\/2023\/03\/ALJ-Noise-pollution-4-1-611x1536.jpg 611w, https:\/\/media.alj.com\/app\/uploads\/2023\/03\/ALJ-Noise-pollution-4-1-815x2048.jpg 815w, https:\/\/media.alj.com\/app\/uploads\/2023\/03\/ALJ-Noise-pollution-4-1.jpg 943w\" sizes=\"(max-width: 338px) 100vw, 338px\" \/>L\u2019une des principales manifestations de la pollution sonore extr\u00eame est l\u2019augmentation des cas de perte auditive.<\/p>\n<p>Sur les quelque quatre millions de personnes atteintes de perte auditive aux \u00c9tats-Unis, environ 25\u00a0% des cas sont consid\u00e9r\u00e9s comme \u00ab\u00a0caus\u00e9s par le bruit\u00a0\u00bb.<a href=\"#_ftn7\" name=\"_ftnref7\">[7]<\/a> Cela n\u2019est peut-\u00eatre pas surprenant, \u00e9tant donn\u00e9 qu\u2019environ 30\u00a0millions d\u2019\u00c9tats-uniens sont expos\u00e9s chaque jour sur leur lieu de travail \u00e0 des niveaux de d\u00e9cibels dangereux.<a href=\"#_ftn8\" name=\"_ftnref8\">[8]<\/a><\/p>\n<p>Une \u00e9tude r\u00e9cente a r\u00e9v\u00e9l\u00e9 que les personnes vivant en ville ont un \u00e2ge auditif de 10\u00a0\u00e0 20\u00a0ans plus vieux que leur \u00e2ge r\u00e9el \u2013\u00a0ce qui t\u00e9moigne du lien tangible entre le bruit urbain et les dommages subis par le syst\u00e8me auditif humain.<a href=\"#_ftn9\" name=\"_ftnref9\">[9]<\/a><\/p>\n<p>Bien s\u00fbr, ce n\u2019est pas seulement le syst\u00e8me auditif qui souffre de l\u2019impact d\u2019un bruit excessif. La pollution sonore affecte l\u2019ensemble du corps et, au-del\u00e0, l\u2019esprit, souvent avec des cons\u00e9quences d\u00e9vastatrices.<\/p>\n<h2>Le bruit a des cons\u00e9quences sur le corps et le cerveau<\/h2>\n<p>Il a \u00e9t\u00e9 d\u00e9montr\u00e9 que l\u2019exposition continue \u00e0 la pollution sonore provoque une s\u00e9rie de sympt\u00f4mes, allant de l\u2019agitation et des troubles du sommeil, jusqu\u2019aux maladies cardiovasculaires et m\u00e9taboliques, et m\u00eame aux troubles cognitifs.<a href=\"#_ftn10\" name=\"_ftnref10\">[10]<\/a><\/p>\n<p>Deux \u00e9tudes de cas relay\u00e9es par l\u2019ONU d\u00e9montrent comment les perturbations psychologiques li\u00e9es au bruit peuvent se traduire par des affections physiques graves.<a href=\"#_ftn11\" name=\"_ftnref11\">[11]<\/a> Dans l\u2019une d\u2019elles, une synth\u00e8se des donn\u00e9es sur le bruit et des donn\u00e9es m\u00e9dicales en Cor\u00e9e du Sud a permis de constater que les cas de maladies cardiovasculaires et c\u00e9r\u00e9brovasculaires ont augment\u00e9 de 0,17\u00a0%\u00a0\u00e0 0,66\u00a0%\u00a0pour chaque augmentation du bruit de 1\u00a0dB pendant la journ\u00e9e. Dans un autre cas, les r\u00e9sidents de Toronto, au Canada, expos\u00e9s \u00e0 des bruits de trafic routier \u00e9lev\u00e9s pr\u00e9sentaient une plus forte incidence de crises cardiaques et d\u2019insuffisance cardiaque. Les risques de diab\u00e8te et d\u2019hypertension augmentaient \u00e9galement.<\/p>\n<p>La pollution sonore nocturne est particuli\u00e8rement pernicieuse. Des habitudes de sommeil perturb\u00e9es nuisent \u00e0 la r\u00e9gulation hormonale et au fonctionnement cardiovasculaire de l\u2019organisme, provoquant des r\u00e9actions de stress tant physiologiques que psychologiques.<\/p>\n<p>Le bruit nocturne est la principale raison pour laquelle, selon certaines estimations, 22\u00a0millions de personnes en Europe souffrent de troubles chroniques li\u00e9s au bruit, et 6,5\u00a0millions souffrent de troubles du sommeil. Dans toute l\u2019UE, environ une personne sur cinq est r\u00e9guli\u00e8rement expos\u00e9e \u00e0 des niveaux de bruit jug\u00e9s nocifs pour la sant\u00e9.<a href=\"#_ftn12\" name=\"_ftnref12\"><sup>[12]<\/sup><\/a><\/p>\n<p>L\u2019exc\u00e8s de bruit cible l\u2019esprit et le corps. Des chercheurs du Centre national am\u00e9ricain pour les informations biotechnologiques (National Centre for Biotechnology Information, <a href=\"https:\/\/www.ncbi.nlm.nih.gov\/\">BCBI<\/a>) ont mis en \u00e9vidence une forte corr\u00e9lation entre la pollution sonore et la d\u00e9pression. Ils ont d\u00e9couvert que la \u00ab\u00a0forte nuisance sonore\u00a0\u00bb \u00e9tait associ\u00e9e \u00e0 une multiplication par deux de la d\u00e9pression et de l\u2019anxi\u00e9t\u00e9 dans la population g\u00e9n\u00e9rale.<a href=\"#_ftn13\" name=\"_ftnref13\">[13]<\/a><\/p>\n<p>Les tr\u00e8s jeunes enfants et les personnes \u00e2g\u00e9es sont deux groupes particuli\u00e8rement \u00e0 risque. Il en va de m\u00eame pour les personnes en situation de pauvret\u00e9, ces familles \u00e9tant souvent oblig\u00e9es de vivre \u00e0 proximit\u00e9 de lieux g\u00e9n\u00e9ralement plus bruyants, comme les zones industrielles, les routes tr\u00e8s fr\u00e9quent\u00e9es ou les d\u00e9charges.<a href=\"#_ftn14\" name=\"_ftnref14\">[14]<\/a><\/p>\n<p>La grossesse augmente \u00e9galement la vuln\u00e9rabilit\u00e9. Une \u00e9tude de\u00a02018 a r\u00e9v\u00e9l\u00e9 que les femmes enceintes expos\u00e9es \u00e0 des niveaux plus \u00e9lev\u00e9s de pollution sonore \u00e9taient plus susceptibles de d\u00e9velopper une pr\u00e9\u00e9clampsie, une affection dangereuse provoquant une hypertension art\u00e9rielle.<a href=\"#_ftn15\" name=\"_ftnref15\">[15]<\/a><\/p>\n<p>Les r\u00e9percussions de la pollution sonore se font sentir jusque chez les plus jeunes. On estime que quelque 12\u00a0500\u00a0\u00e9coliers en Europe souffrent de troubles de la lecture sp\u00e9cifiquement dus au bruit des avions.<a href=\"#_ftn16\" name=\"_ftnref16\">[16]<\/a> Il a m\u00eame \u00e9t\u00e9 d\u00e9montr\u00e9 que les enfants vivant \u00e0 proximit\u00e9 des a\u00e9roports pr\u00e9sentaient des signes de perte de la m\u00e9moire \u00e0 long terme.<a href=\"#_ftn17\" name=\"_ftnref17\">[17]<\/a><\/p>\n<p>La vie humaine n\u2019est pas la seule \u00e0 souffrir \u2013\u00a0les esp\u00e8ces avec lesquelles nous cohabitons souffrent \u00e9galement.<\/p>\n<p>La pollution sonore anthropique se produit souvent \u00e0 des fr\u00e9quences sous-4kHz, chevauchant les fr\u00e9quences utilis\u00e9es pour la communication et la recherche de nourriture des animaux.<a href=\"#_ftn18\" name=\"_ftnref18\">[18]<\/a> Les chauves-souris, par exemple, utilisent l\u2019\u00e9cholocalisation pour chasser leurs proies, mais le bruit de fond les oblige \u00e0 parcourir de plus longues distances pour trouver leur nourriture.<\/p>\n<p>Les animaux utilisent les sons pour toute une s\u00e9rie d\u2019autres t\u00e2ches essentielles, comme attirer un partenaire, prot\u00e9ger un territoire ou signaler un danger. Priv\u00e9s de ces capacit\u00e9s fondamentales, tous les animaux, depuis les oiseaux dans le ciel jusqu\u2019aux insectes et amphibiens vivant le long des autoroutes, risquent de mourir pr\u00e9matur\u00e9ment et d\u2019avoir moins de chances de se reproduire.<\/p>\n<p>Vivre sous la mer n\u2019est pas une protection. La confusion des bruits provenant des moteurs de bateaux, des capteurs sonars et des \u00e9quipements d\u2019<a href=\"https:\/\/alj.com\/en\/spotlight-by-fady-jameel\/underwater-mineral-mining-a-deepening-dilemma\/\">exploitation mini\u00e8re en eaux profondes<\/a> entrave la capacit\u00e9 de la vie marine \u00e0 naviguer et \u00e0 communiquer. Les grands porte-conteneurs peuvent \u00e9mettre un bruit de 190\u00a0d\u00e9cibels, r\u00e9duisant jusqu\u2019\u00e0 95\u00a0% la port\u00e9e de l\u2019\u00e9cholocalisation \u00e0 proximit\u00e9. Dans les eaux du Pacifique Nord au large de la c\u00f4te canadienne, la population d\u2019orques est en chute libre et le nombre de saumons a chut\u00e9 de 60\u00a0% au cours des quatre derni\u00e8res d\u00e9cennies.<a href=\"#_ftn19\" name=\"_ftnref19\">[19]<\/a><\/p>\n<p>La pollution sonore a m\u00eame des r\u00e9percussions sur la production de nourriture. Si les pollinisateurs tels que les abeilles, les col\u00e9opt\u00e8res, les papillons et les mites abandonnent une zone en raison d\u2019un exc\u00e8s de bruit, la vie v\u00e9g\u00e9tale se d\u00e9t\u00e9riore, ce qui \u00e9tend le probl\u00e8me de la pollution sonore jusqu\u2019au c\u0153ur de nos syst\u00e8mes d\u2019agriculture et de culture.<\/p>\n<p>La pollution sonore est un ennemi cach\u00e9 parmi nous. Elle ne se donne m\u00eame pas la peine de faire profil bas. Chaque jour, elle gronde, rugit et bourdonne dans nos tympans \u2013\u00a0mais elle passe toujours inaper\u00e7ue.<\/p>\n<p>&nbsp;<\/p>\n<p><img decoding=\"async\" loading=\"lazy\" class=\"aligncenter size-full wp-image-107010\" src=\"https:\/\/media.alj.com\/app\/uploads\/2023\/03\/ALJ-Noise-pollution-1-1.jpg\" alt=\"\" width=\"1754\" height=\"1003\" srcset=\"https:\/\/media.alj.com\/app\/uploads\/2023\/03\/ALJ-Noise-pollution-1-1.jpg 1754w, https:\/\/media.alj.com\/app\/uploads\/2023\/03\/ALJ-Noise-pollution-1-1-300x172.jpg 300w, https:\/\/media.alj.com\/app\/uploads\/2023\/03\/ALJ-Noise-pollution-1-1-1024x586.jpg 1024w, https:\/\/media.alj.com\/app\/uploads\/2023\/03\/ALJ-Noise-pollution-1-1-150x86.jpg 150w, https:\/\/media.alj.com\/app\/uploads\/2023\/03\/ALJ-Noise-pollution-1-1-768x439.jpg 768w, https:\/\/media.alj.com\/app\/uploads\/2023\/03\/ALJ-Noise-pollution-1-1-1536x878.jpg 1536w\" sizes=\"(max-width: 1754px) 100vw, 1754px\" \/><\/p>\n<p>Alors que les grands esprits du monde entier se concertent pour contrer les menaces de la pollution de l\u2019air et de l\u2019eau, le bruit s\u2019\u00e9chappe discr\u00e8tement de l\u2019ordre du jour. D\u2019une mani\u00e8re ou d\u2019une autre, nous devons lutter contre les bruits ind\u00e9sirables pour nous aider \u00e0 restaurer notre qualit\u00e9 de vie.<\/p>\n<h2>Cr\u00e9er un paysage sonore plus sensible<\/h2>\n<p>Il s\u2019av\u00e8re qu\u2019il existe de nombreuses mesures que nous pouvons prendre pour lutter contre la pollution sonore\u00a0: il suffit de trouver le bon \u00e9quilibre entre innovation, volont\u00e9 et investissement.<\/p>\n<p>Les risques de pollution sonore devenant de plus en plus graves, les urbanistes subissent une nouvelle pression pour cr\u00e9er des paysages sonores plus harmonieux. En effet, la conception du paysage sonore devient rapidement une discipline \u00e0 part enti\u00e8re, dict\u00e9e par les caract\u00e9ristiques naturelles d\u2019un paysage, son infrastructure pr\u00e9existante et son utilisation publique pr\u00e9vue.<\/p>\n<p>Qui plus est, certaines de ces m\u00e9thodes s\u2019articulent parfaitement avec les efforts d\u00e9ploy\u00e9s pour rendre notre environnement plus propre, plus vert et plus agr\u00e9able visuellement.<\/p>\n<p>Les arbres, par exemple, lorsqu\u2019ils sont plant\u00e9s \u00e0 une densit\u00e9 suffisante, agissent comme un excellent tampon acoustique sur les bords des routes, en absorbant le bruit de la circulation avant qu\u2019il n\u2019atteigne les zones r\u00e9sidentielles. De la m\u00eame mani\u00e8re, les arbustes, les murs v\u00e9g\u00e9talis\u00e9s et les jardins sur les toits absorbent l\u2019\u00e9nergie acoustique et r\u00e9duisent l\u2019amplification des sons par rapport aux surfaces urbaines solides. Sans parler de leur r\u00f4le de puits de CO<sub>2<\/sub>.<\/p>\n<p>L\u2019impact est significatif. \u00ab\u00a0La plantation ad\u00e9quate de rang\u00e9es d\u2019arbres derri\u00e8re les murs antibruit traditionnels des autoroutes ou de couches de v\u00e9g\u00e9tation sur les murs antibruit rigides permet de r\u00e9duire les niveaux de bruit jusqu\u2019\u00e0 12\u00a0dB\u00a0\u00bb, note le PNUE dans son rapport Fronti\u00e8res\u00a02022\u00a0sur la pollution sonore.<a href=\"#_ftn20\" name=\"_ftnref20\"><sup>[20]<\/sup><\/a><\/p>\n<p>Lorsque tout le reste \u00e9choue, des solutions peuvent \u00eatre con\u00e7ues. R\u00e9fl\u00e9chissez aux diff\u00e9rents types de barri\u00e8res qui peuvent \u00eatre install\u00e9es pour s\u00e9parer les sources de bruit des r\u00e9sidents et des pi\u00e9tons. Les buttes (\u00e9l\u00e9vations de terre compact\u00e9e) et les gabions (cages remplies de terre ou de roches) constituent d\u2019excellentes barri\u00e8res durables et peu co\u00fbteuses. Les produits recycl\u00e9s tels que le plastique et les pneus de voiture se sont av\u00e9r\u00e9s particuli\u00e8rement efficaces pour cr\u00e9er des \u00e9crans antibruit. La fibre de verre provenant de pales d\u2019\u00e9oliennes hors d\u2019usage peut elle aussi r\u00e9duire les niveaux de bruit de la circulation de 6\u00a0\u00e0 7\u00a0dB.<a href=\"#_ftn21\" name=\"_ftnref21\">[21]<\/a><\/p>\n<p>Cependant, au lieu de prot\u00e9ger nos espaces publics et priv\u00e9s contre les bruits ind\u00e9sirables, pourquoi ne pas s\u2019attaquer au probl\u00e8me par l\u2019autre bout, en r\u00e9duisant d\u2019abord la quantit\u00e9 de bruit que nous produisons\u00a0?<\/p>\n<figure id=\"attachment_106958\" aria-describedby=\"caption-attachment-106958\" style=\"width: 2560px\" class=\"wp-caption aligncenter\"><img decoding=\"async\" loading=\"lazy\" class=\"size-full wp-image-106958\" src=\"https:\/\/media.alj.com\/app\/uploads\/2023\/03\/shutterstock_1338598535-scaled.jpg\" alt=\"\" width=\"2560\" height=\"1920\" srcset=\"https:\/\/media.alj.com\/app\/uploads\/2023\/03\/shutterstock_1338598535-scaled.jpg 2560w, https:\/\/media.alj.com\/app\/uploads\/2023\/03\/shutterstock_1338598535-300x225.jpg 300w, https:\/\/media.alj.com\/app\/uploads\/2023\/03\/shutterstock_1338598535-1024x768.jpg 1024w, https:\/\/media.alj.com\/app\/uploads\/2023\/03\/shutterstock_1338598535-150x113.jpg 150w, https:\/\/media.alj.com\/app\/uploads\/2023\/03\/shutterstock_1338598535-768x576.jpg 768w, https:\/\/media.alj.com\/app\/uploads\/2023\/03\/shutterstock_1338598535-1536x1152.jpg 1536w, https:\/\/media.alj.com\/app\/uploads\/2023\/03\/shutterstock_1338598535-2048x1536.jpg 2048w\" sizes=\"(max-width: 2560px) 100vw, 2560px\" \/><figcaption id=\"caption-attachment-106958\" class=\"wp-caption-text\">Dosim\u00e8tre de bruit en service pr\u00e8s d\u2019une usine industrielle enregistrant 63 dB.<\/figcaption><\/figure>\n<h2>Baisser le volume de la pollution sonore<\/h2>\n<p>Qu\u2019en est-il des routes elles-m\u00eames\u00a0? Pensez au \u00ab\u00a0grondement\u00a0\u00bb infernal de la friction des pneus en caoutchouc sur une autoroute. Il doit bien y avoir quelque chose \u00e0 faire contre cette mal\u00e9diction des temps modernes\u00a0?<\/p>\n<p>Selon la science, r\u00e9duire la vitesse \u00e9quivaudrait \u00e0 r\u00e9duire la quantit\u00e9 d\u2019\u00e9nergie convertie en son. Ainsi, comme solution rapide \u00e0 faible co\u00fbt, des arr\u00eat\u00e9s peuvent \u00eatre pris au niveau local pour diminuer les limites de vitesse et r\u00e9duire les niveaux de bruit, et par cons\u00e9quent augmenter la s\u00e9curit\u00e9.<\/p>\n<p>D\u2019un point de vue technologique, l\u2019augmentation du nombre de v\u00e9hicules \u00e9lectriques\u00a0(VE) r\u00e9duira peu \u00e0 peu le bruit de la circulation. Les VE sont g\u00e9n\u00e9ralement 4\u00a0\u00e0 5\u00a0dB moins bruyants \u00e0 faible vitesse en ville que les mod\u00e8les \u00e0 MCI \u00e9quivalents.<a href=\"#_ftn22\" name=\"_ftnref22\">[22]<\/a><\/p>\n<p>\u00c0 des vitesses plus \u00e9lev\u00e9es, on constate que les nouveaux mat\u00e9riaux de voirie tels que les surfaces d\u2019asphalte poreux contribuent \u00e9galement \u00e0 r\u00e9duire les \u00e9missions sonores.<\/p>\n<figure id=\"attachment_106965\" aria-describedby=\"caption-attachment-106965\" style=\"width: 300px\" class=\"wp-caption alignleft\"><img decoding=\"async\" loading=\"lazy\" class=\"size-medium wp-image-106965\" src=\"https:\/\/media.alj.com\/app\/uploads\/2023\/03\/SilentTrack-TATA-Steel-300x200.jpg\" alt=\"\" width=\"300\" height=\"200\" srcset=\"https:\/\/media.alj.com\/app\/uploads\/2023\/03\/SilentTrack-TATA-Steel-300x200.jpg 300w, https:\/\/media.alj.com\/app\/uploads\/2023\/03\/SilentTrack-TATA-Steel-150x100.jpg 150w, https:\/\/media.alj.com\/app\/uploads\/2023\/03\/SilentTrack-TATA-Steel.jpg 718w\" sizes=\"(max-width: 300px) 100vw, 300px\" \/><figcaption id=\"caption-attachment-106965\" class=\"wp-caption-text\">Coupe transversale de la voie \u00ab SilentTrack \u00bb, par TATA Steel.<br \/>\n(Cr\u00e9dit image \u00a9 TATA Steel).<\/figcaption><\/figure>\n<p>La technologie peut \u00e9galement contribuer \u00e0 att\u00e9nuer la pollution sonore provenant des chemins de fer. TATA Steel, par exemple, a commenc\u00e9 \u00e0 installer ses lignes SilentTrack sur les r\u00e9seaux ferroviaires.<\/p>\n<p>TATA fabrique des amortisseurs sp\u00e9ciaux (fabriqu\u00e9s en enveloppant de l\u2019acier dans un mat\u00e9riau semblable au caoutchouc) pour absorber les vibrations des rails, r\u00e9duisant potentiellement le bruit jusqu\u2019\u00e0 50\u00a0%.<a href=\"#_ftn23\" name=\"_ftnref23\">[23]<\/a><\/p>\n<p>Des rails jusqu\u2019au ciel. Il est possible de r\u00e9duire la pollution sonore des avions en am\u00e9liorant l\u2019a\u00e9rodynamisme et les composants des avions. Les trajectoires de vol, quant \u00e0 elles, peuvent \u00eatre \u00e9loign\u00e9es des centres de population. L\u2019engagement de la communaut\u00e9 est toutefois indispensable. Des consultations publiques devraient \u00eatre obligatoires avant d\u2019introduire une quelconque modification des programmes de vol \u00e0 proximit\u00e9 des zones urbaines.<\/p>\n<p>Dans les b\u00e2timents sujets \u00e0 d\u2019importantes \u00e9missions sonores, comme les usines et les unit\u00e9s industrielles, une isolation acoustique sp\u00e9ciale peut aider \u00e0 prot\u00e9ger l\u2019ext\u00e9rieur des sons provenant de l\u2019int\u00e9rieur. Des subventions pourraient \u00eatre propos\u00e9es pour aider les industries \u00e0 remplacer les machines vieillissantes par des machines plus r\u00e9centes et plus silencieuses. Ces machines modernes, du fait de leur efficacit\u00e9 accrue, sont \u00e9galement susceptibles de consommer moins d\u2019\u00e9nergie et d\u2019\u00e9mettre moins de polluants.<\/p>\n<p>\u00c0 l\u2019\u00e9chelle mondiale, les l\u00e9gislateurs peuvent travailler de concert pour r\u00e9duire globalement la demande relative aux activit\u00e9s g\u00e9n\u00e9ratrices de bruit.<\/p>\n<p>L\u2019extension de r\u00e9seaux nationaux de pistes cyclables contribuera \u00e0 r\u00e9duire la d\u00e9pendance \u00e0 l\u2019\u00e9gard des v\u00e9hicules priv\u00e9s, tout comme l\u2019introduction d\u2019un plus grand nombre de zones sans voiture dans les secteurs r\u00e9sidentiels. La pi\u00e9tonnisation des centres-villes a un effet similaire. Dans un monde id\u00e9al, nos rues les plus fr\u00e9quent\u00e9es ne r\u00e9sonneraient que de bruit de pas.<\/p>\n<p>Les programmes de location de v\u00e9los encouragent \u00e9galement \u00e0 troquer les v\u00e9hicules contre des v\u00e9los. Le programme Citi Bike de New\u00a0York, par exemple, compte 25\u00a0000\u00a0v\u00e9los et plus de 1\u00a0500\u00a0stations \u00e0 travers Manhattan, Brooklyn, Queens et au-del\u00e0.<\/p>\n<p>La zone urbaine \u00e0 faibles \u00e9missions de Londres, lanc\u00e9e en\u00a02019, joue un r\u00f4le dans la r\u00e9duction du bruit en incitant financi\u00e8rement la population \u00e0 opter pour des v\u00e9hicules hybrides et \u00e9lectriques plus silencieux. En vertu des nouvelles r\u00e8gles, une taxe journali\u00e8re de 12,50\u00a0\u00a3 est appliqu\u00e9e aux v\u00e9hicules ne respectant pas les normes d\u2019\u00e9mission europ\u00e9ennes. Selon les estimations, le syst\u00e8me couvre une zone peupl\u00e9e par environ 3,8\u00a0millions de personnes \u2013\u00a0et d\u2019ici ao\u00fbt\u00a02023, il sera \u00e9tendu \u00e0 l\u2019ensemble du Grand Londres. <a href=\"#_ftn24\" name=\"_ftnref24\">[24]<\/a><\/p>\n<p>\u00c0 Berlin, o\u00f9 plus d\u2019un demi-million de personnes \u00e9taient r\u00e9guli\u00e8rement expos\u00e9es \u00e0 des niveaux sonores d\u00e9passant la limite recommand\u00e9e de 53\u00a0dB, de nombreuses rues \u00e0 deux voies ont \u00e9t\u00e9 r\u00e9duites \u00e0 une seule voie \u2013\u00a0ce qui a entra\u00een\u00e9 une baisse imm\u00e9diate des niveaux sonores nocturnes pour quelque 50\u00a0000\u00a0r\u00e9sidents.<\/p>\n<p>Au niveau international, la <a href=\"https:\/\/environment.ec.europa.eu\/topics\/noise\/environmental-noise-directive_en\">directive de l\u2019UE sur le bruit ambiant<\/a> promeut la surveillance et la r\u00e9duction de la pollution sonore dans toute la communaut\u00e9. Elle oblige les pays \u00e0 \u00e9tablir des cartes de bruit et des plans d\u2019action tous les cinq ans et ce, pour toutes les villes de plus de 100\u00a0000\u00a0habitants et toutes les routes transportant plus de 3\u00a0000\u00a0000\u00a0de v\u00e9hicules par an.<a href=\"#_ftn25\" name=\"_ftnref25\">[25]<\/a><\/p>\n<p>&nbsp;<\/p>\n<p><img decoding=\"async\" loading=\"lazy\" class=\"aligncenter size-full wp-image-107024\" src=\"https:\/\/media.alj.com\/app\/uploads\/2023\/03\/ALJ-Noise-pollution-5-1.jpg\" alt=\"\" width=\"2314\" height=\"2424\" srcset=\"https:\/\/media.alj.com\/app\/uploads\/2023\/03\/ALJ-Noise-pollution-5-1.jpg 2314w, https:\/\/media.alj.com\/app\/uploads\/2023\/03\/ALJ-Noise-pollution-5-1-286x300.jpg 286w, https:\/\/media.alj.com\/app\/uploads\/2023\/03\/ALJ-Noise-pollution-5-1-978x1024.jpg 978w, https:\/\/media.alj.com\/app\/uploads\/2023\/03\/ALJ-Noise-pollution-5-1-143x150.jpg 143w, https:\/\/media.alj.com\/app\/uploads\/2023\/03\/ALJ-Noise-pollution-5-1-768x805.jpg 768w, https:\/\/media.alj.com\/app\/uploads\/2023\/03\/ALJ-Noise-pollution-5-1-1466x1536.jpg 1466w, https:\/\/media.alj.com\/app\/uploads\/2023\/03\/ALJ-Noise-pollution-5-1-1955x2048.jpg 1955w\" sizes=\"(max-width: 2314px) 100vw, 2314px\" \/><\/p>\n<p>Parfois, bien s\u00fbr, le rem\u00e8de le plus efficace face \u00e0 la pollution sonore est\u2026 de s\u2019\u00e9chapper.<\/p>\n<p>Les bienfaits pour la sant\u00e9 mentale des sons naturels et des espaces de tranquillit\u00e9 sont d\u00e9sormais bien \u00e9tablis. Les espaces verts (parcs, jardins publics, chemins de halage des canaux, r\u00e9serves naturelles et zones de loisirs) g\u00e9n\u00e8rent des effets psychologiques positifs en offrant un r\u00e9pit \u00e0 l\u2019agitation et au brouhaha angoissants des centres urbains modernes. Ces lieux ne se d\u00e9veloppent pas spontan\u00e9ment et ne se prot\u00e8gent pas seuls. Ils ont besoin d\u2019autorisations, de financements et d\u2019un soutien permanent au niveau des quartiers jusqu\u2019au niveau r\u00e9gional. On ne peut pas laisser les int\u00e9r\u00eats commerciaux r\u00e9gir \u00e0 eux seuls notre acc\u00e8s \u00e0 la nature, \u00e0 un air plus pur, \u00e0 la paix et au calme.<\/p>\n<p>Il va sans dire que plus nos soci\u00e9t\u00e9s pr\u00e9voiront d\u2019espaces verts, plus nous nous sentirons tous en harmonie avec le monde moderne.<\/p>\n<h2>\u00c7a vous semble \u00eatre une bonne id\u00e9e\u00a0?<\/h2>\n<p>Nous avons reconnu les dangers de la pollution sonore, qui peut d\u00e9passer le stade de la g\u00eane et menacer r\u00e9ellement la vie et la sant\u00e9. Maintenant, nous devons nous efforcer ensemble de cr\u00e9er un monde mieux adapt\u00e9 sur le plan sonore.<\/p>\n<p>Cet effort concerne toutes les couches de la soci\u00e9t\u00e9\u00a0: des d\u00e9cideurs qui \u00e9laborent les politiques, aux urbanistes et aux architectes qui travaillent sur des plans, en passant par les industriels qui contr\u00f4lent les usines, les technologies et les machines qui fa\u00e7onnent notre avenir.<\/p>\n<p>Mais la question de la pollution sonore nous incombe \u00e9galement, en tant qu\u2019individus. Quel v\u00e9hicule dois-je acheter\u00a0? Dois-je utiliser les transports en commun pour me rendre au travail\u00a0? Devons-nous partir en vacances \u00e0 l\u2019\u00e9tranger cette ann\u00e9e\u00a0? Quelles sont les priorit\u00e9s du parti politique pour lequel je vote\u00a0?<\/p>\n<p>Toutes ces d\u00e9cisions et d\u2019autres encore d\u00e9termineront la quantit\u00e9 de bruit que nos villes produiront dans les ann\u00e9es et les d\u00e9cennies \u00e0 venir \u2013\u00a0dans quelle mesure la \u00ab\u00a0paix sur Terre\u00a0\u00bb prendra un tout nouveau sens.<\/p>\n<p><img decoding=\"async\" loading=\"lazy\" class=\"aligncenter size-full wp-image-106951\" src=\"https:\/\/media.alj.com\/app\/uploads\/2023\/03\/shutterstock_247657351-scaled.jpg\" alt=\"\" width=\"2560\" height=\"1707\" srcset=\"https:\/\/media.alj.com\/app\/uploads\/2023\/03\/shutterstock_247657351-scaled.jpg 2560w, https:\/\/media.alj.com\/app\/uploads\/2023\/03\/shutterstock_247657351-300x200.jpg 300w, https:\/\/media.alj.com\/app\/uploads\/2023\/03\/shutterstock_247657351-1024x683.jpg 1024w, https:\/\/media.alj.com\/app\/uploads\/2023\/03\/shutterstock_247657351-150x100.jpg 150w, https:\/\/media.alj.com\/app\/uploads\/2023\/03\/shutterstock_247657351-768x512.jpg 768w, https:\/\/media.alj.com\/app\/uploads\/2023\/03\/shutterstock_247657351-1536x1024.jpg 1536w, https:\/\/media.alj.com\/app\/uploads\/2023\/03\/shutterstock_247657351-2048x1365.jpg 2048w\" sizes=\"(max-width: 2560px) 100vw, 2560px\" \/><\/p>\n<p><a href=\"#_ftnref1\" name=\"_ftn1\">[1]<\/a> <a href=\"https:\/\/wedocs.unep.org\/bitstream\/handle\/20.500.11822\/38060\/Frontiers_2022CH1.pdf\">https:\/\/wedocs.unep.org\/bitstream\/handle\/20.500.11822\/38060\/Frontiers_2022CH1.pdf<\/a><\/p>\n<p><a href=\"#_ftnref2\" name=\"_ftn2\">[2]<\/a> <a href=\"https:\/\/wedocs.unep.org\/bitstream\/handle\/20.500.11822\/38060\/Frontiers_2022CH1.pdf\">https:\/\/wedocs.unep.org\/bitstream\/handle\/20.500.11822\/38060\/Frontiers_2022CH1.pdf<\/a><\/p>\n<p><a href=\"#_ftnref3\" name=\"_ftn3\">[3]<\/a> <a href=\"https:\/\/www.ctpublic.org\/health\/2015-03-16\/there-is-no-such-thing-as-silence\">https:\/\/www.ctpublic.org\/health\/2015-03-16\/there-is-no-such-thing-as-silence<\/a><\/p>\n<p><a href=\"#_ftnref4\" name=\"_ftn4\">[4]<\/a> <a href=\"https:\/\/www.inverse.com\/article\/15229-why-can-t-we-hear-our-hearts-beat-here-s-how-our-brain-turns-down-the-volume\">https:\/\/www.inverse.com\/article\/15229-why-can-t-we-hear-our-hearts-beat-here-s-how-our-brain-turns-down-the-volume<\/a><\/p>\n<p><a href=\"#_ftnref5\" name=\"_ftn5\">[5]<\/a> <a href=\"https:\/\/www.worldbank.org\/en\/topic\/urbandevelopment\/overview#1\">https:\/\/www.worldbank.org\/en\/topic\/urbandevelopment\/overview#1<\/a><\/p>\n<p><a href=\"#_ftnref6\" name=\"_ftn6\">[6]<\/a> <a href=\"https:\/\/wedocs.unep.org\/bitstream\/handle\/20.500.11822\/38060\/Frontiers_2022CH1.pdf\">https:\/\/wedocs.unep.org\/bitstream\/handle\/20.500.11822\/38060\/Frontiers_2022CH1.pdf<\/a><\/p>\n<p><a href=\"#_ftnref7\" name=\"_ftn7\">[7]<\/a> <a href=\"https:\/\/blog.arcadia.com\/15-facts-stats-noise-pollution\/\">https:\/\/blog.arcadia.com\/15-facts-stats-noise-pollution\/<\/a><\/p>\n<p><a href=\"#_ftnref8\" name=\"_ftn8\">[8]<\/a> <a href=\"https:\/\/www.ncbi.nlm.nih.gov\/pmc\/articles\/PMC1253729\/\">https:\/\/www.ncbi.nlm.nih.gov\/pmc\/articles\/PMC1253729\/<\/a><\/p>\n<p><a href=\"#_ftnref9\" name=\"_ftn9\">[9]<\/a> <a href=\"https:\/\/www.weforum.org\/agenda\/2017\/03\/these-are-the-cities-with-the-worst-noise-pollution\/\">https:\/\/www.weforum.org\/agenda\/2017\/03\/these-are-the-cities-with-the-worst-noise-pollution\/<\/a><\/p>\n<p><a href=\"#_ftnref10\" name=\"_ftn10\">[10]<\/a> <a href=\"https:\/\/www.eea.europa.eu\/articles\/noise-pollution-is-a-major\">https:\/\/www.eea.europa.eu\/articles\/noise-pollution-is-a-major<\/a><\/p>\n<p><a href=\"#_ftnref11\" name=\"_ftn11\">[11]<\/a> <a href=\"https:\/\/wedocs.unep.org\/bitstream\/handle\/20.500.11822\/38060\/Frontiers_2022CH1.pdf\">https:\/\/wedocs.unep.org\/bitstream\/handle\/20.500.11822\/38060\/Frontiers_2022CH1.pdf<\/a><\/p>\n<p><a href=\"#_ftnref12\" name=\"_ftn12\">[12]<\/a> <a href=\"https:\/\/wedocs.unep.org\/bitstream\/handle\/20.500.11822\/38060\/Frontiers_2022CH1.pdf\">https:\/\/wedocs.unep.org\/bitstream\/handle\/20.500.11822\/38060\/Frontiers_2022CH1.pdf<\/a><\/p>\n<p><a href=\"#_ftnref13\" name=\"_ftn13\">[13]<\/a> <a href=\"https:\/\/www.ncbi.nlm.nih.gov\/pmc\/articles\/PMC4873188\/\">https:\/\/www.ncbi.nlm.nih.gov\/pmc\/articles\/PMC4873188\/<\/a><\/p>\n<p><a href=\"#_ftnref14\" name=\"_ftn14\">[14]<\/a> <a href=\"https:\/\/wedocs.unep.org\/bitstream\/handle\/20.500.11822\/38060\/Frontiers_2022CH1.pdf\">https:\/\/wedocs.unep.org\/bitstream\/handle\/20.500.11822\/38060\/Frontiers_2022CH1.pdf<\/a><\/p>\n<p><a href=\"#_ftnref15\" name=\"_ftn15\">[15]<\/a> <a href=\"https:\/\/www.sciencedirect.com\/science\/article\/abs\/pii\/S0269749118300988\"><sup>https:\/\/www.sciencedirect.com\/science\/article\/abs\/pii\/S0269749118300988<\/sup><\/a><\/p>\n<p><a href=\"#_ftnref16\" name=\"_ftn16\">[16]<\/a> <a href=\"https:\/\/www.eea.europa.eu\/articles\/noise-pollution-is-a-major\">https:\/\/www.eea.europa.eu\/articles\/noise-pollution-is-a-major<\/a><\/p>\n<p><a href=\"#_ftnref17\" name=\"_ftn17\">[17]<\/a> <a href=\"https:\/\/www.newscientist.com\/article\/dn2944-airport-noise-damages-childrens-reading\/\">https:\/\/www.newscientist.com\/article\/dn2944-airport-noise-damages-childrens-reading\/<\/a><\/p>\n<p><a href=\"#_ftnref18\" name=\"_ftn18\">[18]<\/a> https:\/\/www.theguardian.com\/environment\/2019\/nov\/20\/noise-pollution-wild-life-better-regulation<\/p>\n<p><a href=\"#_ftnref19\" name=\"_ftn19\">[19]<\/a> https:\/\/www.theguardian.com\/environment\/2022\/apr\/12\/ocean-of-noise-sonic-pollution-hurting-marine-life<\/p>\n<p><a href=\"#_ftnref20\" name=\"_ftn20\">[20]<\/a> <a href=\"https:\/\/wedocs.unep.org\/bitstream\/handle\/20.500.11822\/38060\/Frontiers_2022CH1.pdf\">https:\/\/wedocs.unep.org\/bitstream\/handle\/20.500.11822\/38060\/Frontiers_2022CH1.pdf<\/a><\/p>\n<p><a href=\"#_ftnref21\" name=\"_ftn21\">[21]<\/a> <a href=\"https:\/\/wedocs.unep.org\/bitstream\/handle\/20.500.11822\/38060\/Frontiers_2022CH1.pdf\">https:\/\/wedocs.unep.org\/bitstream\/handle\/20.500.11822\/38060\/Frontiers_2022CH1.pdf<\/a><\/p>\n<p><a href=\"#_ftnref22\" name=\"_ftn22\">[22]<\/a> <a href=\"https:\/\/www.toi.no\/getfile.php\/1340825-1434373783\/mmarkiv\/Forside%202015\/compett-foredrag\/Lykke%20-Silent%20Urban%20Driving.pdf\">https:\/\/www.toi.no\/getfile.php\/1340825-1434373783\/mmarkiv\/Forside%202015\/compett-foredrag\/Lykke%20-Silent%20Urban%20Driving.pdf<\/a><\/p>\n<p><a href=\"#_ftnref23\" name=\"_ftn23\">[23]<\/a> <a href=\"https:\/\/www.railway-technology.com\/uncategorized\/newstata-steels-silenttrack-noise-levels-blackfriars\/\">https:\/\/www.railway-technology.com\/uncategorized\/newstata-steels-silenttrack-noise-levels-blackfriars\/<\/a><\/p>\n<p><a href=\"#_ftnref24\" name=\"_ftn24\">[24]<\/a> <a href=\"https:\/\/wedocs.unep.org\/bitstream\/handle\/20.500.11822\/38060\/Frontiers_2022CH1.pdf\">https:\/\/wedocs.unep.org\/bitstream\/handle\/20.500.11822\/38060\/Frontiers_2022CH1.pdf<\/a><\/p>\n<p><a href=\"#_ftnref25\" name=\"_ftn25\">[25]<\/a> <a href=\"https:\/\/environment.ec.europa.eu\/topics\/noise\/environmental-noise-directive_en\">https:\/\/environment.ec.europa.eu\/topics\/noise\/environmental-noise-directive_en<\/a><\/p>\n","protected":false},"featured_media":106937,"template":"","tags":[],"acf":[],"yoast_head":"<!-- This site is optimized with the Yoast SEO plugin v21.5 - https:\/\/yoast.com\/wordpress\/plugins\/seo\/ -->\n<title>L&#039;inqui\u00e9tante pollution sonore | Abdul Latif Jameel\u00ae<\/title>\n<meta name=\"description\" content=\"D\u00e9couvrez les effets de la pollution sonore sur la sant\u00e9 et sur l&#039;environnement et comment la r\u00e9duire au quotidien gr\u00e2ce aux conseils de Fady Jameel.\" \/>\n<meta name=\"robots\" content=\"index, follow, max-snippet:-1, max-image-preview:large, max-video-preview:-1\" \/>\n<link rel=\"canonical\" href=\"https:\/\/alj.com\/fr\/spotlight-by-fady-jameel\/prendre-position-sur-la-pollution-sonore\/\" \/>\n<meta property=\"og:locale\" content=\"fr_FR\" \/>\n<meta property=\"og:type\" content=\"article\" \/>\n<meta property=\"og:title\" content=\"L&#039;inqui\u00e9tante pollution sonore | Abdul Latif Jameel\u00ae\" \/>\n<meta property=\"og:description\" content=\"D\u00e9couvrez les effets de la pollution sonore sur la sant\u00e9 et sur l&#039;environnement et comment la r\u00e9duire au quotidien gr\u00e2ce aux conseils de Fady Jameel.\" \/>\n<meta property=\"og:url\" content=\"https:\/\/alj.com\/fr\/spotlight-by-fady-jameel\/prendre-position-sur-la-pollution-sonore\/\" \/>\n<meta property=\"og:site_name\" content=\"Abdul Latif Jameel\" \/>\n<meta property=\"article:publisher\" content=\"https:\/\/www.facebook.com\/Abdul.Latif.Jameel.Official\" \/>\n<meta property=\"article:modified_time\" content=\"2023-05-08T10:41:28+00:00\" \/>\n<meta property=\"og:image\" content=\"https:\/\/media.alj.com\/app\/uploads\/2023\/03\/Noise-Pollution-illustration-2.jpg\" \/>\n\t<meta property=\"og:image:width\" content=\"880\" \/>\n\t<meta property=\"og:image:height\" content=\"440\" \/>\n\t<meta property=\"og:image:type\" content=\"image\/jpeg\" \/>\n<meta name=\"twitter:card\" content=\"summary_large_image\" \/>\n<meta name=\"twitter:label1\" content=\"Est. reading time\" \/>\n\t<meta name=\"twitter:data1\" content=\"19 minutes\" \/>\n<script type=\"application\/ld+json\" class=\"yoast-schema-graph\">{\"@context\":\"https:\/\/schema.org\",\"@graph\":[{\"@type\":\"WebPage\",\"@id\":\"https:\/\/alj.com\/fr\/spotlight-by-fady-jameel\/prendre-position-sur-la-pollution-sonore\/\",\"url\":\"https:\/\/alj.com\/fr\/spotlight-by-fady-jameel\/prendre-position-sur-la-pollution-sonore\/\",\"name\":\"L'inqui\u00e9tante pollution sonore | Abdul Latif Jameel\u00ae\",\"isPartOf\":{\"@id\":\"https:\/\/alj.com\/en\/#website\"},\"datePublished\":\"2023-03-21T04:55:35+00:00\",\"dateModified\":\"2023-05-08T10:41:28+00:00\",\"description\":\"D\u00e9couvrez les effets de la pollution sonore sur la sant\u00e9 et sur l'environnement et comment la r\u00e9duire au quotidien gr\u00e2ce aux conseils de Fady Jameel.\",\"breadcrumb\":{\"@id\":\"https:\/\/alj.com\/fr\/spotlight-by-fady-jameel\/prendre-position-sur-la-pollution-sonore\/#breadcrumb\"},\"inLanguage\":\"fr-FR\",\"potentialAction\":[{\"@type\":\"ReadAction\",\"target\":[\"https:\/\/alj.com\/fr\/spotlight-by-fady-jameel\/prendre-position-sur-la-pollution-sonore\/\"]}]},{\"@type\":\"BreadcrumbList\",\"@id\":\"https:\/\/alj.com\/fr\/spotlight-by-fady-jameel\/prendre-position-sur-la-pollution-sonore\/#breadcrumb\",\"itemListElement\":[{\"@type\":\"ListItem\",\"position\":1,\"name\":\"Home\",\"item\":\"https:\/\/alj.com\/fr\/\"},{\"@type\":\"ListItem\",\"position\":2,\"name\":\"Spotlight By Fady Jameel\",\"item\":\"https:\/\/alj.com\/ja\/spotlight-by-fady-jameel\/\"},{\"@type\":\"ListItem\",\"position\":3,\"name\":\"Prendre position sur la pollution sonore\"}]},{\"@type\":\"WebSite\",\"@id\":\"https:\/\/alj.com\/en\/#website\",\"url\":\"https:\/\/alj.com\/en\/\",\"name\":\"Abdul Latif Jameel\",\"description\":\"Abdul Latif Jameel\",\"potentialAction\":[{\"@type\":\"SearchAction\",\"target\":{\"@type\":\"EntryPoint\",\"urlTemplate\":\"https:\/\/alj.com\/en\/?s={search_term_string}\"},\"query-input\":\"required name=search_term_string\"}],\"inLanguage\":\"fr-FR\"}]}<\/script>\n<!-- \/ Yoast SEO plugin. -->","yoast_head_json":{"title":"L'inqui\u00e9tante pollution sonore | Abdul Latif Jameel\u00ae","description":"D\u00e9couvrez les effets de la pollution sonore sur la sant\u00e9 et sur l'environnement et comment la r\u00e9duire au quotidien gr\u00e2ce aux conseils de Fady Jameel.","robots":{"index":"index","follow":"follow","max-snippet":"max-snippet:-1","max-image-preview":"max-image-preview:large","max-video-preview":"max-video-preview:-1"},"canonical":"https:\/\/alj.com\/fr\/spotlight-by-fady-jameel\/prendre-position-sur-la-pollution-sonore\/","og_locale":"fr_FR","og_type":"article","og_title":"L'inqui\u00e9tante pollution sonore | Abdul Latif Jameel\u00ae","og_description":"D\u00e9couvrez les effets de la pollution sonore sur la sant\u00e9 et sur l'environnement et comment la r\u00e9duire au quotidien gr\u00e2ce aux conseils de Fady Jameel.","og_url":"https:\/\/alj.com\/fr\/spotlight-by-fady-jameel\/prendre-position-sur-la-pollution-sonore\/","og_site_name":"Abdul Latif Jameel","article_publisher":"https:\/\/www.facebook.com\/Abdul.Latif.Jameel.Official","article_modified_time":"2023-05-08T10:41:28+00:00","og_image":[{"width":880,"height":440,"url":"https:\/\/media.alj.com\/app\/uploads\/2023\/03\/Noise-Pollution-illustration-2.jpg","type":"image\/jpeg"}],"twitter_card":"summary_large_image","twitter_misc":{"Est. reading time":"19 minutes"},"schema":{"@context":"https:\/\/schema.org","@graph":[{"@type":"WebPage","@id":"https:\/\/alj.com\/fr\/spotlight-by-fady-jameel\/prendre-position-sur-la-pollution-sonore\/","url":"https:\/\/alj.com\/fr\/spotlight-by-fady-jameel\/prendre-position-sur-la-pollution-sonore\/","name":"L'inqui\u00e9tante pollution sonore | Abdul Latif Jameel\u00ae","isPartOf":{"@id":"https:\/\/alj.com\/en\/#website"},"datePublished":"2023-03-21T04:55:35+00:00","dateModified":"2023-05-08T10:41:28+00:00","description":"D\u00e9couvrez les effets de la pollution sonore sur la sant\u00e9 et sur l'environnement et comment la r\u00e9duire au quotidien gr\u00e2ce aux conseils de Fady Jameel.","breadcrumb":{"@id":"https:\/\/alj.com\/fr\/spotlight-by-fady-jameel\/prendre-position-sur-la-pollution-sonore\/#breadcrumb"},"inLanguage":"fr-FR","potentialAction":[{"@type":"ReadAction","target":["https:\/\/alj.com\/fr\/spotlight-by-fady-jameel\/prendre-position-sur-la-pollution-sonore\/"]}]},{"@type":"BreadcrumbList","@id":"https:\/\/alj.com\/fr\/spotlight-by-fady-jameel\/prendre-position-sur-la-pollution-sonore\/#breadcrumb","itemListElement":[{"@type":"ListItem","position":1,"name":"Home","item":"https:\/\/alj.com\/fr\/"},{"@type":"ListItem","position":2,"name":"Spotlight By Fady Jameel","item":"https:\/\/alj.com\/ja\/spotlight-by-fady-jameel\/"},{"@type":"ListItem","position":3,"name":"Prendre position sur la pollution sonore"}]},{"@type":"WebSite","@id":"https:\/\/alj.com\/en\/#website","url":"https:\/\/alj.com\/en\/","name":"Abdul Latif Jameel","description":"Abdul Latif Jameel","potentialAction":[{"@type":"SearchAction","target":{"@type":"EntryPoint","urlTemplate":"https:\/\/alj.com\/en\/?s={search_term_string}"},"query-input":"required name=search_term_string"}],"inLanguage":"fr-FR"}]}},"post-meta-fields":{"push_notification":["no"],"_push_notification":["field_5c3b1fb67034d"],"_wpml_word_count":["{\"total\":2889,\"to_translate\":{\"ar\":2889,\"zh-hans\":2889,\"fr\":2889,\"ja\":2889,\"es\":2889,\"tr\":2889}}"],"_wpml_media_featured":["1"],"_wpml_media_duplicate":["1"],"perspective_short_title":["Prendre position sur la pollution sonore"],"perspective_summury":["<p>Parmi les nombreux types de \u00ab\u00a0pollutions\u00a0\u00bb qui frappent notre plan\u00e8te, la pollution sonore peut sembler un inconv\u00e9nient mineur par rapport \u00e0 l\u2019augmentation des niveaux de CO<sub>2<\/sub>, aux d\u00e9chets plastiques ou aux difficult\u00e9s des syst\u00e8mes d\u2019approvisionnement en eau. Mais consid\u00e9rer la pollution sonore comme \u00e9tant peu importante revient \u00e0 ignorer un ensemble de donn\u00e9es alarmantes.<\/p>\n"],"perspective_location":["Dubai, EAU"],"perspective_author_name":["<p><span style=\"color: #000000;\"><a href=\"https:\/\/www.alj.com\/fr\/our-people\/fady-jameel\/\">Fady Jameel<\/a><\/span><\/p>\n<p>Pr\u00e9sident d\u00e9l\u00e9gu\u00e9 et vice-pr\u00e9sident,\u00a0Abdul Latif Jameel International<\/p>\n"],"perspective_author_bio":["<p><a href=\"https:\/\/www.alj.com\/fr\/our-people\/fady-jameel\/\">Fady <\/a> Jameel est pr\u00e9sident d\u00e9l\u00e9gu\u00e9 et vice-pr\u00e9sident, International\u00a0Abdul Latif Jameel, un collectif international d\u2019entreprises ind\u00e9pendantes, familiales et diversifi\u00e9es, fond\u00e9 en 1945 par son grand-p\u00e8re, le d\u00e9funt Abdul Latif Jameel.<\/p>\n"],"wpcf-featured-news":["0"],"is_latest_news":["0"],"wpcf-show-news-at-homepage":["1"],"publish_mobile":[""],"_publish_mobile":["field_5bfa8eb2e65cf"],"mobile_featured_image":["https:\/\/media.alj.com\/app\/uploads\/2023\/03\/Noise-Pollution-illustration-1.jpg"],"_mobile_featured_image":["field_5c3b204983dea"],"content_series_applied":[""],"_content_series_applied":["field_60f3d3faf82ac"],"featured_on_listing_page":["0"],"_featured_on_listing_page":["field_62458ea7383c3"],"is_podcast":["0"],"_is_podcast":["field_5ee1dff933e7f"],"wpcf-perspective-downloadable_file":[""],"wpcf-perspective-published-date":["1679270400"],"wpcf-video-description":[""],"wpcf-layoutvideourl":[""],"wpcf-video-thumb":[""],"wpcf-social4-svg":[""],"wpcf-social4-background-image":[""],"wpcf-social4-text":[""],"wpcf-social4-url":[""],"wpcf-social3-svg":[""],"wpcf-social3-background-image":[""],"wpcf-social3-text":[""],"wpcf-social3-url":[""],"wpcf-social-text-svg-square":[""],"wpcf-social-text-image-square":[""],"wpcf-social-text-text-square":[""],"wpcf-social-text-url-square":[""],"wpcf-social2-svg":[""],"wpcf-social2-background-image":[""],"wpcf-social2-text":[""],"wpcf-social2-url":[""],"wpcf-social-svg-square":[""],"wpcf-social-image-square":[""],"wpcf-social-text-square":[""],"wpcf-social-url-square":[""],"wpcf-social1-svg":[""],"wpcf-social1-background-image":[""],"wpcf-social1-text":[""],"wpcf-social1-url":[""],"wpcf-quotes-with-auther-text-1":[""],"wpcf-card_article_with_title_content":[""],"wpcf-card_article_content":["<p>write your content<\/p>"],"wpcf-quotes-with-auther-text":[""],"_bsf_post_type":["0"],"_bsf_item_review_type":["none"],"_yoast_wpseo_title":["L'inqui\u00e9tante pollution sonore | Abdul Latif Jameel\u00ae"],"_yoast_wpseo_metadesc":["D\u00e9couvrez les effets de la pollution sonore sur la sant\u00e9 et sur l'environnement et comment la r\u00e9duire au quotidien gr\u00e2ce aux conseils de Fady Jameel."],"_yoast_wpseo_content_score":["30"],"_yoast_wpseo_estimated-reading-time-minutes":[""],"_yoast_wpseo_wordproof_timestamp":[""],"_thumbnail_id":["106937"],"_edit_lock":["1683542358:25"],"_edit_last":["25"],"_last_translation_edit_mode":["native-editor"],"wpcf-projecttitle":[""],"wpcf-projectdescription":[""],"wpcf-projectimage-video1":["image"],"wpcf-projectimage-1":[""],"wpcf-projectvideo-1":[""],"wpcf-projectdescription-1":[""],"wpcf-projectimage-video2":["image"],"wpcf-projectimage-2":[""],"wpcf-projectvideo-2":[""],"wpcf-projectdescription-2":[""],"wpcf-projectimage-video3":["image"],"wpcf-projectimage-3":[""],"wpcf-projectvideo-3":[""],"wpcf-projectdescription-3":[""],"wpcf-projectimage-video4":["image"],"wpcf-projectimage-4":[""],"wpcf-projectvideo-4":[""],"wpcf-projectdescription-4":[""],"_wp_old_date":["2023-03-20"],"perspective_business_sector":["Services \u00c9nerg\u00e9tiques et Environnementaux"],"perspective_author_image":["96331"],"wpcf-card-image":[""],"_wpcf-card-image-sort-order":["a:1:{i:0;i:1481891;}"],"amazonS3_cache":["a:24:{s:60:\"\/\/alj.com\/app\/uploads\/2023\/03\/UNEP-Frontiers-2022-Report.png\";a:2:{s:2:\"id\";i:106972;s:11:\"source_type\";s:13:\"media-library\";}s:68:\"\/\/alj.com\/app\/uploads\/2023\/03\/UNEP-Frontiers-2022-Report-221x300.png\";a:2:{s:2:\"id\";i:106972;s:11:\"source_type\";s:13:\"media-library\";}s:66:\"\/\/media.alj.com\/app\/uploads\/2023\/03\/UNEP-Frontiers-2022-Report.png\";a:2:{s:2:\"id\";i:106972;s:11:\"source_type\";s:13:\"media-library\";}s:74:\"\/\/media.alj.com\/app\/uploads\/2023\/03\/UNEP-Frontiers-2022-Report-221x300.png\";a:2:{s:2:\"id\";i:106972;s:11:\"source_type\";s:13:\"media-library\";}s:57:\"\/\/alj.com\/app\/uploads\/2023\/03\/ALJ-Noise-pollution-3-1.jpg\";a:2:{s:2:\"id\";i:107017;s:11:\"source_type\";s:13:\"media-library\";}s:63:\"\/\/media.alj.com\/app\/uploads\/2023\/03\/ALJ-Noise-pollution-3-1.jpg\";a:2:{s:2:\"id\";i:107017;s:11:\"source_type\";s:13:\"media-library\";}s:64:\"\/\/alj.com\/app\/uploads\/2023\/03\/ALJ-Noise-pollution-2-1-scaled.jpg\";a:2:{s:2:\"id\";i:106979;s:11:\"source_type\";s:13:\"media-library\";}s:70:\"\/\/media.alj.com\/app\/uploads\/2023\/03\/ALJ-Noise-pollution-2-1-scaled.jpg\";a:2:{s:2:\"id\";i:106979;s:11:\"source_type\";s:13:\"media-library\";}s:57:\"\/\/alj.com\/app\/uploads\/2023\/03\/ALJ-Noise-pollution-4-1.jpg\";a:2:{s:2:\"id\";i:106988;s:11:\"source_type\";s:13:\"media-library\";}s:66:\"\/\/alj.com\/app\/uploads\/2023\/03\/ALJ-Noise-pollution-4-1-407x1024.jpg\";a:2:{s:2:\"id\";i:106988;s:11:\"source_type\";s:13:\"media-library\";}s:63:\"\/\/media.alj.com\/app\/uploads\/2023\/03\/ALJ-Noise-pollution-4-1.jpg\";a:2:{s:2:\"id\";i:106988;s:11:\"source_type\";s:13:\"media-library\";}s:72:\"\/\/media.alj.com\/app\/uploads\/2023\/03\/ALJ-Noise-pollution-4-1-407x1024.jpg\";a:2:{s:2:\"id\";i:106988;s:11:\"source_type\";s:13:\"media-library\";}s:57:\"\/\/alj.com\/app\/uploads\/2023\/03\/ALJ-Noise-pollution-1-1.jpg\";a:2:{s:2:\"id\";i:107010;s:11:\"source_type\";s:13:\"media-library\";}s:63:\"\/\/media.alj.com\/app\/uploads\/2023\/03\/ALJ-Noise-pollution-1-1.jpg\";a:2:{s:2:\"id\";i:107010;s:11:\"source_type\";s:13:\"media-library\";}s:64:\"\/\/alj.com\/app\/uploads\/2023\/03\/shutterstock_1338598535-scaled.jpg\";a:2:{s:2:\"id\";i:106958;s:11:\"source_type\";s:13:\"media-library\";}s:70:\"\/\/media.alj.com\/app\/uploads\/2023\/03\/shutterstock_1338598535-scaled.jpg\";a:2:{s:2:\"id\";i:106958;s:11:\"source_type\";s:13:\"media-library\";}s:56:\"\/\/alj.com\/app\/uploads\/2023\/03\/SilentTrack-TATA-Steel.jpg\";a:2:{s:2:\"id\";i:106965;s:11:\"source_type\";s:13:\"media-library\";}s:64:\"\/\/alj.com\/app\/uploads\/2023\/03\/SilentTrack-TATA-Steel-300x200.jpg\";a:2:{s:2:\"id\";i:106965;s:11:\"source_type\";s:13:\"media-library\";}s:62:\"\/\/media.alj.com\/app\/uploads\/2023\/03\/SilentTrack-TATA-Steel.jpg\";a:2:{s:2:\"id\";i:106965;s:11:\"source_type\";s:13:\"media-library\";}s:70:\"\/\/media.alj.com\/app\/uploads\/2023\/03\/SilentTrack-TATA-Steel-300x200.jpg\";a:2:{s:2:\"id\";i:106965;s:11:\"source_type\";s:13:\"media-library\";}s:57:\"\/\/alj.com\/app\/uploads\/2023\/03\/ALJ-Noise-pollution-5-1.jpg\";a:2:{s:2:\"id\";i:107024;s:11:\"source_type\";s:13:\"media-library\";}s:63:\"\/\/media.alj.com\/app\/uploads\/2023\/03\/ALJ-Noise-pollution-5-1.jpg\";a:2:{s:2:\"id\";i:107024;s:11:\"source_type\";s:13:\"media-library\";}s:63:\"\/\/alj.com\/app\/uploads\/2023\/03\/shutterstock_247657351-scaled.jpg\";a:2:{s:2:\"id\";i:106951;s:11:\"source_type\";s:13:\"media-library\";}s:69:\"\/\/media.alj.com\/app\/uploads\/2023\/03\/shutterstock_247657351-scaled.jpg\";a:2:{s:2:\"id\";i:106951;s:11:\"source_type\";s:13:\"media-library\";}}"]},"_links":{"self":[{"href":"https:\/\/alj.com\/fr\/wp-json\/wp\/v2\/spotlight-fadyjameel\/106997"}],"collection":[{"href":"https:\/\/alj.com\/fr\/wp-json\/wp\/v2\/spotlight-fadyjameel"}],"about":[{"href":"https:\/\/alj.com\/fr\/wp-json\/wp\/v2\/types\/spotlight-fadyjameel"}],"wp:featuredmedia":[{"embeddable":true,"href":"https:\/\/alj.com\/fr\/wp-json\/wp\/v2\/media\/106937"}],"wp:attachment":[{"href":"https:\/\/alj.com\/fr\/wp-json\/wp\/v2\/media?parent=106997"}],"wp:term":[{"taxonomy":"post_tag","embeddable":true,"href":"https:\/\/alj.com\/fr\/wp-json\/wp\/v2\/tags?post=106997"}],"curies":[{"name":"wp","href":"https:\/\/api.w.org\/{rel}","templated":true}]}}