{"id":118312,"date":"2024-08-29T05:42:27","date_gmt":"2024-08-29T05:42:27","guid":{"rendered":"https:\/\/alj.com\/spotlight-by-fady-jameel\/greening-the-coalface\/"},"modified":"2024-09-09T12:49:32","modified_gmt":"2024-09-09T12:49:32","slug":"greening-the-coalface","status":"publish","type":"spotlight-fadyjameel","link":"https:\/\/alj.com\/fr\/spotlight-by-fady-jameel\/greening-the-coalface\/","title":{"rendered":"L\u2019\u00e9cologisation du charbon ?"},"content":{"rendered":"<p>L\u2019avenir de l\u2019\u00e9nergie est vert, nous en sommes convaincus. Apr\u00e8s tout, quel autre sc\u00e9nario pourrait-il \u00eatre envisag\u00e9 pour une Terre \u00e9touffante o\u00f9 les records de temp\u00e9rature sont battus chaque ann\u00e9e\u00a0?<a href=\"#_ftn1\" name=\"_ftnref1\"><sup>[1]<\/sup><\/a> Les progr\u00e8s continus dans l\u2019industrie des \u00e9nergies renouvelables, largement relay\u00e9s par les m\u00e9dias, semblent justifier un tel optimisme\u00a0: En\u00a02023, le monde a port\u00e9 \u00e0 environ 507\u00a0GW la nouvelle capacit\u00e9 d\u2019\u00e9lectricit\u00e9 renouvelable, soit pr\u00e8s de 50\u00a0% de plus que l\u2019ann\u00e9e pr\u00e9c\u00e9dente.<a href=\"#_ftn2\" name=\"_ftnref2\"><sup>[2]<\/sup><\/a><\/p>\n<p>En continuant ainsi, nous pourrions faire couler un bain, allumer le chauffage ou faire bouillir de l\u2019eau sans ce sentiment de culpabilit\u00e9 familier. Mais il y a un probl\u00e8me. Un probl\u00e8me combustible, d\u2019un noir de jais, n\u00e9 il y a des millions d\u2019ann\u00e9es, d\u2019une abondance tentante et bon march\u00e9. Le charbon.<\/p>\n<p>Bien que les installations solaires, \u00e9oliennes et hydrauliques \u2013 ainsi que les syst\u00e8mes de stockage par batterie \u2013 continuent de cro\u00eetre d\u2019ann\u00e9e en ann\u00e9e, le charbon reste une drogue dont le monde n\u2019arrive pas \u00e0 se d\u00e9faire.<\/p>\n<p><img decoding=\"async\" loading=\"lazy\" class=\"aligncenter size-full wp-image-118050\" src=\"https:\/\/media.alj.com\/app\/uploads\/2024\/08\/Renewable-electricity-capacity-additions-by-technology-and-segment-scaled.jpg\" alt=\"\" width=\"2560\" height=\"1441\" srcset=\"https:\/\/media.alj.com\/app\/uploads\/2024\/08\/Renewable-electricity-capacity-additions-by-technology-and-segment-scaled.jpg 2560w, https:\/\/media.alj.com\/app\/uploads\/2024\/08\/Renewable-electricity-capacity-additions-by-technology-and-segment-300x169.jpg 300w, https:\/\/media.alj.com\/app\/uploads\/2024\/08\/Renewable-electricity-capacity-additions-by-technology-and-segment-1024x577.jpg 1024w, https:\/\/media.alj.com\/app\/uploads\/2024\/08\/Renewable-electricity-capacity-additions-by-technology-and-segment-150x84.jpg 150w, https:\/\/media.alj.com\/app\/uploads\/2024\/08\/Renewable-electricity-capacity-additions-by-technology-and-segment-768x432.jpg 768w, https:\/\/media.alj.com\/app\/uploads\/2024\/08\/Renewable-electricity-capacity-additions-by-technology-and-segment-1536x865.jpg 1536w, https:\/\/media.alj.com\/app\/uploads\/2024\/08\/Renewable-electricity-capacity-additions-by-technology-and-segment-2048x1153.jpg 2048w, https:\/\/media.alj.com\/app\/uploads\/2024\/08\/Renewable-electricity-capacity-additions-by-technology-and-segment-226x126.jpg 226w\" sizes=\"(max-width: 2560px) 100vw, 2560px\" \/><\/p>\n<p>Ni des d\u00e9g\u00e2ts qu\u2019il provoque. En\u00a02022, le charbon \u00e9tait responsable d\u2019environ 41\u00a0% des \u00e9missions mondiales de gaz \u00e0 effet de serre (GES) provenant de l\u2019\u00e9nergie, soit plus que toute autre source de combustible.<a href=\"#_ftn3\" name=\"_ftnref3\"><sup>[3]<\/sup><\/a> Pourtant, bien qu\u2019il s\u2019agisse du combustible fossile \u00e0 plus forte intensit\u00e9 de carbone sur Terre, nous d\u00e9pendons toujours du charbon pour plus d\u2019un tiers de la production d\u2019\u00e9lectricit\u00e9 dans le monde.<\/p>\n<p>De nombreux scientifiques et d\u00e9fenseurs de l\u2019environnement esp\u00e9raient que le charbon cesserait d\u2019\u00eatre consid\u00e9r\u00e9 comme une source d\u2019\u00e9nergie viable \u00e0 l\u2019occasion de la conf\u00e9rence sur le climat COP28 qui s\u2019est tenue r\u00e9cemment aux \u00c9mirats arabes unis. Toutefois, apr\u00e8s d\u2019\u00e2pres discussions dans les derni\u00e8res \u00e9tapes de la conf\u00e9rence, l\u2019accord ne s\u2019est pas ouvertement engag\u00e9 \u00e0 \u00e9liminer compl\u00e8tement le charbon, se contentant d\u2019encourager les pays \u00e0 effectuer une \u00ab\u00a0transition hors des \u00e9nergies fossiles\u00a0\u00bb.<a href=\"#_ftn4\" name=\"_ftnref4\"><sup>[4]<\/sup><\/a><\/p>\n<p>Le charbon semble l\u00e0 pour durer, du moins \u00e0 court terme. Quelle quantit\u00e9 de charbon br\u00fblons-nous donc chaque ann\u00e9e et pourquoi est-il si difficile d\u2019y renoncer une fois pour toutes\u00a0?<\/p>\n<h2>Consommation de charbon et augmentation de la capacit\u00e9 en tandem<\/h2>\n<p>Les capacit\u00e9s en mati\u00e8re d\u2019\u00e9nergies renouvelables ne cessent de cro\u00eetre, mais malheureusement, notre soif collective d\u2019\u00e9nergie s\u2019accro\u00eet encore plus rapidement. En\u00a02022, nous avons consomm\u00e9 178\u00a0899\u00a0TWh d\u2019\u00e9nergie pour faire fonctionner maisons, entreprises, syst\u00e8mes alimentaires et r\u00e9seaux de transport, ce qui repr\u00e9sente d\u00e9j\u00e0 une forte augmentation par rapport aux 122\u00a0857\u00a0TWh n\u00e9cessaires jusqu\u2019en\u00a02000.<a href=\"#_ftn5\" name=\"_ftnref5\"><sup>[5]<\/sup><\/a> Toute illustration de la consommation mondiale d\u2019\u00e9nergie depuis l\u2019aube de l\u2019\u00e8re industrielle ressemble \u00e0 une montagne abrupte et intimidante dont on ne voit pas le sommet. L\u2019Agence internationale de l\u2019\u00e9nergie (<a href=\"https:\/\/www.iea.org\/\">AIE<\/a>) estime que la demande mondiale en \u00e9lectricit\u00e9 sera de 75\u00a0% \u00e0 150\u00a0% plus \u00e9lev\u00e9e d\u2019ici\u00a02050 qu\u2019\u00e0 l\u2019heure actuelle.<a href=\"#_ftn6\" name=\"_ftnref6\"><sup>[6]<\/sup><\/a><\/p>\n<p><img decoding=\"async\" loading=\"lazy\" class=\"aligncenter size-full wp-image-118036\" src=\"https:\/\/media.alj.com\/app\/uploads\/2024\/08\/Global-primary-energy-consumption-by-source_001-scaled.jpg\" alt=\"\" width=\"2560\" height=\"1441\" srcset=\"https:\/\/media.alj.com\/app\/uploads\/2024\/08\/Global-primary-energy-consumption-by-source_001-scaled.jpg 2560w, https:\/\/media.alj.com\/app\/uploads\/2024\/08\/Global-primary-energy-consumption-by-source_001-300x169.jpg 300w, https:\/\/media.alj.com\/app\/uploads\/2024\/08\/Global-primary-energy-consumption-by-source_001-1024x577.jpg 1024w, https:\/\/media.alj.com\/app\/uploads\/2024\/08\/Global-primary-energy-consumption-by-source_001-150x84.jpg 150w, https:\/\/media.alj.com\/app\/uploads\/2024\/08\/Global-primary-energy-consumption-by-source_001-768x432.jpg 768w, https:\/\/media.alj.com\/app\/uploads\/2024\/08\/Global-primary-energy-consumption-by-source_001-1536x865.jpg 1536w, https:\/\/media.alj.com\/app\/uploads\/2024\/08\/Global-primary-energy-consumption-by-source_001-2048x1153.jpg 2048w, https:\/\/media.alj.com\/app\/uploads\/2024\/08\/Global-primary-energy-consumption-by-source_001-226x126.jpg 226w\" sizes=\"(max-width: 2560px) 100vw, 2560px\" \/><\/p>\n<p>Malgr\u00e9 la r\u00e9putation de fossoyeur du changement climatique du charbon, sa consommation a augment\u00e9 de 3,3\u00a0% pour atteindre 8,3\u00a0milliards de tonnes en\u00a02022, constituant ainsi un nouveau record.<a href=\"#_ftn7\" name=\"_ftnref7\"><sup>[7]<\/sup><\/a> Pour\u00a02023, alors que la demande de charbon devrait avoir l\u00e9g\u00e8rement diminu\u00e9 aux \u00c9tats-Unis et en Europe, la consommation dans les \u00e9conomies en d\u00e9veloppement du monde fera plus que compenser cette baisse. Une fois les chiffres d\u00e9finitifs \u00e9tablis, la Chine, l\u2019Inde et d\u2019autres pays d\u2019Asie du Sud-Est devraient repr\u00e9senter les trois quarts de la consommation totale de charbon en\u00a02023.<\/p>\n<p><img decoding=\"async\" loading=\"lazy\" class=\"aligncenter size-full wp-image-118029\" src=\"https:\/\/media.alj.com\/app\/uploads\/2024\/08\/Global-Coal-Consumption_001-scaled.jpg\" alt=\"\" width=\"2560\" height=\"1441\" srcset=\"https:\/\/media.alj.com\/app\/uploads\/2024\/08\/Global-Coal-Consumption_001-scaled.jpg 2560w, https:\/\/media.alj.com\/app\/uploads\/2024\/08\/Global-Coal-Consumption_001-300x169.jpg 300w, https:\/\/media.alj.com\/app\/uploads\/2024\/08\/Global-Coal-Consumption_001-1024x577.jpg 1024w, https:\/\/media.alj.com\/app\/uploads\/2024\/08\/Global-Coal-Consumption_001-150x84.jpg 150w, https:\/\/media.alj.com\/app\/uploads\/2024\/08\/Global-Coal-Consumption_001-768x432.jpg 768w, https:\/\/media.alj.com\/app\/uploads\/2024\/08\/Global-Coal-Consumption_001-1536x865.jpg 1536w, https:\/\/media.alj.com\/app\/uploads\/2024\/08\/Global-Coal-Consumption_001-2048x1153.jpg 2048w, https:\/\/media.alj.com\/app\/uploads\/2024\/08\/Global-Coal-Consumption_001-226x126.jpg 226w\" sizes=\"(max-width: 2560px) 100vw, 2560px\" \/><\/p>\n<p>In\u00e9vitablement, la capacit\u00e9 augmente parall\u00e8lement \u00e0 la consommation.<\/p>\n<p>En\u00a02023, la capacit\u00e9 mondiale de production d\u2019\u00e9lectricit\u00e9 \u00e0 partir du charbon a augment\u00e9 de 2\u00a0%, stimul\u00e9e par la baisse du taux de fermeture des centrales aux \u00c9tats-Unis et en Europe et par une vague de nouvelles centrales en Asie. Au total, quelque 69,5\u00a0GW de nouvelles capacit\u00e9s de production aliment\u00e9es au charbon ont \u00e9t\u00e9 activ\u00e9es l\u2019ann\u00e9e derni\u00e8re, dont les deux tiers en Chine, et d\u2019importantes nouvelles constructions ont \u00e9galement \u00e9t\u00e9 constat\u00e9es en Cor\u00e9e du Sud, au Japon, au Vietnam, au Pakistan, en Inde et en Indon\u00e9sie. Seuls 21\u00a0GW de capacit\u00e9 provenant du charbon ont \u00e9t\u00e9 ferm\u00e9s l\u2019ann\u00e9e derni\u00e8re, ce qui repr\u00e9sente une augmentation annuelle nette de 48,5\u00a0GW \u2013 la plus forte augmentation en un an depuis\u00a02016.<a href=\"#_ftn8\" name=\"_ftnref8\"><sup>[8]<\/sup><\/a><\/p>\n<p>Ces trajectoires semblent \u00eatre en contradiction directe avec le sc\u00e9nario de l\u2019AIE pr\u00e9voyant des \u00e9missions nettes nulles d\u2019ici \u00e0\u00a02050, ce qui n\u00e9cessitera l\u2019arr\u00eat complet de la production d\u2019\u00e9lectricit\u00e9 aliment\u00e9e au charbon en\u00a02040 au plus tard.<a href=\"#_ftn9\" name=\"_ftnref9\"><sup>[9]<\/sup><\/a> Un tel revirement signifierait la fermeture d\u2019une moyenne de 126\u00a0GW li\u00e9s \u00e0 des centrales au charbon dans le monde par an au cours des 17\u00a0prochaines ann\u00e9es, soit environ deux centrales par semaine.<a href=\"#_ftn10\" name=\"_ftnref10\"><sup>[10]<\/sup><\/a><\/p>\n<p>Toutefois, l\u2019ampleur du d\u00e9fi ne justifie pas de baisser les bras d\u00e8s maintenant. En fait, si l\u2019on se projette dans un avenir proche, les perspectives sont loin d\u2019\u00eatre sombres.<\/p>\n<p>En dehors de la Chine, moins de 4\u00a0GW de nouvelles centrales au charbon ont \u00e9t\u00e9 construits l\u2019ann\u00e9e derni\u00e8re, soit un quart de la moyenne annuelle enregistr\u00e9e entre\u00a02015 et\u00a02022. Autre signe positif, les fermetures de centrales au charbon devraient s\u2019acc\u00e9l\u00e9rer \u00e0 nouveau cette ann\u00e9e aux \u00c9tats-Unis et en Europe, apr\u00e8s leur ralentissement r\u00e9cent.<\/p>\n<p>En outre, les analystes pr\u00e9voient que m\u00eame l\u2019attachement de la Chine au charbon vacillera dans les ann\u00e9es \u00e0 venir, \u00e0 mesure que des options moins co\u00fbteuses \u00e0 faible teneur en carbone deviendront disponibles, la croissance de l\u2019\u00e9nergie hydraulique et nucl\u00e9aire compl\u00e9tant les gains r\u00e9alis\u00e9s dans la production solaire et \u00e9olienne.<\/p>\n<p>D\u2019o\u00f9 la question suivante\u00a0: pourquoi la transition mondiale hors du charbon est-elle si obstin\u00e9ment lente\u00a0?<\/p>\n<h2>Un pacte pernicieux\u00a0: pourquoi le charbon est une habitude difficile \u00e0 perdre.<\/h2>\n<p>La d\u00e9pendance \u00e0 l\u2019\u00e9gard du charbon est un probl\u00e8me mondial, et m\u00eame les nations \u00ab\u00a0progressistes\u00a0\u00bb restent \u00e0 la merci des circonstances.<\/p>\n<p>\u00c0 la suite du conflit en Ukraine et des sanctions qui ont suivi contre la Russie, g\u00e9ant du p\u00e9trole et du gaz, l\u2019Union europ\u00e9enne (UE) et le Royaume-Uni se sont tourn\u00e9s vers le charbon pour renforcer leur s\u00e9curit\u00e9 \u00e9nerg\u00e9tique \u00e0 court terme. C\u2019est l\u2019Allemagne qui a le plus augment\u00e9 sa capacit\u00e9 de production au charbon, avec 10\u00a0GW suppl\u00e9mentaires pour l\u2019hiver\u00a02022\/2023. Au cours des premiers jours de la crise, les Pays-Bas ont ajout\u00e9 3,8\u00a0GW suppl\u00e9mentaires en supprimant le plafond de production de 35\u00a0% impos\u00e9 aux centrales au charbon.<a href=\"#_ftn11\" name=\"_ftnref11\"><sup>[11]<\/sup><\/a><\/p>\n<p>Bien que ne poss\u00e9dant plus qu\u2019une centrale \u00e9lectrique au charbon en activit\u00e9 (et que toutes les centrales \u00e9lectriques au charbon doivent cesser leur production d\u2019ici \u00e0 la fin\u00a02024), le Royaume-Uni ne peut pas non plus se d\u00e9barrasser totalement de sa d\u00e9pendance au charbon. Invoquant des pr\u00e9occupations de \u00ab\u00a0s\u00e9curit\u00e9 \u00e9nerg\u00e9tique\u00a0\u00bb, il a suscit\u00e9 la pol\u00e9mique en donnant son feu vert en d\u00e9cembre\u00a02022 \u00e0 une nouvelle mine de charbon c\u00f4ti\u00e8re \u00e0 Whitehaven, dans le comt\u00e9 de Cumbria. Le charbon proviendra de filons situ\u00e9s sous la mer d\u2019Irlande.<\/p>\n<p>Cette d\u00e9cision est lourde de cons\u00e9quences pour l\u2019environnement. Un groupe consultatif ind\u00e9pendant, le UK Climate Change Committee a calcul\u00e9 que la mine et son charbon \u00e9mettraient environ neuf millions de tonnes d\u2019\u00e9missions de gaz \u00e0 effet de serre par an.<a href=\"#_ftn12\" name=\"_ftnref12\"><sup>[12]<\/sup><\/a> D\u2019autres sources sugg\u00e8rent que les activit\u00e9s de la mine \u00e9quivaudront \u00e0 la pollution produite par 200\u00a0000\u00a0voitures \u00e0 essence de plus sur les routes.<a href=\"#_ftn13\" name=\"_ftnref13\"><sup>[13]<\/sup><\/a> La construction de la mine de charbon Woodhouse \u00e0 Whitehaven pourrait commencer en\u00a02024, le site ayant obtenu un permis de construire valable jusqu\u2019en\u00a02049.<\/p>\n<p>M\u00eame les facteurs m\u00e9t\u00e9orologiques peuvent avoir une influence sur la consommation de charbon. Dans la r\u00e9gion Asie-Pacifique, par exemple, les ph\u00e9nom\u00e8nes m\u00e9t\u00e9orologiques extr\u00eames survenus en\u00a02022 ont entra\u00een\u00e9 un recours accru au charbon pour la production d\u2019\u00e9lectricit\u00e9 et une hausse de la consommation de 3\u00a0% en glissement annuel. En Inde, la m\u00eame ann\u00e9e, les canicules estivales ont entra\u00een\u00e9 une demande d\u2019\u00e9lectricit\u00e9 sans pr\u00e9c\u00e9dent, principalement satisfaite par une augmentation de 8,5\u00a0% de la production d\u2019\u00e9lectricit\u00e9 \u00e0 partir du charbon.<\/p>\n<p>En Chine, les exigences d\u2019une \u00e9conomie en plein essor ne font que d\u00e9multiplier ces pressions. Dans la province de Shanxi, le c\u0153ur du charbon chinois situ\u00e9 \u00e0 500\u00a0km de P\u00e9kin, les entreprises de combustibles fossiles continuent \u00e0 creuser de nouvelles mines dans le paysage vallonn\u00e9. La consommation de charbon a augment\u00e9 de 80\u00a0% au cours des ann\u00e9es\u00a02010 pour fournir de l\u2019\u00e9nergie aux aci\u00e9ries et aux cimenteries.<a href=\"#_ftn14\" name=\"_ftnref14\"><sup>[14]<\/sup><\/a> La poursuite de ce pillage d\u00e9pend des d\u00e9cisions politiques r\u00e9gissant les nouveaux gazoducs reliant la Chine \u00e0 la Russie, eux-m\u00eames soumis \u00e0 un d\u00e9licat maillage de trait\u00e9s transfrontaliers et de jeux de pouvoir internationaux.<\/p>\n<p>D\u2019un point de vue pratique, ind\u00e9pendamment de la croissance des \u00e9nergies renouvelables, la Chine se sent oblig\u00e9e de maintenir le fonctionnement de ses centrales \u00e9lectriques au charbon \u00e0 au moins 30\u00a0% de leur capacit\u00e9. Pourquoi\u00a0? Parce que cela leur permet de monter rapidement en puissance en cas de faible ensoleillement ou d\u2019accalmie du vent\u00a0; \u00e0 l\u2019inverse, la mise en route d\u2019une centrale au charbon peut prendre jusqu\u2019\u00e0 deux jours, le temps pour les machines de s\u2019arr\u00eater ou pour les riverains de se mettre \u00e0 grelotter. Tant que ces consid\u00e9rations ne seront pas lev\u00e9es, les soci\u00e9t\u00e9s \u00e0 forte population et \u00e0 base industrielle florissante resteront, au moins en partie, attach\u00e9es au charbon.<\/p>\n<p>Ailleurs, nous constatons que la rupture des liens avec le charbon n\u00e9cessite des efforts assidus de la part des l\u00e9gislateurs. Certains mod\u00e8les \u00e9mergent et offrent de l\u2019espoir \u00e0 ceux qui visent un monde plus propre et plus vert.<\/p>\n<h2>Couper les ponts avec le charbon une bonne fois pour toutes\u00a0?<\/h2>\n<p>Les dirigeants mondiaux reconnaissent ouvertement l\u2019importance de la transition hors du charbon et l\u2019importance des pouvoirs r\u00e9glementaires pour pr\u00e9server cette transition. Une br\u00e8ve lecture des textes de loi montre qu\u2019un certain nombre d\u2019\u00e9tapes ont r\u00e9cemment \u00e9t\u00e9 franchies sur la voie d\u2019un avenir sans charbon.<a href=\"#_ftn15\" name=\"_ftnref15\"><sup>[15]<\/sup><\/a><\/p>\n<p>L\u2019influent forum du G7 (compos\u00e9 du Canada, de la France, de l\u2019Allemagne, de l\u2019Italie, du Japon, du Royaume-Uni et des \u00c9tats-Unis) a publi\u00e9 en avril\u00a02023 un communiqu\u00e9 sp\u00e9cial des ministres du climat, de l\u2019\u00e9nergie et de l\u2019environnement appelant officiellement \u00e0 l\u2019arr\u00eat imm\u00e9diat de la construction de toute nouvelle centrale \u00e9lectrique au charbon.<a href=\"#_ftn16\" name=\"_ftnref16\"><sup>[16]<\/sup><\/a>Les membres ont d\u00e9cid\u00e9 de \u00ab\u00a0cr\u00e9er un march\u00e9 international qui minimise les \u00e9missions de GES dans les cha\u00eenes de valeur du p\u00e9trole, du gaz et du charbon\u00a0\u00bb et de veiller \u00e0 ce que le secteur de l\u2019\u00e9lectricit\u00e9 soit majoritairement d\u00e9carbonis\u00e9 d\u2019ici\u00a02035, conform\u00e9ment \u00e0 l\u2019objectif de limiter le r\u00e9chauffement climatique \u00e0\u00a0+1,5\u00a0<sup>o<\/sup>C.<\/p>\n<p>Les nations ouvrent la voie. L\u2019Allemagne a r\u00e9cemment avanc\u00e9 de\u00a02038 \u00e0\u00a02030 la date limite pour l\u2019arr\u00eat de la combustion du charbon dans le Land de Rh\u00e9nanie-du-Nord-Westphalie, et d\u2019autres r\u00e9gions pourraient suivre.<\/p>\n<p>De m\u00eame, la Slovaquie a avanc\u00e9 la date d\u2019\u00e9limination du charbon \u00e0 l\u2019\u00e9chelle nationale de\u00a02030 \u00e0\u00a02024.<\/p>\n<p>Le Portugal a confirm\u00e9 qu\u2019il ne pr\u00e9voyait pas de construire de nouvelles centrales au charbon apr\u00e8s avoir ferm\u00e9 sa derni\u00e8re installation en\u00a02021, devenant ainsi le dernier pays de l\u2019UE \u00e0 abandonner le charbon apr\u00e8s la Belgique, l\u2019Autriche et la Su\u00e8de.<\/p>\n<p>En Asie, deux nouveaux partenariats pour une transition \u00e9nerg\u00e9tique juste (\u00ab\u00a0Just Energy Transition Partnerships\u00a0\u00bb, JETP) ont \u00e9t\u00e9 d\u00e9voil\u00e9s. Ces programmes en Indon\u00e9sie et au Vietnam, dot\u00e9s respectivement d\u2019un budget de 20\u00a0milliards de dollars et de 15,5\u00a0milliards de dollars, visent \u00e0 favoriser une transition juste et \u00e9quitable du charbon et \u00e0 soutenir financi\u00e8rement les initiatives de d\u00e9carbonisation.<\/p>\n<p>La Chine fait des progr\u00e8s tangibles en mati\u00e8re d\u2019am\u00e9lioration du climat gr\u00e2ce \u00e0 l\u2019installation d\u2019\u00e9quipements de <a href=\"https:\/\/alj.com\/en\/perspective\/can-carbon-capture-free-the-world-from-co%e2%82%82\/\">captage, d\u2019utilisation et de stockage du carbone<\/a> (\u00ab\u00a0carbon capture, usage and storage<u>\u00a0\u00bb, <\/u>CCUS) dans sa centrale \u00e9lectrique au charbon de Taizhou, dans la province de Jiangsu &#8211; la troisi\u00e8me grande centrale au charbon au monde \u00e0 \u00eatre \u00e9quip\u00e9e d\u2019une telle technologie. Le pr\u00e9sident chinois, Xi Jinping ayant promis que les \u00e9missions nettes de carbone de son pays atteindraient leur maximum avant\u00a02030 et seraient nulles d\u2019ici\u00a02060, il y a de r\u00e9els espoirs que cela repr\u00e9sente plus qu\u2019une simple concession au lobby climatique.<\/p>\n<p>Quelle est la pertinence du CCUS dans le d\u00e9bat sur le charbon\u00a0: une v\u00e9ritable opportunit\u00e9 pour l\u2019att\u00e9nuation ou une simple distraction\u00a0? Il convient de noter que la technologie CCUS continue d\u2019\u00e9voluer rapidement. Des \u00e9tudes gouvernementales indiquent que jusqu\u2019\u00e0 90\u00a0% des \u00e9missions de carbone provenant des centrales \u00e9lectriques au charbon pourraient \u00eatre captur\u00e9es par le biais de la CCUS, ce qui repr\u00e9senterait environ un cinqui\u00e8me des r\u00e9ductions globales d\u2019\u00e9missions requises d\u2019ici \u00e0\u00a02050.<a href=\"#_ftn17\" name=\"_ftnref17\"><sup>[17]<\/sup><\/a> Selon le sc\u00e9nario de d\u00e9veloppement durable de l\u2019AIE, la production d\u2019\u00e9lectricit\u00e9 \u00e0 partir de centrales au charbon \u00e9quip\u00e9es de CCUS pourrait s\u2019\u00e9lever \u00e0 246\u00a0TWh par an d\u2019ici \u00e0\u00a02030, puis \u00e0 994\u00a0TWh d\u2019ici \u00e0\u00a02040.<a href=\"#_ftn18\" name=\"_ftnref18\"><sup>[18]<\/sup><\/a> Cependant, le CCUS est une option co\u00fbteuse et, pour l\u2019instant du moins, cette technologie n\u2019a pas encore fait ses preuves \u00e0 grande \u00e9chelle.<a href=\"#_ftn19\" name=\"_ftnref19\"><sup>[19]<\/sup><\/a><\/p>\n<p><img decoding=\"async\" loading=\"lazy\" class=\"aligncenter size-full wp-image-118043\" src=\"https:\/\/media.alj.com\/app\/uploads\/2024\/08\/Power-generation-from-carbon-capture_001-scaled.jpg\" alt=\"\" width=\"2560\" height=\"1441\" srcset=\"https:\/\/media.alj.com\/app\/uploads\/2024\/08\/Power-generation-from-carbon-capture_001-scaled.jpg 2560w, https:\/\/media.alj.com\/app\/uploads\/2024\/08\/Power-generation-from-carbon-capture_001-300x169.jpg 300w, https:\/\/media.alj.com\/app\/uploads\/2024\/08\/Power-generation-from-carbon-capture_001-1024x577.jpg 1024w, https:\/\/media.alj.com\/app\/uploads\/2024\/08\/Power-generation-from-carbon-capture_001-150x84.jpg 150w, https:\/\/media.alj.com\/app\/uploads\/2024\/08\/Power-generation-from-carbon-capture_001-768x432.jpg 768w, https:\/\/media.alj.com\/app\/uploads\/2024\/08\/Power-generation-from-carbon-capture_001-1536x865.jpg 1536w, https:\/\/media.alj.com\/app\/uploads\/2024\/08\/Power-generation-from-carbon-capture_001-2048x1153.jpg 2048w, https:\/\/media.alj.com\/app\/uploads\/2024\/08\/Power-generation-from-carbon-capture_001-226x126.jpg 226w\" sizes=\"(max-width: 2560px) 100vw, 2560px\" \/><\/p>\n<p>Toute transition \u00e9nerg\u00e9tique r\u00e9ussie doit respecter les besoins des communaut\u00e9s qui d\u00e9pendent traditionnellement des largesses de l\u2019industrie du charbon. Le Br\u00e9sil, la Pologne et la R\u00e9publique tch\u00e8que ont tous adopt\u00e9 une l\u00e9gislation consacrant leurs propres\u00a0JETP, des contrats sociaux s\u2019engageant \u00e0 am\u00e9liorer la qualit\u00e9 de vie, \u00e0 restaurer les habitats naturels et \u00e0 financer des programmes d\u2019\u00e9nergie propre pendant la p\u00e9riode d\u00e9cisive correspondant \u00e0 l\u2019abandon du charbon. Des programmes similaires dot\u00e9s de budgets de plusieurs milliards de dollars gagnent \u00e9galement du terrain dans des pays comme l\u2019Afrique du Sud.<\/p>\n<p><img decoding=\"async\" loading=\"lazy\" class=\"aligncenter size-full wp-image-118057\" src=\"https:\/\/media.alj.com\/app\/uploads\/2024\/08\/shutterstock_2360165511-scaled.jpg\" alt=\"\" width=\"2560\" height=\"1707\" srcset=\"https:\/\/media.alj.com\/app\/uploads\/2024\/08\/shutterstock_2360165511-scaled.jpg 2560w, https:\/\/media.alj.com\/app\/uploads\/2024\/08\/shutterstock_2360165511-300x200.jpg 300w, https:\/\/media.alj.com\/app\/uploads\/2024\/08\/shutterstock_2360165511-1024x683.jpg 1024w, https:\/\/media.alj.com\/app\/uploads\/2024\/08\/shutterstock_2360165511-150x100.jpg 150w, https:\/\/media.alj.com\/app\/uploads\/2024\/08\/shutterstock_2360165511-768x512.jpg 768w, https:\/\/media.alj.com\/app\/uploads\/2024\/08\/shutterstock_2360165511-1536x1024.jpg 1536w, https:\/\/media.alj.com\/app\/uploads\/2024\/08\/shutterstock_2360165511-2048x1365.jpg 2048w\" sizes=\"(max-width: 2560px) 100vw, 2560px\" \/><\/p>\n<p>Le secteur priv\u00e9 paie \u00e9galement sa quote-part. Au sein de la communaut\u00e9 financi\u00e8re, de nombreux investisseurs, compagnies d\u2019assurance et fonds de pension ont \u00e9tabli leurs plans de r\u00e9duction, voire d\u2019\u00e9limination totale, de leur soutien au charbon, dans le cadre d\u2019une vague mondiale d\u2019investissements dits <a href=\"https:\/\/alj.com\/en\/spotlight-by-fady-jameel\/green-is-good-how-esg-is-transforming-the-investment-industry\/\">\u00ab\u00a0environnementaux, sociaux et de gouvernance\u00a0\u00bb (ESG<\/a>). Au Japon, la Sumitomo Banking Corporation a r\u00e9v\u00e9l\u00e9 en\u00a02023 qu\u2019elle mettrait fin \u00e0 tout financement de projet et d\u2019entreprise pour les mines de charbon et les centrales \u00e9lectriques au charbon d\u2019ici \u00e0\u00a02040.<\/p>\n<p>Ailleurs dans le secteur priv\u00e9, certaines entreprises avant-gardistes prennent des mesures plus directes pour assurer le d\u00e9clin du charbon et faire progresser les perspectives d\u2019alternatives renouvelables.<\/p>\n<h2>Capitaux priv\u00e9s\u00a0: la cl\u00e9 de l\u2019\u00e9nergie durable<\/h2>\n<p>Chez <a href=\"https:\/\/alj.com\/en\/\">Abdul Latif Jameel<\/a> , nous reconnaissons que la meilleure fa\u00e7on de sceller la fin du charbon \u00e0 l\u2019\u00e9chelle mondiale consiste \u00e0 promouvoir les performances et la vitalit\u00e9 \u00e9conomique d\u2019alternatives appropri\u00e9es.<\/p>\n<p>C\u2019est pourquoi, conform\u00e9ment \u00e0 l\u2019<a href=\"https:\/\/jameel75.com\/en\/sdg\">Agenda\u00a02030 des Nations Unies<\/a> et aux <a href=\"https:\/\/alj.com\/en\/perspective\/towards-2030-united-in-progress\/\">Objectifs de d\u00e9veloppement durable<\/a>, nous soutenons le d\u00e9veloppement d\u2019initiatives d\u2019\u00e9nergie renouvelable dans le monde entier.<\/p>\n<p>Fotowatio Renewable Ventures (<a href=\"https:\/\/frv.com\/en\/\">FRV<\/a>), qui fait partie de <a href=\"https:\/\/alj.com\/en\/energy-and-environmental-services\/energy-overview\/\">Jameel Energy<\/a>, est notre activit\u00e9 phare en mati\u00e8re d\u2019\u00e9nergie renouvelable. FRV g\u00e8re un portefeuille toujours plus vaste de projets \u00e9oliens, solaires, de stockage d\u2019\u00e9nergie et d\u2019\u00e9nergie hybride au Moyen-Orient, en Europe, en Am\u00e9rique latine et en Australie.<\/p>\n<p><a href=\"https:\/\/frv.com\/en\/services\/frv-x\/\">FRV-X<\/a>, l\u2019aile d\u2019innovation de FRV, est un pionnier des efforts visant \u00e0 garantir une \u00e9nergie propre 24\u00a0heures sur\u00a024 aux communaut\u00e9s du monde entier. Il est essentiel de veiller \u00e0 ce que l\u2019approvisionnement en \u00e9nergie renouvelable soit aussi fiable que l\u2019\u00e9nergie produite par les centrales traditionnelles.<\/p>\n<p>Les usines de stockage de batteries \u00e0 l\u2019\u00e9chelle des services publics (<a href=\"https:\/\/alj.com\/en\/perspective\/storing-a-sustainable-energy-solution\/\">BESS<\/a>) de <a href=\"https:\/\/frv.com\/en\/services\/frv-x\/\">FRV-X<\/a> servent de r\u00e9f\u00e9rentiels pour l\u2019\u00e9nergie provenant de sources renouvelables et sont pr\u00eates \u00e0 \u00eatre d\u00e9ploy\u00e9es d\u00e8s que les foyers et les entreprises en ont besoin. FRV-X g\u00e8re les usines BESS au Royaume-Uni \u00e0 <a href=\"https:\/\/alj.com\/en\/news\/abdul-latif-jameel-energys-frv-energizes-contego-battery-energy-storage-plant\/\">Contego,<\/a> dans le Sussex de l\u2019Ouest, \u00e0 <a href=\"https:\/\/alj.com\/en\/news\/abdul-latif-jameel-energys-frv-achieves-financial-close-with-natwest-for-its-holes-bay-battery-project-in-the-uk\/\">Holes Bay<\/a>, \u00e0 Dorset et \u00e0 <a href=\"https:\/\/alj.com\/en\/news\/abdul-latif-jameel-energys-frv-and-harmony-energy-begin-construction-of-one-the-uks-largest-battery-storage-projects\/\">Clay Tye<\/a>, \u00e0 Essex, r\u00e9cemment inaugur\u00e9e comme le plus grand projet conjoint d\u2019Europe.<\/p>\n<p><iframe loading=\"lazy\" title=\"Abdul Latif Jameel Energy FRV Clay Tye BESS Inaugration Celebration Event (EN VO Subs)\" width=\"640\" height=\"360\" src=\"https:\/\/www.youtube.com\/embed\/2tQ0vfB2CIY?feature=oembed\" frameborder=\"0\" allow=\"accelerometer; autoplay; clipboard-write; encrypted-media; gyroscope; picture-in-picture; web-share\" referrerpolicy=\"strict-origin-when-cross-origin\" allowfullscreen><\/iframe><\/p>\n<p>Elle exploite \u00e9galement une centrale solaire hybride et une centrale BESS \u00e0 <a href=\"https:\/\/alj.com\/en\/news\/abdul-latif-jameel-energys-frv-announces-first-hybrid-pv-solar-storage-project-in-australia\/\">Dalby<\/a>, dans le Queensland, en Australie. FRV-X continue de d\u00e9velopper son portefeuille avec l\u2019achat d\u2019une participation majoritaire dans un projet BESS en <a href=\"https:\/\/alj.com\/en\/news\/abdul-latif-jameel-energys-frv-acquires-majority-stake-in-one-of-the-largest-battery-energy-storage-systems-in-greece\/\">Gr\u00e8ce<\/a>, ainsi que de deux <a href=\"https:\/\/alj.com\/en\/news\/abdul-latif-jameel-energys-frv-to-acquire-two-new-battery-energy-storage-projects-in-the-uk\/\">projets BESS<\/a> suppl\u00e9mentaires au Royaume-Uni \u00e0 l\u2019automne\u00a02022, \u00e9tablissant ainsi son <a href=\"https:\/\/alj.com\/en\/news\/frv-establishes-new-permanent-uk-base-as-battery-energy-storage-system-projects-continue-to-be-developed\/\">Centre d\u2019excellence BESS dans le pays<\/a>.<\/p>\n<p><iframe loading=\"lazy\" title=\"Abdul Latif Jameel Energy &amp;  FRV&#039;s UK MD David Menendez talks about Battery Storage (EN VO  Subs)\" width=\"640\" height=\"360\" src=\"https:\/\/www.youtube.com\/embed\/uMTFHYZxgwg?feature=oembed\" frameborder=\"0\" allow=\"accelerometer; autoplay; clipboard-write; encrypted-media; gyroscope; picture-in-picture; web-share\" referrerpolicy=\"strict-origin-when-cross-origin\" allowfullscreen><\/iframe><\/p>\n<p>FRV-X a \u00e9galement investi <a href=\"https:\/\/frv.com\/en\/frv-x-invests-e10-million-in-impact-investment-provider-ecoligo-to-drive-global-transition-to-renewable-energy\/\">de mani\u00e8re significative dans ecoligo<\/a>, le fournisseur allemand de \u00ab\u00a0services solaires\u00a0\u00bb qui d\u00e9veloppe des projets solaires personnalis\u00e9s et financ\u00e9s par la collectivit\u00e9 sur les march\u00e9s \u00e9mergents d\u2019Am\u00e9rique du Sud, d\u2019Afrique et d\u2019Asie.<\/p>\n<p><iframe loading=\"lazy\" title=\"Abdul Latif Jameel Energy&#039;s FRV-X makes major investment in Berlin-based ecoligo (EN VO Subs)\" width=\"640\" height=\"360\" src=\"https:\/\/www.youtube.com\/embed\/fS4eFRimAC4?feature=oembed\" frameborder=\"0\" allow=\"accelerometer; autoplay; clipboard-write; encrypted-media; gyroscope; picture-in-picture; web-share\" referrerpolicy=\"strict-origin-when-cross-origin\" allowfullscreen><\/iframe><\/p>\n<p>\u00c0 plus long terme, les investissements de la famille Jameel, par l\u2019interm\u00e9diaire de <a href=\"https:\/\/jimco.com\">JIMCO<\/a>, s\u2019int\u00e9ressent \u00e0 de nouvelles technologies passionnantes telles que <a href=\"https:\/\/jimco.com\/en\/insights\/the-future-is-fusion\/\">l\u2019\u00e9nergie de fusion<\/a>.<\/p>\n<p><iframe loading=\"lazy\" title=\"JIMCO Technology Fund: What is Fusion Energy?  (EN VO\/Subs)\" width=\"640\" height=\"360\" src=\"https:\/\/www.youtube.com\/embed\/piWcj-fbsf0?feature=oembed\" frameborder=\"0\" allow=\"accelerometer; autoplay; clipboard-write; encrypted-media; gyroscope; picture-in-picture; web-share\" referrerpolicy=\"strict-origin-when-cross-origin\" allowfullscreen><\/iframe><\/p>\n<p>Il s\u2019agit notamment <a href=\"https:\/\/www.psfc.mit.edu\/\">de l\u2019entreprise d\u00e9riv\u00e9e du Plasma Science and Fusion Center du MIT<\/a>, <a href=\"https:\/\/jimco.com\/en\/portfolio\/commonwealth-fusion-systems\/\">Commonwealth Fusion Systems,<\/a> et l\u2019entreprise canadienne <a href=\"https:\/\/jimco.com\/en\/portfolio\/general-fusion\/\">General Fusion<\/a>.<\/p>\n<p><iframe loading=\"lazy\" title=\"JIMCO Technology Fund a major investor in CFS US$ 1.8bn Series B Round (EN VO\/Subs)\" width=\"640\" height=\"360\" src=\"https:\/\/www.youtube.com\/embed\/yeSvUmD51Ig?feature=oembed\" frameborder=\"0\" allow=\"accelerometer; autoplay; clipboard-write; encrypted-media; gyroscope; picture-in-picture; web-share\" referrerpolicy=\"strict-origin-when-cross-origin\" allowfullscreen><\/iframe><\/p>\n<p>Le charbon est pr\u00e9sent depuis des mill\u00e9naires et, en tant que principal moteur de la r\u00e9volution industrielle qui a transform\u00e9 nos vies, il restera int\u00e9gr\u00e9 \u00e0 nos syst\u00e8mes \u00e9nerg\u00e9tiques pour les ann\u00e9es \u00e0 venir. Cependant, si nous tenons \u00e0 notre qualit\u00e9 de vie, il est imp\u00e9ratif de minimiser sa pr\u00e9sence dans nos centrales \u00e9lectriques et nos fours d\u2019usine et de continuer \u00e0 planifier son remplacement \u00e0 terme. Le secteur priv\u00e9 doit encourager l\u2019in\u00e9vitable transition en pr\u00e9conisant une alternative meilleure et plus durable\u00a0: les \u00e9nergies renouvelables. Si nous parvenons \u00e0 cr\u00e9er une soci\u00e9t\u00e9 fonctionnant avec des formes d\u2019\u00e9nergie plus propres et plus vertes, nous pourrons mettre fin \u00e0 notre d\u00e9pendance s\u00e9culaire au charbon et envisager des lendemains plus heureux.<\/p>\n<p><a href=\"#_ftnref1\" name=\"_ftn1\">[1]<\/a> <a href=\"https:\/\/wmo.int\/media\/news\/wmo-confirms-2023-smashes-global-temperature-record\">https:\/\/wmo.int\/media\/news\/wmo-confirms-2023-smashes-global-temperature-record<\/a><\/p>\n<p><a href=\"#_ftnref2\" name=\"_ftn2\">[2]<\/a> <a href=\"https:\/\/www.iea.org\/reports\/renewables-2023\/electricity\">https:\/\/www.iea.org\/reports\/renewables-2023\/electricity<\/a><\/p>\n<p><a href=\"#_ftnref3\" name=\"_ftn3\">[3]<\/a> <a href=\"https:\/\/essd.copernicus.org\/articles\/15\/5301\/2023\/\">https:\/\/essd.copernicus.org\/articles\/15\/5301\/2023\/<\/a><\/p>\n<p><a href=\"#_ftnref4\" name=\"_ftn4\">[4]<\/a> <a href=\"https:\/\/www.theguardian.com\/environment\/2023\/dec\/13\/cop28-second-draft-text-of-climate-deal-calls-for-transitioning-away-from-fossil-fuels\">https:\/\/www.theguardian.com\/environment\/2023\/dec\/13\/cop28-second-draft-text-of-climate-deal-calls-for-transitioning-away-from-fossil-fuels<\/a><\/p>\n<p><a href=\"#_ftnref5\" name=\"_ftn5\">[5]<\/a> <a href=\"https:\/\/ourworldindata.org\/energy-production-consumption\">https:\/\/ourworldindata.org\/energy-production-consumption<\/a><\/p>\n<p><a href=\"#_ftnref6\" name=\"_ftn6\">[6]<\/a> <a href=\"https:\/\/www.iea.org\/reports\/world-energy-outlook-2022\/outlook-for-electricity\">https:\/\/www.iea.org\/reports\/world-energy-outlook-2022\/outlook-for-electricity<\/a><\/p>\n<p><a href=\"#_ftnref7\" name=\"_ftn7\">[7]<\/a> <a href=\"https:\/\/www.iea.org\/news\/global-coal-demand-set-to-remain-at-record-levels-in-2023\">https:\/\/www.iea.org\/news\/global-coal-demand-set-to-remain-at-record-levels-in-2023<\/a><\/p>\n<p><a href=\"#_ftnref8\" name=\"_ftn8\">[8]<\/a> <a href=\"https:\/\/www.theguardian.com\/environment\/2024\/apr\/11\/worlds-coal-power-capacity-rises-despite-climate-warnings\">https:\/\/www.theguardian.com\/environment\/2024\/apr\/11\/worlds-coal-power-capacity-rises-despite-climate-warnings<\/a><\/p>\n<p><a href=\"#_ftnref9\" name=\"_ftn9\">[9]<\/a> <a href=\"https:\/\/www.iea.org\/energy-system\/fossil-fuels\/coal\">https:\/\/www.iea.org\/energy-system\/fossil-fuels\/coal<\/a><\/p>\n<p><a href=\"#_ftnref10\" name=\"_ftn10\">[10]<\/a> <a href=\"https:\/\/www.theguardian.com\/environment\/2024\/apr\/11\/worlds-coal-power-capacity-rises-despite-climate-warnings\">https:\/\/www.theguardian.com\/environment\/2024\/apr\/11\/worlds-coal-power-capacity-rises-despite-climate-warnings<\/a><\/p>\n<p><a href=\"#_ftnref11\" name=\"_ftn11\">[11]<\/a> <a href=\"https:\/\/www.iea.org\/energy-system\/fossil-fuels\/coal\">https:\/\/www.iea.org\/energy-system\/fossil-fuels\/coal<\/a><\/p>\n<p><a href=\"#_ftnref12\" name=\"_ftn12\">[12]<\/a> <a href=\"https:\/\/www.forbes.com\/sites\/heatherfarmbrough\/2022\/12\/09\/uk-government-approves-first-coal-mine-in-30-years-in-cumbria\">https:\/\/www.forbes.com\/sites\/heatherfarmbrough\/2022\/12\/09\/uk-government-approves-first-coal-mine-in-30-years-in-cumbria<\/a><\/p>\n<p><a href=\"#_ftnref13\" name=\"_ftn13\">[13]<\/a> <a href=\"https:\/\/www.theguardian.com\/environment\/2022\/dec\/07\/what-is-the-cumbrian-coalmine-and-why-does-it-matter-woodhouse-colliery\">https:\/\/www.theguardian.com\/environment\/2022\/dec\/07\/what-is-the-cumbrian-coalmine-and-why-does-it-matter-woodhouse-colliery<\/a><\/p>\n<p><a href=\"#_ftnref14\" name=\"_ftn14\">[14]<\/a> <a href=\"https:\/\/www.nytimes.com\/2022\/11\/03\/business\/energy-environment\/china-coal-natural-gas.html\">https:\/\/www.nytimes.com\/2022\/11\/03\/business\/energy-environment\/china-coal-natural-gas.html<\/a><\/p>\n<p><a href=\"#_ftnref15\" name=\"_ftn15\">[15]<\/a> <a href=\"https:\/\/www.iea.org\/energy-system\/fossil-fuels\/coal\">https:\/\/www.iea.org\/energy-system\/fossil-fuels\/coal<\/a><\/p>\n<p><a href=\"#_ftnref16\" name=\"_ftn16\">[16]<\/a> <a href=\"https:\/\/www.meti.go.jp\/press\/2023\/04\/20230417004\/20230417004-1.pdf\">https:\/\/www.meti.go.jp\/press\/2023\/04\/20230417004\/20230417004-1.pdf<\/a><\/p>\n<p><a href=\"#_ftnref17\" name=\"_ftn17\">[17]<\/a> <a href=\"https:\/\/www.parliament.uk\/globalassets\/documents\/commons\/lib\/research\/key_issues\/key-issues-carbon-capture-and-storage.pdf\">https:\/\/www.parliament.uk\/globalassets\/documents\/commons\/lib\/research\/key_issues\/key-issues-carbon-capture-and-storage.pdf<\/a><\/p>\n<p><a href=\"#_ftnref18\" name=\"_ftn18\">[18]<\/a> <a href=\"https:\/\/www.iea.org\/reports\/the-role-of-ccus-in-low-carbon-power-systems\/how-carbon-capture-technologies-support-the-power-transition\">https:\/\/www.iea.org\/reports\/the-role-of-ccus-in-low-carbon-power-systems\/how-carbon-capture-technologies-support-the-power-transition<\/a><\/p>\n<p><a href=\"#_ftnref19\" name=\"_ftn19\">[19]<\/a> <a href=\"https:\/\/www.reuters.com\/business\/environment\/why-carbon-capture-is-no-easy-solution-climate-change-2023-11-22\/\">https:\/\/www.reuters.com\/business\/environment\/why-carbon-capture-is-no-easy-solution-climate-change-2023-11-22\/<\/a><\/p>\n","protected":false},"featured_media":118232,"template":"","tags":[],"acf":[],"yoast_head":"<!-- This site is optimized with the Yoast SEO plugin v21.5 - https:\/\/yoast.com\/wordpress\/plugins\/seo\/ -->\n<title>L\u2019\u00e9cologisation du charbon ? | Abdul Latif Jameel\u00ae<\/title>\n<meta name=\"description\" content=\"L\u2019avenir de l\u2019\u00e9nergie est vert, nous en sommes convaincus. Bien que les installations solaires, \u00e9oliennes et hydrauliques \u2013 ainsi que les syst\u00e8mes de stockage par batterie \u2013 continuent de cro\u00eetre d\u2019ann\u00e9e en ann\u00e9e, le charbon reste une drogue dont le monde n\u2019arrive pas \u00e0 se d\u00e9faire.\" \/>\n<meta name=\"robots\" content=\"index, follow, max-snippet:-1, max-image-preview:large, max-video-preview:-1\" \/>\n<link rel=\"canonical\" href=\"https:\/\/alj.com\/fr\/spotlight-by-fady-jameel\/greening-the-coalface\/\" \/>\n<meta property=\"og:locale\" content=\"fr_FR\" \/>\n<meta property=\"og:type\" content=\"article\" \/>\n<meta property=\"og:title\" content=\"L\u2019\u00e9cologisation du charbon ? | Abdul Latif Jameel\u00ae\" \/>\n<meta property=\"og:description\" content=\"L\u2019avenir de l\u2019\u00e9nergie est vert, nous en sommes convaincus. Bien que les installations solaires, \u00e9oliennes et hydrauliques \u2013 ainsi que les syst\u00e8mes de stockage par batterie \u2013 continuent de cro\u00eetre d\u2019ann\u00e9e en ann\u00e9e, le charbon reste une drogue dont le monde n\u2019arrive pas \u00e0 se d\u00e9faire.\" \/>\n<meta property=\"og:url\" content=\"https:\/\/alj.com\/fr\/spotlight-by-fady-jameel\/greening-the-coalface\/\" \/>\n<meta property=\"og:site_name\" content=\"Abdul Latif Jameel\" \/>\n<meta property=\"article:publisher\" content=\"https:\/\/www.facebook.com\/Abdul.Latif.Jameel.Official\" \/>\n<meta property=\"article:modified_time\" content=\"2024-09-09T12:49:32+00:00\" \/>\n<meta property=\"og:image\" content=\"https:\/\/media.alj.com\/app\/uploads\/2024\/08\/alj-coalface-final-scaled-1.jpeg\" \/>\n\t<meta property=\"og:image:width\" content=\"2560\" \/>\n\t<meta property=\"og:image:height\" content=\"1215\" \/>\n\t<meta property=\"og:image:type\" content=\"image\/jpeg\" \/>\n<meta name=\"twitter:card\" content=\"summary_large_image\" \/>\n<meta name=\"twitter:label1\" content=\"Est. reading time\" \/>\n\t<meta name=\"twitter:data1\" content=\"16 minutes\" \/>\n<script type=\"application\/ld+json\" class=\"yoast-schema-graph\">{\"@context\":\"https:\/\/schema.org\",\"@graph\":[{\"@type\":\"WebPage\",\"@id\":\"https:\/\/alj.com\/fr\/spotlight-by-fady-jameel\/greening-the-coalface\/\",\"url\":\"https:\/\/alj.com\/fr\/spotlight-by-fady-jameel\/greening-the-coalface\/\",\"name\":\"L\u2019\u00e9cologisation du charbon ? | Abdul Latif Jameel\u00ae\",\"isPartOf\":{\"@id\":\"https:\/\/alj.com\/en\/#website\"},\"datePublished\":\"2024-08-29T05:42:27+00:00\",\"dateModified\":\"2024-09-09T12:49:32+00:00\",\"description\":\"L\u2019avenir de l\u2019\u00e9nergie est vert, nous en sommes convaincus. Bien que les installations solaires, \u00e9oliennes et hydrauliques \u2013 ainsi que les syst\u00e8mes de stockage par batterie \u2013 continuent de cro\u00eetre d\u2019ann\u00e9e en ann\u00e9e, le charbon reste une drogue dont le monde n\u2019arrive pas \u00e0 se d\u00e9faire.\",\"breadcrumb\":{\"@id\":\"https:\/\/alj.com\/fr\/spotlight-by-fady-jameel\/greening-the-coalface\/#breadcrumb\"},\"inLanguage\":\"fr-FR\",\"potentialAction\":[{\"@type\":\"ReadAction\",\"target\":[\"https:\/\/alj.com\/fr\/spotlight-by-fady-jameel\/greening-the-coalface\/\"]}]},{\"@type\":\"BreadcrumbList\",\"@id\":\"https:\/\/alj.com\/fr\/spotlight-by-fady-jameel\/greening-the-coalface\/#breadcrumb\",\"itemListElement\":[{\"@type\":\"ListItem\",\"position\":1,\"name\":\"Home\",\"item\":\"https:\/\/alj.com\/fr\/\"},{\"@type\":\"ListItem\",\"position\":2,\"name\":\"Spotlight By Fady Jameel\",\"item\":\"https:\/\/alj.com\/ja\/spotlight-by-fady-jameel\/\"},{\"@type\":\"ListItem\",\"position\":3,\"name\":\"L\u2019\u00e9cologisation du charbon ?\"}]},{\"@type\":\"WebSite\",\"@id\":\"https:\/\/alj.com\/en\/#website\",\"url\":\"https:\/\/alj.com\/en\/\",\"name\":\"Abdul Latif Jameel\",\"description\":\"Abdul Latif Jameel\",\"potentialAction\":[{\"@type\":\"SearchAction\",\"target\":{\"@type\":\"EntryPoint\",\"urlTemplate\":\"https:\/\/alj.com\/en\/?s={search_term_string}\"},\"query-input\":\"required name=search_term_string\"}],\"inLanguage\":\"fr-FR\"}]}<\/script>\n<!-- \/ Yoast SEO plugin. -->","yoast_head_json":{"title":"L\u2019\u00e9cologisation du charbon ? | Abdul Latif Jameel\u00ae","description":"L\u2019avenir de l\u2019\u00e9nergie est vert, nous en sommes convaincus. Bien que les installations solaires, \u00e9oliennes et hydrauliques \u2013 ainsi que les syst\u00e8mes de stockage par batterie \u2013 continuent de cro\u00eetre d\u2019ann\u00e9e en ann\u00e9e, le charbon reste une drogue dont le monde n\u2019arrive pas \u00e0 se d\u00e9faire.","robots":{"index":"index","follow":"follow","max-snippet":"max-snippet:-1","max-image-preview":"max-image-preview:large","max-video-preview":"max-video-preview:-1"},"canonical":"https:\/\/alj.com\/fr\/spotlight-by-fady-jameel\/greening-the-coalface\/","og_locale":"fr_FR","og_type":"article","og_title":"L\u2019\u00e9cologisation du charbon ? | Abdul Latif Jameel\u00ae","og_description":"L\u2019avenir de l\u2019\u00e9nergie est vert, nous en sommes convaincus. Bien que les installations solaires, \u00e9oliennes et hydrauliques \u2013 ainsi que les syst\u00e8mes de stockage par batterie \u2013 continuent de cro\u00eetre d\u2019ann\u00e9e en ann\u00e9e, le charbon reste une drogue dont le monde n\u2019arrive pas \u00e0 se d\u00e9faire.","og_url":"https:\/\/alj.com\/fr\/spotlight-by-fady-jameel\/greening-the-coalface\/","og_site_name":"Abdul Latif Jameel","article_publisher":"https:\/\/www.facebook.com\/Abdul.Latif.Jameel.Official","article_modified_time":"2024-09-09T12:49:32+00:00","og_image":[{"width":2560,"height":1215,"url":"https:\/\/media.alj.com\/app\/uploads\/2024\/08\/alj-coalface-final-scaled-1.jpeg","type":"image\/jpeg"}],"twitter_card":"summary_large_image","twitter_misc":{"Est. reading time":"16 minutes"},"schema":{"@context":"https:\/\/schema.org","@graph":[{"@type":"WebPage","@id":"https:\/\/alj.com\/fr\/spotlight-by-fady-jameel\/greening-the-coalface\/","url":"https:\/\/alj.com\/fr\/spotlight-by-fady-jameel\/greening-the-coalface\/","name":"L\u2019\u00e9cologisation du charbon ? | Abdul Latif Jameel\u00ae","isPartOf":{"@id":"https:\/\/alj.com\/en\/#website"},"datePublished":"2024-08-29T05:42:27+00:00","dateModified":"2024-09-09T12:49:32+00:00","description":"L\u2019avenir de l\u2019\u00e9nergie est vert, nous en sommes convaincus. Bien que les installations solaires, \u00e9oliennes et hydrauliques \u2013 ainsi que les syst\u00e8mes de stockage par batterie \u2013 continuent de cro\u00eetre d\u2019ann\u00e9e en ann\u00e9e, le charbon reste une drogue dont le monde n\u2019arrive pas \u00e0 se d\u00e9faire.","breadcrumb":{"@id":"https:\/\/alj.com\/fr\/spotlight-by-fady-jameel\/greening-the-coalface\/#breadcrumb"},"inLanguage":"fr-FR","potentialAction":[{"@type":"ReadAction","target":["https:\/\/alj.com\/fr\/spotlight-by-fady-jameel\/greening-the-coalface\/"]}]},{"@type":"BreadcrumbList","@id":"https:\/\/alj.com\/fr\/spotlight-by-fady-jameel\/greening-the-coalface\/#breadcrumb","itemListElement":[{"@type":"ListItem","position":1,"name":"Home","item":"https:\/\/alj.com\/fr\/"},{"@type":"ListItem","position":2,"name":"Spotlight By Fady Jameel","item":"https:\/\/alj.com\/ja\/spotlight-by-fady-jameel\/"},{"@type":"ListItem","position":3,"name":"L\u2019\u00e9cologisation du charbon ?"}]},{"@type":"WebSite","@id":"https:\/\/alj.com\/en\/#website","url":"https:\/\/alj.com\/en\/","name":"Abdul Latif Jameel","description":"Abdul Latif Jameel","potentialAction":[{"@type":"SearchAction","target":{"@type":"EntryPoint","urlTemplate":"https:\/\/alj.com\/en\/?s={search_term_string}"},"query-input":"required name=search_term_string"}],"inLanguage":"fr-FR"}]}},"post-meta-fields":{"push_notification":["no"],"_push_notification":["field_5c3b1fb67034d"],"_wpml_word_count":["{\"total\":2559,\"to_translate\":{\"ar\":2559,\"zh-hans\":2559,\"fr\":2559,\"ja\":2559,\"es\":2559,\"tr\":2559}}"],"_oembed_30912d8fd6f913077c41074fbcfa886d":["<iframe title=\"Abdul Latif Jameel Energy &amp;  FRV&#039;s UK MD David Menendez talks about Battery Storage (EN VO  Subs)\" width=\"640\" height=\"360\" src=\"https:\/\/www.youtube.com\/embed\/uMTFHYZxgwg?feature=oembed\" frameborder=\"0\" allow=\"accelerometer; autoplay; clipboard-write; encrypted-media; gyroscope; picture-in-picture; web-share\" referrerpolicy=\"strict-origin-when-cross-origin\" allowfullscreen><\/iframe>"],"_oembed_5ab97b2fd5b3685b5f263b29da82a88d":["<iframe title=\"JIMCO Technology Fund: What is Fusion Energy?  (EN VO\/Subs)\" width=\"640\" height=\"360\" src=\"https:\/\/www.youtube.com\/embed\/piWcj-fbsf0?feature=oembed\" frameborder=\"0\" allow=\"accelerometer; autoplay; clipboard-write; encrypted-media; gyroscope; picture-in-picture; web-share\" referrerpolicy=\"strict-origin-when-cross-origin\" allowfullscreen><\/iframe>"],"_oembed_time_30912d8fd6f913077c41074fbcfa886d":["1725885603"],"_oembed_time_5ab97b2fd5b3685b5f263b29da82a88d":["1725885603"],"_oembed_724688c8fcce48f5d4ff28037fa11506":["<iframe title=\"Abdul Latif Jameel Energy FRV Clay Tye BESS Inaugration Celebration Event (EN VO Subs)\" width=\"640\" height=\"360\" src=\"https:\/\/www.youtube.com\/embed\/2tQ0vfB2CIY?feature=oembed\" frameborder=\"0\" allow=\"accelerometer; autoplay; clipboard-write; encrypted-media; gyroscope; picture-in-picture; web-share\" referrerpolicy=\"strict-origin-when-cross-origin\" allowfullscreen><\/iframe>"],"_oembed_time_724688c8fcce48f5d4ff28037fa11506":["1725885603"],"_oembed_d3a1cbfea724edb30152e839f795337b":["<iframe title=\"JIMCO Technology Fund a major investor in CFS US$ 1.8bn Series B Round (EN VO\/Subs)\" width=\"640\" height=\"360\" src=\"https:\/\/www.youtube.com\/embed\/yeSvUmD51Ig?feature=oembed\" frameborder=\"0\" allow=\"accelerometer; autoplay; clipboard-write; encrypted-media; gyroscope; picture-in-picture; web-share\" referrerpolicy=\"strict-origin-when-cross-origin\" allowfullscreen><\/iframe>"],"_oembed_time_d3a1cbfea724edb30152e839f795337b":["1725885603"],"_oembed_5c717d68f6c8fb6eec6543400953a746":["<iframe title=\"Abdul Latif Jameel Energy&#039;s FRV-X makes major investment in Berlin-based ecoligo (EN VO Subs)\" width=\"640\" height=\"360\" src=\"https:\/\/www.youtube.com\/embed\/fS4eFRimAC4?feature=oembed\" frameborder=\"0\" allow=\"accelerometer; autoplay; clipboard-write; encrypted-media; gyroscope; picture-in-picture; web-share\" referrerpolicy=\"strict-origin-when-cross-origin\" allowfullscreen><\/iframe>"],"_oembed_time_5c717d68f6c8fb6eec6543400953a746":["1725885603"],"perspective_short_title":["L\u2019\u00e9cologisation du charbon ?"],"perspective_summury":["<p>L\u2019avenir de l\u2019\u00e9nergie est vert, nous en sommes convaincus. Bien que les installations solaires, \u00e9oliennes et hydrauliques \u2013 ainsi que les syst\u00e8mes de stockage par batterie \u2013 continuent de cro\u00eetre d\u2019ann\u00e9e en ann\u00e9e, le charbon reste une drogue dont le monde n\u2019arrive pas \u00e0 se d\u00e9faire.<\/p>\n"],"perspective_location":["Dubai, EAU"],"perspective_author_name":["<p><span style=\"color: #000000\"><a href=\"https:\/\/www.alj.com\/fr\/our-people\/fady-jameel\/\">Fady Jameel<\/a><br \/>\n<\/span>Pr\u00e9sident d\u00e9l\u00e9gu\u00e9 et vice-pr\u00e9sident,\u00a0Abdul Latif Jameel International<\/p>\n"],"perspective_author_bio":["<p><a href=\"https:\/\/www.alj.com\/fr\/our-people\/fady-jameel\/\">Fady Jameel<\/a> est pr\u00e9sident d\u00e9l\u00e9gu\u00e9 et vice-pr\u00e9sident, International\u00a0Abdul Latif Jameel, un collectif international d\u2019entreprises ind\u00e9pendantes, familiales et diversifi\u00e9es, fond\u00e9 en 1945 par son grand-p\u00e8re, le d\u00e9funt Abdul Latif Jameel.<\/p>\n"],"wpcf-featured-news":["0"],"is_latest_news":["0"],"wpcf-show-news-at-homepage":["1"],"publish_mobile":[""],"_publish_mobile":["field_5bfa8eb2e65cf"],"mobile_featured_image":["https:\/\/media.alj.com\/app\/uploads\/2024\/08\/alj-coalface-final760x360-1.jpeg"],"_mobile_featured_image":["field_5c3b204983dea"],"featured_on_listing_page":["0"],"_featured_on_listing_page":["field_62458ea7383c3"],"content_series_applied":[""],"_content_series_applied":["field_60f3d3faf82ac"],"is_podcast":["0"],"_is_podcast":["field_5ee1dff933e7f"],"wpcf-perspective-downloadable_file":[""],"wpcf-perspective-published-date":["1724716800"],"wpcf-video-description":[""],"wpcf-layoutvideourl":[""],"wpcf-video-thumb":[""],"wpcf-social4-svg":[""],"wpcf-social4-background-image":[""],"wpcf-social4-text":[""],"wpcf-social4-url":[""],"wpcf-social3-svg":[""],"wpcf-social3-background-image":[""],"wpcf-social3-text":[""],"wpcf-social3-url":[""],"wpcf-social-text-svg-square":[""],"wpcf-social-text-image-square":[""],"wpcf-social-text-text-square":[""],"wpcf-social-text-url-square":[""],"wpcf-social2-svg":[""],"wpcf-social2-background-image":[""],"wpcf-social2-text":[""],"wpcf-social2-url":[""],"wpcf-social-svg-square":[""],"wpcf-social-image-square":[""],"wpcf-social-text-square":[""],"wpcf-social-url-square":[""],"wpcf-social1-svg":[""],"wpcf-social1-background-image":[""],"wpcf-social1-text":[""],"wpcf-social1-url":[""],"wpcf-quotes-with-auther-text-1":[""],"wpcf-card_article_with_title_content":[""],"wpcf-card_article_content":["write your content"],"wpcf-quotes-with-auther-text":[""],"_bsf_post_type":["0"],"_bsf_item_review_type":["none"],"_wpml_media_duplicate":["1"],"_wpml_media_featured":["1"],"_yoast_wpseo_title":["L\u2019\u00e9cologisation du charbon ? | Abdul Latif Jameel\u00ae"],"_yoast_wpseo_metadesc":["L\u2019avenir de l\u2019\u00e9nergie est vert, nous en sommes convaincus. Bien que les installations solaires, \u00e9oliennes et hydrauliques \u2013 ainsi que les syst\u00e8mes de stockage par batterie \u2013 continuent de cro\u00eetre d\u2019ann\u00e9e en ann\u00e9e, le charbon reste une drogue dont le monde n\u2019arrive pas \u00e0 se d\u00e9faire."],"_yoast_wpseo_content_score":["30"],"_yoast_wpseo_estimated-reading-time-minutes":[""],"_yoast_wpseo_wordproof_timestamp":[""],"_thumbnail_id":["118232"],"_edit_lock":["1739259590:18"],"_edit_last":["18"],"wpcf-projecttitle":[""],"wpcf-projectdescription":[""],"wpcf-projectimage-video1":["image"],"wpcf-projectimage-1":[""],"wpcf-projectvideo-1":[""],"wpcf-projectdescription-1":[""],"wpcf-projectimage-video2":["image"],"wpcf-projectimage-2":[""],"wpcf-projectvideo-2":[""],"wpcf-projectdescription-2":[""],"wpcf-projectimage-video3":["image"],"wpcf-projectimage-3":[""],"wpcf-projectvideo-3":[""],"wpcf-projectdescription-3":[""],"wpcf-projectimage-video4":["image"],"wpcf-projectimage-4":[""],"wpcf-projectvideo-4":[""],"wpcf-projectdescription-4":[""],"_last_translation_edit_mode":["native-editor"],"perspective_business_sector":["Services \u00c9nerg\u00e9tiques et Environnementaux"],"perspective_author_image":["96328"],"wpcf-card-image":[""],"_wpcf-card-image-sort-order":["a:1:{i:0;i:1816763;}"],"amazonS3_cache":["a:10:{s:107:\"\/\/alj.com\/app\/uploads\/2024\/08\/Renewable-electricity-capacity-additions-by-technology-and-segment-scaled.jpg\";a:2:{s:2:\"id\";i:118050;s:11:\"source_type\";s:13:\"media-library\";}s:113:\"\/\/media.alj.com\/app\/uploads\/2024\/08\/Renewable-electricity-capacity-additions-by-technology-and-segment-scaled.jpg\";a:2:{s:2:\"id\";i:118050;s:11:\"source_type\";s:13:\"media-library\";}s:88:\"\/\/alj.com\/app\/uploads\/2024\/08\/Global-primary-energy-consumption-by-source_001-scaled.jpg\";a:2:{s:2:\"id\";i:118036;s:11:\"source_type\";s:13:\"media-library\";}s:94:\"\/\/media.alj.com\/app\/uploads\/2024\/08\/Global-primary-energy-consumption-by-source_001-scaled.jpg\";a:2:{s:2:\"id\";i:118036;s:11:\"source_type\";s:13:\"media-library\";}s:68:\"\/\/alj.com\/app\/uploads\/2024\/08\/Global-Coal-Consumption_001-scaled.jpg\";a:2:{s:2:\"id\";i:118029;s:11:\"source_type\";s:13:\"media-library\";}s:74:\"\/\/media.alj.com\/app\/uploads\/2024\/08\/Global-Coal-Consumption_001-scaled.jpg\";a:2:{s:2:\"id\";i:118029;s:11:\"source_type\";s:13:\"media-library\";}s:81:\"\/\/alj.com\/app\/uploads\/2024\/08\/Power-generation-from-carbon-capture_001-scaled.jpg\";a:2:{s:2:\"id\";i:118043;s:11:\"source_type\";s:13:\"media-library\";}s:87:\"\/\/media.alj.com\/app\/uploads\/2024\/08\/Power-generation-from-carbon-capture_001-scaled.jpg\";a:2:{s:2:\"id\";i:118043;s:11:\"source_type\";s:13:\"media-library\";}s:64:\"\/\/alj.com\/app\/uploads\/2024\/08\/shutterstock_2360165511-scaled.jpg\";a:2:{s:2:\"id\";i:118057;s:11:\"source_type\";s:13:\"media-library\";}s:70:\"\/\/media.alj.com\/app\/uploads\/2024\/08\/shutterstock_2360165511-scaled.jpg\";a:2:{s:2:\"id\";i:118057;s:11:\"source_type\";s:13:\"media-library\";}}"]},"_links":{"self":[{"href":"https:\/\/alj.com\/fr\/wp-json\/wp\/v2\/spotlight-fadyjameel\/118312"}],"collection":[{"href":"https:\/\/alj.com\/fr\/wp-json\/wp\/v2\/spotlight-fadyjameel"}],"about":[{"href":"https:\/\/alj.com\/fr\/wp-json\/wp\/v2\/types\/spotlight-fadyjameel"}],"wp:featuredmedia":[{"embeddable":true,"href":"https:\/\/alj.com\/fr\/wp-json\/wp\/v2\/media\/118232"}],"wp:attachment":[{"href":"https:\/\/alj.com\/fr\/wp-json\/wp\/v2\/media?parent=118312"}],"wp:term":[{"taxonomy":"post_tag","embeddable":true,"href":"https:\/\/alj.com\/fr\/wp-json\/wp\/v2\/tags?post=118312"}],"curies":[{"name":"wp","href":"https:\/\/api.w.org\/{rel}","templated":true}]}}