{"id":57164,"date":"2020-01-21T12:06:32","date_gmt":"2020-01-21T12:06:32","guid":{"rendered":"https:\/\/www.alj.com\/spotlight-by-fady-jameel\/from-farm-to-fork-tackling-the-food-crisis\/"},"modified":"2021-08-16T10:16:11","modified_gmt":"2021-08-16T10:16:11","slug":"from-farm-to-fork-tackling-the-food-crisis","status":"publish","type":"spotlight-fadyjameel","link":"https:\/\/alj.com\/fr\/spotlight-by-fady-jameel\/from-farm-to-fork-tackling-the-food-crisis\/","title":{"rendered":"De la ferme \u00e0 l&#8217;assiette &#8211; lutter contre la crise alimentaire"},"content":{"rendered":"<h4>Avec une population mondiale en augmentation rapide, les probl\u00e8mes li\u00e9s \u00e0 notre s\u00e9curit\u00e9 alimentaire atteignent un point critique. Mais la prise de conscience croissante des pertes et gaspillages alimentaires pousse les entreprises publiques et priv\u00e9es \u00e0 \u00e9voluer vers des solutions plus durables.<\/h4>\n<p><em>Par <a href=\"https:\/\/alj.com\/fr\/our-people\/fady-jameel\/\">Fady Jameel<\/a>, pr\u00e9sident d\u00e9l\u00e9gu\u00e9 et vice-pr\u00e9sident d\u2019Abdul Latif Jameel<\/em><\/p>\n<p>Ce n&#8217;est que lorsque vous regardez les chiffres que vous pouvez avoir une v\u00e9ritable id\u00e9e du probl\u00e8me. Parmi notre population mondiale actuelle de 7,6 milliards d&#8217;habitants, 820 millions de personnes ont faim, d\u00e9clare un rapport 2019 de Organisation des Nations unies pour l&#8217;alimentation et l&#8217;agriculture (<a href=\"http:\/\/www.fao.org\/home\/en\/\">FAO<\/a>)<a href=\"#_ftn1\" name=\"_ftnref1\">[1]<\/a>. Pourtant, 30\u00a0% des aliments que nous produisons sur la plan\u00e8te ne sont jamais consomm\u00e9s<a href=\"#_ftn2\" name=\"_ftnref2\">[2]<\/a>.<\/p>\n<p>Pour mettre ces chiffres dans leur contexte, aux \u00c9tats-Unis, 38 millions de tonnes de nourriture sont jet\u00e9es chaque ann\u00e9e, soit le poids de plus de 104 Empire State Building. Au Japon, 19 millions de tonnes de nourriture sont jet\u00e9es chaque ann\u00e9e, et jusqu&#8217;\u00e0 neuf millions de tonnes est \u00e9limin\u00e9e avant sa date d&#8217;expiration. Au Royaume-Uni, une famille moyenne perd environ 78 $ US par mois en jetant presque un repas complet par jour<a href=\"#_ftn3\" name=\"_ftnref3\">[3]<\/a>.<\/p>\n<p>Avec une population mondiale qui devrait atteindre 9,8 milliards en 2050 et 11,2 milliards en 2100<a href=\"#_ftn4\" name=\"_ftnref4\">[4]<\/a>, la perte et le gaspillage alimentaire sont l&#8217;un des probl\u00e8mes les plus urgents auxquels notre plan\u00e8te est confront\u00e9e. En termes mon\u00e9taires, si l\u2019on ne fait rien, ce gaspillage devrait atteindre 2,1 milliards de tonnes d&#8217;ici 2030, soit 1,5 billion de dollars US<a href=\"#_ftn5\" name=\"_ftnref5\">[5]<\/a>.<a href=\"#_ftnref1\" name=\"_ftn1\"><\/a><\/p>\n<p><img decoding=\"async\" loading=\"lazy\" class=\"wp-image-56885 alignnone\" src=\"https:\/\/www.alj.com\/app\/uploads\/2020\/01\/Graphic-1.jpg\" alt=\"2030 Forecast of Food Loss and Waste Crisis\" width=\"1034\" height=\"625\" srcset=\"https:\/\/media.alj.com\/app\/uploads\/2020\/01\/Graphic-1.jpg 1029w, https:\/\/media.alj.com\/app\/uploads\/2020\/01\/Graphic-1-300x181.jpg 300w, https:\/\/media.alj.com\/app\/uploads\/2020\/01\/Graphic-1-1024x619.jpg 1024w, https:\/\/media.alj.com\/app\/uploads\/2020\/01\/Graphic-1-150x91.jpg 150w, https:\/\/media.alj.com\/app\/uploads\/2020\/01\/Graphic-1-768x464.jpg 768w\" sizes=\"(max-width: 1034px) 100vw, 1034px\" \/><\/p>\n<p>Nous faisons la distinction entre perte de nourriture &#8211; de la pr\u00e9-r\u00e9colte au transport et \u00e0 la livraison au d\u00e9taillant, et gaspillage alimentaire, g\u00e9n\u00e9r\u00e9 par le client &#8211; les d\u00e9taillants, les prestataires de services tels que les restaurants et, finalement, les m\u00e9nages.<\/p>\n<p>Selon le rapport de la FAO, la production alimentaire \u00e0 la source et son transport ult\u00e9rieur sur le march\u00e9 posent tous deux un probl\u00e8me majeur. En effet, 70\u00a0% des pertes alimentaires surviennent au stade de la r\u00e9colte et 14\u00a0% suppl\u00e9mentaires pendant le trajet jusqu&#8217;au d\u00e9taillant.<\/p>\n<p>Le diagramme ci-dessous tir\u00e9 d&#8217;un r\u00e9cent rapport World Resources Institute (<a href=\"https:\/\/www.wri.org\/\">WRI<\/a>)<a href=\"#_ftn1\" name=\"_ftnref1\">[6]<\/a> illustre comment les aliments sont \u00e0 la fois perdus et gaspill\u00e9s tout au long de la cha\u00eene d&#8217;approvisionnement.<\/p>\n<p><img decoding=\"async\" loading=\"lazy\" class=\"alignnone wp-image-56892\" src=\"https:\/\/www.alj.com\/app\/uploads\/2020\/01\/Graphic-2.jpg\" alt=\"World Resources Institute Report\" width=\"1034\" height=\"536\" srcset=\"https:\/\/media.alj.com\/app\/uploads\/2020\/01\/Graphic-2.jpg 1029w, https:\/\/media.alj.com\/app\/uploads\/2020\/01\/Graphic-2-300x155.jpg 300w, https:\/\/media.alj.com\/app\/uploads\/2020\/01\/Graphic-2-1024x530.jpg 1024w, https:\/\/media.alj.com\/app\/uploads\/2020\/01\/Graphic-2-150x78.jpg 150w, https:\/\/media.alj.com\/app\/uploads\/2020\/01\/Graphic-2-768x398.jpg 768w\" sizes=\"(max-width: 1034px) 100vw, 1034px\" \/><\/p>\n<p>Actuellement, environ 70\u00a0% des producteurs mondiaux de denr\u00e9es alimentaires sont de petits exploitants ayant peu d&#8217;acc\u00e8s aux technologies et aux m\u00e9thodes permettant de produire un maximum de cultures<a href=\"#_ftn1\" name=\"_ftnref1\">[7]<\/a>. L&#8217;une des cl\u00e9s de la r\u00e9duction des pertes alimentaires consiste donc \u00e0 d\u00e9velopper des techniques innovantes pour aider ceux qui se trouvent en amont de la cha\u00eene d&#8217;approvisionnement \u00e0 mieux pr\u00e9server leurs produits jusqu&#8217;\u00e0 ce qu&#8217;ils atteignent le march\u00e9. Le diagramme ci-dessous illustre les pertes et gaspillages alimentaires en kg par habitant dans diff\u00e9rentes r\u00e9gions du monde, \u00e0 la source et au niveau du consommateur<a href=\"#_ftn2\" name=\"_ftnref2\">[8]<\/a>. Comme l&#8217;illustre le diagramme, la perte de nourriture est le plus gros probl\u00e8me, principalement en raison d&#8217;un stockage inad\u00e9quat \u00e0 la source et du transport vers le d\u00e9taillant. Il est \u00e9galement int\u00e9ressant de noter que le gaspillage alimentaire est beaucoup plus faible dans les pays en d\u00e9veloppement &#8211; en particulier en Afrique subsaharienne et en Asie non industrialis\u00e9e\u00a0:<img decoding=\"async\" loading=\"lazy\" class=\"alignnone wp-image-56899 size-full\" src=\"https:\/\/www.alj.com\/app\/uploads\/2020\/01\/Food-waste-per-capita.png\" alt=\"Food Waste per Capita\" width=\"1034\" height=\"736\" srcset=\"https:\/\/media.alj.com\/app\/uploads\/2020\/01\/Food-waste-per-capita.png 1034w, https:\/\/media.alj.com\/app\/uploads\/2020\/01\/Food-waste-per-capita-300x214.png 300w, https:\/\/media.alj.com\/app\/uploads\/2020\/01\/Food-waste-per-capita-1024x729.png 1024w, https:\/\/media.alj.com\/app\/uploads\/2020\/01\/Food-waste-per-capita-150x107.png 150w, https:\/\/media.alj.com\/app\/uploads\/2020\/01\/Food-waste-per-capita-768x547.png 768w\" sizes=\"(max-width: 1034px) 100vw, 1034px\" \/><\/p>\n<p>Parmi les marchandises qui arrivent sans encombre, les d\u00e9chets produits sont end\u00e9miques. Dans son rapport, la FAO d\u00e9clare que 9\u00a0% \u00e0 20\u00a0% des fruits et 14\u00a0% \u00e0 37\u00a0% des produits d&#8217;origine animale sont jet\u00e9s, que ce soit par les d\u00e9taillants, les prestataires de services ou les consommateurs finaux. Le plus grand gaspillage provient des r\u00e9gions \u00e0 revenu \u00e9lev\u00e9 d&#8217;Am\u00e9rique du Nord et d&#8217;Europe. Aux \u00c9tats-Unis, en 2015, par exemple, le gaspillage alimentaire repr\u00e9sentait en moyenne 9\u00a0% des d\u00e9penses alimentaires par habitant.<a href=\"#_ftn1\" name=\"_ftnref1\">[9]<\/a><\/p>\n<h3>Impact environnemental<\/h3>\n<p>Les effets de la perte alimentaire s&#8217;\u00e9tendent bien au-del\u00e0 de la valeur mon\u00e9taire. Les \u00e9missions mondiales de carbone provenant des aliments qui sont directement mis \u00e0 la d\u00e9charge (non consomm\u00e9s) repr\u00e9sentent environ 7\u00a0% de l&#8217;empreinte totale de gaz \u00e0 effet de serre (GES) dans le monde. Ces effets s&#8217;\u00e9tendent sur toute la cha\u00eene d&#8217;approvisionnement, de la production et du transport \u00e0 la transformation, la distribution et la consommation<a href=\"#_ftn2\" name=\"_ftnref2\">[10]<\/a>.<a href=\"#_ftnref1\" name=\"_ftn1\"><\/a><\/p>\n<p><img decoding=\"async\" loading=\"lazy\" class=\"alignleft wp-image-56906 size-thumbnail\" src=\"https:\/\/www.alj.com\/app\/uploads\/2020\/01\/UNEP-150x129.png\" alt=\"United Nations Environment Programme Logo\" width=\"150\" height=\"129\" srcset=\"https:\/\/media.alj.com\/app\/uploads\/2020\/01\/UNEP-150x129.png 150w, https:\/\/media.alj.com\/app\/uploads\/2020\/01\/UNEP-300x257.png 300w, https:\/\/media.alj.com\/app\/uploads\/2020\/01\/UNEP-768x659.png 768w, https:\/\/media.alj.com\/app\/uploads\/2020\/01\/UNEP.png 842w\" sizes=\"(max-width: 150px) 100vw, 150px\" \/><\/p>\n<p>Le <a href=\"http:\/\/www.unenvironment.org\/\">Programme des Nations Unies pour l&#8217;environnement<\/a> apporte une perspective diff\u00e9rente. Il calcule que si le gaspillage alimentaire \u00e9tait repr\u00e9sent\u00e9 comme un pays, il serait le troisi\u00e8me plus grand \u00e9metteur de GES<a href=\"#_ftn1\" name=\"_ftnref1\">[11]<\/a>.<\/p>\n<p>Il y a ici une ironie ind\u00e9niablement cruelle.<\/p>\n<p>\u00c0 mesure que les sympt\u00f4mes du r\u00e9chauffement climatique augmentent, les effets des ph\u00e9nom\u00e8nes m\u00e9t\u00e9orologiques violents tels que les inondations et les s\u00e9cheresses p\u00e8sent plus lourdement sur certains des pays qui produisent la majeure partie de la nourriture mondiale.<\/p>\n<p>Food loss is impacting our land use to alarming proportions, with 30% of agricultural land \u2013 often involving deforestation \u2013 being used to produce food that is never eaten.\u00a0 And with agriculture responsible for 70% of the world\u2019s water usage, 6% of the world\u2019s water resources is being depleted on food loss at a time when the world is facing its <a href=\"https:\/\/www.alj.com\/fr\/spotlight-by-fady-jameel\/troubled-waters-and-the-path-to-success\/\">greatest challenges<\/a> in water scarcity<a href=\"#_ftn12\" name=\"_ftnref12\">[12]<\/a>.<\/p>\n<p>Une autre pr\u00e9occupation est l&#8217;impact sur notre biodiversit\u00e9.<\/p>\n<p>Sur 6\u00a0000 esp\u00e8ces v\u00e9g\u00e9tales cultiv\u00e9es pour l&#8217;alimentation, moins de 200 contribuent substantiellement \u00e0 la production alimentaire r\u00e9elle.<\/p>\n<p>Parmi celles-ci, neuf seulement repr\u00e9sentent 66\u00a0% de la production agricole mondiale. Sur les 7\u00a0745 races locales de b\u00e9tail (environ 40 esp\u00e8ces), 26\u00a0% pour cent sont menac\u00e9es d&#8217;extinction et environ 33\u00a0% des stocks de poissons sont surexploit\u00e9s<a href=\"#_ftn1\" name=\"_ftnref1\">[13]<\/a>.<\/p>\n<blockquote>\n<p><strong>Perte de biodiversit\u00e9 vs pratiques respectueuses de la biodiversit\u00e9<\/strong><strong><br \/>\n<\/strong>(Source\u00a0: ONU FAO 2019)<\/p>\n<p>En Gambie, les pertes massives d&#8217;aliments sauvages ont contraint les communaut\u00e9s \u00e0 se tourner vers des alternatives, souvent des aliments produits industriellement, pour compl\u00e9ter leur alimentation.<\/p>\n<p>En \u00c9gypte, la hausse des temp\u00e9ratures entra\u00eenera une migration vers le nord de certaines esp\u00e8ces de poissons, ce qui aura un impact sur la production halieutique.<\/p>\n<p>Les p\u00e9nuries de main-d&#8217;\u0153uvre, les flux de transferts de fonds et la disponibilit\u00e9 croissante de produits alternatifs bon march\u00e9 sur les march\u00e9s locaux ont contribu\u00e9 \u00e0 l&#8217;abandon des cultures locales au N\u00e9pal.<\/p>\n<p>Dans la for\u00eat amazonienne du P\u00e9rou, le r\u00e9chauffement climatique devrait entra\u00eener une \u00ab\u00a0savannisation\u00a0\u00bb, avec des impacts n\u00e9gatifs sur l&#8217;approvisionnement en aliments sauvages.<\/p>\n<p>Les agriculteurs californiens laissent leurs rizi\u00e8res s&#8217;inonder en hiver au lieu de les br\u00fbler \u00e0 la fin de la r\u00e9colte. Cela fournit 111\u00a0000 hectares de zones humides et d&#8217;espaces ouverts pour 230 esp\u00e8ces d&#8217;oiseaux, dont beaucoup sont menac\u00e9es d&#8217;extinction. En cons\u00e9quence, la population de nombreuses esp\u00e8ces a commenc\u00e9 \u00e0 augmenter et le nombre de canards a doubl\u00e9.<\/p>\n<p>En France, environ 300 000 hectares de terres sont g\u00e9r\u00e9s selon des principes agro\u00e9cologiques.<\/p>\n<p>\u00c0 Kiribati, l&#8217;\u00e9levage int\u00e9gr\u00e9 de chanos, d\u2019holothuries de sable, de concombres de mer et d&#8217;algue assure une alimentation et des revenus r\u00e9guliers, car malgr\u00e9 des conditions m\u00e9t\u00e9orologiques changeantes, au moins l\u2019une des composantes du syst\u00e8me produit toujours de la nourriture.<\/p>\n<\/blockquote>\n<p><img decoding=\"async\" loading=\"lazy\" class=\"alignnone wp-image-57011\" src=\"https:\/\/www.alj.com\/app\/uploads\/2020\/01\/ALJ-Food-Loss-Infographic-6-scaled.jpg\" alt=\"Food Loss Infographic\" width=\"1034\" height=\"1293\" srcset=\"https:\/\/media.alj.com\/app\/uploads\/2020\/01\/ALJ-Food-Loss-Infographic-6-scaled.jpg 2047w, https:\/\/media.alj.com\/app\/uploads\/2020\/01\/ALJ-Food-Loss-Infographic-6-240x300.jpg 240w, https:\/\/media.alj.com\/app\/uploads\/2020\/01\/ALJ-Food-Loss-Infographic-6-819x1024.jpg 819w, https:\/\/media.alj.com\/app\/uploads\/2020\/01\/ALJ-Food-Loss-Infographic-6-120x150.jpg 120w, https:\/\/media.alj.com\/app\/uploads\/2020\/01\/ALJ-Food-Loss-Infographic-6-768x960.jpg 768w, https:\/\/media.alj.com\/app\/uploads\/2020\/01\/ALJ-Food-Loss-Infographic-6-1228x1536.jpg 1228w, https:\/\/media.alj.com\/app\/uploads\/2020\/01\/ALJ-Food-Loss-Infographic-6-1638x2048.jpg 1638w\" sizes=\"(max-width: 1034px) 100vw, 1034px\" \/><\/p>\n<p>En prenant des mesures en temps opportun pour r\u00e9duire \u00e0 la fois les pertes et le gaspillage alimentaires &#8211; en fournissant le bon soutien \u00e0 la source de la cha\u00eene de valeur et en prenant les bonnes mesures pour \u00e9viter le gaspillage des consommateurs, nous pouvons non seulement am\u00e9liorer la s\u00e9curit\u00e9 alimentaire mondiale, mais \u00e9galement aborder d&#8217;autres probl\u00e8mes tels que le r\u00e9chauffement climatique, la pauvret\u00e9, la sant\u00e9 mondiale et les probl\u00e8mes sanitaires.<\/p>\n<p>L&#8217;objectif de durabilit\u00e9 des Nations Unies, l&#8217;ODD 12, a pour objectif de r\u00e9duire de moiti\u00e9 le gaspillage alimentaire mondial par habitant et de r\u00e9duire les pertes alimentaires d&#8217;ici 2030 (cible 12.3 de l&#8217;ODD)<a href=\"#_ftn1\" name=\"_ftnref1\">[14]<\/a>. Pour illustrer l&#8217;impact plus large, la r\u00e9alisation de l&#8217;ODD 12 contribue \u00e9galement \u00e0 11 des 16 autres objectifs de durabilit\u00e9 des Nations Unies.<\/p>\n<p><img decoding=\"async\" loading=\"lazy\" class=\"alignnone wp-image-56920 size-full\" src=\"https:\/\/www.alj.com\/app\/uploads\/2020\/01\/Reducing-food-loss-and-waste.png\" alt=\"Reducing Food Loss and Waste\" width=\"1034\" height=\"892\" srcset=\"https:\/\/media.alj.com\/app\/uploads\/2020\/01\/Reducing-food-loss-and-waste.png 1034w, https:\/\/media.alj.com\/app\/uploads\/2020\/01\/Reducing-food-loss-and-waste-300x259.png 300w, https:\/\/media.alj.com\/app\/uploads\/2020\/01\/Reducing-food-loss-and-waste-1024x883.png 1024w, https:\/\/media.alj.com\/app\/uploads\/2020\/01\/Reducing-food-loss-and-waste-150x129.png 150w, https:\/\/media.alj.com\/app\/uploads\/2020\/01\/Reducing-food-loss-and-waste-768x663.png 768w\" sizes=\"(max-width: 1034px) 100vw, 1034px\" \/><\/p>\n<h3>D\u00e9fendre la cause<\/h3>\n<p>Bien que le d\u00e9fi soit important, beaucoup est fait, tant dans le secteur public que priv\u00e9, pour r\u00e9duire les pertes et le gaspillage alimentaires.<\/p>\n<p>L\u2019<a href=\"https:\/\/foodsustainability.eiu.com\/\">Indice de durabilit\u00e9 alimentaire<\/a> (FSI), d\u00e9velopp\u00e9 par The Economist Intelligence Unit (<a href=\"https:\/\/www.eiu.com\/\">EIU<\/a>) en partenariat avec le <a href=\"https:\/\/www.barillacfn.com\/en\/\">Barilla Centre for Food and Nutrition<\/a>, \u00e9value et classe la durabilit\u00e9 des syst\u00e8mes alimentaires de 67 pays dans trois cat\u00e9gories majeures\u00a0: la perte et le gaspillage alimentaires, l&#8217;agriculture durable et les enjeux nutritionnels<a href=\"#_ftn1\" name=\"_ftnref1\">[15]<\/a>.<\/p>\n<p><iframe loading=\"lazy\" title=\"Food Sustainability Index 2018 - Third edition, 9th International Forum on Food and Nutrition\" width=\"640\" height=\"360\" src=\"https:\/\/www.youtube.com\/embed\/lyh8ZVJ90Tw?feature=oembed\" frameborder=\"0\" allow=\"accelerometer; autoplay; clipboard-write; encrypted-media; gyroscope; picture-in-picture\" allowfullscreen><\/iframe><\/p>\n<p>Cela montre les r\u00e9alis\u00e9s sur les principaux march\u00e9s du monde. Depuis 2016, la l\u00e9gislation fran\u00e7aise, par exemple, oblige les supermarch\u00e9s \u00e0 distribuer les invendus aux associations caritatives au service des communaut\u00e9s pauvres.<\/p>\n<p>Dans le m\u00eame temps, l&#8217;Italie a autoris\u00e9 et simplifi\u00e9 la loi sur les dons de produits dont la date de consommation est d\u00e9pass\u00e9e, une cause majeure de gaspillage alimentaire. D&#8217;autres pays, dont l&#8217;Australie, les \u00c9tats-Unis, la R\u00e9publique tch\u00e8que, la Su\u00e8de, la Slov\u00e9nie et la Slovaquie, introduisent des mesures similaires pour r\u00e9duire les d\u00e9chets des supermarch\u00e9s.<\/p>\n<p><img decoding=\"async\" loading=\"lazy\" class=\"alignnone wp-image-56928 size-full\" src=\"https:\/\/www.alj.com\/app\/uploads\/2020\/01\/Food-sustainability-2017.png\" alt=\"Food Sustainability Index 2017\" width=\"1034\" height=\"901\" srcset=\"https:\/\/media.alj.com\/app\/uploads\/2020\/01\/Food-sustainability-2017.png 1034w, https:\/\/media.alj.com\/app\/uploads\/2020\/01\/Food-sustainability-2017-300x261.png 300w, https:\/\/media.alj.com\/app\/uploads\/2020\/01\/Food-sustainability-2017-1024x892.png 1024w, https:\/\/media.alj.com\/app\/uploads\/2020\/01\/Food-sustainability-2017-150x131.png 150w, https:\/\/media.alj.com\/app\/uploads\/2020\/01\/Food-sustainability-2017-768x669.png 768w\" sizes=\"(max-width: 1034px) 100vw, 1034px\" \/><\/p>\n<p>Cet \u00e9lan est \u00e9galement visible dans le secteur priv\u00e9. Le rapport du FSI souligne les recherches de <a href=\"https:\/\/www.ceres.org\/\">Ceres<\/a>, un groupe de d\u00e9fense de la durabilit\u00e9 \u00e0 but non lucratif. Sur les 600 entreprises du secteur alimentaire que Ceres a \u00e9tudi\u00e9es, 86\u00a0% ont fix\u00e9 des d\u00e9lais pour r\u00e9duire leurs \u00e9missions de GES.<\/p>\n<p>Une autre initiative combin\u00e9e est la Charte des Chefs<a href=\"#_ftn1\" name=\"_ftnref1\">[16]<\/a>, une communaut\u00e9 de plus de 500\u00a0chefs provenant de plus de 70 pays qui se d\u00e9crit comme un r\u00e9seau de plaidoyer de l\u2019ODD2\u00a0: Faim \u00ab\u00a0Z\u00e9ro\u00a0\u00bb de l&#8217;ONU.<\/p>\n<p>Un domaine d&#8217;innovation en pleine croissance pour r\u00e9duire le gaspillage alimentaire est le \u00ab\u00a0upcycling\u00a0\u00bb &#8211; trouver des moyens d&#8217;utiliser des produits trop m\u00fbrs, ab\u00eem\u00e9s, tach\u00e9s ou difformes au lieu de les jeter. Cela est essentiel du point de vue environnemental autant que de la gestion des d\u00e9chets, car les aliments d\u00e9vers\u00e9s dans les d\u00e9charges produisent du m\u00e9thane, un GES puissant et nuisible.<\/p>\n<p><img decoding=\"async\" loading=\"lazy\" class=\"alignleft size-medium wp-image-56935\" src=\"https:\/\/www.alj.com\/app\/uploads\/2020\/01\/Tomatoes-300x160.png\" alt=\"\" width=\"300\" height=\"160\" srcset=\"https:\/\/media.alj.com\/app\/uploads\/2020\/01\/Tomatoes-300x160.png 300w, https:\/\/media.alj.com\/app\/uploads\/2020\/01\/Tomatoes-150x80.png 150w, https:\/\/media.alj.com\/app\/uploads\/2020\/01\/Tomatoes.png 376w\" sizes=\"(max-width: 300px) 100vw, 300px\" \/><\/p>\n<p>Les initiatives d&#8217;upcycling incluent la soci\u00e9t\u00e9 britannique Rubies in the Rubble<a href=\"#_ftn1\" name=\"_ftnref1\">[17]<\/a>, qui produit des condiments \u00e0 partir de fruits et l\u00e9gumes \u00ab\u00a0non parfaits\u00a0\u00bb destin\u00e9s \u00e0 la mise en d\u00e9charge. La gamme de ketchup \u00ab\u00a0Rouge et Vert\u00a0\u00bb d&#8217;Unilever permet d\u2019\u00e9viter la d\u00e9charge \u00e0 environ 2,5 millions de tomates aux couleurs \u00ab\u00a0non conformes\u00a0\u00bb chaque ann\u00e9e<a href=\"#_ftn2\" name=\"_ftnref2\">[18]<\/a>. De m\u00eame, \u00e0 travers son programme Food is Precious, le g\u00e9ant su\u00e9dois du commerce de d\u00e9tail IKEA a pour objectif de r\u00e9duire ses d\u00e9chets alimentaires de 50\u00a0% d&#8217;ici fin 2020 en encourageant ses collaborateurs \u00e0 proposer des id\u00e9es innovantes pour r\u00e9duire les d\u00e9chets<a href=\"#_ftn3\" name=\"_ftnref3\">[19]<\/a>.<\/p>\n<p><a href=\"#_ftnref1\" name=\"_ftn1\"><\/a><\/p>\n<p>La technologie joue \u00e9galement un r\u00f4le vital. Des soci\u00e9t\u00e9s telles que <a href=\"https:\/\/www.winnowsolutions.com\/\">Winnow<\/a> aux \u00c9tats-Unis et <a href=\"https:\/\/www.goodforfood.sg\/\">Good for Food<\/a> \u00e0 Singapour utilisent l&#8217;intelligence artificielle pour aider les cuisines \u00e0 d\u00e9tecter leurs d\u00e9chets alimentaires et promettent \u00e0 leurs clients un retour sur investissement significatif. <a href=\"https:\/\/toogoodtogo.co.uk\/en-gb\">Too Good to Go<\/a> est une application d\u00e9velopp\u00e9e au Royaume-Uni qui aide des entreprises telles que les d\u00e9taillants et les restaurants \u00e0 distribuer leurs invendus et qui a permis de sauver plus de 27 millions de repas dans le monde jusqu&#8217;\u00e0 pr\u00e9sent.<\/p>\n<p>L&#8217;emballage des produits est une arme \u00e0 double tranchant pour l&#8217;industrie alimentaire. Il joue un r\u00f4le important et positif dans la conservation des produits lors de son transport de l&#8217;agriculteur au d\u00e9taillant, mais a \u00e9galement son propre impact environnemental d\u00e9vastateur. Ici aussi, des \u00e9volutions positives se dessinent. En 2017, Unilever s&#8217;est engag\u00e9e \u00e0 rendre 100\u00a0% de ses emballages plastiques enti\u00e8rement r\u00e9utilisables, recyclables ou compostables d&#8217;ici 2025<a href=\"#_ftn1\" name=\"_ftnref1\">[20]<\/a>. Nestl\u00e9 a fait le m\u00eame engagement pour \u00e9liminer les plastiques non recyclables<a href=\"#_ftn2\" name=\"_ftnref2\">[21]<\/a> dans le m\u00eame d\u00e9lai.<\/p>\n<h3>R\u00e9soudre le probl\u00e8me \u00e0 la source<\/h3>\n<p>\u00c0 l&#8217;autre extr\u00e9mit\u00e9 de la cha\u00eene alimentaire, la recherche et l&#8217;innovation peuvent jouer un r\u00f4le essentiel dans la r\u00e9duction des pertes alimentaires mondiales \u00e0 sa source. La Banque mondiale estime que dans la seule Afrique subsaharienne, par exemple, 37\u00a0% des aliments produits sont perdus avant m\u00eame d&#8217;arriver jusqu\u2019au consommateur<a href=\"#_ftn3\" name=\"_ftnref3\">[22]<\/a>.<\/p>\n<p>Je suis fier de dire qu\u2019Abdul Latif Jameel fait d\u00e9j\u00e0 une diff\u00e9rence significative dans ce domaine. Le <a href=\"https:\/\/jwafs.mit.edu\/\">Laboratoire Abdul Latif Jameel des syst\u00e8mes alimentaires et d&#8217;approvisionnement en eau<\/a> (J-WAFS) au Massachusetts Institute of Technology (<a href=\"https:\/\/mit.edu\">MIT<\/a>) soutient la recherche, l&#8217;innovation et la technologie pour garantir un approvisionnement en eau et en nourriture s\u00fbr et r\u00e9silient avec un impact environnemental minimal. Depuis sa fondation en 2014, il a financ\u00e9 plus de 60 projets, g\u00e9n\u00e9rant plus de 12\u00a0millions de dollars de fonds pour soutenir ses recherches.<a href=\"#_ftn4\" name=\"_ftnref4\">[23]<\/a>.<\/p>\n<p>Une grande partie de la recherche soutenue par le J-WAFS est consacr\u00e9e au d\u00e9veloppement de techniques innovantes et r\u00e9volutionnaires visant \u00e0 am\u00e9liorer, et id\u00e9alement transformer, l&#8217;efficience et l&#8217;efficacit\u00e9 des syst\u00e8mes alimentaires et d\u2019approvisionnement en eau dans les pays en d\u00e9veloppement \u00e0 un co\u00fbt qui les rendent accessibles et \u00e9conomiquement viables.<\/p>\n<p>Au Kenya, par exemple, le J-WAFS <a href=\"https:\/\/jwafs.mit.edu\/projects\/2019\/evaporative-cooling-technologies-fruit-and-vegetable-preservation-kenya\">soutient un projet<\/a> dirig\u00e9 par des professeurs du MIT <a href=\"https:\/\/d-lab.mit.edu\/about\/people\/dan-frey\">Daniel Frey<\/a> et <a href=\"https:\/\/architecture.mit.edu\/faculty\/leon-glicksman\">Leon Glicksman<\/a> visant \u00e0 cr\u00e9er des chambres de refroidissement par \u00e9vaporation en argile pour pr\u00e9server les fruits en utilisant l&#8217;\u00e9vaporation naturelle de l&#8217;eau, sans recourir \u00e0 l\u2019\u00e9lectricit\u00e9.<\/p>\n<p>Dans les r\u00e9gions chaudes et arides, l&#8217;absence d&#8217;installations de stockage \u00e0 temp\u00e9rature contr\u00f4l\u00e9e et l\u2019acc\u00e8s limit\u00e9 ou nul \u00e0 l&#8217;\u00e9lectricit\u00e9 signifient que les cultures de fruits et l\u00e9gumes se d\u00e9t\u00e9riorent rapidement. En fournissant les bonnes conditions de stockage (basse temp\u00e9rature\/humidit\u00e9 \u00e9lev\u00e9e), les chambres d&#8217;\u00e9vaporation en argile ont r\u00e9ussi \u00e0 pr\u00e9server les produits et ont donc permis de les commercialiser. Un stockage appropri\u00e9 offre \u00e9galement aux agriculteurs la flexibilit\u00e9 \u00e9conomique n\u00e9cessaire pour attendre les bonnes conditions de prix avant de commercialiser leurs produits, si les prix du march\u00e9 sont bas au moment de la production.<\/p>\n<p>Par ailleurs, <a href=\"https:\/\/swagergroup.mit.edu\/\">Tim Swager<\/a>, professeur de chimie John D. MacArthur au MIT, et ses coll\u00e8gues, ont mis au point une nouvelle <a href=\"https:\/\/www.alj.com\/en\/perspective\/j-wafs-in-action-combating-food-contamination\/\">technologie de d\u00e9tection de la s\u00e9curit\u00e9 alimentaire<\/a> rapide, facile et abordable. Leurs recherches reposent sur des gouttelettes sp\u00e9cialis\u00e9es, appel\u00e9es \u00e9mulsions Janus, capables de d\u00e9tecter la pr\u00e9sence d\u2019une contamination bact\u00e9rienne dans les aliments et les liquides.<\/p>\n<p>La technologie pourrait avoir d&#8217;\u00e9normes avantages dans les pays moins d\u00e9velopp\u00e9s. Elles peuvent \u00eatre appliqu\u00e9es \u00e0 l\u2019eau potable et \u00e0 toutes sortes de denr\u00e9es alimentaires. Par exemple, les m\u00e9tastases chez les vaches repr\u00e9sentent un r\u00e9el probl\u00e8me pour les producteurs de lait dans le monde entier. Elle peut se propager rapidement \u00e0 l\u2019ensemble des troupeaux.<a href=\"#_ftnref1\" name=\"_ftn1\"><\/a><\/p>\n<p><img decoding=\"async\" loading=\"lazy\" class=\"wp-image-56942 size-full alignnone\" src=\"https:\/\/www.alj.com\/app\/uploads\/2020\/01\/India-Milk.png\" alt=\"India Milk\" width=\"1034\" height=\"491\" srcset=\"https:\/\/media.alj.com\/app\/uploads\/2020\/01\/India-Milk.png 1034w, https:\/\/media.alj.com\/app\/uploads\/2020\/01\/India-Milk-300x142.png 300w, https:\/\/media.alj.com\/app\/uploads\/2020\/01\/India-Milk-1024x486.png 1024w, https:\/\/media.alj.com\/app\/uploads\/2020\/01\/India-Milk-150x71.png 150w, https:\/\/media.alj.com\/app\/uploads\/2020\/01\/India-Milk-768x365.png 768w, https:\/\/media.alj.com\/app\/uploads\/2020\/01\/India-Milk-752x357.png 752w\" sizes=\"(max-width: 1034px) 100vw, 1034px\" \/><\/p>\n<p>&nbsp;<\/p>\n<p><img decoding=\"async\" loading=\"lazy\" class=\"alignleft wp-image-56949 size-thumbnail\" src=\"https:\/\/www.alj.com\/app\/uploads\/2020\/01\/JWAFS-logo-150x69.png\" alt=\"JWAFS Logo\" width=\"150\" height=\"69\" srcset=\"https:\/\/media.alj.com\/app\/uploads\/2020\/01\/JWAFS-logo-150x69.png 150w, https:\/\/media.alj.com\/app\/uploads\/2020\/01\/JWAFS-logo-300x139.png 300w, https:\/\/media.alj.com\/app\/uploads\/2020\/01\/JWAFS-logo.png 340w\" sizes=\"(max-width: 150px) 100vw, 150px\" \/><\/p>\n<p>En <a href=\"https:\/\/alj.com\/en\/perspective\/j-wafs-in-action-providing-safe-clean-milk-to-rural-communities\/\">Inde<\/a> par exemple, le lait provenant de troupeaux diff\u00e9rents d\u2019une m\u00eame r\u00e9gion sera souvent mis en commun dans un point de collecte central. Si un troupeau pr\u00e9sente des m\u00e9tastases, l\u2019ensemble du lot est contamin\u00e9 et devra \u00eatre \u00e9limin\u00e9. La technologie de Swager serait capable d\u2019identifier les m\u00e9tastases dans un troupeau affect\u00e9 avant qu\u2019elles ne contaminent le lait non affect\u00e9, permettant ainsi de r\u00e9duire les pertes. Cette technologie est d\u00e9j\u00e0 sortie du laboratoire dans le cadre du programme J-WAFS Solutions et la start-up, <a href=\"https:\/\/www.xibus.systems\/\">Xibus Systems<\/a>, d\u00e9veloppe actuellement des protocoles pour les tests sur le terrain. L&#8217;objectif est de fournir un syst\u00e8me simple, rapide et robuste qui n\u00e9cessite un minimum de formation et ne perturbe pas le mode de travail actuel du producteur.<\/p>\n<p>J-WAFS a \u00e9galement \u00e9tabli un partenariat avec <a href=\"https:\/\/www.youtube.com\/embed\/s5FoqD5D5mE\">Rabobank dans le cadre du prix annuel de l&#8217;innovation agroalimentaire<\/a> et de la <a href=\"https:\/\/innovation.mit.edu\/\">MIT Innovation Initiative<\/a>, qui r\u00e9compense les innovateurs en amont et en aval de la cha\u00eene d&#8217;approvisionnement. Parmi les projets r\u00e9compens\u00e9s se trouve celui d\u2019une \u00e9quipe conjointe du <a href=\"https:\/\/www.alj.com\/en\/perspective\/war-waste-spray-stays-j-wafs-cultivates-innovation-address-pressing-food-agriculture-problems\/\">MIT et de l\u2019Universit\u00e9 Tufts<\/a> qui a d\u00e9velopp\u00e9 un enrobage naturel \u00e0 base de prot\u00e9ines capable d\u2019allonger la dur\u00e9e de conservation des fruits et l\u00e9gumes de pr\u00e8s de 50\u00a0%.<\/p>\n<p>La technologie est issue de la recherche men\u00e9e par Benedetto Marelli \u00e0 l&#8217;Universit\u00e9 Tufts, d\u00e9sormais professeur adjoint de d\u00e9veloppement de carri\u00e8re Paul M. Cook au D\u00e9partement de g\u00e9nie civil et environnemental du MIT. La recherche montre que l&#8217;enrobage peut prolonger de 50\u00a0% la dur\u00e9e de conservation des fraises, qui ont g\u00e9n\u00e9ralement une dur\u00e9e de conservation inf\u00e9rieure \u00e0 10 jours.<\/p>\n<p><em>\u00ab\u00a0Nous avons cr\u00e9\u00e9 une technologie capable de r\u00e9duire consid\u00e9rablement les d\u00e9chets \u00e0 chaque \u00e9tape de la cha\u00eene de valeur, pour les producteurs, les distributeurs et les consommateurs\u00a0\u00bb, <\/em>a d\u00e9clar\u00e9 Jacques-Henry Grislain, membre de l&#8217;\u00e9quipe de recherche.<\/p>\n<p>Bas\u00e9 en Belgique, <a href=\"http:\/\/www.wakati.co\/\">Wakati<\/a> est un autre acteur dont les innovations aident \u00e0 r\u00e9duire les pertes alimentaires. De nombreuses r\u00e9gions agricoles du monde se trouvent dans des climats tropicaux ou arides &#8211; et Wakati a produit une solution autonome pour pr\u00e9server les fruits et l\u00e9gumes, port\u00e9e par l&#8217;\u00e9nergie du soleil et sans besoin de refroidissement. Elle cr\u00e9e un microclimat protecteur \u00e0 l&#8217;int\u00e9rieur d&#8217;une tente sp\u00e9cialement con\u00e7ue pour stocker 200\u00a0kg de fruits et l\u00e9gumes, aliment\u00e9e par un petit panneau solaire et ne n\u00e9cessitant qu&#8217;un litre d&#8217;eau par semaine<a href=\"#_ftn1\" name=\"_ftnref1\">[24]<\/a>.<\/p>\n<p>Par ailleurs, l\u2019organisation am\u00e9ricaine <a href=\"https:\/\/www.refed.com\/\">ReFEd<\/a> (Rethink Food Waste Through Economics and Data) \u00e9tudie une technique appel\u00e9e digestion ana\u00e9robie centralis\u00e9e. Cette technique d\u00e9compose les mat\u00e9riaux biod\u00e9gradables qui peuvent ensuite \u00eatre utilis\u00e9s comme biofertilisant<a href=\"#_ftn2\" name=\"_ftnref2\">[25]<\/a>. La m\u00eame science s\u2019applique aux initiatives de valorisation de l\u2019\u00e9nergie issue des d\u00e9chets.<\/p>\n<p>La lutte antiparasitaire reste un probl\u00e8me majeur pour les petits exploitants agricoles dans les climats chauds. Mais l&#8217;utilisation de pesticides a \u00e9galement fait l&#8217;objet d&#8217;un examen minutieux \u00e0 la fois en raison des probl\u00e8mes de sant\u00e9 et de mise en danger de l&#8217;environnement. Ici, une gestion \u00e9cologique saine ou des pratiques \u00ab\u00a0agro\u00e9cologiques\u00a0\u00bb sont en cours d&#8217;\u00e9laboration pour minimiser l&#8217;utilisation des pesticides et utiliser les ressources naturelles pour lutter contre les nuisibles.<\/p>\n<p>Par exemple, la culture intercalaire, pratique consistant \u00e0 cultiver deux cultures ou plus \u00e0 proximit\u00e9, a donn\u00e9 des r\u00e9sultats, non seulement en termes d\u2019optimisation des terres, mais aussi dans la lutte contre les foreurs de tiges et les plantes parasites telles que la mauvaise herbe Striga qui peuvent avoir des effets d\u00e9vastateurs sur les cultures de ma\u00efs en Afrique australe et orientale. Une \u00e9tude r\u00e9alis\u00e9e en 2000-2003 aupr\u00e8s de 1\u00a0500 agriculteurs au Kenya et en Ouganda a r\u00e9v\u00e9l\u00e9 que cette technique permettait d\u2019augmenter les rendements de ma\u00efs de plus de 50\u00a0% dans les zones infest\u00e9es \u00e0 la fois par les foreurs de tiges et les mauvaises herbes Striga.<a href=\"#_ftn3\" name=\"_ftnref3\">[26]<\/a>.<\/p>\n<p>Le rapport de la FAO fait \u00e9tat d&#8217;un programme mis en \u0153uvre par le Minist\u00e8re de l&#8217;alimentation et de l&#8217;agriculture du Ghana et financ\u00e9 par l&#8217;Agence des \u00c9tats-Unis pour le d\u00e9veloppement international. Des silos en boue ont \u00e9t\u00e9 fabriqu\u00e9s pour pr\u00e9server les r\u00e9coltes de ma\u00efs, lutter contre les nuisibles et les effets des maladies. Les pertes de r\u00e9colte li\u00e9es au stockage par famille et par an sont tomb\u00e9es \u00e0 50 kg par rapport \u00e0 la moyenne pr\u00e9c\u00e9dente de 300 kg.<\/p>\n<p>L&#8217;impact des innovations comme celles-ci est encore faible, mais il s&#8217;accro\u00eet. Et nous devons continuer \u00e0 investir les ressources et le savoir-faire n\u00e9cessaires pour augmenter leurs port\u00e9es de fa\u00e7on exponentielle. Le diagramme ci-dessous montre comment les d\u00e9veloppements \u00e9mergents r\u00e9duisent les pertes et gaspillages alimentaires entre la production et la consommation.<a href=\"#_ftnref1\" name=\"_ftn1\"><\/a><img decoding=\"async\" loading=\"lazy\" class=\"aligncenter wp-image-56956\" src=\"https:\/\/www.alj.com\/app\/uploads\/2020\/01\/Graphic-3.jpg\" alt=\"\" width=\"1034\" height=\"798\" srcset=\"https:\/\/media.alj.com\/app\/uploads\/2020\/01\/Graphic-3.jpg 1019w, https:\/\/media.alj.com\/app\/uploads\/2020\/01\/Graphic-3-300x231.jpg 300w, https:\/\/media.alj.com\/app\/uploads\/2020\/01\/Graphic-3-150x116.jpg 150w, https:\/\/media.alj.com\/app\/uploads\/2020\/01\/Graphic-3-768x592.jpg 768w\" sizes=\"(max-width: 1034px) 100vw, 1034px\" \/><\/p>\n<h3>Force dans la collaboration<\/h3>\n<p><img decoding=\"async\" loading=\"lazy\" class=\"size-medium wp-image-56966\" src=\"https:\/\/www.alj.com\/app\/uploads\/2020\/01\/Sean-de-Cleen-WEF-300x200.jpg\" alt=\"Sean de Cleene\" width=\"300\" height=\"200\" srcset=\"https:\/\/media.alj.com\/app\/uploads\/2020\/01\/Sean-de-Cleen-WEF-300x200.jpg 300w, https:\/\/media.alj.com\/app\/uploads\/2020\/01\/Sean-de-Cleen-WEF-150x100.jpg 150w, https:\/\/media.alj.com\/app\/uploads\/2020\/01\/Sean-de-Cleen-WEF-768x512.jpg 768w, https:\/\/media.alj.com\/app\/uploads\/2020\/01\/Sean-de-Cleen-WEF.jpg 1024w\" sizes=\"(max-width: 300px) 100vw, 300px\" \/><\/p>\n<p>Bien que des progr\u00e8s consid\u00e9rables aient \u00e9t\u00e9 r\u00e9alis\u00e9s dans de nombreux domaines, <a href=\"https:\/\/www.weforum.org\/agenda\/authors\/sean-de-cleene\">Sean de Cleene<\/a>, membre du comit\u00e9 ex\u00e9cutif et directeur de <a href=\"https:\/\/www.weforum.org\/agenda\/archive\/food-and-nutrition-security\/\">Future of Food<\/a> a insist\u00e9 lors du <a href=\"https:\/\/www.weforum.org\/\">Forum \u00e9conomique mondial<\/a> sur la n\u00e9cessit\u00e9 pour les d\u00e9cideurs de travailler en dehors de leurs domaines respectifs et de collaborer entre les disciplines<a href=\"#_ftn1\" name=\"_ftnref1\">[1]<\/a>.<\/p>\n<p>Ce n&#8217;est que de cette mani\u00e8re qu&#8217;un programme pour la \u00ab\u00a0transformation des syst\u00e8mes alimentaires\u00a0\u00bb, telle qu\u2019il la d\u00e9crit, peut \u00eatre articul\u00e9 autour d\u2019une vue d&#8217;ensemble de la sant\u00e9, de l&#8217;alimentation, de l&#8217;utilisation des terres, du d\u00e9veloppement \u00e9conomique rural, des migrations, des conflits et des investissements.<\/p>\n<p>Sans cette vaste alliance, les incitations, aussi audacieuses soient-elles, resteront vaines.<\/p>\n<p>Sur la base de la suggestion pr\u00e9c\u00e9dente selon laquelle l&#8217;ODD 12 (Consommation et production responsables), impacte 12 des 17 objectifs de d\u00e9veloppement durable des Nations Unies, l&#8217;ODD 17 (Partenariat pour la r\u00e9alisation des objectifs) agit comme l&#8217;\u00e9l\u00e9ment contraignant pour rendre chacun des objectifs r\u00e9alisables.<\/p>\n<p><img decoding=\"async\" loading=\"lazy\" class=\"wp-image-56993 size-full\" src=\"https:\/\/www.alj.com\/app\/uploads\/2020\/01\/SDGs-1.png\" alt=\"\" width=\"940\" height=\"584\" srcset=\"https:\/\/media.alj.com\/app\/uploads\/2020\/01\/SDGs-1.png 940w, https:\/\/media.alj.com\/app\/uploads\/2020\/01\/SDGs-1-300x186.png 300w, https:\/\/media.alj.com\/app\/uploads\/2020\/01\/SDGs-1-150x93.png 150w, https:\/\/media.alj.com\/app\/uploads\/2020\/01\/SDGs-1-768x477.png 768w\" sizes=\"(max-width: 940px) 100vw, 940px\" \/><\/p>\n<p><span style=\"font-size: 10px;\">Source: UN<\/span><\/p>\n<p>L&#8217;ONU elle-m\u00eame essaie de stimuler cette collaboration entre les secteurs et les industries et de montrer la voie \u00e0 suivre. Elle a r\u00e9cemment annonc\u00e9 son intention de tenir un sommet sur les syst\u00e8mes alimentaires en 2021, pla\u00e7ant fermement les syst\u00e8mes alimentaires au coeur du programme plus large des objectifs de d\u00e9veloppement durable 2030, y compris la lutte contre le r\u00e9chauffement climatique.<\/p>\n<p>Le sommet vise \u00e0 donner un \u00e9lan, \u00e0 \u00e9largir les connaissances et \u00e0 partager les exp\u00e9riences et les approches mondiales sur les avantages des syst\u00e8mes alimentaires pour tous. L&#8217;ONU esp\u00e8re que ce sommet servira de catalyseur pour la mobilisation publique mondiale et l\u2019engagement \u00e0 s\u2019investir concr\u00e8tement de diverses mani\u00e8res \u00ab\u00a0pour rendre les syst\u00e8mes alimentaires inclusifs, adapt\u00e9s au climat et r\u00e9silients, et soutenir une paix durable.\u00a0\u00bb<a href=\"#_ftn1\" name=\"_ftnref1\">[27]<\/a><\/p>\n<p>Les acteurs du secteur priv\u00e9 font \u00e9galement leur part pour rassembler les parties prenantes et sensibiliser aux d\u00e9fis alimentaires auxquels nous sommes confront\u00e9s.<\/p>\n<p><a href=\"https:\/\/www.compass-group.com\/en\/index.html\"><img decoding=\"async\" loading=\"lazy\" class=\"alignleft size-full wp-image-56980\" src=\"https:\/\/www.alj.com\/app\/uploads\/2020\/01\/stopfoodwasteday.jpg\" alt=\"Stop Food Waste Day Logo\" width=\"225\" height=\"225\" srcset=\"https:\/\/media.alj.com\/app\/uploads\/2020\/01\/stopfoodwasteday.jpg 225w, https:\/\/media.alj.com\/app\/uploads\/2020\/01\/stopfoodwasteday-150x150.jpg 150w, https:\/\/media.alj.com\/app\/uploads\/2020\/01\/stopfoodwasteday-200x200.jpg 200w, https:\/\/media.alj.com\/app\/uploads\/2020\/01\/stopfoodwasteday-170x170.jpg 170w, https:\/\/media.alj.com\/app\/uploads\/2020\/01\/stopfoodwasteday-70x70.jpg 70w\" sizes=\"(max-width: 225px) 100vw, 225px\" \/>Compass Group<\/a>, multinationale de services alimentaires, a lanc\u00e9 une campagne mondiale de sensibilisation, la <a href=\"https:\/\/www.stopfoodwasteday.com\/en\/index.html\">Journ\u00e9e mondiale de lutte contre le gaspillage alimentaire<\/a>, en avril 2017. Gr\u00e2ce \u00e0 des campagnes sur les m\u00e9dias sociaux, des affiches et des stands d&#8217;exposition, et \u00e0 la collaboration de chefs c\u00e9l\u00e8bres, de partenaires de l&#8217;industrie et d\u2019influenceurs du monde entier, l&#8217;\u00e9v\u00e9nement 2018 a atteint 12 millions de personnes dans le monde.<a href=\"#_ftn2\" name=\"_ftnref2\">[28]<\/a>.<\/p>\n<p>Enfin, alors que la \u00ab\u00a0perte de nourriture\u00a0\u00bb et le \u00ab\u00a0gaspillage alimentaire\u00a0\u00bb ont leurs propres d\u00e9finitions distinctes, les deux sont inextricablement li\u00e9s &#8211; des produits qui n&#8217;ont pas \u00e9t\u00e9 stock\u00e9s correctement au transport inad\u00e9quat, jusqu&#8217;\u00e0 la mise au rebut par un d\u00e9taillant, un restaurant ou un consommateur, et leur destination ultime produisant du m\u00e9thane dans une d\u00e9charge.<\/p>\n<p>En ces termes, le probl\u00e8me est tr\u00e8s clair, mais il pr\u00e9sente toujours l&#8217;un des plus grands d\u00e9fis du monde.<\/p>\n<p>Pour le r\u00e9soudre, il faudra unir nos efforts \u00e0 toutes les \u00e9tapes de la cha\u00eene d&#8217;approvisionnement alimentaire. C&#8217;est un effort que nous pouvons &#8211; et devons &#8211; faire pour assurer un avenir durable et viable \u00e0 nos communaut\u00e9s.<\/p>\n<p><a href=\"#_ftnref1\" name=\"_ftn1\">[1]<\/a> <a href=\"https:\/\/www.un.org\/sg\/en\/content\/sg\/personnel-appointments\/2019-12-16\/ms-agnes-kalibata-of-rwanda-special-envoy-for-2021-food-systems-summit\">https:\/\/www.un.org\/sg\/en\/content\/sg\/personnel-appointments\/2019-12-16\/ms-agnes-kalibata-of-rwanda-special-envoy-for-2021-food-systems-summit<\/a><\/p>\n<p><a href=\"#_ftnref2\" name=\"_ftn2\">[2]<\/a> <a href=\"https:\/\/www.compass-group.com\/en\/media\/news\/2018\/stop-food-waste-day.html\">https:\/\/www.compass-group.com\/en\/media\/news\/2018\/stop-food-waste-day.html<\/a><\/p>\n<p><a href=\"#_ftnref1\" name=\"_ftn1\">[1]<\/a> <a href=\"http:\/\/www.fao.org\/3\/ca6030en\/ca6030en.pdf\"><em>The State of Food and Agriculture \u2013 Moving Forward on Food Loss and Waste Reduction<\/em><\/a>, Food and Agriculture Organization, 2019<\/p>\n<p><a href=\"#_ftnref2\" name=\"_ftn2\">[2]<\/a> <a href=\"http:\/\/www.fao.org\/save-food\/ressources\/fr\/\">http:\/\/www.fao.org\/save-food\/ressources\/fr\/<\/a><\/p>\n<p><a href=\"#_ftnref3\" name=\"_ftn3\">[3]<\/a> <a href=\"https:\/\/www.compass-group.com\/en\/media\/news\/2018\/stop-food-waste-day.html\">https:\/\/www.compass-group.com\/en\/media\/news\/2018\/stop-food-waste-day.html<\/a><\/p>\n<p><a href=\"#_ftnref4\" name=\"_ftn4\">[4]<\/a> <a href=\"https:\/\/www.un.org\/development\/desa\/en\/news\/population\/world-population-prospects-2017.html\">https:\/\/www.un.org\/development\/desa\/en\/news\/population\/world-population-prospects-2017.html<\/a><\/p>\n<p><a href=\"#_ftnref5\" name=\"_ftn5\">[5]<\/a> <a href=\"https:\/\/www.bcg.com\/en-gb\/publications\/2018\/tackling-1.6-billion-ton-food-loss-and-waste-crisis.aspx\">https:\/\/www.bcg.com\/en-gb\/publications\/2018\/tackling-1.6-billion-ton-food-loss-and-waste-crisis.aspx<\/a><\/p>\n<p><a href=\"#_ftnref6\" name=\"_ftn6\">[6]<\/a> <a href=\"https:\/\/wriorg.s3.amazonaws.com\/s3fs-public\/reducing-food-loss-waste-global-action-agenda_1.pdf\">https:\/\/wriorg.s3.amazonaws.com\/s3fs-public\/reducing-food-loss-waste-global-action-agenda_1.pdf<\/a>\u00a0\u00a0<\/p>\n<p><a href=\"#_ftnref7\" name=\"_ftn7\">[7]<\/a> <a href=\"http:\/\/foodsustainability.eiu.com\/wp-content\/uploads\/sites\/34\/2018\/12\/FixingFood2018-2.pdf\">http:\/\/foodsustainability.eiu.com\/wp-content\/uploads\/sites\/34\/2018\/12\/FixingFood2018-2.pdf<\/a><\/p>\n<p><a href=\"#_ftnref8\" name=\"_ftn8\">[8]<\/a> <a href=\"https:\/\/www.weforum.org\/agenda\/2015\/08\/which-countries-waste-the-most-food\/\">https:\/\/www.weforum.org\/agenda\/2015\/08\/which-countries-waste-the-most-food\/<\/a><\/p>\n<p><a href=\"#_ftnref9\" name=\"_ftn9\">[9]<\/a> <a href=\"http:\/\/www.fao.org\/3\/ca6030en\/ca6030en.pdf\"><em>The State of Food and Agriculture \u2013 Moving Forward on Food Loss and Waste Reduction<\/em><\/a>, UN Food and Agriculture Organization, 2019<\/p>\n<p><a href=\"#_ftnref10\" name=\"_ftn10\">[10]<\/a> <a href=\"http:\/\/www.fao.org\/3\/ca6030en\/ca6030en.pdf\"><em>The State of Food and Agriculture \u2013 Moving Forward on Food Loss and Waste Reduction<\/em><\/a>, Food and Agriculture Organization, 2019<\/p>\n<p><a href=\"#_ftnref11\" name=\"_ftn11\">[11]<\/a> <a href=\"https:\/\/www.unenvironment.org\/regions\/north-america\/regional-initiatives\/minimizing-food-waste\">https:\/\/www.unenvironment.org\/regions\/north-america\/regional-initiatives\/minimizing-food-waste<\/a><\/p>\n<p><a href=\"#_ftnref12\" name=\"_ftn12\">[12]<\/a> <a href=\"http:\/\/www.fao.org\/3\/ca6030en\/ca6030en.pdf\"><em>The State of Food and Agriculture \u2013 Moving Forward on Food Loss and Waste Reduction<\/em><\/a>, Food and Agriculture Organization, 2019<\/p>\n<p><a href=\"#_ftnref13\" name=\"_ftn13\">[13]<\/a> <a href=\"http:\/\/www.fao.org\/news\/story\/en\/item\/1180463\/icode\/\">http:\/\/www.fao.org\/news\/story\/en\/item\/1180463\/icode\/<\/a><\/p>\n<p><a href=\"#_ftnref14\" name=\"_ftn14\">[14]<\/a> <a href=\"https:\/\/sustainabledevelopment.un.org\/sdg12\">https:\/\/sustainabledevelopment.un.org\/sdg12<\/a><\/p>\n<p><a href=\"#_ftnref15\" name=\"_ftn15\">[15]<\/a> <a href=\"http:\/\/foodsustainability.eiu.com\/wp-content\/uploads\/sites\/34\/2018\/12\/FixingFood2018-2.pdf\">http:\/\/foodsustainability.eiu.com\/wp-content\/uploads\/sites\/34\/2018\/12\/FixingFood2018-2.pdf<\/a><\/p>\n<p><a href=\"#_ftnref16\" name=\"_ftn16\">[16]<\/a> <a href=\"http:\/\/www.sdg2advocacyhub.org\/chefmanifesto\">http:\/\/www.sdg2advocacyhub.org\/chefmanifesto<\/a><\/p>\n<p><a href=\"#_ftnref17\" name=\"_ftn17\">[17]<\/a> <a href=\"https:\/\/rubiesintherubble.com\/\">https:\/\/rubiesintherubble.com\/<\/a><\/p>\n<p><a href=\"#_ftnref18\" name=\"_ftn18\">[18]<\/a> <a href=\"https:\/\/www.unilever.co.uk\/planet-and-society\/our-strategy\/embedding-sustainability\/\">https:\/\/www.unilever.co.uk\/sustainable-living\/our-strategy\/embedding-sustainability\/<\/a><\/p>\n<p><a href=\"#_ftnref19\" name=\"_ftn19\">[19]<\/a> <a href=\"https:\/\/newsroom.inter.ikea.com\/news\/ikea-aims-to-cut-food-waste-by-50--with-new-food-is-precious-initiative\/s\/efde35e5-2909-4d45-be75-ff5f7941d092\">https:\/\/newsroom.inter.ikea.com\/news\/ikea-aims-to-cut-food-waste-by-50&#8211;with-new-food-is-precious-initiative\/s\/efde35e5-2909-4d45-be75-ff5f7941d092<\/a><\/p>\n<p><a href=\"#_ftnref20\" name=\"_ftn20\">[20]<\/a> <a href=\"https:\/\/www.unilever.com\/sustainable-living\/reducing-environmental-impact\/waste-and-packaging\/rethinking-plastic-packaging\/\">https:\/\/www.unilever.com\/sustainable-living\/reducing-environmental-impact\/waste-and-packaging\/rethinking-plastic-packaging\/<\/a><\/p>\n<p><a href=\"#_ftnref21\" name=\"_ftn21\">[21]<\/a> <a href=\"https:\/\/www.nestle.com\/ask-nestle\/environment\/answers\/tackling-packaging-waste-plastic-bottles\">https:\/\/www.nestle.com\/ask-nestle\/environment\/answers\/tackling-packaging-waste-plastic-bottles<\/a><\/p>\n<p><a href=\"#_ftnref22\" name=\"_ftn22\">[22]<\/a> <a href=\"https:\/\/www.worldbank.org\/en\/programs\/africa-myths-and-facts\/publication\/is-post-harvest-loss-significant-in-sub-saharan-africa\">https:\/\/www.worldbank.org\/en\/programs\/africa-myths-and-facts\/publication\/is-post-harvest-loss-significant-in-sub-saharan-africa<\/a><\/p>\n<p><a href=\"#_ftnref23\" name=\"_ftn23\">[23]<\/a> <a href=\"https:\/\/jwafs.mit.edu\/about\/impact\">https:\/\/jwafs.mit.edu\/about\/impact<\/a><\/p>\n<p><a href=\"#_ftnref24\" name=\"_ftn24\">[24]<\/a>\u00a0<\/p>\n<p><a href=\"#_ftnref25\" name=\"_ftn25\">[25]<\/a> <a href=\"https:\/\/www.refed.com\/solutions\/centralized-anaerobic-digestion\/\">https:\/\/www.refed.com\/solutions\/centralized-anaerobic-digestion\/<\/a><\/p>\n<p><a href=\"#_ftnref26\" name=\"_ftn26\">[26]<\/a> <a href=\"https:\/\/www.oaklandinstitute.org\/sites\/oaklandinstitute.org\/files\/Push_Pull_Kenya.pdf\">https:\/\/www.oaklandinstitute.org\/sites\/oaklandinstitute.org\/files\/Push_Pull_Kenya.pdf<\/a><\/p>\n<p><a href=\"#_ftnref27\" name=\"_ftn27\">[27]<\/a> <a href=\"https:\/\/www.weforum.org\/agenda\/2019\/11\/food-systems-agriculture-sustainable-sdgs\/\">https:\/\/www.weforum.org\/agenda\/2019\/11\/food-systems-agriculture-sustainable-sdgs\/<\/a><\/p>\n<p><a href=\"#_ftnref28\" name=\"_ftn28\">[28]<\/a> <a href=\"https:\/\/www.un.org\/sg\/en\/content\/sg\/personnel-appointments\/2019-12-16\/ms-agnes-kalibata-of-rwanda-special-envoy-for-2021-food-systems-summit\">https:\/\/www.un.org\/sg\/en\/content\/sg\/personnel-appointments\/2019-12-16\/ms-agnes-kalibata-of-rwanda-special-envoy-for-2021-food-systems-summit<\/a><\/p>\n<p><a href=\"#_ftnref29\" name=\"_ftn29\">[29]<\/a> <a href=\"https:\/\/www.compass-group.com\/en\/media\/news\/2018\/stop-food-waste-day.html\">https:\/\/www.compass-group.com\/en\/media\/news\/2018\/stop-food-waste-day.html<\/a><\/p>\n<h3>Connectez-vous avec moi sur LinkedIn<\/h3>\n<p><script type=\"text\/javascript\" src=\"https:\/\/platform.linkedin.com\/badges\/js\/profile.js\" async defer><\/script><\/p>\n<div class=\"LI-profile-badge\" data-version=\"v1\" data-size=\"medium\" data-locale=\"en_US\" data-type=\"horizontal\" data-theme=\"dark\" data-vanity=\"fady-jameel\"><a class=\"LI-simple-link\" href=\"https:\/\/ae.linkedin.com\/in\/fady-jameel?trk=profile-badge\">Fady J.<\/a><\/div>\n","protected":false},"featured_media":56987,"template":"","tags":[],"acf":[],"yoast_head":"<!-- This site is optimized with the Yoast SEO plugin v21.5 - https:\/\/yoast.com\/wordpress\/plugins\/seo\/ -->\n<title>De la ferme \u00e0 l&#039;assiette - lutter contre la crise alimentaire - Abdul Latif Jameel<\/title>\n<meta name=\"description\" content=\"Les questions relatives \u00e0 la s\u00e9curit\u00e9 alimentaire d\u00e9pendent de la prise de conscience des entreprises pour trouver des solutions durables aux pertes et d\u00e9chets alimentaires. Le probl\u00e8me peut-il \u00eatre r\u00e9solu ?\" \/>\n<meta name=\"robots\" content=\"index, follow, max-snippet:-1, max-image-preview:large, max-video-preview:-1\" \/>\n<link rel=\"canonical\" href=\"https:\/\/alj.com\/fr\/spotlight-by-fady-jameel\/from-farm-to-fork-tackling-the-food-crisis\/\" \/>\n<meta property=\"og:locale\" content=\"fr_FR\" \/>\n<meta property=\"og:type\" content=\"article\" \/>\n<meta property=\"og:title\" content=\"De la ferme \u00e0 l&#039;assiette - lutter contre la crise alimentaire - Abdul Latif Jameel\" \/>\n<meta property=\"og:description\" content=\"Les questions relatives \u00e0 la s\u00e9curit\u00e9 alimentaire d\u00e9pendent de la prise de conscience des entreprises pour trouver des solutions durables aux pertes et d\u00e9chets alimentaires. Le probl\u00e8me peut-il \u00eatre r\u00e9solu ?\" \/>\n<meta property=\"og:url\" content=\"https:\/\/alj.com\/fr\/spotlight-by-fady-jameel\/from-farm-to-fork-tackling-the-food-crisis\/\" \/>\n<meta property=\"og:site_name\" content=\"Abdul Latif Jameel\" \/>\n<meta property=\"article:publisher\" content=\"https:\/\/www.facebook.com\/Abdul.Latif.Jameel.Official\" \/>\n<meta property=\"article:modified_time\" content=\"2021-08-16T10:16:11+00:00\" \/>\n<meta property=\"og:image\" content=\"https:\/\/media.alj.com\/app\/uploads\/2020\/01\/FJ-Food-Loss-Hero.png\" \/>\n\t<meta property=\"og:image:width\" content=\"1034\" \/>\n\t<meta property=\"og:image:height\" content=\"580\" \/>\n\t<meta property=\"og:image:type\" content=\"image\/png\" \/>\n<meta name=\"twitter:card\" content=\"summary_large_image\" \/>\n<meta name=\"twitter:label1\" content=\"Est. reading time\" \/>\n\t<meta name=\"twitter:data1\" content=\"19 minutes\" \/>\n<script type=\"application\/ld+json\" class=\"yoast-schema-graph\">{\"@context\":\"https:\/\/schema.org\",\"@graph\":[{\"@type\":\"WebPage\",\"@id\":\"https:\/\/alj.com\/fr\/spotlight-by-fady-jameel\/from-farm-to-fork-tackling-the-food-crisis\/\",\"url\":\"https:\/\/alj.com\/fr\/spotlight-by-fady-jameel\/from-farm-to-fork-tackling-the-food-crisis\/\",\"name\":\"De la ferme \u00e0 l'assiette - lutter contre la crise alimentaire - Abdul Latif Jameel\",\"isPartOf\":{\"@id\":\"https:\/\/alj.com\/en\/#website\"},\"datePublished\":\"2020-01-21T12:06:32+00:00\",\"dateModified\":\"2021-08-16T10:16:11+00:00\",\"description\":\"Les questions relatives \u00e0 la s\u00e9curit\u00e9 alimentaire d\u00e9pendent de la prise de conscience des entreprises pour trouver des solutions durables aux pertes et d\u00e9chets alimentaires. Le probl\u00e8me peut-il \u00eatre r\u00e9solu ?\",\"breadcrumb\":{\"@id\":\"https:\/\/alj.com\/fr\/spotlight-by-fady-jameel\/from-farm-to-fork-tackling-the-food-crisis\/#breadcrumb\"},\"inLanguage\":\"fr-FR\",\"potentialAction\":[{\"@type\":\"ReadAction\",\"target\":[\"https:\/\/alj.com\/fr\/spotlight-by-fady-jameel\/from-farm-to-fork-tackling-the-food-crisis\/\"]}]},{\"@type\":\"BreadcrumbList\",\"@id\":\"https:\/\/alj.com\/fr\/spotlight-by-fady-jameel\/from-farm-to-fork-tackling-the-food-crisis\/#breadcrumb\",\"itemListElement\":[{\"@type\":\"ListItem\",\"position\":1,\"name\":\"Home\",\"item\":\"https:\/\/alj.com\/fr\/\"},{\"@type\":\"ListItem\",\"position\":2,\"name\":\"Spotlight By Fady Jameel\",\"item\":\"https:\/\/alj.com\/ja\/spotlight-by-fady-jameel\/\"},{\"@type\":\"ListItem\",\"position\":3,\"name\":\"De la ferme \u00e0 l&#8217;assiette &#8211; lutter contre la crise alimentaire\"}]},{\"@type\":\"WebSite\",\"@id\":\"https:\/\/alj.com\/en\/#website\",\"url\":\"https:\/\/alj.com\/en\/\",\"name\":\"Abdul Latif Jameel\",\"description\":\"Abdul Latif Jameel\",\"potentialAction\":[{\"@type\":\"SearchAction\",\"target\":{\"@type\":\"EntryPoint\",\"urlTemplate\":\"https:\/\/alj.com\/en\/?s={search_term_string}\"},\"query-input\":\"required name=search_term_string\"}],\"inLanguage\":\"fr-FR\"}]}<\/script>\n<!-- \/ Yoast SEO plugin. -->","yoast_head_json":{"title":"De la ferme \u00e0 l'assiette - lutter contre la crise alimentaire - Abdul Latif Jameel","description":"Les questions relatives \u00e0 la s\u00e9curit\u00e9 alimentaire d\u00e9pendent de la prise de conscience des entreprises pour trouver des solutions durables aux pertes et d\u00e9chets alimentaires. Le probl\u00e8me peut-il \u00eatre r\u00e9solu ?","robots":{"index":"index","follow":"follow","max-snippet":"max-snippet:-1","max-image-preview":"max-image-preview:large","max-video-preview":"max-video-preview:-1"},"canonical":"https:\/\/alj.com\/fr\/spotlight-by-fady-jameel\/from-farm-to-fork-tackling-the-food-crisis\/","og_locale":"fr_FR","og_type":"article","og_title":"De la ferme \u00e0 l'assiette - lutter contre la crise alimentaire - Abdul Latif Jameel","og_description":"Les questions relatives \u00e0 la s\u00e9curit\u00e9 alimentaire d\u00e9pendent de la prise de conscience des entreprises pour trouver des solutions durables aux pertes et d\u00e9chets alimentaires. Le probl\u00e8me peut-il \u00eatre r\u00e9solu ?","og_url":"https:\/\/alj.com\/fr\/spotlight-by-fady-jameel\/from-farm-to-fork-tackling-the-food-crisis\/","og_site_name":"Abdul Latif Jameel","article_publisher":"https:\/\/www.facebook.com\/Abdul.Latif.Jameel.Official","article_modified_time":"2021-08-16T10:16:11+00:00","og_image":[{"width":1034,"height":580,"url":"https:\/\/media.alj.com\/app\/uploads\/2020\/01\/FJ-Food-Loss-Hero.png","type":"image\/png"}],"twitter_card":"summary_large_image","twitter_misc":{"Est. reading time":"19 minutes"},"schema":{"@context":"https:\/\/schema.org","@graph":[{"@type":"WebPage","@id":"https:\/\/alj.com\/fr\/spotlight-by-fady-jameel\/from-farm-to-fork-tackling-the-food-crisis\/","url":"https:\/\/alj.com\/fr\/spotlight-by-fady-jameel\/from-farm-to-fork-tackling-the-food-crisis\/","name":"De la ferme \u00e0 l'assiette - lutter contre la crise alimentaire - Abdul Latif Jameel","isPartOf":{"@id":"https:\/\/alj.com\/en\/#website"},"datePublished":"2020-01-21T12:06:32+00:00","dateModified":"2021-08-16T10:16:11+00:00","description":"Les questions relatives \u00e0 la s\u00e9curit\u00e9 alimentaire d\u00e9pendent de la prise de conscience des entreprises pour trouver des solutions durables aux pertes et d\u00e9chets alimentaires. Le probl\u00e8me peut-il \u00eatre r\u00e9solu ?","breadcrumb":{"@id":"https:\/\/alj.com\/fr\/spotlight-by-fady-jameel\/from-farm-to-fork-tackling-the-food-crisis\/#breadcrumb"},"inLanguage":"fr-FR","potentialAction":[{"@type":"ReadAction","target":["https:\/\/alj.com\/fr\/spotlight-by-fady-jameel\/from-farm-to-fork-tackling-the-food-crisis\/"]}]},{"@type":"BreadcrumbList","@id":"https:\/\/alj.com\/fr\/spotlight-by-fady-jameel\/from-farm-to-fork-tackling-the-food-crisis\/#breadcrumb","itemListElement":[{"@type":"ListItem","position":1,"name":"Home","item":"https:\/\/alj.com\/fr\/"},{"@type":"ListItem","position":2,"name":"Spotlight By Fady Jameel","item":"https:\/\/alj.com\/ja\/spotlight-by-fady-jameel\/"},{"@type":"ListItem","position":3,"name":"De la ferme \u00e0 l&#8217;assiette &#8211; lutter contre la crise alimentaire"}]},{"@type":"WebSite","@id":"https:\/\/alj.com\/en\/#website","url":"https:\/\/alj.com\/en\/","name":"Abdul Latif Jameel","description":"Abdul Latif Jameel","potentialAction":[{"@type":"SearchAction","target":{"@type":"EntryPoint","urlTemplate":"https:\/\/alj.com\/en\/?s={search_term_string}"},"query-input":"required name=search_term_string"}],"inLanguage":"fr-FR"}]}},"post-meta-fields":{"_alp_processed":["1580103940"],"_wpml_word_count":["{\"total\":3373,\"to_translate\":{\"ar\":3373,\"zh-hans\":3373,\"fr\":3373,\"ja\":3373,\"es\":3373,\"tr\":3373}}"],"push_notification":["no"],"_push_notification":["field_5c3b1fb67034d"],"_wpml_media_featured":["1"],"_wpml_media_duplicate":["1"],"_oembed_60d826fd40d4a63693c8a1b97c0b2835":["<iframe title=\"Food Sustainability Index 2018 - Third edition, 9th International Forum on Food and Nutrition\" width=\"640\" height=\"360\" src=\"https:\/\/www.youtube.com\/embed\/lyh8ZVJ90Tw?feature=oembed\" frameborder=\"0\" allow=\"accelerometer; autoplay; clipboard-write; encrypted-media; gyroscope; picture-in-picture\" allowfullscreen><\/iframe>"],"_oembed_time_60d826fd40d4a63693c8a1b97c0b2835":["1629108986"],"_oembed_7d41056026017fd1f8d3531fd42d3946":["<iframe title=\"Food Sustainability Index 2018 - Third edition, 9th International Forum on Food and Nutrition\" width=\"640\" height=\"360\" src=\"https:\/\/www.youtube.com\/embed\/lyh8ZVJ90Tw?feature=oembed\" frameborder=\"0\" allow=\"accelerometer; autoplay; encrypted-media; gyroscope; picture-in-picture\" allowfullscreen><\/iframe>"],"_oembed_time_7d41056026017fd1f8d3531fd42d3946":["1579607456"],"perspective_short_title":["Lutter contre la crise alimentaire"],"perspective_summury":["<p>Avec une population mondiale en augmentation rapide, les probl\u00e8mes li\u00e9s \u00e0 notre s\u00e9curit\u00e9 alimentaire atteignent un point critique.<\/p>\n"],"perspective_location":["Duba\u00ef, Emirats Arabes Unis"],"perspective_author_name":["<p><span style=\"color: #000000;\"><a href=\"https:\/\/www.alj.com\/fr\/our-people\/fady-jameel\/\">Fady Jameel<\/a><\/span><\/p>\n<p>Pr\u00e9sident d\u00e9l\u00e9gu\u00e9 et vice-pr\u00e9sident,\u00a0Abdul Latif Jameel International<\/p>\n"],"perspective_author_bio":["<p><a href=\"https:\/\/www.alj.com\/fr\/our-people\/fady-jameel\/\">Fady Mohammed<\/a> Jameel est pr\u00e9sident d\u00e9l\u00e9gu\u00e9 et vice-pr\u00e9sident, International\u00a0Abdul Latif Jameel, un collectif international d\u2019entreprises ind\u00e9pendantes, familiales et diversifi\u00e9es, fond\u00e9 en 1945 par son grand-p\u00e8re, le d\u00e9funt Abdul Latif Jameel.<\/p>\n"],"wpcf-featured-news":["1"],"is_latest_news":["0"],"wpcf-show-news-at-homepage":["1"],"publish_mobile":["a:1:{i:0;s:3:\"yes\";}"],"_publish_mobile":["field_5bfa8eb2e65cf"],"mobile_featured_image":["https:\/\/media.alj.com\/app\/uploads\/2020\/01\/FJ-Food-Loss-Hero.png"],"_mobile_featured_image":["field_5c3b204983dea"],"_wpcf-card-image-sort-order":["a:1:{i:0;i:1017722;}"],"_yoast_wpseo_content_score":["30"],"_thumbnail_id":["56987"],"_last_translation_edit_mode":["native-editor"],"_yoast_wpseo_title":["De la ferme \u00e0 l'assiette - lutter contre la crise alimentaire - Abdul Latif Jameel"],"_yoast_wpseo_metadesc":["Les questions relatives \u00e0 la s\u00e9curit\u00e9 alimentaire d\u00e9pendent de la prise de conscience des entreprises pour trouver des solutions durables aux pertes et d\u00e9chets alimentaires. Le probl\u00e8me peut-il \u00eatre r\u00e9solu ?"],"_bsf_post_type":["0"],"_bsf_item_review_type":["none"],"is_podcast":["0"],"_is_podcast":["field_5ee1dff933e7f"],"_edit_lock":["1629112752:23"],"_edit_last":["23"],"perspective_business_sector":["Community Jameel"],"perspective_author_image":["51684"],"content_series_applied":[""],"_content_series_applied":["field_60f3d3faf82ac"],"wpcf-perspective-published-date":["1579564800"],"wpcf-card-image":[""],"_yoast_wpseo_estimated-reading-time-minutes":["19"]},"_links":{"self":[{"href":"https:\/\/alj.com\/fr\/wp-json\/wp\/v2\/spotlight-fadyjameel\/57164"}],"collection":[{"href":"https:\/\/alj.com\/fr\/wp-json\/wp\/v2\/spotlight-fadyjameel"}],"about":[{"href":"https:\/\/alj.com\/fr\/wp-json\/wp\/v2\/types\/spotlight-fadyjameel"}],"wp:featuredmedia":[{"embeddable":true,"href":"https:\/\/alj.com\/fr\/wp-json\/wp\/v2\/media\/56987"}],"wp:attachment":[{"href":"https:\/\/alj.com\/fr\/wp-json\/wp\/v2\/media?parent=57164"}],"wp:term":[{"taxonomy":"post_tag","embeddable":true,"href":"https:\/\/alj.com\/fr\/wp-json\/wp\/v2\/tags?post=57164"}],"curies":[{"name":"wp","href":"https:\/\/api.w.org\/{rel}","templated":true}]}}