{"id":101375,"date":"2022-08-12T10:52:32","date_gmt":"2022-08-12T10:52:32","guid":{"rendered":"https:\/\/alj.com\/perspective\/principled-profits-what-esg-means-for-private-investors\/"},"modified":"2022-08-16T12:37:49","modified_gmt":"2022-08-16T12:37:49","slug":"principled-profits-what-esg-means-for-private-investors","status":"publish","type":"perspective","link":"https:\/\/alj.com\/tr\/perspective\/principled-profits-what-esg-means-for-private-investors\/","title":{"rendered":"\u0130lkeli k\u00e2rlar: \u00c7SY\u2019nin \u00f6zel yat\u0131r\u0131mc\u0131lar i\u00e7in anlam\u0131"},"content":{"rendered":"<p>\u201cElinizdeki paran\u0131n sizin i\u00e7in ne yapabilece\u011fini de\u011fil, d\u00fcnya i\u00e7in ne yapabilece\u011fini sorgulay\u0131n.\u201d \u00d6zel yat\u0131r\u0131mc\u0131 motivasyonlar\u0131n\u0131n bilgiye dayanmayan iyimser bir yorumu mu, yoksa yat\u0131r\u0131m r\u00fczgar\u0131n\u0131n nas\u0131l esti\u011fine dair ger\u00e7ek\u00e7i bir yakla\u015f\u0131m m\u0131?<\/p>\n<p>Ayn\u0131 anda hem para kazanmaya hem de iyi bir \u015fey yapmaya y\u00f6nelik bu \u00e7ifte motivasyonlar birbiri ile ba\u011flant\u0131l\u0131d\u0131r. Bu yat\u0131r\u0131mlara y\u00f6nelik motivasyonlar\u0131n \u00f6rt\u00fc\u015fmesiyle ortaya \u00e7\u0131kan bu mutlu tablo, fonlar\u0131n ba\u011f\u0131ms\u0131z bir \u00fc\u00e7\u00fcnc\u00fc taraf\u00e7a onayland\u0131\u011f\u0131 \u015fekilde \u00e7evresel, toplumsal veya ahlaki boyutlar\u0131 kan\u0131tlanabilen f\u0131rsatlara y\u00f6nlendirildi\u011fi bir yat\u0131r\u0131m t\u00fcr\u00fc olan <a href=\"https:\/\/alj.com\/en\/spotlight-by-fady-jameel\/commerce-with-a-conscience-the-unstoppable-rise-of-esg\/\">\u00c7SY (\u00e7evresel, sosyal ve y\u00f6neti\u015fim) yat\u0131r\u0131mlar\u0131ndaki<\/a> son on y\u0131lda ger\u00e7ekle\u015fen ani art\u0131\u015f\u0131 a\u00e7\u0131klamaya bir katk\u0131da bulunuyor.<\/p>\n<p>G\u00fcn\u00fcm\u00fczde, daha s\u00fcrd\u00fcr\u00fclebilir bir toplumun geli\u015ftirilmesi genellikle sermaye b\u00fcy\u00fcmesiyle desteklenebilir. Bu, \u00c7SY\u2019nin temel ta\u015flar\u0131 olan insan haklar\u0131, \u00e7evre, \u00e7e\u015fitlilik ve \u015feffafl\u0131k konular\u0131nda duyarl\u0131 olmaya \u00e7al\u0131\u015fmakla ve sosyal medyada \u00f6ne \u00e7\u0131kmak i\u00e7in deste\u011finizi g\u00f6stermekle ilgili de\u011fildir. Bu, ileri g\u00f6r\u00fc\u015fl\u00fc \u00f6zel yat\u0131r\u0131mc\u0131lar\u0131n, verimli ve g\u00fcvenli bir ticari ortam\u0131n iki ay\u0131rt edici \u00f6zelli\u011fi olarak \u00f6ne \u00e7\u0131kan g\u00fcven ve istikrar\u0131n oldu\u011fu bir d\u00fcnyan\u0131n, b\u00fcy\u00fcme ve \u00f6ng\u00f6r\u00fclebilirlik i\u00e7in uygun bir d\u00fcnya oldu\u011funun fark\u0131na varmalar\u0131yla ilgilidir. Buna kar\u015f\u0131l\u0131k, toplumsal stresler ve \u00e7evresel istikrars\u0131zl\u0131k ile parampar\u00e7a olmu\u015f bir d\u00fcnya genellikle volatilite, belirsizlik ve uzun vadeli gerilemeyi ifade eder. B\u00f6yle bir durumda ise uzun vadeli ekonomik b\u00fcy\u00fcme i\u00e7in sa\u011flam bir temel olu\u015fturmak neredeyse imkans\u0131zd\u0131r.<\/p>\n<p>D\u00fcnya Ekonomik Forumu (WEF<a href=\"https:\/\/alj.com\/en\/perspective\/how-inequality-threatens-a-riskier-world\/\">) 2022 Global Riskler Raporunda<\/a> belirtilen d\u00fcnyan\u0131n kar\u015f\u0131 kar\u015f\u0131ya oldu\u011fu ba\u015fl\u0131ca risklerin (a\u015f\u0131r\u0131 hava ko\u015fullar\u0131, iklim eylemi ba\u015far\u0131s\u0131zl\u0131\u011f\u0131, biyo\u00e7e\u015fitlili\u011fin yok olmas\u0131, insan kaynakl\u0131 \u00e7evresel felaketler, kitle imha silahlar\u0131 ve su krizleri<a href=\"#_ftn1\" name=\"_ftnref1\">[1]<\/a>) olas\u0131l\u0131k ve etki bak\u0131m\u0131ndan bir ortak noktas\u0131 var: Bu risklerin olu\u015fma ihtimalleri ve \u015fiddeti, hepimizin payla\u015ft\u0131\u011f\u0131 d\u00fcnyan\u0131n ne kadar sa\u011flam duru\u015f sergileyece\u011fi neticesinde belirlenecektir.<\/p>\n<p>D\u00fcnya ne kadar g\u00fcvenli olursa medeniyet de o kadar istikrarl\u0131 olacak ve o kadar \u00e7ok finansal f\u0131rsat ortaya \u00e7\u0131kacakt\u0131r. Peki \u201c\u00c7SY\u201d ile tam olarak neyi kastediyoruz? Tek bir tan\u0131m yoktur, ancak McKinsey bir makalede \u00c7SY yat\u0131r\u0131m\u0131n\u0131 anlayabilmemiz i\u00e7in faydal\u0131 bir ba\u015flang\u0131\u00e7 noktas\u0131 sunuyor:<\/p>\n<p>\u00c7: \u00c7evre, her \u015firketin enerji ve kaynak kulland\u0131\u011f\u0131, \u00e7evreyi etkiledi\u011fi ve \u00e7evreden etkilendi\u011fi ger\u00e7e\u011fini yans\u0131t\u0131r. \u00c7, bir kurulu\u015fun kulland\u0131\u011f\u0131 enerjiyi, olu\u015fturdu\u011fu at\u0131klar\u0131, ihtiya\u00e7 duydu\u011fu kaynaklar\u0131 ve bunlar\u0131n d\u00fcnya \u00fczerindeki etkilerini i\u00e7erir. Karbon emisyonlar\u0131n\u0131 ve iklim de\u011fi\u015fikli\u011fini kapsar.<\/p>\n<p>S: Sosyal, her \u015firketin daha geni\u015f ve \u00e7e\u015fitlilikleri bar\u0131nd\u0131ran bir toplum i\u00e7inde faaliyet g\u00f6stermesini ifade eder. Bir i\u015fletmenin kurdu\u011fu ili\u015fkileri ve faaliyet g\u00f6sterdi\u011fi topluluklardaki insanlar ve kurumlar nezdinde olu\u015fturdu\u011fu sayg\u0131nl\u0131\u011f\u0131 g\u00f6sterir. S, \u00e7al\u0131\u015fan ili\u015fkilerini, \u00e7e\u015fitlili\u011fi ve kapsay\u0131c\u0131l\u0131\u011f\u0131 i\u00e7erir.<\/p>\n<p>Y: Y\u00f6neti\u015fim, her kurulu\u015fun kendi ba\u015f\u0131na t\u00fczel bir ki\u015filik olarak y\u00f6neti\u015fime ihtiya\u00e7 duymas\u0131 anlam\u0131na gelir. Bir i\u015fletmenin kendini y\u00f6netmek, etkili kararlar almak, yasalara uymak ve d\u0131\u015f payda\u015flar\u0131n ihtiya\u00e7lar\u0131n\u0131 kar\u015f\u0131lamak i\u00e7in benimsedi\u011fi i\u00e7 uygulama, kontrol ve prosed\u00fcrler sistemini ifade eder. <a href=\"#_ftn2\" name=\"_ftnref2\">[2]<\/a><\/p>\n<p><img decoding=\"async\" loading=\"lazy\" class=\"aligncenter size-full wp-image-101301\" src=\"https:\/\/media.alj.com\/app\/uploads\/2022\/08\/1741-ALJ-ESG-Investing-scaled.jpg\" alt=\"\" width=\"2560\" height=\"1810\" srcset=\"https:\/\/media.alj.com\/app\/uploads\/2022\/08\/1741-ALJ-ESG-Investing-scaled.jpg 2560w, https:\/\/media.alj.com\/app\/uploads\/2022\/08\/1741-ALJ-ESG-Investing-300x212.jpg 300w, https:\/\/media.alj.com\/app\/uploads\/2022\/08\/1741-ALJ-ESG-Investing-1024x724.jpg 1024w, https:\/\/media.alj.com\/app\/uploads\/2022\/08\/1741-ALJ-ESG-Investing-150x106.jpg 150w, https:\/\/media.alj.com\/app\/uploads\/2022\/08\/1741-ALJ-ESG-Investing-768x543.jpg 768w, https:\/\/media.alj.com\/app\/uploads\/2022\/08\/1741-ALJ-ESG-Investing-1536x1086.jpg 1536w, https:\/\/media.alj.com\/app\/uploads\/2022\/08\/1741-ALJ-ESG-Investing-2048x1448.jpg 2048w\" sizes=\"(max-width: 2560px) 100vw, 2560px\" \/><\/p>\n<p><img decoding=\"async\" loading=\"lazy\" class=\"alignright size-medium wp-image-101350\" src=\"https:\/\/media.alj.com\/app\/uploads\/2022\/08\/PRI-logo-300x162.png\" alt=\"\" width=\"300\" height=\"162\" srcset=\"https:\/\/media.alj.com\/app\/uploads\/2022\/08\/PRI-logo-300x162.png 300w, https:\/\/media.alj.com\/app\/uploads\/2022\/08\/PRI-logo-150x81.png 150w, https:\/\/media.alj.com\/app\/uploads\/2022\/08\/PRI-logo.png 305w\" sizes=\"(max-width: 300px) 100vw, 300px\" \/>\u00a0\u00c7SY hareketinin temelleri, BM Genel Sekreteri Kofi Annan\u2019\u0131n 2005 y\u0131l\u0131nda \u00c7SY sorunlar\u0131yla m\u00fccadeleye odaklanan Sorumlu Yat\u0131r\u0131m \u0130lkelerini (<a href=\"https:\/\/www.unpri.org\/\">SY\u0130<\/a>) geli\u015ftirmek i\u00e7in d\u00fcnyan\u0131n en b\u00fcy\u00fck kurumsal yat\u0131r\u0131mc\u0131lar\u0131ndan olu\u015fan bir grubu davet etmesiyle at\u0131lm\u0131\u015ft\u0131r. SY\u0130\u2019nin 521 imzac\u0131s\u0131, \u00c7SY ilkeleriyle uyumlu olarak 103 trilyon ABD dolar\u0131n\u0131 (Mart 2020 itibar\u0131yla en g\u00fcncel veriler) a\u015fan bir b\u00fct\u00e7eyi y\u00f6netiyor<a href=\"#_ftn3\" name=\"_ftnref3\">[3]<\/a>.<\/p>\n<p>\u00c7SY yat\u0131r\u0131m\u0131, do\u011fas\u0131 gere\u011fi k\u0131sa vadeli d\u00fc\u015f\u00fcnme ilkelerine dayanan \u201c\u00e7abuk para kazanma\u201d fikrine kar\u015f\u0131 gelmeyi ifade eder. Bilgili bir \u00c7SY yat\u0131r\u0131mc\u0131s\u0131, \u00f6rne\u011fin geli\u015fmekte olan d\u00fcnyada s\u00fcrd\u00fcr\u00fclebilir bir enerji i\u015fine bug\u00fcn yap\u0131lan yat\u0131r\u0131m\u0131n, bir ku\u015faktan daha uzun s\u00fcrede ortaya \u00e7\u0131karaca\u011f\u0131 ticari olanaklarla bu \u00fclkenin geli\u015fmesini nas\u0131l destekleyece\u011fini de\u011ferlendirecektir. En saf ya da ideal haliyle bir \u00c7SY yat\u0131r\u0131m\u0131, ilkeleri k\u00e2rla birle\u015ftirir.<\/p>\n<p><img decoding=\"async\" loading=\"lazy\" class=\"aligncenter size-full wp-image-101315\" src=\"https:\/\/media.alj.com\/app\/uploads\/2022\/08\/Green-piggie-bank.png\" alt=\"\" width=\"9500\" height=\"4140\" srcset=\"https:\/\/media.alj.com\/app\/uploads\/2022\/08\/Green-piggie-bank.png 9500w, https:\/\/media.alj.com\/app\/uploads\/2022\/08\/Green-piggie-bank-300x131.png 300w, https:\/\/media.alj.com\/app\/uploads\/2022\/08\/Green-piggie-bank-1024x446.png 1024w, https:\/\/media.alj.com\/app\/uploads\/2022\/08\/Green-piggie-bank-150x65.png 150w, https:\/\/media.alj.com\/app\/uploads\/2022\/08\/Green-piggie-bank-768x335.png 768w, https:\/\/media.alj.com\/app\/uploads\/2022\/08\/Green-piggie-bank-1536x669.png 1536w, https:\/\/media.alj.com\/app\/uploads\/2022\/08\/Green-piggie-bank-2048x892.png 2048w\" sizes=\"(max-width: 9500px) 100vw, 9500px\" \/><\/p>\n<p>\u00dcstelik bug\u00fcne kadar bu \u015firketler hep kazanm\u0131\u015f gibi g\u00f6r\u00fcn\u00fcyor.<\/p>\n<table width=\"100%\">\n<tbody>\n<tr>\n<td>\n<h2>S\u00fcrd\u00fcr\u00fclebilir yat\u0131r\u0131m nedir?<\/h2>\n<p>S\u00fcrd\u00fcr\u00fclebilir yat\u0131r\u0131m, birlikte kullan\u0131labilecek bir dizi stratejiyi kapsar. En yayg\u0131n olanlardan baz\u0131lar\u0131 \u015funlard\u0131r:<\/p>\n<ul>\n<li><strong>Olumsuz\/d\u0131\u015flay\u0131c\u0131 tarama:<\/strong> sekt\u00f6rlerdeki veya \u00fclkelerdeki uygun olmad\u0131\u011f\u0131 d\u00fc\u015f\u00fcn\u00fclen \u015firketlerin elimine edilmesi.<\/li>\n<li><strong>Norm tabanl\u0131 tarama:<\/strong> BM K\u00fcresel \u0130lkeler S\u00f6zle\u015fmesi\u2019nin On \u0130lkesi gibi baz\u0131 normlar\u0131 ihlal eden \u015firketlerin elimine edilmesi.<\/li>\n<li><strong>Pozitif\/s\u0131n\u0131f\u0131n\u0131n en iyisi olan \u015firketleri tarama:<\/strong> \u00f6zellikle g\u00fc\u00e7l\u00fc \u00c7SY performans\u0131na sahip \u015firketlerin se\u00e7ilmesi.<\/li>\n<li><strong>S\u00fcrd\u00fcr\u00fclebilirlik temal\u0131 yat\u0131r\u0131m:<\/strong> \u00f6rne\u011fin temiz su veya yenilenebilir enerjiye eri\u015fime odaklanan bir fona yap\u0131lan yat\u0131r\u0131m.<\/li>\n<li><strong>\u00c7SY entegrasyonu:<\/strong> \u00c7SY unsurlar\u0131n\u0131 temel analize dahil eder.<\/li>\n<li><strong>Aktif sorumluluk:<\/strong> portf\u00f6y \u015firketlerinin bu s\u00fcrece derinlemesine kat\u0131l\u0131m\u0131n\u0131 sa\u011flar.<\/li>\n<li><strong>Etki yat\u0131r\u0131m\u0131:<\/strong> bir \u00c7SY sorunu \u00fczerinde olumlu etki yaratan ve pazar getirisi elde etmeye devam eden \u015firketleri aramak.<\/li>\n<\/ul>\n<\/td>\n<\/tr>\n<\/tbody>\n<\/table>\n<p>2019 y\u0131l\u0131nda yay\u0131nlanan bir Harvard Business Review ara\u015ft\u0131rmas\u0131, s\u00fcrd\u00fcr\u00fclebilirlik ve \u00e7evre, sosyal ve y\u00f6neti\u015fim konular\u0131n\u0131n art\u0131k \u00f6nde gelen yat\u0131r\u0131m firmalar\u0131 ve kamu emeklilik fonlar\u0131 i\u00e7in birinci \u00f6ncelik oldu\u011funu ortaya koymu\u015ftur.<a href=\"#_ftn4\" name=\"_ftnref4\"><sup>[4]<\/sup><\/a> Uygulamada bu, d\u00fcnyan\u0131n en b\u00fcy\u00fck varl\u0131k sahiplerinin, k\u00fcresel ekonomiye ve sistemik risklere uzun vadeli bir bak\u0131\u015f gerektiren birden fazla nesil ile ili\u015fkili y\u00fck\u00fcml\u00fcl\u00fcklere trilyonlar yat\u0131rd\u0131\u011f\u0131 anlam\u0131na gelir; bu nedenle d\u00fcnyan\u0131n ba\u015far\u0131s\u0131z olmas\u0131na izin asla vermezler.<\/p>\n<h2>\u0130yi uygulamalara y\u00f6nelen trilyon dolarl\u0131k bir g\u00fc\u00e7<\/h2>\n<p>E\u011fer para her \u015feyin \u00e7aresiyse, \u00c7SY yat\u0131r\u0131mlar\u0131 a\u00e7\u0131k ve net bir \u015fekilde gelecek demektir.<\/p>\n<p>Deloitte global i\u015fletme dan\u0131\u015fmanlar\u0131n\u0131n son birka\u00e7 y\u0131l i\u00e7indeki \u00c7SY b\u00fcy\u00fcmesini inceleyen bir raporu, 2021\u2019in ilk \u00e7eyre\u011finde sorumlu yat\u0131r\u0131m fonlar\u0131n\u0131n %70\u2019inin benzer alternatiflerini geride b\u0131rakt\u0131\u011f\u0131n\u0131 g\u00f6steriyor. Ayn\u0131 d\u00f6nemde, 26 s\u00fcrd\u00fcr\u00fclebilir endeks fonundan 24\u2019\u00fc ilgili geleneksel endeks fonlar\u0131ndan daha iyi performans sergilemi\u015ftir. Deloitte\u2019a g\u00f6re bu \u00e7al\u0131\u015fmalar\u0131n yakla\u015f\u0131k %90\u2019\u0131, \u015firketin uzun vadede fayda elde etti\u011fi ve \u00c7SY ile \u015firketin finansal performans\u0131 aras\u0131nda bir ili\u015fki oldu\u011fu tezini destekliyor.<a href=\"#_ftn5\" name=\"_ftnref5\">[5]<\/a><\/p>\n<p>Bu y\u00fcksek performans, \u00c7SY yat\u0131r\u0131m konseptine daha fazla g\u00fcven duyulmas\u0131n\u0131 sa\u011flayacakt\u0131r.<\/p>\n<p>2016 ve 2020 y\u0131llar\u0131 aras\u0131nda, s\u00fcrd\u00fcr\u00fclebilir yat\u0131r\u0131m varl\u0131klar\u0131 %50\u2019nin \u00fczerinden bir b\u00fcy\u00fcme sergileyerek t\u00fcm d\u00fcnyada 35 trilyon ABD dolar\u0131na ula\u015ft\u0131.<a href=\"#_ftn6\" name=\"_ftnref6\">[6]<\/a> S\u00fcrd\u00fcr\u00fclebilirlik portf\u00f6ylerinin ve fonlar\u0131n\u0131n 2025 y\u0131l\u0131na kadar k\u00fcresel \u00e7apta 53 trilyon ABD dolar\u0131ndan daha fazla yat\u0131r\u0131m\u0131 \u00e7ekebilece\u011fi tahmin ediliyor.<a href=\"#_ftn7\" name=\"_ftnref7\">[7]<\/a><\/p>\n<p><img decoding=\"async\" loading=\"lazy\" class=\"aligncenter size-full wp-image-101308\" src=\"https:\/\/media.alj.com\/app\/uploads\/2022\/08\/1741-ALJ-ESG-Investing2-scaled.jpg\" alt=\"\" width=\"2560\" height=\"1804\" srcset=\"https:\/\/media.alj.com\/app\/uploads\/2022\/08\/1741-ALJ-ESG-Investing2-scaled.jpg 2560w, https:\/\/media.alj.com\/app\/uploads\/2022\/08\/1741-ALJ-ESG-Investing2-300x211.jpg 300w, https:\/\/media.alj.com\/app\/uploads\/2022\/08\/1741-ALJ-ESG-Investing2-1024x722.jpg 1024w, https:\/\/media.alj.com\/app\/uploads\/2022\/08\/1741-ALJ-ESG-Investing2-150x106.jpg 150w, https:\/\/media.alj.com\/app\/uploads\/2022\/08\/1741-ALJ-ESG-Investing2-768x541.jpg 768w, https:\/\/media.alj.com\/app\/uploads\/2022\/08\/1741-ALJ-ESG-Investing2-1536x1082.jpg 1536w, https:\/\/media.alj.com\/app\/uploads\/2022\/08\/1741-ALJ-ESG-Investing2-2048x1443.jpg 2048w\" sizes=\"(max-width: 2560px) 100vw, 2560px\" \/><\/p>\n<p>Yeni ara\u015ft\u0131rmalar 17 b\u00fcy\u00fck pazardaki t\u00fcketicilerin \u00e7o\u011funun finansal hizmetlerin, \u015firketlerin ve yat\u0131r\u0131mc\u0131lar\u0131n \u00e7evreyi korumak olmak i\u00e7in daha fazlas\u0131n\u0131 yapmas\u0131 gerekti\u011fine inand\u0131\u011f\u0131n\u0131 g\u00f6steriyor. Bu nedenle b\u00f6yle bir b\u00fcy\u00fcme belki de \u015fa\u015f\u0131rt\u0131c\u0131 de\u011fildir.<a href=\"#_ftn8\" name=\"_ftnref8\">[8]<\/a><\/p>\n<h2>\u201dYe\u015fil g\u00f6z boyama\u201d ile m\u00fccadele<\/h2>\n<p><img decoding=\"async\" loading=\"lazy\" class=\"alignright size-medium wp-image-101322\" src=\"https:\/\/media.alj.com\/app\/uploads\/2022\/08\/Green-washing-300x225.png\" alt=\"\" width=\"300\" height=\"225\" srcset=\"https:\/\/media.alj.com\/app\/uploads\/2022\/08\/Green-washing-300x225.png 300w, https:\/\/media.alj.com\/app\/uploads\/2022\/08\/Green-washing-1024x768.png 1024w, https:\/\/media.alj.com\/app\/uploads\/2022\/08\/Green-washing-150x113.png 150w, https:\/\/media.alj.com\/app\/uploads\/2022\/08\/Green-washing-768x576.png 768w, https:\/\/media.alj.com\/app\/uploads\/2022\/08\/Green-washing-1536x1152.png 1536w, https:\/\/media.alj.com\/app\/uploads\/2022\/08\/Green-washing-2048x1536.png 2048w\" sizes=\"(max-width: 300px) 100vw, 300px\" \/>Daha b\u00fcy\u00fck bir etki yaratmak ve dikkatleri \u00fczerine \u00e7ekmek, do\u011fal olarak daha b\u00fcy\u00fck sorumluluk getirir ve b\u00f6yle bir durumda hesap verebilirlik en \u00f6nemli unsur haline gelir.<\/p>\n<p>Kurumsal \u00c7SY taahh\u00fctleri, ye\u015fil tahviller veya \u00f6zel borsa yat\u0131r\u0131m fonlar\u0131 (ETF) gibi finansal \u00fcr\u00fcnlerin yan\u0131 s\u0131ra kurumlar\u0131n \u00c7SY ile ilgili yapt\u0131klar\u0131 a\u00e7\u0131klamalar, rutin olarak nitel ve nicel de\u011ferlendirmeye tabidir. Ancak, \u00c7SY s\u00fcrecinde ortaya \u00e7\u0131kmaya ba\u015flayan baz\u0131 ele\u015ftirilere kar\u015f\u0131 koymak i\u00e7in raporlama standartlar\u0131n\u0131n yine de iyile\u015ftirilmesi ve standartla\u015ft\u0131r\u0131lmas\u0131 gerekir.<\/p>\n<p>Bu ele\u015ftirilerin ba\u015f\u0131nda, bir kurulu\u015fun nesnel, do\u011frulanabilir, \u00f6l\u00e7\u00fclebilir verilerle desteklenemeyen \u00fcr\u00fcnleri veya politikalar\u0131 hakk\u0131nda b\u00fcy\u00fck iddialarda bulunmas\u0131 anlam\u0131na gelen \u201cye\u015fil g\u00f6z boyama\u201d yer al\u0131r. Bu, iyi niyetli \u00f6zel yat\u0131r\u0131mc\u0131lar\u0131n \u00e7abalar\u0131n\u0131n bo\u015fa gitmesine ve motivasyonlar\u0131n\u0131n temelden sars\u0131lmas\u0131na neden olabilecek bir sorundur.<\/p>\n<p>Ye\u015fil g\u00f6z boyama sorunu sadece bir varsay\u0131m olmaktan \u00e7ok daha fazlas\u0131d\u0131r. Birle\u015fik Krall\u0131k\u2019ta iklim krizi \u00fczerine \u00e7al\u0131\u015fmalar y\u00fcr\u00fcten bir d\u00fc\u015f\u00fcnce kurulu\u015fu olan <a href=\"https:\/\/influencemap.org\/\">InfluenceMap<\/a>\u2019in ge\u00e7en y\u0131l 723 \u00c7SY konulu fon (varl\u0131k de\u011feri 330 milyar ABD dolar\u0131ndan fazla) ile ilgili olarak yapt\u0131\u011f\u0131 analizin sonu\u00e7lar\u0131, bu fonlar\u0131n \u00e7o\u011funun Paris Anla\u015fmas\u0131\u2019n\u0131n s\u0131cakl\u0131k art\u0131\u015f\u0131n\u0131 2 Santigrat derecenin alt\u0131na d\u00fc\u015f\u00fcrmeye y\u00f6nelik uzun vadeli hedefleriyle uyu\u015fmad\u0131\u011f\u0131n\u0131 g\u00f6stermi\u015ftir.<a href=\"#_ftn9\" name=\"_ftnref9\">[9]<\/a><\/p>\n<p>2020 y\u0131l\u0131nda \u201c<em>\u00c7SY Yat\u0131r\u0131mlar\u0131: Uygulamalar, \u0130lerleme ve Zorluklar<\/em>\u201d ba\u015fl\u0131kl\u0131 bir rapor yay\u0131nlayan \u0130ktisadi \u0130\u015fbirli\u011fi ve Geli\u015fme Te\u015fkilat\u0131 (<a href=\"https:\/\/www.oecd.org\/unitedkingdom\/\">OECD<\/a>), ye\u015fil g\u00f6z boyamay\u0131 \u00f6nlemek ve \u00c7SY finansman\u0131n\u0131n ger\u00e7ek de\u011ferinin ortaya \u00e7\u0131kar\u0131lmas\u0131na yard\u0131mc\u0131 olmak i\u00e7in temel geli\u015fim alanlar\u0131 \u00fczerinde durdu.<a href=\"#_ftn10\" name=\"_ftnref10\"><sup>[10]<\/sup><\/a> Bunlar aras\u0131nda:<\/p>\n<ul>\n<li>\u00c7SY beyanlar\u0131n\u0131n raporlama \u00e7er\u00e7evelerinde temel \u00f6l\u00e7\u00fctlerin tutarl\u0131l\u0131\u011f\u0131n\u0131, kar\u015f\u0131la\u015ft\u0131r\u0131labilirli\u011fini ve kalitesini sa\u011flamak.<\/li>\n<li>\u00c7SY beyanlar\u0131 ve derecelendirmeleri ile ilgili olarak b\u00fcy\u00fck ve k\u00fc\u00e7\u00fck fonlar ihra\u00e7 eden kurulu\u015flar aras\u0131nda \u015fartlar\u0131n e\u015fit olmas\u0131n\u0131 sa\u011flamak.<\/li>\n<li>Belli ba\u015fl\u0131 \u00c7SY derecelendirme kurulu\u015flar\u0131 ve endeksleri aras\u0131nda puanlama ve a\u011f\u0131rl\u0131kland\u0131rma metodolojilerinin \u015feffafl\u0131\u011f\u0131n\u0131 ve kar\u015f\u0131la\u015ft\u0131r\u0131labilirli\u011fini desteklemek.<\/li>\n<li>Yat\u0131r\u0131mc\u0131lar\u0131, \u00c7SY\u2019nin varl\u0131k se\u00e7iminde nas\u0131l kullan\u0131ld\u0131\u011f\u0131 konusunda yeterince bilgilendirmek i\u00e7in \u00c7SY \u00fcr\u00fcnlerinin a\u00e7\u0131k bir \u015fekilde etiketlenmesini ve beyan edilmesini sa\u011flamak.<\/li>\n<\/ul>\n<p>Buna yan\u0131t olarak, d\u00fcnyan\u0131n d\u00f6rt bir yan\u0131ndaki kanun yap\u0131c\u0131lar, gelecekteki yat\u0131r\u0131m kararlar\u0131n\u0131n mevcut en iyi bilgilere dayand\u0131\u011f\u0131ndan emin olmak i\u00e7in dikkatlerini kademeli olarak \u00c7SY pazarlar\u0131na y\u00f6nlendiriyorlar. Ancak ilerleme, b\u00f6lgeden b\u00f6lgeye farkl\u0131l\u0131k g\u00f6sterir.<\/p>\n<h2>\u00d6zel yat\u0131r\u0131mc\u0131lar \u00c7SY hakk\u0131nda daha fazla i\u00e7g\u00f6r\u00fc kazan\u0131yor<\/h2>\n<p><a href=\"https:\/\/www.fsb-tcfd.org\/\">\u0130klimle \u0130lgili Finansal Beyanlar G\u00f6rev Kolu<\/a> ve <a href=\"https:\/\/www.iosco.org\/\">Uluslararas\u0131 Menkul K\u0131ymet Komisyonlar\u0131 Te\u015fkilat\u0131<\/a> gibi pek \u00e7ok kurulu\u015fun bir araya gelerek olu\u015fturdu\u011fu bir yap\u0131, uluslararas\u0131 \u00e7apta evrensel bir beyan rejimi olu\u015fturmaya \u00e7al\u0131\u015f\u0131yor.<\/p>\n<p>Uluslararas\u0131 \u00c7SY yat\u0131r\u0131m sistemini uyumlu hale getirme \u00e7abalar\u0131n\u0131n arkas\u0131nda inkar edilemez bir ivmelenme olu\u015fuyor.<\/p>\n<p>\u00d6rne\u011fin ge\u00e7en y\u0131l, net s\u0131f\u0131r emisyon hedefine y\u00f6nelik olarak 24 \u00fclkeden 50\u2019den fazla bankay\u0131 bir araya getiren ve BM liderli\u011findeki bir proje olan Net S\u0131f\u0131r Bankac\u0131l\u0131k \u0130ttifak\u0131n\u0131n lansman\u0131 ger\u00e7ekle\u015fti. 2017 y\u0131l\u0131ndan bu yana aktif olan ve \u00f6rnek te\u015fkil eden Finansal Sistemi Ye\u015fille\u015ftirme A\u011f\u0131, merkez bankalar\u0131n\u0131 ve d\u00fczenleyicileri ortak iklim hedefleri \u00e7evresinde bir araya getiriyor.<\/p>\n<p>Uluslararas\u0131 Finansal Raporlama Standartlar\u0131 Vakf\u0131\u2019n\u0131n (IFRS) yeni kurulan <a href=\"https:\/\/www.ifrs.org\/groups\/international-sustainability-standards-board\/\">Uluslararas\u0131 S\u00fcrd\u00fcr\u00fclebilirlik Standartlar\u0131 Kurulu<\/a> olumlu y\u00f6nde at\u0131lm\u0131\u015f bir ad\u0131md\u0131r.<\/p>\n<p>Bu kurul, b\u00fcy\u00fck ve k\u00fc\u00e7\u00fck \u00f6zel yat\u0131r\u0131mc\u0131lar\u0131n kendi s\u00fcrd\u00fcr\u00fclebilir ve ekonomik etkili noktalar\u0131n\u0131 daha net bir \u015fekilde bulmalar\u0131na yard\u0131mc\u0131 olarak \u015firket \u00c7SY raporlar\u0131n\u0131n bir dizi tutarl\u0131 \u00f6l\u00e7\u00fct \u00fczerinden g\u00fcvenilir ve kar\u015f\u0131la\u015ft\u0131r\u0131labilir \u015fekilde haz\u0131rlamalar\u0131n\u0131 sa\u011flamay\u0131 ama\u00e7lar.<\/p>\n<p>Ayr\u0131ca, \u015feffafl\u0131\u011f\u0131 art\u0131rmak i\u00e7in b\u00f6lgesel d\u00fczeyde \u00e7abalar da devam ediyor. WEF, s\u00fcrd\u00fcr\u00fclebilir yat\u0131r\u0131mlar hakk\u0131nda yay\u0131nlad\u0131\u011f\u0131 yak\u0131n tarihli bir raporunda Birle\u015fik Krall\u0131k, ABD ve AB\u2019deki d\u00fczenleyici kurumlar\u0131n, ye\u015fil iddialar\u0131 ve s\u00fcrd\u00fcr\u00fclebilir finansal \u00fcr\u00fcnleri daha yak\u0131ndan izledi\u011fini belirtiyor.<a href=\"#_ftn11\" name=\"_ftnref11\">[11]<\/a><\/p>\n<p>Birle\u015fik Krall\u0131k\u2019ta, \u00c7SY yat\u0131r\u0131mlar\u0131n\u0131n me\u015frulu\u011funu belirleme i\u015fi esas olarak Finansal Y\u00fcr\u00fctme Kurumu\u2019nun (FCA) sorumlulu\u011fundad\u0131r. Financial Times\u2019ta belirtildi\u011fi \u00fczere FCA \u201cdo\u011frudan ve ince ayr\u0131nt\u0131lara dikkat eden, s\u0131k\u0131 ama esnek, uzmanlar taraf\u0131ndan onaylanm\u0131\u015f ancak t\u00fcketiciler taraf\u0131ndan anla\u015f\u0131labilir\u201d olmas\u0131 gereken bir sistemi tasarlama s\u00fcrecine dahildir. <a href=\"#_ftn12\" name=\"_ftnref12\">[12]<\/a><\/p>\n<p>FCA, ba\u015fvurular\u0131n kalitesini art\u0131rmak ve yat\u0131r\u0131mc\u0131n\u0131n pazara olan inanc\u0131n\u0131 iyile\u015ftirmek i\u00e7in \u00c7SY etiketli fonlar i\u00e7in 2021 y\u0131l\u0131nda bir dizi k\u0131lavuz ilke yay\u0131nlam\u0131\u015ft\u0131r. Bu ilkeler, fon adlar\u0131ndan yat\u0131r\u0131m stratejilerine ve y\u00f6netimine kadar her \u015feyi kapsar.<\/p>\n<p>FCA, daha yak\u0131n bir zamanda, gelecekteki yat\u0131r\u0131mc\u0131lar i\u00e7in kolay anla\u015f\u0131l\u0131r \u00fcr\u00fcn etiketi, t\u00fcketici dostu temel bilgiler ve potansiyel yat\u0131r\u0131mc\u0131lar i\u00e7in daha derin bir inceleme i\u00e7eren \u00fc\u00e7 a\u015famal\u0131 bir beyan s\u00fcreci \u00f6nermi\u015ftir.<a href=\"#_ftn13\" name=\"_ftnref13\">[13]<\/a><\/p>\n<p>Atlantik genelinde ABD\u2019de bulunan Menkul K\u0131ymetler ve Borsalar Komisyonu (SEC) m\u00fcfetti\u015fleri, \u00f6zellikle Wall Street\u2019te i\u015flem g\u00f6ren trilyonlarca dolarl\u0131k s\u00fcrd\u00fcr\u00fclebilir varl\u0131kla ilgili olarak, \u00c7SY etiketlemesindeki s\u0131n\u0131fland\u0131rma s\u00fcreci hakk\u0131nda fon y\u00f6neticilerinin daha a\u00e7\u0131k olmas\u0131n\u0131 zorunlu k\u0131l\u0131yor.<a href=\"#_ftn14\" name=\"_ftnref14\">[14]<\/a><\/p>\n<p>SEC, gelecekte daha fazla denetimlerin olaca\u011f\u0131na dair bir i\u015faret olarak, fon y\u00f6neticilerinden d\u00fczenleyici kurum ba\u015fvurular\u0131nda ve tan\u0131t\u0131m faaliyetlerinde \u00c7SY uyumlulu\u011fu hakk\u0131nda daha fazla veri sunmalar\u0131n\u0131 talep etmi\u015ftir.<\/p>\n<p>SEC, baz\u0131 \u00c7SY fonlar\u0131n\u0131n \u00e7evre taahh\u00fctlerini gerek\u00e7elendiremedi\u011fine ve pazarlama iddialar\u0131 ile ger\u00e7ek durum aras\u0131nda bir u\u00e7urum oldu\u011funa dair endi\u015felerini halihaz\u0131rda bildirmi\u015fti.<a href=\"#_ftn15\" name=\"_ftnref15\">[15]<\/a><\/p>\n<p>Bu sorunun bir k\u0131sm\u0131, ABD\u2019de \u00c7SY yeterlili\u011fi ile ilgili resmi kriterlerin \u00e7er\u00e7evesinin belirlenmesindeki gecikmelerden kaynaklanm\u0131\u015ft\u0131r.<\/p>\n<p>Avrupa\u2019da yeni a\u00e7\u0131klanan S\u00fcrd\u00fcr\u00fclebilir Ekonomiye Ge\u00e7i\u015f Finansman\u0131 Stratejisi, finansal kurulu\u015flar i\u00e7in daha s\u0131k\u0131 raporlama kurallar\u0131n\u0131n \u00e7er\u00e7evesini belirliyor ve iklimle ilgili riskleri kredi derecelendirmelerine dahil etmeyi \u00f6neriyor.<a href=\"#_ftn16\" name=\"_ftnref16\">[16]<\/a><\/p>\n<p>AB bu y\u0131l, daha \u00f6nceki Finansal Olmayan Raporlama Direktifinin (NFRD) yerini alan d\u00f6n\u00fcm noktas\u0131 niteli\u011findeki Kurumsal S\u00fcrd\u00fcr\u00fclebilirlik Raporlama Direktifini (CSRD) uygulamaya koyacak. CSRD, b\u00fcy\u00fck ve borsada i\u015flem g\u00f6ren t\u00fcm Avrupa \u015firketleri i\u00e7in s\u00fcrd\u00fcr\u00fclebilirlik raporlama standartlar\u0131n\u0131 benimsemeyi ve \u00c7SY performanslar\u0131 ile ilgili kurum d\u0131\u015f\u0131ndan g\u00fcvence sa\u011flamay\u0131 zorunlu k\u0131l\u0131yor.<a href=\"#_ftn17\" name=\"_ftnref17\">[17]<\/a><\/p>\n<p>AB S\u00fcrd\u00fcr\u00fclebilir Finans Paketi, b\u00f6lgenin COVID-19 sonras\u0131 ekonomik m\u00fccadelesinin temel ta\u015f\u0131d\u0131r ve AB Taksonomi ve S\u00fcrd\u00fcr\u00fclebilir Finans Beyanlar\u0131 D\u00fczenlemesini i\u00e7erir. Bu yeni d\u00fczenleme, raporlamadaki mevcut gri alanlardan baz\u0131lar\u0131na a\u00e7\u0131kl\u0131k getirmeyi ve ayn\u0131 zamanda \u00e7evre bilincine sahip sekt\u00f6rlere yat\u0131r\u0131m yap\u0131lmas\u0131n\u0131 te\u015fvik etmeyi ama\u00e7l\u0131yor.<a href=\"#_ftn18\" name=\"_ftnref18\">[18]<\/a><\/p>\n<p>En \u00f6nemlisi, taksonomi ile ilk kez ekonomideki hangi sekt\u00f6rlerin s\u00fcrd\u00fcr\u00fclebilir yat\u0131r\u0131m iddias\u0131nda bulunabilece\u011fi s\u0131n\u0131fland\u0131r\u0131l\u0131yor. Ye\u015fil etiket kazanmak, onayl\u0131 ekonomik faaliyetler listesinde yer almay\u0131 ve bir dizi ayr\u0131nt\u0131l\u0131 \u00e7evresel kriteri kar\u015f\u0131lamay\u0131 ifade eder.<\/p>\n<p>Sistem \u00fc\u00e7 t\u00fcr yat\u0131r\u0131m f\u0131rsat\u0131n\u0131 kapsar:<\/p>\n<ul>\n<li>Yenilenebilir enerji projeleri gibi net s\u0131f\u0131r hedeflere do\u011frudan yard\u0131m edenler.<\/li>\n<li>Depolama tesisleri gibi s\u00fcrd\u00fcr\u00fclebilirlikle ili\u015fkili gerekli altyap\u0131.<\/li>\n<li>%100 s\u00fcrd\u00fcr\u00fclebilirli\u011fe ula\u015famayan ancak ortalaman\u0131n alt\u0131nda emisyon \u00fcreten ve ye\u015fil bir gelece\u011fe ge\u00e7i\u015fe yard\u0131mc\u0131 olan geleneksel faaliyetler.<\/li>\n<\/ul>\n<p>\u00d6zel finansman, Avrupa\u2019n\u0131n 2050 y\u0131l\u0131na kadar net s\u0131f\u0131r emisyon hedefinin merkezinde g\u00f6r\u00fcl\u00fcyor. Bundan dolay\u0131 bu revizyonun yeni yat\u0131r\u0131mc\u0131lar\u0131 pazara \u00e7ekmeye yard\u0131mc\u0131 olmas\u0131 bekleniyor.<\/p>\n<p>Uluslararas\u0131 Para Fonu, k\u0131sa s\u00fcre \u00f6nce h\u00fck\u00fcmetlerin iklim mevzuat\u0131 i\u00e7in \u00f6zel sekt\u00f6r finansman\u0131n\u0131n d\u00fcnya genelindeki \u00f6nemini vurgularken \u00c7SY yat\u0131r\u0131mlar\u0131 i\u00e7in riskler art\u0131k daha y\u00fcksek olamaz.<a href=\"#_ftn19\" name=\"_ftnref19\">[19]<\/a> 2050 y\u0131l\u0131na kadar iklim de\u011fi\u015fikli\u011fini \u00f6nlemek, y\u0131lda 500 milyar ABD dolar\u0131na mal olabilir. Bu, bir h\u00fck\u00fcmetin tek ba\u015f\u0131na kar\u015f\u0131layabilece\u011fi t\u00fcrden bir fatura de\u011fildir.<\/p>\n<p>\u00d6zel yat\u0131r\u0131mc\u0131lar, bu finansman bo\u015flu\u011funu dolduracak ve bununla ilgili kazan\u00e7lar\u0131 elde edecek olanlar aras\u0131ndad\u0131r. \u00c7SY\u2019nin ard\u0131ndaki veriler daha da ayr\u0131nt\u0131l\u0131 bir \u015fekilde sunulduk\u00e7a yat\u0131r\u0131mc\u0131lar, etik finans\u0131n g\u00fcc\u00fcn\u00fcn sundu\u011fu olas\u0131l\u0131klar\u0131 tam olarak ke\u015ffetmeye ba\u015flayabilirler.<\/p>\n<h2>Sa\u011fl\u0131kl\u0131 bir \u00c7SY portf\u00f6y\u00fc olu\u015fturma<\/h2>\n<p>E\u011fer \u00c7SY, ilkeli k\u00e2r elde etme yoluna a\u00e7\u0131lan bir kap\u0131 ise, ara\u015ft\u0131rma bu k\u00e2rlar\u0131n kilidini a\u00e7an anahtard\u0131r. B\u00fcy\u00fck bir yat\u0131r\u0131m ba\u011flant\u0131 noktas\u0131 olarak \u00c7SY, hala nispeten yeni bir kavramd\u0131r ve \u015fu anda bir ge\u00e7i\u015f d\u00f6nemindedir.<\/p>\n<p>\u00d6zellikle d\u00fc\u015f\u00fck karbonlu bir topluma ge\u00e7i\u015fin potansiyel olarak lojistik ve ekonomik bozulmalara neden olabilmesi s\u00f6z konusuyken potansiyel \u00f6zel yat\u0131r\u0131mc\u0131lar, bir f\u0131rsat\u0131n t\u00fcm operasyonel, yasal ve d\u00fczenleyici unsurlar\u0131n\u0131n ayr\u0131nt\u0131l\u0131 bir durum tespiti s\u00fcrecinden ge\u00e7mesini gerekli g\u00f6r\u00fcr.<\/p>\n<p>\u00d6rne\u011fin, yat\u0131r\u0131mlar\u0131n iklim riskine maruz kalma durumunun tarafs\u0131z olarak de\u011ferlendirilmesi, bu potansiyel piyasa bozulmalar\u0131na kar\u015f\u0131 yat\u0131r\u0131mlar\u0131 cesaretlendirirken, ufuktaki f\u0131rsatlara da \u0131\u015f\u0131k tutabilir.<\/p>\n<p>\u00d6ng\u00f6r\u00fclemeyen \u015foklar\u0131n (Brexit, COVID-19, jeopolitik \u00e7at\u0131\u015fma) ortaya \u00e7\u0131kma olas\u0131l\u0131\u011f\u0131n\u0131n g\u00fcn ge\u00e7tik\u00e7e artt\u0131\u011f\u0131 bir d\u00fcnyada, belirli bir sekt\u00f6r, b\u00f6lge, \u015firket veya yat\u0131r\u0131m arac\u0131na ba\u011fl\u0131 kalmay\u0131 \u00f6nlemek i\u00e7in \u00e7e\u015fitlendirilmi\u015f bir yat\u0131r\u0131m portf\u00f6y\u00fc olu\u015fturmak ihtiyatl\u0131 bir yakla\u015f\u0131m olacakt\u0131r. Baz\u0131 uzmanlara g\u00f6re \u00c7SY a\u011f\u0131rl\u0131kl\u0131 bir portf\u00f6y\u00fcn riskleri, yat\u0131r\u0131mlar\u0131n \u00e7e\u015fitli sekt\u00f6rlere, hisse senetlerine ve yasal b\u00f6lgelere yay\u0131lmas\u0131yla azalt\u0131labilir.<a href=\"#_ftn20\" name=\"_ftnref20\">[20]<\/a><\/p>\n<p>\u00c7SY\u2019nin yat\u0131r\u0131m portf\u00f6ylerine dahil edilmesine ili\u015fkin bir rapor yay\u0131nlayan Deloitte, bir yat\u0131r\u0131m\u0131n ya\u015fam d\u00f6ng\u00fcs\u00fc boyunca sa\u011flayaca\u011f\u0131 de\u011feri yorumlamaya y\u00f6nelik d\u00f6rt ad\u0131ml\u0131 bir yakla\u015f\u0131m \u00f6neriyor.<a href=\"#_ftn21\" name=\"_ftnref21\">[21]<\/a><\/p>\n<ol>\n<li><strong>Strateji<\/strong>: Temel \u00c7SY hedeflerini ve y\u00f6ntemlerini tan\u0131mlamak, ard\u0131ndan \u00c7SY \u00f6ncelikleri merce\u011finden bakarak f\u0131rsatlar\u0131 incelemek i\u00e7in \u00f6l\u00e7ekler olu\u015fturmak.<\/li>\n<li><strong>Faaliyetlere yat\u0131r\u0131m yapmak<\/strong>: Hedef \u015firketlerin \u00c7SY performans\u0131n\u0131 de\u011ferlendirmek i\u00e7in politikalar olu\u015fturmak ve bu sonu\u00e7lar\u0131 bilgiye dayal\u0131 kararlar almak i\u00e7in kullanmak.<\/li>\n<li><strong>Sahiplik ve raporlama<\/strong>: \u00c7SY performans\u0131n\u0131n belirlenen \u00f6l\u00e7\u00fctlere g\u00f6re \u00f6l\u00e7\u00fclebilmesi i\u00e7in yat\u0131r\u0131m yapanlar\u0131n veri toplama ve raporlama konusunda i\u015f birli\u011fi yapmas\u0131n\u0131 ve ard\u0131ndan \u00c7SY performans\u0131n\u0131n ba\u011f\u0131ms\u0131z \u00fc\u00e7\u00fcnc\u00fc taraflarca onaylanmas\u0131n\u0131 sa\u011flamak.<\/li>\n<li><strong>\u00c7\u0131k\u0131\u015f<\/strong>: Hedefin bug\u00fcne kadarki \u00c7SY ba\u015far\u0131s\u0131n\u0131n, performans ve raporlama s\u00fcre\u00e7leri a\u00e7\u0131s\u0131ndan de\u011ferlendirilmesi.<\/li>\n<\/ol>\n<p>Halihaz\u0131rda sa\u011flam g\u00f6zetim yap\u0131lar\u0131n\u0131n uyguland\u0131\u011f\u0131, \u00c7SY\u2019nin geni\u015f kapsaml\u0131 bir yat\u0131r\u0131m stratejisine uygun hale getirildi\u011fi ve g\u00fcvenilir verilerden yararlanarak risklerin ve f\u0131rsatlar\u0131n ayn\u0131 oranda ayd\u0131nlat\u0131ld\u0131\u011f\u0131 bir ortam, \u00f6zel yat\u0131r\u0131mc\u0131lara umut vadeden f\u0131rsatlar sunabilir.<\/p>\n<p>Ba\u011f\u0131ms\u0131z ve h\u0131zl\u0131 hareket eden \u00f6zel yat\u0131r\u0131mc\u0131lar genellikle, \u00c7SY i\u00e7indeki bu de\u011fi\u015fim f\u0131rsatlar\u0131ndan yararlanabilecekleri en iyi konumdad\u0131rlar.<\/p>\n<p>Portf\u00f6y \u00e7e\u015fitlendirmesinin yan\u0131 s\u0131ra mevcut i\u015flere ayak uydurman\u0131n ve pazar hakk\u0131nda bilgili olman\u0131n sa\u011flad\u0131\u011f\u0131 fayda, halen geli\u015fen \u00c7SY d\u00fcnyas\u0131nda faaliyet g\u00f6steren bir yat\u0131r\u0131mc\u0131n\u0131n gelecekteki politik ve ekonomik gidi\u015fatlar\u0131 \u00f6ng\u00f6rmesine yard\u0131mc\u0131 olabilir. Benzer \u015fekilde, k\u00fcresel bir bak\u0131\u015f a\u00e7\u0131s\u0131 da \u00f6nemlidir; \u00e7\u00fcnk\u00fc s\u00fcrd\u00fcr\u00fclebilir yat\u0131r\u0131m b\u00f6lgeden b\u00f6lgeye olduk\u00e7a farkl\u0131 g\u00f6r\u00fcnebilir. Ara\u015ft\u0131rma her zaman sekt\u00f6re \u00f6zg\u00fc olmal\u0131d\u0131r, \u00e7\u00fcnk\u00fc \u201crisk\u201d s\u0131n\u0131rlar\u0131 sekt\u00f6rden sekt\u00f6re \u00f6nemli \u00f6l\u00e7\u00fcde farkl\u0131l\u0131k g\u00f6sterebilir. \u00d6rne\u011fin tar\u0131mdaki iklim riskleri, perakende sekt\u00f6r\u00fcndeki itibar risklerinden farkl\u0131 bir yakla\u015f\u0131m gerektirir.<\/p>\n<p>Bir\u00e7ok \u00c7SY yat\u0131r\u0131mc\u0131s\u0131, s\u00fcrd\u00fcr\u00fclebilirli\u011fi giderek daha fazla benimsedi\u011fi i\u00e7in de\u011fer art\u0131\u015f\u0131na en fazla haz\u0131r olan end\u00fcstrilerdeki \u00e7evik \u015firketlere odaklan\u0131yor. \u00c7SY modelleri hala geli\u015fiyor. Bu nedenle, uzun vadeli getirileri \u00f6nceliklendiren ve s\u00fcrd\u00fcr\u00fclebilir olmayan k\u0131sa vadeli y\u00fcksek getirilere kar\u015f\u0131 temkinli davranan \u00f6zel yat\u0131r\u0131mc\u0131lar, en ba\u015far\u0131l\u0131 yat\u0131r\u0131c\u0131mlar olabilir.<\/p>\n<p>Paran\u0131z\u0131n fark yaratmas\u0131n\u0131 sa\u011flaman\u0131n en iyi yolu nedir? \u015eirketler yaln\u0131zca iyi haberleri payla\u015fmak isteyebilece\u011finden dolay\u0131 \u00c7SY iddialar\u0131na kar\u015f\u0131 dikkatli olun. Daha derine bak\u0131n. Moody\u2019s, Sustainalytics, MSCI, S&amp;P Global gibi farkl\u0131 derecelendirme sistemlerine g\u00fcvenin ve kullan\u0131lan verilerin kayna\u011f\u0131n\u0131 do\u011frulad\u0131\u011f\u0131n\u0131zdan emin olun. Daha \u00e7ok \u00e7e\u015fitlili\u011fi bar\u0131nd\u0131ran y\u00f6netim kurullar\u0131n\u0131 te\u015fvik etmek ve \u00e7evresel etkiler konusunda daha fazla beyanda bulunmalar\u0131n\u0131 sa\u011flamak i\u00e7in hissedar kararlar\u0131ndan ve vekaleten oy kullanma imkanlar\u0131ndan yararlan\u0131n. Son olarak, sizin i\u00e7in en \u00f6nemli olan konular\u0131 sorun.<\/p>\n<p>\u00d6zel yat\u0131r\u0131mc\u0131lar, kurumsal y\u00f6netim kurullar\u0131n\u0131n ve hissedarlar\u0131n karars\u0131z yakla\u015f\u0131mlar\u0131ndan ba\u011f\u0131ms\u0131z olarak kendi kararlar\u0131n\u0131 vermek ve ba\u015far\u0131y\u0131 tan\u0131mlamak i\u00e7in kendi \u00f6l\u00e7\u00fctlerini belirleyebilecekleri ideal bir konuma sahiptirler.<\/p>\n<p><a href=\"https:\/\/alj.com\/en\/spotlight-by-fady-jameel\/investing-in-a-more-inclusive-tomorrow\/\">\u00d6zel sermaye sab\u0131rl\u0131 sermayedir<\/a>: \u00c7eyrek d\u00f6nemde yat\u0131r\u0131m getirisi sa\u011flamak i\u00e7in k\u0131sa s\u00fcreli bir sat\u0131\u015f rekoru k\u0131rmak zorunda de\u011fildir, bunun yerine de\u011fi\u015fen d\u00fcnyam\u0131zdaki dalgalanmalar\u0131 ortadan kald\u0131rabilir ve istikrarl\u0131, uzun vadeli sonu\u00e7lar elde edebilir.<\/p>\n<h2>\u00d6rnek olmak<\/h2>\n<p>\u00d6zel sermayeyi iklim de\u011fi\u015fikli\u011fi eylemine y\u00f6nlendirmek, Jameel Yat\u0131r\u0131m Y\u00f6netimi \u015eirketi (<a href=\"https:\/\/jimco.com\/en\/funds\/strategic-asset\/\">JIMCO<\/a>) taraf\u0131ndan i\u015fletilen <a href=\"https:\/\/jimco.com\/en\/\">JIMCO Stratejik Varl\u0131k Fonu<\/a>\u2019nun temel hedefidir.<\/p>\n<p>JIMCO Stratejik Varl\u0131k Fonu, 2018\u2019den bu yana kaynak verimlili\u011fi, karbonsuzla\u015ft\u0131rma, yenilenebilir enerji, da\u011f\u0131t\u0131lm\u0131\u015f enerji sistemleri, elektri\u011fe d\u00f6n\u00fc\u015f\u00fcm, ula\u015f\u0131m ve su altyap\u0131s\u0131 etraf\u0131nda s\u00fcrd\u00fcr\u00fclebilir portf\u00f6yler in\u015fa eden fonlar da dahil olmak \u00fczere d\u00fcnya genelinde s\u00fcrd\u00fcr\u00fclebilir f\u0131rsatlar\u0131 destekleyen fonlara sermaye aktarm\u0131\u015ft\u0131r.<\/p>\n<p><img decoding=\"async\" loading=\"lazy\" class=\"alignright size-medium wp-image-101343\" src=\"https:\/\/media.alj.com\/app\/uploads\/2022\/08\/NZ-Farming-300x180.jpg\" alt=\"\" width=\"300\" height=\"180\" srcset=\"https:\/\/media.alj.com\/app\/uploads\/2022\/08\/NZ-Farming-300x180.jpg 300w, https:\/\/media.alj.com\/app\/uploads\/2022\/08\/NZ-Farming-150x90.jpg 150w, https:\/\/media.alj.com\/app\/uploads\/2022\/08\/NZ-Farming.jpg 701w\" sizes=\"(max-width: 300px) 100vw, 300px\" \/>Bunlardan biri de Yeni Zelanda\u2019da s\u00fcrd\u00fcr\u00fclebilir tar\u0131ma yat\u0131r\u0131m yapan bir fondur.<\/p>\n<p>G\u0131da \u00fcretimine \u201conar\u0131c\u0131\u201d bir yakla\u015f\u0131m getirmek i\u00e7in yenilik\u00e7i teknoloji ve i\u015f modellerinden faydalanarak tar\u0131m\u0131n neden oldu\u011fu su, toprak, iklim ve biyo\u00e7e\u015fitlilik sistemlerine y\u00f6nelik hasar\u0131 etkili bir \u015fekilde tersine \u00e7evirir.<\/p>\n<p>JIMCO Stratejik Varl\u0131k Fonu, onlarca y\u0131l s\u00fcrecek misyonunun heyecan verici bu ilk b\u00f6l\u00fcm\u00fcnde, k\u00fcresel olarak 65\u2019ten fazla fona yakla\u015f\u0131k 2,5 milyar ABD dolar\u0131 yat\u0131r\u0131m yapm\u0131\u015ft\u0131r.<\/p>\n<p>JIMCO ayr\u0131ca daha s\u00fcrd\u00fcr\u00fclebilir ula\u015f\u0131m i\u00e7in faaliyet g\u00f6steren startup\u2019lara da \u00f6nemli yat\u0131r\u0131mlar yapm\u0131\u015ft\u0131r.<\/p>\n<p>Elektrikli ara\u00e7lar ve s\u00fcrd\u00fcr\u00fclebilir hizmet \u00e7\u00f6z\u00fcmleri geli\u015ftiren ABD merkezli <a href=\"https:\/\/rivian.com\/\">Rivian<\/a> \u015firketini ele alal\u0131m. Rivian, elektrikli SUV ve pikap kamyonet \u00fcretiyor ve buna paralel olarak Kuzey Amerika genelinde kapsaml\u0131 bir \u015farj a\u011f\u0131 olu\u015fturmay\u0131 planl\u0131yor. 66,5 milyar ABD dolar\u0131 de\u011ferindeki \u015firketin ge\u00e7en y\u0131l Kas\u0131m ay\u0131nda Nasdaq borsas\u0131ndaki halka arz tutar\u0131 yakla\u015f\u0131k 12 milyar ABD dolar\u0131na ula\u015ft\u0131.<a href=\"#_ftn22\" name=\"_ftnref22\"><sup>[22]<\/sup><\/a><\/p>\n<p><img decoding=\"async\" loading=\"lazy\" class=\"alignleft size-medium wp-image-101336\" src=\"https:\/\/media.alj.com\/app\/uploads\/2022\/08\/Joby-Aviation-props-300x200.jpeg\" alt=\"\" width=\"300\" height=\"200\" srcset=\"https:\/\/media.alj.com\/app\/uploads\/2022\/08\/Joby-Aviation-props-300x200.jpeg 300w, https:\/\/media.alj.com\/app\/uploads\/2022\/08\/Joby-Aviation-props-150x100.jpeg 150w, https:\/\/media.alj.com\/app\/uploads\/2022\/08\/Joby-Aviation-props.jpeg 680w\" sizes=\"(max-width: 300px) 100vw, 300px\" \/>Y\u00fcz\u00fcn\u00fc g\u00f6ky\u00fcz\u00fcne d\u00f6nen JIMCO, hava taksi hizmetleri i\u00e7in elektrikli dikey kalk\u0131\u015f ve ini\u015f yapabilen u\u00e7aklar geli\u015ftiren, Kaliforniya merkezli <a href=\"https:\/\/www.jobyaviation.com\/\">Joby Aviation<\/a>\u2019a da yat\u0131r\u0131m yapt\u0131.<\/p>\n<p>\u015eirketin ikinci prototip u\u00e7a\u011f\u0131, 2024 y\u0131l\u0131nda hizmet vermeye ba\u015flamadan \u00f6nce \u015firketin \u00fcretim merkezinde testlerden ge\u00e7iyor.<\/p>\n<p>JIMCO \u0130cra Kurulu Ba\u015fkan\u0131 ve Abdul Latif Jameel Yat\u0131r\u0131mlardan Sorumlu Ba\u015fkan Yard\u0131mc\u0131s\u0131 Sidhesh Kaul, <em>\u201cBu rakamlar\u0131 tart\u0131\u015fmak m\u00fcmk\u00fcn de\u011fil. D\u00fcnyan\u0131n iddial\u0131 iklim hedeflerine ula\u015fmas\u0131nda ve herkes i\u00e7in daha adil ve g\u00fcvenli bir toplumun olu\u015fturulmas\u0131nda \u00f6zel sermayenin b\u00fcy\u00fck bir potansiyeli var\u201d<\/em> diyerek ekliyor.<\/p>\n<figure id=\"attachment_101364\" aria-describedby=\"caption-attachment-101364\" style=\"width: 2000px\" class=\"wp-caption aligncenter\"><img decoding=\"async\" loading=\"lazy\" class=\"size-full wp-image-101364\" src=\"https:\/\/media.alj.com\/app\/uploads\/2022\/08\/Sidhesh-Kaul-QA.png\" alt=\"\" width=\"2000\" height=\"1125\" srcset=\"https:\/\/media.alj.com\/app\/uploads\/2022\/08\/Sidhesh-Kaul-QA.png 2000w, https:\/\/media.alj.com\/app\/uploads\/2022\/08\/Sidhesh-Kaul-QA-300x169.png 300w, https:\/\/media.alj.com\/app\/uploads\/2022\/08\/Sidhesh-Kaul-QA-1024x576.png 1024w, https:\/\/media.alj.com\/app\/uploads\/2022\/08\/Sidhesh-Kaul-QA-150x84.png 150w, https:\/\/media.alj.com\/app\/uploads\/2022\/08\/Sidhesh-Kaul-QA-768x432.png 768w, https:\/\/media.alj.com\/app\/uploads\/2022\/08\/Sidhesh-Kaul-QA-1536x864.png 1536w, https:\/\/media.alj.com\/app\/uploads\/2022\/08\/Sidhesh-Kaul-QA-226x126.png 226w\" sizes=\"(max-width: 2000px) 100vw, 2000px\" \/><figcaption id=\"caption-attachment-101364\" class=\"wp-caption-text\">Sidhesh Kaul, JIMCO \u0130cra Kurulu Ba\u015fkan\u0131 ve Abdul Latif Jameel Yat\u0131r\u0131mlardan Sorumlu Ba\u015fkan Yard\u0131mc\u0131s\u0131.<\/figcaption><\/figure>\n<p><em>\u201c\u00c7SY f\u0131rsatlar\u0131ndaki raporlama standartlar\u0131n\u0131n iyile\u015ftirilmesine y\u00f6nelik dev ad\u0131mlar at\u0131l\u0131yor. Bu, potansiyel yat\u0131r\u0131mc\u0131lar\u0131n deneysel verilerle desteklenen \u00c7SY taahh\u00fctlerine hi\u00e7 olmad\u0131\u011f\u0131 kadar g\u00fcvenebilecekleri anlam\u0131na geliyor. <\/em><\/p>\n<p><em>\u201c\u00d6l\u00e7\u00fclebilir kriterleri uluslararas\u0131 bir standarda ba\u011flamak i\u00e7in ka\u00e7\u0131n\u0131lmaz olarak daha fazlas\u0131n\u0131n yap\u0131lmas\u0131 gerekiyor. \u00d6te yandan, ekonomik ve etik alanlar aras\u0131nda daha \u00f6nce g\u00f6r\u00fclmemi\u015f bir \u015fekilde ikilemde kalan milyarlarca dolarl\u0131k bir yat\u0131r\u0131m pazar\u0131n\u0131n da ba\u015flang\u0131c\u0131na tan\u0131kl\u0131k ediyoruz.\u201d<\/em><\/p>\n<p><a href=\"#_ftnref1\" name=\"_ftn1\">[1]<\/a> <a href=\"https:\/\/www3.weforum.org\/docs\/WEF_Global_Risk_Report_2020.pdf\">https:\/\/www3.weforum.org\/docs\/WEF_Global_Risk_Report_2020.pdf<\/a><\/p>\n<p><a href=\"#_ftnref2\" name=\"_ftn2\">[2]<\/a> <a href=\"https:\/\/www.mckinsey.com\/business-functions\/strategy-and-corporate-finance\/our-insights\/five-ways-that-esg-creates-value\">https:\/\/www.mckinsey.com\/business-functions\/strategy-and-corporate-finance\/our-insights\/five-ways-that-esg-creates-value<\/a><\/p>\n<p><a href=\"#_ftnref3\" name=\"_ftn3\">[3]<\/a> <a href=\"https:\/\/www.valueresearchonline.com\/stories\/49015\/the-rise-of-esg-investing\/\">https:\/\/www.valueresearchonline.com\/stories\/49015\/the-rise-of-esg-investing\/<\/a><\/p>\n<p><a href=\"#_ftnref4\" name=\"_ftn4\">[4]<\/a> <a href=\"https:\/\/hbr.org\/2019\/05\/the-investor-revolution\">https:\/\/hbr.org\/2019\/05\/the-investor-revolution<\/a><\/p>\n<p><a href=\"#_ftnref5\" name=\"_ftn5\">[5]<\/a> <a href=\"https:\/\/www2.deloitte.com\/content\/dam\/Deloitte\/us\/Documents\/audit\/us-audit-incorporating-esg-across-investment-portfolios-may-open-access-to-capital.pdf\">https:\/\/www2.deloitte.com\/content\/dam\/Deloitte\/us\/Documents\/audit\/us-audit-incorporating-esg-across-investment-portfolios-may-open-access-to-capital.pdf<\/a><\/p>\n<p><a href=\"#_ftnref6\" name=\"_ftn6\">[6]<\/a> <a href=\"https:\/\/www.bloomberg.com\/news\/articles\/2021-09-03\/fund-managers-feel-heat-in-sec-crackdown-of-overblown-esg-labels\">https:\/\/www.bloomberg.com\/news\/articles\/2021-09-03\/fund-managers-feel-heat-in-sec-crackdown-of-overblown-esg-labels<\/a><\/p>\n<p><a href=\"#_ftnref7\" name=\"_ftn7\">[7]<\/a> <a href=\"https:\/\/www.bloomberg.com\/professional\/blog\/esg-assets-may-hit-53-trillion-by-2025-a-third-of-global-aum\/\">https:\/\/www.bloomberg.com\/professional\/blog\/esg-assets-may-hit-53-trillion-by-2025-a-third-of-global-aum\/<\/a><\/p>\n<p><a href=\"#_ftnref8\" name=\"_ftn8\">[8]<\/a> <a href=\"https:\/\/yougov.co.uk\/topics\/economy\/articles-reports\/2021\/01\/28\/should-financial-services-companies-fight-climate-\">https:\/\/yougov.co.uk\/topics\/economy\/articles-reports\/2021\/01\/28\/should-financial-services-companies-fight-climate-<\/a><\/p>\n<p><a href=\"#_ftnref9\" name=\"_ftn9\">[9]<\/a> <a href=\"https:\/\/influencemap.org\/pressrelease\/The-truth-about-climate-funds-most-are-misaligned-with-the-Paris-Agreement-ee40c9b124666a5bee363fea134e3c37\">https:\/\/influencemap.org\/pressrelease\/The-truth-about-climate-funds-most-are-misaligned-with-the-Paris-Agreement-ee40c9b124666a5bee363fea134e3c37<\/a><\/p>\n<p><a href=\"#_ftnref10\" name=\"_ftn10\">[10]<\/a> <a href=\"https:\/\/www.oecd.org\/finance\/ESG-Investing-Practices-Progress-Challenges.pdf\">https:\/\/www.oecd.org\/finance\/ESG-Investing-Practices-Progress-Challenges.pdf<\/a><\/p>\n<p><a href=\"#_ftnref11\" name=\"_ftn11\">[11]<\/a> <a href=\"https:\/\/www.weforum.org\/agenda\/2021\/12\/esg-sustainable-investment-backlash\/\">https:\/\/www.weforum.org\/agenda\/2021\/12\/esg-sustainable-investment-backlash\/<\/a><\/p>\n<p><a href=\"#_ftnref12\" name=\"_ftn12\">[12]<\/a> <a href=\"https:\/\/www.ftadviser.com\/investments\/2022\/01\/27\/can-the-fca-tackle-greenwashing\/\">https:\/\/www.ftadviser.com\/investments\/2022\/01\/27\/can-the-fca-tackle-greenwashing\/<\/a><\/p>\n<p><a href=\"#_ftnref13\" name=\"_ftn13\">[13]<\/a> <a href=\"https:\/\/www.fca.org.uk\/publication\/policy\/ps21-24.pdf\">https:\/\/www.fca.org.uk\/publication\/policy\/ps21-24.pdf<\/a><\/p>\n<p><a href=\"#_ftnref14\" name=\"_ftn14\">[14]<\/a> <a href=\"https:\/\/www.bloomberg.com\/news\/articles\/2021-09-03\/fund-managers-feel-heat-in-sec-crackdown-of-overblown-esg-labels\">https:\/\/www.bloomberg.com\/news\/articles\/2021-09-03\/fund-managers-feel-heat-in-sec-crackdown-of-overblown-esg-labels<\/a><\/p>\n<p><a href=\"#_ftnref15\" name=\"_ftn15\">[15]<\/a> <a href=\"https:\/\/www.sec.gov\/files\/esg-risk-alert.pdf?utm_medium=email&amp;utm_source=govdelivery\">https:\/\/www.sec.gov\/files\/esg-risk-alert.pdf?utm_medium=email&amp;utm_source=govdelivery<\/a><\/p>\n<p><a href=\"#_ftnref16\" name=\"_ftn16\">[16]<\/a> <a href=\"https:\/\/www.bloomberg.com\/news\/articles\/2021-06-30\/eu-targets-greenwashing-by-financial-sector-in-strategy-draft\">https:\/\/www.bloomberg.com\/news\/articles\/2021-06-30\/eu-targets-greenwashing-by-financial-sector-in-strategy-draft<\/a><\/p>\n<p><a href=\"#_ftnref17\" name=\"_ftn17\">[17]<\/a> <a href=\"https:\/\/www.ey.com\/en_no\/assurance\/how-the-eu-s-new-sustainability-directive-will-be-a-game-changer\">https:\/\/www.ey.com\/en_no\/assurance\/how-the-eu-s-new-sustainability-directive-will-be-a-game-changer<\/a><\/p>\n<p><a href=\"#_ftnref18\" name=\"_ftn18\">[18]<\/a> <a href=\"https:\/\/www.reuters.com\/business\/sustainable-business\/what-is-eus-sustainable-finance-taxonomy-2022-02-03\/#:~:text=The%20EU%20taxonomy%20is%20a,to%20earn%20a%20green%20label\">https:\/\/www.reuters.com\/business\/sustainable-business\/what-is-eus-sustainable-finance-taxonomy-2022-02-03\/#:~:text=The%20EU%20taxonomy%20is%20a,to%20earn%20a%20green%20label<\/a>.<\/p>\n<p><a href=\"#_ftnref19\" name=\"_ftn19\">[19]<\/a> <a href=\"https:\/\/www.imf.org\/Publications\/fandd\/issues\/2021\/09\/valerie-smith-citi-private-sector-climate-change\">https:\/\/www.imf.org\/Publications\/fandd\/issues\/2021\/09\/valerie-smith-citi-private-sector-climate-change<\/a><\/p>\n<p><a href=\"#_ftnref20\" name=\"_ftn20\">[20]<\/a> <a href=\"https:\/\/www.ftadviser.com\/investments\/2021\/04\/29\/understanding-risk-and-reward-in-an-esg-portfolio\/\">https:\/\/www.ftadviser.com\/investments\/2021\/04\/29\/understanding-risk-and-reward-in-an-esg-portfolio\/<\/a><\/p>\n<p><a href=\"#_ftnref21\" name=\"_ftn21\">[21]<\/a> <a href=\"https:\/\/www2.deloitte.com\/content\/dam\/Deloitte\/us\/Documents\/audit\/us-audit-incorporating-esg-across-investment-portfolios-may-open-access-to-capital.pdf\">https:\/\/www2.deloitte.com\/content\/dam\/Deloitte\/us\/Documents\/audit\/us-audit-incorporating-esg-across-investment-portfolios-may-open-access-to-capital.pdf<\/a><\/p>\n<p><a href=\"#_ftnref22\" name=\"_ftn22\">[22]<\/a> https:\/\/www.cityindex.co.uk\/market-analysis\/rivian-ipo-everything-you-need-to-know-about-rivian\/<\/p>\n","protected":false},"author":18,"featured_media":101357,"template":"","tags":[],"acf":[],"yoast_head":"<!-- This site is optimized with the Yoast SEO plugin v21.5 - https:\/\/yoast.com\/wordpress\/plugins\/seo\/ -->\n<title>\u00c7SY\u2019nin \u00f6zel yat\u0131r\u0131mc\u0131lar i\u00e7in anlam\u0131 | Abdul Latif Jameel<\/title>\n<meta name=\"description\" content=\"D\u00fcnya ne kadar g\u00fcvenli olursa medeniyet de o kadar istikrarl\u0131 olacak ve o kadar \u00e7ok finansal f\u0131rsat ortaya \u00e7\u0131kacakt\u0131r.\" \/>\n<meta name=\"robots\" content=\"index, follow, max-snippet:-1, max-image-preview:large, max-video-preview:-1\" \/>\n<link rel=\"canonical\" href=\"https:\/\/alj.com\/tr\/perspective\/principled-profits-what-esg-means-for-private-investors\/\" \/>\n<meta property=\"og:locale\" content=\"tr_TR\" \/>\n<meta property=\"og:type\" content=\"article\" \/>\n<meta property=\"og:title\" content=\"\u00c7SY\u2019nin \u00f6zel yat\u0131r\u0131mc\u0131lar i\u00e7in anlam\u0131 | Abdul Latif Jameel\" \/>\n<meta property=\"og:description\" content=\"D\u00fcnya ne kadar g\u00fcvenli olursa medeniyet de o kadar istikrarl\u0131 olacak ve o kadar \u00e7ok finansal f\u0131rsat ortaya \u00e7\u0131kacakt\u0131r.\" \/>\n<meta property=\"og:url\" content=\"https:\/\/alj.com\/tr\/perspective\/principled-profits-what-esg-means-for-private-investors\/\" \/>\n<meta property=\"og:site_name\" content=\"Abdul Latif Jameel\" \/>\n<meta property=\"article:publisher\" content=\"https:\/\/www.facebook.com\/Abdul.Latif.Jameel.Official\" \/>\n<meta property=\"article:modified_time\" content=\"2022-08-16T12:37:49+00:00\" \/>\n<meta property=\"og:image\" content=\"https:\/\/media.alj.com\/app\/uploads\/2022\/08\/ESG-JIMCO-LI.jpg\" \/>\n\t<meta property=\"og:image:width\" content=\"1200\" \/>\n\t<meta property=\"og:image:height\" content=\"627\" \/>\n\t<meta property=\"og:image:type\" content=\"image\/jpeg\" \/>\n<meta name=\"twitter:card\" content=\"summary_large_image\" \/>\n<meta name=\"twitter:label1\" content=\"Est. reading time\" \/>\n\t<meta name=\"twitter:data1\" content=\"15 minutes\" \/>\n<script type=\"application\/ld+json\" class=\"yoast-schema-graph\">{\"@context\":\"https:\/\/schema.org\",\"@graph\":[{\"@type\":\"WebPage\",\"@id\":\"https:\/\/alj.com\/tr\/perspective\/principled-profits-what-esg-means-for-private-investors\/\",\"url\":\"https:\/\/alj.com\/tr\/perspective\/principled-profits-what-esg-means-for-private-investors\/\",\"name\":\"\u00c7SY\u2019nin \u00f6zel yat\u0131r\u0131mc\u0131lar i\u00e7in anlam\u0131 | Abdul Latif Jameel\",\"isPartOf\":{\"@id\":\"https:\/\/alj.com\/en\/#website\"},\"datePublished\":\"2022-08-12T10:52:32+00:00\",\"dateModified\":\"2022-08-16T12:37:49+00:00\",\"description\":\"D\u00fcnya ne kadar g\u00fcvenli olursa medeniyet de o kadar istikrarl\u0131 olacak ve o kadar \u00e7ok finansal f\u0131rsat ortaya \u00e7\u0131kacakt\u0131r.\",\"breadcrumb\":{\"@id\":\"https:\/\/alj.com\/tr\/perspective\/principled-profits-what-esg-means-for-private-investors\/#breadcrumb\"},\"inLanguage\":\"tr\",\"potentialAction\":[{\"@type\":\"ReadAction\",\"target\":[\"https:\/\/alj.com\/tr\/perspective\/principled-profits-what-esg-means-for-private-investors\/\"]}]},{\"@type\":\"BreadcrumbList\",\"@id\":\"https:\/\/alj.com\/tr\/perspective\/principled-profits-what-esg-means-for-private-investors\/#breadcrumb\",\"itemListElement\":[{\"@type\":\"ListItem\",\"position\":1,\"name\":\"Home\",\"item\":\"https:\/\/alj.com\/tr\/\"},{\"@type\":\"ListItem\",\"position\":2,\"name\":\"Perspectives\",\"item\":\"https:\/\/alj.com\/ja\/perspective\/\"},{\"@type\":\"ListItem\",\"position\":3,\"name\":\"\u0130lkeli k\u00e2rlar: \u00c7SY\u2019nin \u00f6zel yat\u0131r\u0131mc\u0131lar i\u00e7in anlam\u0131\"}]},{\"@type\":\"WebSite\",\"@id\":\"https:\/\/alj.com\/en\/#website\",\"url\":\"https:\/\/alj.com\/en\/\",\"name\":\"Abdul Latif Jameel\",\"description\":\"Abdul Latif Jameel\",\"potentialAction\":[{\"@type\":\"SearchAction\",\"target\":{\"@type\":\"EntryPoint\",\"urlTemplate\":\"https:\/\/alj.com\/en\/?s={search_term_string}\"},\"query-input\":\"required name=search_term_string\"}],\"inLanguage\":\"tr\"}]}<\/script>\n<!-- \/ Yoast SEO plugin. -->","yoast_head_json":{"title":"\u00c7SY\u2019nin \u00f6zel yat\u0131r\u0131mc\u0131lar i\u00e7in anlam\u0131 | Abdul Latif Jameel","description":"D\u00fcnya ne kadar g\u00fcvenli olursa medeniyet de o kadar istikrarl\u0131 olacak ve o kadar \u00e7ok finansal f\u0131rsat ortaya \u00e7\u0131kacakt\u0131r.","robots":{"index":"index","follow":"follow","max-snippet":"max-snippet:-1","max-image-preview":"max-image-preview:large","max-video-preview":"max-video-preview:-1"},"canonical":"https:\/\/alj.com\/tr\/perspective\/principled-profits-what-esg-means-for-private-investors\/","og_locale":"tr_TR","og_type":"article","og_title":"\u00c7SY\u2019nin \u00f6zel yat\u0131r\u0131mc\u0131lar i\u00e7in anlam\u0131 | Abdul Latif Jameel","og_description":"D\u00fcnya ne kadar g\u00fcvenli olursa medeniyet de o kadar istikrarl\u0131 olacak ve o kadar \u00e7ok finansal f\u0131rsat ortaya \u00e7\u0131kacakt\u0131r.","og_url":"https:\/\/alj.com\/tr\/perspective\/principled-profits-what-esg-means-for-private-investors\/","og_site_name":"Abdul Latif Jameel","article_publisher":"https:\/\/www.facebook.com\/Abdul.Latif.Jameel.Official","article_modified_time":"2022-08-16T12:37:49+00:00","og_image":[{"width":1200,"height":627,"url":"https:\/\/media.alj.com\/app\/uploads\/2022\/08\/ESG-JIMCO-LI.jpg","type":"image\/jpeg"}],"twitter_card":"summary_large_image","twitter_misc":{"Est. reading time":"15 minutes"},"schema":{"@context":"https:\/\/schema.org","@graph":[{"@type":"WebPage","@id":"https:\/\/alj.com\/tr\/perspective\/principled-profits-what-esg-means-for-private-investors\/","url":"https:\/\/alj.com\/tr\/perspective\/principled-profits-what-esg-means-for-private-investors\/","name":"\u00c7SY\u2019nin \u00f6zel yat\u0131r\u0131mc\u0131lar i\u00e7in anlam\u0131 | Abdul Latif Jameel","isPartOf":{"@id":"https:\/\/alj.com\/en\/#website"},"datePublished":"2022-08-12T10:52:32+00:00","dateModified":"2022-08-16T12:37:49+00:00","description":"D\u00fcnya ne kadar g\u00fcvenli olursa medeniyet de o kadar istikrarl\u0131 olacak ve o kadar \u00e7ok finansal f\u0131rsat ortaya \u00e7\u0131kacakt\u0131r.","breadcrumb":{"@id":"https:\/\/alj.com\/tr\/perspective\/principled-profits-what-esg-means-for-private-investors\/#breadcrumb"},"inLanguage":"tr","potentialAction":[{"@type":"ReadAction","target":["https:\/\/alj.com\/tr\/perspective\/principled-profits-what-esg-means-for-private-investors\/"]}]},{"@type":"BreadcrumbList","@id":"https:\/\/alj.com\/tr\/perspective\/principled-profits-what-esg-means-for-private-investors\/#breadcrumb","itemListElement":[{"@type":"ListItem","position":1,"name":"Home","item":"https:\/\/alj.com\/tr\/"},{"@type":"ListItem","position":2,"name":"Perspectives","item":"https:\/\/alj.com\/ja\/perspective\/"},{"@type":"ListItem","position":3,"name":"\u0130lkeli k\u00e2rlar: \u00c7SY\u2019nin \u00f6zel yat\u0131r\u0131mc\u0131lar i\u00e7in anlam\u0131"}]},{"@type":"WebSite","@id":"https:\/\/alj.com\/en\/#website","url":"https:\/\/alj.com\/en\/","name":"Abdul Latif Jameel","description":"Abdul Latif Jameel","potentialAction":[{"@type":"SearchAction","target":{"@type":"EntryPoint","urlTemplate":"https:\/\/alj.com\/en\/?s={search_term_string}"},"query-input":"required name=search_term_string"}],"inLanguage":"tr"}]}},"post-meta-fields":{"_thumbnail_id":["101357"],"push_notification":["no"],"_push_notification":["field_5c3b1fb67034d"],"_wpml_word_count":["{\"total\":3138,\"to_translate\":{\"ar\":3138,\"zh-hans\":3138,\"fr\":3138,\"ja\":3138,\"es\":3138,\"tr\":3138}}"],"_wpml_media_featured":["1"],"_wpml_media_duplicate":["1"],"perspective_short_title":["\u00c7SY\u2019nin \u00f6zel yat\u0131r\u0131mc\u0131lar i\u00e7in anlam\u0131"],"perspective_summury":["<p>D\u00fcnya ne kadar g\u00fcvenli olursa medeniyet de o kadar istikrarl\u0131 olacak ve o kadar \u00e7ok finansal f\u0131rsat ortaya \u00e7\u0131kacakt\u0131r.<\/p>\n"],"perspective_location":["Londra, Birle\u015fik Krall\u0131k"],"wpcf-featured-news":["0"],"is_latest_news":["0"],"wpcf-show-news-at-homepage":["1"],"publish_mobile":[""],"_publish_mobile":["field_5bfa8eb2e65cf"],"mobile_featured_image":["https:\/\/media.alj.com\/app\/uploads\/2022\/08\/shutterstock_273878561-Copy.png"],"_mobile_featured_image":["field_5c3b204983dea"],"featured_on_listing_page":["0"],"_featured_on_listing_page":["field_62458ea7383c3"],"content_series_applied":[""],"_content_series_applied":["field_60f3d3faf82ac"],"wpcf-perspective-downloadable_file":[""],"wpcf-perspective-published-date":["1660262400"],"wpcf-video-description":[""],"wpcf-layoutvideourl":[""],"wpcf-video-thumb":[""],"wpcf-social4-svg":[""],"wpcf-social4-background-image":[""],"wpcf-social4-text":[""],"wpcf-social4-url":[""],"wpcf-social3-svg":[""],"wpcf-social3-background-image":[""],"wpcf-social3-text":[""],"wpcf-social3-url":[""],"wpcf-social-text-svg-square":[""],"wpcf-social-text-image-square":[""],"wpcf-social-text-text-square":[""],"wpcf-social-text-url-square":[""],"wpcf-social2-svg":[""],"wpcf-social2-background-image":[""],"wpcf-social2-text":[""],"wpcf-social2-url":[""],"wpcf-social-svg-square":[""],"wpcf-social-image-square":[""],"wpcf-social-text-square":[""],"wpcf-social-url-square":[""],"wpcf-social1-svg":[""],"wpcf-social1-background-image":[""],"wpcf-social1-text":[""],"wpcf-social1-url":[""],"wpcf-quotes-with-auther-text-1":[""],"wpcf-card_article_with_title_content":[""],"wpcf-card_article_content":["<p>write your content<\/p>"],"wpcf-quotes-with-auther-text":[""],"_bsf_post_type":["0"],"_bsf_item_review_type":["none"],"_yoast_wpseo_title":["\u00c7SY\u2019nin \u00f6zel yat\u0131r\u0131mc\u0131lar i\u00e7in anlam\u0131 | Abdul Latif Jameel"],"_yoast_wpseo_metadesc":["D\u00fcnya ne kadar g\u00fcvenli olursa medeniyet de o kadar istikrarl\u0131 olacak ve o kadar \u00e7ok finansal f\u0131rsat ortaya \u00e7\u0131kacakt\u0131r."],"_yoast_wpseo_content_score":["30"],"_yoast_wpseo_estimated-reading-time-minutes":["15"],"_yoast_wpseo_opengraph-image":["https:\/\/media.alj.com\/app\/uploads\/2022\/08\/ESG-JIMCO-LI-1024x535.jpg"],"_yoast_wpseo_opengraph-image-id":["101376"],"_edit_lock":["1773397511:22"],"_edit_last":["18"],"_last_translation_edit_mode":["native-editor"],"wpcf-card-image":[""],"_wpcf-card-image-sort-order":["a:1:{i:0;i:1240649;}"],"amazonS3_cache":["a:24:{s:63:\"\/\/alj.com\/app\/uploads\/2022\/08\/1741-ALJ-ESG-Investing-scaled.jpg\";a:2:{s:2:\"id\";i:101301;s:11:\"source_type\";s:13:\"media-library\";}s:69:\"\/\/media.alj.com\/app\/uploads\/2022\/08\/1741-ALJ-ESG-Investing-scaled.jpg\";a:2:{s:2:\"id\";i:101301;s:11:\"source_type\";s:13:\"media-library\";}s:42:\"\/\/alj.com\/app\/uploads\/2022\/08\/PRI-logo.png\";a:2:{s:2:\"id\";i:101350;s:11:\"source_type\";s:13:\"media-library\";}s:50:\"\/\/alj.com\/app\/uploads\/2022\/08\/PRI-logo-300x162.png\";a:2:{s:2:\"id\";i:101350;s:11:\"source_type\";s:13:\"media-library\";}s:48:\"\/\/media.alj.com\/app\/uploads\/2022\/08\/PRI-logo.png\";a:2:{s:2:\"id\";i:101350;s:11:\"source_type\";s:13:\"media-library\";}s:56:\"\/\/media.alj.com\/app\/uploads\/2022\/08\/PRI-logo-300x162.png\";a:2:{s:2:\"id\";i:101350;s:11:\"source_type\";s:13:\"media-library\";}s:51:\"\/\/alj.com\/app\/uploads\/2022\/08\/Green-piggie-bank.png\";a:2:{s:2:\"id\";i:101315;s:11:\"source_type\";s:13:\"media-library\";}s:57:\"\/\/media.alj.com\/app\/uploads\/2022\/08\/Green-piggie-bank.png\";a:2:{s:2:\"id\";i:101315;s:11:\"source_type\";s:13:\"media-library\";}s:64:\"\/\/alj.com\/app\/uploads\/2022\/08\/1741-ALJ-ESG-Investing2-scaled.jpg\";a:2:{s:2:\"id\";i:101308;s:11:\"source_type\";s:13:\"media-library\";}s:70:\"\/\/media.alj.com\/app\/uploads\/2022\/08\/1741-ALJ-ESG-Investing2-scaled.jpg\";a:2:{s:2:\"id\";i:101308;s:11:\"source_type\";s:13:\"media-library\";}s:47:\"\/\/alj.com\/app\/uploads\/2022\/08\/Green-washing.png\";a:2:{s:2:\"id\";i:101322;s:11:\"source_type\";s:13:\"media-library\";}s:55:\"\/\/alj.com\/app\/uploads\/2022\/08\/Green-washing-300x225.png\";a:2:{s:2:\"id\";i:101322;s:11:\"source_type\";s:13:\"media-library\";}s:53:\"\/\/media.alj.com\/app\/uploads\/2022\/08\/Green-washing.png\";a:2:{s:2:\"id\";i:101322;s:11:\"source_type\";s:13:\"media-library\";}s:61:\"\/\/media.alj.com\/app\/uploads\/2022\/08\/Green-washing-300x225.png\";a:2:{s:2:\"id\";i:101322;s:11:\"source_type\";s:13:\"media-library\";}s:44:\"\/\/alj.com\/app\/uploads\/2022\/08\/NZ-Farming.jpg\";a:2:{s:2:\"id\";i:101343;s:11:\"source_type\";s:13:\"media-library\";}s:52:\"\/\/alj.com\/app\/uploads\/2022\/08\/NZ-Farming-300x180.jpg\";a:2:{s:2:\"id\";i:101343;s:11:\"source_type\";s:13:\"media-library\";}s:50:\"\/\/media.alj.com\/app\/uploads\/2022\/08\/NZ-Farming.jpg\";a:2:{s:2:\"id\";i:101343;s:11:\"source_type\";s:13:\"media-library\";}s:58:\"\/\/media.alj.com\/app\/uploads\/2022\/08\/NZ-Farming-300x180.jpg\";a:2:{s:2:\"id\";i:101343;s:11:\"source_type\";s:13:\"media-library\";}s:54:\"\/\/alj.com\/app\/uploads\/2022\/08\/Joby-Aviation-props.jpeg\";a:2:{s:2:\"id\";i:101336;s:11:\"source_type\";s:13:\"media-library\";}s:62:\"\/\/alj.com\/app\/uploads\/2022\/08\/Joby-Aviation-props-300x200.jpeg\";a:2:{s:2:\"id\";i:101336;s:11:\"source_type\";s:13:\"media-library\";}s:60:\"\/\/media.alj.com\/app\/uploads\/2022\/08\/Joby-Aviation-props.jpeg\";a:2:{s:2:\"id\";i:101336;s:11:\"source_type\";s:13:\"media-library\";}s:68:\"\/\/media.alj.com\/app\/uploads\/2022\/08\/Joby-Aviation-props-300x200.jpeg\";a:2:{s:2:\"id\";i:101336;s:11:\"source_type\";s:13:\"media-library\";}s:49:\"\/\/alj.com\/app\/uploads\/2022\/08\/Sidhesh-Kaul-QA.png\";a:2:{s:2:\"id\";i:101364;s:11:\"source_type\";s:13:\"media-library\";}s:55:\"\/\/media.alj.com\/app\/uploads\/2022\/08\/Sidhesh-Kaul-QA.png\";a:2:{s:2:\"id\";i:101364;s:11:\"source_type\";s:13:\"media-library\";}}"]},"_links":{"self":[{"href":"https:\/\/alj.com\/tr\/wp-json\/wp\/v2\/perspective\/101375"}],"collection":[{"href":"https:\/\/alj.com\/tr\/wp-json\/wp\/v2\/perspective"}],"about":[{"href":"https:\/\/alj.com\/tr\/wp-json\/wp\/v2\/types\/perspective"}],"author":[{"embeddable":true,"href":"https:\/\/alj.com\/tr\/wp-json\/wp\/v2\/users\/18"}],"wp:featuredmedia":[{"embeddable":true,"href":"https:\/\/alj.com\/tr\/wp-json\/wp\/v2\/media\/101357"}],"wp:attachment":[{"href":"https:\/\/alj.com\/tr\/wp-json\/wp\/v2\/media?parent=101375"}],"wp:term":[{"taxonomy":"post_tag","embeddable":true,"href":"https:\/\/alj.com\/tr\/wp-json\/wp\/v2\/tags?post=101375"}],"curies":[{"name":"wp","href":"https:\/\/api.w.org\/{rel}","templated":true}]}}