{"id":104221,"date":"2022-11-23T11:44:03","date_gmt":"2022-11-23T11:44:03","guid":{"rendered":"https:\/\/alj.com\/?post_type=perspective&#038;p=104221"},"modified":"2022-11-23T11:44:03","modified_gmt":"2022-11-23T11:44:03","slug":"net-sifir-hedefine-dogru-yesil-bina","status":"publish","type":"perspective","link":"https:\/\/alj.com\/tr\/perspective\/net-sifir-hedefine-dogru-yesil-bina\/","title":{"rendered":"Net s\u0131f\u0131r hedefine do\u011fru ye\u015fil bina"},"content":{"rendered":"<p>1980\u2019lerden bu yana, \u201cYe\u015fil Bina\u201d kavram\u0131 baz\u0131 ele\u015ftirmenlerin \u00e7evresel kayg\u0131lara y\u00f6nelik g\u00f6stermelik oldu\u011funu d\u00fc\u015f\u00fcnd\u00fckleri bir olgudan, in\u015faat end\u00fcstrisi i\u00e7in temel bir k\u0131lavuza d\u00f6n\u00fc\u015fm\u00fc\u015ft\u00fcr. Bu d\u00f6n\u00fc\u015f\u00fcm\u00fcn arkas\u0131nda hangi nedenler var? Kendi kendini koruma: Ye\u015fil binalar de\u011ferli do\u011fal kaynaklar\u0131 ve ya\u015fam kalitemizi korur ve en \u00f6nemlisi de nihai olarak gezegenimizin korunmas\u0131na yard\u0131mc\u0131 olabilir.<\/p>\n<p>\u0130n\u015faat sekt\u00f6r\u00fc, yar\u0131s\u0131 yenilenebilir olmayan do\u011fal kaynaklar\u0131 savurgan bir \u015fekilde t\u00fcketen bir sekt\u00f6rd\u00fcr.<\/p>\n<p><img decoding=\"async\" loading=\"lazy\" class=\"alignright size-full wp-image-104205\" src=\"https:\/\/media.alj.com\/app\/uploads\/2022\/11\/Worldwatch-Institute-logo.jpg\" alt=\"\" width=\"190\" height=\"78\" srcset=\"https:\/\/media.alj.com\/app\/uploads\/2022\/11\/Worldwatch-Institute-logo.jpg 190w, https:\/\/media.alj.com\/app\/uploads\/2022\/11\/Worldwatch-Institute-logo-150x62.jpg 150w\" sizes=\"(max-width: 190px) 100vw, 190px\" \/>World Watch Institute\u2019e g\u00f6re, in\u015faat sekt\u00f6r\u00fc her y\u0131l d\u00fcnyan\u0131n ham ta\u015f, \u00e7ak\u0131l ve kum kaynaklar\u0131n\u0131n %40\u2019\u0131n\u0131 ve ham ah\u015fap kaynaklar\u0131n\u0131n %25\u2019ini t\u00fcketmektedir<a href=\"#_ftn1\" name=\"_ftnref1\">[1]<\/a>. En son rakamlar ayn\u0131 zamanda hava kirlili\u011finin %23\u2019\u00fcnden, i\u00e7me suyu kirlili\u011finin %40\u2019\u0131ndan ve \u00e7\u00f6p sahas\u0131 at\u0131klar\u0131n\u0131n %50\u2019sinden sorumlu oldu\u011funu g\u00f6stermektedir<a href=\"#_ftn2\" name=\"_ftnref2\">[2]<\/a>.<\/p>\n<p>Ancak in\u015faat sekt\u00f6r\u00fcn\u00fcn sorunu sadece t\u00fcketti\u011fi malzeme de\u011fil, ayn\u0131 zamanda yaratt\u0131\u011f\u0131 yap\u0131 ortam\u0131d\u0131r.<\/p>\n<p>Binalar\u0131n i\u00e7 yap\u0131s\u0131 k\u00f6t\u00fc tasarlanm\u0131\u015fsa, i\u00e7inde ya\u015fayan ve \u00e7al\u0131\u015fan insanlar i\u00e7in sa\u011fl\u0131k sorunlar\u0131na neden olur. \u00d6rne\u011fin \u201cHasta Bina Sendromu\u201d ofislerdeki yetersiz \u0131s\u0131tma<a href=\"#_ftn3\" name=\"_ftnref3\">[3]<\/a> ve havaland\u0131rma ve do\u011fal \u0131\u015f\u0131k eksikli\u011fi nedeniyle devams\u0131zl\u0131k ve d\u00fc\u015f\u00fck \u00fcretkenli\u011fe neden olur. Binalar\u0131n d\u0131\u015f\u0131yla ilgili olarak do\u011fal \u0131\u015f\u0131k ve hava kalitesi gibi fakt\u00f6rler ye\u015fil \u015fehirlerin ve b\u00f6lgelerin planlanmas\u0131nda \u00f6nemli bir endi\u015fe kayna\u011f\u0131d\u0131r; \u00e7\u00fcnk\u00fc bunlar sadece \u201cya\u015fam kalitesini\u201d de\u011fil, ya\u015fam\u0131n kendisini de etkiler. \u00d6rne\u011fin, k\u00f6t\u00fc hava kalitesinin anjina riskini art\u0131rd\u0131\u011f\u0131<a href=\"#_ftn4\" name=\"_ftnref4\">[4]<\/a> ve sadece \u0130ngiltere\u2019de hava kirlili\u011fi ile ba\u011flant\u0131l\u0131 y\u0131lda yakla\u015f\u0131k 36.000 \u00f6l\u00fcme neden oldu\u011fu belirtilmektedir.<a href=\"#_ftn5\" name=\"_ftnref5\">[5]<\/a><\/p>\n<p>Ancak, mevcut in\u015faat uygulamalar\u0131n\u0131n verdi\u011fi zarar bunun da \u00f6tesine ge\u00e7erek, insan kaynakl\u0131 iklim de\u011fi\u015fikli\u011finin ba\u015fl\u0131ca nedeni olan y\u00fcksek d\u00fczeyde karbon emisyonlar\u0131 yoluyla gezegeni tehdit ediyor. H\u00fck\u00fcmetler Aras\u0131 \u0130klim De\u011fi\u015fikli\u011fi Paneli\u2019nin (IPCC) en son raporuna g\u00f6re, mevcut \u0131s\u0131nma h\u0131z\u0131 yava\u015flamazsa, 2052 y\u0131l\u0131na kadar D\u00fcnya kritik olarak 1,5 \u00b0C\u2019lik s\u0131cakl\u0131k art\u0131\u015f\u0131 s\u0131n\u0131r\u0131na ula\u015farak bu s\u0131n\u0131r\u0131 a\u015facakt\u0131r<a href=\"#_ftn6\" name=\"_ftnref6\">[6]<\/a>.<\/p>\n<p>Raporda ayr\u0131ca \u0131s\u0131nman\u0131n insan kaynakl\u0131 emisyonlar\u0131n do\u011frudan bir sonucu oldu\u011fu ve enerji kaynakl\u0131 emisyonlar\u0131n %38\u2019inin binalardan, %28\u2019inin operasyonel emisyonlardan ve %10\u2019unun da malzeme ve in\u015faattan kaynakland\u0131\u011f\u0131 belirtilmektedir<a href=\"#_ftn7\" name=\"_ftnref7\">[7]<\/a>. 2021 BM \u0130klim De\u011fi\u015fikli\u011fi Konferans\u0131 <a href=\"https:\/\/ukcop26.org\/\">COP26<\/a>\u2019da belirlenen hedef, 2030 y\u0131l\u0131na kadar k\u00fcresel emisyonlar\u0131 yar\u0131ya indirmek ve 2050 y\u0131l\u0131na kadar Net S\u0131f\u0131r karbon emisyonuna ula\u015fmakt\u0131r<a href=\"#_ftn8\" name=\"_ftnref8\">[8]<\/a>. \u0130n\u015faat sekt\u00f6r\u00fc uygulamalar\u0131 k\u00f6kl\u00fc bir \u015fekilde de\u011fi\u015ftirilmeden bu hedeflere ula\u015f\u0131lamaz.<\/p>\n<p><img decoding=\"async\" loading=\"lazy\" class=\"aligncenter size-full wp-image-104149\" src=\"https:\/\/media.alj.com\/app\/uploads\/2022\/11\/ALJ-Green-Buildings-1-scaled.jpg\" alt=\"\" width=\"2560\" height=\"1207\" srcset=\"https:\/\/media.alj.com\/app\/uploads\/2022\/11\/ALJ-Green-Buildings-1-scaled.jpg 2560w, https:\/\/media.alj.com\/app\/uploads\/2022\/11\/ALJ-Green-Buildings-1-300x141.jpg 300w, https:\/\/media.alj.com\/app\/uploads\/2022\/11\/ALJ-Green-Buildings-1-1024x483.jpg 1024w, https:\/\/media.alj.com\/app\/uploads\/2022\/11\/ALJ-Green-Buildings-1-150x71.jpg 150w, https:\/\/media.alj.com\/app\/uploads\/2022\/11\/ALJ-Green-Buildings-1-768x362.jpg 768w, https:\/\/media.alj.com\/app\/uploads\/2022\/11\/ALJ-Green-Buildings-1-1536x724.jpg 1536w, https:\/\/media.alj.com\/app\/uploads\/2022\/11\/ALJ-Green-Buildings-1-2048x966.jpg 2048w\" sizes=\"(max-width: 2560px) 100vw, 2560px\" \/><\/p>\n<p>Ye\u015fil bina kavram\u0131 tek ba\u015f\u0131na belirli bir yap\u0131 bi\u00e7imini belirtmez. Ev, ofis, okul, hastane, toplum merkezi veya ba\u015fka herhangi bir yap\u0131 bir ye\u015fil bina olabilir. \u0130klim ve k\u00fclt\u00fcr gibi fakt\u00f6rlerin yan\u0131 s\u0131ra de\u011fi\u015fen \u00e7evresel, ekonomik ve sosyal \u00f6ncelikler nedeniyle \u00fclkeler ve b\u00f6lgeler aras\u0131nda farkl\u0131l\u0131klar olacakt\u0131r.<\/p>\n<p>Bunun yerine, ye\u015fil bir binan\u0131n tan\u0131m\u0131, in\u015fas\u0131n\u0131n ard\u0131ndaki ilkeleri a\u00e7\u0131klar. Bir \u201cYe\u015fil\u201d bina; tasar\u0131m\u0131nda, in\u015fas\u0131nda veya i\u015fletiminde iklim ve do\u011fal \u00e7evre \u00fczerindeki olumsuz etkileri en aza indiren veya ortadan kald\u0131ran, hatta bunlar\u0131 iyile\u015ftirebilen bir binad\u0131r.<\/p>\n<figure id=\"attachment_104212\" aria-describedby=\"caption-attachment-104212\" style=\"width: 850px\" class=\"wp-caption aligncenter\"><img decoding=\"async\" loading=\"lazy\" class=\"size-full wp-image-104212\" src=\"https:\/\/media.alj.com\/app\/uploads\/2022\/11\/World-Green-Building-Council-SDGs-World-Green-Building-Council-nd.png\" alt=\"\" width=\"850\" height=\"476\" srcset=\"https:\/\/media.alj.com\/app\/uploads\/2022\/11\/World-Green-Building-Council-SDGs-World-Green-Building-Council-nd.png 850w, https:\/\/media.alj.com\/app\/uploads\/2022\/11\/World-Green-Building-Council-SDGs-World-Green-Building-Council-nd-300x168.png 300w, https:\/\/media.alj.com\/app\/uploads\/2022\/11\/World-Green-Building-Council-SDGs-World-Green-Building-Council-nd-150x84.png 150w, https:\/\/media.alj.com\/app\/uploads\/2022\/11\/World-Green-Building-Council-SDGs-World-Green-Building-Council-nd-768x430.png 768w, https:\/\/media.alj.com\/app\/uploads\/2022\/11\/World-Green-Building-Council-SDGs-World-Green-Building-Council-nd-226x126.png 226w\" sizes=\"(max-width: 850px) 100vw, 850px\" \/><figcaption id=\"caption-attachment-104212\" class=\"wp-caption-text\">G\u00fcndem 2030\u2019da Birle\u015fmi\u015f Milletler S\u00fcrd\u00fcr\u00fclebilir Kalk\u0131nma Hedefleri ile ba\u011flant\u0131l\u0131 ye\u015fil bina ilkeleri. G\u00f6rselin Sahibi \u00a9 World Green Building Council<\/figcaption><\/figure>\n<p>Bu tasar\u0131m ilkesi, bir\u00e7ok ye\u015fil binan\u0131n enerji, su ve di\u011fer kaynaklar\u0131n verimli kullan\u0131m\u0131 ve g\u00fcne\u015f enerjisi ve hava veya topra\u011f\u0131 kaynak olarak kullanan \u0131s\u0131 pompalar\u0131 dahil olmak \u00fczere yenilenebilir enerji kaynaklar\u0131ndan faydalan\u0131lmas\u0131 gibi ortak \u00f6zellikleri payla\u015faca\u011f\u0131 anlam\u0131na gelir.<\/p>\n<p>Bir ye\u015fil bina toksik olmayan, etik ve s\u00fcrd\u00fcr\u00fclebilir malzemelerden in\u015fa edilir. Bu malzemelerin, \u00fcr\u00fcnlerin uzak mesafelerden getirilmesinden kaynaklanan karbon emisyonlar\u0131n\u0131 \u00f6nlemek i\u00e7in yerel olarak tedarik edilmesi m\u00fcmk\u00fcnd\u00fcr. Genellikle kirlili\u011fi ve at\u0131\u011f\u0131 azaltan ve yeniden kullan\u0131m\u0131 ve geri d\u00f6n\u00fc\u015f\u00fcm\u00fc te\u015fvik eden \u00f6nlemler al\u0131n\u0131r.<\/p>\n<p>Bir ye\u015fil binan\u0131n i\u00e7indeki hava kalitesi y\u00fcksek olmal\u0131d\u0131r, \u00e7\u00fcnk\u00fc bina sakinlerinin ya\u015fam kalitesi binalar\u0131n tasar\u0131m\u0131, in\u015faat\u0131 ve i\u015fletiminde en \u00f6nemli husustur. Tasar\u0131m ayn\u0131 zamanda binay\u0131 gelecekteki \u00e7evresel veya teknolojik de\u011fi\u015fikliklere uyarlanabilir hale getirerek binay\u0131 \u201czamana dayan\u0131kl\u0131 hale getirmeyi\u201d hedeflemelidir.<\/p>\n<h2>Kar zarar hanesindeki faydalar<\/h2>\n<p>Bir ye\u015fil bina yakla\u015f\u0131m\u0131 benimsemek sadece \u00e7evresel a\u00e7\u0131dan mant\u0131kl\u0131 olmakla kalmaz, ayn\u0131 zamanda g\u00fc\u00e7l\u00fc bir ticari gerek\u00e7esi de vard\u0131r. M\u00fclk sahipleri daha y\u00fcksek doluluk oranlar\u0131ndan ve daha d\u00fc\u015f\u00fck i\u015fletme maliyetlerinden yararlan\u0131r; m\u00fcteahhitler daha y\u00fcksek m\u00fclk de\u011ferleri sayesinde kazan\u00e7 sa\u011flar ve kullan\u0131c\u0131lar enerji ve su verimlili\u011fi sayesinde elektrik faturalar\u0131ndan tasarruf eder.<\/p>\n<p>\u00d6rne\u011fin, Birle\u015fik Krall\u0131k\u2019ta<a href=\"#_ftn9\" name=\"_ftnref9\">[9]<\/a> yak\u0131n zamanda yap\u0131lan bir ara\u015ft\u0131rma, 2003 ve 2014 y\u0131llar\u0131 aras\u0131nda in\u015fa edilen 336 ye\u015fil sertifikal\u0131 binay\u0131 in\u015fa tarihleri ve b\u00f6lgesel konumu a\u00e7\u0131s\u0131ndan benzer nitelikteki yakla\u015f\u0131k 2.000 sertifikal\u0131 olmayan in\u015faat projesiyle kar\u015f\u0131la\u015ft\u0131rm\u0131\u015ft\u0131r. Ye\u015fil sertifikal\u0131 binalar\u0131n %13,3-%36,5 daha fazla kiraland\u0131\u011f\u0131 tespit edilmi\u015ftir. Benzer \u015fekilde, k\u00fcresel emlak piyasas\u0131na ili\u015fkin ABD\u2019de yap\u0131lan bir \u00e7al\u0131\u015fma olan D\u00fcnya Ye\u015fil Bina Trendleri<a href=\"#_ftn10\" name=\"_ftnref10\">[10]<\/a>, ister yeni ister yenilenmi\u015f olsun ye\u015fil binalar\u0131n, geleneksel binalara g\u00f6re varl\u0131k de\u011ferinde %10 art\u0131\u015fa neden oldu\u011funu bildirmi\u015ftir.<\/p>\n<p>Ayn\u0131 \u00e7al\u0131\u015fma, bina sahiplerinin \u00f6nemli \u00f6l\u00e7\u00fcde daha d\u00fc\u015f\u00fck i\u015fletme maliyetlerine sahip oldu\u011funu g\u00f6stermi\u015ftir. Be\u015f y\u0131l zarf\u0131nda yeni binalar i\u00e7in ortalama tasarruf oran\u0131 %16,9, yenilenmi\u015f binalar i\u00e7in ise %14,6\u2019d\u0131r. Kat\u0131l\u0131mc\u0131lar\u0131n %47\u2019sinin sat\u0131\u015f noktas\u0131nda daha fazla de\u011fer bildirdi\u011fi, %34\u2019\u00fcn\u00fcn daha y\u00fcksek kiralama oranlar\u0131ndan yararland\u0131\u011f\u0131 ve %41\u2019inin daha y\u00fcksek doluluk oranlar\u0131 elde etti\u011fi Suudi Arabistan, bu \u00e7al\u0131\u015fmadaki en iyi performans g\u00f6steren \u00fclkelerden biriydi.<\/p>\n<p>Ye\u015fil binalar\u0131n faydalar\u0131n\u0131n \u201cinsanlar, d\u00fcnya ve ticari\u201d a\u00e7\u0131dan etkili oldu\u011fu bildirildi ve ye\u015fil i\u015f yerlerinin ve evlerin sundu\u011fu bir\u00e7ok avantaj\u0131n i\u00e7inde ya\u015fayan ve \u00e7al\u0131\u015fan ki\u015filerin sa\u011fl\u0131\u011f\u0131na ve refah\u0131na da yans\u0131d\u0131\u011f\u0131 vurguland\u0131.<\/p>\n<p><img decoding=\"async\" loading=\"lazy\" class=\"alignleft size-full wp-image-104191\" src=\"https:\/\/media.alj.com\/app\/uploads\/2022\/11\/US-Green-Building-Council-logo.jpg\" alt=\"\" width=\"97\" height=\"94\" \/>ABD\u2019de ger\u00e7ekle\u015ftirilen bir \u00e7al\u0131\u015fmada, ye\u015fil ofislerdeki iyile\u015ftirilmi\u015f i\u00e7 hava kalitesinin ast\u0131m, solunum alerjileri, depresyon ve stresten kaynaklanan devams\u0131zl\u0131\u011f\u0131 ve \u00e7al\u0131\u015fma saati kay\u0131plar\u0131n\u0131 azaltmaya ve \u00fcretkenlikte iyile\u015fmelere katk\u0131 sa\u011flad\u0131\u011f\u0131 tespit edilmi\u015ftir<a href=\"#_ftn11\" name=\"_ftnref11\">[11]<\/a>. <a href=\"https:\/\/www.usgbc.org\/\">ABD Ye\u015fil Bina Konseyi<\/a> (USGBC) ad\u0131na yap\u0131lan bir anket, ye\u015fil binalar\u0131n \u201c<em>i\u015fverenlere s\u0131n\u0131f\u0131n\u0131n en iyisi yetenekleri \u00e7ekmeleri i\u00e7in i\u015fe al\u0131mlarda avantaj sa\u011flad\u0131\u011f\u0131n\u0131\u201d ortaya koymu\u015ftur<\/em><a href=\"#_ftn12\" name=\"_ftnref12\"><em><strong>[12]<\/strong><\/em><\/a><em>.<\/em><\/p>\n<h2>Ye\u015fil bina teknolojisi<\/h2>\n<p>\u0130n\u015faat end\u00fcstrisinin geleneksel malzemeleri, do\u011fas\u0131 gere\u011fi karbon emisyonlar\u0131 a\u00e7\u0131s\u0131ndan yetersizdir. \u0130ster \u00e7imento ister tu\u011fla, cam veya al\u00e7\u0131 olsun, bu malzemeler \u00fcretimlerinde y\u00fcksek s\u0131cakl\u0131klar gerektirir; bu nedenle \u00e7ok b\u00fcy\u00fck miktarda enerji t\u00fcketir ve sonu\u00e7 olarak \u00f6nemli miktarda karbondioksit (CO<sub>2<\/sub>) yayar. \u00dcretilen her ton \u00e7imento i\u00e7in yakla\u015f\u0131k 600 kg CO<sub>2<\/sub> sal\u0131n\u0131r, bu nedenle \u00e7imento \u00fcretimi d\u00fcnyadaki CO <sub>2<\/sub> emisyonlar\u0131n\u0131n %8\u2019ini<a href=\"#_ftn13\" name=\"_ftnref13\">[13]<\/a> olu\u015ftururken yeni \u00fcretilen bir ton tu\u011fla 258 kg CO<sub>2<\/sub> emisyonu<a href=\"#_ftn14\" name=\"_ftnref14\">[14]<\/a> a\u00e7\u0131\u011fa \u00e7\u0131kar\u0131r.<\/p>\n<p><img decoding=\"async\" loading=\"lazy\" class=\"aligncenter size-full wp-image-104163\" src=\"https:\/\/media.alj.com\/app\/uploads\/2022\/11\/ALJ-Green-Buildings-3-scaled.jpg\" alt=\"\" width=\"2560\" height=\"1810\" srcset=\"https:\/\/media.alj.com\/app\/uploads\/2022\/11\/ALJ-Green-Buildings-3-scaled.jpg 2560w, https:\/\/media.alj.com\/app\/uploads\/2022\/11\/ALJ-Green-Buildings-3-300x212.jpg 300w, https:\/\/media.alj.com\/app\/uploads\/2022\/11\/ALJ-Green-Buildings-3-1024x724.jpg 1024w, https:\/\/media.alj.com\/app\/uploads\/2022\/11\/ALJ-Green-Buildings-3-150x106.jpg 150w, https:\/\/media.alj.com\/app\/uploads\/2022\/11\/ALJ-Green-Buildings-3-768x543.jpg 768w, https:\/\/media.alj.com\/app\/uploads\/2022\/11\/ALJ-Green-Buildings-3-1536x1086.jpg 1536w, https:\/\/media.alj.com\/app\/uploads\/2022\/11\/ALJ-Green-Buildings-3-2048x1448.jpg 2048w\" sizes=\"(max-width: 2560px) 100vw, 2560px\" \/><\/p>\n<p>Bu durumu de\u011fi\u015ftirmeye y\u00f6nelik ad\u0131mlar at\u0131l\u0131yor. Bu ara\u015ft\u0131rmada, geleneksel in\u015faat tekniklerinin alternatifleri, enerji t\u00fcketimini en aza indirecek ak\u0131ll\u0131 teknolojiler ve karbon emisyonlar\u0131 mercek alt\u0131na al\u0131nmaktad\u0131r.<\/p>\n<p>Stratejilerden biri, hali haz\u0131rda yayg\u0131n olarak kullan\u0131lan yap\u0131 malzemelerinin ye\u015fil e\u015f de\u011ferlerini geli\u015ftirmektir. Beton \u00f6rne\u011finde, CO<sub>2<\/sub> yakalanabilir ve betonun i\u00e7ine pompalanarak sonsuza kadar hapsedilebilir<a href=\"#_ftn15\" name=\"_ftnref15\">[15]<\/a>. Bu i\u015flem ayn\u0131 zamanda ortaya \u00e7\u0131kan malzemenin \u00f6zelliklerini de geli\u015ftirebilir. Enjekte edilen CO<sub>2<\/sub> \u00e7imentodaki kalsiyum iyonlar\u0131yla reaksiyona girerek daha fazla kalsiyum karbonat \u00fcretir ve\u00a0betonun potansiyel olarak daha fazla y\u00fcke dayanabilmesini sa\u011flar. \u2018Ye\u015fil beton\u2019 aray\u0131\u015f\u0131ndaki bir di\u011fer \u00e7\u00f6z\u00fcm de CO<sub>2<\/sub> emisyonlar\u0131n\u0131 %80-%90\u2019a kadar azaltan<a href=\"#_ftn16\" name=\"_ftnref16\">[16]<\/a> Geopolimer \u00c7imentodur (GPC). \u00c7imento kar\u0131\u015f\u0131m\u0131ndaki kalsiyum ve silikonun yerine GPC kullan\u0131l\u0131r u\u00e7ucu k\u00fcl gibi daha sonra alkali etkin hale gelen end\u00fcstriyel at\u0131k malzemeler.<\/p>\n<figure id=\"attachment_104177\" aria-describedby=\"caption-attachment-104177\" style=\"width: 2560px\" class=\"wp-caption aligncenter\"><img decoding=\"async\" loading=\"lazy\" class=\"size-full wp-image-104177\" src=\"https:\/\/media.alj.com\/app\/uploads\/2022\/11\/HYBRIT-fossil-free.jpg\" alt=\"\" width=\"2560\" height=\"1707\" srcset=\"https:\/\/media.alj.com\/app\/uploads\/2022\/11\/HYBRIT-fossil-free.jpg 2560w, https:\/\/media.alj.com\/app\/uploads\/2022\/11\/HYBRIT-fossil-free-300x200.jpg 300w, https:\/\/media.alj.com\/app\/uploads\/2022\/11\/HYBRIT-fossil-free-1024x683.jpg 1024w, https:\/\/media.alj.com\/app\/uploads\/2022\/11\/HYBRIT-fossil-free-150x100.jpg 150w, https:\/\/media.alj.com\/app\/uploads\/2022\/11\/HYBRIT-fossil-free-768x512.jpg 768w, https:\/\/media.alj.com\/app\/uploads\/2022\/11\/HYBRIT-fossil-free-1536x1024.jpg 1536w, https:\/\/media.alj.com\/app\/uploads\/2022\/11\/HYBRIT-fossil-free-2048x1366.jpg 2048w\" sizes=\"(max-width: 2560px) 100vw, 2560px\" \/><figcaption id=\"caption-attachment-104177\" class=\"wp-caption-text\">\u0130sve\u00e7\u2019in kuzeyinde Norrbotten\u2019deki HYBRIT, fosil yak\u0131t kaynakl\u0131 enerji kullanmadan \u00fcretim yapan bir \u00e7elik fabrikas\u0131d\u0131r. G\u00f6rselin sahibi \u00a9 HYBRIT<\/figcaption><\/figure>\n<p>\u201cYe\u015fil \u00e7elik\u201d, geleneksel olarak cevher bazl\u0131 \u00e7elik yap\u0131m\u0131 i\u00e7in gerekli olan kok k\u00f6m\u00fcr\u00fcn\u00fcn yerine yenilenebilir elektrik ve hidrojen kaynakl\u0131 enerji kullan\u0131larak geli\u015ftirilmi\u015ftir. Ancak bu teknoloji hen\u00fcz emekleme a\u015famas\u0131ndad\u0131r. <a href=\"https:\/\/www.ssab.com\/\">SSAB<\/a>, <a href=\"https:\/\/www.lkab.com\/sv\/\">LKAB<\/a> ve <a href=\"https:\/\/vattenfall.com\/\">Wattenfall<\/a> aras\u0131ndaki \u0130sve\u00e7li bir konsorsiyum giri\u015fimi olan <a href=\"https:\/\/www.hybritdevelopment.se\/\">HYBRIT <\/a>(\u00c7\u0131\u011f\u0131r A\u00e7an Hidrojen Enerjili Demir \u00dcretim Teknolojisi)<a href=\"#_ftn17\" name=\"_ftnref17\">[17]<\/a> ilk ye\u015fil \u00e7elik partisini kamyon \u00fcreticisi Volvo AB\u2019ye A\u011fustos 2021\u2019de deneme \u00e7al\u0131\u015fmas\u0131 olarak teslim etti, ancak 2026\u2019ya kadar tam olarak ticari \u00fcretime ba\u015flamayacak.<\/p>\n<p><img decoding=\"async\" loading=\"lazy\" class=\"aligncenter size-full wp-image-104170\" src=\"https:\/\/media.alj.com\/app\/uploads\/2022\/11\/ALJ-Green-Buildings-4-scaled.jpg\" alt=\"\" width=\"2560\" height=\"2239\" srcset=\"https:\/\/media.alj.com\/app\/uploads\/2022\/11\/ALJ-Green-Buildings-4-scaled.jpg 2560w, https:\/\/media.alj.com\/app\/uploads\/2022\/11\/ALJ-Green-Buildings-4-300x262.jpg 300w, https:\/\/media.alj.com\/app\/uploads\/2022\/11\/ALJ-Green-Buildings-4-1024x896.jpg 1024w, https:\/\/media.alj.com\/app\/uploads\/2022\/11\/ALJ-Green-Buildings-4-150x131.jpg 150w, https:\/\/media.alj.com\/app\/uploads\/2022\/11\/ALJ-Green-Buildings-4-768x672.jpg 768w, https:\/\/media.alj.com\/app\/uploads\/2022\/11\/ALJ-Green-Buildings-4-1536x1344.jpg 1536w, https:\/\/media.alj.com\/app\/uploads\/2022\/11\/ALJ-Green-Buildings-4-2048x1792.jpg 2048w\" sizes=\"(max-width: 2560px) 100vw, 2560px\" \/><\/p>\n<p>Di\u011fer bir yakla\u015f\u0131m da yap\u0131sal bile\u015fenlerin imalat s\u00fcrecinde sal\u0131nan karbonu azaltmakt\u0131r. \u00d6rne\u011fin s\u0131k\u0131\u015ft\u0131r\u0131lm\u0131\u015f toprak tu\u011fla, nemli toprak ve \u00e7ak\u0131l veya kil gibi sert maddeleri, beton gibi dengeleyici unsurlarla kar\u0131\u015ft\u0131rarak \u00fcretilen s\u0131k\u0131\u015ft\u0131r\u0131lm\u0131\u015f toprak tu\u011flas\u0131, yo\u011fun ve sert duvarlar olu\u015fturmak i\u00e7in kullan\u0131labilir. S\u0131k\u0131\u015ft\u0131r\u0131lm\u0131\u015f toprak tu\u011flalar\u0131n\u0131n \u00fcretiminde kullan\u0131lan kaynaklar ve olu\u015fum s\u00fcreci \u00e7evresel etkileri azalt\u0131rken, bu malzeme bir binan\u0131n s\u0131cakl\u0131\u011f\u0131n\u0131 e\u015fit derecede dengeleyerek yaz\u0131n serin ve k\u0131\u015f\u0131n s\u0131cak kalmas\u0131na yard\u0131mc\u0131 olabilir<a href=\"#_ftn18\" name=\"_ftnref18\">[18]<\/a>.<\/p>\n<p>Karbon i\u00e7eren yap\u0131 kerestesi, \u00e7elik ve betona s\u00fcrd\u00fcr\u00fclebilir bir alternatif olarak giderek yayg\u0131nla\u015fmaktad\u0131r. Bu kereste, dokuz kata kadar y\u00fckseklikte bloklar in\u015fa etmek i\u00e7in yap\u0131y\u0131 olu\u015fturabilen \u00e7apraz lamine kaplama kereste ve lamine kaplama kereste gibi yeni bile\u015fenler \u00fcretmek i\u00e7in re\u00e7ineler kullan\u0131larak tasarlanm\u0131\u015ft\u0131r<a href=\"#_ftn19\" name=\"_ftnref19\">[19]<\/a>.<\/p>\n<p>Ayr\u0131ca, i\u015fletilmekte olan bir binan\u0131n karbon emisyonlar\u0131n\u0131 azaltmay\u0131 hedefleyen teknolojiler geli\u015ftirilmektedir. \u00d6rne\u011fin so\u011fuk \u00e7at\u0131larda, \u0131s\u0131y\u0131 daha az emen ve g\u00fcne\u015f \u0131\u015f\u0131nlar\u0131n\u0131n \u00e7o\u011funu yans\u0131tan reflektif boyalar ve \u00f6zel fayanslar kullan\u0131l\u0131r. Bu, \u0131s\u0131 emilimini ve termal yay\u0131l\u0131m\u0131 azaltmak kayd\u0131yla \u00e7at\u0131lardaki s\u0131cakl\u0131klar\u0131 28 \u00b0C\u2019den fazla d\u00fc\u015f\u00fcrerek serinlik sa\u011flar. Bunun sonucunda klimaya daha az ihtiya\u00e7 duyulur ve bu da enerji kullan\u0131m\u0131n\u0131n azalmas\u0131na yol a\u00e7ar; b\u00f6ylece enerji santrallerinden gelen k\u00fcm\u00fclatif sera gaz\u0131 emisyonlar\u0131n\u0131n azalmas\u0131 sa\u011flan\u0131r.<\/p>\n<p>Karbon emisyonlar\u0131, tasarruf teknolojileri kullan\u0131larak da azalt\u0131labilir. Herhangi bir zamanda, ticari bir binan\u0131n ortalama %30-40\u2019\u0131 bo\u015f olacakt\u0131r. Hareket detekt\u00f6rleri, RFID taray\u0131c\u0131lar ve eri\u015fim kart\u0131 okuyucular\u0131 gibi elektronik cihazlar\u0131 kullanarak, bir bina, b\u00f6l\u00fcm veya oda bo\u015f oldu\u011funda sens\u00f6rler otomatik olarak \u0131\u015f\u0131klar\u0131 s\u00f6nd\u00fcrebilir ve klima, so\u011futma, \u0131s\u0131tma ve havaland\u0131rma se\u00e7eneklerini ayarlayarak enerji faturalar\u0131nda %30\u2019a kadar tasarruf sa\u011flayabilir.<\/p>\n<p>Enerji tasarrufu sa\u011flayan bir di\u011fer teknoloji ise bir pencerenin yans\u0131tt\u0131\u011f\u0131 g\u00fcne\u015f \u0131\u015f\u0131\u011f\u0131 miktar\u0131n\u0131 de\u011fi\u015ftirmek i\u00e7in k\u00fc\u00e7\u00fck elektrik sinyalleri kullanan Ak\u0131ll\u0131 Elektronik Camlard\u0131r (ESG). ESG bir bina kumanda sistemine dahil edilebilir, b\u00f6ylece bina sakinleri ne kadar g\u00fcne\u015f \u0131\u015f\u0131n\u0131n\u0131n bloke edilece\u011fini se\u00e7ebilir ve b\u00f6ylece \u0131s\u0131tma, havaland\u0131rma ve klima maliyetlerini azalt\u0131labilir.<\/p>\n<p><img decoding=\"async\" loading=\"lazy\" class=\"aligncenter size-full wp-image-104156\" src=\"https:\/\/media.alj.com\/app\/uploads\/2022\/11\/ALJ-Green-Buildings-2-scaled.jpg\" alt=\"\" width=\"2560\" height=\"1920\" srcset=\"https:\/\/media.alj.com\/app\/uploads\/2022\/11\/ALJ-Green-Buildings-2-scaled.jpg 2560w, https:\/\/media.alj.com\/app\/uploads\/2022\/11\/ALJ-Green-Buildings-2-300x225.jpg 300w, https:\/\/media.alj.com\/app\/uploads\/2022\/11\/ALJ-Green-Buildings-2-1024x768.jpg 1024w, https:\/\/media.alj.com\/app\/uploads\/2022\/11\/ALJ-Green-Buildings-2-150x112.jpg 150w, https:\/\/media.alj.com\/app\/uploads\/2022\/11\/ALJ-Green-Buildings-2-768x576.jpg 768w, https:\/\/media.alj.com\/app\/uploads\/2022\/11\/ALJ-Green-Buildings-2-1536x1152.jpg 1536w, https:\/\/media.alj.com\/app\/uploads\/2022\/11\/ALJ-Green-Buildings-2-2048x1536.jpg 2048w\" sizes=\"(max-width: 2560px) 100vw, 2560px\" \/><\/p>\n<h2>\u00d6l\u00e7eklendirme<\/h2>\n<p>Elbette t\u00fcm bu beceri ve yenilikler, tek bir ye\u015fil binan\u0131n karbon emisyonlar\u0131 \u00fczerinde s\u0131n\u0131rl\u0131 bir etki yaratacakt\u0131r. Net s\u0131f\u0131r hedeflerimizde ger\u00e7ekten bir fark yaratmak i\u00e7in kentlerin olmasa bile b\u00f6lgelerin tamam\u0131n\u0131n ye\u015fil bina ilkeleri do\u011frultusunda geli\u015ftirilmesi gerekir.<\/p>\n<p>B\u00f6yle b\u00fcy\u00fck bir \u00f6l\u00e7ekte tasarland\u0131\u011f\u0131nda, ye\u015fil binalar\u0131n yaratt\u0131\u011f\u0131 olumlu etki, s\u00fcrd\u00fcr\u00fclebilir ula\u015f\u0131m, at\u0131k y\u00f6netim sistemleri ve altyap\u0131 gibi \u00e7evre bilincine sahip di\u011fer \u00f6nlemlerle art\u0131r\u0131labilir. \u00d6rne\u011fin, <a href=\"https:\/\/alj.com\/en\/energy-and-environmental-services\/energy-overview\/\">Abdul Latif Jameel Energy<\/a>\u2019nin bir par\u00e7as\u0131 olan <a href=\"https:\/\/frv.com\/en\/\">FRV<\/a> taraf\u0131ndan \u0130spanya\u2019da geli\u015ftirilen <a href=\"https:\/\/alj.com\/en\/perspective\/next-stop-hydrogen-powered-public-transport\/\">hidrojen enerjili ula\u015f\u0131m projeleri<\/a> gibi s\u0131f\u0131r emisyonlu ula\u015f\u0131m \u00e7\u00f6z\u00fcmlerine ge\u00e7i\u015f, zemin seviyesindeki kirlili\u011fi azaltmaya ve kamusal alan\u0131 iyile\u015ftirmeye yard\u0131mc\u0131 olabilir.<\/p>\n<p>Di\u011fer tasar\u0131m unsurlar\u0131 aras\u0131nda ge\u00e7irgen zeminler, ye\u015fil alan ve ula\u015f\u0131m i\u00e7in bisiklet yollar\u0131, sokak ayd\u0131nlatmas\u0131 ve b\u00f6lgesel \u0131s\u0131tma i\u00e7in birle\u015fik \u0131s\u0131 ve g\u00fc\u00e7 kaynaklar\u0131 ve at\u0131klarla ba\u015fa \u00e7\u0131kmak i\u00e7in kompostlama yer alabilir.<\/p>\n<p>\u015eehir ve topluluk \u00f6l\u00e7e\u011finde ak\u00fc enerji depolama sistemleri (BESS), 7\/24 s\u00fcrekli yenilenebilir enerji tedarik edebilir ve ye\u015fil bina ilkelerinin \u015fehirlerde geli\u015fimi i\u00e7in \u00f6l\u00e7eklendirilmesini sa\u011flayabilir. \u00d6rne\u011fin, FRV ve inovasyon kolu FRV-X, <a href=\"https:\/\/alj.com\/en\/news\/abdul-latif-jameel-energys-frv-achieves-financial-close-with-natwest-for-its-holes-bay-battery-project-in-the-uk\/\">Holes Bay<\/a>, Dorset; <a href=\"https:\/\/alj.com\/en\/news\/abdul-latif-jameel-energys-frv-energizes-contego-battery-energy-storage-plant\/\">Contego<\/a>, West Sussex ve <a href=\"https:\/\/alj.com\/en\/news\/abdul-latif-jameel-energys-frv-and-harmony-energy-begin-construction-of-one-the-uks-largest-battery-storage-projects\/\">Clay Tye<\/a>, Essex\u2019te BESS projelerine \u00f6nc\u00fcl\u00fck ediyor ve Avustralya\u2019da <a href=\"https:\/\/alj.com\/en\/news\/abdul-latif-jameel-energys-frv-announces-first-hybrid-pv-solar-storage-project-in-australia\/\">Dalby<\/a>, Queensland\u2019da bir hibrit g\u00fcne\u015f enerjisi ve BESS tesisi bulunuyor. FRV, sonbahar 2022\u2019de \u0130ngiltere\u2019de iki ek <a href=\"https:\/\/alj.com\/en\/news\/abdul-latif-jameel-energys-frv-to-acquire-two-new-battery-energy-storage-projects-in-the-uk\/\">BESS projesinin<\/a> yan\u0131 s\u0131ra <a href=\"https:\/\/alj.com\/en\/news\/abdul-latif-jameel-energys-frv-acquires-majority-stake-in-one-of-the-largest-battery-energy-storage-systems-in-greece\/\">Yunanistan<\/a>\u2019daki bir BESS projesinde \u00e7o\u011funluk hissesini sat\u0131n ald\u0131.<\/p>\n<p>Ba\u015fka bir Abdul Latif Jameel i\u015fletmesi olan <a href=\"https:\/\/almarwater.com\/\">Almar Water Solutions<\/a>, geli\u015fmi\u015f teknolojinin su sistemlerinin kalitesini ve verimlili\u011fini g\u00fc\u00e7lendirmeye nas\u0131l yard\u0131mc\u0131 olabilece\u011fini g\u00f6steriyor. Almar ve k\u0131sa s\u00fcre \u00f6nce, bir E\u015fyalar\u0131n \u0130nterneti uzman\u0131 olan Datakorum ile Abu Dabi\u2019de <a href=\"https:\/\/eandenterprise.com\/en\/index.jsp\">e&amp; Enterprise<\/a> ile (\u00f6nceki ad\u0131 Etisalat Digital) su ve enerji altyap\u0131s\u0131 i\u00e7in <a href=\"https:\/\/alj.com\/en\/news\/datakorum-awarded-an-historic-project-driving-digital-transformation-of-abu-dhabis-water-infrastructure\/\">ak\u0131ll\u0131 ileti\u015fim projesine<\/a> y\u00f6nelik bir ihaleyi almak \u00fczere ortakl\u0131k kurdu. Bu proje, m\u00fc\u015fteriler i\u00e7in daha fazla verimlilik sa\u011flamay\u0131 ve yerel su altyap\u0131s\u0131n\u0131n dijitalle\u015ftirilmesine katk\u0131da bulunmay\u0131, operasyonel iyile\u015ftirmeleri ve ak\u0131ll\u0131 \u015febekenin haz\u0131rlanmas\u0131n\u0131 h\u0131zland\u0131rmay\u0131 ama\u00e7lamaktad\u0131r.<\/p>\n<p>\u201cYe\u015fil\u201d \u015fehirler veya b\u00f6lgeler, t\u0131pk\u0131 ye\u015fil binalar gibi iklime, geleneklere ve i\u015f durumuna g\u00f6re farkl\u0131l\u0131k g\u00f6sterir. \u00d6rne\u011fin, su kullan\u0131m\u0131n\u0131 azaltmaya y\u00f6nelik teknolojiler Orta Do\u011fu ve Afrika gibi su k\u0131tl\u0131\u011f\u0131 olan b\u00f6lgelerde daha fazla suyun bulundu\u011fu b\u00f6lgelerden \u00e7ok daha h\u0131zl\u0131 bir yat\u0131r\u0131m geri d\u00f6n\u00fc\u015f s\u00fcresine sahiptir. Benzer \u015fekilde, \u0131l\u0131man bir \u015fehirde b\u00f6lgesel \u0131s\u0131tma teknolojilerinin geri d\u00f6n\u00fc\u015f s\u00fcresi, so\u011fuk iklimdeki bir \u015fehre k\u0131yasla muhtemelen \u00e7ok daha uzun olacakt\u0131r.<\/p>\n<p><img decoding=\"async\" loading=\"lazy\" class=\"aligncenter size-full wp-image-104243\" src=\"https:\/\/media.alj.com\/app\/uploads\/2022\/11\/shutterstock_1386358415-scaled.jpg\" alt=\"Hammarby Sj\u00e3\u00b6stad Stockholm Sweden\" width=\"2560\" height=\"1707\" srcset=\"https:\/\/media.alj.com\/app\/uploads\/2022\/11\/shutterstock_1386358415-scaled.jpg 2560w, https:\/\/media.alj.com\/app\/uploads\/2022\/11\/shutterstock_1386358415-300x200.jpg 300w, https:\/\/media.alj.com\/app\/uploads\/2022\/11\/shutterstock_1386358415-1024x683.jpg 1024w, https:\/\/media.alj.com\/app\/uploads\/2022\/11\/shutterstock_1386358415-150x100.jpg 150w, https:\/\/media.alj.com\/app\/uploads\/2022\/11\/shutterstock_1386358415-768x512.jpg 768w, https:\/\/media.alj.com\/app\/uploads\/2022\/11\/shutterstock_1386358415-1536x1024.jpg 1536w, https:\/\/media.alj.com\/app\/uploads\/2022\/11\/shutterstock_1386358415-2048x1365.jpg 2048w\" sizes=\"(max-width: 2560px) 100vw, 2560px\" \/><\/p>\n<figure id=\"attachment_104184\" aria-describedby=\"caption-attachment-104184\" style=\"width: 300px\" class=\"wp-caption alignright\"><img decoding=\"async\" loading=\"lazy\" class=\"size-medium wp-image-104184\" src=\"https:\/\/media.alj.com\/app\/uploads\/2022\/11\/Sjostadsoversikt-Stockholm-City-Planning-Administration-300x205.jpg\" alt=\"\" width=\"300\" height=\"205\" srcset=\"https:\/\/media.alj.com\/app\/uploads\/2022\/11\/Sjostadsoversikt-Stockholm-City-Planning-Administration-300x205.jpg 300w, https:\/\/media.alj.com\/app\/uploads\/2022\/11\/Sjostadsoversikt-Stockholm-City-Planning-Administration-150x102.jpg 150w, https:\/\/media.alj.com\/app\/uploads\/2022\/11\/Sjostadsoversikt-Stockholm-City-Planning-Administration-768x524.jpg 768w, https:\/\/media.alj.com\/app\/uploads\/2022\/11\/Sjostadsoversikt-Stockholm-City-Planning-Administration.jpg 923w\" sizes=\"(max-width: 300px) 100vw, 300px\" \/><figcaption id=\"caption-attachment-104184\" class=\"wp-caption-text\">Hammarby-Sj\u00f6stad b\u00f6lge plan\u0131. G\u00f6rselin sahibi \u00a9 Stockholm City Planning Administration<\/figcaption><\/figure>\n<p>Bu \u00e7ok uzak bir tutku de\u011fil. Bunun gibi ye\u015fil topluluklar d\u00fcnya genelinde zaten geli\u015fiyor. \u00d6rne\u011fin Stockholm\u2019de \u00f6nceden at\u0131l durumda bulunan bir sanayi b\u00f6lgesi olan Hammarby-Sj\u00f6stad<a href=\"#_ftn20\" name=\"_ftnref20\">[20]<\/a>, art\u0131k geli\u015fen bir \u201ceko-k\u00f6y\u201d.<\/p>\n<p>25.000 sakini, \u00f6zel ara\u00e7la %40 daha az yolculuk yap\u0131lmas\u0131 nedeniyle, yak\u0131ndaki benzer bir b\u00f6lgeye k\u0131yasla hane ba\u015f\u0131na %30-%40 daha az karbondioksit \u00fcreten bir toplu ta\u015f\u0131ma sisteminden faydalanmaktad\u0131r.<\/p>\n<p>Ayr\u0131ca, elde edilen s\u0131cak suyun yerel b\u00f6lgenin \u0131s\u0131tma sisteminde kullan\u0131ld\u0131\u011f\u0131 bir at\u0131k su ar\u0131tma sistemine sahiptir ve %32 ile %39 aras\u0131nda \u00f6nemli \u00f6l\u00e7\u00fcde daha d\u00fc\u015f\u00fck enerji maliyetlerine sahiptir.<\/p>\n<h2>Ye\u015fil binalar\u0131n \u00f6n\u00fcndeki engeller<\/h2>\n<p>Ye\u015fil b\u00f6lgeler in\u015fa etmenin zorlu\u011fu, \u015fu anda m\u00fcteahhitlerin %10 daha fazla in\u015faat maliyetiyle kar\u015f\u0131la\u015fmalar\u0131d\u0131r<a href=\"#_ftn21\" name=\"_ftnref21\">[21]<\/a>. Bu ba\u015flang\u0131\u00e7 maliyetindeki art\u0131\u015f, uzun vadede daha d\u00fc\u015f\u00fck olan i\u015fletme maliyetlerine ra\u011fmen potansiyel yat\u0131r\u0131mc\u0131lar\u0131 cayd\u0131r\u0131r.<\/p>\n<p><img decoding=\"async\" loading=\"lazy\" class=\"aligncenter size-full wp-image-104257\" src=\"https:\/\/media.alj.com\/app\/uploads\/2022\/11\/shutterstock_2150581563-scaled.jpg\" alt=\"Masdar City Abu Dhabi\" width=\"2560\" height=\"1704\" srcset=\"https:\/\/media.alj.com\/app\/uploads\/2022\/11\/shutterstock_2150581563-scaled.jpg 2560w, https:\/\/media.alj.com\/app\/uploads\/2022\/11\/shutterstock_2150581563-300x200.jpg 300w, https:\/\/media.alj.com\/app\/uploads\/2022\/11\/shutterstock_2150581563-1024x682.jpg 1024w, https:\/\/media.alj.com\/app\/uploads\/2022\/11\/shutterstock_2150581563-150x100.jpg 150w, https:\/\/media.alj.com\/app\/uploads\/2022\/11\/shutterstock_2150581563-768x511.jpg 768w, https:\/\/media.alj.com\/app\/uploads\/2022\/11\/shutterstock_2150581563-1536x1022.jpg 1536w, https:\/\/media.alj.com\/app\/uploads\/2022\/11\/shutterstock_2150581563-2048x1363.jpg 2048w\" sizes=\"(max-width: 2560px) 100vw, 2560px\" \/><\/p>\n<p>\u00a0gibi projeler, m\u00fcteahhit ve i\u015fletmeci rollerini birle\u015ftirerek bu engeli a\u015ft\u0131. Masdar City, Abu Dabi\u2019nin b\u00fcy\u00fck varl\u0131k fonu <a href=\"https:\/\/www.mubadala.com\/\">Mubadala<\/a> \u2019n\u0131n m\u00fcteahhitlik kolu olan <a href=\"https:\/\/masdar.ae\/\">Masdar<\/a> taraf\u0131ndan in\u015fa edilmektedir. Bu \u015fehir, Orta Do\u011fu\u2019daki en b\u00fcy\u00fck fotovoltaik kurulumlar\u0131ndan birine ev sahipli\u011fi yapmaktad\u0131r ve serinletici esintilere y\u00f6n veren devasa bir merkezi r\u00fczgar t\u00fcneli etraf\u0131nda in\u015fa edilmi\u015ftir, b\u00f6ylece \u00e7al\u0131\u015fanlar ve sakinler yaz aylar\u0131nda bile rahat\u00e7a dola\u015fabilirler. Masdar City\u2019nin kirac\u0131lar\u0131 aras\u0131nda General Electric, Lockheed Martin, Mitsubishi Heavy Industries, Schneider Electric ve Siemens gibi s\u0131n\u0131f\u0131nda lider \u015firketler bulunmaktad\u0131r. Binalar d\u00fc\u015f\u00fck karbonlu \u00e7imento, %90 geri d\u00f6n\u00fc\u015ft\u00fcr\u00fclm\u00fc\u015f al\u00fcminyum ve yerli malzemelerden in\u015fa edilmi\u015f olup, enerji ve su talepleri ortalaman\u0131n %40 alt\u0131ndad\u0131r.<a href=\"#_ftn22\" name=\"_ftnref22\">[22]<\/a><\/p>\n<p>Masdar City, Estidama Pearl Bina Derecelendirme Sistemi\u2019ne g\u00f6re en az 3-Pearl puan\u0131 alacak \u015fekilde in\u015fa edilmi\u015ftir. Bu, bir binan\u0131n ne kadar ye\u015fil oldu\u011funu \u00f6l\u00e7mek i\u00e7in kullan\u0131lan bina enerji kodlar\u0131ndan biridir ve en yayg\u0131n di\u011fer derecelendirme sistemleri ise ABD\u2019deki LEED (Enerji ve \u00c7evresel Tasar\u0131mda Liderlik), Birle\u015fik Krall\u0131k\u2019taki BREEAM (Bina Ara\u015ft\u0131rma Kurulu\u015fu \u00c7evresel De\u011ferlendirme Y\u00f6ntemi) ve Avustralya\u2019daki NABERS\u2019dir (Ulusal Avustralya Bina \u00c7evre Derecelendirme Sistemi).<\/p>\n<p>Mubadala gibi b\u00fcy\u00fck bir varl\u0131k fonunun mevcut olmad\u0131\u011f\u0131 durumlarda ye\u015fil binalara, b\u00f6lgelere ve \u015fehirlere yat\u0131r\u0131m yapmak i\u00e7in h\u00fck\u00fcmetler ve uluslararas\u0131 kurulu\u015flar, ekstra ba\u015flang\u0131\u00e7 maliyetlerini \u00fcstlenmeleri i\u00e7in m\u00fcteahhitleri te\u015fvik etmek ve hatta zorlamak amac\u0131yla devreye girmek durumunda kalabilir. Nitekim bir\u00e7o\u011fu da bunu yap\u0131yor.<\/p>\n<p>Eyl\u00fcl 2021\u2019de yay\u0131nlanan en g\u00fcncel \u201c<em>Binalar ve in\u015faatlar i\u00e7in k\u00fcresel durum raporu<\/em>\u201d, 80 \u00fclkenin ulusal veya yerel d\u00fczeyde zorunlu veya g\u00f6n\u00fcll\u00fc bina enerji y\u00f6netmeliklerine sahip oldu\u011funu ve bunlardan 43\u2019\u00fcn\u00fcn hem konut hem de konut d\u0131\u015f\u0131 binalar i\u00e7in ulusal d\u00fczeyde zorunlu y\u00f6netmeliklere sahip oldu\u011funu g\u00f6stermi\u015ftir<a href=\"#_ftn23\" name=\"_ftnref23\">[23]<\/a>.<\/p>\n<p>2018 CARICOM B\u00f6lgesel Enerji Verimlili\u011fi Bina Y\u00f6netmeli\u011fi (CREEBC) \u015fu anda Karayipler genelinde uygulanmaktad\u0131r, \u00f6rne\u011fin Fas ve Tunus\u2019un t\u00fcm in\u015faat sekt\u00f6rlerini kapsayan zorunlu bina y\u00f6netmelikleri bulunmaktad\u0131r. Di\u011fer Afrika \u00fclkelerinde de y\u00f6netmelikler y\u00fcr\u00fcrl\u00fc\u011fe girmektedir. Gana ve Nijerya\u2019da sekt\u00f6r\u00fcn bir k\u0131sm\u0131n\u0131 kapsayan y\u00f6netmelikler uygulan\u0131rken M\u0131s\u0131r ve G\u00fcney Afrika\u2019n\u0131n uygulanmas\u0131 iste\u011fe ba\u011fl\u0131 y\u00f6netmelikleri var. Botsvana, Burundi, Kamerun, Fildi\u015fi Sahili, Gana, Gambiya, Kenya, Senegal, Tanzanya ve Uganda da kendi y\u00f6netmeliklerini olu\u015fturuyor<a href=\"#_ftn24\" name=\"_ftnref24\">[24]<\/a>.<\/p>\n<p>Bu esnada, COVID-19 salg\u0131n\u0131na ra\u011fmen, in\u015faat sekt\u00f6r\u00fcnde enerji verimlili\u011fine yap\u0131lan k\u00fcresel yat\u0131r\u0131mlar, esas olarak Avrupa\u2019daki hedefli h\u00fck\u00fcmet deste\u011fi sayesinde 2020 y\u0131l\u0131nda benzeri g\u00f6r\u00fclmemi\u015f bir \u015fekilde %11,4\u2019l\u00fck art\u0131\u015f g\u00f6stererek, 2019\u2019daki 165 milyar ABD dolar\u0131 seviyesinden yakla\u015f\u0131k 184 milyar ABD dolar\u0131na y\u00fckselmi\u015ftir. 2015\u2019ten bu yana ilk kez, sekt\u00f6rdeki enerji verimlili\u011fi yat\u0131r\u0131mlar\u0131n\u0131n y\u0131ll\u0131k b\u00fcy\u00fcme oran\u0131 %3\u2019\u00fc a\u015fm\u0131\u015ft\u0131r.<\/p>\n<p>Genel olarak, net s\u0131f\u0131r hedefine do\u011fru kademeli bir ilerleme var; ancak BM\u2019nin s\u00f6yledi\u011fi gibi, \u00e7ok daha acil bir \u015fekilde \u201cnet s\u0131f\u0131ra h\u0131zla ilerlemek\u201d gerekiyor. Ye\u015fil binalar ve sunduklar\u0131 faydalar, bir yenilikten ziyade norm haline gelmelidir. Ye\u015fil binan\u0131n net s\u0131f\u0131r hedefini ger\u00e7ekle\u015ftirebilen, \u00e7evremizi ve ya\u015fam tarz\u0131m\u0131z\u0131 koruyabilen <em>tek<\/em> bina t\u00fcr\u00fc oldu\u011funun kabul edilmesi gerekiyor.<\/p>\n<p>&nbsp;<\/p>\n<p><a href=\"#_ftnref1\" name=\"_ftn1\">[1]<\/a> Hawken, P., Lovins, E ve Lovins, H, Natural, Capitalism \u2013 Creating the next Industrial Revolution, Little Brown and Co., 2009 s.369<\/p>\n<p><a href=\"#_ftnref2\" name=\"_ftn2\">[2]<\/a> Brown MT, Bardi E. Handbook of energy evaluation. A compendium of data for energy computation issued in a series of folios. Folio #3: Energy of ecosystems. Center for Environmental Policy, Environmental Engineering Sciences, University of Florida, Gainesville; 2011.<\/p>\n<p><a href=\"#_ftnref3\" name=\"_ftn3\">[3]<\/a><a href=\"https:\/\/www.ncbi.nlm.nih.gov\/pmc\/articles\/PMC2796751\/#:~:text=The%20sick%20building%20syndrome%20(SBS,or%20cause%20can%20be%20identified\">https:\/\/www.ncbi.nlm.nih.gov\/pmc\/articles\/PMC2796751\/#:~:text=The%20sick%20building%20syndrome%20(SBS,or%20cause%20can%20be%20identified<\/a>.<\/p>\n<p><a href=\"#_ftnref4\" name=\"_ftn4\">[4]<\/a> <a href=\"https:\/\/tinyurl.com\/2vwvyjnd\">https:\/\/tinyurl.com\/2vwvyjnd<\/a><\/p>\n<p><a href=\"#_ftnref5\" name=\"_ftn5\">[5]<\/a> <a href=\"https:\/\/www.newscientist.com\/article\/2263165-landmark-ruling-says-air-pollution-contributed-to-death-of-9-year-old\/\">https:\/\/www.newscientist.com\/article\/2263165-landmark-ruling-says-air-pollution-contributed-to-death-of-9-year-old\/<\/a><\/p>\n<p><a href=\"#_ftnref6\" name=\"_ftn6\">[6]<\/a> The Intergovernmental Panel on Climate Change, Climate Change 2021: The Physical Science Basis, August 2021, <a href=\"https:\/\/www.ipcc.ch\/sr15\/\">https:\/\/www.ipcc.ch\/sr15\/<\/a><\/p>\n<p><a href=\"#_ftnref7\" name=\"_ftn7\">[7]<\/a> UN Environment Programme 2020, Global Status Report for Buildings and Construction: Towards a zero-emissions, efficient and resilient buildings and construction sector, 2020, https:\/\/globalabc.org\/sites\/default\/files\/inline- files\/2020%20Buildings%20GSR_FULL%20REPORT.pdf<\/p>\n<p><a href=\"#_ftnref8\" name=\"_ftn8\">[8]<\/a> <a href=\"https:\/\/www.unglobalcompact.org.uk\/race-to-zero\/\">https:\/\/www.unglobalcompact.org.uk\/race-to-zero\/<\/a><\/p>\n<p><a href=\"#_ftnref9\" name=\"_ftn9\">[9]<\/a> <a href=\"https:\/\/nbs.net\/green-building-has-a-strong-business-case\/\">https:\/\/nbs.net\/green-building-has-a-strong-business-case\/<\/a><\/p>\n<p><a href=\"#_ftnref10\" name=\"_ftn10\">[10]<\/a> <a href=\"https:\/\/proddrupalcontent.construction.com\/s3fs-public\/WorldGreen-2021-SMR-29Oct.pdf\">https:\/\/proddrupalcontent.construction.com\/s3fs-public\/WorldGreen-2021-SMR-29Oct.pdf<\/a> page 26 and 29.<\/p>\n<p><a href=\"#_ftnref11\" name=\"_ftn11\">[11]<\/a> <a href=\"https:\/\/www.ncbi.nlm.nih.gov\/pmc\/articles\/PMC2920980\/\">https:\/\/www.ncbi.nlm.nih.gov\/pmc\/articles\/PMC2920980\/<\/a><\/p>\n<p><a href=\"#_ftnref12\" name=\"_ftn12\">[12]<\/a> <a href=\"https:\/\/www.usgbc.org\/articles\/employees-are-happier-healthier-and-more-productive-leed-green-buildings\">https:\/\/www.usgbc.org\/articles\/employees-are-happier-healthier-and-more-productive-leed-green-buildings<\/a><\/p>\n<p><a href=\"#_ftnref13\" name=\"_ftn13\">[13]<\/a> <a href=\"https:\/\/www.nature.com\/articles\/d41586-021-02612-5\">https:\/\/www.nature.com\/articles\/d41586-021-02612-5<\/a><\/p>\n<p><a href=\"#_ftnref14\" name=\"_ftn14\">[14]<\/a> <a href=\"https:\/\/henninglarsen.com\/en\/news\/archive\/2017\/09\/28-recycled-bricks-reduces-co2-emissions-by-1-millionplus-kg\/\">https:\/\/henninglarsen.com\/en\/news\/archive\/2017\/09\/28-recycled-bricks-reduces-co2-emissions-by-1-millionplus-kg\/<\/a><\/p>\n<p><a href=\"#_ftnref15\" name=\"_ftn15\">[15]<\/a> <a href=\"https:\/\/arstechnica.com\/science\/2021\/07\/quest-for-green-cement-draws-big-name-investors-to-300b-industry\/?comments=1\">https:\/\/arstechnica.com\/science\/2021\/07\/quest-for-green-cement-draws-big-name-investors-to-300b-industry\/?comments=1<\/a><\/p>\n<p><a href=\"#_ftnref16\" name=\"_ftn16\">[16]<\/a> <a href=\"https:\/\/www.cbre.co.uk\/insights\/articles\/is-green-cement-making-concrete-progress\">https:\/\/www.cbre.co.uk\/insights\/articles\/is-green-cement-making-concrete-progress<\/a><\/p>\n<p><a href=\"#_ftnref17\" name=\"_ftn17\">[17]<\/a> <a href=\"https:\/\/www.theguardian.com\/science\/2021\/aug\/19\/green-steel-swedish-company-ships-first-batch-made-without-using-coal\">https:\/\/www.theguardian.com\/science\/2021\/aug\/19\/green-steel-swedish-company-ships-first-batch-made-without-using-coal<\/a><\/p>\n<p><a href=\"#_ftnref18\" name=\"_ftn18\">[18]<\/a> <a href=\"https:\/\/designbuild.nridigital.com\/design_build_review_april19\/the_rise_of_green_technology_in_construction\">https:\/\/designbuild.nridigital.com\/design_build_review_april19\/the_rise_of_green_technology_in_construction<\/a><\/p>\n<p><a href=\"#_ftnref19\" name=\"_ftn19\">[19]<\/a> <a href=\"https:\/\/polandweekly.com\/2022\/05\/25\/clt-wood-has-conquered-the-world-now-its-time-for-poland\/\">https:\/\/polandweekly.com\/2022\/05\/25\/clt-wood-has-conquered-the-world-now-its-time-for-poland\/<\/a><\/p>\n<p><a href=\"#_ftnref20\" name=\"_ftn20\">[20]<\/a> <a href=\"https:\/\/www.mckinsey.com\/capabilities\/sustainability\/our-insights\/building-the-cities-of-the-future-with-green-districts\">https:\/\/www.mckinsey.com\/capabilities\/sustainability\/our-insights\/building-the-cities-of-the-future-with-green-districts<\/a><\/p>\n<p><a href=\"#_ftnref21\" name=\"_ftn21\">[21]<\/a> <a href=\"https:\/\/www.mckinsey.com\/capabilities\/sustainability\/our-insights\/building-the-cities-of-the-future-with-green-districts\">https:\/\/www.mckinsey.com\/capabilities\/sustainability\/our-insights\/building-the-cities-of-the-future-with-green-districts<\/a><\/p>\n<p><a href=\"#_ftnref22\" name=\"_ftn22\">[22]<\/a> <a href=\"https:\/\/www.cityscape-intelligence.com\/architecture\/why-masdar-worlds-most-sustainable-city\">https:\/\/www.cityscape-intelligence.com\/architecture\/why-masdar-worlds-most-sustainable-city<\/a><\/p>\n<p><a href=\"#_ftnref23\" name=\"_ftn23\">[23]<\/a> <a href=\"https:\/\/globalabc.org\/sites\/default\/files\/2021-10\/Buildings-GSR-2021_EXECUTIVE-SUMMARY_ENG_14-10-21%20FIN2.pdf2\">https:\/\/globalabc.org\/sites\/default\/files\/2021-10\/Buildings-GSR-2021_EXECUTIVE-SUMMARY_ENG_14-10-21%20FIN2.pdf2<\/a><\/p>\n<p><a href=\"#_ftnref24\" name=\"_ftn24\">[24]<\/a> <a href=\"https:\/\/globalabc.org\/sites\/default\/files\/2021-10\/Buildings-GSR-2021_EXECUTIVE-SUMMARY_ENG_14-10-21%20FIN2.pdf2\">https:\/\/globalabc.org\/sites\/default\/files\/2021-10\/Buildings-GSR-2021_EXECUTIVE-SUMMARY_ENG_14-10-21%20FIN2.pdf2<\/a><\/p>\n","protected":false},"author":18,"featured_media":104250,"template":"","tags":[],"acf":[],"yoast_head":"<!-- This site is optimized with the Yoast SEO plugin v21.5 - https:\/\/yoast.com\/wordpress\/plugins\/seo\/ -->\n<title>Net s\u0131f\u0131r hedefine do\u011fru ye\u015fil bina | Abdul Latif Jameel\u00ae<\/title>\n<meta name=\"description\" content=\"1980\u2019lerden bu yana, \u201cYe\u015fil Bina\u201d kavram\u0131 baz\u0131 ele\u015ftirmenlerin \u00e7evresel kayg\u0131lara y\u00f6nelik g\u00f6stermelik oldu\u011funu d\u00fc\u015f\u00fcnd\u00fckleri bir olgudan, in\u015faat end\u00fcstrisi i\u00e7in temel bir k\u0131lavuza d\u00f6n\u00fc\u015fm\u00fc\u015ft\u00fcr.\" \/>\n<meta name=\"robots\" content=\"index, follow, max-snippet:-1, max-image-preview:large, max-video-preview:-1\" \/>\n<link rel=\"canonical\" href=\"https:\/\/alj.com\/tr\/perspective\/net-sifir-hedefine-dogru-yesil-bina\/\" \/>\n<meta property=\"og:locale\" content=\"tr_TR\" \/>\n<meta property=\"og:type\" content=\"article\" \/>\n<meta property=\"og:title\" content=\"Net s\u0131f\u0131r hedefine do\u011fru ye\u015fil bina | Abdul Latif Jameel\u00ae\" \/>\n<meta property=\"og:description\" content=\"1980\u2019lerden bu yana, \u201cYe\u015fil Bina\u201d kavram\u0131 baz\u0131 ele\u015ftirmenlerin \u00e7evresel kayg\u0131lara y\u00f6nelik g\u00f6stermelik oldu\u011funu d\u00fc\u015f\u00fcnd\u00fckleri bir olgudan, in\u015faat end\u00fcstrisi i\u00e7in temel bir k\u0131lavuza d\u00f6n\u00fc\u015fm\u00fc\u015ft\u00fcr.\" \/>\n<meta property=\"og:url\" content=\"https:\/\/alj.com\/tr\/perspective\/net-sifir-hedefine-dogru-yesil-bina\/\" \/>\n<meta property=\"og:site_name\" content=\"Abdul Latif Jameel\" \/>\n<meta property=\"article:publisher\" content=\"https:\/\/www.facebook.com\/Abdul.Latif.Jameel.Official\" \/>\n<meta property=\"og:image\" content=\"https:\/\/media.alj.com\/app\/uploads\/2022\/11\/shutterstock_1708966177-scaled.jpg\" \/>\n\t<meta property=\"og:image:width\" content=\"2560\" \/>\n\t<meta property=\"og:image:height\" content=\"1357\" \/>\n\t<meta property=\"og:image:type\" content=\"image\/jpeg\" \/>\n<meta name=\"twitter:card\" content=\"summary_large_image\" \/>\n<meta name=\"twitter:label1\" content=\"Est. reading time\" \/>\n\t<meta name=\"twitter:data1\" content=\"13 minutes\" \/>\n<script type=\"application\/ld+json\" class=\"yoast-schema-graph\">{\"@context\":\"https:\/\/schema.org\",\"@graph\":[{\"@type\":\"WebPage\",\"@id\":\"https:\/\/alj.com\/tr\/perspective\/net-sifir-hedefine-dogru-yesil-bina\/\",\"url\":\"https:\/\/alj.com\/tr\/perspective\/net-sifir-hedefine-dogru-yesil-bina\/\",\"name\":\"Net s\u0131f\u0131r hedefine do\u011fru ye\u015fil bina | Abdul Latif Jameel\u00ae\",\"isPartOf\":{\"@id\":\"https:\/\/alj.com\/en\/#website\"},\"datePublished\":\"2022-11-23T11:44:03+00:00\",\"dateModified\":\"2022-11-23T11:44:03+00:00\",\"description\":\"1980\u2019lerden bu yana, \u201cYe\u015fil Bina\u201d kavram\u0131 baz\u0131 ele\u015ftirmenlerin \u00e7evresel kayg\u0131lara y\u00f6nelik g\u00f6stermelik oldu\u011funu d\u00fc\u015f\u00fcnd\u00fckleri bir olgudan, in\u015faat end\u00fcstrisi i\u00e7in temel bir k\u0131lavuza d\u00f6n\u00fc\u015fm\u00fc\u015ft\u00fcr.\",\"breadcrumb\":{\"@id\":\"https:\/\/alj.com\/tr\/perspective\/net-sifir-hedefine-dogru-yesil-bina\/#breadcrumb\"},\"inLanguage\":\"tr\",\"potentialAction\":[{\"@type\":\"ReadAction\",\"target\":[\"https:\/\/alj.com\/tr\/perspective\/net-sifir-hedefine-dogru-yesil-bina\/\"]}]},{\"@type\":\"BreadcrumbList\",\"@id\":\"https:\/\/alj.com\/tr\/perspective\/net-sifir-hedefine-dogru-yesil-bina\/#breadcrumb\",\"itemListElement\":[{\"@type\":\"ListItem\",\"position\":1,\"name\":\"Home\",\"item\":\"https:\/\/alj.com\/tr\/\"},{\"@type\":\"ListItem\",\"position\":2,\"name\":\"Perspectives\",\"item\":\"https:\/\/alj.com\/ja\/perspective\/\"},{\"@type\":\"ListItem\",\"position\":3,\"name\":\"Net s\u0131f\u0131r hedefine do\u011fru ye\u015fil bina\"}]},{\"@type\":\"WebSite\",\"@id\":\"https:\/\/alj.com\/en\/#website\",\"url\":\"https:\/\/alj.com\/en\/\",\"name\":\"Abdul Latif Jameel\",\"description\":\"Abdul Latif Jameel\",\"potentialAction\":[{\"@type\":\"SearchAction\",\"target\":{\"@type\":\"EntryPoint\",\"urlTemplate\":\"https:\/\/alj.com\/en\/?s={search_term_string}\"},\"query-input\":\"required name=search_term_string\"}],\"inLanguage\":\"tr\"}]}<\/script>\n<!-- \/ Yoast SEO plugin. -->","yoast_head_json":{"title":"Net s\u0131f\u0131r hedefine do\u011fru ye\u015fil bina | Abdul Latif Jameel\u00ae","description":"1980\u2019lerden bu yana, \u201cYe\u015fil Bina\u201d kavram\u0131 baz\u0131 ele\u015ftirmenlerin \u00e7evresel kayg\u0131lara y\u00f6nelik g\u00f6stermelik oldu\u011funu d\u00fc\u015f\u00fcnd\u00fckleri bir olgudan, in\u015faat end\u00fcstrisi i\u00e7in temel bir k\u0131lavuza d\u00f6n\u00fc\u015fm\u00fc\u015ft\u00fcr.","robots":{"index":"index","follow":"follow","max-snippet":"max-snippet:-1","max-image-preview":"max-image-preview:large","max-video-preview":"max-video-preview:-1"},"canonical":"https:\/\/alj.com\/tr\/perspective\/net-sifir-hedefine-dogru-yesil-bina\/","og_locale":"tr_TR","og_type":"article","og_title":"Net s\u0131f\u0131r hedefine do\u011fru ye\u015fil bina | Abdul Latif Jameel\u00ae","og_description":"1980\u2019lerden bu yana, \u201cYe\u015fil Bina\u201d kavram\u0131 baz\u0131 ele\u015ftirmenlerin \u00e7evresel kayg\u0131lara y\u00f6nelik g\u00f6stermelik oldu\u011funu d\u00fc\u015f\u00fcnd\u00fckleri bir olgudan, in\u015faat end\u00fcstrisi i\u00e7in temel bir k\u0131lavuza d\u00f6n\u00fc\u015fm\u00fc\u015ft\u00fcr.","og_url":"https:\/\/alj.com\/tr\/perspective\/net-sifir-hedefine-dogru-yesil-bina\/","og_site_name":"Abdul Latif Jameel","article_publisher":"https:\/\/www.facebook.com\/Abdul.Latif.Jameel.Official","og_image":[{"width":2560,"height":1357,"url":"https:\/\/media.alj.com\/app\/uploads\/2022\/11\/shutterstock_1708966177-scaled.jpg","type":"image\/jpeg"}],"twitter_card":"summary_large_image","twitter_misc":{"Est. reading time":"13 minutes"},"schema":{"@context":"https:\/\/schema.org","@graph":[{"@type":"WebPage","@id":"https:\/\/alj.com\/tr\/perspective\/net-sifir-hedefine-dogru-yesil-bina\/","url":"https:\/\/alj.com\/tr\/perspective\/net-sifir-hedefine-dogru-yesil-bina\/","name":"Net s\u0131f\u0131r hedefine do\u011fru ye\u015fil bina | Abdul Latif Jameel\u00ae","isPartOf":{"@id":"https:\/\/alj.com\/en\/#website"},"datePublished":"2022-11-23T11:44:03+00:00","dateModified":"2022-11-23T11:44:03+00:00","description":"1980\u2019lerden bu yana, \u201cYe\u015fil Bina\u201d kavram\u0131 baz\u0131 ele\u015ftirmenlerin \u00e7evresel kayg\u0131lara y\u00f6nelik g\u00f6stermelik oldu\u011funu d\u00fc\u015f\u00fcnd\u00fckleri bir olgudan, in\u015faat end\u00fcstrisi i\u00e7in temel bir k\u0131lavuza d\u00f6n\u00fc\u015fm\u00fc\u015ft\u00fcr.","breadcrumb":{"@id":"https:\/\/alj.com\/tr\/perspective\/net-sifir-hedefine-dogru-yesil-bina\/#breadcrumb"},"inLanguage":"tr","potentialAction":[{"@type":"ReadAction","target":["https:\/\/alj.com\/tr\/perspective\/net-sifir-hedefine-dogru-yesil-bina\/"]}]},{"@type":"BreadcrumbList","@id":"https:\/\/alj.com\/tr\/perspective\/net-sifir-hedefine-dogru-yesil-bina\/#breadcrumb","itemListElement":[{"@type":"ListItem","position":1,"name":"Home","item":"https:\/\/alj.com\/tr\/"},{"@type":"ListItem","position":2,"name":"Perspectives","item":"https:\/\/alj.com\/ja\/perspective\/"},{"@type":"ListItem","position":3,"name":"Net s\u0131f\u0131r hedefine do\u011fru ye\u015fil bina"}]},{"@type":"WebSite","@id":"https:\/\/alj.com\/en\/#website","url":"https:\/\/alj.com\/en\/","name":"Abdul Latif Jameel","description":"Abdul Latif Jameel","potentialAction":[{"@type":"SearchAction","target":{"@type":"EntryPoint","urlTemplate":"https:\/\/alj.com\/en\/?s={search_term_string}"},"query-input":"required name=search_term_string"}],"inLanguage":"tr"}]}},"post-meta-fields":{"push_notification":["no"],"_push_notification":["field_5c3b1fb67034d"],"_wpml_word_count":["{\"total\":2867,\"to_translate\":{\"ar\":2867,\"zh-hans\":2867,\"fr\":2867,\"ja\":2867,\"es\":2867,\"tr\":2867}}"],"_wpml_media_featured":["1"],"_wpml_media_duplicate":["1"],"perspective_short_title":["Net s\u0131f\u0131r hedefine do\u011fru ye\u015fil bina"],"perspective_summury":["<p>1980\u2019lerden bu yana, \u201cYe\u015fil Bina\u201d kavram\u0131 baz\u0131 ele\u015ftirmenlerin \u00e7evresel kayg\u0131lara y\u00f6nelik g\u00f6stermelik oldu\u011funu d\u00fc\u015f\u00fcnd\u00fckleri bir olgudan, in\u015faat end\u00fcstrisi i\u00e7in temel bir k\u0131lavuza d\u00f6n\u00fc\u015fm\u00fc\u015ft\u00fcr.<\/p>\n"],"perspective_location":["Dubai, BAE"],"wpcf-featured-news":["0"],"is_latest_news":["0"],"wpcf-show-news-at-homepage":["1"],"publish_mobile":[""],"_publish_mobile":["field_5bfa8eb2e65cf"],"mobile_featured_image":["https:\/\/media.alj.com\/app\/uploads\/2022\/11\/shutterstock_1708966177-scaled.jpg"],"_mobile_featured_image":["field_5c3b204983dea"],"featured_on_listing_page":["0"],"_featured_on_listing_page":["field_62458ea7383c3"],"content_series_applied":[""],"_content_series_applied":["field_60f3d3faf82ac"],"wpcf-perspective-downloadable_file":[""],"wpcf-perspective-published-date":["1669161600"],"wpcf-video-description":[""],"wpcf-layoutvideourl":[""],"wpcf-video-thumb":[""],"wpcf-social4-svg":[""],"wpcf-social4-background-image":[""],"wpcf-social4-text":[""],"wpcf-social4-url":[""],"wpcf-social3-svg":[""],"wpcf-social3-background-image":[""],"wpcf-social3-text":[""],"wpcf-social3-url":[""],"wpcf-social-text-svg-square":[""],"wpcf-social-text-image-square":[""],"wpcf-social-text-text-square":[""],"wpcf-social-text-url-square":[""],"wpcf-social2-svg":[""],"wpcf-social2-background-image":[""],"wpcf-social2-text":[""],"wpcf-social2-url":[""],"wpcf-social-svg-square":[""],"wpcf-social-image-square":[""],"wpcf-social-text-square":[""],"wpcf-social-url-square":[""],"wpcf-social1-svg":[""],"wpcf-social1-background-image":[""],"wpcf-social1-text":[""],"wpcf-social1-url":[""],"wpcf-quotes-with-auther-text-1":[""],"wpcf-card_article_with_title_content":[""],"wpcf-card_article_content":["<p>write your content<\/p>"],"wpcf-quotes-with-auther-text":[""],"_bsf_post_type":["0"],"_bsf_item_review_type":["none"],"_yoast_wpseo_title":["Net s\u0131f\u0131r hedefine do\u011fru ye\u015fil bina | Abdul Latif Jameel\u00ae"],"_yoast_wpseo_metadesc":["1980\u2019lerden bu yana, \u201cYe\u015fil Bina\u201d kavram\u0131 baz\u0131 ele\u015ftirmenlerin \u00e7evresel kayg\u0131lara y\u00f6nelik g\u00f6stermelik oldu\u011funu d\u00fc\u015f\u00fcnd\u00fckleri bir olgudan, in\u015faat end\u00fcstrisi i\u00e7in temel bir k\u0131lavuza d\u00f6n\u00fc\u015fm\u00fc\u015ft\u00fcr."],"_yoast_wpseo_content_score":["30"],"_yoast_wpseo_estimated-reading-time-minutes":["13"],"_edit_lock":["1669203762:18"],"_edit_last":["18"],"_last_translation_edit_mode":["native-editor"],"wpcf-projecttitle":[""],"wpcf-projectdescription":[""],"wpcf-projectimage-video1":["image"],"wpcf-projectimage-1":[""],"wpcf-projectvideo-1":[""],"wpcf-projectdescription-1":[""],"wpcf-projectimage-video2":["image"],"wpcf-projectimage-2":[""],"wpcf-projectvideo-2":[""],"wpcf-projectdescription-2":[""],"wpcf-projectimage-video3":["image"],"wpcf-projectimage-3":[""],"wpcf-projectvideo-3":[""],"wpcf-projectdescription-3":[""],"wpcf-projectimage-video4":["image"],"wpcf-projectimage-4":[""],"wpcf-projectvideo-4":[""],"wpcf-projectdescription-4":[""],"_thumbnail_id":["104250"],"perspective_business_sector":["Enerji ve \u00c7evre Hizmetleri"],"wpcf-card-image":[""],"_wpcf-card-image-sort-order":["a:1:{i:0;i:1350281;}"],"amazonS3_cache":["a:24:{s:59:\"\/\/alj.com\/app\/uploads\/2022\/11\/Worldwatch-Institute-logo.jpg\";a:2:{s:2:\"id\";i:104205;s:11:\"source_type\";s:13:\"media-library\";}s:65:\"\/\/media.alj.com\/app\/uploads\/2022\/11\/Worldwatch-Institute-logo.jpg\";a:2:{s:2:\"id\";i:104205;s:11:\"source_type\";s:13:\"media-library\";}s:62:\"\/\/alj.com\/app\/uploads\/2022\/11\/ALJ-Green-Buildings-1-scaled.jpg\";a:2:{s:2:\"id\";i:104149;s:11:\"source_type\";s:13:\"media-library\";}s:68:\"\/\/media.alj.com\/app\/uploads\/2022\/11\/ALJ-Green-Buildings-1-scaled.jpg\";a:2:{s:2:\"id\";i:104149;s:11:\"source_type\";s:13:\"media-library\";}s:99:\"\/\/alj.com\/app\/uploads\/2022\/11\/World-Green-Building-Council-SDGs-World-Green-Building-Council-nd.png\";a:2:{s:2:\"id\";i:104212;s:11:\"source_type\";s:13:\"media-library\";}s:105:\"\/\/media.alj.com\/app\/uploads\/2022\/11\/World-Green-Building-Council-SDGs-World-Green-Building-Council-nd.png\";a:2:{s:2:\"id\";i:104212;s:11:\"source_type\";s:13:\"media-library\";}s:64:\"\/\/alj.com\/app\/uploads\/2022\/11\/US-Green-Building-Council-logo.jpg\";a:2:{s:2:\"id\";i:104191;s:11:\"source_type\";s:13:\"media-library\";}s:70:\"\/\/media.alj.com\/app\/uploads\/2022\/11\/US-Green-Building-Council-logo.jpg\";a:2:{s:2:\"id\";i:104191;s:11:\"source_type\";s:13:\"media-library\";}s:62:\"\/\/alj.com\/app\/uploads\/2022\/11\/ALJ-Green-Buildings-3-scaled.jpg\";a:2:{s:2:\"id\";i:104163;s:11:\"source_type\";s:13:\"media-library\";}s:68:\"\/\/media.alj.com\/app\/uploads\/2022\/11\/ALJ-Green-Buildings-3-scaled.jpg\";a:2:{s:2:\"id\";i:104163;s:11:\"source_type\";s:13:\"media-library\";}s:52:\"\/\/alj.com\/app\/uploads\/2022\/11\/HYBRIT-fossil-free.jpg\";a:2:{s:2:\"id\";i:104177;s:11:\"source_type\";s:13:\"media-library\";}s:58:\"\/\/media.alj.com\/app\/uploads\/2022\/11\/HYBRIT-fossil-free.jpg\";a:2:{s:2:\"id\";i:104177;s:11:\"source_type\";s:13:\"media-library\";}s:62:\"\/\/alj.com\/app\/uploads\/2022\/11\/ALJ-Green-Buildings-4-scaled.jpg\";a:2:{s:2:\"id\";i:104170;s:11:\"source_type\";s:13:\"media-library\";}s:68:\"\/\/media.alj.com\/app\/uploads\/2022\/11\/ALJ-Green-Buildings-4-scaled.jpg\";a:2:{s:2:\"id\";i:104170;s:11:\"source_type\";s:13:\"media-library\";}s:62:\"\/\/alj.com\/app\/uploads\/2022\/11\/ALJ-Green-Buildings-2-scaled.jpg\";a:2:{s:2:\"id\";i:104156;s:11:\"source_type\";s:13:\"media-library\";}s:68:\"\/\/media.alj.com\/app\/uploads\/2022\/11\/ALJ-Green-Buildings-2-scaled.jpg\";a:2:{s:2:\"id\";i:104156;s:11:\"source_type\";s:13:\"media-library\";}s:64:\"\/\/alj.com\/app\/uploads\/2022\/11\/shutterstock_1386358415-scaled.jpg\";a:2:{s:2:\"id\";i:104243;s:11:\"source_type\";s:13:\"media-library\";}s:70:\"\/\/media.alj.com\/app\/uploads\/2022\/11\/shutterstock_1386358415-scaled.jpg\";a:2:{s:2:\"id\";i:104243;s:11:\"source_type\";s:13:\"media-library\";}s:89:\"\/\/alj.com\/app\/uploads\/2022\/11\/Sjostadsoversikt-Stockholm-City-Planning-Administration.jpg\";a:2:{s:2:\"id\";i:104184;s:11:\"source_type\";s:13:\"media-library\";}s:97:\"\/\/alj.com\/app\/uploads\/2022\/11\/Sjostadsoversikt-Stockholm-City-Planning-Administration-300x205.jpg\";a:2:{s:2:\"id\";i:104184;s:11:\"source_type\";s:13:\"media-library\";}s:95:\"\/\/media.alj.com\/app\/uploads\/2022\/11\/Sjostadsoversikt-Stockholm-City-Planning-Administration.jpg\";a:2:{s:2:\"id\";i:104184;s:11:\"source_type\";s:13:\"media-library\";}s:103:\"\/\/media.alj.com\/app\/uploads\/2022\/11\/Sjostadsoversikt-Stockholm-City-Planning-Administration-300x205.jpg\";a:2:{s:2:\"id\";i:104184;s:11:\"source_type\";s:13:\"media-library\";}s:64:\"\/\/alj.com\/app\/uploads\/2022\/11\/shutterstock_2150581563-scaled.jpg\";a:2:{s:2:\"id\";i:104257;s:11:\"source_type\";s:13:\"media-library\";}s:70:\"\/\/media.alj.com\/app\/uploads\/2022\/11\/shutterstock_2150581563-scaled.jpg\";a:2:{s:2:\"id\";i:104257;s:11:\"source_type\";s:13:\"media-library\";}}"]},"_links":{"self":[{"href":"https:\/\/alj.com\/tr\/wp-json\/wp\/v2\/perspective\/104221"}],"collection":[{"href":"https:\/\/alj.com\/tr\/wp-json\/wp\/v2\/perspective"}],"about":[{"href":"https:\/\/alj.com\/tr\/wp-json\/wp\/v2\/types\/perspective"}],"author":[{"embeddable":true,"href":"https:\/\/alj.com\/tr\/wp-json\/wp\/v2\/users\/18"}],"wp:featuredmedia":[{"embeddable":true,"href":"https:\/\/alj.com\/tr\/wp-json\/wp\/v2\/media\/104250"}],"wp:attachment":[{"href":"https:\/\/alj.com\/tr\/wp-json\/wp\/v2\/media?parent=104221"}],"wp:term":[{"taxonomy":"post_tag","embeddable":true,"href":"https:\/\/alj.com\/tr\/wp-json\/wp\/v2\/tags?post=104221"}],"curies":[{"name":"wp","href":"https:\/\/api.w.org\/{rel}","templated":true}]}}