{"id":106018,"date":"2023-02-14T11:22:13","date_gmt":"2023-02-14T11:22:13","guid":{"rendered":"https:\/\/alj.com\/?post_type=perspective&#038;p=106018"},"modified":"2023-05-05T11:18:56","modified_gmt":"2023-05-05T11:18:56","slug":"hindistanin-elektrikli-arac-pazarini-gelistirmek","status":"publish","type":"perspective","link":"https:\/\/alj.com\/tr\/perspective\/hindistanin-elektrikli-arac-pazarini-gelistirmek\/","title":{"rendered":"Hindistan\u2019\u0131n elektrikli ara\u00e7 pazar\u0131n\u0131 geli\u015ftirmek"},"content":{"rendered":"<h5>Abdul Latif Jameel\u2019in ana yat\u0131r\u0131mc\u0131lar\u0131ndan biri oldu\u011fu ve Hindistan elektrikli ara\u00e7 (EV) sekt\u00f6r\u00fcn\u00fcn \u00f6nc\u00fcs\u00fc olan Greaves Electric Mobility, d\u00fcnyan\u0131n \u00f6nde gelen otomobil \u015fovlar\u0131ndan biri olan ve Hindistan\u2019da ger\u00e7ekle\u015ftirilen Auto Expo\u2019da elektrikli ula\u015f\u0131m\u0131n gelece\u011fini tan\u0131tma f\u0131rsat\u0131 yakalad\u0131. 2 ve 3 tekerlekli olmak \u00fczere tan\u0131t\u0131lan 6 yeni elektrikli ara\u00e7, yeni tasar\u0131m anlay\u0131\u015f\u0131ndan ilham alarak Ampere\u2019nin yeni kimli\u011fini yans\u0131t\u0131yor ve b\u00fcy\u00fcme i\u00e7in iddial\u0131 planlar ortaya koyuyor.<\/h5>\n<p>Abdul Latif Jameel, Hindistan merkezli elektrikli ara\u00e7 (EV) \u00fcreticisi <a href=\"https:\/\/www.greaveselectricmobility.com\/\">Greaves Electric Mobility<\/a>\u2019nin <a href=\"https:\/\/alj.com\/en\/news\/abdul-latif-jameel-invests-in-greaves-electric-mobility-one-of-indias-leading-two-to-three-wheeler-electric-mobility-companies\/\">\u00f6nemli miktarda az\u0131nl\u0131k hissesine<\/a> sahiptir. Bu ay Hindistan\u2019daki Auto Expo 2023\u2019te en yeni iki ve \u00fc\u00e7 tekerlekli elektrikli ara\u00e7 yelpazesini tan\u0131tan \u015firket, fuar\u0131n \u00f6ne \u00e7\u0131kan kat\u0131l\u0131mc\u0131lar\u0131ndan biriydi.<\/p>\n<p><a href=\"https:\/\/www.autoexpo-themotorshow.in\/\">Auto Expo<\/a>; Avrupa\u2019daki Cenevre Motor Fuar\u0131\u2019n\u0131n G\u00fcney Asya\u2019daki e\u015f de\u011feri olarak \u00fcr\u00fcnler, teknolojiler, konseptler a\u00e7\u0131s\u0131ndan otomotiv d\u00fcnyas\u0131ndaki en son geli\u015fmelerin ve trendlerin sergilendi\u011fi, Hindistan\u2019\u0131n en b\u00fcy\u00fck otomobil fuar\u0131d\u0131r. 13-18 Ocak 2023 tarihleri aras\u0131nda Uttar Pradesh, Greater Noida\u2019daki India Expo Mart\u2019ta ger\u00e7ekle\u015ftirilen etkinlikte 48 yerel ve k\u00fcresel otomotiv \u00fcreticisi yer ald\u0131.<\/p>\n<p>\u015eubat 2020\u2019de, COVID-19 pandemisinden hemen \u00f6nce d\u00fczenlenen son etkinlikte yakla\u015f\u0131k 608.000 ziyaret\u00e7i vard\u0131. Auto Expo 2023\u2019te 636.000\u2019den fazla ziyaret\u00e7i ile rekor seviyede bir kat\u0131l\u0131m sa\u011fland\u0131. K\u00fcresel piyasaya ve Hindistan piyasas\u0131na sunulmak \u00fczere toplam 82 ara\u00e7 ilk kez bu fuarda sahneye \u00e7\u0131kt\u0131.<\/p>\n<p>\u00d6nde gelen k\u00fcresel otomotiv markalar\u0131n\u0131n en son modellerinin yan\u0131 s\u0131ra bu y\u0131lki Auto Expo\u2019nun en \u00f6nemli temalar\u0131ndan biri, <a href=\"https:\/\/in.linkedin.com\/company\/greaves-electric-mobility\">Greaves Cotton<\/a>\u2019un bir par\u00e7as\u0131 olan <a href=\"https:\/\/www.greavescotton.com\/\">Greaves Electric Mobility<\/a>\u2019nin Hindistan\u2019da \u00f6nc\u00fc oldu\u011fu s\u00fcrd\u00fcr\u00fclebilir ula\u015f\u0131md\u0131. Greaves Cotton Limited\u2019\u0131n 163 y\u0131l\u0131 a\u015fan miras\u0131n\u0131n sa\u011flam temellerine dayanan Greaves Electric Mobility\u2019nin misyonu, Hindistan\u2019\u0131n elektrikli ula\u015f\u0131ma ge\u00e7i\u015fini h\u0131zland\u0131rmaya yard\u0131mc\u0131 olmakt\u0131r.<\/p>\n<p>Greaves Electric Mobility, Hindistan\u2019da elektrikli ara\u00e7 tutkunlar\u0131na sundu\u011fu daha temiz ve daha verimli ara\u00e7lardan olu\u015fan yelpazesi ile halihaz\u0131rda \u00fclkenin \u00f6nde gelen iki ve \u00fc\u00e7 tekerlekli elektrikli ara\u00e7 ula\u015f\u0131m \u015firketlerinden biridir. Perakende sat\u0131\u015flar\u0131 2022 y\u0131l\u0131n\u0131n Aral\u0131k ay\u0131 sonu itibar\u0131yla 70.390 olan ve ge\u00e7en y\u0131l\u0131n ayn\u0131 d\u00f6nemine g\u00f6re %398 art\u0131\u015f g\u00f6steren bu \u015firket, \u00fclkede h\u0131zla b\u00fcy\u00fcyen elektrikli ara\u00e7 markalar\u0131ndan biridir. <a href=\"https:\/\/ampere.greaveselectricmobility.com\/\">Ampere<\/a> markas\u0131yla sat\u0131lan iki tekerlekli arac\u0131, 2022 ba\u015f\u0131ndan Aral\u0131k ay\u0131na kadar, yani bir senelik zaman zarf\u0131 sonunda %13 pazar pay\u0131na sahip olmu\u015ftur.<\/p>\n<h2>B\u00fcy\u00fcyen pazar<\/h2>\n<p>S&amp;P Global Mobility istatistiklerine g\u00f6re Hindistan, binek otomobiller de dahil olmak \u00fczere hafif ara\u00e7larda 2022 y\u0131l\u0131nda Japonya\u2019n\u0131n \u00f6n\u00fcne ge\u00e7erek d\u00fcnyan\u0131n en b\u00fcy\u00fck \u00fc\u00e7\u00fcnc\u00fc pazar\u0131 haline gelmi\u015ftir. Sekt\u00f6rdeki sat\u0131\u015flar\u0131n %23 oran\u0131nda artarak 4,4 milyon araca ula\u015ft\u0131\u011f\u0131 tahmin edilmektedir. Buna, t\u00fcm ara\u00e7 sat\u0131\u015flar\u0131n\u0131n %80\u2019inden fazlas\u0131n\u0131 olu\u015fturan d\u00fcnyan\u0131n en b\u00fcy\u00fck iki ve \u00fc\u00e7 tekerlekli filosu da dahildir. <a href=\"#_ftn1\" name=\"_ftnref1\"><sup>[1]<\/sup><\/a><\/p>\n<p>\u0130ki tekerlekli ara\u00e7lar genellikle ki\u015fisel kullan\u0131m i\u00e7in sat\u0131n al\u0131n\u0131r, ancak \u201cson etap teslimat\u201d operat\u00f6r\u00fc olarak bilinen bir\u00e7ok \u015firket taraf\u0131ndan da yayg\u0131n olarak kullan\u0131l\u0131r. Di\u011fer taraftan, hem insanlar\u0131n hem de mallar\u0131n \u015fehir i\u00e7inde ula\u015f\u0131m\u0131n\u0131 sa\u011flamak amac\u0131yla neredeyse tamamen ticari kullan\u0131ma y\u00f6nelik \u00fc\u00e7 tekerlekli ara\u00e7lar da sat\u0131n al\u0131n\u0131r.<\/p>\n<p>Sekt\u00f6r verilerine g\u00f6re, elektrikli iki tekerlekli ara\u00e7lar 2022\/23\u2019\u00fcn ilk dokuz ay\u0131nda sat\u0131lan elektrikli ara\u00e7lar\u0131n %62\u2019sini olu\u015fturarak \u00fclkenin elektrikli ara\u00e7 sat\u0131\u015f tablolar\u0131na liderlik ediyor ve analistler Mart 2023\u2019\u00fcn sonuna kadar Hindistan&#8217;daki toplam scooter ve motosiklet sat\u0131\u015flar\u0131n\u0131n %5\u2019inden fazlas\u0131n\u0131n elektrikli scooter sat\u0131\u015flar\u0131ndan gelmesini bekliyor.<a href=\"#_ftn2\" name=\"_ftnref2\">[2]<\/a> \u00dc\u00e7 tekerlekli elektrikli ara\u00e7 pazar\u0131nda da benzer \u015fekilde g\u00fc\u00e7l\u00fc bir b\u00fcy\u00fcme g\u00f6r\u00fcl\u00fcyor. \u00dc\u00e7 tekerlekli elektrikli ara\u00e7 pazar\u0131n\u0131n k\u00fcresel b\u00fcy\u00fckl\u00fc\u011f\u00fc 2021 y\u0131l\u0131nda 0,77 milyar ABD dolar\u0131 olarak ger\u00e7ekle\u015fmi\u015ftir ve 2031 y\u0131l\u0131na kadar yakla\u015f\u0131k %7 oran\u0131nda y\u0131ll\u0131k bile\u015fik b\u00fcy\u00fcme ile 1,5 milyar ABD dolar\u0131na ula\u015fmas\u0131 beklenmektedir.<a href=\"#_ftn3\" name=\"_ftnref3\">[3]<\/a> Bu arada Kas\u0131m 2022\u2019de yay\u0131mlanan D\u00fcnya Ekonomik Forumu raporunda, \u201cson etap ve \u015fehir i\u00e7i teslimat filolar\u0131 Hindistan\u2019da iki ve \u00fc\u00e7 tekerlekli elektrikli ara\u00e7lar\u0131n benimsenmesine \u00f6nc\u00fcl\u00fck ediyor ve muhtemelen tamamen elektri\u011fe ge\u00e7en ilk segment olacaklar.\u201d<a href=\"#_ftn4\" name=\"_ftnref4\">[4]<\/a><\/p>\n<p>May\u0131s 2022\u2019de Hindistan\u2019da ilk kez elektrikli \u00fc\u00e7 tekerlekli ara\u00e7lar, a\u011f\u0131rl\u0131kl\u0131 olarak elektrikli rik\u015fa segmenti arac\u0131l\u0131\u011f\u0131yla i\u00e7ten yanmal\u0131 motor (ICE) modellerinden daha fazla sat\u0131ld\u0131. \u0130ki ve \u00fc\u00e7 tekerlekli elektrikli ara\u00e7 piyasas\u0131ndaki geni\u015flemenin, Hindistan H\u00fck\u00fcmeti hedefleri do\u011frultusunda \u00f6n\u00fcm\u00fczdeki \u00fc\u00e7 ila be\u015f y\u0131l i\u00e7inde daha da artmas\u0131 bekleniyor.<\/p>\n<h2>Devlet, elektrikli ara\u00e7lara \u00f6ncelik veriyor<\/h2>\n<p>Hindistan\u2019daki konsolide otomobil pazar\u0131nda, iki ve \u00fc\u00e7 tekerlekli elektrikli ara\u00e7 segmentinde sertifikal\u0131 yakla\u015f\u0131k 45 farkl\u0131 ara\u00e7 \u00fcreticisi bulunmaktad\u0131r. Bu ara\u00e7lar\u0131n k\u00fcm\u00fclatif sat\u0131\u015flar\u0131 1 milyon adede ula\u015fm\u0131\u015ft\u0131r<a href=\"#_ftn5\" name=\"_ftnref5\">[5]<\/a>. Ancak bu, Hindistan\u2019\u0131n toplam 250 milyonluk iki ve \u00fc\u00e7 tekerlekli ara\u00e7 filosunun sadece 1 milyonudur. Bu tablo, s\u00fcrekli b\u00fcy\u00fcme i\u00e7in muazzam bir alan sunmaktad\u0131r.<\/p>\n<p>Hindistan H\u00fck\u00fcmeti\u2019nin kamu politikas\u0131 \u00fczerine \u00e7al\u0131\u015fmalar y\u00fcr\u00fcten d\u00fc\u015f\u00fcnce kurulu\u015fu NITI Aayog\u2019da dan\u0131\u015fman olan Sudhendu J. Sinha, <em>\u201cElektrikli iki ve \u00fc\u00e7 tekerlekli filolar, insanlar\u0131n ve mallar\u0131n \u015fehirlerimizde ta\u015f\u0131nmas\u0131 i\u00e7in d\u00fc\u015f\u00fck maliyetli ve s\u0131f\u0131r emisyonlu bir ula\u015f\u0131m imkan\u0131 sa\u011fl\u0131yor. Hindistan H\u00fck\u00fcmeti, \u00fclkedeki elektrikli ula\u015f\u0131m\u0131 art\u0131rmak i\u00e7in yenilik\u00e7i politika \u00f6nlemlerine ve ulusal amiral gemisi planlar\u0131na odaklan\u0131yor.<\/em>\u201d s\u00f6zleriyle durumu a\u00e7\u0131kl\u0131yor.<a href=\"#_ftn6\" name=\"_ftnref6\">[6]<\/a><\/p>\n<p>\u0130ki ve \u00fc\u00e7 tekerlekli segmentlerde elektrikli modellerin pop\u00fclerli\u011finin artmas\u0131n\u0131n temel nedenlerinden biri, elektrikli ara\u00e7lar\u0131n geleneksel i\u00e7ten yanmal\u0131 motorlu modeller ile fiyat \u00fczerinden rekabet etmesine yard\u0131mc\u0131 olan <a href=\"https:\/\/pib.gov.in\/Pressreleaseshare.aspx?PRID=1566758\">FAME II<\/a> te\u015fvik program\u0131d\u0131r. H\u00fck\u00fcmet bu programla Hindistan\u2019\u0131n net s\u0131f\u0131r taahh\u00fctlerini desteklemeyi ve d\u00fcnyadaki en y\u00fcksek kentsel kirlilik d\u00fczeylerini azaltmay\u0131 ama\u00e7lamaktad\u0131r.<\/p>\n<h2>Ampere geli\u015fiyor<\/h2>\n<p>Abdul Latif Jameel\u2019in kaynaklar\u0131 ve deste\u011fiyle y\u00fckselen Greaves Electric Mobility, bu geni\u015f pazar potansiyeli ba\u011flam\u0131nda, yeni \u201cHar Gully Electric Anthem \u2013 Take Charge with Ampere\u201d markas\u0131 ile Hindistan Auto Expo fuar\u0131nda tan\u0131t\u0131lan yeni nesil \u201cHindistan\u2019da \u00dcretilmi\u015f\u201d elektrikli iki ve \u00fc\u00e7 tekerlekli ara\u00e7lar\u0131n\u0131 geli\u015ftirmek i\u00e7in uzun s\u00fcreli deneyimini ve en ileri teknik uzmanl\u0131\u011f\u0131n\u0131 ortaya koymu\u015ftur.<\/p>\n<p><iframe loading=\"lazy\" src=\"\/\/www.youtube.com\/embed\/Rz7pbOuPZhU\" width=\"560\" height=\"314\" allowfullscreen=\"allowfullscreen\"><\/iframe><\/p>\n<figure id=\"attachment_105943\" aria-describedby=\"caption-attachment-105943\" style=\"width: 2560px\" class=\"wp-caption aligncenter\"><img decoding=\"async\" loading=\"lazy\" class=\"size-full wp-image-105943\" src=\"https:\/\/media.alj.com\/app\/uploads\/2023\/02\/T3P_9681-scaled.jpg\" alt=\"Greaves Electric Mobility at Auto Expo show\" width=\"2560\" height=\"1703\" srcset=\"https:\/\/media.alj.com\/app\/uploads\/2023\/02\/T3P_9681-scaled.jpg 2560w, https:\/\/media.alj.com\/app\/uploads\/2023\/02\/T3P_9681-300x200.jpg 300w, https:\/\/media.alj.com\/app\/uploads\/2023\/02\/T3P_9681-1024x681.jpg 1024w, https:\/\/media.alj.com\/app\/uploads\/2023\/02\/T3P_9681-150x100.jpg 150w, https:\/\/media.alj.com\/app\/uploads\/2023\/02\/T3P_9681-768x511.jpg 768w, https:\/\/media.alj.com\/app\/uploads\/2023\/02\/T3P_9681-1536x1022.jpg 1536w, https:\/\/media.alj.com\/app\/uploads\/2023\/02\/T3P_9681-2048x1363.jpg 2048w\" sizes=\"(max-width: 2560px) 100vw, 2560px\" \/><figcaption id=\"caption-attachment-105943\" class=\"wp-caption-text\">(Soldan sa\u011fa) Greaves Electric Mobility Pvt. Ltd. (GEMPL) CEO\u2019su ve \u0130cra Direkt\u00f6r\u00fc Sn. Sanjay Behl ve Greaves Cotton Ltd. \u0130cra Kurulu Ba\u015fkan Yard\u0131mc\u0131s\u0131 Sn. Nagesh Basavanhalli ve Greaves Cotton Ltd. Genel M\u00fcd\u00fcr\u00fc Dr. Arup Basu modern Y ku\u015fa\u011f\u0131n\u0131 hedefleyen y\u00fcksek h\u0131zl\u0131 B2C e-scooter modeli yeni Ampere Primus ile birlikte.<\/figcaption><\/figure>\n<p>GEMPL\u2019in y\u00fcksek h\u0131zl\u0131 elektrikli scooter kategorisine ilk giri\u015f yapt\u0131\u011f\u0131 ve performans, g\u00fcvenlik ve zarif bir stili bir araya getiren modeli Ampere Primus\u2019tur.<\/p>\n<p><iframe loading=\"lazy\" src=\"\/\/www.youtube.com\/embed\/JPH1d9LczXM\" width=\"560\" height=\"314\" allowfullscreen=\"allowfullscreen\"><\/iframe><\/p>\n<p>\u0130\u015fe gidip gelen modern Y ku\u015fa\u011f\u0131 bireyleri ve gen\u00e7 aileleri hedefleyen Primus, daha y\u00fcksek h\u0131zlar, g\u00f6z al\u0131c\u0131 estetik ve \u00f6nc\u00fc teknoloji arayan m\u00fc\u015fterilerin ihtiya\u00e7lar\u0131n\u0131 kar\u015f\u0131lamay\u0131 ama\u00e7lamaktad\u0131r. Saatte maksimum 77\u00a0km h\u0131z, 5 saniyeden k\u0131sa s\u00fcrede 0\u2019dan 40 km\/sa h\u0131za ula\u015fma ve tam \u015farjla 100 km\u2019yi a\u015fan menzil gibi \u00f6zelliklere sahip Primus sundu\u011fu d\u00f6rt s\u00fcr\u00fc\u015f modu Eko, \u015eehir, G\u00fc\u00e7 ve Geri modlar\u0131 ile \u00e7e\u015fitli s\u00fcr\u00fc\u015f ortamlar\u0131nda optimum s\u00fcr\u00fc\u015f kabiliyeti ve verimlilik sa\u011flar. Ak\u0131ll\u0131 pil y\u00f6netim sistemine sahip uzun \u00f6m\u00fcrl\u00fc 3\u00a0KW\/sa lityum ferro fosfat (LFP) pile sahiptir. Primus\u2019un merkezinde s\u00fcr\u00fcc\u00fc ihtiya\u00e7lar\u0131n\u0131 kar\u015f\u0131lamak vard\u0131r. Himalayan White, Royal Orange, Havelock Blue ve Buck Black olmak \u00fczere d\u00f6rt \u015f\u0131k metalik mat renk tercihi ile sunulmaktad\u0131r. \u00c7ift tonlu g\u00f6vde panelleri ile birlikte dahili Bluetooth ba\u011flant\u0131s\u0131 ve navigasyon \u00f6zellikleri sunarken, daha uzun bacak mesafesi ve daha geni\u015f koltuklar maksimum konfor ve s\u00fcr\u00fc\u015f kolayl\u0131\u011f\u0131 sa\u011flar.<\/p>\n<p>Greaves Electric Mobility, segmentler ve fiyat noktalar\u0131 genelinde t\u00fcketici ihtiya\u00e7lar\u0131n\u0131 kar\u015f\u0131lamak i\u00e7in Primus\u2019un yan\u0131 s\u0131ra be\u015f ek \u00fcr\u00fcn konseptini de tan\u0131tt\u0131. Bunlar aras\u0131nda yolcu ula\u015f\u0131m\u0131 alan\u0131ndaki m\u00fc\u015fterilere y\u00f6nelik IoT ba\u011flant\u0131s\u0131na sahip sofistike ve \u015f\u0131k bir elektrikli scooter olan Ampere NXG ve \u201cesnek ekonomide\u201d birden fazla ticari uygulama i\u00e7in veya aile arac\u0131 olarak ki\u015fisel kullan\u0131m i\u00e7in rahatl\u0131k, konfor ve g\u00fcvenilirlik sunan sa\u011flam bir tasar\u0131ma sahip Ampere NXU bulunmaktad\u0131r.<\/p>\n<p>Greaves Cotton \u0130cra Kurulu Ba\u015fkan Yard\u0131mc\u0131s\u0131 <a href=\"https:\/\/www.linkedin.com\/in\/nagesh-basavanhalli-7169a1b\/\">Nagesh Basavanhalli<\/a> yeni modeller hakk\u0131nda \u015fu yorumlarda bulundu:<\/p>\n<blockquote>\n<p><em>\u201cGreaves Cotton, metal tabanl\u0131 bir imalat m\u00fchendisli\u011fi \u015firketinden, \u00e7evreci ve uygun fiyatl\u0131 son etap ula\u015f\u0131m\u0131nda 21. y\u00fczy\u0131l\u0131n zorluklar\u0131n\u0131n \u00fcstesinden gelen elektrikli, elektronik ve mekatronik tabanl\u0131 bir ula\u015f\u0131m teknolojisi \u015firketine d\u00f6n\u00fc\u015f\u00fcm s\u00fcrecinin i\u00e7inde. <\/em><\/p>\n<p><em>Bug\u00fcn burada tan\u0131tt\u0131\u011f\u0131m\u0131z \u00fcr\u00fcnler ve teknoloji, Hindistan\u2019\u0131n elektrikli ara\u00e7 ekosisteminde her zevke ve ihtiyaca hitap edebilen bir oyuncu olarak yer almaya y\u00f6nelik ad\u0131mlar\u0131m\u0131z\u0131n g\u00f6stergesidir.<\/em><\/p>\n<p><em>Arctic Tern\u2019den ilham alan her \u00fcr\u00fcn, s\u00fcrd\u00fcr\u00fclebilirlik ruhunun ve ula\u015f\u0131m ve ak\u0131ll\u0131 tasar\u0131m i\u00e7in aerodinamik verimlili\u011fin somut birer \u00f6rne\u011fidir. Elektrikli ara\u00e7 piyasas\u0131nda \u00f6l\u00e7ek, kapsaml\u0131l\u0131k ve \u00e7e\u015fitlilik ba\u011flam\u0131nda yeni bir \u00f6l\u00e7\u00fct belirlerken Hindistan\u2019\u0131n elektrikli ula\u015f\u0131ma ge\u00e7i\u015fine yard\u0131mc\u0131 olmakta kararl\u0131y\u0131z. 2023 bizim i\u00e7in b\u00fct\u00fcnsel, u\u00e7tan uca \u00e7\u00f6z\u00fcmler sundu\u011fumuz ve ya\u015famlar\u0131 g\u00fc\u00e7lendirdi\u011fimiz yeni bir b\u00fcy\u00fcme a\u015famas\u0131n\u0131 i\u015faret ediyor.\u201d<\/em><\/p>\n<\/blockquote>\n<h2>\u00dc\u00e7 tekerlekli yenilikler<\/h2>\n<p>Greaves Electric Mobility, yeni Ampere iki tekerlekli elektrikli scooter\u2019lar\u0131n yan\u0131 s\u0131ra \u00fc\u00e7 tekerlekli elektrikli ara\u00e7 segmentindeki artan varl\u0131\u011f\u0131n\u0131 yolcu ve kargo ula\u015f\u0131m\u0131na y\u00f6nelik heyecan verici yeni modellerle daha da geni\u015fletti. K\u0131sa ve orta mesafelerde uygun fiyatl\u0131 <a href=\"https:\/\/www.sciencedirect.com\/science\/article\/pii\/S1876610215022249\">bir ara toplu ta\u015f\u0131ma arac\u0131 olarak konumlanan \u00fc\u00e7 tekerlekli ara\u00e7lar\u0131n piyasas\u0131<\/a>, bu ara\u00e7lar\u0131n devasa say\u0131da olmalar\u0131n\u0131n yaratt\u0131\u011f\u0131 piyasa i\u015ftah\u0131 nedeniyle \u00f6zellikle g\u00fc\u00e7l\u00fc bir b\u00fcy\u00fcme potansiyeline sahiptir.<\/p>\n<figure id=\"attachment_105950\" aria-describedby=\"caption-attachment-105950\" style=\"width: 2560px\" class=\"wp-caption aligncenter\"><img decoding=\"async\" loading=\"lazy\" class=\"size-full wp-image-105950\" src=\"https:\/\/media.alj.com\/app\/uploads\/2023\/02\/T3P_9708-scaled.jpg\" alt=\"\" width=\"2560\" height=\"1703\" srcset=\"https:\/\/media.alj.com\/app\/uploads\/2023\/02\/T3P_9708-scaled.jpg 2560w, https:\/\/media.alj.com\/app\/uploads\/2023\/02\/T3P_9708-300x200.jpg 300w, https:\/\/media.alj.com\/app\/uploads\/2023\/02\/T3P_9708-1024x681.jpg 1024w, https:\/\/media.alj.com\/app\/uploads\/2023\/02\/T3P_9708-150x100.jpg 150w, https:\/\/media.alj.com\/app\/uploads\/2023\/02\/T3P_9708-768x511.jpg 768w, https:\/\/media.alj.com\/app\/uploads\/2023\/02\/T3P_9708-1536x1022.jpg 1536w, https:\/\/media.alj.com\/app\/uploads\/2023\/02\/T3P_9708-2048x1363.jpg 2048w\" sizes=\"(max-width: 2560px) 100vw, 2560px\" \/><figcaption id=\"caption-attachment-105950\" class=\"wp-caption-text\">(Soldan sa\u011fa) Greaves Cotton Ltd. Genel M\u00fcd\u00fcr\u00fc Dr. Arup Basu, Greaves Electric Mobility Pvt. Ltd. (GEMPL) CEO\u2019su ve \u0130cra Direkt\u00f6r\u00fc Sn. Sanjay Behl ve Greaves Cotton Ltd. \u0130cra Kurulu Ba\u015fkan Yard\u0131mc\u0131s\u0131 Sn. Nagesh Basavanhalli, 3 tekerlekli yeni Aero Vision elektrikli arac\u0131 ile birlikte.<\/figcaption><\/figure>\n<p>Greaves, Auto Expo\u2019da \u00fc\u00e7 yeni \u00fc\u00e7 tekerlekli modeli tan\u0131tt\u0131:<\/p>\n<ul>\n<li>Greaves ELP, piyasan\u0131n kurallar\u0131n\u0131 ba\u015ftan yazan maliyet tasarruflar\u0131 ile s\u00fcr\u00fcc\u00fclere avantaj sa\u011flayan \u00fc\u00e7 tekerlekli bir elektrikli yolcu arac\u0131d\u0131r.<\/li>\n<li>Greaves ELC, kargolar\u0131 \u00e7ok daha d\u00fc\u015f\u00fck bir maliyetle ta\u015f\u0131maya y\u00f6nelik s\u00fcrekli artan talebi kar\u015f\u0131lamak amac\u0131yla tasarlanm\u0131\u015f \u00fc\u00e7 tekerlekli bir elektrikli kargo arac\u0131d\u0131r.<\/li>\n<li>Greaves Aero Vision, geli\u015fen kargo ula\u015f\u0131m segmentinde benzersiz verimlilik ve performans sunan f\u00fct\u00fcristik bir kargo konsept arac\u0131d\u0131r.<\/li>\n<\/ul>\n<p><iframe loading=\"lazy\" src=\"\/\/www.youtube.com\/embed\/PV2B9j2ULQo\" width=\"560\" height=\"314\" allowfullscreen=\"allowfullscreen\"><\/iframe><\/p>\n<figure id=\"attachment_106007\" aria-describedby=\"caption-attachment-106007\" style=\"width: 147px\" class=\"wp-caption alignright\"><img decoding=\"async\" loading=\"lazy\" class=\"size-full wp-image-106007\" src=\"https:\/\/media.alj.com\/app\/uploads\/2023\/02\/Sanjay-Bahl-CEO-Greaves.png\" alt=\"\" width=\"147\" height=\"147\" srcset=\"https:\/\/media.alj.com\/app\/uploads\/2023\/02\/Sanjay-Bahl-CEO-Greaves.png 147w, https:\/\/media.alj.com\/app\/uploads\/2023\/02\/Sanjay-Bahl-CEO-Greaves-70x70.png 70w\" sizes=\"(max-width: 147px) 100vw, 147px\" \/><figcaption id=\"caption-attachment-106007\" class=\"wp-caption-text\">Sanjay Behl<br \/>\nCEO ve \u0130cra Direkt\u00f6r\u00fc<br \/>\nGreaves Electric Mobility<\/figcaption><\/figure>\n<p>Her \u00fcr\u00fcn, yerel olarak tedarik edilen par\u00e7alar sayesinde ula\u015ft\u0131\u011f\u0131 y\u00fcksek d\u00fczeyde yerelle\u015ftirme ile \u015firketin \u201cHindistan\u2019da \u00dcretim\u201d anlay\u0131\u015f\u0131n\u0131 yans\u0131t\u0131r. Greaves Electric Mobility CEO\u2019su ve \u0130cra Direkt\u00f6r\u00fc<a href=\"https:\/\/www.linkedin.com\/in\/sanjay-behl-bb53672\/\"> Sanjay Behl<\/a>, yeni \u00fcr\u00fcn yol haritas\u0131 hakk\u0131nda \u015fu yorumlarda bulunmu\u015ftur:<em> \u201cGeli\u015fmi\u015f bir tasar\u0131m dili, en son teknoloji ve \u00fcst\u00fcn performans sunan alt\u0131 yeni iki ve \u00fc\u00e7 tekerlekli elektrikli ara\u00e7la GEMPL portf\u00f6y\u00fcn\u00fcn t\u00fcm \u00f6zelliklerini tan\u0131tmaktan mutluluk duyuyoruz. <\/em><\/p>\n<p><em>Ampere Primus ile modern Y ku\u015fa\u011f\u0131 i\u00e7in performans, konfor ve zarif bir \u015fekilde tasarlanm\u0131\u015f \u00fcr\u00fcnlerle yeni bir referans noktas\u0131 belirlerken yeni \u00fc\u00e7 tekerlekli modeller, son etap yolcu ve kargo ula\u015f\u0131m\u0131ndaki hakim konumumuzu daha da g\u00fc\u00e7lendirmemize olanak tan\u0131yacak\u201d.<\/em><\/p>\n<h2>G\u00fc\u00e7 aktarma uzmanl\u0131\u011f\u0131<\/h2>\n<p>Greaves Cotton, Auto Expo\u2019da sergilenen yeni ara\u00e7lara ek olarak motor kontrol\u00f6rleri ve entegrasyon yaz\u0131l\u0131m\u0131 dahil olmak \u00fczere eksiksiz bir elektrikli ara\u00e7 teknolojisi ekosistemi ile son teslimat yolcu ve kargo ula\u015f\u0131m\u0131na liderlik etmeyi ama\u00e7lad\u0131\u011f\u0131 i\u00e7in \u0131n onlarca y\u0131ll\u0131k m\u00fchendislik uzmanl\u0131\u011f\u0131ndan faydalanarak elektrikli g\u00fc\u00e7 aktarma organlar\u0131 alan\u0131ndaki ilk ad\u0131m\u0131n\u0131 duyurdu. Sahip oldu\u011fu teknoloji ile farkl\u0131la\u015fan bu elektrikli g\u00fc\u00e7 aktarma sistemi paketi, orijinal ekipman \u00fcreticisi m\u00fc\u015fterilerinin ihtiya\u00e7lar\u0131na g\u00f6re \u00f6zelle\u015ftirilen en son tasar\u0131m, m\u00fchendislik, malzeme kimyas\u0131, a\u011f\u0131rl\u0131k ve estetik gibi \u00f6zelliklere sahip olacak.<\/p>\n<p>Greaves Cotton Genel M\u00fcd\u00fcr\u00fc Dr. Arup Basu, elektrikli g\u00fc\u00e7 aktarma organlar\u0131 \u015firketi i\u00e7in planlar\u0131n\u0131 duyurarak \u015funlar\u0131 s\u00f6yledi: <em>\u201cElektrikli g\u00fc\u00e7 aktarma organlar\u0131 i\u015fi, sa\u011flam m\u00fchendislik miras\u0131m\u0131z g\u00f6z \u00f6n\u00fcne al\u0131nd\u0131\u011f\u0131nda bizim i\u00e7in do\u011fal bir ilerlemedir. On y\u0131llard\u0131r Hindistan\u2019da \u00fcretim yap\u0131yor ve m\u00fc\u015fterilerimizin ihtiya\u00e7lar\u0131n\u0131 kar\u015f\u0131l\u0131yoruz. Elektrikli g\u00fc\u00e7 aktarma organlar\u0131 teknolojilerinin geli\u015fmesiyle ula\u015f\u0131m segmentinde ortaya \u00e7\u0131kan ihtiya\u00e7lar\u0131, ara\u00e7 g\u00f6rev d\u00f6ng\u00fcs\u00fc uzmanl\u0131\u011f\u0131ndaki k\u00f6kl\u00fc bilgimizden faydalanarak kar\u015f\u0131layaca\u011f\u0131z. Elektrikli ara\u00e7 teknoloji birikimimizle bu alanda var olmak heyecan verici.\u201d<\/em><\/p>\n<h2>Abdul Latif Jameel Deste\u011fi<\/h2>\n<p>Abdul Latif Jameel\u2019in Greaves Electric Mobility\u2019ye 220 milyon ABD dolar\u0131na kadar yat\u0131r\u0131m yapt\u0131\u011f\u0131n\u0131 ve \u015firketin ikinci en b\u00fcy\u00fck hissedar\u0131 oldu\u011funu ilan etmesinden yakla\u015f\u0131k alt\u0131 bu\u00e7uk ay kadar sonra Auto Expo\u2019da \u015firketin iddial\u0131 b\u00fcy\u00fcme planlar\u0131 ortaya \u00e7\u0131kt\u0131. Buradaki ama\u00e7, Abdul Latif Jameel\u2019in geli\u015fmekte olan \u00fclkelerin h\u0131zla geli\u015fen ekonomilerine uygun fiyatl\u0131 elektrikli ara\u00e7lar sunma hedefini geli\u015ftirerek, Hindistan\u2019\u0131n h\u0131zla geni\u015fleyen iki ila \u00fc\u00e7 tekerlekli elektrikli ara\u00e7 ekosisteminin geli\u015fimini h\u0131zland\u0131rmak i\u00e7in bu \u015firketin uzmanl\u0131\u011f\u0131ndan ve kan\u0131tlanm\u0131\u015f yeteneklerinden yararlanmakt\u0131.<\/p>\n<p>Greaves Electric Mobility\u2019ye yap\u0131lan yat\u0131r\u0131m, Abdul Latif Jameel\u2019in 68 y\u0131l\u0131 a\u015fk\u0131n bir s\u00fcredir <a href=\"https:\/\/global.toyota\/en\/\">Toyota Motor Corporation<\/a> \u00fcr\u00fcnlerinin (<a href=\"https:\/\/toyota.com.sa\/\">Toyota<\/a>, Lexus ve Daihatsu markalar\u0131 dahil) \u00f6nde gelen ba\u011f\u0131ms\u0131z distrib\u00fct\u00f6rlerinden biri olarak k\u00fcresel ula\u015f\u0131m sekt\u00f6r\u00fcndeki kapsaml\u0131 k\u00fcresel deneyimi \u00fczerine kurulmu\u015ftur. <a href=\"https:\/\/jimco.com\/en\/who-we-are\/our-people\/#jameelfamily\">Jameel Ailesi<\/a> ayn\u0131 zamanda ABD\u2019li elektrikli ara\u00e7 \u00fcreticisi <a href=\"https:\/\/jimco.com\/en\/portfolio\/rivian\/\">RIVIAN<\/a>\u2019\u0131n erken d\u00f6nem yat\u0131r\u0131mc\u0131s\u0131 ve \u00fc\u00e7\u00fcnc\u00fc en b\u00fcy\u00fck hissedar\u0131d\u0131r; Jameel Investment Management Company (<a href=\"https:\/\/jimco.com\/en\/\">JIMCO<\/a>) ise ABD\u2019li risk sermayesi ile desteklenen elektrikli hava taksisi \u00f6nc\u00fcs\u00fc <a href=\"https:\/\/jimco.com\/en\/portfolio\/joby-aviation\/\">Joby Aviation<\/a> gibi di\u011fer yenilik\u00e7i ileri teknoloji \u015firketlerinde ana yat\u0131r\u0131mc\u0131d\u0131r.<\/p>\n<p>Bu ortakl\u0131k ayn\u0131 zamanda Abdul Latif Jameel\u2019in s\u00fcrd\u00fcr\u00fclebilirli\u011fe ve \u00f6zellikle net s\u0131f\u0131r ve karbonsuzla\u015ft\u0131rmaya y\u00f6nelik uzun s\u00fcredir devam eden genel bir taahh\u00fcd\u00fcn\u00fc desteklemektedir. Buna \u00f6rnek olarak amiral gemisi yenilenebilir enerji i\u015fi,<\/p>\n<p>Fotowatio Renewable Ventures (<a href=\"https:\/\/frv.com\/en\/\">FRV<\/a>) ve k\u00fcresel su altyap\u0131s\u0131 geli\u015ftirme ve hizmet i\u015fletmesi <a href=\"https:\/\/almarwater.com\/\">Almar Water Solutions<\/a> verilebilir.<\/p>\n<figure id=\"attachment_103391\" aria-describedby=\"caption-attachment-103391\" style=\"width: 899px\" class=\"wp-caption aligncenter\"><img decoding=\"async\" loading=\"lazy\" class=\"size-full wp-image-103391\" src=\"https:\/\/media.alj.com\/app\/uploads\/2022\/10\/HJ-NB.jpg\" alt=\"Hassan Jameel and Nagesh Basavanhalli\" width=\"899\" height=\"725\" srcset=\"https:\/\/media.alj.com\/app\/uploads\/2022\/10\/HJ-NB.jpg 899w, https:\/\/media.alj.com\/app\/uploads\/2022\/10\/HJ-NB-300x242.jpg 300w, https:\/\/media.alj.com\/app\/uploads\/2022\/10\/HJ-NB-150x121.jpg 150w, https:\/\/media.alj.com\/app\/uploads\/2022\/10\/HJ-NB-768x619.jpg 768w\" sizes=\"(max-width: 899px) 100vw, 899px\" \/><figcaption id=\"caption-attachment-103391\" class=\"wp-caption-text\">Abdul Latif Jameel Ba\u015fkan Vekili ve Y\u00f6netim Kurulu Ba\u015fkan Yard\u0131mc\u0131s\u0131 Hassan Jameel ve Greaves Cotton Ltd., \u0130cra Kurulu Ba\u015fkan Yard\u0131mc\u0131s\u0131 Nagesh Basavanhalli Haziran 2022 yat\u0131r\u0131m imza t\u00f6reninde.<\/figcaption><\/figure>\n<p>Abdul Latif Jameel Ba\u015fkan Vekili ve Y\u00f6netim Kurulu Ba\u015fkan Yard\u0131mc\u0131s\u0131 <a href=\"https:\/\/alj.com\/en\/our-people\/hassan-jameel\/\">Hassan Jameel<\/a> \u015fu yorumlarda bulundu:<\/p>\n<blockquote>\n<p>\u201c<em>Abdul Latif Jameel olarak Hindistan elektrikli ara\u00e7 pazar\u0131ndaki b\u00f6ylesine heyecan verici bir d\u00f6nemde Greaves Electric Mobility ile ortak olmaktan gurur duyuyoruz. Greaves\u2019in ileri g\u00f6r\u00fc\u015fl\u00fc y\u00f6netim ekibi, iki ve \u00fc\u00e7 tekerlekli elektrikli ara\u00e7 piyasas\u0131ndaki f\u0131rsatlar\u0131 \u00e7o\u011fu oyuncudan daha erken g\u00f6rm\u00fc\u015ft\u00fcr ve \u015firket, hem B2B hem de B2C pazarlar\u0131nda \u00fcr\u00fcnlerinin performans\u0131 ve kalitesi konusunda h\u0131zla pazar lideri olarak sayg\u0131n bir konum kazanm\u0131\u015ft\u0131r. <\/em><\/p>\n<p><em>Yenilik ve s\u00fcrd\u00fcr\u00fclebilirli\u011fe olan ba\u011fl\u0131l\u0131\u011f\u0131 bizimkilerle \u00f6rt\u00fc\u015f\u00fcyor ve Hindistan halk\u0131na ve s\u0131n\u0131rlar\u0131n \u00f6tesine daha temiz, daha s\u00fcrd\u00fcr\u00fclebilir ve \u00e7ok daha uygun fiyatl\u0131 ula\u015f\u0131m se\u00e7enekleri sunarak bu ser\u00fcvenlerinin bir sonraki a\u015famas\u0131nda onlarla \u00e7al\u0131\u015fmaya devam etmeyi sab\u0131rs\u0131zl\u0131kla bekliyoruz.\u201d<\/em><\/p>\n<\/blockquote>\n<p><a href=\"#_ftnref1\" name=\"_ftn1\">[1]<\/a> <a href=\"https:\/\/www.weforum.org\/whitepapers\/financing-india-s-electric-two-and-three-wheeler-fleets\">https:\/\/www.weforum.org\/whitepapers\/financing-india-s-electric-two-and-three-wheeler-fleets<\/a><\/p>\n<p><a href=\"#_ftnref2\" name=\"_ftn2\">[2]<\/a> <a href=\"https:\/\/www.reuters.com\/business\/autos-transportation\/indias-auto-show-set-feature-electric-cars-scooters-2023-01-11\/\">https:\/\/www.reuters.com\/business\/autos-transportation\/indias-auto-show-set-feature-electric-cars-scooters-2023-01-11\/<\/a><\/p>\n<p><a href=\"#_ftnref3\" name=\"_ftn3\">[3]<\/a> <a href=\"https:\/\/reports.valuates.com\/reports\/QYRE-Auto-17T4516\/global-electric-three-wheeler-sales\">https:\/\/reports.valuates.com\/reports\/QYRE-Auto-17T4516\/global-electric-three-wheeler-sales<\/a><\/p>\n<p><a href=\"#_ftnref4\" name=\"_ftn4\">[4]<\/a> <a href=\"https:\/\/www.weforum.org\/whitepapers\/financing-india-s-electric-two-and-three-wheeler-fleets\">https:\/\/www.weforum.org\/whitepapers\/financing-india-s-electric-two-and-three-wheeler-fleets<\/a><\/p>\n<p><a href=\"#_ftnref5\" name=\"_ftn5\">[5]<\/a> [5] <a href=\"https:\/\/dash.heavyindustries.gov.in\/\">https:\/\/dash.heavyindustries.gov.in\/<\/a><\/p>\n<p><a href=\"#_ftnref6\" name=\"_ftn6\">[6]<\/a> <a href=\"https:\/\/www.weforum.org\/whitepapers\/financing-india-s-electric-two-and-three-wheeler-fleets\">https:\/\/www.weforum.org\/whitepapers\/financing-india-s-electric-two-and-three-wheeler-fleets<\/a><\/p>\n","protected":false},"author":18,"featured_media":105922,"template":"","tags":[],"acf":[],"yoast_head":"<!-- This site is optimized with the Yoast SEO plugin v21.5 - https:\/\/yoast.com\/wordpress\/plugins\/seo\/ -->\n<title>Hindistan&#039;\u0131n EV Pazar\u0131n\u0131 B\u00fcy\u00fctmek | Abdul Latif Jameel\u00ae<\/title>\n<meta name=\"description\" content=\"ALJ ve Hindistan&#039;\u0131n EV \u00fcreticisi Greaves Electric Mobility&#039;nin EV pazar\u0131n\u0131 geli\u015ftirmek ve s\u00fcrd\u00fcr\u00fclebilir bir gelecek i\u00e7in nas\u0131l \u00e7al\u0131\u015ft\u0131\u011f\u0131n\u0131 okuyun.\" \/>\n<meta name=\"robots\" content=\"index, follow, max-snippet:-1, max-image-preview:large, max-video-preview:-1\" \/>\n<link rel=\"canonical\" href=\"https:\/\/alj.com\/tr\/perspective\/hindistanin-elektrikli-arac-pazarini-gelistirmek\/\" \/>\n<meta property=\"og:locale\" content=\"tr_TR\" \/>\n<meta property=\"og:type\" content=\"article\" \/>\n<meta property=\"og:title\" content=\"Hindistan&#039;\u0131n EV Pazar\u0131n\u0131 B\u00fcy\u00fctmek | Abdul Latif Jameel\u00ae\" \/>\n<meta property=\"og:description\" content=\"ALJ ve Hindistan&#039;\u0131n EV \u00fcreticisi Greaves Electric Mobility&#039;nin EV pazar\u0131n\u0131 geli\u015ftirmek ve s\u00fcrd\u00fcr\u00fclebilir bir gelecek i\u00e7in nas\u0131l \u00e7al\u0131\u015ft\u0131\u011f\u0131n\u0131 okuyun.\" \/>\n<meta property=\"og:url\" content=\"https:\/\/alj.com\/tr\/perspective\/hindistanin-elektrikli-arac-pazarini-gelistirmek\/\" \/>\n<meta property=\"og:site_name\" content=\"Abdul Latif Jameel\" \/>\n<meta property=\"article:publisher\" content=\"https:\/\/www.facebook.com\/Abdul.Latif.Jameel.Official\" \/>\n<meta property=\"article:modified_time\" content=\"2023-05-05T11:18:56+00:00\" \/>\n<meta property=\"og:image\" content=\"https:\/\/media.alj.com\/app\/uploads\/2023\/02\/GOPR2476-scaled.jpg\" \/>\n\t<meta property=\"og:image:width\" content=\"2560\" \/>\n\t<meta property=\"og:image:height\" content=\"2240\" \/>\n\t<meta property=\"og:image:type\" content=\"image\/jpeg\" \/>\n<meta name=\"twitter:card\" content=\"summary_large_image\" \/>\n<meta name=\"twitter:label1\" content=\"Est. reading time\" \/>\n\t<meta name=\"twitter:data1\" content=\"14 minutes\" \/>\n<script type=\"application\/ld+json\" class=\"yoast-schema-graph\">{\"@context\":\"https:\/\/schema.org\",\"@graph\":[{\"@type\":\"WebPage\",\"@id\":\"https:\/\/alj.com\/tr\/perspective\/hindistanin-elektrikli-arac-pazarini-gelistirmek\/\",\"url\":\"https:\/\/alj.com\/tr\/perspective\/hindistanin-elektrikli-arac-pazarini-gelistirmek\/\",\"name\":\"Hindistan'\u0131n EV Pazar\u0131n\u0131 B\u00fcy\u00fctmek | Abdul Latif Jameel\u00ae\",\"isPartOf\":{\"@id\":\"https:\/\/alj.com\/en\/#website\"},\"datePublished\":\"2023-02-14T11:22:13+00:00\",\"dateModified\":\"2023-05-05T11:18:56+00:00\",\"description\":\"ALJ ve Hindistan'\u0131n EV \u00fcreticisi Greaves Electric Mobility'nin EV pazar\u0131n\u0131 geli\u015ftirmek ve s\u00fcrd\u00fcr\u00fclebilir bir gelecek i\u00e7in nas\u0131l \u00e7al\u0131\u015ft\u0131\u011f\u0131n\u0131 okuyun.\",\"breadcrumb\":{\"@id\":\"https:\/\/alj.com\/tr\/perspective\/hindistanin-elektrikli-arac-pazarini-gelistirmek\/#breadcrumb\"},\"inLanguage\":\"tr\",\"potentialAction\":[{\"@type\":\"ReadAction\",\"target\":[\"https:\/\/alj.com\/tr\/perspective\/hindistanin-elektrikli-arac-pazarini-gelistirmek\/\"]}]},{\"@type\":\"BreadcrumbList\",\"@id\":\"https:\/\/alj.com\/tr\/perspective\/hindistanin-elektrikli-arac-pazarini-gelistirmek\/#breadcrumb\",\"itemListElement\":[{\"@type\":\"ListItem\",\"position\":1,\"name\":\"Home\",\"item\":\"https:\/\/alj.com\/tr\/\"},{\"@type\":\"ListItem\",\"position\":2,\"name\":\"Perspectives\",\"item\":\"https:\/\/alj.com\/ja\/perspective\/\"},{\"@type\":\"ListItem\",\"position\":3,\"name\":\"Hindistan\u2019\u0131n elektrikli ara\u00e7 pazar\u0131n\u0131 geli\u015ftirmek\"}]},{\"@type\":\"WebSite\",\"@id\":\"https:\/\/alj.com\/en\/#website\",\"url\":\"https:\/\/alj.com\/en\/\",\"name\":\"Abdul Latif Jameel\",\"description\":\"Abdul Latif Jameel\",\"potentialAction\":[{\"@type\":\"SearchAction\",\"target\":{\"@type\":\"EntryPoint\",\"urlTemplate\":\"https:\/\/alj.com\/en\/?s={search_term_string}\"},\"query-input\":\"required name=search_term_string\"}],\"inLanguage\":\"tr\"}]}<\/script>\n<!-- \/ Yoast SEO plugin. -->","yoast_head_json":{"title":"Hindistan'\u0131n EV Pazar\u0131n\u0131 B\u00fcy\u00fctmek | Abdul Latif Jameel\u00ae","description":"ALJ ve Hindistan'\u0131n EV \u00fcreticisi Greaves Electric Mobility'nin EV pazar\u0131n\u0131 geli\u015ftirmek ve s\u00fcrd\u00fcr\u00fclebilir bir gelecek i\u00e7in nas\u0131l \u00e7al\u0131\u015ft\u0131\u011f\u0131n\u0131 okuyun.","robots":{"index":"index","follow":"follow","max-snippet":"max-snippet:-1","max-image-preview":"max-image-preview:large","max-video-preview":"max-video-preview:-1"},"canonical":"https:\/\/alj.com\/tr\/perspective\/hindistanin-elektrikli-arac-pazarini-gelistirmek\/","og_locale":"tr_TR","og_type":"article","og_title":"Hindistan'\u0131n EV Pazar\u0131n\u0131 B\u00fcy\u00fctmek | Abdul Latif Jameel\u00ae","og_description":"ALJ ve Hindistan'\u0131n EV \u00fcreticisi Greaves Electric Mobility'nin EV pazar\u0131n\u0131 geli\u015ftirmek ve s\u00fcrd\u00fcr\u00fclebilir bir gelecek i\u00e7in nas\u0131l \u00e7al\u0131\u015ft\u0131\u011f\u0131n\u0131 okuyun.","og_url":"https:\/\/alj.com\/tr\/perspective\/hindistanin-elektrikli-arac-pazarini-gelistirmek\/","og_site_name":"Abdul Latif Jameel","article_publisher":"https:\/\/www.facebook.com\/Abdul.Latif.Jameel.Official","article_modified_time":"2023-05-05T11:18:56+00:00","og_image":[{"width":2560,"height":2240,"url":"https:\/\/media.alj.com\/app\/uploads\/2023\/02\/GOPR2476-scaled.jpg","type":"image\/jpeg"}],"twitter_card":"summary_large_image","twitter_misc":{"Est. reading time":"14 minutes"},"schema":{"@context":"https:\/\/schema.org","@graph":[{"@type":"WebPage","@id":"https:\/\/alj.com\/tr\/perspective\/hindistanin-elektrikli-arac-pazarini-gelistirmek\/","url":"https:\/\/alj.com\/tr\/perspective\/hindistanin-elektrikli-arac-pazarini-gelistirmek\/","name":"Hindistan'\u0131n EV Pazar\u0131n\u0131 B\u00fcy\u00fctmek | Abdul Latif Jameel\u00ae","isPartOf":{"@id":"https:\/\/alj.com\/en\/#website"},"datePublished":"2023-02-14T11:22:13+00:00","dateModified":"2023-05-05T11:18:56+00:00","description":"ALJ ve Hindistan'\u0131n EV \u00fcreticisi Greaves Electric Mobility'nin EV pazar\u0131n\u0131 geli\u015ftirmek ve s\u00fcrd\u00fcr\u00fclebilir bir gelecek i\u00e7in nas\u0131l \u00e7al\u0131\u015ft\u0131\u011f\u0131n\u0131 okuyun.","breadcrumb":{"@id":"https:\/\/alj.com\/tr\/perspective\/hindistanin-elektrikli-arac-pazarini-gelistirmek\/#breadcrumb"},"inLanguage":"tr","potentialAction":[{"@type":"ReadAction","target":["https:\/\/alj.com\/tr\/perspective\/hindistanin-elektrikli-arac-pazarini-gelistirmek\/"]}]},{"@type":"BreadcrumbList","@id":"https:\/\/alj.com\/tr\/perspective\/hindistanin-elektrikli-arac-pazarini-gelistirmek\/#breadcrumb","itemListElement":[{"@type":"ListItem","position":1,"name":"Home","item":"https:\/\/alj.com\/tr\/"},{"@type":"ListItem","position":2,"name":"Perspectives","item":"https:\/\/alj.com\/ja\/perspective\/"},{"@type":"ListItem","position":3,"name":"Hindistan\u2019\u0131n elektrikli ara\u00e7 pazar\u0131n\u0131 geli\u015ftirmek"}]},{"@type":"WebSite","@id":"https:\/\/alj.com\/en\/#website","url":"https:\/\/alj.com\/en\/","name":"Abdul Latif Jameel","description":"Abdul Latif Jameel","potentialAction":[{"@type":"SearchAction","target":{"@type":"EntryPoint","urlTemplate":"https:\/\/alj.com\/en\/?s={search_term_string}"},"query-input":"required name=search_term_string"}],"inLanguage":"tr"}]}},"post-meta-fields":{"_thumbnail_id":["105922"],"_edit_lock":["1683285625:25"],"push_notification":["no"],"_push_notification":["field_5c3b1fb67034d"],"_wpml_word_count":["{\"total\":2358,\"to_translate\":{\"ar\":2358,\"zh-hans\":2358,\"fr\":2358,\"ja\":2358,\"es\":2358,\"tr\":2358}}"],"_wpml_media_featured":["1"],"_wpml_media_duplicate":["1"],"perspective_short_title":["Hindistan\u2019\u0131n elektrikli ara\u00e7 pazar\u0131n\u0131 geli\u015ftirmek"],"perspective_summury":["<p>Abdul Latif Jameel, Hindistan merkezli elektrikli ara\u00e7 (EV) \u00fcreticisi Greaves Electric Mobility\u2019nin \u00f6nemli miktarda az\u0131nl\u0131k hissesine sahiptir. Bu ay Hindistan\u2019daki Auto Expo 2023\u2019te en yeni iki ve \u00fc\u00e7 tekerlekli elektrikli ara\u00e7 yelpazesini tan\u0131tan \u015firket, fuar\u0131n \u00f6ne \u00e7\u0131kan kat\u0131l\u0131mc\u0131lar\u0131ndan biriydi.<\/p>\n"],"perspective_location":["Uttar Prade\u015f, Hindistan"],"wpcf-featured-news":["0"],"is_latest_news":["0"],"wpcf-show-news-at-homepage":["1"],"publish_mobile":[""],"_publish_mobile":["field_5bfa8eb2e65cf"],"mobile_featured_image":["https:\/\/media.alj.com\/app\/uploads\/2023\/02\/GOPR2476-scaled.jpg"],"_mobile_featured_image":["field_5c3b204983dea"],"featured_on_listing_page":["0"],"_featured_on_listing_page":["field_62458ea7383c3"],"content_series_applied":[""],"_content_series_applied":["field_60f3d3faf82ac"],"wpcf-perspective-downloadable_file":[""],"wpcf-perspective-published-date":["1675814400"],"wpcf-video-description":[""],"wpcf-layoutvideourl":[""],"wpcf-video-thumb":[""],"wpcf-social4-svg":[""],"wpcf-social4-background-image":[""],"wpcf-social4-text":[""],"wpcf-social4-url":[""],"wpcf-social3-svg":[""],"wpcf-social3-background-image":[""],"wpcf-social3-text":[""],"wpcf-social3-url":[""],"wpcf-social-text-svg-square":[""],"wpcf-social-text-image-square":[""],"wpcf-social-text-text-square":[""],"wpcf-social-text-url-square":[""],"wpcf-social2-svg":[""],"wpcf-social2-background-image":[""],"wpcf-social2-text":[""],"wpcf-social2-url":[""],"wpcf-social-svg-square":[""],"wpcf-social-image-square":[""],"wpcf-social-text-square":[""],"wpcf-social-url-square":[""],"wpcf-social1-svg":[""],"wpcf-social1-background-image":[""],"wpcf-social1-text":[""],"wpcf-social1-url":[""],"wpcf-quotes-with-auther-text-1":[""],"wpcf-card_article_with_title_content":[""],"wpcf-card_article_content":["<p>write your content<\/p>"],"wpcf-quotes-with-auther-text":[""],"_bsf_post_type":["0"],"_bsf_item_review_type":["none"],"_yoast_wpseo_title":["Hindistan'\u0131n EV Pazar\u0131n\u0131 B\u00fcy\u00fctmek | Abdul Latif Jameel\u00ae"],"_yoast_wpseo_metadesc":["ALJ ve Hindistan'\u0131n EV \u00fcreticisi Greaves Electric Mobility'nin EV pazar\u0131n\u0131 geli\u015ftirmek ve s\u00fcrd\u00fcr\u00fclebilir bir gelecek i\u00e7in nas\u0131l \u00e7al\u0131\u015ft\u0131\u011f\u0131n\u0131 okuyun."],"_yoast_wpseo_content_score":["30"],"_yoast_wpseo_estimated-reading-time-minutes":[""],"_yoast_wpseo_wordproof_timestamp":[""],"_edit_last":["25"],"_last_translation_edit_mode":["native-editor"],"wpcf-projecttitle":[""],"wpcf-projectdescription":[""],"wpcf-projectimage-video1":["image"],"wpcf-projectimage-1":[""],"wpcf-projectvideo-1":[""],"wpcf-projectdescription-1":[""],"wpcf-projectimage-video2":["image"],"wpcf-projectimage-2":[""],"wpcf-projectvideo-2":[""],"wpcf-projectdescription-2":[""],"wpcf-projectimage-video3":["image"],"wpcf-projectimage-3":[""],"wpcf-projectvideo-3":[""],"wpcf-projectdescription-3":[""],"wpcf-projectimage-video4":["image"],"wpcf-projectimage-4":[""],"wpcf-projectvideo-4":[""],"wpcf-projectdescription-4":[""],"perspective_business_sector":["Ula\u015f\u0131m"],"wpcf-card-image":[""],"_wpcf-card-image-sort-order":["a:1:{i:0;i:1480486;}"],"amazonS3_cache":["a:8:{s:49:\"\/\/alj.com\/app\/uploads\/2023\/02\/T3P_9681-scaled.jpg\";a:2:{s:2:\"id\";i:105943;s:11:\"source_type\";s:13:\"media-library\";}s:55:\"\/\/media.alj.com\/app\/uploads\/2023\/02\/T3P_9681-scaled.jpg\";a:2:{s:2:\"id\";i:105943;s:11:\"source_type\";s:13:\"media-library\";}s:49:\"\/\/alj.com\/app\/uploads\/2023\/02\/T3P_9708-scaled.jpg\";a:2:{s:2:\"id\";i:105950;s:11:\"source_type\";s:13:\"media-library\";}s:55:\"\/\/media.alj.com\/app\/uploads\/2023\/02\/T3P_9708-scaled.jpg\";a:2:{s:2:\"id\";i:105950;s:11:\"source_type\";s:13:\"media-library\";}s:57:\"\/\/alj.com\/app\/uploads\/2023\/02\/Sanjay-Bahl-CEO-Greaves.png\";a:2:{s:2:\"id\";i:106007;s:11:\"source_type\";s:13:\"media-library\";}s:63:\"\/\/media.alj.com\/app\/uploads\/2023\/02\/Sanjay-Bahl-CEO-Greaves.png\";a:2:{s:2:\"id\";i:106007;s:11:\"source_type\";s:13:\"media-library\";}s:39:\"\/\/alj.com\/app\/uploads\/2022\/10\/HJ-NB.jpg\";a:2:{s:2:\"id\";i:103391;s:11:\"source_type\";s:13:\"media-library\";}s:45:\"\/\/media.alj.com\/app\/uploads\/2022\/10\/HJ-NB.jpg\";a:2:{s:2:\"id\";i:103391;s:11:\"source_type\";s:13:\"media-library\";}}"]},"_links":{"self":[{"href":"https:\/\/alj.com\/tr\/wp-json\/wp\/v2\/perspective\/106018"}],"collection":[{"href":"https:\/\/alj.com\/tr\/wp-json\/wp\/v2\/perspective"}],"about":[{"href":"https:\/\/alj.com\/tr\/wp-json\/wp\/v2\/types\/perspective"}],"author":[{"embeddable":true,"href":"https:\/\/alj.com\/tr\/wp-json\/wp\/v2\/users\/18"}],"wp:featuredmedia":[{"embeddable":true,"href":"https:\/\/alj.com\/tr\/wp-json\/wp\/v2\/media\/105922"}],"wp:attachment":[{"href":"https:\/\/alj.com\/tr\/wp-json\/wp\/v2\/media?parent=106018"}],"wp:term":[{"taxonomy":"post_tag","embeddable":true,"href":"https:\/\/alj.com\/tr\/wp-json\/wp\/v2\/tags?post=106018"}],"curies":[{"name":"wp","href":"https:\/\/api.w.org\/{rel}","templated":true}]}}