{"id":108872,"date":"2023-07-27T11:50:24","date_gmt":"2023-07-27T11:50:24","guid":{"rendered":"https:\/\/alj.com\/?post_type=perspective&#038;p=108872"},"modified":"2023-07-27T11:50:24","modified_gmt":"2023-07-27T11:50:24","slug":"hidrojen-yeniden-sahnelere-donuyor","status":"publish","type":"perspective","link":"https:\/\/alj.com\/tr\/perspective\/hidrojen-yeniden-sahnelere-donuyor\/","title":{"rendered":"Hidrojen yeniden sahnelere d\u00f6n\u00fcyor"},"content":{"rendered":"<p>Hidrojen, enerji ge\u00e7i\u015finde onlarca y\u0131l boyunca kilit bir kataliz\u00f6r olarak \u00f6ne s\u00fcr\u00fcld\u00fc. <a href=\"https:\/\/alj.com\/tr\/perspective\/hydrogen-energy-a-green-revolution-hiding-in-plain-sight\/\">Yenilenebilir enerji<\/a> kayna\u011f\u0131 olarak potansiyelini, <a href=\"https:\/\/alj.com\/tr\/perspective\/hydrogen-the-key-driver-to-zero-emission-transport\/\">ye\u015fil ula\u015f\u0131m<\/a> \u00e7\u00f6z\u00fcmlerini destekleme kapasitesini ve hidrojenle \u00e7al\u0131\u015fan <a href=\"https:\/\/alj.com\/tr\/perspective\/sonraki-durak-hidrojenle-calisan-toplu-tasima\/\">toplu ta\u015f\u0131ma<\/a> ta\u015f\u0131tlar\u0131na artan ilgiyi daha \u00f6nce ele alm\u0131\u015ft\u0131k. Ne var ki muazzam potansiyeline ra\u011fmen asla tam olarak beklenen etkiyi ortaya koyamad\u0131\u011f\u0131na dair bir alg\u0131 var. En az\u0131ndan, hen\u00fcz ortaya koyamad\u0131. Ancak g\u00f6zlerden uzak ge\u00e7en birka\u00e7 y\u0131l\u0131n ard\u0131ndan hidrojen yine dikkatleri \u00fczerine \u00e7ekiyor. Nihayet k\u00fcresel ye\u015fil d\u00f6n\u00fc\u015f\u00fcmde \u201cni\u015f\u201d konumundan \u201cg\u00fc\u00e7l\u00fc bir rakip\u201d olaca\u011f\u0131 bir konuma y\u00fckseliyor olabilir mi? Ula\u015ft\u0131rmadaki son geli\u015fmelere bakacak olursak gezegende en \u00e7ok bulunan elementi sevmemiz i\u00e7in \u00e7ok daha fazla neden var.<\/p>\n<h2>Hidrojen\u2019in dirili\u015fi<\/h2>\n<p>Hidrojen yak\u0131t h\u00fccreli elektrikli ara\u00e7lar (FCEV) pazar\u0131 kayda de\u011fer bir b\u00fcy\u00fcme sergiliyor. Uluslararas\u0131 Enerji Ajans\u0131\u2019n\u0131n (<a href=\"https:\/\/www.iea.org\/\">IEA<\/a>) Global EV Outlook 2023 raporuna g\u00f6re<a href=\"#_ftn1\" name=\"_ftnref1\">[1]<\/a>, FCEV\u2019lerin toplam say\u0131s\u0131 \u00f6nceki y\u0131la k\u0131yasla 2022\u2019de %40 artarak 72.000\u2019den fazla araca ula\u015ft\u0131.<\/p>\n<p>2022 y\u0131l\u0131nda yola \u00e7\u0131kan 15.000 adet yak\u0131t h\u00fccreli araban\u0131n \u00fc\u00e7te ikisinden fazlas\u0131na ve d\u00fcnyadaki yolcu ta\u015f\u0131yan hidrojen ara\u00e7lar\u0131n\u0131n yar\u0131s\u0131ndan fazlas\u0131na ev sahipli\u011fi yapan G\u00fcney Kore, bu s\u00fcrece \u00f6nc\u00fcl\u00fck ediyor. \u00c7o\u011funlukla arabalardan olu\u015fan 15.000\u2019den fazla ara\u00e7 ve 200\u2019den biraz daha fazla yak\u0131t h\u00fccreli otob\u00fcs ile Amerika Birle\u015fik Devletleri, FCEV\u2019ler i\u00e7in ikinci en b\u00fcy\u00fck pazar konumunda yer al\u0131yor. ABD\u2019deki FCEV say\u0131s\u0131 2022\u2019de %20\u2019den fazla b\u00fcy\u00fcrken \u00c7in\u2019deki b\u00fcy\u00fcme oran\u0131 %60\u2019l\u0131k kayda de\u011fer bir art\u0131\u015f sergileyerek \u00c7in\u2019i en \u00e7ok FCEV ara\u00e7 say\u0131s\u0131na sahip \u00fc\u00e7\u00fcnc\u00fc \u00fclke haline getiriyor.<\/p>\n<p>\u00c7in, d\u00fcnyadaki hidrojenle \u00e7al\u0131\u015fan kamyonlar\u0131n %95\u2019inden fazlas\u0131n\u0131 ve d\u00fcnya genelindeki yak\u0131t h\u00fccreli otob\u00fcs filosunun yakla\u015f\u0131k %85\u2019ini bar\u0131nd\u0131rmaktad\u0131r. \u00dclke, birka\u00e7 y\u0131l boyunca \u00f6ncelikli olarak otob\u00fcslere ve kamyonlara odakland\u0131ktan sonra hidrojenle \u00e7al\u0131\u015fan ilk 200 arabas\u0131n\u0131 2022 y\u0131l\u0131nda FCEV filosuna katt\u0131. \u00c7in h\u00fck\u00fcmeti, 2025 y\u0131l\u0131na kadar bir milyon hidrojenle \u00e7al\u0131\u015fan ta\u015f\u0131ta ula\u015fmay\u0131 hedefliyor<a href=\"#_ftn2\" name=\"_ftnref2\">[2]<\/a>. Japonya\u2019n\u0131n 2030 y\u0131l\u0131na kadar 800.000 hedefiyse \u00e7ok geride de\u011fil<a href=\"#_ftn3\" name=\"_ftnref3\">[3]<\/a>. Bu arada, hidrojenle \u00e7al\u0131\u015fan ara\u00e7 k\u00fcresel piyasas\u0131n\u0131n 2032 y\u0131l\u0131na kadar 62,88 milyar ABD dolar\u0131na ula\u015fmas\u0131 bekleniyor<a href=\"#_ftn4\" name=\"_ftnref4\">[4]<\/a>.<\/p>\n<p>Bu trendler, hidrojenle \u00e7al\u0131\u015fan ara\u00e7lar\u0131n artan talebini ve \u00e7e\u015fitli \u00fclkelerde yayg\u0131n olarak benimsenmesine y\u00f6nelik sa\u011flam bir itici g\u00fcc\u00fcn oldu\u011funu g\u00f6stermektedir. H\u00fck\u00fcmetler ve end\u00fcstriler, hidrojen altyap\u0131s\u0131na ve teknolojik geli\u015fmelere yat\u0131r\u0131m yapmaya devam ettik\u00e7e hidrojenle \u00e7al\u0131\u015fan ara\u00e7 piyasas\u0131 daha fazla geni\u015flemeye haz\u0131r hale gelmekle birlikte s\u00fcrd\u00fcr\u00fclebilir ve s\u0131f\u0131r emisyonlu ula\u015f\u0131m\u0131n gelece\u011fi i\u00e7in umut verici f\u0131rsatlar sunuyor.<\/p>\n<p><img decoding=\"async\" loading=\"lazy\" class=\"aligncenter size-full wp-image-108884\" src=\"https:\/\/media.alj.com\/app\/uploads\/2023\/07\/Hydrogen-1.jpg\" alt=\"\" width=\"2040\" height=\"1105\" srcset=\"https:\/\/media.alj.com\/app\/uploads\/2023\/07\/Hydrogen-1.jpg 2040w, https:\/\/media.alj.com\/app\/uploads\/2023\/07\/Hydrogen-1-300x163.jpg 300w, https:\/\/media.alj.com\/app\/uploads\/2023\/07\/Hydrogen-1-1024x555.jpg 1024w, https:\/\/media.alj.com\/app\/uploads\/2023\/07\/Hydrogen-1-150x81.jpg 150w, https:\/\/media.alj.com\/app\/uploads\/2023\/07\/Hydrogen-1-768x416.jpg 768w, https:\/\/media.alj.com\/app\/uploads\/2023\/07\/Hydrogen-1-1536x832.jpg 1536w\" sizes=\"(max-width: 2040px) 100vw, 2040px\" \/><\/p>\n<h2>Hidrojenle \u00e7al\u0131\u015fan ara\u00e7lardaki son geli\u015fmeler<\/h2>\n<p>Hidrojen hemen hemen t\u00fcm ara\u00e7lar i\u00e7in uygun bir yak\u0131t kayna\u011f\u0131d\u0131r ve son birka\u00e7 y\u0131lda bir\u00e7ok yeni model ve uygulama duyurulmu\u015ftur.<\/p>\n<h3>T\u00fcketici<\/h3>\n<p>Juniper Research\u2019\u00fcn bir raporuna g\u00f6re t\u00fcketici ara\u00e7lar\u0131 2027 y\u0131l\u0131na kadar k\u00fcresel olarak kullan\u0131mda olan hidrojen ara\u00e7lar\u0131n\u0131n %60\u2019\u0131ndan fazlas\u0131n\u0131 olu\u015fturacakt\u0131r<a href=\"#_ftn5\" name=\"_ftnref5\">[5]<\/a>.<\/p>\n<p>1955 y\u0131l\u0131ndan beri <a href=\"https:\/\/alj.com\/tr\/perspective\/ilerlemeyi-birlikte-yonlendirmek\/\">Abdul Latif Jameel\u2019in orta\u011f\u0131<\/a> olan Toyota, hidrojenle \u00e7al\u0131\u015fan ara\u00e7 teknolojisine \u00f6nc\u00fcl\u00fck etmektedir. K\u0131sa bir s\u00fcre \u00f6nce hidrojenle \u00e7al\u0131\u015fan yeni otomobili 2023 Toyota Crown sedan modelini piyasaya s\u00fcrd\u00fc\u011f\u00fcn\u00fc duyurmu\u015f ve \u015firketin on y\u0131l i\u00e7inde piyasa sundu\u011fu ilk yeni hidrojenle \u00e7al\u0131\u015fan arac\u0131 olmu\u015ftur<a href=\"#_ftn6\" name=\"_ftnref6\">[6]<\/a>. Bu yeni ara\u00e7, Toyota\u2019n\u0131n amiral gemisi yak\u0131t h\u00fccreli elektrikli arac\u0131 (FCEV) <a href=\"https:\/\/alj.com\/en\/news\/abdul-latif-jameel-helps-drive-cleaner-mobility-in-line-with-saudis-net-zero-2060-target\/\">Mirai<\/a>\u2019yi tamamlamaktad\u0131r.<\/p>\n<p>Yak\u0131n rakipleri Hyundai\u2019nin y\u00fcksek performansl\u0131 NEXO\u2019su ve Honda\u2019n\u0131n yeni nesil CR-V\u2019si dahil olmak \u00fczere sekt\u00f6rde bahisler SUV ara\u00e7lara y\u00f6neliyor<a href=\"#_ftn7\" name=\"_ftnref7\">[7]<\/a>. Ayn\u0131 \u015fekilde Renault, geleneksel bataryal\u0131 elektrikli ara\u00e7lardan (BEV) %75 daha k\u00fc\u00e7\u00fck karbon ayak izine sahip hidrojenle \u00e7al\u0131\u015fan bir SUV prototipi olan Scenic Vision\u2019\u0131 geli\u015ftirmektedir<a href=\"#_ftn8\" name=\"_ftnref8\">[8]<\/a>. Di\u011fer yandan BMW, tahmin edebilece\u011finiz gibi Toyota taraf\u0131ndan \u00fcretilen yak\u0131t h\u00fccrelerine sahip iX5 konsept arac\u0131 ile denemeler yapmaktad\u0131r<a href=\"#_ftn9\" name=\"_ftnref9\">[9]<\/a>.<\/p>\n<h3>Ticari<\/h3>\n<p>Bir\u00e7ok uzman, \u00fcst\u00fcn menzil performans\u0131, h\u0131zl\u0131 yak\u0131t ikmali ve bak\u0131m kolayl\u0131\u011f\u0131 nedeniyle a\u011f\u0131r hizmet ve uzun mesafe uygulamalar\u0131n\u0131n hidrojenle \u00e7al\u0131\u015fan ara\u00e7lar i\u00e7in ideal oldu\u011funu \u00f6ne s\u00fcrmektedir. Yak\u0131t h\u00fccreleri veya hidrojen motorlar\u0131 ile tahrik edilen hidrojenle \u00e7al\u0131\u015fan ara\u00e7lar \u00f6zellikle mesafesi 290 km\u2019yi ve y\u00fckleri 11.000 kg\u2019\u0131 a\u015fan yolculuklar i\u00e7in uygundur. Sekt\u00f6r raporlar\u0131na g\u00f6re, \u015fu anda s\u0131f\u0131r emisyonla g\u00fcnde 965 km\u2019nin \u00fczerinde y\u00fck ta\u015f\u0131yabilecek hidrojene bir alternatif bulunmamaktad\u0131r<a href=\"#_ftn10\" name=\"_ftnref10\">[10]<\/a>. \u00d6rne\u011fin, en yeni Hyundai Xcient kamyonlar\u0131 ve Toyota Mirai tek bir \u015farjla 800 km\u2019den fazla seyahat edebilmektedir<a href=\"#_ftn11\" name=\"_ftnref11\">[11]<\/a>.<\/p>\n<p>Renault Group ile hidrojen yak\u0131t h\u00fccresi \u00fcreticisi Plug Power aras\u0131nda bir ortak giri\u015fim olan Hyvia, 500 km\u2019ye kadar bir menzile ula\u015fabilen ilk hidrojen minivanlar\u0131n\u0131 fabrikadan \u00e7\u0131karmaya ba\u015flam\u0131\u015ft\u0131r<a href=\"#_ftn12\" name=\"_ftnref12\">[12]<\/a>. Hyundai\u2019nin Xcient kamyonlar\u0131 ge\u00e7en y\u0131ldan bu yana Almanya, \u0130svi\u00e7re, Yeni Zelanda ve G\u00fcney Kore\u2019de h\u0131zla pazar pay\u0131 kazanm\u0131\u015f ve yak\u0131n zamanda ABD ve \u0130srail i\u00e7in teslimatlar planlanmaktad\u0131r. Toyota ve Nikola gibi di\u011fer b\u00fcy\u00fck oyuncular da ticari hidrojen ara\u00e7lar\u0131yla ABD pazar\u0131na giri\u015f yapmaktad\u0131r<a href=\"#_ftn13\" name=\"_ftnref13\">[13]<\/a>.<\/p>\n<h3>Toplu ta\u015f\u0131ma<\/h3>\n<p>Hidrojenle \u00e7al\u0131\u015fan ara\u00e7lar, \u00f6zellikle \u00c7in ba\u015fta olmak \u00fczere Asya-Pasifik b\u00f6lgesindeki <a href=\"https:\/\/alj.com\/tr\/perspective\/sonraki-durak-hidrojenle-calisan-toplu-tasima\/\">toplu ta\u015f\u0131mada<\/a> ivme kazan\u0131yor. Information Trends\u2019e g\u00f6re hidrojen yak\u0131t h\u00fccreli otob\u00fcslerin k\u00fcresel sat\u0131\u015flar\u0131n\u0131n 2037 y\u0131l\u0131na kadar 650.000\u2019i a\u015fmas\u0131 beklenmektedir, bu da 2022\u2019de 4.000 adetten daha az olan sat\u0131\u015flarda \u00f6nemli bir art\u0131\u015f anlam\u0131na gelmektedir<a href=\"#_ftn14\" name=\"_ftnref14\">[14]<\/a>.<\/p>\n<p>Di\u011fer \u00fclkelerde de hidrojenle \u00e7al\u0131\u015fan otob\u00fcslerin benimsenmesine y\u00f6nelik \u00f6nemli ad\u0131mlar at\u0131lmaktad\u0131r. May\u0131s 2023\u2019te G\u00fcney Kore, sekt\u00f6r devleri Samsung, Hyundai ve di\u011ferleriyle 2026\u2019ya kadar 2000 adet hidrojenle \u00e7al\u0131\u015fan yolcu otob\u00fcs\u00fcn\u00fc piyasaya sunmak i\u00e7in bir anla\u015fma imzalad\u0131<a href=\"#_ftn15\" name=\"_ftnref15\">[15]<\/a>. PwC\u2019ye g\u00f6re 2030 y\u0131l\u0131na kadar Almanya, 900\u2019den fazla hidrojenle \u00e7al\u0131\u015fan otob\u00fcse sahip olmay\u0131 hedefliyor. Bu da mevcut 145 otob\u00fcse k\u0131yasla \u00f6nemli bir art\u0131\u015f anlam\u0131na geliyor<a href=\"#_ftn16\" name=\"_ftnref16\">[16]<\/a>.<\/p>\n<p>Avrupa Birli\u011fi (AB), 2030 y\u0131l\u0131na kadar yeni \u015fehir otob\u00fcslerinin batarya veya hidrojenle \u00e7al\u0131\u015ft\u0131r\u0131lmas\u0131n\u0131 zorunlu k\u0131lm\u0131\u015ft\u0131r<a href=\"#_ftn17\" name=\"_ftnref17\">[17]<\/a>. Bu direktif, AB\u2019nin 2040 y\u0131l\u0131na kadar a\u011f\u0131r hizmet ara\u00e7lar\u0131ndan kaynaklanan emisyonlarda %45\u2019lik bir azalma sa\u011flama ve yeni kamyon ve otob\u00fcslerden kaynaklanan emisyonlar\u0131 %90 azaltma hedefinin bir par\u00e7as\u0131d\u0131r.<\/p>\n<p>Hidrojenle \u00e7al\u0131\u015fan ara\u00e7lar toplu ta\u015f\u0131mada bir\u00e7ok avantaj sunar. \u00d6zellikle hidrojenle \u00e7al\u0131\u015fan yanmal\u0131 motorlar, daha pahal\u0131 BEV\u2019lere k\u0131yasla dizel muadillerinden yakla\u015f\u0131k %50 daha fazla \u00f6n maliyete sahip uygun maliyetli bir s\u0131f\u0131r emisyon \u00e7\u00f6z\u00fcm\u00fc sa\u011flar<a href=\"#_ftn18\" name=\"_ftnref18\">[18]<\/a>. Bu g\u00f6rece uygun fiyat, s\u0131f\u0131r emisyonlu ara\u00e7lara ge\u00e7i\u015f yapan filo operat\u00f6rleri i\u00e7in hidrojen motorlar\u0131n\u0131 cazip hale getirmektedir.<\/p>\n<p><img decoding=\"async\" loading=\"lazy\" class=\"aligncenter size-full wp-image-108891\" src=\"https:\/\/media.alj.com\/app\/uploads\/2023\/07\/Hydrogen-2.jpg\" alt=\"\" width=\"2040\" height=\"977\" srcset=\"https:\/\/media.alj.com\/app\/uploads\/2023\/07\/Hydrogen-2.jpg 2040w, https:\/\/media.alj.com\/app\/uploads\/2023\/07\/Hydrogen-2-300x144.jpg 300w, https:\/\/media.alj.com\/app\/uploads\/2023\/07\/Hydrogen-2-1024x490.jpg 1024w, https:\/\/media.alj.com\/app\/uploads\/2023\/07\/Hydrogen-2-150x72.jpg 150w, https:\/\/media.alj.com\/app\/uploads\/2023\/07\/Hydrogen-2-768x368.jpg 768w, https:\/\/media.alj.com\/app\/uploads\/2023\/07\/Hydrogen-2-1536x736.jpg 1536w\" sizes=\"(max-width: 2040px) 100vw, 2040px\" \/><\/p>\n<p>\u0130spanya\u2019da, Abdul Latif Jameel Energy\u2019nin sekt\u00f6r\u00fcnde \u00f6nc\u00fc yenilenebilir enerji i\u015fletmesi FRV, 2026 y\u0131l\u0131na kadar en az 1000 geleneksel taksiyi \u00e7evre dostu <a href=\"https:\/\/alj.com\/tr\/news\/abdul-latif-jameel-energys-frv-contributes-to-decarbonizing-public-mobility-with-green-hydrogen\/\">hidrojenle \u00e7al\u0131\u015fan ara\u00e7lar<\/a> ile de\u011fi\u015ftirmek i\u00e7in Madrid Profesyonel Taksi Federasyonu ile ortak bir \u00e7al\u0131\u015fma y\u00fcr\u00fctmektedir. Toyota \u0130spanya ile i\u015f birli\u011fini i\u00e7eren bu giri\u015fimde, \u00e7evre \u00fczerinde s\u0131f\u0131r etkisi olan ve 600 km\u2019ye kadar etkileyici menziliyle tan\u0131nan Toyota Mirai yak\u0131t h\u00fccreli modeli kullan\u0131lacak.<\/p>\n<p><iframe loading=\"lazy\" src=\"\/\/www.youtube.com\/embed\/czl16Nlr898\" width=\"560\" height=\"314\" allowfullscreen=\"allowfullscreen\"><\/iframe><\/p>\n<p>FRV\u2019nin inovasyon kolu olan FRV-X burada, Vectalia ile ilk b\u00fcy\u00fck \u00f6l\u00e7ekli <a href=\"https:\/\/www.alj.com\/en\/news\/abdul-latif-jameel-energys-frv-and-vectalia-partner-to-develop-first-green-hydrogen-powered-bus-transport-system-in-spain\/\">\u00e7evre dostu hidrojenle \u00e7al\u0131\u015fan otob\u00fcs ta\u015f\u0131mac\u0131l\u0131\u011f\u0131 sistemini<\/a> geli\u015ftirmek i\u00e7in \u00e7al\u0131\u015fmaktad\u0131r.<\/p>\n<p><iframe loading=\"lazy\" src=\"\/\/www.youtube.com\/embed\/jPo28GX9gNg\" width=\"560\" height=\"314\" allowfullscreen=\"allowfullscreen\"><\/iframe><\/p>\n<p>Hidrojenle \u00e7al\u0131\u015fan ara\u00e7lar\u0131n benimsenmesi otob\u00fcslerle s\u0131n\u0131rl\u0131 de\u011fildir. Avrupa\u2019da yak\u0131t h\u00fccreli taksiler pop\u00fclerlik kazan\u0131yor ve Paris halihaz\u0131rda 100\u2019den fazla yak\u0131t h\u00fccreli elektrikli ara\u00e7tan (FCEV) olu\u015fan bir filoya sahip ve 2024 y\u0131l\u0131na kadar bu say\u0131y\u0131 10.000\u2019e \u00e7\u0131karma planlar\u0131 Toyota taraf\u0131ndan destekleniyor<a href=\"#_ftn19\" name=\"_ftnref19\">[19]<\/a>. Toyota, Almanya\u2019da Uber ile i\u015f birli\u011fi yaparak iki y\u0131ll\u0131k bir deneme i\u00e7in 200\u2019e kadar hidrojenle \u00e7al\u0131\u015fan araba tedarik ediyor<a href=\"#_ftn20\" name=\"_ftnref20\">[20]<\/a>.<\/p>\n<h2>H\u0131zla ilerleyen hidrojen yenili\u011fi<\/h2>\n<p>Hidrojen ayr\u0131ca motor sporlar\u0131 alan\u0131nda geleneksel yak\u0131tlara da meydan okuyor.\u00a0<a href=\"https:\/\/alj.com\/tr\/transportation\/transportation-overview\/\">Abdul Latif Jameel Motors<\/a><u>\u00a0Suudi Arabistan<\/u>\u2019\u0131n sponsorlu\u011fundaki ROOKIE Racing, hidrojenle \u00e7al\u0131\u015fan bir CR Corolla ile Fuji Speedway\u2019deki Super Taikyu (Dayan\u0131kl\u0131l\u0131k) Yar\u0131\u015f\u0131\u2019na kat\u0131ld\u0131 ve \u015fu anda hidrojenle \u00e7al\u0131\u015fan motorlar\u0131 ve karbon n\u00f6tr yak\u0131tl\u0131 ara\u00e7lar\u0131yla \u201cSuper Taikyu Series 2023\u201d yar\u0131\u015f\u0131nda m\u00fccadele ediyor.<\/p>\n<p><iframe loading=\"lazy\" src=\"\/\/www.youtube.com\/embed\/xd2Hqawagug\" width=\"560\" height=\"314\" allowfullscreen=\"allowfullscreen\"><\/iframe><\/p>\n<p>28 May\u0131s\u2019ta, Toyota taraf\u0131ndan geli\u015ftirilen s\u0131v\u0131 hidrojenle \u00e7al\u0131\u015fan bir araba, 2023 ENEOS Super Taikyu Serisi\u2019nin ikinci turu olan NAPAC Fuji SUPER TEC 24 Hours Yar\u0131\u015f\u0131\u2019n\u0131 tamamlad\u0131. S\u0131v\u0131 hidrojen yak\u0131tl\u0131 bir ara\u00e7la yar\u0131\u015fmak d\u00fcnyada ilk defa yap\u0131lan bir giri\u015fimdi. Serinin en zorlu etab\u0131 olan 24 saatlik yar\u0131\u015fta ilk kez sahneye \u00e7\u0131kmas\u0131na ra\u011fmen Toyota ekibi, Shizuoka B\u00f6lgesi\u2019ndeki Oyama\u2019da 358 tur, yani 1.634 km\u2019ye denk gelen bir mesafe ile Fuji Speedway\u2019i tamamlad\u0131.<\/p>\n<figure id=\"attachment_108866\" aria-describedby=\"caption-attachment-108866\" style=\"width: 1379px\" class=\"wp-caption aligncenter\"><img decoding=\"async\" loading=\"lazy\" class=\"size-full wp-image-108866\" src=\"https:\/\/media.alj.com\/app\/uploads\/2023\/07\/ROOKING-Racing-hydrogen-power.jpg\" alt=\"\" width=\"1379\" height=\"781\" srcset=\"https:\/\/media.alj.com\/app\/uploads\/2023\/07\/ROOKING-Racing-hydrogen-power.jpg 1379w, https:\/\/media.alj.com\/app\/uploads\/2023\/07\/ROOKING-Racing-hydrogen-power-300x170.jpg 300w, https:\/\/media.alj.com\/app\/uploads\/2023\/07\/ROOKING-Racing-hydrogen-power-1024x580.jpg 1024w, https:\/\/media.alj.com\/app\/uploads\/2023\/07\/ROOKING-Racing-hydrogen-power-150x85.jpg 150w, https:\/\/media.alj.com\/app\/uploads\/2023\/07\/ROOKING-Racing-hydrogen-power-768x435.jpg 768w\" sizes=\"(max-width: 1379px) 100vw, 1379px\" \/><figcaption id=\"caption-attachment-108866\" class=\"wp-caption-text\">Foto\u011fraf Sahibi: \u00a9 Noriaki Mitsuhashi\/N-RAK Foto\u011fraf Ajans\u0131\/Toyota<\/figcaption><\/figure>\n<h2>Hidrojenle \u00e7al\u0131\u015fan ara\u00e7lar\u0131n benimsenmesini sa\u011flayan nedir?<\/h2>\n<p>BEV\u2019ler genellikle t\u00fcm ilgiyi \u00fczerine \u00e7ekse de hidrojenle \u00e7al\u0131\u015fan ara\u00e7lar daha temiz ve daha s\u00fcrd\u00fcr\u00fclebilir bir gelecek aray\u0131\u015f\u0131nda \u00e7ok say\u0131da avantaj sunar:<\/p>\n<h3>Artan \u00e7evresel endi\u015feler<\/h3>\n<p>Ta\u015f\u0131mac\u0131l\u0131k, k\u00fcresel emisyonlar\u0131n yakla\u015f\u0131k %21\u2019ini olu\u015fturur<a href=\"#_ftn21\" name=\"_ftnref21\">[21]<\/a>. Geleneksel i\u00e7ten yanmal\u0131 motorlar\u0131n aksine, hidrojenle \u00e7al\u0131\u015fan ara\u00e7lar yaln\u0131zca su buhar\u0131 salar ve bu da onlar\u0131 temiz ve \u00e7evre dostu bir alternatif yapar. Dahas\u0131, FCEV\u2019ler kilogram ba\u015f\u0131na yakla\u015f\u0131k 97 km menzile ula\u015fabilir ve tipik olarak galon 1 galon (3,7 litre) ba\u015f\u0131na yakla\u015f\u0131k 40 km\u2019yi kapsayan geleneksel ara\u00e7lardan daha iyi performans g\u00f6sterir<a href=\"#_ftn22\" name=\"_ftnref22\">[22]<\/a>.<\/p>\n<h3>Tamamen ye\u015fil olma potansiyeli<\/h3>\n<p>BEV\u2019ler teorik olarak \u015farj edildikleri enerji kar\u0131\u015f\u0131m\u0131na dayan\u0131r. Hidrojen ise r\u00fczgar ve g\u00fcne\u015f enerjisi gibi yenilenebilir enerjiler de dahil olmak \u00fczere \u00e7e\u015fitli kaynaklardan t\u00fcretilebilir. \u00dcstelik yo\u011fun olmayan saatlerde fazlal\u0131k elektrik kullan\u0131larak elektroliz ile hidrojen \u00fcretebilir. Bu, esneklik sa\u011flar ve fazla yenilenebilir enerjinin depolanmas\u0131na ve kullan\u0131lmas\u0131na katk\u0131da bulunur.<\/p>\n<h3>\u00dcst\u00fcn menzil ve yak\u0131t ikmal s\u00fcresi<\/h3>\n<p>Hidrojenle \u00e7al\u0131\u015fan ara\u00e7lar BEV\u2019lere k\u0131yasla daha uzun s\u00fcr\u00fc\u015f menzili sunar. Tek bir hidrojen deposunda y\u00fczlerce kilometre yol kat edebilirler ve yak\u0131t ikmali, geleneksel benzinli veya dizel bir ara\u00e7larla benzer \u015fekilde genellikle 3 ila 5 dakika aras\u0131nda bir zaman al\u0131r. Bu, elektrikli ara\u00e7lar\u0131 t\u00fcketicilerin benimsemesinin \u00f6n\u00fcndeki en yayg\u0131n engellerden biri olan s\u0131n\u0131rl\u0131 menzil ve h\u0131zl\u0131 \u015farj altyap\u0131s\u0131n\u0131n bulunabilirli\u011fiyle ili\u015fkili \u201cmenzil endi\u015felerini\u201d azalt\u0131r.<\/p>\n<h3>\u00d6l\u00e7eklenebilirlik kolayl\u0131\u011f\u0131<\/h3>\n<p>Hidrojen ara\u00e7lar\u0131n ticari uygulamalar ve toplu ta\u015f\u0131ma i\u00e7in \u00e7ok fazla yat\u0131r\u0131m yapmadan konu\u015fland\u0131r\u0131lmas\u0131 nispeten kolayd\u0131r. Benzer \u015fekilde hidrojen yak\u0131t ikmal istasyonlar\u0131, geleneksel benzin istasyonlar\u0131 gibi h\u0131zla uygulanabilir ve bir\u00e7ok araca ayn\u0131 anda hizmet verebilir.<\/p>\n<h3>Stratejik \u00f6nem<\/h3>\n<p>Do\u011fal gaz fiyatlar\u0131ndaki dalgalanma ve \u00f6zellikle geleneksel kaynaklara (\u00f6r. Rusya\u2019dan) ba\u011f\u0131ml\u0131 b\u00f6lgelerde enerji kaynaklar\u0131n\u0131 \u00e7e\u015fitlendirme ihtiyac\u0131, hidrojen yak\u0131t\u0131n potansiyeline y\u00f6nelik ilgiyi yenilemi\u015ftir<a href=\"#_ftn23\" name=\"_ftnref23\">[23]<\/a>. Ayr\u0131ca hidrojenle \u00e7al\u0131\u015fan ara\u00e7lar\u0131n benimsenmesi, BEV\u2019lerin temel bile\u015fenleri olan ve tedarik zinciri zorluklar\u0131na ve etik kaynak kullan\u0131m\u0131 ile ilgili endi\u015felere maruz kalan <a href=\"https:\/\/alj.com\/tr\/spotlight-by-fady-jameel\/mission-critical-we-need-fewer-fossil-fuels-and-more-critical-minerals\/\">nadir toprak minerallerine<\/a> olan ba\u011f\u0131ml\u0131l\u0131\u011f\u0131 azaltmaya yard\u0131mc\u0131 olabilir.<\/p>\n<h3>\u0130stikrarl\u0131 yenilik<\/h3>\n<p>Hidrojenle \u00e7al\u0131\u015fan ara\u00e7lar \u015fu anda BEV\u2019lerden 2-4 kat daha fazla elektrik kullansalar da bu s\u0131n\u0131rlamalar\u0131n \u00fcstesinden gelmek ve genel performans\u0131 iyile\u015ftirmek i\u00e7in ciddi \u00e7abalar sarf edilmektedir. Ara\u015ft\u0131rma ve geli\u015ftirme \u00e7al\u0131\u015fmalar\u0131n\u0131n temel alanlar\u0131ndan biri, hidrojen yak\u0131t h\u00fccresi teknolojisinin verimlili\u011fini, dayan\u0131kl\u0131l\u0131\u011f\u0131n\u0131 ve maliyet etkinli\u011fini art\u0131rmaya odaklanmaktad\u0131r. \u00d6rne\u011fin, ABD Enerji Bakanl\u0131\u011f\u0131 (DOE), 1 kilogram hidrojenle yakla\u015f\u0131k 161 km menzil elde etmek i\u00e7in yak\u0131t verimlili\u011fini art\u0131rmaya \u00e7al\u0131\u015fmaktad\u0131r<a href=\"#_ftn24\" name=\"_ftnref24\">[24]<\/a>.\u00a0<\/p>\n<p><img decoding=\"async\" loading=\"lazy\" class=\"aligncenter size-full wp-image-108898\" src=\"https:\/\/media.alj.com\/app\/uploads\/2023\/07\/Hydrogen-3.jpg\" alt=\"\" width=\"1700\" height=\"1275\" srcset=\"https:\/\/media.alj.com\/app\/uploads\/2023\/07\/Hydrogen-3.jpg 1700w, https:\/\/media.alj.com\/app\/uploads\/2023\/07\/Hydrogen-3-300x225.jpg 300w, https:\/\/media.alj.com\/app\/uploads\/2023\/07\/Hydrogen-3-1024x768.jpg 1024w, https:\/\/media.alj.com\/app\/uploads\/2023\/07\/Hydrogen-3-150x113.jpg 150w, https:\/\/media.alj.com\/app\/uploads\/2023\/07\/Hydrogen-3-768x576.jpg 768w, https:\/\/media.alj.com\/app\/uploads\/2023\/07\/Hydrogen-3-1536x1152.jpg 1536w\" sizes=\"(max-width: 1700px) 100vw, 1700px\" \/><\/p>\n<p>Ayr\u0131ca elektroliz yoluyla hidrojen \u00fcretimi i\u00e7in \u00e7ok \u00f6nemli olan elektroliz\u00f6rlerin \u00fcretim kapasitesi s\u00fcrekli olarak artmaktad\u0131r ve 2021 ve 2022 aras\u0131nda iki kat\u0131na \u00e7\u0131km\u0131\u015ft\u0131r<a href=\"#_ftn25\" name=\"_ftnref25\">[25]<\/a>. Yak\u0131t h\u00fccresi ve elektroliz\u00f6r tedarik\u00e7ilerine yap\u0131lan k\u00fcresel yat\u0131r\u0131mlar da artmaktad\u0131r ve 2021 y\u0131l\u0131nda yakla\u015f\u0131k 7 milyar ABD dolar\u0131na ula\u015fm\u0131\u015ft\u0131r<a href=\"#_ftn26\" name=\"_ftnref26\">[26]<\/a>. Yat\u0131r\u0131mlardaki bu art\u0131\u015f, uygulanabilir alternatif bir yak\u0131t kayna\u011f\u0131 olarak hidrojene y\u00f6nelik artan ilgiyi ve g\u00fcveni g\u00f6stermektedir.<\/p>\n<h3>Artan devlet deste\u011fi<\/h3>\n<p>D\u00fcnya genelinde h\u00fck\u00fcmetler ara\u015ft\u0131rma ve geli\u015ftirmeyi te\u015fvik etmek, emisyonlar\u0131 azaltmak ve hidrojen altyap\u0131s\u0131n\u0131n kurulmas\u0131n\u0131 kolayla\u015ft\u0131rmak i\u00e7in bir\u00e7ok politika, te\u015fvik ve d\u00fczenleme dahil olmak \u00fczere hidrojenle \u00e7al\u0131\u015fan ara\u00e7lar\u0131n benimsenmesini desteklemek ve te\u015fvik etmek i\u00e7in proaktif ad\u0131mlar atmaktad\u0131r<a href=\"#_ftn27\" name=\"_ftnref27\">[27]<\/a>.<\/p>\n<p>ABD\u2019de DOE, hidrojen depolama, da\u011f\u0131t\u0131m ve ara\u00e7 yak\u0131t ikmal teknolojilerindeki ara\u015ft\u0131rma ve geli\u015ftirme i\u00e7in 47 milyon ABD dolar\u0131 tahsis etmi\u015f ve temiz hidrojen \u00fcretimi ve yak\u0131t h\u00fccresi teknolojilerinin verimlili\u011fini, dayan\u0131kl\u0131l\u0131\u011f\u0131n\u0131 ve maliyet etkinli\u011fini art\u0131rmak i\u00e7in k\u0131sa s\u00fcre \u00f6nce 750 milyon ABD dolar\u0131 fon tahsis etti\u011fini duyurmu\u015ftur<a href=\"#_ftn28\" name=\"_ftnref28\">[28]<\/a>. 2022 Enflasyonu D\u00fc\u015f\u00fcrme Yasas\u0131, temiz hidrojen \u00fcretim tesisleri i\u00e7in 10 y\u0131ll\u0131k bir \u00fcretim vergisi kredisi (PTC) sunmu\u015f ve vergi kredilerini hidrojen yak\u0131tl\u0131 ara\u00e7lar\u0131 kapsayacak \u015fekilde geni\u015fletmi\u015ftir. Mevzuat ayr\u0131ca yak\u0131t h\u00fccreli ara\u00e7lar dahil olmak \u00fczere belgeli \u00e7evre dostu ticari ara\u00e7lar i\u00e7in 40.000 ABD dolar\u0131na kadar kredi sa\u011flamakta ve d\u00fc\u015f\u00fck gelirli ve k\u0131rsal b\u00f6lgelerdeki hidrojenle \u00e7al\u0131\u015fan ara\u00e7lar i\u00e7in 100.000 ABD dolar\u0131na kadar te\u015fvikler sunmaktad\u0131r.<a href=\"#_ftn29\" name=\"_ftnref29\">[29]<\/a><\/p>\n<p>\u00c7in, 14. Be\u015f Y\u0131ll\u0131k Plan\u0131nda (2021-2025) kritik fakt\u00f6rlerden biri olarak hidrojeni dahil etmi\u015ftir.<a href=\"#_ftn30\" name=\"_ftnref30\">[30]<\/a> Bu plan, ba\u011f\u0131ms\u0131z inovasyona, \u00fcretim kabiliyetlerine ve yenilenebilir kaynaklardan y\u0131ll\u0131k hidrojen \u00fcretimine odaklanan kapsaml\u0131 bir hidrojen enerjisi end\u00fcstrisinin geli\u015ftirilmesi i\u00e7in hedefler belirlemektedir<a href=\"#_ftn31\" name=\"_ftnref31\">[31]<\/a>.<\/p>\n<p>Japonya, d\u00fc\u015f\u00fck maliyetli yak\u0131t h\u00fccreli ara\u00e7lar\u0131n toplu \u00fcretimi ve hidrojen yak\u0131t ikmal istasyonu a\u011f\u0131n\u0131n kurulmas\u0131 i\u00e7in iddial\u0131 hedefler belirleyen Stratejik Yol Haritas\u0131\u2019n\u0131n genel \u00e7er\u00e7evesini belirlemi\u015ftir. Devlet, 2030 y\u0131l\u0131na kadar yollarda 800.000 FCV, 1.200 yak\u0131t h\u00fccreli otob\u00fcs ve 10.000 yak\u0131t h\u00fccreli forklift bulundurmay\u0131 hedeflemektedir<a href=\"#_ftn32\" name=\"_ftnref32\">[32]<\/a>. Benzer \u015fekilde G\u00fcney Kore, hidrojen ara\u00e7lar\u0131n\u0131n da\u011f\u0131t\u0131m\u0131nda \u00f6nemli ad\u0131mlar atm\u0131\u015f, yollara hidrojenle \u00e7al\u0131\u015fan binlerce yolcu otob\u00fcs\u00fc koymak i\u00e7in Samsung ve Hyundai gibi \u00f6nde gelen \u015firketlerle anla\u015fmalar imzalam\u0131\u015ft\u0131r<a href=\"#_ftn33\" name=\"_ftnref33\">[33]<\/a>.<\/p>\n<p>Bu arada Avrupa Birli\u011fi (AB) yukar\u0131da belirtildi\u011fi gibi 2030 y\u0131l\u0131na kadar batarya veya hidrojenle \u00e7al\u0131\u015fan yeni \u015fehir otob\u00fcslerine sahip olma hedefi belirlemi\u015ftir<a href=\"#_ftn34\" name=\"_ftnref34\">[34]<\/a>. Bu taahh\u00fct, AB\u2019nin a\u011f\u0131r hizmet ara\u00e7lar\u0131ndan kaynaklanan emisyonlar\u0131 azaltma ve s\u0131f\u0131r emisyon teknolojilerinin benimsenmesini te\u015fvik etme hedefleriyle uyumludur.<\/p>\n<p>Birle\u015fik Krall\u0131k Hidrojen Stratejisi benzer \u015fekilde 2030 y\u0131l\u0131na kadar 10 GW d\u00fc\u015f\u00fck karbonlu hidrojen \u00fcretim kapasitesine ula\u015fmay\u0131 ama\u00e7lamaktad\u0131r<a href=\"#_ftn35\" name=\"_ftnref35\">[35]<\/a>. Birle\u015fik Krall\u0131k, hidrojenle \u00e7al\u0131\u015fan otob\u00fcsleri \u00e7oktan Londra\u2019da piyasaya sunmu\u015f ve bunlar\u0131 di\u011fer b\u00f6lgelere yayarken Toyota Hilux kamyonetlerinin hidrojen yak\u0131t h\u00fccreli versiyonu gibi hidrojenle \u00e7al\u0131\u015fan ara\u00e7lar\u0131n geli\u015ftirilmesini aktif olarak desteklemi\u015ftir<a href=\"#_ftn36\" name=\"_ftnref36\">[36]<\/a>.<\/p>\n<h2>Yak\u0131t ikmal altyap\u0131s\u0131n\u0131n geni\u015fletilmesi<\/h2>\n<p>\u015eu anda, hidrojenle \u00e7al\u0131\u015fan ara\u00e7lar\u0131n taleplerini kar\u015f\u0131layacak yeterli yak\u0131t ikmal istasyonu bulunmamaktad\u0131r. Bu, klasik \u201ctavuk ve yumurta\u201d bilmecesine benzer. \u00d6te yandan, h\u00fck\u00fcmetler ve sekt\u00f6r payda\u015flar\u0131, yeni yak\u0131t ikmal istasyonlar\u0131yla birlikte \u00fclkeler ve k\u0131talar aras\u0131nda a\u011flar olu\u015fturmak i\u00e7in i\u015f birli\u011fi yapmaktad\u0131r.<\/p>\n<p>\u00d6rne\u011fin Kaliforniya, Almanya, Japonya, G\u00fcney Kore ve \u00c7in gibi b\u00f6lgeler, hidrojen yak\u0131t ikmal altyap\u0131s\u0131n\u0131n olu\u015fturulmas\u0131nda \u00f6nemli bir ilerleme kaydetmi\u015ftir. 2022 y\u0131l\u0131nda, d\u00fcnya \u00e7ap\u0131nda faaliyette olan 1020 hidrojen yak\u0131t ikmal istasyonu bulunmakta ve \u00f6nc\u00fcl\u00fc\u011f\u00fcn\u00fc yapt\u0131\u011f\u0131 bu yolda \u00c7in\u2019i G\u00fcney Kore, Japonya, Almanya ve Amerika Birle\u015fik Devletleri takip etmekteydi<a href=\"#_ftn37\" name=\"_ftnref37\">[37]<\/a>.<\/p>\n<p>Japonya\u2019da, Japan Hydrogen Station Network Joint Company\u2019nin (JHyM) kurulmas\u0131, yak\u0131t h\u00fccreli ara\u00e7lar\u0131n (FCV) yay\u0131lmas\u0131n\u0131 desteklemek i\u00e7in hidrojen yak\u0131t ikmal istasyonunun geli\u015ftirilmesini h\u0131zland\u0131rmaktad\u0131r<a href=\"#_ftn38\" name=\"_ftnref38\">[38]<\/a>. Avrupa Birli\u011fi\u2019nde (AB), t\u00fcm b\u00fcy\u00fck \u015fehirlerde ve her 200 kilometrede bir ana g\u00fczergahlar boyunca hidrojen yak\u0131t ikmal istasyonlar\u0131 kurma y\u00f6n\u00fcnde karar al\u0131nm\u0131\u015ft\u0131r<a href=\"#_ftn39\" name=\"_ftnref39\">[39]<\/a>.<\/p>\n<p>Yak\u0131t ikmal istasyonlar\u0131n\u0131n say\u0131s\u0131 artt\u0131k\u00e7a s\u00fcr\u00fcc\u00fcler i\u00e7in hidrojenle \u00e7al\u0131\u015fan ara\u00e7lar\u0131na yak\u0131t ikmali yapmak daha da kolay ve eri\u015filebilir hale gelecek ve bu da bu temiz ve s\u00fcrd\u00fcr\u00fclebilir ula\u015f\u0131m se\u00e7ene\u011finin b\u00fcy\u00fcmesini ve benimsenmesini te\u015fvik edecektir.<\/p>\n<p><img decoding=\"async\" loading=\"lazy\" class=\"aligncenter size-full wp-image-108905\" src=\"https:\/\/media.alj.com\/app\/uploads\/2023\/07\/Hydrogen-4.jpg\" alt=\"\" width=\"2040\" height=\"1105\" srcset=\"https:\/\/media.alj.com\/app\/uploads\/2023\/07\/Hydrogen-4.jpg 2040w, https:\/\/media.alj.com\/app\/uploads\/2023\/07\/Hydrogen-4-300x163.jpg 300w, https:\/\/media.alj.com\/app\/uploads\/2023\/07\/Hydrogen-4-1024x555.jpg 1024w, https:\/\/media.alj.com\/app\/uploads\/2023\/07\/Hydrogen-4-150x81.jpg 150w, https:\/\/media.alj.com\/app\/uploads\/2023\/07\/Hydrogen-4-768x416.jpg 768w, https:\/\/media.alj.com\/app\/uploads\/2023\/07\/Hydrogen-4-1536x832.jpg 1536w\" sizes=\"(max-width: 2040px) 100vw, 2040px\" \/><\/p>\n<h2>\u0130\u015f birlikleri ve ortakl\u0131klar<\/h2>\n<p>Otomobil \u00fcreticileri, enerji \u015firketleri ve di\u011fer payda\u015flar aras\u0131ndaki i\u015f birlikleri ve ortakl\u0131klar, hidrojenle \u00e7al\u0131\u015fan kara yolu ara\u00e7lar\u0131n\u0131n geli\u015fimini te\u015fvik ediyor.<\/p>\n<p>Hidrojen Konseyi, hidrojen ekonomisini geli\u015ftirmek i\u00e7in ortak bir vizyona sahip \u00f6nde gelen enerji, ta\u015f\u0131mac\u0131l\u0131k, sanayi ve yat\u0131r\u0131m \u015firketlerini bir araya getiriyor<a href=\"#_ftn40\" name=\"_ftnref40\">[40]<\/a>.<\/p>\n<p>Honda ve General Motors, hususi ara\u00e7lar ve y\u00fck kamyonlar\u0131 i\u00e7in \u201cyeni nesil\u201d bir hidrojen yak\u0131t h\u00fccresi sistemi sunmak \u00fczere i\u015f birli\u011fi yapt\u0131. \u00dcretime 2023 y\u0131l\u0131nda ba\u015flayan Honda, 2030 y\u0131l\u0131na kadar y\u0131lda 60.000 adet sat\u0131\u015f hedefliyor<a href=\"#_ftn41\" name=\"_ftnref41\">[41]<\/a>. Benzer \u015fekilde BMW ve Toyota, hidrojen yak\u0131t h\u00fccreli ara\u00e7lar \u00fcretmek i\u00e7in g\u00fc\u00e7lerini birle\u015ftirdi. \u0130ki otomobil \u00fcreticisi, 2025\u2019ten itibaren ortak \u00e7al\u0131\u015fmayla geli\u015ftirilen hidrojen yak\u0131t h\u00fccreli ara\u00e7lar\u0131n\u0131 \u00fcretmeye ve satmaya ba\u015flayacak<a href=\"#_ftn42\" name=\"_ftnref42\">[42]<\/a>. Bu i\u015f birli\u011fi, BMW\u2019nin X5 SUV arac\u0131n\u0131 temel alan iX5 Hydrogen modelini geli\u015ftirmek de dahil olmak \u00fczere \u00f6nceki ba\u015far\u0131l\u0131 giri\u015fimlerini temel al\u0131yor<a href=\"#_ftn43\" name=\"_ftnref43\">[43]<\/a>.<\/p>\n<h2>\u00c7evre dostu hidrojene daha fazla odaklanma<\/h2>\n<p>Hidrojen \u00fcretiminin mevcut birincil kayna\u011f\u0131, \u00f6nemli miktarda karbondioksit emisyonlar\u0131na neden olan do\u011fal gazd\u0131r. Bu zorlu\u011fun \u00fcstesinden gelmek i\u00e7in \u201cye\u015fil hidrojen\u201d \u00fcretimini desteklemek \u00fczere yenilenebilir enerji \u00fcretimine y\u00f6nelik yat\u0131r\u0131mlara ve devlet s\u00fcbvansiyonlar\u0131n\u0131n art\u0131r\u0131lmas\u0131na y\u00f6nelik bir bask\u0131 var. Japonya, yerel enerji kaynaklar\u0131n\u0131n g\u00fcvenli\u011fini sa\u011flamaya ve ithal edilen fosil yak\u0131tlara ba\u011f\u0131ml\u0131l\u0131\u011f\u0131 azaltmaya g\u00fc\u00e7l\u00fc bir \u015fekilde vurgu yaparak yenilenebilir enerji \u00fcretiminde ve hidrojen teknolojisinde \u00f6nemli ad\u0131mlar atm\u0131\u015ft\u0131r<a href=\"#_ftn44\" name=\"_ftnref44\">[44]<\/a>. Uluslararas\u0131 Enerji Ajans\u0131 (IEA), hidrojen \u00fcretiminin \u00f6l\u00e7eklendirilmesi ve yenilenebilir teknolojilerin fiyatlar\u0131n\u0131n d\u00fc\u015fmesi sayesinde 2030 y\u0131l\u0131na kadar yenilenebilir enerjiden hidrojen \u00fcretme maliyetinde %30 potansiyel bir d\u00fc\u015f\u00fc\u015f \u00f6ng\u00f6r\u00fcyor<a href=\"#_ftn45\" name=\"_ftnref45\">[45]<\/a>.<\/p>\n<h2>\u00d6n\u00fcm\u00fczdeki yol<\/h2>\n<p>Hidrojenle \u00e7al\u0131\u015fan ta\u015f\u0131mac\u0131l\u0131kta gelecek parlak; en \u00f6nemlisi de ibre hep yukar\u0131y\u0131 g\u00f6steriyor. \u015eu anda, yollarda sadece yakla\u015f\u0131k 72.000 hidrojenle \u00e7al\u0131\u015fan ara\u00e7 var. Bu, k\u00fcresel olarak 1,5 milyar otomobilin i\u00e7inde \u00e7ok k\u00fc\u00e7\u00fck bir rakam.<\/p>\n<p>Buna kar\u015f\u0131l\u0131k, bu y\u0131l sadece 14 milyon bataryal\u0131 elektrikli ara\u00e7 (BEV) sat\u0131lm\u0131\u015f olacak<a href=\"#_ftn46\" name=\"_ftnref46\">[46]<\/a>.<\/p>\n<p><img decoding=\"async\" loading=\"lazy\" class=\"aligncenter size-full wp-image-108912\" src=\"https:\/\/media.alj.com\/app\/uploads\/2023\/07\/Hydrogen-5.jpg\" alt=\"\" width=\"2040\" height=\"1530\" srcset=\"https:\/\/media.alj.com\/app\/uploads\/2023\/07\/Hydrogen-5.jpg 2040w, https:\/\/media.alj.com\/app\/uploads\/2023\/07\/Hydrogen-5-300x225.jpg 300w, https:\/\/media.alj.com\/app\/uploads\/2023\/07\/Hydrogen-5-1024x768.jpg 1024w, https:\/\/media.alj.com\/app\/uploads\/2023\/07\/Hydrogen-5-150x113.jpg 150w, https:\/\/media.alj.com\/app\/uploads\/2023\/07\/Hydrogen-5-768x576.jpg 768w, https:\/\/media.alj.com\/app\/uploads\/2023\/07\/Hydrogen-5-1536x1152.jpg 1536w\" sizes=\"(max-width: 2040px) 100vw, 2040px\" \/><\/p>\n<p>Buna kar\u015f\u0131n analiz uzmanlar\u0131, \u00f6n\u00fcm\u00fczdeki on y\u0131l i\u00e7inde hidrojenle \u00e7al\u0131\u015fan ara\u00e7lar\u0131n yayg\u0131n olarak benimsenmesini sa\u011flayacak fakt\u00f6rlerin bir araya gelece\u011fini \u00f6ng\u00f6r\u00fcyor. Artan devlet deste\u011fi, yak\u0131t ikmal altyap\u0131s\u0131n\u0131n geni\u015flemesi, s\u00fcrekli yenilik, g\u00fcvenilmez tedarik zincirlerinden uzakla\u015f\u0131rken daha ye\u015fil yak\u0131tlara ge\u00e7i\u015f bask\u0131s\u0131\u2026 \u00d6l\u00e7ek ekonomileri devreye girerken piyasa, hidrojen ara\u00e7lar\u0131n\u0131n kullan\u0131m\u0131nda dramatik bir art\u0131\u015fa haz\u0131r olacakt\u0131r.<\/p>\n<p>Elektrikli arac\u0131n\u0131z\u0131 hen\u00fcz g\u00f6zden \u00e7\u0131karmay\u0131n. Ama yine de ihtiyatl\u0131 davran\u0131n; hidrojen \u00e7a\u011f\u0131 h\u0131zla yakla\u015f\u0131yor.<\/p>\n<p>&nbsp;<\/p>\n<p><a href=\"#_ftnref1\" name=\"_ftn1\">[1]<\/a> <a href=\"https:\/\/www.iea.org\/reports\/global-ev-outlook-2023\">https:\/\/www.iea.org\/reports\/global-ev-outlook-2023<\/a><\/p>\n<p><a href=\"#_ftnref2\" name=\"_ftn2\">[2]<\/a> <a href=\"https:\/\/www.euronews.com\/next\/2022\/10\/08\/at-a-fork-in-the-road-do-hydrogen-cars-offer-a-better-future-than-electric\">https:\/\/www.euronews.com\/next\/2022\/10\/08\/at-a-fork-in-the-road-do-hydrogen-cars-offer-a-better-future-than-electric<\/a><\/p>\n<p><a href=\"#_ftnref3\" name=\"_ftn3\">[3]<\/a> <a href=\"https:\/\/www.euronews.com\/next\/2022\/10\/08\/at-a-fork-in-the-road-do-hydrogen-cars-offer-a-better-future-than-electric\">https:\/\/www.euronews.com\/next\/2022\/10\/08\/at-a-fork-in-the-road-do-hydrogen-cars-offer-a-better-future-than-electric<\/a><\/p>\n<p><a href=\"#_ftnref4\" name=\"_ftn4\">[4]<\/a> <a href=\"https:\/\/www.polarismarketresearch.com\/industry-analysis\/hydrogen-fuel-cell-vehicle-market\">https:\/\/www.polarismarketresearch.com\/industry-analysis\/hydrogen-fuel-cell-vehicle-market<\/a><\/p>\n<p><a href=\"#_ftnref5\" name=\"_ftn5\">[5]<\/a> <a href=\"https:\/\/www.juniperresearch.com\/whitepapers\/why-hydrogen-vehicles-are-ready-for-the-mainstream\">https:\/\/www.juniperresearch.com\/whitepapers\/why-hydrogen-vehicles-are-ready-for-the-mainstream<\/a><\/p>\n<p><a href=\"#_ftnref6\" name=\"_ftn6\">[6]<\/a> <a href=\"https:\/\/www.hydrogeninsight.com\/transport\/toyota-unveils-its-first-new-hydrogen-car-in-a-decade-to-go-on-sale-this-autumn\/2-1-1433307\">https:\/\/www.hydrogeninsight.com\/transport\/toyota-unveils-its-first-new-hydrogen-car-in-a-decade-to-go-on-sale-this-autumn\/2-1-1433307<\/a><\/p>\n<p><a href=\"#_ftnref7\" name=\"_ftn7\">[7]<\/a> <a href=\"https:\/\/www.caranddriver.com\/news\/a42796089\/2024-honda-cr-v-powered-by-hydrogen-details\/\">https:\/\/www.caranddriver.com\/news\/a42796089\/2024-honda-cr-v-powered-by-hydrogen-details\/<\/a><\/p>\n<p><a href=\"#_ftnref8\" name=\"_ftn8\">[8]<\/a> <a href=\"https:\/\/autovista24.autovistagroup.com\/news\/hydrogen-vehicles-in-europe\/\">https:\/\/autovista24.autovistagroup.com\/news\/hydrogen-vehicles-in-europe\/<\/a><\/p>\n<p><a href=\"#_ftnref9\" name=\"_ftn9\">[9]<\/a> <a href=\"https:\/\/www.autocar.co.uk\/car-review\/bmw\/ix5-hydrogen\">https:\/\/www.autocar.co.uk\/car-review\/bmw\/ix5-hydrogen<\/a><\/p>\n<p><a href=\"#_ftnref10\" name=\"_ftn10\">[10]<\/a> <a href=\"https:\/\/nacfe.org\/research\/electric-trucks\/hydrogen\/\">https:\/\/nacfe.org\/research\/electric-trucks\/hydrogen\/<\/a><\/p>\n<p><a href=\"#_ftnref11\" name=\"_ftn11\">[11]<\/a> <a href=\"https:\/\/www.ft.com\/content\/64806305-cbc1-43b4-83da-87c98c81cf07\">https:\/\/www.ft.com\/content\/64806305-cbc1-43b4-83da-87c98c81cf07<\/a><\/p>\n<p><a href=\"#_ftnref12\" name=\"_ftn12\">[12]<\/a> <a href=\"https:\/\/autovista24.autovistagroup.com\/news\/hydrogen-vehicles-in-europe\/\">https:\/\/autovista24.autovistagroup.com\/news\/hydrogen-vehicles-in-europe\/<\/a><\/p>\n<p><a href=\"#_ftnref13\" name=\"_ftn13\">[13]<\/a> <a href=\"https:\/\/www.hydrogenfuelnews.com\/big-hydrogen-truck-industry\/8558375\/\">https:\/\/www.hydrogenfuelnews.com\/big-hydrogen-truck-industry\/8558375\/<\/a><\/p>\n<p><a href=\"#_ftnref14\" name=\"_ftn14\">[14]<\/a> <a href=\"https:\/\/www.prnewswire.com\/news-releases\/over-650-thousand-hydrogen-fuel-cell-buses-to-be-sold-by-2037-says-information-trends-301760555.html\">https:\/\/www.prnewswire.com\/news-releases\/over-650-thousand-hydrogen-fuel-cell-buses-to-be-sold-by-2037-says-information-trends-301760555.html<\/a><\/p>\n<p><a href=\"#_ftnref15\" name=\"_ftn15\">[15]<\/a> <a href=\"https:\/\/www.hydrogeninsight.com\/transport\/south-korea-signs-deal-with-samsung-hyundai-and-others-to-put-2-000-hydrogen-commuter-buses-on-its-roads-by-2026\/2-1-1445858\">https:\/\/www.hydrogeninsight.com\/transport\/south-korea-signs-deal-with-samsung-hyundai-and-others-to-put-2-000-hydrogen-commuter-buses-on-its-roads-by-2026\/2-1-1445858<\/a><\/p>\n<p><a href=\"#_ftnref16\" name=\"_ftn16\">[16]<\/a> <a href=\"https:\/\/www.pwc.de\/de\/branchen-und-markte\/oeffentlicher-sektor\/e-bus-radar.html\">https:\/\/www.pwc.de\/de\/branchen-und-markte\/oeffentlicher-sektor\/e-bus-radar.html<\/a><\/p>\n<p><a href=\"#_ftnref17\" name=\"_ftn17\">[17]<\/a> <a href=\"https:\/\/www.hydrogeninsight.com\/transport\/new-city-buses-in-eu-must-be-battery-or-hydrogen-powered-by-2030-as-bloc-targets-45-emissions-cut-for-heavy-duty-vehicles\/2-1-1404389\">https:\/\/www.hydrogeninsight.com\/transport\/new-city-buses-in-eu-must-be-battery-or-hydrogen-powered-by-2030-as-bloc-targets-45-emissions-cut-for-heavy-duty-vehicles\/2-1-1404389<\/a><\/p>\n<p><a href=\"#_ftnref18\" name=\"_ftn18\">[18]<\/a> <a href=\"https:\/\/www.hydrogeninsight.com\/transport\/new-city-buses-in-eu-must-be-battery-or-hydrogen-powered-by-2030-as-bloc-targets-45-emissions-cut-for-heavy-duty-vehicles\/2-1-1404389\">https:\/\/www.hydrogeninsight.com\/transport\/new-city-buses-in-eu-must-be-battery-or-hydrogen-powered-by-2030-as-bloc-targets-45-emissions-cut-for-heavy-duty-vehicles\/2-1-1404389<\/a><\/p>\n<p><a href=\"#_ftnref19\" name=\"_ftn19\">[19]<\/a> <a href=\"https:\/\/www.euractiv.com\/section\/energy\/news\/hydrogen-taxis-could-be-the-next-big-thing\/\">https:\/\/www.euractiv.com\/section\/energy\/news\/hydrogen-taxis-could-be-the-next-big-thing\/<\/a><\/p>\n<p><a href=\"#_ftnref20\" name=\"_ftn20\">[20]<\/a> <a href=\"https:\/\/www.hydrogeninsight.com\/transport\/special-advantage-toyota-providing-up-to-200-hydrogen-cars-to-uber-in-germany-as-part-of-two-year-trial\/2-1-1438797\">https:\/\/www.hydrogeninsight.com\/transport\/special-advantage-toyota-providing-up-to-200-hydrogen-cars-to-uber-in-germany-as-part-of-two-year-trial\/2-1-1438797<\/a><\/p>\n<p><a href=\"#_ftnref21\" name=\"_ftn21\">[21]<\/a> <a href=\"https:\/\/www.iea.org\/reports\/net-zero-by-2050\">https:\/\/www.iea.org\/reports\/net-zero-by-2050<\/a><\/p>\n<p><a href=\"#_ftnref22\" name=\"_ftn22\">[22]<\/a> <a href=\"https:\/\/www.energy.gov\/eere\/vehicles\/articles\/hydrogens-role-transportation\">https:\/\/www.energy.gov\/eere\/vehicles\/articles\/hydrogens-role-transportation<\/a><\/p>\n<p><a href=\"#_ftnref23\" name=\"_ftn23\">[23]<\/a> <a href=\"https:\/\/www.bbc.co.uk\/news\/business-60066015\">https:\/\/www.bbc.co.uk\/news\/business-60066015<\/a><\/p>\n<p><a href=\"#_ftnref24\" name=\"_ftn24\">[24]<\/a> <a href=\"https:\/\/www.energy.gov\/eere\/vehicles\/articles\/hydrogens-role-transportation\">https:\/\/www.energy.gov\/eere\/vehicles\/articles\/hydrogens-role-transportation<\/a><\/p>\n<p><a href=\"#_ftnref25\" name=\"_ftn25\">[25]<\/a> <a href=\"https:\/\/www.iea.org\/reports\/hydrogen\">https:\/\/www.iea.org\/reports\/hydrogen<\/a><\/p>\n<p><a href=\"#_ftnref26\" name=\"_ftn26\">[26]<\/a> <a href=\"https:\/\/hydrogencouncil.com\/wp-content\/uploads\/2022\/09\/Hydrogen-Insights-2022-2.pdf\">https:\/\/hydrogencouncil.com\/wp-content\/uploads\/2022\/09\/Hydrogen-Insights-2022-2.pdf<\/a><\/p>\n<p><a href=\"#_ftnref27\" name=\"_ftn27\">[27]<\/a> <a href=\"https:\/\/think.ing.com\/articles\/hold-3of4-governments-are-shaping-their-hydrogen-ambitions\/\">https:\/\/think.ing.com\/articles\/hold-3of4-governments-are-shaping-their-hydrogen-ambitions<\/a><\/p>\n<p><a href=\"#_ftnref28\" name=\"_ftn28\">[28]<\/a> <a href=\"https:\/\/www.energy.gov\/articles\/biden-harris-administration-announces-47-million-develop-affordable-clean-hydrogen\">https:\/\/www.energy.gov\/articles\/biden-harris-administration-announces-47-million-develop-affordable-clean-hydrogen<\/a><\/p>\n<p><a href=\"#_ftnref29\" name=\"_ftn29\">[29]<\/a> <a href=\"https:\/\/www.electronicdesign.com\/markets\/automotive\/article\/21249381\/electronic-design-automakers-forge-ahead-with-hydrogenfuelcell-vehicle-development\">https:\/\/www.electronicdesign.com\/markets\/automotive\/article\/21249381\/electronic-design-automakers-forge-ahead-with-hydrogenfuelcell-vehicle-development<\/a><\/p>\n<p><a href=\"#_ftnref30\" name=\"_ftn30\">[30]<\/a> <a href=\"https:\/\/cset.georgetown.edu\/wp-content\/uploads\/t0284_14th_Five_Year_Plan_EN.pdf\">https:\/\/cset.georgetown.edu\/wp-content\/uploads\/t0284_14th_Five_Year_Plan_EN.pdf<\/a><\/p>\n<p><a href=\"#_ftnref31\" name=\"_ftn31\">[31]<\/a> <a href=\"https:\/\/www.reuters.com\/world\/china\/china-produce-100000-200000-t-green-hydrogen-annually-by-2025-2022-03-23\/\">https:\/\/www.reuters.com\/world\/china\/china-produce-100000-200000-t-green-hydrogen-annually-by-2025-2022-03-23\/<\/a><\/p>\n<p><a href=\"#_ftnref32\" name=\"_ftn32\">[32]<\/a> <a href=\"https:\/\/www.cliffordchance.com\/content\/dam\/cliffordchance\/briefings\/2022\/08\/focus-on-hydrogen-in-japan.pdf\">https:\/\/www.cliffordchance.com\/content\/dam\/cliffordchance\/briefings\/2022\/08\/focus-on-hydrogen-in-japan.pdf<\/a><\/p>\n<p><a href=\"#_ftnref33\" name=\"_ftn33\">[33]<\/a> <a href=\"https:\/\/www.hydrogeninsight.com\/transport\/south-korea-signs-deal-with-samsung-hyundai-and-others-to-put-2-000-hydrogen-commuter-buses-on-its-roads-by-2026\/2-1-1445858\">https:\/\/www.hydrogeninsight.com\/transport\/south-korea-signs-deal-with-samsung-hyundai-and-others-to-put-2-000-hydrogen-commuter-buses-on-its-roads-by-2026\/2-1-1445858<\/a><\/p>\n<p><a href=\"#_ftnref34\" name=\"_ftn34\">[34]<\/a> <a href=\"https:\/\/ec.europa.eu\/commission\/presscorner\/detail\/en\/qanda_23_763\">https:\/\/ec.europa.eu\/commission\/presscorner\/detail\/en\/qanda_23_763<\/a><\/p>\n<p><a href=\"#_ftnref35\" name=\"_ftn35\">[35]<\/a> <a href=\"https:\/\/www.gov.uk\/government\/publications\/uk-hydrogen-strategy\">https:\/\/www.gov.uk\/government\/publications\/uk-hydrogen-strategy<\/a><\/p>\n<p><a href=\"#_ftnref36\" name=\"_ftn36\">[36]<\/a> <a href=\"https:\/\/www.gov.uk\/government\/news\/more-than-70-million-to-turbocharge-the-future-of-clean-transport\">https:\/\/www.gov.uk\/government\/news\/more-than-70-million-to-turbocharge-the-future-of-clean-transport<\/a><\/p>\n<p><a href=\"#_ftnref37\" name=\"_ftn37\">[37]<\/a> <a href=\"https:\/\/www.iea.org\/reports\/global-ev-outlook-2023\">https:\/\/www.iea.org\/reports\/global-ev-outlook-2023<\/a><\/p>\n<p><a href=\"#_ftnref38\" name=\"_ftn38\">[38]<\/a> <a href=\"https:\/\/www.cliffordchance.com\/content\/dam\/cliffordchance\/briefings\/2022\/08\/focus-on-hydrogen-in-japan.pdf\">https:\/\/www.cliffordchance.com\/content\/dam\/cliffordchance\/briefings\/2022\/08\/focus-on-hydrogen-in-japan.pdf<\/a><\/p>\n<p><a href=\"#_ftnref39\" name=\"_ftn39\">[39]<\/a> <a href=\"https:\/\/www.hydrogeninsight.com\/policy\/eu-nations-agree-to-install-hydrogen-fuelling-stations-in-all-major-cities-and-every-200km-along-core-routes\/2-1-1426859\">https:\/\/www.hydrogeninsight.com\/policy\/eu-nations-agree-to-install-hydrogen-fuelling-stations-in-all-major-cities-and-every-200km-along-core-routes\/2-1-1426859<\/a><\/p>\n<p><a href=\"#_ftnref40\" name=\"_ftn40\">[40]<\/a> <a href=\"https:\/\/hydrogencouncil.com\/en\/hydrogen-insights-2022\/\">https:\/\/hydrogencouncil.com\/en\/hydrogen-insights-2022\/<\/a><\/p>\n<p><a href=\"#_ftnref41\" name=\"_ftn41\">[41]<\/a> <a href=\"https:\/\/www.cbtnews.com\/honda-and-gm-partner-to-create-next-generation-hydrogen-fuel-cell-system\">https:\/\/www.cbtnews.com\/honda-and-gm-partner-to-create-next-generation-hydrogen-fuel-cell-system<\/a><\/p>\n<p><a href=\"#_ftnref42\" name=\"_ftn42\">[42]<\/a> <a href=\"https:\/\/asia.nikkei.com\/Editor-s-Picks\/Interview\/BMW-fuel-cell-SUV-to-enter-mass-production-as-soon-as-2025-executive\">https:\/\/asia.nikkei.com\/Editor-s-Picks\/Interview\/BMW-fuel-cell-SUV-to-enter-mass-production-as-soon-as-2025-executive<\/a><\/p>\n<p><a href=\"#_ftnref43\" name=\"_ftn43\">[43]<\/a> <a href=\"https:\/\/techcrunch.com\/2022\/08\/12\/ev-laggards-bmw-and-toyota-to-partner-on-hydrogen-fuel-cell-vehicles\">https:\/\/techcrunch.com\/2022\/08\/12\/ev-laggards-bmw-and-toyota-to-partner-on-hydrogen-fuel-cell-vehicles<\/a><\/p>\n<p><a href=\"#_ftnref44\" name=\"_ftn44\">[44]<\/a> <a href=\"https:\/\/www.sciencedirect.com\/science\/article\/abs\/pii\/S0360319921032444\">https:\/\/www.sciencedirect.com\/science\/article\/abs\/pii\/S0360319921032444<\/a><\/p>\n<p><a href=\"#_ftnref45\" name=\"_ftn45\">[45]<\/a> <a href=\"https:\/\/www.iea.org\/reports\/the-future-of-hydrogen\">https:\/\/www.iea.org\/reports\/the-future-of-hydrogen<\/a><\/p>\n<p><a href=\"#_ftnref46\" name=\"_ftn46\">[46]<\/a> <a href=\"https:\/\/iea.blob.core.windows.net\/assets\/dacf14d2-eabc-498a-8263-9f97fd5dc327\/GEVO2023.pdf\">https:\/\/iea.blob.core.windows.net\/assets\/dacf14d2-eabc-498a-8263-9f97fd5dc327\/GEVO2023.pdf<\/a><\/p>\n","protected":false},"author":18,"featured_media":108859,"template":"","tags":[],"acf":[],"yoast_head":"<!-- This site is optimized with the Yoast SEO plugin v21.5 - https:\/\/yoast.com\/wordpress\/plugins\/seo\/ -->\n<title>Hidrojen yeniden sahnelere d\u00f6n\u00fcyor | Abdul Latif Jameel\u00ae<\/title>\n<meta name=\"description\" content=\"Hidrojen, enerji ge\u00e7i\u015finde onlarca y\u0131l boyunca kilit bir kataliz\u00f6r olarak \u00f6ne s\u00fcr\u00fcld\u00fc.\u00a0Ula\u015ft\u0131rmadaki son geli\u015fmelere bakacak olursak gezegende en \u00e7ok bulunan elementi sevmemiz i\u00e7in \u00e7ok daha fazla neden var.\" \/>\n<meta name=\"robots\" content=\"index, follow, max-snippet:-1, max-image-preview:large, max-video-preview:-1\" \/>\n<link rel=\"canonical\" href=\"https:\/\/alj.com\/tr\/perspective\/hidrojen-yeniden-sahnelere-donuyor\/\" \/>\n<meta property=\"og:locale\" content=\"tr_TR\" \/>\n<meta property=\"og:type\" content=\"article\" \/>\n<meta property=\"og:title\" content=\"Hidrojen yeniden sahnelere d\u00f6n\u00fcyor | Abdul Latif Jameel\u00ae\" \/>\n<meta property=\"og:description\" content=\"Hidrojen, enerji ge\u00e7i\u015finde onlarca y\u0131l boyunca kilit bir kataliz\u00f6r olarak \u00f6ne s\u00fcr\u00fcld\u00fc.\u00a0Ula\u015ft\u0131rmadaki son geli\u015fmelere bakacak olursak gezegende en \u00e7ok bulunan elementi sevmemiz i\u00e7in \u00e7ok daha fazla neden var.\" \/>\n<meta property=\"og:url\" content=\"https:\/\/alj.com\/tr\/perspective\/hidrojen-yeniden-sahnelere-donuyor\/\" \/>\n<meta property=\"og:site_name\" content=\"Abdul Latif Jameel\" \/>\n<meta property=\"article:publisher\" content=\"https:\/\/www.facebook.com\/Abdul.Latif.Jameel.Official\" \/>\n<meta property=\"og:image\" content=\"https:\/\/media.alj.com\/app\/uploads\/2023\/07\/shutterstock_1871606383-scaled.jpg\" \/>\n\t<meta property=\"og:image:width\" content=\"2560\" \/>\n\t<meta property=\"og:image:height\" content=\"1707\" \/>\n\t<meta property=\"og:image:type\" content=\"image\/jpeg\" \/>\n<meta name=\"twitter:card\" content=\"summary_large_image\" \/>\n<meta name=\"twitter:label1\" content=\"Est. reading time\" \/>\n\t<meta name=\"twitter:data1\" content=\"19 minutes\" \/>\n<script type=\"application\/ld+json\" class=\"yoast-schema-graph\">{\"@context\":\"https:\/\/schema.org\",\"@graph\":[{\"@type\":\"WebPage\",\"@id\":\"https:\/\/alj.com\/tr\/perspective\/hidrojen-yeniden-sahnelere-donuyor\/\",\"url\":\"https:\/\/alj.com\/tr\/perspective\/hidrojen-yeniden-sahnelere-donuyor\/\",\"name\":\"Hidrojen yeniden sahnelere d\u00f6n\u00fcyor | Abdul Latif Jameel\u00ae\",\"isPartOf\":{\"@id\":\"https:\/\/alj.com\/en\/#website\"},\"datePublished\":\"2023-07-27T11:50:24+00:00\",\"dateModified\":\"2023-07-27T11:50:24+00:00\",\"description\":\"Hidrojen, enerji ge\u00e7i\u015finde onlarca y\u0131l boyunca kilit bir kataliz\u00f6r olarak \u00f6ne s\u00fcr\u00fcld\u00fc.\u00a0Ula\u015ft\u0131rmadaki son geli\u015fmelere bakacak olursak gezegende en \u00e7ok bulunan elementi sevmemiz i\u00e7in \u00e7ok daha fazla neden var.\",\"breadcrumb\":{\"@id\":\"https:\/\/alj.com\/tr\/perspective\/hidrojen-yeniden-sahnelere-donuyor\/#breadcrumb\"},\"inLanguage\":\"tr\",\"potentialAction\":[{\"@type\":\"ReadAction\",\"target\":[\"https:\/\/alj.com\/tr\/perspective\/hidrojen-yeniden-sahnelere-donuyor\/\"]}]},{\"@type\":\"BreadcrumbList\",\"@id\":\"https:\/\/alj.com\/tr\/perspective\/hidrojen-yeniden-sahnelere-donuyor\/#breadcrumb\",\"itemListElement\":[{\"@type\":\"ListItem\",\"position\":1,\"name\":\"Home\",\"item\":\"https:\/\/alj.com\/tr\/\"},{\"@type\":\"ListItem\",\"position\":2,\"name\":\"Perspectives\",\"item\":\"https:\/\/alj.com\/ja\/perspective\/\"},{\"@type\":\"ListItem\",\"position\":3,\"name\":\"Hidrojen yeniden sahnelere d\u00f6n\u00fcyor\"}]},{\"@type\":\"WebSite\",\"@id\":\"https:\/\/alj.com\/en\/#website\",\"url\":\"https:\/\/alj.com\/en\/\",\"name\":\"Abdul Latif Jameel\",\"description\":\"Abdul Latif Jameel\",\"potentialAction\":[{\"@type\":\"SearchAction\",\"target\":{\"@type\":\"EntryPoint\",\"urlTemplate\":\"https:\/\/alj.com\/en\/?s={search_term_string}\"},\"query-input\":\"required name=search_term_string\"}],\"inLanguage\":\"tr\"}]}<\/script>\n<!-- \/ Yoast SEO plugin. -->","yoast_head_json":{"title":"Hidrojen yeniden sahnelere d\u00f6n\u00fcyor | Abdul Latif Jameel\u00ae","description":"Hidrojen, enerji ge\u00e7i\u015finde onlarca y\u0131l boyunca kilit bir kataliz\u00f6r olarak \u00f6ne s\u00fcr\u00fcld\u00fc.\u00a0Ula\u015ft\u0131rmadaki son geli\u015fmelere bakacak olursak gezegende en \u00e7ok bulunan elementi sevmemiz i\u00e7in \u00e7ok daha fazla neden var.","robots":{"index":"index","follow":"follow","max-snippet":"max-snippet:-1","max-image-preview":"max-image-preview:large","max-video-preview":"max-video-preview:-1"},"canonical":"https:\/\/alj.com\/tr\/perspective\/hidrojen-yeniden-sahnelere-donuyor\/","og_locale":"tr_TR","og_type":"article","og_title":"Hidrojen yeniden sahnelere d\u00f6n\u00fcyor | Abdul Latif Jameel\u00ae","og_description":"Hidrojen, enerji ge\u00e7i\u015finde onlarca y\u0131l boyunca kilit bir kataliz\u00f6r olarak \u00f6ne s\u00fcr\u00fcld\u00fc.\u00a0Ula\u015ft\u0131rmadaki son geli\u015fmelere bakacak olursak gezegende en \u00e7ok bulunan elementi sevmemiz i\u00e7in \u00e7ok daha fazla neden var.","og_url":"https:\/\/alj.com\/tr\/perspective\/hidrojen-yeniden-sahnelere-donuyor\/","og_site_name":"Abdul Latif Jameel","article_publisher":"https:\/\/www.facebook.com\/Abdul.Latif.Jameel.Official","og_image":[{"width":2560,"height":1707,"url":"https:\/\/media.alj.com\/app\/uploads\/2023\/07\/shutterstock_1871606383-scaled.jpg","type":"image\/jpeg"}],"twitter_card":"summary_large_image","twitter_misc":{"Est. reading time":"19 minutes"},"schema":{"@context":"https:\/\/schema.org","@graph":[{"@type":"WebPage","@id":"https:\/\/alj.com\/tr\/perspective\/hidrojen-yeniden-sahnelere-donuyor\/","url":"https:\/\/alj.com\/tr\/perspective\/hidrojen-yeniden-sahnelere-donuyor\/","name":"Hidrojen yeniden sahnelere d\u00f6n\u00fcyor | Abdul Latif Jameel\u00ae","isPartOf":{"@id":"https:\/\/alj.com\/en\/#website"},"datePublished":"2023-07-27T11:50:24+00:00","dateModified":"2023-07-27T11:50:24+00:00","description":"Hidrojen, enerji ge\u00e7i\u015finde onlarca y\u0131l boyunca kilit bir kataliz\u00f6r olarak \u00f6ne s\u00fcr\u00fcld\u00fc.\u00a0Ula\u015ft\u0131rmadaki son geli\u015fmelere bakacak olursak gezegende en \u00e7ok bulunan elementi sevmemiz i\u00e7in \u00e7ok daha fazla neden var.","breadcrumb":{"@id":"https:\/\/alj.com\/tr\/perspective\/hidrojen-yeniden-sahnelere-donuyor\/#breadcrumb"},"inLanguage":"tr","potentialAction":[{"@type":"ReadAction","target":["https:\/\/alj.com\/tr\/perspective\/hidrojen-yeniden-sahnelere-donuyor\/"]}]},{"@type":"BreadcrumbList","@id":"https:\/\/alj.com\/tr\/perspective\/hidrojen-yeniden-sahnelere-donuyor\/#breadcrumb","itemListElement":[{"@type":"ListItem","position":1,"name":"Home","item":"https:\/\/alj.com\/tr\/"},{"@type":"ListItem","position":2,"name":"Perspectives","item":"https:\/\/alj.com\/ja\/perspective\/"},{"@type":"ListItem","position":3,"name":"Hidrojen yeniden sahnelere d\u00f6n\u00fcyor"}]},{"@type":"WebSite","@id":"https:\/\/alj.com\/en\/#website","url":"https:\/\/alj.com\/en\/","name":"Abdul Latif Jameel","description":"Abdul Latif Jameel","potentialAction":[{"@type":"SearchAction","target":{"@type":"EntryPoint","urlTemplate":"https:\/\/alj.com\/en\/?s={search_term_string}"},"query-input":"required name=search_term_string"}],"inLanguage":"tr"}]}},"post-meta-fields":{"push_notification":["no"],"_push_notification":["field_5c3b1fb67034d"],"_wpml_word_count":["{\"total\":2870,\"to_translate\":{\"ar\":2870,\"zh-hans\":2870,\"fr\":2870,\"ja\":2870,\"es\":2870,\"tr\":2870}}"],"_wpml_media_featured":["1"],"_wpml_media_duplicate":["1"],"perspective_short_title":["Hidrojen yeniden sahnelere d\u00f6n\u00fcyor"],"perspective_summury":["<p>Hidrojen, enerji ge\u00e7i\u015finde onlarca y\u0131l boyunca kilit bir kataliz\u00f6r olarak \u00f6ne s\u00fcr\u00fcld\u00fc.\u00a0Ula\u015ft\u0131rmadaki son geli\u015fmelere bakacak olursak gezegende en \u00e7ok bulunan elementi sevmemiz i\u00e7in \u00e7ok daha fazla neden var.<\/p>\n"],"perspective_location":["Dubai, BAE"],"wpcf-featured-news":["0"],"is_latest_news":["0"],"wpcf-show-news-at-homepage":["1"],"publish_mobile":[""],"_publish_mobile":["field_5bfa8eb2e65cf"],"mobile_featured_image":["https:\/\/media.alj.com\/app\/uploads\/2023\/07\/shutterstock_1871606383-scaled.jpg"],"_mobile_featured_image":["field_5c3b204983dea"],"featured_on_listing_page":["0"],"_featured_on_listing_page":["field_62458ea7383c3"],"content_series_applied":[""],"_content_series_applied":["field_60f3d3faf82ac"],"wpcf-perspective-downloadable_file":[""],"wpcf-perspective-published-date":["1690416000"],"wpcf-video-description":[""],"wpcf-layoutvideourl":[""],"wpcf-video-thumb":[""],"wpcf-social4-svg":[""],"wpcf-social4-background-image":[""],"wpcf-social4-text":[""],"wpcf-social4-url":[""],"wpcf-social3-svg":[""],"wpcf-social3-background-image":[""],"wpcf-social3-text":[""],"wpcf-social3-url":[""],"wpcf-social-text-svg-square":[""],"wpcf-social-text-image-square":[""],"wpcf-social-text-text-square":[""],"wpcf-social-text-url-square":[""],"wpcf-social2-svg":[""],"wpcf-social2-background-image":[""],"wpcf-social2-text":[""],"wpcf-social2-url":[""],"wpcf-social-svg-square":[""],"wpcf-social-image-square":[""],"wpcf-social-text-square":[""],"wpcf-social-url-square":[""],"wpcf-social1-svg":[""],"wpcf-social1-background-image":[""],"wpcf-social1-text":[""],"wpcf-social1-url":[""],"wpcf-quotes-with-auther-text-1":[""],"wpcf-card_article_with_title_content":[""],"wpcf-card_article_content":["<p>write your content<\/p>"],"wpcf-quotes-with-auther-text":[""],"_bsf_post_type":["0"],"_bsf_item_review_type":["none"],"_yoast_wpseo_title":["Hidrojen yeniden sahnelere d\u00f6n\u00fcyor | Abdul Latif Jameel\u00ae"],"_yoast_wpseo_metadesc":["Hidrojen, enerji ge\u00e7i\u015finde onlarca y\u0131l boyunca kilit bir kataliz\u00f6r olarak \u00f6ne s\u00fcr\u00fcld\u00fc.\u00a0Ula\u015ft\u0131rmadaki son geli\u015fmelere bakacak olursak gezegende en \u00e7ok bulunan elementi sevmemiz i\u00e7in \u00e7ok daha fazla neden var."],"_yoast_wpseo_content_score":["30"],"_yoast_wpseo_estimated-reading-time-minutes":[""],"_yoast_wpseo_wordproof_timestamp":[""],"_thumbnail_id":["108859"],"_edit_lock":["1690458953:18"],"_edit_last":["18"],"_last_translation_edit_mode":["native-editor"],"wpcf-projecttitle":[""],"wpcf-projectdescription":[""],"wpcf-projectimage-video1":["image"],"wpcf-projectimage-1":[""],"wpcf-projectvideo-1":[""],"wpcf-projectdescription-1":[""],"wpcf-projectimage-video2":["image"],"wpcf-projectimage-2":[""],"wpcf-projectvideo-2":[""],"wpcf-projectdescription-2":[""],"wpcf-projectimage-video3":["image"],"wpcf-projectimage-3":[""],"wpcf-projectvideo-3":[""],"wpcf-projectdescription-3":[""],"wpcf-projectimage-video4":["image"],"wpcf-projectimage-4":[""],"wpcf-projectvideo-4":[""],"wpcf-projectdescription-4":[""],"perspective_business_sector":["Ula\u015f\u0131m"],"wpcf-card-image":[""],"_wpcf-card-image-sort-order":["a:1:{i:0;i:1505915;}"],"amazonS3_cache":["a:12:{s:44:\"\/\/alj.com\/app\/uploads\/2023\/07\/Hydrogen-1.jpg\";a:2:{s:2:\"id\";i:108884;s:11:\"source_type\";s:13:\"media-library\";}s:50:\"\/\/media.alj.com\/app\/uploads\/2023\/07\/Hydrogen-1.jpg\";a:2:{s:2:\"id\";i:108884;s:11:\"source_type\";s:13:\"media-library\";}s:44:\"\/\/alj.com\/app\/uploads\/2023\/07\/Hydrogen-2.jpg\";a:2:{s:2:\"id\";i:108891;s:11:\"source_type\";s:13:\"media-library\";}s:50:\"\/\/media.alj.com\/app\/uploads\/2023\/07\/Hydrogen-2.jpg\";a:2:{s:2:\"id\";i:108891;s:11:\"source_type\";s:13:\"media-library\";}s:63:\"\/\/alj.com\/app\/uploads\/2023\/07\/ROOKING-Racing-hydrogen-power.jpg\";a:2:{s:2:\"id\";i:108866;s:11:\"source_type\";s:13:\"media-library\";}s:69:\"\/\/media.alj.com\/app\/uploads\/2023\/07\/ROOKING-Racing-hydrogen-power.jpg\";a:2:{s:2:\"id\";i:108866;s:11:\"source_type\";s:13:\"media-library\";}s:44:\"\/\/alj.com\/app\/uploads\/2023\/07\/Hydrogen-3.jpg\";a:2:{s:2:\"id\";i:108898;s:11:\"source_type\";s:13:\"media-library\";}s:50:\"\/\/media.alj.com\/app\/uploads\/2023\/07\/Hydrogen-3.jpg\";a:2:{s:2:\"id\";i:108898;s:11:\"source_type\";s:13:\"media-library\";}s:44:\"\/\/alj.com\/app\/uploads\/2023\/07\/Hydrogen-4.jpg\";a:2:{s:2:\"id\";i:108905;s:11:\"source_type\";s:13:\"media-library\";}s:50:\"\/\/media.alj.com\/app\/uploads\/2023\/07\/Hydrogen-4.jpg\";a:2:{s:2:\"id\";i:108905;s:11:\"source_type\";s:13:\"media-library\";}s:44:\"\/\/alj.com\/app\/uploads\/2023\/07\/Hydrogen-5.jpg\";a:2:{s:2:\"id\";i:108912;s:11:\"source_type\";s:13:\"media-library\";}s:50:\"\/\/media.alj.com\/app\/uploads\/2023\/07\/Hydrogen-5.jpg\";a:2:{s:2:\"id\";i:108912;s:11:\"source_type\";s:13:\"media-library\";}}"]},"_links":{"self":[{"href":"https:\/\/alj.com\/tr\/wp-json\/wp\/v2\/perspective\/108872"}],"collection":[{"href":"https:\/\/alj.com\/tr\/wp-json\/wp\/v2\/perspective"}],"about":[{"href":"https:\/\/alj.com\/tr\/wp-json\/wp\/v2\/types\/perspective"}],"author":[{"embeddable":true,"href":"https:\/\/alj.com\/tr\/wp-json\/wp\/v2\/users\/18"}],"wp:featuredmedia":[{"embeddable":true,"href":"https:\/\/alj.com\/tr\/wp-json\/wp\/v2\/media\/108859"}],"wp:attachment":[{"href":"https:\/\/alj.com\/tr\/wp-json\/wp\/v2\/media?parent=108872"}],"wp:term":[{"taxonomy":"post_tag","embeddable":true,"href":"https:\/\/alj.com\/tr\/wp-json\/wp\/v2\/tags?post=108872"}],"curies":[{"name":"wp","href":"https:\/\/api.w.org\/{rel}","templated":true}]}}