{"id":112497,"date":"2024-01-11T10:14:11","date_gmt":"2024-01-11T10:14:11","guid":{"rendered":"https:\/\/alj.com\/?post_type=perspective&#038;p=112497"},"modified":"2024-04-24T07:09:17","modified_gmt":"2024-04-24T07:09:17","slug":"daha-iyi-is-ve-daha-iyi-bir-yasam-icin-bir-felsefe","status":"publish","type":"perspective","link":"https:\/\/alj.com\/tr\/perspective\/daha-iyi-is-ve-daha-iyi-bir-yasam-icin-bir-felsefe\/","title":{"rendered":"Daha iyi i\u015f ve daha iyi bir ya\u015fam i\u00e7in . . . bir felsefe"},"content":{"rendered":"<p><span style=\"font-size: 14px; position: absolute; margin-top: -33px;\">Toyota Motor Corporation Kaizen Ekibi 2004 (Hassan Jameel, \u00f6n s\u0131rada soldan ikinci)<\/span><\/p>\n<h1>Daha iyi i\u015f ve daha iyi bir ya\u015fam i\u00e7in . . . bir felsefe<\/h1>\n<p>Kaizen ve s\u00fcrekli k\u00fc\u00e7\u00fck geli\u015fimlerin ne kadar \u00e7ok \u015fey katabilece\u011fi hakk\u0131nda Hassan Jameel ile yap\u0131lan bir g\u00f6r\u00fc\u015fme.<\/p>\n<p><a href=\"https:\/\/alj.com\">Abdul Latif Jameel<\/a> yakla\u015f\u0131k 70 y\u0131l \u00f6nce <a href=\"https:\/\/global.toyota\/en\/index.html\">Toyota<\/a> ile ilk i\u015f ortakl\u0131\u011f\u0131 yapt\u0131\u011f\u0131nda asl\u0131nda arabalardan daha fazlas\u0131n\u0131 ithal ediyordu. Bir i\u015fletmenin y\u00f6netimiyle ilgili tamamen yeni bir felsefeyi de \u00fclkesine getiriyordu.<\/p>\n<p>Toyota gibi Japon \u015firketlerinin \u00f6nc\u00fcl\u00fc\u011f\u00fcn\u00fc yapt\u0131\u011f\u0131 \u2018s\u00fcrekli geli\u015fim\u2019 yakla\u015f\u0131m\u0131 olarak da bilinen Kaizen i\u015f felsefesi, verimlili\u011fi ve performans\u0131 art\u0131rmaya, israf\u0131 ortadan kald\u0131rmaya ve kaynak kullan\u0131m\u0131n\u0131 optimize etmeye dayanmaktad\u0131r.<\/p>\n<p>1913 y\u0131l\u0131nda fabrikalar\u0131na hareketli montaj hatt\u0131n\u0131 getiren Henry Ford, ilk basit yal\u0131n imalat s\u00fcrecini olu\u015fturan ki\u015fi olarak bilinmektedir. Ancak, Ford\u2019un ger\u00e7ek bir Yal\u0131n Y\u00f6netim ve \u00fcretim sistemi olu\u015fturmaya y\u00f6nelik orijinal fikrini 1930\u2019larda detayland\u0131ran ve geli\u015ftirenler Toyota\u2019da \u00e7al\u0131\u015fan Kiichiro Toyoda, Taiichi Ohno ve di\u011ferlerinin \u00e7al\u0131\u015fmalar\u0131 oldu.<\/p>\n<p>Ford\u2019un y\u00f6ntemlerinden ilham alarak Toyota \u00dcretim Sistemini olu\u015fturdular ve gelecek on y\u0131llar boyunca bir devrimin ate\u015fini yakarak hem Japonya\u2019da hem de Birle\u015fik Devletler\u2019deki i\u015fletmelerin d\u00f6n\u00fc\u015f\u00fcm\u00fcnde \u00f6nc\u00fc oldular.<\/p>\n<figure id=\"attachment_112466\" aria-describedby=\"caption-attachment-112466\" style=\"width: 2008px\" class=\"wp-caption alignright\"><img decoding=\"async\" loading=\"lazy\" class=\"size-full wp-image-112466\" src=\"https:\/\/media.alj.com\/app\/uploads\/2024\/01\/Picturegroup.png\" alt=\"\" width=\"2008\" height=\"855\" srcset=\"https:\/\/media.alj.com\/app\/uploads\/2024\/01\/Picturegroup.png 2008w, https:\/\/media.alj.com\/app\/uploads\/2024\/01\/Picturegroup-300x128.png 300w, https:\/\/media.alj.com\/app\/uploads\/2024\/01\/Picturegroup-1024x436.png 1024w, https:\/\/media.alj.com\/app\/uploads\/2024\/01\/Picturegroup-150x64.png 150w, https:\/\/media.alj.com\/app\/uploads\/2024\/01\/Picturegroup-768x327.png 768w, https:\/\/media.alj.com\/app\/uploads\/2024\/01\/Picturegroup-1536x654.png 1536w\" sizes=\"(max-width: 2008px) 100vw, 2008px\" \/><figcaption id=\"caption-attachment-112466\" class=\"wp-caption-text\">Sol: Kiichiro Toyoda (1894-1952), Sa\u011f: Taiichi Ohno (1912-1990)<\/figcaption><\/figure>\n<p>&nbsp;<\/p>\n<p>Japonlar\u0131n s\u00fcrekli geli\u015fim s\u00fcreci olarak adland\u0131rd\u0131\u011f\u0131 Kaizen, imalat s\u00fcre\u00e7lerinden do\u011fmu\u015ftur. Ancak, ayn\u0131 \u015fekilde hizmet i\u015fletmelerine de uygulanabilir. Yal\u0131n Y\u00f6netimi benimseyen kurulu\u015flar ne kadar k\u00fc\u00e7\u00fck oldu\u011funa bak\u0131lmaks\u0131z\u0131n geli\u015fim potansiyellerini g\u00f6rmek i\u00e7in her ad\u0131m\u0131 ve etkinli\u011fi de\u011ferlendirirler. Bu kazan\u0131mlar m\u00fcnferit olarak \u00f6nemsiz olabilir, ancak hep birlikte olumlu y\u00f6ndeki de\u011fi\u015fimi tetikleyen \u00f6nemli iyile\u015ftirmelere katk\u0131da bulunabilirler.<\/p>\n<p><img decoding=\"async\" loading=\"lazy\" class=\"wp-image-112734 size-full aligncenter\" src=\"https:\/\/media.alj.com\/app\/uploads\/2024\/01\/HJ-continuous-improvement-1_001.jpg\" alt=\"\" width=\"1770\" height=\"941\" srcset=\"https:\/\/media.alj.com\/app\/uploads\/2024\/01\/HJ-continuous-improvement-1_001.jpg 1770w, https:\/\/media.alj.com\/app\/uploads\/2024\/01\/HJ-continuous-improvement-1_001-300x159.jpg 300w, https:\/\/media.alj.com\/app\/uploads\/2024\/01\/HJ-continuous-improvement-1_001-1024x544.jpg 1024w, https:\/\/media.alj.com\/app\/uploads\/2024\/01\/HJ-continuous-improvement-1_001-150x80.jpg 150w, https:\/\/media.alj.com\/app\/uploads\/2024\/01\/HJ-continuous-improvement-1_001-768x408.jpg 768w, https:\/\/media.alj.com\/app\/uploads\/2024\/01\/HJ-continuous-improvement-1_001-1536x817.jpg 1536w\" sizes=\"(max-width: 1770px) 100vw, 1770px\" \/><\/p>\n<p>&nbsp;<\/p>\n<figure id=\"attachment_112368\" aria-describedby=\"caption-attachment-112368\" style=\"width: 214px\" class=\"wp-caption alignleft\"><img decoding=\"async\" loading=\"lazy\" class=\"wp-image-112368 size-medium\" src=\"https:\/\/media.alj.com\/app\/uploads\/2024\/01\/Picture5-214x300.png\" alt=\"Hassan Jameel\" width=\"214\" height=\"300\" srcset=\"https:\/\/media.alj.com\/app\/uploads\/2024\/01\/Picture5-214x300.png 214w, https:\/\/media.alj.com\/app\/uploads\/2024\/01\/Picture5-731x1024.png 731w, https:\/\/media.alj.com\/app\/uploads\/2024\/01\/Picture5-107x150.png 107w, https:\/\/media.alj.com\/app\/uploads\/2024\/01\/Picture5.png 734w\" sizes=\"(max-width: 214px) 100vw, 214px\" \/><figcaption id=\"caption-attachment-112368\" class=\"wp-caption-text\">Hassan Jameel<br \/>Ba\u015fkan Vekili ve Ba\u015fkan Yard\u0131mc\u0131s\u0131<br \/>Abdul Latif Jameel, Suudi Arabistan<\/figcaption><\/figure>\n<p>Abdul Latif Jameel Suudi Arabistan Ba\u015fkan Vekili ve Ba\u015fkan Yard\u0131mc\u0131s\u0131 <a href=\"https:\/\/alj.com\/en\/our-people\/hassan-jameel\/\">Hassan Jameel<\/a>, Kaizen felsefesinin ate\u015fli bir savunucusudur ve 2000\u2019lerin ba\u015f\u0131nda Japonya\u2019daki genel merkezlerinde Toyota\u2019da \u00e7al\u0131\u015f\u0131rken bunu ilk elden deneyimlemi\u015ftir.<\/p>\n<p>Hassan ile s\u00fcrekli geli\u015fime olan ilgisini ve bunun organizasyonlar\u0131n i\u015f yapma \u015fekillerini d\u00f6n\u00fc\u015ft\u00fcrmelerine nas\u0131l yard\u0131mc\u0131 oldu\u011funu konu\u015fmak i\u00e7in g\u00f6r\u00fc\u015ft\u00fck.<\/p>\n<h2>\u2018S\u00fcrekli geli\u015fim\u2019 nedir?<br \/>\nVe bu sizin i\u00e7in ne anlama geliyor?<\/h2>\n<p>Bu kadar \u00e7ok i\u015f jargonu ve dan\u0131\u015fmanl\u0131k terminolojisinin aksine, s\u00fcrekli geli\u015fimin tan\u0131m\u0131 tatmin edici derecede basittir.<\/p>\n<p>Bu iki kelime, tam anlam\u0131yla kendini a\u00e7\u0131kl\u0131yor. S\u00fcrekli geli\u015fim. S\u00fcrekli daha iyi olmaya \u00e7al\u0131\u015fmak. \u0130lk bak\u0131\u015fta \u00e7ok basit gibi g\u00f6r\u00fcn\u00fcyor. Ama bundan daha derin k\u00f6kleri var. Bir birey olarak benim i\u00e7in s\u00fcrekli geli\u015fim, sadece her g\u00fcn kendini geli\u015ftirmekle ilgili de\u011fildir. Bu zihniyeti ya\u015fam tarz\u0131n\u0131za nas\u0131l dahil etti\u011finizle ilgilidir, b\u00f6ylece otomatik hale gelir.<\/p>\n<p>Geli\u015fim i\u00e7in neler yapabilece\u011finizi her g\u00fcn d\u00fc\u015f\u00fcn\u00fcn. Her g\u00fcn bir \u015feyi geli\u015ftirmeye \u00e7al\u0131\u015ft\u0131\u011f\u0131n\u0131z s\u00fcrece ne kadar k\u00fc\u00e7\u00fck oldu\u011funun bir \u00f6nemi yoktur. O zaman bu ger\u00e7ekten kimli\u011finizin bir par\u00e7as\u0131 haline gelir.<\/p>\n<p>Kurulu\u015flarda da benzerdir. K\u00fc\u00e7\u00fck bir de\u011fi\u015fim olsa bile, her g\u00fcn yapt\u0131klar\u0131 her \u015feyde s\u00fcrekli iyile\u015ftirme yakla\u015f\u0131m\u0131n\u0131 tutarl\u0131 bir \u015fekilde uygulayabilecek bir k\u00fclt\u00fcr\u00fc nas\u0131l olu\u015fturursunuz?<\/p>\n<p>\u0130\u015fletmedeki herkesin s\u00fcrekli olarak kendi rolleri, ekiplerinin rolleri ve g\u00f6revlerinin bir par\u00e7as\u0131 olarak yerine getirdikleri g\u00f6revler ve ne gibi k\u00fc\u00e7\u00fck de\u011fi\u015fiklikler yaparak verimlili\u011fi ve kaliteyi art\u0131rabilecekleri hakk\u0131nda d\u00fc\u015f\u00fcnmesini ifade eden bir k\u00fclt\u00fcr. Her bir bireysel de\u011fi\u015fiklik en az\u0131ndan o an \u00f6nemsiz g\u00f6r\u00fcnebilir. Ama t\u00fcm bu de\u011fi\u015fimler birikir. Kademeli bir \u015fekilde at\u0131lan en k\u00fc\u00e7\u00fck ad\u0131mlar bile bir araya getirildi\u011finde b\u00fcy\u00fck bir fark yarat\u0131r. S\u00fcrekli geli\u015fimi daha etkili ve anla\u015f\u0131lmas\u0131 kolay hale getiren \u015feyin basitlik oldu\u011funa inan\u0131yorum.<\/p>\n<h2>S\u00fcrekli geli\u015fim kavram\u0131n\u0131n ilk ne zaman fark\u0131na vard\u0131n\u0131z?<\/h2>\n<p>\u00c7ok gen\u00e7ken, i\u015f hayat\u0131nda \u00e7al\u0131\u015fmaya ba\u015flamadan \u00f6nce bile bunun fark\u0131na varm\u0131\u015ft\u0131m. Babam\u0131n ve di\u011fer \u00fcst d\u00fczey y\u00f6neticilerin bu konuda konu\u015ftuklar\u0131n\u0131 duyard\u0131m ve bunun i\u015fletmenin yapmakta oldu\u011fu bir \u015fey oldu\u011funun fark\u0131ndayd\u0131m, ancak ne anlama geldi\u011fini anlamad\u0131m.<\/p>\n<figure id=\"attachment_112375\" aria-describedby=\"caption-attachment-112375\" style=\"width: 202px\" class=\"wp-caption alignright\"><img decoding=\"async\" loading=\"lazy\" class=\"wp-image-112375 size-full\" src=\"https:\/\/media.alj.com\/app\/uploads\/2024\/01\/Picture6.jpg\" alt=\"The Toyota Way\" width=\"202\" height=\"202\" srcset=\"https:\/\/media.alj.com\/app\/uploads\/2024\/01\/Picture6.jpg 202w, https:\/\/media.alj.com\/app\/uploads\/2024\/01\/Picture6-150x150.jpg 150w, https:\/\/media.alj.com\/app\/uploads\/2024\/01\/Picture6-200x200.jpg 200w, https:\/\/media.alj.com\/app\/uploads\/2024\/01\/Picture6-170x170.jpg 170w, https:\/\/media.alj.com\/app\/uploads\/2024\/01\/Picture6-70x70.jpg 70w\" sizes=\"(max-width: 202px) 100vw, 202px\" \/><figcaption id=\"caption-attachment-112375\" class=\"wp-caption-text\">Toyota Way (Toyota Tarz\u0131) \u2013 uzun s\u00fcredir en \u00e7ok satanlar aras\u0131na yer alan bir y\u00f6netim kitab\u0131.<\/figcaption><\/figure>\n<p>S\u00fcrekli geli\u015fim, Toyota\u2019n\u0131n \u00f6nc\u00fcl\u00fc\u011f\u00fcndeki \u2018Kaizen\u2019 i\u015f felsefesine dayanmaktad\u0131r.<\/p>\n<p>Abdul Latif Jameel bu yakla\u015f\u0131mla ilk defa 1950\u2019lerde Suudi Arabistan\u2019a Toyota ara\u00e7lar\u0131 ithal etmeye ba\u015flad\u0131\u011f\u0131nda tan\u0131\u015ft\u0131. Ancak bir i\u015f felsefesi olarak s\u00fcrekli geli\u015fim, ger\u00e7ek anlamda 1990\u2019larda ve 2000\u2019lerde k\u00fcresel olarak \u00f6ne \u00e7\u0131kt\u0131. 2001 y\u0131l\u0131nda uzun zamand\u0131r bu kavram\u0131n \u00f6nc\u00fclerinden biri olarak g\u00f6r\u00fclen Toyota, Kaizen yakla\u015f\u0131m\u0131n\u0131 Toyota Way (Toyota Tarz\u0131) kitab\u0131n\u0131n yay\u0131nlanmas\u0131yla resmile\u015ftirdi.<\/p>\n<p>Son derece etkili bu belge, d\u00fcnyan\u0131n d\u00f6rt bir yan\u0131ndaki i\u015fletmelerin s\u00fcrekli geli\u015fim ve sa\u011flayabilece\u011fi faydalar hakk\u0131nda daha fazla bilgi edinmesi i\u00e7in bir rehber haline geldi.<\/p>\n<p>&nbsp;<\/p>\n<p><img decoding=\"async\" loading=\"lazy\" class=\"wp-image-112741 size-full aligncenter\" src=\"https:\/\/media.alj.com\/app\/uploads\/2024\/01\/HJ-continuous-improvement-2_001.jpg\" alt=\"\" width=\"2300\" height=\"787\" srcset=\"https:\/\/media.alj.com\/app\/uploads\/2024\/01\/HJ-continuous-improvement-2_001.jpg 2300w, https:\/\/media.alj.com\/app\/uploads\/2024\/01\/HJ-continuous-improvement-2_001-300x103.jpg 300w, https:\/\/media.alj.com\/app\/uploads\/2024\/01\/HJ-continuous-improvement-2_001-1024x350.jpg 1024w, https:\/\/media.alj.com\/app\/uploads\/2024\/01\/HJ-continuous-improvement-2_001-150x51.jpg 150w, https:\/\/media.alj.com\/app\/uploads\/2024\/01\/HJ-continuous-improvement-2_001-768x263.jpg 768w, https:\/\/media.alj.com\/app\/uploads\/2024\/01\/HJ-continuous-improvement-2_001-1536x526.jpg 1536w, https:\/\/media.alj.com\/app\/uploads\/2024\/01\/HJ-continuous-improvement-2_001-2048x701.jpg 2048w\" sizes=\"(max-width: 2300px) 100vw, 2300px\" \/><\/p>\n<p>Bu, Japonlara \u00f6zg\u00fc bir felsefe de\u011fildir. Di\u011fer b\u00fcy\u00fck Japon \u015firketlerine gitti\u011finizde, Kaizen\u2019i Toyota\u2019da duydu\u011funuz kadar duymazs\u0131n\u0131z. Bu fikirleri alan ve bunlar\u0131 ger\u00e7ekten s\u00fcrekli geli\u015fim kavram\u0131 etraf\u0131nda tutarl\u0131, pratik bir i\u015f geli\u015fim felsefesine d\u00f6n\u00fc\u015ft\u00fcren, \u00f6zellikle Toyota oldu.<\/p>\n<h2>E\u011fitim g\u00f6rerek ve kariyerinizin ba\u015flar\u0131nda Toyota\u2019da \u00e7al\u0131\u015farak Japonya\u2019da ge\u00e7irdiniz bir d\u00f6nem oldu. Bu, s\u00fcrekli geli\u015fim anlay\u0131\u015f\u0131n\u0131z\u0131 nas\u0131l etkiledi?<\/h2>\n<p>Lise ve \u00fcniversiteye Japonya\u2019da gittim ve tatillerimi genellikle Toyota\u2019da stajyer olarak \u00e7al\u0131\u015farak ve k\u00fc\u00e7\u00fck projelere yard\u0131mc\u0131 olarak ge\u00e7irirdim. Toyota\u2019n\u0131n yerel Kaizen departman\u0131na ilk Japon olmayan ki\u015fi olarak 2004 y\u0131l\u0131nda kat\u0131ld\u0131\u011f\u0131mda, s\u00fcrekli geli\u015fime nelerin dahil oldu\u011funu uygulamal\u0131 d\u00fczeyde ger\u00e7ekten anlamaya ba\u015flad\u0131m.<\/p>\n<p>Kaizen departman\u0131n\u0131n rol\u00fc, Japonya\u2019daki bayilerle birlikte \u00e7al\u0131\u015fmak ve Kaizen projelerinin uygulanmas\u0131nda onlar\u0131 desteklemekti. Bunlar genellikle tedarik zinciri, servis, envanter y\u00f6netimi ile ilgili operasyonel projelerdi. S\u00fcrekli bir geli\u015fim s\u00fcreci olu\u015fturmak ve uygulamak, en \u00f6nemlisi de kendi haline b\u0131rakt\u0131ktan sonra da s\u00fcrd\u00fcr\u00fclebilir olmas\u0131n\u0131 sa\u011flamak i\u00e7in birka\u00e7 ay birlikte \u00e7al\u0131\u015ft\u0131k.<\/p>\n<p><img decoding=\"async\" loading=\"lazy\" class=\"size-full wp-image-112389 aligncenter\" src=\"https:\/\/media.alj.com\/app\/uploads\/2024\/01\/Picture8.jpg\" alt=\"Japan\" width=\"1379\" height=\"689\" srcset=\"https:\/\/media.alj.com\/app\/uploads\/2024\/01\/Picture8.jpg 1379w, https:\/\/media.alj.com\/app\/uploads\/2024\/01\/Picture8-300x150.jpg 300w, https:\/\/media.alj.com\/app\/uploads\/2024\/01\/Picture8-1024x512.jpg 1024w, https:\/\/media.alj.com\/app\/uploads\/2024\/01\/Picture8-150x75.jpg 150w, https:\/\/media.alj.com\/app\/uploads\/2024\/01\/Picture8-768x384.jpg 768w\" sizes=\"(max-width: 1379px) 100vw, 1379px\" \/><\/p>\n<h2>Bu neleri i\u00e7eriyordu ve size s\u00fcrekli iyile\u015ftirme hakk\u0131nda ne \u00f6\u011fretti?<\/h2>\n<p>Sistem i\u00e7in bir \u015fok etkisi yaratt\u0131!<\/p>\n<figure id=\"attachment_112396\" aria-describedby=\"caption-attachment-112396\" style=\"width: 300px\" class=\"wp-caption alignright\"><img decoding=\"async\" loading=\"lazy\" class=\"wp-image-112396 size-medium\" src=\"https:\/\/media.alj.com\/app\/uploads\/2024\/01\/Picture9-300x232.png\" alt=\"\" width=\"300\" height=\"232\" srcset=\"https:\/\/media.alj.com\/app\/uploads\/2024\/01\/Picture9-300x232.png 300w, https:\/\/media.alj.com\/app\/uploads\/2024\/01\/Picture9-150x116.png 150w, https:\/\/media.alj.com\/app\/uploads\/2024\/01\/Picture9.png 367w\" sizes=\"(max-width: 300px) 100vw, 300px\" \/><figcaption id=\"caption-attachment-112396\" class=\"wp-caption-text\">Hassan Jameel, 2004 y\u0131l\u0131nda Kaizen Departman\u0131 ekibi ile Tokyo\u2019daki Toyota Motor \u015firket merkezinde.<\/figcaption><\/figure>\n<p>Daha \u00f6ncesinde \u2018Kaizen\u2019 kelimesinin bir g\u00f6revi geli\u015ftirmeyi ifade eden belirsiz bir sembol olarak kullan\u0131ld\u0131\u011f\u0131 Japonya d\u0131\u015f\u0131ndaki farkl\u0131 \u00e7al\u0131\u015fma ortamlar\u0131nda zaman ge\u00e7irmi\u015ftim.<\/p>\n<p>Baz\u0131 s\u00fcre\u00e7ler olabilece\u011fi kadar verimli de\u011fildi ve daha derin bir seviyede bunun ne anlama geldi\u011fini ger\u00e7ekten anlamadan birileri \u201csadece Kaizen\u2019e ihtiyac\u0131n\u0131z var!\u201d derdi.<\/p>\n<p>Ancak Japonya\u2019daki Kaizen ekibine girdi\u011fimde arkas\u0131nda \u00e7ok kesin, yap\u0131land\u0131r\u0131lm\u0131\u015f bir felsefe oldu\u011funu fark ettim.<\/p>\n<p>Kaizen yakla\u015f\u0131m\u0131, bir i\u015fletmenin k\u00fclt\u00fcr\u00fcn\u00fcn ve \u00e7al\u0131\u015fma y\u00f6ntemlerinin neredeyse her unsuruyla ili\u015fkili bir dizi ilkeye dayan\u0131r. Ancak s\u00fcre\u00e7 d\u00fczeyinde, yani belirli bir s\u00fcreci iyile\u015ftirmek istedi\u011finizde her \u015fey verilerle ba\u015flar. Bu, ba\u015farmam\u0131z gereken ilk g\u00f6rev olacakt\u0131.<\/p>\n<p>\u00d6rne\u011fin, araba temizlik hatt\u0131ndaki birisinin veya servis merkezinde ara\u00e7lara servis sa\u011flayan bir operat\u00f6r\u00fcn \u00f6n\u00fcnde dururduk. Bir kronometremiz ve not defterimiz vard\u0131; i\u015f g\u00fcnlerinde yapt\u0131klar\u0131 her \u015feyi zamanlamalar\u0131 ile birlikte not ederdik. Tuvalete gittiklerinde, bir alet almak i\u00e7in garaja y\u00fcr\u00fcd\u00fcklerinde veya gidip birine soru sorduklar\u0131nda bunu not ederdik.<\/p>\n<p><img decoding=\"async\" loading=\"lazy\" class=\"aligncenter wp-image-112403\" src=\"https:\/\/media.alj.com\/app\/uploads\/2024\/01\/Picture10.png\" alt=\"\" width=\"1431\" height=\"803\" srcset=\"https:\/\/media.alj.com\/app\/uploads\/2024\/01\/Picture10.png 602w, https:\/\/media.alj.com\/app\/uploads\/2024\/01\/Picture10-300x168.png 300w, https:\/\/media.alj.com\/app\/uploads\/2024\/01\/Picture10-150x84.png 150w, https:\/\/media.alj.com\/app\/uploads\/2024\/01\/Picture10-226x126.png 226w\" sizes=\"(max-width: 1431px) 100vw, 1431px\" \/><\/p>\n<p>Bunu bu g\u00f6reve kat\u0131lan herkes i\u00e7in yapard\u0131k, bu nedenle her \u00e7al\u0131\u015fan i\u00e7in bir tane olmak \u00fczere b\u00fcy\u00fck \u00e7al\u0131\u015fma sayfas\u0131na koyaca\u011f\u0131m\u0131z t\u00fcm verileri toplamam\u0131z bir hafta veya daha fazla s\u00fcrebilirdi. Bunlar\u0131 duvara as\u0131p sat\u0131r sat\u0131r inceler ve bo\u015fa harcanm\u0131\u015f zaman, \u00e7al\u0131\u015fma zaman\u0131 veya verimsiz \u00e7al\u0131\u015fma olup olmad\u0131\u011f\u0131n\u0131 belirtmek i\u00e7in farkl\u0131 renkler kullanarak i\u015faretlerdik.<\/p>\n<p>O s\u0131rada sadece stajyerdim ve ne yapt\u0131\u011f\u0131m\u0131z\u0131 tam olarak anlamazd\u0131m. Patronuma bunun Kaizen ile ne ilgisi oldu\u011funu sordum. Bizi nas\u0131l daha verimli k\u0131lacak?<\/p>\n<p>\u201c<em>Hi\u00e7 bo\u015fa zaman harcand\u0131\u011f\u0131n\u0131 g\u00f6rd\u00fcn m\u00fc?\u201d <\/em>dedi. Ona, izlenen \u00e7al\u0131\u015fan\u0131n baz\u0131 aletleri almak i\u00e7in i\u015f istasyonundan iki veya \u00fc\u00e7 kez ayr\u0131lmas\u0131 gerekti\u011fini s\u00f6yledim. Bana \u201c<em>Bu ne kadar s\u00fcrd\u00fc?\u201d <\/em>diye sordu. ve verilere g\u00f6re toplamda alt\u0131 dakika s\u00fcrd\u00fc\u011f\u00fcn\u00fc s\u00f6yledim. <em>\u201cBu s\u00fcreyi nas\u0131l azaltabilirsin?\u201d<\/em> dedi. Operat\u00f6r\u00fcn almaya gitti\u011fi aletler, i\u015f istasyonuna yak\u0131n olsayd\u0131 onlar\u0131 almak i\u00e7in odaya gitmesine gerek kalmayaca\u011f\u0131n\u0131, bu nedenle alt\u0131 dakika kazanaca\u011f\u0131n\u0131 s\u00f6yledim. Alt\u0131 dakika ne fark yaratabilir diye d\u00fc\u015f\u00fcn\u00fcyordum! Ama o \u00e7ok heyecanl\u0131yd\u0131. Bir g\u00fcnde bir teknisyene alt\u0131 dakika kazand\u0131rabilsek bunun haftada yar\u0131m saat edece\u011fini s\u00f6yledi. Bunu yapan sekiz teknisyen olsa bu, haftada d\u00f6rt saat, yani neredeyse yar\u0131m g\u00fcn tasarruf anlam\u0131na gelir. Bunu y\u0131la vurdu\u011fumuzda bu \u00e7ok b\u00fcy\u00fck bir tasarruf demektir. Bu s\u00fcre i\u00e7inde ka\u00e7 tane daha araca servis yap\u0131labilir?<\/p>\n<p>S\u00fcrekli geli\u015fimin neyle ilgili oldu\u011funu ger\u00e7ekten anlamaya ba\u015flad\u0131\u011f\u0131m an buydu. Bu en \u00fcstteki ki\u015filerin i\u015f yerini d\u00f6n\u00fc\u015ft\u00fcrece\u011fini d\u00fc\u015f\u00fcnd\u00fc\u011f\u00fc b\u00fcy\u00fck, pahal\u0131 fikirlerle ilgili de\u011fildi. Bu, s\u00fcrd\u00fcr\u00fclebilecek ger\u00e7ek ve anlaml\u0131 bir fark yaratmak i\u00e7in a\u015fa\u011f\u0131dan yukar\u0131 do\u011fru \u00e7o\u011falarak artan k\u00fc\u00e7\u00fck ve kademeli ad\u0131mlarla ilgiliydi.<\/p>\n<p>\u00c7al\u0131\u015ft\u0131\u011f\u0131m\u0131z bir ba\u015fka i\u015f ise bir bayi i\u00e7in deponun yeniden boyanmas\u0131n\u0131 i\u00e7eriyordu. Yakla\u015f\u0131k 10 g\u00fcn i\u00e7inde hepsini kendi ba\u015f\u0131m\u0131za yapt\u0131k. \u00c7ok s\u0131k\u0131 \u00e7al\u0131\u015fma gerektiren bir i\u015fti! R\u00fczgarda, karda ve ya\u011fmurda hep d\u0131\u015far\u0131dayd\u0131k. Patronuma \u201cneden i\u00e7eri girip depoyu parayla bir boyac\u0131ya boyatm\u0131yoruz\u201d diye sordum. Kendimiz yaparsak, s\u00fcreci ve bunu nas\u0131l geli\u015ftirece\u011fimizi anlayaca\u011f\u0131m\u0131z\u0131, b\u00f6ylece sonraki y\u0131l bunu daha da iyi yapabilece\u011fimizi a\u00e7\u0131klad\u0131. Bunu yapmas\u0131 i\u00e7in ba\u015fkas\u0131na \u00f6deme yaparsak bu bilgiyi elde edemeyiz.<\/p>\n<h2>Bunun b\u00fcy\u00fck fikirlerle de\u011fil, k\u00fc\u00e7\u00fck de\u011fi\u015fikliklerle ilgili oldu\u011fu inanc\u0131 \u00e7ok g\u00fc\u00e7l\u00fc, de\u011fil mi? Bazen i\u015f d\u00fcnyas\u0131nda, bir sorunu parayla \u00e7\u00f6zmek, ger\u00e7ek nedenlerin ne oldu\u011funu derinlemesine analiz etmekten daha kolayd\u0131r.<\/h2>\n<p>Bu \u00e7ok do\u011fru.<\/p>\n<p>Patronum bir keresinde bana, bir sorunu \u00e7\u00f6zmek istiyorsan, ona bir tane daha ekleme. . . onu <em>azalt<\/em> demi\u015fti.<\/p>\n<p>Demek istedi\u011fi \u015fey, bir sorun tespit edildi\u011finde yeni s\u00fcre\u00e7ler, yat\u0131r\u0131m veya teknoloji gibi \u015feylerle daha fazla ekleme yapmamakt\u0131. Bunun yerine yap\u0131lmas\u0131 gereken israf\u0131 veya \u2018muda\u2019y\u0131 (Japonca) tan\u0131mlamak ve bunu s\u0131f\u0131rla \u00e7arpmakt\u0131r. Yani, onu ortadan kald\u0131rmakt\u0131r. T\u00fcm israf\u0131 ve gereksiz harcanan zaman\u0131 ortadan kald\u0131rd\u0131ktan sonra bunu en net s\u00fcre\u00e7 olan \u2018ele\u015ftirel yol\u2019 ile e\u015fle\u015ftirirsiniz.<\/p>\n<p>Bu size, o s\u00fcreci kademeli olarak geli\u015ftirmede yard\u0131mc\u0131 olacak temeli sa\u011flar.<\/p>\n<h2>S\u00fcrekli geli\u015ftirmenin b\u00fcy\u00fck bir imalat i\u015fi i\u00e7in nas\u0131l ge\u00e7erli oldu\u011funu g\u00f6rmek kolayd\u0131r. K\u00fc\u00e7\u00fck i\u015fletmeler veya hizmet i\u015fletmeleri i\u00e7in de ge\u00e7erli olabilir mi?<\/h2>\n<figure id=\"attachment_112410\" aria-describedby=\"caption-attachment-112410\" style=\"width: 344px\" class=\"wp-caption alignleft\"><img decoding=\"async\" loading=\"lazy\" class=\"size-full wp-image-112410\" src=\"https:\/\/media.alj.com\/app\/uploads\/2024\/01\/Picture11.png\" alt=\"\" width=\"344\" height=\"255\" srcset=\"https:\/\/media.alj.com\/app\/uploads\/2024\/01\/Picture11.png 344w, https:\/\/media.alj.com\/app\/uploads\/2024\/01\/Picture11-300x222.png 300w, https:\/\/media.alj.com\/app\/uploads\/2024\/01\/Picture11-150x111.png 150w\" sizes=\"(max-width: 344px) 100vw, 344px\" \/><figcaption id=\"caption-attachment-112410\" class=\"wp-caption-text\">Hassan Jameel, 2004 y\u0131l\u0131nda Kaizen Departman\u0131 ekibi ile Tokyo\u2019daki Toyota Motor \u015firket merkezinde.<\/figcaption><\/figure>\n<p>Hayat\u0131m\u0131zda yapt\u0131\u011f\u0131m\u0131z her \u015feye uygulanabilir.<\/p>\n<p>Toyota Way kitab\u0131nda a\u00e7\u0131klanan y\u00f6ntemlerden ikisi Genchi Genbutsu ve Gemba\u2019d\u0131r. Her ikisi de i\u015f yerinde s\u00fcre\u00e7lerin nerede ger\u00e7ekle\u015fti\u011fini kendi kendinize g\u00f6rmek, \u00f6n saflar\u0131 ziyaret etmek, insanlarla oturmak, onlar\u0131 dinlemek, nas\u0131l \u00e7al\u0131\u015ft\u0131klar\u0131n\u0131 ve en \u00f6nemlisi nedenlerini anlamakla ilgilidir, b\u00f6ylece sorunlar\u0131 kendimiz ya\u015fayarak \u00f6\u011frenebiliriz.<\/p>\n<p>Bu, bir at\u00f6lye veya \u00fcretim hatt\u0131 kadar bir ofis ortam\u0131na da uygulanabilir.<\/p>\n<p>Toyota\u2019dayken haftada bir g\u00fcn ofiste \u00e7al\u0131\u015f\u0131rd\u0131k. Ve patronun ofiste dola\u015ft\u0131\u011f\u0131n\u0131, hesap ekibi ile oturdu\u011funu veya operasyon ekibinden arkada\u015flarla konu\u015ftu\u011funu, sorular sordu\u011funu ve notlar ald\u0131\u011f\u0131n\u0131 g\u00f6r\u00fcrd\u00fck. Bu Genchi Genbutsu\u2019nun eyleme d\u00f6k\u00fclm\u00fc\u015f haliydi; \u00f6n saflardaki insanlarla zaman ge\u00e7iriyordu, b\u00f6ylece s\u00fcre\u00e7lerini ve kar\u015f\u0131la\u015ft\u0131klar\u0131 sorunlar\u0131 anlayabiliyordu.<\/p>\n<p>Sayg\u0131 bu s\u00fcrecin b\u00fcy\u00fck bir k\u0131s\u0131md\u0131r. \u00c7al\u0131\u015fanlar\u0131m\u0131za sayg\u0131 duymak, bayilerimize sayg\u0131 duymak, m\u00fc\u015fterilerimize sayg\u0131 duymak. Sayg\u0131 sadece nazik olmakla ve birine g\u00fcnayd\u0131n ve iyi ak\u015famlar demekle ilgili de\u011fildir.<\/p>\n<p>Ayr\u0131ca, insanlara sayg\u0131 <em>ortam\u0131 <\/em>yaratan politikalar\u0131n, prosed\u00fcrlerin ve standartlar\u0131n uygulanmas\u0131yla da ilgilidir. Kendilerine de\u011fer verildi\u011fini, kendi performanslar\u0131ndan sorumlu olduklar\u0131n\u0131 ve fikirlerini dile getirme ve fikirlerini payla\u015fma konusunda yetkilendirildiklerini hissettikleri yerdir sayg\u0131 ortam\u0131.<\/p>\n<p>Elbette s\u00fcrekli geli\u015fimin \u00f6nemli bir unsuru, zaman da dahil olmak \u00fczere israf\u0131 ortadan kald\u0131rmakt\u0131r. \u0130ster gereksiz toplant\u0131lar, kar\u0131\u015f\u0131k raporlar ister a\u011f\u0131r b\u00fcrokrasi olsun her sekt\u00f6rdeki her i\u015fletme zaman\u0131n\u0131 bo\u015fa harcam\u0131\u015ft\u0131r. Bunlar\u0131n t\u00fcm\u00fc Kaizen yakla\u015f\u0131m\u0131n\u0131n verimlili\u011fi ve \u00fcretkenli\u011fi art\u0131rabilece\u011fi alanlara \u00f6rnektir.<\/p>\n<h2>Abdul Latif Jameel i\u015f yerinde s\u00fcrekli geli\u015fim yakla\u015f\u0131m\u0131n\u0131 nas\u0131l uygulamaya \u00e7al\u0131\u015ft\u0131 ve bu nas\u0131l bir fark yaratt\u0131?<\/h2>\n<p>Abdul Latif Jameel\u2019de, Kaizen\u2019e adanm\u0131\u015f, \u2018\u015fehrin en iyisi\u2019 ad\u0131 verilen b\u00fct\u00fcnc\u00fcl bir program\u0131m\u0131z var. Bu, Toyota taraf\u0131ndan ba\u015flat\u0131lan bir giri\u015fimdir ve buna \u2018<a href=\"https:\/\/toyotatimes.jp\/en\/series\/toyoda_words\/002.html\">\u015fehrin en iyisi<\/a>\u2019 denilmesinin bir nedeni var. Buradaki fikir, \u015fehrin en iyisi olmak i\u00e7in yerel pazar\u0131n\u0131z\u0131 \u00e7ok iyi tan\u0131man\u0131z, m\u00fc\u015fterilerinizin ihtiya\u00e7lar\u0131n\u0131 tam olarak anlaman\u0131z ve \u00e7ok daha soyut bir hedef olan \u2018d\u00fcnyan\u0131n en iyisi\u2019 olmay\u0131 hedefliyorsan\u0131z bu ihtiya\u00e7lar\u0131 \u00e7ok daha yak\u0131ndan anlaml\u0131 ve tutarl\u0131 bir \u015fekilde kar\u015f\u0131laman\u0131z gerekti\u011fidir.<\/p>\n<p>Bu nedenle, Abdul Latif Jameel b\u00fcnyesinde t\u00fcm farkl\u0131 i\u015fletmelerimizin ve konumlar\u0131m\u0131z\u0131n s\u00fcrekli geli\u015fim de\u011ferlerini anlamalar\u0131na ve bunu kendi operasyonlar\u0131na nas\u0131l entegre edeceklerini bilmelerine yard\u0131mc\u0131 olmas\u0131 i\u00e7in s\u00fcrekli geli\u015fimin \u015fampiyonu olacak \u2018\u015fehrin en iyisi\u2019 ekibini olu\u015fturduk. Suudi Arabistan\u2019da 2023\u2019te b\u00f6lgesel \u2018\u015fehrin en iyisi\u2019 konferans\u0131 d\u00fczenledik ve d\u00fcnyan\u0131n d\u00f6rt bir yan\u0131ndaki \u00e7ok \u00e7e\u015fitli i\u015fletmelerden ve end\u00fcstri sekt\u00f6rlerinden gelen 150\u2019den fazla temsilci \u2018\u015fehrin en iyisi\u2019 ekiplerindeki s\u00fcrekli geli\u015fim i\u00e7g\u00f6r\u00fclerini, deneyimlerini ve ba\u015far\u0131lar\u0131n\u0131 payla\u015ft\u0131.<\/p>\n<div class=\"full-width\" style=\"margin-top: 25px; display: flex; justify-content: center;\">\n<figure id=\"attachment_112417\" aria-describedby=\"caption-attachment-112417\" style=\"width: 300px\" class=\"wp-caption alignleft\"><img decoding=\"async\" loading=\"lazy\" class=\"wp-image-112417 size-medium\" src=\"https:\/\/media.alj.com\/app\/uploads\/2024\/01\/Picture12-300x201.png\" alt=\"\" width=\"300\" height=\"201\" srcset=\"https:\/\/media.alj.com\/app\/uploads\/2024\/01\/Picture12-300x201.png 300w, https:\/\/media.alj.com\/app\/uploads\/2024\/01\/Picture12-150x101.png 150w, https:\/\/media.alj.com\/app\/uploads\/2024\/01\/Picture12.png 680w\" sizes=\"(max-width: 300px) 100vw, 300px\" \/><figcaption id=\"caption-attachment-112417\" class=\"wp-caption-text\">Hassan Jameel, Ekim 2022\u2019de bir genchi genbutsu \u00f6n saflar ziyaretinin bir par\u00e7as\u0131 olarak Abdul Latif Jameel Motors Toyota, Madina Road Cidde\u2019deki ekiple Hoshin Kanri planlamas\u0131n\u0131 tart\u0131\u015f\u0131yor.<\/figcaption><\/figure>\n<figure id=\"attachment_112424\" aria-describedby=\"caption-attachment-112424\" style=\"width: 301px\" class=\"wp-caption alignleft\"><img decoding=\"async\" loading=\"lazy\" class=\"size-full wp-image-112424\" src=\"https:\/\/media.alj.com\/app\/uploads\/2024\/01\/Picture13.jpg\" alt=\"\" width=\"301\" height=\"199\" srcset=\"https:\/\/media.alj.com\/app\/uploads\/2024\/01\/Picture13.jpg 301w, https:\/\/media.alj.com\/app\/uploads\/2024\/01\/Picture13-150x99.jpg 150w\" sizes=\"(max-width: 301px) 100vw, 301px\" \/><figcaption id=\"caption-attachment-112424\" class=\"wp-caption-text\">Ekim 2022\u2019de Hassan (sa\u011f ortada) ile birlikte Abdul Latif Jameel Motors Suudi Arabistan CEO\u2019su Peter Aberle (sol ortada), ekibi ile \u2018\u015fehrin en iyisi\u2019 galibiyetini Toyota, Madina Road Cidde\u2019deki Abdul Latif Jameel Motors\u2019da kutluyor.<\/figcaption><\/figure>\n<\/div>\n<div class=\"full-width\" style=\"margin-top: 25px; display: flex; justify-content: center;\">\n<figure id=\"attachment_112431\" aria-describedby=\"caption-attachment-112431\" style=\"width: 300px\" class=\"wp-caption alignleft\"><img decoding=\"async\" loading=\"lazy\" class=\"wp-image-112431 size-medium\" src=\"https:\/\/media.alj.com\/app\/uploads\/2024\/01\/Picture14-300x169.png\" alt=\"\" width=\"300\" height=\"169\" srcset=\"https:\/\/media.alj.com\/app\/uploads\/2024\/01\/Picture14-300x169.png 300w, https:\/\/media.alj.com\/app\/uploads\/2024\/01\/Picture14-150x84.png 150w, https:\/\/media.alj.com\/app\/uploads\/2024\/01\/Picture14-226x126.png 226w, https:\/\/media.alj.com\/app\/uploads\/2024\/01\/Picture14.png 678w\" sizes=\"(max-width: 300px) 100vw, 300px\" \/><figcaption id=\"caption-attachment-112431\" class=\"wp-caption-text\">Hassan Jameel, Haziran 2023\u2019teki \u2018\u015fehrin en iyisi\u2019 \u00f6n saflar ziyaretinin bir par\u00e7as\u0131 olarak ekipiyle Abdul Latif Jameel Motors Toyota, Khurais merkezi Riyad (\u015fehrin en iyisi) i\u00e7inde Hoshin Kanri planlamas\u0131n\u0131 tart\u0131\u015f\u0131yor.<\/figcaption><\/figure>\n<figure id=\"attachment_112438\" aria-describedby=\"caption-attachment-112438\" style=\"width: 300px\" class=\"wp-caption alignleft\"><img decoding=\"async\" loading=\"lazy\" class=\"wp-image-112438 size-medium\" src=\"https:\/\/media.alj.com\/app\/uploads\/2024\/01\/Picture15-300x169.jpg\" alt=\"\" width=\"300\" height=\"169\" srcset=\"https:\/\/media.alj.com\/app\/uploads\/2024\/01\/Picture15-300x169.jpg 300w, https:\/\/media.alj.com\/app\/uploads\/2024\/01\/Picture15-150x84.jpg 150w, https:\/\/media.alj.com\/app\/uploads\/2024\/01\/Picture15-226x126.jpg 226w, https:\/\/media.alj.com\/app\/uploads\/2024\/01\/Picture15.jpg 677w\" sizes=\"(max-width: 300px) 100vw, 300px\" \/><figcaption id=\"caption-attachment-112438\" class=\"wp-caption-text\">Ve yerel ekiple sat\u0131\u015f sonras\u0131 ve servis tesislerini gezerken geli\u015fim giri\u015fimlerini konu\u015fuyor; Abdul Latif Jameel Motors Toyota, Khurais merkezi Riyad (\u015fehrin en iyisi) Haziran 2023<\/figcaption><\/figure>\n<\/div>\n<h2>Bu giri\u015fim Abdul Latif Jameel i\u00e7inde nas\u0131l kabul g\u00f6rd\u00fc?<\/h2>\n<p>Sadece y\u00f6netim taraf\u0131ndan de\u011fil, daha da \u00f6nemlisi \u00f6n saflarda yer alan ve her g\u00fcn m\u00fc\u015fterilerimizin ihtiya\u00e7lar\u0131na yan\u0131t vermekten sorumlu olan hakikaten \u00f6nem ta\u015f\u0131yan insanlar taraf\u0131ndan \u00e7ok olumlu bir \u015fekilde sahiplenildi.<\/p>\n<p>\u2018\u015eehrin en iyisi\u2019 uygulamas\u0131n\u0131n hen\u00fcz ula\u015fmad\u0131\u011f\u0131 bir yeri ziyaret etti\u011fimde insanlar, bu konuda \u00e7ok fazla olumlu \u015feyler duyduklar\u0131ndan gelip bu uygulaman\u0131n ne zaman gelece\u011fini sorarlar.<\/p>\n<h2>\u0130leriye d\u00f6n\u00fck olarak bu s\u00fcrekli geli\u015fim zihniyeti Abdul Latif Jameel\u2019in devam eden ba\u015far\u0131s\u0131na nas\u0131l yard\u0131mc\u0131 olabilir?<\/h2>\n<p>Bir i\u015fletme olarak hedefimiz, k\u00fclt\u00fcr\u00fcm\u00fcz\u00fcn s\u00fcrekli geli\u015fime inanan ve buna g\u00f6re hareket eden bir k\u00fclt\u00fcr olmas\u0131n\u0131 sa\u011flamakt\u0131r.<\/p>\n<p>Bunu ba\u015farmak \u00e7ok zordur, ancak varsay\u0131lan d\u00fc\u015f\u00fcnce yap\u0131s\u0131n\u0131n s\u00fcrekli geli\u015fim olaca\u011f\u0131 bir k\u00fclt\u00fcr\u00fc Abdul Latif Jameel b\u00fcnyesinde tesis edebilirsek burada i\u015fler, bu d\u00fc\u015f\u00fcnce yap\u0131s\u0131n\u0131 benimseyen lider neslinin \u00f6nc\u00fcl\u00fc\u011f\u00fcnde herkesin d\u00fc\u015f\u00fcnmeye gerek kalmadan izledi\u011fi otomatik bir yakla\u015f\u0131mla ger\u00e7ekle\u015ftirilir ve bunun \u00e7ok g\u00fc\u00e7l\u00fc bir etkisi olacakt\u0131r.<\/p>\n<p>Hen\u00fcz o noktada de\u011filiz, ancak bunun i\u00e7in \u00e7abal\u0131yoruz.<\/p>\n<h2>Gen\u00e7 bir adam olarak Japonya\u2019da Toyota\u2019ya gittiniz ve Kaizen k\u00fclt\u00fcr\u00fcn\u00fcn i\u00e7ine dald\u0131n\u0131z. Hayata bak\u0131\u015f\u0131n\u0131z\u0131 nas\u0131l de\u011fi\u015ftirdi?<\/h2>\n<p>Temel olarak Kaizen, hayata bakman\u0131n \u00e7ok basit bir yoludur. Beni en \u00e7ok bu \u015fekilde etkiledi. \u0130\u015fleri olabildi\u011fince basit tutmaya \u00e7al\u0131\u015f\u0131r\u0131m, \u00e7\u00fcnk\u00fc i\u015fler karma\u015f\u0131kla\u015ft\u0131ktan sonra \u00e7\u00f6z\u00fcmler de daha karma\u015f\u0131k hale gelir. Her sabah yata\u011f\u0131n\u0131 d\u00fczeltmek gibi k\u00fc\u00e7\u00fck \u015feylerle ba\u015flar. Bunu yaparsan\u0131z g\u00fcne ilk k\u00fc\u00e7\u00fck ba\u015far\u0131yla ba\u015flars\u0131n\u0131z.<\/p>\n<p>Ayr\u0131ca, her zaman kendinizi de geli\u015ftirmek i\u00e7in \u00e7aba g\u00f6stermeniz ve bu konuda m\u00fctevaz\u0131 olman\u0131z gerekti\u011fini de \u00f6\u011fretti.<\/p>\n<figure id=\"attachment_112445\" aria-describedby=\"caption-attachment-112445\" style=\"width: 744px\" class=\"wp-caption aligncenter\"><img decoding=\"async\" loading=\"lazy\" class=\"size-full wp-image-112445\" src=\"https:\/\/media.alj.com\/app\/uploads\/2024\/01\/Picture16.png\" alt=\"Shibuya Crossing, Tokyo, Japan. \" width=\"744\" height=\"472\" srcset=\"https:\/\/media.alj.com\/app\/uploads\/2024\/01\/Picture16.png 744w, https:\/\/media.alj.com\/app\/uploads\/2024\/01\/Picture16-300x190.png 300w, https:\/\/media.alj.com\/app\/uploads\/2024\/01\/Picture16-150x95.png 150w\" sizes=\"(max-width: 744px) 100vw, 744px\" \/><figcaption id=\"caption-attachment-112445\" class=\"wp-caption-text\">Shibuya Crossing, Tokyo, Japonya. Foto\u011fraf sahibi: \u00a9 Timo Volz<\/figcaption><\/figure>\n<p>&nbsp;<\/p>\n<figure id=\"attachment_112452\" aria-describedby=\"caption-attachment-112452\" style=\"width: 188px\" class=\"wp-caption alignleft\"><img decoding=\"async\" loading=\"lazy\" class=\"size-full wp-image-112452\" src=\"https:\/\/media.alj.com\/app\/uploads\/2024\/01\/Picture17.png\" alt=\"Dr Shoichiro Toyoda \" width=\"188\" height=\"184\" srcset=\"https:\/\/media.alj.com\/app\/uploads\/2024\/01\/Picture17.png 188w, https:\/\/media.alj.com\/app\/uploads\/2024\/01\/Picture17-150x147.png 150w, https:\/\/media.alj.com\/app\/uploads\/2024\/01\/Picture17-70x70.png 70w\" sizes=\"(max-width: 188px) 100vw, 188px\" \/><figcaption id=\"caption-attachment-112452\" class=\"wp-caption-text\">Dr. Shoichiro Toyoda (1925-2023). Foto\u011fraf Kredisi \u00a9 Toyota<\/figcaption><\/figure>\n<p>Babam\u0131n bir g\u00fcn Toyota\u2019n\u0131n kurucusu Dr. Shoichiro Toyoda ile ak\u015fam yeme\u011fi yedi\u011fini hat\u0131rl\u0131yorum.<\/p>\n<p>\u2018Toyota Way\u2019 hakk\u0131nda konu\u015fuyorlard\u0131 ve babam ona \u201cbu senin i\u00e7in ne anlama geliyor?\u201d diye sordu.<\/p>\n<p>Ve Dr. Toyoda \u015f\u00f6yle yan\u0131t verdi: \u201cH\u00e2l\u00e2 \u00f6\u011freniyorum.\u201d Daha sonra bunun ne anlama geldi\u011fini d\u00fc\u015f\u00fcnd\u00fcm ve bu beni hakikaten etkiledi. Bunun anlam\u0131 al\u00e7ak g\u00f6n\u00fcll\u00fcl\u00fckt\u00fcr. . .<\/p>\n<p>Herkesin her zaman \u00f6\u011frenebilece\u011fini ve geli\u015febilece\u011fini takdir edecek kadar fark\u0131ndal\u0131k ve tevazu sahibi olmak, bu felsefeyi derinlemesine anlamak ve s\u00fcrekli olarak ileriye gitmek anlam\u0131na gelir; bu da Kaizen\u2019in \u00f6z\u00fcd\u00fcr.<\/p>\n<p>&nbsp;<\/p>\n<p>&nbsp;<\/p>\n<figure id=\"attachment_112459\" aria-describedby=\"caption-attachment-112459\" style=\"width: 300px\" class=\"wp-caption alignright\"><img decoding=\"async\" loading=\"lazy\" class=\"wp-image-112459 size-medium\" src=\"https:\/\/media.alj.com\/app\/uploads\/2024\/01\/Picture18-300x194.png\" alt=\"Seif Shieshakly (L) and Patrick Wiebusch (R) Co-founders, Four Principles, and their mantra: \u201cKaizen. Zero waste implemented!\u201d\" width=\"300\" height=\"194\" srcset=\"https:\/\/media.alj.com\/app\/uploads\/2024\/01\/Picture18-300x194.png 300w, https:\/\/media.alj.com\/app\/uploads\/2024\/01\/Picture18-150x97.png 150w, https:\/\/media.alj.com\/app\/uploads\/2024\/01\/Picture18.png 636w\" sizes=\"(max-width: 300px) 100vw, 300px\" \/><figcaption id=\"caption-attachment-112459\" class=\"wp-caption-text\">Four Principles\u2019\u0131n kurucu ve y\u00f6netici ortaklar\u0131 olan eski Abdul Latif Jameel \u00e7al\u0131\u015fan\u0131 Seif Shieshakly (solda) ve Patrick Wiebusch (sa\u011fda) kendi mantralar\u0131n\u0131n \u00f6n\u00fcnde poz veriyor: \u201cKaizen. Zero waste implemented!\u201d (Kaizen. S\u0131f\u0131r at\u0131k uyguland\u0131!)<\/figcaption><\/figure>\n<p>Asl\u0131nda Abdul Latif Jameel\u2019in s\u00fcrekli geli\u015fime olan ba\u011fl\u0131l\u0131\u011f\u0131 da bu \u015fekildedir; 2017 y\u0131l\u0131nda, bu fikirleri Orta Do\u011fu b\u00f6lgesine ve \u00f6tesine yaymak ve sunabilece\u011fi f\u0131rsatlardan hem \u00f6zel hem de kamu sekt\u00f6r\u00fc kurulu\u015flar\u0131n\u0131n yararlanmas\u0131na yard\u0131mc\u0131 olmak i\u00e7in \u2018Yal\u0131n Y\u00f6netim\u2019 dan\u0131\u015fmanl\u0131\u011f\u0131 \u015firketi olan <a href=\"https:\/\/fourprinciples.com\/\">Four Principles<\/a> ile bir ortak giri\u015fim kurduk.<\/p>\n<p>&nbsp;<\/p>\n<p>&nbsp;<\/p>\n<p>&nbsp;<\/p>\n<p>&nbsp;<\/p>\n","protected":false},"author":18,"featured_media":112340,"template":"","tags":[],"acf":[],"yoast_head":"<!-- This site is optimized with the Yoast SEO plugin v21.5 - https:\/\/yoast.com\/wordpress\/plugins\/seo\/ -->\n<title>Hassan Jameel ile Kaizen \u00dczerine | Abdul Latif Jameel\u00ae<\/title>\n<meta name=\"description\" content=\"Hassan Jameel, b\u00fcy\u00fck sonu\u00e7lar veren, verimi art\u0131ran ve kaynaklar\u0131 optimize eden k\u00fc\u00e7\u00fck, s\u00fcrekli iyile\u015ftirmeler kavram\u0131 olan Kaizen&#039;i tart\u0131\u015f\u0131yor. \u015eimdi Oku.\" \/>\n<meta name=\"robots\" content=\"index, follow, max-snippet:-1, max-image-preview:large, max-video-preview:-1\" \/>\n<link rel=\"canonical\" href=\"https:\/\/alj.com\/tr\/perspective\/daha-iyi-is-ve-daha-iyi-bir-yasam-icin-bir-felsefe\/\" \/>\n<meta property=\"og:locale\" content=\"tr_TR\" \/>\n<meta property=\"og:type\" content=\"article\" \/>\n<meta property=\"og:title\" content=\"Hassan Jameel ile Kaizen \u00dczerine | Abdul Latif Jameel\u00ae\" \/>\n<meta property=\"og:description\" content=\"Hassan Jameel, b\u00fcy\u00fck sonu\u00e7lar veren, verimi art\u0131ran ve kaynaklar\u0131 optimize eden k\u00fc\u00e7\u00fck, s\u00fcrekli iyile\u015ftirmeler kavram\u0131 olan Kaizen&#039;i tart\u0131\u015f\u0131yor. \u015eimdi Oku.\" \/>\n<meta property=\"og:url\" content=\"https:\/\/alj.com\/tr\/perspective\/daha-iyi-is-ve-daha-iyi-bir-yasam-icin-bir-felsefe\/\" \/>\n<meta property=\"og:site_name\" content=\"Abdul Latif Jameel\" \/>\n<meta property=\"article:publisher\" content=\"https:\/\/www.facebook.com\/Abdul.Latif.Jameel.Official\" \/>\n<meta property=\"article:modified_time\" content=\"2024-04-24T07:09:17+00:00\" \/>\n<meta property=\"og:image\" content=\"https:\/\/media.alj.com\/app\/uploads\/2024\/01\/Picture1.jpg\" \/>\n\t<meta property=\"og:image:width\" content=\"612\" \/>\n\t<meta property=\"og:image:height\" content=\"279\" \/>\n\t<meta property=\"og:image:type\" content=\"image\/jpeg\" \/>\n<meta name=\"twitter:card\" content=\"summary_large_image\" \/>\n<meta name=\"twitter:label1\" content=\"Est. reading time\" \/>\n\t<meta name=\"twitter:data1\" content=\"17 minutes\" \/>\n<script type=\"application\/ld+json\" class=\"yoast-schema-graph\">{\"@context\":\"https:\/\/schema.org\",\"@graph\":[{\"@type\":\"WebPage\",\"@id\":\"https:\/\/alj.com\/tr\/perspective\/daha-iyi-is-ve-daha-iyi-bir-yasam-icin-bir-felsefe\/\",\"url\":\"https:\/\/alj.com\/tr\/perspective\/daha-iyi-is-ve-daha-iyi-bir-yasam-icin-bir-felsefe\/\",\"name\":\"Hassan Jameel ile Kaizen \u00dczerine | Abdul Latif Jameel\u00ae\",\"isPartOf\":{\"@id\":\"https:\/\/alj.com\/en\/#website\"},\"datePublished\":\"2024-01-11T10:14:11+00:00\",\"dateModified\":\"2024-04-24T07:09:17+00:00\",\"description\":\"Hassan Jameel, b\u00fcy\u00fck sonu\u00e7lar veren, verimi art\u0131ran ve kaynaklar\u0131 optimize eden k\u00fc\u00e7\u00fck, s\u00fcrekli iyile\u015ftirmeler kavram\u0131 olan Kaizen'i tart\u0131\u015f\u0131yor. \u015eimdi Oku.\",\"breadcrumb\":{\"@id\":\"https:\/\/alj.com\/tr\/perspective\/daha-iyi-is-ve-daha-iyi-bir-yasam-icin-bir-felsefe\/#breadcrumb\"},\"inLanguage\":\"tr\",\"potentialAction\":[{\"@type\":\"ReadAction\",\"target\":[\"https:\/\/alj.com\/tr\/perspective\/daha-iyi-is-ve-daha-iyi-bir-yasam-icin-bir-felsefe\/\"]}]},{\"@type\":\"BreadcrumbList\",\"@id\":\"https:\/\/alj.com\/tr\/perspective\/daha-iyi-is-ve-daha-iyi-bir-yasam-icin-bir-felsefe\/#breadcrumb\",\"itemListElement\":[{\"@type\":\"ListItem\",\"position\":1,\"name\":\"Home\",\"item\":\"https:\/\/alj.com\/tr\/\"},{\"@type\":\"ListItem\",\"position\":2,\"name\":\"Perspectives\",\"item\":\"https:\/\/alj.com\/ja\/perspective\/\"},{\"@type\":\"ListItem\",\"position\":3,\"name\":\"Daha iyi i\u015f ve daha iyi bir ya\u015fam i\u00e7in . . . bir felsefe\"}]},{\"@type\":\"WebSite\",\"@id\":\"https:\/\/alj.com\/en\/#website\",\"url\":\"https:\/\/alj.com\/en\/\",\"name\":\"Abdul Latif Jameel\",\"description\":\"Abdul Latif Jameel\",\"potentialAction\":[{\"@type\":\"SearchAction\",\"target\":{\"@type\":\"EntryPoint\",\"urlTemplate\":\"https:\/\/alj.com\/en\/?s={search_term_string}\"},\"query-input\":\"required name=search_term_string\"}],\"inLanguage\":\"tr\"}]}<\/script>\n<!-- \/ Yoast SEO plugin. -->","yoast_head_json":{"title":"Hassan Jameel ile Kaizen \u00dczerine | Abdul Latif Jameel\u00ae","description":"Hassan Jameel, b\u00fcy\u00fck sonu\u00e7lar veren, verimi art\u0131ran ve kaynaklar\u0131 optimize eden k\u00fc\u00e7\u00fck, s\u00fcrekli iyile\u015ftirmeler kavram\u0131 olan Kaizen'i tart\u0131\u015f\u0131yor. \u015eimdi Oku.","robots":{"index":"index","follow":"follow","max-snippet":"max-snippet:-1","max-image-preview":"max-image-preview:large","max-video-preview":"max-video-preview:-1"},"canonical":"https:\/\/alj.com\/tr\/perspective\/daha-iyi-is-ve-daha-iyi-bir-yasam-icin-bir-felsefe\/","og_locale":"tr_TR","og_type":"article","og_title":"Hassan Jameel ile Kaizen \u00dczerine | Abdul Latif Jameel\u00ae","og_description":"Hassan Jameel, b\u00fcy\u00fck sonu\u00e7lar veren, verimi art\u0131ran ve kaynaklar\u0131 optimize eden k\u00fc\u00e7\u00fck, s\u00fcrekli iyile\u015ftirmeler kavram\u0131 olan Kaizen'i tart\u0131\u015f\u0131yor. \u015eimdi Oku.","og_url":"https:\/\/alj.com\/tr\/perspective\/daha-iyi-is-ve-daha-iyi-bir-yasam-icin-bir-felsefe\/","og_site_name":"Abdul Latif Jameel","article_publisher":"https:\/\/www.facebook.com\/Abdul.Latif.Jameel.Official","article_modified_time":"2024-04-24T07:09:17+00:00","og_image":[{"width":612,"height":279,"url":"https:\/\/media.alj.com\/app\/uploads\/2024\/01\/Picture1.jpg","type":"image\/jpeg"}],"twitter_card":"summary_large_image","twitter_misc":{"Est. reading time":"17 minutes"},"schema":{"@context":"https:\/\/schema.org","@graph":[{"@type":"WebPage","@id":"https:\/\/alj.com\/tr\/perspective\/daha-iyi-is-ve-daha-iyi-bir-yasam-icin-bir-felsefe\/","url":"https:\/\/alj.com\/tr\/perspective\/daha-iyi-is-ve-daha-iyi-bir-yasam-icin-bir-felsefe\/","name":"Hassan Jameel ile Kaizen \u00dczerine | Abdul Latif Jameel\u00ae","isPartOf":{"@id":"https:\/\/alj.com\/en\/#website"},"datePublished":"2024-01-11T10:14:11+00:00","dateModified":"2024-04-24T07:09:17+00:00","description":"Hassan Jameel, b\u00fcy\u00fck sonu\u00e7lar veren, verimi art\u0131ran ve kaynaklar\u0131 optimize eden k\u00fc\u00e7\u00fck, s\u00fcrekli iyile\u015ftirmeler kavram\u0131 olan Kaizen'i tart\u0131\u015f\u0131yor. \u015eimdi Oku.","breadcrumb":{"@id":"https:\/\/alj.com\/tr\/perspective\/daha-iyi-is-ve-daha-iyi-bir-yasam-icin-bir-felsefe\/#breadcrumb"},"inLanguage":"tr","potentialAction":[{"@type":"ReadAction","target":["https:\/\/alj.com\/tr\/perspective\/daha-iyi-is-ve-daha-iyi-bir-yasam-icin-bir-felsefe\/"]}]},{"@type":"BreadcrumbList","@id":"https:\/\/alj.com\/tr\/perspective\/daha-iyi-is-ve-daha-iyi-bir-yasam-icin-bir-felsefe\/#breadcrumb","itemListElement":[{"@type":"ListItem","position":1,"name":"Home","item":"https:\/\/alj.com\/tr\/"},{"@type":"ListItem","position":2,"name":"Perspectives","item":"https:\/\/alj.com\/ja\/perspective\/"},{"@type":"ListItem","position":3,"name":"Daha iyi i\u015f ve daha iyi bir ya\u015fam i\u00e7in . . . bir felsefe"}]},{"@type":"WebSite","@id":"https:\/\/alj.com\/en\/#website","url":"https:\/\/alj.com\/en\/","name":"Abdul Latif Jameel","description":"Abdul Latif Jameel","potentialAction":[{"@type":"SearchAction","target":{"@type":"EntryPoint","urlTemplate":"https:\/\/alj.com\/en\/?s={search_term_string}"},"query-input":"required name=search_term_string"}],"inLanguage":"tr"}]}},"post-meta-fields":{"push_notification":["no"],"_push_notification":["field_5c3b1fb67034d"],"_wpml_word_count":["{\"total\":2937,\"to_translate\":{\"ar\":2937,\"zh-hans\":2937,\"fr\":2937,\"ja\":2937,\"es\":2937,\"tr\":2937}}"],"wpcf-featured-news":["0"],"is_latest_news":["0"],"wpcf-show-news-at-homepage":["0"],"publish_mobile":["a:1:{i:0;s:3:\"yes\";}"],"_publish_mobile":["field_5bfa8eb2e65cf"],"mobile_featured_image":["https:\/\/media.alj.com\/app\/uploads\/2024\/01\/Picture1.jpg"],"_mobile_featured_image":["field_5c3b204983dea"],"featured_on_listing_page":["0"],"_featured_on_listing_page":["field_62458ea7383c3"],"content_series_applied":[""],"_content_series_applied":["field_60f3d3faf82ac"],"wpcf-perspective-downloadable_file":[""],"wpcf-video-description":[""],"wpcf-layoutvideourl":[""],"wpcf-video-thumb":[""],"wpcf-social4-svg":[""],"wpcf-social4-background-image":[""],"wpcf-social4-text":[""],"wpcf-social4-url":[""],"wpcf-social3-svg":[""],"wpcf-social3-background-image":[""],"wpcf-social3-text":[""],"wpcf-social3-url":[""],"wpcf-social-text-svg-square":[""],"wpcf-social-text-image-square":[""],"wpcf-social-text-text-square":[""],"wpcf-social-text-url-square":[""],"wpcf-social2-svg":[""],"wpcf-social2-background-image":[""],"wpcf-social2-text":[""],"wpcf-social2-url":[""],"wpcf-social-svg-square":[""],"wpcf-social-image-square":[""],"wpcf-social-text-square":[""],"wpcf-social-url-square":[""],"wpcf-social1-svg":[""],"wpcf-social1-background-image":[""],"wpcf-social1-text":[""],"wpcf-social1-url":[""],"wpcf-quotes-with-auther-text-1":[""],"wpcf-card_article_with_title_content":[""],"wpcf-card_article_content":["write your content"],"wpcf-quotes-with-auther-text":[""],"_bsf_post_type":["0"],"_bsf_item_review_type":["none"],"_wpml_media_duplicate":["1"],"_wpml_media_featured":["1"],"_yoast_wpseo_content_score":["60"],"_yoast_wpseo_estimated-reading-time-minutes":[""],"_yoast_wpseo_wordproof_timestamp":[""],"_thumbnail_id":["112340"],"_edit_lock":["1713942629:25"],"_edit_last":["25"],"_last_translation_edit_mode":["native-editor"],"wpcf-projecttitle":[""],"wpcf-projectdescription":[""],"wpcf-projectimage-video1":["image"],"wpcf-projectimage-1":[""],"wpcf-projectvideo-1":[""],"wpcf-projectdescription-1":[""],"wpcf-projectimage-video2":["image"],"wpcf-projectimage-2":[""],"wpcf-projectvideo-2":[""],"wpcf-projectdescription-2":[""],"wpcf-projectimage-video3":["image"],"wpcf-projectimage-3":[""],"wpcf-projectvideo-3":[""],"wpcf-projectdescription-3":[""],"wpcf-projectimage-video4":["image"],"wpcf-projectimage-4":[""],"wpcf-projectvideo-4":[""],"wpcf-projectdescription-4":[""],"perspective_short_title":["Daha iyi i\u015f ve daha iyi bir ya\u015fam i\u00e7in . . . bir felsefe"],"perspective_summury":["<p>Kaizen ve s\u00fcrekli k\u00fc\u00e7\u00fck geli\u015fimlerin ne kadar \u00e7ok \u015fey katabilece\u011fi hakk\u0131nda Hassan Jameel ile yap\u0131lan bir g\u00f6r\u00fc\u015fme.<\/p>\n<p><a href=\"https:\/\/alj.com\">Abdul Latif Jameel<\/a> yakla\u015f\u0131k 70 y\u0131l \u00f6nce <a href=\"https:\/\/global.toyota\/en\/index.html\">Toyota<\/a> ile ilk i\u015f ortakl\u0131\u011f\u0131 yapt\u0131\u011f\u0131nda asl\u0131nda arabalardan daha fazlas\u0131n\u0131 ithal ediyordu. Bir i\u015fletmenin y\u00f6netimiyle ilgili tamamen yeni bir felsefeyi de \u00fclkesine getiriyordu.<\/p>\n"],"perspective_location":["Dubai, BAE"],"wpcf-perspective-published-date":["1704758400"],"_yoast_wpseo_title":["Hassan Jameel ile Kaizen \u00dczerine | Abdul Latif Jameel\u00ae"],"_yoast_wpseo_metadesc":["Hassan Jameel, b\u00fcy\u00fck sonu\u00e7lar veren, verimi art\u0131ran ve kaynaklar\u0131 optimize eden k\u00fc\u00e7\u00fck, s\u00fcrekli iyile\u015ftirmeler kavram\u0131 olan Kaizen'i tart\u0131\u015f\u0131yor. \u015eimdi Oku."],"wpcf-card-image":[""],"_wpcf-card-image-sort-order":["a:1:{i:0;i:1762310;}"],"amazonS3_cache":["a:44:{s:46:\"\/\/alj.com\/app\/uploads\/2024\/01\/Picturegroup.png\";a:2:{s:2:\"id\";i:112466;s:11:\"source_type\";s:13:\"media-library\";}s:52:\"\/\/media.alj.com\/app\/uploads\/2024\/01\/Picturegroup.png\";a:2:{s:2:\"id\";i:112466;s:11:\"source_type\";s:13:\"media-library\";}s:65:\"\/\/alj.com\/app\/uploads\/2024\/01\/HJ-continuous-improvement-1_001.jpg\";a:2:{s:2:\"id\";i:112734;s:11:\"source_type\";s:13:\"media-library\";}s:71:\"\/\/media.alj.com\/app\/uploads\/2024\/01\/HJ-continuous-improvement-1_001.jpg\";a:2:{s:2:\"id\";i:112734;s:11:\"source_type\";s:13:\"media-library\";}s:42:\"\/\/alj.com\/app\/uploads\/2024\/01\/Picture5.png\";a:2:{s:2:\"id\";i:112368;s:11:\"source_type\";s:13:\"media-library\";}s:50:\"\/\/alj.com\/app\/uploads\/2024\/01\/Picture5-214x300.png\";a:2:{s:2:\"id\";i:112368;s:11:\"source_type\";s:13:\"media-library\";}s:48:\"\/\/media.alj.com\/app\/uploads\/2024\/01\/Picture5.png\";a:2:{s:2:\"id\";i:112368;s:11:\"source_type\";s:13:\"media-library\";}s:56:\"\/\/media.alj.com\/app\/uploads\/2024\/01\/Picture5-214x300.png\";a:2:{s:2:\"id\";i:112368;s:11:\"source_type\";s:13:\"media-library\";}s:42:\"\/\/alj.com\/app\/uploads\/2024\/01\/Picture6.jpg\";a:2:{s:2:\"id\";i:112375;s:11:\"source_type\";s:13:\"media-library\";}s:48:\"\/\/media.alj.com\/app\/uploads\/2024\/01\/Picture6.jpg\";a:2:{s:2:\"id\";i:112375;s:11:\"source_type\";s:13:\"media-library\";}s:65:\"\/\/alj.com\/app\/uploads\/2024\/01\/HJ-continuous-improvement-2_001.jpg\";a:2:{s:2:\"id\";i:112741;s:11:\"source_type\";s:13:\"media-library\";}s:71:\"\/\/media.alj.com\/app\/uploads\/2024\/01\/HJ-continuous-improvement-2_001.jpg\";a:2:{s:2:\"id\";i:112741;s:11:\"source_type\";s:13:\"media-library\";}s:42:\"\/\/alj.com\/app\/uploads\/2024\/01\/Picture8.jpg\";a:2:{s:2:\"id\";i:112389;s:11:\"source_type\";s:13:\"media-library\";}s:48:\"\/\/media.alj.com\/app\/uploads\/2024\/01\/Picture8.jpg\";a:2:{s:2:\"id\";i:112389;s:11:\"source_type\";s:13:\"media-library\";}s:42:\"\/\/alj.com\/app\/uploads\/2024\/01\/Picture9.png\";a:2:{s:2:\"id\";i:112396;s:11:\"source_type\";s:13:\"media-library\";}s:50:\"\/\/alj.com\/app\/uploads\/2024\/01\/Picture9-300x232.png\";a:2:{s:2:\"id\";i:112396;s:11:\"source_type\";s:13:\"media-library\";}s:48:\"\/\/media.alj.com\/app\/uploads\/2024\/01\/Picture9.png\";a:2:{s:2:\"id\";i:112396;s:11:\"source_type\";s:13:\"media-library\";}s:56:\"\/\/media.alj.com\/app\/uploads\/2024\/01\/Picture9-300x232.png\";a:2:{s:2:\"id\";i:112396;s:11:\"source_type\";s:13:\"media-library\";}s:43:\"\/\/alj.com\/app\/uploads\/2024\/01\/Picture10.png\";a:2:{s:2:\"id\";i:112403;s:11:\"source_type\";s:13:\"media-library\";}s:49:\"\/\/media.alj.com\/app\/uploads\/2024\/01\/Picture10.png\";a:2:{s:2:\"id\";i:112403;s:11:\"source_type\";s:13:\"media-library\";}s:43:\"\/\/alj.com\/app\/uploads\/2024\/01\/Picture11.png\";a:2:{s:2:\"id\";i:112410;s:11:\"source_type\";s:13:\"media-library\";}s:49:\"\/\/media.alj.com\/app\/uploads\/2024\/01\/Picture11.png\";a:2:{s:2:\"id\";i:112410;s:11:\"source_type\";s:13:\"media-library\";}s:43:\"\/\/alj.com\/app\/uploads\/2024\/01\/Picture12.png\";a:2:{s:2:\"id\";i:112417;s:11:\"source_type\";s:13:\"media-library\";}s:51:\"\/\/alj.com\/app\/uploads\/2024\/01\/Picture12-300x201.png\";a:2:{s:2:\"id\";i:112417;s:11:\"source_type\";s:13:\"media-library\";}s:49:\"\/\/media.alj.com\/app\/uploads\/2024\/01\/Picture12.png\";a:2:{s:2:\"id\";i:112417;s:11:\"source_type\";s:13:\"media-library\";}s:57:\"\/\/media.alj.com\/app\/uploads\/2024\/01\/Picture12-300x201.png\";a:2:{s:2:\"id\";i:112417;s:11:\"source_type\";s:13:\"media-library\";}s:43:\"\/\/alj.com\/app\/uploads\/2024\/01\/Picture13.jpg\";a:2:{s:2:\"id\";i:112424;s:11:\"source_type\";s:13:\"media-library\";}s:49:\"\/\/media.alj.com\/app\/uploads\/2024\/01\/Picture13.jpg\";a:2:{s:2:\"id\";i:112424;s:11:\"source_type\";s:13:\"media-library\";}s:43:\"\/\/alj.com\/app\/uploads\/2024\/01\/Picture14.png\";a:2:{s:2:\"id\";i:112431;s:11:\"source_type\";s:13:\"media-library\";}s:51:\"\/\/alj.com\/app\/uploads\/2024\/01\/Picture14-300x169.png\";a:2:{s:2:\"id\";i:112431;s:11:\"source_type\";s:13:\"media-library\";}s:49:\"\/\/media.alj.com\/app\/uploads\/2024\/01\/Picture14.png\";a:2:{s:2:\"id\";i:112431;s:11:\"source_type\";s:13:\"media-library\";}s:57:\"\/\/media.alj.com\/app\/uploads\/2024\/01\/Picture14-300x169.png\";a:2:{s:2:\"id\";i:112431;s:11:\"source_type\";s:13:\"media-library\";}s:43:\"\/\/alj.com\/app\/uploads\/2024\/01\/Picture15.jpg\";a:2:{s:2:\"id\";i:112438;s:11:\"source_type\";s:13:\"media-library\";}s:51:\"\/\/alj.com\/app\/uploads\/2024\/01\/Picture15-300x169.jpg\";a:2:{s:2:\"id\";i:112438;s:11:\"source_type\";s:13:\"media-library\";}s:49:\"\/\/media.alj.com\/app\/uploads\/2024\/01\/Picture15.jpg\";a:2:{s:2:\"id\";i:112438;s:11:\"source_type\";s:13:\"media-library\";}s:57:\"\/\/media.alj.com\/app\/uploads\/2024\/01\/Picture15-300x169.jpg\";a:2:{s:2:\"id\";i:112438;s:11:\"source_type\";s:13:\"media-library\";}s:43:\"\/\/alj.com\/app\/uploads\/2024\/01\/Picture16.png\";a:2:{s:2:\"id\";i:112445;s:11:\"source_type\";s:13:\"media-library\";}s:49:\"\/\/media.alj.com\/app\/uploads\/2024\/01\/Picture16.png\";a:2:{s:2:\"id\";i:112445;s:11:\"source_type\";s:13:\"media-library\";}s:43:\"\/\/alj.com\/app\/uploads\/2024\/01\/Picture17.png\";a:2:{s:2:\"id\";i:112452;s:11:\"source_type\";s:13:\"media-library\";}s:49:\"\/\/media.alj.com\/app\/uploads\/2024\/01\/Picture17.png\";a:2:{s:2:\"id\";i:112452;s:11:\"source_type\";s:13:\"media-library\";}s:43:\"\/\/alj.com\/app\/uploads\/2024\/01\/Picture18.png\";a:2:{s:2:\"id\";i:112459;s:11:\"source_type\";s:13:\"media-library\";}s:51:\"\/\/alj.com\/app\/uploads\/2024\/01\/Picture18-300x194.png\";a:2:{s:2:\"id\";i:112459;s:11:\"source_type\";s:13:\"media-library\";}s:49:\"\/\/media.alj.com\/app\/uploads\/2024\/01\/Picture18.png\";a:2:{s:2:\"id\";i:112459;s:11:\"source_type\";s:13:\"media-library\";}s:57:\"\/\/media.alj.com\/app\/uploads\/2024\/01\/Picture18-300x194.png\";a:2:{s:2:\"id\";i:112459;s:11:\"source_type\";s:13:\"media-library\";}}"]},"_links":{"self":[{"href":"https:\/\/alj.com\/tr\/wp-json\/wp\/v2\/perspective\/112497"}],"collection":[{"href":"https:\/\/alj.com\/tr\/wp-json\/wp\/v2\/perspective"}],"about":[{"href":"https:\/\/alj.com\/tr\/wp-json\/wp\/v2\/types\/perspective"}],"author":[{"embeddable":true,"href":"https:\/\/alj.com\/tr\/wp-json\/wp\/v2\/users\/18"}],"wp:featuredmedia":[{"embeddable":true,"href":"https:\/\/alj.com\/tr\/wp-json\/wp\/v2\/media\/112340"}],"wp:attachment":[{"href":"https:\/\/alj.com\/tr\/wp-json\/wp\/v2\/media?parent=112497"}],"wp:term":[{"taxonomy":"post_tag","embeddable":true,"href":"https:\/\/alj.com\/tr\/wp-json\/wp\/v2\/tags?post=112497"}],"curies":[{"name":"wp","href":"https:\/\/api.w.org\/{rel}","templated":true}]}}