{"id":117677,"date":"2024-07-12T11:09:30","date_gmt":"2024-07-12T11:09:30","guid":{"rendered":"https:\/\/alj.com\/?post_type=perspective&#038;p=117677"},"modified":"2024-10-30T12:21:33","modified_gmt":"2024-10-30T12:21:33","slug":"yarinin-liderlerini-yetistirmek","status":"publish","type":"perspective","link":"https:\/\/alj.com\/tr\/perspective\/yarinin-liderlerini-yetistirmek\/","title":{"rendered":"Yar\u0131n\u0131n liderlerini yeti\u015ftirmek"},"content":{"rendered":"<h4>\u00d6n\u00fcm\u00fczdeki birka\u00e7 on y\u0131l i\u00e7inde bir\u00e7ok \u00fclkede gen\u00e7 ve \u00e7al\u0131\u015fma ya\u015f\u0131ndaki n\u00fcfusun h\u0131zla artmas\u0131 \u00f6nemli bir ekonomik potansiyel sunacak olsa da bu potansiyelden tam anlam\u0131yla faydalanabilmek i\u00e7in stratejik yat\u0131r\u0131mlara ihtiya\u00e7 duyulacakt\u0131r.<\/h4>\n<p>D\u00fcnya genelinde n\u00fcfus giderek ya\u015flan\u0131yor. 2020 y\u0131l\u0131nda 31 olan d\u00fcnya n\u00fcfusunun ortalama ya\u015f\u0131n\u0131n 2050 y\u0131l\u0131na kadar 36 olmas\u0131 bekleniyor<a href=\"#_ftn1\" name=\"_ftnref1\">[1]<\/a>. 2020\u2019de 1 milyar olan 60 ve \u00fczeri ya\u015ftaki insanlar\u0131n say\u0131s\u0131 2050 y\u0131l\u0131na kadar ikiye katlanarak 2,1 milyara \u00e7\u0131karken ayn\u0131 d\u00f6nemde 80 ya\u015f ve \u00fczeri insanlar\u0131n say\u0131s\u0131n\u0131n \u00fc\u00e7 kat\u0131na \u00e7\u0131kmas\u0131 bekleniyor<a href=\"#_ftn2\" name=\"_ftnref2\">[2]<\/a>.<\/p>\n<p>Ya\u015fam beklentisinin uzamas\u0131 ve do\u011fum oranlar\u0131n\u0131n d\u00fc\u015fmesi, bu trende katk\u0131da bulunan ba\u015fl\u0131ca iki fakt\u00f6rd\u00fcr. Ne var ki \u00fclkelerdeki mevcut demografik \u00f6zelliklere ba\u011fl\u0131 olarak, bu e\u011filimlerin etkileri \u00e7ok farkl\u0131 olacakt\u0131r. \u00d6zellikle de toplumdaki gen\u00e7lerin say\u0131s\u0131.<\/p>\n<h2>Demografik ge\u00e7i\u015f<\/h2>\n<p>Gelir seviyesi y\u00fcksek bir\u00e7ok \u00fclkede, ya\u015fl\u0131 insanlara bak\u0131m sa\u011flaman\u0131n sa\u011fl\u0131k hizmetleri sistemleri \u00fczerindeki etkisi konusunda endi\u015feler art\u0131yor. Ancak di\u011fer b\u00f6lgelerde, gen\u00e7 ve \u00e7al\u0131\u015fma ya\u015f\u0131ndaki insanlar\u0131n say\u0131s\u0131nda, onlara ba\u011f\u0131ml\u0131 olan insanlar\u0131n say\u0131s\u0131na g\u00f6re \u00f6nemli bir b\u00fcy\u00fcme kaydederek \u00e7ok farkl\u0131 zorluklara ve f\u0131rsatlara yol a\u00e7acakt\u0131r.<\/p>\n<p>Bu farkl\u0131l\u0131klar, bir \u00fclkenin \u201cdemografik ge\u00e7i\u015f\u201d olarak bilinen s\u00fcre\u00e7te hangi a\u015famada oldu\u011funa bak\u0131larak a\u00e7\u0131klanabilir. \u00c7o\u011fu \u00fclke ge\u00e7mi\u015fte hem y\u00fcksek do\u011fum oranlar\u0131 hem de y\u00fcksek \u00f6l\u00fcm oranlar\u0131 ya\u015fam\u0131\u015ft\u0131r. Ancak toplumlar\u0131n gelir seviyesi artt\u0131k\u00e7a, daha iyi beslenme olanaklar\u0131na sahip olduk\u00e7a ve sa\u011fl\u0131k hizmetleri daha iyi hale geldik\u00e7e \u00f6l\u00fcm oranlar\u0131 d\u00fc\u015fme e\u011filimine girer. Do\u011fum oran\u0131 y\u00fcksek kal\u0131rsa daha fazla insan do\u011fmas\u0131na kar\u015f\u0131n daha az insan \u00f6l\u00fcr ve n\u00fcfusta h\u0131zl\u0131 bir art\u0131\u015f ortaya \u00e7\u0131kar.<\/p>\n<p>Toplumlar modernle\u015ftik\u00e7e ve zenginle\u015ftik\u00e7e zaman i\u00e7inde insanlar daha az \u00e7ocu\u011fa sahip olma e\u011filiminde olurlar ve do\u011fum oranlar\u0131 da azal\u0131r. Do\u011fum oran\u0131 \u00f6l\u00fcm oran\u0131yla paralel ilerledi\u011finde, bir \u00fclkenin n\u00fcfusunun b\u00fcy\u00fcme h\u0131z\u0131 yava\u015flar hatta azalmaya ba\u015flayabilir.<\/p>\n<p><img decoding=\"async\" loading=\"lazy\" class=\"aligncenter size-full wp-image-117610\" src=\"https:\/\/media.alj.com\/app\/uploads\/2024\/07\/1976-ALJ-Investing-in-Youth-New-v2_001-scaled.jpg\" alt=\"\" width=\"2560\" height=\"2156\" srcset=\"https:\/\/media.alj.com\/app\/uploads\/2024\/07\/1976-ALJ-Investing-in-Youth-New-v2_001-scaled.jpg 2560w, https:\/\/media.alj.com\/app\/uploads\/2024\/07\/1976-ALJ-Investing-in-Youth-New-v2_001-300x253.jpg 300w, https:\/\/media.alj.com\/app\/uploads\/2024\/07\/1976-ALJ-Investing-in-Youth-New-v2_001-1024x862.jpg 1024w, https:\/\/media.alj.com\/app\/uploads\/2024\/07\/1976-ALJ-Investing-in-Youth-New-v2_001-150x126.jpg 150w, https:\/\/media.alj.com\/app\/uploads\/2024\/07\/1976-ALJ-Investing-in-Youth-New-v2_001-768x647.jpg 768w, https:\/\/media.alj.com\/app\/uploads\/2024\/07\/1976-ALJ-Investing-in-Youth-New-v2_001-1536x1293.jpg 1536w, https:\/\/media.alj.com\/app\/uploads\/2024\/07\/1976-ALJ-Investing-in-Youth-New-v2_001-2048x1725.jpg 2048w\" sizes=\"(max-width: 2560px) 100vw, 2560px\" \/><\/p>\n<p>Bu s\u00fcre\u00e7 Almanya, \u015eili, Mauritius ve \u00c7in gibi \u00fclkelerde \u00e7oktan ger\u00e7ekle\u015fmi\u015ftir<a href=\"#_ftn3\" name=\"_ftnref3\"><sup>[3]<\/sup><\/a>. Bu \u00fclkelerden baz\u0131lar\u0131 \u015fu anda daha b\u00fcy\u00fck oranda ya\u015fl\u0131 n\u00fcfusa sahiptir ve azalan n\u00fcfusun getirdi\u011fi zorluklarla kar\u015f\u0131 kar\u015f\u0131yad\u0131r. 2020 y\u0131l\u0131nda yap\u0131lan bir ara\u015ft\u0131rmada, mevcut e\u011filimlerin devam etmesi halinde 23 \u00fclkenin bu y\u00fczy\u0131l\u0131n sonuna kadar n\u00fcfuslar\u0131nda b\u00fcy\u00fck azalmalar ya\u015fayaca\u011f\u0131 \u00f6ng\u00f6r\u00fclm\u00fc\u015ft\u00fcr. 2017 y\u0131l\u0131nda 128 milyondan fazla olan Japonya n\u00fcfusunun 2100 y\u0131l\u0131na kadar 53 milyonun alt\u0131na d\u00fc\u015fece\u011fi tahmin edilirken, ayn\u0131 d\u00f6nemde \u0130talya\u2019daki n\u00fcfusun 61 milyondan 28 milyona d\u00fc\u015fece\u011fi tahmin edilmektedir<a href=\"#_ftn4\" name=\"_ftnref4\"><sup>[4]<\/sup><\/a>. Bunun gibi \u00fclkeler, \u00e7al\u0131\u015fma ya\u015f\u0131ndaki pop\u00fclasyonuna k\u0131yasla say\u0131lar\u0131 gittik\u00e7e artan ya\u015fl\u0131lar\u0131 nas\u0131l destekleyebileceklerine dair zorlukla kar\u015f\u0131la\u015fmaktad\u0131r.<\/p>\n<h2>Ba\u011f\u0131ml\u0131l\u0131k oranlar\u0131<\/h2>\n<p>Demografik ge\u00e7i\u015flerinin daha erken bir a\u015famas\u0131nda olan bu \u00fclkeler ise gen\u00e7 ve \u00e7al\u0131\u015fma ya\u015f\u0131ndaki n\u00fcfuslar\u0131n\u0131n bakmakla y\u00fck\u00fcml\u00fc olduklar\u0131 ya\u015fl\u0131lar\u0131n say\u0131s\u0131yla orant\u0131l\u0131 olarak b\u00fcy\u00fcd\u00fc\u011f\u00fc bu s\u00fcre\u00e7te \u201cdemografik kazan\u0131m\u201d avantaj\u0131ndan yararlanma f\u0131rsat\u0131na sahiptir.<\/p>\n<p>UNICEF\u2019in 2019 y\u0131l\u0131nda haz\u0131rlad\u0131\u011f\u0131 bir raporda, Orta Do\u011fu ve Kuzey Afrika\u2019da (MENA) \u00f6n\u00fcm\u00fczdeki on y\u0131llar i\u00e7inde \u201cbu b\u00f6lgedeki n\u00fcfusun e\u015fi benzeri g\u00f6r\u00fclmemi\u015f derecede b\u00fcy\u00fck bir k\u0131sm\u0131n\u0131n en \u00fcretken y\u0131llar\u0131n\u0131 ya\u015fayaca\u011f\u0131\u201d \u00f6ng\u00f6r\u00fclm\u00fc\u015ft\u00fcr<a href=\"#_ftn5\" name=\"_ftnref5\">[5]<\/a>. En uygun zaman, ba\u011f\u0131ml\u0131l\u0131k oran\u0131n\u0131n her 100 \u00e7al\u0131\u015fma ya\u015f\u0131ndaki yeti\u015fkine (15 ile 64 ya\u015f aras\u0131ndakiler) kar\u015f\u0131l\u0131k yakla\u015f\u0131k 50 ba\u011f\u0131ml\u0131 (65 ya\u015f ve \u00fczeri ki\u015filer ve 15 ya\u015f\u0131ndan k\u00fc\u00e7\u00fck \u00e7ocuklar olarak tan\u0131mlan\u0131r) olaca\u011f\u0131 2040 y\u0131l\u0131na kadar olan d\u00f6nem olacakt\u0131r.<\/p>\n<p><img decoding=\"async\" loading=\"lazy\" class=\"aligncenter size-full wp-image-117617\" src=\"https:\/\/media.alj.com\/app\/uploads\/2024\/07\/1976-ALJ-Investing-in-Youth-New-v2_002-scaled.jpg\" alt=\"\" width=\"2560\" height=\"1691\" srcset=\"https:\/\/media.alj.com\/app\/uploads\/2024\/07\/1976-ALJ-Investing-in-Youth-New-v2_002-scaled.jpg 2560w, https:\/\/media.alj.com\/app\/uploads\/2024\/07\/1976-ALJ-Investing-in-Youth-New-v2_002-300x198.jpg 300w, https:\/\/media.alj.com\/app\/uploads\/2024\/07\/1976-ALJ-Investing-in-Youth-New-v2_002-1024x676.jpg 1024w, https:\/\/media.alj.com\/app\/uploads\/2024\/07\/1976-ALJ-Investing-in-Youth-New-v2_002-150x99.jpg 150w, https:\/\/media.alj.com\/app\/uploads\/2024\/07\/1976-ALJ-Investing-in-Youth-New-v2_002-768x507.jpg 768w, https:\/\/media.alj.com\/app\/uploads\/2024\/07\/1976-ALJ-Investing-in-Youth-New-v2_002-1536x1014.jpg 1536w, https:\/\/media.alj.com\/app\/uploads\/2024\/07\/1976-ALJ-Investing-in-Youth-New-v2_002-2048x1353.jpg 2048w\" sizes=\"(max-width: 2560px) 100vw, 2560px\" \/><\/p>\n<p>G\u00fcn\u00fcm\u00fczden 2050 y\u0131l\u0131na kadar olan d\u00f6nemde MENA b\u00f6lgesinin b\u00fcy\u00fck bir k\u0131sm\u0131nda toplam \u00e7ocuk ve gen\u00e7 insan say\u0131s\u0131ndaki b\u00fcy\u00fck art\u0131\u015f\u0131n neden olaca\u011f\u0131 demografik de\u011fi\u015fim, \u00f6nemli ekonomik etkiler yaratacakt\u0131r. UNICEF, 2030 y\u0131l\u0131na kadar b\u00f6lge n\u00fcfusuna 2,4 milyon gen\u00e7 (15-24 ya\u015f aras\u0131) daha eklenece\u011fini ve be\u015f MENA \u00fclkesinin %40 veya daha fazla oranda n\u00fcfus art\u0131\u015f\u0131 ya\u015fayaca\u011f\u0131n\u0131 s\u00f6yl\u00fcyor. Kuveyt ve Irak\u2019ta, gen\u00e7lerin say\u0131s\u0131 bu s\u00fcre i\u00e7inde neredeyse iki kat\u0131na \u00e7\u0131kacak ve Kuveyt n\u00fcfusuna 200.000, Irak\u2019a ise 3,2 milyondan fazla gen\u00e7 kat\u0131lacak. M\u0131s\u0131r\u2019daki gen\u00e7 n\u00fcfusa 5,5 milyon daha eklenerek \u00fc\u00e7te bir (%33) oran\u0131nda artacakt\u0131r. Her y\u0131l 2,4 milyon gen\u00e7 insan\u0131n n\u00fcfusa kat\u0131laca\u011f\u0131 2027 ve 2028 y\u0131llar\u0131nda, genel olarak b\u00f6lge i\u00e7in en y\u00fcksek y\u0131ll\u0131k art\u0131\u015f beklenmektedir.<a href=\"#_ftn6\" name=\"_ftnref6\">[6]<\/a><\/p>\n<p><img decoding=\"async\" loading=\"lazy\" class=\"aligncenter size-full wp-image-117624\" src=\"https:\/\/media.alj.com\/app\/uploads\/2024\/07\/1976-ALJ-Investing-in-Youth-New-v2_003-scaled.jpg\" alt=\"\" width=\"2560\" height=\"1639\" srcset=\"https:\/\/media.alj.com\/app\/uploads\/2024\/07\/1976-ALJ-Investing-in-Youth-New-v2_003-scaled.jpg 2560w, https:\/\/media.alj.com\/app\/uploads\/2024\/07\/1976-ALJ-Investing-in-Youth-New-v2_003-300x192.jpg 300w, https:\/\/media.alj.com\/app\/uploads\/2024\/07\/1976-ALJ-Investing-in-Youth-New-v2_003-1024x655.jpg 1024w, https:\/\/media.alj.com\/app\/uploads\/2024\/07\/1976-ALJ-Investing-in-Youth-New-v2_003-150x96.jpg 150w, https:\/\/media.alj.com\/app\/uploads\/2024\/07\/1976-ALJ-Investing-in-Youth-New-v2_003-768x492.jpg 768w, https:\/\/media.alj.com\/app\/uploads\/2024\/07\/1976-ALJ-Investing-in-Youth-New-v2_003-1536x983.jpg 1536w, https:\/\/media.alj.com\/app\/uploads\/2024\/07\/1976-ALJ-Investing-in-Youth-New-v2_003-2048x1311.jpg 2048w\" sizes=\"(max-width: 2560px) 100vw, 2560px\" \/><\/p>\n<h2>F\u0131rsatlar ve riskler<\/h2>\n<p>Bu \u00fclkeler ve benzer demografik e\u011filimlere sahip di\u011fer \u00fclkeler, ekonomik b\u00fcy\u00fcmeyi desteklemeye yard\u0131mc\u0131 olmak i\u00e7in bu \u201cdemografik kazan\u0131mdan\u201d yararlanma f\u0131rsat\u0131na sahiptir. \u0130\u015f g\u00fcc\u00fcne dahil olan b\u00fcy\u00fck bir gen\u00e7 n\u00fcfus, ekonomiyi yeni enerji, yenilik ve yarat\u0131c\u0131l\u0131kla doldurma potansiyeline sahiptir. \u00d6rne\u011fin, Afrika\u2019da yeni kurulan \u015firketlerin \u00e7o\u011funun kurucusu 35 ya\u015f\u0131n alt\u0131ndad\u0131r<a href=\"#_ftn7\" name=\"_ftnref7\">[7]<\/a>.<\/p>\n<p>Bununla birlikte, UNICEF\u2019in Orta Do\u011fu ve Kuzey Afrika B\u00f6lge Direkt\u00f6r\u00fc Geert Cappelaere, \u201cdemografik kazan\u0131m\u0131n otomatik olarak ortaya \u00e7\u0131kmad\u0131\u011f\u0131, bunun geli\u015ftirilmesi gerekti\u011fi\u201d konusunda uyar\u0131da bulunmu\u015ftur. Bar\u0131\u015f ve istikrar ortam\u0131nda kapsay\u0131c\u0131 politikalarla desteklenen sa\u011fl\u0131kl\u0131, iyi beslenmi\u015f ve iyi e\u011fitimli gen\u00e7 kad\u0131n ve erkeklerin b\u00f6lgeye e\u015fi benzeri g\u00f6r\u00fclmemi\u015f d\u00fczeyde b\u00fcy\u00fcme ve sosyal ilerleme getirebilece\u011fini ifade etmi\u015ftir. \u201cAncak \u00e7ocuklara ve gen\u00e7lere yeterince yat\u0131r\u0131m yapmazsak, n\u00fcfusun b\u00fcy\u00fck k\u0131sm\u0131 i\u015f g\u00fcc\u00fcn\u00fcn d\u0131\u015f\u0131nda kalmaya devam edecektir. \u00c7at\u0131\u015fma ve istikrars\u0131zl\u0131k bask\u0131n olacak ve b\u00f6lgedeki demografik de\u011fi\u015fiklikler bir f\u0131rsattan ziyade bir y\u00fck haline gelecektir.\u201d ifadelerine de yer vermi\u015ftir.<\/p>\n<h2>Gen\u00e7lere yat\u0131r\u0131m<\/h2>\n<p>Peki geli\u015fmekte olan \u00fclkeler, gen\u00e7 n\u00fcfuslar\u0131n\u0131n bu f\u0131rsatlardan en iyi \u015fekilde yararlanmalar\u0131n\u0131 sa\u011flamak i\u00e7in ne yapabilir? Bu soru \u00f6zellikle 2035 y\u0131l\u0131na kadar insanlar\u0131n %70\u2019inin 30 ya\u015f\u0131n alt\u0131nda olmas\u0131 ve 400 milyondan fazla gencin \u00e7al\u0131\u015fma ya\u015f\u0131na girmesi beklenen Afrika\u2019y\u0131 yak\u0131ndan ilgilendiriyor. BM tahminlerine g\u00f6re 2050 y\u0131l\u0131na kadar d\u00fcnyadaki gen\u00e7lerin \u00fc\u00e7te birinden fazlas\u0131 Afrika\u2019da ya\u015f\u0131yor olacak<a href=\"#_ftn8\" name=\"_ftnref8\">[8]<\/a>.<\/p>\n<p><img decoding=\"async\" loading=\"lazy\" class=\"aligncenter size-full wp-image-117631\" src=\"https:\/\/media.alj.com\/app\/uploads\/2024\/07\/1976-ALJ-Investing-in-Youth-New-v2_004-scaled.jpg\" alt=\"\" width=\"2489\" height=\"2560\" srcset=\"https:\/\/media.alj.com\/app\/uploads\/2024\/07\/1976-ALJ-Investing-in-Youth-New-v2_004-scaled.jpg 2489w, https:\/\/media.alj.com\/app\/uploads\/2024\/07\/1976-ALJ-Investing-in-Youth-New-v2_004-292x300.jpg 292w, https:\/\/media.alj.com\/app\/uploads\/2024\/07\/1976-ALJ-Investing-in-Youth-New-v2_004-995x1024.jpg 995w, https:\/\/media.alj.com\/app\/uploads\/2024\/07\/1976-ALJ-Investing-in-Youth-New-v2_004-146x150.jpg 146w, https:\/\/media.alj.com\/app\/uploads\/2024\/07\/1976-ALJ-Investing-in-Youth-New-v2_004-768x790.jpg 768w, https:\/\/media.alj.com\/app\/uploads\/2024\/07\/1976-ALJ-Investing-in-Youth-New-v2_004-1493x1536.jpg 1493w, https:\/\/media.alj.com\/app\/uploads\/2024\/07\/1976-ALJ-Investing-in-Youth-New-v2_004-1991x2048.jpg 1991w\" sizes=\"(max-width: 2489px) 100vw, 2489px\" \/><\/p>\n<p>Ancak k\u0131tan\u0131n h\u0131zla artan gen\u00e7 n\u00fcfusu, i\u015f bulmada ciddi zorluklarla kar\u015f\u0131 kar\u015f\u0131ya. Her ay bir milyon Afrikal\u0131 i\u015f g\u00fcc\u00fc pazar\u0131na girse de bu insanlar\u0131n d\u00f6rtte birinden az\u0131 resmi bir i\u015fe giriyor<a href=\"#_ftn9\" name=\"_ftnref9\">[9]<\/a>. Uluslararas\u0131 \u00c7al\u0131\u015fma \u00d6rg\u00fct\u00fc\u2019ne (<a href=\"https:\/\/www.ilo.org\/\">ILO<\/a>) g\u00f6re Sahra Alt\u0131 Afrika\u2019daki gen\u00e7lerin d\u00f6rtte birinden fazlas\u0131 ne \u00e7al\u0131\u015f\u0131yor ne de e\u011fitim g\u00f6r\u00fcyor (NEET)<a href=\"#_ftn10\" name=\"_ftnref10\">[10]<\/a>. Cities Alliance k\u00fcresel ortakl\u0131\u011f\u0131, ayn\u0131 b\u00f6lgede toplam istihdam i\u00e7inde kay\u0131t d\u0131\u015f\u0131 gayri istihdam\u0131n %89 oldu\u011funu s\u00f6yl\u00fcyor; bu da \u201cbir\u00e7ok gencin sosyal g\u00fcvenlik veya herhangi bir i\u015f\u00e7i hakk\u0131na sahip olmad\u0131\u011f\u0131\u201d anlam\u0131na geliyor.<\/p>\n<p>2023 y\u0131l\u0131nda Tanzanya\u2019da 43 Afrika \u00fclkesinden devlet ba\u015fkanlar\u0131n\u0131n, h\u00fck\u00fcmet ba\u015fkanlar\u0131n\u0131n ve bakanlar\u0131n bir araya geldi\u011fi bir zirvede, D\u00fcnya Bankas\u0131\u2019n\u0131n insani kalk\u0131nmadan sorumlu ba\u015fkan yard\u0131mc\u0131s\u0131 Mamta Murthi bir r\u00f6portajda, bu zorlu\u011fu a\u015fmak i\u00e7in siyasi iradenin kaynaklardan daha \u00f6nemli bir rol\u00fcn\u00fcn oldu\u011funu s\u00f6yledi. \u201cGen\u00e7lere daha fazla yat\u0131r\u0131m yap\u0131lmas\u0131 gerekiyor. \u0130yi e\u011fitilmeleri ve beceri sahibi bu gen\u00e7lerin istihdam edilebilmesi i\u00e7in istihdam f\u0131rsatlar\u0131 yaratan yat\u0131r\u0131mlar\u0131n olmas\u0131 gerekiyor.\u201d dedi.<a href=\"#_ftn11\" name=\"_ftnref11\">[11]<\/a><\/p>\n<p>Zirvedeki temsilciler, Afrika\u2019da insan sermayesi geli\u015ftirmenin koordineli planlama ve finansman\u0131n yan\u0131 s\u0131ra insanlara yap\u0131lan yat\u0131r\u0131mlar\u0131n miktar\u0131n\u0131, verimlili\u011fini ve etkisini g\u00fc\u00e7lendirmek i\u00e7in kararl\u0131 bir \u00e7aba gerektirdi\u011fini kabul etti. Beyanlar\u0131nda, 2030 y\u0131l\u0131na kadar \u00f6\u011frenme yoksullu\u011funu en az d\u00f6rtte bir oran\u0131nda azaltmak ve 2030 y\u0131l\u0131na kadar okuryazarl\u0131k oranlar\u0131n\u0131 %75\u2019e ula\u015ft\u0131rmak dahil olmak \u00fczere \u00e7e\u015fitli taahh\u00fctlerde bulundular. Sa\u011fl\u0131\u011f\u0131 iyile\u015ftirmek i\u00e7in, 2030 y\u0131l\u0131na kadar a\u015f\u0131r\u0131 zay\u0131f, yeterli b\u00fcy\u00fcyememi\u015f ve yetersiz kilolu insanlar\u0131n oran\u0131n\u0131 azaltmay\u0131 ve a\u015f\u0131 kapsam\u0131n\u0131 %90\u2019a ula\u015ft\u0131rmay\u0131 da taahh\u00fct ettiler<a href=\"#_ftn12\" name=\"_ftnref12\">[12]<\/a>.<\/p>\n<p>Zirvede ayr\u0131ca i\u015f yaratmay\u0131 ve ekonomik f\u0131rsatlar\u0131 te\u015fvik etmeyi ama\u00e7layan birtak\u0131m \u00f6nlemler \u00fczerinde de anla\u015fmaya var\u0131ld\u0131. Bu \u00f6nlemler aras\u0131nda yerli ve yabanc\u0131 yat\u0131r\u0131mlar\u0131n \u00e7ekilmesi, giri\u015fimcili\u011fin te\u015fvik edilmesi ve k\u00fc\u00e7\u00fck ve orta \u00f6l\u00e7ekli i\u015fletmelerin b\u00fcy\u00fcmesine destek verilmesi yer al\u0131yordu. Buna ek olarak \u00fclkeler tar\u0131m, yenilenebilir enerji ve dijital teknolojiler gibi y\u00fcksek potansiyelli sekt\u00f6rlere \u00f6ncelik vermeyi ve 2030 y\u0131l\u0131na kadar i\u015flerde dijital beceriler kazand\u0131rmak i\u00e7in 19 milyon ki\u015fiye daha e\u011fitim verilmesini taahh\u00fct etti.<\/p>\n<h2>G\u00f6zler Hindistan\u2019da<\/h2>\n<p>Hindistan\u2019da gen\u00e7 insan say\u0131s\u0131n\u0131n artmas\u0131, insan sermayesinden yararlanma ile ilgili zorluklar\u0131 karma\u015f\u0131k bir hale getiriyor. Hindistan, ge\u00e7ti\u011fimiz y\u0131l d\u00fcnyan\u0131n en kalabal\u0131k \u00fclkesi olarak \u00c7in\u2019i ge\u00e7ti<a href=\"#_ftn13\" name=\"_ftnref13\">[13]<\/a>. N\u00fcfusunun yakla\u015f\u0131k \u00fc\u00e7te ikisi 35 ya\u015f\u0131n alt\u0131nda ve i\u015f g\u00fcc\u00fcne her y\u0131l milyonlarca insan kat\u0131l\u0131yor<a href=\"#_ftn14\" name=\"_ftnref14\">[14]<\/a>. Hindistan h\u0131zl\u0131 bir ekonomik geni\u015fleme ya\u015f\u0131yor. Yak\u0131n zamanda %8,4\u2019l\u00fck b\u00fcy\u00fcme oran\u0131yla d\u00fcnyan\u0131n en h\u0131zl\u0131 b\u00fcy\u00fcyen b\u00fcy\u00fck ekonomisi oldu<a href=\"#_ftn15\" name=\"_ftnref15\">[15]<\/a>. Ancak bu olumlu tabloya ra\u011fmen i\u015fsizlik, \u00f6zellikle gen\u00e7ler i\u00e7in \u00fclkede bir sorun olmaya devam ediyor. Ge\u00e7en y\u0131l, Bangalore\u2019daki Azim Premji \u00dcniversitesi\u2019nden gelen bir raporda, 25 ya\u015f\u0131ndan k\u00fc\u00e7\u00fck mezunlar i\u00e7in i\u015fsizlik oran\u0131n\u0131n Haziran 2022\u2019de %42\u2019ye ula\u015ft\u0131\u011f\u0131 belirtilmi\u015ftir<a href=\"#_ftn16\" name=\"_ftnref16\">[16]<\/a>. Raporun yazarlar\u0131, uzun vadede GSY\u0130H ve istihdam b\u00fcy\u00fcmesindeki b\u00fcy\u00fcmenin \u201cili\u015fkili olmad\u0131\u011f\u0131\u201d ve \u201cGSY\u0130H\u2019nin h\u0131zl\u0131 b\u00fcy\u00fcmesine y\u00f6nelik politikalar\u0131n mutlaka i\u015f yaratmay\u0131 h\u0131zland\u0131rmayaca\u011f\u0131\u201d konusunda uyar\u0131larda bulundu.<\/p>\n<p>Gen\u00e7lerin beceri eksikli\u011fi de \u00f6nemli bir endi\u015fe kayna\u011f\u0131. Ge\u00e7en y\u0131l yap\u0131lan bir ankette otomotiv, m\u00fchendislik ve elektronik de dahil olmak \u00fczere \u00e7e\u015fitli sekt\u00f6rlerdeki Hintli \u00fcreticilerin d\u00f6rtte \u00fc\u00e7\u00fcn\u00fcn kar\u015f\u0131 kar\u015f\u0131ya oldu\u011fu nitelikli i\u015f g\u00fcc\u00fc eksikli\u011finin k\u00e2rl\u0131l\u0131klar\u0131n\u0131 engelledi\u011fi tespit edilmi\u015ftir. Bunlar\u0131n \u00fc\u00e7te birinden fazlas\u0131 (%35) etkinin ciddi oldu\u011funu s\u00f6yledi<a href=\"#_ftn17\" name=\"_ftnref17\">[17]<\/a>. Bu bulgular bir S&amp;P Global analiziyle de destekleniyor. Bu analizde, Hindistan\u2019\u0131n \u00fcretimde 2021 y\u0131l\u0131nda her bir \u00e7al\u0131\u015fan\u0131n ortalama 8.076 ABD dolar\u0131 katk\u0131da bulunarak \u00e7al\u0131\u015fan ba\u015f\u0131na katk\u0131n\u0131n 18.308 ABD dolar\u0131 oldu\u011fu Tayland ve 34.402 ABD dolar\u0131 oldu\u011fu Malezya gibi di\u011fer \u00fclkelerden \u00e7ok daha geride kald\u0131\u011f\u0131 saptanm\u0131\u015ft\u0131r<a href=\"#_ftn18\" name=\"_ftnref18\">[18]<\/a>. Ekonominin di\u011fer \u00f6nemli alanlar\u0131nda da yeti\u015fmi\u015f i\u015f g\u00fcc\u00fc eksikli\u011fi ya\u015fan\u0131yor. Sekt\u00f6rdeki bir kurumun belirtti\u011fi \u00fczere \u00fclkenin telekom\u00fcnikasyon sekt\u00f6r\u00fcnde 2023 y\u0131l\u0131nda 2,41 milyon nitelikli \u00e7al\u0131\u015fan eksikli\u011fi ya\u015fan\u0131yor. Bu rakam\u0131n 2030 y\u0131l\u0131na kadar neredeyse d\u00f6rt kat artmas\u0131 bekleniyor.<a href=\"#_ftn19\" name=\"_ftnref19\">[19]<\/a> Ayr\u0131ca 2023 y\u0131l\u0131nda, Hindistanl\u0131 b\u00fcy\u00fck bir holding olan RPG Group ba\u015fkan\u0131 sosyal medyada nitelikli i\u015f g\u00fcc\u00fc eksikli\u011fi hakk\u0131nda \u015funlar\u0131 s\u00f6yledi<a href=\"#_ftn20\" name=\"_ftnref20\">[20]<\/a>: \u201c\u0130n\u015faat i\u015f\u00e7ileri ar\u0131yoruz ancak yeteri kadar bulam\u0131yoruz! Kamyon \u015fof\u00f6rleri ar\u0131yoruz, b\u00fcy\u00fck bir a\u00e7\u0131k var! Tarlada ekim yapacak i\u015f\u00e7iler istiyoruz ama piyasada \u00e7al\u0131\u015facak insan yok! \u00c7\u00f6z\u00fcm\u00fc anlamak m\u00fcmk\u00fcn de\u011fil\u201d.<\/p>\n<p>Hindistan h\u00fck\u00fcmeti, bu t\u00fcr endi\u015feleri gidermek i\u00e7in n\u00fcfusunun, \u00f6zellikle de gen\u00e7lerin becerilerini art\u0131rmay\u0131 ama\u00e7layan \u00e7e\u015fitli giri\u015fimler ba\u015flatt\u0131. \u00dclkenin 2020 y\u0131l\u0131nda duyurulan Ulusal E\u011fitim Politikas\u0131<a href=\"#_ftn21\" name=\"_ftnref21\">[21]<\/a>, e\u011fitim sistemini d\u00f6n\u00fc\u015ft\u00fcrmek i\u00e7in kapsaml\u0131 bir \u00e7er\u00e7eve ortaya koymaktad\u0131r. 2025 y\u0131l\u0131na kadar ilkokullarda temel say\u0131sal becerilere ve okuryazarl\u0131\u011fa odaklanarak 2035 y\u0131l\u0131na kadar gen\u00e7 ve yeti\u015fkin okuryazarl\u0131k oran\u0131n\u0131 %100\u2019e \u00e7\u0131karmay\u0131 hedefliyor. Bir di\u011fer \u00f6nemli hedef de y\u00fcksek\u00f6\u011frenime kat\u0131l\u0131m\u0131 art\u0131rmak ve \u00fcniversitelere kay\u0131t oran\u0131n\u0131 2035 y\u0131l\u0131na kadar %50\u2019ye \u00e7\u0131karmak (2018\u2019deki seviyeyi neredeyse iki kat\u0131na \u00e7\u0131karmak) ve Hint \u00fcniversitelerini k\u00fcresel olarak ilk 100\u2019e \u00e7\u0131karmakt\u0131r<a href=\"#_ftn22\" name=\"_ftnref22\">[22]<\/a>.<\/p>\n<p>Buna ek olarak, 2014 y\u0131l\u0131nda kurulan Hindistan Beceri Geli\u015ftirme ve Giri\u015fimcilik Bakanl\u0131\u011f\u0131 hem i\u015fletmeler hem de bireyler i\u00e7in \u00e7e\u015fitli finansman ve e\u011fitim f\u0131rsat\u0131n\u0131 takip etmekle sorumludur. \u00d6nc\u00fc plan olan Pradhan Mantri Kaushal Vikas Yojana (PMKVY), 2015 y\u0131l\u0131nda \u00fclke genelinde gen\u00e7lerin i\u015f bulmalar\u0131na yard\u0131mc\u0131 olmak i\u00e7in sekt\u00f6rle ilgili beceriler geli\u015ftirmek \u00fczere kuruldu<a href=\"#_ftn23\" name=\"_ftnref23\">[23]<\/a>. 2023 y\u0131l\u0131n\u0131n sonuna kadar yakla\u015f\u0131k 14 milyon \u00e7al\u0131\u015fan aday\u0131na e\u011fitim veya oryantasyon sa\u011fland\u0131. Maalesef bunlar\u0131n bir\u00e7o\u011fu hen\u00fcz i\u015f bulamad\u0131. Ge\u00e7en y\u0131l yap\u0131lan bir analizde, PMKVY programlar\u0131 kapsam\u0131nda sertifika alan adaylar\u0131n d\u00f6rtte birinden daha az\u0131n\u0131n i\u015fe yerle\u015ftirildi\u011fi belirtildi<a href=\"#_ftn24\" name=\"_ftnref24\">[24]<\/a>.<\/p>\n<h2>Cinsiyet e\u015fitsizli\u011fi<\/h2>\n<p>Bu istatistikler, demografik kazan\u0131mdan nas\u0131l yararlan\u0131laca\u011f\u0131n\u0131n kolay bir yan\u0131t\u0131 olmad\u0131\u011f\u0131n\u0131 ve ba\u015far\u0131n\u0131n muhtemelen ba\u011flant\u0131l\u0131 fakt\u00f6rler aras\u0131ndaki karma\u015f\u0131k bir etkile\u015fime ba\u011fl\u0131 olaca\u011f\u0131n\u0131 vurguluyor.<\/p>\n<p>Bir\u00e7ok \u00fclkede ekonomistler cinsiyetin \u00f6nemli bir fakt\u00f6r oldu\u011funa inan\u0131yor. Hindistan\u2019da ve demografik kazan\u0131m potansiyeli olan di\u011fer bir\u00e7ok \u00fclkede, kad\u0131nlar\u0131n i\u015f g\u00fcc\u00fcne kat\u0131l\u0131m\u0131 d\u00fc\u015f\u00fckt\u00fcr. 2010 y\u0131l\u0131nda %29 olan \u00e7al\u0131\u015fma ya\u015f\u0131ndaki Hindistanl\u0131 kad\u0131nlar\u0131n istihdam oran\u0131 ge\u00e7en y\u0131l %24\u2019e d\u00fc\u015ft\u00fc. 25 ya\u015f\u0131n alt\u0131ndaki kad\u0131nlar\u0131n istihdam oran\u0131 ise daha b\u00fcy\u00fck bir d\u00fc\u015f\u00fc\u015fle %20\u2019den %12\u2019ye indi.<\/p>\n<p><img decoding=\"async\" loading=\"lazy\" class=\"aligncenter size-full wp-image-117638\" src=\"https:\/\/media.alj.com\/app\/uploads\/2024\/07\/1976-ALJ-Investing-in-Youth-New-v2_005-scaled.jpg\" alt=\"\" width=\"2560\" height=\"2148\" srcset=\"https:\/\/media.alj.com\/app\/uploads\/2024\/07\/1976-ALJ-Investing-in-Youth-New-v2_005-scaled.jpg 2560w, https:\/\/media.alj.com\/app\/uploads\/2024\/07\/1976-ALJ-Investing-in-Youth-New-v2_005-300x252.jpg 300w, https:\/\/media.alj.com\/app\/uploads\/2024\/07\/1976-ALJ-Investing-in-Youth-New-v2_005-1024x859.jpg 1024w, https:\/\/media.alj.com\/app\/uploads\/2024\/07\/1976-ALJ-Investing-in-Youth-New-v2_005-150x126.jpg 150w, https:\/\/media.alj.com\/app\/uploads\/2024\/07\/1976-ALJ-Investing-in-Youth-New-v2_005-768x645.jpg 768w, https:\/\/media.alj.com\/app\/uploads\/2024\/07\/1976-ALJ-Investing-in-Youth-New-v2_005-1536x1289.jpg 1536w, https:\/\/media.alj.com\/app\/uploads\/2024\/07\/1976-ALJ-Investing-in-Youth-New-v2_005-2048x1719.jpg 2048w\" sizes=\"(max-width: 2560px) 100vw, 2560px\" \/><\/p>\n<p>Benzer \u015fekilde, Afrika\u2019da gen\u00e7 n\u00fcfusun d\u00f6rtte birinden fazlas\u0131 (72 milyon) NEET (Ne E\u011fitimde Ne \u0130stihdamda) kategorisindedir ve bunlar\u0131n \u00fc\u00e7te ikisi kad\u0131nd\u0131r<a href=\"#_ftn25\" name=\"_ftnref25\">[25]<\/a>. 2022 y\u0131l\u0131nda Sahra Alt\u0131 Afrika\u2019daki gen\u00e7 kad\u0131nlar aras\u0131ndaki NEET oran\u0131 %33\u2019t\u00fc. Uluslararas\u0131 \u00c7al\u0131\u015fma \u00d6rg\u00fct\u00fc (ILO), bu b\u00f6lgede inceledi\u011fi yedi \u00fclkede, 15 ile 29 ya\u015f aras\u0131 kad\u0131nlar\u0131n gen\u00e7 erkeklere g\u00f6re daha y\u00fcksek NEET oranlar\u0131na ve daha d\u00fc\u015f\u00fck istihdam oranlar\u0131na sahip oldu\u011funu tespit etti.<\/p>\n<p>Bu e\u011filimler toplumsal tutum ve uygulamalar\u0131n etkisiyle ortaya \u00e7\u0131kar. Sahra Alt\u0131 Afrika\u2019da, gen\u00e7 kad\u0131nlar genellikle yemek pi\u015firme ve \u00e7ocuk bak\u0131m\u0131 gibi daha fazla ev i\u015fi \u00fcstlenerek e\u011fitim ve i\u015f g\u00fcc\u00fcne daha az kat\u0131l\u0131m sa\u011flar. Sosyal normlar\u0131n Hindistan\u2019da da bir fakt\u00f6r oldu\u011funa inan\u0131lmaktad\u0131r. Buna ek olarak, kad\u0131nlar\u0131n eri\u015febilece\u011fi i\u015fler s\u0131n\u0131rl\u0131d\u0131r ve \u015fehirle\u015fen n\u00fcfus nedeniyle g\u00fcvenlik endi\u015feleri bulunmaktad\u0131r<a href=\"#_ftn26\" name=\"_ftnref26\">[26]<\/a>. Bir\u00e7ok uzman, bu t\u00fcr sorunlar\u0131n \u00fcstesinden gelmenin ekonomik potansiyellerine ula\u015fan \u00fclkeler i\u00e7in \u00e7ok \u00f6nemli olaca\u011f\u0131na inanmaktad\u0131r. Hindistan Uluslararas\u0131 Ekonomik \u0130li\u015fkiler Ara\u015ft\u0131rma Konseyi d\u00fc\u015f\u00fcnce kurulu\u015funda misafir profes\u00f6r olan Radhicka Kapoor\u2019un <em>Financial Times<\/em>\u2019a verdi\u011fi deme\u00e7te belirtti\u011fi gibi, \u201cn\u00fcfusunuzun yar\u0131s\u0131 i\u015f g\u00fcc\u00fcne bile kat\u0131lmam\u0131\u015fken demografik kazan\u0131mdan faydalanman\u0131z m\u00fcmk\u00fcn de\u011fildir.\u201d<a href=\"#_ftn27\" name=\"_ftnref27\">[27]<\/a><\/p>\n<h2>Suudi Arabistan\u2019\u0131n ba\u015far\u0131s\u0131<\/h2>\n<p>Bu alanda kayda de\u011fer bir geli\u015fme g\u00f6steren \u00fclkelerden biri de Suudi Arabistan\u2019d\u0131r. Ortalama ya\u015f\u0131 22 olan bu \u00fclke \u00f6n\u00fcm\u00fczdeki on y\u0131llarda demografik kazan\u0131m\u0131n avantaj\u0131ndan yararlanmak i\u00e7in iyi bir konuma sahiptir<a href=\"#_ftn28\" name=\"_ftnref28\">[28]<\/a>. Ge\u00e7en y\u0131l S&amp;P Global taraf\u0131ndan yap\u0131lan bir analizde, kad\u0131nlar\u0131n i\u015f g\u00fcc\u00fcne kat\u0131l\u0131m\u0131n\u0131n 2022 y\u0131l\u0131nda %36\u2019ya ula\u015ft\u0131\u011f\u0131 ve bu oran\u0131n 2016 y\u0131l\u0131ndaki %19\u2019luk seviyesinin neredeyse iki kat\u0131na \u00e7\u0131kt\u0131\u011f\u0131 tespit edilmi\u015ftir. Arab News\u2019e g\u00f6re, de\u011fi\u015fikli\u011fin \u201ce\u011fitime daha iyi eri\u015fim, do\u011furganl\u0131k oranlar\u0131nda azalma ve daha kapsay\u0131c\u0131 bir k\u00fclt\u00fcrel ortam\u201d dahil olmak \u00fczere \u00e7e\u015fitli fakt\u00f6rlere ba\u011fl\u0131 oldu\u011funa inan\u0131lmaktad\u0131r<a href=\"#_ftn29\" name=\"_ftnref29\">[29]<\/a>. 2020 y\u0131l\u0131nda, \u00fclkedeki 25 ya\u015f ve \u00fczeri kad\u0131nlar\u0131n neredeyse \u00fc\u00e7te biri (%32) en az lisans derecesine sahipti. Bu oran yakla\u015f\u0131k d\u00f6rtte bir (%26) oldu\u011fu 2017 y\u0131l\u0131na k\u0131yasla ciddi bir art\u0131\u015f g\u00f6sterdi.<\/p>\n<p><img decoding=\"async\" loading=\"lazy\" class=\"aligncenter size-full wp-image-117645\" src=\"https:\/\/media.alj.com\/app\/uploads\/2024\/07\/1976-ALJ-Investing-in-Youth-New-v2_006-scaled.jpg\" alt=\"\" width=\"2560\" height=\"2560\" srcset=\"https:\/\/media.alj.com\/app\/uploads\/2024\/07\/1976-ALJ-Investing-in-Youth-New-v2_006-scaled.jpg 2560w, https:\/\/media.alj.com\/app\/uploads\/2024\/07\/1976-ALJ-Investing-in-Youth-New-v2_006-300x300.jpg 300w, https:\/\/media.alj.com\/app\/uploads\/2024\/07\/1976-ALJ-Investing-in-Youth-New-v2_006-1024x1024.jpg 1024w, https:\/\/media.alj.com\/app\/uploads\/2024\/07\/1976-ALJ-Investing-in-Youth-New-v2_006-150x150.jpg 150w, https:\/\/media.alj.com\/app\/uploads\/2024\/07\/1976-ALJ-Investing-in-Youth-New-v2_006-768x768.jpg 768w, https:\/\/media.alj.com\/app\/uploads\/2024\/07\/1976-ALJ-Investing-in-Youth-New-v2_006-1536x1536.jpg 1536w, https:\/\/media.alj.com\/app\/uploads\/2024\/07\/1976-ALJ-Investing-in-Youth-New-v2_006-2048x2048.jpg 2048w, https:\/\/media.alj.com\/app\/uploads\/2024\/07\/1976-ALJ-Investing-in-Youth-New-v2_006-200x200.jpg 200w, https:\/\/media.alj.com\/app\/uploads\/2024\/07\/1976-ALJ-Investing-in-Youth-New-v2_006-170x170.jpg 170w, https:\/\/media.alj.com\/app\/uploads\/2024\/07\/1976-ALJ-Investing-in-Youth-New-v2_006-70x70.jpg 70w, https:\/\/media.alj.com\/app\/uploads\/2024\/07\/1976-ALJ-Investing-in-Youth-New-v2_006-271x271.jpg 271w\" sizes=\"(max-width: 2560px) 100vw, 2560px\" \/><\/p>\n<p>\u0130\u015f g\u00fcc\u00fc kat\u0131l\u0131m\u0131ndaki b\u00fcy\u00fcmenin Suudi Arabistan ekonomisine 2032 y\u0131l\u0131na kadar 39 milyar ABD dolar\u0131 (%3,5) katk\u0131 sa\u011flamas\u0131 bekleniyor ve demografik kazan\u0131mdan yararlanmada h\u00fck\u00fcmet eyleminin \u00f6nemini vurguluyor. Bu de\u011fi\u015fim, di\u011fer hedeflerin yan\u0131 s\u0131ra \u201ckad\u0131nlar\u0131n g\u00fc\u00e7lendirilmesini ve gen\u00e7lerin kat\u0131l\u0131m\u0131n\u0131\u201d art\u0131rmay\u0131 ama\u00e7layan h\u00fck\u00fcmetin <a href=\"http:\/\/www.vision2030.gov.sa\/en\/\">Vizyon 2030<\/a> program\u0131n\u0131 takip ediyor<a href=\"#_ftn30\" name=\"_ftnref30\">[30]<\/a>. Bu y\u0131l D\u00fcnya Bankas\u0131\u2019ndan<a href=\"#_ftn31\" name=\"_ftnref31\">[31]<\/a> gelen bir raporda, Suudi Arabistan h\u00fck\u00fcmetinin \u201ckad\u0131nlar\u0131n g\u00fc\u00e7lendirilmesi konusunda g\u00fc\u00e7l\u00fc bir ba\u011fl\u0131l\u0131k ve g\u00fc\u00e7l\u00fc ileti\u015fim sergilemesinin\u201d kat\u0131l\u0131mdaki art\u0131\u015f\u0131 destekleyen \u00f6nemli bir fakt\u00f6r oldu\u011fu belirtildi.<\/p>\n<p>Ayr\u0131ca, yap\u0131sal ekonomik de\u011fi\u015fikliklerin ve COVID-19 pandemisinin etkisinin yan\u0131 s\u0131ra \u201ckad\u0131n istihdam\u0131n\u0131 te\u015fvik etmek i\u00e7in \u00f6nemli yasal reformlar\u0131n ve yeni programlar\u0131n\u201d \u00f6nemini de vurgulad\u0131.<\/p>\n<h2>Ortakl\u0131klar olu\u015fturmak<\/h2>\n<p>Devlet faaliyeti \u00f6nemli olsa da, demografik kazan\u0131mdan yararlanmay\u0131 ama\u00e7layan ba\u015far\u0131l\u0131 giri\u015fimler de \u00f6zel yat\u0131r\u0131m\u0131n g\u00fcc\u00fcne ihtiya\u00e7 duyacakt\u0131r. UNICEF\u2019e g\u00f6re, MENA \u00fclkelerinde i\u015f piyasas\u0131na yeni giren i\u015f g\u00fcc\u00fc arz\u0131n\u0131 kar\u015f\u0131lamada ge\u00e7mi\u015fte kamu sekt\u00f6r\u00fcne duyulan g\u00fcveni azaltmak i\u00e7in gerekli i\u015f yaratma rol\u00fcn\u00fcn \u201c\u00f6zel sekt\u00f6r odakl\u0131\u201d<a href=\"#_ftn32\" name=\"_ftnref32\">[32]<\/a> olmas\u0131 gereklidir. UNICEF\u2019in b\u00f6lgeye ili\u015fkin raporu, \u00fclkelerin k\u00fc\u00e7\u00fck ve orta \u00f6l\u00e7ekli i\u015fletmelerin b\u00fcy\u00fcmesini desteklemek i\u00e7in \u201ce\u015fit yasal ko\u015fullar\u0131 sa\u011flamas\u0131\u201d ve d\u00f6rd\u00fcnc\u00fc sanayi devrimini olu\u015fturan teknolojideki h\u0131zl\u0131 de\u011fi\u015fimden faydalanmak i\u00e7in kendilerini konumland\u0131rmas\u0131n\u0131 gerektiriyor.<\/p>\n<p>H\u00fck\u00fcmetler ve i\u015fletmeler aras\u0131nda ortakl\u0131k potansiyelinin ara\u015ft\u0131r\u0131ld\u0131\u011f\u0131 \u00f6nemli alanlardan biri de e\u011fitimdir.<\/p>\n<p>Bakanl\u0131k dan\u0131\u015fmanlar\u0131ndan biri, Suudi Arabistan\u2019da h\u00fck\u00fcmetin son zamanlarda e\u011fitim sekt\u00f6r\u00fcn\u00fc d\u00f6n\u00fc\u015ft\u00fcrme ve geli\u015ftirme konusunda teknoloji potansiyeline odakland\u0131\u011f\u0131n\u0131 kaleme ald\u0131<a href=\"#_ftn33\" name=\"_ftnref33\">[33]<\/a>. Suudi h\u00fck\u00fcmeti gerek dijitalle\u015fme gerek e\u011fitime \u00f6ncelik vermesiyle birlikte \u00fclkenin b\u00fcy\u00fck gen\u00e7 n\u00fcfusunun sanal s\u0131n\u0131flar, \u00e7evrimi\u00e7i \u00f6\u011frenme platformlar\u0131 ve e\u011fitim i\u00e7eri\u011fi geli\u015ftirme gibi alanlarda hem yerel hem de yabanc\u0131 yat\u0131r\u0131mc\u0131lar i\u00e7in verimli bir zemin sundu\u011funa inan\u0131yor. D\u00fczenleyici reformlar\u0131n ve finansal te\u015fviklerin katk\u0131s\u0131yla okullar ve kolejler ile birlikte \u00e7al\u0131\u015farak e\u011fitim teknolojisi sekt\u00f6r\u00fcn\u00fcn b\u00fcy\u00fcmesini destekliyor.<\/p>\n<p>Fas\u2019taki Mohammed VI Polytechnic \u00dcniversitesi\u2019nin ba\u015fkan\u0131 Hicham El Habti, Afrika\u2019n\u0131n y\u00fcksek e\u011fitim sisteminde ihtiya\u00e7 duyulan d\u00f6n\u00fc\u015f\u00fcm s\u00fcrecine \u00f6zel sekt\u00f6r\u00fcn de dahil olmas\u0131 gerekti\u011fine inan\u0131yor<a href=\"#_ftn34\" name=\"_ftnref34\">[34]<\/a>. E\u011fitim programlar\u0131 \u201ctopluma fayda sa\u011flayan giri\u015fimci ruhu beslemek i\u00e7in yeniden tasarlanmal\u0131d\u0131r\u201d diye savunuyor ve \u201cAfrika\u2019n\u0131n \u00fcniversiteleri, sanayisi ve i\u015fletmeleri aras\u0131ndaki \u00e7ok y\u00f6nl\u00fc sinerjiden yararlan\u0131lmas\u0131 gerekti\u011fini\u201d ifade ediyor.<\/p>\n<p>Kendi \u00fcniversitesi de on y\u0131l \u00f6nce, sanayi orta\u011f\u0131 olan madencilik ve imalat \u015firketi OCP Group\u2019un \u00f6nceliklerine odaklanarak kuruldu. G\u00fcn\u00fcm\u00fczdeyse bilim ve teknolojiden i\u015fletme ve y\u00f6netime hatta be\u015feri bilimlere kadar bir\u00e7ok alanda e\u011fitim veriyor. Microsoft ve IBM gibi k\u00fcresel firmalar\u0131n gen\u00e7ler aras\u0131nda yapay zeka ve siber g\u00fcvenlik gibi alanlarda dijital beceriler geli\u015ftirmek i\u00e7in programlar\u0131 destekledi\u011fi Hindistan\u2019da da te\u015fvik edici i\u015f birlikleri a\u00e7\u0131k\u00e7a g\u00f6r\u00fcl\u00fcyor.<a href=\"#_ftn35\" name=\"_ftnref35\">[35]<\/a><sup>,<\/sup><a href=\"#_ftn36\" name=\"_ftnref36\">[36]<\/a><\/p>\n<p>Bu t\u00fcr ortakl\u0131klar, h\u00fck\u00fcmetlerin ve i\u015fletmelerin gen\u00e7 n\u00fcfusun kapasitelerini ortaya \u00e7\u0131karmaya yard\u0131mc\u0131 olmak i\u00e7in birlikte nas\u0131l \u00e7al\u0131\u015fabileceklerine dair heyecan verici \u00f6rnekler sunuyor. Bu, bir\u00e7ok \u00fclkenin gelecekteki beklentileri i\u00e7in \u00e7ok \u00f6nemli bir g\u00f6rev. Gen\u00e7 Afrikal\u0131lar\u0131, k\u0131tan\u0131n \u201ca\u00e7\u0131k ara en de\u011ferli varl\u0131\u011f\u0131\u201d olarak tan\u0131mlayan El Habti, \u201cAfrika\u2019n\u0131n ger\u00e7ek potansiyeline sadece gen\u00e7leri motive ederek ula\u015fabilece\u011fini\u201d belirtiyor.<\/p>\n<p>Jameel ailesi, MENA b\u00f6lgesindeki ve ba\u015fka yerlerdeki gen\u00e7lerin potansiyellerine ula\u015fmalar\u0131n\u0131 ve toplumlar\u0131n\u0131n b\u00fcy\u00fcmesine anlaml\u0131 katk\u0131da bulunmalar\u0131n\u0131 sa\u011flamak i\u00e7in \u00fczerine d\u00fc\u015feni yapmaya devam ediyor. \u00d6rne\u011fin 1994 y\u0131l\u0131ndan bu yana, <a href=\"https:\/\/www.communityjameel.org\/\">Community Jameel<\/a>\u2019in <a href=\"https:\/\/www.communityjameel.org\/scolarships\/jameel-toyota-scholarship\">Jameel-Toyota burs program\u0131<\/a> arac\u0131l\u0131\u011f\u0131yla d\u00fcnyan\u0131n d\u00f6rt bir yan\u0131ndan yakla\u015f\u0131k 200 gencin ABD\u2019deki Massachusetts Institute of Technology&#8217;de (<a href=\"https:\/\/www.mit.edu\/\">MIT<\/a>) e\u011fitim g\u00f6rerek potansiyellerini ger\u00e7ekle\u015ftirmelerine yard\u0131mc\u0131 olduk. Bu program\u0131n bir\u00e7ok mezunu, s\u00fcrd\u00fcr\u00fclebilir bir gelece\u011fin in\u015fas\u0131na katk\u0131da bulunabilecekleri i\u015f d\u00fcnyas\u0131nda ve akademide ba\u015far\u0131l\u0131 kariyerlere devam etmektedir.<\/p>\n<p><iframe loading=\"lazy\" title=\"The Jameel-Toyota Scholarship at MIT\" width=\"640\" height=\"360\" src=\"https:\/\/www.youtube.com\/embed\/gpM49Gf6NEw?feature=oembed\" frameborder=\"0\" allow=\"accelerometer; autoplay; clipboard-write; encrypted-media; gyroscope; picture-in-picture; web-share\" referrerpolicy=\"strict-origin-when-cross-origin\" allowfullscreen><\/iframe><\/p>\n<p>Ayr\u0131ca <a href=\"https:\/\/alj.com\/energy\">Abdul Latif Jameel Energy<\/a>\u2019nin bir par\u00e7as\u0131 olan Fotowatio Renewable Ventures (<a href=\"https:\/\/frv.com\">FRV<\/a>), \u0130spanya Instituto de Empresa (<a href=\"https:\/\/landings.ie.edu\/\">IE<\/a>) \u00fcniversitesinde <a href=\"https:\/\/frv.com\/en\/commitment\/frv-young-talented-leaders-scholarship\/\">\u201cYetenekli Gen\u00e7 Liderler\u201d<\/a> burs program\u0131n\u0131 y\u00fcr\u00fctmektedir. Bu giri\u015fim, FRV\u2019nin s\u00fcrd\u00fcr\u00fclebilir geli\u015fmelerine yak\u0131n b\u00f6lgelerden gelen \u00f6\u011frencilerin IE\u2019de e\u011fitim almalar\u0131n\u0131 destekleyerek d\u00f6rt y\u0131ll\u0131k e\u011fitim boyunca t\u00fcm e\u011fitim ve \u00f6\u011fretim masraflar\u0131n\u0131 kar\u015f\u0131l\u0131yor.<\/p>\n<p><iframe loading=\"lazy\" title=\"Abdul Latif Jameel Energy Offers New Scholarships at IE University (EN, 16:9)\" width=\"640\" height=\"360\" src=\"https:\/\/www.youtube.com\/embed\/iMClLmqz62E?feature=oembed\" frameborder=\"0\" allow=\"accelerometer; autoplay; clipboard-write; encrypted-media; gyroscope; picture-in-picture; web-share\" referrerpolicy=\"strict-origin-when-cross-origin\" allowfullscreen><\/iframe><\/p>\n<figure id=\"attachment_116333\" aria-describedby=\"caption-attachment-116333\" style=\"width: 1735px\" class=\"wp-caption aligncenter\"><img decoding=\"async\" loading=\"lazy\" class=\"size-full wp-image-116333\" src=\"https:\/\/media.alj.com\/app\/uploads\/2024\/04\/Young-Talented-Leaders-Scholarship.jpg\" alt=\"\" width=\"1735\" height=\"895\" srcset=\"https:\/\/media.alj.com\/app\/uploads\/2024\/04\/Young-Talented-Leaders-Scholarship.jpg 1735w, https:\/\/media.alj.com\/app\/uploads\/2024\/04\/Young-Talented-Leaders-Scholarship-300x155.jpg 300w, https:\/\/media.alj.com\/app\/uploads\/2024\/04\/Young-Talented-Leaders-Scholarship-1024x528.jpg 1024w, https:\/\/media.alj.com\/app\/uploads\/2024\/04\/Young-Talented-Leaders-Scholarship-150x77.jpg 150w, https:\/\/media.alj.com\/app\/uploads\/2024\/04\/Young-Talented-Leaders-Scholarship-768x396.jpg 768w, https:\/\/media.alj.com\/app\/uploads\/2024\/04\/Young-Talented-Leaders-Scholarship-1536x792.jpg 1536w\" sizes=\"(max-width: 1735px) 100vw, 1735px\" \/><figcaption id=\"caption-attachment-116333\" class=\"wp-caption-text\">Resim (Soldan sa\u011fa): Jos\u00e9 Tom\u00e1s Burguillos; Daniel Sagi Vela, \u0130cra Kurulu Ba\u015fkan\u0131, FRV; Mara S\u00e1nchez; Gonzalo Garland, \u0130cra Kurulu Ba\u015fkan Yard\u0131mc\u0131s\u0131, IE Vakf\u0131; Javier Huergo, Yat\u0131r\u0131m \u0130cra Yetkilisi ve Mali \u0130\u015fler M\u00fcd\u00fcr\u00fc, FRV; Diego Hern\u00e1ndez ve Milena Avagyan, Nisan 2024\u2019te IE \u00dcniversitesi\u2019nde 11. FRV Yetenekli Gen\u00e7 Liderler Bursu etkinli\u011finde. Foto\u011fraf Sahibi \u00a9 FRV.<\/figcaption><\/figure>\n<p><a href=\"https:\/\/www.communityjameelsaudi.org\/en\">Community Jameel Saudi<\/a>, Jameel ailesinin k\u00fcresel hay\u0131rseverlik faaliyetlerinden biridir ve Suudi Arabistan\u2019daki gen\u00e7 insanlara y\u00f6nelik \u00e7e\u015fitli programlara liderlik etmektedir. Arap\u00e7a\u2019da \u201cg\u00fczel varl\u0131k yolu\u201d anlam\u0131na gelen Bab Rizq Jameel (<a href=\"https:\/\/www.communityjameelsaudi.org\/en\/Community\">BRJ<\/a>) Suudi Arabistan\u2019daki gen\u00e7 erkek ve kad\u0131nlar\u0131n i\u015f bulmalar\u0131na yard\u0131mc\u0131 olur. \u0130nsanlar\u0131 i\u015f f\u0131rsatlar\u0131yla bulu\u015fturmakta ve ekonomik ba\u011f\u0131ms\u0131zl\u0131\u011fa do\u011fru bir ad\u0131m olarak istihdam f\u0131rsatlar\u0131 yaratmaya yard\u0131mc\u0131 olmaktad\u0131r. G\u00fcn\u00fcm\u00fczde BRJ; kad\u0131nlara, erkeklere ve gen\u00e7 giri\u015fimcilere\/k\u00fc\u00e7\u00fck i\u015fletmelere y\u00f6nelik mesleki e\u011fitim programlar\u0131 ve gen\u00e7lere y\u00f6nelik istihdam e\u011fitim programlar\u0131 sunmaktad\u0131r.<\/p>\n<p>Suudi Arabistan\u2019daki <a href=\"https:\/\/www.mitef.org\/\">MIT Kurumsal Forumu<\/a> (MITEF), d\u00fcnya \u00e7ap\u0131nda giri\u015fimcili\u011fin ve yenili\u011fin te\u015fvik edilmesine adanm\u0131\u015f k\u00fcresel bir a\u011f\u0131n bir par\u00e7as\u0131d\u0131r. <a href=\"https:\/\/www.communityjameelsaudi.org\/en\">Community Jameel Saudi<\/a>, \u00f6nemli bir ortak olarak Suudi giri\u015fimcileri bilgilendirmeye, ba\u011flant\u0131 kurmaya ve e\u011fitmeye \u00e7al\u0131\u015farak fikirlerini d\u00fcnyay\u0131 yeniden \u015fekillendirebilecek \u015firketlere h\u0131zla d\u00f6n\u00fc\u015ft\u00fcrmelerini sa\u011flamaya \u00e7al\u0131\u015fmaktad\u0131r.<\/p>\n<p><img decoding=\"async\" loading=\"lazy\" class=\"alignright size-full wp-image-117659\" src=\"https:\/\/media.alj.com\/app\/uploads\/2024\/07\/Start-Smart-Competition.png\" alt=\"\" width=\"231\" height=\"90\" srcset=\"https:\/\/media.alj.com\/app\/uploads\/2024\/07\/Start-Smart-Competition.png 231w, https:\/\/media.alj.com\/app\/uploads\/2024\/07\/Start-Smart-Competition-150x58.png 150w\" sizes=\"(max-width: 231px) 100vw, 231px\" \/>Giri\u015fimcilik ekosistemini te\u015fvik etmek ve zenginle\u015ftirmek amac\u0131yla 2015 y\u0131l\u0131nda kurulan forum, bug\u00fcn t\u00fcm alanlarda ve sekt\u00f6rlerde <a href=\"https:\/\/www.startsmartsaudi.com\/\">SmartStart<\/a> Saudi olarak bilinen ba\u015flang\u0131\u00e7 \u015firketi yar\u0131\u015fmas\u0131 yoluyla Suudi Arabistan\u2019daki t\u00fcm potansiyel yeni giri\u015fimleri, giri\u015fimcileri ve sosyal giri\u015fimleri kutlamay\u0131 ve desteklemeyi ama\u00e7lamaktad\u0131r. Yar\u0131\u015fma, 9.500\u2019den fazla ki\u015finin ba\u015fvurmas\u0131yla b\u00fcy\u00fck ba\u015far\u0131 kazanm\u0131\u015f ve projenin ilerlemesi i\u00e7in 1,91 milyon SAR tutar\u0131nda \u00f6z kaynaks\u0131z yat\u0131r\u0131m yap\u0131lm\u0131\u015ft\u0131r. 200\u2019den fazla i\u015f yaratan yakla\u015f\u0131k 120 yeni \u015firket do\u011fmu\u015f ve genel olarak yakla\u015f\u0131k 8.000 gen\u00e7 giri\u015fimci bu programdan faydalanm\u0131\u015ft\u0131r.<\/p>\n<p><a href=\"https:\/\/www.mitefarab.org\/\">MITEF Pan Arab<\/a>\u2019\u0131n b\u00f6lgesel d\u00fczeyde ana hedefi, Arap D\u00fcnyas\u0131\u2019ndaki giri\u015fimcilik ekosistemini te\u015fvik etmek ve zenginle\u015ftirmek; ayn\u0131 zamanda farkl\u0131 program ve giri\u015fimler portf\u00f6y\u00fc arac\u0131l\u0131\u011f\u0131yla b\u00f6lgedeki yeni giri\u015fimleri ve giri\u015fimcileri desteklemektir.<\/p>\n<p>Abdul Latif Jameel b\u00fcnyesinde, yeni nesil k\u00fcresel liderler yeti\u015ftirmek i\u00e7in k\u0131sa s\u00fcre \u00f6nce iki y\u0131ll\u0131k <a href=\"https:\/\/indd.adobe.com\/view\/5952920f-ad72-4165-929e-1daa4878914e\">Jameel Y\u00f6netici Aday\u0131 Program\u0131m\u0131z\u0131<\/a> yeniden ba\u015flatt\u0131k. Bu giri\u015fim, d\u00fcnyan\u0131n d\u00f6rt bir yan\u0131nda bulunan Abdul Latif Jameel merkezlerindeki gelecek vadeden gen\u00e7lerin potansiyellerini ger\u00e7ekle\u015ftirmelerine destek olmak i\u00e7in mentorluk, grup ko\u00e7lu\u011fu ve bireysel \u00e7al\u0131\u015fmalar gibi unsurlar\u0131 bir araya getiriyor. Bu yat\u0131r\u0131m ayn\u0131 zamanda hem uyum sa\u011flayabilen hem de teknoloji merakl\u0131s\u0131 adaylardan olu\u015fan daha geni\u015f bir yetenek havuzuna eri\u015fmemizi sa\u011fl\u0131yor. Bu nitelikler hem kendi i\u015fimiz hem de k\u00fcresel ekonomi i\u00e7in giderek daha \u00f6nemli hale geliyor. Abdul Latif Jameel\u2019in kurumsal \u0130K ve Kaizen departman\u0131nda uzmanl\u0131k merkezini y\u00f6neten Mariana Merino\u2019nun da belirtti\u011fi gibi, bu program \u201c\u00e7e\u015fitli rollere ve zorluklara uyum sa\u011flayabilen \u00e7ok y\u00f6nl\u00fc \u00e7al\u0131\u015fanlar\u201d olu\u015fturmaya olanak sa\u011fl\u0131yor.<\/p>\n<p><iframe loading=\"lazy\" title=\"Abdul Latif Jameel Management Trainee Program - Mariana Merino (EN VO Subs)\" width=\"640\" height=\"360\" src=\"https:\/\/www.youtube.com\/embed\/u1evLXyDPD8?feature=oembed\" frameborder=\"0\" allow=\"accelerometer; autoplay; clipboard-write; encrypted-media; gyroscope; picture-in-picture; web-share\" referrerpolicy=\"strict-origin-when-cross-origin\" allowfullscreen><\/iframe><\/p>\n<p>Y\u00f6netici aday\u0131 program\u0131 ayn\u0131 zamanda i\u015fletme genelinde tutarl\u0131 ve pozitif bir k\u00fclt\u00fcr a\u015f\u0131lamak i\u00e7in daha geni\u015f \u00e7abalar\u0131m\u0131za katk\u0131da bulunuyor. Sayg\u0131, Geli\u015fim, \u00d6nc\u00fcl\u00fck ve Yetki Delegasyonu olmak \u00fczere d\u00f6rt temel de\u011ferimize dayanan Jameel \u0130lkeleri, eylemlere ve kararlara rehberlik etmek i\u00e7in net bir \u00e7er\u00e7eve sa\u011flar. Ba\u015far\u0131n\u0131n sadece do\u011fru becerilere sahip insanlar\u0131 de\u011fil, ayn\u0131 zamanda bunlar\u0131 etkili ve sorumlu bir \u015fekilde kullanmay\u0131 sa\u011flayacak bir zihniyeti de gerektirdi\u011fini bilirler.<\/p>\n<figure id=\"attachment_52089\" aria-describedby=\"caption-attachment-52089\" style=\"width: 235px\" class=\"wp-caption alignright\"><img decoding=\"async\" loading=\"lazy\" class=\"size-medium wp-image-52089\" src=\"https:\/\/media.alj.com\/app\/uploads\/2019\/10\/hassan-mohammed-jameel-1000x1278-235x300.jpg\" alt=\"Hassan Jameel\" width=\"235\" height=\"300\" srcset=\"https:\/\/media.alj.com\/app\/uploads\/2019\/10\/hassan-mohammed-jameel-1000x1278-235x300.jpg 235w, https:\/\/media.alj.com\/app\/uploads\/2019\/10\/hassan-mohammed-jameel-1000x1278-117x150.jpg 117w, https:\/\/media.alj.com\/app\/uploads\/2019\/10\/hassan-mohammed-jameel-1000x1278-768x982.jpg 768w, https:\/\/media.alj.com\/app\/uploads\/2019\/10\/hassan-mohammed-jameel-1000x1278-801x1024.jpg 801w, https:\/\/media.alj.com\/app\/uploads\/2019\/10\/hassan-mohammed-jameel-1000x1278.jpg 1000w\" sizes=\"(max-width: 235px) 100vw, 235px\" \/><figcaption id=\"caption-attachment-52089\" class=\"wp-caption-text\">Abdul Latif Jameel<br \/>Ba\u015fkan Vekili ve Y\u00f6netim Kurulu Ba\u015fkan Yard\u0131mc\u0131s\u0131<br \/>Hassan Jameel<\/figcaption><\/figure>\n<p><a href=\"https:\/\/alj.com\/en\/our-people\/hassan-jameel\/\">Hassan Jameel<\/a>, Abdul Latif Jameel Suudi Arabistan, Ba\u015fkan Vekili ve Y\u00f6netim Kurulu Ba\u015fkan Yard\u0131mc\u0131s\u0131:<\/p>\n<h4><em>\u201cD\u00fcnyan\u0131n bir\u00e7ok yerinde gen\u00e7leri geli\u015fim ve yarat\u0131c\u0131l\u0131\u011f\u0131n ya da yokluk ve ho\u015fnutsuzlu\u011fun h\u00fck\u00fcm s\u00fcrd\u00fc\u011f\u00fc bir gelecek bekliyor. <\/em><\/h4>\n<h4><em>Gelecek y\u0131llarda k\u00fcresel payda\u015flar\u0131n ald\u0131\u011f\u0131 kararlar, geleceklerinin hangi y\u00f6nde ilerleyece\u011fini ve gen\u00e7 bir n\u00fcfusun potansiyel f\u0131rsatlar\u0131 sayesinde ya\u015fad\u0131klar\u0131 ve \u00e7al\u0131\u015ft\u0131klar\u0131 toplumlar i\u00e7in somut faydalar sa\u011flay\u0131p sa\u011flamad\u0131\u011f\u0131n\u0131 beli<\/em><\/h4>\n<h4><em>rlemede \u00e7ok etkili olacak.\u201d<\/em><\/h4>\n<p><em>\u00a0<\/em><\/p>\n<p><a href=\"#_ftnref1\" name=\"_ftn1\">[1]<\/a> <a href=\"https:\/\/www.imf.org\/en\/Publications\/fandd\/issues\/2020\/03\/infographic-global-population-trends-picture\">https:\/\/www.imf.org\/en\/Publications\/fandd\/issues\/2020\/03\/infographic-global-population-trends-picture<\/a><\/p>\n<p><a href=\"#_ftnref2\" name=\"_ftn2\">[2]<\/a> <a href=\"https:\/\/www.who.int\/news-room\/fact-sheets\/detail\/ageing-and-health\">https:\/\/www.who.int\/news-room\/fact-sheets\/detail\/ageing-and-health<\/a><\/p>\n<p><a href=\"#_ftnref3\" name=\"_ftn3\">[3]<\/a> <a href=\"https:\/\/ourworldindata.org\/demographic-transition\">https:\/\/ourworldindata.org\/demographic-transition<\/a><\/p>\n<p><a href=\"#_ftnref4\" name=\"_ftn4\">[4]<\/a> <a href=\"https:\/\/www.bbc.co.uk\/news\/health-53409521\">https:\/\/www.bbc.co.uk\/news\/health-53409521<\/a><\/p>\n<p><a href=\"#_ftnref5\" name=\"_ftn5\">[5]<\/a> <a href=\"https:\/\/www.unicef.org\/mena\/media\/4141\/file\">https:\/\/www.unicef.org\/mena\/media\/4141\/file<\/a><\/p>\n<p><a href=\"#_ftnref6\" name=\"_ftn6\">[6]<\/a> <a href=\"https:\/\/www.unicef.org\/mena\/media\/4141\/file\">https:\/\/www.unicef.org\/mena\/media\/4141\/file<\/a><\/p>\n<p><a href=\"#_ftnref7\" name=\"_ftn7\">[7]<\/a> <a href=\"https:\/\/www.antler.co\/blog\/how-to-build-a-unicorn-in-africa\">https:\/\/www.antler.co\/blog\/how-to-build-a-unicorn-in-africa<\/a><\/p>\n<p><a href=\"#_ftnref8\" name=\"_ftn8\">[8]<\/a> <a href=\"https:\/\/www.nytimes.com\/interactive\/2023\/10\/28\/world\/africa\/africa-youth-population.html\">https:\/\/www.nytimes.com\/interactive\/2023\/10\/28\/world\/africa\/africa-youth-population.html<\/a><\/p>\n<p><a href=\"#_ftnref9\" name=\"_ftn9\">[9]<\/a> <a href=\"https:\/\/www.nytimes.com\/interactive\/2023\/10\/28\/world\/africa\/africa-youth-population.html\">https:\/\/www.nytimes.com\/interactive\/2023\/10\/28\/world\/africa\/africa-youth-population.html<\/a><\/p>\n<p><a href=\"#_ftnref10\" name=\"_ftn10\">[10]<\/a> <a href=\"https:\/\/ilostat.ilo.org\/african-youth-face-pressing-challenges-in-the-transition-from-school-to-work\/\">https:\/\/ilostat.ilo.org\/african-youth-face-pressing-challenges-in-the-transition-from-school-to-work\/<\/a><\/p>\n<p><a href=\"#_ftnref11\" name=\"_ftn11\">[11]<\/a> <a href=\"https:\/\/www.worldbank.org\/en\/news\/feature\/2023\/08\/14\/realizing-a-brighter-future-for-a-young-energized-and-connected-africa\">https:\/\/www.worldbank.org\/en\/news\/feature\/2023\/08\/14\/realizing-a-brighter-future-for-a-young-energized-and-connected-africa<\/a><\/p>\n<p><a href=\"#_ftnref12\" name=\"_ftn12\">[12]<\/a> <a href=\"https:\/\/documents1.worldbank.org\/curated\/en\/099437408012323869\/pdf\/IDU00fcd4a900d09e0425a0af8c02a2df6c51237.pdf\">https:\/\/documents1.worldbank.org\/curated\/en\/099437408012323869\/pdf\/IDU00fcd4a900d09e0425a0af8c02a2df6c51237.pdf<\/a><\/p>\n<p><a href=\"#_ftnref13\" name=\"_ftn13\">[13]<\/a> <a href=\"https:\/\/www.bbc.co.uk\/news\/world-asia-india-65322706\">https:\/\/www.bbc.co.uk\/news\/world-asia-india-65322706<\/a><\/p>\n<p><a href=\"#_ftnref14\" name=\"_ftn14\">[14]<\/a> <a href=\"https:\/\/www.ilo.org\/newdelhi\/info\/WCMS_175936\/lang--en\/index.htm\">https:\/\/www.ilo.org\/newdelhi\/info\/WCMS_175936\/lang&#8211;en\/index.htm<\/a><\/p>\n<p><a href=\"#_ftnref15\" name=\"_ftn15\">[15]<\/a> <a href=\"https:\/\/www.bbc.co.uk\/news\/business-68443347\">https:\/\/www.bbc.co.uk\/news\/business-68443347<\/a><\/p>\n<p><a href=\"#_ftnref16\" name=\"_ftn16\">[16]<\/a> <a href=\"https:\/\/www.reuters.com\/world\/india\/rising-womens-participation-indian-workforce-likely-led-by-distress-study-2023-09-20\/\">https:\/\/www.reuters.com\/world\/india\/rising-womens-participation-indian-workforce-likely-led-by-distress-study-2023-09-20\/<\/a><\/p>\n<p><a href=\"#_ftnref17\" name=\"_ftn17\">[17]<\/a> <a href=\"https:\/\/economictimes.indiatimes.com\/jobs\/hr-policies-trends\/skilled-labour-shortage-posing-challenges-for-manufacturers-survey\/articleshow\/105721247.cms?from=mdr\">https:\/\/economictimes.indiatimes.com\/jobs\/hr-policies-trends\/skilled-labour-shortage-posing-challenges-for-manufacturers-survey\/articleshow\/105721247.cms?from=mdr<\/a><\/p>\n<p><a href=\"#_ftnref18\" name=\"_ftn18\">[18]<\/a> <a href=\"https:\/\/www.spglobal.com\/en\/research-insights\/featured\/special-editorial\/look-forward\/india-s-demographic-dividend-the-key-to-unlocking-its-global-ambitions\">https:\/\/www.spglobal.com\/en\/research-insights\/featured\/special-editorial\/look-forward\/india-s-demographic-dividend-the-key-to-unlocking-its-global-ambitions<\/a><\/p>\n<p><a href=\"#_ftnref19\" name=\"_ftn19\">[19]<\/a> <a href=\"https:\/\/telecom.economictimes.indiatimes.com\/news\/industry\/shortage-of-2-41-mn-skilled-workers-in-indian-telecom-sector-gap-to-grow-3-8x-by-2030\/104758307\">https:\/\/telecom.economictimes.indiatimes.com\/news\/industry\/shortage-of-2-41-mn-skilled-workers-in-indian-telecom-sector-gap-to-grow-3-8x-by-2030\/104758307<\/a><\/p>\n<p><a href=\"#_ftnref20\" name=\"_ftn20\">[20]<\/a> <a href=\"https:\/\/www.livemint.com\/news\/india\/indias-unemployment-crisis-harsh-goenka-highlights-shortage-of-skilled-workers-11692763064046.html\">https:\/\/www.livemint.com\/news\/india\/indias-unemployment-crisis-harsh-goenka-highlights-shortage-of-skilled-workers-11692763064046.html<\/a><\/p>\n<p><a href=\"#_ftnref21\" name=\"_ftn21\">[21]<\/a> <a href=\"https:\/\/www.uil.unesco.org\/en\/articles\/india-national-education-policy\">https:\/\/www.uil.unesco.org\/en\/articles\/india-national-education-policy<\/a><\/p>\n<p><a href=\"#_ftnref22\" name=\"_ftn22\">[22]<\/a> <a href=\"https:\/\/www.ey.com\/en_in\/education\/how-can-indian-higher-education-prepare-to-leapfrog-in-the-next-two-years\">https:\/\/www.ey.com\/en_in\/education\/how-can-indian-higher-education-prepare-to-leapfrog-in-the-next-two-years<\/a><\/p>\n<p><a href=\"#_ftnref23\" name=\"_ftn23\">[23]<\/a> <a href=\"https:\/\/www.pmkvyofficial.org\">https:\/\/www.pmkvyofficial.org<\/a><\/p>\n<p><a href=\"#_ftnref24\" name=\"_ftn24\">[24]<\/a> <a href=\"https:\/\/www.business-standard.com\/article\/current-affairs\/placement-rate-of-22-for-those-trained-under-pmkvy-shows-data-123031401234_1.html\">https:\/\/www.business-standard.com\/article\/current-affairs\/placement-rate-of-22-for-those-trained-under-pmkvy-shows-data-123031401234_1.html<\/a><\/p>\n<p><a href=\"#_ftnref25\" name=\"_ftn25\">[25]<\/a> <a href=\"https:\/\/ilostat.ilo.org\/african-youth-face-pressing-challenges-in-the-transition-from-school-to-work\/\">https:\/\/ilostat.ilo.org\/african-youth-face-pressing-challenges-in-the-transition-from-school-to-work\/<\/a><\/p>\n<p><a href=\"#_ftnref26\" name=\"_ftn26\">[26]<\/a> <a href=\"https:\/\/www.npr.org\/sections\/goatsandsoda\/2023\/01\/04\/1146953384\/why-women-in-india-are-dropping-out-the-workforce-even-as-the-economy-grows\">https:\/\/www.npr.org\/sections\/goatsandsoda\/2023\/01\/04\/1146953384\/why-women-in-india-are-dropping-out-the-workforce-even-as-the-economy-grows<\/a><\/p>\n<p><a href=\"#_ftnref27\" name=\"_ftn27\">[27]<\/a> <a href=\"https:\/\/ig.ft.com\/india-population\/\">https:\/\/ig.ft.com\/india-population\/<\/a><\/p>\n<p><a href=\"#_ftnref28\" name=\"_ftn28\">[28]<\/a> <a href=\"https:\/\/www.ftidelta.com\/insights\/perspectives\/a-kingdom-in-transition-demographic-shifts-in-saudi-arabia\">https:\/\/www.ftidelta.com\/insights\/perspectives\/a-kingdom-in-transition-demographic-shifts-in-saudi-arabia<\/a><\/p>\n<p><a href=\"#_ftnref29\" name=\"_ftn29\">[29]<\/a> <a href=\"https:\/\/www.arabnews.com\/node\/2377971\/business-economy\">https:\/\/www.arabnews.com\/node\/2377971\/business-economy<\/a><\/p>\n<p><a href=\"#_ftnref30\" name=\"_ftn30\">[30]<\/a> <a href=\"https:\/\/www.vision2030.gov.sa\/en\/progress\/dynamic-society\">https:\/\/www.vision2030.gov.sa\/en\/progress\/dynamic-society<\/a><\/p>\n<p><a href=\"#_ftnref31\" name=\"_ftn31\">[31]<\/a> <a href=\"https:\/\/openknowledge.worldbank.org\/entities\/publication\/2c0e4380-b9c4-427e-ba67-5a234ea377e3\">https:\/\/openknowledge.worldbank.org\/entities\/publication\/2c0e4380-b9c4-427e-ba67-5a234ea377e3<\/a><\/p>\n<p><a href=\"#_ftnref32\" name=\"_ftn32\">[32]<\/a> <a href=\"https:\/\/www.unicef.org\/mena\/media\/4141\/file\">https:\/\/www.unicef.org\/mena\/media\/4141\/file<\/a><\/p>\n<p><a href=\"#_ftnref33\" name=\"_ftn33\">[33]<\/a> <a href=\"https:\/\/www.arabnews.com\/node\/2436856\">https:\/\/www.arabnews.com\/node\/2436856<\/a><\/p>\n<p><a href=\"#_ftnref34\" name=\"_ftn34\">[34]<\/a> <a href=\"https:\/\/www.weforum.org\/agenda\/2022\/09\/why-africa-youth-key-development-potential\/\">https:\/\/www.weforum.org\/agenda\/2022\/09\/why-africa-youth-key-development-potential\/<\/a><\/p>\n<p><a href=\"#_ftnref35\" name=\"_ftn35\">[35]<\/a> <a href=\"https:\/\/news.microsoft.com\/en-in\/microsoft-joins-forces-with-ministry-of-skill-development-and-entrepreneurship-to-train-youth-in-digital-and-cybersecurity-skills\/\">https:\/\/news.microsoft.com\/en-in\/microsoft-joins-forces-with-ministry-of-skill-development-and-entrepreneurship-to-train-youth-in-digital-and-cybersecurity-skills\/<\/a><\/p>\n<p><a href=\"#_ftnref36\" name=\"_ftn36\">[36]<\/a> <a href=\"https:\/\/in.newsroom.ibm.com\/2023-09-27-IBM-partners-with-Govt-to-scale-digital-skills-training-in-india\">https:\/\/in.newsroom.ibm.com\/2023-09-27-IBM-partners-with-Govt-to-scale-digital-skills-training-in-india<\/a><\/p>\n<p>&nbsp;<\/p>\n","protected":false},"author":18,"featured_media":117652,"template":"","tags":[],"acf":[],"yoast_head":"<!-- This site is optimized with the Yoast SEO plugin v21.5 - https:\/\/yoast.com\/wordpress\/plugins\/seo\/ -->\n<title>Yar\u0131n\u0131n Liderlerini Haz\u0131rlamak | Abdul Latif Jameel\u00ae<\/title>\n<meta name=\"description\" content=\"Artan gen\u00e7 ve \u00e7al\u0131\u015fma \u00e7a\u011f\u0131ndaki n\u00fcfus b\u00fcy\u00fck ekonomik f\u0131rsatlar sunuyor, ancak bundan maksimum faydalanmak i\u00e7in stratejik yat\u0131r\u0131mlar \u015fart. Devam\u0131n\u0131 oku.\" \/>\n<meta name=\"robots\" content=\"index, follow, max-snippet:-1, max-image-preview:large, max-video-preview:-1\" \/>\n<link rel=\"canonical\" href=\"https:\/\/alj.com\/tr\/perspective\/yarinin-liderlerini-yetistirmek\/\" \/>\n<meta property=\"og:locale\" content=\"tr_TR\" \/>\n<meta property=\"og:type\" content=\"article\" \/>\n<meta property=\"og:title\" content=\"Yar\u0131n\u0131n Liderlerini Haz\u0131rlamak | Abdul Latif Jameel\u00ae\" \/>\n<meta property=\"og:description\" content=\"Artan gen\u00e7 ve \u00e7al\u0131\u015fma \u00e7a\u011f\u0131ndaki n\u00fcfus b\u00fcy\u00fck ekonomik f\u0131rsatlar sunuyor, ancak bundan maksimum faydalanmak i\u00e7in stratejik yat\u0131r\u0131mlar \u015fart. Devam\u0131n\u0131 oku.\" \/>\n<meta property=\"og:url\" content=\"https:\/\/alj.com\/tr\/perspective\/yarinin-liderlerini-yetistirmek\/\" \/>\n<meta property=\"og:site_name\" content=\"Abdul Latif Jameel\" \/>\n<meta property=\"article:publisher\" content=\"https:\/\/www.facebook.com\/Abdul.Latif.Jameel.Official\" \/>\n<meta property=\"article:modified_time\" content=\"2024-10-30T12:21:33+00:00\" \/>\n<meta property=\"og:image\" content=\"https:\/\/media.alj.com\/app\/uploads\/2024\/07\/shutterstock_791871004-scaled.jpg\" \/>\n\t<meta property=\"og:image:width\" content=\"2560\" \/>\n\t<meta property=\"og:image:height\" content=\"1422\" \/>\n\t<meta property=\"og:image:type\" content=\"image\/jpeg\" \/>\n<meta name=\"twitter:card\" content=\"summary_large_image\" \/>\n<meta name=\"twitter:label1\" content=\"Est. reading time\" \/>\n\t<meta name=\"twitter:data1\" content=\"24 minutes\" \/>\n<script type=\"application\/ld+json\" class=\"yoast-schema-graph\">{\"@context\":\"https:\/\/schema.org\",\"@graph\":[{\"@type\":\"WebPage\",\"@id\":\"https:\/\/alj.com\/tr\/perspective\/yarinin-liderlerini-yetistirmek\/\",\"url\":\"https:\/\/alj.com\/tr\/perspective\/yarinin-liderlerini-yetistirmek\/\",\"name\":\"Yar\u0131n\u0131n Liderlerini Haz\u0131rlamak | Abdul Latif Jameel\u00ae\",\"isPartOf\":{\"@id\":\"https:\/\/alj.com\/en\/#website\"},\"datePublished\":\"2024-07-12T11:09:30+00:00\",\"dateModified\":\"2024-10-30T12:21:33+00:00\",\"description\":\"Artan gen\u00e7 ve \u00e7al\u0131\u015fma \u00e7a\u011f\u0131ndaki n\u00fcfus b\u00fcy\u00fck ekonomik f\u0131rsatlar sunuyor, ancak bundan maksimum faydalanmak i\u00e7in stratejik yat\u0131r\u0131mlar \u015fart. Devam\u0131n\u0131 oku.\",\"breadcrumb\":{\"@id\":\"https:\/\/alj.com\/tr\/perspective\/yarinin-liderlerini-yetistirmek\/#breadcrumb\"},\"inLanguage\":\"tr\",\"potentialAction\":[{\"@type\":\"ReadAction\",\"target\":[\"https:\/\/alj.com\/tr\/perspective\/yarinin-liderlerini-yetistirmek\/\"]}]},{\"@type\":\"BreadcrumbList\",\"@id\":\"https:\/\/alj.com\/tr\/perspective\/yarinin-liderlerini-yetistirmek\/#breadcrumb\",\"itemListElement\":[{\"@type\":\"ListItem\",\"position\":1,\"name\":\"Home\",\"item\":\"https:\/\/alj.com\/tr\/\"},{\"@type\":\"ListItem\",\"position\":2,\"name\":\"Perspectives\",\"item\":\"https:\/\/alj.com\/ja\/perspective\/\"},{\"@type\":\"ListItem\",\"position\":3,\"name\":\"Yar\u0131n\u0131n liderlerini yeti\u015ftirmek\"}]},{\"@type\":\"WebSite\",\"@id\":\"https:\/\/alj.com\/en\/#website\",\"url\":\"https:\/\/alj.com\/en\/\",\"name\":\"Abdul Latif Jameel\",\"description\":\"Abdul Latif Jameel\",\"potentialAction\":[{\"@type\":\"SearchAction\",\"target\":{\"@type\":\"EntryPoint\",\"urlTemplate\":\"https:\/\/alj.com\/en\/?s={search_term_string}\"},\"query-input\":\"required name=search_term_string\"}],\"inLanguage\":\"tr\"}]}<\/script>\n<!-- \/ Yoast SEO plugin. -->","yoast_head_json":{"title":"Yar\u0131n\u0131n Liderlerini Haz\u0131rlamak | Abdul Latif Jameel\u00ae","description":"Artan gen\u00e7 ve \u00e7al\u0131\u015fma \u00e7a\u011f\u0131ndaki n\u00fcfus b\u00fcy\u00fck ekonomik f\u0131rsatlar sunuyor, ancak bundan maksimum faydalanmak i\u00e7in stratejik yat\u0131r\u0131mlar \u015fart. Devam\u0131n\u0131 oku.","robots":{"index":"index","follow":"follow","max-snippet":"max-snippet:-1","max-image-preview":"max-image-preview:large","max-video-preview":"max-video-preview:-1"},"canonical":"https:\/\/alj.com\/tr\/perspective\/yarinin-liderlerini-yetistirmek\/","og_locale":"tr_TR","og_type":"article","og_title":"Yar\u0131n\u0131n Liderlerini Haz\u0131rlamak | Abdul Latif Jameel\u00ae","og_description":"Artan gen\u00e7 ve \u00e7al\u0131\u015fma \u00e7a\u011f\u0131ndaki n\u00fcfus b\u00fcy\u00fck ekonomik f\u0131rsatlar sunuyor, ancak bundan maksimum faydalanmak i\u00e7in stratejik yat\u0131r\u0131mlar \u015fart. Devam\u0131n\u0131 oku.","og_url":"https:\/\/alj.com\/tr\/perspective\/yarinin-liderlerini-yetistirmek\/","og_site_name":"Abdul Latif Jameel","article_publisher":"https:\/\/www.facebook.com\/Abdul.Latif.Jameel.Official","article_modified_time":"2024-10-30T12:21:33+00:00","og_image":[{"width":2560,"height":1422,"url":"https:\/\/media.alj.com\/app\/uploads\/2024\/07\/shutterstock_791871004-scaled.jpg","type":"image\/jpeg"}],"twitter_card":"summary_large_image","twitter_misc":{"Est. reading time":"24 minutes"},"schema":{"@context":"https:\/\/schema.org","@graph":[{"@type":"WebPage","@id":"https:\/\/alj.com\/tr\/perspective\/yarinin-liderlerini-yetistirmek\/","url":"https:\/\/alj.com\/tr\/perspective\/yarinin-liderlerini-yetistirmek\/","name":"Yar\u0131n\u0131n Liderlerini Haz\u0131rlamak | Abdul Latif Jameel\u00ae","isPartOf":{"@id":"https:\/\/alj.com\/en\/#website"},"datePublished":"2024-07-12T11:09:30+00:00","dateModified":"2024-10-30T12:21:33+00:00","description":"Artan gen\u00e7 ve \u00e7al\u0131\u015fma \u00e7a\u011f\u0131ndaki n\u00fcfus b\u00fcy\u00fck ekonomik f\u0131rsatlar sunuyor, ancak bundan maksimum faydalanmak i\u00e7in stratejik yat\u0131r\u0131mlar \u015fart. Devam\u0131n\u0131 oku.","breadcrumb":{"@id":"https:\/\/alj.com\/tr\/perspective\/yarinin-liderlerini-yetistirmek\/#breadcrumb"},"inLanguage":"tr","potentialAction":[{"@type":"ReadAction","target":["https:\/\/alj.com\/tr\/perspective\/yarinin-liderlerini-yetistirmek\/"]}]},{"@type":"BreadcrumbList","@id":"https:\/\/alj.com\/tr\/perspective\/yarinin-liderlerini-yetistirmek\/#breadcrumb","itemListElement":[{"@type":"ListItem","position":1,"name":"Home","item":"https:\/\/alj.com\/tr\/"},{"@type":"ListItem","position":2,"name":"Perspectives","item":"https:\/\/alj.com\/ja\/perspective\/"},{"@type":"ListItem","position":3,"name":"Yar\u0131n\u0131n liderlerini yeti\u015ftirmek"}]},{"@type":"WebSite","@id":"https:\/\/alj.com\/en\/#website","url":"https:\/\/alj.com\/en\/","name":"Abdul Latif Jameel","description":"Abdul Latif Jameel","potentialAction":[{"@type":"SearchAction","target":{"@type":"EntryPoint","urlTemplate":"https:\/\/alj.com\/en\/?s={search_term_string}"},"query-input":"required name=search_term_string"}],"inLanguage":"tr"}]}},"post-meta-fields":{"push_notification":["no"],"_push_notification":["field_5c3b1fb67034d"],"_wpml_word_count":["{\"total\":3614,\"to_translate\":{\"ar\":3614,\"zh-hans\":3614,\"fr\":3614,\"ja\":3614,\"es\":3614,\"tr\":3614}}"],"_oembed_df1ae46837c485f351ea778945cbbae2":["<iframe title=\"Abdul Latif Jameel Management Trainee Program - Mariana Merino (EN VO Subs)\" width=\"640\" height=\"360\" src=\"https:\/\/www.youtube.com\/embed\/u1evLXyDPD8?feature=oembed\" frameborder=\"0\" allow=\"accelerometer; autoplay; clipboard-write; encrypted-media; gyroscope; picture-in-picture; web-share\" referrerpolicy=\"strict-origin-when-cross-origin\" allowfullscreen><\/iframe>"],"_oembed_time_df1ae46837c485f351ea778945cbbae2":["1730290919"],"_oembed_62c57895b9d25e6da2b5b563854a4ba0":["<iframe title=\"Abdul Latif Jameel Energy Offers New Scholarships at IE University (EN, 16:9)\" width=\"640\" height=\"360\" src=\"https:\/\/www.youtube.com\/embed\/iMClLmqz62E?feature=oembed\" frameborder=\"0\" allow=\"accelerometer; autoplay; clipboard-write; encrypted-media; gyroscope; picture-in-picture; web-share\" referrerpolicy=\"strict-origin-when-cross-origin\" allowfullscreen><\/iframe>"],"_oembed_time_62c57895b9d25e6da2b5b563854a4ba0":["1730290919"],"_oembed_493c5c133a512794cf36991192704701":["<iframe title=\"The Jameel-Toyota Scholarship at MIT\" width=\"640\" height=\"360\" src=\"https:\/\/www.youtube.com\/embed\/gpM49Gf6NEw?feature=oembed\" frameborder=\"0\" allow=\"accelerometer; autoplay; clipboard-write; encrypted-media; gyroscope; picture-in-picture; web-share\" referrerpolicy=\"strict-origin-when-cross-origin\" allowfullscreen><\/iframe>"],"_oembed_time_493c5c133a512794cf36991192704701":["1730290919"],"perspective_short_title":["Yar\u0131n\u0131n liderlerini yeti\u015ftirmek"],"perspective_summury":["<p>\u00d6n\u00fcm\u00fczdeki birka\u00e7 on y\u0131l i\u00e7inde bir\u00e7ok \u00fclkede gen\u00e7 ve \u00e7al\u0131\u015fma ya\u015f\u0131ndaki n\u00fcfusun h\u0131zla artmas\u0131 \u00f6nemli bir ekonomik potansiyel sunacak olsa da bu potansiyelden tam anlam\u0131yla faydalanabilmek i\u00e7in stratejik yat\u0131r\u0131mlara ihtiya\u00e7 duyulacakt\u0131r.<\/p>\n"],"perspective_location":["Dubai, BAE"],"wpcf-featured-news":["0"],"is_latest_news":["0"],"wpcf-show-news-at-homepage":["1"],"publish_mobile":[""],"_publish_mobile":["field_5bfa8eb2e65cf"],"mobile_featured_image":["https:\/\/media.alj.com\/app\/uploads\/2024\/07\/shutterstock_791871004-scaled.jpg"],"_mobile_featured_image":["field_5c3b204983dea"],"featured_on_listing_page":["0"],"_featured_on_listing_page":["field_62458ea7383c3"],"content_series_applied":[""],"_content_series_applied":["field_60f3d3faf82ac"],"wpcf-perspective-downloadable_file":[""],"wpcf-perspective-published-date":["1719964800"],"wpcf-video-description":[""],"wpcf-layoutvideourl":[""],"wpcf-video-thumb":[""],"wpcf-social4-svg":[""],"wpcf-social4-background-image":[""],"wpcf-social4-text":[""],"wpcf-social4-url":[""],"wpcf-social3-svg":[""],"wpcf-social3-background-image":[""],"wpcf-social3-text":[""],"wpcf-social3-url":[""],"wpcf-social-text-svg-square":[""],"wpcf-social-text-image-square":[""],"wpcf-social-text-text-square":[""],"wpcf-social-text-url-square":[""],"wpcf-social2-svg":[""],"wpcf-social2-background-image":[""],"wpcf-social2-text":[""],"wpcf-social2-url":[""],"wpcf-social-svg-square":[""],"wpcf-social-image-square":[""],"wpcf-social-text-square":[""],"wpcf-social-url-square":[""],"wpcf-social1-svg":[""],"wpcf-social1-background-image":[""],"wpcf-social1-text":[""],"wpcf-social1-url":[""],"wpcf-quotes-with-auther-text-1":[""],"wpcf-card_article_with_title_content":[""],"wpcf-card_article_content":["write your content"],"wpcf-quotes-with-auther-text":[""],"_bsf_post_type":["0"],"_bsf_item_review_type":["none"],"_wpml_media_duplicate":["1"],"_wpml_media_featured":["1"],"_yoast_wpseo_title":["Yar\u0131n\u0131n Liderlerini Haz\u0131rlamak | Abdul Latif Jameel\u00ae"],"_yoast_wpseo_metadesc":["Artan gen\u00e7 ve \u00e7al\u0131\u015fma \u00e7a\u011f\u0131ndaki n\u00fcfus b\u00fcy\u00fck ekonomik f\u0131rsatlar sunuyor, ancak bundan maksimum faydalanmak i\u00e7in stratejik yat\u0131r\u0131mlar \u015fart. Devam\u0131n\u0131 oku."],"_yoast_wpseo_content_score":["30"],"_yoast_wpseo_estimated-reading-time-minutes":[""],"_yoast_wpseo_wordproof_timestamp":[""],"_thumbnail_id":["117652"],"_edit_lock":["1730291225:25"],"_edit_last":["25"],"_last_translation_edit_mode":["native-editor"],"wpcf-projecttitle":[""],"wpcf-projectdescription":[""],"wpcf-projectimage-video1":["image"],"wpcf-projectimage-1":[""],"wpcf-projectvideo-1":[""],"wpcf-projectdescription-1":[""],"wpcf-projectimage-video2":["image"],"wpcf-projectimage-2":[""],"wpcf-projectvideo-2":[""],"wpcf-projectdescription-2":[""],"wpcf-projectimage-video3":["image"],"wpcf-projectimage-3":[""],"wpcf-projectvideo-3":[""],"wpcf-projectdescription-3":[""],"wpcf-projectimage-video4":["image"],"wpcf-projectimage-4":[""],"wpcf-projectvideo-4":[""],"wpcf-projectdescription-4":[""],"perspective_business_sector":["\u015eirket"],"wpcf-card-image":[""],"_wpcf-card-image-sort-order":["a:1:{i:0;i:1831709;}"],"amazonS3_cache":["a:20:{s:79:\"\/\/alj.com\/app\/uploads\/2024\/07\/1976-ALJ-Investing-in-Youth-New-v2_001-scaled.jpg\";a:2:{s:2:\"id\";i:117610;s:11:\"source_type\";s:13:\"media-library\";}s:85:\"\/\/media.alj.com\/app\/uploads\/2024\/07\/1976-ALJ-Investing-in-Youth-New-v2_001-scaled.jpg\";a:2:{s:2:\"id\";i:117610;s:11:\"source_type\";s:13:\"media-library\";}s:79:\"\/\/alj.com\/app\/uploads\/2024\/07\/1976-ALJ-Investing-in-Youth-New-v2_002-scaled.jpg\";a:2:{s:2:\"id\";i:117617;s:11:\"source_type\";s:13:\"media-library\";}s:85:\"\/\/media.alj.com\/app\/uploads\/2024\/07\/1976-ALJ-Investing-in-Youth-New-v2_002-scaled.jpg\";a:2:{s:2:\"id\";i:117617;s:11:\"source_type\";s:13:\"media-library\";}s:79:\"\/\/alj.com\/app\/uploads\/2024\/07\/1976-ALJ-Investing-in-Youth-New-v2_003-scaled.jpg\";a:2:{s:2:\"id\";i:117624;s:11:\"source_type\";s:13:\"media-library\";}s:85:\"\/\/media.alj.com\/app\/uploads\/2024\/07\/1976-ALJ-Investing-in-Youth-New-v2_003-scaled.jpg\";a:2:{s:2:\"id\";i:117624;s:11:\"source_type\";s:13:\"media-library\";}s:79:\"\/\/alj.com\/app\/uploads\/2024\/07\/1976-ALJ-Investing-in-Youth-New-v2_004-scaled.jpg\";a:2:{s:2:\"id\";i:117631;s:11:\"source_type\";s:13:\"media-library\";}s:85:\"\/\/media.alj.com\/app\/uploads\/2024\/07\/1976-ALJ-Investing-in-Youth-New-v2_004-scaled.jpg\";a:2:{s:2:\"id\";i:117631;s:11:\"source_type\";s:13:\"media-library\";}s:79:\"\/\/alj.com\/app\/uploads\/2024\/07\/1976-ALJ-Investing-in-Youth-New-v2_005-scaled.jpg\";a:2:{s:2:\"id\";i:117638;s:11:\"source_type\";s:13:\"media-library\";}s:85:\"\/\/media.alj.com\/app\/uploads\/2024\/07\/1976-ALJ-Investing-in-Youth-New-v2_005-scaled.jpg\";a:2:{s:2:\"id\";i:117638;s:11:\"source_type\";s:13:\"media-library\";}s:79:\"\/\/alj.com\/app\/uploads\/2024\/07\/1976-ALJ-Investing-in-Youth-New-v2_006-scaled.jpg\";a:2:{s:2:\"id\";i:117645;s:11:\"source_type\";s:13:\"media-library\";}s:85:\"\/\/media.alj.com\/app\/uploads\/2024\/07\/1976-ALJ-Investing-in-Youth-New-v2_006-scaled.jpg\";a:2:{s:2:\"id\";i:117645;s:11:\"source_type\";s:13:\"media-library\";}s:68:\"\/\/alj.com\/app\/uploads\/2024\/04\/Young-Talented-Leaders-Scholarship.jpg\";a:2:{s:2:\"id\";i:116333;s:11:\"source_type\";s:13:\"media-library\";}s:74:\"\/\/media.alj.com\/app\/uploads\/2024\/04\/Young-Talented-Leaders-Scholarship.jpg\";a:2:{s:2:\"id\";i:116333;s:11:\"source_type\";s:13:\"media-library\";}s:57:\"\/\/alj.com\/app\/uploads\/2024\/07\/Start-Smart-Competition.png\";a:2:{s:2:\"id\";i:117659;s:11:\"source_type\";s:13:\"media-library\";}s:63:\"\/\/media.alj.com\/app\/uploads\/2024\/07\/Start-Smart-Competition.png\";a:2:{s:2:\"id\";i:117659;s:11:\"source_type\";s:13:\"media-library\";}s:66:\"\/\/alj.com\/app\/uploads\/2019\/10\/hassan-mohammed-jameel-1000x1278.jpg\";a:2:{s:2:\"id\";i:52089;s:11:\"source_type\";s:13:\"media-library\";}s:74:\"\/\/alj.com\/app\/uploads\/2019\/10\/hassan-mohammed-jameel-1000x1278-235x300.jpg\";a:2:{s:2:\"id\";i:52089;s:11:\"source_type\";s:13:\"media-library\";}s:72:\"\/\/media.alj.com\/app\/uploads\/2019\/10\/hassan-mohammed-jameel-1000x1278.jpg\";a:2:{s:2:\"id\";i:52089;s:11:\"source_type\";s:13:\"media-library\";}s:80:\"\/\/media.alj.com\/app\/uploads\/2019\/10\/hassan-mohammed-jameel-1000x1278-235x300.jpg\";a:2:{s:2:\"id\";i:52089;s:11:\"source_type\";s:13:\"media-library\";}}"]},"_links":{"self":[{"href":"https:\/\/alj.com\/tr\/wp-json\/wp\/v2\/perspective\/117677"}],"collection":[{"href":"https:\/\/alj.com\/tr\/wp-json\/wp\/v2\/perspective"}],"about":[{"href":"https:\/\/alj.com\/tr\/wp-json\/wp\/v2\/types\/perspective"}],"author":[{"embeddable":true,"href":"https:\/\/alj.com\/tr\/wp-json\/wp\/v2\/users\/18"}],"wp:featuredmedia":[{"embeddable":true,"href":"https:\/\/alj.com\/tr\/wp-json\/wp\/v2\/media\/117652"}],"wp:attachment":[{"href":"https:\/\/alj.com\/tr\/wp-json\/wp\/v2\/media?parent=117677"}],"wp:term":[{"taxonomy":"post_tag","embeddable":true,"href":"https:\/\/alj.com\/tr\/wp-json\/wp\/v2\/tags?post=117677"}],"curies":[{"name":"wp","href":"https:\/\/api.w.org\/{rel}","templated":true}]}}