{"id":15771,"date":"2018-06-24T07:56:25","date_gmt":"2018-06-24T07:56:25","guid":{"rendered":"https:\/\/www.alj.com\/tr\/perspective\/women-drivers-showcase-changing-face-saudi-arabia\/"},"modified":"2020-05-27T06:24:49","modified_gmt":"2020-05-27T06:24:49","slug":"women-drivers-showcase-changing-face-saudi-arabia","status":"publish","type":"perspective","link":"https:\/\/alj.com\/tr\/perspective\/women-drivers-showcase-changing-face-saudi-arabia\/","title":{"rendered":"Kad\u0131n s\u00fcr\u00fcc\u00fcler Suudi Arabistan&#8217;\u0131n de\u011fi\u015fen y\u00fcz\u00fcn\u00fc sergiliyor"},"content":{"rendered":"<p>Suudi Arabistan genelinde binlerce kad\u0131n bu ay d\u00fcnyan\u0131n d\u00f6rt bir yan\u0131nda man\u015fet olan bir hik\u00e2yede ilk kez s\u00fcr\u00fcc\u00fc ehliyetlerini alacaklar.<\/p>\n<p>Kad\u0131nlar\u0131n araba s\u00fcrmesine izin vermenin, \u00f6nemli bir kilometre ta\u015f\u0131 oldu\u011funa \u015f\u00fcphe olmasa da bu, modern Suudi Arabistan&#8217;\u0131 daha yak\u0131ndan tan\u0131yanlar i\u00e7in toplumu d\u00f6n\u00fc\u015ft\u00fcren bir\u00e7ok kilit ve heyecan verici geli\u015fmeden sadece bir tanesi.<\/p>\n<p>Suudi Arabistan&#8217;\u0131n ekonomisini geleneksel hidrokarbon bazl\u0131 sanayilere ba\u011f\u0131ml\u0131l\u0131ktan kurtararak yeniden yap\u0131land\u0131rmas\u0131 ile birlikte, kad\u0131nlar\u0131n \u00fclkenin kalk\u0131nmas\u0131nda daha aktif kat\u0131l\u0131mc\u0131lar olmas\u0131n\u0131 sa\u011flamas\u0131 \u00f6nemli bir de\u011fi\u015fim kataliz\u00f6r\u00fcd\u00fcr. Geleneksel toplumsal s\u0131n\u0131rlar, daha kapsay\u0131c\u0131 bir tutumun b\u00fct\u00fcnsel olarak ekonomik ilerlemeye fayda sa\u011flayaca\u011f\u0131na olan inanca paralel olarak de\u011fi\u015fiyor.<\/p>\n<p>Kad\u0131nlar\u0131n topluma ve ekonomiye katk\u0131s\u0131n\u0131 g\u00fc\u00e7lendirmeye y\u00f6nelik kararl\u0131l\u0131k, \u00fclkenin ulusal kalk\u0131nma stratejisi olan 2030 Vizyonu&#8217;nun a\u015fa\u011f\u0131da belirtilen ana temas\u0131d\u0131r:<\/p>\n<p>\u201c<em>Suudi kad\u0131nlar bir ba\u015fka \u00f6nemli varl\u0131kt\u0131r. \u00dcniversite mezunlar\u0131m\u0131z\u0131n y\u00fczde 50&#8217;sinden fazlas\u0131n\u0131n kad\u0131n oldu\u011funu d\u00fc\u015f\u00fcnerek onlar\u0131n yeteneklerini geli\u015ftirmeye, \u00fcretken becerilerine yat\u0131r\u0131m yapmaya ve geleceklerini g\u00fc\u00e7lendirerek toplumumuzun ve ekonomimizin geli\u015fmesine katk\u0131da bulunmalar\u0131n\u0131 sa\u011flamaya devam edece\u011fiz.\u201d<\/em><\/p>\n<p><strong>B\u00fcy\u00fcyen ekonomik katk\u0131<\/strong><\/p>\n<p>Son zamanlara kadar, kad\u0131nlar\u0131n k\u00fclt\u00fcrel ve sosyal ya\u015famdaki rollerine ili\u015fkin olarak kaydedilen ilerlemeler, \u00fclkenin kalk\u0131nmas\u0131na y\u00f6nelik ekonomik katk\u0131lar\u0131na yans\u0131mam\u0131\u015ft\u0131. Bu da art\u0131k de\u011fi\u015fiyor ve Suudi kad\u0131nlar \u00fclke ekonomisine artan bir katk\u0131da bulunuyorlar.<\/p>\n<p>Kamu sekt\u00f6r\u00fc en b\u00fcy\u00fck kad\u0131n i\u015fveren olmaya devam ediyor, ancak kad\u0131nlar ayn\u0131 zamanda, 2011&#8217;de toplam \u00f6zel sekt\u00f6rde de Suudi i\u015f g\u00fcc\u00fcn\u00fcn sadece %12&#8217;sini olu\u015ftururken bug\u00fcn bu oran %30&#8217;a y\u00fckselmi\u015f bulunuyor. Kad\u0131nlar\u0131n en b\u00fcy\u00fck iki i\u015fvereni olan perakende ve konaklama sekt\u00f6rleri, ayn\u0131 zamanda, h\u00fck\u00fcmetin kad\u0131nlar\u0131n i\u015fg\u00fcc\u00fcne kat\u0131l\u0131m\u0131n\u0131 te\u015fvik etmek amac\u0131yla kapsaml\u0131 Suudile\u015ftirme ve kad\u0131nla\u015ft\u0131rma kampanyalar\u0131n\u0131n oda\u011f\u0131 olmu\u015ftur.<\/p>\n<p>Bu d\u00f6n\u00fc\u015f\u00fcmden sadece kad\u0131nlar yararlanmayacak. Kad\u0131nlar\u0131n araba kullanmalar\u0131na izin vermenin, t\u00fcm Suudi Arabistan ekonomisi \u00fczerinde b\u00fcy\u00fck bir etkisi olaca\u011f\u0131 tahmin ediliyor. Baz\u0131 tahminler, ekonomik etkinin de\u011ferini 2030 y\u0131l\u0131na kadar 90 milyar ABD Dolar\u0131 olarak belirledi.<\/p>\n<p>Otomotiv end\u00fcstrisi \u00fczerinde kesinlikle do\u011frudan bir etkisi olacakt\u0131r. Suudi Arabistan&#8217;\u0131n yollar\u0131ndaki s\u00fcr\u00fcc\u00fclerin say\u0131s\u0131n\u0131n neredeyse iki kat\u0131na \u00e7\u0131kmas\u0131 bekleniyor ve bu, yan \u00fcr\u00fcn ve hizmetlere olan talebin de artmas\u0131n\u0131 beraberinde getirecek.<\/p>\n<p><img decoding=\"async\" loading=\"lazy\" class=\"size-medium wp-image-14921 alignleft\" src=\"https:\/\/media.alj.com\/app\/uploads\/2017\/07\/Hassan-M-Jameel-9372-200x300.jpg\" alt=\"Hassan M Jameel\" width=\"200\" height=\"300\" srcset=\"https:\/\/media.alj.com\/app\/uploads\/2017\/07\/Hassan-M-Jameel-9372-200x300.jpg 200w, https:\/\/media.alj.com\/app\/uploads\/2017\/07\/Hassan-M-Jameel-9372-100x150.jpg 100w, https:\/\/media.alj.com\/app\/uploads\/2017\/07\/Hassan-M-Jameel-9372-768x1151.jpg 768w, https:\/\/media.alj.com\/app\/uploads\/2017\/07\/Hassan-M-Jameel-9372-683x1024.jpg 683w\" sizes=\"(max-width: 200px) 100vw, 200px\" \/>Abdul Latif Jameel Suudi Arabistan Ba\u015fkan Vekili ve Ba\u015fkan Yard\u0131mc\u0131s\u0131 <a href=\"https:\/\/www.alj.com\/tr\/our-people\/hassan-jameel\/\">Hassan M. Jameel<\/a>, <em>\u201cKendi i\u015fimizin i\u00e7inde, Toyota galerilerinin kad\u0131nlara daha da cazip gelmesini ve sat\u0131\u015f, pazarlama ve hizmet stratejilerimizin hem erkek hem de kad\u0131n tutum ve beklentilerini dikkate almas\u0131n\u0131 sa\u011flamak i\u00e7in olumlu ad\u0131mlar at\u0131lm\u0131\u015ft\u0131r. Bu, 3-4 ayl\u0131k e\u011fitime tabi tutulan yakla\u015f\u0131k 100 kad\u0131n \u00f6n-kadronun g\u00f6revlendirilmesini de i\u00e7ermektedir. Abdul Latif Jameel Motors ayr\u0131ca, araba s\u00fcrmeyi \u00f6\u011frenmek isteyen kad\u0131nlarda beklenen art\u0131\u015fa cevap vermelerine yard\u0131mc\u0131 olmak amac\u0131yla s\u00fcr\u00fcc\u00fc okullar\u0131n\u0131n b\u00fcy\u00fck bir \u00e7o\u011funlu\u011funa 500&#8217;den fazla otomobil sa\u011flamak i\u00e7in de bir plan ba\u015flatt\u0131.\u201d<\/em><\/p>\n<p>Suudi Arabistan&#8217;daki farkl\u0131 di\u011fer bir\u00e7ok i\u015fletmemiz de, h\u00fck\u00fcmetin \u00fclkenin ekonomik kalk\u0131nmas\u0131na y\u00f6nelik daha geni\u015f hedefleri do\u011frultusunda kad\u0131nlar\u0131n katk\u0131lar\u0131 konusundaki ama\u00e7lar\u0131na ula\u015fmas\u0131na yard\u0131mc\u0131 olmak i\u00e7in zaman ve kaynak ay\u0131rd\u0131.<\/p>\n<p><strong>Daha parlak bir gelece\u011fe do\u011fru s\u00fcr\u00fc\u015f<\/strong><\/p>\n<p>Suudi Arabistan, yat\u0131r\u0131m ortam\u0131n\u0131 ve i\u015f yapma kolayl\u0131\u011f\u0131n\u0131 geli\u015ftirmek i\u00e7in olduk\u00e7a yol kat etti. Rekabet\u00e7i bir vergi ortam\u0131m\u0131z var; kurumlar vergisi oran\u0131m\u0131z ve KDV, d\u00fcnyan\u0131n en d\u00fc\u015f\u00fck oranlar\u0131 aras\u0131nda say\u0131lmaktad\u0131r. Pek \u00e7ok sekt\u00f6rde yat\u0131r\u0131mc\u0131lar i\u015fletmelerinin %100&#8217;\u00fcne sahip olabilirler; ayr\u0131ca, sermayenin, k\u00e2r\u0131n ve k\u00e2r pay\u0131n\u0131n tamam\u0131n\u0131n kendi \u00fclkelerine geri g\u00f6t\u00fcrmeleri garanti edilmektedir.<\/p>\n<p>\u00dclkenin 32 milyon n\u00fcfusunun yar\u0131s\u0131ndan fazlas\u0131 25 ya\u015f\u0131n alt\u0131ndad\u0131r ve bu, nispeten y\u00fcksek sat\u0131n alma g\u00fcc\u00fc taraf\u0131ndan y\u00f6nlendirilen g\u00fc\u00e7l\u00fc bir m\u00fc\u015fteri odakl\u0131 pazar yaratmaktad\u0131r. Ek olarak, d\u00fcnya ticaretinin %30&#8217;undan fazlas\u0131n\u0131n K\u0131z\u0131ldeniz&#8217;den ge\u00e7mesi ve \u00fclkenin \u00fc\u00e7 k\u0131tan\u0131n, Avrupa, Asya ve Afrika, co\u011frafi merkezinde yer almas\u0131 nedeniyle, ayr\u0131cal\u0131kl\u0131 bir konumu bulunmaktad\u0131r. Suudi Arabistan ayr\u0131ca, yat\u0131r\u0131mc\u0131lar\u0131n d\u00fcnyan\u0131n en h\u0131zl\u0131 b\u00fcy\u00fcyen pazarlar\u0131ndan baz\u0131lar\u0131nda yakla\u015f\u0131k 1,5 milyar t\u00fcketici pazar\u0131na ula\u015fmalar\u0131na olanak sa\u011flayan bir \u00fcs niteli\u011fi ta\u015f\u0131yor.<\/p>\n<p>Suudi Arabistan&#8217;\u0131, parlak ve m\u00fcreffeh bir gelece\u011fe ta\u015f\u0131yan modernle\u015fme, liberalle\u015fme ve ilerleme yolculu\u011funa \u015fimdi kad\u0131nlar da kat\u0131l\u0131yor.<\/p>\n","protected":false},"author":14,"featured_media":15289,"template":"","tags":[],"acf":[],"yoast_head":"<!-- This site is optimized with the Yoast SEO plugin v21.5 - https:\/\/yoast.com\/wordpress\/plugins\/seo\/ -->\n<title>Kad\u0131nlar S\u00fcr\u00fcc\u00fcler - Suudi Arabistan&#039;\u0131n De\u011fi\u015fen Y\u00fcz\u00fc | Abdul Latif Jameel\u00ae<\/title>\n<meta name=\"description\" content=\"Bir\u00e7ok kad\u0131n s\u00fcr\u00fcc\u00fc ge\u00e7en y\u0131l\u0131n onlar i\u00e7in ne kadar \u015fa\u015f\u0131rt\u0131c\u0131 oldu\u011funu ve araba kullan\u0131rken yollarda ne kadar \u00e7ok destek ald\u0131klar\u0131n\u0131 ifade etti. Daha fazla oku!\" \/>\n<meta name=\"robots\" content=\"index, follow, max-snippet:-1, max-image-preview:large, max-video-preview:-1\" \/>\n<link rel=\"canonical\" href=\"https:\/\/alj.com\/tr\/perspective\/women-drivers-showcase-changing-face-saudi-arabia\/\" \/>\n<meta property=\"og:locale\" content=\"tr_TR\" \/>\n<meta property=\"og:type\" content=\"article\" \/>\n<meta property=\"og:title\" content=\"Kad\u0131nlar S\u00fcr\u00fcc\u00fcler - Suudi Arabistan&#039;\u0131n De\u011fi\u015fen Y\u00fcz\u00fc | Abdul Latif Jameel\u00ae\" \/>\n<meta property=\"og:description\" content=\"Bir\u00e7ok kad\u0131n s\u00fcr\u00fcc\u00fc ge\u00e7en y\u0131l\u0131n onlar i\u00e7in ne kadar \u015fa\u015f\u0131rt\u0131c\u0131 oldu\u011funu ve araba kullan\u0131rken yollarda ne kadar \u00e7ok destek ald\u0131klar\u0131n\u0131 ifade etti. Daha fazla oku!\" \/>\n<meta property=\"og:url\" content=\"https:\/\/alj.com\/tr\/perspective\/women-drivers-showcase-changing-face-saudi-arabia\/\" \/>\n<meta property=\"og:site_name\" content=\"Abdul Latif Jameel\" \/>\n<meta property=\"article:publisher\" content=\"https:\/\/www.facebook.com\/Abdul.Latif.Jameel.Official\" \/>\n<meta property=\"article:modified_time\" content=\"2020-05-27T06:24:49+00:00\" \/>\n<meta property=\"og:image\" content=\"https:\/\/media.alj.com\/app\/uploads\/2018\/06\/iStock-479473475-1024x683.jpg\" \/>\n\t<meta property=\"og:image:width\" content=\"1024\" \/>\n\t<meta property=\"og:image:height\" content=\"683\" \/>\n\t<meta property=\"og:image:type\" content=\"image\/jpeg\" \/>\n<meta name=\"twitter:card\" content=\"summary_large_image\" \/>\n<meta name=\"twitter:label1\" content=\"Est. reading time\" \/>\n\t<meta name=\"twitter:data1\" content=\"4 minutes\" \/>\n<script type=\"application\/ld+json\" class=\"yoast-schema-graph\">{\"@context\":\"https:\/\/schema.org\",\"@graph\":[{\"@type\":\"WebPage\",\"@id\":\"https:\/\/alj.com\/tr\/perspective\/women-drivers-showcase-changing-face-saudi-arabia\/\",\"url\":\"https:\/\/alj.com\/tr\/perspective\/women-drivers-showcase-changing-face-saudi-arabia\/\",\"name\":\"Kad\u0131nlar S\u00fcr\u00fcc\u00fcler - Suudi Arabistan'\u0131n De\u011fi\u015fen Y\u00fcz\u00fc | Abdul Latif Jameel\u00ae\",\"isPartOf\":{\"@id\":\"https:\/\/alj.com\/en\/#website\"},\"datePublished\":\"2018-06-24T07:56:25+00:00\",\"dateModified\":\"2020-05-27T06:24:49+00:00\",\"description\":\"Bir\u00e7ok kad\u0131n s\u00fcr\u00fcc\u00fc ge\u00e7en y\u0131l\u0131n onlar i\u00e7in ne kadar \u015fa\u015f\u0131rt\u0131c\u0131 oldu\u011funu ve araba kullan\u0131rken yollarda ne kadar \u00e7ok destek ald\u0131klar\u0131n\u0131 ifade etti. Daha fazla oku!\",\"breadcrumb\":{\"@id\":\"https:\/\/alj.com\/tr\/perspective\/women-drivers-showcase-changing-face-saudi-arabia\/#breadcrumb\"},\"inLanguage\":\"tr\",\"potentialAction\":[{\"@type\":\"ReadAction\",\"target\":[\"https:\/\/alj.com\/tr\/perspective\/women-drivers-showcase-changing-face-saudi-arabia\/\"]}]},{\"@type\":\"BreadcrumbList\",\"@id\":\"https:\/\/alj.com\/tr\/perspective\/women-drivers-showcase-changing-face-saudi-arabia\/#breadcrumb\",\"itemListElement\":[{\"@type\":\"ListItem\",\"position\":1,\"name\":\"Home\",\"item\":\"https:\/\/alj.com\/tr\/\"},{\"@type\":\"ListItem\",\"position\":2,\"name\":\"Perspectives\",\"item\":\"https:\/\/alj.com\/ja\/perspective\/\"},{\"@type\":\"ListItem\",\"position\":3,\"name\":\"Kad\u0131n s\u00fcr\u00fcc\u00fcler Suudi Arabistan&#8217;\u0131n de\u011fi\u015fen y\u00fcz\u00fcn\u00fc sergiliyor\"}]},{\"@type\":\"WebSite\",\"@id\":\"https:\/\/alj.com\/en\/#website\",\"url\":\"https:\/\/alj.com\/en\/\",\"name\":\"Abdul Latif Jameel\",\"description\":\"Abdul Latif Jameel\",\"potentialAction\":[{\"@type\":\"SearchAction\",\"target\":{\"@type\":\"EntryPoint\",\"urlTemplate\":\"https:\/\/alj.com\/en\/?s={search_term_string}\"},\"query-input\":\"required name=search_term_string\"}],\"inLanguage\":\"tr\"}]}<\/script>\n<!-- \/ Yoast SEO plugin. -->","yoast_head_json":{"title":"Kad\u0131nlar S\u00fcr\u00fcc\u00fcler - Suudi Arabistan'\u0131n De\u011fi\u015fen Y\u00fcz\u00fc | Abdul Latif Jameel\u00ae","description":"Bir\u00e7ok kad\u0131n s\u00fcr\u00fcc\u00fc ge\u00e7en y\u0131l\u0131n onlar i\u00e7in ne kadar \u015fa\u015f\u0131rt\u0131c\u0131 oldu\u011funu ve araba kullan\u0131rken yollarda ne kadar \u00e7ok destek ald\u0131klar\u0131n\u0131 ifade etti. Daha fazla oku!","robots":{"index":"index","follow":"follow","max-snippet":"max-snippet:-1","max-image-preview":"max-image-preview:large","max-video-preview":"max-video-preview:-1"},"canonical":"https:\/\/alj.com\/tr\/perspective\/women-drivers-showcase-changing-face-saudi-arabia\/","og_locale":"tr_TR","og_type":"article","og_title":"Kad\u0131nlar S\u00fcr\u00fcc\u00fcler - Suudi Arabistan'\u0131n De\u011fi\u015fen Y\u00fcz\u00fc | Abdul Latif Jameel\u00ae","og_description":"Bir\u00e7ok kad\u0131n s\u00fcr\u00fcc\u00fc ge\u00e7en y\u0131l\u0131n onlar i\u00e7in ne kadar \u015fa\u015f\u0131rt\u0131c\u0131 oldu\u011funu ve araba kullan\u0131rken yollarda ne kadar \u00e7ok destek ald\u0131klar\u0131n\u0131 ifade etti. Daha fazla oku!","og_url":"https:\/\/alj.com\/tr\/perspective\/women-drivers-showcase-changing-face-saudi-arabia\/","og_site_name":"Abdul Latif Jameel","article_publisher":"https:\/\/www.facebook.com\/Abdul.Latif.Jameel.Official","article_modified_time":"2020-05-27T06:24:49+00:00","og_image":[{"width":1024,"height":683,"url":"https:\/\/media.alj.com\/app\/uploads\/2018\/06\/iStock-479473475-1024x683.jpg","type":"image\/jpeg"}],"twitter_card":"summary_large_image","twitter_misc":{"Est. reading time":"4 minutes"},"schema":{"@context":"https:\/\/schema.org","@graph":[{"@type":"WebPage","@id":"https:\/\/alj.com\/tr\/perspective\/women-drivers-showcase-changing-face-saudi-arabia\/","url":"https:\/\/alj.com\/tr\/perspective\/women-drivers-showcase-changing-face-saudi-arabia\/","name":"Kad\u0131nlar S\u00fcr\u00fcc\u00fcler - Suudi Arabistan'\u0131n De\u011fi\u015fen Y\u00fcz\u00fc | Abdul Latif Jameel\u00ae","isPartOf":{"@id":"https:\/\/alj.com\/en\/#website"},"datePublished":"2018-06-24T07:56:25+00:00","dateModified":"2020-05-27T06:24:49+00:00","description":"Bir\u00e7ok kad\u0131n s\u00fcr\u00fcc\u00fc ge\u00e7en y\u0131l\u0131n onlar i\u00e7in ne kadar \u015fa\u015f\u0131rt\u0131c\u0131 oldu\u011funu ve araba kullan\u0131rken yollarda ne kadar \u00e7ok destek ald\u0131klar\u0131n\u0131 ifade etti. Daha fazla oku!","breadcrumb":{"@id":"https:\/\/alj.com\/tr\/perspective\/women-drivers-showcase-changing-face-saudi-arabia\/#breadcrumb"},"inLanguage":"tr","potentialAction":[{"@type":"ReadAction","target":["https:\/\/alj.com\/tr\/perspective\/women-drivers-showcase-changing-face-saudi-arabia\/"]}]},{"@type":"BreadcrumbList","@id":"https:\/\/alj.com\/tr\/perspective\/women-drivers-showcase-changing-face-saudi-arabia\/#breadcrumb","itemListElement":[{"@type":"ListItem","position":1,"name":"Home","item":"https:\/\/alj.com\/tr\/"},{"@type":"ListItem","position":2,"name":"Perspectives","item":"https:\/\/alj.com\/ja\/perspective\/"},{"@type":"ListItem","position":3,"name":"Kad\u0131n s\u00fcr\u00fcc\u00fcler Suudi Arabistan&#8217;\u0131n de\u011fi\u015fen y\u00fcz\u00fcn\u00fc sergiliyor"}]},{"@type":"WebSite","@id":"https:\/\/alj.com\/en\/#website","url":"https:\/\/alj.com\/en\/","name":"Abdul Latif Jameel","description":"Abdul Latif Jameel","potentialAction":[{"@type":"SearchAction","target":{"@type":"EntryPoint","urlTemplate":"https:\/\/alj.com\/en\/?s={search_term_string}"},"query-input":"required name=search_term_string"}],"inLanguage":"tr"}]}},"post-meta-fields":{"_alp_processed":["1536149323"],"perspective_short_title":["Kad\u0131n s\u00fcr\u00fcc\u00fcler Suudi Arabistan'\u0131n de\u011fi\u015fen y\u00fcz\u00fcn\u00fc sergiliyor"],"perspective_summury":["<p>24 Haziran 2018 Pazar g\u00fcn\u00fc, Suudi Arabistan'daki kad\u0131nlar\u0131n araba kullanmas\u0131na izin verildi\u011fi g\u00fcne i\u015faret ediyor. <\/p>\n"],"perspective_location":["Cidde, Suudi Arabistan"],"perspective_author_name":["<p>Omar Al-Madhi<\/p>\n"],"perspective_author_bio":["<p>K\u0131demli Genel M\u00fcd\u00fcr, Abdul Latif Jameel Investments<\/p>\n"],"wpcf-featured-news":["1"],"is_latest_news":["0"],"wpcf-show-news-at-homepage":["1"],"_yoast_wpseo_content_score":["30"],"_thumbnail_id":["15289"],"_wpml_media_duplicate":["1"],"_wp_attachment_metadata":[""],"post_views_count_2019Sep":["30"],"post_views_count_2019Oct":["34"],"post_views_count_2019Nov":["19"],"push_notification":["no"],"_push_notification":["field_5c3b1fb67034d"],"publish_mobile":[""],"_publish_mobile":["field_5bfa8eb2e65cf"],"mobile_featured_image":["https:\/\/alj.com\/app\/themes\/alj\/assets\/images\/defaultmobilethumb.jpg"],"_mobile_featured_image":["field_5c3b204983dea"],"_wpcf-card-image-sort-order":["a:1:{i:0;i:721833;}"],"_last_translation_edit_mode":["native-editor"],"_yoast_wpseo_title":["Kad\u0131nlar S\u00fcr\u00fcc\u00fcler - Suudi Arabistan'\u0131n De\u011fi\u015fen Y\u00fcz\u00fc | Abdul Latif Jameel\u00ae"],"_yoast_wpseo_metadesc":["Bir\u00e7ok kad\u0131n s\u00fcr\u00fcc\u00fc ge\u00e7en y\u0131l\u0131n onlar i\u00e7in ne kadar \u015fa\u015f\u0131rt\u0131c\u0131 oldu\u011funu ve araba kullan\u0131rken yollarda ne kadar \u00e7ok destek ald\u0131klar\u0131n\u0131 ifade etti. Daha fazla oku!"],"post_views_count_2019Dec":["18"],"post_views_count_2020Jan":["27"],"post_views_count_2020Feb":["20"],"post_views_count_2020Mar":["29"],"post_views_count_2020Apr":["33"],"post_views_count_2020May":["27"],"_bsf_post_type":["0"],"_bsf_item_review_type":["none"],"perspective_business_sector":["\u015eirket"],"perspective_author_image":["30210"],"wpcf-perspective-downloadable_file":["https:\/\/www.alj.com\/app\/uploads\/2018\/06\/iStock-479473475.jpg"],"wpcf-perspective-published-date":["1529798400"],"wpcf-card-image":[""],"post_views_count_2020Jun":["29"],"post_views_count_2020Jul":["29"],"post_views_count_2020Aug":["14"],"post_views_count_2020Sep":["17"],"post_views_count_2020Oct":["27"],"post_views_count_2020Nov":["25"],"post_views_count_2020Dec":["15"],"post_views_count_2021Jan":["17"],"post_views_count_2021Feb":["19"],"post_views_count_2021Mar":["23"],"post_views_count_2021Apr":["22"],"post_views_count_2021May":["16"],"post_views_count_2021Jun":["4"],"post_views_count_2021Jul":["10"],"post_views_total_count":["10"],"amazonS3_cache":["a:4:{s:54:\"\/\/alj.com\/app\/uploads\/2017\/07\/Hassan-M-Jameel-9372.jpg\";a:2:{s:2:\"id\";i:14921;s:11:\"source_type\";s:13:\"media-library\";}s:62:\"\/\/alj.com\/app\/uploads\/2017\/07\/Hassan-M-Jameel-9372-200x300.jpg\";a:2:{s:2:\"id\";i:14921;s:11:\"source_type\";s:13:\"media-library\";}s:60:\"\/\/media.alj.com\/app\/uploads\/2017\/07\/Hassan-M-Jameel-9372.jpg\";a:2:{s:2:\"id\";i:14921;s:11:\"source_type\";s:13:\"media-library\";}s:68:\"\/\/media.alj.com\/app\/uploads\/2017\/07\/Hassan-M-Jameel-9372-200x300.jpg\";a:2:{s:2:\"id\";i:14921;s:11:\"source_type\";s:13:\"media-library\";}}"]},"_links":{"self":[{"href":"https:\/\/alj.com\/tr\/wp-json\/wp\/v2\/perspective\/15771"}],"collection":[{"href":"https:\/\/alj.com\/tr\/wp-json\/wp\/v2\/perspective"}],"about":[{"href":"https:\/\/alj.com\/tr\/wp-json\/wp\/v2\/types\/perspective"}],"author":[{"embeddable":true,"href":"https:\/\/alj.com\/tr\/wp-json\/wp\/v2\/users\/14"}],"wp:featuredmedia":[{"embeddable":true,"href":"https:\/\/alj.com\/tr\/wp-json\/wp\/v2\/media\/15289"}],"wp:attachment":[{"href":"https:\/\/alj.com\/tr\/wp-json\/wp\/v2\/media?parent=15771"}],"wp:term":[{"taxonomy":"post_tag","embeddable":true,"href":"https:\/\/alj.com\/tr\/wp-json\/wp\/v2\/tags?post=15771"}],"curies":[{"name":"wp","href":"https:\/\/api.w.org\/{rel}","templated":true}]}}