{"id":38307,"date":"2019-06-11T08:10:05","date_gmt":"2019-06-11T08:10:05","guid":{"rendered":"http:\/\/www.alj.com\/perspective\/preparing-for-a-cleaner-greener-future\/"},"modified":"2021-07-14T10:13:59","modified_gmt":"2021-07-14T10:13:59","slug":"preparing-for-a-cleaner-greener-future","status":"publish","type":"perspective","link":"https:\/\/alj.com\/tr\/perspective\/preparing-for-a-cleaner-greener-future\/","title":{"rendered":"Daha temiz, daha ye\u015fil bir gelecek i\u00e7in haz\u0131rl\u0131k"},"content":{"rendered":"<p>Gelecek 30 y\u0131l boyunca d\u00fcnyan\u0131n enerji kar\u0131\u015f\u0131m\u0131 nas\u0131l de\u011fi\u015fecek ve artan enerji talebini kar\u015f\u0131lamada en b\u00fcy\u00fck etkiye sahip olacak gibi hangi yeni teknolojilerin ortaya \u00e7\u0131kmas\u0131 bekleniyor?<\/p>\n<p>K\u00fcresel n\u00fcfus artmaya devam ettik\u00e7e ve artan kentle\u015fme ya\u015fama ve \u00e7al\u0131\u015fma bi\u00e7imimizde \u00e7arp\u0131c\u0131 de\u011fi\u015fiklikler meydana getirdik\u00e7e, enerji sekt\u00f6r\u00fc kar\u015f\u0131la\u015ft\u0131\u011f\u0131 yeni bask\u0131lara nas\u0131l uyum sa\u011flayacak?<\/p>\n<p><a href=\"https:\/\/www.bp.com\/en\/global\/corporate\/news-and-insights\/press-releases\/bp-energy-outlook-2019.html\">BP Enerji G\u00f6r\u00fcn\u00fcm\u00fc 2019<\/a><a href=\"#_ftn1\" name=\"_ftnref1\">[1]<\/a>\u2018da ana hatlar\u0131yla a\u00e7\u0131klanan \u201cevrimle\u015fen ge\u00e7i\u015f\u201d senaryosunda, k\u00fcresel enerji talebi 2040 y\u0131l\u0131na kadar %33 artacak. Ancak, enerji kar\u0131\u015f\u0131m\u0131nda bu talebi kar\u015f\u0131layacak temel de\u011fi\u015fiklikler var. Yenilenebilir enerji kaynaklar\u0131, birincil enerji b\u00fcy\u00fcmesinin yar\u0131s\u0131na katk\u0131da bulunuyor ve k\u00f6m\u00fcr\u00fcn enerji \u00fcretimindeki pay\u0131 2017&#8217;de %40 oran\u0131nda iken, 2040&#8217;ta %20&#8217;ye d\u00fc\u015fecek.<\/p>\n<p><img decoding=\"async\" loading=\"lazy\" class=\"alignleft wp-image-38246 size-thumbnail\" src=\"https:\/\/www.alj.com\/app\/uploads\/2019\/06\/BP-Energy-Outlook-150x104.jpg\" alt=\"\" width=\"150\" height=\"104\" srcset=\"https:\/\/media.alj.com\/app\/uploads\/2019\/06\/BP-Energy-Outlook-150x104.jpg 150w, https:\/\/media.alj.com\/app\/uploads\/2019\/06\/BP-Energy-Outlook-300x208.jpg 300w, https:\/\/media.alj.com\/app\/uploads\/2019\/06\/BP-Energy-Outlook.jpg 500w\" sizes=\"(max-width: 150px) 100vw, 150px\" \/>Bu d\u00fc\u015f\u00fck karbonlu yak\u0131tlara ge\u00e7i\u015fin belirtileri uzun zamand\u0131r g\u00f6r\u00fcl\u00fcyor ve yenilenebilir enerji kaynaklar\u0131n\u0131n artaca\u011f\u0131 art\u0131k \u015f\u00fcphesiz. Yaln\u0131zca 2019&#8217;da, \u00f6rne\u011fin g\u00fcne\u015f fotovoltaik (PV) pazar\u0131, \u00e7arp\u0131c\u0131 bir b\u00fcy\u00fcme ya\u015fanacak \u015fekilde ayarlanm\u0131\u015ft\u0131r. Aral\u0131k ay\u0131n\u0131n sonunda, y\u0131ll\u0131k %25 art\u0131\u015f ve \u00c7in d\u0131\u015f\u0131nda %43 art\u0131\u015f g\u00f6stermesi bekleniyor<a href=\"#_ftn2\" name=\"_ftnref2\">[2]<\/a>. Bu beklentiler kar\u015f\u0131lan\u0131rsa, d\u00fcnyadaki 129 GW g\u00fcne\u015f enerjisi tesisi herkes i\u00e7in daha temiz bir enerji gelece\u011fi olu\u015fturmaya yard\u0131mc\u0131 olacak<a href=\"#_ftn3\" name=\"_ftnref3\">[3]<\/a>.<\/p>\n<p><a href=\"https:\/\/www.worldenergy.org\/\">D\u00fcnya Enerji Konseyi<\/a> <a href=\"https:\/\/www.worldenergy.org\/publications\/2018\/trilemma-report-2018\/\">Trilemma \u0130ndeksi<\/a>\u2018ni yay\u0131nlad\u0131 ve \u00fclkelerin enerji performans\u0131n\u0131 Enerji G\u00fcvenli\u011fi, Enerji E\u015fitli\u011fi ve \u00c7evresel S\u00fcrd\u00fcr\u00fclebilirlik olarak \u00fc\u00e7 boyutta s\u0131ralayan bu indeks, k\u00fcresel ve ulusal verilerin modellenmesinden t\u00fcretilmi\u015ftir.<\/p>\n<p><img decoding=\"async\" loading=\"lazy\" class=\"alignleft wp-image-38253 size-thumbnail\" src=\"https:\/\/www.alj.com\/app\/uploads\/2019\/06\/Trilemma-106x150.png\" alt=\"\" width=\"106\" height=\"150\" srcset=\"https:\/\/media.alj.com\/app\/uploads\/2019\/06\/Trilemma-106x150.png 106w, https:\/\/media.alj.com\/app\/uploads\/2019\/06\/Trilemma.png 212w\" sizes=\"(max-width: 106px) 100vw, 106px\" \/>Son sonu\u00e7lar, tutarl\u0131l\u0131k ve uyumlu bir entegre politika yakla\u015f\u0131m\u0131n\u0131n bu k\u00fcresel d\u00f6n\u00fc\u015f\u00fcmde iyi kalibre edilmi\u015f enerji sistemlerinin sa\u011flanmas\u0131na yard\u0131mc\u0131 olabilece\u011fini g\u00f6stermektedir.<\/p>\n<p>G\u00fcvenlik, e\u015fitlik ve s\u00fcrd\u00fcr\u00fclebilirlik aras\u0131ndaki bu dengeyi merkezi olmayan, dekarbonize ve dijital sistemlere h\u0131zl\u0131 bir d\u00f6n\u00fc\u015f\u00fcm ile y\u00f6netmek ve s\u00fcrd\u00fcrmek g\u00f6z korkutucu ve riskleri s\u00f6z konusu. 2018 tarihli Rapor, bir\u00e7ok \u00fclkenin bu hassas dengeyi iyi y\u00f6netmesine ra\u011fmen, en y\u00fcksek puan olan AAA\u2019y\u0131 yaln\u0131zca sekiz \u00fclkenin ald\u0131\u011f\u0131n\u0131 ve \u00e7evreye olan sayg\u0131nl\u0131k ge\u00e7mi\u015flerine g\u00f6re \u015fa\u015f\u0131rt\u0131c\u0131 olmayan \u015fekilde zirvede yine Danimarka, \u0130svi\u00e7re ve \u0130sve\u00e7\u2019in yer ald\u0131\u011f\u0131n\u0131 g\u00f6steriyor.<\/p>\n<p><img decoding=\"async\" loading=\"lazy\" class=\"aligncenter size-full wp-image-38260\" src=\"https:\/\/www.alj.com\/app\/uploads\/2019\/06\/Trilemma-Index.png\" alt=\"\" width=\"1284\" height=\"1336\" srcset=\"https:\/\/media.alj.com\/app\/uploads\/2019\/06\/Trilemma-Index.png 1284w, https:\/\/media.alj.com\/app\/uploads\/2019\/06\/Trilemma-Index-144x150.png 144w, https:\/\/media.alj.com\/app\/uploads\/2019\/06\/Trilemma-Index-288x300.png 288w, https:\/\/media.alj.com\/app\/uploads\/2019\/06\/Trilemma-Index-768x799.png 768w, https:\/\/media.alj.com\/app\/uploads\/2019\/06\/Trilemma-Index-984x1024.png 984w\" sizes=\"(max-width: 1284px) 100vw, 1284px\" \/><\/p>\n<p>2019 y\u0131l\u0131 boyunca \u00c7in, Amerika Birle\u015fik Devletleri (Washington yak\u0131n bir zaman \u00f6nce Kaliforniya, Hawaii, Nevada ve New Mexico\u2019yu takip ederek %100 temiz enerji hedefi belirleyen be\u015finci eyalet oldu)<a href=\"#_ftn4\" name=\"_ftnref4\">[4]<\/a>) ve Hindistan, ilk \u00fc\u00e7 Fotovoltaik Pazar\u0131 stat\u00fcs\u00fcn\u00fc koruyacak.<\/p>\n<figure id=\"attachment_38290\" aria-describedby=\"caption-attachment-38290\" style=\"width: 1600px\" class=\"wp-caption aligncenter\"><img decoding=\"async\" loading=\"lazy\" class=\"wp-image-38290 size-full\" src=\"https:\/\/www.alj.com\/app\/uploads\/2019\/06\/Datong.jpg\" alt=\"\" width=\"1600\" height=\"640\" srcset=\"https:\/\/media.alj.com\/app\/uploads\/2019\/06\/Datong.jpg 1600w, https:\/\/media.alj.com\/app\/uploads\/2019\/06\/Datong-150x60.jpg 150w, https:\/\/media.alj.com\/app\/uploads\/2019\/06\/Datong-300x120.jpg 300w, https:\/\/media.alj.com\/app\/uploads\/2019\/06\/Datong-768x307.jpg 768w, https:\/\/media.alj.com\/app\/uploads\/2019\/06\/Datong-1024x410.jpg 1024w\" sizes=\"(max-width: 1600px) 100vw, 1600px\" \/><figcaption id=\"caption-attachment-38290\" class=\"wp-caption-text\"><span style=\"font-size: 12px;\">248 d\u00f6n\u00fcml\u00fck \u201cpanda \u015feklindeki\u201d g\u00fcne\u015f enerjisi santralleri, Datong County Shanxi Eyaleti, \u00c7in<\/span><\/figcaption><\/figure>\n<p>&nbsp;<\/p>\n<p>Bununla birlikte, 2019 i\u00e7in \u00f6ng\u00f6r\u00fclen Fotovoltaik Pazar tesislerinin yakla\u015f\u0131k \u00fc\u00e7te ikisi Asya Pasifik&#8217;te olacak (%64)<a href=\"#_ftn5\" name=\"_ftnref5\">[5]<\/a> ve \u00f6zellikle Japonya \u00f6nemli de\u011fi\u015fiklik yapan pek \u00e7ok \u00fclkeden biri. 2050 y\u0131l\u0131na kadar sera gazlar\u0131nda %80&#8217;lik bir kesinti yapmay\u0131 ve 2030 y\u0131l\u0131na kadar sa\u011flanan g\u00fcc\u00fcn\u00fcn %7&#8217;sinin g\u00fcne\u015f enerjisi taraf\u0131ndan elde edilmesini hedefliyor<a href=\"#_ftn6\" name=\"_ftnref6\">[6]<\/a>. Afrika ve Orta Do\u011fu&#8217;da ise, Fotovoltaik tesislerine uygun iklim ko\u015fullar olmas\u0131na ra\u011fmen, bu y\u0131lki g\u00fcne\u015f tesislerinin sadece %5&#8217;ini olu\u015fturan, daha az \u00e7arp\u0131c\u0131 bir ilerleme s\u00f6z konusu.<\/p>\n<figure id=\"attachment_38267\" aria-describedby=\"caption-attachment-38267\" style=\"width: 1337px\" class=\"wp-caption aligncenter\"><img decoding=\"async\" loading=\"lazy\" class=\"wp-image-38267 size-full\" src=\"https:\/\/www.alj.com\/app\/uploads\/2019\/06\/Mohammed-Bin-Rashid-Al-Maktoum-Solar-Park.jpg\" alt=\"\" width=\"1337\" height=\"382\" srcset=\"https:\/\/media.alj.com\/app\/uploads\/2019\/06\/Mohammed-Bin-Rashid-Al-Maktoum-Solar-Park.jpg 1337w, https:\/\/media.alj.com\/app\/uploads\/2019\/06\/Mohammed-Bin-Rashid-Al-Maktoum-Solar-Park-150x43.jpg 150w, https:\/\/media.alj.com\/app\/uploads\/2019\/06\/Mohammed-Bin-Rashid-Al-Maktoum-Solar-Park-300x86.jpg 300w, https:\/\/media.alj.com\/app\/uploads\/2019\/06\/Mohammed-Bin-Rashid-Al-Maktoum-Solar-Park-768x219.jpg 768w, https:\/\/media.alj.com\/app\/uploads\/2019\/06\/Mohammed-Bin-Rashid-Al-Maktoum-Solar-Park-1024x293.jpg 1024w\" sizes=\"(max-width: 1337px) 100vw, 1337px\" \/><figcaption id=\"caption-attachment-38267\" class=\"wp-caption-text\"><span style=\"font-size: 12px;\">Muhammed Bin Ra\u015fid Al Maktoum G\u00fcne\u015f Park\u0131 (Foto\u011fraf: Mubadala Investment Company\u2019nin par\u00e7as\u0131 \u00a9 Masdar\u2019a aittir)<\/span><\/figcaption><\/figure>\n<p>&nbsp;<\/p>\n<p>Ancak bu, geli\u015fen yenilenebilir enerji sekt\u00f6r\u00fcn\u00fcn Orta Do\u011fu&#8217;da b\u00fcy\u00fck alanlar\u0131 ele ge\u00e7irmedi\u011fi anlam\u0131na gelmiyor. Nisan 2020&#8217;de Solar Show MENA 2020 ve Wind Show MENA 2020 etkinlikleri, binlerce kat\u0131l\u0131mc\u0131n\u0131n yan\u0131 s\u0131ra y\u00fczlerce konu\u015fmac\u0131 ve sponsoru bir araya getirecek<a href=\"#_ftn7\" name=\"_ftnref7\">[7]<\/a>. Bu etkinlikler, rekor k\u0131ran Birle\u015fik Arap Emirlikleri\u2019ndeki <a href=\"https:\/\/www.dewa.gov.ae\/en\/about-dewa\/news-and-media\/press-and-news\/latest-news\/2019\/03\/mohammed-bin-rashid-al-maktoum-solar-park\">Muhammed Bin Rashid Al Maktoum G\u00fcne\u015f Park\u0131<\/a> da dahil olmak \u00fczere, b\u00f6lgedeki bir dizi d\u00fcnya \u00e7ap\u0131nda geli\u015fmelerin getirdi\u011fi ivme \u00fczerinden devam ediyor. 13,6 milyar ABD dolar\u0131 olan tesis bitti\u011finde, 1,3 milyon evin elektrikle \u00e7al\u0131\u015fmas\u0131n\u0131 sa\u011flayabilir ve CO<sub>2<\/sub> emisyonlar\u0131n\u0131 y\u0131lda 6,5 milyon ton azaltabilir<a href=\"#_ftn8\" name=\"_ftnref8\">[8]<\/a>.<\/p>\n<p><iframe loading=\"lazy\" title=\"Mohammed bin Rashid Al Maktoum Solar Park, Phase 3\" width=\"640\" height=\"360\" src=\"https:\/\/www.youtube.com\/embed\/-YK7bxjFlf0?feature=oembed\" frameborder=\"0\" allow=\"accelerometer; autoplay; clipboard-write; encrypted-media; gyroscope; picture-in-picture\" allowfullscreen><\/iframe><\/p>\n<p><span style=\"font-size: 10px;\">Video, Mubadala Investment Company&#8217;nin bir par\u00e7as\u0131 olan Masdar&#8217;a aittir<\/span><\/p>\n<p>Geli\u015fmeler ayn\u0131 zamanda Suudi Arabistan&#8217;da da h\u0131zla ilerliyor. Gelecek on y\u0131lda 6 GW&#8217;dan fazla r\u00fczgar enerjisi kapasitesi kurularak, 2028 y\u0131l\u0131na kadar Orta Do\u011fu&#8217;daki t\u00fcm r\u00fczgar projelerinin neredeyse yar\u0131s\u0131na (%46) katk\u0131 sa\u011flanm\u0131\u015f olacak.<a href=\"#_ftn9\" name=\"_ftnref9\">[9]<\/a>. Ayn\u0131 zamanda Suudi Arabistan h\u00fck\u00fcmeti, ekonomi ve enerji \u00e7e\u015fitlendirme seviyesini art\u0131rarak ilerlerken,<a href=\"#_ftn10\" name=\"_ftnref10\">[10]<\/a> <a href=\"https:\/\/vision2030.gov.sa\/en\/node\/87\">Saudi Vision 2030 hedeflerine<\/a> uygun \u015fekilde 2030 y\u0131l\u0131na kadar 40 GW g\u00fcne\u015f enerjisi kurmay\u0131 hedefliyor.<\/p>\n<p>Ancak, yenilenebilir enerjinin yayg\u0131n olarak benimsenmesi te\u015fvik edilmekle birlikte, daha ger\u00e7ekle\u015ftirilecek \u00e7ok ilerleme var. Uluslararas\u0131 Yenilenebilir Enerji Ajans\u0131 (<a href=\"https:\/\/www.irena.org\/\">IRENA<\/a>), mevcut iklim hedeflerine ula\u015fmak i\u00e7in karbondioksit emisyonlar\u0131n\u0131n 2050 y\u0131l\u0131na kadar %70 oran\u0131nda d\u00fc\u015fmesi gerekti\u011fini tahmin ediyor<a href=\"#_ftn11\" name=\"_ftnref11\">[11]<\/a>. Yenilenebilir enerji kaynaklar\u0131, bu azaltmalar\u0131n sa\u011flanmas\u0131nda \u00f6nemli bir rol oynayarak CO<sub>2<\/sub> emisyonlar\u0131nda % 60 ila% 90 d\u00fc\u015f\u00fc\u015f sa\u011flayacak ve ayn\u0131 zaman zarf\u0131nda elektrik talebinin %86&#8217;s\u0131n\u0131 kar\u015f\u0131layacak<a href=\"#_ftn12\" name=\"_ftnref12\">[12]<\/a>. Bu analiz ayr\u0131ca \u015funu ortaya koyuyor: <em>\u201cSa\u011fl\u0131k, s\u00fcbvansiyon ve iklimle ilgili tasarruflar, 30 y\u0131ll\u0131k bir s\u00fcre boyunca k\u00fcm\u00fclatif olarak 160 trilyon ABD Dolar\u0131 de\u011ferinde olacakt\u0131r\u201d<\/em>.<a href=\"#_ftn13\" name=\"_ftnref13\">[13]<\/a><\/p>\n<p>Yenilenebilir kaynaklar\u0131n en b\u00fcy\u00fck elektrik kayna\u011f\u0131 haline gelmesini sa\u011flamak i\u00e7in gerekli altyap\u0131n\u0131n geli\u015ftirilmesi, \u00f6n\u00fcm\u00fczdeki yirmi y\u0131lda b\u00fcy\u00fck bir zorluk olacakt\u0131r. Abdul Latif Jameel Energy, Fotowatio Yenilenebilir Giri\u015fimleri (<a href=\"https:\/\/frv.com\">FRV<\/a>) \u00a0sayesinde zaten bu heyecan verici sekt\u00f6rde \u00e7ok \u00f6nemli bir rol oynuyor. FRV, 2019\u2019da yat\u0131r\u0131mlar\u0131n\u0131 \u00f6nemli \u00f6l\u00e7\u00fcde art\u0131r\u0131yor; ula\u015f\u0131m\u0131 do\u011fuda Avustralya\u2019ya, bat\u0131da ise <a href=\"https:\/\/www.alj.com\/en\/news\/awarded-300-mw-solar-project-in-electricity-market-auction\/?id=media_center\">Meksika<\/a> ve <a href=\"https:\/\/alj.com\/en\/openingdoors\/article\/frv-secures-hybrid-energy-contract-chile\/\">\u015eili<\/a>\u2018ye uzan\u0131yor. 2024 itibar\u0131yla kurulu kapasitesini sekiz kat art\u0131rmay\u0131 hedefliyor. Enerji varl\u0131klar\u0131n\u0131 geli\u015ftirmeye devam ederken, faaliyet g\u00f6sterdi\u011fi her pazarda d\u00fcnya standartlar\u0131nda standartlar ve uzmanl\u0131k sunmaya da devam etmektedir.<\/p>\n<p><img decoding=\"async\" loading=\"lazy\" class=\"alignleft wp-image-38275 size-thumbnail\" src=\"https:\/\/www.alj.com\/app\/uploads\/2019\/06\/Fady-Jameel-106x150.jpg\" alt=\"\" width=\"106\" height=\"150\" srcset=\"https:\/\/media.alj.com\/app\/uploads\/2019\/06\/Fady-Jameel-106x150.jpg 106w, https:\/\/media.alj.com\/app\/uploads\/2019\/06\/Fady-Jameel-211x300.jpg 211w, https:\/\/media.alj.com\/app\/uploads\/2019\/06\/Fady-Jameel-768x1092.jpg 768w, https:\/\/media.alj.com\/app\/uploads\/2019\/06\/Fady-Jameel-720x1024.jpg 720w\" sizes=\"(max-width: 106px) 100vw, 106px\" \/>FRV, Avustralya&#8217;da 2012&#8217;den bu yana \u00fclkenin yenilenebilir enerji kaynaklar\u0131na ge\u00e7i\u015fini b\u00fcy\u00fck \u00f6l\u00e7\u00fcde h\u0131zland\u0131rm\u0131\u015f olan alt\u0131 g\u00fcne\u015f enerjisi projesinde aktif olarak yer almaktad\u0131r. Kas\u0131m 2018\u2019de, Yeni G\u00fcney Galler&#8217;deki <a href=\"https:\/\/alj.com\/en\/openingdoors\/article\/abdul-latif-jameel-energy-6th-australian-project-to-supply-clean-energy-to-45000-homes\/\">Goonumbla<\/a> G\u00fcne\u015f \u00c7iftli\u011fi projesinde 67,8 MW\u2019l\u0131k \u00fcretim i\u00e7in Snowy Hydro ile bir enerji al\u0131m anla\u015fmas\u0131 imzalad\u0131. Haziran 2020&#8217;de faaliyetler ba\u015flad\u0131\u011f\u0131nda, bu tesis 45.000&#8217;den fazla hane i\u00e7in yeterli miktarda enerji sa\u011flayacak.<\/p>\n<p>Yak\u0131n bir zaman \u00f6nce ise, FRV&#8217;nin \u015firketin Queensland&#8217;deki ikinci b\u00fcy\u00fck \u00f6l\u00e7ekli g\u00fcne\u015f enerjisi kurulum tesisi olan 100 MW&#8217;l\u0131k <a href=\"https:\/\/alj.com\/en\/news\/abdul-latif-jameel-energy-continues-advance-australia-drive-grow-capacity-eight-fold-2024\/\">Lilyvale<\/a> tesisi Mart 2019&#8217;da \u00fcretime ba\u015flad\u0131. Abdul Latif Jameel Ba\u015fkan Vekili ve Y\u00f6netim Kurulu Ba\u015fkan Yard\u0131mc\u0131s\u0131 Hassan Jameel \u015f\u00f6yle konu\u015ftu: \u201c<em>Avustralya&#8217;n\u0131n temiz enerji iste\u011fine katk\u0131da bulunmaktan gurur duyuyoruz<\/em>.\u201d<\/p>\n<p>FRV\u2019nin 12 y\u0131l \u00f6nce yenilenebilir enerji sekt\u00f6r\u00fcndeki ilk hamlesini ba\u015flatt\u0131\u011f\u0131 \u0130spanya\u2019da, <a href=\"https:\/\/alj.com\/en\/news\/abdul-latif-jameel-energy-secures-financing-la-solanilla-solar-farm-trujillo-spain\/?id=media_center\">Trujillo<\/a>\u2018daki La Solanilla G\u00fcne\u015f \u00c7iftli\u011fi ile 50 MW\u2019l\u0131k finansal seviyeye ula\u015f\u0131ld\u0131 ve Extremadura, End\u00fcl\u00fcs, Almeria ve Valladolid&#8217;deki bir\u00e7ok proje de devam ediyor.<\/p>\n<p>FRV&#8217;nin g\u00fcne\u015f enerjisi uzmanl\u0131\u011f\u0131 ba\u015fka yerlerde de kullan\u0131l\u0131yor; <a href=\"https:\/\/alj.com\/en\/openingdoors\/article\/abdul-latif-jameel-energy-powering-ahead-in-india\/\">Hindistan\u2019daki<\/a> <a href=\"https:\/\/www.youtube.com\/watch?v=KysNZCdTpKE\">Andhra Pradesh tesisinde<\/a> 35.000 eve enerji sa\u011flayacak ve yak\u0131nda devreye girecek olan Meksika\u2019daki San Luis de Potosi\u2019de bulunan 342 MW\u2019l\u0131k <a href=\"https:\/\/alj.com\/en\/news\/abdul-latif-jameel-energy-secures-financing-mexican-solar-farm-will-power-150000-homes\/?id=media_center\">Potosi G\u00fcne\u015f Santrali<\/a>, 76.000\u2019den fazla eve temiz enerji sa\u011flayacak. Geni\u015f hedeflerin bir ba\u015fka g\u00f6stergesi de; <a href=\"https:\/\/alj.com\/en\/news\/abdul-latif-jameel-energy-awarded-55-mw-project-armenia-power-21400-homes\/?id=media_center\">Ermenistan<\/a>, <a href=\"https:\/\/alj.com\/en\/news\/abdul-latif-jameel-energy-power-nearly-quarter-million-homes-chile-solar-wind-energy\/?id=media_center\">\u015eili<\/a>, <a href=\"https:\/\/www.alj.com\/tr\/news\/abdul-latif-jameel-energy-power-120000-homes-generate-435-million-kwh-electricity-per-year-jordan\/?id=media_center\">\u00dcrd\u00fcn<\/a>, <a href=\"https:\/\/frv.com\/en\/projects\/la-jacinta\/\">Uruguay<\/a> ve Brezilya gibi yerlerdeki mevcut faaliyetlerdir.<\/p>\n<p><iframe loading=\"lazy\" title=\"Abdul Latif Jameel Energy to build Armenia&#039;s first large-scale solar PV plant (EN, 16:9)\" width=\"640\" height=\"360\" src=\"https:\/\/www.youtube.com\/embed\/p6z6_FU-_hI?feature=oembed\" frameborder=\"0\" allow=\"accelerometer; autoplay; clipboard-write; encrypted-media; gyroscope; picture-in-picture\" allowfullscreen><\/iframe><\/p>\n<p>Ancak enerji sekt\u00f6r\u00fcn\u00fc de\u011fi\u015ftiren, sadece yenilenebilir enerjilerin art\u0131\u015f\u0131 de\u011fildir. Enerji depolama teknolojisi de yenilenebilir enerji kaynaklar\u0131n\u0131n potansiyelini d\u00f6n\u00fc\u015ft\u00fcrerek, g\u00fcne\u015f yokken veya r\u00fczgar esmiyorken bile tutarl\u0131 ve g\u00fcvenilir enerji sa\u011fl\u0131yor.<\/p>\n<p>IHS Markit adl\u0131 ara\u015ft\u0131rma dan\u0131\u015fmanl\u0131k firmas\u0131na g\u00f6re, k\u00fcresel enerji depolama projesi boru hatt\u0131 \u015fu anda 63 GW&#8217;\u0131 a\u015ft\u0131 (<a href=\"https:\/\/alj.com\/en\/openingdoors\/article\/storing-up-success-how-batteries-are-revolutionizing-the-global-energy-market\/\">pil<\/a>, mekanik ve termal depolama dahil olmak \u00fczere)<a href=\"#_ftn14\" name=\"_ftnref14\">[14]<\/a> ve bir KPMG raporu ise, yayg\u0131n ve h\u0131zl\u0131 bir \u015fekilde uygulanan g\u00fcne\u015f fotovoltaik (PV) ve r\u00fczgar enerjisi santrallerinin <em>\u201cd\u00fcnyadaki elektrik sistemlerini modernize etme \u00e7abalar\u0131n\u0131 katalize etti\u011fini\u201d<\/em><a href=\"#_ftn15\" name=\"_ftnref15\">[15]<\/a> belirtiyor. Bu modernizasyon program\u0131n\u0131n \u00f6nemli bir k\u0131sm\u0131, pil depolama sistemlerinin geli\u015ftirilmesi, tan\u0131t\u0131lmas\u0131 ve b\u00fcy\u00fcmesidir.<\/p>\n<p><a href=\"https:\/\/alj.com\/en\/openingdoors\/article\/frv-secures-hybrid-energy-contract-chile\/\">\u015eili<\/a>\u2018deki bir \u00f6nc\u00fc FRV geli\u015fiminde de pil depolaman\u0131n getirmesi beklenen tutarl\u0131, \u201cs\u00fcrekli a\u00e7\u0131k\u201d yenilenebilir enerji \u00fcretimi i\u00e7in ad\u0131m de\u011fi\u015fiminin \u00f6rne\u011fi g\u00f6r\u00fclmektedir. FRV, batarya depolama \u00f6zelliklerine sahip, \u00e7\u0131\u011f\u0131r a\u00e7an bir 540 GW\/saatlik <a href=\"https:\/\/alj.com\/en\/openingdoors\/article\/hybrid-technologies-power-innovation-water-desalination\/\">hibrit<\/a> bir entegre g\u00fcne\u015f-r\u00fczgar enerjisi projesi geli\u015ftiriyor.\u00a0 FRV&#8217;nin Latin Amerika&#8217;daki \u00fc\u00e7\u00fcnc\u00fc projesi, \u015firketin ilk hibrit r\u00fczgar-g\u00fcne\u015f enerjisi projesi ve 7 g\u00fcn 24 saat yenilenebilir enerji sa\u011flayan <a href=\"https:\/\/alj.com\/en\/openingdoors\/article\/storing-up-success-how-batteries-are-revolutionizing-the-global-energy-market\/\">pil deposunun<\/a> ilk kez kullan\u0131ld\u0131\u011f\u0131 proje.<\/p>\n<p>2050 y\u0131l\u0131na kadar \u00f6zel esnek kapasitenin toplam enerji kar\u0131\u015f\u0131m\u0131n\u0131n %15&#8217;ine \u00e7\u0131kaca\u011f\u0131 tahmin ediliyor ve bunun %44&#8217;\u00fcn\u00fc piller olu\u015fturuyor.<a href=\"#_ftn16\" name=\"_ftnref16\">[16]<\/a><\/p>\n<p><em><img decoding=\"async\" loading=\"lazy\" class=\"alignleft wp-image-34191 size-thumbnail\" src=\"https:\/\/www.alj.com\/app\/uploads\/2019\/01\/Daniel-88x150.png\" alt=\"\" width=\"88\" height=\"150\" srcset=\"https:\/\/media.alj.com\/app\/uploads\/2019\/01\/Daniel-88x150.png 88w, https:\/\/media.alj.com\/app\/uploads\/2019\/01\/Daniel-176x300.png 176w, https:\/\/media.alj.com\/app\/uploads\/2019\/01\/Daniel.png 209w\" sizes=\"(max-width: 88px) 100vw, 88px\" \/>\u201cKo\u015fullar g\u00fcne\u015f veya r\u00fczgar enerjisine uygun olmad\u0131\u011f\u0131nda, piller otomatik olarak devreye girerek depolanan yenilenebilir enerjilerini bo\u015falt\u0131r ve a\u011fa her zaman kesintisiz yenilenebilir enerji kayna\u011f\u0131 sa\u011flar.\u201d<\/em> FRV \u0130cra Kurulu Ba\u015fkan\u0131 <a href=\"https:\/\/www.alj.com\/tr\/our-people\/daniel-sagi-vela\/\">Daniel Sagi-Vela<\/a>.<\/p>\n<p>2018&#8217;de FRV, a\u011f y\u00f6netimi hizmetleri sa\u011flamak, yenilenebilir varl\u0131klar\u0131n kullan\u0131m\u0131n\u0131 geli\u015ftirmek ve bu h\u0131zla geli\u015fen alanda yenilik\u00e7i yeni i\u015f modelleri olu\u015fturmaya yard\u0131mc\u0131 olmak i\u00e7in pil tabanl\u0131 depolama yeniliklerine adanm\u0131\u015f yeni bir i\u015f birimi kurdu.<\/p>\n<p>Benzer yenilikler d\u00fcnyan\u0131n her yerinde yenilenebilir enerji projelerinin s\u00fcrd\u00fcr\u00fclebilirli\u011fini d\u00f6n\u00fc\u015ft\u00fcr\u00fcyor; Mitsubishi UFJ Lease ve Finans ve Ye\u015fil G\u00fc\u00e7 Geli\u015ftirme Kurulu\u015fu Tokyu Land Corp\u2019un Kushiro-cho, Hokkaido&#8217;daki 25 MW\/saatlik lityum iyon pille kurdu\u011fu 92 MW&#8217;l\u0131k g\u00fcne\u015f enerjisi santrali buna dahildir<a href=\"#_ftn17\" name=\"_ftnref17\">[17]<\/a>.<\/p>\n<p>Enerji sekt\u00f6r\u00fcnde, yeni teknolojiler ve uzmanl\u0131k, insanl\u0131\u011f\u0131n enerji ile olan ili\u015fkisini d\u00f6n\u00fc\u015ft\u00fcrmesi gereken ger\u00e7ek d\u00fcnya de\u011fi\u015fimlerine neden oluyor. Halihaz\u0131rda bask\u0131 alt\u0131nda olan geleneksel hidrokarbon enerji kaynaklar\u0131n\u0131n, enerji kar\u0131\u015f\u0131m\u0131nda \u00e7arp\u0131c\u0131 bir bi\u00e7imde azalmas\u0131 s\u00f6z konusu. <a href=\"https:\/\/www.alj.com\/en\/energy-and-environmental-services\/energy-overview\/\">Abdul Latif Jameel Energy<\/a>, bu de\u011fi\u015fikliklerde kilit bir rol oynamaya ve herkes i\u00e7in daha temiz ve daha ye\u015fil bir gelecek sa\u011flamak i\u00e7in yenilenebilir enerji potansiyelini ilerletmeye kararl\u0131d\u0131r.<\/p>\n<p><a href=\"#_ftnref1\" name=\"_ftn1\"><span style=\"font-size: 12px;\">[1]<\/span><\/a><span style=\"font-size: 12px;\"> <a href=\"https:\/\/www.bp.com\/en\/global\/corporate\/energy-economics\/energy-outlook.html\">BP Energy Outlook 2019<\/a>, BP, accessed May 2019<\/span><\/p>\n<p><span style=\"font-size: 12px;\"><a href=\"#_ftnref2\" name=\"_ftn2\">[2]<\/a> <a href=\"https:\/\/technology.ihs.com\/612579\/global-solar-pv-market-returns-to-double-digit-growth-in-2019-ihs-markit-says\">Global Solar PV Market Returns to Double-Digit Growth in 2019, IHS Markit Says<\/a>, IHS Markit, 4 April 2019<\/span><\/p>\n<p><span style=\"font-size: 12px;\"><a href=\"#_ftnref3\" name=\"_ftn3\">[3]<\/a> <a href=\"https:\/\/technology.ihs.com\/612579\/global-solar-pv-market-returns-to-double-digit-growth-in-2019-ihs-markit-says\">Global Solar PV Market Returns to Double-Digit Growth in 2019, IHS Markit Says<\/a>, IHS Markit, 4 April 2019<\/span><\/p>\n<p><span style=\"font-size: 12px;\"><a href=\"#_ftnref4\" name=\"_ftn4\">[4]<\/a> <a href=\"https:\/\/www.renewableenergyworld.com\/articles\/2019\/05\/washington-becomes-fifth-state-in-the-us-to-aim-for-100-percent-clean-energy.html\">Washington becomes fifth state in the US to aim for 100 percent clean energy<\/a>, Renewable Energy World, 8 May 2019<\/span><\/p>\n<p><span style=\"font-size: 12px;\"><a href=\"#_ftnref5\" name=\"_ftn5\">[5]<\/a> <a href=\"https:\/\/technology.ihs.com\/612579\/global-solar-pv-market-returns-to-double-digit-growth-in-2019-ihs-markit-says\">Global Solar PV Market Returns to Double-Digit Growth in 2019, IHS Markit Says<\/a>, IHS Markit, 4 April 2019<\/span><\/p>\n<p><span style=\"font-size: 12px;\"><a href=\"#_ftnref6\" name=\"_ftn6\">[6]<\/a> <a href=\"http:\/\/www.jpea.gr.jp\/profile\/greeting\/index.html\">Message from the Chairman<\/a>, Japan Photovoltaic Energy Association, accessed May 2019<\/span><\/p>\n<p><span style=\"font-size: 12px;\"><a href=\"#_ftnref7\" name=\"_ftn7\">[7]<\/a> <a href=\"https:\/\/www.terrapinn.com\/exhibition\/solar-show-mena\/index.stm\">The Solar Show MENA 2020<\/a>, accessed May 2019<\/span><\/p>\n<p><span style=\"font-size: 12px;\"><a href=\"#_ftnref8\" name=\"_ftn8\">[8]<\/a> <a href=\"https:\/\/edition.cnn.com\/style\/article\/mbr-solar-park-dubai-desert-intl\/index.html\">$13.6B record-breaking solar park rises from Dubai desert<\/a>, CNN, 25 April 2019<\/span><\/p>\n<p><span style=\"font-size: 12px;\"><a href=\"#_ftnref9\" name=\"_ftn9\">[9]<\/a> <a href=\"https:\/\/oxfordbusinessgroup.com\/news\/plan-turn-saudi-arabia-renewable-energy-leader\">The plan to turn Saudi Arabia into a renewable energy leader<\/a>, Oxford Business Group, 26 April 2019<\/span><\/p>\n<p><span style=\"font-size: 12px;\"><a href=\"#_ftnref10\" name=\"_ftn10\">[10]<\/a> <a href=\"https:\/\/oxfordbusinessgroup.com\/news\/plan-turn-saudi-arabia-renewable-energy-leader\">The plan to turn Saudi Arabia into a renewable energy leader<\/a>, Oxford Business Group, 26 April 2019<\/span><\/p>\n<p><span style=\"font-size: 12px;\"><a href=\"#_ftnref11\" name=\"_ftn11\">[11]<\/a> <a href=\"https:\/\/www.irena.org\/publications\/2019\/Apr\/Global-energy-transformation-A-roadmap-to-2050-2019Edition\">Global energy transformation: A roadmap to 2050 (2019 edition)<\/a>, International Renewable Energy Agency, April 2019<\/span><\/p>\n<p><span style=\"font-size: 12px;\"><a href=\"#_ftnref12\" name=\"_ftn12\">[12]<\/a> <a href=\"https:\/\/www.irena.org\/publications\/2019\/Apr\/Global-energy-transformation-A-roadmap-to-2050-2019Edition\">Global energy transformation: A roadmap to 2050 (2019 edition)<\/a>, International Renewable Energy Agency, April 2019<\/span><\/p>\n<p><span style=\"font-size: 12px;\"><a href=\"#_ftnref13\" name=\"_ftn13\">[13]<\/a> <a href=\"https:\/\/www.irena.org\/publications\/2019\/Apr\/Global-energy-transformation-A-roadmap-to-2050-2019Edition\">Global energy transformation: A roadmap to 2050 (2019 edition)<\/a>, International Renewable Energy Agency, April 2019<\/span><\/p>\n<p><span style=\"font-size: 12px;\"><a href=\"#_ftnref14\" name=\"_ftn14\">[14]<\/a> <a href=\"https:\/\/cdn.ihs.com\/www\/pdf\/0519\/IHS-Markit-Energy-Storage-infographic_0519.pdf\">Energy Storage Infographic<\/a>, IHS Markit, accessed May 2019<\/span><\/p>\n<p><span style=\"font-size: 12px;\"><a href=\"#_ftnref15\" name=\"_ftn15\">[15]<\/a> <a href=\"https:\/\/assets.kpmg.com\/content\/dam\/kpmg\/hu\/pdf\/hu-electricity-storage-insight-2016.pdf\">Electricity Storage Insight<\/a>, KPMG, 2016<\/span><\/p>\n<p><span style=\"font-size: 12px;\"><a href=\"#_ftnref16\" name=\"_ftn16\">[16]<\/a> Source: New Energy Outlook, BNEF 2018<\/span><\/p>\n<p><span style=\"font-size: 12px;\"><a href=\"#_ftnref17\" name=\"_ftn17\">[17]<\/a> <a href=\"https:\/\/tech.nikkeibp.co.jp\/dm\/atclen\/news_en\/15mk\/090601567\/?ST=msbe\">Japan\u2019s Largest-scale Battery-equipped Solar Plant to Be Built in Hokkaido<\/a>, Solar Power Plant Business, 6 September 2017<\/span><\/p>\n","protected":false},"author":18,"featured_media":38283,"template":"","tags":[],"acf":[],"yoast_head":"<!-- This site is optimized with the Yoast SEO plugin v21.5 - https:\/\/yoast.com\/wordpress\/plugins\/seo\/ -->\n<title>Daha Temiz, Daha Ye\u015fil Bir Gelecek \u0130\u00e7in Haz\u0131rl\u0131k | Abdul Latif Jameel\u00ae<\/title>\n<meta name=\"description\" content=\"Gelecek 30 y\u0131l i\u00e7inde d\u00fcnyan\u0131n enerji karmas\u0131n\u0131n nas\u0131l de\u011fi\u015fece\u011fini ve artan enerji talebini kar\u015f\u0131lamada en b\u00fcy\u00fck etkiye sahip olan hangi yeni teknolojilerin ortaya \u00e7\u0131kaca\u011f\u0131n\u0131 biliyor musunuz?\" \/>\n<meta name=\"robots\" content=\"index, follow, max-snippet:-1, max-image-preview:large, max-video-preview:-1\" \/>\n<link rel=\"canonical\" href=\"https:\/\/alj.com\/tr\/perspective\/preparing-for-a-cleaner-greener-future\/\" \/>\n<meta property=\"og:locale\" content=\"tr_TR\" \/>\n<meta property=\"og:type\" content=\"article\" \/>\n<meta property=\"og:title\" content=\"Daha Temiz, Daha Ye\u015fil Bir Gelecek \u0130\u00e7in Haz\u0131rl\u0131k | Abdul Latif Jameel\u00ae\" \/>\n<meta property=\"og:description\" content=\"Gelecek 30 y\u0131l i\u00e7inde d\u00fcnyan\u0131n enerji karmas\u0131n\u0131n nas\u0131l de\u011fi\u015fece\u011fini ve artan enerji talebini kar\u015f\u0131lamada en b\u00fcy\u00fck etkiye sahip olan hangi yeni teknolojilerin ortaya \u00e7\u0131kaca\u011f\u0131n\u0131 biliyor musunuz?\" \/>\n<meta property=\"og:url\" content=\"https:\/\/alj.com\/tr\/perspective\/preparing-for-a-cleaner-greener-future\/\" \/>\n<meta property=\"og:site_name\" content=\"Abdul Latif Jameel\" \/>\n<meta property=\"article:publisher\" content=\"https:\/\/www.facebook.com\/Abdul.Latif.Jameel.Official\" \/>\n<meta property=\"article:modified_time\" content=\"2021-07-14T10:13:59+00:00\" \/>\n<meta property=\"og:image\" content=\"https:\/\/media.alj.com\/app\/uploads\/2019\/06\/The-Future-of-Energy-Hero.jpg\" \/>\n\t<meta property=\"og:image:width\" content=\"1200\" \/>\n\t<meta property=\"og:image:height\" content=\"799\" \/>\n\t<meta property=\"og:image:type\" content=\"image\/jpeg\" \/>\n<meta name=\"twitter:card\" content=\"summary_large_image\" \/>\n<meta name=\"twitter:label1\" content=\"Est. reading time\" \/>\n\t<meta name=\"twitter:data1\" content=\"9 minutes\" \/>\n<script type=\"application\/ld+json\" class=\"yoast-schema-graph\">{\"@context\":\"https:\/\/schema.org\",\"@graph\":[{\"@type\":\"WebPage\",\"@id\":\"https:\/\/alj.com\/tr\/perspective\/preparing-for-a-cleaner-greener-future\/\",\"url\":\"https:\/\/alj.com\/tr\/perspective\/preparing-for-a-cleaner-greener-future\/\",\"name\":\"Daha Temiz, Daha Ye\u015fil Bir Gelecek \u0130\u00e7in Haz\u0131rl\u0131k | Abdul Latif Jameel\u00ae\",\"isPartOf\":{\"@id\":\"https:\/\/alj.com\/en\/#website\"},\"datePublished\":\"2019-06-11T08:10:05+00:00\",\"dateModified\":\"2021-07-14T10:13:59+00:00\",\"description\":\"Gelecek 30 y\u0131l i\u00e7inde d\u00fcnyan\u0131n enerji karmas\u0131n\u0131n nas\u0131l de\u011fi\u015fece\u011fini ve artan enerji talebini kar\u015f\u0131lamada en b\u00fcy\u00fck etkiye sahip olan hangi yeni teknolojilerin ortaya \u00e7\u0131kaca\u011f\u0131n\u0131 biliyor musunuz?\",\"breadcrumb\":{\"@id\":\"https:\/\/alj.com\/tr\/perspective\/preparing-for-a-cleaner-greener-future\/#breadcrumb\"},\"inLanguage\":\"tr\",\"potentialAction\":[{\"@type\":\"ReadAction\",\"target\":[\"https:\/\/alj.com\/tr\/perspective\/preparing-for-a-cleaner-greener-future\/\"]}]},{\"@type\":\"BreadcrumbList\",\"@id\":\"https:\/\/alj.com\/tr\/perspective\/preparing-for-a-cleaner-greener-future\/#breadcrumb\",\"itemListElement\":[{\"@type\":\"ListItem\",\"position\":1,\"name\":\"Home\",\"item\":\"https:\/\/alj.com\/tr\/\"},{\"@type\":\"ListItem\",\"position\":2,\"name\":\"Perspectives\",\"item\":\"https:\/\/alj.com\/ja\/perspective\/\"},{\"@type\":\"ListItem\",\"position\":3,\"name\":\"Daha temiz, daha ye\u015fil bir gelecek i\u00e7in haz\u0131rl\u0131k\"}]},{\"@type\":\"WebSite\",\"@id\":\"https:\/\/alj.com\/en\/#website\",\"url\":\"https:\/\/alj.com\/en\/\",\"name\":\"Abdul Latif Jameel\",\"description\":\"Abdul Latif Jameel\",\"potentialAction\":[{\"@type\":\"SearchAction\",\"target\":{\"@type\":\"EntryPoint\",\"urlTemplate\":\"https:\/\/alj.com\/en\/?s={search_term_string}\"},\"query-input\":\"required name=search_term_string\"}],\"inLanguage\":\"tr\"}]}<\/script>\n<!-- \/ Yoast SEO plugin. -->","yoast_head_json":{"title":"Daha Temiz, Daha Ye\u015fil Bir Gelecek \u0130\u00e7in Haz\u0131rl\u0131k | Abdul Latif Jameel\u00ae","description":"Gelecek 30 y\u0131l i\u00e7inde d\u00fcnyan\u0131n enerji karmas\u0131n\u0131n nas\u0131l de\u011fi\u015fece\u011fini ve artan enerji talebini kar\u015f\u0131lamada en b\u00fcy\u00fck etkiye sahip olan hangi yeni teknolojilerin ortaya \u00e7\u0131kaca\u011f\u0131n\u0131 biliyor musunuz?","robots":{"index":"index","follow":"follow","max-snippet":"max-snippet:-1","max-image-preview":"max-image-preview:large","max-video-preview":"max-video-preview:-1"},"canonical":"https:\/\/alj.com\/tr\/perspective\/preparing-for-a-cleaner-greener-future\/","og_locale":"tr_TR","og_type":"article","og_title":"Daha Temiz, Daha Ye\u015fil Bir Gelecek \u0130\u00e7in Haz\u0131rl\u0131k | Abdul Latif Jameel\u00ae","og_description":"Gelecek 30 y\u0131l i\u00e7inde d\u00fcnyan\u0131n enerji karmas\u0131n\u0131n nas\u0131l de\u011fi\u015fece\u011fini ve artan enerji talebini kar\u015f\u0131lamada en b\u00fcy\u00fck etkiye sahip olan hangi yeni teknolojilerin ortaya \u00e7\u0131kaca\u011f\u0131n\u0131 biliyor musunuz?","og_url":"https:\/\/alj.com\/tr\/perspective\/preparing-for-a-cleaner-greener-future\/","og_site_name":"Abdul Latif Jameel","article_publisher":"https:\/\/www.facebook.com\/Abdul.Latif.Jameel.Official","article_modified_time":"2021-07-14T10:13:59+00:00","og_image":[{"width":1200,"height":799,"url":"https:\/\/media.alj.com\/app\/uploads\/2019\/06\/The-Future-of-Energy-Hero.jpg","type":"image\/jpeg"}],"twitter_card":"summary_large_image","twitter_misc":{"Est. reading time":"9 minutes"},"schema":{"@context":"https:\/\/schema.org","@graph":[{"@type":"WebPage","@id":"https:\/\/alj.com\/tr\/perspective\/preparing-for-a-cleaner-greener-future\/","url":"https:\/\/alj.com\/tr\/perspective\/preparing-for-a-cleaner-greener-future\/","name":"Daha Temiz, Daha Ye\u015fil Bir Gelecek \u0130\u00e7in Haz\u0131rl\u0131k | Abdul Latif Jameel\u00ae","isPartOf":{"@id":"https:\/\/alj.com\/en\/#website"},"datePublished":"2019-06-11T08:10:05+00:00","dateModified":"2021-07-14T10:13:59+00:00","description":"Gelecek 30 y\u0131l i\u00e7inde d\u00fcnyan\u0131n enerji karmas\u0131n\u0131n nas\u0131l de\u011fi\u015fece\u011fini ve artan enerji talebini kar\u015f\u0131lamada en b\u00fcy\u00fck etkiye sahip olan hangi yeni teknolojilerin ortaya \u00e7\u0131kaca\u011f\u0131n\u0131 biliyor musunuz?","breadcrumb":{"@id":"https:\/\/alj.com\/tr\/perspective\/preparing-for-a-cleaner-greener-future\/#breadcrumb"},"inLanguage":"tr","potentialAction":[{"@type":"ReadAction","target":["https:\/\/alj.com\/tr\/perspective\/preparing-for-a-cleaner-greener-future\/"]}]},{"@type":"BreadcrumbList","@id":"https:\/\/alj.com\/tr\/perspective\/preparing-for-a-cleaner-greener-future\/#breadcrumb","itemListElement":[{"@type":"ListItem","position":1,"name":"Home","item":"https:\/\/alj.com\/tr\/"},{"@type":"ListItem","position":2,"name":"Perspectives","item":"https:\/\/alj.com\/ja\/perspective\/"},{"@type":"ListItem","position":3,"name":"Daha temiz, daha ye\u015fil bir gelecek i\u00e7in haz\u0131rl\u0131k"}]},{"@type":"WebSite","@id":"https:\/\/alj.com\/en\/#website","url":"https:\/\/alj.com\/en\/","name":"Abdul Latif Jameel","description":"Abdul Latif Jameel","potentialAction":[{"@type":"SearchAction","target":{"@type":"EntryPoint","urlTemplate":"https:\/\/alj.com\/en\/?s={search_term_string}"},"query-input":"required name=search_term_string"}],"inLanguage":"tr"}]}},"post-meta-fields":{"_alp_processed":["1560256298"],"_wpml_word_count":["{\"total\":1857,\"to_translate\":{\"ar\":1857,\"zh-hans\":1857,\"fr\":1857,\"ja\":1857,\"es\":1857,\"tr\":1857}}"],"_oembed_95941045e9b689dd5f8a71c211b492e5":["{{unknown}}"],"_wpml_media_featured":["1"],"_wpml_media_duplicate":["1"],"_oembed_bbc7408b514401796336c085e9f5a1d0":["<iframe title=\"Mohammed bin Rashid Al Maktoum Solar Park, Phase 3\" width=\"640\" height=\"360\" src=\"https:\/\/www.youtube.com\/embed\/-YK7bxjFlf0?feature=oembed\" frameborder=\"0\" allow=\"accelerometer; autoplay; clipboard-write; encrypted-media; gyroscope; picture-in-picture\" allowfullscreen><\/iframe>"],"_oembed_time_bbc7408b514401796336c085e9f5a1d0":["1626257657"],"_oembed_b1dd9d92951b99172bf425d3379252a7":["<iframe title=\"Abdul Latif Jameel Energy to build Armenia&#039;s first large-scale solar PV plant (EN, 16:9)\" width=\"640\" height=\"360\" src=\"https:\/\/www.youtube.com\/embed\/p6z6_FU-_hI?feature=oembed\" frameborder=\"0\" allow=\"accelerometer; autoplay; clipboard-write; encrypted-media; gyroscope; picture-in-picture\" allowfullscreen><\/iframe>"],"_oembed_time_b1dd9d92951b99172bf425d3379252a7":["1626257657"],"perspective_short_title":["Daha temiz, daha ye\u015fil bir gelecek i\u00e7in haz\u0131rl\u0131k"],"perspective_summury":["<p>Gelecek 30 y\u0131l boyunca d\u00fcnyan\u0131n enerji kar\u0131\u015f\u0131m\u0131 nas\u0131l de\u011fi\u015fecek ve artan enerji talebini kar\u015f\u0131lamada en b\u00fcy\u00fck etkiye sahip olacak gibi hangi yeni teknolojilerin ortaya \u00e7\u0131kmas\u0131 bekleniyor?<\/p>\n"],"wpcf-featured-news":["0"],"is_latest_news":["0"],"wpcf-show-news-at-homepage":["1"],"push_notification":["no"],"_push_notification":["field_5c3b1fb67034d"],"publish_mobile":[""],"_publish_mobile":["field_5bfa8eb2e65cf"],"mobile_featured_image":["https:\/\/media.alj.com\/app\/uploads\/2019\/06\/The-Future-of-Energy-Hero.jpg"],"_mobile_featured_image":["field_5c3b204983dea"],"_wpcf-card-image-sort-order":["a:1:{i:0;i:1008531;}"],"_yoast_wpseo_content_score":["30"],"_last_translation_edit_mode":["native-editor"],"_thumbnail_id":["38283"],"perspective_location":["Dubai, Birle\u015fik Arap Emirlikleri"],"post_views_count_2019Sep":["38"],"post_views_count_2019Oct":["36"],"post_views_count_2019Nov":["19"],"_yoast_wpseo_title":["Daha Temiz, Daha Ye\u015fil Bir Gelecek \u0130\u00e7in Haz\u0131rl\u0131k | Abdul Latif Jameel\u00ae"],"_yoast_wpseo_metadesc":["Gelecek 30 y\u0131l i\u00e7inde d\u00fcnyan\u0131n enerji karmas\u0131n\u0131n nas\u0131l de\u011fi\u015fece\u011fini ve artan enerji talebini kar\u015f\u0131lamada en b\u00fcy\u00fck etkiye sahip olan hangi yeni teknolojilerin ortaya \u00e7\u0131kaca\u011f\u0131n\u0131 biliyor musunuz?"],"post_views_count_2019Dec":["23"],"post_views_count_2020Jan":["25"],"post_views_count_2020Feb":["20"],"post_views_count_2020Mar":["26"],"post_views_count_2020Apr":["32"],"_bsf_post_type":["0"],"_bsf_item_review_type":["none"],"post_views_count_2020May":["22"],"post_views_count_2020Jun":["25"],"post_views_count_2020Jul":["21"],"post_views_count_2020Aug":["16"],"post_views_count_2020Sep":["19"],"post_views_count_2020Oct":["17"],"post_views_count_2020Nov":["12"],"post_views_count_2020Dec":["15"],"post_views_count_2021Jan":["20"],"post_views_count_2021Feb":["19"],"post_views_count_2021Mar":["24"],"post_views_count_2021Apr":["22"],"post_views_count_2021May":["14"],"post_views_count_2021Jun":["3"],"post_views_count_2021Jul":["11"],"post_views_total_count":["11"],"perspective_business_sector":["Enerji ve \u00c7evre Hizmetleri","G\u00fcne\u015f Enerjisi \u00c7\u00f6z\u00fcmleri"],"wpcf-perspective-published-date":["1562112000"],"wpcf-card-image":[""],"_yoast_wpseo_estimated-reading-time-minutes":["9"]},"_links":{"self":[{"href":"https:\/\/alj.com\/tr\/wp-json\/wp\/v2\/perspective\/38307"}],"collection":[{"href":"https:\/\/alj.com\/tr\/wp-json\/wp\/v2\/perspective"}],"about":[{"href":"https:\/\/alj.com\/tr\/wp-json\/wp\/v2\/types\/perspective"}],"author":[{"embeddable":true,"href":"https:\/\/alj.com\/tr\/wp-json\/wp\/v2\/users\/18"}],"wp:featuredmedia":[{"embeddable":true,"href":"https:\/\/alj.com\/tr\/wp-json\/wp\/v2\/media\/38283"}],"wp:attachment":[{"href":"https:\/\/alj.com\/tr\/wp-json\/wp\/v2\/media?parent=38307"}],"wp:term":[{"taxonomy":"post_tag","embeddable":true,"href":"https:\/\/alj.com\/tr\/wp-json\/wp\/v2\/tags?post=38307"}],"curies":[{"name":"wp","href":"https:\/\/api.w.org\/{rel}","templated":true}]}}