{"id":42459,"date":"2019-07-22T13:09:49","date_gmt":"2019-07-22T13:09:49","guid":{"rendered":"http:\/\/www.alj.com\/perspective\/artistic-renaissance-redefining-our-global-presence\/"},"modified":"2020-05-27T06:35:46","modified_gmt":"2020-05-27T06:35:46","slug":"artistic-renaissance-redefining-our-global-presence","status":"publish","type":"perspective","link":"https:\/\/alj.com\/tr\/perspective\/artistic-renaissance-redefining-our-global-presence\/","title":{"rendered":"K\u00fcresel varl\u0131\u011f\u0131m\u0131z\u0131 yeniden tan\u0131mlayan sanatsal r\u00f6nesans"},"content":{"rendered":"<div class=\"p1-style\">\n<p>Orta Do\u011fu&#8217;da bir sanat\u00e7\u0131 ya da bir sanat merakl\u0131s\u0131 olmak i\u00e7in daha iyi bir zaman olmad\u0131. Modern bak\u0131\u015f a\u00e7\u0131lar\u0131yla birle\u015fmekten korkmayan, zengin bir k\u00fclt\u00fcrel ge\u00e7mi\u015fe sahip olan b\u00f6lge, d\u00fcnyay\u0131 daha \u00f6nce hi\u00e7 olmad\u0131\u011f\u0131 kadar kendine \u00e7ekiyor.<\/p>\n<p>D\u00fcnyan\u0131n en prestijli sanat kurumlar\u0131ndan baz\u0131lar\u0131n\u0131n \u00f6nerileri hem i\u015ftahta hem verimde ger\u00e7ekle\u015fen bu \u00e7arp\u0131c\u0131 y\u00fckseli\u015fe tan\u0131kl\u0131k ediyor; Orta Do\u011fu\u2019nun ister yurt i\u00e7inde isterse uluslararas\u0131 alanda yarat\u0131c\u0131 yetenekleri yeti\u015ftirme konusundaki itibar\u0131n\u0131 g\u00fc\u00e7lendirmeye yard\u0131mc\u0131 oluyor.<\/p>\n<p><img decoding=\"async\" loading=\"lazy\" class=\"size-full wp-image-42227 aligncenter\" src=\"https:\/\/www.alj.com\/app\/uploads\/2019\/07\/Louvre-AD.jpg\" alt=\"\" width=\"1024\" height=\"768\" srcset=\"https:\/\/media.alj.com\/app\/uploads\/2019\/07\/Louvre-AD.jpg 1024w, https:\/\/media.alj.com\/app\/uploads\/2019\/07\/Louvre-AD-150x113.jpg 150w, https:\/\/media.alj.com\/app\/uploads\/2019\/07\/Louvre-AD-300x225.jpg 300w, https:\/\/media.alj.com\/app\/uploads\/2019\/07\/Louvre-AD-768x576.jpg 768w\" sizes=\"(max-width: 1024px) 100vw, 1024px\" \/><\/p>\n<p>\u00d6rne\u011fin <a href=\"https:\/\/www.louvreabudhabi.ae\/\">Louvre Abu Dabi<\/a> 2017\u2019den beri BAE\u2019yi onurland\u0131r\u0131yor. 600 milyon avroluk kompleks Abu Dabi\u2019deki <a href=\"https:\/\/www.saadiyatculturaldistrict.ae\/\">Saadiyat K\u00fclt\u00fcr B\u00f6lgesi<\/a>\u2018nde 24.000 metrekarelik bir alan kapl\u0131yor ve as\u0131l ama\u00e7lar\u0131ndan birisi, yeni bir t\u00fcr, uluslar \u00f6tesi ve Do\u011fu ile Bat\u0131 aras\u0131nda ola\u011fan, varsay\u0131lan b\u00f6l\u00fcnmeleri engelleyen bir m\u00fcze deneyimi yaratmak.<\/p>\n<p>Kendisi yaln\u0131z de\u011fil.<\/p>\n<p>Saadiyat Adas\u0131\u2019n\u0131n planlar\u0131, Pritzker \u00f6d\u00fcll\u00fc mimar <a href=\"https:\/\/abudhabiculture.ae\/en\/experience\/museums\/guggenheim-abu-dhabi\">Frank Gehry<\/a> taraf\u0131ndan tasarlanan 30.000 metrekarelik bir kompleks olan <a href=\"https:\/\/www.foga.com\/\">Guggenheim Abu Dabi<\/a>\u2018yi de kaps\u0131yor. Guggenheim k\u00fcrat\u00f6rleriyle \u00e7al\u0131\u015fan Abu Dabi h\u00fck\u00fcmeti, gelece\u011fin bu geni\u015f m\u00fczesi i\u00e7in son on y\u0131ld\u0131r Orta Do\u011fu&#8217;dan ve d\u00fcnyan\u0131n d\u00f6rt bir yan\u0131ndan modern ve \u00e7a\u011fda\u015f sanat\u00e7\u0131lar\u0131n b\u00fcy\u00fck eserlerini topluyor.<\/p>\n<figure id=\"attachment_42234\" aria-describedby=\"caption-attachment-42234\" style=\"width: 1000px\" class=\"wp-caption aligncenter\"><img decoding=\"async\" loading=\"lazy\" class=\"wp-image-42234 size-full\" src=\"https:\/\/www.alj.com\/app\/uploads\/2019\/07\/Saadiyat-Island.jpg\" alt=\"\" width=\"1000\" height=\"604\" srcset=\"https:\/\/media.alj.com\/app\/uploads\/2019\/07\/Saadiyat-Island.jpg 1000w, https:\/\/media.alj.com\/app\/uploads\/2019\/07\/Saadiyat-Island-150x91.jpg 150w, https:\/\/media.alj.com\/app\/uploads\/2019\/07\/Saadiyat-Island-300x181.jpg 300w, https:\/\/media.alj.com\/app\/uploads\/2019\/07\/Saadiyat-Island-768x464.jpg 768w\" sizes=\"(max-width: 1000px) 100vw, 1000px\" \/><figcaption id=\"caption-attachment-42234\" class=\"wp-caption-text\"><span style=\"font-size: 10px;\">G\u00f6rsel \u00a9 izin Gehry Partners LLP<\/span><\/figcaption><\/figure>\n<p>B\u00f6lgenin di\u011fer k\u00fclt\u00fcrel olaylar\u0131 da geli\u015fen bir trendin par\u00e7as\u0131 olarak her y\u0131l \u00f6nem bak\u0131m\u0131ndan b\u00fcy\u00fcyor: Norve\u00e7li mimarlar Snohetta taraf\u0131ndan tasarlanan bir mega kompleks olan Suudi Arabistan\u2019\u0131n <a href=\"https:\/\/www.ithra.com\/en\">Tahran&#8217;daki Kral Abd\u00fclaziz K\u00fclt\u00fcr Merkezi<\/a>, m\u00fcze i\u00e7inde bir dizi m\u00fcze ve ayr\u0131ca k\u00fct\u00fcphaneler ve multimedya mekanlar\u0131 i\u00e7eriyor.<\/p>\n<blockquote>\n<p>Konu\u015fmac\u0131 ve Barjeel Vakf\u0131&#8217;n\u0131n Kurucusu Sultan Suood Al Qassemi, K\u00f6rfez Devletleri&#8217;nde sanat\u0131n y\u00fckselmesi hakk\u0131nda yorumda bulundu: <em>\u201cEski bir Arap deyi\u015fi, &#8216;Kahire yazar, Beyrut yay\u0131nlar ve Ba\u011fdat okur&#8217; diyor. \u015eam ile birlikte bu \u00fc\u00e7 ba\u015fkent uzun zamand\u0131r Arap d\u00fcnyas\u0131nda k\u00fclt\u00fcr ve e\u011fitim merkezleriydi. Ancak, son birka\u00e7 y\u0131lda, bu geleneksel Arap ba\u015fkentleri i\u00e7 \u00e7eki\u015fmelere daha fazla kar\u0131\u015fmaya ba\u015flad\u0131k\u00e7a, K\u00f6rfez&#8217;de yeni bir dizi \u015fehir ortaya \u00e7\u0131kmaya ve kendilerini Arap d\u00fcnyas\u0131n\u0131n yeni merkezleri olarak konumland\u0131rmaya ba\u015flad\u0131.\u201d<\/em> [1]<\/p>\n<\/blockquote>\n<p>Geleneksel sanatlar\u0131n \u00f6tesinde, daha geni\u015f k\u00fclt\u00fcrel tuval de yeniden harekete ge\u00e7ti. 2000&#8217;li y\u0131llar\u0131n ba\u015f\u0131ndan itibaren, BAE\u2019de ve K\u00f6rfez&#8217;de bir dizi film festivali Arap sinemas\u0131n\u0131 g\u00f6sterdi, g\u00fc\u00e7lendirdi ve sergiledi. Yak\u0131n zamana kadar <a href=\"https:\/\/dubaifilmfest.com\/\">Dubai Uluslararas\u0131 Film Festivali<\/a> bu alana \u00f6nderlik etti; kendisi halihaz\u0131rda bekleme durumunda ancak ge\u00e7en ay Suudi Arabistan 2020 bahar\u0131nda Cidde&#8217;de ilk \u00e7\u0131k\u0131\u015f\u0131n\u0131 yapacak olan K\u0131z\u0131ldeniz festivalini duyurdu. Kentlerin en k\u00fclt\u00fcreli olan Sharjah, 1993\u2019ten bu yana sanat bienalini ger\u00e7ekle\u015ftiriyor ve ge\u00e7enlerde b\u00f6lgesel ve k\u00fcresel edebiyat sahnesini g\u00fc\u00e7lendirerek D\u00fcnya Kitap Ba\u015fkenti 2019 \u00f6d\u00fcl\u00fcn\u00fc kazand\u0131.<\/p>\n<p>\u00d6nemli fig\u00fcrler, sanat\u0131n daha fazla takdir edilmesini te\u015fvik eden d\u00fcnya standartlar\u0131nda sergi olanaklar\u0131yla k\u00fcresel itibar olu\u015fturdu.<\/p>\n<p><a href=\"https:\/\/www.ahmedmater.com\/\">Ahmed Mater<\/a> herhalde Suudi Arabistan&#8217;\u0131n en \u00f6nde gelen sanat\u00e7\u0131s\u0131d\u0131r. Sanat\u00e7\u0131n\u0131n foto\u011fraf\u00e7\u0131l\u0131k, hat sanat\u0131, resim, enstalasyon, performans ve video gibi \u00e7e\u015fitli \u00e7al\u0131\u015fma alanlar\u0131 var. Ayr\u0131ca, h\u00fck\u00fcmete sanat sekt\u00f6r\u00fcn\u00fc b\u00fcy\u00fctme konusundaki geni\u015f planlar\u0131 hakk\u0131nda tavsiyelerde bulunan idari bir g\u00f6rev \u00fcstleniyor.<\/p>\n<p>Mater&#8217;in hem\u015ferisi <a href=\"https:\/\/www.widewalls.ch\/auctions\/abdulnasser-gharem\/\">Abdulnasser Gharem<\/a>, <em>Ulak\/Mesaj<\/em> heykeli 2011&#8217;de Dubai&#8217;deki bir a\u00e7\u0131k art\u0131rmada 842.500 ABD Dolar\u0131na sat\u0131ld\u0131\u011f\u0131nda ticari \u00fcn kazand\u0131. O zamandan beri, yeni nesil sanat\u00e7\u0131lar\u0131 beslemeye yard\u0131mc\u0131 olan Krall\u0131k&#8217;ta sanat e\u011fitiminin ate\u015fleyicisi olarak tan\u0131nd\u0131. Art Jameel, ge\u00e7en Kas\u0131m ay\u0131nda Dubai&#8217;de ilk merkezini a\u00e7t\u0131\u011f\u0131nda, program ekibi b\u00f6lgedeki ve d\u00fcnyadaki kad\u0131n sanat\u00e7\u0131lar\u0131n baz\u0131 sergilerine odaklanmay\u0131 se\u00e7ti. Jameel Sanat Merkezi&#8217;nin ki\u015fisel g\u00f6sterilerinden birinde yer alan Suudi \u00f6nc\u00fcs\u00fc Maha Malluh, di\u011fer g\u00fcnl\u00fck malzemeler aras\u0131nda pi\u015firme kaplar\u0131, kaset bantlar\u0131, ekmek yo\u011furma tepsileri ve chinco tabaklar\u0131ndan yap\u0131lan cesur, an\u0131tsal enstalasyonlar\u0131 i\u00e7in \u00f6vg\u00fcler kazand\u0131.<\/p>\n<p>Kuveytli film yap\u0131mc\u0131s\u0131 Monira Al Qadiri, \u00dcrd\u00fcnl\u00fc ses sanat\u00e7\u0131s\u0131 Lawrence Abu Hamdan, Suudi yazar Raja&#8217;a Alem (2005&#8217;te Arap Kad\u0131nlar Yarat\u0131c\u0131 Yazma \u00d6d\u00fcl\u00fc sahibi [2]) ve Kuveytli yazar Saud Alsanousi (roman\u0131 olan The Bamboo Stalk, 2013 y\u0131l\u0131nda IPAF \u00f6d\u00fcl\u00fc kazand\u0131 [3]) de yeni bir \u00e7\u0131\u011f\u0131r a\u00e7makta ve k\u00fclt\u00fcrel kaleydoskopa katk\u0131lar\u0131ndan dolay\u0131 k\u00fcresel tan\u0131n\u0131rl\u0131k kazanmaktad\u0131rlar.<\/p>\n<p>Bunlar\u0131n hepsi, gelecekte uzun zaman boyunca Orta Do\u011fu\u2019da ve \u00f6tesinde kalplere ve zihinlere ilham verecek bir kurgunun ve daha geni\u015f bir yarat\u0131c\u0131 y\u00f6r\u00fcngenin g\u00f6r\u00fcnt\u00fcs\u00fcd\u00fcr.<\/p>\n<h2>Yarat\u0131c\u0131l\u0131\u011f\u0131 g\u00fc\u00e7lendirmek, s\u0131n\u0131rlar\u0131 y\u0131kmak<\/h2>\n<p>Uluslararas\u0131 izleyiciler, daha \u00f6nce hi\u00e7 olmad\u0131\u011f\u0131 \u015fekilde yava\u015f yava\u015f Ortado\u011fu yarat\u0131c\u0131 gelene\u011finin ve yetene\u011finin derinli\u011fi ve geni\u015fli\u011finin fark\u0131na var\u0131yor. Bu arada, g\u00f6rsel sanat\u00e7\u0131lar, tasar\u0131mc\u0131lar, yazarlar, film yap\u0131mc\u0131lar\u0131 ve mimarlar, hem yerel hem de k\u00fcresel olarak b\u00f6lgenin alg\u0131lar\u0131n\u0131 yeniden tan\u0131ml\u0131yor. Jameel ailesi, i\u015f yaratma, e\u011fitim ve sosyal refah\u0131n yan\u0131 s\u0131ra \u00fc\u00e7 ku\u015fakt\u0131r k\u00fclt\u00fcr ve yarat\u0131c\u0131l\u0131\u011f\u0131 destekleyen gururlu bir gelene\u011fe sahip. Art Jameel, 2003&#8217;ten bu yana yarat\u0131c\u0131l\u0131\u011f\u0131 geli\u015ftirme hareketinin bir par\u00e7as\u0131; bug\u00fcn hem k\u00fcresel hem yerel izleyicilerin Orta Do\u011fu sanat\u00e7\u0131lar\u0131n\u0131n eserlerinin tad\u0131n\u0131 \u00e7\u0131kard\u0131\u011f\u0131n\u0131 ve buna kar\u015f\u0131l\u0131k bu karma\u015f\u0131k, farkl\u0131 ve zengin tarihsel b\u00f6lge hakk\u0131nda daha derin bir anlay\u0131\u015f kazand\u0131\u011f\u0131n\u0131 g\u00f6r\u00fcyoruz.<\/p>\n<p><img decoding=\"async\" loading=\"lazy\" class=\"alignleft wp-image-42247 size-medium\" src=\"https:\/\/www.alj.com\/app\/uploads\/2019\/07\/Art-Jameel-300x117.png\" alt=\"\" width=\"300\" height=\"117\" srcset=\"https:\/\/media.alj.com\/app\/uploads\/2019\/07\/Art-Jameel-300x117.png 300w, https:\/\/media.alj.com\/app\/uploads\/2019\/07\/Art-Jameel-150x58.png 150w, https:\/\/media.alj.com\/app\/uploads\/2019\/07\/Art-Jameel.png 609w\" sizes=\"(max-width: 300px) 100vw, 300px\" \/>Jameel ailesi taraf\u0131ndan kurulan <a href=\"https:\/\/artjameel.org\/\">Art Jameel<\/a><u>, <\/u>Jameel Sanat Merkezi, Dubai ve yak\u0131nda tamamlanacak olan Hayy dahil, kurumlar\u0131 arac\u0131l\u0131\u011f\u0131yla k\u00fclt\u00fcr ve yarat\u0131c\u0131l\u0131\u011f\u0131 destekliyor: Cidde\u2019deki Yarat\u0131c\u0131 Merkez. Organizasyonun \u00e7al\u0131\u015fmalar\u0131 sanat sergileri ve komisyonlar, miras enstit\u00fcleri ve koruma ve, hepsi de a\u00e7\u0131k, ba\u011flant\u0131l\u0131 topluluklar\u0131 geli\u015ftirmek i\u00e7in yarat\u0131c\u0131l\u0131\u011f\u0131n g\u00fcc\u00fcnden faydalanmay\u0131 ama\u00e7layan bir dizi e\u011fitim faaliyetini i\u00e7eriyor.<\/p>\n<p>Ge\u00e7mi\u015fleri ve ya\u015flar\u0131 ne olursa olsun t\u00fcm insanlar\u0131n tutkusunu \u00e7ekmek, bunun ayr\u0131lmaz bir par\u00e7as\u0131.<\/p>\n<p>2016&#8217;dan beri Art Jameel&#8217;in y\u00f6netmeni olan <a href=\"https:\/\/www.alj.com\/tr\/our-people\/antonia-carver\/\">Antonia Carver<\/a>, <em>\u201cdaha k\u00f6kl\u00fc nesille birlikte kendi ger\u00e7ekliklerini yans\u0131tan ve kendi deneyimlerine sad\u0131k olan \u00e7al\u0131\u015fmalar yapmak i\u00e7in daha fazla alana sahip olan gen\u00e7lerin sanata yakla\u015ft\u0131\u011f\u0131na\u201d <\/em>dikkat \u00e7ekiyor. [4]<\/p>\n<p><img decoding=\"async\" loading=\"lazy\" class=\"size-full wp-image-42248 aligncenter\" src=\"https:\/\/www.alj.com\/app\/uploads\/2019\/07\/Jameel-Arts-Centre-2.jpg\" alt=\"\" width=\"1100\" height=\"500\" srcset=\"https:\/\/media.alj.com\/app\/uploads\/2019\/07\/Jameel-Arts-Centre-2.jpg 1100w, https:\/\/media.alj.com\/app\/uploads\/2019\/07\/Jameel-Arts-Centre-2-150x68.jpg 150w, https:\/\/media.alj.com\/app\/uploads\/2019\/07\/Jameel-Arts-Centre-2-300x136.jpg 300w, https:\/\/media.alj.com\/app\/uploads\/2019\/07\/Jameel-Arts-Centre-2-768x349.jpg 768w, https:\/\/media.alj.com\/app\/uploads\/2019\/07\/Jameel-Arts-Centre-2-1024x465.jpg 1024w\" sizes=\"(max-width: 1100px) 100vw, 1100px\" \/><\/p>\n<p>Art Jameel g\u00fcnden g\u00fcne ve projeden projeye yenilik ve yat\u0131r\u0131m yapmaya devam ediyor. En \u00f6nemli giri\u015fimlerinden birisi olan <a href=\"http:\/\/www.jameelartscentre.org\/\">Jameel Sanat Merkezi<\/a>, Jaddaf Waterfront Dubai\u2019de Kas\u0131m 2018&#8217;de a\u00e7\u0131ld\u0131. Amac\u0131, \u00e7a\u011fda\u015f sanat\u0131 halka g\u00f6stermek ve \u00f6\u011frenme, ara\u015ft\u0131rma ve komisyonlar yoluyla daha geni\u015f kat\u0131l\u0131mlar\u0131 te\u015fvik etmek.<\/p>\n<p><img decoding=\"async\" loading=\"lazy\" class=\"aligncenter wp-image-42255\" src=\"https:\/\/www.alj.com\/app\/uploads\/2019\/07\/Hayy-Creative-Hub-1024x475.jpg\" alt=\"\" width=\"1100\" height=\"511\" srcset=\"https:\/\/media.alj.com\/app\/uploads\/2019\/07\/Hayy-Creative-Hub-1024x475.jpg 1024w, https:\/\/media.alj.com\/app\/uploads\/2019\/07\/Hayy-Creative-Hub-150x70.jpg 150w, https:\/\/media.alj.com\/app\/uploads\/2019\/07\/Hayy-Creative-Hub-300x139.jpg 300w, https:\/\/media.alj.com\/app\/uploads\/2019\/07\/Hayy-Creative-Hub-768x357.jpg 768w, https:\/\/media.alj.com\/app\/uploads\/2019\/07\/Hayy-Creative-Hub.jpg 1400w\" sizes=\"(max-width: 1100px) 100vw, 1100px\" \/><\/p>\n<p>\u0130leriye bakarak, d\u00f6n\u00fcm noktas\u0131 olan <a href=\"https:\/\/artjameel.org\/centres\/hayy-jeddah\/\">Hayy Yarat\u0131c\u0131 Merkez<\/a>, Suudi Arabistan Cidde&#8217;deki yarat\u0131c\u0131 end\u00fcstriler i\u00e7in odak noktas\u0131 olarak 2020&#8217;de a\u00e7\u0131lacak. 17.000 metrekarelik merkezde sanat ve tasar\u0131m galerileri, ba\u011f\u0131ms\u0131z bir sinema, performans ve etkinlik alanlar\u0131, sanat\u00e7\u0131lar\u0131n st\u00fcdyolar\u0131, ortak \u00e7al\u0131\u015fma alanlar\u0131 ve kafeler yer alacak. Bu isim nereden geliyor? Arap\u00e7a &#8216;mahalle&#8217; anlam\u0131na gelen Hayy, kompleksin herkes i\u00e7in sanat \u015feklindeki toplum-odakl\u0131 sanat mantras\u0131 yans\u0131tmaktad\u0131r.<\/p>\n<p>Collaboration is at the heart of art, and is thus reflected in Art Jameel\u2019s international ethos, where creativity is embraced as a tool for breaking down borders. \u00a0As such, major partnerships have been forged to further Art Jameel\u2019s goals, including with <a href=\"https:\/\/artjameel.org\/collaboration\/the-met\/\">the Metropolitan Museum of Art<\/a> in New York, the <a href=\"https:\/\/artjameel.org\/collaboration\/princes-school\/\">Prince\u2019s Foundation School of Traditional Arts<\/a>, Delfina Foundation, and <a href=\"https:\/\/artjameel.org\/collaboration\/v-and-a\/\">the Victoria &amp; Albert Museum<\/a> (V&amp;A), all in London.<\/p>\n<p>Commenting on the <a href=\"http:\/\/www.jameelartscentre.org\/\">Jameel Arts Centre<\/a> and Hayy: Creative Hub, Antonia Carver explained they intended to attract a broad spectrum of visitors, both residents and tourists, adding:<\/p>\n<blockquote>\n<p><em>\u201cWe\u2019re aiming for the two centers to be critically aware and put on the kinds of exhibitions that dialogue with our international counterparts, while appealing to a wide public. \u00a0In the UAE, that public is fantastically diverse and generally interested in discursive work that raises debate.\u201d<\/em> [5]<\/p>\n<\/blockquote>\n<p>\u0130\u015fbirli\u011fi sanat\u0131n merkezindedir ve s\u0131n\u0131rlar\u0131 y\u0131kmak i\u00e7in yarat\u0131c\u0131l\u0131\u011f\u0131n bir ara\u00e7 olarak benimsendi\u011fi Art Jameel&#8217;in uluslararas\u0131 ahlak\u0131nda yans\u0131maktad\u0131r. Bu nedenle, Art Jameel&#8217;in hedeflerini daha da ileri g\u00f6t\u00fcrmek i\u00e7in New York\u2019ta bulunan <a href=\"https:\/\/artjameel.org\/collaboration\/the-met\/\">Metropolitan Sanat M\u00fczesi<\/a> ve hepsi Londra\u2019da bulunan <a href=\"https:\/\/artjameel.org\/collaboration\/princes-school\/\">Prince\u2019s Foundation Geleneksel Sanatlar Okulu<\/a>, Delfina Vakf\u0131 ve <a href=\"https:\/\/artjameel.org\/collaboration\/v-and-a\/\">Victoria ve Albert M\u00fczesi\u2019ni<\/a> (V&amp;A) ile dahil olmak \u00fczere b\u00fcy\u00fck ortakl\u0131klar olu\u015fturulmu\u015ftur.<\/p>\n<p><a href=\"http:\/\/www.jameelartscentre.org\/\">Jameel Sanat Merkezi<\/a> ve Hayy: Yarat\u0131c\u0131 Merkez hakk\u0131nda yorum yapan Antonia Carver, hem sakinleri hem de turistleri i\u00e7eren geni\u015f bir yelpazede ziyaret\u00e7i \u00e7ekmeyi ama\u00e7lad\u0131klar\u0131n\u0131 s\u00f6yleyerek \u015funlar\u0131 ekledi: <em>\u201c\u0130ki merkezin uluslararas\u0131 meslekta\u015flar\u0131m\u0131zla diyalo\u011fun ele\u015ftirel \u015fekilde fark\u0131nda olmas\u0131n\u0131 ve geni\u015f kitlelere hitap ederken bu sergi t\u00fcrlerini sergilemesini ama\u00e7l\u0131yoruz. BAE\u2019de bu kamuoyu fevkalade bir \u00e7e\u015fitlili\u011fe sahip ve genel olarak tart\u0131\u015fmay\u0131 art\u0131ran s\u00f6ylemsel \u00e7al\u0131\u015fmalarla ilgileniyor. \u201d<\/em> [5]<\/p>\n<h2>Sanatsal patronaj\u0131n \u00f6d\u00fcll\u00fc bir \u00f6rne\u011fi<\/h2>\n<p><a href=\"http:\/\/www.jameelartscentre.org\/\">Jameel Sanat Merkezi<\/a> ve <a href=\"https:\/\/artjameel.org\/centres\/hayy-jeddah\/\">Hayy: Yarat\u0131c\u0131 Merkez<\/a> yaln\u0131zca <a href=\"https:\/\/www.communityjameel.org\/\">Jameel Toplumu\u2019nun<\/a> par\u00e7as\u0131 olarak 2003&#8217;te kurulan Art Jameel&#8217;in ba\u015far\u0131 \u00f6yk\u00fcs\u00fcndeki en son b\u00f6l\u00fcm\u00fc. Art Jameel Orta Do\u011fu, Kuzey Afrika ve T\u00fcrkiye\u2019de ve \u00f6tesinde \u00e7a\u011fda\u015f sanat, k\u00fclt\u00fcr miras\u0131n\u0131n korunmas\u0131 ve yarat\u0131c\u0131 giri\u015fimcilik i\u00e7in destek sa\u011flamaktad\u0131r.<\/p>\n<p>Art Jameel&#8217;in misyonunun temel bir dire\u011fi, b\u00f6lgedeki yeni ve \u00e7\u0131\u011f\u0131r a\u00e7an sanat\u00e7\u0131lar\u0131 destekliyor. Bu y\u00fczden Art Jameel, <a href=\"https:\/\/www.vam.ac.uk\/\">Victoria ve Albert M\u00fczesi<\/a> ile ortakl\u0131k i\u00e7inde 2009 y\u0131l\u0131nda \u0130slam gelene\u011finden esinlenerek \u00e7a\u011fda\u015f sanat, mimari ve tasar\u0131m alanlar\u0131nda <a href=\"https:\/\/artjameel.org\/projects\/jameel-prize\/\">Jameel Prize<\/a> bienalini olu\u015fturdu.<\/p>\n<p>V&amp;A, bu prestijli \u00f6d\u00fcl\u00fcn <em>\u201c\u0130slam k\u00fclt\u00fcr\u00fc ve g\u00fcn\u00fcm\u00fczdeki rol\u00fc hakk\u0131nda daha geni\u015f tart\u0131\u015fmalar\u0131n bir par\u00e7as\u0131 olarak \u0130slam sanat, el sanatlar\u0131 ve tasar\u0131m gelenekleri ile \u00e7a\u011fda\u015f eser aras\u0131ndaki ili\u015fkiyi ara\u015ft\u0131rmay\u0131\u201d <\/em>hedeflendi\u011fini a\u00e7\u0131kl\u0131yor.[6]<\/p>\n<p>\u0130lk kez 2009 y\u0131l\u0131nda verilen, her etnik, dini veya k\u00fclt\u00fcrel k\u00f6kenden gelen sanat\u00e7\u0131lara ve tasar\u0131mc\u0131lara a\u00e7\u0131k olan 25.000 \u0130ngiliz Sterlini de\u011ferindeki yar\u0131\u015fma, spot \u0131\u015f\u0131\u011f\u0131n\u0131n ortaya \u00e7\u0131kmakta olan yeteneklere y\u00f6nelmesine yard\u0131mc\u0131 oldu. \u0130lk \u00f6d\u00fcl\u00fc, \u0130ran\u2019da do\u011fan Afruz Amighi, m\u00fclteci \u00e7ad\u0131rlar\u0131nda kullan\u0131lan t\u00fcr g\u00f6zenekli plastik levhalar \u00fczerine stensil yak\u0131c\u0131lar ile yarat\u0131lan bir <em>g\u00f6lge \u00e7al\u0131\u015fmas\u0131<\/em> olan \u20181.001 Sayfa\u2019 ile kazand\u0131. Amighi&#8217;nin eserleri \u015fimdi d\u00fcnya \u00e7ap\u0131nda sergileniyor ve Amighi, 2011&#8217;de New York Heykelt\u0131ra\u015fl\u0131kta Sanat Bursu Vakf\u0131 \u00f6d\u00fcl\u00fcn\u00fc ald\u0131.<\/p>\n<p>\u0130ki y\u0131l sonra Cezayirli <a href=\"http:\/\/rachidkoraichi.com\/\">Rachid Kora\u00efchi<\/a> 14 b\u00fcy\u00fck \u0130slam misti\u011finin hayat\u0131n\u0131 ke\u015ffetmek i\u00e7in \u00e7e\u015fitli dillerden semboller ve \u015fifreler kulland\u0131\u011f\u0131 i\u015flemeli bez afi\u015fleri &#8216;Les Maitres Invisibles&#8217; i\u00e7in Jameel Prize ald\u0131. En son eseri olan, D\u00fcnya ile bir ya\u015fam kayna\u011f\u0131 olarak ba\u011flant\u0131lar\u0131m\u0131z\u0131 inceleyen mavi ve beyaz tuvallerden olu\u015fan bir koleksiyon olan &#8216;Les Maitres du temps&#8217;, Londra&#8217;daki Ekim Galerisinde hayran kalabal\u0131\u011f\u0131 \u00e7ekmeyi ba\u015fard\u0131.<\/p>\n<p>2013 y\u0131l\u0131nda ise s\u0131rada, \u0130stanbul&#8217;un mimari ve sanatsal miras\u0131n\u0131 and\u0131ran bir giyim koleksiyonu olan \u201c\u0130stanbul Kontrast\u0131\u201d ile T\u00fcrk moda markas\u0131 Dice Kayek (k\u0131z karde\u015fler Ece ve Ay\u015fe Ege) vard\u0131. Dice Kayek&#8217;in d\u00fcnyan\u0131n moda ba\u015fkenti Paris&#8217;te art\u0131k kendi moda ma\u011fazas\u0131 var.<\/p>\n<p><img decoding=\"async\" loading=\"lazy\" class=\"alignleft size-full wp-image-42269\" src=\"https:\/\/www.alj.com\/app\/uploads\/2019\/07\/Ghulam-Mohammad.jpg\" alt=\"\" width=\"375\" height=\"208\" srcset=\"https:\/\/media.alj.com\/app\/uploads\/2019\/07\/Ghulam-Mohammad.jpg 375w, https:\/\/media.alj.com\/app\/uploads\/2019\/07\/Ghulam-Mohammad-150x83.jpg 150w, https:\/\/media.alj.com\/app\/uploads\/2019\/07\/Ghulam-Mohammad-300x166.jpg 300w, https:\/\/media.alj.com\/app\/uploads\/2019\/07\/Ghulam-Mohammad-226x126.jpg 226w\" sizes=\"(max-width: 375px) 100vw, 375px\" \/>Pakistan\u2019l\u0131 Ghulam Mohammad 2016 y\u0131l\u0131nda, d\u00f6rt isimsiz ve birisi \u2018Gunjaan\u2019 olarak bilinen be\u015f ka\u011f\u0131t kolaj i\u00e7in \u00f6d\u00fcl ald\u0131.<\/p>\n<p>Uluslararas\u0131 Jameel Toplulu\u011fu Ba\u015fkan\u0131 ve Art Jameel Ba\u015fkan\u0131 Fady M. Jameel, eserlerine ikinci el kitaplar\u0131 dahil ederek, <em>\u201cMohammad&#8217;in Wasli ka\u011f\u0131d\u0131na yap\u0131\u015ft\u0131r\u0131lan Urduca metninin karma\u015f\u0131k ka\u011f\u0131t kesimli kolajlar\u0131n\u0131n yeni anlamlar yaratt\u0131\u011f\u0131n\u0131 ve \u0130slam sanat\u0131n\u0131n, sanat\u0131n ve tasar\u0131m\u0131n b\u00fcy\u00fck miras\u0131n\u0131 kutlad\u0131\u011f\u0131n\u0131\u201d<\/em> belirtti. [7]<\/p>\n<p><a href=\"https:\/\/artjameel.org\/event\/jameel-prize-5-exhibition-at-the-va\/\">Jameel Prize<\/a> taraf\u0131ndan en son onurland\u0131r\u0131lan yetenekler 2018\u2019in ortak kazananlar\u0131 olan Irakl\u0131 sanat\u00e7\u0131 Mehdi Moutashar ve Banglade\u015fli mimar Marina Tabassum oldu. Mehdi, \u0130slami geometriye dayanan minimalist soyutlama \u00e7al\u0131\u015fmalar\u0131 nedeniyle \u00f6d\u00fcllendirildi; Marina ise vizyon sahibi Bait ur Rouf camisi i\u00e7in. Onlar\u0131n \u00e7al\u0131\u015fmalar\u0131, 2018 y\u0131l\u0131nda, K\u00fclt\u00fcr ve Bilgi Bakan\u0131 Ekselanslar\u0131 Noura bint Mohammed Al Kaabi ve <a href=\"https:\/\/www.vam.ac.uk\/\">Victoria ve Albert M\u00fczesi<\/a> (V&amp;A) Y\u00f6netim Kurulu Ba\u015fkan\u0131 Nicholas Coleridge CBE huzurunda, Dubai\u2019deki Jameel Sanat Merkezi\u2019nde a\u00e7\u0131lan en son Jameel Prize Sergisi\u2019nde di\u011fer alt\u0131 finalisti ile birlikte sergilendi. Bu sergi Eyl\u00fcl 2019\u2019a kadar devam edecek.<\/p>\n<p><img decoding=\"async\" loading=\"lazy\" class=\"wp-image-42270 aligncenter\" src=\"https:\/\/www.alj.com\/app\/uploads\/2019\/07\/Wasli-paper.jpg\" alt=\"\" width=\"1100\" height=\"511\" srcset=\"https:\/\/media.alj.com\/app\/uploads\/2019\/07\/Wasli-paper.jpg 1400w, https:\/\/media.alj.com\/app\/uploads\/2019\/07\/Wasli-paper-150x70.jpg 150w, https:\/\/media.alj.com\/app\/uploads\/2019\/07\/Wasli-paper-300x139.jpg 300w, https:\/\/media.alj.com\/app\/uploads\/2019\/07\/Wasli-paper-768x357.jpg 768w, https:\/\/media.alj.com\/app\/uploads\/2019\/07\/Wasli-paper-1024x475.jpg 1024w\" sizes=\"(max-width: 1100px) 100vw, 1100px\" \/><\/p>\n<p>Her zaman gelece\u011fe bakan Art Jameel k\u0131sa s\u00fcre \u00f6nce Londra\u2019daki <a href=\"https:\/\/artjameel.org\/collaboration\/delfina-foundation\/\">Delfina Vakf\u0131<\/a> ile <a href=\"http:\/\/delfinafoundation.com\/\">d\u00f6n\u00fcm noktas\u0131 olan bir ortakl\u0131k<\/a> yapt\u0131\u011f\u0131n\u0131 duyurdu. Delfina&#8217;n\u0131n sanat konutlar\u0131ndaki uzmanl\u0131\u011f\u0131n\u0131 Art Jameel&#8217;in stratejik d\u00fc\u015f\u00fcncesiyle birle\u015ftiren projeler aras\u0131nda ortak komisyonlar, sergiler ve etkinlikler yer alacak.<\/p>\n<blockquote>\n<p>Anla\u015fman\u0131n bir par\u00e7as\u0131 olarak, Fady M. Jameel, bu iki kurulu\u015fun <em>\u201cuygulay\u0131c\u0131lar aras\u0131nda, sanat\u00e7\u0131lar ve izleyiciler aras\u0131nda ve z\u0131t disiplinlerle d\u00fc\u015f\u00fcnce okullar\u0131 aras\u0131nda sanat\u00e7\u0131 merkezli olan ve sanat\u00e7\u0131lar aras\u0131nda fikir \u00fcretme ve sanat\u00e7\u0131l\u0131\u011f\u0131n ola\u011fan\u00fcst\u00fc g\u00fcc\u00fcne kendini adanm\u0131\u015f olan bir ortam\u0131 payla\u015ft\u0131\u011f\u0131n\u0131\u201d<\/em> belirtti. [8]<\/p>\n<\/blockquote>\n<p><img decoding=\"async\" loading=\"lazy\" class=\"alignleft wp-image-42285 size-medium\" src=\"https:\/\/www.alj.com\/app\/uploads\/2019\/07\/Antonia-C-180x300.jpg\" alt=\"\" width=\"180\" height=\"300\" srcset=\"https:\/\/media.alj.com\/app\/uploads\/2019\/07\/Antonia-C-180x300.jpg 180w, https:\/\/media.alj.com\/app\/uploads\/2019\/07\/Antonia-C-90x150.jpg 90w, https:\/\/media.alj.com\/app\/uploads\/2019\/07\/Antonia-C.jpg 615w\" sizes=\"(max-width: 180px) 100vw, 180px\" \/>B\u00f6lgenin ge\u00e7mi\u015f ve g\u00fcn\u00fcm\u00fczdeki parlayan y\u0131ld\u0131zlar\u0131ndan ilham alan yeni sesler, d\u00fcnyan\u0131n her k\u00f6\u015fesinde tart\u0131\u015fma ba\u015flatmaya ve belki de Orta Do\u011fu sanat\u0131n\u0131n \u00f6z\u00fcn\u00fc yeniden tan\u0131mlamaya ba\u015flayacak olan bu kar\u015f\u0131 konulamaz yarat\u0131c\u0131 kovandan \u00e7\u0131kmaya devam edecek.<\/p>\n<p>Antonia Carver d\u00fcnyadaki ortak m\u00fczelerde Orta Do\u011fu ve \u0130slam sanat\u0131n\u0131 ke\u015ffeden ziyaret\u00e7ilerin <em>\u201c&#8217;Bizim&#8217; sanat\u00e7\u0131lar\u0131m\u0131z\u0131n dinamik, d\u00fc\u015f\u00fcnd\u00fcr\u00fcc\u00fc \u00e7al\u0131\u015fmalar\u0131na rastlayaca\u011f\u0131n\u0131 ve belki de d\u00fcnyan\u0131n bu k\u0131sm\u0131 hakk\u0131nda sahip olabilecek varsay\u0131mlar\u0131 yeniden d\u00fc\u015f\u00fcneceklerini\u201d <\/em>umdu\u011funu dile getirdi. [9]<\/p>\n<\/div>\n<p>&nbsp;<\/p>\n<p>&nbsp;<\/p>\n<p>&nbsp;<\/p>\n<p>&nbsp;<\/p>\n<p>&nbsp;<\/p>\n<div class=\"p1-style\">\n<p>[1] <a href=\"http:\/\/sultanalqassemi.com\/articles\/thriving-gulf-cities-emerge-as-new-centers-of-arab-world\/\">http:\/\/sultanalqassemi.com\/articles\/thriving-gulf-cities-emerge-as-new-centers-of-arab-world\/<\/a><\/p>\n<p>[2] <a href=\"https:\/\/stepfeed.com\/10-modern-arab-writers-who-are-proving-that-arabic-still-matters-2247\">https:\/\/stepfeed.com\/10-modern-arab-writers-who-are-proving-that-arabic-still-matters-2247<\/a><\/p>\n<p>[3] <a href=\"https:\/\/arabicfiction.org\/\">https:\/\/arabicfiction.org\/<\/a><\/p>\n<p>[4] <a href=\"http:\/\/artbahrain.org\/wp2017\/antonia-carver\/\">http:\/\/artbahrain.org\/wp2017\/antonia-carver\/<\/a><\/p>\n<p>[5] <a href=\"http:\/\/artbahrain.org\/wp2017\/antonia-carver\/\">http:\/\/artbahrain.org\/wp2017\/antonia-carver\/<\/a><\/p>\n<p>[6] <a href=\"https:\/\/www.vam.ac.uk\/info\/jameel-prize\">https:\/\/www.vam.ac.uk\/info\/jameel-prize<\/a><\/p>\n<p>[7] <a href=\"https:\/\/www.vam.ac.uk\/articles\/jameel-prize-4\">https:\/\/www.vam.ac.uk\/articles\/jameel-prize-4<\/a><\/p>\n<p>[8] <a href=\"https:\/\/alj.com\/en\/openingdoors\/article\/art-jameel-unveils-new-partnership-to-extend-international-reach-and-impact\/\">https:\/\/alj.com\/en\/openingdoors\/article\/art-jameel-unveils-new-partnership-to-extend-international-reach-and-impact\/<\/a><\/p>\n<p>[9] <a href=\"https:\/\/thearabweekly.com\/jameel-prize-exhibit-dubai-showcases-breadth-legacy-islamic-design-and-visual-culture\">https:\/\/thearabweekly.com\/jameel-prize-exhibit-dubai-showcases-breadth-legacy-islamic-design-and-visual-culture<\/a><\/p>\n<\/div>\n","protected":false},"author":18,"featured_media":42292,"template":"","tags":[],"acf":[],"yoast_head":"<!-- This site is optimized with the Yoast SEO plugin v21.5 - https:\/\/yoast.com\/wordpress\/plugins\/seo\/ -->\n<title>Sanatsal R\u00f6nesans K\u00fcresel Varlolu\u015fu Yeniden Tan\u0131mlad\u0131 | Abdul Latif Jameel\u00ae<\/title>\n<meta name=\"description\" content=\"Art Jameel, sanat\u00e7\u0131lar\u0131 ve yarat\u0131c\u0131 topluluklar\u0131, K\u00f6rfez, Orta Do\u011fu ve uluslararas\u0131 giri\u015fimleri kullanarak geleneksel ve \u00e7a\u011fda\u015f sanat alan\u0131nda programlarla desteklemektedir.\" \/>\n<meta name=\"robots\" content=\"index, follow, max-snippet:-1, max-image-preview:large, max-video-preview:-1\" \/>\n<link rel=\"canonical\" href=\"https:\/\/alj.com\/tr\/perspective\/artistic-renaissance-redefining-our-global-presence\/\" \/>\n<meta property=\"og:locale\" content=\"tr_TR\" \/>\n<meta property=\"og:type\" content=\"article\" \/>\n<meta property=\"og:title\" content=\"Sanatsal R\u00f6nesans K\u00fcresel Varlolu\u015fu Yeniden Tan\u0131mlad\u0131 | Abdul Latif Jameel\u00ae\" \/>\n<meta property=\"og:description\" content=\"Art Jameel, sanat\u00e7\u0131lar\u0131 ve yarat\u0131c\u0131 topluluklar\u0131, K\u00f6rfez, Orta Do\u011fu ve uluslararas\u0131 giri\u015fimleri kullanarak geleneksel ve \u00e7a\u011fda\u015f sanat alan\u0131nda programlarla desteklemektedir.\" \/>\n<meta property=\"og:url\" content=\"https:\/\/alj.com\/tr\/perspective\/artistic-renaissance-redefining-our-global-presence\/\" \/>\n<meta property=\"og:site_name\" content=\"Abdul Latif Jameel\" \/>\n<meta property=\"article:publisher\" content=\"https:\/\/www.facebook.com\/Abdul.Latif.Jameel.Official\" \/>\n<meta property=\"article:modified_time\" content=\"2020-05-27T06:35:46+00:00\" \/>\n<meta property=\"og:image\" content=\"https:\/\/media.alj.com\/app\/uploads\/2019\/07\/Chiharu-Shiota.jpg\" \/>\n\t<meta property=\"og:image:width\" content=\"1283\" \/>\n\t<meta property=\"og:image:height\" content=\"596\" \/>\n\t<meta property=\"og:image:type\" content=\"image\/jpeg\" \/>\n<meta name=\"twitter:card\" content=\"summary_large_image\" \/>\n<meta name=\"twitter:label1\" content=\"Est. reading time\" \/>\n\t<meta name=\"twitter:data1\" content=\"12 minutes\" \/>\n<script type=\"application\/ld+json\" class=\"yoast-schema-graph\">{\"@context\":\"https:\/\/schema.org\",\"@graph\":[{\"@type\":\"WebPage\",\"@id\":\"https:\/\/alj.com\/tr\/perspective\/artistic-renaissance-redefining-our-global-presence\/\",\"url\":\"https:\/\/alj.com\/tr\/perspective\/artistic-renaissance-redefining-our-global-presence\/\",\"name\":\"Sanatsal R\u00f6nesans K\u00fcresel Varlolu\u015fu Yeniden Tan\u0131mlad\u0131 | Abdul Latif Jameel\u00ae\",\"isPartOf\":{\"@id\":\"https:\/\/alj.com\/en\/#website\"},\"datePublished\":\"2019-07-22T13:09:49+00:00\",\"dateModified\":\"2020-05-27T06:35:46+00:00\",\"description\":\"Art Jameel, sanat\u00e7\u0131lar\u0131 ve yarat\u0131c\u0131 topluluklar\u0131, K\u00f6rfez, Orta Do\u011fu ve uluslararas\u0131 giri\u015fimleri kullanarak geleneksel ve \u00e7a\u011fda\u015f sanat alan\u0131nda programlarla desteklemektedir.\",\"breadcrumb\":{\"@id\":\"https:\/\/alj.com\/tr\/perspective\/artistic-renaissance-redefining-our-global-presence\/#breadcrumb\"},\"inLanguage\":\"tr\",\"potentialAction\":[{\"@type\":\"ReadAction\",\"target\":[\"https:\/\/alj.com\/tr\/perspective\/artistic-renaissance-redefining-our-global-presence\/\"]}]},{\"@type\":\"BreadcrumbList\",\"@id\":\"https:\/\/alj.com\/tr\/perspective\/artistic-renaissance-redefining-our-global-presence\/#breadcrumb\",\"itemListElement\":[{\"@type\":\"ListItem\",\"position\":1,\"name\":\"Home\",\"item\":\"https:\/\/alj.com\/tr\/\"},{\"@type\":\"ListItem\",\"position\":2,\"name\":\"Perspectives\",\"item\":\"https:\/\/alj.com\/ja\/perspective\/\"},{\"@type\":\"ListItem\",\"position\":3,\"name\":\"K\u00fcresel varl\u0131\u011f\u0131m\u0131z\u0131 yeniden tan\u0131mlayan sanatsal r\u00f6nesans\"}]},{\"@type\":\"WebSite\",\"@id\":\"https:\/\/alj.com\/en\/#website\",\"url\":\"https:\/\/alj.com\/en\/\",\"name\":\"Abdul Latif Jameel\",\"description\":\"Abdul Latif Jameel\",\"potentialAction\":[{\"@type\":\"SearchAction\",\"target\":{\"@type\":\"EntryPoint\",\"urlTemplate\":\"https:\/\/alj.com\/en\/?s={search_term_string}\"},\"query-input\":\"required name=search_term_string\"}],\"inLanguage\":\"tr\"}]}<\/script>\n<!-- \/ Yoast SEO plugin. -->","yoast_head_json":{"title":"Sanatsal R\u00f6nesans K\u00fcresel Varlolu\u015fu Yeniden Tan\u0131mlad\u0131 | Abdul Latif Jameel\u00ae","description":"Art Jameel, sanat\u00e7\u0131lar\u0131 ve yarat\u0131c\u0131 topluluklar\u0131, K\u00f6rfez, Orta Do\u011fu ve uluslararas\u0131 giri\u015fimleri kullanarak geleneksel ve \u00e7a\u011fda\u015f sanat alan\u0131nda programlarla desteklemektedir.","robots":{"index":"index","follow":"follow","max-snippet":"max-snippet:-1","max-image-preview":"max-image-preview:large","max-video-preview":"max-video-preview:-1"},"canonical":"https:\/\/alj.com\/tr\/perspective\/artistic-renaissance-redefining-our-global-presence\/","og_locale":"tr_TR","og_type":"article","og_title":"Sanatsal R\u00f6nesans K\u00fcresel Varlolu\u015fu Yeniden Tan\u0131mlad\u0131 | Abdul Latif Jameel\u00ae","og_description":"Art Jameel, sanat\u00e7\u0131lar\u0131 ve yarat\u0131c\u0131 topluluklar\u0131, K\u00f6rfez, Orta Do\u011fu ve uluslararas\u0131 giri\u015fimleri kullanarak geleneksel ve \u00e7a\u011fda\u015f sanat alan\u0131nda programlarla desteklemektedir.","og_url":"https:\/\/alj.com\/tr\/perspective\/artistic-renaissance-redefining-our-global-presence\/","og_site_name":"Abdul Latif Jameel","article_publisher":"https:\/\/www.facebook.com\/Abdul.Latif.Jameel.Official","article_modified_time":"2020-05-27T06:35:46+00:00","og_image":[{"width":1283,"height":596,"url":"https:\/\/media.alj.com\/app\/uploads\/2019\/07\/Chiharu-Shiota.jpg","type":"image\/jpeg"}],"twitter_card":"summary_large_image","twitter_misc":{"Est. reading time":"12 minutes"},"schema":{"@context":"https:\/\/schema.org","@graph":[{"@type":"WebPage","@id":"https:\/\/alj.com\/tr\/perspective\/artistic-renaissance-redefining-our-global-presence\/","url":"https:\/\/alj.com\/tr\/perspective\/artistic-renaissance-redefining-our-global-presence\/","name":"Sanatsal R\u00f6nesans K\u00fcresel Varlolu\u015fu Yeniden Tan\u0131mlad\u0131 | Abdul Latif Jameel\u00ae","isPartOf":{"@id":"https:\/\/alj.com\/en\/#website"},"datePublished":"2019-07-22T13:09:49+00:00","dateModified":"2020-05-27T06:35:46+00:00","description":"Art Jameel, sanat\u00e7\u0131lar\u0131 ve yarat\u0131c\u0131 topluluklar\u0131, K\u00f6rfez, Orta Do\u011fu ve uluslararas\u0131 giri\u015fimleri kullanarak geleneksel ve \u00e7a\u011fda\u015f sanat alan\u0131nda programlarla desteklemektedir.","breadcrumb":{"@id":"https:\/\/alj.com\/tr\/perspective\/artistic-renaissance-redefining-our-global-presence\/#breadcrumb"},"inLanguage":"tr","potentialAction":[{"@type":"ReadAction","target":["https:\/\/alj.com\/tr\/perspective\/artistic-renaissance-redefining-our-global-presence\/"]}]},{"@type":"BreadcrumbList","@id":"https:\/\/alj.com\/tr\/perspective\/artistic-renaissance-redefining-our-global-presence\/#breadcrumb","itemListElement":[{"@type":"ListItem","position":1,"name":"Home","item":"https:\/\/alj.com\/tr\/"},{"@type":"ListItem","position":2,"name":"Perspectives","item":"https:\/\/alj.com\/ja\/perspective\/"},{"@type":"ListItem","position":3,"name":"K\u00fcresel varl\u0131\u011f\u0131m\u0131z\u0131 yeniden tan\u0131mlayan sanatsal r\u00f6nesans"}]},{"@type":"WebSite","@id":"https:\/\/alj.com\/en\/#website","url":"https:\/\/alj.com\/en\/","name":"Abdul Latif Jameel","description":"Abdul Latif Jameel","potentialAction":[{"@type":"SearchAction","target":{"@type":"EntryPoint","urlTemplate":"https:\/\/alj.com\/en\/?s={search_term_string}"},"query-input":"required name=search_term_string"}],"inLanguage":"tr"}]}},"post-meta-fields":{"_alp_processed":["1563959310"],"_wpml_word_count":["{\"total\":1988,\"to_translate\":{\"ar\":1988,\"zh-hans\":1988,\"fr\":1988,\"ja\":1988,\"es\":1988,\"tr\":1988}}"],"_wpml_media_featured":["1"],"_wpml_media_duplicate":["1"],"_oembed_6442dc4476ac6c0e00739c053f4de861":["<iframe title=\"Announcing Hayy: Creative Hub, Jeddah |  \u0625\u0639\u0644\u0627\u0646 \u062d\u064a: \u0645\u0644\u062a\u0642\u0649 \u0627\u0644\u0625\u0628\u062f\u0627\u0639\u060c \u062c\u062f\u0629\" width=\"640\" height=\"360\" src=\"https:\/\/www.youtube.com\/embed\/sKznJyeXB88?feature=oembed\" frameborder=\"0\" allow=\"accelerometer; autoplay; encrypted-media; gyroscope; picture-in-picture\" allowfullscreen><\/iframe>"],"_oembed_time_6442dc4476ac6c0e00739c053f4de861":["1563959701"],"_oembed_3ed4ee2de0894c198848a0f12ff59e2f":["<iframe title=\"Jameel Prize 5: Marina Tabassum\" width=\"640\" height=\"360\" src=\"https:\/\/www.youtube.com\/embed\/OMqe05XXJRw?feature=oembed\" frameborder=\"0\" allow=\"accelerometer; autoplay; encrypted-media; gyroscope; picture-in-picture\" allowfullscreen><\/iframe>"],"_oembed_time_3ed4ee2de0894c198848a0f12ff59e2f":["1563959701"],"_oembed_9987e0045a7a36ad5d02d79320418a53":["<iframe title=\"Jameel Prize 5: Mehdi Moutashar\" width=\"640\" height=\"360\" src=\"https:\/\/www.youtube.com\/embed\/ERBF0yKUrRE?feature=oembed\" frameborder=\"0\" allow=\"accelerometer; autoplay; encrypted-media; gyroscope; picture-in-picture\" allowfullscreen><\/iframe>"],"_oembed_time_9987e0045a7a36ad5d02d79320418a53":["1563959701"],"perspective_short_title":["K\u00fcresel varl\u0131\u011f\u0131m\u0131z\u0131 yeniden tan\u0131mlayan sanatsal r\u00f6nesans"],"perspective_summury":["<p>Orta Do\u011fu'da bir sanat\u00e7\u0131 ya da bir sanat merakl\u0131s\u0131 olmak i\u00e7in daha iyi bir zaman olmad\u0131. Modern bak\u0131\u015f a\u00e7\u0131lar\u0131yla birle\u015fmekten korkmayan, zengin bir k\u00fclt\u00fcrel ge\u00e7mi\u015fe sahip olan b\u00f6lge, d\u00fcnyay\u0131 daha \u00f6nce hi\u00e7 olmad\u0131\u011f\u0131 kadar kendine \u00e7ekiyor.<\/p>\n"],"perspective_location":["Dubai, Birle\u015fik Arap Emirlikleri"],"wpcf-featured-news":["0"],"is_latest_news":["0"],"wpcf-show-news-at-homepage":["1"],"push_notification":["no"],"_push_notification":["field_5c3b1fb67034d"],"publish_mobile":[""],"_publish_mobile":["field_5bfa8eb2e65cf"],"mobile_featured_image":["https:\/\/media.alj.com\/app\/uploads\/2019\/07\/Chiharu-Shiota.jpg"],"_mobile_featured_image":["field_5c3b204983dea"],"_wpcf-card-image-sort-order":["a:1:{i:0;i:721922;}"],"_yoast_wpseo_content_score":["30"],"_thumbnail_id":["42292"],"_last_translation_edit_mode":["native-editor"],"post_views_count_2019Sep":["38"],"post_views_count_2019Oct":["32"],"post_views_count_2019Nov":["20"],"_yoast_wpseo_title":["Sanatsal R\u00f6nesans K\u00fcresel Varlolu\u015fu Yeniden Tan\u0131mlad\u0131 | Abdul Latif Jameel\u00ae"],"_yoast_wpseo_metadesc":["Art Jameel, sanat\u00e7\u0131lar\u0131 ve yarat\u0131c\u0131 topluluklar\u0131, K\u00f6rfez, Orta Do\u011fu ve uluslararas\u0131 giri\u015fimleri kullanarak geleneksel ve \u00e7a\u011fda\u015f sanat alan\u0131nda programlarla desteklemektedir."],"post_views_count_2019Dec":["25"],"post_views_count_2020Jan":["20"],"post_views_count_2020Feb":["18"],"post_views_count_2020Mar":["25"],"post_views_count_2020Apr":["28"],"post_views_count_2020May":["27"],"_bsf_post_type":["0"],"_bsf_item_review_type":["none"],"perspective_business_sector":["Jameel Toplulu\u011fu"],"wpcf-perspective-published-date":["1563926400"],"wpcf-card-image":[""],"post_views_count_2020Jun":["22"],"post_views_count_2020Jul":["24"],"post_views_count_2020Aug":["20"],"post_views_count_2020Sep":["19"],"post_views_count_2020Oct":["21"],"post_views_count_2020Nov":["17"],"post_views_count_2020Dec":["15"],"post_views_count_2021Jan":["16"],"post_views_count_2021Feb":["15"],"post_views_count_2021Mar":["25"],"post_views_count_2021Apr":["14"],"post_views_count_2021May":["9"],"post_views_count_2021Jun":["2"],"post_views_count_2021Jul":["4"],"post_views_total_count":["4"]},"_links":{"self":[{"href":"https:\/\/alj.com\/tr\/wp-json\/wp\/v2\/perspective\/42459"}],"collection":[{"href":"https:\/\/alj.com\/tr\/wp-json\/wp\/v2\/perspective"}],"about":[{"href":"https:\/\/alj.com\/tr\/wp-json\/wp\/v2\/types\/perspective"}],"author":[{"embeddable":true,"href":"https:\/\/alj.com\/tr\/wp-json\/wp\/v2\/users\/18"}],"wp:featuredmedia":[{"embeddable":true,"href":"https:\/\/alj.com\/tr\/wp-json\/wp\/v2\/media\/42292"}],"wp:attachment":[{"href":"https:\/\/alj.com\/tr\/wp-json\/wp\/v2\/media?parent=42459"}],"wp:term":[{"taxonomy":"post_tag","embeddable":true,"href":"https:\/\/alj.com\/tr\/wp-json\/wp\/v2\/tags?post=42459"}],"curies":[{"name":"wp","href":"https:\/\/api.w.org\/{rel}","templated":true}]}}