{"id":50784,"date":"2019-08-19T13:03:58","date_gmt":"2019-08-19T13:03:58","guid":{"rendered":"http:\/\/www.alj.com\/perspective\/hydrogen-the-key-driver-to-zero-emission-transport\/"},"modified":"2022-12-30T08:29:28","modified_gmt":"2022-12-30T08:29:28","slug":"hydrogen-the-key-driver-to-zero-emission-transport","status":"publish","type":"perspective","link":"https:\/\/alj.com\/tr\/perspective\/hydrogen-the-key-driver-to-zero-emission-transport\/","title":{"rendered":"Hidrojen: S\u0131f\u0131r emisyonlu ta\u015f\u0131mac\u0131l\u0131\u011f\u0131n kilit oyuncusu?"},"content":{"rendered":"<p>Hidrojen gelece\u011fin s\u00fcrd\u00fcr\u00fclebilir otomotiv yak\u0131t\u0131 olarak bir at\u0131l\u0131m\u0131n zirvesinde olabilir mi?<\/p>\n<p>Uzun s\u00fcredir nihai temiz enerji yak\u0131t\u0131 olarak tan\u0131t\u0131lan hidrojen, s\u00f6z\u00fcn\u00fc hi\u00e7 bir zaman tam olarak yerine getirmedi. Ancak, \u00f6nde gelen bir k\u00fcresel enerji organizasyonundaki uzmanlara g\u00f6re, bunlar\u0131n hepsi de\u011fi\u015fmek \u00fczere olabilir.<\/p>\n<p><em><img decoding=\"async\" loading=\"lazy\" class=\"alignleft wp-image-50693 size-medium\" src=\"https:\/\/www.alj.com\/app\/uploads\/2019\/08\/GIA-300x225.png\" alt=\"\" width=\"300\" height=\"225\" srcset=\"https:\/\/media.alj.com\/app\/uploads\/2019\/08\/GIA-300x225.png 300w, https:\/\/media.alj.com\/app\/uploads\/2019\/08\/GIA-150x113.png 150w, https:\/\/media.alj.com\/app\/uploads\/2019\/08\/GIA.png 713w\" sizes=\"(max-width: 300px) 100vw, 300px\" \/><\/em><\/p>\n<p><em>\u201c\u0130klim de\u011fi\u015fikli\u011finin b\u00fcy\u00fck zorluklar\u0131n\u0131n yan\u0131 s\u0131ra r\u00fczg\u00e2r ve g\u00fcne\u015f end\u00fcstrilerinin y\u00fckseli\u015fi, ona yeni bir ivme kazand\u0131r\u0131yor ve otomotiv end\u00fcstrisinin \u00f6tesinde h\u00fck\u00fcmet ve i\u015fletmelerden yeni ilgi g\u00f6r\u00fcyor\u201d<\/em> Fatih Birol <u><a href=\"https:\/\/www.iea.org\/\">Ulusal Enerji Ajans\u0131<\/a><a href=\"#_ftn1\" name=\"_ftnref1\">[1]<\/a><\/u> (IEA) \u0130cra Direkt\u00f6r\u00fc; IEA, Japonya&#8217;n\u0131n Nagano Eyaleti Karuizawa&#8217;da yap\u0131lan G20&#8217;de &#8216;Hidrojenin Gelece\u011fi&#8217; raporunu <u><a href=\"https:\/\/www.meti.go.jp\/english\/press\/2019\/0614_001.html\">lanse etti<\/a><\/u><\/p>\n<p>Ayn\u0131 zamanda <u><a href=\"https:\/\/www.weforum.org\/\">D\u00fcnya Ekonomik Forumu<\/a><\/u> Enerji Dan\u0131\u015fma Panelinin ba\u015fkanl\u0131\u011f\u0131n\u0131 \u00fcstlenen Say\u0131n Birol, yeni teknolojilerin ve s\u00fcre\u00e7lerin geli\u015fiminin, hidrojenin art\u0131k mobilite konusunda bir devrim yaratma potansiyeline sahip oldu\u011fu anlam\u0131na geldi\u011fine inan\u0131yor.<\/p>\n<p>Temiz ara\u00e7lar\u0131n bug\u00fcn ve s\u0131f\u0131r net emisyon gelece\u011fi aras\u0131ndaki bo\u015flu\u011fu doldurmada hayati rol oynayaca\u011f\u0131n\u0131n alt\u0131n\u0131 \u00e7iziyor ve hidrojenin depolama kapasitesinin \u2013 \u201c<em>Teksas&#8217;taki b\u00fcy\u00fck bir hidrojen depolama tesisi\u2026 d\u00fcnyan\u0131n en b\u00fcy\u00fck lityum-iyon batarya kompleksinden yakla\u015f\u0131k 1.000 kat daha fazla elektrik tutabilir<\/em>\u201d- b\u00fcy\u00fck ilerlemenin kilidini a\u00e7mas\u0131nda \u00f6nemli bir bile\u015fen olabilece\u011fi anlam\u0131na geliyor.<\/p>\n<p>Elektrifikasyon ki\u015fisel ta\u015f\u0131mac\u0131l\u0131\u011f\u0131n gelece\u011finin b\u00fcy\u00fck bir par\u00e7as\u0131 olarak belirlenirken, Say\u0131n Birol, hidrojenin potansiyel g\u00fcc\u00fcn\u00fcn, b\u00fcy\u00fck sanayi sekt\u00f6rlerinin geleneksel limanlar\u0131na do\u011fal e\u011filimi ile birlikte kamyon ve gemilerden rafinerilere, kimyasal tesislere ve \u00e7elik fabrikalar\u0131na kadar her \u015feye enerji sa\u011flaman\u0131n yeni yollar\u0131n\u0131 bulma konusunda bir f\u0131rsat sundu\u011funa inan\u0131yor.<\/p>\n<p>Vizyonu ger\u00e7e\u011fe d\u00f6n\u00fc\u015f\u00fcrse g\u00fcn\u00fcm\u00fcz\u00fcn a\u011f\u0131r ve kirli sanayileri bir \u00e7\u0131rp\u0131da d\u00f6n\u00fc\u015ft\u00fcr\u00fclecektir. Sera gazlar\u0131 ve zararl\u0131 emisyonlar gidecek, bunun yerine, sadece daha fazla enerji \u00fcretmek i\u00e7in kullan\u0131labilen, yaln\u0131zca su \u00fcreten bir enerji s\u00fcreci ge\u00e7ecektir.<\/p>\n<p>Ve bunlar\u0131n hepsine \u201c<em>evrendeki en bol bulunan element<\/em>\u201d enerji sa\u011flayabilir. Say\u0131n Birol\u2019un s\u00f6zleriyle: \u201c<em>Sevilmeyecek nesi var?<\/em>\u201d<\/p>\n<blockquote>\n<p>Ka\u00e7\u0131n\u0131lmaz olarak, hala a\u015f\u0131lmas\u0131 gereken \u00f6nemli zorluklar var. Yaln\u0131zca finansal zorluk de\u011fil. Say\u0131n Birol diyor ki: <em>\u201cHidrojenin ba\u015far\u0131s\u0131n\u0131 ya da ba\u015far\u0131s\u0131zl\u0131\u011f\u0131 belirleme konusunda h\u00fck\u00fcmetlerin tutumu \u00e7ok \u00f6nemli olacak. Uluslararas\u0131 Enerji Ajans\u0131&#8217;n\u0131n analizine g\u00f6re devam etmekte olan 200&#8217;den fazla projenin \u00e7o\u011fu h\u00e2l\u00e2 b\u00fcy\u00fck oranda do\u011frudan devlet finansman\u0131na g\u00fcveniyor. Ancak ak\u0131ll\u0131 politikalar, \u00f6zel sekt\u00f6r\u00fc uzun vadeli temiz hidrojen tedarikini g\u00fcvence alt\u0131na almaya te\u015fvik etmeli ve yat\u0131r\u0131mc\u0131lara en iyi i\u015fletmeleri desteklemek i\u00e7in te\u015fvikler vermelidir.\u201d<\/em><\/p>\n<\/blockquote>\n<p>Hepsinden \u00f6nce, \u201c<em>d\u00fcnya, hidrojeni s\u00fcrd\u00fcr\u00fclebilir enerji gelece\u011fimizin ciddi bir par\u00e7as\u0131 yapmak i\u00e7in bu benzeri g\u00f6r\u00fclmemi\u015f \u015fans\u0131 ka\u00e7\u0131rmamal\u0131<\/em>\u201d diye ekliyor. Bay Birol\u2019un dilekleri, hidrojen teknolojisine yap\u0131lan yat\u0131r\u0131mlar\u0131 do\u011frudan desteklemek ve te\u015fvik etmek i\u00e7in tasarlanan politikalar\u0131 uygulayan ve giderek artan say\u0131da \u00fclkede ger\u00e7ekle\u015febilir<a href=\"#_ftn1\" name=\"_ftnref1\">[2]<\/a>.<\/p>\n<p>Hidrojen yak\u0131t h\u00fccreli ta\u015f\u0131tlar\u0131n, halihaz\u0131rda daha yayg\u0131n olarak kullan\u0131lan elektrikli ta\u015f\u0131tlara cazip bir alternatif sunmas\u0131n\u0131n \u00e7e\u015fitli nedenleri vard\u0131r. \u0130lk olarak, en iyi performans g\u00f6steren elektrikli ara\u00e7larda sadece 300km-400km olan menzile k\u0131yasla bir hidrojenli otomobilin menzili 700km-800km&#8217;dir.<a href=\"#_ftn2\" name=\"_ftnref2\">[3]<\/a>. Yak\u0131t h\u00fccreli otomobiller, benzinli otomobillerle ayn\u0131 h\u0131zda yak\u0131t ikmali yapabilir &#8211; bu da bir elektrikli ara\u00e7taki \u015farj i\u015fleminden \u00f6nemli oranda daha h\u0131zl\u0131d\u0131r. Hidrojen, suyu par\u00e7alamak ve yak\u0131t h\u00fccresi ara\u00e7lar\u0131 i\u00e7in gereken hidrojeni \u00fcretmek i\u00e7in yenilenebilir enerji kaynaklar\u0131n\u0131n \u00fcretti\u011fi fazla elektri\u011fin kullan\u0131lmas\u0131yla olu\u015fturulan tamamen temiz bir g\u00fc\u00e7 kayna\u011f\u0131 olabilir.<a href=\"#_ftn3\" name=\"_ftnref3\">[4]<\/a>.<\/p>\n<p><img decoding=\"async\" loading=\"lazy\" class=\"size-full wp-image-50700 aligncenter\" src=\"https:\/\/www.alj.com\/app\/uploads\/2019\/08\/Fuel-cell-vehicles.png\" alt=\"\" width=\"1169\" height=\"827\" srcset=\"https:\/\/media.alj.com\/app\/uploads\/2019\/08\/Fuel-cell-vehicles.png 1169w, https:\/\/media.alj.com\/app\/uploads\/2019\/08\/Fuel-cell-vehicles-150x106.png 150w, https:\/\/media.alj.com\/app\/uploads\/2019\/08\/Fuel-cell-vehicles-300x212.png 300w, https:\/\/media.alj.com\/app\/uploads\/2019\/08\/Fuel-cell-vehicles-768x543.png 768w, https:\/\/media.alj.com\/app\/uploads\/2019\/08\/Fuel-cell-vehicles-1024x724.png 1024w\" sizes=\"(max-width: 1169px) 100vw, 1169px\" \/><\/p>\n<p>Temiz hidrojenin geli\u015ftirilmesi, hidrojenin ilerlemesini \u015fimdiye dek s\u0131n\u0131rlayan baz\u0131 zorluklar\u0131n \u00fcstesinden gelecektir. Geleneksel olarak, hidrojen \u00fcretmek temiz bir i\u015flem de\u011fildir. Do\u011fal gaz, mevcut birincil hidrojen \u00fcretim kayna\u011f\u0131d\u0131r ve bu yak\u0131t maliyeti, toplam hidrojen \u00fcretim maliyetinin %45-75&#8217;ini olu\u015fturur.<a href=\"#_ftn1\" name=\"_ftnref1\">[5]<\/a>. Fosil yak\u0131tlardan hidrojen \u00fcretmek ayn\u0131 zamanda hidrojene olan talebin artmas\u0131 (1975&#8217;ten beri \u00fc\u00e7 kat artm\u0131\u015ft\u0131r); b\u00f6ylece geleneksel hidrojen \u00fcretimi taraf\u0131ndan \u00fcretilen emisyonlar\u0131n da artmas\u0131 anlam\u0131na geliyor. \u015eu anda y\u0131lda 830 milyon ton CO<sub>2<\/sub> emisyonuna ende oluyor; bu rakam Birle\u015fik Krall\u0131k ve Endonezya\u2019n\u0131n CO<sub>2 <\/sub>emisyon toplamlar\u0131 ile neredeyse ayn\u0131d\u0131r<a href=\"#_ftn2\" name=\"_ftnref2\">[6]<\/a>.<a href=\"#_ftnref1\" name=\"_ftn1\"><\/a><\/p>\n<p><img decoding=\"async\" loading=\"lazy\" class=\"size-full wp-image-50707 aligncenter\" src=\"https:\/\/www.alj.com\/app\/uploads\/2019\/08\/Cost-of-vehicle-ownership.jpg\" alt=\"\" width=\"660\" height=\"465\" srcset=\"https:\/\/media.alj.com\/app\/uploads\/2019\/08\/Cost-of-vehicle-ownership.jpg 660w, https:\/\/media.alj.com\/app\/uploads\/2019\/08\/Cost-of-vehicle-ownership-150x106.jpg 150w, https:\/\/media.alj.com\/app\/uploads\/2019\/08\/Cost-of-vehicle-ownership-300x211.jpg 300w\" sizes=\"(max-width: 660px) 100vw, 660px\" \/><\/p>\n<p>Ancak ufukta iyi haberler var. Yenilenebilir enerjinin maliyeti d\u00fc\u015ft\u00fck\u00e7e, yenilenebilir kaynaklardan hidrojen \u00fcretmek ve b\u00f6ylece emisyonlar\u0131 minimumda tutmak daha uygun hale geliyor. Ge\u00e7enlerdeki \u201cGelece\u011fin Hidrojeni\u201d raporunda, IEA, yenilenebilir enerjiden hidrojen \u00fcretme maliyetinin, 2030 y\u0131l\u0131na kadar yenilenebilir enerji maliyetlerinin azalmas\u0131 ve hidrojen \u00fcretiminin \u00f6l\u00e7e\u011finin artmas\u0131 sonucunda %30 oran\u0131nda d\u00fc\u015febilece\u011fini \u00f6ng\u00f6rmektedir:<\/p>\n<blockquote>\n<p>\u201c<em>Yenilenebilir elektrik i\u00e7in, \u00f6zellikle solar PV ve r\u00fczg\u00e2rdan kaynaklanan azalan maliyetlerle, elektrolitik hidrojene ilgi artmaktad\u0131r ve son y\u0131llarda birka\u00e7 demonstrasyon projesi olmu\u015ftur\u2026 Solar PV ve r\u00fczgar \u00fcretimi i\u00e7in azalan maliyetler sayesinde elektroliz\u00f6rlerin m\u00fckemmel yenilenebilir kaynak ko\u015fullar\u0131na sahip b\u00f6lgelere in\u015fa edilmesi hidrojen i\u00e7in d\u00fc\u015f\u00fck maliyetli bir tedarik se\u00e7ene\u011fi haline gelebilir<\/em>.<a href=\"#_ftn1\" name=\"_ftnref1\">[7]<\/a>\u201d<\/p>\n<\/blockquote>\n<p><strong>Hidrojenin zaman\u0131 geldi mi?<\/strong><\/p>\n<p>Her ne kadar hidrojen ge\u00e7mi\u015fte \u201cgelece\u011fin enerjisi\u201d olarak selamlanm\u0131\u015f olsa da, Bay Birol bu sefer olaylar\u0131n farkl\u0131 olabilece\u011fi de\u011ferlendirmesinde bulunan tek ki\u015fi de\u011fil.<\/p>\n<p>IEA raporu \u015f\u00f6yle diyor: \u201c<em>H\u00fck\u00fcmetler, \u015firketler ve di\u011fer akt\u00f6rler bu yak\u0131n vadeli f\u0131rsatlar\u0131 de\u011ferlendirdi\u011fi s\u00fcrece, k\u00fcresel enerji sistemlerinde hidrojenin temiz, uygun maliyetli ve yayg\u0131n bir \u015fekilde kullan\u0131lmas\u0131na y\u00f6nelik yeni ve g\u00fcvenilir bir yol var<\/em>\u201d<a href=\"#_ftn2\" name=\"_ftnref2\">[8]<\/a>.<\/p>\n<p>\u00c7in&#8217;de, \u00fclkenin elektrikli ara\u00e7 sat\u0131\u015flar\u0131n\u0131n art\u0131k d\u00fcnya genelinde sat\u0131lan her iki EV&#8217;den birini olu\u015fturmas\u0131n\u0131 sa\u011flayan adam<a href=\"#_ftn3\" name=\"_ftnref3\">[9]<\/a>, hidrojen yak\u0131t h\u00fccreli ara\u00e7lara dayal\u0131 yeni bir otomotiv devrimi \u00e7a\u011fr\u0131s\u0131 yap\u0131yor. \u00c7in Bilim ve Teknoloji Bakan\u0131 olarak da hizmet veren eski Audi y\u00f6neticisi Wan Gang, \u00c7in&#8217;in elektrikli ta\u015f\u0131tlar\u0131n b\u00fcy\u00fcmesini desteklemek i\u00e7in kulland\u0131klar\u0131na benzer bir ulusal s\u00fcbvansiyon stratejisinin b\u00fcy\u00fck bir etkisi olabilece\u011fini s\u00f6yl\u00fcyor.<\/p>\n<p>Wan\u2019\u0131n G\u00fcney \u00c7in Sabah Postas\u0131\u2019nda ge\u00e7enlerde yay\u0131nlanan bir makalesinde <em>\u201cHidrojenli bir toplum kurmaya \u00e7al\u0131\u015fmal\u0131y\u0131z\u201d<\/em> dedi. \u201c<em>Yak\u0131t h\u00fccrelerine do\u011fru ilerlememiz gerekiyor. \u201d<\/em><\/p>\n<p>Bloomberg News&#8217;in son r\u00f6portaj\u0131nda bu d\u00fc\u015f\u00fcnce silsilesini devam ettirdi:<a href=\"#_ftnref1\" name=\"_ftn1\"><\/a><\/p>\n<p><iframe loading=\"lazy\" title=\"China&#039;s Father of Electric Cars Says Hydrogen Is the Future\" width=\"640\" height=\"360\" src=\"https:\/\/www.youtube.com\/embed\/dba6qyFr39k?feature=oembed\" frameborder=\"0\" allow=\"accelerometer; autoplay; clipboard-write; encrypted-media; gyroscope; picture-in-picture\" allowfullscreen><\/iframe><\/p>\n<p>Hidrojen yak\u0131t h\u00fccreli ara\u00e7lar pop\u00fclerlik ve eri\u015filebilirlikte keskin bir \u015fekilde y\u00fckselirse bu \u00c7in otob\u00fcs sekt\u00f6r\u00fc i\u00e7in \u00f6zellikle iyi bir haber olabilir. Hidrojen otob\u00fcsleri \u015fu anda ful depo ile elektrikli ara\u00e7lara g\u00f6re %150 daha fazla s\u00fcr\u00fc\u015f yapabiliyor (200km&#8217;ye kar\u015f\u0131 500km)<a href=\"#_ftn1\" name=\"_ftnref1\">[10]<\/a>. Wan, \u00c7in\u2019de \u015fehirleraras\u0131 otob\u00fcslerin, \u015fehir i\u00e7i otob\u00fcslerden \u00e7ok daha fazla say\u0131da oldu\u011fu ger\u00e7e\u011fini vurguluyor.<\/p>\n<p>Bir Mitsui raporu, bir ula\u015f\u0131m devrimini tetiklemek i\u00e7in gerekli hidrojeni elde etmek i\u00e7in ye\u015fil bir y\u00f6ntem bile \u00f6nermektedir. \u201c<em>\u00c7in&#8217;de r\u00fczg\u00e2r ve g\u00fcne\u015f enerjisinden elde edilen b\u00fcy\u00fck miktarda fazla elektrik terk ediliyor. T\u00fcm bu elektri\u011fin hidrojene d\u00f6n\u00fc\u015ft\u00fcr\u00fclmesi durumunda, hidrojen yak\u0131t\u0131n\u0131 yakla\u015f\u0131k iki milyon ki\u015fisel binek arac\u0131na y\u00fckleme talebini kar\u015f\u0131lamak m\u00fcmk\u00fcnd\u00fcr.<a href=\"#_ftn2\" name=\"_ftnref2\"><strong>[11]<\/strong><\/a><\/em>.\u201d<\/p>\n<p><strong>Altyap\u0131y\u0131 in\u015fa etmek<\/strong><\/p>\n<p>Bunun gibi isteklere, ger\u00e7ekle\u015ftirme \u015fans\u0131na sahip olacaklarsa, b\u00fcy\u00fck altyap\u0131 geli\u015ftirme \u00e7abalar\u0131n\u0131n e\u015flik etmesi gerekecektir. Mevcut tahminlere g\u00f6re bir hidrojen istasyonu kurman\u0131n maliyeti 3,78 milyon ABD Dolar\u0131 ile 4,73 milyon ABD Dolar\u0131 aras\u0131ndad\u0131r;<a href=\"#_ftn3\" name=\"_ftnref3\">[12]<\/a> ancak, hidrojen istasyonlar\u0131n\u0131n yap\u0131m\u0131 ve i\u015fletilmesi konusundaki d\u00fczenlemelerdeki -insans\u0131z \u00e7al\u0131\u015fmas\u0131na izin verilmesi ve d\u00fc\u015f\u00fck maliyetli hidrojen kompres\u00f6r ekipman\u0131n\u0131n kullan\u0131lmas\u0131na izin verilmesi de dahil olmak \u00fczere- indirgemeler, bu maliyetleri yar\u0131ya indirmek i\u00e7in tasarlanm\u0131\u015ft\u0131r.<a href=\"#_ftn4\" name=\"_ftnref4\">[13]<\/a>.<\/p>\n<p>Hidrojen yak\u0131t altyap\u0131s\u0131 a\u00e7\u0131s\u0131ndan \u00c7in, koca \u00fclkedeki sadece 12 hidrojen yak\u0131t istasyonu<a href=\"#_ftn5\" name=\"_ftnref5\">[14]<\/a> ile hala ufak bir oyuncudur. Bununla birlikte, denizden kom\u015fusu olan Japonya, hidrojen yak\u0131t h\u00fccreli ara\u00e7larda d\u00fcnya lideridir. 2025 y\u0131l\u0131na kadar yolda 200.000 hidrojen arac\u0131 bulundurmay\u0131 ve bu rakam\u0131 <a href=\"#_ftn6\" name=\"_ftnref6\">[15]<\/a>2030 y\u0131l\u0131nda 800.000\u2019e y\u00fckseltmeyi hedefliyor<a href=\"#_ftn7\" name=\"_ftnref7\">[16]<\/a>. Bunlar, 2020 Tokyo Olimpiyatlar\u0131&#8217;na \u201c\u00fclke yollar\u0131na milyonlarca hidrojen arac\u0131 koyma\u201d yar\u0131\u015f\u0131nda ba\u015flang\u0131\u00e7 noktas\u0131 olarak at\u0131fta bulunulmas\u0131yla birlikte 2020 y\u0131l\u0131n\u0131n sonuna kadar a\u00e7\u0131k ve faaliyette olmas\u0131 sa\u011flanacak 200 hidrojen ikmal istasyonundan olu\u015fan bir ulusal a\u011f taraf\u0131ndan desteklenecektir<a href=\"#_ftn8\" name=\"_ftnref8\">[17]<\/a>\u201d. Daha ileriye bak\u0131ld\u0131\u011f\u0131nda, 2025 y\u0131l\u0131na kadar 320<a href=\"#_ftn9\" name=\"_ftnref9\">[18]<\/a> ve 2030 y\u0131l\u0131na kadar 900 hidrojen istasyonunun faaliyete ge\u00e7mesi hedefleniyor<a href=\"#_ftn10\" name=\"_ftnref10\">[19]<\/a>.<\/p>\n<p>Japonya&#8217;n\u0131n g\u00fc\u00e7l\u00fc otomotiv \u00fcreticileri de, hidrojen yak\u0131t altyap\u0131s\u0131n\u0131n b\u00fcy\u00fcmesine katk\u0131da bulunuyor ve Toyota, Nissan ve Honda da dahil olmak \u00fczere 11 Japon firmas\u0131, \u00fclke genelinde hidrojen yak\u0131t istasyonlar\u0131 geli\u015ftirmek i\u00e7in Japan H2 Mobility adl\u0131 bir giri\u015fim ba\u015flatt\u0131.<\/p>\n<p>Japon ba\u015fbakan\u0131 Shinzo Abe \u015f\u00f6yle diyor: \u201c<em>H\u00fck\u00fcmetim 2050 y\u0131l\u0131nda hidrojenin \u00fcretim maliyetini do\u011fal gazdan daha ucuz hale getirmek i\u00e7in en az %90 d\u00fc\u015f\u00fcrmeyi hedefliyor.\u201d<\/em><a href=\"#_ftnref1\" name=\"_ftn1\"><\/a><\/p>\n<p><img decoding=\"async\" loading=\"lazy\" class=\"size-full wp-image-50715 aligncenter\" src=\"https:\/\/www.alj.com\/app\/uploads\/2019\/08\/Fuel-cell-logo.jpg\" alt=\"\" width=\"1284\" height=\"722\" srcset=\"https:\/\/media.alj.com\/app\/uploads\/2019\/08\/Fuel-cell-logo.jpg 1284w, https:\/\/media.alj.com\/app\/uploads\/2019\/08\/Fuel-cell-logo-150x84.jpg 150w, https:\/\/media.alj.com\/app\/uploads\/2019\/08\/Fuel-cell-logo-300x169.jpg 300w, https:\/\/media.alj.com\/app\/uploads\/2019\/08\/Fuel-cell-logo-768x432.jpg 768w, https:\/\/media.alj.com\/app\/uploads\/2019\/08\/Fuel-cell-logo-1024x576.jpg 1024w, https:\/\/media.alj.com\/app\/uploads\/2019\/08\/Fuel-cell-logo-226x126.jpg 226w\" sizes=\"(max-width: 1284px) 100vw, 1284px\" \/><\/p>\n<p>Ba\u015fka yerlerde, d\u00fcnyan\u0131n kullan\u0131mda olan t\u00fcm yak\u0131t h\u00fccreli ara\u00e7lar\u0131n\u0131n neredeyse yar\u0131s\u0131 Kaliforniya&#8217;da bulunuyor olabilir.<a href=\"#_ftn1\" name=\"_ftnref1\">[20]<\/a> ABD devleti \u015fu anda 4.200&#8217;den fazla yak\u0131t h\u00fccreli araca hizmet veren 34 hidrojen istasyonuna ev sahipli\u011fi yap\u0131yor<a href=\"#_ftn2\" name=\"_ftnref2\">[21]<\/a>. Kaliforniya Enerji Komisyonu, 2018-2019 Yat\u0131r\u0131m Plan\u0131 G\u00fcncellemesinin bir par\u00e7as\u0131 olarak 40&#8217;tan fazla hidrojen yak\u0131t istasyonunun tamamlanmas\u0131n\u0131 finanse etmek i\u00e7in 92 milyon ABD Dolar\u0131 tutar\u0131nda taahh\u00fctte bulundu.<a href=\"#_ftn3\" name=\"_ftnref3\">[22]<\/a>. Kaliforniya&#8217;da yak\u0131t h\u00fccreli otomobiller konusunda devam eden ilerlemelerle yak\u0131ndan ilgilenenler i\u00e7in bu ho\u015f bir geli\u015fme.<\/p>\n<p>California Fuel Cell Ortakl\u0131\u011f\u0131ndaki Yasama Yard\u0131m ve \u0130leti\u015fim Yetkilisi Keith Malone, \u015funlar\u0131 s\u00f6yl\u00fcyor: \u201c<em>En b\u00fcy\u00fck sorun, altyap\u0131n\u0131n in\u015fa edilmesi, \u00e7\u00fcnk\u00fc \u015fu ana kadar g\u00f6sterdi\u011fimiz \u015fey, bir hidrojen istasyonu a\u00e7man\u0131z durumunda, otomobil \u00fcreticileri bir araba satabilir.<a href=\"#_ftn4\" name=\"_ftnref4\"><strong>[23]<\/strong><\/a><\/em>\u201d<\/p>\n<p>Hyundai, Nikola ve uzun s\u00fcredir <a href=\"https:\/\/www.alj.com\/en\/\">Abdul Latif Jameel<\/a> orta\u011f\u0131 olan <a href=\"https:\/\/global.toyota\/en\/\">Toyota Motor Company<\/a> \u015firketlerinin hidrojenle \u00e7al\u0131\u015fan ara\u00e7lar geli\u015ftirirken<a href=\"#_ftn5\" name=\"_ftnref5\">[24]<\/a>, Mercedes-Benz, GLC Yak\u0131t H\u00fccresi ile hali haz\u0131rda Avrupa pazar\u0131nda yerini alm\u0131\u015ft\u0131r<a href=\"#_ftn6\" name=\"_ftnref6\">[25]<\/a> ve Alman otomobil \u00fcreticisi BMW, X5 modeli ile hidrojen yak\u0131t h\u00fccresi pazar\u0131na yak\u0131n zamanda bir giri\u015f<a href=\"#_ftn7\" name=\"_ftnref7\">[26]<\/a> yapmas\u0131 nedeniyle hidrojenin bir at\u0131l\u0131m\u0131n e\u015fi\u011finde oldu\u011fu fikrinin arkas\u0131nda olduk\u00e7a g\u00fcvenilirl oldu\u011fu a\u00e7\u0131kt\u0131r.<\/p>\n<p>Toyota, hidrojen yak\u0131t h\u00fccresi teknolojisinin geni\u015f bir ara\u00e7 yelpazesinde s\u00fcrd\u00fcr\u00fclebilir bir s\u0131f\u0131r emisyon \u00e7\u00f6z\u00fcm\u00fc sunabilece\u011fini uzun s\u00fcredir savunuyor ve 2020&#8217;den sonra yak\u0131t h\u00fccreli elektrikli ara\u00e7 sat\u0131\u015flar\u0131nda k\u00fcresel \u00f6l\u00e7ekte \u00f6nemli bir art\u0131\u015f \u00f6ng\u00f6r\u00fcyor.<a href=\"#_ftn8\" name=\"_ftnref8\">[27]<\/a> Bu beklentiler do\u011frultusunda 2020&#8217;den sonra y\u0131lda 30.000&#8217;den fazla yak\u0131t h\u00fccreli elektrikli otomobil \u00fcretmeyi planl\u0131yor.<a href=\"#_ftn9\" name=\"_ftnref9\">[28]<\/a> &#8211; 2018\u2019de y\u0131lda 3.000\u2019e g\u00f6re anlaml\u0131 bir art\u0131\u015f.<\/p>\n<p><a href=\"https:\/\/alj.com\/en\/news\/saudi-aramco-air-products-build-saudi-arabias-first-hydrogen-fuel-cell-vehicle-fueling-station\/?id=media_center\">Suudi Arabistan<\/a>\u2018da Suudi Aramco ve Air Products aras\u0131nda var\u0131lan ve bu duygular\u0131 yans\u0131tan ortakl\u0131k, ge\u00e7ti\u011fimiz g\u00fcnlerde \u00fclkenin ilk hidrojen yak\u0131t h\u00fccresi yak\u0131t ikmal istasyonunu Dhahran Techno Valley Science Park&#8217;ta in\u015fa etti.<a href=\"#_ftnref1\" name=\"_ftn1\"><\/a><\/p>\n<p><img decoding=\"async\" loading=\"lazy\" class=\"size-full wp-image-50722 aligncenter\" src=\"https:\/\/www.alj.com\/app\/uploads\/2019\/08\/Air-products.png\" alt=\"\" width=\"2700\" height=\"1851\" srcset=\"https:\/\/media.alj.com\/app\/uploads\/2019\/08\/Air-products.png 2700w, https:\/\/media.alj.com\/app\/uploads\/2019\/08\/Air-products-150x103.png 150w, https:\/\/media.alj.com\/app\/uploads\/2019\/08\/Air-products-300x206.png 300w, https:\/\/media.alj.com\/app\/uploads\/2019\/08\/Air-products-768x527.png 768w, https:\/\/media.alj.com\/app\/uploads\/2019\/08\/Air-products-1024x702.png 1024w\" sizes=\"(max-width: 2700px) 100vw, 2700px\" \/><\/p>\n<p>\u0130stasyonun pilot test a\u015famas\u0131 i\u00e7in hidrojen yak\u0131tl\u0131 ara\u00e7lar, Toyota Mirai yak\u0131t h\u00fccresi ara\u00e7lar\u0131yla birlikte Abdul Latif Jameel Motors ve Toyota Motor Corporation taraf\u0131ndan sa\u011fland\u0131.<\/p>\n<p><img decoding=\"async\" loading=\"lazy\" class=\"size-full wp-image-50729 aligncenter\" src=\"https:\/\/www.alj.com\/app\/uploads\/2019\/08\/Toyota-hybrid.jpg\" alt=\"\" width=\"900\" height=\"861\" srcset=\"https:\/\/media.alj.com\/app\/uploads\/2019\/08\/Toyota-hybrid.jpg 900w, https:\/\/media.alj.com\/app\/uploads\/2019\/08\/Toyota-hybrid-150x144.jpg 150w, https:\/\/media.alj.com\/app\/uploads\/2019\/08\/Toyota-hybrid-300x287.jpg 300w, https:\/\/media.alj.com\/app\/uploads\/2019\/08\/Toyota-hybrid-768x735.jpg 768w\" sizes=\"(max-width: 900px) 100vw, 900px\" \/><\/p>\n<p><a href=\"https:\/\/global.toyota\/en\/newsroom\/toyota\/25262722.html?_ga=2.68780757.558566201.1563693524-2047192510.1563693524\">Toyota<\/a>i 20 y\u0131l\u0131 a\u015fk\u0131n bir s\u00fcredir hidrojene yat\u0131r\u0131m yapmaktad\u0131r. Mirai&#8217;yi 2014 y\u0131l\u0131nda, ilk seri \u00fcretilen hidrojen yak\u0131t h\u00fccreli ara\u00e7 olarak tan\u0131tt\u0131. Mirai, s\u0131k\u0131\u015ft\u0131r\u0131lm\u0131\u015f hidrojen gaz\u0131yla \u00e7al\u0131\u015fan ve sadece su emisyonu olan s\u0131f\u0131r emisyonlu bir ara\u00e7t\u0131r. Otomobil, havadan gelen oksijeni yak\u0131t deposundaki hidrojenle birle\u015ftirerek elektrik \u00fcreten bir yak\u0131t h\u00fccresinden g\u00fc\u00e7 al\u0131r.<\/p>\n<p><iframe loading=\"lazy\" title=\"Akio Toyoda Talks About The New Mirai: What Was your Goal for the Fuel Cell Sedan?\" width=\"640\" height=\"360\" src=\"https:\/\/www.youtube.com\/embed\/iQXog0blT1c?feature=oembed\" frameborder=\"0\" allow=\"accelerometer; autoplay; clipboard-write; encrypted-media; gyroscope; picture-in-picture\" allowfullscreen><\/iframe><\/p>\n<p><img decoding=\"async\" loading=\"lazy\" class=\"alignleft wp-image-46597 size-thumbnail\" src=\"https:\/\/www.alj.com\/app\/uploads\/2019\/07\/raad-e-al-saady-371x480-116x150.jpg\" alt=\"\" width=\"116\" height=\"150\" \/><\/p>\n<p>Abdul Latif Jameel\u2019den <a href=\"https:\/\/www.alj.com\/tr\/about\/our-people\/\">Raad Al Saady<\/a> \u015funlar\u0131 s\u00f6yledi: <em>\u201cToyota ile bu heyecan verici i\u015fbirli\u011fi, hidrojenle \u00e7al\u0131\u015fan ula\u015f\u0131m ara\u00e7lar\u0131n\u0131n tan\u0131t\u0131m\u0131 yoluyla Suudi Arabistan&#8217;\u0131n s\u00fcrd\u00fcr\u00fclebilir enerji gelece\u011fini in\u015fa etmeye uzun s\u00fcredir yapt\u0131\u011f\u0131m\u0131z kat\u0131l\u0131m\u0131 s\u00fcrd\u00fcr\u00fcyor. G\u00fcn\u00fcm\u00fczde \u00e7o\u011funlukla petrol veya do\u011fal gazdan \u00fcretilen hidrojen, s\u00fcr\u00fcc\u00fcye elektrikli ara\u00e7lara k\u0131yasla \u00e7ok daha y\u00fcksek s\u00fcr\u00fc\u015f mesafesiyle ayn\u0131 be\u015f dakikal\u0131k benzin istasyonu yak\u0131t\u0131 deneyimini sunan temiz ve s\u00fcrd\u00fcr\u00fclebilir bir yak\u0131tt\u0131r.\u201d<\/em><\/p>\n<p>Abdul Latif Jameel, uzun y\u0131llar boyunca, hidrojen yak\u0131t h\u00fccreli ara\u00e7lar\u0131n mobilite i\u00e7in ye\u015fil yeni bir gelece\u011fe y\u00f6nelik devam eden geli\u015ftirme, teslimat ve yayg\u0131n entegrasyonu konusunda Toyota Motor Corporation ile birlikte \u00e7al\u0131\u015fmay\u0131 d\u00f6rt g\u00f6zle bekliyor.<\/p>\n<p><a href=\"#_ftnref1\" name=\"_ftn1\">[1]<\/a> <a href=\"https:\/\/www.weforum.org\/agenda\/2019\/06\/how-hydrogen-can-offer-a-clean-energy-future\">How hydrogen can offer a clean energy future<\/a>, World Economic Forum, 5 June 2019<\/p>\n<p><a href=\"#_ftnref2\" name=\"_ftn2\">[2]<\/a> <a href=\"https:\/\/www.iea.org\/hydrogen2019\/\">The Future of Hydrogen<\/a>, IEA, accessed August 2019<\/p>\n<p><a href=\"#_ftnref3\" name=\"_ftn3\">[3]<\/a> <a href=\"https:\/\/asia.nikkei.com\/Business\/Business-trends\/Fuel-cell-cars-in-for-a-lift-as-Japan-looks-to-expand-infrastructure\">Fuel cell cars in for a lift as Japan looks to expand infrastructure<\/a>, Nikkei Asian Review, 6 March 2018<\/p>\n<p><a href=\"#_ftnref4\" name=\"_ftn4\">[4]<\/a> <a href=\"https:\/\/www.digitaltrends.com\/cars\/hydrogen-fuel-cell-vehicles-thriving-california\/\">The coming hydrogen fuel cell evolution<\/a>, Digital Trends, 21 July 2018<\/p>\n<p><a href=\"#_ftnref5\" name=\"_ftn5\">[5]<\/a> <a href=\"https:\/\/www.iea.org\/hydrogen2019\/\">The Future of Hydrogen<\/a>, IEA, accessed August 2019<\/p>\n<p><a href=\"#_ftnref6\" name=\"_ftn6\">[6]<\/a> <a href=\"https:\/\/www.iea.org\/hydrogen2019\/\">The Future of Hydrogen<\/a>, IEA, accessed August 2019<\/p>\n<p><a href=\"#_ftnref7\" name=\"_ftn7\">[7]<\/a> <a href=\"https:\/\/www.iea.org\/hydrogen2019\/\">The Future of Hydrogen<\/a>, IEA, accessed August 2019<\/p>\n<p><a href=\"#_ftnref8\" name=\"_ftn8\">[8]<\/a> <a href=\"https:\/\/www.iea.org\/reports\/the-future-of-hydrogen\">The Future of Hydrogen<\/a>, IEA, June 2019<\/p>\n<p><a href=\"#_ftnref9\" name=\"_ftn9\">[9]<\/a> <a href=\"https:\/\/www.scmp.com\/news\/china\/article\/3014275\/wan-gang-chinas-father-electric-cars-thinks-hydrogen-future\">Wan Gang, China\u2019s father of electric cars, thinks hydrogen is the future<\/a>, South China Morning Post, 13 June 2019<\/p>\n<p><a href=\"#_ftnref10\" name=\"_ftn10\">[10]<\/a> <a href=\"https:\/\/www.bloomberg.com\/news\/articles\/2019-06-12\/china-s-father-of-electric-cars-thinks-hydrogen-is-the-future\">China\u2019s Father of Electric Cars Says Hydrogen Is the Future<\/a>, Bloomberg, 12 June 2019<\/p>\n<p><a href=\"#_ftnref11\" name=\"_ftn11\">[11]<\/a> <a href=\"https:\/\/www.mitsui.com\/mgssi\/en\/report\/detail\/__icsFiles\/afieldfile\/2019\/05\/17\/1903_matsumoto_e.pdf\">Development Potential of Hydrogen Fuel Cell Electric Vehicles in China<\/a>, Mitsui &amp; Co, March 2019<\/p>\n<p><a href=\"#_ftnref12\" name=\"_ftn12\">[12]<\/a> <a href=\"https:\/\/asia.nikkei.com\/Business\/Business-trends\/Fuel-cell-cars-in-for-a-lift-as-Japan-looks-to-expand-infrastructure\">Fuel cell cars in for a lift as Japan looks to expand infrastructure<\/a>, Nikkei Asian Review, 6 March 2018<\/p>\n<p><a href=\"#_ftnref13\" name=\"_ftn13\">[13]<\/a> <a href=\"https:\/\/asia.nikkei.com\/Business\/Business-trends\/Fuel-cell-cars-in-for-a-lift-as-Japan-looks-to-expand-infrastructure\">Fuel cell cars in for a lift as Japan looks to expand infrastructure<\/a>, Nikkei Asian Review, 6 March 2018<\/p>\n<p><a href=\"#_ftnref14\" name=\"_ftn14\">[14]<\/a> <a href=\"https:\/\/www.greencarreports.com\/news\/1123693_the-godfather-of-evs-in-china-has-turned-his-attention-to-hydrogen-cars\">The godfather of EVs in China has turned his attention to hydrogen cars<\/a>, Green Car Reports, 20 June 2019<\/p>\n<p><a href=\"#_ftnref15\" name=\"_ftn15\">[15]<\/a> <a href=\"https:\/\/www.engineering.com\/DesignerEdge\/DesignerEdgeArticles\/ArticleID\/18847\/Japan-Sees-Big-Future-in-Hydrogen-Cars.aspx\">Japan Sees Big Future in Hydrogen Cars<\/a>, Engineering.com, 9 April 2019<\/p>\n<p><a href=\"#_ftnref16\" name=\"_ftn16\">[16]<\/a> <a href=\"https:\/\/www.thechemicalengineer.com\/features\/japan-taking-a-lead-in-hydrogen\/\">Japan: Taking a Lead in Hydrogen<\/a>, The Chemical Engineer, 1 April 2019<\/p>\n<p><a href=\"#_ftnref17\" name=\"_ftn17\">[17]<\/a> <a href=\"https:\/\/www.ft.com\/content\/c586475e-7260-11e9-bf5c-6eeb837566c5\">Japan\u2019s hydrogen dream: game-changer or a lot of hot air?<\/a> Financial Times, 17 June 2019<\/p>\n<p><a href=\"#_ftnref18\" name=\"_ftn18\">[18]<\/a> <a href=\"http:\/\/www.fchea.org\/in-transition\/2019\/3\/11\/japan-fuel-cell-developments\">Japan Fuel Cell Developments<\/a>, Fuel Cell and Hydrogen Energy Association, 11 March 2019<\/p>\n<p><a href=\"#_ftnref19\" name=\"_ftn19\">[19]<\/a> <a href=\"https:\/\/www.engineering.com\/DesignerEdge\/DesignerEdgeArticles\/ArticleID\/18847\/Japan-Sees-Big-Future-in-Hydrogen-Cars.aspx\">Japan Sees Big Future in Hydrogen Cars<\/a>, Engineering.com, 9 April 2019<\/p>\n<p><a href=\"#_ftnref20\" name=\"_ftn20\">[20]<\/a> <a href=\"https:\/\/www.npr.org\/2019\/03\/18\/700877189\/japan-is-betting-big-on-the-future-of-hydrogen-cars?t=1563897685502&amp;t=1563958789533\">Japan Is Betting Big On The Future Of Hydrogen Cars<\/a>, NPR, 18 March 2019<\/p>\n<p><a href=\"#_ftnref21\" name=\"_ftn21\">[21]<\/a> <a href=\"https:\/\/worldbusiness.org\/california-hydrogen-infrastructure\/\">California Doubles Down on Hydrogen Infrastructure<\/a>, World Business Academy, accessed July 2019<\/p>\n<p><a href=\"#_ftnref22\" name=\"_ftn22\">[22]<\/a> <a href=\"https:\/\/worldbusiness.org\/california-hydrogen-infrastructure\/\">California Doubles Down on Hydrogen Infrastructure<\/a>, World Business Academy, accessed July 2019<\/p>\n<p><a href=\"#_ftnref23\" name=\"_ftn23\">[23]<\/a> <a href=\"https:\/\/www.digitaltrends.com\/cars\/hydrogen-fuel-cell-vehicles-thriving-california\/\">The coming hydrogen fuel cell evolution<\/a>, Digital Trends, 21 July 2018<\/p>\n<p><a href=\"#_ftnref24\" name=\"_ftn24\">[24]<\/a> <a href=\"https:\/\/www.greencarreports.com\/news\/1123693_the-godfather-of-evs-in-china-has-turned-his-attention-to-hydrogen-cars\">The godfather of EVs in China has turned his attention to hydrogen cars<\/a>, Green Car Reports, 20 June 2019<\/p>\n<p><a href=\"#_ftnref25\" name=\"_ftn25\">[25]<\/a> <a href=\"https:\/\/www.forbes.com\/sites\/michaeltaylor\/2019\/07\/01\/bmw-promises-to-join-the-hydrogen-fuel-cell-party-soon\/#32f7e28c31ed\">BMW Promises To Join The Hydrogen Fuel Cell Party<\/a>, Forbes, 1 July 2019<\/p>\n<p><a href=\"#_ftnref26\" name=\"_ftn26\">[26]<\/a> <a href=\"https:\/\/www.forbes.com\/sites\/michaeltaylor\/2019\/07\/01\/bmw-promises-to-join-the-hydrogen-fuel-cell-party-soon\/#32f7e28c31ed\">BMW Promises To Join The Hydrogen Fuel Cell Party<\/a>, Forbes, 1 July 2019<\/p>\n<p><a href=\"#_ftnref27\" name=\"_ftn27\">[27]<\/a> <a href=\"https:\/\/alj.com\/en\/news\/saudi-aramco-air-products-build-saudi-arabias-first-hydrogen-fuel-cell-vehicle-fueling-station\/?id=media_center\">Saudi Aramco and Air Products to build Saudi Arabia\u2019s first hydrogen fuel cell vehicle fueling station<\/a>, Abdul Latif Jameel, 25 January 2019<\/p>\n<p><a href=\"#_ftnref28\" name=\"_ftn28\">[28]<\/a> <a href=\"https:\/\/www.reuters.com\/article\/us-toyota-hydrogen\/toyota-plans-to-expand-production-shrink-cost-of-hydrogen-fuel-cell-vehicles-idUSKBN1KG0Y0\">Toyota plans to expand production, shrink cost of hydrogen fuel cell vehicles<\/a>, Reuters, 26 July 2018<\/p>\n","protected":false},"author":18,"featured_media":50743,"template":"","tags":[],"acf":[],"yoast_head":"<!-- This site is optimized with the Yoast SEO plugin v21.5 - https:\/\/yoast.com\/wordpress\/plugins\/seo\/ -->\n<title>S\u0131f\u0131r Emisyon Ula\u015f\u0131mda Hidrojen \u00c7\u00f6z\u00fcm\u00fc? | Abdul Latif Jameel\u00ae<\/title>\n<meta name=\"description\" content=\"Hidrojen yak\u0131t h\u00fccresi teknolojisi, geni\u015f bir ara\u00e7 yelpazesinde s\u00fcrd\u00fcr\u00fclebilir s\u0131f\u0131r emisyon \u00e7\u00f6z\u00fcm\u00fc sunabilir ve yak\u0131t h\u00fccreli elektrikli ara\u00e7 sat\u0131\u015flar\u0131n\u0131 yakalar.\" \/>\n<meta name=\"robots\" content=\"index, follow, max-snippet:-1, max-image-preview:large, max-video-preview:-1\" \/>\n<link rel=\"canonical\" href=\"https:\/\/alj.com\/tr\/perspective\/hydrogen-the-key-driver-to-zero-emission-transport\/\" \/>\n<meta property=\"og:locale\" content=\"tr_TR\" \/>\n<meta property=\"og:type\" content=\"article\" \/>\n<meta property=\"og:title\" content=\"S\u0131f\u0131r Emisyon Ula\u015f\u0131mda Hidrojen \u00c7\u00f6z\u00fcm\u00fc? | Abdul Latif Jameel\u00ae\" \/>\n<meta property=\"og:description\" content=\"Hidrojen yak\u0131t h\u00fccresi teknolojisi, geni\u015f bir ara\u00e7 yelpazesinde s\u00fcrd\u00fcr\u00fclebilir s\u0131f\u0131r emisyon \u00e7\u00f6z\u00fcm\u00fc sunabilir ve yak\u0131t h\u00fccreli elektrikli ara\u00e7 sat\u0131\u015flar\u0131n\u0131 yakalar.\" \/>\n<meta property=\"og:url\" content=\"https:\/\/alj.com\/tr\/perspective\/hydrogen-the-key-driver-to-zero-emission-transport\/\" \/>\n<meta property=\"og:site_name\" content=\"Abdul Latif Jameel\" \/>\n<meta property=\"article:publisher\" content=\"https:\/\/www.facebook.com\/Abdul.Latif.Jameel.Official\" \/>\n<meta property=\"article:modified_time\" content=\"2022-12-30T08:29:28+00:00\" \/>\n<meta property=\"og:image\" content=\"https:\/\/media.alj.com\/app\/uploads\/2019\/08\/0.png\" \/>\n\t<meta property=\"og:image:width\" content=\"800\" \/>\n\t<meta property=\"og:image:height\" content=\"450\" \/>\n\t<meta property=\"og:image:type\" content=\"image\/png\" \/>\n<meta name=\"twitter:card\" content=\"summary_large_image\" \/>\n<meta name=\"twitter:label1\" content=\"Est. reading time\" \/>\n\t<meta name=\"twitter:data1\" content=\"13 minutes\" \/>\n<script type=\"application\/ld+json\" class=\"yoast-schema-graph\">{\"@context\":\"https:\/\/schema.org\",\"@graph\":[{\"@type\":\"WebPage\",\"@id\":\"https:\/\/alj.com\/tr\/perspective\/hydrogen-the-key-driver-to-zero-emission-transport\/\",\"url\":\"https:\/\/alj.com\/tr\/perspective\/hydrogen-the-key-driver-to-zero-emission-transport\/\",\"name\":\"S\u0131f\u0131r Emisyon Ula\u015f\u0131mda Hidrojen \u00c7\u00f6z\u00fcm\u00fc? | Abdul Latif Jameel\u00ae\",\"isPartOf\":{\"@id\":\"https:\/\/alj.com\/en\/#website\"},\"datePublished\":\"2019-08-19T13:03:58+00:00\",\"dateModified\":\"2022-12-30T08:29:28+00:00\",\"description\":\"Hidrojen yak\u0131t h\u00fccresi teknolojisi, geni\u015f bir ara\u00e7 yelpazesinde s\u00fcrd\u00fcr\u00fclebilir s\u0131f\u0131r emisyon \u00e7\u00f6z\u00fcm\u00fc sunabilir ve yak\u0131t h\u00fccreli elektrikli ara\u00e7 sat\u0131\u015flar\u0131n\u0131 yakalar.\",\"breadcrumb\":{\"@id\":\"https:\/\/alj.com\/tr\/perspective\/hydrogen-the-key-driver-to-zero-emission-transport\/#breadcrumb\"},\"inLanguage\":\"tr\",\"potentialAction\":[{\"@type\":\"ReadAction\",\"target\":[\"https:\/\/alj.com\/tr\/perspective\/hydrogen-the-key-driver-to-zero-emission-transport\/\"]}]},{\"@type\":\"BreadcrumbList\",\"@id\":\"https:\/\/alj.com\/tr\/perspective\/hydrogen-the-key-driver-to-zero-emission-transport\/#breadcrumb\",\"itemListElement\":[{\"@type\":\"ListItem\",\"position\":1,\"name\":\"Home\",\"item\":\"https:\/\/alj.com\/tr\/\"},{\"@type\":\"ListItem\",\"position\":2,\"name\":\"Perspectives\",\"item\":\"https:\/\/alj.com\/ja\/perspective\/\"},{\"@type\":\"ListItem\",\"position\":3,\"name\":\"Hidrojen: S\u0131f\u0131r emisyonlu ta\u015f\u0131mac\u0131l\u0131\u011f\u0131n kilit oyuncusu?\"}]},{\"@type\":\"WebSite\",\"@id\":\"https:\/\/alj.com\/en\/#website\",\"url\":\"https:\/\/alj.com\/en\/\",\"name\":\"Abdul Latif Jameel\",\"description\":\"Abdul Latif Jameel\",\"potentialAction\":[{\"@type\":\"SearchAction\",\"target\":{\"@type\":\"EntryPoint\",\"urlTemplate\":\"https:\/\/alj.com\/en\/?s={search_term_string}\"},\"query-input\":\"required name=search_term_string\"}],\"inLanguage\":\"tr\"}]}<\/script>\n<!-- \/ Yoast SEO plugin. -->","yoast_head_json":{"title":"S\u0131f\u0131r Emisyon Ula\u015f\u0131mda Hidrojen \u00c7\u00f6z\u00fcm\u00fc? | Abdul Latif Jameel\u00ae","description":"Hidrojen yak\u0131t h\u00fccresi teknolojisi, geni\u015f bir ara\u00e7 yelpazesinde s\u00fcrd\u00fcr\u00fclebilir s\u0131f\u0131r emisyon \u00e7\u00f6z\u00fcm\u00fc sunabilir ve yak\u0131t h\u00fccreli elektrikli ara\u00e7 sat\u0131\u015flar\u0131n\u0131 yakalar.","robots":{"index":"index","follow":"follow","max-snippet":"max-snippet:-1","max-image-preview":"max-image-preview:large","max-video-preview":"max-video-preview:-1"},"canonical":"https:\/\/alj.com\/tr\/perspective\/hydrogen-the-key-driver-to-zero-emission-transport\/","og_locale":"tr_TR","og_type":"article","og_title":"S\u0131f\u0131r Emisyon Ula\u015f\u0131mda Hidrojen \u00c7\u00f6z\u00fcm\u00fc? | Abdul Latif Jameel\u00ae","og_description":"Hidrojen yak\u0131t h\u00fccresi teknolojisi, geni\u015f bir ara\u00e7 yelpazesinde s\u00fcrd\u00fcr\u00fclebilir s\u0131f\u0131r emisyon \u00e7\u00f6z\u00fcm\u00fc sunabilir ve yak\u0131t h\u00fccreli elektrikli ara\u00e7 sat\u0131\u015flar\u0131n\u0131 yakalar.","og_url":"https:\/\/alj.com\/tr\/perspective\/hydrogen-the-key-driver-to-zero-emission-transport\/","og_site_name":"Abdul Latif Jameel","article_publisher":"https:\/\/www.facebook.com\/Abdul.Latif.Jameel.Official","article_modified_time":"2022-12-30T08:29:28+00:00","og_image":[{"width":800,"height":450,"url":"https:\/\/media.alj.com\/app\/uploads\/2019\/08\/0.png","type":"image\/png"}],"twitter_card":"summary_large_image","twitter_misc":{"Est. reading time":"13 minutes"},"schema":{"@context":"https:\/\/schema.org","@graph":[{"@type":"WebPage","@id":"https:\/\/alj.com\/tr\/perspective\/hydrogen-the-key-driver-to-zero-emission-transport\/","url":"https:\/\/alj.com\/tr\/perspective\/hydrogen-the-key-driver-to-zero-emission-transport\/","name":"S\u0131f\u0131r Emisyon Ula\u015f\u0131mda Hidrojen \u00c7\u00f6z\u00fcm\u00fc? | Abdul Latif Jameel\u00ae","isPartOf":{"@id":"https:\/\/alj.com\/en\/#website"},"datePublished":"2019-08-19T13:03:58+00:00","dateModified":"2022-12-30T08:29:28+00:00","description":"Hidrojen yak\u0131t h\u00fccresi teknolojisi, geni\u015f bir ara\u00e7 yelpazesinde s\u00fcrd\u00fcr\u00fclebilir s\u0131f\u0131r emisyon \u00e7\u00f6z\u00fcm\u00fc sunabilir ve yak\u0131t h\u00fccreli elektrikli ara\u00e7 sat\u0131\u015flar\u0131n\u0131 yakalar.","breadcrumb":{"@id":"https:\/\/alj.com\/tr\/perspective\/hydrogen-the-key-driver-to-zero-emission-transport\/#breadcrumb"},"inLanguage":"tr","potentialAction":[{"@type":"ReadAction","target":["https:\/\/alj.com\/tr\/perspective\/hydrogen-the-key-driver-to-zero-emission-transport\/"]}]},{"@type":"BreadcrumbList","@id":"https:\/\/alj.com\/tr\/perspective\/hydrogen-the-key-driver-to-zero-emission-transport\/#breadcrumb","itemListElement":[{"@type":"ListItem","position":1,"name":"Home","item":"https:\/\/alj.com\/tr\/"},{"@type":"ListItem","position":2,"name":"Perspectives","item":"https:\/\/alj.com\/ja\/perspective\/"},{"@type":"ListItem","position":3,"name":"Hidrojen: S\u0131f\u0131r emisyonlu ta\u015f\u0131mac\u0131l\u0131\u011f\u0131n kilit oyuncusu?"}]},{"@type":"WebSite","@id":"https:\/\/alj.com\/en\/#website","url":"https:\/\/alj.com\/en\/","name":"Abdul Latif Jameel","description":"Abdul Latif Jameel","potentialAction":[{"@type":"SearchAction","target":{"@type":"EntryPoint","urlTemplate":"https:\/\/alj.com\/en\/?s={search_term_string}"},"query-input":"required name=search_term_string"}],"inLanguage":"tr"}]}},"post-meta-fields":{"_alp_processed":["1566465822"],"_wpml_word_count":["{\"total\":2319,\"to_translate\":{\"ar\":2319,\"zh-hans\":2319,\"fr\":2319,\"ja\":2319,\"es\":2319,\"tr\":2319}}"],"push_notification":["no"],"_push_notification":["field_5c3b1fb67034d"],"_wpml_media_featured":["1"],"_wpml_media_duplicate":["1"],"_oembed_55090437323bb0220b96019a5f9f5727":["<iframe title=\"China&#039;s Father of Electric Cars Says Hydrogen Is the Future\" width=\"640\" height=\"360\" src=\"https:\/\/www.youtube.com\/embed\/dba6qyFr39k?feature=oembed\" frameborder=\"0\" allow=\"accelerometer; autoplay; clipboard-write; encrypted-media; gyroscope; picture-in-picture\" allowfullscreen><\/iframe>"],"_oembed_time_55090437323bb0220b96019a5f9f5727":["1672388979"],"_oembed_e5297d8e47a6c45c50c51422514c90e0":["<iframe title=\"Akio Toyoda Talks About The New Mirai: What Was your Goal for the Fuel Cell Sedan?\" width=\"640\" height=\"360\" src=\"https:\/\/www.youtube.com\/embed\/iQXog0blT1c?feature=oembed\" frameborder=\"0\" allow=\"accelerometer; autoplay; clipboard-write; encrypted-media; gyroscope; picture-in-picture\" allowfullscreen><\/iframe>"],"_oembed_time_e5297d8e47a6c45c50c51422514c90e0":["1672388979"],"perspective_short_title":["Hidrojen: S\u0131f\u0131r emisyonlu ta\u015f\u0131mac\u0131l\u0131\u011f\u0131n kilit oyuncusu?"],"perspective_summury":["<p>Hidrojen gelece\u011fin s\u00fcrd\u00fcr\u00fclebilir otomotiv yak\u0131t\u0131 olarak bir at\u0131l\u0131m\u0131n zirvesinde olabilir mi?<\/p>\n"],"perspective_location":["Dubai, Birle\u015fik Arap Emirlikleri"],"wpcf-featured-news":["0"],"is_latest_news":["0"],"wpcf-show-news-at-homepage":["1"],"publish_mobile":["a:1:{i:0;s:3:\"yes\";}"],"_publish_mobile":["field_5bfa8eb2e65cf"],"mobile_featured_image":["https:\/\/media.alj.com\/app\/uploads\/2019\/08\/0.png"],"_mobile_featured_image":["field_5c3b204983dea"],"_yoast_wpseo_content_score":["30"],"_thumbnail_id":["50743"],"_last_translation_edit_mode":["native-editor"],"post_views_count_2019Sep":["41"],"post_views_count_2019Oct":["33"],"post_views_count_2019Nov":["17"],"_yoast_wpseo_title":["S\u0131f\u0131r Emisyon Ula\u015f\u0131mda Hidrojen \u00c7\u00f6z\u00fcm\u00fc? | Abdul Latif Jameel\u00ae"],"_yoast_wpseo_metadesc":["Hidrojen yak\u0131t h\u00fccresi teknolojisi, geni\u015f bir ara\u00e7 yelpazesinde s\u00fcrd\u00fcr\u00fclebilir s\u0131f\u0131r emisyon \u00e7\u00f6z\u00fcm\u00fc sunabilir ve yak\u0131t h\u00fccreli elektrikli ara\u00e7 sat\u0131\u015flar\u0131n\u0131 yakalar."],"post_views_count_2019Dec":["26"],"post_views_count_2020Jan":["26"],"post_views_count_2020Feb":["17"],"post_views_count_2020Mar":["29"],"post_views_count_2020Apr":["34"],"post_views_count_2020May":["25"],"_bsf_post_type":["0"],"_bsf_item_review_type":["none"],"post_views_count_2020Jun":["32"],"post_views_count_2020Jul":["24"],"post_views_count_2020Aug":["18"],"wpcf-perspective-published-date":["1567382400"],"post_views_count_2020Sep":["18"],"post_views_count_2020Oct":["26"],"post_views_count_2020Nov":["23"],"post_views_count_2020Dec":["18"],"post_views_count_2021Jan":["22"],"post_views_count_2021Feb":["26"],"post_views_count_2021Mar":["33"],"post_views_count_2021Apr":["22"],"post_views_count_2021May":["21"],"post_views_count_2021Jun":["4"],"post_views_count_2021Jul":["20"],"post_views_total_count":["20"],"_edit_lock":["1672388841:21"],"_edit_last":["21"],"perspective_business_sector":["Ula\u015f\u0131m"],"featured_on_listing_page":["0"],"_featured_on_listing_page":["field_62458ea7383c3"],"content_series_applied":[""],"_content_series_applied":["field_60f3d3faf82ac"],"wpcf-perspective-downloadable_file":[""],"wpcf-card-image":[""],"_wpcf-card-image-sort-order":["a:1:{i:0;i:1391135;}"],"wpcf-projecttitle":[""],"wpcf-projectdescription":[""],"wpcf-projectimage-video1":["image"],"wpcf-projectimage-1":[""],"wpcf-projectvideo-1":[""],"wpcf-projectdescription-1":[""],"wpcf-projectimage-video2":["image"],"wpcf-projectimage-2":[""],"wpcf-projectvideo-2":[""],"wpcf-projectdescription-2":[""],"wpcf-projectimage-video3":["image"],"wpcf-projectimage-3":[""],"wpcf-projectvideo-3":[""],"wpcf-projectdescription-3":[""],"wpcf-projectimage-video4":["image"],"wpcf-projectimage-4":[""],"wpcf-projectvideo-4":[""],"wpcf-projectdescription-4":[""],"wpcf-video-description":[""],"wpcf-layoutvideourl":[""],"wpcf-video-thumb":[""],"wpcf-social4-svg":[""],"wpcf-social4-background-image":[""],"wpcf-social4-text":[""],"wpcf-social4-url":[""],"wpcf-social3-svg":[""],"wpcf-social3-background-image":[""],"wpcf-social3-text":[""],"wpcf-social3-url":[""],"wpcf-social-text-svg-square":[""],"wpcf-social-text-image-square":[""],"wpcf-social-text-text-square":[""],"wpcf-social-text-url-square":[""],"wpcf-social2-svg":[""],"wpcf-social2-background-image":[""],"wpcf-social2-text":[""],"wpcf-social2-url":[""],"wpcf-social-svg-square":[""],"wpcf-social-image-square":[""],"wpcf-social-text-square":[""],"wpcf-social-url-square":[""],"wpcf-social1-svg":[""],"wpcf-social1-background-image":[""],"wpcf-social1-text":[""],"wpcf-social1-url":[""],"wpcf-quotes-with-auther-text-1":[""],"wpcf-card_article_with_title_content":[""],"wpcf-card_article_content":["<p>write your content<\/p>"],"wpcf-quotes-with-auther-text":[""],"_yoast_wpseo_estimated-reading-time-minutes":[""],"_yoast_wpseo_wordproof_timestamp":[""]},"_links":{"self":[{"href":"https:\/\/alj.com\/tr\/wp-json\/wp\/v2\/perspective\/50784"}],"collection":[{"href":"https:\/\/alj.com\/tr\/wp-json\/wp\/v2\/perspective"}],"about":[{"href":"https:\/\/alj.com\/tr\/wp-json\/wp\/v2\/types\/perspective"}],"author":[{"embeddable":true,"href":"https:\/\/alj.com\/tr\/wp-json\/wp\/v2\/users\/18"}],"wp:featuredmedia":[{"embeddable":true,"href":"https:\/\/alj.com\/tr\/wp-json\/wp\/v2\/media\/50743"}],"wp:attachment":[{"href":"https:\/\/alj.com\/tr\/wp-json\/wp\/v2\/media?parent=50784"}],"wp:term":[{"taxonomy":"post_tag","embeddable":true,"href":"https:\/\/alj.com\/tr\/wp-json\/wp\/v2\/tags?post=50784"}],"curies":[{"name":"wp","href":"https:\/\/api.w.org\/{rel}","templated":true}]}}