{"id":70918,"date":"2020-06-01T07:37:29","date_gmt":"2020-06-01T07:37:29","guid":{"rendered":"https:\/\/www.alj.com\/perspective\/if-a-wind-blows-ride-it\/"},"modified":"2025-10-14T08:38:04","modified_gmt":"2025-10-14T08:38:04","slug":"if-a-wind-blows-ride-it","status":"publish","type":"perspective","link":"https:\/\/alj.com\/tr\/perspective\/if-a-wind-blows-ride-it\/","title":{"rendered":"R\u00fczg\u00e2r eserse kanat a\u00e7"},"content":{"rendered":"<p><img decoding=\"async\" loading=\"lazy\" class=\"size-medium wp-image-52126 alignleft\" src=\"https:\/\/www.alj.com\/app\/uploads\/2019\/10\/mohammed-abdul-latif-jameel-371x480-232x300.jpg\" alt=\"Mohammed Jameel\" width=\"232\" height=\"300\" srcset=\"https:\/\/media.alj.com\/app\/uploads\/2019\/10\/mohammed-abdul-latif-jameel-371x480-232x300.jpg 232w, https:\/\/media.alj.com\/app\/uploads\/2019\/10\/mohammed-abdul-latif-jameel-371x480-116x150.jpg 116w, https:\/\/media.alj.com\/app\/uploads\/2019\/10\/mohammed-abdul-latif-jameel-371x480.jpg 371w\" sizes=\"(max-width: 232px) 100vw, 232px\" \/><\/p>\n<p><strong><em>&#8220;Arap atas\u00f6z\u00fc \u2013 \u2018R\u00fczg\u00e2r eserse kanat a\u00e7!\u2019 \u2013 Abdul Latif Jameel\u2019in kurucusu olan babam\u0131n dilinden d\u00fc\u015fmezdi. Bu s\u00f6z kendisinin \u015firketimizde bug\u00fcn de ya\u015famakta olan \u00f6nc\u00fc ve giri\u015fimci ruhunu \u00f6zetlemektedir.\u201d <\/em><\/strong><a href=\"https:\/\/www.alj.com\/en\/our-people\/mohammed-abdul-latif-jameel\/\">Mohammed Abdul Latif Jameel<\/a>, <a href=\"https:\/\/alj.com\">Abdul Latif Jameel<\/a> Y\u00f6netim Kurulu Ba\u015fkan\u0131 ve \u0130cra Kurulu Ba\u015fkan\u0131<\/p>\n<p>Geriye d\u00f6n\u00fcp bakt\u0131\u011f\u0131m\u0131zda, bu atas\u00f6z\u00fcn\u00fcn ne kadar uygun oldu\u011funu anl\u0131yoruz. \u00d6zellikle de <em>ticaret r\u00fczg\u00e2rlar\u0131<\/em> (D\u00fcnya&#8217;n\u0131n ekvatoral b\u00f6lgesinde s\u00fcrekli olarak do\u011fudan bat\u0131ya esen r\u00fczgarlar) olarak bilinen r\u00fczg\u00e2rlarda yelken a\u00e7mak, b\u00fcy\u00fck yelkenli gemilerin kaptanlar\u0131 taraf\u0131ndan D\u00fcnya okyanuslar\u0131n\u0131 ge\u00e7mek i\u00e7in y\u00fczy\u0131llar boyunca kullan\u0131lan bir tekniktir ve bu ki\u015filer, Atlantik ve Pasifik okyanuslar\u0131nda ticaret yollar\u0131n\u0131 kurarak k\u00fcresel ticaretin ke\u015ffini ve geni\u015flemesini sa\u011flam\u0131\u015flard\u0131r.<\/p>\n<p>Bug\u00fcn, Abdul Latif Jameel i\u015fletmesi, alt\u0131 k\u0131tada 30 \u00fclkede \u00e7e\u015fitli operasyonlar\u0131 \u00e7e\u015fitlendirdi, 40&#8217;tan fazla milletten 11.000&#8217;den fazla ki\u015fiyi istihdam etti ve Londra, Jersey (Kanal Adalar\u0131), Amsterdam, Monako, \u0130stanbul, Cidde, Riyad, Chengdu ve Tokyo\u2019da kurumsal ofisler olu\u015fturdu.<\/p>\n<p>Fakat yetmi\u015f be\u015f y\u0131l \u00f6nce D\u00fcnya \u2013 ve bu i\u015f \u2013 \u00e7ok farkl\u0131yd\u0131.<\/p>\n<h2>Ba\u015flang\u0131\u00e7ta&#8230;<\/h2>\n<figure id=\"attachment_61971\" aria-describedby=\"caption-attachment-61971\" style=\"width: 238px\" class=\"wp-caption alignleft\"><img decoding=\"async\" loading=\"lazy\" class=\"wp-image-61971 size-medium\" src=\"https:\/\/www.alj.com\/app\/uploads\/2020\/06\/ALJ-Story-1-238x300.jpg\" alt=\"\" width=\"238\" height=\"300\" srcset=\"https:\/\/media.alj.com\/app\/uploads\/2020\/06\/ALJ-Story-1-238x300.jpg 238w, https:\/\/media.alj.com\/app\/uploads\/2020\/06\/ALJ-Story-1-812x1024.jpg 812w, https:\/\/media.alj.com\/app\/uploads\/2020\/06\/ALJ-Story-1-119x150.jpg 119w, https:\/\/media.alj.com\/app\/uploads\/2020\/06\/ALJ-Story-1-768x969.jpg 768w, https:\/\/media.alj.com\/app\/uploads\/2020\/06\/ALJ-Story-1.jpg 1015w\" sizes=\"(max-width: 238px) 100vw, 238px\" \/><figcaption id=\"caption-attachment-61971\" class=\"wp-caption-text\"><span style=\"font-size: 10px;\">Abdul Latif Jameel (1912 \u2013 1993)<\/span><\/figcaption><\/figure>\n<p>Zamanda geriye do\u011fru bir yolculuk yapal\u0131m&#8230; 1945 y\u0131l\u0131na.<\/p>\n<p>\u00c7o\u011fu insandan 1945&#8217;te meydana gelen \u00f6nemli bir olay\u0131 hat\u0131rlamas\u0131 istendi\u011finde, en yayg\u0131n cevap muhtemelen II. D\u00fcnya Sava\u015f\u0131&#8217;n\u0131n sonu olacakt\u0131r.<\/p>\n<p>Orta Do\u011fu&#8217;daki bir aile \u015firketi i\u00e7inse, 1945 y\u0131l\u0131, ayn\u0131 zamanda merhum \u015eeyh Abdul Latif Jameel&#8217;in Suudi Arabistan&#8217;da yeni i\u015fini kurdu\u011fu y\u0131ld\u0131r.<\/p>\n<p>Her \u015fey, Suudi Arabistan&#8217;\u0131n Cidde \u015fehrinde, K\u0131z\u0131ldeniz sahilindeki tozlu bir yolunda, Arap \u00e7\u00f6l\u00fcn\u00fcn sert kumlar\u0131yla \u00e7evrili tek bir benzin istasyonundan do\u011fdu.<\/p>\n<p>Ancak, alt\u0131 y\u0131l s\u00fcren k\u00fcresel krizin sona erdi\u011fi bu g\u00fcnlerde, Abdul Latif Jameel t\u00fcm d\u00fcnyada yeni bir r\u00fczg\u00e2r\u0131n esti\u011fini fark etti.<\/p>\n<p>Sava\u015ftan hemen \u00f6nce, 3 Mart 1938&#8217;de, Kuzey-Do\u011fu Suudi Arabistan&#8217;\u0131n Dammam kentinde bulunan bir Amerikan petrol kuyusu, yak\u0131nda d\u00fcnyan\u0131n en b\u00fcy\u00fck petrol kayna\u011f\u0131 olarak tan\u0131mlanacak bir kayna\u011fa ula\u015ft\u0131. (Bu kaynak, g\u00fcn\u00fcm\u00fcz\u00fcn enerji devlerinden biri haline gelecekti: Saudi-Aramco.<\/p>\n<p>Birinci D\u00fcnya Sava\u015f\u0131 sonras\u0131 <a href=\"https:\/\/www.un.org\/en\/\">Birle\u015fmi\u015f Milletler<\/a> olarak \u015fekil almaya ba\u015flayan Milletler Cemiyeti\u2019nin ve sava\u015f k\u00fcllerinden do\u011fan Avrupa ve Pasifik \u00fclkelerinin ekonomilerinin ve altyap\u0131lar\u0131n\u0131n muazzam bir \u015fekilde yeniden in\u015fas\u0131 sayesinde yeni bir \u00e7a\u011f h\u0131zla belirmekteydi.<\/p>\n<figure id=\"attachment_61978\" aria-describedby=\"caption-attachment-61978\" style=\"width: 510px\" class=\"wp-caption aligncenter\"><img decoding=\"async\" loading=\"lazy\" class=\"wp-image-61978 size-full\" src=\"https:\/\/www.alj.com\/app\/uploads\/2020\/06\/ALJ-Story-2.jpg\" alt=\"\" width=\"510\" height=\"330\" srcset=\"https:\/\/media.alj.com\/app\/uploads\/2020\/06\/ALJ-Story-2.jpg 510w, https:\/\/media.alj.com\/app\/uploads\/2020\/06\/ALJ-Story-2-300x194.jpg 300w, https:\/\/media.alj.com\/app\/uploads\/2020\/06\/ALJ-Story-2-150x97.jpg 150w\" sizes=\"(max-width: 510px) 100vw, 510px\" \/><figcaption id=\"caption-attachment-61978\" class=\"wp-caption-text\"><span style=\"font-size: 10px;\">Cidde, Suudi Arabistan, Haziran 1945:\u00a0 Cidde \u015fehrinde sokakta y\u00fcr\u00fcyen \u015fehir sakinlerinin g\u00f6r\u00fcn\u00fcm\u00fc.\u00a0 Y\u00fcksek \u00e7ok katl\u0131 binalar caddenin iki yan\u0131nda yer al\u0131yor.\u00a0 Zemin seviyesinde ise, geni\u015f g\u00fcne\u015f tenteli d\u00fckkanlar soka\u011fa bak\u0131yor.\u00a0 (Foto\u011fraf kredisi: Wilfred Thesiger (\u00a9 Pitt River M\u00fczesi)).<\/span><\/figcaption><\/figure>\n<p>Bu \u00e7a\u011f, k\u00fcresel i\u015fbirli\u011fi ve iyimserlik, toplu ta\u015f\u0131ma ve ileti\u015fim \u00e7a\u011f\u0131 olacak. H\u0131zla geli\u015fen teknolojilerle \u00e7al\u0131\u015fan ve f\u0131rsatlarla dolu bir d\u00fcnya.<\/p>\n<p>Abdul Latif Jameel, daha iyi ki\u015fisel ula\u015f\u0131m\u0131n hem i\u015fletmeleri hem de bireyleri birbirine ba\u011flay\u0131p g\u00fc\u00e7lendirebilece\u011fini ve b\u00f6ylece toplumun ekonomik geli\u015fimini ve \u00e7evresindeki insanlar\u0131n hayatlar\u0131n\u0131 ilerletebilece\u011fini g\u00f6rd\u00fc. Karl Benz&#8217;in 1888&#8217;deki bulu\u015fundan bu yana sadece elli y\u0131ldan biraz daha eski bir ge\u00e7mi\u015fe sahip olan motorlu ta\u015f\u0131t, bu yeni d\u00fcnyan\u0131n ve insanlar\u0131n ve mallar\u0131n her zamankinden daha h\u0131zl\u0131 ve kolay bir \u015fekilde dola\u015f\u0131m\u0131n\u0131 sa\u011flayan, mal, hizmet ve fikir ticaretinin art\u0131r\u0131lmas\u0131n\u0131 sa\u011flayan yeni kurulan i\u015f giri\u015fiminin kalbinde yer alacakt\u0131.<\/p>\n<p>\u0130lk Abdul Latif Jameel benzin istasyonu ba\u015far\u0131l\u0131 oldu. Ard\u0131ndan daha fazlas\u0131 geldi. Suudi Arabistan&#8217;daki araba m\u00fclkiyeti ve toplu ta\u015f\u0131ma da geli\u015ftik\u00e7e, ticaret olanaklar\u0131 da artt\u0131.<\/p>\n<p>Yeni h\u0131rslarla yeni kap\u0131lar ve yeni ufuklar a\u00e7man\u0131n, daha iyi hayatlar in\u015fa etmenin anahtar\u0131 oldu\u011fu bir d\u00f6nem olacakt\u0131.<\/p>\n<h2>F\u0131rsatlar\u0131 g\u00f6rebilen bir g\u00f6z<\/h2>\n<p>\u00d6n\u00fcm\u00fczdeki on y\u0131l i\u00e7inde Abdul Latif Jameel, ba\u015far\u0131l\u0131 bir i\u015fe d\u00f6n\u00fc\u015ft\u00fc. En iyi bildi\u011fi \u015feye ba\u011fl\u0131 kalman\u0131n daha az risk ta\u015f\u0131yaca\u011f\u0131 yakla\u015f\u0131m\u0131n\u0131 hakl\u0131 bir \u015fekilde benimseyebilirdi. Fakat Abdul Latif Jameel, kazand\u0131klar\u0131 \u00fczerinde yat\u0131p dinlenmeyi seven bir i\u015fadam\u0131 de\u011fildi. En b\u00fcy\u00fck f\u0131rsat\u0131n arabalar\u0131 yak\u0131tla doldurmak de\u011fil, onlar\u0131 satmak oldu\u011funu fark etti.<\/p>\n<p>1945&#8217;te Suudi Arabistan ve Japonya diplomatik ili\u015fkiler kurmu\u015f durumdayd\u0131; Abdul Latif Jameel, 10 y\u0131l sonra 1955 y\u0131l\u0131nda, Orta Do\u011fu&#8217;da geni\u015fleme f\u0131rsatlar\u0131 aray\u0131\u015f\u0131nda olan Toyota Motor Corporation adl\u0131, b\u00fcy\u00fcme a\u015famas\u0131nda olan bir Japon otomotiv \u00fcreticisine yakla\u015ft\u0131.<\/p>\n<p><figure id=\"attachment_61985\" aria-describedby=\"caption-attachment-61985\" style=\"width: 503px\" class=\"wp-caption aligncenter\"><img decoding=\"async\" loading=\"lazy\" class=\"wp-image-61985 size-full\" src=\"https:\/\/www.alj.com\/app\/uploads\/2020\/06\/ALJ-Story-3.jpg\" alt=\"\" width=\"503\" height=\"335\" srcset=\"https:\/\/media.alj.com\/app\/uploads\/2020\/06\/ALJ-Story-3.jpg 503w, https:\/\/media.alj.com\/app\/uploads\/2020\/06\/ALJ-Story-3-300x200.jpg 300w, https:\/\/media.alj.com\/app\/uploads\/2020\/06\/ALJ-Story-3-150x100.jpg 150w\" sizes=\"(max-width: 503px) 100vw, 503px\" \/><figcaption id=\"caption-attachment-61985\" class=\"wp-caption-text\"><span style=\"font-size: 10px;\">Sol: Sakichi Toyoda, Mucit ve giri\u015fimci [1867-1930], Sa\u011f: Toyota Motor Corp.&#8217;un kurucusu Kiichiro Toyoda [1894-1952]<\/span><\/figcaption><\/figure>Toyota Motor Corporation, 1937&#8217;de Kiichiro Toyoda taraf\u0131ndan Japonya&#8217;da kurulmu\u015ftu; ancak i\u015f d\u00fcnyas\u0131ndaki k\u00f6kleri, otomatik olarak kuma\u015f \u00f6rebilen Toyoda Otomatik Tezgah\u0131\u2019n\u0131 icat eden b\u00fcy\u00fck bir mucit olan babas\u0131 Sakichi Toyoda ile onlarca y\u0131l \u00f6ncesine uzan\u0131yor.<\/p>\n<p>Toyota, sadece 1940&#8217;larda ve 1950&#8217;lerin ba\u015f\u0131nda kendi ad\u0131na bir isim yapmaya ve uluslararas\u0131 alanda geni\u015flemeye ba\u015flad\u0131.<\/p>\n<p><iframe loading=\"lazy\" src=\"\/\/www.youtube.com\/embed\/bI2C9ADob7I\" width=\"560\" height=\"314\" allowfullscreen=\"allowfullscreen\"><\/iframe><\/p>\n<p>Abdul Latif Jameel gibi, g\u00fc\u00e7l\u00fc bir giri\u015fim ruhu ve f\u0131rsatlar\u0131 g\u00f6rmeye haz\u0131r keskin g\u00f6zleri olan bir aile i\u015fletmesiydi. Ara\u00e7lar\u0131n\u0131 Japonya d\u0131\u015f\u0131nda pazarlamaya hen\u00fcz ba\u015fl\u0131yordu. Abdul Latif Jameel&#8217;in yakla\u015f\u0131m\u0131 m\u00fckemmel bir zamanlamayd\u0131. B\u00fcy\u00fcyen bir i\u015fg\u00fcc\u00fc ve ideal showroomlar yapacak bir benzin istasyonu \u00f6n portf\u00f6y\u00fc ile kurulmu\u015f bir i\u015fti. Suudi Arabistan&#8217;da Toyota motorlu ara\u00e7lar\u0131n\u0131 da\u011f\u0131t\u0131m haklar\u0131n\u0131 g\u00fcvence alt\u0131na ald\u0131 ve d\u00f6rt erken arazi arac\u0131 i\u00e7in derhal sipari\u015f verdi.<\/p>\n<p>Abdul Latif Jameel\u2019in i\u015fleri geli\u015fmeye ba\u015flam\u0131\u015ft\u0131.<\/p>\n<p><img decoding=\"async\" loading=\"lazy\" class=\"size-full wp-image-61992 alignnone\" src=\"https:\/\/www.alj.com\/app\/uploads\/2020\/06\/ALJ-Story-4.jpg\" alt=\"\" width=\"1033\" height=\"659\" srcset=\"https:\/\/media.alj.com\/app\/uploads\/2020\/06\/ALJ-Story-4.jpg 1033w, https:\/\/media.alj.com\/app\/uploads\/2020\/06\/ALJ-Story-4-300x191.jpg 300w, https:\/\/media.alj.com\/app\/uploads\/2020\/06\/ALJ-Story-4-1024x653.jpg 1024w, https:\/\/media.alj.com\/app\/uploads\/2020\/06\/ALJ-Story-4-150x96.jpg 150w, https:\/\/media.alj.com\/app\/uploads\/2020\/06\/ALJ-Story-4-768x490.jpg 768w\" sizes=\"(max-width: 1033px) 100vw, 1033px\" \/><\/p>\n<h2>\u0130lerlemeye yat\u0131r\u0131m<\/h2>\n<p>\u0130\u015fyeri, h\u0131zla de\u011fi\u015fen bir d\u00fcnyada geli\u015fmek ve b\u00fcy\u00fcmek i\u00e7in yeterince \u00e7evik oldu\u011funu kan\u0131tlad\u0131. Kurucunun \u00e7al\u0131\u015fmalar\u0131na, mevcut Ba\u015fkan ve CEO Muhammed Abdul Latif Jameel de dahil olmak \u00fczere o\u011fullar\u0131 da kat\u0131ld\u0131.<\/p>\n<p>SSCB, 1957&#8217;de d\u00fcnyan\u0131n ilk uydusu Sputnik 1&#8217;i ba\u015far\u0131yla f\u0131rlatt\u0131\u011f\u0131nda, uzay yar\u0131\u015flar\u0131ndaki ilk devreyi kazand\u0131. ABD nihayet 1969&#8217;da ilk aya ini\u015f ile bu ba\u015far\u0131y\u0131 g\u00f6lgede b\u0131rakana kadar on y\u0131ldan fazla bir s\u00fcre ge\u00e7ecekti. Japonya, 1970\u2019de ilk uydusunu f\u0131rlatmas\u0131yla bu \u00fclkeleri takip etti; 2020 y\u0131l\u0131, bu \u00f6nemli olay\u0131n 50. y\u0131ld\u00f6n\u00fcm\u00fc.<\/p>\n<p>Suudi Arabistan, zengin do\u011fal kaynaklar\u0131 sayesinde h\u0131zla b\u00fcy\u00fcyen bir ekonomik etkiydi ve Avrupa, Kuzey Amerika ve Uzak Do\u011fu ekonomileri, teknolojiden ilham alan yeni bir \u00e7a\u011f\u0131n kucaklanmas\u0131 i\u00e7in ekonomik kemer s\u0131kma tedbirlerine son verme a\u015famas\u0131ndayd\u0131. Her evin bir radyosu vard\u0131. Hatta \u00e7o\u011funda televizyon da mevcuttu. Piyasalar s\u0131n\u0131rlar \u00f6tesine geni\u015fliyordu. Motorlu ta\u015f\u0131t sahipli\u011fi patlama ya\u015famaktayd\u0131 ve yabanc\u0131 seyahat art\u0131k s\u00fcper zenginlere \u00f6zg\u00fc de\u011fildi.<\/p>\n<figure id=\"attachment_61999\" aria-describedby=\"caption-attachment-61999\" style=\"width: 226px\" class=\"wp-caption alignleft\"><img decoding=\"async\" loading=\"lazy\" class=\"wp-image-61999 size-medium\" src=\"https:\/\/www.alj.com\/app\/uploads\/2020\/06\/ALJ-Story-5-226x300.png\" alt=\"\" width=\"226\" height=\"300\" srcset=\"https:\/\/media.alj.com\/app\/uploads\/2020\/06\/ALJ-Story-5-226x300.png 226w, https:\/\/media.alj.com\/app\/uploads\/2020\/06\/ALJ-Story-5-113x150.png 113w, https:\/\/media.alj.com\/app\/uploads\/2020\/06\/ALJ-Story-5.png 380w\" sizes=\"(max-width: 226px) 100vw, 226px\" \/><figcaption id=\"caption-attachment-61999\" class=\"wp-caption-text\"><span style=\"font-size: 10px;\">15 A\u011fustos 1981, Al-Jazeera Gazete reklam\u0131 Abdul Latif Jameel-Toyota 25. Y\u0131ld\u00f6n\u00fcm\u00fc yar\u0131\u015fmas\u0131 &#8211; \u00f6d\u00fcl: 1 milyon Suudi Riyali<\/span>.<\/figcaption><\/figure>\n<p>Abdul Latif Jameel i\u015fi b\u00fcy\u00fcd\u00fck\u00e7e Toyota ile olan ili\u015fki de b\u00fcy\u00fcd\u00fc. Abdul Latif Jameel&#8217;in o\u011fullar\u0131ndan biri Toyota&#8217;n\u0131n Japonya&#8217;daki genel merkezinde ge\u00e7ici e\u011fitim i\u00e7in zaman ge\u00e7irmi\u015fti; Mohammed Jameel ise MIT&#8217;e ge\u00e7meden \u00f6nce Japonya&#8217;da \u00fcniversiteye gitmi\u015f, torunlar\u0131 Fady ve Hassan Jameel de Tokyo&#8217;daki Sophia \u00dcniversitesi&#8217;nde e\u011fitim g\u00f6rm\u00fc\u015ft\u00fc. Japonya, sayg\u0131l\u0131 insanlar\u0131, zengin miraslar\u0131 ve k\u00fclt\u00fcrleri ve Japon i\u015f k\u00fclt\u00fcr\u00fc ile derin bir yak\u0131nl\u0131\u011f\u0131 yans\u0131t\u0131yor.<\/p>\n<p><em>Kaizen<\/em> (s\u00fcrekli iyile\u015ftirme) ve <em>genchi genbutsu<\/em> (gidin ve kendiniz g\u00f6r\u00fcn) ilkeleri, bug\u00fcn h\u00e2l\u00e2 i\u015fletmenin her y\u00f6n\u00fcne n\u00fcfuz etmi\u015f durumda.<\/p>\n<p>Toyota&#8217;n\u0131n deste\u011fi ve te\u015fvikiyle Abdul Latif Jameel, Orta Do\u011fu ve Kuzey Afrika&#8217;da di\u011fer da\u011f\u0131t\u0131m ve perakende f\u0131rsatlar\u0131n\u0131 arad\u0131 ve sonu\u00e7ta Fas, Cezayir, T\u00fcrkiye, \u00c7in ve Japonya, Monako ve bir s\u00fcre i\u00e7in Almanya ve Birle\u015fik Krall\u0131k\u2019ta Toyota ile ortakl\u0131k yapan d\u00fcnyan\u0131n \u00f6nde gelen ba\u011f\u0131ms\u0131z Toyota distrib\u00fct\u00f6rlerinden biri oldu.<\/p>\n<p>&nbsp;<\/p>\n<h2>Geni\u015fleme ve \u00e7e\u015fitlendirme<\/h2>\n<figure id=\"attachment_62006\" aria-describedby=\"caption-attachment-62006\" style=\"width: 220px\" class=\"wp-caption alignright\"><a href=\"https:\/\/www.aljfinance.com\/index.aspx\"><img decoding=\"async\" loading=\"lazy\" class=\"wp-image-62006 size-medium\" src=\"https:\/\/www.alj.com\/app\/uploads\/2020\/06\/ALJ-Story-6-220x300.png\" alt=\"\" width=\"220\" height=\"300\" srcset=\"https:\/\/media.alj.com\/app\/uploads\/2020\/06\/ALJ-Story-6-220x300.png 220w, https:\/\/media.alj.com\/app\/uploads\/2020\/06\/ALJ-Story-6-110x150.png 110w, https:\/\/media.alj.com\/app\/uploads\/2020\/06\/ALJ-Story-6.png 380w\" sizes=\"(max-width: 220px) 100vw, 220px\" \/><\/a><figcaption id=\"caption-attachment-62006\" class=\"wp-caption-text\"><span style=\"font-size: 10px;\">1970&#8217;lerden Abdul Latif Jameel Finans gazetesi ilan\u0131<\/span><\/figcaption><\/figure>\n<p><a href=\"https:\/\/www.aljfinance.com\/index.aspx\">Abdul Latif Jameel Finance<\/a>, bu b\u00fcy\u00fcmeyi desteklemek i\u00e7in 1979 y\u0131l\u0131nda, ba\u015flang\u0131\u00e7ta Suudi Arabistan&#8217;daki m\u00fc\u015fterilerin bir Toyota sat\u0131n almalar\u0131n\u0131 finanse etmelerini kolayla\u015ft\u0131rmak i\u00e7in kuruldu (bu i\u015fletme daha sonra <a href=\"http:\/\/elmobasher.com\/\">M\u0131s\u0131r<\/a> ve <a href=\"https:\/\/www.aljfinans.com.tr\/\">T\u00fcrkiye<\/a> b\u00f6lgelerine do\u011fru geni\u015fledi).<\/p>\n<p>Ayn\u0131 y\u0131l, b\u00fcy\u00fck bir t\u00fcketici <a href=\"https:\/\/readsea.com\">elektronik e\u015fyas\u0131<\/a> \u00fcreticisi olan Japonya ile ba\u011flant\u0131lar\u0131n\u0131 kullanarak, Suudi Arabistan&#8217;a elektronik ve dayan\u0131kl\u0131 t\u00fcketim mallar\u0131 ithal etmek ad\u0131na bir t\u00fcketici \u00fcr\u00fcnleri da\u011f\u0131t\u0131m\u0131 ve perakende i\u015fi kurdu.<\/p>\n<p>\u0130ki y\u0131l sonra, i\u015fletmelerin \u00fcr\u00fcnlerinin pazarlanmas\u0131n\u0131 desteklemek i\u00e7in bir a\u00e7\u0131k hava reklam \u015firketi kuruldu.<\/p>\n<p>Abdul Latif Jameel 1989 y\u0131l\u0131nda bir ba\u015fka Toyota markas\u0131 olan <a href=\"https:\/\/lexus.com.sa\">Lexus<\/a> yolcu ara\u00e7lar\u0131n\u0131n ihracat ve da\u011f\u0131t\u0131m\u0131na ba\u015flad\u0131 ve d\u00f6rt y\u0131l sonra Suudi Arabistan&#8217;daki ilk \u00f6zel Lexus merkezini a\u00e7t\u0131 (Riyad\u2019daki bu merkez, 2018 y\u0131l\u0131nda <a href=\"https:\/\/www.alj.com\/en\/news\/hassan-jameel-largest-lexus-center-in-saudi-arabia\/\">d\u00fcnyan\u0131n en b\u00fcy\u00fck Lexus merkezi<\/a> haline geldi).<\/p>\n<p><iframe loading=\"lazy\" src=\"\/\/www.youtube.com\/embed\/j1cJFCGy6ts\" width=\"560\" height=\"314\" allowfullscreen=\"allowfullscreen\"><\/iframe><\/p>\n<p>1996&#8217;ya gelindi\u011finde, i\u015f\u00a0yeri Kuzey Afrika&#8217;da, Asya&#8217;da faaliyet g\u00f6stermekteydi ve yak\u0131n bir tarihte (2019 y\u0131l\u0131nda bizimle olan 20. y\u0131ld\u00f6n\u00fcm\u00fcn\u00fc kutlayan) <a href=\"https:\/\/www.alj.com\/en\/perspective\/toyota-turkey-twenty-year-history\/\">T\u00fcrkiye<\/a> pazar\u0131na do\u011fru da geni\u015fleyecekti; bu kapsama, <a href=\"https:\/\/alj-japan.co.jp\/\">Japonya<\/a>\u2018daki genel bir ticaret \u015firketi ve <a href=\"https:\/\/www.alj.com\/en\/news\/celebrating-two-decades-of-success-and-partnership-in-china-for-abdul-latif-jameel-motors\/\">\u00c7in<\/a>\u2018deki (2019\u2019da 20. y\u0131l\u0131n\u0131 kutlayan) ilk bayilikleri de dahildi.<\/p>\n<p><img decoding=\"async\" loading=\"lazy\" class=\"size-full wp-image-62020 aligncenter\" src=\"https:\/\/www.alj.com\/app\/uploads\/2020\/06\/ALJ-Story-7.jpg\" alt=\"\" width=\"750\" height=\"581\" srcset=\"https:\/\/media.alj.com\/app\/uploads\/2020\/06\/ALJ-Story-7.jpg 750w, https:\/\/media.alj.com\/app\/uploads\/2020\/06\/ALJ-Story-7-300x232.jpg 300w, https:\/\/media.alj.com\/app\/uploads\/2020\/06\/ALJ-Story-7-150x116.jpg 150w\" sizes=\"(max-width: 750px) 100vw, 750px\" \/><\/p>\n<p>DENSO ve Daihatsu gibi yeni markalar\u0131 b\u00fcnyesine katt\u0131 ve otomotiv bayilerinden <a href=\"https:\/\/www.aljfinance.com\/index.aspx\">finans<\/a>, <a href=\"https:\/\/redsea.com\/en\/\">t\u00fcketici \u00fcr\u00fcnleri<\/a> ve <a href=\"http:\/\/www.delphysme.com\/\">reklam<\/a> alanlar\u0131na do\u011fru geni\u015fledi. Bunlar, i\u015fletmenin daha sonraki ba\u015far\u0131lar\u0131n\u0131n damgas\u0131n\u0131 vuracak olan \u00e7e\u015fitlendirmeye odaklanan giri\u015fimcilerin tohumlar\u0131n\u0131n at\u0131lma d\u00f6nemiydi: hepsi, \u00e7al\u0131\u015fmalar\u0131n yap\u0131ld\u0131\u011f\u0131 \u00fclke ve topluluklarda hayat kalitesini art\u0131rma odakl\u0131, yeni f\u0131rsatlardan yararlanmak ve yeni sekt\u00f6rlerde de\u011ferli stratejik ortakl\u0131klar geli\u015ftirmek gibi giri\u015fimler yoluyla.<\/p>\n<p>Kurucu Abdul Latif Jameel, ilk y\u0131llardan beri ba\u015fkalar\u0131na yard\u0131m etmenin ve toplumu desteklemenin, d\u00fczenli olarak iyi nedenler ve sosyal giri\u015fimler i\u00e7in finansman sa\u011flaman\u0131n \u00f6nemini vurgulam\u0131\u015ft\u0131.<\/p>\n<figure id=\"attachment_62013\" aria-describedby=\"caption-attachment-62013\" style=\"width: 671px\" class=\"wp-caption aligncenter\"><img decoding=\"async\" loading=\"lazy\" class=\"wp-image-62013 size-full\" src=\"https:\/\/www.alj.com\/app\/uploads\/2020\/06\/ALJ-Story-8.jpg\" alt=\"\" width=\"671\" height=\"415\" srcset=\"https:\/\/media.alj.com\/app\/uploads\/2020\/06\/ALJ-Story-8.jpg 671w, https:\/\/media.alj.com\/app\/uploads\/2020\/06\/ALJ-Story-8-300x186.jpg 300w, https:\/\/media.alj.com\/app\/uploads\/2020\/06\/ALJ-Story-8-150x93.jpg 150w\" sizes=\"(max-width: 671px) 100vw, 671px\" \/><figcaption id=\"caption-attachment-62013\" class=\"wp-caption-text\"><span style=\"font-size: 10px;\">Jameel Center, Kahire Amerikan \u00dcniversitesi, M\u0131s\u0131r.<\/span><\/figcaption><\/figure>\n<p>Be\u015f y\u0131l sonra, ailenin Toyota ile olan derin i\u015f ba\u011flant\u0131lar\u0131 do\u011frultusunda, MIT&#8217;de Jameel-Toyota Burs program\u0131 ba\u015flat\u0131ld\u0131 ve Orta Do\u011fu, Kuzey Afrika ve Asya&#8217;da 25&#8217;i a\u015fk\u0131n \u00fclkeden gelecek vadeden lisans \u00f6\u011frencilerine finansal destek sa\u011fland\u0131 &#8211; bu program, 2019 y\u0131l\u0131nda 25. y\u0131ld\u00f6n\u00fcm\u00fcn\u00fc kutlad\u0131.1989&#8217;da, duvarlar Do\u011fu Avrupa genelinde y\u0131k\u0131l\u0131rken, Jameel ailesinin hay\u0131rseverli\u011fi, \u0130ngilizce \u00f6\u011frenim veren, uluslararas\u0131 ge\u00e7erlili\u011fe sahip bir y\u00fcksek\u00f6\u011fretim kurumu olarak h\u0131zla b\u00fcy\u00fcyen Kahire Amerikan \u00dcniversitesi&#8217;nde Jameel Y\u00f6netim Merkezi&#8217;nin kurulmas\u0131n\u0131 finanse etti.<\/p>\n<p><iframe loading=\"lazy\" src=\"\/\/www.youtube.com\/embed\/89aK7v60jIA\" width=\"560\" height=\"314\" allowfullscreen=\"allowfullscreen\"><\/iframe><\/p>\n<p>Bunu, Suudi Arabistan&#8217;daki t\u0131bbi rehabilitasyon konusunda uzmanla\u015fm\u0131\u015f ilk k\u00e2r amac\u0131 g\u00fctmeyen hastane olan, Cidde&#8217;de yer alan <a href=\"http:\/\/www.aljhospital.com\/\">Abdul Latif Jamel Hastanesi<\/a> takip etti.<\/p>\n<h2>Destekleyen topluluklar<\/h2>\n<p>Mohammed Jameel 2003 y\u0131l\u0131nda, babas\u0131n\u0131n ve \u015firketin kurucusunun \u00f6l\u00fcm\u00fcnden on y\u0131l ve Toyota ile ilk ortakl\u0131\u011f\u0131ndan yakla\u015f\u0131k 50 y\u0131l sonra, ailenin \u00e7e\u015fitli hay\u0131rsever giri\u015fimlerini bug\u00fcn <a href=\"https:\/\/communityjameel.org\">Community Jameel<\/a> olarak bilinen yeni bir t\u00fczel ki\u015filikte resmile\u015ftirdi.<\/p>\n<p><img decoding=\"async\" loading=\"lazy\" class=\"alignleft wp-image-61701 size-medium\" src=\"https:\/\/www.alj.com\/app\/uploads\/2020\/05\/75_community_jameel_logo_en-300x74.png\" alt=\"\" width=\"300\" height=\"74\" srcset=\"https:\/\/media.alj.com\/app\/uploads\/2020\/05\/75_community_jameel_logo_en-300x74.png 300w, https:\/\/media.alj.com\/app\/uploads\/2020\/05\/75_community_jameel_logo_en-150x37.png 150w, https:\/\/media.alj.com\/app\/uploads\/2020\/05\/75_community_jameel_logo_en.png 496w\" sizes=\"(max-width: 300px) 100vw, 300px\" \/>Community Jameel, yenilik, yarat\u0131c\u0131l\u0131k, giri\u015fimcilik ve gen\u00e7lik alanlar\u0131nda s\u00fcrd\u00fcr\u00fclebilir \u00e7\u00f6z\u00fcmlere odaklanarak topluluklar\u0131n kendilerini d\u00f6n\u00fc\u015ft\u00fcrmelerine yard\u0131mc\u0131 olan bir kurum.<\/p>\n<p>D\u00fcnyan\u0131n \u00f6nde gelen ara\u015ft\u0131rma kurumlar\u0131ndan baz\u0131lar\u0131yla ortak giri\u015fimlerden, sanat, i\u015f yaratma, e\u011fitim ve giri\u015fimcilik f\u0131rsatlar\u0131na verilen deste\u011fe dek \u00e7e\u015fitlilik g\u00f6steren programlar\u0131 ortak bir ama\u00e7ta bir araya gelmekte: Abdul Latif Jameel&#8217;in insanl\u0131\u011f\u0131n geli\u015fimine ve daha iyi bir gelecek i\u00e7in olumlu de\u011fi\u015fim ger\u00e7ekle\u015ftirmeye olan sars\u0131lmaz taahh\u00fcd\u00fc.<\/p>\n<p>Abdul Latif Jameel i\u015fi, bu g\u00fcvenli, uzun soluklu ve \u00e7e\u015fitlili\u011fe sahip temellerden do\u011farak, yeni stratejik ortakl\u0131klar yaratma ve hem ekonomik <em>hem de<\/em> sosyal avantajlara sahip sekt\u00f6rlere yat\u0131r\u0131m yapmak yoluyla b\u00fcy\u00fcd\u00fc &#8211; ailenin hay\u0131rseverli\u011fi do\u011frultusunda olu\u015fturulu\u015f ve y\u00f6nlendirilmekte olan bir i\u015fyerinin geli\u015fim ilkelerini tan\u0131mlayan ve <em>\u2018ya\u015fam altyap\u0131s\u0131\u2019<\/em> ad\u0131n\u0131 alacak olan konsepte yorulmadan yat\u0131r\u0131m yaparak.<\/p>\n<p>\u015eimdiden <a href=\"https:\/\/www.alj.com\/en\/transportation\/transportation-overview\/\">mobilite<\/a> sekt\u00f6r\u00fcndeki ana oyunculardan biri olan \u015firket, <a href=\"https:\/\/www.alj.com\/en\/land-and-real-estate\/real-estate-overview\/\">emlak<\/a>, <a href=\"https:\/\/www.alj.com\/en\/engineering-manufacturing\/\">m\u00fchendislik ve imalat<\/a>, <a href=\"https:\/\/www.alj.com\/en\/consumer-products\/\">t\u00fcketici \u00fcr\u00fcnleri<\/a>, <a href=\"https:\/\/www.alj.com\/en\/financial-services\/\">finansal hizmetler<\/a>, <a href=\"https:\/\/www.alj.com\/en\/advertising-media\/\">reklam ve medya<\/a> ve <a href=\"https:\/\/www.alj.com\/en\/energy-and-environmental-services\/energy-overview\/\">enerji ve \u00e7evre hizmetleri<\/a> gibi \u00e7ok \u00e7e\u015fitli sekt\u00f6rlerde de g\u00fc\u00e7l\u00fc bir konum olu\u015fturdu.<\/p>\n<h2>Ya\u015fam altyap\u0131s\u0131na yat\u0131r\u0131m yapmak<\/h2>\n<p>\u0130klim de\u011fi\u015fikli\u011fi ile ilgili artan k\u00fcresel kayg\u0131 ve daha s\u00fcrd\u00fcr\u00fclebilir kaynaklara olan artan talebin kabul edilmesiyle, 2012 y\u0131l\u0131nda enerji ve \u00e7evre hizmetleri yeni bir grupta bir araya getirildi: <a href=\"https:\/\/www.alj.com.energy\">Abdul Latif Jameel Energy<\/a>.<\/p>\n<p>Abdul Latif Jameel Energy, Abdul Latif Jameel\u2019in geni\u015f kapsaml\u0131 uluslararas\u0131 enerji uzmanl\u0131\u011f\u0131n\u0131, yerel pazarlar ve s\u00fcrd\u00fcr\u00fclebilirlik konusundaki derin bilgi, deneyim ve kararl\u0131l\u0131\u011f\u0131 ile birle\u015ftirmek yoluyla h\u0131zl\u0131 bir b\u00fcy\u00fcme ya\u015fad\u0131. Fotowatio Renewable Ventures\u2019\u0131n (<a href=\"https:\/\/frv.com\">FRV<\/a>) sat\u0131n al\u0131nmas\u0131 2015 y\u0131l\u0131nda konumunu sa\u011flamla\u015ft\u0131rd\u0131 ve kapsam\u0131n\u0131 geni\u015fletti. Abdul Latif Jameel Energy&#8217;nin d\u00fcnyan\u0131n \u00f6nde gelen g\u00fcne\u015f fotovoltaik geli\u015ftiricilerinden birine d\u00f6n\u00fc\u015ft\u00fcr\u00fclmesine yard\u0131mc\u0131 oldu. <a href=\"https:\/\/alj.com\/energy\">Abdul Latif Jameel Enerji<\/a> g\u00fcne\u015f enerjisindeki bu ilk ba\u015far\u0131y\u0131 temel alarak yat\u0131r\u0131mlar\u0131na devam etti. R\u00fczgar, g\u00fcne\u015f ve su konusundaki uzmanl\u0131\u011f\u0131n\u0131 ve yeteneklerini geli\u015ftirerek daha fazla teknoloji ve co\u011frafyaya geni\u015fledi ve 20&#8217;den fazla \u00fclkede varl\u0131k g\u00f6sterdi.<\/p>\n<p><iframe loading=\"lazy\" src=\"\/\/www.youtube.com\/embed\/i7eVLbAzZGM\" width=\"560\" height=\"314\" allowfullscreen=\"allowfullscreen\"><\/iframe><\/p>\n<p>Bu \u00e7evre uzmanl\u0131\u011f\u0131 2017 y\u0131l\u0131nda, su altyap\u0131s\u0131n\u0131n geli\u015ftirilmesi i\u00e7in teknik yeteneklerin uzman bir sa\u011flay\u0131c\u0131s\u0131 olan <a href=\"https:\/\/almarwater.com\">Almar Water Solutions<\/a>\u2018\u0131n kurulmas\u0131yla daha da sa\u011flamla\u015ft\u0131r\u0131ld\u0131. Almar Water Solutions, 2018&#8217;de, <a href=\"https:\/\/www.alj.com\/en\/perspective\/almar-water-solutions-helps-tackle-kenyan-water-scarcity\/\">Kenya<\/a>&#8216;n\u0131n ilk b\u00fcy\u00fck \u00f6l\u00e7ekli tuzdan ar\u0131nd\u0131rma tesisinin geli\u015ftirilmesi i\u00e7in s\u00f6zle\u015fme imzalad\u0131.<\/p>\n<p>Almar Water Solutions, zaman i\u00e7inde, yeni alanlara bilgi ve en iyi uygulamay\u0131 ta\u015f\u0131may\u0131, gelecek neslin devam etmesini sa\u011flayan su \u00e7\u00f6z\u00fcmleri sunmay\u0131 ama\u00e7l\u0131yor. G\u00fcney Afrika, <a href=\"https:\/\/www.alj.com\/en\/news\/abdul-latif-jameel-energy-expands-role-in-middle-east-water-sector\/?id=media_center\">Bahreyn<\/a>, <a href=\"https:\/\/www.alj.com\/en\/news\/abdul-latif-jameel-energy-expands-role-in-middle-east-water-sector\/?id=media_center\">M\u0131s\u0131r<\/a>, <a href=\"https:\/\/www.alj.com\/en\/news\/solving-water-crisis-1m-people-almar-water-solutions-build-kenyas-first-large-scale-desalination-plant\/?id=media_center\">Kenya<\/a>, <a href=\"https:\/\/www.alj.com\/en\/news\/abdul-latif-jameel-energys-frv-to-develop-energy-storage-projects-globally\/?id=media_center\">\u015eili<\/a>, ve Orta Do\u011fu\u2019daki en b\u00fcy\u00fck tuzdan ar\u0131nd\u0131rma pazar\u0131 olan <a href=\"https:\/\/www.alj.com\/en\/news\/almar-water-solutions-breaks-ground-for-the-shuqaiq-3-desalination-plant\/?id=media_center\">Suudi Arabistan<\/a>\u2018da zaten aktif olup, d\u00fcnyan\u0131n \u00e7e\u015fitli yerlerindeki ana pazarlar\u0131 g\u00f6zlemlemeye devam etmektedir.<\/p>\n<p><iframe loading=\"lazy\" src=\"\/\/www.youtube.com\/embed\/KITq7UXrWQE\" width=\"560\" height=\"314\" allowfullscreen=\"allowfullscreen\"><\/iframe><\/p>\n<p>Abdul Latif Jameel, yak\u0131n bir tarihte, \u015firketin k\u00fcresel olarak enerji depolama projeleri geli\u015ftirmek i\u00e7in uzun vadeli yat\u0131r\u0131m plan\u0131n\u0131n bir par\u00e7as\u0131 olarak Britanyal\u0131 geli\u015ftirici <a href=\"https:\/\/www.harmonyenergy.co.uk\/\">Harmony Energy<\/a> ile i\u015fbirli\u011fi i\u00e7inde altyap\u0131 enerjisi \u00f6l\u00e7e\u011findeki <a href=\"https:\/\/www.alj.com\/en\/news\/abdul-latif-jameel-energys-frv-to-develop-energy-storage-projects-globally\/?id=media_center\">pil projesinin<\/a> tan\u0131t\u0131m\u0131n\u0131 yapt\u0131.<\/p>\n<p>Abdul Latif Jameel de, gelecek nesiller i\u00e7in s\u00fcrd\u00fcr\u00fclebilir bir \u00e7evreyi destekleme konusundaki bu tutku sayesinde, daha temiz ve daha verimli mobilite sistemlerine kendi katk\u0131lar\u0131n\u0131 yap\u0131yor ve geli\u015fmekte olan topluluklar i\u00e7in s\u00fcrd\u00fcr\u00fclebilir ve etkili ula\u015f\u0131m se\u00e7eneklerinin \u00f6neminin fark\u0131ndad\u0131r.<\/p>\n<p>Toyota&#8217;n\u0131n uzun y\u0131llard\u0131r bir\u00e7ok pazardaki distrib\u00fct\u00f6r\u00fc olarak, d\u00fcnyan\u0131n en \u00e7ok satan hibrit elektrikli arac\u0131 Toyota Prius&#8217;u d\u00fcnyadaki s\u00fcr\u00fcc\u00fclere tan\u0131tmada etkili bir rol oynam\u0131\u015ft\u0131r. Ayr\u0131ca pilot bir <a href=\"https:\/\/www.alj.com\/en\/perspective\/hydrogen-the-key-driver-to-zero-emission-transport\/\">hidrojen arac\u0131 yak\u0131t projesi<\/a> i\u00e7in s\u0131f\u0131r emisyonlu hidrojen yak\u0131tl\u0131 Toyota Mirai ara\u00e7lar\u0131ndan olu\u015fan bir test filosu sa\u011flad\u0131.<\/p>\n<p>Gelecekte daha s\u00fcrd\u00fcr\u00fclebilir bir <a href=\"https:\/\/www.alj.com\/en\/perspective\/where-next-for-mobility\/\">mobilite<\/a> modeline olan ba\u011fl\u0131l\u0131\u011f\u0131n\u0131 daha da g\u00f6steren Abdul Latif Jameel, h\u0131zla b\u00fcy\u00fcyen ABD merkezli bir EV ve mobilite \u015firketi olan <a href=\"https:\/\/rivian.com\">RIVIAN<\/a>&#8216;\u0131n birincil yat\u0131r\u0131mc\u0131s\u0131d\u0131r. RIVIAN&#8217;daki di\u011fer yat\u0131r\u0131mc\u0131lar aras\u0131nda perakende devi Amazon, Ford Motor Company ve Cox Automotive bulunmaktad\u0131r. Gelece\u011fi korumak ve g\u00f6zetmek ad\u0131na, daha yak\u0131n bir zamanda, ABD merkezli bir \u00f6nc\u00fc elektrikli hava taksisi giri\u015fimi olan <a href=\"https:\/\/www.alj.com\/en\/news\/abdul-latif-jameel-invests-in-joby-aviation\/?id=media_center\">JOBY Havac\u0131l\u0131k<\/a>\u2018a da yat\u0131r\u0131m yapt\u0131.<\/p>\n<h2>\u0130lerlemeyi ama\u00e7larla sa\u011flama<\/h2>\n<p><a href=\"https:\/\/communityjameel.org\">Community Jameel<\/a> programlar\u0131 do\u011frudan uygulayarak ve b\u00fcy\u00fck uluslararas\u0131 kurumlar ve taban \u00f6rg\u00fctleriyle alt\u0131 kalk\u0131nma alan\u0131nda (ge\u00e7im kaynaklar\u0131, e\u011fitim, kan\u0131t, iklim, sa\u011fl\u0131k ve sanat) i\u015fbirli\u011fi yaparak benzer ve ama\u00e7larla y\u00f6nlendirilen bir yol izledi. Herkes, herkes i\u00e7in daha iyi bir gelecek in\u015fa etmek i\u00e7in ayn\u0131 istek \u00fczerine odaklan\u0131yor.<\/p>\n<p>\u0130nisiyatifleri aras\u0131nda, d\u00f6rd\u00fc MIT&#8217;de (<a href=\"https:\/\/jwafs.mit.edu\">J-WAFS<\/a>, <a href=\"https:\/\/www.povertyactionlab.org\/\">J-PAL<\/a>, <a href=\"https:\/\/jwel.mit.edu\">J-WEL<\/a> ve <a href=\"https:\/\/jclinic.mit.edu\">Jameel Clinic<\/a>) ve be\u015fincisi de Imperial College, London\u2019da bulunan (<a href=\"https:\/\/www.imperial.ac.uk\/jameel-institute\/\">Jameel Institute<\/a>) ve d\u00fcnya \u00e7ap\u0131nda tan\u0131nan be\u015f ara\u015ft\u0131rma laboratuvar\u0131 da mevcut. Bu J-Labs laboratuvarlar\u0131, yoksullu\u011fu azaltmak ve e\u011fitimi iyile\u015ftirmek, su ve g\u0131da sistemlerini d\u00f6n\u00fc\u015ft\u00fcrmek ve yapay zek\u00e2, b\u00fcy\u00fck veri ve makine \u00f6\u011frenimi yoluyla sa\u011fl\u0131k hizmetlerinde devrim yapmak gibi kritik konulara e\u011filmek i\u00e7in d\u00fcnyan\u0131n en iyi ara\u015ft\u0131rmac\u0131lar\u0131n\u0131 bir araya getiriyor.<\/p>\n<p>Di\u011fer Community Jameel giri\u015fimleri aras\u0131nda, bug\u00fcne kadar Orta Do\u011fu ve Kuzey Afrika&#8217;da 900.000&#8217;den fazla i\u015f yaratmaya yard\u0131mc\u0131 olan, k\u00e2r amac\u0131 g\u00fctmeyen bir i\u015f yaratma, e\u011fitim ve destek organizasyonu olarak ba\u015flayan ve bug\u00fcn <a href=\"https:\/\/www.babjameeljobs.com\/EN\/\">istihdam<\/a>, <a href=\"https:\/\/brjmf.com\/en\/\">mikrofinans<\/a> ve giri\u015fimci\/k\u00fc\u00e7\u00fck i\u015fletmeler i\u00e7in <a href=\"https:\/\/brjservices.com\/en\/home\/\">hizmetler<\/a> i\u00e7erecek \u015fekilde geni\u015flemi\u015f olan Bab Rizq Jameel (BRJ) de bulunuyor.<\/p>\n<p>Sanat ve e\u011fitim giri\u015fimleri sa\u011flayan ve miras enstit\u00fcleri ve restorasyon programlar\u0131 arac\u0131l\u0131\u011f\u0131yla sanat\u00e7\u0131lar\u0131 ve yarat\u0131c\u0131 topluluklar\u0131 destekleyen <a href=\"https:\/\/artjameel.oeg\">Art Jameel<\/a> de bunlara dahil &#8211; Dubai\u2019deki <a href=\"https:\/\/jameelartscentre.org\/\">Jameel Arts Center<\/a> ve Cidde\u2019deki <a href=\"https:\/\/artjameel.org\/centres\/hayy-jeddah\/\">Hayy: Creative Hub<\/a> gibi.<\/p>\n<p><iframe loading=\"lazy\" src=\"\/\/www.youtube.com\/embed\/qg7L0Se05dM\" width=\"560\" height=\"314\" allowfullscreen=\"allowfullscreen\"><\/iframe><\/p>\n<p>\u0130lk benzin istasyonundan yetmi\u015f be\u015f y\u0131l sonra, yenilik\u00e7i yat\u0131r\u0131m h\u00e2l\u00e2 Abdul Latif Jameel&#8217;in i\u015f yakla\u015f\u0131m\u0131n\u0131n temel ta\u015f\u0131d\u0131r.<\/p>\n<p>Ama bug\u00fcn, bu yat\u0131r\u0131m ger\u00e7ekten <em>global<\/em> bir \u00f6l\u00e7ekte.<\/p>\n<p>Abdul Latif Jameel, d\u00fcnyan\u0131n d\u00f6rt bir yan\u0131ndaki kilit pazarlarda ula\u015f\u0131mdan enerjiye, e-ticaretten gayrimenkullere kadar \u2018ya\u015fam altyap\u0131s\u0131na\u2019 devam eden yat\u0131r\u0131mlar\u0131m\u0131z sayesinde insanl\u0131\u011f\u0131n ve gezegenimizin kar\u015f\u0131 kar\u015f\u0131ya oldu\u011fu en zorlu sorular\u0131n \u00e7\u00f6z\u00fcmlerini bulmaya \u00e7abalarken, herkes i\u00e7in daha temiz ve daha ye\u015fil bir gelece\u011fi desteklemeye kararl\u0131d\u0131r.<\/p>\n<p><img decoding=\"async\" loading=\"lazy\" class=\"wp-image-70166 size-full aligncenter\" src=\"https:\/\/www.alj.com\/app\/uploads\/2020\/06\/ALJ-75.jpg\" alt=\"\" width=\"1003\" height=\"175\" srcset=\"https:\/\/media.alj.com\/app\/uploads\/2020\/06\/ALJ-75.jpg 1003w, https:\/\/media.alj.com\/app\/uploads\/2020\/06\/ALJ-75-300x52.jpg 300w, https:\/\/media.alj.com\/app\/uploads\/2020\/06\/ALJ-75-150x26.jpg 150w, https:\/\/media.alj.com\/app\/uploads\/2020\/06\/ALJ-75-768x134.jpg 768w\" sizes=\"(max-width: 1003px) 100vw, 1003px\" \/><\/p>\n","protected":false},"author":18,"featured_media":62027,"template":"","tags":[],"acf":[],"yoast_head":"<!-- This site is optimized with the Yoast SEO plugin v21.5 - https:\/\/yoast.com\/wordpress\/plugins\/seo\/ -->\n<title>R\u00fczgar esiyorsa; yelkenleri a\u00e7 | Abdul Latif Jameel\u00ae<\/title>\n<meta name=\"description\" content=\"R\u00fczgar esiyorsa; yelkenleri a\u00e7! atas\u00f6z\u00fc, merhum \u015eeyh Abdul Latif Jameel&#039;in bug\u00fcn hala \u015firkete hayat veren \u00f6nc\u00fc, giri\u015fimci ruhunu \u00f6zetliyor.\" \/>\n<meta name=\"robots\" content=\"index, follow, max-snippet:-1, max-image-preview:large, max-video-preview:-1\" \/>\n<link rel=\"canonical\" href=\"https:\/\/alj.com\/tr\/perspective\/if-a-wind-blows-ride-it\/\" \/>\n<meta property=\"og:locale\" content=\"tr_TR\" \/>\n<meta property=\"og:type\" content=\"article\" \/>\n<meta property=\"og:title\" content=\"R\u00fczgar esiyorsa; yelkenleri a\u00e7 | Abdul Latif Jameel\u00ae\" \/>\n<meta property=\"og:description\" content=\"R\u00fczgar esiyorsa; yelkenleri a\u00e7! atas\u00f6z\u00fc, merhum \u015eeyh Abdul Latif Jameel&#039;in bug\u00fcn hala \u015firkete hayat veren \u00f6nc\u00fc, giri\u015fimci ruhunu \u00f6zetliyor.\" \/>\n<meta property=\"og:url\" content=\"https:\/\/alj.com\/tr\/perspective\/if-a-wind-blows-ride-it\/\" \/>\n<meta property=\"og:site_name\" content=\"Abdul Latif Jameel\" \/>\n<meta property=\"article:publisher\" content=\"https:\/\/www.facebook.com\/Abdul.Latif.Jameel.Official\" \/>\n<meta property=\"article:modified_time\" content=\"2025-10-14T08:38:04+00:00\" \/>\n<meta property=\"og:image\" content=\"https:\/\/media.alj.com\/app\/uploads\/2020\/06\/ALJ-Story-Hero.jpg\" \/>\n\t<meta property=\"og:image:width\" content=\"1049\" \/>\n\t<meta property=\"og:image:height\" content=\"486\" \/>\n\t<meta property=\"og:image:type\" content=\"image\/jpeg\" \/>\n<meta name=\"twitter:card\" content=\"summary_large_image\" \/>\n<meta name=\"twitter:label1\" content=\"Est. reading time\" \/>\n\t<meta name=\"twitter:data1\" content=\"16 minutes\" \/>\n<script type=\"application\/ld+json\" class=\"yoast-schema-graph\">{\"@context\":\"https:\/\/schema.org\",\"@graph\":[{\"@type\":\"WebPage\",\"@id\":\"https:\/\/alj.com\/tr\/perspective\/if-a-wind-blows-ride-it\/\",\"url\":\"https:\/\/alj.com\/tr\/perspective\/if-a-wind-blows-ride-it\/\",\"name\":\"R\u00fczgar esiyorsa; yelkenleri a\u00e7 | Abdul Latif Jameel\u00ae\",\"isPartOf\":{\"@id\":\"https:\/\/alj.com\/en\/#website\"},\"datePublished\":\"2020-06-01T07:37:29+00:00\",\"dateModified\":\"2025-10-14T08:38:04+00:00\",\"description\":\"R\u00fczgar esiyorsa; yelkenleri a\u00e7! atas\u00f6z\u00fc, merhum \u015eeyh Abdul Latif Jameel'in bug\u00fcn hala \u015firkete hayat veren \u00f6nc\u00fc, giri\u015fimci ruhunu \u00f6zetliyor.\",\"breadcrumb\":{\"@id\":\"https:\/\/alj.com\/tr\/perspective\/if-a-wind-blows-ride-it\/#breadcrumb\"},\"inLanguage\":\"tr\",\"potentialAction\":[{\"@type\":\"ReadAction\",\"target\":[\"https:\/\/alj.com\/tr\/perspective\/if-a-wind-blows-ride-it\/\"]}]},{\"@type\":\"BreadcrumbList\",\"@id\":\"https:\/\/alj.com\/tr\/perspective\/if-a-wind-blows-ride-it\/#breadcrumb\",\"itemListElement\":[{\"@type\":\"ListItem\",\"position\":1,\"name\":\"Home\",\"item\":\"https:\/\/alj.com\/tr\/\"},{\"@type\":\"ListItem\",\"position\":2,\"name\":\"Perspectives\",\"item\":\"https:\/\/alj.com\/ja\/perspective\/\"},{\"@type\":\"ListItem\",\"position\":3,\"name\":\"R\u00fczg\u00e2r eserse kanat a\u00e7\"}]},{\"@type\":\"WebSite\",\"@id\":\"https:\/\/alj.com\/en\/#website\",\"url\":\"https:\/\/alj.com\/en\/\",\"name\":\"Abdul Latif Jameel\",\"description\":\"Abdul Latif Jameel\",\"potentialAction\":[{\"@type\":\"SearchAction\",\"target\":{\"@type\":\"EntryPoint\",\"urlTemplate\":\"https:\/\/alj.com\/en\/?s={search_term_string}\"},\"query-input\":\"required name=search_term_string\"}],\"inLanguage\":\"tr\"}]}<\/script>\n<!-- \/ Yoast SEO plugin. -->","yoast_head_json":{"title":"R\u00fczgar esiyorsa; yelkenleri a\u00e7 | Abdul Latif Jameel\u00ae","description":"R\u00fczgar esiyorsa; yelkenleri a\u00e7! atas\u00f6z\u00fc, merhum \u015eeyh Abdul Latif Jameel'in bug\u00fcn hala \u015firkete hayat veren \u00f6nc\u00fc, giri\u015fimci ruhunu \u00f6zetliyor.","robots":{"index":"index","follow":"follow","max-snippet":"max-snippet:-1","max-image-preview":"max-image-preview:large","max-video-preview":"max-video-preview:-1"},"canonical":"https:\/\/alj.com\/tr\/perspective\/if-a-wind-blows-ride-it\/","og_locale":"tr_TR","og_type":"article","og_title":"R\u00fczgar esiyorsa; yelkenleri a\u00e7 | Abdul Latif Jameel\u00ae","og_description":"R\u00fczgar esiyorsa; yelkenleri a\u00e7! atas\u00f6z\u00fc, merhum \u015eeyh Abdul Latif Jameel'in bug\u00fcn hala \u015firkete hayat veren \u00f6nc\u00fc, giri\u015fimci ruhunu \u00f6zetliyor.","og_url":"https:\/\/alj.com\/tr\/perspective\/if-a-wind-blows-ride-it\/","og_site_name":"Abdul Latif Jameel","article_publisher":"https:\/\/www.facebook.com\/Abdul.Latif.Jameel.Official","article_modified_time":"2025-10-14T08:38:04+00:00","og_image":[{"width":1049,"height":486,"url":"https:\/\/media.alj.com\/app\/uploads\/2020\/06\/ALJ-Story-Hero.jpg","type":"image\/jpeg"}],"twitter_card":"summary_large_image","twitter_misc":{"Est. reading time":"16 minutes"},"schema":{"@context":"https:\/\/schema.org","@graph":[{"@type":"WebPage","@id":"https:\/\/alj.com\/tr\/perspective\/if-a-wind-blows-ride-it\/","url":"https:\/\/alj.com\/tr\/perspective\/if-a-wind-blows-ride-it\/","name":"R\u00fczgar esiyorsa; yelkenleri a\u00e7 | Abdul Latif Jameel\u00ae","isPartOf":{"@id":"https:\/\/alj.com\/en\/#website"},"datePublished":"2020-06-01T07:37:29+00:00","dateModified":"2025-10-14T08:38:04+00:00","description":"R\u00fczgar esiyorsa; yelkenleri a\u00e7! atas\u00f6z\u00fc, merhum \u015eeyh Abdul Latif Jameel'in bug\u00fcn hala \u015firkete hayat veren \u00f6nc\u00fc, giri\u015fimci ruhunu \u00f6zetliyor.","breadcrumb":{"@id":"https:\/\/alj.com\/tr\/perspective\/if-a-wind-blows-ride-it\/#breadcrumb"},"inLanguage":"tr","potentialAction":[{"@type":"ReadAction","target":["https:\/\/alj.com\/tr\/perspective\/if-a-wind-blows-ride-it\/"]}]},{"@type":"BreadcrumbList","@id":"https:\/\/alj.com\/tr\/perspective\/if-a-wind-blows-ride-it\/#breadcrumb","itemListElement":[{"@type":"ListItem","position":1,"name":"Home","item":"https:\/\/alj.com\/tr\/"},{"@type":"ListItem","position":2,"name":"Perspectives","item":"https:\/\/alj.com\/ja\/perspective\/"},{"@type":"ListItem","position":3,"name":"R\u00fczg\u00e2r eserse kanat a\u00e7"}]},{"@type":"WebSite","@id":"https:\/\/alj.com\/en\/#website","url":"https:\/\/alj.com\/en\/","name":"Abdul Latif Jameel","description":"Abdul Latif Jameel","potentialAction":[{"@type":"SearchAction","target":{"@type":"EntryPoint","urlTemplate":"https:\/\/alj.com\/en\/?s={search_term_string}"},"query-input":"required name=search_term_string"}],"inLanguage":"tr"}]}},"post-meta-fields":{"_alp_processed":["1594624597"],"_wpml_word_count":["{\"total\":2650,\"to_translate\":{\"ar\":2650,\"zh-hans\":2650,\"fr\":2650,\"ja\":2650,\"es\":2650,\"tr\":2650}}"],"push_notification":["no"],"_push_notification":["field_5c3b1fb67034d"],"_wpml_media_featured":["1"],"_wpml_media_duplicate":["1"],"perspective_short_title":["R\u00fczg\u00e2r eserse kanat a\u00e7"],"perspective_summury":["<p>Zamanda geriye yolculuk edelim. . . 1945'e kadar. Bug\u00fcn, Abdul Latif Jameel i\u015fletmesi, alt\u0131 k\u0131tada 30 \u00fclkede \u00e7e\u015fitli operasyonlar\u0131 \u00e7e\u015fitlendirdi, 40'tan fazla milletten 11.000'den fazla ki\u015fiyi istihdam etti ve Londra, Jersey (Kanal Adalar\u0131), Amsterdam, Monako, \u0130stanbul, Cidde, Riyad, Chengdu ve Tokyo\u2019da kurumsal ofisler olu\u015fturdu.<\/p>\n"],"perspective_location":["Cidde, Suudi Arabistan"],"wpcf-featured-news":["1"],"is_latest_news":["0"],"wpcf-show-news-at-homepage":["1"],"publish_mobile":[""],"_publish_mobile":["field_5bfa8eb2e65cf"],"mobile_featured_image":["https:\/\/media.alj.com\/app\/uploads\/2020\/06\/ALJ-Story-Hero.jpg"],"_mobile_featured_image":["field_5c3b204983dea"],"_bsf_post_type":["0"],"_bsf_item_review_type":["none"],"_yoast_wpseo_content_score":["30"],"post_views_count_2020Jun":["1"],"post_views_count_2020Jul":["10"],"_thumbnail_id":["62027"],"_last_translation_edit_mode":["native-editor"],"post_views_count_2020Aug":["21"],"post_views_count_2020Sep":["19"],"_yoast_wpseo_title":["R\u00fczgar esiyorsa; yelkenleri a\u00e7 | Abdul Latif Jameel\u00ae"],"_yoast_wpseo_metadesc":["R\u00fczgar esiyorsa; yelkenleri a\u00e7! atas\u00f6z\u00fc, merhum \u015eeyh Abdul Latif Jameel'in bug\u00fcn hala \u015firkete hayat veren \u00f6nc\u00fc, giri\u015fimci ruhunu \u00f6zetliyor."],"post_views_count_2020Oct":["31"],"wpcf-perspective-published-date":["1593302400"],"post_views_count_2020Nov":["53"],"post_views_count_2020Dec":["42"],"post_views_count_2021Jan":["39"],"post_views_count_2021Feb":["80"],"post_views_count_2021Mar":["98"],"post_views_count_2021Apr":["46"],"post_views_count_2021May":["50"],"post_views_count_2021Jun":["4"],"post_views_count_2021Jul":["254"],"post_views_total_count":["254"],"_edit_lock":["1760430966:18"],"_edit_last":["18"],"perspective_business_sector":["\u015eirket"],"_":["field_6746fdff672ad"],"featured_on_listing_page":["0"],"_featured_on_listing_page":["field_62458ea7383c3"],"content_series_applied":[""],"_content_series_applied":["field_60f3d3faf82ac"],"wpcf-perspective-downloadable_file":[""],"wpcf-card-image":[""],"_wpcf-card-image-sort-order":["a:1:{i:0;i:1998394;}"],"wpcf-projecttitle":[""],"wpcf-projectdescription":[""],"wpcf-projectimage-video1":["image"],"wpcf-projectimage-1":[""],"wpcf-projectvideo-1":[""],"wpcf-projectdescription-1":[""],"wpcf-projectimage-video2":["image"],"wpcf-projectimage-2":[""],"wpcf-projectvideo-2":[""],"wpcf-projectdescription-2":[""],"wpcf-projectimage-video3":["image"],"wpcf-projectimage-3":[""],"wpcf-projectvideo-3":[""],"wpcf-projectdescription-3":[""],"wpcf-projectimage-video4":["image"],"wpcf-projectimage-4":[""],"wpcf-projectvideo-4":[""],"wpcf-projectdescription-4":[""],"wpcf-video-description":[""],"wpcf-layoutvideourl":[""],"wpcf-video-thumb":[""],"wpcf-social4-svg":[""],"wpcf-social4-background-image":[""],"wpcf-social4-text":[""],"wpcf-social4-url":[""],"wpcf-social3-svg":[""],"wpcf-social3-background-image":[""],"wpcf-social3-text":[""],"wpcf-social3-url":[""],"wpcf-social-text-svg-square":[""],"wpcf-social-text-image-square":[""],"wpcf-social-text-text-square":[""],"wpcf-social-text-url-square":[""],"wpcf-social2-svg":[""],"wpcf-social2-background-image":[""],"wpcf-social2-text":[""],"wpcf-social2-url":[""],"wpcf-social-svg-square":[""],"wpcf-social-image-square":[""],"wpcf-social-text-square":[""],"wpcf-social-url-square":[""],"wpcf-social1-svg":[""],"wpcf-social1-background-image":[""],"wpcf-social1-text":[""],"wpcf-social1-url":[""],"wpcf-quotes-with-auther-text-1":[""],"wpcf-card_article_with_title_content":[""],"wpcf-card_article_content":["write your content"],"wpcf-quotes-with-auther-text":[""],"_yoast_wpseo_estimated-reading-time-minutes":[""],"_yoast_wpseo_wordproof_timestamp":[""]},"_links":{"self":[{"href":"https:\/\/alj.com\/tr\/wp-json\/wp\/v2\/perspective\/70918"}],"collection":[{"href":"https:\/\/alj.com\/tr\/wp-json\/wp\/v2\/perspective"}],"about":[{"href":"https:\/\/alj.com\/tr\/wp-json\/wp\/v2\/types\/perspective"}],"author":[{"embeddable":true,"href":"https:\/\/alj.com\/tr\/wp-json\/wp\/v2\/users\/18"}],"wp:featuredmedia":[{"embeddable":true,"href":"https:\/\/alj.com\/tr\/wp-json\/wp\/v2\/media\/62027"}],"wp:attachment":[{"href":"https:\/\/alj.com\/tr\/wp-json\/wp\/v2\/media?parent=70918"}],"wp:term":[{"taxonomy":"post_tag","embeddable":true,"href":"https:\/\/alj.com\/tr\/wp-json\/wp\/v2\/tags?post=70918"}],"curies":[{"name":"wp","href":"https:\/\/api.w.org\/{rel}","templated":true}]}}