{"id":77723,"date":"2020-09-13T08:06:06","date_gmt":"2020-09-13T08:06:06","guid":{"rendered":"https:\/\/www.alj.com\/?post_type=perspective&#038;p=77723"},"modified":"2021-03-23T08:26:09","modified_gmt":"2021-03-23T08:26:09","slug":"improving-access-to-healthcare-for-those-who-need-it-most","status":"publish","type":"perspective","link":"https:\/\/alj.com\/tr\/perspective\/improving-access-to-healthcare-for-those-who-need-it-most\/","title":{"rendered":"En \u00e7ok ihtiyac\u0131 olanlar\u0131n sa\u011fl\u0131k hizmetlerine eri\u015fimini iyile\u015ftirmek"},"content":{"rendered":"<p>COVID-19 pandemisi, insano\u011flunun en kal\u0131c\u0131 ve potansiyel olarak istikrars\u0131z zorluklar\u0131ndan biri olan sa\u011fl\u0131k hizmetlerine evrensel eri\u015fimi ele alma konusunda kal\u0131c\u0131 ba\u015far\u0131s\u0131zl\u0131\u011f\u0131n\u0131n \u00e7ok \u00f6nemli bir hat\u0131rlat\u0131c\u0131s\u0131 olmu\u015ftur.<\/p>\n<p>Toplumumuz taraf\u0131ndan ge\u00e7ti\u011fimiz y\u00fczy\u0131l ve daha fazla say\u0131da ger\u00e7ekle\u015ftirilen ilerlemelerden gurur duymakla birlikte, her bireyin kaliteli sa\u011fl\u0131k hizmetine eri\u015fimi sa\u011flayamamam\u0131z ilerlememizde ku\u015fkusuz kara bir leke.<\/p>\n<p><img decoding=\"async\" loading=\"lazy\" class=\"alignleft  wp-image-77037\" src=\"https:\/\/www.alj.com\/app\/uploads\/2020\/09\/Acces-to-Heatlhcare-Infographic-219x300.jpg\" alt=\"UN Sustainable Development Goals 3\" width=\"265\" height=\"363\" srcset=\"https:\/\/media.alj.com\/app\/uploads\/2020\/09\/Acces-to-Heatlhcare-Infographic-219x300.jpg 219w, https:\/\/media.alj.com\/app\/uploads\/2020\/09\/Acces-to-Heatlhcare-Infographic-109x150.jpg 109w, https:\/\/media.alj.com\/app\/uploads\/2020\/09\/Acces-to-Heatlhcare-Infographic.jpg 599w\" sizes=\"(max-width: 265px) 100vw, 265px\" \/>BM&#8217;nin <a href=\"https:\/\/sdgs.un.org\/goals\/goal3\">S\u00fcrd\u00fcr\u00fclebilir Kalk\u0131nma Hedefi 3 <\/a>(\u0130yi sa\u011fl\u0131k ve esenlik) tan\u0131m\u0131nda g\u00fc\u00e7l\u00fc bir \u015fekilde belirtti\u011fi gibi: <em>\u201cS\u00fcrd\u00fcr\u00fclebilir kalk\u0131nma i\u00e7in her ya\u015fta sa\u011fl\u0131kl\u0131 ya\u015fam sa\u011flamak ve refah\u0131 desteklemek esast\u0131r.\u201d<\/em><a href=\"#_ftn1\" name=\"_ftnref1\">[1]<\/a><\/p>\n<p>Tan\u0131m \u015f\u00f6yle devam ediyor: <em>\u201cDaha verimli sa\u011fl\u0131k sistemleri finansman\u0131, daha iyi sanitasyon ve hijyen ve doktorlara daha fazla eri\u015fim sa\u011flamaya odaklanarak milyonlarca insan\u0131n hayat\u0131n\u0131 kurtarmaya yard\u0131mc\u0131 olacak \u00f6nemli ilerlemeler kaydedilebilir.\u201d<\/em><a href=\"#_ftn2\" name=\"_ftnref2\">[2]<\/a><\/p>\n<p>Pandemiden \u00f6nce, d\u00fcnya \u00e7ap\u0131nda milyonlarca insan\u0131n <a href=\"https:\/\/unstats.un.org\/sdgs\/report\/2019\/goal-03\/\">sa\u011fl\u0131k durumunu geli\u015ftirmek<\/a> i\u00e7in b\u00fcy\u00fck ilerlemeler kaydediliyordu. Ya\u015fam beklentisi artmaktayd\u0131, \u00e7ocuk mortalitesi ve maternal mortalite ile ili\u015fkili yayg\u0131n risklerden baz\u0131lar\u0131 azalt\u0131lm\u0131\u015ft\u0131. Ancak \u00e7ok \u00e7e\u015fitli hastal\u0131klar\u0131 tamamen ortadan kald\u0131rmak ve bir\u00e7ok farkl\u0131 kal\u0131c\u0131 ve geli\u015fmekte olan sa\u011fl\u0131k sorunlar\u0131n\u0131 ele almak i\u00e7in daha fazlas\u0131na ihtiya\u00e7 vard\u0131r.<\/p>\n<p>2019 y\u0131l\u0131nda, D\u00fcnya Sa\u011fl\u0131k \u00d6rg\u00fct\u00fc&#8217;n\u00fcn <a href=\"https:\/\/www.who.int\/news-room\/fact-sheets\/detail\/universal-health-coverage-(uhc)\">Evrensel Sa\u011fl\u0131k Kapsam\u0131<\/a> giri\u015fiminin istatistikleri, sorunun b\u00fcy\u00fckl\u00fc\u011f\u00fcn\u00fc g\u00f6stermi\u015ftir<a href=\"#_ftn3\" name=\"_ftnref3\">[3]<\/a>:<\/p>\n<ul>\n<li><img decoding=\"async\" loading=\"lazy\" class=\"alignright size-thumbnail wp-image-77051\" src=\"https:\/\/www.alj.com\/app\/uploads\/2020\/09\/WHO-Logo-1-116x150.jpg\" alt=\"World Health Organization Logo\" width=\"116\" height=\"150\" srcset=\"https:\/\/media.alj.com\/app\/uploads\/2020\/09\/WHO-Logo-1-116x150.jpg 116w, https:\/\/media.alj.com\/app\/uploads\/2020\/09\/WHO-Logo-1-232x300.jpg 232w, https:\/\/media.alj.com\/app\/uploads\/2020\/09\/WHO-Logo-1-768x994.jpg 768w, https:\/\/media.alj.com\/app\/uploads\/2020\/09\/WHO-Logo-1-371x480.jpg 371w, https:\/\/media.alj.com\/app\/uploads\/2020\/09\/WHO-Logo-1.jpg 791w\" sizes=\"(max-width: 116px) 100vw, 116px\" \/>D\u00fcnya n\u00fcfusunun en az\u0131ndan yar\u0131s\u0131 temel sa\u011fl\u0131k hizmetleri kapsam\u0131nda tam olarak yer almamaktad\u0131r.<\/li>\n<li>100 milyon civar\u0131nda insan, sa\u011fl\u0131k hizmeti i\u00e7in \u00f6deme yapmak zorunda olduklar\u0131ndan halen (g\u00fcnde 1,90 ABD Dolar\u0131 veya daha az\u0131yla ya\u015famak olarak tan\u0131mlanan) a\u015f\u0131r\u0131 yoksullu\u011fa maruz b\u0131rak\u0131l\u0131yor.<\/li>\n<li>930 milyondan fazla insan (d\u00fcnya n\u00fcfusunun yakla\u015f\u0131k %12&#8217;si) sa\u011fl\u0131k hizmeti i\u00e7in hane b\u00fct\u00e7elerinin en az %10&#8217;unu harcamaktad\u0131r.<\/li>\n<\/ul>\n<p>Birka\u00e7 y\u0131ld\u0131r,<a href=\"https:\/\/alj.com\"> Abdul Latif Jameel <\/a>ve \u00f6zellikle Jameel ailesinin k\u00fcresel hay\u0131rseverlik giri\u015fimi olan <a href=\"https:\/\/communityjameel.org\">Community Jameel<\/a>, sa\u011fl\u0131k hizmetlerini ara\u015ft\u0131rma laboratuvarlar\u0131, Jameel Institute yani <a href=\"https:\/\/www.imperial.ac.uk\/\">Imperial College London<\/a>\u2018da yer alan <a href=\"https:\/\/www.imperial.ac.uk\/jameel-institute\/\">J-IDEA<\/a> (Abdul Latif Jameel Institute for Disease and Emergency Analytics); Jameel Clinic yani <a href=\"https:\/\/mit.edu\">MIT<\/a>\u2018de yer alan <a href=\"https:\/\/www.jclinic.mit.edu\/\">J-Clinic<\/a> (Abdul Latif Jameel Clinic for Machine Learning in Health) ve yine MIT\u2019de yer alan <a href=\"https:\/\/jwafs.mit.edu\/\">J-WAFS<\/a> (Abdul Latif Jameel Water &amp; Food Systems Lab) arac\u0131l\u0131\u011f\u0131yla daha eri\u015filebilir ve kullan\u0131labilir hale getirerek bu sorunlar\u0131n baz\u0131lar\u0131n\u0131 ele almaya yard\u0131mc\u0131 oluyor.<\/p>\n<p>Bununla birlikte, bu \u00f6nc\u00fc ara\u015ft\u0131rma kadar hayati \u00f6neme sahip olan bir ba\u015fka \u00f6\u011fe, yenilik\u00e7ili\u011fin, uzmanl\u0131\u011f\u0131n ve yeni teknolojilerin laboratuvarlardan ger\u00e7ek d\u00fcnyaya <strong><em>aktar\u0131lmas\u0131d\u0131r<\/em><\/strong>.<\/p>\n<p>\u0130\u015fte bu y\u00fczden Abdul Latif Jameel, 1995 y\u0131l\u0131nda Suudi Arabistan&#8217;daki ilk k\u00e2r amac\u0131 g\u00fctmeyen rehabilitasyon hastanesi olan <a href=\"https:\/\/www.communityjameel.org\/en\/initiatives\/health-and-society\/abdul-latif-jameel-hospital\">Abdul Latif Jameel Hastanesi<\/a>&#8216;ni kurarak yeti\u015fkinler ve \u00e7ocuklar i\u00e7in kapsaml\u0131 bak\u0131m sa\u011flam\u0131\u015ft\u0131r. Japon \u015firketleri <a href=\"https:\/\/www.cellspect.com\/\">Cellspect<\/a> ve <a href=\"https:\/\/www.cyberdyne.jp\/english\/\">Cyberdyne<\/a> ile olan ortakl\u0131klar ve de yeni ba\u015flayan i\u015f geli\u015ftirme merkezi <a href=\"https:\/\/jomdd.com\/en\">JOMDD<\/a> i\u00e7in bu kadar enerji harcamas\u0131n\u0131n nedeni de budur.<\/p>\n<p><a href=\"https:\/\/www.alj.com\/en\/news\/abdul-latif-jameel-and-cellspect-collaborate-to-bring-next-generation-low-cost-portable-point-of-care-blood-testing-device-to-developing-markets\/\">Cellspec<\/a>t ile, Orta Do\u011fu, Afrika, G\u00fcneydo\u011fu Asya ve Hindistan&#8217;da geli\u015fmekte olan \u00fclkelerde yenilik\u00e7i, d\u00fc\u015f\u00fck maliyetli ve son derece ta\u015f\u0131nabilir bir bak\u0131m noktas\u0131 (POCT) cihaz\u0131 ile h\u0131zl\u0131 ve uygun fiyatl\u0131 kan testi sa\u011flamaya yard\u0131mc\u0131 olmaktad\u0131r. Biyomekanik parmak delme mekanizmalar\u0131 halihaz\u0131rda \u015feker metabolizmas\u0131n\u0131, lipid ve karaci\u011fer fonksiyonunu kontrol etmektedir ve yaln\u0131zca be\u015f dakikada sonu\u00e7 al\u0131nmaktad\u0131r.<\/p>\n<p>Bu arada, <a href=\"https:\/\/www.cyberdyne.jp\/english\/products\/HAL\/\">HAL<\/a><sup>\u00ae<\/sup> teknolojisinde robotik d\u0131\u015f iskeletleri kullanarak omurga yaralanmas\u0131 rehabilitasyon teknolojisine \u00f6nc\u00fcl\u00fck eden, <a href=\"https:\/\/www.alj.com\/en\/news\/abdul-latif-jameel-and-cyberdyne-expand-collaboration-across-gcc-region\/\">Cyberdyne<\/a> ile yeni geni\u015fletilmi\u015f bir ortakl\u0131k, bu teknolojiyi K\u00f6rfez b\u00f6lgesindeki hastalara sunmas\u0131na ve Abdul Latif Jameel Hastanesi&#8217;ni e\u011fitimde uzman bir b\u00f6lgesel m\u00fckemmellik merkezi haline getirmesine olanak sa\u011flayacakt\u0131r.<\/p>\n<figure id=\"attachment_74164\" aria-describedby=\"caption-attachment-74164\" style=\"width: 200px\" class=\"wp-caption alignleft\"><img decoding=\"async\" loading=\"lazy\" class=\"wp-image-74164 size-medium\" src=\"https:\/\/www.alj.com\/app\/uploads\/2020\/07\/Akram_Web-200x300.jpg\" alt=\"Akram Bouchenaki\" width=\"200\" height=\"300\" srcset=\"https:\/\/media.alj.com\/app\/uploads\/2020\/07\/Akram_Web-200x300.jpg 200w, https:\/\/media.alj.com\/app\/uploads\/2020\/07\/Akram_Web-683x1024.jpg 683w, https:\/\/media.alj.com\/app\/uploads\/2020\/07\/Akram_Web-100x150.jpg 100w, https:\/\/media.alj.com\/app\/uploads\/2020\/07\/Akram_Web-768x1152.jpg 768w, https:\/\/media.alj.com\/app\/uploads\/2020\/07\/Akram_Web.jpg 1000w\" sizes=\"(max-width: 200px) 100vw, 200px\" \/><figcaption id=\"caption-attachment-74164\" class=\"wp-caption-text\">Akram Bouchenaki<br \/>\n\u0130cra Kurulu Ba\u015fkan\u0131<br \/>\nAbdul Latif Jameel Health<\/figcaption><\/figure>\n<p>Abdul Latif Jameel, \u015fimdi d\u00fcnya pandemi ile m\u00fccadele etme \u00e7abalar\u0131na devam ederken, <a href=\"https:\/\/aljhealth.com\">Abdul Latif Jameel Health<\/a>&#8216;in kurulmas\u0131yla sa\u011fl\u0131k hizmetlerine k\u00fcresel eri\u015fimi geli\u015ftirmeye y\u00f6nelik ba\u011fl\u0131l\u0131\u011f\u0131n\u0131 \u00f6nemli \u00f6l\u00e7\u00fcde geni\u015fletmi\u015ftir.<\/p>\n<p>Eskiden sa\u011fl\u0131k hizmetleri devi Gilead Sciences&#8217;ta y\u00f6netici direkt\u00f6r olan Dr. <a href=\"https:\/\/www.alj.com\/en\/our-people\/akram-bouchenaki\/\">Akram Bouchenaki<\/a>&#8216;nin ba\u015fkanl\u0131\u011f\u0131nda olan Abdul Latif Jameel Health, geli\u015fmekte olan d\u00fcnyan\u0131n daha geni\u015f alanlar\u0131na daha iyi sa\u011fl\u0131k getirmeye kendini adam\u0131\u015ft\u0131r; kurum, daha fazla say\u0131da insan\u0131n hayat\u0131n\u0131 iyile\u015ftirecek ve en \u00e7ok ihtiyac\u0131 olanlar\u0131n sa\u011fl\u0131k hizmetlerine eri\u015fimini art\u0131racak projelere, ortaklara ve ortak yat\u0131r\u0131m yapmaktad\u0131r.<\/p>\n<p>Akram ile yeni rol\u00fc, Abdul Latif Jameel Health i\u00e7in f\u0131rsatlar ve gelecek vizyonu hakk\u0131nda konu\u015ftuk.<\/p>\n<p>&nbsp;<\/p>\n<p>&nbsp;<\/p>\n<h2>Sa\u011fl\u0131k sekt\u00f6r\u00fcndeki \u00f6nceki deneyiminiz neydi?<\/h2>\n<p>Bilimsel ve t\u0131bbi ge\u00e7mi\u015fe sahibim. Ben eczac\u0131l\u0131k alan\u0131nda doktora yapt\u0131m, bu nedenle ila\u00e7larla \u00e7al\u0131\u015ft\u0131\u011f\u0131m ilk y\u0131llar\u0131m \u00e7o\u011funlukla ila\u00e7 da\u011f\u0131tmak ve yeni ila\u00e7 inovasyonlar\u0131n\u0131 ke\u015ffetmekle ge\u00e7ti. K\u0131sa bir s\u00fcre sonra da, her ikisi de b\u00fcy\u00fcd\u00fc\u011f\u00fcm Fransa\u2019da yer alan Glaxo&#8217;ya, ard\u0131ndan Bristol-Myers Squibb\u2019e kat\u0131ld\u0131\u011f\u0131mda, sa\u011fl\u0131k hizmetleri sekt\u00f6r\u00fcn\u00fcn ticari taraf\u0131na ad\u0131m atm\u0131\u015f oldum.<\/p>\n<p>1999 y\u0131l\u0131nda, Amerika Birle\u015fik Devletleri&#8217;nde Kaliforniya&#8217;da Gilead Sciences adl\u0131 yeni b\u00fcy\u00fcmekte olan bir \u015firket taraf\u0131ndan i\u015fe al\u0131nd\u0131m. HIV tedavisinde en \u00e7ok kullan\u0131lan ila\u00e7 haline gelen Tenofovir adl\u0131 HIV bile\u015fi\u011finin ilk lansman\u0131nda \u00e7al\u0131\u015fmak \u00fczere i\u015fe al\u0131nd\u0131m. Gilead o zamandan beri d\u00fcnyan\u0131n en b\u00fcy\u00fck sa\u011fl\u0131k \u015firketlerinden biri olmu\u015ftur.<\/p>\n<p>2003 y\u0131l\u0131nda, \u00f6nce Paris&#8217;te, sonra Londra&#8217;da olmak \u00fczere Gilead&#8217;in Avrupa operasyonlar\u0131n\u0131n geli\u015ftirilmesine yard\u0131mc\u0131 olmak i\u00e7in Avrupa&#8217;ya geri d\u00f6nd\u00fcm. Bunu birka\u00e7 y\u0131l yapt\u0131ktan ve bu nispeten k\u00fc\u00e7\u00fck Kaliforniyal\u0131 yeni \u015firketin \u00e7ok ba\u015far\u0131l\u0131 bir k\u00fcresel \u015firket haline gelmesine yard\u0131mc\u0131 olduktan sonra, giri\u015fimci hedeflerim ba\u015flad\u0131. Latin Amerika&#8217;da ruhsatland\u0131rma ve yenilik\u00e7i ve yerle\u015fik terap\u00f6tik \u00fcr\u00fcnlerin pazarlanmas\u0131na odaklanan ihtisas ila\u00e7 \u015firketi Moksha8 adl\u0131 bir giri\u015fim destekli \u015firket kurmak i\u00e7in ayr\u0131ld\u0131m.<\/p>\n<p>Bu, \u015firketin ard\u0131ndaki fikri yans\u0131tan, serbest b\u0131rakma ve ayd\u0131nlatma yolu anlam\u0131na gelen Sanskrit\u00e7e bir isimdir. Amac\u0131m\u0131z, <a href=\"https:\/\/www.alj.com\/en\/health\/health-overview\/\">Abdul Latif Jameel Health<\/a>&#8216;teki hedeflerimizle \u00e7ok yak\u0131ndan ili\u015fkili temel bir tutku olan geli\u015fmekte olan pazarlarda insanlar\u0131 hastal\u0131ktan kurtarmaya \u00e7al\u0131\u015fmakt\u0131.<\/p>\n<p>2017 y\u0131l\u0131nda, Gilead&#8217;e Afrika program\u0131 \u00fczerinde \u00e7al\u0131\u015fmak \u00fczere yeniden kat\u0131ld\u0131m ve insanlar\u0131n kaliteli sa\u011fl\u0131k hizmetlerine eri\u015fmek i\u00e7in zorland\u0131klar\u0131 pazarlarda hayati tedavilere eri\u015fimin geni\u015fletilmesine yard\u0131mc\u0131 oldum. HIV ve hepatit B ve C&#8217;ye kar\u015f\u0131 antiviral tedaviler gibi \u00fcr\u00fcnlerle \u00e7al\u0131\u015f\u0131yordum ve bunlara ger\u00e7ekten ihtiya\u00e7 duyan insanlar i\u00e7in bu hayat kurtaran tedavilere eri\u015fimi h\u0131zland\u0131rmaya u\u011fra\u015f\u0131yordum. Bu nedenle, benim i\u015fim devletlerle, sa\u011fl\u0131k yetkilileriyle, yerel ortaklarla birlikte, bu ila\u00e7lar\u0131 kaydetmek ve daha geni\u015f bir \u015fekilde kullan\u0131labilir hale getirmekti. \u00dcr\u00fcnlerin d\u00fc\u015f\u00fck gelirli \u00fclkelerde eri\u015filebilir olmas\u0131n\u0131 sa\u011flamak i\u00e7in \u00e7ok yenilik\u00e7i, kademeli bir fiyatland\u0131rma yakla\u015f\u0131m\u0131 benimsedik \u2013 genellikle en b\u00fcy\u00fck ihtiyac\u0131n odakland\u0131\u011f\u0131 yerlere.<\/p>\n<h2>ABD&#8217;deki bir laboratuvarda veya ofiste ba\u015far\u0131l\u0131, rahat bir kariyerin keyfini s\u00fcrebilirdiniz, ancak bunun yerine ila\u00e7lara ve tedavilere daha iyi eri\u015fim yoluyla insanlar\u0131n ya\u015famlar\u0131n\u0131 iyile\u015ftirmeye yard\u0131mc\u0131 olmaya odakland\u0131n\u0131z. Bu ba\u011fl\u0131l\u0131k duygusu nereden geliyor?<\/h2>\n<p>Her zaman daha geni\u015f kapsaml\u0131 sa\u011fl\u0131k sorunlar\u0131yla ilgilenmeye odakland\u0131m. Kariyerimin ilk d\u00f6nemlerinde bile, geli\u015fmi\u015f \u00fclkeler ve geli\u015fmekte olan d\u00fcnya aras\u0131nda sa\u011fl\u0131k hizmetlerine eri\u015fimde var olan ve gezegendeki n\u00fcfusun \u00e7o\u011funlu\u011funu olu\u015fturan bo\u015flu\u011fun fark\u0131ndayd\u0131m. Kariyerimi bu t\u00fcr konular\u0131 ele almaya y\u00f6nelttim. Ve bu devam eden bir sava\u015f.<\/p>\n<p>Ailemde t\u0131bbi ve sa\u011fl\u0131k hizmetleri \u00e7al\u0131\u015fanlar\u0131 vard\u0131 ve bu, bu sorunlar\u0131 ele alma iste\u011fimin olu\u015fmas\u0131nda kesinlikle bir rol oynad\u0131. \u00c7al\u0131\u015fmalar\u0131m s\u0131ras\u0131nda bile farkl\u0131 ortamlar deneyimlemek istiyordum. Zaman\u0131m\u0131n bir k\u0131sm\u0131n\u0131 \u0130spanya&#8217;n\u0131n Valencia \u015fehrindeki Doctor Peset hastanesinde ge\u00e7irdim. Daha sonra Amerika Birle\u015fik Devletleri&#8217;ne gittim ve Houston&#8217;daki MD Anderson Kanser Merkezi&#8217;ndeki e\u011fitimimin bir k\u0131sm\u0131n\u0131 tamamlad\u0131m. Yani, beni ilgilendiren \u015feylerin uluslararas\u0131 y\u00f6n\u00fc, her zaman bir motivasyon kayna\u011f\u0131 olmu\u015ftur.<\/p>\n<h2>Bu prensip, \u00f6nceki g\u00f6revlerinize nas\u0131l yans\u0131maktayd\u0131?<\/h2>\n<p>Avrupa ve Amerika Birle\u015fik Devletleri&#8217;nde dahil oldu\u011fum en \u00f6nemli dinamiklerden biri HIV tedavisiydi. Sadece sa\u011fl\u0131k hizmeti unsurlar\u0131yla de\u011fil, ayn\u0131 zamanda toplumla ilgili derin sorunlarla da \u00e7ok g\u00f6r\u00fcn\u00fcr ve akut bir problemdi. Sekt\u00f6r, yeni ila\u00e7lar\u0131n h\u0131zla geli\u015ftirilmesinde ve \u00f6zellikle de pazara sunulma h\u0131z\u0131 a\u00e7\u0131s\u0131ndan ger\u00e7ekten \u00f6nemli bir rol oynad\u0131. Herhangi bir hastal\u0131k alan\u0131 i\u00e7in benzeri g\u00f6r\u00fclmemi\u015f bir durumdu. Ancak ayn\u0131 zamanda, Avrupa ve Kuzey Amerika ve \u00f6zellikle Sahra Alt\u0131 Afrika&#8217;da salg\u0131n\u0131n felaket nitelikli oranlara oldu\u011fu \u00fclkeler aras\u0131nda b\u00fcy\u00fck bir fark g\u00f6rebilirsiniz. Bu soruna erken maruz kalmam, beni o zamandan beri yapt\u0131\u011f\u0131m i\u015fin ve ald\u0131\u011f\u0131m rollerin t\u00fcr\u00fcne y\u00f6neltti.<\/p>\n<h2>Sizi Abdul Latif Jameel Health&#8217;teki f\u0131rsata \u00e7eken neydi?<\/h2>\n<p>\u0130ki temel fakt\u00f6r vard\u0131.<\/p>\n<p>Ki\u015fisel d\u00fczeyde, bug\u00fcne kadarki kariyerimin de g\u00f6sterdi\u011fi gibi, yeni projeler olu\u015fturmak ve yeni kap\u0131lar a\u00e7mak konusunda hevesliyim. \u0130lk y\u0131llar\u0131m\u0131 sa\u011fl\u0131k hizmetlerinde ge\u00e7irdim ve piyasaya yeni ila\u00e7lar\u0131 tan\u0131tmaya ve s\u00fcrmeye odakland\u0131m &#8211; HIV veya hepatitte insanlar\u0131n hayatlar\u0131n\u0131 \u00f6nemli \u00f6l\u00e7\u00fcde de\u011fi\u015ftiren ila\u00e7lar. Yak\u0131n zamanda, M\u0131s\u0131r&#8217;da, hepatit C tedavisi i\u00e7in olan, anti-enfeksiy\u00f6z bir ila\u00e7 i\u00e7in olduk\u00e7a \u00f6nemli olan %98 oran\u0131nda iyile\u015ftirme sunan bir ilac\u0131n piyasaya s\u00fcr\u00fclmesine \u00f6nc\u00fcl\u00fck ediyordum. Yani bu y\u00f6n\u00fc kesinlikle \u00f6nemliydi.<\/p>\n<p>Uluslararas\u0131 boyut, farkl\u0131 pazarlardaki insanlar ve kurulu\u015flarla ba\u011flant\u0131 kurma m\u00fccadelesi beni inan\u0131lmaz derecede heyecanland\u0131r\u0131yor. Sa\u011fl\u0131k hizmetleri sorunlar\u0131yla u\u011fra\u015f\u0131rken, insanlar\u0131n hayatlar\u0131n\u0131n en derin ve en anlaml\u0131 y\u00f6nleriyle de u\u011fra\u015f\u0131yorsunuz ve bu inan\u0131lmaz derecede motive edici.<\/p>\n<p>\u00c7al\u0131\u015fmalar\u0131m s\u0131ras\u0131nda Abdul Latif Jameel ile, \u00f6zellikle de Community Jameel\u2019in Afrika\u2019daki ve MIT\u2019de yer alan <a href=\"https:\/\/www.povertyactionlab.org\/\">Poverty Action Lab<\/a>\u2018deki \u00e7e\u015fitli hay\u0131rseverlik projeleri sayesinde tan\u0131\u015ft\u0131m. Abdul Latif Jameel&#8217;in uzmanl\u0131\u011f\u0131 ve kaynaklar\u0131 ve Bay <a href=\"https:\/\/www.alj.com\/en\/our-people\/mohammed-abdul-latif-jameel\/\">Mohammed Jameel<\/a>&#8216;in vizyonu ile desteklenen bu zincirleri bir araya getirme ve yeni bir \u015firket kurma f\u0131rsat\u0131n\u0131 g\u00f6z ard\u0131 edemezdim. Bu bak\u0131\u015f a\u00e7\u0131s\u0131na ve i\u015fleri bu y\u00f6nde zorlama arzusuna sahip bir ailenin, hay\u0131rseverlik duygusunun ve bir i\u015fletmenin harika \u015feyler yapabilece\u011fini fark ettim.<\/p>\n<h2>Abdul Latif Jameel&#8217;in geli\u015fmekte olan pazarlarda sa\u011fl\u0131k hizmetlerini ve t\u0131bbi bak\u0131m\u0131 iyile\u015ftirme tutkusu bu alandaki kendi \u00e7\u0131karlar\u0131n\u0131zla uyumlu mu?<\/h2>\n<p>Evet, kesinlikle. Ba\u015far\u0131 elde ederken iyi \u015feyler de yapma konusundaki ortak vizyon, kesinlikle benim de\u011ferlerimle \u00f6rt\u00fc\u015f\u00fcyor. \u0130yiyi yapma taahh\u00fcd\u00fcn\u00fcn s\u00fcrd\u00fcr\u00fclebilir olmas\u0131 gerekti\u011fi kesin \u2013 ticari bir fayda da olmal\u0131 tabii \u2013 ancak bunu, insanlar\u0131n hayatlar\u0131 \u00fczerinde anlaml\u0131 bir etkiye sahip olma yoluyla ba\u015farmak, temel bir hedef.<\/p>\n<h2>Daha hen\u00fcz ilk g\u00fcnlerdeyiz, ancak Abdul Latif Jameel Health ve bu hedeflere ula\u015fmaya yard\u0131mc\u0131 olma vizyonunuzu a\u00e7\u0131klayabilir misiniz?<\/h2>\n<p>Birka\u00e7 temel ilkeye dayanan vizyon zaten olu\u015fturulma a\u015famas\u0131nda. \u00d6ncelikle, ba\u015fta d\u00fcnyan\u0131n odaklanaca\u011f\u0131m\u0131z noktalar\u0131nda olmak \u00fczere (Afrika, g\u00fcney Do\u011fu Asya, Orta Do\u011fu, vs.) bir 21. y\u00fczy\u0131l sa\u011fl\u0131k da\u011f\u0131t\u0131m \u015firketi i\u00e7in bir ihtiya\u00e7 bulundu\u011funu d\u00fc\u015f\u00fcn\u00fcyorum. Bu ba\u011flamda, m\u00fcmk\u00fcn olan en iyi sa\u011fl\u0131k hizmeti \u00e7\u00f6z\u00fcmlerine eri\u015fim ve gerekti\u011finde sa\u011fl\u0131\u011fa m\u00fcmk\u00fcn olan en geni\u015f eri\u015fim i\u00e7in h\u0131zland\u0131r\u0131c\u0131 bir rol oynamak istiyoruz.<\/p>\n<p>Bunu yaparken, faaliyet g\u00f6sterdi\u011fimiz b\u00f6lgelerdeki sa\u011fl\u0131k sistemleri i\u00e7in bir arac\u0131 olmak istiyoruz ve ortaklar\u0131m\u0131z i\u00e7in s\u0131n\u0131f\u0131n\u0131n en iyisi ortak olma vizyonumuz var. Ortakl\u0131k y\u00f6n\u00fc Abdul Latif Jameel&#8217;in DNA&#8217;s\u0131nda yer al\u0131r ve vizyonun \u00f6nemli bir bile\u015fenidir.<\/p>\n<p>Son olarak, yapt\u0131\u011f\u0131m\u0131z her \u015feyde m\u00fcmk\u00fcn olan en y\u00fcksek etik ve d\u00fcr\u00fcstl\u00fck standartlar\u0131yla \u00e7al\u0131\u015fmal\u0131y\u0131z. \u0130nsanlar\u0131n hayatlar\u0131 \u00fczerinde \u00e7al\u0131\u015f\u0131yoruz.<\/p>\n<h2>\u0130la\u00e7lar\u0131 piyasaya s\u00fcrmekten daha fazlas\u0131na odaklan\u0131yoruz. Sosyal, k\u00fclt\u00fcrel, politik ve teknik zorluklar da mevcut. Bu \u00e7ekici taraflar\u0131n sizin i\u00e7in \u00e7ok boyutlu bir y\u00f6n\u00fc de var m\u0131?<\/h2>\n<p>San\u0131r\u0131m \u00f6yle, evet. \u00c7ok derin bir anlay\u0131\u015f gerektiren karma\u015f\u0131k bir bulmaca. Bu da Abdul Latif Jameel Health\u2019\u0131n sunaca\u011f\u0131 ana fark yaratma etkenlerinden biridir. Her iki taraf\u0131 da \u00e7ok derin ve iyi bir \u015fekilde anlaman\u0131z gerekir. Yenilik\u00e7i sa\u011fl\u0131k \u015firketlerinin d\u00fcnyan\u0131n belirli b\u00f6lgelerindeki ortaklar\u0131ndan ne istediklerini anlaman\u0131z ve ayr\u0131ca pazarlar\u0131n ve ilgili sa\u011fl\u0131k sistemlerinin sa\u011fl\u0131k sorunlar\u0131n\u0131 ele almak i\u00e7in neye ihtiya\u00e7 duydu\u011funu anlaman\u0131z gerekir. Abdul Latif Jameel Health bu anlamda \u00e7ok iyi bir konuma sahiptir. Abdul Latif Jameel, <a href=\"https:\/\/jameel75.com\">75 y\u0131l\u0131<\/a> a\u015fk\u0131n bir s\u00fcredir birden fazla sekt\u00f6rde her d\u00fczeyde ortakl\u0131k kurma, farkl\u0131 pazarlar\u0131 anlama ve kritik olarak bu farkl\u0131 pazarlar\u0131n yerel beklentileri kar\u015f\u0131lamak i\u00e7in ihtiya\u00e7 duydu\u011fu \u015feyleri sunma becerisini kan\u0131tlam\u0131\u015ft\u0131r. Bu modeli sa\u011fl\u0131k sekt\u00f6r\u00fcnde \u00e7o\u011faltmak istiyoruz.<\/p>\n<h2>Abdul Latif Jameel&#8217;in deste\u011fi, uzmanl\u0131\u011f\u0131 ve kaynaklar\u0131 Abdul Latif Jameel Health&#8217;in ba\u015far\u0131s\u0131 i\u00e7in ne kadar \u00f6nemlidir?<\/h2>\n<p>Abdul Latif Jameel, d\u00fcnyan\u0131n b\u00fcy\u00fck bir k\u0131sm\u0131nda uzun ve ba\u015far\u0131l\u0131 bir ge\u00e7mi\u015fe sahiptir. Bu miras\u0131 g\u00fc\u00e7lendirmek ve farkl\u0131 sekt\u00f6rlerde ba\u015far\u0131l\u0131 olmak istiyoruz. Pratik a\u00e7\u0131dan, kendi sa\u011fl\u0131k altyap\u0131m\u0131z\u0131n olu\u015fumunu h\u0131zland\u0131rmak i\u00e7in y\u0131llar i\u00e7inde devreye sokulan sistemlerden ve kurulumlardan yararlanabiliriz. Bu nedenle, i\u015f ortaklar\u0131yla ili\u015fki kurma ve g\u00fcven ve itimat olu\u015fturma s\u00f6z konusu oldu\u011funda \u00f6nemli olan, yararlanabilece\u011fimiz bir miras ve konumland\u0131rma a\u00e7\u0131s\u0131 vard\u0131r. Bu da, mevcut bir k\u00fcresel a\u011f a\u00e7\u0131s\u0131ndan \u00f6nemli bir operasyonel faydad\u0131r ve i\u015flerin d\u00fcnyan\u0131n \u00e7e\u015fitli b\u00f6lgelerinde nas\u0131l faaliyet g\u00f6sterdi\u011fine dair derin bilgi ve anlay\u0131\u015f\u0131 bizlere sunar.<\/p>\n<h2>MIT\u2019deki (Jameel Clinic) ve Imperial College\u2019daki (Jameel Institute) gibi sa\u011fl\u0131k odakl\u0131 Community Jameel laboratuvarlar\u0131n\u0131n Abdul Latif Jameel Health\u2019in geli\u015fiminde oynad\u0131\u011f\u0131 rol ne kadar \u00f6nemlidir?<\/h2>\n<p>D\u00fcr\u00fcst olmak gerekirse, bunlar\u0131 iki ayr\u0131 evren olarak g\u00f6r\u00fcyoruz. Biri yard\u0131mseverlik ve sosyal sorumluluk cephesine odaklanarak, temel neden d\u00fczeyinde yukar\u0131 y\u00f6nl\u00fc ara\u015ft\u0131rman\u0131n y\u00fcr\u00fct\u00fclmesine yard\u0131mc\u0131 olur &#8211; Community Jameel bu g\u00f6revi g\u00f6r\u00fcr ve di\u011feri, \u2013 yani Abdul Latif Jameel Health \u2013 kesinlikle bir amaca sahip bir i\u015ftir, ama ayn\u0131 zamanda daha geleneksel, ticari bir odak noktas\u0131d\u0131r. Bu nedenle, bunlar iki farkl\u0131 giri\u015fimdir ve onlar\u0131 bu \u015fekilde tutaca\u011f\u0131z, ancak her ikisinin de alt\u0131nda yatan olgunun, daha iyi bir d\u00fcnya in\u015fa etmek konusunda Jameel ailesinin birle\u015ftirici felsefesi oldu\u011fu a\u00e7\u0131kt\u0131r.<\/p>\n<p>Ancak, bu harika ara\u015ft\u0131rmac\u0131lar taraf\u0131ndan geli\u015ftirilmekte olan inan\u0131lmaz yeniliklere hakl\u0131 olarak at\u0131fta bulunuyorsunuz. Ben devam etmekte olan projelerin yaln\u0131zca k\u00fc\u00e7\u00fck bir b\u00f6l\u00fcm\u00fcn\u00fcn fark\u0131nday\u0131m, ancak bu olduk\u00e7a dikkat \u00e7ekici ve bu projelerin baz\u0131lar\u0131n\u0131n potansiyeli \u00e7ok heyecan verici. Gelecekte bu yeniliklerden baz\u0131lar\u0131n\u0131n pazara a\u00e7\u0131labilece\u011fini ve bu yenilikler ger\u00e7ekle\u015fti\u011finde onlar\u0131 ihtiya\u00e7 duyan ki\u015filere g\u00f6t\u00fcrmek i\u00e7in iyi bir konumda olaca\u011f\u0131m\u0131z\u0131 umut ediyorum. Yani evet, Community Jameel taraf\u0131ndan finanse edilen \u00e7e\u015fitli giri\u015fimlerde inovasyon ak\u0131\u015f\u0131 ve \u00e7\u0131\u011f\u0131r a\u00e7an bilimsel ilerlemenin devam edece\u011fini ve bunun sonucu olarak onlar\u0131 insanlar i\u00e7in daha eri\u015filebilir k\u0131lmaya katk\u0131da bulunaca\u011f\u0131m\u0131z\u0131 umuyorum.<\/p>\n<h2>Son olarak, ileriye bakt\u0131\u011f\u0131n\u0131zda, \u00f6n\u00fcm\u00fczdeki alt\u0131 ay i\u00e7inde Abdul Latif Jameel Health i\u00e7in \u00f6nceliklerinizin neler oldu\u011funu s\u00f6yleyebilirsiniz?<\/h2>\n<p>\u0130lk hedef, s\u0131n\u0131f\u0131n\u0131n en iyisi bir ekip olu\u015fturmak; b\u00f6ylece hem ortakl\u0131k f\u0131rsatlar\u0131 hem de giri\u015f yap\u0131lacak pazarlar a\u00e7\u0131s\u0131ndan g\u00f6rd\u00fc\u011f\u00fcm\u00fcz f\u0131rsatlardan h\u0131zla yararlanabilece\u011fiz. \u0130kinci olarak, hem kendi altyap\u0131m\u0131z hem de g\u00fcvenilir yerel ortaklarla ortakl\u0131k kurma a\u00e7\u0131s\u0131ndan kilit co\u011frafyalarda varl\u0131\u011f\u0131m\u0131z\u0131 geli\u015ftirmek istiyoruz. \u00dc\u00e7\u00fcnc\u00fc olarak da, bize farkl\u0131 pazarlarda kullan\u0131ma sunmam\u0131z i\u00e7in varl\u0131klar\u0131n\u0131 emanet edecek s\u0131n\u0131f\u0131n\u0131n en iyisi terap\u00f6tik ve tan\u0131 \u015firketleri ile ortakl\u0131klar kurmak istiyoruz. Bunlar k\u0131sa vadedeki \u00f6nceliklerimizdir ve \u00fc\u00e7 alanda da b\u00fcy\u00fck ilerlemeler kaydetti\u011fimiz i\u00e7in \u00e7ok mutluyum.<\/p>\n<p>&nbsp;<\/p>\n<p><span style=\"font-size: 14px;\"><a href=\"#_ftnref1\" name=\"_ftn1\">[1]<\/a> <a href=\"\"><\/a><\/span><\/p>\n<p><span style=\"font-size: 14px;\"><a href=\"#_ftnref2\" name=\"_ftn2\">[2]<\/a> <a href=\"\"><\/a><\/span><\/p>\n<p><span style=\"font-size: 14px;\"><a href=\"#_ftnref3\" name=\"_ftn3\">[3]<\/a> <a href=\"https:\/\/www.who.int\/news-room\/fact-sheets\/detail\/universal-health-coverage-(uhc)\">https:\/\/www.who.int\/news-room\/fact-sheets\/detail\/universal-health-coverage-(uhc)<\/a><\/span><\/p>\n","protected":false},"author":18,"featured_media":77030,"template":"","tags":[219,282,283],"acf":[],"yoast_head":"<!-- This site is optimized with the Yoast SEO plugin v21.5 - https:\/\/yoast.com\/wordpress\/plugins\/seo\/ -->\n<title>Sa\u011fl\u0131k hizmetlerine eri\u015fimi h\u0131zland\u0131rmak | Abdul Latif Jameel\u00ae<\/title>\n<meta name=\"description\" content=\"Abdul Latif Jameel, giri\u015fimleri arac\u0131l\u0131\u011f\u0131yla inovasyon, uzmanl\u0131k ve yeni teknolojilerin laboratuarlardan ger\u00e7ek d\u00fcnyaya aktar\u0131lmas\u0131na katk\u0131da bulunuyor.\" \/>\n<meta name=\"robots\" content=\"index, follow, max-snippet:-1, max-image-preview:large, max-video-preview:-1\" \/>\n<link rel=\"canonical\" href=\"https:\/\/alj.com\/tr\/perspective\/improving-access-to-healthcare-for-those-who-need-it-most\/\" \/>\n<meta property=\"og:locale\" content=\"tr_TR\" \/>\n<meta property=\"og:type\" content=\"article\" \/>\n<meta property=\"og:title\" content=\"Sa\u011fl\u0131k hizmetlerine eri\u015fimi h\u0131zland\u0131rmak | Abdul Latif Jameel\u00ae\" \/>\n<meta property=\"og:description\" content=\"Abdul Latif Jameel, giri\u015fimleri arac\u0131l\u0131\u011f\u0131yla inovasyon, uzmanl\u0131k ve yeni teknolojilerin laboratuarlardan ger\u00e7ek d\u00fcnyaya aktar\u0131lmas\u0131na katk\u0131da bulunuyor.\" \/>\n<meta property=\"og:url\" content=\"https:\/\/alj.com\/tr\/perspective\/improving-access-to-healthcare-for-those-who-need-it-most\/\" \/>\n<meta property=\"og:site_name\" content=\"Abdul Latif Jameel\" \/>\n<meta property=\"article:publisher\" content=\"https:\/\/www.facebook.com\/Abdul.Latif.Jameel.Official\" \/>\n<meta property=\"article:modified_time\" content=\"2021-03-23T08:26:09+00:00\" \/>\n<meta property=\"og:image\" content=\"https:\/\/media.alj.com\/app\/uploads\/2020\/09\/Improving-access-to-healthcare.jpg\" \/>\n\t<meta property=\"og:image:width\" content=\"1000\" \/>\n\t<meta property=\"og:image:height\" content=\"680\" \/>\n\t<meta property=\"og:image:type\" content=\"image\/jpeg\" \/>\n<meta name=\"twitter:card\" content=\"summary_large_image\" \/>\n<meta name=\"twitter:label1\" content=\"Est. reading time\" \/>\n\t<meta name=\"twitter:data1\" content=\"15 minutes\" \/>\n<script type=\"application\/ld+json\" class=\"yoast-schema-graph\">{\"@context\":\"https:\/\/schema.org\",\"@graph\":[{\"@type\":\"WebPage\",\"@id\":\"https:\/\/alj.com\/tr\/perspective\/improving-access-to-healthcare-for-those-who-need-it-most\/\",\"url\":\"https:\/\/alj.com\/tr\/perspective\/improving-access-to-healthcare-for-those-who-need-it-most\/\",\"name\":\"Sa\u011fl\u0131k hizmetlerine eri\u015fimi h\u0131zland\u0131rmak | Abdul Latif Jameel\u00ae\",\"isPartOf\":{\"@id\":\"https:\/\/alj.com\/en\/#website\"},\"datePublished\":\"2020-09-13T08:06:06+00:00\",\"dateModified\":\"2021-03-23T08:26:09+00:00\",\"description\":\"Abdul Latif Jameel, giri\u015fimleri arac\u0131l\u0131\u011f\u0131yla inovasyon, uzmanl\u0131k ve yeni teknolojilerin laboratuarlardan ger\u00e7ek d\u00fcnyaya aktar\u0131lmas\u0131na katk\u0131da bulunuyor.\",\"breadcrumb\":{\"@id\":\"https:\/\/alj.com\/tr\/perspective\/improving-access-to-healthcare-for-those-who-need-it-most\/#breadcrumb\"},\"inLanguage\":\"tr\",\"potentialAction\":[{\"@type\":\"ReadAction\",\"target\":[\"https:\/\/alj.com\/tr\/perspective\/improving-access-to-healthcare-for-those-who-need-it-most\/\"]}]},{\"@type\":\"BreadcrumbList\",\"@id\":\"https:\/\/alj.com\/tr\/perspective\/improving-access-to-healthcare-for-those-who-need-it-most\/#breadcrumb\",\"itemListElement\":[{\"@type\":\"ListItem\",\"position\":1,\"name\":\"Home\",\"item\":\"https:\/\/alj.com\/tr\/\"},{\"@type\":\"ListItem\",\"position\":2,\"name\":\"Perspectives\",\"item\":\"https:\/\/alj.com\/ja\/perspective\/\"},{\"@type\":\"ListItem\",\"position\":3,\"name\":\"En \u00e7ok ihtiyac\u0131 olanlar\u0131n sa\u011fl\u0131k hizmetlerine eri\u015fimini iyile\u015ftirmek\"}]},{\"@type\":\"WebSite\",\"@id\":\"https:\/\/alj.com\/en\/#website\",\"url\":\"https:\/\/alj.com\/en\/\",\"name\":\"Abdul Latif Jameel\",\"description\":\"Abdul Latif Jameel\",\"potentialAction\":[{\"@type\":\"SearchAction\",\"target\":{\"@type\":\"EntryPoint\",\"urlTemplate\":\"https:\/\/alj.com\/en\/?s={search_term_string}\"},\"query-input\":\"required name=search_term_string\"}],\"inLanguage\":\"tr\"}]}<\/script>\n<!-- \/ Yoast SEO plugin. -->","yoast_head_json":{"title":"Sa\u011fl\u0131k hizmetlerine eri\u015fimi h\u0131zland\u0131rmak | Abdul Latif Jameel\u00ae","description":"Abdul Latif Jameel, giri\u015fimleri arac\u0131l\u0131\u011f\u0131yla inovasyon, uzmanl\u0131k ve yeni teknolojilerin laboratuarlardan ger\u00e7ek d\u00fcnyaya aktar\u0131lmas\u0131na katk\u0131da bulunuyor.","robots":{"index":"index","follow":"follow","max-snippet":"max-snippet:-1","max-image-preview":"max-image-preview:large","max-video-preview":"max-video-preview:-1"},"canonical":"https:\/\/alj.com\/tr\/perspective\/improving-access-to-healthcare-for-those-who-need-it-most\/","og_locale":"tr_TR","og_type":"article","og_title":"Sa\u011fl\u0131k hizmetlerine eri\u015fimi h\u0131zland\u0131rmak | Abdul Latif Jameel\u00ae","og_description":"Abdul Latif Jameel, giri\u015fimleri arac\u0131l\u0131\u011f\u0131yla inovasyon, uzmanl\u0131k ve yeni teknolojilerin laboratuarlardan ger\u00e7ek d\u00fcnyaya aktar\u0131lmas\u0131na katk\u0131da bulunuyor.","og_url":"https:\/\/alj.com\/tr\/perspective\/improving-access-to-healthcare-for-those-who-need-it-most\/","og_site_name":"Abdul Latif Jameel","article_publisher":"https:\/\/www.facebook.com\/Abdul.Latif.Jameel.Official","article_modified_time":"2021-03-23T08:26:09+00:00","og_image":[{"width":1000,"height":680,"url":"https:\/\/media.alj.com\/app\/uploads\/2020\/09\/Improving-access-to-healthcare.jpg","type":"image\/jpeg"}],"twitter_card":"summary_large_image","twitter_misc":{"Est. reading time":"15 minutes"},"schema":{"@context":"https:\/\/schema.org","@graph":[{"@type":"WebPage","@id":"https:\/\/alj.com\/tr\/perspective\/improving-access-to-healthcare-for-those-who-need-it-most\/","url":"https:\/\/alj.com\/tr\/perspective\/improving-access-to-healthcare-for-those-who-need-it-most\/","name":"Sa\u011fl\u0131k hizmetlerine eri\u015fimi h\u0131zland\u0131rmak | Abdul Latif Jameel\u00ae","isPartOf":{"@id":"https:\/\/alj.com\/en\/#website"},"datePublished":"2020-09-13T08:06:06+00:00","dateModified":"2021-03-23T08:26:09+00:00","description":"Abdul Latif Jameel, giri\u015fimleri arac\u0131l\u0131\u011f\u0131yla inovasyon, uzmanl\u0131k ve yeni teknolojilerin laboratuarlardan ger\u00e7ek d\u00fcnyaya aktar\u0131lmas\u0131na katk\u0131da bulunuyor.","breadcrumb":{"@id":"https:\/\/alj.com\/tr\/perspective\/improving-access-to-healthcare-for-those-who-need-it-most\/#breadcrumb"},"inLanguage":"tr","potentialAction":[{"@type":"ReadAction","target":["https:\/\/alj.com\/tr\/perspective\/improving-access-to-healthcare-for-those-who-need-it-most\/"]}]},{"@type":"BreadcrumbList","@id":"https:\/\/alj.com\/tr\/perspective\/improving-access-to-healthcare-for-those-who-need-it-most\/#breadcrumb","itemListElement":[{"@type":"ListItem","position":1,"name":"Home","item":"https:\/\/alj.com\/tr\/"},{"@type":"ListItem","position":2,"name":"Perspectives","item":"https:\/\/alj.com\/ja\/perspective\/"},{"@type":"ListItem","position":3,"name":"En \u00e7ok ihtiyac\u0131 olanlar\u0131n sa\u011fl\u0131k hizmetlerine eri\u015fimini iyile\u015ftirmek"}]},{"@type":"WebSite","@id":"https:\/\/alj.com\/en\/#website","url":"https:\/\/alj.com\/en\/","name":"Abdul Latif Jameel","description":"Abdul Latif Jameel","potentialAction":[{"@type":"SearchAction","target":{"@type":"EntryPoint","urlTemplate":"https:\/\/alj.com\/en\/?s={search_term_string}"},"query-input":"required name=search_term_string"}],"inLanguage":"tr"}]}},"post-meta-fields":{"_alp_processed":["1601453917"],"_wpml_word_count":["{\"total\":2628,\"to_translate\":{\"ar\":2628,\"zh-hans\":2628,\"fr\":2628,\"ja\":2628,\"es\":2628,\"tr\":2628}}"],"push_notification":["no"],"_push_notification":["field_5c3b1fb67034d"],"_wpml_media_featured":["1"],"_wpml_media_duplicate":["1"],"wpcf-featured-news":["0"],"is_latest_news":["0"],"wpcf-show-news-at-homepage":["1"],"publish_mobile":[""],"_publish_mobile":["field_5bfa8eb2e65cf"],"mobile_featured_image":["https:\/\/media.alj.com\/app\/uploads\/2020\/09\/Improving-access-to-healthcare.jpg"],"_mobile_featured_image":["field_5c3b204983dea"],"_wpcf-card-image-sort-order":["a:1:{i:0;i:947071;}"],"_bsf_post_type":["0"],"_bsf_item_review_type":["none"],"_yoast_wpseo_content_score":["30"],"post_views_count_2020Sep":["8"],"perspective_short_title":["En \u00e7ok ihtiyac\u0131 olanlar\u0131n sa\u011fl\u0131k hizmetlerine eri\u015fimini iyile\u015ftirmek"],"perspective_summury":["<p>COVID-19 pandemisi, insano\u011flunun en kal\u0131c\u0131 ve potansiyel olarak istikrars\u0131z zorluklar\u0131ndan biri olan sa\u011fl\u0131k hizmetlerine evrensel eri\u015fimi ele alma konusunda kal\u0131c\u0131 ba\u015far\u0131s\u0131zl\u0131\u011f\u0131n\u0131n \u00e7ok \u00f6nemli bir hat\u0131rlat\u0131c\u0131s\u0131 olmu\u015ftu<\/p>\n"],"perspective_location":["Dubai, BAE"],"_thumbnail_id":["77030"],"_last_translation_edit_mode":["native-editor"],"_yoast_wpseo_title":["Sa\u011fl\u0131k hizmetlerine eri\u015fimi h\u0131zland\u0131rmak | Abdul Latif Jameel\u00ae"],"_yoast_wpseo_metadesc":["Abdul Latif Jameel, giri\u015fimleri arac\u0131l\u0131\u011f\u0131yla inovasyon, uzmanl\u0131k ve yeni teknolojilerin laboratuarlardan ger\u00e7ek d\u00fcnyaya aktar\u0131lmas\u0131na katk\u0131da bulunuyor."],"post_views_count_2020Oct":["26"],"post_views_count_2020Nov":["19"],"post_views_count_2020Dec":["13"],"post_views_count_2021Jan":["24"],"post_views_count_2021Feb":["24"],"post_views_count_2021Mar":["35"],"perspective_business_sector":["Sa\u011fl\u0131k"],"wpcf-perspective-published-date":["1601856000"],"wpcf-card-image":[""],"post_views_count_2021Apr":["24"],"post_views_count_2021May":["11"],"post_views_count_2021Jun":["3"],"post_views_count_2021Jul":["5"],"post_views_total_count":["5"]},"_links":{"self":[{"href":"https:\/\/alj.com\/tr\/wp-json\/wp\/v2\/perspective\/77723"}],"collection":[{"href":"https:\/\/alj.com\/tr\/wp-json\/wp\/v2\/perspective"}],"about":[{"href":"https:\/\/alj.com\/tr\/wp-json\/wp\/v2\/types\/perspective"}],"author":[{"embeddable":true,"href":"https:\/\/alj.com\/tr\/wp-json\/wp\/v2\/users\/18"}],"wp:featuredmedia":[{"embeddable":true,"href":"https:\/\/alj.com\/tr\/wp-json\/wp\/v2\/media\/77030"}],"wp:attachment":[{"href":"https:\/\/alj.com\/tr\/wp-json\/wp\/v2\/media?parent=77723"}],"wp:term":[{"taxonomy":"post_tag","embeddable":true,"href":"https:\/\/alj.com\/tr\/wp-json\/wp\/v2\/tags?post=77723"}],"curies":[{"name":"wp","href":"https:\/\/api.w.org\/{rel}","templated":true}]}}