{"id":83051,"date":"2021-02-11T08:34:09","date_gmt":"2021-02-11T08:34:09","guid":{"rendered":"https:\/\/www.alj.com\/?post_type=perspective&#038;p=83051"},"modified":"2021-05-18T12:36:22","modified_gmt":"2021-05-18T12:36:22","slug":"iklimimizin-sifirlanmasi-surdurulebilir-enerjiye-gecis","status":"publish","type":"perspective","link":"https:\/\/alj.com\/tr\/perspective\/iklimimizin-sifirlanmasi-surdurulebilir-enerjiye-gecis\/","title":{"rendered":"\u0130klimimizin s\u0131f\u0131rlanmas\u0131: s\u00fcrd\u00fcr\u00fclebilir enerjiye ge\u00e7i\u015f"},"content":{"rendered":"<p>Toplumumuzun, ya\u015fam tarz\u0131m\u0131z\u0131n, hatta muhtemelen gezegenimizin gelece\u011finin, iklim de\u011fi\u015fikli\u011finin etkilerini durdurma ve potansiyel olarak tersine \u00e7evirme yetene\u011fimize ba\u011fl\u0131 oldu\u011funu s\u00f6ylemek abart\u0131 olmaz. Gelecek nesiller bize g\u00fcveniyor.<\/p>\n<p>Ba\u015far\u0131s\u0131z olursak, ortak gelece\u011fimiz umutsuz: T\u0131rmanan s\u0131cakl\u0131klar. Eriyen buzullar. Y\u00fckselen deniz seviyeleri. Ancak ba\u015far\u0131l\u0131 olmak ve sadece toplumumuzun gelece\u011fini g\u00fcvenceye almakla kalmay\u0131p, gezegenimiz i\u00e7in daha sa\u011fl\u0131kl\u0131, daha adil ve daha s\u00fcrd\u00fcr\u00fclebilir bir ya\u015fam tarz\u0131na giden yepyeni bir yol a\u00e7\u0131yoruz.<\/p>\n<p>Bu a\u00e7maz\u0131n tam merkezinde enerji yer al\u0131yor. Enerji olmadan, medeniyetimiz \u00e7\u00f6ker. Ama sorun da burada yat\u0131yor. Elektrik \u00fcretimi tek ba\u015f\u0131na atmosfer kirleticilerinin en b\u00fcy\u00fck nedenidir<a href=\"#_ftn1\" name=\"_ftnref1\">[1]<\/a>. Daha k\u00f6t\u00fcs\u00fc \u2013 2050 y\u0131l\u0131na kadar, \u015fu anda t\u00fcketti\u011fimiz enerji miktar\u0131n\u0131n iki kat\u0131na ihtiyac\u0131m\u0131z olabilir<a href=\"#_ftn2\" name=\"_ftnref2\">[2]<\/a>.<\/p>\n<p><img decoding=\"async\" loading=\"lazy\" class=\"aligncenter size-full wp-image-82188\" src=\"https:\/\/www.alj.com\/app\/uploads\/2020\/12\/ALJ-Global-Energy-Consumption-Infographics.jpg\" alt=\"Global Energy Consumption\" width=\"2560\" height=\"1551\" \/><\/p>\n<p>\u00d6n\u00fcm\u00fczdeki zorluk daha \u00f6nce g\u00f6r\u00fclmemi\u015f bir \u00f6l\u00e7ektedir ve k\u00fcreseldir. Baz\u0131 yorumcular\u0131n iddia etti\u011fi gibi \u201c\u0130klim k\u0131yametinin<a href=\"#_ftn3\" name=\"_ftnref3\">[3]<\/a> S\u0131f\u0131r\u0131nc\u0131 Y\u0131l\u0131\u201dn\u0131 \u00e7oktan ge\u00e7tik mi?<\/p>\n<p>Tehlikede olan \u00e7ok \u015fey olsa bile, kendimizi tek bir ger\u00e7ekle \u00e7arp\u0131\u015fma noktas\u0131nda buluyoruz: iyi niyetlerimiz <em>ekonomik<\/em> olarak uygulanabilir olmal\u0131d\u0131r.<\/p>\n<p>Neyse ki, r\u00fczgar ve g\u00fcne\u015f enerjisi gibi yenilenebilir enerjiler s\u00f6z konusu oldu\u011funda, matemati\u011fin ger\u00e7ekten k\u0131yaslanabilir oldu\u011funu g\u00f6rmezden gelmek giderek zorla\u015f\u0131yor. Daha az kirlilik daha <em>az<\/em> k\u00e2r anlam\u0131na gelmez, <em>daha fazla <\/em>k\u00e2r anlam\u0131na gelir.<\/p>\n<h2>Para s\u00f6z konusu ise, dinlemeye ba\u015flayal\u0131m<\/h2>\n<p>Yenilenebilir enerjinin ekonomik oldu\u011funu kesin olarak kan\u0131tlaman\u0131n zaman\u0131 gelecek y\u0131l ve hatta yar\u0131n de\u011fil. <em>\u015eimdi<\/em>. Bizler de\u011fi\u015fkenlik g\u00f6stersek de, n\u00fcfus \u0131s\u0131 dalgalar\u0131, \u00fcrpertici gelgitler ve a\u015f\u0131r\u0131 hava ko\u015fullar\u0131nda s\u0131k\u0131nt\u0131 ya\u015f\u0131yor.<\/p>\n<p>Ve iyi haberlere. <a href=\"https:\/\/www.alj.com\/en\/spotlight-by-fady-jameel\/the-economic-costs-of-climate-change\/\">Abdul Latif Jameel<\/a>&#8216;in Ba\u015fkan Vekili ve Y\u00f6netim Kurulu Ba\u015fkan Yard\u0131mc\u0131s\u0131 <a href=\"https:\/\/www.alj.com\/en\/our-people\/fady-jameel\/\">Fady Jameel<\/a> taraf\u0131ndan, <a href=\"https:\/\/www.alj.com\">iklim de\u011fi\u015fikli\u011finin ekonomik maliyetleri<\/a> hakk\u0131ndaki Spotlight makalemizde tart\u0131\u015f\u0131ld\u0131\u011f\u0131 gibi, i\u015f zekas\u0131 olanlar, ye\u015fil enerji seferinin arkas\u0131nda birle\u015fmek i\u00e7in olduk\u00e7a motive olmu\u015f durumda.<\/p>\n<ul>\n<li>D\u00fcnyadaki borsada kote olan en b\u00fcy\u00fck \u015firketlerden ikisi, iklim de\u011fi\u015fikli\u011finden kaynaklanan d\u00fc\u015f\u00fc\u015f\u00fcn toplam 1 trilyon ABD dolar\u0131 bulaca\u011f\u0131n\u0131 tahmin ediyor.<a href=\"#_ftn4\" name=\"_ftnref4\">[4]<\/a><\/li>\n<li>BM Uluslararas\u0131 \u00c7al\u0131\u015fma \u00d6rg\u00fct\u00fc, 2030 y\u0131l\u0131na kadar i\u015f ile ilgili \u0131s\u0131 stresinin k\u00fcresel \u00e7al\u0131\u015fma saatlerini 80 milyona e\u015fit oranda azaltmas\u0131n\u0131 beklemektedir.<a href=\"#_ftn5\" name=\"_ftnref5\">[5]<\/a><\/li>\n<li>Bir hesaplamaya g\u00f6re, do\u011fal afetler y\u0131ll\u0131k t\u00fcketimde 520 milyar ABD dolar\u0131na kar\u015f\u0131l\u0131k gelir.<a href=\"#_ftn6\" name=\"_ftnref6\">[6]<\/a><\/li>\n<li>Acil d\u00fczeltici eylem olmadan, iklim de\u011fi\u015fikli\u011fi nedeniyle 2030 y\u0131l\u0131na kadar ekstra 100 milyon insan yoksullu\u011fa mahkum olacak.<a href=\"#_ftn7\" name=\"_ftnref7\">[7]<\/a><\/li>\n<\/ul>\n<p>Ak\u0131ll\u0131 para, \u00e7evremizi korumak ve post-pandemik ekonomimize enerji sa\u011flamak i\u00e7in ye\u015fil enerjiye odaklanm\u0131\u015ft\u0131r. Biyoyak\u0131tlar ve hidroelektrik kararl\u0131 y\u00fckseli\u015flerini s\u00fcrd\u00fcr\u00fcrken, ger\u00e7ek heyecan\u0131 yaratan g\u00fcne\u015f ve r\u00fczgar g\u00fcc\u00fcd\u00fcr. Ve bu teknolojilerin halihaz\u0131rda pazar\u0131 nas\u0131l heyecanland\u0131rd\u0131\u011f\u0131n\u0131 g\u00f6rmek \u00e7ok fazla ara\u015ft\u0131rma gerektirmiyor.<\/p>\n<h2>G\u00fcne\u015f enerjisi \u00f6nc\u00fclerin yak\u0131c\u0131 tutkusu<\/h2>\n<p>G\u00fcne\u015f enerjisinin y\u00fckseli\u015fi. Pandemi, d\u00fcnya \u00e7ap\u0131nda yeni PV (foto\u011fraf-voltaik) projelerinin lansman\u0131n\u0131 yava\u015flatm\u0131\u015f olabilir, ancak momentumu, antibiyotiklere diren\u00e7li bakterilerden daha g\u00fc\u00e7l\u00fcd\u00fcr.<\/p>\n<p><img decoding=\"async\" loading=\"lazy\" class=\"alignright size-thumbnail wp-image-82202\" src=\"https:\/\/www.alj.com\/app\/uploads\/2020\/12\/IEA-150x83.png\" alt=\"IEA logo\" width=\"150\" height=\"83\" srcset=\"https:\/\/media.alj.com\/app\/uploads\/2020\/12\/IEA-150x83.png 150w, https:\/\/media.alj.com\/app\/uploads\/2020\/12\/IEA-300x166.png 300w, https:\/\/media.alj.com\/app\/uploads\/2020\/12\/IEA-375x208.png 375w, https:\/\/media.alj.com\/app\/uploads\/2020\/12\/IEA-226x126.png 226w, https:\/\/media.alj.com\/app\/uploads\/2020\/12\/IEA-500x277.png 500w, https:\/\/media.alj.com\/app\/uploads\/2020\/12\/IEA.png 512w\" sizes=\"(max-width: 150px) 100vw, 150px\" \/>Uluslararas\u0131 Enerji Ajans\u0131 (<a href=\"https:\/\/www.iea.org\/\">IEA)<\/a>, 2021 y\u0131l\u0131 sonuna kadar k\u00fcresel g\u00fcne\u015f enerjisi kapasitesinin 200 GW&#8217;a yakla\u015faca\u011f\u0131n\u0131 \u00f6ng\u00f6r\u00fcyor \u2013 yeni bir end\u00fcstri rekoru<a href=\"#_ftn8\" name=\"_ftnref8\">[8]<\/a>. H\u0131z\u0131 belirleyen \u00c7in, Avrupa ve ABD&#8217;dir, ancak ger\u00e7ek anlamda k\u00fcresel bir olayd\u0131r: <a href=\"https:\/\/www.alj.com\/en\/perspective\/solar-prospects-have-never-been-brighter\/\">g\u00fcne\u015f enerjisi<\/a> pazar\u0131n\u0131n h\u0131zl\u0131 b\u00fcy\u00fcmesi hakk\u0131ndaki Perspektifler makalemizde de incelendi\u011fi \u00fczere 30&#8217;dan fazla \u00fclkede art\u0131k 1 GW\u2019n\u0131n \u00fczerinde g\u00fcne\u015f enerjisi kapasitesi bulunmaktad\u0131r. Hindistan ve Japonya, bug\u00fcnden 2030 y\u0131l\u0131na kadar daha fazla g\u00fcne\u015f \u0131\u015f\u0131\u011f\u0131 sa\u011flayacak.<\/p>\n<p><img decoding=\"async\" loading=\"lazy\" class=\"aligncenter size-full wp-image-82209\" src=\"https:\/\/www.alj.com\/app\/uploads\/2020\/12\/ALJ-Renewable-Electricity-Infographics.jpg\" alt=\"Renewable Electricity\" width=\"2560\" height=\"1724\" \/><\/p>\n<p>Yeni f\u0131rsatlar her g\u00fcn man\u015fet \u00e7al\u0131yor. BAE&#8217;nin d\u00fcnyan\u0131n en b\u00fcy\u00fck tek tesisli Konsantre G\u00fcne\u015f Enerjisi (CSP) projesi olan Rashid Al Maktoum IV projesini g\u00f6r\u00fcn. Rashid Al Maktoum IV, 260 metrede d\u00fcnyan\u0131n en y\u00fcksek g\u00fcne\u015f kulesini de\u011fil, ayn\u0131 zamanda 15 saatte en y\u00fcksek k\u00fcresel termal depolama kapasitesini de i\u00e7eren son geni\u015flemesi i\u00e7in 4,2 milyar ABD Dolar\u0131 tutar\u0131nda finansman elde etti.<a href=\"#_ftn9\" name=\"_ftnref9\">[9]<\/a><\/p>\n<p>Ayr\u0131ca Hindistan&#8217;\u0131n Jammu ve Kashmir kentindeki 6 milyar ABD Dolar\u0131 tutar\u0131nda Leh ve Kargil g\u00fcne\u015f enerjisi santraline bak\u0131n. Bu santraller, 850 km&#8217;lik bir iletim a\u011f\u0131na ba\u011flanarak Punjab&#8217;a ula\u015facak ve \u015febekeye 7,5 GW enerji verecektir.<\/p>\n<p>Bunun gibi devasa yat\u0131r\u0131mlar nedeniyle IEA, g\u00fcne\u015f enerjisinin 2040 y\u0131l\u0131na kadar k\u00fcresel enerji ihtiyac\u0131n\u0131n be\u015fte birini kar\u015f\u0131lamas\u0131n\u0131 bekliyor.<a href=\"#_ftn10\" name=\"_ftnref10\">[10]<\/a><\/p>\n<h2>Is\u0131y\u0131 hissedebiliriz \u2013 siz hissediyor musunuz?<\/h2>\n<p>Abdul Latif Jameel&#8217;de g\u00fcne\u015f enerjisinin potansiyelini uzun zamand\u0131r kabul ediyoruz. \u015eimdi, amiral gemisi yenilenebilir enerji i\u015fletmemiz Fotowatio Renewable Ventures (<a href=\"https:\/\/frv.com\">FRV)<\/a> arac\u0131l\u0131\u011f\u0131yla, d\u00fcnya \u00e7ap\u0131nda b\u00fcy\u00fcyen bir proje portf\u00f6y\u00fcyle g\u00fcne\u015f enerjisi art\u0131\u015f\u0131na \u00f6nc\u00fcl\u00fck ediyoruz.<\/p>\n<p>Bir an <a href=\"https:\/\/www.alj.com\/en\/perspective\/australia-a-new-renewables-superpower-qa-with-carlo-frigerio\/\">Avustralya<\/a>\u2019daki ilerlememizi ele al\u0131n. Yeni G\u00fcney Galler&#8217;deki 67,8 MW <a href=\"https:\/\/www.alj.com\/en\/news\/abdul-latif-jameel-energy-delivers-goonumbla-solar-farm-to-supply-45000-australian-homes\/\">Goonumbla<\/a> Solar \u00c7iftli\u011fimiz 2019&#8217;da faaliyete ge\u00e7ti ve 45.000&#8217;den fazla eve temiz enerji sa\u011flayarak y\u0131lda yakla\u015f\u0131k 140.000 ton CO<sub>2 <\/sub>tasarrufu sa\u011fl\u0131yor; Victoria&#8217;daki 85 MW&#8217;l\u0131k <a href=\"https:\/\/www.alj.com\/en\/news\/frv-secures-financing-for-winton-solar-farm-in-victoria-australia\/\">Winton<\/a> g\u00fcne\u015f enerjisi \u00e7iftli\u011fimiz her y\u0131l 210.000 MWh elektrik \u00fcretecek; Yeni G\u00fcney Galler&#8217;deki 90 MW <a href=\"https:\/\/www.alj.com\/en\/news\/abdul-latif-jameel-energy-secures-green-finance-from-ing-for-seventh-solar-farm-in-australia\/\">Sebastopol<\/a> g\u00fcne\u015f enerjisi \u00e7iftli\u011fi olan yeni giri\u015fimimiz Snowy Hydro ile, yolda 27.700 daha az arabaya denk gelen \u00e7evresel faydalar sa\u011flar.<\/p>\n<p><iframe loading=\"lazy\" src=\"\/\/www.youtube.com\/embed\/a7J_GZXwG4Y\" width=\"560\" height=\"314\" allowfullscreen=\"allowfullscreen\"><\/iframe><\/p>\n<p><a href=\"https:\/\/www.alj.com\/en\/perspective\/a-cleaner-stronger-energy-future-dawning-for-mexico\/\">Meksika<\/a>&#8216;daki b\u00fcy\u00fcmemizi de d\u00fc\u015f\u00fcn\u00fcn. San Luis de Potosi&#8217;deki <a href=\"https:\/\/www.alj.com\/en\/news\/abdul-latif-jameel-energy-secures-financing-mexican-solar-farm-will-power-150000-homes\/\">Potosi<\/a> G\u00fcne\u015f Enerjisi Tesisimiz 2019 y\u0131l\u0131nda faaliyet g\u00f6stermeye ba\u015flad\u0131 ve her y\u0131l 815.000 MWh temiz enerji \u00fcretiyor. \u0130kinci Meksika tesisimiz olan Jalisco\u2019daki <a href=\"https:\/\/www.alj.com\/en\/news\/abdul-latif-jameel-energys-frv-secures-financing-for-potrero-solar-the-worlds-largest-bifacial-solar-pv-project\/\">Potrero<\/a> PV \u00e7iftli\u011fi, y\u0131lda 437.000 ton CO<sub>2<\/sub> tasarrufu sa\u011flayarak 128.000 eve enerji sa\u011flayacak.<\/p>\n<p><iframe loading=\"lazy\" src=\"\/\/www.youtube.com\/embed\/jNcwscK_qKA\" width=\"560\" height=\"314\" allowfullscreen=\"allowfullscreen\"><\/iframe><\/p>\n<p>Ayr\u0131ca, oyunun kurallar\u0131n\u0131 ger\u00e7ekten de\u011fi\u015ftirecek ve pillerde bir \u00e7\u0131\u011f\u0131r a\u00e7acak olan teknolojik d\u00f6n\u00fcm noktas\u0131na da \u00e7al\u0131\u015f\u0131yoruz.<\/p>\n<h2>Yeni nesil piller g\u00fc\u00e7 vermeyi vaat ediyor<\/h2>\n<p>Hiper verimli piller, yenilenebilir enerji i\u00e7in &#8220;kutsal kase&#8221;, e\u011fer isterseniz &#8220;eksik ba\u011flant\u0131&#8221;d\u0131r; g\u00fcne\u015f parlamad\u0131\u011f\u0131 ve r\u00fczgar esmedi\u011fi zamanlarda ne olaca\u011f\u0131na dair \u00e7ok\u00e7a s\u00f6z\u00fc edilen bir a\u00e7\u0131\u011f\u0131 doldurmaktad\u0131r. Bu, <a href=\"https:\/\/www.alj.com\/en\/perspective\/storing-success-batteries-revolutionizing-global-energy-market\/\">pil teknolojisindeki en son yenilikler<\/a> ile ilgili Perspektifler makalemizde daha derinlemesine ele ald\u0131\u011f\u0131m\u0131z bir konudur. \u015eebeke \u00f6l\u00e7e\u011findeki piller, di\u011fer zamanlardaki talebi kar\u015f\u0131lamak i\u00e7in \u00fcretken d\u00f6nemlerde \u00fcretilen g\u00fcc\u00fc kullan\u0131r. Enerji depolama, bir\u00e7ok ileri g\u00f6r\u00fc\u015fl\u00fc yat\u0131r\u0131mc\u0131n\u0131n fonlar\u0131n\u0131 yat\u0131rd\u0131\u011f\u0131 ve en b\u00fcy\u00fck getirilerin baz\u0131lar\u0131n\u0131n yap\u0131laca\u011f\u0131 aland\u0131r.<\/p>\n<p>Enerji depolama tesislerinin 9 GW\u2019dan (2018), 2040 y\u0131l\u0131na kadar inan\u0131lmaz bir rakama, 1,095 GW aras\u0131nda \u00e7o\u011falaca\u011f\u0131 tahmin edilmektedir. Bunu, lityum iyon pil maliyetlerindeki \u00f6nemli d\u00fc\u015f\u00fc\u015fe bor\u00e7luyuz.<a href=\"#_ftn11\" name=\"_ftnref11\">[11]<\/a><\/p>\n<p>Abdul Latif Jameel, FRV&#8217;nin teknoloji b\u00f6l\u00fcm\u00fc FRV-X arac\u0131l\u0131\u011f\u0131yla yeni nesil lityum iyon konseptlerini ke\u015ffederek bu ara\u015ft\u0131rman\u0131n en ileri a\u015famas\u0131nda yer almaktad\u0131r.<\/p>\n<p>\u0130lerleme h\u0131z\u0131 ilham vericidir. FRV, <a href=\"https:\/\/www.alj.com\/en\/news\/abdul-latif-jameel-energys-frv-harmony-energy-commission-first-megapack-uk-energy-storage-project\/\">Holes Bay<\/a> \u0130ngiltere&#8217;de 15 MWh tesis \u00f6l\u00e7ekli pil dizisini \u00e7al\u0131\u015ft\u0131rmaya ba\u015flad\u0131. Bu proje, \u0130ngiliz geli\u015ftirici <a href=\"https:\/\/www.harmonyenergy.co.uk\/\">Harmony Energy<\/a> ile ortakla\u015fa Southern Electric Power da\u011f\u0131t\u0131m a\u011f\u0131na ba\u011flan\u0131yor. Bu alan ve di\u011fer geli\u015fmekte olan teknolojiler, Fady Jameel taraf\u0131ndan ev sahipli\u011fi yap\u0131lan yak\u0131n tarihli bir Spotlight <a href=\"https:\/\/www.alj.com\/en\/spotlight-by-fady-jameel\/how-progress-in-utility-scale-energy-storage-is-enabling-the-transition-to-renewable-energy\/\">podcast<\/a>&#8216;te daha da ayr\u0131nt\u0131l\u0131 ke\u015ffedilmi\u015ftir.<\/p>\n<p><img decoding=\"async\" loading=\"lazy\" class=\"aligncenter size-full wp-image-68546\" src=\"https:\/\/www.alj.com\/app\/uploads\/2020\/06\/HB-pr-EXAMPLE-1-01_SLS.jpeg\" alt=\"Holes Bay Dorset\" width=\"2560\" height=\"1707\" \/><\/p>\n<p>Ayr\u0131ca FRV\u2019nin 224.000 ev i\u00e7in 7\/24 elektrik sa\u011flamak \u00fczere tasarlanan bataryalar\u0131 olan <a href=\"https:\/\/www.alj.com\/en\/perspective\/powering-potential-renewable-energy-in-latin-america\/\">\u015eili<\/a>\u2019deki 540 GWh yenilenebilir enerji tesisini de kutlayabiliriz. Hibrit bir tesis olan \u015eili projesi ayn\u0131 zamanda ye\u015fil enerji devriminin ikinci kataliz\u00f6r\u00fcn\u00fc ortaya koyuyor: r\u00fczgar enerjisi.<\/p>\n<h2>R\u00fczgar \u2013 hafife al\u0131nmamas\u0131 gereken bir g\u00fc\u00e7t\u00fcr<\/h2>\n<p>End\u00fcstri ve evler i\u00e7in bir enerji kayna\u011f\u0131 olarak r\u00fczgar, t\u00fcm\u00fc do\u011fru nedenlerden dolay\u0131 <em>hayranl\u0131k veren bir olgudur<\/em>. Ucuz, temiz ve s\u0131n\u0131rs\u0131zd\u0131r. Rakamlar yeterince ikna edici:<\/p>\n<ul>\n<li>\u015eu andan itibaren 2023 y\u0131l\u0131na kadar 330 GW&#8217;l\u0131k ekstra r\u00fczgar enerjisinin \u00e7evrimi\u00e7i olmas\u0131 bekleniyor ve k\u00fcresel kapasiteyi 900 GW&#8217;\u0131n \u00fczerine \u00e7\u0131kar\u0131yor<a href=\"#_ftn12\" name=\"_ftnref12\">[12]<\/a><\/li>\n<li>Amerika K\u0131tas\u0131nda \u015fimdi ile 2024 aras\u0131nda, 220 GW&#8217;tan fazla yeni kapasitenin kurulaca\u011f\u0131 tahmin ediliyor<a href=\"#_ftn13\" name=\"_ftnref13\">[13]<\/a><\/li>\n<li>Avrupa, 2030 y\u0131l\u0131na kadar enerji ihtiya\u00e7lar\u0131n\u0131n neredeyse d\u00f6rtte birini kar\u015f\u0131layacak ve y\u00fcz binlerce yeni i\u015f yaratacak olan 320 GW r\u00fczgar g\u00fcc\u00fcne ev sahipli\u011fi yapaca\u011f\u0131n\u0131n ipucunu verdi<a href=\"#_ftn14\" name=\"_ftnref14\">[14]<\/a>.<\/li>\n<\/ul>\n<p>Sekt\u00f6r g\u00f6zlerini, <a href=\"https:\/\/www.alj.com\/en\/perspective\/wind-power-at-full-force-in-landmark-year\/\">r\u00fczgar enerjisinin potansiyeli<\/a> hakk\u0131ndaki Perspektifler makalemizde \u00f6zetlendi\u011fi gibi, tam h\u0131za ileriye dikti.<\/p>\n<p>\u00c7in&#8217;deki 6 GW Ulanqab r\u00fczgar \u00e7iftli\u011fine bak\u0131n, 6,2 milyar dolarl\u0131k proje \u0130\u00e7 Mo\u011folistan&#8217;\u0131n 3.800 km karesini kaps\u0131yor ve 2022 K\u0131\u015f Olimpiyatlar\u0131na g\u00fc\u00e7 sa\u011flamaya yard\u0131mc\u0131 alacak bir zamanlama ile lansman yapmay\u0131 hedefliyor. Ya da, Suudi Arabistan&#8217;\u0131n Al Jouf b\u00f6lgesinde 500 milyon ABD Dolar\u0131 de\u011ferindeki Dumat Al Jandal giri\u015fimi, Orta Do\u011fu&#8217;da r\u00fczgar enerjisi i\u00e7in bir d\u00f6n\u00fcm noktas\u0131. 400 MW\u2019l\u0131k Dumat Al Jandal, 2022 y\u0131l\u0131na kadar 70.000\u2019e kadar enerji sa\u011fl\u0131yor olacak.<\/p>\n<p>R\u00fczgar\u0131n hangi y\u00f6ne \u00fcfledi\u011fine dair kesin bir i\u015faret.<\/p>\n<h2>A\u00e7\u0131k deniz devrimi i\u00e7in y\u00fczer fikirler<\/h2>\n<p>A\u00e7\u0131k deniz r\u00fczgar \u00e7iftlikleri, bug\u00fcn ile 2023 aras\u0131nda r\u00fczgar piyasas\u0131ndaki paylar\u0131n\u0131 %9&#8217;dan% 18&#8217;e, karadaki b\u00fcy\u00fcmenin iki kat\u0131 kadar bir b\u00fcy\u00fcme oran\u0131 ile ikiye katlayacak.<a href=\"#_ftn15\" name=\"_ftnref15\">[15]<\/a><\/p>\n<p>Avrupa, sadece 2019 y\u0131l\u0131nda toplam 3,6 GW g\u00fcc\u00fc olan on adet yeni a\u00e7\u0131k deniz r\u00fczgar \u00e7iftli\u011fine tan\u0131k oldu ve ortalama b\u00fcy\u00fckl\u00fck 300 MW&#8217;dan 600 MW&#8217;a \u00e7\u0131kt\u0131<a href=\"#_ftn16\" name=\"_ftnref16\"><sup>[16]<\/sup><\/a>.<\/p>\n<p>ABD&#8217;de, K\u0131y\u0131 Virginia A\u00e7\u0131k Deniz R\u00fczgar Projesinin geni\u015flemesiyle d\u00fcnyan\u0131n en b\u00fcy\u00fck deniz r\u00fczg\u00e2r \u00e7iftli\u011fi i\u00e7in planlar d\u00fczenlenmektedir. Bu tesis 2026 y\u0131l\u0131na kadar 2,64 GW g\u00fc\u00e7 sa\u011flayacakt\u0131r.<\/p>\n<p>Bu devasa a\u00e7\u0131k deniz r\u00fczgar yat\u0131r\u0131m\u0131n\u0131n nedeni? Yine, belirleyici olan maliyettir.<\/p>\n<p>A\u00e7\u0131k deniz r\u00fczgar\u0131, daha y\u00fcksek kurulum ve bak\u0131m maliyetleri nedeniyle k\u0131y\u0131daki r\u00fczgardan daha pahal\u0131 bir giri\u015fim olmaya devam ederken, fark daha b\u00fcy\u00fck t\u00fcrbinler ve \u00f6l\u00e7ek ekonomileri nedeniyle daral\u0131yor. Gelecekte her yerdeki a\u00e7\u0131k deniz maliyetinin %30 ila %50 daha azalmas\u0131 beklenebilir, bu da r\u00fczgar g\u00fcc\u00fcn\u00fc yat\u0131r\u0131mc\u0131lar i\u00e7in daha da cazip bir potansiyel haline getirir.<a href=\"#_ftn17\" name=\"_ftnref17\">[17]<\/a><\/p>\n<p>Yakla\u015fan teknik yenilikler aras\u0131nda daha y\u00fcksek ve daha verimli t\u00fcrbinler olu\u015fturmak i\u00e7in yeni malzemeler ve in\u015faat teknikleri yer al\u0131yor. 2020&#8217;lerin ba\u015f\u0131nda faaliyete ge\u00e7ecek olan Birle\u015fik Krall\u0131k \u00e7iftli\u011fi Dogger Bank&#8217;ta, her t\u00fcrbin 220 metre y\u00fcksekli\u011finde olacakt\u0131r. R\u00fczgar t\u00fcrbinleri s\u00f6z konusu oldu\u011funda, y\u00fckseklik ger\u00e7ekten \u00f6nemlidir. \u00d6rne\u011fin 170m&#8217;lik bir t\u00fcrbin, 70m&#8217;lik bir t\u00fcrbine g\u00f6re %35 daha fazla enerji verimine sahiptir<a href=\"#_ftn18\" name=\"_ftnref18\">[18]<\/a>.<\/p>\n<p>Ye\u015fil enerji ekonomisi i\u00e7in ger\u00e7ek bir temiz hava nefesi.<\/p>\n<p><img decoding=\"async\" loading=\"lazy\" class=\"aligncenter size-full wp-image-83047\" src=\"https:\/\/www.alj.com\/app\/uploads\/2021\/01\/ALJ-Wind-Power-Onshore-Offshore.jpg\" alt=\"ALJ Wind Power Onshore Offshore\" width=\"2560\" height=\"1508\" \/><\/p>\n<h2>S\u00fcper g\u00fc\u00e7ler ger\u00e7ekten kahraman olabilir<\/h2>\n<p>Yenilenebilir enerjilerin kaderi devlet deste\u011fiyle s\u0131k\u0131 bir \u015fekilde ba\u011flant\u0131l\u0131d\u0131r.<\/p>\n<p>\u00d6rne\u011fin, Amerika&#8217;da yeni g\u00fcne\u015f enerjisi projeleri kurumsal vergi reformlar\u0131 nedeniyle gecikti\u011finde endi\u015feler dile getirildi ve bu durum PV mod\u00fcllerinin fiyat\u0131na g\u00fcveni sarst\u0131. \u00c7in de, h\u00fck\u00fcmetin garantili tarifelerine IEA taraf\u0131ndan yap\u0131lan itiraz nedeniyle g\u00fcne\u015f enerjisinin yava\u015flad\u0131\u011f\u0131n\u0131 g\u00f6rd\u00fc. Ancak deneyimimizden bildi\u011fimiz gibi, gelecek odakl\u0131 politika hakim oldu\u011funda, yine yat\u0131r\u0131m takip edecektir.<\/p>\n<p>\u00d6rne\u011fin \u015eili&#8217;nin yenilenebilir enerji dostu y\u00f6netmelikleri, FRV&#8217;nin G\u00fcney Amerika&#8217;daki faaliyetlerini turboyla tamaml\u0131yor. Ayr\u0131ca kom\u015fu \u00fclkelerdeki benzer yenilenebilir enerji dostu politikalar nedeniyle Uruguay, Brezilya, Peru ve Kolombiya&#8217;daki f\u0131rsatlar\u0131 da ara\u015ft\u0131r\u0131yoruz.<\/p>\n<p>\u0130ki Tarafl\u0131 Enerji Sat\u0131n Alma Anla\u015fmalar\u0131 (PPA), yenilenebilir yat\u0131r\u0131mlara y\u00f6nelik i\u015ftahlar\u0131 katlanarak art\u0131racakt\u0131r. Bu PPA\u2019lar, k\u00fcresel \u00e7apta r\u00fczgar projelerinin gelir ve kredi kalitesini tan\u0131mlayacak ve finans\u00f6rlerin bunlar\u0131 g\u00fcvenle desteklemelerine yard\u0131mc\u0131 olacakt\u0131r<a href=\"#_ftn19\" name=\"_ftnref19\">[19]<\/a>.<\/p>\n<figure id=\"attachment_61956\" aria-describedby=\"caption-attachment-61956\" style=\"width: 150px\" class=\"wp-caption alignright\"><img decoding=\"async\" loading=\"lazy\" class=\"size-thumbnail wp-image-61956\" src=\"https:\/\/www.alj.com\/app\/uploads\/2020\/06\/Felipe-150x150.jpg\" alt=\"\" width=\"150\" height=\"150\" srcset=\"https:\/\/media.alj.com\/app\/uploads\/2020\/06\/Felipe-150x150.jpg 150w, https:\/\/media.alj.com\/app\/uploads\/2020\/06\/Felipe-300x300.jpg 300w, https:\/\/media.alj.com\/app\/uploads\/2020\/06\/Felipe-200x200.jpg 200w, https:\/\/media.alj.com\/app\/uploads\/2020\/06\/Felipe-170x170.jpg 170w, https:\/\/media.alj.com\/app\/uploads\/2020\/06\/Felipe-70x70.jpg 70w, https:\/\/media.alj.com\/app\/uploads\/2020\/06\/Felipe-271x271.jpg 271w, https:\/\/media.alj.com\/app\/uploads\/2020\/06\/Felipe.jpg 500w\" sizes=\"(max-width: 150px) 100vw, 150px\" \/><figcaption id=\"caption-attachment-61956\" class=\"wp-caption-text\">Felipe Hern\u00e1ndez<br \/>\nFRV-X Genel M\u00fcd\u00fcr<\/figcaption><\/figure>\n<p>Ye\u015fil enerji alan\u0131nda sekt\u00f6r liderleri olarak, d\u00fcnyan\u0131n her k\u00f6\u015fesinde yenilenebilir enerji i\u00e7in politik destek sa\u011flama konusunda tutkuluyuz.<\/p>\n<p><em>FRV M\u00fchendislik ve Varl\u0131k Y\u00f6netimi Genel M\u00fcd\u00fcr\u00fc <\/em><a href=\"https:\/\/es.linkedin.com\/in\/felipe-hernandez-fernandez-3212612b\"><em>Felipe Hern\u00e1ndez<\/em><\/a><em>, \u201cYeni bir enerji modelinin temellerini atmak i\u00e7in d\u00fcnyan\u0131n d\u00f6rt bir yan\u0131ndaki h\u00fck\u00fcmetler, d\u00fczenleyiciler ve ortaklarla zaten i\u015fbirli\u011fi yap\u0131yoruz\u201d<\/em> diyor.<\/p>\n<h2>Temiz enerjiye ye\u015fil \u0131\u015f\u0131k yak\u0131yoruz<\/h2>\n<p>Abdul Latif Jameel&#8217;de, ister g\u00fcne\u015fin g\u00fcc\u00fcnden yararlanmak ister r\u00fczgar\u0131n potansiyelini ortaya \u00e7\u0131karmak olsun, enerjinin gelece\u011finin g\u00fc\u00e7l\u00fc bir \u015fekilde yenilenebilir enerji oldu\u011funu biliyoruz. Bu nedenle, <a href=\"https:\/\/www.alj.com\/en\/energy-and-environmental-services\/energy-overview\/\">18 \u00fclkede faaliyet g\u00f6steriyoruz<\/a> ve iki y\u0131ldan k\u0131sa bir s\u00fcrede proje hatt\u0131m\u0131z\u0131 %50 oran\u0131nda yo\u011fun bir \u015fekilde art\u0131rd\u0131k.<\/p>\n<figure id=\"attachment_76960\" aria-describedby=\"caption-attachment-76960\" style=\"width: 225px\" class=\"wp-caption alignright\"><img decoding=\"async\" loading=\"lazy\" class=\"size-medium wp-image-76960\" src=\"https:\/\/www.alj.com\/app\/uploads\/2020\/09\/Fady-Jameel-Abdul-Latif-Jameel-225x300.jpg\" alt=\"Fady Jameel, Deputy President and Vice Chairman, Abdul Latif Jam\" width=\"225\" height=\"300\" srcset=\"https:\/\/media.alj.com\/app\/uploads\/2020\/09\/Fady-Jameel-Abdul-Latif-Jameel-225x300.jpg 225w, https:\/\/media.alj.com\/app\/uploads\/2020\/09\/Fady-Jameel-Abdul-Latif-Jameel-768x1024.jpg 768w, https:\/\/media.alj.com\/app\/uploads\/2020\/09\/Fady-Jameel-Abdul-Latif-Jameel-112x150.jpg 112w, https:\/\/media.alj.com\/app\/uploads\/2020\/09\/Fady-Jameel-Abdul-Latif-Jameel.jpg 800w\" sizes=\"(max-width: 225px) 100vw, 225px\" \/><figcaption id=\"caption-attachment-76960\" class=\"wp-caption-text\">Fady Jameel<br \/>\nBa\u015fkan Vekili ve Y\u00f6netim Kurulu Ba\u015fkan Yard\u0131mc\u0131s\u0131<br \/>\nAbdul Latif Jameel<\/figcaption><\/figure>\n<p>Ekonomik kalk\u0131nma taahh\u00fcd\u00fcm\u00fcz\u00fc destekleyerek, faaliyet g\u00f6sterdi\u011fimiz her yerde anlaml\u0131 bir miras yaratmaya da kararl\u0131y\u0131z. Bu, her seviyede i\u015f yaratmak ve yerel i\u015f\u00e7ileri \u00fclkelerin yenilenebilir enerji uzmanl\u0131\u011f\u0131n\u0131 geli\u015ftirmek i\u00e7in e\u011fitmek anlam\u0131na gelir.<\/p>\n<p><a href=\"https:\/\/www.alj.com\/en\/spotlight-by-fady-jameel\/delivering-decarbonization-how-achievable-is-net-zero\/\">Enerji sekt\u00f6r\u00fcn\u00fcn karbondan ar\u0131nd\u0131r\u0131lmas\u0131<\/a> hepimiz i\u00e7in bir \u00f6ncelik olmal\u0131d\u0131r. E\u011fer bu ger\u00e7ekten iklim k\u0131yametinin \u2018S\u0131f\u0131r\u0131nc\u0131 Y\u0131l\u0131\u2019 ise, \u015fimdi saati durdurma zaman\u0131 geldi.<\/p>\n<p><em>Bug\u00fcn yapabilece\u011fimiz ve 2050&#8217;de s\u0131f\u0131r emisyonlu bir enerji sistemine yak\u0131n olup olmamam\u0131z\u0131 etkileyecek bir\u00e7ok se\u00e7enek var.<\/em><\/p>\n<p><em>Bu do\u011fru se\u00e7imleri yapmak nihai olarak ekonomiyi y\u00f6nlendirmeye, \u00e7evreyi ve toplumlar\u0131m\u0131z\u0131 korumaya yard\u0131mc\u0131 olacakt\u0131r.<\/em>\u201d<\/p>\n<p>diyor, Abdul Latif Jameel Ba\u015fkan Vekili ve Y\u00f6netim Kurulu Ba\u015fkan Yard\u0131mc\u0131s\u0131 Fady M. Jameel.<\/p>\n<p>&nbsp;<\/p>\n<p><a href=\"#_ftnref1\" name=\"_ftn1\">[1]<\/a> https:\/\/www.epa.gov\/ghgemissions\/sources-greenhouse-gas-emissions<\/p>\n<p><a href=\"#_ftnref2\" name=\"_ftn2\">[2]<\/a> https:\/\/www.eia.gov\/todayinenergy\/detail.php?id=41433<\/p>\n<p><a href=\"#_ftnref3\" name=\"_ftn3\">[3]<\/a> https:\/\/www.theguardian.com\/commentisfree\/2019\/dec\/20\/2019-has-been-a-year-of-climate-disaster-yet-still-our-leaders-procrastinate<\/p>\n<p><a href=\"#_ftnref4\" name=\"_ftn4\">[4]<\/a> https:\/\/www.cdp.net\/en\/research\/global-reports\/global-climate-change-report-2018\/climate-report-risks-and-opportunities<\/p>\n<p><a href=\"#_ftnref5\" name=\"_ftn5\">[5]<\/a> https:\/\/www.ilo.org\/wcmsp5\/groups\/public\/&#8212;dgreports\/&#8212;dcomm\/&#8212;publ\/documents\/publication\/wcms_711919.pdf<\/p>\n<p><a href=\"#_ftnref6\" name=\"_ftn6\">[6]<\/a> https:\/\/www.worldbank.org\/en\/topic\/climatechange\/overview<\/p>\n<p><a href=\"#_ftnref7\" name=\"_ftn7\">[7]<\/a> https:\/\/www.worldbank.org\/en\/topic\/climatechange\/overview<\/p>\n<p><a href=\"#_ftnref8\" name=\"_ftn8\">[8]<\/a> https:\/\/www.iea.org\/reports\/renewable-energy-market-update\/2020-and-2021-forecast-overview<\/p>\n<p><a href=\"#_ftnref9\" name=\"_ftn9\">[9]<\/a> http:\/\/helioscsp.com\/dewa-reviews-construction-of-4th-phase-of-the-mohammed-bin-rashid-al-maktoum-solar-park\/<\/p>\n<p><a href=\"#_ftnref10\" name=\"_ftn10\">[10]<\/a> https:\/\/www.powermag.com\/iea-world-energy-outlook-solar-capacity-surges-past-coal-and-gas-by-2040\/<\/p>\n<p><a href=\"#_ftnref11\" name=\"_ftn11\">[11]<\/a> https:\/\/about.bnef.com\/blog\/energy-storage-investments-boom-battery-costs-halve-next-decade\/<\/p>\n<p><a href=\"#_ftnref12\" name=\"_ftn12\">[12]<\/a> https:\/\/gwec.net\/press-release-q3-market-intelligence-update-2019\/<\/p>\n<p><a href=\"#_ftnref13\" name=\"_ftn13\">[13]<\/a> https:\/\/gwec.net\/americas-wind-installations-rise-12-in-2019-to-13-4gw\/<\/p>\n<p><a href=\"#_ftnref14\" name=\"_ftn14\">[14]<\/a> https:\/\/www.ewea.org\/fileadmin\/files\/library\/publications\/reports\/EWEA-Wind-energy-scenarios-2030.pdf<\/p>\n<p><a href=\"#_ftnref15\" name=\"_ftn15\">[15]<\/a> https:\/\/gwec.net\/press-release-q3-market-intelligence-update-2019\/<\/p>\n<p><a href=\"#_ftnref16\" name=\"_ftn16\">[16]<\/a> https:\/\/windeurope.org\/newsroom\/press-releases\/europe-installs-a-record-3-6-gw-of-offshore-wind-in-2019\/<\/p>\n<p><a href=\"#_ftnref17\" name=\"_ftn17\">[17]<\/a> https:\/\/www.nanalyze.com\/2019\/05\/wind-energy-stock-wind-power\/<\/p>\n<p><a href=\"#_ftnref18\" name=\"_ftn18\">[18]<\/a> https:\/\/buildingspecifier.com\/wind-turbines-set-to-reach-mega-heights-with-new-techniques\/#<\/p>\n<p><a href=\"#_ftnref19\" name=\"_ftn19\">[19]<\/a> https:\/\/gwec.net\/press-release-q3-market-intelligence-update-2019\/<\/p>\n","protected":false},"author":18,"featured_media":38115,"template":"","tags":[],"acf":[],"yoast_head":"<!-- This site is optimized with the Yoast SEO plugin v21.5 - https:\/\/yoast.com\/wordpress\/plugins\/seo\/ -->\n<title>\u0130klimimizin S\u0131f\u0131rlanmas\u0131 | Abdul Latif Jameel\u00ae<\/title>\n<meta name=\"description\" content=\"Toplumumuzun, ya\u015fam tarz\u0131m\u0131z\u0131n ve gezegenimizin gelece\u011fi, iklim de\u011fi\u015fikli\u011finin etkilerini durdurma ve potansiyel olarak tersine \u00e7evirme yetene\u011fimize ba\u011fl\u0131\" \/>\n<meta name=\"robots\" content=\"index, follow, max-snippet:-1, max-image-preview:large, max-video-preview:-1\" \/>\n<link rel=\"canonical\" href=\"https:\/\/alj.com\/tr\/perspective\/iklimimizin-sifirlanmasi-surdurulebilir-enerjiye-gecis\/\" \/>\n<meta property=\"og:locale\" content=\"tr_TR\" \/>\n<meta property=\"og:type\" content=\"article\" \/>\n<meta property=\"og:title\" content=\"\u0130klimimizin S\u0131f\u0131rlanmas\u0131 | Abdul Latif Jameel\u00ae\" \/>\n<meta property=\"og:description\" content=\"Toplumumuzun, ya\u015fam tarz\u0131m\u0131z\u0131n ve gezegenimizin gelece\u011fi, iklim de\u011fi\u015fikli\u011finin etkilerini durdurma ve potansiyel olarak tersine \u00e7evirme yetene\u011fimize ba\u011fl\u0131\" \/>\n<meta property=\"og:url\" content=\"https:\/\/alj.com\/tr\/perspective\/iklimimizin-sifirlanmasi-surdurulebilir-enerjiye-gecis\/\" \/>\n<meta property=\"og:site_name\" content=\"Abdul Latif Jameel\" \/>\n<meta property=\"article:publisher\" content=\"https:\/\/www.facebook.com\/Abdul.Latif.Jameel.Official\" \/>\n<meta property=\"article:modified_time\" content=\"2021-05-18T12:36:22+00:00\" \/>\n<meta property=\"og:image\" content=\"https:\/\/media.alj.com\/app\/uploads\/2019\/03\/Energy-panels.jpg\" \/>\n\t<meta property=\"og:image:width\" content=\"750\" \/>\n\t<meta property=\"og:image:height\" content=\"356\" \/>\n\t<meta property=\"og:image:type\" content=\"image\/jpeg\" \/>\n<meta name=\"twitter:card\" content=\"summary_large_image\" \/>\n<meta name=\"twitter:label1\" content=\"Est. reading time\" \/>\n\t<meta name=\"twitter:data1\" content=\"12 minutes\" \/>\n<script type=\"application\/ld+json\" class=\"yoast-schema-graph\">{\"@context\":\"https:\/\/schema.org\",\"@graph\":[{\"@type\":\"WebPage\",\"@id\":\"https:\/\/alj.com\/tr\/perspective\/iklimimizin-sifirlanmasi-surdurulebilir-enerjiye-gecis\/\",\"url\":\"https:\/\/alj.com\/tr\/perspective\/iklimimizin-sifirlanmasi-surdurulebilir-enerjiye-gecis\/\",\"name\":\"\u0130klimimizin S\u0131f\u0131rlanmas\u0131 | Abdul Latif Jameel\u00ae\",\"isPartOf\":{\"@id\":\"https:\/\/alj.com\/en\/#website\"},\"datePublished\":\"2021-02-11T08:34:09+00:00\",\"dateModified\":\"2021-05-18T12:36:22+00:00\",\"description\":\"Toplumumuzun, ya\u015fam tarz\u0131m\u0131z\u0131n ve gezegenimizin gelece\u011fi, iklim de\u011fi\u015fikli\u011finin etkilerini durdurma ve potansiyel olarak tersine \u00e7evirme yetene\u011fimize ba\u011fl\u0131\",\"breadcrumb\":{\"@id\":\"https:\/\/alj.com\/tr\/perspective\/iklimimizin-sifirlanmasi-surdurulebilir-enerjiye-gecis\/#breadcrumb\"},\"inLanguage\":\"tr\",\"potentialAction\":[{\"@type\":\"ReadAction\",\"target\":[\"https:\/\/alj.com\/tr\/perspective\/iklimimizin-sifirlanmasi-surdurulebilir-enerjiye-gecis\/\"]}]},{\"@type\":\"BreadcrumbList\",\"@id\":\"https:\/\/alj.com\/tr\/perspective\/iklimimizin-sifirlanmasi-surdurulebilir-enerjiye-gecis\/#breadcrumb\",\"itemListElement\":[{\"@type\":\"ListItem\",\"position\":1,\"name\":\"Home\",\"item\":\"https:\/\/alj.com\/tr\/\"},{\"@type\":\"ListItem\",\"position\":2,\"name\":\"Perspectives\",\"item\":\"https:\/\/alj.com\/ja\/perspective\/\"},{\"@type\":\"ListItem\",\"position\":3,\"name\":\"\u0130klimimizin s\u0131f\u0131rlanmas\u0131: s\u00fcrd\u00fcr\u00fclebilir enerjiye ge\u00e7i\u015f\"}]},{\"@type\":\"WebSite\",\"@id\":\"https:\/\/alj.com\/en\/#website\",\"url\":\"https:\/\/alj.com\/en\/\",\"name\":\"Abdul Latif Jameel\",\"description\":\"Abdul Latif Jameel\",\"potentialAction\":[{\"@type\":\"SearchAction\",\"target\":{\"@type\":\"EntryPoint\",\"urlTemplate\":\"https:\/\/alj.com\/en\/?s={search_term_string}\"},\"query-input\":\"required name=search_term_string\"}],\"inLanguage\":\"tr\"}]}<\/script>\n<!-- \/ Yoast SEO plugin. -->","yoast_head_json":{"title":"\u0130klimimizin S\u0131f\u0131rlanmas\u0131 | Abdul Latif Jameel\u00ae","description":"Toplumumuzun, ya\u015fam tarz\u0131m\u0131z\u0131n ve gezegenimizin gelece\u011fi, iklim de\u011fi\u015fikli\u011finin etkilerini durdurma ve potansiyel olarak tersine \u00e7evirme yetene\u011fimize ba\u011fl\u0131","robots":{"index":"index","follow":"follow","max-snippet":"max-snippet:-1","max-image-preview":"max-image-preview:large","max-video-preview":"max-video-preview:-1"},"canonical":"https:\/\/alj.com\/tr\/perspective\/iklimimizin-sifirlanmasi-surdurulebilir-enerjiye-gecis\/","og_locale":"tr_TR","og_type":"article","og_title":"\u0130klimimizin S\u0131f\u0131rlanmas\u0131 | Abdul Latif Jameel\u00ae","og_description":"Toplumumuzun, ya\u015fam tarz\u0131m\u0131z\u0131n ve gezegenimizin gelece\u011fi, iklim de\u011fi\u015fikli\u011finin etkilerini durdurma ve potansiyel olarak tersine \u00e7evirme yetene\u011fimize ba\u011fl\u0131","og_url":"https:\/\/alj.com\/tr\/perspective\/iklimimizin-sifirlanmasi-surdurulebilir-enerjiye-gecis\/","og_site_name":"Abdul Latif Jameel","article_publisher":"https:\/\/www.facebook.com\/Abdul.Latif.Jameel.Official","article_modified_time":"2021-05-18T12:36:22+00:00","og_image":[{"width":750,"height":356,"url":"https:\/\/media.alj.com\/app\/uploads\/2019\/03\/Energy-panels.jpg","type":"image\/jpeg"}],"twitter_card":"summary_large_image","twitter_misc":{"Est. reading time":"12 minutes"},"schema":{"@context":"https:\/\/schema.org","@graph":[{"@type":"WebPage","@id":"https:\/\/alj.com\/tr\/perspective\/iklimimizin-sifirlanmasi-surdurulebilir-enerjiye-gecis\/","url":"https:\/\/alj.com\/tr\/perspective\/iklimimizin-sifirlanmasi-surdurulebilir-enerjiye-gecis\/","name":"\u0130klimimizin S\u0131f\u0131rlanmas\u0131 | Abdul Latif Jameel\u00ae","isPartOf":{"@id":"https:\/\/alj.com\/en\/#website"},"datePublished":"2021-02-11T08:34:09+00:00","dateModified":"2021-05-18T12:36:22+00:00","description":"Toplumumuzun, ya\u015fam tarz\u0131m\u0131z\u0131n ve gezegenimizin gelece\u011fi, iklim de\u011fi\u015fikli\u011finin etkilerini durdurma ve potansiyel olarak tersine \u00e7evirme yetene\u011fimize ba\u011fl\u0131","breadcrumb":{"@id":"https:\/\/alj.com\/tr\/perspective\/iklimimizin-sifirlanmasi-surdurulebilir-enerjiye-gecis\/#breadcrumb"},"inLanguage":"tr","potentialAction":[{"@type":"ReadAction","target":["https:\/\/alj.com\/tr\/perspective\/iklimimizin-sifirlanmasi-surdurulebilir-enerjiye-gecis\/"]}]},{"@type":"BreadcrumbList","@id":"https:\/\/alj.com\/tr\/perspective\/iklimimizin-sifirlanmasi-surdurulebilir-enerjiye-gecis\/#breadcrumb","itemListElement":[{"@type":"ListItem","position":1,"name":"Home","item":"https:\/\/alj.com\/tr\/"},{"@type":"ListItem","position":2,"name":"Perspectives","item":"https:\/\/alj.com\/ja\/perspective\/"},{"@type":"ListItem","position":3,"name":"\u0130klimimizin s\u0131f\u0131rlanmas\u0131: s\u00fcrd\u00fcr\u00fclebilir enerjiye ge\u00e7i\u015f"}]},{"@type":"WebSite","@id":"https:\/\/alj.com\/en\/#website","url":"https:\/\/alj.com\/en\/","name":"Abdul Latif Jameel","description":"Abdul Latif Jameel","potentialAction":[{"@type":"SearchAction","target":{"@type":"EntryPoint","urlTemplate":"https:\/\/alj.com\/en\/?s={search_term_string}"},"query-input":"required name=search_term_string"}],"inLanguage":"tr"}]}},"post-meta-fields":{"_alp_processed":["1610022720"],"_wpml_word_count":["{\"total\":2122,\"to_translate\":{\"ar\":2122,\"zh-hans\":2122,\"fr\":2122,\"ja\":2122,\"es\":2122,\"tr\":2122}}"],"push_notification":["no"],"_push_notification":["field_5c3b1fb67034d"],"_wpml_media_featured":["1"],"_wpml_media_duplicate":["1"],"perspective_short_title":["\u0130klimimizin s\u0131f\u0131rlanmas\u0131"],"perspective_summury":["<p>Toplumumuzun, ya\u015fam tarz\u0131m\u0131z\u0131n, hatta muhtemelen gezegenimizin gelece\u011finin, iklim de\u011fi\u015fikli\u011finin etkilerini durdurma ve potansiyel olarak tersine \u00e7evirme yetene\u011fimize ba\u011fl\u0131 oldu\u011funu s\u00f6ylemek abart\u0131 olmaz. Gelecek nesiller bize g\u00fcveniyor.<\/p>\n"],"wpcf-featured-news":["0"],"is_latest_news":["0"],"wpcf-show-news-at-homepage":["0"],"publish_mobile":[""],"_publish_mobile":["field_5bfa8eb2e65cf"],"mobile_featured_image":["https:\/\/media.alj.com\/app\/uploads\/2021\/01\/Sunrise-wind-turbines.jpg"],"_mobile_featured_image":["field_5c3b204983dea"],"_wpcf-card-image-sort-order":["a:1:{i:0;i:976775;}"],"_bsf_post_type":["0"],"_bsf_item_review_type":["none"],"_yoast_wpseo_content_score":["60"],"post_views_count_2020Dec":["4"],"perspective_location":["Dubai, BAE"],"_yoast_wpseo_title":["\u0130klimimizin S\u0131f\u0131rlanmas\u0131 | Abdul Latif Jameel\u00ae"],"_yoast_wpseo_metadesc":["Toplumumuzun, ya\u015fam tarz\u0131m\u0131z\u0131n ve gezegenimizin gelece\u011fi, iklim de\u011fi\u015fikli\u011finin etkilerini durdurma ve potansiyel olarak tersine \u00e7evirme yetene\u011fimize ba\u011fl\u0131"],"post_views_count_2021Jan":["3"],"_thumbnail_id":["38115"],"_last_translation_edit_mode":["native-editor"],"post_views_count_2021Feb":["15"],"post_views_count_2021Mar":["29"],"post_views_count_2021Apr":["22"],"post_views_count_2021May":["19"],"perspective_business_sector":["Enerji ve \u00c7evre Hizmetleri"],"wpcf-perspective-published-date":["1610323200"],"wpcf-card-image":[""],"post_views_count_2021Jun":["3"],"post_views_count_2021Jul":["17"],"post_views_total_count":["17"]},"_links":{"self":[{"href":"https:\/\/alj.com\/tr\/wp-json\/wp\/v2\/perspective\/83051"}],"collection":[{"href":"https:\/\/alj.com\/tr\/wp-json\/wp\/v2\/perspective"}],"about":[{"href":"https:\/\/alj.com\/tr\/wp-json\/wp\/v2\/types\/perspective"}],"author":[{"embeddable":true,"href":"https:\/\/alj.com\/tr\/wp-json\/wp\/v2\/users\/18"}],"wp:featuredmedia":[{"embeddable":true,"href":"https:\/\/alj.com\/tr\/wp-json\/wp\/v2\/media\/38115"}],"wp:attachment":[{"href":"https:\/\/alj.com\/tr\/wp-json\/wp\/v2\/media?parent=83051"}],"wp:term":[{"taxonomy":"post_tag","embeddable":true,"href":"https:\/\/alj.com\/tr\/wp-json\/wp\/v2\/tags?post=83051"}],"curies":[{"name":"wp","href":"https:\/\/api.w.org\/{rel}","templated":true}]}}