{"id":91384,"date":"2021-08-18T09:47:56","date_gmt":"2021-08-18T09:47:56","guid":{"rendered":"https:\/\/www.alj.com\/?post_type=perspective&#038;p=91384"},"modified":"2021-08-19T12:46:14","modified_gmt":"2021-08-19T12:46:14","slug":"shuqaiq-3-bir-firsat-vahasi","status":"publish","type":"perspective","link":"https:\/\/alj.com\/tr\/perspective\/shuqaiq-3-bir-firsat-vahasi\/","title":{"rendered":"Shuqaiq 3: bir f\u0131rsat vahas\u0131"},"content":{"rendered":"<h4>Abdul Latif Jameel Ba\u015fkan Vekili ve Y\u00f6netim Kurulu Ba\u015fkan Yard\u0131mc\u0131s\u0131 <a href=\"https:\/\/www.alj.com\/tr\/our-people\/fady-jameel\/\">Fady Jameel<\/a>, Abdul Latif Jameel\u2019in bug\u00fcn d\u00fcnyan\u0131n en b\u00fcy\u00fck tuzdan ar\u0131nd\u0131rma projelerinden biri olan Suudi Arabistan\u2019daki Shuqaiq 3 ba\u011f\u0131ms\u0131z suyu tuzdan ar\u0131nd\u0131rma tesisine dahil olu\u015fu hakk\u0131nda konu\u015fuyor.<\/h4>\n<p>G\u00fcneybat\u0131 Suudi Arabistan\u2019\u0131n Cizan B\u00f6lgesi\u2019ndeki Shuqaiq 3 tuzdan ar\u0131nd\u0131rma tesisi, 2021\u2019in d\u00f6rd\u00fcnc\u00fc \u00e7eyre\u011finde tamamland\u0131\u011f\u0131nda d\u00fcnyadaki en b\u00fcy\u00fck ters ozmoz (RO) tuzdan ar\u0131nd\u0131rma tesislerinden biri olacakt\u0131r.<\/p>\n<p><a href=\"https:\/\/www.almarwater.com\/\">Almar Water Solutions<\/a> (<a href=\"https:\/\/alj-enterprises.com\">Abdul Latif Jameel Enterprises<\/a><a href=\"#_ftn1\" name=\"_ftnref1\">[1]<\/a> arac\u0131l\u0131\u011f\u0131yla),<a href=\"https:\/\/www.acciona.com\/es\/\">Acciona<\/a>, <a href=\"https:\/\/www.marubeni.com\/en\/\">Marubeni Corporation<\/a> ve <a href=\"https:\/\/www.linkedin.com\/in\/rawafid-holding-423704140\/?originalSubdomain=sa\">Rawafid Alhadarah Holding Co<\/a> konsorsiyumuna verilen 600 milyon ABD Dolar\u0131 tutar\u0131ndaki bu altyap\u0131 yat\u0131r\u0131m\u0131n\u0131n g\u00fcnl\u00fck 450.000 metrek\u00fcp \u00fcretim kapasitesi, bir yandan 1,8 milyonu a\u015fk\u0131n yurtta\u015fa i\u00e7me suyu tedarikini garanti ederken \u00f6te yandan hem yerel hem de ulusal bazda ekonomik ve end\u00fcstriyel kalk\u0131nmaya da katk\u0131 sa\u011flayacakt\u0131r.<\/p>\n<p><iframe loading=\"lazy\" src=\"\/\/www.youtube.com\/embed\/KITq7UXrWQE\" width=\"560\" height=\"314\" allowfullscreen=\"allowfullscreen\"><\/iframe><\/p>\n<p>Su end\u00fcstrisinde t\u00fcr\u00fcn\u00fcn en karma\u015f\u0131k ve yenilik\u00e7i tesislerden biri olarak bilinen bu tesis, Eyl\u00fcl 2019\u2019da BAE\u2019nin Dubai \u015fehrinde d\u00fczenlenen 2019 Orta Do\u011fu Enerji \u00d6d\u00fclleri\u2019nde \u201c<a href=\"https:\/\/www.alj.com\/en\/news\/shuqaiq-3-desalination-project-receives-the-utilities-project-of-the-year-award\/\">Y\u0131l\u0131n Tesis Projesi<\/a>\u201d unvan\u0131n\u0131 kazanarak b\u00f6lgedeki en \u00f6nemli altyap\u0131 projelerinden biri olma stat\u00fcs\u00fcn\u00fc g\u00fc\u00e7lendirmi\u015ftir.<\/p>\n<p>Abdul Latif Jameel Ba\u015fkan Vekili ve Y\u00f6netim Kurulu Ba\u015fkan Yard\u0131mc\u0131s\u0131 <a href=\"https:\/\/www.alj.com\/tr\/our-people\/fady-jameel\/\">Fady Jameel,<\/a> projenin arka plan\u0131n\u0131 ve hem Suudi Arabistan hem de su end\u00fcstrisi a\u00e7\u0131s\u0131ndan kritik \u00f6nemini a\u00e7\u0131kl\u0131yor.<\/p>\n<h2>Abdul Latif Jameel\u2019in k\u00fcresel su end\u00fcstrisindeki deneyimi nedir?<\/h2>\n<figure id=\"attachment_91362\" aria-describedby=\"caption-attachment-91362\" style=\"width: 225px\" class=\"wp-caption alignright\"><img decoding=\"async\" loading=\"lazy\" class=\"size-medium wp-image-91362\" src=\"https:\/\/www.alj.com\/app\/uploads\/2021\/08\/Fady-Jameel-225x300.jpg\" alt=\"Fady Jameel\" width=\"225\" height=\"300\" srcset=\"https:\/\/media.alj.com\/app\/uploads\/2021\/08\/Fady-Jameel-225x300.jpg 225w, https:\/\/media.alj.com\/app\/uploads\/2021\/08\/Fady-Jameel-767x1024.jpg 767w, https:\/\/media.alj.com\/app\/uploads\/2021\/08\/Fady-Jameel-112x150.jpg 112w, https:\/\/media.alj.com\/app\/uploads\/2021\/08\/Fady-Jameel-768x1025.jpg 768w, https:\/\/media.alj.com\/app\/uploads\/2021\/08\/Fady-Jameel-1151x1536.jpg 1151w, https:\/\/media.alj.com\/app\/uploads\/2021\/08\/Fady-Jameel.jpg 1253w\" sizes=\"(max-width: 225px) 100vw, 225px\" \/><figcaption id=\"caption-attachment-91362\" class=\"wp-caption-text\">Fady Jameel<br \/>\nBa\u015fkan Vekili ve Y\u00f6netim Kurulu Ba\u015fkan Yard\u0131mc\u0131s\u0131<br \/>\nAbdul Latif Jameel<\/figcaption><\/figure>\n<p>Su sekt\u00f6r\u00fcndeki ilk at\u0131l\u0131m\u0131m\u0131z\u0131 20 y\u0131l \u00f6nce Cidde\u2019de yapt\u0131k. Amerika Birle\u015fik Devletleri\u2019nde rafa kald\u0131r\u0131lm\u0131\u015f ve demonte durumdaki k\u00fc\u00e7\u00fck bir ters ozmoz tuzdan ar\u0131nd\u0131rma tesisi oldu\u011funu tespit ettik. Cidde\u2019deki \u0130slam Liman\u0131 i\u00e7in temiz su sa\u011flamak \u00fczere bu tesisi sat\u0131n ald\u0131k ve yeniden monte ettik. O zamandan bu yana, di\u011fer tesislere yat\u0131r\u0131m yapt\u0131k ve Suudi Arabistan\u2019\u0131n bir\u00e7ok sanayi \u015fehrine su sa\u011flad\u0131k.<\/p>\n<p>O g\u00fcnden bug\u00fcne gelene kadar \u00e7ok \u015fey \u00f6\u011frendik.<\/p>\n<p>Toplum, end\u00fcstri ve her \u00fclkenin s\u00fcrd\u00fcr\u00fclebilirli\u011fi i\u00e7in temiz su mevcudiyeti, hayati \u00f6neme sahiptir.<\/p>\n<p>Ancak bunun, sadece hissedarlar ve ortaklar a\u00e7\u0131s\u0131ndan ba\u015far\u0131ya ula\u015facak \u015fekilde de\u011fil, ayn\u0131 zamanda daha uzun vadeli \u00e7evresel etkinin sorumlulu\u011funu da \u00fcstlenecek \u015fekilde do\u011fru bir \u015fekilde yap\u0131lmas\u0131 gerekir.<\/p>\n<p>Ge\u00e7mi\u015fe bakt\u0131\u011f\u0131m\u0131zda, pek \u00e7ok su tesisi, en az\u0131ndan zay\u0131f enerji verimlilikleri a\u00e7\u0131s\u0131ndan bu yakla\u015f\u0131m\u0131 benimsemedi. Abdul Latif Jameel\u2019de bu yakla\u015f\u0131m, yapt\u0131\u011f\u0131m\u0131z her yat\u0131r\u0131m\u0131n merkezinde yer al\u0131r. Mobilite i\u00e7in, yenilenebilir enerji i\u00e7in ve tabii ki bug\u00fcne kadarki en b\u00fcy\u00fck su projemiz olan Shuqaiq 3 i\u00e7in de bu b\u00f6yledir.<\/p>\n<h2>Shuqaiq 3\u2019te s\u00fcrd\u00fcr\u00fclebilirli\u011fi denemek ve geli\u015ftirmek i\u00e7in ne t\u00fcr ad\u0131mlar att\u0131n\u0131z?<\/h2>\n<p>Bu s\u00fcre\u00e7, i\u015f ortaklar\u0131m\u0131z Marubeni ile yak\u0131ndan \u00e7al\u0131\u015farak tesisin verimlili\u011fini optimize etmekle ba\u015flad\u0131. En verimli tesise sahip olmak; en son teknolojiyi, s\u00fcre\u00e7leri ve en iyi uygulamalar\u0131 kullanmak; yaln\u0131zca \u00fclkemizdeki s\u00fcrd\u00fcr\u00fclebilirlik sorunlar\u0131n\u0131 ele almak bak\u0131m\u0131ndan de\u011fil, ayn\u0131 zamanda kazanan proje olmada da kilit \u00f6neme sahiptir. Bu, k\u00e2rdan \u00f6d\u00fcn vermek anlam\u0131na gelmez. \u0130\u015fleri daha verimli yapt\u0131\u011f\u0131n\u0131zda da benzer bir getiri elde edebilirsiniz. Ba\u015fka bir sorun da tuzdan ar\u0131nd\u0131rma s\u0131ras\u0131nda ortaya \u00e7\u0131kan tuzlu sudur. Bununla ba\u015fa \u00e7\u0131kman\u0131n en iyi yolu nedir? Yakla\u015f\u0131m\u0131m\u0131z, tuzlu suyun uygun \u015fekilde seyreltilmesini ve geni\u015f bir alanda denize geri b\u0131rak\u0131lmas\u0131n\u0131 ve b\u00f6ylece do\u011fal yolla h\u0131zl\u0131ca da\u011f\u0131lmas\u0131n\u0131 sa\u011flamakt\u0131r. Bu s\u00fcrd\u00fcr\u00fclebilir s\u00fcre\u00e7ler konusunda \u0131srarc\u0131 olmak ve bu s\u00fcre\u00e7lerden bir \u015feyler \u00f6\u011frenmek bizim i\u00e7in \u00e7ok \u00f6nemli. Hedefimiz sadece Shuqaiq tesisinin ba\u015far\u0131l\u0131 bir \u015fekilde tamamlanmas\u0131 de\u011fil. Suudi Arabistan\u2019da, Latin Amerika\u2019da, G\u00fcney Do\u011fu Asya\u2019da ve Kuzey ve Do\u011fu Afrika\u2019da ba\u015fka \u015feyler yapmay\u0131 planl\u0131yoruz. Shuqaiq 3 en \u00f6nemli projemiz, bu nedenle her \u015feyi do\u011fru yapmam\u0131z gerekiyor.<\/p>\n<h2>Bunun gibi bir projede di\u011fer ortaklarla \u00e7al\u0131\u015fmak \u00f6nemli mi?<\/h2>\n<p>Evet, ayn\u0131 hedefleri ve \u00e7\u00f6z\u00fcmleri payla\u015fan di\u011fer ortaklarla \u00e7al\u0131\u015fmak \u00e7ok k\u0131ymetli. Ayr\u0131ca, sunduklar\u0131 yeni teknolojilerden ve bize \u00f6\u011freteceklerinden faydalanmak da \u00f6nemli. \u00d6n\u00fcm\u00fczdeki y\u0131llarda su sistemlerinin geli\u015fimini tan\u0131mlamaya yard\u0131mc\u0131 olacak mevcut veya yeni teknolojilere, MIT\u2019deki <a href=\"https:\/\/jwafs.mit.edu\/\">J-WAFS<\/a> laboratuvar\u0131 ve \u00e7evre \u00fczerindeki y\u00fck\u00fcn bir k\u0131sm\u0131n\u0131 hafifletmeye yard\u0131mc\u0131 olabilecek belirli yaz\u0131l\u0131m veya donan\u0131ma sahip di\u011fer i\u015f ortaklar\u0131 ile birlikte yaz\u0131l\u0131m teknolojilerinin yan\u0131 s\u0131ra donan\u0131m teknolojilerine halihaz\u0131rda yat\u0131r\u0131m yap\u0131yoruz.<\/p>\n<p>Ya\u015fam altyap\u0131s\u0131na yat\u0131r\u0131m yapmaya odakl\u0131 Abdul Latif Jameel kurulu\u015funun k\u00fcresel kapsam\u0131 g\u00f6z \u00f6n\u00fcne al\u0131nd\u0131\u011f\u0131nda bu sorunlar\u0131 ele al\u0131rken \u00f6rnek olman\u0131n da \u00f6nem arz etti\u011fini d\u00fc\u015f\u00fcn\u00fcyorum. Ba\u015fkalar\u0131n\u0131 da yaln\u0131zca su end\u00fcstrisinde de\u011fil, kendi i\u015fletmelerinin s\u00fcrd\u00fcr\u00fclebilirli\u011finde de ayn\u0131 \u015feyi yapmaya te\u015fvik etmek istiyoruz.<\/p>\n<p>Rekabeti k\u0131z\u0131\u015ft\u0131rmak istemiyoruz.<\/p>\n<p>D\u00fczenlemeler giderek daha kat\u0131 hale geliyor; h\u00fck\u00fcmetler iklim de\u011fi\u015fikli\u011fi g\u00fcndemine daha fazla \u00f6nem atfediyor ve faaliyetlerimize ivme kazand\u0131rmak da bize d\u00fc\u015f\u00fcyor.<\/p>\n<figure id=\"attachment_91369\" aria-describedby=\"caption-attachment-91369\" style=\"width: 1773px\" class=\"wp-caption aligncenter\"><img decoding=\"async\" loading=\"lazy\" class=\"size-full wp-image-91369\" src=\"https:\/\/www.alj.com\/app\/uploads\/2021\/08\/Shuqaiq-3-RO-pressure-valves.jpg\" alt=\"Shuqaiq 3 RO pressure valves\" width=\"1773\" height=\"1182\" srcset=\"https:\/\/media.alj.com\/app\/uploads\/2021\/08\/Shuqaiq-3-RO-pressure-valves.jpg 1773w, https:\/\/media.alj.com\/app\/uploads\/2021\/08\/Shuqaiq-3-RO-pressure-valves-300x200.jpg 300w, https:\/\/media.alj.com\/app\/uploads\/2021\/08\/Shuqaiq-3-RO-pressure-valves-1024x683.jpg 1024w, https:\/\/media.alj.com\/app\/uploads\/2021\/08\/Shuqaiq-3-RO-pressure-valves-150x100.jpg 150w, https:\/\/media.alj.com\/app\/uploads\/2021\/08\/Shuqaiq-3-RO-pressure-valves-768x512.jpg 768w, https:\/\/media.alj.com\/app\/uploads\/2021\/08\/Shuqaiq-3-RO-pressure-valves-1536x1024.jpg 1536w\" sizes=\"(max-width: 1773px) 100vw, 1773px\" \/><figcaption id=\"caption-attachment-91369\" class=\"wp-caption-text\">Shuqaiq 3 IWP\u2019deki Ters Ozmoz bas\u0131n\u00e7 tanklar\u0131n\u0131n 7.000\u2019inden (veya 54 kilometreye e\u015f de\u011ferinden) baz\u0131lar\u0131<\/figcaption><\/figure>\n<h2>Shuqaiq 3\u2019\u00fcn Suudi Arabistan\u2019da, yani memleketinizin pazar\u0131n\u0131zda olmas\u0131 onu sizin i\u00e7in daha da \u00f6nemli hale getiriyor mu?<\/h2>\n<p>Kesinlikle! Bu, Suudi Arabistan\u2019daki en b\u00fcy\u00fck projelerden biri ve ku\u015fkusuz Suudi Arabistan\u2019daki en b\u00fcy\u00fck \u00f6zel proje. \u0130ster end\u00fcstriyel kullan\u0131m ister hususi konutlar i\u00e7in olsun, genel olarak b\u00fcy\u00fcme a\u00e7\u0131s\u0131ndan Cizan B\u00f6lgesi\u2019nin d\u00f6n\u00fc\u015ft\u00fcr\u00fclmesinde b\u00fcy\u00fck bir rol oynayacakt\u0131r. Dolay\u0131s\u0131yla bu projeyle gurur duyuyoruz ve bu ayn\u0131 zamanda gelecekte daha fazlas\u0131n\u0131 yapmay\u0131 hedefledi\u011fimiz t\u00fcrde projelerin bir habercisi.<\/p>\n<h2>Shuqaiq 3, Abdul Latif Jameel\u2019in suya olan oda\u011f\u0131n\u0131n neresinde yer al\u0131yor?<\/h2>\n<p>\u0130ster Bahreyn ister <a href=\"https:\/\/www.alj.com\/en\/news\/almar-water-solutions-awarded-new-services-contract-chile\/\">Latin Amerika <\/a>veya <a href=\"https:\/\/www.alj.com\/en\/news\/abdul-latif-jameel-energy-expands-water-sector-portfolio-with-acquisition-of-58-desalination-plants-in-egypt\/\">M\u0131s\u0131r olsun,<\/a> mevcut portf\u00f6y\u00fcm\u00fczdeki projelerin \u00e7o\u011fu, terk edilmi\u015f end\u00fcstriyel b\u00f6lge projeleri olarak adland\u0131r\u0131lan projeler. Eski ekonomiyi yenisine ta\u015f\u0131yarak yeniden hayat verdi\u011fimiz ve iyile\u015ftirdi\u011fimiz daha eski tesisler olma e\u011filimindeler. Shuqaiq 3, en ileri teknolojiyi kullanan yepyeni bir tesis olmas\u0131 bak\u0131m\u0131ndan farkl\u0131. Bu bize, d\u00fcnya genelinde sonraki projelerde kullanmay\u0131 umdu\u011fumuz boyuttaki yeni teknolojilerle inovasyon yapma \u015fans\u0131 veriyor.<\/p>\n<h2>Sizce d\u00fcnya genelinde su sorunlar\u0131 konusundaki fark\u0131ndal\u0131k son birka\u00e7 y\u0131lda artt\u0131 m\u0131?<\/h2>\n<p>Evet, kesinlikle. Bu son derece \u00f6nemli bir konu ve yayg\u0131n olarak s\u0131n\u0131r \u00f6tesi, <a href=\"https:\/\/www.alj.com\/en\/perspective\/remedying-our-planets-greatest-risks\/\">jeopolitik bir risk <\/a>olarak kabul ediliyor. Gereksiz b\u00f6lgesel \u00e7at\u0131\u015fmadan ka\u00e7\u0131nmak istiyorsan\u0131z su g\u00fcvenli\u011fi hayati \u00f6nem ta\u015f\u0131r. Tar\u0131m, g\u0131da \u00fcretimi, s\u0131hhi temizlik, sa\u011fl\u0131k\u2026 Asl\u0131nda her \u015fey su ile alakal\u0131. Sadece Orta Do\u011fu gibi, iklimin s\u0131cak ve kuru oldu\u011fu \u201cbariz\u201d yerlerde bir sorun de\u011fildir. Su mevcudiyeti ve kalitesi d\u00fcnya genelinde, Avrupa, Latin Amerika, Afrika ve her yerde bir sorundur. \u201cBirinci d\u00fcnya \u00fclkesi\u201d olarak adland\u0131r\u0131lan bir\u00e7ok \u00fclkenin su ile ilgili sorunlar\u0131 vard\u0131r. \u00c7ok fazla suyu olan \u00fclkelerde bile su, en \u00e7ok ihtiya\u00e7 duyulan yerlerde de\u011fildir ve suyu bir yerden ba\u015fka yere ta\u015f\u0131mak her zaman \u00e7ok maliyetli bir s\u00fcre\u00e7tir.<\/p>\n<p>Bireysel d\u00fczeye indi\u011fimizde ise insanlar, su kullan\u0131mlar\u0131n\u0131 ve suyun nereden geldi\u011fini bile d\u00fc\u015f\u00fcnmezler. Fakat bu durum de\u011fi\u015fiyor. Neyse ki insanlar, ev i\u00e7inde veya end\u00fcstriyel ortamlarda su tasarrufu ihtiyac\u0131n\u0131 anlamaya ba\u015fl\u0131yor. N\u00fcfus \u00e7o\u011fald\u0131k\u00e7a ve \u015fehirlerde daha fazla insan ya\u015fad\u0131k\u00e7a su kaynaklar\u0131 \u00fczerindeki bask\u0131n\u0131n s\u00fcrekli artt\u0131\u011f\u0131n\u0131 g\u00f6r\u00fcyorlar. Bask\u0131lar artt\u0131k\u00e7a maliyetler de artacakt\u0131r. Suyun ticarile\u015ftirilmesi ve temel bir insan hakk\u0131 olmaktan \u00e7\u0131karak suya eri\u015fimde insanlar\u0131n pazarlara ba\u011f\u0131ml\u0131 hale gelme riski mevcuttur.<\/p>\n<p><img decoding=\"async\" loading=\"lazy\" class=\"aligncenter size-full wp-image-91510\" src=\"https:\/\/www.alj.com\/app\/uploads\/2021\/08\/ALJ-Water-Solutions-Infographic.jpeg\" alt=\"\" width=\"2560\" height=\"2241\" \/><\/p>\n<p>\u00c7\u00f6z\u00fcm sunmas\u0131 i\u00e7in sadece devlete bel ba\u011flayamay\u0131z. Toplumumuzun bu temel kayna\u011f\u0131 israf etmemesinin \u00f6n\u00fcne ge\u00e7mek i\u00e7in \u00e7\u00f6z\u00fcm\u00fcn bir <em>par\u00e7as\u0131<\/em> olmam\u0131z ve m\u00fcmk\u00fcn olan her \u015fekilde birlikte \u00e7al\u0131\u015fmam\u0131z gerekir.<\/p>\n<figure id=\"attachment_52896\" aria-describedby=\"caption-attachment-52896\" style=\"width: 1272px\" class=\"wp-caption aligncenter\"><img decoding=\"async\" loading=\"lazy\" class=\"size-full wp-image-52896\" src=\"https:\/\/www.alj.com\/app\/uploads\/2019\/10\/Almar-Water-Solutions-breaks-ground-for-the-Shuqaiq-3-desalination-plant.jpg\" alt=\"Almar Water Solutions breaks ground for the Shuqaiq 3 desalination plant\" width=\"1272\" height=\"902\" srcset=\"https:\/\/media.alj.com\/app\/uploads\/2019\/10\/Almar-Water-Solutions-breaks-ground-for-the-Shuqaiq-3-desalination-plant.jpg 1272w, https:\/\/media.alj.com\/app\/uploads\/2019\/10\/Almar-Water-Solutions-breaks-ground-for-the-Shuqaiq-3-desalination-plant-150x106.jpg 150w, https:\/\/media.alj.com\/app\/uploads\/2019\/10\/Almar-Water-Solutions-breaks-ground-for-the-Shuqaiq-3-desalination-plant-300x213.jpg 300w, https:\/\/media.alj.com\/app\/uploads\/2019\/10\/Almar-Water-Solutions-breaks-ground-for-the-Shuqaiq-3-desalination-plant-768x545.jpg 768w, https:\/\/media.alj.com\/app\/uploads\/2019\/10\/Almar-Water-Solutions-breaks-ground-for-the-Shuqaiq-3-desalination-plant-1024x726.jpg 1024w\" sizes=\"(max-width: 1272px) 100vw, 1272px\" \/><figcaption id=\"caption-attachment-52896\" class=\"wp-caption-text\">8 Ekim 2019\u2019da Shuqaiq 3 IWP\u2019deki \u00e7\u0131\u011f\u0131r a\u00e7an t\u00f6ren<\/figcaption><\/figure>\n<h2>Pandemi, k\u00fcresel su sistemlerinde bir farkl\u0131l\u0131k yaratt\u0131 m\u0131 ve yaratt\u0131ysa bu nas\u0131l bir farkl\u0131l\u0131k oldu?<\/h2>\n<p>Pandemi her \u015feyi etkiledi. Abdul Latif Jameel <a href=\"https:\/\/www.alj.com\/en\/spotlight-by-fady-jameel\/time-for-climate-action-to-go-viral\/\">Spotlight <\/a>makalelerinden birinde a\u00e7\u0131klad\u0131\u011f\u0131m gibi, salg\u0131n\u0131n kendisinin do\u011fal \u00e7evreyi yanl\u0131\u015f y\u00f6netmemizin bir i\u015fareti oldu\u011funa inan\u0131yorum. Pandemi \u00e7a\u011f\u0131nday\u0131z. Bu ilk de\u011fil, sonuncu da olmayacak. Pandemi, toplumumuzun her y\u00f6n\u00fcn\u00fc etkiledi. Bundan \u00e7\u0131kar\u0131lacak tek iyi sonu\u00e7, h\u00fck\u00fcmetleri -ve bir b\u00fct\u00fcn olarak toplumu- gezegenimiz ile ili\u015fkimizi yeniden dengelemek ve ya\u015fam\u0131m\u0131z\u0131 idame ettirmek i\u00e7in daha s\u00fcrd\u00fcr\u00fclebilir bir yol olu\u015fturma konusundaki acil ihtiyac\u0131 fark etmeye zorlamas\u0131d\u0131r.<\/p>\n<p>Bunu yapmazsak\u2026 pandemiler ya\u015fayacaklar\u0131m\u0131z\u0131n sadece ba\u015flang\u0131c\u0131 olabilir.<\/p>\n<h2>Geleneksel olarak suyu tuzdan ar\u0131nd\u0131rma tesislerinin en b\u00fcy\u00fck dezavantajlar\u0131ndan biri, bu tesisleri i\u015fletmek i\u00e7in gereken enerji miktar\u0131d\u0131r. Yenilenebilir enerji ile \u00e7al\u0131\u015fan bir su tesisi in\u015fa etmenin m\u00fcmk\u00fcn olaca\u011f\u0131n\u0131 d\u00fc\u015f\u00fcn\u00fcyor musunuz?<\/h2>\n<p>K\u0131sa yan\u0131t hay\u0131r, \u015fu anda de\u011fil. Bu tesisler inan\u0131lmaz derecede yo\u011fun enerji kullan\u0131r. B\u00fcy\u00fck bir su tesisini i\u015fletmeye yetecek g\u00fcc\u00fc, \u00f6rne\u011fin g\u00fcne\u015f veya r\u00fczgar enerjisi ya da hidro enerji ile sa\u011flayamazs\u0131n\u0131z. Mevcut yenilenebilir enerji teknolojileri kullan\u0131m\u0131, ekonomik a\u00e7\u0131dan uygulanabilir g\u00f6r\u00fcnm\u00fcyor. Elbette, f\u00fczyon enerjisi gibi yeni enerji teknolojileri geli\u015ftirilirse bu durum de\u011fi\u015febilir. ABD, AB ve \u00c7in\u2019de f\u00fczyon teknolojisini ara\u015ft\u0131ran \u015firketler var; bu nedenle \u00f6n\u00fcm\u00fczdeki 10-15 y\u0131l i\u00e7inde bu ger\u00e7e\u011fe d\u00f6n\u00fc\u015febilir. Umar\u0131m \u00f6yle de olur. Ama \u015fimdilik bu, halen bir r\u00fcya.<\/p>\n<h2>Tuzdan ar\u0131nd\u0131rma, su tedarikini ve su mevcudiyetini art\u0131rman\u0131n bir y\u00f6ntemi. Di\u011feri ise, suyun yeniden kullan\u0131m\u0131 ve su ar\u0131tma. Bu da Abdul Latif Jameel\u2019in dahil oldu\u011fu bir alan m\u0131?<\/h2>\n<p>Kesinlikle. <a href=\"https:\/\/www.alj.com\/en\/perspective\/water-reuse-is-a-big-opportunity-just-going-to-waste\/\">Suyun yeniden kullan\u0131m\u0131<\/a>, k\u00fcresel su sistemlerinin g\u00fc\u00e7lendirilmesinde bir di\u011fer \u00f6nemli teknolojidir. \u015eu anda, at\u0131k suyun yakla\u015f\u0131k %80\u2019i yeterli ar\u0131tma olmadan tahliye edilmektedir. At\u0131k su ar\u0131t\u0131m\u0131n\u0131 iyile\u015ftirerek, kirleticiler ve kirlili\u011fe neden olan maddeleri gidererek, geri d\u00f6n\u00fc\u015ft\u00fcrerek su sistemlerimize tekrar verilebilir ve sanayide, tar\u0131mda veya i\u00e7me suyu olarak yeniden kullan\u0131labilir. Belirli kilit pazarlarda suyun yeniden kullan\u0131m h\u0131z\u0131n\u0131 art\u0131rma konusunda b\u00fcy\u00fck bir ihtiya\u00e7 var ve bu alandaki bir dizi yat\u0131r\u0131m f\u0131rsat\u0131na aktif \u015fekilde bak\u0131yoruz.<\/p>\n<h2>Abdul Latif Jameel\u2019in su sekt\u00f6r\u00fcne giri\u015fi, \u00f6zellikle Almar Water Solutions\u2019\u0131n sat\u0131n al\u0131nmas\u0131yla son birka\u00e7 y\u0131lda b\u00fcy\u00fck bir ilerleme kaydetti. \u00d6n\u00fcm\u00fczdeki birka\u00e7 y\u0131l i\u00e7in planlar ve hedefler neler?<\/h2>\n<p>Su sekt\u00f6r\u00fcndeki faaliyetlerimizi \u00f6nemli \u00f6l\u00e7\u00fcde art\u0131rmay\u0131 planl\u0131yoruz. Geni\u015f M\u0131s\u0131r pazar\u0131n\u0131 ele almak i\u00e7in<a href=\"https:\/\/www.alj.com\/en\/news\/abdul-latif-jameel-energy-expands-water-sector-portfolio-with-acquisition-of-58-desalination-plants-in-egypt\/\"> M\u0131s\u0131r\u2019daki i\u015f ortaklar\u0131yla<\/a> bir platform olu\u015fturduk. <a href=\"https:\/\/www.alj.com\/en\/perspective\/torrent-of-problems-water-challenges-of-latin-america\/\">Latin Amerika pazar\u0131<\/a> i\u00e7in \u015eili\u2019de; ayr\u0131ca Avustralya, Suudi Arabistan ve Avrupa gibi di\u011fer b\u00f6lgelerde uygun ortaklarla ili\u015fkiler kurulmas\u0131n\u0131 sa\u011flayacak bir platform kuruyoruz. <em>Ortaklar\u0131<\/em> vurgulamak istiyorum; \u00e7\u00fcnk\u00fc kimse bunu tek ba\u015f\u0131na yapamaz. Teknik uzmanl\u0131\u011fa, geli\u015ftiricilere, bankac\u0131lara ihtiyac\u0131n\u0131z var, hepsinin birlikte \u00e7al\u0131\u015fmas\u0131 gerekiyor. G\u00fcvenilir ortaklarla ne kadar \u00e7ok \u00e7al\u0131\u015f\u0131rsak sorunlar\u0131 o kadar fazla ele alabilir ve su end\u00fcstrisinde ilerlemeyi h\u0131zland\u0131rmaya o kadar yard\u0131mc\u0131 olabiliriz.<\/p>\n<p><a href=\"#_ftnref1\" name=\"_ftn1\">[1]<\/a> Abdul Latif Jameel Enterprises, Abdul Latif Jameel Ticari Geli\u015fim \u015eirketi\u2019nin marka ad\u0131d\u0131r.<\/p>\n","protected":false},"author":18,"featured_media":91376,"template":"","tags":[],"acf":[],"yoast_head":"<!-- This site is optimized with the Yoast SEO plugin v21.5 - https:\/\/yoast.com\/wordpress\/plugins\/seo\/ -->\n<title>Shuqaiq 3: bir f\u0131rsat vahas\u0131 | Abdul Latif Jameel\u00ae<\/title>\n<meta name=\"description\" content=\"Abdul Latif Jameel Ba\u015fkan Vekili ve Y\u00f6netim Kurulu Ba\u015fkan Yard\u0131mc\u0131s\u0131 Fady Jameel, Abdul Latif Jameel\u2019in bug\u00fcn d\u00fcnyan\u0131n en b\u00fcy\u00fck tuzdan ar\u0131nd\u0131rma projelerinden biri olan Suudi Arabistan\u2019daki Shuqaiq 3 ba\u011f\u0131ms\u0131z suyu tuzdan ar\u0131nd\u0131rma tesisine dahil olu\u015fu hakk\u0131nda konu\u015fuyor.\" \/>\n<meta name=\"robots\" content=\"index, follow, max-snippet:-1, max-image-preview:large, max-video-preview:-1\" \/>\n<link rel=\"canonical\" href=\"https:\/\/alj.com\/tr\/perspective\/shuqaiq-3-bir-firsat-vahasi\/\" \/>\n<meta property=\"og:locale\" content=\"tr_TR\" \/>\n<meta property=\"og:type\" content=\"article\" \/>\n<meta property=\"og:title\" content=\"Shuqaiq 3: bir f\u0131rsat vahas\u0131 | Abdul Latif Jameel\u00ae\" \/>\n<meta property=\"og:description\" content=\"Abdul Latif Jameel Ba\u015fkan Vekili ve Y\u00f6netim Kurulu Ba\u015fkan Yard\u0131mc\u0131s\u0131 Fady Jameel, Abdul Latif Jameel\u2019in bug\u00fcn d\u00fcnyan\u0131n en b\u00fcy\u00fck tuzdan ar\u0131nd\u0131rma projelerinden biri olan Suudi Arabistan\u2019daki Shuqaiq 3 ba\u011f\u0131ms\u0131z suyu tuzdan ar\u0131nd\u0131rma tesisine dahil olu\u015fu hakk\u0131nda konu\u015fuyor.\" \/>\n<meta property=\"og:url\" content=\"https:\/\/alj.com\/tr\/perspective\/shuqaiq-3-bir-firsat-vahasi\/\" \/>\n<meta property=\"og:site_name\" content=\"Abdul Latif Jameel\" \/>\n<meta property=\"article:publisher\" content=\"https:\/\/www.facebook.com\/Abdul.Latif.Jameel.Official\" \/>\n<meta property=\"article:modified_time\" content=\"2021-08-19T12:46:14+00:00\" \/>\n<meta property=\"og:image\" content=\"https:\/\/media.alj.com\/app\/uploads\/2021\/08\/Sunset-at-Shuqaiq-3.jpg\" \/>\n\t<meta property=\"og:image:width\" content=\"722\" \/>\n\t<meta property=\"og:image:height\" content=\"409\" \/>\n\t<meta property=\"og:image:type\" content=\"image\/jpeg\" \/>\n<meta name=\"twitter:card\" content=\"summary_large_image\" \/>\n<meta name=\"twitter:label1\" content=\"Est. reading time\" \/>\n\t<meta name=\"twitter:data1\" content=\"8 minutes\" \/>\n<script type=\"application\/ld+json\" class=\"yoast-schema-graph\">{\"@context\":\"https:\/\/schema.org\",\"@graph\":[{\"@type\":\"WebPage\",\"@id\":\"https:\/\/alj.com\/tr\/perspective\/shuqaiq-3-bir-firsat-vahasi\/\",\"url\":\"https:\/\/alj.com\/tr\/perspective\/shuqaiq-3-bir-firsat-vahasi\/\",\"name\":\"Shuqaiq 3: bir f\u0131rsat vahas\u0131 | Abdul Latif Jameel\u00ae\",\"isPartOf\":{\"@id\":\"https:\/\/alj.com\/en\/#website\"},\"datePublished\":\"2021-08-18T09:47:56+00:00\",\"dateModified\":\"2021-08-19T12:46:14+00:00\",\"description\":\"Abdul Latif Jameel Ba\u015fkan Vekili ve Y\u00f6netim Kurulu Ba\u015fkan Yard\u0131mc\u0131s\u0131 Fady Jameel, Abdul Latif Jameel\u2019in bug\u00fcn d\u00fcnyan\u0131n en b\u00fcy\u00fck tuzdan ar\u0131nd\u0131rma projelerinden biri olan Suudi Arabistan\u2019daki Shuqaiq 3 ba\u011f\u0131ms\u0131z suyu tuzdan ar\u0131nd\u0131rma tesisine dahil olu\u015fu hakk\u0131nda konu\u015fuyor.\",\"breadcrumb\":{\"@id\":\"https:\/\/alj.com\/tr\/perspective\/shuqaiq-3-bir-firsat-vahasi\/#breadcrumb\"},\"inLanguage\":\"tr\",\"potentialAction\":[{\"@type\":\"ReadAction\",\"target\":[\"https:\/\/alj.com\/tr\/perspective\/shuqaiq-3-bir-firsat-vahasi\/\"]}]},{\"@type\":\"BreadcrumbList\",\"@id\":\"https:\/\/alj.com\/tr\/perspective\/shuqaiq-3-bir-firsat-vahasi\/#breadcrumb\",\"itemListElement\":[{\"@type\":\"ListItem\",\"position\":1,\"name\":\"Home\",\"item\":\"https:\/\/alj.com\/tr\/\"},{\"@type\":\"ListItem\",\"position\":2,\"name\":\"Perspectives\",\"item\":\"https:\/\/alj.com\/ja\/perspective\/\"},{\"@type\":\"ListItem\",\"position\":3,\"name\":\"Shuqaiq 3: bir f\u0131rsat vahas\u0131\"}]},{\"@type\":\"WebSite\",\"@id\":\"https:\/\/alj.com\/en\/#website\",\"url\":\"https:\/\/alj.com\/en\/\",\"name\":\"Abdul Latif Jameel\",\"description\":\"Abdul Latif Jameel\",\"potentialAction\":[{\"@type\":\"SearchAction\",\"target\":{\"@type\":\"EntryPoint\",\"urlTemplate\":\"https:\/\/alj.com\/en\/?s={search_term_string}\"},\"query-input\":\"required name=search_term_string\"}],\"inLanguage\":\"tr\"}]}<\/script>\n<!-- \/ Yoast SEO plugin. -->","yoast_head_json":{"title":"Shuqaiq 3: bir f\u0131rsat vahas\u0131 | Abdul Latif Jameel\u00ae","description":"Abdul Latif Jameel Ba\u015fkan Vekili ve Y\u00f6netim Kurulu Ba\u015fkan Yard\u0131mc\u0131s\u0131 Fady Jameel, Abdul Latif Jameel\u2019in bug\u00fcn d\u00fcnyan\u0131n en b\u00fcy\u00fck tuzdan ar\u0131nd\u0131rma projelerinden biri olan Suudi Arabistan\u2019daki Shuqaiq 3 ba\u011f\u0131ms\u0131z suyu tuzdan ar\u0131nd\u0131rma tesisine dahil olu\u015fu hakk\u0131nda konu\u015fuyor.","robots":{"index":"index","follow":"follow","max-snippet":"max-snippet:-1","max-image-preview":"max-image-preview:large","max-video-preview":"max-video-preview:-1"},"canonical":"https:\/\/alj.com\/tr\/perspective\/shuqaiq-3-bir-firsat-vahasi\/","og_locale":"tr_TR","og_type":"article","og_title":"Shuqaiq 3: bir f\u0131rsat vahas\u0131 | Abdul Latif Jameel\u00ae","og_description":"Abdul Latif Jameel Ba\u015fkan Vekili ve Y\u00f6netim Kurulu Ba\u015fkan Yard\u0131mc\u0131s\u0131 Fady Jameel, Abdul Latif Jameel\u2019in bug\u00fcn d\u00fcnyan\u0131n en b\u00fcy\u00fck tuzdan ar\u0131nd\u0131rma projelerinden biri olan Suudi Arabistan\u2019daki Shuqaiq 3 ba\u011f\u0131ms\u0131z suyu tuzdan ar\u0131nd\u0131rma tesisine dahil olu\u015fu hakk\u0131nda konu\u015fuyor.","og_url":"https:\/\/alj.com\/tr\/perspective\/shuqaiq-3-bir-firsat-vahasi\/","og_site_name":"Abdul Latif Jameel","article_publisher":"https:\/\/www.facebook.com\/Abdul.Latif.Jameel.Official","article_modified_time":"2021-08-19T12:46:14+00:00","og_image":[{"width":722,"height":409,"url":"https:\/\/media.alj.com\/app\/uploads\/2021\/08\/Sunset-at-Shuqaiq-3.jpg","type":"image\/jpeg"}],"twitter_card":"summary_large_image","twitter_misc":{"Est. reading time":"8 minutes"},"schema":{"@context":"https:\/\/schema.org","@graph":[{"@type":"WebPage","@id":"https:\/\/alj.com\/tr\/perspective\/shuqaiq-3-bir-firsat-vahasi\/","url":"https:\/\/alj.com\/tr\/perspective\/shuqaiq-3-bir-firsat-vahasi\/","name":"Shuqaiq 3: bir f\u0131rsat vahas\u0131 | Abdul Latif Jameel\u00ae","isPartOf":{"@id":"https:\/\/alj.com\/en\/#website"},"datePublished":"2021-08-18T09:47:56+00:00","dateModified":"2021-08-19T12:46:14+00:00","description":"Abdul Latif Jameel Ba\u015fkan Vekili ve Y\u00f6netim Kurulu Ba\u015fkan Yard\u0131mc\u0131s\u0131 Fady Jameel, Abdul Latif Jameel\u2019in bug\u00fcn d\u00fcnyan\u0131n en b\u00fcy\u00fck tuzdan ar\u0131nd\u0131rma projelerinden biri olan Suudi Arabistan\u2019daki Shuqaiq 3 ba\u011f\u0131ms\u0131z suyu tuzdan ar\u0131nd\u0131rma tesisine dahil olu\u015fu hakk\u0131nda konu\u015fuyor.","breadcrumb":{"@id":"https:\/\/alj.com\/tr\/perspective\/shuqaiq-3-bir-firsat-vahasi\/#breadcrumb"},"inLanguage":"tr","potentialAction":[{"@type":"ReadAction","target":["https:\/\/alj.com\/tr\/perspective\/shuqaiq-3-bir-firsat-vahasi\/"]}]},{"@type":"BreadcrumbList","@id":"https:\/\/alj.com\/tr\/perspective\/shuqaiq-3-bir-firsat-vahasi\/#breadcrumb","itemListElement":[{"@type":"ListItem","position":1,"name":"Home","item":"https:\/\/alj.com\/tr\/"},{"@type":"ListItem","position":2,"name":"Perspectives","item":"https:\/\/alj.com\/ja\/perspective\/"},{"@type":"ListItem","position":3,"name":"Shuqaiq 3: bir f\u0131rsat vahas\u0131"}]},{"@type":"WebSite","@id":"https:\/\/alj.com\/en\/#website","url":"https:\/\/alj.com\/en\/","name":"Abdul Latif Jameel","description":"Abdul Latif Jameel","potentialAction":[{"@type":"SearchAction","target":{"@type":"EntryPoint","urlTemplate":"https:\/\/alj.com\/en\/?s={search_term_string}"},"query-input":"required name=search_term_string"}],"inLanguage":"tr"}]}},"post-meta-fields":{"_alp_processed":["1629195840"],"_wpml_word_count":["{\"total\":1916,\"to_translate\":{\"ar\":1916,\"zh-hans\":1916,\"fr\":1916,\"ja\":1916,\"es\":1916,\"tr\":1916}}"],"push_notification":["no"],"_push_notification":["field_5c3b1fb67034d"],"_wpml_media_featured":["1"],"_wpml_media_duplicate":["1"],"perspective_short_title":["Shuqaiq 3: bir f\u0131rsat vahas\u0131"],"perspective_summury":["<p>Abdul Latif Jameel Ba\u015fkan Vekili ve Y\u00f6netim Kurulu Ba\u015fkan Yard\u0131mc\u0131s\u0131 Fady Jameel, Abdul Latif Jameel\u2019in bug\u00fcn d\u00fcnyan\u0131n en b\u00fcy\u00fck tuzdan ar\u0131nd\u0131rma projelerinden biri olan Suudi Arabistan\u2019daki Shuqaiq 3 ba\u011f\u0131ms\u0131z suyu tuzdan ar\u0131nd\u0131rma tesisine dahil olu\u015fu hakk\u0131nda konu\u015fuyor.<\/p>\n"],"perspective_location":["Suudi Arabistan\u2019\u0131n Jizan"],"wpcf-featured-news":["0"],"is_latest_news":["0"],"wpcf-show-news-at-homepage":["1"],"publish_mobile":[""],"_publish_mobile":["field_5bfa8eb2e65cf"],"mobile_featured_image":["https:\/\/media.alj.com\/app\/uploads\/2021\/08\/Sunset-at-Shuqaiq-3.jpg"],"_mobile_featured_image":["field_5c3b204983dea"],"content_series_applied":["a:1:{i:0;i:91407;}"],"_content_series_applied":["field_60f3d3faf82ac"],"_wpcf-card-image-sort-order":["a:1:{i:0;i:1021056;}"],"_bsf_post_type":["0"],"_bsf_item_review_type":["none"],"_yoast_wpseo_title":["Shuqaiq 3: bir f\u0131rsat vahas\u0131 | Abdul Latif Jameel\u00ae"],"_yoast_wpseo_metadesc":["Abdul Latif Jameel Ba\u015fkan Vekili ve Y\u00f6netim Kurulu Ba\u015fkan Yard\u0131mc\u0131s\u0131 Fady Jameel, Abdul Latif Jameel\u2019in bug\u00fcn d\u00fcnyan\u0131n en b\u00fcy\u00fck tuzdan ar\u0131nd\u0131rma projelerinden biri olan Suudi Arabistan\u2019daki Shuqaiq 3 ba\u011f\u0131ms\u0131z suyu tuzdan ar\u0131nd\u0131rma tesisine dahil olu\u015fu hakk\u0131nda konu\u015fuyor."],"_yoast_wpseo_content_score":["30"],"_yoast_wpseo_estimated-reading-time-minutes":["8"],"_thumbnail_id":["91376"],"_edit_lock":["1629629772:18"],"_edit_last":["18"],"_last_translation_edit_mode":["native-editor"],"_wp_old_date":["2021-08-17"],"perspective_business_sector":["Enerji ve \u00c7evre Hizmetleri"],"wpcf-perspective-published-date":["1629244800"],"wpcf-card-image":[""]},"_links":{"self":[{"href":"https:\/\/alj.com\/tr\/wp-json\/wp\/v2\/perspective\/91384"}],"collection":[{"href":"https:\/\/alj.com\/tr\/wp-json\/wp\/v2\/perspective"}],"about":[{"href":"https:\/\/alj.com\/tr\/wp-json\/wp\/v2\/types\/perspective"}],"author":[{"embeddable":true,"href":"https:\/\/alj.com\/tr\/wp-json\/wp\/v2\/users\/18"}],"wp:featuredmedia":[{"embeddable":true,"href":"https:\/\/alj.com\/tr\/wp-json\/wp\/v2\/media\/91376"}],"wp:attachment":[{"href":"https:\/\/alj.com\/tr\/wp-json\/wp\/v2\/media?parent=91384"}],"wp:term":[{"taxonomy":"post_tag","embeddable":true,"href":"https:\/\/alj.com\/tr\/wp-json\/wp\/v2\/tags?post=91384"}],"curies":[{"name":"wp","href":"https:\/\/api.w.org\/{rel}","templated":true}]}}