{"id":93333,"date":"2021-10-19T07:07:04","date_gmt":"2021-10-19T07:07:04","guid":{"rendered":"https:\/\/www.alj.com\/perspective\/time-for-action\/"},"modified":"2022-04-06T10:01:17","modified_gmt":"2022-04-06T10:01:17","slug":"time-for-action","status":"publish","type":"perspective","link":"https:\/\/alj.com\/tr\/perspective\/time-for-action\/","title":{"rendered":"Harekete ge\u00e7me zaman\u0131"},"content":{"rendered":"<h4>Jameel Ailesinin iklim de\u011fi\u015fikli\u011fi ile m\u00fccadele taahh\u00fcd\u00fc, BM S\u00fcrd\u00fcr\u00fclebilir Kalk\u0131nma Hedefi 13: \u0130klim Eylem Plan\u0131 ile uyumlu<\/h4>\n<p><img decoding=\"async\" loading=\"lazy\" class=\"alignleft size-thumbnail wp-image-88814\" src=\"https:\/\/www.alj.com\/app\/uploads\/2021\/05\/E_SDG-goals_icons-individual-rgb-13-150x150.png\" alt=\"UN SDG 13\" width=\"150\" height=\"150\" srcset=\"https:\/\/media.alj.com\/app\/uploads\/2021\/05\/E_SDG-goals_icons-individual-rgb-13-150x150.png 150w, https:\/\/media.alj.com\/app\/uploads\/2021\/05\/E_SDG-goals_icons-individual-rgb-13-300x300.png 300w, https:\/\/media.alj.com\/app\/uploads\/2021\/05\/E_SDG-goals_icons-individual-rgb-13-1024x1024.png 1024w, https:\/\/media.alj.com\/app\/uploads\/2021\/05\/E_SDG-goals_icons-individual-rgb-13-768x768.png 768w, https:\/\/media.alj.com\/app\/uploads\/2021\/05\/E_SDG-goals_icons-individual-rgb-13-200x200.png 200w, https:\/\/media.alj.com\/app\/uploads\/2021\/05\/E_SDG-goals_icons-individual-rgb-13-170x170.png 170w, https:\/\/media.alj.com\/app\/uploads\/2021\/05\/E_SDG-goals_icons-individual-rgb-13-70x70.png 70w, https:\/\/media.alj.com\/app\/uploads\/2021\/05\/E_SDG-goals_icons-individual-rgb-13-271x271.png 271w, https:\/\/media.alj.com\/app\/uploads\/2021\/05\/E_SDG-goals_icons-individual-rgb-13.png 1536w\" sizes=\"(max-width: 150px) 100vw, 150px\" \/>D\u00fcnya &#8211;<em>bizim <\/em>d\u00fcnyam\u0131z- gelece\u011fini tehdit eden iklim de\u011fi\u015fikli\u011finden daha ciddi bir riskle daha \u00f6nce hi\u00e7 kar\u015f\u0131la\u015fm\u0131\u015f m\u0131yd\u0131? Bu, son on y\u0131lda k\u00fcresel g\u00fcndemde giderek daha fazla yer tutan bir tehdittir. Ve \u00f6yle de olmal\u0131d\u0131r. \u0130klim de\u011fi\u015fikli\u011fi, sadece g\u00fcnl\u00fck hayat\u0131m\u0131zda baz\u0131 ge\u00e7ici aksakl\u0131klara neden olan bir olumsuzluk de\u011fildir. Ya\u015fam tarz\u0131m\u0131z\u0131, ekosistemimizi ve gezegenimizi; k\u0131sacas\u0131 t\u00fcm varl\u0131\u011f\u0131m\u0131z\u0131 sonsuza kadar de\u011fi\u015ftirebilecek bir tehdittir.<\/p>\n<p>\u0130klim de\u011fi\u015fikli\u011fi; s\u0131cak hava dalgalar\u0131, kurakl\u0131klar, seller ve tropikal kas\u0131rgalar gibi ola\u011fan d\u0131\u015f\u0131 ve zorlu hava olaylar\u0131n\u0131n s\u0131kl\u0131\u011f\u0131n\u0131 ve yo\u011funlu\u011funu halihaz\u0131rda art\u0131rmaktad\u0131r. Su y\u00f6netimi sorunlar\u0131n\u0131 a\u011f\u0131rla\u015ft\u0131rarak tar\u0131msal \u00fcretimi ve g\u0131da g\u00fcvenli\u011fini azaltmakta ve sa\u011fl\u0131k risklerini art\u0131rmaktad\u0131r. Ayr\u0131ca kritik altyap\u0131ya zarar vermekte ve su, sanitasyon, e\u011fitim, enerji ve ula\u015f\u0131m gibi temel hizmetleri kesintiye u\u011fratmaktad\u0131r. \u00dcstelik yak\u0131n zamanda hem hayvan hem de insan g\u00f6\u00e7\u00fcn\u00fc tetikleme olas\u0131l\u0131\u011f\u0131 da mevcuttur.<\/p>\n<p><iframe loading=\"lazy\" src=\"\/\/www.youtube.com\/embed\/lGvzdTCXhys\" width=\"560\" height=\"314\" allowfullscreen=\"allowfullscreen\"><\/iframe><\/p>\n<p><img decoding=\"async\" loading=\"lazy\" class=\"alignleft size-full wp-image-93126\" src=\"https:\/\/www.alj.com\/app\/uploads\/2021\/10\/Disaster-protest.jpg\" alt=\"\" width=\"194\" height=\"199\" srcset=\"https:\/\/media.alj.com\/app\/uploads\/2021\/10\/Disaster-protest.jpg 194w, https:\/\/media.alj.com\/app\/uploads\/2021\/10\/Disaster-protest-146x150.jpg 146w\" sizes=\"(max-width: 194px) 100vw, 194px\" \/>En son yay\u0131mlanan H\u00fck\u00fcmetler Aras\u0131 \u0130klim De\u011fi\u015fikli\u011fi Paneli (<a href=\"https:\/\/www.ipcc.ch\/\">IPCC<\/a>) raporuna g\u00f6re bilim insanlar\u0131, yery\u00fcz\u00fcndeki t\u00fcm b\u00f6lgelerde ve iklim sisteminin genelinde de\u011fi\u015fiklikler g\u00f6zlemlemekteler.<a href=\"#_ftn1\" name=\"_ftnref1\">[1]<\/a><\/p>\n<p>\u0130klimde g\u00f6zlemlenen bu de\u011fi\u015fikliklerin \u00e7o\u011fu, son birka\u00e7 bin y\u0131l i\u00e7inde, hatta belki de son y\u00fcz binlerce y\u0131l i\u00e7inde e\u015fi g\u00f6r\u00fclmemi\u015f de\u011fi\u015fikliklerdir. Devam eden deniz seviyesi y\u00fckselmesi ve s\u0131cakl\u0131k art\u0131\u015f\u0131 gibi halihaz\u0131rda harekete ge\u00e7mi\u015f baz\u0131 de\u011fi\u015fiklikleri tersine \u00e7evirmek, y\u00fczlerce veya binlerce y\u0131l boyunca m\u00fcmk\u00fcn olmayacakt\u0131r.<\/p>\n<p><a href=\"https:\/\/www.un.org\/sustainabledevelopment\/climate-change\/\">Birle\u015fmi\u015f Milletler (BM) S\u00fcrd\u00fcr\u00fclebilir Kalk\u0131nma Hedefi (Sustainable Development Goal, SDG) 13<\/a>\u2019\u00fcn oda\u011f\u0131nda bu sorunlar\u0131 ele almak ve bu riskleri en aza indirmek yer al\u0131r: iklim de\u011fi\u015fikli\u011fi ve etkileriyle m\u00fccadele etmek i\u00e7in acil \u00f6nlem almak.<\/p>\n<p><img decoding=\"async\" loading=\"lazy\" class=\"aligncenter size-full wp-image-93196\" src=\"https:\/\/www.alj.com\/app\/uploads\/2021\/10\/UN-SDG-13-banner.jpg\" alt=\"\" width=\"1378\" height=\"316\" srcset=\"https:\/\/media.alj.com\/app\/uploads\/2021\/10\/UN-SDG-13-banner.jpg 1378w, https:\/\/media.alj.com\/app\/uploads\/2021\/10\/UN-SDG-13-banner-300x69.jpg 300w, https:\/\/media.alj.com\/app\/uploads\/2021\/10\/UN-SDG-13-banner-1024x235.jpg 1024w, https:\/\/media.alj.com\/app\/uploads\/2021\/10\/UN-SDG-13-banner-150x34.jpg 150w, https:\/\/media.alj.com\/app\/uploads\/2021\/10\/UN-SDG-13-banner-768x176.jpg 768w\" sizes=\"(max-width: 1378px) 100vw, 1378px\" \/><\/p>\n<p><img decoding=\"async\" loading=\"lazy\" class=\"alignleft wp-image-93168 size-medium\" src=\"https:\/\/www.alj.com\/app\/uploads\/2021\/10\/Paris-Agreement-300x169.jpg\" alt=\"\" width=\"300\" height=\"169\" srcset=\"https:\/\/media.alj.com\/app\/uploads\/2021\/10\/Paris-Agreement-300x169.jpg 300w, https:\/\/media.alj.com\/app\/uploads\/2021\/10\/Paris-Agreement-150x84.jpg 150w, https:\/\/media.alj.com\/app\/uploads\/2021\/10\/Paris-Agreement-226x126.jpg 226w, https:\/\/media.alj.com\/app\/uploads\/2021\/10\/Paris-Agreement.jpg 356w\" sizes=\"(max-width: 300px) 100vw, 300px\" \/>Paris Anla\u015fmas\u0131<a href=\"#_ftn2\" name=\"_ftnref2\">[2]<\/a>, geri d\u00f6n\u00fc\u015f\u00fc olmayan iklim de\u011fi\u015fikli\u011fini \u00f6nlemeye \u00e7al\u0131\u015fmak veya en az\u0131ndan de\u011fi\u015fikli\u011fin ciddi etkilerini azaltmak i\u00e7in kat\u0131 hedefler belirlemi\u015ftir. Ama\u00e7, bu y\u00fczy\u0131ldaki k\u00fcresel s\u0131cakl\u0131k art\u0131\u015f\u0131n\u0131, sanayi \u00f6ncesi seviyelerin \u00fcst\u00fcnde bir de\u011fer olan 2 \u00b0C\u2019nin alt\u0131nda ve hatta tercihen 1,5 \u00b0C\u2019de tutmakt\u0131r.<\/p>\n<p>Bunu ba\u015farmak i\u00e7in d\u00fcnyan\u0131n 2050 y\u0131l\u0131nda net s\u0131f\u0131r karbondioksit (CO<sub>2<\/sub>) emisyonu seviyesine ula\u015fmas\u0131 gerekir.<\/p>\n<p>Paris Anla\u015fmas\u0131 ayr\u0131ca uygun finansal ak\u0131\u015flar, yeni bir teknoloji \u00e7er\u00e7evesi ve geli\u015fmi\u015f kapasite olu\u015fturma \u00e7er\u00e7evesi yoluyla \u00fclkelerin, iklim de\u011fi\u015fikli\u011finin etkileriyle ba\u015fa \u00e7\u0131kma yetene\u011fini g\u00fc\u00e7lendirmeyi de ama\u00e7lamaktad\u0131r.<\/p>\n<h2>D\u00fczensiz bir ilerleyi\u015f . . .<\/h2>\n<p>2015 y\u0131l\u0131nda Paris\u2019te d\u00fczenlenen COP 21\u2019de 196 taraf\u00e7a benimsenmi\u015f olmas\u0131na ra\u011fmen bu hedeflere y\u00f6nelik ilerleme, son alt\u0131 y\u0131ld\u0131r (k\u00fcresel COVID-19 salg\u0131n\u0131 ve devam\u0131ndaki sa\u011fl\u0131k krizinden kaynakl\u0131 k\u00fcresel sosyal ve ekonomik olumsuzluklar\u0131n \u00f6ncesinden beri) son derece karma\u015f\u0131k bir tablo sergilemektedir.<\/p>\n<p><img decoding=\"async\" loading=\"lazy\" class=\"alignleft wp-image-93147 size-medium\" src=\"https:\/\/www.alj.com\/app\/uploads\/2021\/10\/Paris-Agreement-2-300x169.jpg\" alt=\"\" width=\"300\" height=\"169\" srcset=\"https:\/\/media.alj.com\/app\/uploads\/2021\/10\/Paris-Agreement-2-300x169.jpg 300w, https:\/\/media.alj.com\/app\/uploads\/2021\/10\/Paris-Agreement-2-150x84.jpg 150w, https:\/\/media.alj.com\/app\/uploads\/2021\/10\/Paris-Agreement-2-226x126.jpg 226w, https:\/\/media.alj.com\/app\/uploads\/2021\/10\/Paris-Agreement-2.jpg 354w\" sizes=\"(max-width: 300px) 100vw, 300px\" \/>Bilim insanlar\u0131na g\u00f6re, 1,5 \u00b0C hedefine ula\u015fmak i\u00e7in k\u00fcresel emisyonlar 2030 y\u0131l\u0131na kadar 2010 y\u0131l\u0131ndaki seviyesinin %45 alt\u0131na d\u00fc\u015f\u00fcr\u00fclmelidir.<a href=\"#_ftn3\" name=\"_ftnref3\">[3]<\/a> K\u00fcresel salg\u0131n nedeniyle ekonomik faaliyetlerin azalmas\u0131ndan dolay\u0131 emisyonlarda ge\u00e7ici bir d\u00fc\u015f\u00fc\u015f olsa da; CO<sub>2<\/sub> gibi \u00f6nemli sera gazlar\u0131n\u0131n atmosferdeki konsantrasyonlar\u0131, 2019\u2019da zaten yeni bir rekor seviyeye ula\u015fm\u0131\u015f olmas\u0131na ra\u011fmen 2020 y\u0131l\u0131nda da artmaya devam etmi\u015ftir.<a href=\"#_ftn4\" name=\"_ftnref4\"><sup>[4]<\/sup><\/a><\/p>\n<p>2019 ayn\u0131 zamanda <a href=\"https:\/\/news.un.org\/en\/story\/2020\/03\/1059061\">kay\u0131tlara ge\u00e7en ikinci en s\u0131cak <\/a>y\u0131l olmu\u015ftu ve bug\u00fcne kadar kaydedilen en s\u0131cak on y\u0131l\u0131n (2010-2019) son y\u0131l\u0131yd\u0131<a href=\"#_ftn5\" name=\"_ftnref5\"><sup>[5]<\/sup><\/a>.<\/p>\n<p><a href=\"https:\/\/www.alj.com\/en\/our-people\/fady-jameel\/\">Abdul Latif Jameel<\/a> Ba\u015fkan Vekili ve Y\u00f6netim Kurulu Ba\u015fkan Yard\u0131mc\u0131s\u0131 <a href=\"https:\/\/alj.com\">Fady Jameel<\/a>\u2019in <a href=\"https:\/\/www.alj.com\/en\/spotlight-by-fady-jameel\/time-for-climate-action-to-go-viral\/\">Spotlight makalesinde<\/a> belirtti\u011fi gibi, d\u00fcnya COVID-19 ile m\u00fccadele ederken iklim de\u011fi\u015fikli\u011fi ilerleyi\u015fine ara vermemi\u015ftir. \u0130nsanlar\u0131n hayatlar\u0131 ve ge\u00e7im kaynaklar\u0131 kurtar\u0131lmak isteniyorsa halihaz\u0131rda acil bir sorun olmas\u0131na ra\u011fmen gittik\u00e7e h\u0131zlanan iklim de\u011fi\u015fikli\u011fini ele almak i\u00e7in derhal eyleme ge\u00e7ilmelidir.<\/p>\n<p><img decoding=\"async\" loading=\"lazy\" class=\"aligncenter size-full wp-image-93224\" src=\"https:\/\/www.alj.com\/app\/uploads\/2021\/10\/SDG_report_2021_Goal-13-1.png\" alt=\"\" width=\"4902\" height=\"6572\" srcset=\"https:\/\/media.alj.com\/app\/uploads\/2021\/10\/SDG_report_2021_Goal-13-1.png 4902w, https:\/\/media.alj.com\/app\/uploads\/2021\/10\/SDG_report_2021_Goal-13-1-224x300.png 224w, https:\/\/media.alj.com\/app\/uploads\/2021\/10\/SDG_report_2021_Goal-13-1-764x1024.png 764w, https:\/\/media.alj.com\/app\/uploads\/2021\/10\/SDG_report_2021_Goal-13-1-112x150.png 112w, https:\/\/media.alj.com\/app\/uploads\/2021\/10\/SDG_report_2021_Goal-13-1-768x1030.png 768w, https:\/\/media.alj.com\/app\/uploads\/2021\/10\/SDG_report_2021_Goal-13-1-1146x1536.png 1146w, https:\/\/media.alj.com\/app\/uploads\/2021\/10\/SDG_report_2021_Goal-13-1-1528x2048.png 1528w\" sizes=\"(max-width: 4902px) 100vw, 4902px\" \/><\/p>\n<p>Son IPCC raporunda<a href=\"#_ftn6\" name=\"_ftnref6\">[6]<\/a>, \u00f6n\u00fcm\u00fczdeki onlarca y\u0131lda k\u00fcresel \u0131s\u0131nma hedefini a\u015fma olas\u0131l\u0131klar\u0131na dair yeni tahminler sa\u011flanmakta ve sera gaz\u0131 emisyonlar\u0131nda acil, h\u0131zl\u0131 ve b\u00fcy\u00fck \u00f6l\u00e7ekli azalmalar olmad\u0131\u011f\u0131 s\u00fcrece \u0131s\u0131nmay\u0131 1,5 \u00b0C veya hatta 2 \u00b0C\u2019ye kadar s\u0131n\u0131rlama hedefinin \u00e7ok gerisinde kalaca\u011f\u0131m\u0131z belirtilmektedir.<\/p>\n<p>Rapor, 1850-1900 y\u0131llar\u0131ndan bu yana insan faaliyetlerinden kaynaklanan sera gaz\u0131 emisyonlar\u0131n\u0131n yakla\u015f\u0131k 1,1 \u00b0C\u2019lik \u0131s\u0131nmadan sorumlu oldu\u011funu g\u00f6stermekte ve \u00f6n\u00fcm\u00fczdeki 20 y\u0131l i\u00e7inde bu ortalama k\u00fcresel \u0131s\u0131nma de\u011ferinin 1,5 \u00b0C\u2019ye ula\u015fmas\u0131 veya bu de\u011feri a\u015fmas\u0131n\u0131n beklendi\u011fini ifade etmektedir.<\/p>\n<p>Bu de\u011ferlendirme, \u0131s\u0131nman\u0131n tarihi ge\u00e7mi\u015fini de\u011ferlendirme ama\u00e7l\u0131 geli\u015fmi\u015f g\u00f6zlemsel veri k\u00fcmelerine ve iklim sisteminin insan kaynakl\u0131 sera gaz\u0131 emisyonlar\u0131na verdi\u011fi tepkinin bilimsel a\u00e7\u0131dan anla\u015f\u0131lmas\u0131 y\u00f6n\u00fcnde kaydedilen ilerlemeye dayanmaktad\u0131r.<\/p>\n<figure id=\"attachment_93210\" aria-describedby=\"caption-attachment-93210\" style=\"width: 243px\" class=\"wp-caption alignright\"><img decoding=\"async\" loading=\"lazy\" class=\"size-full wp-image-93210\" src=\"https:\/\/www.alj.com\/app\/uploads\/2021\/10\/Valerie-Masson-Delmotte-IPCC.jpg\" alt=\"\" width=\"243\" height=\"137\" srcset=\"https:\/\/media.alj.com\/app\/uploads\/2021\/10\/Valerie-Masson-Delmotte-IPCC.jpg 243w, https:\/\/media.alj.com\/app\/uploads\/2021\/10\/Valerie-Masson-Delmotte-IPCC-150x85.jpg 150w, https:\/\/media.alj.com\/app\/uploads\/2021\/10\/Valerie-Masson-Delmotte-IPCC-226x126.jpg 226w\" sizes=\"(max-width: 243px) 100vw, 243px\" \/><figcaption id=\"caption-attachment-93210\" class=\"wp-caption-text\">Val\u00e9rie Masson-Delmotte<br \/>\nIPCC I. \u00c7al\u0131\u015fma Grubu E\u015f Ba\u015fkan\u0131<\/figcaption><\/figure>\n<p>IPCC I. \u00c7al\u0131\u015fma Grubu E\u015f Ba\u015fkan\u0131 Val\u00e9rie Masson-Delmotte, rapor \u00fczerine <em>\u201cBu rapor, g\u00f6z ard\u0131 etmeye meyilli oldu\u011fumuz ger\u00e7eklerin bir d\u00f6k\u00fcm\u00fcd\u00fcr.<\/em><\/p>\n<p><em>\u201cGe\u00e7mi\u015fteki, g\u00fcn\u00fcm\u00fczdeki ve gelecekteki iklim hakk\u0131nda elimizde art\u0131k \u00e7ok daha net bir resim vard\u0131r ve bu, nereye gitti\u011fimizi, neler yapabilece\u011fimizi ve nas\u0131l haz\u0131rlanabilece\u011fimizi anlamak i\u00e7in \u00e7ok \u00f6nemlidir.\u201d<\/em> a\u00e7\u0131klamas\u0131nda bulunmu\u015ftur.<\/p>\n<h2>Uzun vadeli bir vizyon i\u00e7in taahh\u00fct<\/h2>\n<p>\u0130klim de\u011fi\u015fikli\u011fi ile m\u00fccadele etmek i\u00e7in IPCC taraf\u0131ndan \u00f6ng\u00f6r\u00fclen eylem t\u00fcrlerine haz\u0131rlanmak, k\u0131sa vadeli bir g\u00f6rev de\u011fildir. Uzun vadeli d\u00fc\u015f\u00fcnme, yat\u0131r\u0131m ve ba\u011fl\u0131l\u0131k gerektiren bir g\u00f6revdir ve <a href=\"https:\/\/www.communityjameel.org\/en\/who-we-are\/jameel-family\/\">Jameel Ailesi<\/a>, son 75 y\u0131lda istikrarl\u0131 bir \u015fekilde sergiledi\u011fi bu tutumdan \u00f6t\u00fcr\u00fc vakur bir gurur ta\u015f\u0131maktad\u0131r.<\/p>\n<p>Jameel Ailesinin ula\u015f\u0131m, yenilenebilir enerji, enerji depolama ve su \u00e7\u00f6z\u00fcmlerinden finansal hizmetler, sa\u011fl\u0131k, e\u011fitim, ge\u00e7im kaynaklar\u0131, yoksulluk, sanat ve k\u00fclt\u00fcre kadar \u00e7ok \u00e7e\u015fitli alanlarda faal \u015fekilde y\u00fcr\u00fctt\u00fc\u011f\u00fc ticari i\u015flerinin ve hay\u0131rseverlik \u00e7al\u0131\u015fmalar\u0131n\u0131n belirleyici \u00f6zellikleri; bug\u00fcnden ilerisini g\u00f6z \u00f6n\u00fcnde bulundurarak, iklim de\u011fi\u015fikli\u011finin hafifletilmesine m\u00fchim katk\u0131lar sunan pek \u00e7ok alanda titizlikle hesap edilmi\u015f uzun vadeli d\u00fc\u015f\u00fcnceler kurmak ve ba\u011fl\u0131l\u0131kla yat\u0131r\u0131mlar yapmakt\u0131r.<\/p>\n<p><img decoding=\"async\" loading=\"lazy\" class=\"alignright size-medium wp-image-93154\" src=\"https:\/\/www.alj.com\/app\/uploads\/2021\/10\/Paris-Agreement-3-300x169.jpg\" alt=\"\" width=\"300\" height=\"169\" srcset=\"https:\/\/media.alj.com\/app\/uploads\/2021\/10\/Paris-Agreement-3-300x169.jpg 300w, https:\/\/media.alj.com\/app\/uploads\/2021\/10\/Paris-Agreement-3-150x84.jpg 150w, https:\/\/media.alj.com\/app\/uploads\/2021\/10\/Paris-Agreement-3-226x126.jpg 226w, https:\/\/media.alj.com\/app\/uploads\/2021\/10\/Paris-Agreement-3.jpg 361w\" sizes=\"(max-width: 300px) 100vw, 300px\" \/>\u00d6rne\u011fin su, iklim de\u011fi\u015fikli\u011finin temel ba\u015fl\u0131klar\u0131ndan biridir ve kesinlikle en de\u011ferli kayna\u011f\u0131m\u0131zd\u0131r. BM\u2019nin SDG\u2019lerle ilgili \u0130lerleme G\u00fcncellemesine<a href=\"#_ftn7\" name=\"_ftnref7\">[7]<\/a> g\u00f6re d\u00fcnya genelinde, \u00f6zellikle de k\u0131rsal alanlarda ve daha az geli\u015fmi\u015f \u00fclkelerde ya\u015fayan milyarlarca insan halen g\u00fcvenli \u015fekilde y\u00f6netilen i\u00e7me suyu, sanitasyon ve temel hijyen hizmetlerinden mahrumdur.<\/p>\n<p>Zaten zorlu olan bu durum, iklim de\u011fi\u015fikli\u011finin su mevcudiyeti ve su kalitesi bak\u0131m\u0131ndan \u00f6nemli fakt\u00f6rler olan ormanlar, topraklar ve sulak alanlar gibi do\u011fal kaynaklar \u00fczerindeki olumsuz etkileri nedeniyle daha da k\u00f6t\u00fcle\u015fmektedir.<\/p>\n<p>Su altyap\u0131s\u0131n\u0131n geli\u015ftirilmesi i\u00e7in teknik beceri sunma konusunda uzman olan <a href=\"https:\/\/almarwater.com\/\">Almar Water Solutions<\/a>, <a href=\"https:\/\/www.alj.com\/en\/perspective\/waters-of-life\/\">su mevcudiyeti<\/a> ile ilgili Perspectives makalemizde belirtildi\u011fi gibi bu durumu ele almak i\u00e7in k\u00fcresel \u00e7abalara katk\u0131 sa\u011flamaktad\u0131r.<\/p>\n<figure id=\"attachment_64168\" aria-describedby=\"caption-attachment-64168\" style=\"width: 1140px\" class=\"wp-caption aligncenter\"><img decoding=\"async\" loading=\"lazy\" class=\"size-full wp-image-64168\" src=\"https:\/\/www.alj.com\/app\/uploads\/2020\/06\/Muharraq.jpg\" alt=\"Muharraq Wastewater Plant Bahrain\" width=\"1140\" height=\"410\" srcset=\"https:\/\/media.alj.com\/app\/uploads\/2020\/06\/Muharraq.jpg 1140w, https:\/\/media.alj.com\/app\/uploads\/2020\/06\/Muharraq-300x108.jpg 300w, https:\/\/media.alj.com\/app\/uploads\/2020\/06\/Muharraq-1024x368.jpg 1024w, https:\/\/media.alj.com\/app\/uploads\/2020\/06\/Muharraq-150x54.jpg 150w, https:\/\/media.alj.com\/app\/uploads\/2020\/06\/Muharraq-768x276.jpg 768w\" sizes=\"(max-width: 1140px) 100vw, 1140px\" \/><figcaption id=\"caption-attachment-64168\" class=\"wp-caption-text\">Muharraq Wastewater Plant Bahrain<\/figcaption><\/figure>\n<p><a href=\"https:\/\/www.alj.com\/en\/energy-and-environmental-services\/energy-overview\/\">Abdul Latif Jameel Enerji ve \u00c7evre Hizmetleri<\/a><u>\u2019<\/u>nin bir par\u00e7as\u0131 olan Almar, Bahreyn\u2019de bulunan <a href=\"https:\/\/almarwater.com\/pf\/muharraq\/\">Muharraq at\u0131k su ar\u0131tma tesisinde<\/a> b\u00fcy\u00fck bir paya sahiptir. Almar, GCC b\u00f6lgesinde 16,5 km derinli\u011fe sahip ilk de\u015farj kanalizasyon hatt\u0131 ve at\u0131k su toplama a\u011f\u0131 olan, g\u00fcnl\u00fck 100.000 metrek\u00fcp at\u0131k su ar\u0131tma kapasitesine sahip olan bu tesisi i\u015fletmek i\u00e7in 29 y\u0131ll\u0131k bir s\u00f6zle\u015fme yapm\u0131\u015ft\u0131r. Ayr\u0131ca, Suudi Arabistan\u2019\u0131n K\u0131z\u0131ldeniz k\u0131y\u0131s\u0131nda yer alan ve d\u00fcnyan\u0131n en b\u00fcy\u00fck tuzdan ar\u0131nd\u0131rma tesislerinden biri olan \u00f6d\u00fcll\u00fc <a href=\"https:\/\/www.alj.com\/en\/news\/almar-water-solutions-invest-us-600m-supply-1-8m-people-saudi-arabia-desalinated-water\/\">Shuqaiq 3 IWP<\/a> tesisini geli\u015ftiren konsorsiyumun da bir par\u00e7as\u0131d\u0131r. 2021 sonuna kadar tamamlanmas\u0131 planlanan 600 milyon ABD dolar\u0131 de\u011ferindeki bu tesis, her g\u00fcn yakla\u015f\u0131k 1,8 milyon ki\u015fiye 450.000 metrek\u00fcp temiz su sa\u011flama kapasitesine sahiptir.<\/p>\n<p><iframe loading=\"lazy\" src=\"\/\/www.youtube.com\/embed\/oS5w15xO8B0\" width=\"560\" height=\"314\" allowfullscreen=\"allowfullscreen\" data-mce-fragment=\"1\"><\/iframe><\/p>\n<p>Almar, Latin Amerika\u2019daki faaliyetlerini h\u0131zla geni\u015fletmektedir. 2019 y\u0131l\u0131nda \u015eilili su ar\u0131tma \u015firketi <u>Osmoflo SpA<\/u>\u2019n\u0131n sat\u0131n al\u0131nmas\u0131 ve 2020 y\u0131l\u0131nda <a href=\"https:\/\/www.alj.com\/en\/news\/abdul-latif-jameel-energys-almar-water-solutions-doubles-its-chilean-presence-acquiring-50-of-aguas-y-riles-sa\/\">Aguas y Riles SA<\/a>\u2019da %50 hisse edinilmesi, bu geni\u015flemenin bir par\u00e7as\u0131d\u0131r. \u015eirket, bu \u00fclkelerdeki su mevcudiyeti ve sanitasyon gibi sorunlar\u0131n \u00fcstesinden gelmek i\u00e7in b\u00f6lgesel platformunu geli\u015ftirmeye devam etmektedir. Ayr\u0131ca, \u015firketin M\u0131s\u0131r\u2019daki varl\u0131\u011f\u0131 da giderek b\u00fcy\u00fcmektedir: <a href=\"https:\/\/www.alj.com\/en\/news\/abdul-latif-jameel-energy-expands-water-sector-portfolio-with-acquisition-of-58-desalination-plants-in-egypt\/\">Ridgwood Group\u2019un sat\u0131n al\u0131nmas\u0131yla<\/a> birlikte, \u015firketin i\u015fletmekte oldu\u011fu tuzdan ar\u0131nd\u0131rma tesislerinin say\u0131s\u0131 58\u2019e y\u00fckselmi\u015ftir.<\/p>\n<p><iframe loading=\"lazy\" src=\"\/\/www.youtube.com\/embed\/wSTyyCkDlfM\" width=\"560\" height=\"314\" allowfullscreen=\"allowfullscreen\" data-mce-fragment=\"1\"><\/iframe><\/p>\n<p>G\u00fcn\u00fcm\u00fcz toplumu i\u00e7in neredeyse su kadar \u00f6nemli olan bir di\u011fer kaynak da enerjidir. Enerji; \u015fehirlerimize g\u00fc\u00e7 sa\u011flamakta, evlerimizi \u0131s\u0131tmakta, su ve g\u0131da sistemlerimizi desteklemekte ve fabrikalar\u0131m\u0131z\u0131n \u00e7al\u0131\u015fmas\u0131na olanak tan\u0131maktad\u0131r. Ne yaz\u0131k ki k\u00f6m\u00fcr, petrol ve gaz gibi geleneksel karbon bazl\u0131 enerji kaynaklar\u0131, zararl\u0131 CO<sub>2<\/sub> emisyonuna neden olarak iklim de\u011fi\u015fikli\u011fine katk\u0131da bulunan ana etmenlerdir. Bu nedenle s\u00fcrd\u00fcr\u00fclebilir yenilenebilir enerji tedariklerini \u00f6nemli \u00f6l\u00e7\u00fcde art\u0131rmak, net s\u0131f\u0131r emisyon hedeflerimize ula\u015fmak i\u00e7in hayati \u00f6nem ta\u015f\u0131maktad\u0131r.<\/p>\n<p>\u00d6nceki bir <a href=\"https:\/\/www.alj.com\/en\/perspective\/feel-the-power\/\">Abdul Latif Jameel Perspectives makalesinde<\/a> daha ayr\u0131nt\u0131l\u0131 olarak tart\u0131\u015f\u0131ld\u0131\u011f\u0131 \u00fczere, Abdul Latif Jameel Energy\u2019nin \u00f6nde gelen yenilenebilir enerji \u015firketi <a href=\"https:\/\/frv.com\/en\/\">Fotowatio Renewable Ventures<\/a> (FRV), s\u00fcrd\u00fcr\u00fclebilir enerjiye ge\u00e7i\u015fe yard\u0131mc\u0131 olmakta ve iklim de\u011fi\u015fikli\u011fi ile m\u00fccadele etmek i\u00e7in yeni teknolojiler ke\u015ffetmektedir. \u015eirket, be\u015f k\u0131tadaki varl\u0131\u011f\u0131yla 50\u2019den fazla yenilenebilir enerji tesisi geli\u015ftirmi\u015ftir ve Avustralya, Orta Do\u011fu, Hindistan, Afrika, ABD ve Latin Amerika\u2019daki k\u00fcresel g\u00fcne\u015f enerjisi pazarlar\u0131nda 2,5 GW\u2019tan fazla <a href=\"https:\/\/frv.com\/en\/projects\/\">proje portf\u00f6y\u00fcne<\/a> sahiptir.<\/p>\n<p><iframe loading=\"lazy\" src=\"\/\/www.youtube.com\/embed\/Mw5_Te0Fe-A\" width=\"560\" height=\"314\" allowfullscreen=\"allowfullscreen\" data-mce-fragment=\"1\"><\/iframe><\/p>\n<p>Ayr\u0131ca, FRV\u2019nin \u00f6zel bir inovasyon kolu olan <a href=\"https:\/\/frv.com\/en\/services\/frv-x\/\">FRV-X<\/a>, ger\u00e7ek anlamda 7\/24 kesintisiz yenilenebilir enerji tedarikine olanak tan\u0131yan, \u015febeke \u00f6l\u00e7e\u011finde ak\u00fc depolama teknolojisine \u00f6nc\u00fcl\u00fck etmektedir. FRV-X, Dorset\u2019te <a href=\"https:\/\/www.alj.com\/en\/news\/abdul-latif-jameel-energys-frv-harmony-energy-commission-first-megapack-uk-energy-storage-project\/\">Holes Bay<\/a> ve West Sussex\u2019te <a href=\"https:\/\/www.alj.com\/en\/news\/abdul-latif-jameel-energy-supports-development-of-second-utility-scale-battery-storage-project-in-uk\/\">Contego<\/a> olmak \u00fczere Birle\u015fik Krall\u0131k\u2019taki iki batarya depolama projesi i\u00e7in \u0130ngiliz geli\u015ftiricilik \u015firketi <a href=\"https:\/\/www.harmonyenergy.co.uk\/\">Harmony Energy<\/a> ile ortakl\u0131k kurmu\u015f ve yak\u0131n zamanda, Essex\u2019teki Clay Tye\u2019da Birle\u015fik Krall\u0131k\u2019\u0131n en b\u00fcy\u00fck Batarya Enerji Depolama Sistemini (Battery Energy Storage System, BESS) kurma planlar\u0131n\u0131 duyurmu\u015ftur.<\/p>\n<p><iframe loading=\"lazy\" src=\"\/\/www.youtube.com\/embed\/nVVeX4oEeXw\" width=\"560\" height=\"314\" allowfullscreen=\"allowfullscreen\" data-mce-fragment=\"1\"><\/iframe><\/p>\n<p>Bu konu, <a href=\"https:\/\/www.alj.com\/en\/spotlight-by-fady-jameel\/how-progress-in-utility-scale-energy-storage-is-enabling-the-transition-to-renewable-energy\/\">Fady Jameel<\/a>\u2019in sundu\u011fu bu Spotlight <a href=\"https:\/\/www.linkedin.com\/in\/fady-m-jameel\/\">podcast<\/a>\u2019inde daha derinlemesine incelenmi\u015ftir.<\/p>\n<p>FRV-X\u2019in daha s\u00fcrd\u00fcr\u00fclebilir bir gelece\u011fe yat\u0131r\u0131m yapma taahh\u00fcd\u00fc, yeni nesil hidrojen yak\u0131tl\u0131 toplu ta\u015f\u0131ma sistemlerindeki faaliyetleriyle de kendini g\u00f6stermektedir. Bunlardan ilki, 2026 y\u0131l\u0131na kadar en az 1.000 standart taksi yerine <a href=\"https:\/\/fptaximadrid.es\/\">hidrojenle \u00e7al\u0131\u015fan ye\u015fil ara\u00e7lar kullan\u0131lmas\u0131<\/a> i\u00e7in <a href=\"https:\/\/www.alj.com\/en\/news\/abdul-latif-jameel-energys-frv-contributes-to-decarbonizing-public-mobility-with-green-hydrogen\/\">Madrid Profesyonel Taksi Federasyonu<\/a> ile yap\u0131lan i\u015f birli\u011fidir. Abdul Latif Jameel\u2019in uzun s\u00fcreli otomotiv orta\u011f\u0131 Toyota, 600 km\u2019ye kadar yol kat ederek s\u0131f\u0131r \u00e7evresel etki yaratma kapasitesine sahip, <a href=\"https:\/\/newsroom.toyota.eu\/toyota-mirai-breaks-world-record-for-distance-driven-with-one-fill-of-hydrogen\/#:~:text=Summary,distance%20driving%20with%20zero%20emissions\">rekor k\u0131ran<\/a> <a href=\"https:\/\/www.toyota.com\/mirai\/\">Toyota Mirai<\/a> yak\u0131t h\u00fccreli modeli ile projeye ara\u00e7 tedariki sa\u011flamaktad\u0131r.<\/p>\n<p>\u0130kinci \u00f6nemli hidrojen ula\u015ft\u0131rma projesi, FRV-X\u2019in <a href=\"https:\/\/www.vectalia.es\/en\/\">Vectalia<\/a> ile g\u00fc\u00e7lerini birle\u015ftirerek geli\u015ftirdi\u011fi, \u0130spanya\u2019n\u0131n en kalabal\u0131k d\u00f6rd\u00fcnc\u00fc eyaleti Alicante\u2019deki ilk b\u00fcy\u00fck \u00f6l\u00e7ekli <a href=\"https:\/\/www.alj.com\/en\/news\/abdul-latif-jameel-energys-frv-and-vectalia-partner-to-develop-first-green-hydrogen-powered-bus-transport-system-in-spain\/\">ye\u015fil hidrojenle \u00e7al\u0131\u015fan otob\u00fcs ta\u015f\u0131ma sistemidir<\/a><u>.<\/u><\/p>\n<p><img decoding=\"async\" loading=\"lazy\" class=\"aligncenter size-full wp-image-89738\" src=\"https:\/\/www.alj.com\/app\/uploads\/2021\/06\/FRV-Alicante-HyVus-1.jpg\" alt=\"FRV Vectalia HyVus Bus, Alicante\" width=\"1927\" height=\"1154\" srcset=\"https:\/\/media.alj.com\/app\/uploads\/2021\/06\/FRV-Alicante-HyVus-1.jpg 1927w, https:\/\/media.alj.com\/app\/uploads\/2021\/06\/FRV-Alicante-HyVus-1-300x180.jpg 300w, https:\/\/media.alj.com\/app\/uploads\/2021\/06\/FRV-Alicante-HyVus-1-1024x613.jpg 1024w, https:\/\/media.alj.com\/app\/uploads\/2021\/06\/FRV-Alicante-HyVus-1-150x90.jpg 150w, https:\/\/media.alj.com\/app\/uploads\/2021\/06\/FRV-Alicante-HyVus-1-768x460.jpg 768w, https:\/\/media.alj.com\/app\/uploads\/2021\/06\/FRV-Alicante-HyVus-1-1536x920.jpg 1536w\" sizes=\"(max-width: 1927px) 100vw, 1927px\" \/><\/p>\n<h2>Yenili\u011fe yat\u0131r\u0131m yapmak<\/h2>\n<p><img decoding=\"async\" loading=\"lazy\" class=\"alignleft size-thumbnail wp-image-32760\" src=\"https:\/\/www.alj.com\/app\/uploads\/2018\/09\/JWAFS-e1496690769897-3-150x133.png\" alt=\"\" width=\"150\" height=\"133\" srcset=\"https:\/\/media.alj.com\/app\/uploads\/2018\/09\/JWAFS-e1496690769897-3-150x133.png 150w, https:\/\/media.alj.com\/app\/uploads\/2018\/09\/JWAFS-e1496690769897-3.png 250w\" sizes=\"(max-width: 150px) 100vw, 150px\" \/>Bug\u00fcn toplumumuz i\u00e7in daha s\u00fcrd\u00fcr\u00fclebilir \u00e7\u00f6z\u00fcmler sa\u011flamak \u00fczere do\u011frudan eylemlere yat\u0131r\u0131m yapman\u0131n yan\u0131 s\u0131ra <a href=\"https:\/\/jimco.com\/en\/who-we-are\/our-people\/#jameelfamily\">Jameel Ailesi<\/a>, daha iklim dostu bir gelece\u011fi g\u00fcvence alt\u0131na almaya yard\u0131mc\u0131 olabilecek fikirlere ve yeniliklere de yat\u0131r\u0131m yapmaktad\u0131r.<\/p>\n<p>\u00d6rne\u011fin, <a href=\"https:\/\/web.mit.edu\/\">Massachusetts Institute of Technology<\/a>\u2019de (MIT) yer alan Abdul Latif Jameel Su ve G\u0131da ve Sistemler Laboratuvar\u0131 (<a href=\"https:\/\/mit.edu\">J-WAFS<\/a>), minimum \u00e7evresel etki ile g\u00fcvenli ve dayan\u0131kl\u0131 yiyecek ve su tedariki i\u00e7in \u00e7\u0131\u011f\u0131r a\u00e7an ara\u015ft\u0131rmalara, yeniliklere ve teknolojiye fon sa\u011flayan <a href=\"https:\/\/communityjameel.org\">Community Jameel<\/a> ve MIT ortakl\u0131\u011f\u0131yla kurulmu\u015ftur.<\/p>\n<figure id=\"attachment_93182\" aria-describedby=\"caption-attachment-93182\" style=\"width: 243px\" class=\"wp-caption alignright\"><img decoding=\"async\" loading=\"lazy\" class=\"size-full wp-image-93182\" src=\"https:\/\/www.alj.com\/app\/uploads\/2021\/10\/Prof-John-Lienhard.jpg\" alt=\"\" width=\"243\" height=\"141\" srcset=\"https:\/\/media.alj.com\/app\/uploads\/2021\/10\/Prof-John-Lienhard.jpg 243w, https:\/\/media.alj.com\/app\/uploads\/2021\/10\/Prof-John-Lienhard-150x87.jpg 150w\" sizes=\"(max-width: 243px) 100vw, 243px\" \/><figcaption id=\"caption-attachment-93182\" class=\"wp-caption-text\">Profes\u00f6r John H, Lienhard V<br \/>\nAbdul Latif Jameel Su ve Makine M\u00fchendisli\u011fi Profes\u00f6r\u00fc<br \/>\n,MIT\u2019deki Abdul Latif Jameel Su ve G\u0131da Sistemleri Laboratuvar\u0131 (J-WAFS) Direkt\u00f6r\u00fc<\/figcaption><\/figure>\n<p><a href=\"https:\/\/jameel75.com\/en\/stories\/Prof.-John-H-Lienhard-V?GrERu8Rh8o\">J-WAFS Direkt\u00f6r\u00fc Profes\u00f6r John H, Lienhard,<\/a> <em>\u201cJ-WAFS, de\u011fi\u015fen bir gezegende h\u0131zla b\u00fcy\u00fcyen ve geli\u015fen n\u00fcfusun yerel ve k\u00fcresel ihtiya\u00e7lar\u0131n\u0131 kar\u015f\u0131lamak i\u00e7in \u00e7evresel etkiyi azalt\u0131rken d\u00fcnya genelinde g\u00fcvenli ve istikrarl\u0131 su ve g\u0131da tedariki sa\u011flamaya y\u00f6nelik olarak MIT genelinde y\u00fcr\u00fct\u00fclen ileri seviyedeki ara\u015ft\u0131rmalara fon sa\u011fl\u0131yor.\u201d<\/em> s\u00f6zleriyle laboratuvar\u0131n \u00e7al\u0131\u015fmalar\u0131n\u0131 a\u00e7\u0131klam\u0131\u015ft\u0131r.<\/p>\n<p>J-WAFS, 2014 y\u0131l\u0131nda kuruldu\u011fundan bu yana 60\u2019tan fazla projeye fon sa\u011flam\u0131\u015f ve ara\u015ft\u0131rmalar\u0131n\u0131 geni\u015fletip ilerletmek i\u00e7in 12 milyon ABD dolar\u0131ndan fazla takip fonu olu\u015fturmu\u015ftur. Ba\u015far\u0131 hikayeleri aras\u0131nda, iklim de\u011fi\u015fikli\u011finin belirsizliklerine dayanmak \u00fczere yeti\u015ftirilebilecek <a href=\"https:\/\/news.mit.edu\/2021\/interdisciplinary-research-climate-resilient-crops-0917\">iklime dayan\u0131kl\u0131 bitkiler<\/a> ve i\u00e7me suyunu safla\u015ft\u0131rmak i\u00e7in a\u011fa\u00e7 dallar\u0131ndan yap\u0131lm\u0131\u015f <a href=\"https:\/\/news.mit.edu\/2021\/filters-sapwood-purify-water-0325\">do\u011fal bir ksilen filtresi<\/a> \u00fczerine yap\u0131lan ara\u015ft\u0131rmalar bulunmaktad\u0131r.<\/p>\n<p><iframe loading=\"lazy\" src=\"\/\/www.youtube.com\/embed\/SZVUn5clNp4\" width=\"560\" height=\"314\" allowfullscreen=\"allowfullscreen\" data-mce-fragment=\"1\"><\/iframe><\/p>\n<p><img decoding=\"async\" loading=\"lazy\" class=\"alignleft size-medium wp-image-64664\" src=\"https:\/\/www.alj.com\/app\/uploads\/2020\/06\/2005-Abdul-Latif-Jameel-Poverty-Action-Lab-J-PAL-established-1-300x130.jpg\" alt=\"\" width=\"300\" height=\"130\" srcset=\"https:\/\/media.alj.com\/app\/uploads\/2020\/06\/2005-Abdul-Latif-Jameel-Poverty-Action-Lab-J-PAL-established-1-300x130.jpg 300w, https:\/\/media.alj.com\/app\/uploads\/2020\/06\/2005-Abdul-Latif-Jameel-Poverty-Action-Lab-J-PAL-established-1-150x65.jpg 150w, https:\/\/media.alj.com\/app\/uploads\/2020\/06\/2005-Abdul-Latif-Jameel-Poverty-Action-Lab-J-PAL-established-1.jpg 564w\" sizes=\"(max-width: 300px) 100vw, 300px\" \/>Bir di\u011fer MIT i\u015f birli\u011fi olan <a href=\"https:\/\/www.povertyactionlab.org\/\">Abdul Latif Jameel Yoksulluk Eylem Laboratuvar\u0131<\/a> (J-PAL), politikalar\u0131n bilimsel kan\u0131tlardan beslenmesini sa\u011flayarak yoksullu\u011fu azaltmak i\u00e7in \u00e7al\u0131\u015fan MIT b\u00fcnyesindeki bir ara\u015ft\u0131rma merkezidir. 2003 y\u0131l\u0131nda kurulan J-PAL, <a href=\"https:\/\/www.communityjameel.org\/en\">Community Jameel<\/a> ile uzun s\u00fcreli i\u015f birli\u011fine 2005 y\u0131l\u0131nda ba\u015flam\u0131\u015ft\u0131r.<\/p>\n<p>D\u00fcnyan\u0131n d\u00f6rt bir yan\u0131ndaki \u00fcniversitelerde g\u00f6rev yapan 261\u2019den fazla profes\u00f6r\u00fcn bulundu\u011fu bir a\u011fa ba\u011fl\u0131 olan J-PAL, iklim de\u011fi\u015fikli\u011fi de dahil olmak \u00fczere toplumumuzun gelece\u011fini ilgilendiren bir dizi kritik alana odaklanmaktad\u0131r.<\/p>\n<p>\u0130klim de\u011fi\u015fikli\u011fi, k\u00fcresel yoksullu\u011fu nas\u0131l etkiler? Ara\u015ft\u0131rmalar, iklim de\u011fi\u015fikli\u011finin yoksulluk i\u00e7inde ya\u015fayan insanlar\u0131 orant\u0131s\u0131z bir \u015fekilde etkiledi\u011fini ve k\u00fcresel a\u00e7l\u0131kla m\u00fccadelede onlarca y\u0131lda elde edilen kazan\u0131mlar\u0131 tersine \u00e7evirme tehlikesi ta\u015f\u0131d\u0131\u011f\u0131n\u0131 g\u00f6stermektedir.<\/p>\n<p>Ancak iklim \u00e7\u00f6z\u00fcmlerinin ger\u00e7ek d\u00fcnya \u00fczerindeki etkileri \u00fczerine \u00f6nemli bir ara\u015ft\u0131rma noksanl\u0131\u011f\u0131 bulunmaktad\u0131r. D\u00fcnyan\u0131n d\u00f6rt bir yan\u0131ndaki liderler, iklim de\u011fi\u015fikli\u011fi ve yoksullu\u011fu ele alan \u00e7\u00f6z\u00fcmler uygulamak i\u00e7in teknoloji ve politikadaki yeniliklerin etkinli\u011fi konusunda daha fazla kan\u0131ta ihtiya\u00e7 duymaktad\u0131r. Ve J-PAL\u2019\u0131n en iyi oldu\u011fu alan da budur: en etkili politika, proje ve strateji t\u00fcrlerini belirlemeye yard\u0131mc\u0131 olmak i\u00e7in d\u00fcnya genelinde veri ve kan\u0131t toplamak.<\/p>\n<p><img decoding=\"async\" loading=\"lazy\" class=\"alignright size-medium wp-image-93161\" src=\"https:\/\/www.alj.com\/app\/uploads\/2021\/10\/Paris-Agreement-4-300x169.jpg\" alt=\"\" width=\"300\" height=\"169\" srcset=\"https:\/\/media.alj.com\/app\/uploads\/2021\/10\/Paris-Agreement-4-300x169.jpg 300w, https:\/\/media.alj.com\/app\/uploads\/2021\/10\/Paris-Agreement-4-150x85.jpg 150w, https:\/\/media.alj.com\/app\/uploads\/2021\/10\/Paris-Agreement-4-226x126.jpg 226w, https:\/\/media.alj.com\/app\/uploads\/2021\/10\/Paris-Agreement-4.jpg 360w\" sizes=\"(max-width: 300px) 100vw, 300px\" \/>J-PAL\u2019\u0131n \u00c7evre, Enerji ve \u0130klim De\u011fi\u015fikli\u011fi b\u00f6l\u00fcm\u00fc; enerji ve \u00e7evre politikalar\u0131n\u0131n, \u00f6zellikle iklim de\u011fi\u015fikli\u011finin etkilerinin hafifletilmesi, kirlili\u011fin azalt\u0131lmas\u0131, iklim de\u011fi\u015fikli\u011fine uyumlanma ve enerji eri\u015fimi \u00fczerindeki ger\u00e7ek d\u00fcnya etkilerini \u00f6l\u00e7mektedir.<\/p>\n<p>\u00d6rne\u011fin <a href=\"https:\/\/betterworld.mit.edu\/solutions-at-the-nexus-of-climate-change-and-poverty-alleviation\/?device=mobile\">King \u0130klim Eylem Giri\u015fimi<\/a> (King Climate Action Initiative, K-CAI), d\u00f6rt alanda y\u00fcr\u00fct\u00fclen projelere odaklan\u0131r: iklim de\u011fi\u015fikli\u011finin hafifletilmesi, kirlili\u011fin azalt\u0131lmas\u0131, iklim de\u011fi\u015fikli\u011fi etkilerine uyumlanma ve d\u00fc\u015f\u00fck gelirli topluluklar i\u00e7in enerjiye eri\u015fimin iyile\u015ftirilmesinin yan\u0131 s\u0131ra daha temiz kaynaklara ge\u00e7i\u015f.<\/p>\n<p>Bu giri\u015fim, iklim de\u011fi\u015fikli\u011finin savunmas\u0131z topluluklar \u00fczerindeki etkilerini azaltan programlar\u0131 titizlikle de\u011ferlendirmeyi ve ard\u0131ndan en ba\u015far\u0131l\u0131 m\u00fcdahaleleri \u00f6l\u00e7eklendirmek i\u00e7in politika yap\u0131c\u0131larla birlikte \u00e7al\u0131\u015fmay\u0131 ama\u00e7lamaktad\u0131r.<\/p>\n<p>J-PAL Global \u0130cra Direkt\u00f6r\u00fc Iqbal Dhaliwal\u2019\u0131n s\u00f6zleriyle <em>\u201cK-CAI, ger\u00e7ek d\u00fcnyada m\u00fcdahaleleri test ederek ve etkili \u00e7\u00f6z\u00fcmleri \u00f6l\u00e7eklendirmek i\u00e7in politika yap\u0131c\u0131larla uzun vadeli ortakl\u0131klar kurarak iklim ara\u015ft\u0131rmalar\u0131n\u0131n anlaml\u0131 bir de\u011fi\u015fiklik yaratmas\u0131n\u0131 sa\u011flamaya yard\u0131mc\u0131 olmaktad\u0131r.\u201d<\/em><\/p>\n<h2>\u00d6zel sermayenin g\u00fcc\u00fcnden yararlanma<\/h2>\n<p>\u0130klim de\u011fi\u015fikli\u011finin en ciddi etkilerini hafifletmeye ve hatta tersine \u00e7evirmeye yard\u0131mc\u0131 olabilecek ara\u015ft\u0131rmalara, politikalara ve teknolojilere yat\u0131r\u0131m yapmak i\u00e7in \u00f6zel sermayeyi ve kamu sermayesini y\u00f6nlendirmek, hem J-WAFS hem de J-PAL\u2019\u0131n temel hedefidir. Bu hedef ayr\u0131ca, <a href=\"https:\/\/jimco.com\/en\/insights\/harnessing-the-power-of-private-capital\">Jameel Yat\u0131r\u0131m Y\u00f6netimi \u015eirketi<\/a> (JIMCO) taraf\u0131ndan i\u015fletilen \u00fc\u00e7 yat\u0131r\u0131m fonundan biri olan <a href=\"https:\/\/jimco.com\/en\/\">JIMCO Stratejik Varl\u0131k Fonu<\/a>\u2018nun misyonunun da merkezinde yer almaktad\u0131r.<\/p>\n<p>JIMCO, Jameel Ailesinin i\u015fletme d\u0131\u015f\u0131 yat\u0131r\u0131m faaliyetlerini, hem Abdul Latif Jameel ticari i\u015f operasyonlar\u0131ndan hem de <a href=\"https:\/\/www.babjameeljobs.com\/EN\/\">Bab Rizq Jameel<\/a>, <a href=\"https:\/\/communitjameel.org\/\">Community Jameel<\/a>, <a href=\"https:\/\/artjameel.org\/\">Art Jameel<\/a> ve <a href=\"https:\/\/www.communityjameelsaudi.org\/en\">Community Jameel Saudi<\/a>\u2019yi i\u00e7eren Jameel Hay\u0131rseverlik faaliyetlerinden ayr\u0131 olarak \u00f6zel bir yat\u0131r\u0131m markas\u0131 alt\u0131nda bir araya getirmektedir.<\/p>\n<p>2018 y\u0131l\u0131nda kurulan Fon; fonlarda net, \u00f6nemli oranda s\u00fcrd\u00fcr\u00fclebilir ve uzun vadeli vizyonlar sergileyebilecek sorumlu yat\u0131r\u0131m f\u0131rsatlar\u0131 aray\u0131\u015f\u0131ndad\u0131r. JIMCO Stratejik Varl\u0131k Fonu Genel M\u00fcd\u00fcr\u00fc <a href=\"https:\/\/jimco.com\/en\/who-we-are\/our-people\/stephen-d-saint-leger\/\">Stephen Saint Leger<\/a>\u2019\u0131n s\u00f6zleriyle Fon, d\u00fcnya \u00fczerinde olumlu bir fark yaratmak i\u00e7in \u00f6zel sermayenin g\u00fcc\u00fcn\u00fc kullanmakla ilgilidir.<\/p>\n<figure id=\"attachment_93189\" aria-describedby=\"caption-attachment-93189\" style=\"width: 300px\" class=\"wp-caption alignleft\"><img decoding=\"async\" loading=\"lazy\" class=\"size-medium wp-image-93189\" src=\"https:\/\/www.alj.com\/app\/uploads\/2021\/10\/Stephen-Saint-Leger-JIMCO-300x186.png\" alt=\"\" width=\"300\" height=\"186\" srcset=\"https:\/\/media.alj.com\/app\/uploads\/2021\/10\/Stephen-Saint-Leger-JIMCO-300x186.png 300w, https:\/\/media.alj.com\/app\/uploads\/2021\/10\/Stephen-Saint-Leger-JIMCO-150x93.png 150w, https:\/\/media.alj.com\/app\/uploads\/2021\/10\/Stephen-Saint-Leger-JIMCO.png 315w\" sizes=\"(max-width: 300px) 100vw, 300px\" \/><figcaption id=\"caption-attachment-93189\" class=\"wp-caption-text\">Stephen D. Saint Leger<br \/>\nJIMCO Stratejik Varl\u0131k Fonu Genel M\u00fcd\u00fcr\u00fc<\/figcaption><\/figure>\n<p><em>\u201cJIMCO Stratejik Varl\u0131k Fonu, strateji ve misyonu bizimkiyle uyumlu olan ve ilgili sekt\u00f6rlerde belli bir derecede uzmanl\u0131\u011fa sahip, umut vadeden ve ileri g\u00f6r\u00fc\u015fl\u00fc fon y\u00f6neticilerine yat\u0131r\u0131m yapar. <\/em><\/p>\n<p><em>Bunlar; g\u0131da ve su \u00fcretimi, g\u00fcvenlik ve arazi kullan\u0131m\u0131 i\u00e7in s\u00fcrd\u00fcr\u00fclebilir yakla\u015f\u0131mlardan, ilerlemenin itici g\u00fc\u00e7lerine ve yenilenebilir, s\u00fcrd\u00fcr\u00fclebilir ve temiz g\u00fc\u00e7 kaynaklar\u0131na y\u00f6nelik k\u00fcresel enerji d\u00f6n\u00fc\u015f\u00fcm\u00fcn\u00fcn e\u015fit payla\u015f\u0131m\u0131na kadar uzanmaktad\u0131r.\u201d<\/em><\/p>\n<p>Bu stratejinin eyleme d\u00f6n\u00fc\u015ft\u00fcr\u00fclme \u00f6rnekleri aras\u0131nda; kaynak verimlili\u011fi, karbonsuzla\u015ft\u0131rma, teknolojileri etkinle\u015ftirme, yenilenebilir enerji, da\u011f\u0131t\u0131lm\u0131\u015f enerji modelleri, elektriklendirme ve s\u00fcrd\u00fcr\u00fclebilir ula\u015ft\u0131rman\u0131n elektrokimyasal gelece\u011fi, su altyap\u0131s\u0131 ve onar\u0131c\u0131 tar\u0131m etraf\u0131nda s\u00fcrd\u00fcr\u00fclebilir portf\u00f6yler olu\u015fturulan fonlara aktar\u0131lan yat\u0131r\u0131mlar bulunmaktad\u0131r.<\/p>\n<p><img decoding=\"async\" loading=\"lazy\" class=\"alignleft size-medium wp-image-93140\" src=\"https:\/\/www.alj.com\/app\/uploads\/2021\/10\/NZ-Farming-300x181.jpg\" alt=\"\" width=\"300\" height=\"181\" srcset=\"https:\/\/media.alj.com\/app\/uploads\/2021\/10\/NZ-Farming-300x181.jpg 300w, https:\/\/media.alj.com\/app\/uploads\/2021\/10\/NZ-Farming-150x90.jpg 150w, https:\/\/media.alj.com\/app\/uploads\/2021\/10\/NZ-Farming.jpg 309w\" sizes=\"(max-width: 300px) 100vw, 300px\" \/>Bunlardan biri de Yeni Zelanda\u2019da s\u00fcrd\u00fcr\u00fclebilir tar\u0131ma yat\u0131r\u0131m yapan bir fondur.<\/p>\n<p>Fon, yenilik\u00e7i teknoloji ve i\u015f modellerini hedefleyerek, d\u00fc\u015f\u00fck performans g\u00f6steren \u00e7iftlikleri sat\u0131n al\u0131p d\u00f6n\u00fc\u015ft\u00fcrerek ve bo\u015f araziyi \u00e7evresel olarak sa\u011flam ancak verimli bir kullan\u0131m alan\u0131na d\u00f6n\u00fc\u015ft\u00fcrerek s\u00fcrd\u00fcr\u00fclebilir tar\u0131m g\u00fcndemini ileriye ta\u015f\u0131maktad\u0131r.<\/p>\n<p>Bu, baz\u0131 modern tar\u0131m uygulamalar\u0131n\u0131n su, toprak, iklim ve biyo\u00e7e\u015fitlilik sistemlerinde neden oldu\u011fu zarar\u0131 hafifletmeyi ve hatta tersine \u00e7evirmeyi ama\u00e7layan onar\u0131c\u0131 bir g\u0131da \u00fcretimi yakla\u015f\u0131m\u0131d\u0131r.<\/p>\n<figure id=\"attachment_90627\" aria-describedby=\"caption-attachment-90627\" style=\"width: 225px\" class=\"wp-caption alignright\"><img decoding=\"async\" loading=\"lazy\" class=\"wp-image-90627 size-medium\" src=\"https:\/\/www.alj.com\/app\/uploads\/2021\/07\/Fady-Jameel-2-225x300.jpg\" alt=\"Fady Jameel\" width=\"225\" height=\"300\" srcset=\"https:\/\/media.alj.com\/app\/uploads\/2021\/07\/Fady-Jameel-2-225x300.jpg 225w, https:\/\/media.alj.com\/app\/uploads\/2021\/07\/Fady-Jameel-2-768x1025.jpg 768w, https:\/\/media.alj.com\/app\/uploads\/2021\/07\/Fady-Jameel-2-112x150.jpg 112w, https:\/\/media.alj.com\/app\/uploads\/2021\/07\/Fady-Jameel-2-1151x1536.jpg 1151w, https:\/\/media.alj.com\/app\/uploads\/2021\/07\/Fady-Jameel-2.jpg 1224w\" sizes=\"(max-width: 225px) 100vw, 225px\" \/><figcaption id=\"caption-attachment-90627\" class=\"wp-caption-text\">Fady Jameel<br \/>\nBa\u015fkan Vekili ve Y\u00f6netim Kurulu Ba\u015fkan Yard\u0131mc\u0131s\u0131<br \/>\nAbdul Latif Jameel<\/figcaption><\/figure>\n<h3>S\u00fcrd\u00fcr\u00fclebilir bir gelecek i\u00e7in ortak vizyon<\/h3>\n<p>D\u00fcnya, bug\u00fcne kadar bilinen en b\u00fcy\u00fck zorluklardan biriyle kar\u015f\u0131 kar\u015f\u0131yayken bu projeler, yat\u0131r\u0131mlar ve stratejilerin daha net bir \u015fekilde g\u00f6sterdi\u011fi \u00fczere <a href=\"https:\/\/www.communityjameel.org\/en\/who-we-are\/jameel-family\">Jameel Ailesi<\/a>, BM\u2019nin herkes i\u00e7in daha s\u00fcrd\u00fcr\u00fclebilir bir ya\u015fam i\u00e7in bu alandaki vizyonu do\u011frultusunda SDG 13\u2019\u00fcn iddial\u0131 hedeflerine katk\u0131da bulunmaktan gurur duymaktad\u0131r.<\/p>\n<p>Abdul Latif Jameel Ba\u015fkan Vekili ve Y\u00f6netim Kurulu Ba\u015fkan Yard\u0131mc\u0131s\u0131 Fady Jameel, <em>\u201cBug\u00fcn yapt\u0131\u011f\u0131m\u0131z tercihler ve yat\u0131r\u0131mlar yoluyla, iklim de\u011fi\u015fikli\u011fi ile m\u00fccadele etmeye ve BM\u2019nin SDG hedeflerine ula\u015fmaya ili\u015fkin k\u00fcresel \u00e7abalara ger\u00e7ek bir katk\u0131 sunabiliriz.<\/em> <em>Do\u011fru taahh\u00fctler ve kararl\u0131l\u0131kla ekonomilerimizi desteklemek, \u00e7evreyi korumak ve toplumlar\u0131m\u0131z\u0131 gelecekte korumak amac\u0131yla birlikte \u00e7al\u0131\u015fabiliriz.\u201d<\/em> s\u00f6zleriyle gelece\u011fe ili\u015fkin yorumlar\u0131n\u0131 payla\u015fm\u0131\u015ft\u0131r.<\/p>\n<p>Jameel Ailesi\u2019nin ger\u00e7ekle\u015ftirdi\u011fi faaliyetlerin BM S\u00fcrd\u00fcr\u00fclebilir Kalk\u0131nma Hedeflerine nas\u0131l katk\u0131da bulundu\u011fu hakk\u0131nda daha fazla bilgi edinmek i\u00e7in <a href=\"https:\/\/jameel75.com\/sdg\">https:\/\/jameel75.com\/sdg<\/a> adresini ziyaret ederek videomuzu izleyebilir ve \u00f6zet raporu indirebilirsiniz.<\/p>\n<p>&nbsp;<\/p>\n<p><a href=\"#_ftnref1\" name=\"_ftn1\">[1]<\/a> https:\/\/www.ipcc.ch\/assessment-report\/ar6\/<\/p>\n<p><a href=\"#_ftnref2\" name=\"_ftn2\">[2]<\/a> https:\/\/unfccc.int\/process-and-meetings\/the-paris-agreement\/the-paris-agreement<\/p>\n<p><a href=\"#_ftnref3\" name=\"_ftn3\">[3]<\/a> https:\/\/sdgs.un.org\/goals\/goal13<\/p>\n<p><a href=\"#_ftnref4\" name=\"_ftn4\">[4]<\/a> https:\/\/news.un.org\/en\/story\/2020\/04\/1062332<\/p>\n<p><a href=\"#_ftnref5\" name=\"_ftn5\">[5]<\/a> https:\/\/news.un.org\/en\/story\/2020\/03\/1059061<\/p>\n<p><a href=\"#_ftnref6\" name=\"_ftn6\">[6]<\/a> https:\/\/www.ipcc.ch\/assessment-report\/ar6\/<\/p>\n<p><a href=\"#_ftnref7\" name=\"_ftn7\">[7]<\/a> <u>Summary Progress Update 2021: SDG 6 \u2014 water and sanitation for all<\/u>, Birle\u015fmi\u015f Milletler, 21 \u015eubat 2021<\/p>\n","protected":false},"author":18,"featured_media":93175,"template":"","tags":[],"acf":[],"yoast_head":"<!-- This site is optimized with the Yoast SEO plugin v21.5 - https:\/\/yoast.com\/wordpress\/plugins\/seo\/ -->\n<title>\u0130klim De\u011fi\u015fikli\u011fi ile M\u00fccadele | Abdul Latif Jameel\u00ae<\/title>\n<meta name=\"description\" content=\"Jameel Ailesinin iklim de\u011fi\u015fikli\u011fi ile m\u00fccadele taahh\u00fcd\u00fc, BM S\u00fcrd\u00fcr\u00fclebilir Kalk\u0131nma Hedefi 13: \u0130klim Eylem Plan\u0131 ile uyumlu. Devam\u0131n\u0131 Oku.\" \/>\n<meta name=\"robots\" content=\"index, follow, max-snippet:-1, max-image-preview:large, max-video-preview:-1\" \/>\n<link rel=\"canonical\" href=\"https:\/\/alj.com\/tr\/perspective\/time-for-action\/\" \/>\n<meta property=\"og:locale\" content=\"tr_TR\" \/>\n<meta property=\"og:type\" content=\"article\" \/>\n<meta property=\"og:title\" content=\"\u0130klim De\u011fi\u015fikli\u011fi ile M\u00fccadele | Abdul Latif Jameel\u00ae\" \/>\n<meta property=\"og:description\" content=\"Jameel Ailesinin iklim de\u011fi\u015fikli\u011fi ile m\u00fccadele taahh\u00fcd\u00fc, BM S\u00fcrd\u00fcr\u00fclebilir Kalk\u0131nma Hedefi 13: \u0130klim Eylem Plan\u0131 ile uyumlu. Devam\u0131n\u0131 Oku.\" \/>\n<meta property=\"og:url\" content=\"https:\/\/alj.com\/tr\/perspective\/time-for-action\/\" \/>\n<meta property=\"og:site_name\" content=\"Abdul Latif Jameel\" \/>\n<meta property=\"article:publisher\" content=\"https:\/\/www.facebook.com\/Abdul.Latif.Jameel.Official\" \/>\n<meta property=\"article:modified_time\" content=\"2022-04-06T10:01:17+00:00\" \/>\n<meta property=\"og:image\" content=\"https:\/\/media.alj.com\/app\/uploads\/2021\/10\/Polar-Bear.jpg\" \/>\n\t<meta property=\"og:image:width\" content=\"662\" \/>\n\t<meta property=\"og:image:height\" content=\"404\" \/>\n\t<meta property=\"og:image:type\" content=\"image\/jpeg\" \/>\n<meta name=\"twitter:card\" content=\"summary_large_image\" \/>\n<meta name=\"twitter:label1\" content=\"Est. reading time\" \/>\n\t<meta name=\"twitter:data1\" content=\"14 minutes\" \/>\n<script type=\"application\/ld+json\" class=\"yoast-schema-graph\">{\"@context\":\"https:\/\/schema.org\",\"@graph\":[{\"@type\":\"WebPage\",\"@id\":\"https:\/\/alj.com\/tr\/perspective\/time-for-action\/\",\"url\":\"https:\/\/alj.com\/tr\/perspective\/time-for-action\/\",\"name\":\"\u0130klim De\u011fi\u015fikli\u011fi ile M\u00fccadele | Abdul Latif Jameel\u00ae\",\"isPartOf\":{\"@id\":\"https:\/\/alj.com\/en\/#website\"},\"datePublished\":\"2021-10-19T07:07:04+00:00\",\"dateModified\":\"2022-04-06T10:01:17+00:00\",\"description\":\"Jameel Ailesinin iklim de\u011fi\u015fikli\u011fi ile m\u00fccadele taahh\u00fcd\u00fc, BM S\u00fcrd\u00fcr\u00fclebilir Kalk\u0131nma Hedefi 13: \u0130klim Eylem Plan\u0131 ile uyumlu. Devam\u0131n\u0131 Oku.\",\"breadcrumb\":{\"@id\":\"https:\/\/alj.com\/tr\/perspective\/time-for-action\/#breadcrumb\"},\"inLanguage\":\"tr\",\"potentialAction\":[{\"@type\":\"ReadAction\",\"target\":[\"https:\/\/alj.com\/tr\/perspective\/time-for-action\/\"]}]},{\"@type\":\"BreadcrumbList\",\"@id\":\"https:\/\/alj.com\/tr\/perspective\/time-for-action\/#breadcrumb\",\"itemListElement\":[{\"@type\":\"ListItem\",\"position\":1,\"name\":\"Home\",\"item\":\"https:\/\/alj.com\/tr\/\"},{\"@type\":\"ListItem\",\"position\":2,\"name\":\"Perspectives\",\"item\":\"https:\/\/alj.com\/ja\/perspective\/\"},{\"@type\":\"ListItem\",\"position\":3,\"name\":\"Harekete ge\u00e7me zaman\u0131\"}]},{\"@type\":\"WebSite\",\"@id\":\"https:\/\/alj.com\/en\/#website\",\"url\":\"https:\/\/alj.com\/en\/\",\"name\":\"Abdul Latif Jameel\",\"description\":\"Abdul Latif Jameel\",\"potentialAction\":[{\"@type\":\"SearchAction\",\"target\":{\"@type\":\"EntryPoint\",\"urlTemplate\":\"https:\/\/alj.com\/en\/?s={search_term_string}\"},\"query-input\":\"required name=search_term_string\"}],\"inLanguage\":\"tr\"}]}<\/script>\n<!-- \/ Yoast SEO plugin. -->","yoast_head_json":{"title":"\u0130klim De\u011fi\u015fikli\u011fi ile M\u00fccadele | Abdul Latif Jameel\u00ae","description":"Jameel Ailesinin iklim de\u011fi\u015fikli\u011fi ile m\u00fccadele taahh\u00fcd\u00fc, BM S\u00fcrd\u00fcr\u00fclebilir Kalk\u0131nma Hedefi 13: \u0130klim Eylem Plan\u0131 ile uyumlu. Devam\u0131n\u0131 Oku.","robots":{"index":"index","follow":"follow","max-snippet":"max-snippet:-1","max-image-preview":"max-image-preview:large","max-video-preview":"max-video-preview:-1"},"canonical":"https:\/\/alj.com\/tr\/perspective\/time-for-action\/","og_locale":"tr_TR","og_type":"article","og_title":"\u0130klim De\u011fi\u015fikli\u011fi ile M\u00fccadele | Abdul Latif Jameel\u00ae","og_description":"Jameel Ailesinin iklim de\u011fi\u015fikli\u011fi ile m\u00fccadele taahh\u00fcd\u00fc, BM S\u00fcrd\u00fcr\u00fclebilir Kalk\u0131nma Hedefi 13: \u0130klim Eylem Plan\u0131 ile uyumlu. Devam\u0131n\u0131 Oku.","og_url":"https:\/\/alj.com\/tr\/perspective\/time-for-action\/","og_site_name":"Abdul Latif Jameel","article_publisher":"https:\/\/www.facebook.com\/Abdul.Latif.Jameel.Official","article_modified_time":"2022-04-06T10:01:17+00:00","og_image":[{"width":662,"height":404,"url":"https:\/\/media.alj.com\/app\/uploads\/2021\/10\/Polar-Bear.jpg","type":"image\/jpeg"}],"twitter_card":"summary_large_image","twitter_misc":{"Est. reading time":"14 minutes"},"schema":{"@context":"https:\/\/schema.org","@graph":[{"@type":"WebPage","@id":"https:\/\/alj.com\/tr\/perspective\/time-for-action\/","url":"https:\/\/alj.com\/tr\/perspective\/time-for-action\/","name":"\u0130klim De\u011fi\u015fikli\u011fi ile M\u00fccadele | Abdul Latif Jameel\u00ae","isPartOf":{"@id":"https:\/\/alj.com\/en\/#website"},"datePublished":"2021-10-19T07:07:04+00:00","dateModified":"2022-04-06T10:01:17+00:00","description":"Jameel Ailesinin iklim de\u011fi\u015fikli\u011fi ile m\u00fccadele taahh\u00fcd\u00fc, BM S\u00fcrd\u00fcr\u00fclebilir Kalk\u0131nma Hedefi 13: \u0130klim Eylem Plan\u0131 ile uyumlu. Devam\u0131n\u0131 Oku.","breadcrumb":{"@id":"https:\/\/alj.com\/tr\/perspective\/time-for-action\/#breadcrumb"},"inLanguage":"tr","potentialAction":[{"@type":"ReadAction","target":["https:\/\/alj.com\/tr\/perspective\/time-for-action\/"]}]},{"@type":"BreadcrumbList","@id":"https:\/\/alj.com\/tr\/perspective\/time-for-action\/#breadcrumb","itemListElement":[{"@type":"ListItem","position":1,"name":"Home","item":"https:\/\/alj.com\/tr\/"},{"@type":"ListItem","position":2,"name":"Perspectives","item":"https:\/\/alj.com\/ja\/perspective\/"},{"@type":"ListItem","position":3,"name":"Harekete ge\u00e7me zaman\u0131"}]},{"@type":"WebSite","@id":"https:\/\/alj.com\/en\/#website","url":"https:\/\/alj.com\/en\/","name":"Abdul Latif Jameel","description":"Abdul Latif Jameel","potentialAction":[{"@type":"SearchAction","target":{"@type":"EntryPoint","urlTemplate":"https:\/\/alj.com\/en\/?s={search_term_string}"},"query-input":"required name=search_term_string"}],"inLanguage":"tr"}]}},"post-meta-fields":{"_alp_processed":["1635161081"],"_wpml_word_count":["{\"total\":2691,\"to_translate\":{\"ar\":2691,\"zh-hans\":2691,\"fr\":2691,\"ja\":2691,\"es\":2691,\"tr\":2691}}"],"push_notification":["no"],"_push_notification":["field_5c3b1fb67034d"],"_wpml_media_featured":["1"],"_wpml_media_duplicate":["1"],"wpcf-featured-news":["0"],"is_latest_news":["0"],"wpcf-show-news-at-homepage":["1"],"publish_mobile":[""],"_publish_mobile":["field_5bfa8eb2e65cf"],"mobile_featured_image":["https:\/\/media.alj.com\/app\/uploads\/2021\/10\/Polar-Bear.jpg"],"_mobile_featured_image":["field_5c3b204983dea"],"content_series_applied":["a:1:{i:0;s:5:\"90814\";}"],"_content_series_applied":["field_60f3d3faf82ac"],"_bsf_post_type":["0"],"_bsf_item_review_type":["none"],"_yoast_wpseo_content_score":["30"],"_yoast_wpseo_estimated-reading-time-minutes":["14"],"perspective_short_title":["Harekete ge\u00e7me zaman\u0131"],"perspective_summury":["<p>Jameel Ailesinin iklim de\u011fi\u015fikli\u011fi ile m\u00fccadele taahh\u00fcd\u00fc, BM S\u00fcrd\u00fcr\u00fclebilir Kalk\u0131nma Hedefi 13: \u0130klim Eylem Plan\u0131 ile uyumlu<\/p>\n"],"perspective_location":["Dubai, BAE"],"_yoast_wpseo_title":["\u0130klim De\u011fi\u015fikli\u011fi ile M\u00fccadele | Abdul Latif Jameel\u00ae"],"_yoast_wpseo_metadesc":["Jameel Ailesinin iklim de\u011fi\u015fikli\u011fi ile m\u00fccadele taahh\u00fcd\u00fc, BM S\u00fcrd\u00fcr\u00fclebilir Kalk\u0131nma Hedefi 13: \u0130klim Eylem Plan\u0131 ile uyumlu. Devam\u0131n\u0131 Oku."],"_wp_old_date":["2021-10-18"],"_thumbnail_id":["93175"],"_edit_lock":["1649239322:25"],"_edit_last":["25"],"_last_translation_edit_mode":["native-editor"],"wpcf-perspective-published-date":["1634601600"],"perspective_business_sector":["\u015eirket"],"featured_on_listing_page":["0"],"_featured_on_listing_page":["field_62458ea7383c3"],"wpcf-perspective-downloadable_file":[""],"wpcf-card-image":[""],"_wpcf-card-image-sort-order":["a:1:{i:0;i:1135482;}"],"wpcf-video-description":[""],"wpcf-layoutvideourl":[""],"wpcf-video-thumb":[""],"wpcf-social4-svg":[""],"wpcf-social4-background-image":[""],"wpcf-social4-text":[""],"wpcf-social4-url":[""],"wpcf-social3-svg":[""],"wpcf-social3-background-image":[""],"wpcf-social3-text":[""],"wpcf-social3-url":[""],"wpcf-social-text-svg-square":[""],"wpcf-social-text-image-square":[""],"wpcf-social-text-text-square":[""],"wpcf-social-text-url-square":[""],"wpcf-social2-svg":[""],"wpcf-social2-background-image":[""],"wpcf-social2-text":[""],"wpcf-social2-url":[""],"wpcf-social-svg-square":[""],"wpcf-social-image-square":[""],"wpcf-social-text-square":[""],"wpcf-social-url-square":[""],"wpcf-social1-svg":[""],"wpcf-social1-background-image":[""],"wpcf-social1-text":[""],"wpcf-social1-url":[""],"wpcf-quotes-with-auther-text-1":[""],"wpcf-card_article_with_title_content":[""],"wpcf-card_article_content":["<p>write your content<\/p>"],"wpcf-quotes-with-auther-text":[""]},"_links":{"self":[{"href":"https:\/\/alj.com\/tr\/wp-json\/wp\/v2\/perspective\/93333"}],"collection":[{"href":"https:\/\/alj.com\/tr\/wp-json\/wp\/v2\/perspective"}],"about":[{"href":"https:\/\/alj.com\/tr\/wp-json\/wp\/v2\/types\/perspective"}],"author":[{"embeddable":true,"href":"https:\/\/alj.com\/tr\/wp-json\/wp\/v2\/users\/18"}],"wp:featuredmedia":[{"embeddable":true,"href":"https:\/\/alj.com\/tr\/wp-json\/wp\/v2\/media\/93175"}],"wp:attachment":[{"href":"https:\/\/alj.com\/tr\/wp-json\/wp\/v2\/media?parent=93333"}],"wp:term":[{"taxonomy":"post_tag","embeddable":true,"href":"https:\/\/alj.com\/tr\/wp-json\/wp\/v2\/tags?post=93333"}],"curies":[{"name":"wp","href":"https:\/\/api.w.org\/{rel}","templated":true}]}}